{"id":149594,"date":"2026-09-04T05:11:54","date_gmt":"2026-09-04T05:11:54","guid":{"rendered":"https:\/\/iwell-guard.com\/?page_id=149594"},"modified":"2026-09-04T05:27:27","modified_gmt":"2026-09-04T05:27:27","slug":"senkovni-rad","status":"publish","type":"page","link":"https:\/\/iwell-guard.com\/hr\/senkovni-rad\/","title":{"rendered":"Schattenarbeit"},"content":{"rendered":"\t\t<div data-elementor-type=\"wp-page\" data-elementor-id=\"149594\" class=\"elementor elementor-149594 elementor-2186 elementor-bc-flex-widget\" data-elementor-post-type=\"page\">\n\t\t\t\t<div class=\"elementor-element elementor-element-10fdade e-flex e-con-boxed e-con e-parent\" data-id=\"10fdade\" data-element_type=\"container\" data-e-type=\"container\" data-settings=\"{&quot;background_background&quot;:&quot;classic&quot;}\">\n\t\t\t\t\t<div class=\"e-con-inner\">\n\t\t<div class=\"elementor-element elementor-element-herohlft0 e-flex e-con-boxed e-con e-child\" data-id=\"herohlft0\" data-element_type=\"container\" data-e-type=\"container\">\n\t\t\t\t\t<div class=\"e-con-inner\">\n\t\t<div class=\"elementor-element elementor-element-c3ceb64 e-con-full e-flex e-con e-child\" data-id=\"c3ceb64\" data-element_type=\"container\" data-e-type=\"container\">\n\t\t\t\t<div class=\"elementor-element elementor-element-96ae5e1 elementor-widget elementor-widget-heading\" data-id=\"96ae5e1\" data-element_type=\"widget\" data-e-type=\"widget\" data-widget_type=\"heading.default\">\n\t\t\t\t\t<h1 class=\"elementor-heading-title elementor-size-default\">Schattenarbeit, bi\u0107e svjetlosti, New Age<\/h1>\t\t\t\t<\/div>\n\t\t\t\t<div class=\"elementor-element elementor-element-e45238a elementor-widget elementor-widget-text-editor\" data-id=\"e45238a\" data-element_type=\"widget\" data-e-type=\"widget\" data-widget_type=\"text-editor.default\">\n\t\t\t\t\t\t\t\t\t<p>Schattenarbeit je u jungovskoj dubinskoj psihologiji i suvremenim ezoteri\u010dnim adaptacijama psiholo\u0161ki i duhovni proces integracije nesvjesnih, potisnutih ili odba\u010denih aspekata jastva. Religijskoznanstveno se radi o psihologiziranoj demonologiji: unutarnja natprirodnost umjesto vanjskog entiteta.<\/p>\t\t\t\t\t\t\t\t<\/div>\n\t\t\t\t<\/div>\n\t\t<div class=\"elementor-element elementor-element-klsbdg01 e-con-full e-flex e-con e-parent\" data-id=\"klsbdg01\" data-element_type=\"container\" data-e-type=\"container\">\n\t\t\t\t<div class=\"elementor-element elementor-element-klshtm01 elementor-widget elementor-widget-html\" data-id=\"klshtm01\" data-element_type=\"widget\" data-e-type=\"widget\" data-widget_type=\"html.default\">\n\t\t\t\t\t<div class=\"iwg-pill-row\"><span class=\"iwg-klasse-badge\" tabindex=\"0\" data-tooltip=\"Praksa: ritualna, magijska ili duhovna radnja s odre\u0111enim ciljem, za\u0161titom, \u0161tetom, ljubavnim djelovanjem, uspostavom kontakta s bi\u0107ima ili kosmi\u010dkim informacijskim poljima. Religijsko-povijesno dokumentirano od bronzanog doba.\">Praksa<\/span><span class=\"iwg-kultur-badge\" tabindex=\"0\" data-tooltip=\"Kulturno sveprisutna pojava, potvr\u0111ena u vi\u0161e kultura sa srodnim strukturama.\">Sveprisutno<\/span><\/div>\t\t\t\t<\/div>\n\t\t\t\t<\/div>\n\t\t<div class=\"elementor-element elementor-element-3f74855 e-con-full e-flex e-con e-child\" data-id=\"3f74855\" data-element_type=\"container\" data-e-type=\"container\">\n\t\t\t\t<div class=\"elementor-element elementor-element-1c30362 elementor-toc--minimized-on-tablet elementor-widget elementor-widget-table-of-contents\" data-id=\"1c30362\" data-element_type=\"widget\" data-e-type=\"widget\" data-settings=\"{&quot;exclude_headings_by_selector&quot;:[],&quot;no_headings_message&quot;:&quot;Na ovoj stranici nisu prona\\u0111eni naslovi.&quot;,&quot;headings_by_tags&quot;:[&quot;h2&quot;,&quot;h3&quot;],&quot;marker_view&quot;:&quot;bullets&quot;,&quot;minimize_box&quot;:&quot;yes&quot;,&quot;icon&quot;:{&quot;value&quot;:&quot;fas fa-circle&quot;,&quot;library&quot;:&quot;fa-solid&quot;,&quot;rendered_tag&quot;:&quot;&lt;svg class=\\&quot;e-font-icon-svg e-fas-circle\\&quot; viewBox=\\&quot;0 0 512 512\\&quot; xmlns=\\&quot;http:\\\/\\\/www.w3.org\\\/2000\\\/svg\\&quot;&gt;&lt;path d=\\&quot;M256 8C119 8 8 119 8 256s111 248 248 248 248-111 248-248S393 8 256 8z\\&quot;&gt;&lt;\\\/path&gt;&lt;\\\/svg&gt;&quot;},&quot;minimized_on&quot;:&quot;tablet&quot;,&quot;hierarchical_view&quot;:&quot;yes&quot;,&quot;min_height&quot;:{&quot;unit&quot;:&quot;px&quot;,&quot;size&quot;:&quot;&quot;,&quot;sizes&quot;:[]},&quot;min_height_tablet&quot;:{&quot;unit&quot;:&quot;px&quot;,&quot;size&quot;:&quot;&quot;,&quot;sizes&quot;:[]},&quot;min_height_mobile&quot;:{&quot;unit&quot;:&quot;px&quot;,&quot;size&quot;:&quot;&quot;,&quot;sizes&quot;:[]}}\" data-widget_type=\"table-of-contents.default\">\n\t\t\t\t\t\t\t\t\t<div class=\"elementor-toc__header\">\n\t\t\t\t\t\t<h2 class=\"elementor-toc__header-title\">\n\t\t\t\tSadr\u017eaj\t\t\t<\/h2>\n\t\t\t\t\t\t\t\t\t\t<div class=\"elementor-toc__toggle-button elementor-toc__toggle-button--expand\" role=\"button\" tabindex=\"0\" aria-controls=\"elementor-toc__1c30362\" aria-expanded=\"true\" aria-label=\"Open table of contents\"><svg aria-hidden=\"true\" class=\"e-font-icon-svg e-fas-chevron-down\" viewBox=\"0 0 448 512\" xmlns=\"http:\/\/www.w3.org\/2000\/svg\"><path d=\"M207.029 381.476L12.686 187.132c-9.373-9.373-9.373-24.569 0-33.941l22.667-22.667c9.357-9.357 24.522-9.375 33.901-.04L224 284.505l154.745-154.021c9.379-9.335 24.544-9.317 33.901.04l22.667 22.667c9.373 9.373 9.373 24.569 0 33.941L240.971 381.476c-9.373 9.372-24.569 9.372-33.942 0z\"><\/path><\/svg><\/div>\n\t\t\t\t<div class=\"elementor-toc__toggle-button elementor-toc__toggle-button--collapse\" role=\"button\" tabindex=\"0\" aria-controls=\"elementor-toc__1c30362\" aria-expanded=\"true\" aria-label=\"Close table of contents\"><svg aria-hidden=\"true\" class=\"e-font-icon-svg e-fas-chevron-up\" viewBox=\"0 0 448 512\" xmlns=\"http:\/\/www.w3.org\/2000\/svg\"><path d=\"M240.971 130.524l194.343 194.343c9.373 9.373 9.373 24.569 0 33.941l-22.667 22.667c-9.357 9.357-24.522 9.375-33.901.04L224 227.495 69.255 381.516c-9.379 9.335-24.544 9.317-33.901-.04l-22.667-22.667c-9.373-9.373-9.373-24.569 0-33.941L207.03 130.525c9.372-9.373 24.568-9.373 33.941-.001z\"><\/path><\/svg><\/div>\n\t\t\t\t\t<\/div>\n\t\t\t\t<div id=\"elementor-toc__1c30362\" class=\"elementor-toc__body\">\n\t\t\t<div class=\"elementor-toc__spinner-container\">\n\t\t\t\t<svg class=\"elementor-toc__spinner eicon-animation-spin e-font-icon-svg e-eicon-loading\" aria-hidden=\"true\" viewBox=\"0 0 1000 1000\" xmlns=\"http:\/\/www.w3.org\/2000\/svg\"><path d=\"M500 975V858C696 858 858 696 858 500S696 142 500 142 142 304 142 500H25C25 237 238 25 500 25S975 237 975 500 763 975 500 975Z\"><\/path><\/svg>\t\t\t<\/div>\n\t\t<\/div>\n\t\t\t\t\t\t<\/div>\n\t\t\t\t<\/div>\n\t\t\t\t\t<\/div>\n\t\t\t\t<\/div>\n\t\t<div class=\"elementor-element elementor-element-herorght0 e-con-full e-flex e-con e-child\" data-id=\"herorght0\" data-element_type=\"container\" data-e-type=\"container\">\n\t\t\t\t<div class=\"elementor-element elementor-element-heroimg00 iwg-hero-image elementor-widget elementor-widget-image\" data-id=\"heroimg00\" data-element_type=\"widget\" data-e-type=\"widget\" data-widget_type=\"image.default\">\n\t\t\t\t\t\t\t\t\t\t\t\t\t\t\t<img fetchpriority=\"high\" decoding=\"async\" width=\"683\" height=\"1024\" src=\"https:\/\/iwell-guard.com\/wp-content\/uploads\/2026\/04\/lichtwesen_new-age-683x1024.webp\" class=\"attachment-large size-large wp-image-151662\" alt=\"New Age \u2013 ilustracija bi\u0107a svjetlosti obasjanog svjetlom\" srcset=\"https:\/\/iwell-guard.com\/wp-content\/uploads\/2026\/04\/lichtwesen_new-age-683x1024.webp 683w, https:\/\/iwell-guard.com\/wp-content\/uploads\/2026\/04\/lichtwesen_new-age-200x300.webp 200w, https:\/\/iwell-guard.com\/wp-content\/uploads\/2026\/04\/lichtwesen_new-age-768x1152.webp 768w, https:\/\/iwell-guard.com\/wp-content\/uploads\/2026\/04\/lichtwesen_new-age.webp 1024w\" sizes=\"(max-width: 683px) 100vw, 683px\" \/>\t\t\t\t\t\t\t\t\t\t\t\t\t\t\t<\/div>\n\t\t\t\t<\/div>\n\t\t\t\t\t<\/div>\n\t\t\t\t<\/div>\n\t\t<div class=\"elementor-element elementor-element-32917199 e-flex e-con-boxed e-con e-parent\" data-id=\"32917199\" data-element_type=\"container\" data-e-type=\"container\">\n\t\t\t\t\t<div class=\"e-con-inner\">\n\t\t<div class=\"elementor-element elementor-element-26e916cb e-flex e-con-boxed e-con e-child\" data-id=\"26e916cb\" data-element_type=\"container\" data-e-type=\"container\">\n\t\t\t\t\t<div class=\"e-con-inner\">\n\t\t<div class=\"elementor-element elementor-element-253a40d4 e-flex e-con-boxed e-con e-child\" data-id=\"253a40d4\" data-element_type=\"container\" data-e-type=\"container\">\n\t\t\t\t\t<div class=\"e-con-inner\">\n\t\t\t\t<div class=\"elementor-element elementor-element-1200c304 elementor-widget elementor-widget-heading\" data-id=\"1200c304\" data-element_type=\"widget\" data-e-type=\"widget\" data-widget_type=\"heading.default\">\n\t\t\t\t\t<h2 class=\"elementor-heading-title elementor-size-default\">Schattenarbeit<\/h2>\t\t\t\t<\/div>\n\t\t\t\t<div class=\"elementor-element elementor-element-11758e7f elementor-widget elementor-widget-text-editor\" data-id=\"11758e7f\" data-element_type=\"widget\" data-e-type=\"widget\" data-widget_type=\"text-editor.default\">\n\t\t\t\t\t\t\t\t\t<p>Schattenarbeit ozna\u010dava svjesno suo\u010davanje sa \u201esjenom\u201d, potisnutim nagonima, odba\u010denim osobinama li\u010dnosti i nesvjesnim kompleksima. Jung je sjenu opisivao kao \u201edrugo ja\u201d koje pori\u010demo. Sredi\u0161nji mitovi i prakse: analiza snova, aktivna imaginacija (dijalog s nesvjesnim likovima), integracija traume, promi\u0161ljanje uzoraka pona\u0161anja. Funkcionalno, Schattenarbeit zamjenjuje tradicionalno protjerivanje demona unutarnjom psihodramom i integracijom umjesto odbijanja napada.<\/p>\t\t\t\t\t\t\t\t<\/div>\n\t\t\t\t\t<\/div>\n\t\t\t\t<\/div>\n\t\t<div class=\"elementor-element elementor-element-159dcf9a e-flex e-con-boxed e-con e-child\" data-id=\"159dcf9a\" data-element_type=\"container\" data-e-type=\"container\">\n\t\t\t\t\t<div class=\"e-con-inner\">\n\t\t\t\t<div class=\"elementor-element elementor-element-48cee66f elementor-widget elementor-widget-heading\" data-id=\"48cee66f\" data-element_type=\"widget\" data-e-type=\"widget\" data-widget_type=\"heading.default\">\n\t\t\t\t\t<h2 class=\"elementor-heading-title elementor-size-default\">Ukratko: Schattenarbeit<\/h2>\t\t\t\t<\/div>\n\t\t\t\t<div class=\"elementor-element elementor-element-3f50d82c elementor-widget elementor-widget-text-editor\" data-id=\"3f50d82c\" data-element_type=\"widget\" data-e-type=\"widget\" data-widget_type=\"text-editor.default\">\n\t\t\t\t\t\t\t\t\t<p><span data-nosnippet>Schattenarbeit se temelji na djelima <span class=\"iwg-fachbegriff\" tabindex=\"0\" data-tooltip=\"\u0160vicarski dubinski psiholog (1875\u20131961); osniva\u010d analiti\u010dke psihologije.\">Carla Gustava Junga<\/span>, njegovom sabranom izdanju (Collected Works, sv. 6, 9, Psyche and <span class=\"iwg-fachbegriff\" data-tooltip=\"Znak koji predstavlja ideju ili zna\u010denje.\" tabindex=\"0\">Symbol<\/span>; posebno Psychology and Alchemy, 1944; Aion, 1951). Klju\u010dna sekundarna literatura: Erich Neumann (The Origins and History of Consciousness, 1954), Robert Johnson (Owning Your Own Shadow, 1991), James Hillman (Re-visioning Psychology, 1975).<\/span><\/p><p>Rasprostranjenost: jungovska psihologija (klini\u010dari, edukatori), New Age duhovnost, psiholo\u0161ka popularna literatura. Stanje istra\u017eivanja: Murray Stein (Jung&#8217;s Map of the Soul), Giovanni Sorcinelli (Jung and the Shadow), Paul Kugler (The Alchemy of the Self).<\/p>\t\t\t\t\t\t\t\t<\/div>\n\t\t\t\t\t<\/div>\n\t\t\t\t<\/div>\n\t\t\t\t\t<\/div>\n\t\t\t\t<\/div>\n\t\t\t\t\t<\/div>\n\t\t\t\t<\/div>\n\t\t<div class=\"elementor-element elementor-element-18613602 e-flex e-con-boxed e-con e-parent\" data-id=\"18613602\" data-element_type=\"container\" data-e-type=\"container\">\n\t\t\t\t\t<div class=\"e-con-inner\">\n\t\t\t\t<div class=\"elementor-element elementor-element-262b8a9f elementor-widget elementor-widget-heading\" data-id=\"262b8a9f\" data-element_type=\"widget\" data-e-type=\"widget\" data-widget_type=\"heading.default\">\n\t\t\t\t\t<h2 class=\"elementor-heading-title elementor-size-default\">Kontekst<\/h2>\t\t\t\t<\/div>\n\t\t<div class=\"elementor-element elementor-element-46dcb7d e-con-full e-flex e-con e-child\" data-id=\"46dcb7d\" data-element_type=\"container\" data-e-type=\"container\">\n\t\t<div class=\"elementor-element elementor-element-61d3ab3 e-flex e-con-boxed e-con e-child\" data-id=\"61d3ab3\" data-element_type=\"container\" data-e-type=\"container\">\n\t\t\t\t\t<div class=\"e-con-inner\">\n\t\t\t\t<div class=\"elementor-element elementor-element-117c166 elementor-widget elementor-widget-heading\" data-id=\"117c166\" data-element_type=\"widget\" data-e-type=\"widget\" data-widget_type=\"heading.default\">\n\t\t\t\t\t<div class=\"elementor-heading-title elementor-size-default\">Zeitraum der Texte<\/div>\t\t\t\t<\/div>\n\t\t\t\t<div class=\"elementor-element elementor-element-73997a0 elementor-widget elementor-widget-text-editor\" data-id=\"73997a0\" data-element_type=\"widget\" data-e-type=\"widget\" data-widget_type=\"text-editor.default\">\n\t\t\t\t\t\t\t\t\t<p>Pisana <span class=\"iwg-fachbegriff\" data-tooltip=\"Preno\u0161enje znanja i pri\u010da kroz generacije.\" tabindex=\"0\">predaja<\/span> o Schattenarbeit-u se\u017ee nekoliko stolje\u0107a u pro\u0161lost, vrlo vjerojatno uz jo\u0161 starije usmene tradicije koje su joj prethodile. Pripadnici New Agea \u010duvali su ovaj koncept kroz izrazito duga razdoblja i pa\u017eljivo ga prenosili s generacije na generaciju, \u0161to upu\u0107uje na njegovu sredi\u0161nju religijsku i kulturnu va\u017enost.<\/p><p>Povijest Schattenarbeit-a obuhva\u0107a tek otprilike jedno stolje\u0107e. Jung je pojam sjene skovao u prvoj polovici 20. stolje\u0107a, a pokret ljudskog potencijala (Human Potential Movement) i autori kao Robert A. Johnson ili Debbie Ford u\u010dinili su ga dostupnim \u0161irokoj publici od 1970-ih i 1990-ih godina. U 2020-ima Schattenarbeit se ponovno pro\u0161irio putem dru\u0161tvenih mre\u017ea, primjerice u obliku predlo\u017eaka za vo\u0111enje dnevnika s zadanim pitanjima. Jungovska jezgra pri tome je jo\u0161 prepoznatljiva, ali \u010desto znatno pojednostavljena.<\/p>\t\t\t\t\t\t\t\t<\/div>\n\t\t\t\t\t<\/div>\n\t\t\t\t<\/div>\n\t\t<div class=\"elementor-element elementor-element-d47b156 e-flex e-con-boxed e-con e-child\" data-id=\"d47b156\" data-element_type=\"container\" data-e-type=\"container\">\n\t\t\t\t\t<div class=\"e-con-inner\">\n\t\t\t\t<div class=\"elementor-element elementor-element-ff38c2b elementor-widget elementor-widget-heading\" data-id=\"ff38c2b\" data-element_type=\"widget\" data-e-type=\"widget\" data-widget_type=\"heading.default\">\n\t\t\t\t\t<div class=\"elementor-heading-title elementor-size-default\">Verbreitungsraum<\/div>\t\t\t\t<\/div>\n\t\t\t\t<div class=\"elementor-element elementor-element-4e49fcc elementor-widget elementor-widget-text-editor\" data-id=\"4e49fcc\" data-element_type=\"widget\" data-e-type=\"widget\" data-widget_type=\"text-editor.default\">\n\t\t\t\t\t\t\t\t\t<p>Schattenarbeit nije bio ograni\u010den na odre\u0111enu regiju ili lokaciju, ve\u0107 je bio univerzalno poznat i po\u0161tovan ili s po\u0161tovanjem strahovan u \u010ditavom svijetu New Agea. Bilo u velikim urbanim centrima ili u perifernim ruralnim podru\u010djima, bilo me\u0111u dru\u0161tvenom elitom ili obi\u010dnim narodom, duhovna ili kulturna va\u017enost ovog koncepta bila je dosljedno prepoznata i univerzalna.<\/p><p>Schattenarbeit nikada nije bio vezan za jedan narod ili regiju, \u0161irio se kanalima moderne psihologijske i samopomo\u0107ne kulture. Iz Jungove cirih\u0161ke \u0161kole pojam sjene dospio je preko prijevoda i ameri\u010dkog pokreta ljudskog potencijala na me\u0111unarodno tr\u017ei\u0161te knjiga, a potom u seminare, podcaste i dru\u0161tvene mre\u017ee. Ti zajedni\u010dki izvori obja\u0161njavaju za\u0161to su oblici vje\u017ebanja, poput pitanja za dnevnik ili meditacija unutarnjeg djeteta, \u0161irom svijeta me\u0111usobno tako sli\u010dni.<\/p>\t\t\t\t\t\t\t\t<\/div>\n\t\t\t\t\t<\/div>\n\t\t\t\t<\/div>\n\t\t\t\t<\/div>\n\t\t<div class=\"elementor-element elementor-element-db03c39 e-con-full e-flex e-con e-child\" data-id=\"db03c39\" data-element_type=\"container\" data-e-type=\"container\">\n\t\t<div class=\"elementor-element elementor-element-229a87b e-flex e-con-boxed e-con e-child\" data-id=\"229a87b\" data-element_type=\"container\" data-e-type=\"container\">\n\t\t\t\t\t<div class=\"e-con-inner\">\n\t\t\t\t<div class=\"elementor-element elementor-element-1f471fc elementor-widget elementor-widget-heading\" data-id=\"1f471fc\" data-element_type=\"widget\" data-e-type=\"widget\" data-widget_type=\"heading.default\">\n\t\t\t\t\t<div class=\"elementor-heading-title elementor-size-default\">Quellenlage<\/div>\t\t\t\t<\/div>\n\t\t\t\t<div class=\"elementor-element elementor-element-36b1201 elementor-widget elementor-widget-text-editor\" data-id=\"36b1201\" data-element_type=\"widget\" data-e-type=\"widget\" data-widget_type=\"text-editor.default\">\n\t\t\t\t\t\t\t\t\t<p><span data-nosnippet>Primarni izvori su Jungova sabrana djela (1934, 1961, engl. Collected Works, Bollingen Series, 20 sv.), posebno Psychology and Alchemy (1944), Aion (1951), Mysterium Coniunctionis (1955). Razdoblje: 1920, 1960 (Jungovo istra\u017eivanje), potom popularizacija od 1970. do danas.<\/span><\/p><p><span data-nosnippet>Jezi\u010dno podru\u010dje: njema\u010dki (Jung), potom engleski (akademski\/popularno). Geografski: Z\u00fcrich (Jungov institut, osnovan 1948.), potom globalna psihoterapijska struka. Istra\u017eiva\u010di: Erich Neumann, James Hillman, Robert Moore, James Hollis (The Eden Project, Mythopoeic Men). Teorija je akademski utemeljena u psihologiji, psihijatriji, <span class=\"iwg-fachbegriff\" data-tooltip=\"Zbirni pojam za u\u010denja koja pola\u017eu pravo na skriveno znanje dostupno samo upu\u0107enima.\" tabindex=\"0\">ezoteriji<\/span>.<\/span><\/p>\t\t\t\t\t\t\t\t<\/div>\n\t\t\t\t\t<\/div>\n\t\t\t\t<\/div>\n\t\t\t\t<\/div>\n\t\t\t\t\t<\/div>\n\t\t\t\t<\/div>\n\t\t<div class=\"elementor-element elementor-element-3ae0637c e-flex e-con-boxed e-con e-parent\" data-id=\"3ae0637c\" data-element_type=\"container\" data-e-type=\"container\">\n\t\t\t\t\t<div class=\"e-con-inner\">\n\t\t\t\t<div class=\"elementor-element elementor-element-31d07739 elementor-widget elementor-widget-heading\" data-id=\"31d07739\" data-element_type=\"widget\" data-e-type=\"widget\" data-widget_type=\"heading.default\">\n\t\t\t\t\t<h2 class=\"elementor-heading-title elementor-size-default\">Naziv<\/h2>\t\t\t\t<\/div>\n\t\t<div class=\"elementor-element elementor-element-b7642947 e-con-full e-flex e-con e-child\" data-id=\"b7642947\" data-element_type=\"container\" data-e-type=\"container\">\n\t\t\t\t<div class=\"elementor-element elementor-element-a086266 elementor-widget elementor-widget-text-editor\" data-id=\"a086266\" data-element_type=\"widget\" data-e-type=\"widget\" data-widget_type=\"text-editor.default\">\n\t\t\t\t\t\t\t\t\t<p>Schattenarbeit se u razli\u010ditim izvorima i umjetni\u010dkim tradicijama prikazuje s odre\u0111enim ponavljaju\u0107im ikonografskim elementima koji ostaju relativno konstantni tijekom desetlje\u0107a i u razli\u010ditim geografskim podru\u010djima. Ti elementi nisu ni \u010disto dekorativni ni nasumi\u010dno odabrani: duboko su simboli\u010dki kodirani i nose veliko zna\u010denje.<\/p><p>Schattenarbeit ne poznaje svete predmete ili bo\u017eanske atribute, njegova razina zna\u010denja le\u017ei u pojmovima jungovske psihologije. Sjena ozna\u010dava potisnute i nepro\u017eivljene dijelove li\u010dnosti, uz koje stoje koncepti kao persona, projekcija i individuacija. Onaj tko je upoznat s ovim pojmovnim okvirom mo\u017ee razumjeti pojedine prakse: vo\u0111enje dnevnika kao samoopa\u017eanje, rad s unutarnjim djetetom kao pristup ranim utjecajima, analizu projekcija kao odraz vlastitih potisnutih dijelova. Jung je za to sam koristio i stru\u010dni pojam arhetip.<\/p>\t\t\t\t\t\t\t\t<\/div>\n\t\t\t\t<\/div>\n\t\t\t\t\t<\/div>\n\t\t\t\t<\/div>\n\t\t<div class=\"elementor-element elementor-element-709a44a8 e-flex e-con-boxed e-con e-parent\" data-id=\"709a44a8\" data-element_type=\"container\" data-e-type=\"container\">\n\t\t\t\t\t<div class=\"e-con-inner\">\n\t\t\t\t<div class=\"elementor-element elementor-element-2f585873 elementor-widget elementor-widget-heading\" data-id=\"2f585873\" data-element_type=\"widget\" data-e-type=\"widget\" data-widget_type=\"heading.default\">\n\t\t\t\t\t<h2 class=\"elementor-heading-title elementor-size-default\">Zna\u010dajke bi\u0107a<\/h2>\t\t\t\t<\/div>\n\t\t<div class=\"elementor-element elementor-element-70621c12 e-con-full e-flex e-con e-child\" data-id=\"70621c12\" data-element_type=\"container\" data-e-type=\"container\">\n\t\t\t\t<div class=\"elementor-element elementor-element-4296eb49 elementor-widget elementor-widget-text-editor\" data-id=\"4296eb49\" data-element_type=\"widget\" data-e-type=\"widget\" data-widget_type=\"text-editor.default\">\n\t\t\t\t\t\t\t\t\t<p>Rad sa sjenom bio je od sredi\u0161nje va\u017enosti u religijskoj praksi, svakodnevnim ritualima i svakodnevnom razumijevanju New Agea. Ljudi su se u kriti\u010dnim ili odre\u0111enim \u017eivotnim situacijama, ili u odre\u0111enim ritualnim godi\u0161njim dobima, obra\u0107ali ovom entitetu strukturiranim, \u010desto opse\u017enim ritualima, molitvama ili \u017ertvenim prinosima.<\/p><p>Rad sa sjenom, umjesto starih kultnih propisa, ima jasno odrediv izvor: C. G. Jung razvio je pojam sjene u okviru svoje analiti\u010dke psihologije, a bavljenje njime izvorno je pripadalo psihoterapijskoj praksi obu\u010denih analiti\u010dara. Tek su kasnije scene samospoznaje i New Agea preuzele metodu izvan tog stru\u010dnog okvira; danas odgovaraju\u0107e vje\u017ebe \u010desto vode treneri i voditelji seminara bez terapeutske izobrazbe.<\/p><p>\u010cinjenica da se rad sa sjenom odr\u017eao od Jungova doba do dana\u0161nje scene samospoznaje obja\u0161njava se svrhama koje mu se pripisuju. Primjene su razli\u010dite: neke vje\u017ebe imaju preventivnu ulogu, primjerice prepoznavanjem projekcija prije nego \u0161to opterete odnose. Druge su usmjerene na obradu starih ozljeda, primjerice u radu s unutarnjim djetetom. Tre\u0107e se razumijevaju kao pratnja u fazama preokreta, primjerice pri rastavama ili profesionalnim novim po\u010decima. Dokaz u\u010dinkovitosti u znanstvenom smislu za ove formate iz scene samospoznaje, me\u0111utim, ne postoji.<\/p>\t\t\t\t\t\t\t\t<\/div>\n\t\t\t\t<\/div>\n\t\t\t\t\t<\/div>\n\t\t\t\t<\/div>\n\t\t<div class=\"elementor-element elementor-element-44e71476 e-flex e-con-boxed e-con e-parent\" data-id=\"44e71476\" data-element_type=\"container\" data-e-type=\"container\">\n\t\t\t\t\t<div class=\"e-con-inner\">\n\t\t\t\t<div class=\"elementor-element elementor-element-3c1fc3f0 elementor-widget elementor-widget-heading\" data-id=\"3c1fc3f0\" data-element_type=\"widget\" data-e-type=\"widget\" data-widget_type=\"heading.default\">\n\t\t\t\t\t<h2 class=\"elementor-heading-title elementor-size-default\">Profil: Rad sa sjenom<\/h2>\t\t\t\t<\/div>\n\t\t<div class=\"elementor-element elementor-element-84f33b8e e-con-full e-flex e-con e-child\" data-id=\"84f33b8e\" data-element_type=\"container\" data-e-type=\"container\">\n\t\t\t\t<div class=\"elementor-element elementor-element-hqkdc67p elementor-widget elementor-widget-text-editor\" data-id=\"hqkdc67p\" data-element_type=\"widget\" data-e-type=\"widget\" data-widget_type=\"text-editor.default\">\n\t\t\t\t\t\t\t\t\t<p>Profil rada sa sjenom razmatra njegovo psiholo\u0161ko-mitolo\u0161ko podrijetlo u Jungovoj teoriji, njegovu prakti\u010dnu primjenu u modernom spiritualizmu i psihoterapiji, njegovu semantiku (arhetip, kompleks, sebstvo), dru\u0161tvene praktike (obrada traume, rad sa snovima) i kulturne paralele s demonskim ritualima integracije u starijim tradicijama.<\/p>\t\t\t\t\t\t\t\t<\/div>\n\t\t\t\t<\/div>\n\t\t<div class=\"elementor-element elementor-element-pemmx7c5 e-con-full e-flex e-con e-child\" data-id=\"pemmx7c5\" data-element_type=\"container\" data-e-type=\"container\">\n\t\t<div class=\"elementor-element elementor-element-pemmx7c1 e-con-full e-flex e-con e-child\" data-id=\"pemmx7c1\" data-element_type=\"container\" data-e-type=\"container\">\n\t\t<div class=\"elementor-element elementor-element-qh9oavvu iwg-steckbrief-card e-flex e-con-boxed e-con e-child\" data-id=\"qh9oavvu\" data-element_type=\"container\" data-e-type=\"container\">\n\t\t\t\t\t<div class=\"e-con-inner\">\n\t\t\t\t<div class=\"elementor-element elementor-element-awzx8k2k elementor-widget elementor-widget-heading\" data-id=\"awzx8k2k\" data-element_type=\"widget\" data-e-type=\"widget\" data-widget_type=\"heading.default\">\n\t\t\t\t\t<div class=\"elementor-heading-title elementor-size-default\">Podrijetlo<\/div>\t\t\t\t<\/div>\n\t\t\t\t<div class=\"elementor-element elementor-element-x6rowhv0 elementor-widget elementor-widget-text-editor\" data-id=\"x6rowhv0\" data-element_type=\"widget\" data-e-type=\"widget\" data-widget_type=\"text-editor.default\">\n\t\t\t\t\t\t\t\t\t<p><span data-nosnippet>Rad sa sjenom nastao je iz Jungove dubinske psihologije u Z\u00fcrichu 1920-ih i 1950-ih godina. Geografsko podrijetlo: \u0160vicarska (Jung), potom Amerika (psiholo\u0161ki pokret), naposljetku globalno. Vremensko datiranje: prva teorijska formulacija 1917. i 1920. (Jungovi spisi o nesvjesnom i arhetipovima), potpuna konceptualizacija u djelu Aion (1951).<\/span><\/p><p>Kulturno podrijetlo: europski romantizam (nesvjesno), renesansa <span class=\"iwg-fachbegriff\" tabindex=\"0\" data-tooltip=\"Predmoderna veza prirodne filozofije i simboli\u010dke znanosti; radi s transformacijom tvari kao unutarnjom transformacijom.\">alkemije<\/span> (Jungov interes), moderna psihologija. Prvi zapisi: Jungovi psiholo\u0161ki tekstovi, potom klini\u010dki slu\u010dajevi i priru\u010dnici za obuku (Neumann, Johnson).<\/p>\t\t\t\t\t\t\t\t<\/div>\n\t\t\t\t\t<\/div>\n\t\t\t\t<\/div>\n\t\t<div class=\"elementor-element elementor-element-8e3o4kxs iwg-steckbrief-card e-flex e-con-boxed e-con e-child\" data-id=\"8e3o4kxs\" data-element_type=\"container\" data-e-type=\"container\">\n\t\t\t\t\t<div class=\"e-con-inner\">\n\t\t\t\t<div class=\"elementor-element elementor-element-08rkdgov elementor-widget elementor-widget-heading\" data-id=\"08rkdgov\" data-element_type=\"widget\" data-e-type=\"widget\" data-widget_type=\"heading.default\">\n\t\t\t\t\t<div class=\"elementor-heading-title elementor-size-default\">Predmet djelovanja<\/div>\t\t\t\t<\/div>\n\t\t\t\t<div class=\"elementor-element elementor-element-uwjelx8s elementor-widget elementor-widget-text-editor\" data-id=\"uwjelx8s\" data-element_type=\"widget\" data-e-type=\"widget\" data-widget_type=\"text-editor.default\">\n\t\t\t\t\t\t\t\t\t<p>Rad sa sjenom izvorno je bio namijenjen jungovskim analiti\u010darima i psihoterapeutima. Kasnije se ciljna skupina pro\u0161irila: studenti psihologije, duhovni tragatelji, osobe koje su pre\u017eivjele traumu, zainteresirani za osobni razvoj, umjetnici i pisci. Povodi: psiholo\u0161ka kriza, potreba za samospoznajom, iscjeljivanje traume, duhovno sazrijevanje. Dru\u0161tveni kontekst: psihi\u010dka bolest kao signal nesvjesnog (a ne demonologija), sekularno-misti\u010dna sinteza, pomak od vanjske religije prema unutarnjoj psihi.<\/p>\t\t\t\t\t\t\t\t<\/div>\n\t\t\t\t\t<\/div>\n\t\t\t\t<\/div>\n\t\t<div class=\"elementor-element elementor-element-jm2n74ec iwg-steckbrief-card e-flex e-con-boxed e-con e-child\" data-id=\"jm2n74ec\" data-element_type=\"container\" data-e-type=\"container\">\n\t\t\t\t\t<div class=\"e-con-inner\">\n\t\t\t\t<div class=\"elementor-element elementor-element-8vufse4c elementor-widget elementor-widget-heading\" data-id=\"8vufse4c\" data-element_type=\"widget\" data-e-type=\"widget\" data-widget_type=\"heading.default\">\n\t\t\t\t\t<div class=\"elementor-heading-title elementor-size-default\">Prikaz<\/div>\t\t\t\t<\/div>\n\t\t\t\t<div class=\"elementor-element elementor-element-mwb9u015 elementor-widget elementor-widget-text-editor\" data-id=\"mwb9u015\" data-element_type=\"widget\" data-e-type=\"widget\" data-widget_type=\"text-editor.default\">\n\t\t\t\t\t\t\t\t\t<p>Rad sa sjenom ikonografski se \u010desto prikazuje kao unutarnja figura ili energija, a ne kao vanjski entitet. U jungovskoj umjetni\u010dkoj terapiji: sjena kao tamni dvojnik, kraljica sjene, demonsko krilo, \u010dudovi\u0161te ili ranjeno dijete.<\/p><p>Boja: crna, siva, tamnocrvena. Atributi: lanci (zato\u010denost), odraz u zrcalu (nesvjesno), slike iz snova (okida\u010di traume). U modernim imaginacijama: energetske blokade, blokirane \u010dakre, unutarnja sjenska bi\u0107a. Terapeutski se ti prikazi tretiraju kao psihi\u010dki simboli, a ne kao stvarnost.<\/p>\t\t\t\t\t\t\t\t<\/div>\n\t\t\t\t\t<\/div>\n\t\t\t\t<\/div>\n\t\t\t\t<\/div>\n\t\t<div class=\"elementor-element elementor-element-pemmx7c2 e-con-full e-flex e-con e-child\" data-id=\"pemmx7c2\" data-element_type=\"container\" data-e-type=\"container\">\n\t\t<div class=\"elementor-element elementor-element-37ss2yr6 iwg-steckbrief-card e-flex e-con-boxed e-con e-child\" data-id=\"37ss2yr6\" data-element_type=\"container\" data-e-type=\"container\">\n\t\t\t\t\t<div class=\"e-con-inner\">\n\t\t\t\t<div class=\"elementor-element elementor-element-3v0wp3wx elementor-widget elementor-widget-heading\" data-id=\"3v0wp3wx\" data-element_type=\"widget\" data-e-type=\"widget\" data-widget_type=\"heading.default\">\n\t\t\t\t\t<div class=\"elementor-heading-title elementor-size-default\">Funkcija<\/div>\t\t\t\t<\/div>\n\t\t\t\t<div class=\"elementor-element elementor-element-w3247g2m elementor-widget elementor-widget-text-editor\" data-id=\"w3247g2m\" data-element_type=\"widget\" data-e-type=\"widget\" data-widget_type=\"text-editor.default\">\n\t\t\t\t\t\t\t\t\t<strong>Podru\u010dje djelovanja:<\/strong><p>Rad sa sjenom dubinsko-psiholo\u0161ki je koncept koji potje\u010de od <span class=\"iwg-fachbegriff\" tabindex=\"0\" data-tooltip=\"\u0160vicarski dubinski psiholog (1875\u20131961); osniva\u010d analiti\u010dke psihologije.\">Carla Gustava Junga<\/span> i odnosi se na svjesnu integraciju nesvjesnih, potisnutih ili neintegriranih dijelova osobnosti.<\/p>\t\t\t\t\t\t\t\t<\/div>\n\t\t\t\t\t<\/div>\n\t\t\t\t<\/div>\n\t\t<div class=\"elementor-element elementor-element-0qpjal9w iwg-steckbrief-card e-flex e-con-boxed e-con e-child\" data-id=\"0qpjal9w\" data-element_type=\"container\" data-e-type=\"container\">\n\t\t\t\t\t<div class=\"e-con-inner\">\n\t\t\t\t<div class=\"elementor-element elementor-element-6ndoih0o elementor-widget elementor-widget-heading\" data-id=\"6ndoih0o\" data-element_type=\"widget\" data-e-type=\"widget\" data-widget_type=\"heading.default\">\n\t\t\t\t\t<div class=\"elementor-heading-title elementor-size-default\">Za\u0161tita od rada sa sjenom<\/div>\t\t\t\t<\/div>\n\t\t\t\t<div class=\"elementor-element elementor-element-6684tyh9 elementor-widget elementor-widget-text-editor\" data-id=\"6684tyh9\" data-element_type=\"widget\" data-e-type=\"widget\" data-widget_type=\"text-editor.default\">\n\t\t\t\t\t\t\t\t\t<p>Praksa rada sa sjenom koristi tehnike integracije, a ne protjerivanja: aktivnu imaginaciju (dijalog s figurama sjene), analizu snova (de\u0161ifriranje nesvjesnih simbola), rad s tijelom (osloba\u0111anje traume pohranjene u tijelu, somatsko iskustvo), dijalo\u0161ki usmjerenu umjetni\u010dku terapiju, pisanje dnevnika, simbolodramu (odigravanje unutarnjih stavova). Nije rije\u010d o obrani (za\u0161titi), nego o transformaciji: prihva\u0107anju, razumijevanju, integraciji. Jung je nagla\u0161avao: poricanje sjene vodi do projekcije i neuroza, a integracija vodi do cjelovitosti (individuacije).<\/p>\t\t\t\t\t\t\t\t<\/div>\n\t\t\t\t\t<\/div>\n\t\t\t\t<\/div>\n\t\t<div class=\"elementor-element elementor-element-3lfi7x32 iwg-steckbrief-card e-flex e-con-boxed e-con e-child\" data-id=\"3lfi7x32\" data-element_type=\"container\" data-e-type=\"container\">\n\t\t\t\t\t<div class=\"e-con-inner\">\n\t\t\t\t<div class=\"elementor-element elementor-element-0kg99ga1 elementor-widget elementor-widget-heading\" data-id=\"0kg99ga1\" data-element_type=\"widget\" data-e-type=\"widget\" data-widget_type=\"heading.default\">\n\t\t\t\t\t<div class=\"elementor-heading-title elementor-size-default\">Usporedivo<\/div>\t\t\t\t<\/div>\n\t\t\t\t<div class=\"elementor-element elementor-element-n0fum6kp elementor-widget elementor-widget-text-editor\" data-id=\"n0fum6kp\" data-element_type=\"widget\" data-e-type=\"widget\" data-widget_type=\"text-editor.default\">\n\t\t\t\t\t\t\t\t\t<p>Usporedive figure su psihologizirani demoni (adlerovska sjena, Freudov id), alkemijska faza nigredo (crnjenje, unutarnje otapanje), taoisti\u010dka negacija yin (tamno, \u017eensko, nesvjesno), kr\u0161\u0107anska purgatio ili via negativa (\u010di\u0161\u0107enje, pro\u010di\u0161\u0107enje), budisti\u010dka suo\u010denost s dukkhom (patnja kao put). Sve dijele zajedni\u010dke crte: svijest o nesvjesnom, transformaciju umjesto bijega, unutarnji pakao kao stupanj iscjeljivanja.<\/p>\t\t\t\t\t\t\t\t<\/div>\n\t\t\t\t\t<\/div>\n\t\t\t\t<\/div>\n\t\t\t\t<\/div>\n\t\t\t\t<\/div>\n\t\t\t\t\t<\/div>\n\t\t\t\t<\/div>\n\t\t<div class=\"elementor-element elementor-element-7533bc7a e-flex e-con-boxed e-con e-parent\" data-id=\"7533bc7a\" data-element_type=\"container\" data-e-type=\"container\">\n\t\t\t\t\t<div class=\"e-con-inner\">\n\t\t\t\t<div class=\"elementor-element elementor-element-2447d18d elementor-widget elementor-widget-heading\" data-id=\"2447d18d\" data-element_type=\"widget\" data-e-type=\"widget\" data-widget_type=\"heading.default\">\n\t\t\t\t\t<h2 class=\"elementor-heading-title elementor-size-default\">Obrana u svakodnevnom \u017eivotu<\/h2>\t\t\t\t<\/div>\n\t\t<div class=\"elementor-element elementor-element-d5d0260c e-con-full e-flex e-con e-child\" data-id=\"d5d0260c\" data-element_type=\"container\" data-e-type=\"container\">\n\t\t\t\t<div class=\"elementor-element elementor-element-341be2ac elementor-widget elementor-widget-text-editor\" data-id=\"341be2ac\" data-element_type=\"widget\" data-e-type=\"widget\" data-widget_type=\"text-editor.default\">\n\t\t\t\t\t\t\t\t\t<p><strong>Prakse integracije sjene<\/strong><\/p><p>Jung je preporu\u010divao metodu \u201eaktivne imaginacije&#8221;, svjesnog imaginiranja slika iz snova i nesvjesnog sadr\u017eaja.<\/p><p><strong>Unutarnji dijalozi i suo\u010davanje<\/strong><\/p><p>Tekstualna predaja potje\u010de iz Jungovih sabranih djela (Collected Works, sv. 7, 9).<\/p><p><strong>Simbolika i slike du\u0161e<\/strong><\/p><p>Sama sjena je sredi\u0161nji koncept <span class=\"iwg-fachbegriff\" data-tooltip=\"Predmet koji se nosi na tijelu i za koji se vjeruje da ima za\u0161titno, zlo odbijaju\u0107e djelovanje.\" tabindex=\"0\">amuleta<\/span>, a ne vanjski predmet.<\/p>\t\t\t\t\t\t\t\t<\/div>\n\t\t\t\t<\/div>\n\t\t\t\t\t<\/div>\n\t\t\t\t<\/div>\n\t\t<div class=\"elementor-element elementor-element-5a584676 e-flex e-con-boxed e-con e-parent\" data-id=\"5a584676\" data-element_type=\"container\" data-e-type=\"container\">\n\t\t\t\t\t<div class=\"e-con-inner\">\n\t\t\t\t<div class=\"elementor-element elementor-element-6d0757bf elementor-widget elementor-widget-heading\" data-id=\"6d0757bf\" data-element_type=\"widget\" data-e-type=\"widget\" data-widget_type=\"heading.default\">\n\t\t\t\t\t<h2 class=\"elementor-heading-title elementor-size-default\">Rad sa sjenom, paralele u drugim kulturama<\/h2>\t\t\t\t<\/div>\n\t\t<div class=\"elementor-element elementor-element-60563f68 e-con-full e-flex e-con e-child\" data-id=\"60563f68\" data-element_type=\"container\" data-e-type=\"container\">\n\t\t\t\t<div class=\"elementor-element elementor-element-5a93fdd6 elementor-widget elementor-widget-text-editor\" data-id=\"5a93fdd6\" data-element_type=\"widget\" data-e-type=\"widget\" data-widget_type=\"text-editor.default\">\n\t\t\t\t\t\t\t\t\t<p><strong>\u017didovska tradicija:<\/strong> \u017didovska <span class=\"iwg-fachbegriff\" tabindex=\"0\" data-tooltip=\"Religijski smjer usmjeren na izravno iskustvo Boga; sredi\u0161nji u \u017eidovskoj, kr\u0161\u0107anskoj i islamskoj tradiciji.\">mistika<\/span> (kabala) poznaje Sitra Achra (drugu stranu, zlu stranu) i ne\u010diste kelipot (zle lju\u0161ture). Lurijanska <span class=\"iwg-fachbegriff\" tabindex=\"0\" data-tooltip=\"\u017didovska mistika s glavnim djelima Sefer Jecira, Zohar i lurijanskom \u0161kolom; nau\u010dava o sefirotima, Tetragramu i tikkunu.\">kabala<\/span> (Isaac Luria, 16. stolje\u0107e) nagla\u0161ava Cimcum (Bo\u017eje povla\u010denje) i Sitra Achra kao nu\u017ene za stvaranje, gotovo strukturalni oblik rada sa sjenom.<\/p><p>Rabinska homiletika: Jecer ha-Ra (zla nagnu\u0107a) treba integrirati, a ne uni\u0161titi (<span class=\"iwg-fachbegriff\" tabindex=\"0\" data-tooltip=\"Glavno djelo rabinskog judaizma, u babilonskoj i jeruzalemskoj verziji; sadr\u017ei Mi\u0161nu i Gemaru.\">Talmud<\/span>: ljudska sloboda sastoji se u izboru, a ne u iskorjenjivanju).<\/p><p><strong>Gr\u010dko-rimski svijet:<\/strong> Platonovi dijelovi du\u0161e (nagon, borbena hrabrost, racionalno mi\u0161ljenje) moraju se uskladiti. Neoplatonisti nagla\u0161avaju psihi\u010dku katarzu (\u010di\u0161\u0107enje od nesvjesnog). Put u podzemni svijet u Eneidi ili <span class=\"iwg-fachbegriff\" tabindex=\"0\" data-tooltip=\"Danteovo glavno djelo (oko 1308\u20131320); trodijelna vizija pakla, \u010distili\u0161ta i raja.\">Divina Commedia<\/span> knji\u017eevni je put sjene: suo\u010davanje s Hadom kao samospoznaja. Stoici kao Seneka nagla\u0161avaju samoispitivanje i osvje\u0161tavanje nesvjesnog.<\/p><p><strong>Mezopotamija:<\/strong> mezopotamski mitovi (Inanin silazak u podzemlje, Gilgame\u0161ova \u017ealost) prikazuju silazak u carstvo sjene kao transformaciju. Ne postoji izri\u010dit koncept kao Jungova sjena, ali postoji egzistencijalno suo\u010davanje s nesre\u0107om i smr\u0107u kao unutarnje sazrijevanje.<\/p><p><strong>Indija\/Azija:<\/strong> tantrizam nagla\u0161ava sjedinjenje sa \u0160ivom ili Kali (tamni aspekti <span class=\"iwg-fachbegriff\" data-tooltip=\"Bi\u0107e koje se u nekoj religiji \u0161tuje kao bo\u017eansko.\" tabindex=\"0\">bo\u017eanstva<\/span>). Tibetanska budisti\u010dka praksa \u010dh\u00f6d (odvajanje\/<span class=\"iwg-fachbegriff\" data-tooltip=\"Dar bo\u017eanstvu kao izraz zahvale, molbe ili po\u0161tovanja.\" tabindex=\"0\">\u017ertve<\/span>) suo\u010davanje je s unutarnjim strahovima i privr\u017eeno\u0161\u0107u egu. Taoizam: harmonija jina i janga zahtijeva prihva\u0107anje tame, \u017eenskosti i pasivnosti, \u0161to je oblik kulturnog rada sa sjenom. Budisti\u010dka vipassana (jasno vi\u0111enje) vodi do spoznaje nesvjesnog (anicca, dukkha, anatta).<\/p>\t\t\t\t\t\t\t\t<\/div>\n\t\t\t\t<\/div>\n\t\t\t\t\t<\/div>\n\t\t\t\t<\/div>\n\t\t<div class=\"elementor-element elementor-element-cpfcbdcf7 e-flex e-con-boxed e-con e-parent\" data-id=\"cpfcbdcf7\" data-element_type=\"container\" data-e-type=\"container\">\n\t\t\t\t\t<div class=\"e-con-inner\">\n\t\t\t\t<div class=\"elementor-element elementor-element-cpde7fd90 elementor-widget elementor-widget-heading\" data-id=\"cpde7fd90\" data-element_type=\"widget\" data-e-type=\"widget\" data-widget_type=\"heading.default\">\n\t\t\t\t\t<h2 class=\"elementor-heading-title elementor-size-default\">Pojam sjene kod C. G. Junga<\/h2>\t\t\t\t<\/div>\n\t\t<div class=\"elementor-element elementor-element-cp08d57bd e-con-full e-flex e-con e-child\" data-id=\"cp08d57bd\" data-element_type=\"container\" data-e-type=\"container\">\n\t\t\t\t<div class=\"elementor-element elementor-element-cpfad6419 elementor-widget elementor-widget-text-editor\" data-id=\"cpfad6419\" data-element_type=\"widget\" data-e-type=\"widget\" data-widget_type=\"text-editor.default\">\n\t\t\t\t\t\t\t\t\t<p>Pojam rada sa sjenom potje\u010de iz koncepta sjene u analiti\u010dkoj psihologiji Carla Gustava Junga. Jung je sjenom nazivao one dijelove osobnosti koje je ego odbacio i potisnuo kao nespojive sa svojom slikom o sebi. Prema Jungu, to uklju\u010duje osobine koje se do\u017eivljavaju kao negativne, ali i nepro\u017eivljene mogu\u0107nosti i sposobnosti.<\/p><p><span data-nosnippet>Jung je ovu ideju razvio u brojnim djelima, primjerice u <em>Aionu<\/em> (1951) i u raspravama o razvoju osobnosti. Suo\u010davanje sa sjenom smatrao je dijelom procesa koji je nazvao individuacijom, odnosno postupnim razvojem prema cjelovitijoj osobnosti. Va\u017eno je da je Jung sjenu razumijevao kao psihi\u010dki koncept, a ne kao samostalno bi\u0107e.<\/span><\/p><p>U akademskoj psihologiji Jungovo djelo je predmet rasprava i dijelom se smatra empirijski te\u0161ko provjerljivim u strogom smislu. Ipak, pojam sjene razvio je \u0161iroki kulturni utjecaj. Kasniji rad sa sjenom nadovezuje se na ovaj pojam, ali ga u mnogim slu\u010dajevima odvaja od stru\u010dnog okvira analiti\u010dke psihologije.<\/p>\t\t\t\t\t\t\t\t<\/div>\n\t\t\t\t<\/div>\n\t\t\t\t\t<\/div>\n\t\t\t\t<\/div>\n\t\t<div class=\"elementor-element elementor-element-cp8f5d871 e-flex e-con-boxed e-con e-parent\" data-id=\"cp8f5d871\" data-element_type=\"container\" data-e-type=\"container\">\n\t\t\t\t\t<div class=\"e-con-inner\">\n\t\t\t\t<div class=\"elementor-element elementor-element-cpa5c12ac elementor-widget elementor-widget-heading\" data-id=\"cpa5c12ac\" data-element_type=\"widget\" data-e-type=\"widget\" data-widget_type=\"heading.default\">\n\t\t\t\t\t<h2 class=\"elementor-heading-title elementor-size-default\">Popularizacija i razvoj prema ezoteri\u010dnoj praksi<\/h2>\t\t\t\t<\/div>\n\t\t<div class=\"elementor-element elementor-element-cp718326b e-con-full e-flex e-con e-child\" data-id=\"cp718326b\" data-element_type=\"container\" data-e-type=\"container\">\n\t\t\t\t<div class=\"elementor-element elementor-element-cp7e638f8 elementor-widget elementor-widget-text-editor\" data-id=\"cp7e638f8\" data-element_type=\"widget\" data-e-type=\"widget\" data-widget_type=\"text-editor.default\">\n\t\t\t\t\t\t\t\t\t<p>Od Jungovog stru\u010dnog pojma do popularne prakse samopomo\u0107i vodio je dug put. Ve\u0107 u humanisti\u010dkoj psihologiji i dijelovima pokreta osobnog razvoja 20. stolje\u0107a preuzimane su i pojednostavljivane jungovske ideje. Autor Robert Bly svojim djelom <em>A Little Book on the Human Shadow<\/em> (1988) doprinio je \u0161irenju op\u0107erazumljivog pojma sjene.<\/p><p>Od 2010-ih pojam rada sa sjenom posebno se ra\u0161irio putem internetskih platformi, priru\u010dnika i dru\u0161tvenih mre\u017ea. Pri tome se povezuju psiholo\u0161ki, ezoteri\u010dni i duhovni elementi. U nekim prikazima rad sa sjenom pojavljuje se kao \u010dista metoda samorefleksije, u drugima se povezuje s ritualima, mjese\u010devim mijenama ili idejama iz suvremenog pokreta vje\u0161tica.<\/p><p>Iz religiologijske perspektive ovaj razvoj tipi\u010dan je primjer kretanja pojma izme\u0111u znanosti, terapijske kulture i <span class=\"iwg-fachbegriff\" data-tooltip=\"Zbirni pojam za u\u010denja koja tvrde da posjeduju skriveno znanje dostupno samo upu\u0107enima.\" tabindex=\"0\">ezoterije<\/span>. Pojam ostaje isti, ali se njegovo zna\u010denje i metodolo\u0161ki zahtjev znatno mijenjaju ovisno o kontekstu. iWell Guard opisuje ovu raznolikost bez isticanja bilo koje varijante kao ispravne.<\/p>\t\t\t\t\t\t\t\t<\/div>\n\t\t\t\t<\/div>\n\t\t\t\t\t<\/div>\n\t\t\t\t<\/div>\n\t\t<div class=\"elementor-element elementor-element-cpb76f584 e-flex e-con-boxed e-con e-parent\" data-id=\"cpb76f584\" data-element_type=\"container\" data-e-type=\"container\">\n\t\t\t\t\t<div class=\"e-con-inner\">\n\t\t\t\t<div class=\"elementor-element elementor-element-cp5211b92 elementor-widget elementor-widget-heading\" data-id=\"cp5211b92\" data-element_type=\"widget\" data-e-type=\"widget\" data-widget_type=\"heading.default\">\n\t\t\t\t\t<h2 class=\"elementor-heading-title elementor-size-default\">Kritika, razgrani\u010denje i ozbiljan pristup<\/h2>\t\t\t\t<\/div>\n\t\t<div class=\"elementor-element elementor-element-cpc4bad5e e-con-full e-flex e-con e-child\" data-id=\"cpc4bad5e\" data-element_type=\"container\" data-e-type=\"container\">\n\t\t\t\t<div class=\"elementor-element elementor-element-cp3316c99 elementor-widget elementor-widget-text-editor\" data-id=\"cp3316c99\" data-element_type=\"widget\" data-e-type=\"widget\" data-widget_type=\"text-editor.default\">\n\t\t\t\t\t\t\t\t\t<p>Sa stru\u010dnog stajali\u0161ta vi\u0161e je puta upozoreno da popularni rad sa sjenom mo\u017ee stvoriti dojam da se dubinske psihi\u010dke teme mogu obraditi samostalno i jednostavnim vje\u017ebama. Stru\u010dna udru\u017eenja i psihoterapeuti isti\u010du da suo\u010davanje s potisnutim iskustvima, posebno kod optere\u0107uju\u0107ih ili traumatskih sadr\u017eaja, mo\u017ee zahtijevati stru\u010dnu pratnju. Rad sa sjenom ne zamjenjuje dijagnostiku ni terapiju.<\/p><p>Popularnu praksu treba jasno razlikovati od psihoterapijskog rada s potisnutim sadr\u017eajima, kakav se odvija u dubinsko-psiholo\u0161ki utemeljenim postupcima. Isto tako treba je razgrani\u010diti od \u010disto ezoteri\u010dnih tuma\u010denja koja sjenu shva\u0107aju kao vanjsku silu ili bi\u0107e. Takva tuma\u010denja ne odgovaraju Jungovom izvornom konceptu.<\/p><p data-nosnippet=\"true\">iWell Guard prikazuje rad sa sjenom kao kulturni fenomen koji se temelji na psiholo\u0161kom pojmu i razvio se u razli\u010ditim smjerovima. Leksikon ne daje upute ni obe\u0107anja o iscjeljenju. Tko se \u017eeli baviti srodnim praksama samotuma\u010denja, uvide mo\u017ee prona\u0107i u \u010dlancima o podru\u010dju suvremenih <a href=\"https:\/\/iwell-guard.com\/hr\/?page_id=149755\">praksi<\/a>.<\/p>\t\t\t\t\t\t\t\t<\/div>\n\t\t\t\t<\/div>\n\t\t\t\t\t<\/div>\n\t\t\t\t<\/div>\n\t\t<div class=\"elementor-element elementor-element-36dd7469 e-flex e-con-boxed e-con e-parent\" data-id=\"36dd7469\" data-element_type=\"container\" data-e-type=\"container\">\n\t\t\t\t\t<div class=\"e-con-inner\">\n\t\t\t\t<div class=\"elementor-element elementor-element-13760ab4 elementor-widget elementor-widget-heading\" data-id=\"13760ab4\" data-element_type=\"widget\" data-e-type=\"widget\" data-widget_type=\"heading.default\">\n\t\t\t\t\t<h2 class=\"elementor-heading-title elementor-size-default\">Daljnje poveznice<\/h2>\t\t\t\t<\/div>\n\t\t<div class=\"elementor-element elementor-element-28c87796 e-con-full e-flex e-con e-child\" data-id=\"28c87796\" data-element_type=\"container\" data-e-type=\"container\">\n\t\t\t\t<div class=\"elementor-element elementor-element-5d6538df elementor-widget elementor-widget-text-editor\" data-id=\"5d6538df\" data-element_type=\"widget\" data-e-type=\"widget\" data-widget_type=\"text-editor.default\">\n\t\t\t\t\t\t\t\t\t<ul><\/ul>\t\t\t\t\t\t\t\t<\/div>\n\t\t\t\t<\/div>\n\t\t\t\t\t<\/div>\n\t\t\t\t<\/div>\n\t\t<div class=\"elementor-element elementor-element-grl4kl40 e-flex e-con-boxed e-con e-parent\" data-id=\"grl4kl40\" data-element_type=\"container\" data-e-type=\"container\">\n\t\t\t\t\t<div class=\"e-con-inner\">\n\t\t\t\t<div class=\"elementor-element elementor-element-bzsbfrmh elementor-widget elementor-widget-heading\" data-id=\"bzsbfrmh\" data-element_type=\"widget\" data-e-type=\"widget\" data-widget_type=\"heading.default\">\n\t\t\t\t\t<h2 class=\"elementor-heading-title elementor-size-default\">Literatura (izbor)<\/h2>\t\t\t\t<\/div>\n\t\t<div class=\"elementor-element elementor-element-2c13224a e-con-full e-flex e-con e-child\" data-id=\"2c13224a\" data-element_type=\"container\" data-e-type=\"container\">\n\t\t\t\t<div class=\"elementor-element elementor-element-0eymh9ub elementor-widget elementor-widget-text-editor\" data-id=\"0eymh9ub\" data-element_type=\"widget\" data-e-type=\"widget\" data-widget_type=\"text-editor.default\">\n\t\t\t\t\t\t\t\t\t<footer class=\"iwg-literatur\"><ul><li><span data-nosnippet><span class=\"iwg-fachbegriff\" tabindex=\"0\" data-tooltip=\"\u0160vicarski dubinski psiholog (1875.\u20131961.); osniva\u010d analiti\u010dke psihologije.\">Carl Gustav Jung<\/span>: <em>The Practice of the Jungian Approach<\/em>. Collected Works Volume 7, Princeton University Press, 1966.<\/span><\/li><\/ul><\/footer>\t\t\t\t\t\t\t\t<\/div>\n\t\t\t\t<\/div>\n\t\t\t\t\t<\/div>\n\t\t\t\t<\/div>\n\t\t<div class=\"elementor-element elementor-element-iwgkw-add-schattenarbeit e-flex e-con-boxed e-con e-parent\" data-id=\"iwgkw-add-schattenarbeit\" data-element_type=\"container\" data-e-type=\"container\">\n\t\t\t\t\t<div class=\"e-con-inner\">\n\t\t\t\t<div class=\"elementor-element elementor-element-iwgkw-add-schattenarbeit-t elementor-widget elementor-widget-text-editor\" data-id=\"iwgkw-add-schattenarbeit-t\" data-element_type=\"widget\" data-e-type=\"widget\" data-widget_type=\"text-editor.default\">\n\t\t\t\t\t\t\t\t\t<p>U new-age recepciji rad sa sjenom \u010desto se dovodi u napetost s predod\u017ebom o bestjelesnim <em>svjetlosnim bi\u0107ima<\/em>: dok struje channelinga nagla\u0161avaju uzdizanje u svjetlosno, rad sa sjenom u jungovskoj tradiciji upu\u0107uje na nu\u017enost svjesne integracije potisnutih dijelova osobnosti. Znanstveno gledano, pojam tako ne opisuje toliko bi\u0107e koliko psiholo\u0161ko-duhovni postupak koji u ezoteri\u010dnim krugovima postoji paralelno s retorikom o svjetlosnim bi\u0107ima.<\/p>\t\t\t\t\t\t\t\t<\/div>\n\t\t\t\t\t<\/div>\n\t\t\t\t<\/div>\n\t\t\t\t<\/div>\n\t\t","protected":false},"excerpt":{"rendered":"","protected":false},"author":3,"featured_media":2274,"parent":0,"menu_order":0,"comment_status":"closed","ping_status":"closed","template":"elementor_header_footer","meta":{"_yoast_wpseo_focuskw":"Schattenarbeit","_yoast_wpseo_title":"Schattenarbeit \u2013 jungovska dubinska psihologija i ezoterija","_yoast_wpseo_metadesc":"Schattenarbeit kao pojam C.G. Junga i u modernoj New Age praksi. Metode, metodologija i kriti\u010dka analiza u kontekstu iWell Guarda.","_yoast_wpseo_meta-robots-noindex":"1","_yoast_wpseo_canonical":"","_angie_page":false,"gefaehrdungsstufe":"","wesen_kultur":"","wesen_klasse":"","footnotes":""},"categories":[],"class_list":["post-149594","page","type-page","status-publish","has-post-thumbnail","hentry"],"yoast_head":"<!-- This site is optimized with the Yoast SEO Premium plugin v27.7 (Yoast SEO v28.3) - https:\/\/yoast.com\/product\/yoast-seo-premium-wordpress\/ -->\n<title>Schattenarbeit \u2013 jungovska dubinska psihologija i ezoterija<\/title>\n<meta name=\"description\" content=\"Schattenarbeit kao pojam C.G. Junga i u modernoj New Age praksi. Metode, metodologija i kriti\u010dka analiza u kontekstu iWell Guarda.\" \/>\n<meta name=\"robots\" content=\"noindex, follow\" \/>\n<meta property=\"og:locale\" content=\"hr_HR\" \/>\n<meta property=\"og:type\" content=\"article\" \/>\n<meta property=\"og:title\" content=\"Schattenarbeit\" \/>\n<meta property=\"og:description\" content=\"Schattenarbeit kao pojam C.G. Junga i u modernoj New Age praksi. Metode, metodologija i kriti\u010dka analiza u kontekstu iWell Guarda.\" \/>\n<meta property=\"og:url\" content=\"https:\/\/iwell-guard.com\/hr\/senkovni-rad\/\" \/>\n<meta property=\"og:site_name\" content=\"iWell Guard\" \/>\n<meta property=\"article:modified_time\" content=\"2026-09-04T05:27:27+00:00\" \/>\n<meta property=\"og:image\" content=\"https:\/\/iwell-guard.com\/wp-content\/uploads\/2026\/05\/Praktiken-1200x661-Hintergrund-sym.webp\" \/>\n\t<meta property=\"og:image:width\" content=\"1200\" \/>\n\t<meta property=\"og:image:height\" content=\"661\" \/>\n\t<meta property=\"og:image:type\" content=\"image\/webp\" \/>\n<meta name=\"twitter:card\" content=\"summary_large_image\" \/>\n<script type=\"application\/ld+json\" class=\"yoast-schema-graph\">{\"@context\":\"https:\\\/\\\/schema.org\",\"@graph\":[{\"@type\":\"WebPage\",\"@id\":\"https:\\\/\\\/iwell-guard.com\\\/hr\\\/senkovni-rad\\\/\",\"url\":\"https:\\\/\\\/iwell-guard.com\\\/hr\\\/senkovni-rad\\\/\",\"name\":\"Schattenarbeit \u2013 jungovska dubinska psihologija i ezoterija\",\"isPartOf\":{\"@id\":\"https:\\\/\\\/iwell-guard.com\\\/hr\\\/#website\"},\"primaryImageOfPage\":{\"@id\":\"https:\\\/\\\/iwell-guard.com\\\/hr\\\/senkovni-rad\\\/#primaryimage\"},\"image\":{\"@id\":\"https:\\\/\\\/iwell-guard.com\\\/hr\\\/senkovni-rad\\\/#primaryimage\"},\"thumbnailUrl\":\"https:\\\/\\\/iwell-guard.com\\\/wp-content\\\/uploads\\\/2026\\\/05\\\/Praktiken-1200x661-Hintergrund-sym.webp\",\"datePublished\":\"2026-09-04T05:11:54+00:00\",\"dateModified\":\"2026-09-04T05:27:27+00:00\",\"description\":\"Schattenarbeit kao pojam C.G. Junga i u modernoj New Age praksi. Metode, metodologija i kriti\u010dka analiza u kontekstu iWell Guarda.\",\"breadcrumb\":{\"@id\":\"https:\\\/\\\/iwell-guard.com\\\/hr\\\/senkovni-rad\\\/#breadcrumb\"},\"inLanguage\":\"hr\",\"potentialAction\":[{\"@type\":\"ReadAction\",\"target\":[\"https:\\\/\\\/iwell-guard.com\\\/hr\\\/senkovni-rad\\\/\"]}]},{\"@type\":\"ImageObject\",\"inLanguage\":\"hr\",\"@id\":\"https:\\\/\\\/iwell-guard.com\\\/hr\\\/senkovni-rad\\\/#primaryimage\",\"url\":\"https:\\\/\\\/iwell-guard.com\\\/wp-content\\\/uploads\\\/2026\\\/05\\\/Praktiken-1200x661-Hintergrund-sym.webp\",\"contentUrl\":\"https:\\\/\\\/iwell-guard.com\\\/wp-content\\\/uploads\\\/2026\\\/05\\\/Praktiken-1200x661-Hintergrund-sym.webp\",\"width\":1200,\"height\":661,\"caption\":\"Pozadina prakse 1200\u00d7661 plo\u010dica\"},{\"@type\":\"BreadcrumbList\",\"@id\":\"https:\\\/\\\/iwell-guard.com\\\/hr\\\/senkovni-rad\\\/#breadcrumb\",\"itemListElement\":[{\"@type\":\"ListItem\",\"position\":1,\"name\":\"Start\",\"item\":\"https:\\\/\\\/iwell-guard.com\\\/hr\\\/?page_id=149317\"},{\"@type\":\"ListItem\",\"position\":2,\"name\":\"Schattenarbeit\"}]},{\"@type\":\"WebSite\",\"@id\":\"https:\\\/\\\/iwell-guard.com\\\/hr\\\/#website\",\"url\":\"https:\\\/\\\/iwell-guard.com\\\/hr\\\/\",\"name\":\"iWell Guard\",\"description\":\"Schutz vor dunklen Einfl\u00fcssen\",\"publisher\":{\"@id\":\"https:\\\/\\\/iwell-guard.com\\\/hr\\\/#organization\"},\"potentialAction\":[{\"@type\":\"SearchAction\",\"target\":{\"@type\":\"EntryPoint\",\"urlTemplate\":\"https:\\\/\\\/iwell-guard.com\\\/hr\\\/?s={search_term_string}\"},\"query-input\":{\"@type\":\"PropertyValueSpecification\",\"valueRequired\":true,\"valueName\":\"search_term_string\"}}],\"inLanguage\":\"hr\"},{\"@type\":\"Organization\",\"@id\":\"https:\\\/\\\/iwell-guard.com\\\/hr\\\/#organization\",\"name\":\"Ittermann electronic GmbH\",\"url\":\"https:\\\/\\\/iwell-guard.com\\\/hr\\\/\",\"logo\":{\"@type\":\"ImageObject\",\"inLanguage\":\"hr\",\"@id\":\"https:\\\/\\\/iwell-guard.com\\\/hr\\\/#\\\/schema\\\/logo\\\/image\\\/\",\"url\":\"https:\\\/\\\/iwell-guard.com\\\/wp-content\\\/uploads\\\/2026\\\/05\\\/Ittermann-Logo-1182x237-1.png\",\"contentUrl\":\"https:\\\/\\\/iwell-guard.com\\\/wp-content\\\/uploads\\\/2026\\\/05\\\/Ittermann-Logo-1182x237-1.png\",\"width\":1182,\"height\":237,\"caption\":\"Ittermann electronic GmbH\"},\"image\":{\"@id\":\"https:\\\/\\\/iwell-guard.com\\\/hr\\\/#\\\/schema\\\/logo\\\/image\\\/\"},\"sameAs\":[\"https:\\\/\\\/pantip.com\\\/profile\\\/9367242\",\"https:\\\/\\\/micro.blog\\\/iwellguard\",\"https:\\\/\\\/www.diggerslist.com\\\/iwellguard\\\/about\",\"https:\\\/\\\/skitterphoto.com\\\/photographers\\\/2870314\\\/iwell-guard\",\"https:\\\/\\\/iwellguard.wordpress.com\\\/2026\\\/06\\\/06\\\/iwell-guard\\\/\",\"https:\\\/\\\/hub.docker.com\\\/u\\\/iwellguard\",\"https:\\\/\\\/www.pinterest.com\\\/iwellguard\\\/\",\"https:\\\/\\\/bit.ly\\\/m\\\/iwellguard\",\"https:\\\/\\\/entre-vos-mains.alsace.eu\\\/profiles\\\/iwellguard\\\/activity\",\"https:\\\/\\\/gravatar.com\\\/reallybeded8fd34\",\"https:\\\/\\\/naijamatta.com\\\/iwellguard\",\"https:\\\/\\\/www.goodreads.com\\\/iwellguard\",\"https:\\\/\\\/profile.hatena.ne.jp\\\/iwellguard\\\/\",\"https:\\\/\\\/experiment.com\\\/users\\\/iwellguard\",\"https:\\\/\\\/wakelet.com\\\/@iWellGuard82270\",\"https:\\\/\\\/www.chordie.com\\\/forum\\\/profile.php?id=2555664\",\"https:\\\/\\\/www.instapaper.com\\\/p\\\/17757966\",\"https:\\\/\\\/www.mapleprimes.com\\\/users\\\/iwellguard\",\"https:\\\/\\\/businesslistingplus.com\\\/profile\\\/iwell-guard\\\/\",\"https:\\\/\\\/telegra.ph\\\/iWell-Guard-06-06\",\"https:\\\/\\\/pbase.com\\\/iwellguard\\\/iwellguard\",\"https:\\\/\\\/b.hatena.ne.jp\\\/iwellguard\\\/20260607#bookmark-4788405196491818882\",\"https:\\\/\\\/fliphtml5.com\\\/home\\\/iwellguard\",\"https:\\\/\\\/anyflip.com\\\/homepage\\\/cmiwl#About\",\"https:\\\/\\\/transfur.com\\\/Users\\\/iwellguard\",\"http:\\\/\\\/delphi.larsbo.org\\\/user\\\/iwellguard\",\"https:\\\/\\\/jobs.lajobsportal.org\\\/profiles\\\/8380803-iwell-guard\",\"https:\\\/\\\/md.chaosdorf.de\\\/s\\\/jfbe5SBdJD\",\"https:\\\/\\\/www.lingvolive.com\\\/en-us\\\/profile\\\/9ecaeaca-ce11-4e51-9e71-01d55e2bff36\\\/translations\",\"https:\\\/\\\/www.fitday.com\\\/fitness\\\/forums\\\/members\\\/iwellguard.html\",\"https:\\\/\\\/www.mymeetbook.com\\\/iwellguard\",\"https:\\\/\\\/pxhere.com\\\/en\\\/photographer-me\\\/5040798\",\"https:\\\/\\\/disqus.com\\\/by\\\/iwellguard\\\/about\\\/\",\"https:\\\/\\\/pastelink.net\\\/hjwciqwq\",\"https:\\\/\\\/pubhtml5.com\\\/homepage\\\/scjhn\\\/\",\"https:\\\/\\\/www.bitchute.com\\\/channel\\\/2O2eOKzNqujT\",\"https:\\\/\\\/audiomack.com\\\/iwellguard\"]}]}<\/script>\n<!-- \/ Yoast SEO Premium plugin. -->","yoast_head_json":{"title":"Schattenarbeit \u2013 jungovska dubinska psihologija i ezoterija","description":"Schattenarbeit kao pojam C.G. Junga i u modernoj New Age praksi. Metode, metodologija i kriti\u010dka analiza u kontekstu iWell Guarda.","robots":{"index":"noindex","follow":"follow"},"og_locale":"hr_HR","og_type":"article","og_title":"Schattenarbeit","og_description":"Schattenarbeit kao pojam C.G. Junga i u modernoj New Age praksi. Metode, metodologija i kriti\u010dka analiza u kontekstu iWell Guarda.","og_url":"https:\/\/iwell-guard.com\/hr\/senkovni-rad\/","og_site_name":"iWell Guard","article_modified_time":"2026-09-04T05:27:27+00:00","og_image":[{"width":1200,"height":661,"url":"https:\/\/iwell-guard.com\/wp-content\/uploads\/2026\/05\/Praktiken-1200x661-Hintergrund-sym.webp","type":"image\/webp"}],"twitter_card":"summary_large_image","schema":{"@context":"https:\/\/schema.org","@graph":[{"@type":"WebPage","@id":"https:\/\/iwell-guard.com\/hr\/senkovni-rad\/","url":"https:\/\/iwell-guard.com\/hr\/senkovni-rad\/","name":"Schattenarbeit \u2013 jungovska dubinska psihologija i ezoterija","isPartOf":{"@id":"https:\/\/iwell-guard.com\/hr\/#website"},"primaryImageOfPage":{"@id":"https:\/\/iwell-guard.com\/hr\/senkovni-rad\/#primaryimage"},"image":{"@id":"https:\/\/iwell-guard.com\/hr\/senkovni-rad\/#primaryimage"},"thumbnailUrl":"https:\/\/iwell-guard.com\/wp-content\/uploads\/2026\/05\/Praktiken-1200x661-Hintergrund-sym.webp","datePublished":"2026-09-04T05:11:54+00:00","dateModified":"2026-09-04T05:27:27+00:00","description":"Schattenarbeit kao pojam C.G. Junga i u modernoj New Age praksi. Metode, metodologija i kriti\u010dka analiza u kontekstu iWell Guarda.","breadcrumb":{"@id":"https:\/\/iwell-guard.com\/hr\/senkovni-rad\/#breadcrumb"},"inLanguage":"hr","potentialAction":[{"@type":"ReadAction","target":["https:\/\/iwell-guard.com\/hr\/senkovni-rad\/"]}]},{"@type":"ImageObject","inLanguage":"hr","@id":"https:\/\/iwell-guard.com\/hr\/senkovni-rad\/#primaryimage","url":"https:\/\/iwell-guard.com\/wp-content\/uploads\/2026\/05\/Praktiken-1200x661-Hintergrund-sym.webp","contentUrl":"https:\/\/iwell-guard.com\/wp-content\/uploads\/2026\/05\/Praktiken-1200x661-Hintergrund-sym.webp","width":1200,"height":661,"caption":"Pozadina prakse 1200\u00d7661 plo\u010dica"},{"@type":"BreadcrumbList","@id":"https:\/\/iwell-guard.com\/hr\/senkovni-rad\/#breadcrumb","itemListElement":[{"@type":"ListItem","position":1,"name":"Start","item":"https:\/\/iwell-guard.com\/hr\/?page_id=149317"},{"@type":"ListItem","position":2,"name":"Schattenarbeit"}]},{"@type":"WebSite","@id":"https:\/\/iwell-guard.com\/hr\/#website","url":"https:\/\/iwell-guard.com\/hr\/","name":"iWell Guard","description":"Schutz vor dunklen Einfl\u00fcssen","publisher":{"@id":"https:\/\/iwell-guard.com\/hr\/#organization"},"potentialAction":[{"@type":"SearchAction","target":{"@type":"EntryPoint","urlTemplate":"https:\/\/iwell-guard.com\/hr\/?s={search_term_string}"},"query-input":{"@type":"PropertyValueSpecification","valueRequired":true,"valueName":"search_term_string"}}],"inLanguage":"hr"},{"@type":"Organization","@id":"https:\/\/iwell-guard.com\/hr\/#organization","name":"Ittermann electronic GmbH","url":"https:\/\/iwell-guard.com\/hr\/","logo":{"@type":"ImageObject","inLanguage":"hr","@id":"https:\/\/iwell-guard.com\/hr\/#\/schema\/logo\/image\/","url":"https:\/\/iwell-guard.com\/wp-content\/uploads\/2026\/05\/Ittermann-Logo-1182x237-1.png","contentUrl":"https:\/\/iwell-guard.com\/wp-content\/uploads\/2026\/05\/Ittermann-Logo-1182x237-1.png","width":1182,"height":237,"caption":"Ittermann electronic GmbH"},"image":{"@id":"https:\/\/iwell-guard.com\/hr\/#\/schema\/logo\/image\/"},"sameAs":["https:\/\/pantip.com\/profile\/9367242","https:\/\/micro.blog\/iwellguard","https:\/\/www.diggerslist.com\/iwellguard\/about","https:\/\/skitterphoto.com\/photographers\/2870314\/iwell-guard","https:\/\/iwellguard.wordpress.com\/2026\/06\/06\/iwell-guard\/","https:\/\/hub.docker.com\/u\/iwellguard","https:\/\/www.pinterest.com\/iwellguard\/","https:\/\/bit.ly\/m\/iwellguard","https:\/\/entre-vos-mains.alsace.eu\/profiles\/iwellguard\/activity","https:\/\/gravatar.com\/reallybeded8fd34","https:\/\/naijamatta.com\/iwellguard","https:\/\/www.goodreads.com\/iwellguard","https:\/\/profile.hatena.ne.jp\/iwellguard\/","https:\/\/experiment.com\/users\/iwellguard","https:\/\/wakelet.com\/@iWellGuard82270","https:\/\/www.chordie.com\/forum\/profile.php?id=2555664","https:\/\/www.instapaper.com\/p\/17757966","https:\/\/www.mapleprimes.com\/users\/iwellguard","https:\/\/businesslistingplus.com\/profile\/iwell-guard\/","https:\/\/telegra.ph\/iWell-Guard-06-06","https:\/\/pbase.com\/iwellguard\/iwellguard","https:\/\/b.hatena.ne.jp\/iwellguard\/20260607#bookmark-4788405196491818882","https:\/\/fliphtml5.com\/home\/iwellguard","https:\/\/anyflip.com\/homepage\/cmiwl#About","https:\/\/transfur.com\/Users\/iwellguard","http:\/\/delphi.larsbo.org\/user\/iwellguard","https:\/\/jobs.lajobsportal.org\/profiles\/8380803-iwell-guard","https:\/\/md.chaosdorf.de\/s\/jfbe5SBdJD","https:\/\/www.lingvolive.com\/en-us\/profile\/9ecaeaca-ce11-4e51-9e71-01d55e2bff36\/translations","https:\/\/www.fitday.com\/fitness\/forums\/members\/iwellguard.html","https:\/\/www.mymeetbook.com\/iwellguard","https:\/\/pxhere.com\/en\/photographer-me\/5040798","https:\/\/disqus.com\/by\/iwellguard\/about\/","https:\/\/pastelink.net\/hjwciqwq","https:\/\/pubhtml5.com\/homepage\/scjhn\/","https:\/\/www.bitchute.com\/channel\/2O2eOKzNqujT","https:\/\/audiomack.com\/iwellguard"]}]}},"_links":{"self":[{"href":"https:\/\/iwell-guard.com\/hr\/wp-json\/wp\/v2\/pages\/149594","targetHints":{"allow":["GET"]}}],"collection":[{"href":"https:\/\/iwell-guard.com\/hr\/wp-json\/wp\/v2\/pages"}],"about":[{"href":"https:\/\/iwell-guard.com\/hr\/wp-json\/wp\/v2\/types\/page"}],"author":[{"embeddable":true,"href":"https:\/\/iwell-guard.com\/hr\/wp-json\/wp\/v2\/users\/3"}],"replies":[{"embeddable":true,"href":"https:\/\/iwell-guard.com\/hr\/wp-json\/wp\/v2\/comments?post=149594"}],"version-history":[{"count":0,"href":"https:\/\/iwell-guard.com\/hr\/wp-json\/wp\/v2\/pages\/149594\/revisions"}],"wp:featuredmedia":[{"embeddable":true,"href":"https:\/\/iwell-guard.com\/hr\/wp-json\/wp\/v2\/media\/2274"}],"wp:attachment":[{"href":"https:\/\/iwell-guard.com\/hr\/wp-json\/wp\/v2\/media?parent=149594"}],"wp:term":[{"taxonomy":"category","embeddable":true,"href":"https:\/\/iwell-guard.com\/hr\/wp-json\/wp\/v2\/categories?post=149594"}],"curies":[{"name":"wp","href":"https:\/\/api.w.org\/{rel}","templated":true}]}}