{"id":149574,"date":"2026-09-04T05:11:43","date_gmt":"2026-09-04T05:11:43","guid":{"rendered":"https:\/\/iwell-guard.com\/?page_id=149574"},"modified":"2026-09-04T05:26:57","modified_gmt":"2026-09-04T05:26:57","slug":"gabriel","status":"publish","type":"page","link":"https:\/\/iwell-guard.com\/hr\/gabriel\/","title":{"rendered":"Gabriel"},"content":{"rendered":"\t\t<div data-elementor-type=\"wp-page\" data-elementor-id=\"149574\" class=\"elementor elementor-149574 elementor-2140 elementor-bc-flex-widget\" data-elementor-post-type=\"page\">\n\t\t\t\t<div class=\"elementor-element elementor-element-10fdade e-flex e-con-boxed e-con e-parent\" data-id=\"10fdade\" data-element_type=\"container\" data-e-type=\"container\" data-settings=\"{&quot;background_background&quot;:&quot;classic&quot;}\">\n\t\t\t\t\t<div class=\"e-con-inner\">\n\t\t<div class=\"elementor-element elementor-element-herohlft0 e-flex e-con-boxed e-con e-child\" data-id=\"herohlft0\" data-element_type=\"container\" data-e-type=\"container\">\n\t\t\t\t\t<div class=\"e-con-inner\">\n\t\t<div class=\"elementor-element elementor-element-c3ceb64 e-con-full e-flex e-con e-child\" data-id=\"c3ceb64\" data-element_type=\"container\" data-e-type=\"container\">\n\t\t\t\t<div class=\"elementor-element elementor-element-96ae5e1 elementor-widget elementor-widget-heading\" data-id=\"96ae5e1\" data-element_type=\"widget\" data-e-type=\"widget\" data-widget_type=\"heading.default\">\n\t\t\t\t\t<h1 class=\"elementor-heading-title elementor-size-default\">Gabriel, bog \u017eidovske tradicije<\/h1>\t\t\t\t<\/div>\n\t\t\t\t<div class=\"elementor-element elementor-element-e45238a elementor-widget elementor-widget-text-editor\" data-id=\"e45238a\" data-element_type=\"widget\" data-e-type=\"widget\" data-widget_type=\"text-editor.default\">\n\t\t\t\t\t\t\t\t\t<p>Gabriel je arkan\u0111eoska figura \u017eidovske tradicije, navjestitelj bo\u017eanskih poruka i djelatnik u eshatolo\u0161kim scenama. Njegov religioznoznanstveni zna\u010daj le\u017ei u posredovanju izme\u0111u neba i zemlje, u otkrivanju Bo\u017eje volje i u uspostavljanju kanona \u017eidovske angelologije.<\/p>\t\t\t\t\t\t\t\t<\/div>\n\t\t\t\t<\/div>\n\t\t<div class=\"elementor-element elementor-element-klsbdg01 e-con-full e-flex e-con e-parent\" data-id=\"klsbdg01\" data-element_type=\"container\" data-e-type=\"container\">\n\t\t\t\t<div class=\"elementor-element elementor-element-klshtm01 elementor-widget elementor-widget-html\" data-id=\"klshtm01\" data-element_type=\"widget\" data-e-type=\"widget\" data-widget_type=\"html.default\">\n\t\t\t\t\t<div class=\"iwg-pill-row\"><span class=\"iwg-klasse-badge\" tabindex=\"0\" data-tooltip=\"Svjetlosna bi\u0107a: prosvijetljena, za\u0161titni\u010dka ili pou\u010davaju\u0107a bi\u0107a, arkan\u0111eli, uzvi\u0161eni u\u010ditelji, svjetla bi\u0107a prirode. U novijim i starijim duhovnim tradicijama opisana kao pomaga\u010di i u\u010ditelji.\">Svjetlosno bi\u0107e<\/span><a href=\"https:\/\/iwell-guard.com\/hr\/?page_id=149350\" class=\"iwg-kultur-badge\" tabindex=\"0\" data-tooltip=\"Islamski svijet vjerovanja s arkan\u0111elima, d\u017einima i religijskim bi\u0107ima.\">Islam<\/a><span class=\"iwg-tradition-badge\" tabindex=\"0\" data-tooltip=\"Arkan\u0111eli, najvi\u0161a klasa an\u0111ela u \u017eidovskoj, kr\u0161\u0107anskoj i islamskoj tradiciji.\">Arkan\u0111eo<\/span><\/div>\t\t\t\t<\/div>\n\t\t\t\t<\/div>\n\t\t<div class=\"elementor-element elementor-element-3f74855 e-con-full e-flex e-con e-child\" data-id=\"3f74855\" data-element_type=\"container\" data-e-type=\"container\">\n\t\t\t\t<div class=\"elementor-element elementor-element-1c30362 elementor-toc--minimized-on-tablet elementor-widget elementor-widget-table-of-contents\" data-id=\"1c30362\" data-element_type=\"widget\" data-e-type=\"widget\" data-settings=\"{&quot;exclude_headings_by_selector&quot;:[],&quot;no_headings_message&quot;:&quot;Na ovoj stranici nisu prona\\u0111eni naslovi.&quot;,&quot;headings_by_tags&quot;:[&quot;h2&quot;,&quot;h3&quot;],&quot;marker_view&quot;:&quot;bullets&quot;,&quot;minimize_box&quot;:&quot;yes&quot;,&quot;icon&quot;:{&quot;value&quot;:&quot;fas fa-circle&quot;,&quot;library&quot;:&quot;fa-solid&quot;,&quot;rendered_tag&quot;:&quot;&lt;svg class=\\&quot;e-font-icon-svg e-fas-circle\\&quot; viewBox=\\&quot;0 0 512 512\\&quot; xmlns=\\&quot;http:\\\/\\\/www.w3.org\\\/2000\\\/svg\\&quot;&gt;&lt;path d=\\&quot;M256 8C119 8 8 119 8 256s111 248 248 248 248-111 248-248S393 8 256 8z\\&quot;&gt;&lt;\\\/path&gt;&lt;\\\/svg&gt;&quot;},&quot;minimized_on&quot;:&quot;tablet&quot;,&quot;hierarchical_view&quot;:&quot;yes&quot;,&quot;min_height&quot;:{&quot;unit&quot;:&quot;px&quot;,&quot;size&quot;:&quot;&quot;,&quot;sizes&quot;:[]},&quot;min_height_tablet&quot;:{&quot;unit&quot;:&quot;px&quot;,&quot;size&quot;:&quot;&quot;,&quot;sizes&quot;:[]},&quot;min_height_mobile&quot;:{&quot;unit&quot;:&quot;px&quot;,&quot;size&quot;:&quot;&quot;,&quot;sizes&quot;:[]}}\" data-widget_type=\"table-of-contents.default\">\n\t\t\t\t\t\t\t\t\t<div class=\"elementor-toc__header\">\n\t\t\t\t\t\t<h2 class=\"elementor-toc__header-title\">\n\t\t\t\tSadr\u017eaj\t\t\t<\/h2>\n\t\t\t\t\t\t\t\t\t\t<div class=\"elementor-toc__toggle-button elementor-toc__toggle-button--expand\" role=\"button\" tabindex=\"0\" aria-controls=\"elementor-toc__1c30362\" aria-expanded=\"true\" aria-label=\"Open table of contents\"><svg aria-hidden=\"true\" class=\"e-font-icon-svg e-fas-chevron-down\" viewBox=\"0 0 448 512\" xmlns=\"http:\/\/www.w3.org\/2000\/svg\"><path d=\"M207.029 381.476L12.686 187.132c-9.373-9.373-9.373-24.569 0-33.941l22.667-22.667c9.357-9.357 24.522-9.375 33.901-.04L224 284.505l154.745-154.021c9.379-9.335 24.544-9.317 33.901.04l22.667 22.667c9.373 9.373 9.373 24.569 0 33.941L240.971 381.476c-9.373 9.372-24.569 9.372-33.942 0z\"><\/path><\/svg><\/div>\n\t\t\t\t<div class=\"elementor-toc__toggle-button elementor-toc__toggle-button--collapse\" role=\"button\" tabindex=\"0\" aria-controls=\"elementor-toc__1c30362\" aria-expanded=\"true\" aria-label=\"Close table of contents\"><svg aria-hidden=\"true\" class=\"e-font-icon-svg e-fas-chevron-up\" viewBox=\"0 0 448 512\" xmlns=\"http:\/\/www.w3.org\/2000\/svg\"><path d=\"M240.971 130.524l194.343 194.343c9.373 9.373 9.373 24.569 0 33.941l-22.667 22.667c-9.357 9.357-24.522 9.375-33.901.04L224 227.495 69.255 381.516c-9.379 9.335-24.544 9.317-33.901-.04l-22.667-22.667c-9.373-9.373-9.373-24.569 0-33.941L207.03 130.525c9.372-9.373 24.568-9.373 33.941-.001z\"><\/path><\/svg><\/div>\n\t\t\t\t\t<\/div>\n\t\t\t\t<div id=\"elementor-toc__1c30362\" class=\"elementor-toc__body\">\n\t\t\t<div class=\"elementor-toc__spinner-container\">\n\t\t\t\t<svg class=\"elementor-toc__spinner eicon-animation-spin e-font-icon-svg e-eicon-loading\" aria-hidden=\"true\" viewBox=\"0 0 1000 1000\" xmlns=\"http:\/\/www.w3.org\/2000\/svg\"><path d=\"M500 975V858C696 858 858 696 858 500S696 142 500 142 142 304 142 500H25C25 237 238 25 500 25S975 237 975 500 763 975 500 975Z\"><\/path><\/svg>\t\t\t<\/div>\n\t\t<\/div>\n\t\t\t\t\t\t<\/div>\n\t\t\t\t<\/div>\n\t\t\t\t\t<\/div>\n\t\t\t\t<\/div>\n\t\t<div class=\"elementor-element elementor-element-herorght0 e-con-full e-flex e-con e-child\" data-id=\"herorght0\" data-element_type=\"container\" data-e-type=\"container\">\n\t\t\t\t<div class=\"elementor-element elementor-element-heroimg00 iwg-hero-image elementor-widget elementor-widget-image\" data-id=\"heroimg00\" data-element_type=\"widget\" data-e-type=\"widget\" data-widget_type=\"image.default\">\n\t\t\t\t\t\t\t\t\t\t\t\t\t\t\t<img fetchpriority=\"high\" decoding=\"async\" width=\"683\" height=\"1024\" src=\"https:\/\/iwell-guard.com\/wp-content\/uploads\/2026\/04\/goetter_judentum_gabriel-683x1024.webp\" class=\"attachment-large size-large wp-image-151828\" alt=\"Gabriel - bogovi iz \u017eidovske tradicije, povijesno-ilustrativno\" srcset=\"https:\/\/iwell-guard.com\/wp-content\/uploads\/2026\/04\/goetter_judentum_gabriel-683x1024.webp 683w, https:\/\/iwell-guard.com\/wp-content\/uploads\/2026\/04\/goetter_judentum_gabriel-200x300.webp 200w, https:\/\/iwell-guard.com\/wp-content\/uploads\/2026\/04\/goetter_judentum_gabriel-768x1152.webp 768w, https:\/\/iwell-guard.com\/wp-content\/uploads\/2026\/04\/goetter_judentum_gabriel.webp 1024w\" sizes=\"(max-width: 683px) 100vw, 683px\" \/>\t\t\t\t\t\t\t\t\t\t\t\t\t\t\t<\/div>\n\t\t\t\t<\/div>\n\t\t\t\t\t<\/div>\n\t\t\t\t<\/div>\n\t\t<div class=\"elementor-element elementor-element-32917199 e-flex e-con-boxed e-con e-parent\" data-id=\"32917199\" data-element_type=\"container\" data-e-type=\"container\">\n\t\t\t\t\t<div class=\"e-con-inner\">\n\t\t<div class=\"elementor-element elementor-element-26e916cb e-flex e-con-boxed e-con e-child\" data-id=\"26e916cb\" data-element_type=\"container\" data-e-type=\"container\">\n\t\t\t\t\t<div class=\"e-con-inner\">\n\t\t<div class=\"elementor-element elementor-element-253a40d4 e-flex e-con-boxed e-con e-child\" data-id=\"253a40d4\" data-element_type=\"container\" data-e-type=\"container\">\n\t\t\t\t\t<div class=\"e-con-inner\">\n\t\t\t\t<div class=\"elementor-element elementor-element-1200c304 elementor-widget elementor-widget-heading\" data-id=\"1200c304\" data-element_type=\"widget\" data-e-type=\"widget\" data-widget_type=\"heading.default\">\n\t\t\t\t\t<h2 class=\"elementor-heading-title elementor-size-default\">Gabriel<\/h2>\t\t\t\t<\/div>\n\t\t\t\t<div class=\"elementor-element elementor-element-11758e7f elementor-widget elementor-widget-text-editor\" data-id=\"11758e7f\" data-element_type=\"widget\" data-e-type=\"widget\" data-widget_type=\"text-editor.default\">\n\t\t\t\t\t\t\t\t\t<p>Gabriel djeluje kao Bo\u017eji glasnik i posrednik bo\u017eanske volje. Njegova svojstva obuhva\u0107aju snagu, istinu i neposrednu blizinu Bo\u017ejem prijestolju. Sredi\u0161nji mitovi su: Danielove vizije (Dn 8, 9), u kojima Gabriel otkriva eshatolo\u0161ka vremena; navje\u0161tenje Ivana Krstitelja (Lk 1:11, 20, samo kr\u0161\u0107anska tradicija); i kabalisti\u010dko-misti\u010dne uloge u henohovskoj knji\u017eevnosti i tradicijama Zohara.<\/p>\t\t\t\t\t\t\t\t<\/div>\n\t\t\t\t\t<\/div>\n\t\t\t\t<\/div>\n\t\t<div class=\"elementor-element elementor-element-159dcf9a e-flex e-con-boxed e-con e-child\" data-id=\"159dcf9a\" data-element_type=\"container\" data-e-type=\"container\">\n\t\t\t\t\t<div class=\"e-con-inner\">\n\t\t\t\t<div class=\"elementor-element elementor-element-48cee66f elementor-widget elementor-widget-heading\" data-id=\"48cee66f\" data-element_type=\"widget\" data-e-type=\"widget\" data-widget_type=\"heading.default\">\n\t\t\t\t\t<h2 class=\"elementor-heading-title elementor-size-default\">Kratki profil: Gabriel<\/h2>\t\t\t\t<\/div>\n\t\t\t\t<div class=\"elementor-element elementor-element-3f50d82c elementor-widget elementor-widget-text-editor\" data-id=\"3f50d82c\" data-element_type=\"widget\" data-e-type=\"widget\" data-widget_type=\"text-editor.default\">\n\t\t\t\t\t\t\t\t\t<p>Gabriel potje\u010de iz biblijskih primarnih izvora: Knjige Danielove (8:16, 9:21) i apokrifnih spisa (Henoh 1-2, Tobija 3:17). Vremenski okvir smje\u0161ta se u helenisti\u010dko razdoblje (2. 1. stolje\u0107e pr. Kr.).<\/p><p>\u017didovska istra\u017eivanja dokumentiraju Gabriela kod Scholema (Judaica, <span class=\"iwg-fachbegriff\" tabindex=\"0\" data-tooltip=\"Religiozna struja usmjerena na neposredno iskustvo Boga; klju\u010dna u \u017eidovskoj, kr\u0161\u0107anskoj i islamskoj tradiciji.\">mistici<\/span>), Bietenharda (angelologija), Hughesa (Dictionary of Islam, komparativni pregled) i McLeoda (\u017eidovsko-islamske paralele). Stanje istra\u017eivanja pokazuje Gabriela kao arhetipskog arkan\u0111ela Bliskog istoka.<\/p>\t\t\t\t\t\t\t\t<\/div>\n\t\t\t\t\t<\/div>\n\t\t\t\t<\/div>\n\t\t\t\t\t<\/div>\n\t\t\t\t<\/div>\n\t\t\t\t\t<\/div>\n\t\t\t\t<\/div>\n\t\t<div class=\"elementor-element elementor-element-18613602 e-flex e-con-boxed e-con e-parent\" data-id=\"18613602\" data-element_type=\"container\" data-e-type=\"container\">\n\t\t\t\t\t<div class=\"e-con-inner\">\n\t\t\t\t<div class=\"elementor-element elementor-element-262b8a9f elementor-widget elementor-widget-heading\" data-id=\"262b8a9f\" data-element_type=\"widget\" data-e-type=\"widget\" data-widget_type=\"heading.default\">\n\t\t\t\t\t<h2 class=\"elementor-heading-title elementor-size-default\">Kontekst<\/h2>\t\t\t\t<\/div>\n\t\t<div class=\"elementor-element elementor-element-46dcb7d e-con-full e-flex e-con e-child\" data-id=\"46dcb7d\" data-element_type=\"container\" data-e-type=\"container\">\n\t\t<div class=\"elementor-element elementor-element-61d3ab3 e-flex e-con-boxed e-con e-child\" data-id=\"61d3ab3\" data-element_type=\"container\" data-e-type=\"container\">\n\t\t\t\t\t<div class=\"e-con-inner\">\n\t\t\t\t<div class=\"elementor-element elementor-element-117c166 elementor-widget elementor-widget-heading\" data-id=\"117c166\" data-element_type=\"widget\" data-e-type=\"widget\" data-widget_type=\"heading.default\">\n\t\t\t\t\t<div class=\"elementor-heading-title elementor-size-default\">Zeitraum der Texte<\/div>\t\t\t\t<\/div>\n\t\t\t\t<div class=\"elementor-element elementor-element-73997a0 elementor-widget elementor-widget-text-editor\" data-id=\"73997a0\" data-element_type=\"widget\" data-e-type=\"widget\" data-widget_type=\"text-editor.default\">\n\t\t\t\t\t\t\t\t\t<p>Od vizija u Knjizi Danielovoj do dana\u0161njeg dana mo\u017ee se pratiti Gabrielov put kroz izvore: preko Evan\u0111elja po Luki, islamske predaje i kr\u0161\u0107anske ikonografije navje\u0161tenja. Do danas je predmet po\u0161tovanja, primjerice na blagdanu arkan\u0111ela u katoli\u010dkoj Crkvi 29. rujna ili u zazivanju kao za\u0161titnika glasnika i prenositelja vijesti. Sr\u017e njegove slike, an\u0111ela koji donosi Bo\u017eju rije\u010d, ostala je pri tome nepromijenjena.<\/p>\t\t\t\t\t\t\t\t<\/div>\n\t\t\t\t\t<\/div>\n\t\t\t\t<\/div>\n\t\t<div class=\"elementor-element elementor-element-d47b156 e-flex e-con-boxed e-con e-child\" data-id=\"d47b156\" data-element_type=\"container\" data-e-type=\"container\">\n\t\t\t\t\t<div class=\"e-con-inner\">\n\t\t\t\t<div class=\"elementor-element elementor-element-ff38c2b elementor-widget elementor-widget-heading\" data-id=\"ff38c2b\" data-element_type=\"widget\" data-e-type=\"widget\" data-widget_type=\"heading.default\">\n\t\t\t\t\t<div class=\"elementor-heading-title elementor-size-default\">Verbreitungsraum<\/div>\t\t\t\t<\/div>\n\t\t\t\t<div class=\"elementor-element elementor-element-4e49fcc elementor-widget elementor-widget-text-editor\" data-id=\"4e49fcc\" data-element_type=\"widget\" data-e-type=\"widget\" data-widget_type=\"text-editor.default\">\n\t\t\t\t\t\t\t\t\t<p>Gabriel nije bio ograni\u010den na odre\u0111enu regiju ili lokaciju, nego je bio poznat i po\u0161tovan ili s po\u0161tovanjem strahom priznavan univerzalno u cijelom \u017eidovskom svijetu. Bilo u velikim urbanim sredi\u0161tima ili u perifernim ruralnim podru\u010djima, bilo me\u0111u dru\u0161tvenom elitom ili obi\u010dnim narodom, duhovni i kulturni zna\u010daj ovog bi\u0107a bio je dosljedno prepoznat i univerzalan.<\/p><p>Gabriel spada me\u0111u rijetke an\u0111ele koji su imenom spomenuti i po\u0161tovani u \u017eidovstvu, kr\u0161\u0107anstvu i islamu. Ta rasprostranjenost kroz tri religije obja\u0161njava se zajedni\u010dkim pozivanjem na biblijsko predanje: Knjiga Danielova dala je an\u0111elu njegovo ime i njegovu ulogu, a Evan\u0111elje po Luki i Kuran preuzeli su oboje. Tako je nastala jedinstvena slika bo\u017eanskog glasnika koja nadilazi jezi\u010dne i kulturne granice.<\/p>\t\t\t\t\t\t\t\t<\/div>\n\t\t\t\t\t<\/div>\n\t\t\t\t<\/div>\n\t\t\t\t<\/div>\n\t\t<div class=\"elementor-element elementor-element-db03c39 e-con-full e-flex e-con e-child\" data-id=\"db03c39\" data-element_type=\"container\" data-e-type=\"container\">\n\t\t<div class=\"elementor-element elementor-element-229a87b e-flex e-con-boxed e-con e-child\" data-id=\"229a87b\" data-element_type=\"container\" data-e-type=\"container\">\n\t\t\t\t\t<div class=\"e-con-inner\">\n\t\t\t\t<div class=\"elementor-element elementor-element-1f471fc elementor-widget elementor-widget-heading\" data-id=\"1f471fc\" data-element_type=\"widget\" data-e-type=\"widget\" data-widget_type=\"heading.default\">\n\t\t\t\t\t<div class=\"elementor-heading-title elementor-size-default\">Quellenlage<\/div>\t\t\t\t<\/div>\n\t\t\t\t<div class=\"elementor-element elementor-element-36b1201 elementor-widget elementor-widget-text-editor\" data-id=\"36b1201\" data-element_type=\"widget\" data-e-type=\"widget\" data-widget_type=\"text-editor.default\">\n\t\t\t\t\t\t\t\t\t<p>Primarni izvori su Knjiga Danielova (8:16, 9:21, hebrejski, 164. pr. Kr.), 1. Henoh 9:3; 10:9, 10; 20:5 (hebrejski, 150. pr. Kr.), Tobija 3:17; 5:4 (gr\u010dki, 2. st. pr. Kr.), te kabalisti\u010dki materijal (Sefer ha-Bahir, 12. st.; Zohar, 13. st.).<\/p><p><span data-nosnippet>Sekundarno su Gabrielovu figuru kao sredi\u0161te \u017eidovskog arkan\u0111elskog sustava analizirali Scholem (<span class=\"iwg-fachbegriff\" tabindex=\"0\" data-tooltip=\"Religiozna struja usmjerena na neposredno iskustvo Boga; klju\u010dna u \u017eidovskoj, kr\u0161\u0107anskoj i islamskoj tradiciji.\">mistika<\/span> i angelologija), Bietenhard (kr\u0161\u0107anska an\u0111elska mistika, 1949), Hans Karppe (\u00c9sot\u00e9risme et Cabale, francuski) i dijalo\u0161ki svezak McLeod (Judeo-Islamic Angelology, 2002).<\/span><\/p>\t\t\t\t\t\t\t\t<\/div>\n\t\t\t\t\t<\/div>\n\t\t\t\t<\/div>\n\t\t\t\t<\/div>\n\t\t\t\t\t<\/div>\n\t\t\t\t<\/div>\n\t\t<div class=\"elementor-element elementor-element-3ae0637c e-flex e-con-boxed e-con e-parent\" data-id=\"3ae0637c\" data-element_type=\"container\" data-e-type=\"container\">\n\t\t\t\t\t<div class=\"e-con-inner\">\n\t\t\t\t<div class=\"elementor-element elementor-element-31d07739 elementor-widget elementor-widget-heading\" data-id=\"31d07739\" data-element_type=\"widget\" data-e-type=\"widget\" data-widget_type=\"heading.default\">\n\t\t\t\t\t<h2 class=\"elementor-heading-title elementor-size-default\">Naziv<\/h2>\t\t\t\t<\/div>\n\t\t<div class=\"elementor-element elementor-element-b7642947 e-con-full e-flex e-con e-child\" data-id=\"b7642947\" data-element_type=\"container\" data-e-type=\"container\">\n\t\t\t\t<div class=\"elementor-element elementor-element-a086266 elementor-widget elementor-widget-text-editor\" data-id=\"a086266\" data-element_type=\"widget\" data-e-type=\"widget\" data-widget_type=\"text-editor.default\">\n\t\t\t\t\t\t\t\t\t<p>Gabriel je u razli\u010ditim izvorima i umjetni\u010dkim tradicijama prikazan s odre\u0111enim ponavljaju\u0107im ikonografskim elementima koji ostaju relativno stalni tijekom desetlje\u0107a i kroz razli\u010dite geografske prostore. Ti elementi nisu isklju\u010divo dekorativni ili nasumi\u010dno odabrani, nego su duboko simboli\u010dki kodirani i nose veliko zna\u010denje.<\/p><p>U kr\u0161\u0107anskoj umjetnosti Gabriel se prepoznaje po utvr\u0111enim obilje\u017ejima: ljiljan u ruci kao znak Marijine \u010disto\u0107e, \u010desto glasni\u010dki \u0161tap ili traka s rije\u010dima pozdrava iz Luke 1, uz to podignutu ili upu\u0107uju\u0107u gestu pozdrava. Ta slikovna govorica bila je za promatra\u010de \u010ditljiva kao tekst. Tko je poznavao scenu navje\u0161tenja, odmah je prepoznao: ovdje Bo\u017eji glasnik govori Mariji. Svaki detalj, od stava an\u0111ela do boje njegove odore, slijedio je ikonografske smjernice koje su slikari prenosili kroz stolje\u0107a.<\/p>\t\t\t\t\t\t\t\t<\/div>\n\t\t\t\t<\/div>\n\t\t\t\t\t<\/div>\n\t\t\t\t<\/div>\n\t\t<div class=\"elementor-element elementor-element-709a44a8 e-flex e-con-boxed e-con e-parent\" data-id=\"709a44a8\" data-element_type=\"container\" data-e-type=\"container\">\n\t\t\t\t\t<div class=\"e-con-inner\">\n\t\t\t\t<div class=\"elementor-element elementor-element-2f585873 elementor-widget elementor-widget-heading\" data-id=\"2f585873\" data-element_type=\"widget\" data-e-type=\"widget\" data-widget_type=\"heading.default\">\n\t\t\t\t\t<h2 class=\"elementor-heading-title elementor-size-default\">Karakteristike<\/h2>\t\t\t\t<\/div>\n\t\t<div class=\"elementor-element elementor-element-70621c12 e-con-full e-flex e-con e-child\" data-id=\"70621c12\" data-element_type=\"container\" data-e-type=\"container\">\n\t\t\t\t<div class=\"elementor-element elementor-element-4296eb49 elementor-widget elementor-widget-text-editor\" data-id=\"4296eb49\" data-element_type=\"widget\" data-e-type=\"widget\" data-widget_type=\"text-editor.default\">\n\t\t\t\t\t\t\t\t\t<p>Gabriel je bio sredi\u0161nji u religijskoj praksi, svakodnevnim ritualima i svakodnevnom razumijevanju \u017eidovstva. Ljudi su se u kriti\u010dnim ili posebnim \u017eivotnim situacijama, ili u odre\u0111enim ritualnim godi\u0161njim dobima, obra\u0107ali ovom bi\u0107u, sa strukturiranim, \u010desto razra\u0111enim ritualima, molitvama ili \u017ertvenim darovima.<\/p><p>Tuma\u010denje mjesta o Gabrielu slijedilo je utvr\u0111ena pravila: u \u017eidovstvu su pismoznanci tuma\u010dili Danielove vizije prema metodama rabinske egzegeze, u crkvama su teolozi i propovjednici tuma\u010dili scenu navje\u0161tenja iz Luke 1 prema crkvenoj nau\u010dnoj tradiciji. Tko je govorio o an\u0111elu, nije to \u010dinio po vlastitom naho\u0111enju, nego u okviru \u0161kolovanog tuma\u010denja Pisma.<\/p><p>\u010cinjenica da se Gabriel javlja kao glasnik od Knjige Danielove preko Evan\u0111elja po Luki sve do islama pokazuje koliko je \u010dvrsto njegova funkcija bila ukorijenjena u sve tri religije. Njegove zada\u0107e razlikuju se ovisno o kontekstu: u Knjizi Danielovoj tuma\u010di vizije i navje\u0161\u0107uje budu\u0107e doga\u0111aje, u Evan\u0111elju po Luki donosi Mariji vijest o ro\u0111enju Isusa, u islamu se smatra prenositeljem otkrivenja proroku Muhamedu.<\/p>\t\t\t\t\t\t\t\t<\/div>\n\t\t\t\t<\/div>\n\t\t\t\t\t<\/div>\n\t\t\t\t<\/div>\n\t\t<div class=\"elementor-element elementor-element-44e71476 e-flex e-con-boxed e-con e-parent\" data-id=\"44e71476\" data-element_type=\"container\" data-e-type=\"container\">\n\t\t\t\t\t<div class=\"e-con-inner\">\n\t\t\t\t<div class=\"elementor-element elementor-element-3c1fc3f0 elementor-widget elementor-widget-heading\" data-id=\"3c1fc3f0\" data-element_type=\"widget\" data-e-type=\"widget\" data-widget_type=\"heading.default\">\n\t\t\t\t\t<h2 class=\"elementor-heading-title elementor-size-default\">Profil: Gabriel<\/h2>\t\t\t\t<\/div>\n\t\t<div class=\"elementor-element elementor-element-84f33b8e e-con-full e-flex e-con e-child\" data-id=\"84f33b8e\" data-element_type=\"container\" data-e-type=\"container\">\n\t\t\t\t<div class=\"elementor-element elementor-element-hqkdc67p elementor-widget elementor-widget-text-editor\" data-id=\"hqkdc67p\" data-element_type=\"widget\" data-e-type=\"widget\" data-widget_type=\"text-editor.default\">\n\t\t\t\t\t\t\t\t\t<p>Profil prikazuje Gabriela kroz \u0161est dimenzija kartice: njegovo geografsko-kulturno podrijetlo u Judeji i mediteranskoj <span class=\"iwg-fachbegriff\" data-tooltip=\"Epoha gr\u010dke i rimske kulture, otprilike od 800. pr. Kr. do 600. n. Kr.\" tabindex=\"0\">antici<\/span>, njegovu ciljanu skupinu pobo\u017enih vjernika i mistika, ikonografska obilje\u017eja arkan\u0111elske <span class=\"iwg-fachbegriff\" data-tooltip=\"Znanost o sadr\u017eaju slika i njihovom zna\u010denju.\" tabindex=\"0\">ikonografije<\/span>, njegovu funkcionalnu ulogu Bo\u017ejeg glasnika, usporedbe s arkan\u0111elima drugih kultura, te njegov misti\u010dni status u \u017eidovskoj <span class=\"iwg-fachbegriff\" data-tooltip=\"Skupni pojam za nauke koje pola\u017eu pravo na skriveno znanje dostupno samo upu\u0107enima.\" tabindex=\"0\">ezoteriji<\/span>.<\/p>\t\t\t\t\t\t\t\t<\/div>\n\t\t\t\t<\/div>\n\t\t<div class=\"elementor-element elementor-element-pemmx7c5 e-con-full e-flex e-con e-child\" data-id=\"pemmx7c5\" data-element_type=\"container\" data-e-type=\"container\">\n\t\t<div class=\"elementor-element elementor-element-pemmx7c1 e-con-full e-flex e-con e-child\" data-id=\"pemmx7c1\" data-element_type=\"container\" data-e-type=\"container\">\n\t\t<div class=\"elementor-element elementor-element-qh9oavvu iwg-steckbrief-card e-flex e-con-boxed e-con e-child\" data-id=\"qh9oavvu\" data-element_type=\"container\" data-e-type=\"container\">\n\t\t\t\t\t<div class=\"e-con-inner\">\n\t\t\t\t<div class=\"elementor-element elementor-element-awzx8k2k elementor-widget elementor-widget-heading\" data-id=\"awzx8k2k\" data-element_type=\"widget\" data-e-type=\"widget\" data-widget_type=\"heading.default\">\n\t\t\t\t\t<div class=\"elementor-heading-title elementor-size-default\">Podrijetlo<\/div>\t\t\t\t<\/div>\n\t\t\t\t<div class=\"elementor-element elementor-element-x6rowhv0 elementor-widget elementor-widget-text-editor\" data-id=\"x6rowhv0\" data-element_type=\"widget\" data-e-type=\"widget\" data-widget_type=\"text-editor.default\">\n\t\t\t\t\t\t\t\t\t<p>Gabriel se prvi put spominje u Knjizi Danijelovoj, koja je nastala u helenisti\u010dkom kasnom razdoblju Judeje (164. pr. Kr., period Seleukida).<\/p><p>Geografsko podrijetlo nalazi se u Jeruzalemu i Judeji; teolo\u0161ki okvir razvijao se u razdoblju babilonskog progonstva (6. do 5. stolje\u0107e pr. Kr.) uz novu sustavnost <span class=\"iwg-fachbegriff\" data-tooltip=\"U abrahamskim religijama nebesko bi\u0107e koje prenosi Bo\u017eje poruke.\" tabindex=\"0\">an\u0111ela<\/span>. Knjiga Danijelova nastaje u Babilonu, \u0161to oblikuje prikaz Gabriela kao kosmi\u010dkog posrednika u helenisti\u010dkoj angelologiji.<\/p>\t\t\t\t\t\t\t\t<\/div>\n\t\t\t\t\t<\/div>\n\t\t\t\t<\/div>\n\t\t<div class=\"elementor-element elementor-element-8e3o4kxs iwg-steckbrief-card e-flex e-con-boxed e-con e-child\" data-id=\"8e3o4kxs\" data-element_type=\"container\" data-e-type=\"container\">\n\t\t\t\t\t<div class=\"e-con-inner\">\n\t\t\t\t<div class=\"elementor-element elementor-element-08rkdgov elementor-widget elementor-widget-heading\" data-id=\"08rkdgov\" data-element_type=\"widget\" data-e-type=\"widget\" data-widget_type=\"heading.default\">\n\t\t\t\t\t<div class=\"elementor-heading-title elementor-size-default\">Predmet djelovanja<\/div>\t\t\t\t<\/div>\n\t\t\t\t<div class=\"elementor-element elementor-element-uwjelx8s elementor-widget elementor-widget-text-editor\" data-id=\"uwjelx8s\" data-element_type=\"widget\" data-e-type=\"widget\" data-widget_type=\"text-editor.default\">\n\t\t\t\t\t\t\t\t\t<p>Gabriel se prvenstveno obra\u0107ao pobo\u017enim \u017didovima i misti\u010darima kao garant Bo\u017eje volje. Dru\u0161tvena ciljna skupina su sve\u0107enici, proroci, sveci i kasnije kabalisti. Prigode su trenuci otkrivenja, kriznih razdoblja (progonstvo, tla\u010denje), blagdani (Purim, Hanuka, gdje Gabrielova mo\u0107 djeluje mitolo\u0161ki) i osobna duhovna potraga. <span class=\"iwg-fachbegriff\" data-tooltip=\"Molbeno ili zazivaju\u0107e obra\u0107anje bo\u017eanstvu ili sili.\" tabindex=\"0\">Zazivanje<\/span> se odvija u <span class=\"iwg-fachbegriff\" data-tooltip=\"Jezi\u010dno obra\u0107anje \u010dovjeka bo\u017eanstvu.\" tabindex=\"0\">molitvi<\/span> i misti\u010dnoj kontemplaciji.<\/p>\t\t\t\t\t\t\t\t<\/div>\n\t\t\t\t\t<\/div>\n\t\t\t\t<\/div>\n\t\t<div class=\"elementor-element elementor-element-jm2n74ec iwg-steckbrief-card e-flex e-con-boxed e-con e-child\" data-id=\"jm2n74ec\" data-element_type=\"container\" data-e-type=\"container\">\n\t\t\t\t\t<div class=\"e-con-inner\">\n\t\t\t\t<div class=\"elementor-element elementor-element-8vufse4c elementor-widget elementor-widget-heading\" data-id=\"8vufse4c\" data-element_type=\"widget\" data-e-type=\"widget\" data-widget_type=\"heading.default\">\n\t\t\t\t\t<div class=\"elementor-heading-title elementor-size-default\">Izgled<\/div>\t\t\t\t<\/div>\n\t\t\t\t<div class=\"elementor-element elementor-element-mwb9u015 elementor-widget elementor-widget-text-editor\" data-id=\"mwb9u015\" data-element_type=\"widget\" data-e-type=\"widget\" data-widget_type=\"text-editor.default\">\n\t\t\t\t\t\t\t\t\t<p>Gabriel ikonografski: mu\u0161ka prilika s krilima, ma\u010dem ili \u0161tapom, aurom svjetlosti (haloom), ponekad ljiljanovim <span class=\"iwg-fachbegriff\" data-tooltip=\"Znak koji zastupa neku predstavu ili zna\u010denje.\" tabindex=\"0\">simbolom<\/span> (kasnije preuzetim u kr\u0161\u0107anstvu). Atributi su koplje, svitak (otkrivenje), vaga (sud). U \u017eidovskoj misti\u010dnoj umjetnosti: bijela odje\u0107a, \u0161est krila, blizina Shekhini (Bo\u017ejoj prisutnosti). Tipi\u010dan prikaz slijedi kasne opise <span class=\"iwg-fachbegriff\" tabindex=\"0\" data-tooltip=\"Glavno djelo rabinskog judaizma, u babilonskoj i jeruzalemskoj verziji; sadr\u017ei Mi\u0161nu i Gemaru.\">Talmuda<\/span> i <span class=\"iwg-fachbegriff\" tabindex=\"0\" data-tooltip=\"\u017didovska mistika s glavnim djelima Sefer Yetzira, Zohar i lurijanskom \u0161kolom; u\u010denje o sefirotima, tetragramu i tikkunu.\">kabale<\/span> te njezinu <span class=\"iwg-fachbegriff\" data-tooltip=\"Nauka o sadr\u017eaju slika i njihovom zna\u010denju.\" tabindex=\"0\">ikonografiju<\/span>.<\/p>\t\t\t\t\t\t\t\t<\/div>\n\t\t\t\t\t<\/div>\n\t\t\t\t<\/div>\n\t\t\t\t<\/div>\n\t\t<div class=\"elementor-element elementor-element-pemmx7c2 e-con-full e-flex e-con e-child\" data-id=\"pemmx7c2\" data-element_type=\"container\" data-e-type=\"container\">\n\t\t<div class=\"elementor-element elementor-element-37ss2yr6 iwg-steckbrief-card e-flex e-con-boxed e-con e-child\" data-id=\"37ss2yr6\" data-element_type=\"container\" data-e-type=\"container\">\n\t\t\t\t\t<div class=\"e-con-inner\">\n\t\t\t\t<div class=\"elementor-element elementor-element-3v0wp3wx elementor-widget elementor-widget-heading\" data-id=\"3v0wp3wx\" data-element_type=\"widget\" data-e-type=\"widget\" data-widget_type=\"heading.default\">\n\t\t\t\t\t<div class=\"elementor-heading-title elementor-size-default\">Funkcija<\/div>\t\t\t\t<\/div>\n\t\t\t\t<div class=\"elementor-element elementor-element-w3247g2m elementor-widget elementor-widget-text-editor\" data-id=\"w3247g2m\" data-element_type=\"widget\" data-e-type=\"widget\" data-widget_type=\"text-editor.default\">\n\t\t\t\t\t\t\t\t\t<strong>Djelokrug:<\/strong><p>Gabriel je u kr\u0161\u0107ansko-\u017eidovskom i islamskom kontekstu arkan\u0111eo \u010dija je primarna funkcija preno\u0161enje Bo\u017ejih poruka.<\/p>\t\t\t\t\t\t\t\t<\/div>\n\t\t\t\t\t<\/div>\n\t\t\t\t<\/div>\n\t\t<div class=\"elementor-element elementor-element-0qpjal9w iwg-steckbrief-card e-flex e-con-boxed e-con e-child\" data-id=\"0qpjal9w\" data-element_type=\"container\" data-e-type=\"container\">\n\t\t\t\t\t<div class=\"e-con-inner\">\n\t\t\t\t<div class=\"elementor-element elementor-element-6ndoih0o elementor-widget elementor-widget-heading\" data-id=\"6ndoih0o\" data-element_type=\"widget\" data-e-type=\"widget\" data-widget_type=\"heading.default\">\n\t\t\t\t\t<div class=\"elementor-heading-title elementor-size-default\">Za\u0161tita<\/div>\t\t\t\t<\/div>\n\t\t\t\t<div class=\"elementor-element elementor-element-6684tyh9 elementor-widget elementor-widget-text-editor\" data-id=\"6684tyh9\" data-element_type=\"widget\" data-e-type=\"widget\" data-widget_type=\"text-editor.default\">\n\t\t\t\t\t\t\t\t\t<p>Gabriel je smatran dobrim, blagotvornim bi\u0107em. Prakse zazivanja obuhva\u0107ale su molitve za mudrost, otkrivenje i za\u0161titu od demona. U <span class=\"iwg-fachbegriff\" tabindex=\"0\" data-tooltip=\"\u017didovska mistika s glavnim djelima Sefer Yetzira, Zohar i lurijanskom \u0161kolom; u\u010denje o sefirotima, tetragramu i tikkunu.\">kabali<\/span> su se prakticirale meditacije usmjerene na Gabriela (yichudim, misti\u010dna sjedinjenja) radi usmjeravanja nebeske mo\u0107i. Po\u0161tovanje prema Gabrielu o\u010ditovalo se u strahopo\u0161tovanju, propisu \u010disto\u0107e, ritualnom \u010di\u0161\u0107enju i postu prije misti\u010dnih poku\u0161aja kontakta.<\/p>\t\t\t\t\t\t\t\t<\/div>\n\t\t\t\t\t<\/div>\n\t\t\t\t<\/div>\n\t\t<div class=\"elementor-element elementor-element-3lfi7x32 iwg-steckbrief-card e-flex e-con-boxed e-con e-child\" data-id=\"3lfi7x32\" data-element_type=\"container\" data-e-type=\"container\">\n\t\t\t\t\t<div class=\"e-con-inner\">\n\t\t\t\t<div class=\"elementor-element elementor-element-0kg99ga1 elementor-widget elementor-widget-heading\" data-id=\"0kg99ga1\" data-element_type=\"widget\" data-e-type=\"widget\" data-widget_type=\"heading.default\">\n\t\t\t\t\t<div class=\"elementor-heading-title elementor-size-default\">Usporedivo<\/div>\t\t\t\t<\/div>\n\t\t\t\t<div class=\"elementor-element elementor-element-n0fum6kp elementor-widget elementor-widget-text-editor\" data-id=\"n0fum6kp\" data-element_type=\"widget\" data-e-type=\"widget\" data-widget_type=\"text-editor.default\">\n\t\t\t\t\t\t\t\t\t<p>Usporedivi likovi: Raguel (arkan\u0111eo sklada, <span class=\"iwg-fachbegriff\" tabindex=\"0\" data-tooltip=\"\u017didovska mistika s glavnim djelima Sefer Jecira, Zohar i lurijanskom \u0161kolom.\">kabala<\/span>), Mihael (ratnik, pobjeditelj demona), Uriel (vatreni <span class=\"iwg-fachbegriff\" data-tooltip=\"U abrahamskim religijama nebesko glasni\u010dko bi\u0107e Bo\u017eje.\" tabindex=\"0\">an\u0111eo<\/span>, sud), Metatron (prijestolni an\u0111eo <span class=\"iwg-fachbegriff\" tabindex=\"0\" data-tooltip=\"\u017didovska mistika s glavnim djelima Sefer Jecira, Zohar i lurijanskom \u0161kolom.\">kabale<\/span>). Izvan judaizma: islamski D\u017eibril (istovjetan s Gabrielom, Kur&#8217;an, sura 2:97), kr\u0161\u0107anski Gabriel (Lk 1, Navje\u0161tenje), zoroastrijski jazate (nebeski posrednici).<\/p>\t\t\t\t\t\t\t\t<\/div>\n\t\t\t\t\t<\/div>\n\t\t\t\t<\/div>\n\t\t\t\t<\/div>\n\t\t\t\t<\/div>\n\t\t\t\t\t<\/div>\n\t\t\t\t<\/div>\n\t\t<div class=\"elementor-element elementor-element-7533bc7a e-flex e-con-boxed e-con e-parent\" data-id=\"7533bc7a\" data-element_type=\"container\" data-e-type=\"container\">\n\t\t\t\t\t<div class=\"e-con-inner\">\n\t\t\t\t<div class=\"elementor-element elementor-element-2447d18d elementor-widget elementor-widget-heading\" data-id=\"2447d18d\" data-element_type=\"widget\" data-e-type=\"widget\" data-widget_type=\"heading.default\">\n\t\t\t\t\t<h2 class=\"elementor-heading-title elementor-size-default\">Obrana u svakodnevnom \u017eivotu<\/h2>\t\t\t\t<\/div>\n\t\t<div class=\"elementor-element elementor-element-d5d0260c e-con-full e-flex e-con e-child\" data-id=\"d5d0260c\" data-element_type=\"container\" data-e-type=\"container\">\n\t\t\t\t<div class=\"elementor-element elementor-element-341be2ac elementor-widget elementor-widget-text-editor\" data-id=\"341be2ac\" data-element_type=\"widget\" data-e-type=\"widget\" data-widget_type=\"text-editor.default\">\n\t\t\t\t\t\t\t\t\t<p><strong>Slavljenje i liturgijsko spominjanje<\/strong><\/p><p>Gabriel se u kr\u0161\u0107anskim crkvama slavi na blagdan svetog Mihovila (29. rujna) ili na Gabrielov dan.<\/p><p><strong>Navje\u0161tenje Mariji i njegovo ponavljanje<\/strong><\/p><p>Liturgijske prakse (posebno u isto\u010dnom kr\u0161\u0107anstvu i katoli\u010dkoj <span class=\"iwg-fachbegriff\" data-tooltip=\"Kratko, osobno ili zajedni\u010dko religiozno razmi\u0161ljanje.\" tabindex=\"0\">molitveno-duhovno razmatranje<\/span>) svakodnevno spominju Navje\u0161tenje.<\/p><p><strong>Amuleti i znakovi milosti<\/strong><\/p><p>Ljiljan (iz renesansne <span class=\"iwg-fachbegriff\" data-tooltip=\"Nauka o sadr\u017eaju slika i njihovom zna\u010denju.\" tabindex=\"0\">ikonografije<\/span>) Gabrielov je cvjetni <span class=\"iwg-fachbegriff\" data-tooltip=\"Znak koji zastupa neku predstavu ili zna\u010denje.\" tabindex=\"0\">simbol<\/span>.<\/p>\t\t\t\t\t\t\t\t<\/div>\n\t\t\t\t<\/div>\n\t\t\t\t\t<\/div>\n\t\t\t\t<\/div>\n\t\t<div class=\"elementor-element elementor-element-5a584676 e-flex e-con-boxed e-con e-parent\" data-id=\"5a584676\" data-element_type=\"container\" data-e-type=\"container\">\n\t\t\t\t\t<div class=\"e-con-inner\">\n\t\t\t\t<div class=\"elementor-element elementor-element-6d0757bf elementor-widget elementor-widget-heading\" data-id=\"6d0757bf\" data-element_type=\"widget\" data-e-type=\"widget\" data-widget_type=\"heading.default\">\n\t\t\t\t\t<h2 class=\"elementor-heading-title elementor-size-default\">Gabriel, paralele u drugim kulturama<\/h2>\t\t\t\t<\/div>\n\t\t<div class=\"elementor-element elementor-element-60563f68 e-con-full e-flex e-con e-child\" data-id=\"60563f68\" data-element_type=\"container\" data-e-type=\"container\">\n\t\t\t\t<div class=\"elementor-element elementor-element-5a93fdd6 elementor-widget elementor-widget-text-editor\" data-id=\"5a93fdd6\" data-element_type=\"widget\" data-e-type=\"widget\" data-widget_type=\"text-editor.default\">\n\t\t\t\t\t\t\t\t\t<p><p><strong>\u017didovska tradicija:<\/strong> Gabriel je sredi\u0161nja figura. Paralele su Mihael (an\u0111eo rata), Uriel (an\u0111eo vatre i suda), Raguel (pravednost), Tzaphkiel (kontemplacija, <span class=\"iwg-fachbegriff\" tabindex=\"0\" data-tooltip=\"\u017didovska mistika s glavnim djelima Sefer Yetzira, Zohar i lurijanskom \u0161kolom.\">kabala<\/span>). Sva \u010detvorica su u <span class=\"iwg-fachbegriff\" tabindex=\"0\" data-tooltip=\"Glavno djelo rabinskog judaizma, u babilonskoj i jeruzalemskoj verziji; sadr\u017ei Mi\u0161nu i Gemaru.\">Talmudu<\/span> i <span class=\"iwg-fachbegriff\" tabindex=\"0\" data-tooltip=\"\u017didovska mistika s glavnim djelima Sefer Yetzira, Zohar i lurijanskom \u0161kolom.\">kabali<\/span> utvr\u0111eni kao arkan\u0111elska tetrada (Scholem). Gabrielova funkcija an\u0111ela otkrivenja kanonska je u Knjizi Henokovoj 1:9 <span class=\"iwg-fachbegriff\" tabindex=\"0\" data-tooltip=\"Pripada utvr\u0111enom svetom korpusu tekstova neke religije; nekanonski tekstovi smatraju se apokrifnima.\">kanonski<\/span>.<\/p><p><strong>Gr\u010dko-rimski svijet:<\/strong> Nema izravnih \u017eidovskih <span class=\"iwg-fachbegriff\" data-tooltip=\"U abrahamskim religijama nebesko bi\u0107e koje prenosi Bo\u017eje poruke.\" tabindex=\"0\">an\u0111ela<\/span> u <span class=\"iwg-fachbegriff\" data-tooltip=\"Razdoblje gr\u010dke i rimske kulture, otprilike od 800. pr. Kr. do 600. n. Kr.\" tabindex=\"0\">antici<\/span>. Udaljeno srodni su gr\u010dki bo\u017eanski glasnici kao Hermes ili Iris (glasnici bogova), a i demonski daimoni Hesiodove tradicije. Ulogu posredni\u010dkog glasnika dijele s Gabrielom.<\/p><p><strong>Mezopotamija:<\/strong> Mezopotamska istovjetnost: Nabu (pisar Mardukov, otkrivenje), \u0160ama\u0161 (bog sunca, pravda). Ulogu posrednika izme\u0111u bogova i ljudi Gabriel deli s Nabuom. Akadski popisi demona (Enuma eli\u0161) pokazuju sli\u010dne hijerarhije.<\/p><p><strong>Indija\/Azija:<\/strong> Nema izravnih paralela. Udaljeno srodni su Indrini glasnici (hinduisti\u010dka <span class=\"iwg-fachbegriff\" data-tooltip=\"Ukupnost predanih pripovijesti o bogovima neke kulture.\" tabindex=\"0\">mitologija<\/span>), bodhisattve kao posrednici otkrivenja (budizam), ili apsare kao nebeski glasnici (sanskrtska knji\u017eevnost). Zajedni\u010dka im je funkcija kosmi\u010dkog posredovanja.<\/p>\t\t\t\t\t\t\t\t<\/div>\n\t\t\t\t<\/div>\n\t\t\t\t\t<\/div>\n\t\t\t\t<\/div>\n\t\t<div class=\"elementor-element elementor-element-cp071532f e-flex e-con-boxed e-con e-parent\" data-id=\"cp071532f\" data-element_type=\"container\" data-e-type=\"container\">\n\t\t\t\t\t<div class=\"e-con-inner\">\n\t\t\t\t<div class=\"elementor-element elementor-element-cp4d85ae2 elementor-widget elementor-widget-heading\" data-id=\"cp4d85ae2\" data-element_type=\"widget\" data-e-type=\"widget\" data-widget_type=\"heading.default\">\n\t\t\t\t\t<h2 class=\"elementor-heading-title elementor-size-default\">Gabriel kod Daniela: prva pojavljivanja<\/h2>\t\t\t\t<\/div>\n\t\t<div class=\"elementor-element elementor-element-cpe5177d4 e-con-full e-flex e-con e-child\" data-id=\"cpe5177d4\" data-element_type=\"container\" data-e-type=\"container\">\n\t\t\t\t<div class=\"elementor-element elementor-element-cp7fe7aec elementor-widget elementor-widget-text-editor\" data-id=\"cp7fe7aec\" data-element_type=\"widget\" data-e-type=\"widget\" data-widget_type=\"text-editor.default\">\n\t\t\t\t\t\t\t\t\t<p>Gabriel je prvi <span class=\"iwg-fachbegriff\" data-tooltip=\"U abrahamskim religijama nebesko glasni\u010dko bi\u0107e Bo\u017eje.\" tabindex=\"0\">an\u0111eo<\/span> u hebrejskoj Bibliji koji nosi vlastito ime. Pojavljuje se u <em>Knjizi proroka Daniela<\/em>, spisu koji je u svom dana\u0161njem obliku nastao u helenisti\u010dko doba, u drugom stolje\u0107u prije nove ere.<\/p><p>U <em>Danielu<\/em> 8 Gabriel dobiva zadatak da vidiocu Danielu protuma\u010di viziju ovna i jarca. U <em>Danielu<\/em> 9 ponovno se javlja kako bi Danielu objasnio poznato <span class=\"iwg-fachbegriff\" data-tooltip=\"Predvi\u0111anje budu\u0107ih doga\u0111aja religijskim ili magijskim sredstvima.\" tabindex=\"0\">proro\u010danstvo<\/span> o sedamdeset sedmica godina.<\/p><p>Ve\u0107 se u tim ranim pojavljivanjima ocrtava Gabrielova karakteristi\u010dna uloga. On je <span class=\"iwg-fachbegriff\" data-tooltip=\"U abrahamskim religijama nebesko glasni\u010dko bi\u0107e Bo\u017eje.\" tabindex=\"0\">an\u0111eo<\/span> tuma\u010denja i poruke. Ne donosi ponajprije kaznu ili rat, kako je to nazna\u010deno kod Mihaela, nego razumijevanje.<\/p><p>On \u010dovjeku obja\u0161njava ono \u0161to ovaj sam od sebe ne mo\u017ee shvatiti. Upada u o\u010di da Daniel pri pogledu na Gabriela pada u strah i baca se na tlo, \u010dime se nagla\u0161ava nat\u010dovje\u010dna pojava an\u0111ela.<\/p><p>Znanost u Knjizi proroka Daniela vidi va\u017ean korak u razvoju \u017eidovske angelologije. Ovdje se <span class=\"iwg-fachbegriff\" data-tooltip=\"U abrahamskim religijama nebesko glasni\u010dko bi\u0107e Bo\u017eje.\" tabindex=\"0\">an\u0111eli<\/span> po prvi put individualiziraju, dobivaju imena i jasno odre\u0111ene zada\u0107e. Gabriel i Mihael u Danielu \u010dine jezgru razvijaju\u0107e se predod\u017ebe o imenovanim, visokorangiranim an\u0111elima.<\/p><p>Taj se razvoj nastavlja u apokalipti\u010dkoj knji\u017eevnosti idu\u0107ih stolje\u0107a i \u010dini temelj kasnijeg \u017eidovskog, kr\u0161\u0107anskog i islamskog nauka o an\u0111elima.<\/p>\t\t\t\t\t\t\t\t<\/div>\n\t\t\t\t<\/div>\n\t\t\t\t\t<\/div>\n\t\t\t\t<\/div>\n\t\t<div class=\"elementor-element elementor-element-cp8abf03a e-flex e-con-boxed e-con e-parent\" data-id=\"cp8abf03a\" data-element_type=\"container\" data-e-type=\"container\">\n\t\t\t\t\t<div class=\"e-con-inner\">\n\t\t\t\t<div class=\"elementor-element elementor-element-cp0111206 elementor-widget elementor-widget-heading\" data-id=\"cp0111206\" data-element_type=\"widget\" data-e-type=\"widget\" data-widget_type=\"heading.default\">\n\t\t\t\t\t<h2 class=\"elementor-heading-title elementor-size-default\">Navje\u0161tenje Mariji i Zahariji<\/h2>\t\t\t\t<\/div>\n\t\t<div class=\"elementor-element elementor-element-cp5fcef28 e-con-full e-flex e-con e-child\" data-id=\"cp5fcef28\" data-element_type=\"container\" data-e-type=\"container\">\n\t\t\t\t<div class=\"elementor-element elementor-element-cp3b131d7 elementor-widget elementor-widget-text-editor\" data-id=\"cp3b131d7\" data-element_type=\"widget\" data-e-type=\"widget\" data-widget_type=\"text-editor.default\">\n\t\t\t\t\t\t\t\t\t<p>U kr\u0161\u0107anstvu Gabriel svoje najve\u0107e zna\u010denje dobiva po <em>Evan\u0111elju po Luki<\/em>. U prvom poglavlju Gabriel se javlja dva puta. Najprije se pojavljuje sve\u0107eniku Zahariji u <span class=\"iwg-fachbegriff\" data-tooltip=\"Gra\u0111evina koja slu\u017ei \u0161tovanju jednog ili vi\u0161e bo\u017eanstava.\" tabindex=\"0\">hramu<\/span> i navje\u0161\u0107uje ro\u0111enje Ivana, koji \u0107e kasnije biti Ivan Krstitelj.<\/p><p>Jer Zaharija sumnja, postaje nem do ro\u0111enja djeteta. Gabriel se pri tome izri\u010dito predstavlja rije\u010dima da je onaj koji stoji pred Bogom.<\/p><p>Ne\u0161to kasnije Gabriel se javlja mladoj Mariji u Nazaretu i navje\u0161\u0107uje joj ro\u0111enje Isusa. Ovaj prizor, navje\u0161tenje Mariji, postao je jedna od najzna\u010dajnijih an\u0111eoskih pojava u cijeloj kr\u0161\u0107anskoj tradiciji.<\/p><p>Pozdrav kojim se Gabriel obra\u0107a Mariji u\u0161ao je u kr\u0161\u0107ansku <span class=\"iwg-fachbegriff\" data-tooltip=\"Utvr\u0111eni poredak bogoslu\u017eja jedne religijske zajednice.\" tabindex=\"0\">liturgiju<\/span> i u <span class=\"iwg-fachbegriff\" data-tooltip=\"Jezi\u010dno obra\u0107anje \u010dovjeka bo\u017eanstvu.\" tabindex=\"0\">molitvu<\/span> Zdravo Marijo. U likovnoj umjetnosti srednjeg vijeka i renesanse navje\u0161tenje spada me\u0111u naj\u010de\u0161\u0107e prikazivane motive uop\u0107e.<\/p><p>Upada u o\u010di kontinuitet od Daniela do Evan\u0111elja po Luki. U oba slu\u010daja Gabriel je <span class=\"iwg-fachbegriff\" data-tooltip=\"U abrahamskim religijama nebesko glasni\u010dko bi\u0107e Bo\u017eje.\" tabindex=\"0\">an\u0111eo<\/span> koji navje\u0161\u0107uje i tuma\u010di zna\u010dajnu budu\u0107nost. Luka se svjesno nadovezuje na danielsku tradiciju. Gabriel nije nasumce izabrani glasnik, nego ve\u0107 u \u017eidovskoj <span class=\"iwg-fachbegriff\" data-tooltip=\"Preno\u0161enje znanja i pripovijesti kroz generacije.\" tabindex=\"0\">predaji<\/span> utvr\u0111eni <span class=\"iwg-fachbegriff\" data-tooltip=\"U abrahamskim religijama nebesko glasni\u010dko bi\u0107e Bo\u017eje.\" tabindex=\"0\">an\u0111eo<\/span> najave spasenjske povijesti.<\/p><p>Kr\u0161\u0107anska <span class=\"iwg-fachbegriff\" data-tooltip=\"Nauka o slikovnim sadr\u017eajima i njihovom zna\u010denju.\" tabindex=\"0\">ikonografija<\/span> ga je zato trajno opremila atributima poruke, ljiljanom kao znakom Marijine \u010disto\u0107e, svitkom ili \u0161tapom.<\/p>\t\t\t\t\t\t\t\t<\/div>\n\t\t\t\t<\/div>\n\t\t\t\t\t<\/div>\n\t\t\t\t<\/div>\n\t\t<div class=\"elementor-element elementor-element-cp01e140b e-flex e-con-boxed e-con e-parent\" data-id=\"cp01e140b\" data-element_type=\"container\" data-e-type=\"container\">\n\t\t\t\t\t<div class=\"e-con-inner\">\n\t\t\t\t<div class=\"elementor-element elementor-element-cp787b02a elementor-widget elementor-widget-heading\" data-id=\"cp787b02a\" data-element_type=\"widget\" data-e-type=\"widget\" data-widget_type=\"heading.default\">\n\t\t\t\t\t<h2 class=\"elementor-heading-title elementor-size-default\">D\u017eibril i preno\u0161enje Kur'ana<\/h2>\t\t\t\t<\/div>\n\t\t<div class=\"elementor-element elementor-element-cp84e0ad9 e-con-full e-flex e-con e-child\" data-id=\"cp84e0ad9\" data-element_type=\"container\" data-e-type=\"container\">\n\t\t\t\t<div class=\"elementor-element elementor-element-cp0e7df94 elementor-widget elementor-widget-text-editor\" data-id=\"cp0e7df94\" data-element_type=\"widget\" data-e-type=\"widget\" data-widget_type=\"text-editor.default\">\n\t\t\t\t\t\t\t\t\t<p>U islamu je Gabriel, pod imenom <em>D\u017eibril<\/em>, najva\u017eniji <span class=\"iwg-fachbegriff\" data-tooltip=\"U abrahamskim religijama nebesko glasni\u010dko bi\u0107e Bo\u017eje.\" tabindex=\"0\">an\u0111eo<\/span> uop\u0107e. On je <span class=\"iwg-fachbegriff\" data-tooltip=\"U abrahamskim religijama nebesko glasni\u010dko bi\u0107e Bo\u017eje.\" tabindex=\"0\">an\u0111eo<\/span> otkrivenja, preko kojeg je, prema islamskom nau\u010davanju, Kur&#8217;an prenesen proroku Muhamedu.<\/p><p>Islamska tradicija povezuje D\u017eibrila s po\u010detkom otkrivenja u pe\u0107ini Hira, gdje se prvi put pojavio Muhamedu i pozvao ga da recitira.<\/p><p>D\u017eibril se u Kur&#8217;anu na nekoliko mjesta izri\u010dito spominje imenom, primjerice u suri 2 i suri 66. \u010ce\u0161\u0107e se pojavljuje pod opisima kao pouzdani <span class=\"iwg-fachbegriff\" data-tooltip=\"Bestjelesno bi\u0107e kojemu se pripisuje djelovanje u svijetu.\" tabindex=\"0\">duh<\/span> ili sveti <span class=\"iwg-fachbegriff\" data-tooltip=\"Bestjelesno bi\u0107e kojemu se pripisuje djelovanje u svijetu.\" tabindex=\"0\">duh<\/span>, pri \u010demu se sveti <span class=\"iwg-fachbegriff\" data-tooltip=\"Bestjelesno bi\u0107e kojemu se pripisuje djelovanje u svijetu.\" tabindex=\"0\">duh<\/span> u islamskom shva\u0107anju izjedna\u010duje s D\u017eibrilom, a ne, kao u kr\u0161\u0107anstvu, ozna\u010dava vlastitu bo\u017eansku osobu.<\/p><p>Islamska tradicija D\u017eibrilu, osim preno\u0161enja Kur&#8217;ana, pripisuje i druge zada\u0107e, primjerice pratnju Muhameda na no\u0107nom putovanju i uza\u0161a\u0161\u0107u na nebo.<\/p><p>U usporedbi triju religija pokazuje se zapanjuju\u0107a stalnost. U \u017eidovskoj, kr\u0161\u0107anskoj i islamskoj <span class=\"iwg-fachbegriff\" data-tooltip=\"Preno\u0161enje znanja i pripovijesti kroz generacije.\" tabindex=\"0\">predaji<\/span> Gabriel je uvijek <span class=\"iwg-fachbegriff\" data-tooltip=\"U abrahamskim religijama nebesko glasni\u010dko bi\u0107e Bo\u017eje.\" tabindex=\"0\">an\u0111eo<\/span> koji prenosi sredi\u0161nju bo\u017eansku poruku. U Danielu tuma\u010di viziju, u Luke navje\u0161\u0107uje presudna ro\u0111enja, u islamu prenosi cjelokupno otkrivenje.<\/p><p>Ova dosljedna funkcija glasnika i posrednika \u010dini Gabriela jednim od rijetkih likova koji u svim trima abrahamskim religijama igra istaknutu i u sr\u017ei srodnu ulogu. Unutar an\u0111elske hijerarhije obi\u010dno stoji na najvi\u0161em mjestu, \u010desto spomenut zajedno s Mihaelom.<\/p>\t\t\t\t\t\t\t\t<\/div>\n\t\t\t\t<\/div>\n\t\t\t\t\t<\/div>\n\t\t\t\t<\/div>\n\t\t<div class=\"elementor-element elementor-element-36dd7469 e-flex e-con-boxed e-con e-parent\" data-id=\"36dd7469\" data-element_type=\"container\" data-e-type=\"container\">\n\t\t\t\t\t<div class=\"e-con-inner\">\n\t\t\t\t<div class=\"elementor-element elementor-element-13760ab4 elementor-widget elementor-widget-heading\" data-id=\"13760ab4\" data-element_type=\"widget\" data-e-type=\"widget\" data-widget_type=\"heading.default\">\n\t\t\t\t\t<h2 class=\"elementor-heading-title elementor-size-default\">Daljnje poveznice<\/h2>\t\t\t\t<\/div>\n\t\t<div class=\"elementor-element elementor-element-28c87796 e-con-full e-flex e-con e-child\" data-id=\"28c87796\" data-element_type=\"container\" data-e-type=\"container\">\n\t\t\t\t<div class=\"elementor-element elementor-element-5d6538df elementor-widget elementor-widget-text-editor\" data-id=\"5d6538df\" data-element_type=\"widget\" data-e-type=\"widget\" data-widget_type=\"text-editor.default\">\n\t\t\t\t\t\t\t\t\t<ul><li><a href=\"https:\/\/iwell-guard.com\/hr\/?page_id=149573\">Uriel<\/a><\/li><\/ul>\t\t\t\t\t\t\t\t<\/div>\n\t\t\t\t<\/div>\n\t\t\t\t\t<\/div>\n\t\t\t\t<\/div>\n\t\t<div class=\"elementor-element elementor-element-grl4kl40 e-flex e-con-boxed e-con e-parent\" data-id=\"grl4kl40\" data-element_type=\"container\" data-e-type=\"container\">\n\t\t\t\t\t<div class=\"e-con-inner\">\n\t\t\t\t<div class=\"elementor-element elementor-element-bzsbfrmh elementor-widget elementor-widget-heading\" data-id=\"bzsbfrmh\" data-element_type=\"widget\" data-e-type=\"widget\" data-widget_type=\"heading.default\">\n\t\t\t\t\t<h2 class=\"elementor-heading-title elementor-size-default\">Izvori i literatura<\/h2>\t\t\t\t<\/div>\n\t\t<div class=\"elementor-element elementor-element-2c13224a e-con-full e-flex e-con e-child\" data-id=\"2c13224a\" data-element_type=\"container\" data-e-type=\"container\">\n\t\t\t\t<div class=\"elementor-element elementor-element-0eymh9ub elementor-widget elementor-widget-text-editor\" data-id=\"0eymh9ub\" data-element_type=\"widget\" data-e-type=\"widget\" data-widget_type=\"text-editor.default\">\n\t\t\t\t\t\t\t\t\t<ul><li><span data-nosnippet>David Mach: <em>Archangels in the Bible<\/em>. Biblical Archaeology Review, 1997.<\/span><\/li><\/ul>\t\t\t\t\t\t\t\t<\/div>\n\t\t\t\t<\/div>\n\t\t\t\t\t<\/div>\n\t\t\t\t<\/div>\n\t\t\t\t<\/div>\n\t\t","protected":false},"excerpt":{"rendered":"","protected":false},"author":3,"featured_media":1609,"parent":0,"menu_order":0,"comment_status":"closed","ping_status":"closed","template":"elementor_header_footer","meta":{"_yoast_wpseo_focuskw":"Gabriel","_yoast_wpseo_title":"Gabriel - navjestitelj bo\u017eanskih poruka","_yoast_wpseo_metadesc":"Gabriel, arkan\u0111eo \u017eidovske tradicije u stoljetnom pismenom predanju: Bo\u017eji glasnik iz Danielovih vizija, posrednik izme\u0111u neba i zemlje.","_yoast_wpseo_meta-robots-noindex":"","_yoast_wpseo_canonical":"","_angie_page":false,"gefaehrdungsstufe":"","wesen_kultur":"christentum","wesen_klasse":"lichtwesen","footnotes":""},"categories":[],"class_list":["post-149574","page","type-page","status-publish","has-post-thumbnail","hentry"],"yoast_head":"<!-- This site is optimized with the Yoast SEO Premium plugin v27.7 (Yoast SEO v28.3) - https:\/\/yoast.com\/product\/yoast-seo-premium-wordpress\/ -->\n<title>Gabriel - navjestitelj bo\u017eanskih poruka<\/title>\n<meta name=\"description\" content=\"Gabriel, arkan\u0111eo \u017eidovske tradicije u stoljetnom pismenom predanju: Bo\u017eji glasnik iz Danielovih vizija, posrednik izme\u0111u neba i zemlje.\" \/>\n<meta name=\"robots\" content=\"index, follow, max-snippet:-1, max-image-preview:large, max-video-preview:-1\" \/>\n<link rel=\"canonical\" href=\"https:\/\/iwell-guard.com\/hr\/gabriel\/\" \/>\n<meta property=\"og:locale\" content=\"hr_HR\" \/>\n<meta property=\"og:type\" content=\"article\" \/>\n<meta property=\"og:title\" content=\"Gabriel\" \/>\n<meta property=\"og:description\" content=\"Gabriel, arkan\u0111eo \u017eidovske tradicije u stoljetnom pismenom predanju: Bo\u017eji glasnik iz Danielovih vizija, posrednik izme\u0111u neba i zemlje.\" \/>\n<meta property=\"og:url\" content=\"https:\/\/iwell-guard.com\/hr\/gabriel\/\" \/>\n<meta property=\"og:site_name\" content=\"iWell Guard\" \/>\n<meta property=\"article:modified_time\" content=\"2026-09-04T05:26:57+00:00\" \/>\n<meta property=\"og:image\" content=\"https:\/\/iwell-guard.com\/wp-content\/uploads\/2026\/04\/goetter_judentum_gabriel.webp\" \/>\n\t<meta property=\"og:image:width\" content=\"1024\" \/>\n\t<meta property=\"og:image:height\" content=\"1536\" \/>\n\t<meta property=\"og:image:type\" content=\"image\/webp\" \/>\n<meta name=\"twitter:card\" content=\"summary_large_image\" \/>\n<script type=\"application\/ld+json\" class=\"yoast-schema-graph\">{\"@context\":\"https:\\\/\\\/schema.org\",\"@graph\":[{\"@type\":\"WebPage\",\"@id\":\"https:\\\/\\\/iwell-guard.com\\\/hr\\\/gabriel\\\/\",\"url\":\"https:\\\/\\\/iwell-guard.com\\\/hr\\\/gabriel\\\/\",\"name\":\"Gabriel - navjestitelj bo\u017eanskih poruka\",\"isPartOf\":{\"@id\":\"https:\\\/\\\/iwell-guard.com\\\/hr\\\/#website\"},\"primaryImageOfPage\":{\"@id\":\"https:\\\/\\\/iwell-guard.com\\\/hr\\\/gabriel\\\/#primaryimage\"},\"image\":{\"@id\":\"https:\\\/\\\/iwell-guard.com\\\/hr\\\/gabriel\\\/#primaryimage\"},\"thumbnailUrl\":\"https:\\\/\\\/iwell-guard.com\\\/wp-content\\\/uploads\\\/2026\\\/04\\\/goetter_judentum_gabriel.webp\",\"datePublished\":\"2026-09-04T05:11:43+00:00\",\"dateModified\":\"2026-09-04T05:26:57+00:00\",\"description\":\"Gabriel, arkan\u0111eo \u017eidovske tradicije u stoljetnom pismenom predanju: Bo\u017eji glasnik iz Danielovih vizija, posrednik izme\u0111u neba i zemlje.\",\"breadcrumb\":{\"@id\":\"https:\\\/\\\/iwell-guard.com\\\/hr\\\/gabriel\\\/#breadcrumb\"},\"inLanguage\":\"hr\",\"potentialAction\":[{\"@type\":\"ReadAction\",\"target\":[\"https:\\\/\\\/iwell-guard.com\\\/hr\\\/gabriel\\\/\"]}]},{\"@type\":\"ImageObject\",\"inLanguage\":\"hr\",\"@id\":\"https:\\\/\\\/iwell-guard.com\\\/hr\\\/gabriel\\\/#primaryimage\",\"url\":\"https:\\\/\\\/iwell-guard.com\\\/wp-content\\\/uploads\\\/2026\\\/04\\\/goetter_judentum_gabriel.webp\",\"contentUrl\":\"https:\\\/\\\/iwell-guard.com\\\/wp-content\\\/uploads\\\/2026\\\/04\\\/goetter_judentum_gabriel.webp\",\"width\":1024,\"height\":1536,\"caption\":\"Bogovi iz \u017eidovske tradicije.\"},{\"@type\":\"BreadcrumbList\",\"@id\":\"https:\\\/\\\/iwell-guard.com\\\/hr\\\/gabriel\\\/#breadcrumb\",\"itemListElement\":[{\"@type\":\"ListItem\",\"position\":1,\"name\":\"Start\",\"item\":\"https:\\\/\\\/iwell-guard.com\\\/hr\\\/?page_id=149317\"},{\"@type\":\"ListItem\",\"position\":2,\"name\":\"Gabriel\"}]},{\"@type\":\"WebSite\",\"@id\":\"https:\\\/\\\/iwell-guard.com\\\/hr\\\/#website\",\"url\":\"https:\\\/\\\/iwell-guard.com\\\/hr\\\/\",\"name\":\"iWell Guard\",\"description\":\"Schutz vor dunklen Einfl\u00fcssen\",\"publisher\":{\"@id\":\"https:\\\/\\\/iwell-guard.com\\\/hr\\\/#organization\"},\"potentialAction\":[{\"@type\":\"SearchAction\",\"target\":{\"@type\":\"EntryPoint\",\"urlTemplate\":\"https:\\\/\\\/iwell-guard.com\\\/hr\\\/?s={search_term_string}\"},\"query-input\":{\"@type\":\"PropertyValueSpecification\",\"valueRequired\":true,\"valueName\":\"search_term_string\"}}],\"inLanguage\":\"hr\"},{\"@type\":\"Organization\",\"@id\":\"https:\\\/\\\/iwell-guard.com\\\/hr\\\/#organization\",\"name\":\"Ittermann electronic GmbH\",\"url\":\"https:\\\/\\\/iwell-guard.com\\\/hr\\\/\",\"logo\":{\"@type\":\"ImageObject\",\"inLanguage\":\"hr\",\"@id\":\"https:\\\/\\\/iwell-guard.com\\\/hr\\\/#\\\/schema\\\/logo\\\/image\\\/\",\"url\":\"https:\\\/\\\/iwell-guard.com\\\/wp-content\\\/uploads\\\/2026\\\/05\\\/Ittermann-Logo-1182x237-1.png\",\"contentUrl\":\"https:\\\/\\\/iwell-guard.com\\\/wp-content\\\/uploads\\\/2026\\\/05\\\/Ittermann-Logo-1182x237-1.png\",\"width\":1182,\"height\":237,\"caption\":\"Ittermann electronic GmbH\"},\"image\":{\"@id\":\"https:\\\/\\\/iwell-guard.com\\\/hr\\\/#\\\/schema\\\/logo\\\/image\\\/\"},\"sameAs\":[\"https:\\\/\\\/pantip.com\\\/profile\\\/9367242\",\"https:\\\/\\\/micro.blog\\\/iwellguard\",\"https:\\\/\\\/www.diggerslist.com\\\/iwellguard\\\/about\",\"https:\\\/\\\/skitterphoto.com\\\/photographers\\\/2870314\\\/iwell-guard\",\"https:\\\/\\\/iwellguard.wordpress.com\\\/2026\\\/06\\\/06\\\/iwell-guard\\\/\",\"https:\\\/\\\/hub.docker.com\\\/u\\\/iwellguard\",\"https:\\\/\\\/www.pinterest.com\\\/iwellguard\\\/\",\"https:\\\/\\\/bit.ly\\\/m\\\/iwellguard\",\"https:\\\/\\\/entre-vos-mains.alsace.eu\\\/profiles\\\/iwellguard\\\/activity\",\"https:\\\/\\\/gravatar.com\\\/reallybeded8fd34\",\"https:\\\/\\\/naijamatta.com\\\/iwellguard\",\"https:\\\/\\\/www.goodreads.com\\\/iwellguard\",\"https:\\\/\\\/profile.hatena.ne.jp\\\/iwellguard\\\/\",\"https:\\\/\\\/experiment.com\\\/users\\\/iwellguard\",\"https:\\\/\\\/wakelet.com\\\/@iWellGuard82270\",\"https:\\\/\\\/www.chordie.com\\\/forum\\\/profile.php?id=2555664\",\"https:\\\/\\\/www.instapaper.com\\\/p\\\/17757966\",\"https:\\\/\\\/www.mapleprimes.com\\\/users\\\/iwellguard\",\"https:\\\/\\\/businesslistingplus.com\\\/profile\\\/iwell-guard\\\/\",\"https:\\\/\\\/telegra.ph\\\/iWell-Guard-06-06\",\"https:\\\/\\\/pbase.com\\\/iwellguard\\\/iwellguard\",\"https:\\\/\\\/b.hatena.ne.jp\\\/iwellguard\\\/20260607#bookmark-4788405196491818882\",\"https:\\\/\\\/fliphtml5.com\\\/home\\\/iwellguard\",\"https:\\\/\\\/anyflip.com\\\/homepage\\\/cmiwl#About\",\"https:\\\/\\\/transfur.com\\\/Users\\\/iwellguard\",\"http:\\\/\\\/delphi.larsbo.org\\\/user\\\/iwellguard\",\"https:\\\/\\\/jobs.lajobsportal.org\\\/profiles\\\/8380803-iwell-guard\",\"https:\\\/\\\/md.chaosdorf.de\\\/s\\\/jfbe5SBdJD\",\"https:\\\/\\\/www.lingvolive.com\\\/en-us\\\/profile\\\/9ecaeaca-ce11-4e51-9e71-01d55e2bff36\\\/translations\",\"https:\\\/\\\/www.fitday.com\\\/fitness\\\/forums\\\/members\\\/iwellguard.html\",\"https:\\\/\\\/www.mymeetbook.com\\\/iwellguard\",\"https:\\\/\\\/pxhere.com\\\/en\\\/photographer-me\\\/5040798\",\"https:\\\/\\\/disqus.com\\\/by\\\/iwellguard\\\/about\\\/\",\"https:\\\/\\\/pastelink.net\\\/hjwciqwq\",\"https:\\\/\\\/pubhtml5.com\\\/homepage\\\/scjhn\\\/\",\"https:\\\/\\\/www.bitchute.com\\\/channel\\\/2O2eOKzNqujT\",\"https:\\\/\\\/audiomack.com\\\/iwellguard\"]},{\"@type\":\"Article\",\"@id\":\"https:\\\/\\\/iwell-guard.com\\\/hr\\\/gabriel\\\/#article\",\"isPartOf\":{\"@id\":\"https:\\\/\\\/iwell-guard.com\\\/hr\\\/gabriel\\\/\"},\"author\":{\"name\":\"Ralf Ittermann\",\"@id\":\"https:\\\/\\\/iwell-guard.com\\\/hr\\\/#\\\/schema\\\/person\\\/ee2a27f1cac3406c7c6fb5820cb7349f\"},\"headline\":\"Gabriel\",\"datePublished\":\"2026-09-04T05:11:43+00:00\",\"dateModified\":\"2026-09-04T05:26:57+00:00\",\"mainEntityOfPage\":{\"@id\":\"https:\\\/\\\/iwell-guard.com\\\/hr\\\/gabriel\\\/\"},\"publisher\":{\"@id\":\"https:\\\/\\\/iwell-guard.com\\\/hr\\\/#organization\"},\"image\":{\"@id\":\"https:\\\/\\\/iwell-guard.com\\\/hr\\\/gabriel\\\/#primaryimage\"},\"thumbnailUrl\":\"https:\\\/\\\/iwell-guard.com\\\/wp-content\\\/uploads\\\/2026\\\/04\\\/goetter_judentum_gabriel.webp\",\"inLanguage\":\"hr\",\"description\":\"Gabriel, arkan\u0111eo \u017eidovske tradicije u stoljetnom pismenom predanju: Bo\u017eji glasnik iz Danielovih vizija, posrednik izme\u0111u neba i zemlje.\"}]}<\/script>\n<!-- \/ Yoast SEO Premium plugin. -->","yoast_head_json":{"title":"Gabriel - navjestitelj bo\u017eanskih poruka","description":"Gabriel, arkan\u0111eo \u017eidovske tradicije u stoljetnom pismenom predanju: Bo\u017eji glasnik iz Danielovih vizija, posrednik izme\u0111u neba i zemlje.","robots":{"index":"index","follow":"follow","max-snippet":"max-snippet:-1","max-image-preview":"max-image-preview:large","max-video-preview":"max-video-preview:-1"},"canonical":"https:\/\/iwell-guard.com\/hr\/gabriel\/","og_locale":"hr_HR","og_type":"article","og_title":"Gabriel","og_description":"Gabriel, arkan\u0111eo \u017eidovske tradicije u stoljetnom pismenom predanju: Bo\u017eji glasnik iz Danielovih vizija, posrednik izme\u0111u neba i zemlje.","og_url":"https:\/\/iwell-guard.com\/hr\/gabriel\/","og_site_name":"iWell Guard","article_modified_time":"2026-09-04T05:26:57+00:00","og_image":[{"width":1024,"height":1536,"url":"https:\/\/iwell-guard.com\/wp-content\/uploads\/2026\/04\/goetter_judentum_gabriel.webp","type":"image\/webp"}],"twitter_card":"summary_large_image","schema":{"@context":"https:\/\/schema.org","@graph":[{"@type":"Article","@id":"https:\/\/iwell-guard.com\/hr\/gabriel\/#article","isPartOf":{"@id":"https:\/\/iwell-guard.com\/hr\/gabriel\/"},"author":{"name":"Ralf Ittermann","@id":"https:\/\/iwell-guard.com\/hr\/#\/schema\/person\/ee2a27f1cac3406c7c6fb5820cb7349f"},"headline":"Gabriel","datePublished":"2026-09-04T05:11:43+00:00","dateModified":"2026-09-04T05:26:57+00:00","mainEntityOfPage":{"@id":"https:\/\/iwell-guard.com\/hr\/gabriel\/"},"publisher":{"@id":"https:\/\/iwell-guard.com\/hr\/#organization"},"image":{"@id":"https:\/\/iwell-guard.com\/hr\/gabriel\/#primaryimage"},"thumbnailUrl":"https:\/\/iwell-guard.com\/wp-content\/uploads\/2026\/04\/goetter_judentum_gabriel.webp","inLanguage":"hr","description":"Gabriel, arkan\u0111eo \u017eidovske tradicije u stoljetnom pismenom predanju: Bo\u017eji glasnik iz Danielovih vizija, posrednik izme\u0111u neba i zemlje."},{"@type":"WebPage","@id":"https:\/\/iwell-guard.com\/hr\/gabriel\/","url":"https:\/\/iwell-guard.com\/hr\/gabriel\/","name":"Gabriel - navjestitelj bo\u017eanskih poruka","isPartOf":{"@id":"https:\/\/iwell-guard.com\/hr\/#website"},"primaryImageOfPage":{"@id":"https:\/\/iwell-guard.com\/hr\/gabriel\/#primaryimage"},"image":{"@id":"https:\/\/iwell-guard.com\/hr\/gabriel\/#primaryimage"},"thumbnailUrl":"https:\/\/iwell-guard.com\/wp-content\/uploads\/2026\/04\/goetter_judentum_gabriel.webp","datePublished":"2026-09-04T05:11:43+00:00","dateModified":"2026-09-04T05:26:57+00:00","description":"Gabriel, arkan\u0111eo \u017eidovske tradicije u stoljetnom pismenom predanju: Bo\u017eji glasnik iz Danielovih vizija, posrednik izme\u0111u neba i zemlje.","breadcrumb":{"@id":"https:\/\/iwell-guard.com\/hr\/gabriel\/#breadcrumb"},"inLanguage":"hr","potentialAction":[{"@type":"ReadAction","target":["https:\/\/iwell-guard.com\/hr\/gabriel\/"]}]},{"@type":"ImageObject","inLanguage":"hr","@id":"https:\/\/iwell-guard.com\/hr\/gabriel\/#primaryimage","url":"https:\/\/iwell-guard.com\/wp-content\/uploads\/2026\/04\/goetter_judentum_gabriel.webp","contentUrl":"https:\/\/iwell-guard.com\/wp-content\/uploads\/2026\/04\/goetter_judentum_gabriel.webp","width":1024,"height":1536,"caption":"Bogovi iz \u017eidovske tradicije."},{"@type":"BreadcrumbList","@id":"https:\/\/iwell-guard.com\/hr\/gabriel\/#breadcrumb","itemListElement":[{"@type":"ListItem","position":1,"name":"Start","item":"https:\/\/iwell-guard.com\/hr\/?page_id=149317"},{"@type":"ListItem","position":2,"name":"Gabriel"}]},{"@type":"WebSite","@id":"https:\/\/iwell-guard.com\/hr\/#website","url":"https:\/\/iwell-guard.com\/hr\/","name":"iWell Guard","description":"Schutz vor dunklen Einfl\u00fcssen","publisher":{"@id":"https:\/\/iwell-guard.com\/hr\/#organization"},"potentialAction":[{"@type":"SearchAction","target":{"@type":"EntryPoint","urlTemplate":"https:\/\/iwell-guard.com\/hr\/?s={search_term_string}"},"query-input":{"@type":"PropertyValueSpecification","valueRequired":true,"valueName":"search_term_string"}}],"inLanguage":"hr"},{"@type":"Organization","@id":"https:\/\/iwell-guard.com\/hr\/#organization","name":"Ittermann electronic GmbH","url":"https:\/\/iwell-guard.com\/hr\/","logo":{"@type":"ImageObject","inLanguage":"hr","@id":"https:\/\/iwell-guard.com\/hr\/#\/schema\/logo\/image\/","url":"https:\/\/iwell-guard.com\/wp-content\/uploads\/2026\/05\/Ittermann-Logo-1182x237-1.png","contentUrl":"https:\/\/iwell-guard.com\/wp-content\/uploads\/2026\/05\/Ittermann-Logo-1182x237-1.png","width":1182,"height":237,"caption":"Ittermann electronic GmbH"},"image":{"@id":"https:\/\/iwell-guard.com\/hr\/#\/schema\/logo\/image\/"},"sameAs":["https:\/\/pantip.com\/profile\/9367242","https:\/\/micro.blog\/iwellguard","https:\/\/www.diggerslist.com\/iwellguard\/about","https:\/\/skitterphoto.com\/photographers\/2870314\/iwell-guard","https:\/\/iwellguard.wordpress.com\/2026\/06\/06\/iwell-guard\/","https:\/\/hub.docker.com\/u\/iwellguard","https:\/\/www.pinterest.com\/iwellguard\/","https:\/\/bit.ly\/m\/iwellguard","https:\/\/entre-vos-mains.alsace.eu\/profiles\/iwellguard\/activity","https:\/\/gravatar.com\/reallybeded8fd34","https:\/\/naijamatta.com\/iwellguard","https:\/\/www.goodreads.com\/iwellguard","https:\/\/profile.hatena.ne.jp\/iwellguard\/","https:\/\/experiment.com\/users\/iwellguard","https:\/\/wakelet.com\/@iWellGuard82270","https:\/\/www.chordie.com\/forum\/profile.php?id=2555664","https:\/\/www.instapaper.com\/p\/17757966","https:\/\/www.mapleprimes.com\/users\/iwellguard","https:\/\/businesslistingplus.com\/profile\/iwell-guard\/","https:\/\/telegra.ph\/iWell-Guard-06-06","https:\/\/pbase.com\/iwellguard\/iwellguard","https:\/\/b.hatena.ne.jp\/iwellguard\/20260607#bookmark-4788405196491818882","https:\/\/fliphtml5.com\/home\/iwellguard","https:\/\/anyflip.com\/homepage\/cmiwl#About","https:\/\/transfur.com\/Users\/iwellguard","http:\/\/delphi.larsbo.org\/user\/iwellguard","https:\/\/jobs.lajobsportal.org\/profiles\/8380803-iwell-guard","https:\/\/md.chaosdorf.de\/s\/jfbe5SBdJD","https:\/\/www.lingvolive.com\/en-us\/profile\/9ecaeaca-ce11-4e51-9e71-01d55e2bff36\/translations","https:\/\/www.fitday.com\/fitness\/forums\/members\/iwellguard.html","https:\/\/www.mymeetbook.com\/iwellguard","https:\/\/pxhere.com\/en\/photographer-me\/5040798","https:\/\/disqus.com\/by\/iwellguard\/about\/","https:\/\/pastelink.net\/hjwciqwq","https:\/\/pubhtml5.com\/homepage\/scjhn\/","https:\/\/www.bitchute.com\/channel\/2O2eOKzNqujT","https:\/\/audiomack.com\/iwellguard"]},{"@type":"Person","@id":"https:\/\/iwell-guard.com\/hr\/#\/schema\/person\/ee2a27f1cac3406c7c6fb5820cb7349f","name":"Ralf Ittermann","image":{"@type":"ImageObject","inLanguage":"hr","@id":"https:\/\/secure.gravatar.com\/avatar\/073c0153e350a5005b68eb752b445fea71f6b24a26da9449ad7e155e6b446c9d?s=96&d=mm&r=g","url":"https:\/\/secure.gravatar.com\/avatar\/073c0153e350a5005b68eb752b445fea71f6b24a26da9449ad7e155e6b446c9d?s=96&d=mm&r=g","contentUrl":"https:\/\/secure.gravatar.com\/avatar\/073c0153e350a5005b68eb752b445fea71f6b24a26da9449ad7e155e6b446c9d?s=96&d=mm&r=g","caption":"Ralf Ittermann"},"givenName":"Ralf","familyName":"Ittermann","jobTitle":"Gesch\u00e4ftsf\u00fchrer und redaktioneller Verantwortlicher","url":"https:\/\/iwell-guard.com\/hr\/author\/claude\/","description":"Ralf Ittermann ist Gesch\u00e4ftsf\u00fchrer der Ittermann electronic GmbH und redaktioneller Verantwortlicher des iWell-Guard-Lexikons. Er verbindet langj\u00e4hrige Erfahrung in der Pr\u00e4zisionsfertigung mit medialer Praxis und religionsgeschichtlicher Quellenarbeit.","worksFor":{"@type":"Organization","name":"Ittermann electronic GmbH","url":"https:\/\/ittermann.de\/","address":{"@type":"PostalAddress","streetAddress":"K\u00f6hlergasse 16-18","postalCode":"99842","addressLocality":"Ruhla","addressCountry":"DE"}},"knowsAbout":["Religionsgeschichte","Mythologie","Mediale Praxis","Energetische Diagnostik","Schutzpraxis","Volksglauben","Westliche Esoterik"]},{"@type":"Article","@id":"https:\/\/iwell-guard.com\/hr\/gabriel\/#article","isPartOf":{"@id":"https:\/\/iwell-guard.com\/hr\/gabriel\/"},"author":{"name":"Ralf Ittermann","@id":"https:\/\/iwell-guard.com\/hr\/#\/schema\/person\/ee2a27f1cac3406c7c6fb5820cb7349f"},"headline":"Gabriel","datePublished":"2026-09-04T05:11:43+00:00","dateModified":"2026-09-04T05:26:57+00:00","mainEntityOfPage":{"@id":"https:\/\/iwell-guard.com\/hr\/gabriel\/"},"publisher":{"@id":"https:\/\/iwell-guard.com\/hr\/#organization"},"image":{"@id":"https:\/\/iwell-guard.com\/hr\/gabriel\/#primaryimage"},"thumbnailUrl":"https:\/\/iwell-guard.com\/wp-content\/uploads\/2026\/04\/goetter_judentum_gabriel.webp","inLanguage":"hr","description":"Gabriel, arkan\u0111eo \u017eidovske tradicije u stoljetnom pismenom predanju: Bo\u017eji glasnik iz Danielovih vizija, posrednik izme\u0111u neba i zemlje."}]}},"_links":{"self":[{"href":"https:\/\/iwell-guard.com\/hr\/wp-json\/wp\/v2\/pages\/149574","targetHints":{"allow":["GET"]}}],"collection":[{"href":"https:\/\/iwell-guard.com\/hr\/wp-json\/wp\/v2\/pages"}],"about":[{"href":"https:\/\/iwell-guard.com\/hr\/wp-json\/wp\/v2\/types\/page"}],"author":[{"embeddable":true,"href":"https:\/\/iwell-guard.com\/hr\/wp-json\/wp\/v2\/users\/3"}],"replies":[{"embeddable":true,"href":"https:\/\/iwell-guard.com\/hr\/wp-json\/wp\/v2\/comments?post=149574"}],"version-history":[{"count":0,"href":"https:\/\/iwell-guard.com\/hr\/wp-json\/wp\/v2\/pages\/149574\/revisions"}],"wp:featuredmedia":[{"embeddable":true,"href":"https:\/\/iwell-guard.com\/hr\/wp-json\/wp\/v2\/media\/1609"}],"wp:attachment":[{"href":"https:\/\/iwell-guard.com\/hr\/wp-json\/wp\/v2\/media?parent=149574"}],"wp:term":[{"taxonomy":"category","embeddable":true,"href":"https:\/\/iwell-guard.com\/hr\/wp-json\/wp\/v2\/categories?post=149574"}],"curies":[{"name":"wp","href":"https:\/\/api.w.org\/{rel}","templated":true}]}}