{"id":149573,"date":"2026-09-04T05:11:43","date_gmt":"2026-09-04T05:11:43","guid":{"rendered":"https:\/\/iwell-guard.com\/?page_id=149573"},"modified":"2026-09-04T05:26:57","modified_gmt":"2026-09-04T05:26:57","slug":"uriel","status":"publish","type":"page","link":"https:\/\/iwell-guard.com\/hr\/uriel\/","title":{"rendered":"Uriel"},"content":{"rendered":"\t\t<div data-elementor-type=\"wp-page\" data-elementor-id=\"149573\" class=\"elementor elementor-149573 elementor-2139 elementor-bc-flex-widget\" data-elementor-post-type=\"page\">\n\t\t\t\t<div class=\"elementor-element elementor-element-10fdade e-flex e-con-boxed e-con e-parent\" data-id=\"10fdade\" data-element_type=\"container\" data-e-type=\"container\" data-settings=\"{&quot;background_background&quot;:&quot;classic&quot;}\">\n\t\t\t\t\t<div class=\"e-con-inner\">\n\t\t<div class=\"elementor-element elementor-element-herohlft0 e-flex e-con-boxed e-con e-child\" data-id=\"herohlft0\" data-element_type=\"container\" data-e-type=\"container\">\n\t\t\t\t\t<div class=\"e-con-inner\">\n\t\t<div class=\"elementor-element elementor-element-c3ceb64 e-con-full e-flex e-con e-child\" data-id=\"c3ceb64\" data-element_type=\"container\" data-e-type=\"container\">\n\t\t\t\t<div class=\"elementor-element elementor-element-96ae5e1 elementor-widget elementor-widget-heading\" data-id=\"96ae5e1\" data-element_type=\"widget\" data-e-type=\"widget\" data-widget_type=\"heading.default\">\n\t\t\t\t\t<h1 class=\"elementor-heading-title elementor-size-default\">Uriel, bog iz \u017eidovske tradicije<\/h1>\t\t\t\t<\/div>\n\t\t\t\t<div class=\"elementor-element elementor-element-e45238a elementor-widget elementor-widget-text-editor\" data-id=\"e45238a\" data-element_type=\"widget\" data-e-type=\"widget\" data-widget_type=\"text-editor.default\">\n\t\t\t\t\t\t\t\t\t<p>Uriel je arkan\u0111elska figura \u017eidovske tradicije, utjelovljenje bo\u017eanske vatre i pravednog suda. Njegov religijsko-znanstveni zna\u010daj le\u017ei u predstavljanju Bo\u017ejeg gnjeva, eshatolo\u0161kog izvr\u0161enja suda i u <span class=\"iwg-fachbegriff\" tabindex=\"0\" data-tooltip=\"Religijski smjer usmjeren na izravno iskustvo Boga; sredi\u0161nji u \u017eidovskoj, kr\u0161\u0107anskoj i islamskoj tradiciji.\">mistici<\/span>&#8211;<span class=\"iwg-fachbegriff\" data-tooltip=\"Znanstvena nauka o Bogu i vjeri jedne religije.\" tabindex=\"0\">teologiji<\/span> kao vatreni <span class=\"iwg-fachbegriff\" data-tooltip=\"U abrahamskim religijama nebesko glasni\u010dko bi\u0107e Bo\u017eje.\" tabindex=\"0\">an\u0111eo<\/span> i \u010duvar prijestolja Svevi\u0161njega.<\/p>\t\t\t\t\t\t\t\t<\/div>\n\t\t\t\t<\/div>\n\t\t<div class=\"elementor-element elementor-element-klsbdg01 e-con-full e-flex e-con e-parent\" data-id=\"klsbdg01\" data-element_type=\"container\" data-e-type=\"container\">\n\t\t\t\t<div class=\"elementor-element elementor-element-klshtm01 elementor-widget elementor-widget-html\" data-id=\"klshtm01\" data-element_type=\"widget\" data-e-type=\"widget\" data-widget_type=\"html.default\">\n\t\t\t\t\t<div class=\"iwg-pill-row\"><span class=\"iwg-klasse-badge\" tabindex=\"0\" data-tooltip=\"Svjetlosna bi\u0107a: prosvijetljena, za\u0161titni\u010dka ili pou\u010davaju\u0107a bi\u0107a, arkan\u0111eli, uzvi\u0161eni u\u010ditelji, svjetla bi\u0107a prirode. U novijim i starijim duhovnim tradicijama opisana kao pomaga\u010di i u\u010ditelji.\">Svjetlosno bi\u0107e<\/span><a href=\"https:\/\/iwell-guard.com\/hr\/?page_id=149350\" class=\"iwg-kultur-badge\" tabindex=\"0\" data-tooltip=\"Islamski svijet vjerovanja s arkan\u0111elima, d\u017einima i religijskim bi\u0107ima.\">Islam<\/a><span class=\"iwg-tradition-badge\" tabindex=\"0\" data-tooltip=\"Arkan\u0111eli, najvi\u0161a klasa an\u0111ela u \u017eidovskoj, kr\u0161\u0107anskoj i islamskoj tradiciji.\">Arkan\u0111eo<\/span><\/div>\t\t\t\t<\/div>\n\t\t\t\t<\/div>\n\t\t<div class=\"elementor-element elementor-element-3f74855 e-con-full e-flex e-con e-child\" data-id=\"3f74855\" data-element_type=\"container\" data-e-type=\"container\">\n\t\t\t\t<div class=\"elementor-element elementor-element-1c30362 elementor-toc--minimized-on-tablet elementor-widget elementor-widget-table-of-contents\" data-id=\"1c30362\" data-element_type=\"widget\" data-e-type=\"widget\" data-settings=\"{&quot;exclude_headings_by_selector&quot;:[],&quot;no_headings_message&quot;:&quot;Na ovoj stranici nisu prona\\u0111eni naslovi.&quot;,&quot;headings_by_tags&quot;:[&quot;h2&quot;,&quot;h3&quot;],&quot;marker_view&quot;:&quot;bullets&quot;,&quot;minimize_box&quot;:&quot;yes&quot;,&quot;icon&quot;:{&quot;value&quot;:&quot;fas fa-circle&quot;,&quot;library&quot;:&quot;fa-solid&quot;,&quot;rendered_tag&quot;:&quot;&lt;svg class=\\&quot;e-font-icon-svg e-fas-circle\\&quot; viewBox=\\&quot;0 0 512 512\\&quot; xmlns=\\&quot;http:\\\/\\\/www.w3.org\\\/2000\\\/svg\\&quot;&gt;&lt;path d=\\&quot;M256 8C119 8 8 119 8 256s111 248 248 248 248-111 248-248S393 8 256 8z\\&quot;&gt;&lt;\\\/path&gt;&lt;\\\/svg&gt;&quot;},&quot;minimized_on&quot;:&quot;tablet&quot;,&quot;hierarchical_view&quot;:&quot;yes&quot;,&quot;min_height&quot;:{&quot;unit&quot;:&quot;px&quot;,&quot;size&quot;:&quot;&quot;,&quot;sizes&quot;:[]},&quot;min_height_tablet&quot;:{&quot;unit&quot;:&quot;px&quot;,&quot;size&quot;:&quot;&quot;,&quot;sizes&quot;:[]},&quot;min_height_mobile&quot;:{&quot;unit&quot;:&quot;px&quot;,&quot;size&quot;:&quot;&quot;,&quot;sizes&quot;:[]}}\" data-widget_type=\"table-of-contents.default\">\n\t\t\t\t\t\t\t\t\t<div class=\"elementor-toc__header\">\n\t\t\t\t\t\t<h2 class=\"elementor-toc__header-title\">\n\t\t\t\tSadr\u017eaj\t\t\t<\/h2>\n\t\t\t\t\t\t\t\t\t\t<div class=\"elementor-toc__toggle-button elementor-toc__toggle-button--expand\" role=\"button\" tabindex=\"0\" aria-controls=\"elementor-toc__1c30362\" aria-expanded=\"true\" aria-label=\"Open table of contents\"><svg aria-hidden=\"true\" class=\"e-font-icon-svg e-fas-chevron-down\" viewBox=\"0 0 448 512\" xmlns=\"http:\/\/www.w3.org\/2000\/svg\"><path d=\"M207.029 381.476L12.686 187.132c-9.373-9.373-9.373-24.569 0-33.941l22.667-22.667c9.357-9.357 24.522-9.375 33.901-.04L224 284.505l154.745-154.021c9.379-9.335 24.544-9.317 33.901.04l22.667 22.667c9.373 9.373 9.373 24.569 0 33.941L240.971 381.476c-9.373 9.372-24.569 9.372-33.942 0z\"><\/path><\/svg><\/div>\n\t\t\t\t<div class=\"elementor-toc__toggle-button elementor-toc__toggle-button--collapse\" role=\"button\" tabindex=\"0\" aria-controls=\"elementor-toc__1c30362\" aria-expanded=\"true\" aria-label=\"Close table of contents\"><svg aria-hidden=\"true\" class=\"e-font-icon-svg e-fas-chevron-up\" viewBox=\"0 0 448 512\" xmlns=\"http:\/\/www.w3.org\/2000\/svg\"><path d=\"M240.971 130.524l194.343 194.343c9.373 9.373 9.373 24.569 0 33.941l-22.667 22.667c-9.357 9.357-24.522 9.375-33.901.04L224 227.495 69.255 381.516c-9.379 9.335-24.544 9.317-33.901-.04l-22.667-22.667c-9.373-9.373-9.373-24.569 0-33.941L207.03 130.525c9.372-9.373 24.568-9.373 33.941-.001z\"><\/path><\/svg><\/div>\n\t\t\t\t\t<\/div>\n\t\t\t\t<div id=\"elementor-toc__1c30362\" class=\"elementor-toc__body\">\n\t\t\t<div class=\"elementor-toc__spinner-container\">\n\t\t\t\t<svg class=\"elementor-toc__spinner eicon-animation-spin e-font-icon-svg e-eicon-loading\" aria-hidden=\"true\" viewBox=\"0 0 1000 1000\" xmlns=\"http:\/\/www.w3.org\/2000\/svg\"><path d=\"M500 975V858C696 858 858 696 858 500S696 142 500 142 142 304 142 500H25C25 237 238 25 500 25S975 237 975 500 763 975 500 975Z\"><\/path><\/svg>\t\t\t<\/div>\n\t\t<\/div>\n\t\t\t\t\t\t<\/div>\n\t\t\t\t<\/div>\n\t\t\t\t\t<\/div>\n\t\t\t\t<\/div>\n\t\t<div class=\"elementor-element elementor-element-herorght0 e-con-full e-flex e-con e-child\" data-id=\"herorght0\" data-element_type=\"container\" data-e-type=\"container\">\n\t\t\t\t<div class=\"elementor-element elementor-element-heroimg00 iwg-hero-image elementor-widget elementor-widget-image\" data-id=\"heroimg00\" data-element_type=\"widget\" data-e-type=\"widget\" data-widget_type=\"image.default\">\n\t\t\t\t\t\t\t\t\t\t\t\t\t\t\t<img fetchpriority=\"high\" decoding=\"async\" width=\"683\" height=\"1024\" src=\"https:\/\/iwell-guard.com\/wp-content\/uploads\/2026\/04\/goetter_judentum_uriel-683x1024.webp\" class=\"attachment-large size-large wp-image-151827\" alt=\"Uriel - bogovi iz \u017eidovske tradicije, povijesno-ilustrativno\" srcset=\"https:\/\/iwell-guard.com\/wp-content\/uploads\/2026\/04\/goetter_judentum_uriel-683x1024.webp 683w, https:\/\/iwell-guard.com\/wp-content\/uploads\/2026\/04\/goetter_judentum_uriel-200x300.webp 200w, https:\/\/iwell-guard.com\/wp-content\/uploads\/2026\/04\/goetter_judentum_uriel-768x1152.webp 768w, https:\/\/iwell-guard.com\/wp-content\/uploads\/2026\/04\/goetter_judentum_uriel.webp 1024w\" sizes=\"(max-width: 683px) 100vw, 683px\" \/>\t\t\t\t\t\t\t\t\t\t\t\t\t\t\t<\/div>\n\t\t\t\t<\/div>\n\t\t\t\t\t<\/div>\n\t\t\t\t<\/div>\n\t\t<div class=\"elementor-element elementor-element-32917199 e-flex e-con-boxed e-con e-parent\" data-id=\"32917199\" data-element_type=\"container\" data-e-type=\"container\">\n\t\t\t\t\t<div class=\"e-con-inner\">\n\t\t<div class=\"elementor-element elementor-element-26e916cb e-flex e-con-boxed e-con e-child\" data-id=\"26e916cb\" data-element_type=\"container\" data-e-type=\"container\">\n\t\t\t\t\t<div class=\"e-con-inner\">\n\t\t<div class=\"elementor-element elementor-element-253a40d4 e-flex e-con-boxed e-con e-child\" data-id=\"253a40d4\" data-element_type=\"container\" data-e-type=\"container\">\n\t\t\t\t\t<div class=\"e-con-inner\">\n\t\t\t\t<div class=\"elementor-element elementor-element-1200c304 elementor-widget elementor-widget-heading\" data-id=\"1200c304\" data-element_type=\"widget\" data-e-type=\"widget\" data-widget_type=\"heading.default\">\n\t\t\t\t\t<h2 class=\"elementor-heading-title elementor-size-default\">Uriel<\/h2>\t\t\t\t<\/div>\n\t\t\t\t<div class=\"elementor-element elementor-element-11758e7f elementor-widget elementor-widget-text-editor\" data-id=\"11758e7f\" data-element_type=\"widget\" data-e-type=\"widget\" data-widget_type=\"text-editor.default\">\n\t\t\t\t\t\t\t\t\t<p>Uriel djeluje kao vatreni <span class=\"iwg-fachbegriff\" data-tooltip=\"U abrahamskim religijama nebesko glasni\u010dko bi\u0107e Bo\u017eje.\" tabindex=\"0\">an\u0111eo<\/span> i izvr\u0161itelj suda. Njegova svojstva obuhva\u0107aju gnjev, mudrost i nemilosrdnu pravdu. Sredi\u0161nji mitovi su: upozorenje Noi o potopu (1. Henok 20:2), izgon Adama iz raja (Pirke de-Rabbi Eliezer), eshatolo\u0161ko uni\u0161tenje zlih (Apokalipsa), te kabalisti\u010dko-misti\u010dne uloge kao <span class=\"iwg-fachbegriff\" data-tooltip=\"U abrahamskim religijama nebesko glasni\u010dko bi\u0107e Bo\u017eje.\" tabindex=\"0\">an\u0111eo<\/span> kontemplacije i vatreno prijestolje.<\/p>\t\t\t\t\t\t\t\t<\/div>\n\t\t\t\t\t<\/div>\n\t\t\t\t<\/div>\n\t\t<div class=\"elementor-element elementor-element-159dcf9a e-flex e-con-boxed e-con e-child\" data-id=\"159dcf9a\" data-element_type=\"container\" data-e-type=\"container\">\n\t\t\t\t\t<div class=\"e-con-inner\">\n\t\t\t\t<div class=\"elementor-element elementor-element-48cee66f elementor-widget elementor-widget-heading\" data-id=\"48cee66f\" data-element_type=\"widget\" data-e-type=\"widget\" data-widget_type=\"heading.default\">\n\t\t\t\t\t<h2 class=\"elementor-heading-title elementor-size-default\">Ukratko: Uriel<\/h2>\t\t\t\t<\/div>\n\t\t\t\t<div class=\"elementor-element elementor-element-3f50d82c elementor-widget elementor-widget-text-editor\" data-id=\"3f50d82c\" data-element_type=\"widget\" data-e-type=\"widget\" data-widget_type=\"text-editor.default\">\n\t\t\t\t\t\t\t\t\t<p>Uriel potje\u010de uglavnom iz apokrifnih izvora: 1. Henok (20:2, 21:5, 6, hebrejski, 150. pr. Kr.), Pirke de-Rabbi Eliezer (10. stolje\u0107e, hebrejski) i kabalisti\u010dkih spisa (Sefer ha-Bahir, Zohar). Biblijski spomen je marginalan (Ezra 4:1, Septuaginta). Stanje istra\u017eivanja (Scholem, Bietenhard, Karppe) pokazuje Uriela kao apokrifni novorazvoj <span class=\"iwg-fachbegriff\" data-tooltip=\"Prijelazno razdoblje izme\u0111u antike i srednjeg vijeka, otprilike od 3. do 7. stolje\u0107a.\" tabindex=\"0\">kasne antike<\/span>, a ne kao biblijski izvorno bi\u0107e.<\/p>\t\t\t\t\t\t\t\t<\/div>\n\t\t\t\t\t<\/div>\n\t\t\t\t<\/div>\n\t\t\t\t\t<\/div>\n\t\t\t\t<\/div>\n\t\t\t\t\t<\/div>\n\t\t\t\t<\/div>\n\t\t<div class=\"elementor-element elementor-element-18613602 e-flex e-con-boxed e-con e-parent\" data-id=\"18613602\" data-element_type=\"container\" data-e-type=\"container\">\n\t\t\t\t\t<div class=\"e-con-inner\">\n\t\t\t\t<div class=\"elementor-element elementor-element-262b8a9f elementor-widget elementor-widget-heading\" data-id=\"262b8a9f\" data-element_type=\"widget\" data-e-type=\"widget\" data-widget_type=\"heading.default\">\n\t\t\t\t\t<h2 class=\"elementor-heading-title elementor-size-default\">Uvod<\/h2>\t\t\t\t<\/div>\n\t\t<div class=\"elementor-element elementor-element-46dcb7d e-con-full e-flex e-con e-child\" data-id=\"46dcb7d\" data-element_type=\"container\" data-e-type=\"container\">\n\t\t<div class=\"elementor-element elementor-element-61d3ab3 e-flex e-con-boxed e-con e-child\" data-id=\"61d3ab3\" data-element_type=\"container\" data-e-type=\"container\">\n\t\t\t\t\t<div class=\"e-con-inner\">\n\t\t\t\t<div class=\"elementor-element elementor-element-117c166 elementor-widget elementor-widget-heading\" data-id=\"117c166\" data-element_type=\"widget\" data-e-type=\"widget\" data-widget_type=\"heading.default\">\n\t\t\t\t\t<div class=\"elementor-heading-title elementor-size-default\">Zeitraum der Texte<\/div>\t\t\t\t<\/div>\n\t\t\t\t<div class=\"elementor-element elementor-element-73997a0 elementor-widget elementor-widget-text-editor\" data-id=\"73997a0\" data-element_type=\"widget\" data-e-type=\"widget\" data-widget_type=\"text-editor.default\">\n\t\t\t\t\t\t\t\t\t<p>Predaja o Urielu se\u017ee od Henokove knjige iz 3. do 1. stolje\u0107a prije Krista, preko 4. Ezrine knjige, do bizantske i etiopske tradicije, gdje se on i danas \u0161tuje. U Zapadnoj crkvi je njegov kult, me\u0111utim, odba\u010den 745. godine pod papom Zaharijom, jer njegovo ime nije zapisano u kanonskim spisima. Ipak, Uriel je ostao prisutan u umjetnosti, anglikanskoj tradiciji i ezoteriji, u promijenjenom obliku, ali pod istim imenom i s istom povezano\u0161\u0107u sa svjetlom.<\/p>\t\t\t\t\t\t\t\t<\/div>\n\t\t\t\t\t<\/div>\n\t\t\t\t<\/div>\n\t\t<div class=\"elementor-element elementor-element-d47b156 e-flex e-con-boxed e-con e-child\" data-id=\"d47b156\" data-element_type=\"container\" data-e-type=\"container\">\n\t\t\t\t\t<div class=\"e-con-inner\">\n\t\t\t\t<div class=\"elementor-element elementor-element-ff38c2b elementor-widget elementor-widget-heading\" data-id=\"ff38c2b\" data-element_type=\"widget\" data-e-type=\"widget\" data-widget_type=\"heading.default\">\n\t\t\t\t\t<div class=\"elementor-heading-title elementor-size-default\">Verbreitungsraum<\/div>\t\t\t\t<\/div>\n\t\t\t\t<div class=\"elementor-element elementor-element-4e49fcc elementor-widget elementor-widget-text-editor\" data-id=\"4e49fcc\" data-element_type=\"widget\" data-e-type=\"widget\" data-widget_type=\"text-editor.default\">\n\t\t\t\t\t\t\t\t\t<p>Uriel nije bio ograni\u010den na odre\u0111enu regiju ili lokacije, ve\u0107 je bio univerzalno poznat i \u0161tovan, ili s po\u0161tovanjem strahovan, u cijelom \u017eidovskom svijetu. Bilo u velikim urbanim sredi\u0161tima ili u perifernim ruralnim podru\u010djima, bilo me\u0111u dru\u0161tvenom elitom ili obi\u010dnim narodom, duhovni i kulturni zna\u010daj ovog bi\u0107a bio je dosljedno prepoznat i univerzalan.<\/p><p>Uriel se \u0161irio putem spisa, a ne putem narodnog kulta: prijevodima henohovske literature na gr\u010dki, latinski i staroetiopski, njegovo ime putovalo je kroz judaizam, isto\u010dne crkve i Etiopiju, gdje se i danas liturgijski \u0161tuje. Da je njegov profil kao \u201esvjetlo Bo\u017eje&#8221; ostao sli\u010dan u tim udaljenim tradicijama, posljedica je zajedni\u010dke tekstualne osnove, a ne sredi\u0161nje kultne organizacije; Zapadna crkva ga, s druge strane, nikada nije slu\u017ebeno prihvatila.<\/p>\t\t\t\t\t\t\t\t<\/div>\n\t\t\t\t\t<\/div>\n\t\t\t\t<\/div>\n\t\t\t\t<\/div>\n\t\t<div class=\"elementor-element elementor-element-db03c39 e-con-full e-flex e-con e-child\" data-id=\"db03c39\" data-element_type=\"container\" data-e-type=\"container\">\n\t\t<div class=\"elementor-element elementor-element-229a87b e-flex e-con-boxed e-con e-child\" data-id=\"229a87b\" data-element_type=\"container\" data-e-type=\"container\">\n\t\t\t\t\t<div class=\"e-con-inner\">\n\t\t\t\t<div class=\"elementor-element elementor-element-1f471fc elementor-widget elementor-widget-heading\" data-id=\"1f471fc\" data-element_type=\"widget\" data-e-type=\"widget\" data-widget_type=\"heading.default\">\n\t\t\t\t\t<div class=\"elementor-heading-title elementor-size-default\">Quellenlage<\/div>\t\t\t\t<\/div>\n\t\t\t\t<div class=\"elementor-element elementor-element-36b1201 elementor-widget elementor-widget-text-editor\" data-id=\"36b1201\" data-element_type=\"widget\" data-e-type=\"widget\" data-widget_type=\"text-editor.default\">\n\t\t\t\t\t\t\t\t\t<p>Primarni izvori su 1. Henok 20:2, 3 (hebrejski, 150. pr. Kr., \u201eBog je moja vatra&#8221;), 3. Henok\/Sefer Hekhalot (hebrejski, 5.-6. stolje\u0107e), Pirke de-Rabbi Eliezer 13 (10. stolje\u0107e), te kabalisti\u010dki materijal (Sefer ha-Bahir, 12. stolje\u0107e; Zohar Bereishit, 13. stolje\u0107e).<\/p><p><span data-nosnippet>Sekundarno su Scholem (Jewish Mysticism, 1941), Bietenhard (Angelologie, 1949), Karppe i McLeod (Judeo-Islamic Angelology) analizirali Urielov razvoj kao kasni razvoj \u017eidovskog kanona arkan\u0111ela s perzijsko-zoroastrijskim utjecajem.<\/span><\/p>\t\t\t\t\t\t\t\t<\/div>\n\t\t\t\t\t<\/div>\n\t\t\t\t<\/div>\n\t\t\t\t<\/div>\n\t\t\t\t\t<\/div>\n\t\t\t\t<\/div>\n\t\t<div class=\"elementor-element elementor-element-3ae0637c e-flex e-con-boxed e-con e-parent\" data-id=\"3ae0637c\" data-element_type=\"container\" data-e-type=\"container\">\n\t\t\t\t\t<div class=\"e-con-inner\">\n\t\t\t\t<div class=\"elementor-element elementor-element-31d07739 elementor-widget elementor-widget-heading\" data-id=\"31d07739\" data-element_type=\"widget\" data-e-type=\"widget\" data-widget_type=\"heading.default\">\n\t\t\t\t\t<h2 class=\"elementor-heading-title elementor-size-default\">Naziv<\/h2>\t\t\t\t<\/div>\n\t\t<div class=\"elementor-element elementor-element-b7642947 e-con-full e-flex e-con e-child\" data-id=\"b7642947\" data-element_type=\"container\" data-e-type=\"container\">\n\t\t\t\t<div class=\"elementor-element elementor-element-a086266 elementor-widget elementor-widget-text-editor\" data-id=\"a086266\" data-element_type=\"widget\" data-e-type=\"widget\" data-widget_type=\"text-editor.default\">\n\t\t\t\t\t\t\t\t\t<p>Uriel je u razli\u010ditim izvorima i umjetni\u010dkim tradicijama prikazan s odre\u0111enim ponavljaju\u0107im ikonografskim elementima koji ostaju relativno postojani tijekom desetlje\u0107a i u razli\u010ditim geografskim prostorima. Ti elementi nisu \u010disto ukrasni ili nasumi\u010dno odabrani, ve\u0107 su duboko simboli\u010dki kodirani i nose veliko zna\u010denje.<\/p><p>Uriel obilje\u017eja mogu se protuma\u010diti iz njegova imena i zada\u0107a: na hebrejskom njegovo ime zna\u010di \u201esvjetlo Bo\u017eje&#8221;, zbog \u010dega ga ikonografija \u010desto prikazuje s plamenom, bakljom ili sun\u010devim diskom. U henohovskoj literaturi on nadgleda nebeska svjetla i podzemni svijet, a u 4. Ezrinoj knjizi javlja se kao tuma\u010d koji vidiocu obja\u0161njava bo\u017eanski poredak. Onaj koji je poznavao te spise, iz atributa kao \u0161to su vatra, ma\u010d ili svitak razumio je koje je podru\u010dje nadle\u017enosti rije\u010d: prosvjetljenje, sud i tuma\u010denje skrivenog znanja. Ove poveznice zapisane su u apokrifnoj predaji i nisu bile nasumi\u010dno dodijeljene.<\/p>\t\t\t\t\t\t\t\t<\/div>\n\t\t\t\t<\/div>\n\t\t\t\t\t<\/div>\n\t\t\t\t<\/div>\n\t\t<div class=\"elementor-element elementor-element-709a44a8 e-flex e-con-boxed e-con e-parent\" data-id=\"709a44a8\" data-element_type=\"container\" data-e-type=\"container\">\n\t\t\t\t\t<div class=\"e-con-inner\">\n\t\t\t\t<div class=\"elementor-element elementor-element-2f585873 elementor-widget elementor-widget-heading\" data-id=\"2f585873\" data-element_type=\"widget\" data-e-type=\"widget\" data-widget_type=\"heading.default\">\n\t\t\t\t\t<h2 class=\"elementor-heading-title elementor-size-default\">Karakteristike<\/h2>\t\t\t\t<\/div>\n\t\t<div class=\"elementor-element elementor-element-70621c12 e-con-full e-flex e-con e-child\" data-id=\"70621c12\" data-element_type=\"container\" data-e-type=\"container\">\n\t\t\t\t<div class=\"elementor-element elementor-element-4296eb49 elementor-widget elementor-widget-text-editor\" data-id=\"4296eb49\" data-element_type=\"widget\" data-e-type=\"widget\" data-widget_type=\"text-editor.default\">\n\t\t\t\t\t\t\t\t\t<p>Uriel je bio sredi\u0161nji u religijskoj praksi, svakodnevnim ritualima i svakodnevnom razumijevanju judaizma. Ljudi su se u kriti\u010dnim ili posebnim \u017eivotnim situacijama, ili u odre\u0111enim ritualnim godi\u0161njim dobima, obra\u0107ali ovom bi\u0107u, sa strukturiranim, \u010desto zahtjevnim ritualima, molitvama ili \u017ertvenim darovima.<\/p><p>Odnos prema Urielu bio je vezan za pismenu, u\u010denu tradiciju: henohovska literatura i 4. Ezrina knjiga nastale su u sve\u0107eni\u010dkim i apokalipti\u010dnim krugovima anti\u010dkog judaizma, koji su bri\u017eljivo ure\u0111ivali an\u0111elska imena i njihove funkcije. Onaj koji je zazivao Uriela ili o njemu pisao, kretao se u tom ure\u0111enom okviru, a ne u slobodnoj izmi\u0161ljotini.<\/p><p>\u010cinjenica da se Uriel, od etiopske Henokove knjige preko 4. Ezrine knjige do srednjovjekovnih an\u0111elskih popisa, iznova spominje, pokazuje da se njegovu zazivanju pripisivala djelotvornost. Zada\u0107e koje su mu pripisivane bile su razli\u010dite: kao an\u0111eo \u010duvar trebao je otklanjati nadolaze\u0107u nesre\u0107u, kao \u201esvjetlo Bo\u017eje&#8221; darovati spoznaju u isku\u0161enju i zbunjenosti, a u apokalipti\u010dnoj literaturi vodi vidioce kroz prijelaze izme\u0111u ovoga svijeta i onoga koji dolazi.<\/p>\t\t\t\t\t\t\t\t<\/div>\n\t\t\t\t<\/div>\n\t\t\t\t\t<\/div>\n\t\t\t\t<\/div>\n\t\t<div class=\"elementor-element elementor-element-44e71476 e-flex e-con-boxed e-con e-parent\" data-id=\"44e71476\" data-element_type=\"container\" data-e-type=\"container\">\n\t\t\t\t\t<div class=\"e-con-inner\">\n\t\t\t\t<div class=\"elementor-element elementor-element-3c1fc3f0 elementor-widget elementor-widget-heading\" data-id=\"3c1fc3f0\" data-element_type=\"widget\" data-e-type=\"widget\" data-widget_type=\"heading.default\">\n\t\t\t\t\t<h2 class=\"elementor-heading-title elementor-size-default\">Profil: Uriel<\/h2>\t\t\t\t<\/div>\n\t\t<div class=\"elementor-element elementor-element-84f33b8e e-con-full e-flex e-con e-child\" data-id=\"84f33b8e\" data-element_type=\"container\" data-e-type=\"container\">\n\t\t\t\t<div class=\"elementor-element elementor-element-hqkdc67p elementor-widget elementor-widget-text-editor\" data-id=\"hqkdc67p\" data-element_type=\"widget\" data-e-type=\"widget\" data-widget_type=\"text-editor.default\">\n\t\t\t\t\t\t\t\t\t<p>Ovaj profil obuhva\u0107a Uriela kroz \u0161est dimenzija: njegovo podrijetlo u apokrifnim tradicijama <span class=\"iwg-fachbegriff\" data-tooltip=\"Prijelazno razdoblje izme\u0111u antike i srednjeg vijeka, otprilike od 3. do 7. stolje\u0107a.\" tabindex=\"0\">kasne antike<\/span>, njegovu ciljanu skupinu me\u0111u pobo\u017enim i misti\u010dnim \u017didovima, ikonografska obilje\u017eja vatre, njegovu funkciju suda kao <span class=\"iwg-fachbegriff\" data-tooltip=\"U abrahamskim religijama nebesko glasni\u010dko bi\u0107e Bo\u017eje.\" tabindex=\"0\">an\u0111ela<\/span>, usporedbe s paralelnim kulturnim demonima suda te njegovu kabalisti\u010dko-misti\u010dnu ulogu kao fokusa kontemplacije.<\/p>\t\t\t\t\t\t\t\t<\/div>\n\t\t\t\t<\/div>\n\t\t<div class=\"elementor-element elementor-element-pemmx7c5 e-con-full e-flex e-con e-child\" data-id=\"pemmx7c5\" data-element_type=\"container\" data-e-type=\"container\">\n\t\t<div class=\"elementor-element elementor-element-pemmx7c1 e-con-full e-flex e-con e-child\" data-id=\"pemmx7c1\" data-element_type=\"container\" data-e-type=\"container\">\n\t\t<div class=\"elementor-element elementor-element-qh9oavvu iwg-steckbrief-card e-flex e-con-boxed e-con e-child\" data-id=\"qh9oavvu\" data-element_type=\"container\" data-e-type=\"container\">\n\t\t\t\t\t<div class=\"e-con-inner\">\n\t\t\t\t<div class=\"elementor-element elementor-element-awzx8k2k elementor-widget elementor-widget-heading\" data-id=\"awzx8k2k\" data-element_type=\"widget\" data-e-type=\"widget\" data-widget_type=\"heading.default\">\n\t\t\t\t\t<div class=\"elementor-heading-title elementor-size-default\">Kulturni kontekst<\/div>\t\t\t\t<\/div>\n\t\t\t\t<div class=\"elementor-element elementor-element-x6rowhv0 elementor-widget elementor-widget-text-editor\" data-id=\"x6rowhv0\" data-element_type=\"widget\" data-e-type=\"widget\" data-widget_type=\"text-editor.default\">\n\t\t\t\t\t\t\t\t\t<p>Uriel potje\u010de iz apokrifne <span class=\"iwg-fachbegriff\" data-tooltip=\"Prijelazno razdoblje izme\u0111u antike i srednjeg vijeka, otprilike 3. do 7. stolje\u0107a.\" tabindex=\"0\">kasne antike<\/span>, konkretno iz helenisti\u010dkog razdoblja (1. 2. stolje\u0107e pr. Kr., Henokova literatura). Geografsko podrijetlo nalazi se u Judeji i Babiloniji (tradicije izgnanstva). Prvi se spomen datira u 150. pr. Kr. u 1. Henokovoj knjizi. Razvoj je vi\u0161e misti\u010dno-knji\u017eevan nego biblijski izvoran. Kasnija kabalisti\u010dka fiksacija dogodila se u 12. i 13. stolje\u0107u.<\/p>\t\t\t\t\t\t\t\t<\/div>\n\t\t\t\t\t<\/div>\n\t\t\t\t<\/div>\n\t\t<div class=\"elementor-element elementor-element-8e3o4kxs iwg-steckbrief-card e-flex e-con-boxed e-con e-child\" data-id=\"8e3o4kxs\" data-element_type=\"container\" data-e-type=\"container\">\n\t\t\t\t\t<div class=\"e-con-inner\">\n\t\t\t\t<div class=\"elementor-element elementor-element-08rkdgov elementor-widget elementor-widget-heading\" data-id=\"08rkdgov\" data-element_type=\"widget\" data-e-type=\"widget\" data-widget_type=\"heading.default\">\n\t\t\t\t\t<div class=\"elementor-heading-title elementor-size-default\">Odnosi se na<\/div>\t\t\t\t<\/div>\n\t\t\t\t<div class=\"elementor-element elementor-element-uwjelx8s elementor-widget elementor-widget-text-editor\" data-id=\"uwjelx8s\" data-element_type=\"widget\" data-e-type=\"widget\" data-widget_type=\"text-editor.default\">\n\t\t\t\t\t\t\t\t\t<p>Uriel se primarno obra\u0107ao pobo\u017enim \u017didovima zainteresiranima za eshatologiju i misti\u010dno spoznanje. Dru\u0161tvenu ciljnu skupinu \u010dine sve\u0107enici, mistici, kabalisti, apokalipti\u010dari i gnostici. Povodi su bili razdoblja tla\u010denja, progona, nade u sud nad neprijateljima i misti\u010dno poistovje\u0107ivanje s pravedno\u0161\u0107u. <span class=\"iwg-fachbegriff\" data-tooltip=\"Molbeno ili zazivno obra\u0107anje bo\u017eanstvu ili sili.\" tabindex=\"0\">Zazivanje<\/span> odvija se u tamnoj no\u0107i, u obredima \u017ealovanja i misti\u010dnim vi\u0111enjima.<\/p>\t\t\t\t\t\t\t\t<\/div>\n\t\t\t\t\t<\/div>\n\t\t\t\t<\/div>\n\t\t<div class=\"elementor-element elementor-element-jm2n74ec iwg-steckbrief-card e-flex e-con-boxed e-con e-child\" data-id=\"jm2n74ec\" data-element_type=\"container\" data-e-type=\"container\">\n\t\t\t\t\t<div class=\"e-con-inner\">\n\t\t\t\t<div class=\"elementor-element elementor-element-8vufse4c elementor-widget elementor-widget-heading\" data-id=\"8vufse4c\" data-element_type=\"widget\" data-e-type=\"widget\" data-widget_type=\"heading.default\">\n\t\t\t\t\t<div class=\"elementor-heading-title elementor-size-default\">Izgled<\/div>\t\t\t\t<\/div>\n\t\t\t\t<div class=\"elementor-element elementor-element-mwb9u015 elementor-widget elementor-widget-text-editor\" data-id=\"mwb9u015\" data-element_type=\"widget\" data-e-type=\"widget\" data-widget_type=\"text-editor.default\">\n\t\t\t\t\t\t\t\t\t<p>Ikonografski, Uriel je mu\u0161ka prilika s atributima vatre, sjajnim krilima, ma\u010dem u plamenu ili \u0161tapom munje. Boje su crvena, zlatna i naran\u010dasta (vatra). U \u017eidovsko-misti\u010dnim prikazima Uriel nosi dijademu, oklop i krunu od vatre. Atributi su plamen, ma\u010d, vaga, a ponekad i knjiga suda. <span class=\"iwg-fachbegriff\" data-tooltip=\"Nauka o sadr\u017eaju slika i njihovu zna\u010denju.\" tabindex=\"0\">Ikonografija<\/span> upu\u0107uje na proroke kao Iliju (uza\u0161a\u0161\u0107e u vatri) i eshatolo\u0161ke scene uni\u0161tenja.<\/p>\t\t\t\t\t\t\t\t<\/div>\n\t\t\t\t\t<\/div>\n\t\t\t\t<\/div>\n\t\t\t\t<\/div>\n\t\t<div class=\"elementor-element elementor-element-pemmx7c2 e-con-full e-flex e-con e-child\" data-id=\"pemmx7c2\" data-element_type=\"container\" data-e-type=\"container\">\n\t\t<div class=\"elementor-element elementor-element-37ss2yr6 iwg-steckbrief-card e-flex e-con-boxed e-con e-child\" data-id=\"37ss2yr6\" data-element_type=\"container\" data-e-type=\"container\">\n\t\t\t\t\t<div class=\"e-con-inner\">\n\t\t\t\t<div class=\"elementor-element elementor-element-3v0wp3wx elementor-widget elementor-widget-heading\" data-id=\"3v0wp3wx\" data-element_type=\"widget\" data-e-type=\"widget\" data-widget_type=\"heading.default\">\n\t\t\t\t\t<div class=\"elementor-heading-title elementor-size-default\">Djelokrug<\/div>\t\t\t\t<\/div>\n\t\t\t\t<div class=\"elementor-element elementor-element-w3247g2m elementor-widget elementor-widget-text-editor\" data-id=\"w3247g2m\" data-element_type=\"widget\" data-e-type=\"widget\" data-widget_type=\"text-editor.default\">\n\t\t\t\t\t\t\t\t\t<strong>Podru\u010dje djelovanja:<\/strong><p>Uriel (\u016ar\u012b\u02be\u0113l, \u201eBog je moja svjetlost\u201c) je arkan\u0111eo koji se pojavljuje uglavnom u apokrifnim tekstovima: 4. Ezra, 1. Henokova knjiga, Tajna knjiga Ivanova.<\/p>\t\t\t\t\t\t\t\t<\/div>\n\t\t\t\t\t<\/div>\n\t\t\t\t<\/div>\n\t\t<div class=\"elementor-element elementor-element-0qpjal9w iwg-steckbrief-card e-flex e-con-boxed e-con e-child\" data-id=\"0qpjal9w\" data-element_type=\"container\" data-e-type=\"container\">\n\t\t\t\t\t<div class=\"e-con-inner\">\n\t\t\t\t<div class=\"elementor-element elementor-element-6ndoih0o elementor-widget elementor-widget-heading\" data-id=\"6ndoih0o\" data-element_type=\"widget\" data-e-type=\"widget\" data-widget_type=\"heading.default\">\n\t\t\t\t\t<div class=\"elementor-heading-title elementor-size-default\">Za\u0161titna sredstva<\/div>\t\t\t\t<\/div>\n\t\t\t\t<div class=\"elementor-element elementor-element-6684tyh9 elementor-widget elementor-widget-text-editor\" data-id=\"6684tyh9\" data-element_type=\"widget\" data-e-type=\"widget\" data-widget_type=\"text-editor.default\">\n\t\t\t\t\t\t\t\t\t<p>Uriel je smatran strogim, pravednim za\u0161titni\u010dkim <span class=\"iwg-fachbegriff\" data-tooltip=\"U abrahamskim religijama nebesko glasni\u010dko bi\u0107e Bo\u017eje.\" tabindex=\"0\">an\u0111elom<\/span> s mo\u0107i kojoj su se ljudi pribojavali. Prakse zazivanja obuhva\u0107ale su molitve za bo\u017eansku za\u0161titu i pravedan sud nad progoniteljima. U <span class=\"iwg-fachbegriff\" tabindex=\"0\" data-tooltip=\"\u017didovska mistika s glavnim djelima Sefer Jecira, Zohar i lurijanskom \u0161kolom; nauk o sefirotima, Tetragramatonu i tikunu.\">Kabali<\/span> su se prakticirale meditativne kontemplacije usmjerene na Urielov oganj (Jihudim), radi postizanja misti\u010dnog spoznanja i pro\u010di\u0161\u0107enja. Po\u0161tovanje prema Urielu izra\u017eavalo se strahopo\u0161tovanjem pred njegovom nemilosrdno\u0161\u0107u i molbom za milost.<\/p>\t\t\t\t\t\t\t\t<\/div>\n\t\t\t\t\t<\/div>\n\t\t\t\t<\/div>\n\t\t<div class=\"elementor-element elementor-element-3lfi7x32 iwg-steckbrief-card e-flex e-con-boxed e-con e-child\" data-id=\"3lfi7x32\" data-element_type=\"container\" data-e-type=\"container\">\n\t\t\t\t\t<div class=\"e-con-inner\">\n\t\t\t\t<div class=\"elementor-element elementor-element-0kg99ga1 elementor-widget elementor-widget-heading\" data-id=\"0kg99ga1\" data-element_type=\"widget\" data-e-type=\"widget\" data-widget_type=\"heading.default\">\n\t\t\t\t\t<div class=\"elementor-heading-title elementor-size-default\">Urielove paralele<\/div>\t\t\t\t<\/div>\n\t\t\t\t<div class=\"elementor-element elementor-element-n0fum6kp elementor-widget elementor-widget-text-editor\" data-id=\"n0fum6kp\" data-element_type=\"widget\" data-e-type=\"widget\" data-widget_type=\"text-editor.default\">\n\t\t\t\t\t\t\t\t\t<p>Usporedive figure: Mihael (an\u0111eo rata, pobjednik nad <span class=\"iwg-fachbegriff\" data-tooltip=\"Duhovno bi\u0107e kojemu se pripisuje \u0161tetno ili dvojako djelovanje.\" tabindex=\"0\">demonima<\/span>, kabalisti\u010dka snaga), Raguel (pravednost, <span class=\"iwg-fachbegriff\" tabindex=\"0\" data-tooltip=\"\u017didovska mistika s glavnim djelima Sefer Jecira, Zohar i lurijanskom \u0161kolom.\">Kabala<\/span>), Hamuel (Bo\u017eja strogost). Izvan judaizma: Raguel u islamu (nema izravnog ekvivalenta), kr\u0161\u0107anski Uriel (srednjovjekovna angelologija), zoroastrijski vatreni jazata Ahure Mazde (nebeska vatra).<\/p>\t\t\t\t\t\t\t\t<\/div>\n\t\t\t\t\t<\/div>\n\t\t\t\t<\/div>\n\t\t\t\t<\/div>\n\t\t\t\t<\/div>\n\t\t\t\t\t<\/div>\n\t\t\t\t<\/div>\n\t\t<div class=\"elementor-element elementor-element-7533bc7a e-flex e-con-boxed e-con e-parent\" data-id=\"7533bc7a\" data-element_type=\"container\" data-e-type=\"container\">\n\t\t\t\t\t<div class=\"e-con-inner\">\n\t\t\t\t<div class=\"elementor-element elementor-element-2447d18d elementor-widget elementor-widget-heading\" data-id=\"2447d18d\" data-element_type=\"widget\" data-e-type=\"widget\" data-widget_type=\"heading.default\">\n\t\t\t\t\t<h2 class=\"elementor-heading-title elementor-size-default\">Obrana u svakodnevnom \u017eivotu<\/h2>\t\t\t\t<\/div>\n\t\t<div class=\"elementor-element elementor-element-d5d0260c e-con-full e-flex e-con e-child\" data-id=\"d5d0260c\" data-element_type=\"container\" data-e-type=\"container\">\n\t\t\t\t<div class=\"elementor-element elementor-element-341be2ac elementor-widget elementor-widget-text-editor\" data-id=\"341be2ac\" data-element_type=\"widget\" data-e-type=\"widget\" data-widget_type=\"text-editor.default\">\n\t\t\t\t\t\t\t\t\t<p><strong>Kontemplativne prakse prosvjetljenja<\/strong><\/p><p>Uriel se ne zaziva izravno, ve\u0107 se prizivlje kontemplativnom meditacijom.<\/p><p><strong>Apokalipti\u010dka otkrivenja i tuma\u010denje<\/strong><\/p><p>U 4. Ezri Uriel otkriva vidiocu skrivene tajne o <span class=\"iwg-fachbegriff\" data-tooltip=\"Predod\u017eba o ustroju i poretku svijeta unutar neke kulture.\" tabindex=\"0\">kozmologiji<\/span> i svr\u0161etku svijeta.<\/p><p><strong>Za\u0161titni amuleti i simboli znanja<\/strong><\/p><p>Urielov sredi\u0161nji <span class=\"iwg-fachbegriff\" data-tooltip=\"Znak koji predstavlja neku predod\u017ebu ili zna\u010denje.\" tabindex=\"0\">simbol<\/span> je oganj ili plamen, znak bo\u017eanske prisutnosti i pro\u010di\u0161\u0107enja.<\/p>\t\t\t\t\t\t\t\t<\/div>\n\t\t\t\t<\/div>\n\t\t\t\t\t<\/div>\n\t\t\t\t<\/div>\n\t\t<div class=\"elementor-element elementor-element-5a584676 e-flex e-con-boxed e-con e-parent\" data-id=\"5a584676\" data-element_type=\"container\" data-e-type=\"container\">\n\t\t\t\t\t<div class=\"e-con-inner\">\n\t\t\t\t<div class=\"elementor-element elementor-element-6d0757bf elementor-widget elementor-widget-heading\" data-id=\"6d0757bf\" data-element_type=\"widget\" data-e-type=\"widget\" data-widget_type=\"heading.default\">\n\t\t\t\t\t<h2 class=\"elementor-heading-title elementor-size-default\">Uriel, paralele u drugim kulturama<\/h2>\t\t\t\t<\/div>\n\t\t<div class=\"elementor-element elementor-element-60563f68 e-con-full e-flex e-con e-child\" data-id=\"60563f68\" data-element_type=\"container\" data-e-type=\"container\">\n\t\t\t\t<div class=\"elementor-element elementor-element-5a93fdd6 elementor-widget elementor-widget-text-editor\" data-id=\"5a93fdd6\" data-element_type=\"widget\" data-e-type=\"widget\" data-widget_type=\"text-editor.default\">\n\t\t\t\t\t\t\t\t\t<p><p><strong>\u017didovska tradicija:<\/strong> Uriel je jedan od \u010detiri glavna arkan\u0111ela (uz Mihaela, Gabrijela, Raguela ili Cafkiela). Paralele su Hamuel (Bo\u017eja strogost, \u010desto izjedna\u010den s Urielom), Raguel (kozmi\u010dka pravednost). U Sefer ha-Bahiru i Zoharu Uriel je \u010duvar prijestolja sefire Hokme (Mudrosti), izvorna vatra.<\/p><p><strong>Gr\u010dko-rimski svijet:<\/strong> Nema izravnih paralela u klasi\u010dnoj <span class=\"iwg-fachbegriff\" data-tooltip=\"Ukupnost predanih pripovijesti o bogovima jedne kulture.\" tabindex=\"0\">mitologiji<\/span>. Udaljeno srodni: Helios ili Hiperion (vatreni bogovi), Erinije (demoni suda), ili Hefest (bog vatre, kazna). Funkciju suda Uriel deli s Erinijama.<\/p><p><strong>Mezopotamija:<\/strong> Mezopotamski ekvivalent: \u0160ama\u0161 (bog Sunca, sud i pravednost, akadski). Vatrenu <span class=\"iwg-fachbegriff\" data-tooltip=\"Nauka o sadr\u017eaju slika i njihovu zna\u010denju.\" tabindex=\"0\">ikonografiju<\/span> i ulogu suca povezuju Uriela i \u0160ama\u0161a. I Adad (bog nevremena, kazna) nosi sli\u010dne funkcije.<\/p><p><strong>Indija\/Azija:<\/strong> Indijski ekvivalent: Agni (bog vatre, <span class=\"iwg-fachbegriff\" data-tooltip=\"Dar bo\u017eanstvu radi izra\u017eavanja zahvale, molbe ili po\u0161tovanja.\" tabindex=\"0\">\u017ertva<\/span> i pro\u010di\u0161\u0107enje, hinduizam). Utjelovljenje vatre i misti\u010dnu funkciju pro\u010di\u0161\u0107enja dijele Uriel i Agni. Budisti\u010dka paralela: bog vatre u borbi protiv demona.<\/p>\t\t\t\t\t\t\t\t<\/div>\n\t\t\t\t<\/div>\n\t\t\t\t\t<\/div>\n\t\t\t\t<\/div>\n\t\t<div class=\"elementor-element elementor-element-cpf7d8b5f e-flex e-con-boxed e-con e-parent\" data-id=\"cpf7d8b5f\" data-element_type=\"container\" data-e-type=\"container\">\n\t\t\t\t\t<div class=\"e-con-inner\">\n\t\t\t\t<div class=\"elementor-element elementor-element-cp1f05cca elementor-widget elementor-widget-heading\" data-id=\"cp1f05cca\" data-element_type=\"widget\" data-e-type=\"widget\" data-widget_type=\"heading.default\">\n\t\t\t\t\t<h2 class=\"elementor-heading-title elementor-size-default\">Uriel u apokrifnoj knji\u017eevnosti<\/h2>\t\t\t\t<\/div>\n\t\t<div class=\"elementor-element elementor-element-cpafe423c e-con-full e-flex e-con e-child\" data-id=\"cpafe423c\" data-element_type=\"container\" data-e-type=\"container\">\n\t\t\t\t<div class=\"elementor-element elementor-element-cpd429e51 elementor-widget elementor-widget-text-editor\" data-id=\"cpd429e51\" data-element_type=\"widget\" data-e-type=\"widget\" data-widget_type=\"text-editor.default\">\n\t\t\t\t\t\t\t\t\t<p>Za razliku od Mihaela i Gabrijela, Uriel se ne spominje po imenu u hebrejskom <span class=\"iwg-fachbegriff\" data-tooltip=\"Kao obvezuju\u0107i prihva\u0107ena zbirka svetih spisa jedne religije.\" tabindex=\"0\">kanonu<\/span> Biblije. Svoju va\u017enost dobiva gotovo isklju\u010divo iz nekanonske, prije svega apokalipti\u010dke literature anti\u010dkog judaizma. Najva\u017eniji je tekst <em>etiopska Henohova knjiga<\/em>, u kojoj se Uriel javlja kao jedan od vode\u0107ih <span class=\"iwg-fachbegriff\" data-tooltip=\"U abrahamskim religijama nebesko glasni\u010dko bi\u0107e Bo\u017eje.\" tabindex=\"0\">an\u0111ela<\/span>.<\/p><p>U njoj Uriel vodi Henoha kroz kosmi\u010dki svijet i obja\u0161njava mu tajne zvijezda, godi\u0161njih doba i kalendara. U tzv. astronomskoj knjizi Henohovoj Uriel je izri\u010dito <span class=\"iwg-fachbegriff\" data-tooltip=\"U abrahamskim religijama nebesko glasni\u010dko bi\u0107e Bo\u017eje.\" tabindex=\"0\">an\u0111eo<\/span> postavljen nad svjetlima na nebu.<\/p><p>Jo\u0161 jednu sredi\u0161nju ulogu Uriel ima u <em>\u010cetvrtoj knjizi Ezrinoj<\/em>, \u017eidovskoj apokalipsi iz prvog stolje\u0107a nove ere.<\/p><p>Tamo je on <span class=\"iwg-fachbegriff\" data-tooltip=\"U abrahamskim religijama nebesko glasni\u010dko bi\u0107e Bo\u017eje.\" tabindex=\"0\">an\u0111eo<\/span> koji odgovara vidiocu Ezri, uzvra\u0107aju\u0107i protupitanjima i prispodobama na njegova pitanja o Bo\u017ejoj pravednosti i smislu patnje. Uriel se ovdje javlja kao <span class=\"iwg-fachbegriff\" data-tooltip=\"U abrahamskim religijama nebesko glasni\u010dko bi\u0107e Bo\u017eje.\" tabindex=\"0\">an\u0111eo<\/span> koji ukazuje na granice ljudskog razumijevanja.<\/p><p>Ime se spominje i u <em><span class=\"iwg-fachbegriff\" data-tooltip=\"Jezi\u010dno obra\u0107anje \u010dovjeka bo\u017eanstvu.\" tabindex=\"0\">Molitvi<\/span> Josipovoj<\/em> te u nekim tekstovima iz Kumrana. Znanstvena istra\u017eivanja, poput radova o \u017eidovskoj angelologiji Michaela Macha, zbog toga svrstavaju Uriela u skupinu \u010detvorice ili sedmorice arkan\u0111ela, \u010dija su imena i funkcije oblikovani u vremenu Drugog hrama.<\/p><p>Za razumijevanje Uriela presudno je da nije biblijski <span class=\"iwg-fachbegriff\" data-tooltip=\"U abrahamskim religijama nebesko glasni\u010dko bi\u0107e Bo\u017eje.\" tabindex=\"0\">an\u0111eo<\/span> u strogom smislu, nego lik apokalipti\u010dke literature.<\/p>\t\t\t\t\t\t\t\t<\/div>\n\t\t\t\t<\/div>\n\t\t\t\t\t<\/div>\n\t\t\t\t<\/div>\n\t\t<div class=\"elementor-element elementor-element-cp1529cdc e-flex e-con-boxed e-con e-parent\" data-id=\"cp1529cdc\" data-element_type=\"container\" data-e-type=\"container\">\n\t\t\t\t\t<div class=\"e-con-inner\">\n\t\t\t\t<div class=\"elementor-element elementor-element-cp5feec75 elementor-widget elementor-widget-heading\" data-id=\"cp5feec75\" data-element_type=\"widget\" data-e-type=\"widget\" data-widget_type=\"heading.default\">\n\t\t\t\t\t<h2 class=\"elementor-heading-title elementor-size-default\">Svjetlo Bo\u017eje: ime i funkcija<\/h2>\t\t\t\t<\/div>\n\t\t<div class=\"elementor-element elementor-element-cp861d5a0 e-con-full e-flex e-con e-child\" data-id=\"cp861d5a0\" data-element_type=\"container\" data-e-type=\"container\">\n\t\t\t\t<div class=\"elementor-element elementor-element-cp82ccfb3 elementor-widget elementor-widget-text-editor\" data-id=\"cp82ccfb3\" data-element_type=\"widget\" data-e-type=\"widget\" data-widget_type=\"text-editor.default\">\n\t\t\t\t\t\t\t\t\t<p>Ime Uriel obi\u010dno se tuma\u010di kao svjetlo Bo\u017eje ili oganj Bo\u017eji. Hebrejski element <em>ur<\/em> zna\u010di svjetlo ili plamen, a element <em>el<\/em> uobi\u010dajena je oznaka za Boga. Ta je etimologija razmjerno jasna i u skladu je s funkcijama koje se Urielu pripisuju u tekstovima.<\/p><p>U apokalipti\u010dkoj literaturi Uriel je vi\u0161e puta povezan sa svjetlom, ognjem i nebeskim spoznajom. Kao tuma\u010d zvijezda u Henohovoj knjizi on je <span class=\"iwg-fachbegriff\" data-tooltip=\"U abrahamskim religijama nebesko glasni\u010dko bi\u0107e Bo\u017eje.\" tabindex=\"0\">an\u0111eo<\/span> kozmi\u010dkog svjetla.<\/p><p>U drugim predajama postaje <span class=\"iwg-fachbegriff\" data-tooltip=\"U abrahamskim religijama nebesko glasni\u010dko bi\u0107e Bo\u017eje.\" tabindex=\"0\">an\u0111eo<\/span> koji \u010duva oganj ili se prikazuje s plamenim ma\u010dem ili zubljom. Kasnija kr\u0161\u0107anska <span class=\"iwg-fachbegriff\" data-tooltip=\"Na\u0443\u043a\u0430 o slikovnim sadr\u017eajima i njihovu zna\u010denju.\" tabindex=\"0\">ikonografija<\/span> preuzela je tu vezu i Uriela \u010desto prikazuje s plamenom u otvorenoj ruci.<\/p><p>Funkcionalno se Uriel u izvorima kre\u0107e izme\u0111u vi\u0161e uloga. On je tuma\u010d nebeskih tajni, u\u010ditelj vidioca, <span class=\"iwg-fachbegriff\" data-tooltip=\"U abrahamskim religijama nebesko glasni\u010dko bi\u0107e Bo\u017eje.\" tabindex=\"0\">an\u0111eo<\/span> prirodnog poretka, a u nekim popisima i <span class=\"iwg-fachbegriff\" data-tooltip=\"U abrahamskim religijama nebesko glasni\u010dko bi\u0107e Bo\u017eje.\" tabindex=\"0\">an\u0111eo<\/span> suda ili podzemnog svijeta.<\/p><p>Ta raznolikost tipi\u010dna je za an\u0111elske likove \u010diji se profil ne temelji na jednom kanonskom tekstu, nego na vi\u0161e, dijelom neovisnih predajnih nizova. <span class=\"iwg-fachbegriff\" data-tooltip=\"Znanost koja istra\u017euje religije komparativno i bez vjerske pripadnosti.\" tabindex=\"0\">Religiologija<\/span> zato isti\u010de da ne postoji jedan jedinstveni Uriel, nego skup pripisivanja koji se razli\u010dito nagla\u0161ava ovisno o tekstu i epohi.<\/p>\t\t\t\t\t\t\t\t<\/div>\n\t\t\t\t<\/div>\n\t\t\t\t\t<\/div>\n\t\t\t\t<\/div>\n\t\t<div class=\"elementor-element elementor-element-cpf16f068 e-flex e-con-boxed e-con e-parent\" data-id=\"cpf16f068\" data-element_type=\"container\" data-e-type=\"container\">\n\t\t\t\t\t<div class=\"e-con-inner\">\n\t\t\t\t<div class=\"elementor-element elementor-element-cpa81d7d3 elementor-widget elementor-widget-heading\" data-id=\"cpa81d7d3\" data-element_type=\"widget\" data-e-type=\"widget\" data-widget_type=\"heading.default\">\n\t\t\t\t\t<h2 class=\"elementor-heading-title elementor-size-default\">Uriel u crkvenoj tradiciji i njegov osporavani status<\/h2>\t\t\t\t<\/div>\n\t\t<div class=\"elementor-element elementor-element-cp3976d7d e-con-full e-flex e-con e-child\" data-id=\"cp3976d7d\" data-element_type=\"container\" data-e-type=\"container\">\n\t\t\t\t<div class=\"elementor-element elementor-element-cp7e91016 elementor-widget elementor-widget-text-editor\" data-id=\"cp7e91016\" data-element_type=\"widget\" data-e-type=\"widget\" data-widget_type=\"text-editor.default\">\n\t\t\t\t\t\t\t\t\t<p>U kr\u0161\u0107anstvu je Uriel od samog po\u010detka imao nesiguran status. Dok se Mihael, Gabrijel i Rafael spominju u kanonskim spisima, Urielova poznatost temelji se isklju\u010divo na apokrifnoj knji\u017eevnosti.<\/p><p>To je dovelo do promjenjive povijesti. U <span class=\"iwg-fachbegriff\" data-tooltip=\"Prijelazno razdoblje izme\u0111u antike i srednjeg vijeka, otprilike od 3. do 7. stolje\u0107a.\" tabindex=\"0\">kasnoj antici<\/span> i u ranom srednjem vijeku Uriel je bio poprili\u010dno poznat kao arkan\u0111eo, javlja se u popisima an\u0111ela, u molitvama i u umjetnosti.<\/p><p>Presudan zaokret dogodio se na rimskoj sinodi 745. godine pod papom Zaharijom. Ona se usprotivila \u0161tovanju an\u0111ela pod imenima koja se ne spominju u priznatim spisima, pri \u010demu je navela niz an\u0111elskih imena \u010diji je <span class=\"iwg-fachbegriff\" data-tooltip=\"Sveukupnost obreda \u0161tovanja neke bo\u017eanske ili svete osobe.\" tabindex=\"0\">kult<\/span> \u017eeljela obustaviti.<\/p><p>Nakon toga je slu\u017ebeno \u0161tovanje u latinskoj Crkvi u biti ograni\u010deno na tri arkan\u0111ela spomenuta u Bibliji. Uriel je time ispao iz slu\u017ebenog <span class=\"iwg-fachbegriff\" data-tooltip=\"Sveukupnost obreda \u0161tovanja neke bo\u017eanske ili svete osobe.\" tabindex=\"0\">kulta<\/span>, iako je i dalje bio prisutan u <span class=\"iwg-fachbegriff\" data-tooltip=\"Religioznost koja se \u017eivi u svakodnevici, \u010desto uz slu\u017ebeno nau\u010davanje.\" tabindex=\"0\">narodnoj pobo\u017enosti<\/span>, u umjetnosti i u ezoteri\u010dnim tradicijama.<\/p><p>U pravoslavnim crkvama, posebice u etiopskoj tradiciji, u kojoj je Knjiga o Henoku <span class=\"iwg-fachbegriff\" data-tooltip=\"Ono \u0161to pripada obvezuju\u0107e priznatom skupu spisa neke religije.\" tabindex=\"0\">kanonska<\/span>, Uriel je pak zadr\u017eao stalno mjesto.<\/p><p>I u \u017eidovskim liturgijskim tekstovima te u <span class=\"iwg-fachbegriff\" data-tooltip=\"Struja \u017eidovske mistike s glavnim djelima kao Sefer Jecira i Zohar.\" tabindex=\"0\">kabali<\/span> ostao je zna\u010dajan, primjerice u no\u0107noj molitvi podijeljenoj prema \u010detiri arkan\u0111ela, koja Mihaela, Gabrijela, Uriela i Rafaela pridru\u017euje \u010detirima stranama svijeta oko onoga koji spava. Urielova povijest tako primjerno pokazuje kako se kanonska ograni\u010denja i \u017eiva <span class=\"iwg-fachbegriff\" data-tooltip=\"Osobni religiozni stav i praksa \u010dovjeka.\" tabindex=\"0\">pobo\u017enost<\/span> mogu razvijati u razli\u010ditim smjerovima.<\/p>\t\t\t\t\t\t\t\t<\/div>\n\t\t\t\t<\/div>\n\t\t\t\t\t<\/div>\n\t\t\t\t<\/div>\n\t\t<div class=\"elementor-element elementor-element-36dd7469 e-flex e-con-boxed e-con e-parent\" data-id=\"36dd7469\" data-element_type=\"container\" data-e-type=\"container\">\n\t\t\t\t\t<div class=\"e-con-inner\">\n\t\t\t\t<div class=\"elementor-element elementor-element-13760ab4 elementor-widget elementor-widget-heading\" data-id=\"13760ab4\" data-element_type=\"widget\" data-e-type=\"widget\" data-widget_type=\"heading.default\">\n\t\t\t\t\t<h2 class=\"elementor-heading-title elementor-size-default\">Daljnje poveznice<\/h2>\t\t\t\t<\/div>\n\t\t<div class=\"elementor-element elementor-element-28c87796 e-con-full e-flex e-con e-child\" data-id=\"28c87796\" data-element_type=\"container\" data-e-type=\"container\">\n\t\t\t\t<div class=\"elementor-element elementor-element-5d6538df elementor-widget elementor-widget-text-editor\" data-id=\"5d6538df\" data-element_type=\"widget\" data-e-type=\"widget\" data-widget_type=\"text-editor.default\">\n\t\t\t\t\t\t\t\t\t<ul><li><a href=\"https:\/\/iwell-guard.com\/hr\/?page_id=149574\">Gabrijel<\/a><\/li><\/ul>\t\t\t\t\t\t\t\t<\/div>\n\t\t\t\t<\/div>\n\t\t\t\t\t<\/div>\n\t\t\t\t<\/div>\n\t\t<div class=\"elementor-element elementor-element-grl4kl40 e-flex e-con-boxed e-con e-parent\" data-id=\"grl4kl40\" data-element_type=\"container\" data-e-type=\"container\">\n\t\t\t\t\t<div class=\"e-con-inner\">\n\t\t\t\t<div class=\"elementor-element elementor-element-bzsbfrmh elementor-widget elementor-widget-heading\" data-id=\"bzsbfrmh\" data-element_type=\"widget\" data-e-type=\"widget\" data-widget_type=\"heading.default\">\n\t\t\t\t\t<h2 class=\"elementor-heading-title elementor-size-default\">Literatura (izbor)<\/h2>\t\t\t\t<\/div>\n\t\t<div class=\"elementor-element elementor-element-2c13224a e-con-full e-flex e-con e-child\" data-id=\"2c13224a\" data-element_type=\"container\" data-e-type=\"container\">\n\t\t\t\t<div class=\"elementor-element elementor-element-0eymh9ub elementor-widget elementor-widget-text-editor\" data-id=\"0eymh9ub\" data-element_type=\"widget\" data-e-type=\"widget\" data-widget_type=\"text-editor.default\">\n\t\t\t\t\t\t\t\t\t<ul><li><span data-nosnippet>Loren T. Stuckenbruck: <em>Angel Veneration and Christology<\/em>. De Gruyter, 1995.<\/span><\/li><\/ul>\t\t\t\t\t\t\t\t<\/div>\n\t\t\t\t<\/div>\n\t\t\t\t\t<\/div>\n\t\t\t\t<\/div>\n\t\t\t\t<\/div>\n\t\t","protected":false},"excerpt":{"rendered":"","protected":false},"author":3,"featured_media":1610,"parent":0,"menu_order":0,"comment_status":"closed","ping_status":"closed","template":"elementor_header_footer","meta":{"_yoast_wpseo_focuskw":"Uriel","_yoast_wpseo_title":"Uriel - an\u0111eo vatre i suda","_yoast_wpseo_metadesc":"Uriel, arkan\u0111eo \u017eidovske tradicije, pismeno potvr\u0111en jo\u0161 od Prve Henokove knjige: an\u0111eo vatre pravednog suda, koji je upozorio Nou na potop.","_yoast_wpseo_meta-robots-noindex":"","_yoast_wpseo_canonical":"","_angie_page":false,"gefaehrdungsstufe":"","wesen_kultur":"christentum","wesen_klasse":"lichtwesen","footnotes":""},"categories":[],"class_list":["post-149573","page","type-page","status-publish","has-post-thumbnail","hentry"],"yoast_head":"<!-- This site is optimized with the Yoast SEO Premium plugin v27.7 (Yoast SEO v28.3) - https:\/\/yoast.com\/product\/yoast-seo-premium-wordpress\/ -->\n<title>Uriel - an\u0111eo vatre i suda<\/title>\n<meta name=\"description\" content=\"Uriel, arkan\u0111eo \u017eidovske tradicije, pismeno potvr\u0111en jo\u0161 od Prve Henokove knjige: an\u0111eo vatre pravednog suda, koji je upozorio Nou na potop.\" \/>\n<meta name=\"robots\" content=\"index, follow, max-snippet:-1, max-image-preview:large, max-video-preview:-1\" \/>\n<link rel=\"canonical\" href=\"https:\/\/iwell-guard.com\/hr\/uriel\/\" \/>\n<meta property=\"og:locale\" content=\"hr_HR\" \/>\n<meta property=\"og:type\" content=\"article\" \/>\n<meta property=\"og:title\" content=\"Uriel\" \/>\n<meta property=\"og:description\" content=\"Uriel, arkan\u0111eo \u017eidovske tradicije, pismeno potvr\u0111en jo\u0161 od Prve Henokove knjige: an\u0111eo vatre pravednog suda, koji je upozorio Nou na potop.\" \/>\n<meta property=\"og:url\" content=\"https:\/\/iwell-guard.com\/hr\/uriel\/\" \/>\n<meta property=\"og:site_name\" content=\"iWell Guard\" \/>\n<meta property=\"article:modified_time\" content=\"2026-09-04T05:26:57+00:00\" \/>\n<meta property=\"og:image\" content=\"https:\/\/iwell-guard.com\/wp-content\/uploads\/2026\/04\/goetter_judentum_uriel.webp\" \/>\n\t<meta property=\"og:image:width\" content=\"1024\" \/>\n\t<meta property=\"og:image:height\" content=\"1536\" \/>\n\t<meta property=\"og:image:type\" content=\"image\/webp\" \/>\n<meta name=\"twitter:card\" content=\"summary_large_image\" \/>\n<script type=\"application\/ld+json\" class=\"yoast-schema-graph\">{\"@context\":\"https:\\\/\\\/schema.org\",\"@graph\":[{\"@type\":\"WebPage\",\"@id\":\"https:\\\/\\\/iwell-guard.com\\\/hr\\\/uriel\\\/\",\"url\":\"https:\\\/\\\/iwell-guard.com\\\/hr\\\/uriel\\\/\",\"name\":\"Uriel - an\u0111eo vatre i suda\",\"isPartOf\":{\"@id\":\"https:\\\/\\\/iwell-guard.com\\\/hr\\\/#website\"},\"primaryImageOfPage\":{\"@id\":\"https:\\\/\\\/iwell-guard.com\\\/hr\\\/uriel\\\/#primaryimage\"},\"image\":{\"@id\":\"https:\\\/\\\/iwell-guard.com\\\/hr\\\/uriel\\\/#primaryimage\"},\"thumbnailUrl\":\"https:\\\/\\\/iwell-guard.com\\\/wp-content\\\/uploads\\\/2026\\\/04\\\/goetter_judentum_uriel.webp\",\"datePublished\":\"2026-09-04T05:11:43+00:00\",\"dateModified\":\"2026-09-04T05:26:57+00:00\",\"description\":\"Uriel, arkan\u0111eo \u017eidovske tradicije, pismeno potvr\u0111en jo\u0161 od Prve Henokove knjige: an\u0111eo vatre pravednog suda, koji je upozorio Nou na potop.\",\"breadcrumb\":{\"@id\":\"https:\\\/\\\/iwell-guard.com\\\/hr\\\/uriel\\\/#breadcrumb\"},\"inLanguage\":\"hr\",\"potentialAction\":[{\"@type\":\"ReadAction\",\"target\":[\"https:\\\/\\\/iwell-guard.com\\\/hr\\\/uriel\\\/\"]}]},{\"@type\":\"ImageObject\",\"inLanguage\":\"hr\",\"@id\":\"https:\\\/\\\/iwell-guard.com\\\/hr\\\/uriel\\\/#primaryimage\",\"url\":\"https:\\\/\\\/iwell-guard.com\\\/wp-content\\\/uploads\\\/2026\\\/04\\\/goetter_judentum_uriel.webp\",\"contentUrl\":\"https:\\\/\\\/iwell-guard.com\\\/wp-content\\\/uploads\\\/2026\\\/04\\\/goetter_judentum_uriel.webp\",\"width\":1024,\"height\":1536,\"caption\":\"Bogovi iz \u017eidovske tradicije.\"},{\"@type\":\"BreadcrumbList\",\"@id\":\"https:\\\/\\\/iwell-guard.com\\\/hr\\\/uriel\\\/#breadcrumb\",\"itemListElement\":[{\"@type\":\"ListItem\",\"position\":1,\"name\":\"Start\",\"item\":\"https:\\\/\\\/iwell-guard.com\\\/hr\\\/?page_id=149317\"},{\"@type\":\"ListItem\",\"position\":2,\"name\":\"Uriel\"}]},{\"@type\":\"WebSite\",\"@id\":\"https:\\\/\\\/iwell-guard.com\\\/hr\\\/#website\",\"url\":\"https:\\\/\\\/iwell-guard.com\\\/hr\\\/\",\"name\":\"iWell Guard\",\"description\":\"Schutz vor dunklen Einfl\u00fcssen\",\"publisher\":{\"@id\":\"https:\\\/\\\/iwell-guard.com\\\/hr\\\/#organization\"},\"potentialAction\":[{\"@type\":\"SearchAction\",\"target\":{\"@type\":\"EntryPoint\",\"urlTemplate\":\"https:\\\/\\\/iwell-guard.com\\\/hr\\\/?s={search_term_string}\"},\"query-input\":{\"@type\":\"PropertyValueSpecification\",\"valueRequired\":true,\"valueName\":\"search_term_string\"}}],\"inLanguage\":\"hr\"},{\"@type\":\"Organization\",\"@id\":\"https:\\\/\\\/iwell-guard.com\\\/hr\\\/#organization\",\"name\":\"Ittermann electronic GmbH\",\"url\":\"https:\\\/\\\/iwell-guard.com\\\/hr\\\/\",\"logo\":{\"@type\":\"ImageObject\",\"inLanguage\":\"hr\",\"@id\":\"https:\\\/\\\/iwell-guard.com\\\/hr\\\/#\\\/schema\\\/logo\\\/image\\\/\",\"url\":\"https:\\\/\\\/iwell-guard.com\\\/wp-content\\\/uploads\\\/2026\\\/05\\\/Ittermann-Logo-1182x237-1.png\",\"contentUrl\":\"https:\\\/\\\/iwell-guard.com\\\/wp-content\\\/uploads\\\/2026\\\/05\\\/Ittermann-Logo-1182x237-1.png\",\"width\":1182,\"height\":237,\"caption\":\"Ittermann electronic GmbH\"},\"image\":{\"@id\":\"https:\\\/\\\/iwell-guard.com\\\/hr\\\/#\\\/schema\\\/logo\\\/image\\\/\"},\"sameAs\":[\"https:\\\/\\\/pantip.com\\\/profile\\\/9367242\",\"https:\\\/\\\/micro.blog\\\/iwellguard\",\"https:\\\/\\\/www.diggerslist.com\\\/iwellguard\\\/about\",\"https:\\\/\\\/skitterphoto.com\\\/photographers\\\/2870314\\\/iwell-guard\",\"https:\\\/\\\/iwellguard.wordpress.com\\\/2026\\\/06\\\/06\\\/iwell-guard\\\/\",\"https:\\\/\\\/hub.docker.com\\\/u\\\/iwellguard\",\"https:\\\/\\\/www.pinterest.com\\\/iwellguard\\\/\",\"https:\\\/\\\/bit.ly\\\/m\\\/iwellguard\",\"https:\\\/\\\/entre-vos-mains.alsace.eu\\\/profiles\\\/iwellguard\\\/activity\",\"https:\\\/\\\/gravatar.com\\\/reallybeded8fd34\",\"https:\\\/\\\/naijamatta.com\\\/iwellguard\",\"https:\\\/\\\/www.goodreads.com\\\/iwellguard\",\"https:\\\/\\\/profile.hatena.ne.jp\\\/iwellguard\\\/\",\"https:\\\/\\\/experiment.com\\\/users\\\/iwellguard\",\"https:\\\/\\\/wakelet.com\\\/@iWellGuard82270\",\"https:\\\/\\\/www.chordie.com\\\/forum\\\/profile.php?id=2555664\",\"https:\\\/\\\/www.instapaper.com\\\/p\\\/17757966\",\"https:\\\/\\\/www.mapleprimes.com\\\/users\\\/iwellguard\",\"https:\\\/\\\/businesslistingplus.com\\\/profile\\\/iwell-guard\\\/\",\"https:\\\/\\\/telegra.ph\\\/iWell-Guard-06-06\",\"https:\\\/\\\/pbase.com\\\/iwellguard\\\/iwellguard\",\"https:\\\/\\\/b.hatena.ne.jp\\\/iwellguard\\\/20260607#bookmark-4788405196491818882\",\"https:\\\/\\\/fliphtml5.com\\\/home\\\/iwellguard\",\"https:\\\/\\\/anyflip.com\\\/homepage\\\/cmiwl#About\",\"https:\\\/\\\/transfur.com\\\/Users\\\/iwellguard\",\"http:\\\/\\\/delphi.larsbo.org\\\/user\\\/iwellguard\",\"https:\\\/\\\/jobs.lajobsportal.org\\\/profiles\\\/8380803-iwell-guard\",\"https:\\\/\\\/md.chaosdorf.de\\\/s\\\/jfbe5SBdJD\",\"https:\\\/\\\/www.lingvolive.com\\\/en-us\\\/profile\\\/9ecaeaca-ce11-4e51-9e71-01d55e2bff36\\\/translations\",\"https:\\\/\\\/www.fitday.com\\\/fitness\\\/forums\\\/members\\\/iwellguard.html\",\"https:\\\/\\\/www.mymeetbook.com\\\/iwellguard\",\"https:\\\/\\\/pxhere.com\\\/en\\\/photographer-me\\\/5040798\",\"https:\\\/\\\/disqus.com\\\/by\\\/iwellguard\\\/about\\\/\",\"https:\\\/\\\/pastelink.net\\\/hjwciqwq\",\"https:\\\/\\\/pubhtml5.com\\\/homepage\\\/scjhn\\\/\",\"https:\\\/\\\/www.bitchute.com\\\/channel\\\/2O2eOKzNqujT\",\"https:\\\/\\\/audiomack.com\\\/iwellguard\"]},{\"@type\":\"Article\",\"@id\":\"https:\\\/\\\/iwell-guard.com\\\/hr\\\/uriel\\\/#article\",\"isPartOf\":{\"@id\":\"https:\\\/\\\/iwell-guard.com\\\/hr\\\/uriel\\\/\"},\"author\":{\"name\":\"Ralf Ittermann\",\"@id\":\"https:\\\/\\\/iwell-guard.com\\\/hr\\\/#\\\/schema\\\/person\\\/ee2a27f1cac3406c7c6fb5820cb7349f\"},\"headline\":\"Uriel\",\"datePublished\":\"2026-09-04T05:11:43+00:00\",\"dateModified\":\"2026-09-04T05:26:57+00:00\",\"mainEntityOfPage\":{\"@id\":\"https:\\\/\\\/iwell-guard.com\\\/hr\\\/uriel\\\/\"},\"publisher\":{\"@id\":\"https:\\\/\\\/iwell-guard.com\\\/hr\\\/#organization\"},\"image\":{\"@id\":\"https:\\\/\\\/iwell-guard.com\\\/hr\\\/uriel\\\/#primaryimage\"},\"thumbnailUrl\":\"https:\\\/\\\/iwell-guard.com\\\/wp-content\\\/uploads\\\/2026\\\/04\\\/goetter_judentum_uriel.webp\",\"inLanguage\":\"hr\",\"description\":\"Uriel, arkan\u0111eo \u017eidovske tradicije, pismeno potvr\u0111en jo\u0161 od Prve Henokove knjige: an\u0111eo vatre pravednog suda, koji je upozorio Nou na potop.\"}]}<\/script>\n<!-- \/ Yoast SEO Premium plugin. -->","yoast_head_json":{"title":"Uriel - an\u0111eo vatre i suda","description":"Uriel, arkan\u0111eo \u017eidovske tradicije, pismeno potvr\u0111en jo\u0161 od Prve Henokove knjige: an\u0111eo vatre pravednog suda, koji je upozorio Nou na potop.","robots":{"index":"index","follow":"follow","max-snippet":"max-snippet:-1","max-image-preview":"max-image-preview:large","max-video-preview":"max-video-preview:-1"},"canonical":"https:\/\/iwell-guard.com\/hr\/uriel\/","og_locale":"hr_HR","og_type":"article","og_title":"Uriel","og_description":"Uriel, arkan\u0111eo \u017eidovske tradicije, pismeno potvr\u0111en jo\u0161 od Prve Henokove knjige: an\u0111eo vatre pravednog suda, koji je upozorio Nou na potop.","og_url":"https:\/\/iwell-guard.com\/hr\/uriel\/","og_site_name":"iWell Guard","article_modified_time":"2026-09-04T05:26:57+00:00","og_image":[{"width":1024,"height":1536,"url":"https:\/\/iwell-guard.com\/wp-content\/uploads\/2026\/04\/goetter_judentum_uriel.webp","type":"image\/webp"}],"twitter_card":"summary_large_image","schema":{"@context":"https:\/\/schema.org","@graph":[{"@type":"Article","@id":"https:\/\/iwell-guard.com\/hr\/uriel\/#article","isPartOf":{"@id":"https:\/\/iwell-guard.com\/hr\/uriel\/"},"author":{"name":"Ralf Ittermann","@id":"https:\/\/iwell-guard.com\/hr\/#\/schema\/person\/ee2a27f1cac3406c7c6fb5820cb7349f"},"headline":"Uriel","datePublished":"2026-09-04T05:11:43+00:00","dateModified":"2026-09-04T05:26:57+00:00","mainEntityOfPage":{"@id":"https:\/\/iwell-guard.com\/hr\/uriel\/"},"publisher":{"@id":"https:\/\/iwell-guard.com\/hr\/#organization"},"image":{"@id":"https:\/\/iwell-guard.com\/hr\/uriel\/#primaryimage"},"thumbnailUrl":"https:\/\/iwell-guard.com\/wp-content\/uploads\/2026\/04\/goetter_judentum_uriel.webp","inLanguage":"hr","description":"Uriel, arkan\u0111eo \u017eidovske tradicije, pismeno potvr\u0111en jo\u0161 od Prve Henokove knjige: an\u0111eo vatre pravednog suda, koji je upozorio Nou na potop."},{"@type":"WebPage","@id":"https:\/\/iwell-guard.com\/hr\/uriel\/","url":"https:\/\/iwell-guard.com\/hr\/uriel\/","name":"Uriel - an\u0111eo vatre i suda","isPartOf":{"@id":"https:\/\/iwell-guard.com\/hr\/#website"},"primaryImageOfPage":{"@id":"https:\/\/iwell-guard.com\/hr\/uriel\/#primaryimage"},"image":{"@id":"https:\/\/iwell-guard.com\/hr\/uriel\/#primaryimage"},"thumbnailUrl":"https:\/\/iwell-guard.com\/wp-content\/uploads\/2026\/04\/goetter_judentum_uriel.webp","datePublished":"2026-09-04T05:11:43+00:00","dateModified":"2026-09-04T05:26:57+00:00","description":"Uriel, arkan\u0111eo \u017eidovske tradicije, pismeno potvr\u0111en jo\u0161 od Prve Henokove knjige: an\u0111eo vatre pravednog suda, koji je upozorio Nou na potop.","breadcrumb":{"@id":"https:\/\/iwell-guard.com\/hr\/uriel\/#breadcrumb"},"inLanguage":"hr","potentialAction":[{"@type":"ReadAction","target":["https:\/\/iwell-guard.com\/hr\/uriel\/"]}]},{"@type":"ImageObject","inLanguage":"hr","@id":"https:\/\/iwell-guard.com\/hr\/uriel\/#primaryimage","url":"https:\/\/iwell-guard.com\/wp-content\/uploads\/2026\/04\/goetter_judentum_uriel.webp","contentUrl":"https:\/\/iwell-guard.com\/wp-content\/uploads\/2026\/04\/goetter_judentum_uriel.webp","width":1024,"height":1536,"caption":"Bogovi iz \u017eidovske tradicije."},{"@type":"BreadcrumbList","@id":"https:\/\/iwell-guard.com\/hr\/uriel\/#breadcrumb","itemListElement":[{"@type":"ListItem","position":1,"name":"Start","item":"https:\/\/iwell-guard.com\/hr\/?page_id=149317"},{"@type":"ListItem","position":2,"name":"Uriel"}]},{"@type":"WebSite","@id":"https:\/\/iwell-guard.com\/hr\/#website","url":"https:\/\/iwell-guard.com\/hr\/","name":"iWell Guard","description":"Schutz vor dunklen Einfl\u00fcssen","publisher":{"@id":"https:\/\/iwell-guard.com\/hr\/#organization"},"potentialAction":[{"@type":"SearchAction","target":{"@type":"EntryPoint","urlTemplate":"https:\/\/iwell-guard.com\/hr\/?s={search_term_string}"},"query-input":{"@type":"PropertyValueSpecification","valueRequired":true,"valueName":"search_term_string"}}],"inLanguage":"hr"},{"@type":"Organization","@id":"https:\/\/iwell-guard.com\/hr\/#organization","name":"Ittermann electronic GmbH","url":"https:\/\/iwell-guard.com\/hr\/","logo":{"@type":"ImageObject","inLanguage":"hr","@id":"https:\/\/iwell-guard.com\/hr\/#\/schema\/logo\/image\/","url":"https:\/\/iwell-guard.com\/wp-content\/uploads\/2026\/05\/Ittermann-Logo-1182x237-1.png","contentUrl":"https:\/\/iwell-guard.com\/wp-content\/uploads\/2026\/05\/Ittermann-Logo-1182x237-1.png","width":1182,"height":237,"caption":"Ittermann electronic GmbH"},"image":{"@id":"https:\/\/iwell-guard.com\/hr\/#\/schema\/logo\/image\/"},"sameAs":["https:\/\/pantip.com\/profile\/9367242","https:\/\/micro.blog\/iwellguard","https:\/\/www.diggerslist.com\/iwellguard\/about","https:\/\/skitterphoto.com\/photographers\/2870314\/iwell-guard","https:\/\/iwellguard.wordpress.com\/2026\/06\/06\/iwell-guard\/","https:\/\/hub.docker.com\/u\/iwellguard","https:\/\/www.pinterest.com\/iwellguard\/","https:\/\/bit.ly\/m\/iwellguard","https:\/\/entre-vos-mains.alsace.eu\/profiles\/iwellguard\/activity","https:\/\/gravatar.com\/reallybeded8fd34","https:\/\/naijamatta.com\/iwellguard","https:\/\/www.goodreads.com\/iwellguard","https:\/\/profile.hatena.ne.jp\/iwellguard\/","https:\/\/experiment.com\/users\/iwellguard","https:\/\/wakelet.com\/@iWellGuard82270","https:\/\/www.chordie.com\/forum\/profile.php?id=2555664","https:\/\/www.instapaper.com\/p\/17757966","https:\/\/www.mapleprimes.com\/users\/iwellguard","https:\/\/businesslistingplus.com\/profile\/iwell-guard\/","https:\/\/telegra.ph\/iWell-Guard-06-06","https:\/\/pbase.com\/iwellguard\/iwellguard","https:\/\/b.hatena.ne.jp\/iwellguard\/20260607#bookmark-4788405196491818882","https:\/\/fliphtml5.com\/home\/iwellguard","https:\/\/anyflip.com\/homepage\/cmiwl#About","https:\/\/transfur.com\/Users\/iwellguard","http:\/\/delphi.larsbo.org\/user\/iwellguard","https:\/\/jobs.lajobsportal.org\/profiles\/8380803-iwell-guard","https:\/\/md.chaosdorf.de\/s\/jfbe5SBdJD","https:\/\/www.lingvolive.com\/en-us\/profile\/9ecaeaca-ce11-4e51-9e71-01d55e2bff36\/translations","https:\/\/www.fitday.com\/fitness\/forums\/members\/iwellguard.html","https:\/\/www.mymeetbook.com\/iwellguard","https:\/\/pxhere.com\/en\/photographer-me\/5040798","https:\/\/disqus.com\/by\/iwellguard\/about\/","https:\/\/pastelink.net\/hjwciqwq","https:\/\/pubhtml5.com\/homepage\/scjhn\/","https:\/\/www.bitchute.com\/channel\/2O2eOKzNqujT","https:\/\/audiomack.com\/iwellguard"]},{"@type":"Person","@id":"https:\/\/iwell-guard.com\/hr\/#\/schema\/person\/ee2a27f1cac3406c7c6fb5820cb7349f","name":"Ralf Ittermann","image":{"@type":"ImageObject","inLanguage":"hr","@id":"https:\/\/secure.gravatar.com\/avatar\/073c0153e350a5005b68eb752b445fea71f6b24a26da9449ad7e155e6b446c9d?s=96&d=mm&r=g","url":"https:\/\/secure.gravatar.com\/avatar\/073c0153e350a5005b68eb752b445fea71f6b24a26da9449ad7e155e6b446c9d?s=96&d=mm&r=g","contentUrl":"https:\/\/secure.gravatar.com\/avatar\/073c0153e350a5005b68eb752b445fea71f6b24a26da9449ad7e155e6b446c9d?s=96&d=mm&r=g","caption":"Ralf Ittermann"},"givenName":"Ralf","familyName":"Ittermann","jobTitle":"Gesch\u00e4ftsf\u00fchrer und redaktioneller Verantwortlicher","url":"https:\/\/iwell-guard.com\/hr\/author\/claude\/","description":"Ralf Ittermann ist Gesch\u00e4ftsf\u00fchrer der Ittermann electronic GmbH und redaktioneller Verantwortlicher des iWell-Guard-Lexikons. Er verbindet langj\u00e4hrige Erfahrung in der Pr\u00e4zisionsfertigung mit medialer Praxis und religionsgeschichtlicher Quellenarbeit.","worksFor":{"@type":"Organization","name":"Ittermann electronic GmbH","url":"https:\/\/ittermann.de\/","address":{"@type":"PostalAddress","streetAddress":"K\u00f6hlergasse 16-18","postalCode":"99842","addressLocality":"Ruhla","addressCountry":"DE"}},"knowsAbout":["Religionsgeschichte","Mythologie","Mediale Praxis","Energetische Diagnostik","Schutzpraxis","Volksglauben","Westliche Esoterik"]},{"@type":"Article","@id":"https:\/\/iwell-guard.com\/hr\/uriel\/#article","isPartOf":{"@id":"https:\/\/iwell-guard.com\/hr\/uriel\/"},"author":{"name":"Ralf Ittermann","@id":"https:\/\/iwell-guard.com\/hr\/#\/schema\/person\/ee2a27f1cac3406c7c6fb5820cb7349f"},"headline":"Uriel","datePublished":"2026-09-04T05:11:43+00:00","dateModified":"2026-09-04T05:26:57+00:00","mainEntityOfPage":{"@id":"https:\/\/iwell-guard.com\/hr\/uriel\/"},"publisher":{"@id":"https:\/\/iwell-guard.com\/hr\/#organization"},"image":{"@id":"https:\/\/iwell-guard.com\/hr\/uriel\/#primaryimage"},"thumbnailUrl":"https:\/\/iwell-guard.com\/wp-content\/uploads\/2026\/04\/goetter_judentum_uriel.webp","inLanguage":"hr","description":"Uriel, arkan\u0111eo \u017eidovske tradicije, pismeno potvr\u0111en jo\u0161 od Prve Henokove knjige: an\u0111eo vatre pravednog suda, koji je upozorio Nou na potop."}]}},"_links":{"self":[{"href":"https:\/\/iwell-guard.com\/hr\/wp-json\/wp\/v2\/pages\/149573","targetHints":{"allow":["GET"]}}],"collection":[{"href":"https:\/\/iwell-guard.com\/hr\/wp-json\/wp\/v2\/pages"}],"about":[{"href":"https:\/\/iwell-guard.com\/hr\/wp-json\/wp\/v2\/types\/page"}],"author":[{"embeddable":true,"href":"https:\/\/iwell-guard.com\/hr\/wp-json\/wp\/v2\/users\/3"}],"replies":[{"embeddable":true,"href":"https:\/\/iwell-guard.com\/hr\/wp-json\/wp\/v2\/comments?post=149573"}],"version-history":[{"count":0,"href":"https:\/\/iwell-guard.com\/hr\/wp-json\/wp\/v2\/pages\/149573\/revisions"}],"wp:featuredmedia":[{"embeddable":true,"href":"https:\/\/iwell-guard.com\/hr\/wp-json\/wp\/v2\/media\/1610"}],"wp:attachment":[{"href":"https:\/\/iwell-guard.com\/hr\/wp-json\/wp\/v2\/media?parent=149573"}],"wp:term":[{"taxonomy":"category","embeddable":true,"href":"https:\/\/iwell-guard.com\/hr\/wp-json\/wp\/v2\/categories?post=149573"}],"curies":[{"name":"wp","href":"https:\/\/api.w.org\/{rel}","templated":true}]}}