{"id":149568,"date":"2026-09-04T05:11:40","date_gmt":"2026-09-04T05:11:40","guid":{"rendered":"https:\/\/iwell-guard.com\/?page_id=149568"},"modified":"2026-09-04T05:26:49","modified_gmt":"2026-09-04T05:26:49","slug":"lugh","status":"publish","type":"page","link":"https:\/\/iwell-guard.com\/hr\/lugh\/","title":{"rendered":"Lugh"},"content":{"rendered":"\t\t<div data-elementor-type=\"wp-page\" data-elementor-id=\"149568\" class=\"elementor elementor-149568 elementor-2126 elementor-bc-flex-widget\" data-elementor-post-type=\"page\">\n\t\t\t\t<div class=\"elementor-element elementor-element-10fdade e-flex e-con-boxed e-con e-parent\" data-id=\"10fdade\" data-element_type=\"container\" data-e-type=\"container\" data-settings=\"{&quot;background_background&quot;:&quot;classic&quot;}\">\n\t\t\t\t\t<div class=\"e-con-inner\">\n\t\t<div class=\"elementor-element elementor-element-herohlft0 e-flex e-con-boxed e-con e-child\" data-id=\"herohlft0\" data-element_type=\"container\" data-e-type=\"container\">\n\t\t\t\t\t<div class=\"e-con-inner\">\n\t\t<div class=\"elementor-element elementor-element-c3ceb64 e-con-full e-flex e-con e-child\" data-id=\"c3ceb64\" data-element_type=\"container\" data-e-type=\"container\">\n\t\t\t\t<div class=\"elementor-element elementor-element-96ae5e1 elementor-widget elementor-widget-heading\" data-id=\"96ae5e1\" data-element_type=\"widget\" data-e-type=\"widget\" data-widget_type=\"heading.default\">\n\t\t\t\t\t<h1 class=\"elementor-heading-title elementor-size-default\">Lugh, bog keltske tradicije<\/h1>\t\t\t\t<\/div>\n\t\t\t\t<div class=\"elementor-element elementor-element-e45238a elementor-widget elementor-widget-text-editor\" data-id=\"e45238a\" data-element_type=\"widget\" data-e-type=\"widget\" data-widget_type=\"text-editor.default\">\n\t\t\t\t\t\t\t\t\t<p>Lugh je bog keltske tradicije, poznat kao \u00bbDugoruki\u00ab (Lugh L\u00e1mfhada), bog umjetnosti, ratne vje\u0161tine, svjetlosti i obrtni\u010dke vje\u0161tine. Religijsko-povijesno predstavlja indoeuropski tip univerzalno obdarenog kulturnog boga i kulturno-povijesno je jedno od najbolje potvr\u0111enih keltskih bo\u017eanstava.<\/p>\t\t\t\t\t\t\t\t<\/div>\n\t\t\t\t<\/div>\n\t\t<div class=\"elementor-element elementor-element-klsbdg01 e-con-full e-flex e-con e-parent\" data-id=\"klsbdg01\" data-element_type=\"container\" data-e-type=\"container\">\n\t\t\t\t<div class=\"elementor-element elementor-element-klshtm01 elementor-widget elementor-widget-html\" data-id=\"klshtm01\" data-element_type=\"widget\" data-e-type=\"widget\" data-widget_type=\"html.default\">\n\t\t\t\t\t<div class=\"iwg-pill-row\"><span class=\"iwg-klasse-badge\" tabindex=\"0\" data-tooltip=\"Bog \/ bo\u017eica: Personificirana najvi\u0161a mo\u0107 u panteonu neke kulture, s jasnim nadle\u017enostima, silama prirode, sudbinom, ratom, plodno\u0161\u0107u. Po\u0161tovan kroz kultove, \u017ertve i hramske institucije.\">Bog<\/span><a href=\"https:\/\/iwell-guard.com\/hr\/?page_id=149351\" class=\"iwg-kultur-badge\" tabindex=\"0\" data-tooltip=\"Keltska religija zapadne Europe i Britanskih ostrva, mitolo\u0161ki prenesena kroz irsko-vel\u0161ke tekstove.\">Keltski<\/a><a href=\"https:\/\/iwell-guard.com\/hr\/?page_id=149443\" class=\"iwg-tradition-badge\" tabindex=\"0\" data-tooltip=\"Najvi\u0161i bogovi nekog panteona, kozmi\u010dka suverenost, stvoriteljski ili vladarski aspekt.\">Visoko bo\u017eanstvo<\/a><\/div>\t\t\t\t<\/div>\n\t\t\t\t<\/div>\n\t\t<div class=\"elementor-element elementor-element-3f74855 e-con-full e-flex e-con e-child\" data-id=\"3f74855\" data-element_type=\"container\" data-e-type=\"container\">\n\t\t\t\t<div class=\"elementor-element elementor-element-1c30362 elementor-toc--minimized-on-tablet elementor-widget elementor-widget-table-of-contents\" data-id=\"1c30362\" data-element_type=\"widget\" data-e-type=\"widget\" data-settings=\"{&quot;exclude_headings_by_selector&quot;:[],&quot;no_headings_message&quot;:&quot;Na ovoj stranici nisu prona\\u0111eni naslovi.&quot;,&quot;headings_by_tags&quot;:[&quot;h2&quot;,&quot;h3&quot;],&quot;marker_view&quot;:&quot;bullets&quot;,&quot;minimize_box&quot;:&quot;yes&quot;,&quot;icon&quot;:{&quot;value&quot;:&quot;fas fa-circle&quot;,&quot;library&quot;:&quot;fa-solid&quot;,&quot;rendered_tag&quot;:&quot;&lt;svg class=\\&quot;e-font-icon-svg e-fas-circle\\&quot; viewBox=\\&quot;0 0 512 512\\&quot; xmlns=\\&quot;http:\\\/\\\/www.w3.org\\\/2000\\\/svg\\&quot;&gt;&lt;path d=\\&quot;M256 8C119 8 8 119 8 256s111 248 248 248 248-111 248-248S393 8 256 8z\\&quot;&gt;&lt;\\\/path&gt;&lt;\\\/svg&gt;&quot;},&quot;minimized_on&quot;:&quot;tablet&quot;,&quot;hierarchical_view&quot;:&quot;yes&quot;,&quot;min_height&quot;:{&quot;unit&quot;:&quot;px&quot;,&quot;size&quot;:&quot;&quot;,&quot;sizes&quot;:[]},&quot;min_height_tablet&quot;:{&quot;unit&quot;:&quot;px&quot;,&quot;size&quot;:&quot;&quot;,&quot;sizes&quot;:[]},&quot;min_height_mobile&quot;:{&quot;unit&quot;:&quot;px&quot;,&quot;size&quot;:&quot;&quot;,&quot;sizes&quot;:[]}}\" data-widget_type=\"table-of-contents.default\">\n\t\t\t\t\t\t\t\t\t<div class=\"elementor-toc__header\">\n\t\t\t\t\t\t<h2 class=\"elementor-toc__header-title\">\n\t\t\t\tSadr\u017eaj\t\t\t<\/h2>\n\t\t\t\t\t\t\t\t\t\t<div class=\"elementor-toc__toggle-button elementor-toc__toggle-button--expand\" role=\"button\" tabindex=\"0\" aria-controls=\"elementor-toc__1c30362\" aria-expanded=\"true\" aria-label=\"Open table of contents\"><svg aria-hidden=\"true\" class=\"e-font-icon-svg e-fas-chevron-down\" viewBox=\"0 0 448 512\" xmlns=\"http:\/\/www.w3.org\/2000\/svg\"><path d=\"M207.029 381.476L12.686 187.132c-9.373-9.373-9.373-24.569 0-33.941l22.667-22.667c9.357-9.357 24.522-9.375 33.901-.04L224 284.505l154.745-154.021c9.379-9.335 24.544-9.317 33.901.04l22.667 22.667c9.373 9.373 9.373 24.569 0 33.941L240.971 381.476c-9.373 9.372-24.569 9.372-33.942 0z\"><\/path><\/svg><\/div>\n\t\t\t\t<div class=\"elementor-toc__toggle-button elementor-toc__toggle-button--collapse\" role=\"button\" tabindex=\"0\" aria-controls=\"elementor-toc__1c30362\" aria-expanded=\"true\" aria-label=\"Close table of contents\"><svg aria-hidden=\"true\" class=\"e-font-icon-svg e-fas-chevron-up\" viewBox=\"0 0 448 512\" xmlns=\"http:\/\/www.w3.org\/2000\/svg\"><path d=\"M240.971 130.524l194.343 194.343c9.373 9.373 9.373 24.569 0 33.941l-22.667 22.667c-9.357 9.357-24.522 9.375-33.901.04L224 227.495 69.255 381.516c-9.379 9.335-24.544 9.317-33.901-.04l-22.667-22.667c-9.373-9.373-9.373-24.569 0-33.941L207.03 130.525c9.372-9.373 24.568-9.373 33.941-.001z\"><\/path><\/svg><\/div>\n\t\t\t\t\t<\/div>\n\t\t\t\t<div id=\"elementor-toc__1c30362\" class=\"elementor-toc__body\">\n\t\t\t<div class=\"elementor-toc__spinner-container\">\n\t\t\t\t<svg class=\"elementor-toc__spinner eicon-animation-spin e-font-icon-svg e-eicon-loading\" aria-hidden=\"true\" viewBox=\"0 0 1000 1000\" xmlns=\"http:\/\/www.w3.org\/2000\/svg\"><path d=\"M500 975V858C696 858 858 696 858 500S696 142 500 142 142 304 142 500H25C25 237 238 25 500 25S975 237 975 500 763 975 500 975Z\"><\/path><\/svg>\t\t\t<\/div>\n\t\t<\/div>\n\t\t\t\t\t\t<\/div>\n\t\t\t\t<\/div>\n\t\t\t\t\t<\/div>\n\t\t\t\t<\/div>\n\t\t<div class=\"elementor-element elementor-element-herorght0 e-con-full e-flex e-con e-child\" data-id=\"herorght0\" data-element_type=\"container\" data-e-type=\"container\">\n\t\t\t\t<div class=\"elementor-element elementor-element-heroimg00 iwg-hero-image elementor-widget elementor-widget-image\" data-id=\"heroimg00\" data-element_type=\"widget\" data-e-type=\"widget\" data-widget_type=\"image.default\">\n\t\t\t\t\t\t\t\t\t\t\t\t\t\t\t<img fetchpriority=\"high\" decoding=\"async\" width=\"683\" height=\"1024\" src=\"https:\/\/iwell-guard.com\/wp-content\/uploads\/2026\/04\/goetter_keltisch_lugh-683x1024.webp\" class=\"attachment-large size-large wp-image-151821\" alt=\"Lugh - bogovi keltske tradicije, povijesno-ilustrativno\" srcset=\"https:\/\/iwell-guard.com\/wp-content\/uploads\/2026\/04\/goetter_keltisch_lugh-683x1024.webp 683w, https:\/\/iwell-guard.com\/wp-content\/uploads\/2026\/04\/goetter_keltisch_lugh-200x300.webp 200w, https:\/\/iwell-guard.com\/wp-content\/uploads\/2026\/04\/goetter_keltisch_lugh-768x1152.webp 768w, https:\/\/iwell-guard.com\/wp-content\/uploads\/2026\/04\/goetter_keltisch_lugh.webp 1024w\" sizes=\"(max-width: 683px) 100vw, 683px\" \/>\t\t\t\t\t\t\t\t\t\t\t\t\t\t\t<\/div>\n\t\t\t\t<\/div>\n\t\t\t\t\t<\/div>\n\t\t\t\t<\/div>\n\t\t<div class=\"elementor-element elementor-element-32917199 e-flex e-con-boxed e-con e-parent\" data-id=\"32917199\" data-element_type=\"container\" data-e-type=\"container\">\n\t\t\t\t\t<div class=\"e-con-inner\">\n\t\t<div class=\"elementor-element elementor-element-26e916cb e-flex e-con-boxed e-con e-child\" data-id=\"26e916cb\" data-element_type=\"container\" data-e-type=\"container\">\n\t\t\t\t\t<div class=\"e-con-inner\">\n\t\t<div class=\"elementor-element elementor-element-253a40d4 e-flex e-con-boxed e-con e-child\" data-id=\"253a40d4\" data-element_type=\"container\" data-e-type=\"container\">\n\t\t\t\t\t<div class=\"e-con-inner\">\n\t\t\t\t<div class=\"elementor-element elementor-element-1200c304 elementor-widget elementor-widget-heading\" data-id=\"1200c304\" data-element_type=\"widget\" data-e-type=\"widget\" data-widget_type=\"heading.default\">\n\t\t\t\t\t<h2 class=\"elementor-heading-title elementor-size-default\">Lugh<\/h2>\t\t\t\t<\/div>\n\t\t\t\t<div class=\"elementor-element elementor-element-11758e7f elementor-widget elementor-widget-text-editor\" data-id=\"11758e7f\" data-element_type=\"widget\" data-e-type=\"widget\" data-widget_type=\"text-editor.default\">\n\t\t\t\t\t\t\t\t\t<p>Lugh se opisuje kao ratni junak, umjetnik, druid i univerzalni majstor svih umjetnosti i vje\u0161tina. Pripada Tuatha D\u00e9 Danann i bori se u bitkama kod Mag Tuireda protiv Fomor\u00e1naca. Legendarno su njegovo natprirodno oru\u017eje i njegova harfa.<\/p><p>Njegov blagdan, Lughnasadh (1. kolovoza), obilje\u017eava prijelaz u jesen. \u010cesto se navodi kao sin Dian C\u00e9chta ili drugih bo\u017eanstava, iako se genealogija razlikuje.<\/p>\t\t\t\t\t\t\t\t<\/div>\n\t\t\t\t\t<\/div>\n\t\t\t\t<\/div>\n\t\t<div class=\"elementor-element elementor-element-159dcf9a e-flex e-con-boxed e-con e-child\" data-id=\"159dcf9a\" data-element_type=\"container\" data-e-type=\"container\">\n\t\t\t\t\t<div class=\"e-con-inner\">\n\t\t\t\t<div class=\"elementor-element elementor-element-48cee66f elementor-widget elementor-widget-heading\" data-id=\"48cee66f\" data-element_type=\"widget\" data-e-type=\"widget\" data-widget_type=\"heading.default\">\n\t\t\t\t\t<h2 class=\"elementor-heading-title elementor-size-default\">Ukratko: Lugh<\/h2>\t\t\t\t<\/div>\n\t\t\t\t<div class=\"elementor-element elementor-element-3f50d82c elementor-widget elementor-widget-text-editor\" data-id=\"3f50d82c\" data-element_type=\"widget\" data-e-type=\"widget\" data-widget_type=\"text-editor.default\">\n\t\t\t\t\t\t\t\t\t<p>Primarni izvori su Cath Maige Tuired (\u00bbBitka kod Mag Tuireda\u00ab), Oidheadh Chloinne Tuireann (\u00bbSudbina djece Tuireanna\u00ab) i Lebor Gab\u00e1la \u00c9renn. Lugh se spominje i kod rimskih pisaca (Loucetius Mars = Lugh-Mars).<\/p><p>Ime i blagdan Lughnasadh obilno su potvr\u0111eni u galskim izvorima. Bernhard Maier i Proinsias Mac Cana identificiraju Lugha kao jednu od istaknuto potvr\u0111enih figura keltske religije.<\/p>\t\t\t\t\t\t\t\t<\/div>\n\t\t\t\t\t<\/div>\n\t\t\t\t<\/div>\n\t\t\t\t\t<\/div>\n\t\t\t\t<\/div>\n\t\t\t\t\t<\/div>\n\t\t\t\t<\/div>\n\t\t<div class=\"elementor-element elementor-element-18613602 e-flex e-con-boxed e-con e-parent\" data-id=\"18613602\" data-element_type=\"container\" data-e-type=\"container\">\n\t\t\t\t\t<div class=\"e-con-inner\">\n\t\t\t\t<div class=\"elementor-element elementor-element-262b8a9f elementor-widget elementor-widget-heading\" data-id=\"262b8a9f\" data-element_type=\"widget\" data-e-type=\"widget\" data-widget_type=\"heading.default\">\n\t\t\t\t\t<h2 class=\"elementor-heading-title elementor-size-default\">Kontekst<\/h2>\t\t\t\t<\/div>\n\t\t<div class=\"elementor-element elementor-element-46dcb7d e-con-full e-flex e-con e-child\" data-id=\"46dcb7d\" data-element_type=\"container\" data-e-type=\"container\">\n\t\t<div class=\"elementor-element elementor-element-61d3ab3 e-flex e-con-boxed e-con e-child\" data-id=\"61d3ab3\" data-element_type=\"container\" data-e-type=\"container\">\n\t\t\t\t\t<div class=\"e-con-inner\">\n\t\t\t\t<div class=\"elementor-element elementor-element-117c166 elementor-widget elementor-widget-heading\" data-id=\"117c166\" data-element_type=\"widget\" data-e-type=\"widget\" data-widget_type=\"heading.default\">\n\t\t\t\t\t<h3 class=\"elementor-heading-title elementor-size-default\">Zeitraum der Texte<\/h3>\t\t\t\t<\/div>\n\t\t\t\t<div class=\"elementor-element elementor-element-73997a0 elementor-widget elementor-widget-text-editor\" data-id=\"73997a0\" data-element_type=\"widget\" data-e-type=\"widget\" data-widget_type=\"text-editor.default\">\n\t\t\t\t\t\t\t\t\t<p>Trag Lugha prote\u017ee se od kontinentalnog keltskog boga Lugusa, \u010dije se ime nalazi u nazivima mjesta kao Lugdunum, dana\u0161nji Lyon, preko srednjovjekovnih irskih rukopisa do obi\u010daja Lughnasadh u novije doba. I danas irski naziv mjeseca L\u00fanasa za kolovoz nosi njegovo ime. Dana\u0161nji oblici, na primjer planinska hodo\u010da\u0161\u0107a posljednje srpanjske nedjelje, kr\u0161\u0107anski su preoblikovani, ali i dalje otkrivaju vezu sa starim blagdanom \u017eetve.<\/p><h3>Mitolo\u0161ko odre\u0111enje<\/h3><p>Lugh je bog umjetnosti, obrta, svjetlosti i rata u irskoj <span class=\"iwg-fachbegriff\" data-tooltip=\"Cjelina predanih pripovijesti o bogovima jedne kulture.\" tabindex=\"0\">mitologiji<\/span>. Jedan je od najraznovrsnijih bogova s mnogo sposobnosti: proricanje, kova\u010dka vje\u0161tina, muzika, pjesni\u0161tvo, borba. Blagdan Lughnasadh mu je posve\u0107en. Njegova pozicija je sredi\u0161nja.<\/p>\t\t\t\t\t\t\t\t<\/div>\n\t\t\t\t\t<\/div>\n\t\t\t\t<\/div>\n\t\t<div class=\"elementor-element elementor-element-d47b156 e-flex e-con-boxed e-con e-child\" data-id=\"d47b156\" data-element_type=\"container\" data-e-type=\"container\">\n\t\t\t\t\t<div class=\"e-con-inner\">\n\t\t\t\t<div class=\"elementor-element elementor-element-ff38c2b elementor-widget elementor-widget-heading\" data-id=\"ff38c2b\" data-element_type=\"widget\" data-e-type=\"widget\" data-widget_type=\"heading.default\">\n\t\t\t\t\t<h3 class=\"elementor-heading-title elementor-size-default\">Verbreitungsraum<\/h3>\t\t\t\t<\/div>\n\t\t\t\t<div class=\"elementor-element elementor-element-4e49fcc elementor-widget elementor-widget-text-editor\" data-id=\"4e49fcc\" data-element_type=\"widget\" data-e-type=\"widget\" data-widget_type=\"text-editor.default\">\n\t\t\t\t\t\t\t\t\t<p>Lugh nije bio ograni\u010den na odre\u0111enu regiju ili lokacije, nego je bio univerzalno poznat i po\u0161tovan, ili s po\u0161tovanjem strahovan, u cijelom keltskom svijetu. Bilo u velikim urbanim sredi\u0161tima ili u perifernim ruralnim podru\u010djima, bilo kod dru\u0161tvene elite ili obi\u010dnog puka, duhovno i kulturno zna\u010denje ovog bi\u0107a bilo je dosljedno prepoznato i univerzalno.<\/p><p>\u010cinjenica da se kolovoz na irskom i danas zove L\u00fanasa, a da se nazivi mjesta od Lyona do Leidena izvode iz boga Lugusa, pokazuje koliko je Lugh bio duboko povezan sa samopoimanjem keltskih zajednica. Migracije keltskih plemena i razmjena du\u017e trgova\u010dkih putova prenijele su kult s kontinenta sve do Irske, gdje ostaje prepoznatljiv u iznena\u0111uju\u0107e jedinstvenom obliku: kao bog umjetnosti s vlastitim blagdanom na po\u010detku \u017eetve.<\/p>\t\t\t\t\t\t\t\t<\/div>\n\t\t\t\t\t<\/div>\n\t\t\t\t<\/div>\n\t\t\t\t<\/div>\n\t\t<div class=\"elementor-element elementor-element-db03c39 e-con-full e-flex e-con e-child\" data-id=\"db03c39\" data-element_type=\"container\" data-e-type=\"container\">\n\t\t<div class=\"elementor-element elementor-element-229a87b e-flex e-con-boxed e-con e-child\" data-id=\"229a87b\" data-element_type=\"container\" data-e-type=\"container\">\n\t\t\t\t\t<div class=\"e-con-inner\">\n\t\t\t\t<div class=\"elementor-element elementor-element-1f471fc elementor-widget elementor-widget-heading\" data-id=\"1f471fc\" data-element_type=\"widget\" data-e-type=\"widget\" data-widget_type=\"heading.default\">\n\t\t\t\t\t<h3 class=\"elementor-heading-title elementor-size-default\">Quellenlage<\/h3>\t\t\t\t<\/div>\n\t\t\t\t<div class=\"elementor-element elementor-element-36b1201 elementor-widget elementor-widget-text-editor\" data-id=\"36b1201\" data-element_type=\"widget\" data-e-type=\"widget\" data-widget_type=\"text-editor.default\">\n\t\t\t\t\t\t\t\t\t<p>Primarni izvori: Cath Maige Tuired (recenzija A, zapisana oko 9. 10. st.), Lebor Gab\u00e1la \u00c9renn (recenzija s Lughovim genealo\u0161kim ulogama), Oidheadh Chloinne Tuireann. Rimska epigrafija: natpisi Loucetiusa Marsa u Galiji (npr. iz podru\u010dja Mosele).<\/p><p>Razdoblje: mitovi odra\u017eavaju kultove \u017eeljeznog doba i ranog srednjovjekovlja (oko 500. pr. Kr. \u2013 800. posl. Kr.). Istra\u017eiva\u010di Mac Cana (Celtic Mythology), Maier (Die Religion der Kelten), Sjoestedt (Gods and Heroes of the Celts) i Green (The Gods of the Celts) obra\u0111uju Lugha detaljno.<\/p>\t\t\t\t\t\t\t\t<\/div>\n\t\t\t\t\t<\/div>\n\t\t\t\t<\/div>\n\t\t\t\t<\/div>\n\t\t\t\t\t<\/div>\n\t\t\t\t<\/div>\n\t\t<div class=\"elementor-element elementor-element-3ae0637c e-flex e-con-boxed e-con e-parent\" data-id=\"3ae0637c\" data-element_type=\"container\" data-e-type=\"container\">\n\t\t\t\t\t<div class=\"e-con-inner\">\n\t\t\t\t<div class=\"elementor-element elementor-element-31d07739 elementor-widget elementor-widget-heading\" data-id=\"31d07739\" data-element_type=\"widget\" data-e-type=\"widget\" data-widget_type=\"heading.default\">\n\t\t\t\t\t<h2 class=\"elementor-heading-title elementor-size-default\">Naziv<\/h2>\t\t\t\t<\/div>\n\t\t<div class=\"elementor-element elementor-element-b7642947 e-con-full e-flex e-con e-child\" data-id=\"b7642947\" data-element_type=\"container\" data-e-type=\"container\">\n\t\t\t\t<div class=\"elementor-element elementor-element-a086266 elementor-widget elementor-widget-text-editor\" data-id=\"a086266\" data-element_type=\"widget\" data-e-type=\"widget\" data-widget_type=\"text-editor.default\">\n\t\t\t\t\t\t\t\t\t<p>Lugh se u razli\u010ditim izvorima i umjetni\u010dkim tradicijama prikazuje s odre\u0111enim ponavljaju\u0107im ikonografskim elementima koji ostaju relativno stalni kroz desetlje\u0107a i razli\u010dite geografske prostore. Ti elementi nisu \u010disto dekorativni ili nasumi\u010dno odabrani, ve\u0107 su duboko simboli\u010dki kodirani i nose veliko zna\u010denje.<\/p><p>Atributi Lugha precizno odre\u0111uju njegov polo\u017eaj me\u0111u Tuatha D\u00e9 Danann: njegov nadimak Samild\u00e1nach, \u00bbonaj koji je vje\u0161t u svim umjetnostima\u00ab, opisuje njegovu ulogu, a pri\u010da o njegovom dolasku u Taru to potvr\u0111uje, jer mu se dopu\u0161ta ulazak tek kada se poka\u017ee da je kova\u010d, harfist, pjesnik, iscjelitelj i ratnik u jednoj osobi. Njegovo koplje ubraja se me\u0111u \u010detiri blaga Tuatha D\u00e9 Danann i predstavlja neizbje\u017enu pobjedu, a njegov bacaj na Balorovo oko odlu\u010duje bitku kod Mag Tuireda. Onaj koji poznaje irski svijet predaje iz koplja, nadimka i blagdana \u010dita profil boga koji spaja vje\u0161tinu, kraljevstvo i \u017eetvu.<\/p>\t\t\t\t\t\t\t\t<\/div>\n\t\t\t\t<\/div>\n\t\t\t\t\t<\/div>\n\t\t\t\t<\/div>\n\t\t<div class=\"elementor-element elementor-element-709a44a8 e-flex e-con-boxed e-con e-parent\" data-id=\"709a44a8\" data-element_type=\"container\" data-e-type=\"container\">\n\t\t\t\t\t<div class=\"e-con-inner\">\n\t\t\t\t<div class=\"elementor-element elementor-element-2f585873 elementor-widget elementor-widget-heading\" data-id=\"2f585873\" data-element_type=\"widget\" data-e-type=\"widget\" data-widget_type=\"heading.default\">\n\t\t\t\t\t<h2 class=\"elementor-heading-title elementor-size-default\">Zna\u010dajke bi\u0107a<\/h2>\t\t\t\t<\/div>\n\t\t<div class=\"elementor-element elementor-element-70621c12 e-con-full e-flex e-con e-child\" data-id=\"70621c12\" data-element_type=\"container\" data-e-type=\"container\">\n\t\t\t\t<div class=\"elementor-element elementor-element-4296eb49 elementor-widget elementor-widget-text-editor\" data-id=\"4296eb49\" data-element_type=\"widget\" data-e-type=\"widget\" data-widget_type=\"text-editor.default\">\n\t\t\t\t\t\t\t\t\t<p>Lugh je bio sredi\u0161nji u religijskoj praksi, svakodnevnim ritualima i svakodnevnom shva\u0107anju Kelta. Ljudi su se u kriti\u010dnim ili odre\u0111enim \u017eivotnim situacijama, ili u odre\u0111enim ritualnim godi\u0161njim dobima, obra\u0107ali ovom bi\u0107u, strukturiranim, \u010desto razra\u0111enim ritualima, molitvama ili \u017ertvenim darovima.<\/p><p>\u0160tovanje Lugha bilo je regulirano i vremenski odre\u0111eno: blagdan Lughnasadh slavio se po\u010detkom kolovoza na po\u010detku \u017eetve, sa skupovima, natjecanjima i sajmovima na utvr\u0111enim mjestima kao Tailtiu. Irska predaja pripisuje blagdan samom Lughu, koji ga je, prema predaji, ustanovio u \u010dast svoje pomajke, opisuju\u0107i tako ustanovu s utvr\u0111enim povodom, mjestom i tijekom.<\/p><p>\u010cinjenica da se Lughnasadh u Irskoj slavio tijekom mnogih stolje\u0107a i nastavio \u017eivjeti u ostacima kao \u017eetveni obi\u010daji i planinska hodo\u010da\u0161\u0107a do novog doba, potvr\u0111uje prakti\u010dnu vrijednost blagdana za selja\u010dke zajednice. Odnosi prema Lughu bili su razli\u010diti: njegova pobjeda nad Balorom u pri\u010di je otklonila prijetnju \u017eetvi, njegova veza s po\u010detkom \u017eetve osiguravala je opstanak, a sam blagdan pratio je prijelaz iz ljeta u vrijeme \u017eetve.<\/p><h3>Izgled i simbolika<\/h3><p>Lugh se prikazuje kao mladena\u010dki, blistavi ratnik zlatnog sjaja. Nosi oklop i magi\u010dno koplje. Njegove o\u010di sjaje kao sunce. Prate ga pas, gavran i lastavica. Alati umjetni\u010dkih obrta njegovi su atributi. Svjetlost izbija iz njega.<\/p>\t\t\t\t\t\t\t\t<\/div>\n\t\t\t\t<\/div>\n\t\t\t\t\t<\/div>\n\t\t\t\t<\/div>\n\t\t<div class=\"elementor-element elementor-element-44e71476 e-flex e-con-boxed e-con e-parent\" data-id=\"44e71476\" data-element_type=\"container\" data-e-type=\"container\">\n\t\t\t\t\t<div class=\"e-con-inner\">\n\t\t\t\t<div class=\"elementor-element elementor-element-3c1fc3f0 elementor-widget elementor-widget-heading\" data-id=\"3c1fc3f0\" data-element_type=\"widget\" data-e-type=\"widget\" data-widget_type=\"heading.default\">\n\t\t\t\t\t<h2 class=\"elementor-heading-title elementor-size-default\">Profil: Lugh<\/h2>\t\t\t\t<\/div>\n\t\t<div class=\"elementor-element elementor-element-84f33b8e e-con-full e-flex e-con e-child\" data-id=\"84f33b8e\" data-element_type=\"container\" data-e-type=\"container\">\n\t\t\t\t<div class=\"elementor-element elementor-element-hqkdc67p elementor-widget elementor-widget-text-editor\" data-id=\"hqkdc67p\" data-element_type=\"widget\" data-e-type=\"widget\" data-widget_type=\"text-editor.default\">\n\t\t\t\t\t\t\t\t\t<p>Profil obuhva\u0107a Lugha u \u0161est dimenzija: njegovo mito-genealo\u0161ko podrijetlo i polo\u017eaj u Tuatha D\u00e9 Danann, njegove krugove \u0161tovanja i dru\u0161tvene uloge, njegovu ikonografiju i magi\u010dne atribute, njegove ratne i umjetni\u010dke mo\u0107i, te duhovne prakse dozivanja i kulturne paralele. Ovim se ocrtava profil ovog vi\u0161estruko obdarenog kulturnog boga.<\/p>\t\t\t\t\t\t\t\t<\/div>\n\t\t\t\t<\/div>\n\t\t<div class=\"elementor-element elementor-element-pemmx7c5 e-con-full e-flex e-con e-child\" data-id=\"pemmx7c5\" data-element_type=\"container\" data-e-type=\"container\">\n\t\t<div class=\"elementor-element elementor-element-pemmx7c1 e-con-full e-flex e-con e-child\" data-id=\"pemmx7c1\" data-element_type=\"container\" data-e-type=\"container\">\n\t\t<div class=\"elementor-element elementor-element-qh9oavvu iwg-steckbrief-card e-flex e-con-boxed e-con e-child\" data-id=\"qh9oavvu\" data-element_type=\"container\" data-e-type=\"container\">\n\t\t\t\t\t<div class=\"e-con-inner\">\n\t\t\t\t<div class=\"elementor-element elementor-element-awzx8k2k elementor-widget elementor-widget-heading\" data-id=\"awzx8k2k\" data-element_type=\"widget\" data-e-type=\"widget\" data-widget_type=\"heading.default\">\n\t\t\t\t\t<div class=\"elementor-heading-title elementor-size-default\">Podrijetlo<\/div>\t\t\t\t<\/div>\n\t\t\t\t<div class=\"elementor-element elementor-element-x6rowhv0 elementor-widget elementor-widget-text-editor\" data-id=\"x6rowhv0\" data-element_type=\"widget\" data-e-type=\"widget\" data-widget_type=\"text-editor.default\">\n\t\t\t\t\t\t\t\t\t<p>Lugh pripada Tuatha D\u00e9 Danann i razli\u010dito se navodi kao sin Dian C\u00e9cht-a (boga lije\u010denja), Ethniu ili apstraktnijih sila.<\/p><p>On predstavlja mla\u0111e bo\u017eanske generacije (u suprotnosti sa starim Dagdom). Geografski je usredoto\u010den na Irsku, s rimsko-galskim usporednicama (Loucetius). Njegovo prvo knji\u017eevno svjedo\u010danstvo nalazi se u tekstovima iz 9. i 10. stolje\u0107a, ali opisuje starije kultove.<\/p>\t\t\t\t\t\t\t\t<\/div>\n\t\t\t\t\t<\/div>\n\t\t\t\t<\/div>\n\t\t<div class=\"elementor-element elementor-element-8e3o4kxs iwg-steckbrief-card e-flex e-con-boxed e-con e-child\" data-id=\"8e3o4kxs\" data-element_type=\"container\" data-e-type=\"container\">\n\t\t\t\t\t<div class=\"e-con-inner\">\n\t\t\t\t<div class=\"elementor-element elementor-element-08rkdgov elementor-widget elementor-widget-heading\" data-id=\"08rkdgov\" data-element_type=\"widget\" data-e-type=\"widget\" data-widget_type=\"heading.default\">\n\t\t\t\t\t<div class=\"elementor-heading-title elementor-size-default\">Adresati<\/div>\t\t\t\t<\/div>\n\t\t\t\t<div class=\"elementor-element elementor-element-uwjelx8s elementor-widget elementor-widget-text-editor\" data-id=\"uwjelx8s\" data-element_type=\"widget\" data-e-type=\"widget\" data-widget_type=\"text-editor.default\">\n\t\t\t\t\t\t\t\t\t<p>Lugha su \u0161tovali ratnici, obrtnici, umjetnici, druidski sve\u0107enici i kraljevske obitelji. Njegov blagdan Lughnasadh bio je javan i pu\u010dki, povezan s trgova\u010dkim i borbenim natjecanjima te pravnim slu\u010dajevima. U ratnom kontekstu ratnici su ga zazivali radi takti\u010dke genijalnosti i nadmo\u0107i. Obrtnici i umjetnici \u0161tovali su ga kao za\u0161titnika svojih umije\u0107a.<\/p>\t\t\t\t\t\t\t\t<\/div>\n\t\t\t\t\t<\/div>\n\t\t\t\t<\/div>\n\t\t<div class=\"elementor-element elementor-element-jm2n74ec iwg-steckbrief-card e-flex e-con-boxed e-con e-child\" data-id=\"jm2n74ec\" data-element_type=\"container\" data-e-type=\"container\">\n\t\t\t\t\t<div class=\"e-con-inner\">\n\t\t\t\t<div class=\"elementor-element elementor-element-8vufse4c elementor-widget elementor-widget-heading\" data-id=\"8vufse4c\" data-element_type=\"widget\" data-e-type=\"widget\" data-widget_type=\"heading.default\">\n\t\t\t\t\t<div class=\"elementor-heading-title elementor-size-default\">Prikaz<\/div>\t\t\t\t<\/div>\n\t\t\t\t<div class=\"elementor-element elementor-element-mwb9u015 elementor-widget elementor-widget-text-editor\" data-id=\"mwb9u015\" data-element_type=\"widget\" data-e-type=\"widget\" data-widget_type=\"text-editor.default\">\n\t\t\t\t\t\t\t\t\t<p>Lugh se prikazuje kao mladena\u010dan, blistav i umjetni\u010dki nadaren, \u010desto okru\u017een svjetlo\u0161\u0107u ili sjajem (njegovo ime mo\u017ee zna\u010diti \u00bbsvjetlost\u00ab). Nosi tipi\u010dne ratne atribute: koplje, ma\u010d ili magi\u010dno oru\u017eje. Ponekad se prikazuje s harfom. U umjetni\u010dkim prikazima elegantan je, atletski gra\u0111en, bez masivnosti starijeg Dagde. Njegove crte lica su fine i plemenite.<\/p>\t\t\t\t\t\t\t\t<\/div>\n\t\t\t\t\t<\/div>\n\t\t\t\t<\/div>\n\t\t\t\t<\/div>\n\t\t<div class=\"elementor-element elementor-element-pemmx7c2 e-con-full e-flex e-con e-child\" data-id=\"pemmx7c2\" data-element_type=\"container\" data-e-type=\"container\">\n\t\t<div class=\"elementor-element elementor-element-37ss2yr6 iwg-steckbrief-card e-flex e-con-boxed e-con e-child\" data-id=\"37ss2yr6\" data-element_type=\"container\" data-e-type=\"container\">\n\t\t\t\t\t<div class=\"e-con-inner\">\n\t\t\t\t<div class=\"elementor-element elementor-element-3v0wp3wx elementor-widget elementor-widget-heading\" data-id=\"3v0wp3wx\" data-element_type=\"widget\" data-e-type=\"widget\" data-widget_type=\"heading.default\">\n\t\t\t\t\t<div class=\"elementor-heading-title elementor-size-default\">Djelovanje<\/div>\t\t\t\t<\/div>\n\t\t\t\t<div class=\"elementor-element elementor-element-w3247g2m elementor-widget elementor-widget-text-editor\" data-id=\"w3247g2m\" data-element_type=\"widget\" data-e-type=\"widget\" data-widget_type=\"text-editor.default\">\n\t\t\t\t\t\t\t\t\t<strong>Djelokrug djelovanja:<\/strong> Lugh je keltski bog svjetlosti, rata, umjetnosti i obrtni\u0161tva. Njegova mo\u0107 prote\u017ee se na sva podru\u010dja ljudskog stvarala\u0161tva, poeziju, glazbu, kova\u010dko umije\u0107e i ratno umije\u0107e. On predstavlja aspekt svijetle, sve nadgledaju\u0107e svijesti. Povijesno je Lugh \u010dvrsto povezan s blagdanom Lughnasa (1. kolovoza), koji u kr\u0161\u0107anstvu i danas \u017eivi kao blagdan Lammas. Njegovo djelovanje o\u010dituje se u umjetni\u010dkom nadahnu\u0107u, strate\u0161kom mi\u0161ljenju i pobjedni\u010dkom svladavanju prepreka. U mitolo\u0161koj <span class=\"iwg-fachbegriff\" data-tooltip=\"Preno\u0161enje znanja i pri\u010da kroz generacije.\" tabindex=\"0\">predaji<\/span> (Cath Maige Tuired) Lugh trijumfira nad neprijateljskom rasom Fomor\u00e9.\n\t\t\t\t\t\t\t\t<\/div>\n\t\t\t\t\t<\/div>\n\t\t\t\t<\/div>\n\t\t<div class=\"elementor-element elementor-element-0qpjal9w iwg-steckbrief-card e-flex e-con-boxed e-con e-child\" data-id=\"0qpjal9w\" data-element_type=\"container\" data-e-type=\"container\">\n\t\t\t\t\t<div class=\"e-con-inner\">\n\t\t\t\t<div class=\"elementor-element elementor-element-6ndoih0o elementor-widget elementor-widget-heading\" data-id=\"6ndoih0o\" data-element_type=\"widget\" data-e-type=\"widget\" data-widget_type=\"heading.default\">\n\t\t\t\t\t<div class=\"elementor-heading-title elementor-size-default\">Obrambeni oblici<\/div>\t\t\t\t<\/div>\n\t\t\t\t<div class=\"elementor-element elementor-element-6684tyh9 elementor-widget elementor-widget-text-editor\" data-id=\"6684tyh9\" data-element_type=\"widget\" data-e-type=\"widget\" data-widget_type=\"text-editor.default\">\n\t\t\t\t\t\t\t\t\t<p>Lugh je dobrohotan i herojski. Ratnici i umjetnici zazivali su ga radi vje\u0161tine, svladavanja prepreka i umjetni\u010dke genijalnosti. Njegov blagdan Lughnasadh bio je povod za natjecanja i ritualno ja\u010danje zajedni\u0161tva. Lugh nije opasan ni \u0161tetan, ve\u0107 za\u0161titni\u010dki nastrojen i uzvisuju\u0107i. Obredi za\u0161tite od njega izostaju; umjesto toga vrijedili su <span class=\"iwg-fachbegriff\" data-tooltip=\"Molbeno ili prizivno obra\u0107anje bo\u017eanstvu ili sili.\" tabindex=\"0\">zazivanje<\/span> i <span class=\"iwg-fachbegriff\" data-tooltip=\"Dar bo\u017eanstvu radi izra\u017eavanja zahvale, molbe ili po\u0161tovanja.\" tabindex=\"0\">\u017ertva<\/span> radi uzdizanja \u010dasti.<\/p>\t\t\t\t\t\t\t\t<\/div>\n\t\t\t\t\t<\/div>\n\t\t\t\t<\/div>\n\t\t<div class=\"elementor-element elementor-element-3lfi7x32 iwg-steckbrief-card e-flex e-con-boxed e-con e-child\" data-id=\"3lfi7x32\" data-element_type=\"container\" data-e-type=\"container\">\n\t\t\t\t\t<div class=\"e-con-inner\">\n\t\t\t\t<div class=\"elementor-element elementor-element-0kg99ga1 elementor-widget elementor-widget-heading\" data-id=\"0kg99ga1\" data-element_type=\"widget\" data-e-type=\"widget\" data-widget_type=\"heading.default\">\n\t\t\t\t\t<div class=\"elementor-heading-title elementor-size-default\">Usporedivi likovi<\/div>\t\t\t\t<\/div>\n\t\t\t\t<div class=\"elementor-element elementor-element-n0fum6kp elementor-widget elementor-widget-text-editor\" data-id=\"n0fum6kp\" data-element_type=\"widget\" data-e-type=\"widget\" data-widget_type=\"text-editor.default\">\n\t\t\t\t\t\t\t\t\t<p>Usporedivi su Apolon (gr\u010dki) kao bog umjetni\u010dkih i ratnih umije\u0107a, svjetlosti i glazbe, Merkur\/Hermes kao univerzalni umjetnik i donositelj za\u0161tite, germanski Wodan kao bog umjetnosti i mudrosti, te indijski Indra kao bog rata i darivatelj <span class=\"iwg-fachbegriff\" data-tooltip=\"Iskazivanje blagostanja i za\u0161tite, \u010desto u ustaljenom jezi\u010dnom obliku.\" tabindex=\"0\">blagoslova<\/span>. Tip \u00bbuniverzalnog majstora\u00ab indoeuropski je <span class=\"iwg-fachbegriff\" data-tooltip=\"Ponavljaju\u0107i sadr\u017eajni element u umjetnosti ili pripovijedanju.\" tabindex=\"0\">motiv<\/span>.<\/p>\t\t\t\t\t\t\t\t<\/div>\n\t\t\t\t\t<\/div>\n\t\t\t\t<\/div>\n\t\t\t\t<\/div>\n\t\t\t\t<\/div>\n\t\t\t\t\t<\/div>\n\t\t\t\t<\/div>\n\t\t<div class=\"elementor-element elementor-element-5a584676 e-flex e-con-boxed e-con e-parent\" data-id=\"5a584676\" data-element_type=\"container\" data-e-type=\"container\">\n\t\t\t\t\t<div class=\"e-con-inner\">\n\t\t\t\t<div class=\"elementor-element elementor-element-6d0757bf elementor-widget elementor-widget-heading\" data-id=\"6d0757bf\" data-element_type=\"widget\" data-e-type=\"widget\" data-widget_type=\"heading.default\">\n\t\t\t\t\t<h2 class=\"elementor-heading-title elementor-size-default\">Lugh, usporednice u drugim kulturama<\/h2>\t\t\t\t<\/div>\n\t\t<div class=\"elementor-element elementor-element-60563f68 e-con-full e-flex e-con e-child\" data-id=\"60563f68\" data-element_type=\"container\" data-e-type=\"container\">\n\t\t\t\t<div class=\"elementor-element elementor-element-5a93fdd6 elementor-widget elementor-widget-text-editor\" data-id=\"5a93fdd6\" data-element_type=\"widget\" data-e-type=\"widget\" data-widget_type=\"text-editor.default\">\n\t\t\t\t\t\t\t\t\t<h3>Rituali i \u0161tovanje<\/h3><p>Blagdan Lughnasa (1. kolovoza) bio je glavni \u017ertveni blagdan za Lugha, <span class=\"iwg-fachbegriff\" data-tooltip=\"Dar bo\u017eanstvu radi izra\u017eavanja zahvale, molbe ili po\u0161tovanja.\" tabindex=\"0\">\u017ertve<\/span> prvih plodova prinosile su se na vrhovima svetih planina. U Tari, kraljevskom gradu, odr\u017eavala su se okupljanja na kojima su se natjecali obrtni\u010dka umije\u0107a i borila\u010dke vje\u0161tine. Druidi su izvodili posvete novih ratnika u \u010dast Lugha.<\/p><h3>Zazivi i prizivanja<\/h3><p>Zazivanja Lugha bila su tipi\u010dno jutarnji obredi prije bitke ili umjetni\u010dkog djela: \u201eLughu, svjetlosti svih umije\u0107a, obasjaj mi put.&#8221; Bardi su ga prizivali radi nadahnu\u0107a u pjesni\u010dkim natjecanjima. Klasi\u010dan <span class=\"iwg-fachbegriff\" data-tooltip=\"Molbeno ili prizivno obra\u0107anje bo\u017eanstvu ili sili.\" tabindex=\"0\">zaziv<\/span> glasio je: \u201eSamhildanach Lugh, koji vlada svim umije\u0107ima, daj mi mudrost i snagu.&#8221;<\/p><h3>Amuleti i za\u0161titni simboli<\/h3><p>Sun\u010dev kota\u010d i zlatna spirala bili su Lughovi simboli. Ratnici su nosili \u201eLughovo koplje&#8221; (simboli\u010dki, kao ratni <span class=\"iwg-fachbegriff\" data-tooltip=\"Predmet koji se nosi na tijelu i kojemu se pripisuje za\u0161titno, od zla \u010duvaju\u0107e djelovanje.\" tabindex=\"0\">amulet<\/span>), umjetnici su nosili sun\u010deve kamenove i ambru kao nositelje nadahnu\u0107a. Zlatni nakit sa spiralnim uzorcima smatran se Lughovim <span class=\"iwg-fachbegriff\" data-tooltip=\"Iskazivanje blagostanja i za\u0161tite, \u010desto u ustaljenom jezi\u010dnom obliku.\" tabindex=\"0\">blagoslovom<\/span>.<\/p>\n<p><p><strong>\u017didovska tradicija:<\/strong> Nema izravne usporednice. Udaljeno srodni su David kao ratnik-kralj i pjeva\u010d (psalmist), ili lik Salomona kao univerzalnog mudraca i umjetnika.<\/p><p><strong>Gr\u010dko-rimski svijet:<\/strong> Apolon kao bog svjetlosti, glazbe, rata i lije\u010denja. Merkur\/Hermes kao umjetnik, izumitelj (lira) i univerzalni bog za\u0161tite. Tako\u0111er Ares ili Mars u svom ratnom aspektu. Usporedivost je bliska.<\/p><p><strong>Mezopotamija:<\/strong> Shamash kao bog svjetlosti i pravde, Nabu kao bog umjetnosti i znanosti, Adad kao bog rata. Svi s Lughom dijele aspekte borbe, znanja i bo\u017eanskog sjaja.<\/p><p><strong>Indija\/Azija:<\/strong> Indra kao ratni heroj i darivatelj <span class=\"iwg-fachbegriff\" data-tooltip=\"Iskazivanje blagostanja i za\u0161tite, \u010desto u ustaljenom jezi\u010dnom obliku.\" tabindex=\"0\">blagoslova<\/span>, Saraswati kao bo\u017eica umjetnosti i glazbe. U budisti\u010dkom kontekstu: Manjushri kao bog mudrosti i umjetnosti. Ovi prikazuju kulturno-specifi\u010dne usporednice s Lughovim raznolikim darovima.<\/p>\t\t\t\t\t\t\t\t<\/div>\n\t\t\t\t<\/div>\n\t\t\t\t\t<\/div>\n\t\t\t\t<\/div>\n\t\t<div class=\"elementor-element elementor-element-cp977bc6b e-flex e-con-boxed e-con e-parent\" data-id=\"cp977bc6b\" data-element_type=\"container\" data-e-type=\"container\">\n\t\t\t\t\t<div class=\"e-con-inner\">\n\t\t\t\t<div class=\"elementor-element elementor-element-cp5f2b077 elementor-widget elementor-widget-heading\" data-id=\"cp5f2b077\" data-element_type=\"widget\" data-e-type=\"widget\" data-widget_type=\"heading.default\">\n\t\t\t\t\t<h2 class=\"elementor-heading-title elementor-size-default\">Lugh u bitci kod Mag Tuireda<\/h2>\t\t\t\t<\/div>\n\t\t<div class=\"elementor-element elementor-element-cpeedcba8 e-con-full e-flex e-con e-child\" data-id=\"cpeedcba8\" data-element_type=\"container\" data-e-type=\"container\">\n\t\t\t\t<div class=\"elementor-element elementor-element-cp91d9c27 elementor-widget elementor-widget-text-editor\" data-id=\"cp91d9c27\" data-element_type=\"widget\" data-e-type=\"widget\" data-widget_type=\"text-editor.default\">\n\t\t\t\t\t\t\t\t\t<p>Najva\u017enija pri\u010da o Lughu je <em>Cath Maige Tuired<\/em>, Bitka kod Mag Tuireda, u kojoj se T\u00faatha D\u00e9 Danann suprotstavljaju Fomorima. Lughov nastup u toj pri\u010di ubraja se u najpoznatije prizore irske pripovjedne ba\u0161tine.<\/p><p>Lugh dolazi na dvor kralja Nuade i tra\u017ei da ga se pusti unutra. Vratar ga odbija uz obja\u0161njenje da svatko koga se pusti mora vladati nekom vje\u0161tinom.<\/p><p>Lugh tada redom nabraja niz sposobnosti: ka\u017ee da je stolar, kova\u010d, ratnik, harfist, pjesnik, iscjelitelj, peharnik i jo\u0161 mnogo toga. Na svaku nabrojenu vje\u0161tinu vratar odgovara da takvog \u010dovjeka na dvoru ve\u0107 imaju. Naposljetku Lugh pita postoji li na dvoru ikoga koji vlada svim tim vje\u0161tinama istovremeno. Kad se to mora zanijekati, dopu\u0161ta mu se ulazak.<\/p><p>Iz te epizode potje\u010de jedan od najpoznatijih Lughovih nadimaka, <em>Samild\u00e1nach<\/em>, \u0161to zna\u010di pribli\u017eno onaj koji je vje\u0161t u mnogim umije\u0107ima. Lugh nije stru\u010dnjak za jednu jedinu vje\u0161tinu, nego onaj koji ih sve objedinjuje. U samoj bitci preuzima vodstvo i svojom borbenom magijom i uputama znatno doprinosi pobjedi.<\/p><p>Klju\u010dan trenutak je ubojstvo Balora, vo\u0111e Fomora, koji posjeduje razorno oko. Prema <span class=\"iwg-fachbegriff\" data-tooltip=\"Preno\u0161enje znanja i pri\u010da kroz generacije.\" tabindex=\"0\">predaji<\/span>, Balor je Lughov djed, jer je prore\u010deno da \u0107e Balor umrijeti od ruke svog unuka.<\/p><p>Lugh poga\u0111a Balorovo smrtonosno oko i tako ispunjava <span class=\"iwg-fachbegriff\" data-tooltip=\"Predvi\u0111anje budu\u0107ih doga\u0111aja religijskim ili magijskim sredstvima.\" tabindex=\"0\">proro\u010danstvo<\/span>. Ta povezanost herojske i obiteljske pri\u010de, unuka koji ubija djeda, staro je pripovjedno obrazac koji Bitku kod Mag Tuireda podi\u017ee iznad pukog ratnog zbivanja.<\/p>\t\t\t\t\t\t\t\t<\/div>\n\t\t\t\t<\/div>\n\t\t\t\t\t<\/div>\n\t\t\t\t<\/div>\n\t\t<div class=\"elementor-element elementor-element-cpfc80b04 e-flex e-con-boxed e-con e-parent\" data-id=\"cpfc80b04\" data-element_type=\"container\" data-e-type=\"container\">\n\t\t\t\t\t<div class=\"e-con-inner\">\n\t\t\t\t<div class=\"elementor-element elementor-element-cpd6c6169 elementor-widget elementor-widget-heading\" data-id=\"cpd6c6169\" data-element_type=\"widget\" data-e-type=\"widget\" data-widget_type=\"heading.default\">\n\t\t\t\t\t<h2 class=\"elementor-heading-title elementor-size-default\">Lugnasad: blagdan i ime u krajoliku<\/h2>\t\t\t\t<\/div>\n\t\t<div class=\"elementor-element elementor-element-cp670b9ce e-con-full e-flex e-con e-child\" data-id=\"cp670b9ce\" data-element_type=\"container\" data-e-type=\"container\">\n\t\t\t\t<div class=\"elementor-element elementor-element-cp154f098 elementor-widget elementor-widget-text-editor\" data-id=\"cp154f098\" data-element_type=\"widget\" data-e-type=\"widget\" data-widget_type=\"text-editor.default\">\n\t\t\t\t\t\t\t\t\t<p>S Lughom je povezan jedan od \u010detiri velika irska godi\u0161nja blagdana, <em>Lugnasad<\/em>, koji se slavio na po\u010detku kolovoza. Ime zna\u010di pribli\u017eno Lughov skup.<\/p><p>Srednjovjekovni irski tekstovi obja\u0161njavaju taj blagdan time da ga je Lugh utemeljio u \u010dast svoje pomajke ili poo\u010dima, Tailtiu, koja je umrla nakon kr\u010denja jedne ravnice. Blagdan je, prema tome, izvorno bio dan sje\u0107anja i okupljanja.<\/p><p>Lugnasad je padao u vrijeme po\u010detka \u017eetve \u017eitarica i bio je povezan sa skupovima, natjecanjima, sajmovima i pravnim okupljanjima. Takva sezonski vezana velika okupljanja imala su u irskom dru\u0161tvu va\u017enu socijalnu i politi\u010dku funkciju.<\/p><p>To \u0161to je bog smatran osniva\u010dem takvog blagdana pokazuje koliko su usko mitska pri\u010da i stvarni dru\u0161tveni poredak bili povezani u <span class=\"iwg-fachbegriff\" data-tooltip=\"Preno\u0161enje znanja i pri\u010da kroz generacije.\" tabindex=\"0\">predaji<\/span>.<\/p><p>Ime Lugh ostavilo je traga i u europskom krajoliku. Niz toponima izvedenih od elementa Lug- u istra\u017eivanjima se povezuje s bogom koji odgovara irskom Lughu i junaku poznatom u vel\u0161koj tradiciji kao Lleu.<\/p><p>Najpoznatiji je primjer grada Lyona u Francuskoj, \u010diji se anti\u010dki naziv Lugdunum \u010desto tuma\u010di kao utvrda ili brdo Lugusa, iako se to\u010dno tuma\u010denje prvog dijela imena u istra\u017eivanjima raspravlja. Takva imena upu\u0107uju na to da je srodno <span class=\"iwg-fachbegriff\" data-tooltip=\"Bi\u0107e koje se u okviru neke religije \u0161tuje kao bo\u017eansko.\" tabindex=\"0\">bo\u017eanstvo<\/span> bilo \u0161tovano ne samo u Irskoj, nego i u \u0161irem keltskom prostoru.<\/p>\t\t\t\t\t\t\t\t<\/div>\n\t\t\t\t<\/div>\n\t\t\t\t\t<\/div>\n\t\t\t\t<\/div>\n\t\t<div class=\"elementor-element elementor-element-cpcc3173c e-flex e-con-boxed e-con e-parent\" data-id=\"cpcc3173c\" data-element_type=\"container\" data-e-type=\"container\">\n\t\t\t\t\t<div class=\"e-con-inner\">\n\t\t\t\t<div class=\"elementor-element elementor-element-cp3c06964 elementor-widget elementor-widget-heading\" data-id=\"cp3c06964\" data-element_type=\"widget\" data-e-type=\"widget\" data-widget_type=\"heading.default\">\n\t\t\t\t\t<h2 class=\"elementor-heading-title elementor-size-default\">Lleu Llaw Gyffes: vel\u0161ki ro\u0111ak<\/h2>\t\t\t\t<\/div>\n\t\t<div class=\"elementor-element elementor-element-cpdca373e e-con-full e-flex e-con e-child\" data-id=\"cpdca373e\" data-element_type=\"container\" data-e-type=\"container\">\n\t\t\t\t<div class=\"elementor-element elementor-element-cpe868a3a elementor-widget elementor-widget-text-editor\" data-id=\"cpe868a3a\" data-element_type=\"widget\" data-e-type=\"widget\" data-widget_type=\"text-editor.default\">\n\t\t\t\t\t\t\t\t\t<p>U vel\u0161kom pripovjednom blagu Lugh ima svoju usporednicu u liku Lleua Llaw Gyffesa, \u010dija se pri\u010da pripovijeda u \u010detvrtoj grani <em>Mabinogija<\/em>, zbirke srednjovjekovnih vel\u0161kih pri\u010da.<\/p><p>Lleu se ra\u0111a pod neobi\u010dnim okolnostima, a njegova majka Arianrhod stavlja na njega tri prokletstva: da nikada ne dobije ime, da nikada ne nosi oru\u017eje i da nikada ne dobije za suprugu \u017eenu iz zemaljskog roda.<\/p><p>\u010carobnjak Gwydion prevari svako od tih prokletstva: lukavstvom Lleu dobiva ime, nabavlja mu oru\u017eje i zajedno s drugim \u010darobnjakom stvara mu \u017eenu od cvije\u0107a, Blodeuwedd.<\/p><p>Pri\u010da poprima mra\u010dan obrat kada se Blodeuwedd okrene drugom mu\u0161karcu i s njegovom pomo\u0107i gotovo ubije Lleua.<\/p><p>Lleu se mo\u017ee raniti samo pod veoma posebnim uvjetima, a kada se ti uvjeti lukavstvom ispune, poga\u0111aju ga, on se pretvara u orla i bje\u017ei te\u0161ko ranjen. Gwydion ga naposljetku pronalazi, vra\u0107a mu njegov oblik i poma\u017ee mu da se osveti.<\/p><p>Istra\u017eivanja se ve\u0107 dugo bave odnosom izme\u0111u Lugha i Lleua. Imena su jezi\u010dno srodna, a oba lika dijele obilje\u017eja kao \u0161to su neobi\u010dno ro\u0111enje i povezanost s posebnim uvjetima njihova \u017eivota i smrti.<\/p><p>Istodobno su pri\u010de o njima veoma razli\u010dite, i bilo bi pogre\u0161no Lleua jednostavno \u010ditati kao vel\u0161ko izdanje irskog Lugha. Vjerojatnije je da oba lika potje\u010du od zajedni\u010dkog starijeg predlo\u0161ka koji je u Irskoj i Walesu poprimio svoje vlastite putove. Srodni likovi iz irske pripovjedne gra\u0111e su, na primjer, <a href=\"https:\/\/iwell-guard.com\/hr\/?page_id=149497\">Morr\u00edgan<\/a> i <a href=\"https:\/\/iwell-guard.com\/hr\/?page_id=149496\">Dagda<\/a>.<\/p>\t\t\t\t\t\t\t\t<\/div>\n\t\t\t\t<\/div>\n\t\t\t\t\t<\/div>\n\t\t\t\t<\/div>\n\t\t<div class=\"elementor-element elementor-element-36dd7469 e-flex e-con-boxed e-con e-parent\" data-id=\"36dd7469\" data-element_type=\"container\" data-e-type=\"container\">\n\t\t\t\t\t<div class=\"e-con-inner\">\n\t\t\t\t<div class=\"elementor-element elementor-element-13760ab4 elementor-widget elementor-widget-heading\" data-id=\"13760ab4\" data-element_type=\"widget\" data-e-type=\"widget\" data-widget_type=\"heading.default\">\n\t\t\t\t\t<h2 class=\"elementor-heading-title elementor-size-default\">Daljnje poveznice<\/h2>\t\t\t\t<\/div>\n\t\t<div class=\"elementor-element elementor-element-28c87796 e-con-full e-flex e-con e-child\" data-id=\"28c87796\" data-element_type=\"container\" data-e-type=\"container\">\n\t\t\t\t<div class=\"elementor-element elementor-element-5d6538df elementor-widget elementor-widget-text-editor\" data-id=\"5d6538df\" data-element_type=\"widget\" data-e-type=\"widget\" data-widget_type=\"text-editor.default\">\n\t\t\t\t\t\t\t\t\t<ul><li><a href=\"https:\/\/iwell-guard.com\/hr\/?page_id=149569\">Manannan mac Lir, bog mora<\/a><\/li><li><a href=\"https:\/\/iwell-guard.com\/hr\/?page_id=149496\">Dagda, bog otac<\/a><\/li><\/ul>\n\t\t\t\t\t\t\t\t<\/div>\n\t\t\t\t<\/div>\n\t\t\t\t\t<\/div>\n\t\t\t\t<\/div>\n\t\t<div class=\"elementor-element elementor-element-grl4kl40 e-flex e-con-boxed e-con e-parent\" data-id=\"grl4kl40\" data-element_type=\"container\" data-e-type=\"container\">\n\t\t\t\t\t<div class=\"e-con-inner\">\n\t\t\t\t<div class=\"elementor-element elementor-element-bzsbfrmh elementor-widget elementor-widget-heading\" data-id=\"bzsbfrmh\" data-element_type=\"widget\" data-e-type=\"widget\" data-widget_type=\"heading.default\">\n\t\t\t\t\t<h2 class=\"elementor-heading-title elementor-size-default\">Znanstvena literatura<\/h2>\t\t\t\t<\/div>\n\t\t<div class=\"elementor-element elementor-element-2c13224a e-con-full e-flex e-con e-child\" data-id=\"2c13224a\" data-element_type=\"container\" data-e-type=\"container\">\n\t\t\t\t<div class=\"elementor-element elementor-element-0eymh9ub elementor-widget elementor-widget-text-editor\" data-id=\"0eymh9ub\" data-element_type=\"widget\" data-e-type=\"widget\" data-widget_type=\"text-editor.default\">\n\t\t\t\t\t\t\t\t\t<footer class=\"iwg-literatur\" data-nosnippet=\"true\"><ul><li><span data-nosnippet>\u00d3 h\u00d3g\u00e1in, D.: <em>Myth, Legend and Romance<\/em>. Prentice Hall, 1990.<\/span><\/li><li><span data-nosnippet>MacKillop, J.: <em>Dictionary of Celtic Mythology<\/em>. Oxford University Press, 2004.<\/span><\/li><\/ul>\n<\/footer>\n<p class=\"iwg-bib-more\"><span data-nosnippet>Ostala standardna djela u <a href=\"https:\/\/iwell-guard.com\/hr\/?page_id=149465\">popisu literature<\/a>.<\/span><\/p>\t\t\t\t\t\t\t\t<\/div>\n\t\t\t\t<\/div>\n\t\t\t\t\t<\/div>\n\t\t\t\t<\/div>\n\t\t\t\t<\/div>\n\t\t","protected":false},"excerpt":{"rendered":"","protected":false},"author":3,"featured_media":1616,"parent":0,"menu_order":0,"comment_status":"closed","ping_status":"closed","template":"elementor_header_footer","meta":{"_yoast_wpseo_focuskw":"Lugh","_yoast_wpseo_title":"Lugh \u2013 keltski bog svjetlosti i umjetnosti","_yoast_wpseo_metadesc":"Lugh, keltski majstor svih umjetnosti: pobjeda nad Balorom, blagdan Lughnasadh i njegovi tragovi od Tare do Lyona. Obja\u0161njeni podrijetlo i zna\u010denje.","_yoast_wpseo_meta-robots-noindex":"","_yoast_wpseo_canonical":"","_angie_page":false,"gefaehrdungsstufe":"2","wesen_kultur":"keltisch","wesen_klasse":"goetter","footnotes":""},"categories":[],"class_list":["post-149568","page","type-page","status-publish","has-post-thumbnail","hentry"],"yoast_head":"<!-- This site is optimized with the Yoast SEO Premium plugin v27.7 (Yoast SEO v28.3) - https:\/\/yoast.com\/product\/yoast-seo-premium-wordpress\/ -->\n<title>Lugh \u2013 keltski bog svjetlosti i umjetnosti<\/title>\n<meta name=\"description\" content=\"Lugh, keltski majstor svih umjetnosti: pobjeda nad Balorom, blagdan Lughnasadh i njegovi tragovi od Tare do Lyona. Obja\u0161njeni podrijetlo i zna\u010denje.\" \/>\n<meta name=\"robots\" content=\"index, follow, max-snippet:-1, max-image-preview:large, max-video-preview:-1\" \/>\n<link rel=\"canonical\" href=\"https:\/\/iwell-guard.com\/hr\/lugh\/\" \/>\n<meta property=\"og:locale\" content=\"hr_HR\" \/>\n<meta property=\"og:type\" content=\"article\" \/>\n<meta property=\"og:title\" content=\"Lugh\" \/>\n<meta property=\"og:description\" content=\"Lugh, keltski majstor svih umjetnosti: pobjeda nad Balorom, blagdan Lughnasadh i njegovi tragovi od Tare do Lyona. Obja\u0161njeni podrijetlo i zna\u010denje.\" \/>\n<meta property=\"og:url\" content=\"https:\/\/iwell-guard.com\/hr\/lugh\/\" \/>\n<meta property=\"og:site_name\" content=\"iWell Guard\" \/>\n<meta property=\"article:modified_time\" content=\"2026-09-04T05:26:49+00:00\" \/>\n<meta property=\"og:image\" content=\"https:\/\/iwell-guard.com\/wp-content\/uploads\/2026\/04\/goetter_keltisch_lugh.webp\" \/>\n\t<meta property=\"og:image:width\" content=\"1024\" \/>\n\t<meta property=\"og:image:height\" content=\"1536\" \/>\n\t<meta property=\"og:image:type\" content=\"image\/webp\" \/>\n<meta name=\"twitter:card\" content=\"summary_large_image\" \/>\n<script type=\"application\/ld+json\" class=\"yoast-schema-graph\">{\"@context\":\"https:\\\/\\\/schema.org\",\"@graph\":[{\"@type\":\"WebPage\",\"@id\":\"https:\\\/\\\/iwell-guard.com\\\/hr\\\/lugh\\\/\",\"url\":\"https:\\\/\\\/iwell-guard.com\\\/hr\\\/lugh\\\/\",\"name\":\"Lugh \u2013 keltski bog svjetlosti i umjetnosti\",\"isPartOf\":{\"@id\":\"https:\\\/\\\/iwell-guard.com\\\/hr\\\/#website\"},\"primaryImageOfPage\":{\"@id\":\"https:\\\/\\\/iwell-guard.com\\\/hr\\\/lugh\\\/#primaryimage\"},\"image\":{\"@id\":\"https:\\\/\\\/iwell-guard.com\\\/hr\\\/lugh\\\/#primaryimage\"},\"thumbnailUrl\":\"https:\\\/\\\/iwell-guard.com\\\/wp-content\\\/uploads\\\/2026\\\/04\\\/goetter_keltisch_lugh.webp\",\"datePublished\":\"2026-09-04T05:11:40+00:00\",\"dateModified\":\"2026-09-04T05:26:49+00:00\",\"description\":\"Lugh, keltski majstor svih umjetnosti: pobjeda nad Balorom, blagdan Lughnasadh i njegovi tragovi od Tare do Lyona. Obja\u0161njeni podrijetlo i zna\u010denje.\",\"breadcrumb\":{\"@id\":\"https:\\\/\\\/iwell-guard.com\\\/hr\\\/lugh\\\/#breadcrumb\"},\"inLanguage\":\"hr\",\"potentialAction\":[{\"@type\":\"ReadAction\",\"target\":[\"https:\\\/\\\/iwell-guard.com\\\/hr\\\/lugh\\\/\"]}]},{\"@type\":\"ImageObject\",\"inLanguage\":\"hr\",\"@id\":\"https:\\\/\\\/iwell-guard.com\\\/hr\\\/lugh\\\/#primaryimage\",\"url\":\"https:\\\/\\\/iwell-guard.com\\\/wp-content\\\/uploads\\\/2026\\\/04\\\/goetter_keltisch_lugh.webp\",\"contentUrl\":\"https:\\\/\\\/iwell-guard.com\\\/wp-content\\\/uploads\\\/2026\\\/04\\\/goetter_keltisch_lugh.webp\",\"width\":1024,\"height\":1536,\"caption\":\"Bo\u017eanstva iz keltske tradicije.\"},{\"@type\":\"BreadcrumbList\",\"@id\":\"https:\\\/\\\/iwell-guard.com\\\/hr\\\/lugh\\\/#breadcrumb\",\"itemListElement\":[{\"@type\":\"ListItem\",\"position\":1,\"name\":\"Start\",\"item\":\"https:\\\/\\\/iwell-guard.com\\\/hr\\\/?page_id=149317\"},{\"@type\":\"ListItem\",\"position\":2,\"name\":\"Lugh\"}]},{\"@type\":\"WebSite\",\"@id\":\"https:\\\/\\\/iwell-guard.com\\\/hr\\\/#website\",\"url\":\"https:\\\/\\\/iwell-guard.com\\\/hr\\\/\",\"name\":\"iWell Guard\",\"description\":\"Schutz vor dunklen Einfl\u00fcssen\",\"publisher\":{\"@id\":\"https:\\\/\\\/iwell-guard.com\\\/hr\\\/#organization\"},\"potentialAction\":[{\"@type\":\"SearchAction\",\"target\":{\"@type\":\"EntryPoint\",\"urlTemplate\":\"https:\\\/\\\/iwell-guard.com\\\/hr\\\/?s={search_term_string}\"},\"query-input\":{\"@type\":\"PropertyValueSpecification\",\"valueRequired\":true,\"valueName\":\"search_term_string\"}}],\"inLanguage\":\"hr\"},{\"@type\":\"Organization\",\"@id\":\"https:\\\/\\\/iwell-guard.com\\\/hr\\\/#organization\",\"name\":\"Ittermann electronic GmbH\",\"url\":\"https:\\\/\\\/iwell-guard.com\\\/hr\\\/\",\"logo\":{\"@type\":\"ImageObject\",\"inLanguage\":\"hr\",\"@id\":\"https:\\\/\\\/iwell-guard.com\\\/hr\\\/#\\\/schema\\\/logo\\\/image\\\/\",\"url\":\"https:\\\/\\\/iwell-guard.com\\\/wp-content\\\/uploads\\\/2026\\\/05\\\/Ittermann-Logo-1182x237-1.png\",\"contentUrl\":\"https:\\\/\\\/iwell-guard.com\\\/wp-content\\\/uploads\\\/2026\\\/05\\\/Ittermann-Logo-1182x237-1.png\",\"width\":1182,\"height\":237,\"caption\":\"Ittermann electronic GmbH\"},\"image\":{\"@id\":\"https:\\\/\\\/iwell-guard.com\\\/hr\\\/#\\\/schema\\\/logo\\\/image\\\/\"},\"sameAs\":[\"https:\\\/\\\/pantip.com\\\/profile\\\/9367242\",\"https:\\\/\\\/micro.blog\\\/iwellguard\",\"https:\\\/\\\/www.diggerslist.com\\\/iwellguard\\\/about\",\"https:\\\/\\\/skitterphoto.com\\\/photographers\\\/2870314\\\/iwell-guard\",\"https:\\\/\\\/iwellguard.wordpress.com\\\/2026\\\/06\\\/06\\\/iwell-guard\\\/\",\"https:\\\/\\\/hub.docker.com\\\/u\\\/iwellguard\",\"https:\\\/\\\/www.pinterest.com\\\/iwellguard\\\/\",\"https:\\\/\\\/bit.ly\\\/m\\\/iwellguard\",\"https:\\\/\\\/entre-vos-mains.alsace.eu\\\/profiles\\\/iwellguard\\\/activity\",\"https:\\\/\\\/gravatar.com\\\/reallybeded8fd34\",\"https:\\\/\\\/naijamatta.com\\\/iwellguard\",\"https:\\\/\\\/www.goodreads.com\\\/iwellguard\",\"https:\\\/\\\/profile.hatena.ne.jp\\\/iwellguard\\\/\",\"https:\\\/\\\/experiment.com\\\/users\\\/iwellguard\",\"https:\\\/\\\/wakelet.com\\\/@iWellGuard82270\",\"https:\\\/\\\/www.chordie.com\\\/forum\\\/profile.php?id=2555664\",\"https:\\\/\\\/www.instapaper.com\\\/p\\\/17757966\",\"https:\\\/\\\/www.mapleprimes.com\\\/users\\\/iwellguard\",\"https:\\\/\\\/businesslistingplus.com\\\/profile\\\/iwell-guard\\\/\",\"https:\\\/\\\/telegra.ph\\\/iWell-Guard-06-06\",\"https:\\\/\\\/pbase.com\\\/iwellguard\\\/iwellguard\",\"https:\\\/\\\/b.hatena.ne.jp\\\/iwellguard\\\/20260607#bookmark-4788405196491818882\",\"https:\\\/\\\/fliphtml5.com\\\/home\\\/iwellguard\",\"https:\\\/\\\/anyflip.com\\\/homepage\\\/cmiwl#About\",\"https:\\\/\\\/transfur.com\\\/Users\\\/iwellguard\",\"http:\\\/\\\/delphi.larsbo.org\\\/user\\\/iwellguard\",\"https:\\\/\\\/jobs.lajobsportal.org\\\/profiles\\\/8380803-iwell-guard\",\"https:\\\/\\\/md.chaosdorf.de\\\/s\\\/jfbe5SBdJD\",\"https:\\\/\\\/www.lingvolive.com\\\/en-us\\\/profile\\\/9ecaeaca-ce11-4e51-9e71-01d55e2bff36\\\/translations\",\"https:\\\/\\\/www.fitday.com\\\/fitness\\\/forums\\\/members\\\/iwellguard.html\",\"https:\\\/\\\/www.mymeetbook.com\\\/iwellguard\",\"https:\\\/\\\/pxhere.com\\\/en\\\/photographer-me\\\/5040798\",\"https:\\\/\\\/disqus.com\\\/by\\\/iwellguard\\\/about\\\/\",\"https:\\\/\\\/pastelink.net\\\/hjwciqwq\",\"https:\\\/\\\/pubhtml5.com\\\/homepage\\\/scjhn\\\/\",\"https:\\\/\\\/www.bitchute.com\\\/channel\\\/2O2eOKzNqujT\",\"https:\\\/\\\/audiomack.com\\\/iwellguard\"]},{\"@type\":\"Article\",\"@id\":\"https:\\\/\\\/iwell-guard.com\\\/hr\\\/lugh\\\/#article\",\"isPartOf\":{\"@id\":\"https:\\\/\\\/iwell-guard.com\\\/hr\\\/lugh\\\/\"},\"author\":{\"name\":\"Ralf Ittermann\",\"@id\":\"https:\\\/\\\/iwell-guard.com\\\/hr\\\/#\\\/schema\\\/person\\\/ee2a27f1cac3406c7c6fb5820cb7349f\"},\"headline\":\"Lugh\",\"datePublished\":\"2026-09-04T05:11:40+00:00\",\"dateModified\":\"2026-09-04T05:26:49+00:00\",\"mainEntityOfPage\":{\"@id\":\"https:\\\/\\\/iwell-guard.com\\\/hr\\\/lugh\\\/\"},\"publisher\":{\"@id\":\"https:\\\/\\\/iwell-guard.com\\\/hr\\\/#organization\"},\"image\":{\"@id\":\"https:\\\/\\\/iwell-guard.com\\\/hr\\\/lugh\\\/#primaryimage\"},\"thumbnailUrl\":\"https:\\\/\\\/iwell-guard.com\\\/wp-content\\\/uploads\\\/2026\\\/04\\\/goetter_keltisch_lugh.webp\",\"inLanguage\":\"hr\",\"description\":\"Lugh, keltski majstor svih umjetnosti: pobjeda nad Balorom, blagdan Lughnasadh i njegovi tragovi od Tare do Lyona. Obja\u0161njeni podrijetlo i zna\u010denje.\"}]}<\/script>\n<!-- \/ Yoast SEO Premium plugin. -->","yoast_head_json":{"title":"Lugh \u2013 keltski bog svjetlosti i umjetnosti","description":"Lugh, keltski majstor svih umjetnosti: pobjeda nad Balorom, blagdan Lughnasadh i njegovi tragovi od Tare do Lyona. Obja\u0161njeni podrijetlo i zna\u010denje.","robots":{"index":"index","follow":"follow","max-snippet":"max-snippet:-1","max-image-preview":"max-image-preview:large","max-video-preview":"max-video-preview:-1"},"canonical":"https:\/\/iwell-guard.com\/hr\/lugh\/","og_locale":"hr_HR","og_type":"article","og_title":"Lugh","og_description":"Lugh, keltski majstor svih umjetnosti: pobjeda nad Balorom, blagdan Lughnasadh i njegovi tragovi od Tare do Lyona. Obja\u0161njeni podrijetlo i zna\u010denje.","og_url":"https:\/\/iwell-guard.com\/hr\/lugh\/","og_site_name":"iWell Guard","article_modified_time":"2026-09-04T05:26:49+00:00","og_image":[{"width":1024,"height":1536,"url":"https:\/\/iwell-guard.com\/wp-content\/uploads\/2026\/04\/goetter_keltisch_lugh.webp","type":"image\/webp"}],"twitter_card":"summary_large_image","schema":{"@context":"https:\/\/schema.org","@graph":[{"@type":"Article","@id":"https:\/\/iwell-guard.com\/hr\/lugh\/#article","isPartOf":{"@id":"https:\/\/iwell-guard.com\/hr\/lugh\/"},"author":{"name":"Ralf Ittermann","@id":"https:\/\/iwell-guard.com\/hr\/#\/schema\/person\/ee2a27f1cac3406c7c6fb5820cb7349f"},"headline":"Lugh","datePublished":"2026-09-04T05:11:40+00:00","dateModified":"2026-09-04T05:26:49+00:00","mainEntityOfPage":{"@id":"https:\/\/iwell-guard.com\/hr\/lugh\/"},"publisher":{"@id":"https:\/\/iwell-guard.com\/hr\/#organization"},"image":{"@id":"https:\/\/iwell-guard.com\/hr\/lugh\/#primaryimage"},"thumbnailUrl":"https:\/\/iwell-guard.com\/wp-content\/uploads\/2026\/04\/goetter_keltisch_lugh.webp","inLanguage":"hr","description":"Lugh, keltski majstor svih umjetnosti: pobjeda nad Balorom, blagdan Lughnasadh i njegovi tragovi od Tare do Lyona. Obja\u0161njeni podrijetlo i zna\u010denje."},{"@type":"WebPage","@id":"https:\/\/iwell-guard.com\/hr\/lugh\/","url":"https:\/\/iwell-guard.com\/hr\/lugh\/","name":"Lugh \u2013 keltski bog svjetlosti i umjetnosti","isPartOf":{"@id":"https:\/\/iwell-guard.com\/hr\/#website"},"primaryImageOfPage":{"@id":"https:\/\/iwell-guard.com\/hr\/lugh\/#primaryimage"},"image":{"@id":"https:\/\/iwell-guard.com\/hr\/lugh\/#primaryimage"},"thumbnailUrl":"https:\/\/iwell-guard.com\/wp-content\/uploads\/2026\/04\/goetter_keltisch_lugh.webp","datePublished":"2026-09-04T05:11:40+00:00","dateModified":"2026-09-04T05:26:49+00:00","description":"Lugh, keltski majstor svih umjetnosti: pobjeda nad Balorom, blagdan Lughnasadh i njegovi tragovi od Tare do Lyona. Obja\u0161njeni podrijetlo i zna\u010denje.","breadcrumb":{"@id":"https:\/\/iwell-guard.com\/hr\/lugh\/#breadcrumb"},"inLanguage":"hr","potentialAction":[{"@type":"ReadAction","target":["https:\/\/iwell-guard.com\/hr\/lugh\/"]}]},{"@type":"ImageObject","inLanguage":"hr","@id":"https:\/\/iwell-guard.com\/hr\/lugh\/#primaryimage","url":"https:\/\/iwell-guard.com\/wp-content\/uploads\/2026\/04\/goetter_keltisch_lugh.webp","contentUrl":"https:\/\/iwell-guard.com\/wp-content\/uploads\/2026\/04\/goetter_keltisch_lugh.webp","width":1024,"height":1536,"caption":"Bo\u017eanstva iz keltske tradicije."},{"@type":"BreadcrumbList","@id":"https:\/\/iwell-guard.com\/hr\/lugh\/#breadcrumb","itemListElement":[{"@type":"ListItem","position":1,"name":"Start","item":"https:\/\/iwell-guard.com\/hr\/?page_id=149317"},{"@type":"ListItem","position":2,"name":"Lugh"}]},{"@type":"WebSite","@id":"https:\/\/iwell-guard.com\/hr\/#website","url":"https:\/\/iwell-guard.com\/hr\/","name":"iWell Guard","description":"Schutz vor dunklen Einfl\u00fcssen","publisher":{"@id":"https:\/\/iwell-guard.com\/hr\/#organization"},"potentialAction":[{"@type":"SearchAction","target":{"@type":"EntryPoint","urlTemplate":"https:\/\/iwell-guard.com\/hr\/?s={search_term_string}"},"query-input":{"@type":"PropertyValueSpecification","valueRequired":true,"valueName":"search_term_string"}}],"inLanguage":"hr"},{"@type":"Organization","@id":"https:\/\/iwell-guard.com\/hr\/#organization","name":"Ittermann electronic GmbH","url":"https:\/\/iwell-guard.com\/hr\/","logo":{"@type":"ImageObject","inLanguage":"hr","@id":"https:\/\/iwell-guard.com\/hr\/#\/schema\/logo\/image\/","url":"https:\/\/iwell-guard.com\/wp-content\/uploads\/2026\/05\/Ittermann-Logo-1182x237-1.png","contentUrl":"https:\/\/iwell-guard.com\/wp-content\/uploads\/2026\/05\/Ittermann-Logo-1182x237-1.png","width":1182,"height":237,"caption":"Ittermann electronic GmbH"},"image":{"@id":"https:\/\/iwell-guard.com\/hr\/#\/schema\/logo\/image\/"},"sameAs":["https:\/\/pantip.com\/profile\/9367242","https:\/\/micro.blog\/iwellguard","https:\/\/www.diggerslist.com\/iwellguard\/about","https:\/\/skitterphoto.com\/photographers\/2870314\/iwell-guard","https:\/\/iwellguard.wordpress.com\/2026\/06\/06\/iwell-guard\/","https:\/\/hub.docker.com\/u\/iwellguard","https:\/\/www.pinterest.com\/iwellguard\/","https:\/\/bit.ly\/m\/iwellguard","https:\/\/entre-vos-mains.alsace.eu\/profiles\/iwellguard\/activity","https:\/\/gravatar.com\/reallybeded8fd34","https:\/\/naijamatta.com\/iwellguard","https:\/\/www.goodreads.com\/iwellguard","https:\/\/profile.hatena.ne.jp\/iwellguard\/","https:\/\/experiment.com\/users\/iwellguard","https:\/\/wakelet.com\/@iWellGuard82270","https:\/\/www.chordie.com\/forum\/profile.php?id=2555664","https:\/\/www.instapaper.com\/p\/17757966","https:\/\/www.mapleprimes.com\/users\/iwellguard","https:\/\/businesslistingplus.com\/profile\/iwell-guard\/","https:\/\/telegra.ph\/iWell-Guard-06-06","https:\/\/pbase.com\/iwellguard\/iwellguard","https:\/\/b.hatena.ne.jp\/iwellguard\/20260607#bookmark-4788405196491818882","https:\/\/fliphtml5.com\/home\/iwellguard","https:\/\/anyflip.com\/homepage\/cmiwl#About","https:\/\/transfur.com\/Users\/iwellguard","http:\/\/delphi.larsbo.org\/user\/iwellguard","https:\/\/jobs.lajobsportal.org\/profiles\/8380803-iwell-guard","https:\/\/md.chaosdorf.de\/s\/jfbe5SBdJD","https:\/\/www.lingvolive.com\/en-us\/profile\/9ecaeaca-ce11-4e51-9e71-01d55e2bff36\/translations","https:\/\/www.fitday.com\/fitness\/forums\/members\/iwellguard.html","https:\/\/www.mymeetbook.com\/iwellguard","https:\/\/pxhere.com\/en\/photographer-me\/5040798","https:\/\/disqus.com\/by\/iwellguard\/about\/","https:\/\/pastelink.net\/hjwciqwq","https:\/\/pubhtml5.com\/homepage\/scjhn\/","https:\/\/www.bitchute.com\/channel\/2O2eOKzNqujT","https:\/\/audiomack.com\/iwellguard"]},{"@type":"Person","@id":"https:\/\/iwell-guard.com\/hr\/#\/schema\/person\/ee2a27f1cac3406c7c6fb5820cb7349f","name":"Ralf Ittermann","image":{"@type":"ImageObject","inLanguage":"hr","@id":"https:\/\/secure.gravatar.com\/avatar\/073c0153e350a5005b68eb752b445fea71f6b24a26da9449ad7e155e6b446c9d?s=96&d=mm&r=g","url":"https:\/\/secure.gravatar.com\/avatar\/073c0153e350a5005b68eb752b445fea71f6b24a26da9449ad7e155e6b446c9d?s=96&d=mm&r=g","contentUrl":"https:\/\/secure.gravatar.com\/avatar\/073c0153e350a5005b68eb752b445fea71f6b24a26da9449ad7e155e6b446c9d?s=96&d=mm&r=g","caption":"Ralf Ittermann"},"givenName":"Ralf","familyName":"Ittermann","jobTitle":"Gesch\u00e4ftsf\u00fchrer und redaktioneller Verantwortlicher","url":"https:\/\/iwell-guard.com\/hr\/author\/claude\/","description":"Ralf Ittermann ist Gesch\u00e4ftsf\u00fchrer der Ittermann electronic GmbH und redaktioneller Verantwortlicher des iWell-Guard-Lexikons. Er verbindet langj\u00e4hrige Erfahrung in der Pr\u00e4zisionsfertigung mit medialer Praxis und religionsgeschichtlicher Quellenarbeit.","worksFor":{"@type":"Organization","name":"Ittermann electronic GmbH","url":"https:\/\/ittermann.de\/","address":{"@type":"PostalAddress","streetAddress":"K\u00f6hlergasse 16-18","postalCode":"99842","addressLocality":"Ruhla","addressCountry":"DE"}},"knowsAbout":["Religionsgeschichte","Mythologie","Mediale Praxis","Energetische Diagnostik","Schutzpraxis","Volksglauben","Westliche Esoterik"]},{"@type":"Article","@id":"https:\/\/iwell-guard.com\/hr\/lugh\/#article","isPartOf":{"@id":"https:\/\/iwell-guard.com\/hr\/lugh\/"},"author":{"name":"Ralf Ittermann","@id":"https:\/\/iwell-guard.com\/hr\/#\/schema\/person\/ee2a27f1cac3406c7c6fb5820cb7349f"},"headline":"Lugh","datePublished":"2026-09-04T05:11:40+00:00","dateModified":"2026-09-04T05:26:49+00:00","mainEntityOfPage":{"@id":"https:\/\/iwell-guard.com\/hr\/lugh\/"},"publisher":{"@id":"https:\/\/iwell-guard.com\/hr\/#organization"},"image":{"@id":"https:\/\/iwell-guard.com\/hr\/lugh\/#primaryimage"},"thumbnailUrl":"https:\/\/iwell-guard.com\/wp-content\/uploads\/2026\/04\/goetter_keltisch_lugh.webp","inLanguage":"hr","description":"Lugh, keltski majstor svih umjetnosti: pobjeda nad Balorom, blagdan Lughnasadh i njegovi tragovi od Tare do Lyona. Obja\u0161njeni podrijetlo i zna\u010denje."}]}},"_links":{"self":[{"href":"https:\/\/iwell-guard.com\/hr\/wp-json\/wp\/v2\/pages\/149568","targetHints":{"allow":["GET"]}}],"collection":[{"href":"https:\/\/iwell-guard.com\/hr\/wp-json\/wp\/v2\/pages"}],"about":[{"href":"https:\/\/iwell-guard.com\/hr\/wp-json\/wp\/v2\/types\/page"}],"author":[{"embeddable":true,"href":"https:\/\/iwell-guard.com\/hr\/wp-json\/wp\/v2\/users\/3"}],"replies":[{"embeddable":true,"href":"https:\/\/iwell-guard.com\/hr\/wp-json\/wp\/v2\/comments?post=149568"}],"version-history":[{"count":0,"href":"https:\/\/iwell-guard.com\/hr\/wp-json\/wp\/v2\/pages\/149568\/revisions"}],"wp:featuredmedia":[{"embeddable":true,"href":"https:\/\/iwell-guard.com\/hr\/wp-json\/wp\/v2\/media\/1616"}],"wp:attachment":[{"href":"https:\/\/iwell-guard.com\/hr\/wp-json\/wp\/v2\/media?parent=149568"}],"wp:term":[{"taxonomy":"category","embeddable":true,"href":"https:\/\/iwell-guard.com\/hr\/wp-json\/wp\/v2\/categories?post=149568"}],"curies":[{"name":"wp","href":"https:\/\/api.w.org\/{rel}","templated":true}]}}