{"id":149555,"date":"2026-09-04T05:11:33","date_gmt":"2026-09-04T05:11:33","guid":{"rendered":"https:\/\/iwell-guard.com\/?page_id=149555"},"modified":"2026-09-04T05:26:31","modified_gmt":"2026-09-04T05:26:31","slug":"marena","status":"publish","type":"page","link":"https:\/\/iwell-guard.com\/hr\/marena\/","title":{"rendered":"Marena"},"content":{"rendered":"\t\t<div data-elementor-type=\"wp-page\" data-elementor-id=\"149555\" class=\"elementor elementor-149555 elementor-2099 elementor-bc-flex-widget\" data-elementor-post-type=\"page\">\n\t\t\t\t<div class=\"elementor-element elementor-element-10fdade e-flex e-con-boxed e-con e-parent\" data-id=\"10fdade\" data-element_type=\"container\" data-e-type=\"container\" data-settings=\"{&quot;background_background&quot;:&quot;classic&quot;}\">\n\t\t\t\t\t<div class=\"e-con-inner\">\n\t\t<div class=\"elementor-element elementor-element-herohlft0 e-flex e-con-boxed e-con e-child\" data-id=\"herohlft0\" data-element_type=\"container\" data-e-type=\"container\">\n\t\t\t\t\t<div class=\"e-con-inner\">\n\t\t<div class=\"elementor-element elementor-element-c3ceb64 e-con-full e-flex e-con e-child\" data-id=\"c3ceb64\" data-element_type=\"container\" data-e-type=\"container\">\n\t\t\t\t<div class=\"elementor-element elementor-element-96ae5e1 elementor-widget elementor-widget-heading\" data-id=\"96ae5e1\" data-element_type=\"widget\" data-e-type=\"widget\" data-widget_type=\"heading.default\">\n\t\t\t\t\t<h1 class=\"elementor-heading-title elementor-size-default\">Marena, bo\u017eica slavenske tradicije<\/h1>\t\t\t\t<\/div>\n\t\t\t\t<div class=\"elementor-element elementor-element-e45238a elementor-widget elementor-widget-text-editor\" data-id=\"e45238a\" data-element_type=\"widget\" data-e-type=\"widget\" data-widget_type=\"text-editor.default\">\n\t\t\t\t\t\t\t\t\t<p>Marena (\u041c\u043e\u0440\u0435\u043d\u0430, poznata i kao Morana ili Marzanna) slavenska je bo\u017eica zime, smrti i ponovnog ro\u0111enja. Utjelovljuje mra\u010dno godi\u0161nje doba i smrt kao dio prirodnog ciklusa, a \u0161tuje se u ritualima koji povezuju \u017eivot i umiranje.\t\t\t\t\t\t\t\t<\/div>\n\t\t\t\t<\/div>\n\t\t<div class=\"elementor-element elementor-element-klsbdg01 e-con-full e-flex e-con e-parent\" data-id=\"klsbdg01\" data-element_type=\"container\" data-e-type=\"container\">\n\t\t\t\t<div class=\"elementor-element elementor-element-klshtm01 elementor-widget elementor-widget-html\" data-id=\"klshtm01\" data-element_type=\"widget\" data-e-type=\"widget\" data-widget_type=\"html.default\">\n\t\t\t\t\t<div class=\"iwg-pill-row\"><span class=\"iwg-klasse-badge\" tabindex=\"0\" data-tooltip=\"Bog \/ Bo\u017eica: Personificirana najvi\u0161a mo\u0107 u panteonu neke kulture, s jasnim nadle\u017enostima \u2013 silama prirode, sudbinom, ratom, plodno\u0161\u0107u. \u0160tuje se kroz kultove, \u017ertve i hramske institucije.\">Bo\u017eica<\/span><a href=\"https:\/\/iwell-guard.com\/hr\/?page_id=149352\" class=\"iwg-kultur-badge\" tabindex=\"0\" data-tooltip=\"Slavenska mitologija i narodna religija, kr\u0161\u0107anski nadslojena od 10. stolje\u0107a.\">Slavenska<\/a><a href=\"https:\/\/iwell-guard.com\/hr\/?page_id=149444\" class=\"iwg-tradition-badge\" tabindex=\"0\" data-tooltip=\"Bo\u017eanstva podzemlja i smrti, vladari zagrobnog svijeta, suci mrtvih, vodi\u010di du\u0161a.\">Bo\u017eanstvo smrti<\/a><\/div>\t\t\t\t<\/div>\n\t\t\t\t<\/div>\n\t\t<div class=\"elementor-element elementor-element-3f74855 e-con-full e-flex e-con e-child\" data-id=\"3f74855\" data-element_type=\"container\" data-e-type=\"container\">\n\t\t\t\t<div class=\"elementor-element elementor-element-1c30362 elementor-toc--minimized-on-tablet elementor-widget elementor-widget-table-of-contents\" data-id=\"1c30362\" data-element_type=\"widget\" data-e-type=\"widget\" data-settings=\"{&quot;exclude_headings_by_selector&quot;:[],&quot;no_headings_message&quot;:&quot;Na ovoj stranici nisu prona\\u0111eni naslovi.&quot;,&quot;headings_by_tags&quot;:[&quot;h2&quot;,&quot;h3&quot;],&quot;marker_view&quot;:&quot;bullets&quot;,&quot;minimize_box&quot;:&quot;yes&quot;,&quot;icon&quot;:{&quot;value&quot;:&quot;fas fa-circle&quot;,&quot;library&quot;:&quot;fa-solid&quot;,&quot;rendered_tag&quot;:&quot;&lt;svg class=\\&quot;e-font-icon-svg e-fas-circle\\&quot; viewBox=\\&quot;0 0 512 512\\&quot; xmlns=\\&quot;http:\\\/\\\/www.w3.org\\\/2000\\\/svg\\&quot;&gt;&lt;path d=\\&quot;M256 8C119 8 8 119 8 256s111 248 248 248 248-111 248-248S393 8 256 8z\\&quot;&gt;&lt;\\\/path&gt;&lt;\\\/svg&gt;&quot;},&quot;minimized_on&quot;:&quot;tablet&quot;,&quot;hierarchical_view&quot;:&quot;yes&quot;,&quot;min_height&quot;:{&quot;unit&quot;:&quot;px&quot;,&quot;size&quot;:&quot;&quot;,&quot;sizes&quot;:[]},&quot;min_height_tablet&quot;:{&quot;unit&quot;:&quot;px&quot;,&quot;size&quot;:&quot;&quot;,&quot;sizes&quot;:[]},&quot;min_height_mobile&quot;:{&quot;unit&quot;:&quot;px&quot;,&quot;size&quot;:&quot;&quot;,&quot;sizes&quot;:[]}}\" data-widget_type=\"table-of-contents.default\">\n\t\t\t\t\t\t\t\t\t<div class=\"elementor-toc__header\">\n\t\t\t\t\t\t<h2 class=\"elementor-toc__header-title\">\n\t\t\t\tSadr\u017eaj\t\t\t<\/h2>\n\t\t\t\t\t\t\t\t\t\t<div class=\"elementor-toc__toggle-button elementor-toc__toggle-button--expand\" role=\"button\" tabindex=\"0\" aria-controls=\"elementor-toc__1c30362\" aria-expanded=\"true\" aria-label=\"Open table of contents\"><svg aria-hidden=\"true\" class=\"e-font-icon-svg e-fas-chevron-down\" viewBox=\"0 0 448 512\" xmlns=\"http:\/\/www.w3.org\/2000\/svg\"><path d=\"M207.029 381.476L12.686 187.132c-9.373-9.373-9.373-24.569 0-33.941l22.667-22.667c9.357-9.357 24.522-9.375 33.901-.04L224 284.505l154.745-154.021c9.379-9.335 24.544-9.317 33.901.04l22.667 22.667c9.373 9.373 9.373 24.569 0 33.941L240.971 381.476c-9.373 9.372-24.569 9.372-33.942 0z\"><\/path><\/svg><\/div>\n\t\t\t\t<div class=\"elementor-toc__toggle-button elementor-toc__toggle-button--collapse\" role=\"button\" tabindex=\"0\" aria-controls=\"elementor-toc__1c30362\" aria-expanded=\"true\" aria-label=\"Close table of contents\"><svg aria-hidden=\"true\" class=\"e-font-icon-svg e-fas-chevron-up\" viewBox=\"0 0 448 512\" xmlns=\"http:\/\/www.w3.org\/2000\/svg\"><path d=\"M240.971 130.524l194.343 194.343c9.373 9.373 9.373 24.569 0 33.941l-22.667 22.667c-9.357 9.357-24.522 9.375-33.901.04L224 227.495 69.255 381.516c-9.379 9.335-24.544 9.317-33.901-.04l-22.667-22.667c-9.373-9.373-9.373-24.569 0-33.941L207.03 130.525c9.372-9.373 24.568-9.373 33.941-.001z\"><\/path><\/svg><\/div>\n\t\t\t\t\t<\/div>\n\t\t\t\t<div id=\"elementor-toc__1c30362\" class=\"elementor-toc__body\">\n\t\t\t<div class=\"elementor-toc__spinner-container\">\n\t\t\t\t<svg class=\"elementor-toc__spinner eicon-animation-spin e-font-icon-svg e-eicon-loading\" aria-hidden=\"true\" viewBox=\"0 0 1000 1000\" xmlns=\"http:\/\/www.w3.org\/2000\/svg\"><path d=\"M500 975V858C696 858 858 696 858 500S696 142 500 142 142 304 142 500H25C25 237 238 25 500 25S975 237 975 500 763 975 500 975Z\"><\/path><\/svg>\t\t\t<\/div>\n\t\t<\/div>\n\t\t\t\t\t\t<\/div>\n\t\t\t\t<\/div>\n\t\t\t\t\t<\/div>\n\t\t\t\t<\/div>\n\t\t<div class=\"elementor-element elementor-element-herorght0 e-con-full e-flex e-con e-child\" data-id=\"herorght0\" data-element_type=\"container\" data-e-type=\"container\">\n\t\t\t\t<div class=\"elementor-element elementor-element-heroimg00 iwg-hero-image elementor-widget elementor-widget-image\" data-id=\"heroimg00\" data-element_type=\"widget\" data-e-type=\"widget\" data-widget_type=\"image.default\">\n\t\t\t\t\t\t\t\t\t\t\t\t\t\t\t<img fetchpriority=\"high\" decoding=\"async\" width=\"683\" height=\"1024\" src=\"https:\/\/iwell-guard.com\/wp-content\/uploads\/2026\/04\/goetter_slawisch_marena-683x1024.webp\" class=\"attachment-large size-large wp-image-151788\" alt=\"Marena - Bogovi iz slavenske tradicije, povijesno-ilustrativno\" srcset=\"https:\/\/iwell-guard.com\/wp-content\/uploads\/2026\/04\/goetter_slawisch_marena-683x1024.webp 683w, https:\/\/iwell-guard.com\/wp-content\/uploads\/2026\/04\/goetter_slawisch_marena-200x300.webp 200w, https:\/\/iwell-guard.com\/wp-content\/uploads\/2026\/04\/goetter_slawisch_marena-768x1152.webp 768w, https:\/\/iwell-guard.com\/wp-content\/uploads\/2026\/04\/goetter_slawisch_marena.webp 1024w\" sizes=\"(max-width: 683px) 100vw, 683px\" \/>\t\t\t\t\t\t\t\t\t\t\t\t\t\t\t<\/div>\n\t\t\t\t<\/div>\n\t\t\t\t\t<\/div>\n\t\t\t\t<\/div>\n\t\t<div class=\"elementor-element elementor-element-32917199 e-flex e-con-boxed e-con e-parent\" data-id=\"32917199\" data-element_type=\"container\" data-e-type=\"container\">\n\t\t\t\t\t<div class=\"e-con-inner\">\n\t\t<div class=\"elementor-element elementor-element-26e916cb e-flex e-con-boxed e-con e-child\" data-id=\"26e916cb\" data-element_type=\"container\" data-e-type=\"container\">\n\t\t\t\t\t<div class=\"e-con-inner\">\n\t\t<div class=\"elementor-element elementor-element-253a40d4 e-flex e-con-boxed e-con e-child\" data-id=\"253a40d4\" data-element_type=\"container\" data-e-type=\"container\">\n\t\t\t\t\t<div class=\"e-con-inner\">\n\t\t\t\t<div class=\"elementor-element elementor-element-1200c304 elementor-widget elementor-widget-heading\" data-id=\"1200c304\" data-element_type=\"widget\" data-e-type=\"widget\" data-widget_type=\"heading.default\">\n\t\t\t\t\t<h2 class=\"elementor-heading-title elementor-size-default\">Marena<\/h2>\t\t\t\t<\/div>\n\t\t\t\t<div class=\"elementor-element elementor-element-11758e7f elementor-widget elementor-widget-text-editor\" data-id=\"11758e7f\" data-element_type=\"widget\" data-e-type=\"widget\" data-widget_type=\"text-editor.default\">\n\t\t\t\t\t\t\t\t\t<p>Marena se prikazuje kao tamna, lijepa \u017eena, \u010desto sa simbolima zime (snijeg, led, ogoljelo drve\u0107e) i smrti (kosti, lubanje, vatra). Za razliku od zlih demona, Marena je kozmi\u010dka bo\u017eica koja utjelovljuje nu\u017ene, a istovremeno zastra\u0161uju\u0107e sile.<\/p><p>Ona vlada zimskim mjesecima i smatra se uzrokom snijega, mraza i propasti \u017eetve. Njezina je suprotnost Vesna (bo\u017eica prolje\u0107a). Marena je ambivalentna: destruktivna, ali i regenerativna \u2013 zima ubija da bi se prolje\u0107e moglo ponovno probuditi.<\/p>\t\t\t\t\t\t\t\t<\/div>\n\t\t\t\t\t<\/div>\n\t\t\t\t<\/div>\n\t\t<div class=\"elementor-element elementor-element-159dcf9a e-flex e-con-boxed e-con e-child\" data-id=\"159dcf9a\" data-element_type=\"container\" data-e-type=\"container\">\n\t\t\t\t\t<div class=\"e-con-inner\">\n\t\t\t\t<div class=\"elementor-element elementor-element-48cee66f elementor-widget elementor-widget-heading\" data-id=\"48cee66f\" data-element_type=\"widget\" data-e-type=\"widget\" data-widget_type=\"heading.default\">\n\t\t\t\t\t<h2 class=\"elementor-heading-title elementor-size-default\">Brzi pregled: Marena<\/h2>\t\t\t\t<\/div>\n\t\t\t\t<div class=\"elementor-element elementor-element-3f50d82c elementor-widget elementor-widget-text-editor\" data-id=\"3f50d82c\" data-element_type=\"widget\" data-e-type=\"widget\" data-widget_type=\"text-editor.default\">\n\t\t\t\t\t\t\t\t\t<p>Marena je dokumentirana u etnografskim zbirkama slavenske narodne religije (Afanasjev, Ribnikov, S\u00e9chan), no manje u ranim pisanim izvorima. Primarni tekstovi su zapisi <span class=\"iwg-fachbegriff\" data-tooltip=\"Preno\u0161ena narodna kultura s obi\u010dajima, pripovijestima i pjesmama.\" tabindex=\"0\">folklora<\/span> iz 19. i 20. stolje\u0107a te etnografske studije.<\/p><p>Rasprostranjenost je panslavenska: Rusija, Bjelorusija, Ukrajina, Poljska, Srbija. Religiolozi kao Nora Chadwick i Mathieu-Colas dokumentiraju kultove Marene u sezonskim ritualima. Lik se rekonstruira i u modernom neopaganizmu.<\/p>\t\t\t\t\t\t\t\t<\/div>\n\t\t\t\t\t<\/div>\n\t\t\t\t<\/div>\n\t\t\t\t\t<\/div>\n\t\t\t\t<\/div>\n\t\t\t\t\t<\/div>\n\t\t\t\t<\/div>\n\t\t<div class=\"elementor-element elementor-element-18613602 e-flex e-con-boxed e-con e-parent\" data-id=\"18613602\" data-element_type=\"container\" data-e-type=\"container\">\n\t\t\t\t\t<div class=\"e-con-inner\">\n\t\t\t\t<div class=\"elementor-element elementor-element-262b8a9f elementor-widget elementor-widget-heading\" data-id=\"262b8a9f\" data-element_type=\"widget\" data-e-type=\"widget\" data-widget_type=\"heading.default\">\n\t\t\t\t\t<h2 class=\"elementor-heading-title elementor-size-default\">Povijesni okvir<\/h2>\t\t\t\t<\/div>\n\t\t<div class=\"elementor-element elementor-element-46dcb7d e-con-full e-flex e-con e-child\" data-id=\"46dcb7d\" data-element_type=\"container\" data-e-type=\"container\">\n\t\t<div class=\"elementor-element elementor-element-61d3ab3 e-flex e-con-boxed e-con e-child\" data-id=\"61d3ab3\" data-element_type=\"container\" data-e-type=\"container\">\n\t\t\t\t\t<div class=\"e-con-inner\">\n\t\t\t\t<div class=\"elementor-element elementor-element-117c166 elementor-widget elementor-widget-heading\" data-id=\"117c166\" data-element_type=\"widget\" data-e-type=\"widget\" data-widget_type=\"heading.default\">\n\t\t\t\t\t<h3 class=\"elementor-heading-title elementor-size-default\">Zeitraum der Texte<\/h3>\t\t\t\t<\/div>\n\t\t\t\t<div class=\"elementor-element elementor-element-73997a0 elementor-widget elementor-widget-text-editor\" data-id=\"73997a0\" data-element_type=\"widget\" data-e-type=\"widget\" data-widget_type=\"text-editor.default\">\n\t\t\t\t\t\t\t\t\t<p>Obi\u010daj Marzanne \u017eiv je do danas, posebno u Poljskoj, \u010ce\u0161koj, Slova\u010dkoj i dijelovima drugih slavenskih zemalja. Na mnogim mjestima danas u\u010denici i udruge nose i pale ili utapaju lutku oko 21. o\u017eujka kao znak po\u010detka prolje\u0107a.<\/p><p>Pri tome se oblik promijenio: od ozbiljnog sezonskog rituala tijekom vremena postao je narodni, dijelom i turisti\u010dki obojen obi\u010daj. Sr\u017e, ispra\u0107aj zime uklanjanjem figure Marzanne, ipak je ostala sa\u010duvana i vidljiva u regionalnoj kulturi slavlja.<\/p><h3>Mitolo\u0161ko zna\u010denje<\/h3><p>Marena je bo\u017eica zimske studeni i umiranja u slavenskoj <span class=\"iwg-fachbegriff\" data-tooltip=\"Ukupnost prenesenih pri\u010da o bogovima jedne kulture.\" tabindex=\"0\">mitologiji<\/span>. Ona utjelovljuje tamnu polovicu godine i grani\u010dna podru\u010dja izme\u0111u \u017eivota i smrti. Nije zla bo\u017eica, nego nu\u017ena sila u kru\u017enom toku.<\/p>\t\t\t\t\t\t\t\t<\/div>\n\t\t\t\t\t<\/div>\n\t\t\t\t<\/div>\n\t\t<div class=\"elementor-element elementor-element-d47b156 e-flex e-con-boxed e-con e-child\" data-id=\"d47b156\" data-element_type=\"container\" data-e-type=\"container\">\n\t\t\t\t\t<div class=\"e-con-inner\">\n\t\t\t\t<div class=\"elementor-element elementor-element-ff38c2b elementor-widget elementor-widget-heading\" data-id=\"ff38c2b\" data-element_type=\"widget\" data-e-type=\"widget\" data-widget_type=\"heading.default\">\n\t\t\t\t\t<h3 class=\"elementor-heading-title elementor-size-default\">Verbreitungsraum<\/h3>\t\t\t\t<\/div>\n\t\t\t\t<div class=\"elementor-element elementor-element-4e49fcc elementor-widget elementor-widget-text-editor\" data-id=\"4e49fcc\" data-element_type=\"widget\" data-e-type=\"widget\" data-widget_type=\"text-editor.default\">\n\t\t\t\t\t\t\t\t\t<p>Marena nije bila ograni\u010dena na odre\u0111ene regije, nego je bila univerzalno poznata i \u0161tovana u cijelom slavenskom svijetu. Bilo u urbanim sredi\u0161tima ili ruralnim podru\u010djima, me\u0111u elitom ili obi\u010dnim ljudima, njezino duhovno zna\u010denje bilo je posvuda priznato i po\u0161tovano.<\/p><p>\u0160tovanje, odnosno protjerivanje Marene, bilo je ra\u0161ireno kroz slavenska naseljena podru\u010dja, s regionalnim razlikama u imenu: Marzanna u Poljskoj, Morana u \u010ce\u0161koj i Slova\u010dkoj, Mara ili Morena u drugim krajevima.<\/p><p>Ta jezi\u010dna raznolikost upu\u0107uje na zajedni\u010dku starije podlogu. Kroz susjedstvo, migracije i razmjenu me\u0111u slavenskim zajednicama proljetni se ritual pro\u0161irio na velika podru\u010dja, ostaju\u0107i pri tome u svom tijeku, no\u0161enju i uni\u0161tavanju lutke, usporediv me\u0111u regijama.<\/p>\t\t\t\t\t\t\t\t<\/div>\n\t\t\t\t\t<\/div>\n\t\t\t\t<\/div>\n\t\t\t\t<\/div>\n\t\t<div class=\"elementor-element elementor-element-db03c39 e-con-full e-flex e-con e-child\" data-id=\"db03c39\" data-element_type=\"container\" data-e-type=\"container\">\n\t\t<div class=\"elementor-element elementor-element-229a87b e-flex e-con-boxed e-con e-child\" data-id=\"229a87b\" data-element_type=\"container\" data-e-type=\"container\">\n\t\t\t\t\t<div class=\"e-con-inner\">\n\t\t\t\t<div class=\"elementor-element elementor-element-1f471fc elementor-widget elementor-widget-heading\" data-id=\"1f471fc\" data-element_type=\"widget\" data-e-type=\"widget\" data-widget_type=\"heading.default\">\n\t\t\t\t\t<h3 class=\"elementor-heading-title elementor-size-default\">Quellenlage<\/h3>\t\t\t\t<\/div>\n\t\t\t\t<div class=\"elementor-element elementor-element-36b1201 elementor-widget elementor-widget-text-editor\" data-id=\"36b1201\" data-element_type=\"widget\" data-e-type=\"widget\" data-widget_type=\"text-editor.default\">\n\t\t\t\t\t\t\t\t\t<p>Marena je dokumentirana u primarnim izvorima <span class=\"iwg-fachbegriff\" data-tooltip=\"Preno\u0161ena narodna kultura s obi\u010dajima, pripovijestima i pjesmama.\" tabindex=\"0\">folklora<\/span>, posebno u slavenskim pripovijestima i narodnim pjesmama (Sbornik russkich narodnych pesen, zbirke ruskih narodnih pjesama). Izravni knji\u017eevni primarni izvori su kasni i nesustavni.<\/p><p>Sekundarna literatura: Nora Chadwick (The Slavic Peoples), Mathieu-Colas (Dictionnaire de <span class=\"iwg-fachbegriff\" data-tooltip=\"Ukupnost prenesenih pri\u010da o bogovima jedne kulture.\" tabindex=\"0\">mitologiji<\/span> Slave), Linda J. Ivanits (Russian Folk Belief), Vladimir Toporov i Vja\u010deslav Ivanov (Toporov-Ivanovljeva \u0161kola rekonstrukcije indoeuropske <span class=\"iwg-fachbegriff\" data-tooltip=\"Ukupnost prenesenih pri\u010da o bogovima jedne kulture.\" tabindex=\"0\">mitologije<\/span>). Koncept Marene rekonstruiran je iz narodnih obi\u010daja i biljnih rituala, a ne iz kanonskih tekstova kao \u0161to je slu\u010daj s kineskim bogovima.<\/p>\t\t\t\t\t\t\t\t<\/div>\n\t\t\t\t\t<\/div>\n\t\t\t\t<\/div>\n\t\t\t\t<\/div>\n\t\t\t\t\t<\/div>\n\t\t\t\t<\/div>\n\t\t<div class=\"elementor-element elementor-element-3ae0637c e-flex e-con-boxed e-con e-parent\" data-id=\"3ae0637c\" data-element_type=\"container\" data-e-type=\"container\">\n\t\t\t\t\t<div class=\"e-con-inner\">\n\t\t\t\t<div class=\"elementor-element elementor-element-31d07739 elementor-widget elementor-widget-heading\" data-id=\"31d07739\" data-element_type=\"widget\" data-e-type=\"widget\" data-widget_type=\"heading.default\">\n\t\t\t\t\t<h2 class=\"elementor-heading-title elementor-size-default\">Naziv i pravopisni oblici<\/h2>\t\t\t\t<\/div>\n\t\t<div class=\"elementor-element elementor-element-b7642947 e-con-full e-flex e-con e-child\" data-id=\"b7642947\" data-element_type=\"container\" data-e-type=\"container\">\n\t\t\t\t<div class=\"elementor-element elementor-element-a086266 elementor-widget elementor-widget-text-editor\" data-id=\"a086266\" data-element_type=\"widget\" data-e-type=\"widget\" data-widget_type=\"text-editor.default\">\n\t\t\t\t\t\t\t\t\t<p>Marena se prikazuje s odre\u0111enim ikonografskim elementima koji su simboli\u010dki kodirani i nose duboko zna\u010denje. Ti elementi na sredini prenose funkcije, izvore mo\u0107i, nadle\u017enost i kozmi\u010dku ulogu ovog bi\u0107a. Vizualni sustav omogu\u0107uje upu\u0107enima i kulturno obrazovanima da razumiju duboko zna\u010denje.<\/p><p>Marena, poznata i kao Morana ili Marzanna, postaje opipljiva prije svega kroz ritual njezine lutke. Ona se plete od slame, obla\u010di u ostatke tkanine i vrpce te se oprema bijelim tkaninama ili svijetlom odje\u0107om, koje simboli\u010dki prikazuju smrt i zimu. U nekim regijama figura nosi vijenac ili ogrlice od ljuski jaja.<\/p><p>Za razliku od stalnog prikaza bo\u017eanstva, ovdje je u sredi\u0161tu godi\u0161nje iznova izra\u0111ena lutka, \u010diji izgled lokalno varira, ali se u osnovnim crtama ponavlja. Spoj slame, svijetle tkanine i zimskih znakova upu\u0107uje na njezinu ulogu utjelovljenja odumrlog hladnog godi\u0161njeg doba.<\/p>\t\t\t\t\t\t\t\t<\/div>\n\t\t\t\t<\/div>\n\t\t\t\t\t<\/div>\n\t\t\t\t<\/div>\n\t\t<div class=\"elementor-element elementor-element-709a44a8 e-flex e-con-boxed e-con e-parent\" data-id=\"709a44a8\" data-element_type=\"container\" data-e-type=\"container\">\n\t\t\t\t\t<div class=\"e-con-inner\">\n\t\t\t\t<div class=\"elementor-element elementor-element-2f585873 elementor-widget elementor-widget-heading\" data-id=\"2f585873\" data-element_type=\"widget\" data-e-type=\"widget\" data-widget_type=\"heading.default\">\n\t\t\t\t\t<h2 class=\"elementor-heading-title elementor-size-default\">Karakteristike<\/h2>\t\t\t\t<\/div>\n\t\t<div class=\"elementor-element elementor-element-70621c12 e-con-full e-flex e-con e-child\" data-id=\"70621c12\" data-element_type=\"container\" data-e-type=\"container\">\n\t\t\t\t<div class=\"elementor-element elementor-element-4296eb49 elementor-widget elementor-widget-text-editor\" data-id=\"4296eb49\" data-element_type=\"widget\" data-e-type=\"widget\" data-widget_type=\"text-editor.default\">\n\t\t\t\t\t\t\t\t\t<p>Marena je bila sredi\u0161nja u religijskoj praksi i svakodnevnom shva\u0107anju Slavena. Ljudi su se u kriti\u010dnim situacijama ili u odre\u0111enim ritualnim godi\u0161njim dobima obra\u0107ali ovom entitetu, uz strukturirane rituale, molitve ili \u017ertvene prinose. Praksa se prenosila s velikom precizno\u0161\u0107u, a \u010desto su ju vodili sve\u0107enici ili stru\u010dnjaci.<\/p><p>Obi\u010daji povezani s Marenom imali su jasnu sezonsku funkciju. Krajem zime, tradicionalno oko proljetne ravnodnevice, lutka Marzanne no\u0161ena je u povorci kroz selo, a zatim spaljena ili ba\u010dena u teku\u0107u vodu, ponekad oboje redom.<\/p><p>Time se simboli\u010dno trebalo protjerati zimu i poticati dolazak prolje\u0107a i plodnosti. Obi\u010daj se dugo prenosio na slavenskim podru\u010djima jer je ozna\u010davao prijelaz u razdoblje rasta, a slavio se zajedni\u010dki.<\/p><h3>Izgled i simbolika<\/h3><p>Marena se prikazuje kao mr\u0161ava, stara \u017eena, odjevena u bijelo ili u mrtva\u010dke pokrove. Povezuje se s mrazom i snijegom. U nekim prikazima nosi kosu. Bijela i siva su njezine boje.<\/p>\t\t\t\t\t\t\t\t<\/div>\n\t\t\t\t<\/div>\n\t\t\t\t\t<\/div>\n\t\t\t\t<\/div>\n\t\t<div class=\"elementor-element elementor-element-44e71476 e-flex e-con-boxed e-con e-parent\" data-id=\"44e71476\" data-element_type=\"container\" data-e-type=\"container\">\n\t\t\t\t\t<div class=\"e-con-inner\">\n\t\t\t\t<div class=\"elementor-element elementor-element-3c1fc3f0 elementor-widget elementor-widget-heading\" data-id=\"3c1fc3f0\" data-element_type=\"widget\" data-e-type=\"widget\" data-widget_type=\"heading.default\">\n\t\t\t\t\t<h2 class=\"elementor-heading-title elementor-size-default\">Profil: Marena<\/h2>\t\t\t\t<\/div>\n\t\t<div class=\"elementor-element elementor-element-84f33b8e e-con-full e-flex e-con e-child\" data-id=\"84f33b8e\" data-element_type=\"container\" data-e-type=\"container\">\n\t\t\t\t<div class=\"elementor-element elementor-element-hqkdc67p elementor-widget elementor-widget-text-editor\" data-id=\"hqkdc67p\" data-element_type=\"widget\" data-e-type=\"widget\" data-widget_type=\"text-editor.default\">\n\t\t\t\t\t\t\t\t\t<p>Profil obra\u0111uje Marenu u \u0161est perspektiva: njezino kosmolo\u0161ko podrijetlo kao boginje zime i smrti, skupine njezinog ritualnog obo\u017eavanja (seljaci, sezonski), njezinu ikonografiju i mra\u010dan izgled, njezinu ulogu u ritualima za mrtve i potvr\u0111ivanju ciklusa, te paralele u srodnim kulturama. Ove dimenzije pokazuju njezinu klju\u010dnu ulogu u slavenskom sustavu godi\u0161njeg kruga.<\/p>\t\t\t\t\t\t\t\t<\/div>\n\t\t\t\t<\/div>\n\t\t<div class=\"elementor-element elementor-element-pemmx7c5 e-con-full e-flex e-con e-child\" data-id=\"pemmx7c5\" data-element_type=\"container\" data-e-type=\"container\">\n\t\t<div class=\"elementor-element elementor-element-pemmx7c1 e-con-full e-flex e-con e-child\" data-id=\"pemmx7c1\" data-element_type=\"container\" data-e-type=\"container\">\n\t\t<div class=\"elementor-element elementor-element-qh9oavvu iwg-steckbrief-card e-flex e-con-boxed e-con e-child\" data-id=\"qh9oavvu\" data-element_type=\"container\" data-e-type=\"container\">\n\t\t\t\t\t<div class=\"e-con-inner\">\n\t\t\t\t<div class=\"elementor-element elementor-element-awzx8k2k elementor-widget elementor-widget-heading\" data-id=\"awzx8k2k\" data-element_type=\"widget\" data-e-type=\"widget\" data-widget_type=\"heading.default\">\n\t\t\t\t\t<div class=\"elementor-heading-title elementor-size-default\">Marenino podrijetlo<\/div>\t\t\t\t<\/div>\n\t\t\t\t<div class=\"elementor-element elementor-element-x6rowhv0 elementor-widget elementor-widget-text-editor\" data-id=\"x6rowhv0\" data-element_type=\"widget\" data-e-type=\"widget\" data-widget_type=\"text-editor.default\">\n\t\t\t\t\t\t\t\t\t<p>Marena se geografski i kosmolo\u0161ki povezuje sa zimom i sjeverom. Njezino kulturno podrijetlo je protoslavensko, vjerojatno prapovijesno, jer se bo\u017eanstva zime javljaju u mnogim indoeuropskim kulturama. Pisani izvori su kasni i \u010desto kr\u0161\u0107anski iskrivljeni.<\/p><p>U povijesti religije Marena se shva\u0107a kao specijalizacija op\u0107e boginje smrti i ponovnog ro\u0111enja, \u010dija se funkcija ustalila sa sezonskim poljoprivrednim ciklusima. Njezino ime moglo bi potjecati od slavensko-indoeuropskog korijena *mer (umrijeti).<\/p>\t\t\t\t\t\t\t\t<\/div>\n\t\t\t\t\t<\/div>\n\t\t\t\t<\/div>\n\t\t<div class=\"elementor-element elementor-element-8e3o4kxs iwg-steckbrief-card e-flex e-con-boxed e-con e-child\" data-id=\"8e3o4kxs\" data-element_type=\"container\" data-e-type=\"container\">\n\t\t\t\t\t<div class=\"e-con-inner\">\n\t\t\t\t<div class=\"elementor-element elementor-element-08rkdgov elementor-widget elementor-widget-heading\" data-id=\"08rkdgov\" data-element_type=\"widget\" data-e-type=\"widget\" data-widget_type=\"heading.default\">\n\t\t\t\t\t<div class=\"elementor-heading-title elementor-size-default\">Odnosi se na<\/div>\t\t\t\t<\/div>\n\t\t\t\t<div class=\"elementor-element elementor-element-uwjelx8s elementor-widget elementor-widget-text-editor\" data-id=\"uwjelx8s\" data-element_type=\"widget\" data-e-type=\"widget\" data-widget_type=\"text-editor.default\">\n\t\t\t\t\t\t\t\t\t<p>Marenu su prvenstveno obo\u017eavali seljaci i pastiri u zimskim ritualima, posebno u prijelaznim fazama (prvi snijeg, zimski solsticij, kraj zime). Blagdani i rituali poput Maslenice (Fa\u0161nik, <span class=\"iwg-fachbegriff\" data-tooltip=\"Ure\u0111en slijed simboli\u010dnih radnji s religijskim ili kulturnim zna\u010denjem.\" tabindex=\"0\">ritual<\/span> opro\u0161taja od zime) bili su prigode posve\u0107ene Mareni.<\/p><p>\u017dene su imale posebne uloge u Mareninim ritualima: paljenje vatri veselja ili izrada Mareninih figura (lutaka), koje su se zatim spaljivale ili bacale u rijeke (protjerivanje Marene). Obo\u017eavanje je bilo sezonsko-cikli\u010dno, a ne cjelogodi\u0161nje kao kod Domovoja.<\/p>\t\t\t\t\t\t\t\t<\/div>\n\t\t\t\t\t<\/div>\n\t\t\t\t<\/div>\n\t\t<div class=\"elementor-element elementor-element-jm2n74ec iwg-steckbrief-card e-flex e-con-boxed e-con e-child\" data-id=\"jm2n74ec\" data-element_type=\"container\" data-e-type=\"container\">\n\t\t\t\t\t<div class=\"e-con-inner\">\n\t\t\t\t<div class=\"elementor-element elementor-element-8vufse4c elementor-widget elementor-widget-heading\" data-id=\"8vufse4c\" data-element_type=\"widget\" data-e-type=\"widget\" data-widget_type=\"heading.default\">\n\t\t\t\t\t<div class=\"elementor-heading-title elementor-size-default\">Izgled<\/div>\t\t\t\t<\/div>\n\t\t\t\t<div class=\"elementor-element elementor-element-mwb9u015 elementor-widget elementor-widget-text-editor\" data-id=\"mwb9u015\" data-element_type=\"widget\" data-e-type=\"widget\" data-widget_type=\"text-editor.default\">\n\t\t\t\t\t\t\t\t\t<p>Marena se prikazuje kao lijepa, ali mra\u010dna \u017eena, \u010desto u tamnoj odje\u0107i s bijelom ili prosijedom kosom. Njezini atributi su snijeg, led, kosti, srp (\u017eetelica poput Parki) ili vatreni <span class=\"iwg-fachbegriff\" data-tooltip=\"Znak koji predstavlja neku predod\u017ebu ili zna\u010denje.\" tabindex=\"0\">simbol<\/span>. Ponekad se prikazuje krilata, \u010dime se nagla\u0161ava njezina brzina i neizbje\u017enost.<\/p><p>U narodnoj umjetnosti prikazuje se kao istovremeno zastra\u0161uju\u0107a i fascinantna. Boje su bijela (snijeg), crna (tama) i crvena (\u017eivot i vatra). Ikonografija je jeziva, ali ne pretjerano zla, vi\u0161e melankoli\u010dno-<span class=\"iwg-fachbegriff\" data-tooltip=\"Pripadnost bo\u017eanskom, \u010dime je izuzeto iz svakodnevne uporabe.\" tabindex=\"0\">sveta<\/span>.<\/p>\t\t\t\t\t\t\t\t<\/div>\n\t\t\t\t\t<\/div>\n\t\t\t\t<\/div>\n\t\t\t\t<\/div>\n\t\t<div class=\"elementor-element elementor-element-pemmx7c2 e-con-full e-flex e-con e-child\" data-id=\"pemmx7c2\" data-element_type=\"container\" data-e-type=\"container\">\n\t\t<div class=\"elementor-element elementor-element-37ss2yr6 iwg-steckbrief-card e-flex e-con-boxed e-con e-child\" data-id=\"37ss2yr6\" data-element_type=\"container\" data-e-type=\"container\">\n\t\t\t\t\t<div class=\"e-con-inner\">\n\t\t\t\t<div class=\"elementor-element elementor-element-3v0wp3wx elementor-widget elementor-widget-heading\" data-id=\"3v0wp3wx\" data-element_type=\"widget\" data-e-type=\"widget\" data-widget_type=\"heading.default\">\n\t\t\t\t\t<div class=\"elementor-heading-title elementor-size-default\">Djelovanje<\/div>\t\t\t\t<\/div>\n\t\t\t\t<div class=\"elementor-element elementor-element-w3247g2m elementor-widget elementor-widget-text-editor\" data-id=\"w3247g2m\" data-element_type=\"widget\" data-e-type=\"widget\" data-widget_type=\"text-editor.default\">\n\t\t\t\t\t\t\t\t\t<p><strong>Podru\u010dje djelovanja:<\/strong> Marena (poznata i kao Morena, Mara) simbolizira zimu, smrt i granicu izme\u0111u \u017eivota i onostranosti. Boginja je raspadanja i ponovnog ro\u0111enja, svake godine njezina se lutka spaljuje (ritual spaljivanja) da bi se protjerala zima i pozvalo prolje\u0107e.<\/p><p>Ja\u0161e na bijelim konjima kroz snijeg i led. Nije zla, ve\u0107 nu\u017ena, sila koja sve postavlja stariti i ponovno ra\u0111ati.<\/p>\t\t\t\t\t\t\t\t<\/div>\n\t\t\t\t\t<\/div>\n\t\t\t\t<\/div>\n\t\t<div class=\"elementor-element elementor-element-0qpjal9w iwg-steckbrief-card e-flex e-con-boxed e-con e-child\" data-id=\"0qpjal9w\" data-element_type=\"container\" data-e-type=\"container\">\n\t\t\t\t\t<div class=\"e-con-inner\">\n\t\t\t\t<div class=\"elementor-element elementor-element-6ndoih0o elementor-widget elementor-widget-heading\" data-id=\"6ndoih0o\" data-element_type=\"widget\" data-e-type=\"widget\" data-widget_type=\"heading.default\">\n\t\t\t\t\t<div class=\"elementor-heading-title elementor-size-default\">Za\u0161tita od Marene<\/div>\t\t\t\t<\/div>\n\t\t\t\t<div class=\"elementor-element elementor-element-6684tyh9 elementor-widget elementor-widget-text-editor\" data-id=\"6684tyh9\" data-element_type=\"widget\" data-e-type=\"widget\" data-widget_type=\"text-editor.default\">\n\t\t\t\t\t\t\t\t\t<p>Marena je kozmi\u010dka bo\u017eica, ni dobra ni zla, ve\u0107 nu\u017ena. \u0160tovanje se odvija kroz sezonske rituale kojima se priznaje njezina mo\u0107 i moli za blagu zimu ili brzi dolazak prolje\u0107a.<\/p><p>Marenin lutkarski <span class=\"iwg-fachbegriff\" data-tooltip=\"Ure\u0111en slijed simboli\u010dnih radnji s vjerskim ili kulturnim zna\u010denjem.\" tabindex=\"0\">ritual<\/span> (proslava poklada) bio je mje\u0161avina \u0161tovanja i simboli\u010dnog protjerivanja: lutka (Marena) spaljivala se ili bacala u vodu kako bi se okon\u010dala zima i prizvalo prolje\u0107e. Za\u0161titni rituali sastojali su se od vatrenih simbola i molitvi. \u0160tovanje je bilo kozmi\u010dko-cikli\u010dno i priznavalo je Marenu kao nu\u017enu silu u godi\u0161njem ciklusu, a ne kao neprijateljski entitet kojeg treba suzbijati.<\/p>\t\t\t\t\t\t\t\t<\/div>\n\t\t\t\t\t<\/div>\n\t\t\t\t<\/div>\n\t\t<div class=\"elementor-element elementor-element-3lfi7x32 iwg-steckbrief-card e-flex e-con-boxed e-con e-child\" data-id=\"3lfi7x32\" data-element_type=\"container\" data-e-type=\"container\">\n\t\t\t\t\t<div class=\"e-con-inner\">\n\t\t\t\t<div class=\"elementor-element elementor-element-0kg99ga1 elementor-widget elementor-widget-heading\" data-id=\"0kg99ga1\" data-element_type=\"widget\" data-e-type=\"widget\" data-widget_type=\"heading.default\">\n\t\t\t\t\t<div class=\"elementor-heading-title elementor-size-default\">Srodna bi\u0107a<\/div>\t\t\t\t<\/div>\n\t\t\t\t<div class=\"elementor-element elementor-element-n0fum6kp elementor-widget elementor-widget-text-editor\" data-id=\"n0fum6kp\" data-element_type=\"widget\" data-e-type=\"widget\" data-widget_type=\"text-editor.default\">\n\t\t\t\t\t\t\t\t\t<p>Usporedivi su drugi bogovi zime i smrti: Had ili Perzefona u gr\u010dko-rimskoj tradiciji (bogovi smrti), nordijska Hel (boginja podzemnog svijeta), Hekata u gr\u010dkoj <span class=\"iwg-fachbegriff\" data-tooltip=\"Ukupnost predanih pripovijesti o bogovima jedne kulture.\" tabindex=\"0\">mitologiji<\/span> (boginja pragova i smrti) i Kali u hinduizmu (boginja uni\u0161tenja i ponovnog ro\u0111enja). Svima je zajedni\u010dka ambivalentna priroda izme\u0111u razaranja i regeneracije, kao i cikli\u010dki aspekt.<\/p>\t\t\t\t\t\t\t\t<\/div>\n\t\t\t\t\t<\/div>\n\t\t\t\t<\/div>\n\t\t\t\t<\/div>\n\t\t\t\t<\/div>\n\t\t\t\t\t<\/div>\n\t\t\t\t<\/div>\n\t\t<div class=\"elementor-element elementor-element-5a584676 e-flex e-con-boxed e-con e-parent\" data-id=\"5a584676\" data-element_type=\"container\" data-e-type=\"container\">\n\t\t\t\t\t<div class=\"e-con-inner\">\n\t\t\t\t<div class=\"elementor-element elementor-element-6d0757bf elementor-widget elementor-widget-heading\" data-id=\"6d0757bf\" data-element_type=\"widget\" data-e-type=\"widget\" data-widget_type=\"heading.default\">\n\t\t\t\t\t<h2 class=\"elementor-heading-title elementor-size-default\">Marena, paralele u drugim kulturama<\/h2>\t\t\t\t<\/div>\n\t\t<div class=\"elementor-element elementor-element-60563f68 e-con-full e-flex e-con e-child\" data-id=\"60563f68\" data-element_type=\"container\" data-e-type=\"container\">\n\t\t\t\t<div class=\"elementor-element elementor-element-5a93fdd6 elementor-widget elementor-widget-text-editor\" data-id=\"5a93fdd6\" data-element_type=\"widget\" data-e-type=\"widget\" data-widget_type=\"text-editor.default\">\n\t\t\t\t\t\t\t\t\t<p>Marena se svrstava u niz sezonskih bo\u017eica smrti i obnove te kompozicijski nalikuje helenisti\u010dkoj Perzefoni i egipatskoj tuguju\u0107oj Izidi. Njezin zimsko-proljetni ciklus u slavenskom <span class=\"iwg-fachbegriff\" data-tooltip=\"Ukupnost tradicijskih obi\u010daja neke zajednice.\" tabindex=\"0\">obi\u010dajima<\/span> konkretno se <span class=\"iwg-fachbegriff\" data-tooltip=\"Ne\u0161to \u0161to pripada utvr\u0111enom religijskom obrednom slijedu.\" tabindex=\"0\">ritualno<\/span> provodi paljenjem ili utapanjem slamnate lutke, praksa koja u tom obliku nema izravnu usporedbu u mediteranskom prostoru.<\/p>\n<p><strong>\u017didovska tradicija:<\/strong> U judaizmu ne postoji izravna bo\u017eica zime ili smrti kao Marena. Bog JHVH kontrolira godi\u0161nja doba i smrt, ali nije antropomorfiziran kao \u017eenska bo\u017eica. Kabala ipak poznaje Binu kao \u201eMajku\u201d i kozmi\u010dku protivnicu (Gevura\/Strogost kao destruktivna strana), \u0161to nudi udaljenu konceptualnu paralelu.<\/p><p><strong>Gr\u010dko-rimski svijet:<\/strong> Perzefona kao kraljica podzemlja i <span class=\"iwg-fachbegriff\" data-tooltip=\"Znak koji zastupa neku ideju ili zna\u010denje.\" tabindex=\"0\">simbol<\/span> zime (pola godine pod zemljom) nalikuje Mareni. I Hekata je bo\u017eica tame i pragova. Razlika je u tome \u0161to su Perzefona i Hekata vi\u0161e mitolo\u0161ki likovi s ustaljenim ulogama nego kozmi\u010dke bo\u017eice ciklusa kao Marena. Hekata je \u010darobnica i \u010duvarica, a ne bo\u017eica godi\u0161njeg doba.<\/p><p><strong>Mezopotamija:<\/strong> Bo\u017eica Ere\u0161kigal vlada podzemljem (Kur), sli\u010dno Mareninoj vlasti nad zimom. Ali Ere\u0161kigal nije sezonska, ona je stati\u010dna u svojoj podzemnoj domeni. Nema aspekta ciklusa godi\u0161njih doba kao kod Marene.<\/p><p><strong>Indija\/Azija:<\/strong> Kali ili Durga u hinduizmu utjelovljuju razorno-obnavljaju\u0107u \u017eenskost sli\u010dno Mareni. U taoizmu postoji Yin (tamno, hladno) kao princip koji odgovara zimi, ali ne kao personificirana bo\u017eica. U japanskom <span class=\"iwg-fachbegriff\" data-tooltip=\"Religijski sustav u kojem specijalisti komuniciraju sa svijetom duhova.\" tabindex=\"0\">\u0161amanizmu<\/span> postoje podzemna bo\u017eanstva kao Izanami, povezana sa smr\u0107u. Svim ovim tradicijama zajedni\u010dka je \u017eenskost smrti i ciklus obnove.<\/p>\t\t\t\t\t\t\t\t<\/div>\n\t\t\t\t<\/div>\n\t\t\t\t\t<\/div>\n\t\t\t\t<\/div>\n\t\t<div class=\"elementor-element elementor-element-cpd5d54a1 e-flex e-con-boxed e-con e-parent\" data-id=\"cpd5d54a1\" data-element_type=\"container\" data-e-type=\"container\">\n\t\t\t\t\t<div class=\"e-con-inner\">\n\t\t\t\t<div class=\"elementor-element elementor-element-cpe274c99 elementor-widget elementor-widget-heading\" data-id=\"cpe274c99\" data-element_type=\"widget\" data-e-type=\"widget\" data-widget_type=\"heading.default\">\n\t\t\t\t\t<h2 class=\"elementor-heading-title elementor-size-default\">Problem izvora o slavenskom svijetu bogova<\/h2>\t\t\t\t<\/div>\n\t\t<div class=\"elementor-element elementor-element-cp7d012d9 e-con-full e-flex e-con e-child\" data-id=\"cp7d012d9\" data-element_type=\"container\" data-e-type=\"container\">\n\t\t\t\t<div class=\"elementor-element elementor-element-cp0032283 elementor-widget elementor-widget-text-editor\" data-id=\"cp0032283\" data-element_type=\"widget\" data-e-type=\"widget\" data-widget_type=\"text-editor.default\">\n\t\t\t\t\t\t\t\t\t<p>Onaj tko se pribli\u017eava Mareni, poznatoj i kao Morana, Mara ili Marzanna, mora prvo uzeti u obzir te\u0161ku situaciju s izvorima o slavenskoj religiji.<\/p><p>Pogani Slaveni nisu ostavili vlastite religijske tekstove, kristijanizacija se odvijala tijekom vi\u0161e stolje\u0107a, a ono \u0161to znamo o njihovim bogovima potje\u010de uglavnom iz tri vrste izvora: iz izvje\u0161taja kr\u0161\u0107anskih kroni\u010dara, iz kasnijih crkvenih spisa koji zabranjuju poganske obi\u010daje i iz folklorne <span class=\"iwg-fachbegriff\" data-tooltip=\"Preno\u0161enje znanja i pri\u010da kroz generacije.\" tabindex=\"0\">predaje<\/span> novijeg doba.<\/p><p>Za Marenu je srednjovjekovna potvrda oskudna. Za razliku od, primjerice, isto\u010dnoslavenskog Peruna, ona se u ranim kronikama rijetko spominje kao po\u0161tovano <span class=\"iwg-fachbegriff\" data-tooltip=\"Bi\u0107e koje se u nekoj religiji po\u0161tuje kao bo\u017eansko.\" tabindex=\"0\">bo\u017eanstvo<\/span>.<\/p><p>Ono \u0161to je o njoj poznato temelji se prije svega na kasnim izvorima iz zapadnoslavenskog prostora, posebice iz Poljske, \u010ce\u0161ke i Slova\u010dke, te na obi\u010dajima obilje\u017eavanja po\u010detka prolje\u0107a koji su se odr\u017eali do novijeg doba.<\/p><p>Va\u017ean, \u010desto citiran izvor je poljski kroni\u010dar Jan Dlugosz iz petnaestog stolje\u0107a, koji je u svojoj povijesti Poljske poku\u0161ao izjedna\u010diti stare slavenske bogove s rimskim bo\u017eanstvima. Takve u\u010dene konstrukcije treba uzeti s oprezom, jer slavensku gra\u0111u tuma\u010de kroz <span class=\"iwg-fachbegriff\" data-tooltip=\"Razdoblje gr\u010dke i rimske kulture, otprilike od 800. pr. Kr. do 600. po. Kr.\" tabindex=\"0\">anti\u010dku<\/span> prizmu.<\/p><p>Religijskoznanstvena posljedica jasna je. Sigurna, jedinstvena slika bo\u017eice Marene iz poganskog doba ne mo\u017ee se rekonstruirati. Sigurno je mogu\u0107e utvrditi prije svega ritualiziranu figuru proljetnog obi\u010daja, slamnatu lutku zvanu Marzanna ili Morena, koju iznose i uni\u0161tavaju.<\/p><p>Postoji li i u kojem obliku iza toga stoji stvarno po\u0161tovano <span class=\"iwg-fachbegriff\" data-tooltip=\"Bi\u0107e koje se u nekoj religiji po\u0161tuje kao bo\u017eansko.\" tabindex=\"0\">bo\u017eanstvo<\/span> poganskih Slavena, u znanosti je predmet spora. Ta nesigurnost dio je iskrenog prikaza ove figure.<\/p>\t\t\t\t\t\t\t\t<\/div>\n\t\t\t\t<\/div>\n\t\t\t\t\t<\/div>\n\t\t\t\t<\/div>\n\t\t<div class=\"elementor-element elementor-element-cpd610a66 e-flex e-con-boxed e-con e-parent\" data-id=\"cpd610a66\" data-element_type=\"container\" data-e-type=\"container\">\n\t\t\t\t\t<div class=\"e-con-inner\">\n\t\t\t\t<div class=\"elementor-element elementor-element-cp75c7cd5 elementor-widget elementor-widget-heading\" data-id=\"cp75c7cd5\" data-element_type=\"widget\" data-e-type=\"widget\" data-widget_type=\"heading.default\">\n\t\t\t\t\t<h2 class=\"elementor-heading-title elementor-size-default\">Izno\u0161enje Marzanne kao proljetni ritual<\/h2>\t\t\t\t<\/div>\n\t\t<div class=\"elementor-element elementor-element-cp5897b73 e-con-full e-flex e-con e-child\" data-id=\"cp5897b73\" data-element_type=\"container\" data-e-type=\"container\">\n\t\t\t\t<div class=\"elementor-element elementor-element-cpb48ef19 elementor-widget elementor-widget-text-editor\" data-id=\"cpb48ef19\" data-element_type=\"widget\" data-e-type=\"widget\" data-widget_type=\"text-editor.default\">\n\t\t\t\t\t\t\t\t\t<p>Marena je najsigurnije uhvatljiva u \u0161iroko rasprostranjenom zapadnoslavenskom <span class=\"iwg-fachbegriff\" data-tooltip=\"Predaja, radnja koja se u zajednici redovito ponavlja.\" tabindex=\"0\">obi\u010daju<\/span> proljetnog po\u010detka, koji se u Poljskoj, \u010ce\u0161koj, Slova\u010dkoj i susjednim podru\u010djima prakticira sve do danas.<\/p><p>U sredi\u0161tu je lutka od slame, \u010desto odjevena u \u017eensku odje\u0107u, nazvana Marzanna, Morena ili sli\u010dno. Ona utjelovljuje zimu, smrt i uko\u010denost hladnog godi\u0161njeg doba.<\/p><p>Taj se <span class=\"iwg-fachbegriff\" data-tooltip=\"Predaja, radnja koja se u zajednici redovito ponavlja.\" tabindex=\"0\">obi\u010daj<\/span> tradicionalno provodi oko astronomskog po\u010detka prolje\u0107a ili na \u010detvrtu korizmenu nedjelju. Zajednica, \u010desto djeca i mladi, nosi lutku u ophodu kroz selo i zatim izvan njega, \u010desto pjevaju\u0107i.<\/p><p>Na kraju se Marzanna uni\u0161tava, spaljuje se, baca u teku\u0107u vodu ili se oba postupka provode jedan za drugim. Na mnogim mjestima smatra se opasnim dotaknuti lutku dok tone ili se osvrnuti za njom dok se vra\u0107ate.<\/p><p>Izno\u0161enju Marzanne \u010desto se suprotstavlja drugi, obrnuti \u010din, do\u010dekivanje prolje\u0107a ili ljeta, simbolizirano zelenom granom, ukra\u0161enim drvcem ili drugom lutkom. Taj <span class=\"iwg-fachbegriff\" data-tooltip=\"Predaja, radnja koja se u zajednici redovito ponavlja.\" tabindex=\"0\">obi\u010daj<\/span> tako je dvodijelni <span class=\"iwg-fachbegriff\" data-tooltip=\"Ure\u0111en slijed simboli\u010dkih radnji s religijskim ili kulturnim zna\u010denjem.\" tabindex=\"0\">ritual<\/span>, smrt i hladna zima se protjeruju, a \u017eivot i topla godi\u0161nja doba se do\u010dekuju.<\/p><p>U folkloristici se ovaj <span class=\"iwg-fachbegriff\" data-tooltip=\"Predaja, radnja koja se u zajednici redovito ponavlja.\" tabindex=\"0\">obi\u010daj<\/span> tuma\u010di kao prijelazni i pro\u010di\u0161\u0107uju\u0107i ritual koji prati promjenu godi\u0161njih doba i <span class=\"iwg-fachbegriff\" data-tooltip=\"Onaj koji pripada utvr\u0111enom religijskom obredu.\" tabindex=\"0\">ritualno<\/span> joj poma\u017ee. Srednjovjekovna crkva borila se protiv izno\u0161enja takvih lutaka, \u0161to pokazuje da se <span class=\"iwg-fachbegriff\" data-tooltip=\"Predaja, radnja koja se u zajednici redovito ponavlja.\" tabindex=\"0\">obi\u010daj<\/span> smatrao <span class=\"iwg-fachbegriff\" data-tooltip=\"Iz kr\u0161\u0107anske perspektive: pripadaju\u0107i predkr\u0161\u0107anskoj ili nekr\u0161\u0107anskoj religiji.\" tabindex=\"0\">paganskim<\/span>, i ba\u0161 taj crkveni otpor jedan je od najva\u017enijih izvora za utvr\u0111ivanje njegove starosti.<\/p><p>Je li lutka izvorno prikazivala bo\u017eicu ili je od po\u010detka bila utjelovljenje zime, ne mo\u017ee se odlu\u010diti samo na temelju tog <span class=\"iwg-fachbegriff\" data-tooltip=\"Predaja, radnja koja se u zajednici redovito ponavlja.\" tabindex=\"0\">obi\u010daja<\/span>.<\/p>\t\t\t\t\t\t\t\t<\/div>\n\t\t\t\t<\/div>\n\t\t\t\t\t<\/div>\n\t\t\t\t<\/div>\n\t\t<div class=\"elementor-element elementor-element-cp212838e e-flex e-con-boxed e-con e-parent\" data-id=\"cp212838e\" data-element_type=\"container\" data-e-type=\"container\">\n\t\t\t\t\t<div class=\"e-con-inner\">\n\t\t\t\t<div class=\"elementor-element elementor-element-cp6060732 elementor-widget elementor-widget-heading\" data-id=\"cp6060732\" data-element_type=\"widget\" data-e-type=\"widget\" data-widget_type=\"heading.default\">\n\t\t\t\t\t<h2 class=\"elementor-heading-title elementor-size-default\">Marena kao bo\u017eica smrti i zimskog doba<\/h2>\t\t\t\t<\/div>\n\t\t<div class=\"elementor-element elementor-element-cp0bac407 e-con-full e-flex e-con e-child\" data-id=\"cp0bac407\" data-element_type=\"container\" data-e-type=\"container\">\n\t\t\t\t<div class=\"elementor-element elementor-element-cpc986f3f elementor-widget elementor-widget-text-editor\" data-id=\"cpc986f3f\" data-element_type=\"widget\" data-e-type=\"widget\" data-widget_type=\"text-editor.default\">\n\t\t\t\t\t\t\t\t\t<p>Iz proljetnog obi\u010daja i jezi\u010dnih naznaka istra\u017eivanje je rekonstruiralo sliku slavenske bo\u017eice smrti, zime i uko\u010denosti, pri \u010demu je uvijek potrebno naglasiti hipotetski karakter te rekonstrukcije.<\/p><p>Sam naziv daje upori\u0161te, pripada obitelji rije\u010di vezanih za indoeuropski korijen sa zna\u010denjem umrijeti, kojemu pripada i latinska rije\u010d <em>mors<\/em>, smrt, kao i rije\u010di za umor i mrtvace u razli\u010ditim jezicima. Tako\u0111er se raspravlja o vezi s no\u0107nim bi\u0107em koje priti\u0161\u0107e, slavenskom <em>marom<\/em> i germanskim morom.<\/p><p>Iz toga proizlazi tuma\u010denje Marene kao utjelovljenja \u017eivotu neprijateljskih sila, hladno\u0107e, tame, zastoja vegetacije i smrti. U tom se tuma\u010denju ona pojavljuje kao zimski protute\u017eak silama prolje\u0107a i plodnosti.<\/p><p>Neki su istra\u017eiva\u010di, prije svega u poljskoj i \u010de\u0161koj tradiciji, tuma\u010dili je kao ambivalentnu bo\u017eicu koja ne donosi samo strah, nego pripada i nu\u017enom kru\u017enom tijeku, jer bez zime nema prolje\u0107a, bez smrti nema obnove.<\/p><p>Kasniji, prije svega popularnoznanstveni i novopaganski prikazi, razradili su Marenu u potpuno oblikovanu bo\u017eicu smrti s utvr\u0111enom biografijom, srodstvom i funkcijom. Te su slike privla\u010dne, ali izvorno neutemeljene, i \u010desto unose vi\u0161e iz suvremenog svijeta predod\u017ebi nego iz srednjovjekovne <span class=\"iwg-fachbegriff\" data-tooltip=\"Preno\u0161enje znanja i pri\u010da kroz generacije.\" tabindex=\"0\">predaje<\/span> u tu figuru.<\/p><p>Ozbiljno znanstveno stajali\u0161te ostaje oprezno. Postoje dobri razlozi za pretpostavku da se iza tog <span class=\"iwg-fachbegriff\" data-tooltip=\"Predaja, radnja koja se u zajednici redovito ponavlja.\" tabindex=\"0\">obi\u010daja<\/span> i imena krije predod\u017eba o personificiranoj zimsko-smrtnoj sili.<\/p><p>Bo\u017eicu Marenu koja se \u0161tovala u okviru razra\u0111enog <span class=\"iwg-fachbegriff\" data-tooltip=\"Sveukupnost obrednih radnji po\u0161tovanja bo\u017eanstva ili svete osobe.\" tabindex=\"0\">kulta<\/span> s razvijenim <span class=\"iwg-fachbegriff\" data-tooltip=\"Predaja o bogovima, podrijetlu i poretku svijeta.\" tabindex=\"0\">mitom<\/span> ipak nije mogu\u0107e sigurno dokazati na temelju sa\u010duvanih izvora. Marena je time model za granice na\u0161eg znanja o slavenskoj religiji.<\/p>\t\t\t\t\t\t\t\t<\/div>\n\t\t\t\t<\/div>\n\t\t\t\t\t<\/div>\n\t\t\t\t<\/div>\n\t\t<div class=\"elementor-element elementor-element-36dd7469 e-flex e-con-boxed e-con e-parent\" data-id=\"36dd7469\" data-element_type=\"container\" data-e-type=\"container\">\n\t\t\t\t\t<div class=\"e-con-inner\">\n\t\t\t\t<div class=\"elementor-element elementor-element-13760ab4 elementor-widget elementor-widget-heading\" data-id=\"13760ab4\" data-element_type=\"widget\" data-e-type=\"widget\" data-widget_type=\"heading.default\">\n\t\t\t\t\t<h2 class=\"elementor-heading-title elementor-size-default\">Daljnje poveznice<\/h2>\t\t\t\t<\/div>\n\t\t<div class=\"elementor-element elementor-element-28c87796 e-con-full e-flex e-con e-child\" data-id=\"28c87796\" data-element_type=\"container\" data-e-type=\"container\">\n\t\t\t\t<div class=\"elementor-element elementor-element-5d6538df elementor-widget elementor-widget-text-editor\" data-id=\"5d6538df\" data-element_type=\"widget\" data-e-type=\"widget\" data-widget_type=\"text-editor.default\">\n\t\t\t\t\t\t\t\t\t<ul><li><a href=\"https:\/\/iwell-guard.com\/hr\/?page_id=149352\">Slavenske kulture<\/a><\/li><li><a href=\"https:\/\/iwell-guard.com\/hr\/?page_id=149500\">Perun, grom i novi po\u010detak<\/a><\/li><li><a href=\"https:\/\/iwell-guard.com\/hr\/?page_id=149456\">Hel, germanska bo\u017eica podzemnog svijeta<\/a><\/li><li><a href=\"https:\/\/iwell-guard.com\/hr\/?page_id=149452\">Had, gr\u010dki bog podzemlja<\/a><\/li><\/ul>\t\t\t\t\t\t\t\t<\/div>\n\t\t\t\t<\/div>\n\t\t\t\t\t<\/div>\n\t\t\t\t<\/div>\n\t\t<div class=\"elementor-element elementor-element-grl4kl40 e-flex e-con-boxed e-con e-parent\" data-id=\"grl4kl40\" data-element_type=\"container\" data-e-type=\"container\">\n\t\t\t\t\t<div class=\"e-con-inner\">\n\t\t\t\t<div class=\"elementor-element elementor-element-bzsbfrmh elementor-widget elementor-widget-heading\" data-id=\"bzsbfrmh\" data-element_type=\"widget\" data-e-type=\"widget\" data-widget_type=\"heading.default\">\n\t\t\t\t\t<h2 class=\"elementor-heading-title elementor-size-default\">Znanstvena literatura<\/h2>\t\t\t\t<\/div>\n\t\t<div class=\"elementor-element elementor-element-2c13224a e-con-full e-flex e-con e-child\" data-id=\"2c13224a\" data-element_type=\"container\" data-e-type=\"container\">\n\t\t\t\t<div class=\"elementor-element elementor-element-0eymh9ub elementor-widget elementor-widget-text-editor\" data-id=\"0eymh9ub\" data-element_type=\"widget\" data-e-type=\"widget\" data-widget_type=\"text-editor.default\">\n\t\t\t\t\t\t\t\t\t<footer class=\"iwg-literatur\" data-nosnippet=\"true\"><ul><li><span data-nosnippet>Ivanits, Linda: <em>Russian Folk Belief<\/em>. M.E. Sharpe, 1989.<\/span><\/li><li><span data-nosnippet>Hubbs, Joanna: <em>Mother Russia. The Feminine Myth in Russian Culture<\/em>. Indiana University Press, 1988.<\/span><\/li><li><span data-nosnippet>Gimbutas, Marija: <em>The Goddesses and Gods of Old Europe<\/em>. Thames and Hudson, 1982.<\/span><\/li><li><span data-nosnippet>Roux, Valentina: <em>Ancient Slavic Religion<\/em>. Routledge, 1999.<\/span><\/li><\/ul><\/footer>\t\t\t\t\t\t\t\t<\/div>\n\t\t\t\t<\/div>\n\t\t\t\t\t<\/div>\n\t\t\t\t<\/div>\n\t\t\t\t<\/div>\n\t\t","protected":false},"excerpt":{"rendered":"","protected":false},"author":3,"featured_media":1649,"parent":0,"menu_order":0,"comment_status":"closed","ping_status":"closed","template":"elementor_header_footer","meta":{"_yoast_wpseo_focuskw":"Marena","_yoast_wpseo_title":"Marena - Ona utjelovljuje tamno godi\u0161nje doba i smrt","_yoast_wpseo_metadesc":"Marena, slavenska bo\u017eica zime i smrti. Ritual otapanja u prolje\u0107e, njezino spaljivanje kao masleni\u010dki obi\u010daj i srodnost s Moranom.","_yoast_wpseo_meta-robots-noindex":"","_yoast_wpseo_canonical":"","_angie_page":false,"gefaehrdungsstufe":"3","wesen_kultur":"slawisch","wesen_klasse":"goetter","footnotes":""},"categories":[],"class_list":["post-149555","page","type-page","status-publish","has-post-thumbnail","hentry"],"yoast_head":"<!-- This site is optimized with the Yoast SEO Premium plugin v27.7 (Yoast SEO v28.3) - https:\/\/yoast.com\/product\/yoast-seo-premium-wordpress\/ -->\n<title>Marena - Ona utjelovljuje tamno godi\u0161nje doba i smrt<\/title>\n<meta name=\"description\" content=\"Marena, slavenska bo\u017eica zime i smrti. Ritual otapanja u prolje\u0107e, njezino spaljivanje kao masleni\u010dki obi\u010daj i srodnost s Moranom.\" \/>\n<meta name=\"robots\" content=\"index, follow, max-snippet:-1, max-image-preview:large, max-video-preview:-1\" \/>\n<link rel=\"canonical\" href=\"https:\/\/iwell-guard.com\/hr\/marena\/\" \/>\n<meta property=\"og:locale\" content=\"hr_HR\" \/>\n<meta property=\"og:type\" content=\"article\" \/>\n<meta property=\"og:title\" content=\"Marena\" \/>\n<meta property=\"og:description\" content=\"Marena, slavenska bo\u017eica zime i smrti. Ritual otapanja u prolje\u0107e, njezino spaljivanje kao masleni\u010dki obi\u010daj i srodnost s Moranom.\" \/>\n<meta property=\"og:url\" content=\"https:\/\/iwell-guard.com\/hr\/marena\/\" \/>\n<meta property=\"og:site_name\" content=\"iWell Guard\" \/>\n<meta property=\"article:modified_time\" content=\"2026-09-04T05:26:31+00:00\" \/>\n<meta property=\"og:image\" content=\"https:\/\/iwell-guard.com\/wp-content\/uploads\/2026\/04\/goetter_slawisch_marena.webp\" \/>\n\t<meta property=\"og:image:width\" content=\"1024\" \/>\n\t<meta property=\"og:image:height\" content=\"1536\" \/>\n\t<meta property=\"og:image:type\" content=\"image\/webp\" \/>\n<meta name=\"twitter:card\" content=\"summary_large_image\" \/>\n<script type=\"application\/ld+json\" class=\"yoast-schema-graph\">{\"@context\":\"https:\\\/\\\/schema.org\",\"@graph\":[{\"@type\":\"WebPage\",\"@id\":\"https:\\\/\\\/iwell-guard.com\\\/hr\\\/marena\\\/\",\"url\":\"https:\\\/\\\/iwell-guard.com\\\/hr\\\/marena\\\/\",\"name\":\"Marena - Ona utjelovljuje tamno godi\u0161nje doba i smrt\",\"isPartOf\":{\"@id\":\"https:\\\/\\\/iwell-guard.com\\\/hr\\\/#website\"},\"primaryImageOfPage\":{\"@id\":\"https:\\\/\\\/iwell-guard.com\\\/hr\\\/marena\\\/#primaryimage\"},\"image\":{\"@id\":\"https:\\\/\\\/iwell-guard.com\\\/hr\\\/marena\\\/#primaryimage\"},\"thumbnailUrl\":\"https:\\\/\\\/iwell-guard.com\\\/wp-content\\\/uploads\\\/2026\\\/04\\\/goetter_slawisch_marena.webp\",\"datePublished\":\"2026-09-04T05:11:33+00:00\",\"dateModified\":\"2026-09-04T05:26:31+00:00\",\"description\":\"Marena, slavenska bo\u017eica zime i smrti. Ritual otapanja u prolje\u0107e, njezino spaljivanje kao masleni\u010dki obi\u010daj i srodnost s Moranom.\",\"breadcrumb\":{\"@id\":\"https:\\\/\\\/iwell-guard.com\\\/hr\\\/marena\\\/#breadcrumb\"},\"inLanguage\":\"hr\",\"potentialAction\":[{\"@type\":\"ReadAction\",\"target\":[\"https:\\\/\\\/iwell-guard.com\\\/hr\\\/marena\\\/\"]}]},{\"@type\":\"ImageObject\",\"inLanguage\":\"hr\",\"@id\":\"https:\\\/\\\/iwell-guard.com\\\/hr\\\/marena\\\/#primaryimage\",\"url\":\"https:\\\/\\\/iwell-guard.com\\\/wp-content\\\/uploads\\\/2026\\\/04\\\/goetter_slawisch_marena.webp\",\"contentUrl\":\"https:\\\/\\\/iwell-guard.com\\\/wp-content\\\/uploads\\\/2026\\\/04\\\/goetter_slawisch_marena.webp\",\"width\":1024,\"height\":1536,\"caption\":\"Bogovi iz slavenske tradicije.\"},{\"@type\":\"BreadcrumbList\",\"@id\":\"https:\\\/\\\/iwell-guard.com\\\/hr\\\/marena\\\/#breadcrumb\",\"itemListElement\":[{\"@type\":\"ListItem\",\"position\":1,\"name\":\"Start\",\"item\":\"https:\\\/\\\/iwell-guard.com\\\/hr\\\/?page_id=149317\"},{\"@type\":\"ListItem\",\"position\":2,\"name\":\"Marena\"}]},{\"@type\":\"WebSite\",\"@id\":\"https:\\\/\\\/iwell-guard.com\\\/hr\\\/#website\",\"url\":\"https:\\\/\\\/iwell-guard.com\\\/hr\\\/\",\"name\":\"iWell Guard\",\"description\":\"Schutz vor dunklen Einfl\u00fcssen\",\"publisher\":{\"@id\":\"https:\\\/\\\/iwell-guard.com\\\/hr\\\/#organization\"},\"potentialAction\":[{\"@type\":\"SearchAction\",\"target\":{\"@type\":\"EntryPoint\",\"urlTemplate\":\"https:\\\/\\\/iwell-guard.com\\\/hr\\\/?s={search_term_string}\"},\"query-input\":{\"@type\":\"PropertyValueSpecification\",\"valueRequired\":true,\"valueName\":\"search_term_string\"}}],\"inLanguage\":\"hr\"},{\"@type\":\"Organization\",\"@id\":\"https:\\\/\\\/iwell-guard.com\\\/hr\\\/#organization\",\"name\":\"Ittermann electronic GmbH\",\"url\":\"https:\\\/\\\/iwell-guard.com\\\/hr\\\/\",\"logo\":{\"@type\":\"ImageObject\",\"inLanguage\":\"hr\",\"@id\":\"https:\\\/\\\/iwell-guard.com\\\/hr\\\/#\\\/schema\\\/logo\\\/image\\\/\",\"url\":\"https:\\\/\\\/iwell-guard.com\\\/wp-content\\\/uploads\\\/2026\\\/05\\\/Ittermann-Logo-1182x237-1.png\",\"contentUrl\":\"https:\\\/\\\/iwell-guard.com\\\/wp-content\\\/uploads\\\/2026\\\/05\\\/Ittermann-Logo-1182x237-1.png\",\"width\":1182,\"height\":237,\"caption\":\"Ittermann electronic GmbH\"},\"image\":{\"@id\":\"https:\\\/\\\/iwell-guard.com\\\/hr\\\/#\\\/schema\\\/logo\\\/image\\\/\"},\"sameAs\":[\"https:\\\/\\\/pantip.com\\\/profile\\\/9367242\",\"https:\\\/\\\/micro.blog\\\/iwellguard\",\"https:\\\/\\\/www.diggerslist.com\\\/iwellguard\\\/about\",\"https:\\\/\\\/skitterphoto.com\\\/photographers\\\/2870314\\\/iwell-guard\",\"https:\\\/\\\/iwellguard.wordpress.com\\\/2026\\\/06\\\/06\\\/iwell-guard\\\/\",\"https:\\\/\\\/hub.docker.com\\\/u\\\/iwellguard\",\"https:\\\/\\\/www.pinterest.com\\\/iwellguard\\\/\",\"https:\\\/\\\/bit.ly\\\/m\\\/iwellguard\",\"https:\\\/\\\/entre-vos-mains.alsace.eu\\\/profiles\\\/iwellguard\\\/activity\",\"https:\\\/\\\/gravatar.com\\\/reallybeded8fd34\",\"https:\\\/\\\/naijamatta.com\\\/iwellguard\",\"https:\\\/\\\/www.goodreads.com\\\/iwellguard\",\"https:\\\/\\\/profile.hatena.ne.jp\\\/iwellguard\\\/\",\"https:\\\/\\\/experiment.com\\\/users\\\/iwellguard\",\"https:\\\/\\\/wakelet.com\\\/@iWellGuard82270\",\"https:\\\/\\\/www.chordie.com\\\/forum\\\/profile.php?id=2555664\",\"https:\\\/\\\/www.instapaper.com\\\/p\\\/17757966\",\"https:\\\/\\\/www.mapleprimes.com\\\/users\\\/iwellguard\",\"https:\\\/\\\/businesslistingplus.com\\\/profile\\\/iwell-guard\\\/\",\"https:\\\/\\\/telegra.ph\\\/iWell-Guard-06-06\",\"https:\\\/\\\/pbase.com\\\/iwellguard\\\/iwellguard\",\"https:\\\/\\\/b.hatena.ne.jp\\\/iwellguard\\\/20260607#bookmark-4788405196491818882\",\"https:\\\/\\\/fliphtml5.com\\\/home\\\/iwellguard\",\"https:\\\/\\\/anyflip.com\\\/homepage\\\/cmiwl#About\",\"https:\\\/\\\/transfur.com\\\/Users\\\/iwellguard\",\"http:\\\/\\\/delphi.larsbo.org\\\/user\\\/iwellguard\",\"https:\\\/\\\/jobs.lajobsportal.org\\\/profiles\\\/8380803-iwell-guard\",\"https:\\\/\\\/md.chaosdorf.de\\\/s\\\/jfbe5SBdJD\",\"https:\\\/\\\/www.lingvolive.com\\\/en-us\\\/profile\\\/9ecaeaca-ce11-4e51-9e71-01d55e2bff36\\\/translations\",\"https:\\\/\\\/www.fitday.com\\\/fitness\\\/forums\\\/members\\\/iwellguard.html\",\"https:\\\/\\\/www.mymeetbook.com\\\/iwellguard\",\"https:\\\/\\\/pxhere.com\\\/en\\\/photographer-me\\\/5040798\",\"https:\\\/\\\/disqus.com\\\/by\\\/iwellguard\\\/about\\\/\",\"https:\\\/\\\/pastelink.net\\\/hjwciqwq\",\"https:\\\/\\\/pubhtml5.com\\\/homepage\\\/scjhn\\\/\",\"https:\\\/\\\/www.bitchute.com\\\/channel\\\/2O2eOKzNqujT\",\"https:\\\/\\\/audiomack.com\\\/iwellguard\"]},{\"@type\":\"Article\",\"@id\":\"https:\\\/\\\/iwell-guard.com\\\/hr\\\/marena\\\/#article\",\"isPartOf\":{\"@id\":\"https:\\\/\\\/iwell-guard.com\\\/hr\\\/marena\\\/\"},\"author\":{\"name\":\"Ralf Ittermann\",\"@id\":\"https:\\\/\\\/iwell-guard.com\\\/hr\\\/#\\\/schema\\\/person\\\/ee2a27f1cac3406c7c6fb5820cb7349f\"},\"headline\":\"Marena\",\"datePublished\":\"2026-09-04T05:11:33+00:00\",\"dateModified\":\"2026-09-04T05:26:31+00:00\",\"mainEntityOfPage\":{\"@id\":\"https:\\\/\\\/iwell-guard.com\\\/hr\\\/marena\\\/\"},\"publisher\":{\"@id\":\"https:\\\/\\\/iwell-guard.com\\\/hr\\\/#organization\"},\"image\":{\"@id\":\"https:\\\/\\\/iwell-guard.com\\\/hr\\\/marena\\\/#primaryimage\"},\"thumbnailUrl\":\"https:\\\/\\\/iwell-guard.com\\\/wp-content\\\/uploads\\\/2026\\\/04\\\/goetter_slawisch_marena.webp\",\"inLanguage\":\"hr\",\"description\":\"Marena, slavenska bo\u017eica zime i smrti. Ritual otapanja u prolje\u0107e, njezino spaljivanje kao masleni\u010dki obi\u010daj i srodnost s Moranom.\"}]}<\/script>\n<!-- \/ Yoast SEO Premium plugin. -->","yoast_head_json":{"title":"Marena - Ona utjelovljuje tamno godi\u0161nje doba i smrt","description":"Marena, slavenska bo\u017eica zime i smrti. Ritual otapanja u prolje\u0107e, njezino spaljivanje kao masleni\u010dki obi\u010daj i srodnost s Moranom.","robots":{"index":"index","follow":"follow","max-snippet":"max-snippet:-1","max-image-preview":"max-image-preview:large","max-video-preview":"max-video-preview:-1"},"canonical":"https:\/\/iwell-guard.com\/hr\/marena\/","og_locale":"hr_HR","og_type":"article","og_title":"Marena","og_description":"Marena, slavenska bo\u017eica zime i smrti. Ritual otapanja u prolje\u0107e, njezino spaljivanje kao masleni\u010dki obi\u010daj i srodnost s Moranom.","og_url":"https:\/\/iwell-guard.com\/hr\/marena\/","og_site_name":"iWell Guard","article_modified_time":"2026-09-04T05:26:31+00:00","og_image":[{"width":1024,"height":1536,"url":"https:\/\/iwell-guard.com\/wp-content\/uploads\/2026\/04\/goetter_slawisch_marena.webp","type":"image\/webp"}],"twitter_card":"summary_large_image","schema":{"@context":"https:\/\/schema.org","@graph":[{"@type":"Article","@id":"https:\/\/iwell-guard.com\/hr\/marena\/#article","isPartOf":{"@id":"https:\/\/iwell-guard.com\/hr\/marena\/"},"author":{"name":"Ralf Ittermann","@id":"https:\/\/iwell-guard.com\/hr\/#\/schema\/person\/ee2a27f1cac3406c7c6fb5820cb7349f"},"headline":"Marena","datePublished":"2026-09-04T05:11:33+00:00","dateModified":"2026-09-04T05:26:31+00:00","mainEntityOfPage":{"@id":"https:\/\/iwell-guard.com\/hr\/marena\/"},"publisher":{"@id":"https:\/\/iwell-guard.com\/hr\/#organization"},"image":{"@id":"https:\/\/iwell-guard.com\/hr\/marena\/#primaryimage"},"thumbnailUrl":"https:\/\/iwell-guard.com\/wp-content\/uploads\/2026\/04\/goetter_slawisch_marena.webp","inLanguage":"hr","description":"Marena, slavenska bo\u017eica zime i smrti. Ritual otapanja u prolje\u0107e, njezino spaljivanje kao masleni\u010dki obi\u010daj i srodnost s Moranom."},{"@type":"WebPage","@id":"https:\/\/iwell-guard.com\/hr\/marena\/","url":"https:\/\/iwell-guard.com\/hr\/marena\/","name":"Marena - Ona utjelovljuje tamno godi\u0161nje doba i smrt","isPartOf":{"@id":"https:\/\/iwell-guard.com\/hr\/#website"},"primaryImageOfPage":{"@id":"https:\/\/iwell-guard.com\/hr\/marena\/#primaryimage"},"image":{"@id":"https:\/\/iwell-guard.com\/hr\/marena\/#primaryimage"},"thumbnailUrl":"https:\/\/iwell-guard.com\/wp-content\/uploads\/2026\/04\/goetter_slawisch_marena.webp","datePublished":"2026-09-04T05:11:33+00:00","dateModified":"2026-09-04T05:26:31+00:00","description":"Marena, slavenska bo\u017eica zime i smrti. Ritual otapanja u prolje\u0107e, njezino spaljivanje kao masleni\u010dki obi\u010daj i srodnost s Moranom.","breadcrumb":{"@id":"https:\/\/iwell-guard.com\/hr\/marena\/#breadcrumb"},"inLanguage":"hr","potentialAction":[{"@type":"ReadAction","target":["https:\/\/iwell-guard.com\/hr\/marena\/"]}]},{"@type":"ImageObject","inLanguage":"hr","@id":"https:\/\/iwell-guard.com\/hr\/marena\/#primaryimage","url":"https:\/\/iwell-guard.com\/wp-content\/uploads\/2026\/04\/goetter_slawisch_marena.webp","contentUrl":"https:\/\/iwell-guard.com\/wp-content\/uploads\/2026\/04\/goetter_slawisch_marena.webp","width":1024,"height":1536,"caption":"Bogovi iz slavenske tradicije."},{"@type":"BreadcrumbList","@id":"https:\/\/iwell-guard.com\/hr\/marena\/#breadcrumb","itemListElement":[{"@type":"ListItem","position":1,"name":"Start","item":"https:\/\/iwell-guard.com\/hr\/?page_id=149317"},{"@type":"ListItem","position":2,"name":"Marena"}]},{"@type":"WebSite","@id":"https:\/\/iwell-guard.com\/hr\/#website","url":"https:\/\/iwell-guard.com\/hr\/","name":"iWell Guard","description":"Schutz vor dunklen Einfl\u00fcssen","publisher":{"@id":"https:\/\/iwell-guard.com\/hr\/#organization"},"potentialAction":[{"@type":"SearchAction","target":{"@type":"EntryPoint","urlTemplate":"https:\/\/iwell-guard.com\/hr\/?s={search_term_string}"},"query-input":{"@type":"PropertyValueSpecification","valueRequired":true,"valueName":"search_term_string"}}],"inLanguage":"hr"},{"@type":"Organization","@id":"https:\/\/iwell-guard.com\/hr\/#organization","name":"Ittermann electronic GmbH","url":"https:\/\/iwell-guard.com\/hr\/","logo":{"@type":"ImageObject","inLanguage":"hr","@id":"https:\/\/iwell-guard.com\/hr\/#\/schema\/logo\/image\/","url":"https:\/\/iwell-guard.com\/wp-content\/uploads\/2026\/05\/Ittermann-Logo-1182x237-1.png","contentUrl":"https:\/\/iwell-guard.com\/wp-content\/uploads\/2026\/05\/Ittermann-Logo-1182x237-1.png","width":1182,"height":237,"caption":"Ittermann electronic GmbH"},"image":{"@id":"https:\/\/iwell-guard.com\/hr\/#\/schema\/logo\/image\/"},"sameAs":["https:\/\/pantip.com\/profile\/9367242","https:\/\/micro.blog\/iwellguard","https:\/\/www.diggerslist.com\/iwellguard\/about","https:\/\/skitterphoto.com\/photographers\/2870314\/iwell-guard","https:\/\/iwellguard.wordpress.com\/2026\/06\/06\/iwell-guard\/","https:\/\/hub.docker.com\/u\/iwellguard","https:\/\/www.pinterest.com\/iwellguard\/","https:\/\/bit.ly\/m\/iwellguard","https:\/\/entre-vos-mains.alsace.eu\/profiles\/iwellguard\/activity","https:\/\/gravatar.com\/reallybeded8fd34","https:\/\/naijamatta.com\/iwellguard","https:\/\/www.goodreads.com\/iwellguard","https:\/\/profile.hatena.ne.jp\/iwellguard\/","https:\/\/experiment.com\/users\/iwellguard","https:\/\/wakelet.com\/@iWellGuard82270","https:\/\/www.chordie.com\/forum\/profile.php?id=2555664","https:\/\/www.instapaper.com\/p\/17757966","https:\/\/www.mapleprimes.com\/users\/iwellguard","https:\/\/businesslistingplus.com\/profile\/iwell-guard\/","https:\/\/telegra.ph\/iWell-Guard-06-06","https:\/\/pbase.com\/iwellguard\/iwellguard","https:\/\/b.hatena.ne.jp\/iwellguard\/20260607#bookmark-4788405196491818882","https:\/\/fliphtml5.com\/home\/iwellguard","https:\/\/anyflip.com\/homepage\/cmiwl#About","https:\/\/transfur.com\/Users\/iwellguard","http:\/\/delphi.larsbo.org\/user\/iwellguard","https:\/\/jobs.lajobsportal.org\/profiles\/8380803-iwell-guard","https:\/\/md.chaosdorf.de\/s\/jfbe5SBdJD","https:\/\/www.lingvolive.com\/en-us\/profile\/9ecaeaca-ce11-4e51-9e71-01d55e2bff36\/translations","https:\/\/www.fitday.com\/fitness\/forums\/members\/iwellguard.html","https:\/\/www.mymeetbook.com\/iwellguard","https:\/\/pxhere.com\/en\/photographer-me\/5040798","https:\/\/disqus.com\/by\/iwellguard\/about\/","https:\/\/pastelink.net\/hjwciqwq","https:\/\/pubhtml5.com\/homepage\/scjhn\/","https:\/\/www.bitchute.com\/channel\/2O2eOKzNqujT","https:\/\/audiomack.com\/iwellguard"]},{"@type":"Person","@id":"https:\/\/iwell-guard.com\/hr\/#\/schema\/person\/ee2a27f1cac3406c7c6fb5820cb7349f","name":"Ralf Ittermann","image":{"@type":"ImageObject","inLanguage":"hr","@id":"https:\/\/secure.gravatar.com\/avatar\/073c0153e350a5005b68eb752b445fea71f6b24a26da9449ad7e155e6b446c9d?s=96&d=mm&r=g","url":"https:\/\/secure.gravatar.com\/avatar\/073c0153e350a5005b68eb752b445fea71f6b24a26da9449ad7e155e6b446c9d?s=96&d=mm&r=g","contentUrl":"https:\/\/secure.gravatar.com\/avatar\/073c0153e350a5005b68eb752b445fea71f6b24a26da9449ad7e155e6b446c9d?s=96&d=mm&r=g","caption":"Ralf Ittermann"},"givenName":"Ralf","familyName":"Ittermann","jobTitle":"Gesch\u00e4ftsf\u00fchrer und redaktioneller Verantwortlicher","url":"https:\/\/iwell-guard.com\/hr\/author\/claude\/","description":"Ralf Ittermann ist Gesch\u00e4ftsf\u00fchrer der Ittermann electronic GmbH und redaktioneller Verantwortlicher des iWell-Guard-Lexikons. Er verbindet langj\u00e4hrige Erfahrung in der Pr\u00e4zisionsfertigung mit medialer Praxis und religionsgeschichtlicher Quellenarbeit.","worksFor":{"@type":"Organization","name":"Ittermann electronic GmbH","url":"https:\/\/ittermann.de\/","address":{"@type":"PostalAddress","streetAddress":"K\u00f6hlergasse 16-18","postalCode":"99842","addressLocality":"Ruhla","addressCountry":"DE"}},"knowsAbout":["Religionsgeschichte","Mythologie","Mediale Praxis","Energetische Diagnostik","Schutzpraxis","Volksglauben","Westliche Esoterik"]},{"@type":"Article","@id":"https:\/\/iwell-guard.com\/hr\/marena\/#article","isPartOf":{"@id":"https:\/\/iwell-guard.com\/hr\/marena\/"},"author":{"name":"Ralf Ittermann","@id":"https:\/\/iwell-guard.com\/hr\/#\/schema\/person\/ee2a27f1cac3406c7c6fb5820cb7349f"},"headline":"Marena","datePublished":"2026-09-04T05:11:33+00:00","dateModified":"2026-09-04T05:26:31+00:00","mainEntityOfPage":{"@id":"https:\/\/iwell-guard.com\/hr\/marena\/"},"publisher":{"@id":"https:\/\/iwell-guard.com\/hr\/#organization"},"image":{"@id":"https:\/\/iwell-guard.com\/hr\/marena\/#primaryimage"},"thumbnailUrl":"https:\/\/iwell-guard.com\/wp-content\/uploads\/2026\/04\/goetter_slawisch_marena.webp","inLanguage":"hr","description":"Marena, slavenska bo\u017eica zime i smrti. Ritual otapanja u prolje\u0107e, njezino spaljivanje kao masleni\u010dki obi\u010daj i srodnost s Moranom."}]}},"_links":{"self":[{"href":"https:\/\/iwell-guard.com\/hr\/wp-json\/wp\/v2\/pages\/149555","targetHints":{"allow":["GET"]}}],"collection":[{"href":"https:\/\/iwell-guard.com\/hr\/wp-json\/wp\/v2\/pages"}],"about":[{"href":"https:\/\/iwell-guard.com\/hr\/wp-json\/wp\/v2\/types\/page"}],"author":[{"embeddable":true,"href":"https:\/\/iwell-guard.com\/hr\/wp-json\/wp\/v2\/users\/3"}],"replies":[{"embeddable":true,"href":"https:\/\/iwell-guard.com\/hr\/wp-json\/wp\/v2\/comments?post=149555"}],"version-history":[{"count":0,"href":"https:\/\/iwell-guard.com\/hr\/wp-json\/wp\/v2\/pages\/149555\/revisions"}],"wp:featuredmedia":[{"embeddable":true,"href":"https:\/\/iwell-guard.com\/hr\/wp-json\/wp\/v2\/media\/1649"}],"wp:attachment":[{"href":"https:\/\/iwell-guard.com\/hr\/wp-json\/wp\/v2\/media?parent=149555"}],"wp:term":[{"taxonomy":"category","embeddable":true,"href":"https:\/\/iwell-guard.com\/hr\/wp-json\/wp\/v2\/categories?post=149555"}],"curies":[{"name":"wp","href":"https:\/\/api.w.org\/{rel}","templated":true}]}}