{"id":149554,"date":"2026-09-04T05:11:33","date_gmt":"2026-09-04T05:11:33","guid":{"rendered":"https:\/\/iwell-guard.com\/?page_id=149554"},"modified":"2026-09-04T05:26:27","modified_gmt":"2026-09-04T05:26:27","slug":"frigg","status":"publish","type":"page","link":"https:\/\/iwell-guard.com\/hr\/frigg\/","title":{"rendered":"Frigg"},"content":{"rendered":"\t\t<div data-elementor-type=\"wp-page\" data-elementor-id=\"149554\" class=\"elementor elementor-149554 elementor-2098 elementor-bc-flex-widget\" data-elementor-post-type=\"page\">\n\t\t\t\t<div class=\"elementor-element elementor-element-10fdade e-flex e-con-boxed e-con e-parent\" data-id=\"10fdade\" data-element_type=\"container\" data-e-type=\"container\" data-settings=\"{&quot;background_background&quot;:&quot;classic&quot;}\">\n\t\t\t\t\t<div class=\"e-con-inner\">\n\t\t<div class=\"elementor-element elementor-element-herohlft0 e-flex e-con-boxed e-con e-child\" data-id=\"herohlft0\" data-element_type=\"container\" data-e-type=\"container\">\n\t\t\t\t\t<div class=\"e-con-inner\">\n\t\t<div class=\"elementor-element elementor-element-c3ceb64 e-con-full e-flex e-con e-child\" data-id=\"c3ceb64\" data-element_type=\"container\" data-e-type=\"container\">\n\t\t\t\t<div class=\"elementor-element elementor-element-96ae5e1 elementor-widget elementor-widget-heading\" data-id=\"96ae5e1\" data-element_type=\"widget\" data-e-type=\"widget\" data-widget_type=\"heading.default\">\n\t\t\t\t\t<h1 class=\"elementor-heading-title elementor-size-default\">Frigg, boginja germanske tradicije<\/h1>\t\t\t\t<\/div>\n\t\t\t\t<div class=\"elementor-element elementor-element-e45238a elementor-widget elementor-widget-text-editor\" data-id=\"e45238a\" data-element_type=\"widget\" data-e-type=\"widget\" data-widget_type=\"text-editor.default\">\n\t\t\t\t\t\t\t\t\t<p>Vrhovna boginja germanske <span class=\"iwg-fachbegriff\" data-tooltip=\"Ukupnost predanih pripovijesti o bogovima jedne kulture.\" tabindex=\"0\">mitologije<\/span>, Odinova supruga, majka Baldera. Frigg se u nordijskim izvorima smatra najvi\u0161om boginjom obitelji Asa i vladarkom Fensalira. Ona predstavlja brak, maj\u010dinstvo i uredno ku\u0107no gospodarstvo, a istovremeno posjeduje dar da vidi sudbinu, o kojoj ipak ne govori.<\/p>\t\t\t\t\t\t\t\t<\/div>\n\t\t\t\t<\/div>\n\t\t<div class=\"elementor-element elementor-element-klsbdg01 e-con-full e-flex e-con e-parent\" data-id=\"klsbdg01\" data-element_type=\"container\" data-e-type=\"container\">\n\t\t\t\t<div class=\"elementor-element elementor-element-klshtm01 elementor-widget elementor-widget-html\" data-id=\"klshtm01\" data-element_type=\"widget\" data-e-type=\"widget\" data-widget_type=\"html.default\">\n\t\t\t\t\t<div class=\"iwg-pill-row\"><span class=\"iwg-klasse-badge\" tabindex=\"0\" data-tooltip=\"Bog \/ Boginja: Personificirana najvi\u0161a mo\u0107 u panteonu jedne kulture, s jasnim nadle\u017enostima \u2013 prirodnim silama, sudbinom, ratom, plodno\u0161\u0107u. Po\u0161tovana kroz kultove, \u017ertve i hramske institucije.\">Boginja<\/span><a href=\"https:\/\/iwell-guard.com\/hr\/?page_id=149349\" class=\"iwg-kultur-badge\" tabindex=\"0\" data-tooltip=\"Predkr\u0161\u0107anski svijet bogova i duhova sjeverne i srednje Europe.\">Germanska<\/a><a href=\"https:\/\/iwell-guard.com\/hr\/?page_id=149445\" class=\"iwg-tradition-badge\" tabindex=\"0\" data-tooltip=\"Za\u0161titna bo\u017eanstva, \u010duvari doma, grada, ro\u0111enja, putovanja ili \u017eivotnih razdoblja.\">Za\u0161titno bo\u017eanstvo<\/a><\/div>\t\t\t\t<\/div>\n\t\t\t\t<\/div>\n\t\t<div class=\"elementor-element elementor-element-3f74855 e-con-full e-flex e-con e-child\" data-id=\"3f74855\" data-element_type=\"container\" data-e-type=\"container\">\n\t\t\t\t<div class=\"elementor-element elementor-element-1c30362 elementor-toc--minimized-on-tablet elementor-widget elementor-widget-table-of-contents\" data-id=\"1c30362\" data-element_type=\"widget\" data-e-type=\"widget\" data-settings=\"{&quot;exclude_headings_by_selector&quot;:[],&quot;no_headings_message&quot;:&quot;Na ovoj stranici nisu prona\\u0111eni naslovi.&quot;,&quot;headings_by_tags&quot;:[&quot;h2&quot;,&quot;h3&quot;],&quot;marker_view&quot;:&quot;bullets&quot;,&quot;minimize_box&quot;:&quot;yes&quot;,&quot;icon&quot;:{&quot;value&quot;:&quot;fas fa-circle&quot;,&quot;library&quot;:&quot;fa-solid&quot;,&quot;rendered_tag&quot;:&quot;&lt;svg class=\\&quot;e-font-icon-svg e-fas-circle\\&quot; viewBox=\\&quot;0 0 512 512\\&quot; xmlns=\\&quot;http:\\\/\\\/www.w3.org\\\/2000\\\/svg\\&quot;&gt;&lt;path d=\\&quot;M256 8C119 8 8 119 8 256s111 248 248 248 248-111 248-248S393 8 256 8z\\&quot;&gt;&lt;\\\/path&gt;&lt;\\\/svg&gt;&quot;},&quot;minimized_on&quot;:&quot;tablet&quot;,&quot;hierarchical_view&quot;:&quot;yes&quot;,&quot;min_height&quot;:{&quot;unit&quot;:&quot;px&quot;,&quot;size&quot;:&quot;&quot;,&quot;sizes&quot;:[]},&quot;min_height_tablet&quot;:{&quot;unit&quot;:&quot;px&quot;,&quot;size&quot;:&quot;&quot;,&quot;sizes&quot;:[]},&quot;min_height_mobile&quot;:{&quot;unit&quot;:&quot;px&quot;,&quot;size&quot;:&quot;&quot;,&quot;sizes&quot;:[]}}\" data-widget_type=\"table-of-contents.default\">\n\t\t\t\t\t\t\t\t\t<div class=\"elementor-toc__header\">\n\t\t\t\t\t\t<h2 class=\"elementor-toc__header-title\">\n\t\t\t\tSadr\u017eaj\t\t\t<\/h2>\n\t\t\t\t\t\t\t\t\t\t<div class=\"elementor-toc__toggle-button elementor-toc__toggle-button--expand\" role=\"button\" tabindex=\"0\" aria-controls=\"elementor-toc__1c30362\" aria-expanded=\"true\" aria-label=\"Open table of contents\"><svg aria-hidden=\"true\" class=\"e-font-icon-svg e-fas-chevron-down\" viewBox=\"0 0 448 512\" xmlns=\"http:\/\/www.w3.org\/2000\/svg\"><path d=\"M207.029 381.476L12.686 187.132c-9.373-9.373-9.373-24.569 0-33.941l22.667-22.667c9.357-9.357 24.522-9.375 33.901-.04L224 284.505l154.745-154.021c9.379-9.335 24.544-9.317 33.901.04l22.667 22.667c9.373 9.373 9.373 24.569 0 33.941L240.971 381.476c-9.373 9.372-24.569 9.372-33.942 0z\"><\/path><\/svg><\/div>\n\t\t\t\t<div class=\"elementor-toc__toggle-button elementor-toc__toggle-button--collapse\" role=\"button\" tabindex=\"0\" aria-controls=\"elementor-toc__1c30362\" aria-expanded=\"true\" aria-label=\"Close table of contents\"><svg aria-hidden=\"true\" class=\"e-font-icon-svg e-fas-chevron-up\" viewBox=\"0 0 448 512\" xmlns=\"http:\/\/www.w3.org\/2000\/svg\"><path d=\"M240.971 130.524l194.343 194.343c9.373 9.373 9.373 24.569 0 33.941l-22.667 22.667c-9.357 9.357-24.522 9.375-33.901.04L224 227.495 69.255 381.516c-9.379 9.335-24.544 9.317-33.901-.04l-22.667-22.667c-9.373-9.373-9.373-24.569 0-33.941L207.03 130.525c9.372-9.373 24.568-9.373 33.941-.001z\"><\/path><\/svg><\/div>\n\t\t\t\t\t<\/div>\n\t\t\t\t<div id=\"elementor-toc__1c30362\" class=\"elementor-toc__body\">\n\t\t\t<div class=\"elementor-toc__spinner-container\">\n\t\t\t\t<svg class=\"elementor-toc__spinner eicon-animation-spin e-font-icon-svg e-eicon-loading\" aria-hidden=\"true\" viewBox=\"0 0 1000 1000\" xmlns=\"http:\/\/www.w3.org\/2000\/svg\"><path d=\"M500 975V858C696 858 858 696 858 500S696 142 500 142 142 304 142 500H25C25 237 238 25 500 25S975 237 975 500 763 975 500 975Z\"><\/path><\/svg>\t\t\t<\/div>\n\t\t<\/div>\n\t\t\t\t\t\t<\/div>\n\t\t\t\t<\/div>\n\t\t\t\t\t<\/div>\n\t\t\t\t<\/div>\n\t\t<div class=\"elementor-element elementor-element-herorght0 e-con-full e-flex e-con e-child\" data-id=\"herorght0\" data-element_type=\"container\" data-e-type=\"container\">\n\t\t\t\t<div class=\"elementor-element elementor-element-heroimg00 iwg-hero-image elementor-widget elementor-widget-image\" data-id=\"heroimg00\" data-element_type=\"widget\" data-e-type=\"widget\" data-widget_type=\"image.default\">\n\t\t\t\t\t\t\t\t\t\t\t\t\t\t\t<img fetchpriority=\"high\" decoding=\"async\" width=\"683\" height=\"1024\" src=\"https:\/\/iwell-guard.com\/wp-content\/uploads\/2026\/04\/goetter_germanisch_frigg-683x1024.webp\" class=\"attachment-large size-large wp-image-151864\" alt=\"Frigg \u2013 bogovi germanske tradicije, povijesno-ilustrativno\" srcset=\"https:\/\/iwell-guard.com\/wp-content\/uploads\/2026\/04\/goetter_germanisch_frigg-683x1024.webp 683w, https:\/\/iwell-guard.com\/wp-content\/uploads\/2026\/04\/goetter_germanisch_frigg-200x300.webp 200w, https:\/\/iwell-guard.com\/wp-content\/uploads\/2026\/04\/goetter_germanisch_frigg-768x1152.webp 768w, https:\/\/iwell-guard.com\/wp-content\/uploads\/2026\/04\/goetter_germanisch_frigg.webp 1024w\" sizes=\"(max-width: 683px) 100vw, 683px\" \/>\t\t\t\t\t\t\t\t\t\t\t\t\t\t\t<\/div>\n\t\t\t\t<\/div>\n\t\t\t\t\t<\/div>\n\t\t\t\t<\/div>\n\t\t<div class=\"elementor-element elementor-element-32917199 e-flex e-con-boxed e-con e-parent\" data-id=\"32917199\" data-element_type=\"container\" data-e-type=\"container\">\n\t\t\t\t\t<div class=\"e-con-inner\">\n\t\t<div class=\"elementor-element elementor-element-26e916cb e-flex e-con-boxed e-con e-child\" data-id=\"26e916cb\" data-element_type=\"container\" data-e-type=\"container\">\n\t\t\t\t\t<div class=\"e-con-inner\">\n\t\t<div class=\"elementor-element elementor-element-253a40d4 e-flex e-con-boxed e-con e-child\" data-id=\"253a40d4\" data-element_type=\"container\" data-e-type=\"container\">\n\t\t\t\t\t<div class=\"e-con-inner\">\n\t\t\t\t<div class=\"elementor-element elementor-element-1200c304 elementor-widget elementor-widget-heading\" data-id=\"1200c304\" data-element_type=\"widget\" data-e-type=\"widget\" data-widget_type=\"heading.default\">\n\t\t\t\t\t<h2 class=\"elementor-heading-title elementor-size-default\">Frigg<\/h2>\t\t\t\t<\/div>\n\t\t\t\t\t<\/div>\n\t\t\t\t<\/div>\n\t\t<div class=\"elementor-element elementor-element-159dcf9a e-flex e-con-boxed e-con e-child\" data-id=\"159dcf9a\" data-element_type=\"container\" data-e-type=\"container\">\n\t\t\t\t\t<div class=\"e-con-inner\">\n\t\t\t\t<div class=\"elementor-element elementor-element-48cee66f elementor-widget elementor-widget-heading\" data-id=\"48cee66f\" data-element_type=\"widget\" data-e-type=\"widget\" data-widget_type=\"heading.default\">\n\t\t\t\t\t<h3 class=\"elementor-heading-title elementor-size-default\">Pregled: Frigg<\/h3>\t\t\t\t<\/div>\n\t\t\t\t<div class=\"elementor-element elementor-element-3f50d82c elementor-widget elementor-widget-text-editor\" data-id=\"3f50d82c\" data-element_type=\"widget\" data-e-type=\"widget\" data-widget_type=\"text-editor.default\">\n\t\t\t\t\t\t\t\t\t<p><strong>Tip:<\/strong> germanska glavna boginja, Asinja, Odinova supruga, majka-boginja<br><span class=\"iwg-fachbegriff\" data-tooltip=\"Ukupnost bogova jedne religije ili kulture.\" tabindex=\"0\">Panteon<\/span>: germanski \/ nordijski (rod Asa)<br>Funkcija: maj\u010dinstvo, za\u0161tita doma, mudrost (znanje \u0161utnje), uvid u budu\u0107nost (svevidjeteljica, koja o tome ne govori)<br>Glavni atributi: kolo za predenje, sve\u017enji\u0107 klju\u010deva (za\u0161tita doma), pla\u0161t od sokolovog perja, dvorska haljina<br>Glavna kultna mjesta: nisu dokumentirani vlastiti <span class=\"iwg-fachbegriff\" data-tooltip=\"Gra\u0111evina namijenjena obo\u017eavanju jednog ili vi\u0161e bo\u017eanstava.\" tabindex=\"0\">hramovi<\/span>, u Saskoj i Donjoj Saskoj bila rasprostranjena u <span class=\"iwg-fachbegriff\" data-tooltip=\"Nastalo u vrijeme prije \u0161irenja kr\u0161\u0107anstva.\" tabindex=\"0\">predkr\u0161\u0107ansko<\/span> doba<br>Rimska identifikacija: Venera (u tradiciji naziva dana u tjednu: petak = Friggin dan, paralelno s Veneris dies)<\/p>\t\t\t\t\t\t\t\t<\/div>\n\t\t\t\t\t<\/div>\n\t\t\t\t<\/div>\n\t\t\t\t\t<\/div>\n\t\t\t\t<\/div>\n\t\t\t\t\t<\/div>\n\t\t\t\t<\/div>\n\t\t<div class=\"elementor-element elementor-element-18613602 e-flex e-con-boxed e-con e-parent\" data-id=\"18613602\" data-element_type=\"container\" data-e-type=\"container\">\n\t\t\t\t\t<div class=\"e-con-inner\">\n\t\t\t\t<div class=\"elementor-element elementor-element-262b8a9f elementor-widget elementor-widget-heading\" data-id=\"262b8a9f\" data-element_type=\"widget\" data-e-type=\"widget\" data-widget_type=\"heading.default\">\n\t\t\t\t\t<h2 class=\"elementor-heading-title elementor-size-default\">Povijesni okvir<\/h2>\t\t\t\t<\/div>\n\t\t<div class=\"elementor-element elementor-element-46dcb7d e-con-full e-flex e-con e-child\" data-id=\"46dcb7d\" data-element_type=\"container\" data-e-type=\"container\">\n\t\t<div class=\"elementor-element elementor-element-61d3ab3 e-flex e-con-boxed e-con e-child\" data-id=\"61d3ab3\" data-element_type=\"container\" data-e-type=\"container\">\n\t\t\t\t\t<div class=\"e-con-inner\">\n\t\t\t\t<div class=\"elementor-element elementor-element-117c166 elementor-widget elementor-widget-heading\" data-id=\"117c166\" data-element_type=\"widget\" data-e-type=\"widget\" data-widget_type=\"heading.default\">\n\t\t\t\t\t<h3 class=\"elementor-heading-title elementor-size-default\">Zeitraum der Texte<\/h3>\t\t\t\t<\/div>\n\t\t\t\t<div class=\"elementor-element elementor-element-73997a0 elementor-widget elementor-widget-text-editor\" data-id=\"73997a0\" data-element_type=\"widget\" data-e-type=\"widget\" data-widget_type=\"text-editor.default\">\n\t\t\t\t\t\t\t\t\t<p>Frigg je od najranijih germanskih izvora (rimski Tacit, 1. st. poslije Krista, zatim Snorri Sturlusonova <em>Edda<\/em>, 13. st.) sredi\u0161nja pojava. Glavni knji\u017eevni izvor je <em>Snorra-Edda<\/em> (1220) i <em>Pjesni\u010dka Edda<\/em> (skupljena u 13. st. sadr\u017ei starije mitolo\u0161ke pjesme).<\/p><p>U germanskom sustavu dana u tjednu <em>petak<\/em> je nazvan po Frigg (germ. <em>Frij\u0101dagaz<\/em>, paralelno s latinskim <em>dies Veneris<\/em>). Kristijanizacija Skandinavije (10.\u201312. st.) prekinula je <span class=\"iwg-fachbegriff\" data-tooltip=\"Ukupnost religijskih obo\u017eavateljskih radnji za neko bo\u017eanstvo ili svetu pojavu.\" tabindex=\"0\">kult<\/span>, ali je sa\u010duvan u nazivu dana u tjednu, u narodnim obi\u010dajima i u knji\u017eevnoj tradiciji. U 19.\/20. st. dolazi do germansko-romanti\u010dkog i neopagansko-asatru o\u017eivljavanja.<\/p>\t\t\t\t\t\t\t\t<\/div>\n\t\t\t\t\t<\/div>\n\t\t\t\t<\/div>\n\t\t<div class=\"elementor-element elementor-element-d47b156 e-flex e-con-boxed e-con e-child\" data-id=\"d47b156\" data-element_type=\"container\" data-e-type=\"container\">\n\t\t\t\t\t<div class=\"e-con-inner\">\n\t\t\t\t<div class=\"elementor-element elementor-element-ff38c2b elementor-widget elementor-widget-heading\" data-id=\"ff38c2b\" data-element_type=\"widget\" data-e-type=\"widget\" data-widget_type=\"heading.default\">\n\t\t\t\t\t<h3 class=\"elementor-heading-title elementor-size-default\">Verbreitungsraum<\/h3>\t\t\t\t<\/div>\n\t\t\t\t<div class=\"elementor-element elementor-element-4e49fcc elementor-widget elementor-widget-text-editor\" data-id=\"4e49fcc\" data-element_type=\"widget\" data-e-type=\"widget\" data-widget_type=\"text-editor.default\">\n\t\t\t\t\t\t\t\t\t<p>Izravni Friggini <span class=\"iwg-fachbegriff\" data-tooltip=\"Gra\u0111evina namijenjena obo\u017eavanju jednog ili vi\u0161e bo\u017eanstava.\" tabindex=\"0\">hramovi<\/span> nisu jasno dokumentirani. Starogermansko po\u0161tovanje bilo je uglavnom ku\u0107ni kult i <span class=\"iwg-fachbegriff\" data-tooltip=\"Religijske predstave i obi\u010daji rasprostranjeni u svakodnevnom \u017eivotu.\" tabindex=\"0\">narodna vjera<\/span>. Tacit spominje \u0161umski <span class=\"iwg-fachbegriff\" data-tooltip=\"Sveti \u0161umarak koji je slu\u017eio kao kultno mjesto.\" tabindex=\"0\">gaj<\/span> u Schwarzwaldu kao sveto mjesto.<\/p><p>U skandinavskom srednjem vijeku njeni su spomeni prete\u017eno knji\u017eevni (Edda, skaldska poezija). U modernoj tradiciji <em>Asatru<\/em> (germansko-poganska religija od 1970-ih) ponovno se aktivno po\u0161tuje; danas postoje asatru blot okupljanja u Njema\u010dkoj, SAD-u i Skandinaviji.<\/p>\t\t\t\t\t\t\t\t<\/div>\n\t\t\t\t\t<\/div>\n\t\t\t\t<\/div>\n\t\t\t\t<\/div>\n\t\t<div class=\"elementor-element elementor-element-db03c39 e-con-full e-flex e-con e-child\" data-id=\"db03c39\" data-element_type=\"container\" data-e-type=\"container\">\n\t\t<div class=\"elementor-element elementor-element-229a87b e-flex e-con-boxed e-con e-child\" data-id=\"229a87b\" data-element_type=\"container\" data-e-type=\"container\">\n\t\t\t\t\t<div class=\"e-con-inner\">\n\t\t\t\t<div class=\"elementor-element elementor-element-1f471fc elementor-widget elementor-widget-heading\" data-id=\"1f471fc\" data-element_type=\"widget\" data-e-type=\"widget\" data-widget_type=\"heading.default\">\n\t\t\t\t\t<h3 class=\"elementor-heading-title elementor-size-default\">Quellenlage<\/h3>\t\t\t\t<\/div>\n\t\t\t\t<div class=\"elementor-element elementor-element-36b1201 elementor-widget elementor-widget-text-editor\" data-id=\"36b1201\" data-element_type=\"widget\" data-e-type=\"widget\" data-widget_type=\"text-editor.default\">\n\t\t\t\t\t\t\t\t\t<p>Glavni izvori: <span class=\"iwg-fachbegriff\" tabindex=\"0\" data-tooltip=\"Islandski u\u010denjak (1179.\u20131241.); autor Prozne Edde i Heimskringle.\">Snorri Sturluson<\/span>, <em>Snorra-Edda<\/em> (Gylfaginning, Skaldskaparmal); <em>Pjesni\u010dka Edda<\/em> (Vafthrudnismal, Lokasenna s Friggovim govorom u obranu); Saxo Grammaticus, <em>Gesta Danorum<\/em> (12. st., euhemerizirani germanski mitovi); Tacit, <em>Germania<\/em> (1. st.).<\/p><p>Sekundarna literatura: Simek, <em>Lexikon der germanischen <span class=\"iwg-fachbegriff\" data-tooltip=\"Ukupnost predanih pripovijesti o bogovima jedne kulture.\" tabindex=\"0\">Mythologie<\/span><\/em>; de Vries, <em>Altgermanische Religionsgeschichte<\/em>; Lindow, <em>Norse Mythology. A Guide to the Gods, Heroes, Rituals, and Beliefs<\/em>; Davidson, <em>Roles of the Northern Goddess<\/em>.<\/p>\t\t\t\t\t\t\t\t<\/div>\n\t\t\t\t\t<\/div>\n\t\t\t\t<\/div>\n\t\t\t\t<\/div>\n\t\t\t\t\t<\/div>\n\t\t\t\t<\/div>\n\t\t<div class=\"elementor-element elementor-element-3ae0637c e-flex e-con-boxed e-con e-parent\" data-id=\"3ae0637c\" data-element_type=\"container\" data-e-type=\"container\">\n\t\t\t\t\t<div class=\"e-con-inner\">\n\t\t\t\t<div class=\"elementor-element elementor-element-31d07739 elementor-widget elementor-widget-heading\" data-id=\"31d07739\" data-element_type=\"widget\" data-e-type=\"widget\" data-widget_type=\"heading.default\">\n\t\t\t\t\t<h2 class=\"elementor-heading-title elementor-size-default\">Naziv<\/h2>\t\t\t\t<\/div>\n\t\t<div class=\"elementor-element elementor-element-b7642947 e-con-full e-flex e-con e-child\" data-id=\"b7642947\" data-element_type=\"container\" data-e-type=\"container\">\n\t\t\t\t<div class=\"elementor-element elementor-element-a086266 elementor-widget elementor-widget-text-editor\" data-id=\"a086266\" data-element_type=\"widget\" data-e-type=\"widget\" data-widget_type=\"text-editor.default\">\n\t\t\t\t\t\t\t\t\t<p>Frigg se prikazuje kao zrela, dostojanstvena \u017eena, \u010desto s preslicom ili sve\u017enji\u0107em klju\u010deva \u2013 oba su simboli ku\u0107ne mo\u0107i u sjevernoj Europi vikin\u0161kog doba. Njezin sokolji pla\u0161t daje njoj, a povremeno i bogovima koji ga posude, primjerice Lokiju, mogu\u0107nost letenja.<\/p><p>Dvanaest Asinja, podre\u0111enih boginja, smatraju se njezinim slu\u0161kinjama. Njezine boje su bijela, srebrna i blijedoplava; njezina \u017eivotinja je sokol.<\/p>\t\t\t\t\t\t\t\t<\/div>\n\t\t\t\t<\/div>\n\t\t\t\t\t<\/div>\n\t\t\t\t<\/div>\n\t\t<div class=\"elementor-element elementor-element-709a44a8 e-flex e-con-boxed e-con e-parent\" data-id=\"709a44a8\" data-element_type=\"container\" data-e-type=\"container\">\n\t\t\t\t\t<div class=\"e-con-inner\">\n\t\t\t\t<div class=\"elementor-element elementor-element-2f585873 elementor-widget elementor-widget-heading\" data-id=\"2f585873\" data-element_type=\"widget\" data-e-type=\"widget\" data-widget_type=\"heading.default\">\n\t\t\t\t\t<h2 class=\"elementor-heading-title elementor-size-default\">Opis<\/h2>\t\t\t\t<\/div>\n\t\t<div class=\"elementor-element elementor-element-70621c12 e-con-full e-flex e-con e-child\" data-id=\"70621c12\" data-element_type=\"container\" data-e-type=\"container\">\n\t\t\t\t<div class=\"elementor-element elementor-element-4296eb49 elementor-widget elementor-widget-text-editor\" data-id=\"4296eb49\" data-element_type=\"widget\" data-e-type=\"widget\" data-widget_type=\"text-editor.default\">\n\t\t\t\t\t\t\t\t\t<p>Frigg jam\u010di poredak ku\u0107anstva i srodstva. Poznaje sudbinu svih bi\u0107a, ali o njoj \u0161uti. Taj dar \u010dini je tragi\u010dnom majkom: znade za smrt svojeg sina Baldera, ali je ne mo\u017ee sprije\u010diti.<\/p><p>U <span class=\"iwg-fachbegriff\" data-tooltip=\"Predana pripovijest o bogovima, po\u010decima i poretku svijeta.\" tabindex=\"0\">mitu<\/span> o Balderovoj smrti ona poku\u0161ava obvezati sve stvari kozmosa zakletvom da nikada ne\u0107e povrijediti njezina sina, a pri tome zanemari mladu gran\u010dicu imele, kojom Loki naposljetku ubija Baldera.<\/p>\t\t\t\t\t\t\t\t<\/div>\n\t\t\t\t<\/div>\n\t\t\t\t\t<\/div>\n\t\t\t\t<\/div>\n\t\t<div class=\"elementor-element elementor-element-44e71476 e-flex e-con-boxed e-con e-parent\" data-id=\"44e71476\" data-element_type=\"container\" data-e-type=\"container\">\n\t\t\t\t\t<div class=\"e-con-inner\">\n\t\t\t\t<div class=\"elementor-element elementor-element-3c1fc3f0 elementor-widget elementor-widget-heading\" data-id=\"3c1fc3f0\" data-element_type=\"widget\" data-e-type=\"widget\" data-widget_type=\"heading.default\">\n\t\t\t\t\t<h2 class=\"elementor-heading-title elementor-size-default\">Profil: Frigg<\/h2>\t\t\t\t<\/div>\n\t\t<div class=\"elementor-element elementor-element-84f33b8e e-con-full e-flex e-con e-child\" data-id=\"84f33b8e\" data-element_type=\"container\" data-e-type=\"container\">\n\t\t\t\t<div class=\"elementor-element elementor-element-hqkdc67p elementor-widget elementor-widget-text-editor\" data-id=\"hqkdc67p\" data-element_type=\"widget\" data-e-type=\"widget\" data-widget_type=\"text-editor.default\">\n\t\t\t\t\t\t\t\t\t<p>Najva\u017eniji aspekti Frigg u pregledu. Sljede\u0107a polja sa\u017eimaju podrijetlo, funkciju, izgled, po\u0161tovanje, simbole i kulturne paralele.<\/p>\t\t\t\t\t\t\t\t<\/div>\n\t\t\t\t<\/div>\n\t\t<div class=\"elementor-element elementor-element-pemmx7c5 e-con-full e-flex e-con e-child\" data-id=\"pemmx7c5\" data-element_type=\"container\" data-e-type=\"container\">\n\t\t<div class=\"elementor-element elementor-element-pemmx7c1 e-con-full e-flex e-con e-child\" data-id=\"pemmx7c1\" data-element_type=\"container\" data-e-type=\"container\">\n\t\t<div class=\"elementor-element elementor-element-qh9oavvu iwg-steckbrief-card e-flex e-con-boxed e-con e-child\" data-id=\"qh9oavvu\" data-element_type=\"container\" data-e-type=\"container\">\n\t\t\t\t\t<div class=\"e-con-inner\">\n\t\t\t\t<div class=\"elementor-element elementor-element-awzx8k2k elementor-widget elementor-widget-heading\" data-id=\"awzx8k2k\" data-element_type=\"widget\" data-e-type=\"widget\" data-widget_type=\"heading.default\">\n\t\t\t\t\t<h3 class=\"elementor-heading-title elementor-size-default\">Tradicija<\/h3>\t\t\t\t<\/div>\n\t\t\t\t<div class=\"elementor-element elementor-element-x6rowhv0 elementor-widget elementor-widget-text-editor\" data-id=\"x6rowhv0\" data-element_type=\"widget\" data-e-type=\"widget\" data-widget_type=\"text-editor.default\">\n\t\t\t\t\t\t\t\t\t<p>Frigg je supruga Odina (germ. Wodan) i majka svjetlog boga <em>Baldera<\/em>. K\u0107i Fjorgyn (u jednoj tradiciji; genealogija je neizvjesna). Vo\u0111a <em>Asinja<\/em> (Asynjur).<\/p><p>Njezin je glavni mit predvi\u0111anje i uzaludan poku\u0161aj da spasi svojeg sina Baldera od smrti: nagovara sve stvari svijeta da se zakletvom obve\u017eu da mu ne\u0107e nauditi, ali zanemari imelu, koju Loki potom koristi da ubije Baldera.<\/p>\t\t\t\t\t\t\t\t<\/div>\n\t\t\t\t\t<\/div>\n\t\t\t\t<\/div>\n\t\t<div class=\"elementor-element elementor-element-8e3o4kxs iwg-steckbrief-card e-flex e-con-boxed e-con e-child\" data-id=\"8e3o4kxs\" data-element_type=\"container\" data-e-type=\"container\">\n\t\t\t\t\t<div class=\"e-con-inner\">\n\t\t\t\t<div class=\"elementor-element elementor-element-08rkdgov elementor-widget elementor-widget-heading\" data-id=\"08rkdgov\" data-element_type=\"widget\" data-e-type=\"widget\" data-widget_type=\"heading.default\">\n\t\t\t\t\t<h3 class=\"elementor-heading-title elementor-size-default\">Predmet djelovanja<\/h3>\t\t\t\t<\/div>\n\t\t\t\t<div class=\"elementor-element elementor-element-uwjelx8s elementor-widget elementor-widget-text-editor\" data-id=\"uwjelx8s\" data-element_type=\"widget\" data-e-type=\"widget\" data-widget_type=\"text-editor.default\">\n\t\t\t\t\t\t\t\t\t<p>Majka-bo\u017eica, za\u0161titnica braka i ku\u0107anstva. \u010cuvarica ku\u0107nih klju\u010deva (<span class=\"iwg-fachbegriff\" data-tooltip=\"Znak koji predstavlja ideju ili zna\u010denje.\" tabindex=\"0\">simbol<\/span> gospodarstva nad ku\u0107om, u starogermanskoj tradiciji doma\u0107ica je nosila sve\u017eanj klju\u010deva na pojasu).<\/p><p>Sveznaju\u0107a proro\u010dica koja pak \u010duva tajnu (za razliku od Odina, koji govori). U osobnom pu\u010dkom kultu <span class=\"iwg-fachbegriff\" data-tooltip=\"Molbeno ili zazivno obra\u0107anje bo\u017eanstvu ili sili.\" tabindex=\"0\">prizivana<\/span> je pri porodiljskim bolovima, prigodom vjen\u010danja, za za\u0161titu doma. U pokretu Asatru za\u0161titnica je \u017eenske <span class=\"iwg-fachbegriff\" data-tooltip=\"Ritualni prijelaz kojim se nekoga primaje u novi status ili zajednicu.\" tabindex=\"0\">inicijacije<\/span> i obiteljskih bl\u00f3ta.<\/p>\t\t\t\t\t\t\t\t<\/div>\n\t\t\t\t\t<\/div>\n\t\t\t\t<\/div>\n\t\t<div class=\"elementor-element elementor-element-jm2n74ec iwg-steckbrief-card e-flex e-con-boxed e-con e-child\" data-id=\"jm2n74ec\" data-element_type=\"container\" data-e-type=\"container\">\n\t\t\t\t\t<div class=\"e-con-inner\">\n\t\t\t\t<div class=\"elementor-element elementor-element-8vufse4c elementor-widget elementor-widget-heading\" data-id=\"8vufse4c\" data-element_type=\"widget\" data-e-type=\"widget\" data-widget_type=\"heading.default\">\n\t\t\t\t\t<h3 class=\"elementor-heading-title elementor-size-default\">Friggin izgled<\/h3>\t\t\t\t<\/div>\n\t\t\t\t<div class=\"elementor-element elementor-element-mwb9u015 elementor-widget elementor-widget-text-editor\" data-id=\"mwb9u015\" data-element_type=\"widget\" data-e-type=\"widget\" data-widget_type=\"text-editor.default\">\n\t\t\t\t\t\t\t\t\t<p>Frigg nema utvr\u0111en ikonografski oblik iz vikin\u0161kog doba (postoji izrazito malo likovnih prikaza germanskih bo\u017eanstava). U knji\u017eevnoj tradiciji prikazuje se kao maj\u010dinska \u017eenska figura duge svijetle kose, u sve\u010danoj dvorskoj odje\u0107i, sa sve\u017enjem klju\u010deva na pojasu, \u010desto dok sjedi za kolom za predenje (prede sudbinu).<\/p><p>U pu\u010dkoj tradiciji povezuje se sa zvije\u017e\u0111em Orionova pojasa (u sjevernonjema\u010dkom podru\u010dju <em>Friggerock<\/em>, Friggino kolo za predenje). U modernoj asatru likovnoj umjetnosti obi\u010dno se prikazuje kao dostojanstvena maj\u010dinska kraljica s krunom i nakitom.<\/p>\t\t\t\t\t\t\t\t<\/div>\n\t\t\t\t\t<\/div>\n\t\t\t\t<\/div>\n\t\t\t\t<\/div>\n\t\t<div class=\"elementor-element elementor-element-pemmx7c2 e-con-full e-flex e-con e-child\" data-id=\"pemmx7c2\" data-element_type=\"container\" data-e-type=\"container\">\n\t\t<div class=\"elementor-element elementor-element-37ss2yr6 iwg-steckbrief-card e-flex e-con-boxed e-con e-child\" data-id=\"37ss2yr6\" data-element_type=\"container\" data-e-type=\"container\">\n\t\t\t\t\t<div class=\"e-con-inner\">\n\t\t\t\t<div class=\"elementor-element elementor-element-3v0wp3wx elementor-widget elementor-widget-heading\" data-id=\"3v0wp3wx\" data-element_type=\"widget\" data-e-type=\"widget\" data-widget_type=\"heading.default\">\n\t\t\t\t\t<h3 class=\"elementor-heading-title elementor-size-default\">Friggino djelovanje<\/h3>\t\t\t\t<\/div>\n\t\t\t\t<div class=\"elementor-element elementor-element-w3247g2m elementor-widget elementor-widget-text-editor\" data-id=\"w3247g2m\" data-element_type=\"widget\" data-e-type=\"widget\" data-widget_type=\"text-editor.default\">\n\t\t\t\t\t\t\t\t\t<p><strong>Podru\u010dje djelovanja:<\/strong> U starogermanskom ku\u0107nom kultu <span class=\"iwg-fachbegriff\" data-tooltip=\"Molbeno ili zazivno obra\u0107anje bo\u017eanstvu ili sili.\" tabindex=\"0\">prizivana<\/span> je u pitanjima poro\u0111aja, prije vjen\u010danja, za za\u0161titu doma. <em>Friggino kolo za predenje<\/em> (zvije\u017e\u0111e) u sjevernonjema\u010dkoj pu\u010dkoj tradiciji povezivano je s prognozom vremena i za\u0161titom predilja. U kr\u0161\u0107anstvu je preoblikovana u Mariju (Marija Predilja).<\/p><p>U modernoj asatru tradiciji (ponovno aktivnoj od 1970-ih u Njema\u010dkoj, Skandinaviji, SAD-u i Velikoj Britaniji) prizivana je pri \u017eensko-inicijacijskom bl\u00f3tu i obiteljskim sve\u010danostima. Nije zabilje\u017een sredi\u0161nji blagdan, ali <em>petak<\/em> (Friggin dan) tradicionalno se smatra njezinim danom u tjednu.<\/p>\t\t\t\t\t\t\t\t<\/div>\n\t\t\t\t\t<\/div>\n\t\t\t\t<\/div>\n\t\t<div class=\"elementor-element elementor-element-0qpjal9w iwg-steckbrief-card e-flex e-con-boxed e-con e-child\" data-id=\"0qpjal9w\" data-element_type=\"container\" data-e-type=\"container\">\n\t\t\t\t\t<div class=\"e-con-inner\">\n\t\t\t\t<div class=\"elementor-element elementor-element-6ndoih0o elementor-widget elementor-widget-heading\" data-id=\"6ndoih0o\" data-element_type=\"widget\" data-e-type=\"widget\" data-widget_type=\"heading.default\">\n\t\t\t\t\t<h3 class=\"elementor-heading-title elementor-size-default\">Za\u0161titna sredstva<\/h3>\t\t\t\t<\/div>\n\t\t\t\t<div class=\"elementor-element elementor-element-6684tyh9 elementor-widget elementor-widget-text-editor\" data-id=\"6684tyh9\" data-element_type=\"widget\" data-e-type=\"widget\" data-widget_type=\"text-editor.default\">\n\t\t\t\t\t\t\t\t\t<p>Sve\u017eanj klju\u010deva (gospodarstvo nad ku\u0107om), kolo za predenje, pla\u0161t od sokolovog perja (koji posu\u0111uje Lokiju), sve\u010dana dvorska odje\u0107a, kruna. Sveto bilje: imela (u <span class=\"iwg-fachbegriff\" data-tooltip=\"Predana pri\u010da o bogovima, podrijetlu i poretku svijeta.\" tabindex=\"0\">mitu<\/span> o Baldru ima klju\u010dnu ulogu, paradoksalno kao njezina pogre\u0161ka), gospina trava (u pu\u010dkom nazivu Friggina biljka). Sveta \u017eivotinja: sokol (kroz njezin pla\u0161t od perja), kukavica (u pu\u010dkoj tradiciji), roda (donosi djecu, simbolika poro\u0111aja). Sveti dan u tjednu: petak.<\/p>\t\t\t\t\t\t\t\t<\/div>\n\t\t\t\t\t<\/div>\n\t\t\t\t<\/div>\n\t\t<div class=\"elementor-element elementor-element-3lfi7x32 iwg-steckbrief-card e-flex e-con-boxed e-con e-child\" data-id=\"3lfi7x32\" data-element_type=\"container\" data-e-type=\"container\">\n\t\t\t\t\t<div class=\"e-con-inner\">\n\t\t\t\t<div class=\"elementor-element elementor-element-0kg99ga1 elementor-widget elementor-widget-heading\" data-id=\"0kg99ga1\" data-element_type=\"widget\" data-e-type=\"widget\" data-widget_type=\"heading.default\">\n\t\t\t\t\t<h3 class=\"elementor-heading-title elementor-size-default\">Usporedivi likovi<\/h3>\t\t\t\t<\/div>\n\t\t\t\t<div class=\"elementor-element elementor-element-n0fum6kp elementor-widget elementor-widget-text-editor\" data-id=\"n0fum6kp\" data-element_type=\"widget\" data-e-type=\"widget\" data-widget_type=\"text-editor.default\">\n\t\t\t\t\t\t\t\t\t<p><em>Freyja<\/em> (Germanska, boginja Vana, boginja ljubavi; prema nekim znanstvenim teorijama istovjetna ili u bliskom srodstvu s Frigg, iako se u tradiciji Edde jasno razlikuju), <em>Fricka<\/em> (starovisokonjema\u010dka, kasnija varijanta), <em>Hera<\/em> (Gr\u010dka, supruga Zeusa, za\u0161titnica braka), <em>Iuno<\/em> (Rim), <em>Inanna\/I\u0161tar<\/em> (Mezopotamija, ali izra\u017eenije erotska). Njema\u010dki jezi\u010dni srodnici: <em>Friede<\/em>, <em>Frigerich<\/em>. Funkcionalno se kao \u201emajka-bo\u017eica i za\u0161titnica ku\u0107anstva\u201d uspore\u0111uje s Herom\/Iuno.<\/p>\t\t\t\t\t\t\t\t<\/div>\n\t\t\t\t\t<\/div>\n\t\t\t\t<\/div>\n\t\t\t\t<\/div>\n\t\t\t\t<\/div>\n\t\t\t\t\t<\/div>\n\t\t\t\t<\/div>\n\t\t<div class=\"elementor-element elementor-element-5a584676 e-flex e-con-boxed e-con e-parent\" data-id=\"5a584676\" data-element_type=\"container\" data-e-type=\"container\">\n\t\t\t\t\t<div class=\"e-con-inner\">\n\t\t\t\t<div class=\"elementor-element elementor-element-6d0757bf elementor-widget elementor-widget-heading\" data-id=\"6d0757bf\" data-element_type=\"widget\" data-e-type=\"widget\" data-widget_type=\"heading.default\">\n\t\t\t\t\t<h2 class=\"elementor-heading-title elementor-size-default\">Frigg, paralele u drugim kulturama<\/h2>\t\t\t\t<\/div>\n\t\t<div class=\"elementor-element elementor-element-60563f68 e-con-full e-flex e-con e-child\" data-id=\"60563f68\" data-element_type=\"container\" data-e-type=\"container\">\n\t\t\t\t<div class=\"elementor-element elementor-element-5a93fdd6 elementor-widget elementor-widget-text-editor\" data-id=\"5a93fdd6\" data-element_type=\"widget\" data-e-type=\"widget\" data-widget_type=\"text-editor.default\">\n\t\t\t\t\t\t\t\t\t<p>Funkcionalno usporediva je s Iuno (Rim) kao bo\u017eicom braka i grada, Herom (Gr\u010dka) kao vrhovnom bo\u017eicom i suprugom glavnog boga, te s Friggom kao njezinom ju\u017enonjema\u010dkom varijantom. Etimolo\u0161ki je srodna s Freyjom &#8211; oba imena potje\u010du od indoeuropskog *priH-jaH (ljubljena). U anglosaksonskoj tradiciji javlja se kao Frige.<\/p>\n<p><strong>Indoeuropske usporedive bo\u017eice:<\/strong> U religijskoznanstvenom istra\u017eivanju Frigg se smatra predstavnicom indoeuropskog sloja bo\u017eica koji se protegao kroz razne kulture. Strukturna sli\u010dnost s Herom u gr\u010dkoj religiji (kao suprugom kralja bogova, za\u0161titnicom braka i obitelji) upu\u0107uje na zajedni\u010dku indoeuropsku ba\u0161tinu.<\/p><p>Isto tako pokazuju se paralele s rimskom Iuno (latinizirano Juno), koja je u kapitolskoj trijadi stajala uz Jupitera i Minervu. Obje bo\u017eice s Frigg dijele obilje\u017eja bra\u010dne bo\u017eice, plodnosti i ku\u0107ne za\u0161tite. Vedska Sarasvati pak prije predstavlja aspekte mudrosti i znanja, no i u njoj se nalaze tragovi funkcije majke-bo\u017eice.<\/p><p><strong>Slavensko-balti\u010dke paralele:<\/strong> U slavenskim tradicijama javlja se Moko\u0161 kao zemljina i maj\u010dinska bo\u017eica povezana s plodno\u0161\u0107u, obrtom i \u017eenskom sudbinom. Balti\u010dka Lauma ima sli\u010dna obilje\u017eja kao bo\u017eica sudbine i za\u0161titnica obitelji.<\/p><p>Obje pokazuju strukturnu srodnost s Frigg: djeluju kao posrednice izme\u0111u svijeta bogova i ljudi, tkaju sudbinu smrtnika i obilje\u017eavaju ku\u0107no i kultno. Friggin aspekt tkalje i predilje, koja poznaje sudbine svih, ali ih ne otkriva, izravno odjekuje u tim isto\u010dnoeuropskim bo\u017eicama.<\/p><p><strong>Keltsko-skandinavski sinkretizmi:<\/strong> Irska Brigit pokazuje sli\u010dnosti s Frigg u ulozi za\u0161titnice obrta (posebno kova\u010dkog umije\u0107a i tkanja) te kao bo\u017eica svetih mjesta. Ratna Macha s Frigg pak dijeli vlast nad sudbinom ratnika i vladara.<\/p><p>U nordijskom procesu <span class=\"iwg-fachbegriff\" tabindex=\"0\" data-tooltip=\"Spajanje elemenata razli\u010ditih religija ili kultova u mje\u0161ovite oblike, poput hai\u0107anskog vodua.\">sinkretizma<\/span>, posebno tamo gdje su se Vani (bogovi plodnosti i ku\u0107anstva, kao Freya) isprepletali s Asima (vladaju\u0107im bogovima, kao Odin i Frigg), nastali su hibridni oblici u kojima su se Friggina obilje\u017eja (za\u0161tita, tkanje, bra\u010dnost) mije\u0161ala s Freyinim obilje\u017ejima (ljubav, seksualnost, ratna obuka).<\/p><p>Ovi sinkretisti\u010dki procesi upu\u0107uju na zajedni\u010dku indoeuropsku jezgru koja se u razli\u010ditim kulturama druga\u010dije razgranala.<\/p>\t\t\t\t\t\t\t\t<\/div>\n\t\t\t\t<\/div>\n\t\t\t\t\t<\/div>\n\t\t\t\t<\/div>\n\t\t<div class=\"elementor-element elementor-element-cp0bf895f e-flex e-con-boxed e-con e-parent\" data-id=\"cp0bf895f\" data-element_type=\"container\" data-e-type=\"container\">\n\t\t\t\t\t<div class=\"e-con-inner\">\n\t\t\t\t<div class=\"elementor-element elementor-element-cp56cc4ad elementor-widget elementor-widget-heading\" data-id=\"cp56cc4ad\" data-element_type=\"widget\" data-e-type=\"widget\" data-widget_type=\"heading.default\">\n\t\t\t\t\t<h2 class=\"elementor-heading-title elementor-size-default\">Frigg u Pjesni\u010dkoj Eddi i Snorrijevoj Eddi<\/h2>\t\t\t\t<\/div>\n\t\t<div class=\"elementor-element elementor-element-cp29e9373 e-con-full e-flex e-con e-child\" data-id=\"cp29e9373\" data-element_type=\"container\" data-e-type=\"container\">\n\t\t\t\t<div class=\"elementor-element elementor-element-cp8315ca5 elementor-widget elementor-widget-text-editor\" data-id=\"cp8315ca5\" data-element_type=\"widget\" data-e-type=\"widget\" data-widget_type=\"text-editor.default\">\n\t\t\t\t\t\t\t\t\t<p>Najva\u017enija svjedo\u010danstva o Frigg potje\u010du iz dviju srednjovjekovnih zbirki poznatih pod nazivom <em>Edda<\/em>. Starija, Pjesni\u010dka Edda, donosi posebno u pjesmi <em>Lokasenna<\/em> \u017eivopisnu sliku: bogovi se sva\u0111aju, a Loki optu\u017euje Frigg da se upustila s drugima dok je Oden bio odsutan.<\/p><p>Frigg odgovara suzdr\u017eano, a Freyja je branI navode\u0107i da Frigg poznaje sudbinu svih, iako je ne izgovara. Ovo mjesto je klju\u010dno, jer Frigg pripisuje poznavanje sudbine koje \u010duva za sebe.<\/p><p>Detaljnija je Snorrijeva Edda, ud\u017ebenik pjesni\u010dke umjetnosti koji je u trinaestom stolje\u0107u napisao Snorri Sturluson. Snorri Frigg naziva najuglednijom me\u0111u Asinjama, Odenovom suprugom i majkom Baldra.<\/p><p>Kod njega se nalazi i najdetaljniji <span class=\"iwg-fachbegriff\" data-tooltip=\"Predaja koja pripovijeda o bogovima, podrijetlu i poretku svijeta.\" tabindex=\"0\">mit<\/span> o Frigg, predistorija Baldrove smrti. Frigg od svih stvari na svijetu tra\u017ei zakletvu da ne\u0107e nauditi Baldru, ali pri tome zaboravlja mladu gran\u010dicu imele, koju smatra preneznatnom. Loki upravo tu praznin iskori\u0161tava.<\/p><p>Snorri je vrijedan, ali ne i bezupitan izvor. Pisao je dobra dva stolje\u0107a nakon kristijanizacije Islanda i predaju je uredio u sustav koji je djelomi\u010dno oblikovan u\u010denim i kr\u0161\u0107anskim shva\u0107anjima.<\/p><p>Religijska znanost zato Snorrija \u010dita kao obra\u0111iva\u010da, a ne kao izravnog svjedoka poganske religije. Njegov prikaz ipak \u010duva jezgre pripovijesti koje se djelomi\u010dno nalaze i u starijoj pjesni\u010dkoj predaji, pa se smatraju razmjerno starima.<\/p>\t\t\t\t\t\t\t\t<\/div>\n\t\t\t\t<\/div>\n\t\t\t\t\t<\/div>\n\t\t\t\t<\/div>\n\t\t<div class=\"elementor-element elementor-element-cpc3f2470 e-flex e-con-boxed e-con e-parent\" data-id=\"cpc3f2470\" data-element_type=\"container\" data-e-type=\"container\">\n\t\t\t\t\t<div class=\"e-con-inner\">\n\t\t\t\t<div class=\"elementor-element elementor-element-cpab01758 elementor-widget elementor-widget-heading\" data-id=\"cpab01758\" data-element_type=\"widget\" data-e-type=\"widget\" data-widget_type=\"heading.default\">\n\t\t\t\t\t<h2 class=\"elementor-heading-title elementor-size-default\">Mit o Baldru i Friggina uzaludna predostro\u017enost<\/h2>\t\t\t\t<\/div>\n\t\t<div class=\"elementor-element elementor-element-cpadb449b e-con-full e-flex e-con e-child\" data-id=\"cpadb449b\" data-element_type=\"container\" data-e-type=\"container\">\n\t\t\t\t<div class=\"elementor-element elementor-element-cp1c6dfe0 elementor-widget elementor-widget-text-editor\" data-id=\"cp1c6dfe0\" data-element_type=\"widget\" data-e-type=\"widget\" data-widget_type=\"text-editor.default\">\n\t\t\t\t\t\t\t\t\t<p>Najpoznatiji <span class=\"iwg-fachbegriff\" data-tooltip=\"Predaja koja pripovijeda o bogovima, podrijetlu i poretku svijeta.\" tabindex=\"0\">mit<\/span> u kojem Frigg igra presudnu ulogu jest smrt njezina sina Baldra. Pripovijest povezuje nekoliko tema va\u017enih za nordijsku sliku bogova: neizbje\u017enost sudbine, granice bo\u017eanske mo\u0107i i razornu snagu Lokija. Frigg je u sredi\u0161tu poku\u0161aja da se predvi\u0111ena nesre\u0107a sprije\u010di.<\/p><p>Kad Baldra po\u010dnu mu\u010diti zle slutnje, Frigg putuje svijetom i od svih stvari, vatre, vode, \u017eeljeza, kamenja, \u017eivotinja, bolesti, tra\u017ei obe\u0107anje da njezinu sinu ne\u0107e nauditi.<\/p><p>Jedino imelu zaboravlja. Loki to sazna, od gran\u010dice imele izradi projektil i navede slijepog H\u00f6dra da ga baci na Baldra. Baldr umire, a Friggina bri\u017ena predostro\u017enost pokazuje se nedovoljnom.<\/p><p>U znanstvenim tuma\u010denjima ovaj se <span class=\"iwg-fachbegriff\" data-tooltip=\"Predaja koja pripovijeda o bogovima, podrijetlu i poretku svijeta.\" tabindex=\"0\">mit<\/span> razli\u010dito obja\u0161njava. Neki u njemu vide staru pripovijest o bogu koji umire i ne vra\u0107a se, drugi isti\u010du knji\u017eevni <span class=\"iwg-fachbegriff\" data-tooltip=\"Element sadr\u017eaja koji se ponavlja u umjetnosti ili pripovijedanju.\" tabindex=\"0\">motiv<\/span> jedne zaboravljene mogu\u0107nosti koja poni\u0161tava cijeli poduhvat. Va\u017ena je Friggina dvostruka uloga: ona je ta koja poznaje sudbinu, a istovremeno je ta koja ju ne mo\u017ee sprije\u010diti.<\/p><p>Nakon Baldrove smrti \u0161alje glasnika u podzemni svijet, i povratak umalo uspijeva, ali Loki ponovno sprije\u010di uspjeh. <span class=\"iwg-fachbegriff\" data-tooltip=\"Predaja koja pripovijeda o bogovima, podrijetlu i poretku svijeta.\" tabindex=\"0\">Mit<\/span> prikazuje Frigg kao djelatnu, dalekovidnu figuru \u010dija mo\u0107 ipak nailazi na granicu u poretku sudbine. Daljnje veze vode prema drugim figurama <a href=\"https:\/\/iwell-guard.com\/hr\/?page_id=149349\">germanskog panteona<\/a>.<\/p>\t\t\t\t\t\t\t\t<\/div>\n\t\t\t\t<\/div>\n\t\t\t\t\t<\/div>\n\t\t\t\t<\/div>\n\t\t<div class=\"elementor-element elementor-element-cp7ba8148 e-flex e-con-boxed e-con e-parent\" data-id=\"cp7ba8148\" data-element_type=\"container\" data-e-type=\"container\">\n\t\t\t\t\t<div class=\"e-con-inner\">\n\t\t\t\t<div class=\"elementor-element elementor-element-cpeaa0648 elementor-widget elementor-widget-heading\" data-id=\"cpeaa0648\" data-element_type=\"widget\" data-e-type=\"widget\" data-widget_type=\"heading.default\">\n\t\t\t\t\t<h2 class=\"elementor-heading-title elementor-size-default\">Frigg, Freyja i problem dvostruke bo\u017eice<\/h2>\t\t\t\t<\/div>\n\t\t<div class=\"elementor-element elementor-element-cpdbeb154 e-con-full e-flex e-con e-child\" data-id=\"cpdbeb154\" data-element_type=\"container\" data-e-type=\"container\">\n\t\t\t\t<div class=\"elementor-element elementor-element-cpda43d24 elementor-widget elementor-widget-text-editor\" data-id=\"cpda43d24\" data-element_type=\"widget\" data-e-type=\"widget\" data-widget_type=\"text-editor.default\">\n\t\t\t\t\t\t\t\t\t<p>Jedno od najstarijih i najvi\u0161e raspravljanih pitanja nordijske religijske povijesti jest odnos izme\u0111u Frigg i Freyje. Obje bo\u017eice pokazuju upadljive sli\u010dnosti. Objema se pripisuje odora od perja s kojom se moglo letjeti.<\/p><p>Obje su povezane s ljubavlju, brakom i plodno\u0161\u0107u. Njihova imena jezi\u010dno se mogu izvesti iz sli\u010dnih korijena, pri \u010demu se <em>Frigg<\/em> povezuje s rije\u010dju za \u201eljubav\u201c, a <em>Freyja<\/em> s \u201egospodarica\u201c.<\/p><p>Dio starije znanosti, primjerice u krugu Jana de Vriesa, pretpostavljao je zato da su Frigg i Freyja izvorno bile jedna bo\u017eica koja se tek tijekom <span class=\"iwg-fachbegriff\" data-tooltip=\"Preno\u0161enje znanja i pripovijesti kroz generacije.\" tabindex=\"0\">predaje<\/span> razdvojila u dvije figure.<\/p><p>Drugi istra\u017eiva\u010di i istra\u017eiva\u010dice, me\u0111u njima i novija istra\u017eivanja o vikin\u0161kom razdoblju, isti\u010du naprotiv da se obje bo\u017eice u izvorima jasno razlikuju: Frigg pripada Asima, Freyja Vanima, imaju razli\u010dite supruge i razli\u010dita te\u017ei\u0161ta djelovanja.<\/p><p>Frigg je sna\u017enije povezana s brakom, ku\u0107anstvom i maj\u010dinstvom, Freyja s po\u017eudom, ratom i vlastitim oblikom \u010darobne umjetnosti, <em>sei\u00f0rom<\/em>.<\/p><p>Rasprava do danas nije zaklju\u010dena, jer izvori ne dopu\u0161taju jednozna\u010dan zaklju\u010dak. Mo\u017ee se ustvrditi da su obje bo\u017eice u predanoj religiji vikin\u0161kog doba \u0161tovane kao odvojene figure, dok njihova sli\u010dnost mo\u017ee upu\u0107ivati na zajedni\u010dku predistoriju ili na uzajamni utjecaj.<\/p><p>Za razumijevanje Frigg va\u017eno je to razgrani\u010denje: ona nije bo\u017eica ljubavi u smislu po\u017eude, nego gospodarica doma, braka i dalekovidne brige. Usporedba s <a href=\"https:\/\/iwell-guard.com\/hr\/?page_id=149349\">srodnim \u017eenskim figurama<\/a> te <span class=\"iwg-fachbegriff\" data-tooltip=\"Preno\u0161enje znanja i pripovijesti kroz generacije.\" tabindex=\"0\">predaje<\/span> o\u0161tri taj profil.<\/p>\t\t\t\t\t\t\t\t<\/div>\n\t\t\t\t<\/div>\n\t\t\t\t\t<\/div>\n\t\t\t\t<\/div>\n\t\t<div class=\"elementor-element elementor-element-cp967972e e-flex e-con-boxed e-con e-parent\" data-id=\"cp967972e\" data-element_type=\"container\" data-e-type=\"container\">\n\t\t\t\t\t<div class=\"e-con-inner\">\n\t\t\t\t<div class=\"elementor-element elementor-element-cp4b21c27 elementor-widget elementor-widget-heading\" data-id=\"cp4b21c27\" data-element_type=\"widget\" data-e-type=\"widget\" data-widget_type=\"heading.default\">\n\t\t\t\t\t<h2 class=\"elementor-heading-title elementor-size-default\">Tragovi na kontinentu, u imenima mjesta i u nazivu dana u tjednu<\/h2>\t\t\t\t<\/div>\n\t\t<div class=\"elementor-element elementor-element-cp7a1b465 e-con-full e-flex e-con e-child\" data-id=\"cp7a1b465\" data-element_type=\"container\" data-e-type=\"container\">\n\t\t\t\t<div class=\"elementor-element elementor-element-cp193b30a elementor-widget elementor-widget-text-editor\" data-id=\"cp193b30a\" data-element_type=\"widget\" data-e-type=\"widget\" data-widget_type=\"text-editor.default\">\n\t\t\t\t\t\t\t\t\t<p>Frigg nije samo lik staronordijskog pjesni\u0161tva, ve\u0107 je ostavila trag u cijelom germanskom jezi\u010dnom prostoru. Najjasniji dokaz za to je naziv dana u tjednu, petak. Rimsko nazivanje dana u tjednu pridjeljivalo je dane planetarnim bo\u017eanstvima, a dan Venere je pri preuzimanju u germanske jezike pripisan zasebnoj bo\u017eici.<\/p><p>U engleskom <em>Friday<\/em>, u njema\u010dkom <em>Freitag<\/em>, u nordijskim jezicima sli\u010dno, krije se ta poistovje\u0107enost. Koja je bo\u017eica to\u010dno bila mi\u0161ljena, Frigg ili Freyja, ostaje sporno zbog ve\u0107 spomenutog srodstva, ali ve\u0107ina povjesni\u010dara jezika naginje Frigg, odnosno njezinoj kontinentalnoj istovrijednici.<\/p><p>Na kontinentu se bo\u017eica srodna Friggi javlja u langobardskoj <span class=\"iwg-fachbegriff\" data-tooltip=\"Preno\u0161enje znanja i pri\u010da kroz generacije.\" tabindex=\"0\">predaji<\/span> pod imenom <em>Frea<\/em>. Paulus Diaconus u svojoj <em>Historia Langobardorum<\/em> iz osmog stolje\u0107a donosi pri\u010du u kojoj Frea svome mu\u017eu Godanu, odnosno Odinu, lukavstvom poma\u017ee do pobjede.<\/p><p>Ta epizoda smatra se va\u017enim pokazateljem da po\u0161tovanje lika Frigg nije bilo ograni\u010deno na Skandinaviju, ve\u0107 je bilo poznato kod razli\u010ditih germanskih narod\u00e2.<\/p><p>Nazivi mjesta koji upu\u0107uju na Frigg rje\u0111i su i nesigurniji nego kod nekih drugih bo\u017eanstava, \u0161to se u istra\u017eivanjima djelomi\u010dno obja\u0161njava ku\u0107nim, manje javno-kultnim karakterom njezinog po\u0161tovanja. Staro ime zvjezdanog sazvije\u017e\u0111a, danas poznatog kao Orionov pojas, u Skandinaviji je dijelom povezivano s Frigg, ali ta je <span class=\"iwg-fachbegriff\" data-tooltip=\"Preno\u0161enje znanja i pri\u010da kroz generacije.\" tabindex=\"0\">predaja<\/span> kasna i nesigurna.<\/p><p>Sve u svemu, traganje za tragovima pokazuje da je Frigg, izvan islandskih tekstova, bila \u0161iroko utemeljen lik, \u010dije se po\u0161tovanje odvijalo prije u ku\u0107nom nego u monumentalnom okviru, pa je ostavilo manje vidljivih arheolo\u0161kih tragova.<\/p>\t\t\t\t\t\t\t\t<\/div>\n\t\t\t\t<\/div>\n\t\t\t\t\t<\/div>\n\t\t\t\t<\/div>\n\t\t<div class=\"elementor-element elementor-element-36dd7469 e-flex e-con-boxed e-con e-parent\" data-id=\"36dd7469\" data-element_type=\"container\" data-e-type=\"container\">\n\t\t\t\t\t<div class=\"e-con-inner\">\n\t\t\t\t<div class=\"elementor-element elementor-element-13760ab4 elementor-widget elementor-widget-heading\" data-id=\"13760ab4\" data-element_type=\"widget\" data-e-type=\"widget\" data-widget_type=\"heading.default\">\n\t\t\t\t\t<h2 class=\"elementor-heading-title elementor-size-default\">Daljnje poveznice<\/h2>\t\t\t\t<\/div>\n\t\t<div class=\"elementor-element elementor-element-28c87796 e-con-full e-flex e-con e-child\" data-id=\"28c87796\" data-element_type=\"container\" data-e-type=\"container\">\n\t\t\t\t<div class=\"elementor-element elementor-element-5d6538df elementor-widget elementor-widget-text-editor\" data-id=\"5d6538df\" data-element_type=\"widget\" data-e-type=\"widget\" data-widget_type=\"text-editor.default\">\n\t\t\t\t\t\t\t\t\t<ul><li><a href=\"https:\/\/iwell-guard.com\/hr\/?page_id=149449\">Odin, suprug<\/a><\/li><li><a href=\"https:\/\/iwell-guard.com\/hr\/?page_id=149550\">Freyja, srodna germanska bo\u017eica<\/a><\/li><li><a href=\"https:\/\/iwell-guard.com\/hr\/?page_id=149498\">Loki, protivnik u mitu o Balderu<\/a><\/li><li><a href=\"https:\/\/iwell-guard.com\/hr\/?page_id=149349\">Germanski, pregled panteona<\/a><\/li><li><a href=\"https:\/\/iwell-guard.com\/hr\/?page_id=149443\">Vrhovna bo\u017eanstva, podkategorija<\/a><\/li><li><a href=\"https:\/\/iwell-guard.com\/hr\/?page_id=149415\">Bogovi, pregled klasa<\/a><\/li><\/ul>\t\t\t\t\t\t\t\t<\/div>\n\t\t\t\t<\/div>\n\t\t\t\t\t<\/div>\n\t\t\t\t<\/div>\n\t\t<div class=\"elementor-element elementor-element-grl4kl40 e-flex e-con-boxed e-con e-parent\" data-id=\"grl4kl40\" data-element_type=\"container\" data-e-type=\"container\">\n\t\t\t\t\t<div class=\"e-con-inner\">\n\t\t\t\t<div class=\"elementor-element elementor-element-bzsbfrmh elementor-widget elementor-widget-heading\" data-id=\"bzsbfrmh\" data-element_type=\"widget\" data-e-type=\"widget\" data-widget_type=\"heading.default\">\n\t\t\t\t\t<h2 class=\"elementor-heading-title elementor-size-default\">Literatura (izbor)<\/h2>\t\t\t\t<\/div>\n\t\t<div class=\"elementor-element elementor-element-2c13224a e-con-full e-flex e-con e-child\" data-id=\"2c13224a\" data-element_type=\"container\" data-e-type=\"container\">\n\t\t\t\t<div class=\"elementor-element elementor-element-0eymh9ub elementor-widget elementor-widget-text-editor\" data-id=\"0eymh9ub\" data-element_type=\"widget\" data-e-type=\"widget\" data-widget_type=\"text-editor.default\">\n\t\t\t\t\t\t\t\t\t<footer class=\"iwg-literatur\" data-nosnippet=\"true\"><ul><li><span data-nosnippet>Simek, Rudolf: <em>Lexikon der germanischen <span class=\"iwg-fachbegriff\" data-tooltip=\"Ukupnost predanih pri\u010da o bogovima jedne kulture.\" tabindex=\"0\">Mythologie<\/span><\/em>. Stuttgart 2006.<\/span><\/li><li><span data-nosnippet>de Vries, Jan: <em>Altgermanische Religionsgeschichte<\/em>. 2 sveska, Berlin 1956\/57.<\/span><\/li><li><span data-nosnippet>Lindow, John: <em>Norse Mythology. A Guide to the Gods, Heroes, Rituals, and Beliefs<\/em>. Oxford 2001.<\/span><\/li><li><span data-nosnippet>Davidson, Hilda Ellis: <em>Roles of the Northern Goddess<\/em>. London 1998.<\/span><\/li><li><span class=\"iwg-fachbegriff\" tabindex=\"0\" data-tooltip=\"Islandski u\u010denjak (1179\u20131241); autor Prozne Edde i Heimskringle.\">Snorri Sturluson<\/span>: <em>Snorra-Edda<\/em> (brojni prijevodi).<\/li><li>Walde, Christine (ur.): <em>Der Neue Pauly<\/em> (natuknica &bdquo;Frigg&ldquo;).<\/li><\/ul><\/footer>\t\t\t\t\t\t\t\t<\/div>\n\t\t\t\t<\/div>\n\t\t\t\t\t<\/div>\n\t\t\t\t<\/div>\n\t\t<div class=\"elementor-element elementor-element-iwgkw2-add-frigg e-flex e-con-boxed e-con e-parent\" data-id=\"iwgkw2-add-frigg\" data-element_type=\"container\" data-e-type=\"container\">\n\t\t\t\t\t<div class=\"e-con-inner\">\n\t\t\t\t<div class=\"elementor-element elementor-element-iwgkw2-add-frigg-t elementor-widget elementor-widget-text-editor\" data-id=\"iwgkw2-add-frigg-t\" data-element_type=\"widget\" data-e-type=\"widget\" data-widget_type=\"text-editor.default\">\n\t\t\t\t\t\t\t\t\t<p>Frigg se u nordijskoj <span class=\"iwg-fachbegriff\" data-tooltip=\"Preno\u0161enje znanja i pri\u010da kroz generacije.\" tabindex=\"0\">predaji<\/span> smatra <em>vrhovnom bo\u017eicom<\/em> Asa, Odinovom suprugom i Balderovom majkom; Edda je prikazuje kao \u010duvarku sudbinskih niti i za\u0161titnicu zakletvi.<\/p>\t\t\t\t\t\t\t\t<\/div>\n\t\t\t\t\t<\/div>\n\t\t\t\t<\/div>\n\t\t\t\t<\/div>\n\t\t","protected":false},"excerpt":{"rendered":"","protected":false},"author":3,"featured_media":1572,"parent":0,"menu_order":0,"comment_status":"closed","ping_status":"closed","template":"elementor_header_footer","meta":{"_yoast_wpseo_focuskw":"frigg","_yoast_wpseo_title":"Frigg \u2013 vrhovna boginja Asa, majka Baldera","_yoast_wpseo_metadesc":"Frigg, vrhovna boginja Asa i majka Baldera. Dar sudbine, maj\u010dinstvo, ku\u0107no gospodarstvo. Izvori u Eddi, Saxu i tragovi u germanskim kultovima.","_yoast_wpseo_meta-robots-noindex":"","_yoast_wpseo_canonical":"","_angie_page":false,"gefaehrdungsstufe":"1","wesen_kultur":"germanisch","wesen_klasse":"goetter","footnotes":""},"categories":[],"class_list":["post-149554","page","type-page","status-publish","has-post-thumbnail","hentry"],"yoast_head":"<!-- This site is optimized with the Yoast SEO Premium plugin v27.7 (Yoast SEO v28.3) - https:\/\/yoast.com\/product\/yoast-seo-premium-wordpress\/ -->\n<title>Frigg \u2013 vrhovna boginja Asa, majka Baldera<\/title>\n<meta name=\"description\" content=\"Frigg, vrhovna boginja Asa i majka Baldera. Dar sudbine, maj\u010dinstvo, ku\u0107no gospodarstvo. Izvori u Eddi, Saxu i tragovi u germanskim kultovima.\" \/>\n<meta name=\"robots\" content=\"index, follow, max-snippet:-1, max-image-preview:large, max-video-preview:-1\" \/>\n<link rel=\"canonical\" href=\"https:\/\/iwell-guard.com\/hr\/frigg\/\" \/>\n<meta property=\"og:locale\" content=\"hr_HR\" \/>\n<meta property=\"og:type\" content=\"article\" \/>\n<meta property=\"og:title\" content=\"Frigg\" \/>\n<meta property=\"og:description\" content=\"Frigg, vrhovna boginja Asa i majka Baldera. Dar sudbine, maj\u010dinstvo, ku\u0107no gospodarstvo. Izvori u Eddi, Saxu i tragovi u germanskim kultovima.\" \/>\n<meta property=\"og:url\" content=\"https:\/\/iwell-guard.com\/hr\/frigg\/\" \/>\n<meta property=\"og:site_name\" content=\"iWell Guard\" \/>\n<meta property=\"article:modified_time\" content=\"2026-09-04T05:26:27+00:00\" \/>\n<meta property=\"og:image\" content=\"https:\/\/iwell-guard.com\/wp-content\/uploads\/2026\/04\/goetter_germanisch_frigg.webp\" \/>\n\t<meta property=\"og:image:width\" content=\"1024\" \/>\n\t<meta property=\"og:image:height\" content=\"1536\" \/>\n\t<meta property=\"og:image:type\" content=\"image\/webp\" \/>\n<meta name=\"twitter:card\" content=\"summary_large_image\" \/>\n<script type=\"application\/ld+json\" class=\"yoast-schema-graph\">{\"@context\":\"https:\\\/\\\/schema.org\",\"@graph\":[{\"@type\":\"WebPage\",\"@id\":\"https:\\\/\\\/iwell-guard.com\\\/hr\\\/frigg\\\/\",\"url\":\"https:\\\/\\\/iwell-guard.com\\\/hr\\\/frigg\\\/\",\"name\":\"Frigg \u2013 vrhovna boginja Asa, majka Baldera\",\"isPartOf\":{\"@id\":\"https:\\\/\\\/iwell-guard.com\\\/hr\\\/#website\"},\"primaryImageOfPage\":{\"@id\":\"https:\\\/\\\/iwell-guard.com\\\/hr\\\/frigg\\\/#primaryimage\"},\"image\":{\"@id\":\"https:\\\/\\\/iwell-guard.com\\\/hr\\\/frigg\\\/#primaryimage\"},\"thumbnailUrl\":\"https:\\\/\\\/iwell-guard.com\\\/wp-content\\\/uploads\\\/2026\\\/04\\\/goetter_germanisch_frigg.webp\",\"datePublished\":\"2026-09-04T05:11:33+00:00\",\"dateModified\":\"2026-09-04T05:26:27+00:00\",\"description\":\"Frigg, vrhovna boginja Asa i majka Baldera. Dar sudbine, maj\u010dinstvo, ku\u0107no gospodarstvo. Izvori u Eddi, Saxu i tragovi u germanskim kultovima.\",\"breadcrumb\":{\"@id\":\"https:\\\/\\\/iwell-guard.com\\\/hr\\\/frigg\\\/#breadcrumb\"},\"inLanguage\":\"hr\",\"potentialAction\":[{\"@type\":\"ReadAction\",\"target\":[\"https:\\\/\\\/iwell-guard.com\\\/hr\\\/frigg\\\/\"]}]},{\"@type\":\"ImageObject\",\"inLanguage\":\"hr\",\"@id\":\"https:\\\/\\\/iwell-guard.com\\\/hr\\\/frigg\\\/#primaryimage\",\"url\":\"https:\\\/\\\/iwell-guard.com\\\/wp-content\\\/uploads\\\/2026\\\/04\\\/goetter_germanisch_frigg.webp\",\"contentUrl\":\"https:\\\/\\\/iwell-guard.com\\\/wp-content\\\/uploads\\\/2026\\\/04\\\/goetter_germanisch_frigg.webp\",\"width\":1024,\"height\":1536,\"caption\":\"Bogovi iz germanske tradicije.\"},{\"@type\":\"BreadcrumbList\",\"@id\":\"https:\\\/\\\/iwell-guard.com\\\/hr\\\/frigg\\\/#breadcrumb\",\"itemListElement\":[{\"@type\":\"ListItem\",\"position\":1,\"name\":\"Start\",\"item\":\"https:\\\/\\\/iwell-guard.com\\\/hr\\\/?page_id=149317\"},{\"@type\":\"ListItem\",\"position\":2,\"name\":\"Frigg\"}]},{\"@type\":\"WebSite\",\"@id\":\"https:\\\/\\\/iwell-guard.com\\\/hr\\\/#website\",\"url\":\"https:\\\/\\\/iwell-guard.com\\\/hr\\\/\",\"name\":\"iWell Guard\",\"description\":\"Schutz vor dunklen Einfl\u00fcssen\",\"publisher\":{\"@id\":\"https:\\\/\\\/iwell-guard.com\\\/hr\\\/#organization\"},\"potentialAction\":[{\"@type\":\"SearchAction\",\"target\":{\"@type\":\"EntryPoint\",\"urlTemplate\":\"https:\\\/\\\/iwell-guard.com\\\/hr\\\/?s={search_term_string}\"},\"query-input\":{\"@type\":\"PropertyValueSpecification\",\"valueRequired\":true,\"valueName\":\"search_term_string\"}}],\"inLanguage\":\"hr\"},{\"@type\":\"Organization\",\"@id\":\"https:\\\/\\\/iwell-guard.com\\\/hr\\\/#organization\",\"name\":\"Ittermann electronic GmbH\",\"url\":\"https:\\\/\\\/iwell-guard.com\\\/hr\\\/\",\"logo\":{\"@type\":\"ImageObject\",\"inLanguage\":\"hr\",\"@id\":\"https:\\\/\\\/iwell-guard.com\\\/hr\\\/#\\\/schema\\\/logo\\\/image\\\/\",\"url\":\"https:\\\/\\\/iwell-guard.com\\\/wp-content\\\/uploads\\\/2026\\\/05\\\/Ittermann-Logo-1182x237-1.png\",\"contentUrl\":\"https:\\\/\\\/iwell-guard.com\\\/wp-content\\\/uploads\\\/2026\\\/05\\\/Ittermann-Logo-1182x237-1.png\",\"width\":1182,\"height\":237,\"caption\":\"Ittermann electronic GmbH\"},\"image\":{\"@id\":\"https:\\\/\\\/iwell-guard.com\\\/hr\\\/#\\\/schema\\\/logo\\\/image\\\/\"},\"sameAs\":[\"https:\\\/\\\/pantip.com\\\/profile\\\/9367242\",\"https:\\\/\\\/micro.blog\\\/iwellguard\",\"https:\\\/\\\/www.diggerslist.com\\\/iwellguard\\\/about\",\"https:\\\/\\\/skitterphoto.com\\\/photographers\\\/2870314\\\/iwell-guard\",\"https:\\\/\\\/iwellguard.wordpress.com\\\/2026\\\/06\\\/06\\\/iwell-guard\\\/\",\"https:\\\/\\\/hub.docker.com\\\/u\\\/iwellguard\",\"https:\\\/\\\/www.pinterest.com\\\/iwellguard\\\/\",\"https:\\\/\\\/bit.ly\\\/m\\\/iwellguard\",\"https:\\\/\\\/entre-vos-mains.alsace.eu\\\/profiles\\\/iwellguard\\\/activity\",\"https:\\\/\\\/gravatar.com\\\/reallybeded8fd34\",\"https:\\\/\\\/naijamatta.com\\\/iwellguard\",\"https:\\\/\\\/www.goodreads.com\\\/iwellguard\",\"https:\\\/\\\/profile.hatena.ne.jp\\\/iwellguard\\\/\",\"https:\\\/\\\/experiment.com\\\/users\\\/iwellguard\",\"https:\\\/\\\/wakelet.com\\\/@iWellGuard82270\",\"https:\\\/\\\/www.chordie.com\\\/forum\\\/profile.php?id=2555664\",\"https:\\\/\\\/www.instapaper.com\\\/p\\\/17757966\",\"https:\\\/\\\/www.mapleprimes.com\\\/users\\\/iwellguard\",\"https:\\\/\\\/businesslistingplus.com\\\/profile\\\/iwell-guard\\\/\",\"https:\\\/\\\/telegra.ph\\\/iWell-Guard-06-06\",\"https:\\\/\\\/pbase.com\\\/iwellguard\\\/iwellguard\",\"https:\\\/\\\/b.hatena.ne.jp\\\/iwellguard\\\/20260607#bookmark-4788405196491818882\",\"https:\\\/\\\/fliphtml5.com\\\/home\\\/iwellguard\",\"https:\\\/\\\/anyflip.com\\\/homepage\\\/cmiwl#About\",\"https:\\\/\\\/transfur.com\\\/Users\\\/iwellguard\",\"http:\\\/\\\/delphi.larsbo.org\\\/user\\\/iwellguard\",\"https:\\\/\\\/jobs.lajobsportal.org\\\/profiles\\\/8380803-iwell-guard\",\"https:\\\/\\\/md.chaosdorf.de\\\/s\\\/jfbe5SBdJD\",\"https:\\\/\\\/www.lingvolive.com\\\/en-us\\\/profile\\\/9ecaeaca-ce11-4e51-9e71-01d55e2bff36\\\/translations\",\"https:\\\/\\\/www.fitday.com\\\/fitness\\\/forums\\\/members\\\/iwellguard.html\",\"https:\\\/\\\/www.mymeetbook.com\\\/iwellguard\",\"https:\\\/\\\/pxhere.com\\\/en\\\/photographer-me\\\/5040798\",\"https:\\\/\\\/disqus.com\\\/by\\\/iwellguard\\\/about\\\/\",\"https:\\\/\\\/pastelink.net\\\/hjwciqwq\",\"https:\\\/\\\/pubhtml5.com\\\/homepage\\\/scjhn\\\/\",\"https:\\\/\\\/www.bitchute.com\\\/channel\\\/2O2eOKzNqujT\",\"https:\\\/\\\/audiomack.com\\\/iwellguard\"]},{\"@type\":\"Article\",\"@id\":\"https:\\\/\\\/iwell-guard.com\\\/hr\\\/frigg\\\/#article\",\"isPartOf\":{\"@id\":\"https:\\\/\\\/iwell-guard.com\\\/hr\\\/frigg\\\/\"},\"author\":{\"name\":\"Ralf Ittermann\",\"@id\":\"https:\\\/\\\/iwell-guard.com\\\/hr\\\/#\\\/schema\\\/person\\\/ee2a27f1cac3406c7c6fb5820cb7349f\"},\"headline\":\"Frigg\",\"datePublished\":\"2026-09-04T05:11:33+00:00\",\"dateModified\":\"2026-09-04T05:26:27+00:00\",\"mainEntityOfPage\":{\"@id\":\"https:\\\/\\\/iwell-guard.com\\\/hr\\\/frigg\\\/\"},\"publisher\":{\"@id\":\"https:\\\/\\\/iwell-guard.com\\\/hr\\\/#organization\"},\"image\":{\"@id\":\"https:\\\/\\\/iwell-guard.com\\\/hr\\\/frigg\\\/#primaryimage\"},\"thumbnailUrl\":\"https:\\\/\\\/iwell-guard.com\\\/wp-content\\\/uploads\\\/2026\\\/04\\\/goetter_germanisch_frigg.webp\",\"inLanguage\":\"hr\",\"description\":\"Frigg, vrhovna boginja Asa i majka Baldera. Dar sudbine, maj\u010dinstvo, ku\u0107no gospodarstvo. Izvori u Eddi, Saxu i tragovi u germanskim kultovima.\"}]}<\/script>\n<!-- \/ Yoast SEO Premium plugin. -->","yoast_head_json":{"title":"Frigg \u2013 vrhovna boginja Asa, majka Baldera","description":"Frigg, vrhovna boginja Asa i majka Baldera. Dar sudbine, maj\u010dinstvo, ku\u0107no gospodarstvo. Izvori u Eddi, Saxu i tragovi u germanskim kultovima.","robots":{"index":"index","follow":"follow","max-snippet":"max-snippet:-1","max-image-preview":"max-image-preview:large","max-video-preview":"max-video-preview:-1"},"canonical":"https:\/\/iwell-guard.com\/hr\/frigg\/","og_locale":"hr_HR","og_type":"article","og_title":"Frigg","og_description":"Frigg, vrhovna boginja Asa i majka Baldera. Dar sudbine, maj\u010dinstvo, ku\u0107no gospodarstvo. Izvori u Eddi, Saxu i tragovi u germanskim kultovima.","og_url":"https:\/\/iwell-guard.com\/hr\/frigg\/","og_site_name":"iWell Guard","article_modified_time":"2026-09-04T05:26:27+00:00","og_image":[{"width":1024,"height":1536,"url":"https:\/\/iwell-guard.com\/wp-content\/uploads\/2026\/04\/goetter_germanisch_frigg.webp","type":"image\/webp"}],"twitter_card":"summary_large_image","schema":{"@context":"https:\/\/schema.org","@graph":[{"@type":"Article","@id":"https:\/\/iwell-guard.com\/hr\/frigg\/#article","isPartOf":{"@id":"https:\/\/iwell-guard.com\/hr\/frigg\/"},"author":{"name":"Ralf Ittermann","@id":"https:\/\/iwell-guard.com\/hr\/#\/schema\/person\/ee2a27f1cac3406c7c6fb5820cb7349f"},"headline":"Frigg","datePublished":"2026-09-04T05:11:33+00:00","dateModified":"2026-09-04T05:26:27+00:00","mainEntityOfPage":{"@id":"https:\/\/iwell-guard.com\/hr\/frigg\/"},"publisher":{"@id":"https:\/\/iwell-guard.com\/hr\/#organization"},"image":{"@id":"https:\/\/iwell-guard.com\/hr\/frigg\/#primaryimage"},"thumbnailUrl":"https:\/\/iwell-guard.com\/wp-content\/uploads\/2026\/04\/goetter_germanisch_frigg.webp","inLanguage":"hr","description":"Frigg, vrhovna boginja Asa i majka Baldera. Dar sudbine, maj\u010dinstvo, ku\u0107no gospodarstvo. Izvori u Eddi, Saxu i tragovi u germanskim kultovima."},{"@type":"WebPage","@id":"https:\/\/iwell-guard.com\/hr\/frigg\/","url":"https:\/\/iwell-guard.com\/hr\/frigg\/","name":"Frigg \u2013 vrhovna boginja Asa, majka Baldera","isPartOf":{"@id":"https:\/\/iwell-guard.com\/hr\/#website"},"primaryImageOfPage":{"@id":"https:\/\/iwell-guard.com\/hr\/frigg\/#primaryimage"},"image":{"@id":"https:\/\/iwell-guard.com\/hr\/frigg\/#primaryimage"},"thumbnailUrl":"https:\/\/iwell-guard.com\/wp-content\/uploads\/2026\/04\/goetter_germanisch_frigg.webp","datePublished":"2026-09-04T05:11:33+00:00","dateModified":"2026-09-04T05:26:27+00:00","description":"Frigg, vrhovna boginja Asa i majka Baldera. Dar sudbine, maj\u010dinstvo, ku\u0107no gospodarstvo. Izvori u Eddi, Saxu i tragovi u germanskim kultovima.","breadcrumb":{"@id":"https:\/\/iwell-guard.com\/hr\/frigg\/#breadcrumb"},"inLanguage":"hr","potentialAction":[{"@type":"ReadAction","target":["https:\/\/iwell-guard.com\/hr\/frigg\/"]}]},{"@type":"ImageObject","inLanguage":"hr","@id":"https:\/\/iwell-guard.com\/hr\/frigg\/#primaryimage","url":"https:\/\/iwell-guard.com\/wp-content\/uploads\/2026\/04\/goetter_germanisch_frigg.webp","contentUrl":"https:\/\/iwell-guard.com\/wp-content\/uploads\/2026\/04\/goetter_germanisch_frigg.webp","width":1024,"height":1536,"caption":"Bogovi iz germanske tradicije."},{"@type":"BreadcrumbList","@id":"https:\/\/iwell-guard.com\/hr\/frigg\/#breadcrumb","itemListElement":[{"@type":"ListItem","position":1,"name":"Start","item":"https:\/\/iwell-guard.com\/hr\/?page_id=149317"},{"@type":"ListItem","position":2,"name":"Frigg"}]},{"@type":"WebSite","@id":"https:\/\/iwell-guard.com\/hr\/#website","url":"https:\/\/iwell-guard.com\/hr\/","name":"iWell Guard","description":"Schutz vor dunklen Einfl\u00fcssen","publisher":{"@id":"https:\/\/iwell-guard.com\/hr\/#organization"},"potentialAction":[{"@type":"SearchAction","target":{"@type":"EntryPoint","urlTemplate":"https:\/\/iwell-guard.com\/hr\/?s={search_term_string}"},"query-input":{"@type":"PropertyValueSpecification","valueRequired":true,"valueName":"search_term_string"}}],"inLanguage":"hr"},{"@type":"Organization","@id":"https:\/\/iwell-guard.com\/hr\/#organization","name":"Ittermann electronic GmbH","url":"https:\/\/iwell-guard.com\/hr\/","logo":{"@type":"ImageObject","inLanguage":"hr","@id":"https:\/\/iwell-guard.com\/hr\/#\/schema\/logo\/image\/","url":"https:\/\/iwell-guard.com\/wp-content\/uploads\/2026\/05\/Ittermann-Logo-1182x237-1.png","contentUrl":"https:\/\/iwell-guard.com\/wp-content\/uploads\/2026\/05\/Ittermann-Logo-1182x237-1.png","width":1182,"height":237,"caption":"Ittermann electronic GmbH"},"image":{"@id":"https:\/\/iwell-guard.com\/hr\/#\/schema\/logo\/image\/"},"sameAs":["https:\/\/pantip.com\/profile\/9367242","https:\/\/micro.blog\/iwellguard","https:\/\/www.diggerslist.com\/iwellguard\/about","https:\/\/skitterphoto.com\/photographers\/2870314\/iwell-guard","https:\/\/iwellguard.wordpress.com\/2026\/06\/06\/iwell-guard\/","https:\/\/hub.docker.com\/u\/iwellguard","https:\/\/www.pinterest.com\/iwellguard\/","https:\/\/bit.ly\/m\/iwellguard","https:\/\/entre-vos-mains.alsace.eu\/profiles\/iwellguard\/activity","https:\/\/gravatar.com\/reallybeded8fd34","https:\/\/naijamatta.com\/iwellguard","https:\/\/www.goodreads.com\/iwellguard","https:\/\/profile.hatena.ne.jp\/iwellguard\/","https:\/\/experiment.com\/users\/iwellguard","https:\/\/wakelet.com\/@iWellGuard82270","https:\/\/www.chordie.com\/forum\/profile.php?id=2555664","https:\/\/www.instapaper.com\/p\/17757966","https:\/\/www.mapleprimes.com\/users\/iwellguard","https:\/\/businesslistingplus.com\/profile\/iwell-guard\/","https:\/\/telegra.ph\/iWell-Guard-06-06","https:\/\/pbase.com\/iwellguard\/iwellguard","https:\/\/b.hatena.ne.jp\/iwellguard\/20260607#bookmark-4788405196491818882","https:\/\/fliphtml5.com\/home\/iwellguard","https:\/\/anyflip.com\/homepage\/cmiwl#About","https:\/\/transfur.com\/Users\/iwellguard","http:\/\/delphi.larsbo.org\/user\/iwellguard","https:\/\/jobs.lajobsportal.org\/profiles\/8380803-iwell-guard","https:\/\/md.chaosdorf.de\/s\/jfbe5SBdJD","https:\/\/www.lingvolive.com\/en-us\/profile\/9ecaeaca-ce11-4e51-9e71-01d55e2bff36\/translations","https:\/\/www.fitday.com\/fitness\/forums\/members\/iwellguard.html","https:\/\/www.mymeetbook.com\/iwellguard","https:\/\/pxhere.com\/en\/photographer-me\/5040798","https:\/\/disqus.com\/by\/iwellguard\/about\/","https:\/\/pastelink.net\/hjwciqwq","https:\/\/pubhtml5.com\/homepage\/scjhn\/","https:\/\/www.bitchute.com\/channel\/2O2eOKzNqujT","https:\/\/audiomack.com\/iwellguard"]},{"@type":"Person","@id":"https:\/\/iwell-guard.com\/hr\/#\/schema\/person\/ee2a27f1cac3406c7c6fb5820cb7349f","name":"Ralf Ittermann","image":{"@type":"ImageObject","inLanguage":"hr","@id":"https:\/\/secure.gravatar.com\/avatar\/073c0153e350a5005b68eb752b445fea71f6b24a26da9449ad7e155e6b446c9d?s=96&d=mm&r=g","url":"https:\/\/secure.gravatar.com\/avatar\/073c0153e350a5005b68eb752b445fea71f6b24a26da9449ad7e155e6b446c9d?s=96&d=mm&r=g","contentUrl":"https:\/\/secure.gravatar.com\/avatar\/073c0153e350a5005b68eb752b445fea71f6b24a26da9449ad7e155e6b446c9d?s=96&d=mm&r=g","caption":"Ralf Ittermann"},"givenName":"Ralf","familyName":"Ittermann","jobTitle":"Gesch\u00e4ftsf\u00fchrer und redaktioneller Verantwortlicher","url":"https:\/\/iwell-guard.com\/hr\/author\/claude\/","description":"Ralf Ittermann ist Gesch\u00e4ftsf\u00fchrer der Ittermann electronic GmbH und redaktioneller Verantwortlicher des iWell-Guard-Lexikons. Er verbindet langj\u00e4hrige Erfahrung in der Pr\u00e4zisionsfertigung mit medialer Praxis und religionsgeschichtlicher Quellenarbeit.","worksFor":{"@type":"Organization","name":"Ittermann electronic GmbH","url":"https:\/\/ittermann.de\/","address":{"@type":"PostalAddress","streetAddress":"K\u00f6hlergasse 16-18","postalCode":"99842","addressLocality":"Ruhla","addressCountry":"DE"}},"knowsAbout":["Religionsgeschichte","Mythologie","Mediale Praxis","Energetische Diagnostik","Schutzpraxis","Volksglauben","Westliche Esoterik"]},{"@type":"Article","@id":"https:\/\/iwell-guard.com\/hr\/frigg\/#article","isPartOf":{"@id":"https:\/\/iwell-guard.com\/hr\/frigg\/"},"author":{"name":"Ralf Ittermann","@id":"https:\/\/iwell-guard.com\/hr\/#\/schema\/person\/ee2a27f1cac3406c7c6fb5820cb7349f"},"headline":"Frigg","datePublished":"2026-09-04T05:11:33+00:00","dateModified":"2026-09-04T05:26:27+00:00","mainEntityOfPage":{"@id":"https:\/\/iwell-guard.com\/hr\/frigg\/"},"publisher":{"@id":"https:\/\/iwell-guard.com\/hr\/#organization"},"image":{"@id":"https:\/\/iwell-guard.com\/hr\/frigg\/#primaryimage"},"thumbnailUrl":"https:\/\/iwell-guard.com\/wp-content\/uploads\/2026\/04\/goetter_germanisch_frigg.webp","inLanguage":"hr","description":"Frigg, vrhovna boginja Asa i majka Baldera. Dar sudbine, maj\u010dinstvo, ku\u0107no gospodarstvo. Izvori u Eddi, Saxu i tragovi u germanskim kultovima."}]}},"_links":{"self":[{"href":"https:\/\/iwell-guard.com\/hr\/wp-json\/wp\/v2\/pages\/149554","targetHints":{"allow":["GET"]}}],"collection":[{"href":"https:\/\/iwell-guard.com\/hr\/wp-json\/wp\/v2\/pages"}],"about":[{"href":"https:\/\/iwell-guard.com\/hr\/wp-json\/wp\/v2\/types\/page"}],"author":[{"embeddable":true,"href":"https:\/\/iwell-guard.com\/hr\/wp-json\/wp\/v2\/users\/3"}],"replies":[{"embeddable":true,"href":"https:\/\/iwell-guard.com\/hr\/wp-json\/wp\/v2\/comments?post=149554"}],"version-history":[{"count":0,"href":"https:\/\/iwell-guard.com\/hr\/wp-json\/wp\/v2\/pages\/149554\/revisions"}],"wp:featuredmedia":[{"embeddable":true,"href":"https:\/\/iwell-guard.com\/hr\/wp-json\/wp\/v2\/media\/1572"}],"wp:attachment":[{"href":"https:\/\/iwell-guard.com\/hr\/wp-json\/wp\/v2\/media?parent=149554"}],"wp:term":[{"taxonomy":"category","embeddable":true,"href":"https:\/\/iwell-guard.com\/hr\/wp-json\/wp\/v2\/categories?post=149554"}],"curies":[{"name":"wp","href":"https:\/\/api.w.org\/{rel}","templated":true}]}}