{"id":149551,"date":"2026-09-04T05:11:31","date_gmt":"2026-09-04T05:11:31","guid":{"rendered":"https:\/\/iwell-guard.com\/?page_id=149551"},"modified":"2026-09-04T05:26:23","modified_gmt":"2026-09-04T05:26:23","slug":"thor","status":"publish","type":"page","link":"https:\/\/iwell-guard.com\/hr\/thor\/","title":{"rendered":"Thor"},"content":{"rendered":"\t\t<div data-elementor-type=\"wp-page\" data-elementor-id=\"149551\" class=\"elementor elementor-149551 elementor-2095 elementor-bc-flex-widget\" data-elementor-post-type=\"page\">\n\t\t\t\t<div class=\"elementor-element elementor-element-10fdade e-flex e-con-boxed e-con e-parent\" data-id=\"10fdade\" data-element_type=\"container\" data-e-type=\"container\" data-settings=\"{&quot;background_background&quot;:&quot;classic&quot;}\">\n\t\t\t\t\t<div class=\"e-con-inner\">\n\t\t<div class=\"elementor-element elementor-element-herohlft0 e-flex e-con-boxed e-con e-child\" data-id=\"herohlft0\" data-element_type=\"container\" data-e-type=\"container\">\n\t\t\t\t\t<div class=\"e-con-inner\">\n\t\t<div class=\"elementor-element elementor-element-c3ceb64 e-con-full e-flex e-con e-child\" data-id=\"c3ceb64\" data-element_type=\"container\" data-e-type=\"container\">\n\t\t\t\t<div class=\"elementor-element elementor-element-96ae5e1 elementor-widget elementor-widget-heading\" data-id=\"96ae5e1\" data-element_type=\"widget\" data-e-type=\"widget\" data-widget_type=\"heading.default\">\n\t\t\t\t\t<h1 class=\"elementor-heading-title elementor-size-default\">Thor, bog germanske tradicije<\/h1>\t\t\t\t<\/div>\n\t\t\t\t<div class=\"elementor-element elementor-element-e45238a elementor-widget elementor-widget-text-editor\" data-id=\"e45238a\" data-element_type=\"widget\" data-e-type=\"widget\" data-widget_type=\"text-editor.default\">\n\t\t\t\t\t\t\t\t\t<p>Thor je bog groma, munje i za\u0161tite u germanskoj tradiciji. Kao sin Odina i za\u0161titnik \u010dovje\u010danstva i bogova, on predstavlja snagu, hrabrost i poredak protiv kaosa.<\/p><p>Religijskopovijesno gledano, Thor je primjer za sredi\u0161nju ulogu boga vremenskih nepogoda u indoeuropskim panteonima i njegovu politi\u010dku preobrazbu u za\u0161titni\u010dko bo\u017eanstvo seljaka i ratnika.<\/p>\t\t\t\t\t\t\t\t<\/div>\n\t\t\t\t<\/div>\n\t\t<div class=\"elementor-element elementor-element-klsbdg01 e-con-full e-flex e-con e-parent\" data-id=\"klsbdg01\" data-element_type=\"container\" data-e-type=\"container\">\n\t\t\t\t<div class=\"elementor-element elementor-element-klshtm01 elementor-widget elementor-widget-html\" data-id=\"klshtm01\" data-element_type=\"widget\" data-e-type=\"widget\" data-widget_type=\"html.default\">\n\t\t\t\t\t<div class=\"iwg-pill-row\"><span class=\"iwg-klasse-badge\" tabindex=\"0\" data-tooltip=\"Bog \/ bo\u017eica: Personificirana najvi\u0161a mo\u0107 u panteonu neke kulture, s jasnim nadle\u017enostima poput prirodnih sila, sudbine, rata i plodnosti. \u0160tovan kroz kultove, \u017ertve i hramske institucije.\">Bog<\/span><a href=\"https:\/\/iwell-guard.com\/hr\/?page_id=149349\" class=\"iwg-kultur-badge\" tabindex=\"0\" data-tooltip=\"Predkr\u0161\u0107anski svijet bogova i duhova sjeverne i srednje Europe.\">Germanski<\/a><\/div>\t\t\t\t<\/div>\n\t\t\t\t<\/div>\n\t\t<div class=\"elementor-element elementor-element-3f74855 e-con-full e-flex e-con e-child\" data-id=\"3f74855\" data-element_type=\"container\" data-e-type=\"container\">\n\t\t\t\t<div class=\"elementor-element elementor-element-1c30362 elementor-toc--minimized-on-tablet elementor-widget elementor-widget-table-of-contents\" data-id=\"1c30362\" data-element_type=\"widget\" data-e-type=\"widget\" data-settings=\"{&quot;exclude_headings_by_selector&quot;:[],&quot;no_headings_message&quot;:&quot;Na ovoj stranici nisu prona\\u0111eni naslovi.&quot;,&quot;headings_by_tags&quot;:[&quot;h2&quot;,&quot;h3&quot;],&quot;marker_view&quot;:&quot;bullets&quot;,&quot;minimize_box&quot;:&quot;yes&quot;,&quot;icon&quot;:{&quot;value&quot;:&quot;fas fa-circle&quot;,&quot;library&quot;:&quot;fa-solid&quot;,&quot;rendered_tag&quot;:&quot;&lt;svg class=\\&quot;e-font-icon-svg e-fas-circle\\&quot; viewBox=\\&quot;0 0 512 512\\&quot; xmlns=\\&quot;http:\\\/\\\/www.w3.org\\\/2000\\\/svg\\&quot;&gt;&lt;path d=\\&quot;M256 8C119 8 8 119 8 256s111 248 248 248 248-111 248-248S393 8 256 8z\\&quot;&gt;&lt;\\\/path&gt;&lt;\\\/svg&gt;&quot;},&quot;minimized_on&quot;:&quot;tablet&quot;,&quot;hierarchical_view&quot;:&quot;yes&quot;,&quot;min_height&quot;:{&quot;unit&quot;:&quot;px&quot;,&quot;size&quot;:&quot;&quot;,&quot;sizes&quot;:[]},&quot;min_height_tablet&quot;:{&quot;unit&quot;:&quot;px&quot;,&quot;size&quot;:&quot;&quot;,&quot;sizes&quot;:[]},&quot;min_height_mobile&quot;:{&quot;unit&quot;:&quot;px&quot;,&quot;size&quot;:&quot;&quot;,&quot;sizes&quot;:[]}}\" data-widget_type=\"table-of-contents.default\">\n\t\t\t\t\t\t\t\t\t<div class=\"elementor-toc__header\">\n\t\t\t\t\t\t<h2 class=\"elementor-toc__header-title\">\n\t\t\t\tSadr\u017eaj\t\t\t<\/h2>\n\t\t\t\t\t\t\t\t\t\t<div class=\"elementor-toc__toggle-button elementor-toc__toggle-button--expand\" role=\"button\" tabindex=\"0\" aria-controls=\"elementor-toc__1c30362\" aria-expanded=\"true\" aria-label=\"Open table of contents\"><svg aria-hidden=\"true\" class=\"e-font-icon-svg e-fas-chevron-down\" viewBox=\"0 0 448 512\" xmlns=\"http:\/\/www.w3.org\/2000\/svg\"><path d=\"M207.029 381.476L12.686 187.132c-9.373-9.373-9.373-24.569 0-33.941l22.667-22.667c9.357-9.357 24.522-9.375 33.901-.04L224 284.505l154.745-154.021c9.379-9.335 24.544-9.317 33.901.04l22.667 22.667c9.373 9.373 9.373 24.569 0 33.941L240.971 381.476c-9.373 9.372-24.569 9.372-33.942 0z\"><\/path><\/svg><\/div>\n\t\t\t\t<div class=\"elementor-toc__toggle-button elementor-toc__toggle-button--collapse\" role=\"button\" tabindex=\"0\" aria-controls=\"elementor-toc__1c30362\" aria-expanded=\"true\" aria-label=\"Close table of contents\"><svg aria-hidden=\"true\" class=\"e-font-icon-svg e-fas-chevron-up\" viewBox=\"0 0 448 512\" xmlns=\"http:\/\/www.w3.org\/2000\/svg\"><path d=\"M240.971 130.524l194.343 194.343c9.373 9.373 9.373 24.569 0 33.941l-22.667 22.667c-9.357 9.357-24.522 9.375-33.901.04L224 227.495 69.255 381.516c-9.379 9.335-24.544 9.317-33.901-.04l-22.667-22.667c-9.373-9.373-9.373-24.569 0-33.941L207.03 130.525c9.372-9.373 24.568-9.373 33.941-.001z\"><\/path><\/svg><\/div>\n\t\t\t\t\t<\/div>\n\t\t\t\t<div id=\"elementor-toc__1c30362\" class=\"elementor-toc__body\">\n\t\t\t<div class=\"elementor-toc__spinner-container\">\n\t\t\t\t<svg class=\"elementor-toc__spinner eicon-animation-spin e-font-icon-svg e-eicon-loading\" aria-hidden=\"true\" viewBox=\"0 0 1000 1000\" xmlns=\"http:\/\/www.w3.org\/2000\/svg\"><path d=\"M500 975V858C696 858 858 696 858 500S696 142 500 142 142 304 142 500H25C25 237 238 25 500 25S975 237 975 500 763 975 500 975Z\"><\/path><\/svg>\t\t\t<\/div>\n\t\t<\/div>\n\t\t\t\t\t\t<\/div>\n\t\t\t\t<\/div>\n\t\t\t\t\t<\/div>\n\t\t\t\t<\/div>\n\t\t<div class=\"elementor-element elementor-element-herorght0 e-con-full e-flex e-con e-child\" data-id=\"herorght0\" data-element_type=\"container\" data-e-type=\"container\">\n\t\t\t\t<div class=\"elementor-element elementor-element-heroimg00 iwg-hero-image elementor-widget elementor-widget-image\" data-id=\"heroimg00\" data-element_type=\"widget\" data-e-type=\"widget\" data-widget_type=\"image.default\">\n\t\t\t\t\t\t\t\t\t\t\t\t\t\t\t<img fetchpriority=\"high\" decoding=\"async\" width=\"683\" height=\"1024\" src=\"https:\/\/iwell-guard.com\/wp-content\/uploads\/2026\/04\/goetter_germanisch_thor-683x1024.webp\" class=\"attachment-large size-large wp-image-151863\" alt=\"Thor - Bogovi iz germanske tradicije, povijesno-ilustrativno\" srcset=\"https:\/\/iwell-guard.com\/wp-content\/uploads\/2026\/04\/goetter_germanisch_thor-683x1024.webp 683w, https:\/\/iwell-guard.com\/wp-content\/uploads\/2026\/04\/goetter_germanisch_thor-200x300.webp 200w, https:\/\/iwell-guard.com\/wp-content\/uploads\/2026\/04\/goetter_germanisch_thor-768x1152.webp 768w, https:\/\/iwell-guard.com\/wp-content\/uploads\/2026\/04\/goetter_germanisch_thor.webp 1024w\" sizes=\"(max-width: 683px) 100vw, 683px\" \/>\t\t\t\t\t\t\t\t\t\t\t\t\t\t\t<\/div>\n\t\t\t\t<\/div>\n\t\t\t\t\t<\/div>\n\t\t\t\t<\/div>\n\t\t<div class=\"elementor-element elementor-element-32917199 e-flex e-con-boxed e-con e-parent\" data-id=\"32917199\" data-element_type=\"container\" data-e-type=\"container\">\n\t\t\t\t\t<div class=\"e-con-inner\">\n\t\t<div class=\"elementor-element elementor-element-26e916cb e-flex e-con-boxed e-con e-child\" data-id=\"26e916cb\" data-element_type=\"container\" data-e-type=\"container\">\n\t\t\t\t\t<div class=\"e-con-inner\">\n\t\t<div class=\"elementor-element elementor-element-253a40d4 e-flex e-con-boxed e-con e-child\" data-id=\"253a40d4\" data-element_type=\"container\" data-e-type=\"container\">\n\t\t\t\t\t<div class=\"e-con-inner\">\n\t\t\t\t<div class=\"elementor-element elementor-element-1200c304 elementor-widget elementor-widget-heading\" data-id=\"1200c304\" data-element_type=\"widget\" data-e-type=\"widget\" data-widget_type=\"heading.default\">\n\t\t\t\t\t<h2 class=\"elementor-heading-title elementor-size-default\">Thor<\/h2>\t\t\t\t<\/div>\n\t\t\t\t<div class=\"elementor-element elementor-element-11758e7f elementor-widget elementor-widget-text-editor\" data-id=\"11758e7f\" data-element_type=\"widget\" data-e-type=\"widget\" data-widget_type=\"text-editor.default\">\n\t\t\t\t\t\t\t\t\t<p>Thor utjelovljuje snagu, gnjev, grom i za\u0161titu Midgarda. Njegove klju\u010dne osobine su snaga, izdr\u017eljivost, vjernost i izravna, iskrena priroda. U <span class=\"iwg-fachbegriff\" data-tooltip=\"Predana pri\u010da o bogovima, podrijetlu i poretku svijeta.\" tabindex=\"0\">mitu<\/span> Thor se bori protiv velikana, putuje nebom u kolima koja vuku jarci i nosi \u010deki\u0107 Mj\u00f6lnir.<\/p><p>Njegove pustolovine ispunjavaju velik dio Proze Edde i Pjesni\u010dke Edde. Sredi\u0161nji mitovi su Thorov ribolov s Midgardskom zmijom, otmica \u010deki\u0107a i borba protiv velikanskog kralja Thryma.<\/p>\t\t\t\t\t\t\t\t<\/div>\n\t\t\t\t\t<\/div>\n\t\t\t\t<\/div>\n\t\t<div class=\"elementor-element elementor-element-159dcf9a e-flex e-con-boxed e-con e-child\" data-id=\"159dcf9a\" data-element_type=\"container\" data-e-type=\"container\">\n\t\t\t\t\t<div class=\"e-con-inner\">\n\t\t\t\t<div class=\"elementor-element elementor-element-48cee66f elementor-widget elementor-widget-heading\" data-id=\"48cee66f\" data-element_type=\"widget\" data-e-type=\"widget\" data-widget_type=\"heading.default\">\n\t\t\t\t\t<div class=\"elementor-heading-title elementor-size-default\">U kratkim crtama: Thor<\/div>\t\t\t\t<\/div>\n\t\t\t\t<div class=\"elementor-element elementor-element-3f50d82c elementor-widget elementor-widget-text-editor\" data-id=\"3f50d82c\" data-element_type=\"widget\" data-e-type=\"widget\" data-widget_type=\"text-editor.default\">\n\t\t\t\t\t\t\t\t\t<p>Izvori su Proza Edda <span class=\"iwg-fachbegriff\" tabindex=\"0\" data-tooltip=\"Islandski u\u010denjak (1179.\u20131241.); autor Proze Edde i Heimskringle.\">Snorrija Sturlusona<\/span>, Pjesni\u010dka Edda (posebice Thrymskvida, H\u00e0rbardslj\u00f3d), Tacitova Germania, arheolo\u0161ki nalazi (Thorovi amuleti, runski kamenovi) i nordijska imena mjesta. Sekundarno: Rudolf Simek (Leksikon germanske <span class=\"iwg-fachbegriff\" data-tooltip=\"Ukupnost predanih pripovijesti o bogovima jedne kulture.\" tabindex=\"0\">mitologije<\/span>), Jan de Vries (Povijest starogermanske religije), Georges Dum\u00e9zil, Kurt N\u00e4sstr\u00f6m. \u0160tovanje Thora bilo je ra\u0161ireno u Skandinaviji, sjevernoj i srednjoj Europi, a i danas se odra\u017eava u nazivu za \u010detvrtak.<\/p>\t\t\t\t\t\t\t\t<\/div>\n\t\t\t\t\t<\/div>\n\t\t\t\t<\/div>\n\t\t\t\t\t<\/div>\n\t\t\t\t<\/div>\n\t\t\t\t\t<\/div>\n\t\t\t\t<\/div>\n\t\t<div class=\"elementor-element elementor-element-18613602 e-flex e-con-boxed e-con e-parent\" data-id=\"18613602\" data-element_type=\"container\" data-e-type=\"container\">\n\t\t\t\t\t<div class=\"e-con-inner\">\n\t\t\t\t<div class=\"elementor-element elementor-element-262b8a9f elementor-widget elementor-widget-heading\" data-id=\"262b8a9f\" data-element_type=\"widget\" data-e-type=\"widget\" data-widget_type=\"heading.default\">\n\t\t\t\t\t<h2 class=\"elementor-heading-title elementor-size-default\">Kontekst<\/h2>\t\t\t\t<\/div>\n\t\t<div class=\"elementor-element elementor-element-46dcb7d e-con-full e-flex e-con e-child\" data-id=\"46dcb7d\" data-element_type=\"container\" data-e-type=\"container\">\n\t\t<div class=\"elementor-element elementor-element-61d3ab3 e-flex e-con-boxed e-con e-child\" data-id=\"61d3ab3\" data-element_type=\"container\" data-e-type=\"container\">\n\t\t\t\t\t<div class=\"e-con-inner\">\n\t\t\t\t<div class=\"elementor-element elementor-element-117c166 elementor-widget elementor-widget-heading\" data-id=\"117c166\" data-element_type=\"widget\" data-e-type=\"widget\" data-widget_type=\"heading.default\">\n\t\t\t\t\t<div class=\"elementor-heading-title elementor-size-default\">Zeitraum der Texte<\/div>\t\t\t\t<\/div>\n\t\t\t\t<div class=\"elementor-element elementor-element-73997a0 elementor-widget elementor-widget-text-editor\" data-id=\"73997a0\" data-element_type=\"widget\" data-e-type=\"widget\" data-widget_type=\"text-editor.default\">\n\t\t\t\t\t\t\t\t\t<p>Thor je dokumentiran od rimskodobnih svjedo\u010danstava o Donaru do islandskih rukopisa Edde iz 13. stolje\u0107a, dakle kroz vi\u0161e od tisu\u0107u godina. Njegovo ime \u017eivi u nazivu za \u010detvrtak, a Thorovi \u010deki\u0107i kao privjesci nose se i danas, sada \u010desto kao izraz nordijskog podrijetla ili u modernom poganstvu, no veza sa starim bogom groma ostaje u tome prepoznatljiva.<\/p>\t\t\t\t\t\t\t\t<\/div>\n\t\t\t\t\t<\/div>\n\t\t\t\t<\/div>\n\t\t<div class=\"elementor-element elementor-element-d47b156 e-flex e-con-boxed e-con e-child\" data-id=\"d47b156\" data-element_type=\"container\" data-e-type=\"container\">\n\t\t\t\t\t<div class=\"e-con-inner\">\n\t\t\t\t<div class=\"elementor-element elementor-element-ff38c2b elementor-widget elementor-widget-heading\" data-id=\"ff38c2b\" data-element_type=\"widget\" data-e-type=\"widget\" data-widget_type=\"heading.default\">\n\t\t\t\t\t<div class=\"elementor-heading-title elementor-size-default\">Verbreitungsraum<\/div>\t\t\t\t<\/div>\n\t\t\t\t<div class=\"elementor-element elementor-element-4e49fcc elementor-widget elementor-widget-text-editor\" data-id=\"4e49fcc\" data-element_type=\"widget\" data-e-type=\"widget\" data-widget_type=\"text-editor.default\">\n\t\t\t\t\t\t\t\t\t<p>Thor nije bio ograni\u010den na odre\u0111enu regiju ili lokaciju, nego je bio univerzalno poznat i \u0161tovan, ili s po\u0161tovanjem strahovan, u cijelom germanskom svijetu. Bilo u velikim urbanim sredi\u0161tima ili u perifernim ruralnim podru\u010djima, bilo me\u0111u dru\u0161tvenom elitom ili me\u0111u obi\u010dnim narodom, duhovni i kulturni zna\u010daj ovog bi\u0107a bio je dosljedno prepoznat i univerzalan.<\/p><p>Imena mjesta kao Thorshavn, brojna osobna imena s elementom Thor i u\u010destalost \u010deki\u0107-amuleta pokazuju da je bog groma bio ukorijenjen u svakodnevici \u0161irokih dru\u0161tvenih slojeva, od seljaka do moreplovca. S plovidbama Vikinga njegov kult dospio je na Island, u Englesku, Irsku i u Rusiju, pri \u010demu su prikazi i zazivanja u tim naseljenim podru\u010djima ostali uglavnom jedinstveni.<\/p>\t\t\t\t\t\t\t\t<\/div>\n\t\t\t\t\t<\/div>\n\t\t\t\t<\/div>\n\t\t\t\t<\/div>\n\t\t<div class=\"elementor-element elementor-element-db03c39 e-con-full e-flex e-con e-child\" data-id=\"db03c39\" data-element_type=\"container\" data-e-type=\"container\">\n\t\t<div class=\"elementor-element elementor-element-229a87b e-flex e-con-boxed e-con e-child\" data-id=\"229a87b\" data-element_type=\"container\" data-e-type=\"container\">\n\t\t\t\t\t<div class=\"e-con-inner\">\n\t\t\t\t<div class=\"elementor-element elementor-element-1f471fc elementor-widget elementor-widget-heading\" data-id=\"1f471fc\" data-element_type=\"widget\" data-e-type=\"widget\" data-widget_type=\"heading.default\">\n\t\t\t\t\t<div class=\"elementor-heading-title elementor-size-default\">Quellenlage<\/div>\t\t\t\t<\/div>\n\t\t\t\t<div class=\"elementor-element elementor-element-36b1201 elementor-widget elementor-widget-text-editor\" data-id=\"36b1201\" data-element_type=\"widget\" data-e-type=\"widget\" data-widget_type=\"text-editor.default\">\n\t\t\t\t\t\t\t\t\t<p>Izvorni izvori: Proza Edda <span class=\"iwg-fachbegriff\" tabindex=\"0\" data-tooltip=\"Islandski u\u010denjak (1179.\u20131241.); autor Proze Edde i Heimskringle.\">Snorrija Sturlusona<\/span> (posebice Gylfaginning i Sk\u00e1ldskaparm\u00e1l), Pjesni\u010dka Edda (Thrymskvida, H\u00e0rbardslj\u00f3d, Hymiskvi\u00f0a), Tacitova Germania (poglavlje 9: spominjanje kulta Donara), kasnorimski natpisi iz Germanije (IOM = Iovi Optimo Maximo, \u010desto Thorov <span class=\"iwg-fachbegriff\" data-tooltip=\"Spajanje predod\u017ebi ili bo\u017eanstava iz razli\u010ditih religijskih tradicija.\" tabindex=\"0\">sinkretizam<\/span>), runski natpisi.<\/p><p>Vremenski okvir: od 1. stolje\u0107a pr. Kr. do 13. stolje\u0107a posl. Kr. Istra\u017eiva\u010di: Rudolf Simek, Jan de Vries, Folke Str\u00f6m, Kurt N\u00e4sstr\u00f6m, Jens Peter Schj\u00f8dt. Arheolo\u0161ki nalazi: Mj\u00f6lnir-amuleti, \u017ertveni nalazi, <span class=\"iwg-fachbegriff\" data-tooltip=\"Gra\u0111evina namijenjena \u0161tovanju jednog ili vi\u0161e bo\u017eanstava.\" tabindex=\"0\">hramovi<\/span> u Uppsali i Ladeu.<\/p>\t\t\t\t\t\t\t\t<\/div>\n\t\t\t\t\t<\/div>\n\t\t\t\t<\/div>\n\t\t\t\t<\/div>\n\t\t\t\t\t<\/div>\n\t\t\t\t<\/div>\n\t\t<div class=\"elementor-element elementor-element-3ae0637c e-flex e-con-boxed e-con e-parent\" data-id=\"3ae0637c\" data-element_type=\"container\" data-e-type=\"container\">\n\t\t\t\t\t<div class=\"e-con-inner\">\n\t\t\t\t<div class=\"elementor-element elementor-element-31d07739 elementor-widget elementor-widget-heading\" data-id=\"31d07739\" data-element_type=\"widget\" data-e-type=\"widget\" data-widget_type=\"heading.default\">\n\t\t\t\t\t<h2 class=\"elementor-heading-title elementor-size-default\">Naziv i pravopisni oblici<\/h2>\t\t\t\t<\/div>\n\t\t<div class=\"elementor-element elementor-element-b7642947 e-con-full e-flex e-con e-child\" data-id=\"b7642947\" data-element_type=\"container\" data-e-type=\"container\">\n\t\t\t\t<div class=\"elementor-element elementor-element-a086266 elementor-widget elementor-widget-text-editor\" data-id=\"a086266\" data-element_type=\"widget\" data-e-type=\"widget\" data-widget_type=\"text-editor.default\">\n\t\t\t\t\t\t\t\t\t<p>Thor se u razli\u010ditim izvorima i umjetni\u010dkim tradicijama prikazuje s odre\u0111enim ponavljaju\u0107im ikonografskim elementima koji ostaju relativno postojani kroz desetlje\u0107a i razli\u010dita geografska podru\u010dja. Ti elementi nisu \u010disto ukrasni ili nasumi\u010dno odabrani, nego su duboko simboli\u010dki kodirani i nose veliko zna\u010denje.<\/p><p>Thorovi atributi tvore \u010ditljiv sustav znakova: \u010deki\u0107 Mj\u00f6lnir stoji za njegovu mo\u0107 nad munjom i gromom i za za\u0161titu bogova i ljudi, pojas snage Megingj\u00f6r\u00f0 i \u017eeljezne rukavice upu\u0107uju na njegovu tjelesnu snagu, a kola koja vuku dva jarca na njegova putovanja kroz svjetove. Onaj koji je poznavao Eddu i nordijsku slikovnu tradiciju odmah bi po tim obilje\u017ejima prepoznao nadle\u017enost i rang boga groma: vlast nad vremenskim nepogodama, obranu od velikana i, kona\u010dno, borbu protiv Midgardske zmije. Svaki detalj, od crvene brade do oru\u017eja, bio je utvr\u0111en i tako se prenosio dalje.<\/p>\t\t\t\t\t\t\t\t<\/div>\n\t\t\t\t<\/div>\n\t\t\t\t\t<\/div>\n\t\t\t\t<\/div>\n\t\t<div class=\"elementor-element elementor-element-709a44a8 e-flex e-con-boxed e-con e-parent\" data-id=\"709a44a8\" data-element_type=\"container\" data-e-type=\"container\">\n\t\t\t\t\t<div class=\"e-con-inner\">\n\t\t\t\t<div class=\"elementor-element elementor-element-2f585873 elementor-widget elementor-widget-heading\" data-id=\"2f585873\" data-element_type=\"widget\" data-e-type=\"widget\" data-widget_type=\"heading.default\">\n\t\t\t\t\t<h2 class=\"elementor-heading-title elementor-size-default\">Karakteristike<\/h2>\t\t\t\t<\/div>\n\t\t<div class=\"elementor-element elementor-element-70621c12 e-con-full e-flex e-con e-child\" data-id=\"70621c12\" data-element_type=\"container\" data-e-type=\"container\">\n\t\t\t\t<div class=\"elementor-element elementor-element-4296eb49 elementor-widget elementor-widget-text-editor\" data-id=\"4296eb49\" data-element_type=\"widget\" data-e-type=\"widget\" data-widget_type=\"text-editor.default\">\n\t\t\t\t\t\t\t\t\t<p>Thor je bio sredi\u0161nji u religijskoj praksi, svakodnevnim ritualima i svakodnevnom shva\u0107anju germanskih naroda. Ljudi su se u kriti\u010dnim ili posebnim \u017eivotnim situacijama, ili u odre\u0111enim ritualnim godi\u0161njim dobima, obra\u0107ali ovom bi\u0107u strukturiranim, \u010desto opse\u017enim ritualima, molitvama ili \u017ertvenim darovima.<\/p><p>\u0160tovanje Thora slijedilo je \u010dvrste oblike: \u017ertvene radnje, tzv. bl\u00f3t, odr\u017eavale su se u odre\u0111enim prigodama, a vodili su ih godi, osobe koje su u nordijskom dru\u0161tvu obavljale ujedno sve\u0107eni\u010dke i pravne du\u017enosti. I blagoslov znakom \u010deki\u0107a prilikom vjen\u010danja i posveta nije bio spontan obi\u010daj, ve\u0107 predana praksa.<\/p><p>Da su se Thorovi \u010deki\u0107-amuleti nosili tijekom cijelog vikin\u0161kog doba i polagali u grobove, dokazuje koliko se od boga groma o\u010dekivala konkretna pomo\u0107. Zazivanje Thora imalo je pri tome razli\u010dite svrhe: trebalo je otklanjati zlo od gospodarstva i pomorstva, pratilo je posvete i vjen\u010danja kao \u010din blagoslova, a znak \u010deki\u0107a obilje\u017eavao je prijelaze kao \u0161to su vjen\u010danje ili pogreb.<\/p>\t\t\t\t\t\t\t\t<\/div>\n\t\t\t\t<\/div>\n\t\t\t\t\t<\/div>\n\t\t\t\t<\/div>\n\t\t<div class=\"elementor-element elementor-element-44e71476 e-flex e-con-boxed e-con e-parent\" data-id=\"44e71476\" data-element_type=\"container\" data-e-type=\"container\">\n\t\t\t\t\t<div class=\"e-con-inner\">\n\t\t\t\t<div class=\"elementor-element elementor-element-3c1fc3f0 elementor-widget elementor-widget-heading\" data-id=\"3c1fc3f0\" data-element_type=\"widget\" data-e-type=\"widget\" data-widget_type=\"heading.default\">\n\t\t\t\t\t<h2 class=\"elementor-heading-title elementor-size-default\">Profil: Thor<\/h2>\t\t\t\t<\/div>\n\t\t<div class=\"elementor-element elementor-element-84f33b8e e-con-full e-flex e-con e-child\" data-id=\"84f33b8e\" data-element_type=\"container\" data-e-type=\"container\">\n\t\t\t\t<div class=\"elementor-element elementor-element-hqkdc67p elementor-widget elementor-widget-text-editor\" data-id=\"hqkdc67p\" data-element_type=\"widget\" data-e-type=\"widget\" data-widget_type=\"text-editor.default\">\n\t\t\t\t\t\t\t\t\t<p>\u017divotopis obja\u0161njava Thorovu narav kroz \u0161est dimenzija: njegovo mitsko-genealo\u0161ko podrijetlo, praksu \u0161tovanja u ratni\u010dkom i selja\u010dkom stale\u017eu, njegovu karakteristi\u010dnu ikonografiju kao boga snage s \u010deki\u0107em, zna\u010denje <span class=\"iwg-fachbegriff\" data-tooltip=\"Mole\u0107ivo ili zazivaju\u0107e obra\u0107anje bo\u017eanstvu ili sili.\" tabindex=\"0\">prizivanja<\/span> i bo\u017eanske za\u0161tite, usporedive likove u drugim indoeuropskim i susjednim kulturama te zavr\u0161nu sintezu njegove uloge u kozmi\u010dkoj borbi protiv kaosa.<\/p>\t\t\t\t\t\t\t\t<\/div>\n\t\t\t\t<\/div>\n\t\t<div class=\"elementor-element elementor-element-pemmx7c5 e-con-full e-flex e-con e-child\" data-id=\"pemmx7c5\" data-element_type=\"container\" data-e-type=\"container\">\n\t\t<div class=\"elementor-element elementor-element-pemmx7c1 e-con-full e-flex e-con e-child\" data-id=\"pemmx7c1\" data-element_type=\"container\" data-e-type=\"container\">\n\t\t<div class=\"elementor-element elementor-element-qh9oavvu iwg-steckbrief-card e-flex e-con-boxed e-con e-child\" data-id=\"qh9oavvu\" data-element_type=\"container\" data-e-type=\"container\">\n\t\t\t\t\t<div class=\"e-con-inner\">\n\t\t\t\t<div class=\"elementor-element elementor-element-awzx8k2k elementor-widget elementor-widget-heading\" data-id=\"awzx8k2k\" data-element_type=\"widget\" data-e-type=\"widget\" data-widget_type=\"heading.default\">\n\t\t\t\t\t<div class=\"elementor-heading-title elementor-size-default\">Thorovo podrijetlo<\/div>\t\t\t\t<\/div>\n\t\t\t\t<div class=\"elementor-element elementor-element-x6rowhv0 elementor-widget elementor-widget-text-editor\" data-id=\"x6rowhv0\" data-element_type=\"widget\" data-e-type=\"widget\" data-widget_type=\"text-editor.default\">\n\t\t\t\t\t\t\t\t\t<p>Thor potje\u010de od indoeuropskih bogova groma i vremena (Indra, Zeus, Jupiter). U germanskoj <span class=\"iwg-fachbegriff\" data-tooltip=\"Ukupnost predaja o bogovima neke kulture.\" tabindex=\"0\">mitologiji<\/span> njegovi tragovi se\u017eu u rano predkr\u0161\u0107ansko <span class=\"iwg-fachbegriff\" data-tooltip=\"Prapovijesno razdoblje nakon bron\u010danog doba, obilje\u017eeno obradom \u017eeljeza.\" tabindex=\"0\">\u017eeljezno doba<\/span> (oko 500. pr. Kr. do 1000. po. Kr.).<\/p><p>Tacit spominje njegov <span class=\"iwg-fachbegriff\" data-tooltip=\"Ukupnost vjerskih obreda \u0161tovanja nekog bo\u017eanstva ili svete pojave.\" tabindex=\"0\">kult<\/span> pod imenom Donar kod Hata i Batava. Skandinavski izvori (Edda) zapisani su oko 1200. godine, ali \u010duvaju starije usmene predaje. Trojica bogova, Wodan, Donar\/Thor i Tiwaz, bila su na\u0161iroko \u0161tovana u Germaniji.<\/p>\t\t\t\t\t\t\t\t<\/div>\n\t\t\t\t\t<\/div>\n\t\t\t\t<\/div>\n\t\t<div class=\"elementor-element elementor-element-8e3o4kxs iwg-steckbrief-card e-flex e-con-boxed e-con e-child\" data-id=\"8e3o4kxs\" data-element_type=\"container\" data-e-type=\"container\">\n\t\t\t\t\t<div class=\"e-con-inner\">\n\t\t\t\t<div class=\"elementor-element elementor-element-08rkdgov elementor-widget elementor-widget-heading\" data-id=\"08rkdgov\" data-element_type=\"widget\" data-e-type=\"widget\" data-widget_type=\"heading.default\">\n\t\t\t\t\t<div class=\"elementor-heading-title elementor-size-default\">Adresati<\/div>\t\t\t\t<\/div>\n\t\t\t\t<div class=\"elementor-element elementor-element-uwjelx8s elementor-widget elementor-widget-text-editor\" data-id=\"uwjelx8s\" data-element_type=\"widget\" data-e-type=\"widget\" data-widget_type=\"text-editor.default\">\n\t\t\t\t\t\t\t\t\t<p>Thora su prizivali ratnici prije bitaka, seljaci pri \u017eetvi, moreplovci te obrtnici. Osobito je u Skandinaviji \u0161tovanje Thora bilo demokrati\u010dno, njemu su \u017ertvovali i kraljevi i slobodni seljaci.<\/p><p>\u010cetvrtak (Thorsdag) bio je njegov sveti dan. Ratnici su nosili amulete s <span class=\"iwg-fachbegriff\" data-tooltip=\"Pismo germanskih naroda, kori\u0161teno i za za\u0161titne i zazivne formule.\" tabindex=\"0\">runama<\/span> s Mj\u00f6lnirom. Na Islandu je zakletva na Thorov <span class=\"iwg-fachbegriff\" data-tooltip=\"Uzdignuto mjesto ili stol za \u017ertve i vjerske obrede.\" tabindex=\"0\">oltar<\/span> bila obvezuju\u0107a vi\u0161e nego zakletva na druge bogove. Berserkri (u boj zaneseni ratnici) \u0161tovali su Thora kao boga ratni\u010dke zakletve.<\/p>\t\t\t\t\t\t\t\t<\/div>\n\t\t\t\t\t<\/div>\n\t\t\t\t<\/div>\n\t\t<div class=\"elementor-element elementor-element-jm2n74ec iwg-steckbrief-card e-flex e-con-boxed e-con e-child\" data-id=\"jm2n74ec\" data-element_type=\"container\" data-e-type=\"container\">\n\t\t\t\t\t<div class=\"e-con-inner\">\n\t\t\t\t<div class=\"elementor-element elementor-element-8vufse4c elementor-widget elementor-widget-heading\" data-id=\"8vufse4c\" data-element_type=\"widget\" data-e-type=\"widget\" data-widget_type=\"heading.default\">\n\t\t\t\t\t<div class=\"elementor-heading-title elementor-size-default\">Thorov izgled<\/div>\t\t\t\t<\/div>\n\t\t\t\t<div class=\"elementor-element elementor-element-mwb9u015 elementor-widget elementor-widget-text-editor\" data-id=\"mwb9u015\" data-element_type=\"widget\" data-e-type=\"widget\" data-widget_type=\"text-editor.default\">\n\t\t\t\t\t\t\t\t\t<p>Thor je prikazivan kao visok, bradat mu\u0161karac ri\u0111e kose i brade, mi\u0161i\u0107av i sna\u017ean. Njegovi sredi\u0161nji atributi su \u010deki\u0107 Mj\u00f6lnir (<span class=\"iwg-fachbegriff\" data-tooltip=\"Znak koji predstavlja neku ideju ili zna\u010denje.\" tabindex=\"0\">simbol<\/span> munje i snage), njegov pojas Megingj\u00f6rd (pojas snage) te njegove \u017eeljezne rukavice.<\/p><p>U runama je prikazivan znakom Thorova \u010deki\u0107a. Arheolo\u0161ki nalazi otkrivaju amulete Mj\u00f6lnira od srebra i bronce. U ikonografiji ja\u0161e na kolima koje vuku jarci nebom, stvaraju\u0107i grmljavinu.<\/p>\t\t\t\t\t\t\t\t<\/div>\n\t\t\t\t\t<\/div>\n\t\t\t\t<\/div>\n\t\t\t\t<\/div>\n\t\t<div class=\"elementor-element elementor-element-pemmx7c2 e-con-full e-flex e-con e-child\" data-id=\"pemmx7c2\" data-element_type=\"container\" data-e-type=\"container\">\n\t\t<div class=\"elementor-element elementor-element-37ss2yr6 iwg-steckbrief-card e-flex e-con-boxed e-con e-child\" data-id=\"37ss2yr6\" data-element_type=\"container\" data-e-type=\"container\">\n\t\t\t\t\t<div class=\"e-con-inner\">\n\t\t\t\t<div class=\"elementor-element elementor-element-3v0wp3wx elementor-widget elementor-widget-heading\" data-id=\"3v0wp3wx\" data-element_type=\"widget\" data-e-type=\"widget\" data-widget_type=\"heading.default\">\n\t\t\t\t\t<div class=\"elementor-heading-title elementor-size-default\">Djelovanje<\/div>\t\t\t\t<\/div>\n\t\t\t\t<div class=\"elementor-element elementor-element-w3247g2m elementor-widget elementor-widget-text-editor\" data-id=\"w3247g2m\" data-element_type=\"widget\" data-e-type=\"widget\" data-widget_type=\"text-editor.default\">\n\t\t\t\t\t\t\t\t\t<p>Thoru se pripisivala mo\u0107 bacanja munja, dono\u0161enja ki\u0161e i uni\u0161tavanja neprijatelja. Njegova snaga bila je izvanredna, mogao je ubijati divove, pa \u010dak i raniti Midgardsku zmiju (iako je nije mogao ubiti, jer ona pre\u017eivljava sve do Ragnar\u00f6ka).<\/p><p>Pomo\u0107u svog \u010deki\u0107a Mj\u00f6lnira Thor je mogao \u0161tititi sebe i tjerati neprijatelje. Njegov <span class=\"iwg-fachbegriff\" data-tooltip=\"Iskazivanje blagoslova i za\u0161tite, \u010desto u utvr\u0111enom jezi\u010dnom obliku.\" tabindex=\"0\">blagoslov<\/span> \u010dinio je \u017eetve obilnima, a ratove pobjedni\u010dkima. Prokletstva protiv Thora smatrana su osobito te\u0161kima i zahtijevala su sna\u017ene protumjere.<\/p>\t\t\t\t\t\t\t\t<\/div>\n\t\t\t\t\t<\/div>\n\t\t\t\t<\/div>\n\t\t<div class=\"elementor-element elementor-element-0qpjal9w iwg-steckbrief-card e-flex e-con-boxed e-con e-child\" data-id=\"0qpjal9w\" data-element_type=\"container\" data-e-type=\"container\">\n\t\t\t\t\t<div class=\"e-con-inner\">\n\t\t\t\t<div class=\"elementor-element elementor-element-6ndoih0o elementor-widget elementor-widget-heading\" data-id=\"6ndoih0o\" data-element_type=\"widget\" data-e-type=\"widget\" data-widget_type=\"heading.default\">\n\t\t\t\t\t<div class=\"elementor-heading-title elementor-size-default\">Za\u0161tita<\/div>\t\t\t\t<\/div>\n\t\t\t\t<div class=\"elementor-element elementor-element-6684tyh9 elementor-widget elementor-widget-text-editor\" data-id=\"6684tyh9\" data-element_type=\"widget\" data-e-type=\"widget\" data-widget_type=\"text-editor.default\">\n\t\t\t\t\t\t\t\t\t<p>Thor je bio predmet <span class=\"iwg-fachbegriff\" data-tooltip=\"Molbeno ili zazivaju\u0107e obra\u0107anje bo\u017eanstvu ili sili.\" tabindex=\"0\">prizivanja<\/span> i strahopo\u0161tovanja, kao za\u0161titnik, ali i kao sila kojoj se strahovalo. <span class=\"iwg-fachbegriff\" data-tooltip=\"Dar bo\u017eanstvu kojim se izra\u017eava zahvala, molba ili \u0161tovanje.\" tabindex=\"0\">\u017drtve<\/span> su bili bikovi, ovce, konji i kruh. Prije bitaka ratnici su se zaklinjali na Thorovom <span class=\"iwg-fachbegriff\" data-tooltip=\"Uzdignuto mjesto ili stol za \u017ertve i vjerske obrede.\" tabindex=\"0\">oltaru<\/span>. U ku\u0107ama su vje\u0161ani Mjolnirovi amuleti kako bi se odagnale zle sile.<\/p><p>Za vrijeme grmljavine molilo se Thoru za za\u0161titu od udara munje. Pogani su tijekom pokr\u0161tavanja Skandinavije zadr\u017eali \u0161tovanje Thora, jer je ono bilo neposrednije i opipljivije od apstraktnije Odinove religije.<\/p>\t\t\t\t\t\t\t\t<\/div>\n\t\t\t\t\t<\/div>\n\t\t\t\t<\/div>\n\t\t<div class=\"elementor-element elementor-element-3lfi7x32 iwg-steckbrief-card e-flex e-con-boxed e-con e-child\" data-id=\"3lfi7x32\" data-element_type=\"container\" data-e-type=\"container\">\n\t\t\t\t\t<div class=\"e-con-inner\">\n\t\t\t\t<div class=\"elementor-element elementor-element-0kg99ga1 elementor-widget elementor-widget-heading\" data-id=\"0kg99ga1\" data-element_type=\"widget\" data-e-type=\"widget\" data-widget_type=\"heading.default\">\n\t\t\t\t\t<div class=\"elementor-heading-title elementor-size-default\">Srodna bi\u0107a<\/div>\t\t\t\t<\/div>\n\t\t\t\t<div class=\"elementor-element elementor-element-n0fum6kp elementor-widget elementor-widget-text-editor\" data-id=\"n0fum6kp\" data-element_type=\"widget\" data-e-type=\"widget\" data-widget_type=\"text-editor.default\">\n\t\t\t\t\t\t\t\t\t<p>Zeus\/Jupiter gr\u010dko-rimske su paralele sa sli\u010dnim atributom (munja, snaga). No Zeus je prvenstveno kralj, dok je Thor prvenstveno borac i za\u0161titnik. Indra u hinduizmu strukturno je bliska paralela, ratni\u010dki kralj, baca\u010d munja, borba protiv demona. Keltski Taranis pokazuje sli\u010dne funkcije. U slavenskom <span class=\"iwg-fachbegriff\" data-tooltip=\"Ukupnost bogova neke religije ili kulture.\" tabindex=\"0\">panteonu<\/span> Perun odgovara Thoru.<\/p>\t\t\t\t\t\t\t\t<\/div>\n\t\t\t\t\t<\/div>\n\t\t\t\t<\/div>\n\t\t\t\t<\/div>\n\t\t\t\t<\/div>\n\t\t\t\t\t<\/div>\n\t\t\t\t<\/div>\n\t\t<div class=\"elementor-element elementor-element-5a584676 e-flex e-con-boxed e-con e-parent\" data-id=\"5a584676\" data-element_type=\"container\" data-e-type=\"container\">\n\t\t\t\t\t<div class=\"e-con-inner\">\n\t\t\t\t<div class=\"elementor-element elementor-element-6d0757bf elementor-widget elementor-widget-heading\" data-id=\"6d0757bf\" data-element_type=\"widget\" data-e-type=\"widget\" data-widget_type=\"heading.default\">\n\t\t\t\t\t<h2 class=\"elementor-heading-title elementor-size-default\">Thor, paralele u drugim kulturama<\/h2>\t\t\t\t<\/div>\n\t\t<div class=\"elementor-element elementor-element-60563f68 e-con-full e-flex e-con e-child\" data-id=\"60563f68\" data-element_type=\"container\" data-e-type=\"container\">\n\t\t\t\t<div class=\"elementor-element elementor-element-5a93fdd6 elementor-widget elementor-widget-text-editor\" data-id=\"5a93fdd6\" data-element_type=\"widget\" data-e-type=\"widget\" data-widget_type=\"text-editor.default\">\n\t\t\t\t\t\t\t\t\t<p>Bogovi groma, oluje i rata s \u010deki\u0107em kao znamenjem vra\u0107aju se u mnogim indoeuropskim mitologijama; usporedivi likovi su primjerice hetitski Tarhunna, vedski Indra ili balti\u010dki Perk\u016bnas, svaki kulturno obojen, ali funkcionalno srodan.<\/p>\n<p><p><strong>\u017didovska tradicija:<\/strong> U \u017eidovskoj <span class=\"iwg-fachbegriff\" data-tooltip=\"Znanstveno u\u010denje o Bogu i vjeri neke religije.\" tabindex=\"0\">teologiji<\/span> ne postoji bog groma ili vremena poput Thora. JHVH se pojavljuje u oluji (<span class=\"iwg-fachbegriff\" tabindex=\"0\" data-tooltip=\"Objava bo\u017eanstva, pokazivanje bo\u017eanstva ljudima; klasi\u010dan primjer je sinajska teofanija.\">teofanija<\/span> na Sinaju), ali Thor je specijaliziraniji za ratovanje i za\u0161titu. Nema izravne paralele, ali postoji strukturna sli\u010dnost u manifestaciji sile.<\/p><p><strong>Gr\u010dko-rimski svijet:<\/strong> Zeus i njegov rimski pandan Jupiter najbli\u017ee su usporedbe, bacanje munja, kraljevska mo\u0107. No Zeus je vi\u0161i u hijerarhiji i prvenstveno je kralj, dok je Thor podre\u0111en nekolicini bogova i ima ulogu za\u0161titnika. Ares s Thorom dijeli ratne aspekte, ali bez funkcije boga vremena.<\/p><p><strong>Mezopotamija:<\/strong> Adad\/Hadad je bog vremena sa sli\u010dnom funkcijom munje, ali manje osoban i dramati\u010dan od Thora. Ninurta je ratni bog s usporedivom pripovijesti o borbi, ali bez aspekta groma.<\/p><p><strong>Indija\/Azija:<\/strong> Indra je najsna\u017enija paralela, ratni\u010dki kralj, baca\u010d munja (Vajra), borba protiv demona (Vritra). Kasnije ga zasjenjuju Vi\u0161nu i \u0160iva, no strukturno je istovjetan. U budizmu \u0160akra\/Indra ima manje zna\u010denje, no ne gubi svoje atribute.<\/p>\t\t\t\t\t\t\t\t<\/div>\n\t\t\t\t<\/div>\n\t\t\t\t\t<\/div>\n\t\t\t\t<\/div>\n\t\t<div class=\"elementor-element elementor-element-cpaa94cb7 e-flex e-con-boxed e-con e-parent\" data-id=\"cpaa94cb7\" data-element_type=\"container\" data-e-type=\"container\">\n\t\t\t\t\t<div class=\"e-con-inner\">\n\t\t\t\t<div class=\"elementor-element elementor-element-cp54feb73 elementor-widget elementor-widget-heading\" data-id=\"cp54feb73\" data-element_type=\"widget\" data-e-type=\"widget\" data-widget_type=\"heading.default\">\n\t\t\t\t\t<h2 class=\"elementor-heading-title elementor-size-default\">Thorov ribolov na Midgardsku zmiju<\/h2>\t\t\t\t<\/div>\n\t\t<div class=\"elementor-element elementor-element-cp581887b e-con-full e-flex e-con e-child\" data-id=\"cp581887b\" data-element_type=\"container\" data-e-type=\"container\">\n\t\t\t\t<div class=\"elementor-element elementor-element-cpb0e0265 elementor-widget elementor-widget-text-editor\" data-id=\"cpb0e0265\" data-element_type=\"widget\" data-e-type=\"widget\" data-widget_type=\"text-editor.default\">\n\t\t\t\t\t\t\t\t\t<p>Jedna od najpoznatijih pojedina\u010dnih pri\u010da o Thoru jest njegov izlazak u ribolov, u kojem iz mora izvla\u010di svjetsku zmiju J\u00f6rmungandr. <span class=\"iwg-fachbegriff\" data-tooltip=\"Predana pri\u010da o bogovima, izvorima i poretku svijeta.\" tabindex=\"0\">Mit<\/span> je sa\u010duvan u vi\u0161e izvora: u eddskoj pjesmi <em>Hymiskvi\u00f0a<\/em>, u <em>Prozai\u010dnoj Eddi<\/em> Snorrija Sturlusona te u naznakama nekoliko skaldskih pjesama, poput <em>H\u00fasdr\u00e1pe<\/em> \u00dalfra Uggasona.<\/p><p>Thor odlazi k velikanu Hymiru da bi s njim iza\u0161ao na more. Kao mamac otkida glavu jednom volu koji pripada velikanu. Na moru Thor odveze \u010damac daleko izvan uobi\u010dajenih ribolovnih podru\u010dja, sve dok Hymir ne postane upla\u0161en.<\/p><p>Thor baca udicu s volovskom glavom, a Midgardska zmija zagrize. Slijedi golema borba.<\/p><p>Thor se toliko sna\u017eno odupire o dno \u010damca da mu noge probiju daske i na\u0111u oslonac na morskom dnu. Podi\u017ee zmiju sve dok njezina glava ne str\u0161i preko ruba \u010damca, te zamahuje \u010deki\u0107em.<\/p><p>Na tome mjestu se verzije razlikuju. Prema Snorriju, upla\u0161eni Hymir presije\u010de udi\u010dnu \u017eicu, pa zmija ponovno tone u more; Thorov udarac je uzaludan ili je samo okrzne. U drugim se naznakama \u010dini da Thor udarac zaista izvodi.<\/p><p>Znanost u ovoj epizodi vidi slikovitu naznaku kona\u010dnog susreta prilikom kraja svijeta. Nekoliko slikovnih kamenja, me\u0111u njima nalazi iz \u0160vedske, Engleske i Danske, prikazuje prizor koji se naj\u010de\u0161\u0107e tuma\u010di kao ovaj izlazak u ribolov, \u0161to potvr\u0111uje veliku popularnost te pri\u010de ve\u0107 u vikin\u0161kom razdoblju.<\/p>\t\t\t\t\t\t\t\t<\/div>\n\t\t\t\t<\/div>\n\t\t\t\t\t<\/div>\n\t\t\t\t<\/div>\n\t\t<div class=\"elementor-element elementor-element-cped84c2c e-flex e-con-boxed e-con e-parent\" data-id=\"cped84c2c\" data-element_type=\"container\" data-e-type=\"container\">\n\t\t\t\t\t<div class=\"e-con-inner\">\n\t\t\t\t<div class=\"elementor-element elementor-element-cp12f9869 elementor-widget elementor-widget-heading\" data-id=\"cp12f9869\" data-element_type=\"widget\" data-e-type=\"widget\" data-widget_type=\"heading.default\">\n\t\t\t\t\t<h2 class=\"elementor-heading-title elementor-size-default\">Mj\u00f6lnir: mit o kovanju, funkcija i arheolo\u0161ki nalazi<\/h2>\t\t\t\t<\/div>\n\t\t<div class=\"elementor-element elementor-element-cp83bbc93 e-con-full e-flex e-con e-child\" data-id=\"cp83bbc93\" data-element_type=\"container\" data-e-type=\"container\">\n\t\t\t\t<div class=\"elementor-element elementor-element-cpca15ba8 elementor-widget elementor-widget-text-editor\" data-id=\"cpca15ba8\" data-element_type=\"widget\" data-e-type=\"widget\" data-widget_type=\"text-editor.default\">\n\t\t\t\t\t\t\t\t\t<p>Thorov \u010deki\u0107 Mj\u00f6lnir njegov je najva\u017eniji atribut. Snorri u <em>Prozai\u010dnoj Eddi<\/em> pripovijeda kako je \u010deki\u0107 nastao. Loki je naru\u010dio od patuljaka, sinova Ivaldija te bra\u0107e Brokka i Eitrija, izradu skupocjenih predmeta.<\/p><p>U natjecanju za najbolje djelo Brokk i Eitri izradili su \u010deki\u0107, ali jer je Loki u obliku muhe smetao onome koji je pumpao mijeh, dr\u0161ka je ispala prekratka. Unato\u010d tom nedostatku, Mj\u00f6lnir se smatrao najvrjednijim djelom, jer nikada ne propu\u0161ta cilj i vra\u0107a se u ruku nakon bacanja.<\/p><p>Mj\u00f6lnir nije samo oru\u017eje protiv velikana, nego i sredstvo <span class=\"iwg-fachbegriff\" data-tooltip=\"Ritualni \u010din kojim se predmet, mjesto ili osoba predaje religijskoj sferi.\" tabindex=\"0\">posvete<\/span>. U <em>\u00derymskvi\u0111i<\/em> \u010deki\u0107 se koristi za blagoslov mladenke, a i drugdje se pojavljuje kao sredstvo posve\u0107ivanja, primjerice pri o\u017eivljavanju Thorovih jar\u010deva.<\/p><p>Ta dvostruka funkcija, razorna i posve\u0107uju\u0107a mo\u0107, klju\u010dna je za razumijevanje Thora.<\/p><p>Arheolo\u0161ki je Mj\u00f6lnir potvr\u0111en brojnim privjescima u obliku \u010deki\u0107a, malim amuletima od srebra, bronce ili \u017eeljeza, prona\u0111enima u cijeloj Skandinaviji i na podru\u010djima pod vikin\u0161kim utjecajem. Njihova rasprostranjenost porasla je u 10. stolje\u0107u, upravo u vrijeme po\u010detka kristijanizacije.<\/p><p>Znanost to djelomi\u010dno tuma\u010di kao svjesno pogansko izja\u0161njavanje u suprotnosti s kr\u0161\u0107anskim kri\u017eem. Nalaz kalupa iz Danske, u kojem se mogao izlijevati i oblik kri\u017ea i oblik \u010deki\u0107a, posebno slikovito prikazuje religijsko su\u017eivot toga doba.<\/p>\t\t\t\t\t\t\t\t<\/div>\n\t\t\t\t<\/div>\n\t\t\t\t\t<\/div>\n\t\t\t\t<\/div>\n\t\t<div class=\"elementor-element elementor-element-cp9b6b7d4 e-flex e-con-boxed e-con e-parent\" data-id=\"cp9b6b7d4\" data-element_type=\"container\" data-e-type=\"container\">\n\t\t\t\t\t<div class=\"e-con-inner\">\n\t\t\t\t<div class=\"elementor-element elementor-element-cp42a88ae elementor-widget elementor-widget-heading\" data-id=\"cp42a88ae\" data-element_type=\"widget\" data-e-type=\"widget\" data-widget_type=\"heading.default\">\n\t\t\t\t\t<h2 class=\"elementor-heading-title elementor-size-default\">Thor u religijskoj praksi vikin\u0161kog doba<\/h2>\t\t\t\t<\/div>\n\t\t<div class=\"elementor-element elementor-element-cp1f657a0 e-con-full e-flex e-con e-child\" data-id=\"cp1f657a0\" data-element_type=\"container\" data-e-type=\"container\">\n\t\t\t\t<div class=\"elementor-element elementor-element-cp07126b7 elementor-widget elementor-widget-text-editor\" data-id=\"cp07126b7\" data-element_type=\"widget\" data-e-type=\"widget\" data-widget_type=\"text-editor.default\">\n\t\t\t\t\t\t\t\t\t<p>Thor nije bio daleki bog, ve\u0107 <span class=\"iwg-fachbegriff\" data-tooltip=\"Bi\u0107e koje se u okviru neke religije \u0161tuje kao bo\u017eansko.\" tabindex=\"0\">bo\u017eanstvo<\/span> koje se \u0161tovalo u svakodnevnom \u017eivotu, mo\u017eda najpopularnije me\u0111u seljacima i obi\u010dnim slobodnim ljudima. Na to upu\u0107uje nekoliko nalaza.<\/p><p>Prvo, osobna imena: imena koja su tvorena s elementom Thor, na primjer Thorsteinn, Thorgeirr ili Thorger\u00f0r, ubrajaju se me\u0111u naj\u010de\u0161\u0107a u staronordijskoj <span class=\"iwg-fachbegriff\" data-tooltip=\"Preno\u0161enje znanja i pri\u010da kroz generacije.\" tabindex=\"0\">predaji<\/span>. Drugo, imena mjesta: u Norve\u0161koj, \u0160vedskoj, Danskoj i na podru\u010djima koja su naselili sjevernjaci nalazi se mnogo mjesta \u010diji naziv upu\u0107uje na Thorov <span class=\"iwg-fachbegriff\" data-tooltip=\"Sveukupnost obrednih radnji \u0161tovanja neke bo\u017eanstva ili svete figure.\" tabindex=\"0\">kult<\/span>.<\/p><p>Islandske sage, posebice <em>Eyrbyggja saga<\/em> i <em>Landn\u00e1mab\u00f3k<\/em>, opisuju naseljenike koji su bili posebno odani Thoru, koji su mu posvetili <span class=\"iwg-fachbegriff\" data-tooltip=\"Gra\u0111evina namijenjena \u0161tovanju jednog ili vi\u0161e bo\u017eanstava.\" tabindex=\"0\">hram<\/span> ili su bacali njegove drvene stupove u more da bi prona\u0161li mjesto naseljavanja koje im je on odredio. Ti su izvje\u0161taji, dodu\u0161e, kasniji, kr\u0161\u0107anski oblikovani te ih treba \u010ditati s oprezom.<\/p><p>Adam Bremenski u 11. stolje\u0107u opisuje <span class=\"iwg-fachbegriff\" data-tooltip=\"Gra\u0111evina namijenjena \u0161tovanju jednog ili vi\u0161e bo\u017eanstava.\" tabindex=\"0\">hram<\/span> u Uppsali i prikazuje Thora u sredini, izme\u0111u Wodana i Fricca; Thor navodno vlada gromom, vjetrom, ki\u0161om, dobrim vremenom i poljskim plodovima.<\/p><p>Iako Adamov izvje\u0161taj potje\u010de iz kr\u0161\u0107anske vanjske perspektive i nije u svim pojedinostima pouzdan, on potvr\u0111uje va\u017enost Thora za vrijeme i \u017eetvu, dakle za temelje \u017eivota selja\u010dkog stanovni\u0161tva.<\/p><p>Religioznoznanstveno, iz toga proizlazi slika boga koji je bio manje povezan s vla\u0161\u0107u i ratom, a vi\u0161e sa za\u0161titom, poretkom i plodno\u0161\u0107u, bog dvori\u0161ta i zajednice.<\/p>\t\t\t\t\t\t\t\t<\/div>\n\t\t\t\t<\/div>\n\t\t\t\t\t<\/div>\n\t\t\t\t<\/div>\n\t\t<div class=\"elementor-element elementor-element-cp8e4387d e-flex e-con-boxed e-con e-parent\" data-id=\"cp8e4387d\" data-element_type=\"container\" data-e-type=\"container\">\n\t\t\t\t\t<div class=\"e-con-inner\">\n\t\t\t\t<div class=\"elementor-element elementor-element-cp6d78bd4 elementor-widget elementor-widget-heading\" data-id=\"cp6d78bd4\" data-element_type=\"widget\" data-e-type=\"widget\" data-widget_type=\"heading.default\">\n\t\t\t\t\t<h2 class=\"elementor-heading-title elementor-size-default\">Bog groma u indoeuropskoj usporedbi<\/h2>\t\t\t\t<\/div>\n\t\t<div class=\"elementor-element elementor-element-cpfaac837 e-con-full e-flex e-con e-child\" data-id=\"cpfaac837\" data-element_type=\"container\" data-e-type=\"container\">\n\t\t\t\t<div class=\"elementor-element elementor-element-cpc407166 elementor-widget elementor-widget-text-editor\" data-id=\"cpc407166\" data-element_type=\"widget\" data-e-type=\"widget\" data-widget_type=\"text-editor.default\">\n\t\t\t\t\t\t\t\t\t<p>Thor se mo\u017ee svrstati u \u0161iru skupinu bogova gromovnika unutar indoeuropske jezi\u010dne porodice, \u010dime se komparativna <span class=\"iwg-fachbegriff\" data-tooltip=\"Znanost koja istra\u017euje religije uspore\u0111uju\u0107i ih, bez vjerskog opredjeljenja.\" tabindex=\"0\">religiologija<\/span> bavi od 19. stolje\u0107a. Srodni likovi su, izme\u0111u ostalih, baltski Perk\u016bnas, slavenski Perun, vedski Indra i, djelomi\u010dno, gr\u010dki Zeus, ukoliko se javlja kao bog nevremena.<\/p><p>Vi\u0161e je istra\u017eiva\u010da, me\u0111u njima Georges Dum\u00e9zil u okviru svoje teorije o tri dru\u0161tvene funkcije, smjestilo Thora u &#8220;ratni\u010dku&#8221; ili &#8220;za\u0161titni\u010dku&#8221; funkciju. Drugi ja\u010de nagla\u0161avaju zajedni\u010dki <span class=\"iwg-fachbegriff\" data-tooltip=\"Ponavljaju\u0107i sadr\u017eajni element u umjetnosti ili pripovijedanju.\" tabindex=\"0\">motiv<\/span> borbe sa zmajem ili zmijom, koji je u brojnim indoeuropskim tradicijama povezan s bogom gromovnikom. Thorovo suprotstavljanje Midgardskoj zmiji uklapa se u taj obrazac.<\/p><p>I jezi\u010dno postoje pokazatelji. Ime Thor, na starosjevernja\u010dkom <em>\u00de\u00f3rr<\/em>, na starovisokonjema\u010dkom <em>Donar<\/em>, na staroengleskom <em>\u00deunor<\/em>, potje\u010de od zajedni\u010dke germanske rije\u010di za &#8220;grom&#8221;.<\/p><p>Latinski prijevod naziva dana <em>dies Iovis<\/em>, Jupiterov dan, u engleski <em>Thursday<\/em>, pokazuje da su anti\u010dki i srednjovjekovni u\u010denjaci Thora izjedna\u010davali s Jupiterom, odnosno s najvi\u0161im rimskim bogom i gospodarom nevremena.<\/p><p>Uz svu uvjerljivost ovih usporedbi, novija istra\u017eivanja upozoravaju na oprez. Zajedni\u010dki motivi mogu upu\u0107ivati na zajedni\u010dko podrijetlo, ali i na kasniju razmjenu ili na neovisan paralelan razvoj. Rekonstrukcija jedinstvenog &#8220;praindoeuropskog boga gromovnika&#8221; zato ostaje hipoteza koja obja\u0161njava pojedina podudaranja, ali ne sve Thorove osobitosti.<\/p>\t\t\t\t\t\t\t\t<\/div>\n\t\t\t\t<\/div>\n\t\t\t\t\t<\/div>\n\t\t\t\t<\/div>\n\t\t<div class=\"elementor-element elementor-element-cpe7dfbd0 e-flex e-con-boxed e-con e-parent\" data-id=\"cpe7dfbd0\" data-element_type=\"container\" data-e-type=\"container\">\n\t\t\t\t\t<div class=\"e-con-inner\">\n\t\t\t\t<div class=\"elementor-element elementor-element-cpdf20168 elementor-widget elementor-widget-heading\" data-id=\"cpdf20168\" data-element_type=\"widget\" data-e-type=\"widget\" data-widget_type=\"heading.default\">\n\t\t\t\t\t<h2 class=\"elementor-heading-title elementor-size-default\">Od poganskog boga do pop-kulture: povijest recepcije<\/h2>\t\t\t\t<\/div>\n\t\t<div class=\"elementor-element elementor-element-cpf86863a e-con-full e-flex e-con e-child\" data-id=\"cpf86863a\" data-element_type=\"container\" data-e-type=\"container\">\n\t\t\t\t<div class=\"elementor-element elementor-element-cp5a46695 elementor-widget elementor-widget-text-editor\" data-id=\"cp5a46695\" data-element_type=\"widget\" data-e-type=\"widget\" data-widget_type=\"text-editor.default\">\n\t\t\t\t\t\t\t\t\t<p>Nakon kristijanizacije Skandinavije, <span class=\"iwg-fachbegriff\" data-tooltip=\"Ukupnost religijskih obreda \u0161tovanja za bo\u017eanstvo ili svetog lika.\" tabindex=\"0\">kult<\/span> Thora nestao je, ali su pri\u010de ostale sa\u010duvane zahvaljuju\u0107i islandskoj pismenoj kulturi. Snorri Sturluson napisao je svoju <em>Prozai\u010dnu Eddu<\/em> u 13. stolje\u0107u kao kr\u0161\u0107anski u\u010denjak koji je htio sa\u010duvati staro znanje za potrebe pjesni\u0161tva. Bez toga djela i rukopisno sa\u010duvane <em>Pjesni\u010dke Edde<\/em> najve\u0107i dio Thorovih mitova bio bi izgubljen.<\/p><p>\u0160ire ponovno otkrivanje po\u010delo je s romantizmom kasnog 18. i 19. stolje\u0107a. U Skandinaviji i Njema\u010dkoj pjesnici i u\u010denjaci ponovno su se okrenuli nordijskoj <span class=\"iwg-fachbegriff\" data-tooltip=\"Ukupnost predanih pri\u010da o bogovima jedne kulture.\" tabindex=\"0\">mitologiji<\/span>.<\/p><p>Danski pjesnik Adam Oehlenschl\u00e4ger posvetio je Thoru stihove, a u Njema\u010dkoj se, me\u0111u ostalima, Jacob Grimm u svojoj <em>Njema\u010dkoj <span class=\"iwg-fachbegriff\" data-tooltip=\"Ukupnost predanih pri\u010da o bogovima jedne kulture.\" tabindex=\"0\">mitologiji<\/span><\/em> temeljito bavio Donarom. Ta recepcija nije bila li\u0161ena nacionalnih i ideolo\u0161kih naboja, koji su u 20. stolje\u0107u ponegdje prerasli u opasne, kada su v\u00f6lkische i nacionalsocijalisti\u010dke skupine prisvojile germanske simbole.<\/p><p>U 20. i 21. stolje\u0107u Thor je svjetsku poznatost stekao prije svega kroz stripovsku adaptaciju ameri\u010dkog izdava\u010da Marvela od 1962. godine i kroz njihove kasnije filmske obrade. Ta popularna verzija znatno se razlikuje od srednjovjekovnih izvora: od crvenobradog boga seljaka nastaje plavokosi, mladena\u010dki junak, a mnoge radnje su potpuno izmi\u0161ljene.<\/p><p>Znanstveno se ova linija manje smatra <span class=\"iwg-fachbegriff\" data-tooltip=\"Preno\u0161enje znanja i pri\u010da kroz generacije.\" tabindex=\"0\">predajom<\/span>, a vi\u0161e samostalnim modernim mitskim materijalom. Istovremeno, od kasnog 20. stolje\u0107a postoje neopaganski pokreti koji Thora ponovno vjerski \u0161tuju. Tko tra\u017ei vi\u0161e o ovom <span class=\"iwg-fachbegriff\" data-tooltip=\"Ukupnost bogova jedne religije ili kulture.\" tabindex=\"0\">panteonu<\/span>, mo\u017ee prona\u0107i daljnje natuknice o <a href=\"https:\/\/iwell-guard.com\/hr\/?page_id=149449\">Odinu<\/a> i o <a href=\"https:\/\/iwell-guard.com\/hr\/?page_id=149498\">Lokiju<\/a>.<\/p>\t\t\t\t\t\t\t\t<\/div>\n\t\t\t\t<\/div>\n\t\t\t\t\t<\/div>\n\t\t\t\t<\/div>\n\t\t<div class=\"elementor-element elementor-element-36dd7469 e-flex e-con-boxed e-con e-parent\" data-id=\"36dd7469\" data-element_type=\"container\" data-e-type=\"container\">\n\t\t\t\t\t<div class=\"e-con-inner\">\n\t\t\t\t<div class=\"elementor-element elementor-element-13760ab4 elementor-widget elementor-widget-heading\" data-id=\"13760ab4\" data-element_type=\"widget\" data-e-type=\"widget\" data-widget_type=\"heading.default\">\n\t\t\t\t\t<h2 class=\"elementor-heading-title elementor-size-default\">Daljnje poveznice<\/h2>\t\t\t\t<\/div>\n\t\t<div class=\"elementor-element elementor-element-28c87796 e-con-full e-flex e-con e-child\" data-id=\"28c87796\" data-element_type=\"container\" data-e-type=\"container\">\n\t\t\t\t<div class=\"elementor-element elementor-element-5d6538df elementor-widget elementor-widget-text-editor\" data-id=\"5d6538df\" data-element_type=\"widget\" data-e-type=\"widget\" data-widget_type=\"text-editor.default\">\n\t\t\t\t\t\t\t\t\t<p>Preporu\u010dene interne poveznice za ovu stranicu:<\/p><ul><li><a href=\"https:\/\/iwell-guard.com\/hr\/?page_id=149349\">Germansko<\/a> (nadre\u0111ena kulturna stranica)<\/li><li><a href=\"https:\/\/iwell-guard.com\/hr\/?page_id=149449\">Odin<\/a> (glavni bog u <span class=\"iwg-fachbegriff\" data-tooltip=\"Ukupnost bogova neke religije ili kulture.\" tabindex=\"0\">panteonu<\/span> Asa)<\/li><li><a href=\"https:\/\/iwell-guard.com\/hr\/?page_id=149550\">Freyja<\/a> (Vaninja i sestrinska uloga u <span class=\"iwg-fachbegriff\" data-tooltip=\"Ukupnost bogova neke religije ili kulture.\" tabindex=\"0\">panteonu<\/span>)<\/li><li><a href=\"https:\/\/iwell-guard.com\/hr\/?page_id=149443\">Visoka bo\u017eanstva<\/a> (pregled klasa)<\/li><\/ul>\t\t\t\t\t\t\t\t<\/div>\n\t\t\t\t<\/div>\n\t\t\t\t\t<\/div>\n\t\t\t\t<\/div>\n\t\t<div class=\"elementor-element elementor-element-grl4kl40 e-flex e-con-boxed e-con e-parent\" data-id=\"grl4kl40\" data-element_type=\"container\" data-e-type=\"container\">\n\t\t\t\t\t<div class=\"e-con-inner\">\n\t\t\t\t<div class=\"elementor-element elementor-element-bzsbfrmh elementor-widget elementor-widget-heading\" data-id=\"bzsbfrmh\" data-element_type=\"widget\" data-e-type=\"widget\" data-widget_type=\"heading.default\">\n\t\t\t\t\t<h2 class=\"elementor-heading-title elementor-size-default\">Znanstvena literatura<\/h2>\t\t\t\t<\/div>\n\t\t<div class=\"elementor-element elementor-element-2c13224a e-con-full e-flex e-con e-child\" data-id=\"2c13224a\" data-element_type=\"container\" data-e-type=\"container\">\n\t\t\t\t<div class=\"elementor-element elementor-element-0eymh9ub elementor-widget elementor-widget-text-editor\" data-id=\"0eymh9ub\" data-element_type=\"widget\" data-e-type=\"widget\" data-widget_type=\"text-editor.default\">\n\t\t\t\t\t\t\t\t\t<footer class=\"iwg-literatur\" data-nosnippet=\"true\"><p>Izvori o Thoru:<\/p><ul><li><span data-nosnippet><span class=\"iwg-fachbegriff\" tabindex=\"0\" data-tooltip=\"Islandski u\u010denjak (1179\u20131241); autor Prozai\u010dne Edde i Heimskringle.\">Snorri Sturluson<\/span>: <em>Edda. Pri\u010de iz nordijske <span class=\"iwg-fachbegriff\" data-tooltip=\"Ukupnost predanih pri\u010da o bogovima jedne kulture.\" tabindex=\"0\">mitologije<\/span>.<\/em> Prev. Arnulf Krause. Reclam, Stuttgart 1997.<\/span><\/li><li><span data-nosnippet>Simek, Rudolf: <em>Lexikon der germanischen <span class=\"iwg-fachbegriff\" data-tooltip=\"Ukupnost predanih pri\u010da o bogovima jedne kulture.\" tabindex=\"0\">Mythologie<\/span>.<\/em> 3., potpuno prera\u0111eno izd. Kr\u00f6ner, Stuttgart 2006.<\/span><\/li><\/ul><\/footer>\n<p class=\"iwg-bib-more\"><span data-nosnippet>Ostala standardna djela u <a href=\"https:\/\/iwell-guard.com\/hr\/?page_id=149465\">popisu literature<\/a>.<\/span><\/p>\t\t\t\t\t\t\t\t<\/div>\n\t\t\t\t<\/div>\n\t\t\t\t\t<\/div>\n\t\t\t\t<\/div>\n\t\t\t\t<\/div>\n\t\t","protected":false},"excerpt":{"rendered":"","protected":false},"author":3,"featured_media":1573,"parent":0,"menu_order":0,"comment_status":"closed","ping_status":"closed","template":"elementor_header_footer","meta":{"_yoast_wpseo_focuskw":"Thor","_yoast_wpseo_title":"Thor - Bog groma i za\u0161tite","_yoast_wpseo_metadesc":"Thor, bog groma s \u010deki\u0107em Mj\u00f6lnirom: za\u0161titnik Midgarda, njegovo svakodnevno \u0161tovanje na sjeveru i njegov nastavak sve do danas.","_yoast_wpseo_meta-robots-noindex":"","_yoast_wpseo_canonical":"","_angie_page":false,"gefaehrdungsstufe":"3","wesen_kultur":"germanisch","wesen_klasse":"goetter","footnotes":""},"categories":[],"class_list":["post-149551","page","type-page","status-publish","has-post-thumbnail","hentry"],"yoast_head":"<!-- This site is optimized with the Yoast SEO Premium plugin v27.7 (Yoast SEO v28.3) - https:\/\/yoast.com\/product\/yoast-seo-premium-wordpress\/ -->\n<title>Thor - Bog groma i za\u0161tite<\/title>\n<meta name=\"description\" content=\"Thor, bog groma s \u010deki\u0107em Mj\u00f6lnirom: za\u0161titnik Midgarda, njegovo svakodnevno \u0161tovanje na sjeveru i njegov nastavak sve do danas.\" \/>\n<meta name=\"robots\" content=\"index, follow, max-snippet:-1, max-image-preview:large, max-video-preview:-1\" \/>\n<link rel=\"canonical\" href=\"https:\/\/iwell-guard.com\/hr\/thor\/\" \/>\n<meta property=\"og:locale\" content=\"hr_HR\" \/>\n<meta property=\"og:type\" content=\"article\" \/>\n<meta property=\"og:title\" content=\"Thor\" \/>\n<meta property=\"og:description\" content=\"Thor, bog groma s \u010deki\u0107em Mj\u00f6lnirom: za\u0161titnik Midgarda, njegovo svakodnevno \u0161tovanje na sjeveru i njegov nastavak sve do danas.\" \/>\n<meta property=\"og:url\" content=\"https:\/\/iwell-guard.com\/hr\/thor\/\" \/>\n<meta property=\"og:site_name\" content=\"iWell Guard\" \/>\n<meta property=\"article:modified_time\" content=\"2026-09-04T05:26:23+00:00\" \/>\n<meta property=\"og:image\" content=\"https:\/\/iwell-guard.com\/wp-content\/uploads\/2026\/04\/goetter_germanisch_thor.webp\" \/>\n\t<meta property=\"og:image:width\" content=\"1024\" \/>\n\t<meta property=\"og:image:height\" content=\"1536\" \/>\n\t<meta property=\"og:image:type\" content=\"image\/webp\" \/>\n<meta name=\"twitter:card\" content=\"summary_large_image\" \/>\n<script type=\"application\/ld+json\" class=\"yoast-schema-graph\">{\"@context\":\"https:\\\/\\\/schema.org\",\"@graph\":[{\"@type\":\"WebPage\",\"@id\":\"https:\\\/\\\/iwell-guard.com\\\/hr\\\/thor\\\/\",\"url\":\"https:\\\/\\\/iwell-guard.com\\\/hr\\\/thor\\\/\",\"name\":\"Thor - Bog groma i za\u0161tite\",\"isPartOf\":{\"@id\":\"https:\\\/\\\/iwell-guard.com\\\/hr\\\/#website\"},\"primaryImageOfPage\":{\"@id\":\"https:\\\/\\\/iwell-guard.com\\\/hr\\\/thor\\\/#primaryimage\"},\"image\":{\"@id\":\"https:\\\/\\\/iwell-guard.com\\\/hr\\\/thor\\\/#primaryimage\"},\"thumbnailUrl\":\"https:\\\/\\\/iwell-guard.com\\\/wp-content\\\/uploads\\\/2026\\\/04\\\/goetter_germanisch_thor.webp\",\"datePublished\":\"2026-09-04T05:11:31+00:00\",\"dateModified\":\"2026-09-04T05:26:23+00:00\",\"description\":\"Thor, bog groma s \u010deki\u0107em Mj\u00f6lnirom: za\u0161titnik Midgarda, njegovo svakodnevno \u0161tovanje na sjeveru i njegov nastavak sve do danas.\",\"breadcrumb\":{\"@id\":\"https:\\\/\\\/iwell-guard.com\\\/hr\\\/thor\\\/#breadcrumb\"},\"inLanguage\":\"hr\",\"potentialAction\":[{\"@type\":\"ReadAction\",\"target\":[\"https:\\\/\\\/iwell-guard.com\\\/hr\\\/thor\\\/\"]}]},{\"@type\":\"ImageObject\",\"inLanguage\":\"hr\",\"@id\":\"https:\\\/\\\/iwell-guard.com\\\/hr\\\/thor\\\/#primaryimage\",\"url\":\"https:\\\/\\\/iwell-guard.com\\\/wp-content\\\/uploads\\\/2026\\\/04\\\/goetter_germanisch_thor.webp\",\"contentUrl\":\"https:\\\/\\\/iwell-guard.com\\\/wp-content\\\/uploads\\\/2026\\\/04\\\/goetter_germanisch_thor.webp\",\"width\":1024,\"height\":1536,\"caption\":\"Bogovi iz germanske tradicije.\"},{\"@type\":\"BreadcrumbList\",\"@id\":\"https:\\\/\\\/iwell-guard.com\\\/hr\\\/thor\\\/#breadcrumb\",\"itemListElement\":[{\"@type\":\"ListItem\",\"position\":1,\"name\":\"Start\",\"item\":\"https:\\\/\\\/iwell-guard.com\\\/hr\\\/?page_id=149317\"},{\"@type\":\"ListItem\",\"position\":2,\"name\":\"Thor\"}]},{\"@type\":\"WebSite\",\"@id\":\"https:\\\/\\\/iwell-guard.com\\\/hr\\\/#website\",\"url\":\"https:\\\/\\\/iwell-guard.com\\\/hr\\\/\",\"name\":\"iWell Guard\",\"description\":\"Schutz vor dunklen Einfl\u00fcssen\",\"publisher\":{\"@id\":\"https:\\\/\\\/iwell-guard.com\\\/hr\\\/#organization\"},\"potentialAction\":[{\"@type\":\"SearchAction\",\"target\":{\"@type\":\"EntryPoint\",\"urlTemplate\":\"https:\\\/\\\/iwell-guard.com\\\/hr\\\/?s={search_term_string}\"},\"query-input\":{\"@type\":\"PropertyValueSpecification\",\"valueRequired\":true,\"valueName\":\"search_term_string\"}}],\"inLanguage\":\"hr\"},{\"@type\":\"Organization\",\"@id\":\"https:\\\/\\\/iwell-guard.com\\\/hr\\\/#organization\",\"name\":\"Ittermann electronic GmbH\",\"url\":\"https:\\\/\\\/iwell-guard.com\\\/hr\\\/\",\"logo\":{\"@type\":\"ImageObject\",\"inLanguage\":\"hr\",\"@id\":\"https:\\\/\\\/iwell-guard.com\\\/hr\\\/#\\\/schema\\\/logo\\\/image\\\/\",\"url\":\"https:\\\/\\\/iwell-guard.com\\\/wp-content\\\/uploads\\\/2026\\\/05\\\/Ittermann-Logo-1182x237-1.png\",\"contentUrl\":\"https:\\\/\\\/iwell-guard.com\\\/wp-content\\\/uploads\\\/2026\\\/05\\\/Ittermann-Logo-1182x237-1.png\",\"width\":1182,\"height\":237,\"caption\":\"Ittermann electronic GmbH\"},\"image\":{\"@id\":\"https:\\\/\\\/iwell-guard.com\\\/hr\\\/#\\\/schema\\\/logo\\\/image\\\/\"},\"sameAs\":[\"https:\\\/\\\/pantip.com\\\/profile\\\/9367242\",\"https:\\\/\\\/micro.blog\\\/iwellguard\",\"https:\\\/\\\/www.diggerslist.com\\\/iwellguard\\\/about\",\"https:\\\/\\\/skitterphoto.com\\\/photographers\\\/2870314\\\/iwell-guard\",\"https:\\\/\\\/iwellguard.wordpress.com\\\/2026\\\/06\\\/06\\\/iwell-guard\\\/\",\"https:\\\/\\\/hub.docker.com\\\/u\\\/iwellguard\",\"https:\\\/\\\/www.pinterest.com\\\/iwellguard\\\/\",\"https:\\\/\\\/bit.ly\\\/m\\\/iwellguard\",\"https:\\\/\\\/entre-vos-mains.alsace.eu\\\/profiles\\\/iwellguard\\\/activity\",\"https:\\\/\\\/gravatar.com\\\/reallybeded8fd34\",\"https:\\\/\\\/naijamatta.com\\\/iwellguard\",\"https:\\\/\\\/www.goodreads.com\\\/iwellguard\",\"https:\\\/\\\/profile.hatena.ne.jp\\\/iwellguard\\\/\",\"https:\\\/\\\/experiment.com\\\/users\\\/iwellguard\",\"https:\\\/\\\/wakelet.com\\\/@iWellGuard82270\",\"https:\\\/\\\/www.chordie.com\\\/forum\\\/profile.php?id=2555664\",\"https:\\\/\\\/www.instapaper.com\\\/p\\\/17757966\",\"https:\\\/\\\/www.mapleprimes.com\\\/users\\\/iwellguard\",\"https:\\\/\\\/businesslistingplus.com\\\/profile\\\/iwell-guard\\\/\",\"https:\\\/\\\/telegra.ph\\\/iWell-Guard-06-06\",\"https:\\\/\\\/pbase.com\\\/iwellguard\\\/iwellguard\",\"https:\\\/\\\/b.hatena.ne.jp\\\/iwellguard\\\/20260607#bookmark-4788405196491818882\",\"https:\\\/\\\/fliphtml5.com\\\/home\\\/iwellguard\",\"https:\\\/\\\/anyflip.com\\\/homepage\\\/cmiwl#About\",\"https:\\\/\\\/transfur.com\\\/Users\\\/iwellguard\",\"http:\\\/\\\/delphi.larsbo.org\\\/user\\\/iwellguard\",\"https:\\\/\\\/jobs.lajobsportal.org\\\/profiles\\\/8380803-iwell-guard\",\"https:\\\/\\\/md.chaosdorf.de\\\/s\\\/jfbe5SBdJD\",\"https:\\\/\\\/www.lingvolive.com\\\/en-us\\\/profile\\\/9ecaeaca-ce11-4e51-9e71-01d55e2bff36\\\/translations\",\"https:\\\/\\\/www.fitday.com\\\/fitness\\\/forums\\\/members\\\/iwellguard.html\",\"https:\\\/\\\/www.mymeetbook.com\\\/iwellguard\",\"https:\\\/\\\/pxhere.com\\\/en\\\/photographer-me\\\/5040798\",\"https:\\\/\\\/disqus.com\\\/by\\\/iwellguard\\\/about\\\/\",\"https:\\\/\\\/pastelink.net\\\/hjwciqwq\",\"https:\\\/\\\/pubhtml5.com\\\/homepage\\\/scjhn\\\/\",\"https:\\\/\\\/www.bitchute.com\\\/channel\\\/2O2eOKzNqujT\",\"https:\\\/\\\/audiomack.com\\\/iwellguard\"]},{\"@type\":\"Article\",\"@id\":\"https:\\\/\\\/iwell-guard.com\\\/hr\\\/thor\\\/#article\",\"isPartOf\":{\"@id\":\"https:\\\/\\\/iwell-guard.com\\\/hr\\\/thor\\\/\"},\"author\":{\"name\":\"Ralf Ittermann\",\"@id\":\"https:\\\/\\\/iwell-guard.com\\\/hr\\\/#\\\/schema\\\/person\\\/ee2a27f1cac3406c7c6fb5820cb7349f\"},\"headline\":\"Thor\",\"datePublished\":\"2026-09-04T05:11:31+00:00\",\"dateModified\":\"2026-09-04T05:26:23+00:00\",\"mainEntityOfPage\":{\"@id\":\"https:\\\/\\\/iwell-guard.com\\\/hr\\\/thor\\\/\"},\"publisher\":{\"@id\":\"https:\\\/\\\/iwell-guard.com\\\/hr\\\/#organization\"},\"image\":{\"@id\":\"https:\\\/\\\/iwell-guard.com\\\/hr\\\/thor\\\/#primaryimage\"},\"thumbnailUrl\":\"https:\\\/\\\/iwell-guard.com\\\/wp-content\\\/uploads\\\/2026\\\/04\\\/goetter_germanisch_thor.webp\",\"inLanguage\":\"hr\",\"description\":\"Thor, bog groma s \u010deki\u0107em Mj\u00f6lnirom: za\u0161titnik Midgarda, njegovo svakodnevno \u0161tovanje na sjeveru i njegov nastavak sve do danas.\"}]}<\/script>\n<!-- \/ Yoast SEO Premium plugin. -->","yoast_head_json":{"title":"Thor - Bog groma i za\u0161tite","description":"Thor, bog groma s \u010deki\u0107em Mj\u00f6lnirom: za\u0161titnik Midgarda, njegovo svakodnevno \u0161tovanje na sjeveru i njegov nastavak sve do danas.","robots":{"index":"index","follow":"follow","max-snippet":"max-snippet:-1","max-image-preview":"max-image-preview:large","max-video-preview":"max-video-preview:-1"},"canonical":"https:\/\/iwell-guard.com\/hr\/thor\/","og_locale":"hr_HR","og_type":"article","og_title":"Thor","og_description":"Thor, bog groma s \u010deki\u0107em Mj\u00f6lnirom: za\u0161titnik Midgarda, njegovo svakodnevno \u0161tovanje na sjeveru i njegov nastavak sve do danas.","og_url":"https:\/\/iwell-guard.com\/hr\/thor\/","og_site_name":"iWell Guard","article_modified_time":"2026-09-04T05:26:23+00:00","og_image":[{"width":1024,"height":1536,"url":"https:\/\/iwell-guard.com\/wp-content\/uploads\/2026\/04\/goetter_germanisch_thor.webp","type":"image\/webp"}],"twitter_card":"summary_large_image","schema":{"@context":"https:\/\/schema.org","@graph":[{"@type":"Article","@id":"https:\/\/iwell-guard.com\/hr\/thor\/#article","isPartOf":{"@id":"https:\/\/iwell-guard.com\/hr\/thor\/"},"author":{"name":"Ralf Ittermann","@id":"https:\/\/iwell-guard.com\/hr\/#\/schema\/person\/ee2a27f1cac3406c7c6fb5820cb7349f"},"headline":"Thor","datePublished":"2026-09-04T05:11:31+00:00","dateModified":"2026-09-04T05:26:23+00:00","mainEntityOfPage":{"@id":"https:\/\/iwell-guard.com\/hr\/thor\/"},"publisher":{"@id":"https:\/\/iwell-guard.com\/hr\/#organization"},"image":{"@id":"https:\/\/iwell-guard.com\/hr\/thor\/#primaryimage"},"thumbnailUrl":"https:\/\/iwell-guard.com\/wp-content\/uploads\/2026\/04\/goetter_germanisch_thor.webp","inLanguage":"hr","description":"Thor, bog groma s \u010deki\u0107em Mj\u00f6lnirom: za\u0161titnik Midgarda, njegovo svakodnevno \u0161tovanje na sjeveru i njegov nastavak sve do danas."},{"@type":"WebPage","@id":"https:\/\/iwell-guard.com\/hr\/thor\/","url":"https:\/\/iwell-guard.com\/hr\/thor\/","name":"Thor - Bog groma i za\u0161tite","isPartOf":{"@id":"https:\/\/iwell-guard.com\/hr\/#website"},"primaryImageOfPage":{"@id":"https:\/\/iwell-guard.com\/hr\/thor\/#primaryimage"},"image":{"@id":"https:\/\/iwell-guard.com\/hr\/thor\/#primaryimage"},"thumbnailUrl":"https:\/\/iwell-guard.com\/wp-content\/uploads\/2026\/04\/goetter_germanisch_thor.webp","datePublished":"2026-09-04T05:11:31+00:00","dateModified":"2026-09-04T05:26:23+00:00","description":"Thor, bog groma s \u010deki\u0107em Mj\u00f6lnirom: za\u0161titnik Midgarda, njegovo svakodnevno \u0161tovanje na sjeveru i njegov nastavak sve do danas.","breadcrumb":{"@id":"https:\/\/iwell-guard.com\/hr\/thor\/#breadcrumb"},"inLanguage":"hr","potentialAction":[{"@type":"ReadAction","target":["https:\/\/iwell-guard.com\/hr\/thor\/"]}]},{"@type":"ImageObject","inLanguage":"hr","@id":"https:\/\/iwell-guard.com\/hr\/thor\/#primaryimage","url":"https:\/\/iwell-guard.com\/wp-content\/uploads\/2026\/04\/goetter_germanisch_thor.webp","contentUrl":"https:\/\/iwell-guard.com\/wp-content\/uploads\/2026\/04\/goetter_germanisch_thor.webp","width":1024,"height":1536,"caption":"Bogovi iz germanske tradicije."},{"@type":"BreadcrumbList","@id":"https:\/\/iwell-guard.com\/hr\/thor\/#breadcrumb","itemListElement":[{"@type":"ListItem","position":1,"name":"Start","item":"https:\/\/iwell-guard.com\/hr\/?page_id=149317"},{"@type":"ListItem","position":2,"name":"Thor"}]},{"@type":"WebSite","@id":"https:\/\/iwell-guard.com\/hr\/#website","url":"https:\/\/iwell-guard.com\/hr\/","name":"iWell Guard","description":"Schutz vor dunklen Einfl\u00fcssen","publisher":{"@id":"https:\/\/iwell-guard.com\/hr\/#organization"},"potentialAction":[{"@type":"SearchAction","target":{"@type":"EntryPoint","urlTemplate":"https:\/\/iwell-guard.com\/hr\/?s={search_term_string}"},"query-input":{"@type":"PropertyValueSpecification","valueRequired":true,"valueName":"search_term_string"}}],"inLanguage":"hr"},{"@type":"Organization","@id":"https:\/\/iwell-guard.com\/hr\/#organization","name":"Ittermann electronic GmbH","url":"https:\/\/iwell-guard.com\/hr\/","logo":{"@type":"ImageObject","inLanguage":"hr","@id":"https:\/\/iwell-guard.com\/hr\/#\/schema\/logo\/image\/","url":"https:\/\/iwell-guard.com\/wp-content\/uploads\/2026\/05\/Ittermann-Logo-1182x237-1.png","contentUrl":"https:\/\/iwell-guard.com\/wp-content\/uploads\/2026\/05\/Ittermann-Logo-1182x237-1.png","width":1182,"height":237,"caption":"Ittermann electronic GmbH"},"image":{"@id":"https:\/\/iwell-guard.com\/hr\/#\/schema\/logo\/image\/"},"sameAs":["https:\/\/pantip.com\/profile\/9367242","https:\/\/micro.blog\/iwellguard","https:\/\/www.diggerslist.com\/iwellguard\/about","https:\/\/skitterphoto.com\/photographers\/2870314\/iwell-guard","https:\/\/iwellguard.wordpress.com\/2026\/06\/06\/iwell-guard\/","https:\/\/hub.docker.com\/u\/iwellguard","https:\/\/www.pinterest.com\/iwellguard\/","https:\/\/bit.ly\/m\/iwellguard","https:\/\/entre-vos-mains.alsace.eu\/profiles\/iwellguard\/activity","https:\/\/gravatar.com\/reallybeded8fd34","https:\/\/naijamatta.com\/iwellguard","https:\/\/www.goodreads.com\/iwellguard","https:\/\/profile.hatena.ne.jp\/iwellguard\/","https:\/\/experiment.com\/users\/iwellguard","https:\/\/wakelet.com\/@iWellGuard82270","https:\/\/www.chordie.com\/forum\/profile.php?id=2555664","https:\/\/www.instapaper.com\/p\/17757966","https:\/\/www.mapleprimes.com\/users\/iwellguard","https:\/\/businesslistingplus.com\/profile\/iwell-guard\/","https:\/\/telegra.ph\/iWell-Guard-06-06","https:\/\/pbase.com\/iwellguard\/iwellguard","https:\/\/b.hatena.ne.jp\/iwellguard\/20260607#bookmark-4788405196491818882","https:\/\/fliphtml5.com\/home\/iwellguard","https:\/\/anyflip.com\/homepage\/cmiwl#About","https:\/\/transfur.com\/Users\/iwellguard","http:\/\/delphi.larsbo.org\/user\/iwellguard","https:\/\/jobs.lajobsportal.org\/profiles\/8380803-iwell-guard","https:\/\/md.chaosdorf.de\/s\/jfbe5SBdJD","https:\/\/www.lingvolive.com\/en-us\/profile\/9ecaeaca-ce11-4e51-9e71-01d55e2bff36\/translations","https:\/\/www.fitday.com\/fitness\/forums\/members\/iwellguard.html","https:\/\/www.mymeetbook.com\/iwellguard","https:\/\/pxhere.com\/en\/photographer-me\/5040798","https:\/\/disqus.com\/by\/iwellguard\/about\/","https:\/\/pastelink.net\/hjwciqwq","https:\/\/pubhtml5.com\/homepage\/scjhn\/","https:\/\/www.bitchute.com\/channel\/2O2eOKzNqujT","https:\/\/audiomack.com\/iwellguard"]},{"@type":"Person","@id":"https:\/\/iwell-guard.com\/hr\/#\/schema\/person\/ee2a27f1cac3406c7c6fb5820cb7349f","name":"Ralf Ittermann","image":{"@type":"ImageObject","inLanguage":"hr","@id":"https:\/\/secure.gravatar.com\/avatar\/073c0153e350a5005b68eb752b445fea71f6b24a26da9449ad7e155e6b446c9d?s=96&d=mm&r=g","url":"https:\/\/secure.gravatar.com\/avatar\/073c0153e350a5005b68eb752b445fea71f6b24a26da9449ad7e155e6b446c9d?s=96&d=mm&r=g","contentUrl":"https:\/\/secure.gravatar.com\/avatar\/073c0153e350a5005b68eb752b445fea71f6b24a26da9449ad7e155e6b446c9d?s=96&d=mm&r=g","caption":"Ralf Ittermann"},"givenName":"Ralf","familyName":"Ittermann","jobTitle":"Gesch\u00e4ftsf\u00fchrer und redaktioneller Verantwortlicher","url":"https:\/\/iwell-guard.com\/hr\/author\/claude\/","description":"Ralf Ittermann ist Gesch\u00e4ftsf\u00fchrer der Ittermann electronic GmbH und redaktioneller Verantwortlicher des iWell-Guard-Lexikons. Er verbindet langj\u00e4hrige Erfahrung in der Pr\u00e4zisionsfertigung mit medialer Praxis und religionsgeschichtlicher Quellenarbeit.","worksFor":{"@type":"Organization","name":"Ittermann electronic GmbH","url":"https:\/\/ittermann.de\/","address":{"@type":"PostalAddress","streetAddress":"K\u00f6hlergasse 16-18","postalCode":"99842","addressLocality":"Ruhla","addressCountry":"DE"}},"knowsAbout":["Religionsgeschichte","Mythologie","Mediale Praxis","Energetische Diagnostik","Schutzpraxis","Volksglauben","Westliche Esoterik"]},{"@type":"Article","@id":"https:\/\/iwell-guard.com\/hr\/thor\/#article","isPartOf":{"@id":"https:\/\/iwell-guard.com\/hr\/thor\/"},"author":{"name":"Ralf Ittermann","@id":"https:\/\/iwell-guard.com\/hr\/#\/schema\/person\/ee2a27f1cac3406c7c6fb5820cb7349f"},"headline":"Thor","datePublished":"2026-09-04T05:11:31+00:00","dateModified":"2026-09-04T05:26:23+00:00","mainEntityOfPage":{"@id":"https:\/\/iwell-guard.com\/hr\/thor\/"},"publisher":{"@id":"https:\/\/iwell-guard.com\/hr\/#organization"},"image":{"@id":"https:\/\/iwell-guard.com\/hr\/thor\/#primaryimage"},"thumbnailUrl":"https:\/\/iwell-guard.com\/wp-content\/uploads\/2026\/04\/goetter_germanisch_thor.webp","inLanguage":"hr","description":"Thor, bog groma s \u010deki\u0107em Mj\u00f6lnirom: za\u0161titnik Midgarda, njegovo svakodnevno \u0161tovanje na sjeveru i njegov nastavak sve do danas."}]}},"_links":{"self":[{"href":"https:\/\/iwell-guard.com\/hr\/wp-json\/wp\/v2\/pages\/149551","targetHints":{"allow":["GET"]}}],"collection":[{"href":"https:\/\/iwell-guard.com\/hr\/wp-json\/wp\/v2\/pages"}],"about":[{"href":"https:\/\/iwell-guard.com\/hr\/wp-json\/wp\/v2\/types\/page"}],"author":[{"embeddable":true,"href":"https:\/\/iwell-guard.com\/hr\/wp-json\/wp\/v2\/users\/3"}],"replies":[{"embeddable":true,"href":"https:\/\/iwell-guard.com\/hr\/wp-json\/wp\/v2\/comments?post=149551"}],"version-history":[{"count":0,"href":"https:\/\/iwell-guard.com\/hr\/wp-json\/wp\/v2\/pages\/149551\/revisions"}],"wp:featuredmedia":[{"embeddable":true,"href":"https:\/\/iwell-guard.com\/hr\/wp-json\/wp\/v2\/media\/1573"}],"wp:attachment":[{"href":"https:\/\/iwell-guard.com\/hr\/wp-json\/wp\/v2\/media?parent=149551"}],"wp:term":[{"taxonomy":"category","embeddable":true,"href":"https:\/\/iwell-guard.com\/hr\/wp-json\/wp\/v2\/categories?post=149551"}],"curies":[{"name":"wp","href":"https:\/\/api.w.org\/{rel}","templated":true}]}}