{"id":149486,"date":"2026-09-04T05:10:49","date_gmt":"2026-09-04T05:10:49","guid":{"rendered":"https:\/\/iwell-guard.com\/?page_id=149486"},"modified":"2026-09-04T05:24:48","modified_gmt":"2026-09-04T05:24:48","slug":"perzefona","status":"publish","type":"page","link":"https:\/\/iwell-guard.com\/hr\/perzefona\/","title":{"rendered":"Perzefona"},"content":{"rendered":"\t\t<div data-elementor-type=\"wp-page\" data-elementor-id=\"149486\" class=\"elementor elementor-149486 elementor-1963 elementor-bc-flex-widget\" data-elementor-post-type=\"page\">\n\t\t\t\t<div class=\"elementor-element elementor-element-10fdade e-flex e-con-boxed e-con e-parent\" data-id=\"10fdade\" data-element_type=\"container\" data-e-type=\"container\" data-settings=\"{&quot;background_background&quot;:&quot;classic&quot;}\">\n\t\t\t\t\t<div class=\"e-con-inner\">\n\t\t<div class=\"elementor-element elementor-element-herohlft0 e-flex e-con-boxed e-con e-child\" data-id=\"herohlft0\" data-element_type=\"container\" data-e-type=\"container\">\n\t\t\t\t\t<div class=\"e-con-inner\">\n\t\t<div class=\"elementor-element elementor-element-c3ceb64 e-con-full e-flex e-con e-child\" data-id=\"c3ceb64\" data-element_type=\"container\" data-e-type=\"container\">\n\t\t\t\t<div class=\"elementor-element elementor-element-96ae5e1 elementor-widget elementor-widget-heading\" data-id=\"96ae5e1\" data-element_type=\"widget\" data-e-type=\"widget\" data-widget_type=\"heading.default\">\n\t\t\t\t\t<h1 class=\"elementor-heading-title elementor-size-default\">Perzefona, bo\u017eica gr\u010dke tradicije<\/h1>\t\t\t\t<\/div>\n\t\t\t\t<div class=\"elementor-element elementor-element-e45238a elementor-widget elementor-widget-text-editor\" data-id=\"e45238a\" data-element_type=\"widget\" data-e-type=\"widget\" data-widget_type=\"text-editor.default\">\n\t\t\t\t\t\t\t\t\t<p>K\u0107i plodnosti, kraljica podzemnog svijeta, utjelovljenje promjene. Perzefona (Persephone, poznata i kao Kore) k\u0107i je Demetre i poveznica izme\u0111u zemlje i podzemnog svijeta.<\/p><p>Njezina otmica od strane Hada obilje\u017eila je poimanje smrti, ponovnog ro\u0111enja i godi\u0161njeg kruga u gr\u010dkoj kulturi. Vlada kao dostojanstvena supruga uz Hadovu stranu, bo\u017eica koja u sebi spaja strogost i suosje\u0107anje.<\/p><p>Perzefona je bo\u017eica gr\u010dke tradicije, k\u0107i Demetre i kraljica podzemnog svijeta.<\/p>\t\t\t\t\t\t\t\t<\/div>\n\t\t\t\t<\/div>\n\t\t<div class=\"elementor-element elementor-element-klsbdg01 e-con-full e-flex e-con e-parent\" data-id=\"klsbdg01\" data-element_type=\"container\" data-e-type=\"container\">\n\t\t\t\t<div class=\"elementor-element elementor-element-klshtm01 elementor-widget elementor-widget-html\" data-id=\"klshtm01\" data-element_type=\"widget\" data-e-type=\"widget\" data-widget_type=\"html.default\">\n\t\t\t\t\t<div class=\"iwg-pill-row\"><span class=\"iwg-klasse-badge\" tabindex=\"0\" data-tooltip=\"Bog \/ Bo\u017eica: Osobna vrhovna mo\u0107 u panteonu jedne kulture, s jasnim nadle\u017enostima, prirodne sile, sudbina, rat, plodnost. Po\u0161tovana kroz kultove, \u017ertve i hramske institucije.\">Bo\u017eica<\/span><a href=\"https:\/\/iwell-guard.com\/hr\/?page_id=149331\" class=\"iwg-kultur-badge\" tabindex=\"0\" data-tooltip=\"Religija i mitologija anti\u010dke Gr\u010dke od mikenskog doba do kasne antike.\">Gr\u010dka<\/a><a href=\"https:\/\/iwell-guard.com\/hr\/?page_id=149444\" class=\"iwg-tradition-badge\" tabindex=\"0\" data-tooltip=\"Bo\u017eanstva podzemnog svijeta i smrti, vladari zagrobnog \u017eivota, suci mrtvih, vodi\u010di du\u0161a.\">Bo\u017eanstvo smrti<\/a><\/div>\t\t\t\t<\/div>\n\t\t\t\t<\/div>\n\t\t<div class=\"elementor-element elementor-element-3f74855 e-con-full e-flex e-con e-child\" data-id=\"3f74855\" data-element_type=\"container\" data-e-type=\"container\">\n\t\t\t\t<div class=\"elementor-element elementor-element-1c30362 elementor-toc--minimized-on-tablet elementor-widget elementor-widget-table-of-contents\" data-id=\"1c30362\" data-element_type=\"widget\" data-e-type=\"widget\" data-settings=\"{&quot;exclude_headings_by_selector&quot;:[],&quot;no_headings_message&quot;:&quot;Na ovoj stranici nisu prona\\u0111eni naslovi.&quot;,&quot;headings_by_tags&quot;:[&quot;h2&quot;,&quot;h3&quot;],&quot;marker_view&quot;:&quot;bullets&quot;,&quot;minimize_box&quot;:&quot;yes&quot;,&quot;icon&quot;:{&quot;value&quot;:&quot;fas fa-circle&quot;,&quot;library&quot;:&quot;fa-solid&quot;,&quot;rendered_tag&quot;:&quot;&lt;svg class=\\&quot;e-font-icon-svg e-fas-circle\\&quot; viewBox=\\&quot;0 0 512 512\\&quot; xmlns=\\&quot;http:\\\/\\\/www.w3.org\\\/2000\\\/svg\\&quot;&gt;&lt;path d=\\&quot;M256 8C119 8 8 119 8 256s111 248 248 248 248-111 248-248S393 8 256 8z\\&quot;&gt;&lt;\\\/path&gt;&lt;\\\/svg&gt;&quot;},&quot;minimized_on&quot;:&quot;tablet&quot;,&quot;hierarchical_view&quot;:&quot;yes&quot;,&quot;min_height&quot;:{&quot;unit&quot;:&quot;px&quot;,&quot;size&quot;:&quot;&quot;,&quot;sizes&quot;:[]},&quot;min_height_tablet&quot;:{&quot;unit&quot;:&quot;px&quot;,&quot;size&quot;:&quot;&quot;,&quot;sizes&quot;:[]},&quot;min_height_mobile&quot;:{&quot;unit&quot;:&quot;px&quot;,&quot;size&quot;:&quot;&quot;,&quot;sizes&quot;:[]}}\" data-widget_type=\"table-of-contents.default\">\n\t\t\t\t\t\t\t\t\t<div class=\"elementor-toc__header\">\n\t\t\t\t\t\t<h2 class=\"elementor-toc__header-title\">\n\t\t\t\tSadr\u017eaj\t\t\t<\/h2>\n\t\t\t\t\t\t\t\t\t\t<div class=\"elementor-toc__toggle-button elementor-toc__toggle-button--expand\" role=\"button\" tabindex=\"0\" aria-controls=\"elementor-toc__1c30362\" aria-expanded=\"true\" aria-label=\"Open table of contents\"><svg aria-hidden=\"true\" class=\"e-font-icon-svg e-fas-chevron-down\" viewBox=\"0 0 448 512\" xmlns=\"http:\/\/www.w3.org\/2000\/svg\"><path d=\"M207.029 381.476L12.686 187.132c-9.373-9.373-9.373-24.569 0-33.941l22.667-22.667c9.357-9.357 24.522-9.375 33.901-.04L224 284.505l154.745-154.021c9.379-9.335 24.544-9.317 33.901.04l22.667 22.667c9.373 9.373 9.373 24.569 0 33.941L240.971 381.476c-9.373 9.372-24.569 9.372-33.942 0z\"><\/path><\/svg><\/div>\n\t\t\t\t<div class=\"elementor-toc__toggle-button elementor-toc__toggle-button--collapse\" role=\"button\" tabindex=\"0\" aria-controls=\"elementor-toc__1c30362\" aria-expanded=\"true\" aria-label=\"Close table of contents\"><svg aria-hidden=\"true\" class=\"e-font-icon-svg e-fas-chevron-up\" viewBox=\"0 0 448 512\" xmlns=\"http:\/\/www.w3.org\/2000\/svg\"><path d=\"M240.971 130.524l194.343 194.343c9.373 9.373 9.373 24.569 0 33.941l-22.667 22.667c-9.357 9.357-24.522 9.375-33.901.04L224 227.495 69.255 381.516c-9.379 9.335-24.544 9.317-33.901-.04l-22.667-22.667c-9.373-9.373-9.373-24.569 0-33.941L207.03 130.525c9.372-9.373 24.568-9.373 33.941-.001z\"><\/path><\/svg><\/div>\n\t\t\t\t\t<\/div>\n\t\t\t\t<div id=\"elementor-toc__1c30362\" class=\"elementor-toc__body\">\n\t\t\t<div class=\"elementor-toc__spinner-container\">\n\t\t\t\t<svg class=\"elementor-toc__spinner eicon-animation-spin e-font-icon-svg e-eicon-loading\" aria-hidden=\"true\" viewBox=\"0 0 1000 1000\" xmlns=\"http:\/\/www.w3.org\/2000\/svg\"><path d=\"M500 975V858C696 858 858 696 858 500S696 142 500 142 142 304 142 500H25C25 237 238 25 500 25S975 237 975 500 763 975 500 975Z\"><\/path><\/svg>\t\t\t<\/div>\n\t\t<\/div>\n\t\t\t\t\t\t<\/div>\n\t\t\t\t<\/div>\n\t\t\t\t\t<\/div>\n\t\t\t\t<\/div>\n\t\t<div class=\"elementor-element elementor-element-herorght0 e-con-full e-flex e-con e-child\" data-id=\"herorght0\" data-element_type=\"container\" data-e-type=\"container\">\n\t\t\t\t<div class=\"elementor-element elementor-element-heroimg00 iwg-hero-image elementor-widget elementor-widget-image\" data-id=\"heroimg00\" data-element_type=\"widget\" data-e-type=\"widget\" data-widget_type=\"image.default\">\n\t\t\t\t\t\t\t\t\t\t\t\t\t\t\t<img fetchpriority=\"high\" decoding=\"async\" width=\"683\" height=\"1024\" src=\"https:\/\/iwell-guard.com\/wp-content\/uploads\/2026\/04\/goetter_griechenland_persephone-683x1024.webp\" class=\"attachment-large size-large wp-image-151713\" alt=\"Perzefona - bo\u017eanstva iz gr\u010dke tradicije, povijesno-ilustrativno\" srcset=\"https:\/\/iwell-guard.com\/wp-content\/uploads\/2026\/04\/goetter_griechenland_persephone-683x1024.webp 683w, https:\/\/iwell-guard.com\/wp-content\/uploads\/2026\/04\/goetter_griechenland_persephone-200x300.webp 200w, https:\/\/iwell-guard.com\/wp-content\/uploads\/2026\/04\/goetter_griechenland_persephone-768x1152.webp 768w, https:\/\/iwell-guard.com\/wp-content\/uploads\/2026\/04\/goetter_griechenland_persephone.webp 1024w\" sizes=\"(max-width: 683px) 100vw, 683px\" \/>\t\t\t\t\t\t\t\t\t\t\t\t\t\t\t<\/div>\n\t\t\t\t<\/div>\n\t\t\t\t\t<\/div>\n\t\t\t\t<\/div>\n\t\t<div class=\"elementor-element elementor-element-32917199 e-flex e-con-boxed e-con e-parent\" data-id=\"32917199\" data-element_type=\"container\" data-e-type=\"container\">\n\t\t\t\t\t<div class=\"e-con-inner\">\n\t\t<div class=\"elementor-element elementor-element-26e916cb e-flex e-con-boxed e-con e-child\" data-id=\"26e916cb\" data-element_type=\"container\" data-e-type=\"container\">\n\t\t\t\t\t<div class=\"e-con-inner\">\n\t\t<div class=\"elementor-element elementor-element-253a40d4 e-flex e-con-boxed e-con e-child\" data-id=\"253a40d4\" data-element_type=\"container\" data-e-type=\"container\">\n\t\t\t\t\t<div class=\"e-con-inner\">\n\t\t\t\t<div class=\"elementor-element elementor-element-1200c304 elementor-widget elementor-widget-heading\" data-id=\"1200c304\" data-element_type=\"widget\" data-e-type=\"widget\" data-widget_type=\"heading.default\">\n\t\t\t\t\t<h2 class=\"elementor-heading-title elementor-size-default\">Perzefona<\/h2>\t\t\t\t<\/div>\n\t\t\t\t\t<\/div>\n\t\t\t\t<\/div>\n\t\t<div class=\"elementor-element elementor-element-159dcf9a e-flex e-con-boxed e-con e-child\" data-id=\"159dcf9a\" data-element_type=\"container\" data-e-type=\"container\">\n\t\t\t\t\t<div class=\"e-con-inner\">\n\t\t\t\t<div class=\"elementor-element elementor-element-48cee66f elementor-widget elementor-widget-heading\" data-id=\"48cee66f\" data-element_type=\"widget\" data-e-type=\"widget\" data-widget_type=\"heading.default\">\n\t\t\t\t\t<h2 class=\"elementor-heading-title elementor-size-default\">Brzi pregled: Perzefona<\/h2>\t\t\t\t<\/div>\n\t\t\t\t<div class=\"elementor-element elementor-element-3f50d82c elementor-widget elementor-widget-text-editor\" data-id=\"3f50d82c\" data-element_type=\"widget\" data-e-type=\"widget\" data-widget_type=\"text-editor.default\">\n\t\t\t\t\t\t\t\t\t<p><strong>Tip:<\/strong> Glavno gr\u010dko bo\u017eanstvo, bo\u017eica podzemnog svijeta i vegetacije<br><span class=\"iwg-fachbegriff\" data-tooltip=\"Ukupnost bogova jedne religije ili kulture.\" tabindex=\"0\">Panteon<\/span>: Gr\u010dka (Olimp i podzemni svijet)<br>Funkcija: Kraljica podzemnog svijeta, rast i odumiranje vegetacije, mistrije<br>Glavni atributi: Nar, baklja, vijenac od \u017eitnog klasja<br>Glavna kultna mjesta: Eleuzina, Lokri Epizefirski, Sicilija (Enna)<br>Rimski pandan: Prozerpina<\/p>\t\t\t\t\t\t\t\t<\/div>\n\t\t\t\t\t<\/div>\n\t\t\t\t<\/div>\n\t\t\t\t\t<\/div>\n\t\t\t\t<\/div>\n\t\t\t\t\t<\/div>\n\t\t\t\t<\/div>\n\t\t<div class=\"elementor-element elementor-element-18613602 e-flex e-con-boxed e-con e-parent\" data-id=\"18613602\" data-element_type=\"container\" data-e-type=\"container\">\n\t\t\t\t\t<div class=\"e-con-inner\">\n\t\t\t\t<div class=\"elementor-element elementor-element-262b8a9f elementor-widget elementor-widget-heading\" data-id=\"262b8a9f\" data-element_type=\"widget\" data-e-type=\"widget\" data-widget_type=\"heading.default\">\n\t\t\t\t\t<h2 class=\"elementor-heading-title elementor-size-default\">Kontekst<\/h2>\t\t\t\t<\/div>\n\t\t<div class=\"elementor-element elementor-element-46dcb7d e-con-full e-flex e-con e-child\" data-id=\"46dcb7d\" data-element_type=\"container\" data-e-type=\"container\">\n\t\t<div class=\"elementor-element elementor-element-61d3ab3 e-flex e-con-boxed e-con e-child\" data-id=\"61d3ab3\" data-element_type=\"container\" data-e-type=\"container\">\n\t\t\t\t\t<div class=\"e-con-inner\">\n\t\t\t\t<div class=\"elementor-element elementor-element-117c166 elementor-widget elementor-widget-heading\" data-id=\"117c166\" data-element_type=\"widget\" data-e-type=\"widget\" data-widget_type=\"heading.default\">\n\t\t\t\t\t<h3 class=\"elementor-heading-title elementor-size-default\">Zeitraum der Texte<\/h3>\t\t\t\t<\/div>\n\t\t\t\t<div class=\"elementor-element elementor-element-73997a0 elementor-widget elementor-widget-text-editor\" data-id=\"73997a0\" data-element_type=\"widget\" data-e-type=\"widget\" data-widget_type=\"text-editor.default\">\n\t\t\t\t\t\t\t\t\t<p><span data-nosnippet>Mitovi o Perzefoni knji\u017eevno su dokazivi od Homera (8. st. pr. Kr.); glavni mit (otmica od strane Hada) op\u0161irno se pripovijeda u <em>Homerskom himnu Demetri<\/em>. Eleuzinske mistrije, jedan od najva\u017enijih misti\u010dnih kultova anti\u010dkog svijeta, usredoto\u010dene su na pri\u010du o majci i k\u0107eri, Demetri i Perzefoni. Odr\u017eavale su se neprekidno gotovo 2000 godina, do 392. godine, kada ih je Teodozije zabranio.<\/span><\/p>\t\t\t\t\t\t\t\t<\/div>\n\t\t\t\t\t<\/div>\n\t\t\t\t<\/div>\n\t\t<div class=\"elementor-element elementor-element-d47b156 e-flex e-con-boxed e-con e-child\" data-id=\"d47b156\" data-element_type=\"container\" data-e-type=\"container\">\n\t\t\t\t\t<div class=\"e-con-inner\">\n\t\t\t\t<div class=\"elementor-element elementor-element-ff38c2b elementor-widget elementor-widget-heading\" data-id=\"ff38c2b\" data-element_type=\"widget\" data-e-type=\"widget\" data-widget_type=\"heading.default\">\n\t\t\t\t\t<h3 class=\"elementor-heading-title elementor-size-default\">Verbreitungsraum<\/h3>\t\t\t\t<\/div>\n\t\t\t\t<div class=\"elementor-element elementor-element-4e49fcc elementor-widget elementor-widget-text-editor\" data-id=\"4e49fcc\" data-element_type=\"widget\" data-e-type=\"widget\" data-widget_type=\"text-editor.default\">\n\t\t\t\t\t\t\t\t\t<p>Najva\u017enije kultno mjesto: <strong>Eleuzina<\/strong> kraj Atene (najpoznatije mistrije). Uz to: Sicilija (Enna kao mjesto otmice), Lokri Epizefirski (posebni ju\u017enotalijanski <span class=\"iwg-fachbegriff\" data-tooltip=\"Ukupnost obreda \u0161tovanja jednog bo\u017eanstva ili svete pojave.\" tabindex=\"0\">kult<\/span> s pinakama), Korint, Teba. U helenisti\u010dko-rimskom razdoblju \u0161irenje identifikacije Perzefone kao Prozerpine po cijelom Sredozemlju.<\/p>\t\t\t\t\t\t\t\t<\/div>\n\t\t\t\t\t<\/div>\n\t\t\t\t<\/div>\n\t\t\t\t<\/div>\n\t\t<div class=\"elementor-element elementor-element-db03c39 e-con-full e-flex e-con e-child\" data-id=\"db03c39\" data-element_type=\"container\" data-e-type=\"container\">\n\t\t<div class=\"elementor-element elementor-element-229a87b e-flex e-con-boxed e-con e-child\" data-id=\"229a87b\" data-element_type=\"container\" data-e-type=\"container\">\n\t\t\t\t\t<div class=\"e-con-inner\">\n\t\t\t\t<div class=\"elementor-element elementor-element-1f471fc elementor-widget elementor-widget-heading\" data-id=\"1f471fc\" data-element_type=\"widget\" data-e-type=\"widget\" data-widget_type=\"heading.default\">\n\t\t\t\t\t<h3 class=\"elementor-heading-title elementor-size-default\">Quellenlage<\/h3>\t\t\t\t<\/div>\n\t\t\t\t<div class=\"elementor-element elementor-element-36b1201 elementor-widget elementor-widget-text-editor\" data-id=\"36b1201\" data-element_type=\"widget\" data-e-type=\"widget\" data-widget_type=\"text-editor.default\">\n\t\t\t\t\t\t\t\t\t<p>Sredi\u0161nji izvori: <em>Homerski himan Demetri<\/em> (najdu\u017ee <span class=\"iwg-fachbegriff\" data-tooltip=\"Razdoblje gr\u010dke i rimske kulture, otprilike od 800. pr. Kr. do 600. poslije Kr.\" tabindex=\"0\">anti\u010dko<\/span> pripovijedanje <span class=\"iwg-fachbegriff\" data-tooltip=\"Predana pri\u010da o bogovima, izvorima i poretku svijeta.\" tabindex=\"0\">mita<\/span>), Heziodova <em>Teogonija<\/em>, Hesihijeve glose o eleuzinskim obredima, lokrijske pinake (glinene slikane plo\u010dice), Pausanijin <em>Opis Gr\u010dke<\/em> (poglavlje o Eleuzini). Sekundarna literatura: Burkert, <em><span class=\"iwg-fachbegriff\" data-tooltip=\"Razdoblje gr\u010dke i rimske kulture, otprilike od 800. pr. Kr. do 600. poslije Kr.\" tabindex=\"0\">Anti\u010dki<\/span> misteriji<\/em>; Foley, <em>The Homeric Hymn to Demeter<\/em>; Clinton, <em>The Eleusinian Mysteries<\/em>.<\/p>\t\t\t\t\t\t\t\t<\/div>\n\t\t\t\t\t<\/div>\n\t\t\t\t<\/div>\n\t\t\t\t<\/div>\n\t\t\t\t\t<\/div>\n\t\t\t\t<\/div>\n\t\t<div class=\"elementor-element elementor-element-3ae0637c e-flex e-con-boxed e-con e-parent\" data-id=\"3ae0637c\" data-element_type=\"container\" data-e-type=\"container\">\n\t\t\t\t\t<div class=\"e-con-inner\">\n\t\t\t\t<div class=\"elementor-element elementor-element-31d07739 elementor-widget elementor-widget-heading\" data-id=\"31d07739\" data-element_type=\"widget\" data-e-type=\"widget\" data-widget_type=\"heading.default\">\n\t\t\t\t\t<h2 class=\"elementor-heading-title elementor-size-default\">Naziv<\/h2>\t\t\t\t<\/div>\n\t\t<div class=\"elementor-element elementor-element-b7642947 e-con-full e-flex e-con e-child\" data-id=\"b7642947\" data-element_type=\"container\" data-e-type=\"container\">\n\t\t\t\t<div class=\"elementor-element elementor-element-a086266 elementor-widget elementor-widget-text-editor\" data-id=\"a086266\" data-element_type=\"widget\" data-e-type=\"widget\" data-widget_type=\"text-editor.default\">\n\t\t\t\t\t\t\t\t\t<p>Perzefona se prikazuje kao dostojanstvena \u017eena, \u010desto s krunom ili dijademom, mnogo puta kako sjedi na tronu uz Hada. Njezini atributi su nar (<span class=\"iwg-fachbegriff\" data-tooltip=\"Znak koji predstavlja neku zamisao ili zna\u010denje.\" tabindex=\"0\">simbol<\/span> njezine povezanosti s podzemnim svijetom), baklja (Demetra ju je tra\u017eila s bakljom), mak i \u017eito.<\/p><p>U podzemnom svijetu nosi kraljevske odore; za svog boravka na zemlji prikazuje se mlada i cvatu\u0107a.<\/p>\t\t\t\t\t\t\t\t<\/div>\n\t\t\t\t<\/div>\n\t\t\t\t\t<\/div>\n\t\t\t\t<\/div>\n\t\t<div class=\"elementor-element elementor-element-709a44a8 e-flex e-con-boxed e-con e-parent\" data-id=\"709a44a8\" data-element_type=\"container\" data-e-type=\"container\">\n\t\t\t\t\t<div class=\"e-con-inner\">\n\t\t\t\t<div class=\"elementor-element elementor-element-2f585873 elementor-widget elementor-widget-heading\" data-id=\"2f585873\" data-element_type=\"widget\" data-e-type=\"widget\" data-widget_type=\"heading.default\">\n\t\t\t\t\t<h2 class=\"elementor-heading-title elementor-size-default\">Zna\u010dajke bi\u0107a<\/h2>\t\t\t\t<\/div>\n\t\t<div class=\"elementor-element elementor-element-70621c12 e-con-full e-flex e-con e-child\" data-id=\"70621c12\" data-element_type=\"container\" data-e-type=\"container\">\n\t\t\t\t<div class=\"elementor-element elementor-element-4296eb49 elementor-widget elementor-widget-text-editor\" data-id=\"4296eb49\" data-element_type=\"widget\" data-e-type=\"widget\" data-widget_type=\"text-editor.default\">\n\t\t\t\t\t\t\t\t\t<p>Perzefona zajedno s Hadom vlada podzemnim svijetom. Nije okrutna, ve\u0107 pravedna, slu\u0161a molbe pokojnika i poti\u010de svog supruga na milosr\u0111e. U Eleuzini su se obavljali mistrijski obredi koji su izvodili Perzefonin silazak i povratak, obe\u0107avaju\u0107i vjernicima nadu u bla\u017eenstvo na drugom svijetu.<\/p><p>Perzefonin povratak iz Hada na zemlju najavljuje prolje\u0107e, njezin odlazak u dubinu najavljuje jesen. Njezina pri\u010da tuma\u010di patnju kao nu\u017enu i pretvara ju kroz dostojanstvo.<\/p><p><strong>Izgled i simbolika<\/strong><\/p><p>Perzefona se prikazuje kao lijepa, elegantna \u017eena, ponekad mlada i oki\u0107ena cvije\u0107em (kao Kore), ponekad zrelija i ovjen\u010dana tijarom (kao kraljica podzemnog svijeta). Nar je njezin osnovni atribut, plod \u010dije je zrno pojela, \u010dime je zape\u010da\u0107ena njezina povezanost s Hadom. Baklja (kao i kod Demetre) simbolizira njezina putovanja povratka izme\u0111u svjetova.<\/p><p>\u017dito i mak su joj sveti, kao i narcis (cvijet koji je brala kad ju je Had oteo). Njezina boja varira: bijela ili krem kao djevice, tamnocrvena ili crna kao kraljice podzemnog svijeta. Ona utjelovljuje samu transformaciju, prola\u017eenje kroz gubitak i obnovu, a ne samo jedno od ta dva stanja.<\/p>\t\t\t\t\t\t\t\t<\/div>\n\t\t\t\t<\/div>\n\t\t\t\t\t<\/div>\n\t\t\t\t<\/div>\n\t\t<div class=\"elementor-element elementor-element-44e71476 e-flex e-con-boxed e-con e-parent\" data-id=\"44e71476\" data-element_type=\"container\" data-e-type=\"container\">\n\t\t\t\t\t<div class=\"e-con-inner\">\n\t\t\t\t<div class=\"elementor-element elementor-element-3c1fc3f0 elementor-widget elementor-widget-heading\" data-id=\"3c1fc3f0\" data-element_type=\"widget\" data-e-type=\"widget\" data-widget_type=\"heading.default\">\n\t\t\t\t\t<h2 class=\"elementor-heading-title elementor-size-default\">Profil: Perzefona<\/h2>\t\t\t\t<\/div>\n\t\t<div class=\"elementor-element elementor-element-84f33b8e e-con-full e-flex e-con e-child\" data-id=\"84f33b8e\" data-element_type=\"container\" data-e-type=\"container\">\n\t\t\t\t<div class=\"elementor-element elementor-element-hqkdc67p elementor-widget elementor-widget-text-editor\" data-id=\"hqkdc67p\" data-element_type=\"widget\" data-e-type=\"widget\" data-widget_type=\"text-editor.default\">\n\t\t\t\t\t\t\t\t\t<p>Najva\u017eniji aspekti Perzefone na jedan pogled. Sljede\u0107a polja sa\u017eimaju podrijetlo, funkciju, izgled, \u0161tovanje, simbole i paralele.<\/p>\t\t\t\t\t\t\t\t<\/div>\n\t\t\t\t<\/div>\n\t\t<div class=\"elementor-element elementor-element-pemmx7c5 e-con-full e-flex e-con e-child\" data-id=\"pemmx7c5\" data-element_type=\"container\" data-e-type=\"container\">\n\t\t<div class=\"elementor-element elementor-element-pemmx7c1 e-con-full e-flex e-con e-child\" data-id=\"pemmx7c1\" data-element_type=\"container\" data-e-type=\"container\">\n\t\t<div class=\"elementor-element elementor-element-qh9oavvu iwg-steckbrief-card e-flex e-con-boxed e-con e-child\" data-id=\"qh9oavvu\" data-element_type=\"container\" data-e-type=\"container\">\n\t\t\t\t\t<div class=\"e-con-inner\">\n\t\t\t\t<div class=\"elementor-element elementor-element-awzx8k2k elementor-widget elementor-widget-heading\" data-id=\"awzx8k2k\" data-element_type=\"widget\" data-e-type=\"widget\" data-widget_type=\"heading.default\">\n\t\t\t\t\t<div class=\"elementor-heading-title elementor-size-default\">Perzefonino podrijetlo<\/div>\t\t\t\t<\/div>\n\t\t\t\t<div class=\"elementor-element elementor-element-x6rowhv0 elementor-widget elementor-widget-text-editor\" data-id=\"x6rowhv0\" data-element_type=\"widget\" data-e-type=\"widget\" data-widget_type=\"text-editor.default\">\n\t\t\t\t\t\t\t\t\t<p>Perzefona je k\u0107i Zeusa i Demetre. U sredi\u0161njem <span class=\"iwg-fachbegriff\" data-tooltip=\"Predana pri\u010da o bogovima, izvorima i poretku svijeta.\" tabindex=\"0\">mitu<\/span> nasilno je otima <em>Had<\/em>, vladar podzemnog svijeta; njezina majka Demetra ju o\u010dajni\u010dki tra\u017ei, dopu\u0161taju\u0107i da vegetacija usahne.<\/p><p>Na kraju se dogovara kompromis: Perzefona provodi tre\u0107inu godine s Hadom (zima) i dvije tre\u0107ine s Demetrom (ljeto). Nar, koji jede u podzemnom svijetu, ve\u017ee ju uz Hada.<\/p>\t\t\t\t\t\t\t\t<\/div>\n\t\t\t\t\t<\/div>\n\t\t\t\t<\/div>\n\t\t<div class=\"elementor-element elementor-element-8e3o4kxs iwg-steckbrief-card e-flex e-con-boxed e-con e-child\" data-id=\"8e3o4kxs\" data-element_type=\"container\" data-e-type=\"container\">\n\t\t\t\t\t<div class=\"e-con-inner\">\n\t\t\t\t<div class=\"elementor-element elementor-element-08rkdgov elementor-widget elementor-widget-heading\" data-id=\"08rkdgov\" data-element_type=\"widget\" data-e-type=\"widget\" data-widget_type=\"heading.default\">\n\t\t\t\t\t<div class=\"elementor-heading-title elementor-size-default\">Odnosi se na<\/div>\t\t\t\t<\/div>\n\t\t\t\t<div class=\"elementor-element elementor-element-uwjelx8s elementor-widget elementor-widget-text-editor\" data-id=\"uwjelx8s\" data-element_type=\"widget\" data-e-type=\"widget\" data-widget_type=\"text-editor.default\">\n\t\t\t\t\t\t\t\t\t<p>Kraljica podzemnog svijeta (aspekt Kore nasuprot aspektu Perzefone, djevica i vladarica). U eleuzinskoj tradiciji posrednica izme\u0111u \u017eivota i smrti, mistriji su inicijatima obe\u0107avali sretan zagrobni \u017eivot pod njezinim patronatom. Povezanost s ciklusom plodnosti: rast i venjenje biljnog svijeta kroz njezinu prisutnost i odsutnost na zemlji. Na Siciliji za\u0161titnica djevica.<\/p>\t\t\t\t\t\t\t\t<\/div>\n\t\t\t\t\t<\/div>\n\t\t\t\t<\/div>\n\t\t<div class=\"elementor-element elementor-element-jm2n74ec iwg-steckbrief-card e-flex e-con-boxed e-con e-child\" data-id=\"jm2n74ec\" data-element_type=\"container\" data-e-type=\"container\">\n\t\t\t\t\t<div class=\"e-con-inner\">\n\t\t\t\t<div class=\"elementor-element elementor-element-8vufse4c elementor-widget elementor-widget-heading\" data-id=\"8vufse4c\" data-element_type=\"widget\" data-e-type=\"widget\" data-widget_type=\"heading.default\">\n\t\t\t\t\t<div class=\"elementor-heading-title elementor-size-default\">Prikaz<\/div>\t\t\t\t<\/div>\n\t\t\t\t<div class=\"elementor-element elementor-element-mwb9u015 elementor-widget elementor-widget-text-editor\" data-id=\"mwb9u015\" data-element_type=\"widget\" data-e-type=\"widget\" data-widget_type=\"text-editor.default\">\n\t\t\t\t\t\t\t\t\t<p>Mlada \u017eena, \u010desto s nar u ruci, vijencem od klasja ili bakljom. U svom podzemnom obliku prikazana na tronu uz Hada, \u010desto s ozbiljnim izrazom lica. Na lokrijskim pinakama \u010desto je prikazana u sceni vjen\u010danja s Hadom. Kao Kora (Djevojka) s polos-krunom (visokim cilindri\u010dnim \u0161e\u0161irom). \u010cesto je prate Hekata (s bakljom) i Hermes (kao pratitelj na povratku u gornji svijet).<\/p>\t\t\t\t\t\t\t\t<\/div>\n\t\t\t\t\t<\/div>\n\t\t\t\t<\/div>\n\t\t\t\t<\/div>\n\t\t<div class=\"elementor-element elementor-element-pemmx7c2 e-con-full e-flex e-con e-child\" data-id=\"pemmx7c2\" data-element_type=\"container\" data-e-type=\"container\">\n\t\t<div class=\"elementor-element elementor-element-37ss2yr6 iwg-steckbrief-card e-flex e-con-boxed e-con e-child\" data-id=\"37ss2yr6\" data-element_type=\"container\" data-e-type=\"container\">\n\t\t\t\t\t<div class=\"e-con-inner\">\n\t\t\t\t<div class=\"elementor-element elementor-element-3v0wp3wx elementor-widget elementor-widget-heading\" data-id=\"3v0wp3wx\" data-element_type=\"widget\" data-e-type=\"widget\" data-widget_type=\"heading.default\">\n\t\t\t\t\t<div class=\"elementor-heading-title elementor-size-default\">Funkcija<\/div>\t\t\t\t<\/div>\n\t\t\t\t<div class=\"elementor-element elementor-element-w3247g2m elementor-widget elementor-widget-text-editor\" data-id=\"w3247g2m\" data-element_type=\"widget\" data-e-type=\"widget\" data-widget_type=\"text-editor.default\">\n\t\t\t\t\t\t\t\t\t<p><strong>Podru\u010dje djelovanja:<\/strong> Perzefona je bila sredi\u0161nja figura Eleuzinskih misterija, a posve\u0107enici iz cijelog Sredozemlja putovali su u Eleuzinu kako bi do\u017eivjeli devetodnevni tajni obred.<\/p><p>U osobnom <span class=\"iwg-fachbegriff\" data-tooltip=\"Ukupnost religijskih \u0161tovateljskih radnji posve\u0107enih bo\u017eanstvu ili svetom bi\u0107u.\" tabindex=\"0\">kultu<\/span> prizivale su je \u017eene prije udaje (aspekt djevice koja prelazi u novu \u017eivotnu fazu). U kultu mrtvih bila je za\u0161titnica preminulih, a grobni prilozi sa simbolikom nara \u010desti su nalazi u gr\u010dkim grobovima.<\/p>\t\t\t\t\t\t\t\t<\/div>\n\t\t\t\t\t<\/div>\n\t\t\t\t<\/div>\n\t\t<div class=\"elementor-element elementor-element-0qpjal9w iwg-steckbrief-card e-flex e-con-boxed e-con e-child\" data-id=\"0qpjal9w\" data-element_type=\"container\" data-e-type=\"container\">\n\t\t\t\t\t<div class=\"e-con-inner\">\n\t\t\t\t<div class=\"elementor-element elementor-element-6ndoih0o elementor-widget elementor-widget-heading\" data-id=\"6ndoih0o\" data-element_type=\"widget\" data-e-type=\"widget\" data-widget_type=\"heading.default\">\n\t\t\t\t\t<div class=\"elementor-heading-title elementor-size-default\">Za\u0161tita<\/div>\t\t\t\t<\/div>\n\t\t\t\t<div class=\"elementor-element elementor-element-6684tyh9 elementor-widget elementor-widget-text-editor\" data-id=\"6684tyh9\" data-element_type=\"widget\" data-e-type=\"widget\" data-widget_type=\"text-editor.default\">\n\t\t\t\t\t\t\t\t\t<p>Nar (<span class=\"iwg-fachbegriff\" data-tooltip=\"Znak koji zastupa neku ideju ili zna\u010denje.\" tabindex=\"0\">simbol<\/span> vezanosti za podzemni svijet), baklja (Demetrina potraga), vijenac od klasja (aspekt vegetacije), polos-kruna, asfodel (cvijet podzemnog svijeta), ma\u010d (lokrijska tradicija). Biljke: nar, klasje, asfodel, mak. Sveta \u017eivotinja: zmija.<\/p>\t\t\t\t\t\t\t\t<\/div>\n\t\t\t\t\t<\/div>\n\t\t\t\t<\/div>\n\t\t<div class=\"elementor-element elementor-element-3lfi7x32 iwg-steckbrief-card e-flex e-con-boxed e-con e-child\" data-id=\"3lfi7x32\" data-element_type=\"container\" data-e-type=\"container\">\n\t\t\t\t\t<div class=\"e-con-inner\">\n\t\t\t\t<div class=\"elementor-element elementor-element-0kg99ga1 elementor-widget elementor-widget-heading\" data-id=\"0kg99ga1\" data-element_type=\"widget\" data-e-type=\"widget\" data-widget_type=\"heading.default\">\n\t\t\t\t\t<div class=\"elementor-heading-title elementor-size-default\">Srodna bi\u0107a<\/div>\t\t\t\t<\/div>\n\t\t\t\t<div class=\"elementor-element elementor-element-n0fum6kp elementor-widget elementor-widget-text-editor\" data-id=\"n0fum6kp\" data-element_type=\"widget\" data-e-type=\"widget\" data-widget_type=\"text-editor.default\">\n\t\t\t\t\t\t\t\t\t<p><em>Prozerpina<\/em> (Rim, gotovo identi\u010dno preuzimanje), <em>Inana\/I\u0161tar<\/em> (Mezopotamija, silazak u podzemni svijet), <em>Ere\u0161kigal<\/em> (Mezopotamija, kraljica podzemnog svijeta), <em>Hel<\/em> (germanska mitologija, vladarica podzemnog svijeta), <em>Sita<\/em> (hinduizam, povezanost sa zemljom, nestajanje u zemlju), <em>Izanami<\/em> (Japan, bo\u017eica stvaranja zarobljena u Yomiju).<\/p>\t\t\t\t\t\t\t\t<\/div>\n\t\t\t\t\t<\/div>\n\t\t\t\t<\/div>\n\t\t\t\t<\/div>\n\t\t\t\t<\/div>\n\t\t\t\t\t<\/div>\n\t\t\t\t<\/div>\n\t\t<div class=\"elementor-element elementor-element-7533bc7a e-flex e-con-boxed e-con e-parent\" data-id=\"7533bc7a\" data-element_type=\"container\" data-e-type=\"container\">\n\t\t\t\t\t<div class=\"e-con-inner\">\n\t\t\t\t<div class=\"elementor-element elementor-element-2447d18d elementor-widget elementor-widget-heading\" data-id=\"2447d18d\" data-element_type=\"widget\" data-e-type=\"widget\" data-widget_type=\"heading.default\">\n\t\t\t\t\t<h2 class=\"elementor-heading-title elementor-size-default\">Prakti\u010dna obrana<\/h2>\t\t\t\t<\/div>\n\t\t<div class=\"elementor-element elementor-element-d5d0260c e-con-full e-flex e-con e-child\" data-id=\"d5d0260c\" data-element_type=\"container\" data-e-type=\"container\">\n\t\t\t\t<div class=\"elementor-element elementor-element-341be2ac elementor-widget elementor-widget-text-editor\" data-id=\"341be2ac\" data-element_type=\"widget\" data-e-type=\"widget\" data-widget_type=\"text-editor.default\">\n\t\t\t\t\t\t\t\t\t<p><strong>Rituali za obranu<\/strong><\/p><p>Perzefona, vladarica podzemnog svijeta, bila je manje predmet obrambenih nego pomirbenih obreda. Kako se njezino ime u svakodnevnom govoru izgovaralo s oprezom, \u010desto su ju prikriveno zvali Kora, \u201edjevojka\u201c, jezi\u010dni oblik strahopo\u0161tovanja prema podzemnim silama.<\/p><p>U elevzinskim misterijama u sredi\u0161tu je bila nada u dobru sudbinu na onome svijetu, a ne obrana od zla.<\/p><p>Izrazito apotropejsku tradiciju \u010dine orfi\u010dko-bakhijske zlatne plo\u010dice: tanke, ispisane zlatne lamele koje su polagane pokojnicima u grob i sadr\u017eavale su upute za put kroz podzemni svijet te obra\u0107anja Perzefoni. Trebale su pokojniku osigurati prijelaz, dakle za\u0161titni predmet u pravom smislu rije\u010di.<\/p><p><strong>Zazivanja<\/strong><\/p><p>Elevzinske misterije bile su najva\u017eniji kultni put da se \u010dovjek pridobije naklonost Perzefone i Demetre: posve\u0107enici su se nadali boljoj sudbini nakon smrti. Osim toga, orfi\u010dke zlatne plo\u010dice sadr\u017ee izreke koje du\u0161i u podzemlju stavljaju u usta pravilan na\u010din obra\u0107anja kraljici, da bi bila milostivo primljena. Mit o naru, \u010dije su kore vezale Perzefonu za podzemni svijet, ujedno je opominjao na oprez prema hrani iz carstva mrtvih.<\/p><p><strong>Amuleti i za\u0161titni simboli<\/strong><\/p><p>U gr\u010dkom kultu Perzefonu su, kao gospodaricu podzemnog svijeta, tretirali sa strahopo\u0161tovanjem, o obrani nije bilo govora: \u010desto su ju zvali samo Kora, djevojka, ili opisivali dobronamjernim nazivima da bi izbjegli njezino pravo ime. Za\u0161titu u odnosu prema njezinu podru\u010dju Grci su tra\u017eili kroz pravilne pogrebne i mrtva\u010dke obrede koji su pokojniku osiguravali prijelaz. Prokletni\u010dke plo\u010dice (defixiones) pak pokazuju da su ju ljudi i ciljano zazivali, zbog \u010dega je po\u0161tovanje njezina imena vrijedilo kao zapovijed.<\/p><p><strong><span class=\"iwg-fachbegriff\" data-tooltip=\"Skup vjerskih obreda \u0161tovanja neke bo\u017eice, boga ili svete pojave.\" tabindex=\"0\">Kult<\/span> i \u0161tovanje<\/strong><\/p><p>Perzefona je imala sredi\u0161nju ulogu u Elevzinskim misterijama, mo\u017eda i vi\u0161e nego njezina majka Demetra. Njezina otmica i povratak dramati\u010dno su se izvodili, a posve\u0107enici su taj put do\u017eivljavali u ritualnom obliku. Anthesteria, blagdan posve\u0107en Perzefoni i podzemnim bo\u017eanstvima, bilo je vrijeme kada je granica izme\u0111u \u017eivota i smrti postajala tanka.<\/p><p>\u017dene su se molile Perzefoni tijekom puberteta i udaje, kao za\u0161titnici prijelaza u \u017eensko doba. Lik Kore \u0161tovan je kao za\u0161titnica djevi\u010danstva, a hadska kraljica kao za\u0161titnica braka i maj\u010dinstva. Sve\u0107enice su njezinu dvojnost tuma\u010dile kao spoj, a ne kao proturje\u010dnost.<\/p>\t\t\t\t\t\t\t\t<\/div>\n\t\t\t\t<\/div>\n\t\t\t\t\t<\/div>\n\t\t\t\t<\/div>\n\t\t<div class=\"elementor-element elementor-element-5a584676 e-flex e-con-boxed e-con e-parent\" data-id=\"5a584676\" data-element_type=\"container\" data-e-type=\"container\">\n\t\t\t\t\t<div class=\"e-con-inner\">\n\t\t\t\t<div class=\"elementor-element elementor-element-6d0757bf elementor-widget elementor-widget-heading\" data-id=\"6d0757bf\" data-element_type=\"widget\" data-e-type=\"widget\" data-widget_type=\"heading.default\">\n\t\t\t\t\t<h2 class=\"elementor-heading-title elementor-size-default\">Perzefona, paralele u drugim kulturama<\/h2>\t\t\t\t<\/div>\n\t\t<div class=\"elementor-element elementor-element-60563f68 e-con-full e-flex e-con e-child\" data-id=\"60563f68\" data-element_type=\"container\" data-e-type=\"container\">\n\t\t\t\t<div class=\"elementor-element elementor-element-5a93fdd6 elementor-widget elementor-widget-text-editor\" data-id=\"5a93fdd6\" data-element_type=\"widget\" data-e-type=\"widget\" data-widget_type=\"text-editor.default\">\n\t\t\t\t\t\t\t\t\t<p>Sli\u010dne podzemne bo\u017eice nalaze se i u drugim kulturama: Inana\/I\u0161tar (Mezopotamija) tako\u0111er prolazi kroz podzemni svijet; Izanami (Japan) vlada carstvom mrtvih. Perzefonina epizoda s narom podsje\u0107a na keltske pri\u010de o zavaravanju u podzemnom svijetu i indijske mitove o otmici. Aspekt godi\u0161njeg ciklusa povezuje ju s vegetacijskim bo\u017eanstvima kao \u0161to su Oziris ili Dioniz.<\/p>\t\t\t\t\t\t\t\t<\/div>\n\t\t\t\t<\/div>\n\t\t\t\t\t<\/div>\n\t\t\t\t<\/div>\n\t\t<div class=\"elementor-element elementor-element-cp8742374 e-flex e-con-boxed e-con e-parent\" data-id=\"cp8742374\" data-element_type=\"container\" data-e-type=\"container\">\n\t\t\t\t\t<div class=\"e-con-inner\">\n\t\t\t\t<div class=\"elementor-element elementor-element-cp23b39fb elementor-widget elementor-widget-heading\" data-id=\"cp23b39fb\" data-element_type=\"widget\" data-e-type=\"widget\" data-widget_type=\"heading.default\">\n\t\t\t\t\t<h2 class=\"elementor-heading-title elementor-size-default\">Otmica Perzefone u Homerskoj himni Demetri<\/h2>\t\t\t\t<\/div>\n\t\t<div class=\"elementor-element elementor-element-cp4da9781 e-con-full e-flex e-con e-child\" data-id=\"cp4da9781\" data-element_type=\"container\" data-e-type=\"container\">\n\t\t\t\t<div class=\"elementor-element elementor-element-cp9c8ea7c elementor-widget elementor-widget-text-editor\" data-id=\"cp9c8ea7c\" data-element_type=\"widget\" data-e-type=\"widget\" data-widget_type=\"text-editor.default\">\n\t\t\t\t\t\t\t\t\t<p>Najopse\u017enija <span class=\"iwg-fachbegriff\" data-tooltip=\"Epoha gr\u010dke i rimske kulture, otprilike od 800. pr. Kr. do 600. n. Kr.\" tabindex=\"0\">anti\u010dka<\/span> pri\u010da o Perzefoni nalazi se u tzv. Homerskoj himni <a href=\"https:\/\/iwell-guard.com\/hr\/?page_id=149523\">Demetri<\/a>, tekstu koji je vjerojatno nastao u 7. ili 6. stolje\u0107u prije Krista.<\/p><p>Ona opisuje kako djevojka, u himni naj\u010de\u0161\u0107e nazvana <em>Kore<\/em>, dakle jednostavno \u201edjevojka\u201c, na livadi bere cvije\u0107e. Kad posegne za posebno lijepim narcisom, zemlja se otvara i <a href=\"https:\/\/iwell-guard.com\/hr\/?page_id=149452\">Had<\/a> je na svojim kolima odvodi u podzemni svijet.<\/p><p>Demetra devet dana tra\u017ei k\u0107er po cijeloj zemlji i naposljetku od Helija, svevide\u0107eg boga sunca, doznaje \u0161to se dogodilo.<\/p><p>Iz gnjeva i tuge povla\u010di se od bogova, dopu\u0161ta da polja postanu neplodna i prijeti da \u0107e pustiti da ljudski rod umre od gladi. Time se Zeus napokon prisiljava da uzmakne i po\u0161alje Hermesa u podzemni svijet da vrati Perzefonu.<\/p><p>Presudna je epizoda s ko\u0161\u010dicom mogranja. Prije nego \u0161to Perzefona napusti podzemni svijet, Had joj daje da jede zrno mogranja. Onaj tko je okusio hranu mrtvih, vezan je za podzemni svijet. Tako nastaje kompromis prema kojemu Perzefona dio godine mora provesti s Hadom, a dio s majkom.<\/p><p>Himna time izravno povezuje <span class=\"iwg-fachbegriff\" data-tooltip=\"Predana pri\u010da o bogovima, podrijetlu i poretku svijeta.\" tabindex=\"0\">mit<\/span> sa smjenom godi\u0161njih doba te s ro\u0111enjem i propadanjem vegetacije. Istodobno je to i osniva\u010dki mit eleuzinskih misterija, \u010dije uspostavljanje tekst pripisuje samoj Demetri.<\/p>\t\t\t\t\t\t\t\t<\/div>\n\t\t\t\t<\/div>\n\t\t\t\t\t<\/div>\n\t\t\t\t<\/div>\n\t\t<div class=\"elementor-element elementor-element-cpfe3dad8 e-flex e-con-boxed e-con e-parent\" data-id=\"cpfe3dad8\" data-element_type=\"container\" data-e-type=\"container\">\n\t\t\t\t\t<div class=\"e-con-inner\">\n\t\t\t\t<div class=\"elementor-element elementor-element-cp24a098d elementor-widget elementor-widget-heading\" data-id=\"cp24a098d\" data-element_type=\"widget\" data-e-type=\"widget\" data-widget_type=\"heading.default\">\n\t\t\t\t\t<h2 class=\"elementor-heading-title elementor-size-default\">Kraljica podzemnog svijeta<\/h2>\t\t\t\t<\/div>\n\t\t<div class=\"elementor-element elementor-element-cp198d44d e-con-full e-flex e-con e-child\" data-id=\"cp198d44d\" data-element_type=\"container\" data-e-type=\"container\">\n\t\t\t\t<div class=\"elementor-element elementor-element-cpe43e879 elementor-widget elementor-widget-text-editor\" data-id=\"cpe43e879\" data-element_type=\"widget\" data-e-type=\"widget\" data-widget_type=\"text-editor.default\">\n\t\t\t\t\t\t\t\t\t<p>Koliko god mit o otmici obilje\u017eavao sliku Perzefone, u \u017eivoj gr\u010dkoj religiji ona je prije svega vladarica carstva mrtvih. Uz Hada vlada nad umrlima, i u toj ulozi javlja se \u010de\u0161\u0107e i s ve\u0107im po\u0161tovanjem nego u liku otete djevojke.<\/p><p>Grci su njezino ime nerado izgovarali i nazivali su ju opisno, primjerice <em>Hagne<\/em>, \u010cista, ili jednostavno Boginja.<\/p><p>U toj ulozi Perzefona se javlja u brojnim knji\u017eevnim prizorima. U <em>Odiseji<\/em> upravo Perzefona \u0161alje gomile mrtvih Odiseju i potom ih ponovno rastjeruje.<\/p><p>U mitu o Orfeju ona je ta koja se dade dirnuti pjeva\u010devim pjevanjem i dopusti povratak Euridike. I na plo\u010dicama s prokletstvima, tzv. <em>defixiones<\/em>, koje su se stavljale mrtvima u grob, ona se zaziva kao mo\u0107 koja upravlja sjenama.<\/p><p>Ta dvostruka uloga, k\u0107i bo\u017eice vegetacije i vladarica mrtvih, dugo je zaokupljala istra\u017eiva\u010de. Walter Burkert u svojoj <em>Griechische Religion<\/em> nagla\u0161ava da oba aspekta pripadaju zajedno: zrno mora si\u0107i u zemlju, u tamu, da bi mogao nastati novi \u017eivot.<\/p><p>Perzefona tako utjelovljuje povezanost smrti i plodnosti, koja se u poljodjelstvu izravno do\u017eivljavala; ne mo\u017ee se govoriti o dvjema nepovezanim funkcijama. Po\u0161tovanje s kojim su Grci pristupali njezinoj ulozi u podzemnom svijetu pokazuje da su je shva\u0107ali manje kao <span class=\"iwg-fachbegriff\" data-tooltip=\"Dar bo\u017eanstvu kojim se izra\u017eava zahvala, molba ili po\u0161tovanje.\" tabindex=\"0\">\u017ertvu<\/span> zlo\u010dina, a vi\u0161e kao ozbiljnu kozmi\u010dku mo\u0107.<\/p>\t\t\t\t\t\t\t\t<\/div>\n\t\t\t\t<\/div>\n\t\t\t\t\t<\/div>\n\t\t\t\t<\/div>\n\t\t<div class=\"elementor-element elementor-element-cp9b8f38d e-flex e-con-boxed e-con e-parent\" data-id=\"cp9b8f38d\" data-element_type=\"container\" data-e-type=\"container\">\n\t\t\t\t\t<div class=\"e-con-inner\">\n\t\t\t\t<div class=\"elementor-element elementor-element-cp2bff7ff elementor-widget elementor-widget-heading\" data-id=\"cp2bff7ff\" data-element_type=\"widget\" data-e-type=\"widget\" data-widget_type=\"heading.default\">\n\t\t\t\t\t<h2 class=\"elementor-heading-title elementor-size-default\">Perzefona u eleuzinskim misterijama<\/h2>\t\t\t\t<\/div>\n\t\t<div class=\"elementor-element elementor-element-cp7292d98 e-con-full e-flex e-con e-child\" data-id=\"cp7292d98\" data-element_type=\"container\" data-e-type=\"container\">\n\t\t\t\t<div class=\"elementor-element elementor-element-cp6de0ebe elementor-widget elementor-widget-text-editor\" data-id=\"cp6de0ebe\" data-element_type=\"widget\" data-e-type=\"widget\" data-widget_type=\"text-editor.default\">\n\t\t\t\t\t\t\t\t\t<p><span class=\"iwg-fachbegriff\" data-tooltip=\"Sveto mjesto posve\u0107eno \u0161tovanju bo\u017eanstva.\" tabindex=\"0\">Sveti\u0161te<\/span> u Eleuzini kraj Atene bilo je najzna\u010dajnije mjesto \u0161tovanja Perzefone i Demetre u gr\u010dkom svijetu.<\/p><p>Tamo su se vi\u0161e od tisu\u0107u godina slavile eleuzinske misterije, inicijacijski kult koji je posve\u0107enima, <em>mystai<\/em>, obe\u0107avao bolju sudbinu nakon smrti. Himna Demetri utemeljenje tog kulta izvodi iz Demetrine potrage za k\u0107erkom.<\/p><p>O to\u010dnom tijeku tajnih obreda malo se znade, jer su posve\u0107eni bili obvezani na \u0161utnju i toga su se pridr\u017eavali s izuzetnom dosljedno\u0161\u0107u.<\/p><p>Sigurni su vanjski okviri: <span class=\"iwg-fachbegriff\" data-tooltip=\"Sve\u010dana religijska povorka.\" tabindex=\"0\">procesija<\/span> od Atene do Eleuzine du\u017e Svete ceste, razdoblja posta, posebni napitak <em>kykeon<\/em> i no\u0107na slavlja u Telesterionu, velikoj inicijacijskoj dvorani. U sredi\u0161tu je o\u010dito bio prikaz ili obnavljanje sudbine dviju boginja, od razdvajanja do ponovnog sjedinjenja.<\/p><p>Istra\u017eivanja se ve\u0107 dugo bave pitanjem \u0161to je posve\u0107enima tamo zapravo bilo obe\u0107ano i u \u010demu se sastojalo to iskustvo. <span class=\"iwg-fachbegriff\" data-tooltip=\"Epoha gr\u010dke i rimske kulture, otprilike od 800. pr. Kr. do 600. n. Kr.\" tabindex=\"0\">Anti\u010dki<\/span> izvori, od Pindara do kr\u0161\u0107anskih autora, nagovje\u0161tavaju da su misterije pru\u017eale utjehu suo\u010dene sa smr\u0107u.<\/p><p>Perzefonin povratak iz podzemnog svijeta slu\u017eio je kao slika nade da niti ljudska smrt nije posljednja rije\u010d.<\/p><p>Va\u017eno je trezveno utvrditi da nam glavni prikazani obred nije poznat. Sva moderna tuma\u010denja, od racionalisti\u010dkih do onih koja pretpostavljaju biljnu opojnu tvar u <em>kykeonu<\/em>, ostaju hipoteze koje se bore s namjerno nepotpunom izvornom gra\u0111om.<\/p>\t\t\t\t\t\t\t\t<\/div>\n\t\t\t\t<\/div>\n\t\t\t\t\t<\/div>\n\t\t\t\t<\/div>\n\t\t<div class=\"elementor-element elementor-element-cp60fe985 e-flex e-con-boxed e-con e-parent\" data-id=\"cp60fe985\" data-element_type=\"container\" data-e-type=\"container\">\n\t\t\t\t\t<div class=\"e-con-inner\">\n\t\t\t\t<div class=\"elementor-element elementor-element-cp75c4864 elementor-widget elementor-widget-heading\" data-id=\"cp75c4864\" data-element_type=\"widget\" data-e-type=\"widget\" data-widget_type=\"heading.default\">\n\t\t\t\t\t<h2 class=\"elementor-heading-title elementor-size-default\">Ikonografija i kult na Siciliji i u ju\u017enoj Italiji<\/h2>\t\t\t\t<\/div>\n\t\t<div class=\"elementor-element elementor-element-cp2b58f9b e-con-full e-flex e-con e-child\" data-id=\"cp2b58f9b\" data-element_type=\"container\" data-e-type=\"container\">\n\t\t\t\t<div class=\"elementor-element elementor-element-cpbe4c059 elementor-widget elementor-widget-text-editor\" data-id=\"cpbe4c059\" data-element_type=\"widget\" data-e-type=\"widget\" data-widget_type=\"text-editor.default\">\n\t\t\t\t\t\t\t\t\t<p>U likovnoj umjetnosti Perzefona se pojavljuje u dva osnovna tipa. Kao Kora je mladena\u010dka \u017eenska figura, \u010desto s klasovima, bakljom ili cvije\u0107em, te\u0161ko razlu\u010diva od drugih mladih bo\u017eica.<\/p><p>Kao kraljica podzemnog svijeta prikazuje se na tronu uz Hada, \u010desto sa \u017eezlom, ponekad s nar-jabukom kao atributom. Vazne slike iz 5. i 4. stolje\u0107a pr. Kr. ponovno prikazuju otmicu koju je izvr\u0161io Had, kola, otvorenu zemlju i Demetru koja traga za k\u0107eri.<\/p><p>Po\u0161tovanje je bilo posebno gusto na Siciliji i u gr\u010dkim gradovima ju\u017ene Italije. Sicilija se smatrala povla\u0161tenim mjestom otmice; podru\u010dje oko jezera Pergusa kod Enne bilo je poistovje\u0107eno s cvjetnom livadom.<\/p><p>U Lokroi Epizephyrioi u Kalabriji prona\u0111en je veliki broj glinenih plo\u010dica, tzv. pinaka, koje prikazuju prizore iz mita o Perzefoni i njezinog <span class=\"iwg-fachbegriff\" data-tooltip=\"Ukupnost religijskih obreda \u0161tovanja posve\u0107enih nekom bo\u017eanstvu ili svetoj figuri.\" tabindex=\"0\">kulta<\/span>. One pru\u017eaju rijedak uvid u svijet predod\u017ebi lokalne zajednice i tamo Perzefonu povezuju i s brakom i bra\u010dnim \u017eivotom.<\/p><p>Zna\u010denje Perzefone u ovoj regiji povezano je s gospodarskom strukturom. Sicilija je bila jedna od velikih \u017eitnica anti\u010dkog svijeta, pa je bo\u017eica nadle\u017ena za \u017eito i za svijet ispod zemlje ovdje imala stalno mjesto.<\/p><p>Ciceron u svojim govorima protiv Vera op\u0161irno izvje\u0161tava o slavnom <span class=\"iwg-fachbegriff\" data-tooltip=\"Sveto mjesto posve\u0107eno \u0161tovanju bo\u017eanstva.\" tabindex=\"0\">sveti\u0161tu<\/span> bo\u017eice kod Enne i o svetogr\u0111u koje je nad njim po\u010dinio rimski upravitelj. Takva svjedo\u010danstva pokazuju da je Perzefona bila mnogo vi\u0161e od pjesni\u010dke figure: sila \u010dija su sveti\u0161ta i u rimsko doba imala ugled i bogatstvo.<\/p>\t\t\t\t\t\t\t\t<\/div>\n\t\t\t\t<\/div>\n\t\t\t\t\t<\/div>\n\t\t\t\t<\/div>\n\t\t<div class=\"elementor-element elementor-element-36dd7469 e-flex e-con-boxed e-con e-parent\" data-id=\"36dd7469\" data-element_type=\"container\" data-e-type=\"container\">\n\t\t\t\t\t<div class=\"e-con-inner\">\n\t\t\t\t<div class=\"elementor-element elementor-element-13760ab4 elementor-widget elementor-widget-heading\" data-id=\"13760ab4\" data-element_type=\"widget\" data-e-type=\"widget\" data-widget_type=\"heading.default\">\n\t\t\t\t\t<h2 class=\"elementor-heading-title elementor-size-default\">Daljnje poveznice<\/h2>\t\t\t\t<\/div>\n\t\t<div class=\"elementor-element elementor-element-28c87796 e-con-full e-flex e-con e-child\" data-id=\"28c87796\" data-element_type=\"container\" data-e-type=\"container\">\n\t\t\t\t<div class=\"elementor-element elementor-element-5d6538df elementor-widget elementor-widget-text-editor\" data-id=\"5d6538df\" data-element_type=\"widget\" data-e-type=\"widget\" data-widget_type=\"text-editor.default\">\n\t\t\t\t\t\t\t\t\t<ul><li><a href=\"https:\/\/iwell-guard.com\/hr\/?page_id=149523\">Demetra, majka<\/a><\/li><li><a href=\"https:\/\/iwell-guard.com\/hr\/?page_id=149452\">Had, suprug u podzemnom svijetu<\/a><\/li><li><a href=\"https:\/\/iwell-guard.com\/hr\/?page_id=149337\">Hekata, pratilja u mitu<\/a><\/li><li><a href=\"https:\/\/iwell-guard.com\/hr\/?page_id=149494\">Prozerpina, rimski pandan<\/a><\/li><li><a href=\"https:\/\/iwell-guard.com\/hr\/?page_id=149331\">Gr\u010dka, pregled panteona<\/a><\/li><li><a href=\"https:\/\/iwell-guard.com\/hr\/?page_id=149415\">Bogovi, pregled klasa<\/a><\/li><\/ul>\t\t\t\t\t\t\t\t<\/div>\n\t\t\t\t<\/div>\n\t\t\t\t\t<\/div>\n\t\t\t\t<\/div>\n\t\t<div class=\"elementor-element elementor-element-grl4kl40 e-flex e-con-boxed e-con e-parent\" data-id=\"grl4kl40\" data-element_type=\"container\" data-e-type=\"container\">\n\t\t\t\t\t<div class=\"e-con-inner\">\n\t\t\t\t<div class=\"elementor-element elementor-element-bzsbfrmh elementor-widget elementor-widget-heading\" data-id=\"bzsbfrmh\" data-element_type=\"widget\" data-e-type=\"widget\" data-widget_type=\"heading.default\">\n\t\t\t\t\t<h2 class=\"elementor-heading-title elementor-size-default\">Izvori i literatura<\/h2>\t\t\t\t<\/div>\n\t\t<div class=\"elementor-element elementor-element-2c13224a e-con-full e-flex e-con e-child\" data-id=\"2c13224a\" data-element_type=\"container\" data-e-type=\"container\">\n\t\t\t\t<div class=\"elementor-element elementor-element-0eymh9ub elementor-widget elementor-widget-text-editor\" data-id=\"0eymh9ub\" data-element_type=\"widget\" data-e-type=\"widget\" data-widget_type=\"text-editor.default\">\n\t\t\t\t\t\t\t\t\t<footer class=\"iwg-literatur\" data-nosnippet=\"true\"><ul><li><span data-nosnippet>Burkert, Walter: <em><span class=\"iwg-fachbegriff\" data-tooltip=\"Razdoblje gr\u010dke i rimske kulture, otprilike od 800. pr. Kr. do 600. po. Kr.\" tabindex=\"0\">Antika<\/span> Mysterien. Funktionen und Gehalt<\/em>. M&uuml;nchen 1990.<\/span><\/li><li><span data-nosnippet>Foley, Helene P.: <em>The Homeric Hymn to Demeter<\/em>. Princeton 1994.<\/span><\/li><li><span data-nosnippet>Clinton, Kevin: <em>Myth and Cult. The Iconography of the Eleusinian Mysteries<\/em>. Stockholm 1992.<\/span><\/li><li>Walde, Christine (izd.): <em>Der Neue Pauly<\/em> (natuknica &bdquo;Persephone&ldquo;).<\/li><li>Pausanias: <em>Beschreibung Griechenlands<\/em>, knjiga I (Eleuzina).<\/li><\/ul><\/footer>\n<p class=\"iwg-bib-more\"><span data-nosnippet>Dodatna standardna djela u <a href=\"https:\/\/iwell-guard.com\/hr\/?page_id=149465\">popisu literature<\/a>.<\/span><\/p>\t\t\t\t\t\t\t\t<\/div>\n\t\t\t\t<\/div>\n\t\t\t\t\t<\/div>\n\t\t\t\t<\/div>\n\t\t<div class=\"elementor-element elementor-element-iwgkw2-add-persephone e-flex e-con-boxed e-con e-parent\" data-id=\"iwgkw2-add-persephone\" data-element_type=\"container\" data-e-type=\"container\">\n\t\t\t\t\t<div class=\"e-con-inner\">\n\t\t\t\t<div class=\"elementor-element elementor-element-iwgkw2-add-persephone-t elementor-widget elementor-widget-text-editor\" data-id=\"iwgkw2-add-persephone-t\" data-element_type=\"widget\" data-e-type=\"widget\" data-widget_type=\"text-editor.default\">\n\t\t\t\t\t\t\t\t\t<p>U gr\u010dkoj <em><span class=\"iwg-fachbegriff\" data-tooltip=\"Ukupnost predanih pripovijesti o bogovima jedne kulture.\" tabindex=\"0\">mitologiji<\/span><\/em> Perzefona utjelovljuje smjenu godi\u0161njih doba: kao k\u0107i Demetre i supruga Hada, godinu deli izme\u0111u gornjeg svijeta i podzemlja, a u eleuzinskim misterijama \u0161tuje se kao Kora.<\/p>\t\t\t\t\t\t\t\t<\/div>\n\t\t\t\t\t<\/div>\n\t\t\t\t<\/div>\n\t\t<div class=\"elementor-element elementor-element-c678c54 e-con-boxed e-flex e-con e-parent\" data-id=\"c678c54\" data-element_type=\"container\" data-e-type=\"container\">\n\t\t\t\t\t<div class=\"e-con-inner\">\n\t\t\t\t<div class=\"elementor-element elementor-element-c343e0f elementor-widget elementor-widget-text-editor\" data-id=\"c343e0f\" data-element_type=\"widget\" data-e-type=\"widget\" data-widget_type=\"text-editor.default\">\n\t\t\t\t\t\t\t\t\t\n<h2>\u010cesto postavljana pitanja o Perzefoni<\/h2>\n<div class=\"iwg-faq-q\"><h3>Tko je Perzefona u gr\u010dkoj <span class=\"iwg-fachbegriff\" data-tooltip=\"Ukupnost predanih pripovijesti o bogovima jedne kulture.\" tabindex=\"0\">mitologiji<\/span>?<\/h3><p>Perzefona (rimski Prozerpina) k\u0107i je Demetre (bo\u017eice \u017eetve) i Zeusa. Sredi\u0161nji <span class=\"iwg-fachbegriff\" data-tooltip=\"Predana pripovijest o bogovima, podrijetlu i poretku svijeta.\" tabindex=\"0\">mit<\/span>: Perzefonu otima Had, vladar podzemnog svijeta. Demetra tuguje tako silno da zemlja postane suha i neplodna.<\/p><p>Zeus posreduje, pa Perzefona dvije tre\u0107ine godine provodi kod majke (prolje\u0107e, ljeto, jesen), a jednu tre\u0107inu kao kraljica podzemnog svijeta (zima). Ovaj <span class=\"iwg-fachbegriff\" data-tooltip=\"Predana pripovijest o bogovima, podrijetlu i poretku svijeta.\" tabindex=\"0\">mit<\/span> religijsko je obja\u0161njenje godi\u0161njeg ciklusa i temelj Eleuzinskih misterija.<\/p><\/div>\n<div class=\"iwg-faq-q\"><h3>\u0160to su bili Eleuzinski misteriji?<\/h3><p>Eleuzinski misteriji bili su najva\u017eniji misterijski kult anti\u010dke Gr\u010dke, prakticiran gotovo dvije tisu\u0107e godina (od pribli\u017eno 1500. pr. Kr. do 392. n. Kr.).<\/p><p>U <span class=\"iwg-fachbegriff\" data-tooltip=\"Sveto mjesto posve\u0107eno \u0161tovanju bo\u017eanstva.\" tabindex=\"0\">sveti\u0161tu<\/span> Eleuzine kod Atene upu\u0107enici su do\u017eivljavali dramu Demetre i Perzefone kao <span class=\"iwg-fachbegriff\" data-tooltip=\"Ritualni prijelaz kojim se netko uvodi u novi status ili zajednicu.\" tabindex=\"0\">inicijaciju<\/span>, kao obe\u0107anje da smrt nije kraj. To\u010dni obredi bili su strogo \u010duvana tajna (eleuzinska obaveza \u0161utnje). Me\u0111u poznatim upu\u0107enicima bili su Sofoklo, Platon, Ciceron, August i Marko Aurelije.<\/p><\/div>\n<script type=\"application\/ld+json\">{\"@context\":\"https:\/\/schema.org\",\"@type\":\"FAQPage\",\"mainEntity\":[{\"@type\":\"Question\",\"name\":\"Tko je Perzefona u gr\u010dkoj mitologiji?\",\"acceptedAnswer\":{\"@type\":\"Answer\",\"text\":\"Perzefona (rimski Prozerpina) k\u0107i je Demetre (bo\u017eice \u017eetve) i Zeusa. Sredi\u0161nji mit: Perzefonu otima Had, vladar podzemnog svijeta. Demetra tuguje tako silno da zemlja postane suha i neplodna. Zeus posreduje, pa Perzefona dvije tre\u0107ine godine provodi kod majke (prolje\u0107e, ljeto, jesen), a jednu tre\u0107inu kao kraljica podzemnog svijeta (zima). Ovaj mit religijsko je obja\u0161njenje godi\u0161njeg ciklusa i temelj Eleuzinskih misterija.\"}},{\"@type\":\"Question\",\"name\":\"\u0160to su bili Eleuzinski misteriji?\",\"acceptedAnswer\":{\"@type\":\"Answer\",\"text\":\"Eleuzinski misteriji bili su najva\u017eniji misterijski kult anti\u010dke Gr\u010dke, prakticiran gotovo dvije tisu\u0107e godina (od pribli\u017eno 1500. pr. Kr. do 392. n. Kr.). U sveti\u0161tu Eleuzine kod Atene upu\u0107enici su do\u017eivljavali dramu Demetre i Perzefone kao inicijaciju, kao obe\u0107anje da smrt nije kraj. To\u010dni obredi bili su strogo \u010duvana tajna (eleuzinska obaveza \u0161utnje). Me\u0111u poznatim upu\u0107enicima bili su Sofoklo, Platon, Ciceron, August i Marko Aurelije.\"}}]}<\/script>\t\t\t\t\t\t\t\t<\/div>\n\t\t\t\t\t<\/div>\n\t\t\t\t<\/div>\n\t\t\t\t<\/div>\n\t\t","protected":false},"excerpt":{"rendered":"","protected":false},"author":3,"featured_media":1725,"parent":0,"menu_order":0,"comment_status":"closed","ping_status":"closed","template":"elementor_header_footer","meta":{"_yoast_wpseo_focuskw":"Perzefona","_yoast_wpseo_title":"Perzefona \u2013 gr\u010dka bo\u017eica podzemnog svijeta","_yoast_wpseo_metadesc":"K\u0107i Demetre, kraljica podzemnog svijeta, nar i eleuzinske mistrije. Simbol smrti, ponovnog ro\u0111enja i godi\u0161njeg kruga.","_yoast_wpseo_meta-robots-noindex":"","_yoast_wpseo_canonical":"","_angie_page":false,"gefaehrdungsstufe":"2","wesen_kultur":"griechenland","wesen_klasse":"goetter","footnotes":""},"categories":[],"class_list":["post-149486","page","type-page","status-publish","has-post-thumbnail","hentry"],"yoast_head":"<!-- This site is optimized with the Yoast SEO Premium plugin v27.7 (Yoast SEO v28.3) - https:\/\/yoast.com\/product\/yoast-seo-premium-wordpress\/ -->\n<title>Perzefona \u2013 gr\u010dka bo\u017eica podzemnog svijeta<\/title>\n<meta name=\"description\" content=\"K\u0107i Demetre, kraljica podzemnog svijeta, nar i eleuzinske mistrije. Simbol smrti, ponovnog ro\u0111enja i godi\u0161njeg kruga.\" \/>\n<meta name=\"robots\" content=\"index, follow, max-snippet:-1, max-image-preview:large, max-video-preview:-1\" \/>\n<link rel=\"canonical\" href=\"https:\/\/iwell-guard.com\/hr\/perzefona\/\" \/>\n<meta property=\"og:locale\" content=\"hr_HR\" \/>\n<meta property=\"og:type\" content=\"article\" \/>\n<meta property=\"og:title\" content=\"Perzefona\" \/>\n<meta property=\"og:description\" content=\"K\u0107i Demetre, kraljica podzemnog svijeta, nar i eleuzinske mistrije. Simbol smrti, ponovnog ro\u0111enja i godi\u0161njeg kruga.\" \/>\n<meta property=\"og:url\" content=\"https:\/\/iwell-guard.com\/hr\/perzefona\/\" \/>\n<meta property=\"og:site_name\" content=\"iWell Guard\" \/>\n<meta property=\"article:modified_time\" content=\"2026-09-04T05:24:48+00:00\" \/>\n<meta property=\"og:image\" content=\"https:\/\/iwell-guard.com\/wp-content\/uploads\/2026\/04\/goetter_griechenland_persephone.webp\" \/>\n\t<meta property=\"og:image:width\" content=\"1024\" \/>\n\t<meta property=\"og:image:height\" content=\"1536\" \/>\n\t<meta property=\"og:image:type\" content=\"image\/webp\" \/>\n<meta name=\"twitter:card\" content=\"summary_large_image\" \/>\n<script type=\"application\/ld+json\" class=\"yoast-schema-graph\">{\"@context\":\"https:\\\/\\\/schema.org\",\"@graph\":[{\"@type\":\"WebPage\",\"@id\":\"https:\\\/\\\/iwell-guard.com\\\/hr\\\/perzefona\\\/\",\"url\":\"https:\\\/\\\/iwell-guard.com\\\/hr\\\/perzefona\\\/\",\"name\":\"Perzefona \u2013 gr\u010dka bo\u017eica podzemnog svijeta\",\"isPartOf\":{\"@id\":\"https:\\\/\\\/iwell-guard.com\\\/hr\\\/#website\"},\"primaryImageOfPage\":{\"@id\":\"https:\\\/\\\/iwell-guard.com\\\/hr\\\/perzefona\\\/#primaryimage\"},\"image\":{\"@id\":\"https:\\\/\\\/iwell-guard.com\\\/hr\\\/perzefona\\\/#primaryimage\"},\"thumbnailUrl\":\"https:\\\/\\\/iwell-guard.com\\\/wp-content\\\/uploads\\\/2026\\\/04\\\/goetter_griechenland_persephone.webp\",\"datePublished\":\"2026-09-04T05:10:49+00:00\",\"dateModified\":\"2026-09-04T05:24:48+00:00\",\"description\":\"K\u0107i Demetre, kraljica podzemnog svijeta, nar i eleuzinske mistrije. Simbol smrti, ponovnog ro\u0111enja i godi\u0161njeg kruga.\",\"breadcrumb\":{\"@id\":\"https:\\\/\\\/iwell-guard.com\\\/hr\\\/perzefona\\\/#breadcrumb\"},\"inLanguage\":\"hr\",\"potentialAction\":[{\"@type\":\"ReadAction\",\"target\":[\"https:\\\/\\\/iwell-guard.com\\\/hr\\\/perzefona\\\/\"]}]},{\"@type\":\"ImageObject\",\"inLanguage\":\"hr\",\"@id\":\"https:\\\/\\\/iwell-guard.com\\\/hr\\\/perzefona\\\/#primaryimage\",\"url\":\"https:\\\/\\\/iwell-guard.com\\\/wp-content\\\/uploads\\\/2026\\\/04\\\/goetter_griechenland_persephone.webp\",\"contentUrl\":\"https:\\\/\\\/iwell-guard.com\\\/wp-content\\\/uploads\\\/2026\\\/04\\\/goetter_griechenland_persephone.webp\",\"width\":1024,\"height\":1536,\"caption\":\"Bogovi iz gr\u010dke tradicije.\"},{\"@type\":\"BreadcrumbList\",\"@id\":\"https:\\\/\\\/iwell-guard.com\\\/hr\\\/perzefona\\\/#breadcrumb\",\"itemListElement\":[{\"@type\":\"ListItem\",\"position\":1,\"name\":\"Start\",\"item\":\"https:\\\/\\\/iwell-guard.com\\\/hr\\\/?page_id=149317\"},{\"@type\":\"ListItem\",\"position\":2,\"name\":\"Perzefona\"}]},{\"@type\":\"WebSite\",\"@id\":\"https:\\\/\\\/iwell-guard.com\\\/hr\\\/#website\",\"url\":\"https:\\\/\\\/iwell-guard.com\\\/hr\\\/\",\"name\":\"iWell Guard\",\"description\":\"Schutz vor dunklen Einfl\u00fcssen\",\"publisher\":{\"@id\":\"https:\\\/\\\/iwell-guard.com\\\/hr\\\/#organization\"},\"potentialAction\":[{\"@type\":\"SearchAction\",\"target\":{\"@type\":\"EntryPoint\",\"urlTemplate\":\"https:\\\/\\\/iwell-guard.com\\\/hr\\\/?s={search_term_string}\"},\"query-input\":{\"@type\":\"PropertyValueSpecification\",\"valueRequired\":true,\"valueName\":\"search_term_string\"}}],\"inLanguage\":\"hr\"},{\"@type\":\"Organization\",\"@id\":\"https:\\\/\\\/iwell-guard.com\\\/hr\\\/#organization\",\"name\":\"Ittermann electronic GmbH\",\"url\":\"https:\\\/\\\/iwell-guard.com\\\/hr\\\/\",\"logo\":{\"@type\":\"ImageObject\",\"inLanguage\":\"hr\",\"@id\":\"https:\\\/\\\/iwell-guard.com\\\/hr\\\/#\\\/schema\\\/logo\\\/image\\\/\",\"url\":\"https:\\\/\\\/iwell-guard.com\\\/wp-content\\\/uploads\\\/2026\\\/05\\\/Ittermann-Logo-1182x237-1.png\",\"contentUrl\":\"https:\\\/\\\/iwell-guard.com\\\/wp-content\\\/uploads\\\/2026\\\/05\\\/Ittermann-Logo-1182x237-1.png\",\"width\":1182,\"height\":237,\"caption\":\"Ittermann electronic GmbH\"},\"image\":{\"@id\":\"https:\\\/\\\/iwell-guard.com\\\/hr\\\/#\\\/schema\\\/logo\\\/image\\\/\"},\"sameAs\":[\"https:\\\/\\\/pantip.com\\\/profile\\\/9367242\",\"https:\\\/\\\/micro.blog\\\/iwellguard\",\"https:\\\/\\\/www.diggerslist.com\\\/iwellguard\\\/about\",\"https:\\\/\\\/skitterphoto.com\\\/photographers\\\/2870314\\\/iwell-guard\",\"https:\\\/\\\/iwellguard.wordpress.com\\\/2026\\\/06\\\/06\\\/iwell-guard\\\/\",\"https:\\\/\\\/hub.docker.com\\\/u\\\/iwellguard\",\"https:\\\/\\\/www.pinterest.com\\\/iwellguard\\\/\",\"https:\\\/\\\/bit.ly\\\/m\\\/iwellguard\",\"https:\\\/\\\/entre-vos-mains.alsace.eu\\\/profiles\\\/iwellguard\\\/activity\",\"https:\\\/\\\/gravatar.com\\\/reallybeded8fd34\",\"https:\\\/\\\/naijamatta.com\\\/iwellguard\",\"https:\\\/\\\/www.goodreads.com\\\/iwellguard\",\"https:\\\/\\\/profile.hatena.ne.jp\\\/iwellguard\\\/\",\"https:\\\/\\\/experiment.com\\\/users\\\/iwellguard\",\"https:\\\/\\\/wakelet.com\\\/@iWellGuard82270\",\"https:\\\/\\\/www.chordie.com\\\/forum\\\/profile.php?id=2555664\",\"https:\\\/\\\/www.instapaper.com\\\/p\\\/17757966\",\"https:\\\/\\\/www.mapleprimes.com\\\/users\\\/iwellguard\",\"https:\\\/\\\/businesslistingplus.com\\\/profile\\\/iwell-guard\\\/\",\"https:\\\/\\\/telegra.ph\\\/iWell-Guard-06-06\",\"https:\\\/\\\/pbase.com\\\/iwellguard\\\/iwellguard\",\"https:\\\/\\\/b.hatena.ne.jp\\\/iwellguard\\\/20260607#bookmark-4788405196491818882\",\"https:\\\/\\\/fliphtml5.com\\\/home\\\/iwellguard\",\"https:\\\/\\\/anyflip.com\\\/homepage\\\/cmiwl#About\",\"https:\\\/\\\/transfur.com\\\/Users\\\/iwellguard\",\"http:\\\/\\\/delphi.larsbo.org\\\/user\\\/iwellguard\",\"https:\\\/\\\/jobs.lajobsportal.org\\\/profiles\\\/8380803-iwell-guard\",\"https:\\\/\\\/md.chaosdorf.de\\\/s\\\/jfbe5SBdJD\",\"https:\\\/\\\/www.lingvolive.com\\\/en-us\\\/profile\\\/9ecaeaca-ce11-4e51-9e71-01d55e2bff36\\\/translations\",\"https:\\\/\\\/www.fitday.com\\\/fitness\\\/forums\\\/members\\\/iwellguard.html\",\"https:\\\/\\\/www.mymeetbook.com\\\/iwellguard\",\"https:\\\/\\\/pxhere.com\\\/en\\\/photographer-me\\\/5040798\",\"https:\\\/\\\/disqus.com\\\/by\\\/iwellguard\\\/about\\\/\",\"https:\\\/\\\/pastelink.net\\\/hjwciqwq\",\"https:\\\/\\\/pubhtml5.com\\\/homepage\\\/scjhn\\\/\",\"https:\\\/\\\/www.bitchute.com\\\/channel\\\/2O2eOKzNqujT\",\"https:\\\/\\\/audiomack.com\\\/iwellguard\"]},{\"@type\":\"Article\",\"@id\":\"https:\\\/\\\/iwell-guard.com\\\/hr\\\/perzefona\\\/#article\",\"isPartOf\":{\"@id\":\"https:\\\/\\\/iwell-guard.com\\\/hr\\\/perzefona\\\/\"},\"author\":{\"name\":\"Ralf Ittermann\",\"@id\":\"https:\\\/\\\/iwell-guard.com\\\/hr\\\/#\\\/schema\\\/person\\\/ee2a27f1cac3406c7c6fb5820cb7349f\"},\"headline\":\"Perzefona\",\"datePublished\":\"2026-09-04T05:10:49+00:00\",\"dateModified\":\"2026-09-04T05:24:48+00:00\",\"mainEntityOfPage\":{\"@id\":\"https:\\\/\\\/iwell-guard.com\\\/hr\\\/perzefona\\\/\"},\"publisher\":{\"@id\":\"https:\\\/\\\/iwell-guard.com\\\/hr\\\/#organization\"},\"image\":{\"@id\":\"https:\\\/\\\/iwell-guard.com\\\/hr\\\/perzefona\\\/#primaryimage\"},\"thumbnailUrl\":\"https:\\\/\\\/iwell-guard.com\\\/wp-content\\\/uploads\\\/2026\\\/04\\\/goetter_griechenland_persephone.webp\",\"inLanguage\":\"hr\",\"description\":\"K\u0107i Demetre, kraljica podzemnog svijeta, nar i eleuzinske mistrije. Simbol smrti, ponovnog ro\u0111enja i godi\u0161njeg kruga.\"}]}<\/script>\n<!-- \/ Yoast SEO Premium plugin. -->","yoast_head_json":{"title":"Perzefona \u2013 gr\u010dka bo\u017eica podzemnog svijeta","description":"K\u0107i Demetre, kraljica podzemnog svijeta, nar i eleuzinske mistrije. Simbol smrti, ponovnog ro\u0111enja i godi\u0161njeg kruga.","robots":{"index":"index","follow":"follow","max-snippet":"max-snippet:-1","max-image-preview":"max-image-preview:large","max-video-preview":"max-video-preview:-1"},"canonical":"https:\/\/iwell-guard.com\/hr\/perzefona\/","og_locale":"hr_HR","og_type":"article","og_title":"Perzefona","og_description":"K\u0107i Demetre, kraljica podzemnog svijeta, nar i eleuzinske mistrije. Simbol smrti, ponovnog ro\u0111enja i godi\u0161njeg kruga.","og_url":"https:\/\/iwell-guard.com\/hr\/perzefona\/","og_site_name":"iWell Guard","article_modified_time":"2026-09-04T05:24:48+00:00","og_image":[{"width":1024,"height":1536,"url":"https:\/\/iwell-guard.com\/wp-content\/uploads\/2026\/04\/goetter_griechenland_persephone.webp","type":"image\/webp"}],"twitter_card":"summary_large_image","schema":{"@context":"https:\/\/schema.org","@graph":[{"@type":"Article","@id":"https:\/\/iwell-guard.com\/hr\/perzefona\/#article","isPartOf":{"@id":"https:\/\/iwell-guard.com\/hr\/perzefona\/"},"author":{"name":"Ralf Ittermann","@id":"https:\/\/iwell-guard.com\/hr\/#\/schema\/person\/ee2a27f1cac3406c7c6fb5820cb7349f"},"headline":"Perzefona","datePublished":"2026-09-04T05:10:49+00:00","dateModified":"2026-09-04T05:24:48+00:00","mainEntityOfPage":{"@id":"https:\/\/iwell-guard.com\/hr\/perzefona\/"},"publisher":{"@id":"https:\/\/iwell-guard.com\/hr\/#organization"},"image":{"@id":"https:\/\/iwell-guard.com\/hr\/perzefona\/#primaryimage"},"thumbnailUrl":"https:\/\/iwell-guard.com\/wp-content\/uploads\/2026\/04\/goetter_griechenland_persephone.webp","inLanguage":"hr","description":"K\u0107i Demetre, kraljica podzemnog svijeta, nar i eleuzinske mistrije. Simbol smrti, ponovnog ro\u0111enja i godi\u0161njeg kruga."},{"@type":"WebPage","@id":"https:\/\/iwell-guard.com\/hr\/perzefona\/","url":"https:\/\/iwell-guard.com\/hr\/perzefona\/","name":"Perzefona \u2013 gr\u010dka bo\u017eica podzemnog svijeta","isPartOf":{"@id":"https:\/\/iwell-guard.com\/hr\/#website"},"primaryImageOfPage":{"@id":"https:\/\/iwell-guard.com\/hr\/perzefona\/#primaryimage"},"image":{"@id":"https:\/\/iwell-guard.com\/hr\/perzefona\/#primaryimage"},"thumbnailUrl":"https:\/\/iwell-guard.com\/wp-content\/uploads\/2026\/04\/goetter_griechenland_persephone.webp","datePublished":"2026-09-04T05:10:49+00:00","dateModified":"2026-09-04T05:24:48+00:00","description":"K\u0107i Demetre, kraljica podzemnog svijeta, nar i eleuzinske mistrije. Simbol smrti, ponovnog ro\u0111enja i godi\u0161njeg kruga.","breadcrumb":{"@id":"https:\/\/iwell-guard.com\/hr\/perzefona\/#breadcrumb"},"inLanguage":"hr","potentialAction":[{"@type":"ReadAction","target":["https:\/\/iwell-guard.com\/hr\/perzefona\/"]}]},{"@type":"ImageObject","inLanguage":"hr","@id":"https:\/\/iwell-guard.com\/hr\/perzefona\/#primaryimage","url":"https:\/\/iwell-guard.com\/wp-content\/uploads\/2026\/04\/goetter_griechenland_persephone.webp","contentUrl":"https:\/\/iwell-guard.com\/wp-content\/uploads\/2026\/04\/goetter_griechenland_persephone.webp","width":1024,"height":1536,"caption":"Bogovi iz gr\u010dke tradicije."},{"@type":"BreadcrumbList","@id":"https:\/\/iwell-guard.com\/hr\/perzefona\/#breadcrumb","itemListElement":[{"@type":"ListItem","position":1,"name":"Start","item":"https:\/\/iwell-guard.com\/hr\/?page_id=149317"},{"@type":"ListItem","position":2,"name":"Perzefona"}]},{"@type":"WebSite","@id":"https:\/\/iwell-guard.com\/hr\/#website","url":"https:\/\/iwell-guard.com\/hr\/","name":"iWell Guard","description":"Schutz vor dunklen Einfl\u00fcssen","publisher":{"@id":"https:\/\/iwell-guard.com\/hr\/#organization"},"potentialAction":[{"@type":"SearchAction","target":{"@type":"EntryPoint","urlTemplate":"https:\/\/iwell-guard.com\/hr\/?s={search_term_string}"},"query-input":{"@type":"PropertyValueSpecification","valueRequired":true,"valueName":"search_term_string"}}],"inLanguage":"hr"},{"@type":"Organization","@id":"https:\/\/iwell-guard.com\/hr\/#organization","name":"Ittermann electronic GmbH","url":"https:\/\/iwell-guard.com\/hr\/","logo":{"@type":"ImageObject","inLanguage":"hr","@id":"https:\/\/iwell-guard.com\/hr\/#\/schema\/logo\/image\/","url":"https:\/\/iwell-guard.com\/wp-content\/uploads\/2026\/05\/Ittermann-Logo-1182x237-1.png","contentUrl":"https:\/\/iwell-guard.com\/wp-content\/uploads\/2026\/05\/Ittermann-Logo-1182x237-1.png","width":1182,"height":237,"caption":"Ittermann electronic GmbH"},"image":{"@id":"https:\/\/iwell-guard.com\/hr\/#\/schema\/logo\/image\/"},"sameAs":["https:\/\/pantip.com\/profile\/9367242","https:\/\/micro.blog\/iwellguard","https:\/\/www.diggerslist.com\/iwellguard\/about","https:\/\/skitterphoto.com\/photographers\/2870314\/iwell-guard","https:\/\/iwellguard.wordpress.com\/2026\/06\/06\/iwell-guard\/","https:\/\/hub.docker.com\/u\/iwellguard","https:\/\/www.pinterest.com\/iwellguard\/","https:\/\/bit.ly\/m\/iwellguard","https:\/\/entre-vos-mains.alsace.eu\/profiles\/iwellguard\/activity","https:\/\/gravatar.com\/reallybeded8fd34","https:\/\/naijamatta.com\/iwellguard","https:\/\/www.goodreads.com\/iwellguard","https:\/\/profile.hatena.ne.jp\/iwellguard\/","https:\/\/experiment.com\/users\/iwellguard","https:\/\/wakelet.com\/@iWellGuard82270","https:\/\/www.chordie.com\/forum\/profile.php?id=2555664","https:\/\/www.instapaper.com\/p\/17757966","https:\/\/www.mapleprimes.com\/users\/iwellguard","https:\/\/businesslistingplus.com\/profile\/iwell-guard\/","https:\/\/telegra.ph\/iWell-Guard-06-06","https:\/\/pbase.com\/iwellguard\/iwellguard","https:\/\/b.hatena.ne.jp\/iwellguard\/20260607#bookmark-4788405196491818882","https:\/\/fliphtml5.com\/home\/iwellguard","https:\/\/anyflip.com\/homepage\/cmiwl#About","https:\/\/transfur.com\/Users\/iwellguard","http:\/\/delphi.larsbo.org\/user\/iwellguard","https:\/\/jobs.lajobsportal.org\/profiles\/8380803-iwell-guard","https:\/\/md.chaosdorf.de\/s\/jfbe5SBdJD","https:\/\/www.lingvolive.com\/en-us\/profile\/9ecaeaca-ce11-4e51-9e71-01d55e2bff36\/translations","https:\/\/www.fitday.com\/fitness\/forums\/members\/iwellguard.html","https:\/\/www.mymeetbook.com\/iwellguard","https:\/\/pxhere.com\/en\/photographer-me\/5040798","https:\/\/disqus.com\/by\/iwellguard\/about\/","https:\/\/pastelink.net\/hjwciqwq","https:\/\/pubhtml5.com\/homepage\/scjhn\/","https:\/\/www.bitchute.com\/channel\/2O2eOKzNqujT","https:\/\/audiomack.com\/iwellguard"]},{"@type":"Person","@id":"https:\/\/iwell-guard.com\/hr\/#\/schema\/person\/ee2a27f1cac3406c7c6fb5820cb7349f","name":"Ralf Ittermann","image":{"@type":"ImageObject","inLanguage":"hr","@id":"https:\/\/secure.gravatar.com\/avatar\/073c0153e350a5005b68eb752b445fea71f6b24a26da9449ad7e155e6b446c9d?s=96&d=mm&r=g","url":"https:\/\/secure.gravatar.com\/avatar\/073c0153e350a5005b68eb752b445fea71f6b24a26da9449ad7e155e6b446c9d?s=96&d=mm&r=g","contentUrl":"https:\/\/secure.gravatar.com\/avatar\/073c0153e350a5005b68eb752b445fea71f6b24a26da9449ad7e155e6b446c9d?s=96&d=mm&r=g","caption":"Ralf Ittermann"},"givenName":"Ralf","familyName":"Ittermann","jobTitle":"Gesch\u00e4ftsf\u00fchrer und redaktioneller Verantwortlicher","url":"https:\/\/iwell-guard.com\/hr\/author\/claude\/","description":"Ralf Ittermann ist Gesch\u00e4ftsf\u00fchrer der Ittermann electronic GmbH und redaktioneller Verantwortlicher des iWell-Guard-Lexikons. Er verbindet langj\u00e4hrige Erfahrung in der Pr\u00e4zisionsfertigung mit medialer Praxis und religionsgeschichtlicher Quellenarbeit.","worksFor":{"@type":"Organization","name":"Ittermann electronic GmbH","url":"https:\/\/ittermann.de\/","address":{"@type":"PostalAddress","streetAddress":"K\u00f6hlergasse 16-18","postalCode":"99842","addressLocality":"Ruhla","addressCountry":"DE"}},"knowsAbout":["Religionsgeschichte","Mythologie","Mediale Praxis","Energetische Diagnostik","Schutzpraxis","Volksglauben","Westliche Esoterik"]},{"@type":"Article","@id":"https:\/\/iwell-guard.com\/hr\/perzefona\/#article","isPartOf":{"@id":"https:\/\/iwell-guard.com\/hr\/perzefona\/"},"author":{"name":"Ralf Ittermann","@id":"https:\/\/iwell-guard.com\/hr\/#\/schema\/person\/ee2a27f1cac3406c7c6fb5820cb7349f"},"headline":"Perzefona","datePublished":"2026-09-04T05:10:49+00:00","dateModified":"2026-09-04T05:24:48+00:00","mainEntityOfPage":{"@id":"https:\/\/iwell-guard.com\/hr\/perzefona\/"},"publisher":{"@id":"https:\/\/iwell-guard.com\/hr\/#organization"},"image":{"@id":"https:\/\/iwell-guard.com\/hr\/perzefona\/#primaryimage"},"thumbnailUrl":"https:\/\/iwell-guard.com\/wp-content\/uploads\/2026\/04\/goetter_griechenland_persephone.webp","inLanguage":"hr","description":"K\u0107i Demetre, kraljica podzemnog svijeta, nar i eleuzinske mistrije. Simbol smrti, ponovnog ro\u0111enja i godi\u0161njeg kruga."}]}},"_links":{"self":[{"href":"https:\/\/iwell-guard.com\/hr\/wp-json\/wp\/v2\/pages\/149486","targetHints":{"allow":["GET"]}}],"collection":[{"href":"https:\/\/iwell-guard.com\/hr\/wp-json\/wp\/v2\/pages"}],"about":[{"href":"https:\/\/iwell-guard.com\/hr\/wp-json\/wp\/v2\/types\/page"}],"author":[{"embeddable":true,"href":"https:\/\/iwell-guard.com\/hr\/wp-json\/wp\/v2\/users\/3"}],"replies":[{"embeddable":true,"href":"https:\/\/iwell-guard.com\/hr\/wp-json\/wp\/v2\/comments?post=149486"}],"version-history":[{"count":0,"href":"https:\/\/iwell-guard.com\/hr\/wp-json\/wp\/v2\/pages\/149486\/revisions"}],"wp:featuredmedia":[{"embeddable":true,"href":"https:\/\/iwell-guard.com\/hr\/wp-json\/wp\/v2\/media\/1725"}],"wp:attachment":[{"href":"https:\/\/iwell-guard.com\/hr\/wp-json\/wp\/v2\/media?parent=149486"}],"wp:term":[{"taxonomy":"category","embeddable":true,"href":"https:\/\/iwell-guard.com\/hr\/wp-json\/wp\/v2\/categories?post=149486"}],"curies":[{"name":"wp","href":"https:\/\/api.w.org\/{rel}","templated":true}]}}