{"id":149456,"date":"2026-09-04T05:10:33","date_gmt":"2026-09-04T05:10:33","guid":{"rendered":"https:\/\/iwell-guard.com\/?page_id=149456"},"modified":"2026-09-04T05:24:05","modified_gmt":"2026-09-04T05:24:05","slug":"hel","status":"publish","type":"page","link":"https:\/\/iwell-guard.com\/hr\/hel\/","title":{"rendered":"Hel"},"content":{"rendered":"\t\t<div data-elementor-type=\"wp-page\" data-elementor-id=\"149456\" class=\"elementor elementor-149456 elementor-1890 elementor-bc-flex-widget\" data-elementor-post-type=\"page\">\n\t\t\t\t<div class=\"elementor-element elementor-element-10fdade e-flex e-con-boxed e-con e-parent\" data-id=\"10fdade\" data-element_type=\"container\" data-e-type=\"container\" data-settings=\"{&quot;background_background&quot;:&quot;classic&quot;}\">\n\t\t\t\t\t<div class=\"e-con-inner\">\n\t\t<div class=\"elementor-element elementor-element-herohlft0 e-flex e-con-boxed e-con e-child\" data-id=\"herohlft0\" data-element_type=\"container\" data-e-type=\"container\">\n\t\t\t\t\t<div class=\"e-con-inner\">\n\t\t<div class=\"elementor-element elementor-element-c3ceb64 e-con-full e-flex e-con e-child\" data-id=\"c3ceb64\" data-element_type=\"container\" data-e-type=\"container\">\n\t\t\t\t<div class=\"elementor-element elementor-element-96ae5e1 elementor-widget elementor-widget-heading\" data-id=\"96ae5e1\" data-element_type=\"widget\" data-e-type=\"widget\" data-widget_type=\"heading.default\">\n\t\t\t\t\t<h1 class=\"elementor-heading-title elementor-size-default\">Hel, bo\u017eica germanske tradicije<\/h1>\t\t\t\t<\/div>\n\t\t\t\t<div class=\"elementor-element elementor-element-e45238a elementor-widget elementor-widget-text-editor\" data-id=\"e45238a\" data-element_type=\"widget\" data-e-type=\"widget\" data-widget_type=\"text-editor.default\">\n\t\t\t\t\t\t\t\t\t<p>Hel je bo\u017eica germanske tradicije.<\/p><p>Gospodarica carstva mrtvih, k\u0107i Lokija i divovkinje Angrbode, sestra Fenrisa vuka i svjetske zmije Jormungand. Hel prima du\u0161e svih onih umrlih koji nisu pali u boju, odnosno onih koji ne odlaze u Valhalu ili Folkvang.<\/p><p>Njezino carstvo <em>Helheim<\/em> nije mjesto muke, ve\u0107 neutralna zemlja mrtvih za one koji su umrli od bolesti, starosti ili drugih uobi\u010dajenih uzroka smrti. Prikazuje se kao pola \u017eiva, pola raspadnuta, <span class=\"iwg-fachbegriff\" data-tooltip=\"Znak koji predstavlja ideju ili zna\u010denje.\" tabindex=\"0\">simbol<\/span> praga izme\u0111u \u017eivota i smrti.<\/p><p>Hel je germanska boginja mrtvih i k\u0107i Lokija.<\/p>\t\t\t\t\t\t\t\t<\/div>\n\t\t\t\t<\/div>\n\t\t<div class=\"elementor-element elementor-element-klsbdg01 e-con-full e-flex e-con e-parent\" data-id=\"klsbdg01\" data-element_type=\"container\" data-e-type=\"container\">\n\t\t\t\t<div class=\"elementor-element elementor-element-klshtm01 elementor-widget elementor-widget-html\" data-id=\"klshtm01\" data-element_type=\"widget\" data-e-type=\"widget\" data-widget_type=\"html.default\">\n\t\t\t\t\t<div class=\"iwg-pill-row\"><span class=\"iwg-klasse-badge\" tabindex=\"0\" data-tooltip=\"Bog \/ bo\u017eica: Personificirana najvi\u0161a sila u panteonu neke kulture, s jasnim nadle\u017enostima nad prirodnim silama, sudbinom, ratom ili plodno\u0161\u0107u. \u0160tuje se kroz kultove, \u017ertve i hramske institucije.\">Bo\u017eica<\/span><a href=\"https:\/\/iwell-guard.com\/hr\/?page_id=149349\" class=\"iwg-kultur-badge\" tabindex=\"0\" data-tooltip=\"Predkr\u0161\u0107anski svijet bogova i duhova sjeverne i srednje Europe.\">Germanski<\/a><a href=\"https:\/\/iwell-guard.com\/hr\/?page_id=149444\" class=\"iwg-tradition-badge\" tabindex=\"0\" data-tooltip=\"Bo\u017eanstva podzemlja i smrti, vladari zagrobnog svijeta, suci mrtvih, vodi\u010di du\u0161a.\">Boginja mrtvih<\/a><\/div>\t\t\t\t<\/div>\n\t\t\t\t<\/div>\n\t\t<div class=\"elementor-element elementor-element-3f74855 e-con-full e-flex e-con e-child\" data-id=\"3f74855\" data-element_type=\"container\" data-e-type=\"container\">\n\t\t\t\t<div class=\"elementor-element elementor-element-1c30362 elementor-toc--minimized-on-tablet elementor-widget elementor-widget-table-of-contents\" data-id=\"1c30362\" data-element_type=\"widget\" data-e-type=\"widget\" data-settings=\"{&quot;exclude_headings_by_selector&quot;:[],&quot;no_headings_message&quot;:&quot;Na ovoj stranici nisu prona\\u0111eni naslovi.&quot;,&quot;headings_by_tags&quot;:[&quot;h2&quot;,&quot;h3&quot;],&quot;marker_view&quot;:&quot;bullets&quot;,&quot;minimize_box&quot;:&quot;yes&quot;,&quot;icon&quot;:{&quot;value&quot;:&quot;fas fa-circle&quot;,&quot;library&quot;:&quot;fa-solid&quot;,&quot;rendered_tag&quot;:&quot;&lt;svg class=\\&quot;e-font-icon-svg e-fas-circle\\&quot; viewBox=\\&quot;0 0 512 512\\&quot; xmlns=\\&quot;http:\\\/\\\/www.w3.org\\\/2000\\\/svg\\&quot;&gt;&lt;path d=\\&quot;M256 8C119 8 8 119 8 256s111 248 248 248 248-111 248-248S393 8 256 8z\\&quot;&gt;&lt;\\\/path&gt;&lt;\\\/svg&gt;&quot;},&quot;minimized_on&quot;:&quot;tablet&quot;,&quot;hierarchical_view&quot;:&quot;yes&quot;,&quot;min_height&quot;:{&quot;unit&quot;:&quot;px&quot;,&quot;size&quot;:&quot;&quot;,&quot;sizes&quot;:[]},&quot;min_height_tablet&quot;:{&quot;unit&quot;:&quot;px&quot;,&quot;size&quot;:&quot;&quot;,&quot;sizes&quot;:[]},&quot;min_height_mobile&quot;:{&quot;unit&quot;:&quot;px&quot;,&quot;size&quot;:&quot;&quot;,&quot;sizes&quot;:[]}}\" data-widget_type=\"table-of-contents.default\">\n\t\t\t\t\t\t\t\t\t<div class=\"elementor-toc__header\">\n\t\t\t\t\t\t<h2 class=\"elementor-toc__header-title\">\n\t\t\t\tSadr\u017eaj\t\t\t<\/h2>\n\t\t\t\t\t\t\t\t\t\t<div class=\"elementor-toc__toggle-button elementor-toc__toggle-button--expand\" role=\"button\" tabindex=\"0\" aria-controls=\"elementor-toc__1c30362\" aria-expanded=\"true\" aria-label=\"Open table of contents\"><svg aria-hidden=\"true\" class=\"e-font-icon-svg e-fas-chevron-down\" viewBox=\"0 0 448 512\" xmlns=\"http:\/\/www.w3.org\/2000\/svg\"><path d=\"M207.029 381.476L12.686 187.132c-9.373-9.373-9.373-24.569 0-33.941l22.667-22.667c9.357-9.357 24.522-9.375 33.901-.04L224 284.505l154.745-154.021c9.379-9.335 24.544-9.317 33.901.04l22.667 22.667c9.373 9.373 9.373 24.569 0 33.941L240.971 381.476c-9.373 9.372-24.569 9.372-33.942 0z\"><\/path><\/svg><\/div>\n\t\t\t\t<div class=\"elementor-toc__toggle-button elementor-toc__toggle-button--collapse\" role=\"button\" tabindex=\"0\" aria-controls=\"elementor-toc__1c30362\" aria-expanded=\"true\" aria-label=\"Close table of contents\"><svg aria-hidden=\"true\" class=\"e-font-icon-svg e-fas-chevron-up\" viewBox=\"0 0 448 512\" xmlns=\"http:\/\/www.w3.org\/2000\/svg\"><path d=\"M240.971 130.524l194.343 194.343c9.373 9.373 9.373 24.569 0 33.941l-22.667 22.667c-9.357 9.357-24.522 9.375-33.901.04L224 227.495 69.255 381.516c-9.379 9.335-24.544 9.317-33.901-.04l-22.667-22.667c-9.373-9.373-9.373-24.569 0-33.941L207.03 130.525c9.372-9.373 24.568-9.373 33.941-.001z\"><\/path><\/svg><\/div>\n\t\t\t\t\t<\/div>\n\t\t\t\t<div id=\"elementor-toc__1c30362\" class=\"elementor-toc__body\">\n\t\t\t<div class=\"elementor-toc__spinner-container\">\n\t\t\t\t<svg class=\"elementor-toc__spinner eicon-animation-spin e-font-icon-svg e-eicon-loading\" aria-hidden=\"true\" viewBox=\"0 0 1000 1000\" xmlns=\"http:\/\/www.w3.org\/2000\/svg\"><path d=\"M500 975V858C696 858 858 696 858 500S696 142 500 142 142 304 142 500H25C25 237 238 25 500 25S975 237 975 500 763 975 500 975Z\"><\/path><\/svg>\t\t\t<\/div>\n\t\t<\/div>\n\t\t\t\t\t\t<\/div>\n\t\t\t\t<\/div>\n\t\t\t\t\t<\/div>\n\t\t\t\t<\/div>\n\t\t<div class=\"elementor-element elementor-element-herorght0 e-con-full e-flex e-con e-child\" data-id=\"herorght0\" data-element_type=\"container\" data-e-type=\"container\">\n\t\t\t\t<div class=\"elementor-element elementor-element-heroimg00 iwg-hero-image elementor-widget elementor-widget-image\" data-id=\"heroimg00\" data-element_type=\"widget\" data-e-type=\"widget\" data-widget_type=\"image.default\">\n\t\t\t\t\t\t\t\t\t\t\t\t\t\t\t<img fetchpriority=\"high\" decoding=\"async\" width=\"683\" height=\"1024\" src=\"https:\/\/iwell-guard.com\/wp-content\/uploads\/2026\/04\/goetter_germanisch_hel-683x1024.webp\" class=\"attachment-large size-large wp-image-151717\" alt=\"Hel \u2013 bogovi iz germanske tradicije, povijesno-ilustrativni prikaz\" srcset=\"https:\/\/iwell-guard.com\/wp-content\/uploads\/2026\/04\/goetter_germanisch_hel-683x1024.webp 683w, https:\/\/iwell-guard.com\/wp-content\/uploads\/2026\/04\/goetter_germanisch_hel-200x300.webp 200w, https:\/\/iwell-guard.com\/wp-content\/uploads\/2026\/04\/goetter_germanisch_hel-768x1152.webp 768w, https:\/\/iwell-guard.com\/wp-content\/uploads\/2026\/04\/goetter_germanisch_hel.webp 1024w\" sizes=\"(max-width: 683px) 100vw, 683px\" \/>\t\t\t\t\t\t\t\t\t\t\t\t\t\t\t<\/div>\n\t\t\t\t<\/div>\n\t\t\t\t\t<\/div>\n\t\t\t\t<\/div>\n\t\t<div class=\"elementor-element elementor-element-32917199 e-flex e-con-boxed e-con e-parent\" data-id=\"32917199\" data-element_type=\"container\" data-e-type=\"container\">\n\t\t\t\t\t<div class=\"e-con-inner\">\n\t\t<div class=\"elementor-element elementor-element-26e916cb e-flex e-con-boxed e-con e-child\" data-id=\"26e916cb\" data-element_type=\"container\" data-e-type=\"container\">\n\t\t\t\t\t<div class=\"e-con-inner\">\n\t\t<div class=\"elementor-element elementor-element-253a40d4 e-flex e-con-boxed e-con e-child\" data-id=\"253a40d4\" data-element_type=\"container\" data-e-type=\"container\">\n\t\t\t\t\t<div class=\"e-con-inner\">\n\t\t\t\t<div class=\"elementor-element elementor-element-1200c304 elementor-widget elementor-widget-heading\" data-id=\"1200c304\" data-element_type=\"widget\" data-e-type=\"widget\" data-widget_type=\"heading.default\">\n\t\t\t\t\t<h2 class=\"elementor-heading-title elementor-size-default\">Hel<\/h2>\t\t\t\t<\/div>\n\t\t\t\t\t<\/div>\n\t\t\t\t<\/div>\n\t\t<div class=\"elementor-element elementor-element-159dcf9a e-flex e-con-boxed e-con e-child\" data-id=\"159dcf9a\" data-element_type=\"container\" data-e-type=\"container\">\n\t\t\t\t\t<div class=\"e-con-inner\">\n\t\t\t\t<div class=\"elementor-element elementor-element-48cee66f elementor-widget elementor-widget-heading\" data-id=\"48cee66f\" data-element_type=\"widget\" data-e-type=\"widget\" data-widget_type=\"heading.default\">\n\t\t\t\t\t<h2 class=\"elementor-heading-title elementor-size-default\">Brzi pregled: Hel<\/h2>\t\t\t\t<\/div>\n\t\t\t\t<div class=\"elementor-element elementor-element-3f50d82c elementor-widget elementor-widget-text-editor\" data-id=\"3f50d82c\" data-element_type=\"widget\" data-e-type=\"widget\" data-widget_type=\"text-editor.default\">\n\t\t\t\t\t\t\t\t\t<p><strong>Tip:<\/strong> boginja mrtvih, gospodarica podzemlja<br><span class=\"iwg-fachbegriff\" data-tooltip=\"Ukupnost svih bogova jedne religije ili kulture.\" tabindex=\"0\">Panteon<\/span>: germanski (nordijski)<br>Funkcija: gospodarica carstva mrtvih Helheim, primateljica mrtvih, \u010duvarica granice izme\u0111u \u017eivota i smrti<br>Glavni atributi: podijeljeno lice (\u017eivo i raspadnuto), crna odje\u0107a, pas Garm, most Gjallarbru<br>Boravi\u0161te: Helheim (carstvo mrtvih), dvorana Eljudnir, rijeka Gjoll<br>Germanska paralela: (nema, samostalna u nordijskoj <span class=\"iwg-fachbegriff\" data-tooltip=\"Ukupnost predanih pri\u010da o bogovima jedne kulture.\" tabindex=\"0\">mitologiji<\/span>)<\/p>\t\t\t\t\t\t\t\t<\/div>\n\t\t\t\t\t<\/div>\n\t\t\t\t<\/div>\n\t\t\t\t\t<\/div>\n\t\t\t\t<\/div>\n\t\t\t\t\t<\/div>\n\t\t\t\t<\/div>\n\t\t<div class=\"elementor-element elementor-element-18613602 e-flex e-con-boxed e-con e-parent\" data-id=\"18613602\" data-element_type=\"container\" data-e-type=\"container\">\n\t\t\t\t\t<div class=\"e-con-inner\">\n\t\t\t\t<div class=\"elementor-element elementor-element-262b8a9f elementor-widget elementor-widget-heading\" data-id=\"262b8a9f\" data-element_type=\"widget\" data-e-type=\"widget\" data-widget_type=\"heading.default\">\n\t\t\t\t\t<h2 class=\"elementor-heading-title elementor-size-default\">Povijesni okvir<\/h2>\t\t\t\t<\/div>\n\t\t<div class=\"elementor-element elementor-element-46dcb7d e-con-full e-flex e-con e-child\" data-id=\"46dcb7d\" data-element_type=\"container\" data-e-type=\"container\">\n\t\t<div class=\"elementor-element elementor-element-61d3ab3 e-flex e-con-boxed e-con e-child\" data-id=\"61d3ab3\" data-element_type=\"container\" data-e-type=\"container\">\n\t\t\t\t\t<div class=\"e-con-inner\">\n\t\t\t\t<div class=\"elementor-element elementor-element-117c166 elementor-widget elementor-widget-heading\" data-id=\"117c166\" data-element_type=\"widget\" data-e-type=\"widget\" data-widget_type=\"heading.default\">\n\t\t\t\t\t<h3 class=\"elementor-heading-title elementor-size-default\">Zeitraum der Texte<\/h3>\t\t\t\t<\/div>\n\t\t\t\t<div class=\"elementor-element elementor-element-73997a0 elementor-widget elementor-widget-text-editor\" data-id=\"73997a0\" data-element_type=\"widget\" data-e-type=\"widget\" data-widget_type=\"text-editor.default\">\n\t\t\t\t\t\t\t\t\t<p><span class=\"iwg-fachbegriff\" data-tooltip=\"Preno\u0161enje znanja i pri\u010da kroz generacije.\" tabindex=\"0\">Predaja<\/span> o Hel potje\u010de iz knji\u017eevnih izvora visokog srednjeg vijeka, ali proizlazi iz starije usmene tradicije iz vikin\u0161kog doba i doba velikih seoba. Snorrijeva Edda (najstariji rukopisi iz 13. stolje\u0107a) i Pjesni\u010dka Edda (zapisana oko 1270., ali temeljena na pjesmama iz 9. do 11. stolje\u0107a) glavni su izvori.<\/p><p><em>Gesta Danorum<\/em> Saksa Grammatika (oko 1200.) donosi kr\u0161\u0107anski obojene paralelne predaje. Nalazi <span class=\"iwg-fachbegriff\" data-tooltip=\"Malo sveto mjesto pohrane ili molitve.\" tabindex=\"0\">sveti\u0161ta<\/span> i grobova iz 6. do 10. stolje\u0107a upu\u0107uju na to da Hel u kultu nije imala sredi\u0161nju ulogu, ali je bila \u010dvrsto ukorijenjena u eshatolo\u0161koj svijesti.<\/p>\t\t\t\t\t\t\t\t<\/div>\n\t\t\t\t\t<\/div>\n\t\t\t\t<\/div>\n\t\t<div class=\"elementor-element elementor-element-d47b156 e-flex e-con-boxed e-con e-child\" data-id=\"d47b156\" data-element_type=\"container\" data-e-type=\"container\">\n\t\t\t\t\t<div class=\"e-con-inner\">\n\t\t\t\t<div class=\"elementor-element elementor-element-ff38c2b elementor-widget elementor-widget-heading\" data-id=\"ff38c2b\" data-element_type=\"widget\" data-e-type=\"widget\" data-widget_type=\"heading.default\">\n\t\t\t\t\t<h3 class=\"elementor-heading-title elementor-size-default\">Verbreitungsraum<\/h3>\t\t\t\t<\/div>\n\t\t\t\t<div class=\"elementor-element elementor-element-4e49fcc elementor-widget elementor-widget-text-editor\" data-id=\"4e49fcc\" data-element_type=\"widget\" data-e-type=\"widget\" data-widget_type=\"text-editor.default\">\n\t\t\t\t\t\t\t\t\t<p>Hel je bila pojam skandinavske i germanske <span class=\"iwg-fachbegriff\" data-tooltip=\"Ukupnost predanih pripovijesti o bogovima jedne kulture.\" tabindex=\"0\">mitologije<\/span>, rasprostranjen u Skandinaviji (Danska, Norve\u0161ka, \u0160vedska), Islandu i na dan\u0441\u043a\u043e-norve\u0161ki kontroliranim podru\u010djima. Eda-<span class=\"iwg-fachbegriff\" data-tooltip=\"Preno\u0161enje znanja i pripovijesti kroz generacije.\" tabindex=\"0\">predaja<\/span> je islandska i skandinavska.<\/p><p>Jezi\u010dne izvedenice imena (engleski &#8220;Hell&#8221; za kr\u0161\u0107anski pakao) pokazuju da je ime bilo \u017eivo i na anglosaksonskim naseljenim podru\u010djima. Kristijanizacijom (od 1000. godine poslije Krista) Hel i Helheim su preoblikovani u predlo\u017eak za kr\u0161\u0107ansku koncepciju pakla.<\/p>\t\t\t\t\t\t\t\t<\/div>\n\t\t\t\t\t<\/div>\n\t\t\t\t<\/div>\n\t\t\t\t<\/div>\n\t\t<div class=\"elementor-element elementor-element-db03c39 e-con-full e-flex e-con e-child\" data-id=\"db03c39\" data-element_type=\"container\" data-e-type=\"container\">\n\t\t<div class=\"elementor-element elementor-element-229a87b e-flex e-con-boxed e-con e-child\" data-id=\"229a87b\" data-element_type=\"container\" data-e-type=\"container\">\n\t\t\t\t\t<div class=\"e-con-inner\">\n\t\t\t\t<div class=\"elementor-element elementor-element-1f471fc elementor-widget elementor-widget-heading\" data-id=\"1f471fc\" data-element_type=\"widget\" data-e-type=\"widget\" data-widget_type=\"heading.default\">\n\t\t\t\t\t<h3 class=\"elementor-heading-title elementor-size-default\">Quellenlage<\/h3>\t\t\t\t<\/div>\n\t\t\t\t<div class=\"elementor-element elementor-element-36b1201 elementor-widget elementor-widget-text-editor\" data-id=\"36b1201\" data-element_type=\"widget\" data-e-type=\"widget\" data-widget_type=\"text-editor.default\">\n\t\t\t\t\t\t\t\t\t<p>Sredi\u0161nji izvori su Snorrijeva Edda, posebno Gylfaginning (pogl. 34 i 49), Pjesni\u010dka Edda (posebno <em>Voluspa<\/em> i <em>Vafthrudnismal<\/em>), te <em>Gesta Danorum<\/em> Saksa Grammatika. Prozni predgovor Pjesni\u010dkoj Eddi i prozni uvodi donose genealo\u0161ke kontekste.<\/p><p>Mitska pripovijest &#8220;Baldrs draumar&#8221; (San Baldrov) opisuje Helinu ulogu u Baldrovoj smrti. Arheolo\u0161ki nalazi grobova, runski kamenovi i skaldsko pjesni\u0161tvo nadopunjuju sliku, ali su oskudni kad je rije\u010d o Helinom specifi\u010dnom liku.<\/p>\t\t\t\t\t\t\t\t<\/div>\n\t\t\t\t\t<\/div>\n\t\t\t\t<\/div>\n\t\t\t\t<\/div>\n\t\t\t\t\t<\/div>\n\t\t\t\t<\/div>\n\t\t<div class=\"elementor-element elementor-element-3ae0637c e-flex e-con-boxed e-con e-parent\" data-id=\"3ae0637c\" data-element_type=\"container\" data-e-type=\"container\">\n\t\t\t\t\t<div class=\"e-con-inner\">\n\t\t\t\t<div class=\"elementor-element elementor-element-31d07739 elementor-widget elementor-widget-heading\" data-id=\"31d07739\" data-element_type=\"widget\" data-e-type=\"widget\" data-widget_type=\"heading.default\">\n\t\t\t\t\t<h2 class=\"elementor-heading-title elementor-size-default\">Naziv<\/h2>\t\t\t\t<\/div>\n\t\t<div class=\"elementor-element elementor-element-b7642947 e-con-full e-flex e-con e-child\" data-id=\"b7642947\" data-element_type=\"container\" data-e-type=\"container\">\n\t\t\t\t<div class=\"elementor-element elementor-element-a086266 elementor-widget elementor-widget-text-editor\" data-id=\"a086266\" data-element_type=\"widget\" data-e-type=\"widget\" data-widget_type=\"text-editor.default\">\n\t\t\t\t\t\t\t\t\t<p><strong>Staronordijski:<\/strong> Hel (nominativ: Hel, genitiv: Heljar), \u017eensko bi\u0107e, zna\u010di &#8220;skrivateljica&#8221; ili &#8220;ona koja skriva&#8221; (u vezi s rije\u010dju <em>hylja<\/em>, &#8220;skriti&#8221;, &#8220;prekriti&#8221;). Nadimci: nisu sa\u010duvani samostalni nadimci, ali staronordijska knji\u017eevnost je naziva &#8220;gospodaricom carstva mrtvih&#8221; (<em>Drottning hins dau\u00f0a rikes<\/em>).<\/p><p>Kr\u0161\u0107anska recepcija: u srednjem vijeku ime Hel postalo je izravan predlo\u017eak za kr\u0161\u0107ansku koncepciju &#8220;pakla&#8221; (engleski &#8220;Hell&#8221;, srednjevisokonjema\u010dki &#8220;H\u00f6lle&#8221;), posebno kroz islandske i skandinavske kr\u0161\u0107ane koji su alegorizirali pogansko podzemlje.<\/p><p>Germanski srodnici: skandinavsko-germanski, nema izravnih imenskih srodnika u drugim kulturama. Obitelj: k\u0107i boga Lokija i divovkinje Angrbode. Sestra Fenrisa vuka (<em>Fenrir<\/em>) i svjetske zmije (<em>Jormungandr<\/em>). Kao gospodarica Helheima ima sluge Ganglati i Ganglot.<\/p>\t\t\t\t\t\t\t\t<\/div>\n\t\t\t\t<\/div>\n\t\t\t\t\t<\/div>\n\t\t\t\t<\/div>\n\t\t<div class=\"elementor-element elementor-element-709a44a8 e-flex e-con-boxed e-con e-parent\" data-id=\"709a44a8\" data-element_type=\"container\" data-e-type=\"container\">\n\t\t\t\t\t<div class=\"e-con-inner\">\n\t\t\t\t<div class=\"elementor-element elementor-element-2f585873 elementor-widget elementor-widget-heading\" data-id=\"2f585873\" data-element_type=\"widget\" data-e-type=\"widget\" data-widget_type=\"heading.default\">\n\t\t\t\t\t<h2 class=\"elementor-heading-title elementor-size-default\">Opis<\/h2>\t\t\t\t<\/div>\n\t\t<div class=\"elementor-element elementor-element-70621c12 e-con-full e-flex e-con e-child\" data-id=\"70621c12\" data-element_type=\"container\" data-e-type=\"container\">\n\t\t\t\t<div class=\"elementor-element elementor-element-4296eb49 elementor-widget elementor-widget-text-editor\" data-id=\"4296eb49\" data-element_type=\"widget\" data-e-type=\"widget\" data-widget_type=\"text-editor.default\">\n\t\t\t\t\t\t\t\t\t<p><strong>Izgled<\/strong><\/p><p>Hel se u staronordijskim izvorima prikazuje kao podijeljeno bi\u0107e: jedna strana tijela je svijetla, \u017eiva i cvatu\u0107e puti, druga strana je tamnomodra do crna kao le\u0161. Ovaj ikonski prikaz simbolizira njezinu poziciju na pragu izme\u0111u \u017eivota i smrti. Nosi crnu ili tamnozelenu odje\u0107u.<\/p><p>Njezino lice, pola lijepo i pola raspadnuto, ne pokazuje ni zlo\u0107u ni milost, samo neumitnu prirodu smrtnosti. Sjedi na prijestolju u svojoj dvorani <em>Eljudnir<\/em> (Ki\u0161no-blatna dvorana, mjesto vlage).<\/p><p><strong>Priroda i djelovanje<\/strong><\/p><p>Hel nije zla u kr\u0161\u0107anskom smislu, ve\u0107 neutralna, kozmi\u010dka sila. Upravlja carstvom mrtvih bez strasti. Ko do\u0111e k njoj, ostaje, osim ako bogovi ili junaci ne izbore povratak (\u0161to se doga\u0111a iznimno rijetko, poku\u0161ano je samo za Baldra).<\/p><p>Prima sve umrle koji nisu pali u boju: \u017eene, djecu, starce, bolesne. Time se njezino carstvo temeljno razlikuje od Valhale (za pale ratnike) i Folkvanga (za boginju Freju). Za razliku od Hada, Hel se ne prikazuje kao sutkinja koja odlu\u010duje o zaslugama, ve\u0107 kao upraviteljica neumitne \u010dinjenice.<\/p>\t\t\t\t\t\t\t\t<\/div>\n\t\t\t\t<\/div>\n\t\t\t\t\t<\/div>\n\t\t\t\t<\/div>\n\t\t<div class=\"elementor-element elementor-element-44e71476 e-flex e-con-boxed e-con e-parent\" data-id=\"44e71476\" data-element_type=\"container\" data-e-type=\"container\">\n\t\t\t\t\t<div class=\"e-con-inner\">\n\t\t\t\t<div class=\"elementor-element elementor-element-3c1fc3f0 elementor-widget elementor-widget-heading\" data-id=\"3c1fc3f0\" data-element_type=\"widget\" data-e-type=\"widget\" data-widget_type=\"heading.default\">\n\t\t\t\t\t<h2 class=\"elementor-heading-title elementor-size-default\">Profil: Hel<\/h2>\t\t\t\t<\/div>\n\t\t<div class=\"elementor-element elementor-element-84f33b8e e-con-full e-flex e-con e-child\" data-id=\"84f33b8e\" data-element_type=\"container\" data-e-type=\"container\">\n\t\t\t\t<div class=\"elementor-element elementor-element-hqkdc67p elementor-widget elementor-widget-text-editor\" data-id=\"hqkdc67p\" data-element_type=\"widget\" data-e-type=\"widget\" data-widget_type=\"text-editor.default\">\n\t\t\t\t\t\t\t\t\t<p>Najva\u017eniji aspekti Hel na prvi pogled. Tablica sa\u017eima podrijetlo, funkciju, izgled, \u0161tovanje, simbole i paralele.<\/p>\t\t\t\t\t\t\t\t<\/div>\n\t\t\t\t<\/div>\n\t\t<div class=\"elementor-element elementor-element-pemmx7c5 e-con-full e-flex e-con e-child\" data-id=\"pemmx7c5\" data-element_type=\"container\" data-e-type=\"container\">\n\t\t<div class=\"elementor-element elementor-element-pemmx7c1 e-con-full e-flex e-con e-child\" data-id=\"pemmx7c1\" data-element_type=\"container\" data-e-type=\"container\">\n\t\t<div class=\"elementor-element elementor-element-qh9oavvu iwg-steckbrief-card e-flex e-con-boxed e-con e-child\" data-id=\"qh9oavvu\" data-element_type=\"container\" data-e-type=\"container\">\n\t\t\t\t\t<div class=\"e-con-inner\">\n\t\t\t\t<div class=\"elementor-element elementor-element-awzx8k2k elementor-widget elementor-widget-heading\" data-id=\"awzx8k2k\" data-element_type=\"widget\" data-e-type=\"widget\" data-widget_type=\"heading.default\">\n\t\t\t\t\t<div class=\"elementor-heading-title elementor-size-default\">Kulturni kontekst<\/div>\t\t\t\t<\/div>\n\t\t\t\t<div class=\"elementor-element elementor-element-x6rowhv0 elementor-widget elementor-widget-text-editor\" data-id=\"x6rowhv0\" data-element_type=\"widget\" data-e-type=\"widget\" data-widget_type=\"text-editor.default\">\n\t\t\t\t\t\t\t\t\t<p>K\u0107i boga Lokija i divovke Angrbode (na starosjevernom Angrbodhe). Loki sam nije bog u pravom smislu, ve\u0107 div koji se kre\u0107e u zajednici Aesira.<\/p><p>Angrboda je planinska divovka, majka Lokijeve djece (u nekim verzijama \u017eena Fafnira, zmaja); genealogije govore da bi Loki bio gospodar tame. Hel ima bra\u0107u i sestre: Fenrisa vuka i Midgardsku zmiju.<\/p>\t\t\t\t\t\t\t\t<\/div>\n\t\t\t\t\t<\/div>\n\t\t\t\t<\/div>\n\t\t<div class=\"elementor-element elementor-element-8e3o4kxs iwg-steckbrief-card e-flex e-con-boxed e-con e-child\" data-id=\"8e3o4kxs\" data-element_type=\"container\" data-e-type=\"container\">\n\t\t\t\t\t<div class=\"e-con-inner\">\n\t\t\t\t<div class=\"elementor-element elementor-element-08rkdgov elementor-widget elementor-widget-heading\" data-id=\"08rkdgov\" data-element_type=\"widget\" data-e-type=\"widget\" data-widget_type=\"heading.default\">\n\t\t\t\t\t<div class=\"elementor-heading-title elementor-size-default\">Hellina funkcija<\/div>\t\t\t\t<\/div>\n\t\t\t\t<div class=\"elementor-element elementor-element-uwjelx8s elementor-widget elementor-widget-text-editor\" data-id=\"uwjelx8s\" data-element_type=\"widget\" data-e-type=\"widget\" data-widget_type=\"text-editor.default\">\n\t\t\t\t\t\t\t\t\t<p>Vladarica carstva mrtvih Helheima. Prima i upravlja du\u0161ama onih koji nisu umrli u boju. Ona nije sutkinja, ve\u0107 upraviteljica kozmi\u010dkog poretka. \u010cuva granice Helheima i ne dopu\u0161ta povratak, osim ako to izri\u010dito ne dopuste bogovi ili druge sile.<\/p>\t\t\t\t\t\t\t\t<\/div>\n\t\t\t\t\t<\/div>\n\t\t\t\t<\/div>\n\t\t<div class=\"elementor-element elementor-element-jm2n74ec iwg-steckbrief-card e-flex e-con-boxed e-con e-child\" data-id=\"jm2n74ec\" data-element_type=\"container\" data-e-type=\"container\">\n\t\t\t\t\t<div class=\"e-con-inner\">\n\t\t\t\t<div class=\"elementor-element elementor-element-8vufse4c elementor-widget elementor-widget-heading\" data-id=\"8vufse4c\" data-element_type=\"widget\" data-e-type=\"widget\" data-widget_type=\"heading.default\">\n\t\t\t\t\t<div class=\"elementor-heading-title elementor-size-default\">Izgled<\/div>\t\t\t\t<\/div>\n\t\t\t\t<div class=\"elementor-element elementor-element-mwb9u015 elementor-widget elementor-widget-text-editor\" data-id=\"mwb9u015\" data-element_type=\"widget\" data-e-type=\"widget\" data-widget_type=\"text-editor.default\">\n\t\t\t\t\t\t\t\t\t<p>Napola \u017eiva, napola raspadnuta. Jedna strana tijela je rumena i cvjetna, druga je modroplava i crna kao meso dugo nakon smrti. Crne ili tamnozelene halje. O\u010di bez toplote, ali i bez zlo\u0107e, neiscrpno neutralne. \u010cesto nosi krunu ili dijadem od kostiju.<\/p>\t\t\t\t\t\t\t\t<\/div>\n\t\t\t\t\t<\/div>\n\t\t\t\t<\/div>\n\t\t\t\t<\/div>\n\t\t<div class=\"elementor-element elementor-element-pemmx7c2 e-con-full e-flex e-con e-child\" data-id=\"pemmx7c2\" data-element_type=\"container\" data-e-type=\"container\">\n\t\t<div class=\"elementor-element elementor-element-37ss2yr6 iwg-steckbrief-card e-flex e-con-boxed e-con e-child\" data-id=\"37ss2yr6\" data-element_type=\"container\" data-e-type=\"container\">\n\t\t\t\t\t<div class=\"e-con-inner\">\n\t\t\t\t<div class=\"elementor-element elementor-element-3v0wp3wx elementor-widget elementor-widget-heading\" data-id=\"3v0wp3wx\" data-element_type=\"widget\" data-e-type=\"widget\" data-widget_type=\"heading.default\">\n\t\t\t\t\t<h2 class=\"elementor-heading-title elementor-size-default\">Hellino \u0161tovanje<\/h2>\t\t\t\t<\/div>\n\t\t\t\t<div class=\"elementor-element elementor-element-w3247g2m elementor-widget elementor-widget-text-editor\" data-id=\"w3247g2m\" data-element_type=\"widget\" data-e-type=\"widget\" data-widget_type=\"text-editor.default\">\n\t\t\t\t\t\t\t\t\t<p>Hel nije bila popularno <span class=\"iwg-fachbegriff\" data-tooltip=\"Ukupnost religijskih \u010dina \u0161tovanja neke bo\u017eanske ili svete pojave.\" tabindex=\"0\">kultno<\/span> <span class=\"iwg-fachbegriff\" data-tooltip=\"Bi\u0107e koje se u nekoj religiji \u0161tuje kao bo\u017eansko.\" tabindex=\"0\">bo\u017eanstvo<\/span> u smislu hramova ili redovitih blagdana. Ipak je prizivana u pogrebnim obredima i spominjana u sagama i zakletvama.<\/p><p>U slutnjama smrti ili tuzi, \u017eene i sve\u0107enice mogle su upu\u0107ivati molitve Hel, mole\u0107i za mirni prolazak u carstvo mrtvih. U skaldskoj poeziji Hel je kori\u0161tena metafori\u010dki za strah od smrti i pro\u0161lost. Nisu zabilje\u017eene posebne \u017ertvene ponude.<\/p>\t\t\t\t\t\t\t\t<\/div>\n\t\t\t\t\t<\/div>\n\t\t\t\t<\/div>\n\t\t<div class=\"elementor-element elementor-element-0qpjal9w iwg-steckbrief-card e-flex e-con-boxed e-con e-child\" data-id=\"0qpjal9w\" data-element_type=\"container\" data-e-type=\"container\">\n\t\t\t\t\t<div class=\"e-con-inner\">\n\t\t\t\t<div class=\"elementor-element elementor-element-6ndoih0o elementor-widget elementor-widget-heading\" data-id=\"6ndoih0o\" data-element_type=\"widget\" data-e-type=\"widget\" data-widget_type=\"heading.default\">\n\t\t\t\t\t<h2 class=\"elementor-heading-title elementor-size-default\">Hellini simboli<\/h2>\t\t\t\t<\/div>\n\t\t\t\t<div class=\"elementor-element elementor-element-6684tyh9 elementor-widget elementor-widget-text-editor\" data-id=\"6684tyh9\" data-element_type=\"widget\" data-e-type=\"widget\" data-widget_type=\"text-editor.default\">\n\t\t\t\t\t\t\t\t\t<p>Lice podijeljeno napola, crne halje, pas Garm (\u010duvar pred Helheimom), most <em>Gjallarbru<\/em> (odjekuju\u0107i most preko rijeke <em>Gjoll<\/em>), dvorana <em>Eljudnir<\/em>, stol <em>Hungerh\u00f6rde<\/em> (Glad), \u017elica <em>Slaegr<\/em> (Trom).<\/p>\t\t\t\t\t\t\t\t<\/div>\n\t\t\t\t\t<\/div>\n\t\t\t\t<\/div>\n\t\t<div class=\"elementor-element elementor-element-3lfi7x32 iwg-steckbrief-card e-flex e-con-boxed e-con e-child\" data-id=\"3lfi7x32\" data-element_type=\"container\" data-e-type=\"container\">\n\t\t\t\t\t<div class=\"e-con-inner\">\n\t\t\t\t<div class=\"elementor-element elementor-element-0kg99ga1 elementor-widget elementor-widget-heading\" data-id=\"0kg99ga1\" data-element_type=\"widget\" data-e-type=\"widget\" data-widget_type=\"heading.default\">\n\t\t\t\t\t<div class=\"elementor-heading-title elementor-size-default\">Usporedivi likovi<\/div>\t\t\t\t<\/div>\n\t\t\t\t<div class=\"elementor-element elementor-element-n0fum6kp elementor-widget elementor-widget-text-editor\" data-id=\"n0fum6kp\" data-element_type=\"widget\" data-e-type=\"widget\" data-widget_type=\"text-editor.default\">\n\t\t\t\t\t\t\t\t\t<p>Had (Gr\u010dka, funkcionalno sli\u010dno, ali mu\u0161ki), Ere\u0161kigal (Mezopotamija, tako\u0111er \u017eenska vladarica podzemlja), Yamaraja (hinduizam, neutralna uprava carstva mrtvih), Perzefona (Gr\u010dka, ambivalentni aspekt \u017eivota i smrti), Hekata (Gr\u010dka, funkcija praga), Mictecacihuatl (Azte\u010dka, gospodarica carstva mrtvih, \u017eenska).<\/p>\t\t\t\t\t\t\t\t<\/div>\n\t\t\t\t\t<\/div>\n\t\t\t\t<\/div>\n\t\t\t\t<\/div>\n\t\t\t\t<\/div>\n\t\t\t\t\t<\/div>\n\t\t\t\t<\/div>\n\t\t<div class=\"elementor-element elementor-element-7533bc7a e-flex e-con-boxed e-con e-parent\" data-id=\"7533bc7a\" data-element_type=\"container\" data-e-type=\"container\">\n\t\t\t\t\t<div class=\"e-con-inner\">\n\t\t\t\t<div class=\"elementor-element elementor-element-2447d18d elementor-widget elementor-widget-heading\" data-id=\"2447d18d\" data-element_type=\"widget\" data-e-type=\"widget\" data-widget_type=\"heading.default\">\n\t\t\t\t\t<h2 class=\"elementor-heading-title elementor-size-default\">Mitske uloge i pri\u010de<\/h2>\t\t\t\t<\/div>\n\t\t<div class=\"elementor-element elementor-element-d5d0260c e-con-full e-flex e-con e-child\" data-id=\"d5d0260c\" data-element_type=\"container\" data-e-type=\"container\">\n\t\t\t\t<div class=\"elementor-element elementor-element-341be2ac elementor-widget elementor-widget-text-editor\" data-id=\"341be2ac\" data-element_type=\"widget\" data-e-type=\"widget\" data-widget_type=\"text-editor.default\">\n\t\t\t\t\t\t\t\t\t<p><strong>Otmica Baldura i Hellino obe\u0107anje<\/strong><\/p><p>Najpoznatija pri\u010da u kojoj Hel ima sredi\u0161nju ulogu je smrt Baldura, najljep\u0161eg od svih bogova. Loki prevari slijepog boga H\u00f6da da baci gran\u010dicu imele na Baldura, jedinu tvar koja je mogla ozlijediti Baldura (jer su svi drugi bi\u0107a i stvari obe\u0107ali da mu ne\u0107e nanijeti zlo).<\/p><p>Baldur umire i pada u Hellino carstvo. Bogovi \u0161alju Hermoda, Odinovog glasnika, na Sleipniru (Odinovom osmonogom konju), dolje da zamoli Hel za Baldurov povratak.<\/p><p>Hel obe\u0107ava: Baldur se mo\u017ee vratiti ako svi \u017eivi pla\u010du za njim. Skoro sve pla\u010de, bogovi, ljudi, \u017eivotinje, kamenje. Samo se stara divovka <em>Th\u00f6kk<\/em> (ili Loki u preru\u0161enom obliku) odbija plakati.<\/p><p>Zato Hel zadr\u017eava Baldura kod sebe. Ovaj <span class=\"iwg-fachbegriff\" data-tooltip=\"Predana pri\u010da o bogovima, podrijetlu i poretku svijeta.\" tabindex=\"0\">mit<\/span> prikazuje Hel kao nepodmitljivu i nepregovara\u010dku: njezina mo\u0107 nad smr\u0107u ve\u0107a je od mo\u0107i samih bogova.<\/p><p><strong>Hel u Voluspi (Propast)<\/strong><\/p><p>U apokalipti\u010dnoj viziji <em>Voluspa<\/em>, Hel se pojavljuje u posljednjim danima, kada se poredak raspada. Dvorana Eljudnir se rastvara, mrtvi \u017eure prema Ragnar\u00f6ku. Ona sama nije opisana kao ratnica, ve\u0107 kao sila koja se stapa s kaosom.<\/p>\t\t\t\t\t\t\t\t<\/div>\n\t\t\t\t<\/div>\n\t\t\t\t\t<\/div>\n\t\t\t\t<\/div>\n\t\t<div class=\"elementor-element elementor-element-5a584676 e-flex e-con-boxed e-con e-parent\" data-id=\"5a584676\" data-element_type=\"container\" data-e-type=\"container\">\n\t\t\t\t\t<div class=\"e-con-inner\">\n\t\t\t\t<div class=\"elementor-element elementor-element-6d0757bf elementor-widget elementor-widget-heading\" data-id=\"6d0757bf\" data-element_type=\"widget\" data-e-type=\"widget\" data-widget_type=\"heading.default\">\n\t\t\t\t\t<h2 class=\"elementor-heading-title elementor-size-default\">Hel, paralele u drugim kulturama<\/h2>\t\t\t\t<\/div>\n\t\t<div class=\"elementor-element elementor-element-60563f68 e-con-full e-flex e-con e-child\" data-id=\"60563f68\" data-element_type=\"container\" data-e-type=\"container\">\n\t\t\t\t<div class=\"elementor-element elementor-element-5a93fdd6 elementor-widget elementor-widget-text-editor\" data-id=\"5a93fdd6\" data-element_type=\"widget\" data-e-type=\"widget\" data-widget_type=\"text-editor.default\">\n\t\t\t\t\t\t\t\t\t<p><strong>Gr\u010dka tradicija:<\/strong> Had (mu\u0161ki vladar podzemlja) s Hel dijeli funkciju upravitelja i neutralne sile. Za razliku od Hel, kod Hada postoje i moralni sudovi i hijerarhije (Furije, Elizij protiv Tartara). Helheim nema takvu razliku, otvoren je svim mrtvima bez suda du\u0161a.<\/p><p><strong>Mezopotamska tradicija:<\/strong> Ere\u0161kigal (gospodarica podzemlja Irkalle, \u017eenska, kao i Hel) pokazuje sli\u010dnu neutralnost. Pri\u010da o Inaninom silasku k Ere\u0161kigal ima strukturne paralele s pri\u010dom o Baldurovoj smrti: mo\u0107no bi\u0107e se odvodi \u017eenskoj vladarici podzemlja i (djelomi\u010dno) se vra\u0107a, ali uvjeti su nemilosrdni.<\/p><p><strong>Egipatska tradicija:<\/strong> Ozirid je vi\u0161e pravedni sudac nego samo upraviteljica; Anubis je vi\u0161e vodi\u010d. Hel objedinjuje obje funkcije, bez moralno-pravnog sloja.<\/p><p><strong>Hinduisti\u010dka tradicija:<\/strong> Yamaraja (vladar carstva mrtvih Yamaloke) s Hel dijeli neutralnost i neizbje\u017enost. Za razliku od Hel, Yamaraja nije vezan za mjesto, ve\u0107 redovito posje\u0107uje svijet.<\/p><p><strong>Keltska tradicija:<\/strong> Banshee i druge zagrobne pojave djeluju vi\u0161e kao glasnice nego kao vladarice. Gwydion i keltsko podzemlje Annwn manje su personificirani od Hellinog posve konkretnog lika.<\/p>\t\t\t\t\t\t\t\t<\/div>\n\t\t\t\t<\/div>\n\t\t\t\t\t<\/div>\n\t\t\t\t<\/div>\n\t\t<div class=\"elementor-element elementor-element-x7christ e-flex e-con-boxed e-con e-parent\" data-id=\"x7christ\" data-element_type=\"container\" data-e-type=\"container\">\n\t\t\t\t\t<div class=\"e-con-inner\">\n\t\t\t\t<div class=\"elementor-element elementor-element-xh7chris elementor-widget elementor-widget-heading\" data-id=\"xh7chris\" data-element_type=\"widget\" data-e-type=\"widget\" data-widget_type=\"heading.default\">\n\t\t\t\t\t<h2 class=\"elementor-heading-title elementor-size-default\">Kr\u0161\u0107anska recepcija i etimologija<\/h2>\t\t\t\t<\/div>\n\t\t<div class=\"elementor-element elementor-element-xc7chris e-flex e-con-boxed e-con e-parent\" data-id=\"xc7chris\" data-element_type=\"container\" data-e-type=\"container\">\n\t\t\t\t\t<div class=\"e-con-inner\">\n\t\t<div class=\"elementor-element elementor-element-bw-xt7chris-3ec7bf9 e-flex e-con-boxed e-con e-parent\" data-id=\"bw-xt7chris-3ec7bf9\" data-element_type=\"container\" data-e-type=\"container\" data-settings=\"{&quot;background_background&quot;:&quot;classic&quot;}\">\n\t\t\t\t\t<div class=\"e-con-inner\">\n\t\t\t\t<div class=\"elementor-element elementor-element-xt7chris elementor-widget elementor-widget-text-editor\" data-id=\"xt7chris\" data-element_type=\"widget\" data-e-type=\"widget\" data-widget_type=\"text-editor.default\">\n\t\t\t\t\t\t\t\t\t<p>S kristijanizacijom Skandinavije i Njema\u010dke (od oko 1000. godine) poganska Hel i njezino carstvo Helheim postali su metafora za kr\u0161\u0107anski pakao. Islandski propovjedni tekstovi i propovijedi 12.\u201314. stolje\u0107a govore o &#8220;Helheimu&#8221; kao paklu, o Hellinim glasnicima ili demonima kao paklenim borcima.<\/p><p>Starosjeverno ime Hel (skrivena, ona koja prekriva) preoblikovano je u englesko &#8220;Hell&#8221; i srednjovisokonjema\u010dko &#8220;H\u00f6lle&#8221;; etimolo\u0161ke poveznice su sporne, ali semanti\u010dko izjedna\u010davanje potvr\u0111eno je izvorima. Ime Hel je time pro\u0161lo transformaciju od kozmi\u010dke sile do simbola prokletstva.<\/p>\t\t\t\t\t\t\t\t<\/div>\n\t\t\t\t\t<\/div>\n\t\t\t\t<\/div>\n\t\t\t\t\t<\/div>\n\t\t\t\t<\/div>\n\t\t\t\t\t<\/div>\n\t\t\t\t<\/div>\n\t\t<div class=\"elementor-element elementor-element-cp0b073d2 e-flex e-con-boxed e-con e-parent\" data-id=\"cp0b073d2\" data-element_type=\"container\" data-e-type=\"container\">\n\t\t\t\t\t<div class=\"e-con-inner\">\n\t\t\t\t<div class=\"elementor-element elementor-element-cpf67e00b elementor-widget elementor-widget-heading\" data-id=\"cpf67e00b\" data-element_type=\"widget\" data-e-type=\"widget\" data-widget_type=\"heading.default\">\n\t\t\t\t\t<h2 class=\"elementor-heading-title elementor-size-default\">Stanje izvora: Snorri Sturluson i problem sistematizacije<\/h2>\t\t\t\t<\/div>\n\t\t<div class=\"elementor-element elementor-element-cp0693fe8 e-con-full e-flex e-con e-child\" data-id=\"cp0693fe8\" data-element_type=\"container\" data-e-type=\"container\">\n\t\t\t\t<div class=\"elementor-element elementor-element-cp416dfe3 elementor-widget elementor-widget-text-editor\" data-id=\"cp416dfe3\" data-element_type=\"widget\" data-e-type=\"widget\" data-widget_type=\"text-editor.default\">\n\t\t\t\t\t\t\t\t\t<p>Skoro sve \u0161to se smatra povezanom slikom boginje mrtvih Hel potje\u010de iz jednog jedinog izvora: <em>Proza-Edde<\/em> islandskog u\u010denjaka i politi\u010dara Snorrija Sturlusona, napisane po\u010detkom trinaestog stolje\u0107a.<\/p><p>Snorri u <em>Gylfaginningu<\/em> opisuje Hel kao k\u0107er Lokija i divovkinje Angrbo\u00f0e, sestru Fenrisova vuka i Midgardske zmije, napola tamnu, napola obi\u010dne boje ko\u017ee, te opisuje kako ju je Odin bacio u podzemni svijet i dao joj vlast nad svima koji umiru od bolesti i starosti.<\/p><p>Ovaj zatvoreni prikaz treba \u010ditati s oprezom. Snorri je pisao vi\u0161e od dva stolje\u0107a nakon kristijanizacije Islanda. Bio je kr\u0161\u0107anski obrazovan autor koji je htio urediti, objasniti i knji\u017eevno oblikovati pogansko gradivo.<\/p><p>Znanost se ve\u0107 dugo raspravlja o tome koliko Snorrijeva Hel proizlazi iz stare <span class=\"iwg-fachbegriff\" data-tooltip=\"Preno\u0161enje znanja i pri\u010da kroz generacije.\" tabindex=\"0\">predaje<\/span>, a koliko je rije\u010d o njegovoj vlastitoj sistematizaciji, mo\u017eda pod utjecajem kr\u0161\u0107anske predod\u017ebe o paklu koja je ve\u0107 pratila staronordijsku rije\u010d <em>hel<\/em>.<\/p><p>Stariji izvori, pjesme <em>Pjesni\u010dke Edde<\/em> i skaldsko pjesni\u0161tvo, dodu\u0161e poznaju <em>hel<\/em>, ali uglavnom kao ime mjesta za carstvo mrtvih, a ne kao razra\u0111enu boginju. Izraz &#8220;oti\u0107i u Hel&#8221; izvorno jednostavno zna\u010di &#8220;umrijeti&#8221;.<\/p><p>Nije mogu\u0107e sa sigurno\u0161\u0107u utvrditi je li iza tog mjesta od po\u010detka stajala personificirana gospodarica ili je personifikacija razvijena tek naknadno. Tko govori o Hel, uvijek bi trebao spomenuti tu nesigurnost izvora.<\/p>\t\t\t\t\t\t\t\t<\/div>\n\t\t\t\t<\/div>\n\t\t\t\t\t<\/div>\n\t\t\t\t<\/div>\n\t\t<div class=\"elementor-element elementor-element-cpf6b53aa e-flex e-con-boxed e-con e-parent\" data-id=\"cpf6b53aa\" data-element_type=\"container\" data-e-type=\"container\">\n\t\t\t\t\t<div class=\"e-con-inner\">\n\t\t\t\t<div class=\"elementor-element elementor-element-cpc38a2ff elementor-widget elementor-widget-heading\" data-id=\"cpc38a2ff\" data-element_type=\"widget\" data-e-type=\"widget\" data-widget_type=\"heading.default\">\n\t\t\t\t\t<h2 class=\"elementor-heading-title elementor-size-default\">Baldrova smrt i Helin uvjet<\/h2>\t\t\t\t<\/div>\n\t\t<div class=\"elementor-element elementor-element-cpe54e75f e-con-full e-flex e-con e-child\" data-id=\"cpe54e75f\" data-element_type=\"container\" data-e-type=\"container\">\n\t\t\t\t<div class=\"elementor-element elementor-element-cp9254066 elementor-widget elementor-widget-text-editor\" data-id=\"cp9254066\" data-element_type=\"widget\" data-e-type=\"widget\" data-widget_type=\"text-editor.default\">\n\t\t\t\t\t\t\t\t\t<p>Najva\u017enija povezana pri\u010da u kojoj se Hel javlja kao aktivna osoba jest <span class=\"iwg-fachbegriff\" data-tooltip=\"Predana pri\u010da o bogovima, podrijetlu i poretku svijeta.\" tabindex=\"0\">mit<\/span> o smrti boga Baldra, sa\u010duvan u Snorrijevu <em>Gylfaginningu<\/em>.<\/p><p>Baldra, lijepog i omiljenog Odinova sina, ubija lukavstvom Loki: slijepi bog H\u00f6\u00f0r, kojega Loki navodi, baca na njega gran\u010dicu imele, jedinu stvar za koju Baldr nije bio zatra\u017een zakletvu da ga po\u0161tedi.<\/p><p>Baldr umire i odlazi u Helino carstvo.<\/p><p>Bogovi ga \u017eele vratiti. Glasnik Herm\u00f3\u00f0r ja\u0161e na Odinovu konju Sleipniru devet no\u0107i kroz tamne dolove do vrata Helina svijeta. Tamo pronalazi Baldra kako sjedi na po\u010dasnom mjestu i moli Hel da ga oslobodi.<\/p><p>Hel postavlja uvjet: ako ba\u0161 sve stvari na svijetu, \u017eive i mrtve, budu plakale za Baldrom, mo\u0107i \u0107e se vratiti; ako i jedna ne zapla\u010de, ostaje kod nje.<\/p><p>Bogovi \u0161alju glasnike po cijelom svijetu i sve pla\u010de, ljudi, \u017eivotinje, kamenje i stabla. Samo se jedna divovkinja imenom \u00de\u00f6kk, za koju pri\u010da naslu\u0107uje da je Loki, odbija plakati. Time Baldr ostaje u Helinu carstvu do kraja svijeta.<\/p><p>U ovoj epizodi vidljiv je Helin karakter. Nije okrutna niti podmukla; ona pregovara, dr\u017ei se uvjeta, prema Baldru se odnosi s po\u0161tovanjem. Ali ni\u0161ta ne daje bez protuusluge, a njezin uvjet postavljen je tako da je dovoljan samo jedan otpor da omane.<\/p><p>Hel utjelovljuje neopozivost smrti u obliku pregovora koji zamalo uspijeva. Pri\u010da je istovremeno dio velikog luka nordijske <span class=\"iwg-fachbegriff\" data-tooltip=\"Sveukupnost predanih pri\u010da o bogovima jedne kulture.\" tabindex=\"0\">mitologije<\/span>, jer se Baldrova smrt smatra prvim znakom nadolaze\u0107eg <a href=\"https:\/\/iwell-guard.com\/hr\/?page_id=149778\">Ragnar\u00f6ka<\/a>.<\/p>\t\t\t\t\t\t\t\t<\/div>\n\t\t\t\t<\/div>\n\t\t\t\t\t<\/div>\n\t\t\t\t<\/div>\n\t\t<div class=\"elementor-element elementor-element-cp3ad9077 e-flex e-con-boxed e-con e-parent\" data-id=\"cp3ad9077\" data-element_type=\"container\" data-e-type=\"container\">\n\t\t\t\t\t<div class=\"e-con-inner\">\n\t\t\t\t<div class=\"elementor-element elementor-element-cp023632b elementor-widget elementor-widget-heading\" data-id=\"cp023632b\" data-element_type=\"widget\" data-e-type=\"widget\" data-widget_type=\"heading.default\">\n\t\t\t\t\t<h2 class=\"elementor-heading-title elementor-size-default\">Etimologija i zna\u010denje skrivanja<\/h2>\t\t\t\t<\/div>\n\t\t<div class=\"elementor-element elementor-element-cp80f1a99 e-con-full e-flex e-con e-child\" data-id=\"cp80f1a99\" data-element_type=\"container\" data-e-type=\"container\">\n\t\t\t\t<div class=\"elementor-element elementor-element-cpfa52f44 elementor-widget elementor-widget-text-editor\" data-id=\"cpfa52f44\" data-element_type=\"widget\" data-e-type=\"widget\" data-widget_type=\"text-editor.default\">\n\t\t\t\t\t\t\t\t\t<p>Ime <em>Hel<\/em> potje\u010de od germanskog korijena koji zna\u010di &#8220;skriti&#8221;, &#8220;prekriti&#8221;, &#8220;pokriti&#8221;. Isti korijen nalazi se u rije\u010dima za skriveno i prekriveno; u njema\u010dkom su srodne rije\u010di &#8220;hehlen&#8221; i &#8220;verhehlen&#8221;, kao i &#8220;H\u00f6hle&#8221; (\u0161pilja).<\/p><p>Hel je prema tome izvorno &#8220;ona koja skriva&#8221; ili &#8220;skrivena&#8221;, a carstvo mrtvih koje nosi njezino ime skriveno je, prekriveno mjesto kamo odlaze mrtvi.<\/p><p>Ova etimologija je religijskopovijesno pou\u010dna, jer pokazuje da se ime prvobitno odnosi na mjesto i stanje, a ne na osobu. Skrivanje, biti pod zemljom, biti izvan pogleda, to je sr\u017e zna\u010denja. Personifikacija u obliku boginje Hel bila bi tada drugi korak: skriveno mjesto dobiva gospodaricu koja nosi njegovo ime.<\/p><p>Preko staronordijske rije\u010di <em>hel<\/em> ta je rije\u010d u\u0161la u kr\u0161\u0107anski pojmovni svijet. Kada su germanski jezici kristijanizirani, bilo je logi\u010dno postoje\u0107u rije\u010d za carstvo mrtvih prenijeti na kr\u0161\u0107ansko mjesto kazne. Tako je od germanskog <em>hel<\/em> nastalo njema\u010dko &#8220;H\u00f6lle&#8221; i englesko <em>hell<\/em>. Ovaj prijenos je, me\u0111utim, iskrivio izvornu predod\u017ebu.<\/p><p>Staronordijska Hel nije mjesto kazne i muke. To je prebivali\u0161te onih koji umiru od bolesti i starosti, za razliku od onih koji su pali u bitci i odlaze u Walhallu.<\/p><p>Moralna podjela na dobro mjesto i mjesto kazne, koju sa sobom nosi kr\u0161\u0107anska rije\u010d, bila je strana izvornom pojmu Hel. Ovdje se nalazi jedna od najupornijih pogre\u0161nih interpretacija nordijske <span class=\"iwg-fachbegriff\" data-tooltip=\"Sveukupnost predanih pri\u010da o bogovima jedne kulture.\" tabindex=\"0\">mitologije<\/span>.<\/p>\t\t\t\t\t\t\t\t<\/div>\n\t\t\t\t<\/div>\n\t\t\t\t\t<\/div>\n\t\t\t\t<\/div>\n\t\t<div class=\"elementor-element elementor-element-cpfa40877 e-flex e-con-boxed e-con e-parent\" data-id=\"cpfa40877\" data-element_type=\"container\" data-e-type=\"container\">\n\t\t\t\t\t<div class=\"e-con-inner\">\n\t\t\t\t<div class=\"elementor-element elementor-element-cp10ba399 elementor-widget elementor-widget-heading\" data-id=\"cp10ba399\" data-element_type=\"widget\" data-e-type=\"widget\" data-widget_type=\"heading.default\">\n\t\t\t\t\t<h2 class=\"elementor-heading-title elementor-size-default\">Helino carstvo u topografiji drugog svijeta<\/h2>\t\t\t\t<\/div>\n\t\t<div class=\"elementor-element elementor-element-cp13c57a0 e-con-full e-flex e-con e-child\" data-id=\"cp13c57a0\" data-element_type=\"container\" data-e-type=\"container\">\n\t\t\t\t<div class=\"elementor-element elementor-element-cp2eea4bc elementor-widget elementor-widget-text-editor\" data-id=\"cp2eea4bc\" data-element_type=\"widget\" data-e-type=\"widget\" data-widget_type=\"text-editor.default\">\n\t\t\t\t\t\t\t\t\t<p>Helino kraljevstvo dio je slo\u017eene zagrobne geografije koju oslikavaju staronordijski izvori, ponajvi\u0161e ponovno Snorri. Nalazi se na sjeveru i dolje, dostupno dugim, tamnim putem kojim Herm\u00f3\u00f0r putuje u <span class=\"iwg-fachbegriff\" data-tooltip=\"Predana pripovijest o bogovima, podrijetlu i poretku svijeta.\" tabindex=\"0\">mitu<\/span> o Baldru.<\/p><p>Preko rijeke Gj\u00f6ll vodi most koji \u010duva stra\u017earka M\u00f3\u00f0gu\u00f0r; vrata zatvaraju kraljevstvo. Snorri Helinom prebivali\u0161tu i predmetima daje sumorna, govorna imena koja ozna\u010davaju glad, bolest i propadanje.<\/p><p>Polo\u017eaj ovog kraljevstva u cjelokupnom sustavu nije potpuno bez proturje\u010dja u predaji. Uz Hel, izvori poznaju i Valhallu, dvoranu poginulih u boju, te kraljevstvo bo\u017eice Freyje, koje tako\u0111er prima dio umrlih.<\/p><p>Kako se ovi prostori odnose jedni prema drugima i po kojim kriterijima mrtvac dospijeva u koji, izvori ne razja\u0161njavaju sustavno. Predod\u017eba da vrsta smrti odlu\u010duje o zagrobnoj sudbini najuobi\u010dajenija je, ali ne obuhva\u0107a sve dokaze.<\/p><p>Uz to postoji i mjesto N\u00e1str\u00f6nd, &#8220;obala mrtvaca&#8221;, koje opisuje <em>V\u00f6lusp\u00e1<\/em>, dvorana isprepletena od zmija u kojoj trpe krivokletnici i ubojice. Pripada li to kazneno mjesto Helinom kraljevstvu ili je zaseban prostor, predmet je znanstvene raspre; neki u tome ve\u0107 vide kr\u0161\u0107anski utjecaj.<\/p><p>Staronordijska zagrobna predod\u017eba stoga nije zatvoren sustav, nego skup slika iz razli\u010ditih vremena i podru\u010dja koje su srednjovjekovni sabirci samo djelomi\u010dno uskladili. Helino kraljevstvo najve\u0107i je i najop\u0107enitiji prostor u tom sustavu, mjesto obi\u010dne, nespektakularne smrti.<\/p>\t\t\t\t\t\t\t\t<\/div>\n\t\t\t\t<\/div>\n\t\t\t\t\t<\/div>\n\t\t\t\t<\/div>\n\t\t<div class=\"elementor-element elementor-element-36dd7469 e-flex e-con-boxed e-con e-parent\" data-id=\"36dd7469\" data-element_type=\"container\" data-e-type=\"container\">\n\t\t\t\t\t<div class=\"e-con-inner\">\n\t\t\t\t<div class=\"elementor-element elementor-element-13760ab4 elementor-widget elementor-widget-heading\" data-id=\"13760ab4\" data-element_type=\"widget\" data-e-type=\"widget\" data-widget_type=\"heading.default\">\n\t\t\t\t\t<h2 class=\"elementor-heading-title elementor-size-default\">Daljnje poveznice<\/h2>\t\t\t\t<\/div>\n\t\t<div class=\"elementor-element elementor-element-28c87796 e-con-full e-flex e-con e-child\" data-id=\"28c87796\" data-element_type=\"container\" data-e-type=\"container\">\n\t\t\t\t<\/div>\n\t\t\t\t\t<\/div>\n\t\t\t\t<\/div>\n\t\t<div class=\"elementor-element elementor-element-grl4kl40 e-flex e-con-boxed e-con e-parent\" data-id=\"grl4kl40\" data-element_type=\"container\" data-e-type=\"container\">\n\t\t\t\t\t<div class=\"e-con-inner\">\n\t\t\t\t<div class=\"elementor-element elementor-element-bzsbfrmh elementor-widget elementor-widget-heading\" data-id=\"bzsbfrmh\" data-element_type=\"widget\" data-e-type=\"widget\" data-widget_type=\"heading.default\">\n\t\t\t\t\t<h2 class=\"elementor-heading-title elementor-size-default\">Literatura (izbor)<\/h2>\t\t\t\t<\/div>\n\t\t<div class=\"elementor-element elementor-element-2c13224a e-con-full e-flex e-con e-child\" data-id=\"2c13224a\" data-element_type=\"container\" data-e-type=\"container\">\n\t\t\t\t<div class=\"elementor-element elementor-element-0eymh9ub elementor-widget elementor-widget-text-editor\" data-id=\"0eymh9ub\" data-element_type=\"widget\" data-e-type=\"widget\" data-widget_type=\"text-editor.default\">\n\t\t\t\t\t\t\t\t\t<footer class=\"iwg-literatur\" data-nosnippet=\"true\"><ul><li><span data-nosnippet>Sturluson, Snorri: <em>Die Snorra-Edda<\/em> (Gylfaginning, Kap. 34 und 49). \u00dcbers. v. Felix Niedner. Diederichs, 1912 (viele Neuauflagen).<\/span><\/li><li><span data-nosnippet><em>Die Lieder-Edda<\/em> (Voluspa, Vafthrudnismal, Baldrs draumar). \u00dcbers. v. Felix Niedner. Diederichs, 1912.<\/span><\/li><li><span data-nosnippet>Saxo Grammaticus: <em>Gesta Danorum<\/em> (Books 1-9). Transl. Peter Fisher. Brewer, 1979.<\/span><\/li><li><span data-nosnippet>Turville-Petre, E.O.G.: <em>Myth and Religion of the North: The Religion of Ancient Scandinavia<\/em>. Greenwood Press, 1975.<\/span><\/li><li><span data-nosnippet>Simek, Rudolf: <em>W\u00f6rterbuch der Klassischen Altnordischen <span class=\"iwg-fachbegriff\" data-tooltip=\"Sveukupnost predanih pri\u010da o bogovima jedne kulture.\" tabindex=\"0\">Mythologie<\/span><\/em>. Kr\u00f6ner, 1984 (Lemma &#8220;Hel&#8221;).<\/span><\/li><li><span data-nosnippet>MacLeod, Mindy and Mees, Bernard: <em>Runic Amulets and Magic Objects<\/em>. Boydell Press, 2006.<\/span><\/li><li>Schrader, Lutz und Geuenich, Dieter (Hg.): <em>Reallexikon der Germanischen Altertumskunde<\/em>, Bd. 14 (Lemma &#8220;Unterwelt&#8221;).<\/li><\/ul><\/footer>\t\t\t\t\t\t\t\t<\/div>\n\t\t\t\t<\/div>\n\t\t\t\t\t<\/div>\n\t\t\t\t<\/div>\n\t\t\t\t<\/div>\n\t\t","protected":false},"excerpt":{"rendered":"","protected":false},"author":3,"featured_media":1721,"parent":0,"menu_order":0,"comment_status":"closed","ping_status":"closed","template":"elementor_header_footer","meta":{"_yoast_wpseo_focuskw":"Hel","_yoast_wpseo_title":"Hel \u2013 gospodarica podzemlja, germanska boginja mrtvih","_yoast_wpseo_metadesc":"Hel: pola \u017eiva, pola raspadnuta. Baldrova patnja, mitologija, kristijanizacija i germanska eshatologija u novom svjetlu.","_yoast_wpseo_meta-robots-noindex":"","_yoast_wpseo_canonical":"","_angie_page":false,"gefaehrdungsstufe":"3","wesen_kultur":"germanisch","wesen_klasse":"goetter","footnotes":""},"categories":[],"class_list":["post-149456","page","type-page","status-publish","has-post-thumbnail","hentry"],"yoast_head":"<!-- This site is optimized with the Yoast SEO Premium plugin v27.7 (Yoast SEO v28.3) - https:\/\/yoast.com\/product\/yoast-seo-premium-wordpress\/ -->\n<title>Hel \u2013 gospodarica podzemlja, germanska boginja mrtvih<\/title>\n<meta name=\"description\" content=\"Hel: pola \u017eiva, pola raspadnuta. Baldrova patnja, mitologija, kristijanizacija i germanska eshatologija u novom svjetlu.\" \/>\n<meta name=\"robots\" content=\"index, follow, max-snippet:-1, max-image-preview:large, max-video-preview:-1\" \/>\n<link rel=\"canonical\" href=\"https:\/\/iwell-guard.com\/hr\/hel\/\" \/>\n<meta property=\"og:locale\" content=\"hr_HR\" \/>\n<meta property=\"og:type\" content=\"article\" \/>\n<meta property=\"og:title\" content=\"Hel\" \/>\n<meta property=\"og:description\" content=\"Hel: pola \u017eiva, pola raspadnuta. Baldrova patnja, mitologija, kristijanizacija i germanska eshatologija u novom svjetlu.\" \/>\n<meta property=\"og:url\" content=\"https:\/\/iwell-guard.com\/hr\/hel\/\" \/>\n<meta property=\"og:site_name\" content=\"iWell Guard\" \/>\n<meta property=\"article:modified_time\" content=\"2026-09-04T05:24:05+00:00\" \/>\n<meta property=\"og:image\" content=\"https:\/\/iwell-guard.com\/wp-content\/uploads\/2026\/04\/goetter_germanisch_hel.webp\" \/>\n\t<meta property=\"og:image:width\" content=\"1024\" \/>\n\t<meta property=\"og:image:height\" content=\"1536\" \/>\n\t<meta property=\"og:image:type\" content=\"image\/webp\" \/>\n<meta name=\"twitter:card\" content=\"summary_large_image\" \/>\n<script type=\"application\/ld+json\" class=\"yoast-schema-graph\">{\"@context\":\"https:\\\/\\\/schema.org\",\"@graph\":[{\"@type\":\"WebPage\",\"@id\":\"https:\\\/\\\/iwell-guard.com\\\/hr\\\/hel\\\/\",\"url\":\"https:\\\/\\\/iwell-guard.com\\\/hr\\\/hel\\\/\",\"name\":\"Hel \u2013 gospodarica podzemlja, germanska boginja mrtvih\",\"isPartOf\":{\"@id\":\"https:\\\/\\\/iwell-guard.com\\\/hr\\\/#website\"},\"primaryImageOfPage\":{\"@id\":\"https:\\\/\\\/iwell-guard.com\\\/hr\\\/hel\\\/#primaryimage\"},\"image\":{\"@id\":\"https:\\\/\\\/iwell-guard.com\\\/hr\\\/hel\\\/#primaryimage\"},\"thumbnailUrl\":\"https:\\\/\\\/iwell-guard.com\\\/wp-content\\\/uploads\\\/2026\\\/04\\\/goetter_germanisch_hel.webp\",\"datePublished\":\"2026-09-04T05:10:33+00:00\",\"dateModified\":\"2026-09-04T05:24:05+00:00\",\"description\":\"Hel: pola \u017eiva, pola raspadnuta. Baldrova patnja, mitologija, kristijanizacija i germanska eshatologija u novom svjetlu.\",\"breadcrumb\":{\"@id\":\"https:\\\/\\\/iwell-guard.com\\\/hr\\\/hel\\\/#breadcrumb\"},\"inLanguage\":\"hr\",\"potentialAction\":[{\"@type\":\"ReadAction\",\"target\":[\"https:\\\/\\\/iwell-guard.com\\\/hr\\\/hel\\\/\"]}]},{\"@type\":\"ImageObject\",\"inLanguage\":\"hr\",\"@id\":\"https:\\\/\\\/iwell-guard.com\\\/hr\\\/hel\\\/#primaryimage\",\"url\":\"https:\\\/\\\/iwell-guard.com\\\/wp-content\\\/uploads\\\/2026\\\/04\\\/goetter_germanisch_hel.webp\",\"contentUrl\":\"https:\\\/\\\/iwell-guard.com\\\/wp-content\\\/uploads\\\/2026\\\/04\\\/goetter_germanisch_hel.webp\",\"width\":1024,\"height\":1536,\"caption\":\"Bogovi iz germanske tradicije.\"},{\"@type\":\"BreadcrumbList\",\"@id\":\"https:\\\/\\\/iwell-guard.com\\\/hr\\\/hel\\\/#breadcrumb\",\"itemListElement\":[{\"@type\":\"ListItem\",\"position\":1,\"name\":\"Start\",\"item\":\"https:\\\/\\\/iwell-guard.com\\\/hr\\\/?page_id=149317\"},{\"@type\":\"ListItem\",\"position\":2,\"name\":\"Hel\"}]},{\"@type\":\"WebSite\",\"@id\":\"https:\\\/\\\/iwell-guard.com\\\/hr\\\/#website\",\"url\":\"https:\\\/\\\/iwell-guard.com\\\/hr\\\/\",\"name\":\"iWell Guard\",\"description\":\"Schutz vor dunklen Einfl\u00fcssen\",\"publisher\":{\"@id\":\"https:\\\/\\\/iwell-guard.com\\\/hr\\\/#organization\"},\"potentialAction\":[{\"@type\":\"SearchAction\",\"target\":{\"@type\":\"EntryPoint\",\"urlTemplate\":\"https:\\\/\\\/iwell-guard.com\\\/hr\\\/?s={search_term_string}\"},\"query-input\":{\"@type\":\"PropertyValueSpecification\",\"valueRequired\":true,\"valueName\":\"search_term_string\"}}],\"inLanguage\":\"hr\"},{\"@type\":\"Organization\",\"@id\":\"https:\\\/\\\/iwell-guard.com\\\/hr\\\/#organization\",\"name\":\"Ittermann electronic GmbH\",\"url\":\"https:\\\/\\\/iwell-guard.com\\\/hr\\\/\",\"logo\":{\"@type\":\"ImageObject\",\"inLanguage\":\"hr\",\"@id\":\"https:\\\/\\\/iwell-guard.com\\\/hr\\\/#\\\/schema\\\/logo\\\/image\\\/\",\"url\":\"https:\\\/\\\/iwell-guard.com\\\/wp-content\\\/uploads\\\/2026\\\/05\\\/Ittermann-Logo-1182x237-1.png\",\"contentUrl\":\"https:\\\/\\\/iwell-guard.com\\\/wp-content\\\/uploads\\\/2026\\\/05\\\/Ittermann-Logo-1182x237-1.png\",\"width\":1182,\"height\":237,\"caption\":\"Ittermann electronic GmbH\"},\"image\":{\"@id\":\"https:\\\/\\\/iwell-guard.com\\\/hr\\\/#\\\/schema\\\/logo\\\/image\\\/\"},\"sameAs\":[\"https:\\\/\\\/pantip.com\\\/profile\\\/9367242\",\"https:\\\/\\\/micro.blog\\\/iwellguard\",\"https:\\\/\\\/www.diggerslist.com\\\/iwellguard\\\/about\",\"https:\\\/\\\/skitterphoto.com\\\/photographers\\\/2870314\\\/iwell-guard\",\"https:\\\/\\\/iwellguard.wordpress.com\\\/2026\\\/06\\\/06\\\/iwell-guard\\\/\",\"https:\\\/\\\/hub.docker.com\\\/u\\\/iwellguard\",\"https:\\\/\\\/www.pinterest.com\\\/iwellguard\\\/\",\"https:\\\/\\\/bit.ly\\\/m\\\/iwellguard\",\"https:\\\/\\\/entre-vos-mains.alsace.eu\\\/profiles\\\/iwellguard\\\/activity\",\"https:\\\/\\\/gravatar.com\\\/reallybeded8fd34\",\"https:\\\/\\\/naijamatta.com\\\/iwellguard\",\"https:\\\/\\\/www.goodreads.com\\\/iwellguard\",\"https:\\\/\\\/profile.hatena.ne.jp\\\/iwellguard\\\/\",\"https:\\\/\\\/experiment.com\\\/users\\\/iwellguard\",\"https:\\\/\\\/wakelet.com\\\/@iWellGuard82270\",\"https:\\\/\\\/www.chordie.com\\\/forum\\\/profile.php?id=2555664\",\"https:\\\/\\\/www.instapaper.com\\\/p\\\/17757966\",\"https:\\\/\\\/www.mapleprimes.com\\\/users\\\/iwellguard\",\"https:\\\/\\\/businesslistingplus.com\\\/profile\\\/iwell-guard\\\/\",\"https:\\\/\\\/telegra.ph\\\/iWell-Guard-06-06\",\"https:\\\/\\\/pbase.com\\\/iwellguard\\\/iwellguard\",\"https:\\\/\\\/b.hatena.ne.jp\\\/iwellguard\\\/20260607#bookmark-4788405196491818882\",\"https:\\\/\\\/fliphtml5.com\\\/home\\\/iwellguard\",\"https:\\\/\\\/anyflip.com\\\/homepage\\\/cmiwl#About\",\"https:\\\/\\\/transfur.com\\\/Users\\\/iwellguard\",\"http:\\\/\\\/delphi.larsbo.org\\\/user\\\/iwellguard\",\"https:\\\/\\\/jobs.lajobsportal.org\\\/profiles\\\/8380803-iwell-guard\",\"https:\\\/\\\/md.chaosdorf.de\\\/s\\\/jfbe5SBdJD\",\"https:\\\/\\\/www.lingvolive.com\\\/en-us\\\/profile\\\/9ecaeaca-ce11-4e51-9e71-01d55e2bff36\\\/translations\",\"https:\\\/\\\/www.fitday.com\\\/fitness\\\/forums\\\/members\\\/iwellguard.html\",\"https:\\\/\\\/www.mymeetbook.com\\\/iwellguard\",\"https:\\\/\\\/pxhere.com\\\/en\\\/photographer-me\\\/5040798\",\"https:\\\/\\\/disqus.com\\\/by\\\/iwellguard\\\/about\\\/\",\"https:\\\/\\\/pastelink.net\\\/hjwciqwq\",\"https:\\\/\\\/pubhtml5.com\\\/homepage\\\/scjhn\\\/\",\"https:\\\/\\\/www.bitchute.com\\\/channel\\\/2O2eOKzNqujT\",\"https:\\\/\\\/audiomack.com\\\/iwellguard\"]},{\"@type\":\"Article\",\"@id\":\"https:\\\/\\\/iwell-guard.com\\\/hr\\\/hel\\\/#article\",\"isPartOf\":{\"@id\":\"https:\\\/\\\/iwell-guard.com\\\/hr\\\/hel\\\/\"},\"author\":{\"name\":\"Ralf Ittermann\",\"@id\":\"https:\\\/\\\/iwell-guard.com\\\/hr\\\/#\\\/schema\\\/person\\\/ee2a27f1cac3406c7c6fb5820cb7349f\"},\"headline\":\"Hel\",\"datePublished\":\"2026-09-04T05:10:33+00:00\",\"dateModified\":\"2026-09-04T05:24:05+00:00\",\"mainEntityOfPage\":{\"@id\":\"https:\\\/\\\/iwell-guard.com\\\/hr\\\/hel\\\/\"},\"publisher\":{\"@id\":\"https:\\\/\\\/iwell-guard.com\\\/hr\\\/#organization\"},\"image\":{\"@id\":\"https:\\\/\\\/iwell-guard.com\\\/hr\\\/hel\\\/#primaryimage\"},\"thumbnailUrl\":\"https:\\\/\\\/iwell-guard.com\\\/wp-content\\\/uploads\\\/2026\\\/04\\\/goetter_germanisch_hel.webp\",\"inLanguage\":\"hr\",\"description\":\"Hel: pola \u017eiva, pola raspadnuta. Baldrova patnja, mitologija, kristijanizacija i germanska eshatologija u novom svjetlu.\"}]}<\/script>\n<!-- \/ Yoast SEO Premium plugin. -->","yoast_head_json":{"title":"Hel \u2013 gospodarica podzemlja, germanska boginja mrtvih","description":"Hel: pola \u017eiva, pola raspadnuta. Baldrova patnja, mitologija, kristijanizacija i germanska eshatologija u novom svjetlu.","robots":{"index":"index","follow":"follow","max-snippet":"max-snippet:-1","max-image-preview":"max-image-preview:large","max-video-preview":"max-video-preview:-1"},"canonical":"https:\/\/iwell-guard.com\/hr\/hel\/","og_locale":"hr_HR","og_type":"article","og_title":"Hel","og_description":"Hel: pola \u017eiva, pola raspadnuta. Baldrova patnja, mitologija, kristijanizacija i germanska eshatologija u novom svjetlu.","og_url":"https:\/\/iwell-guard.com\/hr\/hel\/","og_site_name":"iWell Guard","article_modified_time":"2026-09-04T05:24:05+00:00","og_image":[{"width":1024,"height":1536,"url":"https:\/\/iwell-guard.com\/wp-content\/uploads\/2026\/04\/goetter_germanisch_hel.webp","type":"image\/webp"}],"twitter_card":"summary_large_image","schema":{"@context":"https:\/\/schema.org","@graph":[{"@type":"Article","@id":"https:\/\/iwell-guard.com\/hr\/hel\/#article","isPartOf":{"@id":"https:\/\/iwell-guard.com\/hr\/hel\/"},"author":{"name":"Ralf Ittermann","@id":"https:\/\/iwell-guard.com\/hr\/#\/schema\/person\/ee2a27f1cac3406c7c6fb5820cb7349f"},"headline":"Hel","datePublished":"2026-09-04T05:10:33+00:00","dateModified":"2026-09-04T05:24:05+00:00","mainEntityOfPage":{"@id":"https:\/\/iwell-guard.com\/hr\/hel\/"},"publisher":{"@id":"https:\/\/iwell-guard.com\/hr\/#organization"},"image":{"@id":"https:\/\/iwell-guard.com\/hr\/hel\/#primaryimage"},"thumbnailUrl":"https:\/\/iwell-guard.com\/wp-content\/uploads\/2026\/04\/goetter_germanisch_hel.webp","inLanguage":"hr","description":"Hel: pola \u017eiva, pola raspadnuta. Baldrova patnja, mitologija, kristijanizacija i germanska eshatologija u novom svjetlu."},{"@type":"WebPage","@id":"https:\/\/iwell-guard.com\/hr\/hel\/","url":"https:\/\/iwell-guard.com\/hr\/hel\/","name":"Hel \u2013 gospodarica podzemlja, germanska boginja mrtvih","isPartOf":{"@id":"https:\/\/iwell-guard.com\/hr\/#website"},"primaryImageOfPage":{"@id":"https:\/\/iwell-guard.com\/hr\/hel\/#primaryimage"},"image":{"@id":"https:\/\/iwell-guard.com\/hr\/hel\/#primaryimage"},"thumbnailUrl":"https:\/\/iwell-guard.com\/wp-content\/uploads\/2026\/04\/goetter_germanisch_hel.webp","datePublished":"2026-09-04T05:10:33+00:00","dateModified":"2026-09-04T05:24:05+00:00","description":"Hel: pola \u017eiva, pola raspadnuta. Baldrova patnja, mitologija, kristijanizacija i germanska eshatologija u novom svjetlu.","breadcrumb":{"@id":"https:\/\/iwell-guard.com\/hr\/hel\/#breadcrumb"},"inLanguage":"hr","potentialAction":[{"@type":"ReadAction","target":["https:\/\/iwell-guard.com\/hr\/hel\/"]}]},{"@type":"ImageObject","inLanguage":"hr","@id":"https:\/\/iwell-guard.com\/hr\/hel\/#primaryimage","url":"https:\/\/iwell-guard.com\/wp-content\/uploads\/2026\/04\/goetter_germanisch_hel.webp","contentUrl":"https:\/\/iwell-guard.com\/wp-content\/uploads\/2026\/04\/goetter_germanisch_hel.webp","width":1024,"height":1536,"caption":"Bogovi iz germanske tradicije."},{"@type":"BreadcrumbList","@id":"https:\/\/iwell-guard.com\/hr\/hel\/#breadcrumb","itemListElement":[{"@type":"ListItem","position":1,"name":"Start","item":"https:\/\/iwell-guard.com\/hr\/?page_id=149317"},{"@type":"ListItem","position":2,"name":"Hel"}]},{"@type":"WebSite","@id":"https:\/\/iwell-guard.com\/hr\/#website","url":"https:\/\/iwell-guard.com\/hr\/","name":"iWell Guard","description":"Schutz vor dunklen Einfl\u00fcssen","publisher":{"@id":"https:\/\/iwell-guard.com\/hr\/#organization"},"potentialAction":[{"@type":"SearchAction","target":{"@type":"EntryPoint","urlTemplate":"https:\/\/iwell-guard.com\/hr\/?s={search_term_string}"},"query-input":{"@type":"PropertyValueSpecification","valueRequired":true,"valueName":"search_term_string"}}],"inLanguage":"hr"},{"@type":"Organization","@id":"https:\/\/iwell-guard.com\/hr\/#organization","name":"Ittermann electronic GmbH","url":"https:\/\/iwell-guard.com\/hr\/","logo":{"@type":"ImageObject","inLanguage":"hr","@id":"https:\/\/iwell-guard.com\/hr\/#\/schema\/logo\/image\/","url":"https:\/\/iwell-guard.com\/wp-content\/uploads\/2026\/05\/Ittermann-Logo-1182x237-1.png","contentUrl":"https:\/\/iwell-guard.com\/wp-content\/uploads\/2026\/05\/Ittermann-Logo-1182x237-1.png","width":1182,"height":237,"caption":"Ittermann electronic GmbH"},"image":{"@id":"https:\/\/iwell-guard.com\/hr\/#\/schema\/logo\/image\/"},"sameAs":["https:\/\/pantip.com\/profile\/9367242","https:\/\/micro.blog\/iwellguard","https:\/\/www.diggerslist.com\/iwellguard\/about","https:\/\/skitterphoto.com\/photographers\/2870314\/iwell-guard","https:\/\/iwellguard.wordpress.com\/2026\/06\/06\/iwell-guard\/","https:\/\/hub.docker.com\/u\/iwellguard","https:\/\/www.pinterest.com\/iwellguard\/","https:\/\/bit.ly\/m\/iwellguard","https:\/\/entre-vos-mains.alsace.eu\/profiles\/iwellguard\/activity","https:\/\/gravatar.com\/reallybeded8fd34","https:\/\/naijamatta.com\/iwellguard","https:\/\/www.goodreads.com\/iwellguard","https:\/\/profile.hatena.ne.jp\/iwellguard\/","https:\/\/experiment.com\/users\/iwellguard","https:\/\/wakelet.com\/@iWellGuard82270","https:\/\/www.chordie.com\/forum\/profile.php?id=2555664","https:\/\/www.instapaper.com\/p\/17757966","https:\/\/www.mapleprimes.com\/users\/iwellguard","https:\/\/businesslistingplus.com\/profile\/iwell-guard\/","https:\/\/telegra.ph\/iWell-Guard-06-06","https:\/\/pbase.com\/iwellguard\/iwellguard","https:\/\/b.hatena.ne.jp\/iwellguard\/20260607#bookmark-4788405196491818882","https:\/\/fliphtml5.com\/home\/iwellguard","https:\/\/anyflip.com\/homepage\/cmiwl#About","https:\/\/transfur.com\/Users\/iwellguard","http:\/\/delphi.larsbo.org\/user\/iwellguard","https:\/\/jobs.lajobsportal.org\/profiles\/8380803-iwell-guard","https:\/\/md.chaosdorf.de\/s\/jfbe5SBdJD","https:\/\/www.lingvolive.com\/en-us\/profile\/9ecaeaca-ce11-4e51-9e71-01d55e2bff36\/translations","https:\/\/www.fitday.com\/fitness\/forums\/members\/iwellguard.html","https:\/\/www.mymeetbook.com\/iwellguard","https:\/\/pxhere.com\/en\/photographer-me\/5040798","https:\/\/disqus.com\/by\/iwellguard\/about\/","https:\/\/pastelink.net\/hjwciqwq","https:\/\/pubhtml5.com\/homepage\/scjhn\/","https:\/\/www.bitchute.com\/channel\/2O2eOKzNqujT","https:\/\/audiomack.com\/iwellguard"]},{"@type":"Person","@id":"https:\/\/iwell-guard.com\/hr\/#\/schema\/person\/ee2a27f1cac3406c7c6fb5820cb7349f","name":"Ralf Ittermann","image":{"@type":"ImageObject","inLanguage":"hr","@id":"https:\/\/secure.gravatar.com\/avatar\/073c0153e350a5005b68eb752b445fea71f6b24a26da9449ad7e155e6b446c9d?s=96&d=mm&r=g","url":"https:\/\/secure.gravatar.com\/avatar\/073c0153e350a5005b68eb752b445fea71f6b24a26da9449ad7e155e6b446c9d?s=96&d=mm&r=g","contentUrl":"https:\/\/secure.gravatar.com\/avatar\/073c0153e350a5005b68eb752b445fea71f6b24a26da9449ad7e155e6b446c9d?s=96&d=mm&r=g","caption":"Ralf Ittermann"},"givenName":"Ralf","familyName":"Ittermann","jobTitle":"Gesch\u00e4ftsf\u00fchrer und redaktioneller Verantwortlicher","url":"https:\/\/iwell-guard.com\/hr\/author\/claude\/","description":"Ralf Ittermann ist Gesch\u00e4ftsf\u00fchrer der Ittermann electronic GmbH und redaktioneller Verantwortlicher des iWell-Guard-Lexikons. Er verbindet langj\u00e4hrige Erfahrung in der Pr\u00e4zisionsfertigung mit medialer Praxis und religionsgeschichtlicher Quellenarbeit.","worksFor":{"@type":"Organization","name":"Ittermann electronic GmbH","url":"https:\/\/ittermann.de\/","address":{"@type":"PostalAddress","streetAddress":"K\u00f6hlergasse 16-18","postalCode":"99842","addressLocality":"Ruhla","addressCountry":"DE"}},"knowsAbout":["Religionsgeschichte","Mythologie","Mediale Praxis","Energetische Diagnostik","Schutzpraxis","Volksglauben","Westliche Esoterik"]},{"@type":"Article","@id":"https:\/\/iwell-guard.com\/hr\/hel\/#article","isPartOf":{"@id":"https:\/\/iwell-guard.com\/hr\/hel\/"},"author":{"name":"Ralf Ittermann","@id":"https:\/\/iwell-guard.com\/hr\/#\/schema\/person\/ee2a27f1cac3406c7c6fb5820cb7349f"},"headline":"Hel","datePublished":"2026-09-04T05:10:33+00:00","dateModified":"2026-09-04T05:24:05+00:00","mainEntityOfPage":{"@id":"https:\/\/iwell-guard.com\/hr\/hel\/"},"publisher":{"@id":"https:\/\/iwell-guard.com\/hr\/#organization"},"image":{"@id":"https:\/\/iwell-guard.com\/hr\/hel\/#primaryimage"},"thumbnailUrl":"https:\/\/iwell-guard.com\/wp-content\/uploads\/2026\/04\/goetter_germanisch_hel.webp","inLanguage":"hr","description":"Hel: pola \u017eiva, pola raspadnuta. Baldrova patnja, mitologija, kristijanizacija i germanska eshatologija u novom svjetlu."}]}},"_links":{"self":[{"href":"https:\/\/iwell-guard.com\/hr\/wp-json\/wp\/v2\/pages\/149456","targetHints":{"allow":["GET"]}}],"collection":[{"href":"https:\/\/iwell-guard.com\/hr\/wp-json\/wp\/v2\/pages"}],"about":[{"href":"https:\/\/iwell-guard.com\/hr\/wp-json\/wp\/v2\/types\/page"}],"author":[{"embeddable":true,"href":"https:\/\/iwell-guard.com\/hr\/wp-json\/wp\/v2\/users\/3"}],"replies":[{"embeddable":true,"href":"https:\/\/iwell-guard.com\/hr\/wp-json\/wp\/v2\/comments?post=149456"}],"version-history":[{"count":0,"href":"https:\/\/iwell-guard.com\/hr\/wp-json\/wp\/v2\/pages\/149456\/revisions"}],"wp:featuredmedia":[{"embeddable":true,"href":"https:\/\/iwell-guard.com\/hr\/wp-json\/wp\/v2\/media\/1721"}],"wp:attachment":[{"href":"https:\/\/iwell-guard.com\/hr\/wp-json\/wp\/v2\/media?parent=149456"}],"wp:term":[{"taxonomy":"category","embeddable":true,"href":"https:\/\/iwell-guard.com\/hr\/wp-json\/wp\/v2\/categories?post=149456"}],"curies":[{"name":"wp","href":"https:\/\/api.w.org\/{rel}","templated":true}]}}