{"id":149425,"date":"2026-09-04T05:10:16","date_gmt":"2026-09-04T05:10:16","guid":{"rendered":"https:\/\/iwell-guard.com\/?page_id=149425"},"modified":"2026-09-04T05:23:20","modified_gmt":"2026-09-04T05:23:20","slug":"arkandel-rafael","status":"publish","type":"page","link":"https:\/\/iwell-guard.com\/hr\/arkandel-rafael\/","title":{"rendered":"Arkan\u0111el Rafael"},"content":{"rendered":"\t\t<div data-elementor-type=\"wp-page\" data-elementor-id=\"149425\" class=\"elementor elementor-149425 elementor-1802 elementor-bc-flex-widget\" data-elementor-post-type=\"page\">\n\t\t\t\t<div class=\"elementor-element elementor-element-10fdade e-flex e-con-boxed e-con e-parent\" data-id=\"10fdade\" data-element_type=\"container\" data-e-type=\"container\" data-settings=\"{&quot;background_background&quot;:&quot;classic&quot;}\">\n\t\t\t\t\t<div class=\"e-con-inner\">\n\t\t<div class=\"elementor-element elementor-element-herohlft0 e-flex e-con-boxed e-con e-child\" data-id=\"herohlft0\" data-element_type=\"container\" data-e-type=\"container\">\n\t\t\t\t\t<div class=\"e-con-inner\">\n\t\t<div class=\"elementor-element elementor-element-c3ceb64 e-con-full e-flex e-con e-child\" data-id=\"c3ceb64\" data-element_type=\"container\" data-e-type=\"container\">\n\t\t\t\t<div class=\"elementor-element elementor-element-96ae5e1 elementor-widget elementor-widget-heading\" data-id=\"96ae5e1\" data-element_type=\"widget\" data-e-type=\"widget\" data-widget_type=\"heading.default\">\n\t\t\t\t\t<h1 class=\"elementor-heading-title elementor-size-default\">Arkan\u0111el Rafael, svjetlosno bi\u0107e<\/h1>\t\t\t\t<\/div>\n\t\t\t\t<div class=\"elementor-element elementor-element-e45238a elementor-widget elementor-widget-text-editor\" data-id=\"e45238a\" data-element_type=\"widget\" data-e-type=\"widget\" data-widget_type=\"text-editor.default\">\n\t\t\t\t\t\t\t\t\t<p>An\u0111eo iscjelitelj i za\u0161titnik putnika u \u017eidovsko-kr\u0161\u0107ansko-islamskoj tradiciji. Poznat iz Knjige o Tobiji.<\/p><p>Ova stranica smje\u0161ta arkan\u0111ela Rafaela u koncept svjetlosnih bi\u0107a.<\/p>\n<h2 id=\"dif-raphael\">Posebnost Rafaela: iscjelitelj i pratitelj na putu<\/h2>\n<p>Rafaelova glavna scena nalazi se u <strong>Knjizi o Tobiji<\/strong> (Tob 3,17; 5,4-22; 12,15). Tamo prati mladog Tobiju na putovanju u Ekbatanu, poma\u017ee mu pri hvatanju ribe na Tigrisu, daje mu ljekovito <strong>\u017eu\u010dno sredstvo<\/strong> protiv <span class=\"iwg-fachbegriff\" data-tooltip=\"Duhovno bi\u0107e kojemu se pripisuje \u0161tetno ili dvosmisleno djelovanje.\" tabindex=\"0\">demona<\/span> Asmodeja te ga na koncu istjeruje. Njegovo ime <em>r\u0101ph\u0101\u02be\u0113l<\/em> zna\u010di \u201eBog lije\u010di\u201c.<\/p><p>U rabinskoj knji\u017eevnosti smatra se jednim od \u010detiri arkan\u0111ela prijestolja, a u kr\u0161\u0107anskoj <span class=\"iwg-fachbegriff\" data-tooltip=\"Utvr\u0111eni poredak bogoslu\u017eja jedne vjerske zajednice.\" tabindex=\"0\">liturgiji<\/span> za\u0161titnikom <strong>putnika, ljekarnika i iscjelitelja<\/strong>. Njegovi atributi su <strong>\u0161tap i riba<\/strong>, a blagdan mu je 29. rujna.<\/p><p>U renesansnoj ikonografiji (Botticelli, Verrocchio) prikazan je kao mladena\u010dki putnik uz Tobiju. Terapeutsko <span class=\"iwg-fachbegriff\" data-tooltip=\"Molbeno ili zaklinju\u0107e obra\u0107anje bo\u017eanstvu ili sili.\" tabindex=\"0\">zazivanje<\/span> u slu\u010daju bolesti njegova je najpoznatija pobo\u017ena funkcija.<\/p>\n\t\t\t\t\t\t\t\t<\/div>\n\t\t\t\t<\/div>\n\t\t<div class=\"elementor-element elementor-element-klsbdg01 e-con-full e-flex e-con e-parent\" data-id=\"klsbdg01\" data-element_type=\"container\" data-e-type=\"container\">\n\t\t\t\t<div class=\"elementor-element elementor-element-klshtm01 elementor-widget elementor-widget-html\" data-id=\"klshtm01\" data-element_type=\"widget\" data-e-type=\"widget\" data-widget_type=\"html.default\">\n\t\t\t\t\t<div class=\"iwg-pill-row\"><span class=\"iwg-klasse-badge\" tabindex=\"0\" data-tooltip=\"Svjetlosna bi\u0107a: prosvijetljena, za\u0161titni\u010dka ili pou\u010davaju\u0107a bi\u0107a, arkan\u0111eli, uzvi\u0161eni u\u010ditelji, svijetla prirodna bi\u0107a. U novovjekim i starijim duhovnim tradicijama opisana kao pomaga\u010di i u\u010ditelji.\">Svjetlosno bi\u0107e<\/span><a href=\"https:\/\/iwell-guard.com\/hr\/?page_id=149332\" class=\"iwg-kultur-badge\" tabindex=\"0\" data-tooltip=\"\u017didovska vjerska tradicija od Tanaha do kabale i novovjeke mistike.\">Judaizam<\/a><span class=\"iwg-tradition-badge\" tabindex=\"0\" data-tooltip=\"Arkan\u0111eli, najvi\u0161a an\u0111elska klasa u \u017eidovskoj, kr\u0161\u0107anskoj i islamskoj tradiciji.\">Arkan\u0111eo<\/span><\/div>\t\t\t\t<\/div>\n\t\t\t\t<\/div>\n\t\t<div class=\"elementor-element elementor-element-3f74855 e-con-full e-flex e-con e-child\" data-id=\"3f74855\" data-element_type=\"container\" data-e-type=\"container\">\n\t\t\t\t<div class=\"elementor-element elementor-element-1c30362 elementor-toc--minimized-on-tablet elementor-widget elementor-widget-table-of-contents\" data-id=\"1c30362\" data-element_type=\"widget\" data-e-type=\"widget\" data-settings=\"{&quot;exclude_headings_by_selector&quot;:[],&quot;no_headings_message&quot;:&quot;Na ovoj stranici nisu prona\\u0111eni naslovi.&quot;,&quot;headings_by_tags&quot;:[&quot;h2&quot;,&quot;h3&quot;],&quot;marker_view&quot;:&quot;bullets&quot;,&quot;minimize_box&quot;:&quot;yes&quot;,&quot;icon&quot;:{&quot;value&quot;:&quot;fas fa-circle&quot;,&quot;library&quot;:&quot;fa-solid&quot;,&quot;rendered_tag&quot;:&quot;&lt;svg class=\\&quot;e-font-icon-svg e-fas-circle\\&quot; viewBox=\\&quot;0 0 512 512\\&quot; xmlns=\\&quot;http:\\\/\\\/www.w3.org\\\/2000\\\/svg\\&quot;&gt;&lt;path d=\\&quot;M256 8C119 8 8 119 8 256s111 248 248 248 248-111 248-248S393 8 256 8z\\&quot;&gt;&lt;\\\/path&gt;&lt;\\\/svg&gt;&quot;},&quot;minimized_on&quot;:&quot;tablet&quot;,&quot;hierarchical_view&quot;:&quot;yes&quot;,&quot;min_height&quot;:{&quot;unit&quot;:&quot;px&quot;,&quot;size&quot;:&quot;&quot;,&quot;sizes&quot;:[]},&quot;min_height_tablet&quot;:{&quot;unit&quot;:&quot;px&quot;,&quot;size&quot;:&quot;&quot;,&quot;sizes&quot;:[]},&quot;min_height_mobile&quot;:{&quot;unit&quot;:&quot;px&quot;,&quot;size&quot;:&quot;&quot;,&quot;sizes&quot;:[]}}\" data-widget_type=\"table-of-contents.default\">\n\t\t\t\t\t\t\t\t\t<div class=\"elementor-toc__header\">\n\t\t\t\t\t\t<h2 class=\"elementor-toc__header-title\">\n\t\t\t\tSadr\u017eaj\t\t\t<\/h2>\n\t\t\t\t\t\t\t\t\t\t<div class=\"elementor-toc__toggle-button elementor-toc__toggle-button--expand\" role=\"button\" tabindex=\"0\" aria-controls=\"elementor-toc__1c30362\" aria-expanded=\"true\" aria-label=\"Open table of contents\"><svg aria-hidden=\"true\" class=\"e-font-icon-svg e-fas-chevron-down\" viewBox=\"0 0 448 512\" xmlns=\"http:\/\/www.w3.org\/2000\/svg\"><path d=\"M207.029 381.476L12.686 187.132c-9.373-9.373-9.373-24.569 0-33.941l22.667-22.667c9.357-9.357 24.522-9.375 33.901-.04L224 284.505l154.745-154.021c9.379-9.335 24.544-9.317 33.901.04l22.667 22.667c9.373 9.373 9.373 24.569 0 33.941L240.971 381.476c-9.373 9.372-24.569 9.372-33.942 0z\"><\/path><\/svg><\/div>\n\t\t\t\t<div class=\"elementor-toc__toggle-button elementor-toc__toggle-button--collapse\" role=\"button\" tabindex=\"0\" aria-controls=\"elementor-toc__1c30362\" aria-expanded=\"true\" aria-label=\"Close table of contents\"><svg aria-hidden=\"true\" class=\"e-font-icon-svg e-fas-chevron-up\" viewBox=\"0 0 448 512\" xmlns=\"http:\/\/www.w3.org\/2000\/svg\"><path d=\"M240.971 130.524l194.343 194.343c9.373 9.373 9.373 24.569 0 33.941l-22.667 22.667c-9.357 9.357-24.522 9.375-33.901.04L224 227.495 69.255 381.516c-9.379 9.335-24.544 9.317-33.901-.04l-22.667-22.667c-9.373-9.373-9.373-24.569 0-33.941L207.03 130.525c9.372-9.373 24.568-9.373 33.941-.001z\"><\/path><\/svg><\/div>\n\t\t\t\t\t<\/div>\n\t\t\t\t<div id=\"elementor-toc__1c30362\" class=\"elementor-toc__body\">\n\t\t\t<div class=\"elementor-toc__spinner-container\">\n\t\t\t\t<svg class=\"elementor-toc__spinner eicon-animation-spin e-font-icon-svg e-eicon-loading\" aria-hidden=\"true\" viewBox=\"0 0 1000 1000\" xmlns=\"http:\/\/www.w3.org\/2000\/svg\"><path d=\"M500 975V858C696 858 858 696 858 500S696 142 500 142 142 304 142 500H25C25 237 238 25 500 25S975 237 975 500 763 975 500 975Z\"><\/path><\/svg>\t\t\t<\/div>\n\t\t<\/div>\n\t\t\t\t\t\t<\/div>\n\t\t\t\t<\/div>\n\t\t\t\t\t<\/div>\n\t\t\t\t<\/div>\n\t\t<div class=\"elementor-element elementor-element-herorght0 e-con-full e-flex e-con e-child\" data-id=\"herorght0\" data-element_type=\"container\" data-e-type=\"container\">\n\t\t\t\t<div class=\"elementor-element elementor-element-heroimg00 iwg-hero-image elementor-widget elementor-widget-image\" data-id=\"heroimg00\" data-element_type=\"widget\" data-e-type=\"widget\" data-widget_type=\"image.default\">\n\t\t\t\t\t\t\t\t\t\t\t\t\t\t\t<img fetchpriority=\"high\" decoding=\"async\" width=\"683\" height=\"1024\" src=\"https:\/\/iwell-guard.com\/wp-content\/uploads\/2026\/04\/lichtwesen_erzengel-raphael-683x1024.webp\" class=\"attachment-large size-large wp-image-151814\" alt=\"Arkan\u0111eo Rafael - ilustracija bi\u0107a svjetlosti obasjanog svjetlom\" srcset=\"https:\/\/iwell-guard.com\/wp-content\/uploads\/2026\/04\/lichtwesen_erzengel-raphael-683x1024.webp 683w, https:\/\/iwell-guard.com\/wp-content\/uploads\/2026\/04\/lichtwesen_erzengel-raphael-200x300.webp 200w, https:\/\/iwell-guard.com\/wp-content\/uploads\/2026\/04\/lichtwesen_erzengel-raphael-768x1152.webp 768w, https:\/\/iwell-guard.com\/wp-content\/uploads\/2026\/04\/lichtwesen_erzengel-raphael.webp 1024w\" sizes=\"(max-width: 683px) 100vw, 683px\" \/>\t\t\t\t\t\t\t\t\t\t\t\t\t\t\t<\/div>\n\t\t\t\t<\/div>\n\t\t\t\t\t<\/div>\n\t\t\t\t<\/div>\n\t\t<div class=\"elementor-element elementor-element-wmd-s1 e-con-boxed e-flex e-con e-parent\" data-id=\"wmd-s1\" data-element_type=\"container\" data-e-type=\"container\">\n\t\t\t\t\t<div class=\"e-con-inner\">\n\t\t\t\t<div class=\"elementor-element elementor-element-wmd-h1 elementor-widget elementor-widget-heading\" data-id=\"wmd-h1\" data-element_type=\"widget\" data-e-type=\"widget\" data-widget_type=\"heading.default\">\n\t\t\t\t\t<h2 class=\"elementor-heading-title elementor-size-default\">Brzi pregled: Arkan\u0111el Rafael<\/h2>\t\t\t\t<\/div>\n\t\t<div class=\"elementor-element elementor-element-wmd-s1-bw e-flex e-con-boxed e-con e-parent\" data-id=\"wmd-s1-bw\" data-element_type=\"container\" data-e-type=\"container\" data-settings=\"{&quot;background_background&quot;:&quot;classic&quot;}\">\n\t\t\t\t\t<div class=\"e-con-inner\">\n\t\t\t\t<div class=\"elementor-element elementor-element-wmd-t1 elementor-widget elementor-widget-text-editor\" data-id=\"wmd-t1\" data-element_type=\"widget\" data-e-type=\"widget\" data-widget_type=\"text-editor.default\">\n\t\t\t\t\t\t\t\t\t<p><strong>Tip:<\/strong> Arkan\u0111el, iscjelitelj, pratitelj i vodi\u010d na putovanjima. Tradicija: judaizam (Knjiga o Tobiji), kr\u0161\u0107anstvo (angelologija), zapadne ezoteri\u010dne tradicije. Funkcija: iscjeljenje, oporavak, za\u0161tita na putovanjima i duhovnim putevima. Glavni atributi\/simboli: zelena i jadeitno zelena plamen, Asklepijev \u0161tap, vr\u010d, ljekovito bilje. Rasprostranjenost: \u017eidovsko-kr\u0161\u0107anska tradicija, ezoteri\u010dne i \u0161amanske iscjeliteljske prakse.<\/p>\t\t\t\t\t\t\t\t<\/div>\n\t\t\t\t\t<\/div>\n\t\t\t\t<\/div>\n\t\t\t\t\t<\/div>\n\t\t\t\t<\/div>\n\t\t<div class=\"elementor-element elementor-element-wmd-s2 e-con-boxed e-flex e-con e-parent\" data-id=\"wmd-s2\" data-element_type=\"container\" data-e-type=\"container\">\n\t\t\t\t\t<div class=\"e-con-inner\">\n\t\t\t\t<div class=\"elementor-element elementor-element-wmd-h2 elementor-widget elementor-widget-heading\" data-id=\"wmd-h2\" data-element_type=\"widget\" data-e-type=\"widget\" data-widget_type=\"heading.default\">\n\t\t\t\t\t<h2 class=\"elementor-heading-title elementor-size-default\">Uvod<\/h2>\t\t\t\t<\/div>\n\t\t<div class=\"elementor-element elementor-element-wmd-s2-bw e-flex e-con-boxed e-con e-parent\" data-id=\"wmd-s2-bw\" data-element_type=\"container\" data-e-type=\"container\" data-settings=\"{&quot;background_background&quot;:&quot;classic&quot;}\">\n\t\t\t\t\t<div class=\"e-con-inner\">\n\t\t\t\t<div class=\"elementor-element elementor-element-wmd-t2 elementor-widget elementor-widget-text-editor\" data-id=\"wmd-t2\" data-element_type=\"widget\" data-e-type=\"widget\" data-widget_type=\"text-editor.default\">\n\t\t\t\t\t\t\t\t\t<h3>Tradicija<\/h3><p>Rafael (<em>Rephael<\/em>, \u201eBog lije\u010di&#8221;) pojavljuje se istaknuto u apokrifnoj Knjizi o Tobiji, gdje lije\u010di slijepog Tobiju i \u0161titi ga na opasnom putovanju. Poimence se spominje samo u kasnijim biblijskim i apokrifnim tekstovima, ali je u \u017eidovsko-kr\u0161\u0107anskoj tradiciji priznat kao arkan\u0111el.<\/p><p><span class=\"iwg-fachbegriff\" data-tooltip=\"Strujanje \u017eidovske mistike s glavnim djelima kao \u0161to su Sefer Jecira i Zohar.\" tabindex=\"0\">Kabala<\/span> pridru\u017euje Rafaela Sefiri Tiferet (Sunce\/srce), mjestu iscjeljenja i cjelovitosti. Zapadna angelologija po\u0161tovala je Rafaela kao iscjelitelja i vodi\u010da, posebno putnika i onih koji tra\u017ee. U teozofiji Rafael je povezan s podru\u010djem solarnog pleksusa i emocionalnim iscjeljenjem.<\/p><h3>Stanje izvora<\/h3><p>Glavni izvor je Knjiga o Tobiji (starozavjetna, <span class=\"iwg-fachbegriff\" data-tooltip=\"Izvan priznatog kanona.\" tabindex=\"0\">apokrifna<\/span>), poglavlja 3-13. <span class=\"iwg-fachbegriff\" data-tooltip=\"Glavno djelo rabinskog judaizma s tuma\u010denjem religijske predaje.\" tabindex=\"0\">Talmud<\/span> i srednjovjekovni kabalisti\u010dki spisi pro\u0161iruju Rafaelovu ulogu. Kr\u0161\u0107anska umjetni\u010dka tradicija \u010desto je prikazivala Rafaela sa \u0161tapom ili vr\u010dem za lije\u010denje. Moderna ezoteri\u010dna literatura isti\u010de Rafaelovu ulogu u cjelovitom iscjeljenju i duhovnom vodstvu. \u0160amanske i prirodne ljekovite prakse uklju\u010duju Rafaela kao za\u0161titnika iscjeliteljskih umije\u0107a.<\/p><div><h3>Knjiga o Tobiji kao glavni izvor<\/h3><p>Arkan\u0111el Rafael jedini je arkan\u0111eo \u010diji je glavni biblijski izvor samostalno pripovjedno djelo: deuterokanonska Knjiga o Tobiji (vjerojatno 3. do 2. st. pr. Kr.). Rafael prati mladog Tobiju na putovanju od Ninive do Ekbatane, \u0161titi ga od <span class=\"iwg-fachbegriff\" data-tooltip=\"Duhovno bi\u0107e kojemu se pripisuje \u0161tetno ili dvosmisleno djelovanje.\" tabindex=\"0\">demona<\/span> Asmodeja i na kraju lije\u010di slijepog oca Tobiju.<\/p><p>Ime <em>Refa&#8217;el<\/em> zna\u010di doslovno <em>Bog lije\u010di<\/em>. U 1. Henokovoj knjizi (20,3) opisan je kao <em><span class=\"iwg-fachbegriff\" data-tooltip=\"U abrahamskim religijama nebesko glasni\u010dko bi\u0107e Bo\u017eje.\" tabindex=\"0\">an\u0111eo<\/span> nad duhovima ljudi<\/em>; u kasnijoj rabinskoj i kr\u0161\u0107anskoj tradiciji postaje arkan\u0111el iscjeljenja i putnika.<\/p><p>Liturgijsko slavljenje poznaje njegov blagdan 24. listopada, a od 1969. slavi se zajedno s Mihaelom i Gabrijelom 29. rujna.<\/p><\/div>\t\t\t\t\t\t\t\t<\/div>\n\t\t\t\t\t<\/div>\n\t\t\t\t<\/div>\n\t\t\t\t\t<\/div>\n\t\t\t\t<\/div>\n\t\t<div class=\"elementor-element elementor-element-wmd-s3 e-con-boxed e-flex e-con e-parent\" data-id=\"wmd-s3\" data-element_type=\"container\" data-e-type=\"container\">\n\t\t\t\t\t<div class=\"e-con-inner\">\n\t\t\t\t<div class=\"elementor-element elementor-element-wmd-h3 elementor-widget elementor-widget-heading\" data-id=\"wmd-h3\" data-element_type=\"widget\" data-e-type=\"widget\" data-widget_type=\"heading.default\">\n\t\t\t\t\t<h2 class=\"elementor-heading-title elementor-size-default\">Izgled i simboli<\/h2>\t\t\t\t<\/div>\n\t\t<div class=\"elementor-element elementor-element-wmd-s3-bw e-flex e-con-boxed e-con e-parent\" data-id=\"wmd-s3-bw\" data-element_type=\"container\" data-e-type=\"container\" data-settings=\"{&quot;background_background&quot;:&quot;classic&quot;}\">\n\t\t\t\t\t<div class=\"e-con-inner\">\n\t\t\t\t<div class=\"elementor-element elementor-element-wmd-t3 elementor-widget elementor-widget-text-editor\" data-id=\"wmd-t3\" data-element_type=\"widget\" data-e-type=\"widget\" data-widget_type=\"text-editor.default\">\n\t\t\t\t\t\t\t\t\t<p>Rafael se prikazuje kao skladno gra\u0111eno, mladena\u010dko svjetlosno bi\u0107e u zelenoj ili jadeitno zelenoj odori. Njegova je boja duboko smaragdno zelena ili nje\u017ena iscjeliteljska zelena do tirkizna, ponekad pro\u0161arana zlatom. Prepoznatljivi su mu putni \u0161tap i posuda s lijekom; uz to nosi Asklepijev \u0161tap (zmija oko \u0161tapa), vr\u010d za lije\u010denje ili vodu oporavka.<\/p><p>Okru\u017euju ga krila od nje\u017ene zelene svjetlosti. U renesansnom slikarstvu \u010desto je prikazan kao mladena\u010dki <span class=\"iwg-fachbegriff\" data-tooltip=\"U abrahamskim religijama nebesko glasni\u010dko bi\u0107e Bo\u017eje.\" tabindex=\"0\">an\u0111eo<\/span> s putnim \u0161tapom i pratiteljem. Energetski Rafael djeluje toplo, umiruju\u0107e i obnavljaju\u0107e, kao miris ljekovitog bilja ili toplo, zeleno svjetlo na ranama. Njegova nazo\u010dnost stvara povjerenje i sigurnost.<\/p>\t\t\t\t\t\t\t\t<\/div>\n\t\t\t\t\t<\/div>\n\t\t\t\t<\/div>\n\t\t\t\t\t<\/div>\n\t\t\t\t<\/div>\n\t\t<div class=\"elementor-element elementor-element-wmd-s4 e-con-boxed e-flex e-con e-parent\" data-id=\"wmd-s4\" data-element_type=\"container\" data-e-type=\"container\">\n\t\t\t\t\t<div class=\"e-con-inner\">\n\t\t\t\t<div class=\"elementor-element elementor-element-wmd-h4 elementor-widget elementor-widget-heading\" data-id=\"wmd-h4\" data-element_type=\"widget\" data-e-type=\"widget\" data-widget_type=\"heading.default\">\n\t\t\t\t\t<h2 class=\"elementor-heading-title elementor-size-default\">Funkcija i zna\u010denje<\/h2>\t\t\t\t<\/div>\n\t\t<div class=\"elementor-element elementor-element-wmd-s4-bw e-flex e-con-boxed e-con e-parent\" data-id=\"wmd-s4-bw\" data-element_type=\"container\" data-e-type=\"container\" data-settings=\"{&quot;background_background&quot;:&quot;classic&quot;}\">\n\t\t\t\t\t<div class=\"e-con-inner\">\n\t\t\t\t<div class=\"elementor-element elementor-element-wmd-t4 elementor-widget elementor-widget-text-editor\" data-id=\"wmd-t4\" data-element_type=\"widget\" data-e-type=\"widget\" data-widget_type=\"text-editor.default\">\n\t\t\t\t\t\t\t\t\t<p>Rafael lije\u010di na svim razinama: tjelesnoj, emocionalnoj, mentalnoj i duhovnoj. On je lije\u010dnik i istovremeno vodi\u010d na putu, \u0161titi traga\u010da na opasnim ili nepoznatim putevima. Rafael simbolizira unutarnju mudrost koja zna kako iscijeliti i aktivira unutarnjeg lije\u010dnika.<\/p><p>U psiholo\u0161kim terminima Rafael predstavlja iscjeljuju\u0107e ja i sposobnost regeneracije. Njegova zelena energija otvara \u010dakru srca i povezuje s prirodnom inteligencijom koja upravlja svakim iscjeljenjem.<\/p><div><h3>Iscjeljuju\u0107a funkcija u <span class=\"iwg-fachbegriff\" data-tooltip=\"Skupni naziv za u\u010denja koja tvrde da posjeduju skriveno znanje dostupno samo upu\u0107enima.\" tabindex=\"0\">ezoteriji<\/span><\/h3><p>U \u017eidovskoj an\u0111eoskoj magiji Rafael je <span class=\"iwg-fachbegriff\" data-tooltip=\"U abrahamskim religijama nebesko glasni\u010dko bi\u0107e Bo\u017eje.\" tabindex=\"0\">an\u0111eo<\/span> isto\u010dne strane svijeta i sfere Tiferet (u nekim kabalisti\u010dkim \u0161kolama) ili Hod (u drugima). U ritualno-magijskoj tradiciji Zlatne zore on je arkan\u0111eo istoka i zraka.<\/p><p>U modernom new-age u\u010denju o an\u0111elima (Doreen Virtue, Diana Cooper) on je sredi\u0161nja figura zazivanja za zdravstvena pitanja, \u010desto povezana sa zelenom zrakom. Ta promjenjivost pripisivanja karakteristi\u010dna je za povijest religije: pridru\u017eivanje <span class=\"iwg-fachbegriff\" data-tooltip=\"U abrahamskim religijama nebesko glasni\u010dko bi\u0107e Bo\u017eje.\" tabindex=\"0\">an\u0111ela<\/span> \u010detirima stranama svijeta razlikuje se prema tradiciji i izvoru.<\/p><\/div>\t\t\t\t\t\t\t\t<\/div>\n\t\t\t\t\t<\/div>\n\t\t\t\t<\/div>\n\t\t\t\t\t<\/div>\n\t\t\t\t<\/div>\n\t\t<div class=\"elementor-element elementor-element-wmd-s5 e-con-boxed e-flex e-con e-parent\" data-id=\"wmd-s5\" data-element_type=\"container\" data-e-type=\"container\">\n\t\t\t\t\t<div class=\"e-con-inner\">\n\t\t\t\t<div class=\"elementor-element elementor-element-wmd-h5 elementor-widget elementor-widget-heading\" data-id=\"wmd-h5\" data-element_type=\"widget\" data-e-type=\"widget\" data-widget_type=\"heading.default\">\n\t\t\t\t\t<h2 class=\"elementor-heading-title elementor-size-default\">Praksa \/ prizivanje \/ zna\u010denje u kontekstu iWell Guarda<\/h2>\t\t\t\t<\/div>\n\t\t<div class=\"elementor-element elementor-element-wmd-s5-bw e-flex e-con-boxed e-con e-parent\" data-id=\"wmd-s5-bw\" data-element_type=\"container\" data-e-type=\"container\" data-settings=\"{&quot;background_background&quot;:&quot;classic&quot;}\">\n\t\t\t\t\t<div class=\"e-con-inner\">\n\t\t\t\t<div class=\"elementor-element elementor-element-wmd-t5 elementor-widget elementor-widget-text-editor\" data-id=\"wmd-t5\" data-element_type=\"widget\" data-e-type=\"widget\" data-widget_type=\"text-editor.default\">\n\t\t\t\t\t\t\t\t\t<p>U iWell Guardu Rafael se zaziva za iscjeljenje fizi\u010dkih i energetskih rana te za poticanje unutarnjeg ozdravljenja. Jedna praksa je paljenje zelene svije\u0107e i molba Rafaelu da donese iscjeljenje na svim razinama.<\/p><p>Rafaelova zelena energija vizualizira se kako bi popravila o\u0161te\u0107ene energetske strukture i obnovila za\u0161titno polje. Rafael je posebno va\u017ean za osobe koje prolaze kroz traumu ili energetske ozljede. Njegova snaga umanjuje bol bez potiskivanja i donosi pravo ozdravljenje. \u0160titi i na unutarnjim duhovnim putovanjima i prijelazima.<\/p><div><h3>Polo\u017eaj u iWell Guardu<\/h3><p>U za\u0161titnom polju iWell Guarda Rafael nije izrijekom naveden u pojedinoj klauzuli <span class=\"iwg-fachbegriff\" data-tooltip=\"Sveta slog ili formula koja se ponavlja u hinduizmu i budizmu.\" tabindex=\"0\">mantre<\/span>, ali je implicitno prisutan kao jedan od \u010detiri arkan\u0111ela. Geometrija svjetlosnog kri\u017ea i <span class=\"iwg-fachbegriff\" data-tooltip=\"Molitveno ili zazivaju\u0107e obra\u0107anje bo\u017eanstvu ili sili.\" tabindex=\"0\">zazivanje<\/span> pozitivnih bi\u0107a (to\u010dka 8 mantre) uklju\u010duju Rafaela kao iscjeljuju\u0107eg arkan\u0111ela.<\/p><p>Onaj koji \u017eeli aktivno raditi s Rafaelom u za\u0161titnoj praksi mo\u017ee ga integrirati kao isto\u010dnu za\u0161titnu silu u pro\u0161irenu vizualizaciju svjetlosnog kri\u017ea (Mihael jug, Gabriel sjever, Rafael istok, Uriel zapad). Ta konstelacija \u010detiri arkan\u0111ela standard je zapadne ritualne magije od tradicije Zlatne zore.<\/p><\/div>\t\t\t\t\t\t\t\t<\/div>\n\t\t\t\t\t<\/div>\n\t\t\t\t<\/div>\n\t\t\t\t\t<\/div>\n\t\t\t\t<\/div>\n\t\t<div class=\"elementor-element elementor-element-wmd-s6 e-con-boxed e-flex e-con e-parent\" data-id=\"wmd-s6\" data-element_type=\"container\" data-e-type=\"container\">\n\t\t\t\t\t<div class=\"e-con-inner\">\n\t\t\t\t<div class=\"elementor-element elementor-element-wmd-h6 elementor-widget elementor-widget-heading\" data-id=\"wmd-h6\" data-element_type=\"widget\" data-e-type=\"widget\" data-widget_type=\"heading.default\">\n\t\t\t\t\t<h2 class=\"elementor-heading-title elementor-size-default\">Paralele<\/h2>\t\t\t\t<\/div>\n\t\t<div class=\"elementor-element elementor-element-wmd-s6-bw e-flex e-con-boxed e-con e-parent\" data-id=\"wmd-s6-bw\" data-element_type=\"container\" data-e-type=\"container\" data-settings=\"{&quot;background_background&quot;:&quot;classic&quot;}\">\n\t\t\t\t\t<div class=\"e-con-inner\">\n\t\t\t\t<div class=\"elementor-element elementor-element-wmd-t6 elementor-widget elementor-widget-text-editor\" data-id=\"wmd-t6\" data-element_type=\"widget\" data-e-type=\"widget\" data-widget_type=\"text-editor.default\">\n\t\t\t\t\t\t\t\t\t<footer class=\"iwg-literatur\" data-nosnippet=\"true\"><p>Rafaela kao arhetip iscjelitelja prona\u0107i \u0107ete u: <em>Asklepiju<\/em> gr\u010dke <span class=\"iwg-fachbegriff\" data-tooltip=\"Ukupnost predanih pripovijesti o bogovima jedne kulture.\" tabindex=\"0\">mitologije<\/span> (bog lije\u010dni\u010dke umjetnosti), <em>Imhotepu<\/em> u egipatskom <span class=\"iwg-fachbegriff\" data-tooltip=\"Ukupnost bogova jedne religije ili kulture.\" tabindex=\"0\">panteonu<\/span> (iscjelitelj i arhitekt), <em>Dhanvantariju<\/em> u hinduizmu (bog lije\u010dni\u010dke umjetnosti i medicine) i <em>White Buffalo Calf Woman<\/em> u domoroda\u010dkoj sjevernoameri\u010dkoj duhovnosti (iscjeliteljica i u\u010diteljica). Svi oni predstavljaju snagu regeneracije i sigurnog puta.<\/p><\/footer>\t\t\t\t\t\t\t\t<\/div>\n\t\t\t\t\t<\/div>\n\t\t\t\t<\/div>\n\t\t\t\t\t<\/div>\n\t\t\t\t<\/div>\n\t\t<div class=\"elementor-element elementor-element-cpa12c7f2 e-flex e-con-boxed e-con e-parent\" data-id=\"cpa12c7f2\" data-element_type=\"container\" data-e-type=\"container\">\n\t\t\t\t\t<div class=\"e-con-inner\">\n\t\t\t\t<div class=\"elementor-element elementor-element-cp707736a elementor-widget elementor-widget-heading\" data-id=\"cp707736a\" data-element_type=\"widget\" data-e-type=\"widget\" data-widget_type=\"heading.default\">\n\t\t\t\t\t<h2 class=\"elementor-heading-title elementor-size-default\">Knjiga o Tobiji: Rafael kao skriveni pratitelj<\/h2>\t\t\t\t<\/div>\n\t\t<div class=\"elementor-element elementor-element-cp0267557 e-con-full e-flex e-con e-child\" data-id=\"cp0267557\" data-element_type=\"container\" data-e-type=\"container\">\n\t\t\t\t<div class=\"elementor-element elementor-element-cp745d9b1 elementor-widget elementor-widget-text-editor\" data-id=\"cp745d9b1\" data-element_type=\"widget\" data-e-type=\"widget\" data-widget_type=\"text-editor.default\">\n\t\t\t\t\t\t\t\t\t<p>Rafael je u biblijskoj <span class=\"iwg-fachbegriff\" data-tooltip=\"Preno\u0161enje znanja i pripovijesti kroz generacije.\" tabindex=\"0\">predaji<\/span> gotovo isklju\u010divo povezan s jednom jedinom knjigom, Knjigom o Tobiji. Ta knjiga u katoli\u010dkoj i pravoslavnoj tradiciji pripada biblijskom <span class=\"iwg-fachbegriff\" data-tooltip=\"Skup spisa koji se u jednoj religiji priznaje kao obvezuju\u0107i.\" tabindex=\"0\">kanonu<\/span>, dok u \u017eidovskoj i protestantskoj <span class=\"iwg-fachbegriff\" data-tooltip=\"Preno\u0161enje znanja i pripovijesti kroz generacije.\" tabindex=\"0\">predaji<\/span> pripada apokrifima, odnosno deuterokanonskim spisima.<\/p><p>Nastala je vjerojatno u tre\u0107em ili drugom stolje\u0107u prije na\u0161e ere i pripovijeda vje\u0161tinu izgra\u0111enu obiteljsku pri\u010du.<\/p><p>U sredi\u0161tu su pobo\u017eni, oslijepljeli Tobija i njegova ro\u0111akinja Sara, koju optere\u0107uje <span class=\"iwg-fachbegriff\" data-tooltip=\"Duhovno bi\u0107e kojemu se pripisuje \u0161tetno ili proturje\u010dno djelovanje.\" tabindex=\"0\">demon<\/span> imenom Asmodej, koji njezine mu\u017eeve redom ubija u bra\u010dnoj no\u0107i. Tobijin sin Tobija kre\u0107e na put da naplati dug i uzima pratitelja koji se predstavlja kao ro\u0111ak.<\/p><p>U stvarnosti taj pratitelj je <span class=\"iwg-fachbegriff\" data-tooltip=\"U abrahamskim religijama nebesko glasni\u010dko bi\u0107e Bo\u017eje.\" tabindex=\"0\">an\u0111eo<\/span> Rafael, koji dugo krije svoju istinsku narav. On vodi Tobiju, poma\u017ee mu uloviti ribu \u010dija unutra\u0161njost postaje lijek, omogu\u0107uje brak sa Sarom i tjera <span class=\"iwg-fachbegriff\" data-tooltip=\"Duhovno bi\u0107e kojemu se pripisuje \u0161tetno ili proturje\u010dno djelovanje.\" tabindex=\"0\">demona<\/span>. Na kraju lijek od ribe iscjeljuje i Tobijine o\u010di.<\/p><p>Tek prema kraju Rafael se otkriva. Obja\u0161njava da je jedan od <span class=\"iwg-fachbegriff\" data-tooltip=\"U abrahamskim religijama nebesko glasni\u010dko bi\u0107e Bo\u017eje.\" tabindex=\"0\">an\u0111ela<\/span> koji stoje pred Bogom i da je poslan da molitve pobo\u017enih donese pred Boga.<\/p><p>Time je Rafael jedini <span class=\"iwg-fachbegriff\" data-tooltip=\"U abrahamskim religijama nebesko glasni\u010dko bi\u0107e Bo\u017eje.\" tabindex=\"0\">an\u0111eo<\/span> \u010dije se ime u povezanom pripovjednom tekstu biblijske <span class=\"iwg-fachbegriff\" data-tooltip=\"Preno\u0161enje znanja i pripovijesti kroz generacije.\" tabindex=\"0\">predaje<\/span> pojavljuje kao djeluju\u0107a osoba tijekom vi\u0161e poglavlja. Knjiga o Tobiji zato je od presudne va\u017enosti za razumijevanje ovog lika.<\/p>\t\t\t\t\t\t\t\t<\/div>\n\t\t\t\t<\/div>\n\t\t\t\t\t<\/div>\n\t\t\t\t<\/div>\n\t\t<div class=\"elementor-element elementor-element-cpdd14eaa e-flex e-con-boxed e-con e-parent\" data-id=\"cpdd14eaa\" data-element_type=\"container\" data-e-type=\"container\">\n\t\t\t\t\t<div class=\"e-con-inner\">\n\t\t\t\t<div class=\"elementor-element elementor-element-cp680be57 elementor-widget elementor-widget-heading\" data-id=\"cp680be57\" data-element_type=\"widget\" data-e-type=\"widget\" data-widget_type=\"heading.default\">\n\t\t\t\t\t<h2 class=\"elementor-heading-title elementor-size-default\">Ime kao program: Rafael, iscjelitelj<\/h2>\t\t\t\t<\/div>\n\t\t<div class=\"elementor-element elementor-element-cp662286e e-con-full e-flex e-con e-child\" data-id=\"cp662286e\" data-element_type=\"container\" data-e-type=\"container\">\n\t\t\t\t<div class=\"elementor-element elementor-element-cp1690ec5 elementor-widget elementor-widget-text-editor\" data-id=\"cp1690ec5\" data-element_type=\"widget\" data-e-type=\"widget\" data-widget_type=\"text-editor.default\">\n\t\t\t\t\t\t\t\t\t<p>Ime Raphael je hebrejskog podrijetla i sadr\u017ei korijen za lije\u010diti te Bo\u017eji element el. Mo\u017ee se prevesti kao Bog lije\u010di ili Bog je iscijelio.<\/p><p>U Knjizi o Tobiji ovo zna\u010denje imena nije slu\u010dajno, ve\u0107 se ostvaruje kroz tijek radnje: Raphael je onaj \u010dijim djelovanjem prestaju i Sarina nevolja uzrokovana <span class=\"iwg-fachbegriff\" data-tooltip=\"Duhovno bi\u0107e kojemu se pripisuje \u0161tetno ili dvojako djelovanje.\" tabindex=\"0\">demonom<\/span>, i Tobijino sljepilo.<\/p><p>Kasnija \u017eidovska i kr\u0161\u0107anska tradicija \u010dvrsto su izgradile ovu vezu izme\u0111u imena i funkcije. U \u017eidovskim tekstovima poslijebiblijskog razdoblja, primjerice u Henokovim spisima, Raphael se javlja me\u0111u vode\u0107im an\u0111elima, a njemu se ponavljano pripisuje nadle\u017enost za lije\u010denje.<\/p><p>U kr\u0161\u0107anskoj <span class=\"iwg-fachbegriff\" data-tooltip=\"Preno\u0161enje znanja i pripovijesti kroz generacije.\" tabindex=\"0\">predaji<\/span> Raphael je postao <span class=\"iwg-fachbegriff\" data-tooltip=\"U abrahamskim religijama nebesko glasni\u010dko bi\u0107e Bo\u017eje.\" tabindex=\"0\">an\u0111eo<\/span> lije\u010denja, putnika i susreta bolesti i ozdravljenja. Ova povezanost po\u010diva u potpunosti na Knjizi o Tobiji, u kojoj su sve tri teme, lije\u010denje, putovanje i za\u0161tita na putu, tijesno isprepletene.<\/p><p>Vrijedno je zapa\u017eanja da Knjiga o Tobiji ne prikazuje lije\u010denje kao magijski \u010din, ve\u0107 ga postavlja u okvir <span class=\"iwg-fachbegriff\" data-tooltip=\"Jezi\u010dno obra\u0107anje \u010dovjeka bo\u017eanstvu.\" tabindex=\"0\">molitve<\/span>, <span class=\"iwg-fachbegriff\" data-tooltip=\"\u017divi religiozni stav i praksa \u010dovjeka.\" tabindex=\"0\">pobo\u017enosti<\/span> i bo\u017eanskog poslanja. Raphael djeluje po zadatku i, kako sam ka\u017ee, prenosi molitve pred Boga.<\/p><p>Ljekovita sredstva od ribe u njegovoj su ruci samo sredstva, a ne samostalna \u010darobna pomagala. <span class=\"iwg-fachbegriff\" data-tooltip=\"Znanost koja religije istra\u017euje komparativno i bez vjerske pripadnosti.\" tabindex=\"0\">Religiologija<\/span> u tome vidi primjer kako se u jednom tekstu spajaju pu\u010dke predod\u017ebe o lije\u010denju i teolo\u0161ka refleksija.<\/p>\t\t\t\t\t\t\t\t<\/div>\n\t\t\t\t<\/div>\n\t\t\t\t\t<\/div>\n\t\t\t\t<\/div>\n\t\t<div class=\"elementor-element elementor-element-cp5269aa8 e-flex e-con-boxed e-con e-parent\" data-id=\"cp5269aa8\" data-element_type=\"container\" data-e-type=\"container\">\n\t\t\t\t\t<div class=\"e-con-inner\">\n\t\t\t\t<div class=\"elementor-element elementor-element-cp9e66ac7 elementor-widget elementor-widget-heading\" data-id=\"cp9e66ac7\" data-element_type=\"widget\" data-e-type=\"widget\" data-widget_type=\"heading.default\">\n\t\t\t\t\t<h2 class=\"elementor-heading-title elementor-size-default\">Raphael u umjetnosti, za\u0161titni\u0161tvu i pu\u010dkoj pobo\u017enosti<\/h2>\t\t\t\t<\/div>\n\t\t<div class=\"elementor-element elementor-element-cpaae636f e-con-full e-flex e-con e-child\" data-id=\"cpaae636f\" data-element_type=\"container\" data-e-type=\"container\">\n\t\t\t\t<div class=\"elementor-element elementor-element-cp3a706bf elementor-widget elementor-widget-text-editor\" data-id=\"cp3a706bf\" data-element_type=\"widget\" data-e-type=\"widget\" data-widget_type=\"text-editor.default\">\n\t\t\t\t\t\t\t\t\t<p>Iz pri\u010de Knjige o Tobiji razvila se posebna slikovna tema, koja se \u010desto susre\u0107e posebno u slikarstvu renesanse i baroka. Prikazuje se naj\u010de\u0161\u0107e Raphael kako za ruku vodi mladog Tobiju, \u010desto s ribom i psom koje tekst spominje.<\/p><p>Ovi prikazi, u talijanskoj umjetnosti poznati kao Tobija i <span class=\"iwg-fachbegriff\" data-tooltip=\"U abrahamskim religijama nebesko glasni\u010dko bi\u0107e Bo\u017eje.\" tabindex=\"0\">an\u0111eo<\/span>, bili su posebno omiljeni i dijelom su naru\u010divani kao za\u0161titne slike za mlade ljude na putovanju.<\/p><p>U katoli\u010dkoj tradiciji Raphael se smatra za\u0161titnikom putnika, bolesnih i lije\u010dnika, a uz to i ljekarnika te u nekim krajevima iseljenika. Ova za\u0161titni\u0161tva logi\u010dno proizlaze iz njegove uloge u Knjizi o Tobiji. Vlastiti spomendan liturgijski ga je povezao s ostalim po imenu poznatim arkan\u0111elima, Mihaelom i Gabrijelom.<\/p><p>U <span class=\"iwg-fachbegriff\" data-tooltip=\"Religioznost koja se \u017eivi u svakodnevici, \u010desto usporedno s slu\u017ebenim naukom.\" tabindex=\"0\">pu\u010dkoj pobo\u017enosti<\/span> Raphael je dugo bio manje istaknut od Mihaela, koji je kao borac protiv zmaja i vagatelj du\u0161a imao sna\u017enu slikovnu tradiciju, ili od Gabrijela, koji je bio \u010dvrsto ukorijenjen u umjetnosti kroz navje\u0161tenje Mariji.<\/p><p>Ipak, Raphael je zadr\u017eao stalno mjesto zahvaljuju\u0107i povezanosti s lije\u010denjem, za\u0161titom na putovanjima i poznatom pri\u010dom o Tobiji.<\/p><p>U modernoj recepciji povremeno se javlja u knji\u017eevnosti i likovnoj umjetnosti, no naglasak je i dalje na biblijskoj pri\u010di koja je oblikovala cjelokupnu kasniju sliku ovog lika. Unutar nauka o an\u0111elima Raphael stoji uz <a href=\"https:\/\/iwell-guard.com\/hr\/?page_id=149423\">Mihaela<\/a> i <a href=\"https:\/\/iwell-guard.com\/hr\/?page_id=149424\">arkan\u0111ela Gabrijela<\/a>.<\/p>\t\t\t\t\t\t\t\t<\/div>\n\t\t\t\t<\/div>\n\t\t\t\t\t<\/div>\n\t\t\t\t<\/div>\n\t\t<div class=\"elementor-element elementor-element-fc1748d e-con-boxed e-flex e-con e-parent\" data-id=\"fc1748d\" data-element_type=\"container\" data-e-type=\"container\">\n\t\t\t\t\t<div class=\"e-con-inner\">\n\t\t\t\t<div class=\"elementor-element elementor-element-255812c elementor-widget elementor-widget-text-editor\" data-id=\"255812c\" data-element_type=\"widget\" data-e-type=\"widget\" data-widget_type=\"text-editor.default\">\n\t\t\t\t\t\t\t\t\t\n<h2>\u010cesto postavljana pitanja o arkan\u0111elu Raphaelu<\/h2>\n<div class=\"iwg-faq-q\"><h3>Tko je arkan\u0111eo Raphael?<\/h3><p>Raphael (hebrejski Rafa-el, Bog lije\u010di) je iscjeljuju\u0107i arkan\u0111eo \u017eidovsko-kr\u0161\u0107anske tradicije. U deuterokanonskoj Knjizi o Tobiji pratio je mladog Tobiju na putovanju i iscijelio njegova slijepog oca. Raphael se smatra za\u0161titnikom putnika, ljekarnika, lije\u010dnika, medicinskih sestara i <span class=\"iwg-fachbegriff\" data-tooltip=\"\u010covjek koji poduzima religiozno motivirano putovanje na sveto mjesto.\" tabindex=\"0\">hodo\u010dasnika<\/span>. U kr\u0161\u0107anskoj hijerarhiji an\u0111ela jedan je od tri po imenu spomenuta arkan\u0111ela.<\/p><\/div>\n<div class=\"iwg-faq-q\"><h3>Koji su simboli i korespondencije Raphaela?<\/h3><p>Klasi\u010dni Raphaelovi simboli su hodo\u010dasni\u010dki \u0161tap, riba (iz pri\u010de o Tobiji), ljekarni\u010dka posuda s ljekovitim biljem i putni pla\u0161t. U modernom ezoteri\u010dnom nauku o <span class=\"iwg-fachbegriff\" data-tooltip=\"U abrahamskim religijama nebesko glasni\u010dko bi\u0107e Bo\u017eje.\" tabindex=\"0\">an\u0111elima<\/span> Raphael se povezuje sa zelenom bojom, elementom zraka, istokom i zrakom iscjeljenja. Molitve za iscjeljenje upu\u0107ene Raphaelu nalaze se u mnogim kr\u0161\u0107ansko-misti\u010dnim molitvenicima.<\/p><\/div>\n<script type=\"application\/ld+json\">{\"@context\":\"https:\/\/schema.org\",\"@type\":\"FAQPage\",\"mainEntity\":[{\"@type\":\"Question\",\"name\":\"Tko je arkan\u0111eo Raphael?\",\"acceptedAnswer\":{\"@type\":\"Answer\",\"text\":\"Raphael (hebrejski Rafa-el, Bog lije\u010di) je iscjeljuju\u0107i arkan\u0111eo \u017eidovsko-kr\u0161\u0107anske tradicije. U deuterokanonskoj Knjizi o Tobiji pratio je mladog Tobiju na putovanju i iscijelio njegova slijepog oca. Raphael se smatra za\u0161titnikom putnika, ljekarnika, lije\u010dnika, medicinskih sestara i hodo\u010dasnika. U kr\u0161\u0107anskoj hijerarhiji an\u0111ela jedan je od tri po imenu spomenuta arkan\u0111ela.\"}},{\"@type\":\"Question\",\"name\":\"Koji su simboli i korespondencije Raphaela?\",\"acceptedAnswer\":{\"@type\":\"Answer\",\"text\":\"Klasi\u010dni Raphaelovi simboli su hodo\u010dasni\u010dki \u0161tap, riba (iz pri\u010de o Tobiji), ljekarni\u010dka posuda s ljekovitim biljem i putni pla\u0161t. U modernom ezoteri\u010dnom nauku o an\u0111elima Raphael se povezuje sa zelenom bojom, elementom zraka, istokom i zrakom iscjeljenja. Molitve za iscjeljenje upu\u0107ene Raphaelu nalaze se u mnogim kr\u0161\u0107ansko-misti\u010dnim molitvenicima.\"}}]}<\/script>\t\t\t\t\t\t\t\t<\/div>\n\t\t\t\t\t<\/div>\n\t\t\t\t<\/div>\n\t\t\t\t<\/div>\n\t\t","protected":false},"excerpt":{"rendered":"","protected":false},"author":3,"featured_media":1623,"parent":0,"menu_order":0,"comment_status":"closed","ping_status":"closed","template":"elementor_header_footer","meta":{"_yoast_wpseo_focuskw":"Arkan\u0111el Rafael iscjeljenje","_yoast_wpseo_title":"Arkan\u0111el Rafael - an\u0111eo iscjelitelj i za\u0161titnik putnika","_yoast_wpseo_metadesc":"Arkan\u0111el Rafael iscjeljuje na svim razinama i sigurno prati one koji tra\u017ee. Otkrijte njegovo zna\u010denje u ezoteriji i iWell-Guard praksi iscjeljivanja.","_yoast_wpseo_meta-robots-noindex":"","_yoast_wpseo_canonical":"","_angie_page":false,"gefaehrdungsstufe":"","wesen_kultur":"","wesen_klasse":"","footnotes":""},"categories":[],"class_list":["post-149425","page","type-page","status-publish","has-post-thumbnail","hentry"],"yoast_head":"<!-- This site is optimized with the Yoast SEO Premium plugin v27.7 (Yoast SEO v28.3) - https:\/\/yoast.com\/product\/yoast-seo-premium-wordpress\/ -->\n<title>Arkan\u0111el Rafael - an\u0111eo iscjelitelj i za\u0161titnik putnika<\/title>\n<meta name=\"description\" content=\"Arkan\u0111el Rafael iscjeljuje na svim razinama i sigurno prati one koji tra\u017ee. Otkrijte njegovo zna\u010denje u ezoteriji i iWell-Guard praksi iscjeljivanja.\" \/>\n<meta name=\"robots\" content=\"index, follow, max-snippet:-1, max-image-preview:large, max-video-preview:-1\" \/>\n<link rel=\"canonical\" href=\"https:\/\/iwell-guard.com\/hr\/arkandel-rafael\/\" \/>\n<meta property=\"og:locale\" content=\"hr_HR\" \/>\n<meta property=\"og:type\" content=\"article\" \/>\n<meta property=\"og:title\" content=\"Arkan\u0111el Rafael\" \/>\n<meta property=\"og:description\" content=\"Arkan\u0111el Rafael iscjeljuje na svim razinama i sigurno prati one koji tra\u017ee. Otkrijte njegovo zna\u010denje u ezoteriji i iWell-Guard praksi iscjeljivanja.\" \/>\n<meta property=\"og:url\" content=\"https:\/\/iwell-guard.com\/hr\/arkandel-rafael\/\" \/>\n<meta property=\"og:site_name\" content=\"iWell Guard\" \/>\n<meta property=\"article:modified_time\" content=\"2026-09-04T05:23:20+00:00\" \/>\n<meta property=\"og:image\" content=\"https:\/\/iwell-guard.com\/wp-content\/uploads\/2026\/04\/lichtwesen_erzengel-raphael.webp\" \/>\n\t<meta property=\"og:image:width\" content=\"1024\" \/>\n\t<meta property=\"og:image:height\" content=\"1536\" \/>\n\t<meta property=\"og:image:type\" content=\"image\/webp\" \/>\n<meta name=\"twitter:card\" content=\"summary_large_image\" \/>\n<script type=\"application\/ld+json\" class=\"yoast-schema-graph\">{\"@context\":\"https:\\\/\\\/schema.org\",\"@graph\":[{\"@type\":\"WebPage\",\"@id\":\"https:\\\/\\\/iwell-guard.com\\\/hr\\\/arkandel-rafael\\\/\",\"url\":\"https:\\\/\\\/iwell-guard.com\\\/hr\\\/arkandel-rafael\\\/\",\"name\":\"Arkan\u0111el Rafael - an\u0111eo iscjelitelj i za\u0161titnik putnika\",\"isPartOf\":{\"@id\":\"https:\\\/\\\/iwell-guard.com\\\/hr\\\/#website\"},\"primaryImageOfPage\":{\"@id\":\"https:\\\/\\\/iwell-guard.com\\\/hr\\\/arkandel-rafael\\\/#primaryimage\"},\"image\":{\"@id\":\"https:\\\/\\\/iwell-guard.com\\\/hr\\\/arkandel-rafael\\\/#primaryimage\"},\"thumbnailUrl\":\"https:\\\/\\\/iwell-guard.com\\\/wp-content\\\/uploads\\\/2026\\\/04\\\/lichtwesen_erzengel-raphael.webp\",\"datePublished\":\"2026-09-04T05:10:16+00:00\",\"dateModified\":\"2026-09-04T05:23:20+00:00\",\"description\":\"Arkan\u0111el Rafael iscjeljuje na svim razinama i sigurno prati one koji tra\u017ee. Otkrijte njegovo zna\u010denje u ezoteriji i iWell-Guard praksi iscjeljivanja.\",\"breadcrumb\":{\"@id\":\"https:\\\/\\\/iwell-guard.com\\\/hr\\\/arkandel-rafael\\\/#breadcrumb\"},\"inLanguage\":\"hr\",\"potentialAction\":[{\"@type\":\"ReadAction\",\"target\":[\"https:\\\/\\\/iwell-guard.com\\\/hr\\\/arkandel-rafael\\\/\"]}]},{\"@type\":\"ImageObject\",\"inLanguage\":\"hr\",\"@id\":\"https:\\\/\\\/iwell-guard.com\\\/hr\\\/arkandel-rafael\\\/#primaryimage\",\"url\":\"https:\\\/\\\/iwell-guard.com\\\/wp-content\\\/uploads\\\/2026\\\/04\\\/lichtwesen_erzengel-raphael.webp\",\"contentUrl\":\"https:\\\/\\\/iwell-guard.com\\\/wp-content\\\/uploads\\\/2026\\\/04\\\/lichtwesen_erzengel-raphael.webp\",\"width\":1024,\"height\":1536,\"caption\":\"Bi\u0107e svjetlosti. Svjetlom obasjana ilustracija.\"},{\"@type\":\"BreadcrumbList\",\"@id\":\"https:\\\/\\\/iwell-guard.com\\\/hr\\\/arkandel-rafael\\\/#breadcrumb\",\"itemListElement\":[{\"@type\":\"ListItem\",\"position\":1,\"name\":\"Start\",\"item\":\"https:\\\/\\\/iwell-guard.com\\\/hr\\\/?page_id=149317\"},{\"@type\":\"ListItem\",\"position\":2,\"name\":\"Arkan\u0111el Rafael\"}]},{\"@type\":\"WebSite\",\"@id\":\"https:\\\/\\\/iwell-guard.com\\\/hr\\\/#website\",\"url\":\"https:\\\/\\\/iwell-guard.com\\\/hr\\\/\",\"name\":\"iWell Guard\",\"description\":\"Schutz vor dunklen Einfl\u00fcssen\",\"publisher\":{\"@id\":\"https:\\\/\\\/iwell-guard.com\\\/hr\\\/#organization\"},\"potentialAction\":[{\"@type\":\"SearchAction\",\"target\":{\"@type\":\"EntryPoint\",\"urlTemplate\":\"https:\\\/\\\/iwell-guard.com\\\/hr\\\/?s={search_term_string}\"},\"query-input\":{\"@type\":\"PropertyValueSpecification\",\"valueRequired\":true,\"valueName\":\"search_term_string\"}}],\"inLanguage\":\"hr\"},{\"@type\":\"Organization\",\"@id\":\"https:\\\/\\\/iwell-guard.com\\\/hr\\\/#organization\",\"name\":\"Ittermann electronic GmbH\",\"url\":\"https:\\\/\\\/iwell-guard.com\\\/hr\\\/\",\"logo\":{\"@type\":\"ImageObject\",\"inLanguage\":\"hr\",\"@id\":\"https:\\\/\\\/iwell-guard.com\\\/hr\\\/#\\\/schema\\\/logo\\\/image\\\/\",\"url\":\"https:\\\/\\\/iwell-guard.com\\\/wp-content\\\/uploads\\\/2026\\\/05\\\/Ittermann-Logo-1182x237-1.png\",\"contentUrl\":\"https:\\\/\\\/iwell-guard.com\\\/wp-content\\\/uploads\\\/2026\\\/05\\\/Ittermann-Logo-1182x237-1.png\",\"width\":1182,\"height\":237,\"caption\":\"Ittermann electronic GmbH\"},\"image\":{\"@id\":\"https:\\\/\\\/iwell-guard.com\\\/hr\\\/#\\\/schema\\\/logo\\\/image\\\/\"},\"sameAs\":[\"https:\\\/\\\/pantip.com\\\/profile\\\/9367242\",\"https:\\\/\\\/micro.blog\\\/iwellguard\",\"https:\\\/\\\/www.diggerslist.com\\\/iwellguard\\\/about\",\"https:\\\/\\\/skitterphoto.com\\\/photographers\\\/2870314\\\/iwell-guard\",\"https:\\\/\\\/iwellguard.wordpress.com\\\/2026\\\/06\\\/06\\\/iwell-guard\\\/\",\"https:\\\/\\\/hub.docker.com\\\/u\\\/iwellguard\",\"https:\\\/\\\/www.pinterest.com\\\/iwellguard\\\/\",\"https:\\\/\\\/bit.ly\\\/m\\\/iwellguard\",\"https:\\\/\\\/entre-vos-mains.alsace.eu\\\/profiles\\\/iwellguard\\\/activity\",\"https:\\\/\\\/gravatar.com\\\/reallybeded8fd34\",\"https:\\\/\\\/naijamatta.com\\\/iwellguard\",\"https:\\\/\\\/www.goodreads.com\\\/iwellguard\",\"https:\\\/\\\/profile.hatena.ne.jp\\\/iwellguard\\\/\",\"https:\\\/\\\/experiment.com\\\/users\\\/iwellguard\",\"https:\\\/\\\/wakelet.com\\\/@iWellGuard82270\",\"https:\\\/\\\/www.chordie.com\\\/forum\\\/profile.php?id=2555664\",\"https:\\\/\\\/www.instapaper.com\\\/p\\\/17757966\",\"https:\\\/\\\/www.mapleprimes.com\\\/users\\\/iwellguard\",\"https:\\\/\\\/businesslistingplus.com\\\/profile\\\/iwell-guard\\\/\",\"https:\\\/\\\/telegra.ph\\\/iWell-Guard-06-06\",\"https:\\\/\\\/pbase.com\\\/iwellguard\\\/iwellguard\",\"https:\\\/\\\/b.hatena.ne.jp\\\/iwellguard\\\/20260607#bookmark-4788405196491818882\",\"https:\\\/\\\/fliphtml5.com\\\/home\\\/iwellguard\",\"https:\\\/\\\/anyflip.com\\\/homepage\\\/cmiwl#About\",\"https:\\\/\\\/transfur.com\\\/Users\\\/iwellguard\",\"http:\\\/\\\/delphi.larsbo.org\\\/user\\\/iwellguard\",\"https:\\\/\\\/jobs.lajobsportal.org\\\/profiles\\\/8380803-iwell-guard\",\"https:\\\/\\\/md.chaosdorf.de\\\/s\\\/jfbe5SBdJD\",\"https:\\\/\\\/www.lingvolive.com\\\/en-us\\\/profile\\\/9ecaeaca-ce11-4e51-9e71-01d55e2bff36\\\/translations\",\"https:\\\/\\\/www.fitday.com\\\/fitness\\\/forums\\\/members\\\/iwellguard.html\",\"https:\\\/\\\/www.mymeetbook.com\\\/iwellguard\",\"https:\\\/\\\/pxhere.com\\\/en\\\/photographer-me\\\/5040798\",\"https:\\\/\\\/disqus.com\\\/by\\\/iwellguard\\\/about\\\/\",\"https:\\\/\\\/pastelink.net\\\/hjwciqwq\",\"https:\\\/\\\/pubhtml5.com\\\/homepage\\\/scjhn\\\/\",\"https:\\\/\\\/www.bitchute.com\\\/channel\\\/2O2eOKzNqujT\",\"https:\\\/\\\/audiomack.com\\\/iwellguard\"]}]}<\/script>\n<!-- \/ Yoast SEO Premium plugin. -->","yoast_head_json":{"title":"Arkan\u0111el Rafael - an\u0111eo iscjelitelj i za\u0161titnik putnika","description":"Arkan\u0111el Rafael iscjeljuje na svim razinama i sigurno prati one koji tra\u017ee. Otkrijte njegovo zna\u010denje u ezoteriji i iWell-Guard praksi iscjeljivanja.","robots":{"index":"index","follow":"follow","max-snippet":"max-snippet:-1","max-image-preview":"max-image-preview:large","max-video-preview":"max-video-preview:-1"},"canonical":"https:\/\/iwell-guard.com\/hr\/arkandel-rafael\/","og_locale":"hr_HR","og_type":"article","og_title":"Arkan\u0111el Rafael","og_description":"Arkan\u0111el Rafael iscjeljuje na svim razinama i sigurno prati one koji tra\u017ee. Otkrijte njegovo zna\u010denje u ezoteriji i iWell-Guard praksi iscjeljivanja.","og_url":"https:\/\/iwell-guard.com\/hr\/arkandel-rafael\/","og_site_name":"iWell Guard","article_modified_time":"2026-09-04T05:23:20+00:00","og_image":[{"width":1024,"height":1536,"url":"https:\/\/iwell-guard.com\/wp-content\/uploads\/2026\/04\/lichtwesen_erzengel-raphael.webp","type":"image\/webp"}],"twitter_card":"summary_large_image","schema":{"@context":"https:\/\/schema.org","@graph":[{"@type":"WebPage","@id":"https:\/\/iwell-guard.com\/hr\/arkandel-rafael\/","url":"https:\/\/iwell-guard.com\/hr\/arkandel-rafael\/","name":"Arkan\u0111el Rafael - an\u0111eo iscjelitelj i za\u0161titnik putnika","isPartOf":{"@id":"https:\/\/iwell-guard.com\/hr\/#website"},"primaryImageOfPage":{"@id":"https:\/\/iwell-guard.com\/hr\/arkandel-rafael\/#primaryimage"},"image":{"@id":"https:\/\/iwell-guard.com\/hr\/arkandel-rafael\/#primaryimage"},"thumbnailUrl":"https:\/\/iwell-guard.com\/wp-content\/uploads\/2026\/04\/lichtwesen_erzengel-raphael.webp","datePublished":"2026-09-04T05:10:16+00:00","dateModified":"2026-09-04T05:23:20+00:00","description":"Arkan\u0111el Rafael iscjeljuje na svim razinama i sigurno prati one koji tra\u017ee. Otkrijte njegovo zna\u010denje u ezoteriji i iWell-Guard praksi iscjeljivanja.","breadcrumb":{"@id":"https:\/\/iwell-guard.com\/hr\/arkandel-rafael\/#breadcrumb"},"inLanguage":"hr","potentialAction":[{"@type":"ReadAction","target":["https:\/\/iwell-guard.com\/hr\/arkandel-rafael\/"]}]},{"@type":"ImageObject","inLanguage":"hr","@id":"https:\/\/iwell-guard.com\/hr\/arkandel-rafael\/#primaryimage","url":"https:\/\/iwell-guard.com\/wp-content\/uploads\/2026\/04\/lichtwesen_erzengel-raphael.webp","contentUrl":"https:\/\/iwell-guard.com\/wp-content\/uploads\/2026\/04\/lichtwesen_erzengel-raphael.webp","width":1024,"height":1536,"caption":"Bi\u0107e svjetlosti. Svjetlom obasjana ilustracija."},{"@type":"BreadcrumbList","@id":"https:\/\/iwell-guard.com\/hr\/arkandel-rafael\/#breadcrumb","itemListElement":[{"@type":"ListItem","position":1,"name":"Start","item":"https:\/\/iwell-guard.com\/hr\/?page_id=149317"},{"@type":"ListItem","position":2,"name":"Arkan\u0111el Rafael"}]},{"@type":"WebSite","@id":"https:\/\/iwell-guard.com\/hr\/#website","url":"https:\/\/iwell-guard.com\/hr\/","name":"iWell Guard","description":"Schutz vor dunklen Einfl\u00fcssen","publisher":{"@id":"https:\/\/iwell-guard.com\/hr\/#organization"},"potentialAction":[{"@type":"SearchAction","target":{"@type":"EntryPoint","urlTemplate":"https:\/\/iwell-guard.com\/hr\/?s={search_term_string}"},"query-input":{"@type":"PropertyValueSpecification","valueRequired":true,"valueName":"search_term_string"}}],"inLanguage":"hr"},{"@type":"Organization","@id":"https:\/\/iwell-guard.com\/hr\/#organization","name":"Ittermann electronic GmbH","url":"https:\/\/iwell-guard.com\/hr\/","logo":{"@type":"ImageObject","inLanguage":"hr","@id":"https:\/\/iwell-guard.com\/hr\/#\/schema\/logo\/image\/","url":"https:\/\/iwell-guard.com\/wp-content\/uploads\/2026\/05\/Ittermann-Logo-1182x237-1.png","contentUrl":"https:\/\/iwell-guard.com\/wp-content\/uploads\/2026\/05\/Ittermann-Logo-1182x237-1.png","width":1182,"height":237,"caption":"Ittermann electronic GmbH"},"image":{"@id":"https:\/\/iwell-guard.com\/hr\/#\/schema\/logo\/image\/"},"sameAs":["https:\/\/pantip.com\/profile\/9367242","https:\/\/micro.blog\/iwellguard","https:\/\/www.diggerslist.com\/iwellguard\/about","https:\/\/skitterphoto.com\/photographers\/2870314\/iwell-guard","https:\/\/iwellguard.wordpress.com\/2026\/06\/06\/iwell-guard\/","https:\/\/hub.docker.com\/u\/iwellguard","https:\/\/www.pinterest.com\/iwellguard\/","https:\/\/bit.ly\/m\/iwellguard","https:\/\/entre-vos-mains.alsace.eu\/profiles\/iwellguard\/activity","https:\/\/gravatar.com\/reallybeded8fd34","https:\/\/naijamatta.com\/iwellguard","https:\/\/www.goodreads.com\/iwellguard","https:\/\/profile.hatena.ne.jp\/iwellguard\/","https:\/\/experiment.com\/users\/iwellguard","https:\/\/wakelet.com\/@iWellGuard82270","https:\/\/www.chordie.com\/forum\/profile.php?id=2555664","https:\/\/www.instapaper.com\/p\/17757966","https:\/\/www.mapleprimes.com\/users\/iwellguard","https:\/\/businesslistingplus.com\/profile\/iwell-guard\/","https:\/\/telegra.ph\/iWell-Guard-06-06","https:\/\/pbase.com\/iwellguard\/iwellguard","https:\/\/b.hatena.ne.jp\/iwellguard\/20260607#bookmark-4788405196491818882","https:\/\/fliphtml5.com\/home\/iwellguard","https:\/\/anyflip.com\/homepage\/cmiwl#About","https:\/\/transfur.com\/Users\/iwellguard","http:\/\/delphi.larsbo.org\/user\/iwellguard","https:\/\/jobs.lajobsportal.org\/profiles\/8380803-iwell-guard","https:\/\/md.chaosdorf.de\/s\/jfbe5SBdJD","https:\/\/www.lingvolive.com\/en-us\/profile\/9ecaeaca-ce11-4e51-9e71-01d55e2bff36\/translations","https:\/\/www.fitday.com\/fitness\/forums\/members\/iwellguard.html","https:\/\/www.mymeetbook.com\/iwellguard","https:\/\/pxhere.com\/en\/photographer-me\/5040798","https:\/\/disqus.com\/by\/iwellguard\/about\/","https:\/\/pastelink.net\/hjwciqwq","https:\/\/pubhtml5.com\/homepage\/scjhn\/","https:\/\/www.bitchute.com\/channel\/2O2eOKzNqujT","https:\/\/audiomack.com\/iwellguard"]}]}},"_links":{"self":[{"href":"https:\/\/iwell-guard.com\/hr\/wp-json\/wp\/v2\/pages\/149425","targetHints":{"allow":["GET"]}}],"collection":[{"href":"https:\/\/iwell-guard.com\/hr\/wp-json\/wp\/v2\/pages"}],"about":[{"href":"https:\/\/iwell-guard.com\/hr\/wp-json\/wp\/v2\/types\/page"}],"author":[{"embeddable":true,"href":"https:\/\/iwell-guard.com\/hr\/wp-json\/wp\/v2\/users\/3"}],"replies":[{"embeddable":true,"href":"https:\/\/iwell-guard.com\/hr\/wp-json\/wp\/v2\/comments?post=149425"}],"version-history":[{"count":0,"href":"https:\/\/iwell-guard.com\/hr\/wp-json\/wp\/v2\/pages\/149425\/revisions"}],"wp:featuredmedia":[{"embeddable":true,"href":"https:\/\/iwell-guard.com\/hr\/wp-json\/wp\/v2\/media\/1623"}],"wp:attachment":[{"href":"https:\/\/iwell-guard.com\/hr\/wp-json\/wp\/v2\/media?parent=149425"}],"wp:term":[{"taxonomy":"category","embeddable":true,"href":"https:\/\/iwell-guard.com\/hr\/wp-json\/wp\/v2\/categories?post=149425"}],"curies":[{"name":"wp","href":"https:\/\/api.w.org\/{rel}","templated":true}]}}