{"id":149423,"date":"2026-09-04T05:10:15","date_gmt":"2026-09-04T05:10:15","guid":{"rendered":"https:\/\/iwell-guard.com\/?page_id=149423"},"modified":"2026-09-04T05:23:19","modified_gmt":"2026-09-04T05:23:19","slug":"arkandeo-mihael","status":"publish","type":"page","link":"https:\/\/iwell-guard.com\/hr\/arkandeo-mihael\/","title":{"rendered":"Arkan\u0111el Mihael"},"content":{"rendered":"\t\t<div data-elementor-type=\"wp-page\" data-elementor-id=\"149423\" class=\"elementor elementor-149423 elementor-1800 elementor-bc-flex-widget\" data-elementor-post-type=\"page\">\n\t\t\t\t<div class=\"elementor-element elementor-element-10fdade e-flex e-con-boxed e-con e-parent\" data-id=\"10fdade\" data-element_type=\"container\" data-e-type=\"container\" data-settings=\"{&quot;background_background&quot;:&quot;classic&quot;}\">\n\t\t\t\t\t<div class=\"e-con-inner\">\n\t\t<div class=\"elementor-element elementor-element-herohlft0 e-flex e-con-boxed e-con e-child\" data-id=\"herohlft0\" data-element_type=\"container\" data-e-type=\"container\">\n\t\t\t\t\t<div class=\"e-con-inner\">\n\t\t<div class=\"elementor-element elementor-element-c3ceb64 e-con-full e-flex e-con e-child\" data-id=\"c3ceb64\" data-element_type=\"container\" data-e-type=\"container\">\n\t\t\t\t<div class=\"elementor-element elementor-element-96ae5e1 elementor-widget elementor-widget-heading\" data-id=\"96ae5e1\" data-element_type=\"widget\" data-e-type=\"widget\" data-widget_type=\"heading.default\">\n\t\t\t\t\t<h1 class=\"elementor-heading-title elementor-size-default\">Arkan\u0111el Mihael, svjetlosno bi\u0107e<\/h1>\t\t\t\t<\/div>\n\t\t\t\t<div class=\"elementor-element elementor-element-e45238a elementor-widget elementor-widget-text-editor\" data-id=\"e45238a\" data-element_type=\"widget\" data-e-type=\"widget\" data-widget_type=\"text-editor.default\">\n\t\t\t\t\t\t\t\t\t<p>Vo\u0111a nebeskih vojski u judeo-kr\u0161\u0107ansko-islamskoj tradiciji. Za\u0161titnik, ubojica zmajeva, pratitelj umiru\u0107ih.<\/p><p>Ova stranica svrstava arkan\u0111ela Mihaela u koncept svjetlosnih bi\u0107a.<\/p>\t\t\t\t\t\t\t\t<\/div>\n\t\t\t\t<\/div>\n\t\t<div class=\"elementor-element elementor-element-klsbdg01 e-con-full e-flex e-con e-parent\" data-id=\"klsbdg01\" data-element_type=\"container\" data-e-type=\"container\">\n\t\t\t\t<div class=\"elementor-element elementor-element-klshtm01 elementor-widget elementor-widget-html\" data-id=\"klshtm01\" data-element_type=\"widget\" data-e-type=\"widget\" data-widget_type=\"html.default\">\n\t\t\t\t\t<div class=\"iwg-pill-row\"><span class=\"iwg-klasse-badge\" tabindex=\"0\" data-tooltip=\"Svjetlosna bi\u0107a: prosvijetljena, za\u0161titni\u010dka ili pou\u010davaju\u0107a bi\u0107a, arkan\u0111eli, uzvi\u0161eni u\u010ditelji, svijetla prirodna bi\u0107a. U novovjekim i starijim duhovnim tradicijama opisana kao pomaga\u010di i u\u010ditelji.\">Svjetlosno bi\u0107e<\/span><a href=\"https:\/\/iwell-guard.com\/hr\/?page_id=149332\" class=\"iwg-kultur-badge\" tabindex=\"0\" data-tooltip=\"\u017didovska vjerska tradicija od Tanaha do kabale i novovjeke mistike.\">Judaizam<\/a><span class=\"iwg-tradition-badge\" tabindex=\"0\" data-tooltip=\"Arkan\u0111eli, najvi\u0161a an\u0111elska klasa u \u017eidovskoj, kr\u0161\u0107anskoj i islamskoj tradiciji.\">Arkan\u0111eo<\/span><\/div>\t\t\t\t<\/div>\n\t\t\t\t<\/div>\n\t\t<div class=\"elementor-element elementor-element-3f74855 e-con-full e-flex e-con e-child\" data-id=\"3f74855\" data-element_type=\"container\" data-e-type=\"container\">\n\t\t\t\t<div class=\"elementor-element elementor-element-1c30362 elementor-toc--minimized-on-tablet elementor-widget elementor-widget-table-of-contents\" data-id=\"1c30362\" data-element_type=\"widget\" data-e-type=\"widget\" data-settings=\"{&quot;exclude_headings_by_selector&quot;:[],&quot;no_headings_message&quot;:&quot;Na ovoj stranici nisu prona\\u0111eni naslovi.&quot;,&quot;headings_by_tags&quot;:[&quot;h2&quot;,&quot;h3&quot;],&quot;marker_view&quot;:&quot;bullets&quot;,&quot;minimize_box&quot;:&quot;yes&quot;,&quot;icon&quot;:{&quot;value&quot;:&quot;fas fa-circle&quot;,&quot;library&quot;:&quot;fa-solid&quot;,&quot;rendered_tag&quot;:&quot;&lt;svg class=\\&quot;e-font-icon-svg e-fas-circle\\&quot; viewBox=\\&quot;0 0 512 512\\&quot; xmlns=\\&quot;http:\\\/\\\/www.w3.org\\\/2000\\\/svg\\&quot;&gt;&lt;path d=\\&quot;M256 8C119 8 8 119 8 256s111 248 248 248 248-111 248-248S393 8 256 8z\\&quot;&gt;&lt;\\\/path&gt;&lt;\\\/svg&gt;&quot;},&quot;minimized_on&quot;:&quot;tablet&quot;,&quot;hierarchical_view&quot;:&quot;yes&quot;,&quot;min_height&quot;:{&quot;unit&quot;:&quot;px&quot;,&quot;size&quot;:&quot;&quot;,&quot;sizes&quot;:[]},&quot;min_height_tablet&quot;:{&quot;unit&quot;:&quot;px&quot;,&quot;size&quot;:&quot;&quot;,&quot;sizes&quot;:[]},&quot;min_height_mobile&quot;:{&quot;unit&quot;:&quot;px&quot;,&quot;size&quot;:&quot;&quot;,&quot;sizes&quot;:[]}}\" data-widget_type=\"table-of-contents.default\">\n\t\t\t\t\t\t\t\t\t<div class=\"elementor-toc__header\">\n\t\t\t\t\t\t<h2 class=\"elementor-toc__header-title\">\n\t\t\t\tSadr\u017eaj\t\t\t<\/h2>\n\t\t\t\t\t\t\t\t\t\t<div class=\"elementor-toc__toggle-button elementor-toc__toggle-button--expand\" role=\"button\" tabindex=\"0\" aria-controls=\"elementor-toc__1c30362\" aria-expanded=\"true\" aria-label=\"Open table of contents\"><svg aria-hidden=\"true\" class=\"e-font-icon-svg e-fas-chevron-down\" viewBox=\"0 0 448 512\" xmlns=\"http:\/\/www.w3.org\/2000\/svg\"><path d=\"M207.029 381.476L12.686 187.132c-9.373-9.373-9.373-24.569 0-33.941l22.667-22.667c9.357-9.357 24.522-9.375 33.901-.04L224 284.505l154.745-154.021c9.379-9.335 24.544-9.317 33.901.04l22.667 22.667c9.373 9.373 9.373 24.569 0 33.941L240.971 381.476c-9.373 9.372-24.569 9.372-33.942 0z\"><\/path><\/svg><\/div>\n\t\t\t\t<div class=\"elementor-toc__toggle-button elementor-toc__toggle-button--collapse\" role=\"button\" tabindex=\"0\" aria-controls=\"elementor-toc__1c30362\" aria-expanded=\"true\" aria-label=\"Close table of contents\"><svg aria-hidden=\"true\" class=\"e-font-icon-svg e-fas-chevron-up\" viewBox=\"0 0 448 512\" xmlns=\"http:\/\/www.w3.org\/2000\/svg\"><path d=\"M240.971 130.524l194.343 194.343c9.373 9.373 9.373 24.569 0 33.941l-22.667 22.667c-9.357 9.357-24.522 9.375-33.901.04L224 227.495 69.255 381.516c-9.379 9.335-24.544 9.317-33.901-.04l-22.667-22.667c-9.373-9.373-9.373-24.569 0-33.941L207.03 130.525c9.372-9.373 24.568-9.373 33.941-.001z\"><\/path><\/svg><\/div>\n\t\t\t\t\t<\/div>\n\t\t\t\t<div id=\"elementor-toc__1c30362\" class=\"elementor-toc__body\">\n\t\t\t<div class=\"elementor-toc__spinner-container\">\n\t\t\t\t<svg class=\"elementor-toc__spinner eicon-animation-spin e-font-icon-svg e-eicon-loading\" aria-hidden=\"true\" viewBox=\"0 0 1000 1000\" xmlns=\"http:\/\/www.w3.org\/2000\/svg\"><path d=\"M500 975V858C696 858 858 696 858 500S696 142 500 142 142 304 142 500H25C25 237 238 25 500 25S975 237 975 500 763 975 500 975Z\"><\/path><\/svg>\t\t\t<\/div>\n\t\t<\/div>\n\t\t\t\t\t\t<\/div>\n\t\t\t\t<\/div>\n\t\t\t\t\t<\/div>\n\t\t\t\t<\/div>\n\t\t<div class=\"elementor-element elementor-element-herorght0 e-con-full e-flex e-con e-child\" data-id=\"herorght0\" data-element_type=\"container\" data-e-type=\"container\">\n\t\t\t\t<div class=\"elementor-element elementor-element-heroimg00 iwg-hero-image elementor-widget elementor-widget-image\" data-id=\"heroimg00\" data-element_type=\"widget\" data-e-type=\"widget\" data-widget_type=\"image.default\">\n\t\t\t\t\t\t\t\t\t\t\t\t\t\t\t<img fetchpriority=\"high\" decoding=\"async\" width=\"683\" height=\"1024\" src=\"https:\/\/iwell-guard.com\/wp-content\/uploads\/2026\/04\/lichtwesen_erzengel-michael-683x1024.webp\" class=\"attachment-large size-large wp-image-151815\" alt=\"Arkan\u0111eo Mihael - ilustracija bi\u0107a svjetlosti obasjanog svjetlom\" srcset=\"https:\/\/iwell-guard.com\/wp-content\/uploads\/2026\/04\/lichtwesen_erzengel-michael-683x1024.webp 683w, https:\/\/iwell-guard.com\/wp-content\/uploads\/2026\/04\/lichtwesen_erzengel-michael-200x300.webp 200w, https:\/\/iwell-guard.com\/wp-content\/uploads\/2026\/04\/lichtwesen_erzengel-michael-768x1152.webp 768w, https:\/\/iwell-guard.com\/wp-content\/uploads\/2026\/04\/lichtwesen_erzengel-michael.webp 1024w\" sizes=\"(max-width: 683px) 100vw, 683px\" \/>\t\t\t\t\t\t\t\t\t\t\t\t\t\t\t<\/div>\n\t\t\t\t<\/div>\n\t\t\t\t\t<\/div>\n\t\t\t\t<\/div>\n\t\t<div class=\"elementor-element elementor-element-wmd-s1 e-con-boxed e-flex e-con e-parent\" data-id=\"wmd-s1\" data-element_type=\"container\" data-e-type=\"container\">\n\t\t\t\t\t<div class=\"e-con-inner\">\n\t\t\t\t<div class=\"elementor-element elementor-element-wmd-h1 elementor-widget elementor-widget-heading\" data-id=\"wmd-h1\" data-element_type=\"widget\" data-e-type=\"widget\" data-widget_type=\"heading.default\">\n\t\t\t\t\t<h2 class=\"elementor-heading-title elementor-size-default\">Brzi pregled: Arkan\u0111el Mihael<\/h2>\t\t\t\t<\/div>\n\t\t<div class=\"elementor-element elementor-element-wmd-s1-bw e-flex e-con-boxed e-con e-parent\" data-id=\"wmd-s1-bw\" data-element_type=\"container\" data-e-type=\"container\" data-settings=\"{&quot;background_background&quot;:&quot;classic&quot;}\">\n\t\t\t\t\t<div class=\"e-con-inner\">\n\t\t\t\t<div class=\"elementor-element elementor-element-wmd-t1 elementor-widget elementor-widget-text-editor\" data-id=\"wmd-t1\" data-element_type=\"widget\" data-e-type=\"widget\" data-widget_type=\"text-editor.default\">\n\t\t\t\t\t\t\t\t\t<p><strong>Tip:<\/strong> Arkan\u0111eo, vojskovo\u0111a, nositelj ma\u010da Tradicija: Judaizam (<span class=\"iwg-fachbegriff\" data-tooltip=\"Glavno djelo rabinskog judaizma s tuma\u010denjem vjerske predaje.\" tabindex=\"0\">Talmud<\/span>, <span class=\"iwg-fachbegriff\" data-tooltip=\"Struja \u017eidovske mistike s glavnim djelima kao \u0161to su Sefer Jecira i Zohar.\" tabindex=\"0\">Kabala<\/span>), Kr\u0161\u0107anstvo (Novi zavjet, angelologija), Islam (Kuran) Funkcija: za\u0161tita, obrana od negativnog, provo\u0111enje bo\u017eanske pravde Glavni atributi\/simboli: plavi plamen, plameni ma\u010d, oklop, pobjedni\u010dka krila Rasprostranjenost: \u0161irom svijeta u religijskim i ezoteri\u010dnim tradicijama, za\u0161titnik brojnih zemalja<\/p>\t\t\t\t\t\t\t\t<\/div>\n\t\t\t\t\t<\/div>\n\t\t\t\t<\/div>\n\t\t\t\t\t<\/div>\n\t\t\t\t<\/div>\n\t\t<div class=\"elementor-element elementor-element-wmd-s2 e-con-boxed e-flex e-con e-parent\" data-id=\"wmd-s2\" data-element_type=\"container\" data-e-type=\"container\">\n\t\t\t\t\t<div class=\"e-con-inner\">\n\t\t\t\t<div class=\"elementor-element elementor-element-wmd-h2 elementor-widget elementor-widget-heading\" data-id=\"wmd-h2\" data-element_type=\"widget\" data-e-type=\"widget\" data-widget_type=\"heading.default\">\n\t\t\t\t\t<h2 class=\"elementor-heading-title elementor-size-default\">Uvod<\/h2>\t\t\t\t<\/div>\n\t\t<div class=\"elementor-element elementor-element-wmd-s2-bw e-flex e-con-boxed e-con e-parent\" data-id=\"wmd-s2-bw\" data-element_type=\"container\" data-e-type=\"container\" data-settings=\"{&quot;background_background&quot;:&quot;classic&quot;}\">\n\t\t\t\t\t<div class=\"e-con-inner\">\n\t\t\t\t<div class=\"elementor-element elementor-element-wmd-t2 elementor-widget elementor-widget-text-editor\" data-id=\"wmd-t2\" data-element_type=\"widget\" data-e-type=\"widget\" data-widget_type=\"text-editor.default\">\n\t\t\t\t\t\t\t\t\t<h3>Tradicija<\/h3><p>Arkan\u0111el Mihael pojavljuje se u Danielu 10 i 12 Starog zavjeta kao zagovornik naroda Izraela. U Knjizi Henokovoj naveden je kao jedan od \u010detiri najvi\u0161a arkan\u0111ela. Kr\u0161\u0107anstvo ga je po\u0161tovalo kao vo\u0111u u borbi protiv Sotone (Otkrivenje 12,7-9).<\/p><p>U <span class=\"iwg-fachbegriff\" data-tooltip=\"Struja \u017eidovske mistike s glavnim djelima kao \u0161to su Sefer Jecira i Zohar.\" tabindex=\"0\">kabali<\/span> Mihael je jedan od arkan\u0111ela sefire Hokma (Mudrost) ili Gevura (Snaga), ovisno o sustavu. Islamska tradicija poznaje ga kao Mikaila, za\u0161titnika i donositelja spasa. Zapadna angelologija uklju\u010dila je Mihaela kao za\u0161titnika od negativnog i zlih sila, kao utjelovljenje bo\u017eanske volje za redom.<\/p><h3>Stanje izvora<\/h3><p>Biblijski tekstovi najstariji su izvori (starozavjetne knjige Daniel, Henokovi apokrifi, Novi zavjet). Talmudski i kabalisti\u010dki spisi produbljuju njegovu ulogu (Zohar, Sefer Hehalot, merkava-<span class=\"iwg-fachbegriff\" data-tooltip=\"Religijska struja usmjerena na neposredno iskustvo Boga.\" tabindex=\"0\">mistika<\/span>). Kr\u0161\u0107anske crkve posvetile su Mihaelu brojna sveti\u0161ta (Mont Saint-Michel, crkve svetog Mihovila \u0161irom Europe). Moderna ezoteri\u010dna literatura, teozofija i pokreti nove duhovnosti sekularizirali su i psihologizirali Mihaelovo po\u0161tovanje, ali dosljedno nagla\u0161avaju njegovu za\u0161titni\u010dku funkciju i mo\u0107.<\/p><div><h3>Biblijski i apokrifni izvori<\/h3><p>Arkan\u0111el Mihael jedina je an\u0111elska figura koja se u hebrejskom Tanahu spominje vlastitim imenom. Pojavljuje se u Knjizi Danielovoj na tri mjesta (Daniel 10,13.21 i 12,1) kao <em>jedan od prvih knezova<\/em> koji poma\u017ee narodu Izraela protiv perzijskih i gr\u010dkih knezova <span class=\"iwg-fachbegriff\" data-tooltip=\"U abrahamskim religijama nebesko glasni\u010dko bi\u0107e Bo\u017eje.\" tabindex=\"0\">an\u0111ela<\/span>.<\/p><p>U me\u0111uzavjetnoj apokrifnoj literaturi (1. Knjiga Henokova, Zavjeti dvanaest patrijarha, 2. Knjiga Henokova) Mihael se razvija u vo\u0111u \u010detiri ili sedam arkan\u0111ela.<\/p><p>U Novom zavjetu javlja se u Poslanici Judinoj 9 kao borac protiv Sotone za tijelo Mojsijevo, a u Otkrivenju 12,7 kao vo\u0111a nebeskih vojski u borbi protiv zmaja, sredi\u0161njem ikonografskom sloju kasnije tradicije.<\/p><h3>Liturgijska i ikonografska tradicija<\/h3><p>Blagdan svetog Mihovila 29. rujna potje\u010de od <span class=\"iwg-fachbegriff\" data-tooltip=\"Ritualni \u010din kojim se predmet, mjesto ili osoba predaje religijskom podru\u010dju.\" tabindex=\"0\">posvete<\/span> bazilike posve\u0107ene njemu na Via Salaria u Rimu u 5. stolje\u0107u i od tada je \u010dvrst dio kalendara svetaca u katoli\u010dkoj, pravoslavnoj i djelomi\u010dno anglikanskoj crkvi.<\/p><p>Visokosrednjovjekovno sveti\u0161te na Mont Saint-Michelu u Normandiji i ju\u017enotalijanska \u0161pilja svetog Mihovila na Monte Sant&#8217;Angelu u Apuliji najstarija su zapadna hodo\u010dasni\u010dka mjesta. Sveti\u0161ta svetog Mihovila le\u017ee na liniji izme\u0111u Skellig Michaela u Irskoj, Mont Saint-Michela, Sacra di San Michele u Piemontu i Monte Sant&#8217;Angela sve do Karmela i Stella Maris. \u010cine poznatu ley-liniju europskog marijanskog i an\u0111elskog hodo\u010da\u0161\u0107a.<\/p><\/div>\t\t\t\t\t\t\t\t<\/div>\n\t\t\t\t\t<\/div>\n\t\t\t\t<\/div>\n\t\t\t\t\t<\/div>\n\t\t\t\t<\/div>\n\t\t<div class=\"elementor-element elementor-element-wmd-s3 e-con-boxed e-flex e-con e-parent\" data-id=\"wmd-s3\" data-element_type=\"container\" data-e-type=\"container\">\n\t\t\t\t\t<div class=\"e-con-inner\">\n\t\t\t\t<div class=\"elementor-element elementor-element-wmd-h3 elementor-widget elementor-widget-heading\" data-id=\"wmd-h3\" data-element_type=\"widget\" data-e-type=\"widget\" data-widget_type=\"heading.default\">\n\t\t\t\t\t<h2 class=\"elementor-heading-title elementor-size-default\">Izgled i simboli<\/h2>\t\t\t\t<\/div>\n\t\t<div class=\"elementor-element elementor-element-wmd-s3-bw e-flex e-con-boxed e-con e-parent\" data-id=\"wmd-s3-bw\" data-element_type=\"container\" data-e-type=\"container\" data-settings=\"{&quot;background_background&quot;:&quot;classic&quot;}\">\n\t\t\t\t\t<div class=\"e-con-inner\">\n\t\t\t\t<div class=\"elementor-element elementor-element-wmd-t3 elementor-widget elementor-widget-text-editor\" data-id=\"wmd-t3\" data-element_type=\"widget\" data-e-type=\"widget\" data-widget_type=\"text-editor.default\">\n\t\t\t\t\t\t\t\t\t<p>Mihael se dosljedno prikazuje kao sna\u017eno, androgino svjetlosno bi\u0107e u oklopu ili prozirnoj odori od svjetlosne tvari. Njegova je boja elektri\u010dno plava ili duboko safirno plava, ponekad protkana bijelom. Nosi plameni ma\u010d ili ma\u010d od svjetlosti, ponekad sa \u0161titom na kojem je ispisano Bo\u017eje ime (<em>JHVH<\/em> ili moderni simboli).<\/p><p>Krila od svjetlosne energije izrastaju mu iz ramena. Ponekad se prikazuje kako jednom nogom stoji na Sotoni ili nekom demonskom bi\u0107u, prikaz podlo\u017enosti zla kozmi\u010dkom poretku. Energetski se Mihael osje\u0107a kao intenzivan, prodoran plavi plamen koji pro\u010di\u0161\u0107ava i \u010dini prozirnim.<\/p>\t\t\t\t\t\t\t\t<\/div>\n\t\t\t\t\t<\/div>\n\t\t\t\t<\/div>\n\t\t\t\t\t<\/div>\n\t\t\t\t<\/div>\n\t\t<div class=\"elementor-element elementor-element-wmd-s4 e-con-boxed e-flex e-con e-parent\" data-id=\"wmd-s4\" data-element_type=\"container\" data-e-type=\"container\">\n\t\t\t\t\t<div class=\"e-con-inner\">\n\t\t\t\t<div class=\"elementor-element elementor-element-wmd-h4 elementor-widget elementor-widget-heading\" data-id=\"wmd-h4\" data-element_type=\"widget\" data-e-type=\"widget\" data-widget_type=\"heading.default\">\n\t\t\t\t\t<h2 class=\"elementor-heading-title elementor-size-default\">Funkcija i zna\u010denje<\/h2>\t\t\t\t<\/div>\n\t\t<div class=\"elementor-element elementor-element-wmd-s4-bw e-flex e-con-boxed e-con e-parent\" data-id=\"wmd-s4-bw\" data-element_type=\"container\" data-e-type=\"container\" data-settings=\"{&quot;background_background&quot;:&quot;classic&quot;}\">\n\t\t\t\t\t<div class=\"e-con-inner\">\n\t\t\t\t<div class=\"elementor-element elementor-element-wmd-t4 elementor-widget elementor-widget-text-editor\" data-id=\"wmd-t4\" data-element_type=\"widget\" data-e-type=\"widget\" data-widget_type=\"text-editor.default\">\n\t\t\t\t\t\t\t\t\t<p>Mihael je za\u0161titnik protiv svega \u0161to se protivi bo\u017eanskom poretku. Nije pasivan, ve\u0107 aktivno branitelj: vodi bitke da bi sa\u010duvao \u010dovje\u010danstvo. U psiholo\u0161kim tuma\u010denjima simbolizira snagu volje, hrabrost i sposobnost postavljanja granica.<\/p><p>Utjelovljuje princip da se negativnost ne prihva\u0107a jednostavno, nego se aktivno smije i mora transformirati. Njegova plava energija koristi se za prepoznavanje i zatvaranje slabih to\u010daka u za\u0161titnom polju. Mihael pokazuje da svjetlost mo\u017ee biti nje\u017ena, a istovremeno i snaga i struktura.<\/p><div><h3>Komparativna povijest religija<\/h3><p>Mihael funkcionalno stoji u \u0161irem nizu ratobornih za\u0161titnih <span class=\"iwg-fachbegriff\" data-tooltip=\"U abrahamskim religijama nebesko glasni\u010dko bi\u0107e Bo\u017eje.\" tabindex=\"0\">an\u0111ela<\/span> i zmajoubojica. Strukturno srodni su egipatski Horus s kopljem, gr\u010dki Apolon u borbi s Pitonom, perzijski Mitra u borbi s bikom, nordijska tradicija Thora protiv Midgardske zmije te Vishvakarman u vedskoj tradiciji.<\/p><p>Religijsko-povijesna istra\u017eivanja (Hans Schwarzenbach, Frederic Manns) tuma\u010de slojeve borbe sa zmajem u Mihaelovoj tradiciji kao preuzimanje iz staroorijentalnog combat-<span class=\"iwg-fachbegriff\" data-tooltip=\"Predana pri\u010da o bogovima, podrijetlu i poretku svijeta.\" tabindex=\"0\">mita<\/span> (Marduk protiv Tiamat, Baal protiv Yama), koji je preko \u017eidovske apokaliptike pre\u0161ao u kr\u0161\u0107ansku angelologiju.<\/p><p>U za\u0161titnoj <span class=\"iwg-fachbegriff\" data-tooltip=\"Sveti slog ili formula koja se ponavlja u hinduizmu i budizmu.\" tabindex=\"0\">mantri<\/span> Mihael je u tradiciji iWell Guard implicitno prisutan, jer Kri\u017e svjetlosti i tetraktis arhan\u0111ela strukturiraju za\u0161titno polje; izravno se zaziva u klasi\u010dnim ritualima protjerivanja tradicije Zlatne zore kao \u010duvar juga.<\/p><\/div>\t\t\t\t\t\t\t\t<\/div>\n\t\t\t\t\t<\/div>\n\t\t\t\t<\/div>\n\t\t\t\t\t<\/div>\n\t\t\t\t<\/div>\n\t\t<div class=\"elementor-element elementor-element-wmd-s5 e-con-boxed e-flex e-con e-parent\" data-id=\"wmd-s5\" data-element_type=\"container\" data-e-type=\"container\">\n\t\t\t\t\t<div class=\"e-con-inner\">\n\t\t\t\t<div class=\"elementor-element elementor-element-wmd-h5 elementor-widget elementor-widget-heading\" data-id=\"wmd-h5\" data-element_type=\"widget\" data-e-type=\"widget\" data-widget_type=\"heading.default\">\n\t\t\t\t\t<h2 class=\"elementor-heading-title elementor-size-default\">Praksa \/ prizivanje \/ zna\u010denje u kontekstu iWell Guarda<\/h2>\t\t\t\t<\/div>\n\t\t<div class=\"elementor-element elementor-element-wmd-s5-bw e-flex e-con-boxed e-con e-parent\" data-id=\"wmd-s5-bw\" data-element_type=\"container\" data-e-type=\"container\" data-settings=\"{&quot;background_background&quot;:&quot;classic&quot;}\">\n\t\t\t\t\t<div class=\"e-con-inner\">\n\t\t\t\t<div class=\"elementor-element elementor-element-wmd-t5 elementor-widget elementor-widget-text-editor\" data-id=\"wmd-t5\" data-element_type=\"widget\" data-e-type=\"widget\" data-widget_type=\"text-editor.default\">\n\t\t\t\t\t\t\t\t\t<p>U iWell Guard Mihael se zaziva kao aktivni za\u0161titnik za\u0161titnog polja. Njegov plavi plamen vizualizira se radi odbijanja negativnih utjecaja, \u010di\u0161\u0107enja psihi\u010dkih privezanosti i ja\u010danja volje. Uobi\u010dajena praksa je paljenje plave svije\u0107e i mentalno pozivanje Mihaelove snage.<\/p><p>Njegov ma\u010d shva\u0107a se kao alat za energetsko uklanjanje \u201ene\u010disto\u0107e&#8221;. Mihael je za\u0161titnik koji ka\u017ee: \u201eDovde i ne dalje.&#8221; Njegova snaga je za iWell Guard neizostavna kao djelatan, defenzivan princip uz ostala bi\u0107a svjetlosti te kao posrednik izme\u0111u neba i ljudske volje.<\/p><div><h3><span class=\"iwg-fachbegriff\" data-tooltip=\"Mole\u0107ivo ili zazivaju\u0107e obra\u0107anje bo\u017eanstvu ili sili.\" tabindex=\"0\">Zazivanje<\/span> i za\u0161titna praksa<\/h3><p>Katoli\u010dka tradicija poznaje <em><span class=\"iwg-fachbegriff\" data-tooltip=\"Jezi\u010dno obra\u0107anje \u010dovjeka bo\u017eanstvu.\" tabindex=\"0\">molitvu<\/span> svetom arhan\u0111elu Mihaelu<\/em>, koju je u 19. stolje\u0107u uveo Leon XIII., kao za\u0161titnu molitvu protiv <em>zlo\u0107e i zasjeda vraga<\/em>; od 1886. do 1965. bila je stalni dio Leoninskih molitava nakon svake tihe mise, a od Ivana Pavla II. ponovno je dopu\u0161tena.<\/p><p>U ritualno-magijskoj tradiciji Mihael je arhan\u0111eo juga i sfere Tiferet (Sunce) na drvu \u017eivota <span class=\"iwg-fachbegriff\" data-tooltip=\"Strujanje \u017eidovske mistike s glavnim djelima kao Sefer Jecira i Zohar.\" tabindex=\"0\">Kabale<\/span>. U kontekstu iWell Guard on je jedan od \u010detiri arhan\u0111ela \u010diji se za\u0161titni u\u010dinak u <span class=\"iwg-fachbegriff\" data-tooltip=\"Sveti slog ili formula koja se ponavlja u hinduizmu i budizmu.\" tabindex=\"0\">mantri<\/span> neizravno aktivira preko klauzule arhan\u0111ela Gabrijela (vidi <a href=\"https:\/\/iwell-guard.com\/hr\/?page_id=149610\">pregled funkcija<\/a>) i preko geometrije Kri\u017ea svjetlosti.<\/p><\/div>\t\t\t\t\t\t\t\t<\/div>\n\t\t\t\t\t<\/div>\n\t\t\t\t<\/div>\n\t\t\t\t\t<\/div>\n\t\t\t\t<\/div>\n\t\t<div class=\"elementor-element elementor-element-wmd-s6 e-con-boxed e-flex e-con e-parent\" data-id=\"wmd-s6\" data-element_type=\"container\" data-e-type=\"container\">\n\t\t\t\t\t<div class=\"e-con-inner\">\n\t\t\t\t<div class=\"elementor-element elementor-element-wmd-h6 elementor-widget elementor-widget-heading\" data-id=\"wmd-h6\" data-element_type=\"widget\" data-e-type=\"widget\" data-widget_type=\"heading.default\">\n\t\t\t\t\t<h2 class=\"elementor-heading-title elementor-size-default\">Paralele<\/h2>\t\t\t\t<\/div>\n\t\t<div class=\"elementor-element elementor-element-wmd-s6-bw e-flex e-con-boxed e-con e-parent\" data-id=\"wmd-s6-bw\" data-element_type=\"container\" data-e-type=\"container\" data-settings=\"{&quot;background_background&quot;:&quot;classic&quot;}\">\n\t\t\t\t\t<div class=\"e-con-inner\">\n\t\t\t\t<div class=\"elementor-element elementor-element-wmd-t6 elementor-widget elementor-widget-text-editor\" data-id=\"wmd-t6\" data-element_type=\"widget\" data-e-type=\"widget\" data-widget_type=\"text-editor.default\">\n\t\t\t\t\t\t\t\t\t<footer class=\"iwg-literatur\" data-nosnippet=\"true\"><p>Mihaela u drugim kulturama pronalazite kao ratobornog nebeskog heroja: <em>Indra<\/em> u hinduizmu (bog grmljavine i ratnika), <em>Sveti Juraj<\/em> kao zmajoubojica, <em>Mitra<\/em> kao pobjednik tame, ratoborni aspekti Apolona i Mars kao bog rata. Svi oni utjelovljuju princip aktivne obrane i nametanja protiv kaoti\u010dnog i destruktivnog.<\/p><\/footer>\t\t\t\t\t\t\t\t<\/div>\n\t\t\t\t\t<\/div>\n\t\t\t\t<\/div>\n\t\t\t\t\t<\/div>\n\t\t\t\t<\/div>\n\t\t<div class=\"elementor-element elementor-element-cpfa8ad9a e-flex e-con-boxed e-con e-parent\" data-id=\"cpfa8ad9a\" data-element_type=\"container\" data-e-type=\"container\">\n\t\t\t\t\t<div class=\"e-con-inner\">\n\t\t\t\t<div class=\"elementor-element elementor-element-cp02cc327 elementor-widget elementor-widget-heading\" data-id=\"cp02cc327\" data-element_type=\"widget\" data-e-type=\"widget\" data-widget_type=\"heading.default\">\n\t\t\t\t\t<h2 class=\"elementor-heading-title elementor-size-default\">Mihael u biblijskoj i apokrifnoj predaji<\/h2>\t\t\t\t<\/div>\n\t\t<div class=\"elementor-element elementor-element-cpe9d414f e-con-full e-flex e-con e-child\" data-id=\"cpe9d414f\" data-element_type=\"container\" data-e-type=\"container\">\n\t\t\t\t<div class=\"elementor-element elementor-element-cp3d116f4 elementor-widget elementor-widget-text-editor\" data-id=\"cp3d116f4\" data-element_type=\"widget\" data-e-type=\"widget\" data-widget_type=\"text-editor.default\">\n\t\t\t\t\t\t\t\t\t<p>Arhan\u0111eo Mihael spominje se u hebrejskoj Bibliji na samo nekoliko mjesta, sve u Knjizi Danijelovoj. Tamo se javlja kao veliki knez an\u0111ela koji se zauzima za narod Izraela i kao nebeski borac u eshatolo\u0161kom sukobu. Njegovo ime je pitanje u obliku ispovijesti, na hebrejskom <em>mi-ka-el<\/em>, Ko je kao Bog.<\/p><p>U Novom zavjetu Mihael se javlja na dva mjesta. Poslanica Judina spominje spor Mihaela s vragom oko tijela Mojsijeva, \u0161to se oslanja na apokrifnu <span class=\"iwg-fachbegriff\" data-tooltip=\"Preno\u0161enje znanja i pri\u010da kroz generacije.\" tabindex=\"0\">predaju<\/span> o Mojsiju.<\/p><p>Otkrivenje Ivanovo u dvanaestom poglavlju opisuje borbu Mihaela i njegovih <span class=\"iwg-fachbegriff\" data-tooltip=\"U abrahamskim religijama nebesko glasni\u010dko bi\u0107e Bo\u017eje.\" tabindex=\"0\">an\u0111ela<\/span> protiv zmaja, koji je pobije\u0111en i survan s neba. Ta scena bila je presudna za kr\u0161\u0107ansku predod\u017ebu Mihaela kao pobjednika Sotone.<\/p><p>Bogato razra\u0111en lik Mihaela dobio je u apokrifnoj i pseudoepigrafskoj literaturi anti\u010dkog judaizma, primjerice u etiopskoj Knjizi Henohovoj, gdje Mihael pripada me\u0111u \u010detiri ili sedam najvi\u0161ih arhan\u0111ela.<\/p><p>Istra\u017eivanja su pokazala da se predod\u017eba o imenovanim arhan\u0111elima s jasno razgrani\u010denim funkcijama razvila tek u poslijeegzilskom razdoblju, mo\u017eda pod utjecajem perzijskih predod\u017ebi o an\u0111elima. Mihael je u tom razvoju od po\u010detka vode\u0107a figura, nebeski za\u0161titnik Bo\u017ejeg naroda.<\/p>\t\t\t\t\t\t\t\t<\/div>\n\t\t\t\t<\/div>\n\t\t\t\t\t<\/div>\n\t\t\t\t<\/div>\n\t\t<div class=\"elementor-element elementor-element-cp71a7cc0 e-flex e-con-boxed e-con e-parent\" data-id=\"cp71a7cc0\" data-element_type=\"container\" data-e-type=\"container\">\n\t\t\t\t\t<div class=\"e-con-inner\">\n\t\t\t\t<div class=\"elementor-element elementor-element-cpc283682 elementor-widget elementor-widget-heading\" data-id=\"cpc283682\" data-element_type=\"widget\" data-e-type=\"widget\" data-widget_type=\"heading.default\">\n\t\t\t\t\t<h2 class=\"elementor-heading-title elementor-size-default\">Kult Mihaela: sveti\u0161ta od Chonaia do Monte Gargana<\/h2>\t\t\t\t<\/div>\n\t\t<div class=\"elementor-element elementor-element-cp3df1219 e-con-full e-flex e-con e-child\" data-id=\"cp3df1219\" data-element_type=\"container\" data-e-type=\"container\">\n\t\t\t\t<div class=\"elementor-element elementor-element-cp9cdec31 elementor-widget elementor-widget-text-editor\" data-id=\"cp9cdec31\" data-element_type=\"widget\" data-e-type=\"widget\" data-widget_type=\"text-editor.default\">\n\t\t\t\t\t\t\t\t\t<p><span class=\"iwg-fachbegriff\" data-tooltip=\"Ukupnost religijskih obrednih radnji posve\u0107enih \u0161tovanju bo\u017eanstva ili svete osobe.\" tabindex=\"0\">Kult<\/span> arkan\u0111ela Mihaela naglo se pro\u0161irio od <span class=\"iwg-fachbegriff\" data-tooltip=\"Prijelazno razdoblje izme\u0111u antike i srednjeg vijeka, otprilike od 3. do 7. stolje\u0107a.\" tabindex=\"0\">kasne antike<\/span> i bio je \u010dvrsto vezan za odre\u0111ena sveti\u0161ta, \u010desto \u0161pilje i planinske vrhove. Jedno od najranijih sredi\u0161ta bilo je u maloazijskom Chonaeu, anti\u010dkom Kolosaju, gdje se \u0161tovalo Mihaelovo ukazanje na jednom izvoru.<\/p><p>Na Zapadu je najzna\u010dajnije Mihaelovo sveti\u0161te postala <em>Monte Gargano<\/em> u Apuliji. <span class=\"iwg-fachbegriff\" data-tooltip=\"Pou\u010dna pri\u010da, naj\u010de\u0161\u0107e o \u017eivotu svetaca.\" tabindex=\"0\">Legenda<\/span> iz 5. ili 6. stolje\u0107a govori o ukazanjima arkan\u0111ela u jednoj planinskoj \u0161pilji, koja je nakon toga postala mjesto hodo\u010da\u0161\u0107a.<\/p><p>Iz Gargana se kult \u0161pilja pro\u0161irio Europom. Najpoznatiji primjer nasljedovanja jest <em>Mont-Saint-Michel<\/em> u Normandiji, \u010dije se osnutak u 8. stolje\u0107u izravno pripisuje uzoru Gargana.<\/p><p>Upada u o\u010di Mihaelova povezanost s visinama. Brojne kapele i crkve posve\u0107ene njemu stoje na planinama, bre\u017euljcima ili uzvi\u0161enim mjestima, \u010desto na izlo\u017eenim polo\u017eajima. <span class=\"iwg-fachbegriff\" data-tooltip=\"Znanost koja istra\u017euje religije komparativno i bez vjerske pripadnosti.\" tabindex=\"0\">Religiologija<\/span> to djelomi\u010dno obja\u0161njava Mihaelovom funkcijom nebeskog ratnika i pratitelja du\u0161a, a djelomi\u010dno preuzimanjem starijih kultova visina.<\/p><p>U kr\u0161\u0107anskoj <span class=\"iwg-fachbegriff\" data-tooltip=\"Religioznost koja se \u017eivi u svakodnevici, \u010desto uz slu\u017ebenu doktrinu.\" tabindex=\"0\">pu\u010dkoj pobo\u017enosti<\/span> Mihael je tako\u0111er smatran pratiteljem du\u0161a pri prijelazu u zagrobni \u017eivot i onim koji vaga du\u0161e. Ta funkcija vaga\u010da du\u0161a, koja ikonografski Mihaelu u ruku stavlja vagu, ima paralele u starijim predod\u017ebama o zagrobnom \u017eivotu, me\u0111u ostalim u egipatskom sudu nad mrtvima.<\/p>\t\t\t\t\t\t\t\t<\/div>\n\t\t\t\t<\/div>\n\t\t\t\t\t<\/div>\n\t\t\t\t<\/div>\n\t\t<div class=\"elementor-element elementor-element-cpdbc74e1 e-flex e-con-boxed e-con e-parent\" data-id=\"cpdbc74e1\" data-element_type=\"container\" data-e-type=\"container\">\n\t\t\t\t\t<div class=\"e-con-inner\">\n\t\t\t\t<div class=\"elementor-element elementor-element-cpbd7d255 elementor-widget elementor-widget-heading\" data-id=\"cpbd7d255\" data-element_type=\"widget\" data-e-type=\"widget\" data-widget_type=\"heading.default\">\n\t\t\t\t\t<h2 class=\"elementor-heading-title elementor-size-default\">Mihael u umjetnosti: vaga\u010d du\u0161a i pobjednik zmaja<\/h2>\t\t\t\t<\/div>\n\t\t<div class=\"elementor-element elementor-element-cpc905231 e-con-full e-flex e-con e-child\" data-id=\"cpc905231\" data-element_type=\"container\" data-e-type=\"container\">\n\t\t\t\t<div class=\"elementor-element elementor-element-cpf261812 elementor-widget elementor-widget-text-editor\" data-id=\"cpf261812\" data-element_type=\"widget\" data-e-type=\"widget\" data-widget_type=\"text-editor.default\">\n\t\t\t\t\t\t\t\t\t<p>U kr\u0161\u0107anskoj likovnoj umjetnosti Mihael je jedan od naj\u010de\u0161\u0107e prikazivanih an\u0111ela, a njegova <span class=\"iwg-fachbegriff\" data-tooltip=\"Znanost o sadr\u017eaju slika i njihovom zna\u010denju.\" tabindex=\"0\">ikonografija<\/span> relativno je jasno odre\u0111ena. Dominiraju dva tipa prikaza.<\/p><p>Prvi prikazuje Mihaela kao pobjednika zmaja ili svladavatelja vraga, u oklopu, s kopljem ili ma\u010dem, stoje\u0107i nad svladanim zmajem ili sotonskom prilikom. Ovaj tip proizlazi iz prizora iz Otkrivenja Ivanova i prikazuje Mihaela kao nebeskog ratnika.<\/p><p>Drugi tip prikazuje Mihaela kao vaga\u010da du\u0161a, <em>psihostaziju<\/em>. Dr\u017ei vagu na \u010dijim se tasovima vagaju du\u0161e ili njihova djela, dok <span class=\"iwg-fachbegriff\" data-tooltip=\"Duhovno bi\u0107e kojem se pripisuje \u0161tetno ili dvosmisleno djelovanje.\" tabindex=\"0\">demon<\/span> \u010desto poku\u0161ava otegnuti vagu u korist prokletstva. Ovaj tip prikaza bio je posebno ra\u0161iren u srednjem vijeku, primjerice u prikazima Posljednjeg suda na crkvenim portalima.<\/p><p>Mihael se kao arkan\u0111eo \u010desto prikazuje s krilima, aureolom i mje\u0161avinom vojne i liturgijske odje\u0107e. Bizantska umjetnost prikazivala ga je \u010desto kao dvorskog dostojanstvenika, dok ga zapadna umjetnost sve vi\u0161e prikazuje kao oklopljenog viteza. Slavna djela renesanse, primjerice Rafaelova i Guida Renija, oblikovala su slika mladena\u010dkog i lijepog, pobjedonosnog an\u0111ela.<\/p><p>Preko heraldike, za\u0161titni\u010dke uloge brojnih zemalja, gradova i stale\u017ea, kao i bezbrojnih toponima, Mihael je do danas kulturno prisutan. Znanost u postojanosti te <span class=\"iwg-fachbegriff\" data-tooltip=\"Znanost o sadr\u017eaju slika i njihovom zna\u010denju.\" tabindex=\"0\">ikonografije<\/span> vidi svjedo\u010danstvo o tome kako je izvorno tekstualno oskudna biblijska prilika kroz <span class=\"iwg-fachbegriff\" data-tooltip=\"Ukupnost religijskih obrednih radnji posve\u0107enih \u0161tovanju bo\u017eanstva ili svete osobe.\" tabindex=\"0\">kult<\/span>, <span class=\"iwg-fachbegriff\" data-tooltip=\"Pou\u010dna pri\u010da, naj\u010de\u0161\u0107e o \u017eivotu svetaca.\" tabindex=\"0\">legendu<\/span> i umjetnost postala jedna od najpoznatijih figura kr\u0161\u0107anstva.<\/p>\t\t\t\t\t\t\t\t<\/div>\n\t\t\t\t<\/div>\n\t\t\t\t\t<\/div>\n\t\t\t\t<\/div>\n\t\t<div class=\"elementor-element elementor-element-0cb873e e-con-boxed e-flex e-con e-parent\" data-id=\"0cb873e\" data-element_type=\"container\" data-e-type=\"container\">\n\t\t\t\t\t<div class=\"e-con-inner\">\n\t\t\t\t<div class=\"elementor-element elementor-element-f6ec007 elementor-widget elementor-widget-text-editor\" data-id=\"f6ec007\" data-element_type=\"widget\" data-e-type=\"widget\" data-widget_type=\"text-editor.default\">\n\t\t\t\t\t\t\t\t\t\n<h2>\u010cesto postavljana pitanja o arkan\u0111elu Mihaelu<\/h2>\n<div class=\"iwg-faq-q\"><h3>Tko je arkan\u0111eo Mihael?<\/h3><p>Mihael (hebrejski Mi-cha-el, Tko je kao Bog?) najva\u017eniji je arkan\u0111eo \u017eidovske, kr\u0161\u0107anske i islamske tradicije. U Otkrivenju Ivanovu (Otkrivenje 12) predvodi nebesku vojsku protiv zmaja Sotone.<\/p><p>Mihael se smatra za\u0161titnikom Izraela (Knjiga Danielova), vo\u0111om nebeskih vojski te za\u0161titnikom vojnika, policajaca i bankovnih slu\u017ebenika. Njegov je blagdan 29. rujna (Miholjdan).<\/p><\/div>\n<div class=\"iwg-faq-q\"><h3>Kako se zaziva arkan\u0111eo Mihael?<\/h3><p>Klasi\u010dni zazivi uklju\u010duju molitvu Svetom Mihaelu za\u0161titniku (papa Leon XIII., 1886.) te kra\u0107e molitve pred te\u0161kim zada\u0107ama ili suo\u010davanjima. U modernoj <span class=\"iwg-fachbegriff\" data-tooltip=\"U abrahamskim religijama nebesko bi\u0107e koje djeluje kao Bo\u017eji glasnik.\" tabindex=\"0\">an\u0111eo<\/span>&#8211;<span class=\"iwg-fachbegriff\" data-tooltip=\"Zbirni pojam za u\u010denja koja tvrde da posjeduju skriveno znanje dostupno samo upu\u0107enima.\" tabindex=\"0\">ezoteriji<\/span> Mihael se \u010desto zami\u0161lja s ma\u010dem svjetlosti koji presijeca negativne energije. Klasi\u010dni simboli su ma\u010d, vaga (za vaganje du\u0161a na Posljednjem sudu) i pobije\u0111eni zmaj pod njegovim nogama.<\/p><\/div>\n<script type=\"application\/ld+json\">{\"@context\":\"https:\/\/schema.org\",\"@type\":\"FAQPage\",\"mainEntity\":[{\"@type\":\"Question\",\"name\":\"Tko je arkan\u0111eo Mihael?\",\"acceptedAnswer\":{\"@type\":\"Answer\",\"text\":\"Mihael (hebrejski Mi-cha-el, Tko je kao Bog?) najva\u017eniji je arkan\u0111eo \u017eidovske, kr\u0161\u0107anske i islamske tradicije. U Otkrivenju Ivanovu (Otkrivenje 12) predvodi nebesku vojsku protiv zmaja Sotone.Mihael se smatra za\u0161titnikom Izraela (Knjiga Danielova), vo\u0111om nebeskih vojski te za\u0161titnikom vojnika, policajaca i bankovnih slu\u017ebenika. Njegov je blagdan 29. rujna (Miholjdan).\"}},{\"@type\":\"Question\",\"name\":\"Kako se zaziva arkan\u0111eo Mihael?\",\"acceptedAnswer\":{\"@type\":\"Answer\",\"text\":\"Klasi\u010dni zazivi uklju\u010duju molitvu Svetom Mihaelu za\u0161titniku (papa Leon XIII., 1886.) te kra\u0107e molitve pred te\u0161kim zada\u0107ama ili suo\u010davanjima. U modernoj an\u0111eo-ezoteriji Mihael se \u010desto zami\u0161lja s ma\u010dem svjetlosti koji presijeca negativne energije. Klasi\u010dni simboli su ma\u010d, vaga (za vaganje du\u0161a na Posljednjem sudu) i pobije\u0111eni zmaj pod njegovim nogama.\"}}]}<\/script>\t\t\t\t\t\t\t\t<\/div>\n\t\t\t\t\t<\/div>\n\t\t\t\t<\/div>\n\t\t\t\t<\/div>\n\t\t","protected":false},"excerpt":{"rendered":"","protected":false},"author":3,"featured_media":1622,"parent":0,"menu_order":0,"comment_status":"closed","ping_status":"closed","template":"elementor_header_footer","meta":{"_yoast_wpseo_focuskw":"Arkan\u0111el Mihael","_yoast_wpseo_title":"Arkan\u0111el Mihael - vo\u0111a nebeskih vojski","_yoast_wpseo_metadesc":"Arkan\u0111el Mihael najmo\u0107niji je za\u0161titni\u010dki an\u0111eo u judeo-kr\u0161\u0107anskoj tradiciji. Saznajte vi\u0161e o njegovoj snazi u praksi iWell Guard.","_yoast_wpseo_meta-robots-noindex":"","_yoast_wpseo_canonical":"","_angie_page":false,"gefaehrdungsstufe":"","wesen_kultur":"","wesen_klasse":"","footnotes":""},"categories":[],"class_list":["post-149423","page","type-page","status-publish","has-post-thumbnail","hentry"],"yoast_head":"<!-- This site is optimized with the Yoast SEO Premium plugin v27.7 (Yoast SEO v28.3) - https:\/\/yoast.com\/product\/yoast-seo-premium-wordpress\/ -->\n<title>Arkan\u0111el Mihael - vo\u0111a nebeskih vojski<\/title>\n<meta name=\"description\" content=\"Arkan\u0111el Mihael najmo\u0107niji je za\u0161titni\u010dki an\u0111eo u judeo-kr\u0161\u0107anskoj tradiciji. Saznajte vi\u0161e o njegovoj snazi u praksi iWell Guard.\" \/>\n<meta name=\"robots\" content=\"index, follow, max-snippet:-1, max-image-preview:large, max-video-preview:-1\" \/>\n<link rel=\"canonical\" href=\"https:\/\/iwell-guard.com\/hr\/arkandeo-mihael\/\" \/>\n<meta property=\"og:locale\" content=\"hr_HR\" \/>\n<meta property=\"og:type\" content=\"article\" \/>\n<meta property=\"og:title\" content=\"Arkan\u0111el Mihael\" \/>\n<meta property=\"og:description\" content=\"Arkan\u0111el Mihael najmo\u0107niji je za\u0161titni\u010dki an\u0111eo u judeo-kr\u0161\u0107anskoj tradiciji. Saznajte vi\u0161e o njegovoj snazi u praksi iWell Guard.\" \/>\n<meta property=\"og:url\" content=\"https:\/\/iwell-guard.com\/hr\/arkandeo-mihael\/\" \/>\n<meta property=\"og:site_name\" content=\"iWell Guard\" \/>\n<meta property=\"article:modified_time\" content=\"2026-09-04T05:23:19+00:00\" \/>\n<meta property=\"og:image\" content=\"https:\/\/iwell-guard.com\/wp-content\/uploads\/2026\/04\/lichtwesen_erzengel-michael.webp\" \/>\n\t<meta property=\"og:image:width\" content=\"1024\" \/>\n\t<meta property=\"og:image:height\" content=\"1536\" \/>\n\t<meta property=\"og:image:type\" content=\"image\/webp\" \/>\n<meta name=\"twitter:card\" content=\"summary_large_image\" \/>\n<script type=\"application\/ld+json\" class=\"yoast-schema-graph\">{\"@context\":\"https:\\\/\\\/schema.org\",\"@graph\":[{\"@type\":\"WebPage\",\"@id\":\"https:\\\/\\\/iwell-guard.com\\\/hr\\\/arkandeo-mihael\\\/\",\"url\":\"https:\\\/\\\/iwell-guard.com\\\/hr\\\/arkandeo-mihael\\\/\",\"name\":\"Arkan\u0111el Mihael - vo\u0111a nebeskih vojski\",\"isPartOf\":{\"@id\":\"https:\\\/\\\/iwell-guard.com\\\/hr\\\/#website\"},\"primaryImageOfPage\":{\"@id\":\"https:\\\/\\\/iwell-guard.com\\\/hr\\\/arkandeo-mihael\\\/#primaryimage\"},\"image\":{\"@id\":\"https:\\\/\\\/iwell-guard.com\\\/hr\\\/arkandeo-mihael\\\/#primaryimage\"},\"thumbnailUrl\":\"https:\\\/\\\/iwell-guard.com\\\/wp-content\\\/uploads\\\/2026\\\/04\\\/lichtwesen_erzengel-michael.webp\",\"datePublished\":\"2026-09-04T05:10:15+00:00\",\"dateModified\":\"2026-09-04T05:23:19+00:00\",\"description\":\"Arkan\u0111el Mihael najmo\u0107niji je za\u0161titni\u010dki an\u0111eo u judeo-kr\u0161\u0107anskoj tradiciji. Saznajte vi\u0161e o njegovoj snazi u praksi iWell Guard.\",\"breadcrumb\":{\"@id\":\"https:\\\/\\\/iwell-guard.com\\\/hr\\\/arkandeo-mihael\\\/#breadcrumb\"},\"inLanguage\":\"hr\",\"potentialAction\":[{\"@type\":\"ReadAction\",\"target\":[\"https:\\\/\\\/iwell-guard.com\\\/hr\\\/arkandeo-mihael\\\/\"]}]},{\"@type\":\"ImageObject\",\"inLanguage\":\"hr\",\"@id\":\"https:\\\/\\\/iwell-guard.com\\\/hr\\\/arkandeo-mihael\\\/#primaryimage\",\"url\":\"https:\\\/\\\/iwell-guard.com\\\/wp-content\\\/uploads\\\/2026\\\/04\\\/lichtwesen_erzengel-michael.webp\",\"contentUrl\":\"https:\\\/\\\/iwell-guard.com\\\/wp-content\\\/uploads\\\/2026\\\/04\\\/lichtwesen_erzengel-michael.webp\",\"width\":1024,\"height\":1536,\"caption\":\"Bi\u0107e svjetlosti. Svjetlom obasjana ilustracija.\"},{\"@type\":\"BreadcrumbList\",\"@id\":\"https:\\\/\\\/iwell-guard.com\\\/hr\\\/arkandeo-mihael\\\/#breadcrumb\",\"itemListElement\":[{\"@type\":\"ListItem\",\"position\":1,\"name\":\"Start\",\"item\":\"https:\\\/\\\/iwell-guard.com\\\/hr\\\/?page_id=149317\"},{\"@type\":\"ListItem\",\"position\":2,\"name\":\"Arkan\u0111el Mihael\"}]},{\"@type\":\"WebSite\",\"@id\":\"https:\\\/\\\/iwell-guard.com\\\/hr\\\/#website\",\"url\":\"https:\\\/\\\/iwell-guard.com\\\/hr\\\/\",\"name\":\"iWell Guard\",\"description\":\"Schutz vor dunklen Einfl\u00fcssen\",\"publisher\":{\"@id\":\"https:\\\/\\\/iwell-guard.com\\\/hr\\\/#organization\"},\"potentialAction\":[{\"@type\":\"SearchAction\",\"target\":{\"@type\":\"EntryPoint\",\"urlTemplate\":\"https:\\\/\\\/iwell-guard.com\\\/hr\\\/?s={search_term_string}\"},\"query-input\":{\"@type\":\"PropertyValueSpecification\",\"valueRequired\":true,\"valueName\":\"search_term_string\"}}],\"inLanguage\":\"hr\"},{\"@type\":\"Organization\",\"@id\":\"https:\\\/\\\/iwell-guard.com\\\/hr\\\/#organization\",\"name\":\"Ittermann electronic GmbH\",\"url\":\"https:\\\/\\\/iwell-guard.com\\\/hr\\\/\",\"logo\":{\"@type\":\"ImageObject\",\"inLanguage\":\"hr\",\"@id\":\"https:\\\/\\\/iwell-guard.com\\\/hr\\\/#\\\/schema\\\/logo\\\/image\\\/\",\"url\":\"https:\\\/\\\/iwell-guard.com\\\/wp-content\\\/uploads\\\/2026\\\/05\\\/Ittermann-Logo-1182x237-1.png\",\"contentUrl\":\"https:\\\/\\\/iwell-guard.com\\\/wp-content\\\/uploads\\\/2026\\\/05\\\/Ittermann-Logo-1182x237-1.png\",\"width\":1182,\"height\":237,\"caption\":\"Ittermann electronic GmbH\"},\"image\":{\"@id\":\"https:\\\/\\\/iwell-guard.com\\\/hr\\\/#\\\/schema\\\/logo\\\/image\\\/\"},\"sameAs\":[\"https:\\\/\\\/pantip.com\\\/profile\\\/9367242\",\"https:\\\/\\\/micro.blog\\\/iwellguard\",\"https:\\\/\\\/www.diggerslist.com\\\/iwellguard\\\/about\",\"https:\\\/\\\/skitterphoto.com\\\/photographers\\\/2870314\\\/iwell-guard\",\"https:\\\/\\\/iwellguard.wordpress.com\\\/2026\\\/06\\\/06\\\/iwell-guard\\\/\",\"https:\\\/\\\/hub.docker.com\\\/u\\\/iwellguard\",\"https:\\\/\\\/www.pinterest.com\\\/iwellguard\\\/\",\"https:\\\/\\\/bit.ly\\\/m\\\/iwellguard\",\"https:\\\/\\\/entre-vos-mains.alsace.eu\\\/profiles\\\/iwellguard\\\/activity\",\"https:\\\/\\\/gravatar.com\\\/reallybeded8fd34\",\"https:\\\/\\\/naijamatta.com\\\/iwellguard\",\"https:\\\/\\\/www.goodreads.com\\\/iwellguard\",\"https:\\\/\\\/profile.hatena.ne.jp\\\/iwellguard\\\/\",\"https:\\\/\\\/experiment.com\\\/users\\\/iwellguard\",\"https:\\\/\\\/wakelet.com\\\/@iWellGuard82270\",\"https:\\\/\\\/www.chordie.com\\\/forum\\\/profile.php?id=2555664\",\"https:\\\/\\\/www.instapaper.com\\\/p\\\/17757966\",\"https:\\\/\\\/www.mapleprimes.com\\\/users\\\/iwellguard\",\"https:\\\/\\\/businesslistingplus.com\\\/profile\\\/iwell-guard\\\/\",\"https:\\\/\\\/telegra.ph\\\/iWell-Guard-06-06\",\"https:\\\/\\\/pbase.com\\\/iwellguard\\\/iwellguard\",\"https:\\\/\\\/b.hatena.ne.jp\\\/iwellguard\\\/20260607#bookmark-4788405196491818882\",\"https:\\\/\\\/fliphtml5.com\\\/home\\\/iwellguard\",\"https:\\\/\\\/anyflip.com\\\/homepage\\\/cmiwl#About\",\"https:\\\/\\\/transfur.com\\\/Users\\\/iwellguard\",\"http:\\\/\\\/delphi.larsbo.org\\\/user\\\/iwellguard\",\"https:\\\/\\\/jobs.lajobsportal.org\\\/profiles\\\/8380803-iwell-guard\",\"https:\\\/\\\/md.chaosdorf.de\\\/s\\\/jfbe5SBdJD\",\"https:\\\/\\\/www.lingvolive.com\\\/en-us\\\/profile\\\/9ecaeaca-ce11-4e51-9e71-01d55e2bff36\\\/translations\",\"https:\\\/\\\/www.fitday.com\\\/fitness\\\/forums\\\/members\\\/iwellguard.html\",\"https:\\\/\\\/www.mymeetbook.com\\\/iwellguard\",\"https:\\\/\\\/pxhere.com\\\/en\\\/photographer-me\\\/5040798\",\"https:\\\/\\\/disqus.com\\\/by\\\/iwellguard\\\/about\\\/\",\"https:\\\/\\\/pastelink.net\\\/hjwciqwq\",\"https:\\\/\\\/pubhtml5.com\\\/homepage\\\/scjhn\\\/\",\"https:\\\/\\\/www.bitchute.com\\\/channel\\\/2O2eOKzNqujT\",\"https:\\\/\\\/audiomack.com\\\/iwellguard\"]}]}<\/script>\n<!-- \/ Yoast SEO Premium plugin. -->","yoast_head_json":{"title":"Arkan\u0111el Mihael - vo\u0111a nebeskih vojski","description":"Arkan\u0111el Mihael najmo\u0107niji je za\u0161titni\u010dki an\u0111eo u judeo-kr\u0161\u0107anskoj tradiciji. Saznajte vi\u0161e o njegovoj snazi u praksi iWell Guard.","robots":{"index":"index","follow":"follow","max-snippet":"max-snippet:-1","max-image-preview":"max-image-preview:large","max-video-preview":"max-video-preview:-1"},"canonical":"https:\/\/iwell-guard.com\/hr\/arkandeo-mihael\/","og_locale":"hr_HR","og_type":"article","og_title":"Arkan\u0111el Mihael","og_description":"Arkan\u0111el Mihael najmo\u0107niji je za\u0161titni\u010dki an\u0111eo u judeo-kr\u0161\u0107anskoj tradiciji. Saznajte vi\u0161e o njegovoj snazi u praksi iWell Guard.","og_url":"https:\/\/iwell-guard.com\/hr\/arkandeo-mihael\/","og_site_name":"iWell Guard","article_modified_time":"2026-09-04T05:23:19+00:00","og_image":[{"width":1024,"height":1536,"url":"https:\/\/iwell-guard.com\/wp-content\/uploads\/2026\/04\/lichtwesen_erzengel-michael.webp","type":"image\/webp"}],"twitter_card":"summary_large_image","schema":{"@context":"https:\/\/schema.org","@graph":[{"@type":"WebPage","@id":"https:\/\/iwell-guard.com\/hr\/arkandeo-mihael\/","url":"https:\/\/iwell-guard.com\/hr\/arkandeo-mihael\/","name":"Arkan\u0111el Mihael - vo\u0111a nebeskih vojski","isPartOf":{"@id":"https:\/\/iwell-guard.com\/hr\/#website"},"primaryImageOfPage":{"@id":"https:\/\/iwell-guard.com\/hr\/arkandeo-mihael\/#primaryimage"},"image":{"@id":"https:\/\/iwell-guard.com\/hr\/arkandeo-mihael\/#primaryimage"},"thumbnailUrl":"https:\/\/iwell-guard.com\/wp-content\/uploads\/2026\/04\/lichtwesen_erzengel-michael.webp","datePublished":"2026-09-04T05:10:15+00:00","dateModified":"2026-09-04T05:23:19+00:00","description":"Arkan\u0111el Mihael najmo\u0107niji je za\u0161titni\u010dki an\u0111eo u judeo-kr\u0161\u0107anskoj tradiciji. Saznajte vi\u0161e o njegovoj snazi u praksi iWell Guard.","breadcrumb":{"@id":"https:\/\/iwell-guard.com\/hr\/arkandeo-mihael\/#breadcrumb"},"inLanguage":"hr","potentialAction":[{"@type":"ReadAction","target":["https:\/\/iwell-guard.com\/hr\/arkandeo-mihael\/"]}]},{"@type":"ImageObject","inLanguage":"hr","@id":"https:\/\/iwell-guard.com\/hr\/arkandeo-mihael\/#primaryimage","url":"https:\/\/iwell-guard.com\/wp-content\/uploads\/2026\/04\/lichtwesen_erzengel-michael.webp","contentUrl":"https:\/\/iwell-guard.com\/wp-content\/uploads\/2026\/04\/lichtwesen_erzengel-michael.webp","width":1024,"height":1536,"caption":"Bi\u0107e svjetlosti. Svjetlom obasjana ilustracija."},{"@type":"BreadcrumbList","@id":"https:\/\/iwell-guard.com\/hr\/arkandeo-mihael\/#breadcrumb","itemListElement":[{"@type":"ListItem","position":1,"name":"Start","item":"https:\/\/iwell-guard.com\/hr\/?page_id=149317"},{"@type":"ListItem","position":2,"name":"Arkan\u0111el Mihael"}]},{"@type":"WebSite","@id":"https:\/\/iwell-guard.com\/hr\/#website","url":"https:\/\/iwell-guard.com\/hr\/","name":"iWell Guard","description":"Schutz vor dunklen Einfl\u00fcssen","publisher":{"@id":"https:\/\/iwell-guard.com\/hr\/#organization"},"potentialAction":[{"@type":"SearchAction","target":{"@type":"EntryPoint","urlTemplate":"https:\/\/iwell-guard.com\/hr\/?s={search_term_string}"},"query-input":{"@type":"PropertyValueSpecification","valueRequired":true,"valueName":"search_term_string"}}],"inLanguage":"hr"},{"@type":"Organization","@id":"https:\/\/iwell-guard.com\/hr\/#organization","name":"Ittermann electronic GmbH","url":"https:\/\/iwell-guard.com\/hr\/","logo":{"@type":"ImageObject","inLanguage":"hr","@id":"https:\/\/iwell-guard.com\/hr\/#\/schema\/logo\/image\/","url":"https:\/\/iwell-guard.com\/wp-content\/uploads\/2026\/05\/Ittermann-Logo-1182x237-1.png","contentUrl":"https:\/\/iwell-guard.com\/wp-content\/uploads\/2026\/05\/Ittermann-Logo-1182x237-1.png","width":1182,"height":237,"caption":"Ittermann electronic GmbH"},"image":{"@id":"https:\/\/iwell-guard.com\/hr\/#\/schema\/logo\/image\/"},"sameAs":["https:\/\/pantip.com\/profile\/9367242","https:\/\/micro.blog\/iwellguard","https:\/\/www.diggerslist.com\/iwellguard\/about","https:\/\/skitterphoto.com\/photographers\/2870314\/iwell-guard","https:\/\/iwellguard.wordpress.com\/2026\/06\/06\/iwell-guard\/","https:\/\/hub.docker.com\/u\/iwellguard","https:\/\/www.pinterest.com\/iwellguard\/","https:\/\/bit.ly\/m\/iwellguard","https:\/\/entre-vos-mains.alsace.eu\/profiles\/iwellguard\/activity","https:\/\/gravatar.com\/reallybeded8fd34","https:\/\/naijamatta.com\/iwellguard","https:\/\/www.goodreads.com\/iwellguard","https:\/\/profile.hatena.ne.jp\/iwellguard\/","https:\/\/experiment.com\/users\/iwellguard","https:\/\/wakelet.com\/@iWellGuard82270","https:\/\/www.chordie.com\/forum\/profile.php?id=2555664","https:\/\/www.instapaper.com\/p\/17757966","https:\/\/www.mapleprimes.com\/users\/iwellguard","https:\/\/businesslistingplus.com\/profile\/iwell-guard\/","https:\/\/telegra.ph\/iWell-Guard-06-06","https:\/\/pbase.com\/iwellguard\/iwellguard","https:\/\/b.hatena.ne.jp\/iwellguard\/20260607#bookmark-4788405196491818882","https:\/\/fliphtml5.com\/home\/iwellguard","https:\/\/anyflip.com\/homepage\/cmiwl#About","https:\/\/transfur.com\/Users\/iwellguard","http:\/\/delphi.larsbo.org\/user\/iwellguard","https:\/\/jobs.lajobsportal.org\/profiles\/8380803-iwell-guard","https:\/\/md.chaosdorf.de\/s\/jfbe5SBdJD","https:\/\/www.lingvolive.com\/en-us\/profile\/9ecaeaca-ce11-4e51-9e71-01d55e2bff36\/translations","https:\/\/www.fitday.com\/fitness\/forums\/members\/iwellguard.html","https:\/\/www.mymeetbook.com\/iwellguard","https:\/\/pxhere.com\/en\/photographer-me\/5040798","https:\/\/disqus.com\/by\/iwellguard\/about\/","https:\/\/pastelink.net\/hjwciqwq","https:\/\/pubhtml5.com\/homepage\/scjhn\/","https:\/\/www.bitchute.com\/channel\/2O2eOKzNqujT","https:\/\/audiomack.com\/iwellguard"]}]}},"_links":{"self":[{"href":"https:\/\/iwell-guard.com\/hr\/wp-json\/wp\/v2\/pages\/149423","targetHints":{"allow":["GET"]}}],"collection":[{"href":"https:\/\/iwell-guard.com\/hr\/wp-json\/wp\/v2\/pages"}],"about":[{"href":"https:\/\/iwell-guard.com\/hr\/wp-json\/wp\/v2\/types\/page"}],"author":[{"embeddable":true,"href":"https:\/\/iwell-guard.com\/hr\/wp-json\/wp\/v2\/users\/3"}],"replies":[{"embeddable":true,"href":"https:\/\/iwell-guard.com\/hr\/wp-json\/wp\/v2\/comments?post=149423"}],"version-history":[{"count":0,"href":"https:\/\/iwell-guard.com\/hr\/wp-json\/wp\/v2\/pages\/149423\/revisions"}],"wp:featuredmedia":[{"embeddable":true,"href":"https:\/\/iwell-guard.com\/hr\/wp-json\/wp\/v2\/media\/1622"}],"wp:attachment":[{"href":"https:\/\/iwell-guard.com\/hr\/wp-json\/wp\/v2\/media?parent=149423"}],"wp:term":[{"taxonomy":"category","embeddable":true,"href":"https:\/\/iwell-guard.com\/hr\/wp-json\/wp\/v2\/categories?post=149423"}],"curies":[{"name":"wp","href":"https:\/\/api.w.org\/{rel}","templated":true}]}}