{"id":149367,"date":"2026-09-04T05:09:45","date_gmt":"2026-09-04T05:09:45","guid":{"rendered":"https:\/\/iwell-guard.com\/?page_id=149367"},"modified":"2026-09-04T05:21:57","modified_gmt":"2026-09-04T05:21:57","slug":"mahr","status":"publish","type":"page","link":"https:\/\/iwell-guard.com\/hr\/mahr\/","title":{"rendered":"Mahr"},"content":{"rendered":"\t\t<div data-elementor-type=\"wp-page\" data-elementor-id=\"149367\" class=\"elementor elementor-149367 elementor-1032\" data-elementor-post-type=\"page\">\n\t\t\t\t<div class=\"elementor-element elementor-element-10fdade e-flex e-con-boxed e-con e-parent\" data-id=\"10fdade\" data-element_type=\"container\" data-e-type=\"container\" data-settings=\"{&quot;background_background&quot;:&quot;classic&quot;}\">\n\t\t\t\t\t<div class=\"e-con-inner\">\n\t\t<div class=\"elementor-element elementor-element-herohlft0 e-flex e-con-boxed e-con e-child\" data-id=\"herohlft0\" data-element_type=\"container\" data-e-type=\"container\">\n\t\t\t\t\t<div class=\"e-con-inner\">\n\t\t<div class=\"elementor-element elementor-element-c3ceb64 e-con-full e-flex e-con e-child\" data-id=\"c3ceb64\" data-element_type=\"container\" data-e-type=\"container\">\n\t\t\t\t<div class=\"elementor-element elementor-element-96ae5e1 elementor-widget elementor-widget-heading\" data-id=\"96ae5e1\" data-element_type=\"widget\" data-e-type=\"widget\" data-widget_type=\"heading.default\">\n\t\t\t\t\t<h1 class=\"elementor-heading-title elementor-size-default\">Mahr, duh germanske tradicije<\/h1>\t\t\t\t<\/div>\n\t\t\t\t<div class=\"elementor-element elementor-element-e45238a elementor-widget elementor-widget-text-editor\" data-id=\"e45238a\" data-element_type=\"widget\" data-e-type=\"widget\" data-widget_type=\"text-editor.default\">\n\t\t\t\t\t\t\t\t\t<p>Mahr je <span class=\"iwg-fachbegriff\" data-tooltip=\"Bezbo\u017eno bi\u0107e kojemu se pripisuje djelovanje u svijetu.\" tabindex=\"0\">duh<\/span> germanske tradicije.<\/p><p><strong>\u017denski no\u0107ni pritiskiva\u010d, jezi\u010dno sa\u010duvan prapraoblik.<\/strong><\/p>\t\t\t\t\t\t\t\t<\/div>\n\t\t\t\t<\/div>\n\t\t<div class=\"elementor-element elementor-element-klsbdg01 e-con-full e-flex e-con e-parent\" data-id=\"klsbdg01\" data-element_type=\"container\" data-e-type=\"container\">\n\t\t\t\t<div class=\"elementor-element elementor-element-klshtm01 elementor-widget elementor-widget-html\" data-id=\"klshtm01\" data-element_type=\"widget\" data-e-type=\"widget\" data-widget_type=\"html.default\">\n\t\t\t\t\t<div class=\"iwg-pill-row\"><span class=\"iwg-klasse-badge\" tabindex=\"0\" data-tooltip=\"Duh: Netjelesno ili poluttjelesno bi\u0107e, pokojnici, prirodna bi\u0107a, ku\u0107ni duhovi ili \u010duvari pragova. Djeluje u svakodnevnom \u017eivotu, \u010desto vezano za mjesta ili obitelji.\">Duh<\/span><a href=\"https:\/\/iwell-guard.com\/hr\/?page_id=149349\" class=\"iwg-kultur-badge\" tabindex=\"0\" data-tooltip=\"Predkr\u0161\u0107anski svijet bogova i duhova sjeverne i srednje Europe.\">Germanski<\/a><\/div>\t\t\t\t<\/div>\n\t\t\t\t<\/div>\n\t\t<div class=\"elementor-element elementor-element-3f74855 e-con-full e-flex e-con e-child\" data-id=\"3f74855\" data-element_type=\"container\" data-e-type=\"container\">\n\t\t\t\t<div class=\"elementor-element elementor-element-1c30362 elementor-toc--minimized-on-tablet elementor-widget elementor-widget-table-of-contents\" data-id=\"1c30362\" data-element_type=\"widget\" data-e-type=\"widget\" data-settings=\"{&quot;exclude_headings_by_selector&quot;:[],&quot;no_headings_message&quot;:&quot;Na ovoj stranici nisu prona\\u0111eni naslovi.&quot;,&quot;headings_by_tags&quot;:[&quot;h2&quot;,&quot;h3&quot;],&quot;marker_view&quot;:&quot;bullets&quot;,&quot;icon&quot;:{&quot;value&quot;:&quot;fas fa-circle&quot;,&quot;library&quot;:&quot;fa-solid&quot;,&quot;rendered_tag&quot;:&quot;&lt;svg class=\\&quot;e-font-icon-svg e-fas-circle\\&quot; viewBox=\\&quot;0 0 512 512\\&quot; xmlns=\\&quot;http:\\\/\\\/www.w3.org\\\/2000\\\/svg\\&quot;&gt;&lt;path d=\\&quot;M256 8C119 8 8 119 8 256s111 248 248 248 248-111 248-248S393 8 256 8z\\&quot;&gt;&lt;\\\/path&gt;&lt;\\\/svg&gt;&quot;},&quot;minimize_box&quot;:&quot;yes&quot;,&quot;minimized_on&quot;:&quot;tablet&quot;,&quot;hierarchical_view&quot;:&quot;yes&quot;,&quot;min_height&quot;:{&quot;unit&quot;:&quot;px&quot;,&quot;size&quot;:&quot;&quot;,&quot;sizes&quot;:[]},&quot;min_height_tablet&quot;:{&quot;unit&quot;:&quot;px&quot;,&quot;size&quot;:&quot;&quot;,&quot;sizes&quot;:[]},&quot;min_height_mobile&quot;:{&quot;unit&quot;:&quot;px&quot;,&quot;size&quot;:&quot;&quot;,&quot;sizes&quot;:[]}}\" data-widget_type=\"table-of-contents.default\">\n\t\t\t\t\t\t\t\t\t<div class=\"elementor-toc__header\">\n\t\t\t\t\t\t<h2 class=\"elementor-toc__header-title\">\n\t\t\t\tSadr\u017eaj\t\t\t<\/h2>\n\t\t\t\t\t\t\t\t\t\t<div class=\"elementor-toc__toggle-button elementor-toc__toggle-button--expand\" role=\"button\" tabindex=\"0\" aria-controls=\"elementor-toc__1c30362\" aria-expanded=\"true\" aria-label=\"Open table of contents\"><svg aria-hidden=\"true\" class=\"e-font-icon-svg e-fas-chevron-down\" viewBox=\"0 0 448 512\" xmlns=\"http:\/\/www.w3.org\/2000\/svg\"><path d=\"M207.029 381.476L12.686 187.132c-9.373-9.373-9.373-24.569 0-33.941l22.667-22.667c9.357-9.357 24.522-9.375 33.901-.04L224 284.505l154.745-154.021c9.379-9.335 24.544-9.317 33.901.04l22.667 22.667c9.373 9.373 9.373 24.569 0 33.941L240.971 381.476c-9.373 9.372-24.569 9.372-33.942 0z\"><\/path><\/svg><\/div>\n\t\t\t\t<div class=\"elementor-toc__toggle-button elementor-toc__toggle-button--collapse\" role=\"button\" tabindex=\"0\" aria-controls=\"elementor-toc__1c30362\" aria-expanded=\"true\" aria-label=\"Close table of contents\"><svg aria-hidden=\"true\" class=\"e-font-icon-svg e-fas-chevron-up\" viewBox=\"0 0 448 512\" xmlns=\"http:\/\/www.w3.org\/2000\/svg\"><path d=\"M240.971 130.524l194.343 194.343c9.373 9.373 9.373 24.569 0 33.941l-22.667 22.667c-9.357 9.357-24.522 9.375-33.901.04L224 227.495 69.255 381.516c-9.379 9.335-24.544 9.317-33.901-.04l-22.667-22.667c-9.373-9.373-9.373-24.569 0-33.941L207.03 130.525c9.372-9.373 24.568-9.373 33.941-.001z\"><\/path><\/svg><\/div>\n\t\t\t\t\t<\/div>\n\t\t\t\t<div id=\"elementor-toc__1c30362\" class=\"elementor-toc__body\">\n\t\t\t<div class=\"elementor-toc__spinner-container\">\n\t\t\t\t<svg class=\"elementor-toc__spinner eicon-animation-spin e-font-icon-svg e-eicon-loading\" aria-hidden=\"true\" viewBox=\"0 0 1000 1000\" xmlns=\"http:\/\/www.w3.org\/2000\/svg\"><path d=\"M500 975V858C696 858 858 696 858 500S696 142 500 142 142 304 142 500H25C25 237 238 25 500 25S975 237 975 500 763 975 500 975Z\"><\/path><\/svg>\t\t\t<\/div>\n\t\t<\/div>\n\t\t\t\t\t\t<\/div>\n\t\t\t\t<\/div>\n\t\t\t\t\t<\/div>\n\t\t\t\t<\/div>\n\t\t<div class=\"elementor-element elementor-element-herorght0 e-con-full e-flex e-con e-child\" data-id=\"herorght0\" data-element_type=\"container\" data-e-type=\"container\">\n\t\t\t\t<div class=\"elementor-element elementor-element-heroimg00 iwg-hero-image elementor-widget elementor-widget-image\" data-id=\"heroimg00\" data-element_type=\"widget\" data-e-type=\"widget\" data-widget_type=\"image.default\">\n\t\t\t\t\t\t\t\t\t\t\t\t\t\t\t<img fetchpriority=\"high\" decoding=\"async\" width=\"683\" height=\"1024\" src=\"https:\/\/iwell-guard.com\/wp-content\/uploads\/2026\/04\/geister_germanisch_mahr-683x1024.webp\" class=\"attachment-large size-large wp-image-151757\" alt=\"Mahr - Duhovi iz germanske tradicije, povijesno-ilustrativno\" srcset=\"https:\/\/iwell-guard.com\/wp-content\/uploads\/2026\/04\/geister_germanisch_mahr-683x1024.webp 683w, https:\/\/iwell-guard.com\/wp-content\/uploads\/2026\/04\/geister_germanisch_mahr-200x300.webp 200w, https:\/\/iwell-guard.com\/wp-content\/uploads\/2026\/04\/geister_germanisch_mahr-768x1152.webp 768w, https:\/\/iwell-guard.com\/wp-content\/uploads\/2026\/04\/geister_germanisch_mahr.webp 1024w\" sizes=\"(max-width: 683px) 100vw, 683px\" \/>\t\t\t\t\t\t\t\t\t\t\t\t\t\t\t<\/div>\n\t\t\t\t<\/div>\n\t\t\t\t\t<\/div>\n\t\t\t\t<\/div>\n\t\t<div class=\"elementor-element elementor-element-32917199 e-flex e-con-boxed e-con e-parent\" data-id=\"32917199\" data-element_type=\"container\" data-e-type=\"container\">\n\t\t\t\t\t<div class=\"e-con-inner\">\n\t\t<div class=\"elementor-element elementor-element-26e916cb e-flex e-con-boxed e-con e-child\" data-id=\"26e916cb\" data-element_type=\"container\" data-e-type=\"container\">\n\t\t\t\t\t<div class=\"e-con-inner\">\n\t\t<div class=\"elementor-element elementor-element-253a40d4 e-flex e-con-boxed e-con e-child\" data-id=\"253a40d4\" data-element_type=\"container\" data-e-type=\"container\">\n\t\t\t\t\t<div class=\"e-con-inner\">\n\t\t\t\t<div class=\"elementor-element elementor-element-1200c304 elementor-widget elementor-widget-heading\" data-id=\"1200c304\" data-element_type=\"widget\" data-e-type=\"widget\" data-widget_type=\"heading.default\">\n\t\t\t\t\t<h2 class=\"elementor-heading-title elementor-size-default\">Mahr<\/h2>\t\t\t\t<\/div>\n\t\t\t\t<div class=\"elementor-element elementor-element-11758e7f elementor-widget elementor-widget-text-editor\" data-id=\"11758e7f\" data-element_type=\"widget\" data-e-type=\"widget\" data-widget_type=\"text-editor.default\">\n\t\t\t\t\t\t\t\t\t<p>Mahr (\u017eenskog roda, tradicionalno) usko je povezan s Alpom, likom germanske narodne vjere.<\/p><p>Oba su duhovi pritiska no\u0107i, oba uzrokuju no\u0107ne more i <a class=\"iwg-fachbegriff\" href=\"https:\/\/iwell-guard.com\/hr\/?page_id=149624\" tabindex=\"0\" data-tooltip=\"Stanje svijesti u kojem je um budan, ali je tijelo zbog REM atonije jo\u0161 paralizirano; \u010desto povezano s halucinacijama.\" style=\"color:inherit;text-decoration:none\">paralizu spavanja<\/a>. Razlika je jezi\u010dno-povijesna: Mahr potje\u010de iz starijeg, praprakermanskog sloja (germ. <em>*maran-<\/em>), zabilje\u017eenog u starom engleskom <em>m\u00e6re<\/em>, staronordijskom <em>mara<\/em>, starovisokonjema\u010dkom <em>mara<\/em>. Engleska rije\u010d <em>nightmare<\/em> i francuska <em>cauchemar<\/em> nose tu rije\u010d do danas.<\/p><div><p><strong>\u017denski lik u nordijskoj i njema\u010dkoj <span class=\"iwg-fachbegriff\" data-tooltip=\"Preno\u0161enje znanja i pri\u010da kroz generacije.\" tabindex=\"0\">predaji<\/span><\/strong><\/p><p>Mahr se u nordijskoj i njema\u010dkoj <span class=\"iwg-fachbegriff\" data-tooltip=\"Preno\u0161enje znanja i pri\u010da kroz generacije.\" tabindex=\"0\">predaji<\/span> \u010desto javlja kao \u017eenski no\u0107ni lik. U Snorri Sturlusonovoj <em>Prosa-Edda<\/em> (napisanoj oko 1220.) opisani su bajkovito-demonski \u017eenski likovi \u010dija priroda oscilira izme\u0111u bo\u017eice i demonice.<\/p><p>Dok Edda Mahra izri\u010dito ne spominje po imenu, opisani no\u0107ni napadi \u017eenskih bi\u0107a odgovaraju kasnije zabilje\u017eenim izvje\u0161tajima o Mahru. \u0160vedska i njema\u010dka narodna tradicija ranog novog vijeka potom je taj lik jasnije oblikovala.<\/p><p>Jacobus Sprenger i drugi demonolozi iz Malja za vje\u0161tice opisivali su \u017eenske no\u0107ne demone koji su napadali mu\u0161karce i op\u0107ili s njima. Ta su bi\u0107a u pojedinim slu\u010dajevima identificirana kao mora ili Mahr, \u0161to upu\u0107uje na kontinuitet izme\u0111u paganske nordijske tradicije i kr\u0161\u0107anske demonologije.<\/p><p>Mahr dakle nije bio prvenstveno preuzet iz stranih tradicija, nego lokalni proizvod s vlastitom povijesnom dubinom.<\/p><\/div>\t\t\t\t\t\t\t\t<\/div>\n\t\t\t\t\t<\/div>\n\t\t\t\t<\/div>\n\t\t<div class=\"elementor-element elementor-element-159dcf9a e-flex e-con-boxed e-con e-child\" data-id=\"159dcf9a\" data-element_type=\"container\" data-e-type=\"container\">\n\t\t\t\t\t<div class=\"e-con-inner\">\n\t\t\t\t<div class=\"elementor-element elementor-element-48cee66f elementor-widget elementor-widget-heading\" data-id=\"48cee66f\" data-element_type=\"widget\" data-e-type=\"widget\" data-widget_type=\"heading.default\">\n\t\t\t\t\t<h2 class=\"elementor-heading-title elementor-size-default\">Pregled: Mahr<\/h2>\t\t\t\t<\/div>\n\t\t\t\t<div class=\"elementor-element elementor-element-3f50d82c elementor-widget elementor-widget-text-editor\" data-id=\"3f50d82c\" data-element_type=\"widget\" data-e-type=\"widget\" data-widget_type=\"text-editor.default\">\n\t\t\t\t\t\t\t\t\t<p><strong>Tip:<\/strong> \u017denski duh pritiska no\u0107i<br>Podrijetlo: Stari germanski sloj (<em>*maran-<\/em>)<br>Tekstovi: Staronordijski, staroengleski, srednjovisokonjema\u010dki; Grimm, folklorne zbirke<br>Razdoblje: od ranog srednjeg vijeka do danas (jezi\u010dno i danas)<br>Za\u0161tita: kao kod Alpa, drudenfu\u00df, cipele, \u010delik, <span class=\"iwg-fachbegriff\" data-tooltip=\"Jezi\u010dno obra\u0107anje \u010dovjeka bo\u017eanstvu.\" tabindex=\"0\">molitva<\/span><\/p>\t\t\t\t\t\t\t\t<\/div>\n\t\t\t\t\t<\/div>\n\t\t\t\t<\/div>\n\t\t\t\t\t<\/div>\n\t\t\t\t<\/div>\n\t\t\t\t\t<\/div>\n\t\t\t\t<\/div>\n\t\t<div class=\"elementor-element elementor-element-18613602 e-flex e-con-boxed e-con e-parent\" data-id=\"18613602\" data-element_type=\"container\" data-e-type=\"container\">\n\t\t\t\t\t<div class=\"e-con-inner\">\n\t\t\t\t<div class=\"elementor-element elementor-element-262b8a9f elementor-widget elementor-widget-heading\" data-id=\"262b8a9f\" data-element_type=\"widget\" data-e-type=\"widget\" data-widget_type=\"heading.default\">\n\t\t\t\t\t<h2 class=\"elementor-heading-title elementor-size-default\">Uvod<\/h2>\t\t\t\t<\/div>\n\t\t<div class=\"elementor-element elementor-element-46dcb7d e-con-full e-flex e-con e-child\" data-id=\"46dcb7d\" data-element_type=\"container\" data-e-type=\"container\">\n\t\t<div class=\"elementor-element elementor-element-61d3ab3 e-flex e-con-boxed e-con e-child\" data-id=\"61d3ab3\" data-element_type=\"container\" data-e-type=\"container\">\n\t\t\t\t\t<div class=\"e-con-inner\">\n\t\t\t\t<div class=\"elementor-element elementor-element-117c166 elementor-widget elementor-widget-heading\" data-id=\"117c166\" data-element_type=\"widget\" data-e-type=\"widget\" data-widget_type=\"heading.default\">\n\t\t\t\t\t<div class=\"elementor-heading-title elementor-size-default\">Zeitraum der Texte<\/div>\t\t\t\t<\/div>\n\t\t\t\t<div class=\"elementor-element elementor-element-73997a0 elementor-widget elementor-widget-text-editor\" data-id=\"73997a0\" data-element_type=\"widget\" data-e-type=\"widget\" data-widget_type=\"text-editor.default\">\n\t\t\t\t\t\t\t\t\t<p>Jezi\u010dno potvr\u0111en kao prakermanski (zajedni\u010dki korijen u staronordijskom, staroengleskom, starovisokonjema\u010dkom). Srednjovjekovni zapisi u knji\u017eevnosti i pravnim izvorima. Bogato dokumentiran u 19. st. (Grimm). Do danas \u017eiv u rije\u010dima \u201enightmare&#8221; \/ \u201ecauchemar&#8221; \/ \u201eAlbtraum&#8221; (posljednji kao sinonim za oba lika).<\/p>\t\t\t\t\t\t\t\t<\/div>\n\t\t\t\t\t<\/div>\n\t\t\t\t<\/div>\n\t\t<div class=\"elementor-element elementor-element-d47b156 e-flex e-con-boxed e-con e-child\" data-id=\"d47b156\" data-element_type=\"container\" data-e-type=\"container\">\n\t\t\t\t\t<div class=\"e-con-inner\">\n\t\t\t\t<div class=\"elementor-element elementor-element-ff38c2b elementor-widget elementor-widget-heading\" data-id=\"ff38c2b\" data-element_type=\"widget\" data-e-type=\"widget\" data-widget_type=\"heading.default\">\n\t\t\t\t\t<div class=\"elementor-heading-title elementor-size-default\">Verbreitungsraum<\/div>\t\t\t\t<\/div>\n\t\t\t\t<div class=\"elementor-element elementor-element-4e49fcc elementor-widget elementor-widget-text-editor\" data-id=\"4e49fcc\" data-element_type=\"widget\" data-e-type=\"widget\" data-widget_type=\"text-editor.default\">\n\t\t\t\t\t\t\t\t\t<p>Cijeli germanski prostor, s regionalnim nazivima: Mahr (njem.), mare (engl. u <em>nightmare<\/em>), mara (staronord.\/\u0161ved.), Mart\/M\u00e5rt, Mahrt, nizozemski <em>nachtmerrie<\/em>. Preko francuskog <em>cauchemar<\/em> pro\u0161irio se u romanske jezike.<\/p>\t\t\t\t\t\t\t\t<\/div>\n\t\t\t\t\t<\/div>\n\t\t\t\t<\/div>\n\t\t\t\t<\/div>\n\t\t<div class=\"elementor-element elementor-element-db03c39 e-con-full e-flex e-con e-child\" data-id=\"db03c39\" data-element_type=\"container\" data-e-type=\"container\">\n\t\t<div class=\"elementor-element elementor-element-229a87b e-flex e-con-boxed e-con e-child\" data-id=\"229a87b\" data-element_type=\"container\" data-e-type=\"container\">\n\t\t\t\t\t<div class=\"e-con-inner\">\n\t\t\t\t<div class=\"elementor-element elementor-element-1f471fc elementor-widget elementor-widget-heading\" data-id=\"1f471fc\" data-element_type=\"widget\" data-e-type=\"widget\" data-widget_type=\"heading.default\">\n\t\t\t\t\t<div class=\"elementor-heading-title elementor-size-default\">Quellenlage<\/div>\t\t\t\t<\/div>\n\t\t\t\t<div class=\"elementor-element elementor-element-36b1201 elementor-widget elementor-widget-text-editor\" data-id=\"36b1201\" data-element_type=\"widget\" data-e-type=\"widget\" data-widget_type=\"text-editor.default\">\n\t\t\t\t\t\t\t\t\t<p>Staroengleski medicinski tekstovi, staronordijske sage (kralja Vanlandija u Ynglinga sagi ubija mora), srednjovisokonjema\u010dki pravni izvori, Grimmova <span class=\"iwg-fachbegriff\" data-tooltip=\"Skup predanih pri\u010da o bogovima jedne kulture.\" tabindex=\"0\">mitologija<\/span>, folklorni arhivi 19.\/20. st.<\/p>\t\t\t\t\t\t\t\t<\/div>\n\t\t\t\t\t<\/div>\n\t\t\t\t<\/div>\n\t\t\t\t<\/div>\n\t\t\t\t\t<\/div>\n\t\t\t\t<\/div>\n\t\t<div class=\"elementor-element elementor-element-3ae0637c e-flex e-con-boxed e-con e-parent\" data-id=\"3ae0637c\" data-element_type=\"container\" data-e-type=\"container\">\n\t\t\t\t\t<div class=\"e-con-inner\">\n\t\t\t\t<div class=\"elementor-element elementor-element-31d07739 elementor-widget elementor-widget-heading\" data-id=\"31d07739\" data-element_type=\"widget\" data-e-type=\"widget\" data-widget_type=\"heading.default\">\n\t\t\t\t\t<h2 class=\"elementor-heading-title elementor-size-default\">Naziv<\/h2>\t\t\t\t<\/div>\n\t\t<div class=\"elementor-element elementor-element-b7642947 e-con-full e-flex e-con e-child\" data-id=\"b7642947\" data-element_type=\"container\" data-e-type=\"container\">\n\t\t\t\t<div class=\"elementor-element elementor-element-a086266 elementor-widget elementor-widget-text-editor\" data-id=\"a086266\" data-element_type=\"widget\" data-e-type=\"widget\" data-widget_type=\"text-editor.default\">\n\t\t\t\t\t\t\t\t\t<p><strong>Staronordijski:<\/strong> <em>mara<\/em>, mno\u017eina <em>marur<\/em>.<br>Staroengleski: <em>m\u00e6re<\/em>.<br>Starovisokonjema\u010dki: <em>mara<\/em>.<br>Moderni oblici: Nachtmahr, Nachtmar, Mart, M\u00e5rt, Mahrt, engl. <em>nightmare<\/em>, franc. <em>cauchemar<\/em>.<br>Povezano: Alp (mu\u0161kog roda, \u010desto sinonim).<\/p><p>Ynglinga saga pripovijeda kako \u0161vedska kraljica-vra\u010darka Hulda \u0161alje moru protiv kralja Vanlandija, koji je u snu, u svojem krevetu, zga\u017een na smrt. To je jedan od najstarijih knji\u017eevnih zapisa i pokazuje smrtonosnu mo\u0107 ovog lika.<\/p>\t\t\t\t\t\t\t\t<\/div>\n\t\t\t\t<\/div>\n\t\t\t\t\t<\/div>\n\t\t\t\t<\/div>\n\t\t<div class=\"elementor-element elementor-element-709a44a8 e-flex e-con-boxed e-con e-parent\" data-id=\"709a44a8\" data-element_type=\"container\" data-e-type=\"container\">\n\t\t\t\t\t<div class=\"e-con-inner\">\n\t\t\t\t<div class=\"elementor-element elementor-element-2f585873 elementor-widget elementor-widget-heading\" data-id=\"2f585873\" data-element_type=\"widget\" data-e-type=\"widget\" data-widget_type=\"heading.default\">\n\t\t\t\t\t<h2 class=\"elementor-heading-title elementor-size-default\">Zna\u010dajke bi\u0107a<\/h2>\t\t\t\t<\/div>\n\t\t<div class=\"elementor-element elementor-element-70621c12 e-con-full e-flex e-con e-child\" data-id=\"70621c12\" data-element_type=\"container\" data-e-type=\"container\">\n\t\t\t\t<div class=\"elementor-element elementor-element-4296eb49 elementor-widget elementor-widget-text-editor\" data-id=\"4296eb49\" data-element_type=\"widget\" data-e-type=\"widget\" data-widget_type=\"text-editor.default\">\n\t\t\t\t\t\t\t\t\t<p><strong>Izgled<\/strong><\/p><p>\u017denski lik, malen, s dugom zapletenom kosom. Mo\u017ee poprimiti \u017eivotinjski oblik, ma\u010dke, psa, pauka. Ulazi kroz rupu za klju\u010d, dimnjak, procjep na vratima. U nekim se podru\u010djima opisuje kao lijepa mlada \u017eena, u drugima kao pogrbljena starica.<\/p><p><strong>Pona\u0161anje<\/strong><\/p><p>Sjeda na prsa usnule osobe, priti\u0161\u0107e, otima dah, uzrokuje stanja no\u0107nih mora. Mo\u017ee \u201ejahati&#8221; konje, ujutro se pokazuju zapletene grive (\u201emahrini pletenice&#8221;) i iscrpljene \u017eivotinje. U najgorim slu\u010dajevima posljedica je smrt (Ynglinga saga).<\/p><p><strong>Podru\u010dje djelovanja<\/strong><\/p><p>Prostorija za spavanje, konjska staja. Odre\u0111ene no\u0107i (grani\u010dni dani, \u010detvrtak no\u0107u) smatraju se posebno rizi\u010dnima. Ljudi slabijeg krvotoka, nakon te\u0161kog obroka, u polo\u017eaju na le\u0111ima prema narodnom vjerovanju su izlo\u017eeniji.<\/p><p><strong>Mitolo\u0161ka klasifikacija<\/strong><\/p><p>Staronjema\u010dko-germanski sloj. Mo\u017eda povezano s predod\u017ebom o lutaju\u0107oj du\u0161i (<em>mara<\/em> kao odvojeni \u017eenski dio du\u0161e koji no\u0107u luta). U slavenskoj tradiciji postoje bliski srodni likovi (Mora, Mura).<\/p><p><strong>Izgled i simbolika<\/strong><\/p><p>Mahr se opisuje kao sjenoviti, sumra\u010dni lik koji sjeda na usnule osobe. Ponekad se prikazuje kao vilenja\u010dko bi\u0107e. Alp (no\u0107ni demon) mo\u017ee poprimiti \u017eivotinjski oblik, konja, ptice ili ma\u010dke. Osje\u0107aj gu\u0161enja i paraliza disanja su njegov prepoznatljiv znak. \u017deljezo se smatra za\u0161titom.<\/p><div><p><strong>Vje\u0161ti\u010darstvo i narodna tradicija ranog novog doba<\/strong><\/p><p>U njema\u010dkom govornom podru\u010dju od 16. do 18. stolje\u0107a Mahr je bio \u010dvrsto povezan s vje\u0161ti\u010darstvom. Optu\u017eene vje\u0161tice su, me\u0111u ostalim, bile okrivljavane da no\u0107u u obliku Mahra dolaze do usnulih ljudi, uzrokuju no\u0107ne more i zavode mu\u0161karce.<\/p><p>Granica izme\u0111u demonskog bi\u0107a i vje\u0161tice koja se magijski pretvara u taj oblik \u010desto je bila nejasna. Seoska predaja govorila je o \u017eenama koje mogu <em>jahati kao Mahr<\/em>, odnosno slati svoju du\u0161u u tom obliku dok fizi\u010dko tijelo spava.<\/p><p><span data-nosnippet>To vjerovanje nije bilo ograni\u010deno na jedno podru\u010dje, ve\u0107 je bilo \u0161iroko rasprostranjeno po njema\u010dkom govornom prostoru i Skandinaviji. Jakob Grimm je u djelu <em>Deutsche <span class=\"iwg-fachbegriff\" data-tooltip=\"Ukupnost predanih pri\u010da o bogovima jedne kulture.\" tabindex=\"0\">Mythologie<\/span><\/em> (1835) zabilje\u017eio stotine izvje\u0161taja o Mahru iz raznih krajeva i pokazao da je tradicija Mahra bila dulja i ra\u0161irenija nego \u0161to je tada\u0161nja akademska pa\u017enja pretpostavljala.<\/span><\/p><\/div>\t\t\t\t\t\t\t\t<\/div>\n\t\t\t\t<\/div>\n\t\t\t\t\t<\/div>\n\t\t\t\t<\/div>\n\t\t<div class=\"elementor-element elementor-element-44e71476 e-flex e-con-boxed e-con e-parent\" data-id=\"44e71476\" data-element_type=\"container\" data-e-type=\"container\">\n\t\t\t\t\t<div class=\"e-con-inner\">\n\t\t\t\t<div class=\"elementor-element elementor-element-3c1fc3f0 elementor-widget elementor-widget-heading\" data-id=\"3c1fc3f0\" data-element_type=\"widget\" data-e-type=\"widget\" data-widget_type=\"heading.default\">\n\t\t\t\t\t<h2 class=\"elementor-heading-title elementor-size-default\">Profil: Mahr<\/h2>\t\t\t\t<\/div>\n\t\t<div class=\"elementor-element elementor-element-84f33b8e e-con-full e-flex e-con e-child\" data-id=\"84f33b8e\" data-element_type=\"container\" data-e-type=\"container\">\n\t\t\t\t<div class=\"elementor-element elementor-element-hqkdc67p elementor-widget elementor-widget-text-editor\" data-id=\"hqkdc67p\" data-element_type=\"widget\" data-e-type=\"widget\" data-widget_type=\"text-editor.default\">\n\t\t\t\t\t\t\t\t\t<p>Najva\u017eniji aspekti Mahra na jedan pogled.<\/p>\t\t\t\t\t\t\t\t<\/div>\n\t\t\t\t<\/div>\n\t\t<div class=\"elementor-element elementor-element-pemmx7c5 e-con-full e-flex e-con e-child\" data-id=\"pemmx7c5\" data-element_type=\"container\" data-e-type=\"container\">\n\t\t<div class=\"elementor-element elementor-element-pemmx7c1 e-con-full e-flex e-con e-child\" data-id=\"pemmx7c1\" data-element_type=\"container\" data-e-type=\"container\">\n\t\t<div class=\"elementor-element elementor-element-qh9oavvu iwg-steckbrief-card e-flex e-con-boxed e-con e-child\" data-id=\"qh9oavvu\" data-element_type=\"container\" data-e-type=\"container\">\n\t\t\t\t\t<div class=\"e-con-inner\">\n\t\t\t\t<div class=\"elementor-element elementor-element-awzx8k2k elementor-widget elementor-widget-heading\" data-id=\"awzx8k2k\" data-element_type=\"widget\" data-e-type=\"widget\" data-widget_type=\"heading.default\">\n\t\t\t\t\t<div class=\"elementor-heading-title elementor-size-default\">Kulturni kontekst<\/div>\t\t\t\t<\/div>\n\t\t\t\t<div class=\"elementor-element elementor-element-x6rowhv0 elementor-widget elementor-widget-text-editor\" data-id=\"x6rowhv0\" data-element_type=\"widget\" data-e-type=\"widget\" data-widget_type=\"text-editor.default\">\n\t\t\t\t\t\t\t\t\t<p>Staronjema\u010dko-germanski sloj; mo\u017eda lutaju\u0107i \u017eenski oblik du\u0161e. Jezi\u010dno sa\u010duvano do danas u rije\u010dima \u201enightmare&#8221; i \u201ecauchemar&#8221;.<\/p>\t\t\t\t\t\t\t\t<\/div>\n\t\t\t\t\t<\/div>\n\t\t\t\t<\/div>\n\t\t<div class=\"elementor-element elementor-element-8e3o4kxs iwg-steckbrief-card e-flex e-con-boxed e-con e-child\" data-id=\"8e3o4kxs\" data-element_type=\"container\" data-e-type=\"container\">\n\t\t\t\t\t<div class=\"e-con-inner\">\n\t\t\t\t<div class=\"elementor-element elementor-element-08rkdgov elementor-widget elementor-widget-heading\" data-id=\"08rkdgov\" data-element_type=\"widget\" data-e-type=\"widget\" data-widget_type=\"heading.default\">\n\t\t\t\t\t<div class=\"elementor-heading-title elementor-size-default\">Adresati<\/div>\t\t\t\t<\/div>\n\t\t\t\t<div class=\"elementor-element elementor-element-uwjelx8s elementor-widget elementor-widget-text-editor\" data-id=\"uwjelx8s\" data-element_type=\"widget\" data-e-type=\"widget\" data-widget_type=\"text-editor.default\">\n\t\t\t\t\t\t\t\t\t<p>Usnule osobe (na le\u0111ima, nakon te\u0161kog obroka), konji u staji. Odre\u0111ene grani\u010dne no\u0107i posebno su rizi\u010dne.<\/p>\t\t\t\t\t\t\t\t<\/div>\n\t\t\t\t\t<\/div>\n\t\t\t\t<\/div>\n\t\t<div class=\"elementor-element elementor-element-jm2n74ec iwg-steckbrief-card e-flex e-con-boxed e-con e-child\" data-id=\"jm2n74ec\" data-element_type=\"container\" data-e-type=\"container\">\n\t\t\t\t\t<div class=\"e-con-inner\">\n\t\t\t\t<div class=\"elementor-element elementor-element-8vufse4c elementor-widget elementor-widget-heading\" data-id=\"8vufse4c\" data-element_type=\"widget\" data-e-type=\"widget\" data-widget_type=\"heading.default\">\n\t\t\t\t\t<div class=\"elementor-heading-title elementor-size-default\">Izgled Mahra<\/div>\t\t\t\t<\/div>\n\t\t\t\t<div class=\"elementor-element elementor-element-mwb9u015 elementor-widget elementor-widget-text-editor\" data-id=\"mwb9u015\" data-element_type=\"widget\" data-e-type=\"widget\" data-widget_type=\"text-editor.default\">\n\t\t\t\t\t\t\t\t\t<p>\u017denski lik, malen, duga\u010dka zapletena kosa. Sposoban se pretvoriti u \u017eivotinjski oblik (ma\u010dku, pauka). Ovisno o podru\u010dju prikazuje se kao lijepa \u017eena ili starica.<\/p>\t\t\t\t\t\t\t\t<\/div>\n\t\t\t\t\t<\/div>\n\t\t\t\t<\/div>\n\t\t\t\t<\/div>\n\t\t<div class=\"elementor-element elementor-element-pemmx7c2 e-con-full e-flex e-con e-child\" data-id=\"pemmx7c2\" data-element_type=\"container\" data-e-type=\"container\">\n\t\t<div class=\"elementor-element elementor-element-37ss2yr6 iwg-steckbrief-card e-flex e-con-boxed e-con e-child\" data-id=\"37ss2yr6\" data-element_type=\"container\" data-e-type=\"container\">\n\t\t\t\t\t<div class=\"e-con-inner\">\n\t\t\t\t<div class=\"elementor-element elementor-element-3v0wp3wx elementor-widget elementor-widget-heading\" data-id=\"3v0wp3wx\" data-element_type=\"widget\" data-e-type=\"widget\" data-widget_type=\"heading.default\">\n\t\t\t\t\t<div class=\"elementor-heading-title elementor-size-default\">Funkcija<\/div>\t\t\t\t<\/div>\n\t\t\t\t<div class=\"elementor-element elementor-element-w3247g2m elementor-widget elementor-widget-text-editor\" data-id=\"w3247g2m\" data-element_type=\"widget\" data-e-type=\"widget\" data-widget_type=\"text-editor.default\">\n\t\t\t\t\t\t\t\t\t<p>Priti\u0161\u0107e, otima dah, uzrokuje no\u0107ne more. \u201eJa\u0161e&#8221; konje. U knji\u017eevnoj <span class=\"iwg-fachbegriff\" data-tooltip=\"Preno\u0161enje znanja i pri\u010da kroz generacije.\" tabindex=\"0\">predaji<\/span> mo\u017ee djelovati smrtonosno (Ynglinga saga).<\/p>\t\t\t\t\t\t\t\t<\/div>\n\t\t\t\t\t<\/div>\n\t\t\t\t<\/div>\n\t\t<div class=\"elementor-element elementor-element-0qpjal9w iwg-steckbrief-card e-flex e-con-boxed e-con e-child\" data-id=\"0qpjal9w\" data-element_type=\"container\" data-e-type=\"container\">\n\t\t\t\t\t<div class=\"e-con-inner\">\n\t\t\t\t<div class=\"elementor-element elementor-element-6ndoih0o elementor-widget elementor-widget-heading\" data-id=\"6ndoih0o\" data-element_type=\"widget\" data-e-type=\"widget\" data-widget_type=\"heading.default\">\n\t\t\t\t\t<div class=\"elementor-heading-title elementor-size-default\">Za\u0161tita<\/div>\t\t\t\t<\/div>\n\t\t\t\t<div class=\"elementor-element elementor-element-6684tyh9 elementor-widget elementor-widget-text-editor\" data-id=\"6684tyh9\" data-element_type=\"widget\" data-e-type=\"widget\" data-widget_type=\"text-editor.default\">\n\t\t\t\t\t\t\t\t\t<p>Kao i kod Alpa: drudin kri\u017e, cipele okrenute naopako ispred kreveta, no\u017e ispod jastuka. Dodatno: crkvena pjesmarica ili psaltir ispod jastuka, znak kri\u017ea prije spavanja.<\/p>\t\t\t\t\t\t\t\t<\/div>\n\t\t\t\t\t<\/div>\n\t\t\t\t<\/div>\n\t\t<div class=\"elementor-element elementor-element-3lfi7x32 iwg-steckbrief-card e-flex e-con-boxed e-con e-child\" data-id=\"3lfi7x32\" data-element_type=\"container\" data-e-type=\"container\">\n\t\t\t\t\t<div class=\"e-con-inner\">\n\t\t\t\t<div class=\"elementor-element elementor-element-0kg99ga1 elementor-widget elementor-widget-heading\" data-id=\"0kg99ga1\" data-element_type=\"widget\" data-e-type=\"widget\" data-widget_type=\"heading.default\">\n\t\t\t\t\t<div class=\"elementor-heading-title elementor-size-default\">Usporedivo<\/div>\t\t\t\t<\/div>\n\t\t\t\t<div class=\"elementor-element elementor-element-n0fum6kp elementor-widget elementor-widget-text-editor\" data-id=\"n0fum6kp\" data-element_type=\"widget\" data-e-type=\"widget\" data-widget_type=\"text-editor.default\">\n\t\t\t\t\t\t\t\t\t<p>Alp (bliski srodnik), slavenska Mora\/Mura, <a href=\"https:\/\/iwell-guard.com\/hr\/?page_id=149321\">Lil\u016b i Lil\u012btu<\/a>, <a href=\"https:\/\/iwell-guard.com\/hr\/?page_id=149344\">Lilith<\/a>, <a href=\"https:\/\/iwell-guard.com\/hr\/?page_id=149333\">Empusa<\/a>, <a href=\"https:\/\/iwell-guard.com\/hr\/?page_id=149341\">Striga<\/a>.<\/p>\t\t\t\t\t\t\t\t<\/div>\n\t\t\t\t\t<\/div>\n\t\t\t\t<\/div>\n\t\t\t\t<\/div>\n\t\t\t\t<\/div>\n\t\t\t\t\t<\/div>\n\t\t\t\t<\/div>\n\t\t<div class=\"elementor-element elementor-element-7533bc7a e-flex e-con-boxed e-con e-parent\" data-id=\"7533bc7a\" data-element_type=\"container\" data-e-type=\"container\">\n\t\t\t\t\t<div class=\"e-con-inner\">\n\t\t\t\t<div class=\"elementor-element elementor-element-2447d18d elementor-widget elementor-widget-heading\" data-id=\"2447d18d\" data-element_type=\"widget\" data-e-type=\"widget\" data-widget_type=\"heading.default\">\n\t\t\t\t\t<h2 class=\"elementor-heading-title elementor-size-default\">Za\u0161tita i tuma\u010denje<\/h2>\t\t\t\t<\/div>\n\t\t<div class=\"elementor-element elementor-element-d5d0260c e-con-full e-flex e-con e-child\" data-id=\"d5d0260c\" data-element_type=\"container\" data-e-type=\"container\">\n\t\t\t\t<div class=\"elementor-element elementor-element-341be2ac elementor-widget elementor-widget-text-editor\" data-id=\"341be2ac\" data-element_type=\"widget\" data-e-type=\"widget\" data-widget_type=\"text-editor.default\">\n\t\t\t\t\t\t\t\t\t<p><strong>Za\u0161titna praksa<\/strong><\/p><p>Isto kao za\u0161tita od Alpa: drudin kri\u017e, cipele okrenute naopako, no\u017e ispod jastuka, psaltir ili Biblija ispod glave. Regionalno: metla s \u010dekinjama okrenutima prema gore u kutu, lutkica od slame na staji.<\/p><p><strong>Za\u0161tita konja<\/strong><\/p><p>U staji protiv \u201ejahanja&#8221; od strane Mahra: zrcalce na konjskom vratu (Alpspiegel), posve\u0107eni amuleti, upaljena svjetiljka u staji. Zapletene grive ujutro smatrane su jasnim znakom posjeta Mahra.<\/p><p><strong>Suvremeno tuma\u010denje<\/strong><\/p><p>Kao i Alp, Mahr se danas tuma\u010di kao fenomen <a class=\"iwg-fachbegriff\" href=\"https:\/\/iwell-guard.com\/hr\/?page_id=149624\" tabindex=\"0\" data-tooltip=\"Stanje budnosti uz mi\u0161i\u0107nu REM-atoniju; \u0161irom svijeta tuma\u010deno kao do\u017eivljaj duha (Mahr, Old Hag, Kanashibari) \u2013 neurolo\u0161ki obja\u0161njivo.\" style=\"color:inherit;text-decoration:none\">paralize u snu<\/a>. Etnografska istra\u017eivanja (David Hufford i drugi) pokazala su da je fenomenologija do\u017eivljaja kroz kulture stabilna, mitolo\u0161ke slike variraju, ali samo iskustvo ostaje isto.<\/p>\t\t\t\t\t\t\t\t<\/div>\n\t\t\t\t<\/div>\n\t\t\t\t\t<\/div>\n\t\t\t\t<\/div>\n\t\t<div class=\"elementor-element elementor-element-5a584676 e-flex e-con-boxed e-con e-parent\" data-id=\"5a584676\" data-element_type=\"container\" data-e-type=\"container\">\n\t\t\t\t\t<div class=\"e-con-inner\">\n\t\t\t\t<div class=\"elementor-element elementor-element-6d0757bf elementor-widget elementor-widget-heading\" data-id=\"6d0757bf\" data-element_type=\"widget\" data-e-type=\"widget\" data-widget_type=\"heading.default\">\n\t\t\t\t\t<h2 class=\"elementor-heading-title elementor-size-default\">Paralele i recepcija<\/h2>\t\t\t\t<\/div>\n\t\t<div class=\"elementor-element elementor-element-60563f68 e-con-full e-flex e-con e-child\" data-id=\"60563f68\" data-element_type=\"container\" data-e-type=\"container\">\n\t\t\t\t<div class=\"elementor-element elementor-element-5a93fdd6 elementor-widget elementor-widget-text-editor\" data-id=\"5a93fdd6\" data-element_type=\"widget\" data-e-type=\"widget\" data-widget_type=\"text-editor.default\">\n\t\t\t\t\t\t\t\t\t<footer class=\"iwg-literatur\"><p><strong>Panegermanske i slavenske paralele<\/strong><\/p><p>Alp na njema\u010dkom govornom podru\u010dju, <em>mare<\/em> u engleskom, <em>mara<\/em> u nordijskom, <em>mora<\/em>\/<em>mura<\/em> na slavenskom podru\u010dju. Svi upu\u0107uju na zajedni\u010dki indoeuropski ili \u010dak jo\u0161 stariji sloj.<\/p><p><strong><span class=\"iwg-fachbegriff\" data-tooltip=\"Razdoblje gr\u010dke i rimske kulture, otprilike od 800. pr. Kr. do 600. po. Kr.\" tabindex=\"0\">Antika<\/span> i paralele<\/strong><\/p><p><a href=\"https:\/\/iwell-guard.com\/hr\/?page_id=149321\">Lil\u016b i Lil\u012btu<\/a>, <a href=\"https:\/\/iwell-guard.com\/hr\/?page_id=149344\">Lilith<\/a>, <a href=\"https:\/\/iwell-guard.com\/hr\/?page_id=149333\">Empusa<\/a>, <a href=\"https:\/\/iwell-guard.com\/hr\/?page_id=149341\">Striga<\/a> dijele s Mahr strukturu i funkciju. \u017denski no\u0107ni lik koji ti\u0161ti spava\u010de svjetski je rasprostranjen <span class=\"iwg-fachbegriff\" data-tooltip=\"Ponavljaju\u0107i sadr\u017eajni element u umjetnosti ili pripovijedanju.\" tabindex=\"0\">motiv<\/span>.<\/p><p><strong>Recepcija<\/strong><\/p><p>F\u00fcsslijeva slika <em>Nachtmahr<\/em> (1781) najpoznatiji je likovni prikaz. Heineova lirika i Goetheov Erlk\u00f6nig obra\u0111uju taj <span class=\"iwg-fachbegriff\" data-tooltip=\"Ponavljaju\u0107i sadr\u017eajni element u umjetnosti ili pripovijedanju.\" tabindex=\"0\">motiv<\/span>. Moderna horor knji\u017eevnost i filmovi redovito pose\u017eu za tim likom.<\/p><p><strong>Naslje\u0111e i recepcija:<\/strong> Tradicija Mahr \u017eivi dalje u modernom <span class=\"iwg-fachbegriff\" data-tooltip=\"Religijski sustav u kojem specijalisti komuniciraju sa svijetom duhova.\" tabindex=\"0\">\u0161amanizmu<\/span>. Fenomeni no\u0107nih mora dijelom se pripisuju njoj. U zapadnoj psihologiji Alp je fenomen koji nadilazi kulture. U fantastici su Mahre \u010desto vilenja\u010dki trikster likovi. Kultura Alpa ostaje \u017eiva u Bavarskoj.<\/p><div data-nosnippet=\"true\" class=\"iwg-litliste\"><\/div><\/footer><div><p><strong>Fizi\u010dka i demonska priroda Mahr<\/strong><\/p><p>Ponavljaju\u0107i <span class=\"iwg-fachbegriff\" data-tooltip=\"Ponavljaju\u0107i sadr\u017eajni element u umjetnosti ili pripovijedanju.\" tabindex=\"0\">motiv<\/span> u izvje\u0161tajima jest dvojaka fizi\u010dka prisutnost Mahr. Neke pri\u010de govore o opipljivom bi\u0107u, mr\u0161avoj \u017eeni dugih noktiju i blijedog lica koja radi gu\u0161e\u0107e pokrete.<\/p><p>Drugi izvje\u0161taji upu\u0107uju vi\u0161e na duhovnu ili prolaznu prisutnost, vrstu unutarnjeg oblika straha koji izmi\u010de fizi\u010dkom poistovje\u0107ivanju. Ta dvojnost \u010dini Mahr niti potpuno duhovnim niti potpuno tjelesnim bi\u0107em, nego prije ne\u010dim na granici izme\u0111u oboje.<\/p><p>Pitanje treba li Mahr shvatiti kao demonsko bi\u0107e, kao projekciju ljudskog straha ili kao posljedicu medicinskog poreme\u0107aja spavanja, u folkloristici je razli\u010dito odgovoreno. Dana\u0161nja <span class=\"iwg-fachbegriff\" data-tooltip=\"Znanost koja komparativno i bez vjerske pripadnosti istra\u017euje religije.\" tabindex=\"0\">religiologija<\/span> priznaje tu dvojnost bez razrje\u0161avanja i tretira Mahr kao kulturni proizvod sa stvarnim dru\u0161tvenim i psiholo\u0161kim funkcijama.<\/p><\/div>\t\t\t\t\t\t\t\t<\/div>\n\t\t\t\t<\/div>\n\t\t\t\t\t<\/div>\n\t\t\t\t<\/div>\n\t\t<div class=\"elementor-element elementor-element-cpf76f55e e-flex e-con-boxed e-con e-parent\" data-id=\"cpf76f55e\" data-element_type=\"container\" data-e-type=\"container\">\n\t\t\t\t\t<div class=\"e-con-inner\">\n\t\t\t\t<div class=\"elementor-element elementor-element-cp607ca10 elementor-widget elementor-widget-heading\" data-id=\"cp607ca10\" data-element_type=\"widget\" data-e-type=\"widget\" data-widget_type=\"heading.default\">\n\t\t\t\t\t<h2 class=\"elementor-heading-title elementor-size-default\">Mahr i europska rije\u010d za no\u0107nu moru<\/h2>\t\t\t\t<\/div>\n\t\t<div class=\"elementor-element elementor-element-cpee16b4c e-con-full e-flex e-con e-child\" data-id=\"cpee16b4c\" data-element_type=\"container\" data-e-type=\"container\">\n\t\t\t\t<div class=\"elementor-element elementor-element-cp91fe14d elementor-widget elementor-widget-text-editor\" data-id=\"cp91fe14d\" data-element_type=\"widget\" data-e-type=\"widget\" data-widget_type=\"text-editor.default\">\n\t\t\t\t\t\t\t\t\t<p><em>Mahr<\/em> je jezi\u010dno jedno od najutjecajnijih duhovnih bi\u0107a germanske <span class=\"iwg-fachbegriff\" data-tooltip=\"Preno\u0161enje znanja i pri\u010da kroz generacije.\" tabindex=\"0\">predaje<\/span>. Njezino ime nalazi se u engleskom <em>nightmare<\/em>, francuskom <em>cauchemar<\/em> i u nekoliko drugih europskih rije\u010di za no\u0107nu moru. Ti tragovi pokazuju da je predod\u017eba o \u017eenskom duhu pritiska koji no\u0107u ti\u0161ti spava\u010da bila \u0161iroko rasprostranjena na zapadnoeuropskom podru\u010dju i da ima duboke korijene.<\/p><p>Ta jezi\u010dna obitelj dobro je potvr\u0111ena kroz germanske jezike, u starovisokonjema\u010dkom, u staroengleskom kao <em>m\u00e6re<\/em>, u starosjevernja\u010dkom kao <em>mara<\/em>. Starosjevernja\u010dka knji\u017eevnost poznaje upe\u010datljivu pri\u010du u <em>Ynglinga sagi<\/em> Snorrija Sturlusona: kralja Vanlandija do smrti priti\u0161\u0107e <em>mara<\/em>, koja mu prvo stane na noge, a zatim na glavu.<\/p><p>Ovo mjesto ubraja se me\u0111u najstarija opse\u017ena knji\u017eevna svjedo\u010danstva te predod\u017ebe i pokazuje da se Mahr ve\u0107 u srednjem vijeku mogla zami\u0161ljati kao smrtonosna prijetnja.<\/p><p>Jezikoslovna istra\u017eivanja predlo\u017eila su razli\u010dita tuma\u010denja korijena rije\u010di, me\u0111u ostalim vezu s glagolom u zna\u010denju &#8220;zdrobiti&#8221; ili &#8220;pritisnuti&#8221;, \u0161to bi dobro odgovaralo funkciji duha pritiska. Potpuno sigurna etimologija ne postoji. Sigurna je, me\u0111utim, velika geografska i vremenska rasprostranjenost te rije\u010di.<\/p><p>Mahr je time primjer toga kako duhovno bi\u0107e kroz jezik ostvaruje utjecaj koji daleko nad\u017eivljuje njegovu izvornu vjersku podlogu. Onaj koji danas govori o no\u0107noj mori, a ne znaju\u0107i to, koristi ime staroga duha pritiska.<\/p>\t\t\t\t\t\t\t\t<\/div>\n\t\t\t\t<\/div>\n\t\t\t\t\t<\/div>\n\t\t\t\t<\/div>\n\t\t<div class=\"elementor-element elementor-element-cp599ff74 e-flex e-con-boxed e-con e-parent\" data-id=\"cp599ff74\" data-element_type=\"container\" data-e-type=\"container\">\n\t\t\t\t\t<div class=\"e-con-inner\">\n\t\t\t\t<div class=\"elementor-element elementor-element-cpcaa6cd3 elementor-widget elementor-widget-heading\" data-id=\"cpcaa6cd3\" data-element_type=\"widget\" data-e-type=\"widget\" data-widget_type=\"heading.default\">\n\t\t\t\t\t<h2 class=\"elementor-heading-title elementor-size-default\">Mahr izme\u0111u duhovnog bi\u0107a i poslane du\u0161e<\/h2>\t\t\t\t<\/div>\n\t\t<div class=\"elementor-element elementor-element-cp5ca891c e-con-full e-flex e-con e-child\" data-id=\"cp5ca891c\" data-element_type=\"container\" data-e-type=\"container\">\n\t\t\t\t<div class=\"elementor-element elementor-element-cp888ab8f elementor-widget elementor-widget-text-editor\" data-id=\"cp888ab8f\" data-element_type=\"widget\" data-e-type=\"widget\" data-widget_type=\"text-editor.default\">\n\t\t\t\t\t\t\t\t\t<p>Narodna <span class=\"iwg-fachbegriff\" data-tooltip=\"Preno\u0161enje znanja i pri\u010da kroz generacije.\" tabindex=\"0\">predaja<\/span> o Mahr nije jedinstvena, nego povezuje dva razli\u010dita obja\u0161njavaju\u0107a modela. Prema jednom, Mahr je zasebno duhovno bi\u0107e koje dolazi izvana i ti\u0161ti spava\u010da.<\/p><p>Prema drugom, Mahr je poslana du\u0161a ili poslana volja \u017eivog \u010dovjeka. U ovom drugom tuma\u010denju \u010dovjek, \u010desto i ne znaju\u0107i to sam, u snu mu\u010di drugoga tako da jedan njegov dio napu\u0161ta tijelo i luta kao Mahr.<\/p><p>Iz te druge predod\u017ebe proiza\u0161li su konkretni obrasci pripovijedanja. Uobi\u010dajen tip pri\u010de govori da Mahr ulazi u spavaonicu kroz mali otvor, primjerice rupu od \u010dvora u drvu. Ako se otvor za\u010depi, ona ne mo\u017ee iza\u0107i i biva zarobljena.<\/p><p>Ujutro se na tom mjestu na\u0111e osoba, \u010desto \u017eena, koja je tako otkrivena kao Mahr. U nekim ina\u010dicama mu\u0161karac se \u017eeni tom \u017eenom, ali \u010dim se jednom za\u010depljeni otvor ponovno otvori, ona nestaje istim putem.<\/p><p>Te pri\u010de tijesno povezuju Mahr s vjerovanjem u vje\u0161tice i s predod\u017ebama o slobodno pokretljivoj du\u0161i. Religiolo\u0161ka i folkloristi\u010dka istra\u017eivanja u tome vide preplitanje vi\u0161e slojeva: staru predod\u017ebu o no\u0107nom duhu pritiska, predod\u017ebu o poslanoj du\u0161i i ranonovovjekovnu predod\u017ebu o vje\u0161ticama.<\/p><p>Mahr zato nije jasno odre\u0111eno bi\u0107e s ustaljenom biografijom, nego \u010dvori\u0161te u kojem se kri\u017eaju razli\u010dite vjerske predod\u017ebe. Ba\u0161 ta slojevitost \u010dini je iznimno plodnim predmetom za istra\u017eivanje narodnog vjerovanja u duhove.<\/p>\t\t\t\t\t\t\t\t<\/div>\n\t\t\t\t<\/div>\n\t\t\t\t\t<\/div>\n\t\t\t\t<\/div>\n\t\t<div class=\"elementor-element elementor-element-cpaac957d e-flex e-con-boxed e-con e-parent\" data-id=\"cpaac957d\" data-element_type=\"container\" data-e-type=\"container\">\n\t\t\t\t\t<div class=\"e-con-inner\">\n\t\t\t\t<div class=\"elementor-element elementor-element-cp91fb037 elementor-widget elementor-widget-heading\" data-id=\"cp91fb037\" data-element_type=\"widget\" data-e-type=\"widget\" data-widget_type=\"heading.default\">\n\t\t\t\t\t<h2 class=\"elementor-heading-title elementor-size-default\">Jahane \u017ertve: Mahr, \u017eivotinja i \u010dovjek<\/h2>\t\t\t\t<\/div>\n\t\t<div class=\"elementor-element elementor-element-cp75a2800 e-con-full e-flex e-con e-child\" data-id=\"cp75a2800\" data-element_type=\"container\" data-e-type=\"container\">\n\t\t\t\t<div class=\"elementor-element elementor-element-cpa41a19d elementor-widget elementor-widget-text-editor\" data-id=\"cpa41a19d\" data-element_type=\"widget\" data-e-type=\"widget\" data-widget_type=\"text-editor.default\">\n\t\t\t\t\t\t\t\t\t<p>Poseban ogranak <span class=\"iwg-fachbegriff\" data-tooltip=\"Preno\u0161enje znanja i pri\u010da kroz generacije.\" tabindex=\"0\">predaje<\/span> o mori ne odnosi se na \u010dovjeka, nego na stoku. U velikom dijelu njema\u010dkog govornog podru\u010dja i Skandinavije mora se smatrala i po\u0161a\u0161\u0107u konja.<\/p><p>Konj koji je ujutro stajao u staji iscrpljen, oznojen i s razbaru\u0161enom grivom smatrao se jahanim od strane more. Zapetljani, sluzavi pramenovi u grivi nazivani su <em>morinim kovr\u010dama<\/em> ili sli\u010dnim izrazima i tuma\u010deni su kao vidljiv dokaz no\u0107nog posjeta.<\/p><p>Ova predod\u017eba obja\u0161njava stvarno poljoprivredno zapa\u017eanje: konji doista mogu preko no\u0107i postati oznojeni i s razbaru\u0161enom grivom, bilo zbog bolesti, nemira ili parazita.<\/p><p>U kontekstu vjerovanja u moru, to se zapa\u017eanje tuma\u010dilo kao potvrda duhovnog posjeta. Iz toga su proiza\u0161le obrambene mjere u staji: vje\u0161ali su se odre\u0111eni predmeti, urezivali znakovi u drvo ili se pouzdavalo u za\u0161titno bilje kako bi se moru dr\u017ealo podalje.<\/p><p>Naziv za razbaru\u0161enu grivu u nekim je krajevima \u010dak prenesen i na ljudsku pojavu, na jako zapetljanu, vi\u0161e nerasplitivu kosu. Etnolo\u0161ka istra\u017eivanja dobro su dokumentirala to \u0161irenje predod\u017ebe o mori iz spava\u0107e sobe u staju, odnosno od iskustva paralize sna do zapa\u017eanja na \u017eivotinji.<\/p><p>To zorno pokazuje kako se jednom uspostavljen obrazac obja\u0161njenja \u0161iri na sve nove pojave. Ono \u0161to je mora izvorno obja\u0161njavala bio je no\u0107ni strah \u010dovjeka od gu\u0161enja. Ono \u0161to je dodatno obja\u0161njavala bio je niz drugih upadljivih, neobja\u0161njenih zapa\u017eanja koja su se mogla uklopiti u isti tuma\u010dni obrazac.<\/p>\t\t\t\t\t\t\t\t<\/div>\n\t\t\t\t<\/div>\n\t\t\t\t\t<\/div>\n\t\t\t\t<\/div>\n\t\t<div class=\"elementor-element elementor-element-36dd7469 e-flex e-con-boxed e-con e-parent\" data-id=\"36dd7469\" data-element_type=\"container\" data-e-type=\"container\">\n\t\t\t\t\t<div class=\"e-con-inner\">\n\t\t\t\t<div class=\"elementor-element elementor-element-13760ab4 elementor-widget elementor-widget-heading\" data-id=\"13760ab4\" data-element_type=\"widget\" data-e-type=\"widget\" data-widget_type=\"heading.default\">\n\t\t\t\t\t<h2 class=\"elementor-heading-title elementor-size-default\">Daljnje poveznice<\/h2>\t\t\t\t<\/div>\n\t\t<div class=\"elementor-element elementor-element-28c87796 e-con-full e-flex e-con e-child\" data-id=\"28c87796\" data-element_type=\"container\" data-e-type=\"container\">\n\t\t\t\t<div class=\"elementor-element elementor-element-5d6538df elementor-widget elementor-widget-text-editor\" data-id=\"5d6538df\" data-element_type=\"widget\" data-e-type=\"widget\" data-widget_type=\"text-editor.default\">\n\t\t\t\t\t\t\t\t\t<p>Preporu\u010dene interne poveznice:<\/p><ul><li><a href=\"https:\/\/iwell-guard.com\/hr\/?page_id=149349\">Germansko<\/a><\/li><li><a href=\"https:\/\/iwell-guard.com\/hr\/?page_id=149363\">Alp<\/a> (najbli\u017ee srodstvo), <a href=\"https:\/\/iwell-guard.com\/hr\/?page_id=149364\">Draugr<\/a>, <a href=\"https:\/\/iwell-guard.com\/hr\/?page_id=149365\">Nix<\/a>, <a href=\"https:\/\/iwell-guard.com\/hr\/?page_id=149366\">Troll<\/a><\/li><li><a href=\"https:\/\/iwell-guard.com\/hr\/?page_id=149321\">Lil\u016b i Lil\u012btu<\/a>, <a href=\"https:\/\/iwell-guard.com\/hr\/?page_id=149344\">Lilith<\/a><\/li><li><a class=\"iwg-fachbegriff\" href=\"https:\/\/iwell-guard.com\/hr\/?page_id=149624\" tabindex=\"0\" data-tooltip=\"Budno stanje uz mi\u0161i\u0107nu REM-atoniju; \u0161irom svijeta tuma\u010deno kao susret s duhom (Mahr, Old Hag, Kanashibari) \u2013 neurolo\u0161ki obja\u0161njivo.\" style=\"color:inherit;text-decoration:none\">Spava\u010dka paraliza<\/a>-istra\u017eivanja<\/li><li>F\u00fcssli, \u201eNo\u010dna mora\u201c<\/li><\/ul>\t\t\t\t\t\t\t\t<\/div>\n\t\t\t\t<\/div>\n\t\t\t\t\t<\/div>\n\t\t\t\t<\/div>\n\t\t<div class=\"elementor-element elementor-element-grl4kl40 e-flex e-con-boxed e-con e-parent\" data-id=\"grl4kl40\" data-element_type=\"container\" data-e-type=\"container\">\n\t\t\t\t\t<div class=\"e-con-inner\">\n\t\t\t\t<div class=\"elementor-element elementor-element-bzsbfrmh elementor-widget elementor-widget-heading\" data-id=\"bzsbfrmh\" data-element_type=\"widget\" data-e-type=\"widget\" data-widget_type=\"heading.default\">\n\t\t\t\t\t<h2 class=\"elementor-heading-title elementor-size-default\">Literatura (izbor)<\/h2>\t\t\t\t<\/div>\n\t\t<div class=\"elementor-element elementor-element-2c13224a e-con-full e-flex e-con e-child\" data-id=\"2c13224a\" data-element_type=\"container\" data-e-type=\"container\">\n\t\t\t\t<div class=\"elementor-element elementor-element-0eymh9ub elementor-widget elementor-widget-text-editor\" data-id=\"0eymh9ub\" data-element_type=\"widget\" data-e-type=\"widget\" data-widget_type=\"text-editor.default\">\n\t\t\t\t\t\t\t\t\t<footer class=\"iwg-literatur\" data-nosnippet=\"true\"><p>Izbor klju\u010dnih radova o Mahr:<\/p><ul><li><span data-nosnippet>Hufford, David J.: <em><a href=\"https:\/\/www.pennpress.org\/9780812213058\/the-terror-that-comes-in-the-night\/\" target=\"_blank\" rel=\"noopener noreferrer\">The Terror That Comes in the Night<\/a><\/em>. Philadelphia 1982.<\/span><\/li><li><span data-nosnippet>Roscher, Wilhelm Heinrich: <em>Ephialtes<\/em>. Leipzig 1900.<\/span><\/li><li><span data-nosnippet>Grimm, Jacob: <em><a href=\"https:\/\/en.wikipedia.org\/wiki\/Deutsche_Mythologie\" target=\"_blank\" rel=\"noopener noreferrer\">Deutsche Mythologie<\/a><\/em>. Berlin 1875, 78.<\/span><\/li><li><span data-nosnippet>Kvideland, Reimund \/ Sehmsdorf, Henning: <em>Scandinavian Folk Belief and Legend<\/em>. Minneapolis 1988.<\/span><\/li><\/ul><\/footer>\n<p class=\"iwg-bib-more\"><span data-nosnippet>Ostala standardna djela u <a href=\"https:\/\/iwell-guard.com\/hr\/?page_id=149465\">popisu literature<\/a>.<\/span><\/p>\t\t\t\t\t\t\t\t<\/div>\n\t\t\t\t<\/div>\n\t\t\t\t\t<\/div>\n\t\t\t\t<\/div>\n\t\t<div class=\"elementor-element elementor-element-iwgca-mahr-sec e-flex e-con-boxed e-con e-parent\" data-id=\"iwgca-mahr-sec\" data-element_type=\"container\" data-e-type=\"container\" id=\"iwg-ca-mahr\">\n\t\t\t\t\t<div class=\"e-con-inner\">\n\t\t\t\t<div class=\"elementor-element elementor-element-iwgca-mahr-te iwg-ca-textwrap elementor-widget elementor-widget-text-editor\" data-id=\"iwgca-mahr-te\" data-element_type=\"widget\" data-e-type=\"widget\" data-widget_type=\"text-editor.default\">\n\t\t\t\t\t\t\t\t\t<div data-nosnippet=\"true\"><p class=\"iwg-ca-bridge\">Ovdje opisana za\u0161titna praksa religijskoznanstveni je prikaz povijesnih tradicija. iWell Guard nastavlja se na ovu kulturnopovijesnu liniju nosivih za\u0161titnih predmeta i predstavlja njezin suvremeni oblik. <a href=\"\/ueber-iwell-guard\/?utm_source=iwell-guard.com&#038;utm_medium=text-link&#038;utm_campaign=schadwesen-tradition\">Vi\u0161e o iWell Guardu \u2192<\/a><\/p><\/div>\t\t\t\t\t\t\t\t<\/div>\n\t\t\t\t\t<\/div>\n\t\t\t\t<\/div>\n\t\t\t\t<\/div>\n\t\t","protected":false},"excerpt":{"rendered":"","protected":false},"author":3,"featured_media":1681,"parent":0,"menu_order":0,"comment_status":"closed","ping_status":"closed","template":"elementor_header_footer","meta":{"_yoast_wpseo_focuskw":"Mahr","_yoast_wpseo_title":"Mahr - \u017denski no\u0107ni pritiskiva\u010d","_yoast_wpseo_metadesc":"Mahr, \u017eenski no\u0107ni pritiskiva\u010d germanske tradicije. Jezi\u010dno sa\u010duvan prapraoblik povezan s albdruckom i no\u0107nom morom.","_yoast_wpseo_meta-robots-noindex":"","_yoast_wpseo_canonical":"","_angie_page":false,"gefaehrdungsstufe":"3","wesen_kultur":"germanisch","wesen_klasse":"geister","footnotes":""},"categories":[],"class_list":["post-149367","page","type-page","status-publish","has-post-thumbnail","hentry"],"yoast_head":"<!-- This site is optimized with the Yoast SEO Premium plugin v27.7 (Yoast SEO v28.3) - https:\/\/yoast.com\/product\/yoast-seo-premium-wordpress\/ -->\n<title>Mahr - \u017denski no\u0107ni pritiskiva\u010d<\/title>\n<meta name=\"description\" content=\"Mahr, \u017eenski no\u0107ni pritiskiva\u010d germanske tradicije. Jezi\u010dno sa\u010duvan prapraoblik povezan s albdruckom i no\u0107nom morom.\" \/>\n<meta name=\"robots\" content=\"index, follow, max-snippet:-1, max-image-preview:large, max-video-preview:-1\" \/>\n<link rel=\"canonical\" href=\"https:\/\/iwell-guard.com\/hr\/mahr\/\" \/>\n<meta property=\"og:locale\" content=\"hr_HR\" \/>\n<meta property=\"og:type\" content=\"article\" \/>\n<meta property=\"og:title\" content=\"Mahr\" \/>\n<meta property=\"og:description\" content=\"Mahr, \u017eenski no\u0107ni pritiskiva\u010d germanske tradicije. Jezi\u010dno sa\u010duvan prapraoblik povezan s albdruckom i no\u0107nom morom.\" \/>\n<meta property=\"og:url\" content=\"https:\/\/iwell-guard.com\/hr\/mahr\/\" \/>\n<meta property=\"og:site_name\" content=\"iWell Guard\" \/>\n<meta property=\"article:modified_time\" content=\"2026-09-04T05:21:57+00:00\" \/>\n<meta property=\"og:image\" content=\"https:\/\/iwell-guard.com\/wp-content\/uploads\/2026\/04\/geister_germanisch_mahr.webp\" \/>\n\t<meta property=\"og:image:width\" content=\"1024\" \/>\n\t<meta property=\"og:image:height\" content=\"1536\" \/>\n\t<meta property=\"og:image:type\" content=\"image\/webp\" \/>\n<meta name=\"twitter:card\" content=\"summary_large_image\" \/>\n<script type=\"application\/ld+json\" class=\"yoast-schema-graph\">{\"@context\":\"https:\\\/\\\/schema.org\",\"@graph\":[{\"@type\":\"WebPage\",\"@id\":\"https:\\\/\\\/iwell-guard.com\\\/hr\\\/mahr\\\/\",\"url\":\"https:\\\/\\\/iwell-guard.com\\\/hr\\\/mahr\\\/\",\"name\":\"Mahr - \u017denski no\u0107ni pritiskiva\u010d\",\"isPartOf\":{\"@id\":\"https:\\\/\\\/iwell-guard.com\\\/hr\\\/#website\"},\"primaryImageOfPage\":{\"@id\":\"https:\\\/\\\/iwell-guard.com\\\/hr\\\/mahr\\\/#primaryimage\"},\"image\":{\"@id\":\"https:\\\/\\\/iwell-guard.com\\\/hr\\\/mahr\\\/#primaryimage\"},\"thumbnailUrl\":\"https:\\\/\\\/iwell-guard.com\\\/wp-content\\\/uploads\\\/2026\\\/04\\\/geister_germanisch_mahr.webp\",\"datePublished\":\"2026-09-04T05:09:45+00:00\",\"dateModified\":\"2026-09-04T05:21:57+00:00\",\"description\":\"Mahr, \u017eenski no\u0107ni pritiskiva\u010d germanske tradicije. Jezi\u010dno sa\u010duvan prapraoblik povezan s albdruckom i no\u0107nom morom.\",\"breadcrumb\":{\"@id\":\"https:\\\/\\\/iwell-guard.com\\\/hr\\\/mahr\\\/#breadcrumb\"},\"inLanguage\":\"hr\",\"potentialAction\":[{\"@type\":\"ReadAction\",\"target\":[\"https:\\\/\\\/iwell-guard.com\\\/hr\\\/mahr\\\/\"]}]},{\"@type\":\"ImageObject\",\"inLanguage\":\"hr\",\"@id\":\"https:\\\/\\\/iwell-guard.com\\\/hr\\\/mahr\\\/#primaryimage\",\"url\":\"https:\\\/\\\/iwell-guard.com\\\/wp-content\\\/uploads\\\/2026\\\/04\\\/geister_germanisch_mahr.webp\",\"contentUrl\":\"https:\\\/\\\/iwell-guard.com\\\/wp-content\\\/uploads\\\/2026\\\/04\\\/geister_germanisch_mahr.webp\",\"width\":1024,\"height\":1536,\"caption\":\"Duhovi iz germanske tradicije.\"},{\"@type\":\"BreadcrumbList\",\"@id\":\"https:\\\/\\\/iwell-guard.com\\\/hr\\\/mahr\\\/#breadcrumb\",\"itemListElement\":[{\"@type\":\"ListItem\",\"position\":1,\"name\":\"Start\",\"item\":\"https:\\\/\\\/iwell-guard.com\\\/hr\\\/?page_id=149317\"},{\"@type\":\"ListItem\",\"position\":2,\"name\":\"Mahr\"}]},{\"@type\":\"WebSite\",\"@id\":\"https:\\\/\\\/iwell-guard.com\\\/hr\\\/#website\",\"url\":\"https:\\\/\\\/iwell-guard.com\\\/hr\\\/\",\"name\":\"iWell Guard\",\"description\":\"Schutz vor dunklen Einfl\u00fcssen\",\"publisher\":{\"@id\":\"https:\\\/\\\/iwell-guard.com\\\/hr\\\/#organization\"},\"potentialAction\":[{\"@type\":\"SearchAction\",\"target\":{\"@type\":\"EntryPoint\",\"urlTemplate\":\"https:\\\/\\\/iwell-guard.com\\\/hr\\\/?s={search_term_string}\"},\"query-input\":{\"@type\":\"PropertyValueSpecification\",\"valueRequired\":true,\"valueName\":\"search_term_string\"}}],\"inLanguage\":\"hr\"},{\"@type\":\"Organization\",\"@id\":\"https:\\\/\\\/iwell-guard.com\\\/hr\\\/#organization\",\"name\":\"Ittermann electronic GmbH\",\"url\":\"https:\\\/\\\/iwell-guard.com\\\/hr\\\/\",\"logo\":{\"@type\":\"ImageObject\",\"inLanguage\":\"hr\",\"@id\":\"https:\\\/\\\/iwell-guard.com\\\/hr\\\/#\\\/schema\\\/logo\\\/image\\\/\",\"url\":\"https:\\\/\\\/iwell-guard.com\\\/wp-content\\\/uploads\\\/2026\\\/05\\\/Ittermann-Logo-1182x237-1.png\",\"contentUrl\":\"https:\\\/\\\/iwell-guard.com\\\/wp-content\\\/uploads\\\/2026\\\/05\\\/Ittermann-Logo-1182x237-1.png\",\"width\":1182,\"height\":237,\"caption\":\"Ittermann electronic GmbH\"},\"image\":{\"@id\":\"https:\\\/\\\/iwell-guard.com\\\/hr\\\/#\\\/schema\\\/logo\\\/image\\\/\"},\"sameAs\":[\"https:\\\/\\\/pantip.com\\\/profile\\\/9367242\",\"https:\\\/\\\/micro.blog\\\/iwellguard\",\"https:\\\/\\\/www.diggerslist.com\\\/iwellguard\\\/about\",\"https:\\\/\\\/skitterphoto.com\\\/photographers\\\/2870314\\\/iwell-guard\",\"https:\\\/\\\/iwellguard.wordpress.com\\\/2026\\\/06\\\/06\\\/iwell-guard\\\/\",\"https:\\\/\\\/hub.docker.com\\\/u\\\/iwellguard\",\"https:\\\/\\\/www.pinterest.com\\\/iwellguard\\\/\",\"https:\\\/\\\/bit.ly\\\/m\\\/iwellguard\",\"https:\\\/\\\/entre-vos-mains.alsace.eu\\\/profiles\\\/iwellguard\\\/activity\",\"https:\\\/\\\/gravatar.com\\\/reallybeded8fd34\",\"https:\\\/\\\/naijamatta.com\\\/iwellguard\",\"https:\\\/\\\/www.goodreads.com\\\/iwellguard\",\"https:\\\/\\\/profile.hatena.ne.jp\\\/iwellguard\\\/\",\"https:\\\/\\\/experiment.com\\\/users\\\/iwellguard\",\"https:\\\/\\\/wakelet.com\\\/@iWellGuard82270\",\"https:\\\/\\\/www.chordie.com\\\/forum\\\/profile.php?id=2555664\",\"https:\\\/\\\/www.instapaper.com\\\/p\\\/17757966\",\"https:\\\/\\\/www.mapleprimes.com\\\/users\\\/iwellguard\",\"https:\\\/\\\/businesslistingplus.com\\\/profile\\\/iwell-guard\\\/\",\"https:\\\/\\\/telegra.ph\\\/iWell-Guard-06-06\",\"https:\\\/\\\/pbase.com\\\/iwellguard\\\/iwellguard\",\"https:\\\/\\\/b.hatena.ne.jp\\\/iwellguard\\\/20260607#bookmark-4788405196491818882\",\"https:\\\/\\\/fliphtml5.com\\\/home\\\/iwellguard\",\"https:\\\/\\\/anyflip.com\\\/homepage\\\/cmiwl#About\",\"https:\\\/\\\/transfur.com\\\/Users\\\/iwellguard\",\"http:\\\/\\\/delphi.larsbo.org\\\/user\\\/iwellguard\",\"https:\\\/\\\/jobs.lajobsportal.org\\\/profiles\\\/8380803-iwell-guard\",\"https:\\\/\\\/md.chaosdorf.de\\\/s\\\/jfbe5SBdJD\",\"https:\\\/\\\/www.lingvolive.com\\\/en-us\\\/profile\\\/9ecaeaca-ce11-4e51-9e71-01d55e2bff36\\\/translations\",\"https:\\\/\\\/www.fitday.com\\\/fitness\\\/forums\\\/members\\\/iwellguard.html\",\"https:\\\/\\\/www.mymeetbook.com\\\/iwellguard\",\"https:\\\/\\\/pxhere.com\\\/en\\\/photographer-me\\\/5040798\",\"https:\\\/\\\/disqus.com\\\/by\\\/iwellguard\\\/about\\\/\",\"https:\\\/\\\/pastelink.net\\\/hjwciqwq\",\"https:\\\/\\\/pubhtml5.com\\\/homepage\\\/scjhn\\\/\",\"https:\\\/\\\/www.bitchute.com\\\/channel\\\/2O2eOKzNqujT\",\"https:\\\/\\\/audiomack.com\\\/iwellguard\"]},{\"@type\":\"Article\",\"@id\":\"https:\\\/\\\/iwell-guard.com\\\/hr\\\/mahr\\\/#article\",\"isPartOf\":{\"@id\":\"https:\\\/\\\/iwell-guard.com\\\/hr\\\/mahr\\\/\"},\"author\":{\"name\":\"Ralf Ittermann\",\"@id\":\"https:\\\/\\\/iwell-guard.com\\\/hr\\\/#\\\/schema\\\/person\\\/ee2a27f1cac3406c7c6fb5820cb7349f\"},\"headline\":\"Mahr\",\"datePublished\":\"2026-09-04T05:09:45+00:00\",\"dateModified\":\"2026-09-04T05:21:57+00:00\",\"mainEntityOfPage\":{\"@id\":\"https:\\\/\\\/iwell-guard.com\\\/hr\\\/mahr\\\/\"},\"publisher\":{\"@id\":\"https:\\\/\\\/iwell-guard.com\\\/hr\\\/#organization\"},\"image\":{\"@id\":\"https:\\\/\\\/iwell-guard.com\\\/hr\\\/mahr\\\/#primaryimage\"},\"thumbnailUrl\":\"https:\\\/\\\/iwell-guard.com\\\/wp-content\\\/uploads\\\/2026\\\/04\\\/geister_germanisch_mahr.webp\",\"inLanguage\":\"hr\",\"description\":\"Mahr, \u017eenski no\u0107ni pritiskiva\u010d germanske tradicije. Jezi\u010dno sa\u010duvan prapraoblik povezan s albdruckom i no\u0107nom morom.\"}]}<\/script>\n<!-- \/ Yoast SEO Premium plugin. -->","yoast_head_json":{"title":"Mahr - \u017denski no\u0107ni pritiskiva\u010d","description":"Mahr, \u017eenski no\u0107ni pritiskiva\u010d germanske tradicije. Jezi\u010dno sa\u010duvan prapraoblik povezan s albdruckom i no\u0107nom morom.","robots":{"index":"index","follow":"follow","max-snippet":"max-snippet:-1","max-image-preview":"max-image-preview:large","max-video-preview":"max-video-preview:-1"},"canonical":"https:\/\/iwell-guard.com\/hr\/mahr\/","og_locale":"hr_HR","og_type":"article","og_title":"Mahr","og_description":"Mahr, \u017eenski no\u0107ni pritiskiva\u010d germanske tradicije. Jezi\u010dno sa\u010duvan prapraoblik povezan s albdruckom i no\u0107nom morom.","og_url":"https:\/\/iwell-guard.com\/hr\/mahr\/","og_site_name":"iWell Guard","article_modified_time":"2026-09-04T05:21:57+00:00","og_image":[{"width":1024,"height":1536,"url":"https:\/\/iwell-guard.com\/wp-content\/uploads\/2026\/04\/geister_germanisch_mahr.webp","type":"image\/webp"}],"twitter_card":"summary_large_image","schema":{"@context":"https:\/\/schema.org","@graph":[{"@type":"Article","@id":"https:\/\/iwell-guard.com\/hr\/mahr\/#article","isPartOf":{"@id":"https:\/\/iwell-guard.com\/hr\/mahr\/"},"author":{"name":"Ralf Ittermann","@id":"https:\/\/iwell-guard.com\/hr\/#\/schema\/person\/ee2a27f1cac3406c7c6fb5820cb7349f"},"headline":"Mahr","datePublished":"2026-09-04T05:09:45+00:00","dateModified":"2026-09-04T05:21:57+00:00","mainEntityOfPage":{"@id":"https:\/\/iwell-guard.com\/hr\/mahr\/"},"publisher":{"@id":"https:\/\/iwell-guard.com\/hr\/#organization"},"image":{"@id":"https:\/\/iwell-guard.com\/hr\/mahr\/#primaryimage"},"thumbnailUrl":"https:\/\/iwell-guard.com\/wp-content\/uploads\/2026\/04\/geister_germanisch_mahr.webp","inLanguage":"hr","description":"Mahr, \u017eenski no\u0107ni pritiskiva\u010d germanske tradicije. Jezi\u010dno sa\u010duvan prapraoblik povezan s albdruckom i no\u0107nom morom."},{"@type":"WebPage","@id":"https:\/\/iwell-guard.com\/hr\/mahr\/","url":"https:\/\/iwell-guard.com\/hr\/mahr\/","name":"Mahr - \u017denski no\u0107ni pritiskiva\u010d","isPartOf":{"@id":"https:\/\/iwell-guard.com\/hr\/#website"},"primaryImageOfPage":{"@id":"https:\/\/iwell-guard.com\/hr\/mahr\/#primaryimage"},"image":{"@id":"https:\/\/iwell-guard.com\/hr\/mahr\/#primaryimage"},"thumbnailUrl":"https:\/\/iwell-guard.com\/wp-content\/uploads\/2026\/04\/geister_germanisch_mahr.webp","datePublished":"2026-09-04T05:09:45+00:00","dateModified":"2026-09-04T05:21:57+00:00","description":"Mahr, \u017eenski no\u0107ni pritiskiva\u010d germanske tradicije. Jezi\u010dno sa\u010duvan prapraoblik povezan s albdruckom i no\u0107nom morom.","breadcrumb":{"@id":"https:\/\/iwell-guard.com\/hr\/mahr\/#breadcrumb"},"inLanguage":"hr","potentialAction":[{"@type":"ReadAction","target":["https:\/\/iwell-guard.com\/hr\/mahr\/"]}]},{"@type":"ImageObject","inLanguage":"hr","@id":"https:\/\/iwell-guard.com\/hr\/mahr\/#primaryimage","url":"https:\/\/iwell-guard.com\/wp-content\/uploads\/2026\/04\/geister_germanisch_mahr.webp","contentUrl":"https:\/\/iwell-guard.com\/wp-content\/uploads\/2026\/04\/geister_germanisch_mahr.webp","width":1024,"height":1536,"caption":"Duhovi iz germanske tradicije."},{"@type":"BreadcrumbList","@id":"https:\/\/iwell-guard.com\/hr\/mahr\/#breadcrumb","itemListElement":[{"@type":"ListItem","position":1,"name":"Start","item":"https:\/\/iwell-guard.com\/hr\/?page_id=149317"},{"@type":"ListItem","position":2,"name":"Mahr"}]},{"@type":"WebSite","@id":"https:\/\/iwell-guard.com\/hr\/#website","url":"https:\/\/iwell-guard.com\/hr\/","name":"iWell Guard","description":"Schutz vor dunklen Einfl\u00fcssen","publisher":{"@id":"https:\/\/iwell-guard.com\/hr\/#organization"},"potentialAction":[{"@type":"SearchAction","target":{"@type":"EntryPoint","urlTemplate":"https:\/\/iwell-guard.com\/hr\/?s={search_term_string}"},"query-input":{"@type":"PropertyValueSpecification","valueRequired":true,"valueName":"search_term_string"}}],"inLanguage":"hr"},{"@type":"Organization","@id":"https:\/\/iwell-guard.com\/hr\/#organization","name":"Ittermann electronic GmbH","url":"https:\/\/iwell-guard.com\/hr\/","logo":{"@type":"ImageObject","inLanguage":"hr","@id":"https:\/\/iwell-guard.com\/hr\/#\/schema\/logo\/image\/","url":"https:\/\/iwell-guard.com\/wp-content\/uploads\/2026\/05\/Ittermann-Logo-1182x237-1.png","contentUrl":"https:\/\/iwell-guard.com\/wp-content\/uploads\/2026\/05\/Ittermann-Logo-1182x237-1.png","width":1182,"height":237,"caption":"Ittermann electronic GmbH"},"image":{"@id":"https:\/\/iwell-guard.com\/hr\/#\/schema\/logo\/image\/"},"sameAs":["https:\/\/pantip.com\/profile\/9367242","https:\/\/micro.blog\/iwellguard","https:\/\/www.diggerslist.com\/iwellguard\/about","https:\/\/skitterphoto.com\/photographers\/2870314\/iwell-guard","https:\/\/iwellguard.wordpress.com\/2026\/06\/06\/iwell-guard\/","https:\/\/hub.docker.com\/u\/iwellguard","https:\/\/www.pinterest.com\/iwellguard\/","https:\/\/bit.ly\/m\/iwellguard","https:\/\/entre-vos-mains.alsace.eu\/profiles\/iwellguard\/activity","https:\/\/gravatar.com\/reallybeded8fd34","https:\/\/naijamatta.com\/iwellguard","https:\/\/www.goodreads.com\/iwellguard","https:\/\/profile.hatena.ne.jp\/iwellguard\/","https:\/\/experiment.com\/users\/iwellguard","https:\/\/wakelet.com\/@iWellGuard82270","https:\/\/www.chordie.com\/forum\/profile.php?id=2555664","https:\/\/www.instapaper.com\/p\/17757966","https:\/\/www.mapleprimes.com\/users\/iwellguard","https:\/\/businesslistingplus.com\/profile\/iwell-guard\/","https:\/\/telegra.ph\/iWell-Guard-06-06","https:\/\/pbase.com\/iwellguard\/iwellguard","https:\/\/b.hatena.ne.jp\/iwellguard\/20260607#bookmark-4788405196491818882","https:\/\/fliphtml5.com\/home\/iwellguard","https:\/\/anyflip.com\/homepage\/cmiwl#About","https:\/\/transfur.com\/Users\/iwellguard","http:\/\/delphi.larsbo.org\/user\/iwellguard","https:\/\/jobs.lajobsportal.org\/profiles\/8380803-iwell-guard","https:\/\/md.chaosdorf.de\/s\/jfbe5SBdJD","https:\/\/www.lingvolive.com\/en-us\/profile\/9ecaeaca-ce11-4e51-9e71-01d55e2bff36\/translations","https:\/\/www.fitday.com\/fitness\/forums\/members\/iwellguard.html","https:\/\/www.mymeetbook.com\/iwellguard","https:\/\/pxhere.com\/en\/photographer-me\/5040798","https:\/\/disqus.com\/by\/iwellguard\/about\/","https:\/\/pastelink.net\/hjwciqwq","https:\/\/pubhtml5.com\/homepage\/scjhn\/","https:\/\/www.bitchute.com\/channel\/2O2eOKzNqujT","https:\/\/audiomack.com\/iwellguard"]},{"@type":"Person","@id":"https:\/\/iwell-guard.com\/hr\/#\/schema\/person\/ee2a27f1cac3406c7c6fb5820cb7349f","name":"Ralf Ittermann","image":{"@type":"ImageObject","inLanguage":"hr","@id":"https:\/\/secure.gravatar.com\/avatar\/073c0153e350a5005b68eb752b445fea71f6b24a26da9449ad7e155e6b446c9d?s=96&d=mm&r=g","url":"https:\/\/secure.gravatar.com\/avatar\/073c0153e350a5005b68eb752b445fea71f6b24a26da9449ad7e155e6b446c9d?s=96&d=mm&r=g","contentUrl":"https:\/\/secure.gravatar.com\/avatar\/073c0153e350a5005b68eb752b445fea71f6b24a26da9449ad7e155e6b446c9d?s=96&d=mm&r=g","caption":"Ralf Ittermann"},"givenName":"Ralf","familyName":"Ittermann","jobTitle":"Gesch\u00e4ftsf\u00fchrer und redaktioneller Verantwortlicher","url":"https:\/\/iwell-guard.com\/hr\/author\/claude\/","description":"Ralf Ittermann ist Gesch\u00e4ftsf\u00fchrer der Ittermann electronic GmbH und redaktioneller Verantwortlicher des iWell-Guard-Lexikons. Er verbindet langj\u00e4hrige Erfahrung in der Pr\u00e4zisionsfertigung mit medialer Praxis und religionsgeschichtlicher Quellenarbeit.","worksFor":{"@type":"Organization","name":"Ittermann electronic GmbH","url":"https:\/\/ittermann.de\/","address":{"@type":"PostalAddress","streetAddress":"K\u00f6hlergasse 16-18","postalCode":"99842","addressLocality":"Ruhla","addressCountry":"DE"}},"knowsAbout":["Religionsgeschichte","Mythologie","Mediale Praxis","Energetische Diagnostik","Schutzpraxis","Volksglauben","Westliche Esoterik"]},{"@type":"Article","@id":"https:\/\/iwell-guard.com\/hr\/mahr\/#article","isPartOf":{"@id":"https:\/\/iwell-guard.com\/hr\/mahr\/"},"author":{"name":"Ralf Ittermann","@id":"https:\/\/iwell-guard.com\/hr\/#\/schema\/person\/ee2a27f1cac3406c7c6fb5820cb7349f"},"headline":"Mahr","datePublished":"2026-09-04T05:09:45+00:00","dateModified":"2026-09-04T05:21:57+00:00","mainEntityOfPage":{"@id":"https:\/\/iwell-guard.com\/hr\/mahr\/"},"publisher":{"@id":"https:\/\/iwell-guard.com\/hr\/#organization"},"image":{"@id":"https:\/\/iwell-guard.com\/hr\/mahr\/#primaryimage"},"thumbnailUrl":"https:\/\/iwell-guard.com\/wp-content\/uploads\/2026\/04\/geister_germanisch_mahr.webp","inLanguage":"hr","description":"Mahr, \u017eenski no\u0107ni pritiskiva\u010d germanske tradicije. Jezi\u010dno sa\u010duvan prapraoblik povezan s albdruckom i no\u0107nom morom."}]}},"_links":{"self":[{"href":"https:\/\/iwell-guard.com\/hr\/wp-json\/wp\/v2\/pages\/149367","targetHints":{"allow":["GET"]}}],"collection":[{"href":"https:\/\/iwell-guard.com\/hr\/wp-json\/wp\/v2\/pages"}],"about":[{"href":"https:\/\/iwell-guard.com\/hr\/wp-json\/wp\/v2\/types\/page"}],"author":[{"embeddable":true,"href":"https:\/\/iwell-guard.com\/hr\/wp-json\/wp\/v2\/users\/3"}],"replies":[{"embeddable":true,"href":"https:\/\/iwell-guard.com\/hr\/wp-json\/wp\/v2\/comments?post=149367"}],"version-history":[{"count":0,"href":"https:\/\/iwell-guard.com\/hr\/wp-json\/wp\/v2\/pages\/149367\/revisions"}],"wp:featuredmedia":[{"embeddable":true,"href":"https:\/\/iwell-guard.com\/hr\/wp-json\/wp\/v2\/media\/1681"}],"wp:attachment":[{"href":"https:\/\/iwell-guard.com\/hr\/wp-json\/wp\/v2\/media?parent=149367"}],"wp:term":[{"taxonomy":"category","embeddable":true,"href":"https:\/\/iwell-guard.com\/hr\/wp-json\/wp\/v2\/categories?post=149367"}],"curies":[{"name":"wp","href":"https:\/\/api.w.org\/{rel}","templated":true}]}}