{"id":149361,"date":"2026-09-04T05:09:42","date_gmt":"2026-09-04T05:09:42","guid":{"rendered":"https:\/\/iwell-guard.com\/?page_id=149361"},"modified":"2026-09-04T05:21:48","modified_gmt":"2026-09-04T05:21:48","slug":"ifrit","status":"publish","type":"page","link":"https:\/\/iwell-guard.com\/hr\/ifrit\/","title":{"rendered":"Ifrit"},"content":{"rendered":"\t\t<div data-elementor-type=\"wp-page\" data-elementor-id=\"149361\" class=\"elementor elementor-149361 elementor-1026\" data-elementor-post-type=\"page\">\n\t\t\t\t<div class=\"elementor-element elementor-element-10fdade e-flex e-con-boxed e-con e-parent\" data-id=\"10fdade\" data-element_type=\"container\" data-e-type=\"container\" data-settings=\"{&quot;background_background&quot;:&quot;classic&quot;}\">\n\t\t\t\t\t<div class=\"e-con-inner\">\n\t\t<div class=\"elementor-element elementor-element-herohlft0 e-flex e-con-boxed e-con e-child\" data-id=\"herohlft0\" data-element_type=\"container\" data-e-type=\"container\">\n\t\t\t\t\t<div class=\"e-con-inner\">\n\t\t<div class=\"elementor-element elementor-element-c3ceb64 e-con-full e-flex e-con e-child\" data-id=\"c3ceb64\" data-element_type=\"container\" data-e-type=\"container\">\n\t\t\t\t<div class=\"elementor-element elementor-element-96ae5e1 elementor-widget elementor-widget-heading\" data-id=\"96ae5e1\" data-element_type=\"widget\" data-e-type=\"widget\" data-widget_type=\"heading.default\">\n\t\t\t\t\t<h1 class=\"elementor-heading-title elementor-size-default\">Ifrit, demon islamske tradicije<\/h1>\t\t\t\t<\/div>\n\t\t\t\t<div class=\"elementor-element elementor-element-e45238a elementor-widget elementor-widget-text-editor\" data-id=\"e45238a\" data-element_type=\"widget\" data-e-type=\"widget\" data-widget_type=\"text-editor.default\">\n\t\t\t\t\t\t\t\t\t<p>Ifrit je <span class=\"iwg-fachbegriff\" data-tooltip=\"Duhovno bi\u0107e kojemu se pripisuje \u0161tetno ili dvojako djelovanje.\" tabindex=\"0\">demon<\/span> islamske tradicije.<\/p><p>Mo\u0107ni <span class=\"iwg-fachbegriff\" tabindex=\"0\" data-tooltip=\"U Kuranu bi\u0107a od dima bez plamena, s vlastitom slobodnom voljom, ni an\u0111eli ni demoni, ve\u0107 samostalno stvorenje s vlastitim moralom.\">d\u017einovi<\/span>, vatrena bi\u0107a izme\u0111u Salomonova <span class=\"iwg-fachbegriff\" data-tooltip=\"Predaja koja pripovijeda o bogovima, podrijetlu i poretku svijeta.\" tabindex=\"0\">mita<\/span> i Tisu\u0107u i jedne no\u0107i.<\/p>\t\t\t\t\t\t\t\t<\/div>\n\t\t\t\t<\/div>\n\t\t<div class=\"elementor-element elementor-element-klsbdg01 e-con-full e-flex e-con e-parent\" data-id=\"klsbdg01\" data-element_type=\"container\" data-e-type=\"container\">\n\t\t\t\t<div class=\"elementor-element elementor-element-klshtm01 elementor-widget elementor-widget-html\" data-id=\"klshtm01\" data-element_type=\"widget\" data-e-type=\"widget\" data-widget_type=\"html.default\">\n\t\t\t\t\t<div class=\"iwg-pill-row\"><span class=\"iwg-klasse-badge\" tabindex=\"0\" data-tooltip=\"Demon: Natprirodno bi\u0107e s uglavnom \u0161tetnim ili dvozna\u010dnim djelovanjem. Stoji izme\u0111u bogova i ljudi, uzrokuje bolest, isku\u0161enje ili nesre\u0107u, a odbija se prizivanjem, apotropejskim predmetima i ritualima.\">Demon<\/span><a href=\"https:\/\/iwell-guard.com\/hr\/?page_id=149350\" class=\"iwg-kultur-badge\" tabindex=\"0\" data-tooltip=\"Islamski svijet vjerovanja s arhan\u0111elima, d\u017einima i religijskim bi\u0107ima.\">Islam<\/a><\/div>\t\t\t\t<\/div>\n\t\t\t\t<\/div>\n\t\t<div class=\"elementor-element elementor-element-3f74855 e-con-full e-flex e-con e-child\" data-id=\"3f74855\" data-element_type=\"container\" data-e-type=\"container\">\n\t\t\t\t<div class=\"elementor-element elementor-element-1c30362 elementor-toc--minimized-on-tablet elementor-widget elementor-widget-table-of-contents\" data-id=\"1c30362\" data-element_type=\"widget\" data-e-type=\"widget\" data-settings=\"{&quot;exclude_headings_by_selector&quot;:[],&quot;no_headings_message&quot;:&quot;Na ovoj stranici nisu prona\\u0111eni naslovi.&quot;,&quot;headings_by_tags&quot;:[&quot;h2&quot;,&quot;h3&quot;],&quot;marker_view&quot;:&quot;bullets&quot;,&quot;icon&quot;:{&quot;value&quot;:&quot;fas fa-circle&quot;,&quot;library&quot;:&quot;fa-solid&quot;,&quot;rendered_tag&quot;:&quot;&lt;svg class=\\&quot;e-font-icon-svg e-fas-circle\\&quot; viewBox=\\&quot;0 0 512 512\\&quot; xmlns=\\&quot;http:\\\/\\\/www.w3.org\\\/2000\\\/svg\\&quot;&gt;&lt;path d=\\&quot;M256 8C119 8 8 119 8 256s111 248 248 248 248-111 248-248S393 8 256 8z\\&quot;&gt;&lt;\\\/path&gt;&lt;\\\/svg&gt;&quot;},&quot;minimize_box&quot;:&quot;yes&quot;,&quot;minimized_on&quot;:&quot;tablet&quot;,&quot;hierarchical_view&quot;:&quot;yes&quot;,&quot;min_height&quot;:{&quot;unit&quot;:&quot;px&quot;,&quot;size&quot;:&quot;&quot;,&quot;sizes&quot;:[]},&quot;min_height_tablet&quot;:{&quot;unit&quot;:&quot;px&quot;,&quot;size&quot;:&quot;&quot;,&quot;sizes&quot;:[]},&quot;min_height_mobile&quot;:{&quot;unit&quot;:&quot;px&quot;,&quot;size&quot;:&quot;&quot;,&quot;sizes&quot;:[]}}\" data-widget_type=\"table-of-contents.default\">\n\t\t\t\t\t\t\t\t\t<div class=\"elementor-toc__header\">\n\t\t\t\t\t\t<h2 class=\"elementor-toc__header-title\">\n\t\t\t\tSadr\u017eaj\t\t\t<\/h2>\n\t\t\t\t\t\t\t\t\t\t<div class=\"elementor-toc__toggle-button elementor-toc__toggle-button--expand\" role=\"button\" tabindex=\"0\" aria-controls=\"elementor-toc__1c30362\" aria-expanded=\"true\" aria-label=\"Open table of contents\"><svg aria-hidden=\"true\" class=\"e-font-icon-svg e-fas-chevron-down\" viewBox=\"0 0 448 512\" xmlns=\"http:\/\/www.w3.org\/2000\/svg\"><path d=\"M207.029 381.476L12.686 187.132c-9.373-9.373-9.373-24.569 0-33.941l22.667-22.667c9.357-9.357 24.522-9.375 33.901-.04L224 284.505l154.745-154.021c9.379-9.335 24.544-9.317 33.901.04l22.667 22.667c9.373 9.373 9.373 24.569 0 33.941L240.971 381.476c-9.373 9.372-24.569 9.372-33.942 0z\"><\/path><\/svg><\/div>\n\t\t\t\t<div class=\"elementor-toc__toggle-button elementor-toc__toggle-button--collapse\" role=\"button\" tabindex=\"0\" aria-controls=\"elementor-toc__1c30362\" aria-expanded=\"true\" aria-label=\"Close table of contents\"><svg aria-hidden=\"true\" class=\"e-font-icon-svg e-fas-chevron-up\" viewBox=\"0 0 448 512\" xmlns=\"http:\/\/www.w3.org\/2000\/svg\"><path d=\"M240.971 130.524l194.343 194.343c9.373 9.373 9.373 24.569 0 33.941l-22.667 22.667c-9.357 9.357-24.522 9.375-33.901.04L224 227.495 69.255 381.516c-9.379 9.335-24.544 9.317-33.901-.04l-22.667-22.667c-9.373-9.373-9.373-24.569 0-33.941L207.03 130.525c9.372-9.373 24.568-9.373 33.941-.001z\"><\/path><\/svg><\/div>\n\t\t\t\t\t<\/div>\n\t\t\t\t<div id=\"elementor-toc__1c30362\" class=\"elementor-toc__body\">\n\t\t\t<div class=\"elementor-toc__spinner-container\">\n\t\t\t\t<svg class=\"elementor-toc__spinner eicon-animation-spin e-font-icon-svg e-eicon-loading\" aria-hidden=\"true\" viewBox=\"0 0 1000 1000\" xmlns=\"http:\/\/www.w3.org\/2000\/svg\"><path d=\"M500 975V858C696 858 858 696 858 500S696 142 500 142 142 304 142 500H25C25 237 238 25 500 25S975 237 975 500 763 975 500 975Z\"><\/path><\/svg>\t\t\t<\/div>\n\t\t<\/div>\n\t\t\t\t\t\t<\/div>\n\t\t\t\t<\/div>\n\t\t\t\t\t<\/div>\n\t\t\t\t<\/div>\n\t\t<div class=\"elementor-element elementor-element-herorght0 e-con-full e-flex e-con e-child\" data-id=\"herorght0\" data-element_type=\"container\" data-e-type=\"container\">\n\t\t\t\t<div class=\"elementor-element elementor-element-heroimg00 iwg-hero-image elementor-widget elementor-widget-image\" data-id=\"heroimg00\" data-element_type=\"widget\" data-e-type=\"widget\" data-widget_type=\"image.default\">\n\t\t\t\t\t\t\t\t\t\t\t\t\t\t\t<img fetchpriority=\"high\" decoding=\"async\" width=\"683\" height=\"1024\" src=\"https:\/\/iwell-guard.com\/wp-content\/uploads\/2026\/04\/daemonen_islam_ifrit-683x1024.webp\" class=\"attachment-large size-large wp-image-151773\" alt=\"Ifrit - demoni iz islamske tradicije, povijesno-ilustrativno\" srcset=\"https:\/\/iwell-guard.com\/wp-content\/uploads\/2026\/04\/daemonen_islam_ifrit-683x1024.webp 683w, https:\/\/iwell-guard.com\/wp-content\/uploads\/2026\/04\/daemonen_islam_ifrit-200x300.webp 200w, https:\/\/iwell-guard.com\/wp-content\/uploads\/2026\/04\/daemonen_islam_ifrit-768x1152.webp 768w, https:\/\/iwell-guard.com\/wp-content\/uploads\/2026\/04\/daemonen_islam_ifrit.webp 1024w\" sizes=\"(max-width: 683px) 100vw, 683px\" \/>\t\t\t\t\t\t\t\t\t\t\t\t\t\t\t<\/div>\n\t\t\t\t<\/div>\n\t\t\t\t\t<\/div>\n\t\t\t\t<\/div>\n\t\t<div class=\"elementor-element elementor-element-32917199 e-flex e-con-boxed e-con e-parent\" data-id=\"32917199\" data-element_type=\"container\" data-e-type=\"container\">\n\t\t\t\t\t<div class=\"e-con-inner\">\n\t\t<div class=\"elementor-element elementor-element-26e916cb e-flex e-con-boxed e-con e-child\" data-id=\"26e916cb\" data-element_type=\"container\" data-e-type=\"container\">\n\t\t\t\t\t<div class=\"e-con-inner\">\n\t\t<div class=\"elementor-element elementor-element-253a40d4 e-flex e-con-boxed e-con e-child\" data-id=\"253a40d4\" data-element_type=\"container\" data-e-type=\"container\">\n\t\t\t\t\t<div class=\"e-con-inner\">\n\t\t\t\t<div class=\"elementor-element elementor-element-1200c304 elementor-widget elementor-widget-heading\" data-id=\"1200c304\" data-element_type=\"widget\" data-e-type=\"widget\" data-widget_type=\"heading.default\">\n\t\t\t\t\t<h2 class=\"elementor-heading-title elementor-size-default\">Ifrit<\/h2>\t\t\t\t<\/div>\n\t\t\t\t<div class=\"elementor-element elementor-element-11758e7f elementor-widget elementor-widget-text-editor\" data-id=\"11758e7f\" data-element_type=\"widget\" data-e-type=\"widget\" data-widget_type=\"text-editor.default\">\n\t\t\t\t\t\t\t\t\t<p>Ifrit je posebno mo\u0107na klasa d\u017eina. Kuran spominje taj lik jednom (sura 27,39): ifrit ponudi kralju Salomonu da za trenutak donese prijestolje kraljice od Sabe.<\/p><p>Ve\u0107 ta jedina spomena definira ifrita: ogroman, sna\u017ean, brz, sposoban za veliku <span class=\"iwg-fachbegriff\" data-tooltip=\"Prakse koje pomo\u0107u posebnih radnji ili formula poku\u0161avaju utjecati na tijek stvari.\" tabindex=\"0\">magiju<\/span>. Kasnija tradicija, posebno Tisu\u0107u i jedna no\u0107, iz toga razvija samostalan lik.<\/p><p>Za razliku od obi\u010dnih d\u017eina, ifriti su naj\u010de\u0161\u0107e neprijateljski nastrojeni. \u010cuvaju blago, otimaju princeze, borbe se s junacima, mogu biti sputani i prisiljeni, ali i pobje\u0107i te se osvetiti. U pu\u010dkoj predaji \u010desto su povezani s grobljima, mjestima nasilne smrti i surovim pustinjama. Njihova je boja crvena ili crna, element vatra, a veli\u010dina neobi\u010dno velika.<\/p><div><p><strong>Ifrit u Kuranu: Salomonovi svemo\u0107ni d\u017einovi<\/strong><\/p><p>Sura 27,39 spominje ifrita iz reda d\u017eina koji Salomonu ponudi da donese prijestolje prije nego \u0161to Salomon trepne. To pokazuje ifrita kao najmo\u0107niju klasu d\u017eina; u sekundama mogu u\u010diniti \u010dudesa za koja bi ljudskim zanatlijama trebali mjeseci.<\/p><p>Kuran to koristi kao metaforu bo\u017eje svemo\u0107i: ako je ifrit tako mo\u0107an, koliko je mo\u0107niji Allah? Time se ifrit uspostavlja kao kozmolo\u0161ka referentna to\u010dka, stvorenje mo\u0107i koje je i dalje podlo\u017eno volji \u010distog smrtnog kralja, ako taj u\u017eiva Allahovu milost.<\/p><p>U toj sceni ifrit ostaje moralno neutralan: obavlja zadatak koji odgovara njegovim natprirodnim sposobnostima. Drugi kuranski odlomci, naprotiv, isti\u010du da ifriti mogu biti razorni i buntovni; ifrit koji se suprotstavi proroku mogao bi lo\u0161e zavr\u0161iti.<\/p><\/div>\t\t\t\t\t\t\t\t<\/div>\n\t\t\t\t\t<\/div>\n\t\t\t\t<\/div>\n\t\t<div class=\"elementor-element elementor-element-159dcf9a e-flex e-con-boxed e-con e-child\" data-id=\"159dcf9a\" data-element_type=\"container\" data-e-type=\"container\">\n\t\t\t\t\t<div class=\"e-con-inner\">\n\t\t\t\t<div class=\"elementor-element elementor-element-48cee66f elementor-widget elementor-widget-heading\" data-id=\"48cee66f\" data-element_type=\"widget\" data-e-type=\"widget\" data-widget_type=\"heading.default\">\n\t\t\t\t\t<h2 class=\"elementor-heading-title elementor-size-default\">Pregled: Ifrit<\/h2>\t\t\t\t<\/div>\n\t\t\t\t<div class=\"elementor-element elementor-element-3f50d82c elementor-widget elementor-widget-text-editor\" data-id=\"3f50d82c\" data-element_type=\"widget\" data-e-type=\"widget\" data-widget_type=\"text-editor.default\">\n\t\t\t\t\t\t\t\t\t<p><strong>Tip:<\/strong> mo\u0107na podvrsta d\u017eina<br>Podrijetlo: vatra, pustinja, mjesta nasilne smrti<br>Tekstovi: Kuran (sura 27,39), hadis, Tisu\u0107u i jedna no\u0107<br>Razdoblje: od 7. stolje\u0107a do danas<br>Glavna obilje\u017eja: snaga, veli\u010dina, vatrena priroda, \u010desto neprijateljski nastrojen<\/p>\t\t\t\t\t\t\t\t<\/div>\n\t\t\t\t\t<\/div>\n\t\t\t\t<\/div>\n\t\t\t\t\t<\/div>\n\t\t\t\t<\/div>\n\t\t\t\t\t<\/div>\n\t\t\t\t<\/div>\n\t\t<div class=\"elementor-element elementor-element-18613602 e-flex e-con-boxed e-con e-parent\" data-id=\"18613602\" data-element_type=\"container\" data-e-type=\"container\">\n\t\t\t\t\t<div class=\"e-con-inner\">\n\t\t\t\t<div class=\"elementor-element elementor-element-262b8a9f elementor-widget elementor-widget-heading\" data-id=\"262b8a9f\" data-element_type=\"widget\" data-e-type=\"widget\" data-widget_type=\"heading.default\">\n\t\t\t\t\t<h2 class=\"elementor-heading-title elementor-size-default\">Kontekst<\/h2>\t\t\t\t<\/div>\n\t\t<div class=\"elementor-element elementor-element-46dcb7d e-con-full e-flex e-con e-child\" data-id=\"46dcb7d\" data-element_type=\"container\" data-e-type=\"container\">\n\t\t<div class=\"elementor-element elementor-element-61d3ab3 e-flex e-con-boxed e-con e-child\" data-id=\"61d3ab3\" data-element_type=\"container\" data-e-type=\"container\">\n\t\t\t\t\t<div class=\"e-con-inner\">\n\t\t\t\t<div class=\"elementor-element elementor-element-117c166 elementor-widget elementor-widget-heading\" data-id=\"117c166\" data-element_type=\"widget\" data-e-type=\"widget\" data-widget_type=\"heading.default\">\n\t\t\t\t\t<div class=\"elementor-heading-title elementor-size-default\">Zeitraum der Texte<\/div>\t\t\t\t<\/div>\n\t\t\t\t<div class=\"elementor-element elementor-element-73997a0 elementor-widget elementor-widget-text-editor\" data-id=\"73997a0\" data-element_type=\"widget\" data-e-type=\"widget\" data-widget_type=\"text-editor.default\">\n\t\t\t\t\t\t\t\t\t<p>Kuranski spomen u 7. stolje\u0107u, razvijen literarni lik u Tisu\u0107u i jednoj no\u0107i (kompilacija 9. \u2013 14. stolje\u0107e), prisutan u srednjovjekovnoj arapskoj pu\u010dkoj knji\u017eevnosti, modernoj pop-kulturi i fantasy-tradiciji.<\/p>\t\t\t\t\t\t\t\t<\/div>\n\t\t\t\t\t<\/div>\n\t\t\t\t<\/div>\n\t\t<div class=\"elementor-element elementor-element-d47b156 e-flex e-con-boxed e-con e-child\" data-id=\"d47b156\" data-element_type=\"container\" data-e-type=\"container\">\n\t\t\t\t\t<div class=\"e-con-inner\">\n\t\t\t\t<div class=\"elementor-element elementor-element-ff38c2b elementor-widget elementor-widget-heading\" data-id=\"ff38c2b\" data-element_type=\"widget\" data-e-type=\"widget\" data-widget_type=\"heading.default\">\n\t\t\t\t\t<div class=\"elementor-heading-title elementor-size-default\">Verbreitungsraum<\/div>\t\t\t\t<\/div>\n\t\t\t\t<div class=\"elementor-element elementor-element-4e49fcc elementor-widget elementor-widget-text-editor\" data-id=\"4e49fcc\" data-element_type=\"widget\" data-e-type=\"widget\" data-widget_type=\"text-editor.default\">\n\t\t\t\t\t\t\t\t\t<p>Arapski kulturni prostor kao ishodi\u0161te, \u0161iri se islamskim svijetom. Moderna me\u0111unarodna prisutnost putem prijevoda Tisu\u0107u i jedne no\u0107i i fantasy-knji\u017eevnosti.<\/p>\t\t\t\t\t\t\t\t<\/div>\n\t\t\t\t\t<\/div>\n\t\t\t\t<\/div>\n\t\t\t\t<\/div>\n\t\t<div class=\"elementor-element elementor-element-db03c39 e-con-full e-flex e-con e-child\" data-id=\"db03c39\" data-element_type=\"container\" data-e-type=\"container\">\n\t\t<div class=\"elementor-element elementor-element-229a87b e-flex e-con-boxed e-con e-child\" data-id=\"229a87b\" data-element_type=\"container\" data-e-type=\"container\">\n\t\t\t\t\t<div class=\"e-con-inner\">\n\t\t\t\t<div class=\"elementor-element elementor-element-1f471fc elementor-widget elementor-widget-heading\" data-id=\"1f471fc\" data-element_type=\"widget\" data-e-type=\"widget\" data-widget_type=\"heading.default\">\n\t\t\t\t\t<div class=\"elementor-heading-title elementor-size-default\">Quellenlage<\/div>\t\t\t\t<\/div>\n\t\t\t\t<div class=\"elementor-element elementor-element-36b1201 elementor-widget elementor-widget-text-editor\" data-id=\"36b1201\" data-element_type=\"widget\" data-e-type=\"widget\" data-widget_type=\"text-editor.default\">\n\t\t\t\t\t\t\t\t\t<p>Kuran (sura 27,39), klasi\u010dni tefsiri, Tisu\u0107u i jedna no\u0107, al-Damiri, al-Qazwini <em>&#8216;Aja&#8217;ib al-Makhluqat<\/em>, moderni etnografski radovi.<\/p>\t\t\t\t\t\t\t\t<\/div>\n\t\t\t\t\t<\/div>\n\t\t\t\t<\/div>\n\t\t\t\t<\/div>\n\t\t\t\t\t<\/div>\n\t\t\t\t<\/div>\n\t\t<div class=\"elementor-element elementor-element-3ae0637c e-flex e-con-boxed e-con e-parent\" data-id=\"3ae0637c\" data-element_type=\"container\" data-e-type=\"container\">\n\t\t\t\t\t<div class=\"e-con-inner\">\n\t\t\t\t<div class=\"elementor-element elementor-element-31d07739 elementor-widget elementor-widget-heading\" data-id=\"31d07739\" data-element_type=\"widget\" data-e-type=\"widget\" data-widget_type=\"heading.default\">\n\t\t\t\t\t<h2 class=\"elementor-heading-title elementor-size-default\">Naziv<\/h2>\t\t\t\t<\/div>\n\t\t<div class=\"elementor-element elementor-element-b7642947 e-con-full e-flex e-con e-child\" data-id=\"b7642947\" data-element_type=\"container\" data-e-type=\"container\">\n\t\t\t\t<div class=\"elementor-element elementor-element-a086266 elementor-widget elementor-widget-text-editor\" data-id=\"a086266\" data-element_type=\"widget\" data-e-type=\"widget\" data-widget_type=\"text-editor.default\">\n\t\t\t\t\t\t\t\t\t<p><strong>Arapski:<\/strong> <em>\u02bfifr\u012bt<\/em> (jednina), <em>\u02bfaf\u0101r\u012bt<\/em> (mno\u017eina). Etimologija nejasna, mo\u017eda povezana s rije\u010dima za \u201epra\u0161inu&#8221; ili \u201esnagu&#8221;.<br>Engleski: afrit, afreet.<br>Odnos prema d\u017einu: vlastita mo\u0107na klasa, iznad obi\u010dnih d\u017eina.<br>Iznad njih: <em>Marid<\/em>, jo\u0161 mo\u0107niji, \u010desto povezan s vodom.<\/p><p>Klasifikacija jann &lt; d\u017ein &lt; \u0161ejtan &lt; ifrit &lt; marid nije utvr\u0111ena u Kuranu ili hadisu, ve\u0107 je proizvod klasi\u010dnih demonologa. Praksa je slijedi tek djelomi\u010dno; u pu\u010dkoj predaji ifriti se \u010desto povezuju s posebno starim ili nasilno umrlim osobama.<\/p>\t\t\t\t\t\t\t\t<\/div>\n\t\t\t\t<\/div>\n\t\t\t\t\t<\/div>\n\t\t\t\t<\/div>\n\t\t<div class=\"elementor-element elementor-element-709a44a8 e-flex e-con-boxed e-con e-parent\" data-id=\"709a44a8\" data-element_type=\"container\" data-e-type=\"container\">\n\t\t\t\t\t<div class=\"e-con-inner\">\n\t\t\t\t<div class=\"elementor-element elementor-element-2f585873 elementor-widget elementor-widget-heading\" data-id=\"2f585873\" data-element_type=\"widget\" data-e-type=\"widget\" data-widget_type=\"heading.default\">\n\t\t\t\t\t<h2 class=\"elementor-heading-title elementor-size-default\">Karakteristike<\/h2>\t\t\t\t<\/div>\n\t\t<div class=\"elementor-element elementor-element-70621c12 e-con-full e-flex e-con e-child\" data-id=\"70621c12\" data-element_type=\"container\" data-e-type=\"container\">\n\t\t\t\t<div class=\"elementor-element elementor-element-4296eb49 elementor-widget elementor-widget-text-editor\" data-id=\"4296eb49\" data-element_type=\"widget\" data-e-type=\"widget\" data-widget_type=\"text-editor.default\">\n\t\t\t\t\t\t\t\t\t<p><strong>Izgled<\/strong><\/p><p>Ogroman, \u010desto opisan kao stup dima i vatre koji se zgusne u ljudski oblik. Rogat, s vatrenim o\u010dima, kand\u017eastim rukama. Crvene ili crne boje. U knji\u017eevnoj hiperboli se\u017ee od zemlje do neba.<\/p><p><strong>Pona\u0161anje<\/strong><\/p><p>Gord, spreman na nasilje, \u010desto nepristupa\u010dan. U pripovijestima Tisu\u0107u i jedne no\u0107i \u010desto je zarobljen (u bocama, pe\u010datima, Salomonovim amuletima) i oslobo\u0111en, nakon \u010dega svojeg osloboditelja \u017eeli ili nagraditi ili ubiti. Nadaren za magiju, dugovje\u010dan, te\u0161ko ga je ubiti.<\/p><p><strong>Djelokrug<\/strong><\/p><p>Pustinja, ru\u0161evine, \u0161pilje, mjesta nasilne smrti. U pu\u010dkoj predaji \u010desto vezan za konkretna mjesta. Neki ifriti imaju vlastite pri\u010de (postanak iz ubijene osobe, <span class=\"iwg-fachbegriff\" data-tooltip=\"Jezi\u010dna formula kojom se osobi ili stvari \u017eeli nanijeti zlo.\" tabindex=\"0\">prokletstvo<\/span> i sli\u010dno).<\/p><p><strong>Mitolo\u0161ko odre\u0111enje<\/strong><\/p><p>Nije stvoren kao pojedina\u010dan lik, ve\u0107 kao mo\u0107na podvrsta d\u017eina. U Salomonovoj tradiciji Salomon se prikazuje kao vladar nad d\u017einovima, pa tako i nad ifritima; njegovi pe\u010dati smatraju se sredstvom za njihovo sputavanje.<\/p><div><p><strong>Ifrit u islamskoj demonologiji i klasifikaciji<\/strong><\/p><p>Islamski demonolozi i teolozi, posebno od 10. stolje\u0107a, klasificirali su ifrita kao najvi\u0161u ili gotovo najvi\u0161u klasu d\u017eina. Al-Gazali i kasniji mistici razlikovali su plemenite (vjeruju\u0107e) i zle ifrite. Zli ifrit bio je, po zapadnja\u010dkom shva\u0107anju, poput <span class=\"iwg-fachbegriff\" data-tooltip=\"Duhovno bi\u0107e kojemu se pripisuje \u0161tetno ili dvojako djelovanje.\" tabindex=\"0\">demona<\/span>: mo\u0107an, inteligentan, manipulativan i sklon zavoditi ili \u0161tetiti ljudima.<\/p><p>Islamska <span class=\"iwg-fachbegriff\" data-tooltip=\"Prakse koje pomo\u0107u posebnih radnji ili formula poku\u0161avaju utjecati na tijek stvari.\" tabindex=\"0\">magija<\/span> (<em>sihr<\/em>) koristila je ifrite kao sredstva, \u0161to je teolo\u0161ki bilo vrlo sporno: je li prizivanje ifrita krivovjerje ili prihvatljiva magijska vje\u0161tina? Ta rasprava trajala je stolje\u0107ima islamske u\u010denosti. Ifrit se mo\u017eda mogao sputati kuranskim recitiranjem ili natprirodnim ugovorima, ali nikada jednostavno uni\u0161titi.<\/p><\/div>\t\t\t\t\t\t\t\t<\/div>\n\t\t\t\t<\/div>\n\t\t\t\t\t<\/div>\n\t\t\t\t<\/div>\n\t\t<div class=\"elementor-element elementor-element-44e71476 e-flex e-con-boxed e-con e-parent\" data-id=\"44e71476\" data-element_type=\"container\" data-e-type=\"container\">\n\t\t\t\t\t<div class=\"e-con-inner\">\n\t\t\t\t<div class=\"elementor-element elementor-element-3c1fc3f0 elementor-widget elementor-widget-heading\" data-id=\"3c1fc3f0\" data-element_type=\"widget\" data-e-type=\"widget\" data-widget_type=\"heading.default\">\n\t\t\t\t\t<h2 class=\"elementor-heading-title elementor-size-default\">Karakteristike: Ifrit<\/h2>\t\t\t\t<\/div>\n\t\t<div class=\"elementor-element elementor-element-84f33b8e e-con-full e-flex e-con e-child\" data-id=\"84f33b8e\" data-element_type=\"container\" data-e-type=\"container\">\n\t\t\t\t<div class=\"elementor-element elementor-element-hqkdc67p elementor-widget elementor-widget-text-editor\" data-id=\"hqkdc67p\" data-element_type=\"widget\" data-e-type=\"widget\" data-widget_type=\"text-editor.default\">\n\t\t\t\t\t\t\t\t\t<p>Najva\u017eniji aspekti ifrita na jedan pogled.<\/p>\t\t\t\t\t\t\t\t<\/div>\n\t\t\t\t<\/div>\n\t\t<div class=\"elementor-element elementor-element-pemmx7c5 e-con-full e-flex e-con e-child\" data-id=\"pemmx7c5\" data-element_type=\"container\" data-e-type=\"container\">\n\t\t<div class=\"elementor-element elementor-element-pemmx7c1 e-con-full e-flex e-con e-child\" data-id=\"pemmx7c1\" data-element_type=\"container\" data-e-type=\"container\">\n\t\t<div class=\"elementor-element elementor-element-qh9oavvu iwg-steckbrief-card e-flex e-con-boxed e-con e-child\" data-id=\"qh9oavvu\" data-element_type=\"container\" data-e-type=\"container\">\n\t\t\t\t\t<div class=\"e-con-inner\">\n\t\t\t\t<div class=\"elementor-element elementor-element-awzx8k2k elementor-widget elementor-widget-heading\" data-id=\"awzx8k2k\" data-element_type=\"widget\" data-e-type=\"widget\" data-widget_type=\"heading.default\">\n\t\t\t\t\t<div class=\"elementor-heading-title elementor-size-default\">Podrijetlo<\/div>\t\t\t\t<\/div>\n\t\t\t\t<div class=\"elementor-element elementor-element-x6rowhv0 elementor-widget elementor-widget-text-editor\" data-id=\"x6rowhv0\" data-element_type=\"widget\" data-e-type=\"widget\" data-widget_type=\"text-editor.default\">\n\t\t\t\t\t\t\t\t\t<p>Mo\u0107na podvrsta d\u017eina od vatre. U pu\u010dkoj predaji \u010desto povezana s nasilno umrlima ili starim mjestima.<\/p>\t\t\t\t\t\t\t\t<\/div>\n\t\t\t\t\t<\/div>\n\t\t\t\t<\/div>\n\t\t<div class=\"elementor-element elementor-element-8e3o4kxs iwg-steckbrief-card e-flex e-con-boxed e-con e-child\" data-id=\"8e3o4kxs\" data-element_type=\"container\" data-e-type=\"container\">\n\t\t\t\t\t<div class=\"e-con-inner\">\n\t\t\t\t<div class=\"elementor-element elementor-element-08rkdgov elementor-widget elementor-widget-heading\" data-id=\"08rkdgov\" data-element_type=\"widget\" data-e-type=\"widget\" data-widget_type=\"heading.default\">\n\t\t\t\t\t<div class=\"elementor-heading-title elementor-size-default\">Predmet djelovanja<\/div>\t\t\t\t<\/div>\n\t\t\t\t<div class=\"elementor-element elementor-element-uwjelx8s elementor-widget elementor-widget-text-editor\" data-id=\"uwjelx8s\" data-element_type=\"widget\" data-e-type=\"widget\" data-widget_type=\"text-editor.default\">\n\t\t\t\t\t\t\t\t\t<p>Heroji, traga\u010di za blagom, plja\u010dka\u0161i grobnica. U pu\u010dkoj religijskoj predod\u017ebi: ljudi koji nepa\u017eljivo ulaze u ru\u0161evine ili pustinjska mjesta.<\/p>\t\t\t\t\t\t\t\t<\/div>\n\t\t\t\t\t<\/div>\n\t\t\t\t<\/div>\n\t\t<div class=\"elementor-element elementor-element-jm2n74ec iwg-steckbrief-card e-flex e-con-boxed e-con e-child\" data-id=\"jm2n74ec\" data-element_type=\"container\" data-e-type=\"container\">\n\t\t\t\t\t<div class=\"e-con-inner\">\n\t\t\t\t<div class=\"elementor-element elementor-element-8vufse4c elementor-widget elementor-widget-heading\" data-id=\"8vufse4c\" data-element_type=\"widget\" data-e-type=\"widget\" data-widget_type=\"heading.default\">\n\t\t\t\t\t<div class=\"elementor-heading-title elementor-size-default\">Prikaz<\/div>\t\t\t\t<\/div>\n\t\t\t\t<div class=\"elementor-element elementor-element-mwb9u015 elementor-widget elementor-widget-text-editor\" data-id=\"mwb9u015\" data-element_type=\"widget\" data-e-type=\"widget\" data-widget_type=\"text-editor.default\">\n\t\t\t\t\t\t\t\t\t<p>Ogroman, ognjen, rogat, s crvenom ili crnom ko\u017eom. \u010cesto se pojavljuje kao stup dima i vatre koji se oblikuje u humanoidan lik.<\/p>\t\t\t\t\t\t\t\t<\/div>\n\t\t\t\t\t<\/div>\n\t\t\t\t<\/div>\n\t\t\t\t<\/div>\n\t\t<div class=\"elementor-element elementor-element-pemmx7c2 e-con-full e-flex e-con e-child\" data-id=\"pemmx7c2\" data-element_type=\"container\" data-e-type=\"container\">\n\t\t<div class=\"elementor-element elementor-element-37ss2yr6 iwg-steckbrief-card e-flex e-con-boxed e-con e-child\" data-id=\"37ss2yr6\" data-element_type=\"container\" data-e-type=\"container\">\n\t\t\t\t\t<div class=\"e-con-inner\">\n\t\t\t\t<div class=\"elementor-element elementor-element-3v0wp3wx elementor-widget elementor-widget-heading\" data-id=\"3v0wp3wx\" data-element_type=\"widget\" data-e-type=\"widget\" data-widget_type=\"heading.default\">\n\t\t\t\t\t<div class=\"elementor-heading-title elementor-size-default\">Funkcija<\/div>\t\t\t\t<\/div>\n\t\t\t\t<div class=\"elementor-element elementor-element-w3247g2m elementor-widget elementor-widget-text-editor\" data-id=\"w3247g2m\" data-element_type=\"widget\" data-e-type=\"widget\" data-widget_type=\"text-editor.default\">\n\t\t\t\t\t\t\t\t\t<p>\u010cuva blago, otima ljude, bori se protiv heroja. Magijski mo\u0107an, sposoban za pretvorbe, teleportaciju, nevidljivost.<\/p>\t\t\t\t\t\t\t\t<\/div>\n\t\t\t\t\t<\/div>\n\t\t\t\t<\/div>\n\t\t<div class=\"elementor-element elementor-element-0qpjal9w iwg-steckbrief-card e-flex e-con-boxed e-con e-child\" data-id=\"0qpjal9w\" data-element_type=\"container\" data-e-type=\"container\">\n\t\t\t\t\t<div class=\"e-con-inner\">\n\t\t\t\t<div class=\"elementor-element elementor-element-6ndoih0o elementor-widget elementor-widget-heading\" data-id=\"6ndoih0o\" data-element_type=\"widget\" data-e-type=\"widget\" data-widget_type=\"heading.default\">\n\t\t\t\t\t<div class=\"elementor-heading-title elementor-size-default\">Obrana od ifrita<\/div>\t\t\t\t<\/div>\n\t\t\t\t<div class=\"elementor-element elementor-element-6684tyh9 elementor-widget elementor-widget-text-editor\" data-id=\"6684tyh9\" data-element_type=\"widget\" data-e-type=\"widget\" data-widget_type=\"text-editor.default\">\n\t\t\t\t\t\t\t\t\t<p>Kur&#8217;anske za\u0161titne formule, Salomonov pe\u010dat (Davidova zvijezda, heksagram), ciljana ruqya. U Tisu\u0107u i jednoj no\u0107i: dosjetljivost i vezuju\u0107e formule \u010darobnjaka.<\/p>\t\t\t\t\t\t\t\t<\/div>\n\t\t\t\t\t<\/div>\n\t\t\t\t<\/div>\n\t\t<div class=\"elementor-element elementor-element-3lfi7x32 iwg-steckbrief-card e-flex e-con-boxed e-con e-child\" data-id=\"3lfi7x32\" data-element_type=\"container\" data-e-type=\"container\">\n\t\t\t\t\t<div class=\"e-con-inner\">\n\t\t\t\t<div class=\"elementor-element elementor-element-0kg99ga1 elementor-widget elementor-widget-heading\" data-id=\"0kg99ga1\" data-element_type=\"widget\" data-e-type=\"widget\" data-widget_type=\"heading.default\">\n\t\t\t\t\t<div class=\"elementor-heading-title elementor-size-default\">Usporedivo<\/div>\t\t\t\t<\/div>\n\t\t\t\t<div class=\"elementor-element elementor-element-n0fum6kp elementor-widget elementor-widget-text-editor\" data-id=\"n0fum6kp\" data-element_type=\"widget\" data-e-type=\"widget\" data-widget_type=\"text-editor.default\">\n\t\t\t\t\t\t\t\t\t<p>Gr\u010dki titani, velikani (J\u00f6tnar, germanski), srednjovjekovni ogri, moderni fantasy-demoni.<\/p>\t\t\t\t\t\t\t\t<\/div>\n\t\t\t\t\t<\/div>\n\t\t\t\t<\/div>\n\t\t\t\t<\/div>\n\t\t\t\t<\/div>\n\t\t\t\t\t<\/div>\n\t\t\t\t<\/div>\n\t\t<div class=\"elementor-element elementor-element-7533bc7a e-flex e-con-boxed e-con e-parent\" data-id=\"7533bc7a\" data-element_type=\"container\" data-e-type=\"container\">\n\t\t\t\t\t<div class=\"e-con-inner\">\n\t\t\t\t<div class=\"elementor-element elementor-element-2447d18d elementor-widget elementor-widget-heading\" data-id=\"2447d18d\" data-element_type=\"widget\" data-e-type=\"widget\" data-widget_type=\"heading.default\">\n\t\t\t\t\t<h2 class=\"elementor-heading-title elementor-size-default\">Postupanje i pu\u010dko vjerovanje<\/h2>\t\t\t\t<\/div>\n\t\t<div class=\"elementor-element elementor-element-d5d0260c e-con-full e-flex e-con e-child\" data-id=\"d5d0260c\" data-element_type=\"container\" data-e-type=\"container\">\n\t\t\t\t<div class=\"elementor-element elementor-element-341be2ac elementor-widget elementor-widget-text-editor\" data-id=\"341be2ac\" data-element_type=\"widget\" data-e-type=\"widget\" data-widget_type=\"text-editor.default\">\n\t\t\t\t\t\t\t\t\t<p><strong>Obrana na opasnim mjestima<\/strong><\/p><p>Prije ulaska u ru\u0161evine, pustinjska podru\u010dja, stare dvorce: basmala, izgovaranje Ayat al-Kursi. Salomonski motivi (heksagram, pentagram) kao za\u0161titni simboli, \u010desti na pu\u010dkim religijskim amuletima.<\/p><p><strong>Ruqya prilikom susreta<\/strong><\/p><p>Kada se pretpostavlja utjecaj ifrita, primjenjuje se ruqya. U nekim severnoafri\u010dkim tradicijama provode se \u010ditavi rituali \u201eumirivanja&#8221; ifrita, pu\u010dka religijska praksa koju ortodoksni teolozi \u010desto kritiziraju.<\/p><p><strong>Vezivanje u knji\u017eevnosti<\/strong><\/p><p>U Tisu\u0107u i jednoj no\u0107i ifrit se vezuje pe\u010datom, bocom ili \u010darobnom formulom. <span class=\"iwg-fachbegriff\" data-tooltip=\"Element sadr\u017eaja koji se ponavlja u umjetnosti ili pripovijedanju.\" tabindex=\"0\">Motiv<\/span> je knji\u017eevni, a ne teolo\u0161ki, ali oblikuje zapadnu predod\u017ebu o \u201e<span class=\"iwg-fachbegriff\" data-tooltip=\"Netjelesno bi\u0107e kojemu se pripisuje djelovanje u svijetu.\" tabindex=\"0\">duhu<\/span> iz boce&#8221;.<\/p>\t\t\t\t\t\t\t\t<\/div>\n\t\t\t\t<\/div>\n\t\t\t\t\t<\/div>\n\t\t\t\t<\/div>\n\t\t<div class=\"elementor-element elementor-element-5a584676 e-flex e-con-boxed e-con e-parent\" data-id=\"5a584676\" data-element_type=\"container\" data-e-type=\"container\">\n\t\t\t\t\t<div class=\"e-con-inner\">\n\t\t\t\t<div class=\"elementor-element elementor-element-6d0757bf elementor-widget elementor-widget-heading\" data-id=\"6d0757bf\" data-element_type=\"widget\" data-e-type=\"widget\" data-widget_type=\"heading.default\">\n\t\t\t\t\t<h2 class=\"elementor-heading-title elementor-size-default\">Paralele i recepcija<\/h2>\t\t\t\t<\/div>\n\t\t<div class=\"elementor-element elementor-element-60563f68 e-con-full e-flex e-con e-child\" data-id=\"60563f68\" data-element_type=\"container\" data-e-type=\"container\">\n\t\t\t\t<div class=\"elementor-element elementor-element-5a93fdd6 elementor-widget elementor-widget-text-editor\" data-id=\"5a93fdd6\" data-element_type=\"widget\" data-e-type=\"widget\" data-widget_type=\"text-editor.default\">\n\t\t\t\t\t\t\t\t\t<p><strong>Klasi\u010dne paralele:<\/strong> Gr\u010dki velikani i giganti, germanski J\u00f6tnar, egipatski veliki demoni, svi dijele obilje\u017eje neizmjerne veli\u010dine i mitske mo\u0107i. Perzijska predaja o perijima poznaje sli\u010dne likove.<\/p><p><strong>Tisu\u0107u i jedna no\u0107:<\/strong> Slika ifrita u Tisu\u0107u i jednoj no\u0107i (kralj Shahryar, ribar i ifrit, Aladin) sredi\u0161nji je knji\u017eevni oblik. Odatle proizlazi i zapadna predod\u017eba o \u201eduhu&#8221; (genie).<\/p><p><span data-nosnippet><strong>Moderna popkultura:<\/strong> Fantasy igre uloga (Dungeons &amp; Dragons, Final Fantasy) preuzimaju ifrita kao specifi\u010dan lik. Disneyev Aladin (1992) popularizira bla\u017eu verziju.<\/span><\/p><div><p><strong>Ifrit u Tisu\u0107u i jednoj no\u0107i i arapskom <span class=\"iwg-fachbegriff\" data-tooltip=\"Predana pu\u010dka kultura s obi\u010dajima, pripovijestima i pjesmama.\" tabindex=\"0\">folkloru<\/span><\/strong><\/p><p>U <em>Tisu\u0107u i jednoj no\u0107i<\/em> ifriti su prikazani kao arhetipski mo\u0107na i \u010desto destruktivna bi\u0107a. Imaju dug \u017eivot (neki su stari stolje\u0107ima), pamte zlopam\u0107enje, mogu u\u0107i u ljude ili promijeniti oblik. Ifrit bi mogao razoriti \u010ditav grad, ali i pomo\u0107i \u010dovjeku ako ga taj mudro vezuje ili prevari.<\/p><p>Pri\u010de \u010desto prikazuju kako su ifriti vezani za mjesta ili predmete: \u010darobne boce, stare ru\u0161evine, sveta jezera. To je arabizirana verzija univerzalnih koncepata vezivanja <span class=\"iwg-fachbegriff\" data-tooltip=\"Netjelesno bi\u0107e kojemu se pripisuje djelovanje u svijetu.\" tabindex=\"0\">duhova<\/span>.<\/p><p>U egipatsko-arapskoj pu\u010dkoj religiji predaje o ifritima izmije\u0161ale su se sa starijim faraonskim i gr\u010dko-rimskim konceptima <span class=\"iwg-fachbegriff\" data-tooltip=\"Duhovno bi\u0107e kojemu se pripisuje \u0161tetno ili dvojako djelovanje.\" tabindex=\"0\">demona<\/span>: ifrit se ponekad tuma\u010dio kao prokleti sve\u0107enik, a ponekad kao prirodna sila. Ovo je preplitanje tipi\u010dno za severnoafri\u010dke i bliskoisto\u010dne religijske kulture s dubokim povijesnim naslagama.<\/p><\/div>\t\t\t\t\t\t\t\t<\/div>\n\t\t\t\t<\/div>\n\t\t\t\t\t<\/div>\n\t\t\t\t<\/div>\n\t\t<div class=\"elementor-element elementor-element-cpc540ace e-flex e-con-boxed e-con e-parent\" data-id=\"cpc540ace\" data-element_type=\"container\" data-e-type=\"container\">\n\t\t\t\t\t<div class=\"e-con-inner\">\n\t\t\t\t<div class=\"elementor-element elementor-element-cpf5f6f1b elementor-widget elementor-widget-heading\" data-id=\"cpf5f6f1b\" data-element_type=\"widget\" data-e-type=\"widget\" data-widget_type=\"heading.default\">\n\t\t\t\t\t<h2 class=\"elementor-heading-title elementor-size-default\">Ifrit u Kur'anu i ranoislamskom tuma\u010denju<\/h2>\t\t\t\t<\/div>\n\t\t<div class=\"elementor-element elementor-element-cp8e1d1fe e-con-full e-flex e-con e-child\" data-id=\"cp8e1d1fe\" data-element_type=\"container\" data-e-type=\"container\">\n\t\t\t\t<div class=\"elementor-element elementor-element-cp0b9b6a1 elementor-widget elementor-widget-text-editor\" data-id=\"cp0b9b6a1\" data-element_type=\"widget\" data-e-type=\"widget\" data-widget_type=\"text-editor.default\">\n\t\t\t\t\t\t\t\t\t<p>Rije\u010d <em>ifrit<\/em> u Kur&#8217;anu se javlja samo jednom, i to u suri 27, suri Mrava. U kontekstu pri\u010de o Salomonu i kraljici od Sabe, Salomon pita svoj skup tko mu mo\u017ee donijeti prijestolje kraljice.<\/p><p>Tada se javlja ifrit me\u0111u d\u017einima i izjavljuje da mo\u017ee donijeti prijestolje prije nego \u0161to se Salomon podigne sa svojeg mjesta. Prije nego \u0161to on to u\u010dini, drugi, koji ima znanje iz Pisma, donosi prijestolje u jo\u0161 kra\u0107em vremenu.<\/p><p>Iz ovog jedinog mjesta klasi\u010dni komentatori Kur&#8217;ana izvode temeljna svojstva ifrita. Ifrit pripada vrsti d\u017eina, izuzetno je sna\u017ean i brz, a ovdje je u slu\u017ebi Salomona, kojemu je prema kur&#8217;anskoj pri\u010di dana vlast nad d\u017einima.<\/p><p>Istodobno pri\u010da pokazuje granicu, jer snagu ifrita nadma\u0161uje znanje onoga koji poznaje Pismo.<\/p><p>Ranoislamska u\u010denost razli\u010dito je tuma\u010dila pojam. Neki komentatori shva\u0107ali su <em>ifrit<\/em> kao naziv za posebno sna\u017enu ili posebno pakosnu vrstu d\u017eina, drugi pak kao poja\u010dani oblik koji izra\u017eava snagu i podmuklost.<\/p><p>Ta nesigurnost nastavila se kroz cijelu tradiciju. Valja zaklju\u010diti da ifrit u kur&#8217;anskom nalazu nije jednozna\u010dno zao, ve\u0107 je mo\u0107an d\u017ein \u010diji se karakter tek u kasnijoj knji\u017eevnosti sve vi\u0161e pomi\u010de prema zastra\u0161uju\u0107em.<\/p>\t\t\t\t\t\t\t\t<\/div>\n\t\t\t\t<\/div>\n\t\t\t\t\t<\/div>\n\t\t\t\t<\/div>\n\t\t<div class=\"elementor-element elementor-element-cpd83f22f e-flex e-con-boxed e-con e-parent\" data-id=\"cpd83f22f\" data-element_type=\"container\" data-e-type=\"container\">\n\t\t\t\t\t<div class=\"e-con-inner\">\n\t\t\t\t<div class=\"elementor-element elementor-element-cpd1f7362 elementor-widget elementor-widget-heading\" data-id=\"cpd1f7362\" data-element_type=\"widget\" data-e-type=\"widget\" data-widget_type=\"heading.default\">\n\t\t\t\t\t<h2 class=\"elementor-heading-title elementor-size-default\">Ifrit, d\u017einovi i hijerarhija nevidljivih bi\u0107a<\/h2>\t\t\t\t<\/div>\n\t\t<div class=\"elementor-element elementor-element-cp8c87063 e-con-full e-flex e-con e-child\" data-id=\"cp8c87063\" data-element_type=\"container\" data-e-type=\"container\">\n\t\t\t\t<div class=\"elementor-element elementor-element-cp1170b80 elementor-widget elementor-widget-text-editor\" data-id=\"cp1170b80\" data-element_type=\"widget\" data-e-type=\"widget\" data-widget_type=\"text-editor.default\">\n\t\t\t\t\t\t\t\t\t<p>Ifrit se mo\u017ee razumjeti samo u okviru cjelokupnog islamskog nauka o d\u017einima. Prema islamskom vjerovanju, d\u017eini su posebna vrsta stvorenja, sazdana od dima bez plamena, dok je \u010dovjek stvoren od gline.<\/p><p>Oni su smrtni, razmno\u017eavaju se, imaju religiju i odgovornost te mogu biti vjernici ili nevjernici. Unutar te vrste tradicija poznaje razli\u010dite tipove i stupnjeve, a ifrit se obi\u010dno svrstava kao osobito mo\u0107na vrsta, \u010desto neprijateljski nastrojena prema ljudima.<\/p><p>Kasnija pu\u010dka i u\u010dena knji\u017eevnost poku\u0161ala je uspostaviti hijerarhiju d\u017eina.<\/p><p>U nekim se popisima, od slabijih prema ja\u010dima, navode obi\u010dni d\u017eini, zatim <em>ifrit<\/em> kao sna\u017eniji i opasniji stupanj, i naposljetku <em>marid<\/em> kao najmo\u0107nija i najsvojeglavija vrsta. Ove hijerarhije, me\u0111utim, nisu jedinstveno preno\u0161ene i razlikuju se ovisno o izvoru. One su prije poku\u0161aj ure\u0111enja pripovjedne tradicije nego \u010dvrsto teolo\u0161ko u\u010denje.<\/p><p>Za religijsku znanost va\u017eno je da ifrit time nije <span class=\"iwg-fachbegriff\" data-tooltip=\"Duhovno bi\u0107e kojemu se pripisuje \u0161tetno ili dvojako djelovanje.\" tabindex=\"0\">demon<\/span> u kr\u0161\u0107anskom smislu. On nije pali <span class=\"iwg-fachbegriff\" data-tooltip=\"U abrahamskim religijama nebesko bi\u0107e glasnik Bo\u017eji.\" tabindex=\"0\">an\u0111eo<\/span> i nije nu\u017eno unaprijed odreden za zlo. Pripada stvorenoj vrsti koja, kao i ljudi, podlije\u017ee moralnoj ku\u0161nji.<\/p><p>\u010cinjenica da se ifrit u mnogim pripovijestima ipak prikazuje kao opasan i zlo\u0107udan, dio je pripovjedne razrade, a ne teolo\u0161ke definicije. Islamski nauk poznaje i vjerne d\u017eine, pa u na\u010delu i ifrit mo\u017ee biti me\u0111u vjernicima.<\/p>\t\t\t\t\t\t\t\t<\/div>\n\t\t\t\t<\/div>\n\t\t\t\t\t<\/div>\n\t\t\t\t<\/div>\n\t\t<div class=\"elementor-element elementor-element-cp379a2cc e-flex e-con-boxed e-con e-parent\" data-id=\"cp379a2cc\" data-element_type=\"container\" data-e-type=\"container\">\n\t\t\t\t\t<div class=\"e-con-inner\">\n\t\t\t\t<div class=\"elementor-element elementor-element-cpdfc0db2 elementor-widget elementor-widget-heading\" data-id=\"cpdfc0db2\" data-element_type=\"widget\" data-e-type=\"widget\" data-widget_type=\"heading.default\">\n\t\t\t\t\t<h2 class=\"elementor-heading-title elementor-size-default\">Ifrit u Tisu\u0107u i jednoj no\u0107i i u modernoj recepciji<\/h2>\t\t\t\t<\/div>\n\t\t<div class=\"elementor-element elementor-element-cp4a5f1d5 e-con-full e-flex e-con e-child\" data-id=\"cp4a5f1d5\" data-element_type=\"container\" data-e-type=\"container\">\n\t\t\t\t<div class=\"elementor-element elementor-element-cpe9f941d elementor-widget elementor-widget-text-editor\" data-id=\"cpe9f941d\" data-element_type=\"widget\" data-e-type=\"widget\" data-widget_type=\"text-editor.default\">\n\t\t\t\t\t\t\t\t\t<p>Predod\u017eba koju danas o ifritu ima ve\u0107ina ljudi potje\u010de manje iz Kur&#8217;ana, a vi\u0161e iz zbirke pripovijesti <em>Tisu\u0107u i jedna no\u0107<\/em> i moderne popularne kulture.<\/p><p>U arapskim pripovijestima ifrit je \u010desta figura, sna\u017ean i \u010desto stra\u0161an <span class=\"iwg-fachbegriff\" data-tooltip=\"Netjelesno bi\u0107e kojemu se pripisuje djelovanje u svijetu.\" tabindex=\"0\">duh<\/span> koji mo\u017ee biti zatvoren u bocama ili posudama, koji ispunjava \u017eelje ili se sveti i koji posjeduje veliku \u010darobnu mo\u0107.<\/p><p>Za te pripovijesti karakteristi\u010dna je ambivalentnost ifrita. U nekima je osvetoljubiv i ubija, u drugima je vezan zakletvom ili zarobljeni\u0161tvom te slu\u017ei nerado.<\/p><p>Europska recepcija, po\u010dev\u0161i od prijevoda Antoinea Gallanda u ranom osamnaestom stolje\u0107u, tijesno je povezala ifrita s predod\u017ebom duha iz boce, iako je ta poveznica u \u0161irokoj islamskoj <span class=\"iwg-fachbegriff\" data-tooltip=\"Preno\u0161enje znanja i pripovijesti kroz generacije.\" tabindex=\"0\">predaji<\/span> samo jedan <span class=\"iwg-fachbegriff\" data-tooltip=\"Ponavljaju\u0107i sadr\u017eajni element u umjetnosti ili pripovijedanju.\" tabindex=\"0\">motiv<\/span> me\u0111u mnogima.<\/p><p>U modernoj popularnoj kulturi, u fantasti\u010dnoj knji\u017eevnosti, filmovima i igrama, ifrit je \u010desto postao \u010disto ognjeno bi\u0107e, utjelovljenje elementa vatre. Takvo su\u017eavanje je razumljivo, jer su d\u017eini stvoreni od vatre, ali ono znatno skra\u0107uje izvornu predod\u017ebu.<\/p><p>Religijsko-znanstveno razmatranje zato pa\u017eljivo razdvaja tri sloja: sa\u017eeti kur&#8217;anski nalaz o jednom sna\u017enom d\u017einu u slu\u017ebi Salomona, teolo\u0161ko uklapanje u nauk o d\u017einima i bogatu, ali sekundarnu pripovjednu tradiciju koja je od ifrita stvorila \u017eivopisnu figuru pripovijedanja. Tko \u017eeli razumjeti ifrita, ne bi trebao ove slojeve pomije\u0161ati.<\/p>\t\t\t\t\t\t\t\t<\/div>\n\t\t\t\t<\/div>\n\t\t\t\t\t<\/div>\n\t\t\t\t<\/div>\n\t\t<div class=\"elementor-element elementor-element-36dd7469 e-flex e-con-boxed e-con e-parent\" data-id=\"36dd7469\" data-element_type=\"container\" data-e-type=\"container\">\n\t\t\t\t\t<div class=\"e-con-inner\">\n\t\t\t\t<div class=\"elementor-element elementor-element-13760ab4 elementor-widget elementor-widget-heading\" data-id=\"13760ab4\" data-element_type=\"widget\" data-e-type=\"widget\" data-widget_type=\"heading.default\">\n\t\t\t\t\t<h2 class=\"elementor-heading-title elementor-size-default\">Daljnje poveznice<\/h2>\t\t\t\t<\/div>\n\t\t<div class=\"elementor-element elementor-element-28c87796 e-con-full e-flex e-con e-child\" data-id=\"28c87796\" data-element_type=\"container\" data-e-type=\"container\">\n\t\t\t\t<div class=\"elementor-element elementor-element-5d6538df elementor-widget elementor-widget-text-editor\" data-id=\"5d6538df\" data-element_type=\"widget\" data-e-type=\"widget\" data-widget_type=\"text-editor.default\">\n\t\t\t\t\t\t\t\t\t<p>Preporu\u010dene interne poveznice:<\/p><ul><li><a href=\"https:\/\/iwell-guard.com\/hr\/?page_id=149350\">Islam<\/a><\/li><li>Iblis, Jinn, Shayatin, Ghul<\/li><li>Tisu\u0107u i jedna no\u0107 (knji\u017eevni izvor)<\/li><li>Salomonova tradicija i pe\u010dat<\/li><li>Fantasy recepcija i popkultura<\/li><\/ul>\t\t\t\t\t\t\t\t<\/div>\n\t\t\t\t<\/div>\n\t\t\t\t\t<\/div>\n\t\t\t\t<\/div>\n\t\t<div class=\"elementor-element elementor-element-grl4kl40 e-flex e-con-boxed e-con e-parent\" data-id=\"grl4kl40\" data-element_type=\"container\" data-e-type=\"container\">\n\t\t\t\t\t<div class=\"e-con-inner\">\n\t\t\t\t<div class=\"elementor-element elementor-element-bzsbfrmh elementor-widget elementor-widget-heading\" data-id=\"bzsbfrmh\" data-element_type=\"widget\" data-e-type=\"widget\" data-widget_type=\"heading.default\">\n\t\t\t\t\t<h2 class=\"elementor-heading-title elementor-size-default\">Izvori i literatura<\/h2>\t\t\t\t<\/div>\n\t\t<div class=\"elementor-element elementor-element-2c13224a e-con-full e-flex e-con e-child\" data-id=\"2c13224a\" data-element_type=\"container\" data-e-type=\"container\">\n\t\t\t\t<div class=\"elementor-element elementor-element-0eymh9ub elementor-widget elementor-widget-text-editor\" data-id=\"0eymh9ub\" data-element_type=\"widget\" data-e-type=\"widget\" data-widget_type=\"text-editor.default\">\n\t\t\t\t\t\t\t\t\t<footer class=\"iwg-literatur\"><p>Odabir klju\u010dnih radova o ifritu i srodnim figurama:<\/p><ul><li><span data-nosnippet>Marzolph, Ulrich \/ van Leeuwen, Richard: <em><a href=\"https:\/\/archive.org\/details\/arabiannightsenc0000unse\" target=\"_blank\" rel=\"noopener noreferrer\">The Arabian Nights Encyclopedia<\/a><\/em>. 2 sv. Santa Barbara 2004.<\/span><\/li><li><span data-nosnippet>Irwin, Robert: <em>The Arabian Nights. A Companion<\/em>. London 1994.<\/span><\/li><li><span data-nosnippet>N\u00fcnlist, Tobias: <em>D\u00e4monenglaube im Islam<\/em>. Berlin 2015.<\/span><\/li><\/ul><div data-nosnippet=\"true\" class=\"iwg-litliste\"><\/div><\/footer>\n<p class=\"iwg-bib-more\"><span data-nosnippet>Vi\u0161e standardnih djela u <a href=\"https:\/\/iwell-guard.com\/hr\/?page_id=149465\">popisu literature<\/a>.<\/span><\/p>\t\t\t\t\t\t\t\t<\/div>\n\t\t\t\t<\/div>\n\t\t\t\t\t<\/div>\n\t\t\t\t<\/div>\n\t\t<div class=\"elementor-element elementor-element-iwgca-ifrit-sec e-flex e-con-boxed e-con e-parent\" data-id=\"iwgca-ifrit-sec\" data-element_type=\"container\" data-e-type=\"container\" id=\"iwg-ca-ifrit\">\n\t\t\t\t\t<div class=\"e-con-inner\">\n\t\t\t\t<div class=\"elementor-element elementor-element-iwgca-ifrit-te iwg-ca-textwrap elementor-widget elementor-widget-text-editor\" data-id=\"iwgca-ifrit-te\" data-element_type=\"widget\" data-e-type=\"widget\" data-widget_type=\"text-editor.default\">\n\t\t\t\t\t\t\t\t\t<div data-nosnippet=\"true\"><p class=\"iwg-ca-bridge\">Ovdje opisana za\u0161titna praksa predstavlja znanstveno tuma\u010denje povijesnih tradicija. iWell Guard nastavlja tu kulturno-povijesnu liniju nosivih za\u0161titnih predmeta i predstavlja njezin suvremeni oblik. <a href=\"\/ueber-iwell-guard\/?utm_source=iwell-guard.com&#038;utm_medium=text-link&#038;utm_campaign=schadwesen-tradition\">Vi\u0161e o iWell Guardu \u2192<\/a><\/p><\/div>\t\t\t\t\t\t\t\t<\/div>\n\t\t\t\t\t<\/div>\n\t\t\t\t<\/div>\n\t\t<div class=\"elementor-element elementor-element-db42ae3 e-con-boxed e-flex e-con e-parent\" data-id=\"db42ae3\" data-element_type=\"container\" data-e-type=\"container\">\n\t\t\t\t\t<div class=\"e-con-inner\">\n\t\t\t\t<div class=\"elementor-element elementor-element-a34157e elementor-widget elementor-widget-text-editor\" data-id=\"a34157e\" data-element_type=\"widget\" data-e-type=\"widget\" data-widget_type=\"text-editor.default\">\n\t\t\t\t\t\t\t\t\t\n<h2>\u010cesto postavljana pitanja o Ifritu<\/h2>\n<div class=\"iwg-faq-q\"><h3>\u0160to je Ifrit u islamu?<\/h3><p>Ifrit (arapski \u02bfifr\u012bt, poznat i kao Efreet, Afrit) je u islamu posebno mo\u0107na i opasna klasa d\u017eina, bi\u0107a stvorenih od bezdimnog ognja. Kuran spominje Ifrita kao slugu Salomona, koji je u trenutku mogao donijeti prijestolje kraljice od Sabe (Sura 27,39).<\/p><p>Ifriti se smatraju najja\u010dima me\u0111u d\u017einima, \u010desto dugovje\u010dni, s razumom, voljom i mo\u0107i mijenjanja oblika. U narodnoj predaji obi\u010dno su zlonamjerni i moraju se kontrolirati posebnim zazivanjima.<\/p><\/div>\n<div class=\"iwg-faq-q\"><h3>Koja je razlika izme\u0111u Ifrita, d\u017eina i \u0161ejtana?<\/h3><p>D\u017ein je op\u0107i naziv za sva bi\u0107a stvorena od bezdimnog ognja, posebna klasa stvorenja uz an\u0111ele i ljude, s vlastitom slobodnom voljom, dakle mogu birati izme\u0111u dobra i zla. Ifrit je posebno mo\u0107na podskupina d\u017eina, \u010desto opisana kao zla ili nevjerni\u010dka.<\/p><p>\u0160ejtan (arapski za Sotonu) je zbirni naziv za sve koji se okre\u0107u protiv Boga, bilo da su to d\u017eini ili druga bi\u0107a zavodnici. Iblis, najpoznatiji \u0161ejtan, sam je d\u017ein.<\/p><\/div>\n<script type=\"application\/ld+json\">{\"@context\":\"https:\/\/schema.org\",\"@type\":\"FAQPage\",\"mainEntity\":[{\"@type\":\"Question\",\"name\":\"\u0160to je Ifrit u islamu?\",\"acceptedAnswer\":{\"@type\":\"Answer\",\"text\":\"Ifrit (arapski \\u02bfifr\\u012bt, poznat i kao Efreet, Afrit) je u islamu posebno mo\\u0107na i opasna klasa d\\u017eina \\u2014 bi\\u0107a stvorenih od bezdimnog ognja. Kuran spominje Ifrita kao slugu Salomona, koji je u trenutku mogao donijeti prijestolje kraljice od Sabe (Sura 27,39). Ifriti se smatraju najja\\u010dima me\\u0111u d\\u017einima, \\u010desto dugovje\\u010dni, s razumom, voljom i mo\\u0107i mijenjanja oblika. U narodnoj predaji obi\\u010dno su zlonamjerni i moraju se kontrolirati posebnim zazivanjima.\"}},{\"@type\":\"Question\",\"name\":\"Koja je razlika izme\\u0111u Ifrita, d\\u017eina i \\u0161ejtana?\",\"acceptedAnswer\":{\"@type\":\"Answer\",\"text\":\"D\\u017ein je op\\u0107i naziv za sva bi\\u0107a stvorena od bezdimnog ognja \\u2014 posebna klasa stvorenja uz an\\u0111ele i ljude, s vlastitom slobodnom voljom, dakle mogu birati izme\\u0111u dobra i zla. Ifrit je posebno mo\\u0107na podskupina d\\u017eina, \\u010desto opisana kao zla ili nevjernika. \\u0160ejtan (arapski za Sotonu) je zbirni naziv za sve koji se okre\\u0107u protiv Boga \\u2014 bilo da su to d\\u017eini ili druga bi\\u0107a zavodnici. Iblis, najpoznatiji \\u0161ejtan, sam je d\\u017ein.\"}}]}<\/script>\t\t\t\t\t\t\t\t<\/div>\n\t\t\t\t\t<\/div>\n\t\t\t\t<\/div>\n\t\t\t\t<\/div>\n\t\t","protected":false},"excerpt":{"rendered":"","protected":false},"author":3,"featured_media":1664,"parent":0,"menu_order":0,"comment_status":"closed","ping_status":"closed","template":"elementor_header_footer","meta":{"_yoast_wpseo_focuskw":"Ifrit","_yoast_wpseo_title":"Ifrit \u2013 mo\u0107ni vatreni d\u017einovi islama","_yoast_wpseo_metadesc":"Ifrit, mo\u0107ni d\u017einovi islamske tradicije. Vatrena bi\u0107a izme\u0111u mita o Salomonu, Tisu\u0107u i jedne no\u0107i i kuranske klasifikacije.","_yoast_wpseo_meta-robots-noindex":"","_yoast_wpseo_canonical":"","_angie_page":false,"gefaehrdungsstufe":"4","wesen_kultur":"islam","wesen_klasse":"daemonen","footnotes":""},"categories":[],"class_list":["post-149361","page","type-page","status-publish","has-post-thumbnail","hentry"],"yoast_head":"<!-- This site is optimized with the Yoast SEO Premium plugin v27.7 (Yoast SEO v28.3) - https:\/\/yoast.com\/product\/yoast-seo-premium-wordpress\/ -->\n<title>Ifrit \u2013 mo\u0107ni vatreni d\u017einovi islama<\/title>\n<meta name=\"description\" content=\"Ifrit, mo\u0107ni d\u017einovi islamske tradicije. Vatrena bi\u0107a izme\u0111u mita o Salomonu, Tisu\u0107u i jedne no\u0107i i kuranske klasifikacije.\" \/>\n<meta name=\"robots\" content=\"index, follow, max-snippet:-1, max-image-preview:large, max-video-preview:-1\" \/>\n<link rel=\"canonical\" href=\"https:\/\/iwell-guard.com\/hr\/ifrit\/\" \/>\n<meta property=\"og:locale\" content=\"hr_HR\" \/>\n<meta property=\"og:type\" content=\"article\" \/>\n<meta property=\"og:title\" content=\"Ifrit\" \/>\n<meta property=\"og:description\" content=\"Ifrit, mo\u0107ni d\u017einovi islamske tradicije. Vatrena bi\u0107a izme\u0111u mita o Salomonu, Tisu\u0107u i jedne no\u0107i i kuranske klasifikacije.\" \/>\n<meta property=\"og:url\" content=\"https:\/\/iwell-guard.com\/hr\/ifrit\/\" \/>\n<meta property=\"og:site_name\" content=\"iWell Guard\" \/>\n<meta property=\"article:modified_time\" content=\"2026-09-04T05:21:48+00:00\" \/>\n<meta property=\"og:image\" content=\"https:\/\/iwell-guard.com\/wp-content\/uploads\/2026\/04\/daemonen_islam_ifrit.webp\" \/>\n\t<meta property=\"og:image:width\" content=\"1024\" \/>\n\t<meta property=\"og:image:height\" content=\"1536\" \/>\n\t<meta property=\"og:image:type\" content=\"image\/webp\" \/>\n<meta name=\"twitter:card\" content=\"summary_large_image\" \/>\n<script type=\"application\/ld+json\" class=\"yoast-schema-graph\">{\"@context\":\"https:\\\/\\\/schema.org\",\"@graph\":[{\"@type\":\"WebPage\",\"@id\":\"https:\\\/\\\/iwell-guard.com\\\/hr\\\/ifrit\\\/\",\"url\":\"https:\\\/\\\/iwell-guard.com\\\/hr\\\/ifrit\\\/\",\"name\":\"Ifrit \u2013 mo\u0107ni vatreni d\u017einovi islama\",\"isPartOf\":{\"@id\":\"https:\\\/\\\/iwell-guard.com\\\/hr\\\/#website\"},\"primaryImageOfPage\":{\"@id\":\"https:\\\/\\\/iwell-guard.com\\\/hr\\\/ifrit\\\/#primaryimage\"},\"image\":{\"@id\":\"https:\\\/\\\/iwell-guard.com\\\/hr\\\/ifrit\\\/#primaryimage\"},\"thumbnailUrl\":\"https:\\\/\\\/iwell-guard.com\\\/wp-content\\\/uploads\\\/2026\\\/04\\\/daemonen_islam_ifrit.webp\",\"datePublished\":\"2026-09-04T05:09:42+00:00\",\"dateModified\":\"2026-09-04T05:21:48+00:00\",\"description\":\"Ifrit, mo\u0107ni d\u017einovi islamske tradicije. Vatrena bi\u0107a izme\u0111u mita o Salomonu, Tisu\u0107u i jedne no\u0107i i kuranske klasifikacije.\",\"breadcrumb\":{\"@id\":\"https:\\\/\\\/iwell-guard.com\\\/hr\\\/ifrit\\\/#breadcrumb\"},\"inLanguage\":\"hr\",\"potentialAction\":[{\"@type\":\"ReadAction\",\"target\":[\"https:\\\/\\\/iwell-guard.com\\\/hr\\\/ifrit\\\/\"]}]},{\"@type\":\"ImageObject\",\"inLanguage\":\"hr\",\"@id\":\"https:\\\/\\\/iwell-guard.com\\\/hr\\\/ifrit\\\/#primaryimage\",\"url\":\"https:\\\/\\\/iwell-guard.com\\\/wp-content\\\/uploads\\\/2026\\\/04\\\/daemonen_islam_ifrit.webp\",\"contentUrl\":\"https:\\\/\\\/iwell-guard.com\\\/wp-content\\\/uploads\\\/2026\\\/04\\\/daemonen_islam_ifrit.webp\",\"width\":1024,\"height\":1536,\"caption\":\"Demoni iz islamske tradicije.\"},{\"@type\":\"BreadcrumbList\",\"@id\":\"https:\\\/\\\/iwell-guard.com\\\/hr\\\/ifrit\\\/#breadcrumb\",\"itemListElement\":[{\"@type\":\"ListItem\",\"position\":1,\"name\":\"Start\",\"item\":\"https:\\\/\\\/iwell-guard.com\\\/hr\\\/?page_id=149317\"},{\"@type\":\"ListItem\",\"position\":2,\"name\":\"Ifrit\"}]},{\"@type\":\"WebSite\",\"@id\":\"https:\\\/\\\/iwell-guard.com\\\/hr\\\/#website\",\"url\":\"https:\\\/\\\/iwell-guard.com\\\/hr\\\/\",\"name\":\"iWell Guard\",\"description\":\"Schutz vor dunklen Einfl\u00fcssen\",\"publisher\":{\"@id\":\"https:\\\/\\\/iwell-guard.com\\\/hr\\\/#organization\"},\"potentialAction\":[{\"@type\":\"SearchAction\",\"target\":{\"@type\":\"EntryPoint\",\"urlTemplate\":\"https:\\\/\\\/iwell-guard.com\\\/hr\\\/?s={search_term_string}\"},\"query-input\":{\"@type\":\"PropertyValueSpecification\",\"valueRequired\":true,\"valueName\":\"search_term_string\"}}],\"inLanguage\":\"hr\"},{\"@type\":\"Organization\",\"@id\":\"https:\\\/\\\/iwell-guard.com\\\/hr\\\/#organization\",\"name\":\"Ittermann electronic GmbH\",\"url\":\"https:\\\/\\\/iwell-guard.com\\\/hr\\\/\",\"logo\":{\"@type\":\"ImageObject\",\"inLanguage\":\"hr\",\"@id\":\"https:\\\/\\\/iwell-guard.com\\\/hr\\\/#\\\/schema\\\/logo\\\/image\\\/\",\"url\":\"https:\\\/\\\/iwell-guard.com\\\/wp-content\\\/uploads\\\/2026\\\/05\\\/Ittermann-Logo-1182x237-1.png\",\"contentUrl\":\"https:\\\/\\\/iwell-guard.com\\\/wp-content\\\/uploads\\\/2026\\\/05\\\/Ittermann-Logo-1182x237-1.png\",\"width\":1182,\"height\":237,\"caption\":\"Ittermann electronic GmbH\"},\"image\":{\"@id\":\"https:\\\/\\\/iwell-guard.com\\\/hr\\\/#\\\/schema\\\/logo\\\/image\\\/\"},\"sameAs\":[\"https:\\\/\\\/pantip.com\\\/profile\\\/9367242\",\"https:\\\/\\\/micro.blog\\\/iwellguard\",\"https:\\\/\\\/www.diggerslist.com\\\/iwellguard\\\/about\",\"https:\\\/\\\/skitterphoto.com\\\/photographers\\\/2870314\\\/iwell-guard\",\"https:\\\/\\\/iwellguard.wordpress.com\\\/2026\\\/06\\\/06\\\/iwell-guard\\\/\",\"https:\\\/\\\/hub.docker.com\\\/u\\\/iwellguard\",\"https:\\\/\\\/www.pinterest.com\\\/iwellguard\\\/\",\"https:\\\/\\\/bit.ly\\\/m\\\/iwellguard\",\"https:\\\/\\\/entre-vos-mains.alsace.eu\\\/profiles\\\/iwellguard\\\/activity\",\"https:\\\/\\\/gravatar.com\\\/reallybeded8fd34\",\"https:\\\/\\\/naijamatta.com\\\/iwellguard\",\"https:\\\/\\\/www.goodreads.com\\\/iwellguard\",\"https:\\\/\\\/profile.hatena.ne.jp\\\/iwellguard\\\/\",\"https:\\\/\\\/experiment.com\\\/users\\\/iwellguard\",\"https:\\\/\\\/wakelet.com\\\/@iWellGuard82270\",\"https:\\\/\\\/www.chordie.com\\\/forum\\\/profile.php?id=2555664\",\"https:\\\/\\\/www.instapaper.com\\\/p\\\/17757966\",\"https:\\\/\\\/www.mapleprimes.com\\\/users\\\/iwellguard\",\"https:\\\/\\\/businesslistingplus.com\\\/profile\\\/iwell-guard\\\/\",\"https:\\\/\\\/telegra.ph\\\/iWell-Guard-06-06\",\"https:\\\/\\\/pbase.com\\\/iwellguard\\\/iwellguard\",\"https:\\\/\\\/b.hatena.ne.jp\\\/iwellguard\\\/20260607#bookmark-4788405196491818882\",\"https:\\\/\\\/fliphtml5.com\\\/home\\\/iwellguard\",\"https:\\\/\\\/anyflip.com\\\/homepage\\\/cmiwl#About\",\"https:\\\/\\\/transfur.com\\\/Users\\\/iwellguard\",\"http:\\\/\\\/delphi.larsbo.org\\\/user\\\/iwellguard\",\"https:\\\/\\\/jobs.lajobsportal.org\\\/profiles\\\/8380803-iwell-guard\",\"https:\\\/\\\/md.chaosdorf.de\\\/s\\\/jfbe5SBdJD\",\"https:\\\/\\\/www.lingvolive.com\\\/en-us\\\/profile\\\/9ecaeaca-ce11-4e51-9e71-01d55e2bff36\\\/translations\",\"https:\\\/\\\/www.fitday.com\\\/fitness\\\/forums\\\/members\\\/iwellguard.html\",\"https:\\\/\\\/www.mymeetbook.com\\\/iwellguard\",\"https:\\\/\\\/pxhere.com\\\/en\\\/photographer-me\\\/5040798\",\"https:\\\/\\\/disqus.com\\\/by\\\/iwellguard\\\/about\\\/\",\"https:\\\/\\\/pastelink.net\\\/hjwciqwq\",\"https:\\\/\\\/pubhtml5.com\\\/homepage\\\/scjhn\\\/\",\"https:\\\/\\\/www.bitchute.com\\\/channel\\\/2O2eOKzNqujT\",\"https:\\\/\\\/audiomack.com\\\/iwellguard\"]},{\"@type\":\"Article\",\"@id\":\"https:\\\/\\\/iwell-guard.com\\\/hr\\\/ifrit\\\/#article\",\"isPartOf\":{\"@id\":\"https:\\\/\\\/iwell-guard.com\\\/hr\\\/ifrit\\\/\"},\"author\":{\"name\":\"Ralf Ittermann\",\"@id\":\"https:\\\/\\\/iwell-guard.com\\\/hr\\\/#\\\/schema\\\/person\\\/ee2a27f1cac3406c7c6fb5820cb7349f\"},\"headline\":\"Ifrit\",\"datePublished\":\"2026-09-04T05:09:42+00:00\",\"dateModified\":\"2026-09-04T05:21:48+00:00\",\"mainEntityOfPage\":{\"@id\":\"https:\\\/\\\/iwell-guard.com\\\/hr\\\/ifrit\\\/\"},\"publisher\":{\"@id\":\"https:\\\/\\\/iwell-guard.com\\\/hr\\\/#organization\"},\"image\":{\"@id\":\"https:\\\/\\\/iwell-guard.com\\\/hr\\\/ifrit\\\/#primaryimage\"},\"thumbnailUrl\":\"https:\\\/\\\/iwell-guard.com\\\/wp-content\\\/uploads\\\/2026\\\/04\\\/daemonen_islam_ifrit.webp\",\"inLanguage\":\"hr\",\"description\":\"Ifrit, mo\u0107ni d\u017einovi islamske tradicije. Vatrena bi\u0107a izme\u0111u mita o Salomonu, Tisu\u0107u i jedne no\u0107i i kuranske klasifikacije.\"}]}<\/script>\n<!-- \/ Yoast SEO Premium plugin. -->","yoast_head_json":{"title":"Ifrit \u2013 mo\u0107ni vatreni d\u017einovi islama","description":"Ifrit, mo\u0107ni d\u017einovi islamske tradicije. Vatrena bi\u0107a izme\u0111u mita o Salomonu, Tisu\u0107u i jedne no\u0107i i kuranske klasifikacije.","robots":{"index":"index","follow":"follow","max-snippet":"max-snippet:-1","max-image-preview":"max-image-preview:large","max-video-preview":"max-video-preview:-1"},"canonical":"https:\/\/iwell-guard.com\/hr\/ifrit\/","og_locale":"hr_HR","og_type":"article","og_title":"Ifrit","og_description":"Ifrit, mo\u0107ni d\u017einovi islamske tradicije. Vatrena bi\u0107a izme\u0111u mita o Salomonu, Tisu\u0107u i jedne no\u0107i i kuranske klasifikacije.","og_url":"https:\/\/iwell-guard.com\/hr\/ifrit\/","og_site_name":"iWell Guard","article_modified_time":"2026-09-04T05:21:48+00:00","og_image":[{"width":1024,"height":1536,"url":"https:\/\/iwell-guard.com\/wp-content\/uploads\/2026\/04\/daemonen_islam_ifrit.webp","type":"image\/webp"}],"twitter_card":"summary_large_image","schema":{"@context":"https:\/\/schema.org","@graph":[{"@type":"Article","@id":"https:\/\/iwell-guard.com\/hr\/ifrit\/#article","isPartOf":{"@id":"https:\/\/iwell-guard.com\/hr\/ifrit\/"},"author":{"name":"Ralf Ittermann","@id":"https:\/\/iwell-guard.com\/hr\/#\/schema\/person\/ee2a27f1cac3406c7c6fb5820cb7349f"},"headline":"Ifrit","datePublished":"2026-09-04T05:09:42+00:00","dateModified":"2026-09-04T05:21:48+00:00","mainEntityOfPage":{"@id":"https:\/\/iwell-guard.com\/hr\/ifrit\/"},"publisher":{"@id":"https:\/\/iwell-guard.com\/hr\/#organization"},"image":{"@id":"https:\/\/iwell-guard.com\/hr\/ifrit\/#primaryimage"},"thumbnailUrl":"https:\/\/iwell-guard.com\/wp-content\/uploads\/2026\/04\/daemonen_islam_ifrit.webp","inLanguage":"hr","description":"Ifrit, mo\u0107ni d\u017einovi islamske tradicije. Vatrena bi\u0107a izme\u0111u mita o Salomonu, Tisu\u0107u i jedne no\u0107i i kuranske klasifikacije."},{"@type":"WebPage","@id":"https:\/\/iwell-guard.com\/hr\/ifrit\/","url":"https:\/\/iwell-guard.com\/hr\/ifrit\/","name":"Ifrit \u2013 mo\u0107ni vatreni d\u017einovi islama","isPartOf":{"@id":"https:\/\/iwell-guard.com\/hr\/#website"},"primaryImageOfPage":{"@id":"https:\/\/iwell-guard.com\/hr\/ifrit\/#primaryimage"},"image":{"@id":"https:\/\/iwell-guard.com\/hr\/ifrit\/#primaryimage"},"thumbnailUrl":"https:\/\/iwell-guard.com\/wp-content\/uploads\/2026\/04\/daemonen_islam_ifrit.webp","datePublished":"2026-09-04T05:09:42+00:00","dateModified":"2026-09-04T05:21:48+00:00","description":"Ifrit, mo\u0107ni d\u017einovi islamske tradicije. Vatrena bi\u0107a izme\u0111u mita o Salomonu, Tisu\u0107u i jedne no\u0107i i kuranske klasifikacije.","breadcrumb":{"@id":"https:\/\/iwell-guard.com\/hr\/ifrit\/#breadcrumb"},"inLanguage":"hr","potentialAction":[{"@type":"ReadAction","target":["https:\/\/iwell-guard.com\/hr\/ifrit\/"]}]},{"@type":"ImageObject","inLanguage":"hr","@id":"https:\/\/iwell-guard.com\/hr\/ifrit\/#primaryimage","url":"https:\/\/iwell-guard.com\/wp-content\/uploads\/2026\/04\/daemonen_islam_ifrit.webp","contentUrl":"https:\/\/iwell-guard.com\/wp-content\/uploads\/2026\/04\/daemonen_islam_ifrit.webp","width":1024,"height":1536,"caption":"Demoni iz islamske tradicije."},{"@type":"BreadcrumbList","@id":"https:\/\/iwell-guard.com\/hr\/ifrit\/#breadcrumb","itemListElement":[{"@type":"ListItem","position":1,"name":"Start","item":"https:\/\/iwell-guard.com\/hr\/?page_id=149317"},{"@type":"ListItem","position":2,"name":"Ifrit"}]},{"@type":"WebSite","@id":"https:\/\/iwell-guard.com\/hr\/#website","url":"https:\/\/iwell-guard.com\/hr\/","name":"iWell Guard","description":"Schutz vor dunklen Einfl\u00fcssen","publisher":{"@id":"https:\/\/iwell-guard.com\/hr\/#organization"},"potentialAction":[{"@type":"SearchAction","target":{"@type":"EntryPoint","urlTemplate":"https:\/\/iwell-guard.com\/hr\/?s={search_term_string}"},"query-input":{"@type":"PropertyValueSpecification","valueRequired":true,"valueName":"search_term_string"}}],"inLanguage":"hr"},{"@type":"Organization","@id":"https:\/\/iwell-guard.com\/hr\/#organization","name":"Ittermann electronic GmbH","url":"https:\/\/iwell-guard.com\/hr\/","logo":{"@type":"ImageObject","inLanguage":"hr","@id":"https:\/\/iwell-guard.com\/hr\/#\/schema\/logo\/image\/","url":"https:\/\/iwell-guard.com\/wp-content\/uploads\/2026\/05\/Ittermann-Logo-1182x237-1.png","contentUrl":"https:\/\/iwell-guard.com\/wp-content\/uploads\/2026\/05\/Ittermann-Logo-1182x237-1.png","width":1182,"height":237,"caption":"Ittermann electronic GmbH"},"image":{"@id":"https:\/\/iwell-guard.com\/hr\/#\/schema\/logo\/image\/"},"sameAs":["https:\/\/pantip.com\/profile\/9367242","https:\/\/micro.blog\/iwellguard","https:\/\/www.diggerslist.com\/iwellguard\/about","https:\/\/skitterphoto.com\/photographers\/2870314\/iwell-guard","https:\/\/iwellguard.wordpress.com\/2026\/06\/06\/iwell-guard\/","https:\/\/hub.docker.com\/u\/iwellguard","https:\/\/www.pinterest.com\/iwellguard\/","https:\/\/bit.ly\/m\/iwellguard","https:\/\/entre-vos-mains.alsace.eu\/profiles\/iwellguard\/activity","https:\/\/gravatar.com\/reallybeded8fd34","https:\/\/naijamatta.com\/iwellguard","https:\/\/www.goodreads.com\/iwellguard","https:\/\/profile.hatena.ne.jp\/iwellguard\/","https:\/\/experiment.com\/users\/iwellguard","https:\/\/wakelet.com\/@iWellGuard82270","https:\/\/www.chordie.com\/forum\/profile.php?id=2555664","https:\/\/www.instapaper.com\/p\/17757966","https:\/\/www.mapleprimes.com\/users\/iwellguard","https:\/\/businesslistingplus.com\/profile\/iwell-guard\/","https:\/\/telegra.ph\/iWell-Guard-06-06","https:\/\/pbase.com\/iwellguard\/iwellguard","https:\/\/b.hatena.ne.jp\/iwellguard\/20260607#bookmark-4788405196491818882","https:\/\/fliphtml5.com\/home\/iwellguard","https:\/\/anyflip.com\/homepage\/cmiwl#About","https:\/\/transfur.com\/Users\/iwellguard","http:\/\/delphi.larsbo.org\/user\/iwellguard","https:\/\/jobs.lajobsportal.org\/profiles\/8380803-iwell-guard","https:\/\/md.chaosdorf.de\/s\/jfbe5SBdJD","https:\/\/www.lingvolive.com\/en-us\/profile\/9ecaeaca-ce11-4e51-9e71-01d55e2bff36\/translations","https:\/\/www.fitday.com\/fitness\/forums\/members\/iwellguard.html","https:\/\/www.mymeetbook.com\/iwellguard","https:\/\/pxhere.com\/en\/photographer-me\/5040798","https:\/\/disqus.com\/by\/iwellguard\/about\/","https:\/\/pastelink.net\/hjwciqwq","https:\/\/pubhtml5.com\/homepage\/scjhn\/","https:\/\/www.bitchute.com\/channel\/2O2eOKzNqujT","https:\/\/audiomack.com\/iwellguard"]},{"@type":"Person","@id":"https:\/\/iwell-guard.com\/hr\/#\/schema\/person\/ee2a27f1cac3406c7c6fb5820cb7349f","name":"Ralf Ittermann","image":{"@type":"ImageObject","inLanguage":"hr","@id":"https:\/\/secure.gravatar.com\/avatar\/073c0153e350a5005b68eb752b445fea71f6b24a26da9449ad7e155e6b446c9d?s=96&d=mm&r=g","url":"https:\/\/secure.gravatar.com\/avatar\/073c0153e350a5005b68eb752b445fea71f6b24a26da9449ad7e155e6b446c9d?s=96&d=mm&r=g","contentUrl":"https:\/\/secure.gravatar.com\/avatar\/073c0153e350a5005b68eb752b445fea71f6b24a26da9449ad7e155e6b446c9d?s=96&d=mm&r=g","caption":"Ralf Ittermann"},"givenName":"Ralf","familyName":"Ittermann","jobTitle":"Gesch\u00e4ftsf\u00fchrer und redaktioneller Verantwortlicher","url":"https:\/\/iwell-guard.com\/hr\/author\/claude\/","description":"Ralf Ittermann ist Gesch\u00e4ftsf\u00fchrer der Ittermann electronic GmbH und redaktioneller Verantwortlicher des iWell-Guard-Lexikons. Er verbindet langj\u00e4hrige Erfahrung in der Pr\u00e4zisionsfertigung mit medialer Praxis und religionsgeschichtlicher Quellenarbeit.","worksFor":{"@type":"Organization","name":"Ittermann electronic GmbH","url":"https:\/\/ittermann.de\/","address":{"@type":"PostalAddress","streetAddress":"K\u00f6hlergasse 16-18","postalCode":"99842","addressLocality":"Ruhla","addressCountry":"DE"}},"knowsAbout":["Religionsgeschichte","Mythologie","Mediale Praxis","Energetische Diagnostik","Schutzpraxis","Volksglauben","Westliche Esoterik"]},{"@type":"Article","@id":"https:\/\/iwell-guard.com\/hr\/ifrit\/#article","isPartOf":{"@id":"https:\/\/iwell-guard.com\/hr\/ifrit\/"},"author":{"name":"Ralf Ittermann","@id":"https:\/\/iwell-guard.com\/hr\/#\/schema\/person\/ee2a27f1cac3406c7c6fb5820cb7349f"},"headline":"Ifrit","datePublished":"2026-09-04T05:09:42+00:00","dateModified":"2026-09-04T05:21:48+00:00","mainEntityOfPage":{"@id":"https:\/\/iwell-guard.com\/hr\/ifrit\/"},"publisher":{"@id":"https:\/\/iwell-guard.com\/hr\/#organization"},"image":{"@id":"https:\/\/iwell-guard.com\/hr\/ifrit\/#primaryimage"},"thumbnailUrl":"https:\/\/iwell-guard.com\/wp-content\/uploads\/2026\/04\/daemonen_islam_ifrit.webp","inLanguage":"hr","description":"Ifrit, mo\u0107ni d\u017einovi islamske tradicije. Vatrena bi\u0107a izme\u0111u mita o Salomonu, Tisu\u0107u i jedne no\u0107i i kuranske klasifikacije."}]}},"_links":{"self":[{"href":"https:\/\/iwell-guard.com\/hr\/wp-json\/wp\/v2\/pages\/149361","targetHints":{"allow":["GET"]}}],"collection":[{"href":"https:\/\/iwell-guard.com\/hr\/wp-json\/wp\/v2\/pages"}],"about":[{"href":"https:\/\/iwell-guard.com\/hr\/wp-json\/wp\/v2\/types\/page"}],"author":[{"embeddable":true,"href":"https:\/\/iwell-guard.com\/hr\/wp-json\/wp\/v2\/users\/3"}],"replies":[{"embeddable":true,"href":"https:\/\/iwell-guard.com\/hr\/wp-json\/wp\/v2\/comments?post=149361"}],"version-history":[{"count":0,"href":"https:\/\/iwell-guard.com\/hr\/wp-json\/wp\/v2\/pages\/149361\/revisions"}],"wp:featuredmedia":[{"embeddable":true,"href":"https:\/\/iwell-guard.com\/hr\/wp-json\/wp\/v2\/media\/1664"}],"wp:attachment":[{"href":"https:\/\/iwell-guard.com\/hr\/wp-json\/wp\/v2\/media?parent=149361"}],"wp:term":[{"taxonomy":"category","embeddable":true,"href":"https:\/\/iwell-guard.com\/hr\/wp-json\/wp\/v2\/categories?post=149361"}],"curies":[{"name":"wp","href":"https:\/\/api.w.org\/{rel}","templated":true}]}}