{"id":149357,"date":"2026-09-04T05:09:41","date_gmt":"2026-09-04T05:09:41","guid":{"rendered":"https:\/\/iwell-guard.com\/?page_id=149357"},"modified":"2026-09-04T05:21:44","modified_gmt":"2026-09-04T05:21:44","slug":"legion-posjednutost-kolektivni-demoni","status":"publish","type":"page","link":"https:\/\/iwell-guard.com\/hr\/legion-posjednutost-kolektivni-demoni\/","title":{"rendered":"Legion \u2013 posjednutost i kolektivni demoni"},"content":{"rendered":"\t\t<div data-elementor-type=\"wp-page\" data-elementor-id=\"149357\" class=\"elementor elementor-149357 elementor-1022\" data-elementor-post-type=\"page\">\n\t\t\t\t<div class=\"elementor-element elementor-element-10fdade e-flex e-con-boxed e-con e-parent\" data-id=\"10fdade\" data-element_type=\"container\" data-e-type=\"container\" data-settings=\"{&quot;background_background&quot;:&quot;classic&quot;}\">\n\t\t\t\t\t<div class=\"e-con-inner\">\n\t\t<div class=\"elementor-element elementor-element-herohlft0 e-flex e-con-boxed e-con e-child\" data-id=\"herohlft0\" data-element_type=\"container\" data-e-type=\"container\">\n\t\t\t\t\t<div class=\"e-con-inner\">\n\t\t<div class=\"elementor-element elementor-element-c3ceb64 e-con-full e-flex e-con e-child\" data-id=\"c3ceb64\" data-element_type=\"container\" data-e-type=\"container\">\n\t\t\t\t<div class=\"elementor-element elementor-element-96ae5e1 elementor-widget elementor-widget-heading\" data-id=\"96ae5e1\" data-element_type=\"widget\" data-e-type=\"widget\" data-widget_type=\"heading.default\">\n\t\t\t\t\t<h1 class=\"elementor-heading-title elementor-size-default\">Legion, demon kr\u0161\u0107anske tradicije<\/h1>\t\t\t\t<\/div>\n\t\t\t\t<div class=\"elementor-element elementor-element-e45238a elementor-widget elementor-widget-text-editor\" data-id=\"e45238a\" data-element_type=\"widget\" data-e-type=\"widget\" data-widget_type=\"text-editor.default\">\n\t\t\t\t\t\t\t\t\t<p>Legion je <span class=\"iwg-fachbegriff\" data-tooltip=\"Duhovno bi\u0107e kojemu se pripisuje \u0161tetno ili dvojako djelovanje.\" tabindex=\"0\">demon<\/span> kr\u0161\u0107anske tradicije.<\/p><p><strong>\u201eJer nas je mnogo&#8221;, kolektivna posjednutost u Gerasi.<\/strong><\/p>\t\t\t\t\t\t\t\t<\/div>\n\t\t\t\t<\/div>\n\t\t<div class=\"elementor-element elementor-element-klsbdg01 e-con-full e-flex e-con e-parent\" data-id=\"klsbdg01\" data-element_type=\"container\" data-e-type=\"container\">\n\t\t\t\t<div class=\"elementor-element elementor-element-klshtm01 elementor-widget elementor-widget-html\" data-id=\"klshtm01\" data-element_type=\"widget\" data-e-type=\"widget\" data-widget_type=\"html.default\">\n\t\t\t\t\t<div class=\"iwg-pill-row\"><span class=\"iwg-klasse-badge\" tabindex=\"0\" data-tooltip=\"Demon: Natprirodno bi\u0107e s prete\u017eno \u0161tetnim ili ambivalentnim djelovanjem. Stoji izme\u0111u bogova i ljudi, uzrokuje bolest, napast ili nesre\u0107u, a odbija se prizivanjem, apotropejskim predmetima i ritualima.\">Demon<\/span><a href=\"https:\/\/iwell-guard.com\/hr\/?page_id=149348\" class=\"iwg-kultur-badge\" tabindex=\"0\" data-tooltip=\"Kr\u0161\u0107anska tradicija sa svojim an\u0111elima, demonima i misti\u010dnim bi\u0107ima.\">Kr\u0161\u0107anstvo<\/a><\/div>\t\t\t\t<\/div>\n\t\t\t\t<\/div>\n\t\t<div class=\"elementor-element elementor-element-3f74855 e-con-full e-flex e-con e-child\" data-id=\"3f74855\" data-element_type=\"container\" data-e-type=\"container\">\n\t\t\t\t<div class=\"elementor-element elementor-element-1c30362 elementor-toc--minimized-on-tablet elementor-widget elementor-widget-table-of-contents\" data-id=\"1c30362\" data-element_type=\"widget\" data-e-type=\"widget\" data-settings=\"{&quot;exclude_headings_by_selector&quot;:[],&quot;no_headings_message&quot;:&quot;Na ovoj stranici nisu prona\\u0111eni naslovi.&quot;,&quot;headings_by_tags&quot;:[&quot;h2&quot;,&quot;h3&quot;],&quot;marker_view&quot;:&quot;bullets&quot;,&quot;icon&quot;:{&quot;value&quot;:&quot;fas fa-circle&quot;,&quot;library&quot;:&quot;fa-solid&quot;,&quot;rendered_tag&quot;:&quot;&lt;svg class=\\&quot;e-font-icon-svg e-fas-circle\\&quot; viewBox=\\&quot;0 0 512 512\\&quot; xmlns=\\&quot;http:\\\/\\\/www.w3.org\\\/2000\\\/svg\\&quot;&gt;&lt;path d=\\&quot;M256 8C119 8 8 119 8 256s111 248 248 248 248-111 248-248S393 8 256 8z\\&quot;&gt;&lt;\\\/path&gt;&lt;\\\/svg&gt;&quot;},&quot;minimize_box&quot;:&quot;yes&quot;,&quot;minimized_on&quot;:&quot;tablet&quot;,&quot;hierarchical_view&quot;:&quot;yes&quot;,&quot;min_height&quot;:{&quot;unit&quot;:&quot;px&quot;,&quot;size&quot;:&quot;&quot;,&quot;sizes&quot;:[]},&quot;min_height_tablet&quot;:{&quot;unit&quot;:&quot;px&quot;,&quot;size&quot;:&quot;&quot;,&quot;sizes&quot;:[]},&quot;min_height_mobile&quot;:{&quot;unit&quot;:&quot;px&quot;,&quot;size&quot;:&quot;&quot;,&quot;sizes&quot;:[]}}\" data-widget_type=\"table-of-contents.default\">\n\t\t\t\t\t\t\t\t\t<div class=\"elementor-toc__header\">\n\t\t\t\t\t\t<h2 class=\"elementor-toc__header-title\">\n\t\t\t\tSadr\u017eaj\t\t\t<\/h2>\n\t\t\t\t\t\t\t\t\t\t<div class=\"elementor-toc__toggle-button elementor-toc__toggle-button--expand\" role=\"button\" tabindex=\"0\" aria-controls=\"elementor-toc__1c30362\" aria-expanded=\"true\" aria-label=\"Open table of contents\"><svg aria-hidden=\"true\" class=\"e-font-icon-svg e-fas-chevron-down\" viewBox=\"0 0 448 512\" xmlns=\"http:\/\/www.w3.org\/2000\/svg\"><path d=\"M207.029 381.476L12.686 187.132c-9.373-9.373-9.373-24.569 0-33.941l22.667-22.667c9.357-9.357 24.522-9.375 33.901-.04L224 284.505l154.745-154.021c9.379-9.335 24.544-9.317 33.901.04l22.667 22.667c9.373 9.373 9.373 24.569 0 33.941L240.971 381.476c-9.373 9.372-24.569 9.372-33.942 0z\"><\/path><\/svg><\/div>\n\t\t\t\t<div class=\"elementor-toc__toggle-button elementor-toc__toggle-button--collapse\" role=\"button\" tabindex=\"0\" aria-controls=\"elementor-toc__1c30362\" aria-expanded=\"true\" aria-label=\"Close table of contents\"><svg aria-hidden=\"true\" class=\"e-font-icon-svg e-fas-chevron-up\" viewBox=\"0 0 448 512\" xmlns=\"http:\/\/www.w3.org\/2000\/svg\"><path d=\"M240.971 130.524l194.343 194.343c9.373 9.373 9.373 24.569 0 33.941l-22.667 22.667c-9.357 9.357-24.522 9.375-33.901.04L224 227.495 69.255 381.516c-9.379 9.335-24.544 9.317-33.901-.04l-22.667-22.667c-9.373-9.373-9.373-24.569 0-33.941L207.03 130.525c9.372-9.373 24.568-9.373 33.941-.001z\"><\/path><\/svg><\/div>\n\t\t\t\t\t<\/div>\n\t\t\t\t<div id=\"elementor-toc__1c30362\" class=\"elementor-toc__body\">\n\t\t\t<div class=\"elementor-toc__spinner-container\">\n\t\t\t\t<svg class=\"elementor-toc__spinner eicon-animation-spin e-font-icon-svg e-eicon-loading\" aria-hidden=\"true\" viewBox=\"0 0 1000 1000\" xmlns=\"http:\/\/www.w3.org\/2000\/svg\"><path d=\"M500 975V858C696 858 858 696 858 500S696 142 500 142 142 304 142 500H25C25 237 238 25 500 25S975 237 975 500 763 975 500 975Z\"><\/path><\/svg>\t\t\t<\/div>\n\t\t<\/div>\n\t\t\t\t\t\t<\/div>\n\t\t\t\t<\/div>\n\t\t\t\t\t<\/div>\n\t\t\t\t<\/div>\n\t\t<div class=\"elementor-element elementor-element-herorght0 e-con-full e-flex e-con e-child\" data-id=\"herorght0\" data-element_type=\"container\" data-e-type=\"container\">\n\t\t\t\t<div class=\"elementor-element elementor-element-heroimg00 iwg-hero-image elementor-widget elementor-widget-image\" data-id=\"heroimg00\" data-element_type=\"widget\" data-e-type=\"widget\" data-widget_type=\"image.default\">\n\t\t\t\t\t\t\t\t\t\t\t\t\t\t\t<img fetchpriority=\"high\" decoding=\"async\" width=\"683\" height=\"1024\" src=\"https:\/\/iwell-guard.com\/wp-content\/uploads\/2026\/04\/daemonen_christentum_legion-683x1024.webp\" class=\"attachment-large size-large wp-image-151874\" alt=\"Legion - demoni iz kr\u0161\u0107anske tradicije, povijesno-ilustrativno\" srcset=\"https:\/\/iwell-guard.com\/wp-content\/uploads\/2026\/04\/daemonen_christentum_legion-683x1024.webp 683w, https:\/\/iwell-guard.com\/wp-content\/uploads\/2026\/04\/daemonen_christentum_legion-200x300.webp 200w, https:\/\/iwell-guard.com\/wp-content\/uploads\/2026\/04\/daemonen_christentum_legion-768x1152.webp 768w, https:\/\/iwell-guard.com\/wp-content\/uploads\/2026\/04\/daemonen_christentum_legion.webp 1024w\" sizes=\"(max-width: 683px) 100vw, 683px\" \/>\t\t\t\t\t\t\t\t\t\t\t\t\t\t\t<\/div>\n\t\t\t\t<\/div>\n\t\t\t\t\t<\/div>\n\t\t\t\t<\/div>\n\t\t<div class=\"elementor-element elementor-element-32917199 e-flex e-con-boxed e-con e-parent\" data-id=\"32917199\" data-element_type=\"container\" data-e-type=\"container\">\n\t\t\t\t\t<div class=\"e-con-inner\">\n\t\t<div class=\"elementor-element elementor-element-26e916cb e-flex e-con-boxed e-con e-child\" data-id=\"26e916cb\" data-element_type=\"container\" data-e-type=\"container\">\n\t\t\t\t\t<div class=\"e-con-inner\">\n\t\t<div class=\"elementor-element elementor-element-253a40d4 e-flex e-con-boxed e-con e-child\" data-id=\"253a40d4\" data-element_type=\"container\" data-e-type=\"container\">\n\t\t\t\t\t<div class=\"e-con-inner\">\n\t\t\t\t<div class=\"elementor-element elementor-element-1200c304 elementor-widget elementor-widget-heading\" data-id=\"1200c304\" data-element_type=\"widget\" data-e-type=\"widget\" data-widget_type=\"heading.default\">\n\t\t\t\t\t<div class=\"elementor-heading-title elementor-size-default\">Legion<\/div>\t\t\t\t<\/div>\n\t\t\t\t<div class=\"elementor-element elementor-element-11758e7f elementor-widget elementor-widget-text-editor\" data-id=\"11758e7f\" data-element_type=\"widget\" data-e-type=\"widget\" data-widget_type=\"text-editor.default\">\n\t\t\t\t\t\t\t\t\t<p>Legion je ime skupine demona koji su zajedno navedeni u novozavjetnoj pri\u010di o posjednutom \u010dovjeku iz Gerase (Mk 5,1, 20; Lk 8,26, 39; Mt 8,28, 34).<\/p><p>Na Isusovu zapovijed ulaze u stado svinja koje se odmah baca u more. Ta scena postala je paradigma kr\u0161\u0107anskog izgona demona i oblikovala je predod\u017ebu kolektivne posjednutosti.<\/p><p>Ime \u201eLegion&#8221; odnosi se na rimsku vojnu jedinicu, koja je brojila i do 6.000 vojnika. Time je uspostavljena skupna i masovna dimenzija tog fenomena. U kasnijem teolo\u0161kom i psiholo\u0161kom tuma\u010denju Legion slu\u017ei kao modelni slu\u010daj: posjednutost kao vi\u0161estruko preklapanje, unutarnja fragmentacija, razaranje osobnosti. Moderna psihologija disocijativnih poreme\u0107aja povremeno preuzima tu pri\u010du kao vode\u0107i motiv.<\/p><div><p><strong>Sinopti\u010dka tradicija i politi\u010dka konotacija<\/strong><\/p><p>Pri\u010da o Legionu javlja se u sva tri sinopti\u010dka evan\u0111elja (Marko 5,1, 20; Matej 8,28, 34; Luka 8,26, 39) i opisuje ozdravljenje posjednutog \u010dovjeka u pokrajini Gerasena (ili Gadarena) na isto\u010dnoj obali Galilejskog jezera.<\/p><p>Sredi\u0161nja je scena dijalog izme\u0111u Isusa i posjednutog: Isus pita za ime, odgovor glasi <em>Legion, jer nas je mnogo<\/em>. Pojam <em>legion<\/em> (gr\u010dki <em>legi\u014dn<\/em>, latinski <em>legio<\/em>) u 1. stolje\u0107u ozna\u010davao je rimsku postrojbu od pribli\u017eno 5.000 do 6.000 vojnika.<\/p><p><span data-nosnippet>Izbor upravo tog pojma za demonsko samoimenovanje potaknuo je u znanosti (Paul W. Hollenbach, <em>Jesus, Demoniacs, and Public Authorities<\/em>, 1981) politi\u010dko tuma\u010denje: pri\u010da bi sadr\u017eavala antirimski podtekst, u kojem se rimska okupacijska sila simboli\u010dki izgoni.<\/span><\/p><p>To tuma\u010denje slijede Ched Myers (<em>Binding the Strong Man<\/em>, 1988) i John Dominic Crossan u kasnijim istra\u017eivanjima o Isusu.<\/p><\/div>\t\t\t\t\t\t\t\t<\/div>\n\t\t\t\t\t<\/div>\n\t\t\t\t<\/div>\n\t\t<div class=\"elementor-element elementor-element-159dcf9a e-flex e-con-boxed e-con e-child\" data-id=\"159dcf9a\" data-element_type=\"container\" data-e-type=\"container\">\n\t\t\t\t\t<div class=\"e-con-inner\">\n\t\t\t\t<div class=\"elementor-element elementor-element-48cee66f elementor-widget elementor-widget-heading\" data-id=\"48cee66f\" data-element_type=\"widget\" data-e-type=\"widget\" data-widget_type=\"heading.default\">\n\t\t\t\t\t<h2 class=\"elementor-heading-title elementor-size-default\">Pregled: Legion<\/h2>\t\t\t\t<\/div>\n\t\t\t\t<div class=\"elementor-element elementor-element-3f50d82c elementor-widget elementor-widget-text-editor\" data-id=\"3f50d82c\" data-element_type=\"widget\" data-e-type=\"widget\" data-widget_type=\"text-editor.default\">\n\t\t\t\t\t\t\t\t\t<p><strong>Tip:<\/strong> kolektivni <span class=\"iwg-fachbegriff\" data-tooltip=\"Duhovno bi\u0107e kojemu se pripisuje \u0161tetno ili dvojako djelovanje.\" tabindex=\"0\">demon<\/span> (skupina pod jednim imenom)<br>Podrijetlo: posjednuti \u010dovjek iz Gerase<br>Tekstovi: Mk 5, Mt 8, Lk 8, patristi\u010dka tuma\u010denja<br>Vremenski okvir: od 1. stolje\u0107a do danas<br><span class=\"iwg-fachbegriff\" data-tooltip=\"Ponavljaju\u0107i sadr\u017eajni element u umjetnosti ili pripovijedanju.\" tabindex=\"0\">Motiv<\/span>: paradigma vi\u0161estruke posjednutosti i kr\u0161\u0107anskog izgona demona<\/p>\t\t\t\t\t\t\t\t<\/div>\n\t\t\t\t\t<\/div>\n\t\t\t\t<\/div>\n\t\t\t\t\t<\/div>\n\t\t\t\t<\/div>\n\t\t\t\t\t<\/div>\n\t\t\t\t<\/div>\n\t\t<div class=\"elementor-element elementor-element-18613602 e-flex e-con-boxed e-con e-parent\" data-id=\"18613602\" data-element_type=\"container\" data-e-type=\"container\">\n\t\t\t\t\t<div class=\"e-con-inner\">\n\t\t\t\t<div class=\"elementor-element elementor-element-262b8a9f elementor-widget elementor-widget-heading\" data-id=\"262b8a9f\" data-element_type=\"widget\" data-e-type=\"widget\" data-widget_type=\"heading.default\">\n\t\t\t\t\t<h2 class=\"elementor-heading-title elementor-size-default\">Kontekst<\/h2>\t\t\t\t<\/div>\n\t\t<div class=\"elementor-element elementor-element-46dcb7d e-con-full e-flex e-con e-child\" data-id=\"46dcb7d\" data-element_type=\"container\" data-e-type=\"container\">\n\t\t<div class=\"elementor-element elementor-element-61d3ab3 e-flex e-con-boxed e-con e-child\" data-id=\"61d3ab3\" data-element_type=\"container\" data-e-type=\"container\">\n\t\t\t\t\t<div class=\"e-con-inner\">\n\t\t\t\t<div class=\"elementor-element elementor-element-117c166 elementor-widget elementor-widget-heading\" data-id=\"117c166\" data-element_type=\"widget\" data-e-type=\"widget\" data-widget_type=\"heading.default\">\n\t\t\t\t\t<div class=\"elementor-heading-title elementor-size-default\">Zeitraum der Texte<\/div>\t\t\t\t<\/div>\n\t\t\t\t<div class=\"elementor-element elementor-element-73997a0 elementor-widget elementor-widget-text-editor\" data-id=\"73997a0\" data-element_type=\"widget\" data-e-type=\"widget\" data-widget_type=\"text-editor.default\">\n\t\t\t\t\t\t\t\t\t<p>Sinopti\u010dka evan\u0111elja (Mk, Mt, Lk) donose tu scenu; Mk 5 smatra se najstarijom verzijom. Patristi\u010dka tuma\u010denja (Origen, <span class=\"iwg-fachbegriff\" tabindex=\"0\" data-tooltip=\"Aurelije Augustin (354.\u2013430.); kr\u0161\u0107anski crkveni otac, glavna djela Ispovijesti i O dr\u017eavi Bo\u017ejoj.\">Augustin<\/span>) pro\u0161iruju to tuma\u010denje. Moderna <span class=\"iwg-fachbegriff\" tabindex=\"0\" data-tooltip=\"Znanstveno tuma\u010denje religijskih tekstova filolo\u0161kim, povijesnim i teolo\u0161kim metodama.\">egzegeza<\/span> i psihologija redovito se pozivaju na Legiona kao modelni slu\u010daj.<\/p>\t\t\t\t\t\t\t\t<\/div>\n\t\t\t\t\t<\/div>\n\t\t\t\t<\/div>\n\t\t<div class=\"elementor-element elementor-element-d47b156 e-flex e-con-boxed e-con e-child\" data-id=\"d47b156\" data-element_type=\"container\" data-e-type=\"container\">\n\t\t\t\t\t<div class=\"e-con-inner\">\n\t\t\t\t<div class=\"elementor-element elementor-element-ff38c2b elementor-widget elementor-widget-heading\" data-id=\"ff38c2b\" data-element_type=\"widget\" data-e-type=\"widget\" data-widget_type=\"heading.default\">\n\t\t\t\t\t<div class=\"elementor-heading-title elementor-size-default\">Verbreitungsraum<\/div>\t\t\t\t<\/div>\n\t\t\t\t<div class=\"elementor-element elementor-element-4e49fcc elementor-widget elementor-widget-text-editor\" data-id=\"4e49fcc\" data-element_type=\"widget\" data-e-type=\"widget\" data-widget_type=\"text-editor.default\">\n\t\t\t\t\t\t\t\t\t<p>Gerasa na isto\u010dnoj obali Galilejskog jezera (danas Jordan) pripovjedno je mjesto radnje. U kr\u0161\u0107anskoj misiji i <span class=\"iwg-fachbegriff\" data-tooltip=\"Svakodnevno \u017eivljena religioznost, \u010desto uz slu\u017ebenu doktrinu.\" tabindex=\"0\">narodnoj pobo\u017enosti<\/span> \u0161irom svijeta prisutna je kao primjer.<\/p>\t\t\t\t\t\t\t\t<\/div>\n\t\t\t\t\t<\/div>\n\t\t\t\t<\/div>\n\t\t\t\t<\/div>\n\t\t<div class=\"elementor-element elementor-element-db03c39 e-con-full e-flex e-con e-child\" data-id=\"db03c39\" data-element_type=\"container\" data-e-type=\"container\">\n\t\t<div class=\"elementor-element elementor-element-229a87b e-flex e-con-boxed e-con e-child\" data-id=\"229a87b\" data-element_type=\"container\" data-e-type=\"container\">\n\t\t\t\t\t<div class=\"e-con-inner\">\n\t\t\t\t<div class=\"elementor-element elementor-element-1f471fc elementor-widget elementor-widget-heading\" data-id=\"1f471fc\" data-element_type=\"widget\" data-e-type=\"widget\" data-widget_type=\"heading.default\">\n\t\t\t\t\t<div class=\"elementor-heading-title elementor-size-default\">Quellenlage<\/div>\t\t\t\t<\/div>\n\t\t\t\t<div class=\"elementor-element elementor-element-36b1201 elementor-widget elementor-widget-text-editor\" data-id=\"36b1201\" data-element_type=\"widget\" data-e-type=\"widget\" data-widget_type=\"text-editor.default\">\n\t\t\t\t\t\t\t\t\t<p>Sinopti\u010dka evan\u0111elja, patristi\u010dka propovijedanja, srednjovjekovni exempla, ikonografski prikazi, moderna egzegeza, psihoanaliti\u010dko-psiholo\u0161ka tuma\u010denja (Jung i drugi).<\/p>\t\t\t\t\t\t\t\t<\/div>\n\t\t\t\t\t<\/div>\n\t\t\t\t<\/div>\n\t\t\t\t<\/div>\n\t\t\t\t\t<\/div>\n\t\t\t\t<\/div>\n\t\t<div class=\"elementor-element elementor-element-3ae0637c e-flex e-con-boxed e-con e-parent\" data-id=\"3ae0637c\" data-element_type=\"container\" data-e-type=\"container\">\n\t\t\t\t\t<div class=\"e-con-inner\">\n\t\t\t\t<div class=\"elementor-element elementor-element-31d07739 elementor-widget elementor-widget-heading\" data-id=\"31d07739\" data-element_type=\"widget\" data-e-type=\"widget\" data-widget_type=\"heading.default\">\n\t\t\t\t\t<h2 class=\"elementor-heading-title elementor-size-default\">Ime i tuma\u010denje<\/h2>\t\t\t\t<\/div>\n\t\t<div class=\"elementor-element elementor-element-b7642947 e-con-full e-flex e-con e-child\" data-id=\"b7642947\" data-element_type=\"container\" data-e-type=\"container\">\n\t\t\t\t<div class=\"elementor-element elementor-element-a086266 elementor-widget elementor-widget-text-editor\" data-id=\"a086266\" data-element_type=\"widget\" data-e-type=\"widget\" data-widget_type=\"text-editor.default\">\n\t\t\t\t\t\t\t\t\t<p><strong>Gr\u010dki:<\/strong> <em>Legi\u014dn<\/em>, od lat. <em>legio<\/em>.<br>Kontekst: posjednuti nije bio pojedina\u010dni demon, nego kolektiv, \u201ejer nas je mnogo&#8221; (Mk 5,9). Ime je dakle funkcionalno ime, a ne osobno ime pojedina\u010dnog demona.<\/p><p>Broj \u201elegija&#8221; istovremeno upu\u0107uje na rimsku okupacijsku silu. Aspekt politi\u010dkog tuma\u010denja, Legion kao <span class=\"iwg-fachbegriff\" data-tooltip=\"Znak koji predstavlja ideju ili zna\u010denje.\" tabindex=\"0\">simbol<\/span> rimske vlasti koja je \u201eokupirala&#8221; zemlju, isti\u010de se u modernoj postkolonijalnoj egzegezi.<\/p>\t\t\t\t\t\t\t\t<\/div>\n\t\t\t\t<\/div>\n\t\t\t\t\t<\/div>\n\t\t\t\t<\/div>\n\t\t<div class=\"elementor-element elementor-element-709a44a8 e-flex e-con-boxed e-con e-parent\" data-id=\"709a44a8\" data-element_type=\"container\" data-e-type=\"container\">\n\t\t\t\t\t<div class=\"e-con-inner\">\n\t\t\t\t<div class=\"elementor-element elementor-element-2f585873 elementor-widget elementor-widget-heading\" data-id=\"2f585873\" data-element_type=\"widget\" data-e-type=\"widget\" data-widget_type=\"heading.default\">\n\t\t\t\t\t<h2 class=\"elementor-heading-title elementor-size-default\">Karakteristike<\/h2>\t\t\t\t<\/div>\n\t\t<div class=\"elementor-element elementor-element-70621c12 e-con-full e-flex e-con e-child\" data-id=\"70621c12\" data-element_type=\"container\" data-e-type=\"container\">\n\t\t\t\t<div class=\"elementor-element elementor-element-4296eb49 elementor-widget elementor-widget-text-editor\" data-id=\"4296eb49\" data-element_type=\"widget\" data-e-type=\"widget\" data-widget_type=\"text-editor.default\">\n\t\t\t\t\t\t\t\t\t<p><strong>Pojavnost<\/strong><\/p><p>Ne postoji vlastita ikonografska tradicija. Prikazuje se uvijek ista scena: Isus na obali, opsjednuti \u010dovjek me\u0111u grobovima, krdo svinja koje se strmoglavljuje u more.<\/p><p><strong>Pona\u0161anje<\/strong><\/p><p>Opsjednuti \u017eivi me\u0111u grobnicama u stijenama, ne mo\u017ee ga se vi\u0161e svezati, vi\u010de danju i no\u0107u te se ozlje\u0111uje kamenjem. Nakon izgona: zdrav, obu\u010den, pri jasnoj svijesti.<\/p><p><strong>Podru\u010dje djelovanja<\/strong><\/p><p>Pojedinac koji postaje nositelj kolektivne opsjednutosti. Simboli\u010dki prikazuje razaranje dru\u0161tvene ukorijenjenosti (\u017eivot me\u0111u grobovima), tjelesno samoozlje\u0111ivanje i izolaciju.<\/p><p><strong>Narativna funkcija<\/strong><\/p><p>Prvi jasno razra\u0111eni <span class=\"iwg-fachbegriff\" data-tooltip=\"Obredno izgonjenje duha ili demona koji se smatra \u0161tetnim.\" tabindex=\"0\">egzorcizam<\/span> Isusa u Evan\u0111elju po Marku, a time i temelj kr\u0161\u0107anske tradicije egzorcizma. Krdo svinja nagla\u0161ava stvarnost demona (nastavljaju djelovati i nakon izgona) i njihovu uni\u0161tivost.<\/p><div><p><strong>Patristi\u010dka i srednjovjekovna obrada<\/strong><\/p><p>Origen u svojem komentaru na Evan\u0111elje po Marku tuma\u010di pri\u010du o Legiji alegorijski: mnogi demoni odgovaraju mnogim grijesima koji od jednog \u010dovjeka \u010dine mno\u0161tvo, dok ozdravljenje zna\u010di ponovno ujedinjenje osobe u Kristu. Ovo alegorijsko tuma\u010denje ostaje standard u patristi\u010dkoj tradiciji.<\/p><p><span data-nosnippet>U srednjovjekovnoj <span class=\"iwg-fachbegriff\" tabindex=\"0\" data-tooltip=\"Religijske predod\u017ebe izvan slu\u017ebene teologije, \u010desto sa sinkretisti\u010dkim elementima.\">narodnoj teologiji<\/span> Legija postaje prototip vi\u0161estruke opsjednutosti, u kojoj vi\u0161e demona zaposjeda jednog \u010dovjeka. Aparat <span class=\"iwg-fachbegriff\" data-tooltip=\"Obredno izgonjenje duha ili demona koji se smatra \u0161tetnim.\" tabindex=\"0\">egzorcizma<\/span> iz <em>Rituale Romanum<\/em> (1614) predvi\u0111a za takve slu\u010dajeve posebnu praksu ispitivanja, u kojoj se moraju utvrditi broj, imena i okolnosti ulaska demona.<\/span><\/p><\/div>\t\t\t\t\t\t\t\t<\/div>\n\t\t\t\t<\/div>\n\t\t\t\t\t<\/div>\n\t\t\t\t<\/div>\n\t\t<div class=\"elementor-element elementor-element-44e71476 e-flex e-con-boxed e-con e-parent\" data-id=\"44e71476\" data-element_type=\"container\" data-e-type=\"container\">\n\t\t\t\t\t<div class=\"e-con-inner\">\n\t\t\t\t<div class=\"elementor-element elementor-element-3c1fc3f0 elementor-widget elementor-widget-heading\" data-id=\"3c1fc3f0\" data-element_type=\"widget\" data-e-type=\"widget\" data-widget_type=\"heading.default\">\n\t\t\t\t\t<h2 class=\"elementor-heading-title elementor-size-default\">Profil: Legija<\/h2>\t\t\t\t<\/div>\n\t\t<div class=\"elementor-element elementor-element-84f33b8e e-con-full e-flex e-con e-child\" data-id=\"84f33b8e\" data-element_type=\"container\" data-e-type=\"container\">\n\t\t\t\t<div class=\"elementor-element elementor-element-hqkdc67p elementor-widget elementor-widget-text-editor\" data-id=\"hqkdc67p\" data-element_type=\"widget\" data-e-type=\"widget\" data-widget_type=\"text-editor.default\">\n\t\t\t\t\t\t\t\t\t<p>Najva\u017eniji aspekti Legije na jedan pogled.<\/p>\t\t\t\t\t\t\t\t<\/div>\n\t\t\t\t<\/div>\n\t\t<div class=\"elementor-element elementor-element-pemmx7c5 e-con-full e-flex e-con e-child\" data-id=\"pemmx7c5\" data-element_type=\"container\" data-e-type=\"container\">\n\t\t<div class=\"elementor-element elementor-element-pemmx7c1 e-con-full e-flex e-con e-child\" data-id=\"pemmx7c1\" data-element_type=\"container\" data-e-type=\"container\">\n\t\t<div class=\"elementor-element elementor-element-qh9oavvu iwg-steckbrief-card e-flex e-con-boxed e-con e-child\" data-id=\"qh9oavvu\" data-element_type=\"container\" data-e-type=\"container\">\n\t\t\t\t\t<div class=\"e-con-inner\">\n\t\t\t\t<div class=\"elementor-element elementor-element-awzx8k2k elementor-widget elementor-widget-heading\" data-id=\"awzx8k2k\" data-element_type=\"widget\" data-e-type=\"widget\" data-widget_type=\"heading.default\">\n\t\t\t\t\t<div class=\"elementor-heading-title elementor-size-default\">Tradicija<\/div>\t\t\t\t<\/div>\n\t\t\t\t<div class=\"elementor-element elementor-element-x6rowhv0 elementor-widget elementor-widget-text-editor\" data-id=\"x6rowhv0\" data-element_type=\"widget\" data-e-type=\"widget\" data-widget_type=\"text-editor.default\">\n\t\t\t\t\t\t\t\t\t<p>Nije rije\u010d o jednom demonu, nego o kolektivu (&#8220;jer nas je mnogo&#8221;). Ime &#8220;Legija&#8221; potje\u010de od rimske vojske, koja je brojila do 6.000 vojnika.<\/p>\t\t\t\t\t\t\t\t<\/div>\n\t\t\t\t\t<\/div>\n\t\t\t\t<\/div>\n\t\t<div class=\"elementor-element elementor-element-8e3o4kxs iwg-steckbrief-card e-flex e-con-boxed e-con e-child\" data-id=\"8e3o4kxs\" data-element_type=\"container\" data-e-type=\"container\">\n\t\t\t\t\t<div class=\"e-con-inner\">\n\t\t\t\t<div class=\"elementor-element elementor-element-08rkdgov elementor-widget elementor-widget-heading\" data-id=\"08rkdgov\" data-element_type=\"widget\" data-e-type=\"widget\" data-widget_type=\"heading.default\">\n\t\t\t\t\t<div class=\"elementor-heading-title elementor-size-default\">Meta Legije<\/div>\t\t\t\t<\/div>\n\t\t\t\t<div class=\"elementor-element elementor-element-uwjelx8s elementor-widget elementor-widget-text-editor\" data-id=\"uwjelx8s\" data-element_type=\"widget\" data-e-type=\"widget\" data-widget_type=\"text-editor.default\">\n\t\t\t\t\t\t\t\t\t<p>Pojedinci koji postaju nositelji vi\u0161estruke opsjednutosti. U kasnijem psiholo\u0161kom tuma\u010denju: disocijativna stanja i rascjepkanost li\u010dnosti.<\/p>\t\t\t\t\t\t\t\t<\/div>\n\t\t\t\t\t<\/div>\n\t\t\t\t<\/div>\n\t\t<div class=\"elementor-element elementor-element-jm2n74ec iwg-steckbrief-card e-flex e-con-boxed e-con e-child\" data-id=\"jm2n74ec\" data-element_type=\"container\" data-e-type=\"container\">\n\t\t\t\t\t<div class=\"e-con-inner\">\n\t\t\t\t<div class=\"elementor-element elementor-element-8vufse4c elementor-widget elementor-widget-heading\" data-id=\"8vufse4c\" data-element_type=\"widget\" data-e-type=\"widget\" data-widget_type=\"heading.default\">\n\t\t\t\t\t<div class=\"elementor-heading-title elementor-size-default\">Oblik<\/div>\t\t\t\t<\/div>\n\t\t\t\t<div class=\"elementor-element elementor-element-mwb9u015 elementor-widget elementor-widget-text-editor\" data-id=\"mwb9u015\" data-element_type=\"widget\" data-e-type=\"widget\" data-widget_type=\"text-editor.default\">\n\t\t\t\t\t\t\t\t\t<p>Ne postoji vlastita <span class=\"iwg-fachbegriff\" data-tooltip=\"Znanost o slikovnim sadr\u017eajima i njihovom zna\u010denju.\" tabindex=\"0\">ikonografija<\/span>; prikazuje se uvijek ista scena: Isus, opsjednuti, krdo svinja koje se strmoglavljuje u more.<\/p>\t\t\t\t\t\t\t\t<\/div>\n\t\t\t\t\t<\/div>\n\t\t\t\t<\/div>\n\t\t\t\t<\/div>\n\t\t<div class=\"elementor-element elementor-element-pemmx7c2 e-con-full e-flex e-con e-child\" data-id=\"pemmx7c2\" data-element_type=\"container\" data-e-type=\"container\">\n\t\t<div class=\"elementor-element elementor-element-37ss2yr6 iwg-steckbrief-card e-flex e-con-boxed e-con e-child\" data-id=\"37ss2yr6\" data-element_type=\"container\" data-e-type=\"container\">\n\t\t\t\t\t<div class=\"e-con-inner\">\n\t\t\t\t<div class=\"elementor-element elementor-element-3v0wp3wx elementor-widget elementor-widget-heading\" data-id=\"3v0wp3wx\" data-element_type=\"widget\" data-e-type=\"widget\" data-widget_type=\"heading.default\">\n\t\t\t\t\t<div class=\"elementor-heading-title elementor-size-default\">Funkcija<\/div>\t\t\t\t<\/div>\n\t\t\t\t<div class=\"elementor-element elementor-element-w3247g2m elementor-widget elementor-widget-text-editor\" data-id=\"w3247g2m\" data-element_type=\"widget\" data-e-type=\"widget\" data-widget_type=\"text-editor.default\">\n\t\t\t\t\t\t\t\t\t<p>Uzrokuje radikalnu dru\u0161tvenu i tjelesnu izolaciju: \u017eivot me\u0111u grobovima, samoozlje\u0111ivanje, nemogu\u0107nost govora ili spavanja.<\/p>\t\t\t\t\t\t\t\t<\/div>\n\t\t\t\t\t<\/div>\n\t\t\t\t<\/div>\n\t\t<div class=\"elementor-element elementor-element-0qpjal9w iwg-steckbrief-card e-flex e-con-boxed e-con e-child\" data-id=\"0qpjal9w\" data-element_type=\"container\" data-e-type=\"container\">\n\t\t\t\t\t<div class=\"e-con-inner\">\n\t\t\t\t<div class=\"elementor-element elementor-element-6ndoih0o elementor-widget elementor-widget-heading\" data-id=\"6ndoih0o\" data-element_type=\"widget\" data-e-type=\"widget\" data-widget_type=\"heading.default\">\n\t\t\t\t\t<div class=\"elementor-heading-title elementor-size-default\">Za\u0161titna sredstva<\/div>\t\t\t\t<\/div>\n\t\t\t\t<div class=\"elementor-element elementor-element-6684tyh9 elementor-widget elementor-widget-text-editor\" data-id=\"6684tyh9\" data-element_type=\"widget\" data-e-type=\"widget\" data-widget_type=\"text-editor.default\">\n\t\t\t\t\t\t\t\t\t<p>Izravna egzorcisti\u010dka zapovijed Isusa. U crkvenoj tradiciji uzorni slu\u010daj za obred egzorcizma: prizivanje, pitanje o imenu, zapovijed izgona.<\/p>\t\t\t\t\t\t\t\t<\/div>\n\t\t\t\t\t<\/div>\n\t\t\t\t<\/div>\n\t\t<div class=\"elementor-element elementor-element-3lfi7x32 iwg-steckbrief-card e-flex e-con-boxed e-con e-child\" data-id=\"3lfi7x32\" data-element_type=\"container\" data-e-type=\"container\">\n\t\t\t\t\t<div class=\"e-con-inner\">\n\t\t\t\t<div class=\"elementor-element elementor-element-0kg99ga1 elementor-widget elementor-widget-heading\" data-id=\"0kg99ga1\" data-element_type=\"widget\" data-e-type=\"widget\" data-widget_type=\"heading.default\">\n\t\t\t\t\t<div class=\"elementor-heading-title elementor-size-default\">Usporedivi likovi<\/div>\t\t\t\t<\/div>\n\t\t\t\t<div class=\"elementor-element elementor-element-n0fum6kp elementor-widget elementor-widget-text-editor\" data-id=\"n0fum6kp\" data-element_type=\"widget\" data-e-type=\"widget\" data-widget_type=\"text-editor.default\">\n\t\t\t\t\t\t\t\t\t<p><a href=\"https:\/\/iwell-guard.com\/hr\/?page_id=149346\">Dibuk<\/a> (\u017eidovska opsjednutost), opsjednutost d\u017einima (islamska), budisti\u010dke predod\u017ebe o opsjednutosti, moderni disocijativni poreme\u0107aji.<\/p>\t\t\t\t\t\t\t\t<\/div>\n\t\t\t\t\t<\/div>\n\t\t\t\t<\/div>\n\t\t\t\t<\/div>\n\t\t\t\t<\/div>\n\t\t\t\t\t<\/div>\n\t\t\t\t<\/div>\n\t\t<div class=\"elementor-element elementor-element-7533bc7a e-flex e-con-boxed e-con e-parent\" data-id=\"7533bc7a\" data-element_type=\"container\" data-e-type=\"container\">\n\t\t\t\t\t<div class=\"e-con-inner\">\n\t\t\t\t<div class=\"elementor-element elementor-element-2447d18d elementor-widget elementor-widget-heading\" data-id=\"2447d18d\" data-element_type=\"widget\" data-e-type=\"widget\" data-widget_type=\"heading.default\">\n\t\t\t\t\t<h2 class=\"elementor-heading-title elementor-size-default\">Recepcija<\/h2>\t\t\t\t<\/div>\n\t\t<div class=\"elementor-element elementor-element-d5d0260c e-con-full e-flex e-con e-child\" data-id=\"d5d0260c\" data-element_type=\"container\" data-e-type=\"container\">\n\t\t\t\t<div class=\"elementor-element elementor-element-341be2ac elementor-widget elementor-widget-text-editor\" data-id=\"341be2ac\" data-element_type=\"widget\" data-e-type=\"widget\" data-widget_type=\"text-editor.default\">\n\t\t\t\t\t\t\t\t\t<p><strong>Patristika i srednji vijek<\/strong><\/p><p>Origen tuma\u010di Legiju alegorijski kao mno\u0161tvo poroka; Augustin vidi ovu epizodu kao dokaz stvarne mo\u0107i Krista nad demonima. Srednjovjekovni exempla koriste scenu kao uzorni primjer duhovnog osloboditelja.<\/p><p><strong>Moderno doba<\/strong><\/p><p>Psihoanaliza i dubinska psihologija tuma\u010de Legiju kao sliku unutarnje fragmentacije. Postkolonijalna egzegeza u tom broju vidi rimsku okupacijsku silu. Naslov filma <em>Legion<\/em> (1998) samo je jedan od mnogih popkulturnih odjeka.<\/p><p><strong>Praksa egzorcizma<\/strong><\/p><p>Pitanje &#8220;Kako se zove\u0161?&#8221; (Mk 5,9) i danas se koristi u Rituale Romanum kao sredi\u0161nji element. Zahtjev za imenom smatra se klasi\u010dnim instrumentom za spoznaju i izgon demona.<\/p>\t\t\t\t\t\t\t\t<\/div>\n\t\t\t\t<\/div>\n\t\t\t\t\t<\/div>\n\t\t\t\t<\/div>\n\t\t<div class=\"elementor-element elementor-element-5a584676 e-flex e-con-boxed e-con e-parent\" data-id=\"5a584676\" data-element_type=\"container\" data-e-type=\"container\">\n\t\t\t\t\t<div class=\"e-con-inner\">\n\t\t\t\t<div class=\"elementor-element elementor-element-6d0757bf elementor-widget elementor-widget-heading\" data-id=\"6d0757bf\" data-element_type=\"widget\" data-e-type=\"widget\" data-widget_type=\"heading.default\">\n\t\t\t\t\t<h2 class=\"elementor-heading-title elementor-size-default\">Paralele<\/h2>\t\t\t\t<\/div>\n\t\t<div class=\"elementor-element elementor-element-60563f68 e-con-full e-flex e-con e-child\" data-id=\"60563f68\" data-element_type=\"container\" data-e-type=\"container\">\n\t\t\t\t<div class=\"elementor-element elementor-element-5a93fdd6 elementor-widget elementor-widget-text-editor\" data-id=\"5a93fdd6\" data-element_type=\"widget\" data-e-type=\"widget\" data-widget_type=\"text-editor.default\">\n\t\t\t\t\t\t\t\t\t<p><strong>\u017didovska tradicija<\/strong><\/p><p><a href=\"https:\/\/iwell-guard.com\/hr\/?page_id=149346\">Dibuk<\/a> kao duh opsjednutosti najbli\u017ea je strukturna paralela. Obje tradicije poznaju pitanje o imenu kao sredi\u0161nji instrument <span class=\"iwg-fachbegriff\" data-tooltip=\"Obredno izgonjenje duha ili demona koji se smatra \u0161tetnim.\" tabindex=\"0\">egzorcizma<\/span>.<\/p><p><strong>Islamska tradicija:<\/strong> opsjednutost d\u017einima, s ruqyom kao obredom izgona. Funkcionalno paralelna, teolo\u0161ki samostalna.<\/p><p><strong>Sekularna tuma\u010denja:<\/strong> disocijativni poreme\u0107aj identiteta (&#8220;vi\u0161estruka osobnost&#8221;) moderne psihijatrije njezin je sekularni nasljednik. Temeljna ideja unutarnje mno\u017eine ostaje sa\u010duvana.<\/p><div><p><strong>Komparativna <span class=\"iwg-fachbegriff\" data-tooltip=\"Znanost koja komparativno i bez vjerske obveze istra\u017euje religije.\" tabindex=\"0\">religiologija<\/span><\/strong><\/p><p><span data-nosnippet>Strukturno srodne su \u017eidovska dibuk-tradicija (kabalisti\u010dki razra\u0111ena od 16. stolje\u0107a nadalje, s temeljnim djelom <span class=\"iwg-fachbegriff\" tabindex=\"0\" data-tooltip=\"Izraelski povjesni\u010dar religije (1897.\u20131982.); osniva\u010d moderne kabalisti\u010dke znanosti.\">Gershoma Scholema<\/span>, <em>\u00dcber einige Grundbegriffe des Judentums<\/em>, 1970) i islamska tradicija opsjednutosti d\u017einima. Obje poznaju fenomen vi\u0161estruke opsjednutosti, bez kori\u0161tenja specifi\u010dnog pojma Legija.<\/span><\/p><p>Hai\u0107anska vudu tradicija poznaje fenomen &#8220;mont\u00e9&#8221;, jahanja kroz vi\u0161e Lwa uzastopno. Afrobrazilska candombl\u00e9 tradicija analogno poznaje zaposjedanje raznim orixama. U cjelokupnoj slici povijesti religija fenomen vi\u0161estruke opsjednutosti dokumentiran je u prakti\u010dki svim razvijenim kulturama, sa vlastitom terminologijom i vlastitim obrednim postupanjem. Kr\u0161\u0107ansko-evan\u0111elijska pri\u010da o Legiji samo je jedan slu\u010daj u \u0161irokom religijsko-fenomenolo\u0161kom spektru.<\/p><\/div>\t\t\t\t\t\t\t\t<\/div>\n\t\t\t\t<\/div>\n\t\t\t\t\t<\/div>\n\t\t\t\t<\/div>\n\t\t<div class=\"elementor-element elementor-element-cp66b8cee e-flex e-con-boxed e-con e-parent\" data-id=\"cp66b8cee\" data-element_type=\"container\" data-e-type=\"container\">\n\t\t\t\t\t<div class=\"e-con-inner\">\n\t\t\t\t<div class=\"elementor-element elementor-element-cp7f10273 elementor-widget elementor-widget-heading\" data-id=\"cp7f10273\" data-element_type=\"widget\" data-e-type=\"widget\" data-widget_type=\"heading.default\">\n\t\t\t\t\t<h2 class=\"elementor-heading-title elementor-size-default\">Opsjednuti iz Gerase u detalje<\/h2>\t\t\t\t<\/div>\n\t\t<div class=\"elementor-element elementor-element-cp15be3db e-con-full e-flex e-con e-child\" data-id=\"cp15be3db\" data-element_type=\"container\" data-e-type=\"container\">\n\t\t\t\t<div class=\"elementor-element elementor-element-cpf697bcc elementor-widget elementor-widget-text-editor\" data-id=\"cpf697bcc\" data-element_type=\"widget\" data-e-type=\"widget\" data-widget_type=\"text-editor.default\">\n\t\t\t\t\t\t\t\t\t<p>Jedino mjesto u Novom zavjetu na kojem se spominje ime Legija jest pri\u010da o posjednutom \u010dovjeku u kraju Gerazena.<\/p><p>Nalazi se u <em>Markovom evan\u0111elju<\/em> 5,1 do 20, u kra\u0107em obliku u <em>Lukinom evan\u0111elju<\/em> 8,26 do 39 i znatno skra\u0107ena u <em>Matejevom evan\u0111elju<\/em> 8,28 do 34, gdje su posjednuta dvojica. Marko donosi najopse\u017eniju verziju i za ve\u0107inu egzegeta smatra se najstarijom.<\/p><p>Marko opisuje \u010dovjeka kao osobu koja \u017eivi me\u0111u grobnim \u0161piljama, kojeg nijedan lanac ne mo\u017ee svladati i koji se danju i no\u0107u udara kamenjem. Kada ga Isus upita za ime, ne\u010disti <span class=\"iwg-fachbegriff\" data-tooltip=\"Netjelesno bi\u0107e kojemu se pripisuje djelovanje u svijetu.\" tabindex=\"0\">duh<\/span> odgovara: Legija mi je ime, jer nas je mnogo.<\/p><p><span class=\"iwg-fachbegriff\" data-tooltip=\"Netjelesno bi\u0107e kojemu se pripisuje djelovanje u svijetu.\" tabindex=\"0\">Duh<\/span> moli da ne bude izgnan iz kraja, ve\u0107 da mu se dopusti u\u010di u stado svinja. Isus to dopu\u0161ta, i otprilike dvije tisu\u0107e svinja sru\u0161ilo se niz obronak u more i podavilo se. Izlije\u010deni \u010dovjek nakon toga sjedi obu\u010den i pri zdravoj pameti pred Isusovim nogama.<\/p><p>Upada u o\u010di precizan izbor rije\u010di. <em>Legija<\/em> nije hebrejski ni aramejski pojam, nego latinska posu\u0111enica koja ozna\u010dava najve\u0107u jedinicu rimske vojske, nekoliko tisu\u0107a ljudi. Broj svinja pribli\u017eno odgovara brojnom stanju jedne legije.<\/p><p>Mnogi tuma\u010di, primjerice u tradiciji Gerda Thei\u00dfena, \u010ditaju taj izraz kao svjesnu aluziju na rimsku okupacijsku vlast. Pri\u010da time uz razinu izlje\u010denja dobiva i politi\u010dku konotaciju, iako je tekst ne izra\u017eava izravno.<\/p>\t\t\t\t\t\t\t\t<\/div>\n\t\t\t\t<\/div>\n\t\t\t\t\t<\/div>\n\t\t\t\t<\/div>\n\t\t<div class=\"elementor-element elementor-element-cp3467d26 e-flex e-con-boxed e-con e-parent\" data-id=\"cp3467d26\" data-element_type=\"container\" data-e-type=\"container\">\n\t\t\t\t\t<div class=\"e-con-inner\">\n\t\t\t\t<div class=\"elementor-element elementor-element-cp9237c3c elementor-widget elementor-widget-heading\" data-id=\"cp9237c3c\" data-element_type=\"widget\" data-e-type=\"widget\" data-widget_type=\"heading.default\">\n\t\t\t\t\t<h2 class=\"elementor-heading-title elementor-size-default\">Legija kao mno\u0161tvo: teologija i povijest tuma\u010denja<\/h2>\t\t\t\t<\/div>\n\t\t<div class=\"elementor-element elementor-element-cpd98ca11 e-con-full e-flex e-con e-child\" data-id=\"cpd98ca11\" data-element_type=\"container\" data-e-type=\"container\">\n\t\t\t\t<div class=\"elementor-element elementor-element-cp9269ef5 elementor-widget elementor-widget-text-editor\" data-id=\"cp9269ef5\" data-element_type=\"widget\" data-e-type=\"widget\" data-widget_type=\"text-editor.default\">\n\t\t\t\t\t\t\t\t\t<p>Legija u strogom smislu nije osobno ime jednog demona, nego samoodre\u0111enje mno\u0161tva. To je od po\u010detka zaokupljalo povijest tuma\u010denja.<\/p><p>Crkveni oci, me\u0111u njima Origen i kasnije Augustin, tuma\u010dili su mno\u0161tvo duhova kao izraz unutarnje razdvojenosti \u010dovjeka, kojega grijeh ne obuzima jedna, nego bezbrojne sile.<\/p><p>Izlje\u010denje tako postaje slika ponovnog uspostavljanja jedinstvene, od Boga ure\u0111ene osobe, \u0161to u tekstu podupire detalj o zdravoj pameti.<\/p><p><span data-nosnippet>U srednjovjekovnoj i ranonovovjekovnoj demonologiji Legija je povremeno shva\u0107ana kao konkretni pakleni knez, ali to je kasniji razvoj koji odudara od izvornog smisla biblijskog mjesta. Veliki demonolo\u0161ki katalozi ranog novog vijeka, primjerice <em>Pseudomonarchia daemonum<\/em> Johanna Weyera iz 1577, ne navode Legiju kao pojedina\u010dnog <span class=\"iwg-fachbegriff\" data-tooltip=\"Netjelesno bi\u0107e kojemu se pripisuje djelovanje u svijetu.\" tabindex=\"0\">duha<\/span>, jer samo ime ozna\u010dava mno\u0161tvo.<\/span><\/p><p>Povijesno-kriti\u010dka egzegeza 20. stolje\u0107a pomaknula je naglasak. Manje pita o identitetu demona, a vi\u0161e o funkciji pri\u010de u ranokr\u0161\u0107anskoj zajednici.<\/p><p>Raspravlja se o geografskoj te\u0161ko\u0107i, jer Geraza je daleko od jezera, o ulozi svinja kao za \u017didove ne\u010distih \u017eivotinja te o pitanju je li u epizodi \u0161ifrirana antirimska nada u osloboditelja.<\/p><p>Te rasprave nisu okon\u010dane. Valja zadr\u017eati da Legija u samoj Bibliji nije samostalno bi\u0107e s biografijom, nego \u0161ifra za nadmo\u0107nu, umno\u017eenu silu.<\/p>\t\t\t\t\t\t\t\t<\/div>\n\t\t\t\t<\/div>\n\t\t\t\t\t<\/div>\n\t\t\t\t<\/div>\n\t\t<div class=\"elementor-element elementor-element-cp2b460b3 e-flex e-con-boxed e-con e-parent\" data-id=\"cp2b460b3\" data-element_type=\"container\" data-e-type=\"container\">\n\t\t\t\t\t<div class=\"e-con-inner\">\n\t\t\t\t<div class=\"elementor-element elementor-element-cpd1dd0d6 elementor-widget elementor-widget-heading\" data-id=\"cpd1dd0d6\" data-element_type=\"widget\" data-e-type=\"widget\" data-widget_type=\"heading.default\">\n\t\t\t\t\t<h2 class=\"elementor-heading-title elementor-size-default\">Svinje, grobne \u0161pilje i ne\u010dista zemlja<\/h2>\t\t\t\t<\/div>\n\t\t<div class=\"elementor-element elementor-element-cp95352cb e-con-full e-flex e-con e-child\" data-id=\"cp95352cb\" data-element_type=\"container\" data-e-type=\"container\">\n\t\t\t\t<div class=\"elementor-element elementor-element-cp08853ad elementor-widget elementor-widget-text-editor\" data-id=\"cp08853ad\" data-element_type=\"widget\" data-e-type=\"widget\" data-widget_type=\"text-editor.default\">\n\t\t\t\t\t\t\t\t\t<p>Pri\u010da o Legiji gusto je pro\u017eeta motivima obredne ne\u010disto\u0107e, i to nije slu\u010dajno. Posjednuti \u010dovjek \u017eivi me\u0111u grobnim \u0161piljama, dakle na mjestu koje prema \u017eidovskom shva\u0107anju \u010disto\u0107e prenosi ne\u010disto\u0107u.<\/p><p>Nalazi se na isto\u010dnoj strani jezera, u prete\u017eno ne\u017eidovskom kraju, tako zvanoj Dekapolisu. A duhovi ulaze u stado svinja, koje su za \u017didove smatrane ne\u010distima i u \u017eidovskoj okolini nikada ne bi bile uzgajane.<\/p><p>Ta nakupina znakova anti\u010dkom \u010ditatelju poru\u010duje da se prizor odvija na mjestu krajnje ne\u010disto\u0107e, izvan ure\u0111enog, \u010distog svijeta. Egzegeza u tome vidi svjesno pripovjedno sredstvo.<\/p><p>Isus tu vi\u0161estruko prekora\u010duje granice: geografsku granicu jezera, etni\u010dku granicu prema poganskoj zemlji, obrednu granicu prema ne\u010distom. Markovski istra\u017eiva\u010d time izlje\u010denju daje dodatno zna\u010denje, ono postaje znak da mo\u0107 Kraljevstva Bo\u017ejeg dose\u017ee i izvan granica Izraela.<\/p><p>Zapa\u017een je i zavr\u0161etak. Dok Isus u mnogim Markovim pripovijestima nala\u017ee \u0161utnju, ovdje izlije\u010denog Gerazenina izravno poziva da u svom gradu objavi \u0161to se dogodilo. Onaj koji je neko\u0107 bio posjednut Legijom time postaje prvi glasnik na poganskom podru\u010dju.<\/p><p>I pona\u0161anje stanovnika, koji od straha mole Isusa da ode, pripada pripovjednoj namjeri. Epizoda nije samo izvje\u0161taj o egzorcizmu, nego teolo\u0161ki pa\u017eljivo skladana scena o \u010disto\u0107i, granici i dosegu Bo\u017eje mo\u0107i.<\/p>\t\t\t\t\t\t\t\t<\/div>\n\t\t\t\t<\/div>\n\t\t\t\t\t<\/div>\n\t\t\t\t<\/div>\n\t\t<div class=\"elementor-element elementor-element-36dd7469 e-flex e-con-boxed e-con e-parent\" data-id=\"36dd7469\" data-element_type=\"container\" data-e-type=\"container\">\n\t\t\t\t\t<div class=\"e-con-inner\">\n\t\t\t\t<div class=\"elementor-element elementor-element-13760ab4 elementor-widget elementor-widget-heading\" data-id=\"13760ab4\" data-element_type=\"widget\" data-e-type=\"widget\" data-widget_type=\"heading.default\">\n\t\t\t\t\t<div class=\"elementor-heading-title elementor-size-default\">Daljnje poveznice<\/div>\t\t\t\t<\/div>\n\t\t<div class=\"elementor-element elementor-element-28c87796 e-con-full e-flex e-con e-child\" data-id=\"28c87796\" data-element_type=\"container\" data-e-type=\"container\">\n\t\t\t\t<div class=\"elementor-element elementor-element-5d6538df elementor-widget elementor-widget-text-editor\" data-id=\"5d6538df\" data-element_type=\"widget\" data-e-type=\"widget\" data-widget_type=\"text-editor.default\">\n\t\t\t\t\t\t\t\t\t<p>Preporu\u010dene interne poveznice:<\/p><ul><li><a href=\"https:\/\/iwell-guard.com\/hr\/?page_id=149348\">Kr\u0161\u0107anstvo<\/a><\/li><li><a href=\"https:\/\/iwell-guard.com\/hr\/?page_id=149353\">Sotona<\/a>, <a href=\"https:\/\/iwell-guard.com\/hr\/?page_id=149354\">Lucifer<\/a>, <a href=\"https:\/\/iwell-guard.com\/hr\/?page_id=149355\">Beelzebub<\/a>, <a href=\"https:\/\/iwell-guard.com\/hr\/?page_id=149356\">Levijatan<\/a><\/li><li><a href=\"https:\/\/iwell-guard.com\/hr\/?page_id=149346\">Dybbuk<\/a> (paralela posjednutosti)<\/li><li><span class=\"iwg-fachbegriff\" data-tooltip=\"Obredno izgnanstvo duha ili demona koji se smatra \u0161tetnim.\" tabindex=\"0\">Egzorcizam<\/span> i Rituale Romanum<\/li><li>Dosocijativni poreme\u0107aji (psiholo\u0161ko tuma\u010denje)<\/li><\/ul>\t\t\t\t\t\t\t\t<\/div>\n\t\t\t\t<\/div>\n\t\t\t\t\t<\/div>\n\t\t\t\t<\/div>\n\t\t<div class=\"elementor-element elementor-element-grl4kl40 e-flex e-con-boxed e-con e-parent\" data-id=\"grl4kl40\" data-element_type=\"container\" data-e-type=\"container\">\n\t\t\t\t\t<div class=\"e-con-inner\">\n\t\t\t\t<div class=\"elementor-element elementor-element-bzsbfrmh elementor-widget elementor-widget-heading\" data-id=\"bzsbfrmh\" data-element_type=\"widget\" data-e-type=\"widget\" data-widget_type=\"heading.default\">\n\t\t\t\t\t<h2 class=\"elementor-heading-title elementor-size-default\">Znanstvena literatura<\/h2>\t\t\t\t<\/div>\n\t\t<div class=\"elementor-element elementor-element-2c13224a e-con-full e-flex e-con e-child\" data-id=\"2c13224a\" data-element_type=\"container\" data-e-type=\"container\">\n\t\t\t\t<div class=\"elementor-element elementor-element-0eymh9ub elementor-widget elementor-widget-text-editor\" data-id=\"0eymh9ub\" data-element_type=\"widget\" data-e-type=\"widget\" data-widget_type=\"text-editor.default\">\n\t\t\t\t\t\t\t\t\t<footer class=\"iwg-literatur\"><p>Izbor klju\u010dnih radova o Legiji i o novozavjetnoj predod\u017ebi o posjednutosti:<\/p><ul><li><span data-nosnippet>Pesch, Rudolf: <em>Der Besessene von Gerasa<\/em>. Stuttgart 1972.<\/span><\/li><li><span data-nosnippet>Twelftree, Graham H.: <em>In the Name of Jesus. Exorcism among Early Christians<\/em>. Grand Rapids 2007.<\/span><\/li><li><span data-nosnippet>Ferguson, Everett: <em>Demonology of the Early Christian World<\/em>. Lewiston 1984.<\/span><\/li><li><span data-nosnippet>Horsley, Richard A.: <em>Jesus and Empire<\/em>. Minneapolis 2003 (postkolonijalno tuma\u010denje).<\/span><\/li><li><span data-nosnippet>Sorensen, Eric: <em>Possession and Exorcism in the New Testament and Early Christianity<\/em>. T\u00fcbingen 2002.<\/span><\/li><\/ul><div data-nosnippet=\"true\" class=\"iwg-litliste\"><p><strong>Standardna literatura (kr\u0161\u0107anstvo):<\/strong><\/p><ul><li><span data-nosnippet><strong>Markschies, Christoph<\/strong>: <em>Das <span class=\"iwg-fachbegriff\" data-tooltip=\"Epoha gr\u010dke i rimske kulture, otprilike od 800. pr. Kr. do 600. po. Kr.\" tabindex=\"0\">antike<\/span> Christentum. <span class=\"iwg-fachbegriff\" data-tooltip=\"\u017diva religiozna stav i praksa jedne osobe.\" tabindex=\"0\">Fr\u00f6mmigkeit<\/span>, Lebensformen, Institutionen. Beck, M\u00fcnchen 2006.<\/em><\/span><\/li><\/ul><\/div><\/footer>\n<p class=\"iwg-bib-more\"><span data-nosnippet>Ostala standardna djela u <a href=\"https:\/\/iwell-guard.com\/hr\/?page_id=149465\">popisu literature<\/a>.<\/span><\/p>\t\t\t\t\t\t\t\t<\/div>\n\t\t\t\t<\/div>\n\t\t\t\t\t<\/div>\n\t\t\t\t<\/div>\n\t\t<div class=\"elementor-element elementor-element-iwgca-legion-sec e-flex e-con-boxed e-con e-parent\" data-id=\"iwgca-legion-sec\" data-element_type=\"container\" data-e-type=\"container\" id=\"iwg-ca-legion\">\n\t\t\t\t\t<div class=\"e-con-inner\">\n\t\t\t\t<div class=\"elementor-element elementor-element-iwgca-legion-te iwg-ca-textwrap elementor-widget elementor-widget-text-editor\" data-id=\"iwgca-legion-te\" data-element_type=\"widget\" data-e-type=\"widget\" data-widget_type=\"text-editor.default\">\n\t\t\t\t\t\t\t\t\t<div data-nosnippet=\"true\"><p class=\"iwg-ca-bridge\">Ovdje opisana za\u0161titna praksa religijskoznanstveni je prikaz povijesnih tradicija. iWell Guard nastavlja se na ovu kulturnopovijesnu liniju nosivih za\u0161titnih predmeta i predstavlja njezin suvremeni oblik. <a href=\"\/ueber-iwell-guard\/?utm_source=iwell-guard.com&#038;utm_medium=text-link&#038;utm_campaign=schadwesen-tradition\">Vi\u0161e o iWell Guardu \u2192<\/a><\/p><\/div>\t\t\t\t\t\t\t\t<\/div>\n\t\t\t\t\t<\/div>\n\t\t\t\t<\/div>\n\t\t<div class=\"elementor-element elementor-element-61be43b e-con-boxed e-flex e-con e-parent\" data-id=\"61be43b\" data-element_type=\"container\" data-e-type=\"container\">\n\t\t\t\t\t<div class=\"e-con-inner\">\n\t\t\t\t<div class=\"elementor-element elementor-element-7f86082 elementor-widget elementor-widget-text-editor\" data-id=\"7f86082\" data-element_type=\"widget\" data-e-type=\"widget\" data-widget_type=\"text-editor.default\">\n\t\t\t\t\t\t\t\t\t\n<h2>\u010cesto postavljana pitanja o Legiji<\/h2>\n<div class=\"iwg-faq-q\"><h3>Tko ili \u0161to je Legija u Novom zavjetu?<\/h3><p>Legija je u Evan\u0111elju po Marku (5,9) ime demona ili skupine demona koji su posjeli \u010dovjeka u Gerasi. Na Isusovo pitanje o svom imenu <span class=\"iwg-fachbegriff\" data-tooltip=\"Duhovno bi\u0107e kojemu se pripisuje \u0161tetno ili dvojako djelovanje.\" tabindex=\"0\">demon<\/span> odgovara: Legija, jer smo mnogi.<\/p><p>Rimska legija brojala je oko 6000 vojnika, pa ime nagla\u0161ava kolektivnu narav posjednutosti. Isus istjeruje demone i \u0161alje ih u stado svinja, koje se strmoglavljuje u jezero.<\/p><\/div>\n<div class=\"iwg-faq-q\"><h3>Kako se Legija tuma\u010di u modernoj demonologiji i popkulturi?<\/h3><p>U modernoj <span class=\"iwg-fachbegriff\" data-tooltip=\"Znanstveno u\u010denje o Bogu i o vjeri neke religije.\" tabindex=\"0\">teologiji<\/span> Legija se \u010desto \u010dita kao slika psihi\u010dke vi\u0161estrukosti, ovisnosti ili kolektivne posjednutosti, ne nu\u017eno u doslovnom smislu.<\/p><p>U popkulturi (horor filmovi, heavy-metal pjesme) Legija je popularno ime za mo\u0107ne skupne demone, jer biblijski stih nudi upe\u010datljiv kolektivni lik protivnika. Teolo\u0161ki je va\u017eno da pri\u010da o gerasenskom posjednutom \u010dovjeku prije svega prikazuje mo\u0107 Isusa, a ne mo\u0107 demona.<\/p><\/div>\n<script type=\"application\/ld+json\">{\"@context\":\"https:\/\/schema.org\",\"@type\":\"FAQPage\",\"mainEntity\":[{\"@type\":\"Question\",\"name\":\"Tko ili \u0161to je Legija u Novom zavjetu?\",\"acceptedAnswer\":{\"@type\":\"Answer\",\"text\":\"Legija je u Evan\u0111elju po Marku (5,9) ime demona ili skupine demona koji su posjeli \u010dovjeka u Gerasi. Na Isusovo pitanje o svom imenu demon odgovara: Legija, jer smo mnogi.Rimska legija brojala je oko 6000 vojnika, pa ime nagla\u0161ava kolektivnu narav posjednutosti. Isus istjeruje demone i \u0161alje ih u stado svinja, koje se strmoglavljuje u jezero.\"}},{\"@type\":\"Question\",\"name\":\"Kako se Legija tuma\u010di u modernoj demonologiji i popkulturi?\",\"acceptedAnswer\":{\"@type\":\"Answer\",\"text\":\"U modernoj teologiji Legija se \u010desto \u010dita kao slika psihi\u010dke vi\u0161estrukosti, ovisnosti ili kolektivne posjednutosti, ne nu\u017eno u doslovnom smislu.U popkulturi (horor filmovi, heavy-metal pjesme) Legija je popularno ime za mo\u0107ne skupne demone, jer biblijski stih nudi upe\u010datljiv kolektivni lik protivnika. Teolo\u0161ki je va\u017eno da pri\u010da o gerasenskom posjednutom \u010dovjeku prije svega prikazuje mo\u0107 Isusa, a ne mo\u0107 demona.\"}}]}<\/script>\t\t\t\t\t\t\t\t<\/div>\n\t\t\t\t\t<\/div>\n\t\t\t\t<\/div>\n\t\t\t\t<\/div>\n\t\t","protected":false},"excerpt":{"rendered":"","protected":false},"author":3,"featured_media":1562,"parent":0,"menu_order":0,"comment_status":"closed","ping_status":"closed","template":"elementor_header_footer","meta":{"_yoast_wpseo_focuskw":"Legion posjednuti Gerasenac","_yoast_wpseo_title":"Legion \u2013 posjednutost i kolektivni demoni","_yoast_wpseo_metadesc":"Legion ozna\u010dava kolektivnu skupinu demona iz pri\u010de o posjednutom Gerasencu (Mk 5,1\u201320). Mno\u0161tvo u jednom \u010dovjeku.","_yoast_wpseo_meta-robots-noindex":"","_yoast_wpseo_canonical":"","_angie_page":false,"gefaehrdungsstufe":"5","wesen_kultur":"christentum","wesen_klasse":"daemonen","footnotes":""},"categories":[],"class_list":["post-149357","page","type-page","status-publish","has-post-thumbnail","hentry"],"yoast_head":"<!-- This site is optimized with the Yoast SEO Premium plugin v27.7 (Yoast SEO v28.3) - https:\/\/yoast.com\/product\/yoast-seo-premium-wordpress\/ -->\n<title>Legion \u2013 posjednutost i kolektivni demoni<\/title>\n<meta name=\"description\" content=\"Legion ozna\u010dava kolektivnu skupinu demona iz pri\u010de o posjednutom Gerasencu (Mk 5,1\u201320). Mno\u0161tvo u jednom \u010dovjeku.\" \/>\n<meta name=\"robots\" content=\"index, follow, max-snippet:-1, max-image-preview:large, max-video-preview:-1\" \/>\n<link rel=\"canonical\" href=\"https:\/\/iwell-guard.com\/hr\/legion-posjednutost-kolektivni-demoni\/\" \/>\n<meta property=\"og:locale\" content=\"hr_HR\" \/>\n<meta property=\"og:type\" content=\"article\" \/>\n<meta property=\"og:title\" content=\"Legion \u2013 posjednutost i kolektivni demoni\" \/>\n<meta property=\"og:description\" content=\"Legion ozna\u010dava kolektivnu skupinu demona iz pri\u010de o posjednutom Gerasencu (Mk 5,1\u201320). Mno\u0161tvo u jednom \u010dovjeku.\" \/>\n<meta property=\"og:url\" content=\"https:\/\/iwell-guard.com\/hr\/legion-posjednutost-kolektivni-demoni\/\" \/>\n<meta property=\"og:site_name\" content=\"iWell Guard\" \/>\n<meta property=\"article:modified_time\" content=\"2026-09-04T05:21:44+00:00\" \/>\n<meta property=\"og:image\" content=\"https:\/\/iwell-guard.com\/wp-content\/uploads\/2026\/04\/daemonen_christentum_legion.webp\" \/>\n\t<meta property=\"og:image:width\" content=\"1024\" \/>\n\t<meta property=\"og:image:height\" content=\"1536\" \/>\n\t<meta property=\"og:image:type\" content=\"image\/webp\" \/>\n<meta name=\"twitter:card\" content=\"summary_large_image\" \/>\n<script type=\"application\/ld+json\" class=\"yoast-schema-graph\">{\"@context\":\"https:\\\/\\\/schema.org\",\"@graph\":[{\"@type\":\"WebPage\",\"@id\":\"https:\\\/\\\/iwell-guard.com\\\/hr\\\/legion-posjednutost-kolektivni-demoni\\\/\",\"url\":\"https:\\\/\\\/iwell-guard.com\\\/hr\\\/legion-posjednutost-kolektivni-demoni\\\/\",\"name\":\"Legion \u2013 posjednutost i kolektivni demoni\",\"isPartOf\":{\"@id\":\"https:\\\/\\\/iwell-guard.com\\\/hr\\\/#website\"},\"primaryImageOfPage\":{\"@id\":\"https:\\\/\\\/iwell-guard.com\\\/hr\\\/legion-posjednutost-kolektivni-demoni\\\/#primaryimage\"},\"image\":{\"@id\":\"https:\\\/\\\/iwell-guard.com\\\/hr\\\/legion-posjednutost-kolektivni-demoni\\\/#primaryimage\"},\"thumbnailUrl\":\"https:\\\/\\\/iwell-guard.com\\\/wp-content\\\/uploads\\\/2026\\\/04\\\/daemonen_christentum_legion.webp\",\"datePublished\":\"2026-09-04T05:09:41+00:00\",\"dateModified\":\"2026-09-04T05:21:44+00:00\",\"description\":\"Legion ozna\u010dava kolektivnu skupinu demona iz pri\u010de o posjednutom Gerasencu (Mk 5,1\u201320). Mno\u0161tvo u jednom \u010dovjeku.\",\"breadcrumb\":{\"@id\":\"https:\\\/\\\/iwell-guard.com\\\/hr\\\/legion-posjednutost-kolektivni-demoni\\\/#breadcrumb\"},\"inLanguage\":\"hr\",\"potentialAction\":[{\"@type\":\"ReadAction\",\"target\":[\"https:\\\/\\\/iwell-guard.com\\\/hr\\\/legion-posjednutost-kolektivni-demoni\\\/\"]}]},{\"@type\":\"ImageObject\",\"inLanguage\":\"hr\",\"@id\":\"https:\\\/\\\/iwell-guard.com\\\/hr\\\/legion-posjednutost-kolektivni-demoni\\\/#primaryimage\",\"url\":\"https:\\\/\\\/iwell-guard.com\\\/wp-content\\\/uploads\\\/2026\\\/04\\\/daemonen_christentum_legion.webp\",\"contentUrl\":\"https:\\\/\\\/iwell-guard.com\\\/wp-content\\\/uploads\\\/2026\\\/04\\\/daemonen_christentum_legion.webp\",\"width\":1024,\"height\":1536,\"caption\":\"Demoni iz kr\u0161\u0107anske tradicije.\"},{\"@type\":\"BreadcrumbList\",\"@id\":\"https:\\\/\\\/iwell-guard.com\\\/hr\\\/legion-posjednutost-kolektivni-demoni\\\/#breadcrumb\",\"itemListElement\":[{\"@type\":\"ListItem\",\"position\":1,\"name\":\"Start\",\"item\":\"https:\\\/\\\/iwell-guard.com\\\/hr\\\/?page_id=149317\"},{\"@type\":\"ListItem\",\"position\":2,\"name\":\"Legion \u2013 posjednutost i kolektivni demoni\"}]},{\"@type\":\"WebSite\",\"@id\":\"https:\\\/\\\/iwell-guard.com\\\/hr\\\/#website\",\"url\":\"https:\\\/\\\/iwell-guard.com\\\/hr\\\/\",\"name\":\"iWell Guard\",\"description\":\"Schutz vor dunklen Einfl\u00fcssen\",\"publisher\":{\"@id\":\"https:\\\/\\\/iwell-guard.com\\\/hr\\\/#organization\"},\"potentialAction\":[{\"@type\":\"SearchAction\",\"target\":{\"@type\":\"EntryPoint\",\"urlTemplate\":\"https:\\\/\\\/iwell-guard.com\\\/hr\\\/?s={search_term_string}\"},\"query-input\":{\"@type\":\"PropertyValueSpecification\",\"valueRequired\":true,\"valueName\":\"search_term_string\"}}],\"inLanguage\":\"hr\"},{\"@type\":\"Organization\",\"@id\":\"https:\\\/\\\/iwell-guard.com\\\/hr\\\/#organization\",\"name\":\"Ittermann electronic GmbH\",\"url\":\"https:\\\/\\\/iwell-guard.com\\\/hr\\\/\",\"logo\":{\"@type\":\"ImageObject\",\"inLanguage\":\"hr\",\"@id\":\"https:\\\/\\\/iwell-guard.com\\\/hr\\\/#\\\/schema\\\/logo\\\/image\\\/\",\"url\":\"https:\\\/\\\/iwell-guard.com\\\/wp-content\\\/uploads\\\/2026\\\/05\\\/Ittermann-Logo-1182x237-1.png\",\"contentUrl\":\"https:\\\/\\\/iwell-guard.com\\\/wp-content\\\/uploads\\\/2026\\\/05\\\/Ittermann-Logo-1182x237-1.png\",\"width\":1182,\"height\":237,\"caption\":\"Ittermann electronic GmbH\"},\"image\":{\"@id\":\"https:\\\/\\\/iwell-guard.com\\\/hr\\\/#\\\/schema\\\/logo\\\/image\\\/\"},\"sameAs\":[\"https:\\\/\\\/pantip.com\\\/profile\\\/9367242\",\"https:\\\/\\\/micro.blog\\\/iwellguard\",\"https:\\\/\\\/www.diggerslist.com\\\/iwellguard\\\/about\",\"https:\\\/\\\/skitterphoto.com\\\/photographers\\\/2870314\\\/iwell-guard\",\"https:\\\/\\\/iwellguard.wordpress.com\\\/2026\\\/06\\\/06\\\/iwell-guard\\\/\",\"https:\\\/\\\/hub.docker.com\\\/u\\\/iwellguard\",\"https:\\\/\\\/www.pinterest.com\\\/iwellguard\\\/\",\"https:\\\/\\\/bit.ly\\\/m\\\/iwellguard\",\"https:\\\/\\\/entre-vos-mains.alsace.eu\\\/profiles\\\/iwellguard\\\/activity\",\"https:\\\/\\\/gravatar.com\\\/reallybeded8fd34\",\"https:\\\/\\\/naijamatta.com\\\/iwellguard\",\"https:\\\/\\\/www.goodreads.com\\\/iwellguard\",\"https:\\\/\\\/profile.hatena.ne.jp\\\/iwellguard\\\/\",\"https:\\\/\\\/experiment.com\\\/users\\\/iwellguard\",\"https:\\\/\\\/wakelet.com\\\/@iWellGuard82270\",\"https:\\\/\\\/www.chordie.com\\\/forum\\\/profile.php?id=2555664\",\"https:\\\/\\\/www.instapaper.com\\\/p\\\/17757966\",\"https:\\\/\\\/www.mapleprimes.com\\\/users\\\/iwellguard\",\"https:\\\/\\\/businesslistingplus.com\\\/profile\\\/iwell-guard\\\/\",\"https:\\\/\\\/telegra.ph\\\/iWell-Guard-06-06\",\"https:\\\/\\\/pbase.com\\\/iwellguard\\\/iwellguard\",\"https:\\\/\\\/b.hatena.ne.jp\\\/iwellguard\\\/20260607#bookmark-4788405196491818882\",\"https:\\\/\\\/fliphtml5.com\\\/home\\\/iwellguard\",\"https:\\\/\\\/anyflip.com\\\/homepage\\\/cmiwl#About\",\"https:\\\/\\\/transfur.com\\\/Users\\\/iwellguard\",\"http:\\\/\\\/delphi.larsbo.org\\\/user\\\/iwellguard\",\"https:\\\/\\\/jobs.lajobsportal.org\\\/profiles\\\/8380803-iwell-guard\",\"https:\\\/\\\/md.chaosdorf.de\\\/s\\\/jfbe5SBdJD\",\"https:\\\/\\\/www.lingvolive.com\\\/en-us\\\/profile\\\/9ecaeaca-ce11-4e51-9e71-01d55e2bff36\\\/translations\",\"https:\\\/\\\/www.fitday.com\\\/fitness\\\/forums\\\/members\\\/iwellguard.html\",\"https:\\\/\\\/www.mymeetbook.com\\\/iwellguard\",\"https:\\\/\\\/pxhere.com\\\/en\\\/photographer-me\\\/5040798\",\"https:\\\/\\\/disqus.com\\\/by\\\/iwellguard\\\/about\\\/\",\"https:\\\/\\\/pastelink.net\\\/hjwciqwq\",\"https:\\\/\\\/pubhtml5.com\\\/homepage\\\/scjhn\\\/\",\"https:\\\/\\\/www.bitchute.com\\\/channel\\\/2O2eOKzNqujT\",\"https:\\\/\\\/audiomack.com\\\/iwellguard\"]},{\"@type\":\"Article\",\"@id\":\"https:\\\/\\\/iwell-guard.com\\\/hr\\\/legion-posjednutost-kolektivni-demoni\\\/#article\",\"isPartOf\":{\"@id\":\"https:\\\/\\\/iwell-guard.com\\\/hr\\\/legion-posjednutost-kolektivni-demoni\\\/\"},\"author\":{\"name\":\"Ralf Ittermann\",\"@id\":\"https:\\\/\\\/iwell-guard.com\\\/hr\\\/#\\\/schema\\\/person\\\/ee2a27f1cac3406c7c6fb5820cb7349f\"},\"headline\":\"Legion \u2013 posjednutost i kolektivni demoni\",\"datePublished\":\"2026-09-04T05:09:41+00:00\",\"dateModified\":\"2026-09-04T05:21:44+00:00\",\"mainEntityOfPage\":{\"@id\":\"https:\\\/\\\/iwell-guard.com\\\/hr\\\/legion-posjednutost-kolektivni-demoni\\\/\"},\"publisher\":{\"@id\":\"https:\\\/\\\/iwell-guard.com\\\/hr\\\/#organization\"},\"image\":{\"@id\":\"https:\\\/\\\/iwell-guard.com\\\/hr\\\/legion-posjednutost-kolektivni-demoni\\\/#primaryimage\"},\"thumbnailUrl\":\"https:\\\/\\\/iwell-guard.com\\\/wp-content\\\/uploads\\\/2026\\\/04\\\/daemonen_christentum_legion.webp\",\"inLanguage\":\"hr\",\"description\":\"Legion ozna\u010dava kolektivnu skupinu demona iz pri\u010de o posjednutom Gerasencu (Mk 5,1\u201320). Mno\u0161tvo u jednom \u010dovjeku.\"}]}<\/script>\n<!-- \/ Yoast SEO Premium plugin. -->","yoast_head_json":{"title":"Legion \u2013 posjednutost i kolektivni demoni","description":"Legion ozna\u010dava kolektivnu skupinu demona iz pri\u010de o posjednutom Gerasencu (Mk 5,1\u201320). Mno\u0161tvo u jednom \u010dovjeku.","robots":{"index":"index","follow":"follow","max-snippet":"max-snippet:-1","max-image-preview":"max-image-preview:large","max-video-preview":"max-video-preview:-1"},"canonical":"https:\/\/iwell-guard.com\/hr\/legion-posjednutost-kolektivni-demoni\/","og_locale":"hr_HR","og_type":"article","og_title":"Legion \u2013 posjednutost i kolektivni demoni","og_description":"Legion ozna\u010dava kolektivnu skupinu demona iz pri\u010de o posjednutom Gerasencu (Mk 5,1\u201320). Mno\u0161tvo u jednom \u010dovjeku.","og_url":"https:\/\/iwell-guard.com\/hr\/legion-posjednutost-kolektivni-demoni\/","og_site_name":"iWell Guard","article_modified_time":"2026-09-04T05:21:44+00:00","og_image":[{"width":1024,"height":1536,"url":"https:\/\/iwell-guard.com\/wp-content\/uploads\/2026\/04\/daemonen_christentum_legion.webp","type":"image\/webp"}],"twitter_card":"summary_large_image","schema":{"@context":"https:\/\/schema.org","@graph":[{"@type":"Article","@id":"https:\/\/iwell-guard.com\/hr\/legion-posjednutost-kolektivni-demoni\/#article","isPartOf":{"@id":"https:\/\/iwell-guard.com\/hr\/legion-posjednutost-kolektivni-demoni\/"},"author":{"name":"Ralf Ittermann","@id":"https:\/\/iwell-guard.com\/hr\/#\/schema\/person\/ee2a27f1cac3406c7c6fb5820cb7349f"},"headline":"Legion \u2013 posjednutost i kolektivni demoni","datePublished":"2026-09-04T05:09:41+00:00","dateModified":"2026-09-04T05:21:44+00:00","mainEntityOfPage":{"@id":"https:\/\/iwell-guard.com\/hr\/legion-posjednutost-kolektivni-demoni\/"},"publisher":{"@id":"https:\/\/iwell-guard.com\/hr\/#organization"},"image":{"@id":"https:\/\/iwell-guard.com\/hr\/legion-posjednutost-kolektivni-demoni\/#primaryimage"},"thumbnailUrl":"https:\/\/iwell-guard.com\/wp-content\/uploads\/2026\/04\/daemonen_christentum_legion.webp","inLanguage":"hr","description":"Legion ozna\u010dava kolektivnu skupinu demona iz pri\u010de o posjednutom Gerasencu (Mk 5,1\u201320). Mno\u0161tvo u jednom \u010dovjeku."},{"@type":"WebPage","@id":"https:\/\/iwell-guard.com\/hr\/legion-posjednutost-kolektivni-demoni\/","url":"https:\/\/iwell-guard.com\/hr\/legion-posjednutost-kolektivni-demoni\/","name":"Legion \u2013 posjednutost i kolektivni demoni","isPartOf":{"@id":"https:\/\/iwell-guard.com\/hr\/#website"},"primaryImageOfPage":{"@id":"https:\/\/iwell-guard.com\/hr\/legion-posjednutost-kolektivni-demoni\/#primaryimage"},"image":{"@id":"https:\/\/iwell-guard.com\/hr\/legion-posjednutost-kolektivni-demoni\/#primaryimage"},"thumbnailUrl":"https:\/\/iwell-guard.com\/wp-content\/uploads\/2026\/04\/daemonen_christentum_legion.webp","datePublished":"2026-09-04T05:09:41+00:00","dateModified":"2026-09-04T05:21:44+00:00","description":"Legion ozna\u010dava kolektivnu skupinu demona iz pri\u010de o posjednutom Gerasencu (Mk 5,1\u201320). Mno\u0161tvo u jednom \u010dovjeku.","breadcrumb":{"@id":"https:\/\/iwell-guard.com\/hr\/legion-posjednutost-kolektivni-demoni\/#breadcrumb"},"inLanguage":"hr","potentialAction":[{"@type":"ReadAction","target":["https:\/\/iwell-guard.com\/hr\/legion-posjednutost-kolektivni-demoni\/"]}]},{"@type":"ImageObject","inLanguage":"hr","@id":"https:\/\/iwell-guard.com\/hr\/legion-posjednutost-kolektivni-demoni\/#primaryimage","url":"https:\/\/iwell-guard.com\/wp-content\/uploads\/2026\/04\/daemonen_christentum_legion.webp","contentUrl":"https:\/\/iwell-guard.com\/wp-content\/uploads\/2026\/04\/daemonen_christentum_legion.webp","width":1024,"height":1536,"caption":"Demoni iz kr\u0161\u0107anske tradicije."},{"@type":"BreadcrumbList","@id":"https:\/\/iwell-guard.com\/hr\/legion-posjednutost-kolektivni-demoni\/#breadcrumb","itemListElement":[{"@type":"ListItem","position":1,"name":"Start","item":"https:\/\/iwell-guard.com\/hr\/?page_id=149317"},{"@type":"ListItem","position":2,"name":"Legion \u2013 posjednutost i kolektivni demoni"}]},{"@type":"WebSite","@id":"https:\/\/iwell-guard.com\/hr\/#website","url":"https:\/\/iwell-guard.com\/hr\/","name":"iWell Guard","description":"Schutz vor dunklen Einfl\u00fcssen","publisher":{"@id":"https:\/\/iwell-guard.com\/hr\/#organization"},"potentialAction":[{"@type":"SearchAction","target":{"@type":"EntryPoint","urlTemplate":"https:\/\/iwell-guard.com\/hr\/?s={search_term_string}"},"query-input":{"@type":"PropertyValueSpecification","valueRequired":true,"valueName":"search_term_string"}}],"inLanguage":"hr"},{"@type":"Organization","@id":"https:\/\/iwell-guard.com\/hr\/#organization","name":"Ittermann electronic GmbH","url":"https:\/\/iwell-guard.com\/hr\/","logo":{"@type":"ImageObject","inLanguage":"hr","@id":"https:\/\/iwell-guard.com\/hr\/#\/schema\/logo\/image\/","url":"https:\/\/iwell-guard.com\/wp-content\/uploads\/2026\/05\/Ittermann-Logo-1182x237-1.png","contentUrl":"https:\/\/iwell-guard.com\/wp-content\/uploads\/2026\/05\/Ittermann-Logo-1182x237-1.png","width":1182,"height":237,"caption":"Ittermann electronic GmbH"},"image":{"@id":"https:\/\/iwell-guard.com\/hr\/#\/schema\/logo\/image\/"},"sameAs":["https:\/\/pantip.com\/profile\/9367242","https:\/\/micro.blog\/iwellguard","https:\/\/www.diggerslist.com\/iwellguard\/about","https:\/\/skitterphoto.com\/photographers\/2870314\/iwell-guard","https:\/\/iwellguard.wordpress.com\/2026\/06\/06\/iwell-guard\/","https:\/\/hub.docker.com\/u\/iwellguard","https:\/\/www.pinterest.com\/iwellguard\/","https:\/\/bit.ly\/m\/iwellguard","https:\/\/entre-vos-mains.alsace.eu\/profiles\/iwellguard\/activity","https:\/\/gravatar.com\/reallybeded8fd34","https:\/\/naijamatta.com\/iwellguard","https:\/\/www.goodreads.com\/iwellguard","https:\/\/profile.hatena.ne.jp\/iwellguard\/","https:\/\/experiment.com\/users\/iwellguard","https:\/\/wakelet.com\/@iWellGuard82270","https:\/\/www.chordie.com\/forum\/profile.php?id=2555664","https:\/\/www.instapaper.com\/p\/17757966","https:\/\/www.mapleprimes.com\/users\/iwellguard","https:\/\/businesslistingplus.com\/profile\/iwell-guard\/","https:\/\/telegra.ph\/iWell-Guard-06-06","https:\/\/pbase.com\/iwellguard\/iwellguard","https:\/\/b.hatena.ne.jp\/iwellguard\/20260607#bookmark-4788405196491818882","https:\/\/fliphtml5.com\/home\/iwellguard","https:\/\/anyflip.com\/homepage\/cmiwl#About","https:\/\/transfur.com\/Users\/iwellguard","http:\/\/delphi.larsbo.org\/user\/iwellguard","https:\/\/jobs.lajobsportal.org\/profiles\/8380803-iwell-guard","https:\/\/md.chaosdorf.de\/s\/jfbe5SBdJD","https:\/\/www.lingvolive.com\/en-us\/profile\/9ecaeaca-ce11-4e51-9e71-01d55e2bff36\/translations","https:\/\/www.fitday.com\/fitness\/forums\/members\/iwellguard.html","https:\/\/www.mymeetbook.com\/iwellguard","https:\/\/pxhere.com\/en\/photographer-me\/5040798","https:\/\/disqus.com\/by\/iwellguard\/about\/","https:\/\/pastelink.net\/hjwciqwq","https:\/\/pubhtml5.com\/homepage\/scjhn\/","https:\/\/www.bitchute.com\/channel\/2O2eOKzNqujT","https:\/\/audiomack.com\/iwellguard"]},{"@type":"Person","@id":"https:\/\/iwell-guard.com\/hr\/#\/schema\/person\/ee2a27f1cac3406c7c6fb5820cb7349f","name":"Ralf Ittermann","image":{"@type":"ImageObject","inLanguage":"hr","@id":"https:\/\/secure.gravatar.com\/avatar\/073c0153e350a5005b68eb752b445fea71f6b24a26da9449ad7e155e6b446c9d?s=96&d=mm&r=g","url":"https:\/\/secure.gravatar.com\/avatar\/073c0153e350a5005b68eb752b445fea71f6b24a26da9449ad7e155e6b446c9d?s=96&d=mm&r=g","contentUrl":"https:\/\/secure.gravatar.com\/avatar\/073c0153e350a5005b68eb752b445fea71f6b24a26da9449ad7e155e6b446c9d?s=96&d=mm&r=g","caption":"Ralf Ittermann"},"givenName":"Ralf","familyName":"Ittermann","jobTitle":"Gesch\u00e4ftsf\u00fchrer und redaktioneller Verantwortlicher","url":"https:\/\/iwell-guard.com\/hr\/author\/claude\/","description":"Ralf Ittermann ist Gesch\u00e4ftsf\u00fchrer der Ittermann electronic GmbH und redaktioneller Verantwortlicher des iWell-Guard-Lexikons. Er verbindet langj\u00e4hrige Erfahrung in der Pr\u00e4zisionsfertigung mit medialer Praxis und religionsgeschichtlicher Quellenarbeit.","worksFor":{"@type":"Organization","name":"Ittermann electronic GmbH","url":"https:\/\/ittermann.de\/","address":{"@type":"PostalAddress","streetAddress":"K\u00f6hlergasse 16-18","postalCode":"99842","addressLocality":"Ruhla","addressCountry":"DE"}},"knowsAbout":["Religionsgeschichte","Mythologie","Mediale Praxis","Energetische Diagnostik","Schutzpraxis","Volksglauben","Westliche Esoterik"]},{"@type":"Article","@id":"https:\/\/iwell-guard.com\/hr\/legion-posjednutost-kolektivni-demoni\/#article","isPartOf":{"@id":"https:\/\/iwell-guard.com\/hr\/legion-posjednutost-kolektivni-demoni\/"},"author":{"name":"Ralf Ittermann","@id":"https:\/\/iwell-guard.com\/hr\/#\/schema\/person\/ee2a27f1cac3406c7c6fb5820cb7349f"},"headline":"Legion \u2013 posjednutost i kolektivni demoni","datePublished":"2026-09-04T05:09:41+00:00","dateModified":"2026-09-04T05:21:44+00:00","mainEntityOfPage":{"@id":"https:\/\/iwell-guard.com\/hr\/legion-posjednutost-kolektivni-demoni\/"},"publisher":{"@id":"https:\/\/iwell-guard.com\/hr\/#organization"},"image":{"@id":"https:\/\/iwell-guard.com\/hr\/legion-posjednutost-kolektivni-demoni\/#primaryimage"},"thumbnailUrl":"https:\/\/iwell-guard.com\/wp-content\/uploads\/2026\/04\/daemonen_christentum_legion.webp","inLanguage":"hr","description":"Legion ozna\u010dava kolektivnu skupinu demona iz pri\u010de o posjednutom Gerasencu (Mk 5,1\u201320). Mno\u0161tvo u jednom \u010dovjeku."}]}},"_links":{"self":[{"href":"https:\/\/iwell-guard.com\/hr\/wp-json\/wp\/v2\/pages\/149357","targetHints":{"allow":["GET"]}}],"collection":[{"href":"https:\/\/iwell-guard.com\/hr\/wp-json\/wp\/v2\/pages"}],"about":[{"href":"https:\/\/iwell-guard.com\/hr\/wp-json\/wp\/v2\/types\/page"}],"author":[{"embeddable":true,"href":"https:\/\/iwell-guard.com\/hr\/wp-json\/wp\/v2\/users\/3"}],"replies":[{"embeddable":true,"href":"https:\/\/iwell-guard.com\/hr\/wp-json\/wp\/v2\/comments?post=149357"}],"version-history":[{"count":0,"href":"https:\/\/iwell-guard.com\/hr\/wp-json\/wp\/v2\/pages\/149357\/revisions"}],"wp:featuredmedia":[{"embeddable":true,"href":"https:\/\/iwell-guard.com\/hr\/wp-json\/wp\/v2\/media\/1562"}],"wp:attachment":[{"href":"https:\/\/iwell-guard.com\/hr\/wp-json\/wp\/v2\/media?parent=149357"}],"wp:term":[{"taxonomy":"category","embeddable":true,"href":"https:\/\/iwell-guard.com\/hr\/wp-json\/wp\/v2\/categories?post=149357"}],"curies":[{"name":"wp","href":"https:\/\/api.w.org\/{rel}","templated":true}]}}