{"id":149349,"date":"2026-09-04T05:09:37","date_gmt":"2026-09-04T05:09:37","guid":{"rendered":"https:\/\/iwell-guard.com\/?page_id=149349"},"modified":"2026-09-04T05:21:31","modified_gmt":"2026-09-04T05:21:31","slug":"germanska-tradicija","status":"publish","type":"page","link":"https:\/\/iwell-guard.com\/hr\/germanska-tradicija\/","title":{"rendered":"Germansko"},"content":{"rendered":"\t\t<div data-elementor-type=\"wp-page\" data-elementor-id=\"149349\" class=\"elementor elementor-149349 elementor-1015\" data-elementor-post-type=\"page\">\n\t\t\t\t<div class=\"elementor-element elementor-element-k-hero-rebuilt-german iwg-kultur-hero e-flex e-con-boxed e-con e-parent\" data-id=\"k-hero-rebuilt-german\" data-element_type=\"container\" data-e-type=\"container\">\n\t\t\t\t\t<div class=\"e-con-inner\">\n\t\t<div class=\"elementor-element elementor-element-khleft-german iwg-kultur-hero-left e-flex e-con-boxed e-con e-child\" data-id=\"khleft-german\" data-element_type=\"container\" data-e-type=\"container\">\n\t\t\t\t\t<div class=\"e-con-inner\">\n\t\t\t\t<div class=\"elementor-element elementor-element-k-h1-germanisch elementor-widget elementor-widget-heading\" data-id=\"k-h1-germanisch\" data-element_type=\"widget\" data-e-type=\"widget\" data-widget_type=\"heading.default\">\n\t\t\t\t\t<h1 class=\"elementor-heading-title elementor-size-default\">Nordijski bogovi, Asi, Vani i germanska mitologija<\/h1>\t\t\t\t<\/div>\n\t\t<div class=\"elementor-element elementor-element-aj11-hero-lead-german e-con-full e-flex e-con e-child\" data-id=\"aj11-hero-lead-german\" data-element_type=\"container\" data-e-type=\"container\">\n\t\t\t\t<div class=\"elementor-element elementor-element-k-lead-germanisch elementor-widget elementor-widget-text-editor\" data-id=\"k-lead-germanisch\" data-element_type=\"widget\" data-e-type=\"widget\" data-widget_type=\"text-editor.default\">\n\t\t\t\t\t\t\t\t\t<p><strong>Bi\u0107a iz germanske tradicije<\/strong> na iWell Guard. Predkr\u0161\u0107anski svijet bogova i duhova sjeverne i srednje Europe. Glavni izvori: Snorra-Edda, Pjesni\u010dka Edda, skaldsko pjesni\u0161tvo, arheolo\u0161ki nalazi.<\/p>\t\t\t\t\t\t\t\t<\/div>\n\t\t\t\t<\/div>\n\t\t<div class=\"elementor-element elementor-element-aj11-hero-toc-german e-con-full e-flex e-con e-child\" data-id=\"aj11-hero-toc-german\" data-element_type=\"container\" data-e-type=\"container\">\n\t\t\t\t<div class=\"elementor-element elementor-element-k-toc-germanisch elementor-widget elementor-widget-text-editor\" data-id=\"k-toc-germanisch\" data-element_type=\"widget\" data-e-type=\"widget\" data-widget_type=\"text-editor.default\">\n\t\t\t\t\t\t\t\t\t<p><strong>Sadr\u017eaj ove stranice:<\/strong><\/p><ul><li><a href=\"#k-germanisch-h1\">Uvod<\/a><\/li><li><a href=\"#x-germanisch-h100\">Povijest i panteon<\/a><\/li><li><a href=\"#x-germanisch-h101\">Bi\u0107a u svakodnevnom \u017eivotu<\/a><\/li><li><a href=\"#x-germanisch-h102\">Suvremeno zna\u010denje<\/a><\/li><li><a href=\"#k-germanisch-h2\">Bogovi (6)<\/a><\/li><li><a href=\"#k-germanisch-h3\">Duhovi (6)<\/a><\/li><li><a href=\"#72d1854\">Dublji uvid<\/a><\/li><\/ul>\t\t\t\t\t\t\t\t<\/div>\n\t\t\t\t<\/div>\n\t\t\t\t\t<\/div>\n\t\t\t\t<\/div>\n\t\t<div class=\"elementor-element elementor-element-khrght-german iwg-kultur-hero-right e-flex e-con-boxed e-con e-child\" data-id=\"khrght-german\" data-element_type=\"container\" data-e-type=\"container\">\n\t\t\t\t\t<div class=\"e-con-inner\">\n\t\t\t\t<div class=\"elementor-element elementor-element-k-img-germanisch iwg-hero-image elementor-widget elementor-widget-image\" data-id=\"k-img-germanisch\" data-element_type=\"widget\" data-e-type=\"widget\" data-widget_type=\"image.default\">\n\t\t\t\t\t\t\t\t\t\t\t\t\t\t\t<img fetchpriority=\"high\" decoding=\"async\" width=\"683\" height=\"1024\" src=\"https:\/\/iwell-guard.com\/wp-content\/uploads\/2026\/04\/goetter_germanisch_odin-683x1024.webp\" class=\"attachment-large size-large wp-image-151715\" alt=\"Odin - bogovi iz germanske tradicije, povijesno-ilustrativno\" srcset=\"https:\/\/iwell-guard.com\/wp-content\/uploads\/2026\/04\/goetter_germanisch_odin-683x1024.webp 683w, https:\/\/iwell-guard.com\/wp-content\/uploads\/2026\/04\/goetter_germanisch_odin-200x300.webp 200w, https:\/\/iwell-guard.com\/wp-content\/uploads\/2026\/04\/goetter_germanisch_odin-768x1152.webp 768w, https:\/\/iwell-guard.com\/wp-content\/uploads\/2026\/04\/goetter_germanisch_odin.webp 1024w\" sizes=\"(max-width: 683px) 100vw, 683px\" \/>\t\t\t\t\t\t\t\t\t\t\t\t\t\t\t<\/div>\n\t\t\t\t\t<\/div>\n\t\t\t\t<\/div>\n\t\t\t\t\t<\/div>\n\t\t\t\t<\/div>\n\t\t\t\t<section class=\"elementor-section elementor-top-section elementor-element elementor-element-sec-iwgcomp2-germanisch elementor-section-boxed elementor-section-height-default elementor-section-height-default\" data-id=\"sec-iwgcomp2-germanisch\" data-element_type=\"section\" data-e-type=\"section\">\n\t\t\t\t\t\t<div class=\"elementor-container elementor-column-gap-default\">\n\t\t\t\t\t<div class=\"elementor-column elementor-col-100 elementor-top-column elementor-element elementor-element-col-iwgcomp2-germanisch\" data-id=\"col-iwgcomp2-germanisch\" data-element_type=\"column\" data-e-type=\"column\">\n\t\t\t<div class=\"elementor-widget-wrap elementor-element-populated\">\n\t\t\t\t\t\t<div class=\"elementor-element elementor-element-iwgcomp2-germanisch elementor-widget elementor-widget-text-editor\" data-id=\"iwgcomp2-germanisch\" data-element_type=\"widget\" data-e-type=\"widget\" data-widget_type=\"text-editor.default\">\n\t\t\t\t\t\t\t\t\t<p>Ova stranica dokumentira <strong>germansku<\/strong> religiju od <span class=\"iwg-fachbegriff\" data-tooltip=\"Prapovijesna epoha nakon bronzanog doba, obilje\u017eena obradom \u017eeljeza.\" tabindex=\"0\">\u017eeljeznog doba<\/span> <span class=\"iwg-fachbegriff\" data-tooltip=\"Sveukupnost bogova neke religije ili kulture.\" tabindex=\"0\">panteona<\/span> do vremena Edde.<\/p>\t\t\t\t\t\t\t\t<\/div>\n\t\t\t\t\t<\/div>\n\t\t<\/div>\n\t\t\t\t\t<\/div>\n\t\t<\/section>\n\t\t<div class=\"elementor-element elementor-element-clstrsec-aj12-germanis e-con-boxed e-flex e-con e-parent\" data-id=\"clstrsec-aj12-germanis\" data-element_type=\"container\" data-e-type=\"container\">\n\t\t\t\t\t<div class=\"e-con-inner\">\n\t\t\t\t<div class=\"elementor-element elementor-element-clstrh2-aj12-german elementor-widget elementor-widget-heading\" data-id=\"clstrh2-aj12-german\" data-element_type=\"widget\" data-e-type=\"widget\" data-widget_type=\"heading.default\">\n\t\t\t\t\t<h2 class=\"elementor-heading-title elementor-size-default\">Edda, dvor bogova i nordijski mitovi<\/h2>\t\t\t\t<\/div>\n\t\t<div class=\"elementor-element elementor-element-aj12-cluster-text-germanis e-con-full e-flex e-con e-child\" data-id=\"aj12-cluster-text-germanis\" data-element_type=\"container\" data-e-type=\"container\">\n\t\t\t\t<div class=\"elementor-element elementor-element-aj12-cluster-text-german-t elementor-widget elementor-widget-text-editor\" data-id=\"aj12-cluster-text-german-t\" data-element_type=\"widget\" data-e-type=\"widget\" data-widget_type=\"text-editor.default\">\n\t\t\t\t\t\t\t\t\t<p>Germanska religija predstavlja kriti\u010dki gledano te\u0161ku tradiciju u pogledu izvora. Ono \u0161to znamo potje\u010de skoro u potpunosti iz kasne kr\u0161\u0107ansko-islandske predaje: Pjesni\u010dka Edda i Snorra-Edda sastavljene su u 13. stolje\u0107u, dugo nakon \u0161to je nordijsko poganstvo prestalo biti \u017eiva religija.<\/p><p>Predkr\u0161\u0107anski natpisi, rune i nazivi mjesta nadopunjuju tu slika, ali je ne zamjenjuju.<\/p>\n<p>U sredi\u0161tu su dva bo\u017eanska roda: ratoborni Asi okupljeni oko Odina, Thora, Tyra i Frigg, te Vani povezani s plodno\u0161\u0107u, okupljeni oko Freyra, Freyje i Nj\u00f6rda.<\/p><p>Mitolo\u0161ki je sustav dinami\u010dan: zavr\u0161ava Ragnar\u00f6kom, propa\u0161\u0107u bogova, \u010dime dobiva eshatolo\u0161ku dubinu koju drugi politeisti\u010dki sustavi ne poznaju.<\/p>\n<p><strong>Narodna religija<\/strong> kretala se oko za\u0161titni\u010dkih duhova: ku\u0107nih duhova (Hausv\u00e4ttr), duhova zemlje (Landv\u00e4ttir), Fylgjura (osobnih duhova sudbine) i Disa (\u017eenskih pretkinjskih duhova). Ta je razina u povijesti religije \u010desto dublja i starija od <span class=\"iwg-fachbegriff\" data-tooltip=\"Sveukupnost predanih pri\u010da o bogovima neke kulture.\" tabindex=\"0\">mitologije<\/span> Asa i nastavila je \u017eivjeti u skandinavskim narodnim obi\u010dajima sve do 19. stolje\u0107a.<\/p>\t\t\t\t\t\t\t\t<\/div>\n\t\t\t\t<\/div>\n\t\t\t\t\t<\/div>\n\t\t\t\t<\/div>\n\t\t<div class=\"elementor-element elementor-element-k-germanisch-s1 e-con-boxed e-flex e-con e-parent\" data-id=\"k-germanisch-s1\" data-element_type=\"container\" data-e-type=\"container\">\n\t\t\t\t\t<div class=\"e-con-inner\">\n\t\t\t\t<div class=\"elementor-element elementor-element-k-germanisch-h1 elementor-widget elementor-widget-heading\" data-id=\"k-germanisch-h1\" data-element_type=\"widget\" data-e-type=\"widget\" data-widget_type=\"heading.default\">\n\t\t\t\t\t<h2 class=\"elementor-heading-title elementor-size-default\">Uvod<\/h2>\t\t\t\t<\/div>\n\t\t<div class=\"elementor-element elementor-element-aj11-inner-0003 e-con-full e-flex e-con e-child\" data-id=\"aj11-inner-0003\" data-element_type=\"container\" data-e-type=\"container\">\n\t\t\t\t<div class=\"elementor-element elementor-element-k-germanisch-t1 elementor-widget elementor-widget-text-editor\" data-id=\"k-germanisch-t1\" data-element_type=\"widget\" data-e-type=\"widget\" data-widget_type=\"text-editor.default\">\n\t\t\t\t\t\t\t\t\t<p><strong>Razdoblje:<\/strong> <span class=\"iwg-fachbegriff\" data-tooltip=\"Prapovijesna epoha u kojoj je bronca bila najva\u017eniji metal za izradu predmeta.\" tabindex=\"0\">bronzano doba<\/span> (1500. pr. Kr.) do kristijanizacije (10.\u201312. st.). Tekstovi: Snorra-Edda (1220), Pjesni\u010dka Edda.<\/p><p>Raspon: Skandinavija, kontinentalna Germanija, Britansko oto\u010dje. Ekspanzija u vikin\u0161kom razdoblju sve do Rusije i Sjeverne Amerike.<\/p><p>Izvori: Snorra-Edda, Pjesni\u010dka Edda, skaldsko pjesni\u0161tvo, Saxo Grammaticus, Tacitova Germania, runski natpisi.<\/p><p><span class=\"iwg-fachbegriff\" data-tooltip=\"Sveukupnost bogova neke religije ili kulture.\" tabindex=\"0\">Panteon<\/span> i klase bi\u0107a: Asi (Odin, Thor, Frigg), Vani (Freyr, Freyja), divovi, patuljci, elfovi, norne.<\/p>\t\t\t\t\t\t\t\t<\/div>\n\t\t\t\t<\/div>\n\t\t\t\t\t<\/div>\n\t\t\t\t<\/div>\n\t\t<div class=\"elementor-element elementor-element-x-germanisch-s100 e-con-boxed e-flex e-con e-parent\" data-id=\"x-germanisch-s100\" data-element_type=\"container\" data-e-type=\"container\">\n\t\t\t\t\t<div class=\"e-con-inner\">\n\t\t\t\t<div class=\"elementor-element elementor-element-x-germanisch-h100 elementor-widget elementor-widget-heading\" data-id=\"x-germanisch-h100\" data-element_type=\"widget\" data-e-type=\"widget\" data-widget_type=\"heading.default\">\n\t\t\t\t\t<h2 class=\"elementor-heading-title elementor-size-default\">Povijest i panteon<\/h2>\t\t\t\t<\/div>\n\t\t<div class=\"elementor-element elementor-element-aj11-inner-0004 e-con-full e-flex e-con e-child\" data-id=\"aj11-inner-0004\" data-element_type=\"container\" data-e-type=\"container\">\n\t\t\t\t<div class=\"elementor-element elementor-element-x-germanisch-t100 elementor-widget elementor-widget-text-editor\" data-id=\"x-germanisch-t100\" data-element_type=\"widget\" data-e-type=\"widget\" data-widget_type=\"text-editor.default\">\n\t\t\t\t\t\t\t\t\t<p>Germanska religija prije kristijanizacije poznata je samo putem arheolo\u0161kih nalaza, kasnih pisanih predaja (Eda) i <span class=\"iwg-fachbegriff\" data-tooltip=\"Epoha gr\u010dke i rimske kulture, otprilike od 800. pr. Kr. do 600. n. Kr.\" tabindex=\"0\">anti\u010dkih<\/span> izvora (Tacit). Rekonstruirani <span class=\"iwg-fachbegriff\" data-tooltip=\"Sveukupnost bogova neke religije ili kulture.\" tabindex=\"0\">panteon<\/span> dijeli se na dvije kozmi\u010dke dinastije: Ase (bogove poretka i rata, na \u010delu s Odinom i Thorom) i Vane (bogove plodnosti i <span class=\"iwg-fachbegriff\" data-tooltip=\"Prakse koje posebnim radnjama ili formulama \u017eele utjecati na tijek doga\u0111aja.\" tabindex=\"0\">magije<\/span>). Mitolo\u0161ki je to zabilje\u017eeno kao raniji sukob izme\u0111u dinastija.<\/p><p>Kozmi\u010dko kona\u010dno stanje, Ragnar\u00f6k, opisuje cikli\u010dno uni\u0161tenje i ponovno ro\u0111enje svijeta. Va\u017ene su figure Odin (mudrost, rat, <span class=\"iwg-fachbegriff\" data-tooltip=\"Prakse koje posebnim radnjama ili formulama \u017eele utjecati na tijek doga\u0111aja.\" tabindex=\"0\">magija<\/span>), Thor (grmljavina, poredak), Freyja (ljubav, rat, <span class=\"iwg-fachbegriff\" data-tooltip=\"Prakse koje posebnim radnjama ili formulama \u017eele utjecati na tijek doga\u0111aja.\" tabindex=\"0\">magija<\/span>) i Loki (kaos, prekora\u010denje granica).<\/p><p>Pisani izvori potje\u010du od autora iz kr\u0161\u0107anskog razdoblja i time su ideolo\u0161ki obojeni; izvorni obredi su izgubljeni.<\/p>\t\t\t\t\t\t\t\t<\/div>\n\t\t\t\t<\/div>\n\t\t\t\t\t<\/div>\n\t\t\t\t<\/div>\n\t\t<div class=\"elementor-element elementor-element-x-germanisch-s101 e-con-boxed e-flex e-con e-parent\" data-id=\"x-germanisch-s101\" data-element_type=\"container\" data-e-type=\"container\">\n\t\t\t\t\t<div class=\"e-con-inner\">\n\t\t\t\t<div class=\"elementor-element elementor-element-x-germanisch-h101 elementor-widget elementor-widget-heading\" data-id=\"x-germanisch-h101\" data-element_type=\"widget\" data-e-type=\"widget\" data-widget_type=\"heading.default\">\n\t\t\t\t\t<h2 class=\"elementor-heading-title elementor-size-default\">Bi\u0107a u svakodnevnom \u017eivotu<\/h2>\t\t\t\t<\/div>\n\t\t<div class=\"elementor-element elementor-element-aj11-inner-0005 e-con-full e-flex e-con e-child\" data-id=\"aj11-inner-0005\" data-element_type=\"container\" data-e-type=\"container\">\n\t\t\t\t<div class=\"elementor-element elementor-element-x-germanisch-t101 elementor-widget elementor-widget-text-editor\" data-id=\"x-germanisch-t101\" data-element_type=\"widget\" data-e-type=\"widget\" data-widget_type=\"text-editor.default\">\n\t\t\t\t\t\t\t\t\t<p>Rekonstruirane prakse obuhva\u0107aju \u017ertvene obrede (bl\u00f3t), gatanje runama i obredne radnje za \u017eetvu i rat. Sveti gajevi i izvori bili su kultna sredi\u0161ta, skaldi i sve\u0107enici \u010duvali su mitolo\u0161ko znanje, a za\u0161titni obredi i runsko pismo slu\u017eili su duhovnoj za\u0161titi.<\/p><p>Kristijanizacija od 8. do 12. stolje\u0107a potisnula je te prakse, ali su one nastavile postojati u narodnim tradicijama (Valpurgina no\u0107, svibanjske sve\u010danosti) i u regionalnim vjerovanjima u duhove. Duhovna bi\u0107a kao Alfovi (elfovi) i Dise (za\u0161titni\u010dki duhovi) ostala su prisutna u narodnoj tradiciji, a vidjelice (v\u00f6lve) bile su specijalizirane stru\u010dnjakinje za kontakt s duhovima.<\/p>\t\t\t\t\t\t\t\t<\/div>\n\t\t\t\t<\/div>\n\t\t\t\t\t<\/div>\n\t\t\t\t<\/div>\n\t\t<div class=\"elementor-element elementor-element-x-germanisch-s102 e-con-boxed e-flex e-con e-parent\" data-id=\"x-germanisch-s102\" data-element_type=\"container\" data-e-type=\"container\">\n\t\t\t\t\t<div class=\"e-con-inner\">\n\t\t\t\t<div class=\"elementor-element elementor-element-x-germanisch-h102 elementor-widget elementor-widget-heading\" data-id=\"x-germanisch-h102\" data-element_type=\"widget\" data-e-type=\"widget\" data-widget_type=\"heading.default\">\n\t\t\t\t\t<h2 class=\"elementor-heading-title elementor-size-default\">Suvremeno zna\u010denje<\/h2>\t\t\t\t<\/div>\n\t\t<div class=\"elementor-element elementor-element-aj11-inner-0006 e-con-full e-flex e-con e-child\" data-id=\"aj11-inner-0006\" data-element_type=\"container\" data-e-type=\"container\">\n\t\t\t\t<div class=\"elementor-element elementor-element-x-germanisch-t102 elementor-widget elementor-widget-text-editor\" data-id=\"x-germanisch-t102\" data-element_type=\"widget\" data-e-type=\"widget\" data-widget_type=\"text-editor.default\">\n\t\t\t\t\t\t\t\t\t<p>Germanska religija vi\u0161e ne postoji kao \u017eiva tradicija. Njezina arheolo\u0161ka i knji\u017eevna rekonstrukcija akademski je strogo provedena, ali ostaje spekulativna. Moderni pokret \u00c1satr\u00fa od 20. stolje\u0107a poku\u0161ava njezino o\u017eivljavanje, ali je ideolo\u0161ki heterogen i prisvojen od strane krajnje desni\u010darskih skupina.<\/p><p>Popularna kultura (Tolkien, Marvelov Thor, videoigre) estetizirala je nordijsku <span class=\"iwg-fachbegriff\" data-tooltip=\"Sveukupnost predanih pri\u010da o bogovima neke kulture.\" tabindex=\"0\">mitologiju<\/span> i u\u010dinila je pristupa\u010dnom masovnoj kulturi. Mitovi danas slu\u017ee kao metafore za psiholo\u0161ke i egzistencijalne teme, a ne kao \u017eivi sustav vjerovanja.<\/p>\t\t\t\t\t\t\t\t<\/div>\n\t\t\t\t<\/div>\n\t\t\t\t\t<\/div>\n\t\t\t\t<\/div>\n\t\t<div class=\"elementor-element elementor-element-k-germanisch-s2 e-con-boxed e-flex e-con e-parent\" data-id=\"k-germanisch-s2\" data-element_type=\"container\" data-e-type=\"container\">\n\t\t\t\t\t<div class=\"e-con-inner\">\n\t\t\t\t<div class=\"elementor-element elementor-element-k-germanisch-h2 elementor-widget elementor-widget-heading\" data-id=\"k-germanisch-h2\" data-element_type=\"widget\" data-e-type=\"widget\" data-widget_type=\"heading.default\">\n\t\t\t\t\t<h2 class=\"elementor-heading-title elementor-size-default\">Bogovi (12)<\/h2>\t\t\t\t<\/div>\n\t\t<div class=\"elementor-element elementor-element-aj11-inner-0007 e-con-full e-flex e-con e-child\" data-id=\"aj11-inner-0007\" data-element_type=\"container\" data-e-type=\"container\">\n\t\t\t\t<div class=\"elementor-element elementor-element-k-germanisch-t2 elementor-widget elementor-widget-text-editor\" data-id=\"k-germanisch-t2\" data-element_type=\"widget\" data-e-type=\"widget\" data-widget_type=\"text-editor.default\">\n\t\t\t\t\t\t\t\t\t<div class=\"iwg-wesen-grid\"><a class=\"iwg-wesen-card\" href=\"https:\/\/iwell-guard.com\/hr\/freyja\/\" aria-label=\"Freyja\"><div class=\"iwg-wesen-card-imgwrap\"><img decoding=\"async\" src=\"https:\/\/iwell-guard.com\/wp-content\/uploads\/2026\/04\/goetter_germanisch_freyja-200x300.webp\" alt=\"Freyja\" loading=\"lazy\"><\/div><div class=\"iwg-wesen-card-body\"><div class=\"iwg-wesen-card-name\">Freyja<\/div><div class=\"iwg-wesen-card-arrow\">\u2192 Na bi\u0107e<\/div><\/div><\/a><a class=\"iwg-wesen-card\" href=\"https:\/\/iwell-guard.com\/hr\/frigg\/\" aria-label=\"Frigg\"><div class=\"iwg-wesen-card-imgwrap\"><img decoding=\"async\" src=\"https:\/\/iwell-guard.com\/wp-content\/uploads\/2026\/04\/goetter_germanisch_frigg-200x300.webp\" alt=\"Frigg\" loading=\"lazy\"><\/div><div class=\"iwg-wesen-card-body\"><div class=\"iwg-wesen-card-name\">Frigg<\/div><div class=\"iwg-wesen-card-arrow\">\u2192 Na bi\u0107e<\/div><\/div><\/a><a class=\"iwg-wesen-card\" href=\"https:\/\/iwell-guard.com\/hr\/hel\/\" aria-label=\"Hel\"><div class=\"iwg-wesen-card-imgwrap\"><img decoding=\"async\" src=\"https:\/\/iwell-guard.com\/wp-content\/uploads\/2026\/04\/goetter_germanisch_hel-200x300.webp\" alt=\"Hel\" loading=\"lazy\"><\/div><div class=\"iwg-wesen-card-body\"><div class=\"iwg-wesen-card-name\">Hel<\/div><div class=\"iwg-wesen-card-arrow\">\u2192 Na bi\u0107e<\/div><\/div><\/a><a class=\"iwg-wesen-card\" href=\"https:\/\/iwell-guard.com\/hr\/loki\/\" aria-label=\"Loki\"><div class=\"iwg-wesen-card-imgwrap\"><img decoding=\"async\" src=\"https:\/\/iwell-guard.com\/wp-content\/uploads\/2026\/04\/goetter_germanisch_loki-200x300.webp\" alt=\"Loki\" loading=\"lazy\"><\/div><div class=\"iwg-wesen-card-body\"><div class=\"iwg-wesen-card-name\">Loki<\/div><div class=\"iwg-wesen-card-arrow\">\u2192 Na bi\u0107e<\/div><\/div><\/a><a class=\"iwg-wesen-card\" href=\"https:\/\/iwell-guard.com\/hr\/odin\/\" aria-label=\"Odin\"><div class=\"iwg-wesen-card-imgwrap\"><img decoding=\"async\" src=\"https:\/\/iwell-guard.com\/wp-content\/uploads\/2026\/04\/goetter_germanisch_odin-200x300.webp\" alt=\"Odin\" loading=\"lazy\"><\/div><div class=\"iwg-wesen-card-body\"><div class=\"iwg-wesen-card-name\">Odin<\/div><div class=\"iwg-wesen-card-arrow\">\u2192 Na bi\u0107e<\/div><\/div><\/a><a class=\"iwg-wesen-card\" href=\"https:\/\/iwell-guard.com\/hr\/thor\/\" aria-label=\"Thor\"><div class=\"iwg-wesen-card-imgwrap\"><img decoding=\"async\" src=\"https:\/\/iwell-guard.com\/wp-content\/uploads\/2026\/04\/goetter_germanisch_thor-200x300.webp\" alt=\"Thor\" loading=\"lazy\"><\/div><div class=\"iwg-wesen-card-body\"><div class=\"iwg-wesen-card-name\">Thor<\/div><div class=\"iwg-wesen-card-arrow\">\u2192 Na bi\u0107e<\/div><\/div><\/a><a class=\"iwg-wesen-card\" href=\"https:\/\/iwell-guard.com\/hr\/tyr\/\" aria-label=\"Tyr\"><div class=\"iwg-wesen-card-imgwrap\"><img decoding=\"async\" src=\"https:\/\/iwell-guard.com\/wp-content\/uploads\/2026\/05\/goetter_germanisch_tyr-1-200x300.webp\" alt=\"Tyr\" loading=\"lazy\"><\/div><div class=\"iwg-wesen-card-body\"><div class=\"iwg-wesen-card-name\">Tyr<\/div><div class=\"iwg-wesen-card-arrow\">\u2192 Na bi\u0107e<\/div><\/div><\/a><a class=\"iwg-wesen-card\" href=\"https:\/\/iwell-guard.com\/hr\/heimdall\/\" aria-label=\"Heimdall\"><div class=\"iwg-wesen-card-imgwrap\"><img decoding=\"async\" src=\"https:\/\/iwell-guard.com\/wp-content\/uploads\/2026\/05\/goetter_germanisch_heimdall-200x300.webp\" alt=\"Heimdall\" loading=\"lazy\"><\/div><div class=\"iwg-wesen-card-body\"><div class=\"iwg-wesen-card-name\">Heimdall<\/div><div class=\"iwg-wesen-card-arrow\">\u2192 Na bi\u0107e<\/div><\/div><\/a><a class=\"iwg-wesen-card\" href=\"https:\/\/iwell-guard.com\/hr\/baldur\/\" aria-label=\"Baldur\"><div class=\"iwg-wesen-card-imgwrap\"><img decoding=\"async\" src=\"https:\/\/iwell-guard.com\/wp-content\/uploads\/2026\/05\/goetter_germanisch_baldur-200x300.webp\" alt=\"Baldur\" loading=\"lazy\"><\/div><div class=\"iwg-wesen-card-body\"><div class=\"iwg-wesen-card-name\">Baldur<\/div><div class=\"iwg-wesen-card-arrow\">\u2192 Na bi\u0107e<\/div><\/div><\/a><a class=\"iwg-wesen-card\" href=\"https:\/\/iwell-guard.com\/hr\/idun\/\" aria-label=\"Idun\"><div class=\"iwg-wesen-card-imgwrap\"><img decoding=\"async\" src=\"https:\/\/iwell-guard.com\/wp-content\/uploads\/2026\/05\/goetter_germanisch_idun-200x300.webp\" alt=\"Idun\" loading=\"lazy\"><\/div><div class=\"iwg-wesen-card-body\"><div class=\"iwg-wesen-card-name\">Idun<\/div><div class=\"iwg-wesen-card-arrow\">\u2192 Na bi\u0107e<\/div><\/div><\/a><a class=\"iwg-wesen-card\" href=\"https:\/\/iwell-guard.com\/hr\/njord\/\" aria-label=\"Njord\"><div class=\"iwg-wesen-card-imgwrap\"><img decoding=\"async\" src=\"https:\/\/iwell-guard.com\/wp-content\/uploads\/2026\/05\/goetter_germanisch_njord-200x300.webp\" alt=\"Njord\" loading=\"lazy\"><\/div><div class=\"iwg-wesen-card-body\"><div class=\"iwg-wesen-card-name\">Njord<\/div><div class=\"iwg-wesen-card-arrow\">\u2192 Na bi\u0107e<\/div><\/div><\/a><a class=\"iwg-wesen-card\" href=\"https:\/\/iwell-guard.com\/hr\/freyr\/\" aria-label=\"Freyr\"><div class=\"iwg-wesen-card-imgwrap\"><img decoding=\"async\" src=\"https:\/\/iwell-guard.com\/wp-content\/uploads\/2026\/05\/goetter_germanisch_freyr-200x300.webp\" alt=\"Freyr\" loading=\"lazy\"><\/div><div class=\"iwg-wesen-card-body\"><div class=\"iwg-wesen-card-name\">Freyr<\/div><div class=\"iwg-wesen-card-arrow\">\u2192 Na bi\u0107e<\/div><\/div><\/a><\/div>\t\t\t\t\t\t\t\t<\/div>\n\t\t\t\t<\/div>\n\t\t\t\t\t<\/div>\n\t\t\t\t<\/div>\n\t\t<div class=\"elementor-element elementor-element-k-germanisch-s3 e-con-boxed e-flex e-con e-parent\" data-id=\"k-germanisch-s3\" data-element_type=\"container\" data-e-type=\"container\">\n\t\t\t\t\t<div class=\"e-con-inner\">\n\t\t\t\t<div class=\"elementor-element elementor-element-k-germanisch-h3 elementor-widget elementor-widget-heading\" data-id=\"k-germanisch-h3\" data-element_type=\"widget\" data-e-type=\"widget\" data-widget_type=\"heading.default\">\n\t\t\t\t\t<h2 class=\"elementor-heading-title elementor-size-default\">Duhovi (6)<\/h2>\t\t\t\t<\/div>\n\t\t<div class=\"elementor-element elementor-element-aj11-inner-0008 e-con-full e-flex e-con e-child\" data-id=\"aj11-inner-0008\" data-element_type=\"container\" data-e-type=\"container\">\n\t\t\t\t<div class=\"elementor-element elementor-element-k-germanisch-t3 elementor-widget elementor-widget-text-editor\" data-id=\"k-germanisch-t3\" data-element_type=\"widget\" data-e-type=\"widget\" data-widget_type=\"text-editor.default\">\n\t\t\t\t\t\t\t\t\t<div class=\"iwg-wesen-grid\"><a class=\"iwg-wesen-card\" href=\"https:\/\/iwell-guard.com\/hr\/alp\/\" aria-label=\"Alp\"><div class=\"iwg-wesen-card-imgwrap\"><img decoding=\"async\" src=\"https:\/\/iwell-guard.com\/wp-content\/uploads\/2026\/04\/geister_germanisch_alp-200x300.webp\" alt=\"Alp\" loading=\"lazy\"><\/div><div class=\"iwg-wesen-card-body\"><div class=\"iwg-wesen-card-name\">Alp<\/div><div class=\"iwg-wesen-card-arrow\">\u2192 Na bi\u0107e<\/div><\/div><\/a><a class=\"iwg-wesen-card\" href=\"https:\/\/iwell-guard.com\/hr\/draugr\/\" aria-label=\"Draugr\"><div class=\"iwg-wesen-card-imgwrap\"><img decoding=\"async\" src=\"https:\/\/iwell-guard.com\/wp-content\/uploads\/2026\/04\/geister_germanisch_draugr-200x300.webp\" alt=\"Draugr\" loading=\"lazy\"><\/div><div class=\"iwg-wesen-card-body\"><div class=\"iwg-wesen-card-name\">Draugr<\/div><div class=\"iwg-wesen-card-arrow\">\u2192 Na bi\u0107e<\/div><\/div><\/a><a class=\"iwg-wesen-card\" href=\"https:\/\/iwell-guard.com\/hr\/mahr\/\" aria-label=\"Mahr\"><div class=\"iwg-wesen-card-imgwrap\"><img decoding=\"async\" src=\"https:\/\/iwell-guard.com\/wp-content\/uploads\/2026\/04\/geister_germanisch_mahr-200x300.webp\" alt=\"Mahr\" loading=\"lazy\"><\/div><div class=\"iwg-wesen-card-body\"><div class=\"iwg-wesen-card-name\">Mahr<\/div><div class=\"iwg-wesen-card-arrow\">\u2192 Na bi\u0107e<\/div><\/div><\/a><a class=\"iwg-wesen-card\" href=\"https:\/\/iwell-guard.com\/hr\/nix\/\" aria-label=\"Nix\"><div class=\"iwg-wesen-card-imgwrap\"><img decoding=\"async\" src=\"https:\/\/iwell-guard.com\/wp-content\/uploads\/2026\/04\/geister_germanisch_nix-200x300.webp\" alt=\"Nix\" loading=\"lazy\"><\/div><div class=\"iwg-wesen-card-body\"><div class=\"iwg-wesen-card-name\">Nix<\/div><div class=\"iwg-wesen-card-arrow\">\u2192 Na bi\u0107e<\/div><\/div><\/a><a class=\"iwg-wesen-card\" href=\"https:\/\/iwell-guard.com\/hr\/trol\/\" aria-label=\"Trol\"><div class=\"iwg-wesen-card-imgwrap\"><img decoding=\"async\" src=\"https:\/\/iwell-guard.com\/wp-content\/uploads\/2026\/04\/geister_germanisch_troll-200x300.webp\" alt=\"Trol\" loading=\"lazy\"><\/div><div class=\"iwg-wesen-card-body\"><div class=\"iwg-wesen-card-name\">Trol<\/div><div class=\"iwg-wesen-card-arrow\">\u2192 Na bi\u0107e<\/div><\/div><\/a><a class=\"iwg-wesen-card\" href=\"https:\/\/iwell-guard.com\/hr\/ragnarok-propast-svijeta-nordijska-mitologija\/\" aria-label=\"Ragnar\u00f6k \u2013 propast svijeta u nordijskoj mitologiji\"><div class=\"iwg-wesen-card-imgwrap\"><img decoding=\"async\" src=\"https:\/\/iwell-guard.com\/wp-content\/uploads\/2026\/05\/phaenomene_germanisch_ragnaroek-200x300.webp\" alt=\"Ragnar\u00f6k \u2013 propast svijeta u nordijskoj mitologiji\" loading=\"lazy\"><\/div><div class=\"iwg-wesen-card-body\"><div class=\"iwg-wesen-card-name\">Ragnar\u00f6k \u2013 propast svijeta u nordijskoj mitologiji<\/div><div class=\"iwg-wesen-card-arrow\">\u2192 Na bi\u0107e<\/div><\/div><\/a><\/div>\t\t\t\t\t\t\t\t<\/div>\n\t\t\t\t<\/div>\n\t\t\t\t\t<\/div>\n\t\t\t\t<\/div>\n\t\t<div class=\"elementor-element elementor-element-x-germanisch-s-faq e-con-boxed e-flex e-con e-parent\" data-id=\"x-germanisch-s-faq\" data-element_type=\"container\" data-e-type=\"container\">\n\t\t\t\t\t<div class=\"e-con-inner\">\n\t\t\t\t<div class=\"elementor-element elementor-element-x-germanisch-h-faq elementor-widget elementor-widget-heading\" data-id=\"x-germanisch-h-faq\" data-element_type=\"widget\" data-e-type=\"widget\" data-widget_type=\"heading.default\">\n\t\t\t\t\t<h2 class=\"elementor-heading-title elementor-size-default\">\u010cesto postavljana pitanja o nordijskim bogovima<\/h2>\t\t\t\t<\/div>\n\t\t<div class=\"elementor-element elementor-element-aj11-inner-0006 e-con-full e-flex e-con e-child\" data-id=\"aj11-inner-0006\" data-element_type=\"container\" data-e-type=\"container\">\n\t\t\t\t<div class=\"elementor-element elementor-element-x-germanisch-t-faq elementor-widget elementor-widget-text-editor\" data-id=\"x-germanisch-t-faq\" data-element_type=\"widget\" data-e-type=\"widget\" data-widget_type=\"text-editor.default\">\n\t\t\t\t\t\t\t\t\t<h3>Koliko ima nordijskih bogova?<\/h3>\n<p>Nordijski <span class=\"iwg-fachbegriff\" data-tooltip=\"Ukupnost bogova neke religije ili kulture.\" tabindex=\"0\">panteon<\/span> obuhva\u0107a dva bo\u017eanska plemena: \u00c6sire (Aesir) s oko 13 glavnih bogova (Odin, Thor, Tyr, Heimdall, Baldur, Bragi, Forseti, Hodur, Vidar, Vali, Ull i drugi) i Vane (Vanir) s Nj\u00f6r\u00f0om, Freyrom i Freyjom kao sredi\u0161njim likovima.<\/p><p>Tu su i asinje (Frigg, Idun, Sif, Skadi, Saga) te bezbrojna prirodna bi\u0107a, divovi, patuljci, vile i valkire. Edda ukupno navodi otprilike 50 do 60 imenovanih bogova i bo\u017eica.<\/p>\n<h3>Tko je vrhovni nordijski bog?<\/h3>\n<p>Odin (poznat i kao Wodan ili Woden) glavni je bog panteona \u00c6sira, bog mudrosti, poezije, <span class=\"iwg-fachbegriff\" data-tooltip=\"Prakse koje posebnim radnjama ili formulama \u017eele utjecati na tijek doga\u0111aja.\" tabindex=\"0\">magije<\/span>, rata i mrtvih. Dao je svoje oko za gutljaj iz Mimirova izvora i visio je devet dana na Svjetskom stablu Yggdrasilu kako bi stekao rune.<\/p><p>Thor je njegov sin i u narodnom vjerovanju, osobito me\u0111u seljacima i mornarima, popularniji je, no Odin zadr\u017eava kozmi\u010dko prvenstvo.<\/p>\n<h3>Po \u010demu se razlikuju \u00c6siri i Vani?<\/h3>\n<p>\u00c6siri i Vani dva su bo\u017eanska plemena. \u00c6siri (Odin, Thor, Tyr, Heimdall, Baldur) predstavljaju rat, pravo, kraljevstvo i sudbinu, dok Vani (Nj\u00f6r\u00f0, Freyr, Freyja) predstavljaju plodnost, mir i bogatstvo.<\/p><p>Nakon rata izme\u0111u \u00c6sira i Vana oba su plemena razmijenila taoce, pa su Nj\u00f6r\u00f0, Freyr i Freyja do\u0161li k \u00c6sirima. S religijskoznanstvenog gledi\u0161ta ta se podjela smatra odjekom stapanja dvaju predgermanskih religijskih slojeva.<\/p>\n<h3>\u0160to je Ragnar\u00f6k i kada nastupa?<\/h3>\n<p>Ragnar\u00f6k je sumrak bogova, kraj sada\u0161njeg svjetskog poretka. Predznaci su tri zime bez ljeta (Fimbulwinter), bratoubila\u010dki rat i propadanje moralnog poretka.<\/p><p>Tijekom Ragnar\u00f6ka Loki se osloba\u0111a svojih okova, vuk Fenrir pro\u017edire Odina, Thor ubija Midgardsku zmiju i umire od njezina otrova, Freyr pada u borbi protiv Surta, a Heimdall pu\u0161e u rog Gjallarhorn. Nakon katastrofe uzdi\u017ee se novi, pro\u010di\u0161\u0107eni svijet uz Baldurov povratak.<\/p>\n<h3>\u0160to je Yggdrasil?<\/h3>\n<p>Yggdrasil je Svjetsko stablo, vazdazelen jasen koji nosi svemir. Tri korijena se\u017eu do Asgarda (do bogova), do J\u00f6tunheima (do divova) i do Niflheima (do podzemnog svijeta Hel); uz njih le\u017ee tri izvora: Urd (sudbina), Mimir (mudrost) i Hvergelmir (praizvor).<\/p><p>Stablo povezuje devet svjetova. Vjeverica Ratat\u00f6skr tr\u010di izme\u0111u orla u kro\u0161nji i zmaja Nidh\u00f6gga kod korijena, prenose\u0107i uvrede izme\u0111u njih.<\/p>\n<h3>Koji je dan u tjednu <span class=\"iwg-fachbegriff\" data-tooltip=\"Posve\u0107en religijskim \u010dinom i time izdvojen iz svakodnevice.\" tabindex=\"0\">posve\u0107en<\/span> kojem nordijskom bogu?<\/h3>\n<p>Germanski nazivi dana u tjednu odra\u017eavaju <span class=\"iwg-fachbegriff\" data-tooltip=\"Ukupnost bogova neke religije ili kulture.\" tabindex=\"0\">panteon<\/span>: utorak (engleski Tuesday) pripada Tyru (Tiwaz, Tiu), srijeda (Wednesday) Odinu\/Wodanu, \u0161to je u engleskom izravno prepoznatljivo kao \u201eWoden&#8217;s day&#8221;.<\/p><p>\u010cetvrtak (Thursday) je Thorov dan; njema\u010dki naziv \u010duva Donara, stariji oblik Thora. Petak (Friday) pripada Freyji ili Frigg, o \u010demu se znanstvenici raspravljaju. Ovi nazivi dana zamijenili su na germanskom podru\u010dju rimski planetarni tjedan.<\/p>\n<script type=\"application\/ld+json\">{\"@context\": \"https:\/\/schema.org\", \"@type\": \"FAQPage\", \"mainEntity\": [{\"@type\": \"Question\", \"name\": \"Koliko ima nordijskih bogova?\", \"acceptedAnswer\": {\"@type\": \"Answer\", \"text\": \"Nordijski panteon obuhva\u0107a dva bo\u017eanska plemena: \u00c6sire (Aesir) s oko 13 glavnih bogova (Odin, Thor, Tyr, Heimdall, Baldur, Bragi, Forseti, Hodur, Vidar, Vali, Ull i drugi) i Vane (Vanir) s Nj\u00f6r\u00f0om, Freyrom i Freyjom kao sredi\u0161njim likovima. Tu su i asinje (Frigg, Idun, Sif, Skadi, Saga) te bezbrojna prirodna bi\u0107a, divovi, patuljci, vile i valkire. Edda ukupno navodi otprilike 50 do 60 imenovanih bogova i bo\u017eica.\"}}, {\"@type\": \"Question\", \"name\": \"Tko je vrhovni nordijski bog?\", \"acceptedAnswer\": {\"@type\": \"Answer\", \"text\": \"Odin (poznat i kao Wodan ili Woden) glavni je bog panteona \u00c6sira, bog mudrosti, poezije, magije, rata i mrtvih. Dao je svoje oko za gutljaj iz Mimirova izvora i visio je devet dana na Svjetskom stablu Yggdrasilu kako bi stekao rune. Thor je njegov sin i u narodnom vjerovanju, osobito me\u0111u seljacima i mornarima, popularniji je, no Odin zadr\u017eava kozmi\u010dko prvenstvo.\"}}, {\"@type\": \"Question\", \"name\": \"Po \u010demu se razlikuju \u00c6siri i Vani?\", \"acceptedAnswer\": {\"@type\": \"Answer\", \"text\": \"\u00c6siri i Vani dva su bo\u017eanska plemena. \u00c6siri (Odin, Thor, Tyr, Heimdall, Baldur) predstavljaju rat, pravo, kraljevstvo i sudbinu, dok Vani (Nj\u00f6r\u00f0, Freyr, Freyja) predstavljaju plodnost, mir i bogatstvo. Nakon rata izme\u0111u \u00c6sira i Vana oba su plemena razmijenila taoce, pa su Nj\u00f6r\u00f0, Freyr i Freyja do\u0161li k \u00c6sirima. Znanstveno se ta podjela smatra odjekom stapanja dvaju predgermanskih religijskih slojeva.\"}}, {\"@type\": \"Question\", \"name\": \"\u0160to je Ragnar\u00f6k i kada nastupa?\", \"acceptedAnswer\": {\"@type\": \"Answer\", \"text\": \"Ragnar\u00f6k je sumrak bogova, kraj sada\u0161njeg svjetskog poretka. Predznaci su tri zime bez ljeta (Fimbulwinter), bratoubila\u010dki rat i propadanje moralnog poretka. Tijekom Ragnar\u00f6ka Loki se osloba\u0111a svojih okova, vuk Fenrir pro\u017edire Odina, Thor ubija Midgardsku zmiju i umire od njezina otrova, Freyr pada u borbi protiv Surta, a Heimdall pu\u0161e u rog Gjallarhorn. Nakon katastrofe uzdi\u017ee se novi, pro\u010di\u0161\u0107eni svijet uz Baldurov povratak.\"}}, {\"@type\": \"Question\", \"name\": \"\u0160to je Yggdrasil?\", \"acceptedAnswer\": {\"@type\": \"Answer\", \"text\": \"Yggdrasil je Svjetsko stablo, vazdazelen jasen koji nosi svemir. Tri korijena se\u017eu do Asgarda (do bogova), do J\u00f6tunheima (do divova) i do Niflheima (do podzemnog svijeta Hel); uz njih le\u017ee tri izvora: Urd (sudbina), Mimir (mudrost) i Hvergelmir (praizvor). Stablo povezuje devet svjetova. Vjeverica Ratat\u00f6skr tr\u010di izme\u0111u orla u kro\u0161nji i zmaja Nidh\u00f6gga kod korijena, prenose\u0107i uvrede izme\u0111u njih.\"}}, {\"@type\": \"Question\", \"name\": \"Koji je dan u tjednu posve\u0107en kojem nordijskom bogu?\", \"acceptedAnswer\": {\"@type\": \"Answer\", \"text\": \"Germanski nazivi dana u tjednu odra\u017eavaju panteon: utorak (engleski Tuesday) pripada Tyru (Tiwaz, Tiu), srijeda (Wednesday) Odinu\/Wodanu, \u0161to je u engleskom izravno prepoznatljivo kao \u201eWoden's day\\\". \u010cetvrtak (Thursday) je Thorov dan; njema\u010dki naziv \u010duva Donara, stariji oblik Thora. Petak (Friday) pripada Freyji ili Frigg, o \u010demu se znanstvenici raspravljaju. Ovi nazivi dana zamijenili su na germanskom podru\u010dju rimski planetarni tjedan.\"}}]}<\/script>\t\t\t\t\t\t\t\t<\/div>\n\t\t\t\t<\/div>\n\t\t\t\t\t<\/div>\n\t\t\t\t<\/div>\n\t\t<div class=\"elementor-element elementor-element-9f85551 e-con-boxed e-flex e-con e-parent\" data-id=\"9f85551\" data-element_type=\"container\" data-e-type=\"container\">\n\t\t\t\t\t<div class=\"e-con-inner\">\n\t\t\t\t<div class=\"elementor-element elementor-element-72d1854 elementor-widget elementor-widget-heading\" data-id=\"72d1854\" data-element_type=\"widget\" data-e-type=\"widget\" data-widget_type=\"heading.default\">\n\t\t\t\t\t<h2 class=\"elementor-heading-title elementor-size-default\">Produbljivanje<\/h2>\t\t\t\t<\/div>\n\t\t\t\t<div class=\"elementor-element elementor-element-1421b68 elementor-widget elementor-widget-heading\" data-id=\"1421b68\" data-element_type=\"widget\" data-e-type=\"widget\" data-widget_type=\"heading.default\">\n\t\t\t\t\t<h3 class=\"elementor-heading-title elementor-size-default\">Problematika izvora<\/h3>\t\t\t\t<\/div>\n\t\t<div class=\"elementor-element elementor-element-aj11-inner-0009 e-con-full e-flex e-con e-child\" data-id=\"aj11-inner-0009\" data-element_type=\"container\" data-e-type=\"container\">\n\t\t\t\t<div class=\"elementor-element elementor-element-1faa1dd elementor-widget elementor-widget-text-editor\" data-id=\"1faa1dd\" data-element_type=\"widget\" data-e-type=\"widget\" data-widget_type=\"text-editor.default\">\n\t\t\t\t\t\t\t\t\t<p>Germanska religija je znatno lo\u0161ije zabilje\u017eena od gr\u010dke ili mezopotamske. Najva\u017eniji izvori, Snorri Sturlusonova Proza Edda i anonimna Pjesni\u010dka Edda, zapisani su u 13. stolje\u0107u na Islandu, dakle stolje\u0107ima nakon kristijanizacije.<\/p><p>Tome se pridru\u017euju Tacitova Germanija, islandske sage i arheolo\u0161ki nalazi. Kontinentalna germanska tradicija poznata je gotovo isklju\u010divo iz druge ruke.<\/p>\t\t\t\t\t\t\t\t<\/div>\n\t\t\t\t<\/div>\n\t\t\t\t<div class=\"elementor-element elementor-element-4f78a30 elementor-widget elementor-widget-heading\" data-id=\"4f78a30\" data-element_type=\"widget\" data-e-type=\"widget\" data-widget_type=\"heading.default\">\n\t\t\t\t\t<h3 class=\"elementor-heading-title elementor-size-default\">Asi, Vani i divovi<\/h3>\t\t\t\t<\/div>\n\t\t<div class=\"elementor-element elementor-element-bw-90dac6c-19472f9 e-flex e-con-boxed e-con e-parent\" data-id=\"bw-90dac6c-19472f9\" data-element_type=\"container\" data-e-type=\"container\" data-settings=\"{&quot;background_background&quot;:&quot;classic&quot;}\">\n\t\t\t\t\t<div class=\"e-con-inner\">\n\t\t\t\t<div class=\"elementor-element elementor-element-90dac6c elementor-widget elementor-widget-text-editor\" data-id=\"90dac6c\" data-element_type=\"widget\" data-e-type=\"widget\" data-widget_type=\"text-editor.default\">\n\t\t\t\t\t\t\t\t\t<p>Germanski <span class=\"iwg-fachbegriff\" data-tooltip=\"Ukupnost bogova neke religije ili kulture.\" tabindex=\"0\">panteon<\/span> poznaje dva roda bogova: Ase (Odin, Thor, Tyr, Frigg, Loki) i starije, s plodno\u0161\u0107u povezane Vane (Nj\u00f6rd, Freyr, Freyja).<\/p><p>Oba su roda vodila rat koji je zavr\u0161io razmjenom zalogaja, mitologem koji odra\u017eava povijesno spajanje dvaju kultnih slojeva. Uz njih stoje divovi (J\u00f6tunn) kao kozmi\u010dke prasile.<\/p>\t\t\t\t\t\t\t\t<\/div>\n\t\t\t\t\t<\/div>\n\t\t\t\t<\/div>\n\t\t\t\t<div class=\"elementor-element elementor-element-7034308 elementor-widget elementor-widget-heading\" data-id=\"7034308\" data-element_type=\"widget\" data-e-type=\"widget\" data-widget_type=\"heading.default\">\n\t\t\t\t\t<h3 class=\"elementor-heading-title elementor-size-default\">Ragnar\u00f6k i cikli\u010dno vrijeme<\/h3>\t\t\t\t<\/div>\n\t\t<div class=\"elementor-element elementor-element-bw-4c66308-86a31f7 e-flex e-con-boxed e-con e-parent\" data-id=\"bw-4c66308-86a31f7\" data-element_type=\"container\" data-e-type=\"container\" data-settings=\"{&quot;background_background&quot;:&quot;classic&quot;}\">\n\t\t\t\t\t<div class=\"e-con-inner\">\n\t\t\t\t<div class=\"elementor-element elementor-element-4c66308 elementor-widget elementor-widget-text-editor\" data-id=\"4c66308\" data-element_type=\"widget\" data-e-type=\"widget\" data-widget_type=\"text-editor.default\">\n\t\t\t\t\t\t\t\t\t<p>Za razliku od ve\u0107ine anti\u010dkih mitologija, germanska tradicija poznaje jasnu krajnju to\u010dku: Ragnar\u00f6k, sudbinu bogova. V\u00f6lusp\u00e1 detaljno opisuje zavr\u0161nu bitku, Thor umire u borbi protiv Midgardske zmije, a Odin u \u010deljustima vuka Fenrira.<\/p><p>Ipak, nakon toga iz mora se uzdi\u017ee nova zemlja, a neki se bogovi vra\u0107aju.<\/p>\t\t\t\t\t\t\t\t<\/div>\n\t\t\t\t\t<\/div>\n\t\t\t\t<\/div>\n\t\t\t\t<div class=\"elementor-element elementor-element-5a0ae0b elementor-widget elementor-widget-heading\" data-id=\"5a0ae0b\" data-element_type=\"widget\" data-e-type=\"widget\" data-widget_type=\"heading.default\">\n\t\t\t\t\t<h3 class=\"elementor-heading-title elementor-size-default\">Magijska praksa i rune<\/h3>\t\t\t\t<\/div>\n\t\t<div class=\"elementor-element elementor-element-bw-874aa76-27ff3bf e-flex e-con-boxed e-con e-parent\" data-id=\"bw-874aa76-27ff3bf\" data-element_type=\"container\" data-e-type=\"container\" data-settings=\"{&quot;background_background&quot;:&quot;classic&quot;}\">\n\t\t\t\t\t<div class=\"e-con-inner\">\n\t\t\t\t<div class=\"elementor-element elementor-element-874aa76 elementor-widget elementor-widget-text-editor\" data-id=\"874aa76\" data-element_type=\"widget\" data-e-type=\"widget\" data-widget_type=\"text-editor.default\">\n\t\t\t\t\t\t\t\t\t<p>Rune, starije <span class=\"iwg-fachbegriff\" data-tooltip=\"Redoslijed germanskog runskog alfabeta nazvan prema svojim prvim znakovima.\" tabindex=\"0\">futhark<\/span>, mla\u0111e i anglosaksonsko pismo, bile su vi\u0161e od pisma. Natpisi na oru\u017eju, amuletima i nadgrobnim kamenovima svjedo\u010de o njihovoj ritualnoj upotrebi, a Odinovo samo\u017ertvovanje na svjetskom stablu Yggdrasilu smatra se mitolo\u0161kim temeljem runske magije.<\/p><p>Izvori tako\u0111er poznaju galdr (pjevano \u010daranje) i sei\u00f0r, \u0161amansku praksu transa.<\/p><h3>Stanje istra\u017eivanja<\/h3><p>Germansku religiju metodolo\u0161ki je te\u0161ko istra\u017eivati, jer je velik dio izvora, Snorra Edda i Gylfaginning, ure\u0111en tek u 13. stolje\u0107u na ve\u0107 kristijaniziranom Islandu.<\/p><p>Standardna djela su Hilda Ellis Davidson (<em>Gods and Myths of Northern Europe<\/em>, 1964), Rudolf Simek (<em>Lexikon der germanischen <span class=\"iwg-fachbegriff\" data-tooltip=\"Ukupnost predanih pripovijesti o bogovima neke kulture.\" tabindex=\"0\">Mythologie<\/span><\/em>, 1995) i Anders Hultg\u00e5rd s vi\u0161e radova o povijesti indoeuropske religije.<\/p>\t\t\t\t\t\t\t\t<\/div>\n\t\t\t\t\t<\/div>\n\t\t\t\t<\/div>\n\t\t\t\t\t<\/div>\n\t\t\t\t<\/div>\n\t\t<div class=\"elementor-element elementor-element-iwgcc-germanis-sec e-flex e-con-boxed e-con e-parent\" data-id=\"iwgcc-germanis-sec\" data-element_type=\"container\" data-e-type=\"container\" id=\"iwg-cc-germanisch\">\n\t\t\t\t\t<div class=\"e-con-inner\">\n\t\t<div class=\"elementor-element elementor-element-iwgcc-germanis-inner e-flex e-con-boxed e-con e-parent\" data-id=\"iwgcc-germanis-inner\" data-element_type=\"container\" data-e-type=\"container\" data-settings=\"{&quot;background_background&quot;:&quot;classic&quot;}\">\n\t\t\t\t\t<div class=\"e-con-inner\">\n\t\t\t\t<div class=\"elementor-element elementor-element-iwgcc-germanis-h elementor-widget elementor-widget-heading\" data-id=\"iwgcc-germanis-h\" data-element_type=\"widget\" data-e-type=\"widget\" data-widget_type=\"heading.default\">\n\t\t\t\t\t<h2 class=\"elementor-heading-title elementor-size-default\">Za\u0161titni predmeti u ovoj kulturnoj tradiciji<\/h2>\t\t\t\t<\/div>\n\t\t\t\t<div class=\"elementor-element elementor-element-iwgcc-germanis-t elementor-widget elementor-widget-text-editor\" data-id=\"iwgcc-germanis-t\" data-element_type=\"widget\" data-e-type=\"widget\" data-widget_type=\"text-editor.default\">\n\t\t\t\t\t\t\t\t\t<div data-nosnippet=\"true\"><p>U germansko-nordijskoj tradiciji privjesci Thorovog \u010deki\u0107a (Mj\u00f6lnir) i runski kamenovi bili su najuobi\u010dajeniji nosivi za\u0161titni znakovi.<\/p><div data-nosnippet=\"true\"><p>iWell Guard nastavlja tu kulturnopovijesnu liniju nosivih za\u0161titnih predmeta, u suvremenoj materijalnoj arhitekturi, izra\u0111en u Njema\u010dkoj. 41 razina, pravo zlato, platina, srebro. Pravo na povrat u roku od 30 dana.<\/p><\/div><\/div>\t\t\t\t\t\t\t\t<\/div>\n\t\t\t\t<div class=\"elementor-element elementor-element-iwgcc-germanis-b iwg-cc-button iwg-cc-cta-2026-05-13 elementor-widget elementor-widget-jet-button\" data-id=\"iwgcc-germanis-b\" data-element_type=\"widget\" data-e-type=\"widget\" data-widget_type=\"jet-button.default\">\n\t\t\t\t<div class=\"elementor-widget-container\">\n\t\t\t\t\t<div class=\"elementor-jet-button jet-elements\"><div class=\"jet-button__container\"><a class=\"jet-button__instance jet-button__instance--icon-left hover-effect-1\" href=\"\/ueber-iwell-guard\/?utm_source=iwell-guard.com&amp;utm_medium=info-box&amp;utm_campaign=kultur-tradition\"><div class=\"jet-button__plane jet-button__plane-normal\"><\/div><div class=\"jet-button__plane jet-button__plane-hover\"><\/div><div class=\"jet-button__state jet-button__state-normal\"><span class=\"jet-button__label\">Vi\u0161e o iWell Guardu<\/span><\/div><div class=\"jet-button__state jet-button__state-hover\"><span class=\"jet-button__label\">Vi\u0161e o iWell Guardu<\/span><\/div><\/a><\/div><\/div><style>.elementor-element.elementor-element-iwgcc-germanis-b .jet-button__instance{width:320px;height:56px;}.elementor-element.elementor-element-iwgcc-germanis-b .jet-button__state-normal .jet-button__label{text-align:center;margin:0px 0px 0px 0px;color:#1a1b20;font-family:Montserrat,sans-serif;font-size:13px;font-weight:400;letter-spacing:4px;line-height:1.714em;text-transform:uppercase;}.elementor-element.elementor-element-iwgcc-germanis-b .jet-button__state-hover .jet-button__label{text-align:center;margin:0px 0px 0px 0px;color:#FECC76;font-family:Montserrat,sans-serif;font-size:13px;font-weight:400;letter-spacing:4px;line-height:1.714em;text-transform:uppercase;}.elementor-element.elementor-element-iwgcc-germanis-b .jet-button__plane-normal{background-color:#FECC76;border-style:solid;border-color:#C99540;border-width:2px 2px 2px 2px;}.elementor-element.elementor-element-iwgcc-germanis-b .jet-button__plane-hover{background-color:rgba(0,0,0,0.55);border-style:solid;border-color:#FECC76;border-width:2px 2px 2px 2px;}<\/style>\t\t\t\t<\/div>\n\t\t\t\t<\/div>\n\t\t\t\t<div class=\"elementor-element elementor-element-iwgcc-germanis-d elementor-widget elementor-widget-text-editor\" data-id=\"iwgcc-germanis-d\" data-element_type=\"widget\" data-e-type=\"widget\" data-widget_type=\"text-editor.default\">\n\t\t\t\t\t\t\t\t\t<div data-nosnippet=\"true\"><p style=\"text-align:center;font-size:13px;opacity:0.7;margin-top:14px\" data-nosnippet=\"true\">Osobna iskustva mogu se razlikovati. Nije medicinski proizvod. Nema obe\u0107anja izlje\u010denja.<\/p><\/div>\t\t\t\t\t\t\t\t<\/div>\n\t\t\t\t\t<\/div>\n\t\t\t\t<\/div>\n\t\t\t\t\t<\/div>\n\t\t\t\t<\/div>\n\t\t<div class=\"elementor-element elementor-element-iwgssrev-germanisch e-flex e-con-boxed e-con e-parent\" data-id=\"iwgssrev-germanisch\" data-element_type=\"container\" data-e-type=\"container\">\n\t\t\t\t\t<div class=\"e-con-inner\">\n\t\t\t\t<div class=\"elementor-element elementor-element-iwgssrev-germanisch-h elementor-widget elementor-widget-heading\" data-id=\"iwgssrev-germanisch-h\" data-element_type=\"widget\" data-e-type=\"widget\" data-widget_type=\"heading.default\">\n\t\t\t\t\t<h2 class=\"elementor-heading-title elementor-size-default\">Za\u0161titni simboli iz germanskog svijeta<\/h2>\t\t\t\t<\/div>\n\t\t\t\t<div class=\"elementor-element elementor-element-iwgssrev-germanisch-t elementor-widget elementor-widget-text-editor\" data-id=\"iwgssrev-germanisch-t\" data-element_type=\"widget\" data-e-type=\"widget\" data-widget_type=\"text-editor.default\">\n\t\t\t\t\t\t\t\t\t<p>Leksikon za\u0161titnih simbola na posebnim stranicama obra\u0111uje vi\u0161e znakova i predmeta iz germanskog svijeta: <a href=\"https:\/\/iwell-guard.com\/hr\/?page_id=149907\">Brakteat<\/a>, <a href=\"https:\/\/iwell-guard.com\/hr\/?page_id=149905\">za\u0161titne rune<\/a>, <a href=\"https:\/\/iwell-guard.com\/hr\/?page_id=149860\">Thorov \u010deki\u0107<\/a>, <a href=\"https:\/\/iwell-guard.com\/hr\/?page_id=149909\">Trollkriz<\/a>, <a href=\"https:\/\/iwell-guard.com\/hr\/?page_id=149874\">Valknut<\/a>, <a href=\"https:\/\/iwell-guard.com\/hr\/?page_id=149875\">Vegv\u00edsir<\/a> i <a href=\"https:\/\/iwell-guard.com\/hr\/?page_id=149906\">\u00c6gishj\u00e1lmur<\/a>. Sveobuhvatan pregled kroz kulture nudi stranica o <a href=\"https:\/\/iwell-guard.com\/hr\/?page_id=149638\">za\u0161titnim simbolima<\/a>.<\/p>\t\t\t\t\t\t\t\t<\/div>\n\t\t\t\t\t<\/div>\n\t\t\t\t<\/div>\n\t\t\t\t<\/div>\n\t\t","protected":false},"excerpt":{"rendered":"","protected":false},"author":3,"featured_media":1723,"parent":0,"menu_order":0,"comment_status":"closed","ping_status":"closed","template":"elementor_header_footer","meta":{"_yoast_wpseo_focuskw":"nordijski bogovi","_yoast_wpseo_title":"Nordijski bogovi \u2013 Asi, Vani, Edda | iWell Guard","_yoast_wpseo_metadesc":"Nordijski bogovi i germanska mitologija: Odin, Thor, Freyja, Loki, Hel. Tradicija Edde, Yggdrasil, Ragnar\u00f6k. Panteon Asa i Vana.","_yoast_wpseo_meta-robots-noindex":"","_yoast_wpseo_canonical":"","_angie_page":false,"gefaehrdungsstufe":"","wesen_kultur":"","wesen_klasse":"","footnotes":""},"categories":[],"class_list":["post-149349","page","type-page","status-publish","has-post-thumbnail","hentry"],"yoast_head":"<!-- This site is optimized with the Yoast SEO Premium plugin v27.7 (Yoast SEO v28.3) - https:\/\/yoast.com\/product\/yoast-seo-premium-wordpress\/ -->\n<title>Nordijski bogovi \u2013 Asi, Vani, Edda | iWell Guard<\/title>\n<meta name=\"description\" content=\"Nordijski bogovi i germanska mitologija: Odin, Thor, Freyja, Loki, Hel. Tradicija Edde, Yggdrasil, Ragnar\u00f6k. Panteon Asa i Vana.\" \/>\n<meta name=\"robots\" content=\"index, follow, max-snippet:-1, max-image-preview:large, max-video-preview:-1\" \/>\n<link rel=\"canonical\" href=\"https:\/\/iwell-guard.com\/hr\/germanska-tradicija\/\" \/>\n<meta property=\"og:locale\" content=\"hr_HR\" \/>\n<meta property=\"og:type\" content=\"article\" \/>\n<meta property=\"og:title\" content=\"Germansko\" \/>\n<meta property=\"og:description\" content=\"Nordijski bogovi i germanska mitologija: Odin, Thor, Freyja, Loki, Hel. Tradicija Edde, Yggdrasil, Ragnar\u00f6k. Panteon Asa i Vana.\" \/>\n<meta property=\"og:url\" content=\"https:\/\/iwell-guard.com\/hr\/germanska-tradicija\/\" \/>\n<meta property=\"og:site_name\" content=\"iWell Guard\" \/>\n<meta property=\"article:modified_time\" content=\"2026-09-04T05:21:31+00:00\" \/>\n<meta property=\"og:image\" content=\"https:\/\/iwell-guard.com\/wp-content\/uploads\/2026\/04\/goetter_germanisch_odin.webp\" \/>\n\t<meta property=\"og:image:width\" content=\"1024\" \/>\n\t<meta property=\"og:image:height\" content=\"1536\" \/>\n\t<meta property=\"og:image:type\" content=\"image\/webp\" \/>\n<meta name=\"twitter:card\" content=\"summary_large_image\" \/>\n<script type=\"application\/ld+json\" class=\"yoast-schema-graph\">{\"@context\":\"https:\\\/\\\/schema.org\",\"@graph\":[{\"@type\":\"WebPage\",\"@id\":\"https:\\\/\\\/iwell-guard.com\\\/hr\\\/germanska-tradicija\\\/\",\"url\":\"https:\\\/\\\/iwell-guard.com\\\/hr\\\/germanska-tradicija\\\/\",\"name\":\"Nordijski bogovi \u2013 Asi, Vani, Edda | iWell Guard\",\"isPartOf\":{\"@id\":\"https:\\\/\\\/iwell-guard.com\\\/hr\\\/#website\"},\"primaryImageOfPage\":{\"@id\":\"https:\\\/\\\/iwell-guard.com\\\/hr\\\/germanska-tradicija\\\/#primaryimage\"},\"image\":{\"@id\":\"https:\\\/\\\/iwell-guard.com\\\/hr\\\/germanska-tradicija\\\/#primaryimage\"},\"thumbnailUrl\":\"https:\\\/\\\/iwell-guard.com\\\/wp-content\\\/uploads\\\/2026\\\/04\\\/goetter_germanisch_odin.webp\",\"datePublished\":\"2026-09-04T05:09:37+00:00\",\"dateModified\":\"2026-09-04T05:21:31+00:00\",\"description\":\"Nordijski bogovi i germanska mitologija: Odin, Thor, Freyja, Loki, Hel. Tradicija Edde, Yggdrasil, Ragnar\u00f6k. Panteon Asa i Vana.\",\"breadcrumb\":{\"@id\":\"https:\\\/\\\/iwell-guard.com\\\/hr\\\/germanska-tradicija\\\/#breadcrumb\"},\"inLanguage\":\"hr\",\"potentialAction\":[{\"@type\":\"ReadAction\",\"target\":[\"https:\\\/\\\/iwell-guard.com\\\/hr\\\/germanska-tradicija\\\/\"]}]},{\"@type\":\"ImageObject\",\"inLanguage\":\"hr\",\"@id\":\"https:\\\/\\\/iwell-guard.com\\\/hr\\\/germanska-tradicija\\\/#primaryimage\",\"url\":\"https:\\\/\\\/iwell-guard.com\\\/wp-content\\\/uploads\\\/2026\\\/04\\\/goetter_germanisch_odin.webp\",\"contentUrl\":\"https:\\\/\\\/iwell-guard.com\\\/wp-content\\\/uploads\\\/2026\\\/04\\\/goetter_germanisch_odin.webp\",\"width\":1024,\"height\":1536,\"caption\":\"Bogovi iz germanske tradicije.\"},{\"@type\":\"BreadcrumbList\",\"@id\":\"https:\\\/\\\/iwell-guard.com\\\/hr\\\/germanska-tradicija\\\/#breadcrumb\",\"itemListElement\":[{\"@type\":\"ListItem\",\"position\":1,\"name\":\"Start\",\"item\":\"https:\\\/\\\/iwell-guard.com\\\/hr\\\/?page_id=149317\"},{\"@type\":\"ListItem\",\"position\":2,\"name\":\"Germansko\"}]},{\"@type\":\"WebSite\",\"@id\":\"https:\\\/\\\/iwell-guard.com\\\/hr\\\/#website\",\"url\":\"https:\\\/\\\/iwell-guard.com\\\/hr\\\/\",\"name\":\"iWell Guard\",\"description\":\"Schutz vor dunklen Einfl\u00fcssen\",\"publisher\":{\"@id\":\"https:\\\/\\\/iwell-guard.com\\\/hr\\\/#organization\"},\"potentialAction\":[{\"@type\":\"SearchAction\",\"target\":{\"@type\":\"EntryPoint\",\"urlTemplate\":\"https:\\\/\\\/iwell-guard.com\\\/hr\\\/?s={search_term_string}\"},\"query-input\":{\"@type\":\"PropertyValueSpecification\",\"valueRequired\":true,\"valueName\":\"search_term_string\"}}],\"inLanguage\":\"hr\"},{\"@type\":\"Organization\",\"@id\":\"https:\\\/\\\/iwell-guard.com\\\/hr\\\/#organization\",\"name\":\"Ittermann electronic GmbH\",\"url\":\"https:\\\/\\\/iwell-guard.com\\\/hr\\\/\",\"logo\":{\"@type\":\"ImageObject\",\"inLanguage\":\"hr\",\"@id\":\"https:\\\/\\\/iwell-guard.com\\\/hr\\\/#\\\/schema\\\/logo\\\/image\\\/\",\"url\":\"https:\\\/\\\/iwell-guard.com\\\/wp-content\\\/uploads\\\/2026\\\/05\\\/Ittermann-Logo-1182x237-1.png\",\"contentUrl\":\"https:\\\/\\\/iwell-guard.com\\\/wp-content\\\/uploads\\\/2026\\\/05\\\/Ittermann-Logo-1182x237-1.png\",\"width\":1182,\"height\":237,\"caption\":\"Ittermann electronic GmbH\"},\"image\":{\"@id\":\"https:\\\/\\\/iwell-guard.com\\\/hr\\\/#\\\/schema\\\/logo\\\/image\\\/\"},\"sameAs\":[\"https:\\\/\\\/pantip.com\\\/profile\\\/9367242\",\"https:\\\/\\\/micro.blog\\\/iwellguard\",\"https:\\\/\\\/www.diggerslist.com\\\/iwellguard\\\/about\",\"https:\\\/\\\/skitterphoto.com\\\/photographers\\\/2870314\\\/iwell-guard\",\"https:\\\/\\\/iwellguard.wordpress.com\\\/2026\\\/06\\\/06\\\/iwell-guard\\\/\",\"https:\\\/\\\/hub.docker.com\\\/u\\\/iwellguard\",\"https:\\\/\\\/www.pinterest.com\\\/iwellguard\\\/\",\"https:\\\/\\\/bit.ly\\\/m\\\/iwellguard\",\"https:\\\/\\\/entre-vos-mains.alsace.eu\\\/profiles\\\/iwellguard\\\/activity\",\"https:\\\/\\\/gravatar.com\\\/reallybeded8fd34\",\"https:\\\/\\\/naijamatta.com\\\/iwellguard\",\"https:\\\/\\\/www.goodreads.com\\\/iwellguard\",\"https:\\\/\\\/profile.hatena.ne.jp\\\/iwellguard\\\/\",\"https:\\\/\\\/experiment.com\\\/users\\\/iwellguard\",\"https:\\\/\\\/wakelet.com\\\/@iWellGuard82270\",\"https:\\\/\\\/www.chordie.com\\\/forum\\\/profile.php?id=2555664\",\"https:\\\/\\\/www.instapaper.com\\\/p\\\/17757966\",\"https:\\\/\\\/www.mapleprimes.com\\\/users\\\/iwellguard\",\"https:\\\/\\\/businesslistingplus.com\\\/profile\\\/iwell-guard\\\/\",\"https:\\\/\\\/telegra.ph\\\/iWell-Guard-06-06\",\"https:\\\/\\\/pbase.com\\\/iwellguard\\\/iwellguard\",\"https:\\\/\\\/b.hatena.ne.jp\\\/iwellguard\\\/20260607#bookmark-4788405196491818882\",\"https:\\\/\\\/fliphtml5.com\\\/home\\\/iwellguard\",\"https:\\\/\\\/anyflip.com\\\/homepage\\\/cmiwl#About\",\"https:\\\/\\\/transfur.com\\\/Users\\\/iwellguard\",\"http:\\\/\\\/delphi.larsbo.org\\\/user\\\/iwellguard\",\"https:\\\/\\\/jobs.lajobsportal.org\\\/profiles\\\/8380803-iwell-guard\",\"https:\\\/\\\/md.chaosdorf.de\\\/s\\\/jfbe5SBdJD\",\"https:\\\/\\\/www.lingvolive.com\\\/en-us\\\/profile\\\/9ecaeaca-ce11-4e51-9e71-01d55e2bff36\\\/translations\",\"https:\\\/\\\/www.fitday.com\\\/fitness\\\/forums\\\/members\\\/iwellguard.html\",\"https:\\\/\\\/www.mymeetbook.com\\\/iwellguard\",\"https:\\\/\\\/pxhere.com\\\/en\\\/photographer-me\\\/5040798\",\"https:\\\/\\\/disqus.com\\\/by\\\/iwellguard\\\/about\\\/\",\"https:\\\/\\\/pastelink.net\\\/hjwciqwq\",\"https:\\\/\\\/pubhtml5.com\\\/homepage\\\/scjhn\\\/\",\"https:\\\/\\\/www.bitchute.com\\\/channel\\\/2O2eOKzNqujT\",\"https:\\\/\\\/audiomack.com\\\/iwellguard\"]}]}<\/script>\n<!-- \/ Yoast SEO Premium plugin. -->","yoast_head_json":{"title":"Nordijski bogovi \u2013 Asi, Vani, Edda | iWell Guard","description":"Nordijski bogovi i germanska mitologija: Odin, Thor, Freyja, Loki, Hel. Tradicija Edde, Yggdrasil, Ragnar\u00f6k. Panteon Asa i Vana.","robots":{"index":"index","follow":"follow","max-snippet":"max-snippet:-1","max-image-preview":"max-image-preview:large","max-video-preview":"max-video-preview:-1"},"canonical":"https:\/\/iwell-guard.com\/hr\/germanska-tradicija\/","og_locale":"hr_HR","og_type":"article","og_title":"Germansko","og_description":"Nordijski bogovi i germanska mitologija: Odin, Thor, Freyja, Loki, Hel. Tradicija Edde, Yggdrasil, Ragnar\u00f6k. Panteon Asa i Vana.","og_url":"https:\/\/iwell-guard.com\/hr\/germanska-tradicija\/","og_site_name":"iWell Guard","article_modified_time":"2026-09-04T05:21:31+00:00","og_image":[{"width":1024,"height":1536,"url":"https:\/\/iwell-guard.com\/wp-content\/uploads\/2026\/04\/goetter_germanisch_odin.webp","type":"image\/webp"}],"twitter_card":"summary_large_image","schema":{"@context":"https:\/\/schema.org","@graph":[{"@type":"WebPage","@id":"https:\/\/iwell-guard.com\/hr\/germanska-tradicija\/","url":"https:\/\/iwell-guard.com\/hr\/germanska-tradicija\/","name":"Nordijski bogovi \u2013 Asi, Vani, Edda | iWell Guard","isPartOf":{"@id":"https:\/\/iwell-guard.com\/hr\/#website"},"primaryImageOfPage":{"@id":"https:\/\/iwell-guard.com\/hr\/germanska-tradicija\/#primaryimage"},"image":{"@id":"https:\/\/iwell-guard.com\/hr\/germanska-tradicija\/#primaryimage"},"thumbnailUrl":"https:\/\/iwell-guard.com\/wp-content\/uploads\/2026\/04\/goetter_germanisch_odin.webp","datePublished":"2026-09-04T05:09:37+00:00","dateModified":"2026-09-04T05:21:31+00:00","description":"Nordijski bogovi i germanska mitologija: Odin, Thor, Freyja, Loki, Hel. Tradicija Edde, Yggdrasil, Ragnar\u00f6k. Panteon Asa i Vana.","breadcrumb":{"@id":"https:\/\/iwell-guard.com\/hr\/germanska-tradicija\/#breadcrumb"},"inLanguage":"hr","potentialAction":[{"@type":"ReadAction","target":["https:\/\/iwell-guard.com\/hr\/germanska-tradicija\/"]}]},{"@type":"ImageObject","inLanguage":"hr","@id":"https:\/\/iwell-guard.com\/hr\/germanska-tradicija\/#primaryimage","url":"https:\/\/iwell-guard.com\/wp-content\/uploads\/2026\/04\/goetter_germanisch_odin.webp","contentUrl":"https:\/\/iwell-guard.com\/wp-content\/uploads\/2026\/04\/goetter_germanisch_odin.webp","width":1024,"height":1536,"caption":"Bogovi iz germanske tradicije."},{"@type":"BreadcrumbList","@id":"https:\/\/iwell-guard.com\/hr\/germanska-tradicija\/#breadcrumb","itemListElement":[{"@type":"ListItem","position":1,"name":"Start","item":"https:\/\/iwell-guard.com\/hr\/?page_id=149317"},{"@type":"ListItem","position":2,"name":"Germansko"}]},{"@type":"WebSite","@id":"https:\/\/iwell-guard.com\/hr\/#website","url":"https:\/\/iwell-guard.com\/hr\/","name":"iWell Guard","description":"Schutz vor dunklen Einfl\u00fcssen","publisher":{"@id":"https:\/\/iwell-guard.com\/hr\/#organization"},"potentialAction":[{"@type":"SearchAction","target":{"@type":"EntryPoint","urlTemplate":"https:\/\/iwell-guard.com\/hr\/?s={search_term_string}"},"query-input":{"@type":"PropertyValueSpecification","valueRequired":true,"valueName":"search_term_string"}}],"inLanguage":"hr"},{"@type":"Organization","@id":"https:\/\/iwell-guard.com\/hr\/#organization","name":"Ittermann electronic GmbH","url":"https:\/\/iwell-guard.com\/hr\/","logo":{"@type":"ImageObject","inLanguage":"hr","@id":"https:\/\/iwell-guard.com\/hr\/#\/schema\/logo\/image\/","url":"https:\/\/iwell-guard.com\/wp-content\/uploads\/2026\/05\/Ittermann-Logo-1182x237-1.png","contentUrl":"https:\/\/iwell-guard.com\/wp-content\/uploads\/2026\/05\/Ittermann-Logo-1182x237-1.png","width":1182,"height":237,"caption":"Ittermann electronic GmbH"},"image":{"@id":"https:\/\/iwell-guard.com\/hr\/#\/schema\/logo\/image\/"},"sameAs":["https:\/\/pantip.com\/profile\/9367242","https:\/\/micro.blog\/iwellguard","https:\/\/www.diggerslist.com\/iwellguard\/about","https:\/\/skitterphoto.com\/photographers\/2870314\/iwell-guard","https:\/\/iwellguard.wordpress.com\/2026\/06\/06\/iwell-guard\/","https:\/\/hub.docker.com\/u\/iwellguard","https:\/\/www.pinterest.com\/iwellguard\/","https:\/\/bit.ly\/m\/iwellguard","https:\/\/entre-vos-mains.alsace.eu\/profiles\/iwellguard\/activity","https:\/\/gravatar.com\/reallybeded8fd34","https:\/\/naijamatta.com\/iwellguard","https:\/\/www.goodreads.com\/iwellguard","https:\/\/profile.hatena.ne.jp\/iwellguard\/","https:\/\/experiment.com\/users\/iwellguard","https:\/\/wakelet.com\/@iWellGuard82270","https:\/\/www.chordie.com\/forum\/profile.php?id=2555664","https:\/\/www.instapaper.com\/p\/17757966","https:\/\/www.mapleprimes.com\/users\/iwellguard","https:\/\/businesslistingplus.com\/profile\/iwell-guard\/","https:\/\/telegra.ph\/iWell-Guard-06-06","https:\/\/pbase.com\/iwellguard\/iwellguard","https:\/\/b.hatena.ne.jp\/iwellguard\/20260607#bookmark-4788405196491818882","https:\/\/fliphtml5.com\/home\/iwellguard","https:\/\/anyflip.com\/homepage\/cmiwl#About","https:\/\/transfur.com\/Users\/iwellguard","http:\/\/delphi.larsbo.org\/user\/iwellguard","https:\/\/jobs.lajobsportal.org\/profiles\/8380803-iwell-guard","https:\/\/md.chaosdorf.de\/s\/jfbe5SBdJD","https:\/\/www.lingvolive.com\/en-us\/profile\/9ecaeaca-ce11-4e51-9e71-01d55e2bff36\/translations","https:\/\/www.fitday.com\/fitness\/forums\/members\/iwellguard.html","https:\/\/www.mymeetbook.com\/iwellguard","https:\/\/pxhere.com\/en\/photographer-me\/5040798","https:\/\/disqus.com\/by\/iwellguard\/about\/","https:\/\/pastelink.net\/hjwciqwq","https:\/\/pubhtml5.com\/homepage\/scjhn\/","https:\/\/www.bitchute.com\/channel\/2O2eOKzNqujT","https:\/\/audiomack.com\/iwellguard"]}]}},"_links":{"self":[{"href":"https:\/\/iwell-guard.com\/hr\/wp-json\/wp\/v2\/pages\/149349","targetHints":{"allow":["GET"]}}],"collection":[{"href":"https:\/\/iwell-guard.com\/hr\/wp-json\/wp\/v2\/pages"}],"about":[{"href":"https:\/\/iwell-guard.com\/hr\/wp-json\/wp\/v2\/types\/page"}],"author":[{"embeddable":true,"href":"https:\/\/iwell-guard.com\/hr\/wp-json\/wp\/v2\/users\/3"}],"replies":[{"embeddable":true,"href":"https:\/\/iwell-guard.com\/hr\/wp-json\/wp\/v2\/comments?post=149349"}],"version-history":[{"count":0,"href":"https:\/\/iwell-guard.com\/hr\/wp-json\/wp\/v2\/pages\/149349\/revisions"}],"wp:featuredmedia":[{"embeddable":true,"href":"https:\/\/iwell-guard.com\/hr\/wp-json\/wp\/v2\/media\/1723"}],"wp:attachment":[{"href":"https:\/\/iwell-guard.com\/hr\/wp-json\/wp\/v2\/media?parent=149349"}],"wp:term":[{"taxonomy":"category","embeddable":true,"href":"https:\/\/iwell-guard.com\/hr\/wp-json\/wp\/v2\/categories?post=149349"}],"curies":[{"name":"wp","href":"https:\/\/api.w.org\/{rel}","templated":true}]}}