{"id":145105,"date":"2026-09-03T12:42:38","date_gmt":"2026-09-03T12:42:38","guid":{"rendered":"https:\/\/iwell-guard.com\/?page_id=145105"},"modified":"2026-09-03T13:16:44","modified_gmt":"2026-09-03T13:16:44","slug":"rauhnachtet","status":"publish","type":"page","link":"https:\/\/iwell-guard.com\/fi\/rauhnachtet\/","title":{"rendered":"Rauhn\u00e4chte"},"content":{"rendered":"\t\t<div data-elementor-type=\"wp-page\" data-elementor-id=\"145105\" class=\"elementor elementor-145105 elementor-107038\" data-elementor-post-type=\"page\">\n\t\t\t\t<div class=\"elementor-element elementor-element-iwgs-raeuchern-hero e-flex e-con-boxed e-con e-parent\" data-id=\"iwgs-raeuchern-hero\" data-element_type=\"container\" data-e-type=\"container\">\n\t\t\t\t\t<div class=\"e-con-inner\">\n\t\t<div class=\"elementor-element elementor-element-iw-raeuchern-hero-left e-con-full e-flex e-con e-child\" data-id=\"iw-raeuchern-hero-left\" data-element_type=\"container\" data-e-type=\"container\">\n\t\t\t\t<div class=\"elementor-element elementor-element-iwgs-raeuchern-h1 elementor-widget elementor-widget-heading\" data-id=\"iwgs-raeuchern-h1\" data-element_type=\"widget\" data-e-type=\"widget\" data-widget_type=\"heading.default\">\n\t\t\t\t\t<h1 class=\"elementor-heading-title elementor-size-default\">Rauhn\u00e4chte: vuosien v\u00e4liset kaksitoista y\u00f6t\u00e4<\/h1>\t\t\t\t<\/div>\n\t\t<div class=\"elementor-element elementor-element-iw-raeuchern-hero-bw e-con-full e-flex e-con e-child\" data-id=\"iw-raeuchern-hero-bw\" data-element_type=\"container\" data-e-type=\"container\">\n\t\t\t\t<div class=\"elementor-element elementor-element-iwgs-raeuchern-pills elementor-widget elementor-widget-html\" data-id=\"iwgs-raeuchern-pills\" data-element_type=\"widget\" data-e-type=\"widget\" data-widget_type=\"html.default\">\n\t\t\t\t\t<div class=\"iwg-pill-row\"><span class=\"iwg-klasse-badge\" tabindex=\"0\" data-tooltip=\"Ajanjakso omalla perinteell\u00e4\u00e4n.\">Perinne<\/span><a href=\"https:\/\/iwell-guard.com\/fi\/germaaninen\/\" class=\"iwg-kultur-badge\" tabindex=\"0\" data-tooltip=\"Germaanisen perinteen yleiskatsaukseen.\">Germaaninen alue<\/a><\/div>\t\t\t\t<\/div>\n\t\t\t\t<div class=\"elementor-element elementor-element-iwgs-raeuchern-lead elementor-widget elementor-widget-text-editor\" data-id=\"iwgs-raeuchern-lead\" data-element_type=\"widget\" data-e-type=\"widget\" data-widget_type=\"text-editor.default\">\n\t\t\t\t\t\t\t\t\t<p>Joulun ja loppiaisen v\u00e4lill\u00e4 on ajanjakso, jolla saksankielisell\u00e4 alueella oli omat s\u00e4\u00e4nt\u00f6ns\u00e4. Sit\u00e4 kutsuttiin kahdennumina y\u00f6n\u00e4, Rauhn\u00e4chteiksi tai Raun\u00e4chteiksi. N\u00e4in\u00e4 \u00f6in\u00e4 n\u00e4kyv\u00e4n ja n\u00e4kym\u00e4tt\u00f6m\u00e4n maailman rajan uskottiin olevan l\u00e4p\u00e4isev\u00e4.<\/p><p>Lexikonille n\u00e4m\u00e4 y\u00f6t ovat vuoden tiheint\u00e4 suojan aikaa. L\u00e4hes kaikki, mit\u00e4 perinne tuntee torjunnasta, esiintyy t\u00e4ss\u00e4 koottuna: savu, meteli, pyh\u00e4 vesi, kynnysmerkit ja joukko kieltoja. Samalla n\u00e4ihin \u00f6ihin kokoontuvat hahmot, joilla on Lexikonissa muualla omat sivunsa.<\/p>\t\t\t\t\t\t\t\t<\/div>\n\t\t\t\t<\/div>\n\t\t\t\t<\/div>\n\t\t<div class=\"elementor-element elementor-element-iw-raeuchern-hero-img e-con-full e-flex e-con e-child\" data-id=\"iw-raeuchern-hero-img\" data-element_type=\"container\" data-e-type=\"container\">\n\t\t\t\t<div class=\"elementor-element elementor-element-iwgs-raeuchern-himg iwg-hero-image elementor-widget elementor-widget-image\" data-id=\"iwgs-raeuchern-himg\" data-element_type=\"widget\" data-e-type=\"widget\" data-widget_type=\"image.default\">\n\t\t\t\t\t\t\t\t\t\t\t\t\t\t\t<img fetchpriority=\"high\" decoding=\"async\" width=\"683\" height=\"1024\" src=\"https:\/\/iwell-guard.com\/wp-content\/uploads\/2026\/05\/schutzsymbol_universell_raeuchern-683x1024.png\" class=\"attachment-large size-large wp-image-148425\" alt=\"Suitsutus ja puhdistus \u2013 kohoava savu puhdistumisen vertauskuvana\" srcset=\"https:\/\/iwell-guard.com\/wp-content\/uploads\/2026\/05\/schutzsymbol_universell_raeuchern-683x1024.png 683w, https:\/\/iwell-guard.com\/wp-content\/uploads\/2026\/05\/schutzsymbol_universell_raeuchern-200x300.png 200w, https:\/\/iwell-guard.com\/wp-content\/uploads\/2026\/05\/schutzsymbol_universell_raeuchern-768x1152.png 768w, https:\/\/iwell-guard.com\/wp-content\/uploads\/2026\/05\/schutzsymbol_universell_raeuchern.png 1024w\" sizes=\"(max-width: 683px) 100vw, 683px\" \/>\t\t\t\t\t\t\t\t\t\t\t\t\t\t\t<\/div>\n\t\t\t\t<\/div>\n\t\t\t\t\t<\/div>\n\t\t\t\t<\/div>\n\t\t<div class=\"elementor-element elementor-element-iwgs-raeuchern-s0 e-flex e-con-boxed e-con e-parent\" data-id=\"iwgs-raeuchern-s0\" data-element_type=\"container\" data-e-type=\"container\">\n\t\t\t\t\t<div class=\"e-con-inner\">\n\t\t\t\t<div class=\"elementor-element elementor-element-iwgs-raeuchern-s0h elementor-widget elementor-widget-heading\" data-id=\"iwgs-raeuchern-s0h\" data-element_type=\"widget\" data-e-type=\"widget\" data-widget_type=\"heading.default\">\n\t\t\t\t\t<h2 class=\"elementor-heading-title elementor-size-default\">Mit\u00e4 ovat Rauhn\u00e4chte?<\/h2>\t\t\t\t<\/div>\n\t\t<div class=\"elementor-element elementor-element-iw-raeuchern-s0-bw e-con-full e-flex e-con e-child\" data-id=\"iw-raeuchern-s0-bw\" data-element_type=\"container\" data-e-type=\"container\">\n\t\t\t\t<div class=\"elementor-element elementor-element-iwgs-raeuchern-s0t elementor-widget elementor-widget-text-editor\" data-id=\"iwgs-raeuchern-s0t\" data-element_type=\"widget\" data-e-type=\"widget\" data-widget_type=\"text-editor.default\">\n\t\t\t\t\t\t\t\t\t<p>Rauhn\u00e4chte on nimitys joulunjuhlan ja loppiaisen, 6. tammikuuta vietett\u00e4v\u00e4n ilmestysjuhlan, v\u00e4lisille kahdelletoista y\u00f6lle. Vanhempi nimitys niille on kahdennumina y\u00f6t. Alueellisesti esiintyy my\u00f6s nimityksi\u00e4 kuten Innern\u00e4chte, Untern\u00e4chte tai Gl\u00f6ckeln\u00e4chte.<\/p><p>Kansanuskon mukaan t\u00e4h\u00e4n aikaan liittyi poikkeustila. Vuoden j\u00e4rjestys oli p\u00e4\u00e4ttynyt, uusi ei ollut viel\u00e4 alkanut, ja t\u00e4ss\u00e4 v\u00e4litilassa liikkuivat perim\u00e4tiedon mukaan vaeltavat henget ja tarunhahmot. T\u00e4st\u00e4 selittyy n\u00e4ille y\u00f6ille todistetun suojelevan tapakulttuurin tiheys.<\/p><p>Ymm\u00e4rt\u00e4misen kannalta t\u00e4rke\u00e4\u00e4: Rauhn\u00e4chte ei ole yksitt\u00e4inen olento eik\u00e4 yksitt\u00e4inen tapa, vaan ajanjakso, jonka ymp\u00e4rille monet tavat ovat kiinnittyneet. Se, mit\u00e4 n\u00e4in\u00e4 \u00f6in\u00e4 tehtiin ja j\u00e4tettiin tekem\u00e4tt\u00e4, vaihteli huomattavasti laaksosta toiseen.<\/p>\t\t\t\t\t\t\t\t<\/div>\n\t\t\t\t<\/div>\n\t\t\t\t\t<\/div>\n\t\t\t\t<\/div>\n\t\t<div class=\"elementor-element elementor-element-82e1f70 e-flex e-con-boxed e-con e-parent\" data-id=\"82e1f70\" data-element_type=\"container\" data-e-type=\"container\">\n\t\t\t\t\t<div class=\"e-con-inner\">\n\t\t\t\t<div class=\"elementor-element elementor-element- elementor-widget elementor-widget-heading\" data-id=\"\" data-element_type=\"widget\" data-e-type=\"widget\" data-widget_type=\"heading.default\">\n\t\t\t\t\t<h2 class=\"elementor-heading-title elementor-size-default\">Sukua olevat olennot ja aiheet<\/h2>\t\t\t\t<\/div>\n\t\t<div class=\"elementor-element elementor-element- e-con-full e-flex e-con e-child\" data-id=\"\" data-element_type=\"container\" data-e-type=\"container\">\n\t\t\t\t<div class=\"elementor-element elementor-element- elementor-widget elementor-widget-text-editor\" data-id=\"\" data-element_type=\"widget\" data-e-type=\"widget\" data-widget_type=\"text-editor.default\">\n\t\t\t\t\t\t\t\t\t<p>N\u00e4iden \u00f6iden hahmot ja k\u00e4yt\u00e4nn\u00f6t on kuvattu leksikossa erikseen: <a href=\"https:\/\/iwell-guard.com\/fi\/?page_id=145059\">Frau Perchta ja Perchtenit<\/a> kahdennentoista y\u00f6n koettelijana, <a href=\"https:\/\/iwell-guard.com\/fi\/?page_id=145061\">Frau Holle<\/a> h\u00e4nen keskisaksalaisena vastineenaan, <a href=\"https:\/\/iwell-guard.com\/fi\/odin\/\">Odin<\/a> Villin mets\u00e4styksen yhteydess\u00e4 ja <a href=\"https:\/\/iwell-guard.com\/fi\/?page_id=145058\">Krampus<\/a> adventin pelotushahmona. Perinteen yleiskuvan tarjoaa sivu <a href=\"https:\/\/iwell-guard.com\/fi\/germaaninen\/\">germaanisesta perim\u00e4tiedosta<\/a>, ja t\u00e4m\u00e4n ajan perinteiset suojausmuodot on kuvattu kohdissa <a href=\"https:\/\/iwell-guard.com\/fi\/suitsutus-ja-puhdistus\/\">savustus<\/a> ja <a href=\"https:\/\/iwell-guard.com\/fi\/suitsuke\/\">suitsuke<\/a>.<\/p>\t\t\t\t\t\t\t\t<\/div>\n\t\t\t\t<\/div>\n\t\t\t\t\t<\/div>\n\t\t\t\t<\/div>\n\t\t<div class=\"elementor-element elementor-element-188289f e-flex e-con-boxed e-con e-parent\" data-id=\"188289f\" data-element_type=\"container\" data-e-type=\"container\">\n\t\t\t\t\t<div class=\"e-con-inner\">\n\t\t\t\t<div class=\"elementor-element elementor-element- elementor-widget elementor-widget-heading\" data-id=\"\" data-element_type=\"widget\" data-e-type=\"widget\" data-widget_type=\"heading.default\">\n\t\t\t\t\t<h2 class=\"elementor-heading-title elementor-size-default\">Sukua olevat olennot ja aiheet<\/h2>\t\t\t\t<\/div>\n\t\t<div class=\"elementor-element elementor-element- e-con-full e-flex e-con e-child\" data-id=\"\" data-element_type=\"container\" data-e-type=\"container\">\n\t\t\t\t<div class=\"elementor-element elementor-element- elementor-widget elementor-widget-text-editor\" data-id=\"\" data-element_type=\"widget\" data-e-type=\"widget\" data-widget_type=\"text-editor.default\">\n\t\t\t\t\t\t\t\t\t<p>N\u00e4iden \u00f6iden hahmot ja k\u00e4yt\u00e4nn\u00f6t on kuvattu leksikossa erikseen: <a href=\"https:\/\/iwell-guard.com\/fi\/?page_id=145059\">Frau Perchta ja Perchtenit<\/a> kahdennentoista y\u00f6n koettelijana, <a href=\"https:\/\/iwell-guard.com\/fi\/?page_id=145061\">Frau Holle<\/a> h\u00e4nen keskisaksalaisena vastineenaan, <a href=\"https:\/\/iwell-guard.com\/fi\/odin\/\">Odin<\/a> Villin mets\u00e4styksen yhteydess\u00e4 ja <a href=\"https:\/\/iwell-guard.com\/fi\/?page_id=145058\">Krampus<\/a> adventin pelotushahmona. Perinteen yleiskuvan tarjoaa sivu <a href=\"https:\/\/iwell-guard.com\/fi\/germaaninen\/\">germaanisesta perim\u00e4tiedosta<\/a>, ja t\u00e4m\u00e4n ajan perinteiset suojausmuodot on kuvattu kohdissa <a href=\"https:\/\/iwell-guard.com\/fi\/suitsutus-ja-puhdistus\/\">savustus<\/a> ja <a href=\"https:\/\/iwell-guard.com\/fi\/suitsuke\/\">suitsuke<\/a>.<\/p>\t\t\t\t\t\t\t\t<\/div>\n\t\t\t\t<\/div>\n\t\t\t\t\t<\/div>\n\t\t\t\t<\/div>\n\t\t<div class=\"elementor-element elementor-element-2256a9e e-flex e-con-boxed e-con e-parent\" data-id=\"2256a9e\" data-element_type=\"container\" data-e-type=\"container\">\n\t\t\t\t\t<div class=\"e-con-inner\">\n\t\t\t\t<div class=\"elementor-element elementor-element- elementor-widget elementor-widget-heading\" data-id=\"\" data-element_type=\"widget\" data-e-type=\"widget\" data-widget_type=\"heading.default\">\n\t\t\t\t\t<h2 class=\"elementor-heading-title elementor-size-default\">Sukua olevat olennot ja aiheet<\/h2>\t\t\t\t<\/div>\n\t\t<div class=\"elementor-element elementor-element- e-con-full e-flex e-con e-child\" data-id=\"\" data-element_type=\"container\" data-e-type=\"container\">\n\t\t\t\t<div class=\"elementor-element elementor-element- elementor-widget elementor-widget-text-editor\" data-id=\"\" data-element_type=\"widget\" data-e-type=\"widget\" data-widget_type=\"text-editor.default\">\n\t\t\t\t\t\t\t\t\t<p>N\u00e4iden \u00f6iden hahmot ja k\u00e4yt\u00e4nn\u00f6t on kuvattu leksikossa erikseen: <a href=\"https:\/\/iwell-guard.com\/fi\/?page_id=145059\">Frau Perchta ja Perchtenit<\/a> kahdennentoista y\u00f6n koettelijana, <a href=\"https:\/\/iwell-guard.com\/fi\/?page_id=145061\">Frau Holle<\/a> h\u00e4nen keskisaksalaisena vastineenaan, <a href=\"https:\/\/iwell-guard.com\/fi\/odin\/\">Odin<\/a> Villin mets\u00e4styksen yhteydess\u00e4 ja <a href=\"https:\/\/iwell-guard.com\/fi\/?page_id=145058\">Krampus<\/a> adventin pelotushahmona. Perinteen yleiskuvan tarjoaa sivu <a href=\"https:\/\/iwell-guard.com\/fi\/germaaninen\/\">germaanisesta perim\u00e4tiedosta<\/a>, ja t\u00e4m\u00e4n ajan perinteiset suojausmuodot on kuvattu kohdissa <a href=\"https:\/\/iwell-guard.com\/fi\/suitsutus-ja-puhdistus\/\">savustus<\/a> ja <a href=\"https:\/\/iwell-guard.com\/fi\/suitsuke\/\">suitsuke<\/a>.<\/p>\t\t\t\t\t\t\t\t<\/div>\n\t\t\t\t<\/div>\n\t\t\t\t\t<\/div>\n\t\t\t\t<\/div>\n\t\t<div class=\"elementor-element elementor-element-0678d93 e-flex e-con-boxed e-con e-parent\" data-id=\"0678d93\" data-element_type=\"container\" data-e-type=\"container\">\n\t\t\t\t\t<div class=\"e-con-inner\">\n\t\t\t\t<div class=\"elementor-element elementor-element- elementor-widget elementor-widget-heading\" data-id=\"\" data-element_type=\"widget\" data-e-type=\"widget\" data-widget_type=\"heading.default\">\n\t\t\t\t\t<h2 class=\"elementor-heading-title elementor-size-default\">Sukua olevat olennot ja aiheet<\/h2>\t\t\t\t<\/div>\n\t\t<div class=\"elementor-element elementor-element- e-con-full e-flex e-con e-child\" data-id=\"\" data-element_type=\"container\" data-e-type=\"container\">\n\t\t\t\t<div class=\"elementor-element elementor-element- elementor-widget elementor-widget-text-editor\" data-id=\"\" data-element_type=\"widget\" data-e-type=\"widget\" data-widget_type=\"text-editor.default\">\n\t\t\t\t\t\t\t\t\t<p>N\u00e4iden \u00f6iden hahmot ja k\u00e4yt\u00e4nn\u00f6t on kuvattu leksikossa erikseen: <a href=\"https:\/\/iwell-guard.com\/fi\/?page_id=145059\">Frau Perchta ja Perchtenit<\/a> kahdennentoista y\u00f6n koettelijana, <a href=\"https:\/\/iwell-guard.com\/fi\/?page_id=145061\">Frau Holle<\/a> h\u00e4nen keskisaksalaisena vastineenaan, <a href=\"https:\/\/iwell-guard.com\/fi\/odin\/\">Odin<\/a> Villin mets\u00e4styksen yhteydess\u00e4 ja <a href=\"https:\/\/iwell-guard.com\/fi\/?page_id=145058\">Krampus<\/a> adventin pelotushahmona. Perinteen yleiskuvan tarjoaa sivu <a href=\"https:\/\/iwell-guard.com\/fi\/germaaninen\/\">germaanisesta perim\u00e4tiedosta<\/a>, ja t\u00e4m\u00e4n ajan perinteiset suojausmuodot on kuvattu kohdissa <a href=\"https:\/\/iwell-guard.com\/fi\/suitsutus-ja-puhdistus\/\">savustus<\/a> ja <a href=\"https:\/\/iwell-guard.com\/fi\/suitsuke\/\">suitsuke<\/a>.<\/p>\t\t\t\t\t\t\t\t<\/div>\n\t\t\t\t<\/div>\n\t\t\t\t\t<\/div>\n\t\t\t\t<\/div>\n\t\t<div class=\"elementor-element elementor-element-df2669e e-flex e-con-boxed e-con e-parent\" data-id=\"df2669e\" data-element_type=\"container\" data-e-type=\"container\">\n\t\t\t\t\t<div class=\"e-con-inner\">\n\t\t\t\t<div class=\"elementor-element elementor-element- elementor-widget elementor-widget-heading\" data-id=\"\" data-element_type=\"widget\" data-e-type=\"widget\" data-widget_type=\"heading.default\">\n\t\t\t\t\t<h2 class=\"elementor-heading-title elementor-size-default\">Sukua olevat olennot ja aiheet<\/h2>\t\t\t\t<\/div>\n\t\t<div class=\"elementor-element elementor-element- e-con-full e-flex e-con e-child\" data-id=\"\" data-element_type=\"container\" data-e-type=\"container\">\n\t\t\t\t<div class=\"elementor-element elementor-element- elementor-widget elementor-widget-text-editor\" data-id=\"\" data-element_type=\"widget\" data-e-type=\"widget\" data-widget_type=\"text-editor.default\">\n\t\t\t\t\t\t\t\t\t<p>N\u00e4iden \u00f6iden hahmot ja k\u00e4yt\u00e4nn\u00f6t on kuvattu leksikossa erikseen: <a href=\"https:\/\/iwell-guard.com\/fi\/?page_id=145059\">Frau Perchta ja Perchtenit<\/a> kahdennentoista y\u00f6n koettelijana, <a href=\"https:\/\/iwell-guard.com\/fi\/?page_id=145061\">Frau Holle<\/a> h\u00e4nen keskisaksalaisena vastineenaan, <a href=\"https:\/\/iwell-guard.com\/fi\/odin\/\">Odin<\/a> Villin mets\u00e4styksen yhteydess\u00e4 ja <a href=\"https:\/\/iwell-guard.com\/fi\/?page_id=145058\">Krampus<\/a> adventin pelotushahmona. Perinteen yleiskuvan tarjoaa sivu <a href=\"https:\/\/iwell-guard.com\/fi\/germaaninen\/\">germaanisesta perim\u00e4tiedosta<\/a>, ja t\u00e4m\u00e4n ajan perinteiset suojausmuodot on kuvattu kohdissa <a href=\"https:\/\/iwell-guard.com\/fi\/suitsutus-ja-puhdistus\/\">savustus<\/a> ja <a href=\"https:\/\/iwell-guard.com\/fi\/suitsuke\/\">suitsuke<\/a>.<\/p>\t\t\t\t\t\t\t\t<\/div>\n\t\t\t\t<\/div>\n\t\t\t\t\t<\/div>\n\t\t\t\t<\/div>\n\t\t<div class=\"elementor-element elementor-element-79fba3f e-flex e-con-boxed e-con e-parent\" data-id=\"79fba3f\" data-element_type=\"container\" data-e-type=\"container\">\n\t\t\t\t\t<div class=\"e-con-inner\">\n\t\t\t\t<div class=\"elementor-element elementor-element- elementor-widget elementor-widget-heading\" data-id=\"\" data-element_type=\"widget\" data-e-type=\"widget\" data-widget_type=\"heading.default\">\n\t\t\t\t\t<h2 class=\"elementor-heading-title elementor-size-default\">Sukua olevat olennot ja aiheet<\/h2>\t\t\t\t<\/div>\n\t\t<div class=\"elementor-element elementor-element- e-con-full e-flex e-con e-child\" data-id=\"\" data-element_type=\"container\" data-e-type=\"container\">\n\t\t\t\t<div class=\"elementor-element elementor-element- elementor-widget elementor-widget-text-editor\" data-id=\"\" data-element_type=\"widget\" data-e-type=\"widget\" data-widget_type=\"text-editor.default\">\n\t\t\t\t\t\t\t\t\t<p>N\u00e4iden \u00f6iden hahmot ja k\u00e4yt\u00e4nn\u00f6t on kuvattu leksikossa erikseen: <a href=\"https:\/\/iwell-guard.com\/fi\/?page_id=145059\">Frau Perchta ja Perchtenit<\/a> kahdennentoista y\u00f6n koettelijana, <a href=\"https:\/\/iwell-guard.com\/fi\/?page_id=145061\">Frau Holle<\/a> h\u00e4nen keskisaksalaisena vastineenaan, <a href=\"https:\/\/iwell-guard.com\/fi\/odin\/\">Odin<\/a> Villin mets\u00e4styksen yhteydess\u00e4 ja <a href=\"https:\/\/iwell-guard.com\/fi\/?page_id=145058\">Krampus<\/a> adventin pelotushahmona. Perinteen yleiskuvan tarjoaa sivu <a href=\"https:\/\/iwell-guard.com\/fi\/germaaninen\/\">germaanisesta perim\u00e4tiedosta<\/a>, ja t\u00e4m\u00e4n ajan perinteiset suojausmuodot on kuvattu kohdissa <a href=\"https:\/\/iwell-guard.com\/fi\/suitsutus-ja-puhdistus\/\">savustus<\/a> ja <a href=\"https:\/\/iwell-guard.com\/fi\/suitsuke\/\">suitsuke<\/a>.<\/p>\t\t\t\t\t\t\t\t<\/div>\n\t\t\t\t<\/div>\n\t\t\t\t\t<\/div>\n\t\t\t\t<\/div>\n\t\t<div class=\"elementor-element elementor-element-92ffc6f e-flex e-con-boxed e-con e-parent\" data-id=\"92ffc6f\" data-element_type=\"container\" data-e-type=\"container\">\n\t\t\t\t\t<div class=\"e-con-inner\">\n\t\t\t\t<div class=\"elementor-element elementor-element- elementor-widget elementor-widget-heading\" data-id=\"\" data-element_type=\"widget\" data-e-type=\"widget\" data-widget_type=\"heading.default\">\n\t\t\t\t\t<h2 class=\"elementor-heading-title elementor-size-default\">Sukua olevat olennot ja aiheet<\/h2>\t\t\t\t<\/div>\n\t\t<div class=\"elementor-element elementor-element- e-con-full e-flex e-con e-child\" data-id=\"\" data-element_type=\"container\" data-e-type=\"container\">\n\t\t\t\t<div class=\"elementor-element elementor-element- elementor-widget elementor-widget-text-editor\" data-id=\"\" data-element_type=\"widget\" data-e-type=\"widget\" data-widget_type=\"text-editor.default\">\n\t\t\t\t\t\t\t\t\t<p>N\u00e4iden \u00f6iden hahmot ja k\u00e4yt\u00e4nn\u00f6t on kuvattu leksikossa erikseen: <a href=\"https:\/\/iwell-guard.com\/fi\/?page_id=145059\">Frau Perchta ja Perchtenit<\/a> kahdennentoista y\u00f6n koettelijana, <a href=\"https:\/\/iwell-guard.com\/fi\/?page_id=145061\">Frau Holle<\/a> h\u00e4nen keskisaksalaisena vastineenaan, <a href=\"https:\/\/iwell-guard.com\/fi\/odin\/\">Odin<\/a> Villin mets\u00e4styksen yhteydess\u00e4 ja <a href=\"https:\/\/iwell-guard.com\/fi\/?page_id=145058\">Krampus<\/a> adventin pelotushahmona. Perinteen yleiskuvan tarjoaa sivu <a href=\"https:\/\/iwell-guard.com\/fi\/germaaninen\/\">germaanisesta perim\u00e4tiedosta<\/a>, ja t\u00e4m\u00e4n ajan perinteiset suojausmuodot on kuvattu kohdissa <a href=\"https:\/\/iwell-guard.com\/fi\/suitsutus-ja-puhdistus\/\">savustus<\/a> ja <a href=\"https:\/\/iwell-guard.com\/fi\/suitsuke\/\">suitsuke<\/a>.<\/p>\t\t\t\t\t\t\t\t<\/div>\n\t\t\t\t<\/div>\n\t\t\t\t\t<\/div>\n\t\t\t\t<\/div>\n\t\t<div class=\"elementor-element elementor-element-19277ab e-flex e-con-boxed e-con e-parent\" data-id=\"19277ab\" data-element_type=\"container\" data-e-type=\"container\">\n\t\t\t\t\t<div class=\"e-con-inner\">\n\t\t\t\t<div class=\"elementor-element elementor-element- elementor-widget elementor-widget-heading\" data-id=\"\" data-element_type=\"widget\" data-e-type=\"widget\" data-widget_type=\"heading.default\">\n\t\t\t\t\t<h2 class=\"elementor-heading-title elementor-size-default\">Sukua olevat olennot ja aiheet<\/h2>\t\t\t\t<\/div>\n\t\t<div class=\"elementor-element elementor-element- e-con-full e-flex e-con e-child\" data-id=\"\" data-element_type=\"container\" data-e-type=\"container\">\n\t\t\t\t<div class=\"elementor-element elementor-element- elementor-widget elementor-widget-text-editor\" data-id=\"\" data-element_type=\"widget\" data-e-type=\"widget\" data-widget_type=\"text-editor.default\">\n\t\t\t\t\t\t\t\t\t<p>N\u00e4iden \u00f6iden hahmot ja k\u00e4yt\u00e4nn\u00f6t on kuvattu leksikossa erikseen: <a href=\"https:\/\/iwell-guard.com\/fi\/?page_id=145059\">Frau Perchta ja Perchtenit<\/a> kahdennentoista y\u00f6n koettelijana, <a href=\"https:\/\/iwell-guard.com\/fi\/?page_id=145061\">Frau Holle<\/a> h\u00e4nen keskisaksalaisena vastineenaan, <a href=\"https:\/\/iwell-guard.com\/fi\/odin\/\">Odin<\/a> Villin mets\u00e4styksen yhteydess\u00e4 ja <a href=\"https:\/\/iwell-guard.com\/fi\/?page_id=145058\">Krampus<\/a> adventin pelotushahmona. Perinteen yleiskuvan tarjoaa sivu <a href=\"https:\/\/iwell-guard.com\/fi\/germaaninen\/\">germaanisesta perim\u00e4tiedosta<\/a>, ja t\u00e4m\u00e4n ajan perinteiset suojausmuodot on kuvattu kohdissa <a href=\"https:\/\/iwell-guard.com\/fi\/suitsutus-ja-puhdistus\/\">savustus<\/a> ja <a href=\"https:\/\/iwell-guard.com\/fi\/suitsuke\/\">suitsuke<\/a>.<\/p>\t\t\t\t\t\t\t\t<\/div>\n\t\t\t\t<\/div>\n\t\t\t\t\t<\/div>\n\t\t\t\t<\/div>\n\t\t<div class=\"elementor-element elementor-element-0493a62 e-flex e-con-boxed e-con e-parent\" data-id=\"0493a62\" data-element_type=\"container\" data-e-type=\"container\">\n\t\t\t\t\t<div class=\"e-con-inner\">\n\t\t\t\t<div class=\"elementor-element elementor-element- elementor-widget elementor-widget-heading\" data-id=\"\" data-element_type=\"widget\" data-e-type=\"widget\" data-widget_type=\"heading.default\">\n\t\t\t\t\t<h2 class=\"elementor-heading-title elementor-size-default\">Sukua olevat olennot ja aiheet<\/h2>\t\t\t\t<\/div>\n\t\t<div class=\"elementor-element elementor-element- e-con-full e-flex e-con e-child\" data-id=\"\" data-element_type=\"container\" data-e-type=\"container\">\n\t\t\t\t<div class=\"elementor-element elementor-element- elementor-widget elementor-widget-text-editor\" data-id=\"\" data-element_type=\"widget\" data-e-type=\"widget\" data-widget_type=\"text-editor.default\">\n\t\t\t\t\t\t\t\t\t<p>N\u00e4iden \u00f6iden hahmot ja k\u00e4yt\u00e4nn\u00f6t on kuvattu leksikossa erikseen: <a href=\"https:\/\/iwell-guard.com\/fi\/?page_id=145059\">Frau Perchta ja Perchtenit<\/a> kahdennentoista y\u00f6n koettelijana, <a href=\"https:\/\/iwell-guard.com\/fi\/?page_id=145061\">Frau Holle<\/a> h\u00e4nen keskisaksalaisena vastineenaan, <a href=\"https:\/\/iwell-guard.com\/fi\/odin\/\">Odin<\/a> Villin mets\u00e4styksen yhteydess\u00e4 ja <a href=\"https:\/\/iwell-guard.com\/fi\/?page_id=145058\">Krampus<\/a> adventin pelotushahmona. Perinteen yleiskuvan tarjoaa sivu <a href=\"https:\/\/iwell-guard.com\/fi\/germaaninen\/\">germaanisesta perim\u00e4tiedosta<\/a>, ja t\u00e4m\u00e4n ajan perinteiset suojausmuodot on kuvattu kohdissa <a href=\"https:\/\/iwell-guard.com\/fi\/suitsutus-ja-puhdistus\/\">savustus<\/a> ja <a href=\"https:\/\/iwell-guard.com\/fi\/suitsuke\/\">suitsuke<\/a>.<\/p>\t\t\t\t\t\t\t\t<\/div>\n\t\t\t\t<\/div>\n\t\t\t\t\t<\/div>\n\t\t\t\t<\/div>\n\t\t<div class=\"elementor-element elementor-element-87a8df2 e-flex e-con-boxed e-con e-parent\" data-id=\"87a8df2\" data-element_type=\"container\" data-e-type=\"container\">\n\t\t\t\t\t<div class=\"e-con-inner\">\n\t\t\t\t<div class=\"elementor-element elementor-element- elementor-widget elementor-widget-heading\" data-id=\"\" data-element_type=\"widget\" data-e-type=\"widget\" data-widget_type=\"heading.default\">\n\t\t\t\t\t<h2 class=\"elementor-heading-title elementor-size-default\">Sukua olevat olennot ja aiheet<\/h2>\t\t\t\t<\/div>\n\t\t<div class=\"elementor-element elementor-element- e-con-full e-flex e-con e-child\" data-id=\"\" data-element_type=\"container\" data-e-type=\"container\">\n\t\t\t\t<div class=\"elementor-element elementor-element- elementor-widget elementor-widget-text-editor\" data-id=\"\" data-element_type=\"widget\" data-e-type=\"widget\" data-widget_type=\"text-editor.default\">\n\t\t\t\t\t\t\t\t\t<p>N\u00e4iden \u00f6iden hahmot ja k\u00e4yt\u00e4nn\u00f6t on kuvattu leksikossa erikseen: <a href=\"https:\/\/iwell-guard.com\/fi\/?page_id=145059\">Frau Perchta ja Perchtenit<\/a> kahdennentoista y\u00f6n koettelijana, <a href=\"https:\/\/iwell-guard.com\/fi\/?page_id=145061\">Frau Holle<\/a> h\u00e4nen keskisaksalaisena vastineenaan, <a href=\"https:\/\/iwell-guard.com\/fi\/odin\/\">Odin<\/a> Villin mets\u00e4styksen yhteydess\u00e4 ja <a href=\"https:\/\/iwell-guard.com\/fi\/?page_id=145058\">Krampus<\/a> adventin pelotushahmona. Perinteen yleiskuvan tarjoaa sivu <a href=\"https:\/\/iwell-guard.com\/fi\/germaaninen\/\">germaanisesta perim\u00e4tiedosta<\/a>, ja t\u00e4m\u00e4n ajan perinteiset suojausmuodot on kuvattu kohdissa <a href=\"https:\/\/iwell-guard.com\/fi\/suitsutus-ja-puhdistus\/\">savustus<\/a> ja <a href=\"https:\/\/iwell-guard.com\/fi\/suitsuke\/\">suitsuke<\/a>.<\/p>\t\t\t\t\t\t\t\t<\/div>\n\t\t\t\t<\/div>\n\t\t\t\t\t<\/div>\n\t\t\t\t<\/div>\n\t\t<div class=\"elementor-element elementor-element-9000290 e-flex e-con-boxed e-con e-parent\" data-id=\"9000290\" data-element_type=\"container\" data-e-type=\"container\">\n\t\t\t\t\t<div class=\"e-con-inner\">\n\t\t\t\t<div class=\"elementor-element elementor-element- elementor-widget elementor-widget-heading\" data-id=\"\" data-element_type=\"widget\" data-e-type=\"widget\" data-widget_type=\"heading.default\">\n\t\t\t\t\t<h2 class=\"elementor-heading-title elementor-size-default\">Sukua olevat olennot ja aiheet<\/h2>\t\t\t\t<\/div>\n\t\t<div class=\"elementor-element elementor-element- e-con-full e-flex e-con e-child\" data-id=\"\" data-element_type=\"container\" data-e-type=\"container\">\n\t\t\t\t<div class=\"elementor-element elementor-element- elementor-widget elementor-widget-text-editor\" data-id=\"\" data-element_type=\"widget\" data-e-type=\"widget\" data-widget_type=\"text-editor.default\">\n\t\t\t\t\t\t\t\t\t<p>N\u00e4iden \u00f6iden hahmot ja k\u00e4yt\u00e4nn\u00f6t on kuvattu leksikossa erikseen: <a href=\"https:\/\/iwell-guard.com\/fi\/?page_id=145059\">Frau Perchta ja Perchtenit<\/a> kahdennentoista y\u00f6n koettelijana, <a href=\"https:\/\/iwell-guard.com\/fi\/?page_id=145061\">Frau Holle<\/a> h\u00e4nen keskisaksalaisena vastineenaan, <a href=\"https:\/\/iwell-guard.com\/fi\/odin\/\">Odin<\/a> Villin mets\u00e4styksen yhteydess\u00e4 ja <a href=\"https:\/\/iwell-guard.com\/fi\/?page_id=145058\">Krampus<\/a> adventin pelotushahmona. Perinteen yleiskuvan tarjoaa sivu <a href=\"https:\/\/iwell-guard.com\/fi\/germaaninen\/\">germaanisesta perim\u00e4tiedosta<\/a>, ja t\u00e4m\u00e4n ajan perinteiset suojausmuodot on kuvattu kohdissa <a href=\"https:\/\/iwell-guard.com\/fi\/suitsutus-ja-puhdistus\/\">savustus<\/a> ja <a href=\"https:\/\/iwell-guard.com\/fi\/suitsuke\/\">suitsuke<\/a>.<\/p>\t\t\t\t\t\t\t\t<\/div>\n\t\t\t\t<\/div>\n\t\t\t\t\t<\/div>\n\t\t\t\t<\/div>\n\t\t<div class=\"elementor-element elementor-element-918fb03 e-flex e-con-boxed e-con e-parent\" data-id=\"918fb03\" data-element_type=\"container\" data-e-type=\"container\">\n\t\t\t\t\t<div class=\"e-con-inner\">\n\t\t\t\t<div class=\"elementor-element elementor-element- elementor-widget elementor-widget-heading\" data-id=\"\" data-element_type=\"widget\" data-e-type=\"widget\" data-widget_type=\"heading.default\">\n\t\t\t\t\t<h2 class=\"elementor-heading-title elementor-size-default\">Sukua olevat olennot ja aiheet<\/h2>\t\t\t\t<\/div>\n\t\t<div class=\"elementor-element elementor-element- e-con-full e-flex e-con e-child\" data-id=\"\" data-element_type=\"container\" data-e-type=\"container\">\n\t\t\t\t<div class=\"elementor-element elementor-element- elementor-widget elementor-widget-text-editor\" data-id=\"\" data-element_type=\"widget\" data-e-type=\"widget\" data-widget_type=\"text-editor.default\">\n\t\t\t\t\t\t\t\t\t<p>N\u00e4iden \u00f6iden hahmot ja k\u00e4yt\u00e4nn\u00f6t on kuvattu leksikossa erikseen: <a href=\"https:\/\/iwell-guard.com\/fi\/?page_id=145059\">Frau Perchta ja Perchtenit<\/a> kahdennentoista y\u00f6n koettelijana, <a href=\"https:\/\/iwell-guard.com\/fi\/?page_id=145061\">Frau Holle<\/a> h\u00e4nen keskisaksalaisena vastineenaan, <a href=\"https:\/\/iwell-guard.com\/fi\/odin\/\">Odin<\/a> Villin mets\u00e4styksen yhteydess\u00e4 ja <a href=\"https:\/\/iwell-guard.com\/fi\/?page_id=145058\">Krampus<\/a> adventin pelotushahmona. Perinteen yleiskuvan tarjoaa sivu <a href=\"https:\/\/iwell-guard.com\/fi\/germaaninen\/\">germaanisesta perim\u00e4tiedosta<\/a>, ja t\u00e4m\u00e4n ajan perinteiset suojausmuodot on kuvattu kohdissa <a href=\"https:\/\/iwell-guard.com\/fi\/suitsutus-ja-puhdistus\/\">savustus<\/a> ja <a href=\"https:\/\/iwell-guard.com\/fi\/suitsuke\/\">suitsuke<\/a>.<\/p>\t\t\t\t\t\t\t\t<\/div>\n\t\t\t\t<div class=\"elementor-element elementor-element-8ab5043 elementor-widget elementor-widget-html\" data-id=\"8ab5043\" data-element_type=\"widget\" data-e-type=\"widget\" data-widget_type=\"html.default\">\n\t\t\t\t\t<script type=\"application\/ld+json\">{\"@context\": \"https:\/\/schema.org\", \"@type\": \"FAQPage\", \"mainEntity\": [{\"@type\": \"Question\", \"name\": \"Mit\u00e4 Rauhn\u00e4chte-aikaan ei saa tehd\u00e4?\", \"acceptedAnswer\": {\"@type\": \"Answer\", \"text\": \"Perinne mainitsee erityisesti kolme kieltoa. Pyykki\u00e4 ei pit\u00e4nyt pest\u00e4 eik\u00e4 j\u00e4tt\u00e4\u00e4 y\u00f6ksi ripustettuna, koska tarun mukaan Villi Mets\u00e4stys tarttuu siihen. Aloitetut ty\u00f6t tuli saattaa p\u00e4\u00e4t\u00f6kseen ja rukit tyhjent\u00e4\u00e4. Lainatut esineet haettiin takaisin, ja t\u00e4n\u00e4 aikana talosta ei annettu mit\u00e4\u00e4n pois. Kyse on menneiden aikojen tapas\u00e4\u00e4nn\u00f6ist\u00e4, jotka el\u00e4v\u00e4t nyky\u00e4\u00e4n l\u00e4hinn\u00e4 kertomusperinteen\u00e4.\"}}, {\"@type\": \"Question\", \"name\": \"Mit\u00e4 Rauhn\u00e4chte-aikaan tarkalleen ottaen tehd\u00e4\u00e4n?\", \"acceptedAnswer\": {\"@type\": \"Answer\", \"text\": \"Perinteess\u00e4 on s\u00e4ilynyt nelj\u00e4 toiminta-alaa: talon ja navetan savustus suitsukkeella ja yrteill\u00e4, siunaus kynnyksell\u00e4 pyhitetyll\u00e4 vedell\u00e4 ja t\u00e4htienlaulajien liitukirjoitus, s\u00e4\u00e4n ja unien tulkinta tulevien kahdentoista kuukauden entein\u00e4 sek\u00e4 naamiokulkueet Alppien alueella. Nykyk\u00e4yt\u00e4nt\u00f6\u00f6n kuuluu lis\u00e4ksi vuoden katsaus muistikirjan avulla ja kolmentoista toivomuksen rituaali, jota pidet\u00e4\u00e4n nuorena tapana.\"}}, {\"@type\": \"Question\", \"name\": \"Mitk\u00e4 ovat 12 Rauhn\u00e4chte\u00e4?\", \"acceptedAnswer\": {\"@type\": \"Answer\", \"text\": \"Kaksitoista Rauhn\u00e4chte\u00e4 ovat joulun ja loppiaisen v\u00e4lisi\u00e4 \u00f6it\u00e4, yleisimm\u00e4n laskutavan mukaan 25. joulukuuta ja 6. tammikuuta v\u00e4lilt\u00e4. Vanhemmat laskutavat aloittavat Tuomaan y\u00f6st\u00e4 21. joulukuuta tai jouluy\u00f6st\u00e4. Perim\u00e4tiedon mukaan jokainen n\u00e4ist\u00e4 kahdestatoista y\u00f6st\u00e4 ennustaa tulevan vuoden yht\u00e4 kuukautta.\"}}, {\"@type\": \"Question\", \"name\": \"Mitk\u00e4 ovat 4 t\u00e4rkeint\u00e4 Rauhn\u00e4chte\u00e4?\", \"acceptedAnswer\": {\"@type\": \"Answer\", \"text\": \"Useimmissa esityksiss\u00e4 korostetaan Tuomaan y\u00f6t\u00e4 20.-21. joulukuuta vanhan kalenterin pisimp\u00e4n\u00e4 y\u00f6n\u00e4, jouluy\u00f6t\u00e4 24.-25. joulukuuta, uudenvuodeny\u00f6t\u00e4 perinteisen\u00e4 ennusy\u00f6n\u00e4 ja Perchten-y\u00f6t\u00e4 5.-6. tammikuuta sarjan p\u00e4\u00e4t\u00f6ksen\u00e4.\"}}]}<\/script>\t\t\t\t<\/div>\n\t\t\t\t<\/div>\n\t\t\t\t\t<\/div>\n\t\t\t\t<\/div>\n\t\t<div class=\"elementor-element elementor-element-7b4a206 e-flex e-con-boxed e-con e-parent\" data-id=\"7b4a206\" data-element_type=\"container\" data-e-type=\"container\">\n\t\t\t\t\t<div class=\"e-con-inner\">\n\t\t\t\t<div class=\"elementor-element elementor-element- elementor-widget elementor-widget-heading\" data-id=\"\" data-element_type=\"widget\" data-e-type=\"widget\" data-widget_type=\"heading.default\">\n\t\t\t\t\t<h2 class=\"elementor-heading-title elementor-size-default\">Sukua olevat olennot ja aiheet<\/h2>\t\t\t\t<\/div>\n\t\t<div class=\"elementor-element elementor-element- e-con-full e-flex e-con e-child\" data-id=\"\" data-element_type=\"container\" data-e-type=\"container\">\n\t\t\t\t<div class=\"elementor-element elementor-element- elementor-widget elementor-widget-text-editor\" data-id=\"\" data-element_type=\"widget\" data-e-type=\"widget\" data-widget_type=\"text-editor.default\">\n\t\t\t\t\t\t\t\t\t<p>N\u00e4iden \u00f6iden hahmot ja k\u00e4yt\u00e4nn\u00f6t on kuvattu leksikossa erikseen: <a href=\"https:\/\/iwell-guard.com\/fi\/?page_id=145059\">Frau Perchta ja Perchtenit<\/a> kahdennentoista y\u00f6n koettelijana, <a href=\"https:\/\/iwell-guard.com\/fi\/?page_id=145061\">Frau Holle<\/a> h\u00e4nen keskisaksalaisena vastineenaan, <a href=\"https:\/\/iwell-guard.com\/fi\/odin\/\">Odin<\/a> Villin mets\u00e4styksen yhteydess\u00e4 ja <a href=\"https:\/\/iwell-guard.com\/fi\/?page_id=145058\">Krampus<\/a> adventin pelotushahmona. Perinteen yleiskuvan tarjoaa sivu <a href=\"https:\/\/iwell-guard.com\/fi\/germaaninen\/\">germaanisesta perim\u00e4tiedosta<\/a>, ja t\u00e4m\u00e4n ajan perinteiset suojausmuodot on kuvattu kohdissa <a href=\"https:\/\/iwell-guard.com\/fi\/suitsutus-ja-puhdistus\/\">savustus<\/a> ja <a href=\"https:\/\/iwell-guard.com\/fi\/suitsuke\/\">suitsuke<\/a>.<\/p>\t\t\t\t\t\t\t\t<\/div>\n\t\t\t\t<\/div>\n\t\t\t\t\t<\/div>\n\t\t\t\t<\/div>\n\t\t<div class=\"elementor-element elementor-element-iwgs-raeuchern-lit e-flex e-con-boxed e-con e-parent\" data-id=\"iwgs-raeuchern-lit\" data-element_type=\"container\" data-e-type=\"container\">\n\t\t\t\t\t<div class=\"e-con-inner\">\n\t\t\t\t<div class=\"elementor-element elementor-element-iwgs-raeuchern-lith elementor-widget elementor-widget-heading\" data-id=\"iwgs-raeuchern-lith\" data-element_type=\"widget\" data-e-type=\"widget\" data-widget_type=\"heading.default\">\n\t\t\t\t\t<h2 class=\"elementor-heading-title elementor-size-default\">Kirjallisuus (valikoima)<\/h2>\t\t\t\t<\/div>\n\t\t<div class=\"elementor-element elementor-element-iw-raeuchern-lit-bw e-con-full e-flex e-con e-child\" data-id=\"iw-raeuchern-lit-bw\" data-element_type=\"container\" data-e-type=\"container\">\n\t\t\t\t<div class=\"elementor-element elementor-element-iwgs-raeuchern-litt elementor-widget elementor-widget-html\" data-id=\"iwgs-raeuchern-litt\" data-element_type=\"widget\" data-e-type=\"widget\" data-widget_type=\"html.default\">\n\t\t\t\t\t<footer data-nosnippet=\"true\"><ul><li>Handw\u00f6rterbuch des deutschen Aberglaubens. Hrsg. von Hanns B\u00e4chtold-St\u00e4ubli. Bd. 9, Artikel \u201eZw\u00f6lften\". Berlin: de Gruyter, 1938-1941.<\/li><li>Dietz-R\u00fcdiger Moser: Br\u00e4uche und Feste im christlichen Jahreslauf. Brauchformen der Gegenwart in kulturgeschichtlichen Zusammenh\u00e4ngen. Graz: Styria, 1993.<\/li><li>Manfred Becker-Huberti: Feiern, Feste, Jahreszeiten. Lebendige Br\u00e4uche im ganzen Jahr. Freiburg: Herder, 2001.<\/li><li>Marianne Rumpf: Perchten. Popul\u00e4re Glaubensgestalten zwischen Mythos und Katechese. W\u00fcrzburg: K\u00f6nigshausen und Neumann, 1991.<\/li><\/ul><\/footer>\t\t\t\t<\/div>\n\t\t\t\t<\/div>\n\t\t\t\t\t<\/div>\n\t\t\t\t<\/div>\n\t\t<div class=\"elementor-element elementor-element-iwgs-raeuchern-kwd e-flex e-con-boxed e-con e-parent\" data-id=\"iwgs-raeuchern-kwd\" data-element_type=\"container\" data-e-type=\"container\">\n\t\t\t\t\t<div class=\"e-con-inner\">\n\t\t<div class=\"elementor-element elementor-element-iw-raeuchern-kwd-bw e-con-full e-flex e-con e-child\" data-id=\"iw-raeuchern-kwd-bw\" data-element_type=\"container\" data-e-type=\"container\">\n\t\t\t\t<div class=\"elementor-element elementor-element-iwgs-raeuchern-kwdt elementor-widget elementor-widget-text-editor\" data-id=\"iwgs-raeuchern-kwdt\" data-element_type=\"widget\" data-e-type=\"widget\" data-widget_type=\"text-editor.default\">\n\t\t\t\t\t\t\t\t\t<p><em>Aiheeseen liittyv\u00e4t hakusanat: rauhnaechte raunaechte zwoelften raeuchern losnaechte perchtennacht.<\/em><\/p>\t\t\t\t\t\t\t\t<\/div>\n\t\t\t\t<\/div>\n\t\t\t\t\t<\/div>\n\t\t\t\t<\/div>\n\t\t<div class=\"elementor-element elementor-element-iwgs-raeuchern-cc e-flex e-con-boxed e-con e-parent\" data-id=\"iwgs-raeuchern-cc\" data-element_type=\"container\" data-e-type=\"container\" id=\"iwg-cc-raeuchern\">\n\t\t\t\t\t<div class=\"e-con-inner\">\n\t\t<div class=\"elementor-element elementor-element-iwgs-raeuchern-ccinner e-flex e-con-boxed e-con e-child\" data-id=\"iwgs-raeuchern-ccinner\" data-element_type=\"container\" data-e-type=\"container\" data-settings=\"{&quot;background_background&quot;:&quot;classic&quot;}\">\n\t\t\t\t\t<div class=\"e-con-inner\">\n\t\t\t\t<div class=\"elementor-element elementor-element-iwgs-raeuchern-cch elementor-widget elementor-widget-heading\" data-id=\"iwgs-raeuchern-cch\" data-element_type=\"widget\" data-e-type=\"widget\" data-widget_type=\"heading.default\">\n\t\t\t\t\t<h2 class=\"elementor-heading-title elementor-size-default\">iWell Guard ja suojelutraditiot<\/h2>\t\t\t\t<\/div>\n\t\t\t\t<div class=\"elementor-element elementor-element-iwgs-raeuchern-cct elementor-widget elementor-widget-text-editor\" data-id=\"iwgs-raeuchern-cct\" data-element_type=\"widget\" data-e-type=\"widget\" data-widget_type=\"text-editor.default\">\n\t\t\t\t\t\t\t\t\t<p>Savustusk\u00e4yt\u00e4nt\u00f6jen moninaisuus osoittaa, ett\u00e4 ihmiset eri maanosissa p\u00e4\u00e4tyiv\u00e4t samankaltaisiin johtop\u00e4\u00e4t\u00f6ksiin: tila tai henkil\u00f6 voidaan tietyill\u00e4 toimenpiteill\u00e4 saattaa tilaan, joka vaikeuttaa tai est\u00e4\u00e4 ulkopuolisen vaikutuksen.<\/p><p><a href=\"https:\/\/iwell-guard.com\/fi\/osta-iwell-guard-suojariipus\/\">iWell Guard<\/a> ammentaa n\u00e4ist\u00e4 perinteist\u00e4 ja tiivist\u00e4\u00e4 ne kannettavaan suojamerkkiin. Sen, mit\u00e4 kulttuurit saavuttivat tiloille savustamalla, riipuksen on tarkoitus saavuttaa henkil\u00f6lle: pysyv\u00e4, mukana kulkeva muistutus suojaustahdosta, joka ammentaa kulttuurien rajat ylitt\u00e4vist\u00e4 perinteist\u00e4.<\/p>\t\t\t\t\t\t\t\t<\/div>\n\t\t\t\t<div class=\"elementor-element elementor-element-iwgs-raeuchern-ccb iwg-cc-button iwg-cc-cta-2026-05-13 elementor-widget elementor-widget-jet-button\" data-id=\"iwgs-raeuchern-ccb\" data-element_type=\"widget\" data-e-type=\"widget\" data-widget_type=\"jet-button.default\">\n\t\t\t\t<div class=\"elementor-widget-container\">\n\t\t\t\t\t<div class=\"elementor-jet-button jet-elements\"><div class=\"jet-button__container\"><a class=\"jet-button__instance jet-button__instance--icon-left hover-effect-1\" href=\"\/schutzanhaenger-iwell-guard-kaufen\/?utm_source=iwell-guard.com&amp;utm_medium=info-box&amp;utm_campaign=schutzsymbole\"><div class=\"jet-button__plane jet-button__plane-normal\"><\/div><div class=\"jet-button__plane jet-button__plane-hover\"><\/div><div class=\"jet-button__state jet-button__state-normal\"><span class=\"jet-button__label\">Lis\u00e4\u00e4 iWell Guardista<\/span><\/div><div class=\"jet-button__state jet-button__state-hover\"><span class=\"jet-button__label\">Lis\u00e4\u00e4 iWell Guardista<\/span><\/div><\/a><\/div><\/div><style>.elementor-element.elementor-element-iwgs-raeuchern-ccb .jet-button__instance{width:320px;height:56px;}.elementor-element.elementor-element-iwgs-raeuchern-ccb .jet-button__state-normal .jet-button__label{text-align:center;margin:0px 0px 0px 0px;color:#1a1b20;font-family:Montserrat,sans-serif;font-size:13px;font-weight:400;letter-spacing:4px;line-height:1.714em;text-transform:uppercase;}.elementor-element.elementor-element-iwgs-raeuchern-ccb .jet-button__state-hover .jet-button__label{text-align:center;margin:0px 0px 0px 0px;color:#FECC76;font-family:Montserrat,sans-serif;font-size:13px;font-weight:400;letter-spacing:4px;line-height:1.714em;text-transform:uppercase;}.elementor-element.elementor-element-iwgs-raeuchern-ccb .jet-button__plane-normal{background-color:#FECC76;border-style:solid;border-color:#C99540;border-width:2px 2px 2px 2px;}.elementor-element.elementor-element-iwgs-raeuchern-ccb .jet-button__plane-hover{background-color:rgba(0,0,0,0.55);border-style:solid;border-color:#FECC76;border-width:2px 2px 2px 2px;}<\/style>\t\t\t\t<\/div>\n\t\t\t\t<\/div>\n\t\t\t\t<div class=\"elementor-element elementor-element-iwgs-raeuchern-ccd elementor-widget elementor-widget-text-editor\" data-id=\"iwgs-raeuchern-ccd\" data-element_type=\"widget\" data-e-type=\"widget\" data-widget_type=\"text-editor.default\">\n\t\t\t\t\t\t\t\t\t<p style=\"text-align:center;font-size:13px;opacity:0.7;margin-top:14px\" data-nosnippet=\"true\">Henkil\u00f6kohtaiset kokemukset voivat vaihdella. Ei l\u00e4\u00e4kinn\u00e4llinen laite. Ei paranemislupausta.<\/p>\t\t\t\t\t\t\t\t<\/div>\n\t\t\t\t\t<\/div>\n\t\t\t\t<\/div>\n\t\t\t\t\t<\/div>\n\t\t\t\t<\/div>\n\t\t<div class=\"elementor-element elementor-element-iwgs-raeuchern-disc e-flex e-con-boxed e-con e-parent\" data-id=\"iwgs-raeuchern-disc\" data-element_type=\"container\" data-e-type=\"container\">\n\t\t\t\t\t<div class=\"e-con-inner\">\n\t\t<div class=\"elementor-element elementor-element-iw-raeuchern-disc-bw e-con-full e-flex e-con e-child\" data-id=\"iw-raeuchern-disc-bw\" data-element_type=\"container\" data-e-type=\"container\">\n\t\t\t\t<div class=\"elementor-element elementor-element-iwgs-raeuchern-discw elementor-widget elementor-widget-html\" data-id=\"iwgs-raeuchern-discw\" data-element_type=\"widget\" data-e-type=\"widget\" data-widget_type=\"html.default\">\n\t\t\t\t\t<footer data-nosnippet=\"true\" class=\"iwg-disclaimer-block\"><p data-nosnippet=\"true\">iWell Guard <strong>ei ole l\u00e4\u00e4kinn\u00e4llinen laite<\/strong>, eik\u00e4 se korvaa l\u00e4\u00e4k\u00e4rin tai psykoterapeutin hoitoa. T\u00e4ss\u00e4 esitetyt sis\u00e4ll\u00f6t ovat uskontotieteellist\u00e4 ja kulttuurihistoriallista tarkastelua, eiv\u00e4t lupausta hengellisest\u00e4 vaikutuksesta.<\/p><\/footer>\t\t\t\t<\/div>\n\t\t\t\t<\/div>\n\t\t\t\t\t<\/div>\n\t\t\t\t<\/div>\n\t\t\t\t<\/div>\n\t\t","protected":false},"excerpt":{"rendered":"","protected":false},"author":1,"featured_media":4143,"parent":0,"menu_order":0,"comment_status":"closed","ping_status":"closed","template":"elementor_header_footer","meta":{"_yoast_wpseo_focuskw":"rauhn\u00e4chte","_yoast_wpseo_title":"Rauhn\u00e4chte: merkitys, rituaalit ja ajankohdat","_yoast_wpseo_metadesc":"Mit\u00e4 ovat Rauhn\u00e4chte? Vuosien v\u00e4listen kahdentoista y\u00f6n merkitys, tavat ja kiellot, suitsuttaminen ja ennustaminen, Frau Perchtasta Villiin mets\u00e4stykseen.","_yoast_wpseo_meta-robots-noindex":"","_yoast_wpseo_canonical":"","_angie_page":false,"gefaehrdungsstufe":"","wesen_kultur":"","wesen_klasse":"","footnotes":""},"categories":[],"class_list":["post-145105","page","type-page","status-publish","has-post-thumbnail","hentry"],"yoast_head":"<!-- This site is optimized with the Yoast SEO Premium plugin v27.7 (Yoast SEO v28.3) - https:\/\/yoast.com\/product\/yoast-seo-premium-wordpress\/ -->\n<title>Rauhn\u00e4chte: merkitys, rituaalit ja ajankohdat<\/title>\n<meta name=\"description\" content=\"Mit\u00e4 ovat Rauhn\u00e4chte? Vuosien v\u00e4listen kahdentoista y\u00f6n merkitys, tavat ja kiellot, suitsuttaminen ja ennustaminen, Frau Perchtasta Villiin mets\u00e4stykseen.\" \/>\n<meta name=\"robots\" content=\"index, follow, max-snippet:-1, max-image-preview:large, max-video-preview:-1\" \/>\n<link rel=\"canonical\" href=\"https:\/\/iwell-guard.com\/fi\/rauhnachtet\/\" \/>\n<meta property=\"og:locale\" content=\"fi_FI\" \/>\n<meta property=\"og:type\" content=\"article\" \/>\n<meta property=\"og:title\" content=\"Rauhn\u00e4chte\" \/>\n<meta property=\"og:description\" content=\"Mit\u00e4 ovat Rauhn\u00e4chte? Vuosien v\u00e4listen kahdentoista y\u00f6n merkitys, tavat ja kiellot, suitsuttaminen ja ennustaminen, Frau Perchtasta Villiin mets\u00e4stykseen.\" \/>\n<meta property=\"og:url\" content=\"https:\/\/iwell-guard.com\/fi\/rauhnachtet\/\" \/>\n<meta property=\"og:site_name\" content=\"iWell Guard\" \/>\n<meta property=\"article:modified_time\" content=\"2026-09-03T13:16:44+00:00\" \/>\n<meta property=\"og:image\" content=\"https:\/\/iwell-guard.com\/wp-content\/uploads\/2026\/05\/schutzsymbol_universell_raeuchern-683x1024.png\" \/>\n\t<meta property=\"og:image:width\" content=\"683\" \/>\n\t<meta property=\"og:image:height\" content=\"1024\" \/>\n\t<meta property=\"og:image:type\" content=\"image\/png\" \/>\n<meta name=\"twitter:card\" content=\"summary_large_image\" \/>\n<script type=\"application\/ld+json\" class=\"yoast-schema-graph\">{\"@context\":\"https:\\\/\\\/schema.org\",\"@graph\":[{\"@type\":\"WebPage\",\"@id\":\"https:\\\/\\\/iwell-guard.com\\\/fi\\\/rauhnachtet\\\/\",\"url\":\"https:\\\/\\\/iwell-guard.com\\\/fi\\\/rauhnachtet\\\/\",\"name\":\"Rauhn\u00e4chte: merkitys, rituaalit ja ajankohdat\",\"isPartOf\":{\"@id\":\"https:\\\/\\\/iwell-guard.com\\\/fi\\\/#website\"},\"primaryImageOfPage\":{\"@id\":\"https:\\\/\\\/iwell-guard.com\\\/fi\\\/rauhnachtet\\\/#primaryimage\"},\"image\":{\"@id\":\"https:\\\/\\\/iwell-guard.com\\\/fi\\\/rauhnachtet\\\/#primaryimage\"},\"thumbnailUrl\":\"https:\\\/\\\/iwell-guard.com\\\/wp-content\\\/uploads\\\/2026\\\/05\\\/schutzsymbol_universell_raeuchern.png\",\"datePublished\":\"2026-09-03T12:42:38+00:00\",\"dateModified\":\"2026-09-03T13:16:44+00:00\",\"description\":\"Mit\u00e4 ovat Rauhn\u00e4chte? Vuosien v\u00e4listen kahdentoista y\u00f6n merkitys, tavat ja kiellot, suitsuttaminen ja ennustaminen, Frau Perchtasta Villiin mets\u00e4stykseen.\",\"breadcrumb\":{\"@id\":\"https:\\\/\\\/iwell-guard.com\\\/fi\\\/rauhnachtet\\\/#breadcrumb\"},\"inLanguage\":\"fi\",\"potentialAction\":[{\"@type\":\"ReadAction\",\"target\":[\"https:\\\/\\\/iwell-guard.com\\\/fi\\\/rauhnachtet\\\/\"]}]},{\"@type\":\"ImageObject\",\"inLanguage\":\"fi\",\"@id\":\"https:\\\/\\\/iwell-guard.com\\\/fi\\\/rauhnachtet\\\/#primaryimage\",\"url\":\"https:\\\/\\\/iwell-guard.com\\\/wp-content\\\/uploads\\\/2026\\\/05\\\/schutzsymbol_universell_raeuchern.png\",\"contentUrl\":\"https:\\\/\\\/iwell-guard.com\\\/wp-content\\\/uploads\\\/2026\\\/05\\\/schutzsymbol_universell_raeuchern.png\",\"width\":1024,\"height\":1536,\"caption\":\"Suitsutus ja puhdistus \u2013 kohoava savu puhdistumisen vertauskuvana\"},{\"@type\":\"BreadcrumbList\",\"@id\":\"https:\\\/\\\/iwell-guard.com\\\/fi\\\/rauhnachtet\\\/#breadcrumb\",\"itemListElement\":[{\"@type\":\"ListItem\",\"position\":1,\"name\":\"Start\",\"item\":\"https:\\\/\\\/iwell-guard.com\\\/fi\\\/?page_id=143815\"},{\"@type\":\"ListItem\",\"position\":2,\"name\":\"Rauhn\u00e4chte\"}]},{\"@type\":\"WebSite\",\"@id\":\"https:\\\/\\\/iwell-guard.com\\\/fi\\\/#website\",\"url\":\"https:\\\/\\\/iwell-guard.com\\\/fi\\\/\",\"name\":\"iWell Guard\",\"description\":\"Schutz vor dunklen Einfl\u00fcssen\",\"publisher\":{\"@id\":\"https:\\\/\\\/iwell-guard.com\\\/fi\\\/#organization\"},\"potentialAction\":[{\"@type\":\"SearchAction\",\"target\":{\"@type\":\"EntryPoint\",\"urlTemplate\":\"https:\\\/\\\/iwell-guard.com\\\/fi\\\/?s={search_term_string}\"},\"query-input\":{\"@type\":\"PropertyValueSpecification\",\"valueRequired\":true,\"valueName\":\"search_term_string\"}}],\"inLanguage\":\"fi\"},{\"@type\":\"Organization\",\"@id\":\"https:\\\/\\\/iwell-guard.com\\\/fi\\\/#organization\",\"name\":\"Ittermann electronic GmbH\",\"url\":\"https:\\\/\\\/iwell-guard.com\\\/fi\\\/\",\"logo\":{\"@type\":\"ImageObject\",\"inLanguage\":\"fi\",\"@id\":\"https:\\\/\\\/iwell-guard.com\\\/fi\\\/#\\\/schema\\\/logo\\\/image\\\/\",\"url\":\"https:\\\/\\\/iwell-guard.com\\\/wp-content\\\/uploads\\\/2026\\\/05\\\/Ittermann-Logo-1182x237-1.png\",\"contentUrl\":\"https:\\\/\\\/iwell-guard.com\\\/wp-content\\\/uploads\\\/2026\\\/05\\\/Ittermann-Logo-1182x237-1.png\",\"width\":1182,\"height\":237,\"caption\":\"Ittermann electronic GmbH\"},\"image\":{\"@id\":\"https:\\\/\\\/iwell-guard.com\\\/fi\\\/#\\\/schema\\\/logo\\\/image\\\/\"},\"sameAs\":[\"https:\\\/\\\/pantip.com\\\/profile\\\/9367242\",\"https:\\\/\\\/micro.blog\\\/iwellguard\",\"https:\\\/\\\/www.diggerslist.com\\\/iwellguard\\\/about\",\"https:\\\/\\\/skitterphoto.com\\\/photographers\\\/2870314\\\/iwell-guard\",\"https:\\\/\\\/iwellguard.wordpress.com\\\/2026\\\/06\\\/06\\\/iwell-guard\\\/\",\"https:\\\/\\\/hub.docker.com\\\/u\\\/iwellguard\",\"https:\\\/\\\/www.pinterest.com\\\/iwellguard\\\/\",\"https:\\\/\\\/bit.ly\\\/m\\\/iwellguard\",\"https:\\\/\\\/entre-vos-mains.alsace.eu\\\/profiles\\\/iwellguard\\\/activity\",\"https:\\\/\\\/gravatar.com\\\/reallybeded8fd34\",\"https:\\\/\\\/naijamatta.com\\\/iwellguard\",\"https:\\\/\\\/www.goodreads.com\\\/iwellguard\",\"https:\\\/\\\/profile.hatena.ne.jp\\\/iwellguard\\\/\",\"https:\\\/\\\/experiment.com\\\/users\\\/iwellguard\",\"https:\\\/\\\/wakelet.com\\\/@iWellGuard82270\",\"https:\\\/\\\/www.chordie.com\\\/forum\\\/profile.php?id=2555664\",\"https:\\\/\\\/www.instapaper.com\\\/p\\\/17757966\",\"https:\\\/\\\/www.mapleprimes.com\\\/users\\\/iwellguard\",\"https:\\\/\\\/businesslistingplus.com\\\/profile\\\/iwell-guard\\\/\",\"https:\\\/\\\/telegra.ph\\\/iWell-Guard-06-06\",\"https:\\\/\\\/pbase.com\\\/iwellguard\\\/iwellguard\",\"https:\\\/\\\/b.hatena.ne.jp\\\/iwellguard\\\/20260607#bookmark-4788405196491818882\",\"https:\\\/\\\/fliphtml5.com\\\/home\\\/iwellguard\",\"https:\\\/\\\/anyflip.com\\\/homepage\\\/cmiwl#About\",\"https:\\\/\\\/transfur.com\\\/Users\\\/iwellguard\",\"http:\\\/\\\/delphi.larsbo.org\\\/user\\\/iwellguard\",\"https:\\\/\\\/jobs.lajobsportal.org\\\/profiles\\\/8380803-iwell-guard\",\"https:\\\/\\\/md.chaosdorf.de\\\/s\\\/jfbe5SBdJD\",\"https:\\\/\\\/www.lingvolive.com\\\/en-us\\\/profile\\\/9ecaeaca-ce11-4e51-9e71-01d55e2bff36\\\/translations\",\"https:\\\/\\\/www.fitday.com\\\/fitness\\\/forums\\\/members\\\/iwellguard.html\",\"https:\\\/\\\/www.mymeetbook.com\\\/iwellguard\",\"https:\\\/\\\/pxhere.com\\\/en\\\/photographer-me\\\/5040798\",\"https:\\\/\\\/disqus.com\\\/by\\\/iwellguard\\\/about\\\/\",\"https:\\\/\\\/pastelink.net\\\/hjwciqwq\",\"https:\\\/\\\/pubhtml5.com\\\/homepage\\\/scjhn\\\/\",\"https:\\\/\\\/www.bitchute.com\\\/channel\\\/2O2eOKzNqujT\",\"https:\\\/\\\/audiomack.com\\\/iwellguard\"]}]}<\/script>\n<!-- \/ Yoast SEO Premium plugin. -->","yoast_head_json":{"title":"Rauhn\u00e4chte: merkitys, rituaalit ja ajankohdat","description":"Mit\u00e4 ovat Rauhn\u00e4chte? Vuosien v\u00e4listen kahdentoista y\u00f6n merkitys, tavat ja kiellot, suitsuttaminen ja ennustaminen, Frau Perchtasta Villiin mets\u00e4stykseen.","robots":{"index":"index","follow":"follow","max-snippet":"max-snippet:-1","max-image-preview":"max-image-preview:large","max-video-preview":"max-video-preview:-1"},"canonical":"https:\/\/iwell-guard.com\/fi\/rauhnachtet\/","og_locale":"fi_FI","og_type":"article","og_title":"Rauhn\u00e4chte","og_description":"Mit\u00e4 ovat Rauhn\u00e4chte? Vuosien v\u00e4listen kahdentoista y\u00f6n merkitys, tavat ja kiellot, suitsuttaminen ja ennustaminen, Frau Perchtasta Villiin mets\u00e4stykseen.","og_url":"https:\/\/iwell-guard.com\/fi\/rauhnachtet\/","og_site_name":"iWell Guard","article_modified_time":"2026-09-03T13:16:44+00:00","og_image":[{"width":683,"height":1024,"url":"https:\/\/iwell-guard.com\/wp-content\/uploads\/2026\/05\/schutzsymbol_universell_raeuchern-683x1024.png","type":"image\/png"}],"twitter_card":"summary_large_image","schema":{"@context":"https:\/\/schema.org","@graph":[{"@type":"WebPage","@id":"https:\/\/iwell-guard.com\/fi\/rauhnachtet\/","url":"https:\/\/iwell-guard.com\/fi\/rauhnachtet\/","name":"Rauhn\u00e4chte: merkitys, rituaalit ja ajankohdat","isPartOf":{"@id":"https:\/\/iwell-guard.com\/fi\/#website"},"primaryImageOfPage":{"@id":"https:\/\/iwell-guard.com\/fi\/rauhnachtet\/#primaryimage"},"image":{"@id":"https:\/\/iwell-guard.com\/fi\/rauhnachtet\/#primaryimage"},"thumbnailUrl":"https:\/\/iwell-guard.com\/wp-content\/uploads\/2026\/05\/schutzsymbol_universell_raeuchern.png","datePublished":"2026-09-03T12:42:38+00:00","dateModified":"2026-09-03T13:16:44+00:00","description":"Mit\u00e4 ovat Rauhn\u00e4chte? Vuosien v\u00e4listen kahdentoista y\u00f6n merkitys, tavat ja kiellot, suitsuttaminen ja ennustaminen, Frau Perchtasta Villiin mets\u00e4stykseen.","breadcrumb":{"@id":"https:\/\/iwell-guard.com\/fi\/rauhnachtet\/#breadcrumb"},"inLanguage":"fi","potentialAction":[{"@type":"ReadAction","target":["https:\/\/iwell-guard.com\/fi\/rauhnachtet\/"]}]},{"@type":"ImageObject","inLanguage":"fi","@id":"https:\/\/iwell-guard.com\/fi\/rauhnachtet\/#primaryimage","url":"https:\/\/iwell-guard.com\/wp-content\/uploads\/2026\/05\/schutzsymbol_universell_raeuchern.png","contentUrl":"https:\/\/iwell-guard.com\/wp-content\/uploads\/2026\/05\/schutzsymbol_universell_raeuchern.png","width":1024,"height":1536,"caption":"Suitsutus ja puhdistus \u2013 kohoava savu puhdistumisen vertauskuvana"},{"@type":"BreadcrumbList","@id":"https:\/\/iwell-guard.com\/fi\/rauhnachtet\/#breadcrumb","itemListElement":[{"@type":"ListItem","position":1,"name":"Start","item":"https:\/\/iwell-guard.com\/fi\/?page_id=143815"},{"@type":"ListItem","position":2,"name":"Rauhn\u00e4chte"}]},{"@type":"WebSite","@id":"https:\/\/iwell-guard.com\/fi\/#website","url":"https:\/\/iwell-guard.com\/fi\/","name":"iWell Guard","description":"Schutz vor dunklen Einfl\u00fcssen","publisher":{"@id":"https:\/\/iwell-guard.com\/fi\/#organization"},"potentialAction":[{"@type":"SearchAction","target":{"@type":"EntryPoint","urlTemplate":"https:\/\/iwell-guard.com\/fi\/?s={search_term_string}"},"query-input":{"@type":"PropertyValueSpecification","valueRequired":true,"valueName":"search_term_string"}}],"inLanguage":"fi"},{"@type":"Organization","@id":"https:\/\/iwell-guard.com\/fi\/#organization","name":"Ittermann electronic GmbH","url":"https:\/\/iwell-guard.com\/fi\/","logo":{"@type":"ImageObject","inLanguage":"fi","@id":"https:\/\/iwell-guard.com\/fi\/#\/schema\/logo\/image\/","url":"https:\/\/iwell-guard.com\/wp-content\/uploads\/2026\/05\/Ittermann-Logo-1182x237-1.png","contentUrl":"https:\/\/iwell-guard.com\/wp-content\/uploads\/2026\/05\/Ittermann-Logo-1182x237-1.png","width":1182,"height":237,"caption":"Ittermann electronic GmbH"},"image":{"@id":"https:\/\/iwell-guard.com\/fi\/#\/schema\/logo\/image\/"},"sameAs":["https:\/\/pantip.com\/profile\/9367242","https:\/\/micro.blog\/iwellguard","https:\/\/www.diggerslist.com\/iwellguard\/about","https:\/\/skitterphoto.com\/photographers\/2870314\/iwell-guard","https:\/\/iwellguard.wordpress.com\/2026\/06\/06\/iwell-guard\/","https:\/\/hub.docker.com\/u\/iwellguard","https:\/\/www.pinterest.com\/iwellguard\/","https:\/\/bit.ly\/m\/iwellguard","https:\/\/entre-vos-mains.alsace.eu\/profiles\/iwellguard\/activity","https:\/\/gravatar.com\/reallybeded8fd34","https:\/\/naijamatta.com\/iwellguard","https:\/\/www.goodreads.com\/iwellguard","https:\/\/profile.hatena.ne.jp\/iwellguard\/","https:\/\/experiment.com\/users\/iwellguard","https:\/\/wakelet.com\/@iWellGuard82270","https:\/\/www.chordie.com\/forum\/profile.php?id=2555664","https:\/\/www.instapaper.com\/p\/17757966","https:\/\/www.mapleprimes.com\/users\/iwellguard","https:\/\/businesslistingplus.com\/profile\/iwell-guard\/","https:\/\/telegra.ph\/iWell-Guard-06-06","https:\/\/pbase.com\/iwellguard\/iwellguard","https:\/\/b.hatena.ne.jp\/iwellguard\/20260607#bookmark-4788405196491818882","https:\/\/fliphtml5.com\/home\/iwellguard","https:\/\/anyflip.com\/homepage\/cmiwl#About","https:\/\/transfur.com\/Users\/iwellguard","http:\/\/delphi.larsbo.org\/user\/iwellguard","https:\/\/jobs.lajobsportal.org\/profiles\/8380803-iwell-guard","https:\/\/md.chaosdorf.de\/s\/jfbe5SBdJD","https:\/\/www.lingvolive.com\/en-us\/profile\/9ecaeaca-ce11-4e51-9e71-01d55e2bff36\/translations","https:\/\/www.fitday.com\/fitness\/forums\/members\/iwellguard.html","https:\/\/www.mymeetbook.com\/iwellguard","https:\/\/pxhere.com\/en\/photographer-me\/5040798","https:\/\/disqus.com\/by\/iwellguard\/about\/","https:\/\/pastelink.net\/hjwciqwq","https:\/\/pubhtml5.com\/homepage\/scjhn\/","https:\/\/www.bitchute.com\/channel\/2O2eOKzNqujT","https:\/\/audiomack.com\/iwellguard"]}]}},"_links":{"self":[{"href":"https:\/\/iwell-guard.com\/fi\/wp-json\/wp\/v2\/pages\/145105","targetHints":{"allow":["GET"]}}],"collection":[{"href":"https:\/\/iwell-guard.com\/fi\/wp-json\/wp\/v2\/pages"}],"about":[{"href":"https:\/\/iwell-guard.com\/fi\/wp-json\/wp\/v2\/types\/page"}],"author":[{"embeddable":true,"href":"https:\/\/iwell-guard.com\/fi\/wp-json\/wp\/v2\/users\/1"}],"replies":[{"embeddable":true,"href":"https:\/\/iwell-guard.com\/fi\/wp-json\/wp\/v2\/comments?post=145105"}],"version-history":[{"count":0,"href":"https:\/\/iwell-guard.com\/fi\/wp-json\/wp\/v2\/pages\/145105\/revisions"}],"wp:featuredmedia":[{"embeddable":true,"href":"https:\/\/iwell-guard.com\/fi\/wp-json\/wp\/v2\/media\/4143"}],"wp:attachment":[{"href":"https:\/\/iwell-guard.com\/fi\/wp-json\/wp\/v2\/media?parent=145105"}],"wp:term":[{"taxonomy":"category","embeddable":true,"href":"https:\/\/iwell-guard.com\/fi\/wp-json\/wp\/v2\/categories?post=145105"}],"curies":[{"name":"wp","href":"https:\/\/api.w.org\/{rel}","templated":true}]}}