{"id":145096,"date":"2026-09-03T12:42:33","date_gmt":"2026-09-03T12:42:33","guid":{"rendered":"https:\/\/iwell-guard.com\/?page_id=145096"},"modified":"2026-09-03T13:16:32","modified_gmt":"2026-09-03T13:16:32","slug":"alppitarut","status":"publish","type":"page","link":"https:\/\/iwell-guard.com\/fi\/alppitarut\/","title":{"rendered":"Alppitarut"},"content":{"rendered":"\t\t<div data-elementor-type=\"wp-page\" data-elementor-id=\"145096\" class=\"elementor elementor-145096 elementor-20578 elementor-bc-flex-widget\" data-elementor-post-type=\"page\">\n\t\t\t\t<div class=\"elementor-element elementor-element-iwgcn-sami-hero iwg-kultur-hero e-flex e-con-boxed e-con e-parent\" data-id=\"iwgcn-sami-hero\" data-element_type=\"container\" data-e-type=\"container\">\n\t\t\t\t\t<div class=\"e-con-inner\">\n\t\t<div class=\"elementor-element elementor-element-iwgcn-sami-hl iwg-kultur-hero-left e-flex e-con-boxed e-con e-child\" data-id=\"iwgcn-sami-hl\" data-element_type=\"container\" data-e-type=\"container\">\n\t\t\t\t\t<div class=\"e-con-inner\">\n\t\t\t\t<div class=\"elementor-element elementor-element-iwgcn-sami-h1 elementor-widget elementor-widget-heading\" data-id=\"iwgcn-sami-h1\" data-element_type=\"widget\" data-e-type=\"widget\" data-widget_type=\"heading.default\">\n\t\t\t\t\t<h1 class=\"elementor-heading-title elementor-size-default\">Perchta, Krampus ja Alppien tarumaailma<\/h1>\t\t\t\t<\/div>\n\t\t<div class=\"elementor-element elementor-element-iwgcn-sami-leadc e-con-full e-flex e-con e-child\" data-id=\"iwgcn-sami-leadc\" data-element_type=\"container\" data-e-type=\"container\">\n\t\t\t\t<div class=\"elementor-element elementor-element-iwgcn-sami-lead elementor-widget elementor-widget-text-editor\" data-id=\"iwgcn-sami-lead\" data-element_type=\"widget\" data-e-type=\"widget\" data-widget_type=\"text-editor.default\">\n\t\t\t\t\t\t\t\t\t<p>Alppien alueen tarumaailma, Baijerista It\u00e4vallan ja Sveitsin kautta Etel\u00e4-Tiroliin, yhdist\u00e4\u00e4 talvisen Rauhn\u00e4chte-perinteen Perchtan ja Krampuksen kanssa, alppimajan henki\u00e4 kuten Kasermandlin, painajaisolentoja kuten Drudia ja Toggelia sek\u00e4 vuoristotarinoita Tatzelwurmista. N\u00e4m\u00e4 perinteet kietoutuvat tiiviisti maanviljelij\u00f6iden alppi- ja vuoristotalouteen, katoliseen kirkkovuoteen ja paikallisiin tapoihin, kuten Perchtenl\u00e4ufe-kulkueisiin.<\/p>\n<p class=\"iwg-kwfix\">Alppitarut k\u00e4sitt\u00e4v\u00e4t suuren joukon alueellisesti erilaisia olentoja, mets\u00e4nneidosta vuorenpeikkoon, jotka el\u00e4v\u00e4t yh\u00e4 t\u00e4n\u00e4kin p\u00e4iv\u00e4n\u00e4 alppialueiden tavoissa, kertomuksissa ja matkailussa.<\/p>\t\t\t\t\t\t\t\t<\/div>\n\t\t\t\t<\/div>\n\t\t\t\t\t<\/div>\n\t\t\t\t<\/div>\n\t\t<div class=\"elementor-element elementor-element-iwgcn-sami-hr iwg-kultur-hero-right e-flex e-con-boxed e-con e-child\" data-id=\"iwgcn-sami-hr\" data-element_type=\"container\" data-e-type=\"container\">\n\t\t\t\t\t<div class=\"e-con-inner\">\n\t\t\t\t<div class=\"elementor-element elementor-element-iwgcn-sami-himg iwg-hero-image elementor-widget elementor-widget-image\" data-id=\"iwgcn-sami-himg\" data-element_type=\"widget\" data-e-type=\"widget\" data-widget_type=\"image.default\">\n\t\t\t\t\t\t\t\t\t\t\t\t\t\t\t<img fetchpriority=\"high\" decoding=\"async\" width=\"683\" height=\"1024\" src=\"https:\/\/iwell-guard.com\/wp-content\/uploads\/2026\/05\/goetter_sami_beaivi-683x1024.webp\" class=\"attachment-large size-large wp-image-148753\" alt=\"Beaivi \u2013 jumalia saamelaisesta perinteest\u00e4, historiallis-havainnollinen kuva\" srcset=\"https:\/\/iwell-guard.com\/wp-content\/uploads\/2026\/05\/goetter_sami_beaivi-683x1024.webp 683w, https:\/\/iwell-guard.com\/wp-content\/uploads\/2026\/05\/goetter_sami_beaivi-200x300.webp 200w, https:\/\/iwell-guard.com\/wp-content\/uploads\/2026\/05\/goetter_sami_beaivi-768x1152.webp 768w, https:\/\/iwell-guard.com\/wp-content\/uploads\/2026\/05\/goetter_sami_beaivi.webp 1024w\" sizes=\"(max-width: 683px) 100vw, 683px\" \/>\t\t\t\t\t\t\t\t\t\t\t\t\t\t\t<\/div>\n\t\t\t\t\t<\/div>\n\t\t\t\t<\/div>\n\t\t\t\t\t<\/div>\n\t\t\t\t<\/div>\n\t\t\t\t<section class=\"elementor-section elementor-top-section elementor-element elementor-element-sec-iwgcomp-sami elementor-section-boxed elementor-section-height-default elementor-section-height-default\" data-id=\"sec-iwgcomp-sami\" data-element_type=\"section\" data-e-type=\"section\">\n\t\t\t\t\t\t<div class=\"elementor-container elementor-column-gap-default\">\n\t\t\t\t\t<div class=\"elementor-column elementor-col-100 elementor-top-column elementor-element elementor-element-col-iwgcomp-sami\" data-id=\"col-iwgcomp-sami\" data-element_type=\"column\" data-e-type=\"column\">\n\t\t\t<div class=\"elementor-widget-wrap elementor-element-populated\">\n\t\t\t\t\t\t<div class=\"elementor-element elementor-element-iwgcomp-sami elementor-widget elementor-widget-text-editor\" data-id=\"iwgcomp-sami\" data-element_type=\"widget\" data-e-type=\"widget\" data-widget_type=\"text-editor.default\">\n\t\t\t\t\t\t\t\t\t<p>Alpeille ominainen <strong><span class=\"iwg-fachbegriff\" data-tooltip=\"Kaksitoista y\u00f6t\u00e4 joulun ja loppiaisen v\u00e4lill\u00e4, joille kansanuskossa on annettu erityisi\u00e4 voimia.\" tabindex=\"0\">Rauhnacht-perinne<\/span><\/strong> muodostaa kehyksen suurimmalle osalle Alppien talvisista tarunhenkil\u00f6ist\u00e4.<\/p>\n<p class=\"iwg-kwfix\">Alppitarut jakautuvat Rauhnacht-hahmoihin, kuten <a href=\"https:\/\/iwell-guard.com\/fi\/?page_id=145059\">Perchta<\/a> ja <a href=\"https:\/\/iwell-guard.com\/fi\/?page_id=145058\">Krampus<\/a>, alppimajan henkiin, kuten <a href=\"https:\/\/iwell-guard.com\/fi\/?page_id=145071\">Kasermandl<\/a> ja <a href=\"https:\/\/iwell-guard.com\/fi\/?page_id=145070\">Venedigermandl<\/a>, painajaisolentoihin, kuten <a href=\"https:\/\/iwell-guard.com\/fi\/?page_id=145062\">Drud<\/a> ja <a href=\"https:\/\/iwell-guard.com\/fi\/?page_id=145064\">Toggeli<\/a>, sek\u00e4 vuoristotarinoihin, joissa esiintyy <a href=\"https:\/\/iwell-guard.com\/fi\/tatzelwurm\/\">Tatzelwurm<\/a>. Niit\u00e4 kerrotaan yh\u00e4 t\u00e4n\u00e4kin p\u00e4iv\u00e4n\u00e4 Baijerissa, It\u00e4vallassa, Sveitsiss\u00e4 ja Etel\u00e4-Tirolissa.<\/p>\t\t\t\t\t\t\t\t<\/div>\n\t\t\t\t\t<\/div>\n\t\t<\/div>\n\t\t\t\t\t<\/div>\n\t\t<\/section>\n\t\t<div class=\"elementor-element elementor-element-iwgcn-sami-s0 e-flex e-con-boxed e-con e-parent\" data-id=\"iwgcn-sami-s0\" data-element_type=\"container\" data-e-type=\"container\">\n\t\t\t\t\t<div class=\"e-con-inner\">\n\t\t\t\t<div class=\"elementor-element elementor-element-iwgcn-sami-s0h elementor-widget elementor-widget-heading\" data-id=\"iwgcn-sami-s0h\" data-element_type=\"widget\" data-e-type=\"widget\" data-widget_type=\"heading.default\">\n\t\t\t\t\t<h2 class=\"elementor-heading-title elementor-size-default\">Baijeri, It\u00e4valta, Sveitsi, Etel\u00e4-Tirol: Alppien uskonnollinen maisema<\/h2>\t\t\t\t<\/div>\n\t\t<div class=\"elementor-element elementor-element-iwgcn-sami-s0-c e-con-full e-flex e-con e-child\" data-id=\"iwgcn-sami-s0-c\" data-element_type=\"container\" data-e-type=\"container\">\n\t\t\t\t<div class=\"elementor-element elementor-element-iwgcn-sami-s0t elementor-widget elementor-widget-text-editor\" data-id=\"iwgcn-sami-s0t\" data-element_type=\"widget\" data-e-type=\"widget\" data-widget_type=\"text-editor.default\">\n\t\t\t\t\t\t\t\t\t<p>Alppien alue on p\u00e4\u00e4osin roomalaiskatolinen, ja Sveitsin osissa on protestanttisia enemmist\u00f6j\u00e4. Tarumaailma kehittyi vuosisatojen kuluessa kirkollisen hartauden ja vanhempien, esikristillisten luonnon- ja vuoriolentok\u00e4sitysten v\u00e4lisess\u00e4 j\u00e4nnitteess\u00e4, joilla oli k\u00e4yt\u00e4nn\u00f6n merkityst\u00e4 maanviljelij\u00f6iden alppi- ja vuoristotaloudessa.<\/p>\n<p>Baijerista Tirolin, Vorarlbergin ja Sveitsin kautta Etel\u00e4-Tiroliin nimet ja tarunhenkil\u00f6iden ilmenemismuodot vaihtelevat huomattavasti; Tirolin Kasermandl ei v\u00e4ltt\u00e4m\u00e4tt\u00e4 ole samanlainen kuin vastaava hahmo Berner Oberlandissa. T\u00e4m\u00e4 moninaisuus kuvastaa alppilaaksojen pienipiirteisyytt\u00e4, joissa kertomusperinteet ovat voineet kehitty\u00e4 vuosisatojen ajan suhteellisen eristyksiss\u00e4.<\/p>\n<p class=\"iwg-kwfix\">T\u00e4m\u00e4n perinteen peruspiirteet: vuosikalenteri, jossa Rauhn\u00e4chte toimivat kynnysaikana, alppimajan henget laidun- ja karjanvartijoina, painajaisolennot selityksin\u00e4 painajaisille ja vuoristotarinat selityksin\u00e4 korkeavuoriston selitt\u00e4m\u00e4tt\u00f6mille luonnonilmi\u00f6ille.<\/p>\t\t\t\t\t\t\t\t<\/div>\n\t\t\t\t<\/div>\n\t\t\t\t\t<\/div>\n\t\t\t\t<\/div>\n\t\t<div class=\"elementor-element elementor-element-iwgcn-sami-s1 e-flex e-con-boxed e-con e-parent\" data-id=\"iwgcn-sami-s1\" data-element_type=\"container\" data-e-type=\"container\">\n\t\t\t\t\t<div class=\"e-con-inner\">\n\t\t\t\t<div class=\"elementor-element elementor-element-iwgcn-sami-s1h elementor-widget elementor-widget-heading\" data-id=\"iwgcn-sami-s1h\" data-element_type=\"widget\" data-e-type=\"widget\" data-widget_type=\"heading.default\">\n\t\t\t\t\t<h2 class=\"elementor-heading-title elementor-size-default\">Perchta ja Rauhn\u00e4chte<\/h2>\t\t\t\t<\/div>\n\t\t<div class=\"elementor-element elementor-element-iwgcn-sami-s1-c e-con-full e-flex e-con e-child\" data-id=\"iwgcn-sami-s1-c\" data-element_type=\"container\" data-e-type=\"container\">\n\t\t\t\t<div class=\"elementor-element elementor-element-iwgcn-sami-s1t elementor-widget elementor-widget-text-editor\" data-id=\"iwgcn-sami-s1t\" data-element_type=\"widget\" data-e-type=\"widget\" data-widget_type=\"text-editor.default\">\n\t\t\t\t\t\t\t\t\t<p><a href=\"https:\/\/iwell-guard.com\/fi\/?page_id=145059\">Perchta<\/a>, joka tunnetaan my\u00f6s nimill\u00e4 Frau Percht tai Berchta, on yksi Alppien talvisen tapaperinteen keskeisist\u00e4 hahmoista, jota kunnioitetaan ja pel\u00e4t\u00e4\u00e4n samanaikaisesti riistan, talon ja palvelusv\u00e4en valtiattarena. Perim\u00e4tiedon mukaan h\u00e4n kulkee seurueensa kanssa kylien ja tilojen l\u00e4pi joulun ja loppiaisen v\u00e4lisin\u00e4 Rauhn\u00e4chte-\u00f6in\u00e4, tarkastaa ahkeruuden ja j\u00e4rjestyksen sek\u00e4 rankaisee laiminly\u00f6nneist\u00e4.<\/p>\n<p>Perchtenl\u00e4ufe-kulkueissa esiintyy nyky\u00e4\u00e4nkin Schiachperchten-hahmoja, &#8220;schiach&#8221; tarkoittaa rumaa, eli rumia hahmoja irvokkaine naamareineen ja turkkeineen, sek\u00e4 Sch\u00f6nperchten-hahmoja komeissa asuissa. Tapa on s\u00e4ilynyt erityisen elinvoimaisena Salzburgissa, Tirolissa ja niiden l\u00e4hialueilla, ja sen tarkoituksena on \u00e4\u00e4nekk\u00e4\u00e4sti karkottaa pahoja henki\u00e4.<\/p>\t\t\t\t\t\t\t\t<\/div>\n\t\t\t\t<\/div>\n\t\t\t\t\t<\/div>\n\t\t\t\t<\/div>\n\t\t<div class=\"elementor-element elementor-element-iwgcn-sami-s2 e-flex e-con-boxed e-con e-parent\" data-id=\"iwgcn-sami-s2\" data-element_type=\"container\" data-e-type=\"container\">\n\t\t\t\t\t<div class=\"e-con-inner\">\n\t\t\t\t<div class=\"elementor-element elementor-element-iwgcn-sami-s2h elementor-widget elementor-widget-heading\" data-id=\"iwgcn-sami-s2h\" data-element_type=\"widget\" data-e-type=\"widget\" data-widget_type=\"heading.default\">\n\t\t\t\t\t<h2 class=\"elementor-heading-title elementor-size-default\">Krampus: Nikolauksen seuralainen<\/h2>\t\t\t\t<\/div>\n\t\t<div class=\"elementor-element elementor-element-iwgcn-sami-s2-c e-con-full e-flex e-con e-child\" data-id=\"iwgcn-sami-s2-c\" data-element_type=\"container\" data-e-type=\"container\">\n\t\t\t\t<div class=\"elementor-element elementor-element-iwgcn-sami-s2t elementor-widget elementor-widget-text-editor\" data-id=\"iwgcn-sami-s2t\" data-element_type=\"widget\" data-e-type=\"widget\" data-widget_type=\"text-editor.default\">\n\t\t\t\t\t\t\t\t\t<p><a href=\"https:\/\/iwell-guard.com\/fi\/?page_id=145058\">Krampus<\/a> esiintyy Alppien alueella pyh\u00e4n Nikolauksen p\u00e4iv\u00e4n aattona, joulukuun 5. p\u00e4iv\u00e4n\u00e4, pyh\u00e4n Nikolauksen synkk\u00e4n\u00e4 vastinparina. H\u00e4nell\u00e4 on sarvet, turkki, kahleet ja vitsa, ja h\u00e4nen teht\u00e4v\u00e4n\u00e4\u00e4n on pelotella tuhmia lapsia. Hahmon t\u00e4sm\u00e4llinen alkuper\u00e4 ei ole uskontotieteellisesti t\u00e4ysin selvill\u00e4; oletetaan esikristillisten talvidemonik\u00e4sitysten sekoittuneen kirkolliseen Nikolaus-perinteeseen.<\/p>\n<p>Krampusl\u00e4ufe-kulkueet, joita alueesta riippuen kutsutaan my\u00f6s Krampuslaufiksi tai Perchtenlaufiksi ja jotka osin sekoittuvat toisiinsa, kuuluvat nyky\u00e4\u00e4n It\u00e4vallan, Baijerin ja Etel\u00e4-Tirolin tunnetuimpiin talvisiin tapoihin ja her\u00e4tt\u00e4v\u00e4t yh\u00e4 enemm\u00e4n my\u00f6s matkailullista kiinnostusta.<\/p>\t\t\t\t\t\t\t\t<\/div>\n\t\t\t\t<\/div>\n\t\t\t\t\t<\/div>\n\t\t\t\t<\/div>\n\t\t<div class=\"elementor-element elementor-element-iwgcn-sami-s3 e-flex e-con-boxed e-con e-parent\" data-id=\"iwgcn-sami-s3\" data-element_type=\"container\" data-e-type=\"container\">\n\t\t\t\t\t<div class=\"e-con-inner\">\n\t\t\t\t<div class=\"elementor-element elementor-element-iwgcn-sami-s3h elementor-widget elementor-widget-heading\" data-id=\"iwgcn-sami-s3h\" data-element_type=\"widget\" data-e-type=\"widget\" data-widget_type=\"heading.default\">\n\t\t\t\t\t<h2 class=\"elementor-heading-title elementor-size-default\">Alppimajan henget: Kasermandl, Venedigermandl ja Barbegazi<\/h2>\t\t\t\t<\/div>\n\t\t<div class=\"elementor-element elementor-element-iwgcn-sami-s3-c e-con-full e-flex e-con e-child\" data-id=\"iwgcn-sami-s3-c\" data-element_type=\"container\" data-e-type=\"container\">\n\t\t\t\t<div class=\"elementor-element elementor-element-iwgcn-sami-s3t elementor-widget elementor-widget-text-editor\" data-id=\"iwgcn-sami-s3t\" data-element_type=\"widget\" data-e-type=\"widget\" data-widget_type=\"text-editor.default\">\n\t\t\t\t\t\t\t\t\t<p><a href=\"https:\/\/iwell-guard.com\/fi\/?page_id=145071\">Kasermandl<\/a> on pieni, tavallisesti hyv\u00e4ntahtoinen henki, jonka sanotaan asuvan syrj\u00e4isiss\u00e4 alppimajoissa (Kasern). Se vartioi \u00f6isin karjaa ja majaa ja auttaa alppipaimenta t\u00f6iss\u00e4, kunhan t\u00e4m\u00e4 osoittaa kunnioitusta ja j\u00e4tt\u00e4\u00e4 sille hieman maitoa tai ruokaa; kiitt\u00e4m\u00e4tt\u00f6myys tai pilkka kostetaan tarinan mukaan kepposilla tai ep\u00e4onnella.<\/p>\n<p><a href=\"https:\/\/iwell-guard.com\/fi\/?page_id=145070\">Venedigermandl<\/a> on Tirolin ja Salzburgin vuoristotarinoiden pienikasvuinen hahmo, joka yhdistet\u00e4\u00e4n niin sanottuihin venedigereihin, etel\u00e4st\u00e4 saapuneisiin vieraisiin aarteenetsij\u00f6ihin; sen sanotaan tuntevan piilossa olevien malmi- ja kultaesiintymien sijainnin ja antavan toisinaan vihjeit\u00e4 paimenille tai kaivosmiehille. <a href=\"https:\/\/iwell-guard.com\/fi\/?page_id=145069\">Barbegazi<\/a> on ranskalais-sveitsil\u00e4isten Alppien lumihenkiolento, jolla on ylisuuret, suksia muistuttavat jalat ja j\u00e4\u00e4partainen kasvo. Se varoittaa lumivy\u00f6ryist\u00e4 ja katoaa kes\u00e4isin vuorenrotkoihin.<\/p>\t\t\t\t\t\t\t\t<\/div>\n\t\t\t\t<\/div>\n\t\t\t\t\t<\/div>\n\t\t\t\t<\/div>\n\t\t<div class=\"elementor-element elementor-element-x-sami-s-faq e-flex e-con-boxed e-con e-parent\" data-id=\"x-sami-s-faq\" data-element_type=\"container\" data-e-type=\"container\">\n\t\t\t\t\t<div class=\"e-con-inner\">\n\t\t\t\t<div class=\"elementor-element elementor-element-x-sami-h-faq elementor-widget elementor-widget-heading\" data-id=\"x-sami-h-faq\" data-element_type=\"widget\" data-e-type=\"widget\" data-widget_type=\"heading.default\">\n\t\t\t\t\t<h2 class=\"elementor-heading-title elementor-size-default\">Usein kysyttyj\u00e4 kysymyksi\u00e4 Alppitaruista<\/h2>\t\t\t\t<\/div>\n\t\t<div class=\"elementor-element elementor-element-iwgcn-sami-s3-c e-con-full e-flex e-con e-child\" data-id=\"iwgcn-sami-s3-c\" data-element_type=\"container\" data-e-type=\"container\">\n\t\t\t\t<div class=\"elementor-element elementor-element-x-sami-t-faq elementor-widget elementor-widget-text-editor\" data-id=\"x-sami-t-faq\" data-element_type=\"widget\" data-e-type=\"widget\" data-widget_type=\"text-editor.default\">\n\t\t\t\t\t\t\t\t\t<h3>Mit\u00e4 ovat Rauhn\u00e4chte-y\u00f6t?<\/h3>\n<p>Rauhn\u00e4chte-y\u00f6t ovat kaksitoista y\u00f6t\u00e4 joulun ja loppiaisen v\u00e4liss\u00e4, joita Alppien alueella pidet\u00e4\u00e4n vuosien v\u00e4lisen\u00e4 kynnysaikana, jolloin Perchtan ja muiden henkiolentojen uskotaan liikkuvan. Perinteisiin kuuluvat suitsutus ja erilaiset ennusmerkit.<\/p>\n<h3>Mik\u00e4 on ero Perchtan ja Krampuksen v\u00e4lill\u00e4?<\/h3>\n<p>Perchta on Rauhn\u00e4chte-aikaan liittyv\u00e4 hahmo, joka tarkastaa ahkeruutta ja j\u00e4rjestyst\u00e4 ja kulkee seurueineen tiloilla, kun Krampus taas esiintyy pyh\u00e4n Nikolauksen synkk\u00e4n\u00e4 seuralaisena joulukuun 5. p\u00e4iv\u00e4n\u00e4 ja pelottelee tuhmia lapsia. N\u00e4it\u00e4 molempia tapoja yhdistet\u00e4\u00e4n tai sekoitetaan joillakin alueilla toisiinsa.<\/p>\n<h3>Mik\u00e4 on Kasermandl?<\/h3>\n<p>Kasermandl on alppihenki, joka asuu syrj\u00e4isiss\u00e4 alppimajoissa, vartioi \u00f6isin karjaa ja majaa ja auttaa juustonvalmistajaa, kunhan t\u00e4m\u00e4 osoittaa sille kunnioitusta ja j\u00e4tt\u00e4\u00e4 pienen lahjan, kuten maitoa.<\/p>\n<h3>Onko Tatzelwurm todellinen?<\/h3>\n<p>Tatzelwurmista ei ole el\u00e4intieteellist\u00e4 n\u00e4ytt\u00f6\u00e4. Sit\u00e4 pidet\u00e4\u00e4n Alppien vuoristotarustojen aiheena, jolle on kirjattu lukuisia, osin 1900-luvulle asti ulottuvia havaintokertomuksia, joiden pohjalta ei kuitenkaan voida osoittaa todellista el\u00e4inlajia.<\/p>\n<script type=\"application\/ld+json\">{\"@context\": \"https:\/\/schema.org\", \"@type\": \"FAQPage\", \"mainEntity\": [{\"@type\": \"Question\", \"name\": \"Mit\u00e4 ovat Rauhn\u00e4chte-y\u00f6t?\", \"acceptedAnswer\": {\"@type\": \"Answer\", \"text\": \"Rauhn\u00e4chte-y\u00f6t ovat kaksitoista y\u00f6t\u00e4 joulun ja loppiaisen v\u00e4liss\u00e4, joita Alppien alueella pidet\u00e4\u00e4n vuosien v\u00e4lisen\u00e4 kynnysaikana, jolloin Perchtan ja muiden henkiolentojen uskotaan liikkuvan. Perinteisiin kuuluvat suitsutus ja erilaiset ennusmerkit.\"}}, {\"@type\": \"Question\", \"name\": \"Mik\u00e4 on ero Perchtan ja Krampuksen v\u00e4lill\u00e4?\", \"acceptedAnswer\": {\"@type\": \"Answer\", \"text\": \"Perchta on Rauhn\u00e4chte-aikaan liittyv\u00e4 hahmo, joka tarkastaa ahkeruutta ja j\u00e4rjestyst\u00e4 ja kulkee seurueineen tiloilla, kun Krampus taas esiintyy pyh\u00e4n Nikolauksen synkk\u00e4n\u00e4 seuralaisena joulukuun 5. p\u00e4iv\u00e4n\u00e4 ja pelottelee tuhmia lapsia. N\u00e4it\u00e4 molempia tapoja yhdistet\u00e4\u00e4n tai sekoitetaan joillakin alueilla toisiinsa.\"}}, {\"@type\": \"Question\", \"name\": \"Mik\u00e4 on Kasermandl?\", \"acceptedAnswer\": {\"@type\": \"Answer\", \"text\": \"Kasermandl on alppihenki, joka asuu syrj\u00e4isiss\u00e4 alppimajoissa, vartioi \u00f6isin karjaa ja majaa ja auttaa juustonvalmistajaa, kunhan t\u00e4m\u00e4 osoittaa sille kunnioitusta ja j\u00e4tt\u00e4\u00e4 pienen lahjan, kuten maitoa.\"}}, {\"@type\": \"Question\", \"name\": \"Onko Tatzelwurm todellinen?\", \"acceptedAnswer\": {\"@type\": \"Answer\", \"text\": \"Tatzelwurmista ei ole el\u00e4intieteellist\u00e4 n\u00e4ytt\u00f6\u00e4. Sit\u00e4 pidet\u00e4\u00e4n Alppien vuoristotarustojen aiheena, jolle on kirjattu lukuisia, osin 1900-luvulle asti ulottuvia havaintokertomuksia, joiden pohjalta ei kuitenkaan voida osoittaa todellista el\u00e4inlajia.\"}}]}<\/script>\t\t\t\t\t\t\t\t<\/div>\n\t\t\t\t<\/div>\n\t\t\t\t\t<\/div>\n\t\t\t\t<\/div>\n\t\t<div class=\"elementor-element elementor-element-iwgcn-sami-s4 e-flex e-con-boxed e-con e-parent\" data-id=\"iwgcn-sami-s4\" data-element_type=\"container\" data-e-type=\"container\">\n\t\t\t\t\t<div class=\"e-con-inner\">\n\t\t\t\t<div class=\"elementor-element elementor-element-iwgcn-sami-s4h elementor-widget elementor-widget-heading\" data-id=\"iwgcn-sami-s4h\" data-element_type=\"widget\" data-e-type=\"widget\" data-widget_type=\"heading.default\">\n\t\t\t\t\t<h2 class=\"elementor-heading-title elementor-size-default\">Painajaishahmot: Drud, Toggeli ja Alpdruck<\/h2>\t\t\t\t<\/div>\n\t\t<div class=\"elementor-element elementor-element-iwgcn-sami-s4-c e-con-full e-flex e-con e-child\" data-id=\"iwgcn-sami-s4-c\" data-element_type=\"container\" data-e-type=\"container\">\n\t\t\t\t<div class=\"elementor-element elementor-element-iwgcn-sami-s4t elementor-widget elementor-widget-text-editor\" data-id=\"iwgcn-sami-s4t\" data-element_type=\"widget\" data-e-type=\"widget\" data-widget_type=\"text-editor.default\">\n\t\t\t\t\t\t\t\t\t<p><a href=\"https:\/\/iwell-guard.com\/fi\/?page_id=145062\">Drud<\/a>, tunnetaan my\u00f6s nimell\u00e4 Trud, on bavariiaanis-it\u00e4valtalainen k\u00e4sitys y\u00f6llisest\u00e4 vaivaajasta, joka painaa nukkuvan rintaa ja aiheuttaa painajaisia, niin kutsuttua Alpdruckia. Suojamerkkin\u00e4 pidettiin Drudenfussia, viisisakaraista t\u00e4hte\u00e4, joka kiinnitettiin ovien ja s\u00e4nkyjen ylle.<\/p>\n<p>Sveitsiss\u00e4 vastaava hahmo tunnetaan nimell\u00e4 <a href=\"https:\/\/iwell-guard.com\/fi\/?page_id=145064\">Toggeli<\/a>, \u00f6inen olento, joka p\u00e4\u00e4see makuuhuoneeseen kissan tai muun el\u00e4imen hahmossa ja aiheuttaa samoin painajaisia ja lamaannuttavan tunteen. Molemmat k\u00e4sitykset kuuluvat laajalti Euroopassa tunnettuun selitysmalliin Alpdruckista, joka tulkitsi kansanomaisesti unen fysiologisia ilmi\u00f6it\u00e4, kuten unihalvausta.<\/p>\t\t\t\t\t\t\t\t<\/div>\n\t\t\t\t<\/div>\n\t\t\t\t\t<\/div>\n\t\t\t\t<\/div>\n\t\t<div class=\"elementor-element elementor-element-iwgcn-sami-s5 e-flex e-con-boxed e-con e-parent\" data-id=\"iwgcn-sami-s5\" data-element_type=\"container\" data-e-type=\"container\">\n\t\t\t\t\t<div class=\"e-con-inner\">\n\t\t\t\t<div class=\"elementor-element elementor-element-iwgcn-sami-s5h elementor-widget elementor-widget-heading\" data-id=\"iwgcn-sami-s5h\" data-element_type=\"widget\" data-e-type=\"widget\" data-widget_type=\"heading.default\">\n\t\t\t\t\t<h2 class=\"elementor-heading-title elementor-size-default\">Vuoristotaruja: Tatzelwurm, Habergeiss ja Nachtkrapp<\/h2>\t\t\t\t<\/div>\n\t\t<div class=\"elementor-element elementor-element-iwgcn-sami-s5-c e-con-full e-flex e-con e-child\" data-id=\"iwgcn-sami-s5-c\" data-element_type=\"container\" data-e-type=\"container\">\n\t\t\t\t<div class=\"elementor-element elementor-element-iwgcn-sami-s5t elementor-widget elementor-widget-text-editor\" data-id=\"iwgcn-sami-s5t\" data-element_type=\"widget\" data-e-type=\"widget\" data-widget_type=\"text-editor.default\">\n\t\t\t\t\t\t\t\t\t<p><a href=\"https:\/\/iwell-guard.com\/fi\/tatzelwurm\/\">Tatzelwurm<\/a> on yksi Alppien tunnetuimmista vuoristotaruista, kissanp\u00e4\u00e4t\u00e4 muistuttava, matoa tai liskoa muistuttava olento lyhyin etujaloin, jolle on kirjattu lukuisia, osin 1900-luvulle asti ulottuvia havaintokertomuksia Sveitsist\u00e4, Baijerista ja It\u00e4vallasta. Luonnontieteellisesti Tatzelwurmia pidet\u00e4\u00e4n selvitt\u00e4m\u00e4tt\u00f6m\u00e4n\u00e4 tarunaiheena, jolla ei ole todistettua el\u00e4intieteellist\u00e4 pohjaa, kryptotsoologiassa se yhdistet\u00e4\u00e4n toisinaan tuntemattomiin matelijoihin.<\/p>\n<p><a href=\"https:\/\/iwell-guard.com\/fi\/?page_id=145060\">Habergeiss<\/a>, aavemainen, vuohimainen sekaolento, esiintyy ennen kaikkea Perchten-perinteess\u00e4 meluavana pelotushahmona. <a href=\"https:\/\/iwell-guard.com\/fi\/?page_id=145068\">Nachtkrapp<\/a>, j\u00e4ttim\u00e4inen korppilintu, ja <a href=\"https:\/\/iwell-guard.com\/fi\/?page_id=145065\">Butz<\/a>, tunnetaan my\u00f6s nimell\u00e4 Butzemann, alemanninkielis-schwabilaisella alueella pidettiin lapsille y\u00f6llisin\u00e4 pelotushahmoina niille, jotka eiv\u00e4t menneet ajoissa nukkumaan. N\u00e4ill\u00e4 kerrottavilla hahmoilla oli kasvatuksellinen teht\u00e4v\u00e4, samankaltaisina kuin ne tunnetaan laajalti muualla Keski-Euroopassa.<\/p>\t\t\t\t\t\t\t\t<\/div>\n\t\t\t\t<\/div>\n\t\t\t\t\t<\/div>\n\t\t\t\t<\/div>\n\t\t<div class=\"elementor-element elementor-element-iwgcn-sami-s6 e-flex e-con-boxed e-con e-parent\" data-id=\"iwgcn-sami-s6\" data-element_type=\"container\" data-e-type=\"container\">\n\t\t\t\t\t<div class=\"e-con-inner\">\n\t\t\t\t<div class=\"elementor-element elementor-element-iwgcn-sami-s6h elementor-widget elementor-widget-heading\" data-id=\"iwgcn-sami-s6h\" data-element_type=\"widget\" data-e-type=\"widget\" data-widget_type=\"heading.default\">\n\t\t\t\t\t<h2 class=\"elementor-heading-title elementor-size-default\">Rauhn\u00e4chte-perinteet: suitsutus, Drudenfuss ja suojaustavat<\/h2>\t\t\t\t<\/div>\n\t\t<div class=\"elementor-element elementor-element-iwgcn-sami-s6-c e-con-full e-flex e-con e-child\" data-id=\"iwgcn-sami-s6-c\" data-element_type=\"container\" data-e-type=\"container\">\n\t\t\t\t<div class=\"elementor-element elementor-element-iwgcn-sami-s6t elementor-widget elementor-widget-text-editor\" data-id=\"iwgcn-sami-s6t\" data-element_type=\"widget\" data-e-type=\"widget\" data-widget_type=\"text-editor.default\">\n\t\t\t\t\t\t\t\t\t<p>Alppien alueen talviseen suojaperinteeseen kuuluu talon, navetan ja alppimajan suitsuttaminen suitsukkeella ja pyhitetyill\u00e4 yrteill\u00e4 Rauhn\u00e4chte-y\u00f6n\u00e4, jotta pahat henget ja sairaudet pidett\u00e4isiin loitolla tulevana vuonna. Drudenfuss, viisisakarainen t\u00e4hti, kiinnitettiin ovien, navettojen ja s\u00e4nkyjen ylle pit\u00e4m\u00e4\u00e4n Drud ja Toggeli poissa y\u00f6llisest\u00e4 Alpdruckista.<\/p>\n<p>Marian taivaaseenastumisen juhlana elokuun 15. p\u00e4iv\u00e4n\u00e4 Alppien katolisilla alueilla sidotaan yrttikimppuja seitsem\u00e4st\u00e4, yhdeks\u00e4st\u00e4 tai useammasta kasvilajista, ja ne siunataan kirkossa. Ne s\u00e4ilytet\u00e4\u00e4n sen j\u00e4lkeen kotona ja niit\u00e4 poltetaan osittain suitsutuksena ukkosmyrskyjen tai sairauden yhteydess\u00e4. Perchten- ja Krampus-kulkueiden raskaat kellot ja rummut palvelevat samaa perusajatusta: meluamalla karkotetaan talven demonit ja pahat henget.<\/p>\t\t\t\t\t\t\t\t<\/div>\n\t\t\t\t<\/div>\n\t\t\t\t\t<\/div>\n\t\t\t\t<\/div>\n\t\t<div class=\"elementor-element elementor-element-cp2d9a92a3 e-flex e-con-boxed e-con e-parent\" data-id=\"cp2d9a92a3\" data-element_type=\"container\" data-e-type=\"container\">\n\t\t\t\t\t<div class=\"e-con-inner\">\n\t\t\t\t<div class=\"elementor-element elementor-element-cp2515827f elementor-widget elementor-widget-heading\" data-id=\"cp2515827f\" data-element_type=\"widget\" data-e-type=\"widget\" data-widget_type=\"heading.default\">\n\t\t\t\t\t<h2 class=\"elementor-heading-title elementor-size-default\">Alueellista moninaisuutta: Baijerista Etel\u00e4-Tiroliin<\/h2>\t\t\t\t<\/div>\n\t\t<div class=\"elementor-element elementor-element-cp25cbddf2 e-flex e-con-boxed e-con e-child\" data-id=\"cp25cbddf2\" data-element_type=\"container\" data-e-type=\"container\">\n\t\t\t\t\t<div class=\"e-con-inner\">\n\t\t\t\t<div class=\"elementor-element elementor-element-cp240cdc6c elementor-widget elementor-widget-text-editor\" data-id=\"cp240cdc6c\" data-element_type=\"widget\" data-e-type=\"widget\" data-widget_type=\"text-editor.default\">\n\t\t\t\t\t\t\t\t\t<p>Alppitarut eiv\u00e4t ole yhten\u00e4inen kokonaisuus, vaan yhteisnimitys kertomusperinteille alueelta, joka ulottuu Baijerin, It\u00e4vallan, Sveitsin, Liechtensteinin ja Etel\u00e4-Tirolin yli, omine murteineen, maisemineen ja historiallisine kehityskulkuineen.<\/p>\n<p>Olennot kuten <a href=\"https:\/\/iwell-guard.com\/fi\/norgel\/\">N\u00f6rgel<\/a> (N\u00f6rggele) ja <a href=\"https:\/\/iwell-guard.com\/fi\/fanggenit\/\">F\u00e4nggen<\/a> on todistettu erityisesti Etel\u00e4-Tirolissa ja osissa Tirolia, ja ne ovat l\u00e4heist\u00e4 sukua <a href=\"https:\/\/iwell-guard.com\/fi\/salige-frau\/\">Salige Frau<\/a> -olennolle, arastelevalle mutta auttavaiselle vuorenneidolle, joka perinteen mukaan opetti paimenille kudonta- ja peltoviljelytaitoja. <a href=\"https:\/\/iwell-guard.com\/fi\/dellermannle\/\">Dellerm\u00e4nnle<\/a> on per\u00e4isin Vorarlbergin perinteest\u00e4, <a href=\"https:\/\/iwell-guard.com\/fi\/?page_id=145066\">Isarnixe<\/a> on sidoksissa baijerilaiseen Isar-jokeen, ja <a href=\"https:\/\/iwell-guard.com\/fi\/?page_id=145067\">Wolpertinger<\/a>, eri el\u00e4inten osista koostuva taruolento, on erityisesti baijerilainen taruhahmo, jolla on humoristinen, mets\u00e4st\u00e4j\u00e4tarinoiden kaltainen luonne.<\/p>\n<p>Osa n\u00e4iden talvisten naamioituneiden hahmojen kulkueiden aiheista n\u00e4ytt\u00e4\u00e4 et\u00e4isi\u00e4 yhtym\u00e4kohtia <a href=\"https:\/\/iwell-guard.com\/fi\/germaaninen\/\">germaaniseen mytologiaan<\/a>, esimerkiksi k\u00e4sityksiin villeist\u00e4 y\u00f6kulkueista, mutta t\u00e4st\u00e4 ei voida johtaa yhten\u00e4ist\u00e4, todistettua jatkuvuutta.<\/p>\n<p>T\u00e4m\u00e4 pienialainen jakautuminen vaikeuttaa yleisten v\u00e4itteiden esitt\u00e4mist\u00e4 alppitarusta; t\u00e4sm\u00e4llisemp\u00e4\u00e4 on puhua paikallisten ja alueellisten perinteiden verkostosta, joka yhdist\u00e4\u00e4 yhteisi\u00e4 perusmalleja, alppihenki\u00e4, painajaisolentoja, vuorenhirvi\u00f6it\u00e4, joilla on jokaisella omat nimens\u00e4 ja ilmenemismuotonsa.<\/p>\t\t\t\t\t\t\t\t<\/div>\n\t\t\t\t\t<\/div>\n\t\t\t\t<\/div>\n\t\t\t\t\t<\/div>\n\t\t\t\t<\/div>\n\t\t<div class=\"elementor-element elementor-element-cp2b1a3dae e-flex e-con-boxed e-con e-parent\" data-id=\"cp2b1a3dae\" data-element_type=\"container\" data-e-type=\"container\">\n\t\t\t\t\t<div class=\"e-con-inner\">\n\t\t\t\t<div class=\"elementor-element elementor-element-cp282c06ff elementor-widget elementor-widget-heading\" data-id=\"cp282c06ff\" data-element_type=\"widget\" data-e-type=\"widget\" data-widget_type=\"heading.default\">\n\t\t\t\t\t<h2 class=\"elementor-heading-title elementor-size-default\">Rauhn\u00e4chtien kalenteri<\/h2>\t\t\t\t<\/div>\n\t\t<div class=\"elementor-element elementor-element-cp228b4522 e-flex e-con-boxed e-con e-child\" data-id=\"cp228b4522\" data-element_type=\"container\" data-e-type=\"container\">\n\t\t\t\t\t<div class=\"e-con-inner\">\n\t\t\t\t<div class=\"elementor-element elementor-element-cp261454c5 elementor-widget elementor-widget-text-editor\" data-id=\"cp261454c5\" data-element_type=\"widget\" data-e-type=\"widget\" data-widget_type=\"text-editor.default\">\n\t\t\t\t\t\t\t\t\t<p>Kahdentoista Rauhn\u00e4chtien y\u00f6n, jotka sijoittuvat joulun (24.\/25. joulukuuta) ja loppiaisen (6. tammikuuta) v\u00e4liin, katsotaan Alppien alueella perinteisesti olevan kynnysaikaa vuosien v\u00e4liss\u00e4, jolloin rajan t\u00e4m\u00e4npuoleisen ja henkien maailman v\u00e4lill\u00e4 kuvataan olevan l\u00e4p\u00e4isev\u00e4. T\u00e4n\u00e4 aikana Perchtan ja h\u00e4nen seurueensa, mutta my\u00f6s muiden henki- ja demonihahmojen, uskotaan kulkevan ymp\u00e4riins\u00e4.<\/p>\n<p>Rauhn\u00e4chtien perinteisiin kuuluu talon ja navetan suitsuttaminen yrteill\u00e4 ja suitsukkeella pahojen henkien karkottamiseksi ja tulevan vuoden siunaamiseksi, sek\u00e4 erilaiset arpa- ja s\u00e4\u00e4ennustusmenot. Perchtenlauf-kulkueet merkitsev\u00e4t usein siirtym\u00e4\u00e4 Rauhn\u00e4chtien ajasta tavalliseen aikaan, meluisilla kulkueilla, joiden on tarkoitus symbolisesti karkottaa talven demonit.<\/p>\n<p>Krampus-perinne Nikolauksen p\u00e4iv\u00e4n aattona ajoittuu ajallisesti varsinaisten Rauhn\u00e4chtien edelle, mutta se miellet\u00e4\u00e4n julkisessa keskustelussa usein niiden kanssa yhteen osana laajempaa talvista <span class=\"iwg-fachbegriff\" data-tooltip=\"P\u00e4ivi\u00e4 tai \u00f6it\u00e4, joille kansanuskossa liitet\u00e4\u00e4n erityisi\u00e4, usein vaarallisia voimia.\" tabindex=\"0\">kynnysajan<\/span>-kokonaisuutta.<\/p>\t\t\t\t\t\t\t\t<\/div>\n\t\t\t\t\t<\/div>\n\t\t\t\t<\/div>\n\t\t\t\t\t<\/div>\n\t\t\t\t<\/div>\n\t\t<div class=\"elementor-element elementor-element-cp295547c2 e-flex e-con-boxed e-con e-parent\" data-id=\"cp295547c2\" data-element_type=\"container\" data-e-type=\"container\">\n\t\t\t\t\t<div class=\"e-con-inner\">\n\t\t\t\t<div class=\"elementor-element elementor-element-cp28944fb0 elementor-widget elementor-widget-heading\" data-id=\"cp28944fb0\" data-element_type=\"widget\" data-e-type=\"widget\" data-widget_type=\"heading.default\">\n\t\t\t\t\t<h2 class=\"elementor-heading-title elementor-size-default\">L\u00e4hteet: 1800- ja 1900-luvun tarukokoelmat<\/h2>\t\t\t\t<\/div>\n\t\t<div class=\"elementor-element elementor-element-cp23d59da4 e-flex e-con-boxed e-con e-child\" data-id=\"cp23d59da4\" data-element_type=\"container\" data-e-type=\"container\">\n\t\t\t\t\t<div class=\"e-con-inner\">\n\t\t\t\t<div class=\"elementor-element elementor-element-cp2ce157b6 elementor-widget elementor-widget-text-editor\" data-id=\"cp2ce157b6\" data-element_type=\"widget\" data-e-type=\"widget\" data-widget_type=\"text-editor.default\">\n\t\t\t\t\t\t\t\t\t<p>Suuri osa nyky\u00e4\u00e4n tunnetuista alppitaruista tallennettiin 1800- ja 1900-luvun alussa alueellisten taruker\u00e4\u00e4jien toimesta, romanttisen kansatieteen piiriss\u00e4 Grimmin veljesten esikuvan mukaisesti. Tirolin osalta on mainittava esimerkiksi Ignaz Vinzenz Zingerlen kokoelmat, ja muilla alueilla syntyi vastaavia paikallisten kotiseuduntutkijoiden teoksia.<\/p>\n<p>N\u00e4m\u00e4 varhaiset kokoelmat ovat t\u00e4rkeit\u00e4, mutta ei ongelmattomia l\u00e4hteit\u00e4: niit\u00e4 muokattiin usein j\u00e4lkik\u00e4teen kirjallisesti, koottiin alueellisesti yhteen ja siloiteltiin ajan esteettisten k\u00e4sitysten mukaan, jolloin suulliset variantit ja niiden alkuper\u00e4inen kertomistilanne on vain rajoitetusti rekonstruoitavissa.<\/p>\n<p>Nykyaikainen kansatieteellinen ja uskontotieteellinen tutkimus sijoittaa n\u00e4it\u00e4 taruhahmoja laajempiin yhteyksiin, esimerkiksi eurooppalaiseen painajaisuskomusten kokonaisuuteen, Drud ja Toggeli, selitt\u00e4m\u00e4tt\u00f6mien luonnonilmi\u00f6iden selitt\u00e4miseen, Tatzelwurm, tai kasvatuksellisia tarkoituksia palveleviin pelottelu-olentoihin, Nachtkrapp ja Habergeiss. Digitaaliset taruarkistot ovat viime vuosikymmenin\u00e4 helpottaneet p\u00e4\u00e4sy\u00e4 t\u00e4h\u00e4n hajanaiseen aineistoon.<\/p>\t\t\t\t\t\t\t\t<\/div>\n\t\t\t\t\t<\/div>\n\t\t\t\t<\/div>\n\t\t\t\t\t<\/div>\n\t\t\t\t<\/div>\n\t\t<div class=\"elementor-element elementor-element-cp2c009332 e-flex e-con-boxed e-con e-parent\" data-id=\"cp2c009332\" data-element_type=\"container\" data-e-type=\"container\">\n\t\t\t\t\t<div class=\"e-con-inner\">\n\t\t\t\t<div class=\"elementor-element elementor-element-cp225c94da elementor-widget elementor-widget-heading\" data-id=\"cp225c94da\" data-element_type=\"widget\" data-e-type=\"widget\" data-widget_type=\"heading.default\">\n\t\t\t\t\t<h2 class=\"elementor-heading-title elementor-size-default\">Peltoladosta Perchtenlauf-lavalle: perinteen muutos<\/h2>\t\t\t\t<\/div>\n\t\t<div class=\"elementor-element elementor-element-cp2c7191ab e-flex e-con-boxed e-con e-child\" data-id=\"cp2c7191ab\" data-element_type=\"container\" data-e-type=\"container\">\n\t\t\t\t\t<div class=\"e-con-inner\">\n\t\t\t\t<div class=\"elementor-element elementor-element-cp23f4061d elementor-widget elementor-widget-text-editor\" data-id=\"cp23f4061d\" data-element_type=\"widget\" data-e-type=\"widget\" data-widget_type=\"text-editor.default\">\n\t\t\t\t\t\t\t\t\t<p>Monet alppitarut liittyv\u00e4t kiinte\u00e4sti konkreettisiin maanviljelyksen ty\u00f6yhteyksiin: alppihenget kuten Kasermandl tai Barbegazi syntyiv\u00e4t alppilaidun- ja karjatalouden yhteydess\u00e4, painajaishahmot kuten Drud ja Toggeli selittiv\u00e4t \u00f6isi\u00e4 ahdistuksentiloja, ja vuoristotarut kuten Tatzelwurm tulkitsivat selitt\u00e4m\u00e4tt\u00f6mi\u00e4 havaintoja korkeavuoristossa.<\/p>\n<p>1900- ja 2000-luvuilla osa t\u00e4st\u00e4 perinteest\u00e4, erityisesti Perchtenlauf- ja Krampus-kulkueet, on irtautunut alkuper\u00e4isest\u00e4 maanviljelij\u00e4yhteydest\u00e4\u00e4n ja kehittynyt julkisesti esitetyksi, matkailullisesti markkinoiduksi tapahtumaksi, jossa on huolellisesti veistettyj\u00e4 naamioita, j\u00e4rjest\u00e4ytyneit\u00e4 yhdistyksi\u00e4 ja osin ylialueellista yleis\u00f6\u00e4.<\/p>\n<p>Hahmot kuten <a href=\"https:\/\/iwell-guard.com\/fi\/?page_id=145063\">Sennentuntschi<\/a>, tarina oljista ja kankaasta tehdyst\u00e4 alppinukesta, joka her\u00e4\u00e4 eloon ja kostaa luojilleen, osoittavat samalla, ett\u00e4 alppitarujen maailmaan kuuluu my\u00f6s synkki\u00e4, moraalisesti latautuneita kertomuksia yksin\u00e4isyydest\u00e4, erist\u00e4ytymisest\u00e4 ja rajojen ylitt\u00e4misest\u00e4 alppilaitumella, jotka eroavat selv\u00e4sti enemm\u00e4n suojelevista alppihengist\u00e4.<\/p>\n<p>Uskontotieteellisesti t\u00e4t\u00e4 muutosta voidaan kuvata siirtym\u00e4n\u00e4 el\u00e4m\u00e4npiiriin juurtuneesta <span class=\"iwg-fachbegriff\" data-tooltip=\"Tiedon ja kertomusten v\u00e4litt\u00e4mist\u00e4 sukupolvelta toiselle.\" tabindex=\"0\">perinteest\u00e4<\/span> tietoisesti vaalittuun kulttuuriperint\u00f6\u00f6n, ilman ett\u00e4 tarujen vanhemmat suojelu- ja selitysfunktiot olisivat siin\u00e4 t\u00e4ysin kadonneet.<\/p>\t\t\t\t\t\t\t\t<\/div>\n\t\t\t\t\t<\/div>\n\t\t\t\t<\/div>\n\t\t\t\t\t<\/div>\n\t\t\t\t<\/div>\n\t\t<div class=\"elementor-element elementor-element-iwgha-sami-sec e-flex e-con-boxed e-con e-parent\" data-id=\"iwgha-sami-sec\" data-element_type=\"container\" data-e-type=\"container\">\n\t\t\t\t\t<div class=\"e-con-inner\">\n\t\t\t\t<div class=\"elementor-element elementor-element-iwgha-sami-h elementor-widget elementor-widget-heading\" data-id=\"iwgha-sami-h\" data-element_type=\"widget\" data-e-type=\"widget\" data-widget_type=\"heading.default\">\n\t\t\t\t\t<h2 class=\"elementor-heading-title elementor-size-default\">T\u00e4h\u00e4n perinteeseen kuuluvat olennot (18)<\/h2>\t\t\t\t<\/div>\n\t\t<div class=\"elementor-element elementor-element-iwgha-sami-gc e-flex e-con-boxed e-con e-parent\" data-id=\"iwgha-sami-gc\" data-element_type=\"container\" data-e-type=\"container\">\n\t\t\t\t\t<div class=\"e-con-inner\">\n\t\t\t\t<div class=\"elementor-element elementor-element-iwgha-sami-grid elementor-widget elementor-widget-text-editor\" data-id=\"iwgha-sami-grid\" data-element_type=\"widget\" data-e-type=\"widget\" data-widget_type=\"text-editor.default\">\n\t\t\t\t\t\t\t\t\t<div class=\"iwg-wesen-grid\"><a class=\"iwg-wesen-card\" href=\"https:\/\/iwell-guard.com\/fi\/venedigermandl\/\" aria-label=\"Venedigermandl\"><div class=\"iwg-wesen-card-imgwrap\"><img decoding=\"async\" src=\"https:\/\/iwell-guard.com\/wp-content\/uploads\/2026\/07\/geister_alpin_venedigermandl-200x300.webp\" alt=\"Venedigermandl\" loading=\"lazy\"><\/div><div class=\"iwg-wesen-card-body\"><div class=\"iwg-wesen-card-name\">Venedigermandl<\/div><div class=\"iwg-wesen-card-arrow\">\u2192 Olennon sivulle<\/div><\/div><\/a><a class=\"iwg-wesen-card\" href=\"https:\/\/iwell-guard.com\/fi\/kasermandl\/\" aria-label=\"Kasermandl\"><div class=\"iwg-wesen-card-imgwrap\"><img decoding=\"async\" src=\"https:\/\/iwell-guard.com\/wp-content\/uploads\/2026\/07\/geister_alpin_kasermandl-200x300.webp\" alt=\"Kasermandl\" loading=\"lazy\"><\/div><div class=\"iwg-wesen-card-body\"><div class=\"iwg-wesen-card-name\">Kasermandl<\/div><div class=\"iwg-wesen-card-arrow\">\u2192 Olennon sivulle<\/div><\/div><\/a><a class=\"iwg-wesen-card\" href=\"https:\/\/iwell-guard.com\/fi\/barbegazi\/\" aria-label=\"Barbegazi\"><div class=\"iwg-wesen-card-imgwrap\"><img decoding=\"async\" src=\"https:\/\/iwell-guard.com\/wp-content\/uploads\/2026\/07\/geister_alpin_barbegazi-200x300.webp\" alt=\"Barbegazi\" loading=\"lazy\"><\/div><div class=\"iwg-wesen-card-body\"><div class=\"iwg-wesen-card-name\">Barbegazi<\/div><div class=\"iwg-wesen-card-arrow\">\u2192 Olennon sivulle<\/div><\/div><\/a><a class=\"iwg-wesen-card\" href=\"https:\/\/iwell-guard.com\/fi\/nachtkrapp\/\" aria-label=\"Nachtkrapp\"><div class=\"iwg-wesen-card-imgwrap\"><img decoding=\"async\" src=\"https:\/\/iwell-guard.com\/wp-content\/uploads\/2026\/07\/geister_alpin_nachtkrapp-200x300.webp\" alt=\"Nachtkrapp\" loading=\"lazy\"><\/div><div class=\"iwg-wesen-card-body\"><div class=\"iwg-wesen-card-name\">Nachtkrapp<\/div><div class=\"iwg-wesen-card-arrow\">\u2192 Olennon sivulle<\/div><\/div><\/a><a class=\"iwg-wesen-card\" href=\"https:\/\/iwell-guard.com\/fi\/wolpertinger\/\" aria-label=\"Wolpertinger\"><div class=\"iwg-wesen-card-imgwrap\"><img decoding=\"async\" src=\"https:\/\/iwell-guard.com\/wp-content\/uploads\/2026\/07\/geister_alpin_wolpertinger-200x300.webp\" alt=\"Wolpertinger\" loading=\"lazy\"><\/div><div class=\"iwg-wesen-card-body\"><div class=\"iwg-wesen-card-name\">Wolpertinger<\/div><div class=\"iwg-wesen-card-arrow\">\u2192 Olennon sivulle<\/div><\/div><\/a><a class=\"iwg-wesen-card\" href=\"https:\/\/iwell-guard.com\/fi\/isarnixe\/\" aria-label=\"Isarnixe\"><div class=\"iwg-wesen-card-imgwrap\"><img decoding=\"async\" src=\"https:\/\/iwell-guard.com\/wp-content\/uploads\/2026\/07\/geister_alpin_isarnixe-200x300.webp\" alt=\"Isarnixe\" loading=\"lazy\"><\/div><div class=\"iwg-wesen-card-body\"><div class=\"iwg-wesen-card-name\">Isarnixe<\/div><div class=\"iwg-wesen-card-arrow\">\u2192 Olennon sivulle<\/div><\/div><\/a><a class=\"iwg-wesen-card\" href=\"https:\/\/iwell-guard.com\/fi\/butz\/\" aria-label=\"Butz\"><div class=\"iwg-wesen-card-imgwrap\"><img decoding=\"async\" src=\"https:\/\/iwell-guard.com\/wp-content\/uploads\/2026\/07\/geister_alpin_butz-200x300.webp\" alt=\"Butz\" loading=\"lazy\"><\/div><div class=\"iwg-wesen-card-body\"><div class=\"iwg-wesen-card-name\">Butz<\/div><div class=\"iwg-wesen-card-arrow\">\u2192 Olennon sivulle<\/div><\/div><\/a><a class=\"iwg-wesen-card\" href=\"https:\/\/iwell-guard.com\/fi\/toggeli\/\" aria-label=\"Toggeli\"><div class=\"iwg-wesen-card-imgwrap\"><img decoding=\"async\" src=\"https:\/\/iwell-guard.com\/wp-content\/uploads\/2026\/07\/daemonen_alpin_toggeli-200x300.webp\" alt=\"Toggeli\" loading=\"lazy\"><\/div><div class=\"iwg-wesen-card-body\"><div class=\"iwg-wesen-card-name\">Toggeli<\/div><div class=\"iwg-wesen-card-arrow\">\u2192 Olennon sivulle<\/div><\/div><\/a><a class=\"iwg-wesen-card\" href=\"https:\/\/iwell-guard.com\/fi\/sennentuntschi\/\" aria-label=\"Sennentuntschi\"><div class=\"iwg-wesen-card-imgwrap\"><img decoding=\"async\" src=\"https:\/\/iwell-guard.com\/wp-content\/uploads\/2026\/07\/daemonen_alpin_sennentuntschi-200x300.webp\" alt=\"Sennentuntschi\" loading=\"lazy\"><\/div><div class=\"iwg-wesen-card-body\"><div class=\"iwg-wesen-card-name\">Sennentuntschi<\/div><div class=\"iwg-wesen-card-arrow\">\u2192 Olennon sivulle<\/div><\/div><\/a><a class=\"iwg-wesen-card\" href=\"https:\/\/iwell-guard.com\/fi\/drud\/\" aria-label=\"Drud\"><div class=\"iwg-wesen-card-imgwrap\"><img decoding=\"async\" src=\"https:\/\/iwell-guard.com\/wp-content\/uploads\/2026\/07\/daemonen_alpin_drud-200x300.webp\" alt=\"Drud\" loading=\"lazy\"><\/div><div class=\"iwg-wesen-card-body\"><div class=\"iwg-wesen-card-name\">Drud<\/div><div class=\"iwg-wesen-card-arrow\">\u2192 Olennon sivulle<\/div><\/div><\/a><a class=\"iwg-wesen-card\" href=\"https:\/\/iwell-guard.com\/fi\/habergeiss\/\" aria-label=\"Habergei\u00df\"><div class=\"iwg-wesen-card-imgwrap\"><img decoding=\"async\" src=\"https:\/\/iwell-guard.com\/wp-content\/uploads\/2026\/07\/daemonen_alpin_habergeiss-200x300.webp\" alt=\"Habergei\u00df\" loading=\"lazy\"><\/div><div class=\"iwg-wesen-card-body\"><div class=\"iwg-wesen-card-name\">Habergei\u00df<\/div><div class=\"iwg-wesen-card-arrow\">\u2192 Olennon sivulle<\/div><\/div><\/a><a class=\"iwg-wesen-card\" href=\"https:\/\/iwell-guard.com\/fi\/rouva-perchta\/\" aria-label=\"Rouva Perchta\"><div class=\"iwg-wesen-card-imgwrap\"><img decoding=\"async\" src=\"https:\/\/iwell-guard.com\/wp-content\/uploads\/2026\/07\/geister_alpin_perchta-200x300.webp\" alt=\"Rouva Perchta\" loading=\"lazy\"><\/div><div class=\"iwg-wesen-card-body\"><div class=\"iwg-wesen-card-name\">Rouva Perchta<\/div><div class=\"iwg-wesen-card-arrow\">\u2192 Olennon sivulle<\/div><\/div><\/a><a class=\"iwg-wesen-card\" href=\"https:\/\/iwell-guard.com\/fi\/krampus\/\" aria-label=\"Krampus\"><div class=\"iwg-wesen-card-imgwrap\"><img decoding=\"async\" src=\"https:\/\/iwell-guard.com\/wp-content\/uploads\/2026\/07\/daemonen_alpin_krampus-200x300.webp\" alt=\"Krampus\" loading=\"lazy\"><\/div><div class=\"iwg-wesen-card-body\"><div class=\"iwg-wesen-card-name\">Krampus<\/div><div class=\"iwg-wesen-card-arrow\">\u2192 Olennon sivulle<\/div><\/div><\/a><a class=\"iwg-wesen-card\" href=\"https:\/\/iwell-guard.com\/fi\/tatzelwurm\/\" aria-label=\"Tatzelwurm\"><div class=\"iwg-wesen-card-imgwrap\"><img decoding=\"async\" src=\"https:\/\/iwell-guard.com\/wp-content\/uploads\/2026\/07\/daemonen_alpin_tatzelwurm-200x300.webp\" alt=\"Tatzelwurm\" loading=\"lazy\"><\/div><div class=\"iwg-wesen-card-body\"><div class=\"iwg-wesen-card-name\">Tatzelwurm<\/div><div class=\"iwg-wesen-card-arrow\">\u2192 Olennon sivulle<\/div><\/div><\/a><a class=\"iwg-wesen-card\" href=\"https:\/\/iwell-guard.com\/fi\/salige-frau\/\" aria-label=\"Salige Frau\"><div class=\"iwg-wesen-card-imgwrap\"><img decoding=\"async\" src=\"https:\/\/iwell-guard.com\/wp-content\/uploads\/2026\/07\/geister_alpin_salige-frau-200x300.webp\" alt=\"Salige Frau\" loading=\"lazy\"><\/div><div class=\"iwg-wesen-card-body\"><div class=\"iwg-wesen-card-name\">Salige Frau<\/div><div class=\"iwg-wesen-card-arrow\">\u2192 Olennon sivulle<\/div><\/div><\/a><a class=\"iwg-wesen-card\" href=\"https:\/\/iwell-guard.com\/fi\/norgel\/\" aria-label=\"N\u00f6rgel\"><div class=\"iwg-wesen-card-imgwrap\"><img decoding=\"async\" src=\"https:\/\/iwell-guard.com\/wp-content\/uploads\/2026\/07\/geister_alpin_noergel-200x300.webp\" alt=\"N\u00f6rgel\" loading=\"lazy\"><\/div><div class=\"iwg-wesen-card-body\"><div class=\"iwg-wesen-card-name\">N\u00f6rgel<\/div><div class=\"iwg-wesen-card-arrow\">\u2192 Olennon sivulle<\/div><\/div><\/a><a class=\"iwg-wesen-card\" href=\"https:\/\/iwell-guard.com\/fi\/fanggenit\/\" aria-label=\"F\u00e4nggen\"><div class=\"iwg-wesen-card-imgwrap\"><img decoding=\"async\" src=\"https:\/\/iwell-guard.com\/wp-content\/uploads\/2026\/07\/geister_alpin_faenggen-200x300.webp\" alt=\"F\u00e4nggen\" loading=\"lazy\"><\/div><div class=\"iwg-wesen-card-body\"><div class=\"iwg-wesen-card-name\">F\u00e4nggen<\/div><div class=\"iwg-wesen-card-arrow\">\u2192 Olennon sivulle<\/div><\/div><\/a><a class=\"iwg-wesen-card\" href=\"https:\/\/iwell-guard.com\/fi\/dellermannle\/\" aria-label=\"Dellerm\u00e4nnle\"><div class=\"iwg-wesen-card-imgwrap\"><img decoding=\"async\" src=\"https:\/\/iwell-guard.com\/wp-content\/uploads\/2026\/07\/geister_alpin_dellermaennle-200x300.webp\" alt=\"Dellerm\u00e4nnle\" loading=\"lazy\"><\/div><div class=\"iwg-wesen-card-body\"><div class=\"iwg-wesen-card-name\">Dellerm\u00e4nnle<\/div><div class=\"iwg-wesen-card-arrow\">\u2192 Olennon sivulle<\/div><\/div><\/a><\/div>\t\t\t\t\t\t\t\t<\/div>\n\t\t\t\t\t<\/div>\n\t\t\t\t<\/div>\n\t\t\t\t\t<\/div>\n\t\t\t\t<\/div>\n\t\t<div class=\"elementor-element elementor-element-iwgkw2-add-sami e-flex e-con-boxed e-con e-parent\" data-id=\"iwgkw2-add-sami\" data-element_type=\"container\" data-e-type=\"container\">\n\t\t\t\t\t<div class=\"e-con-inner\">\n\t\t\t\t<div class=\"elementor-element elementor-element-iwgkw2-add-sami-t elementor-widget elementor-widget-text-editor\" data-id=\"iwgkw2-add-sami-t\" data-element_type=\"widget\" data-e-type=\"widget\" data-widget_type=\"text-editor.default\">\n\t\t\t\t\t\t\t\t\t<p><em>Perchtenlauf-perinne<\/em> ja muut <em>alppien alppihenget<\/em>, kuten Kasermandl, Venedigermandl ja Barbegazi, yhdist\u00e4v\u00e4t Rauhn\u00e4chtien suitsutuksen, Drudenfu\u00df-merkin ja vihityt yrttikimput omaksi suojeluk\u00e4yt\u00e4nn\u00f6kseen, jonka oli tarkoitus varjella taloa, pihapiiri\u00e4 ja alppilaidunta talven demoneilta ja painajaishahmoilta.<\/p>\t\t\t\t\t\t\t\t<\/div>\n\t\t\t\t\t<\/div>\n\t\t\t\t<\/div>\n\t\t<div class=\"elementor-element elementor-element-iwgcn-sami-kwd e-flex e-con-boxed e-con e-parent\" data-id=\"iwgcn-sami-kwd\" data-element_type=\"container\" data-e-type=\"container\">\n\t\t\t\t\t<div class=\"e-con-inner\">\n\t\t<div class=\"elementor-element elementor-element-iwgcn-sami-kwd-c e-con-full e-flex e-con e-child\" data-id=\"iwgcn-sami-kwd-c\" data-element_type=\"container\" data-e-type=\"container\">\n\t\t\t\t<div class=\"elementor-element elementor-element-iwgcn-sami-kwdt elementor-widget elementor-widget-text-editor\" data-id=\"iwgcn-sami-kwdt\" data-element_type=\"widget\" data-e-type=\"widget\" data-widget_type=\"text-editor.default\">\n\t\t\t\t\t\t\t\t\t<p><em>Aiheeseen liittyvi\u00e4 avainsanoja: Perchta Krampus Rauhn\u00e4chte Kasermandl Drud Toggeli Tatzelwurm Habergeiss Salige Frau Alppien alue Etel\u00e4-Tiroli Tiroli.<\/em><\/p>\t\t\t\t\t\t\t\t<\/div>\n\t\t\t\t<\/div>\n\t\t\t\t\t<\/div>\n\t\t\t\t<\/div>\n\t\t<div class=\"elementor-element elementor-element-iwgcn-sami-cc e-flex e-con-boxed e-con e-parent\" data-id=\"iwgcn-sami-cc\" data-element_type=\"container\" data-e-type=\"container\" id=\"iwg-cc-sami\">\n\t\t\t\t\t<div class=\"e-con-inner\">\n\t\t<div class=\"elementor-element elementor-element-iwgcn-sami-ccinner e-flex e-con-boxed e-con e-parent\" data-id=\"iwgcn-sami-ccinner\" data-element_type=\"container\" data-e-type=\"container\" data-settings=\"{&quot;background_background&quot;:&quot;classic&quot;}\">\n\t\t\t\t\t<div class=\"e-con-inner\">\n\t\t\t\t<div class=\"elementor-element elementor-element-iwgcn-sami-cch elementor-widget elementor-widget-heading\" data-id=\"iwgcn-sami-cch\" data-element_type=\"widget\" data-e-type=\"widget\" data-widget_type=\"heading.default\">\n\t\t\t\t\t<h2 class=\"elementor-heading-title elementor-size-default\">Suojaesineet t\u00e4ss\u00e4 kulttuuriperinteess\u00e4<\/h2>\t\t\t\t<\/div>\n\t\t\t\t<div class=\"elementor-element elementor-element-iwgcn-sami-cct elementor-widget elementor-widget-text-editor\" data-id=\"iwgcn-sami-cct\" data-element_type=\"widget\" data-e-type=\"widget\" data-widget_type=\"text-editor.default\">\n\t\t\t\t\t\t\t\t\t<p>Alppien alueen perinne tuntee <a href=\"https:\/\/iwell-guard.com\/fi\/drudenfuss-ja-pentagrammi\/\">Drudenfu\u00df-merkin<\/a> ovien ja s\u00e4nkyjen yll\u00e4, vihityt <a href=\"https:\/\/iwell-guard.com\/fi\/?page_id=145072\">yrttikimput<\/a> Marian taivaaseenastumisen juhlaan, <a href=\"https:\/\/iwell-guard.com\/fi\/suitsutus-ja-puhdistus\/\">Rauhn\u00e4chtien suitsutuksen<\/a> talossa ja navetassa <a href=\"https:\/\/iwell-guard.com\/fi\/suitsuke\/\">suitsukkeella<\/a> sek\u00e4 raskaat <a href=\"https:\/\/iwell-guard.com\/fi\/kellot-ja-tiukut-meluavana-suojana\/\">kellot<\/a> Perchten- ja Krampus-kulkueissa, joiden melun on tarkoitus karkottaa talven demonit. Kulttuurien v\u00e4lisen yleiskatsauksen tarjoaa <a href=\"https:\/\/iwell-guard.com\/fi\/suoja-kompassi\/\">Schutz-Kompass<\/a>.<\/p>\n<div data-nosnippet=\"true\"><p>iWell Guard asettuu t\u00e4h\u00e4n kulttuurihistorialliseen jatkumoon kannettavista suojaesineist\u00e4, nykyaikaisessa materiaaliarkkitehtuurissa, valmistettu Saksassa. 41 tasoa, aitoa kultaa, platinaa, hopeaa. 30 p\u00e4iv\u00e4n palautusoikeus.<\/p><\/div>\t\t\t\t\t\t\t\t<\/div>\n\t\t\t\t<div class=\"elementor-element elementor-element-iwgcn-sami-ccb iwg-cc-button iwg-cc-cta-2026-05-13 elementor-widget elementor-widget-jet-button\" data-id=\"iwgcn-sami-ccb\" data-element_type=\"widget\" data-e-type=\"widget\" data-widget_type=\"jet-button.default\">\n\t\t\t\t<div class=\"elementor-widget-container\">\n\t\t\t\t\t<div class=\"elementor-jet-button jet-elements\"><div class=\"jet-button__container\"><a class=\"jet-button__instance jet-button__instance--icon-left hover-effect-1\" href=\"\/ueber-iwell-guard\/?utm_source=iwell-guard.com&amp;utm_medium=info-box&amp;utm_campaign=kultur-tradition\"><div class=\"jet-button__plane jet-button__plane-normal\"><\/div><div class=\"jet-button__plane jet-button__plane-hover\"><\/div><div class=\"jet-button__state jet-button__state-normal\"><span class=\"jet-button__label\">Lis\u00e4\u00e4 iWell Guardista<\/span><\/div><div class=\"jet-button__state jet-button__state-hover\"><span class=\"jet-button__label\">Lis\u00e4\u00e4 iWell Guardista<\/span><\/div><\/a><\/div><\/div><style>.elementor-element.elementor-element-iwgcn-sami-ccb .jet-button__instance{width:320px;height:56px;}.elementor-element.elementor-element-iwgcn-sami-ccb .jet-button__state-normal .jet-button__label{text-align:center;margin:0px 0px 0px 0px;color:#1a1b20;font-family:Montserrat,sans-serif;font-size:13px;font-weight:400;letter-spacing:4px;line-height:1.714em;text-transform:uppercase;}.elementor-element.elementor-element-iwgcn-sami-ccb .jet-button__state-hover .jet-button__label{text-align:center;margin:0px 0px 0px 0px;color:#FECC76;font-family:Montserrat,sans-serif;font-size:13px;font-weight:400;letter-spacing:4px;line-height:1.714em;text-transform:uppercase;}.elementor-element.elementor-element-iwgcn-sami-ccb .jet-button__plane-normal{background-color:#FECC76;border-style:solid;border-color:#C99540;border-width:2px 2px 2px 2px;}.elementor-element.elementor-element-iwgcn-sami-ccb .jet-button__plane-hover{background-color:rgba(0,0,0,0.55);border-style:solid;border-color:#FECC76;border-width:2px 2px 2px 2px;}<\/style>\t\t\t\t<\/div>\n\t\t\t\t<\/div>\n\t\t\t\t<div class=\"elementor-element elementor-element-iwgcn-sami-ccd elementor-widget elementor-widget-text-editor\" data-id=\"iwgcn-sami-ccd\" data-element_type=\"widget\" data-e-type=\"widget\" data-widget_type=\"text-editor.default\">\n\t\t\t\t\t\t\t\t\t<div data-nosnippet=\"true\"><p style=\"text-align:center;font-size:13px;opacity:0.7;margin-top:14px\" data-nosnippet=\"true\">Henkil\u00f6kohtaiset kokemukset voivat vaihdella. Ei l\u00e4\u00e4kinn\u00e4llinen laite. Ei paranemislupausta.<\/p><\/div>\t\t\t\t\t\t\t\t<\/div>\n\t\t\t\t\t<\/div>\n\t\t\t\t<\/div>\n\t\t\t\t\t<\/div>\n\t\t\t\t<\/div>\n\t\t<div class=\"elementor-element elementor-element-iwgcn-sami-disc e-flex e-con-boxed e-con e-parent\" data-id=\"iwgcn-sami-disc\" data-element_type=\"container\" data-e-type=\"container\">\n\t\t\t\t\t<div class=\"e-con-inner\">\n\t\t\t\t<div class=\"elementor-element elementor-element-iwgcn-sami-discw elementor-widget elementor-widget-html\" data-id=\"iwgcn-sami-discw\" data-element_type=\"widget\" data-e-type=\"widget\" data-widget_type=\"html.default\">\n\t\t\t\t\t<footer data-nosnippet=\"true\" class=\"iwg-disclaimer-block\"><p data-nosnippet=\"true\">iWell Guard <strong>ei ole l\u00e4\u00e4kinn\u00e4llinen laite<\/strong>, eik\u00e4 se korvaa l\u00e4\u00e4k\u00e4rin tai psykoterapeutin hoitoa. Uskontotieteelliset sis\u00e4ll\u00f6t ovat kulttuurihistoriallista tarkastelua, ei suositus hengelliseen k\u00e4yt\u00e4nt\u00f6\u00f6n.<\/p><\/footer>\t\t\t\t<\/div>\n\t\t\t\t\t<\/div>\n\t\t\t\t<\/div>\n\t\t\t\t<\/div>\n\t\t","protected":false},"excerpt":{"rendered":"","protected":false},"author":3,"featured_media":20516,"parent":0,"menu_order":0,"comment_status":"closed","ping_status":"closed","template":"elementor_header_footer","meta":{"_yoast_wpseo_focuskw":"alppitarut","_yoast_wpseo_title":"Alppitarut: Perchta, Krampus & Tatzelwurm","_yoast_wpseo_metadesc":"Perchta, Krampus, Kasermandl ja Tatzelwurm: Alppien tarumaailma uskontotieteellisesti selitettyn\u00e4, mukana Rauhnacht-perinteet Baijerista ja Etel\u00e4-Tirolista.","_yoast_wpseo_meta-robots-noindex":"","_yoast_wpseo_canonical":"","_angie_page":false,"gefaehrdungsstufe":"","wesen_kultur":"","wesen_klasse":"","footnotes":""},"categories":[],"class_list":["post-145096","page","type-page","status-publish","has-post-thumbnail","hentry"],"yoast_head":"<!-- This site is optimized with the Yoast SEO Premium plugin v27.7 (Yoast SEO v28.3) - https:\/\/yoast.com\/product\/yoast-seo-premium-wordpress\/ -->\n<title>Alppitarut: Perchta, Krampus &amp; Tatzelwurm<\/title>\n<meta name=\"description\" content=\"Perchta, Krampus, Kasermandl ja Tatzelwurm: Alppien tarumaailma uskontotieteellisesti selitettyn\u00e4, mukana Rauhnacht-perinteet Baijerista ja Etel\u00e4-Tirolista.\" \/>\n<meta name=\"robots\" content=\"index, follow, max-snippet:-1, max-image-preview:large, max-video-preview:-1\" \/>\n<link rel=\"canonical\" href=\"https:\/\/iwell-guard.com\/fi\/alppitarut\/\" \/>\n<meta property=\"og:locale\" content=\"fi_FI\" \/>\n<meta property=\"og:type\" content=\"article\" \/>\n<meta property=\"og:title\" content=\"Alppitarut\" \/>\n<meta property=\"og:description\" content=\"Perchta, Krampus, Kasermandl ja Tatzelwurm: Alppien tarumaailma uskontotieteellisesti selitettyn\u00e4, mukana Rauhnacht-perinteet Baijerista ja Etel\u00e4-Tirolista.\" \/>\n<meta property=\"og:url\" content=\"https:\/\/iwell-guard.com\/fi\/alppitarut\/\" \/>\n<meta property=\"og:site_name\" content=\"iWell Guard\" \/>\n<meta property=\"article:modified_time\" content=\"2026-09-03T13:16:32+00:00\" \/>\n<meta property=\"og:image\" content=\"https:\/\/iwell-guard.com\/wp-content\/uploads\/2026\/07\/daemonen_alpin_krampus.webp\" \/>\n\t<meta property=\"og:image:width\" content=\"1024\" \/>\n\t<meta property=\"og:image:height\" content=\"1536\" \/>\n\t<meta property=\"og:image:type\" content=\"image\/webp\" \/>\n<meta name=\"twitter:card\" content=\"summary_large_image\" \/>\n<script type=\"application\/ld+json\" class=\"yoast-schema-graph\">{\"@context\":\"https:\\\/\\\/schema.org\",\"@graph\":[{\"@type\":\"WebPage\",\"@id\":\"https:\\\/\\\/iwell-guard.com\\\/fi\\\/alppitarut\\\/\",\"url\":\"https:\\\/\\\/iwell-guard.com\\\/fi\\\/alppitarut\\\/\",\"name\":\"Alppitarut: Perchta, Krampus & Tatzelwurm\",\"isPartOf\":{\"@id\":\"https:\\\/\\\/iwell-guard.com\\\/fi\\\/#website\"},\"primaryImageOfPage\":{\"@id\":\"https:\\\/\\\/iwell-guard.com\\\/fi\\\/alppitarut\\\/#primaryimage\"},\"image\":{\"@id\":\"https:\\\/\\\/iwell-guard.com\\\/fi\\\/alppitarut\\\/#primaryimage\"},\"thumbnailUrl\":\"https:\\\/\\\/iwell-guard.com\\\/wp-content\\\/uploads\\\/2026\\\/07\\\/daemonen_alpin_krampus.webp\",\"datePublished\":\"2026-09-03T12:42:33+00:00\",\"dateModified\":\"2026-09-03T13:16:32+00:00\",\"description\":\"Perchta, Krampus, Kasermandl ja Tatzelwurm: Alppien tarumaailma uskontotieteellisesti selitettyn\u00e4, mukana Rauhnacht-perinteet Baijerista ja Etel\u00e4-Tirolista.\",\"breadcrumb\":{\"@id\":\"https:\\\/\\\/iwell-guard.com\\\/fi\\\/alppitarut\\\/#breadcrumb\"},\"inLanguage\":\"fi\",\"potentialAction\":[{\"@type\":\"ReadAction\",\"target\":[\"https:\\\/\\\/iwell-guard.com\\\/fi\\\/alppitarut\\\/\"]}]},{\"@type\":\"ImageObject\",\"inLanguage\":\"fi\",\"@id\":\"https:\\\/\\\/iwell-guard.com\\\/fi\\\/alppitarut\\\/#primaryimage\",\"url\":\"https:\\\/\\\/iwell-guard.com\\\/wp-content\\\/uploads\\\/2026\\\/07\\\/daemonen_alpin_krampus.webp\",\"contentUrl\":\"https:\\\/\\\/iwell-guard.com\\\/wp-content\\\/uploads\\\/2026\\\/07\\\/daemonen_alpin_krampus.webp\",\"width\":1024,\"height\":1536,\"caption\":\"Krampus - alppialueen perinteen demoneita, historiallis-kuvitteellinen esitys\"},{\"@type\":\"BreadcrumbList\",\"@id\":\"https:\\\/\\\/iwell-guard.com\\\/fi\\\/alppitarut\\\/#breadcrumb\",\"itemListElement\":[{\"@type\":\"ListItem\",\"position\":1,\"name\":\"Start\",\"item\":\"https:\\\/\\\/iwell-guard.com\\\/fi\\\/?page_id=143815\"},{\"@type\":\"ListItem\",\"position\":2,\"name\":\"Alppitarut\"}]},{\"@type\":\"WebSite\",\"@id\":\"https:\\\/\\\/iwell-guard.com\\\/fi\\\/#website\",\"url\":\"https:\\\/\\\/iwell-guard.com\\\/fi\\\/\",\"name\":\"iWell Guard\",\"description\":\"Schutz vor dunklen Einfl\u00fcssen\",\"publisher\":{\"@id\":\"https:\\\/\\\/iwell-guard.com\\\/fi\\\/#organization\"},\"potentialAction\":[{\"@type\":\"SearchAction\",\"target\":{\"@type\":\"EntryPoint\",\"urlTemplate\":\"https:\\\/\\\/iwell-guard.com\\\/fi\\\/?s={search_term_string}\"},\"query-input\":{\"@type\":\"PropertyValueSpecification\",\"valueRequired\":true,\"valueName\":\"search_term_string\"}}],\"inLanguage\":\"fi\"},{\"@type\":\"Organization\",\"@id\":\"https:\\\/\\\/iwell-guard.com\\\/fi\\\/#organization\",\"name\":\"Ittermann electronic GmbH\",\"url\":\"https:\\\/\\\/iwell-guard.com\\\/fi\\\/\",\"logo\":{\"@type\":\"ImageObject\",\"inLanguage\":\"fi\",\"@id\":\"https:\\\/\\\/iwell-guard.com\\\/fi\\\/#\\\/schema\\\/logo\\\/image\\\/\",\"url\":\"https:\\\/\\\/iwell-guard.com\\\/wp-content\\\/uploads\\\/2026\\\/05\\\/Ittermann-Logo-1182x237-1.png\",\"contentUrl\":\"https:\\\/\\\/iwell-guard.com\\\/wp-content\\\/uploads\\\/2026\\\/05\\\/Ittermann-Logo-1182x237-1.png\",\"width\":1182,\"height\":237,\"caption\":\"Ittermann electronic GmbH\"},\"image\":{\"@id\":\"https:\\\/\\\/iwell-guard.com\\\/fi\\\/#\\\/schema\\\/logo\\\/image\\\/\"},\"sameAs\":[\"https:\\\/\\\/pantip.com\\\/profile\\\/9367242\",\"https:\\\/\\\/micro.blog\\\/iwellguard\",\"https:\\\/\\\/www.diggerslist.com\\\/iwellguard\\\/about\",\"https:\\\/\\\/skitterphoto.com\\\/photographers\\\/2870314\\\/iwell-guard\",\"https:\\\/\\\/iwellguard.wordpress.com\\\/2026\\\/06\\\/06\\\/iwell-guard\\\/\",\"https:\\\/\\\/hub.docker.com\\\/u\\\/iwellguard\",\"https:\\\/\\\/www.pinterest.com\\\/iwellguard\\\/\",\"https:\\\/\\\/bit.ly\\\/m\\\/iwellguard\",\"https:\\\/\\\/entre-vos-mains.alsace.eu\\\/profiles\\\/iwellguard\\\/activity\",\"https:\\\/\\\/gravatar.com\\\/reallybeded8fd34\",\"https:\\\/\\\/naijamatta.com\\\/iwellguard\",\"https:\\\/\\\/www.goodreads.com\\\/iwellguard\",\"https:\\\/\\\/profile.hatena.ne.jp\\\/iwellguard\\\/\",\"https:\\\/\\\/experiment.com\\\/users\\\/iwellguard\",\"https:\\\/\\\/wakelet.com\\\/@iWellGuard82270\",\"https:\\\/\\\/www.chordie.com\\\/forum\\\/profile.php?id=2555664\",\"https:\\\/\\\/www.instapaper.com\\\/p\\\/17757966\",\"https:\\\/\\\/www.mapleprimes.com\\\/users\\\/iwellguard\",\"https:\\\/\\\/businesslistingplus.com\\\/profile\\\/iwell-guard\\\/\",\"https:\\\/\\\/telegra.ph\\\/iWell-Guard-06-06\",\"https:\\\/\\\/pbase.com\\\/iwellguard\\\/iwellguard\",\"https:\\\/\\\/b.hatena.ne.jp\\\/iwellguard\\\/20260607#bookmark-4788405196491818882\",\"https:\\\/\\\/fliphtml5.com\\\/home\\\/iwellguard\",\"https:\\\/\\\/anyflip.com\\\/homepage\\\/cmiwl#About\",\"https:\\\/\\\/transfur.com\\\/Users\\\/iwellguard\",\"http:\\\/\\\/delphi.larsbo.org\\\/user\\\/iwellguard\",\"https:\\\/\\\/jobs.lajobsportal.org\\\/profiles\\\/8380803-iwell-guard\",\"https:\\\/\\\/md.chaosdorf.de\\\/s\\\/jfbe5SBdJD\",\"https:\\\/\\\/www.lingvolive.com\\\/en-us\\\/profile\\\/9ecaeaca-ce11-4e51-9e71-01d55e2bff36\\\/translations\",\"https:\\\/\\\/www.fitday.com\\\/fitness\\\/forums\\\/members\\\/iwellguard.html\",\"https:\\\/\\\/www.mymeetbook.com\\\/iwellguard\",\"https:\\\/\\\/pxhere.com\\\/en\\\/photographer-me\\\/5040798\",\"https:\\\/\\\/disqus.com\\\/by\\\/iwellguard\\\/about\\\/\",\"https:\\\/\\\/pastelink.net\\\/hjwciqwq\",\"https:\\\/\\\/pubhtml5.com\\\/homepage\\\/scjhn\\\/\",\"https:\\\/\\\/www.bitchute.com\\\/channel\\\/2O2eOKzNqujT\",\"https:\\\/\\\/audiomack.com\\\/iwellguard\"]}]}<\/script>\n<!-- \/ Yoast SEO Premium plugin. -->","yoast_head_json":{"title":"Alppitarut: Perchta, Krampus & Tatzelwurm","description":"Perchta, Krampus, Kasermandl ja Tatzelwurm: Alppien tarumaailma uskontotieteellisesti selitettyn\u00e4, mukana Rauhnacht-perinteet Baijerista ja Etel\u00e4-Tirolista.","robots":{"index":"index","follow":"follow","max-snippet":"max-snippet:-1","max-image-preview":"max-image-preview:large","max-video-preview":"max-video-preview:-1"},"canonical":"https:\/\/iwell-guard.com\/fi\/alppitarut\/","og_locale":"fi_FI","og_type":"article","og_title":"Alppitarut","og_description":"Perchta, Krampus, Kasermandl ja Tatzelwurm: Alppien tarumaailma uskontotieteellisesti selitettyn\u00e4, mukana Rauhnacht-perinteet Baijerista ja Etel\u00e4-Tirolista.","og_url":"https:\/\/iwell-guard.com\/fi\/alppitarut\/","og_site_name":"iWell Guard","article_modified_time":"2026-09-03T13:16:32+00:00","og_image":[{"width":1024,"height":1536,"url":"https:\/\/iwell-guard.com\/wp-content\/uploads\/2026\/07\/daemonen_alpin_krampus.webp","type":"image\/webp"}],"twitter_card":"summary_large_image","schema":{"@context":"https:\/\/schema.org","@graph":[{"@type":"WebPage","@id":"https:\/\/iwell-guard.com\/fi\/alppitarut\/","url":"https:\/\/iwell-guard.com\/fi\/alppitarut\/","name":"Alppitarut: Perchta, Krampus & Tatzelwurm","isPartOf":{"@id":"https:\/\/iwell-guard.com\/fi\/#website"},"primaryImageOfPage":{"@id":"https:\/\/iwell-guard.com\/fi\/alppitarut\/#primaryimage"},"image":{"@id":"https:\/\/iwell-guard.com\/fi\/alppitarut\/#primaryimage"},"thumbnailUrl":"https:\/\/iwell-guard.com\/wp-content\/uploads\/2026\/07\/daemonen_alpin_krampus.webp","datePublished":"2026-09-03T12:42:33+00:00","dateModified":"2026-09-03T13:16:32+00:00","description":"Perchta, Krampus, Kasermandl ja Tatzelwurm: Alppien tarumaailma uskontotieteellisesti selitettyn\u00e4, mukana Rauhnacht-perinteet Baijerista ja Etel\u00e4-Tirolista.","breadcrumb":{"@id":"https:\/\/iwell-guard.com\/fi\/alppitarut\/#breadcrumb"},"inLanguage":"fi","potentialAction":[{"@type":"ReadAction","target":["https:\/\/iwell-guard.com\/fi\/alppitarut\/"]}]},{"@type":"ImageObject","inLanguage":"fi","@id":"https:\/\/iwell-guard.com\/fi\/alppitarut\/#primaryimage","url":"https:\/\/iwell-guard.com\/wp-content\/uploads\/2026\/07\/daemonen_alpin_krampus.webp","contentUrl":"https:\/\/iwell-guard.com\/wp-content\/uploads\/2026\/07\/daemonen_alpin_krampus.webp","width":1024,"height":1536,"caption":"Krampus - alppialueen perinteen demoneita, historiallis-kuvitteellinen esitys"},{"@type":"BreadcrumbList","@id":"https:\/\/iwell-guard.com\/fi\/alppitarut\/#breadcrumb","itemListElement":[{"@type":"ListItem","position":1,"name":"Start","item":"https:\/\/iwell-guard.com\/fi\/?page_id=143815"},{"@type":"ListItem","position":2,"name":"Alppitarut"}]},{"@type":"WebSite","@id":"https:\/\/iwell-guard.com\/fi\/#website","url":"https:\/\/iwell-guard.com\/fi\/","name":"iWell Guard","description":"Schutz vor dunklen Einfl\u00fcssen","publisher":{"@id":"https:\/\/iwell-guard.com\/fi\/#organization"},"potentialAction":[{"@type":"SearchAction","target":{"@type":"EntryPoint","urlTemplate":"https:\/\/iwell-guard.com\/fi\/?s={search_term_string}"},"query-input":{"@type":"PropertyValueSpecification","valueRequired":true,"valueName":"search_term_string"}}],"inLanguage":"fi"},{"@type":"Organization","@id":"https:\/\/iwell-guard.com\/fi\/#organization","name":"Ittermann electronic GmbH","url":"https:\/\/iwell-guard.com\/fi\/","logo":{"@type":"ImageObject","inLanguage":"fi","@id":"https:\/\/iwell-guard.com\/fi\/#\/schema\/logo\/image\/","url":"https:\/\/iwell-guard.com\/wp-content\/uploads\/2026\/05\/Ittermann-Logo-1182x237-1.png","contentUrl":"https:\/\/iwell-guard.com\/wp-content\/uploads\/2026\/05\/Ittermann-Logo-1182x237-1.png","width":1182,"height":237,"caption":"Ittermann electronic GmbH"},"image":{"@id":"https:\/\/iwell-guard.com\/fi\/#\/schema\/logo\/image\/"},"sameAs":["https:\/\/pantip.com\/profile\/9367242","https:\/\/micro.blog\/iwellguard","https:\/\/www.diggerslist.com\/iwellguard\/about","https:\/\/skitterphoto.com\/photographers\/2870314\/iwell-guard","https:\/\/iwellguard.wordpress.com\/2026\/06\/06\/iwell-guard\/","https:\/\/hub.docker.com\/u\/iwellguard","https:\/\/www.pinterest.com\/iwellguard\/","https:\/\/bit.ly\/m\/iwellguard","https:\/\/entre-vos-mains.alsace.eu\/profiles\/iwellguard\/activity","https:\/\/gravatar.com\/reallybeded8fd34","https:\/\/naijamatta.com\/iwellguard","https:\/\/www.goodreads.com\/iwellguard","https:\/\/profile.hatena.ne.jp\/iwellguard\/","https:\/\/experiment.com\/users\/iwellguard","https:\/\/wakelet.com\/@iWellGuard82270","https:\/\/www.chordie.com\/forum\/profile.php?id=2555664","https:\/\/www.instapaper.com\/p\/17757966","https:\/\/www.mapleprimes.com\/users\/iwellguard","https:\/\/businesslistingplus.com\/profile\/iwell-guard\/","https:\/\/telegra.ph\/iWell-Guard-06-06","https:\/\/pbase.com\/iwellguard\/iwellguard","https:\/\/b.hatena.ne.jp\/iwellguard\/20260607#bookmark-4788405196491818882","https:\/\/fliphtml5.com\/home\/iwellguard","https:\/\/anyflip.com\/homepage\/cmiwl#About","https:\/\/transfur.com\/Users\/iwellguard","http:\/\/delphi.larsbo.org\/user\/iwellguard","https:\/\/jobs.lajobsportal.org\/profiles\/8380803-iwell-guard","https:\/\/md.chaosdorf.de\/s\/jfbe5SBdJD","https:\/\/www.lingvolive.com\/en-us\/profile\/9ecaeaca-ce11-4e51-9e71-01d55e2bff36\/translations","https:\/\/www.fitday.com\/fitness\/forums\/members\/iwellguard.html","https:\/\/www.mymeetbook.com\/iwellguard","https:\/\/pxhere.com\/en\/photographer-me\/5040798","https:\/\/disqus.com\/by\/iwellguard\/about\/","https:\/\/pastelink.net\/hjwciqwq","https:\/\/pubhtml5.com\/homepage\/scjhn\/","https:\/\/www.bitchute.com\/channel\/2O2eOKzNqujT","https:\/\/audiomack.com\/iwellguard"]}]}},"_links":{"self":[{"href":"https:\/\/iwell-guard.com\/fi\/wp-json\/wp\/v2\/pages\/145096","targetHints":{"allow":["GET"]}}],"collection":[{"href":"https:\/\/iwell-guard.com\/fi\/wp-json\/wp\/v2\/pages"}],"about":[{"href":"https:\/\/iwell-guard.com\/fi\/wp-json\/wp\/v2\/types\/page"}],"author":[{"embeddable":true,"href":"https:\/\/iwell-guard.com\/fi\/wp-json\/wp\/v2\/users\/3"}],"replies":[{"embeddable":true,"href":"https:\/\/iwell-guard.com\/fi\/wp-json\/wp\/v2\/comments?post=145096"}],"version-history":[{"count":0,"href":"https:\/\/iwell-guard.com\/fi\/wp-json\/wp\/v2\/pages\/145096\/revisions"}],"wp:featuredmedia":[{"embeddable":true,"href":"https:\/\/iwell-guard.com\/fi\/wp-json\/wp\/v2\/media\/20516"}],"wp:attachment":[{"href":"https:\/\/iwell-guard.com\/fi\/wp-json\/wp\/v2\/media?parent=145096"}],"wp:term":[{"taxonomy":"category","embeddable":true,"href":"https:\/\/iwell-guard.com\/fi\/wp-json\/wp\/v2\/categories?post=145096"}],"curies":[{"name":"wp","href":"https:\/\/api.w.org\/{rel}","templated":true}]}}