{"id":145094,"date":"2026-09-03T12:42:31","date_gmt":"2026-09-03T12:42:31","guid":{"rendered":"https:\/\/iwell-guard.com\/?page_id=145094"},"modified":"2026-09-03T13:16:30","modified_gmt":"2026-09-03T13:16:30","slug":"romanialainen-mytologia","status":"publish","type":"page","link":"https:\/\/iwell-guard.com\/fi\/romanialainen-mytologia\/","title":{"rendered":"Romanialainen mytologia"},"content":{"rendered":"\t\t<div data-elementor-type=\"wp-page\" data-elementor-id=\"145094\" class=\"elementor elementor-145094 elementor-20574 elementor-bc-flex-widget\" data-elementor-post-type=\"page\">\n\t\t\t\t<div class=\"elementor-element elementor-element-iwgcn-sami-hero iwg-kultur-hero e-flex e-con-boxed e-con e-parent\" data-id=\"iwgcn-sami-hero\" data-element_type=\"container\" data-e-type=\"container\">\n\t\t\t\t\t<div class=\"e-con-inner\">\n\t\t<div class=\"elementor-element elementor-element-iwgcn-sami-hl iwg-kultur-hero-left e-flex e-con-boxed e-con e-child\" data-id=\"iwgcn-sami-hl\" data-element_type=\"container\" data-e-type=\"container\">\n\t\t\t\t\t<div class=\"e-con-inner\">\n\t\t\t\t<div class=\"elementor-element elementor-element-iwgcn-sami-h1 elementor-widget elementor-widget-heading\" data-id=\"iwgcn-sami-h1\" data-element_type=\"widget\" data-e-type=\"widget\" data-widget_type=\"heading.default\">\n\t\t\t\t\t<h1 class=\"elementor-heading-title elementor-size-default\">Strigoi, Iele ja romanialaisten Karpaattien henkimaailma<\/h1>\t\t\t\t<\/div>\n\t\t<div class=\"elementor-element elementor-element-iwgcn-sami-leadc e-con-full e-flex e-con e-child\" data-id=\"iwgcn-sami-leadc\" data-element_type=\"container\" data-e-type=\"container\">\n\t\t\t\t<div class=\"elementor-element elementor-element-iwgcn-sami-lead elementor-widget elementor-widget-text-editor\" data-id=\"iwgcn-sami-lead\" data-element_type=\"widget\" data-e-type=\"widget\" data-widget_type=\"text-editor.default\">\n\t\t\t\t\t\t\t\t\t<p>Romanialainen kansanperinne yhdist\u00e4\u00e4 voimakkaan Strigoihin ja Moroihin liittyv\u00e4n vainajien paluu-uskon luonnonolentoihin, kuten tanssiviin Iele-henkiin, mets\u00e4n \u00e4itiin Muma P\u0103durii ja Pricolicin ymp\u00e4rille kietoutuvaan ihmissusiuskomukseen. N\u00e4m\u00e4 k\u00e4sitykset syntyiv\u00e4t maaseutuyhteis\u00f6ss\u00e4, joka romanialais-ortodoksisen kirkon rinnalla vaali vuosisatojen ajan omia tapoja suojautuakseen kuolleista nousseilta ja hengilt\u00e4, erityisesti Transilvaniassa, Moldovassa ja Valakiassa.<\/p>\n<p class=\"iwg-kwfix\">Romanialainen mytologia eroaa selv\u00e4sti kirjallisesta Dracula-myytist\u00e4, joka pohjautuu Bram Stokerin vuoden 1897 romaaniin ja liittyy vain l\u00f6yh\u00e4sti Romanian todelliseen kansanperinteeseen. Artikkeli johdattaa romanialaisten Karpaattien henkimaailmaan, joka poikkeaa selv\u00e4sti kirjallisesta Dracula-myytist\u00e4.<\/p>\t\t\t\t\t\t\t\t<\/div>\n\t\t\t\t<\/div>\n\t\t\t\t\t<\/div>\n\t\t\t\t<\/div>\n\t\t<div class=\"elementor-element elementor-element-iwgcn-sami-hr iwg-kultur-hero-right e-flex e-con-boxed e-con e-child\" data-id=\"iwgcn-sami-hr\" data-element_type=\"container\" data-e-type=\"container\">\n\t\t\t\t\t<div class=\"e-con-inner\">\n\t\t\t\t<div class=\"elementor-element elementor-element-iwgcn-sami-himg iwg-hero-image elementor-widget elementor-widget-image\" data-id=\"iwgcn-sami-himg\" data-element_type=\"widget\" data-e-type=\"widget\" data-widget_type=\"image.default\">\n\t\t\t\t\t\t\t\t\t\t\t\t\t\t\t<img fetchpriority=\"high\" decoding=\"async\" width=\"683\" height=\"1024\" src=\"https:\/\/iwell-guard.com\/wp-content\/uploads\/2026\/05\/goetter_sami_beaivi-683x1024.webp\" class=\"attachment-large size-large wp-image-148753\" alt=\"Beaivi \u2013 jumalia saamelaisesta perinteest\u00e4, historiallis-havainnollinen kuva\" srcset=\"https:\/\/iwell-guard.com\/wp-content\/uploads\/2026\/05\/goetter_sami_beaivi-683x1024.webp 683w, https:\/\/iwell-guard.com\/wp-content\/uploads\/2026\/05\/goetter_sami_beaivi-200x300.webp 200w, https:\/\/iwell-guard.com\/wp-content\/uploads\/2026\/05\/goetter_sami_beaivi-768x1152.webp 768w, https:\/\/iwell-guard.com\/wp-content\/uploads\/2026\/05\/goetter_sami_beaivi.webp 1024w\" sizes=\"(max-width: 683px) 100vw, 683px\" \/>\t\t\t\t\t\t\t\t\t\t\t\t\t\t\t<\/div>\n\t\t\t\t\t<\/div>\n\t\t\t\t<\/div>\n\t\t\t\t\t<\/div>\n\t\t\t\t<\/div>\n\t\t\t\t<section class=\"elementor-section elementor-top-section elementor-element elementor-element-sec-iwgcomp-sami elementor-section-boxed elementor-section-height-default elementor-section-height-default\" data-id=\"sec-iwgcomp-sami\" data-element_type=\"section\" data-e-type=\"section\">\n\t\t\t\t\t\t<div class=\"elementor-container elementor-column-gap-default\">\n\t\t\t\t\t<div class=\"elementor-column elementor-col-100 elementor-top-column elementor-element elementor-element-col-iwgcomp-sami\" data-id=\"col-iwgcomp-sami\" data-element_type=\"column\" data-e-type=\"column\">\n\t\t\t<div class=\"elementor-widget-wrap elementor-element-populated\">\n\t\t\t\t\t\t<div class=\"elementor-element elementor-element-iwgcomp-sami elementor-widget elementor-widget-text-editor\" data-id=\"iwgcomp-sami\" data-element_type=\"widget\" data-e-type=\"widget\" data-widget_type=\"text-editor.default\">\n\t\t\t\t\t\t\t\t\t<p>Romanialainen <strong><span class=\"iwg-fachbegriff\" data-tooltip=\"K\u00e4sitys, jonka mukaan vainajat palaavat tietyin edellytyksin el\u00e4vien maailmaan kuolleista nousseina.\" tabindex=\"0\">vainajien paluu-usko<\/span><\/strong>, joka liittyy <a href=\"https:\/\/iwell-guard.com\/fi\/strigoi\/\">Strigoihin<\/a> ja <a href=\"https:\/\/iwell-guard.com\/fi\/moroi\/\">Moroihin<\/a>, muodostaa Karpaattien kylien kansanperinteen selk\u00e4rangan.<\/p>\n<p class=\"iwg-kwfix\">Romanialainen mytologia jakautuu esi-isien ja vainajien palvontaan, <a href=\"https:\/\/iwell-guard.com\/fi\/iele\/\">Ielen<\/a> ilmaneitoihin, mets\u00e4olentoon <a href=\"https:\/\/iwell-guard.com\/fi\/muma-padurii\/\">Muma P\u0103durii<\/a> sek\u00e4 <a href=\"https:\/\/iwell-guard.com\/fi\/pricolici\/\">Pricolicin<\/a> ymp\u00e4rille kietoutuvaan ihmissusiuskomukseen. N\u00e4it\u00e4 tarinoita kerrotaan yh\u00e4 nyky\u00e4\u00e4n erityisesti Transilvanian ja Moldovan maaseutualueilla.<\/p>\t\t\t\t\t\t\t\t<\/div>\n\t\t\t\t\t<\/div>\n\t\t<\/div>\n\t\t\t\t\t<\/div>\n\t\t<\/section>\n\t\t<div class=\"elementor-element elementor-element-iwgcn-sami-s0 e-flex e-con-boxed e-con e-parent\" data-id=\"iwgcn-sami-s0\" data-element_type=\"container\" data-e-type=\"container\">\n\t\t\t\t\t<div class=\"e-con-inner\">\n\t\t\t\t<div class=\"elementor-element elementor-element-iwgcn-sami-s0h elementor-widget elementor-widget-heading\" data-id=\"iwgcn-sami-s0h\" data-element_type=\"widget\" data-e-type=\"widget\" data-widget_type=\"heading.default\">\n\t\t\t\t\t<h2 class=\"elementor-heading-title elementor-size-default\">Transilvania, Moldova, Valakia: Romanian uskonnollinen maisema<\/h2>\t\t\t\t<\/div>\n\t\t<div class=\"elementor-element elementor-element-iwgcn-sami-s0-c e-con-full e-flex e-con e-child\" data-id=\"iwgcn-sami-s0-c\" data-element_type=\"container\" data-e-type=\"container\">\n\t\t\t\t<div class=\"elementor-element elementor-element-iwgcn-sami-s0t elementor-widget elementor-widget-text-editor\" data-id=\"iwgcn-sami-s0t\" data-element_type=\"widget\" data-e-type=\"widget\" data-widget_type=\"text-editor.default\">\n\t\t\t\t\t\t\t\t\t<p>Romania on p\u00e4\u00e4osin romanialais-ortodoksinen maa, ja katolisia ja reformoituja v\u00e4hemmist\u00f6j\u00e4 on erityisesti Transilvaniassa, jossa romanialaiset, unkarilaiset ja saksankieliset, transilvanialais-saksilaiset v\u00e4est\u00f6ryhm\u00e4t eliv\u00e4t vuosisatojen ajan rinnakkain. Strigoihin, Ieleen ja niihin liittyviin olentoihin kohdistuva kansanusko kehittyi rinnakkain kirkollisen hartaudenharjoittamisen kanssa, usein tiiviisti kietoutuneena kristillisiin juhlap\u00e4iviin ja pyhimyskalentereihin.<\/p>\n<p>Erityisesti syrj\u00e4isill\u00e4 alueilla, kuten Maramure\u0219issa, Moldovan Karpaattien laaksoissa ja osissa Valakiaa, arkaaiset hautaus- ja suojelutavat s\u00e4ilyiv\u00e4t elinvoimaisina 1900-luvulle asti. Etnografit tallensivat n\u00e4it\u00e4 perinteit\u00e4 1800-luvun lopulta l\u00e4htien, kun romanialainen kansatiede vakiintui omaksi tieteenalakseen.<\/p>\n<p class=\"iwg-kwfix\">Perinteen peruslinjat: Strigoihin ja Moroihin liittyv\u00e4 esi-isien ja vainajien kultti, vaarallisten \u00f6iden kalenteri, jolloin Iele ja henget liikkuvat, sek\u00e4 suojelutavat, joita v\u00e4litet\u00e4\u00e4n Romanian maaseutualueilla yh\u00e4 nykyp\u00e4iv\u00e4\u00e4n.<\/p>\t\t\t\t\t\t\t\t<\/div>\n\t\t\t\t<\/div>\n\t\t\t\t\t<\/div>\n\t\t\t\t<\/div>\n\t\t<div class=\"elementor-element elementor-element-iwgcn-sami-s1 e-flex e-con-boxed e-con e-parent\" data-id=\"iwgcn-sami-s1\" data-element_type=\"container\" data-e-type=\"container\">\n\t\t\t\t\t<div class=\"e-con-inner\">\n\t\t\t\t<div class=\"elementor-element elementor-element-iwgcn-sami-s1h elementor-widget elementor-widget-heading\" data-id=\"iwgcn-sami-s1h\" data-element_type=\"widget\" data-e-type=\"widget\" data-widget_type=\"heading.default\">\n\t\t\t\t\t<h2 class=\"elementor-heading-title elementor-size-default\">Strigoi ja Moroi: kaksi romanialaisen vainajien paluu-uskon muotoa<\/h2>\t\t\t\t<\/div>\n\t\t<div class=\"elementor-element elementor-element-iwgcn-sami-s1-c e-con-full e-flex e-con e-child\" data-id=\"iwgcn-sami-s1-c\" data-element_type=\"container\" data-e-type=\"container\">\n\t\t\t\t<div class=\"elementor-element elementor-element-iwgcn-sami-s1t elementor-widget elementor-widget-text-editor\" data-id=\"iwgcn-sami-s1t\" data-element_type=\"widget\" data-e-type=\"widget\" data-widget_type=\"text-editor.default\">\n\t\t\t\t\t\t\t\t\t<p><a href=\"https:\/\/iwell-guard.com\/fi\/strigoi\/\">Strigoi<\/a> on romanialaisen kansanuskon mukaan vainaja, joka palaa haudasta imem\u00e4\u00e4n el\u00e4vilt\u00e4 voimaa tai verta. Perinne erottaa toisistaan strigoi vii:t, el\u00e4vi\u00e4 ihmisi\u00e4, joilla on t\u00e4m\u00e4 taipumus, esimerkiksi perheen seitsem\u00e4nten\u00e4 samaa sukupuolta olevana lapsena syntyneet tai aviotta syntyneet, ja strigoi mor\u021bi:t, vainajat, jotka palaavat kuoleman j\u00e4lkeen, usein siksi, ett\u00e4 hautajaismenoja ei suoritettu oikein.<\/p>\n<p><a href=\"https:\/\/iwell-guard.com\/fi\/moroi\/\">Moroi<\/a> miellet\u00e4\u00e4n monilla alueilla lievemm\u00e4ksi ja v\u00e4hemm\u00e4n aggressiiviseksi vainajien paluun muodoksi, kun taas toisissa perinteiss\u00e4 k\u00e4sitett\u00e4 k\u00e4ytet\u00e4\u00e4n l\u00e4hes synonyymin\u00e4 Strigoin kanssa; yhten\u00e4ist\u00e4, koko Romaniaa kattavaa j\u00e4rjestelm\u00e4\u00e4 ei suullisessa perinteess\u00e4 ole. Sanaryhm\u00e4 juontuu latinan sanoista striga\/strix, jotka liittyiv\u00e4t alun perin y\u00f6llisiin p\u00f6ll\u00f6ihin ja noitaolentoihin, ja on sukua italian sanalle strega sek\u00e4 noita-k\u00e4sitteen laajemmalle kokonaisuudelle.<\/p>\n<p>Torjuntakeinoina pidettiin valkosipulia ovilla ja ikkunoilla, rautanauloja arkussa, tammi- tai marjakuusipaalua syd\u00e4men l\u00e4pi sek\u00e4 pahimmissa tapauksissa mestausta ja uudelleenhautaamista kasvot alasp\u00e4in.<\/p>\t\t\t\t\t\t\t\t<\/div>\n\t\t\t\t<\/div>\n\t\t\t\t\t<\/div>\n\t\t\t\t<\/div>\n\t\t<div class=\"elementor-element elementor-element-iwgcn-sami-s2 e-flex e-con-boxed e-con e-parent\" data-id=\"iwgcn-sami-s2\" data-element_type=\"container\" data-e-type=\"container\">\n\t\t\t\t\t<div class=\"e-con-inner\">\n\t\t\t\t<div class=\"elementor-element elementor-element-iwgcn-sami-s2h elementor-widget elementor-widget-heading\" data-id=\"iwgcn-sami-s2h\" data-element_type=\"widget\" data-e-type=\"widget\" data-widget_type=\"heading.default\">\n\t\t\t\t\t<h2 class=\"elementor-heading-title elementor-size-default\">Iele: tanssivat ilmaneidot<\/h2>\t\t\t\t<\/div>\n\t\t<div class=\"elementor-element elementor-element-iwgcn-sami-s2-c e-con-full e-flex e-con e-child\" data-id=\"iwgcn-sami-s2-c\" data-element_type=\"container\" data-e-type=\"container\">\n\t\t\t\t<div class=\"elementor-element elementor-element-iwgcn-sami-s2t elementor-widget elementor-widget-text-editor\" data-id=\"iwgcn-sami-s2t\" data-element_type=\"widget\" data-e-type=\"widget\" data-widget_type=\"text-editor.default\">\n\t\t\t\t\t\t\t\t\t<p><a href=\"https:\/\/iwell-guard.com\/fi\/iele\/\">Iele<\/a> miellet\u00e4\u00e4n kauniiksi mutta vaarallisiksi ilmaneidoiksi, jotka tanssivat \u00f6isin syrj\u00e4isill\u00e4 paikoilla. Heid\u00e4n juhlansa osuu perinteisesti yhteen S\u00e2nzienen kanssa, romanialaisen keskikes\u00e4juhlan, joka vietet\u00e4\u00e4n 24. kes\u00e4kuuta ja joka yhdist\u00e4\u00e4 esikristillisi\u00e4 auringonk\u00e4\u00e4nt\u00f6p\u00e4iv\u00e4n tapoja Johanneksenp\u00e4iv\u00e4\u00e4n. T\u00e4n\u00e4 y\u00f6n\u00e4 taivaan uskotaan olevan erityisen avoin magialle.<\/p>\n<p>Perinteen mukaan Ielen tanssin todistaja riskeeraa perinteen mukaan halvaantumisen, \u00e4\u00e4nett\u00f6m\u00e4ksi j\u00e4\u00e4misen, kuulon menetyksen tai mielenvikaisuuden; miehi\u00e4 pidettiin erityisen alttiina vaaralle. Suojaa tarjosivat tuliriitit, kuten hypp\u00e4\u00e4minen juhannuskokon yli, sek\u00e4 tiettyjen aukioiden ja risteysten v\u00e4ltt\u00e4minen S\u00e2nzienen \u00f6in\u00e4.<\/p>\t\t\t\t\t\t\t\t<\/div>\n\t\t\t\t<\/div>\n\t\t\t\t\t<\/div>\n\t\t\t\t<\/div>\n\t\t<div class=\"elementor-element elementor-element-iwgcn-sami-s3 e-flex e-con-boxed e-con e-parent\" data-id=\"iwgcn-sami-s3\" data-element_type=\"container\" data-e-type=\"container\">\n\t\t\t\t\t<div class=\"e-con-inner\">\n\t\t\t\t<div class=\"elementor-element elementor-element-iwgcn-sami-s3h elementor-widget elementor-widget-heading\" data-id=\"iwgcn-sami-s3h\" data-element_type=\"widget\" data-e-type=\"widget\" data-widget_type=\"heading.default\">\n\t\t\t\t\t<h2 class=\"elementor-heading-title elementor-size-default\">Muma P\u0103durii, mets\u00e4n \u00e4iti<\/h2>\t\t\t\t<\/div>\n\t\t<div class=\"elementor-element elementor-element-iwgcn-sami-s3-c e-con-full e-flex e-con e-child\" data-id=\"iwgcn-sami-s3-c\" data-element_type=\"container\" data-e-type=\"container\">\n\t\t\t\t<div class=\"elementor-element elementor-element-iwgcn-sami-s3t elementor-widget elementor-widget-text-editor\" data-id=\"iwgcn-sami-s3t\" data-element_type=\"widget\" data-e-type=\"widget\" data-widget_type=\"text-editor.default\">\n\t\t\t\t\t\t\t\t\t<p><a href=\"https:\/\/iwell-guard.com\/fi\/muma-padurii\/\">Muma P\u0103durii<\/a>, kirjaimellisesti mets\u00e4n \u00e4iti, on vanha, ruma naishahmo, joka asuu syv\u00e4ll\u00e4 mets\u00e4ss\u00e4, m\u00f6kiss\u00e4 tai ontossa puussa. H\u00e4nt\u00e4 pidet\u00e4\u00e4n kaksijakoisena: toisaalta h\u00e4n suojelee el\u00e4imi\u00e4 ja kasveja ja parantaa sairaita mets\u00e4alueita, toisaalta h\u00e4n karkottaa tunkeilijoita ajamalla heid\u00e4t hulluuteen, ja h\u00e4net n\u00e4hd\u00e4\u00e4n lapsille pelottavana hahmona, joka houkuttelee tottelemattomia lapsia mets\u00e4\u00e4n.<\/p>\n<p>Tarinoissa, jotka muistuttavat Hannun ja Kertun kaltaista kaavaa, lapsi juonittelee mets\u00e4n \u00e4idin ja ty\u00f6nt\u00e4\u00e4 h\u00e4net omaan uuniinsa. Tutkimuksessa Muma P\u0103duriita verrataan muihin eurooppalaisiin mets\u00e4n \u00e4iti- ja lapsipelottelu-hahmoihin, kuten Baba Jagaan, vaikka h\u00e4n ei ole identtinen niiden kanssa.<\/p>\t\t\t\t\t\t\t\t<\/div>\n\t\t\t\t<\/div>\n\t\t\t\t\t<\/div>\n\t\t\t\t<\/div>\n\t\t<div class=\"elementor-element elementor-element-x-sami-s-faq e-flex e-con-boxed e-con e-parent\" data-id=\"x-sami-s-faq\" data-element_type=\"container\" data-e-type=\"container\">\n\t\t\t\t\t<div class=\"e-con-inner\">\n\t\t\t\t<div class=\"elementor-element elementor-element-x-sami-h-faq elementor-widget elementor-widget-heading\" data-id=\"x-sami-h-faq\" data-element_type=\"widget\" data-e-type=\"widget\" data-widget_type=\"heading.default\">\n\t\t\t\t\t<h2 class=\"elementor-heading-title elementor-size-default\">Usein kysytyt kysymykset romanialaisesta mytologiasta<\/h2>\t\t\t\t<\/div>\n\t\t<div class=\"elementor-element elementor-element-iwgcn-sami-s3-c e-con-full e-flex e-con e-child\" data-id=\"iwgcn-sami-s3-c\" data-element_type=\"container\" data-e-type=\"container\">\n\t\t\t\t<div class=\"elementor-element elementor-element-x-sami-t-faq elementor-widget elementor-widget-text-editor\" data-id=\"x-sami-t-faq\" data-element_type=\"widget\" data-e-type=\"widget\" data-widget_type=\"text-editor.default\">\n\t\t\t\t\t\t\t\t\t<h3>Mik\u00e4 on ero Strigoin ja Moroin v\u00e4lill\u00e4?<\/h3>\n<p>Romanialaisessa kansanuskossa Strigoi on kuollut, joka palaa haudasta, kun Moroita kuvataan monilla alueilla lievemp\u00e4n\u00e4 ja v\u00e4hemm\u00e4n aggressiivisena kuolleiden paluun muotona. Yhten\u00e4ist\u00e4, koko Romaniaa koskevaa rajanvetoa ei suullisessa perinteess\u00e4 kuitenkaan ole olemassa.<\/p>\n<h3>Kuka on Muma P\u0103durii?<\/h3>\n<p>Muma P\u0103durii, mets\u00e4n \u00e4iti, on romanialaisen kansanperinteen kaksijakoinen hahmo: h\u00e4n suojelee mets\u00e4\u00e4 ja el\u00e4imi\u00e4, mutta lapsille h\u00e4n on samalla pelottava hahmo, joka houkuttelee tottelemattomia lapsia mets\u00e4\u00e4n.<\/p>\n<h3>Kuuluuko Dracula romanialaiseen kansanperinteeseen?<\/h3>\n<p>Ei. Dracula on kirjallinen hahmo, jonka Bram Stoker loi vuonna 1897 ja joka lainasi vain historiallisen Vlad III:n nimen. Romanian kansanomainen Strigoi-usko on huomattavasti vanhempi ja poikkeaa olennaisilta osin l\u00e4nsimaisesta vampyyrikli\u0161eest\u00e4.<\/p>\n<h3>Mit\u00e4 ovat Iele?<\/h3>\n<p>Iele ovat romanialaisen mytologian tanssivia ilmanaisia, joiden ilmestymiseen liitet\u00e4\u00e4n perinteisesti S\u00e2nziene-juhannusjuhla. Perinteen mukaan se, joka n\u00e4kee heid\u00e4n y\u00f6llisen tanssinsa, riskeeraa halvaantumisen tai mielenh\u00e4iri\u00f6n.<\/p>\n<script type=\"application\/ld+json\">{\"@context\": \"https:\/\/schema.org\", \"@type\": \"FAQPage\", \"mainEntity\": [{\"@type\": \"Question\", \"name\": \"Mik\u00e4 on ero Strigoin ja Moroin v\u00e4lill\u00e4?\", \"acceptedAnswer\": {\"@type\": \"Answer\", \"text\": \"Romanialaisessa kansanuskossa Strigoi on kuollut, joka palaa haudasta, kun Moroita kuvataan monilla alueilla lievemp\u00e4n\u00e4 ja v\u00e4hemm\u00e4n aggressiivisena kuolleiden paluun muotona. Yhten\u00e4ist\u00e4, koko Romaniaa koskevaa rajanvetoa ei suullisessa perinteess\u00e4 kuitenkaan ole olemassa.\"}}, {\"@type\": \"Question\", \"name\": \"Kuka on Muma P\u0103durii?\", \"acceptedAnswer\": {\"@type\": \"Answer\", \"text\": \"Muma P\u0103durii, mets\u00e4n \u00e4iti, on romanialaisen kansanperinteen kaksijakoinen hahmo: h\u00e4n suojelee mets\u00e4\u00e4 ja el\u00e4imi\u00e4, mutta lapsille h\u00e4n on samalla pelottava hahmo, joka houkuttelee tottelemattomia lapsia mets\u00e4\u00e4n.\"}}, {\"@type\": \"Question\", \"name\": \"Kuuluuko Dracula romanialaiseen kansanperinteeseen?\", \"acceptedAnswer\": {\"@type\": \"Answer\", \"text\": \"Ei. Dracula on kirjallinen hahmo, jonka Bram Stoker loi vuonna 1897 ja joka lainasi vain historiallisen Vlad III:n nimen. Romanian kansanomainen Strigoi-usko on huomattavasti vanhempi ja poikkeaa olennaisilta osin l\u00e4nsimaisesta vampyyrikli\u0161eest\u00e4.\"}}, {\"@type\": \"Question\", \"name\": \"Mit\u00e4 ovat Iele?\", \"acceptedAnswer\": {\"@type\": \"Answer\", \"text\": \"Iele ovat romanialaisen mytologian tanssivia ilmanaisia, joiden ilmestymiseen liitet\u00e4\u00e4n perinteisesti S\u00e2nziene-juhannusjuhla. Perinteen mukaan se, joka n\u00e4kee heid\u00e4n y\u00f6llisen tanssinsa, riskeeraa halvaantumisen tai mielenh\u00e4iri\u00f6n.\"}}]}<\/script>\t\t\t\t\t\t\t\t<\/div>\n\t\t\t\t<\/div>\n\t\t\t\t\t<\/div>\n\t\t\t\t<\/div>\n\t\t<div class=\"elementor-element elementor-element-iwgcn-sami-s4 e-flex e-con-boxed e-con e-parent\" data-id=\"iwgcn-sami-s4\" data-element_type=\"container\" data-e-type=\"container\">\n\t\t\t\t\t<div class=\"e-con-inner\">\n\t\t\t\t<div class=\"elementor-element elementor-element-iwgcn-sami-s4h elementor-widget elementor-widget-heading\" data-id=\"iwgcn-sami-s4h\" data-element_type=\"widget\" data-e-type=\"widget\" data-widget_type=\"heading.default\">\n\t\t\t\t\t<h2 class=\"elementor-heading-title elementor-size-default\">Pricolici ja V\u00e2rcolac: romanialainen ihmissusiusko<\/h2>\t\t\t\t<\/div>\n\t\t<div class=\"elementor-element elementor-element-iwgcn-sami-s4-c e-con-full e-flex e-con e-child\" data-id=\"iwgcn-sami-s4-c\" data-element_type=\"container\" data-e-type=\"container\">\n\t\t\t\t<div class=\"elementor-element elementor-element-iwgcn-sami-s4t elementor-widget elementor-widget-text-editor\" data-id=\"iwgcn-sami-s4t\" data-element_type=\"widget\" data-e-type=\"widget\" data-widget_type=\"text-editor.default\">\n\t\t\t\t\t\t\t\t\t<p><a href=\"https:\/\/iwell-guard.com\/fi\/pricolici\/\">Pricolici<\/a> on ihmissusi-ep\u00e4kuollut: ihminen, usein v\u00e4kivaltainen mies, joka muuttuu elinaikanaan tai kuolemansa j\u00e4lkeen sudeksi tai koiraksi. Toisin kuin Strigoi, Pricolici s\u00e4ilytt\u00e4\u00e4 aina sudenkaltaisia piirteit\u00e4. Sukua sille, mutta ei samanlainen, on V\u00e2rcolac, jolle joillakin alueilla annetaan my\u00f6s peikkomaisia piirteit\u00e4 tai kyky niell\u00e4 aurinko ja kuu, jolloin syntyy pimennyksi\u00e4.<\/p>\n<p>Romanian maaseutualueilla poikkeuksellisen suuria tai aggressiivisia susia yhdistet\u00e4\u00e4n kansanomaisesti edelleen ajoittain Pricoliciin. Suojatavat muistuttavat Strigoita vastaan k\u00e4ytettyj\u00e4: valkosipulia, rautaa ja huolellisia hautaustapoja.<\/p>\t\t\t\t\t\t\t\t<\/div>\n\t\t\t\t<\/div>\n\t\t\t\t\t<\/div>\n\t\t\t\t<\/div>\n\t\t<div class=\"elementor-element elementor-element-iwgcn-sami-s5 e-flex e-con-boxed e-con e-parent\" data-id=\"iwgcn-sami-s5\" data-element_type=\"container\" data-e-type=\"container\">\n\t\t\t\t\t<div class=\"e-con-inner\">\n\t\t\t\t<div class=\"elementor-element elementor-element-iwgcn-sami-s5h elementor-widget elementor-widget-heading\" data-id=\"iwgcn-sami-s5h\" data-element_type=\"widget\" data-e-type=\"widget\" data-widget_type=\"heading.default\">\n\t\t\t\t\t<h2 class=\"elementor-heading-title elementor-size-default\">Sf\u00e2ntul Andrei: suojaustapojen kalenteri<\/h2>\t\t\t\t<\/div>\n\t\t<div class=\"elementor-element elementor-element-iwgcn-sami-s5-c e-con-full e-flex e-con e-child\" data-id=\"iwgcn-sami-s5-c\" data-element_type=\"container\" data-e-type=\"container\">\n\t\t\t\t<div class=\"elementor-element elementor-element-iwgcn-sami-s5t elementor-widget elementor-widget-text-editor\" data-id=\"iwgcn-sami-s5t\" data-element_type=\"widget\" data-e-type=\"widget\" data-widget_type=\"text-editor.default\">\n\t\t\t\t\t\t\t\t\t<p>Pyh\u00e4n Andreaan y\u00f6t\u00e4 (Sf\u00e2ntul Andrei) marraskuun 29.\/30. p\u00e4iv\u00e4n vaihteessa pidet\u00e4\u00e4n monilla Romanian alueilla y\u00f6n\u00e4, jolloin Strigoit ja sudet ovat erityisen aktiivisia. Talonpojat ripustivat siksi valkosipulia oviin ja ikkunanpuitteisiin, merkitsiv\u00e4t kotiel\u00e4imi\u00e4 valkosipulimerkein ja v\u00e4lttiv\u00e4t mahdollisuuksien mukaan yksin\u00e4isi\u00e4 teit\u00e4.<\/p>\n<p>Muut suojatoimet koskivat itse hautaamista: rautaiset arkunnaulat, haudan l\u00e4vist\u00e4minen orjantappurahaaralla tai ruumiin painottaminen pyrkiv\u00e4t est\u00e4m\u00e4\u00e4n vainajan muuttumisen Strigoiksi. Romanian ortodoksinen kirkko suhtautui n\u00e4ihin tapoihin vaihtelevasti, virallisesti torjuvasti, mutta kyl\u00e4yhteis\u00f6jen k\u00e4yt\u00e4nn\u00f6ss\u00e4 niit\u00e4 jatkettiin sukupolvien ajan.<\/p>\t\t\t\t\t\t\t\t<\/div>\n\t\t\t\t<\/div>\n\t\t\t\t\t<\/div>\n\t\t\t\t<\/div>\n\t\t<div class=\"elementor-element elementor-element-iwgcn-sami-s6 e-flex e-con-boxed e-con e-parent\" data-id=\"iwgcn-sami-s6\" data-element_type=\"container\" data-e-type=\"container\">\n\t\t\t\t\t<div class=\"e-con-inner\">\n\t\t\t\t<div class=\"elementor-element elementor-element-iwgcn-sami-s6h elementor-widget elementor-widget-heading\" data-id=\"iwgcn-sami-s6h\" data-element_type=\"widget\" data-e-type=\"widget\" data-widget_type=\"heading.default\">\n\t\t\t\t\t<h2 class=\"elementor-heading-title elementor-size-default\">Kansanuskosta kirjalliseen Dracula-myyttiin<\/h2>\t\t\t\t<\/div>\n\t\t<div class=\"elementor-element elementor-element-iwgcn-sami-s6-c e-con-full e-flex e-con e-child\" data-id=\"iwgcn-sami-s6-c\" data-element_type=\"container\" data-e-type=\"container\">\n\t\t\t\t<div class=\"elementor-element elementor-element-iwgcn-sami-s6t elementor-widget elementor-widget-text-editor\" data-id=\"iwgcn-sami-s6t\" data-element_type=\"widget\" data-e-type=\"widget\" data-widget_type=\"text-editor.default\">\n\t\t\t\t\t\t\t\t\t<p>Historiallinen Vlad III (Vlad \u021aepe\u0219, Seiv\u00e4st\u00e4j\u00e4), 1400-luvun valakialainen voivodi, ei alun perin liity Strigoi-uskoon. H\u00e4nen lis\u00e4nimens\u00e4 Dracul viittaa h\u00e4nen is\u00e4ns\u00e4 j\u00e4senyyteen Lohik\u00e4\u00e4rmeritarikunnassa, ei paholaiseen tai vampyyriin. Bram Stoker lainasi vuonna 1897 vain nimen romaaniinsa <em>Dracula<\/em>, tukeutuen ennen kaikkea matkakertomuksiin, kuten Emily Gerardin teokseen <em>The Land Beyond the Forest<\/em> vuodelta 1888, ei matkaan Romaniaan tai j\u00e4rjestelm\u00e4lliseen tietoon romanialaisesta kansanperinteest\u00e4.<\/p>\n<p>Kirjallinen vampyyrihahmo poikkeaa olennaisilta osin kansanomaisesta Strigoista: ristin pelko, viitta ja aristokraattinen esiintyminen ovat 1800- ja 1900-luvun l\u00e4nsimaisen populaarikulttuurin keksint\u00f6j\u00e4. Suullisen perinteen Strigoi on sit\u00e4 vastoin useimmiten kyl\u00e4l\u00e4inen, jonka paluu selitet\u00e4\u00e4n konkreettisilla hautausvirheill\u00e4 tai el\u00e4m\u00e4nolosuhteilla. Uskontotieteellisesti kansanomaisen kuolleiden uskon ja kirjallisen Dracula-myytin erottaminen toisistaan on tarpeen, jotta molemmat perinteet voidaan asettaa asianmukaiseen kontekstiin.<\/p>\t\t\t\t\t\t\t\t<\/div>\n\t\t\t\t<\/div>\n\t\t\t\t\t<\/div>\n\t\t\t\t<\/div>\n\t\t<div class=\"elementor-element elementor-element-cp2d9a92a3 e-flex e-con-boxed e-con e-parent\" data-id=\"cp2d9a92a3\" data-element_type=\"container\" data-e-type=\"container\">\n\t\t\t\t\t<div class=\"e-con-inner\">\n\t\t\t\t<div class=\"elementor-element elementor-element-cp2515827f elementor-widget elementor-widget-heading\" data-id=\"cp2515827f\" data-element_type=\"widget\" data-e-type=\"widget\" data-widget_type=\"heading.default\">\n\t\t\t\t\t<h2 class=\"elementor-heading-title elementor-size-default\">Alueellinen moninaisuus: Transilvania, Moldova ja Valakia<\/h2>\t\t\t\t<\/div>\n\t\t<div class=\"elementor-element elementor-element-cp25cbddf2 e-flex e-con-boxed e-con e-child\" data-id=\"cp25cbddf2\" data-element_type=\"container\" data-e-type=\"container\">\n\t\t\t\t\t<div class=\"e-con-inner\">\n\t\t\t\t<div class=\"elementor-element elementor-element-cp240cdc6c elementor-widget elementor-widget-text-editor\" data-id=\"cp240cdc6c\" data-element_type=\"widget\" data-e-type=\"widget\" data-widget_type=\"text-editor.default\">\n\t\t\t\t\t\t\t\t\t<p>Romania ei ole uskonnollisesti ja kansanperinteen kannalta yhten\u00e4inen alue. Transilvania (Ardeal), Moldova ja Valakia ovat k\u00e4yneet l\u00e4pi omat historialliset kehityskulkunsa, erilaisin naapuruussuhtein, hallintomuodoin ja v\u00e4est\u00f6sekoituksin. T\u00e4m\u00e4 moninaisuus n\u00e4kyy my\u00f6s kansanuskossa.<\/p>\n<p>Transilvaniassa romanialaiset eliv\u00e4t vuosisatoja unkarinkielisten sz\u00e9kelyjen ja saksalaista alkuper\u00e4\u00e4 olevien transilvaniansaksalaisten siirtolaisten rinnalla. N\u00e4iden ryhmien v\u00e4linen vuorovaikutus muotoili paikallisia tarusto-aiheita, mutta yhten\u00e4ist\u00e4 kertomusperinnett\u00e4 ei syntynyt. Moldovassa ja Valakiassa kehittyi vuorostaan omanlaisia Strigoi- ja Iele-uskon muotoja, jotka saattoivat vaihdella laaksosta laaksoon.<\/p>\n<p>Erityisesti syrj\u00e4isill\u00e4 vuoristoalueilla, kuten Maramure\u0219issa tai Apuseni-vuoristossa, vanhemmat hautaus- ja suojatavat pysyiv\u00e4t elossa kaupunkikeskuksia pidemp\u00e4\u00e4n. 1800-luvun matkailijat ja etnografit kuvasivat n\u00e4it\u00e4 seutuja toistuvasti arkaaisten k\u00e4sitysten vet\u00e4ytymisalueina, mik\u00e4 nykyisen uskontotieteellisen n\u00e4kemyksen mukaan on syyt\u00e4 lukea varauksella, sill\u00e4 se olettaa modernisaatiokuilun, jota ei aina voida osoittaa.<\/p>\n<p>Yleist\u00e4v\u00e4t v\u00e4itteet romanialaisesta mytologiasta peitt\u00e4v\u00e4t siksi alle alueelliset erot, jotka pysyv\u00e4t t\u00e4rkein\u00e4 tarkemman ymm\u00e4rryksen kannalta.<\/p>\t\t\t\t\t\t\t\t<\/div>\n\t\t\t\t\t<\/div>\n\t\t\t\t<\/div>\n\t\t\t\t\t<\/div>\n\t\t\t\t<\/div>\n\t\t<div class=\"elementor-element elementor-element-cp2b1a3dae e-flex e-con-boxed e-con e-parent\" data-id=\"cp2b1a3dae\" data-element_type=\"container\" data-e-type=\"container\">\n\t\t\t\t\t<div class=\"e-con-inner\">\n\t\t\t\t<div class=\"elementor-element elementor-element-cp282c06ff elementor-widget elementor-widget-heading\" data-id=\"cp282c06ff\" data-element_type=\"widget\" data-e-type=\"widget\" data-widget_type=\"heading.default\">\n\t\t\t\t\t<h2 class=\"elementor-heading-title elementor-size-default\">Henkien kalenteri: Sf\u00e2ntul Andrei ja Rusalii<\/h2>\t\t\t\t<\/div>\n\t\t<div class=\"elementor-element elementor-element-cp228b4522 e-flex e-con-boxed e-con e-child\" data-id=\"cp228b4522\" data-element_type=\"container\" data-e-type=\"container\">\n\t\t\t\t\t<div class=\"e-con-inner\">\n\t\t\t\t<div class=\"elementor-element elementor-element-cp261454c5 elementor-widget elementor-widget-text-editor\" data-id=\"cp261454c5\" data-element_type=\"widget\" data-e-type=\"widget\" data-widget_type=\"text-editor.default\">\n\t\t\t\t\t\t\t\t\t<p>Romanialainen kansanusko sijoittaa vaaralliset henkiajat kirkolliseen vuosikalenteriin. Pyh\u00e4n Andreaksen y\u00f6t\u00e4 29.\u201330. marraskuuta pidet\u00e4\u00e4n monilla alueilla y\u00f6n\u00e4, jolloin strigoit ja sudet ovat erityisen aktiivisia; siksi talonpojat ripustivat valkosipulia oville ja ikkunanpuitteisiin ja merkitsiv\u00e4t kotiel\u00e4imet valkosipulimerkeill\u00e4.<\/p>\n<p>Rusalii-viikko, ortodoksinen helluntai, yhdistet\u00e4\u00e4n perinteisesti <a href=\"https:\/\/iwell-guard.com\/fi\/iele\/\">Iel\u0113ihin<\/a>; t\u00e4n\u00e4 aikana v\u00e4ltettiin muun muassa pyykinpesua ulkona, jotta ilman naisia ei suututettu. My\u00f6s kes\u00e4kuun lopun S\u00e2nziene-y\u00f6, romanialainen keskikes\u00e4juhla, kuuluu vuoden maagisina pidettyihin <span class=\"iwg-fachbegriff\" data-tooltip=\"P\u00e4ivi\u00e4 tai \u00f6it\u00e4, joille kansanuskossa liitet\u00e4\u00e4n erityisi\u00e4, usein vaarallisia voimia.\" tabindex=\"0\">kynnysaikoihin<\/span>.<\/p>\n<p>T\u00e4m\u00e4 vaarallisten yiden kalenteri yhdist\u00e4\u00e4 esikristillisi\u00e4 k\u00e4sityksi\u00e4 vuodenaikojen siirtymist\u00e4 ortodoksisen kirkon juhlavuoteen. Samankaltainen kaava l\u00f6ytyy my\u00f6s monista muista Kaakkois- ja Keski-Euroopan osista.<\/p>\t\t\t\t\t\t\t\t<\/div>\n\t\t\t\t\t<\/div>\n\t\t\t\t<\/div>\n\t\t\t\t\t<\/div>\n\t\t\t\t<\/div>\n\t\t<div class=\"elementor-element elementor-element-cp295547c2 e-flex e-con-boxed e-con e-parent\" data-id=\"cp295547c2\" data-element_type=\"container\" data-e-type=\"container\">\n\t\t\t\t\t<div class=\"e-con-inner\">\n\t\t\t\t<div class=\"elementor-element elementor-element-cp28944fb0 elementor-widget elementor-widget-heading\" data-id=\"cp28944fb0\" data-element_type=\"widget\" data-e-type=\"widget\" data-widget_type=\"heading.default\">\n\t\t\t\t\t<h2 class=\"elementor-heading-title elementor-size-default\">L\u00e4hteet: etnografiset kokoelmat ja kentt\u00e4tutkimus<\/h2>\t\t\t\t<\/div>\n\t\t<div class=\"elementor-element elementor-element-cp23d59da4 e-flex e-con-boxed e-con e-child\" data-id=\"cp23d59da4\" data-element_type=\"container\" data-e-type=\"container\">\n\t\t\t\t\t<div class=\"e-con-inner\">\n\t\t\t\t<div class=\"elementor-element elementor-element-cp2ce157b6 elementor-widget elementor-widget-text-editor\" data-id=\"cp2ce157b6\" data-element_type=\"widget\" data-e-type=\"widget\" data-widget_type=\"text-editor.default\">\n\t\t\t\t\t\t\t\t\t<p>Kirjallinen tieto romanialaisesta kansanuskonnosta on per\u00e4isin l\u00e4hinn\u00e4 1800-luvun lopun ja 1900-luvun alun etnografisista kokoelmista. Romanialaiset folkloristit, kuten Simion Florea Marian, Tudor Pamfile ja Elena Niculi\u021b\u0103-Voronca, tallensivat kyliss\u00e4 kertomuksia, rituaaleja ja tapoja usein tiiviiss\u00e4 yhteisty\u00f6ss\u00e4 paikallisten kertojien kanssa.<\/p>\n<p>Kansainv\u00e4lisesti laajalti vastaanotettu l\u00e4hde on brittil\u00e4isen etnografin Agnes Murgocin tutkimus <em>The Vampire in Roumania<\/em>, joka esitteli vuonna 1926 omien kentt\u00e4muistiinpanojen ja romanialaisten esit\u00f6iden pohjalta strigoi-uskomukset englanninkieliselle asiantuntijayleis\u00f6lle. H\u00e4n erotti tutkimuksessaan j\u00e4rjestelm\u00e4llisesti toisistaan olosuhteet, joiden vallitessa ihminen saattoi tulla strigoiksi el\u00e4m\u00e4ns\u00e4 aikana tai kuoleman j\u00e4lkeen.<\/p>\n<p>Moderni romanialainen etnologia, esimerkiksi Ion Ghinoiun ja Ion Talosin ty\u00f6t, sijoittaa n\u00e4it\u00e4 vanhempia kokoelmia laajempaan kaakkoiseurooppalaisen talonpoikaiskalenterin ja vainajakultin kehykseen. Kuten monien suullisten <span class=\"iwg-fachbegriff\" data-tooltip=\"Tiedon ja kertomusten v\u00e4litt\u00e4mist\u00e4 sukupolvien yli.\" tabindex=\"0\">perinteiden<\/span> kohdalla, l\u00e4hdetilanne on puutteellinen, alueellisesti ep\u00e4yhten\u00e4inen ja voimakkaasti kunkin ker\u00e4\u00e4j\u00e4n n\u00e4k\u00f6kulman v\u00e4ritt\u00e4m\u00e4.<\/p>\t\t\t\t\t\t\t\t<\/div>\n\t\t\t\t\t<\/div>\n\t\t\t\t<\/div>\n\t\t\t\t\t<\/div>\n\t\t\t\t<\/div>\n\t\t<div class=\"elementor-element elementor-element-cp2c009332 e-flex e-con-boxed e-con e-parent\" data-id=\"cp2c009332\" data-element_type=\"container\" data-e-type=\"container\">\n\t\t\t\t\t<div class=\"e-con-inner\">\n\t\t\t\t<div class=\"elementor-element elementor-element-cp225c94da elementor-widget elementor-widget-heading\" data-id=\"cp225c94da\" data-element_type=\"widget\" data-e-type=\"widget\" data-widget_type=\"heading.default\">\n\t\t\t\t\t<h2 class=\"elementor-heading-title elementor-size-default\">Dracula, Vlad \u021aepe\u0219 ja myyttien erottaminen<\/h2>\t\t\t\t<\/div>\n\t\t<div class=\"elementor-element elementor-element-cp2c7191ab e-flex e-con-boxed e-con e-child\" data-id=\"cp2c7191ab\" data-element_type=\"container\" data-e-type=\"container\">\n\t\t\t\t\t<div class=\"e-con-inner\">\n\t\t\t\t<div class=\"elementor-element elementor-element-cp23f4061d elementor-widget elementor-widget-text-editor\" data-id=\"cp23f4061d\" data-element_type=\"widget\" data-e-type=\"widget\" data-widget_type=\"text-editor.default\">\n\t\t\t\t\t\t\t\t\t<p>Tuskin mik\u00e4\u00e4n hahmo on muotoillut Romanian kansainv\u00e4list\u00e4 kuvaa niin paljon kuin Dracula, vaikka romaanihahmo liittyy varsinaiseen kansanperinteeseen vain l\u00f6yh\u00e4sti. Bram Stoker kirjoitti romaaninsa vuonna 1897 Lontoossa k\u00e4ym\u00e4tt\u00e4 itse Romaniassa. L\u00e4htein\u00e4\u00e4n h\u00e4n k\u00e4ytti l\u00e4hinn\u00e4 matkakertomuksia, kuten Emily Gerardin teoksia, sek\u00e4 vanhempaa l\u00e4nsimaista 1700- ja 1800-luvun vampyyrikirjallisuutta.<\/p>\n<p>Nimi Dracula juontuu historiallisesta valakialaisesta voivodista Vlad III:sta, joka tunnettiin nimell\u00e4 Vlad \u021aepe\u0219, Paalunly\u00f6j\u00e4, h\u00e4ik\u00e4ilem\u00e4tt\u00f6m\u00e4n teloitusmenetelm\u00e4ns\u00e4 mukaan. Lis\u00e4nimi Dracul viittasi h\u00e4nen is\u00e4ns\u00e4 j\u00e4senyyteen Lohik\u00e4\u00e4rmeritarikunnassa (latinaksi draco), ritarikunnassa, joka puolustautui ottomaaneja vastaan, ei yhteyteen vampyyrien tai paholaisen kanssa.<\/p>\n<p>Suullisen perinteen romanialainen <a href=\"https:\/\/iwell-guard.com\/fi\/strigoi\/\">strigoi<\/a> eroaa keskeisilt\u00e4 osin l\u00e4nsimaisen populaarikulttuurin vampyyrista: sill\u00e4 ei ole viittaa, se ei alun perin v\u00e4ist\u00e4 ehdottomasti risti\u00e4 tai kirkkoa, ja sen paluu selitet\u00e4\u00e4n useimmiten konkreettisilla hautausperinteiden rikkomuksilla, ei yliluonnollisella aristokraattisen alkuper\u00e4n kirouksella.<\/p>\n<p>Uskontotieteellisesti onkin t\u00e4rke\u00e4\u00e4 erottaa kirjallinen Dracula-myytti l\u00e4nsimaisen <span class=\"iwg-fachbegriff\" data-tooltip=\"Tiedon ja kertomusten v\u00e4litt\u00e4mist\u00e4 sukupolvien yli.\" tabindex=\"0\">perinteen<\/span> omana ilmi\u00f6n\u00e4 varsinaisesta romanialaisesta kansanuskonnosta, joka koskee strigoita ja moroita. Molemmilla perinteill\u00e4 on omat l\u00e4hteens\u00e4, omat funktionsa ja omat syntyhistoriansa.<\/p>\t\t\t\t\t\t\t\t<\/div>\n\t\t\t\t\t<\/div>\n\t\t\t\t<\/div>\n\t\t\t\t\t<\/div>\n\t\t\t\t<\/div>\n\t\t<div class=\"elementor-element elementor-element-iwgha-sami-sec e-flex e-con-boxed e-con e-parent\" data-id=\"iwgha-sami-sec\" data-element_type=\"container\" data-e-type=\"container\">\n\t\t\t\t\t<div class=\"e-con-inner\">\n\t\t\t\t<div class=\"elementor-element elementor-element-iwgha-sami-h elementor-widget elementor-widget-heading\" data-id=\"iwgha-sami-h\" data-element_type=\"widget\" data-e-type=\"widget\" data-widget_type=\"heading.default\">\n\t\t\t\t\t<h2 class=\"elementor-heading-title elementor-size-default\">T\u00e4m\u00e4n tradition olennot (5)<\/h2>\t\t\t\t<\/div>\n\t\t<div class=\"elementor-element elementor-element-iwgha-sami-gc e-flex e-con-boxed e-con e-parent\" data-id=\"iwgha-sami-gc\" data-element_type=\"container\" data-e-type=\"container\">\n\t\t\t\t\t<div class=\"e-con-inner\">\n\t\t\t\t<div class=\"elementor-element elementor-element-iwgha-sami-grid elementor-widget elementor-widget-text-editor\" data-id=\"iwgha-sami-grid\" data-element_type=\"widget\" data-e-type=\"widget\" data-widget_type=\"text-editor.default\">\n\t\t\t\t\t\t\t\t\t<div class=\"iwg-wesen-grid\"><a class=\"iwg-wesen-card\" href=\"https:\/\/iwell-guard.com\/fi\/muma-padurii\/\" aria-label=\"Muma P\u0103durii\"><div class=\"iwg-wesen-card-imgwrap\"><img decoding=\"async\" src=\"https:\/\/iwell-guard.com\/wp-content\/uploads\/2026\/07\/geister_rumaenisch_muma-padurii-200x300.webp\" alt=\"Muma P\u0103durii\" loading=\"lazy\"><\/div><div class=\"iwg-wesen-card-body\"><div class=\"iwg-wesen-card-name\">Muma P\u0103durii<\/div><div class=\"iwg-wesen-card-arrow\">\u2192 Olennon sivulle<\/div><\/div><\/a><a class=\"iwg-wesen-card\" href=\"https:\/\/iwell-guard.com\/fi\/iele\/\" aria-label=\"Iele\"><div class=\"iwg-wesen-card-imgwrap\"><img decoding=\"async\" src=\"https:\/\/iwell-guard.com\/wp-content\/uploads\/2026\/07\/geister_rumaenisch_iele-200x300.webp\" alt=\"Iele\" loading=\"lazy\"><\/div><div class=\"iwg-wesen-card-body\"><div class=\"iwg-wesen-card-name\">Iele<\/div><div class=\"iwg-wesen-card-arrow\">\u2192 Olennon sivulle<\/div><\/div><\/a><a class=\"iwg-wesen-card\" href=\"https:\/\/iwell-guard.com\/fi\/strigoi\/\" aria-label=\"Strigoi\"><div class=\"iwg-wesen-card-imgwrap\"><img decoding=\"async\" src=\"https:\/\/iwell-guard.com\/wp-content\/uploads\/2026\/07\/daemonen_rumaenisch_strigoi-200x300.webp\" alt=\"Strigoi\" loading=\"lazy\"><\/div><div class=\"iwg-wesen-card-body\"><div class=\"iwg-wesen-card-name\">Strigoi<\/div><div class=\"iwg-wesen-card-arrow\">\u2192 Olennon sivulle<\/div><\/div><\/a><a class=\"iwg-wesen-card\" href=\"https:\/\/iwell-guard.com\/fi\/pricolici\/\" aria-label=\"Pricolici\"><div class=\"iwg-wesen-card-imgwrap\"><img decoding=\"async\" src=\"https:\/\/iwell-guard.com\/wp-content\/uploads\/2026\/07\/daemonen_rumaenisch_pricolici-200x300.webp\" alt=\"Pricolici\" loading=\"lazy\"><\/div><div class=\"iwg-wesen-card-body\"><div class=\"iwg-wesen-card-name\">Pricolici<\/div><div class=\"iwg-wesen-card-arrow\">\u2192 Olennon sivulle<\/div><\/div><\/a><a class=\"iwg-wesen-card\" href=\"https:\/\/iwell-guard.com\/fi\/moroi\/\" aria-label=\"Moroi\"><div class=\"iwg-wesen-card-imgwrap\"><img decoding=\"async\" src=\"https:\/\/iwell-guard.com\/wp-content\/uploads\/2026\/07\/daemonen_rumaenisch_moroi-200x300.webp\" alt=\"Moroi\" loading=\"lazy\"><\/div><div class=\"iwg-wesen-card-body\"><div class=\"iwg-wesen-card-name\">Moroi<\/div><div class=\"iwg-wesen-card-arrow\">\u2192 Olennon sivulle<\/div><\/div><\/a><\/div>\t\t\t\t\t\t\t\t<\/div>\n\t\t\t\t\t<\/div>\n\t\t\t\t<\/div>\n\t\t\t\t\t<\/div>\n\t\t\t\t<\/div>\n\t\t<div class=\"elementor-element elementor-element-iwgkw2-add-sami e-flex e-con-boxed e-con e-parent\" data-id=\"iwgkw2-add-sami\" data-element_type=\"container\" data-e-type=\"container\">\n\t\t\t\t\t<div class=\"e-con-inner\">\n\t\t\t\t<div class=\"elementor-element elementor-element-iwgkw2-add-sami-t elementor-widget elementor-widget-text-editor\" data-id=\"iwgkw2-add-sami-t\" data-element_type=\"widget\" data-e-type=\"widget\" data-widget_type=\"text-editor.default\">\n\t\t\t\t\t\t\t\t\t<p><em>Strigoi-usko<\/em> ja laajempi <em>romanialainen kansanusko<\/em>, joka koskee Ieleit\u00e4, Muma P\u0103durii&#8217;ta ja Pricolicia, yhdist\u00e4v\u00e4t esi-isien kultin, hautausperinteen ja suojarituaalit omaksi suojak\u00e4yt\u00e4nn\u00f6ksi, jonka tarkoitus oli varjella perheit\u00e4 ja kyli\u00e4 kuolleista nousseilta ja luonnonhengilt\u00e4.<\/p>\t\t\t\t\t\t\t\t<\/div>\n\t\t\t\t\t<\/div>\n\t\t\t\t<\/div>\n\t\t<div class=\"elementor-element elementor-element-iwgcn-sami-kwd e-flex e-con-boxed e-con e-parent\" data-id=\"iwgcn-sami-kwd\" data-element_type=\"container\" data-e-type=\"container\">\n\t\t\t\t\t<div class=\"e-con-inner\">\n\t\t<div class=\"elementor-element elementor-element-iwgcn-sami-kwd-c e-con-full e-flex e-con e-child\" data-id=\"iwgcn-sami-kwd-c\" data-element_type=\"container\" data-e-type=\"container\">\n\t\t\t\t<div class=\"elementor-element elementor-element-iwgcn-sami-kwdt elementor-widget elementor-widget-text-editor\" data-id=\"iwgcn-sami-kwdt\" data-element_type=\"widget\" data-e-type=\"widget\" data-widget_type=\"text-editor.default\">\n\t\t\t\t\t\t\t\t\t<p><em>Aiheeseen liittyvi\u00e4 avaink\u00e4sitteit\u00e4: Strigoi Moroi Iele Pricolici Muma Padurii S\u00e2nziene V\u00e2rcolac Transilvania Karpaatit Valakia.<\/em><\/p>\t\t\t\t\t\t\t\t<\/div>\n\t\t\t\t<\/div>\n\t\t\t\t\t<\/div>\n\t\t\t\t<\/div>\n\t\t<div class=\"elementor-element elementor-element-iwgcn-sami-cc e-flex e-con-boxed e-con e-parent\" data-id=\"iwgcn-sami-cc\" data-element_type=\"container\" data-e-type=\"container\" id=\"iwg-cc-sami\">\n\t\t\t\t\t<div class=\"e-con-inner\">\n\t\t<div class=\"elementor-element elementor-element-iwgcn-sami-ccinner e-flex e-con-boxed e-con e-parent\" data-id=\"iwgcn-sami-ccinner\" data-element_type=\"container\" data-e-type=\"container\" data-settings=\"{&quot;background_background&quot;:&quot;classic&quot;}\">\n\t\t\t\t\t<div class=\"e-con-inner\">\n\t\t\t\t<div class=\"elementor-element elementor-element-iwgcn-sami-cch elementor-widget elementor-widget-heading\" data-id=\"iwgcn-sami-cch\" data-element_type=\"widget\" data-e-type=\"widget\" data-widget_type=\"heading.default\">\n\t\t\t\t\t<h2 class=\"elementor-heading-title elementor-size-default\">Suojaesineet t\u00e4ss\u00e4 kulttuuriperinteess\u00e4<\/h2>\t\t\t\t<\/div>\n\t\t\t\t<div class=\"elementor-element elementor-element-iwgcn-sami-cct elementor-widget elementor-widget-text-editor\" data-id=\"iwgcn-sami-cct\" data-element_type=\"widget\" data-e-type=\"widget\" data-widget_type=\"text-editor.default\">\n\t\t\t\t\t\t\t\t\t<p>Romanialaisessa perinteess\u00e4 tunnetaan <a href=\"https:\/\/iwell-guard.com\/fi\/valkosipuli-suojana\/\">valkosipuli<\/a> ovilla ja ikkunanpuitteissa, <a href=\"https:\/\/iwell-guard.com\/fi\/rauta-ja-kylma-rauta\/\">rautanaulat<\/a> ja veitset arkussa, siunatut oratuomen- ja orapihlajanoksat sek\u00e4 <a href=\"https:\/\/iwell-guard.com\/fi\/kellot-ja-tiukut-meluavana-suojana\/\">kirkonkellojen<\/a> soittaminen strigoita ja pahoja henki\u00e4 vastaan; kannettavat henkil\u00f6kohtaiset amuletit on kansanperinteess\u00e4 todistettu harvemmin kuin talon- ja hautasuojaus. Kulttuurienv\u00e4lisen yleiskatsauksen tarjoaa <a href=\"https:\/\/iwell-guard.com\/fi\/suoja-kompassi\/\">Suoja-kompassi<\/a>.<\/p>\n<div data-nosnippet=\"true\"><p>iWell Guard asettuu t\u00e4h\u00e4n kulttuurihistorialliseen kannettavien suojaesineiden perinteeseen nykyaikaisella materiaaliarkkitehtuurilla, valmistettuna Saksassa. 41 tasoa, aitoa kultaa, platinaa, hopeaa. 30 p\u00e4iv\u00e4n palautusoikeus.<\/p><\/div>\t\t\t\t\t\t\t\t<\/div>\n\t\t\t\t<div class=\"elementor-element elementor-element-iwgcn-sami-ccb iwg-cc-button iwg-cc-cta-2026-05-13 elementor-widget elementor-widget-jet-button\" data-id=\"iwgcn-sami-ccb\" data-element_type=\"widget\" data-e-type=\"widget\" data-widget_type=\"jet-button.default\">\n\t\t\t\t<div class=\"elementor-widget-container\">\n\t\t\t\t\t<div class=\"elementor-jet-button jet-elements\"><div class=\"jet-button__container\"><a class=\"jet-button__instance jet-button__instance--icon-left hover-effect-1\" href=\"\/ueber-iwell-guard\/?utm_source=iwell-guard.com&amp;utm_medium=info-box&amp;utm_campaign=kultur-tradition\"><div class=\"jet-button__plane jet-button__plane-normal\"><\/div><div class=\"jet-button__plane jet-button__plane-hover\"><\/div><div class=\"jet-button__state jet-button__state-normal\"><span class=\"jet-button__label\">Lis\u00e4\u00e4 iWell Guardista<\/span><\/div><div class=\"jet-button__state jet-button__state-hover\"><span class=\"jet-button__label\">Lis\u00e4\u00e4 iWell Guardista<\/span><\/div><\/a><\/div><\/div><style>.elementor-element.elementor-element-iwgcn-sami-ccb .jet-button__instance{width:320px;height:56px;}.elementor-element.elementor-element-iwgcn-sami-ccb .jet-button__state-normal .jet-button__label{text-align:center;margin:0px 0px 0px 0px;color:#1a1b20;font-family:Montserrat,sans-serif;font-size:13px;font-weight:400;letter-spacing:4px;line-height:1.714em;text-transform:uppercase;}.elementor-element.elementor-element-iwgcn-sami-ccb .jet-button__state-hover .jet-button__label{text-align:center;margin:0px 0px 0px 0px;color:#FECC76;font-family:Montserrat,sans-serif;font-size:13px;font-weight:400;letter-spacing:4px;line-height:1.714em;text-transform:uppercase;}.elementor-element.elementor-element-iwgcn-sami-ccb .jet-button__plane-normal{background-color:#FECC76;border-style:solid;border-color:#C99540;border-width:2px 2px 2px 2px;}.elementor-element.elementor-element-iwgcn-sami-ccb .jet-button__plane-hover{background-color:rgba(0,0,0,0.55);border-style:solid;border-color:#FECC76;border-width:2px 2px 2px 2px;}<\/style>\t\t\t\t<\/div>\n\t\t\t\t<\/div>\n\t\t\t\t<div class=\"elementor-element elementor-element-iwgcn-sami-ccd elementor-widget elementor-widget-text-editor\" data-id=\"iwgcn-sami-ccd\" data-element_type=\"widget\" data-e-type=\"widget\" data-widget_type=\"text-editor.default\">\n\t\t\t\t\t\t\t\t\t<div data-nosnippet=\"true\"><p style=\"text-align:center;font-size:13px;opacity:0.7;margin-top:14px\" data-nosnippet=\"true\">Henkil\u00f6kohtaiset kokemukset voivat vaihdella. Ei l\u00e4\u00e4kinn\u00e4llinen laite. Ei paranemislupausta.<\/p><\/div>\t\t\t\t\t\t\t\t<\/div>\n\t\t\t\t\t<\/div>\n\t\t\t\t<\/div>\n\t\t\t\t\t<\/div>\n\t\t\t\t<\/div>\n\t\t<div class=\"elementor-element elementor-element-iwgcn-sami-disc e-flex e-con-boxed e-con e-parent\" data-id=\"iwgcn-sami-disc\" data-element_type=\"container\" data-e-type=\"container\">\n\t\t\t\t\t<div class=\"e-con-inner\">\n\t\t\t\t<div class=\"elementor-element elementor-element-iwgcn-sami-discw elementor-widget elementor-widget-html\" data-id=\"iwgcn-sami-discw\" data-element_type=\"widget\" data-e-type=\"widget\" data-widget_type=\"html.default\">\n\t\t\t\t\t<footer data-nosnippet=\"true\" class=\"iwg-disclaimer-block\"><p data-nosnippet=\"true\">iWell Guard <strong>ei ole l\u00e4\u00e4kinn\u00e4llinen laite<\/strong>, eik\u00e4 se korvaa l\u00e4\u00e4k\u00e4rin tai psykoterapeutin hoitoa. Uskontotieteelliset sis\u00e4ll\u00f6t ovat kulttuurihistoriallista tarkastelua, ei suositus hengelliseen k\u00e4yt\u00e4nt\u00f6\u00f6n.<\/p><\/footer>\t\t\t\t<\/div>\n\t\t\t\t\t<\/div>\n\t\t\t\t<\/div>\n\t\t\t\t<\/div>\n\t\t","protected":false},"excerpt":{"rendered":"","protected":false},"author":3,"featured_media":20175,"parent":0,"menu_order":0,"comment_status":"closed","ping_status":"closed","template":"elementor_header_footer","meta":{"_yoast_wpseo_focuskw":"romanialainen mytologia","_yoast_wpseo_title":"Romanialainen mytologia: Strigoi, Iele & Moroi","_yoast_wpseo_metadesc":"Strigoi, Moroi, Iele ja Pricolici: romanialainen kansanperinne uskontotieteellisesti selitettyn\u00e4, erotettuna kirjallisesta Dracula-myytist\u00e4.","_yoast_wpseo_meta-robots-noindex":"","_yoast_wpseo_canonical":"","_angie_page":false,"gefaehrdungsstufe":"","wesen_kultur":"","wesen_klasse":"","footnotes":""},"categories":[],"class_list":["post-145094","page","type-page","status-publish","has-post-thumbnail","hentry"],"yoast_head":"<!-- This site is optimized with the Yoast SEO Premium plugin v27.7 (Yoast SEO v28.3) - https:\/\/yoast.com\/product\/yoast-seo-premium-wordpress\/ -->\n<title>Romanialainen mytologia: Strigoi, Iele &amp; Moroi<\/title>\n<meta name=\"description\" content=\"Strigoi, Moroi, Iele ja Pricolici: romanialainen kansanperinne uskontotieteellisesti selitettyn\u00e4, erotettuna kirjallisesta Dracula-myytist\u00e4.\" \/>\n<meta name=\"robots\" content=\"index, follow, max-snippet:-1, max-image-preview:large, max-video-preview:-1\" \/>\n<link rel=\"canonical\" href=\"https:\/\/iwell-guard.com\/fi\/romanialainen-mytologia\/\" \/>\n<meta property=\"og:locale\" content=\"fi_FI\" \/>\n<meta property=\"og:type\" content=\"article\" \/>\n<meta property=\"og:title\" content=\"Romanialainen mytologia\" \/>\n<meta property=\"og:description\" content=\"Strigoi, Moroi, Iele ja Pricolici: romanialainen kansanperinne uskontotieteellisesti selitettyn\u00e4, erotettuna kirjallisesta Dracula-myytist\u00e4.\" \/>\n<meta property=\"og:url\" content=\"https:\/\/iwell-guard.com\/fi\/romanialainen-mytologia\/\" \/>\n<meta property=\"og:site_name\" content=\"iWell Guard\" \/>\n<meta property=\"article:modified_time\" content=\"2026-09-03T13:16:30+00:00\" \/>\n<meta property=\"og:image\" content=\"https:\/\/iwell-guard.com\/wp-content\/uploads\/2026\/07\/daemonen_rumaenisch_strigoi.webp\" \/>\n\t<meta property=\"og:image:width\" content=\"1024\" \/>\n\t<meta property=\"og:image:height\" content=\"1536\" \/>\n\t<meta property=\"og:image:type\" content=\"image\/webp\" \/>\n<meta name=\"twitter:card\" content=\"summary_large_image\" \/>\n<script type=\"application\/ld+json\" class=\"yoast-schema-graph\">{\"@context\":\"https:\\\/\\\/schema.org\",\"@graph\":[{\"@type\":\"WebPage\",\"@id\":\"https:\\\/\\\/iwell-guard.com\\\/fi\\\/romanialainen-mytologia\\\/\",\"url\":\"https:\\\/\\\/iwell-guard.com\\\/fi\\\/romanialainen-mytologia\\\/\",\"name\":\"Romanialainen mytologia: Strigoi, Iele & Moroi\",\"isPartOf\":{\"@id\":\"https:\\\/\\\/iwell-guard.com\\\/fi\\\/#website\"},\"primaryImageOfPage\":{\"@id\":\"https:\\\/\\\/iwell-guard.com\\\/fi\\\/romanialainen-mytologia\\\/#primaryimage\"},\"image\":{\"@id\":\"https:\\\/\\\/iwell-guard.com\\\/fi\\\/romanialainen-mytologia\\\/#primaryimage\"},\"thumbnailUrl\":\"https:\\\/\\\/iwell-guard.com\\\/wp-content\\\/uploads\\\/2026\\\/07\\\/daemonen_rumaenisch_strigoi.webp\",\"datePublished\":\"2026-09-03T12:42:31+00:00\",\"dateModified\":\"2026-09-03T13:16:30+00:00\",\"description\":\"Strigoi, Moroi, Iele ja Pricolici: romanialainen kansanperinne uskontotieteellisesti selitettyn\u00e4, erotettuna kirjallisesta Dracula-myytist\u00e4.\",\"breadcrumb\":{\"@id\":\"https:\\\/\\\/iwell-guard.com\\\/fi\\\/romanialainen-mytologia\\\/#breadcrumb\"},\"inLanguage\":\"fi\",\"potentialAction\":[{\"@type\":\"ReadAction\",\"target\":[\"https:\\\/\\\/iwell-guard.com\\\/fi\\\/romanialainen-mytologia\\\/\"]}]},{\"@type\":\"ImageObject\",\"inLanguage\":\"fi\",\"@id\":\"https:\\\/\\\/iwell-guard.com\\\/fi\\\/romanialainen-mytologia\\\/#primaryimage\",\"url\":\"https:\\\/\\\/iwell-guard.com\\\/wp-content\\\/uploads\\\/2026\\\/07\\\/daemonen_rumaenisch_strigoi.webp\",\"contentUrl\":\"https:\\\/\\\/iwell-guard.com\\\/wp-content\\\/uploads\\\/2026\\\/07\\\/daemonen_rumaenisch_strigoi.webp\",\"width\":1024,\"height\":1536,\"caption\":\"Strigoi, romanialaisen perinteen demoni\"},{\"@type\":\"BreadcrumbList\",\"@id\":\"https:\\\/\\\/iwell-guard.com\\\/fi\\\/romanialainen-mytologia\\\/#breadcrumb\",\"itemListElement\":[{\"@type\":\"ListItem\",\"position\":1,\"name\":\"Start\",\"item\":\"https:\\\/\\\/iwell-guard.com\\\/fi\\\/?page_id=143815\"},{\"@type\":\"ListItem\",\"position\":2,\"name\":\"Romanialainen mytologia\"}]},{\"@type\":\"WebSite\",\"@id\":\"https:\\\/\\\/iwell-guard.com\\\/fi\\\/#website\",\"url\":\"https:\\\/\\\/iwell-guard.com\\\/fi\\\/\",\"name\":\"iWell Guard\",\"description\":\"Schutz vor dunklen Einfl\u00fcssen\",\"publisher\":{\"@id\":\"https:\\\/\\\/iwell-guard.com\\\/fi\\\/#organization\"},\"potentialAction\":[{\"@type\":\"SearchAction\",\"target\":{\"@type\":\"EntryPoint\",\"urlTemplate\":\"https:\\\/\\\/iwell-guard.com\\\/fi\\\/?s={search_term_string}\"},\"query-input\":{\"@type\":\"PropertyValueSpecification\",\"valueRequired\":true,\"valueName\":\"search_term_string\"}}],\"inLanguage\":\"fi\"},{\"@type\":\"Organization\",\"@id\":\"https:\\\/\\\/iwell-guard.com\\\/fi\\\/#organization\",\"name\":\"Ittermann electronic GmbH\",\"url\":\"https:\\\/\\\/iwell-guard.com\\\/fi\\\/\",\"logo\":{\"@type\":\"ImageObject\",\"inLanguage\":\"fi\",\"@id\":\"https:\\\/\\\/iwell-guard.com\\\/fi\\\/#\\\/schema\\\/logo\\\/image\\\/\",\"url\":\"https:\\\/\\\/iwell-guard.com\\\/wp-content\\\/uploads\\\/2026\\\/05\\\/Ittermann-Logo-1182x237-1.png\",\"contentUrl\":\"https:\\\/\\\/iwell-guard.com\\\/wp-content\\\/uploads\\\/2026\\\/05\\\/Ittermann-Logo-1182x237-1.png\",\"width\":1182,\"height\":237,\"caption\":\"Ittermann electronic GmbH\"},\"image\":{\"@id\":\"https:\\\/\\\/iwell-guard.com\\\/fi\\\/#\\\/schema\\\/logo\\\/image\\\/\"},\"sameAs\":[\"https:\\\/\\\/pantip.com\\\/profile\\\/9367242\",\"https:\\\/\\\/micro.blog\\\/iwellguard\",\"https:\\\/\\\/www.diggerslist.com\\\/iwellguard\\\/about\",\"https:\\\/\\\/skitterphoto.com\\\/photographers\\\/2870314\\\/iwell-guard\",\"https:\\\/\\\/iwellguard.wordpress.com\\\/2026\\\/06\\\/06\\\/iwell-guard\\\/\",\"https:\\\/\\\/hub.docker.com\\\/u\\\/iwellguard\",\"https:\\\/\\\/www.pinterest.com\\\/iwellguard\\\/\",\"https:\\\/\\\/bit.ly\\\/m\\\/iwellguard\",\"https:\\\/\\\/entre-vos-mains.alsace.eu\\\/profiles\\\/iwellguard\\\/activity\",\"https:\\\/\\\/gravatar.com\\\/reallybeded8fd34\",\"https:\\\/\\\/naijamatta.com\\\/iwellguard\",\"https:\\\/\\\/www.goodreads.com\\\/iwellguard\",\"https:\\\/\\\/profile.hatena.ne.jp\\\/iwellguard\\\/\",\"https:\\\/\\\/experiment.com\\\/users\\\/iwellguard\",\"https:\\\/\\\/wakelet.com\\\/@iWellGuard82270\",\"https:\\\/\\\/www.chordie.com\\\/forum\\\/profile.php?id=2555664\",\"https:\\\/\\\/www.instapaper.com\\\/p\\\/17757966\",\"https:\\\/\\\/www.mapleprimes.com\\\/users\\\/iwellguard\",\"https:\\\/\\\/businesslistingplus.com\\\/profile\\\/iwell-guard\\\/\",\"https:\\\/\\\/telegra.ph\\\/iWell-Guard-06-06\",\"https:\\\/\\\/pbase.com\\\/iwellguard\\\/iwellguard\",\"https:\\\/\\\/b.hatena.ne.jp\\\/iwellguard\\\/20260607#bookmark-4788405196491818882\",\"https:\\\/\\\/fliphtml5.com\\\/home\\\/iwellguard\",\"https:\\\/\\\/anyflip.com\\\/homepage\\\/cmiwl#About\",\"https:\\\/\\\/transfur.com\\\/Users\\\/iwellguard\",\"http:\\\/\\\/delphi.larsbo.org\\\/user\\\/iwellguard\",\"https:\\\/\\\/jobs.lajobsportal.org\\\/profiles\\\/8380803-iwell-guard\",\"https:\\\/\\\/md.chaosdorf.de\\\/s\\\/jfbe5SBdJD\",\"https:\\\/\\\/www.lingvolive.com\\\/en-us\\\/profile\\\/9ecaeaca-ce11-4e51-9e71-01d55e2bff36\\\/translations\",\"https:\\\/\\\/www.fitday.com\\\/fitness\\\/forums\\\/members\\\/iwellguard.html\",\"https:\\\/\\\/www.mymeetbook.com\\\/iwellguard\",\"https:\\\/\\\/pxhere.com\\\/en\\\/photographer-me\\\/5040798\",\"https:\\\/\\\/disqus.com\\\/by\\\/iwellguard\\\/about\\\/\",\"https:\\\/\\\/pastelink.net\\\/hjwciqwq\",\"https:\\\/\\\/pubhtml5.com\\\/homepage\\\/scjhn\\\/\",\"https:\\\/\\\/www.bitchute.com\\\/channel\\\/2O2eOKzNqujT\",\"https:\\\/\\\/audiomack.com\\\/iwellguard\"]}]}<\/script>\n<!-- \/ Yoast SEO Premium plugin. -->","yoast_head_json":{"title":"Romanialainen mytologia: Strigoi, Iele & Moroi","description":"Strigoi, Moroi, Iele ja Pricolici: romanialainen kansanperinne uskontotieteellisesti selitettyn\u00e4, erotettuna kirjallisesta Dracula-myytist\u00e4.","robots":{"index":"index","follow":"follow","max-snippet":"max-snippet:-1","max-image-preview":"max-image-preview:large","max-video-preview":"max-video-preview:-1"},"canonical":"https:\/\/iwell-guard.com\/fi\/romanialainen-mytologia\/","og_locale":"fi_FI","og_type":"article","og_title":"Romanialainen mytologia","og_description":"Strigoi, Moroi, Iele ja Pricolici: romanialainen kansanperinne uskontotieteellisesti selitettyn\u00e4, erotettuna kirjallisesta Dracula-myytist\u00e4.","og_url":"https:\/\/iwell-guard.com\/fi\/romanialainen-mytologia\/","og_site_name":"iWell Guard","article_modified_time":"2026-09-03T13:16:30+00:00","og_image":[{"width":1024,"height":1536,"url":"https:\/\/iwell-guard.com\/wp-content\/uploads\/2026\/07\/daemonen_rumaenisch_strigoi.webp","type":"image\/webp"}],"twitter_card":"summary_large_image","schema":{"@context":"https:\/\/schema.org","@graph":[{"@type":"WebPage","@id":"https:\/\/iwell-guard.com\/fi\/romanialainen-mytologia\/","url":"https:\/\/iwell-guard.com\/fi\/romanialainen-mytologia\/","name":"Romanialainen mytologia: Strigoi, Iele & Moroi","isPartOf":{"@id":"https:\/\/iwell-guard.com\/fi\/#website"},"primaryImageOfPage":{"@id":"https:\/\/iwell-guard.com\/fi\/romanialainen-mytologia\/#primaryimage"},"image":{"@id":"https:\/\/iwell-guard.com\/fi\/romanialainen-mytologia\/#primaryimage"},"thumbnailUrl":"https:\/\/iwell-guard.com\/wp-content\/uploads\/2026\/07\/daemonen_rumaenisch_strigoi.webp","datePublished":"2026-09-03T12:42:31+00:00","dateModified":"2026-09-03T13:16:30+00:00","description":"Strigoi, Moroi, Iele ja Pricolici: romanialainen kansanperinne uskontotieteellisesti selitettyn\u00e4, erotettuna kirjallisesta Dracula-myytist\u00e4.","breadcrumb":{"@id":"https:\/\/iwell-guard.com\/fi\/romanialainen-mytologia\/#breadcrumb"},"inLanguage":"fi","potentialAction":[{"@type":"ReadAction","target":["https:\/\/iwell-guard.com\/fi\/romanialainen-mytologia\/"]}]},{"@type":"ImageObject","inLanguage":"fi","@id":"https:\/\/iwell-guard.com\/fi\/romanialainen-mytologia\/#primaryimage","url":"https:\/\/iwell-guard.com\/wp-content\/uploads\/2026\/07\/daemonen_rumaenisch_strigoi.webp","contentUrl":"https:\/\/iwell-guard.com\/wp-content\/uploads\/2026\/07\/daemonen_rumaenisch_strigoi.webp","width":1024,"height":1536,"caption":"Strigoi, romanialaisen perinteen demoni"},{"@type":"BreadcrumbList","@id":"https:\/\/iwell-guard.com\/fi\/romanialainen-mytologia\/#breadcrumb","itemListElement":[{"@type":"ListItem","position":1,"name":"Start","item":"https:\/\/iwell-guard.com\/fi\/?page_id=143815"},{"@type":"ListItem","position":2,"name":"Romanialainen mytologia"}]},{"@type":"WebSite","@id":"https:\/\/iwell-guard.com\/fi\/#website","url":"https:\/\/iwell-guard.com\/fi\/","name":"iWell Guard","description":"Schutz vor dunklen Einfl\u00fcssen","publisher":{"@id":"https:\/\/iwell-guard.com\/fi\/#organization"},"potentialAction":[{"@type":"SearchAction","target":{"@type":"EntryPoint","urlTemplate":"https:\/\/iwell-guard.com\/fi\/?s={search_term_string}"},"query-input":{"@type":"PropertyValueSpecification","valueRequired":true,"valueName":"search_term_string"}}],"inLanguage":"fi"},{"@type":"Organization","@id":"https:\/\/iwell-guard.com\/fi\/#organization","name":"Ittermann electronic GmbH","url":"https:\/\/iwell-guard.com\/fi\/","logo":{"@type":"ImageObject","inLanguage":"fi","@id":"https:\/\/iwell-guard.com\/fi\/#\/schema\/logo\/image\/","url":"https:\/\/iwell-guard.com\/wp-content\/uploads\/2026\/05\/Ittermann-Logo-1182x237-1.png","contentUrl":"https:\/\/iwell-guard.com\/wp-content\/uploads\/2026\/05\/Ittermann-Logo-1182x237-1.png","width":1182,"height":237,"caption":"Ittermann electronic GmbH"},"image":{"@id":"https:\/\/iwell-guard.com\/fi\/#\/schema\/logo\/image\/"},"sameAs":["https:\/\/pantip.com\/profile\/9367242","https:\/\/micro.blog\/iwellguard","https:\/\/www.diggerslist.com\/iwellguard\/about","https:\/\/skitterphoto.com\/photographers\/2870314\/iwell-guard","https:\/\/iwellguard.wordpress.com\/2026\/06\/06\/iwell-guard\/","https:\/\/hub.docker.com\/u\/iwellguard","https:\/\/www.pinterest.com\/iwellguard\/","https:\/\/bit.ly\/m\/iwellguard","https:\/\/entre-vos-mains.alsace.eu\/profiles\/iwellguard\/activity","https:\/\/gravatar.com\/reallybeded8fd34","https:\/\/naijamatta.com\/iwellguard","https:\/\/www.goodreads.com\/iwellguard","https:\/\/profile.hatena.ne.jp\/iwellguard\/","https:\/\/experiment.com\/users\/iwellguard","https:\/\/wakelet.com\/@iWellGuard82270","https:\/\/www.chordie.com\/forum\/profile.php?id=2555664","https:\/\/www.instapaper.com\/p\/17757966","https:\/\/www.mapleprimes.com\/users\/iwellguard","https:\/\/businesslistingplus.com\/profile\/iwell-guard\/","https:\/\/telegra.ph\/iWell-Guard-06-06","https:\/\/pbase.com\/iwellguard\/iwellguard","https:\/\/b.hatena.ne.jp\/iwellguard\/20260607#bookmark-4788405196491818882","https:\/\/fliphtml5.com\/home\/iwellguard","https:\/\/anyflip.com\/homepage\/cmiwl#About","https:\/\/transfur.com\/Users\/iwellguard","http:\/\/delphi.larsbo.org\/user\/iwellguard","https:\/\/jobs.lajobsportal.org\/profiles\/8380803-iwell-guard","https:\/\/md.chaosdorf.de\/s\/jfbe5SBdJD","https:\/\/www.lingvolive.com\/en-us\/profile\/9ecaeaca-ce11-4e51-9e71-01d55e2bff36\/translations","https:\/\/www.fitday.com\/fitness\/forums\/members\/iwellguard.html","https:\/\/www.mymeetbook.com\/iwellguard","https:\/\/pxhere.com\/en\/photographer-me\/5040798","https:\/\/disqus.com\/by\/iwellguard\/about\/","https:\/\/pastelink.net\/hjwciqwq","https:\/\/pubhtml5.com\/homepage\/scjhn\/","https:\/\/www.bitchute.com\/channel\/2O2eOKzNqujT","https:\/\/audiomack.com\/iwellguard"]}]}},"_links":{"self":[{"href":"https:\/\/iwell-guard.com\/fi\/wp-json\/wp\/v2\/pages\/145094","targetHints":{"allow":["GET"]}}],"collection":[{"href":"https:\/\/iwell-guard.com\/fi\/wp-json\/wp\/v2\/pages"}],"about":[{"href":"https:\/\/iwell-guard.com\/fi\/wp-json\/wp\/v2\/types\/page"}],"author":[{"embeddable":true,"href":"https:\/\/iwell-guard.com\/fi\/wp-json\/wp\/v2\/users\/3"}],"replies":[{"embeddable":true,"href":"https:\/\/iwell-guard.com\/fi\/wp-json\/wp\/v2\/comments?post=145094"}],"version-history":[{"count":0,"href":"https:\/\/iwell-guard.com\/fi\/wp-json\/wp\/v2\/pages\/145094\/revisions"}],"wp:featuredmedia":[{"embeddable":true,"href":"https:\/\/iwell-guard.com\/fi\/wp-json\/wp\/v2\/media\/20175"}],"wp:attachment":[{"href":"https:\/\/iwell-guard.com\/fi\/wp-json\/wp\/v2\/media?parent=145094"}],"wp:term":[{"taxonomy":"category","embeddable":true,"href":"https:\/\/iwell-guard.com\/fi\/wp-json\/wp\/v2\/categories?post=145094"}],"curies":[{"name":"wp","href":"https:\/\/api.w.org\/{rel}","templated":true}]}}