{"id":145091,"date":"2026-09-03T12:42:29","date_gmt":"2026-09-03T12:42:29","guid":{"rendered":"https:\/\/iwell-guard.com\/?page_id=145091"},"modified":"2026-09-03T13:16:27","modified_gmt":"2026-09-03T13:16:27","slug":"baltialainen-mytologia","status":"publish","type":"page","link":"https:\/\/iwell-guard.com\/fi\/baltialainen-mytologia\/","title":{"rendered":"Baltialainen mytologia"},"content":{"rendered":"\t\t<div data-elementor-type=\"wp-page\" data-elementor-id=\"145091\" class=\"elementor elementor-145091 elementor-20568 elementor-bc-flex-widget\" data-elementor-post-type=\"page\">\n\t\t\t\t<div class=\"elementor-element elementor-element-iwgcn-sami-hero iwg-kultur-hero e-flex e-con-boxed e-con e-parent\" data-id=\"iwgcn-sami-hero\" data-element_type=\"container\" data-e-type=\"container\">\n\t\t\t\t\t<div class=\"e-con-inner\">\n\t\t<div class=\"elementor-element elementor-element-iwgcn-sami-hl iwg-kultur-hero-left e-flex e-con-boxed e-con e-child\" data-id=\"iwgcn-sami-hl\" data-element_type=\"container\" data-e-type=\"container\">\n\t\t\t\t\t<div class=\"e-con-inner\">\n\t\t\t\t<div class=\"elementor-element elementor-element-iwgcn-sami-h1 elementor-widget elementor-widget-heading\" data-id=\"iwgcn-sami-h1\" data-element_type=\"widget\" data-e-type=\"widget\" data-widget_type=\"heading.default\">\n\t\t\t\t\t<h1 class=\"elementor-heading-title elementor-size-default\">Baltialaiset jumalat, Perk\u016bnas ja Liettuan ja Latvian mytologia<\/h1>\t\t\t\t<\/div>\n\t\t<div class=\"elementor-element elementor-element-iwgcn-sami-leadc e-con-full e-flex e-con e-child\" data-id=\"iwgcn-sami-leadc\" data-element_type=\"container\" data-e-type=\"container\">\n\t\t\t\t<div class=\"elementor-element elementor-element-iwgcn-sami-lead elementor-widget elementor-widget-text-editor\" data-id=\"iwgcn-sami-lead\" data-element_type=\"widget\" data-e-type=\"widget\" data-widget_type=\"text-editor.default\">\n\t\t\t\t\t\t\t\t\t<p>Baltit, liettualaiset ja latvialaiset, jotka asuttavat nykyisi\u00e4 Liettuan ja Latvian valtioita, s\u00e4ilyttiv\u00e4t Euroopan pisimp\u00e4\u00e4n esikristillisen\u00e4 pysyneen uskonnon, sill\u00e4 kristinuskoistaminen saatiin p\u00e4\u00e4t\u00f6kseen vasta vuonna 1387 ja \u017demaitijan alueella vasta vuonna 1413. Dainoiksi kutsutut kansanlaulut, jumalatar Gabijan ymp\u00e4rille rakentunut tulisijan kultti sek\u00e4 talon suojelusk\u00e4\u00e4rmeen Zaltysin palvonta muodostavat omaleimaisen, indoeurooppalaisittain erityisen arkaaisen uskonnollisen kerrostuman.<\/p>\n<p class=\"iwg-kwfix\">Baltialainen jumalmaailma liittyy l\u00e4heisesti taloon, tulisijaan ja maiseman voimiin.<\/p>\t\t\t\t\t\t\t\t<\/div>\n\t\t\t\t<\/div>\n\t\t\t\t\t<\/div>\n\t\t\t\t<\/div>\n\t\t<div class=\"elementor-element elementor-element-iwgcn-sami-hr iwg-kultur-hero-right e-flex e-con-boxed e-con e-child\" data-id=\"iwgcn-sami-hr\" data-element_type=\"container\" data-e-type=\"container\">\n\t\t\t\t\t<div class=\"e-con-inner\">\n\t\t\t\t<div class=\"elementor-element elementor-element-iwgcn-sami-himg iwg-hero-image elementor-widget elementor-widget-image\" data-id=\"iwgcn-sami-himg\" data-element_type=\"widget\" data-e-type=\"widget\" data-widget_type=\"image.default\">\n\t\t\t\t\t\t\t\t\t\t\t\t\t\t\t<img fetchpriority=\"high\" decoding=\"async\" width=\"683\" height=\"1024\" src=\"https:\/\/iwell-guard.com\/wp-content\/uploads\/2026\/05\/goetter_sami_beaivi-683x1024.webp\" class=\"attachment-large size-large wp-image-148753\" alt=\"Beaivi \u2013 jumalia saamelaisesta perinteest\u00e4, historiallis-havainnollinen kuva\" srcset=\"https:\/\/iwell-guard.com\/wp-content\/uploads\/2026\/05\/goetter_sami_beaivi-683x1024.webp 683w, https:\/\/iwell-guard.com\/wp-content\/uploads\/2026\/05\/goetter_sami_beaivi-200x300.webp 200w, https:\/\/iwell-guard.com\/wp-content\/uploads\/2026\/05\/goetter_sami_beaivi-768x1152.webp 768w, https:\/\/iwell-guard.com\/wp-content\/uploads\/2026\/05\/goetter_sami_beaivi.webp 1024w\" sizes=\"(max-width: 683px) 100vw, 683px\" \/>\t\t\t\t\t\t\t\t\t\t\t\t\t\t\t<\/div>\n\t\t\t\t\t<\/div>\n\t\t\t\t<\/div>\n\t\t\t\t\t<\/div>\n\t\t\t\t<\/div>\n\t\t\t\t<section class=\"elementor-section elementor-top-section elementor-element elementor-element-sec-iwgcomp-sami elementor-section-boxed elementor-section-height-default elementor-section-height-default\" data-id=\"sec-iwgcomp-sami\" data-element_type=\"section\" data-e-type=\"section\">\n\t\t\t\t\t\t<div class=\"elementor-container elementor-column-gap-default\">\n\t\t\t\t\t<div class=\"elementor-column elementor-col-100 elementor-top-column elementor-element elementor-element-col-iwgcomp-sami\" data-id=\"col-iwgcomp-sami\" data-element_type=\"column\" data-e-type=\"column\">\n\t\t\t<div class=\"elementor-widget-wrap elementor-element-populated\">\n\t\t\t\t\t\t<div class=\"elementor-element elementor-element-iwgcomp-sami elementor-widget elementor-widget-text-editor\" data-id=\"iwgcomp-sami\" data-element_type=\"widget\" data-e-type=\"widget\" data-widget_type=\"text-editor.default\">\n\t\t\t\t\t\t\t\t\t<p>Baltialainen <strong><span class=\"iwg-fachbegriff\" data-tooltip=\"Lyhyet, suullisesti v\u00e4littyneet Liettuan ja Latvian kansanlaulut, t\u00e4rkein esikristillisten k\u00e4sitysten l\u00e4hde.\" tabindex=\"0\">Dainas<\/span>-perinne<\/strong> muodostaa Baltian esikristillisen uskonnon rekonstruoinnin selk\u00e4rangan.<\/p>\n<p class=\"iwg-kwfix\">Baltialaiset jumalat jakautuvat taivaan- ja s\u00e4\u00e4voimiin ukkosenjumala Perk\u016bnasin ymp\u00e4rille, talonhaltijoihin kuten Kaukas ja Aitvaras, sek\u00e4 lukuisiin \u00e4iti-jumaluuksiin, jotka hallitsevat mets\u00e4\u00e4, tulta ja vett\u00e4. N\u00e4it\u00e4 aiheita vaalitaan Liettuassa ja Latviassa edelleen.<\/p>\t\t\t\t\t\t\t\t<\/div>\n\t\t\t\t\t<\/div>\n\t\t<\/div>\n\t\t\t\t\t<\/div>\n\t\t<\/section>\n\t\t<div class=\"elementor-element elementor-element-iwgcn-sami-s0 e-flex e-con-boxed e-con e-parent\" data-id=\"iwgcn-sami-s0\" data-element_type=\"container\" data-e-type=\"container\">\n\t\t\t\t\t<div class=\"e-con-inner\">\n\t\t\t\t<div class=\"elementor-element elementor-element-iwgcn-sami-s0h elementor-widget elementor-widget-heading\" data-id=\"iwgcn-sami-s0h\" data-element_type=\"widget\" data-e-type=\"widget\" data-widget_type=\"heading.default\">\n\t\t\t\t\t<h2 class=\"elementor-heading-title elementor-size-default\">Baltit, kieli ja asuinalue<\/h2>\t\t\t\t<\/div>\n\t\t<div class=\"elementor-element elementor-element-iwgcn-sami-s0-c e-con-full e-flex e-con e-child\" data-id=\"iwgcn-sami-s0-c\" data-element_type=\"container\" data-e-type=\"container\">\n\t\t\t\t<div class=\"elementor-element elementor-element-iwgcn-sami-s0t elementor-widget elementor-widget-text-editor\" data-id=\"iwgcn-sami-s0t\" data-element_type=\"widget\" data-e-type=\"widget\" data-widget_type=\"text-editor.default\">\n\t\t\t\t\t\t\t\t\t<p>Baltialainen kieliperhe, indoeurooppalaisten kielten oma haara, k\u00e4sitt\u00e4\u00e4 el\u00e4v\u00e4t kielet liettuan ja latvian sek\u00e4 1600-luvulla sammuneen l\u00e4nsibaltialaisen preussin kielen. Kielitieteellisesti baltialaisia kieli\u00e4 pidet\u00e4\u00e4n erityisen arkaaisina, ja siksi ne ovat t\u00e4rkeit\u00e4 indoeurooppalaisten kielisuhteiden rekonstruoinnissa.<\/p><p>Asuinalue kattaa nykyiset Liettuan ja Latvian valtiot It\u00e4meren rannalla. Liettuan kristinuskoistaminen tapahtui virallisesti vasta vuonna 1387 suuriruhtinas Jogailan aikana, ja \u017demaitijan alue (Ala-Liettua) seurasi vuonna 1413 yhten\u00e4 Euroopan viimeisist\u00e4 pakanallisista alueista; yksitt\u00e4isi\u00e4 kertomuksia esikristillisist\u00e4 k\u00e4yt\u00e4nn\u00f6ist\u00e4 on s\u00e4ilynyt aina 1700-luvulle asti.<\/p>\n<p class=\"iwg-kwfix\">Taivas ja tulisija j\u00e4sent\u00e4v\u00e4t baltien jumalmaailmaa: ylh\u00e4\u00e4ll\u00e4 ukkosenjumala Perk\u016bnas, talossa tulijumalatar Gabija, maisemassa lukuisat \u00e4iti-jumaluudet. Liettuan ja Latvian dainaperinne pit\u00e4\u00e4 t\u00e4m\u00e4n tiet\u00e4myksen elossa viel\u00e4 nyky\u00e4\u00e4nkin.<\/p>\t\t\t\t\t\t\t\t<\/div>\n\t\t\t\t<\/div>\n\t\t\t\t\t<\/div>\n\t\t\t\t<\/div>\n\t\t<div class=\"elementor-element elementor-element-iwgcn-sami-s1 e-flex e-con-boxed e-con e-parent\" data-id=\"iwgcn-sami-s1\" data-element_type=\"container\" data-e-type=\"container\">\n\t\t\t\t\t<div class=\"e-con-inner\">\n\t\t\t\t<div class=\"elementor-element elementor-element-iwgcn-sami-s1h elementor-widget elementor-widget-heading\" data-id=\"iwgcn-sami-s1h\" data-element_type=\"widget\" data-e-type=\"widget\" data-widget_type=\"heading.default\">\n\t\t\t\t\t<h2 class=\"elementor-heading-title elementor-size-default\">Panteoni: Dievas, Perk\u016bnas, Laima, Saul\u0117<\/h2>\t\t\t\t<\/div>\n\t\t<div class=\"elementor-element elementor-element-iwgcn-sami-s1-c e-con-full e-flex e-con e-child\" data-id=\"iwgcn-sami-s1-c\" data-element_type=\"container\" data-e-type=\"container\">\n\t\t\t\t<div class=\"elementor-element elementor-element-iwgcn-sami-s1t elementor-widget elementor-widget-text-editor\" data-id=\"iwgcn-sami-s1t\" data-element_type=\"widget\" data-e-type=\"widget\" data-widget_type=\"text-editor.default\">\n\t\t\t\t\t\t\t\t\t<p>Dievas liettuaksi, tai Dievs latviaksi, tarkoittaa taivaanjumalaa, et\u00e4ist\u00e4 ja j\u00e4rjestyst\u00e4 yll\u00e4pit\u00e4v\u00e4\u00e4 hahmoa. Perk\u016bnas liettuaksi ja P\u0113rkons latviaksi on ukkosenjumala, joka vastaa ukkosmyrskyist\u00e4, hedelm\u00e4llisyydest\u00e4 ja oikeudenmukaisuudesta. Laima on kohtalon ja onnen jumalatar, joka valvoo syntym\u00e4\u00e4 ja el\u00e4m\u00e4npolkua, kun taas Saul\u0117 liettuaksi, tai Saule latviaksi, on naispuolinen aurinkojumaluus. Latviassa esiintyy lis\u00e4ksi M\u0101ra maan ja \u00e4itiyden jumaluutena Dievsin ja Laiman rinnalla.<\/p><p>Velinas liettuaksi, tai Velns latviaksi, on manalan ja kuolleiden hahmo, joka kristinuskoistamisen my\u00f6t\u00e4 sulautui yh\u00e4 enemm\u00e4n kristilliseen paholaiseen. N\u00e4iden suurten hahmojen ohella perinne tuntee omat jumaluutensa yksitt\u00e4isille alueille, kuten tuulen jumalan <a href=\"https:\/\/iwell-guard.com\/fi\/vejopatis\/\">V\u0117jopatis<\/a> tai latvialaisen talonhaltijan <a href=\"https:\/\/iwell-guard.com\/fi\/majas-gars\/\">M\u0101jas gars<\/a>, joka valvoo taloa ja pihapiiri\u00e4. Latvialainen perinne tuntee lis\u00e4ksi laajan noin seitsem\u00e4nkymmenen \u201e\u00e4idin&#8221; (m\u0101tes) j\u00e4rjestelm\u00e4n, jossa yksitt\u00e4isten luonnonalueiden, kuten mets\u00e4n, meren, tuulen tai tulen, personoituja hallitsijattaria kunnioitetaan.<\/p>\t\t\t\t\t\t\t\t<\/div>\n\t\t\t\t<\/div>\n\t\t\t\t\t<\/div>\n\t\t\t\t<\/div>\n\t\t<div class=\"elementor-element elementor-element-iwgcn-sami-s2 e-flex e-con-boxed e-con e-parent\" data-id=\"iwgcn-sami-s2\" data-element_type=\"container\" data-e-type=\"container\">\n\t\t\t\t\t<div class=\"e-con-inner\">\n\t\t\t\t<div class=\"elementor-element elementor-element-iwgcn-sami-s2h elementor-widget elementor-widget-heading\" data-id=\"iwgcn-sami-s2h\" data-element_type=\"widget\" data-e-type=\"widget\" data-widget_type=\"heading.default\">\n\t\t\t\t\t<h2 class=\"elementor-heading-title elementor-size-default\">Dainat uskontohistoriallisena l\u00e4hteen\u00e4<\/h2>\t\t\t\t<\/div>\n\t\t<div class=\"elementor-element elementor-element-iwgcn-sami-s2-c e-con-full e-flex e-con e-child\" data-id=\"iwgcn-sami-s2-c\" data-element_type=\"container\" data-e-type=\"container\">\n\t\t\t\t<div class=\"elementor-element elementor-element-iwgcn-sami-s2t elementor-widget elementor-widget-text-editor\" data-id=\"iwgcn-sami-s2t\" data-element_type=\"widget\" data-e-type=\"widget\" data-widget_type=\"text-editor.default\">\n\t\t\t\t\t\t\t\t\t<p>Dainat ovat lyhyit\u00e4, useimmiten neliriviisi\u00e4 liettualaisia ja latvialaisia kansanlauluja, jotka v\u00e4littyiv\u00e4t suullisesti sukupolvelta toiselle ja joita pidet\u00e4\u00e4n ikkunana esikristillisiin k\u00e4sityksiin, joita kristinusko on muokannut hyvin v\u00e4h\u00e4n. Latvialainen juristi ja kansanperinteentutkija Kri\u0161j\u0101nis Barons ker\u00e4si vuosina 1894\u20131915 l\u00e4hes 218 000 dainaa kuuteen osaan, ja koko latvialainen dainakorpus, kaikkien ker\u00e4ilij\u00f6iden yhteenlaskettuna, k\u00e4sitt\u00e4\u00e4 arviolta yli miljoona teksti\u00e4.<\/p><p>Vuoden 1880 tienoilla Baronsin suunnitelman mukaan valmistettu dainakaappi, jossa on yli 350 000 lippua, on kuulunut vuodesta 2001 UNESCOn maailman muistin ohjelmaan, ja sit\u00e4 s\u00e4ilytet\u00e4\u00e4n nyky\u00e4\u00e4n Latvian kansalliskirjastossa. My\u00f6s Liettuassa ker\u00e4tyt kansanlaulut, sadut ja paikannimet muodostavat keskeisen l\u00e4hteen uskontohistorialliselle rekonstruoinnille.<\/p>\t\t\t\t\t\t\t\t<\/div>\n\t\t\t\t<\/div>\n\t\t\t\t\t<\/div>\n\t\t\t\t<\/div>\n\t\t<div class=\"elementor-element elementor-element-iwgcn-sami-s3 e-flex e-con-boxed e-con e-parent\" data-id=\"iwgcn-sami-s3\" data-element_type=\"container\" data-e-type=\"container\">\n\t\t\t\t\t<div class=\"e-con-inner\">\n\t\t\t\t<div class=\"elementor-element elementor-element-iwgcn-sami-s3h elementor-widget elementor-widget-heading\" data-id=\"iwgcn-sami-s3h\" data-element_type=\"widget\" data-e-type=\"widget\" data-widget_type=\"heading.default\">\n\t\t\t\t\t<h2 class=\"elementor-heading-title elementor-size-default\">Gabijan tulikultti<\/h2>\t\t\t\t<\/div>\n\t\t<div class=\"elementor-element elementor-element-iwgcn-sami-s3-c e-con-full e-flex e-con e-child\" data-id=\"iwgcn-sami-s3-c\" data-element_type=\"container\" data-e-type=\"container\">\n\t\t\t\t<div class=\"elementor-element elementor-element-iwgcn-sami-s3t elementor-widget elementor-widget-text-editor\" data-id=\"iwgcn-sami-s3t\" data-element_type=\"widget\" data-e-type=\"widget\" data-widget_type=\"text-editor.default\">\n\t\t\t\t\t\t\t\t\t<p><a href=\"https:\/\/iwell-guard.com\/fi\/gabija\/\">Gabija<\/a> on liettualainen tulisijan jumalatar, talon ja perheen suojelija, jota kuvattiin el\u00e4imen hahmossa kissana, haikarana tai kukkona taikka punaisiin pukeutuneena naisena. H\u00e4nen kulttinsa vaati tulen kunnioittavaa kohtelua: siihen ei saanut sylke\u00e4 eik\u00e4 sit\u00e4 saanut tallata, hiillos peitettiin \u00f6isin huolellisesti sammuttamisen sijaan, ja leip\u00e4\u00e4 ja suolaa pidettiin sopivina <span class=\"iwg-fachbegriff\" data-tooltip=\"Jumaluudelle annettu lahja kiitoksen, pyynn\u00f6n tai kunnioituksen osoittamiseksi.\" tabindex=\"0\">uhrilahjoina<\/span>.<\/p><p>T\u00e4m\u00e4n kultin t\u00e4rkein l\u00e4hde on puolalaisen tutkijan Jan \u0141asickin vuonna 1615 julkaisema teos De diis Samagitarum. Latviassa esiintyy sukua oleva hahmo Uguns m\u0101te, tulen \u00e4iti, osana latvialaista \u00e4iti-jumaluuksien j\u00e4rjestelm\u00e4\u00e4.<\/p>\t\t\t\t\t\t\t\t<\/div>\n\t\t\t\t<\/div>\n\t\t\t\t\t<\/div>\n\t\t\t\t<\/div>\n\t\t<div class=\"elementor-element elementor-element-x-sami-s-faq e-flex e-con-boxed e-con e-parent\" data-id=\"x-sami-s-faq\" data-element_type=\"container\" data-e-type=\"container\">\n\t\t\t\t\t<div class=\"e-con-inner\">\n\t\t\t\t<div class=\"elementor-element elementor-element-x-sami-h-faq elementor-widget elementor-widget-heading\" data-id=\"x-sami-h-faq\" data-element_type=\"widget\" data-e-type=\"widget\" data-widget_type=\"heading.default\">\n\t\t\t\t\t<h2 class=\"elementor-heading-title elementor-size-default\">Usein kysytyt kysymykset baltialaisesta mytologiasta<\/h2>\t\t\t\t<\/div>\n\t\t<div class=\"elementor-element elementor-element-iwgcn-sami-s3-c e-con-full e-flex e-con e-child\" data-id=\"iwgcn-sami-s3-c\" data-element_type=\"container\" data-e-type=\"container\">\n\t\t\t\t<div class=\"elementor-element elementor-element-x-sami-t-faq elementor-widget elementor-widget-text-editor\" data-id=\"x-sami-t-faq\" data-element_type=\"widget\" data-e-type=\"widget\" data-widget_type=\"text-editor.default\">\n\t\t\t\t\t\t\t\t\t<h3>Keit\u00e4 baltit ovat?<\/h3>\n<p>Baltteihin luetaan liettualaiset ja latvialaiset sek\u00e4 1600-luvulla sukupuuttoon kuolleet preussilaiset. He puhuvat oman, erityisen arkaaisen indoeurooppalaisen kielikunnan haaran kieli\u00e4 ja asuvat nykyisen Liettuan ja Latvian alueella It\u00e4meren rannalla.<\/p>\n<h3>Miksi Liettua kristillistyi n\u00e4in my\u00f6h\u00e4\u00e4n?<\/h3>\n<p>Liettua omaksui kristinuskon virallisesti vuonna 1387, ja \u017demaitijan alue (Ala-Liettua) seurasi per\u00e4ss\u00e4 vasta vuonna 1413. N\u00e4in Liettuaa pidet\u00e4\u00e4n Euroopan pisimp\u00e4\u00e4n esikristillisen\u00e4 pysyneen\u00e4 alueena, mihin vaikuttivat sen poliittinen vahvuus suuriruhtinaskuntana ja syrj\u00e4inen sijainti.<\/p>\n<h3>Mit\u00e4 dainat ovat?<\/h3>\n<p>Dainat ovat lyhyit\u00e4 liettualaisia ja latvialaisia kansanlauluja, jotka on v\u00e4litetty suullisesti ja jotka lasketaan esikristillisen uskonnon t\u00e4rkeimpiin l\u00e4hteisiin. Kri\u0161j\u0101nis Barons kokosi Latviassa yksin\u00e4\u00e4n l\u00e4hes 218 000 t\u00e4llaista laulua, jotka on s\u00e4ilytetty Latvian kansalliskirjaston daina-kaapissa.<\/p>\n<h3>Mik\u00e4 on kotik\u00e4\u00e4rme Zaltys?<\/h3>\n<p>Zaltys (liettuaksi) eli Zalktis (latviaksi) on rengask\u00e4\u00e4rme, jota pidettiin pyh\u00e4n\u00e4 kotiel\u00e4imen\u00e4: sit\u00e4 ruokittiin maidolla, ja sen tappaminen oli kielletty\u00e4. Sen katsottiin suojelevan taloa ja karjaa, ja se yhdistettiin osin latvialaiseen maidon\u00e4itiin Piena m\u0101tehen.<\/p>\n<script type=\"application\/ld+json\">{\"@context\": \"https:\/\/schema.org\", \"@type\": \"FAQPage\", \"mainEntity\": [{\"@type\": \"Question\", \"name\": \"Keit\u00e4 baltit ovat?\", \"acceptedAnswer\": {\"@type\": \"Answer\", \"text\": \"Baltteihin luetaan liettualaiset ja latvialaiset sek\u00e4 1600-luvulla sukupuuttoon kuolleet preussilaiset. He puhuvat oman, erityisen arkaaisen indoeurooppalaisen kielikunnan haaran kieli\u00e4 ja asuvat nykyisen Liettuan ja Latvian alueella It\u00e4meren rannalla.\"}}, {\"@type\": \"Question\", \"name\": \"Miksi Liettua kristillistyi n\u00e4in my\u00f6h\u00e4\u00e4n?\", \"acceptedAnswer\": {\"@type\": \"Answer\", \"text\": \"Liettua omaksui kristinuskon virallisesti vuonna 1387, ja \u017demaitijan alue (Ala-Liettua) seurasi per\u00e4ss\u00e4 vasta vuonna 1413. N\u00e4in Liettuaa pidet\u00e4\u00e4n Euroopan pisimp\u00e4\u00e4n esikristillisen\u00e4 pysyneen\u00e4 alueena, mihin vaikuttivat sen poliittinen vahvuus suuriruhtinaskuntana ja syrj\u00e4inen sijainti.\"}}, {\"@type\": \"Question\", \"name\": \"Mit\u00e4 dainat ovat?\", \"acceptedAnswer\": {\"@type\": \"Answer\", \"text\": \"Dainat ovat lyhyit\u00e4 liettualaisia ja latvialaisia kansanlauluja, jotka on v\u00e4litetty suullisesti ja jotka lasketaan esikristillisen uskonnon t\u00e4rkeimpiin l\u00e4hteisiin. Kri\u0161j\u0101nis Barons kokosi Latviassa yksin\u00e4\u00e4n l\u00e4hes 218 000 t\u00e4llaista laulua, jotka on s\u00e4ilytetty Latvian kansalliskirjaston daina-kaapissa.\"}}, {\"@type\": \"Question\", \"name\": \"Mik\u00e4 on kotik\u00e4\u00e4rme Zaltys?\", \"acceptedAnswer\": {\"@type\": \"Answer\", \"text\": \"Zaltys (liettuaksi) eli Zalktis (latviaksi) on rengask\u00e4\u00e4rme, jota pidettiin pyh\u00e4n\u00e4 kotiel\u00e4imen\u00e4: sit\u00e4 ruokittiin maidolla, ja sen tappaminen oli kielletty\u00e4. Sen katsottiin suojelevan taloa ja karjaa, ja se yhdistettiin osin latvialaiseen maidon\u00e4itiin Piena m\u0101tehen.\"}}]}<\/script>\t\t\t\t\t\t\t\t<\/div>\n\t\t\t\t<\/div>\n\t\t\t\t\t<\/div>\n\t\t\t\t<\/div>\n\t\t<div class=\"elementor-element elementor-element-iwgcn-sami-s4 e-flex e-con-boxed e-con e-parent\" data-id=\"iwgcn-sami-s4\" data-element_type=\"container\" data-e-type=\"container\">\n\t\t\t\t\t<div class=\"e-con-inner\">\n\t\t\t\t<div class=\"elementor-element elementor-element-iwgcn-sami-s4h elementor-widget elementor-widget-heading\" data-id=\"iwgcn-sami-s4h\" data-element_type=\"widget\" data-e-type=\"widget\" data-widget_type=\"heading.default\">\n\t\t\t\t\t<h2 class=\"elementor-heading-title elementor-size-default\">Kotik\u00e4\u00e4rme Zaltys ja sen palvonta<\/h2>\t\t\t\t<\/div>\n\t\t<div class=\"elementor-element elementor-element-iwgcn-sami-s4-c e-con-full e-flex e-con e-child\" data-id=\"iwgcn-sami-s4-c\" data-element_type=\"container\" data-e-type=\"container\">\n\t\t\t\t<div class=\"elementor-element elementor-element-iwgcn-sami-s4t elementor-widget elementor-widget-text-editor\" data-id=\"iwgcn-sami-s4t\" data-element_type=\"widget\" data-e-type=\"widget\" data-widget_type=\"text-editor.default\">\n\t\t\t\t\t\t\t\t\t<p><a href=\"https:\/\/iwell-guard.com\/fi\/zaltys\/\">\u017daltys<\/a> (liettuaksi) eli Zalktis (latviaksi) tarkoittaa rengask\u00e4\u00e4rmett\u00e4, jota balttilaisessa perinteess\u00e4 pidettiin pyh\u00e4n\u00e4, onnea tuovana kotiel\u00e4imen\u00e4. Sit\u00e4 ruokittiin s\u00e4\u00e4nn\u00f6llisesti maidolla, ja sen oleskelu talossa tai navetassa merkitsi suojaa asukkaille ja karjalle; laajalti levinneen sanonnan mukaan aurinko itkee n\u00e4hdess\u00e4\u00e4n kuolleen Zaltysin.<\/p><p>Rengask\u00e4\u00e4rmeiden tappamiskielto on etnografisesti todistettu aina uuteen aikaan asti, ja sit\u00e4 ovat kuvanneet muun muassa uskontotieteilij\u00e4t Jonas Balys ja Haralds Biezais sek\u00e4 Marija Gimbutas. Yksitt\u00e4isi\u00e4 todisteita Zaltys-palvonnasta on l\u00f6ydetty my\u00f6s preussilaisilta.<\/p>\t\t\t\t\t\t\t\t<\/div>\n\t\t\t\t<\/div>\n\t\t\t\t\t<\/div>\n\t\t\t\t<\/div>\n\t\t<div class=\"elementor-element elementor-element-iwgcn-sami-s5 e-flex e-con-boxed e-con e-parent\" data-id=\"iwgcn-sami-s5\" data-element_type=\"container\" data-e-type=\"container\">\n\t\t\t\t\t<div class=\"e-con-inner\">\n\t\t\t\t<div class=\"elementor-element elementor-element-iwgcn-sami-s5h elementor-widget elementor-widget-heading\" data-id=\"iwgcn-sami-s5h\" data-element_type=\"widget\" data-e-type=\"widget\" data-widget_type=\"heading.default\">\n\t\t\t\t\t<h2 class=\"elementor-heading-title elementor-size-default\">Mets\u00e4n\u00e4idit: Me\u017ea m\u0101te ja Medeina<\/h2>\t\t\t\t<\/div>\n\t\t<div class=\"elementor-element elementor-element-iwgcn-sami-s5-c e-con-full e-flex e-con e-child\" data-id=\"iwgcn-sami-s5-c\" data-element_type=\"container\" data-e-type=\"container\">\n\t\t\t\t<div class=\"elementor-element elementor-element-iwgcn-sami-s5t elementor-widget elementor-widget-text-editor\" data-id=\"iwgcn-sami-s5t\" data-element_type=\"widget\" data-e-type=\"widget\" data-widget_type=\"text-editor.default\">\n\t\t\t\t\t\t\t\t\t<p><a href=\"https:\/\/iwell-guard.com\/fi\/meza-mate\/\">Me\u017ea m\u0101te<\/a>, latvialainen mets\u00e4n\u00e4iti, kuuluu latvialaisten \u00e4itijumaluuksien (m\u0101tes) laajaan j\u00e4rjestelm\u00e4\u00e4n ja suojelee mets\u00e4st\u00e4ji\u00e4, mets\u00e4ty\u00f6l\u00e4isi\u00e4 ja paimenia; h\u00e4nen rinnalleen asetetaan toisinaan Me\u017eat\u0113vs, mets\u00e4nis\u00e4. Liettuassa vastaavaa teht\u00e4v\u00e4\u00e4 hoitaa <a href=\"https:\/\/iwell-guard.com\/fi\/medeina\/\">Medeina<\/a>, mets\u00e4n ja riistan hallitsijatar, jonka tunnusel\u00e4in on j\u00e4nis.<\/p><p>Jo vuoden 1252 Hypatioksen kronikka ja my\u00f6hemmin puolalainen kronikoitsija Jan D\u0142ugosz 1400-luvulla vertasivat Medeinaa roomalaiseen mets\u00e4stysjumalattareen Dianaan. Liettuan kielen tutkija Algirdas Julien Greimas tulkitsi h\u00e4net neitseelliseksi, mets\u00e4st\u00e4j\u00e4tt\u00e4rem\u00e4iseksi hahmoksi, joka kuvattiin osin my\u00f6s naarassutena.<\/p>\t\t\t\t\t\t\t\t<\/div>\n\t\t\t\t<\/div>\n\t\t\t\t\t<\/div>\n\t\t\t\t<\/div>\n\t\t<div class=\"elementor-element elementor-element-iwgcn-sami-s6 e-flex e-con-boxed e-con e-parent\" data-id=\"iwgcn-sami-s6\" data-element_type=\"container\" data-e-type=\"container\">\n\t\t\t\t\t<div class=\"e-con-inner\">\n\t\t\t\t<div class=\"elementor-element elementor-element-iwgcn-sami-s6h elementor-widget elementor-widget-heading\" data-id=\"iwgcn-sami-s6h\" data-element_type=\"widget\" data-e-type=\"widget\" data-widget_type=\"heading.default\">\n\t\t\t\t\t<h2 class=\"elementor-heading-title elementor-size-default\">Pakkokristillist\u00e4minen ja nykyinen uudelleenomaksuminen<\/h2>\t\t\t\t<\/div>\n\t\t<div class=\"elementor-element elementor-element-iwgcn-sami-s6-c e-con-full e-flex e-con e-child\" data-id=\"iwgcn-sami-s6-c\" data-element_type=\"container\" data-e-type=\"container\">\n\t\t\t\t<div class=\"elementor-element elementor-element-iwgcn-sami-s6t elementor-widget elementor-widget-text-editor\" data-id=\"iwgcn-sami-s6t\" data-element_type=\"widget\" data-e-type=\"widget\" data-widget_type=\"text-editor.default\">\n\t\t\t\t\t\t\t\t\t<p>Balttien kristillist\u00e4minen oli erityisen pitk\u00e4 ja osin v\u00e4kivaltainen prosessi. Saksalaisen ritarikunnan ja Miekkaveljien ritarikunnan valtiot tekiv\u00e4t l\u00e4hetysty\u00f6t\u00e4 1200-luvulta l\u00e4htien sotilaallisen paineen alla, kun Liettua omana suuriruhtinaskuntanaan omaksui kasteen vasta vuonna 1387 poliittisista syist\u00e4. Kertomukset kielletyist\u00e4 tulelle, puille ja k\u00e4\u00e4rmeille tehdyist\u00e4 uhrauksista ulottuvat 1700-luvulle asti.<\/p><p>1900-luvun lopulta l\u00e4htien, ja voimistuneena Liettuan ja Latvian itsen\u00e4istymisen j\u00e4lkeen vuosina 1990 ja 1991, on tapahtunut kulttuurista uudelleenomaksumista. T\u00e4m\u00e4 n\u00e4kyy Liettuan uuspaganistisessa Romuva-liikkeess\u00e4 ja Latvian Dievtur\u012bba-liikkeess\u00e4 sek\u00e4 dainojen, kansanlaulujuhlien ja kotihenkiin liittyv\u00e4n tapaperinteen vaalimisessa, esimerkkein\u00e4 <a href=\"https:\/\/iwell-guard.com\/fi\/kaukas\/\">Kaukas<\/a> ja <a href=\"https:\/\/iwell-guard.com\/fi\/aitvaras\/\">Aitvaras<\/a>. Uskontotieteen perusteoksia ovat kirjoittaneet Marija Gimbutas, Algirdas Julien Greimas, Haralds Biezais ja Norbertas V\u0117lius.<\/p>\t\t\t\t\t\t\t\t<\/div>\n\t\t\t\t<\/div>\n\t\t\t\t\t<\/div>\n\t\t\t\t<\/div>\n\t\t<div class=\"elementor-element elementor-element-cp2d9a92a3 e-flex e-con-boxed e-con e-parent\" data-id=\"cp2d9a92a3\" data-element_type=\"container\" data-e-type=\"container\">\n\t\t\t\t\t<div class=\"e-con-inner\">\n\t\t\t\t<div class=\"elementor-element elementor-element-cp2515827f elementor-widget elementor-widget-heading\" data-id=\"cp2515827f\" data-element_type=\"widget\" data-e-type=\"widget\" data-widget_type=\"heading.default\">\n\t\t\t\t\t<h2 class=\"elementor-heading-title elementor-size-default\">Kaksi kielt\u00e4, yksi kulttuurialue ja sen sis\u00e4iset erot<\/h2>\t\t\t\t<\/div>\n\t\t<div class=\"elementor-element elementor-element-cp25cbddf2 e-flex e-con-boxed e-con e-child\" data-id=\"cp25cbddf2\" data-element_type=\"container\" data-e-type=\"container\">\n\t\t\t\t\t<div class=\"e-con-inner\">\n\t\t\t\t<div class=\"elementor-element elementor-element-cp240cdc6c elementor-widget elementor-widget-text-editor\" data-id=\"cp240cdc6c\" data-element_type=\"widget\" data-e-type=\"widget\" data-widget_type=\"text-editor.default\">\n\t\t\t\t\t\t\t\t\t<p>Balttilaiseen kulttuurialueeseen kuuluvat liettualaiset ja latvialaiset sek\u00e4 1600-luvulla sukupuuttoon kuolleet preussilaiset, joiden kielest\u00e4 on s\u00e4ilynyt vain hajanaisia j\u00e4\u00e4nteit\u00e4. Liettua ja latvia ovat l\u00e4heist\u00e4 sukua toisilleen, mutta ovat kauan olleet itsen\u00e4isi\u00e4 kieli\u00e4, ja my\u00f6s molempien kansojen uskonnolliset k\u00e4sitykset poikkeavat toisistaan huomattavasti yksityiskohdissaan.<\/p><p>Erityisen huomattava on ero latvialaisessa \u00e4itijumaluusj\u00e4rjestelm\u00e4ss\u00e4, joka on arviolta seitsem\u00e4ll\u00e4kymmenell\u00e4 persoonallistetulla luonnon\u00e4idill\u00e4 (m\u0101tes) selv\u00e4sti eriytyneempi kuin liettualainen perinne, jossa etualalla ovat sen sijaan yksitt\u00e4iset, selke\u00e4sti hahmottuvat hahmot kuten Medeina tai Gabija.<\/p><p>My\u00f6s tavat vaihtelivat alueittain maiseman, rannikko- tai sis\u00e4maasijainnin ja taloudellisen suuntautumisen, kuten maanviljelyn, kalastuksen tai mets\u00e4talouden, mukaan. Yleist\u00e4v\u00e4t v\u00e4itteet \u201dbalttilaisesta uskonnosta\u201d peitt\u00e4v\u00e4t alleen t\u00e4m\u00e4n sis\u00e4isen moninaisuuden kummankin kansan v\u00e4lill\u00e4 ja niiden sis\u00e4ll\u00e4.<\/p><p>Molempia perinteit\u00e4 yhdist\u00e4\u00e4 ukkosenjumalan keskeinen asema, liettuaksi Perk\u016bnas, latviaksi P\u0113rkons, tulisijan tulen merkitys, kotik\u00e4\u00e4rme Zaltysin palvonta ja dainat t\u00e4rkeimp\u00e4n\u00e4 suullisena l\u00e4hdelajina. My\u00f6s n\u00e4it\u00e4 yhteisi\u00e4 piirteit\u00e4 on kuitenkin todistettu eri alueilla eri tavoin.<\/p>\t\t\t\t\t\t\t\t<\/div>\n\t\t\t\t\t<\/div>\n\t\t\t\t<\/div>\n\t\t\t\t\t<\/div>\n\t\t\t\t<\/div>\n\t\t<div class=\"elementor-element elementor-element-cp2b1a3dae e-flex e-con-boxed e-con e-parent\" data-id=\"cp2b1a3dae\" data-element_type=\"container\" data-e-type=\"container\">\n\t\t\t\t\t<div class=\"e-con-inner\">\n\t\t\t\t<div class=\"elementor-element elementor-element-cp282c06ff elementor-widget elementor-widget-heading\" data-id=\"cp282c06ff\" data-element_type=\"widget\" data-e-type=\"widget\" data-widget_type=\"heading.default\">\n\t\t\t\t\t<h2 class=\"elementor-heading-title elementor-size-default\">Dainat, \u00e4itijumaluudet ja balttilaisen maailmankuvan voimat<\/h2>\t\t\t\t<\/div>\n\t\t<div class=\"elementor-element elementor-element-cp228b4522 e-flex e-con-boxed e-con e-child\" data-id=\"cp228b4522\" data-element_type=\"container\" data-e-type=\"container\">\n\t\t\t\t\t<div class=\"e-con-inner\">\n\t\t\t\t<div class=\"elementor-element elementor-element-cp261454c5 elementor-widget elementor-widget-text-editor\" data-id=\"cp261454c5\" data-element_type=\"widget\" data-e-type=\"widget\" data-widget_type=\"text-editor.default\">\n\t\t\t\t\t\t\t\t\t<p>Baltialaisten kansojen tunnetuin uskonnollinen perint\u00f6 ovat dainat, lyhyet, useimmiten nelis\u00e4keiset kansanlaulut, jotka s\u00e4ilytt\u00e4v\u00e4t uskonnollisia k\u00e4sityksi\u00e4 tiiviiss\u00e4, kaavamaisessa kieless\u00e4. Ne kertovat sek\u00e4 kodin, pellon ja perheen arjesta ett\u00e4 jumaltaruston suurista hahmoista, ja niiden katsotaan s\u00e4ilyneen suhteellisen v\u00e4h\u00e4n kristinuskon muokkaamina.<\/p><p>Latvialainen kansantieteilij\u00e4 Kri\u0161j\u0101nis Barons ker\u00e4si vuosina 1894\u20131915 l\u00e4hes 218 000 dainaa ja j\u00e4rjesti ne kuuteen osaan; h\u00e4nen j\u00e4rjestelm\u00e4ns\u00e4 on edelleen latvialaisen kansanlauluntutkimuksen perusta. Koko latvialaisen aineiston, my\u00f6hemm\u00e4t kokoelmat mukaan lukien, arvioidaan k\u00e4sitt\u00e4v\u00e4n yli miljoona teksti\u00e4, ja Liettuassa on olemassa vastaavan laajuisia kokoelmia.<\/p><p>Baltialaiseen maailmankuvaan kuuluu et\u00e4inen taivaanjumala, Dievas tai Dievs, keskeinen ukkosenjumala, Perk\u016bnas tai P\u0113rkons, sek\u00e4 kohtalon, auringon ja maan jumaluuksia, kuten Laima, Saul\u0117 ja Latviassa M\u0101ra. Latviassa esiintyy lis\u00e4ksi laaja, noin seitsem\u00e4nkymment\u00e4 \u00e4iti-jumaluutta k\u00e4sitt\u00e4v\u00e4 j\u00e4rjestelm\u00e4, joiden vastuualueena on maiseman ja el\u00e4m\u00e4n eri osa-alueet, mets\u00e4n \u00e4idist\u00e4 <a href=\"https:\/\/iwell-guard.com\/fi\/meza-mate\/\">Me\u017ea m\u0101te<\/a> tulen \u00e4itiin Uguns m\u0101te ja meren \u00e4itiin J\u016bras m\u0101te.<\/p><p>Kodilla ja pihapiirill\u00e4 on omat suojelusvoimansa: tulenjumalatar <a href=\"https:\/\/iwell-guard.com\/fi\/gabija\/\">Gabija<\/a>, talok\u00e4\u00e4rme <a href=\"https:\/\/iwell-guard.com\/fi\/zaltys\/\">Zaltys<\/a> sek\u00e4 kaksijakoiset kotihenget, kuten <a href=\"https:\/\/iwell-guard.com\/fi\/kaukas\/\">Kaukas<\/a> ja tulinen <a href=\"https:\/\/iwell-guard.com\/fi\/aitvaras\/\">Aitvaras<\/a>, jotka tuovat vaurautta mutta my\u00f6s onnettomuutta, jos niit\u00e4 laiminly\u00f6d\u00e4\u00e4n. Yksitt\u00e4isi\u00e4 luonnon osa-alueita edustavat muut hahmot, kuten liettualainen tuulenjumala <a href=\"https:\/\/iwell-guard.com\/fi\/vejopatis\/\">V\u0117jopatis<\/a>, latvialainen kotihenki <a href=\"https:\/\/iwell-guard.com\/fi\/majas-gars\/\">M\u0101jas gars<\/a> ja uuden ajan alun l\u00e4hteiss\u00e4 mainittu jumaluus <a href=\"https:\/\/iwell-guard.com\/fi\/jagaubis\/\">Jagaubis<\/a>.<\/p><p>T\u00e4m\u00e4n jumaltaruston tarkasta rakenteesta ei tutkimuksessa vallitse t\u00e4ytt\u00e4 yksimielisyytt\u00e4, sill\u00e4 varhaiset kirjalliset l\u00e4hteet ovat kristittyjen kronikoitsijoiden ja l\u00e4hetyssaarnaajien k\u00e4sialaa, ja my\u00f6hempi kansanlaulukeruu alkoi vasta 1800-luvulla. Marija Gimbutas, Algirdas Julien Greimas ja Haralds Biezais ovat esitt\u00e4neet t\u00e4st\u00e4 aineistosta erilaisia, osin kesken\u00e4\u00e4n kilpailevia tulkintoja.<\/p>\t\t\t\t\t\t\t\t<\/div>\n\t\t\t\t\t<\/div>\n\t\t\t\t<\/div>\n\t\t\t\t\t<\/div>\n\t\t\t\t<\/div>\n\t\t<div class=\"elementor-element elementor-element-cp295547c2 e-flex e-con-boxed e-con e-parent\" data-id=\"cp295547c2\" data-element_type=\"container\" data-e-type=\"container\">\n\t\t\t\t\t<div class=\"e-con-inner\">\n\t\t\t\t<div class=\"elementor-element elementor-element-cp28944fb0 elementor-widget elementor-widget-heading\" data-id=\"cp28944fb0\" data-element_type=\"widget\" data-e-type=\"widget\" data-widget_type=\"heading.default\">\n\t\t\t\t\t<h2 class=\"elementor-heading-title elementor-size-default\">L\u00e4hteet: kronikat, l\u00e4hetysraportit ja kansanlaulukokoelmat<\/h2>\t\t\t\t<\/div>\n\t\t<div class=\"elementor-element elementor-element-cp23d59da4 e-flex e-con-boxed e-con e-child\" data-id=\"cp23d59da4\" data-element_type=\"container\" data-e-type=\"container\">\n\t\t\t\t\t<div class=\"e-con-inner\">\n\t\t\t\t<div class=\"elementor-element elementor-element-cp2ce157b6 elementor-widget elementor-widget-text-editor\" data-id=\"cp2ce157b6\" data-element_type=\"widget\" data-e-type=\"widget\" data-widget_type=\"text-editor.default\">\n\t\t\t\t\t\t\t\t\t<p>Varhaisin kirjallinen <span class=\"iwg-fachbegriff\" data-tooltip=\"Tiedon ja kertomusten v\u00e4litt\u00e4mist\u00e4 sukupolvelta toiselle.\" tabindex=\"0\">perim\u00e4tieto<\/span> baltialaisesta uskonnosta on per\u00e4isin ulkopuolelta, ennen kaikkea kristittyjen kronikoitsijoiden ja l\u00e4hetyssaarnaajien kirjoituksista, jotka liittyv\u00e4t Saksalaisen ritarikunnan ja Miekkaveljien ritarikunnan risti\u00adretkiin Baltiassa. Varhaisimpiin l\u00e4hteisiin kuuluvat Henrikin Liivinmaan kronikka vuosilta 1225\u20131227 sek\u00e4 Liivinmaan riimikronikka.<\/p><p>1300-luvulla ritarikunnan kronikoitsija Peter von Dusburg (1326) kertoi preussilaisten tavoista, ja 1500-luvulla seurasivat Simon Grunausin kiistanalaiset muistiinpanot (1519\u20131529). Yhdeksi t\u00e4rkeimmist\u00e4 uuden ajan alun l\u00e4hteist\u00e4 pidet\u00e4\u00e4n puolalaisen oppineen Jan \u0141asickin vuonna 1615 painettua teosta De diis Samagitarum, jossa luetellaan lukuisia Liettuan ja \u017demaitijan jumaluuksia ja rituaaleja, mukaan lukien maininnat jumaluudesta nimelt\u00e4 <a href=\"https:\/\/iwell-guard.com\/fi\/jagaubis\/\">Jagaubis<\/a>, jonka tarkka vastuualue ei ole l\u00e4hteiss\u00e4 yhten\u00e4isesti kuvattu.<\/p><p>N\u00e4m\u00e4 varhaiset tekstit ovat sis\u00e4ll\u00f6lt\u00e4\u00e4n runsaita, mutta l\u00e4peens\u00e4 puolueellisia, sill\u00e4 niiden tarkoituksena oli enimm\u00e4kseen oikeuttaa l\u00e4hetysty\u00f6 tai torjua <span class=\"iwg-fachbegriff\" data-tooltip=\"Kristillisest\u00e4 n\u00e4k\u00f6kulmasta: esikristilliseen tai ei-kristilliseen uskontoon kuuluva.\" tabindex=\"0\">pakanallisiksi<\/span> pidettyj\u00e4 tapoja, ei kuvata niit\u00e4 neutraalisti.<\/p><p>Toisen, nuoremman l\u00e4hderyhm\u00e4n muodostavat 1800- ja 1900-luvun alussa ker\u00e4tyt dainat, sadut ja paikannimet. Latvialainen juristi Kri\u0161j\u0101nis Barons ja my\u00f6hemmin muun muassa liettualainen tutkija Jonas Balys kokosivat n\u00e4in laajan, p\u00e4\u00e4osin suullisesti muotoutuneen aineiston, joka on huomattavasti v\u00e4hemm\u00e4n kristillisen tulkinta-aikomuksen muovaama kuin aiemmat kronikat.<\/p><p>1900-luvulla mukaan tulivat systemaattiset tieteelliset analyysit, esimerkiksi Marija Gimbutasin, joka yhdisti arkeologisia ja kielellisi\u00e4 havaintoja, Algirdas Julien Greimasin, joka analysoi myytit strukturalistisesti, ja Haralds Biezaisin, joka Ruotsin maanpaossa tutki ennen kaikkea latvialaista aineistoa ja tarkasteli kriittisesti \u00e4itivaltateorioita. Norbertas V\u0117lius loi monosaisella l\u00e4hdekokoelmallaan t\u00e4rke\u00e4n perustan jatkotutkimukselle.<\/p><p>Tutkijat korostavat yleisesti, ett\u00e4 baltialaisen uskonnon l\u00e4hdetilanne on ep\u00e4yhten\u00e4inen ja vuosisatojen ajalle hajautunut, mink\u00e4 vuoksi kaikkien kokonaisesitysten on elett\u00e4v\u00e4 huomattavan ep\u00e4varmuuden ja alueellisten aukkojen kanssa.<\/p>\t\t\t\t\t\t\t\t<\/div>\n\t\t\t\t\t<\/div>\n\t\t\t\t<\/div>\n\t\t\t\t\t<\/div>\n\t\t\t\t<\/div>\n\t\t<div class=\"elementor-element elementor-element-cp2c009332 e-flex e-con-boxed e-con e-parent\" data-id=\"cp2c009332\" data-element_type=\"container\" data-e-type=\"container\">\n\t\t\t\t\t<div class=\"e-con-inner\">\n\t\t\t\t<div class=\"elementor-element elementor-element-cp225c94da elementor-widget elementor-widget-heading\" data-id=\"cp225c94da\" data-element_type=\"widget\" data-e-type=\"widget\" data-widget_type=\"heading.default\">\n\t\t\t\t\t<h2 class=\"elementor-heading-title elementor-size-default\">Pakkol\u00e4hetysty\u00f6, sortaminen ja nykyinen uudelleenomaksuminen<\/h2>\t\t\t\t<\/div>\n\t\t<div class=\"elementor-element elementor-element-cp2c7191ab e-flex e-con-boxed e-con e-child\" data-id=\"cp2c7191ab\" data-element_type=\"container\" data-e-type=\"container\">\n\t\t\t\t\t<div class=\"e-con-inner\">\n\t\t\t\t<div class=\"elementor-element elementor-element-cp23f4061d elementor-widget elementor-widget-text-editor\" data-id=\"cp23f4061d\" data-element_type=\"widget\" data-e-type=\"widget\" data-widget_type=\"text-editor.default\">\n\t\t\t\t\t\t\t\t\t<p>Baltien kristillist\u00e4minen oli pitk\u00e4 ja osin v\u00e4kivaltainen prosessi. Saksalainen ritarikunta ja Miekkaveljien ritarikunta l\u00e4hetysty\u00f6 kohdistui 1200-luvulta alkaen preussilaisiin sek\u00e4 Latvian ja Viron asukkaisiin sotilaallisella painostuksella, mik\u00e4 aiheutti huomattavia ihmishenkien ja itsen\u00e4isen kulttuurin menetyksi\u00e4. Preussilaisten kieli sammui 1600-luvulla.<\/p><p>Liettua itsen\u00e4isen\u00e4 suuriruhtinaskuntana omaksui kristinuskon vuonna 1387 suuriruhtinas Jogailan johdolla poliittisista syist\u00e4, sinet\u00f6id\u00e4kseen liiton Puolan kanssa ja riist\u00e4\u00e4kseen perustan Saksalaisen ritarikunnan ristiretkilt\u00e4. \u017demaitijan alue (Ala-Liettua) seurasi vasta vuonna 1413, ritarikunnan k\u00e4rsitty\u00e4 tappion Tannenbergiss\u00e4 vuonna 1410. Yksitt\u00e4isi\u00e4 mainintoja jatkuvista uhrimenoista tulelle, puille, k\u00e4\u00e4rmeille ja muille pyhille kohteille on aina 1700-luvulle asti.<\/p><p>1800- ja 1900-luvuilla uskonnollinen paine yhdistyi kielelliseen ja kulttuuriseen painostukseen: tsaarivallan ja my\u00f6hemmin neuvostovallan alaisuudessa liettuan ja latvian kielt\u00e4 ja kulttuuria rajoitettiin ajoittain voimakkaasti.<\/p><p>1900-luvun lopulta l\u00e4htien, erityisesti Liettuan ja Latvian itsen\u00e4isyyden palauttamisen j\u00e4lkeen vuosina 1990 ja 1991, on havaittavissa uutta kiinnostusta esikristillist\u00e4 <span class=\"iwg-fachbegriff\" data-tooltip=\"Tiedon ja tarinoiden v\u00e4litt\u00e4mist\u00e4 sukupolvelta toiselle.\" tabindex=\"0\">perinnett\u00e4<\/span> kohtaan. T\u00e4m\u00e4 n\u00e4kyy Liettuan uuspaganistisessa Romuva-liikkeess\u00e4, joka l\u00e4p\u00e4isi vuonna 2015 virallisen tunnustamismenettelyn, sek\u00e4 Latvian Dievtur\u012bba-liikkeess\u00e4, joka syntyi jo maailmansotien v\u00e4lisen\u00e4 aikana.<\/p><p>Kiinnostus n\u00e4kyy my\u00f6s dainojen vaalimisessa, kansanlaulujuhlissa, jotka kuuluvat Unescon aineettoman kulttuuriperinn\u00f6n luetteloon, sek\u00e4 kasvavassa akateemisessa ja taiteellisessa kiinnostuksessa esikristillisiin aiheisiin.<\/p><p>Laajasta vanhan uskonnon elpymisest\u00e4 eletyksi enemmist\u00f6n k\u00e4yt\u00e4nn\u00f6ksi ei kuitenkaan voida puhua. Suurin osa liettualaisista ja latvialaisista on tunnustuksellisesti kristittyj\u00e4, ja esikristillisen menneisyyden k\u00e4sittely on ennen kaikkea kulttuurisen itseymm\u00e4rryksen ja historiallisen k\u00e4sittelyn muotoa.<\/p>\t\t\t\t\t\t\t\t<\/div>\n\t\t\t\t\t<\/div>\n\t\t\t\t<\/div>\n\t\t\t\t\t<\/div>\n\t\t\t\t<\/div>\n\t\t<div class=\"elementor-element elementor-element-iwgha-sami-sec e-flex e-con-boxed e-con e-parent\" data-id=\"iwgha-sami-sec\" data-element_type=\"container\" data-e-type=\"container\">\n\t\t\t\t\t<div class=\"e-con-inner\">\n\t\t\t\t<div class=\"elementor-element elementor-element-iwgha-sami-h elementor-widget elementor-widget-heading\" data-id=\"iwgha-sami-h\" data-element_type=\"widget\" data-e-type=\"widget\" data-widget_type=\"heading.default\">\n\t\t\t\t\t<h2 class=\"elementor-heading-title elementor-size-default\">T\u00e4m\u00e4n perinteen olennot (9)<\/h2>\t\t\t\t<\/div>\n\t\t<div class=\"elementor-element elementor-element-iwgha-sami-gc e-flex e-con-boxed e-con e-parent\" data-id=\"iwgha-sami-gc\" data-element_type=\"container\" data-e-type=\"container\">\n\t\t\t\t\t<div class=\"e-con-inner\">\n\t\t\t\t<div class=\"elementor-element elementor-element-iwgha-sami-grid elementor-widget elementor-widget-text-editor\" data-id=\"iwgha-sami-grid\" data-element_type=\"widget\" data-e-type=\"widget\" data-widget_type=\"text-editor.default\">\n\t\t\t\t\t\t\t\t\t<div class=\"iwg-wesen-grid\"><a class=\"iwg-wesen-card\" href=\"https:\/\/iwell-guard.com\/fi\/meza-mate\/\" aria-label=\"Me\u017ea m\u0101te\"><div class=\"iwg-wesen-card-imgwrap\"><img decoding=\"async\" src=\"https:\/\/iwell-guard.com\/wp-content\/uploads\/2026\/07\/goetter_baltikum_meza-mate-200x300.webp\" alt=\"Me\u017ea m\u0101te\" loading=\"lazy\"><\/div><div class=\"iwg-wesen-card-body\"><div class=\"iwg-wesen-card-name\">Me\u017ea m\u0101te<\/div><div class=\"iwg-wesen-card-arrow\">\u2192 Olennon sivulle<\/div><\/div><\/a><a class=\"iwg-wesen-card\" href=\"https:\/\/iwell-guard.com\/fi\/medeina\/\" aria-label=\"Medeina\"><div class=\"iwg-wesen-card-imgwrap\"><img decoding=\"async\" src=\"https:\/\/iwell-guard.com\/wp-content\/uploads\/2026\/07\/goetter_baltikum_medeina-200x300.webp\" alt=\"Medeina\" loading=\"lazy\"><\/div><div class=\"iwg-wesen-card-body\"><div class=\"iwg-wesen-card-name\">Medeina<\/div><div class=\"iwg-wesen-card-arrow\">\u2192 Olennon sivulle<\/div><\/div><\/a><a class=\"iwg-wesen-card\" href=\"https:\/\/iwell-guard.com\/fi\/jagaubis\/\" aria-label=\"Jagaubis\"><div class=\"iwg-wesen-card-imgwrap\"><img decoding=\"async\" src=\"https:\/\/iwell-guard.com\/wp-content\/uploads\/2026\/07\/geister_baltisch_jagaubis-200x300.webp\" alt=\"Jagaubis\" loading=\"lazy\"><\/div><div class=\"iwg-wesen-card-body\"><div class=\"iwg-wesen-card-name\">Jagaubis<\/div><div class=\"iwg-wesen-card-arrow\">\u2192 Olennon sivulle<\/div><\/div><\/a><a class=\"iwg-wesen-card\" href=\"https:\/\/iwell-guard.com\/fi\/gabija\/\" aria-label=\"Gabija\"><div class=\"iwg-wesen-card-imgwrap\"><img decoding=\"async\" src=\"https:\/\/iwell-guard.com\/wp-content\/uploads\/2026\/07\/goetter_baltisch_gabija-200x300.webp\" alt=\"Gabija\" loading=\"lazy\"><\/div><div class=\"iwg-wesen-card-body\"><div class=\"iwg-wesen-card-name\">Gabija<\/div><div class=\"iwg-wesen-card-arrow\">\u2192 Olennon sivulle<\/div><\/div><\/a><a class=\"iwg-wesen-card\" href=\"https:\/\/iwell-guard.com\/fi\/vejopatis\/\" aria-label=\"Vejopatis\"><div class=\"iwg-wesen-card-imgwrap\"><img decoding=\"async\" src=\"https:\/\/iwell-guard.com\/wp-content\/uploads\/2026\/07\/goetter_baltisch_vejopatis-200x300.webp\" alt=\"Vejopatis\" loading=\"lazy\"><\/div><div class=\"iwg-wesen-card-body\"><div class=\"iwg-wesen-card-name\">Vejopatis<\/div><div class=\"iwg-wesen-card-arrow\">\u2192 Olennon sivulle<\/div><\/div><\/a><a class=\"iwg-wesen-card\" href=\"https:\/\/iwell-guard.com\/fi\/zaltys\/\" aria-label=\"\u017daltys\"><div class=\"iwg-wesen-card-imgwrap\"><img decoding=\"async\" src=\"https:\/\/iwell-guard.com\/wp-content\/uploads\/2026\/07\/geister_baltisch_zaltys-200x300.webp\" alt=\"\u017daltys\" loading=\"lazy\"><\/div><div class=\"iwg-wesen-card-body\"><div class=\"iwg-wesen-card-name\">\u017daltys<\/div><div class=\"iwg-wesen-card-arrow\">\u2192 Olennon sivulle<\/div><\/div><\/a><a class=\"iwg-wesen-card\" href=\"https:\/\/iwell-guard.com\/fi\/majas-gars\/\" aria-label=\"M\u0101jas gars\"><div class=\"iwg-wesen-card-imgwrap\"><img decoding=\"async\" src=\"https:\/\/iwell-guard.com\/wp-content\/uploads\/2026\/07\/geister_baltisch_majas-gars-200x300.webp\" alt=\"M\u0101jas gars\" loading=\"lazy\"><\/div><div class=\"iwg-wesen-card-body\"><div class=\"iwg-wesen-card-name\">M\u0101jas gars<\/div><div class=\"iwg-wesen-card-arrow\">\u2192 Olennon sivulle<\/div><\/div><\/a><a class=\"iwg-wesen-card\" href=\"https:\/\/iwell-guard.com\/fi\/kaukas\/\" aria-label=\"Kaukas\"><div class=\"iwg-wesen-card-imgwrap\"><img decoding=\"async\" src=\"https:\/\/iwell-guard.com\/wp-content\/uploads\/2026\/07\/geister_baltisch_kaukas-200x300.webp\" alt=\"Kaukas\" loading=\"lazy\"><\/div><div class=\"iwg-wesen-card-body\"><div class=\"iwg-wesen-card-name\">Kaukas<\/div><div class=\"iwg-wesen-card-arrow\">\u2192 Olennon sivulle<\/div><\/div><\/a><a class=\"iwg-wesen-card\" href=\"https:\/\/iwell-guard.com\/fi\/aitvaras\/\" aria-label=\"Aitvaras\"><div class=\"iwg-wesen-card-imgwrap\"><img decoding=\"async\" src=\"https:\/\/iwell-guard.com\/wp-content\/uploads\/2026\/07\/geister_baltisch_aitvaras-200x300.webp\" alt=\"Aitvaras\" loading=\"lazy\"><\/div><div class=\"iwg-wesen-card-body\"><div class=\"iwg-wesen-card-name\">Aitvaras<\/div><div class=\"iwg-wesen-card-arrow\">\u2192 Olennon sivulle<\/div><\/div><\/a><\/div>\t\t\t\t\t\t\t\t<\/div>\n\t\t\t\t\t<\/div>\n\t\t\t\t<\/div>\n\t\t\t\t\t<\/div>\n\t\t\t\t<\/div>\n\t\t<div class=\"elementor-element elementor-element-iwgkw2-add-sami e-flex e-con-boxed e-con e-parent\" data-id=\"iwgkw2-add-sami\" data-element_type=\"container\" data-e-type=\"container\">\n\t\t\t\t\t<div class=\"e-con-inner\">\n\t\t\t\t<div class=\"elementor-element elementor-element-iwgkw2-add-sami-t elementor-widget elementor-widget-text-editor\" data-id=\"iwgkw2-add-sami-t\" data-element_type=\"widget\" data-e-type=\"widget\" data-widget_type=\"text-editor.default\">\n\t\t\t\t\t\t\t\t\t<p>Liettualais-latvialainen <em>Gabijan tulikultti<\/em> yhdist\u00e4\u00e4 liett\u00e4, uhrilahjat ja puhtauss\u00e4\u00e4nn\u00f6t omaksi suojausk\u00e4yt\u00e4nn\u00f6kseen kodille ja perheelle, kun taas <em>kotik\u00e4\u00e4rme Zaltys<\/em> toimi el\u00e4v\u00e4n\u00e4 suojael\u00e4imen\u00e4 talon ja karjan hyvinvoinnin ja turvallisuuden takaajana.<\/p>\t\t\t\t\t\t\t\t<\/div>\n\t\t\t\t\t<\/div>\n\t\t\t\t<\/div>\n\t\t<div class=\"elementor-element elementor-element-iwgcn-sami-kwd e-flex e-con-boxed e-con e-parent\" data-id=\"iwgcn-sami-kwd\" data-element_type=\"container\" data-e-type=\"container\">\n\t\t\t\t\t<div class=\"e-con-inner\">\n\t\t<div class=\"elementor-element elementor-element-iwgcn-sami-kwd-c e-con-full e-flex e-con e-child\" data-id=\"iwgcn-sami-kwd-c\" data-element_type=\"container\" data-e-type=\"container\">\n\t\t\t\t<div class=\"elementor-element elementor-element-iwgcn-sami-kwdt elementor-widget elementor-widget-text-editor\" data-id=\"iwgcn-sami-kwdt\" data-element_type=\"widget\" data-e-type=\"widget\" data-widget_type=\"text-editor.default\">\n\t\t\t\t\t\t\t\t\t<p><em>Aiheeseen liittyv\u00e4t avainsanat: Perk\u016bnas P\u0113rkons Dievas Dievs Laima Saul\u0117 Gabija Zaltys Dainas Liettua Latvia.<\/em><\/p>\t\t\t\t\t\t\t\t<\/div>\n\t\t\t\t<\/div>\n\t\t\t\t\t<\/div>\n\t\t\t\t<\/div>\n\t\t<div class=\"elementor-element elementor-element-iwgcn-sami-cc e-flex e-con-boxed e-con e-parent\" data-id=\"iwgcn-sami-cc\" data-element_type=\"container\" data-e-type=\"container\" id=\"iwg-cc-sami\">\n\t\t\t\t\t<div class=\"e-con-inner\">\n\t\t<div class=\"elementor-element elementor-element-iwgcn-sami-ccinner e-flex e-con-boxed e-con e-parent\" data-id=\"iwgcn-sami-ccinner\" data-element_type=\"container\" data-e-type=\"container\" data-settings=\"{&quot;background_background&quot;:&quot;classic&quot;}\">\n\t\t\t\t\t<div class=\"e-con-inner\">\n\t\t\t\t<div class=\"elementor-element elementor-element-iwgcn-sami-cch elementor-widget elementor-widget-heading\" data-id=\"iwgcn-sami-cch\" data-element_type=\"widget\" data-e-type=\"widget\" data-widget_type=\"heading.default\">\n\t\t\t\t\t<h2 class=\"elementor-heading-title elementor-size-default\">Suojaesineet t\u00e4ss\u00e4 kulttuuriperinteess\u00e4<\/h2>\t\t\t\t<\/div>\n\t\t\t\t<div class=\"elementor-element elementor-element-iwgcn-sami-cct elementor-widget elementor-widget-text-editor\" data-id=\"iwgcn-sami-cct\" data-element_type=\"widget\" data-e-type=\"widget\" data-widget_type=\"text-editor.default\">\n\t\t\t\t\t\t\t\t\t<p>Baltialaisessa perinteess\u00e4 tunnetaan Gabijan huolellisesti vaalittu liesituli, maidolla ruokittu kotik\u00e4\u00e4rme Zaltys el\u00e4v\u00e4n\u00e4 suojael\u00e4imen\u00e4 sek\u00e4 ristiriitaiset kotihenget kuten Kaukas ja tulinen Aitvaras, jotka tuovat vaurautta mutta laiminly\u00f6tyin\u00e4 my\u00f6s onnettomuutta; kannettavia amuletteja on l\u00e4hteiss\u00e4 todistettu harvemmin kuin n\u00e4it\u00e4 talo- ja pihapiiriin sidottuja suojauksen muotoja, verrattavissa l\u00e4hinn\u00e4 muiden kulttuurien <a href=\"https:\/\/iwell-guard.com\/fi\/rauta-ja-kylma-rauta\/\">rautaan<\/a> tai <a href=\"https:\/\/iwell-guard.com\/fi\/suojapussi-ja-breverl\/\">suojapusseihin<\/a>. Yleiskatsauksen eri perinteiden suojaesineisiin tarjoaa <a href=\"https:\/\/iwell-guard.com\/fi\/suoja-kompassi\/\">Suojakompassi<\/a>.<\/p><div data-nosnippet=\"true\"><p>iWell Guard asettuu t\u00e4h\u00e4n kannettavien suojaesineiden kulttuurihistorialliseen jatkumoon nykyaikaisella materiaalirakenteella, valmistettuna Saksassa. 41 tasoa, aitoa kultaa, platinaa, hopeaa. 30 p\u00e4iv\u00e4n palautusoikeus.<\/p><\/div>\t\t\t\t\t\t\t\t<\/div>\n\t\t\t\t<div class=\"elementor-element elementor-element-iwgcn-sami-ccb iwg-cc-button iwg-cc-cta-2026-05-13 elementor-widget elementor-widget-jet-button\" data-id=\"iwgcn-sami-ccb\" data-element_type=\"widget\" data-e-type=\"widget\" data-widget_type=\"jet-button.default\">\n\t\t\t\t<div class=\"elementor-widget-container\">\n\t\t\t\t\t<div class=\"elementor-jet-button jet-elements\"><div class=\"jet-button__container\"><a class=\"jet-button__instance jet-button__instance--icon-left hover-effect-1\" href=\"\/ueber-iwell-guard\/?utm_source=iwell-guard.com&amp;utm_medium=info-box&amp;utm_campaign=kultur-tradition\"><div class=\"jet-button__plane jet-button__plane-normal\"><\/div><div class=\"jet-button__plane jet-button__plane-hover\"><\/div><div class=\"jet-button__state jet-button__state-normal\"><span class=\"jet-button__label\">Lis\u00e4\u00e4 iWell Guardista<\/span><\/div><div class=\"jet-button__state jet-button__state-hover\"><span class=\"jet-button__label\">Lis\u00e4\u00e4 iWell Guardista<\/span><\/div><\/a><\/div><\/div><style>.elementor-element.elementor-element-iwgcn-sami-ccb .jet-button__instance{width:320px;height:56px;}.elementor-element.elementor-element-iwgcn-sami-ccb .jet-button__state-normal .jet-button__label{text-align:center;margin:0px 0px 0px 0px;color:#1a1b20;font-family:Montserrat,sans-serif;font-size:13px;font-weight:400;letter-spacing:4px;line-height:1.714em;text-transform:uppercase;}.elementor-element.elementor-element-iwgcn-sami-ccb .jet-button__state-hover .jet-button__label{text-align:center;margin:0px 0px 0px 0px;color:#FECC76;font-family:Montserrat,sans-serif;font-size:13px;font-weight:400;letter-spacing:4px;line-height:1.714em;text-transform:uppercase;}.elementor-element.elementor-element-iwgcn-sami-ccb .jet-button__plane-normal{background-color:#FECC76;border-style:solid;border-color:#C99540;border-width:2px 2px 2px 2px;}.elementor-element.elementor-element-iwgcn-sami-ccb .jet-button__plane-hover{background-color:rgba(0,0,0,0.55);border-style:solid;border-color:#FECC76;border-width:2px 2px 2px 2px;}<\/style>\t\t\t\t<\/div>\n\t\t\t\t<\/div>\n\t\t\t\t<div class=\"elementor-element elementor-element-iwgcn-sami-ccd elementor-widget elementor-widget-text-editor\" data-id=\"iwgcn-sami-ccd\" data-element_type=\"widget\" data-e-type=\"widget\" data-widget_type=\"text-editor.default\">\n\t\t\t\t\t\t\t\t\t<div data-nosnippet=\"true\"><p style=\"text-align:center;font-size:13px;opacity:0.7;margin-top:14px\" data-nosnippet=\"true\">Henkil\u00f6kohtaiset kokemukset voivat vaihdella. Ei l\u00e4\u00e4kinn\u00e4llinen laite. Ei paranemislupausta.<\/p><\/div>\t\t\t\t\t\t\t\t<\/div>\n\t\t\t\t\t<\/div>\n\t\t\t\t<\/div>\n\t\t\t\t\t<\/div>\n\t\t\t\t<\/div>\n\t\t<div class=\"elementor-element elementor-element-iwgcn-sami-disc e-flex e-con-boxed e-con e-parent\" data-id=\"iwgcn-sami-disc\" data-element_type=\"container\" data-e-type=\"container\">\n\t\t\t\t\t<div class=\"e-con-inner\">\n\t\t\t\t<div class=\"elementor-element elementor-element-iwgcn-sami-discw elementor-widget elementor-widget-html\" data-id=\"iwgcn-sami-discw\" data-element_type=\"widget\" data-e-type=\"widget\" data-widget_type=\"html.default\">\n\t\t\t\t\t<footer data-nosnippet=\"true\" class=\"iwg-disclaimer-block\"><p data-nosnippet=\"true\">iWell Guard <strong>ei ole l\u00e4\u00e4kinn\u00e4llinen laite<\/strong>, eik\u00e4 se korvaa l\u00e4\u00e4k\u00e4rin tai psykoterapeutin hoitoa. Uskontotieteelliset sis\u00e4ll\u00f6t ovat kulttuurihistoriallista tarkastelua, ei suositus hengelliseen k\u00e4yt\u00e4nt\u00f6\u00f6n.<\/p><\/footer>\t\t\t\t<\/div>\n\t\t\t\t\t<\/div>\n\t\t\t\t<\/div>\n\t\t\t\t<\/div>\n\t\t","protected":false},"excerpt":{"rendered":"","protected":false},"author":3,"featured_media":20404,"parent":0,"menu_order":0,"comment_status":"closed","ping_status":"closed","template":"elementor_header_footer","meta":{"_yoast_wpseo_focuskw":"baltialainen mytologia","_yoast_wpseo_title":"Baltialainen mytologia: Liettuan ja Latvian jumalat","_yoast_wpseo_metadesc":"Perk\u016bnas, Gabija ja talon suojelusk\u00e4\u00e4rme Zaltys: Liettuan ja Latvian baltialainen mytologia uskontotieteellisesti perustellusti selitettyn\u00e4.","_yoast_wpseo_meta-robots-noindex":"","_yoast_wpseo_canonical":"","_angie_page":false,"gefaehrdungsstufe":"","wesen_kultur":"","wesen_klasse":"","footnotes":""},"categories":[],"class_list":["post-145091","page","type-page","status-publish","has-post-thumbnail","hentry"],"yoast_head":"<!-- This site is optimized with the Yoast SEO Premium plugin v27.7 (Yoast SEO v28.3) - https:\/\/yoast.com\/product\/yoast-seo-premium-wordpress\/ -->\n<title>Baltialainen mytologia: Liettuan ja Latvian jumalat<\/title>\n<meta name=\"description\" content=\"Perk\u016bnas, Gabija ja talon suojelusk\u00e4\u00e4rme Zaltys: Liettuan ja Latvian baltialainen mytologia uskontotieteellisesti perustellusti selitettyn\u00e4.\" \/>\n<meta name=\"robots\" content=\"index, follow, max-snippet:-1, max-image-preview:large, max-video-preview:-1\" \/>\n<link rel=\"canonical\" href=\"https:\/\/iwell-guard.com\/fi\/baltialainen-mytologia\/\" \/>\n<meta property=\"og:locale\" content=\"fi_FI\" \/>\n<meta property=\"og:type\" content=\"article\" \/>\n<meta property=\"og:title\" content=\"Baltialainen mytologia\" \/>\n<meta property=\"og:description\" content=\"Perk\u016bnas, Gabija ja talon suojelusk\u00e4\u00e4rme Zaltys: Liettuan ja Latvian baltialainen mytologia uskontotieteellisesti perustellusti selitettyn\u00e4.\" \/>\n<meta property=\"og:url\" content=\"https:\/\/iwell-guard.com\/fi\/baltialainen-mytologia\/\" \/>\n<meta property=\"og:site_name\" content=\"iWell Guard\" \/>\n<meta property=\"article:modified_time\" content=\"2026-09-03T13:16:27+00:00\" \/>\n<meta property=\"og:image\" content=\"https:\/\/iwell-guard.com\/wp-content\/uploads\/2026\/07\/goetter_baltikum_medeina.webp\" \/>\n\t<meta property=\"og:image:width\" content=\"1024\" \/>\n\t<meta property=\"og:image:height\" content=\"1536\" \/>\n\t<meta property=\"og:image:type\" content=\"image\/webp\" \/>\n<meta name=\"twitter:card\" content=\"summary_large_image\" \/>\n<script type=\"application\/ld+json\" class=\"yoast-schema-graph\">{\"@context\":\"https:\\\/\\\/schema.org\",\"@graph\":[{\"@type\":\"WebPage\",\"@id\":\"https:\\\/\\\/iwell-guard.com\\\/fi\\\/baltialainen-mytologia\\\/\",\"url\":\"https:\\\/\\\/iwell-guard.com\\\/fi\\\/baltialainen-mytologia\\\/\",\"name\":\"Baltialainen mytologia: Liettuan ja Latvian jumalat\",\"isPartOf\":{\"@id\":\"https:\\\/\\\/iwell-guard.com\\\/fi\\\/#website\"},\"primaryImageOfPage\":{\"@id\":\"https:\\\/\\\/iwell-guard.com\\\/fi\\\/baltialainen-mytologia\\\/#primaryimage\"},\"image\":{\"@id\":\"https:\\\/\\\/iwell-guard.com\\\/fi\\\/baltialainen-mytologia\\\/#primaryimage\"},\"thumbnailUrl\":\"https:\\\/\\\/iwell-guard.com\\\/wp-content\\\/uploads\\\/2026\\\/07\\\/goetter_baltikum_medeina.webp\",\"datePublished\":\"2026-09-03T12:42:29+00:00\",\"dateModified\":\"2026-09-03T13:16:27+00:00\",\"description\":\"Perk\u016bnas, Gabija ja talon suojelusk\u00e4\u00e4rme Zaltys: Liettuan ja Latvian baltialainen mytologia uskontotieteellisesti perustellusti selitettyn\u00e4.\",\"breadcrumb\":{\"@id\":\"https:\\\/\\\/iwell-guard.com\\\/fi\\\/baltialainen-mytologia\\\/#breadcrumb\"},\"inLanguage\":\"fi\",\"potentialAction\":[{\"@type\":\"ReadAction\",\"target\":[\"https:\\\/\\\/iwell-guard.com\\\/fi\\\/baltialainen-mytologia\\\/\"]}]},{\"@type\":\"ImageObject\",\"inLanguage\":\"fi\",\"@id\":\"https:\\\/\\\/iwell-guard.com\\\/fi\\\/baltialainen-mytologia\\\/#primaryimage\",\"url\":\"https:\\\/\\\/iwell-guard.com\\\/wp-content\\\/uploads\\\/2026\\\/07\\\/goetter_baltikum_medeina.webp\",\"contentUrl\":\"https:\\\/\\\/iwell-guard.com\\\/wp-content\\\/uploads\\\/2026\\\/07\\\/goetter_baltikum_medeina.webp\",\"width\":1024,\"height\":1536,\"caption\":\"Medeina, baltisen perim\u00e4tiedon jumalatar\"},{\"@type\":\"BreadcrumbList\",\"@id\":\"https:\\\/\\\/iwell-guard.com\\\/fi\\\/baltialainen-mytologia\\\/#breadcrumb\",\"itemListElement\":[{\"@type\":\"ListItem\",\"position\":1,\"name\":\"Start\",\"item\":\"https:\\\/\\\/iwell-guard.com\\\/fi\\\/?page_id=143815\"},{\"@type\":\"ListItem\",\"position\":2,\"name\":\"Baltialainen mytologia\"}]},{\"@type\":\"WebSite\",\"@id\":\"https:\\\/\\\/iwell-guard.com\\\/fi\\\/#website\",\"url\":\"https:\\\/\\\/iwell-guard.com\\\/fi\\\/\",\"name\":\"iWell Guard\",\"description\":\"Schutz vor dunklen Einfl\u00fcssen\",\"publisher\":{\"@id\":\"https:\\\/\\\/iwell-guard.com\\\/fi\\\/#organization\"},\"potentialAction\":[{\"@type\":\"SearchAction\",\"target\":{\"@type\":\"EntryPoint\",\"urlTemplate\":\"https:\\\/\\\/iwell-guard.com\\\/fi\\\/?s={search_term_string}\"},\"query-input\":{\"@type\":\"PropertyValueSpecification\",\"valueRequired\":true,\"valueName\":\"search_term_string\"}}],\"inLanguage\":\"fi\"},{\"@type\":\"Organization\",\"@id\":\"https:\\\/\\\/iwell-guard.com\\\/fi\\\/#organization\",\"name\":\"Ittermann electronic GmbH\",\"url\":\"https:\\\/\\\/iwell-guard.com\\\/fi\\\/\",\"logo\":{\"@type\":\"ImageObject\",\"inLanguage\":\"fi\",\"@id\":\"https:\\\/\\\/iwell-guard.com\\\/fi\\\/#\\\/schema\\\/logo\\\/image\\\/\",\"url\":\"https:\\\/\\\/iwell-guard.com\\\/wp-content\\\/uploads\\\/2026\\\/05\\\/Ittermann-Logo-1182x237-1.png\",\"contentUrl\":\"https:\\\/\\\/iwell-guard.com\\\/wp-content\\\/uploads\\\/2026\\\/05\\\/Ittermann-Logo-1182x237-1.png\",\"width\":1182,\"height\":237,\"caption\":\"Ittermann electronic GmbH\"},\"image\":{\"@id\":\"https:\\\/\\\/iwell-guard.com\\\/fi\\\/#\\\/schema\\\/logo\\\/image\\\/\"},\"sameAs\":[\"https:\\\/\\\/pantip.com\\\/profile\\\/9367242\",\"https:\\\/\\\/micro.blog\\\/iwellguard\",\"https:\\\/\\\/www.diggerslist.com\\\/iwellguard\\\/about\",\"https:\\\/\\\/skitterphoto.com\\\/photographers\\\/2870314\\\/iwell-guard\",\"https:\\\/\\\/iwellguard.wordpress.com\\\/2026\\\/06\\\/06\\\/iwell-guard\\\/\",\"https:\\\/\\\/hub.docker.com\\\/u\\\/iwellguard\",\"https:\\\/\\\/www.pinterest.com\\\/iwellguard\\\/\",\"https:\\\/\\\/bit.ly\\\/m\\\/iwellguard\",\"https:\\\/\\\/entre-vos-mains.alsace.eu\\\/profiles\\\/iwellguard\\\/activity\",\"https:\\\/\\\/gravatar.com\\\/reallybeded8fd34\",\"https:\\\/\\\/naijamatta.com\\\/iwellguard\",\"https:\\\/\\\/www.goodreads.com\\\/iwellguard\",\"https:\\\/\\\/profile.hatena.ne.jp\\\/iwellguard\\\/\",\"https:\\\/\\\/experiment.com\\\/users\\\/iwellguard\",\"https:\\\/\\\/wakelet.com\\\/@iWellGuard82270\",\"https:\\\/\\\/www.chordie.com\\\/forum\\\/profile.php?id=2555664\",\"https:\\\/\\\/www.instapaper.com\\\/p\\\/17757966\",\"https:\\\/\\\/www.mapleprimes.com\\\/users\\\/iwellguard\",\"https:\\\/\\\/businesslistingplus.com\\\/profile\\\/iwell-guard\\\/\",\"https:\\\/\\\/telegra.ph\\\/iWell-Guard-06-06\",\"https:\\\/\\\/pbase.com\\\/iwellguard\\\/iwellguard\",\"https:\\\/\\\/b.hatena.ne.jp\\\/iwellguard\\\/20260607#bookmark-4788405196491818882\",\"https:\\\/\\\/fliphtml5.com\\\/home\\\/iwellguard\",\"https:\\\/\\\/anyflip.com\\\/homepage\\\/cmiwl#About\",\"https:\\\/\\\/transfur.com\\\/Users\\\/iwellguard\",\"http:\\\/\\\/delphi.larsbo.org\\\/user\\\/iwellguard\",\"https:\\\/\\\/jobs.lajobsportal.org\\\/profiles\\\/8380803-iwell-guard\",\"https:\\\/\\\/md.chaosdorf.de\\\/s\\\/jfbe5SBdJD\",\"https:\\\/\\\/www.lingvolive.com\\\/en-us\\\/profile\\\/9ecaeaca-ce11-4e51-9e71-01d55e2bff36\\\/translations\",\"https:\\\/\\\/www.fitday.com\\\/fitness\\\/forums\\\/members\\\/iwellguard.html\",\"https:\\\/\\\/www.mymeetbook.com\\\/iwellguard\",\"https:\\\/\\\/pxhere.com\\\/en\\\/photographer-me\\\/5040798\",\"https:\\\/\\\/disqus.com\\\/by\\\/iwellguard\\\/about\\\/\",\"https:\\\/\\\/pastelink.net\\\/hjwciqwq\",\"https:\\\/\\\/pubhtml5.com\\\/homepage\\\/scjhn\\\/\",\"https:\\\/\\\/www.bitchute.com\\\/channel\\\/2O2eOKzNqujT\",\"https:\\\/\\\/audiomack.com\\\/iwellguard\"]}]}<\/script>\n<!-- \/ Yoast SEO Premium plugin. -->","yoast_head_json":{"title":"Baltialainen mytologia: Liettuan ja Latvian jumalat","description":"Perk\u016bnas, Gabija ja talon suojelusk\u00e4\u00e4rme Zaltys: Liettuan ja Latvian baltialainen mytologia uskontotieteellisesti perustellusti selitettyn\u00e4.","robots":{"index":"index","follow":"follow","max-snippet":"max-snippet:-1","max-image-preview":"max-image-preview:large","max-video-preview":"max-video-preview:-1"},"canonical":"https:\/\/iwell-guard.com\/fi\/baltialainen-mytologia\/","og_locale":"fi_FI","og_type":"article","og_title":"Baltialainen mytologia","og_description":"Perk\u016bnas, Gabija ja talon suojelusk\u00e4\u00e4rme Zaltys: Liettuan ja Latvian baltialainen mytologia uskontotieteellisesti perustellusti selitettyn\u00e4.","og_url":"https:\/\/iwell-guard.com\/fi\/baltialainen-mytologia\/","og_site_name":"iWell Guard","article_modified_time":"2026-09-03T13:16:27+00:00","og_image":[{"width":1024,"height":1536,"url":"https:\/\/iwell-guard.com\/wp-content\/uploads\/2026\/07\/goetter_baltikum_medeina.webp","type":"image\/webp"}],"twitter_card":"summary_large_image","schema":{"@context":"https:\/\/schema.org","@graph":[{"@type":"WebPage","@id":"https:\/\/iwell-guard.com\/fi\/baltialainen-mytologia\/","url":"https:\/\/iwell-guard.com\/fi\/baltialainen-mytologia\/","name":"Baltialainen mytologia: Liettuan ja Latvian jumalat","isPartOf":{"@id":"https:\/\/iwell-guard.com\/fi\/#website"},"primaryImageOfPage":{"@id":"https:\/\/iwell-guard.com\/fi\/baltialainen-mytologia\/#primaryimage"},"image":{"@id":"https:\/\/iwell-guard.com\/fi\/baltialainen-mytologia\/#primaryimage"},"thumbnailUrl":"https:\/\/iwell-guard.com\/wp-content\/uploads\/2026\/07\/goetter_baltikum_medeina.webp","datePublished":"2026-09-03T12:42:29+00:00","dateModified":"2026-09-03T13:16:27+00:00","description":"Perk\u016bnas, Gabija ja talon suojelusk\u00e4\u00e4rme Zaltys: Liettuan ja Latvian baltialainen mytologia uskontotieteellisesti perustellusti selitettyn\u00e4.","breadcrumb":{"@id":"https:\/\/iwell-guard.com\/fi\/baltialainen-mytologia\/#breadcrumb"},"inLanguage":"fi","potentialAction":[{"@type":"ReadAction","target":["https:\/\/iwell-guard.com\/fi\/baltialainen-mytologia\/"]}]},{"@type":"ImageObject","inLanguage":"fi","@id":"https:\/\/iwell-guard.com\/fi\/baltialainen-mytologia\/#primaryimage","url":"https:\/\/iwell-guard.com\/wp-content\/uploads\/2026\/07\/goetter_baltikum_medeina.webp","contentUrl":"https:\/\/iwell-guard.com\/wp-content\/uploads\/2026\/07\/goetter_baltikum_medeina.webp","width":1024,"height":1536,"caption":"Medeina, baltisen perim\u00e4tiedon jumalatar"},{"@type":"BreadcrumbList","@id":"https:\/\/iwell-guard.com\/fi\/baltialainen-mytologia\/#breadcrumb","itemListElement":[{"@type":"ListItem","position":1,"name":"Start","item":"https:\/\/iwell-guard.com\/fi\/?page_id=143815"},{"@type":"ListItem","position":2,"name":"Baltialainen mytologia"}]},{"@type":"WebSite","@id":"https:\/\/iwell-guard.com\/fi\/#website","url":"https:\/\/iwell-guard.com\/fi\/","name":"iWell Guard","description":"Schutz vor dunklen Einfl\u00fcssen","publisher":{"@id":"https:\/\/iwell-guard.com\/fi\/#organization"},"potentialAction":[{"@type":"SearchAction","target":{"@type":"EntryPoint","urlTemplate":"https:\/\/iwell-guard.com\/fi\/?s={search_term_string}"},"query-input":{"@type":"PropertyValueSpecification","valueRequired":true,"valueName":"search_term_string"}}],"inLanguage":"fi"},{"@type":"Organization","@id":"https:\/\/iwell-guard.com\/fi\/#organization","name":"Ittermann electronic GmbH","url":"https:\/\/iwell-guard.com\/fi\/","logo":{"@type":"ImageObject","inLanguage":"fi","@id":"https:\/\/iwell-guard.com\/fi\/#\/schema\/logo\/image\/","url":"https:\/\/iwell-guard.com\/wp-content\/uploads\/2026\/05\/Ittermann-Logo-1182x237-1.png","contentUrl":"https:\/\/iwell-guard.com\/wp-content\/uploads\/2026\/05\/Ittermann-Logo-1182x237-1.png","width":1182,"height":237,"caption":"Ittermann electronic GmbH"},"image":{"@id":"https:\/\/iwell-guard.com\/fi\/#\/schema\/logo\/image\/"},"sameAs":["https:\/\/pantip.com\/profile\/9367242","https:\/\/micro.blog\/iwellguard","https:\/\/www.diggerslist.com\/iwellguard\/about","https:\/\/skitterphoto.com\/photographers\/2870314\/iwell-guard","https:\/\/iwellguard.wordpress.com\/2026\/06\/06\/iwell-guard\/","https:\/\/hub.docker.com\/u\/iwellguard","https:\/\/www.pinterest.com\/iwellguard\/","https:\/\/bit.ly\/m\/iwellguard","https:\/\/entre-vos-mains.alsace.eu\/profiles\/iwellguard\/activity","https:\/\/gravatar.com\/reallybeded8fd34","https:\/\/naijamatta.com\/iwellguard","https:\/\/www.goodreads.com\/iwellguard","https:\/\/profile.hatena.ne.jp\/iwellguard\/","https:\/\/experiment.com\/users\/iwellguard","https:\/\/wakelet.com\/@iWellGuard82270","https:\/\/www.chordie.com\/forum\/profile.php?id=2555664","https:\/\/www.instapaper.com\/p\/17757966","https:\/\/www.mapleprimes.com\/users\/iwellguard","https:\/\/businesslistingplus.com\/profile\/iwell-guard\/","https:\/\/telegra.ph\/iWell-Guard-06-06","https:\/\/pbase.com\/iwellguard\/iwellguard","https:\/\/b.hatena.ne.jp\/iwellguard\/20260607#bookmark-4788405196491818882","https:\/\/fliphtml5.com\/home\/iwellguard","https:\/\/anyflip.com\/homepage\/cmiwl#About","https:\/\/transfur.com\/Users\/iwellguard","http:\/\/delphi.larsbo.org\/user\/iwellguard","https:\/\/jobs.lajobsportal.org\/profiles\/8380803-iwell-guard","https:\/\/md.chaosdorf.de\/s\/jfbe5SBdJD","https:\/\/www.lingvolive.com\/en-us\/profile\/9ecaeaca-ce11-4e51-9e71-01d55e2bff36\/translations","https:\/\/www.fitday.com\/fitness\/forums\/members\/iwellguard.html","https:\/\/www.mymeetbook.com\/iwellguard","https:\/\/pxhere.com\/en\/photographer-me\/5040798","https:\/\/disqus.com\/by\/iwellguard\/about\/","https:\/\/pastelink.net\/hjwciqwq","https:\/\/pubhtml5.com\/homepage\/scjhn\/","https:\/\/www.bitchute.com\/channel\/2O2eOKzNqujT","https:\/\/audiomack.com\/iwellguard"]}]}},"_links":{"self":[{"href":"https:\/\/iwell-guard.com\/fi\/wp-json\/wp\/v2\/pages\/145091","targetHints":{"allow":["GET"]}}],"collection":[{"href":"https:\/\/iwell-guard.com\/fi\/wp-json\/wp\/v2\/pages"}],"about":[{"href":"https:\/\/iwell-guard.com\/fi\/wp-json\/wp\/v2\/types\/page"}],"author":[{"embeddable":true,"href":"https:\/\/iwell-guard.com\/fi\/wp-json\/wp\/v2\/users\/3"}],"replies":[{"embeddable":true,"href":"https:\/\/iwell-guard.com\/fi\/wp-json\/wp\/v2\/comments?post=145091"}],"version-history":[{"count":0,"href":"https:\/\/iwell-guard.com\/fi\/wp-json\/wp\/v2\/pages\/145091\/revisions"}],"wp:featuredmedia":[{"embeddable":true,"href":"https:\/\/iwell-guard.com\/fi\/wp-json\/wp\/v2\/media\/20404"}],"wp:attachment":[{"href":"https:\/\/iwell-guard.com\/fi\/wp-json\/wp\/v2\/media?parent=145091"}],"wp:term":[{"taxonomy":"category","embeddable":true,"href":"https:\/\/iwell-guard.com\/fi\/wp-json\/wp\/v2\/categories?post=145091"}],"curies":[{"name":"wp","href":"https:\/\/api.w.org\/{rel}","templated":true}]}}