{"id":145086,"date":"2026-09-03T12:42:27","date_gmt":"2026-09-03T12:42:27","guid":{"rendered":"https:\/\/iwell-guard.com\/?page_id=145086"},"modified":"2026-09-03T13:16:22","modified_gmt":"2026-09-03T13:16:22","slug":"filippiinilainen-mytologia","status":"publish","type":"page","link":"https:\/\/iwell-guard.com\/fi\/filippiinilainen-mytologia\/","title":{"rendered":"Filippiinil\u00e4inen mytologia"},"content":{"rendered":"\t\t<div data-elementor-type=\"wp-page\" data-elementor-id=\"145086\" class=\"elementor elementor-145086 elementor-20558 elementor-bc-flex-widget\" data-elementor-post-type=\"page\">\n\t\t\t\t<div class=\"elementor-element elementor-element-iwgcn-sami-hero iwg-kultur-hero e-flex e-con-boxed e-con e-parent\" data-id=\"iwgcn-sami-hero\" data-element_type=\"container\" data-e-type=\"container\">\n\t\t\t\t\t<div class=\"e-con-inner\">\n\t\t<div class=\"elementor-element elementor-element-iwgcn-sami-hl iwg-kultur-hero-left e-flex e-con-boxed e-con e-child\" data-id=\"iwgcn-sami-hl\" data-element_type=\"container\" data-e-type=\"container\">\n\t\t\t\t\t<div class=\"e-con-inner\">\n\t\t\t\t<div class=\"elementor-element elementor-element-iwgcn-sami-h1 elementor-widget elementor-widget-heading\" data-id=\"iwgcn-sami-h1\" data-element_type=\"widget\" data-e-type=\"widget\" data-widget_type=\"heading.default\">\n\t\t\t\t\t<h1 class=\"elementor-heading-title elementor-size-default\">Filippiinil\u00e4inen mytologia, anito-usko ja aswang-kompleksi<\/h1>\t\t\t\t<\/div>\n\t\t<div class=\"elementor-element elementor-element-iwgcn-sami-leadc e-con-full e-flex e-con e-child\" data-id=\"iwgcn-sami-leadc\" data-element_type=\"container\" data-e-type=\"container\">\n\t\t\t\t<div class=\"elementor-element elementor-element-iwgcn-sami-lead elementor-widget elementor-widget-text-editor\" data-id=\"iwgcn-sami-lead\" data-element_type=\"widget\" data-e-type=\"widget\" data-widget_type=\"text-editor.default\">\n\t\t\t\t\t\t\t\t\t<p>Filippiinit koostuvat yli 7 000 saaresta ja yli 180 kieliryhm\u00e4st\u00e4, ja yht\u00e4 moninaisia ovat my\u00f6s espanjalaisia edelt\u00e4v\u00e4t uskomusmaailmat. Monissa perinteiss\u00e4 yhteist\u00e4 on <strong>Anito<\/strong>-esi-isien ja luontohenkien kunnioitus sek\u00e4 <strong>Diwata<\/strong>-olentojen palvonta, joissa on selv\u00e4 hindulais-malaijilainen vaikutus. 1500-luvulta alkaen espanjalainen siirtomaakausi kerrostui n\u00e4iden p\u00e4\u00e4lle katolisen l\u00e4hetysty\u00f6n kautta, tosin ilman ett\u00e4 se olisi t\u00e4ysin syrj\u00e4ytt\u00e4nyt vanhat perinteet.<\/p>\n<p class=\"iwg-kwfix\">Filippiinil\u00e4inen mytologia on siten kudos, jossa yhdistyv\u00e4t espanjalaista aikaa edelt\u00e4v\u00e4 henkimaailma, alueelliset jumalpanteonit ja vuosisatoja kest\u00e4nyt kristinuskon kerrostuma. Artikkeli sijoittaa anito-uskon t\u00e4m\u00e4n kudoksen perustaksi, jossa espanjalaista aikaa edelt\u00e4v\u00e4 henkimaailma ja kristillinen kerrostuma kohtaavat.<\/p>\t\t\t\t\t\t\t\t<\/div>\n\t\t\t\t<\/div>\n\t\t\t\t\t<\/div>\n\t\t\t\t<\/div>\n\t\t<div class=\"elementor-element elementor-element-iwgcn-sami-hr iwg-kultur-hero-right e-flex e-con-boxed e-con e-child\" data-id=\"iwgcn-sami-hr\" data-element_type=\"container\" data-e-type=\"container\">\n\t\t\t\t\t<div class=\"e-con-inner\">\n\t\t\t\t<div class=\"elementor-element elementor-element-iwgcn-sami-himg iwg-hero-image elementor-widget elementor-widget-image\" data-id=\"iwgcn-sami-himg\" data-element_type=\"widget\" data-e-type=\"widget\" data-widget_type=\"image.default\">\n\t\t\t\t\t\t\t\t\t\t\t\t\t\t\t<img fetchpriority=\"high\" decoding=\"async\" width=\"683\" height=\"1024\" src=\"https:\/\/iwell-guard.com\/wp-content\/uploads\/2026\/05\/goetter_sami_beaivi-683x1024.webp\" class=\"attachment-large size-large wp-image-148753\" alt=\"Beaivi \u2013 jumalia saamelaisesta perinteest\u00e4, historiallis-havainnollinen kuva\" srcset=\"https:\/\/iwell-guard.com\/wp-content\/uploads\/2026\/05\/goetter_sami_beaivi-683x1024.webp 683w, https:\/\/iwell-guard.com\/wp-content\/uploads\/2026\/05\/goetter_sami_beaivi-200x300.webp 200w, https:\/\/iwell-guard.com\/wp-content\/uploads\/2026\/05\/goetter_sami_beaivi-768x1152.webp 768w, https:\/\/iwell-guard.com\/wp-content\/uploads\/2026\/05\/goetter_sami_beaivi.webp 1024w\" sizes=\"(max-width: 683px) 100vw, 683px\" \/>\t\t\t\t\t\t\t\t\t\t\t\t\t\t\t<\/div>\n\t\t\t\t\t<\/div>\n\t\t\t\t<\/div>\n\t\t\t\t\t<\/div>\n\t\t\t\t<\/div>\n\t\t\t\t<section class=\"elementor-section elementor-top-section elementor-element elementor-element-sec-iwgcomp-sami elementor-section-boxed elementor-section-height-default elementor-section-height-default\" data-id=\"sec-iwgcomp-sami\" data-element_type=\"section\" data-e-type=\"section\">\n\t\t\t\t\t\t<div class=\"elementor-container elementor-column-gap-default\">\n\t\t\t\t\t<div class=\"elementor-column elementor-col-100 elementor-top-column elementor-element elementor-element-col-iwgcomp-sami\" data-id=\"col-iwgcomp-sami\" data-element_type=\"column\" data-e-type=\"column\">\n\t\t\t<div class=\"elementor-widget-wrap elementor-element-populated\">\n\t\t\t\t\t\t<div class=\"elementor-element elementor-element-iwgcomp-sami elementor-widget elementor-widget-text-editor\" data-id=\"iwgcomp-sami\" data-element_type=\"widget\" data-e-type=\"widget\" data-widget_type=\"text-editor.default\">\n\t\t\t\t\t\t\t\t\t<p><strong><span class=\"iwg-fachbegriff\" data-tooltip=\"Maailmankatsomus, jossa luonnonilmi\u00f6ille, paikoille ja esi-isille katsotaan kuuluvan oma henkisubstanssinsa.\" tabindex=\"0\">Animismi<\/span><\/strong>-k\u00e4site kuvaa espanjalaista aikaa edelt\u00e4v\u00e4n filippiinil\u00e4isen uskomusmaailman religionstieteellist\u00e4 ydint\u00e4, jossa vuoria, puita, jokia ja vainajia pidettiin sielullisina.<\/p>\n<p class=\"iwg-kwfix\">Niin kutsuttu <span class=\"iwg-fachbegriff\" data-tooltip=\"Kansanperinteen tutkijoiden, kuten Maximo Ramosin, luoma yleisk\u00e4site joukolle muodonmuuttajaolentoja, joita kerrotaan uhkaavina.\" tabindex=\"0\">aswang-kompleksi<\/span> ja anito-esi-is\u00e4kultti muuntuivat kolmen vuosisadan siirtomaa-ajan ja katolisen kansanuskonnollisuuden vaikutuksesta, mutta ne el\u00e4v\u00e4t edelleen Visayasin ja Luzonin suullisessa perinteess\u00e4.<\/p>\t\t\t\t\t\t\t\t<\/div>\n\t\t\t\t\t<\/div>\n\t\t<\/div>\n\t\t\t\t\t<\/div>\n\t\t<\/section>\n\t\t<div class=\"elementor-element elementor-element-iwgcn-sami-s0 e-flex e-con-boxed e-con e-parent\" data-id=\"iwgcn-sami-s0\" data-element_type=\"container\" data-e-type=\"container\">\n\t\t\t\t\t<div class=\"e-con-inner\">\n\t\t\t\t<div class=\"elementor-element elementor-element-iwgcn-sami-s0h elementor-widget elementor-widget-heading\" data-id=\"iwgcn-sami-s0h\" data-element_type=\"widget\" data-e-type=\"widget\" data-widget_type=\"heading.default\">\n\t\t\t\t\t<h2 class=\"elementor-heading-title elementor-size-default\">Saaristo, kieliperheet ja espanjalaista aikaa edelt\u00e4v\u00e4 uskomusmaailma<\/h2>\t\t\t\t<\/div>\n\t\t<div class=\"elementor-element elementor-element-iwgcn-sami-s0-c e-con-full e-flex e-con e-child\" data-id=\"iwgcn-sami-s0-c\" data-element_type=\"container\" data-e-type=\"container\">\n\t\t\t\t<div class=\"elementor-element elementor-element-iwgcn-sami-s0t elementor-widget elementor-widget-text-editor\" data-id=\"iwgcn-sami-s0t\" data-element_type=\"widget\" data-e-type=\"widget\" data-widget_type=\"text-editor.default\">\n\t\t\t\t\t\t\t\t\t<p>Filippiinien kielet kuuluvat austronesialaiseen kieliperheeseen, ja suurimmat ryhm\u00e4t ovat tagalog, cebuano, ilocano, bikol ja hiligaynon. Ennen espanjalaisten saapumista vuonna 1521 ei ollut yhten\u00e4ist\u00e4 panteonia, vaan lukuisia alueellisia uskomusj\u00e4rjestelmi\u00e4, joilla oli omat riittien asiantuntijansa, babaylan tai catalonan, useimmiten naisia tai naisen roolissa toimivia miehi\u00e4.<\/p><p><strong>Anito<\/strong>-k\u00e4site on todistettu laajalti eri puolilla saaristoa, ja se viittaa ensisijaisesti esi-isien ja paikkojen henkiin. <strong>Diwata<\/strong>, joka on johdettu sanskritin sanasta <em>devata<\/em> malaijin kielen v\u00e4lityksell\u00e4, on yleisempi Visayasilla ja Mindanaolla, ja se viittaa siell\u00e4 enemm\u00e4n luonnon ja maiseman jumaluuksiin, kuten <a href=\"https:\/\/iwell-guard.com\/fi\/maria-makiling\/\">Maria Makilingiin<\/a>. N\u00e4iden kahden k\u00e4sitteen tarkkaa erottelua ei religionstieteellisesti voida yll\u00e4pit\u00e4\u00e4 kaikkialla, sill\u00e4 alueelliset l\u00e4hteet k\u00e4ytt\u00e4v\u00e4t niit\u00e4 osin p\u00e4\u00e4llekk\u00e4in.<\/p>\n<p class=\"iwg-kwfix\">Anito-esi-is\u00e4kultti, diwata-palvonta ja my\u00f6hempi aswang-kompleksi muodostavat yhdess\u00e4 filippiinil\u00e4isen mytologian perusrungon ennen katolista kerrostumaa ja sen rinnalla.<\/p>\t\t\t\t\t\t\t\t<\/div>\n\t\t\t\t<\/div>\n\t\t\t\t\t<\/div>\n\t\t\t\t<\/div>\n\t\t<div class=\"elementor-element elementor-element-iwgcn-sami-s1 e-flex e-con-boxed e-con e-parent\" data-id=\"iwgcn-sami-s1\" data-element_type=\"container\" data-e-type=\"container\">\n\t\t\t\t\t<div class=\"e-con-inner\">\n\t\t\t\t<div class=\"elementor-element elementor-element-iwgcn-sami-s1h elementor-widget elementor-widget-heading\" data-id=\"iwgcn-sami-s1h\" data-element_type=\"widget\" data-e-type=\"widget\" data-widget_type=\"heading.default\">\n\t\t\t\t\t<h2 class=\"elementor-heading-title elementor-size-default\">Panteoni: Bathala, Bakunawa ja luonnon diwatat<\/h2>\t\t\t\t<\/div>\n\t\t<div class=\"elementor-element elementor-element-iwgcn-sami-s1-c e-con-full e-flex e-con e-child\" data-id=\"iwgcn-sami-s1-c\" data-element_type=\"container\" data-e-type=\"container\">\n\t\t\t\t<div class=\"elementor-element elementor-element-iwgcn-sami-s1t elementor-widget elementor-widget-text-editor\" data-id=\"iwgcn-sami-s1t\" data-element_type=\"widget\" data-e-type=\"widget\" data-widget_type=\"text-editor.default\">\n\t\t\t\t\t\t\t\t\t<p>Varhaisissa espanjalaisissa kertomuksissa, kuten fransiskaani Juan de Plasencian vuoden 1589 Relaci\u00f3n-teoksessa, <strong>Bathala<\/strong> esiintyy tagalogien taivas- ja luojanjumalana, jolle anito ja diwata olivat alisteisia. T\u00e4m\u00e4 hierarkkinen tulkinta on kuitenkin vahvasti l\u00e4hetyssaarnaajien kristillisten ennakko-oletusten v\u00e4ritt\u00e4m\u00e4, eik\u00e4 sit\u00e4 voi suoraan soveltaa koko espanjalaista aikaa edelt\u00e4v\u00e4\u00e4n uskontokentt\u00e4\u00e4n.<\/p><p>Visayasin ja Bicolin perim\u00e4tiedossa k\u00e4\u00e4rme <strong>Bakunawa<\/strong> selitt\u00e4\u00e4 kuunpimennykset yrityksell\u00e4\u00e4n niell\u00e4 kuu, mink\u00e4 vuoksi melun ja rummutuksen uskottiin karkottavan sen. <strong>Diwatoina<\/strong> pidet\u00e4\u00e4n muun muassa yleisk\u00e4sitteen\u00e4 toimivaa <a href=\"https:\/\/iwell-guard.com\/fi\/diwata\/\">Diwataa<\/a>, merenneito <a href=\"https:\/\/iwell-guard.com\/fi\/?page_id=145039\">Sirenaa<\/a> ja vuoristojumalatar <a href=\"https:\/\/iwell-guard.com\/fi\/maria-makiling\/\">Maria Makilingia<\/a>, jonka legendaa Lagunan Makiling-vuoresta kerrotaan t\u00e4n\u00e4kin p\u00e4iv\u00e4n\u00e4.<\/p>\t\t\t\t\t\t\t\t<\/div>\n\t\t\t\t<\/div>\n\t\t\t\t\t<\/div>\n\t\t\t\t<\/div>\n\t\t<div class=\"elementor-element elementor-element-iwgcn-sami-s2 e-flex e-con-boxed e-con e-parent\" data-id=\"iwgcn-sami-s2\" data-element_type=\"container\" data-e-type=\"container\">\n\t\t\t\t\t<div class=\"e-con-inner\">\n\t\t\t\t<div class=\"elementor-element elementor-element-iwgcn-sami-s2h elementor-widget elementor-widget-heading\" data-id=\"iwgcn-sami-s2h\" data-element_type=\"widget\" data-e-type=\"widget\" data-widget_type=\"heading.default\">\n\t\t\t\t\t<h2 class=\"elementor-heading-title elementor-size-default\">Aswang-kompleksi: manananggal, tiyanak, aswang<\/h2>\t\t\t\t<\/div>\n\t\t<div class=\"elementor-element elementor-element-iwgcn-sami-s2-c e-con-full e-flex e-con e-child\" data-id=\"iwgcn-sami-s2-c\" data-element_type=\"container\" data-e-type=\"container\">\n\t\t\t\t<div class=\"elementor-element elementor-element-iwgcn-sami-s2t elementor-widget elementor-widget-text-editor\" data-id=\"iwgcn-sami-s2t\" data-element_type=\"widget\" data-e-type=\"widget\" data-widget_type=\"text-editor.default\">\n\t\t\t\t\t\t\t\t\t<p>Kansanperinteen tutkija Maximo Ramos loi 1960- ja 1970-lukujen tutkimuksissaan k\u00e4sitteen <em>aswang-kompleksi<\/em> viittaamaan joukkoon toisiinsa liittyvi\u00e4, muodonmuuttajaolentoja, joita kerrotaan uhkaavina ja jotka on todistettu tiheimmin l\u00e4nsi-Visayasilla, erityisesti Capizin maakunnassa. Itse <a href=\"https:\/\/iwell-guard.com\/fi\/aswang\/\">aswang<\/a>-k\u00e4sitett\u00e4 k\u00e4ytet\u00e4\u00e4n alueellisesti eri tavoin, toisinaan yl\u00e4k\u00e4sitteen\u00e4, toisinaan viittaamaan yhteen tiettyyn ilmenemismuotoon.<\/p><p>Kompleksiin kuuluvat <a href=\"https:\/\/iwell-guard.com\/fi\/manananggal\/\">manananggal<\/a>, joka perim\u00e4tiedon mukaan erottaa yl\u00e4ruumiinsa alaruumiista ja lent\u00e4\u00e4 lepakonsiipien avulla, sek\u00e4 <a href=\"https:\/\/iwell-guard.com\/fi\/?page_id=144955\">tiyanak<\/a>, imev\u00e4isen hahmoinen olento, joka houkuttelee matkalaisia. N\u00e4ill\u00e4 tarinoilla oli kyl\u00e4yhteis\u00f6iss\u00e4 muun muassa sosiaalisen kontrollin teht\u00e4v\u00e4, ja niiden avulla selitettiin selitt\u00e4m\u00e4tt\u00f6mi\u00e4 kuolemantapauksia tai keskenmenoja.<\/p>\t\t\t\t\t\t\t\t<\/div>\n\t\t\t\t<\/div>\n\t\t\t\t\t<\/div>\n\t\t\t\t<\/div>\n\t\t<div class=\"elementor-element elementor-element-iwgcn-sami-s3 e-flex e-con-boxed e-con e-parent\" data-id=\"iwgcn-sami-s3\" data-element_type=\"container\" data-e-type=\"container\">\n\t\t\t\t\t<div class=\"e-con-inner\">\n\t\t\t\t<div class=\"elementor-element elementor-element-iwgcn-sami-s3h elementor-widget elementor-widget-heading\" data-id=\"iwgcn-sami-s3h\" data-element_type=\"widget\" data-e-type=\"widget\" data-widget_type=\"heading.default\">\n\t\t\t\t\t<h2 class=\"elementor-heading-title elementor-size-default\">Mets\u00e4n olennot ja siirtomaa-ajan sekaolennot: tikbalang, kapre, berberoka<\/h2>\t\t\t\t<\/div>\n\t\t<div class=\"elementor-element elementor-element-iwgcn-sami-s3-c e-con-full e-flex e-con e-child\" data-id=\"iwgcn-sami-s3-c\" data-element_type=\"container\" data-e-type=\"container\">\n\t\t\t\t<div class=\"elementor-element elementor-element-iwgcn-sami-s3t elementor-widget elementor-widget-text-editor\" data-id=\"iwgcn-sami-s3t\" data-element_type=\"widget\" data-e-type=\"widget\" data-widget_type=\"text-editor.default\">\n\t\t\t\t\t\t\t\t\t<p>Esi-isien ja luonnon henkien ohella filippiinil\u00e4inen perim\u00e4tieto tuntee joukon maisema- ja sekaolentoja, joissa espanjalaista aikaa edelt\u00e4v\u00e4t k\u00e4sitykset yhdistyiv\u00e4t my\u00f6hempiin vaikutteisiin. <a href=\"https:\/\/iwell-guard.com\/fi\/tikbalang\/\">Tikbalang<\/a>, hevosenp\u00e4inen metsien ja vuorten olento, saa perim\u00e4tiedon mukaan matkalaiset k\u00e4velem\u00e4\u00e4n ympyr\u00e4\u00e4, kunnes he menett\u00e4v\u00e4t suuntavaistonsa. <a href=\"https:\/\/iwell-guard.com\/fi\/kapre\/\">Kapre<\/a>, j\u00e4ttil\u00e4ism\u00e4inen, sikaria polttava puun henki, kantaa nime\u00e4, joka juontaa espanjan kielen kautta luultavasti arabian sanasta uskottomille, mik\u00e4 kertoo saariston monikerroksisesta kontaktihistoriasta.<\/p><p>Pohjois-Luzonilla ilocano- ja isneg-perim\u00e4tieto kertoo <a href=\"https:\/\/iwell-guard.com\/fi\/?page_id=145037\">Berberokasta<\/a>, suo-olennosta, joka pid\u00e4tt\u00e4\u00e4 vett\u00e4 ja tulvii maata saaliin pyydyst\u00e4miseksi, dokumentoituna muun muassa historioitsija William Henry Scottin toimesta. P\u00e4\u00e4ty <a href=\"https:\/\/iwell-guard.com\/fi\/pugot\/\">Pugot<\/a> ja yleisen\u00e4 henken\u00e4 ymm\u00e4rretty <a href=\"https:\/\/iwell-guard.com\/fi\/multo\/\">Multo<\/a>, jonka nimi juontaa espanjan sanasta vainaja, osoittavat, miten espanjalaista aikaa edelt\u00e4v\u00e4t henkik\u00e4sitykset sekoittuivat espanjalais-katolisiin k\u00e4sitteisiin.<\/p>\t\t\t\t\t\t\t\t<\/div>\n\t\t\t\t<\/div>\n\t\t\t\t\t<\/div>\n\t\t\t\t<\/div>\n\t\t<div class=\"elementor-element elementor-element-x-sami-s-faq e-flex e-con-boxed e-con e-parent\" data-id=\"x-sami-s-faq\" data-element_type=\"container\" data-e-type=\"container\">\n\t\t\t\t\t<div class=\"e-con-inner\">\n\t\t\t\t<div class=\"elementor-element elementor-element-x-sami-h-faq elementor-widget elementor-widget-heading\" data-id=\"x-sami-h-faq\" data-element_type=\"widget\" data-e-type=\"widget\" data-widget_type=\"heading.default\">\n\t\t\t\t\t<h2 class=\"elementor-heading-title elementor-size-default\">Yleisi\u00e4 kysymyksi\u00e4 filippiinil\u00e4isest\u00e4 mytologiasta<\/h2>\t\t\t\t<\/div>\n\t\t<div class=\"elementor-element elementor-element-iwgcn-sami-s3-c e-con-full e-flex e-con e-child\" data-id=\"iwgcn-sami-s3-c\" data-element_type=\"container\" data-e-type=\"container\">\n\t\t\t\t<div class=\"elementor-element elementor-element-x-sami-t-faq elementor-widget elementor-widget-text-editor\" data-id=\"x-sami-t-faq\" data-element_type=\"widget\" data-e-type=\"widget\" data-widget_type=\"text-editor.default\">\n\t\t\t\t\t\t\t\t\t<h3>Mit\u00e4 tarkoittaa anito?<\/h3>\n<p>Anito tarkoittaa suurella osalla espanjalaista aikaa edelt\u00e4vi\u00e4 Filippiinej\u00e4 esi-isien ja luonnon henki\u00e4, joille tuotiin uhrilahjoja. K\u00e4site on todistettu monissa saariston kieliryhmiss\u00e4, vaikka sen tarkka merkitys vaihtelee alueellisesti.<\/p>\n<h3>Mik\u00e4 on aswang-kompleksi?<\/h3>\n<p>Aswang-kompleksi on folkloristien, kuten Maximo Ramosin, muodostama yhteisnimitys ryhm\u00e4lle sukua olevia, muodonmuuttokykyisi\u00e4 ja ihmisi\u00e4 sy\u00f6viksi kerrottuja olentoja, kuten manananggal, tiyanak ja aswang, joista on runsaasti perim\u00e4tietoa erityisesti l\u00e4nsi-Visayasilla.<\/p>\n<h3>Mik\u00e4 erottaa anitot ja diwatat?<\/h3>\n<p>Anito-k\u00e4sitett\u00e4 k\u00e4ytet\u00e4\u00e4n enemm\u00e4n esi-isien ja paikan hengist\u00e4, ja se on levinnyt koko saaristoon, kun taas diwata, joka on kielellisesti johdettu sanskritin sanasta devata, viittaa vahvemmin Visayasilla ja Mindanaolla luonnon- ja maisemajumaluuksiin. N\u00e4iden k\u00e4sitteiden raja ei kuitenkaan ole l\u00e4hteiss\u00e4 aina selv\u00e4.<\/p>\n<h3>Miten espanjalainen siirtomaa-aika muutti Filippiinien mytologiaa?<\/h3>\n<p>Espanjalaiset l\u00e4hetyssaarnaajat tulkitsivat anitot ja diwatat 1500-luvulta l\u00e4htien p\u00e4\u00e4osin demoneiksi ja vastustivat niiden palvontaa. Monet piirteet s\u00e4ilyiv\u00e4t kuitenkin katolisuuden kansanomaisessa muodossa ja suullisessa kerrontaperinteess\u00e4, joka jatkuu n\u00e4ihin p\u00e4iviin asti.<\/p>\n<script type=\"application\/ld+json\">{\"@context\": \"https:\/\/schema.org\", \"@type\": \"FAQPage\", \"mainEntity\": [{\"@type\": \"Question\", \"name\": \"Mit\u00e4 tarkoittaa anito?\", \"acceptedAnswer\": {\"@type\": \"Answer\", \"text\": \"Anito tarkoittaa suurella osalla espanjalaista aikaa edelt\u00e4vi\u00e4 Filippiinej\u00e4 esi-isien ja luonnon henki\u00e4, joille tuotiin uhrilahjoja. K\u00e4site on todistettu monissa saariston kieliryhmiss\u00e4, vaikka sen tarkka merkitys vaihtelee alueellisesti.\"}}, {\"@type\": \"Question\", \"name\": \"Mik\u00e4 on aswang-kompleksi?\", \"acceptedAnswer\": {\"@type\": \"Answer\", \"text\": \"Aswang-kompleksi on folkloristien, kuten Maximo Ramosin, muodostama yhteisnimitys ryhm\u00e4lle sukua olevia, muodonmuuttokykyisi\u00e4 ja ihmisi\u00e4 sy\u00f6viksi kerrottuja olentoja, kuten manananggal, tiyanak ja aswang, joista on runsaasti perim\u00e4tietoa erityisesti l\u00e4nsi-Visayasilla.\"}}, {\"@type\": \"Question\", \"name\": \"Mik\u00e4 erottaa anitot ja diwatat?\", \"acceptedAnswer\": {\"@type\": \"Answer\", \"text\": \"Anito-k\u00e4sitett\u00e4 k\u00e4ytet\u00e4\u00e4n enemm\u00e4n esi-isien ja paikan hengist\u00e4, ja se on levinnyt koko saaristoon, kun taas diwata, joka on kielellisesti johdettu sanskritin sanasta devata, viittaa vahvemmin Visayasilla ja Mindanaolla luonnon- ja maisemajumaluuksiin. N\u00e4iden k\u00e4sitteiden raja ei kuitenkaan ole l\u00e4hteiss\u00e4 aina selv\u00e4.\"}}, {\"@type\": \"Question\", \"name\": \"Miten espanjalainen siirtomaa-aika muutti Filippiinien mytologiaa?\", \"acceptedAnswer\": {\"@type\": \"Answer\", \"text\": \"Espanjalaiset l\u00e4hetyssaarnaajat tulkitsivat anitot ja diwatat 1500-luvulta l\u00e4htien p\u00e4\u00e4osin demoneiksi ja vastustivat niiden palvontaa. Monet piirteet s\u00e4ilyiv\u00e4t kuitenkin katolisuuden kansanomaisessa muodossa ja suullisessa kerrontaperinteess\u00e4, joka jatkuu n\u00e4ihin p\u00e4iviin asti.\"}}]}<\/script>\t\t\t\t\t\t\t\t<\/div>\n\t\t\t\t<\/div>\n\t\t\t\t\t<\/div>\n\t\t\t\t<\/div>\n\t\t<div class=\"elementor-element elementor-element-iwgcn-sami-s4 e-flex e-con-boxed e-con e-parent\" data-id=\"iwgcn-sami-s4\" data-element_type=\"container\" data-e-type=\"container\">\n\t\t\t\t\t<div class=\"e-con-inner\">\n\t\t\t\t<div class=\"elementor-element elementor-element-iwgcn-sami-s4h elementor-widget elementor-widget-heading\" data-id=\"iwgcn-sami-s4h\" data-element_type=\"widget\" data-e-type=\"widget\" data-widget_type=\"heading.default\">\n\t\t\t\t\t<h2 class=\"elementor-heading-title elementor-size-default\">Bicolanolainen pantheon: Gugurang, Kan-Laon ja Lalahon<\/h2>\t\t\t\t<\/div>\n\t\t<div class=\"elementor-element elementor-element-iwgcn-sami-s4-c e-con-full e-flex e-con e-child\" data-id=\"iwgcn-sami-s4-c\" data-element_type=\"container\" data-e-type=\"container\">\n\t\t\t\t<div class=\"elementor-element elementor-element-iwgcn-sami-s4t elementor-widget elementor-widget-text-editor\" data-id=\"iwgcn-sami-s4t\" data-element_type=\"widget\" data-e-type=\"widget\" data-widget_type=\"text-editor.default\">\n\t\t\t\t\t\t\t\t\t<p>Bicol-alueen Ibalong-eepoksessa, jonka espanjalainen l\u00e4hetyssaarnaaja kirjasi ensimm\u00e4isen\u00e4 muistiin 1500-luvulla ja jonka fray Jos\u00e9 Casta\u00f1o rekonstruoi 1800-luvulla, <a href=\"https:\/\/iwell-guard.com\/fi\/gugurang\/\">Gugurang<\/a> tunnetaan Mayon-tulivuoren ylimp\u00e4n\u00e4 tulijumaluutena, jota kilpaileva henki haastaa. Negrosin saarella <a href=\"https:\/\/iwell-guard.com\/fi\/kan-laon\/\">Kan-Laon<\/a> yhdistet\u00e4\u00e4n Kanlaon-tulivuoreen, kun taas <a href=\"https:\/\/iwell-guard.com\/fi\/lalahon\/\">Lalahon<\/a> tunnetaan sadonkorjuun jumalattarena, joka perim\u00e4tiedon mukaan l\u00e4hett\u00e4\u00e4 hein\u00e4sirkkoja, jos h\u00e4nt\u00e4 ei kunnioiteta. N\u00e4it\u00e4 hahmoja kuvataan eri l\u00e4hteiss\u00e4 osin p\u00e4\u00e4llekk\u00e4isin\u00e4, osin erillisin\u00e4 olentoina, eik\u00e4 tutkimustilanne ole yhten\u00e4inen.<\/p><p>Suurten pantheonihahmojen ohella Bicol-perinne tuntee my\u00f6s alueellisia jokialueen k\u00e4\u00e4rmeolentoja, joita kutsutaan yhteisnimell\u00e4 <a href=\"https:\/\/iwell-guard.com\/fi\/?page_id=145038\">Naga-Bicol<\/a> ja jotka heijastavat Etel\u00e4-Aasiasta v\u00e4littynytt\u00e4 naga-aihetta paikallisessa muodossa.<\/p>\t\t\t\t\t\t\t\t<\/div>\n\t\t\t\t<\/div>\n\t\t\t\t\t<\/div>\n\t\t\t\t<\/div>\n\t\t<div class=\"elementor-element elementor-element-iwgcn-sami-s5 e-flex e-con-boxed e-con e-parent\" data-id=\"iwgcn-sami-s5\" data-element_type=\"container\" data-e-type=\"container\">\n\t\t\t\t\t<div class=\"e-con-inner\">\n\t\t\t\t<div class=\"elementor-element elementor-element-iwgcn-sami-s5h elementor-widget elementor-widget-heading\" data-id=\"iwgcn-sami-s5h\" data-element_type=\"widget\" data-e-type=\"widget\" data-widget_type=\"heading.default\">\n\t\t\t\t\t<h2 class=\"elementor-heading-title elementor-size-default\">Tuulijumaluudet: Amihan, Habagat ja Lihanginin lapset<\/h2>\t\t\t\t<\/div>\n\t\t<div class=\"elementor-element elementor-element-iwgcn-sami-s5-c e-con-full e-flex e-con e-child\" data-id=\"iwgcn-sami-s5-c\" data-element_type=\"container\" data-e-type=\"container\">\n\t\t\t\t<div class=\"elementor-element elementor-element-iwgcn-sami-s5t elementor-widget elementor-widget-text-editor\" data-id=\"iwgcn-sami-s5t\" data-element_type=\"widget\" data-e-type=\"widget\" data-widget_type=\"text-editor.default\">\n\t\t\t\t\t\t\t\t\t<p>Tagalogisissa luomiskertomuksissa <a href=\"https:\/\/iwell-guard.com\/fi\/lihangin\/\">Lihangin<\/a> on tuulen jumala, joka on naimisissa meren jumalattaren kanssa. Heid\u00e4n lapsensa ovat nelj\u00e4 tuulta, joihin kuuluvat <a href=\"https:\/\/iwell-guard.com\/fi\/amihan\/\">Amihan<\/a>, koillismonsuuni, ja <a href=\"https:\/\/iwell-guard.com\/fi\/habagat\/\">Habagat<\/a>, lounaismonsuuni. Molempien nimi\u00e4 k\u00e4ytet\u00e4\u00e4n edelleen Filippiinien vuodenaikojen nimityksin\u00e4. <a href=\"https:\/\/iwell-guard.com\/fi\/anitun-tabu\/\">Anitun Tabu<\/a> esiintyy joissakin versioissa oikukkaana s\u00e4\u00e4n ja ukkosen jumaluutena.<\/p><p>Muita tuuli- ja myrskyolentoja ovat Kapampangan- ja Ilocano-perinteess\u00e4 esiintyv\u00e4 <a href=\"https:\/\/iwell-guard.com\/fi\/apo-angin\/\">Apo-Angin<\/a> sek\u00e4 <a href=\"https:\/\/iwell-guard.com\/fi\/buhawi\/\">Buhawi<\/a>, py\u00f6rremyrsky, joka esiintyy suullisissa kertomuksissa persoonallistettuna.<\/p>\t\t\t\t\t\t\t\t<\/div>\n\t\t\t\t<\/div>\n\t\t\t\t\t<\/div>\n\t\t\t\t<\/div>\n\t\t<div class=\"elementor-element elementor-element-iwgcn-sami-s6 e-flex e-con-boxed e-con e-parent\" data-id=\"iwgcn-sami-s6\" data-element_type=\"container\" data-e-type=\"container\">\n\t\t\t\t\t<div class=\"e-con-inner\">\n\t\t\t\t<div class=\"elementor-element elementor-element-iwgcn-sami-s6h elementor-widget elementor-widget-heading\" data-id=\"iwgcn-sami-s6h\" data-element_type=\"widget\" data-e-type=\"widget\" data-widget_type=\"heading.default\">\n\t\t\t\t\t<h2 class=\"elementor-heading-title elementor-size-default\">Espanjalainen siirtomaa-aika, l\u00e4hetysty\u00f6 ja nykyinen kansanuskonnollisuus<\/h2>\t\t\t\t<\/div>\n\t\t<div class=\"elementor-element elementor-element-iwgcn-sami-s6-c e-con-full e-flex e-con e-child\" data-id=\"iwgcn-sami-s6-c\" data-element_type=\"container\" data-e-type=\"container\">\n\t\t\t\t<div class=\"elementor-element elementor-element-iwgcn-sami-s6t elementor-widget elementor-widget-text-editor\" data-id=\"iwgcn-sami-s6t\" data-element_type=\"widget\" data-e-type=\"widget\" data-widget_type=\"text-editor.default\">\n\t\t\t\t\t\t\t\t\t<p>Espanjalaisen siirtomaavallan aikana vuosina 1565\u20131898 papit, kuten Ignacio Francisco Alcina, jonka teos Historia de las Islas e Indios de Bisayas valmistui 1668, kirjasivat muistiin paikallisia uskomuksia torjuen niit\u00e4 samalla paholaismaisina. Kirkolliset l\u00e4hteet demonisoivat johdonmukaisesti anitojen ja diwatojen palvonnan, mik\u00e4 leimaa perim\u00e4tietoa yh\u00e4 t\u00e4n\u00e4kin p\u00e4iv\u00e4n\u00e4. Suuri osa on s\u00e4ilynyt vain vastustajien n\u00e4k\u00f6kulmasta.<\/p><p>Vuosisatoja kest\u00e4neest\u00e4 l\u00e4hetysty\u00f6st\u00e4 huolimatta osa vanhasta henkimaailmasta s\u00e4ilyi katolisuuden kansanomaisessa muodossa, jossa pyhimykset omaksuivat v\u00e4lill\u00e4 entisten anitojen teht\u00e4vi\u00e4, sek\u00e4 suullisessa kerrontaperinteess\u00e4, parantajien k\u00e4yt\u00e4nn\u00f6iss\u00e4 ja maaseutualueilla yh\u00e4 laajalti el\u00e4v\u00e4ss\u00e4 aswang-uskossa. Folkloristit, kuten Maximo Ramos, Damiana Eugenio ja my\u00f6hemmin Fenella Cannell, ovat dokumentoineet n\u00e4it\u00e4 perinteit\u00e4 tieteellisesti.<\/p>\t\t\t\t\t\t\t\t<\/div>\n\t\t\t\t<\/div>\n\t\t\t\t\t<\/div>\n\t\t\t\t<\/div>\n\t\t<div class=\"elementor-element elementor-element-cp2d9a92a3 e-flex e-con-boxed e-con e-parent\" data-id=\"cp2d9a92a3\" data-element_type=\"container\" data-e-type=\"container\">\n\t\t\t\t\t<div class=\"e-con-inner\">\n\t\t\t\t<div class=\"elementor-element elementor-element-cp2515827f elementor-widget elementor-widget-heading\" data-id=\"cp2515827f\" data-element_type=\"widget\" data-e-type=\"widget\" data-widget_type=\"heading.default\">\n\t\t\t\t\t<h2 class=\"elementor-heading-title elementor-size-default\">Saaristo, jossa on yli sata etnist\u00e4 ryhm\u00e4\u00e4 ja kielt\u00e4<\/h2>\t\t\t\t<\/div>\n\t\t<div class=\"elementor-element elementor-element-cp25cbddf2 e-flex e-con-boxed e-con e-child\" data-id=\"cp25cbddf2\" data-element_type=\"container\" data-e-type=\"container\">\n\t\t\t\t\t<div class=\"e-con-inner\">\n\t\t\t\t<div class=\"elementor-element elementor-element-cp240cdc6c elementor-widget elementor-widget-text-editor\" data-id=\"cp240cdc6c\" data-element_type=\"widget\" data-e-type=\"widget\" data-widget_type=\"text-editor.default\">\n\t\t\t\t\t\t\t\t\t<p>Filippiinit koostuvat yli 7 000 saaresta, ja niill\u00e4 puhutaan yli 180 kielt\u00e4, mink\u00e4 vuoksi tarkkaan ottaen ei voida puhua yhdest\u00e4 yhten\u00e4isest\u00e4 &#8220;filippiinil\u00e4isest\u00e4 mytologiasta&#8221;. Se, mit\u00e4 nyky\u00e4\u00e4n kootaan t\u00e4m\u00e4n otsikon alle, on lukuisia alueellisia perinteit\u00e4, jotka eroavat toisistaan osin merkitt\u00e4v\u00e4sti Luzonilla, Visayasilla ja Mindanaolla.<\/p><p>Ennen espanjalaisten siirtomaavaltaa, joka alkoi vuonna 1565, ei ollut olemassa keskitetty\u00e4 jumaltaustaa eik\u00e4 yhten\u00e4ist\u00e4 papistoa. Sen sijaan paikalliset rituaaliasiantuntijat, babaylanit tai catalonanit, harjoittivat seremonioita omille yhteis\u00f6illeen. Heid\u00e4n teht\u00e4viins\u00e4 kuuluivat parannustaito, kuolinriitit ja v\u00e4litt\u00e4j\u00e4n rooli ihmisten ja anitojen v\u00e4lill\u00e4.<\/p><p>Saariston suuri kielellinen ja kulttuurinen moninaisuus selitt\u00e4\u00e4 my\u00f6s, miksi keskeisi\u00e4 k\u00e4sitteit\u00e4 kuten anito ja diwata k\u00e4ytet\u00e4\u00e4n alueittain eri tavoin, ja miksi jumaltaustan hahmot kuten Gugurang tai Kan-Laon tunnetaan vain m\u00e4\u00e4r\u00e4tyill\u00e4 alueilla, ei koko saaristossa.<\/p><p>Uskontotieteellisesti kannattaakin suhtautua varauksella esityksiin, jotka antavat ymm\u00e4rt\u00e4\u00e4, ett\u00e4 olisi olemassa yhten\u00e4inen filippiinil\u00e4inen jumaltausta. L\u00e4hemp\u00e4n\u00e4 l\u00e4hdetilannetta on kuvaus toisiinsa liittyvien, mutta itsen\u00e4isten alueellisten perinteiden verkostosta.<\/p>\t\t\t\t\t\t\t\t<\/div>\n\t\t\t\t\t<\/div>\n\t\t\t\t<\/div>\n\t\t\t\t\t<\/div>\n\t\t\t\t<\/div>\n\t\t<div class=\"elementor-element elementor-element-cp2b1a3dae e-flex e-con-boxed e-con e-parent\" data-id=\"cp2b1a3dae\" data-element_type=\"container\" data-e-type=\"container\">\n\t\t\t\t\t<div class=\"e-con-inner\">\n\t\t\t\t<div class=\"elementor-element elementor-element-cp282c06ff elementor-widget elementor-widget-heading\" data-id=\"cp282c06ff\" data-element_type=\"widget\" data-e-type=\"widget\" data-widget_type=\"heading.default\">\n\t\t\t\t\t<h2 class=\"elementor-heading-title elementor-size-default\">Anito, diwata ja esi-is\u00e4t: uskon perusrakenteet<\/h2>\t\t\t\t<\/div>\n\t\t<div class=\"elementor-element elementor-element-cp228b4522 e-flex e-con-boxed e-con e-child\" data-id=\"cp228b4522\" data-element_type=\"container\" data-e-type=\"container\">\n\t\t\t\t\t<div class=\"e-con-inner\">\n\t\t\t\t<div class=\"elementor-element elementor-element-cp261454c5 elementor-widget elementor-widget-text-editor\" data-id=\"cp261454c5\" data-element_type=\"widget\" data-e-type=\"widget\" data-widget_type=\"text-editor.default\">\n\t\t\t\t\t\t\t\t\t<p>Espanjaa edelt\u00e4neen uskonnon keski\u00f6ss\u00e4 oli ajatus siit\u00e4, ett\u00e4 esi-is\u00e4t, luonnonpaikat ja jotkin el\u00e4imet ovat l\u00e4p\u00e4istyj\u00e4 omalla henkisubstanssillaan, tunnusmerkki sille, mit\u00e4 uskontotieteilij\u00e4t kutsuvat <span class=\"iwg-fachbegriff\" data-tooltip=\"Maailmankuva, jossa luonnonilmi\u00f6ille, paikoille ja esi-isille katsotaan kuuluvan oma henkisubstanssi.\" tabindex=\"0\">animismiksi<\/span>. Anitot edustivat t\u00e4ll\u00f6in useimmiten kuolleiden esi-isien henki\u00e4, joille tuotiin uhrilahjoja sairauden, sadonkorjuun tai t\u00e4rkeiden el\u00e4m\u00e4ntapahtumien yhteydess\u00e4.<\/p><p>Diwata, malaijin kautta sanskritista lainattu k\u00e4site, viittasi enemm\u00e4nkin olentoihin, jotka olivat sidoksissa m\u00e4\u00e4r\u00e4ttyihin paikkoihin, kuten vuoreen, vanhaan puuhun tai l\u00e4hteeseen. T\u00e4llaisten paikkahenkien kunnioittaminen edellytti maiseman huomioon ottamista: puita ei saanut kaataa luvatta, eik\u00e4 joillekin paikoille saanut astua ilman rituaalia.<\/p><p>Yhteyden henkimaailmaan v\u00e4littiv\u00e4t babaylanit, rituaaliasiantuntijat, jotka olivat transsissa yhteydess\u00e4 anitoihin tai diwatoihin, tulkitsivat sairauksia ja johtivat seremonioita. Monissa yhteis\u00f6iss\u00e4 heit\u00e4 arvostettiin suuresti, mutta heid\u00e4n asemaansa horjutettiin tarkoituksellisesti espanjalaisen siirtomaa-ajan kuluessa.<\/p><p>Ihmisten ja henkimaailman suhde ei ollut abstrakti-teologinen, vaan k\u00e4yt\u00e4nn\u00f6nl\u00e4heinen: maank\u00e4ytt\u00f6, sairaus, syntym\u00e4 ja kuolema tulkittiin jatkuvasti suhteessa anitoihin ja diwatoihin.<\/p>\t\t\t\t\t\t\t\t<\/div>\n\t\t\t\t\t<\/div>\n\t\t\t\t<\/div>\n\t\t\t\t\t<\/div>\n\t\t\t\t<\/div>\n\t\t<div class=\"elementor-element elementor-element-cp295547c2 e-flex e-con-boxed e-con e-parent\" data-id=\"cp295547c2\" data-element_type=\"container\" data-e-type=\"container\">\n\t\t\t\t\t<div class=\"e-con-inner\">\n\t\t\t\t<div class=\"elementor-element elementor-element-cp28944fb0 elementor-widget elementor-widget-heading\" data-id=\"cp28944fb0\" data-element_type=\"widget\" data-e-type=\"widget\" data-widget_type=\"heading.default\">\n\t\t\t\t\t<h2 class=\"elementor-heading-title elementor-size-default\">L\u00e4hteet: espanjalaiset kronikat ja suullisen perinteen eepokset<\/h2>\t\t\t\t<\/div>\n\t\t<div class=\"elementor-element elementor-element-cp23d59da4 e-flex e-con-boxed e-con e-child\" data-id=\"cp23d59da4\" data-element_type=\"container\" data-e-type=\"container\">\n\t\t\t\t\t<div class=\"e-con-inner\">\n\t\t\t\t<div class=\"elementor-element elementor-element-cp2ce157b6 elementor-widget elementor-widget-text-editor\" data-id=\"cp2ce157b6\" data-element_type=\"widget\" data-e-type=\"widget\" data-widget_type=\"text-editor.default\">\n\t\t\t\t\t\t\t\t\t<p>Kirjallinen <span class=\"iwg-fachbegriff\" data-tooltip=\"Tiedon ja kertomusten v\u00e4litt\u00e4minen sukupolvelta toiselle.\" tabindex=\"0\">perinteentuntemus<\/span> Filippiinien espanjaa edelt\u00e4v\u00e4st\u00e4 uskonnosta on per\u00e4isin l\u00e4hes yksinomaan espanjalaisilta munkeilta. Varhaisimpiin ja t\u00e4rkeimpiin l\u00e4hteisiin kuuluu fransiskaani Juan de Plasencian Relaci\u00f3n de las Costumbres de los Tagalos vuodelta 1589 sek\u00e4 hieman my\u00f6hemmin syntynyt Boxer Codex, runsaasti kuvitettu k\u00e4sikirjoitus saariston asukkaista.<\/p><p>Visayasin osalta jesuiitta Ignacio Francisco Alcinan Historia de las Islas e Indios de Bisayas vuodelta 1668 on keskeinen, joskin l\u00e4hetysty\u00f6n n\u00e4k\u00f6kulmasta kirjoitettu l\u00e4hde. Kuten muidenkin maailman alueiden vastaavien siirtomaa-aikaisten tekstien kohdalla: niiden tavoitteena oli <span class=\"iwg-fachbegriff\" data-tooltip=\"Kristillisest\u00e4 n\u00e4k\u00f6kulmasta: esikristillisen tai ei-kristillisen uskonnon edustaja.\" tabindex=\"0\">pakanallisiksi<\/span> leimattujen k\u00e4yt\u00e4nt\u00f6jen torjuminen, ei niiden neutraali kuvaaminen.<\/p><p>Toisen, itsen\u00e4isemm\u00e4n l\u00e4hderyhm\u00e4n muodostavat suullisesti v\u00e4littyneet eepokset, jotka kirjattiin muistiin vasta 1800- ja 1900-luvuilla, kuten Bicol-alueen Ibalong-eepos ja Panayn Hinilawod-eepos. Niiss\u00e4 s\u00e4ilyy, kaikesta varovaisuudesta my\u00f6hempien muokkausten suhteen huolimatta, vanhempia kerrontarakenteita ja jumaltaustan hahmoja kuten Gugurang tai Handyong.<\/p><p>1900-luvulla folkloristit kuten Maximo Ramos, joka loi k\u00e4sitteen aswang-kompleksi, ja Damiana Eugenio moniosaisella filippiinil\u00e4isen kansankirjallisuuden kokoelmallaan j\u00e4rjestelm\u00e4llistiv\u00e4t n\u00e4it\u00e4 hajanaisia l\u00e4hteit\u00e4 ensimm\u00e4ist\u00e4 kertaa tieteellisesti.<\/p>\t\t\t\t\t\t\t\t<\/div>\n\t\t\t\t\t<\/div>\n\t\t\t\t<\/div>\n\t\t\t\t\t<\/div>\n\t\t\t\t<\/div>\n\t\t<div class=\"elementor-element elementor-element-cp2c009332 e-flex e-con-boxed e-con e-parent\" data-id=\"cp2c009332\" data-element_type=\"container\" data-e-type=\"container\">\n\t\t\t\t\t<div class=\"e-con-inner\">\n\t\t\t\t<div class=\"elementor-element elementor-element-cp225c94da elementor-widget elementor-widget-heading\" data-id=\"cp225c94da\" data-element_type=\"widget\" data-e-type=\"widget\" data-widget_type=\"heading.default\">\n\t\t\t\t\t<h2 class=\"elementor-heading-title elementor-size-default\">Siirtomaavalta, kristillistyminen ja nykyinen uudelleenl\u00f6yt\u00e4minen<\/h2>\t\t\t\t<\/div>\n\t\t<div class=\"elementor-element elementor-element-cp2c7191ab e-flex e-con-boxed e-con e-child\" data-id=\"cp2c7191ab\" data-element_type=\"container\" data-e-type=\"container\">\n\t\t\t\t\t<div class=\"e-con-inner\">\n\t\t\t\t<div class=\"elementor-element elementor-element-cp23f4061d elementor-widget elementor-widget-text-editor\" data-id=\"cp23f4061d\" data-element_type=\"widget\" data-e-type=\"widget\" data-widget_type=\"text-editor.default\">\n\t\t\t\t\t\t\t\t\t<p>Espanjalainen siirtomaa-aika vuosina 1565\u20131898 toi mukanaan j\u00e4rjestelm\u00e4llisen kristillistymisen. Anitot ja diwatat esitettiin kirkollisissa teksteiss\u00e4 s\u00e4\u00e4nn\u00f6nmukaisesti demoneina, niiden palvontaa vainottiin syntin\u00e4, ja babaylaneja syrj\u00e4ytettiin monilla alueilla vallasta tai painostettiin k\u00e4\u00e4ntym\u00e4\u00e4n.<\/p><p>Vanha henkimaailma ei kuitenkaan t\u00e4ysin katoaisi. Se s\u00e4ilyi kansanomaisessa katolisuuden muodossa, jossa pyhimysjuhlat sulautuivat espanjaa edelt\u00e4viin sadonkorjuutapoihin, sek\u00e4 t\u00e4h\u00e4n p\u00e4iv\u00e4\u00e4n asti el\u00e4v\u00e4isen\u00e4 suullisena kertomusperinteen\u00e4 aswangeista, diwatoista ja luonnonhengist\u00e4, erityisesti Visayasin maaseutualueilla.<\/p><p>1900-luvulla filippiinil\u00e4isen nationalismin my\u00f6t\u00e4 syntyi uutta kiinnostusta espanjaa edelt\u00e4vi\u00e4 perinteit\u00e4 kohtaan, n\u00e4kyvimmill\u00e4\u00e4n Jos\u00e9 Rizalin kirjallisessa k\u00e4sittelyss\u00e4 Maria Makilingista. 1960-luvulta l\u00e4htien folkloristit kuten Maximo Ramos ja Damiana Eugenio dokumentoivat j\u00e4ljelle j\u00e4\u00e4neit\u00e4 kertomusperinteit\u00e4 j\u00e4rjestelm\u00e4llisesti.<\/p><p>Nyky\u00e4\u00e4n elokuva, televisio ja populaarikulttuuri muotoilevat merkitt\u00e4v\u00e4sti julkista k\u00e4sityst\u00e4 aswangeista ja diwatoista, mink\u00e4 vuoksi uskontotieteilij\u00e4t kuten Fenella Cannell kannustavat erottamaan toisistaan populaarin yksinkertaistamisen ja monimutkaisemmat, alueellisesti moninaiset l\u00e4hteet. Yhten\u00e4isest\u00e4 espanjaa edelt\u00e4neen uskonnon el\u00e4v\u00e4n k\u00e4yt\u00e4nn\u00f6n uudelleenher\u00e4tt\u00e4misest\u00e4 ei voida puhua, suurin osa filippiinil\u00e4isist\u00e4 on nyky\u00e4\u00e4n katolilaisia tai, osissa Mindanaota, muslimeja.<\/p>\t\t\t\t\t\t\t\t<\/div>\n\t\t\t\t\t<\/div>\n\t\t\t\t<\/div>\n\t\t\t\t\t<\/div>\n\t\t\t\t<\/div>\n\t\t<div class=\"elementor-element elementor-element-iwgha-sami-sec e-flex e-con-boxed e-con e-parent\" data-id=\"iwgha-sami-sec\" data-element_type=\"container\" data-e-type=\"container\">\n\t\t\t\t\t<div class=\"e-con-inner\">\n\t\t\t\t<div class=\"elementor-element elementor-element-iwgha-sami-h elementor-widget elementor-widget-heading\" data-id=\"iwgha-sami-h\" data-element_type=\"widget\" data-e-type=\"widget\" data-widget_type=\"heading.default\">\n\t\t\t\t\t<h2 class=\"elementor-heading-title elementor-size-default\">T\u00e4m\u00e4n perinteen olennot (21)<\/h2>\t\t\t\t<\/div>\n\t\t<div class=\"elementor-element elementor-element-iwgha-sami-gc e-flex e-con-boxed e-con e-parent\" data-id=\"iwgha-sami-gc\" data-element_type=\"container\" data-e-type=\"container\">\n\t\t\t\t\t<div class=\"e-con-inner\">\n\t\t\t\t<div class=\"elementor-element elementor-element-iwgha-sami-grid elementor-widget elementor-widget-text-editor\" data-id=\"iwgha-sami-grid\" data-element_type=\"widget\" data-e-type=\"widget\" data-widget_type=\"text-editor.default\">\n\t\t\t\t\t\t\t\t\t<div class=\"iwg-wesen-grid\"><a class=\"iwg-wesen-card\" href=\"https:\/\/iwell-guard.com\/fi\/tikbalang\/\" aria-label=\"Tikbalang\"><div class=\"iwg-wesen-card-imgwrap\"><img decoding=\"async\" src=\"https:\/\/iwell-guard.com\/wp-content\/uploads\/2026\/07\/geister_philippinisch_tikbalang-200x300.webp\" alt=\"Tikbalang\" loading=\"lazy\"><\/div><div class=\"iwg-wesen-card-body\"><div class=\"iwg-wesen-card-name\">Tikbalang<\/div><div class=\"iwg-wesen-card-arrow\">\u2192 Olennon sivulle<\/div><\/div><\/a><a class=\"iwg-wesen-card\" href=\"https:\/\/iwell-guard.com\/fi\/kapre\/\" aria-label=\"Kapre\"><div class=\"iwg-wesen-card-imgwrap\"><img decoding=\"async\" src=\"https:\/\/iwell-guard.com\/wp-content\/uploads\/2026\/07\/geister_philippinisch_kapre-200x300.webp\" alt=\"Kapre\" loading=\"lazy\"><\/div><div class=\"iwg-wesen-card-body\"><div class=\"iwg-wesen-card-name\">Kapre<\/div><div class=\"iwg-wesen-card-arrow\">\u2192 Olennon sivulle<\/div><\/div><\/a><a class=\"iwg-wesen-card\" href=\"https:\/\/iwell-guard.com\/fi\/diwata\/\" aria-label=\"Diwata\"><div class=\"iwg-wesen-card-imgwrap\"><img decoding=\"async\" src=\"https:\/\/iwell-guard.com\/wp-content\/uploads\/2026\/07\/goetter_philippinisch_diwata-200x300.webp\" alt=\"Diwata\" loading=\"lazy\"><\/div><div class=\"iwg-wesen-card-body\"><div class=\"iwg-wesen-card-name\">Diwata<\/div><div class=\"iwg-wesen-card-arrow\">\u2192 Olennon sivulle<\/div><\/div><\/a><a class=\"iwg-wesen-card\" href=\"https:\/\/iwell-guard.com\/fi\/sirena\/\" aria-label=\"Sirena\"><div class=\"iwg-wesen-card-imgwrap\"><img decoding=\"async\" src=\"https:\/\/iwell-guard.com\/wp-content\/uploads\/2026\/07\/geister_philippinisch_sirena-200x300.webp\" alt=\"Sirena\" loading=\"lazy\"><\/div><div class=\"iwg-wesen-card-body\"><div class=\"iwg-wesen-card-name\">Sirena<\/div><div class=\"iwg-wesen-card-arrow\">\u2192 Olennon sivulle<\/div><\/div><\/a><a class=\"iwg-wesen-card\" href=\"https:\/\/iwell-guard.com\/fi\/naga-bicol\/\" aria-label=\"Naga (Bicol)\"><div class=\"iwg-wesen-card-imgwrap\"><img decoding=\"async\" src=\"https:\/\/iwell-guard.com\/wp-content\/uploads\/2026\/07\/goetter_philippinisch_naga-bicol-200x300.webp\" alt=\"Naga (Bicol)\" loading=\"lazy\"><\/div><div class=\"iwg-wesen-card-body\"><div class=\"iwg-wesen-card-name\">Naga (Bicol)<\/div><div class=\"iwg-wesen-card-arrow\">\u2192 Olennon sivulle<\/div><\/div><\/a><a class=\"iwg-wesen-card\" href=\"https:\/\/iwell-guard.com\/fi\/berberoka\/\" aria-label=\"Berberoka\"><div class=\"iwg-wesen-card-imgwrap\"><img decoding=\"async\" src=\"https:\/\/iwell-guard.com\/wp-content\/uploads\/2026\/07\/daemonen_philippinisch_berberoka-200x300.webp\" alt=\"Berberoka\" loading=\"lazy\"><\/div><div class=\"iwg-wesen-card-body\"><div class=\"iwg-wesen-card-name\">Berberoka<\/div><div class=\"iwg-wesen-card-arrow\">\u2192 Olennon sivulle<\/div><\/div><\/a><a class=\"iwg-wesen-card\" href=\"https:\/\/iwell-guard.com\/fi\/tiyanak\/\" aria-label=\"Tiyanak\"><div class=\"iwg-wesen-card-imgwrap\"><img decoding=\"async\" src=\"https:\/\/iwell-guard.com\/wp-content\/uploads\/2026\/07\/daemonen_philippinisch_tiyanak-200x300.webp\" alt=\"Tiyanak\" loading=\"lazy\"><\/div><div class=\"iwg-wesen-card-body\"><div class=\"iwg-wesen-card-name\">Tiyanak<\/div><div class=\"iwg-wesen-card-arrow\">\u2192 Olennon sivulle<\/div><\/div><\/a><a class=\"iwg-wesen-card\" href=\"https:\/\/iwell-guard.com\/fi\/pugot\/\" aria-label=\"Pugot\"><div class=\"iwg-wesen-card-imgwrap\"><img decoding=\"async\" src=\"https:\/\/iwell-guard.com\/wp-content\/uploads\/2026\/07\/geister_philippinisch_pugot-200x300.webp\" alt=\"Pugot\" loading=\"lazy\"><\/div><div class=\"iwg-wesen-card-body\"><div class=\"iwg-wesen-card-name\">Pugot<\/div><div class=\"iwg-wesen-card-arrow\">\u2192 Olennon sivulle<\/div><\/div><\/a><a class=\"iwg-wesen-card\" href=\"https:\/\/iwell-guard.com\/fi\/multo\/\" aria-label=\"Multo\"><div class=\"iwg-wesen-card-imgwrap\"><img decoding=\"async\" src=\"https:\/\/iwell-guard.com\/wp-content\/uploads\/2026\/07\/geister_philippinisch_multo-200x300.webp\" alt=\"Multo\" loading=\"lazy\"><\/div><div class=\"iwg-wesen-card-body\"><div class=\"iwg-wesen-card-name\">Multo<\/div><div class=\"iwg-wesen-card-arrow\">\u2192 Olennon sivulle<\/div><\/div><\/a><a class=\"iwg-wesen-card\" href=\"https:\/\/iwell-guard.com\/fi\/manananggal\/\" aria-label=\"Manananggal\"><div class=\"iwg-wesen-card-imgwrap\"><img decoding=\"async\" src=\"https:\/\/iwell-guard.com\/wp-content\/uploads\/2026\/07\/daemonen_philippinisch_manananggal-200x300.webp\" alt=\"Manananggal\" loading=\"lazy\"><\/div><div class=\"iwg-wesen-card-body\"><div class=\"iwg-wesen-card-name\">Manananggal<\/div><div class=\"iwg-wesen-card-arrow\">\u2192 Olennon sivulle<\/div><\/div><\/a><a class=\"iwg-wesen-card\" href=\"https:\/\/iwell-guard.com\/fi\/aswang\/\" aria-label=\"Aswang\"><div class=\"iwg-wesen-card-imgwrap\"><img decoding=\"async\" src=\"https:\/\/iwell-guard.com\/wp-content\/uploads\/2026\/07\/daemonen_philippinisch_aswang-200x300.webp\" alt=\"Aswang\" loading=\"lazy\"><\/div><div class=\"iwg-wesen-card-body\"><div class=\"iwg-wesen-card-name\">Aswang<\/div><div class=\"iwg-wesen-card-arrow\">\u2192 Olennon sivulle<\/div><\/div><\/a><a class=\"iwg-wesen-card\" href=\"https:\/\/iwell-guard.com\/fi\/lalahon\/\" aria-label=\"Lalahon\"><div class=\"iwg-wesen-card-imgwrap\"><img decoding=\"async\" src=\"https:\/\/iwell-guard.com\/wp-content\/uploads\/2026\/07\/goetter_philippinisch_lalahon-200x300.webp\" alt=\"Lalahon\" loading=\"lazy\"><\/div><div class=\"iwg-wesen-card-body\"><div class=\"iwg-wesen-card-name\">Lalahon<\/div><div class=\"iwg-wesen-card-arrow\">\u2192 Olennon sivulle<\/div><\/div><\/a><a class=\"iwg-wesen-card\" href=\"https:\/\/iwell-guard.com\/fi\/kan-laon\/\" aria-label=\"Kan-Laon\"><div class=\"iwg-wesen-card-imgwrap\"><img decoding=\"async\" src=\"https:\/\/iwell-guard.com\/wp-content\/uploads\/2026\/07\/goetter_philippinisch_kan-laon-200x300.webp\" alt=\"Kan-Laon\" loading=\"lazy\"><\/div><div class=\"iwg-wesen-card-body\"><div class=\"iwg-wesen-card-name\">Kan-Laon<\/div><div class=\"iwg-wesen-card-arrow\">\u2192 Olennon sivulle<\/div><\/div><\/a><a class=\"iwg-wesen-card\" href=\"https:\/\/iwell-guard.com\/fi\/gugurang\/\" aria-label=\"Gugurang\"><div class=\"iwg-wesen-card-imgwrap\"><img decoding=\"async\" src=\"https:\/\/iwell-guard.com\/wp-content\/uploads\/2026\/07\/goetter_philippinisch_gugurang-200x300.webp\" alt=\"Gugurang\" loading=\"lazy\"><\/div><div class=\"iwg-wesen-card-body\"><div class=\"iwg-wesen-card-name\">Gugurang<\/div><div class=\"iwg-wesen-card-arrow\">\u2192 Olennon sivulle<\/div><\/div><\/a><a class=\"iwg-wesen-card\" href=\"https:\/\/iwell-guard.com\/fi\/lihangin\/\" aria-label=\"Lihangin\"><div class=\"iwg-wesen-card-imgwrap\"><img decoding=\"async\" src=\"https:\/\/iwell-guard.com\/wp-content\/uploads\/2026\/07\/goetter_philippinisch_lihangin-200x300.webp\" alt=\"Lihangin\" loading=\"lazy\"><\/div><div class=\"iwg-wesen-card-body\"><div class=\"iwg-wesen-card-name\">Lihangin<\/div><div class=\"iwg-wesen-card-arrow\">\u2192 Olennon sivulle<\/div><\/div><\/a><a class=\"iwg-wesen-card\" href=\"https:\/\/iwell-guard.com\/fi\/habagat\/\" aria-label=\"Habagat\"><div class=\"iwg-wesen-card-imgwrap\"><img decoding=\"async\" src=\"https:\/\/iwell-guard.com\/wp-content\/uploads\/2026\/07\/goetter_philippinisch_habagat-200x300.webp\" alt=\"Habagat\" loading=\"lazy\"><\/div><div class=\"iwg-wesen-card-body\"><div class=\"iwg-wesen-card-name\">Habagat<\/div><div class=\"iwg-wesen-card-arrow\">\u2192 Olennon sivulle<\/div><\/div><\/a><a class=\"iwg-wesen-card\" href=\"https:\/\/iwell-guard.com\/fi\/buhawi\/\" aria-label=\"Buhawi\"><div class=\"iwg-wesen-card-imgwrap\"><img decoding=\"async\" src=\"https:\/\/iwell-guard.com\/wp-content\/uploads\/2026\/07\/geister_philippinisch_buhawi-200x300.webp\" alt=\"Buhawi\" loading=\"lazy\"><\/div><div class=\"iwg-wesen-card-body\"><div class=\"iwg-wesen-card-name\">Buhawi<\/div><div class=\"iwg-wesen-card-arrow\">\u2192 Olennon sivulle<\/div><\/div><\/a><a class=\"iwg-wesen-card\" href=\"https:\/\/iwell-guard.com\/fi\/apo-angin\/\" aria-label=\"Apo Angin\"><div class=\"iwg-wesen-card-imgwrap\"><img decoding=\"async\" src=\"https:\/\/iwell-guard.com\/wp-content\/uploads\/2026\/07\/goetter_philippinisch_apo-angin-200x300.webp\" alt=\"Apo Angin\" loading=\"lazy\"><\/div><div class=\"iwg-wesen-card-body\"><div class=\"iwg-wesen-card-name\">Apo Angin<\/div><div class=\"iwg-wesen-card-arrow\">\u2192 Olennon sivulle<\/div><\/div><\/a><a class=\"iwg-wesen-card\" href=\"https:\/\/iwell-guard.com\/fi\/anitun-tabu\/\" aria-label=\"Anitun Tabu\"><div class=\"iwg-wesen-card-imgwrap\"><img decoding=\"async\" src=\"https:\/\/iwell-guard.com\/wp-content\/uploads\/2026\/07\/goetter_philippinisch_anitun-tabu-200x300.webp\" alt=\"Anitun Tabu\" loading=\"lazy\"><\/div><div class=\"iwg-wesen-card-body\"><div class=\"iwg-wesen-card-name\">Anitun Tabu<\/div><div class=\"iwg-wesen-card-arrow\">\u2192 Olennon sivulle<\/div><\/div><\/a><a class=\"iwg-wesen-card\" href=\"https:\/\/iwell-guard.com\/fi\/amihan\/\" aria-label=\"Amihan\"><div class=\"iwg-wesen-card-imgwrap\"><img decoding=\"async\" src=\"https:\/\/iwell-guard.com\/wp-content\/uploads\/2026\/07\/goetter_philippinisch_amihan-200x300.webp\" alt=\"Amihan\" loading=\"lazy\"><\/div><div class=\"iwg-wesen-card-body\"><div class=\"iwg-wesen-card-name\">Amihan<\/div><div class=\"iwg-wesen-card-arrow\">\u2192 Olennon sivulle<\/div><\/div><\/a><a class=\"iwg-wesen-card\" href=\"https:\/\/iwell-guard.com\/fi\/maria-makiling\/\" aria-label=\"Maria Makiling\"><div class=\"iwg-wesen-card-imgwrap\"><img decoding=\"async\" src=\"https:\/\/iwell-guard.com\/wp-content\/uploads\/2026\/07\/geister_philippinisch_maria-makiling-200x300.webp\" alt=\"Maria Makiling\" loading=\"lazy\"><\/div><div class=\"iwg-wesen-card-body\"><div class=\"iwg-wesen-card-name\">Maria Makiling<\/div><div class=\"iwg-wesen-card-arrow\">\u2192 Olennon sivulle<\/div><\/div><\/a><\/div>\t\t\t\t\t\t\t\t<\/div>\n\t\t\t\t\t<\/div>\n\t\t\t\t<\/div>\n\t\t\t\t\t<\/div>\n\t\t\t\t<\/div>\n\t\t<div class=\"elementor-element elementor-element-iwgkw2-add-sami e-flex e-con-boxed e-con e-parent\" data-id=\"iwgkw2-add-sami\" data-element_type=\"container\" data-e-type=\"container\">\n\t\t\t\t\t<div class=\"e-con-inner\">\n\t\t\t\t<div class=\"elementor-element elementor-element-iwgkw2-add-sami-t elementor-widget elementor-widget-text-editor\" data-id=\"iwgkw2-add-sami-t\" data-element_type=\"widget\" data-e-type=\"widget\" data-widget_type=\"text-editor.default\">\n\t\t\t\t\t\t\t\t\t<p>Filippiinil\u00e4inen <em>anito-esi-is\u00e4kultti<\/em> yhdist\u00e4\u00e4 babaylanit, uhrilahjat ja paikkahenget itsen\u00e4iseksi suojeluk\u00e4yt\u00e4nn\u00f6ksi, kun tutkimuksen kuvaama <em>aswang-kompleksi<\/em> osoittaa, miten yhteis\u00f6t k\u00e4sitteliv\u00e4t uhkaa kerronnan kautta, esimerkiksi valkosipulin, suolan tai pyhitettyjen esineiden avulla pel\u00e4ttyj\u00e4 y\u00f6n olentoja vastaan.<\/p>\t\t\t\t\t\t\t\t<\/div>\n\t\t\t\t\t<\/div>\n\t\t\t\t<\/div>\n\t\t<div class=\"elementor-element elementor-element-iwgcn-sami-kwd e-flex e-con-boxed e-con e-parent\" data-id=\"iwgcn-sami-kwd\" data-element_type=\"container\" data-e-type=\"container\">\n\t\t\t\t\t<div class=\"e-con-inner\">\n\t\t<div class=\"elementor-element elementor-element-iwgcn-sami-kwd-c e-con-full e-flex e-con e-child\" data-id=\"iwgcn-sami-kwd-c\" data-element_type=\"container\" data-e-type=\"container\">\n\t\t\t\t<div class=\"elementor-element elementor-element-iwgcn-sami-kwdt elementor-widget elementor-widget-text-editor\" data-id=\"iwgcn-sami-kwdt\" data-element_type=\"widget\" data-e-type=\"widget\" data-widget_type=\"text-editor.default\">\n\t\t\t\t\t\t\t\t\t<p><em>Aiheeseen liittyv\u00e4t avaink\u00e4sitteet: Anito Diwata Bathala Bakunawa Babaylan Aswang Ibalong Visayas Luzon Mindanao.<\/em><\/p>\t\t\t\t\t\t\t\t<\/div>\n\t\t\t\t<\/div>\n\t\t\t\t\t<\/div>\n\t\t\t\t<\/div>\n\t\t<div class=\"elementor-element elementor-element-iwgcn-sami-cc e-flex e-con-boxed e-con e-parent\" data-id=\"iwgcn-sami-cc\" data-element_type=\"container\" data-e-type=\"container\" id=\"iwg-cc-sami\">\n\t\t\t\t\t<div class=\"e-con-inner\">\n\t\t<div class=\"elementor-element elementor-element-iwgcn-sami-ccinner e-flex e-con-boxed e-con e-parent\" data-id=\"iwgcn-sami-ccinner\" data-element_type=\"container\" data-e-type=\"container\" data-settings=\"{&quot;background_background&quot;:&quot;classic&quot;}\">\n\t\t\t\t\t<div class=\"e-con-inner\">\n\t\t\t\t<div class=\"elementor-element elementor-element-iwgcn-sami-cch elementor-widget elementor-widget-heading\" data-id=\"iwgcn-sami-cch\" data-element_type=\"widget\" data-e-type=\"widget\" data-widget_type=\"heading.default\">\n\t\t\t\t\t<h2 class=\"elementor-heading-title elementor-size-default\">Suojaesineet t\u00e4ss\u00e4 kulttuuriperinteess\u00e4<\/h2>\t\t\t\t<\/div>\n\t\t\t\t<div class=\"elementor-element elementor-element-iwgcn-sami-cct elementor-widget elementor-widget-text-editor\" data-id=\"iwgcn-sami-cct\" data-element_type=\"widget\" data-e-type=\"widget\" data-widget_type=\"text-editor.default\">\n\t\t\t\t\t\t\t\t\t<p>Filippiinil\u00e4iseen kansanperinteeseen kuuluu Anting-Anting-nimell\u00e4 tunnettu <a href=\"https:\/\/iwell-guard.com\/fi\/amuletti\/\">amuletti<\/a>, jossa on uskonnollisia merkkej\u00e4 ja <a href=\"https:\/\/iwell-guard.com\/fi\/?page_id=145083\">rukouskaavoja<\/a>, sek\u00e4 Agimat sen sukulaistalismaanina <a href=\"https:\/\/iwell-guard.com\/fi\/talismaani\/\">talismaani<\/a>, sek\u00e4 valkosipuli, <a href=\"https:\/\/iwell-guard.com\/fi\/suola-suojana\/\">suola<\/a> ja siunattu \u00f6ljy, joita maaseudun kertomuksissa k\u00e4ytettiin Aswang-kompleksia vastaan. T\u00e4llaisia esineit\u00e4 on kulttuurihistoriallisesti ymm\u00e4rrett\u00e4v\u00e4 suojantarpeen ilmauksena, ei todistetusti toimivina keinoina. Yleiskatsauksen eri kulttuurien suojamuodoista tarjoaa <a href=\"https:\/\/iwell-guard.com\/fi\/suoja-kompassi\/\">Suoja-kompassi<\/a>.<\/p><div data-nosnippet=\"true\"><p>iWell Guard liittyy t\u00e4h\u00e4n kannettavien suojaesineiden kulttuurihistorialliseen jatkumoon nykyaikaisella materiaalirakenteella, valmistettuna Saksassa. 41 kerrosta, aitoa kultaa, platinaa, hopeaa. 30 p\u00e4iv\u00e4n palautusoikeus.<\/p><\/div>\t\t\t\t\t\t\t\t<\/div>\n\t\t\t\t<div class=\"elementor-element elementor-element-iwgcn-sami-ccb iwg-cc-button iwg-cc-cta-2026-05-13 elementor-widget elementor-widget-jet-button\" data-id=\"iwgcn-sami-ccb\" data-element_type=\"widget\" data-e-type=\"widget\" data-widget_type=\"jet-button.default\">\n\t\t\t\t<div class=\"elementor-widget-container\">\n\t\t\t\t\t<div class=\"elementor-jet-button jet-elements\"><div class=\"jet-button__container\"><a class=\"jet-button__instance jet-button__instance--icon-left hover-effect-1\" href=\"\/ueber-iwell-guard\/?utm_source=iwell-guard.com&amp;utm_medium=info-box&amp;utm_campaign=kultur-tradition\"><div class=\"jet-button__plane jet-button__plane-normal\"><\/div><div class=\"jet-button__plane jet-button__plane-hover\"><\/div><div class=\"jet-button__state jet-button__state-normal\"><span class=\"jet-button__label\">Lis\u00e4\u00e4 iWell Guardista<\/span><\/div><div class=\"jet-button__state jet-button__state-hover\"><span class=\"jet-button__label\">Lis\u00e4\u00e4 iWell Guardista<\/span><\/div><\/a><\/div><\/div><style>.elementor-element.elementor-element-iwgcn-sami-ccb .jet-button__instance{width:320px;height:56px;}.elementor-element.elementor-element-iwgcn-sami-ccb .jet-button__state-normal .jet-button__label{text-align:center;margin:0px 0px 0px 0px;color:#1a1b20;font-family:Montserrat,sans-serif;font-size:13px;font-weight:400;letter-spacing:4px;line-height:1.714em;text-transform:uppercase;}.elementor-element.elementor-element-iwgcn-sami-ccb .jet-button__state-hover .jet-button__label{text-align:center;margin:0px 0px 0px 0px;color:#FECC76;font-family:Montserrat,sans-serif;font-size:13px;font-weight:400;letter-spacing:4px;line-height:1.714em;text-transform:uppercase;}.elementor-element.elementor-element-iwgcn-sami-ccb .jet-button__plane-normal{background-color:#FECC76;border-style:solid;border-color:#C99540;border-width:2px 2px 2px 2px;}.elementor-element.elementor-element-iwgcn-sami-ccb .jet-button__plane-hover{background-color:rgba(0,0,0,0.55);border-style:solid;border-color:#FECC76;border-width:2px 2px 2px 2px;}<\/style>\t\t\t\t<\/div>\n\t\t\t\t<\/div>\n\t\t\t\t<div class=\"elementor-element elementor-element-iwgcn-sami-ccd elementor-widget elementor-widget-text-editor\" data-id=\"iwgcn-sami-ccd\" data-element_type=\"widget\" data-e-type=\"widget\" data-widget_type=\"text-editor.default\">\n\t\t\t\t\t\t\t\t\t<div data-nosnippet=\"true\"><p style=\"text-align:center;font-size:13px;opacity:0.7;margin-top:14px\" data-nosnippet=\"true\">Henkil\u00f6kohtaiset kokemukset voivat vaihdella. Ei l\u00e4\u00e4kinn\u00e4llinen laite. Ei paranemislupausta.<\/p><\/div>\t\t\t\t\t\t\t\t<\/div>\n\t\t\t\t\t<\/div>\n\t\t\t\t<\/div>\n\t\t\t\t\t<\/div>\n\t\t\t\t<\/div>\n\t\t<div class=\"elementor-element elementor-element-iwgcn-sami-disc e-flex e-con-boxed e-con e-parent\" data-id=\"iwgcn-sami-disc\" data-element_type=\"container\" data-e-type=\"container\">\n\t\t\t\t\t<div class=\"e-con-inner\">\n\t\t\t\t<div class=\"elementor-element elementor-element-iwgcn-sami-discw elementor-widget elementor-widget-html\" data-id=\"iwgcn-sami-discw\" data-element_type=\"widget\" data-e-type=\"widget\" data-widget_type=\"html.default\">\n\t\t\t\t\t<footer data-nosnippet=\"true\" class=\"iwg-disclaimer-block\"><p data-nosnippet=\"true\">iWell Guard <strong>ei ole l\u00e4\u00e4kinn\u00e4llinen laite<\/strong>, eik\u00e4 se korvaa l\u00e4\u00e4k\u00e4rin tai psykoterapeutin hoitoa. Uskontotieteelliset sis\u00e4ll\u00f6t ovat kulttuurihistoriallista tarkastelua, ei suositus hengelliseen k\u00e4yt\u00e4nt\u00f6\u00f6n.<\/p><\/footer>\t\t\t\t<\/div>\n\t\t\t\t\t<\/div>\n\t\t\t\t<\/div>\n\t\t\t\t<\/div>\n\t\t","protected":false},"excerpt":{"rendered":"","protected":false},"author":3,"featured_media":20197,"parent":0,"menu_order":0,"comment_status":"closed","ping_status":"closed","template":"elementor_header_footer","meta":{"_yoast_wpseo_focuskw":"filippiinilainen mytologia","_yoast_wpseo_title":"Filippiinil\u00e4inen mytologia: anito, diwata, aswang","_yoast_wpseo_metadesc":"Anito-esi-is\u00e4kultti, diwata-henget ja Filippiinien aswang-kompleksi: religionstieteellinen tarkastelu, jossa esitell\u00e4\u00e4n olentoja tikbalangista manananggaliin.","_yoast_wpseo_meta-robots-noindex":"","_yoast_wpseo_canonical":"","_angie_page":false,"gefaehrdungsstufe":"","wesen_kultur":"","wesen_klasse":"","footnotes":""},"categories":[],"class_list":["post-145086","page","type-page","status-publish","has-post-thumbnail","hentry"],"yoast_head":"<!-- This site is optimized with the Yoast SEO Premium plugin v27.7 (Yoast SEO v28.3) - https:\/\/yoast.com\/product\/yoast-seo-premium-wordpress\/ -->\n<title>Filippiinil\u00e4inen mytologia: anito, diwata, aswang<\/title>\n<meta name=\"description\" content=\"Anito-esi-is\u00e4kultti, diwata-henget ja Filippiinien aswang-kompleksi: religionstieteellinen tarkastelu, jossa esitell\u00e4\u00e4n olentoja tikbalangista manananggaliin.\" \/>\n<meta name=\"robots\" content=\"index, follow, max-snippet:-1, max-image-preview:large, max-video-preview:-1\" \/>\n<link rel=\"canonical\" href=\"https:\/\/iwell-guard.com\/fi\/filippiinilainen-mytologia\/\" \/>\n<meta property=\"og:locale\" content=\"fi_FI\" \/>\n<meta property=\"og:type\" content=\"article\" \/>\n<meta property=\"og:title\" content=\"Filippiinil\u00e4inen mytologia\" \/>\n<meta property=\"og:description\" content=\"Anito-esi-is\u00e4kultti, diwata-henget ja Filippiinien aswang-kompleksi: religionstieteellinen tarkastelu, jossa esitell\u00e4\u00e4n olentoja tikbalangista manananggaliin.\" \/>\n<meta property=\"og:url\" content=\"https:\/\/iwell-guard.com\/fi\/filippiinilainen-mytologia\/\" \/>\n<meta property=\"og:site_name\" content=\"iWell Guard\" \/>\n<meta property=\"article:modified_time\" content=\"2026-09-03T13:16:22+00:00\" \/>\n<meta property=\"og:image\" content=\"https:\/\/iwell-guard.com\/wp-content\/uploads\/2026\/07\/daemonen_philippinisch_aswang.webp\" \/>\n\t<meta property=\"og:image:width\" content=\"1024\" \/>\n\t<meta property=\"og:image:height\" content=\"1536\" \/>\n\t<meta property=\"og:image:type\" content=\"image\/webp\" \/>\n<meta name=\"twitter:card\" content=\"summary_large_image\" \/>\n<script type=\"application\/ld+json\" class=\"yoast-schema-graph\">{\"@context\":\"https:\\\/\\\/schema.org\",\"@graph\":[{\"@type\":\"WebPage\",\"@id\":\"https:\\\/\\\/iwell-guard.com\\\/fi\\\/filippiinilainen-mytologia\\\/\",\"url\":\"https:\\\/\\\/iwell-guard.com\\\/fi\\\/filippiinilainen-mytologia\\\/\",\"name\":\"Filippiinil\u00e4inen mytologia: anito, diwata, aswang\",\"isPartOf\":{\"@id\":\"https:\\\/\\\/iwell-guard.com\\\/fi\\\/#website\"},\"primaryImageOfPage\":{\"@id\":\"https:\\\/\\\/iwell-guard.com\\\/fi\\\/filippiinilainen-mytologia\\\/#primaryimage\"},\"image\":{\"@id\":\"https:\\\/\\\/iwell-guard.com\\\/fi\\\/filippiinilainen-mytologia\\\/#primaryimage\"},\"thumbnailUrl\":\"https:\\\/\\\/iwell-guard.com\\\/wp-content\\\/uploads\\\/2026\\\/07\\\/daemonen_philippinisch_aswang.webp\",\"datePublished\":\"2026-09-03T12:42:27+00:00\",\"dateModified\":\"2026-09-03T13:16:22+00:00\",\"description\":\"Anito-esi-is\u00e4kultti, diwata-henget ja Filippiinien aswang-kompleksi: religionstieteellinen tarkastelu, jossa esitell\u00e4\u00e4n olentoja tikbalangista manananggaliin.\",\"breadcrumb\":{\"@id\":\"https:\\\/\\\/iwell-guard.com\\\/fi\\\/filippiinilainen-mytologia\\\/#breadcrumb\"},\"inLanguage\":\"fi\",\"potentialAction\":[{\"@type\":\"ReadAction\",\"target\":[\"https:\\\/\\\/iwell-guard.com\\\/fi\\\/filippiinilainen-mytologia\\\/\"]}]},{\"@type\":\"ImageObject\",\"inLanguage\":\"fi\",\"@id\":\"https:\\\/\\\/iwell-guard.com\\\/fi\\\/filippiinilainen-mytologia\\\/#primaryimage\",\"url\":\"https:\\\/\\\/iwell-guard.com\\\/wp-content\\\/uploads\\\/2026\\\/07\\\/daemonen_philippinisch_aswang.webp\",\"contentUrl\":\"https:\\\/\\\/iwell-guard.com\\\/wp-content\\\/uploads\\\/2026\\\/07\\\/daemonen_philippinisch_aswang.webp\",\"width\":1024,\"height\":1536,\"caption\":\"Aswang, filippiinil\u00e4isen perinteen demoni\"},{\"@type\":\"BreadcrumbList\",\"@id\":\"https:\\\/\\\/iwell-guard.com\\\/fi\\\/filippiinilainen-mytologia\\\/#breadcrumb\",\"itemListElement\":[{\"@type\":\"ListItem\",\"position\":1,\"name\":\"Start\",\"item\":\"https:\\\/\\\/iwell-guard.com\\\/fi\\\/?page_id=143815\"},{\"@type\":\"ListItem\",\"position\":2,\"name\":\"Filippiinil\u00e4inen mytologia\"}]},{\"@type\":\"WebSite\",\"@id\":\"https:\\\/\\\/iwell-guard.com\\\/fi\\\/#website\",\"url\":\"https:\\\/\\\/iwell-guard.com\\\/fi\\\/\",\"name\":\"iWell Guard\",\"description\":\"Schutz vor dunklen Einfl\u00fcssen\",\"publisher\":{\"@id\":\"https:\\\/\\\/iwell-guard.com\\\/fi\\\/#organization\"},\"potentialAction\":[{\"@type\":\"SearchAction\",\"target\":{\"@type\":\"EntryPoint\",\"urlTemplate\":\"https:\\\/\\\/iwell-guard.com\\\/fi\\\/?s={search_term_string}\"},\"query-input\":{\"@type\":\"PropertyValueSpecification\",\"valueRequired\":true,\"valueName\":\"search_term_string\"}}],\"inLanguage\":\"fi\"},{\"@type\":\"Organization\",\"@id\":\"https:\\\/\\\/iwell-guard.com\\\/fi\\\/#organization\",\"name\":\"Ittermann electronic GmbH\",\"url\":\"https:\\\/\\\/iwell-guard.com\\\/fi\\\/\",\"logo\":{\"@type\":\"ImageObject\",\"inLanguage\":\"fi\",\"@id\":\"https:\\\/\\\/iwell-guard.com\\\/fi\\\/#\\\/schema\\\/logo\\\/image\\\/\",\"url\":\"https:\\\/\\\/iwell-guard.com\\\/wp-content\\\/uploads\\\/2026\\\/05\\\/Ittermann-Logo-1182x237-1.png\",\"contentUrl\":\"https:\\\/\\\/iwell-guard.com\\\/wp-content\\\/uploads\\\/2026\\\/05\\\/Ittermann-Logo-1182x237-1.png\",\"width\":1182,\"height\":237,\"caption\":\"Ittermann electronic GmbH\"},\"image\":{\"@id\":\"https:\\\/\\\/iwell-guard.com\\\/fi\\\/#\\\/schema\\\/logo\\\/image\\\/\"},\"sameAs\":[\"https:\\\/\\\/pantip.com\\\/profile\\\/9367242\",\"https:\\\/\\\/micro.blog\\\/iwellguard\",\"https:\\\/\\\/www.diggerslist.com\\\/iwellguard\\\/about\",\"https:\\\/\\\/skitterphoto.com\\\/photographers\\\/2870314\\\/iwell-guard\",\"https:\\\/\\\/iwellguard.wordpress.com\\\/2026\\\/06\\\/06\\\/iwell-guard\\\/\",\"https:\\\/\\\/hub.docker.com\\\/u\\\/iwellguard\",\"https:\\\/\\\/www.pinterest.com\\\/iwellguard\\\/\",\"https:\\\/\\\/bit.ly\\\/m\\\/iwellguard\",\"https:\\\/\\\/entre-vos-mains.alsace.eu\\\/profiles\\\/iwellguard\\\/activity\",\"https:\\\/\\\/gravatar.com\\\/reallybeded8fd34\",\"https:\\\/\\\/naijamatta.com\\\/iwellguard\",\"https:\\\/\\\/www.goodreads.com\\\/iwellguard\",\"https:\\\/\\\/profile.hatena.ne.jp\\\/iwellguard\\\/\",\"https:\\\/\\\/experiment.com\\\/users\\\/iwellguard\",\"https:\\\/\\\/wakelet.com\\\/@iWellGuard82270\",\"https:\\\/\\\/www.chordie.com\\\/forum\\\/profile.php?id=2555664\",\"https:\\\/\\\/www.instapaper.com\\\/p\\\/17757966\",\"https:\\\/\\\/www.mapleprimes.com\\\/users\\\/iwellguard\",\"https:\\\/\\\/businesslistingplus.com\\\/profile\\\/iwell-guard\\\/\",\"https:\\\/\\\/telegra.ph\\\/iWell-Guard-06-06\",\"https:\\\/\\\/pbase.com\\\/iwellguard\\\/iwellguard\",\"https:\\\/\\\/b.hatena.ne.jp\\\/iwellguard\\\/20260607#bookmark-4788405196491818882\",\"https:\\\/\\\/fliphtml5.com\\\/home\\\/iwellguard\",\"https:\\\/\\\/anyflip.com\\\/homepage\\\/cmiwl#About\",\"https:\\\/\\\/transfur.com\\\/Users\\\/iwellguard\",\"http:\\\/\\\/delphi.larsbo.org\\\/user\\\/iwellguard\",\"https:\\\/\\\/jobs.lajobsportal.org\\\/profiles\\\/8380803-iwell-guard\",\"https:\\\/\\\/md.chaosdorf.de\\\/s\\\/jfbe5SBdJD\",\"https:\\\/\\\/www.lingvolive.com\\\/en-us\\\/profile\\\/9ecaeaca-ce11-4e51-9e71-01d55e2bff36\\\/translations\",\"https:\\\/\\\/www.fitday.com\\\/fitness\\\/forums\\\/members\\\/iwellguard.html\",\"https:\\\/\\\/www.mymeetbook.com\\\/iwellguard\",\"https:\\\/\\\/pxhere.com\\\/en\\\/photographer-me\\\/5040798\",\"https:\\\/\\\/disqus.com\\\/by\\\/iwellguard\\\/about\\\/\",\"https:\\\/\\\/pastelink.net\\\/hjwciqwq\",\"https:\\\/\\\/pubhtml5.com\\\/homepage\\\/scjhn\\\/\",\"https:\\\/\\\/www.bitchute.com\\\/channel\\\/2O2eOKzNqujT\",\"https:\\\/\\\/audiomack.com\\\/iwellguard\"]}]}<\/script>\n<!-- \/ Yoast SEO Premium plugin. -->","yoast_head_json":{"title":"Filippiinil\u00e4inen mytologia: anito, diwata, aswang","description":"Anito-esi-is\u00e4kultti, diwata-henget ja Filippiinien aswang-kompleksi: religionstieteellinen tarkastelu, jossa esitell\u00e4\u00e4n olentoja tikbalangista manananggaliin.","robots":{"index":"index","follow":"follow","max-snippet":"max-snippet:-1","max-image-preview":"max-image-preview:large","max-video-preview":"max-video-preview:-1"},"canonical":"https:\/\/iwell-guard.com\/fi\/filippiinilainen-mytologia\/","og_locale":"fi_FI","og_type":"article","og_title":"Filippiinil\u00e4inen mytologia","og_description":"Anito-esi-is\u00e4kultti, diwata-henget ja Filippiinien aswang-kompleksi: religionstieteellinen tarkastelu, jossa esitell\u00e4\u00e4n olentoja tikbalangista manananggaliin.","og_url":"https:\/\/iwell-guard.com\/fi\/filippiinilainen-mytologia\/","og_site_name":"iWell Guard","article_modified_time":"2026-09-03T13:16:22+00:00","og_image":[{"width":1024,"height":1536,"url":"https:\/\/iwell-guard.com\/wp-content\/uploads\/2026\/07\/daemonen_philippinisch_aswang.webp","type":"image\/webp"}],"twitter_card":"summary_large_image","schema":{"@context":"https:\/\/schema.org","@graph":[{"@type":"WebPage","@id":"https:\/\/iwell-guard.com\/fi\/filippiinilainen-mytologia\/","url":"https:\/\/iwell-guard.com\/fi\/filippiinilainen-mytologia\/","name":"Filippiinil\u00e4inen mytologia: anito, diwata, aswang","isPartOf":{"@id":"https:\/\/iwell-guard.com\/fi\/#website"},"primaryImageOfPage":{"@id":"https:\/\/iwell-guard.com\/fi\/filippiinilainen-mytologia\/#primaryimage"},"image":{"@id":"https:\/\/iwell-guard.com\/fi\/filippiinilainen-mytologia\/#primaryimage"},"thumbnailUrl":"https:\/\/iwell-guard.com\/wp-content\/uploads\/2026\/07\/daemonen_philippinisch_aswang.webp","datePublished":"2026-09-03T12:42:27+00:00","dateModified":"2026-09-03T13:16:22+00:00","description":"Anito-esi-is\u00e4kultti, diwata-henget ja Filippiinien aswang-kompleksi: religionstieteellinen tarkastelu, jossa esitell\u00e4\u00e4n olentoja tikbalangista manananggaliin.","breadcrumb":{"@id":"https:\/\/iwell-guard.com\/fi\/filippiinilainen-mytologia\/#breadcrumb"},"inLanguage":"fi","potentialAction":[{"@type":"ReadAction","target":["https:\/\/iwell-guard.com\/fi\/filippiinilainen-mytologia\/"]}]},{"@type":"ImageObject","inLanguage":"fi","@id":"https:\/\/iwell-guard.com\/fi\/filippiinilainen-mytologia\/#primaryimage","url":"https:\/\/iwell-guard.com\/wp-content\/uploads\/2026\/07\/daemonen_philippinisch_aswang.webp","contentUrl":"https:\/\/iwell-guard.com\/wp-content\/uploads\/2026\/07\/daemonen_philippinisch_aswang.webp","width":1024,"height":1536,"caption":"Aswang, filippiinil\u00e4isen perinteen demoni"},{"@type":"BreadcrumbList","@id":"https:\/\/iwell-guard.com\/fi\/filippiinilainen-mytologia\/#breadcrumb","itemListElement":[{"@type":"ListItem","position":1,"name":"Start","item":"https:\/\/iwell-guard.com\/fi\/?page_id=143815"},{"@type":"ListItem","position":2,"name":"Filippiinil\u00e4inen mytologia"}]},{"@type":"WebSite","@id":"https:\/\/iwell-guard.com\/fi\/#website","url":"https:\/\/iwell-guard.com\/fi\/","name":"iWell Guard","description":"Schutz vor dunklen Einfl\u00fcssen","publisher":{"@id":"https:\/\/iwell-guard.com\/fi\/#organization"},"potentialAction":[{"@type":"SearchAction","target":{"@type":"EntryPoint","urlTemplate":"https:\/\/iwell-guard.com\/fi\/?s={search_term_string}"},"query-input":{"@type":"PropertyValueSpecification","valueRequired":true,"valueName":"search_term_string"}}],"inLanguage":"fi"},{"@type":"Organization","@id":"https:\/\/iwell-guard.com\/fi\/#organization","name":"Ittermann electronic GmbH","url":"https:\/\/iwell-guard.com\/fi\/","logo":{"@type":"ImageObject","inLanguage":"fi","@id":"https:\/\/iwell-guard.com\/fi\/#\/schema\/logo\/image\/","url":"https:\/\/iwell-guard.com\/wp-content\/uploads\/2026\/05\/Ittermann-Logo-1182x237-1.png","contentUrl":"https:\/\/iwell-guard.com\/wp-content\/uploads\/2026\/05\/Ittermann-Logo-1182x237-1.png","width":1182,"height":237,"caption":"Ittermann electronic GmbH"},"image":{"@id":"https:\/\/iwell-guard.com\/fi\/#\/schema\/logo\/image\/"},"sameAs":["https:\/\/pantip.com\/profile\/9367242","https:\/\/micro.blog\/iwellguard","https:\/\/www.diggerslist.com\/iwellguard\/about","https:\/\/skitterphoto.com\/photographers\/2870314\/iwell-guard","https:\/\/iwellguard.wordpress.com\/2026\/06\/06\/iwell-guard\/","https:\/\/hub.docker.com\/u\/iwellguard","https:\/\/www.pinterest.com\/iwellguard\/","https:\/\/bit.ly\/m\/iwellguard","https:\/\/entre-vos-mains.alsace.eu\/profiles\/iwellguard\/activity","https:\/\/gravatar.com\/reallybeded8fd34","https:\/\/naijamatta.com\/iwellguard","https:\/\/www.goodreads.com\/iwellguard","https:\/\/profile.hatena.ne.jp\/iwellguard\/","https:\/\/experiment.com\/users\/iwellguard","https:\/\/wakelet.com\/@iWellGuard82270","https:\/\/www.chordie.com\/forum\/profile.php?id=2555664","https:\/\/www.instapaper.com\/p\/17757966","https:\/\/www.mapleprimes.com\/users\/iwellguard","https:\/\/businesslistingplus.com\/profile\/iwell-guard\/","https:\/\/telegra.ph\/iWell-Guard-06-06","https:\/\/pbase.com\/iwellguard\/iwellguard","https:\/\/b.hatena.ne.jp\/iwellguard\/20260607#bookmark-4788405196491818882","https:\/\/fliphtml5.com\/home\/iwellguard","https:\/\/anyflip.com\/homepage\/cmiwl#About","https:\/\/transfur.com\/Users\/iwellguard","http:\/\/delphi.larsbo.org\/user\/iwellguard","https:\/\/jobs.lajobsportal.org\/profiles\/8380803-iwell-guard","https:\/\/md.chaosdorf.de\/s\/jfbe5SBdJD","https:\/\/www.lingvolive.com\/en-us\/profile\/9ecaeaca-ce11-4e51-9e71-01d55e2bff36\/translations","https:\/\/www.fitday.com\/fitness\/forums\/members\/iwellguard.html","https:\/\/www.mymeetbook.com\/iwellguard","https:\/\/pxhere.com\/en\/photographer-me\/5040798","https:\/\/disqus.com\/by\/iwellguard\/about\/","https:\/\/pastelink.net\/hjwciqwq","https:\/\/pubhtml5.com\/homepage\/scjhn\/","https:\/\/www.bitchute.com\/channel\/2O2eOKzNqujT","https:\/\/audiomack.com\/iwellguard"]}]}},"_links":{"self":[{"href":"https:\/\/iwell-guard.com\/fi\/wp-json\/wp\/v2\/pages\/145086","targetHints":{"allow":["GET"]}}],"collection":[{"href":"https:\/\/iwell-guard.com\/fi\/wp-json\/wp\/v2\/pages"}],"about":[{"href":"https:\/\/iwell-guard.com\/fi\/wp-json\/wp\/v2\/types\/page"}],"author":[{"embeddable":true,"href":"https:\/\/iwell-guard.com\/fi\/wp-json\/wp\/v2\/users\/3"}],"replies":[{"embeddable":true,"href":"https:\/\/iwell-guard.com\/fi\/wp-json\/wp\/v2\/comments?post=145086"}],"version-history":[{"count":0,"href":"https:\/\/iwell-guard.com\/fi\/wp-json\/wp\/v2\/pages\/145086\/revisions"}],"wp:featuredmedia":[{"embeddable":true,"href":"https:\/\/iwell-guard.com\/fi\/wp-json\/wp\/v2\/media\/20197"}],"wp:attachment":[{"href":"https:\/\/iwell-guard.com\/fi\/wp-json\/wp\/v2\/media?parent=145086"}],"wp:term":[{"taxonomy":"category","embeddable":true,"href":"https:\/\/iwell-guard.com\/fi\/wp-json\/wp\/v2\/categories?post=145086"}],"curies":[{"name":"wp","href":"https:\/\/api.w.org\/{rel}","templated":true}]}}