{"id":145078,"date":"2026-09-03T12:42:22","date_gmt":"2026-09-03T12:42:22","guid":{"rendered":"https:\/\/iwell-guard.com\/?page_id=145078"},"modified":"2026-09-03T13:16:11","modified_gmt":"2026-09-03T13:16:11","slug":"misteli","status":"publish","type":"page","link":"https:\/\/iwell-guard.com\/fi\/misteli\/","title":{"rendered":"Misteli"},"content":{"rendered":"\t\t<div data-elementor-type=\"wp-page\" data-elementor-id=\"145078\" class=\"elementor elementor-145078 elementor-20508 elementor-bc-flex-widget\" data-elementor-post-type=\"page\">\n\t\t\t\t<div class=\"elementor-element elementor-element-iwgs-wacholder-hero e-flex e-con-boxed e-con e-parent\" data-id=\"iwgs-wacholder-hero\" data-element_type=\"container\" data-e-type=\"container\">\n\t\t\t\t\t<div class=\"e-con-inner\">\n\t\t<div class=\"elementor-element elementor-element-iw-wacholder-hero-left e-con-full e-flex e-con e-child\" data-id=\"iw-wacholder-hero-left\" data-element_type=\"container\" data-e-type=\"container\">\n\t\t\t\t<div class=\"elementor-element elementor-element-iwgs-wacholder-h1 elementor-widget elementor-widget-heading\" data-id=\"iwgs-wacholder-h1\" data-element_type=\"widget\" data-e-type=\"widget\" data-widget_type=\"heading.default\">\n\t\t\t\t\t<h1 class=\"elementor-heading-title elementor-size-default\">Misteli \u2013 suojakasvi demoneja vastaan<\/h1>\t\t\t\t<\/div>\n\t\t<div class=\"elementor-element elementor-element-iw-wacholder-hero-bw e-con-full e-flex e-con e-child\" data-id=\"iw-wacholder-hero-bw\" data-element_type=\"container\" data-e-type=\"container\">\n\t\t\t\t<div class=\"elementor-element elementor-element-iwgs-wacholder-pills elementor-widget elementor-widget-html\" data-id=\"iwgs-wacholder-pills\" data-element_type=\"widget\" data-e-type=\"widget\" data-widget_type=\"html.default\">\n\t\t\t\t\t<div class=\"iwg-pill-row\"><span class=\"iwg-klasse-badge\" tabindex=\"0\" data-tooltip=\"Suojakeinon laji.\">Suojayrtti<\/span><a href=\"https:\/\/iwell-guard.com\/fi\/?page_id=145072\" class=\"iwg-kultur-badge\" tabindex=\"0\" data-tooltip=\"Suojayrttien yleiskatsaukseen.\">Suojayrtit<\/a><\/div>\t\t\t\t<\/div>\n\t\t\t\t<div class=\"elementor-element elementor-element-iwgs-wacholder-lead elementor-widget elementor-widget-text-editor\" data-id=\"iwgs-wacholder-lead\" data-element_type=\"widget\" data-e-type=\"widget\" data-widget_type=\"text-editor.default\">\n\t\t\t\t\t\t\t\t\t<p>Misteli ei kasva maasta, vaan vieraiden puiden oksilla, eik\u00e4 sill\u00e4 ole omaa juurikosketusta maaper\u00e4\u00e4n. T\u00e4m\u00e4 erikoisasema puun ja taivaan v\u00e4liss\u00e4 teki siit\u00e4 l\u00e4hes kaikissa Euroopan kulttuureissa erityisen merkitt\u00e4v\u00e4n kasvin: se pysyi vihre\u00e4n\u00e4, kun is\u00e4nt\u00e4puu oli talvella lehdet\u00f6n, ja n\u00e4ytti siten rikkovan vuodenkierron.<\/p><p>Druideista, jotka Pliniuksen mukaan korjasivat sen kultaisella sirpill\u00e4, aina maalaisperinteeseen, jossa mistelin oksia ripustettiin oven ja navetan yl\u00e4puolelle, ulottuu pitk\u00e4 perinne, joka liitt\u00e4\u00e4 kasviin voiman demoneja ja vahingollisia voimia vastaan.<\/p>\n<p class=\"iwg-kwfix\">Misteli\u00e4 pidet\u00e4\u00e4n kansanuskossa suojakasvina demoneja vastaan.<\/p>\t\t\t\t\t\t\t\t<\/div>\n\t\t\t\t<\/div>\n\t\t\t\t<\/div>\n\t\t<div class=\"elementor-element elementor-element-iw-wacholder-hero-img e-con-full e-flex e-con e-child\" data-id=\"iw-wacholder-hero-img\" data-element_type=\"container\" data-e-type=\"container\">\n\t\t\t\t<div class=\"elementor-element elementor-element-iwgs-wacholder-himg iwg-hero-image elementor-widget elementor-widget-image\" data-id=\"iwgs-wacholder-himg\" data-element_type=\"widget\" data-e-type=\"widget\" data-widget_type=\"image.default\">\n\t\t\t\t\t\t\t\t\t\t\t\t\t\t\t<img fetchpriority=\"high\" decoding=\"async\" width=\"683\" height=\"1024\" src=\"https:\/\/iwell-guard.com\/wp-content\/uploads\/2026\/05\/schutzsymbol_germanisch_wacholder-683x1024.png\" class=\"attachment-large size-large wp-image-148431\" alt=\"Rautayrtti \u2013 suoja- ja rituaalikasvi, historiallis-havainnollinen\" srcset=\"https:\/\/iwell-guard.com\/wp-content\/uploads\/2026\/05\/schutzsymbol_germanisch_wacholder-683x1024.png 683w, https:\/\/iwell-guard.com\/wp-content\/uploads\/2026\/05\/schutzsymbol_germanisch_wacholder-200x300.png 200w, https:\/\/iwell-guard.com\/wp-content\/uploads\/2026\/05\/schutzsymbol_germanisch_wacholder-768x1152.png 768w, https:\/\/iwell-guard.com\/wp-content\/uploads\/2026\/05\/schutzsymbol_germanisch_wacholder.png 1024w\" sizes=\"(max-width: 683px) 100vw, 683px\" \/>\t\t\t\t\t\t\t\t\t\t\t\t\t\t\t<\/div>\n\t\t\t\t<\/div>\n\t\t\t\t\t<\/div>\n\t\t\t\t<\/div>\n\t\t<div class=\"elementor-element elementor-element-iwgs-wacholder-s0 e-flex e-con-boxed e-con e-parent\" data-id=\"iwgs-wacholder-s0\" data-element_type=\"container\" data-e-type=\"container\">\n\t\t\t\t\t<div class=\"e-con-inner\">\n\t\t\t\t<div class=\"elementor-element elementor-element-iwgs-wacholder-s0h elementor-widget elementor-widget-heading\" data-id=\"iwgs-wacholder-s0h\" data-element_type=\"widget\" data-e-type=\"widget\" data-widget_type=\"heading.default\">\n\t\t\t\t\t<h2 class=\"elementor-heading-title elementor-size-default\">Pikakatsaus<\/h2>\t\t\t\t<\/div>\n\t\t<div class=\"elementor-element elementor-element-iw-wacholder-s0-bw e-con-full e-flex e-con e-child\" data-id=\"iw-wacholder-s0-bw\" data-element_type=\"container\" data-e-type=\"container\">\n\t\t\t\t<div class=\"elementor-element elementor-element-iwgs-wacholder-s0t elementor-widget elementor-widget-text-editor\" data-id=\"iwgs-wacholder-s0t\" data-element_type=\"widget\" data-e-type=\"widget\" data-widget_type=\"text-editor.default\">\n\t\t\t\t\t\t\t\t\t<p>Misteli (Viscum album) on ikivihre\u00e4 puoliparasiitti, joka kasvaa lehti- ja havupuilla ja muodostaa niihin pallomaisia, kellanvihreit\u00e4 pensaita valkoisin marjoin. Koska se ei juurru maaper\u00e4\u00e4n eik\u00e4 vaihda lehti\u00e4\u00e4n vuodenaikojen mukaan, se n\u00e4ytt\u00e4ytyi menneiden aikojen ihmisille kasvina, joka el\u00e4\u00e4 maailmojen v\u00e4liss\u00e4.<\/p><p>Kansanuskossa t\u00e4m\u00e4 v\u00e4litilassa oleminen selitt\u00e4\u00e4 sen suojaavan voiman: kasvina, joka ei ole juurtunut mihink\u00e4\u00e4n kiinte\u00e4\u00e4n paikkaan, sen katsottiin riist\u00e4v\u00e4n demoneilta ja harhailevilta hengilt\u00e4 kiinte\u00e4n hy\u00f6kk\u00e4yskohteen.<\/p>\t\t\t\t\t\t\t\t<\/div>\n\t\t\t\t<\/div>\n\t\t\t\t\t<\/div>\n\t\t\t\t<\/div>\n\t\t<div class=\"elementor-element elementor-element-iwgs-wacholder-s1 e-flex e-con-boxed e-con e-parent\" data-id=\"iwgs-wacholder-s1\" data-element_type=\"container\" data-e-type=\"container\">\n\t\t\t\t\t<div class=\"e-con-inner\">\n\t\t\t\t<div class=\"elementor-element elementor-element-iwgs-wacholder-s1h elementor-widget elementor-widget-heading\" data-id=\"iwgs-wacholder-s1h\" data-element_type=\"widget\" data-e-type=\"widget\" data-widget_type=\"heading.default\">\n\t\t\t\t\t<h2 class=\"elementor-heading-title elementor-size-default\">Alkuper\u00e4 ja perim\u00e4tieto<\/h2>\t\t\t\t<\/div>\n\t\t<div class=\"elementor-element elementor-element-iw-wacholder-s1-bw e-con-full e-flex e-con e-child\" data-id=\"iw-wacholder-s1-bw\" data-element_type=\"container\" data-e-type=\"container\">\n\t\t\t\t<div class=\"elementor-element elementor-element-iwgs-wacholder-s1t elementor-widget elementor-widget-text-editor\" data-id=\"iwgs-wacholder-s1t\" data-element_type=\"widget\" data-e-type=\"widget\" data-widget_type=\"text-editor.default\">\n\t\t\t\t\t\t\t\t\t<p>Tunnetuin l\u00e4hde mistelist\u00e4 on roomalaiselta oppineelta Plinius vanhemmalta. H\u00e4n kertoo, ett\u00e4 Gallian druidit kunnioittivat mistelia pyhimp\u00e4n\u00e4 kasvina, erityisesti kun se kasvoi tammessa. Valkoisiin pukeutunut pappi leikkasi sen kuudentena kuunp\u00e4iv\u00e4n\u00e4 kultaisella sirpill\u00e4, ja toinen pappi otti oksat vastaan valkoiseen liinaan, jotta ne eiv\u00e4t koskettaisi maata. Tulkinnan mukaan kosketus rautaan ja maahan olisi heikent\u00e4nyt kasvin voimaa.<\/p><p>Saksankielisess\u00e4 ja pohjoiseurooppalaisessa kansanuskossa misteli irtautui kelttil\u00e4isest\u00e4 pappisrituaalista ja muuttui maalaistalojen kotikonstiksi: oven p\u00e4\u00e4lle tai navettaan ripustettu oksa suojasi taloa ja karjaa ukkosenilta, tulelta, noituudelta ja demonien vaikutukselta. Alueellisesti mistelin yhteyteen liitet\u00e4\u00e4n my\u00f6s nimitys &#8220;Donnerbesen&#8221; (ukkosenluuta), joka toisilla seuduilla tarkoittaa my\u00f6s puihin sienitautien seurauksena syntyvi\u00e4 tuppaisia oksakasvustoja; perinteess\u00e4 n\u00e4it\u00e4 kahta ilmi\u00f6t\u00e4 on osin sekoitettu, osin tarkoituksellisesti erotettu toisistaan.<\/p><p>Talvip\u00e4iv\u00e4nseisauksen aikaan ja pohjoismaiden joulujuhlassa mistelinoksan ripustaminen sis\u00e4lle kuului vakiintuneeseen tapaan. T\u00e4m\u00e4 tapa jatkuu nykyisess\u00e4 joulunperinteess\u00e4 mistelin alla suudeltaessa, jonka alkuper\u00e4 juontuu ajatuksesta, ett\u00e4 suojamerkin alla ei sallittu riitaa eik\u00e4 vihaa.<\/p>\t\t\t\t\t\t\t\t<\/div>\n\t\t\t\t<\/div>\n\t\t\t\t\t<\/div>\n\t\t\t\t<\/div>\n\t\t<div class=\"elementor-element elementor-element-iwgs-wacholder-s2 e-flex e-con-boxed e-con e-parent\" data-id=\"iwgs-wacholder-s2\" data-element_type=\"container\" data-e-type=\"container\">\n\t\t\t\t\t<div class=\"e-con-inner\">\n\t\t\t\t<div class=\"elementor-element elementor-element-iwgs-wacholder-s2h elementor-widget elementor-widget-heading\" data-id=\"iwgs-wacholder-s2h\" data-element_type=\"widget\" data-e-type=\"widget\" data-widget_type=\"heading.default\">\n\t\t\t\t\t<h2 class=\"elementor-heading-title elementor-size-default\">Vaikutusperiaate perim\u00e4tiedon mukaan<\/h2>\t\t\t\t<\/div>\n\t\t<div class=\"elementor-element elementor-element-iw-wacholder-s2-bw e-con-full e-flex e-con e-child\" data-id=\"iw-wacholder-s2-bw\" data-element_type=\"container\" data-e-type=\"container\">\n\t\t\t\t<div class=\"elementor-element elementor-element-iwgs-wacholder-s2t elementor-widget elementor-widget-text-editor\" data-id=\"iwgs-wacholder-s2t\" data-element_type=\"widget\" data-e-type=\"widget\" data-widget_type=\"text-editor.default\">\n\t\t\t\t\t\t\t\t\t<p>Misteli\u00e4 pidet\u00e4\u00e4n <span class=\"iwg-fachbegriff\" data-tooltip=\"Tiedon ja tarinoiden siirt\u00e4minen sukupolvelta toiselle.\" tabindex=\"0\">perinteess\u00e4<\/span> kasvina, jolla ei ole kiinte\u00e4\u00e4 paikkaa: se ei juurru maahan, vaan el\u00e4\u00e4 sit\u00e4 kannattelevasta puusta, ja pysyy vihre\u00e4n\u00e4, kun muu luonto lep\u00e4\u00e4 talvella. T\u00e4t\u00e4 luonnonvastaisuutta tulkittiin merkkin\u00e4 erityisest\u00e4, tavanomaisen j\u00e4rjestyksen ulkopuolella olevasta voimasta.<\/p><p>Kuten muidenkin <span class=\"iwg-fachbegriff\" data-tooltip=\"Tiedon ja tarinoiden siirt\u00e4minen sukupolvelta toiselle.\" tabindex=\"0\">perinteen<\/span> suojakasvien kohdalla p\u00e4tee: se, mik\u00e4 itse on maailmojen v\u00e4liss\u00e4, muuttuu tehokkaaksi v\u00e4litt\u00e4j\u00e4ksi olentoja vastaan, jotka my\u00f6s vaikuttavat rajoilla ja siirtymiss\u00e4, kuten y\u00f6llisi\u00e4 demoneja ja harhailevia henki\u00e4 vastaan. Druidien rituaalinen kielto koskettaa rautaa ja maata sadonkorjuun aikana osoittaa samaan suuntaan: kasvin voimaa ei saanut heikent\u00e4\u00e4 mik\u00e4\u00e4n maallinen tai metallinen.<\/p>\t\t\t\t\t\t\t\t<\/div>\n\t\t\t\t<\/div>\n\t\t\t\t\t<\/div>\n\t\t\t\t<\/div>\n\t\t<div class=\"elementor-element elementor-element-iwgs-wacholder-s3 e-flex e-con-boxed e-con e-parent\" data-id=\"iwgs-wacholder-s3\" data-element_type=\"container\" data-e-type=\"container\">\n\t\t\t\t\t<div class=\"e-con-inner\">\n\t\t\t\t<div class=\"elementor-element elementor-element-iwgs-wacholder-s3h elementor-widget elementor-widget-heading\" data-id=\"iwgs-wacholder-s3h\" data-element_type=\"widget\" data-e-type=\"widget\" data-widget_type=\"heading.default\">\n\t\t\t\t\t<h2 class=\"elementor-heading-title elementor-size-default\">Kulttuurien rajat ylitt\u00e4v\u00e4 levinneisyys<\/h2>\t\t\t\t<\/div>\n\t\t<div class=\"elementor-element elementor-element-iw-wacholder-s3-bw e-con-full e-flex e-con e-child\" data-id=\"iw-wacholder-s3-bw\" data-element_type=\"container\" data-e-type=\"container\">\n\t\t\t\t<div class=\"elementor-element elementor-element-iwgs-wacholder-s3t elementor-widget elementor-widget-text-editor\" data-id=\"iwgs-wacholder-s3t\" data-element_type=\"widget\" data-e-type=\"widget\" data-widget_type=\"text-editor.default\">\n\t\t\t\t\t\t\t\t\t<p>Druidien kelttil\u00e4isen perinteen ohella my\u00f6s pohjoismainen mytologia tuntee mistelin erityisen\u00e4 kasvina. Tarinassa jumala Baldrista misteli on ainoa kasvi, joka ei ollut vannonut valaa olla vahingoittamatta h\u00e4nt\u00e4, ja siit\u00e4 tulee siten ainoa ase, joka voi haavoittaa h\u00e4nt\u00e4. T\u00e4m\u00e4 kertomus korostaa kasvin erikoisasemaa kaikkien tavanomaisten sidosten ulkopuolella.<\/p><p>Englannissa ja laajoilla alueilla Pohjois-Eurooppaa talvinen tapa ripustaa mistelinoksia sis\u00e4lle on elossa t\u00e4n\u00e4kin p\u00e4iv\u00e4n\u00e4, vaikka alkuper\u00e4inen suoja-ajatus on v\u00e4istynyt rakkauden ja onnen perinteen taakse. Alppien alueella sen sijaan vanhempi suojaava teht\u00e4v\u00e4 oven ja navetan yll\u00e4 s\u00e4ilyi voimakkaammin.<\/p>\t\t\t\t\t\t\t\t<\/div>\n\t\t\t\t<\/div>\n\t\t\t\t\t<\/div>\n\t\t\t\t<\/div>\n\t\t<div class=\"elementor-element elementor-element-iwgs-wacholder-s4 e-flex e-con-boxed e-con e-parent\" data-id=\"iwgs-wacholder-s4\" data-element_type=\"container\" data-e-type=\"container\">\n\t\t\t\t\t<div class=\"e-con-inner\">\n\t\t\t\t<div class=\"elementor-element elementor-element-iwgs-wacholder-s4h elementor-widget elementor-widget-heading\" data-id=\"iwgs-wacholder-s4h\" data-element_type=\"widget\" data-e-type=\"widget\" data-widget_type=\"heading.default\">\n\t\t\t\t\t<h2 class=\"elementor-heading-title elementor-size-default\">Mit\u00e4 vastaan sit\u00e4 k\u00e4ytet\u00e4\u00e4n<\/h2>\t\t\t\t<\/div>\n\t\t<div class=\"elementor-element elementor-element-iw-wacholder-s4-bw e-con-full e-flex e-con e-child\" data-id=\"iw-wacholder-s4-bw\" data-element_type=\"container\" data-e-type=\"container\">\n\t\t\t\t<div class=\"elementor-element elementor-element-iwgs-wacholder-s4t elementor-widget elementor-widget-text-editor\" data-id=\"iwgs-wacholder-s4t\" data-element_type=\"widget\" data-e-type=\"widget\" data-widget_type=\"text-editor.default\">\n\t\t\t\t\t\t\t\t\t<p>Perinteen ytimess\u00e4 on suoja demoneja ja harhailevia henki\u00e4 vastaan, joita pidettiin erityisen uhkaavina pimein\u00e4 talvikuukausina. Sen lis\u00e4ksi mistelia k\u00e4ytettiin ukkosenilta ja tulelta suojautumiseen, kun se ripustettiin katonrajaan tai navetan oven yl\u00e4puolelle, sek\u00e4 taloa ja karjaa vastaan suunnattua noituutta vastaan.<\/p><p>Joillakin alueilla sille annetaan lis\u00e4ksi torjuva vaikutus pahaa silm\u00e4\u00e4 vastaan. <a href=\"https:\/\/iwell-guard.com\/fi\/suoja-kompassi\/\">Suojakompassi<\/a> sijoittaa mistelin muiden kasvien, kuten <a href=\"https:\/\/iwell-guard.com\/fi\/kataja\/\">katajan<\/a> ja <a href=\"https:\/\/iwell-guard.com\/fi\/pihlaja-suojapuu-ja-suojapuuaines-kansanmagiassa\/\">pihlajan<\/a>, rinnalle olentotyyppien mukaan, joita vastaan sen k\u00e4ytt\u00f6 on l\u00e4hteiss\u00e4 todistettu.<\/p>\t\t\t\t\t\t\t\t<\/div>\n\t\t\t\t<\/div>\n\t\t\t\t\t<\/div>\n\t\t\t\t<\/div>\n\t\t<div class=\"elementor-element elementor-element-iwgs-wacholder-s5 e-flex e-con-boxed e-con e-parent\" data-id=\"iwgs-wacholder-s5\" data-element_type=\"container\" data-e-type=\"container\">\n\t\t\t\t\t<div class=\"e-con-inner\">\n\t\t\t\t<div class=\"elementor-element elementor-element-iwgs-wacholder-s5h elementor-widget elementor-widget-heading\" data-id=\"iwgs-wacholder-s5h\" data-element_type=\"widget\" data-e-type=\"widget\" data-widget_type=\"heading.default\">\n\t\t\t\t\t<h2 class=\"elementor-heading-title elementor-size-default\">K\u00e4ytt\u00f6 ja rajoitukset<\/h2>\t\t\t\t<\/div>\n\t\t<div class=\"elementor-element elementor-element-iw-wacholder-s5-bw e-con-full e-flex e-con e-child\" data-id=\"iw-wacholder-s5-bw\" data-element_type=\"container\" data-e-type=\"container\">\n\t\t\t\t<div class=\"elementor-element elementor-element-iwgs-wacholder-s5t elementor-widget elementor-widget-text-editor\" data-id=\"iwgs-wacholder-s5t\" data-element_type=\"widget\" data-e-type=\"widget\" data-widget_type=\"text-editor.default\">\n\t\t\t\t\t\t\t\t\t<p>Perinteisesti misteli leikattiin talvip\u00e4iv\u00e4nseisauksen aikaan tai jouluna, ja kokonainen oksa kiinnitettiin ulko-oven, navetan oven tai asuinhuoneen yl\u00e4puolelle. Oksan vuosittainen vaihtaminen samaan aikaan oli tavanomainen k\u00e4yt\u00e4nt\u00f6, jolla suojaava vaikutus pidettiin yll\u00e4 koko vuoden ajan.<\/p><p>On huomattava, ett\u00e4 mistelin marjat ovat myrkyllisi\u00e4; harkitsematon k\u00e4sittely, esimerkiksi kotitalouksissa, joissa on pieni\u00e4 lapsia tai el\u00e4imi\u00e4, on siksi v\u00e4ltett\u00e4v\u00e4. <span class=\"iwg-fachbegriff\" data-tooltip=\"Tiedon ja tarinoiden siirt\u00e4minen sukupolvelta toiselle.\" tabindex=\"0\">Perinteen<\/span> rajana on my\u00f6s se, ett\u00e4 pelkk\u00e4\u00e4 mistelia pidettiin harvoin riitt\u00e4v\u00e4n\u00e4. Maalaisk\u00e4yt\u00e4nn\u00f6ss\u00e4 sit\u00e4 yhdistettiin muihin keinoihin, kuten <a href=\"https:\/\/iwell-guard.com\/fi\/suola-suojana\/\">suolaan<\/a>, oven heloissa k\u00e4ytettyyn <a href=\"https:\/\/iwell-guard.com\/fi\/rauta-ja-kylma-rauta\/\">rautaan<\/a> tai <a href=\"https:\/\/iwell-guard.com\/fi\/?page_id=145083\">suojarukousten<\/a> lausumiseen.<\/p>\t\t\t\t\t\t\t\t<\/div>\n\t\t\t\t<\/div>\n\t\t\t\t\t<\/div>\n\t\t\t\t<\/div>\n\t\t<div class=\"elementor-element elementor-element-iwgs-wacholder-lit e-flex e-con-boxed e-con e-parent\" data-id=\"iwgs-wacholder-lit\" data-element_type=\"container\" data-e-type=\"container\">\n\t\t\t\t\t<div class=\"e-con-inner\">\n\t\t\t\t<div class=\"elementor-element elementor-element-iwgs-wacholder-lith elementor-widget elementor-widget-heading\" data-id=\"iwgs-wacholder-lith\" data-element_type=\"widget\" data-e-type=\"widget\" data-widget_type=\"heading.default\">\n\t\t\t\t\t<h2 class=\"elementor-heading-title elementor-size-default\">Kirjallisuus (valikoima)<\/h2>\t\t\t\t<\/div>\n\t\t<div class=\"elementor-element elementor-element-iw-wacholder-lit-bw e-con-full e-flex e-con e-child\" data-id=\"iw-wacholder-lit-bw\" data-element_type=\"container\" data-e-type=\"container\">\n\t\t\t\t<div class=\"elementor-element elementor-element-iwgs-wacholder-litt elementor-widget elementor-widget-html\" data-id=\"iwgs-wacholder-litt\" data-element_type=\"widget\" data-e-type=\"widget\" data-widget_type=\"html.default\">\n\t\t\t\t\t<footer data-nosnippet=\"true\"><ul><li>Handw\u00f6rterbuch des deutschen Aberglaubens. Toim. Hanns B\u00e4chtold-St\u00e4ubli. Berlin: de Gruyter, 1927-1942.<\/li><li>Plinius der \u00c4ltere: Naturalis historia, Buch XVI (Painos: Sammlung Tusculum, D\u00fcsseldorf: Artemis & Winkler, 2007).<\/li><li>Heinrich Marzell: Geschichte und Volkskunde der deutschen Heilpflanzen. Stuttgart: Wissenschaftliche Verlagsgesellschaft, 1938 (Uusintapainos Hildesheim: Olms, 2002).<\/li><li>Jacob Grimm: Deutsche Mythologie. G\u00f6ttingen: Dieterichsche Buchhandlung, 1835.<\/li><li>Adolf Wuttke: Der deutsche Volksaberglaube der Gegenwart. Berlin: Wiegandt & Grieben, 1900 (3. painos).<\/li><\/ul><\/footer>\t\t\t\t<\/div>\n\t\t\t\t<\/div>\n\t\t\t\t\t<\/div>\n\t\t\t\t<\/div>\n\t\t<div class=\"elementor-element elementor-element-iwgs-wacholder-kwd e-flex e-con-boxed e-con e-parent\" data-id=\"iwgs-wacholder-kwd\" data-element_type=\"container\" data-e-type=\"container\">\n\t\t\t\t\t<div class=\"e-con-inner\">\n\t\t<div class=\"elementor-element elementor-element-iw-wacholder-kwd-bw e-con-full e-flex e-con e-child\" data-id=\"iw-wacholder-kwd-bw\" data-element_type=\"container\" data-e-type=\"container\">\n\t\t\t\t<div class=\"elementor-element elementor-element-iwgs-wacholder-kwdt elementor-widget elementor-widget-text-editor\" data-id=\"iwgs-wacholder-kwdt\" data-element_type=\"widget\" data-e-type=\"widget\" data-widget_type=\"text-editor.default\">\n\t\t\t\t\t\t\t\t\t<p><em>Aiheeseen liittyv\u00e4t avainsanat: mistel demonintorjunta ukonvitsa joulunperinne mistelinoksa.<\/em><\/p>\t\t\t\t\t\t\t\t<\/div>\n\t\t\t\t<\/div>\n\t\t\t\t\t<\/div>\n\t\t\t\t<\/div>\n\t\t<div class=\"elementor-element elementor-element-iwgs-wacholder-cc e-flex e-con-boxed e-con e-parent\" data-id=\"iwgs-wacholder-cc\" data-element_type=\"container\" data-e-type=\"container\" id=\"iwg-cc-wacholder\">\n\t\t\t\t\t<div class=\"e-con-inner\">\n\t\t<div class=\"elementor-element elementor-element-iwgs-wacholder-ccinner e-flex e-con-boxed e-con e-parent\" data-id=\"iwgs-wacholder-ccinner\" data-element_type=\"container\" data-e-type=\"container\" data-settings=\"{&quot;background_background&quot;:&quot;classic&quot;}\">\n\t\t\t\t\t<div class=\"e-con-inner\">\n\t\t\t\t<div class=\"elementor-element elementor-element-iwgs-wacholder-cch elementor-widget elementor-widget-heading\" data-id=\"iwgs-wacholder-cch\" data-element_type=\"widget\" data-e-type=\"widget\" data-widget_type=\"heading.default\">\n\t\t\t\t\t<h2 class=\"elementor-heading-title elementor-size-default\">iWell Guard ja suojelutraditiot<\/h2>\t\t\t\t<\/div>\n\t\t\t\t<div class=\"elementor-element elementor-element-iwgs-wacholder-cct elementor-widget elementor-widget-text-editor\" data-id=\"iwgs-wacholder-cct\" data-element_type=\"widget\" data-e-type=\"widget\" data-widget_type=\"text-editor.default\">\n\t\t\t\t\t\t\t\t\t<p>Perim\u00e4tiedon mukaan misteliss\u00e4 on voima, joka ei taivu mihink\u00e4\u00e4n kiinte\u00e4\u00e4n j\u00e4rjestykseen, ei maaper\u00e4\u00e4n eik\u00e4 vuodenkiertoon. Juuri t\u00e4m\u00e4n itsen\u00e4isyyden, suojan, joka ei ole sidottu paikkaan vaan voidaan kuljettaa mukana, ottaa l\u00e4ht\u00f6kohdakseen <a href=\"https:\/\/iwell-guard.com\/fi\/osta-iwell-guard-suojariipus\/\">iWell Guard<\/a>.<\/p><p>Sen, mit\u00e4 aiemmat sukupolvet tavoittelivat ovenp\u00e4\u00e4lle ripustetulla oksalla, ymp\u00e4ri vuoden vaikuttavan suojan, riipus siirt\u00e4\u00e4 yksitt\u00e4iselle henkil\u00f6lle. Muoto on muuttunut, mutta rajanvedon perusajatus s\u00e4ilyy.<\/p>\t\t\t\t\t\t\t\t<\/div>\n\t\t\t\t<div class=\"elementor-element elementor-element-iwgs-wacholder-ccb iwg-cc-button iwg-cc-cta-2026-05-13 elementor-widget elementor-widget-jet-button\" data-id=\"iwgs-wacholder-ccb\" data-element_type=\"widget\" data-e-type=\"widget\" data-widget_type=\"jet-button.default\">\n\t\t\t\t<div class=\"elementor-widget-container\">\n\t\t\t\t\t<div class=\"elementor-jet-button jet-elements\"><div class=\"jet-button__container\"><a class=\"jet-button__instance jet-button__instance--icon-left hover-effect-1\" href=\"\/schutzanhaenger-iwell-guard-kaufen\/?utm_source=iwell-guard.com&amp;utm_medium=info-box&amp;utm_campaign=schutzsymbole\"><div class=\"jet-button__plane jet-button__plane-normal\"><\/div><div class=\"jet-button__plane jet-button__plane-hover\"><\/div><div class=\"jet-button__state jet-button__state-normal\"><span class=\"jet-button__label\">Lis\u00e4\u00e4 iWell Guardista<\/span><\/div><div class=\"jet-button__state jet-button__state-hover\"><span class=\"jet-button__label\">Lis\u00e4\u00e4 iWell Guardista<\/span><\/div><\/a><\/div><\/div><style>.elementor-element.elementor-element-iwgs-wacholder-ccb .jet-button__instance{width:320px;height:56px;}.elementor-element.elementor-element-iwgs-wacholder-ccb .jet-button__state-normal .jet-button__label{text-align:center;margin:0px 0px 0px 0px;color:#1a1b20;font-family:Montserrat,sans-serif;font-size:13px;font-weight:400;letter-spacing:4px;line-height:1.714em;text-transform:uppercase;}.elementor-element.elementor-element-iwgs-wacholder-ccb .jet-button__state-hover .jet-button__label{text-align:center;margin:0px 0px 0px 0px;color:#FECC76;font-family:Montserrat,sans-serif;font-size:13px;font-weight:400;letter-spacing:4px;line-height:1.714em;text-transform:uppercase;}.elementor-element.elementor-element-iwgs-wacholder-ccb .jet-button__plane-normal{background-color:#FECC76;border-style:solid;border-color:#C99540;border-width:2px 2px 2px 2px;}.elementor-element.elementor-element-iwgs-wacholder-ccb .jet-button__plane-hover{background-color:rgba(0,0,0,0.55);border-style:solid;border-color:#FECC76;border-width:2px 2px 2px 2px;}<\/style>\t\t\t\t<\/div>\n\t\t\t\t<\/div>\n\t\t\t\t<div class=\"elementor-element elementor-element-iwgs-wacholder-ccd elementor-widget elementor-widget-text-editor\" data-id=\"iwgs-wacholder-ccd\" data-element_type=\"widget\" data-e-type=\"widget\" data-widget_type=\"text-editor.default\">\n\t\t\t\t\t\t\t\t\t<p style=\"text-align:center;font-size:13px;opacity:0.7;margin-top:14px\" data-nosnippet=\"true\">Henkil\u00f6kohtaiset kokemukset voivat vaihdella. Ei l\u00e4\u00e4kinn\u00e4llinen laite. Ei paranemislupausta.<\/p>\t\t\t\t\t\t\t\t<\/div>\n\t\t\t\t\t<\/div>\n\t\t\t\t<\/div>\n\t\t\t\t\t<\/div>\n\t\t\t\t<\/div>\n\t\t<div class=\"elementor-element elementor-element-iwgs-wacholder-disc e-flex e-con-boxed e-con e-parent\" data-id=\"iwgs-wacholder-disc\" data-element_type=\"container\" data-e-type=\"container\">\n\t\t\t\t\t<div class=\"e-con-inner\">\n\t\t<div class=\"elementor-element elementor-element-iw-wacholder-disc-bw e-con-full e-flex e-con e-child\" data-id=\"iw-wacholder-disc-bw\" data-element_type=\"container\" data-e-type=\"container\">\n\t\t\t\t<div class=\"elementor-element elementor-element-iwgs-wacholder-discw elementor-widget elementor-widget-html\" data-id=\"iwgs-wacholder-discw\" data-element_type=\"widget\" data-e-type=\"widget\" data-widget_type=\"html.default\">\n\t\t\t\t\t<footer data-nosnippet=\"true\" class=\"iwg-disclaimer-block\"><p data-nosnippet=\"true\">iWell Guard <strong>ei ole l\u00e4\u00e4kinn\u00e4llinen laite<\/strong>, eik\u00e4 se korvaa l\u00e4\u00e4k\u00e4rin tai psykoterapeutin hoitoa. T\u00e4ss\u00e4 esitetyt sis\u00e4ll\u00f6t ovat uskontotieteellist\u00e4 ja kulttuurihistoriallista tarkastelua, eiv\u00e4t lupausta hengellisest\u00e4 vaikutuksesta.<\/p><\/footer>\t\t\t\t<\/div>\n\t\t\t\t<\/div>\n\t\t\t\t\t<\/div>\n\t\t\t\t<\/div>\n\t\t\t\t<\/div>\n\t\t","protected":false},"excerpt":{"rendered":"","protected":false},"author":3,"featured_media":20542,"parent":0,"menu_order":0,"comment_status":"closed","ping_status":"closed","template":"elementor_header_footer","meta":{"_yoast_wpseo_focuskw":"misteli suoja demoneja vastaan","_yoast_wpseo_title":"Misteli: kansanuskon suojakasvi demoneja vastaan","_yoast_wpseo_metadesc":"Misteli\u00e4 pidet\u00e4\u00e4n kansanuskossa suojana demoneja vastaan. Katsaus druidien ja kelttien perinteeseen, jouluperinteeseen sek\u00e4 k\u00e4ytt\u00f6\u00f6n oven ja navetan yll\u00e4.","_yoast_wpseo_meta-robots-noindex":"","_yoast_wpseo_canonical":"","_angie_page":false,"gefaehrdungsstufe":"","wesen_kultur":"","wesen_klasse":"","footnotes":""},"categories":[],"class_list":["post-145078","page","type-page","status-publish","has-post-thumbnail","hentry"],"yoast_head":"<!-- This site is optimized with the Yoast SEO Premium plugin v27.7 (Yoast SEO v28.3) - https:\/\/yoast.com\/product\/yoast-seo-premium-wordpress\/ -->\n<title>Misteli: kansanuskon suojakasvi demoneja vastaan<\/title>\n<meta name=\"description\" content=\"Misteli\u00e4 pidet\u00e4\u00e4n kansanuskossa suojana demoneja vastaan. Katsaus druidien ja kelttien perinteeseen, jouluperinteeseen sek\u00e4 k\u00e4ytt\u00f6\u00f6n oven ja navetan yll\u00e4.\" \/>\n<meta name=\"robots\" content=\"index, follow, max-snippet:-1, max-image-preview:large, max-video-preview:-1\" \/>\n<link rel=\"canonical\" href=\"https:\/\/iwell-guard.com\/fi\/misteli\/\" \/>\n<meta property=\"og:locale\" content=\"fi_FI\" \/>\n<meta property=\"og:type\" content=\"article\" \/>\n<meta property=\"og:title\" content=\"Misteli\" \/>\n<meta property=\"og:description\" content=\"Misteli\u00e4 pidet\u00e4\u00e4n kansanuskossa suojana demoneja vastaan. Katsaus druidien ja kelttien perinteeseen, jouluperinteeseen sek\u00e4 k\u00e4ytt\u00f6\u00f6n oven ja navetan yll\u00e4.\" \/>\n<meta property=\"og:url\" content=\"https:\/\/iwell-guard.com\/fi\/misteli\/\" \/>\n<meta property=\"og:site_name\" content=\"iWell Guard\" \/>\n<meta property=\"article:modified_time\" content=\"2026-09-03T13:16:11+00:00\" \/>\n<meta property=\"og:image\" content=\"https:\/\/iwell-guard.com\/wp-content\/uploads\/2026\/07\/schutzsymbol_universell_mistel.webp\" \/>\n\t<meta property=\"og:image:width\" content=\"1024\" \/>\n\t<meta property=\"og:image:height\" content=\"1536\" \/>\n\t<meta property=\"og:image:type\" content=\"image\/webp\" \/>\n<meta name=\"twitter:card\" content=\"summary_large_image\" \/>\n<script type=\"application\/ld+json\" class=\"yoast-schema-graph\">{\"@context\":\"https:\\\/\\\/schema.org\",\"@graph\":[{\"@type\":\"WebPage\",\"@id\":\"https:\\\/\\\/iwell-guard.com\\\/fi\\\/misteli\\\/\",\"url\":\"https:\\\/\\\/iwell-guard.com\\\/fi\\\/misteli\\\/\",\"name\":\"Misteli: kansanuskon suojakasvi demoneja vastaan\",\"isPartOf\":{\"@id\":\"https:\\\/\\\/iwell-guard.com\\\/fi\\\/#website\"},\"primaryImageOfPage\":{\"@id\":\"https:\\\/\\\/iwell-guard.com\\\/fi\\\/misteli\\\/#primaryimage\"},\"image\":{\"@id\":\"https:\\\/\\\/iwell-guard.com\\\/fi\\\/misteli\\\/#primaryimage\"},\"thumbnailUrl\":\"https:\\\/\\\/iwell-guard.com\\\/wp-content\\\/uploads\\\/2026\\\/07\\\/schutzsymbol_universell_mistel.webp\",\"datePublished\":\"2026-09-03T12:42:22+00:00\",\"dateModified\":\"2026-09-03T13:16:11+00:00\",\"description\":\"Misteli\u00e4 pidet\u00e4\u00e4n kansanuskossa suojana demoneja vastaan. Katsaus druidien ja kelttien perinteeseen, jouluperinteeseen sek\u00e4 k\u00e4ytt\u00f6\u00f6n oven ja navetan yll\u00e4.\",\"breadcrumb\":{\"@id\":\"https:\\\/\\\/iwell-guard.com\\\/fi\\\/misteli\\\/#breadcrumb\"},\"inLanguage\":\"fi\",\"potentialAction\":[{\"@type\":\"ReadAction\",\"target\":[\"https:\\\/\\\/iwell-guard.com\\\/fi\\\/misteli\\\/\"]}]},{\"@type\":\"ImageObject\",\"inLanguage\":\"fi\",\"@id\":\"https:\\\/\\\/iwell-guard.com\\\/fi\\\/misteli\\\/#primaryimage\",\"url\":\"https:\\\/\\\/iwell-guard.com\\\/wp-content\\\/uploads\\\/2026\\\/07\\\/schutzsymbol_universell_mistel.webp\",\"contentUrl\":\"https:\\\/\\\/iwell-guard.com\\\/wp-content\\\/uploads\\\/2026\\\/07\\\/schutzsymbol_universell_mistel.webp\",\"width\":1024,\"height\":1536,\"caption\":\"Misteli\u00e4 valkoisine marjoineen vanhalla tammenoksalla, taustalla pimeys\"},{\"@type\":\"BreadcrumbList\",\"@id\":\"https:\\\/\\\/iwell-guard.com\\\/fi\\\/misteli\\\/#breadcrumb\",\"itemListElement\":[{\"@type\":\"ListItem\",\"position\":1,\"name\":\"Start\",\"item\":\"https:\\\/\\\/iwell-guard.com\\\/fi\\\/?page_id=143815\"},{\"@type\":\"ListItem\",\"position\":2,\"name\":\"Misteli\"}]},{\"@type\":\"WebSite\",\"@id\":\"https:\\\/\\\/iwell-guard.com\\\/fi\\\/#website\",\"url\":\"https:\\\/\\\/iwell-guard.com\\\/fi\\\/\",\"name\":\"iWell Guard\",\"description\":\"Schutz vor dunklen Einfl\u00fcssen\",\"publisher\":{\"@id\":\"https:\\\/\\\/iwell-guard.com\\\/fi\\\/#organization\"},\"potentialAction\":[{\"@type\":\"SearchAction\",\"target\":{\"@type\":\"EntryPoint\",\"urlTemplate\":\"https:\\\/\\\/iwell-guard.com\\\/fi\\\/?s={search_term_string}\"},\"query-input\":{\"@type\":\"PropertyValueSpecification\",\"valueRequired\":true,\"valueName\":\"search_term_string\"}}],\"inLanguage\":\"fi\"},{\"@type\":\"Organization\",\"@id\":\"https:\\\/\\\/iwell-guard.com\\\/fi\\\/#organization\",\"name\":\"Ittermann electronic GmbH\",\"url\":\"https:\\\/\\\/iwell-guard.com\\\/fi\\\/\",\"logo\":{\"@type\":\"ImageObject\",\"inLanguage\":\"fi\",\"@id\":\"https:\\\/\\\/iwell-guard.com\\\/fi\\\/#\\\/schema\\\/logo\\\/image\\\/\",\"url\":\"https:\\\/\\\/iwell-guard.com\\\/wp-content\\\/uploads\\\/2026\\\/05\\\/Ittermann-Logo-1182x237-1.png\",\"contentUrl\":\"https:\\\/\\\/iwell-guard.com\\\/wp-content\\\/uploads\\\/2026\\\/05\\\/Ittermann-Logo-1182x237-1.png\",\"width\":1182,\"height\":237,\"caption\":\"Ittermann electronic GmbH\"},\"image\":{\"@id\":\"https:\\\/\\\/iwell-guard.com\\\/fi\\\/#\\\/schema\\\/logo\\\/image\\\/\"},\"sameAs\":[\"https:\\\/\\\/pantip.com\\\/profile\\\/9367242\",\"https:\\\/\\\/micro.blog\\\/iwellguard\",\"https:\\\/\\\/www.diggerslist.com\\\/iwellguard\\\/about\",\"https:\\\/\\\/skitterphoto.com\\\/photographers\\\/2870314\\\/iwell-guard\",\"https:\\\/\\\/iwellguard.wordpress.com\\\/2026\\\/06\\\/06\\\/iwell-guard\\\/\",\"https:\\\/\\\/hub.docker.com\\\/u\\\/iwellguard\",\"https:\\\/\\\/www.pinterest.com\\\/iwellguard\\\/\",\"https:\\\/\\\/bit.ly\\\/m\\\/iwellguard\",\"https:\\\/\\\/entre-vos-mains.alsace.eu\\\/profiles\\\/iwellguard\\\/activity\",\"https:\\\/\\\/gravatar.com\\\/reallybeded8fd34\",\"https:\\\/\\\/naijamatta.com\\\/iwellguard\",\"https:\\\/\\\/www.goodreads.com\\\/iwellguard\",\"https:\\\/\\\/profile.hatena.ne.jp\\\/iwellguard\\\/\",\"https:\\\/\\\/experiment.com\\\/users\\\/iwellguard\",\"https:\\\/\\\/wakelet.com\\\/@iWellGuard82270\",\"https:\\\/\\\/www.chordie.com\\\/forum\\\/profile.php?id=2555664\",\"https:\\\/\\\/www.instapaper.com\\\/p\\\/17757966\",\"https:\\\/\\\/www.mapleprimes.com\\\/users\\\/iwellguard\",\"https:\\\/\\\/businesslistingplus.com\\\/profile\\\/iwell-guard\\\/\",\"https:\\\/\\\/telegra.ph\\\/iWell-Guard-06-06\",\"https:\\\/\\\/pbase.com\\\/iwellguard\\\/iwellguard\",\"https:\\\/\\\/b.hatena.ne.jp\\\/iwellguard\\\/20260607#bookmark-4788405196491818882\",\"https:\\\/\\\/fliphtml5.com\\\/home\\\/iwellguard\",\"https:\\\/\\\/anyflip.com\\\/homepage\\\/cmiwl#About\",\"https:\\\/\\\/transfur.com\\\/Users\\\/iwellguard\",\"http:\\\/\\\/delphi.larsbo.org\\\/user\\\/iwellguard\",\"https:\\\/\\\/jobs.lajobsportal.org\\\/profiles\\\/8380803-iwell-guard\",\"https:\\\/\\\/md.chaosdorf.de\\\/s\\\/jfbe5SBdJD\",\"https:\\\/\\\/www.lingvolive.com\\\/en-us\\\/profile\\\/9ecaeaca-ce11-4e51-9e71-01d55e2bff36\\\/translations\",\"https:\\\/\\\/www.fitday.com\\\/fitness\\\/forums\\\/members\\\/iwellguard.html\",\"https:\\\/\\\/www.mymeetbook.com\\\/iwellguard\",\"https:\\\/\\\/pxhere.com\\\/en\\\/photographer-me\\\/5040798\",\"https:\\\/\\\/disqus.com\\\/by\\\/iwellguard\\\/about\\\/\",\"https:\\\/\\\/pastelink.net\\\/hjwciqwq\",\"https:\\\/\\\/pubhtml5.com\\\/homepage\\\/scjhn\\\/\",\"https:\\\/\\\/www.bitchute.com\\\/channel\\\/2O2eOKzNqujT\",\"https:\\\/\\\/audiomack.com\\\/iwellguard\"]}]}<\/script>\n<!-- \/ Yoast SEO Premium plugin. -->","yoast_head_json":{"title":"Misteli: kansanuskon suojakasvi demoneja vastaan","description":"Misteli\u00e4 pidet\u00e4\u00e4n kansanuskossa suojana demoneja vastaan. Katsaus druidien ja kelttien perinteeseen, jouluperinteeseen sek\u00e4 k\u00e4ytt\u00f6\u00f6n oven ja navetan yll\u00e4.","robots":{"index":"index","follow":"follow","max-snippet":"max-snippet:-1","max-image-preview":"max-image-preview:large","max-video-preview":"max-video-preview:-1"},"canonical":"https:\/\/iwell-guard.com\/fi\/misteli\/","og_locale":"fi_FI","og_type":"article","og_title":"Misteli","og_description":"Misteli\u00e4 pidet\u00e4\u00e4n kansanuskossa suojana demoneja vastaan. Katsaus druidien ja kelttien perinteeseen, jouluperinteeseen sek\u00e4 k\u00e4ytt\u00f6\u00f6n oven ja navetan yll\u00e4.","og_url":"https:\/\/iwell-guard.com\/fi\/misteli\/","og_site_name":"iWell Guard","article_modified_time":"2026-09-03T13:16:11+00:00","og_image":[{"width":1024,"height":1536,"url":"https:\/\/iwell-guard.com\/wp-content\/uploads\/2026\/07\/schutzsymbol_universell_mistel.webp","type":"image\/webp"}],"twitter_card":"summary_large_image","schema":{"@context":"https:\/\/schema.org","@graph":[{"@type":"WebPage","@id":"https:\/\/iwell-guard.com\/fi\/misteli\/","url":"https:\/\/iwell-guard.com\/fi\/misteli\/","name":"Misteli: kansanuskon suojakasvi demoneja vastaan","isPartOf":{"@id":"https:\/\/iwell-guard.com\/fi\/#website"},"primaryImageOfPage":{"@id":"https:\/\/iwell-guard.com\/fi\/misteli\/#primaryimage"},"image":{"@id":"https:\/\/iwell-guard.com\/fi\/misteli\/#primaryimage"},"thumbnailUrl":"https:\/\/iwell-guard.com\/wp-content\/uploads\/2026\/07\/schutzsymbol_universell_mistel.webp","datePublished":"2026-09-03T12:42:22+00:00","dateModified":"2026-09-03T13:16:11+00:00","description":"Misteli\u00e4 pidet\u00e4\u00e4n kansanuskossa suojana demoneja vastaan. Katsaus druidien ja kelttien perinteeseen, jouluperinteeseen sek\u00e4 k\u00e4ytt\u00f6\u00f6n oven ja navetan yll\u00e4.","breadcrumb":{"@id":"https:\/\/iwell-guard.com\/fi\/misteli\/#breadcrumb"},"inLanguage":"fi","potentialAction":[{"@type":"ReadAction","target":["https:\/\/iwell-guard.com\/fi\/misteli\/"]}]},{"@type":"ImageObject","inLanguage":"fi","@id":"https:\/\/iwell-guard.com\/fi\/misteli\/#primaryimage","url":"https:\/\/iwell-guard.com\/wp-content\/uploads\/2026\/07\/schutzsymbol_universell_mistel.webp","contentUrl":"https:\/\/iwell-guard.com\/wp-content\/uploads\/2026\/07\/schutzsymbol_universell_mistel.webp","width":1024,"height":1536,"caption":"Misteli\u00e4 valkoisine marjoineen vanhalla tammenoksalla, taustalla pimeys"},{"@type":"BreadcrumbList","@id":"https:\/\/iwell-guard.com\/fi\/misteli\/#breadcrumb","itemListElement":[{"@type":"ListItem","position":1,"name":"Start","item":"https:\/\/iwell-guard.com\/fi\/?page_id=143815"},{"@type":"ListItem","position":2,"name":"Misteli"}]},{"@type":"WebSite","@id":"https:\/\/iwell-guard.com\/fi\/#website","url":"https:\/\/iwell-guard.com\/fi\/","name":"iWell Guard","description":"Schutz vor dunklen Einfl\u00fcssen","publisher":{"@id":"https:\/\/iwell-guard.com\/fi\/#organization"},"potentialAction":[{"@type":"SearchAction","target":{"@type":"EntryPoint","urlTemplate":"https:\/\/iwell-guard.com\/fi\/?s={search_term_string}"},"query-input":{"@type":"PropertyValueSpecification","valueRequired":true,"valueName":"search_term_string"}}],"inLanguage":"fi"},{"@type":"Organization","@id":"https:\/\/iwell-guard.com\/fi\/#organization","name":"Ittermann electronic GmbH","url":"https:\/\/iwell-guard.com\/fi\/","logo":{"@type":"ImageObject","inLanguage":"fi","@id":"https:\/\/iwell-guard.com\/fi\/#\/schema\/logo\/image\/","url":"https:\/\/iwell-guard.com\/wp-content\/uploads\/2026\/05\/Ittermann-Logo-1182x237-1.png","contentUrl":"https:\/\/iwell-guard.com\/wp-content\/uploads\/2026\/05\/Ittermann-Logo-1182x237-1.png","width":1182,"height":237,"caption":"Ittermann electronic GmbH"},"image":{"@id":"https:\/\/iwell-guard.com\/fi\/#\/schema\/logo\/image\/"},"sameAs":["https:\/\/pantip.com\/profile\/9367242","https:\/\/micro.blog\/iwellguard","https:\/\/www.diggerslist.com\/iwellguard\/about","https:\/\/skitterphoto.com\/photographers\/2870314\/iwell-guard","https:\/\/iwellguard.wordpress.com\/2026\/06\/06\/iwell-guard\/","https:\/\/hub.docker.com\/u\/iwellguard","https:\/\/www.pinterest.com\/iwellguard\/","https:\/\/bit.ly\/m\/iwellguard","https:\/\/entre-vos-mains.alsace.eu\/profiles\/iwellguard\/activity","https:\/\/gravatar.com\/reallybeded8fd34","https:\/\/naijamatta.com\/iwellguard","https:\/\/www.goodreads.com\/iwellguard","https:\/\/profile.hatena.ne.jp\/iwellguard\/","https:\/\/experiment.com\/users\/iwellguard","https:\/\/wakelet.com\/@iWellGuard82270","https:\/\/www.chordie.com\/forum\/profile.php?id=2555664","https:\/\/www.instapaper.com\/p\/17757966","https:\/\/www.mapleprimes.com\/users\/iwellguard","https:\/\/businesslistingplus.com\/profile\/iwell-guard\/","https:\/\/telegra.ph\/iWell-Guard-06-06","https:\/\/pbase.com\/iwellguard\/iwellguard","https:\/\/b.hatena.ne.jp\/iwellguard\/20260607#bookmark-4788405196491818882","https:\/\/fliphtml5.com\/home\/iwellguard","https:\/\/anyflip.com\/homepage\/cmiwl#About","https:\/\/transfur.com\/Users\/iwellguard","http:\/\/delphi.larsbo.org\/user\/iwellguard","https:\/\/jobs.lajobsportal.org\/profiles\/8380803-iwell-guard","https:\/\/md.chaosdorf.de\/s\/jfbe5SBdJD","https:\/\/www.lingvolive.com\/en-us\/profile\/9ecaeaca-ce11-4e51-9e71-01d55e2bff36\/translations","https:\/\/www.fitday.com\/fitness\/forums\/members\/iwellguard.html","https:\/\/www.mymeetbook.com\/iwellguard","https:\/\/pxhere.com\/en\/photographer-me\/5040798","https:\/\/disqus.com\/by\/iwellguard\/about\/","https:\/\/pastelink.net\/hjwciqwq","https:\/\/pubhtml5.com\/homepage\/scjhn\/","https:\/\/www.bitchute.com\/channel\/2O2eOKzNqujT","https:\/\/audiomack.com\/iwellguard"]}]}},"_links":{"self":[{"href":"https:\/\/iwell-guard.com\/fi\/wp-json\/wp\/v2\/pages\/145078","targetHints":{"allow":["GET"]}}],"collection":[{"href":"https:\/\/iwell-guard.com\/fi\/wp-json\/wp\/v2\/pages"}],"about":[{"href":"https:\/\/iwell-guard.com\/fi\/wp-json\/wp\/v2\/types\/page"}],"author":[{"embeddable":true,"href":"https:\/\/iwell-guard.com\/fi\/wp-json\/wp\/v2\/users\/3"}],"replies":[{"embeddable":true,"href":"https:\/\/iwell-guard.com\/fi\/wp-json\/wp\/v2\/comments?post=145078"}],"version-history":[{"count":0,"href":"https:\/\/iwell-guard.com\/fi\/wp-json\/wp\/v2\/pages\/145078\/revisions"}],"wp:featuredmedia":[{"embeddable":true,"href":"https:\/\/iwell-guard.com\/fi\/wp-json\/wp\/v2\/media\/20542"}],"wp:attachment":[{"href":"https:\/\/iwell-guard.com\/fi\/wp-json\/wp\/v2\/media?parent=145078"}],"wp:term":[{"taxonomy":"category","embeddable":true,"href":"https:\/\/iwell-guard.com\/fi\/wp-json\/wp\/v2\/categories?post=145078"}],"curies":[{"name":"wp","href":"https:\/\/api.w.org\/{rel}","templated":true}]}}