{"id":145072,"date":"2026-09-03T12:42:18","date_gmt":"2026-09-03T12:42:18","guid":{"rendered":"https:\/\/iwell-guard.com\/?page_id=145072"},"modified":"2026-09-03T13:16:04","modified_gmt":"2026-09-03T13:16:04","slug":"suojayrtit","status":"publish","type":"page","link":"https:\/\/iwell-guard.com\/fi\/suojayrtit\/","title":{"rendered":"Suojayrtit"},"content":{"rendered":"\t\t<div data-elementor-type=\"wp-page\" data-elementor-id=\"145072\" class=\"elementor elementor-145072 elementor-20502 elementor-bc-flex-widget\" data-elementor-post-type=\"page\">\n\t\t\t\t<div class=\"elementor-element elementor-element-iwgs-wacholder-hero e-flex e-con-boxed e-con e-parent\" data-id=\"iwgs-wacholder-hero\" data-element_type=\"container\" data-e-type=\"container\">\n\t\t\t\t\t<div class=\"e-con-inner\">\n\t\t<div class=\"elementor-element elementor-element-iw-wacholder-hero-left e-con-full e-flex e-con e-child\" data-id=\"iw-wacholder-hero-left\" data-element_type=\"container\" data-e-type=\"container\">\n\t\t\t\t<div class=\"elementor-element elementor-element-iwgs-wacholder-h1 elementor-widget elementor-widget-heading\" data-id=\"iwgs-wacholder-h1\" data-element_type=\"widget\" data-e-type=\"widget\" data-widget_type=\"heading.default\">\n\t\t\t\t\t<h1 class=\"elementor-heading-title elementor-size-default\">Suojayrtit \u2013 yrtit suojakeinona kansanuskossa<\/h1>\t\t\t\t<\/div>\n\t\t<div class=\"elementor-element elementor-element-iw-wacholder-hero-bw e-con-full e-flex e-con e-child\" data-id=\"iw-wacholder-hero-bw\" data-element_type=\"container\" data-e-type=\"container\">\n\t\t\t\t<div class=\"elementor-element elementor-element-iwgs-wacholder-pills elementor-widget elementor-widget-html\" data-id=\"iwgs-wacholder-pills\" data-element_type=\"widget\" data-e-type=\"widget\" data-widget_type=\"html.default\">\n\t\t\t\t\t<div class=\"iwg-pill-row\"><span class=\"iwg-klasse-badge\" tabindex=\"0\" data-tooltip=\"Suojauskeinon tyyppi.\">Yrttitieto<\/span><a href=\"https:\/\/iwell-guard.com\/fi\/suoja-kompassi\/\" class=\"iwg-kultur-badge\" tabindex=\"0\" data-tooltip=\"Suojauskompassiin.\">Suojauskompassi<\/a><\/div>\t\t\t\t<\/div>\n\t\t\t\t<div class=\"elementor-element elementor-element-iwgs-wacholder-lead elementor-widget elementor-widget-text-editor\" data-id=\"iwgs-wacholder-lead\" data-element_type=\"widget\" data-e-type=\"widget\" data-widget_type=\"text-editor.default\">\n\t\t\t\t\t\t\t\t\t<p>Tuskin mill\u00e4\u00e4n kansanuskon osa-alueella on yht\u00e4 paljon perinteisi\u00e4 k\u00e4yt\u00e4nt\u00f6j\u00e4 kuin suojayrttien k\u00e4yt\u00f6ss\u00e4. Kasvien kirjo ulottuu tienvarren <a href=\"https:\/\/iwell-guard.com\/fi\/pujo\/\">pujosta<\/a> arkussa s\u00e4ilytettyyn <a href=\"https:\/\/iwell-guard.com\/fi\/alruuna-suoja-ja-onnenjuuri\/\">mandragoraan<\/a>, ovenkamanalle ripustetusta <a href=\"https:\/\/iwell-guard.com\/fi\/valkosipuli-suojana\/\">valkosipulinkynnest\u00e4<\/a> suitsutusastiassa palavaan <a href=\"https:\/\/iwell-guard.com\/fi\/kataja\/\">katajanoksaan<\/a>, ja maanviljelij\u00e4t, k\u00e4til\u00f6t ja yrttinaiset uskoivat kaikilla n\u00e4ill\u00e4 kasveilla olevan torjuvaa voimaa.<\/p><p>Vanha saksankielisen alueen muistis\u00e4\u00e4nt\u00f6 tiivist\u00e4\u00e4 t\u00e4m\u00e4n uskon iskev\u00e4\u00e4n muotoon: &#8220;Valerianaa, m\u00e4kimeiramia ja tilli\u00e4, noita ei voi tehd\u00e4 niin kuin tahtoisi.&#8221; T\u00e4llaiset riimit siirsiv\u00e4t tietoa suullisesti sukupolvelta toiselle ja osoittavat, miten vahvasti yrtit kuuluivat arjen suojautumiseen.<\/p>\n<p class=\"iwg-kwfix\">Suojayrtit ovat kasveja, joille kansanusko antaa torjuvaa voimaa pahaa taikaa ja pahoja voimia vastaan. Suojakeinona pahaa taikaa vastaan n\u00e4it\u00e4 yrttej\u00e4 on k\u00e4ytetty arjessa sukupolvien ajan, ja ne muovaavat kansanuskoa yh\u00e4 nyky\u00e4\u00e4nkin.<\/p>\t\t\t\t\t\t\t\t<\/div>\n\t\t\t\t<\/div>\n\t\t\t\t<\/div>\n\t\t<div class=\"elementor-element elementor-element-iw-wacholder-hero-img e-con-full e-flex e-con e-child\" data-id=\"iw-wacholder-hero-img\" data-element_type=\"container\" data-e-type=\"container\">\n\t\t\t\t<div class=\"elementor-element elementor-element-iwgs-wacholder-himg iwg-hero-image elementor-widget elementor-widget-image\" data-id=\"iwgs-wacholder-himg\" data-element_type=\"widget\" data-e-type=\"widget\" data-widget_type=\"image.default\">\n\t\t\t\t\t\t\t\t\t\t\t\t\t\t\t<img fetchpriority=\"high\" decoding=\"async\" width=\"683\" height=\"1024\" src=\"https:\/\/iwell-guard.com\/wp-content\/uploads\/2026\/05\/schutzsymbol_germanisch_wacholder-683x1024.png\" class=\"attachment-large size-large wp-image-148431\" alt=\"Rautayrtti \u2013 suoja- ja rituaalikasvi, historiallis-havainnollinen\" srcset=\"https:\/\/iwell-guard.com\/wp-content\/uploads\/2026\/05\/schutzsymbol_germanisch_wacholder-683x1024.png 683w, https:\/\/iwell-guard.com\/wp-content\/uploads\/2026\/05\/schutzsymbol_germanisch_wacholder-200x300.png 200w, https:\/\/iwell-guard.com\/wp-content\/uploads\/2026\/05\/schutzsymbol_germanisch_wacholder-768x1152.png 768w, https:\/\/iwell-guard.com\/wp-content\/uploads\/2026\/05\/schutzsymbol_germanisch_wacholder.png 1024w\" sizes=\"(max-width: 683px) 100vw, 683px\" \/>\t\t\t\t\t\t\t\t\t\t\t\t\t\t\t<\/div>\n\t\t\t\t<\/div>\n\t\t\t\t\t<\/div>\n\t\t\t\t<\/div>\n\t\t<div class=\"elementor-element elementor-element-iwgs-wacholder-s0 e-flex e-con-boxed e-con e-parent\" data-id=\"iwgs-wacholder-s0\" data-element_type=\"container\" data-e-type=\"container\">\n\t\t\t\t\t<div class=\"e-con-inner\">\n\t\t\t\t<div class=\"elementor-element elementor-element-iwgs-wacholder-s0h elementor-widget elementor-widget-heading\" data-id=\"iwgs-wacholder-s0h\" data-element_type=\"widget\" data-e-type=\"widget\" data-widget_type=\"heading.default\">\n\t\t\t\t\t<h2 class=\"elementor-heading-title elementor-size-default\">Pikakatsaus<\/h2>\t\t\t\t<\/div>\n\t\t<div class=\"elementor-element elementor-element-iw-wacholder-s0-bw e-con-full e-flex e-con e-child\" data-id=\"iw-wacholder-s0-bw\" data-element_type=\"container\" data-e-type=\"container\">\n\t\t\t\t<div class=\"elementor-element elementor-element-iwgs-wacholder-s0t elementor-widget elementor-widget-text-editor\" data-id=\"iwgs-wacholder-s0t\" data-element_type=\"widget\" data-e-type=\"widget\" data-widget_type=\"text-editor.default\">\n\t\t\t\t\t\t\t\t\t<p>Kansatieteellinen tutkimus ymm\u00e4rt\u00e4\u00e4 suojayrteill\u00e4 kasveja, joille taruissa, tavoissa ja uskomuksissa on annettu torjuvaa vaikutusta noituutta, pahaa silm\u00e4\u00e4, tautihenki\u00e4 ja muita vahingollisia voimia vastaan. Kasvien kirjo ulottuu tunnetuista keitti\u00f6- ja puutarhayrteist\u00e4 harvinaisiin juuriin, kuten mandragoraan.<\/p><p>T\u00e4m\u00e4 sivu kokoaa yhteen saksankielisen alueen suojayrttej\u00e4 koskevan perinnetiedon ja viittaa yksitt\u00e4isi\u00e4 kasveja k\u00e4sitteleviin omiin sivuihin.<\/p>\t\t\t\t\t\t\t\t<\/div>\n\t\t\t\t<\/div>\n\t\t\t\t\t<\/div>\n\t\t\t\t<\/div>\n\t\t<div class=\"elementor-element elementor-element-iwgs-wacholder-s1 e-flex e-con-boxed e-con e-parent\" data-id=\"iwgs-wacholder-s1\" data-element_type=\"container\" data-e-type=\"container\">\n\t\t\t\t\t<div class=\"e-con-inner\">\n\t\t\t\t<div class=\"elementor-element elementor-element-iwgs-wacholder-s1h elementor-widget elementor-widget-heading\" data-id=\"iwgs-wacholder-s1h\" data-element_type=\"widget\" data-e-type=\"widget\" data-widget_type=\"heading.default\">\n\t\t\t\t\t<h2 class=\"elementor-heading-title elementor-size-default\">Alkuper\u00e4 ja perim\u00e4tieto<\/h2>\t\t\t\t<\/div>\n\t\t<div class=\"elementor-element elementor-element-iw-wacholder-s1-bw e-con-full e-flex e-con e-child\" data-id=\"iw-wacholder-s1-bw\" data-element_type=\"container\" data-e-type=\"container\">\n\t\t\t\t<div class=\"elementor-element elementor-element-iwgs-wacholder-s1t elementor-widget elementor-widget-text-editor\" data-id=\"iwgs-wacholder-s1t\" data-element_type=\"widget\" data-e-type=\"widget\" data-widget_type=\"text-editor.default\">\n\t\t\t\t\t\t\t\t\t<p>Ajatus siit\u00e4, ett\u00e4 jotkin kasvit suojaavat onnettomuudelta, ulottuu esikristilliseen aikaan, ja keskiajalla se otettiin osittain kirkon piiriin: Marian taivaaseenastumisen yrttisiunauksessa siunattiin yrttikimppuja, joihin sidottiin suojayrttej\u00e4, kuten <a href=\"https:\/\/iwell-guard.com\/fi\/?page_id=145074\">kuningaskynttil\u00e4\u00e4<\/a> ja <a href=\"https:\/\/iwell-guard.com\/fi\/makikuisma\/\">m\u00e4kikuismaa<\/a>, viljant\u00e4hkien kanssa.<\/p><p>Samaan aikaan s\u00e4ilyi elossa maalaisv\u00e4est\u00f6n kokemustieto, joka siirtyi eteenp\u00e4in kirkon opista riippumatta: muistis\u00e4\u00e4nn\u00f6in, k\u00e4yt\u00e4nn\u00f6n n\u00e4ytt\u00e4misen kautta perheess\u00e4 sek\u00e4 kylien yrttinaisten ja k\u00e4til\u00f6iden v\u00e4lityksell\u00e4, joita pidettiin t\u00e4m\u00e4n tiedon kantajina.<\/p><p>Handw\u00f6rterbuch des deutschen Aberglaubens mainitsee suojaperinteen muodon l\u00e4hes jokaiselle kotoper\u00e4iselle yrtille, mik\u00e4 viittaa tiiviiseen, sukupolvien my\u00f6t\u00e4 kasvaneeseen tulkintaj\u00e4rjestelm\u00e4\u00e4n.<\/p>\t\t\t\t\t\t\t\t<\/div>\n\t\t\t\t<\/div>\n\t\t\t\t\t<\/div>\n\t\t\t\t<\/div>\n\t\t<div class=\"elementor-element elementor-element-iwgs-wacholder-s2 e-flex e-con-boxed e-con e-parent\" data-id=\"iwgs-wacholder-s2\" data-element_type=\"container\" data-e-type=\"container\">\n\t\t\t\t\t<div class=\"e-con-inner\">\n\t\t\t\t<div class=\"elementor-element elementor-element-iwgs-wacholder-s2h elementor-widget elementor-widget-heading\" data-id=\"iwgs-wacholder-s2h\" data-element_type=\"widget\" data-e-type=\"widget\" data-widget_type=\"heading.default\">\n\t\t\t\t\t<h2 class=\"elementor-heading-title elementor-size-default\">Vaikutusperiaate perim\u00e4tiedon mukaan<\/h2>\t\t\t\t<\/div>\n\t\t<div class=\"elementor-element elementor-element-iw-wacholder-s2-bw e-con-full e-flex e-con e-child\" data-id=\"iw-wacholder-s2-bw\" data-element_type=\"container\" data-e-type=\"container\">\n\t\t\t\t<div class=\"elementor-element elementor-element-iwgs-wacholder-s2t elementor-widget elementor-widget-text-editor\" data-id=\"iwgs-wacholder-s2t\" data-element_type=\"widget\" data-e-type=\"widget\" data-widget_type=\"text-editor.default\">\n\t\t\t\t\t\t\t\t\t<p>Kansanusko tuntee suojayrttien k\u00e4yt\u00f6ss\u00e4 toistuvia sovellusmuotoja, jotka toistuvat samankaltaisina monien kasvien ja alueiden kohdalla. Kehossa kannettuna, useimmiten pieness\u00e4 <a href=\"https:\/\/iwell-guard.com\/fi\/suojapussi-ja-breverl\/\">suojapussissa<\/a> tai kukkarossa, yrttien tuli kulkea kantajan mukana ja torjua pahaa taikaa suoraan.<\/p><p>Talon oven p\u00e4\u00e4lle sek\u00e4 ovi- ja navettarakenteisiin kiinnitettyn\u00e4, usein kimppuna tai seppeleen\u00e4, ne merkitsiv\u00e4t <a href=\"https:\/\/iwell-guard.com\/fi\/kynnyssuoja-ovi-ikkuna-sisaankaynti\/\">kynnyksen<\/a> rajaksi, jota vahingollisen ei tullut ylitt\u00e4\u00e4. Tyynyn alle tai vuoteen alle asetettuna yrtit suojasivat unen puolustuskyvyt\u00f6nt\u00e4 hetke\u00e4. <a href=\"https:\/\/iwell-guard.com\/fi\/suitsutus-ja-puhdistus\/\">Suitsukkeena<\/a> poltettuna ne levittiv\u00e4t savua, jolla uskottiin olevan puhdistavaa ja torjuvaa voimaa.<\/p><p>N\u00e4it\u00e4 muotoja, pussi, kynnys, vuode ja savu, toistuvat kaavana l\u00e4hes kaikkien t\u00e4ll\u00e4 sivulla esiteltyjen yrttien perinteess\u00e4.<\/p>\t\t\t\t\t\t\t\t<\/div>\n\t\t\t\t<\/div>\n\t\t\t\t\t<\/div>\n\t\t\t\t<\/div>\n\t\t<div class=\"elementor-element elementor-element-iwgs-wacholder-s3 e-flex e-con-boxed e-con e-parent\" data-id=\"iwgs-wacholder-s3\" data-element_type=\"container\" data-e-type=\"container\">\n\t\t\t\t\t<div class=\"e-con-inner\">\n\t\t\t\t<div class=\"elementor-element elementor-element-iwgs-wacholder-s3h elementor-widget elementor-widget-heading\" data-id=\"iwgs-wacholder-s3h\" data-element_type=\"widget\" data-e-type=\"widget\" data-widget_type=\"heading.default\">\n\t\t\t\t\t<h2 class=\"elementor-heading-title elementor-size-default\">Kulttuurien rajat ylitt\u00e4v\u00e4 levinneisyys<\/h2>\t\t\t\t<\/div>\n\t\t<div class=\"elementor-element elementor-element-iw-wacholder-s3-bw e-con-full e-flex e-con e-child\" data-id=\"iw-wacholder-s3-bw\" data-element_type=\"container\" data-e-type=\"container\">\n\t\t\t\t<div class=\"elementor-element elementor-element-iwgs-wacholder-s3t elementor-widget elementor-widget-text-editor\" data-id=\"iwgs-wacholder-s3t\" data-element_type=\"widget\" data-e-type=\"widget\" data-widget_type=\"text-editor.default\">\n\t\t\t\t\t\t\t\t\t<p>Usko suojaaviin yrtteihin ei rajoitu saksankieliseen alueeseen. Kelttil\u00e4isell\u00e4 alueella kasveja, kuten <a href=\"https:\/\/iwell-guard.com\/fi\/?page_id=145073\">rautayrtti\u00e4<\/a>, pidettiin pyhin\u00e4, ja niit\u00e4 ker\u00e4ttiin vakiintuneiden rituaalien mukaan. Slaavilaisessa kansanuskossa taloa ja navettaa suojattiin samankaltaisilla kimpuilla kuin alppialueen perinteess\u00e4, vaikkakin toisilla kasvilajeilla.<\/p><p>My\u00f6s Euroopan ulkopuoliset kulttuurit tuntevat vastaavia k\u00e4sityksi\u00e4: Intiassa esimerkiksi <a href=\"https:\/\/iwell-guard.com\/fi\/?page_id=145074\">kuningaskynttil\u00e4n<\/a> sukulaiskasveja k\u00e4ytettiin pahoja henki\u00e4 ja taikuutta vastaan. N\u00e4iden yht\u00e4l\u00e4isyyksien voidaan katsoa kertovan laajalle levinneest\u00e4 tarpeesta k\u00e4ytt\u00e4\u00e4 konkreettisia kasveja v\u00e4litt\u00e4jin\u00e4 oman haavoittuvuuden ja uhkaavaksi koetun n\u00e4kym\u00e4tt\u00f6m\u00e4n maailman v\u00e4lill\u00e4.<\/p>\t\t\t\t\t\t\t\t<\/div>\n\t\t\t\t<\/div>\n\t\t\t\t\t<\/div>\n\t\t\t\t<\/div>\n\t\t<div class=\"elementor-element elementor-element-iwgs-wacholder-s4 e-flex e-con-boxed e-con e-parent\" data-id=\"iwgs-wacholder-s4\" data-element_type=\"container\" data-e-type=\"container\">\n\t\t\t\t\t<div class=\"e-con-inner\">\n\t\t\t\t<div class=\"elementor-element elementor-element-iwgs-wacholder-s4h elementor-widget elementor-widget-heading\" data-id=\"iwgs-wacholder-s4h\" data-element_type=\"widget\" data-e-type=\"widget\" data-widget_type=\"heading.default\">\n\t\t\t\t\t<h2 class=\"elementor-heading-title elementor-size-default\">Mit\u00e4 vastaan sit\u00e4 k\u00e4ytet\u00e4\u00e4n<\/h2>\t\t\t\t<\/div>\n\t\t<div class=\"elementor-element elementor-element-iw-wacholder-s4-bw e-con-full e-flex e-con e-child\" data-id=\"iw-wacholder-s4-bw\" data-element_type=\"container\" data-e-type=\"container\">\n\t\t\t\t<div class=\"elementor-element elementor-element-iwgs-wacholder-s4t elementor-widget elementor-widget-text-editor\" data-id=\"iwgs-wacholder-s4t\" data-element_type=\"widget\" data-e-type=\"widget\" data-widget_type=\"text-editor.default\">\n\t\t\t\t\t\t\t\t\t<p>Perinne k\u00e4ytt\u00e4\u00e4 suojayrttej\u00e4 laajaa uhkien kirjoa vastaan. N\u00e4ihin kuuluvat paha silm\u00e4, toisin sanoen kadehtiva katse, jonka uskottiin vahingoittavan ihmist\u00e4, el\u00e4int\u00e4 ja satoa, sek\u00e4 noituus ja lumous suppeammassa merkityksess\u00e4. Tautihenget, joille annettiin syyksi kuume, kulkutaudit ja selitt\u00e4m\u00e4tt\u00f6m\u00e4t vaivat, kuuluvat uhkakuvaan yht\u00e4 lailla kuin s\u00e4\u00e4vaarat, kuten ukkosenilma, jota vastaan yksitt\u00e4isten yrttien, kuten kuningaskynttil\u00e4n, uskottiin olevan erityisen tehokkaita.<\/p><p>My\u00f6s pahanilkinen puheen levitt\u00e4minen ja riidat kotona, joilta esimerkiksi v\u00e4in\u00f6nputken uskottiin suojaavan, kuuluvat t\u00e4m\u00e4n suojausk\u00e4yt\u00e4nn\u00f6n tavoitteisiin. <a href=\"https:\/\/iwell-guard.com\/fi\/suoja-kompassi\/\">Suojauskompassi<\/a> jaottelee yksitt\u00e4iset yrtit niiden uhkakuvien mukaan, joita vastaan niiden k\u00e4ytt\u00f6 on l\u00e4hteiss\u00e4 todistettu.<\/p>\t\t\t\t\t\t\t\t<\/div>\n\t\t\t\t<\/div>\n\t\t\t\t\t<\/div>\n\t\t\t\t<\/div>\n\t\t<div class=\"elementor-element elementor-element-iwgs-wacholder-s5 e-flex e-con-boxed e-con e-parent\" data-id=\"iwgs-wacholder-s5\" data-element_type=\"container\" data-e-type=\"container\">\n\t\t\t\t\t<div class=\"e-con-inner\">\n\t\t\t\t<div class=\"elementor-element elementor-element-iwgs-wacholder-s5h elementor-widget elementor-widget-heading\" data-id=\"iwgs-wacholder-s5h\" data-element_type=\"widget\" data-e-type=\"widget\" data-widget_type=\"heading.default\">\n\t\t\t\t\t<h2 class=\"elementor-heading-title elementor-size-default\">K\u00e4ytt\u00f6 ja rajoitukset<\/h2>\t\t\t\t<\/div>\n\t\t<div class=\"elementor-element elementor-element-iw-wacholder-s5-bw e-con-full e-flex e-con e-child\" data-id=\"iw-wacholder-s5-bw\" data-element_type=\"container\" data-e-type=\"container\">\n\t\t\t\t<div class=\"elementor-element elementor-element-iwgs-wacholder-s5t elementor-widget elementor-widget-text-editor\" data-id=\"iwgs-wacholder-s5t\" data-element_type=\"widget\" data-e-type=\"widget\" data-widget_type=\"text-editor.default\">\n\t\t\t\t\t\t\t\t\t<p>Seuraavat sivut esittelev\u00e4t yksitt\u00e4isi\u00e4 suojayrttej\u00e4 yksityiskohtaisesti, niiden perinnehistorian, k\u00e4ytt\u00f6tapojen ja niiden rajoitusten kanssa, jotka kansanusko itse asetti:<\/p><ul><li><a href=\"https:\/\/iwell-guard.com\/fi\/pujo\/\">Pujo<\/a><\/li><li><a href=\"https:\/\/iwell-guard.com\/fi\/salvia-suitsutus\/\">Salvia<\/a><\/li><li><a href=\"https:\/\/iwell-guard.com\/fi\/kataja\/\">Kataja<\/a><\/li><li><a href=\"https:\/\/iwell-guard.com\/fi\/pihlaja-suojapuu-ja-suojapuuaines-kansanmagiassa\/\">Pihlaja<\/a><\/li><li><a href=\"https:\/\/iwell-guard.com\/fi\/makikuisma\/\">M\u00e4kikuisma<\/a><\/li><li><a href=\"https:\/\/iwell-guard.com\/fi\/valkosipuli-suojana\/\">Valkosipuli<\/a><\/li><li><a href=\"https:\/\/iwell-guard.com\/fi\/alruuna-suoja-ja-onnenjuuri\/\">Mandragora<\/a><\/li><li><a href=\"https:\/\/iwell-guard.com\/fi\/?page_id=145073\">Rautayrtti<\/a><\/li><li><a href=\"https:\/\/iwell-guard.com\/fi\/?page_id=145074\">Kuningaskynttil\u00e4<\/a><\/li><li><a href=\"https:\/\/iwell-guard.com\/fi\/?page_id=145075\">Siank\u00e4rs\u00e4m\u00f6<\/a><\/li><li><a href=\"https:\/\/iwell-guard.com\/fi\/?page_id=145076\">Koiruoho<\/a><\/li><li><a href=\"https:\/\/iwell-guard.com\/fi\/?page_id=145077\">V\u00e4in\u00f6nputki<\/a><\/li><\/ul><p>Kaikkien suojayrttien rajoitus piilee perinteess\u00e4 itsess\u00e4\u00e4n: yksik\u00e4\u00e4n yrtti ei koskaan yksin\u00e4\u00e4n riitt\u00e4nyt. Sit\u00e4 yhdisteltiin aina rukouksiin, siunauskaavoihin, <a href=\"https:\/\/iwell-guard.com\/fi\/suola-suojana\/\">suolaan<\/a> ja muihin suojauskeinoihin, kuten my\u00f6s <a href=\"https:\/\/iwell-guard.com\/fi\/suoja-kompassi\/\">Suojauskompassi<\/a> osoittaa perinteisiss\u00e4 yhdistelmiss\u00e4\u00e4n.<\/p>\t\t\t\t\t\t\t\t<\/div>\n\t\t\t\t<\/div>\n\t\t\t\t\t<\/div>\n\t\t\t\t<\/div>\n\t\t<div class=\"elementor-element elementor-element-iwgs-wacholder-lit e-flex e-con-boxed e-con e-parent\" data-id=\"iwgs-wacholder-lit\" data-element_type=\"container\" data-e-type=\"container\">\n\t\t\t\t\t<div class=\"e-con-inner\">\n\t\t\t\t<div class=\"elementor-element elementor-element-iwgs-wacholder-lith elementor-widget elementor-widget-heading\" data-id=\"iwgs-wacholder-lith\" data-element_type=\"widget\" data-e-type=\"widget\" data-widget_type=\"heading.default\">\n\t\t\t\t\t<h2 class=\"elementor-heading-title elementor-size-default\">Kirjallisuus (valikoima)<\/h2>\t\t\t\t<\/div>\n\t\t<div class=\"elementor-element elementor-element-iw-wacholder-lit-bw e-con-full e-flex e-con e-child\" data-id=\"iw-wacholder-lit-bw\" data-element_type=\"container\" data-e-type=\"container\">\n\t\t\t\t<div class=\"elementor-element elementor-element-iwgs-wacholder-litt elementor-widget elementor-widget-html\" data-id=\"iwgs-wacholder-litt\" data-element_type=\"widget\" data-e-type=\"widget\" data-widget_type=\"html.default\">\n\t\t\t\t\t<footer data-nosnippet=\"true\"><ul><li>Handw\u00f6rterbuch des deutschen Aberglaubens. Toim. Hanns B\u00e4chtold-St\u00e4ubli. Berlin: de Gruyter, 1927-1942.<\/li><li>Heinrich Marzell (yhteisty\u00f6ss\u00e4 Wilhelm Wissmannin kanssa): W\u00f6rterbuch der deutschen Pflanzennamen. Leipzig\/Stuttgart: Hirzel, 1943-1979.<\/li><li>Will-Erich Peuckert: Deutscher Volksglaube des Sp\u00e4tmittelalters. Stuttgart: Kohlhammer, 1942.<\/li><li>Siegfried Seligmann: Der b\u00f6se Blick und Verwandtes. Berlin: Barsdorf, 1910.<\/li><li>Lutz R\u00f6hrich: Lexikon der sprichw\u00f6rtlichen Redensarten. Freiburg: Herder, 1991.<\/li><\/ul><\/footer>\t\t\t\t<\/div>\n\t\t\t\t<\/div>\n\t\t\t\t\t<\/div>\n\t\t\t\t<\/div>\n\t\t<div class=\"elementor-element elementor-element-iwgs-wacholder-kwd e-flex e-con-boxed e-con e-parent\" data-id=\"iwgs-wacholder-kwd\" data-element_type=\"container\" data-e-type=\"container\">\n\t\t\t\t\t<div class=\"e-con-inner\">\n\t\t<div class=\"elementor-element elementor-element-iw-wacholder-kwd-bw e-con-full e-flex e-con e-child\" data-id=\"iw-wacholder-kwd-bw\" data-element_type=\"container\" data-e-type=\"container\">\n\t\t\t\t<div class=\"elementor-element elementor-element-iwgs-wacholder-kwdt elementor-widget elementor-widget-text-editor\" data-id=\"iwgs-wacholder-kwdt\" data-element_type=\"widget\" data-e-type=\"widget\" data-widget_type=\"text-editor.default\">\n\t\t\t\t\t\t\t\t\t<p><em>Aiheeseen liittyv\u00e4t avainsanat: suojayrtit kansanuskomukset yrttimagia kynnyssuoja.<\/em><\/p>\t\t\t\t\t\t\t\t<\/div>\n\t\t\t\t<\/div>\n\t\t\t\t\t<\/div>\n\t\t\t\t<\/div>\n\t\t<div class=\"elementor-element elementor-element-iwgs-wacholder-cc e-flex e-con-boxed e-con e-parent\" data-id=\"iwgs-wacholder-cc\" data-element_type=\"container\" data-e-type=\"container\" id=\"iwg-cc-wacholder\">\n\t\t\t\t\t<div class=\"e-con-inner\">\n\t\t<div class=\"elementor-element elementor-element-iwgs-wacholder-ccinner e-flex e-con-boxed e-con e-parent\" data-id=\"iwgs-wacholder-ccinner\" data-element_type=\"container\" data-e-type=\"container\" data-settings=\"{&quot;background_background&quot;:&quot;classic&quot;}\">\n\t\t\t\t\t<div class=\"e-con-inner\">\n\t\t\t\t<div class=\"elementor-element elementor-element-iwgs-wacholder-cch elementor-widget elementor-widget-heading\" data-id=\"iwgs-wacholder-cch\" data-element_type=\"widget\" data-e-type=\"widget\" data-widget_type=\"heading.default\">\n\t\t\t\t\t<h2 class=\"elementor-heading-title elementor-size-default\">iWell Guard ja suojelutraditiot<\/h2>\t\t\t\t<\/div>\n\t\t\t\t<div class=\"elementor-element elementor-element-iwgs-wacholder-cct elementor-widget elementor-widget-text-editor\" data-id=\"iwgs-wacholder-cct\" data-element_type=\"widget\" data-e-type=\"widget\" data-widget_type=\"text-editor.default\">\n\t\t\t\t\t\t\t\t\t<p>Suojayrttien moninaisuus kertoo toistuvasta inhimillisest\u00e4 tarpeesta: haluamme omistaa konkreettisia esineit\u00e4, jotka merkitsev\u00e4t n\u00e4kym\u00e4tt\u00f6m\u00e4n rajan omalle, suojatulle alueelle ja uhkaavaksi koetulle ymp\u00e4rist\u00f6lle. T\u00e4m\u00e4 sama periaate on my\u00f6s <a href=\"https:\/\/iwell-guard.com\/fi\/osta-iwell-guard-suojariipus\/\">iWell Guardin<\/a> taustalla.<\/p><p>Sen, mit\u00e4 aiemmat sukupolvet tavoittelivat yrttipussukoiden, ovenp\u00e4\u00e4lle ripustettujen kimppujen ja suitsukkeiden avulla, riipus muuntaa muotoon, jota voi kantaa pysyv\u00e4sti mukanaan. Rajanvedon symbolinen logiikka pysyy samana, vain sen ulkoinen muoto on muuttunut.<\/p>\t\t\t\t\t\t\t\t<\/div>\n\t\t\t\t<div class=\"elementor-element elementor-element-iwgs-wacholder-ccb iwg-cc-button iwg-cc-cta-2026-05-13 elementor-widget elementor-widget-jet-button\" data-id=\"iwgs-wacholder-ccb\" data-element_type=\"widget\" data-e-type=\"widget\" data-widget_type=\"jet-button.default\">\n\t\t\t\t<div class=\"elementor-widget-container\">\n\t\t\t\t\t<div class=\"elementor-jet-button jet-elements\"><div class=\"jet-button__container\"><a class=\"jet-button__instance jet-button__instance--icon-left hover-effect-1\" href=\"\/schutzanhaenger-iwell-guard-kaufen\/?utm_source=iwell-guard.com&amp;utm_medium=info-box&amp;utm_campaign=schutzsymbole\"><div class=\"jet-button__plane jet-button__plane-normal\"><\/div><div class=\"jet-button__plane jet-button__plane-hover\"><\/div><div class=\"jet-button__state jet-button__state-normal\"><span class=\"jet-button__label\">Lis\u00e4\u00e4 iWell Guardista<\/span><\/div><div class=\"jet-button__state jet-button__state-hover\"><span class=\"jet-button__label\">Lis\u00e4\u00e4 iWell Guardista<\/span><\/div><\/a><\/div><\/div><style>.elementor-element.elementor-element-iwgs-wacholder-ccb .jet-button__instance{width:320px;height:56px;}.elementor-element.elementor-element-iwgs-wacholder-ccb .jet-button__state-normal .jet-button__label{text-align:center;margin:0px 0px 0px 0px;color:#1a1b20;font-family:Montserrat,sans-serif;font-size:13px;font-weight:400;letter-spacing:4px;line-height:1.714em;text-transform:uppercase;}.elementor-element.elementor-element-iwgs-wacholder-ccb .jet-button__state-hover .jet-button__label{text-align:center;margin:0px 0px 0px 0px;color:#FECC76;font-family:Montserrat,sans-serif;font-size:13px;font-weight:400;letter-spacing:4px;line-height:1.714em;text-transform:uppercase;}.elementor-element.elementor-element-iwgs-wacholder-ccb .jet-button__plane-normal{background-color:#FECC76;border-style:solid;border-color:#C99540;border-width:2px 2px 2px 2px;}.elementor-element.elementor-element-iwgs-wacholder-ccb .jet-button__plane-hover{background-color:rgba(0,0,0,0.55);border-style:solid;border-color:#FECC76;border-width:2px 2px 2px 2px;}<\/style>\t\t\t\t<\/div>\n\t\t\t\t<\/div>\n\t\t\t\t<div class=\"elementor-element elementor-element-iwgs-wacholder-ccd elementor-widget elementor-widget-text-editor\" data-id=\"iwgs-wacholder-ccd\" data-element_type=\"widget\" data-e-type=\"widget\" data-widget_type=\"text-editor.default\">\n\t\t\t\t\t\t\t\t\t<p style=\"text-align:center;font-size:13px;opacity:0.7;margin-top:14px\" data-nosnippet=\"true\">Henkil\u00f6kohtaiset kokemukset voivat vaihdella. Ei l\u00e4\u00e4kinn\u00e4llinen laite. Ei paranemislupausta.<\/p>\t\t\t\t\t\t\t\t<\/div>\n\t\t\t\t\t<\/div>\n\t\t\t\t<\/div>\n\t\t\t\t\t<\/div>\n\t\t\t\t<\/div>\n\t\t<div class=\"elementor-element elementor-element-iwgs-wacholder-disc e-flex e-con-boxed e-con e-parent\" data-id=\"iwgs-wacholder-disc\" data-element_type=\"container\" data-e-type=\"container\">\n\t\t\t\t\t<div class=\"e-con-inner\">\n\t\t<div class=\"elementor-element elementor-element-iw-wacholder-disc-bw e-con-full e-flex e-con e-child\" data-id=\"iw-wacholder-disc-bw\" data-element_type=\"container\" data-e-type=\"container\">\n\t\t\t\t<div class=\"elementor-element elementor-element-iwgs-wacholder-discw elementor-widget elementor-widget-html\" data-id=\"iwgs-wacholder-discw\" data-element_type=\"widget\" data-e-type=\"widget\" data-widget_type=\"html.default\">\n\t\t\t\t\t<footer data-nosnippet=\"true\" class=\"iwg-disclaimer-block\"><p data-nosnippet=\"true\">iWell Guard <strong>ei ole l\u00e4\u00e4kinn\u00e4llinen laite<\/strong>, eik\u00e4 se korvaa l\u00e4\u00e4k\u00e4rin tai psykoterapeutin hoitoa. T\u00e4ss\u00e4 esitetyt sis\u00e4ll\u00f6t ovat uskontotieteellist\u00e4 ja kulttuurihistoriallista tarkastelua, eiv\u00e4t lupausta hengellisest\u00e4 vaikutuksesta.<\/p><\/footer>\t\t\t\t<\/div>\n\t\t\t\t<\/div>\n\t\t\t\t\t<\/div>\n\t\t\t\t<\/div>\n\t\t\t\t<\/div>\n\t\t","protected":false},"excerpt":{"rendered":"","protected":false},"author":3,"featured_media":20530,"parent":0,"menu_order":0,"comment_status":"closed","ping_status":"closed","template":"elementor_header_footer","meta":{"_yoast_wpseo_focuskw":"suojayrtit","_yoast_wpseo_title":"Suojayrtit: yrtit suojakeinona kansanuskossa","_yoast_wpseo_metadesc":"Suojayrtit kansanuskossa: k\u00e4ytt\u00f6tavat, perinne ja katsaus kaikkiin suojayrttisivuihin pujosta v\u00e4in\u00f6nputkeen.","_yoast_wpseo_meta-robots-noindex":"","_yoast_wpseo_canonical":"","_angie_page":false,"gefaehrdungsstufe":"","wesen_kultur":"","wesen_klasse":"","footnotes":""},"categories":[],"class_list":["post-145072","page","type-page","status-publish","has-post-thumbnail","hentry"],"yoast_head":"<!-- This site is optimized with the Yoast SEO Premium plugin v27.7 (Yoast SEO v28.3) - https:\/\/yoast.com\/product\/yoast-seo-premium-wordpress\/ -->\n<title>Suojayrtit: yrtit suojakeinona kansanuskossa<\/title>\n<meta name=\"description\" content=\"Suojayrtit kansanuskossa: k\u00e4ytt\u00f6tavat, perinne ja katsaus kaikkiin suojayrttisivuihin pujosta v\u00e4in\u00f6nputkeen.\" \/>\n<meta name=\"robots\" content=\"index, follow, max-snippet:-1, max-image-preview:large, max-video-preview:-1\" \/>\n<link rel=\"canonical\" href=\"https:\/\/iwell-guard.com\/fi\/suojayrtit\/\" \/>\n<meta property=\"og:locale\" content=\"fi_FI\" \/>\n<meta property=\"og:type\" content=\"article\" \/>\n<meta property=\"og:title\" content=\"Suojayrtit\" \/>\n<meta property=\"og:description\" content=\"Suojayrtit kansanuskossa: k\u00e4ytt\u00f6tavat, perinne ja katsaus kaikkiin suojayrttisivuihin pujosta v\u00e4in\u00f6nputkeen.\" \/>\n<meta property=\"og:url\" content=\"https:\/\/iwell-guard.com\/fi\/suojayrtit\/\" \/>\n<meta property=\"og:site_name\" content=\"iWell Guard\" \/>\n<meta property=\"article:modified_time\" content=\"2026-09-03T13:16:04+00:00\" \/>\n<meta property=\"og:image\" content=\"https:\/\/iwell-guard.com\/wp-content\/uploads\/2026\/07\/schutzsymbol_universell_schutzkraeuter.webp\" \/>\n\t<meta property=\"og:image:width\" content=\"1024\" \/>\n\t<meta property=\"og:image:height\" content=\"1536\" \/>\n\t<meta property=\"og:image:type\" content=\"image\/webp\" \/>\n<meta name=\"twitter:card\" content=\"summary_large_image\" \/>\n<script type=\"application\/ld+json\" class=\"yoast-schema-graph\">{\"@context\":\"https:\\\/\\\/schema.org\",\"@graph\":[{\"@type\":\"WebPage\",\"@id\":\"https:\\\/\\\/iwell-guard.com\\\/fi\\\/suojayrtit\\\/\",\"url\":\"https:\\\/\\\/iwell-guard.com\\\/fi\\\/suojayrtit\\\/\",\"name\":\"Suojayrtit: yrtit suojakeinona kansanuskossa\",\"isPartOf\":{\"@id\":\"https:\\\/\\\/iwell-guard.com\\\/fi\\\/#website\"},\"primaryImageOfPage\":{\"@id\":\"https:\\\/\\\/iwell-guard.com\\\/fi\\\/suojayrtit\\\/#primaryimage\"},\"image\":{\"@id\":\"https:\\\/\\\/iwell-guard.com\\\/fi\\\/suojayrtit\\\/#primaryimage\"},\"thumbnailUrl\":\"https:\\\/\\\/iwell-guard.com\\\/wp-content\\\/uploads\\\/2026\\\/07\\\/schutzsymbol_universell_schutzkraeuter.webp\",\"datePublished\":\"2026-09-03T12:42:18+00:00\",\"dateModified\":\"2026-09-03T13:16:04+00:00\",\"description\":\"Suojayrtit kansanuskossa: k\u00e4ytt\u00f6tavat, perinne ja katsaus kaikkiin suojayrttisivuihin pujosta v\u00e4in\u00f6nputkeen.\",\"breadcrumb\":{\"@id\":\"https:\\\/\\\/iwell-guard.com\\\/fi\\\/suojayrtit\\\/#breadcrumb\"},\"inLanguage\":\"fi\",\"potentialAction\":[{\"@type\":\"ReadAction\",\"target\":[\"https:\\\/\\\/iwell-guard.com\\\/fi\\\/suojayrtit\\\/\"]}]},{\"@type\":\"ImageObject\",\"inLanguage\":\"fi\",\"@id\":\"https:\\\/\\\/iwell-guard.com\\\/fi\\\/suojayrtit\\\/#primaryimage\",\"url\":\"https:\\\/\\\/iwell-guard.com\\\/wp-content\\\/uploads\\\/2026\\\/07\\\/schutzsymbol_universell_schutzkraeuter.webp\",\"contentUrl\":\"https:\\\/\\\/iwell-guard.com\\\/wp-content\\\/uploads\\\/2026\\\/07\\\/schutzsymbol_universell_schutzkraeuter.webp\",\"width\":1024,\"height\":1536,\"caption\":\"Kimppuun sidottuja suojaavia yrttej\u00e4 pellavapussissa tummalla kivipohjalla\"},{\"@type\":\"BreadcrumbList\",\"@id\":\"https:\\\/\\\/iwell-guard.com\\\/fi\\\/suojayrtit\\\/#breadcrumb\",\"itemListElement\":[{\"@type\":\"ListItem\",\"position\":1,\"name\":\"Start\",\"item\":\"https:\\\/\\\/iwell-guard.com\\\/fi\\\/?page_id=143815\"},{\"@type\":\"ListItem\",\"position\":2,\"name\":\"Suojayrtit\"}]},{\"@type\":\"WebSite\",\"@id\":\"https:\\\/\\\/iwell-guard.com\\\/fi\\\/#website\",\"url\":\"https:\\\/\\\/iwell-guard.com\\\/fi\\\/\",\"name\":\"iWell Guard\",\"description\":\"Schutz vor dunklen Einfl\u00fcssen\",\"publisher\":{\"@id\":\"https:\\\/\\\/iwell-guard.com\\\/fi\\\/#organization\"},\"potentialAction\":[{\"@type\":\"SearchAction\",\"target\":{\"@type\":\"EntryPoint\",\"urlTemplate\":\"https:\\\/\\\/iwell-guard.com\\\/fi\\\/?s={search_term_string}\"},\"query-input\":{\"@type\":\"PropertyValueSpecification\",\"valueRequired\":true,\"valueName\":\"search_term_string\"}}],\"inLanguage\":\"fi\"},{\"@type\":\"Organization\",\"@id\":\"https:\\\/\\\/iwell-guard.com\\\/fi\\\/#organization\",\"name\":\"Ittermann electronic GmbH\",\"url\":\"https:\\\/\\\/iwell-guard.com\\\/fi\\\/\",\"logo\":{\"@type\":\"ImageObject\",\"inLanguage\":\"fi\",\"@id\":\"https:\\\/\\\/iwell-guard.com\\\/fi\\\/#\\\/schema\\\/logo\\\/image\\\/\",\"url\":\"https:\\\/\\\/iwell-guard.com\\\/wp-content\\\/uploads\\\/2026\\\/05\\\/Ittermann-Logo-1182x237-1.png\",\"contentUrl\":\"https:\\\/\\\/iwell-guard.com\\\/wp-content\\\/uploads\\\/2026\\\/05\\\/Ittermann-Logo-1182x237-1.png\",\"width\":1182,\"height\":237,\"caption\":\"Ittermann electronic GmbH\"},\"image\":{\"@id\":\"https:\\\/\\\/iwell-guard.com\\\/fi\\\/#\\\/schema\\\/logo\\\/image\\\/\"},\"sameAs\":[\"https:\\\/\\\/pantip.com\\\/profile\\\/9367242\",\"https:\\\/\\\/micro.blog\\\/iwellguard\",\"https:\\\/\\\/www.diggerslist.com\\\/iwellguard\\\/about\",\"https:\\\/\\\/skitterphoto.com\\\/photographers\\\/2870314\\\/iwell-guard\",\"https:\\\/\\\/iwellguard.wordpress.com\\\/2026\\\/06\\\/06\\\/iwell-guard\\\/\",\"https:\\\/\\\/hub.docker.com\\\/u\\\/iwellguard\",\"https:\\\/\\\/www.pinterest.com\\\/iwellguard\\\/\",\"https:\\\/\\\/bit.ly\\\/m\\\/iwellguard\",\"https:\\\/\\\/entre-vos-mains.alsace.eu\\\/profiles\\\/iwellguard\\\/activity\",\"https:\\\/\\\/gravatar.com\\\/reallybeded8fd34\",\"https:\\\/\\\/naijamatta.com\\\/iwellguard\",\"https:\\\/\\\/www.goodreads.com\\\/iwellguard\",\"https:\\\/\\\/profile.hatena.ne.jp\\\/iwellguard\\\/\",\"https:\\\/\\\/experiment.com\\\/users\\\/iwellguard\",\"https:\\\/\\\/wakelet.com\\\/@iWellGuard82270\",\"https:\\\/\\\/www.chordie.com\\\/forum\\\/profile.php?id=2555664\",\"https:\\\/\\\/www.instapaper.com\\\/p\\\/17757966\",\"https:\\\/\\\/www.mapleprimes.com\\\/users\\\/iwellguard\",\"https:\\\/\\\/businesslistingplus.com\\\/profile\\\/iwell-guard\\\/\",\"https:\\\/\\\/telegra.ph\\\/iWell-Guard-06-06\",\"https:\\\/\\\/pbase.com\\\/iwellguard\\\/iwellguard\",\"https:\\\/\\\/b.hatena.ne.jp\\\/iwellguard\\\/20260607#bookmark-4788405196491818882\",\"https:\\\/\\\/fliphtml5.com\\\/home\\\/iwellguard\",\"https:\\\/\\\/anyflip.com\\\/homepage\\\/cmiwl#About\",\"https:\\\/\\\/transfur.com\\\/Users\\\/iwellguard\",\"http:\\\/\\\/delphi.larsbo.org\\\/user\\\/iwellguard\",\"https:\\\/\\\/jobs.lajobsportal.org\\\/profiles\\\/8380803-iwell-guard\",\"https:\\\/\\\/md.chaosdorf.de\\\/s\\\/jfbe5SBdJD\",\"https:\\\/\\\/www.lingvolive.com\\\/en-us\\\/profile\\\/9ecaeaca-ce11-4e51-9e71-01d55e2bff36\\\/translations\",\"https:\\\/\\\/www.fitday.com\\\/fitness\\\/forums\\\/members\\\/iwellguard.html\",\"https:\\\/\\\/www.mymeetbook.com\\\/iwellguard\",\"https:\\\/\\\/pxhere.com\\\/en\\\/photographer-me\\\/5040798\",\"https:\\\/\\\/disqus.com\\\/by\\\/iwellguard\\\/about\\\/\",\"https:\\\/\\\/pastelink.net\\\/hjwciqwq\",\"https:\\\/\\\/pubhtml5.com\\\/homepage\\\/scjhn\\\/\",\"https:\\\/\\\/www.bitchute.com\\\/channel\\\/2O2eOKzNqujT\",\"https:\\\/\\\/audiomack.com\\\/iwellguard\"]}]}<\/script>\n<!-- \/ Yoast SEO Premium plugin. -->","yoast_head_json":{"title":"Suojayrtit: yrtit suojakeinona kansanuskossa","description":"Suojayrtit kansanuskossa: k\u00e4ytt\u00f6tavat, perinne ja katsaus kaikkiin suojayrttisivuihin pujosta v\u00e4in\u00f6nputkeen.","robots":{"index":"index","follow":"follow","max-snippet":"max-snippet:-1","max-image-preview":"max-image-preview:large","max-video-preview":"max-video-preview:-1"},"canonical":"https:\/\/iwell-guard.com\/fi\/suojayrtit\/","og_locale":"fi_FI","og_type":"article","og_title":"Suojayrtit","og_description":"Suojayrtit kansanuskossa: k\u00e4ytt\u00f6tavat, perinne ja katsaus kaikkiin suojayrttisivuihin pujosta v\u00e4in\u00f6nputkeen.","og_url":"https:\/\/iwell-guard.com\/fi\/suojayrtit\/","og_site_name":"iWell Guard","article_modified_time":"2026-09-03T13:16:04+00:00","og_image":[{"width":1024,"height":1536,"url":"https:\/\/iwell-guard.com\/wp-content\/uploads\/2026\/07\/schutzsymbol_universell_schutzkraeuter.webp","type":"image\/webp"}],"twitter_card":"summary_large_image","schema":{"@context":"https:\/\/schema.org","@graph":[{"@type":"WebPage","@id":"https:\/\/iwell-guard.com\/fi\/suojayrtit\/","url":"https:\/\/iwell-guard.com\/fi\/suojayrtit\/","name":"Suojayrtit: yrtit suojakeinona kansanuskossa","isPartOf":{"@id":"https:\/\/iwell-guard.com\/fi\/#website"},"primaryImageOfPage":{"@id":"https:\/\/iwell-guard.com\/fi\/suojayrtit\/#primaryimage"},"image":{"@id":"https:\/\/iwell-guard.com\/fi\/suojayrtit\/#primaryimage"},"thumbnailUrl":"https:\/\/iwell-guard.com\/wp-content\/uploads\/2026\/07\/schutzsymbol_universell_schutzkraeuter.webp","datePublished":"2026-09-03T12:42:18+00:00","dateModified":"2026-09-03T13:16:04+00:00","description":"Suojayrtit kansanuskossa: k\u00e4ytt\u00f6tavat, perinne ja katsaus kaikkiin suojayrttisivuihin pujosta v\u00e4in\u00f6nputkeen.","breadcrumb":{"@id":"https:\/\/iwell-guard.com\/fi\/suojayrtit\/#breadcrumb"},"inLanguage":"fi","potentialAction":[{"@type":"ReadAction","target":["https:\/\/iwell-guard.com\/fi\/suojayrtit\/"]}]},{"@type":"ImageObject","inLanguage":"fi","@id":"https:\/\/iwell-guard.com\/fi\/suojayrtit\/#primaryimage","url":"https:\/\/iwell-guard.com\/wp-content\/uploads\/2026\/07\/schutzsymbol_universell_schutzkraeuter.webp","contentUrl":"https:\/\/iwell-guard.com\/wp-content\/uploads\/2026\/07\/schutzsymbol_universell_schutzkraeuter.webp","width":1024,"height":1536,"caption":"Kimppuun sidottuja suojaavia yrttej\u00e4 pellavapussissa tummalla kivipohjalla"},{"@type":"BreadcrumbList","@id":"https:\/\/iwell-guard.com\/fi\/suojayrtit\/#breadcrumb","itemListElement":[{"@type":"ListItem","position":1,"name":"Start","item":"https:\/\/iwell-guard.com\/fi\/?page_id=143815"},{"@type":"ListItem","position":2,"name":"Suojayrtit"}]},{"@type":"WebSite","@id":"https:\/\/iwell-guard.com\/fi\/#website","url":"https:\/\/iwell-guard.com\/fi\/","name":"iWell Guard","description":"Schutz vor dunklen Einfl\u00fcssen","publisher":{"@id":"https:\/\/iwell-guard.com\/fi\/#organization"},"potentialAction":[{"@type":"SearchAction","target":{"@type":"EntryPoint","urlTemplate":"https:\/\/iwell-guard.com\/fi\/?s={search_term_string}"},"query-input":{"@type":"PropertyValueSpecification","valueRequired":true,"valueName":"search_term_string"}}],"inLanguage":"fi"},{"@type":"Organization","@id":"https:\/\/iwell-guard.com\/fi\/#organization","name":"Ittermann electronic GmbH","url":"https:\/\/iwell-guard.com\/fi\/","logo":{"@type":"ImageObject","inLanguage":"fi","@id":"https:\/\/iwell-guard.com\/fi\/#\/schema\/logo\/image\/","url":"https:\/\/iwell-guard.com\/wp-content\/uploads\/2026\/05\/Ittermann-Logo-1182x237-1.png","contentUrl":"https:\/\/iwell-guard.com\/wp-content\/uploads\/2026\/05\/Ittermann-Logo-1182x237-1.png","width":1182,"height":237,"caption":"Ittermann electronic GmbH"},"image":{"@id":"https:\/\/iwell-guard.com\/fi\/#\/schema\/logo\/image\/"},"sameAs":["https:\/\/pantip.com\/profile\/9367242","https:\/\/micro.blog\/iwellguard","https:\/\/www.diggerslist.com\/iwellguard\/about","https:\/\/skitterphoto.com\/photographers\/2870314\/iwell-guard","https:\/\/iwellguard.wordpress.com\/2026\/06\/06\/iwell-guard\/","https:\/\/hub.docker.com\/u\/iwellguard","https:\/\/www.pinterest.com\/iwellguard\/","https:\/\/bit.ly\/m\/iwellguard","https:\/\/entre-vos-mains.alsace.eu\/profiles\/iwellguard\/activity","https:\/\/gravatar.com\/reallybeded8fd34","https:\/\/naijamatta.com\/iwellguard","https:\/\/www.goodreads.com\/iwellguard","https:\/\/profile.hatena.ne.jp\/iwellguard\/","https:\/\/experiment.com\/users\/iwellguard","https:\/\/wakelet.com\/@iWellGuard82270","https:\/\/www.chordie.com\/forum\/profile.php?id=2555664","https:\/\/www.instapaper.com\/p\/17757966","https:\/\/www.mapleprimes.com\/users\/iwellguard","https:\/\/businesslistingplus.com\/profile\/iwell-guard\/","https:\/\/telegra.ph\/iWell-Guard-06-06","https:\/\/pbase.com\/iwellguard\/iwellguard","https:\/\/b.hatena.ne.jp\/iwellguard\/20260607#bookmark-4788405196491818882","https:\/\/fliphtml5.com\/home\/iwellguard","https:\/\/anyflip.com\/homepage\/cmiwl#About","https:\/\/transfur.com\/Users\/iwellguard","http:\/\/delphi.larsbo.org\/user\/iwellguard","https:\/\/jobs.lajobsportal.org\/profiles\/8380803-iwell-guard","https:\/\/md.chaosdorf.de\/s\/jfbe5SBdJD","https:\/\/www.lingvolive.com\/en-us\/profile\/9ecaeaca-ce11-4e51-9e71-01d55e2bff36\/translations","https:\/\/www.fitday.com\/fitness\/forums\/members\/iwellguard.html","https:\/\/www.mymeetbook.com\/iwellguard","https:\/\/pxhere.com\/en\/photographer-me\/5040798","https:\/\/disqus.com\/by\/iwellguard\/about\/","https:\/\/pastelink.net\/hjwciqwq","https:\/\/pubhtml5.com\/homepage\/scjhn\/","https:\/\/www.bitchute.com\/channel\/2O2eOKzNqujT","https:\/\/audiomack.com\/iwellguard"]}]}},"_links":{"self":[{"href":"https:\/\/iwell-guard.com\/fi\/wp-json\/wp\/v2\/pages\/145072","targetHints":{"allow":["GET"]}}],"collection":[{"href":"https:\/\/iwell-guard.com\/fi\/wp-json\/wp\/v2\/pages"}],"about":[{"href":"https:\/\/iwell-guard.com\/fi\/wp-json\/wp\/v2\/types\/page"}],"author":[{"embeddable":true,"href":"https:\/\/iwell-guard.com\/fi\/wp-json\/wp\/v2\/users\/3"}],"replies":[{"embeddable":true,"href":"https:\/\/iwell-guard.com\/fi\/wp-json\/wp\/v2\/comments?post=145072"}],"version-history":[{"count":0,"href":"https:\/\/iwell-guard.com\/fi\/wp-json\/wp\/v2\/pages\/145072\/revisions"}],"wp:featuredmedia":[{"embeddable":true,"href":"https:\/\/iwell-guard.com\/fi\/wp-json\/wp\/v2\/media\/20530"}],"wp:attachment":[{"href":"https:\/\/iwell-guard.com\/fi\/wp-json\/wp\/v2\/media?parent=145072"}],"wp:term":[{"taxonomy":"category","embeddable":true,"href":"https:\/\/iwell-guard.com\/fi\/wp-json\/wp\/v2\/categories?post=145072"}],"curies":[{"name":"wp","href":"https:\/\/api.w.org\/{rel}","templated":true}]}}