{"id":145062,"date":"2026-09-03T12:42:11","date_gmt":"2026-09-03T12:42:11","guid":{"rendered":"https:\/\/iwell-guard.com\/?page_id=145062"},"modified":"2026-09-03T13:15:48","modified_gmt":"2026-09-03T13:15:48","slug":"drud","status":"publish","type":"page","link":"https:\/\/iwell-guard.com\/fi\/drud\/","title":{"rendered":"Drud"},"content":{"rendered":"\t\t<div data-elementor-type=\"wp-page\" data-elementor-id=\"145062\" class=\"elementor elementor-145062 elementor-20482\" data-elementor-post-type=\"page\">\n\t\t\t\t<div class=\"elementor-element elementor-element-10fdade e-flex e-con-boxed e-con e-parent\" data-id=\"10fdade\" data-element_type=\"container\" data-e-type=\"container\" data-settings=\"{&quot;background_background&quot;:&quot;classic&quot;}\">\n\t\t\t\t\t<div class=\"e-con-inner\">\n\t\t<div class=\"elementor-element elementor-element-herohlft0 e-flex e-con-boxed e-con e-child\" data-id=\"herohlft0\" data-element_type=\"container\" data-e-type=\"container\">\n\t\t\t\t\t<div class=\"e-con-inner\">\n\t\t<div class=\"elementor-element elementor-element-c3ceb64 e-con-full e-flex e-con e-child\" data-id=\"c3ceb64\" data-element_type=\"container\" data-e-type=\"container\">\n\t\t\t\t<div class=\"elementor-element elementor-element-96ae5e1 elementor-widget elementor-widget-heading\" data-id=\"96ae5e1\" data-element_type=\"widget\" data-e-type=\"widget\" data-widget_type=\"heading.default\">\n\t\t\t\t\t<h1 class=\"elementor-heading-title elementor-size-default\">Drud, baijerilainen y\u00f6painaja Oberpfalzista<\/h1>\t\t\t\t<\/div>\n\t\t\t\t<div class=\"elementor-element elementor-element-e45238a elementor-widget elementor-widget-text-editor\" data-id=\"e45238a\" data-element_type=\"widget\" data-e-type=\"widget\" data-widget_type=\"text-editor.default\">\n\t\t\t\t\t\t\t\t\t<p>Drud on alppialueen perinteen <span class=\"iwg-fachbegriff\" data-tooltip=\"Henkiolento, jolle katsotaan olevan haitallinen tai ristiriitainen vaikutus.\" tabindex=\"0\">demoni<\/span>.<\/p><p><strong>Y\u00f6llinen painajaisdemoni, joka painaa nukkujaa rintaan.<\/strong> Drud tunnetaan Baijerin alpeilla y\u00f6painajana, ja t\u00e4m\u00e4 artikkeli liitt\u00e4\u00e4 sen painajaisuskomuksiin.<\/p>\t\t\t\t\t\t\t\t<\/div>\n\t\t\t\t<\/div>\n\t\t<div class=\"elementor-element elementor-element-klsbdg01 e-con-full e-flex e-con e-parent\" data-id=\"klsbdg01\" data-element_type=\"container\" data-e-type=\"container\">\n\t\t\t\t<div class=\"elementor-element elementor-element-klshtm01 elementor-widget elementor-widget-html\" data-id=\"klshtm01\" data-element_type=\"widget\" data-e-type=\"widget\" data-widget_type=\"html.default\">\n\t\t\t\t\t<div class=\"iwg-pill-row\"><span class=\"iwg-klasse-badge\" tabindex=\"0\" data-tooltip=\"Demoni: Yliluonnollinen olento, jonka vaikutus on useimmiten haitallinen tai kaksijakoinen. Sijoittuu jumalten ja ihmisten v\u00e4limaastoon, aiheuttaa sairautta, kiusausta tai onnettomuutta ja torjutaan loitsuilla, suojaesineill\u00e4 ja rituaaleilla.\">Demoni<\/span><a href=\"https:\/\/iwell-guard.com\/fi\/?page_id=145096\" class=\"iwg-kultur-badge\" tabindex=\"0\" data-tooltip=\"Alppien alueen tarustot: Baijeri, It\u00e4valta, Sveitsi ja Etel\u00e4-Tiroli, almiolennoista aina Rauhn\u00e4chte-hahmoihin.\">Alppien alue<\/a><\/div>\t\t\t\t<\/div>\n\t\t\t\t<\/div>\n\t\t<div class=\"elementor-element elementor-element-3f74855 e-con-full e-flex e-con e-child\" data-id=\"3f74855\" data-element_type=\"container\" data-e-type=\"container\">\n\t\t\t\t<div class=\"elementor-element elementor-element-1c30362 elementor-toc--minimized-on-tablet elementor-widget elementor-widget-table-of-contents\" data-id=\"1c30362\" data-element_type=\"widget\" data-e-type=\"widget\" data-settings=\"{&quot;exclude_headings_by_selector&quot;:[],&quot;no_headings_message&quot;:&quot;T\\u00e4lt\\u00e4 sivulta ei l\\u00f6ytynyt otsikoita.&quot;,&quot;headings_by_tags&quot;:[&quot;h2&quot;,&quot;h3&quot;],&quot;marker_view&quot;:&quot;bullets&quot;,&quot;icon&quot;:{&quot;value&quot;:&quot;fas fa-circle&quot;,&quot;library&quot;:&quot;fa-solid&quot;,&quot;rendered_tag&quot;:&quot;&lt;svg class=\\&quot;e-font-icon-svg e-fas-circle\\&quot; viewBox=\\&quot;0 0 512 512\\&quot; xmlns=\\&quot;http:\\\/\\\/www.w3.org\\\/2000\\\/svg\\&quot;&gt;&lt;path d=\\&quot;M256 8C119 8 8 119 8 256s111 248 248 248 248-111 248-248S393 8 256 8z\\&quot;&gt;&lt;\\\/path&gt;&lt;\\\/svg&gt;&quot;},&quot;minimize_box&quot;:&quot;yes&quot;,&quot;minimized_on&quot;:&quot;tablet&quot;,&quot;hierarchical_view&quot;:&quot;yes&quot;,&quot;min_height&quot;:{&quot;unit&quot;:&quot;px&quot;,&quot;size&quot;:&quot;&quot;,&quot;sizes&quot;:[]},&quot;min_height_tablet&quot;:{&quot;unit&quot;:&quot;px&quot;,&quot;size&quot;:&quot;&quot;,&quot;sizes&quot;:[]},&quot;min_height_mobile&quot;:{&quot;unit&quot;:&quot;px&quot;,&quot;size&quot;:&quot;&quot;,&quot;sizes&quot;:[]}}\" data-widget_type=\"table-of-contents.default\">\n\t\t\t\t\t\t\t\t\t<div class=\"elementor-toc__header\">\n\t\t\t\t\t\t<h2 class=\"elementor-toc__header-title\">\n\t\t\t\tSis\u00e4llysluettelo\t\t\t<\/h2>\n\t\t\t\t\t\t\t\t\t\t<div class=\"elementor-toc__toggle-button elementor-toc__toggle-button--expand\" role=\"button\" tabindex=\"0\" aria-controls=\"elementor-toc__1c30362\" aria-expanded=\"true\" aria-label=\"Open table of contents\"><svg aria-hidden=\"true\" class=\"e-font-icon-svg e-fas-chevron-down\" viewBox=\"0 0 448 512\" xmlns=\"http:\/\/www.w3.org\/2000\/svg\"><path d=\"M207.029 381.476L12.686 187.132c-9.373-9.373-9.373-24.569 0-33.941l22.667-22.667c9.357-9.357 24.522-9.375 33.901-.04L224 284.505l154.745-154.021c9.379-9.335 24.544-9.317 33.901.04l22.667 22.667c9.373 9.373 9.373 24.569 0 33.941L240.971 381.476c-9.373 9.372-24.569 9.372-33.942 0z\"><\/path><\/svg><\/div>\n\t\t\t\t<div class=\"elementor-toc__toggle-button elementor-toc__toggle-button--collapse\" role=\"button\" tabindex=\"0\" aria-controls=\"elementor-toc__1c30362\" aria-expanded=\"true\" aria-label=\"Close table of contents\"><svg aria-hidden=\"true\" class=\"e-font-icon-svg e-fas-chevron-up\" viewBox=\"0 0 448 512\" xmlns=\"http:\/\/www.w3.org\/2000\/svg\"><path d=\"M240.971 130.524l194.343 194.343c9.373 9.373 9.373 24.569 0 33.941l-22.667 22.667c-9.357 9.357-24.522 9.375-33.901.04L224 227.495 69.255 381.516c-9.379 9.335-24.544 9.317-33.901-.04l-22.667-22.667c-9.373-9.373-9.373-24.569 0-33.941L207.03 130.525c9.372-9.373 24.568-9.373 33.941-.001z\"><\/path><\/svg><\/div>\n\t\t\t\t\t<\/div>\n\t\t\t\t<div id=\"elementor-toc__1c30362\" class=\"elementor-toc__body\">\n\t\t\t<div class=\"elementor-toc__spinner-container\">\n\t\t\t\t<svg class=\"elementor-toc__spinner eicon-animation-spin e-font-icon-svg e-eicon-loading\" aria-hidden=\"true\" viewBox=\"0 0 1000 1000\" xmlns=\"http:\/\/www.w3.org\/2000\/svg\"><path d=\"M500 975V858C696 858 858 696 858 500S696 142 500 142 142 304 142 500H25C25 237 238 25 500 25S975 237 975 500 763 975 500 975Z\"><\/path><\/svg>\t\t\t<\/div>\n\t\t<\/div>\n\t\t\t\t\t\t<\/div>\n\t\t\t\t<\/div>\n\t\t\t\t\t<\/div>\n\t\t\t\t<\/div>\n\t\t<div class=\"elementor-element elementor-element-herorght0 e-con-full e-flex e-con e-child\" data-id=\"herorght0\" data-element_type=\"container\" data-e-type=\"container\">\n\t\t\t\t<div class=\"elementor-element elementor-element-heroimg00 iwg-hero-image elementor-widget elementor-widget-image\" data-id=\"heroimg00\" data-element_type=\"widget\" data-e-type=\"widget\" data-widget_type=\"image.default\">\n\t\t\t\t\t\t\t\t\t\t\t\t\t\t\t<img fetchpriority=\"high\" decoding=\"async\" width=\"682\" height=\"1024\" src=\"https:\/\/iwell-guard.com\/wp-content\/uploads\/2026\/07\/daemonen_alpin_drud-682x1024.webp\" class=\"attachment-large size-large wp-image-147879\" alt=\"Drud \u2013 Alppitradition demonit, historiallis-havainnollistava kuva\" srcset=\"https:\/\/iwell-guard.com\/wp-content\/uploads\/2026\/07\/daemonen_alpin_drud-682x1024.webp 682w, https:\/\/iwell-guard.com\/wp-content\/uploads\/2026\/07\/daemonen_alpin_drud-200x300.webp 200w, https:\/\/iwell-guard.com\/wp-content\/uploads\/2026\/07\/daemonen_alpin_drud-768x1154.webp 768w, https:\/\/iwell-guard.com\/wp-content\/uploads\/2026\/07\/daemonen_alpin_drud.webp 1023w\" sizes=\"(max-width: 682px) 100vw, 682px\" \/>\t\t\t\t\t\t\t\t\t\t\t\t\t\t\t<\/div>\n\t\t\t\t<\/div>\n\t\t\t\t\t<\/div>\n\t\t\t\t<\/div>\n\t\t<div class=\"elementor-element elementor-element-32917199 e-flex e-con-boxed e-con e-parent\" data-id=\"32917199\" data-element_type=\"container\" data-e-type=\"container\">\n\t\t\t\t\t<div class=\"e-con-inner\">\n\t\t<div class=\"elementor-element elementor-element-26e916cb e-flex e-con-boxed e-con e-child\" data-id=\"26e916cb\" data-element_type=\"container\" data-e-type=\"container\">\n\t\t\t\t\t<div class=\"e-con-inner\">\n\t\t<div class=\"elementor-element elementor-element-253a40d4 e-flex e-con-boxed e-con e-child\" data-id=\"253a40d4\" data-element_type=\"container\" data-e-type=\"container\">\n\t\t\t\t\t<div class=\"e-con-inner\">\n\t\t\t\t<div class=\"elementor-element elementor-element-1200c304 elementor-widget elementor-widget-heading\" data-id=\"1200c304\" data-element_type=\"widget\" data-e-type=\"widget\" data-widget_type=\"heading.default\">\n\t\t\t\t\t<div class=\"elementor-heading-title elementor-size-default\">Drud<\/div>\t\t\t\t<\/div>\n\t\t\t\t<div class=\"elementor-element elementor-element-11758e7f elementor-widget elementor-widget-text-editor\" data-id=\"11758e7f\" data-element_type=\"widget\" data-e-type=\"widget\" data-widget_type=\"text-editor.default\">\n\t\t\t\t\t\t\t\t\t<p>Drud on synkk\u00e4 hahmo baijerilaisessa taruperinteess\u00e4, joka harjoittaa pahantekoaan p\u00e4\u00e4asiassa \u00f6isin. Pienen\u00e4, rumana kotitontun tai y\u00f6painajan hahmona se asettuu nukkujan rinnalle, vaikeuttaa hengityst\u00e4 ja aiheuttaa raskaita painajaisunia.<\/p><p>Uskomus siihen oli Oberpfalzissa ja Vanhassa Baijerissa niin yleinen, ett\u00e4 tuskin l\u00f6ytyi kyl\u00e4\u00e4, jossa ei olisi ollut Drudiksi mainittua naista; kirjallisesti h\u00e4net on runsaasti dokumentoitu 1800-luvulla Sch\u00f6nwerthin ja Panzerin toimesta.<\/p>\t\t\t\t\t\t\t\t<\/div>\n\t\t\t\t\t<\/div>\n\t\t\t\t<\/div>\n\t\t<div class=\"elementor-element elementor-element-159dcf9a e-flex e-con-boxed e-con e-child\" data-id=\"159dcf9a\" data-element_type=\"container\" data-e-type=\"container\">\n\t\t\t\t\t<div class=\"e-con-inner\">\n\t\t\t\t<div class=\"elementor-element elementor-element-48cee66f elementor-widget elementor-widget-heading\" data-id=\"48cee66f\" data-element_type=\"widget\" data-e-type=\"widget\" data-widget_type=\"heading.default\">\n\t\t\t\t\t<div class=\"elementor-heading-title elementor-size-default\">Yhdell\u00e4 silm\u00e4yksell\u00e4: Drud<\/div>\t\t\t\t<\/div>\n\t\t\t\t<div class=\"elementor-element elementor-element-3f50d82c elementor-widget elementor-widget-text-editor\" data-id=\"3f50d82c\" data-element_type=\"widget\" data-e-type=\"widget\" data-widget_type=\"text-editor.default\">\n\t\t\t\t\t\t\t\t\t<p><strong>Tyyppi:<\/strong> y\u00f6painajademoni, joka painaa nukkujia<br>Alkuper\u00e4: Baijeri, erityisesti Oberpfalz ja Vanha Baijeri, ulottuen my\u00f6s It\u00e4valtaan<br>Tekstit: 1800-luvun runsaat kansanperinteen kentt\u00e4ker\u00e4ykset (Sch\u00f6nwerth, Panzer), Handw\u00f6rterbuch des deutschen Aberglaubens<br>Ajanjakso: suullisesti keskiajalta l\u00e4htien, kirjallisesti runsaasti dokumentoitu 1800-luvulla<br>Ilmiasu: \u00f6isin ruumiiton, liikkuva olento, joka voi ottaa kissan, mustan koiran, olkit\u00e4hk\u00e4n tai vanhan naisen muodon<\/p>\t\t\t\t\t\t\t\t<\/div>\n\t\t\t\t\t<\/div>\n\t\t\t\t<\/div>\n\t\t\t\t\t<\/div>\n\t\t\t\t<\/div>\n\t\t\t\t\t<\/div>\n\t\t\t\t<\/div>\n\t\t<div class=\"elementor-element elementor-element-18613602 e-flex e-con-boxed e-con e-parent\" data-id=\"18613602\" data-element_type=\"container\" data-e-type=\"container\">\n\t\t\t\t\t<div class=\"e-con-inner\">\n\t\t\t\t<div class=\"elementor-element elementor-element-262b8a9f elementor-widget elementor-widget-heading\" data-id=\"262b8a9f\" data-element_type=\"widget\" data-e-type=\"widget\" data-widget_type=\"heading.default\">\n\t\t\t\t\t<h2 class=\"elementor-heading-title elementor-size-default\">Perinnekonteksti<\/h2>\t\t\t\t<\/div>\n\t\t<div class=\"elementor-element elementor-element-46dcb7d e-con-full e-flex e-con e-child\" data-id=\"46dcb7d\" data-element_type=\"container\" data-e-type=\"container\">\n\t\t<div class=\"elementor-element elementor-element-61d3ab3 e-flex e-con-boxed e-con e-child\" data-id=\"61d3ab3\" data-element_type=\"container\" data-e-type=\"container\">\n\t\t\t\t\t<div class=\"e-con-inner\">\n\t\t\t\t<div class=\"elementor-element elementor-element-117c166 elementor-widget elementor-widget-heading\" data-id=\"117c166\" data-element_type=\"widget\" data-e-type=\"widget\" data-widget_type=\"heading.default\">\n\t\t\t\t\t<h3 class=\"elementor-heading-title elementor-size-default\">Tekstien ajanjakso<\/h3>\t\t\t\t<\/div>\n\t\t\t\t<div class=\"elementor-element elementor-element-73997a0 elementor-widget elementor-widget-text-editor\" data-id=\"73997a0\" data-element_type=\"widget\" data-e-type=\"widget\" data-widget_type=\"text-editor.default\">\n\t\t\t\t\t\t\t\t\t<p>Suullisesti levinnyt keskiajalta l\u00e4htien, kirjallisesti runsaasti dokumentoitu 1800-luvulla Franz Xaver von Sch\u00f6nwerthin (1857\/58\/59) ja Friedrich Panzerin (1848\/1855) toimesta.<\/p>\t\t\t\t\t\t\t\t<\/div>\n\t\t\t\t\t<\/div>\n\t\t\t\t<\/div>\n\t\t<div class=\"elementor-element elementor-element-d47b156 e-flex e-con-boxed e-con e-child\" data-id=\"d47b156\" data-element_type=\"container\" data-e-type=\"container\">\n\t\t\t\t\t<div class=\"e-con-inner\">\n\t\t\t\t<div class=\"elementor-element elementor-element-ff38c2b elementor-widget elementor-widget-heading\" data-id=\"ff38c2b\" data-element_type=\"widget\" data-e-type=\"widget\" data-widget_type=\"heading.default\">\n\t\t\t\t\t<h3 class=\"elementor-heading-title elementor-size-default\">Levinneisyysalue<\/h3>\t\t\t\t<\/div>\n\t\t\t\t<div class=\"elementor-element elementor-element-4e49fcc elementor-widget elementor-widget-text-editor\" data-id=\"4e49fcc\" data-element_type=\"widget\" data-e-type=\"widget\" data-widget_type=\"text-editor.default\">\n\t\t\t\t\t\t\t\t\t<p>Baijeri, erityisesti Oberpfalz ja Vanha Baijeri, ulottuen my\u00f6s It\u00e4valtaan.<\/p>\t\t\t\t\t\t\t\t<\/div>\n\t\t\t\t\t<\/div>\n\t\t\t\t<\/div>\n\t\t\t\t<\/div>\n\t\t<div class=\"elementor-element elementor-element-db03c39 e-con-full e-flex e-con e-child\" data-id=\"db03c39\" data-element_type=\"container\" data-e-type=\"container\">\n\t\t<div class=\"elementor-element elementor-element-229a87b e-flex e-con-boxed e-con e-child\" data-id=\"229a87b\" data-element_type=\"container\" data-e-type=\"container\">\n\t\t\t\t\t<div class=\"e-con-inner\">\n\t\t\t\t<div class=\"elementor-element elementor-element-1f471fc elementor-widget elementor-widget-heading\" data-id=\"1f471fc\" data-element_type=\"widget\" data-e-type=\"widget\" data-widget_type=\"heading.default\">\n\t\t\t\t\t<h3 class=\"elementor-heading-title elementor-size-default\">L\u00e4hdetilanne<\/h3>\t\t\t\t<\/div>\n\t\t\t\t<div class=\"elementor-element elementor-element-36b1201 elementor-widget elementor-widget-text-editor\" data-id=\"36b1201\" data-element_type=\"widget\" data-e-type=\"widget\" data-widget_type=\"text-editor.default\">\n\t\t\t\t\t\t\t\t\t<p>1800-luvun runsaat kansanperinteen kentt\u00e4ker\u00e4ykset, systemaattisesti k\u00e4siteltyn\u00e4 teoksessa Handw\u00f6rterbuch des deutschen Aberglaubens.<\/p>\t\t\t\t\t\t\t\t<\/div>\n\t\t\t\t\t<\/div>\n\t\t\t\t<\/div>\n\t\t\t\t<\/div>\n\t\t\t\t\t<\/div>\n\t\t\t\t<\/div>\n\t\t<div class=\"elementor-element elementor-element-3ae0637c e-flex e-con-boxed e-con e-parent\" data-id=\"3ae0637c\" data-element_type=\"container\" data-e-type=\"container\">\n\t\t\t\t\t<div class=\"e-con-inner\">\n\t\t\t\t<div class=\"elementor-element elementor-element-31d07739 elementor-widget elementor-widget-heading\" data-id=\"31d07739\" data-element_type=\"widget\" data-e-type=\"widget\" data-widget_type=\"heading.default\">\n\t\t\t\t\t<h2 class=\"elementor-heading-title elementor-size-default\">Nimi ja muodot<\/h2>\t\t\t\t<\/div>\n\t\t<div class=\"elementor-element elementor-element-b7642947 e-con-full e-flex e-con e-child\" data-id=\"b7642947\" data-element_type=\"container\" data-e-type=\"container\">\n\t\t\t\t<div class=\"elementor-element elementor-element-a086266 elementor-widget elementor-widget-text-editor\" data-id=\"a086266\" data-element_type=\"widget\" data-e-type=\"widget\" data-widget_type=\"text-editor.default\">\n\t\t\t\t\t\t\t\t\t<p><strong>Keskiyl\u00e4saksa:<\/strong> Sana Drud juontuu sanoista trute, trut, jotka liittyv\u00e4t verbiin treten (\u201dpolkea\u201d) ja tarkoittavat nukkujan painamista ja polkemista.<\/p>\t\t\t\t\t\t\t\t<\/div>\n\t\t\t\t<\/div>\n\t\t\t\t\t<\/div>\n\t\t\t\t<\/div>\n\t\t<div class=\"elementor-element elementor-element-709a44a8 e-flex e-con-boxed e-con e-parent\" data-id=\"709a44a8\" data-element_type=\"container\" data-e-type=\"container\">\n\t\t\t\t\t<div class=\"e-con-inner\">\n\t\t\t\t<div class=\"elementor-element elementor-element-2f585873 elementor-widget elementor-widget-heading\" data-id=\"2f585873\" data-element_type=\"widget\" data-e-type=\"widget\" data-widget_type=\"heading.default\">\n\t\t\t\t\t<h2 class=\"elementor-heading-title elementor-size-default\">Muodonmuutos ja vaikutus<\/h2>\t\t\t\t<\/div>\n\t\t<div class=\"elementor-element elementor-element-70621c12 e-con-full e-flex e-con e-child\" data-id=\"70621c12\" data-element_type=\"container\" data-e-type=\"container\">\n\t\t\t\t<div class=\"elementor-element elementor-element-4296eb49 elementor-widget elementor-widget-text-editor\" data-id=\"4296eb49\" data-element_type=\"widget\" data-e-type=\"widget\" data-widget_type=\"text-editor.default\">\n\t\t\t\t\t\t\t\t\t<p><strong>Ilmiasu<\/strong><\/p><p>Kun Drud l\u00e4htee liikkeelle, se riisuu kansanuskon mukaan ensin ruumiinsa ja pystyy siten tunkeutumaan pienimmist\u00e4kin raoista, avaimenrei\u2019ist\u00e4 tai ikkunoiden vetoaukoista. Se ottaa t\u00e4ll\u00f6in monenlaisia muotoja, kuten olkit\u00e4hk\u00e4n, kyn\u00e4n, luudanvarren tai herneen, mutta useimmiten mustan kissan, mustan koiran tai rumaan vanhan naisen hahmon. Ihmishahmoisen Drudin tunnistaa k\u00f6mpel\u00f6ist\u00e4, leveist\u00e4 k\u00e4sist\u00e4 sek\u00e4 siit\u00e4, ett\u00e4 sen kulmakarvat kohtaavat nen\u00e4n yl\u00e4puolella.<\/p><p><strong>Vaikutus<\/strong><\/p><p>Baijerilaisessa perinteess\u00e4 Drud ei ole hyv\u00e4 henki: se noituu sen, mik\u00e4 ei sille sovi, ja t\u00e4h\u00e4n toimintaan viittaa yh\u00e4 nyky\u00e4\u00e4n Drudenfu\u00df-merkin nimi suojasymbolina. Drud saapuu \u00f6isin noin yhdeks\u00e4n ja kahdentoista v\u00e4lill\u00e4, aina ennen kuunnousua, ja alettuaan painaa se tekee sit\u00e4 tavallisesti yhdeks\u00e4n\u00e4 y\u00f6n\u00e4 per\u00e4kk\u00e4in. Se hakeutuu erityisen mielell\u00e4\u00e4n lapsivuodenaisten luo, jotka eiv\u00e4t nuku s\u00e4ngyss\u00e4 suljetun verhon takana, sek\u00e4 vastasyntyneiden luo, joiden rintoja se imee, kunnes ne turpoavat.<\/p>\t\t\t\t\t\t\t\t<\/div>\n\t\t\t\t<\/div>\n\t\t\t\t\t<\/div>\n\t\t\t\t<\/div>\n\t\t<div class=\"elementor-element elementor-element-44e71476 e-flex e-con-boxed e-con e-parent\" data-id=\"44e71476\" data-element_type=\"container\" data-e-type=\"container\">\n\t\t\t\t\t<div class=\"e-con-inner\">\n\t\t\t\t<div class=\"elementor-element elementor-element-3c1fc3f0 elementor-widget elementor-widget-heading\" data-id=\"3c1fc3f0\" data-element_type=\"widget\" data-e-type=\"widget\" data-widget_type=\"heading.default\">\n\t\t\t\t\t<h2 class=\"elementor-heading-title elementor-size-default\">Tietokortti: Drud<\/h2>\t\t\t\t<\/div>\n\t\t<div class=\"elementor-element elementor-element-84f33b8e e-con-full e-flex e-con e-child\" data-id=\"84f33b8e\" data-element_type=\"container\" data-e-type=\"container\">\n\t\t\t\t<div class=\"elementor-element elementor-element-hqkdc67p elementor-widget elementor-widget-text-editor\" data-id=\"hqkdc67p\" data-element_type=\"widget\" data-e-type=\"widget\" data-widget_type=\"text-editor.default\">\n\t\t\t\t\t\t\t\t\t<p>Baijerilaisen y\u00f6painajan t\u00e4rkeimm\u00e4t piirteet yhdell\u00e4 silm\u00e4yksell\u00e4.<\/p>\t\t\t\t\t\t\t\t<\/div>\n\t\t\t\t<\/div>\n\t\t<div class=\"elementor-element elementor-element-pemmx7c5 e-con-full e-flex e-con e-child\" data-id=\"pemmx7c5\" data-element_type=\"container\" data-e-type=\"container\">\n\t\t<div class=\"elementor-element elementor-element-pemmx7c1 e-con-full e-flex e-con e-child\" data-id=\"pemmx7c1\" data-element_type=\"container\" data-e-type=\"container\">\n\t\t<div class=\"elementor-element elementor-element-qh9oavvu iwg-steckbrief-card e-flex e-con-boxed e-con e-child\" data-id=\"qh9oavvu\" data-element_type=\"container\" data-e-type=\"container\">\n\t\t\t\t\t<div class=\"e-con-inner\">\n\t\t\t\t<div class=\"elementor-element elementor-element-awzx8k2k elementor-widget elementor-widget-heading\" data-id=\"awzx8k2k\" data-element_type=\"widget\" data-e-type=\"widget\" data-widget_type=\"heading.default\">\n\t\t\t\t\t<div class=\"elementor-heading-title elementor-size-default\">Perinne<\/div>\t\t\t\t<\/div>\n\t\t\t\t<div class=\"elementor-element elementor-element-x6rowhv0 elementor-widget elementor-widget-text-editor\" data-id=\"x6rowhv0\" data-element_type=\"widget\" data-e-type=\"widget\" data-widget_type=\"text-editor.default\">\n\t\t\t\t\t\t\t\t\t<p>Baijerilais-alppilainen y\u00f6painaja, joka Oberpfalzissa sulautui tiiviisti noitausskomuksiin ja on runsaasti dokumentoitu Sch\u00f6nwerthin ja Panzerin toimesta.<\/p>\t\t\t\t\t\t\t\t<\/div>\n\t\t\t\t\t<\/div>\n\t\t\t\t<\/div>\n\t\t<div class=\"elementor-element elementor-element-8e3o4kxs iwg-steckbrief-card e-flex e-con-boxed e-con e-child\" data-id=\"8e3o4kxs\" data-element_type=\"container\" data-e-type=\"container\">\n\t\t\t\t\t<div class=\"e-con-inner\">\n\t\t\t\t<div class=\"elementor-element elementor-element-08rkdgov elementor-widget elementor-widget-heading\" data-id=\"08rkdgov\" data-element_type=\"widget\" data-e-type=\"widget\" data-widget_type=\"heading.default\">\n\t\t\t\t\t<div class=\"elementor-heading-title elementor-size-default\">Kohdistuu<\/div>\t\t\t\t<\/div>\n\t\t\t\t<div class=\"elementor-element elementor-element-uwjelx8s elementor-widget elementor-widget-text-editor\" data-id=\"uwjelx8s\" data-element_type=\"widget\" data-e-type=\"widget\" data-widget_type=\"text-editor.default\">\n\t\t\t\t\t\t\t\t\t<p>Kaikenlaiset nukkujat, erityisesti lapsivuodenaiset ja imev\u00e4iset; toisinaan my\u00f6s kanat, lampaat ja hanhet navetassa.<\/p>\t\t\t\t\t\t\t\t<\/div>\n\t\t\t\t\t<\/div>\n\t\t\t\t<\/div>\n\t\t<div class=\"elementor-element elementor-element-jm2n74ec iwg-steckbrief-card e-flex e-con-boxed e-con e-child\" data-id=\"jm2n74ec\" data-element_type=\"container\" data-e-type=\"container\">\n\t\t\t\t\t<div class=\"e-con-inner\">\n\t\t\t\t<div class=\"elementor-element elementor-element-8vufse4c elementor-widget elementor-widget-heading\" data-id=\"8vufse4c\" data-element_type=\"widget\" data-e-type=\"widget\" data-widget_type=\"heading.default\">\n\t\t\t\t\t<div class=\"elementor-heading-title elementor-size-default\">Esitt\u00e4minen<\/div>\t\t\t\t<\/div>\n\t\t\t\t<div class=\"elementor-element elementor-element-mwb9u015 elementor-widget elementor-widget-text-editor\" data-id=\"mwb9u015\" data-element_type=\"widget\" data-e-type=\"widget\" data-widget_type=\"text-editor.default\">\n\t\t\t\t\t\t\t\t\t<p>Useimmiten musta kissa, musta koira tai ruma vanha nainen, jolla on k\u00f6mpel\u00f6t k\u00e4det ja yhteen kasvaneet kulmakarvat.<\/p>\t\t\t\t\t\t\t\t<\/div>\n\t\t\t\t\t<\/div>\n\t\t\t\t<\/div>\n\t\t\t\t<\/div>\n\t\t<div class=\"elementor-element elementor-element-pemmx7c2 e-con-full e-flex e-con e-child\" data-id=\"pemmx7c2\" data-element_type=\"container\" data-e-type=\"container\">\n\t\t<div class=\"elementor-element elementor-element-37ss2yr6 iwg-steckbrief-card e-flex e-con-boxed e-con e-child\" data-id=\"37ss2yr6\" data-element_type=\"container\" data-e-type=\"container\">\n\t\t\t\t\t<div class=\"e-con-inner\">\n\t\t\t\t<div class=\"elementor-element elementor-element-3v0wp3wx elementor-widget elementor-widget-heading\" data-id=\"3v0wp3wx\" data-element_type=\"widget\" data-e-type=\"widget\" data-widget_type=\"heading.default\">\n\t\t\t\t\t<div class=\"elementor-heading-title elementor-size-default\">Teht\u00e4v\u00e4<\/div>\t\t\t\t<\/div>\n\t\t\t\t<div class=\"elementor-element elementor-element-w3247g2m elementor-widget elementor-widget-text-editor\" data-id=\"w3247g2m\" data-element_type=\"widget\" data-e-type=\"widget\" data-widget_type=\"text-editor.default\">\n\t\t\t\t\t\t\t\t\t<p>Y\u00f6llinen painaminen ja hengenahdistus, Oberpfalzissa my\u00f6s selitysmalli koetulle noituuden aiheuttamalle onnettomuudelle.<\/p>\t\t\t\t\t\t\t\t<\/div>\n\t\t\t\t\t<\/div>\n\t\t\t\t<\/div>\n\t\t<div class=\"elementor-element elementor-element-0qpjal9w iwg-steckbrief-card e-flex e-con-boxed e-con e-child\" data-id=\"0qpjal9w\" data-element_type=\"container\" data-e-type=\"container\">\n\t\t\t\t\t<div class=\"e-con-inner\">\n\t\t\t\t<div class=\"elementor-element elementor-element-6ndoih0o elementor-widget elementor-widget-heading\" data-id=\"6ndoih0o\" data-element_type=\"widget\" data-e-type=\"widget\" data-widget_type=\"heading.default\">\n\t\t\t\t\t<div class=\"elementor-heading-title elementor-size-default\">Torjuntamuodot<\/div>\t\t\t\t<\/div>\n\t\t\t\t<div class=\"elementor-element elementor-element-6684tyh9 elementor-widget elementor-widget-text-editor\" data-id=\"6684tyh9\" data-element_type=\"widget\" data-e-type=\"widget\" data-widget_type=\"text-editor.default\">\n\t\t\t\t\t\t\t\t\t<p>Drudenfu\u00df-merkki kynnyksell\u00e4, yl\u00f6salaisin k\u00e4\u00e4nnetty luuta, veitsi ovessa sek\u00e4 suola, valkosipuli ja amuletit.<\/p>\t\t\t\t\t\t\t\t<\/div>\n\t\t\t\t\t<\/div>\n\t\t\t\t<\/div>\n\t\t<div class=\"elementor-element elementor-element-3lfi7x32 iwg-steckbrief-card e-flex e-con-boxed e-con e-child\" data-id=\"3lfi7x32\" data-element_type=\"container\" data-e-type=\"container\">\n\t\t\t\t\t<div class=\"e-con-inner\">\n\t\t\t\t<div class=\"elementor-element elementor-element-0kg99ga1 elementor-widget elementor-widget-heading\" data-id=\"0kg99ga1\" data-element_type=\"widget\" data-e-type=\"widget\" data-widget_type=\"heading.default\">\n\t\t\t\t\t<div class=\"elementor-heading-title elementor-size-default\">Rajaus<\/div>\t\t\t\t<\/div>\n\t\t\t\t<div class=\"elementor-element elementor-element-n0fum6kp elementor-widget elementor-widget-text-editor\" data-id=\"n0fum6kp\" data-element_type=\"widget\" data-e-type=\"widget\" data-widget_type=\"text-editor.default\">\n\t\t\t\t\t\t\t\t\t<p>Alueiden yli tunnettu <a href=\"https:\/\/iwell-guard.com\/fi\/alp\/\">Alp<\/a> on saman y\u00f6painaja-uskomuksen laajemmin levinnyt nimi; Drud erottuu siit\u00e4 baijerilaisen juurtumisensa ja l\u00e4heisen yhteytens\u00e4 noitausskomukseen ansiosta.<\/p>\t\t\t\t\t\t\t\t<\/div>\n\t\t\t\t\t<\/div>\n\t\t\t\t<\/div>\n\t\t\t\t<\/div>\n\t\t\t\t<\/div>\n\t\t\t\t\t<\/div>\n\t\t\t\t<\/div>\n\t\t<div class=\"elementor-element elementor-element-7533bc7a e-flex e-con-boxed e-con e-parent\" data-id=\"7533bc7a\" data-element_type=\"container\" data-e-type=\"container\">\n\t\t\t\t\t<div class=\"e-con-inner\">\n\t\t\t\t<div class=\"elementor-element elementor-element-2447d18d elementor-widget elementor-widget-heading\" data-id=\"2447d18d\" data-element_type=\"widget\" data-e-type=\"widget\" data-widget_type=\"heading.default\">\n\t\t\t\t\t<h2 class=\"elementor-heading-title elementor-size-default\">Kastevirheest\u00e4 noitiin sulautumiseen<\/h2>\t\t\t\t<\/div>\n\t\t<div class=\"elementor-element elementor-element-d5d0260c e-con-full e-flex e-con e-child\" data-id=\"d5d0260c\" data-element_type=\"container\" data-e-type=\"container\">\n\t\t\t\t<div class=\"elementor-element elementor-element-341be2ac elementor-widget elementor-widget-text-editor\" data-id=\"341be2ac\" data-element_type=\"widget\" data-e-type=\"widget\" data-widget_type=\"text-editor.default\">\n\t\t\t\t\t\t\t\t\t<p>Sana Drud juontuu keskiyl\u00e4saksan sanoista trute, trut, jotka liittyv\u00e4t verbiin treten (\u201dpolkea\u201d) ja tarkoittavat nukkujan painamista ja polkemista. Oberpfalzin kansanuskon mukaan, sellaisena kuin Franz Xaver von Sch\u00f6nwerth sen tallensi kokoelmassaan Aus der Oberpfalz, druditar ovat todellisuudessa ihmisi\u00e4, joiden kasteessa on tapahtunut virhe; n\u00e4m\u00e4 henkil\u00f6t joutuvat sen seurauksena, usein vastoin omaa tahtoaan, painamaan \u00f6isin el\u00e4vi\u00e4 olentoja. Sch\u00f6nwerth kirjaa, ett\u00e4 Rodingin seudulla vanhoja, laihoja ja takkuisia naisia pidettiin druditarina ja ett\u00e4 sana Drud sekoittui siell\u00e4 noidan k\u00e4sitteen kanssa.<\/p><p>My\u00f6s miehi\u00e4 voitiin kutsua druderereiksi; he saattoivat lis\u00e4ksi kiivet\u00e4 kattojen ja seinien yli niin kutsuttuina breitensteiger-kiipeilij\u00f6in\u00e4. Friedrich Panzer ker\u00e4si teoksessaan Bayerische Sagen und Br\u00e4uche runsaasti aiheeseen liittyvi\u00e4 l\u00e4hteit\u00e4 koko Vanhasta Baijerista. Handw\u00f6rterbuch des deutschen Aberglaubens sijoittaa Drudin laajemmin levinneeseen painajaisuskomukseen, joka esiintyy schwaabilais-alemannisella alueella nimell\u00e4 Schr\u00e4ttele; alueellisesti Drud ymm\u00e4rret\u00e4\u00e4n my\u00f6s itsen\u00e4iseksi y\u00f6painajahahmoksi Alpin rinnalla, ei sen tilalla.<\/p>\t\t\t\t\t\t\t\t<\/div>\n\t\t\t\t<\/div>\n\t\t\t\t\t<\/div>\n\t\t\t\t<\/div>\n\t\t<div class=\"elementor-element elementor-element-5a584676 e-flex e-con-boxed e-con e-parent\" data-id=\"5a584676\" data-element_type=\"container\" data-e-type=\"container\">\n\t\t\t\t\t<div class=\"e-con-inner\">\n\t\t\t\t<div class=\"elementor-element elementor-element-6d0757bf elementor-widget elementor-widget-heading\" data-id=\"6d0757bf\" data-element_type=\"widget\" data-e-type=\"widget\" data-widget_type=\"heading.default\">\n\t\t\t\t\t<h2 class=\"elementor-heading-title elementor-size-default\">Drudenfu\u00df itsen\u00e4isen\u00e4 symbolina<\/h2>\t\t\t\t<\/div>\n\t\t<div class=\"elementor-element elementor-element-60563f68 e-con-full e-flex e-con e-child\" data-id=\"60563f68\" data-element_type=\"container\" data-e-type=\"container\">\n\t\t\t\t<div class=\"elementor-element elementor-element-5a93fdd6 elementor-widget elementor-widget-text-editor\" data-id=\"5a93fdd6\" data-element_type=\"widget\" data-e-type=\"widget\" data-widget_type=\"text-editor.default\">\n\t\t\t\t\t\t\t\t\t<p>Drudenfu\u00df-merkki Drudin suojasymbolina on irtaantunut alkuper\u00e4isest\u00e4 hahmostaan itsen\u00e4iseksi symboliksi, ja sit\u00e4 k\u00e4ytet\u00e4\u00e4n nyky\u00e4\u00e4nkin pentagrammin synonyymin\u00e4 riippumatta baijerilaisesta taruperinteest\u00e4. Drud itse pysyi alueellisesti juurtuneempana kuin Alp, ja se el\u00e4\u00e4 edelleen baijerilaisissa murresanonnoissa, kuten druckt mi wie a Drud, joilla kuvataan ahdistavaa tunnetta.<\/p><p>Uskontotieteellisesti Drud kuuluu selitysmalleihin, joilla esimoderni yhteiskunta tulkitsi ruumiillisesti todellista mutta pelottavaa unihalvauksen ilmi\u00f6t\u00e4. L\u00e4heinen kytk\u00f6s noitausskomukseen, joka n\u00e4kyy Drudin ja noidan rinnastamisessa osissa Oberpfalzia, osoittaa, kuinka alun perin kohtalonomaisesta sivuhahmosta, joka itse on kastevirheen uhri, saattoi uuden ajan alun vainojen my\u00f6t\u00e4 tulla syyllisesti toimiva tekij\u00e4. Runsas kokoelma konkreettisia torjuntakeinoja, Drudenfu\u00dfista leip\u00e4\u00e4n, tekee Drudista yhden parhaiten dokumentoiduista arkip\u00e4iv\u00e4n apotropaiikan esimerkeist\u00e4 baijerilaisella alueella.<\/p>\t\t\t\t\t\t\t\t<\/div>\n\t\t\t\t<\/div>\n\t\t\t\t\t<\/div>\n\t\t\t\t<\/div>\n\t\t<div class=\"elementor-element elementor-element-cp9a031aa e-flex e-con-boxed e-con e-parent\" data-id=\"cp9a031aa\" data-element_type=\"container\" data-e-type=\"container\">\n\t\t\t\t\t<div class=\"e-con-inner\">\n\t\t\t\t<div class=\"elementor-element elementor-element-cp9193514 elementor-widget elementor-widget-heading\" data-id=\"cp9193514\" data-element_type=\"widget\" data-e-type=\"widget\" data-widget_type=\"heading.default\">\n\t\t\t\t\t<h2 class=\"elementor-heading-title elementor-size-default\">Drudenfu\u00df, leip\u00e4 ja muut torjuntakeinot<\/h2>\t\t\t\t<\/div>\n\t\t<div class=\"elementor-element elementor-element-cp02ca0ee e-con-full e-flex e-con e-child\" data-id=\"cp02ca0ee\" data-element_type=\"container\" data-e-type=\"container\">\n\t\t\t\t<div class=\"elementor-element elementor-element-cp444e0f1 elementor-widget elementor-widget-text-editor\" data-id=\"cp444e0f1\" data-element_type=\"widget\" data-e-type=\"widget\" data-widget_type=\"text-editor.default\">\n\t\t\t\t\t\t\t\t\t<p>Kansanuskossa tunnettiin lukuisia keinoja Drudin painamista vastaan. T\u00e4rkeimp\u00e4n\u00e4 ja t\u00e4h\u00e4n p\u00e4iv\u00e4\u00e4n asti tunnetuimpana merkkin\u00e4 pidettiin drudenjalkaa (Drudenfu\u00df), pentagrammia, joka piirrettiin oveen tai kynnykseen ja jonka v\u00e4itettiin est\u00e4v\u00e4n Drudin sis\u00e4\u00e4np\u00e4\u00e4syn, koska h\u00e4net pakotettiin laskemaan kaikki kuvion viivat. Yht\u00e4 yleinen oli sukua oleva drudenristi (Drudenkreuz). My\u00f6s oveen v\u00e4\u00e4rinp\u00e4in nojaava luuta, ter\u00e4 yl\u00f6sp\u00e4in oveen ty\u00f6nnetty veitsi tai kasvoille asetettu leip\u00e4 pidettiin Drudin loitolla pit\u00e4vin\u00e4 keinoina. Muita perinteisi\u00e4 keinoja olivat suitsuke, rukoukset, suola, valkosipuli, kannettu suojakivi tai amuletti, vaivojen loitsiminen sek\u00e4 suojelusenkelin puoleen k\u00e4\u00e4ntyminen. Kannettavana amulettina k\u00e4ytettiin my\u00f6s niin sanottuja drudenkivi\u00e4, luonnollisen rei\u00e4n omaavia kivenmuruja, jotka ripustettiin s\u00e4ngyn tai navetan yhteyteen.<\/p>\t\t\t\t\t\t\t\t<\/div>\n\t\t\t\t<\/div>\n\t\t\t\t\t<\/div>\n\t\t\t\t<\/div>\n\t\t<div class=\"elementor-element elementor-element-cp11de5b2 e-flex e-con-boxed e-con e-parent\" data-id=\"cp11de5b2\" data-element_type=\"container\" data-e-type=\"container\">\n\t\t\t\t\t<div class=\"e-con-inner\">\n\t\t\t\t<div class=\"elementor-element elementor-element-cp8d35271 elementor-widget elementor-widget-heading\" data-id=\"cp8d35271\" data-element_type=\"widget\" data-e-type=\"widget\" data-widget_type=\"heading.default\">\n\t\t\t\t\t<h2 class=\"elementor-heading-title elementor-size-default\">Painajaishahmojen vertailu<\/h2>\t\t\t\t<\/div>\n\t\t<div class=\"elementor-element elementor-element-cp02f26b8 e-con-full e-flex e-con e-child\" data-id=\"cp02f26b8\" data-element_type=\"container\" data-e-type=\"container\">\n\t\t\t\t<div class=\"elementor-element elementor-element-cp58c4390 elementor-widget elementor-widget-text-editor\" data-id=\"cp58c4390\" data-element_type=\"widget\" data-e-type=\"widget\" data-widget_type=\"text-editor.default\">\n\t\t\t\t\t\t\t\t\t<p>Drud kuuluu laajalti levinneeseen painajaisdemonien perheeseen, joka selitt\u00e4\u00e4 kansanomaisesti unihalvauksen ilmi\u00f6t\u00e4. Schwabin-alemannien alueella sit\u00e4 vastaa <a href=\"https:\/\/iwell-guard.com\/fi\/?page_id=145064\">Toggeli<\/a>, joka on sukua Baijerissa ja It\u00e4vallassa tunnetulle <a href=\"https:\/\/iwell-guard.com\/fi\/alp\/\">Alpille<\/a>, joka my\u00f6s istuu \u00f6isin nukkuvien rinnalla. Pohjoismaisella ja slaavilaisella alueella esiintyy rakenteellisesti samankaltainen hahmo nimell\u00e4 <a href=\"https:\/\/iwell-guard.com\/fi\/mara\/\">Mara<\/a>, josta juontuu my\u00f6s englannin sana nightmare. <a href=\"https:\/\/iwell-guard.com\/fi\/schrat\/\">Schrat<\/a> jakaa Drudin kanssa kyvyn muodonmuutokseen ja y\u00f6llisen aktiivisuuden, mutta esiintyy ennemmin mets\u00e4n- ja talonhenken\u00e4 kuin varsinaisena painajaishahmona. Toisin kuin Toggeli, Drud on ensisijaisesti juurtunut Baijeriin ja kietoutunut tiiviisti Oberpfalzin noitauskoon.<\/p>\t\t\t\t\t\t\t\t<\/div>\n\t\t\t\t<\/div>\n\t\t\t\t\t<\/div>\n\t\t\t\t<\/div>\n\t\t<div class=\"elementor-element elementor-element-cp406577c e-flex e-con-boxed e-con e-parent\" data-id=\"cp406577c\" data-element_type=\"container\" data-e-type=\"container\">\n\t\t\t\t\t<div class=\"e-con-inner\">\n\t\t\t\t<div class=\"elementor-element elementor-element-cpdd9c543 elementor-widget elementor-widget-heading\" data-id=\"cpdd9c543\" data-element_type=\"widget\" data-e-type=\"widget\" data-widget_type=\"heading.default\">\n\t\t\t\t\t<h2 class=\"elementor-heading-title elementor-size-default\">Usein kysyttyj\u00e4 kysymyksi\u00e4 Drudista<\/h2>\t\t\t\t<\/div>\n\t\t<div class=\"elementor-element elementor-element-cp9e731bb e-con-full e-flex e-con e-child\" data-id=\"cp9e731bb\" data-element_type=\"container\" data-e-type=\"container\">\n\t\t\t\t<div class=\"elementor-element elementor-element-cpa7c898c elementor-widget elementor-widget-text-editor\" data-id=\"cpa7c898c\" data-element_type=\"widget\" data-e-type=\"widget\" data-widget_type=\"text-editor.default\">\n\t\t\t\t\t\t\t\t\t<p><strong>Mik\u00e4 on ero Drudin ja Alpin v\u00e4lill\u00e4?<\/strong><\/p><p>Molemmat kuvaavat samaa perusilmi\u00f6t\u00e4, nukkuvien y\u00f6llist\u00e4 painamista, mutta Drud on alueellisesti juurtunut voimakkaammin Baijeriin ja It\u00e4valtaan, jossa se usein kietoutuu noitauskoon. Alpia pidet\u00e4\u00e4n laajemmin levinneen\u00e4, alueiden yli ulottuvana nimen\u00e4 samalle painajaisk\u00e4sitykselle.<\/p><p><strong>Miksi drudenjalkaa pidet\u00e4\u00e4n suojamerkkin\u00e4?<\/strong><\/p><p>Kansanuskon mukaan Drudin on pentagrammin n\u00e4hdess\u00e4\u00e4n pakonomaisesti laskettava sen viivat l\u00f6yt\u00e4m\u00e4tt\u00e4 niiden p\u00e4\u00e4t\u00e4, mik\u00e4 est\u00e4\u00e4 h\u00e4nt\u00e4 p\u00e4\u00e4sem\u00e4st\u00e4 sis\u00e4\u00e4n. Merkki kiinnitettiinkin sen vuoksi oviin, navetoihin ja kehtoihin.<\/p><p><strong>Voiko itse muuttua Drudiksi?<\/strong><\/p><p>Oberpfalzin uskomusten mukaan kukaan ei muuttunut Drudiksi omasta syyst\u00e4\u00e4n, vaan kastevirheen tai toisen ihmisen pahuuden seurauksena. Perinne tunsi my\u00f6s keinoja vapauttaa joku t\u00e4st\u00e4 lumouksesta.<\/p>\t\t\t\t\t\t\t\t<\/div>\n\t\t\t\t<\/div>\n\t\t\t\t\t<\/div>\n\t\t\t\t<\/div>\n\t\t<div class=\"elementor-element elementor-element-36dd7469 e-flex e-con-boxed e-con e-parent\" data-id=\"36dd7469\" data-element_type=\"container\" data-e-type=\"container\">\n\t\t\t\t\t<div class=\"e-con-inner\">\n\t\t\t\t<div class=\"elementor-element elementor-element-13760ab4 elementor-widget elementor-widget-heading\" data-id=\"13760ab4\" data-element_type=\"widget\" data-e-type=\"widget\" data-widget_type=\"heading.default\">\n\t\t\t\t\t<h2 class=\"elementor-heading-title elementor-size-default\">Aiheeseen liittyv\u00e4t linkit<\/h2>\t\t\t\t<\/div>\n\t\t<div class=\"elementor-element elementor-element-28c87796 e-con-full e-flex e-con e-child\" data-id=\"28c87796\" data-element_type=\"container\" data-e-type=\"container\">\n\t\t\t\t<div class=\"elementor-element elementor-element-5d6538df elementor-widget elementor-widget-text-editor\" data-id=\"5d6538df\" data-element_type=\"widget\" data-e-type=\"widget\" data-widget_type=\"text-editor.default\">\n\t\t\t\t\t\t\t\t\t<p>Suositellut sis\u00e4iset linkit:<\/p><ul><li><a href=\"https:\/\/iwell-guard.com\/fi\/?page_id=145096\">Alppialue<\/a> \u2013 kaikki alppitarustojen hahmot<\/li><li><a href=\"https:\/\/iwell-guard.com\/fi\/alp\/\">Alp<\/a>, <a href=\"https:\/\/iwell-guard.com\/fi\/mara\/\">Mara<\/a>, <a href=\"https:\/\/iwell-guard.com\/fi\/schrat\/\">Schrat<\/a>, <a href=\"https:\/\/iwell-guard.com\/fi\/?page_id=145064\">Toggeli<\/a> \u2013 sukua olevat painajaishahmot<\/li><li><a href=\"https:\/\/iwell-guard.com\/fi\/drudenfuss-ja-pentagrammi\/\">Drudenjalka<\/a>, <a href=\"https:\/\/iwell-guard.com\/fi\/amuletti\/\">Amuletti<\/a>, <a href=\"https:\/\/iwell-guard.com\/fi\/suola-suojana\/\">Suola<\/a>, <a href=\"https:\/\/iwell-guard.com\/fi\/besprechen\/\">Loitsiminen<\/a>, <a href=\"https:\/\/iwell-guard.com\/fi\/suojelusenkelin-kutsuminen\/\">Suojelusenkelin puoleen k\u00e4\u00e4ntyminen<\/a> \u2013 perinteiset suojausmuodot<\/li><li><a href=\"https:\/\/iwell-guard.com\/fi\/suoja-kompassi\/\">Suojakompassi<\/a> \u2013 suojav\u00e4lineet yleiskatsauksena<\/li><\/ul>\t\t\t\t\t\t\t\t<\/div>\n\t\t\t\t<\/div>\n\t\t\t\t\t<\/div>\n\t\t\t\t<\/div>\n\t\t<div class=\"elementor-element elementor-element-grl4kl40 e-flex e-con-boxed e-con e-parent\" data-id=\"grl4kl40\" data-element_type=\"container\" data-e-type=\"container\">\n\t\t\t\t\t<div class=\"e-con-inner\">\n\t\t\t\t<div class=\"elementor-element elementor-element-bzsbfrmh elementor-widget elementor-widget-heading\" data-id=\"bzsbfrmh\" data-element_type=\"widget\" data-e-type=\"widget\" data-widget_type=\"heading.default\">\n\t\t\t\t\t<h2 class=\"elementor-heading-title elementor-size-default\">Kirjallisuus (valikoima)<\/h2>\t\t\t\t<\/div>\n\t\t<div class=\"elementor-element elementor-element-2c13224a e-con-full e-flex e-con e-child\" data-id=\"2c13224a\" data-element_type=\"container\" data-e-type=\"container\">\n\t\t\t\t<div class=\"elementor-element elementor-element-0eymh9ub elementor-widget elementor-widget-text-editor\" data-id=\"0eymh9ub\" data-element_type=\"widget\" data-e-type=\"widget\" data-widget_type=\"text-editor.default\">\n\t\t\t\t\t\t\t\t\t<footer class=\"iwg-literatur\" data-nosnippet=\"true\"><p>Valikoima keskeisi\u00e4 l\u00e4hteit\u00e4 ja tutkimuksia:<\/p><ul><li><span data-nosnippet>Sch\u00f6nwerth, Franz Xaver von: <em>Aus der Oberpfalz. Sitten und Sagen<\/em>, osa 1, luku \u201eDie Drud&#8221;. Augsburg 1857\/58\/59.<\/span><\/li><li><span data-nosnippet>Panzer, Friedrich: <em>Bayerische Sagen und Br\u00e4uche. Beitrag zur deutschen Mythologie<\/em>, 2 osaa. M\u00fcnchen 1848\/1855.<\/span><\/li><li><span data-nosnippet>B\u00e4chtold-St\u00e4ubli, Hanns \/ Hoffmann-Krayer, Eduard (toim.): <em>Handw\u00f6rterbuch des deutschen Aberglaubens<\/em>, artikkeli \u201eDrude&#8221;. Berlin\/Leipzig 1927\u20131942.<\/span><\/li><li><span data-nosnippet>Petzoldt, Leander: <em>Kleines Lexikon der D\u00e4monen und Elementargeister<\/em>. M\u00fcnchen 1990.<\/span><\/li><\/ul><\/footer>\n<p class=\"iwg-bib-more\"><span data-nosnippet>Lis\u00e4\u00e4 perusteoksia l\u00f6ytyy <a href=\"https:\/\/iwell-guard.com\/fi\/kirjallisuus\/\">l\u00e4hdeluettelosta<\/a>.<\/span><\/p>\t\t\t\t\t\t\t\t<\/div>\n\t\t\t\t<\/div>\n\t\t\t\t\t<\/div>\n\t\t\t\t<\/div>\n\t\t<div class=\"elementor-element elementor-element-iwgkw2-add-hulijing e-flex e-con-boxed e-con e-parent\" data-id=\"iwgkw2-add-hulijing\" data-element_type=\"container\" data-e-type=\"container\">\n\t\t\t\t\t<div class=\"e-con-inner\">\n\t\t\t\t<div class=\"elementor-element elementor-element-iwgkw2-add-hulijing-t elementor-widget elementor-widget-text-editor\" data-id=\"iwgkw2-add-hulijing-t\" data-element_type=\"widget\" data-e-type=\"widget\" data-widget_type=\"text-editor.default\">\n\t\t\t\t\t\t\t\t\t<p>Drudina h\u00e4n el\u00e4\u00e4 t\u00e4n\u00e4kin p\u00e4iv\u00e4n\u00e4 baijerilaisessa murteessa ymp\u00e4ri Baijeria, ja drudenjalka suojana ovien kynnyksill\u00e4 ja kehdoissa muistuttaa siit\u00e4, miten konkreettisesti h\u00e4nen y\u00f6llist\u00e4 painamistaan vastaan osattiin joskus puolustautua.<\/p>\t\t\t\t\t\t\t\t<\/div>\n\t\t\t\t\t<\/div>\n\t\t\t\t<\/div>\n\t\t\t\t<\/div>\n\t\t","protected":false},"excerpt":{"rendered":"","protected":false},"author":3,"featured_media":20520,"parent":0,"menu_order":0,"comment_status":"closed","ping_status":"closed","template":"elementor_header_footer","meta":{"_yoast_wpseo_focuskw":"drud","_yoast_wpseo_title":"Drud \u2013 Baijerin alppien y\u00f6painaja","_yoast_wpseo_metadesc":"Drud: baijerilais-alppilainen y\u00f6painaja, joka painaa nukkujia. Alkuper\u00e4, Drudenfu\u00df ja perinteiset suojakeinot y\u00f6painajaista vastaan.","_yoast_wpseo_meta-robots-noindex":"","_yoast_wpseo_canonical":"","_angie_page":false,"gefaehrdungsstufe":"4","wesen_kultur":"alpin","wesen_klasse":"daemonen","footnotes":""},"categories":[],"class_list":["post-145062","page","type-page","status-publish","has-post-thumbnail","hentry"],"yoast_head":"<!-- This site is optimized with the Yoast SEO Premium plugin v27.7 (Yoast SEO v28.3) - https:\/\/yoast.com\/product\/yoast-seo-premium-wordpress\/ -->\n<title>Drud \u2013 Baijerin alppien y\u00f6painaja<\/title>\n<meta name=\"description\" content=\"Drud: baijerilais-alppilainen y\u00f6painaja, joka painaa nukkujia. Alkuper\u00e4, Drudenfu\u00df ja perinteiset suojakeinot y\u00f6painajaista vastaan.\" \/>\n<meta name=\"robots\" content=\"index, follow, max-snippet:-1, max-image-preview:large, max-video-preview:-1\" \/>\n<link rel=\"canonical\" href=\"https:\/\/iwell-guard.com\/fi\/drud\/\" \/>\n<meta property=\"og:locale\" content=\"fi_FI\" \/>\n<meta property=\"og:type\" content=\"article\" \/>\n<meta property=\"og:title\" content=\"Drud\" \/>\n<meta property=\"og:description\" content=\"Drud: baijerilais-alppilainen y\u00f6painaja, joka painaa nukkujia. Alkuper\u00e4, Drudenfu\u00df ja perinteiset suojakeinot y\u00f6painajaista vastaan.\" \/>\n<meta property=\"og:url\" content=\"https:\/\/iwell-guard.com\/fi\/drud\/\" \/>\n<meta property=\"og:site_name\" content=\"iWell Guard\" \/>\n<meta property=\"article:modified_time\" content=\"2026-09-03T13:15:48+00:00\" \/>\n<meta property=\"og:image\" content=\"https:\/\/iwell-guard.com\/wp-content\/uploads\/2026\/07\/daemonen_alpin_drud.webp\" \/>\n\t<meta property=\"og:image:width\" content=\"1023\" \/>\n\t<meta property=\"og:image:height\" content=\"1537\" \/>\n\t<meta property=\"og:image:type\" content=\"image\/webp\" \/>\n<meta name=\"twitter:card\" content=\"summary_large_image\" \/>\n<script type=\"application\/ld+json\" class=\"yoast-schema-graph\">{\"@context\":\"https:\\\/\\\/schema.org\",\"@graph\":[{\"@type\":\"Article\",\"@id\":\"https:\\\/\\\/iwell-guard.com\\\/fi\\\/drud\\\/#article\",\"isPartOf\":{\"@id\":\"https:\\\/\\\/iwell-guard.com\\\/fi\\\/drud\\\/\"},\"author\":{\"name\":\"Ralf Ittermann\",\"@id\":\"https:\\\/\\\/iwell-guard.com\\\/fi\\\/#\\\/schema\\\/person\\\/ee2a27f1cac3406c7c6fb5820cb7349f\"},\"headline\":\"Drud\",\"datePublished\":\"2026-09-03T12:42:11+00:00\",\"dateModified\":\"2026-09-03T13:15:48+00:00\",\"mainEntityOfPage\":{\"@id\":\"https:\\\/\\\/iwell-guard.com\\\/fi\\\/drud\\\/\"},\"publisher\":{\"@id\":\"https:\\\/\\\/iwell-guard.com\\\/fi\\\/#organization\"},\"image\":{\"@id\":\"https:\\\/\\\/iwell-guard.com\\\/fi\\\/drud\\\/#primaryimage\"},\"thumbnailUrl\":\"https:\\\/\\\/iwell-guard.com\\\/wp-content\\\/uploads\\\/2026\\\/07\\\/daemonen_alpin_drud.webp\",\"inLanguage\":\"fi\",\"description\":\"Drud: baijerilais-alppilainen y\u00f6painaja, joka painaa nukkujia. Alkuper\u00e4, Drudenfu\u00df ja perinteiset suojakeinot y\u00f6painajaista vastaan.\"},{\"@type\":\"WebPage\",\"@id\":\"https:\\\/\\\/iwell-guard.com\\\/fi\\\/drud\\\/\",\"url\":\"https:\\\/\\\/iwell-guard.com\\\/fi\\\/drud\\\/\",\"name\":\"Drud \u2013 Baijerin alppien y\u00f6painaja\",\"isPartOf\":{\"@id\":\"https:\\\/\\\/iwell-guard.com\\\/fi\\\/#website\"},\"primaryImageOfPage\":{\"@id\":\"https:\\\/\\\/iwell-guard.com\\\/fi\\\/drud\\\/#primaryimage\"},\"image\":{\"@id\":\"https:\\\/\\\/iwell-guard.com\\\/fi\\\/drud\\\/#primaryimage\"},\"thumbnailUrl\":\"https:\\\/\\\/iwell-guard.com\\\/wp-content\\\/uploads\\\/2026\\\/07\\\/daemonen_alpin_drud.webp\",\"datePublished\":\"2026-09-03T12:42:11+00:00\",\"dateModified\":\"2026-09-03T13:15:48+00:00\",\"description\":\"Drud: baijerilais-alppilainen y\u00f6painaja, joka painaa nukkujia. Alkuper\u00e4, Drudenfu\u00df ja perinteiset suojakeinot y\u00f6painajaista vastaan.\",\"breadcrumb\":{\"@id\":\"https:\\\/\\\/iwell-guard.com\\\/fi\\\/drud\\\/#breadcrumb\"},\"inLanguage\":\"fi\",\"potentialAction\":[{\"@type\":\"ReadAction\",\"target\":[\"https:\\\/\\\/iwell-guard.com\\\/fi\\\/drud\\\/\"]}]},{\"@type\":\"ImageObject\",\"inLanguage\":\"fi\",\"@id\":\"https:\\\/\\\/iwell-guard.com\\\/fi\\\/drud\\\/#primaryimage\",\"url\":\"https:\\\/\\\/iwell-guard.com\\\/wp-content\\\/uploads\\\/2026\\\/07\\\/daemonen_alpin_drud.webp\",\"contentUrl\":\"https:\\\/\\\/iwell-guard.com\\\/wp-content\\\/uploads\\\/2026\\\/07\\\/daemonen_alpin_drud.webp\",\"width\":1023,\"height\":1537,\"caption\":\"Drud \u2013 Alppitradition demonit, historiallis-havainnollistava kuva\"},{\"@type\":\"BreadcrumbList\",\"@id\":\"https:\\\/\\\/iwell-guard.com\\\/fi\\\/drud\\\/#breadcrumb\",\"itemListElement\":[{\"@type\":\"ListItem\",\"position\":1,\"name\":\"Start\",\"item\":\"https:\\\/\\\/iwell-guard.com\\\/fi\\\/?page_id=143815\"},{\"@type\":\"ListItem\",\"position\":2,\"name\":\"Drud\"}]},{\"@type\":\"WebSite\",\"@id\":\"https:\\\/\\\/iwell-guard.com\\\/fi\\\/#website\",\"url\":\"https:\\\/\\\/iwell-guard.com\\\/fi\\\/\",\"name\":\"iWell Guard\",\"description\":\"Schutz vor dunklen Einfl\u00fcssen\",\"publisher\":{\"@id\":\"https:\\\/\\\/iwell-guard.com\\\/fi\\\/#organization\"},\"potentialAction\":[{\"@type\":\"SearchAction\",\"target\":{\"@type\":\"EntryPoint\",\"urlTemplate\":\"https:\\\/\\\/iwell-guard.com\\\/fi\\\/?s={search_term_string}\"},\"query-input\":{\"@type\":\"PropertyValueSpecification\",\"valueRequired\":true,\"valueName\":\"search_term_string\"}}],\"inLanguage\":\"fi\"},{\"@type\":\"Organization\",\"@id\":\"https:\\\/\\\/iwell-guard.com\\\/fi\\\/#organization\",\"name\":\"Ittermann electronic GmbH\",\"url\":\"https:\\\/\\\/iwell-guard.com\\\/fi\\\/\",\"logo\":{\"@type\":\"ImageObject\",\"inLanguage\":\"fi\",\"@id\":\"https:\\\/\\\/iwell-guard.com\\\/fi\\\/#\\\/schema\\\/logo\\\/image\\\/\",\"url\":\"https:\\\/\\\/iwell-guard.com\\\/wp-content\\\/uploads\\\/2026\\\/05\\\/Ittermann-Logo-1182x237-1.png\",\"contentUrl\":\"https:\\\/\\\/iwell-guard.com\\\/wp-content\\\/uploads\\\/2026\\\/05\\\/Ittermann-Logo-1182x237-1.png\",\"width\":1182,\"height\":237,\"caption\":\"Ittermann electronic GmbH\"},\"image\":{\"@id\":\"https:\\\/\\\/iwell-guard.com\\\/fi\\\/#\\\/schema\\\/logo\\\/image\\\/\"},\"sameAs\":[\"https:\\\/\\\/pantip.com\\\/profile\\\/9367242\",\"https:\\\/\\\/micro.blog\\\/iwellguard\",\"https:\\\/\\\/www.diggerslist.com\\\/iwellguard\\\/about\",\"https:\\\/\\\/skitterphoto.com\\\/photographers\\\/2870314\\\/iwell-guard\",\"https:\\\/\\\/iwellguard.wordpress.com\\\/2026\\\/06\\\/06\\\/iwell-guard\\\/\",\"https:\\\/\\\/hub.docker.com\\\/u\\\/iwellguard\",\"https:\\\/\\\/www.pinterest.com\\\/iwellguard\\\/\",\"https:\\\/\\\/bit.ly\\\/m\\\/iwellguard\",\"https:\\\/\\\/entre-vos-mains.alsace.eu\\\/profiles\\\/iwellguard\\\/activity\",\"https:\\\/\\\/gravatar.com\\\/reallybeded8fd34\",\"https:\\\/\\\/naijamatta.com\\\/iwellguard\",\"https:\\\/\\\/www.goodreads.com\\\/iwellguard\",\"https:\\\/\\\/profile.hatena.ne.jp\\\/iwellguard\\\/\",\"https:\\\/\\\/experiment.com\\\/users\\\/iwellguard\",\"https:\\\/\\\/wakelet.com\\\/@iWellGuard82270\",\"https:\\\/\\\/www.chordie.com\\\/forum\\\/profile.php?id=2555664\",\"https:\\\/\\\/www.instapaper.com\\\/p\\\/17757966\",\"https:\\\/\\\/www.mapleprimes.com\\\/users\\\/iwellguard\",\"https:\\\/\\\/businesslistingplus.com\\\/profile\\\/iwell-guard\\\/\",\"https:\\\/\\\/telegra.ph\\\/iWell-Guard-06-06\",\"https:\\\/\\\/pbase.com\\\/iwellguard\\\/iwellguard\",\"https:\\\/\\\/b.hatena.ne.jp\\\/iwellguard\\\/20260607#bookmark-4788405196491818882\",\"https:\\\/\\\/fliphtml5.com\\\/home\\\/iwellguard\",\"https:\\\/\\\/anyflip.com\\\/homepage\\\/cmiwl#About\",\"https:\\\/\\\/transfur.com\\\/Users\\\/iwellguard\",\"http:\\\/\\\/delphi.larsbo.org\\\/user\\\/iwellguard\",\"https:\\\/\\\/jobs.lajobsportal.org\\\/profiles\\\/8380803-iwell-guard\",\"https:\\\/\\\/md.chaosdorf.de\\\/s\\\/jfbe5SBdJD\",\"https:\\\/\\\/www.lingvolive.com\\\/en-us\\\/profile\\\/9ecaeaca-ce11-4e51-9e71-01d55e2bff36\\\/translations\",\"https:\\\/\\\/www.fitday.com\\\/fitness\\\/forums\\\/members\\\/iwellguard.html\",\"https:\\\/\\\/www.mymeetbook.com\\\/iwellguard\",\"https:\\\/\\\/pxhere.com\\\/en\\\/photographer-me\\\/5040798\",\"https:\\\/\\\/disqus.com\\\/by\\\/iwellguard\\\/about\\\/\",\"https:\\\/\\\/pastelink.net\\\/hjwciqwq\",\"https:\\\/\\\/pubhtml5.com\\\/homepage\\\/scjhn\\\/\",\"https:\\\/\\\/www.bitchute.com\\\/channel\\\/2O2eOKzNqujT\",\"https:\\\/\\\/audiomack.com\\\/iwellguard\"]},{\"@type\":\"Person\",\"@id\":\"https:\\\/\\\/iwell-guard.com\\\/fi\\\/#\\\/schema\\\/person\\\/ee2a27f1cac3406c7c6fb5820cb7349f\",\"name\":\"Ralf Ittermann\",\"image\":{\"@type\":\"ImageObject\",\"inLanguage\":\"fi\",\"@id\":\"https:\\\/\\\/secure.gravatar.com\\\/avatar\\\/073c0153e350a5005b68eb752b445fea71f6b24a26da9449ad7e155e6b446c9d?s=96&d=mm&r=g\",\"url\":\"https:\\\/\\\/secure.gravatar.com\\\/avatar\\\/073c0153e350a5005b68eb752b445fea71f6b24a26da9449ad7e155e6b446c9d?s=96&d=mm&r=g\",\"contentUrl\":\"https:\\\/\\\/secure.gravatar.com\\\/avatar\\\/073c0153e350a5005b68eb752b445fea71f6b24a26da9449ad7e155e6b446c9d?s=96&d=mm&r=g\",\"caption\":\"Ralf Ittermann\"},\"givenName\":\"Ralf\",\"familyName\":\"Ittermann\",\"jobTitle\":\"Gesch\u00e4ftsf\u00fchrer und redaktioneller Verantwortlicher\",\"url\":\"https:\\\/\\\/iwell-guard.com\\\/fi\\\/author\\\/claude\\\/\",\"description\":\"Ralf Ittermann ist Gesch\u00e4ftsf\u00fchrer der Ittermann electronic GmbH und redaktioneller Verantwortlicher des iWell-Guard-Lexikons. Er verbindet langj\u00e4hrige Erfahrung in der Pr\u00e4zisionsfertigung mit medialer Praxis und religionsgeschichtlicher Quellenarbeit.\",\"worksFor\":{\"@type\":\"Organization\",\"name\":\"Ittermann electronic GmbH\",\"url\":\"https:\\\/\\\/ittermann.de\\\/\",\"address\":{\"@type\":\"PostalAddress\",\"streetAddress\":\"K\u00f6hlergasse 16-18\",\"postalCode\":\"99842\",\"addressLocality\":\"Ruhla\",\"addressCountry\":\"DE\"}},\"knowsAbout\":[\"Religionsgeschichte\",\"Mythologie\",\"Mediale Praxis\",\"Energetische Diagnostik\",\"Schutzpraxis\",\"Volksglauben\",\"Westliche Esoterik\"]},{\"@type\":\"Article\",\"@id\":\"https:\\\/\\\/iwell-guard.com\\\/fi\\\/drud\\\/#article\",\"isPartOf\":{\"@id\":\"https:\\\/\\\/iwell-guard.com\\\/fi\\\/drud\\\/\"},\"author\":{\"name\":\"Ralf Ittermann\",\"@id\":\"https:\\\/\\\/iwell-guard.com\\\/fi\\\/#\\\/schema\\\/person\\\/ee2a27f1cac3406c7c6fb5820cb7349f\"},\"headline\":\"Drud\",\"datePublished\":\"2026-09-03T12:42:11+00:00\",\"dateModified\":\"2026-09-03T13:15:48+00:00\",\"mainEntityOfPage\":{\"@id\":\"https:\\\/\\\/iwell-guard.com\\\/fi\\\/drud\\\/\"},\"publisher\":{\"@id\":\"https:\\\/\\\/iwell-guard.com\\\/fi\\\/#organization\"},\"image\":{\"@id\":\"https:\\\/\\\/iwell-guard.com\\\/fi\\\/drud\\\/#primaryimage\"},\"thumbnailUrl\":\"https:\\\/\\\/iwell-guard.com\\\/wp-content\\\/uploads\\\/2026\\\/07\\\/daemonen_alpin_drud.webp\",\"inLanguage\":\"fi\",\"description\":\"Drud: baijerilais-alppilainen y\u00f6painaja, joka painaa nukkujia. Alkuper\u00e4, Drudenfu\u00df ja perinteiset suojakeinot y\u00f6painajaista vastaan.\"}]}<\/script>\n<!-- \/ Yoast SEO Premium plugin. -->","yoast_head_json":{"title":"Drud \u2013 Baijerin alppien y\u00f6painaja","description":"Drud: baijerilais-alppilainen y\u00f6painaja, joka painaa nukkujia. Alkuper\u00e4, Drudenfu\u00df ja perinteiset suojakeinot y\u00f6painajaista vastaan.","robots":{"index":"index","follow":"follow","max-snippet":"max-snippet:-1","max-image-preview":"max-image-preview:large","max-video-preview":"max-video-preview:-1"},"canonical":"https:\/\/iwell-guard.com\/fi\/drud\/","og_locale":"fi_FI","og_type":"article","og_title":"Drud","og_description":"Drud: baijerilais-alppilainen y\u00f6painaja, joka painaa nukkujia. Alkuper\u00e4, Drudenfu\u00df ja perinteiset suojakeinot y\u00f6painajaista vastaan.","og_url":"https:\/\/iwell-guard.com\/fi\/drud\/","og_site_name":"iWell Guard","article_modified_time":"2026-09-03T13:15:48+00:00","og_image":[{"width":1023,"height":1537,"url":"https:\/\/iwell-guard.com\/wp-content\/uploads\/2026\/07\/daemonen_alpin_drud.webp","type":"image\/webp"}],"twitter_card":"summary_large_image","schema":{"@context":"https:\/\/schema.org","@graph":[{"@type":"Article","@id":"https:\/\/iwell-guard.com\/fi\/drud\/#article","isPartOf":{"@id":"https:\/\/iwell-guard.com\/fi\/drud\/"},"author":{"name":"Ralf Ittermann","@id":"https:\/\/iwell-guard.com\/fi\/#\/schema\/person\/ee2a27f1cac3406c7c6fb5820cb7349f"},"headline":"Drud","datePublished":"2026-09-03T12:42:11+00:00","dateModified":"2026-09-03T13:15:48+00:00","mainEntityOfPage":{"@id":"https:\/\/iwell-guard.com\/fi\/drud\/"},"publisher":{"@id":"https:\/\/iwell-guard.com\/fi\/#organization"},"image":{"@id":"https:\/\/iwell-guard.com\/fi\/drud\/#primaryimage"},"thumbnailUrl":"https:\/\/iwell-guard.com\/wp-content\/uploads\/2026\/07\/daemonen_alpin_drud.webp","inLanguage":"fi","description":"Drud: baijerilais-alppilainen y\u00f6painaja, joka painaa nukkujia. Alkuper\u00e4, Drudenfu\u00df ja perinteiset suojakeinot y\u00f6painajaista vastaan."},{"@type":"WebPage","@id":"https:\/\/iwell-guard.com\/fi\/drud\/","url":"https:\/\/iwell-guard.com\/fi\/drud\/","name":"Drud \u2013 Baijerin alppien y\u00f6painaja","isPartOf":{"@id":"https:\/\/iwell-guard.com\/fi\/#website"},"primaryImageOfPage":{"@id":"https:\/\/iwell-guard.com\/fi\/drud\/#primaryimage"},"image":{"@id":"https:\/\/iwell-guard.com\/fi\/drud\/#primaryimage"},"thumbnailUrl":"https:\/\/iwell-guard.com\/wp-content\/uploads\/2026\/07\/daemonen_alpin_drud.webp","datePublished":"2026-09-03T12:42:11+00:00","dateModified":"2026-09-03T13:15:48+00:00","description":"Drud: baijerilais-alppilainen y\u00f6painaja, joka painaa nukkujia. Alkuper\u00e4, Drudenfu\u00df ja perinteiset suojakeinot y\u00f6painajaista vastaan.","breadcrumb":{"@id":"https:\/\/iwell-guard.com\/fi\/drud\/#breadcrumb"},"inLanguage":"fi","potentialAction":[{"@type":"ReadAction","target":["https:\/\/iwell-guard.com\/fi\/drud\/"]}]},{"@type":"ImageObject","inLanguage":"fi","@id":"https:\/\/iwell-guard.com\/fi\/drud\/#primaryimage","url":"https:\/\/iwell-guard.com\/wp-content\/uploads\/2026\/07\/daemonen_alpin_drud.webp","contentUrl":"https:\/\/iwell-guard.com\/wp-content\/uploads\/2026\/07\/daemonen_alpin_drud.webp","width":1023,"height":1537,"caption":"Drud \u2013 Alppitradition demonit, historiallis-havainnollistava kuva"},{"@type":"BreadcrumbList","@id":"https:\/\/iwell-guard.com\/fi\/drud\/#breadcrumb","itemListElement":[{"@type":"ListItem","position":1,"name":"Start","item":"https:\/\/iwell-guard.com\/fi\/?page_id=143815"},{"@type":"ListItem","position":2,"name":"Drud"}]},{"@type":"WebSite","@id":"https:\/\/iwell-guard.com\/fi\/#website","url":"https:\/\/iwell-guard.com\/fi\/","name":"iWell Guard","description":"Schutz vor dunklen Einfl\u00fcssen","publisher":{"@id":"https:\/\/iwell-guard.com\/fi\/#organization"},"potentialAction":[{"@type":"SearchAction","target":{"@type":"EntryPoint","urlTemplate":"https:\/\/iwell-guard.com\/fi\/?s={search_term_string}"},"query-input":{"@type":"PropertyValueSpecification","valueRequired":true,"valueName":"search_term_string"}}],"inLanguage":"fi"},{"@type":"Organization","@id":"https:\/\/iwell-guard.com\/fi\/#organization","name":"Ittermann electronic GmbH","url":"https:\/\/iwell-guard.com\/fi\/","logo":{"@type":"ImageObject","inLanguage":"fi","@id":"https:\/\/iwell-guard.com\/fi\/#\/schema\/logo\/image\/","url":"https:\/\/iwell-guard.com\/wp-content\/uploads\/2026\/05\/Ittermann-Logo-1182x237-1.png","contentUrl":"https:\/\/iwell-guard.com\/wp-content\/uploads\/2026\/05\/Ittermann-Logo-1182x237-1.png","width":1182,"height":237,"caption":"Ittermann electronic GmbH"},"image":{"@id":"https:\/\/iwell-guard.com\/fi\/#\/schema\/logo\/image\/"},"sameAs":["https:\/\/pantip.com\/profile\/9367242","https:\/\/micro.blog\/iwellguard","https:\/\/www.diggerslist.com\/iwellguard\/about","https:\/\/skitterphoto.com\/photographers\/2870314\/iwell-guard","https:\/\/iwellguard.wordpress.com\/2026\/06\/06\/iwell-guard\/","https:\/\/hub.docker.com\/u\/iwellguard","https:\/\/www.pinterest.com\/iwellguard\/","https:\/\/bit.ly\/m\/iwellguard","https:\/\/entre-vos-mains.alsace.eu\/profiles\/iwellguard\/activity","https:\/\/gravatar.com\/reallybeded8fd34","https:\/\/naijamatta.com\/iwellguard","https:\/\/www.goodreads.com\/iwellguard","https:\/\/profile.hatena.ne.jp\/iwellguard\/","https:\/\/experiment.com\/users\/iwellguard","https:\/\/wakelet.com\/@iWellGuard82270","https:\/\/www.chordie.com\/forum\/profile.php?id=2555664","https:\/\/www.instapaper.com\/p\/17757966","https:\/\/www.mapleprimes.com\/users\/iwellguard","https:\/\/businesslistingplus.com\/profile\/iwell-guard\/","https:\/\/telegra.ph\/iWell-Guard-06-06","https:\/\/pbase.com\/iwellguard\/iwellguard","https:\/\/b.hatena.ne.jp\/iwellguard\/20260607#bookmark-4788405196491818882","https:\/\/fliphtml5.com\/home\/iwellguard","https:\/\/anyflip.com\/homepage\/cmiwl#About","https:\/\/transfur.com\/Users\/iwellguard","http:\/\/delphi.larsbo.org\/user\/iwellguard","https:\/\/jobs.lajobsportal.org\/profiles\/8380803-iwell-guard","https:\/\/md.chaosdorf.de\/s\/jfbe5SBdJD","https:\/\/www.lingvolive.com\/en-us\/profile\/9ecaeaca-ce11-4e51-9e71-01d55e2bff36\/translations","https:\/\/www.fitday.com\/fitness\/forums\/members\/iwellguard.html","https:\/\/www.mymeetbook.com\/iwellguard","https:\/\/pxhere.com\/en\/photographer-me\/5040798","https:\/\/disqus.com\/by\/iwellguard\/about\/","https:\/\/pastelink.net\/hjwciqwq","https:\/\/pubhtml5.com\/homepage\/scjhn\/","https:\/\/www.bitchute.com\/channel\/2O2eOKzNqujT","https:\/\/audiomack.com\/iwellguard"]},{"@type":"Person","@id":"https:\/\/iwell-guard.com\/fi\/#\/schema\/person\/ee2a27f1cac3406c7c6fb5820cb7349f","name":"Ralf Ittermann","image":{"@type":"ImageObject","inLanguage":"fi","@id":"https:\/\/secure.gravatar.com\/avatar\/073c0153e350a5005b68eb752b445fea71f6b24a26da9449ad7e155e6b446c9d?s=96&d=mm&r=g","url":"https:\/\/secure.gravatar.com\/avatar\/073c0153e350a5005b68eb752b445fea71f6b24a26da9449ad7e155e6b446c9d?s=96&d=mm&r=g","contentUrl":"https:\/\/secure.gravatar.com\/avatar\/073c0153e350a5005b68eb752b445fea71f6b24a26da9449ad7e155e6b446c9d?s=96&d=mm&r=g","caption":"Ralf Ittermann"},"givenName":"Ralf","familyName":"Ittermann","jobTitle":"Gesch\u00e4ftsf\u00fchrer und redaktioneller Verantwortlicher","url":"https:\/\/iwell-guard.com\/fi\/author\/claude\/","description":"Ralf Ittermann ist Gesch\u00e4ftsf\u00fchrer der Ittermann electronic GmbH und redaktioneller Verantwortlicher des iWell-Guard-Lexikons. Er verbindet langj\u00e4hrige Erfahrung in der Pr\u00e4zisionsfertigung mit medialer Praxis und religionsgeschichtlicher Quellenarbeit.","worksFor":{"@type":"Organization","name":"Ittermann electronic GmbH","url":"https:\/\/ittermann.de\/","address":{"@type":"PostalAddress","streetAddress":"K\u00f6hlergasse 16-18","postalCode":"99842","addressLocality":"Ruhla","addressCountry":"DE"}},"knowsAbout":["Religionsgeschichte","Mythologie","Mediale Praxis","Energetische Diagnostik","Schutzpraxis","Volksglauben","Westliche Esoterik"]},{"@type":"Article","@id":"https:\/\/iwell-guard.com\/fi\/drud\/#article","isPartOf":{"@id":"https:\/\/iwell-guard.com\/fi\/drud\/"},"author":{"name":"Ralf Ittermann","@id":"https:\/\/iwell-guard.com\/fi\/#\/schema\/person\/ee2a27f1cac3406c7c6fb5820cb7349f"},"headline":"Drud","datePublished":"2026-09-03T12:42:11+00:00","dateModified":"2026-09-03T13:15:48+00:00","mainEntityOfPage":{"@id":"https:\/\/iwell-guard.com\/fi\/drud\/"},"publisher":{"@id":"https:\/\/iwell-guard.com\/fi\/#organization"},"image":{"@id":"https:\/\/iwell-guard.com\/fi\/drud\/#primaryimage"},"thumbnailUrl":"https:\/\/iwell-guard.com\/wp-content\/uploads\/2026\/07\/daemonen_alpin_drud.webp","inLanguage":"fi","description":"Drud: baijerilais-alppilainen y\u00f6painaja, joka painaa nukkujia. Alkuper\u00e4, Drudenfu\u00df ja perinteiset suojakeinot y\u00f6painajaista vastaan."}]}},"_links":{"self":[{"href":"https:\/\/iwell-guard.com\/fi\/wp-json\/wp\/v2\/pages\/145062","targetHints":{"allow":["GET"]}}],"collection":[{"href":"https:\/\/iwell-guard.com\/fi\/wp-json\/wp\/v2\/pages"}],"about":[{"href":"https:\/\/iwell-guard.com\/fi\/wp-json\/wp\/v2\/types\/page"}],"author":[{"embeddable":true,"href":"https:\/\/iwell-guard.com\/fi\/wp-json\/wp\/v2\/users\/3"}],"replies":[{"embeddable":true,"href":"https:\/\/iwell-guard.com\/fi\/wp-json\/wp\/v2\/comments?post=145062"}],"version-history":[{"count":0,"href":"https:\/\/iwell-guard.com\/fi\/wp-json\/wp\/v2\/pages\/145062\/revisions"}],"wp:featuredmedia":[{"embeddable":true,"href":"https:\/\/iwell-guard.com\/fi\/wp-json\/wp\/v2\/media\/20520"}],"wp:attachment":[{"href":"https:\/\/iwell-guard.com\/fi\/wp-json\/wp\/v2\/media?parent=145062"}],"wp:term":[{"taxonomy":"category","embeddable":true,"href":"https:\/\/iwell-guard.com\/fi\/wp-json\/wp\/v2\/categories?post=145062"}],"curies":[{"name":"wp","href":"https:\/\/api.w.org\/{rel}","templated":true}]}}