{"id":145058,"date":"2026-09-03T12:42:08","date_gmt":"2026-09-03T12:42:08","guid":{"rendered":"https:\/\/iwell-guard.com\/?page_id=145058"},"modified":"2026-09-03T13:15:43","modified_gmt":"2026-09-03T13:15:43","slug":"krampus","status":"publish","type":"page","link":"https:\/\/iwell-guard.com\/fi\/krampus\/","title":{"rendered":"Krampus"},"content":{"rendered":"\t\t<div data-elementor-type=\"wp-page\" data-elementor-id=\"145058\" class=\"elementor elementor-145058 elementor-20474\" data-elementor-post-type=\"page\">\n\t\t\t\t<div class=\"elementor-element elementor-element-10fdade e-flex e-con-boxed e-con e-parent\" data-id=\"10fdade\" data-element_type=\"container\" data-e-type=\"container\" data-settings=\"{&quot;background_background&quot;:&quot;classic&quot;}\">\n\t\t\t\t\t<div class=\"e-con-inner\">\n\t\t<div class=\"elementor-element elementor-element-herohlft0 e-flex e-con-boxed e-con e-child\" data-id=\"herohlft0\" data-element_type=\"container\" data-e-type=\"container\">\n\t\t\t\t\t<div class=\"e-con-inner\">\n\t\t<div class=\"elementor-element elementor-element-c3ceb64 e-con-full e-flex e-con e-child\" data-id=\"c3ceb64\" data-element_type=\"container\" data-e-type=\"container\">\n\t\t\t\t<div class=\"elementor-element elementor-element-96ae5e1 elementor-widget elementor-widget-heading\" data-id=\"96ae5e1\" data-element_type=\"widget\" data-e-type=\"widget\" data-widget_type=\"heading.default\">\n\t\t\t\t\t<h1 class=\"elementor-heading-title elementor-size-default\">Krampus, Nikolauksen sarvip\u00e4inen seuralainen<\/h1>\t\t\t\t<\/div>\n\t\t\t\t<div class=\"elementor-element elementor-element-e45238a elementor-widget elementor-widget-text-editor\" data-id=\"e45238a\" data-element_type=\"widget\" data-e-type=\"widget\" data-widget_type=\"text-editor.default\">\n\t\t\t\t\t\t\t\t\t<p>Krampus on alppialueen perinteen <span class=\"iwg-fachbegriff\" data-tooltip=\"Henkiolento, jolla katsotaan olevan vahingollinen tai kaksijakoinen vaikutus.\" tabindex=\"0\">demoni<\/span>.<\/p><p><strong>Sarvip\u00e4inen talvidemoni vitsan, kahleen ja korin kanssa.<\/strong><\/p>\t\t\t\t\t\t\t\t<\/div>\n\t\t\t\t<\/div>\n\t\t<div class=\"elementor-element elementor-element-klsbdg01 e-con-full e-flex e-con e-child\" data-id=\"klsbdg01\" data-element_type=\"container\" data-e-type=\"container\">\n\t\t\t\t<div class=\"elementor-element elementor-element-klshtm01 elementor-widget elementor-widget-html\" data-id=\"klshtm01\" data-element_type=\"widget\" data-e-type=\"widget\" data-widget_type=\"html.default\">\n\t\t\t\t\t<div class=\"iwg-pill-row\"><span class=\"iwg-klasse-badge\" tabindex=\"0\" data-tooltip=\"Demoni: Yliluonnollinen olento, jonka vaikutus on useimmiten haitallinen tai kaksijakoinen. Sijoittuu jumalten ja ihmisten v\u00e4limaastoon, aiheuttaa sairautta, kiusausta tai onnettomuutta ja torjutaan loitsuilla, suojaesineill\u00e4 ja rituaaleilla.\">Demoni<\/span><a href=\"https:\/\/iwell-guard.com\/fi\/?page_id=145096\" class=\"iwg-kultur-badge\" tabindex=\"0\" data-tooltip=\"Alppien alueen tarustot: Baijeri, It\u00e4valta, Sveitsi ja Etel\u00e4-Tiroli, almiolennoista aina Rauhn\u00e4chte-hahmoihin.\">Alppien alue<\/a><\/div>\t\t\t\t<\/div>\n\t\t\t\t<\/div>\n\t\t<div class=\"elementor-element elementor-element-3f74855 e-con-full e-flex e-con e-child\" data-id=\"3f74855\" data-element_type=\"container\" data-e-type=\"container\">\n\t\t\t\t<div class=\"elementor-element elementor-element-1c30362 elementor-toc--minimized-on-tablet elementor-widget elementor-widget-table-of-contents\" data-id=\"1c30362\" data-element_type=\"widget\" data-e-type=\"widget\" data-settings=\"{&quot;exclude_headings_by_selector&quot;:[],&quot;no_headings_message&quot;:&quot;T\\u00e4lt\\u00e4 sivulta ei l\\u00f6ytynyt otsikoita.&quot;,&quot;headings_by_tags&quot;:[&quot;h2&quot;,&quot;h3&quot;],&quot;marker_view&quot;:&quot;bullets&quot;,&quot;icon&quot;:{&quot;value&quot;:&quot;fas fa-circle&quot;,&quot;library&quot;:&quot;fa-solid&quot;,&quot;rendered_tag&quot;:&quot;&lt;svg class=\\&quot;e-font-icon-svg e-fas-circle\\&quot; viewBox=\\&quot;0 0 512 512\\&quot; xmlns=\\&quot;http:\\\/\\\/www.w3.org\\\/2000\\\/svg\\&quot;&gt;&lt;path d=\\&quot;M256 8C119 8 8 119 8 256s111 248 248 248 248-111 248-248S393 8 256 8z\\&quot;&gt;&lt;\\\/path&gt;&lt;\\\/svg&gt;&quot;},&quot;minimize_box&quot;:&quot;yes&quot;,&quot;minimized_on&quot;:&quot;tablet&quot;,&quot;hierarchical_view&quot;:&quot;yes&quot;,&quot;min_height&quot;:{&quot;unit&quot;:&quot;px&quot;,&quot;size&quot;:&quot;&quot;,&quot;sizes&quot;:[]},&quot;min_height_tablet&quot;:{&quot;unit&quot;:&quot;px&quot;,&quot;size&quot;:&quot;&quot;,&quot;sizes&quot;:[]},&quot;min_height_mobile&quot;:{&quot;unit&quot;:&quot;px&quot;,&quot;size&quot;:&quot;&quot;,&quot;sizes&quot;:[]}}\" data-widget_type=\"table-of-contents.default\">\n\t\t\t\t\t\t\t\t\t<div class=\"elementor-toc__header\">\n\t\t\t\t\t\t<h2 class=\"elementor-toc__header-title\">\n\t\t\t\tSis\u00e4llysluettelo\t\t\t<\/h2>\n\t\t\t\t\t\t\t\t\t\t<div class=\"elementor-toc__toggle-button elementor-toc__toggle-button--expand\" role=\"button\" tabindex=\"0\" aria-controls=\"elementor-toc__1c30362\" aria-expanded=\"true\" aria-label=\"Open table of contents\"><svg aria-hidden=\"true\" class=\"e-font-icon-svg e-fas-chevron-down\" viewBox=\"0 0 448 512\" xmlns=\"http:\/\/www.w3.org\/2000\/svg\"><path d=\"M207.029 381.476L12.686 187.132c-9.373-9.373-9.373-24.569 0-33.941l22.667-22.667c9.357-9.357 24.522-9.375 33.901-.04L224 284.505l154.745-154.021c9.379-9.335 24.544-9.317 33.901.04l22.667 22.667c9.373 9.373 9.373 24.569 0 33.941L240.971 381.476c-9.373 9.372-24.569 9.372-33.942 0z\"><\/path><\/svg><\/div>\n\t\t\t\t<div class=\"elementor-toc__toggle-button elementor-toc__toggle-button--collapse\" role=\"button\" tabindex=\"0\" aria-controls=\"elementor-toc__1c30362\" aria-expanded=\"true\" aria-label=\"Close table of contents\"><svg aria-hidden=\"true\" class=\"e-font-icon-svg e-fas-chevron-up\" viewBox=\"0 0 448 512\" xmlns=\"http:\/\/www.w3.org\/2000\/svg\"><path d=\"M240.971 130.524l194.343 194.343c9.373 9.373 9.373 24.569 0 33.941l-22.667 22.667c-9.357 9.357-24.522 9.375-33.901.04L224 227.495 69.255 381.516c-9.379 9.335-24.544 9.317-33.901-.04l-22.667-22.667c-9.373-9.373-9.373-24.569 0-33.941L207.03 130.525c9.372-9.373 24.568-9.373 33.941-.001z\"><\/path><\/svg><\/div>\n\t\t\t\t\t<\/div>\n\t\t\t\t<div id=\"elementor-toc__1c30362\" class=\"elementor-toc__body\">\n\t\t\t<div class=\"elementor-toc__spinner-container\">\n\t\t\t\t<svg class=\"elementor-toc__spinner eicon-animation-spin e-font-icon-svg e-eicon-loading\" aria-hidden=\"true\" viewBox=\"0 0 1000 1000\" xmlns=\"http:\/\/www.w3.org\/2000\/svg\"><path d=\"M500 975V858C696 858 858 696 858 500S696 142 500 142 142 304 142 500H25C25 237 238 25 500 25S975 237 975 500 763 975 500 975Z\"><\/path><\/svg>\t\t\t<\/div>\n\t\t<\/div>\n\t\t\t\t\t\t<\/div>\n\t\t\t\t<\/div>\n\t\t\t\t\t<\/div>\n\t\t\t\t<\/div>\n\t\t<div class=\"elementor-element elementor-element-herorght0 e-con-full e-flex e-con e-child\" data-id=\"herorght0\" data-element_type=\"container\" data-e-type=\"container\">\n\t\t\t\t<div class=\"elementor-element elementor-element-heroimg00 iwg-hero-image elementor-widget elementor-widget-image\" data-id=\"heroimg00\" data-element_type=\"widget\" data-e-type=\"widget\" data-widget_type=\"image.default\">\n\t\t\t\t\t\t\t\t\t\t\t\t\t\t\t<img fetchpriority=\"high\" decoding=\"async\" width=\"683\" height=\"1024\" src=\"https:\/\/iwell-guard.com\/wp-content\/uploads\/2026\/07\/daemonen_alpin_krampus-683x1024.webp\" class=\"attachment-large size-large wp-image-147883\" alt=\"Krampus - alppialueen perinteen demoneita, historiallis-kuvitteellinen esitys\" srcset=\"https:\/\/iwell-guard.com\/wp-content\/uploads\/2026\/07\/daemonen_alpin_krampus-683x1024.webp 683w, https:\/\/iwell-guard.com\/wp-content\/uploads\/2026\/07\/daemonen_alpin_krampus-200x300.webp 200w, https:\/\/iwell-guard.com\/wp-content\/uploads\/2026\/07\/daemonen_alpin_krampus-768x1152.webp 768w, https:\/\/iwell-guard.com\/wp-content\/uploads\/2026\/07\/daemonen_alpin_krampus.webp 1024w\" sizes=\"(max-width: 683px) 100vw, 683px\" \/>\t\t\t\t\t\t\t\t\t\t\t\t\t\t\t<\/div>\n\t\t\t\t<\/div>\n\t\t\t\t\t<\/div>\n\t\t\t\t<\/div>\n\t\t<div class=\"elementor-element elementor-element-32917199 e-flex e-con-boxed e-con e-parent\" data-id=\"32917199\" data-element_type=\"container\" data-e-type=\"container\">\n\t\t\t\t\t<div class=\"e-con-inner\">\n\t\t<div class=\"elementor-element elementor-element-26e916cb e-flex e-con-boxed e-con e-child\" data-id=\"26e916cb\" data-element_type=\"container\" data-e-type=\"container\">\n\t\t\t\t\t<div class=\"e-con-inner\">\n\t\t<div class=\"elementor-element elementor-element-253a40d4 e-flex e-con-boxed e-con e-child\" data-id=\"253a40d4\" data-element_type=\"container\" data-e-type=\"container\">\n\t\t\t\t\t<div class=\"e-con-inner\">\n\t\t\t\t<div class=\"elementor-element elementor-element-1200c304 elementor-widget elementor-widget-heading\" data-id=\"1200c304\" data-element_type=\"widget\" data-e-type=\"widget\" data-widget_type=\"heading.default\">\n\t\t\t\t\t<div class=\"elementor-heading-title elementor-size-default\">Krampus<\/div>\t\t\t\t<\/div>\n\t\t\t\t<div class=\"elementor-element elementor-element-11758e7f elementor-widget elementor-widget-text-editor\" data-id=\"11758e7f\" data-element_type=\"widget\" data-e-type=\"widget\" data-widget_type=\"text-editor.default\">\n\t\t\t\t\t\t\t\t\t<p>Krampus on It\u00e4-Alppien alueen pyh\u00e4n Nikolauksen synkk\u00e4 seuralaishahmo: sarvip\u00e4inen, karvainen ja aseistettu kahleella ja vitsalla, sill\u00e4 aikaa kun Nikolaus palkitsee kiltit lapset. Kuvallisesti hahmo on todistettu vuodesta 1582 Die\u00dfen am Ammerseessa, itsen\u00e4isen\u00e4 kortin hahmona vasta 1800-luvun puoliv\u00e4list\u00e4 l\u00e4htien.<\/p><p>Salzburgin ja K\u00e4rntenin v\u00e4lisiss\u00e4 Krampus-kulkueissa h\u00e4n esiintyy t\u00e4n\u00e4kin p\u00e4iv\u00e4n\u00e4 \u00e4\u00e4nekk\u00e4\u00e4n\u00e4, pelottavana talven demonihahmona, kaiverretun puunaamion, kalisevan kahleen ja koivunvitsan kanssa. Joulukuun 5. p\u00e4iv\u00e4n y\u00f6, Nikolauksen p\u00e4iv\u00e4\u00e4 edelt\u00e4v\u00e4, pysyy h\u00e4nen vakiintuneena esiintymisajankohtanaan.<\/p>\t\t\t\t\t\t\t\t<\/div>\n\t\t\t\t\t<\/div>\n\t\t\t\t<\/div>\n\t\t<div class=\"elementor-element elementor-element-159dcf9a e-flex e-con-boxed e-con e-child\" data-id=\"159dcf9a\" data-element_type=\"container\" data-e-type=\"container\">\n\t\t\t\t\t<div class=\"e-con-inner\">\n\t\t\t\t<div class=\"elementor-element elementor-element-48cee66f elementor-widget elementor-widget-heading\" data-id=\"48cee66f\" data-element_type=\"widget\" data-e-type=\"widget\" data-widget_type=\"heading.default\">\n\t\t\t\t\t<div class=\"elementor-heading-title elementor-size-default\">Pikakatsaus: Krampus<\/div>\t\t\t\t<\/div>\n\t\t\t\t<div class=\"elementor-element elementor-element-3f50d82c elementor-widget elementor-widget-text-editor\" data-id=\"3f50d82c\" data-element_type=\"widget\" data-e-type=\"widget\" data-widget_type=\"text-editor.default\">\n\t\t\t\t\t\t\t\t\t<p><strong>Tyyppi:<\/strong> Talvidemoni ja Nikolauksen seuralaishahmo<br>Alkuper\u00e4: It\u00e4-Alppien alue, kuvallisesti todistettu vuodesta 1582 Die\u00dfen am Ammerseessa<br>Tekstit: kirkolliset kieltoasiakirjat 1600-luvulta l\u00e4htien, Krampus-kortit noin vuodesta 1850<br>Ajanjakso: korttihahmona 1800-luvun puoliv\u00e4list\u00e4 l\u00e4htien, perinne el\u00e4\u00e4 t\u00e4n\u00e4kin p\u00e4iv\u00e4n\u00e4<br>Ulkon\u00e4k\u00f6: sarvip\u00e4inen, karvainen hahmo puunaamiolla, kahleella, vitsalla ja korilla<\/p>\t\t\t\t\t\t\t\t<\/div>\n\t\t\t\t\t<\/div>\n\t\t\t\t<\/div>\n\t\t\t\t\t<\/div>\n\t\t\t\t<\/div>\n\t\t\t\t\t<\/div>\n\t\t\t\t<\/div>\n\t\t<div class=\"elementor-element elementor-element-18613602 e-flex e-con-boxed e-con e-parent\" data-id=\"18613602\" data-element_type=\"container\" data-e-type=\"container\">\n\t\t\t\t\t<div class=\"e-con-inner\">\n\t\t\t\t<div class=\"elementor-element elementor-element-262b8a9f elementor-widget elementor-widget-heading\" data-id=\"262b8a9f\" data-element_type=\"widget\" data-e-type=\"widget\" data-widget_type=\"heading.default\">\n\t\t\t\t\t<h2 class=\"elementor-heading-title elementor-size-default\">Historiallinen tausta<\/h2>\t\t\t\t<\/div>\n\t\t<div class=\"elementor-element elementor-element-46dcb7d e-con-full e-flex e-con e-child\" data-id=\"46dcb7d\" data-element_type=\"container\" data-e-type=\"container\">\n\t\t<div class=\"elementor-element elementor-element-61d3ab3 e-flex e-con-boxed e-con e-child\" data-id=\"61d3ab3\" data-element_type=\"container\" data-e-type=\"container\">\n\t\t\t\t\t<div class=\"e-con-inner\">\n\t\t\t\t<div class=\"elementor-element elementor-element-117c166 elementor-widget elementor-widget-heading\" data-id=\"117c166\" data-element_type=\"widget\" data-e-type=\"widget\" data-widget_type=\"heading.default\">\n\t\t\t\t\t<h3 class=\"elementor-heading-title elementor-size-default\">Tekstien ajanjakso<\/h3>\t\t\t\t<\/div>\n\t\t\t\t<div class=\"elementor-element elementor-element-73997a0 elementor-widget elementor-widget-text-editor\" data-id=\"73997a0\" data-element_type=\"widget\" data-e-type=\"widget\" data-widget_type=\"text-editor.default\">\n\t\t\t\t\t\t\t\t\t<p>Kuvallisesti todistettu vuodesta 1582 Die\u00dfen am Ammerseessa, itsen\u00e4isen\u00e4 kortin hahmona vasta 1800-luvun puoliv\u00e4list\u00e4 l\u00e4htien. Kirkolliset kieltoasiakirjat ulottuvat 1600-luvulle.<\/p>\t\t\t\t\t\t\t\t<\/div>\n\t\t\t\t\t<\/div>\n\t\t\t\t<\/div>\n\t\t<div class=\"elementor-element elementor-element-d47b156 e-flex e-con-boxed e-con e-child\" data-id=\"d47b156\" data-element_type=\"container\" data-e-type=\"container\">\n\t\t\t\t\t<div class=\"e-con-inner\">\n\t\t\t\t<div class=\"elementor-element elementor-element-ff38c2b elementor-widget elementor-widget-heading\" data-id=\"ff38c2b\" data-element_type=\"widget\" data-e-type=\"widget\" data-widget_type=\"heading.default\">\n\t\t\t\t\t<h3 class=\"elementor-heading-title elementor-size-default\">Levinneisyysalue<\/h3>\t\t\t\t<\/div>\n\t\t\t\t<div class=\"elementor-element elementor-element-4e49fcc elementor-widget elementor-widget-text-editor\" data-id=\"4e49fcc\" data-element_type=\"widget\" data-e-type=\"widget\" data-widget_type=\"text-editor.default\">\n\t\t\t\t\t\t\t\t\t<p>Salzburg, Tirol, K\u00e4rnten, Steiermark, Bayern ja Etel\u00e4-Tiroli: Krampus tunnetaan koko It\u00e4-Alppien alueella ja sen bayerilaisilla naapurialueilla.<\/p>\t\t\t\t\t\t\t\t<\/div>\n\t\t\t\t\t<\/div>\n\t\t\t\t<\/div>\n\t\t\t\t<\/div>\n\t\t<div class=\"elementor-element elementor-element-db03c39 e-con-full e-flex e-con e-child\" data-id=\"db03c39\" data-element_type=\"container\" data-e-type=\"container\">\n\t\t<div class=\"elementor-element elementor-element-229a87b e-flex e-con-boxed e-con e-child\" data-id=\"229a87b\" data-element_type=\"container\" data-e-type=\"container\">\n\t\t\t\t\t<div class=\"e-con-inner\">\n\t\t\t\t<div class=\"elementor-element elementor-element-1f471fc elementor-widget elementor-widget-heading\" data-id=\"1f471fc\" data-element_type=\"widget\" data-e-type=\"widget\" data-widget_type=\"heading.default\">\n\t\t\t\t\t<h3 class=\"elementor-heading-title elementor-size-default\">L\u00e4hdetilanne<\/h3>\t\t\t\t<\/div>\n\t\t\t\t<div class=\"elementor-element elementor-element-36b1201 elementor-widget elementor-widget-text-editor\" data-id=\"36b1201\" data-element_type=\"widget\" data-e-type=\"widget\" data-widget_type=\"text-editor.default\">\n\t\t\t\t\t\t\t\t\t<p>Hyvin dokumentoitu kirkollisten kieltokirjeiden kautta 1600-luvulta l\u00e4htien, Krampus-korttien avulla noin vuodesta 1850 sek\u00e4 kansatieteellisten kuvausten avulla Krampus- ja Perchten-kulkueista.<\/p>\t\t\t\t\t\t\t\t<\/div>\n\t\t\t\t\t<\/div>\n\t\t\t\t<\/div>\n\t\t\t\t<\/div>\n\t\t\t\t\t<\/div>\n\t\t\t\t<\/div>\n\t\t<div class=\"elementor-element elementor-element-3ae0637c e-flex e-con-boxed e-con e-parent\" data-id=\"3ae0637c\" data-element_type=\"container\" data-e-type=\"container\">\n\t\t\t\t\t<div class=\"e-con-inner\">\n\t\t\t\t<div class=\"elementor-element elementor-element-31d07739 elementor-widget elementor-widget-heading\" data-id=\"31d07739\" data-element_type=\"widget\" data-e-type=\"widget\" data-widget_type=\"heading.default\">\n\t\t\t\t\t<h2 class=\"elementor-heading-title elementor-size-default\">Nimi ja muodot<\/h2>\t\t\t\t<\/div>\n\t\t<div class=\"elementor-element elementor-element-b7642947 e-con-full e-flex e-con e-child\" data-id=\"b7642947\" data-element_type=\"container\" data-e-type=\"container\">\n\t\t\t\t<div class=\"elementor-element elementor-element-a086266 elementor-widget elementor-widget-text-editor\" data-id=\"a086266\" data-element_type=\"widget\" data-e-type=\"widget\" data-widget_type=\"text-editor.default\">\n\t\t\t\t\t\t\t\t\t<p><strong>Baijerilais-it\u00e4valtalainen:<\/strong> Nimen katsotaan yleens\u00e4 juontuvan sanasta Krampen, joka tarkoittaa kuivunutta tai kynsim\u00e4ist\u00e4, ja on sukua keskialasaksan sanalle krampe, koukku. Tarkkaa alkuper\u00e4\u00e4 ei pidet\u00e4 t\u00e4ysin varmistettuna.<\/p>\t\t\t\t\t\t\t\t<\/div>\n\t\t\t\t<\/div>\n\t\t\t\t\t<\/div>\n\t\t\t\t<\/div>\n\t\t<div class=\"elementor-element elementor-element-709a44a8 e-flex e-con-boxed e-con e-parent\" data-id=\"709a44a8\" data-element_type=\"container\" data-e-type=\"container\">\n\t\t\t\t\t<div class=\"e-con-inner\">\n\t\t\t\t<div class=\"elementor-element elementor-element-2f585873 elementor-widget elementor-widget-heading\" data-id=\"2f585873\" data-element_type=\"widget\" data-e-type=\"widget\" data-widget_type=\"heading.default\">\n\t\t\t\t\t<h2 class=\"elementor-heading-title elementor-size-default\">Ulkon\u00e4k\u00f6 ja symboliikka<\/h2>\t\t\t\t<\/div>\n\t\t<div class=\"elementor-element elementor-element-70621c12 e-con-full e-flex e-con e-child\" data-id=\"70621c12\" data-element_type=\"container\" data-e-type=\"container\">\n\t\t\t\t<div class=\"elementor-element elementor-element-4296eb49 elementor-widget elementor-widget-text-editor\" data-id=\"4296eb49\" data-element_type=\"widget\" data-e-type=\"widget\" data-widget_type=\"text-editor.default\">\n\t\t\t\t\t\t\t\t\t<p><strong>Ulkon\u00e4k\u00f6<\/strong><\/p><p>Sarvip\u00e4inen, pitk\u00e4kielinen ja turkin peitt\u00e4m\u00e4; naamio veistet\u00e4\u00e4n perinteisesti pihtakuusen tai lehmuksen puusta, ja kullakin ryhm\u00e4ll\u00e4 on omat naamiotyylins\u00e4. Tunnusomaisia ovat kaliseva kahle, koivunvitsa ja sel\u00e4ss\u00e4 kannettava kori.<\/p><p><strong>Vaikutus<\/strong><\/p><p>Melun, turkin ja kahleen yhdistelm\u00e4 tekee h\u00e4nest\u00e4 samalla kesytetyn ja kesytt\u00e4v\u00e4n olennon: talvidemonin Nikolauksen palveluksessa, joka s\u00e4ilytt\u00e4\u00e4 n\u00e4kyv\u00e4sti alkuper\u00e4isen pelottavuutensa. Joissakin paikoissa kelloraksi lis\u00e4\u00e4 entisest\u00e4\u00e4n h\u00e4nen esiintymisens\u00e4 melua.<\/p>\t\t\t\t\t\t\t\t<\/div>\n\t\t\t\t<\/div>\n\t\t\t\t\t<\/div>\n\t\t\t\t<\/div>\n\t\t<div class=\"elementor-element elementor-element-44e71476 e-flex e-con-boxed e-con e-parent\" data-id=\"44e71476\" data-element_type=\"container\" data-e-type=\"container\">\n\t\t\t\t\t<div class=\"e-con-inner\">\n\t\t\t\t<div class=\"elementor-element elementor-element-3c1fc3f0 elementor-widget elementor-widget-heading\" data-id=\"3c1fc3f0\" data-element_type=\"widget\" data-e-type=\"widget\" data-widget_type=\"heading.default\">\n\t\t\t\t\t<h2 class=\"elementor-heading-title elementor-size-default\">Tietokortti: Krampus<\/h2>\t\t\t\t<\/div>\n\t\t<div class=\"elementor-element elementor-element-84f33b8e e-con-full e-flex e-con e-child\" data-id=\"84f33b8e\" data-element_type=\"container\" data-e-type=\"container\">\n\t\t\t\t<div class=\"elementor-element elementor-element-hqkdc67p elementor-widget elementor-widget-text-editor\" data-id=\"hqkdc67p\" data-element_type=\"widget\" data-e-type=\"widget\" data-widget_type=\"text-editor.default\">\n\t\t\t\t\t\t\t\t\t<p>Vitsahahmon t\u00e4rkeimm\u00e4t piirteet lyhyesti.<\/p>\t\t\t\t\t\t\t\t<\/div>\n\t\t\t\t<\/div>\n\t\t<div class=\"elementor-element elementor-element-pemmx7c5 e-con-full e-flex e-con e-child\" data-id=\"pemmx7c5\" data-element_type=\"container\" data-e-type=\"container\">\n\t\t<div class=\"elementor-element elementor-element-pemmx7c1 e-con-full e-flex e-con e-child\" data-id=\"pemmx7c1\" data-element_type=\"container\" data-e-type=\"container\">\n\t\t<div class=\"elementor-element elementor-element-qh9oavvu iwg-steckbrief-card e-flex e-con-boxed e-con e-child\" data-id=\"qh9oavvu\" data-element_type=\"container\" data-e-type=\"container\">\n\t\t\t\t\t<div class=\"e-con-inner\">\n\t\t\t\t<div class=\"elementor-element elementor-element-awzx8k2k elementor-widget elementor-widget-heading\" data-id=\"awzx8k2k\" data-element_type=\"widget\" data-e-type=\"widget\" data-widget_type=\"heading.default\">\n\t\t\t\t\t<div class=\"elementor-heading-title elementor-size-default\">Perinne<\/div>\t\t\t\t<\/div>\n\t\t\t\t<div class=\"elementor-element elementor-element-x6rowhv0 elementor-widget elementor-widget-text-editor\" data-id=\"x6rowhv0\" data-element_type=\"widget\" data-e-type=\"widget\" data-widget_type=\"text-editor.default\">\n\t\t\t\t\t\t\t\t\t<p>Nikolauksen talvinen seuralaishahmo It\u00e4-Alppien alueella, vakiintunut vastareformaation ajoista l\u00e4htien kiinte\u00e4ksi palkinnon ja rangaistuksen vastinpariksi.<\/p>\t\t\t\t\t\t\t\t<\/div>\n\t\t\t\t\t<\/div>\n\t\t\t\t<\/div>\n\t\t<div class=\"elementor-element elementor-element-8e3o4kxs iwg-steckbrief-card e-flex e-con-boxed e-con e-child\" data-id=\"8e3o4kxs\" data-element_type=\"container\" data-e-type=\"container\">\n\t\t\t\t\t<div class=\"e-con-inner\">\n\t\t\t\t<div class=\"elementor-element elementor-element-08rkdgov elementor-widget elementor-widget-heading\" data-id=\"08rkdgov\" data-element_type=\"widget\" data-e-type=\"widget\" data-widget_type=\"heading.default\">\n\t\t\t\t\t<div class=\"elementor-heading-title elementor-size-default\">Kohdistuu<\/div>\t\t\t\t<\/div>\n\t\t\t\t<div class=\"elementor-element elementor-element-uwjelx8s elementor-widget elementor-widget-text-editor\" data-id=\"uwjelx8s\" data-element_type=\"widget\" data-e-type=\"widget\" data-widget_type=\"text-editor.default\">\n\t\t\t\t\t\t\t\t\t<p>Tuhmat lapset ovat uhkauksen varsinainen kohderyhm\u00e4, mutta kulkueessa my\u00f6s koko Krampus-kulkueiden kokoontunut yleis\u00f6.<\/p>\t\t\t\t\t\t\t\t<\/div>\n\t\t\t\t\t<\/div>\n\t\t\t\t<\/div>\n\t\t<div class=\"elementor-element elementor-element-jm2n74ec iwg-steckbrief-card e-flex e-con-boxed e-con e-child\" data-id=\"jm2n74ec\" data-element_type=\"container\" data-e-type=\"container\">\n\t\t\t\t\t<div class=\"e-con-inner\">\n\t\t\t\t<div class=\"elementor-element elementor-element-8vufse4c elementor-widget elementor-widget-heading\" data-id=\"8vufse4c\" data-element_type=\"widget\" data-e-type=\"widget\" data-widget_type=\"heading.default\">\n\t\t\t\t\t<div class=\"elementor-heading-title elementor-size-default\">Esitt\u00e4minen<\/div>\t\t\t\t<\/div>\n\t\t\t\t<div class=\"elementor-element elementor-element-mwb9u015 elementor-widget elementor-widget-text-editor\" data-id=\"mwb9u015\" data-element_type=\"widget\" data-e-type=\"widget\" data-widget_type=\"text-editor.default\">\n\t\t\t\t\t\t\t\t\t<p>Veistetty puunaamio, turkki, kahle, koivunvitsoista tehty vitsa ja sel\u00e4ss\u00e4 kannettava kori; sarvien muoto ja kielen pituus vaihtelevat ryhm\u00e4st\u00e4 toiseen.<\/p>\t\t\t\t\t\t\t\t<\/div>\n\t\t\t\t\t<\/div>\n\t\t\t\t<\/div>\n\t\t\t\t<\/div>\n\t\t<div class=\"elementor-element elementor-element-pemmx7c2 e-con-full e-flex e-con e-child\" data-id=\"pemmx7c2\" data-element_type=\"container\" data-e-type=\"container\">\n\t\t<div class=\"elementor-element elementor-element-37ss2yr6 iwg-steckbrief-card e-flex e-con-boxed e-con e-child\" data-id=\"37ss2yr6\" data-element_type=\"container\" data-e-type=\"container\">\n\t\t\t\t\t<div class=\"e-con-inner\">\n\t\t\t\t<div class=\"elementor-element elementor-element-3v0wp3wx elementor-widget elementor-widget-heading\" data-id=\"3v0wp3wx\" data-element_type=\"widget\" data-e-type=\"widget\" data-widget_type=\"heading.default\">\n\t\t\t\t\t<div class=\"elementor-heading-title elementor-size-default\">Teht\u00e4v\u00e4<\/div>\t\t\t\t<\/div>\n\t\t\t\t<div class=\"elementor-element elementor-element-w3247g2m elementor-widget elementor-widget-text-editor\" data-id=\"w3247g2m\" data-element_type=\"widget\" data-e-type=\"widget\" data-widget_type=\"text-editor.default\">\n\t\t\t\t\t\t\t\t\t<p>Rankaiseva vastahahmo palkitsevalle Pyh\u00e4lle Nikolaukselle, jolla on vanhempi rooli kiertelev\u00e4n\u00e4 ja Rauhn\u00e4chtein\u00e4 pel\u00e4ttyn\u00e4 talvihenken\u00e4.<\/p>\t\t\t\t\t\t\t\t<\/div>\n\t\t\t\t\t<\/div>\n\t\t\t\t<\/div>\n\t\t<div class=\"elementor-element elementor-element-0qpjal9w iwg-steckbrief-card e-flex e-con-boxed e-con e-child\" data-id=\"0qpjal9w\" data-element_type=\"container\" data-e-type=\"container\">\n\t\t\t\t\t<div class=\"e-con-inner\">\n\t\t\t\t<div class=\"elementor-element elementor-element-6ndoih0o elementor-widget elementor-widget-heading\" data-id=\"6ndoih0o\" data-element_type=\"widget\" data-e-type=\"widget\" data-widget_type=\"heading.default\">\n\t\t\t\t\t<div class=\"elementor-heading-title elementor-size-default\">Torjuntamuodot<\/div>\t\t\t\t<\/div>\n\t\t\t\t<div class=\"elementor-element elementor-element-6684tyh9 elementor-widget elementor-widget-text-editor\" data-id=\"6684tyh9\" data-element_type=\"widget\" data-e-type=\"widget\" data-widget_type=\"text-editor.default\">\n\t\t\t\t\t\t\t\t\t<p>Suitsutus suitsukkeella, kellojen ja kahleiden melu, kirkollinen Blochsegen-siunaus ja pyh\u00e4 vesi Nikolauksen p\u00e4iv\u00e4n tienoilla.<\/p>\t\t\t\t\t\t\t\t<\/div>\n\t\t\t\t\t<\/div>\n\t\t\t\t<\/div>\n\t\t<div class=\"elementor-element elementor-element-3lfi7x32 iwg-steckbrief-card e-flex e-con-boxed e-con e-child\" data-id=\"3lfi7x32\" data-element_type=\"container\" data-e-type=\"container\">\n\t\t\t\t\t<div class=\"e-con-inner\">\n\t\t\t\t<div class=\"elementor-element elementor-element-0kg99ga1 elementor-widget elementor-widget-heading\" data-id=\"0kg99ga1\" data-element_type=\"widget\" data-e-type=\"widget\" data-widget_type=\"heading.default\">\n\t\t\t\t\t<div class=\"elementor-heading-title elementor-size-default\">Vertailukohtia<\/div>\t\t\t\t<\/div>\n\t\t\t\t<div class=\"elementor-element elementor-element-n0fum6kp elementor-widget elementor-widget-text-editor\" data-id=\"n0fum6kp\" data-element_type=\"widget\" data-e-type=\"widget\" data-widget_type=\"text-editor.default\">\n\t\t\t\t\t\t\t\t\t<p>Japanilainen <a href=\"https:\/\/iwell-guard.com\/fi\/oni\/\">Oni<\/a> et\u00e4isen\u00e4 vertailuesimerkkin\u00e4 rituaalisesta demonien karkottamisesta, lis\u00e4ksi alueelliset sukulaishahmot kuten Klaubauf ja Buttnmandl.<\/p>\t\t\t\t\t\t\t\t<\/div>\n\t\t\t\t\t<\/div>\n\t\t\t\t<\/div>\n\t\t\t\t<\/div>\n\t\t\t\t<\/div>\n\t\t\t\t\t<\/div>\n\t\t\t\t<\/div>\n\t\t<div class=\"elementor-element elementor-element-15d411e e-flex e-con-boxed e-con e-parent\" data-id=\"15d411e\" data-element_type=\"container\" data-e-type=\"container\">\n\t\t\t\t\t<div class=\"e-con-inner\">\n\t\t\t\t<div class=\"elementor-element elementor-element- elementor-widget elementor-widget-heading\" data-id=\"\" data-element_type=\"widget\" data-e-type=\"widget\" data-widget_type=\"heading.default\">\n\t\t\t\t\t<h2 class=\"elementor-heading-title elementor-size-default\">Tulkinta: kauhua tarkoituksella<\/h2>\t\t\t\t<\/div>\n\t\t<div class=\"elementor-element elementor-element- e-con-full e-flex e-con e-child\" data-id=\"\" data-element_type=\"container\" data-e-type=\"container\">\n\t\t\t\t<div class=\"elementor-element elementor-element- elementor-widget elementor-widget-text-editor\" data-id=\"\" data-element_type=\"widget\" data-e-type=\"widget\" data-widget_type=\"text-editor.default\">\n\t\t\t\t\t\t\t\t\t<p>Uskontotiede tulkitsee Krampuksen hallituksi pelottavaksi hahmoksi. Perinne esitt\u00e4\u00e4 pelon hallitusti, sitoo sen s\u00e4\u00e4nt\u00f6ihin ja purkaa sen lopulta. Lapsi kokee uhkan, mutta my\u00f6s sen, ett\u00e4 se menee ohi ja ett\u00e4 pyhimyksell\u00e4 on viimeinen sana.<\/p><p>T\u00e4h\u00e4n liittyy apotropaattinen tulkinta eli melun ja naamion tulkitseminen pahaa vastaan k\u00e4ytett\u00e4v\u00e4n\u00e4 keinona. Kellojen kilin\u00e4n, huudon ja pelottavien kasvojen ajatellaan siten pit\u00e4v\u00e4n talvenajan pimeyden loitolla. T\u00e4m\u00e4 tulkinta on yleinen, mutta j\u00e4\u00e4 perinteen historiallisena selityksen\u00e4 yh\u00e4 hypoteesiksi.<\/p><p>Huomionarvoista on hahmon kaksoisrooli: Krampus ruumiillistaa uhkaavan ja samalla manaa sen pois. Naamion kantaja tekee pelosta hallittavan. Juuri t\u00e4m\u00e4 logiikka yhdist\u00e4\u00e4 alppilaisen perinteen moniin kulttuureihin, jotka antavat pahalle kasvot voidakseen hallita sit\u00e4.<\/p>\t\t\t\t\t\t\t\t<\/div>\n\t\t\t\t<\/div>\n\t\t\t\t\t<\/div>\n\t\t\t\t<\/div>\n\t\t<div class=\"elementor-element elementor-element-48c3e6f e-flex e-con-boxed e-con e-parent\" data-id=\"48c3e6f\" data-element_type=\"container\" data-e-type=\"container\">\n\t\t\t\t\t<div class=\"e-con-inner\">\n\t\t\t\t<div class=\"elementor-element elementor-element- elementor-widget elementor-widget-heading\" data-id=\"\" data-element_type=\"widget\" data-e-type=\"widget\" data-widget_type=\"heading.default\">\n\t\t\t\t\t<h2 class=\"elementor-heading-title elementor-size-default\">Tulkinta: kauhua tarkoituksella<\/h2>\t\t\t\t<\/div>\n\t\t<div class=\"elementor-element elementor-element- e-con-full e-flex e-con e-child\" data-id=\"\" data-element_type=\"container\" data-e-type=\"container\">\n\t\t\t\t<div class=\"elementor-element elementor-element- elementor-widget elementor-widget-text-editor\" data-id=\"\" data-element_type=\"widget\" data-e-type=\"widget\" data-widget_type=\"text-editor.default\">\n\t\t\t\t\t\t\t\t\t<p>Uskontotiede tulkitsee Krampuksen hallituksi pelottavaksi hahmoksi. Perinne esitt\u00e4\u00e4 pelon hallitusti, sitoo sen s\u00e4\u00e4nt\u00f6ihin ja purkaa sen lopulta. Lapsi kokee uhkan, mutta my\u00f6s sen, ett\u00e4 se menee ohi ja ett\u00e4 pyhimyksell\u00e4 on viimeinen sana.<\/p><p>T\u00e4h\u00e4n liittyy apotropaattinen tulkinta eli melun ja naamion tulkitseminen pahaa vastaan k\u00e4ytett\u00e4v\u00e4n\u00e4 keinona. Kellojen kilin\u00e4n, huudon ja pelottavien kasvojen ajatellaan siten pit\u00e4v\u00e4n talvenajan pimeyden loitolla. T\u00e4m\u00e4 tulkinta on yleinen, mutta j\u00e4\u00e4 perinteen historiallisena selityksen\u00e4 yh\u00e4 hypoteesiksi.<\/p><p>Huomionarvoista on hahmon kaksoisrooli: Krampus ruumiillistaa uhkaavan ja samalla manaa sen pois. Naamion kantaja tekee pelosta hallittavan. Juuri t\u00e4m\u00e4 logiikka yhdist\u00e4\u00e4 alppilaisen perinteen moniin kulttuureihin, jotka antavat pahalle kasvot voidakseen hallita sit\u00e4.<\/p>\t\t\t\t\t\t\t\t<\/div>\n\t\t\t\t<\/div>\n\t\t\t\t\t<\/div>\n\t\t\t\t<\/div>\n\t\t<div class=\"elementor-element elementor-element-44e12e3 e-flex e-con-boxed e-con e-parent\" data-id=\"44e12e3\" data-element_type=\"container\" data-e-type=\"container\">\n\t\t\t\t\t<div class=\"e-con-inner\">\n\t\t\t\t<div class=\"elementor-element elementor-element- elementor-widget elementor-widget-heading\" data-id=\"\" data-element_type=\"widget\" data-e-type=\"widget\" data-widget_type=\"heading.default\">\n\t\t\t\t\t<h2 class=\"elementor-heading-title elementor-size-default\">Tulkinta: kauhua tarkoituksella<\/h2>\t\t\t\t<\/div>\n\t\t<div class=\"elementor-element elementor-element- e-con-full e-flex e-con e-child\" data-id=\"\" data-element_type=\"container\" data-e-type=\"container\">\n\t\t\t\t<div class=\"elementor-element elementor-element- elementor-widget elementor-widget-text-editor\" data-id=\"\" data-element_type=\"widget\" data-e-type=\"widget\" data-widget_type=\"text-editor.default\">\n\t\t\t\t\t\t\t\t\t<p>Uskontotiede tulkitsee Krampuksen hallituksi pelottavaksi hahmoksi. Perinne esitt\u00e4\u00e4 pelon hallitusti, sitoo sen s\u00e4\u00e4nt\u00f6ihin ja purkaa sen lopulta. Lapsi kokee uhkan, mutta my\u00f6s sen, ett\u00e4 se menee ohi ja ett\u00e4 pyhimyksell\u00e4 on viimeinen sana.<\/p><p>T\u00e4h\u00e4n liittyy apotropaattinen tulkinta eli melun ja naamion tulkitseminen pahaa vastaan k\u00e4ytett\u00e4v\u00e4n\u00e4 keinona. Kellojen kilin\u00e4n, huudon ja pelottavien kasvojen ajatellaan siten pit\u00e4v\u00e4n talvenajan pimeyden loitolla. T\u00e4m\u00e4 tulkinta on yleinen, mutta j\u00e4\u00e4 perinteen historiallisena selityksen\u00e4 yh\u00e4 hypoteesiksi.<\/p><p>Huomionarvoista on hahmon kaksoisrooli: Krampus ruumiillistaa uhkaavan ja samalla manaa sen pois. Naamion kantaja tekee pelosta hallittavan. Juuri t\u00e4m\u00e4 logiikka yhdist\u00e4\u00e4 alppilaisen perinteen moniin kulttuureihin, jotka antavat pahalle kasvot voidakseen hallita sit\u00e4.<\/p>\t\t\t\t\t\t\t\t<\/div>\n\t\t\t\t<\/div>\n\t\t\t\t\t<\/div>\n\t\t\t\t<\/div>\n\t\t<div class=\"elementor-element elementor-element-963f3bd e-flex e-con-boxed e-con e-parent\" data-id=\"963f3bd\" data-element_type=\"container\" data-e-type=\"container\">\n\t\t\t\t\t<div class=\"e-con-inner\">\n\t\t\t\t<div class=\"elementor-element elementor-element- elementor-widget elementor-widget-heading\" data-id=\"\" data-element_type=\"widget\" data-e-type=\"widget\" data-widget_type=\"heading.default\">\n\t\t\t\t\t<h2 class=\"elementor-heading-title elementor-size-default\">Tulkinta: kauhua tarkoituksella<\/h2>\t\t\t\t<\/div>\n\t\t<div class=\"elementor-element elementor-element- e-con-full e-flex e-con e-child\" data-id=\"\" data-element_type=\"container\" data-e-type=\"container\">\n\t\t\t\t<div class=\"elementor-element elementor-element- elementor-widget elementor-widget-text-editor\" data-id=\"\" data-element_type=\"widget\" data-e-type=\"widget\" data-widget_type=\"text-editor.default\">\n\t\t\t\t\t\t\t\t\t<p>Uskontotiede tulkitsee Krampuksen hallituksi pelottavaksi hahmoksi. Perinne esitt\u00e4\u00e4 pelon hallitusti, sitoo sen s\u00e4\u00e4nt\u00f6ihin ja purkaa sen lopulta. Lapsi kokee uhkan, mutta my\u00f6s sen, ett\u00e4 se menee ohi ja ett\u00e4 pyhimyksell\u00e4 on viimeinen sana.<\/p><p>T\u00e4h\u00e4n liittyy apotropaattinen tulkinta eli melun ja naamion tulkitseminen pahaa vastaan k\u00e4ytett\u00e4v\u00e4n\u00e4 keinona. Kellojen kilin\u00e4n, huudon ja pelottavien kasvojen ajatellaan siten pit\u00e4v\u00e4n talvenajan pimeyden loitolla. T\u00e4m\u00e4 tulkinta on yleinen, mutta j\u00e4\u00e4 perinteen historiallisena selityksen\u00e4 yh\u00e4 hypoteesiksi.<\/p><p>Huomionarvoista on hahmon kaksoisrooli: Krampus ruumiillistaa uhkaavan ja samalla manaa sen pois. Naamion kantaja tekee pelosta hallittavan. Juuri t\u00e4m\u00e4 logiikka yhdist\u00e4\u00e4 alppilaisen perinteen moniin kulttuureihin, jotka antavat pahalle kasvot voidakseen hallita sit\u00e4.<\/p>\t\t\t\t\t\t\t\t<\/div>\n\t\t\t\t<\/div>\n\t\t\t\t\t<\/div>\n\t\t\t\t<\/div>\n\t\t<div class=\"elementor-element elementor-element-28db130 e-flex e-con-boxed e-con e-parent\" data-id=\"28db130\" data-element_type=\"container\" data-e-type=\"container\">\n\t\t\t\t\t<div class=\"e-con-inner\">\n\t\t\t\t<div class=\"elementor-element elementor-element- elementor-widget elementor-widget-heading\" data-id=\"\" data-element_type=\"widget\" data-e-type=\"widget\" data-widget_type=\"heading.default\">\n\t\t\t\t\t<h2 class=\"elementor-heading-title elementor-size-default\">Tulkinta: kauhua tarkoituksella<\/h2>\t\t\t\t<\/div>\n\t\t<div class=\"elementor-element elementor-element- e-con-full e-flex e-con e-child\" data-id=\"\" data-element_type=\"container\" data-e-type=\"container\">\n\t\t\t\t<div class=\"elementor-element elementor-element- elementor-widget elementor-widget-text-editor\" data-id=\"\" data-element_type=\"widget\" data-e-type=\"widget\" data-widget_type=\"text-editor.default\">\n\t\t\t\t\t\t\t\t\t<p>Uskontotiede tulkitsee Krampuksen hallituksi pelottavaksi hahmoksi. Perinne esitt\u00e4\u00e4 pelon hallitusti, sitoo sen s\u00e4\u00e4nt\u00f6ihin ja purkaa sen lopulta. Lapsi kokee uhkan, mutta my\u00f6s sen, ett\u00e4 se menee ohi ja ett\u00e4 pyhimyksell\u00e4 on viimeinen sana.<\/p><p>T\u00e4h\u00e4n liittyy apotropaattinen tulkinta eli melun ja naamion tulkitseminen pahaa vastaan k\u00e4ytett\u00e4v\u00e4n\u00e4 keinona. Kellojen kilin\u00e4n, huudon ja pelottavien kasvojen ajatellaan siten pit\u00e4v\u00e4n talvenajan pimeyden loitolla. T\u00e4m\u00e4 tulkinta on yleinen, mutta j\u00e4\u00e4 perinteen historiallisena selityksen\u00e4 yh\u00e4 hypoteesiksi.<\/p><p>Huomionarvoista on hahmon kaksoisrooli: Krampus ruumiillistaa uhkaavan ja samalla manaa sen pois. Naamion kantaja tekee pelosta hallittavan. Juuri t\u00e4m\u00e4 logiikka yhdist\u00e4\u00e4 alppilaisen perinteen moniin kulttuureihin, jotka antavat pahalle kasvot voidakseen hallita sit\u00e4.<\/p>\t\t\t\t\t\t\t\t<\/div>\n\t\t\t\t<\/div>\n\t\t\t\t\t<\/div>\n\t\t\t\t<\/div>\n\t\t<div class=\"elementor-element elementor-element-a49137d e-flex e-con-boxed e-con e-parent\" data-id=\"a49137d\" data-element_type=\"container\" data-e-type=\"container\">\n\t\t\t\t\t<div class=\"e-con-inner\">\n\t\t\t\t<div class=\"elementor-element elementor-element- elementor-widget elementor-widget-heading\" data-id=\"\" data-element_type=\"widget\" data-e-type=\"widget\" data-widget_type=\"heading.default\">\n\t\t\t\t\t<h2 class=\"elementor-heading-title elementor-size-default\">Tulkinta: kauhua tarkoituksella<\/h2>\t\t\t\t<\/div>\n\t\t<div class=\"elementor-element elementor-element- e-con-full e-flex e-con e-child\" data-id=\"\" data-element_type=\"container\" data-e-type=\"container\">\n\t\t\t\t<div class=\"elementor-element elementor-element- elementor-widget elementor-widget-text-editor\" data-id=\"\" data-element_type=\"widget\" data-e-type=\"widget\" data-widget_type=\"text-editor.default\">\n\t\t\t\t\t\t\t\t\t<p>Uskontotiede tulkitsee Krampuksen hallituksi pelottavaksi hahmoksi. Perinne esitt\u00e4\u00e4 pelon hallitusti, sitoo sen s\u00e4\u00e4nt\u00f6ihin ja purkaa sen lopulta. Lapsi kokee uhkan, mutta my\u00f6s sen, ett\u00e4 se menee ohi ja ett\u00e4 pyhimyksell\u00e4 on viimeinen sana.<\/p><p>T\u00e4h\u00e4n liittyy apotropaattinen tulkinta eli melun ja naamion tulkitseminen pahaa vastaan k\u00e4ytett\u00e4v\u00e4n\u00e4 keinona. Kellojen kilin\u00e4n, huudon ja pelottavien kasvojen ajatellaan siten pit\u00e4v\u00e4n talvenajan pimeyden loitolla. T\u00e4m\u00e4 tulkinta on yleinen, mutta j\u00e4\u00e4 perinteen historiallisena selityksen\u00e4 yh\u00e4 hypoteesiksi.<\/p><p>Huomionarvoista on hahmon kaksoisrooli: Krampus ruumiillistaa uhkaavan ja samalla manaa sen pois. Naamion kantaja tekee pelosta hallittavan. Juuri t\u00e4m\u00e4 logiikka yhdist\u00e4\u00e4 alppilaisen perinteen moniin kulttuureihin, jotka antavat pahalle kasvot voidakseen hallita sit\u00e4.<\/p>\t\t\t\t\t\t\t\t<\/div>\n\t\t\t\t<\/div>\n\t\t\t\t\t<\/div>\n\t\t\t\t<\/div>\n\t\t<div class=\"elementor-element elementor-element-7533bc7a e-flex e-con-boxed e-con e-parent\" data-id=\"7533bc7a\" data-element_type=\"container\" data-e-type=\"container\">\n\t\t\t\t\t<div class=\"e-con-inner\">\n\t\t\t\t<div class=\"elementor-element elementor-element-2447d18d elementor-widget elementor-widget-heading\" data-id=\"2447d18d\" data-element_type=\"widget\" data-e-type=\"widget\" data-widget_type=\"heading.default\">\n\t\t\t\t\t<h2 class=\"elementor-heading-title elementor-size-default\">Perchten-jahdista Krampus-korttiin<\/h2>\t\t\t\t<\/div>\n\t\t<div class=\"elementor-element elementor-element-d5d0260c e-con-full e-flex e-con e-child\" data-id=\"d5d0260c\" data-element_type=\"container\" data-e-type=\"container\">\n\t\t\t\t<div class=\"elementor-element elementor-element-341be2ac elementor-widget elementor-widget-text-editor\" data-id=\"341be2ac\" data-element_type=\"widget\" data-e-type=\"widget\" data-widget_type=\"text-editor.default\">\n\t\t\t\t\t\t\t\t\t<p>Vanhin tunnettu maininta t\u00e4llaisesta kulkueesta on vuodelta 1582 Die\u00dfen am Ammerseest\u00e4, jossa Perchten-jahdin osallistujille maksettiin palkkiota pahojen talvihenkien karkottamisesta. Nikolauksen ja Krampuksen yhdist\u00e4minen palkinnon ja rangaistuksen vastinpariksi vahvistui vastauskonnonpuhdistuksen aikana, kun katolinen kirkko halusi vahvistaa Nikolaus-kultia. 1600- ja 1700-luvuilla Perchten- ja Krampus-kulkueita kiellettiin toistuvasti Baijerissa, Salzburgissa ja Tirolissa poliisin ja uskonnon vastaisina h\u00e4irik\u00f6intein\u00e4, koska ne johtivat juopotteluun.<\/p><p>1800-luvun puoliv\u00e4list\u00e4 alkaen syntyiv\u00e4t niin kutsutut Krampus-kortit, joilla toivotettiin tuttaville leikillisesti Krampuksen selk\u00e4saunaa. Alueellisesti esiintyy sukulaishahmoja muilla nimill\u00e4, kuten Klaubauf tai Buttnmandl; 1900- ja 2000-luvuilla Krampus levisi Alppien alueen ulkopuolelle ja omaksuttiin my\u00f6s kansainv\u00e4lisesti.<\/p>\t\t\t\t\t\t\t\t<\/div>\n\t\t\t\t<\/div>\n\t\t\t\t\t<\/div>\n\t\t\t\t<\/div>\n\t\t<div class=\"elementor-element elementor-element-5a584676 e-flex e-con-boxed e-con e-parent\" data-id=\"5a584676\" data-element_type=\"container\" data-e-type=\"container\">\n\t\t\t\t\t<div class=\"e-con-inner\">\n\t\t\t\t<div class=\"elementor-element elementor-element-6d0757bf elementor-widget elementor-widget-heading\" data-id=\"6d0757bf\" data-element_type=\"widget\" data-e-type=\"widget\" data-widget_type=\"heading.default\">\n\t\t\t\t\t<h2 class=\"elementor-heading-title elementor-size-default\">Korttiaiheesta nykyaikaiseksi talvitavaksi<\/h2>\t\t\t\t<\/div>\n\t\t<div class=\"elementor-element elementor-element-60563f68 e-con-full e-flex e-con e-child\" data-id=\"60563f68\" data-element_type=\"container\" data-e-type=\"container\">\n\t\t\t\t<div class=\"elementor-element elementor-element-5a93fdd6 elementor-widget elementor-widget-text-editor\" data-id=\"5a93fdd6\" data-element_type=\"widget\" data-e-type=\"widget\" data-widget_type=\"text-editor.default\">\n\t\t\t\t\t\t\t\t\t<p>1800-luvun lopun Krampus-kortit veiv\u00e4t hahmon aikaisin osaksi yksityist\u00e4 kirjeenvaihtoa. 2000-luvulla Krampus-kulkueet kasvoivat matkailullisesti merkitt\u00e4v\u00e4ksi talvitavaksi, joissa n\u00e4hd\u00e4\u00e4n n\u00e4ytt\u00e4vi\u00e4, jopa useita kiloja painavia asuja ja taidokkaasti veistettyj\u00e4 naamioita. Kansainv\u00e4lisesti hahmo tuli tunnetuksi muun muassa yhdysvaltalaisen elokuvan Krampus (2015) my\u00f6t\u00e4, joka esitt\u00e4\u00e4 sen vahvasti vieraannutettuna puhtaana kauhudemonina; It\u00e4vallassa itsess\u00e4\u00e4n Krampus pysyy sit\u00e4 vastoin ennen kaikkea paikallisena yhdistystapana.<\/p><p>Krampus ilment\u00e4\u00e4 vastinhahmon periaatetta: vain vastakohtana palkitsevalle Nikolaukselle uhkaava hahmo saa t\u00e4yden kasvattavan vaikutuksensa. Uskontotieteellisesti tapa voidaan lukea talvisena karkotusrituaalina, joka yhdisti vanhempia, esikristillisi\u00e4 k\u00e4sityksi\u00e4 vaeltavista talvihenkist\u00e4 Myran piispan legendaan. Uuden ajan alun kiellot osoittavat samalla, ett\u00e4 valta pelk\u00e4si kulkueen olevan tilaisuus riehakkuuteen ja rajojen ylitt\u00e4miseen, piirre, joka el\u00e4\u00e4 edelleen t\u00e4m\u00e4n p\u00e4iv\u00e4n pelon ja kansanjuhlan rinnakkaisuudessa.<\/p>\t\t\t\t\t\t\t\t<\/div>\n\t\t\t\t<\/div>\n\t\t\t\t\t<\/div>\n\t\t\t\t<\/div>\n\t\t<div class=\"elementor-element elementor-element-9f6cae2 e-flex e-con-boxed e-con e-parent\" data-id=\"9f6cae2\" data-element_type=\"container\" data-e-type=\"container\">\n\t\t\t\t\t<div class=\"e-con-inner\">\n\t\t\t\t<div class=\"elementor-element elementor-element- elementor-widget elementor-widget-heading\" data-id=\"\" data-element_type=\"widget\" data-e-type=\"widget\" data-widget_type=\"heading.default\">\n\t\t\t\t\t<h2 class=\"elementor-heading-title elementor-size-default\">Tulkinta: kauhua tarkoituksella<\/h2>\t\t\t\t<\/div>\n\t\t<div class=\"elementor-element elementor-element- e-con-full e-flex e-con e-child\" data-id=\"\" data-element_type=\"container\" data-e-type=\"container\">\n\t\t\t\t<div class=\"elementor-element elementor-element- elementor-widget elementor-widget-text-editor\" data-id=\"\" data-element_type=\"widget\" data-e-type=\"widget\" data-widget_type=\"text-editor.default\">\n\t\t\t\t\t\t\t\t\t<p>Uskontotiede tulkitsee Krampuksen hallituksi pelottavaksi hahmoksi. Perinne esitt\u00e4\u00e4 pelon hallitusti, sitoo sen s\u00e4\u00e4nt\u00f6ihin ja purkaa sen lopulta. Lapsi kokee uhkan, mutta my\u00f6s sen, ett\u00e4 se menee ohi ja ett\u00e4 pyhimyksell\u00e4 on viimeinen sana.<\/p><p>T\u00e4h\u00e4n liittyy apotropaattinen tulkinta eli melun ja naamion tulkitseminen pahaa vastaan k\u00e4ytett\u00e4v\u00e4n\u00e4 keinona. Kellojen kilin\u00e4n, huudon ja pelottavien kasvojen ajatellaan siten pit\u00e4v\u00e4n talvenajan pimeyden loitolla. T\u00e4m\u00e4 tulkinta on yleinen, mutta j\u00e4\u00e4 perinteen historiallisena selityksen\u00e4 yh\u00e4 hypoteesiksi.<\/p><p>Huomionarvoista on hahmon kaksoisrooli: Krampus ruumiillistaa uhkaavan ja samalla manaa sen pois. Naamion kantaja tekee pelosta hallittavan. Juuri t\u00e4m\u00e4 logiikka yhdist\u00e4\u00e4 alppilaisen perinteen moniin kulttuureihin, jotka antavat pahalle kasvot voidakseen hallita sit\u00e4.<\/p>\t\t\t\t\t\t\t\t<\/div>\n\t\t\t\t<\/div>\n\t\t\t\t\t<\/div>\n\t\t\t\t<\/div>\n\t\t<div class=\"elementor-element elementor-element-cp9a031aa e-flex e-con-boxed e-con e-parent\" data-id=\"cp9a031aa\" data-element_type=\"container\" data-e-type=\"container\">\n\t\t\t\t\t<div class=\"e-con-inner\">\n\t\t\t\t<div class=\"elementor-element elementor-element-cp9193514 elementor-widget elementor-widget-heading\" data-id=\"cp9193514\" data-element_type=\"widget\" data-e-type=\"widget\" data-widget_type=\"heading.default\">\n\t\t\t\t\t<h2 class=\"elementor-heading-title elementor-size-default\">Rauhn\u00e4chte-suojaus ja Blochsegen-siunaus<\/h2>\t\t\t\t<\/div>\n\t\t<div class=\"elementor-element elementor-element-cp02ca0ee e-con-full e-flex e-con e-child\" data-id=\"cp02ca0ee\" data-element_type=\"container\" data-e-type=\"container\">\n\t\t\t\t<div class=\"elementor-element elementor-element-cp444e0f1 elementor-widget elementor-widget-text-editor\" data-id=\"cp444e0f1\" data-element_type=\"widget\" data-e-type=\"widget\" data-widget_type=\"text-editor.default\">\n\t\t\t\t\t\t\t\t\t<p>Perinteen mukaan Krampusta pidet\u00e4\u00e4n pikemminkin kutsuttuna, joskin pel\u00e4ttyn\u00e4 osana Rauhn\u00e4chte-aikaa kuin vastustajana, jota torjutaan. Suojaus koski ensisijaisesti koko taloa: tupia ja navettoja savustettiin suitsukkeella kiertelevien talvihenkien loitolla pit\u00e4miseksi, ja kellot sek\u00e4 piiskan paukuttelu palvelivat yleist\u00e4 pahan karkottamista. Kirkollinen Blochsegen-siunaus ja pyh\u00e4ll\u00e4 vedell\u00e4 pirskottelu Nikolauksen p\u00e4iv\u00e4n tienoilla t\u00e4ydensiv\u00e4t t\u00e4t\u00e4 suojaa. Lapsille neuvottiin ennen kaikkea kunnollista k\u00e4yt\u00f6st\u00e4 vuoden mittaan, sill\u00e4 tarinan mukaan vitsa osui juuri siihen, joka oli k\u00e4ytt\u00e4ytynyt huonosti koko vuoden ajan.<\/p>\t\t\t\t\t\t\t\t<\/div>\n\t\t\t\t<\/div>\n\t\t\t\t\t<\/div>\n\t\t\t\t<\/div>\n\t\t<div class=\"elementor-element elementor-element-f4af3fd e-flex e-con-boxed e-con e-parent\" data-id=\"f4af3fd\" data-element_type=\"container\" data-e-type=\"container\">\n\t\t\t\t\t<div class=\"e-con-inner\">\n\t\t\t\t<div class=\"elementor-element elementor-element- elementor-widget elementor-widget-heading\" data-id=\"\" data-element_type=\"widget\" data-e-type=\"widget\" data-widget_type=\"heading.default\">\n\t\t\t\t\t<h2 class=\"elementor-heading-title elementor-size-default\">Tulkinta: kauhua tarkoituksella<\/h2>\t\t\t\t<\/div>\n\t\t<div class=\"elementor-element elementor-element- e-con-full e-flex e-con e-child\" data-id=\"\" data-element_type=\"container\" data-e-type=\"container\">\n\t\t\t\t<div class=\"elementor-element elementor-element- elementor-widget elementor-widget-text-editor\" data-id=\"\" data-element_type=\"widget\" data-e-type=\"widget\" data-widget_type=\"text-editor.default\">\n\t\t\t\t\t\t\t\t\t<p>Uskontotiede tulkitsee Krampuksen hallituksi pelottavaksi hahmoksi. Perinne esitt\u00e4\u00e4 pelon hallitusti, sitoo sen s\u00e4\u00e4nt\u00f6ihin ja purkaa sen lopulta. Lapsi kokee uhkan, mutta my\u00f6s sen, ett\u00e4 se menee ohi ja ett\u00e4 pyhimyksell\u00e4 on viimeinen sana.<\/p><p>T\u00e4h\u00e4n liittyy apotropaattinen tulkinta eli melun ja naamion tulkitseminen pahaa vastaan k\u00e4ytett\u00e4v\u00e4n\u00e4 keinona. Kellojen kilin\u00e4n, huudon ja pelottavien kasvojen ajatellaan siten pit\u00e4v\u00e4n talvenajan pimeyden loitolla. T\u00e4m\u00e4 tulkinta on yleinen, mutta j\u00e4\u00e4 perinteen historiallisena selityksen\u00e4 yh\u00e4 hypoteesiksi.<\/p><p>Huomionarvoista on hahmon kaksoisrooli: Krampus ruumiillistaa uhkaavan ja samalla manaa sen pois. Naamion kantaja tekee pelosta hallittavan. Juuri t\u00e4m\u00e4 logiikka yhdist\u00e4\u00e4 alppilaisen perinteen moniin kulttuureihin, jotka antavat pahalle kasvot voidakseen hallita sit\u00e4.<\/p>\t\t\t\t\t\t\t\t<\/div>\n\t\t\t\t<\/div>\n\t\t\t\t\t<\/div>\n\t\t\t\t<\/div>\n\t\t<div class=\"elementor-element elementor-element-cp11de5b2 e-flex e-con-boxed e-con e-parent\" data-id=\"cp11de5b2\" data-element_type=\"container\" data-e-type=\"container\">\n\t\t\t\t\t<div class=\"e-con-inner\">\n\t\t\t\t<div class=\"elementor-element elementor-element-cp8d35271 elementor-widget elementor-widget-heading\" data-id=\"cp8d35271\" data-element_type=\"widget\" data-e-type=\"widget\" data-widget_type=\"heading.default\">\n\t\t\t\t\t<h2 class=\"elementor-heading-title elementor-size-default\">Demoninkarkotus kulttuurivertailussa<\/h2>\t\t\t\t<\/div>\n\t\t<div class=\"elementor-element elementor-element-cp02f26b8 e-con-full e-flex e-con e-child\" data-id=\"cp02f26b8\" data-element_type=\"container\" data-e-type=\"container\">\n\t\t\t\t<div class=\"elementor-element elementor-element-cp58c4390 elementor-widget elementor-widget-text-editor\" data-id=\"cp58c4390\" data-element_type=\"widget\" data-e-type=\"widget\" data-widget_type=\"text-editor.default\">\n\t\t\t\t\t\t\t\t\t<p>Suoraa vastinetta Krampukselle Alppien alueen ulkopuolella ei ole todistettu, mutta samankaltainen perusmalli rituaalisesta demonien karkottamisesta on tunnistettavissa. Japanilaisessa Setsubun-juhlassa kev\u00e4thetsell\u00e4 heitell\u00e4\u00e4n paahdettuja soijapapuja karkottamaan sarvip\u00e4isi\u00e4 <a href=\"https:\/\/iwell-guard.com\/fi\/oni\/\">Onit<\/a>, jotka ovat samoin pelottavia hahmoja, joiden vuosittainen ilmestyminen on tarkoitus palauttaa j\u00e4rjestys. Toisin kuin Krampus, Oni esiintyy puhtaana vastustajana, ei hyv\u00e4ntahtoisen hahmon kesytettyn\u00e4 seuralaisena. Alppien alueen sis\u00e4ll\u00e4 sit\u00e4 l\u00e4hell\u00e4 ovat sukua olevat pelottavat luonnonhahmot <a href=\"https:\/\/iwell-guard.com\/fi\/wilder-mann\/\">Wilde Mann<\/a> ja <a href=\"https:\/\/iwell-guard.com\/fi\/rubezahl\/\">R\u00fcbezahl<\/a>.<\/p>\t\t\t\t\t\t\t\t<\/div>\n\t\t\t\t<\/div>\n\t\t\t\t\t<\/div>\n\t\t\t\t<\/div>\n\t\t<div class=\"elementor-element elementor-element-cp406577c e-flex e-con-boxed e-con e-parent\" data-id=\"cp406577c\" data-element_type=\"container\" data-e-type=\"container\">\n\t\t\t\t\t<div class=\"e-con-inner\">\n\t\t\t\t<div class=\"elementor-element elementor-element-cpdd9c543 elementor-widget elementor-widget-heading\" data-id=\"cpdd9c543\" data-element_type=\"widget\" data-e-type=\"widget\" data-widget_type=\"heading.default\">\n\t\t\t\t\t<h2 class=\"elementor-heading-title elementor-size-default\">Usein kysyttyj\u00e4 kysymyksi\u00e4 Krampuksesta<\/h2>\t\t\t\t<\/div>\n\t\t<div class=\"elementor-element elementor-element-cp9e731bb e-con-full e-flex e-con e-child\" data-id=\"cp9e731bb\" data-element_type=\"container\" data-e-type=\"container\">\n\t\t\t\t<div class=\"elementor-element elementor-element-cpa7c898c elementor-widget elementor-widget-text-editor\" data-id=\"cpa7c898c\" data-element_type=\"widget\" data-e-type=\"widget\" data-widget_type=\"text-editor.default\">\n\t\t\t\t\t\t\t\t\t<p><strong>Onko Krampus paholainen vai luonnonhenki?<\/strong><\/p><p>Molemmat tulkinnat esiintyv\u00e4t tutkimuksessa. Ketju, jonka kanssa h\u00e4n esiintyy, viittaa vanhempaan k\u00e4sitykseen kesytetyst\u00e4, alun perin villimm\u00e4st\u00e4 talvihengest\u00e4, kun taas sarvet ja kirkollinen luokittelu l\u00e4hensiv\u00e4t h\u00e4nt\u00e4 vastauskonpuhdistuksen ajoista l\u00e4htien vahvemmin paholaiseen. Perinteess\u00e4 h\u00e4n ei ole paholainen kirkollisessa mieless\u00e4: h\u00e4n toimii Nikolauksen k\u00e4skyl\u00e4isen\u00e4 ja on t\u00e4lle alisteinen.<\/p><p><strong>Miksi Krampus esiintyy yhdess\u00e4 Nikolauksen kanssa?<\/strong><\/p><p>Parivaljakko syntyi ennen kaikkea tarjotakseen lapsille selke\u00e4n vastakkainasettelun palkinnosta ja rangaistuksesta. Historiallisesti Krampus on kuitenkin todistettu vanhemmaksi kuin t\u00e4m\u00e4 vakiintunut yhdist\u00e4minen ja esiintyi alun perin my\u00f6s riippumatta Nikolaus-perinteist\u00e4.<\/p><p><strong>Ly\u00f6d\u00e4\u00e4nk\u00f6 Krampuslaufissa todella?<\/strong><\/p><p>Kyll\u00e4, vitsalla ly\u00f6minen kuuluu el\u00e4v\u00e4\u00e4n perinteeseen, ja monet katsojat hakeutuvat siihen tietoisesti. Juoksijat noudattavat tavallisesti kyseisen ryhm\u00e4n (Passe) k\u00e4ytt\u00e4ytymiss\u00e4\u00e4nt\u00f6j\u00e4, joten kyseess\u00e4 on molemminpuolinen, vaikkakin karkea rituaali.<\/p><p><strong>Mit\u00e4 Krampus tekee?<\/strong><\/p><p>Krampus seuraa Nikolausta 5. ja 6. joulukuuta. H\u00e4n uhkaa tuhmia lapsia vitsalla ja ketjulla, kun Nikolaus palkitsee kiltit lapset. Krampuslauf-kulkueissa naamioidut hahmot kulkevat kaduilla turkeissa ja veistetyiss\u00e4 puumaskeissa. Kotik\u00e4ynnill\u00e4 j\u00e4\u00e4d\u00e4\u00e4n uhkaukseen, kun taas kulkueessa vitsalla ly\u00f6minen kuuluu monin paikoin perinteeseen.<\/p><p><strong>Milloin Krampus saapuu?<\/strong><\/p><p>Krampusy\u00f6 on 5. joulukuuta, Nikolauksen p\u00e4iv\u00e4n aatto. Monin paikoin Krampus seuraa Nikolausta my\u00f6s 6. joulukuuta kotik\u00e4ynnill\u00e4. Krampuslauf-kulkueita j\u00e4rjestet\u00e4\u00e4n yleens\u00e4 marraskuun lopun ja 6. joulukuuta v\u00e4lisen\u00e4 aikana.<\/p><p><strong>Mik\u00e4 on Krampuksen nimi Saksassa?<\/strong><\/p><p>Baijerissa hahmo on tunnettu my\u00f6s nimell\u00e4 Krampus, ja Berchtesgadenin alueella esiintyy lis\u00e4ksi Buttnmandl-hahmoja. Keski- ja Pohjois-Saksassa Nikolauksen seuralaisen roolin ottaa Knecht Ruprecht, itsen\u00e4isen\u00e4 ja lempe\u00e4mp\u00e4n\u00e4 hahmona.<\/p>\t\t\t\t\t\t\t\t<\/div>\n\t\t\t\t<div class=\"elementor-element elementor-element-9850ef7 elementor-widget elementor-widget-html\" data-id=\"9850ef7\" data-element_type=\"widget\" data-e-type=\"widget\" data-widget_type=\"html.default\">\n\t\t\t\t\t<script type=\"application\/ld+json\">{\"@context\": \"https:\/\/schema.org\", \"@type\": \"FAQPage\", \"mainEntity\": [{\"@type\": \"Question\", \"name\": \"Onko Krampus paholainen vai luonnonhenki?\", \"acceptedAnswer\": {\"@type\": \"Answer\", \"text\": \"Molemmat tulkinnat esiintyv\u00e4t tutkimuksessa. Ketju, jonka kanssa h\u00e4n esiintyy, viittaa vanhempaan k\u00e4sitykseen kesytetyst\u00e4, alun perin villimm\u00e4st\u00e4 talvihengest\u00e4, kun taas sarvet ja kirkollinen luokittelu l\u00e4hensiv\u00e4t h\u00e4nt\u00e4 vastauskonpuhdistuksen ajoista l\u00e4htien vahvemmin paholaiseen. Perinteess\u00e4 h\u00e4n ei ole paholainen kirkollisessa mieless\u00e4: h\u00e4n toimii Nikolauksen k\u00e4skyl\u00e4isen\u00e4 ja on t\u00e4lle alisteinen.\"}}, {\"@type\": \"Question\", \"name\": \"Miksi Krampus esiintyy yhdess\u00e4 Nikolauksen kanssa?\", \"acceptedAnswer\": {\"@type\": \"Answer\", \"text\": \"Parivaljakko syntyi ennen kaikkea tarjotakseen lapsille selke\u00e4n vastakkainasettelun palkinnosta ja rangaistuksesta. Historiallisesti Krampus on kuitenkin todistettu vanhemmaksi kuin t\u00e4m\u00e4 vakiintunut yhdist\u00e4minen ja esiintyi alun perin my\u00f6s riippumatta Nikolaus-perinteist\u00e4.\"}}, {\"@type\": \"Question\", \"name\": \"Ly\u00f6d\u00e4\u00e4nk\u00f6 Krampuslaufissa todella?\", \"acceptedAnswer\": {\"@type\": \"Answer\", \"text\": \"Kyll\u00e4, vitsalla ly\u00f6minen kuuluu el\u00e4v\u00e4\u00e4n perinteeseen, ja monet katsojat hakeutuvat siihen tietoisesti. Juoksijat noudattavat tavallisesti kyseisen ryhm\u00e4n (Passe) k\u00e4ytt\u00e4ytymiss\u00e4\u00e4nt\u00f6j\u00e4, joten kyseess\u00e4 on molemminpuolinen, vaikkakin karkea rituaali.\"}}, {\"@type\": \"Question\", \"name\": \"Mit\u00e4 Krampus tekee?\", \"acceptedAnswer\": {\"@type\": \"Answer\", \"text\": \"Krampus seuraa Nikolausta 5. ja 6. joulukuuta. H\u00e4n uhkaa tuhmia lapsia vitsalla ja ketjulla, kun Nikolaus palkitsee kiltit lapset. Krampuslauf-kulkueissa naamioidut hahmot kulkevat kaduilla turkeissa ja veistetyiss\u00e4 puumaskeissa. Kotik\u00e4ynnill\u00e4 j\u00e4\u00e4d\u00e4\u00e4n uhkaukseen, kun taas kulkueessa vitsalla ly\u00f6minen kuuluu monin paikoin perinteeseen.\"}}, {\"@type\": \"Question\", \"name\": \"Milloin Krampus saapuu?\", \"acceptedAnswer\": {\"@type\": \"Answer\", \"text\": \"Krampusy\u00f6 on 5. joulukuuta, Nikolauksen p\u00e4iv\u00e4n aatto. Monin paikoin Krampus seuraa Nikolausta my\u00f6s 6. joulukuuta kotik\u00e4ynnill\u00e4. Krampuslauf-kulkueita j\u00e4rjestet\u00e4\u00e4n yleens\u00e4 marraskuun lopun ja 6. joulukuuta v\u00e4lisen\u00e4 aikana.\"}}, {\"@type\": \"Question\", \"name\": \"Mik\u00e4 on Krampuksen nimi Saksassa?\", \"acceptedAnswer\": {\"@type\": \"Answer\", \"text\": \"Baijerissa hahmo on tunnettu my\u00f6s nimell\u00e4 Krampus, ja Berchtesgadenin alueella esiintyy lis\u00e4ksi Buttnmandl-hahmoja. Keski- ja Pohjois-Saksassa Nikolauksen seuralaisen roolin ottaa Knecht Ruprecht, itsen\u00e4isen\u00e4 ja lempe\u00e4mp\u00e4n\u00e4 hahmona.\"}}]}<\/script>\t\t\t\t<\/div>\n\t\t\t\t<\/div>\n\t\t\t\t\t<\/div>\n\t\t\t\t<\/div>\n\t\t<div class=\"elementor-element elementor-element-36dd7469 e-flex e-con-boxed e-con e-parent\" data-id=\"36dd7469\" data-element_type=\"container\" data-e-type=\"container\">\n\t\t\t\t\t<div class=\"e-con-inner\">\n\t\t\t\t<div class=\"elementor-element elementor-element-13760ab4 elementor-widget elementor-widget-heading\" data-id=\"13760ab4\" data-element_type=\"widget\" data-e-type=\"widget\" data-widget_type=\"heading.default\">\n\t\t\t\t\t<h2 class=\"elementor-heading-title elementor-size-default\">Aiheeseen liittyv\u00e4t linkit<\/h2>\t\t\t\t<\/div>\n\t\t<div class=\"elementor-element elementor-element-28c87796 e-con-full e-flex e-con e-child\" data-id=\"28c87796\" data-element_type=\"container\" data-e-type=\"container\">\n\t\t\t\t<div class=\"elementor-element elementor-element-5d6538df elementor-widget elementor-widget-text-editor\" data-id=\"5d6538df\" data-element_type=\"widget\" data-e-type=\"widget\" data-widget_type=\"text-editor.default\">\n\t\t\t\t\t\t\t\t\t<p>Suositellut sis\u00e4iset linkit:<\/p><ul><li><a href=\"https:\/\/iwell-guard.com\/fi\/?page_id=145096\">Alppialue<\/a> \u2013 kaikki alpiinisen tarustomaailman olennot<\/li><li><a href=\"https:\/\/iwell-guard.com\/fi\/?page_id=145059\">Frau Perchta<\/a>, <a href=\"https:\/\/iwell-guard.com\/fi\/?page_id=145060\">Habergei\u00df<\/a>, <a href=\"https:\/\/iwell-guard.com\/fi\/?page_id=145068\">Nachtkrapp<\/a> \u2013 muita Rauhn\u00e4chte-hahmoja<\/li><li><a href=\"https:\/\/iwell-guard.com\/fi\/suitsutus-ja-puhdistus\/\">Suitsutus<\/a>, <a href=\"https:\/\/iwell-guard.com\/fi\/kellot-ja-tiukut-meluavana-suojana\/\">Kellot<\/a>, <a href=\"https:\/\/iwell-guard.com\/fi\/pyha-vesi\/\">Pyh\u00e4 vesi<\/a>, <a href=\"https:\/\/iwell-guard.com\/fi\/kodinsuojelu-ja-kynnysrituaali\/\">Kodin suojaus<\/a>, <a href=\"https:\/\/iwell-guard.com\/fi\/suojaava-tuli-ja-kynnysvalo\/\">Suojaava tuli<\/a> \u2013 perinteisi\u00e4 suojausmuotoja<\/li><li><a href=\"https:\/\/iwell-guard.com\/fi\/suoja-kompassi\/\">Suoja-kompassi<\/a> \u2013 suojaesineet yhdell\u00e4 silm\u00e4yksell\u00e4<\/li><\/ul><p>Krampusin torjutun kauhun logiikkaa j\u00e4ljitt\u00e4v\u00e4lle l\u00f6ytyy hakemistosta Krampusin naapureita: <a href=\"https:\/\/iwell-guard.com\/fi\/alp\/\">Alp<\/a> saksalaisen kansanuskon y\u00f6llisen\u00e4 painajaishenken\u00e4, <a href=\"https:\/\/iwell-guard.com\/fi\/tatzelwurm\/\">Tatzelwurm<\/a> alppialueen pelottavana olentona ja <a href=\"https:\/\/iwell-guard.com\/fi\/klabautermann\/\">Klabautermann<\/a> merimiehi\u00e4 varoittavana henken\u00e4. Yleiskatsauksen perinteest\u00e4 tarjoaa sivu <a href=\"https:\/\/iwell-guard.com\/fi\/germaaninen\/\">germaanisesta perinteest\u00e4<\/a>.<\/p>\t\t\t\t\t\t\t\t<\/div>\n\t\t\t\t<\/div>\n\t\t\t\t\t<\/div>\n\t\t\t\t<\/div>\n\t\t<div class=\"elementor-element elementor-element-grl4kl40 e-flex e-con-boxed e-con e-parent\" data-id=\"grl4kl40\" data-element_type=\"container\" data-e-type=\"container\">\n\t\t\t\t\t<div class=\"e-con-inner\">\n\t\t\t\t<div class=\"elementor-element elementor-element-bzsbfrmh elementor-widget elementor-widget-heading\" data-id=\"bzsbfrmh\" data-element_type=\"widget\" data-e-type=\"widget\" data-widget_type=\"heading.default\">\n\t\t\t\t\t<h2 class=\"elementor-heading-title elementor-size-default\">Kirjallisuus (valikoima)<\/h2>\t\t\t\t<\/div>\n\t\t<div class=\"elementor-element elementor-element-2c13224a e-con-full e-flex e-con e-child\" data-id=\"2c13224a\" data-element_type=\"container\" data-e-type=\"container\">\n\t\t\t\t<div class=\"elementor-element elementor-element-0eymh9ub elementor-widget elementor-widget-text-editor\" data-id=\"0eymh9ub\" data-element_type=\"widget\" data-e-type=\"widget\" data-widget_type=\"text-editor.default\">\n\t\t\t\t\t\t\t\t\t<footer class=\"iwg-literatur\" data-nosnippet=\"true\"><p>Valikoima keskeisi\u00e4 l\u00e4hteit\u00e4 ja tutkimuksia:<\/p><ul><li><span data-nosnippet>B\u00e4chtold-St\u00e4ubli, Hanns (Hg.): <em>Handw\u00f6rterbuch des deutschen Aberglaubens<\/em>. 10 Bde. Berlin\/Leipzig 1927\u20131942 (Neudruck Berlin\/New York 1987).<\/span><\/li><li><span data-nosnippet>Waschnitius, Viktor: <em>Perht, Holda und verwandte Gestalten. Ein Beitrag zur deutschen Religionsgeschichte<\/em>. Wien 1913.<\/span><\/li><li><span data-nosnippet>Zingerle, Ignaz Vinzenz: <em>Sitten, Br\u00e4uche und Meinungen des Tiroler Volkes<\/em>. 2. Auflage, Innsbruck 1871.<\/span><\/li><li><span data-nosnippet>Bruce, Maurice: <em>The Krampus in Styria<\/em>. In: Folklore, Bd. 69, 1958.<\/span><\/li><li><span data-nosnippet>Ridenour, Al: <em>The Krampus and the Old, Dark Christmas: Roots and Rebirth of the Folkloric Devil<\/em>. Port Townsend 2016.<\/span><\/li><\/ul><\/footer>\n<p class=\"iwg-bib-more\"><span data-nosnippet>Lis\u00e4\u00e4 perusteoksia <a href=\"https:\/\/iwell-guard.com\/fi\/kirjallisuus\/\">kirjallisuusluettelossa<\/a>.<\/span><\/p>\t\t\t\t\t\t\t\t<\/div>\n\t\t\t\t<\/div>\n\t\t\t\t\t<\/div>\n\t\t\t\t<\/div>\n\t\t<div class=\"elementor-element elementor-element-iwgkw2-add-hulijing e-flex e-con-boxed e-con e-parent\" data-id=\"iwgkw2-add-hulijing\" data-element_type=\"container\" data-e-type=\"container\">\n\t\t\t\t\t<div class=\"e-con-inner\">\n\t\t\t\t<div class=\"elementor-element elementor-element-iwgkw2-add-hulijing-t elementor-widget elementor-widget-text-editor\" data-id=\"iwgkw2-add-hulijing-t\" data-element_type=\"widget\" data-e-type=\"widget\" data-widget_type=\"text-editor.default\">\n\t\t\t\t\t\t\t\t\t<p>Krampuksena tunnettu Alppien vitsahahmo pysyy tiiviisti sidoksissa 5. joulukuuta y\u00f6h\u00f6n, ja nykyisess\u00e4 Krampuslauf-perinteess\u00e4 sen talvinen vuorovaikutus pelosta ja kansanjuhlasta el\u00e4\u00e4 edelleen.<\/p>\t\t\t\t\t\t\t\t<\/div>\n\t\t\t\t\t<\/div>\n\t\t\t\t<\/div>\n\t\t\t\t<\/div>\n\t\t","protected":false},"excerpt":{"rendered":"","protected":false},"author":3,"featured_media":20516,"parent":0,"menu_order":0,"comment_status":"closed","ping_status":"closed","template":"elementor_header_footer","meta":{"_yoast_wpseo_focuskw":"krampus","_yoast_wpseo_title":"Krampus: alkuper\u00e4, merkitys ja perinteet","_yoast_wpseo_metadesc":"Kuka on Krampus? Nimen alkuper\u00e4, joulukuun 5. p\u00e4iv\u00e4n Krampus-y\u00f6, ero Perchteihin ja Knecht Ruprechtiin sek\u00e4 suuret Krampus-kulkueet.","_yoast_wpseo_meta-robots-noindex":"","_yoast_wpseo_canonical":"","_angie_page":false,"gefaehrdungsstufe":"3","wesen_kultur":"alpin","wesen_klasse":"daemonen","footnotes":""},"categories":[],"class_list":["post-145058","page","type-page","status-publish","has-post-thumbnail","hentry"],"yoast_head":"<!-- This site is optimized with the Yoast SEO Premium plugin v27.7 (Yoast SEO v28.3) - https:\/\/yoast.com\/product\/yoast-seo-premium-wordpress\/ -->\n<title>Krampus: alkuper\u00e4, merkitys ja perinteet<\/title>\n<meta name=\"description\" content=\"Kuka on Krampus? Nimen alkuper\u00e4, joulukuun 5. p\u00e4iv\u00e4n Krampus-y\u00f6, ero Perchteihin ja Knecht Ruprechtiin sek\u00e4 suuret Krampus-kulkueet.\" \/>\n<meta name=\"robots\" content=\"index, follow, max-snippet:-1, max-image-preview:large, max-video-preview:-1\" \/>\n<link rel=\"canonical\" href=\"https:\/\/iwell-guard.com\/fi\/krampus\/\" \/>\n<meta property=\"og:locale\" content=\"fi_FI\" \/>\n<meta property=\"og:type\" content=\"article\" \/>\n<meta property=\"og:title\" content=\"Krampus\" \/>\n<meta property=\"og:description\" content=\"Kuka on Krampus? Nimen alkuper\u00e4, joulukuun 5. p\u00e4iv\u00e4n Krampus-y\u00f6, ero Perchteihin ja Knecht Ruprechtiin sek\u00e4 suuret Krampus-kulkueet.\" \/>\n<meta property=\"og:url\" content=\"https:\/\/iwell-guard.com\/fi\/krampus\/\" \/>\n<meta property=\"og:site_name\" content=\"iWell Guard\" \/>\n<meta property=\"article:modified_time\" content=\"2026-09-03T13:15:43+00:00\" \/>\n<meta property=\"og:image\" content=\"https:\/\/iwell-guard.com\/wp-content\/uploads\/2026\/07\/daemonen_alpin_krampus.webp\" \/>\n\t<meta property=\"og:image:width\" content=\"1024\" \/>\n\t<meta property=\"og:image:height\" content=\"1536\" \/>\n\t<meta property=\"og:image:type\" content=\"image\/webp\" \/>\n<meta name=\"twitter:card\" content=\"summary_large_image\" \/>\n<script type=\"application\/ld+json\" class=\"yoast-schema-graph\">{\"@context\":\"https:\\\/\\\/schema.org\",\"@graph\":[{\"@type\":\"Article\",\"@id\":\"https:\\\/\\\/iwell-guard.com\\\/fi\\\/krampus\\\/#article\",\"isPartOf\":{\"@id\":\"https:\\\/\\\/iwell-guard.com\\\/fi\\\/krampus\\\/\"},\"author\":{\"name\":\"Ralf Ittermann\",\"@id\":\"https:\\\/\\\/iwell-guard.com\\\/fi\\\/#\\\/schema\\\/person\\\/ee2a27f1cac3406c7c6fb5820cb7349f\"},\"headline\":\"Krampus\",\"datePublished\":\"2026-09-03T12:42:08+00:00\",\"dateModified\":\"2026-09-03T13:15:43+00:00\",\"mainEntityOfPage\":{\"@id\":\"https:\\\/\\\/iwell-guard.com\\\/fi\\\/krampus\\\/\"},\"publisher\":{\"@id\":\"https:\\\/\\\/iwell-guard.com\\\/fi\\\/#organization\"},\"image\":{\"@id\":\"https:\\\/\\\/iwell-guard.com\\\/fi\\\/krampus\\\/#primaryimage\"},\"thumbnailUrl\":\"https:\\\/\\\/iwell-guard.com\\\/wp-content\\\/uploads\\\/2026\\\/07\\\/daemonen_alpin_krampus.webp\",\"inLanguage\":\"fi\",\"description\":\"Kuka on Krampus? Nimen alkuper\u00e4, joulukuun 5. p\u00e4iv\u00e4n Krampus-y\u00f6, ero Perchteihin ja Knecht Ruprechtiin sek\u00e4 suuret Krampus-kulkueet.\"},{\"@type\":\"WebPage\",\"@id\":\"https:\\\/\\\/iwell-guard.com\\\/fi\\\/krampus\\\/\",\"url\":\"https:\\\/\\\/iwell-guard.com\\\/fi\\\/krampus\\\/\",\"name\":\"Krampus: alkuper\u00e4, merkitys ja perinteet\",\"isPartOf\":{\"@id\":\"https:\\\/\\\/iwell-guard.com\\\/fi\\\/#website\"},\"primaryImageOfPage\":{\"@id\":\"https:\\\/\\\/iwell-guard.com\\\/fi\\\/krampus\\\/#primaryimage\"},\"image\":{\"@id\":\"https:\\\/\\\/iwell-guard.com\\\/fi\\\/krampus\\\/#primaryimage\"},\"thumbnailUrl\":\"https:\\\/\\\/iwell-guard.com\\\/wp-content\\\/uploads\\\/2026\\\/07\\\/daemonen_alpin_krampus.webp\",\"datePublished\":\"2026-09-03T12:42:08+00:00\",\"dateModified\":\"2026-09-03T13:15:43+00:00\",\"description\":\"Kuka on Krampus? Nimen alkuper\u00e4, joulukuun 5. p\u00e4iv\u00e4n Krampus-y\u00f6, ero Perchteihin ja Knecht Ruprechtiin sek\u00e4 suuret Krampus-kulkueet.\",\"breadcrumb\":{\"@id\":\"https:\\\/\\\/iwell-guard.com\\\/fi\\\/krampus\\\/#breadcrumb\"},\"inLanguage\":\"fi\",\"potentialAction\":[{\"@type\":\"ReadAction\",\"target\":[\"https:\\\/\\\/iwell-guard.com\\\/fi\\\/krampus\\\/\"]}]},{\"@type\":\"ImageObject\",\"inLanguage\":\"fi\",\"@id\":\"https:\\\/\\\/iwell-guard.com\\\/fi\\\/krampus\\\/#primaryimage\",\"url\":\"https:\\\/\\\/iwell-guard.com\\\/wp-content\\\/uploads\\\/2026\\\/07\\\/daemonen_alpin_krampus.webp\",\"contentUrl\":\"https:\\\/\\\/iwell-guard.com\\\/wp-content\\\/uploads\\\/2026\\\/07\\\/daemonen_alpin_krampus.webp\",\"width\":1024,\"height\":1536,\"caption\":\"Krampus - alppialueen perinteen demoneita, historiallis-kuvitteellinen esitys\"},{\"@type\":\"BreadcrumbList\",\"@id\":\"https:\\\/\\\/iwell-guard.com\\\/fi\\\/krampus\\\/#breadcrumb\",\"itemListElement\":[{\"@type\":\"ListItem\",\"position\":1,\"name\":\"Start\",\"item\":\"https:\\\/\\\/iwell-guard.com\\\/fi\\\/?page_id=143815\"},{\"@type\":\"ListItem\",\"position\":2,\"name\":\"Krampus\"}]},{\"@type\":\"WebSite\",\"@id\":\"https:\\\/\\\/iwell-guard.com\\\/fi\\\/#website\",\"url\":\"https:\\\/\\\/iwell-guard.com\\\/fi\\\/\",\"name\":\"iWell Guard\",\"description\":\"Schutz vor dunklen Einfl\u00fcssen\",\"publisher\":{\"@id\":\"https:\\\/\\\/iwell-guard.com\\\/fi\\\/#organization\"},\"potentialAction\":[{\"@type\":\"SearchAction\",\"target\":{\"@type\":\"EntryPoint\",\"urlTemplate\":\"https:\\\/\\\/iwell-guard.com\\\/fi\\\/?s={search_term_string}\"},\"query-input\":{\"@type\":\"PropertyValueSpecification\",\"valueRequired\":true,\"valueName\":\"search_term_string\"}}],\"inLanguage\":\"fi\"},{\"@type\":\"Organization\",\"@id\":\"https:\\\/\\\/iwell-guard.com\\\/fi\\\/#organization\",\"name\":\"Ittermann electronic GmbH\",\"url\":\"https:\\\/\\\/iwell-guard.com\\\/fi\\\/\",\"logo\":{\"@type\":\"ImageObject\",\"inLanguage\":\"fi\",\"@id\":\"https:\\\/\\\/iwell-guard.com\\\/fi\\\/#\\\/schema\\\/logo\\\/image\\\/\",\"url\":\"https:\\\/\\\/iwell-guard.com\\\/wp-content\\\/uploads\\\/2026\\\/05\\\/Ittermann-Logo-1182x237-1.png\",\"contentUrl\":\"https:\\\/\\\/iwell-guard.com\\\/wp-content\\\/uploads\\\/2026\\\/05\\\/Ittermann-Logo-1182x237-1.png\",\"width\":1182,\"height\":237,\"caption\":\"Ittermann electronic GmbH\"},\"image\":{\"@id\":\"https:\\\/\\\/iwell-guard.com\\\/fi\\\/#\\\/schema\\\/logo\\\/image\\\/\"},\"sameAs\":[\"https:\\\/\\\/pantip.com\\\/profile\\\/9367242\",\"https:\\\/\\\/micro.blog\\\/iwellguard\",\"https:\\\/\\\/www.diggerslist.com\\\/iwellguard\\\/about\",\"https:\\\/\\\/skitterphoto.com\\\/photographers\\\/2870314\\\/iwell-guard\",\"https:\\\/\\\/iwellguard.wordpress.com\\\/2026\\\/06\\\/06\\\/iwell-guard\\\/\",\"https:\\\/\\\/hub.docker.com\\\/u\\\/iwellguard\",\"https:\\\/\\\/www.pinterest.com\\\/iwellguard\\\/\",\"https:\\\/\\\/bit.ly\\\/m\\\/iwellguard\",\"https:\\\/\\\/entre-vos-mains.alsace.eu\\\/profiles\\\/iwellguard\\\/activity\",\"https:\\\/\\\/gravatar.com\\\/reallybeded8fd34\",\"https:\\\/\\\/naijamatta.com\\\/iwellguard\",\"https:\\\/\\\/www.goodreads.com\\\/iwellguard\",\"https:\\\/\\\/profile.hatena.ne.jp\\\/iwellguard\\\/\",\"https:\\\/\\\/experiment.com\\\/users\\\/iwellguard\",\"https:\\\/\\\/wakelet.com\\\/@iWellGuard82270\",\"https:\\\/\\\/www.chordie.com\\\/forum\\\/profile.php?id=2555664\",\"https:\\\/\\\/www.instapaper.com\\\/p\\\/17757966\",\"https:\\\/\\\/www.mapleprimes.com\\\/users\\\/iwellguard\",\"https:\\\/\\\/businesslistingplus.com\\\/profile\\\/iwell-guard\\\/\",\"https:\\\/\\\/telegra.ph\\\/iWell-Guard-06-06\",\"https:\\\/\\\/pbase.com\\\/iwellguard\\\/iwellguard\",\"https:\\\/\\\/b.hatena.ne.jp\\\/iwellguard\\\/20260607#bookmark-4788405196491818882\",\"https:\\\/\\\/fliphtml5.com\\\/home\\\/iwellguard\",\"https:\\\/\\\/anyflip.com\\\/homepage\\\/cmiwl#About\",\"https:\\\/\\\/transfur.com\\\/Users\\\/iwellguard\",\"http:\\\/\\\/delphi.larsbo.org\\\/user\\\/iwellguard\",\"https:\\\/\\\/jobs.lajobsportal.org\\\/profiles\\\/8380803-iwell-guard\",\"https:\\\/\\\/md.chaosdorf.de\\\/s\\\/jfbe5SBdJD\",\"https:\\\/\\\/www.lingvolive.com\\\/en-us\\\/profile\\\/9ecaeaca-ce11-4e51-9e71-01d55e2bff36\\\/translations\",\"https:\\\/\\\/www.fitday.com\\\/fitness\\\/forums\\\/members\\\/iwellguard.html\",\"https:\\\/\\\/www.mymeetbook.com\\\/iwellguard\",\"https:\\\/\\\/pxhere.com\\\/en\\\/photographer-me\\\/5040798\",\"https:\\\/\\\/disqus.com\\\/by\\\/iwellguard\\\/about\\\/\",\"https:\\\/\\\/pastelink.net\\\/hjwciqwq\",\"https:\\\/\\\/pubhtml5.com\\\/homepage\\\/scjhn\\\/\",\"https:\\\/\\\/www.bitchute.com\\\/channel\\\/2O2eOKzNqujT\",\"https:\\\/\\\/audiomack.com\\\/iwellguard\"]},{\"@type\":\"Person\",\"@id\":\"https:\\\/\\\/iwell-guard.com\\\/fi\\\/#\\\/schema\\\/person\\\/ee2a27f1cac3406c7c6fb5820cb7349f\",\"name\":\"Ralf Ittermann\",\"image\":{\"@type\":\"ImageObject\",\"inLanguage\":\"fi\",\"@id\":\"https:\\\/\\\/secure.gravatar.com\\\/avatar\\\/073c0153e350a5005b68eb752b445fea71f6b24a26da9449ad7e155e6b446c9d?s=96&d=mm&r=g\",\"url\":\"https:\\\/\\\/secure.gravatar.com\\\/avatar\\\/073c0153e350a5005b68eb752b445fea71f6b24a26da9449ad7e155e6b446c9d?s=96&d=mm&r=g\",\"contentUrl\":\"https:\\\/\\\/secure.gravatar.com\\\/avatar\\\/073c0153e350a5005b68eb752b445fea71f6b24a26da9449ad7e155e6b446c9d?s=96&d=mm&r=g\",\"caption\":\"Ralf Ittermann\"},\"givenName\":\"Ralf\",\"familyName\":\"Ittermann\",\"jobTitle\":\"Gesch\u00e4ftsf\u00fchrer und redaktioneller Verantwortlicher\",\"url\":\"https:\\\/\\\/iwell-guard.com\\\/fi\\\/author\\\/claude\\\/\",\"description\":\"Ralf Ittermann ist Gesch\u00e4ftsf\u00fchrer der Ittermann electronic GmbH und redaktioneller Verantwortlicher des iWell-Guard-Lexikons. Er verbindet langj\u00e4hrige Erfahrung in der Pr\u00e4zisionsfertigung mit medialer Praxis und religionsgeschichtlicher Quellenarbeit.\",\"worksFor\":{\"@type\":\"Organization\",\"name\":\"Ittermann electronic GmbH\",\"url\":\"https:\\\/\\\/ittermann.de\\\/\",\"address\":{\"@type\":\"PostalAddress\",\"streetAddress\":\"K\u00f6hlergasse 16-18\",\"postalCode\":\"99842\",\"addressLocality\":\"Ruhla\",\"addressCountry\":\"DE\"}},\"knowsAbout\":[\"Religionsgeschichte\",\"Mythologie\",\"Mediale Praxis\",\"Energetische Diagnostik\",\"Schutzpraxis\",\"Volksglauben\",\"Westliche Esoterik\"]},{\"@type\":\"Article\",\"@id\":\"https:\\\/\\\/iwell-guard.com\\\/fi\\\/krampus\\\/#article\",\"isPartOf\":{\"@id\":\"https:\\\/\\\/iwell-guard.com\\\/fi\\\/krampus\\\/\"},\"author\":{\"name\":\"Ralf Ittermann\",\"@id\":\"https:\\\/\\\/iwell-guard.com\\\/fi\\\/#\\\/schema\\\/person\\\/ee2a27f1cac3406c7c6fb5820cb7349f\"},\"headline\":\"Krampus\",\"datePublished\":\"2026-09-03T12:42:08+00:00\",\"dateModified\":\"2026-09-03T13:15:43+00:00\",\"mainEntityOfPage\":{\"@id\":\"https:\\\/\\\/iwell-guard.com\\\/fi\\\/krampus\\\/\"},\"publisher\":{\"@id\":\"https:\\\/\\\/iwell-guard.com\\\/fi\\\/#organization\"},\"image\":{\"@id\":\"https:\\\/\\\/iwell-guard.com\\\/fi\\\/krampus\\\/#primaryimage\"},\"thumbnailUrl\":\"https:\\\/\\\/iwell-guard.com\\\/wp-content\\\/uploads\\\/2026\\\/07\\\/daemonen_alpin_krampus.webp\",\"inLanguage\":\"fi\",\"description\":\"Kuka on Krampus? Nimen alkuper\u00e4, joulukuun 5. p\u00e4iv\u00e4n Krampus-y\u00f6, ero Perchteihin ja Knecht Ruprechtiin sek\u00e4 suuret Krampus-kulkueet.\"}]}<\/script>\n<!-- \/ Yoast SEO Premium plugin. -->","yoast_head_json":{"title":"Krampus: alkuper\u00e4, merkitys ja perinteet","description":"Kuka on Krampus? Nimen alkuper\u00e4, joulukuun 5. p\u00e4iv\u00e4n Krampus-y\u00f6, ero Perchteihin ja Knecht Ruprechtiin sek\u00e4 suuret Krampus-kulkueet.","robots":{"index":"index","follow":"follow","max-snippet":"max-snippet:-1","max-image-preview":"max-image-preview:large","max-video-preview":"max-video-preview:-1"},"canonical":"https:\/\/iwell-guard.com\/fi\/krampus\/","og_locale":"fi_FI","og_type":"article","og_title":"Krampus","og_description":"Kuka on Krampus? Nimen alkuper\u00e4, joulukuun 5. p\u00e4iv\u00e4n Krampus-y\u00f6, ero Perchteihin ja Knecht Ruprechtiin sek\u00e4 suuret Krampus-kulkueet.","og_url":"https:\/\/iwell-guard.com\/fi\/krampus\/","og_site_name":"iWell Guard","article_modified_time":"2026-09-03T13:15:43+00:00","og_image":[{"width":1024,"height":1536,"url":"https:\/\/iwell-guard.com\/wp-content\/uploads\/2026\/07\/daemonen_alpin_krampus.webp","type":"image\/webp"}],"twitter_card":"summary_large_image","schema":{"@context":"https:\/\/schema.org","@graph":[{"@type":"Article","@id":"https:\/\/iwell-guard.com\/fi\/krampus\/#article","isPartOf":{"@id":"https:\/\/iwell-guard.com\/fi\/krampus\/"},"author":{"name":"Ralf Ittermann","@id":"https:\/\/iwell-guard.com\/fi\/#\/schema\/person\/ee2a27f1cac3406c7c6fb5820cb7349f"},"headline":"Krampus","datePublished":"2026-09-03T12:42:08+00:00","dateModified":"2026-09-03T13:15:43+00:00","mainEntityOfPage":{"@id":"https:\/\/iwell-guard.com\/fi\/krampus\/"},"publisher":{"@id":"https:\/\/iwell-guard.com\/fi\/#organization"},"image":{"@id":"https:\/\/iwell-guard.com\/fi\/krampus\/#primaryimage"},"thumbnailUrl":"https:\/\/iwell-guard.com\/wp-content\/uploads\/2026\/07\/daemonen_alpin_krampus.webp","inLanguage":"fi","description":"Kuka on Krampus? Nimen alkuper\u00e4, joulukuun 5. p\u00e4iv\u00e4n Krampus-y\u00f6, ero Perchteihin ja Knecht Ruprechtiin sek\u00e4 suuret Krampus-kulkueet."},{"@type":"WebPage","@id":"https:\/\/iwell-guard.com\/fi\/krampus\/","url":"https:\/\/iwell-guard.com\/fi\/krampus\/","name":"Krampus: alkuper\u00e4, merkitys ja perinteet","isPartOf":{"@id":"https:\/\/iwell-guard.com\/fi\/#website"},"primaryImageOfPage":{"@id":"https:\/\/iwell-guard.com\/fi\/krampus\/#primaryimage"},"image":{"@id":"https:\/\/iwell-guard.com\/fi\/krampus\/#primaryimage"},"thumbnailUrl":"https:\/\/iwell-guard.com\/wp-content\/uploads\/2026\/07\/daemonen_alpin_krampus.webp","datePublished":"2026-09-03T12:42:08+00:00","dateModified":"2026-09-03T13:15:43+00:00","description":"Kuka on Krampus? Nimen alkuper\u00e4, joulukuun 5. p\u00e4iv\u00e4n Krampus-y\u00f6, ero Perchteihin ja Knecht Ruprechtiin sek\u00e4 suuret Krampus-kulkueet.","breadcrumb":{"@id":"https:\/\/iwell-guard.com\/fi\/krampus\/#breadcrumb"},"inLanguage":"fi","potentialAction":[{"@type":"ReadAction","target":["https:\/\/iwell-guard.com\/fi\/krampus\/"]}]},{"@type":"ImageObject","inLanguage":"fi","@id":"https:\/\/iwell-guard.com\/fi\/krampus\/#primaryimage","url":"https:\/\/iwell-guard.com\/wp-content\/uploads\/2026\/07\/daemonen_alpin_krampus.webp","contentUrl":"https:\/\/iwell-guard.com\/wp-content\/uploads\/2026\/07\/daemonen_alpin_krampus.webp","width":1024,"height":1536,"caption":"Krampus - alppialueen perinteen demoneita, historiallis-kuvitteellinen esitys"},{"@type":"BreadcrumbList","@id":"https:\/\/iwell-guard.com\/fi\/krampus\/#breadcrumb","itemListElement":[{"@type":"ListItem","position":1,"name":"Start","item":"https:\/\/iwell-guard.com\/fi\/?page_id=143815"},{"@type":"ListItem","position":2,"name":"Krampus"}]},{"@type":"WebSite","@id":"https:\/\/iwell-guard.com\/fi\/#website","url":"https:\/\/iwell-guard.com\/fi\/","name":"iWell Guard","description":"Schutz vor dunklen Einfl\u00fcssen","publisher":{"@id":"https:\/\/iwell-guard.com\/fi\/#organization"},"potentialAction":[{"@type":"SearchAction","target":{"@type":"EntryPoint","urlTemplate":"https:\/\/iwell-guard.com\/fi\/?s={search_term_string}"},"query-input":{"@type":"PropertyValueSpecification","valueRequired":true,"valueName":"search_term_string"}}],"inLanguage":"fi"},{"@type":"Organization","@id":"https:\/\/iwell-guard.com\/fi\/#organization","name":"Ittermann electronic GmbH","url":"https:\/\/iwell-guard.com\/fi\/","logo":{"@type":"ImageObject","inLanguage":"fi","@id":"https:\/\/iwell-guard.com\/fi\/#\/schema\/logo\/image\/","url":"https:\/\/iwell-guard.com\/wp-content\/uploads\/2026\/05\/Ittermann-Logo-1182x237-1.png","contentUrl":"https:\/\/iwell-guard.com\/wp-content\/uploads\/2026\/05\/Ittermann-Logo-1182x237-1.png","width":1182,"height":237,"caption":"Ittermann electronic GmbH"},"image":{"@id":"https:\/\/iwell-guard.com\/fi\/#\/schema\/logo\/image\/"},"sameAs":["https:\/\/pantip.com\/profile\/9367242","https:\/\/micro.blog\/iwellguard","https:\/\/www.diggerslist.com\/iwellguard\/about","https:\/\/skitterphoto.com\/photographers\/2870314\/iwell-guard","https:\/\/iwellguard.wordpress.com\/2026\/06\/06\/iwell-guard\/","https:\/\/hub.docker.com\/u\/iwellguard","https:\/\/www.pinterest.com\/iwellguard\/","https:\/\/bit.ly\/m\/iwellguard","https:\/\/entre-vos-mains.alsace.eu\/profiles\/iwellguard\/activity","https:\/\/gravatar.com\/reallybeded8fd34","https:\/\/naijamatta.com\/iwellguard","https:\/\/www.goodreads.com\/iwellguard","https:\/\/profile.hatena.ne.jp\/iwellguard\/","https:\/\/experiment.com\/users\/iwellguard","https:\/\/wakelet.com\/@iWellGuard82270","https:\/\/www.chordie.com\/forum\/profile.php?id=2555664","https:\/\/www.instapaper.com\/p\/17757966","https:\/\/www.mapleprimes.com\/users\/iwellguard","https:\/\/businesslistingplus.com\/profile\/iwell-guard\/","https:\/\/telegra.ph\/iWell-Guard-06-06","https:\/\/pbase.com\/iwellguard\/iwellguard","https:\/\/b.hatena.ne.jp\/iwellguard\/20260607#bookmark-4788405196491818882","https:\/\/fliphtml5.com\/home\/iwellguard","https:\/\/anyflip.com\/homepage\/cmiwl#About","https:\/\/transfur.com\/Users\/iwellguard","http:\/\/delphi.larsbo.org\/user\/iwellguard","https:\/\/jobs.lajobsportal.org\/profiles\/8380803-iwell-guard","https:\/\/md.chaosdorf.de\/s\/jfbe5SBdJD","https:\/\/www.lingvolive.com\/en-us\/profile\/9ecaeaca-ce11-4e51-9e71-01d55e2bff36\/translations","https:\/\/www.fitday.com\/fitness\/forums\/members\/iwellguard.html","https:\/\/www.mymeetbook.com\/iwellguard","https:\/\/pxhere.com\/en\/photographer-me\/5040798","https:\/\/disqus.com\/by\/iwellguard\/about\/","https:\/\/pastelink.net\/hjwciqwq","https:\/\/pubhtml5.com\/homepage\/scjhn\/","https:\/\/www.bitchute.com\/channel\/2O2eOKzNqujT","https:\/\/audiomack.com\/iwellguard"]},{"@type":"Person","@id":"https:\/\/iwell-guard.com\/fi\/#\/schema\/person\/ee2a27f1cac3406c7c6fb5820cb7349f","name":"Ralf Ittermann","image":{"@type":"ImageObject","inLanguage":"fi","@id":"https:\/\/secure.gravatar.com\/avatar\/073c0153e350a5005b68eb752b445fea71f6b24a26da9449ad7e155e6b446c9d?s=96&d=mm&r=g","url":"https:\/\/secure.gravatar.com\/avatar\/073c0153e350a5005b68eb752b445fea71f6b24a26da9449ad7e155e6b446c9d?s=96&d=mm&r=g","contentUrl":"https:\/\/secure.gravatar.com\/avatar\/073c0153e350a5005b68eb752b445fea71f6b24a26da9449ad7e155e6b446c9d?s=96&d=mm&r=g","caption":"Ralf Ittermann"},"givenName":"Ralf","familyName":"Ittermann","jobTitle":"Gesch\u00e4ftsf\u00fchrer und redaktioneller Verantwortlicher","url":"https:\/\/iwell-guard.com\/fi\/author\/claude\/","description":"Ralf Ittermann ist Gesch\u00e4ftsf\u00fchrer der Ittermann electronic GmbH und redaktioneller Verantwortlicher des iWell-Guard-Lexikons. Er verbindet langj\u00e4hrige Erfahrung in der Pr\u00e4zisionsfertigung mit medialer Praxis und religionsgeschichtlicher Quellenarbeit.","worksFor":{"@type":"Organization","name":"Ittermann electronic GmbH","url":"https:\/\/ittermann.de\/","address":{"@type":"PostalAddress","streetAddress":"K\u00f6hlergasse 16-18","postalCode":"99842","addressLocality":"Ruhla","addressCountry":"DE"}},"knowsAbout":["Religionsgeschichte","Mythologie","Mediale Praxis","Energetische Diagnostik","Schutzpraxis","Volksglauben","Westliche Esoterik"]},{"@type":"Article","@id":"https:\/\/iwell-guard.com\/fi\/krampus\/#article","isPartOf":{"@id":"https:\/\/iwell-guard.com\/fi\/krampus\/"},"author":{"name":"Ralf Ittermann","@id":"https:\/\/iwell-guard.com\/fi\/#\/schema\/person\/ee2a27f1cac3406c7c6fb5820cb7349f"},"headline":"Krampus","datePublished":"2026-09-03T12:42:08+00:00","dateModified":"2026-09-03T13:15:43+00:00","mainEntityOfPage":{"@id":"https:\/\/iwell-guard.com\/fi\/krampus\/"},"publisher":{"@id":"https:\/\/iwell-guard.com\/fi\/#organization"},"image":{"@id":"https:\/\/iwell-guard.com\/fi\/krampus\/#primaryimage"},"thumbnailUrl":"https:\/\/iwell-guard.com\/wp-content\/uploads\/2026\/07\/daemonen_alpin_krampus.webp","inLanguage":"fi","description":"Kuka on Krampus? Nimen alkuper\u00e4, joulukuun 5. p\u00e4iv\u00e4n Krampus-y\u00f6, ero Perchteihin ja Knecht Ruprechtiin sek\u00e4 suuret Krampus-kulkueet."}]}},"_links":{"self":[{"href":"https:\/\/iwell-guard.com\/fi\/wp-json\/wp\/v2\/pages\/145058","targetHints":{"allow":["GET"]}}],"collection":[{"href":"https:\/\/iwell-guard.com\/fi\/wp-json\/wp\/v2\/pages"}],"about":[{"href":"https:\/\/iwell-guard.com\/fi\/wp-json\/wp\/v2\/types\/page"}],"author":[{"embeddable":true,"href":"https:\/\/iwell-guard.com\/fi\/wp-json\/wp\/v2\/users\/3"}],"replies":[{"embeddable":true,"href":"https:\/\/iwell-guard.com\/fi\/wp-json\/wp\/v2\/comments?post=145058"}],"version-history":[{"count":0,"href":"https:\/\/iwell-guard.com\/fi\/wp-json\/wp\/v2\/pages\/145058\/revisions"}],"wp:featuredmedia":[{"embeddable":true,"href":"https:\/\/iwell-guard.com\/fi\/wp-json\/wp\/v2\/media\/20516"}],"wp:attachment":[{"href":"https:\/\/iwell-guard.com\/fi\/wp-json\/wp\/v2\/media?parent=145058"}],"wp:term":[{"taxonomy":"category","embeddable":true,"href":"https:\/\/iwell-guard.com\/fi\/wp-json\/wp\/v2\/categories?post=145058"}],"curies":[{"name":"wp","href":"https:\/\/api.w.org\/{rel}","templated":true}]}}