{"id":144867,"date":"2026-09-03T12:40:06","date_gmt":"2026-09-03T12:40:06","guid":{"rendered":"https:\/\/iwell-guard.com\/?page_id=144867"},"modified":"2026-09-03T13:10:32","modified_gmt":"2026-09-03T13:10:32","slug":"strigoi","status":"publish","type":"page","link":"https:\/\/iwell-guard.com\/fi\/strigoi\/","title":{"rendered":"Strigoi"},"content":{"rendered":"\t\t<div data-elementor-type=\"wp-page\" data-elementor-id=\"144867\" class=\"elementor elementor-144867 elementor-19514\" data-elementor-post-type=\"page\">\n\t\t\t\t<div class=\"elementor-element elementor-element-10fdade e-flex e-con-boxed e-con e-parent\" data-id=\"10fdade\" data-element_type=\"container\" data-e-type=\"container\" data-settings=\"{&quot;background_background&quot;:&quot;classic&quot;}\">\n\t\t\t\t\t<div class=\"e-con-inner\">\n\t\t<div class=\"elementor-element elementor-element-herohlft0 e-flex e-con-boxed e-con e-child\" data-id=\"herohlft0\" data-element_type=\"container\" data-e-type=\"container\">\n\t\t\t\t\t<div class=\"e-con-inner\">\n\t\t<div class=\"elementor-element elementor-element-c3ceb64 e-con-full e-flex e-con e-child\" data-id=\"c3ceb64\" data-element_type=\"container\" data-e-type=\"container\">\n\t\t\t\t<div class=\"elementor-element elementor-element-96ae5e1 elementor-widget elementor-widget-heading\" data-id=\"96ae5e1\" data-element_type=\"widget\" data-e-type=\"widget\" data-widget_type=\"heading.default\">\n\t\t\t\t\t<h1 class=\"elementor-heading-title elementor-size-default\">Strigoi ja Karpaattien vampyyripaniikit<\/h1>\t\t\t\t<\/div>\n\t\t\t\t<div class=\"elementor-element elementor-element-e45238a elementor-widget elementor-widget-text-editor\" data-id=\"e45238a\" data-element_type=\"widget\" data-e-type=\"widget\" data-widget_type=\"text-editor.default\">\n\t\t\t\t\t\t\t\t\t<p>Strigoi on romanialaisen perinteen <span class=\"iwg-fachbegriff\" data-tooltip=\"Henkiolento, jolle katsotaan olevan haitallinen tai kaksijakoinen vaikutus.\" tabindex=\"0\">demoni<\/span>.<\/p><p><strong>El\u00e4v\u00f6itynyt ruumis, joka ry\u00f6st\u00e4\u00e4 verta ja elinvoimaa.<\/strong> Perinne sijoittaa h\u00e4net Karpaattien vampyyripaniikkeihin.<\/p>\t\t\t\t\t\t\t\t<\/div>\n\t\t\t\t<\/div>\n\t\t<div class=\"elementor-element elementor-element-klsbdg01 e-con-full e-flex e-con e-parent\" data-id=\"klsbdg01\" data-element_type=\"container\" data-e-type=\"container\">\n\t\t\t\t<div class=\"elementor-element elementor-element-klshtm01 elementor-widget elementor-widget-html\" data-id=\"klshtm01\" data-element_type=\"widget\" data-e-type=\"widget\" data-widget_type=\"html.default\">\n\t\t\t\t\t<div class=\"iwg-pill-row\"><span class=\"iwg-klasse-badge\" tabindex=\"0\" data-tooltip=\"Demoni: Yliluonnollinen olento, jonka vaikutus on useimmiten haitallinen tai kaksijakoinen. Sijaitsee jumalten ja ihmisten v\u00e4liss\u00e4, aiheuttaa sairautta, kiusausta tai onnettomuutta ja torjutaan loitsuilla, apotropaiikoilla ja rituaaleilla.\">Demoni<\/span><span class=\"iwg-kultur-badge\" tabindex=\"0\" data-tooltip=\"Romanialainen kansanperinne karpaattis-balkanilaisella alueella, vampyyrik\u00e4sityksen ydinalue.\">Romania<\/span><\/div>\t\t\t\t<\/div>\n\t\t\t\t<\/div>\n\t\t<div class=\"elementor-element elementor-element-3f74855 e-con-full e-flex e-con e-child\" data-id=\"3f74855\" data-element_type=\"container\" data-e-type=\"container\">\n\t\t\t\t<div class=\"elementor-element elementor-element-1c30362 elementor-toc--minimized-on-tablet elementor-widget elementor-widget-table-of-contents\" data-id=\"1c30362\" data-element_type=\"widget\" data-e-type=\"widget\" data-settings=\"{&quot;exclude_headings_by_selector&quot;:[],&quot;no_headings_message&quot;:&quot;T\\u00e4lt\\u00e4 sivulta ei l\\u00f6ytynyt otsikoita.&quot;,&quot;headings_by_tags&quot;:[&quot;h2&quot;,&quot;h3&quot;],&quot;marker_view&quot;:&quot;bullets&quot;,&quot;icon&quot;:{&quot;value&quot;:&quot;fas fa-circle&quot;,&quot;library&quot;:&quot;fa-solid&quot;,&quot;rendered_tag&quot;:&quot;&lt;svg class=\\&quot;e-font-icon-svg e-fas-circle\\&quot; viewBox=\\&quot;0 0 512 512\\&quot; xmlns=\\&quot;http:\\\/\\\/www.w3.org\\\/2000\\\/svg\\&quot;&gt;&lt;path d=\\&quot;M256 8C119 8 8 119 8 256s111 248 248 248 248-111 248-248S393 8 256 8z\\&quot;&gt;&lt;\\\/path&gt;&lt;\\\/svg&gt;&quot;},&quot;minimize_box&quot;:&quot;yes&quot;,&quot;minimized_on&quot;:&quot;tablet&quot;,&quot;hierarchical_view&quot;:&quot;yes&quot;,&quot;min_height&quot;:{&quot;unit&quot;:&quot;px&quot;,&quot;size&quot;:&quot;&quot;,&quot;sizes&quot;:[]},&quot;min_height_tablet&quot;:{&quot;unit&quot;:&quot;px&quot;,&quot;size&quot;:&quot;&quot;,&quot;sizes&quot;:[]},&quot;min_height_mobile&quot;:{&quot;unit&quot;:&quot;px&quot;,&quot;size&quot;:&quot;&quot;,&quot;sizes&quot;:[]}}\" data-widget_type=\"table-of-contents.default\">\n\t\t\t\t\t\t\t\t\t<div class=\"elementor-toc__header\">\n\t\t\t\t\t\t<h2 class=\"elementor-toc__header-title\">\n\t\t\t\tSis\u00e4llysluettelo\t\t\t<\/h2>\n\t\t\t\t\t\t\t\t\t\t<div class=\"elementor-toc__toggle-button elementor-toc__toggle-button--expand\" role=\"button\" tabindex=\"0\" aria-controls=\"elementor-toc__1c30362\" aria-expanded=\"true\" aria-label=\"Open table of contents\"><svg aria-hidden=\"true\" class=\"e-font-icon-svg e-fas-chevron-down\" viewBox=\"0 0 448 512\" xmlns=\"http:\/\/www.w3.org\/2000\/svg\"><path d=\"M207.029 381.476L12.686 187.132c-9.373-9.373-9.373-24.569 0-33.941l22.667-22.667c9.357-9.357 24.522-9.375 33.901-.04L224 284.505l154.745-154.021c9.379-9.335 24.544-9.317 33.901.04l22.667 22.667c9.373 9.373 9.373 24.569 0 33.941L240.971 381.476c-9.373 9.372-24.569 9.372-33.942 0z\"><\/path><\/svg><\/div>\n\t\t\t\t<div class=\"elementor-toc__toggle-button elementor-toc__toggle-button--collapse\" role=\"button\" tabindex=\"0\" aria-controls=\"elementor-toc__1c30362\" aria-expanded=\"true\" aria-label=\"Close table of contents\"><svg aria-hidden=\"true\" class=\"e-font-icon-svg e-fas-chevron-up\" viewBox=\"0 0 448 512\" xmlns=\"http:\/\/www.w3.org\/2000\/svg\"><path d=\"M240.971 130.524l194.343 194.343c9.373 9.373 9.373 24.569 0 33.941l-22.667 22.667c-9.357 9.357-24.522 9.375-33.901.04L224 227.495 69.255 381.516c-9.379 9.335-24.544 9.317-33.901-.04l-22.667-22.667c-9.373-9.373-9.373-24.569 0-33.941L207.03 130.525c9.372-9.373 24.568-9.373 33.941-.001z\"><\/path><\/svg><\/div>\n\t\t\t\t\t<\/div>\n\t\t\t\t<div id=\"elementor-toc__1c30362\" class=\"elementor-toc__body\">\n\t\t\t<div class=\"elementor-toc__spinner-container\">\n\t\t\t\t<svg class=\"elementor-toc__spinner eicon-animation-spin e-font-icon-svg e-eicon-loading\" aria-hidden=\"true\" viewBox=\"0 0 1000 1000\" xmlns=\"http:\/\/www.w3.org\/2000\/svg\"><path d=\"M500 975V858C696 858 858 696 858 500S696 142 500 142 142 304 142 500H25C25 237 238 25 500 25S975 237 975 500 763 975 500 975Z\"><\/path><\/svg>\t\t\t<\/div>\n\t\t<\/div>\n\t\t\t\t\t\t<\/div>\n\t\t\t\t<\/div>\n\t\t\t\t\t<\/div>\n\t\t\t\t<\/div>\n\t\t<div class=\"elementor-element elementor-element-herorght0 e-con-full e-flex e-con e-child\" data-id=\"herorght0\" data-element_type=\"container\" data-e-type=\"container\">\n\t\t\t\t<div class=\"elementor-element elementor-element-heroimg00 iwg-hero-image elementor-widget elementor-widget-image\" data-id=\"heroimg00\" data-element_type=\"widget\" data-e-type=\"widget\" data-widget_type=\"image.default\">\n\t\t\t\t\t\t\t\t\t\t\t\t\t\t\t<img fetchpriority=\"high\" decoding=\"async\" width=\"683\" height=\"1024\" src=\"https:\/\/iwell-guard.com\/wp-content\/uploads\/2026\/07\/daemonen_rumaenisch_strigoi-683x1024.webp\" class=\"attachment-large size-large wp-image-148151\" alt=\"Strigoi, romanialaisen perinteen demoni\" srcset=\"https:\/\/iwell-guard.com\/wp-content\/uploads\/2026\/07\/daemonen_rumaenisch_strigoi-683x1024.webp 683w, https:\/\/iwell-guard.com\/wp-content\/uploads\/2026\/07\/daemonen_rumaenisch_strigoi-200x300.webp 200w, https:\/\/iwell-guard.com\/wp-content\/uploads\/2026\/07\/daemonen_rumaenisch_strigoi-768x1152.webp 768w, https:\/\/iwell-guard.com\/wp-content\/uploads\/2026\/07\/daemonen_rumaenisch_strigoi.webp 1024w\" sizes=\"(max-width: 683px) 100vw, 683px\" \/>\t\t\t\t\t\t\t\t\t\t\t\t\t\t\t<\/div>\n\t\t\t\t<\/div>\n\t\t\t\t\t<\/div>\n\t\t\t\t<\/div>\n\t\t<div class=\"elementor-element elementor-element-32917199 e-flex e-con-boxed e-con e-parent\" data-id=\"32917199\" data-element_type=\"container\" data-e-type=\"container\">\n\t\t\t\t\t<div class=\"e-con-inner\">\n\t\t<div class=\"elementor-element elementor-element-26e916cb e-flex e-con-boxed e-con e-child\" data-id=\"26e916cb\" data-element_type=\"container\" data-e-type=\"container\">\n\t\t\t\t\t<div class=\"e-con-inner\">\n\t\t<div class=\"elementor-element elementor-element-253a40d4 e-flex e-con-boxed e-con e-child\" data-id=\"253a40d4\" data-element_type=\"container\" data-e-type=\"container\">\n\t\t\t\t\t<div class=\"e-con-inner\">\n\t\t\t\t<div class=\"elementor-element elementor-element-1200c304 elementor-widget elementor-widget-heading\" data-id=\"1200c304\" data-element_type=\"widget\" data-e-type=\"widget\" data-widget_type=\"heading.default\">\n\t\t\t\t\t<div class=\"elementor-heading-title elementor-size-default\">Strigoi<\/div>\t\t\t\t<\/div>\n\t\t\t\t<div class=\"elementor-element elementor-element-11758e7f elementor-widget elementor-widget-text-editor\" data-id=\"11758e7f\" data-element_type=\"widget\" data-e-type=\"widget\" data-widget_type=\"text-editor.default\">\n\t\t\t\t\t\t\t\t\t<p>Strigoi on Romanian el\u00e4v\u00e4 kuollut verenimij\u00e4 ja l\u00e4nsimaisen vampyyrik\u00e4sityksen kansanuskoinen ydin. El\u00e4v\u00f6ityneen\u00e4 ruumiina h\u00e4n palaa omaan perheeseens\u00e4 ja ry\u00f6st\u00e4\u00e4 verta ja elinvoimaa ihmisilt\u00e4 ja karjalta.<\/p><p>H\u00e4n on taustana 1700-luvun historiallisille vampyyripaniikeille, jotka ylip\u00e4\u00e4t\u00e4\u00e4n toivat sanan vampyyri l\u00e4nsieurooppalaiseen kielenk\u00e4ytt\u00f6\u00f6n. Uskomus on yleinen Romaniassa, Moldovassa ja karpaattis-balkanilaisella alueella, ja hyvin dokumentoitu Agnes Murgocin ja Paul Barberin toimesta.<\/p><p>Yhdess\u00e4 <a href=\"https:\/\/iwell-guard.com\/fi\/?page_id=144868\">Moroin<\/a> kanssa, kuolevaisen vastinparin, h\u00e4n muodostaa romanialaisen vampyyrik\u00e4sityksen ydinparin: kuolematon ruumis toisaalla, kuolevainen henki toisaalla.<\/p>\t\t\t\t\t\t\t\t<\/div>\n\t\t\t\t\t<\/div>\n\t\t\t\t<\/div>\n\t\t<div class=\"elementor-element elementor-element-159dcf9a e-flex e-con-boxed e-con e-child\" data-id=\"159dcf9a\" data-element_type=\"container\" data-e-type=\"container\">\n\t\t\t\t\t<div class=\"e-con-inner\">\n\t\t\t\t<div class=\"elementor-element elementor-element-48cee66f elementor-widget elementor-widget-heading\" data-id=\"48cee66f\" data-element_type=\"widget\" data-e-type=\"widget\" data-widget_type=\"heading.default\">\n\t\t\t\t\t<div class=\"elementor-heading-title elementor-size-default\">Yleiskatsaus: Strigoi<\/div>\t\t\t\t<\/div>\n\t\t\t\t<div class=\"elementor-element elementor-element-3f50d82c elementor-widget elementor-widget-text-editor\" data-id=\"3f50d82c\" data-element_type=\"widget\" data-e-type=\"widget\" data-widget_type=\"text-editor.default\">\n\t\t\t\t\t\t\t\t\t<p><strong>Tyyppi:<\/strong> El\u00e4v\u00f6itynyt ruumis, romanialaisen vampyyrik\u00e4sityksen ydin<br>Alkuper\u00e4: Romanialainen kansanusko pahasta, levottomasta kuolleesta<br>Tekstit: hyvin dokumentoitu Murgocilla (1926) ja Barberilla (1988)<br>Ajanjakso: romanialainen perinne, systemaattisesti dokumentoitu 1800-luvulta ja 1900-luvun alusta l\u00e4htien<br>Ulkon\u00e4k\u00f6: el\u00e4v\u00e4n kaltainen, maatumaton ruumis, osin muodonmuuttaja<\/p>\t\t\t\t\t\t\t\t<\/div>\n\t\t\t\t\t<\/div>\n\t\t\t\t<\/div>\n\t\t\t\t\t<\/div>\n\t\t\t\t<\/div>\n\t\t\t\t\t<\/div>\n\t\t\t\t<\/div>\n\t\t<div class=\"elementor-element elementor-element-18613602 e-flex e-con-boxed e-con e-parent\" data-id=\"18613602\" data-element_type=\"container\" data-e-type=\"container\">\n\t\t\t\t\t<div class=\"e-con-inner\">\n\t\t\t\t<div class=\"elementor-element elementor-element-262b8a9f elementor-widget elementor-widget-heading\" data-id=\"262b8a9f\" data-element_type=\"widget\" data-e-type=\"widget\" data-widget_type=\"heading.default\">\n\t\t\t\t\t<h2 class=\"elementor-heading-title elementor-size-default\">L\u00e4hdekonteksti<\/h2>\t\t\t\t<\/div>\n\t\t<div class=\"elementor-element elementor-element-46dcb7d e-con-full e-flex e-con e-child\" data-id=\"46dcb7d\" data-element_type=\"container\" data-e-type=\"container\">\n\t\t<div class=\"elementor-element elementor-element-61d3ab3 e-flex e-con-boxed e-con e-child\" data-id=\"61d3ab3\" data-element_type=\"container\" data-e-type=\"container\">\n\t\t\t\t\t<div class=\"e-con-inner\">\n\t\t\t\t<div class=\"elementor-element elementor-element-117c166 elementor-widget elementor-widget-heading\" data-id=\"117c166\" data-element_type=\"widget\" data-e-type=\"widget\" data-widget_type=\"heading.default\">\n\t\t\t\t\t<h3 class=\"elementor-heading-title elementor-size-default\">Tekstien ajanjakso<\/h3>\t\t\t\t<\/div>\n\t\t\t\t<div class=\"elementor-element elementor-element-73997a0 elementor-widget elementor-widget-text-editor\" data-id=\"73997a0\" data-element_type=\"widget\" data-e-type=\"widget\" data-widget_type=\"text-editor.default\">\n\t\t\t\t\t\t\t\t\t<p>Strigoihin liittyv\u00e4 romanialainen perinne dokumentoidaan systemaattisesti vasta 1800-luvulta ja 1900-luvun alusta l\u00e4htien, vaikka taustalla olevat vampyyripaniikit voidaan osoittaa jo 1700-luvulla.<\/p>\t\t\t\t\t\t\t\t<\/div>\n\t\t\t\t\t<\/div>\n\t\t\t\t<\/div>\n\t\t<div class=\"elementor-element elementor-element-d47b156 e-flex e-con-boxed e-con e-child\" data-id=\"d47b156\" data-element_type=\"container\" data-e-type=\"container\">\n\t\t\t\t\t<div class=\"e-con-inner\">\n\t\t\t\t<div class=\"elementor-element elementor-element-ff38c2b elementor-widget elementor-widget-heading\" data-id=\"ff38c2b\" data-element_type=\"widget\" data-e-type=\"widget\" data-widget_type=\"heading.default\">\n\t\t\t\t\t<h3 class=\"elementor-heading-title elementor-size-default\">Levinneisyysalue<\/h3>\t\t\t\t<\/div>\n\t\t\t\t<div class=\"elementor-element elementor-element-4e49fcc elementor-widget elementor-widget-text-editor\" data-id=\"4e49fcc\" data-element_type=\"widget\" data-e-type=\"widget\" data-widget_type=\"text-editor.default\">\n\t\t\t\t\t\t\t\t\t<p>Romania, Moldova ja karpaattis-balkanilainen alue: n\u00e4ill\u00e4 alueilla strigoi-uskomus on historiallisesti ja kansatieteellisesti parhaiten todistettu.<\/p>\t\t\t\t\t\t\t\t<\/div>\n\t\t\t\t\t<\/div>\n\t\t\t\t<\/div>\n\t\t\t\t<\/div>\n\t\t<div class=\"elementor-element elementor-element-db03c39 e-con-full e-flex e-con e-child\" data-id=\"db03c39\" data-element_type=\"container\" data-e-type=\"container\">\n\t\t<div class=\"elementor-element elementor-element-229a87b e-flex e-con-boxed e-con e-child\" data-id=\"229a87b\" data-element_type=\"container\" data-e-type=\"container\">\n\t\t\t\t\t<div class=\"e-con-inner\">\n\t\t\t\t<div class=\"elementor-element elementor-element-1f471fc elementor-widget elementor-widget-heading\" data-id=\"1f471fc\" data-element_type=\"widget\" data-e-type=\"widget\" data-widget_type=\"heading.default\">\n\t\t\t\t\t<h3 class=\"elementor-heading-title elementor-size-default\">L\u00e4hdetilanne<\/h3>\t\t\t\t<\/div>\n\t\t\t\t<div class=\"elementor-element elementor-element-36b1201 elementor-widget elementor-widget-text-editor\" data-id=\"36b1201\" data-element_type=\"widget\" data-e-type=\"widget\" data-widget_type=\"text-editor.default\">\n\t\t\t\t\t\t\t\t\t<p>Hyv\u00e4: Agnes Murgocin vuoden 1926 tutkimusta ja Paul Barberin vuoden 1988 tutkimusta pidet\u00e4\u00e4n keskeisin\u00e4 l\u00e4htein\u00e4, samoin vampyyripaniikkien aikalaiskertomuksia.<\/p>\t\t\t\t\t\t\t\t<\/div>\n\t\t\t\t\t<\/div>\n\t\t\t\t<\/div>\n\t\t\t\t<\/div>\n\t\t\t\t\t<\/div>\n\t\t\t\t<\/div>\n\t\t<div class=\"elementor-element elementor-element-3ae0637c e-flex e-con-boxed e-con e-parent\" data-id=\"3ae0637c\" data-element_type=\"container\" data-e-type=\"container\">\n\t\t\t\t\t<div class=\"e-con-inner\">\n\t\t\t\t<div class=\"elementor-element elementor-element-31d07739 elementor-widget elementor-widget-heading\" data-id=\"31d07739\" data-element_type=\"widget\" data-e-type=\"widget\" data-widget_type=\"heading.default\">\n\t\t\t\t\t<h2 class=\"elementor-heading-title elementor-size-default\">Nimi ja muodot<\/h2>\t\t\t\t<\/div>\n\t\t<div class=\"elementor-element elementor-element-b7642947 e-con-full e-flex e-con e-child\" data-id=\"b7642947\" data-element_type=\"container\" data-e-type=\"container\">\n\t\t\t\t<div class=\"elementor-element elementor-element-a086266 elementor-widget elementor-widget-text-editor\" data-id=\"a086266\" data-element_type=\"widget\" data-e-type=\"widget\" data-widget_type=\"text-editor.default\">\n\t\t\t\t\t\t\t\t\t<p><strong>Romania:<\/strong> Nimi liittyy verbiin <em>a striga<\/em>, huutaa, todenn\u00e4k\u00f6isesti latinan sanan <em>striga<\/em> tai <em>strix<\/em>, y\u00f6noita tai y\u00f6p\u00f6ll\u00f6, v\u00e4lityksell\u00e4. Erotetaan <em>strigoi viu<\/em>, el\u00e4v\u00e4 strigoi, ja <em>strigoi mort<\/em>, kuollut strigoi, jota pidet\u00e4\u00e4n varsinaisesti vaarallisena tyyppin\u00e4.<\/p>\t\t\t\t\t\t\t\t<\/div>\n\t\t\t\t<\/div>\n\t\t\t\t\t<\/div>\n\t\t\t\t<\/div>\n\t\t<div class=\"elementor-element elementor-element-709a44a8 e-flex e-con-boxed e-con e-parent\" data-id=\"709a44a8\" data-element_type=\"container\" data-e-type=\"container\">\n\t\t\t\t\t<div class=\"e-con-inner\">\n\t\t\t\t<div class=\"elementor-element elementor-element-2f585873 elementor-widget elementor-widget-heading\" data-id=\"2f585873\" data-element_type=\"widget\" data-e-type=\"widget\" data-widget_type=\"heading.default\">\n\t\t\t\t\t<h2 class=\"elementor-heading-title elementor-size-default\">Hahmo ja vaikutus<\/h2>\t\t\t\t<\/div>\n\t\t<div class=\"elementor-element elementor-element-70621c12 e-con-full e-flex e-con e-child\" data-id=\"70621c12\" data-element_type=\"container\" data-e-type=\"container\">\n\t\t\t\t<div class=\"elementor-element elementor-element-4296eb49 elementor-widget elementor-widget-text-editor\" data-id=\"4296eb49\" data-element_type=\"widget\" data-e-type=\"widget\" data-widget_type=\"text-editor.default\">\n\t\t\t\t\t\t\t\t\t<p><strong>Ulkon\u00e4k\u00f6<\/strong><\/p><p>Strigoi muistuttaa ulkoisesti kuollutta, on maatumaton ja osoittaa haudankaivun yhteydess\u00e4 toisinaan verta suussaan, mink\u00e4 on tulkittu todisteeksi. H\u00e4n voi ottaa el\u00e4imen hahmon, tulla n\u00e4kym\u00e4tt\u00f6m\u00e4ksi ja muuttaa kokoaan p\u00e4\u00e4st\u00e4kseen taloon avaimenrei\u00e4st\u00e4.<\/p><p><strong>Vaikutus<\/strong><\/p><p>Strigoi ry\u00f6st\u00e4\u00e4 verta ja elinvoimaa perheelt\u00e4, naapureilta ja karjalta; h\u00e4n vie maitoa lehmilt\u00e4 ja imett\u00e4vilt\u00e4 \u00e4ideilt\u00e4 ja aiheuttaa hiipiv\u00e4n per\u00e4kk\u00e4isten kuolemien sarjan. H\u00e4n on aktiivinen y\u00f6ll\u00e4 ja velttona p\u00e4iv\u00e4ll\u00e4, ja edustaa pahaa kuollutta, joka ei l\u00f6yd\u00e4 rauhaa.<\/p>\t\t\t\t\t\t\t\t<\/div>\n\t\t\t\t<\/div>\n\t\t\t\t\t<\/div>\n\t\t\t\t<\/div>\n\t\t<div class=\"elementor-element elementor-element-44e71476 e-flex e-con-boxed e-con e-parent\" data-id=\"44e71476\" data-element_type=\"container\" data-e-type=\"container\">\n\t\t\t\t\t<div class=\"e-con-inner\">\n\t\t\t\t<div class=\"elementor-element elementor-element-3c1fc3f0 elementor-widget elementor-widget-heading\" data-id=\"3c1fc3f0\" data-element_type=\"widget\" data-e-type=\"widget\" data-widget_type=\"heading.default\">\n\t\t\t\t\t<h2 class=\"elementor-heading-title elementor-size-default\">Tietokortti: Strigoi<\/h2>\t\t\t\t<\/div>\n\t\t<div class=\"elementor-element elementor-element-84f33b8e e-con-full e-flex e-con e-child\" data-id=\"84f33b8e\" data-element_type=\"container\" data-e-type=\"container\">\n\t\t\t\t<div class=\"elementor-element elementor-element-hqkdc67p elementor-widget elementor-widget-text-editor\" data-id=\"hqkdc67p\" data-element_type=\"widget\" data-e-type=\"widget\" data-widget_type=\"text-editor.default\">\n\t\t\t\t\t\t\t\t\t<p>Romanialaisen verenimij\u00e4n t\u00e4rkeimm\u00e4t piirteet tiivistetysti.<\/p>\t\t\t\t\t\t\t\t<\/div>\n\t\t\t\t<\/div>\n\t\t<div class=\"elementor-element elementor-element-pemmx7c5 e-con-full e-flex e-con e-child\" data-id=\"pemmx7c5\" data-element_type=\"container\" data-e-type=\"container\">\n\t\t<div class=\"elementor-element elementor-element-pemmx7c1 e-con-full e-flex e-con e-child\" data-id=\"pemmx7c1\" data-element_type=\"container\" data-e-type=\"container\">\n\t\t<div class=\"elementor-element elementor-element-qh9oavvu iwg-steckbrief-card e-flex e-con-boxed e-con e-child\" data-id=\"qh9oavvu\" data-element_type=\"container\" data-e-type=\"container\">\n\t\t\t\t\t<div class=\"e-con-inner\">\n\t\t\t\t<div class=\"elementor-element elementor-element-awzx8k2k elementor-widget elementor-widget-heading\" data-id=\"awzx8k2k\" data-element_type=\"widget\" data-e-type=\"widget\" data-widget_type=\"heading.default\">\n\t\t\t\t\t<div class=\"elementor-heading-title elementor-size-default\">Kulttuurikonteksti<\/div>\t\t\t\t<\/div>\n\t\t\t\t<div class=\"elementor-element elementor-element-x6rowhv0 elementor-widget elementor-widget-text-editor\" data-id=\"x6rowhv0\" data-element_type=\"widget\" data-e-type=\"widget\" data-widget_type=\"text-editor.default\">\n\t\t\t\t\t\t\t\t\t<p>Romanialaisen vampyyrik\u00e4sityksen ydin ja tausta 1700-luvun historiallisille vampyyripaniikeille.<\/p>\t\t\t\t\t\t\t\t<\/div>\n\t\t\t\t\t<\/div>\n\t\t\t\t<\/div>\n\t\t<div class=\"elementor-element elementor-element-8e3o4kxs iwg-steckbrief-card e-flex e-con-boxed e-con e-child\" data-id=\"8e3o4kxs\" data-element_type=\"container\" data-e-type=\"container\">\n\t\t\t\t\t<div class=\"e-con-inner\">\n\t\t\t\t<div class=\"elementor-element elementor-element-08rkdgov elementor-widget elementor-widget-heading\" data-id=\"08rkdgov\" data-element_type=\"widget\" data-e-type=\"widget\" data-widget_type=\"heading.default\">\n\t\t\t\t\t<div class=\"elementor-heading-title elementor-size-default\">Kohdistuu<\/div>\t\t\t\t<\/div>\n\t\t\t\t<div class=\"elementor-element elementor-element-uwjelx8s elementor-widget elementor-widget-text-editor\" data-id=\"uwjelx8s\" data-element_type=\"widget\" data-e-type=\"widget\" data-widget_type=\"text-editor.default\">\n\t\t\t\t\t\t\t\t\t<p>Ensin oma perhe, sitten naapurit ja karja, joilta h\u00e4n ry\u00f6st\u00e4\u00e4 verta ja elinvoimaa.<\/p>\t\t\t\t\t\t\t\t<\/div>\n\t\t\t\t\t<\/div>\n\t\t\t\t<\/div>\n\t\t<div class=\"elementor-element elementor-element-jm2n74ec iwg-steckbrief-card e-flex e-con-boxed e-con e-child\" data-id=\"jm2n74ec\" data-element_type=\"container\" data-e-type=\"container\">\n\t\t\t\t\t<div class=\"e-con-inner\">\n\t\t\t\t<div class=\"elementor-element elementor-element-8vufse4c elementor-widget elementor-widget-heading\" data-id=\"8vufse4c\" data-element_type=\"widget\" data-e-type=\"widget\" data-widget_type=\"heading.default\">\n\t\t\t\t\t<div class=\"elementor-heading-title elementor-size-default\">Esitt\u00e4minen<\/div>\t\t\t\t<\/div>\n\t\t\t\t<div class=\"elementor-element elementor-element-mwb9u015 elementor-widget elementor-widget-text-editor\" data-id=\"mwb9u015\" data-element_type=\"widget\" data-e-type=\"widget\" data-widget_type=\"text-editor.default\">\n\t\t\t\t\t\t\t\t\t<p>El\u00e4v\u00e4n kaltainen, maatumaton ruumis, joka voi ottaa el\u00e4imen hahmon ja muuttaa kokoaan.<\/p>\t\t\t\t\t\t\t\t<\/div>\n\t\t\t\t\t<\/div>\n\t\t\t\t<\/div>\n\t\t\t\t<\/div>\n\t\t<div class=\"elementor-element elementor-element-pemmx7c2 e-con-full e-flex e-con e-child\" data-id=\"pemmx7c2\" data-element_type=\"container\" data-e-type=\"container\">\n\t\t<div class=\"elementor-element elementor-element-37ss2yr6 iwg-steckbrief-card e-flex e-con-boxed e-con e-child\" data-id=\"37ss2yr6\" data-element_type=\"container\" data-e-type=\"container\">\n\t\t\t\t\t<div class=\"e-con-inner\">\n\t\t\t\t<div class=\"elementor-element elementor-element-3v0wp3wx elementor-widget elementor-widget-heading\" data-id=\"3v0wp3wx\" data-element_type=\"widget\" data-e-type=\"widget\" data-widget_type=\"heading.default\">\n\t\t\t\t\t<div class=\"elementor-heading-title elementor-size-default\">Vaikutusalue<\/div>\t\t\t\t<\/div>\n\t\t\t\t<div class=\"elementor-element elementor-element-w3247g2m elementor-widget elementor-widget-text-editor\" data-id=\"w3247g2m\" data-element_type=\"widget\" data-e-type=\"widget\" data-widget_type=\"text-editor.default\">\n\t\t\t\t\t\t\t\t\t<p>Veren ja elinvoiman ry\u00f6st\u00f6, maidon vieminen lehmilt\u00e4 ja \u00e4ideilt\u00e4, hiipiv\u00e4 per\u00e4kk\u00e4isten kuolemien sarja perheess\u00e4.<\/p>\t\t\t\t\t\t\t\t<\/div>\n\t\t\t\t\t<\/div>\n\t\t\t\t<\/div>\n\t\t<div class=\"elementor-element elementor-element-0qpjal9w iwg-steckbrief-card e-flex e-con-boxed e-con e-child\" data-id=\"0qpjal9w\" data-element_type=\"container\" data-e-type=\"container\">\n\t\t\t\t\t<div class=\"e-con-inner\">\n\t\t\t\t<div class=\"elementor-element elementor-element-6ndoih0o elementor-widget elementor-widget-heading\" data-id=\"6ndoih0o\" data-element_type=\"widget\" data-e-type=\"widget\" data-widget_type=\"heading.default\">\n\t\t\t\t\t<div class=\"elementor-heading-title elementor-size-default\">Torjuntamuodot<\/div>\t\t\t\t<\/div>\n\t\t\t\t<div class=\"elementor-element elementor-element-6684tyh9 elementor-widget elementor-widget-text-editor\" data-id=\"6684tyh9\" data-element_type=\"widget\" data-e-type=\"widget\" data-widget_type=\"text-editor.default\">\n\t\t\t\t\t\t\t\t\t<p>Haudankaivu, seiv\u00e4st\u00e4minen syd\u00e4men kautta, mestaaminen ja syd\u00e4men polttaminen sek\u00e4 valkosipuli ja asianmukainen hautaus.<\/p>\t\t\t\t\t\t\t\t<\/div>\n\t\t\t\t\t<\/div>\n\t\t\t\t<\/div>\n\t\t<div class=\"elementor-element elementor-element-3lfi7x32 iwg-steckbrief-card e-flex e-con-boxed e-con e-child\" data-id=\"3lfi7x32\" data-element_type=\"container\" data-e-type=\"container\">\n\t\t\t\t\t<div class=\"e-con-inner\">\n\t\t\t\t<div class=\"elementor-element elementor-element-0kg99ga1 elementor-widget elementor-widget-heading\" data-id=\"0kg99ga1\" data-element_type=\"widget\" data-e-type=\"widget\" data-widget_type=\"heading.default\">\n\t\t\t\t\t<div class=\"elementor-heading-title elementor-size-default\">Sukulaisilmi\u00f6t<\/div>\t\t\t\t<\/div>\n\t\t\t\t<div class=\"elementor-element elementor-element-n0fum6kp elementor-widget elementor-widget-text-editor\" data-id=\"n0fum6kp\" data-element_type=\"widget\" data-e-type=\"widget\" data-widget_type=\"text-editor.default\">\n\t\t\t\t\t\t\t\t\t<p><a href=\"https:\/\/iwell-guard.com\/fi\/?page_id=144868\">Moroi<\/a>, h\u00e4nen kuolevainen vastinparinsa, ja <a href=\"https:\/\/iwell-guard.com\/fi\/?page_id=144869\">Pricolici<\/a>, h\u00e4nen ihmissusivariantoinsa, sek\u00e4 kreikkalainen <a href=\"https:\/\/iwell-guard.com\/fi\/?page_id=144870\">Vrykolakas<\/a>.<\/p>\t\t\t\t\t\t\t\t<\/div>\n\t\t\t\t\t<\/div>\n\t\t\t\t<\/div>\n\t\t\t\t<\/div>\n\t\t\t\t<\/div>\n\t\t\t\t\t<\/div>\n\t\t\t\t<\/div>\n\t\t<div class=\"elementor-element elementor-element-7533bc7a e-flex e-con-boxed e-con e-parent\" data-id=\"7533bc7a\" data-element_type=\"container\" data-e-type=\"container\">\n\t\t\t\t\t<div class=\"e-con-inner\">\n\t\t\t\t<div class=\"elementor-element elementor-element-2447d18d elementor-widget elementor-widget-heading\" data-id=\"2447d18d\" data-element_type=\"widget\" data-e-type=\"widget\" data-widget_type=\"heading.default\">\n\t\t\t\t\t<h2 class=\"elementor-heading-title elementor-size-default\">Striga, huuto ja strigoin kaksi tyyppi\u00e4<\/h2>\t\t\t\t<\/div>\n\t\t<div class=\"elementor-element elementor-element-d5d0260c e-con-full e-flex e-con e-child\" data-id=\"d5d0260c\" data-element_type=\"container\" data-e-type=\"container\">\n\t\t\t\t<div class=\"elementor-element elementor-element-341be2ac elementor-widget elementor-widget-text-editor\" data-id=\"341be2ac\" data-element_type=\"widget\" data-e-type=\"widget\" data-widget_type=\"text-editor.default\">\n\t\t\t\t\t\t\t\t\t<p>Nimi Strigoi liittyy romanian verbiin <em>a striga<\/em>, huutaa, todenn\u00e4k\u00f6isesti latinan sanan <em>striga<\/em> tai <em>strix<\/em>, y\u00f6noita tai y\u00f6p\u00f6ll\u00f6, v\u00e4lityksell\u00e4. Perinne erottaa kaksi perustyyppi\u00e4: strigoi viun, el\u00e4v\u00e4n strigoin, ihmisen tai velhon, jonka sielu kulkee jo el\u00e4ess\u00e4\u00e4n ja ry\u00f6st\u00e4\u00e4 sadon ja maidon, ja strigoi mortin, kuolleen strigoin, joka nousee haudasta, palaa omaan perheeseens\u00e4 ja heikent\u00e4\u00e4 omaisia kuolemaan asti.<\/p><p>Strigoi-uskomus on taustalla dokumentoiduissa 1700-luvun balkanilaisissa vampyyripaniikeissa. Keskeisi\u00e4 tapauksia ovat Petar Blagojevi\u0107 Kisiljevossa vuonna 1725, jonka raportti sis\u00e4lsi sanan Vampyri ensimm\u00e4isen painetun k\u00e4yt\u00f6n l\u00e4nness\u00e4, ja Arnold Paole Medve\u0111assa noin 1732, jonka tapausta tutki virallinen sotilaallis-l\u00e4\u00e4ketieteellinen komissio.<\/p>\t\t\t\t\t\t\t\t<\/div>\n\t\t\t\t<\/div>\n\t\t\t\t\t<\/div>\n\t\t\t\t<\/div>\n\t\t<div class=\"elementor-element elementor-element-5a584676 e-flex e-con-boxed e-con e-parent\" data-id=\"5a584676\" data-element_type=\"container\" data-e-type=\"container\">\n\t\t\t\t\t<div class=\"e-con-inner\">\n\t\t\t\t<div class=\"elementor-element elementor-element-6d0757bf elementor-widget elementor-widget-heading\" data-id=\"6d0757bf\" data-element_type=\"widget\" data-e-type=\"widget\" data-widget_type=\"heading.default\">\n\t\t\t\t\t<h2 class=\"elementor-heading-title elementor-size-default\">Kisiljevosta Draculaan<\/h2>\t\t\t\t<\/div>\n\t\t<div class=\"elementor-element elementor-element-60563f68 e-con-full e-flex e-con e-child\" data-id=\"60563f68\" data-element_type=\"container\" data-e-type=\"container\">\n\t\t\t\t<div class=\"elementor-element elementor-element-5a93fdd6 elementor-widget elementor-widget-text-editor\" data-id=\"5a93fdd6\" data-element_type=\"widget\" data-e-type=\"widget\" data-widget_type=\"text-editor.default\">\n\t\t\t\t\t\t\t\t\t<p>Strigoi on l\u00e4nsimaisen vampyyrik\u00e4sityksen ydin. Emily Gerardin vuoden 1885 tutkimus <em>Transylvanian Superstitions<\/em> mainitsi Strigoin, Pricolicin ja Vrkolakin ja antoi Bram Stokerille aineistoa vuoden 1897 teokseen <em>Dracula<\/em>. Nyky\u00e4\u00e4n strigoi on keskeinen hahmo vampyyripopkulttuurissa, elokuvissa, sarjoissa ja roolipeleiss\u00e4.<\/p><p>Uskontotieteellisesti strigoi on esimerkkitapaus romanialaisesta vastakkainasettelusta hyv\u00e4n ja pahan kuolleen v\u00e4lill\u00e4: hyv\u00e4 kuollut siirtyy tuonpuoleiseen ongelmitta, paha ei l\u00f6yd\u00e4 rauhaa ja palaa takaisin. 1700-luvun vampyyripaniikkeja pidet\u00e4\u00e4n uskonto- ja l\u00e4\u00e4ketieteen historian tapauksena, jossa kansanusko, ortodoksiset tuonpuoleisuskomukset, ruttokokemus ja v\u00e4\u00e4rin tulkitut maatumisilmi\u00f6t kohtasivat; Paul Barber selitt\u00e4\u00e4 haudankaivujen todisteet fysiologisesti.<\/p>\t\t\t\t\t\t\t\t<\/div>\n\t\t\t\t<\/div>\n\t\t\t\t\t<\/div>\n\t\t\t\t<\/div>\n\t\t<div class=\"elementor-element elementor-element-cp9a031aa e-flex e-con-boxed e-con e-parent\" data-id=\"cp9a031aa\" data-element_type=\"container\" data-e-type=\"container\">\n\t\t\t\t\t<div class=\"e-con-inner\">\n\t\t\t\t<div class=\"elementor-element elementor-element-cp9193514 elementor-widget elementor-widget-heading\" data-id=\"cp9193514\" data-element_type=\"widget\" data-e-type=\"widget\" data-widget_type=\"heading.default\">\n\t\t\t\t\t<h2 class=\"elementor-heading-title elementor-size-default\">Seiv\u00e4st\u00e4minen, valkosipuli ja strigoin torjunta<\/h2>\t\t\t\t<\/div>\n\t\t<div class=\"elementor-element elementor-element-cp02ca0ee e-con-full e-flex e-con e-child\" data-id=\"cp02ca0ee\" data-element_type=\"container\" data-e-type=\"container\">\n\t\t\t\t<div class=\"elementor-element elementor-element-cp444e0f1 elementor-widget elementor-widget-text-editor\" data-id=\"cp444e0f1\" data-element_type=\"widget\" data-e-type=\"widget\" data-widget_type=\"text-editor.default\">\n\t\t\t\t\t\t\t\t\t<p>L\u00e4hteiss\u00e4 vahvistettuja keinoja ovat ruumiin kaivaminen esiin ja paalutus syd\u00e4men l\u00e4pi, Serbiassa orapihlajapuulla, Ven\u00e4j\u00e4ll\u00e4 haavanpuulla, sek\u00e4 kaulan katkaisu, syd\u00e4men irrottaminen ja polttaminen ja koko ruumiin polttaminen. <a href=\"https:\/\/iwell-guard.com\/fi\/valkosipuli-suojana\/\">Valkosipulia<\/a> tungettiin vainajan suuhun, nen\u00e4\u00e4n ja korviin, ja sit\u00e4 pidet\u00e4\u00e4n klassisena keinona torjua el\u00e4v\u00e4 kuollut verenimij\u00e4. Ennaltaehk\u00e4isev\u00e4sti auttoivat asianmukainen hautaus ja sinapinsiementen ja koiranruusun levitt\u00e4minen sek\u00e4 piikik\u00e4s suojapuu, kuten orapihlaja, mihin kuuluu my\u00f6s l\u00e4heinen <a href=\"https:\/\/iwell-guard.com\/fi\/pihlaja-suojapuu-ja-suojapuuaines-kansanmagiassa\/\">pihlaja<\/a>. My\u00f6s <a href=\"https:\/\/iwell-guard.com\/fi\/pyha-vesi\/\">pyhitetty vesi<\/a> pyhitettyn\u00e4 merkkin\u00e4 on osa kristillist\u00e4 levottoman vainajan torjuntaa.<\/p>\t\t\t\t\t\t\t\t<\/div>\n\t\t\t\t<\/div>\n\t\t\t\t\t<\/div>\n\t\t\t\t<\/div>\n\t\t<div class=\"elementor-element elementor-element-cp11de5b2 e-flex e-con-boxed e-con e-parent\" data-id=\"cp11de5b2\" data-element_type=\"container\" data-e-type=\"container\">\n\t\t\t\t\t<div class=\"e-con-inner\">\n\t\t\t\t<div class=\"elementor-element elementor-element-cp8d35271 elementor-widget elementor-widget-heading\" data-id=\"cp8d35271\" data-element_type=\"widget\" data-e-type=\"widget\" data-widget_type=\"heading.default\">\n\t\t\t\t\t<h2 class=\"elementor-heading-title elementor-size-default\">Strigoi eurooppalaisten vampyyrien ja el\u00e4vien kuolleiden joukossa<\/h2>\t\t\t\t<\/div>\n\t\t<div class=\"elementor-element elementor-element-cp02f26b8 e-con-full e-flex e-con e-child\" data-id=\"cp02f26b8\" data-element_type=\"container\" data-e-type=\"container\">\n\t\t\t\t<div class=\"elementor-element elementor-element-cp58c4390 elementor-widget elementor-widget-text-editor\" data-id=\"cp58c4390\" data-element_type=\"widget\" data-e-type=\"widget\" data-widget_type=\"text-editor.default\">\n\t\t\t\t\t\t\t\t\t<p>Strigoi muodostaa <a href=\"https:\/\/iwell-guard.com\/fi\/?page_id=144868\">Moroin<\/a> kanssa romanialaisen ydinparin, kuolemattoman ja kuolevaisen tyypin, ja on sukua <a href=\"https:\/\/iwell-guard.com\/fi\/?page_id=144869\">Pricolicille<\/a>, sen ihmissusimuunnokselle. Rumanian ulkopuolella sit\u00e4 vastaavat kreikkalainen <a href=\"https:\/\/iwell-guard.com\/fi\/?page_id=144870\">Vrykolakas<\/a>, puolalainen <a href=\"https:\/\/iwell-guard.com\/fi\/?page_id=144872\">Upi\u00f3r<\/a> ja etel\u00e4slaavilainen <a href=\"https:\/\/iwell-guard.com\/fi\/?page_id=144871\">Vukodlak<\/a>; muita rinnakkaisilmi\u00f6it\u00e4 ovat germaaninen <a href=\"https:\/\/iwell-guard.com\/fi\/?page_id=144874\">Nachzehrer<\/a> ja pohjoismainen <a href=\"https:\/\/iwell-guard.com\/fi\/?page_id=144877\">Gjenganger<\/a>.<\/p>\t\t\t\t\t\t\t\t<\/div>\n\t\t\t\t<\/div>\n\t\t\t\t\t<\/div>\n\t\t\t\t<\/div>\n\t\t<div class=\"elementor-element elementor-element-cp406577c e-flex e-con-boxed e-con e-parent\" data-id=\"cp406577c\" data-element_type=\"container\" data-e-type=\"container\">\n\t\t\t\t\t<div class=\"e-con-inner\">\n\t\t\t\t<div class=\"elementor-element elementor-element-cpdd9c543 elementor-widget elementor-widget-heading\" data-id=\"cpdd9c543\" data-element_type=\"widget\" data-e-type=\"widget\" data-widget_type=\"heading.default\">\n\t\t\t\t\t<h2 class=\"elementor-heading-title elementor-size-default\">Usein kysytyt kysymykset Strigoista<\/h2>\t\t\t\t<\/div>\n\t\t<div class=\"elementor-element elementor-element-cp9e731bb e-con-full e-flex e-con e-child\" data-id=\"cp9e731bb\" data-element_type=\"container\" data-e-type=\"container\">\n\t\t\t\t<div class=\"elementor-element elementor-element-cpa7c898c elementor-widget elementor-widget-text-editor\" data-id=\"cpa7c898c\" data-element_type=\"widget\" data-e-type=\"widget\" data-widget_type=\"text-editor.default\">\n\t\t\t\t\t\t\t\t\t<p><strong>Mik\u00e4 on ero strigoi viun ja strigoi mortin v\u00e4lill\u00e4?<\/strong><\/p><p>Strigoi viu on el\u00e4v\u00e4 ihminen tai velho, jonka sielu liikkuu jo el\u00e4ess\u00e4\u00e4n; strigoi mort on haudasta her\u00e4tetty ruumis, ja sit\u00e4 pidet\u00e4\u00e4n vaarallisempana tyyppin\u00e4.<\/p><p><strong>Onko Strigoi historiallisesti todistettu?<\/strong><\/p><p>Itse uskomus kyll\u00e4: vampyyripaniikit Petar Blagojevi\u0107in ymp\u00e4rill\u00e4 1725 Kisiljevossa ja Arnold Paolen ymp\u00e4rill\u00e4 noin 1732 Medve\u0111assa on kirjattu asiakirjoihin ja ne tutkittiin virallisesti.<\/p><p><strong>Miten Strigoilta suojautuu?<\/strong><\/p><p>Paalutuksella orapihlaja- tai haavanpuulla, kaulan katkaisulla, syd\u00e4men polttamisella, valkosipulilla ja ennen kaikkea asianmukaisella hautauksella.<\/p>\t\t\t\t\t\t\t\t<\/div>\n\t\t\t\t<\/div>\n\t\t\t\t\t<\/div>\n\t\t\t\t<\/div>\n\t\t<div class=\"elementor-element elementor-element-36dd7469 e-flex e-con-boxed e-con e-parent\" data-id=\"36dd7469\" data-element_type=\"container\" data-e-type=\"container\">\n\t\t\t\t\t<div class=\"e-con-inner\">\n\t\t\t\t<div class=\"elementor-element elementor-element-13760ab4 elementor-widget elementor-widget-heading\" data-id=\"13760ab4\" data-element_type=\"widget\" data-e-type=\"widget\" data-widget_type=\"heading.default\">\n\t\t\t\t\t<h2 class=\"elementor-heading-title elementor-size-default\">Aiheeseen liittyv\u00e4t linkit<\/h2>\t\t\t\t<\/div>\n\t\t<div class=\"elementor-element elementor-element-28c87796 e-con-full e-flex e-con e-child\" data-id=\"28c87796\" data-element_type=\"container\" data-e-type=\"container\">\n\t\t\t\t<div class=\"elementor-element elementor-element-5d6538df elementor-widget elementor-widget-text-editor\" data-id=\"5d6538df\" data-element_type=\"widget\" data-e-type=\"widget\" data-widget_type=\"text-editor.default\">\n\t\t\t\t\t\t\t\t\t<p>Suositeltuja sis\u00e4isi\u00e4 linkkej\u00e4:<\/p><ul><li><a href=\"https:\/\/iwell-guard.com\/fi\/?page_id=144868\">Moroi<\/a> \u2013 Strigoin kuolevainen vastinpari<\/li><li><a href=\"https:\/\/iwell-guard.com\/fi\/?page_id=144869\">Pricolici<\/a>, <a href=\"https:\/\/iwell-guard.com\/fi\/?page_id=144870\">Vrykolakas<\/a> \u2013 sukua olevat vampyyrityypit<\/li><li><a href=\"https:\/\/iwell-guard.com\/fi\/valkosipuli-suojana\/\">Valkosipuli<\/a>, <a href=\"https:\/\/iwell-guard.com\/fi\/pihlaja-suojapuu-ja-suojapuuaines-kansanmagiassa\/\">Pihlaja<\/a>, <a href=\"https:\/\/iwell-guard.com\/fi\/pyha-vesi\/\">Pyhitetty vesi<\/a> \u2013 perinteiset suojakeinot<\/li><li><a href=\"https:\/\/iwell-guard.com\/fi\/suoja-kompassi\/\">Suoja-kompassi<\/a> \u2013 suojakeinot yhdell\u00e4 silm\u00e4yksell\u00e4<\/li><\/ul>\t\t\t\t\t\t\t\t<\/div>\n\t\t\t\t<\/div>\n\t\t\t\t\t<\/div>\n\t\t\t\t<\/div>\n\t\t<div class=\"elementor-element elementor-element-grl4kl40 e-flex e-con-boxed e-con e-parent\" data-id=\"grl4kl40\" data-element_type=\"container\" data-e-type=\"container\">\n\t\t\t\t\t<div class=\"e-con-inner\">\n\t\t\t\t<div class=\"elementor-element elementor-element-bzsbfrmh elementor-widget elementor-widget-heading\" data-id=\"bzsbfrmh\" data-element_type=\"widget\" data-e-type=\"widget\" data-widget_type=\"heading.default\">\n\t\t\t\t\t<h2 class=\"elementor-heading-title elementor-size-default\">Kirjallisuus (valikoima)<\/h2>\t\t\t\t<\/div>\n\t\t<div class=\"elementor-element elementor-element-2c13224a e-con-full e-flex e-con e-child\" data-id=\"2c13224a\" data-element_type=\"container\" data-e-type=\"container\">\n\t\t\t\t<div class=\"elementor-element elementor-element-0eymh9ub elementor-widget elementor-widget-text-editor\" data-id=\"0eymh9ub\" data-element_type=\"widget\" data-e-type=\"widget\" data-widget_type=\"text-editor.default\">\n\t\t\t\t\t\t\t\t\t<footer class=\"iwg-literatur\" data-nosnippet=\"true\"><p>Valikoima keskeisi\u00e4 l\u00e4hteit\u00e4 ja tutkimuksia:<\/p><ul><li><span data-nosnippet>Murgoci, Agnes: <em>The Vampire in Roumania<\/em>. In: Folklore 37 (1926).<\/span><\/li><li><span data-nosnippet>Barber, Paul: <em>Vampires, Burial, and Death. Folklore and Reality<\/em>. New Haven 1988.<\/span><\/li><li><span data-nosnippet>Summers, Montague: <em>The Vampire in Europe<\/em>. London 1929.<\/span><\/li><li><span data-nosnippet>Perkowski, Jan L.: <em>The Darkling. A Treatise on Slavic Vampirism<\/em>. Columbus 1989.<\/span><\/li><\/ul><\/footer>\n<p class=\"iwg-bib-more\"><span data-nosnippet>Lis\u00e4\u00e4 keskeisi\u00e4 teoksia <a href=\"https:\/\/iwell-guard.com\/fi\/kirjallisuus\/\">kirjallisuusluettelossa<\/a>.<\/span><\/p>\t\t\t\t\t\t\t\t<\/div>\n\t\t\t\t<\/div>\n\t\t\t\t\t<\/div>\n\t\t\t\t<\/div>\n\t\t<div class=\"elementor-element elementor-element-iwgkw2-add-hulijing e-flex e-con-boxed e-con e-parent\" data-id=\"iwgkw2-add-hulijing\" data-element_type=\"container\" data-e-type=\"container\">\n\t\t\t\t\t<div class=\"e-con-inner\">\n\t\t\t\t<div class=\"elementor-element elementor-element-iwgkw2-add-hulijing-t elementor-widget elementor-widget-text-editor\" data-id=\"iwgkw2-add-hulijing-t\" data-element_type=\"widget\" data-e-type=\"widget\" data-widget_type=\"text-editor.default\">\n\t\t\t\t\t\t\t\t\t<p>Romanialaisena vampyyrin perikuvana Strigoi pysyy mittapuuna, jota vasten muiden kulttuurien el\u00e4v\u00e4t kuolleet ja verenimij\u00e4t asettuvat: el\u00e4v\u00e4st\u00e4 strigoi viusta pel\u00e4ttyyn strigoi mortiin se edustaa pahaa vainajaa, joka ei l\u00f6yd\u00e4 rauhaa.<\/p>\t\t\t\t\t\t\t\t<\/div>\n\t\t\t\t\t<\/div>\n\t\t\t\t<\/div>\n\t\t\t\t<\/div>\n\t\t","protected":false},"excerpt":{"rendered":"","protected":false},"author":3,"featured_media":20175,"parent":0,"menu_order":0,"comment_status":"closed","ping_status":"closed","template":"elementor_header_footer","meta":{"_yoast_wpseo_focuskw":"strigoi","_yoast_wpseo_title":"Strigoi \u2013 Romanian el\u00e4v\u00e4 kuollut","_yoast_wpseo_metadesc":"Strigoi, Romanian el\u00e4v\u00e4n kuolleen verenimij\u00e4 ja vampyyrik\u00e4sityksen ydin. Alkuper\u00e4, tyypit viu ja mort, vampyyripaniikit ja suojautumiskeinot.","_yoast_wpseo_meta-robots-noindex":"","_yoast_wpseo_canonical":"","_angie_page":false,"gefaehrdungsstufe":"5","wesen_kultur":"rumaenisch","wesen_klasse":"daemonen","footnotes":""},"categories":[],"class_list":["post-144867","page","type-page","status-publish","has-post-thumbnail","hentry"],"yoast_head":"<!-- This site is optimized with the Yoast SEO Premium plugin v27.7 (Yoast SEO v28.3) - https:\/\/yoast.com\/product\/yoast-seo-premium-wordpress\/ -->\n<title>Strigoi \u2013 Romanian el\u00e4v\u00e4 kuollut<\/title>\n<meta name=\"description\" content=\"Strigoi, Romanian el\u00e4v\u00e4n kuolleen verenimij\u00e4 ja vampyyrik\u00e4sityksen ydin. Alkuper\u00e4, tyypit viu ja mort, vampyyripaniikit ja suojautumiskeinot.\" \/>\n<meta name=\"robots\" content=\"index, follow, max-snippet:-1, max-image-preview:large, max-video-preview:-1\" \/>\n<link rel=\"canonical\" href=\"https:\/\/iwell-guard.com\/fi\/strigoi\/\" \/>\n<meta property=\"og:locale\" content=\"fi_FI\" \/>\n<meta property=\"og:type\" content=\"article\" \/>\n<meta property=\"og:title\" content=\"Strigoi\" \/>\n<meta property=\"og:description\" content=\"Strigoi, Romanian el\u00e4v\u00e4n kuolleen verenimij\u00e4 ja vampyyrik\u00e4sityksen ydin. Alkuper\u00e4, tyypit viu ja mort, vampyyripaniikit ja suojautumiskeinot.\" \/>\n<meta property=\"og:url\" content=\"https:\/\/iwell-guard.com\/fi\/strigoi\/\" \/>\n<meta property=\"og:site_name\" content=\"iWell Guard\" \/>\n<meta property=\"article:modified_time\" content=\"2026-09-03T13:10:32+00:00\" \/>\n<meta property=\"og:image\" content=\"https:\/\/iwell-guard.com\/wp-content\/uploads\/2026\/07\/daemonen_rumaenisch_strigoi.webp\" \/>\n\t<meta property=\"og:image:width\" content=\"1024\" \/>\n\t<meta property=\"og:image:height\" content=\"1536\" \/>\n\t<meta property=\"og:image:type\" content=\"image\/webp\" \/>\n<meta name=\"twitter:card\" content=\"summary_large_image\" \/>\n<script type=\"application\/ld+json\" class=\"yoast-schema-graph\">{\"@context\":\"https:\\\/\\\/schema.org\",\"@graph\":[{\"@type\":\"WebPage\",\"@id\":\"https:\\\/\\\/iwell-guard.com\\\/fi\\\/strigoi\\\/\",\"url\":\"https:\\\/\\\/iwell-guard.com\\\/fi\\\/strigoi\\\/\",\"name\":\"Strigoi \u2013 Romanian el\u00e4v\u00e4 kuollut\",\"isPartOf\":{\"@id\":\"https:\\\/\\\/iwell-guard.com\\\/fi\\\/#website\"},\"primaryImageOfPage\":{\"@id\":\"https:\\\/\\\/iwell-guard.com\\\/fi\\\/strigoi\\\/#primaryimage\"},\"image\":{\"@id\":\"https:\\\/\\\/iwell-guard.com\\\/fi\\\/strigoi\\\/#primaryimage\"},\"thumbnailUrl\":\"https:\\\/\\\/iwell-guard.com\\\/wp-content\\\/uploads\\\/2026\\\/07\\\/daemonen_rumaenisch_strigoi.webp\",\"datePublished\":\"2026-09-03T12:40:06+00:00\",\"dateModified\":\"2026-09-03T13:10:32+00:00\",\"description\":\"Strigoi, Romanian el\u00e4v\u00e4n kuolleen verenimij\u00e4 ja vampyyrik\u00e4sityksen ydin. Alkuper\u00e4, tyypit viu ja mort, vampyyripaniikit ja suojautumiskeinot.\",\"breadcrumb\":{\"@id\":\"https:\\\/\\\/iwell-guard.com\\\/fi\\\/strigoi\\\/#breadcrumb\"},\"inLanguage\":\"fi\",\"potentialAction\":[{\"@type\":\"ReadAction\",\"target\":[\"https:\\\/\\\/iwell-guard.com\\\/fi\\\/strigoi\\\/\"]}]},{\"@type\":\"ImageObject\",\"inLanguage\":\"fi\",\"@id\":\"https:\\\/\\\/iwell-guard.com\\\/fi\\\/strigoi\\\/#primaryimage\",\"url\":\"https:\\\/\\\/iwell-guard.com\\\/wp-content\\\/uploads\\\/2026\\\/07\\\/daemonen_rumaenisch_strigoi.webp\",\"contentUrl\":\"https:\\\/\\\/iwell-guard.com\\\/wp-content\\\/uploads\\\/2026\\\/07\\\/daemonen_rumaenisch_strigoi.webp\",\"width\":1024,\"height\":1536,\"caption\":\"Strigoi, romanialaisen perinteen demoni\"},{\"@type\":\"BreadcrumbList\",\"@id\":\"https:\\\/\\\/iwell-guard.com\\\/fi\\\/strigoi\\\/#breadcrumb\",\"itemListElement\":[{\"@type\":\"ListItem\",\"position\":1,\"name\":\"Start\",\"item\":\"https:\\\/\\\/iwell-guard.com\\\/fi\\\/?page_id=143815\"},{\"@type\":\"ListItem\",\"position\":2,\"name\":\"Strigoi\"}]},{\"@type\":\"WebSite\",\"@id\":\"https:\\\/\\\/iwell-guard.com\\\/fi\\\/#website\",\"url\":\"https:\\\/\\\/iwell-guard.com\\\/fi\\\/\",\"name\":\"iWell Guard\",\"description\":\"Schutz vor dunklen Einfl\u00fcssen\",\"publisher\":{\"@id\":\"https:\\\/\\\/iwell-guard.com\\\/fi\\\/#organization\"},\"potentialAction\":[{\"@type\":\"SearchAction\",\"target\":{\"@type\":\"EntryPoint\",\"urlTemplate\":\"https:\\\/\\\/iwell-guard.com\\\/fi\\\/?s={search_term_string}\"},\"query-input\":{\"@type\":\"PropertyValueSpecification\",\"valueRequired\":true,\"valueName\":\"search_term_string\"}}],\"inLanguage\":\"fi\"},{\"@type\":\"Organization\",\"@id\":\"https:\\\/\\\/iwell-guard.com\\\/fi\\\/#organization\",\"name\":\"Ittermann electronic GmbH\",\"url\":\"https:\\\/\\\/iwell-guard.com\\\/fi\\\/\",\"logo\":{\"@type\":\"ImageObject\",\"inLanguage\":\"fi\",\"@id\":\"https:\\\/\\\/iwell-guard.com\\\/fi\\\/#\\\/schema\\\/logo\\\/image\\\/\",\"url\":\"https:\\\/\\\/iwell-guard.com\\\/wp-content\\\/uploads\\\/2026\\\/05\\\/Ittermann-Logo-1182x237-1.png\",\"contentUrl\":\"https:\\\/\\\/iwell-guard.com\\\/wp-content\\\/uploads\\\/2026\\\/05\\\/Ittermann-Logo-1182x237-1.png\",\"width\":1182,\"height\":237,\"caption\":\"Ittermann electronic GmbH\"},\"image\":{\"@id\":\"https:\\\/\\\/iwell-guard.com\\\/fi\\\/#\\\/schema\\\/logo\\\/image\\\/\"},\"sameAs\":[\"https:\\\/\\\/pantip.com\\\/profile\\\/9367242\",\"https:\\\/\\\/micro.blog\\\/iwellguard\",\"https:\\\/\\\/www.diggerslist.com\\\/iwellguard\\\/about\",\"https:\\\/\\\/skitterphoto.com\\\/photographers\\\/2870314\\\/iwell-guard\",\"https:\\\/\\\/iwellguard.wordpress.com\\\/2026\\\/06\\\/06\\\/iwell-guard\\\/\",\"https:\\\/\\\/hub.docker.com\\\/u\\\/iwellguard\",\"https:\\\/\\\/www.pinterest.com\\\/iwellguard\\\/\",\"https:\\\/\\\/bit.ly\\\/m\\\/iwellguard\",\"https:\\\/\\\/entre-vos-mains.alsace.eu\\\/profiles\\\/iwellguard\\\/activity\",\"https:\\\/\\\/gravatar.com\\\/reallybeded8fd34\",\"https:\\\/\\\/naijamatta.com\\\/iwellguard\",\"https:\\\/\\\/www.goodreads.com\\\/iwellguard\",\"https:\\\/\\\/profile.hatena.ne.jp\\\/iwellguard\\\/\",\"https:\\\/\\\/experiment.com\\\/users\\\/iwellguard\",\"https:\\\/\\\/wakelet.com\\\/@iWellGuard82270\",\"https:\\\/\\\/www.chordie.com\\\/forum\\\/profile.php?id=2555664\",\"https:\\\/\\\/www.instapaper.com\\\/p\\\/17757966\",\"https:\\\/\\\/www.mapleprimes.com\\\/users\\\/iwellguard\",\"https:\\\/\\\/businesslistingplus.com\\\/profile\\\/iwell-guard\\\/\",\"https:\\\/\\\/telegra.ph\\\/iWell-Guard-06-06\",\"https:\\\/\\\/pbase.com\\\/iwellguard\\\/iwellguard\",\"https:\\\/\\\/b.hatena.ne.jp\\\/iwellguard\\\/20260607#bookmark-4788405196491818882\",\"https:\\\/\\\/fliphtml5.com\\\/home\\\/iwellguard\",\"https:\\\/\\\/anyflip.com\\\/homepage\\\/cmiwl#About\",\"https:\\\/\\\/transfur.com\\\/Users\\\/iwellguard\",\"http:\\\/\\\/delphi.larsbo.org\\\/user\\\/iwellguard\",\"https:\\\/\\\/jobs.lajobsportal.org\\\/profiles\\\/8380803-iwell-guard\",\"https:\\\/\\\/md.chaosdorf.de\\\/s\\\/jfbe5SBdJD\",\"https:\\\/\\\/www.lingvolive.com\\\/en-us\\\/profile\\\/9ecaeaca-ce11-4e51-9e71-01d55e2bff36\\\/translations\",\"https:\\\/\\\/www.fitday.com\\\/fitness\\\/forums\\\/members\\\/iwellguard.html\",\"https:\\\/\\\/www.mymeetbook.com\\\/iwellguard\",\"https:\\\/\\\/pxhere.com\\\/en\\\/photographer-me\\\/5040798\",\"https:\\\/\\\/disqus.com\\\/by\\\/iwellguard\\\/about\\\/\",\"https:\\\/\\\/pastelink.net\\\/hjwciqwq\",\"https:\\\/\\\/pubhtml5.com\\\/homepage\\\/scjhn\\\/\",\"https:\\\/\\\/www.bitchute.com\\\/channel\\\/2O2eOKzNqujT\",\"https:\\\/\\\/audiomack.com\\\/iwellguard\"]},{\"@type\":\"Article\",\"@id\":\"https:\\\/\\\/iwell-guard.com\\\/fi\\\/strigoi\\\/#article\",\"isPartOf\":{\"@id\":\"https:\\\/\\\/iwell-guard.com\\\/fi\\\/strigoi\\\/\"},\"author\":{\"name\":\"Ralf Ittermann\",\"@id\":\"https:\\\/\\\/iwell-guard.com\\\/fi\\\/#\\\/schema\\\/person\\\/ee2a27f1cac3406c7c6fb5820cb7349f\"},\"headline\":\"Strigoi\",\"datePublished\":\"2026-09-03T12:40:06+00:00\",\"dateModified\":\"2026-09-03T13:10:32+00:00\",\"mainEntityOfPage\":{\"@id\":\"https:\\\/\\\/iwell-guard.com\\\/fi\\\/strigoi\\\/\"},\"publisher\":{\"@id\":\"https:\\\/\\\/iwell-guard.com\\\/fi\\\/#organization\"},\"image\":{\"@id\":\"https:\\\/\\\/iwell-guard.com\\\/fi\\\/strigoi\\\/#primaryimage\"},\"thumbnailUrl\":\"https:\\\/\\\/iwell-guard.com\\\/wp-content\\\/uploads\\\/2026\\\/07\\\/daemonen_rumaenisch_strigoi.webp\",\"inLanguage\":\"fi\",\"description\":\"Strigoi, Romanian el\u00e4v\u00e4n kuolleen verenimij\u00e4 ja vampyyrik\u00e4sityksen ydin. Alkuper\u00e4, tyypit viu ja mort, vampyyripaniikit ja suojautumiskeinot.\"}]}<\/script>\n<!-- \/ Yoast SEO Premium plugin. -->","yoast_head_json":{"title":"Strigoi \u2013 Romanian el\u00e4v\u00e4 kuollut","description":"Strigoi, Romanian el\u00e4v\u00e4n kuolleen verenimij\u00e4 ja vampyyrik\u00e4sityksen ydin. Alkuper\u00e4, tyypit viu ja mort, vampyyripaniikit ja suojautumiskeinot.","robots":{"index":"index","follow":"follow","max-snippet":"max-snippet:-1","max-image-preview":"max-image-preview:large","max-video-preview":"max-video-preview:-1"},"canonical":"https:\/\/iwell-guard.com\/fi\/strigoi\/","og_locale":"fi_FI","og_type":"article","og_title":"Strigoi","og_description":"Strigoi, Romanian el\u00e4v\u00e4n kuolleen verenimij\u00e4 ja vampyyrik\u00e4sityksen ydin. Alkuper\u00e4, tyypit viu ja mort, vampyyripaniikit ja suojautumiskeinot.","og_url":"https:\/\/iwell-guard.com\/fi\/strigoi\/","og_site_name":"iWell Guard","article_modified_time":"2026-09-03T13:10:32+00:00","og_image":[{"width":1024,"height":1536,"url":"https:\/\/iwell-guard.com\/wp-content\/uploads\/2026\/07\/daemonen_rumaenisch_strigoi.webp","type":"image\/webp"}],"twitter_card":"summary_large_image","schema":{"@context":"https:\/\/schema.org","@graph":[{"@type":"Article","@id":"https:\/\/iwell-guard.com\/fi\/strigoi\/#article","isPartOf":{"@id":"https:\/\/iwell-guard.com\/fi\/strigoi\/"},"author":{"name":"Ralf Ittermann","@id":"https:\/\/iwell-guard.com\/fi\/#\/schema\/person\/ee2a27f1cac3406c7c6fb5820cb7349f"},"headline":"Strigoi","datePublished":"2026-09-03T12:40:06+00:00","dateModified":"2026-09-03T13:10:32+00:00","mainEntityOfPage":{"@id":"https:\/\/iwell-guard.com\/fi\/strigoi\/"},"publisher":{"@id":"https:\/\/iwell-guard.com\/fi\/#organization"},"image":{"@id":"https:\/\/iwell-guard.com\/fi\/strigoi\/#primaryimage"},"thumbnailUrl":"https:\/\/iwell-guard.com\/wp-content\/uploads\/2026\/07\/daemonen_rumaenisch_strigoi.webp","inLanguage":"fi","description":"Strigoi, Romanian el\u00e4v\u00e4n kuolleen verenimij\u00e4 ja vampyyrik\u00e4sityksen ydin. Alkuper\u00e4, tyypit viu ja mort, vampyyripaniikit ja suojautumiskeinot."},{"@type":"WebPage","@id":"https:\/\/iwell-guard.com\/fi\/strigoi\/","url":"https:\/\/iwell-guard.com\/fi\/strigoi\/","name":"Strigoi \u2013 Romanian el\u00e4v\u00e4 kuollut","isPartOf":{"@id":"https:\/\/iwell-guard.com\/fi\/#website"},"primaryImageOfPage":{"@id":"https:\/\/iwell-guard.com\/fi\/strigoi\/#primaryimage"},"image":{"@id":"https:\/\/iwell-guard.com\/fi\/strigoi\/#primaryimage"},"thumbnailUrl":"https:\/\/iwell-guard.com\/wp-content\/uploads\/2026\/07\/daemonen_rumaenisch_strigoi.webp","datePublished":"2026-09-03T12:40:06+00:00","dateModified":"2026-09-03T13:10:32+00:00","description":"Strigoi, Romanian el\u00e4v\u00e4n kuolleen verenimij\u00e4 ja vampyyrik\u00e4sityksen ydin. Alkuper\u00e4, tyypit viu ja mort, vampyyripaniikit ja suojautumiskeinot.","breadcrumb":{"@id":"https:\/\/iwell-guard.com\/fi\/strigoi\/#breadcrumb"},"inLanguage":"fi","potentialAction":[{"@type":"ReadAction","target":["https:\/\/iwell-guard.com\/fi\/strigoi\/"]}]},{"@type":"ImageObject","inLanguage":"fi","@id":"https:\/\/iwell-guard.com\/fi\/strigoi\/#primaryimage","url":"https:\/\/iwell-guard.com\/wp-content\/uploads\/2026\/07\/daemonen_rumaenisch_strigoi.webp","contentUrl":"https:\/\/iwell-guard.com\/wp-content\/uploads\/2026\/07\/daemonen_rumaenisch_strigoi.webp","width":1024,"height":1536,"caption":"Strigoi, romanialaisen perinteen demoni"},{"@type":"BreadcrumbList","@id":"https:\/\/iwell-guard.com\/fi\/strigoi\/#breadcrumb","itemListElement":[{"@type":"ListItem","position":1,"name":"Start","item":"https:\/\/iwell-guard.com\/fi\/?page_id=143815"},{"@type":"ListItem","position":2,"name":"Strigoi"}]},{"@type":"WebSite","@id":"https:\/\/iwell-guard.com\/fi\/#website","url":"https:\/\/iwell-guard.com\/fi\/","name":"iWell Guard","description":"Schutz vor dunklen Einfl\u00fcssen","publisher":{"@id":"https:\/\/iwell-guard.com\/fi\/#organization"},"potentialAction":[{"@type":"SearchAction","target":{"@type":"EntryPoint","urlTemplate":"https:\/\/iwell-guard.com\/fi\/?s={search_term_string}"},"query-input":{"@type":"PropertyValueSpecification","valueRequired":true,"valueName":"search_term_string"}}],"inLanguage":"fi"},{"@type":"Organization","@id":"https:\/\/iwell-guard.com\/fi\/#organization","name":"Ittermann electronic GmbH","url":"https:\/\/iwell-guard.com\/fi\/","logo":{"@type":"ImageObject","inLanguage":"fi","@id":"https:\/\/iwell-guard.com\/fi\/#\/schema\/logo\/image\/","url":"https:\/\/iwell-guard.com\/wp-content\/uploads\/2026\/05\/Ittermann-Logo-1182x237-1.png","contentUrl":"https:\/\/iwell-guard.com\/wp-content\/uploads\/2026\/05\/Ittermann-Logo-1182x237-1.png","width":1182,"height":237,"caption":"Ittermann electronic GmbH"},"image":{"@id":"https:\/\/iwell-guard.com\/fi\/#\/schema\/logo\/image\/"},"sameAs":["https:\/\/pantip.com\/profile\/9367242","https:\/\/micro.blog\/iwellguard","https:\/\/www.diggerslist.com\/iwellguard\/about","https:\/\/skitterphoto.com\/photographers\/2870314\/iwell-guard","https:\/\/iwellguard.wordpress.com\/2026\/06\/06\/iwell-guard\/","https:\/\/hub.docker.com\/u\/iwellguard","https:\/\/www.pinterest.com\/iwellguard\/","https:\/\/bit.ly\/m\/iwellguard","https:\/\/entre-vos-mains.alsace.eu\/profiles\/iwellguard\/activity","https:\/\/gravatar.com\/reallybeded8fd34","https:\/\/naijamatta.com\/iwellguard","https:\/\/www.goodreads.com\/iwellguard","https:\/\/profile.hatena.ne.jp\/iwellguard\/","https:\/\/experiment.com\/users\/iwellguard","https:\/\/wakelet.com\/@iWellGuard82270","https:\/\/www.chordie.com\/forum\/profile.php?id=2555664","https:\/\/www.instapaper.com\/p\/17757966","https:\/\/www.mapleprimes.com\/users\/iwellguard","https:\/\/businesslistingplus.com\/profile\/iwell-guard\/","https:\/\/telegra.ph\/iWell-Guard-06-06","https:\/\/pbase.com\/iwellguard\/iwellguard","https:\/\/b.hatena.ne.jp\/iwellguard\/20260607#bookmark-4788405196491818882","https:\/\/fliphtml5.com\/home\/iwellguard","https:\/\/anyflip.com\/homepage\/cmiwl#About","https:\/\/transfur.com\/Users\/iwellguard","http:\/\/delphi.larsbo.org\/user\/iwellguard","https:\/\/jobs.lajobsportal.org\/profiles\/8380803-iwell-guard","https:\/\/md.chaosdorf.de\/s\/jfbe5SBdJD","https:\/\/www.lingvolive.com\/en-us\/profile\/9ecaeaca-ce11-4e51-9e71-01d55e2bff36\/translations","https:\/\/www.fitday.com\/fitness\/forums\/members\/iwellguard.html","https:\/\/www.mymeetbook.com\/iwellguard","https:\/\/pxhere.com\/en\/photographer-me\/5040798","https:\/\/disqus.com\/by\/iwellguard\/about\/","https:\/\/pastelink.net\/hjwciqwq","https:\/\/pubhtml5.com\/homepage\/scjhn\/","https:\/\/www.bitchute.com\/channel\/2O2eOKzNqujT","https:\/\/audiomack.com\/iwellguard"]},{"@type":"Person","@id":"https:\/\/iwell-guard.com\/fi\/#\/schema\/person\/ee2a27f1cac3406c7c6fb5820cb7349f","name":"Ralf Ittermann","image":{"@type":"ImageObject","inLanguage":"fi","@id":"https:\/\/secure.gravatar.com\/avatar\/073c0153e350a5005b68eb752b445fea71f6b24a26da9449ad7e155e6b446c9d?s=96&d=mm&r=g","url":"https:\/\/secure.gravatar.com\/avatar\/073c0153e350a5005b68eb752b445fea71f6b24a26da9449ad7e155e6b446c9d?s=96&d=mm&r=g","contentUrl":"https:\/\/secure.gravatar.com\/avatar\/073c0153e350a5005b68eb752b445fea71f6b24a26da9449ad7e155e6b446c9d?s=96&d=mm&r=g","caption":"Ralf Ittermann"},"givenName":"Ralf","familyName":"Ittermann","jobTitle":"Gesch\u00e4ftsf\u00fchrer und redaktioneller Verantwortlicher","url":"https:\/\/iwell-guard.com\/fi\/author\/claude\/","description":"Ralf Ittermann ist Gesch\u00e4ftsf\u00fchrer der Ittermann electronic GmbH und redaktioneller Verantwortlicher des iWell-Guard-Lexikons. Er verbindet langj\u00e4hrige Erfahrung in der Pr\u00e4zisionsfertigung mit medialer Praxis und religionsgeschichtlicher Quellenarbeit.","worksFor":{"@type":"Organization","name":"Ittermann electronic GmbH","url":"https:\/\/ittermann.de\/","address":{"@type":"PostalAddress","streetAddress":"K\u00f6hlergasse 16-18","postalCode":"99842","addressLocality":"Ruhla","addressCountry":"DE"}},"knowsAbout":["Religionsgeschichte","Mythologie","Mediale Praxis","Energetische Diagnostik","Schutzpraxis","Volksglauben","Westliche Esoterik"]},{"@type":"Article","@id":"https:\/\/iwell-guard.com\/fi\/strigoi\/#article","isPartOf":{"@id":"https:\/\/iwell-guard.com\/fi\/strigoi\/"},"author":{"name":"Ralf Ittermann","@id":"https:\/\/iwell-guard.com\/fi\/#\/schema\/person\/ee2a27f1cac3406c7c6fb5820cb7349f"},"headline":"Strigoi","datePublished":"2026-09-03T12:40:06+00:00","dateModified":"2026-09-03T13:10:32+00:00","mainEntityOfPage":{"@id":"https:\/\/iwell-guard.com\/fi\/strigoi\/"},"publisher":{"@id":"https:\/\/iwell-guard.com\/fi\/#organization"},"image":{"@id":"https:\/\/iwell-guard.com\/fi\/strigoi\/#primaryimage"},"thumbnailUrl":"https:\/\/iwell-guard.com\/wp-content\/uploads\/2026\/07\/daemonen_rumaenisch_strigoi.webp","inLanguage":"fi","description":"Strigoi, Romanian el\u00e4v\u00e4n kuolleen verenimij\u00e4 ja vampyyrik\u00e4sityksen ydin. Alkuper\u00e4, tyypit viu ja mort, vampyyripaniikit ja suojautumiskeinot."}]}},"_links":{"self":[{"href":"https:\/\/iwell-guard.com\/fi\/wp-json\/wp\/v2\/pages\/144867","targetHints":{"allow":["GET"]}}],"collection":[{"href":"https:\/\/iwell-guard.com\/fi\/wp-json\/wp\/v2\/pages"}],"about":[{"href":"https:\/\/iwell-guard.com\/fi\/wp-json\/wp\/v2\/types\/page"}],"author":[{"embeddable":true,"href":"https:\/\/iwell-guard.com\/fi\/wp-json\/wp\/v2\/users\/3"}],"replies":[{"embeddable":true,"href":"https:\/\/iwell-guard.com\/fi\/wp-json\/wp\/v2\/comments?post=144867"}],"version-history":[{"count":0,"href":"https:\/\/iwell-guard.com\/fi\/wp-json\/wp\/v2\/pages\/144867\/revisions"}],"wp:featuredmedia":[{"embeddable":true,"href":"https:\/\/iwell-guard.com\/fi\/wp-json\/wp\/v2\/media\/20175"}],"wp:attachment":[{"href":"https:\/\/iwell-guard.com\/fi\/wp-json\/wp\/v2\/media?parent=144867"}],"wp:term":[{"taxonomy":"category","embeddable":true,"href":"https:\/\/iwell-guard.com\/fi\/wp-json\/wp\/v2\/categories?post=144867"}],"curies":[{"name":"wp","href":"https:\/\/api.w.org\/{rel}","templated":true}]}}