{"id":144838,"date":"2026-09-03T12:39:47","date_gmt":"2026-09-03T12:39:47","guid":{"rendered":"https:\/\/iwell-guard.com\/?page_id=144838"},"modified":"2026-09-03T13:09:33","modified_gmt":"2026-09-03T13:09:33","slug":"maero","status":"publish","type":"page","link":"https:\/\/iwell-guard.com\/fi\/maero\/","title":{"rendered":"Maero"},"content":{"rendered":"\t\t<div data-elementor-type=\"wp-page\" data-elementor-id=\"144838\" class=\"elementor elementor-144838 elementor-19456\" data-elementor-post-type=\"page\">\n\t\t\t\t<div class=\"elementor-element elementor-element-10fdade e-flex e-con-boxed e-con e-parent\" data-id=\"10fdade\" data-element_type=\"container\" data-e-type=\"container\" data-settings=\"{&quot;background_background&quot;:&quot;classic&quot;}\">\n\t\t\t\t\t<div class=\"e-con-inner\">\n\t\t<div class=\"elementor-element elementor-element-herohlft0 e-flex e-con-boxed e-con e-child\" data-id=\"herohlft0\" data-element_type=\"container\" data-e-type=\"container\">\n\t\t\t\t\t<div class=\"e-con-inner\">\n\t\t<div class=\"elementor-element elementor-element-c3ceb64 e-con-full e-flex e-con e-child\" data-id=\"c3ceb64\" data-element_type=\"container\" data-e-type=\"container\">\n\t\t\t\t<div class=\"elementor-element elementor-element-96ae5e1 elementor-widget elementor-widget-heading\" data-id=\"96ae5e1\" data-element_type=\"widget\" data-e-type=\"widget\" data-widget_type=\"heading.default\">\n\t\t\t\t\t<h1 class=\"elementor-heading-title elementor-size-default\">Maero, Etel\u00e4saaren metsien karvainen alkukansa<\/h1>\t\t\t\t<\/div>\n\t\t\t\t<div class=\"elementor-element elementor-element-e45238a elementor-widget elementor-widget-text-editor\" data-id=\"e45238a\" data-element_type=\"widget\" data-e-type=\"widget\" data-widget_type=\"text-editor.default\">\n\t\t\t\t\t\t\t\t\t<p>Maero ovat Maorien perinteen <span class=\"iwg-fachbegriff\" data-tooltip=\"Ruumiiton olento, jolle katsotaan olevan vaikutusta maailmassa.\" tabindex=\"0\">henki\u00e4<\/span>.<\/p><p><strong>Villej\u00e4, karvaisia mets\u00e4ihmisi\u00e4, joilla on pitk\u00e4t kynnet.<\/strong> Etel\u00e4saaren mets\u00e4t ovat maorien mielest\u00e4 arkojen mutta vaarallisten alkuasukkaiden piilopaikka.<\/p>\t\t\t\t\t\t\t\t<\/div>\n\t\t\t\t<\/div>\n\t\t<div class=\"elementor-element elementor-element-klsbdg01 e-con-full e-flex e-con e-parent\" data-id=\"klsbdg01\" data-element_type=\"container\" data-e-type=\"container\">\n\t\t\t\t<div class=\"elementor-element elementor-element-klshtm01 elementor-widget elementor-widget-html\" data-id=\"klshtm01\" data-element_type=\"widget\" data-e-type=\"widget\" data-widget_type=\"html.default\">\n\t\t\t\t\t<div class=\"iwg-pill-row\"><span class=\"iwg-klasse-badge\" tabindex=\"0\" data-tooltip=\"Henki: Ruumiiton tai puoliruumiillinen olento, vainaja, luonnonolento, kodinhenki tai kynnyksen vartija. Vaikuttaa arkiel\u00e4m\u00e4\u00e4n, usein sidottu paikkaan tai perheeseen.\">Henget<\/span><span class=\"iwg-kultur-badge\" tabindex=\"0\" data-tooltip=\"Tyynenmeren polynesialainen jumalten ja henkien maailma, Samoasta Aotearoaan.\">Polynesia<\/span><\/div>\t\t\t\t<\/div>\n\t\t\t\t<\/div>\n\t\t<div class=\"elementor-element elementor-element-3f74855 e-con-full e-flex e-con e-child\" data-id=\"3f74855\" data-element_type=\"container\" data-e-type=\"container\">\n\t\t\t\t<div class=\"elementor-element elementor-element-1c30362 elementor-toc--minimized-on-tablet elementor-widget elementor-widget-table-of-contents\" data-id=\"1c30362\" data-element_type=\"widget\" data-e-type=\"widget\" data-settings=\"{&quot;exclude_headings_by_selector&quot;:[],&quot;no_headings_message&quot;:&quot;T\\u00e4lt\\u00e4 sivulta ei l\\u00f6ytynyt otsikoita.&quot;,&quot;headings_by_tags&quot;:[&quot;h2&quot;,&quot;h3&quot;],&quot;marker_view&quot;:&quot;bullets&quot;,&quot;icon&quot;:{&quot;value&quot;:&quot;fas fa-circle&quot;,&quot;library&quot;:&quot;fa-solid&quot;,&quot;rendered_tag&quot;:&quot;&lt;svg class=\\&quot;e-font-icon-svg e-fas-circle\\&quot; viewBox=\\&quot;0 0 512 512\\&quot; xmlns=\\&quot;http:\\\/\\\/www.w3.org\\\/2000\\\/svg\\&quot;&gt;&lt;path d=\\&quot;M256 8C119 8 8 119 8 256s111 248 248 248 248-111 248-248S393 8 256 8z\\&quot;&gt;&lt;\\\/path&gt;&lt;\\\/svg&gt;&quot;},&quot;minimize_box&quot;:&quot;yes&quot;,&quot;minimized_on&quot;:&quot;tablet&quot;,&quot;hierarchical_view&quot;:&quot;yes&quot;,&quot;min_height&quot;:{&quot;unit&quot;:&quot;px&quot;,&quot;size&quot;:&quot;&quot;,&quot;sizes&quot;:[]},&quot;min_height_tablet&quot;:{&quot;unit&quot;:&quot;px&quot;,&quot;size&quot;:&quot;&quot;,&quot;sizes&quot;:[]},&quot;min_height_mobile&quot;:{&quot;unit&quot;:&quot;px&quot;,&quot;size&quot;:&quot;&quot;,&quot;sizes&quot;:[]}}\" data-widget_type=\"table-of-contents.default\">\n\t\t\t\t\t\t\t\t\t<div class=\"elementor-toc__header\">\n\t\t\t\t\t\t<h2 class=\"elementor-toc__header-title\">\n\t\t\t\tSis\u00e4llysluettelo\t\t\t<\/h2>\n\t\t\t\t\t\t\t\t\t\t<div class=\"elementor-toc__toggle-button elementor-toc__toggle-button--expand\" role=\"button\" tabindex=\"0\" aria-controls=\"elementor-toc__1c30362\" aria-expanded=\"true\" aria-label=\"Open table of contents\"><svg aria-hidden=\"true\" class=\"e-font-icon-svg e-fas-chevron-down\" viewBox=\"0 0 448 512\" xmlns=\"http:\/\/www.w3.org\/2000\/svg\"><path d=\"M207.029 381.476L12.686 187.132c-9.373-9.373-9.373-24.569 0-33.941l22.667-22.667c9.357-9.357 24.522-9.375 33.901-.04L224 284.505l154.745-154.021c9.379-9.335 24.544-9.317 33.901.04l22.667 22.667c9.373 9.373 9.373 24.569 0 33.941L240.971 381.476c-9.373 9.372-24.569 9.372-33.942 0z\"><\/path><\/svg><\/div>\n\t\t\t\t<div class=\"elementor-toc__toggle-button elementor-toc__toggle-button--collapse\" role=\"button\" tabindex=\"0\" aria-controls=\"elementor-toc__1c30362\" aria-expanded=\"true\" aria-label=\"Close table of contents\"><svg aria-hidden=\"true\" class=\"e-font-icon-svg e-fas-chevron-up\" viewBox=\"0 0 448 512\" xmlns=\"http:\/\/www.w3.org\/2000\/svg\"><path d=\"M240.971 130.524l194.343 194.343c9.373 9.373 9.373 24.569 0 33.941l-22.667 22.667c-9.357 9.357-24.522 9.375-33.901.04L224 227.495 69.255 381.516c-9.379 9.335-24.544 9.317-33.901-.04l-22.667-22.667c-9.373-9.373-9.373-24.569 0-33.941L207.03 130.525c9.372-9.373 24.568-9.373 33.941-.001z\"><\/path><\/svg><\/div>\n\t\t\t\t\t<\/div>\n\t\t\t\t<div id=\"elementor-toc__1c30362\" class=\"elementor-toc__body\">\n\t\t\t<div class=\"elementor-toc__spinner-container\">\n\t\t\t\t<svg class=\"elementor-toc__spinner eicon-animation-spin e-font-icon-svg e-eicon-loading\" aria-hidden=\"true\" viewBox=\"0 0 1000 1000\" xmlns=\"http:\/\/www.w3.org\/2000\/svg\"><path d=\"M500 975V858C696 858 858 696 858 500S696 142 500 142 142 304 142 500H25C25 237 238 25 500 25S975 237 975 500 763 975 500 975Z\"><\/path><\/svg>\t\t\t<\/div>\n\t\t<\/div>\n\t\t\t\t\t\t<\/div>\n\t\t\t\t<\/div>\n\t\t\t\t\t<\/div>\n\t\t\t\t<\/div>\n\t\t<div class=\"elementor-element elementor-element-herorght0 e-con-full e-flex e-con e-child\" data-id=\"herorght0\" data-element_type=\"container\" data-e-type=\"container\">\n\t\t\t\t<div class=\"elementor-element elementor-element-heroimg00 iwg-hero-image elementor-widget elementor-widget-image\" data-id=\"heroimg00\" data-element_type=\"widget\" data-e-type=\"widget\" data-widget_type=\"image.default\">\n\t\t\t\t\t\t\t\t\t\t\t\t\t\t\t<img fetchpriority=\"high\" decoding=\"async\" width=\"682\" height=\"1024\" src=\"https:\/\/iwell-guard.com\/wp-content\/uploads\/2026\/07\/geister_ozeanisch_maero-682x1024.webp\" class=\"attachment-large size-large wp-image-147924\" alt=\"Maero, maorilaisen perinteen henki\" srcset=\"https:\/\/iwell-guard.com\/wp-content\/uploads\/2026\/07\/geister_ozeanisch_maero-682x1024.webp 682w, https:\/\/iwell-guard.com\/wp-content\/uploads\/2026\/07\/geister_ozeanisch_maero-200x300.webp 200w, https:\/\/iwell-guard.com\/wp-content\/uploads\/2026\/07\/geister_ozeanisch_maero-768x1154.webp 768w, https:\/\/iwell-guard.com\/wp-content\/uploads\/2026\/07\/geister_ozeanisch_maero.webp 1023w\" sizes=\"(max-width: 682px) 100vw, 682px\" \/>\t\t\t\t\t\t\t\t\t\t\t\t\t\t\t<\/div>\n\t\t\t\t<\/div>\n\t\t\t\t\t<\/div>\n\t\t\t\t<\/div>\n\t\t<div class=\"elementor-element elementor-element-32917199 e-flex e-con-boxed e-con e-parent\" data-id=\"32917199\" data-element_type=\"container\" data-e-type=\"container\">\n\t\t\t\t\t<div class=\"e-con-inner\">\n\t\t<div class=\"elementor-element elementor-element-26e916cb e-flex e-con-boxed e-con e-child\" data-id=\"26e916cb\" data-element_type=\"container\" data-e-type=\"container\">\n\t\t\t\t\t<div class=\"e-con-inner\">\n\t\t<div class=\"elementor-element elementor-element-253a40d4 e-flex e-con-boxed e-con e-child\" data-id=\"253a40d4\" data-element_type=\"container\" data-e-type=\"container\">\n\t\t\t\t\t<div class=\"e-con-inner\">\n\t\t\t\t<div class=\"elementor-element elementor-element-1200c304 elementor-widget elementor-widget-heading\" data-id=\"1200c304\" data-element_type=\"widget\" data-e-type=\"widget\" data-widget_type=\"heading.default\">\n\t\t\t\t\t<div class=\"elementor-heading-title elementor-size-default\">Maero<\/div>\t\t\t\t<\/div>\n\t\t\t\t<div class=\"elementor-element elementor-element-11758e7f elementor-widget elementor-widget-text-editor\" data-id=\"11758e7f\" data-element_type=\"widget\" data-e-type=\"widget\" data-widget_type=\"text-editor.default\">\n\t\t\t\t\t\t\t\t\t<p>Maero, joita kutsutaan my\u00f6s maeroeroiksi, ovat maorien villej\u00e4, karvaisia ja ihmisenkaltaisia olentoja, jotka el\u00e4v\u00e4t syviss\u00e4 metsiss\u00e4 ja vuoristossa, erityisesti Uuden-Seelannin Etel\u00e4saarella. Pitk\u00e4n, tuuhean ruumiinkarvan peitt\u00e4min\u00e4 ja pitkin kynsin aseistautuneina he pelk\u00e4\u00e4v\u00e4t tai jahtaavat ihmisi\u00e4.<\/p><p>Heid\u00e4t luetaan iwi-atuaan, yliluonnolliseen kansaan, ja perim\u00e4tiedon mukaan maorien verivihollisiin, joiden kanssa he olivat l\u00e4hes jatkuvasti ristiriidassa: villej\u00e4 alkumets\u00e4ihmisi\u00e4, jotka ty\u00f6nnettiin jatkuvasti kauemmas asuinkelvottomimpiin metsiin.<\/p>\t\t\t\t\t\t\t\t<\/div>\n\t\t\t\t\t<\/div>\n\t\t\t\t<\/div>\n\t\t<div class=\"elementor-element elementor-element-159dcf9a e-flex e-con-boxed e-con e-child\" data-id=\"159dcf9a\" data-element_type=\"container\" data-e-type=\"container\">\n\t\t\t\t\t<div class=\"e-con-inner\">\n\t\t\t\t<div class=\"elementor-element elementor-element-48cee66f elementor-widget elementor-widget-heading\" data-id=\"48cee66f\" data-element_type=\"widget\" data-e-type=\"widget\" data-widget_type=\"heading.default\">\n\t\t\t\t\t<div class=\"elementor-heading-title elementor-size-default\">Yleiskatsaus: Maero<\/div>\t\t\t\t<\/div>\n\t\t\t\t<div class=\"elementor-element elementor-element-3f50d82c elementor-widget elementor-widget-text-editor\" data-id=\"3f50d82c\" data-element_type=\"widget\" data-e-type=\"widget\" data-widget_type=\"text-editor.default\">\n\t\t\t\t\t\t\t\t\t<p><strong>Tyyppi:<\/strong> Villi, karvainen ihmisenkaltainen olento, iwi-atua<br>Alkuper\u00e4: Alueellinen maoriperinne, erityisesti Etel\u00e4saari<br>Tekstit: Best, Orbell, Beattie<br>Ajanjakso: klassisesta perinteest\u00e4 moderniin kryptidireseptioon<br>Ulkon\u00e4k\u00f6: suuri, villi, pitk\u00e4 tuuhea tukka, luiset sormet ja ter\u00e4v\u00e4t kynnet<\/p>\t\t\t\t\t\t\t\t<\/div>\n\t\t\t\t\t<\/div>\n\t\t\t\t<\/div>\n\t\t\t\t\t<\/div>\n\t\t\t\t<\/div>\n\t\t\t\t\t<\/div>\n\t\t\t\t<\/div>\n\t\t<div class=\"elementor-element elementor-element-18613602 e-flex e-con-boxed e-con e-parent\" data-id=\"18613602\" data-element_type=\"container\" data-e-type=\"container\">\n\t\t\t\t\t<div class=\"e-con-inner\">\n\t\t\t\t<div class=\"elementor-element elementor-element-262b8a9f elementor-widget elementor-widget-heading\" data-id=\"262b8a9f\" data-element_type=\"widget\" data-e-type=\"widget\" data-widget_type=\"heading.default\">\n\t\t\t\t\t<h2 class=\"elementor-heading-title elementor-size-default\">Perinnekonteksti<\/h2>\t\t\t\t<\/div>\n\t\t<div class=\"elementor-element elementor-element-46dcb7d e-con-full e-flex e-con e-child\" data-id=\"46dcb7d\" data-element_type=\"container\" data-e-type=\"container\">\n\t\t<div class=\"elementor-element elementor-element-61d3ab3 e-flex e-con-boxed e-con e-child\" data-id=\"61d3ab3\" data-element_type=\"container\" data-e-type=\"container\">\n\t\t\t\t\t<div class=\"e-con-inner\">\n\t\t\t\t<div class=\"elementor-element elementor-element-117c166 elementor-widget elementor-widget-heading\" data-id=\"117c166\" data-element_type=\"widget\" data-e-type=\"widget\" data-widget_type=\"heading.default\">\n\t\t\t\t\t<h3 class=\"elementor-heading-title elementor-size-default\">Tekstien ajanjakso<\/h3>\t\t\t\t<\/div>\n\t\t\t\t<div class=\"elementor-element elementor-element-73997a0 elementor-widget elementor-widget-text-editor\" data-id=\"73997a0\" data-element_type=\"widget\" data-e-type=\"widget\" data-widget_type=\"text-editor.default\">\n\t\t\t\t\t\t\t\t\t<p>Alueellinen maoriperinne, erityisesti Etel\u00e4saarelta; l\u00e4hteet ovat ohuempia ja paikallisempia kuin muiden maoriolentojen kohdalla.<\/p>\t\t\t\t\t\t\t\t<\/div>\n\t\t\t\t\t<\/div>\n\t\t\t\t<\/div>\n\t\t<div class=\"elementor-element elementor-element-d47b156 e-flex e-con-boxed e-con e-child\" data-id=\"d47b156\" data-element_type=\"container\" data-e-type=\"container\">\n\t\t\t\t\t<div class=\"e-con-inner\">\n\t\t\t\t<div class=\"elementor-element elementor-element-ff38c2b elementor-widget elementor-widget-heading\" data-id=\"ff38c2b\" data-element_type=\"widget\" data-e-type=\"widget\" data-widget_type=\"heading.default\">\n\t\t\t\t\t<h3 class=\"elementor-heading-title elementor-size-default\">Levinneisyysalue<\/h3>\t\t\t\t<\/div>\n\t\t\t\t<div class=\"elementor-element elementor-element-4e49fcc elementor-widget elementor-widget-text-editor\" data-id=\"4e49fcc\" data-element_type=\"widget\" data-e-type=\"widget\" data-widget_type=\"text-editor.default\">\n\t\t\t\t\t\t\t\t\t<p>Uuden-Seelannin syrj\u00e4isimm\u00e4t mets\u00e4t ja vuoret, erityisesti Etel\u00e4saari, sek\u00e4 Tararua-vuoristo.<\/p>\t\t\t\t\t\t\t\t<\/div>\n\t\t\t\t\t<\/div>\n\t\t\t\t<\/div>\n\t\t\t\t<\/div>\n\t\t<div class=\"elementor-element elementor-element-db03c39 e-con-full e-flex e-con e-child\" data-id=\"db03c39\" data-element_type=\"container\" data-e-type=\"container\">\n\t\t<div class=\"elementor-element elementor-element-229a87b e-flex e-con-boxed e-con e-child\" data-id=\"229a87b\" data-element_type=\"container\" data-e-type=\"container\">\n\t\t\t\t\t<div class=\"e-con-inner\">\n\t\t\t\t<div class=\"elementor-element elementor-element-1f471fc elementor-widget elementor-widget-heading\" data-id=\"1f471fc\" data-element_type=\"widget\" data-e-type=\"widget\" data-widget_type=\"heading.default\">\n\t\t\t\t\t<h3 class=\"elementor-heading-title elementor-size-default\">L\u00e4hdetilanne<\/h3>\t\t\t\t<\/div>\n\t\t\t\t<div class=\"elementor-element elementor-element-36b1201 elementor-widget elementor-widget-text-editor\" data-id=\"36b1201\" data-element_type=\"widget\" data-e-type=\"widget\" data-widget_type=\"text-editor.default\">\n\t\t\t\t\t\t\t\t\t<p>Ohut ja paikallinen: Bestin, Orbellin ja Beattien Murihikusta ker\u00e4tty aineisto; Bigfoot-rinnastus juontuu suurelta osin modernista kryptidireseptiosta.<\/p>\t\t\t\t\t\t\t\t<\/div>\n\t\t\t\t\t<\/div>\n\t\t\t\t<\/div>\n\t\t\t\t<\/div>\n\t\t\t\t\t<\/div>\n\t\t\t\t<\/div>\n\t\t<div class=\"elementor-element elementor-element-3ae0637c e-flex e-con-boxed e-con e-parent\" data-id=\"3ae0637c\" data-element_type=\"container\" data-e-type=\"container\">\n\t\t\t\t\t<div class=\"e-con-inner\">\n\t\t\t\t<div class=\"elementor-element elementor-element-31d07739 elementor-widget elementor-widget-heading\" data-id=\"31d07739\" data-element_type=\"widget\" data-e-type=\"widget\" data-widget_type=\"heading.default\">\n\t\t\t\t\t<h2 class=\"elementor-heading-title elementor-size-default\">Nimi ja muodot<\/h2>\t\t\t\t<\/div>\n\t\t<div class=\"elementor-element elementor-element-b7642947 e-con-full e-flex e-con e-child\" data-id=\"b7642947\" data-element_type=\"container\" data-e-type=\"container\">\n\t\t\t\t<div class=\"elementor-element elementor-element-a086266 elementor-widget elementor-widget-text-editor\" data-id=\"a086266\" data-element_type=\"widget\" data-e-type=\"widget\" data-widget_type=\"text-editor.default\">\n\t\t\t\t\t\t\t\t\t<p><strong>Maori:<\/strong> maero tai maeroero, my\u00f6s mohoao. Maero luetaan iwi-atuaan, yliluonnolliseen kansaan, ei yksitt\u00e4iseksi olennoksi.<\/p>\t\t\t\t\t\t\t\t<\/div>\n\t\t\t\t<\/div>\n\t\t\t\t\t<\/div>\n\t\t\t\t<\/div>\n\t\t<div class=\"elementor-element elementor-element-709a44a8 e-flex e-con-boxed e-con e-parent\" data-id=\"709a44a8\" data-element_type=\"container\" data-e-type=\"container\">\n\t\t\t\t\t<div class=\"e-con-inner\">\n\t\t\t\t<div class=\"elementor-element elementor-element-2f585873 elementor-widget elementor-widget-heading\" data-id=\"2f585873\" data-element_type=\"widget\" data-e-type=\"widget\" data-widget_type=\"heading.default\">\n\t\t\t\t\t<h2 class=\"elementor-heading-title elementor-size-default\">Ulkomuoto<\/h2>\t\t\t\t<\/div>\n\t\t<div class=\"elementor-element elementor-element-70621c12 e-con-full e-flex e-con e-child\" data-id=\"70621c12\" data-element_type=\"container\" data-e-type=\"container\">\n\t\t\t\t<div class=\"elementor-element elementor-element-4296eb49 elementor-widget elementor-widget-text-editor\" data-id=\"4296eb49\" data-element_type=\"widget\" data-e-type=\"widget\" data-widget_type=\"text-editor.default\">\n\t\t\t\t\t\t\t\t\t<p><strong>Ulkon\u00e4k\u00f6<\/strong><\/p><p>Maero ovat suuria, villej\u00e4, karvaisia olentoja, joita peitt\u00e4\u00e4 vaatteiden sijaan pitk\u00e4, tuuhea, musta ruumiinkarva, ja joilla on pitk\u00e4t, luiset sormet ja ter\u00e4v\u00e4t, pitk\u00e4t kynnet. Karvaisuus, alastomuus, kynnet ja kivinuija ilment\u00e4v\u00e4t syv\u00e4n mets\u00e4n raakuutta, esisivistyneisyytt\u00e4 ja kesytt\u00f6myytt\u00e4.<\/p><p><strong>Vaikutus<\/strong><\/p><p>Maero ovat vihamielisi\u00e4 ja vaarallisia; he jahtaavat ja tappavat, joidenkin perim\u00e4tietojen mukaan sy\u00f6v\u00e4t ihmisi\u00e4, ja kantavat kivinuijia, kun kynnet toimivat aseena. He ilment\u00e4v\u00e4t asutun maailman ulkopuolisen er\u00e4maan uhkaa.<\/p>\t\t\t\t\t\t\t\t<\/div>\n\t\t\t\t<\/div>\n\t\t\t\t\t<\/div>\n\t\t\t\t<\/div>\n\t\t<div class=\"elementor-element elementor-element-44e71476 e-flex e-con-boxed e-con e-parent\" data-id=\"44e71476\" data-element_type=\"container\" data-e-type=\"container\">\n\t\t\t\t\t<div class=\"e-con-inner\">\n\t\t\t\t<div class=\"elementor-element elementor-element-3c1fc3f0 elementor-widget elementor-widget-heading\" data-id=\"3c1fc3f0\" data-element_type=\"widget\" data-e-type=\"widget\" data-widget_type=\"heading.default\">\n\t\t\t\t\t<h2 class=\"elementor-heading-title elementor-size-default\">Tietokortti: Maero<\/h2>\t\t\t\t<\/div>\n\t\t<div class=\"elementor-element elementor-element-84f33b8e e-con-full e-flex e-con e-child\" data-id=\"84f33b8e\" data-element_type=\"container\" data-e-type=\"container\">\n\t\t\t\t<div class=\"elementor-element elementor-element-hqkdc67p elementor-widget elementor-widget-text-editor\" data-id=\"hqkdc67p\" data-element_type=\"widget\" data-e-type=\"widget\" data-widget_type=\"text-editor.default\">\n\t\t\t\t\t\t\t\t\t<p>Villien mets\u00e4ihmisten t\u00e4rkeimm\u00e4t piirteet yhdell\u00e4 silm\u00e4yksell\u00e4.<\/p>\t\t\t\t\t\t\t\t<\/div>\n\t\t\t\t<\/div>\n\t\t<div class=\"elementor-element elementor-element-pemmx7c5 e-con-full e-flex e-con e-child\" data-id=\"pemmx7c5\" data-element_type=\"container\" data-e-type=\"container\">\n\t\t<div class=\"elementor-element elementor-element-pemmx7c1 e-con-full e-flex e-con e-child\" data-id=\"pemmx7c1\" data-element_type=\"container\" data-e-type=\"container\">\n\t\t<div class=\"elementor-element elementor-element-qh9oavvu iwg-steckbrief-card e-flex e-con-boxed e-con e-child\" data-id=\"qh9oavvu\" data-element_type=\"container\" data-e-type=\"container\">\n\t\t\t\t\t<div class=\"e-con-inner\">\n\t\t\t\t<div class=\"elementor-element elementor-element-awzx8k2k elementor-widget elementor-widget-heading\" data-id=\"awzx8k2k\" data-element_type=\"widget\" data-e-type=\"widget\" data-widget_type=\"heading.default\">\n\t\t\t\t\t<div class=\"elementor-heading-title elementor-size-default\">Perinne<\/div>\t\t\t\t<\/div>\n\t\t\t\t<div class=\"elementor-element elementor-element-x6rowhv0 elementor-widget elementor-widget-text-editor\" data-id=\"x6rowhv0\" data-element_type=\"widget\" data-e-type=\"widget\" data-widget_type=\"text-editor.default\">\n\t\t\t\t\t\t\t\t\t<p>Maoriperinteen iwi-atua: villej\u00e4 alkumets\u00e4ihmisi\u00e4, maorien verivihollisia, jotka ty\u00f6nnettiin asuinkelvottomimpiin metsiin.<\/p>\t\t\t\t\t\t\t\t<\/div>\n\t\t\t\t\t<\/div>\n\t\t\t\t<\/div>\n\t\t<div class=\"elementor-element elementor-element-8e3o4kxs iwg-steckbrief-card e-flex e-con-boxed e-con e-child\" data-id=\"8e3o4kxs\" data-element_type=\"container\" data-e-type=\"container\">\n\t\t\t\t\t<div class=\"e-con-inner\">\n\t\t\t\t<div class=\"elementor-element elementor-element-08rkdgov elementor-widget elementor-widget-heading\" data-id=\"08rkdgov\" data-element_type=\"widget\" data-e-type=\"widget\" data-widget_type=\"heading.default\">\n\t\t\t\t\t<div class=\"elementor-heading-title elementor-size-default\">Kohdistuu<\/div>\t\t\t\t<\/div>\n\t\t\t\t<div class=\"elementor-element elementor-element-uwjelx8s elementor-widget elementor-widget-text-editor\" data-id=\"uwjelx8s\" data-element_type=\"widget\" data-e-type=\"widget\" data-widget_type=\"text-editor.default\">\n\t\t\t\t\t\t\t\t\t<p>Ihmiset syv\u00e4ss\u00e4 mets\u00e4ss\u00e4 ja vuoristossa: syrj\u00e4isimmille alueille astuva astuu Maeron valtakuntaan.<\/p>\t\t\t\t\t\t\t\t<\/div>\n\t\t\t\t\t<\/div>\n\t\t\t\t<\/div>\n\t\t<div class=\"elementor-element elementor-element-jm2n74ec iwg-steckbrief-card e-flex e-con-boxed e-con e-child\" data-id=\"jm2n74ec\" data-element_type=\"container\" data-e-type=\"container\">\n\t\t\t\t\t<div class=\"e-con-inner\">\n\t\t\t\t<div class=\"elementor-element elementor-element-8vufse4c elementor-widget elementor-widget-heading\" data-id=\"8vufse4c\" data-element_type=\"widget\" data-e-type=\"widget\" data-widget_type=\"heading.default\">\n\t\t\t\t\t<div class=\"elementor-heading-title elementor-size-default\">Esitt\u00e4minen<\/div>\t\t\t\t<\/div>\n\t\t\t\t<div class=\"elementor-element elementor-element-mwb9u015 elementor-widget elementor-widget-text-editor\" data-id=\"mwb9u015\" data-element_type=\"widget\" data-e-type=\"widget\" data-widget_type=\"text-editor.default\">\n\t\t\t\t\t\t\t\t\t<p>Suuri ja villi, tuuhean mustan tukan peitt\u00e4m\u00e4, luiset sormet, ter\u00e4v\u00e4t pitk\u00e4t kynnet ja kivinuija.<\/p>\t\t\t\t\t\t\t\t<\/div>\n\t\t\t\t\t<\/div>\n\t\t\t\t<\/div>\n\t\t\t\t<\/div>\n\t\t<div class=\"elementor-element elementor-element-pemmx7c2 e-con-full e-flex e-con e-child\" data-id=\"pemmx7c2\" data-element_type=\"container\" data-e-type=\"container\">\n\t\t<div class=\"elementor-element elementor-element-37ss2yr6 iwg-steckbrief-card e-flex e-con-boxed e-con e-child\" data-id=\"37ss2yr6\" data-element_type=\"container\" data-e-type=\"container\">\n\t\t\t\t\t<div class=\"e-con-inner\">\n\t\t\t\t<div class=\"elementor-element elementor-element-3v0wp3wx elementor-widget elementor-widget-heading\" data-id=\"3v0wp3wx\" data-element_type=\"widget\" data-e-type=\"widget\" data-widget_type=\"heading.default\">\n\t\t\t\t\t<div class=\"elementor-heading-title elementor-size-default\">Vaikutusalue<\/div>\t\t\t\t<\/div>\n\t\t\t\t<div class=\"elementor-element elementor-element-w3247g2m elementor-widget elementor-widget-text-editor\" data-id=\"w3247g2m\" data-element_type=\"widget\" data-e-type=\"widget\" data-widget_type=\"text-editor.default\">\n\t\t\t\t\t\t\t\t\t<p>Ihmisten jahtaamista ja raakaa v\u00e4kivaltaa, joissakin perim\u00e4tiedoissa kannibalismia; kesytt\u00f6m\u00e4n er\u00e4maan vertauskuva.<\/p>\t\t\t\t\t\t\t\t<\/div>\n\t\t\t\t\t<\/div>\n\t\t\t\t<\/div>\n\t\t<div class=\"elementor-element elementor-element-0qpjal9w iwg-steckbrief-card e-flex e-con-boxed e-con e-child\" data-id=\"0qpjal9w\" data-element_type=\"container\" data-e-type=\"container\">\n\t\t\t\t\t<div class=\"e-con-inner\">\n\t\t\t\t<div class=\"elementor-element elementor-element-6ndoih0o elementor-widget elementor-widget-heading\" data-id=\"6ndoih0o\" data-element_type=\"widget\" data-e-type=\"widget\" data-widget_type=\"heading.default\">\n\t\t\t\t\t<div class=\"elementor-heading-title elementor-size-default\">Suhtautuminen<\/div>\t\t\t\t<\/div>\n\t\t\t\t<div class=\"elementor-element elementor-element-6684tyh9 elementor-widget elementor-widget-text-editor\" data-id=\"6684tyh9\" data-element_type=\"widget\" data-e-type=\"widget\" data-widget_type=\"text-editor.default\">\n\t\t\t\t\t\t\t\t\t<p>Syvimpien mets\u00e4- ja vuoristoalueiden v\u00e4ltt\u00e4minen niiden valtakuntana sek\u00e4 varovaisuus ja kunnioitus er\u00e4maan tapu-alueita kohtaan.<\/p>\t\t\t\t\t\t\t\t<\/div>\n\t\t\t\t\t<\/div>\n\t\t\t\t<\/div>\n\t\t<div class=\"elementor-element elementor-element-3lfi7x32 iwg-steckbrief-card e-flex e-con-boxed e-con e-child\" data-id=\"3lfi7x32\" data-element_type=\"container\" data-e-type=\"container\">\n\t\t\t\t\t<div class=\"e-con-inner\">\n\t\t\t\t<div class=\"elementor-element elementor-element-0kg99ga1 elementor-widget elementor-widget-heading\" data-id=\"0kg99ga1\" data-element_type=\"widget\" data-e-type=\"widget\" data-widget_type=\"heading.default\">\n\t\t\t\t\t<div class=\"elementor-heading-title elementor-size-default\">Rajaus<\/div>\t\t\t\t<\/div>\n\t\t\t\t<div class=\"elementor-element elementor-element-n0fum6kp elementor-widget elementor-widget-text-editor\" data-id=\"n0fum6kp\" data-element_type=\"widget\" data-e-type=\"widget\" data-widget_type=\"text-editor.default\">\n\t\t\t\t\t\t\t\t\t<p>Vaaleat, viettelev\u00e4t <a href=\"https:\/\/iwell-guard.com\/fi\/?page_id=144839\">Patupaiarehe<\/a> ja vartioivat <a href=\"https:\/\/iwell-guard.com\/fi\/?page_id=144837\">Hakuturi<\/a>: aivan erilaisia maorien mets\u00e4kansoja.<\/p>\t\t\t\t\t\t\t\t<\/div>\n\t\t\t\t\t<\/div>\n\t\t\t\t<\/div>\n\t\t\t\t<\/div>\n\t\t\t\t<\/div>\n\t\t\t\t\t<\/div>\n\t\t\t\t<\/div>\n\t\t<div class=\"elementor-element elementor-element-7533bc7a e-flex e-con-boxed e-con e-parent\" data-id=\"7533bc7a\" data-element_type=\"container\" data-e-type=\"container\">\n\t\t\t\t\t<div class=\"e-con-inner\">\n\t\t\t\t<div class=\"elementor-element elementor-element-2447d18d elementor-widget elementor-widget-heading\" data-id=\"2447d18d\" data-element_type=\"widget\" data-e-type=\"widget\" data-widget_type=\"heading.default\">\n\t\t\t\t\t<h2 class=\"elementor-heading-title elementor-size-default\">Verivihollisia asutun maailman reunalla<\/h2>\t\t\t\t<\/div>\n\t\t<div class=\"elementor-element elementor-element-d5d0260c e-con-full e-flex e-con e-child\" data-id=\"d5d0260c\" data-element_type=\"container\" data-e-type=\"container\">\n\t\t\t\t<div class=\"elementor-element elementor-element-341be2ac elementor-widget elementor-widget-text-editor\" data-id=\"341be2ac\" data-element_type=\"widget\" data-e-type=\"widget\" data-widget_type=\"text-editor.default\">\n\t\t\t\t\t\t\t\t\t<p>Nimi on maorinkielinen maero tai maeroero, my\u00f6s mohoao; maero luetaan iwi-atuaan, yliluonnolliseen kansaan. Perim\u00e4tiedon mukaan he olivat maorien verivihollisia, joiden kanssa he olivat l\u00e4hes jatkuvasti ristiriidassa, ja t\u00e4m\u00e4n seurauksena heid\u00e4t ty\u00f6nnettiin jatkuvasti kauemmas asuinkelvottomimpiin metsiin.<\/p><p>N\u00e4in maerosta tuli syrj\u00e4isimpien alueiden, erityisesti Etel\u00e4saaren ja Tararua-vuoriston, villej\u00e4 alkumets\u00e4ihmisi\u00e4. Heid\u00e4n hahmonsa kertoo t\u00e4st\u00e4 syrj\u00e4ytymisest\u00e4: alastomia lukuun ottamatta tuuheaa karvaa, aseistautuneina kivinuijalla ja kynsill\u00e4, vastakohtana kylien j\u00e4rjest\u00e4ytyneelle, asutulle maailmalle.<\/p>\t\t\t\t\t\t\t\t<\/div>\n\t\t\t\t<\/div>\n\t\t\t\t\t<\/div>\n\t\t\t\t<\/div>\n\t\t<div class=\"elementor-element elementor-element-5a584676 e-flex e-con-boxed e-con e-parent\" data-id=\"5a584676\" data-element_type=\"container\" data-e-type=\"container\">\n\t\t\t\t\t<div class=\"e-con-inner\">\n\t\t\t\t<div class=\"elementor-element elementor-element-6d0757bf elementor-widget elementor-widget-heading\" data-id=\"6d0757bf\" data-element_type=\"widget\" data-e-type=\"widget\" data-widget_type=\"heading.default\">\n\t\t\t\t\t<h2 class=\"elementor-heading-title elementor-size-default\">Iwi-atuasta Uuden-Seelannin Bigfootiksi<\/h2>\t\t\t\t<\/div>\n\t\t<div class=\"elementor-element elementor-element-60563f68 e-con-full e-flex e-con e-child\" data-id=\"60563f68\" data-element_type=\"container\" data-e-type=\"container\">\n\t\t\t\t<div class=\"elementor-element elementor-element-5a93fdd6 elementor-widget elementor-widget-text-editor\" data-id=\"5a93fdd6\" data-element_type=\"widget\" data-e-type=\"widget\" data-widget_type=\"text-editor.default\">\n\t\t\t\t\t\t\t\t\t<p>Modernissa reseptiossa maeroa k\u00e4sitell\u00e4\u00e4n ensisijaisesti Uuden-Seelannin Bigfootina ja kryptidin\u00e4; sukua on Coromandelin niemimaan moehau-motiivi. On t\u00e4rke\u00e4\u00e4 selvent\u00e4\u00e4, ett\u00e4 t\u00e4m\u00e4 Bigfoot-rinnastus juontuu suurelta osin modernista kryptidireseptiosta, ei itse perim\u00e4tiedosta.<\/p><p>Uskontotieteellisesti maero on villi mies -motiivi ja villi alkumets\u00e4kansa, iwi-atua, joka ilment\u00e4\u00e4 kesytt\u00f6m\u00e4n er\u00e4maan rajaa ja uhkaa. L\u00e4hdetilanne on alueellinen ja ohut, ja se liittyy erityisesti Etel\u00e4saareen.<\/p>\t\t\t\t\t\t\t\t<\/div>\n\t\t\t\t<\/div>\n\t\t\t\t\t<\/div>\n\t\t\t\t<\/div>\n\t\t<div class=\"elementor-element elementor-element-cp9a031aa e-flex e-con-boxed e-con e-parent\" data-id=\"cp9a031aa\" data-element_type=\"container\" data-e-type=\"container\">\n\t\t\t\t\t<div class=\"e-con-inner\">\n\t\t\t\t<div class=\"elementor-element elementor-element-cp9193514 elementor-widget elementor-widget-heading\" data-id=\"cp9193514\" data-element_type=\"widget\" data-e-type=\"widget\" data-widget_type=\"heading.default\">\n\t\t\t\t\t<h2 class=\"elementor-heading-title elementor-size-default\">V\u00e4ltt\u00e4minen ainoana suojana<\/h2>\t\t\t\t<\/div>\n\t\t<div class=\"elementor-element elementor-element-cp02ca0ee e-con-full e-flex e-con e-child\" data-id=\"cp02ca0ee\" data-element_type=\"container\" data-e-type=\"container\">\n\t\t\t\t<div class=\"elementor-element elementor-element-cp444e0f1 elementor-widget elementor-widget-text-editor\" data-id=\"cp444e0f1\" data-element_type=\"widget\" data-e-type=\"widget\" data-widget_type=\"text-editor.default\">\n\t\t\t\t\t\t\t\t\t<p>L\u00e4hteiden vahvistamana on ensisijaisesti syvimpien, syrj\u00e4isimpien mets\u00e4- ja vuoristoalueiden v\u00e4ltt\u00e4minen Maeron valtakuntana sek\u00e4 yleinen varovaisuus ja kunnioitus er\u00e4maan tapu-alueita kohtaan, joita k\u00e4sitell\u00e4\u00e4n t\u00e4ss\u00e4 pid\u00e4ttyv\u00e4isesti. Perim\u00e4tieto ei tunne riitti\u00e4 maeroa vastaan: se, joka ei astu heid\u00e4n alueelleen, ei kohtaa heit\u00e4. Suoja piilee itse rajassa, joka piirret\u00e4\u00e4n asutun maailman ja er\u00e4maan v\u00e4lille.<\/p>\t\t\t\t\t\t\t\t<\/div>\n\t\t\t\t<\/div>\n\t\t\t\t\t<\/div>\n\t\t\t\t<\/div>\n\t\t<div class=\"elementor-element elementor-element-cp11de5b2 e-flex e-con-boxed e-con e-parent\" data-id=\"cp11de5b2\" data-element_type=\"container\" data-e-type=\"container\">\n\t\t\t\t\t<div class=\"e-con-inner\">\n\t\t\t\t<div class=\"elementor-element elementor-element-cp8d35271 elementor-widget elementor-widget-heading\" data-id=\"cp8d35271\" data-element_type=\"widget\" data-e-type=\"widget\" data-widget_type=\"heading.default\">\n\t\t\t\t\t<h2 class=\"elementor-heading-title elementor-size-default\">Metsien villit miehet ymp\u00e4ri maailmaa<\/h2>\t\t\t\t<\/div>\n\t\t<div class=\"elementor-element elementor-element-cp02f26b8 e-con-full e-flex e-con e-child\" data-id=\"cp02f26b8\" data-element_type=\"container\" data-e-type=\"container\">\n\t\t\t\t<div class=\"elementor-element elementor-element-cp58c4390 elementor-widget elementor-widget-text-editor\" data-id=\"cp58c4390\" data-element_type=\"widget\" data-e-type=\"widget\" data-widget_type=\"text-editor.default\">\n\t\t\t\t\t\t\t\t\t<p>Maero vastaa eurooppalaisen motiivin <a href=\"https:\/\/iwell-guard.com\/fi\/?page_id=144815\">villi\u00e4 miest\u00e4<\/a> ja sit\u00e4 kutsutaan usein Uuden-Seelannin Bigfootiksi; sukua ovat baskien <a href=\"https:\/\/iwell-guard.com\/fi\/?page_id=144810\">Basajaun<\/a> ja lumimies. Maorien maailmassa vallitsee jyrkk\u00e4 erottelu: maero on villi, tummakarvainen ja v\u00e4kivaltainen, kun taas <a href=\"https:\/\/iwell-guard.com\/fi\/?page_id=144839\">Patupaiarehe<\/a> on vaalea, keijukaismainen ja viettelev\u00e4, ja <a href=\"https:\/\/iwell-guard.com\/fi\/?page_id=144837\">Hakuturi<\/a> ovat vartijoita, jotka rankaisevat vain riitin rikkomisesta.<\/p>\t\t\t\t\t\t\t\t<\/div>\n\t\t\t\t<\/div>\n\t\t\t\t\t<\/div>\n\t\t\t\t<\/div>\n\t\t<div class=\"elementor-element elementor-element-cp406577c e-flex e-con-boxed e-con e-parent\" data-id=\"cp406577c\" data-element_type=\"container\" data-e-type=\"container\">\n\t\t\t\t\t<div class=\"e-con-inner\">\n\t\t\t\t<div class=\"elementor-element elementor-element-cpdd9c543 elementor-widget elementor-widget-heading\" data-id=\"cpdd9c543\" data-element_type=\"widget\" data-e-type=\"widget\" data-widget_type=\"heading.default\">\n\t\t\t\t\t<h2 class=\"elementor-heading-title elementor-size-default\">Usein kysytty\u00e4 maerosta<\/h2>\t\t\t\t<\/div>\n\t\t<div class=\"elementor-element elementor-element-cp9e731bb e-con-full e-flex e-con e-child\" data-id=\"cp9e731bb\" data-element_type=\"container\" data-e-type=\"container\">\n\t\t\t\t<div class=\"elementor-element elementor-element-cpa7c898c elementor-widget elementor-widget-text-editor\" data-id=\"cpa7c898c\" data-element_type=\"widget\" data-e-type=\"widget\" data-widget_type=\"text-editor.default\">\n\t\t\t\t\t\t\t\t\t<p><strong>Mit\u00e4 eroa on maerolla ja patupaiarehella?<\/strong><\/p><p>Maero on villi, tummakarvainen ja v\u00e4kivaltainen; patupaiarehe on vaalea, keijukaismainen ja viettelev\u00e4.<\/p><p><strong>Miss\u00e4 he el\u00e4v\u00e4t?<\/strong><\/p><p>Syrj\u00e4isimmiss\u00e4 metsiss\u00e4 ja vuoristoissa, erityisesti Etel\u00e4saarella.<\/p><p><strong>Voiko heit\u00e4 verrata Bigfootiin?<\/strong><\/p><p>Kyll\u00e4, heit\u00e4 pidet\u00e4\u00e4n Uuden-Seelannin vastineena villille miehelle tai Bigfootille; t\u00e4m\u00e4 rinnastus juontuu kuitenkin suurelta osin modernista kryptidireseptiosta.<\/p>\t\t\t\t\t\t\t\t<\/div>\n\t\t\t\t<\/div>\n\t\t\t\t\t<\/div>\n\t\t\t\t<\/div>\n\t\t<div class=\"elementor-element elementor-element-36dd7469 e-flex e-con-boxed e-con e-parent\" data-id=\"36dd7469\" data-element_type=\"container\" data-e-type=\"container\">\n\t\t\t\t\t<div class=\"e-con-inner\">\n\t\t\t\t<div class=\"elementor-element elementor-element-13760ab4 elementor-widget elementor-widget-heading\" data-id=\"13760ab4\" data-element_type=\"widget\" data-e-type=\"widget\" data-widget_type=\"heading.default\">\n\t\t\t\t\t<h2 class=\"elementor-heading-title elementor-size-default\">Aiheeseen liittyv\u00e4t linkit<\/h2>\t\t\t\t<\/div>\n\t\t<div class=\"elementor-element elementor-element-28c87796 e-con-full e-flex e-con e-child\" data-id=\"28c87796\" data-element_type=\"container\" data-e-type=\"container\">\n\t\t\t\t<div class=\"elementor-element elementor-element-5d6538df elementor-widget elementor-widget-text-editor\" data-id=\"5d6538df\" data-element_type=\"widget\" data-e-type=\"widget\" data-widget_type=\"text-editor.default\">\n\t\t\t\t\t\t\t\t\t<p>Suositellut sis\u00e4iset linkit:<\/p><ul><li><a href=\"https:\/\/iwell-guard.com\/fi\/?page_id=144839\">Patupaiarehe<\/a> \u2013 vaalea keijukaiskansa vertailuksi<\/li><li><a href=\"https:\/\/iwell-guard.com\/fi\/?page_id=144837\">Hakuturi<\/a> \u2013 maorien mets\u00e4nvartijat<\/li><li><a href=\"https:\/\/iwell-guard.com\/fi\/?page_id=144810\">Basajaun<\/a>, <a href=\"https:\/\/iwell-guard.com\/fi\/?page_id=144815\">villi mies<\/a> \u2013 sukua olevat villihahmot<\/li><li><a href=\"https:\/\/iwell-guard.com\/fi\/amuletti\/\">amuletti<\/a>, <a href=\"https:\/\/iwell-guard.com\/fi\/rauta-ja-kylma-rauta\/\">rauta<\/a>, <a href=\"https:\/\/iwell-guard.com\/fi\/suola-suojana\/\">suola<\/a> \u2013 perinteiset suojakeinot<\/li><li><a href=\"https:\/\/iwell-guard.com\/fi\/suoja-kompassi\/\">Suojakompassi<\/a> \u2013 suojakeinot yhdell\u00e4 silm\u00e4yksell\u00e4<\/li><\/ul>\t\t\t\t\t\t\t\t<\/div>\n\t\t\t\t<\/div>\n\t\t\t\t\t<\/div>\n\t\t\t\t<\/div>\n\t\t<div class=\"elementor-element elementor-element-grl4kl40 e-flex e-con-boxed e-con e-parent\" data-id=\"grl4kl40\" data-element_type=\"container\" data-e-type=\"container\">\n\t\t\t\t\t<div class=\"e-con-inner\">\n\t\t\t\t<div class=\"elementor-element elementor-element-bzsbfrmh elementor-widget elementor-widget-heading\" data-id=\"bzsbfrmh\" data-element_type=\"widget\" data-e-type=\"widget\" data-widget_type=\"heading.default\">\n\t\t\t\t\t<h2 class=\"elementor-heading-title elementor-size-default\">Kirjallisuus (valikoima)<\/h2>\t\t\t\t<\/div>\n\t\t<div class=\"elementor-element elementor-element-2c13224a e-con-full e-flex e-con e-child\" data-id=\"2c13224a\" data-element_type=\"container\" data-e-type=\"container\">\n\t\t\t\t<div class=\"elementor-element elementor-element-0eymh9ub elementor-widget elementor-widget-text-editor\" data-id=\"0eymh9ub\" data-element_type=\"widget\" data-e-type=\"widget\" data-widget_type=\"text-editor.default\">\n\t\t\t\t\t\t\t\t\t<footer class=\"iwg-literatur\" data-nosnippet=\"true\"><p>Valikoima keskeisi\u00e4 l\u00e4hteit\u00e4 ja tutkimuksia:<\/p><ul><li><span data-nosnippet>Best, Elsdon: <em>Forest Lore of the Maori<\/em>. Wellington 1942.<\/span><\/li><li><span data-nosnippet>Orbell, Margaret: <em>A Concise Encyclopedia of Maori Myth and Legend<\/em>. Christchurch 1998.<\/span><\/li><li><span data-nosnippet>Beattie, Herries: <em>Traditions and Legends of Murihiku<\/em>. Dunedin, 1900-luvun alku.<\/span><\/li><\/ul><\/footer>\n<p class=\"iwg-bib-more\"><span data-nosnippet>Lis\u00e4\u00e4 perusteoksia <a href=\"https:\/\/iwell-guard.com\/fi\/kirjallisuus\/\">l\u00e4hdeluettelossa<\/a>.<\/span><\/p>\t\t\t\t\t\t\t\t<\/div>\n\t\t\t\t<\/div>\n\t\t\t\t\t<\/div>\n\t\t\t\t<\/div>\n\t\t<div class=\"elementor-element elementor-element-iwgkw2-add-hulijing e-flex e-con-boxed e-con e-parent\" data-id=\"iwgkw2-add-hulijing\" data-element_type=\"container\" data-e-type=\"container\">\n\t\t\t\t\t<div class=\"e-con-inner\">\n\t\t\t\t<div class=\"elementor-element elementor-element-iwgkw2-add-hulijing-t elementor-widget elementor-widget-text-editor\" data-id=\"iwgkw2-add-hulijing-t\" data-element_type=\"widget\" data-e-type=\"widget\" data-widget_type=\"text-editor.default\">\n\t\t\t\t\t\t\t\t\t<p>Maero, jota kutsutaan my\u00f6s nimell\u00e4 Maeroero, on Uuden-Seelannin maorien tarustossa villi mets\u00e4ihminen: syvimpien metsien karvainen alkukansa, joka muistuttaa siit\u00e4, ettei er\u00e4maata ole koskaan t\u00e4ysin kesytetty.<\/p>\t\t\t\t\t\t\t\t<\/div>\n\t\t\t\t\t<\/div>\n\t\t\t\t<\/div>\n\t\t\t\t<\/div>\n\t\t","protected":false},"excerpt":{"rendered":"","protected":false},"author":3,"featured_media":20402,"parent":0,"menu_order":0,"comment_status":"closed","ping_status":"closed","template":"elementor_header_footer","meta":{"_yoast_wpseo_focuskw":"maero","_yoast_wpseo_title":"Maero: Maorien villit mets\u00e4ihmiset","_yoast_wpseo_metadesc":"Maero, Maorien villit ja karvaiset mets\u00e4ihmiset. Yleiskatsaus alkuper\u00e4\u00e4n, pitkiin kynsiin ja asemaan villi mies -hahmona.","_yoast_wpseo_meta-robots-noindex":"","_yoast_wpseo_canonical":"","_angie_page":false,"gefaehrdungsstufe":"4","wesen_kultur":"polynesisch","wesen_klasse":"geister","footnotes":""},"categories":[],"class_list":["post-144838","page","type-page","status-publish","has-post-thumbnail","hentry"],"yoast_head":"<!-- This site is optimized with the Yoast SEO Premium plugin v27.7 (Yoast SEO v28.3) - https:\/\/yoast.com\/product\/yoast-seo-premium-wordpress\/ -->\n<title>Maero: Maorien villit mets\u00e4ihmiset<\/title>\n<meta name=\"description\" content=\"Maero, Maorien villit ja karvaiset mets\u00e4ihmiset. Yleiskatsaus alkuper\u00e4\u00e4n, pitkiin kynsiin ja asemaan villi mies -hahmona.\" \/>\n<meta name=\"robots\" content=\"index, follow, max-snippet:-1, max-image-preview:large, max-video-preview:-1\" \/>\n<link rel=\"canonical\" href=\"https:\/\/iwell-guard.com\/fi\/maero\/\" \/>\n<meta property=\"og:locale\" content=\"fi_FI\" \/>\n<meta property=\"og:type\" content=\"article\" \/>\n<meta property=\"og:title\" content=\"Maero\" \/>\n<meta property=\"og:description\" content=\"Maero, Maorien villit ja karvaiset mets\u00e4ihmiset. Yleiskatsaus alkuper\u00e4\u00e4n, pitkiin kynsiin ja asemaan villi mies -hahmona.\" \/>\n<meta property=\"og:url\" content=\"https:\/\/iwell-guard.com\/fi\/maero\/\" \/>\n<meta property=\"og:site_name\" content=\"iWell Guard\" \/>\n<meta property=\"article:modified_time\" content=\"2026-09-03T13:09:33+00:00\" \/>\n<meta property=\"og:image\" content=\"https:\/\/iwell-guard.com\/wp-content\/uploads\/2026\/07\/geister_ozeanisch_maero.webp\" \/>\n\t<meta property=\"og:image:width\" content=\"1023\" \/>\n\t<meta property=\"og:image:height\" content=\"1537\" \/>\n\t<meta property=\"og:image:type\" content=\"image\/webp\" \/>\n<meta name=\"twitter:card\" content=\"summary_large_image\" \/>\n<script type=\"application\/ld+json\" class=\"yoast-schema-graph\">{\"@context\":\"https:\\\/\\\/schema.org\",\"@graph\":[{\"@type\":\"WebPage\",\"@id\":\"https:\\\/\\\/iwell-guard.com\\\/fi\\\/maero\\\/\",\"url\":\"https:\\\/\\\/iwell-guard.com\\\/fi\\\/maero\\\/\",\"name\":\"Maero: Maorien villit mets\u00e4ihmiset\",\"isPartOf\":{\"@id\":\"https:\\\/\\\/iwell-guard.com\\\/fi\\\/#website\"},\"primaryImageOfPage\":{\"@id\":\"https:\\\/\\\/iwell-guard.com\\\/fi\\\/maero\\\/#primaryimage\"},\"image\":{\"@id\":\"https:\\\/\\\/iwell-guard.com\\\/fi\\\/maero\\\/#primaryimage\"},\"thumbnailUrl\":\"https:\\\/\\\/iwell-guard.com\\\/wp-content\\\/uploads\\\/2026\\\/07\\\/geister_ozeanisch_maero.webp\",\"datePublished\":\"2026-09-03T12:39:47+00:00\",\"dateModified\":\"2026-09-03T13:09:33+00:00\",\"description\":\"Maero, Maorien villit ja karvaiset mets\u00e4ihmiset. Yleiskatsaus alkuper\u00e4\u00e4n, pitkiin kynsiin ja asemaan villi mies -hahmona.\",\"breadcrumb\":{\"@id\":\"https:\\\/\\\/iwell-guard.com\\\/fi\\\/maero\\\/#breadcrumb\"},\"inLanguage\":\"fi\",\"potentialAction\":[{\"@type\":\"ReadAction\",\"target\":[\"https:\\\/\\\/iwell-guard.com\\\/fi\\\/maero\\\/\"]}]},{\"@type\":\"ImageObject\",\"inLanguage\":\"fi\",\"@id\":\"https:\\\/\\\/iwell-guard.com\\\/fi\\\/maero\\\/#primaryimage\",\"url\":\"https:\\\/\\\/iwell-guard.com\\\/wp-content\\\/uploads\\\/2026\\\/07\\\/geister_ozeanisch_maero.webp\",\"contentUrl\":\"https:\\\/\\\/iwell-guard.com\\\/wp-content\\\/uploads\\\/2026\\\/07\\\/geister_ozeanisch_maero.webp\",\"width\":1023,\"height\":1537,\"caption\":\"Maero, maorilaisen perinteen henki\"},{\"@type\":\"BreadcrumbList\",\"@id\":\"https:\\\/\\\/iwell-guard.com\\\/fi\\\/maero\\\/#breadcrumb\",\"itemListElement\":[{\"@type\":\"ListItem\",\"position\":1,\"name\":\"Start\",\"item\":\"https:\\\/\\\/iwell-guard.com\\\/fi\\\/?page_id=143815\"},{\"@type\":\"ListItem\",\"position\":2,\"name\":\"Maero\"}]},{\"@type\":\"WebSite\",\"@id\":\"https:\\\/\\\/iwell-guard.com\\\/fi\\\/#website\",\"url\":\"https:\\\/\\\/iwell-guard.com\\\/fi\\\/\",\"name\":\"iWell Guard\",\"description\":\"Schutz vor dunklen Einfl\u00fcssen\",\"publisher\":{\"@id\":\"https:\\\/\\\/iwell-guard.com\\\/fi\\\/#organization\"},\"potentialAction\":[{\"@type\":\"SearchAction\",\"target\":{\"@type\":\"EntryPoint\",\"urlTemplate\":\"https:\\\/\\\/iwell-guard.com\\\/fi\\\/?s={search_term_string}\"},\"query-input\":{\"@type\":\"PropertyValueSpecification\",\"valueRequired\":true,\"valueName\":\"search_term_string\"}}],\"inLanguage\":\"fi\"},{\"@type\":\"Organization\",\"@id\":\"https:\\\/\\\/iwell-guard.com\\\/fi\\\/#organization\",\"name\":\"Ittermann electronic GmbH\",\"url\":\"https:\\\/\\\/iwell-guard.com\\\/fi\\\/\",\"logo\":{\"@type\":\"ImageObject\",\"inLanguage\":\"fi\",\"@id\":\"https:\\\/\\\/iwell-guard.com\\\/fi\\\/#\\\/schema\\\/logo\\\/image\\\/\",\"url\":\"https:\\\/\\\/iwell-guard.com\\\/wp-content\\\/uploads\\\/2026\\\/05\\\/Ittermann-Logo-1182x237-1.png\",\"contentUrl\":\"https:\\\/\\\/iwell-guard.com\\\/wp-content\\\/uploads\\\/2026\\\/05\\\/Ittermann-Logo-1182x237-1.png\",\"width\":1182,\"height\":237,\"caption\":\"Ittermann electronic GmbH\"},\"image\":{\"@id\":\"https:\\\/\\\/iwell-guard.com\\\/fi\\\/#\\\/schema\\\/logo\\\/image\\\/\"},\"sameAs\":[\"https:\\\/\\\/pantip.com\\\/profile\\\/9367242\",\"https:\\\/\\\/micro.blog\\\/iwellguard\",\"https:\\\/\\\/www.diggerslist.com\\\/iwellguard\\\/about\",\"https:\\\/\\\/skitterphoto.com\\\/photographers\\\/2870314\\\/iwell-guard\",\"https:\\\/\\\/iwellguard.wordpress.com\\\/2026\\\/06\\\/06\\\/iwell-guard\\\/\",\"https:\\\/\\\/hub.docker.com\\\/u\\\/iwellguard\",\"https:\\\/\\\/www.pinterest.com\\\/iwellguard\\\/\",\"https:\\\/\\\/bit.ly\\\/m\\\/iwellguard\",\"https:\\\/\\\/entre-vos-mains.alsace.eu\\\/profiles\\\/iwellguard\\\/activity\",\"https:\\\/\\\/gravatar.com\\\/reallybeded8fd34\",\"https:\\\/\\\/naijamatta.com\\\/iwellguard\",\"https:\\\/\\\/www.goodreads.com\\\/iwellguard\",\"https:\\\/\\\/profile.hatena.ne.jp\\\/iwellguard\\\/\",\"https:\\\/\\\/experiment.com\\\/users\\\/iwellguard\",\"https:\\\/\\\/wakelet.com\\\/@iWellGuard82270\",\"https:\\\/\\\/www.chordie.com\\\/forum\\\/profile.php?id=2555664\",\"https:\\\/\\\/www.instapaper.com\\\/p\\\/17757966\",\"https:\\\/\\\/www.mapleprimes.com\\\/users\\\/iwellguard\",\"https:\\\/\\\/businesslistingplus.com\\\/profile\\\/iwell-guard\\\/\",\"https:\\\/\\\/telegra.ph\\\/iWell-Guard-06-06\",\"https:\\\/\\\/pbase.com\\\/iwellguard\\\/iwellguard\",\"https:\\\/\\\/b.hatena.ne.jp\\\/iwellguard\\\/20260607#bookmark-4788405196491818882\",\"https:\\\/\\\/fliphtml5.com\\\/home\\\/iwellguard\",\"https:\\\/\\\/anyflip.com\\\/homepage\\\/cmiwl#About\",\"https:\\\/\\\/transfur.com\\\/Users\\\/iwellguard\",\"http:\\\/\\\/delphi.larsbo.org\\\/user\\\/iwellguard\",\"https:\\\/\\\/jobs.lajobsportal.org\\\/profiles\\\/8380803-iwell-guard\",\"https:\\\/\\\/md.chaosdorf.de\\\/s\\\/jfbe5SBdJD\",\"https:\\\/\\\/www.lingvolive.com\\\/en-us\\\/profile\\\/9ecaeaca-ce11-4e51-9e71-01d55e2bff36\\\/translations\",\"https:\\\/\\\/www.fitday.com\\\/fitness\\\/forums\\\/members\\\/iwellguard.html\",\"https:\\\/\\\/www.mymeetbook.com\\\/iwellguard\",\"https:\\\/\\\/pxhere.com\\\/en\\\/photographer-me\\\/5040798\",\"https:\\\/\\\/disqus.com\\\/by\\\/iwellguard\\\/about\\\/\",\"https:\\\/\\\/pastelink.net\\\/hjwciqwq\",\"https:\\\/\\\/pubhtml5.com\\\/homepage\\\/scjhn\\\/\",\"https:\\\/\\\/www.bitchute.com\\\/channel\\\/2O2eOKzNqujT\",\"https:\\\/\\\/audiomack.com\\\/iwellguard\"]},{\"@type\":\"Article\",\"@id\":\"https:\\\/\\\/iwell-guard.com\\\/fi\\\/maero\\\/#article\",\"isPartOf\":{\"@id\":\"https:\\\/\\\/iwell-guard.com\\\/fi\\\/maero\\\/\"},\"author\":{\"name\":\"Ralf Ittermann\",\"@id\":\"https:\\\/\\\/iwell-guard.com\\\/fi\\\/#\\\/schema\\\/person\\\/ee2a27f1cac3406c7c6fb5820cb7349f\"},\"headline\":\"Maero\",\"datePublished\":\"2026-09-03T12:39:47+00:00\",\"dateModified\":\"2026-09-03T13:09:33+00:00\",\"mainEntityOfPage\":{\"@id\":\"https:\\\/\\\/iwell-guard.com\\\/fi\\\/maero\\\/\"},\"publisher\":{\"@id\":\"https:\\\/\\\/iwell-guard.com\\\/fi\\\/#organization\"},\"image\":{\"@id\":\"https:\\\/\\\/iwell-guard.com\\\/fi\\\/maero\\\/#primaryimage\"},\"thumbnailUrl\":\"https:\\\/\\\/iwell-guard.com\\\/wp-content\\\/uploads\\\/2026\\\/07\\\/geister_ozeanisch_maero.webp\",\"inLanguage\":\"fi\",\"description\":\"Maero, Maorien villit ja karvaiset mets\u00e4ihmiset. Yleiskatsaus alkuper\u00e4\u00e4n, pitkiin kynsiin ja asemaan villi mies -hahmona.\"}]}<\/script>\n<!-- \/ Yoast SEO Premium plugin. -->","yoast_head_json":{"title":"Maero: Maorien villit mets\u00e4ihmiset","description":"Maero, Maorien villit ja karvaiset mets\u00e4ihmiset. Yleiskatsaus alkuper\u00e4\u00e4n, pitkiin kynsiin ja asemaan villi mies -hahmona.","robots":{"index":"index","follow":"follow","max-snippet":"max-snippet:-1","max-image-preview":"max-image-preview:large","max-video-preview":"max-video-preview:-1"},"canonical":"https:\/\/iwell-guard.com\/fi\/maero\/","og_locale":"fi_FI","og_type":"article","og_title":"Maero","og_description":"Maero, Maorien villit ja karvaiset mets\u00e4ihmiset. Yleiskatsaus alkuper\u00e4\u00e4n, pitkiin kynsiin ja asemaan villi mies -hahmona.","og_url":"https:\/\/iwell-guard.com\/fi\/maero\/","og_site_name":"iWell Guard","article_modified_time":"2026-09-03T13:09:33+00:00","og_image":[{"width":1023,"height":1537,"url":"https:\/\/iwell-guard.com\/wp-content\/uploads\/2026\/07\/geister_ozeanisch_maero.webp","type":"image\/webp"}],"twitter_card":"summary_large_image","schema":{"@context":"https:\/\/schema.org","@graph":[{"@type":"Article","@id":"https:\/\/iwell-guard.com\/fi\/maero\/#article","isPartOf":{"@id":"https:\/\/iwell-guard.com\/fi\/maero\/"},"author":{"name":"Ralf Ittermann","@id":"https:\/\/iwell-guard.com\/fi\/#\/schema\/person\/ee2a27f1cac3406c7c6fb5820cb7349f"},"headline":"Maero","datePublished":"2026-09-03T12:39:47+00:00","dateModified":"2026-09-03T13:09:33+00:00","mainEntityOfPage":{"@id":"https:\/\/iwell-guard.com\/fi\/maero\/"},"publisher":{"@id":"https:\/\/iwell-guard.com\/fi\/#organization"},"image":{"@id":"https:\/\/iwell-guard.com\/fi\/maero\/#primaryimage"},"thumbnailUrl":"https:\/\/iwell-guard.com\/wp-content\/uploads\/2026\/07\/geister_ozeanisch_maero.webp","inLanguage":"fi","description":"Maero, Maorien villit ja karvaiset mets\u00e4ihmiset. Yleiskatsaus alkuper\u00e4\u00e4n, pitkiin kynsiin ja asemaan villi mies -hahmona."},{"@type":"WebPage","@id":"https:\/\/iwell-guard.com\/fi\/maero\/","url":"https:\/\/iwell-guard.com\/fi\/maero\/","name":"Maero: Maorien villit mets\u00e4ihmiset","isPartOf":{"@id":"https:\/\/iwell-guard.com\/fi\/#website"},"primaryImageOfPage":{"@id":"https:\/\/iwell-guard.com\/fi\/maero\/#primaryimage"},"image":{"@id":"https:\/\/iwell-guard.com\/fi\/maero\/#primaryimage"},"thumbnailUrl":"https:\/\/iwell-guard.com\/wp-content\/uploads\/2026\/07\/geister_ozeanisch_maero.webp","datePublished":"2026-09-03T12:39:47+00:00","dateModified":"2026-09-03T13:09:33+00:00","description":"Maero, Maorien villit ja karvaiset mets\u00e4ihmiset. Yleiskatsaus alkuper\u00e4\u00e4n, pitkiin kynsiin ja asemaan villi mies -hahmona.","breadcrumb":{"@id":"https:\/\/iwell-guard.com\/fi\/maero\/#breadcrumb"},"inLanguage":"fi","potentialAction":[{"@type":"ReadAction","target":["https:\/\/iwell-guard.com\/fi\/maero\/"]}]},{"@type":"ImageObject","inLanguage":"fi","@id":"https:\/\/iwell-guard.com\/fi\/maero\/#primaryimage","url":"https:\/\/iwell-guard.com\/wp-content\/uploads\/2026\/07\/geister_ozeanisch_maero.webp","contentUrl":"https:\/\/iwell-guard.com\/wp-content\/uploads\/2026\/07\/geister_ozeanisch_maero.webp","width":1023,"height":1537,"caption":"Maero, maorilaisen perinteen henki"},{"@type":"BreadcrumbList","@id":"https:\/\/iwell-guard.com\/fi\/maero\/#breadcrumb","itemListElement":[{"@type":"ListItem","position":1,"name":"Start","item":"https:\/\/iwell-guard.com\/fi\/?page_id=143815"},{"@type":"ListItem","position":2,"name":"Maero"}]},{"@type":"WebSite","@id":"https:\/\/iwell-guard.com\/fi\/#website","url":"https:\/\/iwell-guard.com\/fi\/","name":"iWell Guard","description":"Schutz vor dunklen Einfl\u00fcssen","publisher":{"@id":"https:\/\/iwell-guard.com\/fi\/#organization"},"potentialAction":[{"@type":"SearchAction","target":{"@type":"EntryPoint","urlTemplate":"https:\/\/iwell-guard.com\/fi\/?s={search_term_string}"},"query-input":{"@type":"PropertyValueSpecification","valueRequired":true,"valueName":"search_term_string"}}],"inLanguage":"fi"},{"@type":"Organization","@id":"https:\/\/iwell-guard.com\/fi\/#organization","name":"Ittermann electronic GmbH","url":"https:\/\/iwell-guard.com\/fi\/","logo":{"@type":"ImageObject","inLanguage":"fi","@id":"https:\/\/iwell-guard.com\/fi\/#\/schema\/logo\/image\/","url":"https:\/\/iwell-guard.com\/wp-content\/uploads\/2026\/05\/Ittermann-Logo-1182x237-1.png","contentUrl":"https:\/\/iwell-guard.com\/wp-content\/uploads\/2026\/05\/Ittermann-Logo-1182x237-1.png","width":1182,"height":237,"caption":"Ittermann electronic GmbH"},"image":{"@id":"https:\/\/iwell-guard.com\/fi\/#\/schema\/logo\/image\/"},"sameAs":["https:\/\/pantip.com\/profile\/9367242","https:\/\/micro.blog\/iwellguard","https:\/\/www.diggerslist.com\/iwellguard\/about","https:\/\/skitterphoto.com\/photographers\/2870314\/iwell-guard","https:\/\/iwellguard.wordpress.com\/2026\/06\/06\/iwell-guard\/","https:\/\/hub.docker.com\/u\/iwellguard","https:\/\/www.pinterest.com\/iwellguard\/","https:\/\/bit.ly\/m\/iwellguard","https:\/\/entre-vos-mains.alsace.eu\/profiles\/iwellguard\/activity","https:\/\/gravatar.com\/reallybeded8fd34","https:\/\/naijamatta.com\/iwellguard","https:\/\/www.goodreads.com\/iwellguard","https:\/\/profile.hatena.ne.jp\/iwellguard\/","https:\/\/experiment.com\/users\/iwellguard","https:\/\/wakelet.com\/@iWellGuard82270","https:\/\/www.chordie.com\/forum\/profile.php?id=2555664","https:\/\/www.instapaper.com\/p\/17757966","https:\/\/www.mapleprimes.com\/users\/iwellguard","https:\/\/businesslistingplus.com\/profile\/iwell-guard\/","https:\/\/telegra.ph\/iWell-Guard-06-06","https:\/\/pbase.com\/iwellguard\/iwellguard","https:\/\/b.hatena.ne.jp\/iwellguard\/20260607#bookmark-4788405196491818882","https:\/\/fliphtml5.com\/home\/iwellguard","https:\/\/anyflip.com\/homepage\/cmiwl#About","https:\/\/transfur.com\/Users\/iwellguard","http:\/\/delphi.larsbo.org\/user\/iwellguard","https:\/\/jobs.lajobsportal.org\/profiles\/8380803-iwell-guard","https:\/\/md.chaosdorf.de\/s\/jfbe5SBdJD","https:\/\/www.lingvolive.com\/en-us\/profile\/9ecaeaca-ce11-4e51-9e71-01d55e2bff36\/translations","https:\/\/www.fitday.com\/fitness\/forums\/members\/iwellguard.html","https:\/\/www.mymeetbook.com\/iwellguard","https:\/\/pxhere.com\/en\/photographer-me\/5040798","https:\/\/disqus.com\/by\/iwellguard\/about\/","https:\/\/pastelink.net\/hjwciqwq","https:\/\/pubhtml5.com\/homepage\/scjhn\/","https:\/\/www.bitchute.com\/channel\/2O2eOKzNqujT","https:\/\/audiomack.com\/iwellguard"]},{"@type":"Person","@id":"https:\/\/iwell-guard.com\/fi\/#\/schema\/person\/ee2a27f1cac3406c7c6fb5820cb7349f","name":"Ralf Ittermann","image":{"@type":"ImageObject","inLanguage":"fi","@id":"https:\/\/secure.gravatar.com\/avatar\/073c0153e350a5005b68eb752b445fea71f6b24a26da9449ad7e155e6b446c9d?s=96&d=mm&r=g","url":"https:\/\/secure.gravatar.com\/avatar\/073c0153e350a5005b68eb752b445fea71f6b24a26da9449ad7e155e6b446c9d?s=96&d=mm&r=g","contentUrl":"https:\/\/secure.gravatar.com\/avatar\/073c0153e350a5005b68eb752b445fea71f6b24a26da9449ad7e155e6b446c9d?s=96&d=mm&r=g","caption":"Ralf Ittermann"},"givenName":"Ralf","familyName":"Ittermann","jobTitle":"Gesch\u00e4ftsf\u00fchrer und redaktioneller Verantwortlicher","url":"https:\/\/iwell-guard.com\/fi\/author\/claude\/","description":"Ralf Ittermann ist Gesch\u00e4ftsf\u00fchrer der Ittermann electronic GmbH und redaktioneller Verantwortlicher des iWell-Guard-Lexikons. Er verbindet langj\u00e4hrige Erfahrung in der Pr\u00e4zisionsfertigung mit medialer Praxis und religionsgeschichtlicher Quellenarbeit.","worksFor":{"@type":"Organization","name":"Ittermann electronic GmbH","url":"https:\/\/ittermann.de\/","address":{"@type":"PostalAddress","streetAddress":"K\u00f6hlergasse 16-18","postalCode":"99842","addressLocality":"Ruhla","addressCountry":"DE"}},"knowsAbout":["Religionsgeschichte","Mythologie","Mediale Praxis","Energetische Diagnostik","Schutzpraxis","Volksglauben","Westliche Esoterik"]},{"@type":"Article","@id":"https:\/\/iwell-guard.com\/fi\/maero\/#article","isPartOf":{"@id":"https:\/\/iwell-guard.com\/fi\/maero\/"},"author":{"name":"Ralf Ittermann","@id":"https:\/\/iwell-guard.com\/fi\/#\/schema\/person\/ee2a27f1cac3406c7c6fb5820cb7349f"},"headline":"Maero","datePublished":"2026-09-03T12:39:47+00:00","dateModified":"2026-09-03T13:09:33+00:00","mainEntityOfPage":{"@id":"https:\/\/iwell-guard.com\/fi\/maero\/"},"publisher":{"@id":"https:\/\/iwell-guard.com\/fi\/#organization"},"image":{"@id":"https:\/\/iwell-guard.com\/fi\/maero\/#primaryimage"},"thumbnailUrl":"https:\/\/iwell-guard.com\/wp-content\/uploads\/2026\/07\/geister_ozeanisch_maero.webp","inLanguage":"fi","description":"Maero, Maorien villit ja karvaiset mets\u00e4ihmiset. Yleiskatsaus alkuper\u00e4\u00e4n, pitkiin kynsiin ja asemaan villi mies -hahmona."}]}},"_links":{"self":[{"href":"https:\/\/iwell-guard.com\/fi\/wp-json\/wp\/v2\/pages\/144838","targetHints":{"allow":["GET"]}}],"collection":[{"href":"https:\/\/iwell-guard.com\/fi\/wp-json\/wp\/v2\/pages"}],"about":[{"href":"https:\/\/iwell-guard.com\/fi\/wp-json\/wp\/v2\/types\/page"}],"author":[{"embeddable":true,"href":"https:\/\/iwell-guard.com\/fi\/wp-json\/wp\/v2\/users\/3"}],"replies":[{"embeddable":true,"href":"https:\/\/iwell-guard.com\/fi\/wp-json\/wp\/v2\/comments?post=144838"}],"version-history":[{"count":0,"href":"https:\/\/iwell-guard.com\/fi\/wp-json\/wp\/v2\/pages\/144838\/revisions"}],"wp:featuredmedia":[{"embeddable":true,"href":"https:\/\/iwell-guard.com\/fi\/wp-json\/wp\/v2\/media\/20402"}],"wp:attachment":[{"href":"https:\/\/iwell-guard.com\/fi\/wp-json\/wp\/v2\/media?parent=144838"}],"wp:term":[{"taxonomy":"category","embeddable":true,"href":"https:\/\/iwell-guard.com\/fi\/wp-json\/wp\/v2\/categories?post=144838"}],"curies":[{"name":"wp","href":"https:\/\/api.w.org\/{rel}","templated":true}]}}