{"id":144515,"date":"2026-09-03T12:36:17","date_gmt":"2026-09-03T12:36:17","guid":{"rendered":"https:\/\/iwell-guard.com\/?page_id=144515"},"modified":"2026-09-03T13:00:42","modified_gmt":"2026-09-03T13:00:42","slug":"suojakynttila","status":"publish","type":"page","link":"https:\/\/iwell-guard.com\/fi\/suojakynttila\/","title":{"rendered":"Suojakynttil\u00e4"},"content":{"rendered":"\t\t<div data-elementor-type=\"wp-page\" data-elementor-id=\"144515\" class=\"elementor elementor-144515 elementor-3789 elementor-bc-flex-widget\" data-elementor-post-type=\"page\">\n\t\t\t\t<div class=\"elementor-element elementor-element-iwgs-schutzkerze-hero e-flex e-con-boxed e-con e-parent\" data-id=\"iwgs-schutzkerze-hero\" data-element_type=\"container\" data-e-type=\"container\">\n\t\t\t\t\t<div class=\"e-con-inner\">\n\t\t<div class=\"elementor-element elementor-element-iw-schutzkerze-hero-left e-con-full e-flex e-con e-child\" data-id=\"iw-schutzkerze-hero-left\" data-element_type=\"container\" data-e-type=\"container\">\n\t\t\t\t<div class=\"elementor-element elementor-element-iwgs-schutzkerze-h1 elementor-widget elementor-widget-heading\" data-id=\"iwgs-schutzkerze-h1\" data-element_type=\"widget\" data-e-type=\"widget\" data-widget_type=\"heading.default\">\n\t\t\t\t\t<h1 class=\"elementor-heading-title elementor-size-default\">Suojakynttil\u00e4 \u2014 valo pime\u00e4\u00e4 vaikutusta vastaan<\/h1>\t\t\t\t<\/div>\n\t\t<div class=\"elementor-element elementor-element-iw-schutzkerze-hero-bw e-con-full e-flex e-con e-child\" data-id=\"iw-schutzkerze-hero-bw\" data-element_type=\"container\" data-e-type=\"container\">\n\t\t\t\t<div class=\"elementor-element elementor-element-iwgs-schutzkerze-pills elementor-widget elementor-widget-html\" data-id=\"iwgs-schutzkerze-pills\" data-element_type=\"widget\" data-e-type=\"widget\" data-widget_type=\"html.default\">\n\t\t\t\t\t<div class=\"iwg-pill-row\"><span class=\"iwg-klasse-badge\" tabindex=\"0\" data-tooltip=\"Suojav\u00e4line tai sen laji.\">\u00c4\u00e4net ja valo<\/span><a href=\"https:\/\/iwell-guard.com\/fi\/?page_id=144503\" class=\"iwg-kultur-badge\" tabindex=\"0\" data-tooltip=\"Yleiskatsaukseen.\">\u00c4\u00e4net ja valo<\/a><\/div>\t\t\t\t<\/div>\n\t\t\t\t<div class=\"elementor-element elementor-element-iwgs-schutzkerze-lead elementor-widget elementor-widget-text-editor\" data-id=\"iwgs-schutzkerze-lead\" data-element_type=\"widget\" data-e-type=\"widget\" data-widget_type=\"text-editor.default\">\n\t\t\t\t\t\t\t\t\t<p>Kynttil\u00e4t palavat l\u00e4hes kaikissa kulttuureissa <span class=\"iwg-fachbegriff\" data-tooltip=\"Vakiintuneeseen uskonnolliseen toimintakaavaan kuuluva.\" tabindex=\"0\">rituaalisesti<\/span> merkitt\u00e4vill\u00e4 paikoilla: alttareilla, hautapaikoilla, sairashuoneissa, kynnysten edess\u00e4 ja tiloissa, jotka halutaan puhdistaa. T\u00e4m\u00e4 levinneisyys ei ole sattumaa.<\/p><p>Kynttil\u00e4 yhdist\u00e4\u00e4 itsess\u00e4\u00e4n useita ominaisuuksia, jotka <span class=\"iwg-fachbegriff\" data-tooltip=\"Tiedon ja kertomusten v\u00e4litt\u00e4minen sukupolvelta toiselle.\" tabindex=\"0\">perim\u00e4tieto<\/span> yhdist\u00e4\u00e4 suojaavaan vaikutukseen: se tuottaa valoa pimeyteen, se palaa hallitusti m\u00e4\u00e4r\u00e4tyn ajan, ja siihen voidaan liitt\u00e4\u00e4 tarkoitus, <span class=\"iwg-fachbegriff\" data-tooltip=\"Onnen ja suojan toivottaminen, usein vakiintuneessa kielellisess\u00e4 muodossa.\" tabindex=\"0\">siunaus<\/span> tai symboleita. N\u00e4in se on samalla valonl\u00e4hde ja rituaalinen ty\u00f6kalu.<\/p>\n<p>Osana suojav\u00e4line-kategoriaa <a href=\"https:\/\/iwell-guard.com\/fi\/?page_id=144503\">\u00c4\u00e4net ja valo<\/a> suojakynttil\u00e4 asettuu vanhojen kynnysriittien avotulen ja arkip\u00e4iv\u00e4isen valaistuksen v\u00e4liin. Se on pienempi ja hallittavampi kuin <a href=\"https:\/\/iwell-guard.com\/fi\/?page_id=144513\">suojatuli<\/a>, mutta tietoisempi ja latautuneempi kuin tavallinen valonl\u00e4hde. <span class=\"iwg-fachbegriff\" data-tooltip=\"Tiedon ja kertomusten v\u00e4litt\u00e4minen sukupolvelta toiselle.\" tabindex=\"0\">Perim\u00e4tieto<\/span> kuvaa kynttil\u00e4\u00e4 ensisijaisesti yksil\u00f6llisen ja kodin suojan v\u00e4lineen\u00e4.<\/p>\n<p class=\"iwg-kwfix\">Suojakynttil\u00e4 asettaa valon pime\u00e4\u00e4 vaikutusta vastaan ja tekee suojatun tilan n\u00e4kyv\u00e4ksi.<\/p>\t\t\t\t\t\t\t\t<\/div>\n\t\t\t\t<\/div>\n\t\t\t\t<\/div>\n\t\t<div class=\"elementor-element elementor-element-iw-schutzkerze-hero-img e-con-full e-flex e-con e-child\" data-id=\"iw-schutzkerze-hero-img\" data-element_type=\"container\" data-e-type=\"container\">\n\t\t\t\t<div class=\"elementor-element elementor-element-iwgs-schutzkerze-himg iwg-hero-image elementor-widget elementor-widget-image\" data-id=\"iwgs-schutzkerze-himg\" data-element_type=\"widget\" data-e-type=\"widget\" data-widget_type=\"image.default\">\n\t\t\t\t\t\t\t\t\t\t\t\t\t\t\t<img fetchpriority=\"high\" decoding=\"async\" width=\"683\" height=\"1024\" src=\"https:\/\/iwell-guard.com\/wp-content\/uploads\/2026\/05\/schutzsymbol_universell_schutzkerze-683x1024.png\" class=\"attachment-large size-large wp-image-148434\" alt=\"Suojaava kynttil\u00e4 \u2013 valoa pimeit\u00e4 vaikutuksia vastaan, historiallis-havainnollistava\" srcset=\"https:\/\/iwell-guard.com\/wp-content\/uploads\/2026\/05\/schutzsymbol_universell_schutzkerze-683x1024.png 683w, https:\/\/iwell-guard.com\/wp-content\/uploads\/2026\/05\/schutzsymbol_universell_schutzkerze-200x300.png 200w, https:\/\/iwell-guard.com\/wp-content\/uploads\/2026\/05\/schutzsymbol_universell_schutzkerze-768x1152.png 768w, https:\/\/iwell-guard.com\/wp-content\/uploads\/2026\/05\/schutzsymbol_universell_schutzkerze.png 1024w\" sizes=\"(max-width: 683px) 100vw, 683px\" \/>\t\t\t\t\t\t\t\t\t\t\t\t\t\t\t<\/div>\n\t\t\t\t<\/div>\n\t\t\t\t\t<\/div>\n\t\t\t\t<\/div>\n\t\t<div class=\"elementor-element elementor-element-iwgs-schutzkerze-s0 e-flex e-con-boxed e-con e-parent\" data-id=\"iwgs-schutzkerze-s0\" data-element_type=\"container\" data-e-type=\"container\">\n\t\t\t\t\t<div class=\"e-con-inner\">\n\t\t\t\t<div class=\"elementor-element elementor-element-iwgs-schutzkerze-s0h elementor-widget elementor-widget-heading\" data-id=\"iwgs-schutzkerze-s0h\" data-element_type=\"widget\" data-e-type=\"widget\" data-widget_type=\"heading.default\">\n\t\t\t\t\t<h2 class=\"elementor-heading-title elementor-size-default\">Pikakatsaus<\/h2>\t\t\t\t<\/div>\n\t\t<div class=\"elementor-element elementor-element-iw-schutzkerze-s0-bw e-con-full e-flex e-con e-child\" data-id=\"iw-schutzkerze-s0-bw\" data-element_type=\"container\" data-e-type=\"container\">\n\t\t\t\t<div class=\"elementor-element elementor-element-iwgs-schutzkerze-s0t elementor-widget elementor-widget-text-editor\" data-id=\"iwgs-schutzkerze-s0t\" data-element_type=\"widget\" data-e-type=\"widget\" data-widget_type=\"text-editor.default\">\n\t\t\t\t\t\t\t\t\t<p><span class=\"iwg-fachbegriff\" data-tooltip=\"Tiedon ja kertomusten v\u00e4litt\u00e4minen sukupolvelta toiselle.\" tabindex=\"0\">Perinteess\u00e4<\/span> kynttil\u00e4n katsotaan tuovan suojaa, kun se tuo valoa pimeyteen, jota vahingoittavat olennot suosivat. Se siunataan, siihen liitet\u00e4\u00e4n rukouksia tai symboleita vaikutuksen vahvistamiseksi.<\/p><p>Erityinen merkitys on vihityill\u00e4 kynttil\u00f6ill\u00e4 kristillisess\u00e4 perinteess\u00e4, mutta vastaavia l\u00f6ytyy juutalaisista, afroamerikkalaisista, synkretistisist\u00e4 ja kansanmagian yhteyksist\u00e4 ymp\u00e4ri maailman. Suojavaikutus toteutuu palamisen aikana, ei pelk\u00e4ss\u00e4 asettamisessa. Jos liekki sammuu suunnittelemattomasti, sit\u00e4 pidet\u00e4\u00e4n monissa perinteiss\u00e4 varoituksena tai suojan p\u00e4\u00e4ttymisen\u00e4.<\/p>\t\t\t\t\t\t\t\t<\/div>\n\t\t\t\t<\/div>\n\t\t\t\t\t<\/div>\n\t\t\t\t<\/div>\n\t\t<div class=\"elementor-element elementor-element-iwgs-schutzkerze-s1 e-flex e-con-boxed e-con e-parent\" data-id=\"iwgs-schutzkerze-s1\" data-element_type=\"container\" data-e-type=\"container\">\n\t\t\t\t\t<div class=\"e-con-inner\">\n\t\t\t\t<div class=\"elementor-element elementor-element-iwgs-schutzkerze-s1h elementor-widget elementor-widget-heading\" data-id=\"iwgs-schutzkerze-s1h\" data-element_type=\"widget\" data-e-type=\"widget\" data-widget_type=\"heading.default\">\n\t\t\t\t\t<h2 class=\"elementor-heading-title elementor-size-default\">Alkuper\u00e4 ja perim\u00e4tieto<\/h2>\t\t\t\t<\/div>\n\t\t<div class=\"elementor-element elementor-element-iw-schutzkerze-s1-bw e-con-full e-flex e-con e-child\" data-id=\"iw-schutzkerze-s1-bw\" data-element_type=\"container\" data-e-type=\"container\">\n\t\t\t\t<div class=\"elementor-element elementor-element-iwgs-schutzkerze-s1t elementor-widget elementor-widget-text-editor\" data-id=\"iwgs-schutzkerze-s1t\" data-element_type=\"widget\" data-e-type=\"widget\" data-widget_type=\"text-editor.default\">\n\t\t\t\t\t\t\t\t\t<p>Kristillisess\u00e4 Euroopassa suojakynttil\u00e4 kehittyi kirkollisen rituaalin ja kansanuskon yhteisvaikutuksesta. Kynttil\u00f6iden <span class=\"iwg-fachbegriff\" data-tooltip=\"Rituaalinen toimitus, jolla esine, paikka tai henkil\u00f6 luovutetaan uskonnolliselle alueelle.\" tabindex=\"0\">vihkiminen<\/span> kynttil\u00e4np\u00e4iv\u00e4n\u00e4 helmikuun 2. p\u00e4iv\u00e4n\u00e4 loi erityisen kaivatun suojaesineen: vihityn kynttil\u00e4np\u00e4iv\u00e4n kynttil\u00e4n.<\/p><p>Monilla saksankielisill\u00e4 alueilla sit\u00e4 muotoiltiin tai sytytettiin ukkosmyrskyjen aikana pit\u00e4m\u00e4\u00e4n salamat ja pahat henget loitolla. Kuolevien k\u00e4teen sit\u00e4 asetettiin, jotta valo saattelisi siirtym\u00e4\u00e4 ja pit\u00e4isi pahat olennot poissa kuolinvuoteelta.<\/p>\n<p>A\u0161kenasijuutalaisessa perinteess\u00e4 havdala-kynttil\u00e4 palaa sapatin p\u00e4\u00e4ttyess\u00e4 monilieduisena soihtuna, joka merkitsee pyh\u00e4n ajan ja arjen v\u00e4list\u00e4 eroa.<\/p><p>Rinnan t\u00e4m\u00e4n kanssa kynttil\u00f6it\u00e4 k\u00e4ytettiin haudoilla ja vuosip\u00e4iv\u00e4n muistoriiteiss\u00e4 kunnioittamaan vainajien sieluja ja varmistamaan heid\u00e4n leponsa. <span class=\"iwg-fachbegriff\" data-tooltip=\"Tiedon ja kertomusten v\u00e4litt\u00e4minen sukupolvelta toiselle.\" tabindex=\"0\">Perim\u00e4tieto<\/span> erottaa toisistaan kynttil\u00e4t, jotka palavat el\u00e4vien suojaksi, ja ne, jotka on omistettu vainajille.<\/p>\n<p>Afrobrasilialaisessa candombl\u00e9-uskonnossa ja muissa afroamerikkalaisissa perinteiss\u00e4 sytytet\u00e4\u00e4n kynttil\u00f6it\u00e4 eri v\u00e4reiss\u00e4 tiettyj\u00e4 orixaseja, eli jumaluuksia, varten. Valkoiset kynttil\u00e4t liittyv\u00e4t suojaan ja puhdistukseen, kun muita v\u00e4rej\u00e4 valitaan kohdennetusti suojaksi tiettyj\u00e4 vaikutuksia vastaan. T\u00e4m\u00e4 k\u00e4yt\u00e4nt\u00f6 yhdist\u00e4\u00e4 afrikkalaiset juuret katolisiin pyhimyskuviin ja muodostaa omanlaisensa suojaperinteen.<\/p>\n<p>Meksikossa ja Keski-Amerikassa kynttil\u00f6ill\u00e4 on keskeinen rooli D\u00eda de los Muertos -juhlassa ja curanderismo-k\u00e4yt\u00e4nn\u00f6iss\u00e4. Kansanomaisen kuvauksen mukaan kynttil\u00e4 avaa kanavan maailmojen v\u00e4lille ja pit\u00e4\u00e4 vahingolliset vaikutukset poissa tilasta niin kauan kuin se palaa.<\/p>\t\t\t\t\t\t\t\t<\/div>\n\t\t\t\t<\/div>\n\t\t\t\t\t<\/div>\n\t\t\t\t<\/div>\n\t\t<div class=\"elementor-element elementor-element-iwgs-schutzkerze-s2 e-flex e-con-boxed e-con e-parent\" data-id=\"iwgs-schutzkerze-s2\" data-element_type=\"container\" data-e-type=\"container\">\n\t\t\t\t\t<div class=\"e-con-inner\">\n\t\t\t\t<div class=\"elementor-element elementor-element-iwgs-schutzkerze-s2h elementor-widget elementor-widget-heading\" data-id=\"iwgs-schutzkerze-s2h\" data-element_type=\"widget\" data-e-type=\"widget\" data-widget_type=\"heading.default\">\n\t\t\t\t\t<h2 class=\"elementor-heading-title elementor-size-default\">Vaikutusperiaate perim\u00e4tiedon mukaan<\/h2>\t\t\t\t<\/div>\n\t\t<div class=\"elementor-element elementor-element-iw-schutzkerze-s2-bw e-con-full e-flex e-con e-child\" data-id=\"iw-schutzkerze-s2-bw\" data-element_type=\"container\" data-e-type=\"container\">\n\t\t\t\t<div class=\"elementor-element elementor-element-iwgs-schutzkerze-s2t elementor-widget elementor-widget-text-editor\" data-id=\"iwgs-schutzkerze-s2t\" data-element_type=\"widget\" data-e-type=\"widget\" data-widget_type=\"text-editor.default\">\n\t\t\t\t\t\t\t\t\t<p><span class=\"iwg-fachbegriff\" data-tooltip=\"Tiedon ja kertomusten v\u00e4litt\u00e4minen sukupolvelta toiselle.\" tabindex=\"0\">Perim\u00e4tieto<\/span> kuvaa kynttil\u00e4n suojaavaa vaikutusta usealla tasolla. Yksinkertaisin niist\u00e4 on fyysinen: valo karkottaa pimeyden, jossa vahingolliset olennot vaikuttavat. T\u00e4m\u00e4 ajatus l\u00f6ytyy Kreikan <span class=\"iwg-fachbegriff\" data-tooltip=\"Kreikkalaisen ja roomalaisen kulttuurin aikakausi, noin 800 eaa.\u2013600 jaa.\" tabindex=\"0\">antiikista<\/span> nykyiseen kansanmagiaan asti.<\/p>\n<p>Sen lis\u00e4ksi <span class=\"iwg-fachbegriff\" data-tooltip=\"Tiedon ja kertomusten v\u00e4litt\u00e4minen sukupolvelta toiselle.\" tabindex=\"0\">perim\u00e4tieto<\/span> yhdist\u00e4\u00e4 kynttil\u00e4n liekin pyh\u00e4\u00e4n l\u00e4mp\u00f6\u00f6n ja jumalalliseen l\u00e4sn\u00e4oloon. Vihitty kynttil\u00e4 kantaa t\u00e4m\u00e4n k\u00e4sityksen mukaan sis\u00e4ll\u00e4\u00e4n <span class=\"iwg-fachbegriff\" data-tooltip=\"Onnen ja suojan toivottaminen, usein vakiintuneessa kielellisess\u00e4 muodossa.\" tabindex=\"0\">siunauksen<\/span>, joka vapautuu palamisen my\u00f6t\u00e4.<\/p><p>Liekki ei ole vain valoa, vaan my\u00f6s v\u00e4line, joka kantaa rukouksia ja aikomuksia toiselle todellisuuden tasolle. \u0160amanistisissa ja kansanmagiaan liittyviss\u00e4 yhteyksiss\u00e4 liekin tarkastelua pidet\u00e4\u00e4n keinona vastaanottaa tietoa tai keskitt\u00e4\u00e4 aikomuksia.<\/p>\n<p>Kolmas selitys on luonteeltaan symbolinen: kynttil\u00e4 edustaa elinvoimaa, valppautta ja jatkuvuutta. Kynttil\u00e4n tarkoituksellinen sytytt\u00e4minen suojaavana tekona on tunnustus siit\u00e4, ett\u00e4 oma tila otetaan haltuun eik\u00e4 j\u00e4tet\u00e4 pimeydelle. T\u00e4m\u00e4 symbolinen sis\u00e4lt\u00f6 vahvistaa kansanomaisen k\u00e4sityksen mukaan vaikutusta, koska toimijan aikomus katsotaan osaksi suojaa.<\/p>\t\t\t\t\t\t\t\t<\/div>\n\t\t\t\t<\/div>\n\t\t\t\t\t<\/div>\n\t\t\t\t<\/div>\n\t\t<div class=\"elementor-element elementor-element-iwgs-schutzkerze-s3 e-flex e-con-boxed e-con e-parent\" data-id=\"iwgs-schutzkerze-s3\" data-element_type=\"container\" data-e-type=\"container\">\n\t\t\t\t\t<div class=\"e-con-inner\">\n\t\t\t\t<div class=\"elementor-element elementor-element-iwgs-schutzkerze-s3h elementor-widget elementor-widget-heading\" data-id=\"iwgs-schutzkerze-s3h\" data-element_type=\"widget\" data-e-type=\"widget\" data-widget_type=\"heading.default\">\n\t\t\t\t\t<h2 class=\"elementor-heading-title elementor-size-default\">Kulttuurien rajat ylitt\u00e4v\u00e4 levinneisyys<\/h2>\t\t\t\t<\/div>\n\t\t<div class=\"elementor-element elementor-element-iw-schutzkerze-s3-bw e-con-full e-flex e-con e-child\" data-id=\"iw-schutzkerze-s3-bw\" data-element_type=\"container\" data-e-type=\"container\">\n\t\t\t\t<div class=\"elementor-element elementor-element-iwgs-schutzkerze-s3t elementor-widget elementor-widget-text-editor\" data-id=\"iwgs-schutzkerze-s3t\" data-element_type=\"widget\" data-e-type=\"widget\" data-widget_type=\"text-editor.default\">\n\t\t\t\t\t\t\t\t\t<p>Keski-Eurooppa: kynttil\u00e4np\u00e4iv\u00e4n kynttil\u00e4t, kastekynttil\u00e4t, p\u00e4\u00e4si\u00e4iskynttil\u00e4t. Kansanuskon mukaan kastekynttil\u00e4 seuraa lasta l\u00e4pi el\u00e4m\u00e4n, ja se sytytet\u00e4\u00e4n uhkaavissa tilanteissa. Joillakin alueilla kastekynttil\u00e4 sytytettiin uudelleen my\u00f6s ihmisen kuollessa.<\/p>\n<p>Skandinavia: Lucian p\u00e4iv\u00e4n kynttil\u00e4t ja joulun ajan tavat yhdist\u00e4v\u00e4t valon suojaan vuoden pimeimp\u00e4n\u00e4 aikana. Pohjoismaisessa kansanperinteess\u00e4 kynttil\u00e4nvalo asetettiin talvella tarkoituksellisesti ikkunoihin pit\u00e4m\u00e4\u00e4n loitolla talven pahoja vartijoita.<\/p>\n<p>It\u00e4eurooppalaiset perinteet: slaavilaisessa ja kreikkalais-ortodoksisessa kansanuskonnossa siunatuilla kynttil\u00f6ill\u00e4 on keskeinen rooli parannuksissa, manauksissa ja hautajaisissa. Kynttil\u00e4 merkitsee rajaa rituaalisen tilan ja ulkomaailman v\u00e4lill\u00e4.<\/p>\n<p>Afroamerikkalaiset synkretismit: candombl\u00e9, santer\u00eda, vodou ja niiden sukulaisperinteet k\u00e4ytt\u00e4v\u00e4t kynttil\u00f6it\u00e4 ensisijaisena viestint\u00e4tapana suojelevien henkien ja jumalien kanssa. K\u00e4yt\u00e4nt\u00f6 on eritt\u00e4in eriytynytt\u00e4: v\u00e4ri, pituus, sytytt\u00e4misajankohta ja siihen liittyv\u00e4t kaavat ovat koodattuja.<\/p>\n<p>Kaakkois- ja It\u00e4-Aasia: Kaakkois-Aasian buddhalaisissa temppeleiss\u00e4 ja Kiinan taolaisissa kulttipaikoissa kynttil\u00e4t ja \u00f6ljylamput palavat merkkin\u00e4 yhteydest\u00e4 jumaliin ja esi-isiin. Kansanuskossa niiden katsotaan suojaavan hengilt\u00e4, jotka ovat aktiivisia y\u00f6ll\u00e4 tai erityisin\u00e4 p\u00e4ivin\u00e4.<\/p>\t\t\t\t\t\t\t\t<\/div>\n\t\t\t\t<\/div>\n\t\t\t\t\t<\/div>\n\t\t\t\t<\/div>\n\t\t<div class=\"elementor-element elementor-element-iwgs-schutzkerze-s4 e-flex e-con-boxed e-con e-parent\" data-id=\"iwgs-schutzkerze-s4\" data-element_type=\"container\" data-e-type=\"container\">\n\t\t\t\t\t<div class=\"e-con-inner\">\n\t\t\t\t<div class=\"elementor-element elementor-element-iwgs-schutzkerze-s4h elementor-widget elementor-widget-heading\" data-id=\"iwgs-schutzkerze-s4h\" data-element_type=\"widget\" data-e-type=\"widget\" data-widget_type=\"heading.default\">\n\t\t\t\t\t<h2 class=\"elementor-heading-title elementor-size-default\">Mit\u00e4 vastaan sit\u00e4 k\u00e4ytet\u00e4\u00e4n<\/h2>\t\t\t\t<\/div>\n\t\t<div class=\"elementor-element elementor-element-iw-schutzkerze-s4-bw e-con-full e-flex e-con e-child\" data-id=\"iw-schutzkerze-s4-bw\" data-element_type=\"container\" data-e-type=\"container\">\n\t\t\t\t<div class=\"elementor-element elementor-element-iwgs-schutzkerze-s4t elementor-widget elementor-widget-text-editor\" data-id=\"iwgs-schutzkerze-s4t\" data-element_type=\"widget\" data-e-type=\"widget\" data-widget_type=\"text-editor.default\">\n\t\t\t\t\t\t\t\t\t<p><span class=\"iwg-fachbegriff\" data-tooltip=\"Tiedon ja kertomusten v\u00e4litt\u00e4minen sukupolvelta toiselle.\" tabindex=\"0\">Perinne<\/span> kuvaa suojakynttil\u00e4n tehokkaana erityisesti seuraavia vahingollisen vaikutuksen lajeja vastaan:<\/p>\n<p>Vainajien henget, jotka takertuvat paikkoihin tai ihmisiin. Kynttil\u00e4 sairaan tai kuolevan vuoteen \u00e4\u00e4ress\u00e4 on monilla Euroopan alueilla n\u00e4hty suojana sit\u00e4 vastaan, ett\u00e4 vahingolliset sielut tai demonit valtaisivat heikentyneen ihmisen.<\/p>\n<p>Y\u00f6ll\u00e4 toimivat olennot, siis olennot, joiden vaikuttaminen edellytt\u00e4\u00e4 pimeytt\u00e4. Eurooppalaisessa kansanperinteess\u00e4 t\u00e4h\u00e4n ryhm\u00e4\u00e4n kuuluvat esimerkiksi alpit, mara-olennot ja muut vastaavat hahmot, joiden kuvataan karttavan valoa.<\/p>\n<p><span class=\"iwg-fachbegriff\" data-tooltip=\"Yleinen k\u00e4sitys, ett\u00e4 toisen ihmisen kadehtiva katse voi aiheuttaa vahinkoa.\" tabindex=\"0\">Paha silm\u00e4<\/span> ja kateuden vaikutus. V\u00e4limeren alueen, L\u00e4hi-id\u00e4n ja Latinalaisen Amerikan perinteiss\u00e4 kynttil\u00e4\u00e4 k\u00e4ytet\u00e4\u00e4n suojana pahaa silm\u00e4\u00e4 vastaan, usein yhdess\u00e4 muiden suojakeinojen kanssa.<\/p>\n<p>Yleinen vahingollinen taika. Kansanmagisessa k\u00e4yt\u00e4nn\u00f6ss\u00e4 kynttil\u00e4 sytytet\u00e4\u00e4n puhdistamaan tila siihen tarttuneesta pahasta energiasta, ennen kuin muita suojakeinoja otetaan k\u00e4ytt\u00f6\u00f6n.<\/p>\n<p>Konkreettisia yhteyksi\u00e4 leksikon olentoihin l\u00f6ytyy <a href=\"https:\/\/iwell-guard.com\/fi\/?page_id=144511\">Suojakompassi<\/a>-osiosta, joka osoittaa niihin liittyv\u00e4t t\u00e4rke\u00e4t yhteydet.<\/p>\t\t\t\t\t\t\t\t<\/div>\n\t\t\t\t<\/div>\n\t\t\t\t\t<\/div>\n\t\t\t\t<\/div>\n\t\t<div class=\"elementor-element elementor-element-iwgs-schutzkerze-s5 e-flex e-con-boxed e-con e-parent\" data-id=\"iwgs-schutzkerze-s5\" data-element_type=\"container\" data-e-type=\"container\">\n\t\t\t\t\t<div class=\"e-con-inner\">\n\t\t\t\t<div class=\"elementor-element elementor-element-iwgs-schutzkerze-s5h elementor-widget elementor-widget-heading\" data-id=\"iwgs-schutzkerze-s5h\" data-element_type=\"widget\" data-e-type=\"widget\" data-widget_type=\"heading.default\">\n\t\t\t\t\t<h2 class=\"elementor-heading-title elementor-size-default\">K\u00e4ytt\u00f6 ja rajoitukset<\/h2>\t\t\t\t<\/div>\n\t\t<div class=\"elementor-element elementor-element-iw-schutzkerze-s5-bw e-con-full e-flex e-con e-child\" data-id=\"iw-schutzkerze-s5-bw\" data-element_type=\"container\" data-e-type=\"container\">\n\t\t\t\t<div class=\"elementor-element elementor-element-iwgs-schutzkerze-s5t elementor-widget elementor-widget-text-editor\" data-id=\"iwgs-schutzkerze-s5t\" data-element_type=\"widget\" data-e-type=\"widget\" data-widget_type=\"text-editor.default\">\n\t\t\t\t\t\t\t\t\t<p><span class=\"iwg-fachbegriff\" data-tooltip=\"Tiedon ja kertomusten v\u00e4litt\u00e4minen sukupolvelta toiselle.\" tabindex=\"0\">Perinne<\/span> suosittelee kynttil\u00e4n tietoista k\u00e4ytt\u00f6\u00e4 tiettyin\u00e4 aikoina ja tietyiss\u00e4 paikoissa: talon ovella, vuoteen \u00e4\u00e4ress\u00e4, <span class=\"iwg-fachbegriff\" data-tooltip=\"Koholla oleva paikka tai p\u00f6yt\u00e4 uhrauksia ja uskonnollisia toimituksia varten.\" tabindex=\"0\">alttarilla<\/span>, kynnyksell\u00e4.<\/p><p>Useimpien perinteiden mukaan kynttil\u00e4n tulisi antaa palaa loppuun asti, kun se on sytytetty suojaustarkoitukseen. Puhaltaminen sammuksiin katsoo monin paikoin ep\u00e4kunnioittavaksi sytytetty\u00e4 suojaa kohtaan; odotettu tapa on antaa sen sammua itsekseen tai painaa se sammuksiin.<\/p>\n<p>Rajat tulevat vastaan palamisajan aiheuttamassa ajallisessa rajoituksessa. Kynttil\u00e4, joka on sammunut, ei en\u00e4\u00e4 suojaa.<\/p><p>Useat perinteet kuvaavat \u00e4killist\u00e4 sammumista ilman ilmavirtaa merkkin\u00e4 siit\u00e4, ett\u00e4 suoja on otettu k\u00e4ytt\u00f6\u00f6n jotakin vastaan tai ett\u00e4 uhka on ollut erityisen voimakas. Tulkitaanko t\u00e4m\u00e4 onnistumiseksi vai varoitukseksi, riippuu asiayhteydest\u00e4.<\/p>\n<p>Kaikkia vahingollisia vaikutuksia ei pidet\u00e4 valoherkkin\u00e4. Tulen tai voimakkaan valon kanssa yhdistettyj\u00e4 olentoja ei voi torjua kynttil\u00e4nvalolla. Ja siunattujen kynttil\u00f6iden vaikutus arvioidaan <span class=\"iwg-fachbegriff\" data-tooltip=\"Tiedon ja kertomusten v\u00e4litt\u00e4minen sukupolvelta toiselle.\" tabindex=\"0\">perinteess\u00e4<\/span> voimakkaammaksi kuin vihkim\u00e4tt\u00f6mien: <span class=\"iwg-fachbegriff\" data-tooltip=\"Onnen ja suojan toivotus, usein vakiintuneessa kielellisess\u00e4 muodossa.\" tabindex=\"0\">siunausta<\/span> pidet\u00e4\u00e4n sit\u00e4 vahvistavana lis\u00e4n\u00e4.<\/p>\t\t\t\t\t\t\t\t<\/div>\n\t\t\t\t<\/div>\n\t\t\t\t\t<\/div>\n\t\t\t\t<\/div>\n\t\t<div class=\"elementor-element elementor-element-iwgs-schutzkerze-lit e-flex e-con-boxed e-con e-parent\" data-id=\"iwgs-schutzkerze-lit\" data-element_type=\"container\" data-e-type=\"container\">\n\t\t\t\t\t<div class=\"e-con-inner\">\n\t\t\t\t<div class=\"elementor-element elementor-element-iwgs-schutzkerze-lith elementor-widget elementor-widget-heading\" data-id=\"iwgs-schutzkerze-lith\" data-element_type=\"widget\" data-e-type=\"widget\" data-widget_type=\"heading.default\">\n\t\t\t\t\t<h2 class=\"elementor-heading-title elementor-size-default\">Kirjallisuus (valikoima)<\/h2>\t\t\t\t<\/div>\n\t\t<div class=\"elementor-element elementor-element-iw-schutzkerze-lit-bw e-con-full e-flex e-con e-child\" data-id=\"iw-schutzkerze-lit-bw\" data-element_type=\"container\" data-e-type=\"container\">\n\t\t\t\t<div class=\"elementor-element elementor-element-iwgs-schutzkerze-litt elementor-widget elementor-widget-html\" data-id=\"iwgs-schutzkerze-litt\" data-element_type=\"widget\" data-e-type=\"widget\" data-widget_type=\"html.default\">\n\t\t\t\t\t<footer data-nosnippet=\"true\"><ul><li>Handw\u00f6rterbuch des deutschen Aberglaubens, hrsg. von Hanns B\u00e4chtold-St\u00e4ubli, artikkelit \"Kerze\" ja \"Licht\", Berlin\/Leipzig 1931\/32.<\/li><li>Lurker, Manfred: W\u00f6rterbuch der Symbolik. Stuttgart 1988.<\/li><li>P\u00f3cs, \u00c9va: Between the Living and the Dead. Budapest 1999.<\/li><li>Bastide, Roger: The African Religions of Brazil. Baltimore 1978.<\/li><li>Trachtenberg, Joshua: Jewish Magic and Superstition. New York 1939.<\/li><\/ul><\/footer>\t\t\t\t<\/div>\n\t\t\t\t<\/div>\n\t\t\t\t\t<\/div>\n\t\t\t\t<\/div>\n\t\t<div class=\"elementor-element elementor-element-iwgs-schutzkerze-kwd e-flex e-con-boxed e-con e-parent\" data-id=\"iwgs-schutzkerze-kwd\" data-element_type=\"container\" data-e-type=\"container\">\n\t\t\t\t\t<div class=\"e-con-inner\">\n\t\t<div class=\"elementor-element elementor-element-iw-schutzkerze-kwd-bw e-con-full e-flex e-con e-child\" data-id=\"iw-schutzkerze-kwd-bw\" data-element_type=\"container\" data-e-type=\"container\">\n\t\t\t\t<div class=\"elementor-element elementor-element-iwgs-schutzkerze-kwdt elementor-widget elementor-widget-text-editor\" data-id=\"iwgs-schutzkerze-kwdt\" data-element_type=\"widget\" data-e-type=\"widget\" data-widget_type=\"text-editor.default\">\n\t\t\t\t\t\t\t\t\t<p><em>Aiheeseen liittyvi\u00e4 avainsanoja: suojakynttil\u00e4 kynttil\u00e4 suoja valoritualisiunattu.<\/em><\/p>\t\t\t\t\t\t\t\t<\/div>\n\t\t\t\t<\/div>\n\t\t\t\t\t<\/div>\n\t\t\t\t<\/div>\n\t\t<div class=\"elementor-element elementor-element-iwgs-schutzkerze-cc e-flex e-con-boxed e-con e-parent\" data-id=\"iwgs-schutzkerze-cc\" data-element_type=\"container\" data-e-type=\"container\" id=\"iwg-cc-schutzkerze\">\n\t\t\t\t\t<div class=\"e-con-inner\">\n\t\t<div class=\"elementor-element elementor-element-iwgs-schutzkerze-ccinner e-flex e-con-boxed e-con e-parent\" data-id=\"iwgs-schutzkerze-ccinner\" data-element_type=\"container\" data-e-type=\"container\" data-settings=\"{&quot;background_background&quot;:&quot;classic&quot;}\">\n\t\t\t\t\t<div class=\"e-con-inner\">\n\t\t\t\t<div class=\"elementor-element elementor-element-iwgs-schutzkerze-cch elementor-widget elementor-widget-heading\" data-id=\"iwgs-schutzkerze-cch\" data-element_type=\"widget\" data-e-type=\"widget\" data-widget_type=\"heading.default\">\n\t\t\t\t\t<h2 class=\"elementor-heading-title elementor-size-default\">iWell Guard ja suojelutraditiot<\/h2>\t\t\t\t<\/div>\n\t\t\t\t<div class=\"elementor-element elementor-element-iwgs-schutzkerze-cct elementor-widget elementor-widget-text-editor\" data-id=\"iwgs-schutzkerze-cct\" data-element_type=\"widget\" data-e-type=\"widget\" data-widget_type=\"text-editor.default\">\n\t\t\t\t\t\t\t\t\t<p>Kynttil\u00e4 suojakeinona ilment\u00e4\u00e4 periaatetta, jonka kulttuurit ovat l\u00f6yt\u00e4neet toisistaan riippumatta: tietoisesti sytytetty valo merkkin\u00e4 vastarinnasta tuntematonta vastaan.<\/p><p>Kynttil\u00e4np\u00e4iv\u00e4n kynttil\u00e4st\u00e4 Alppien alueella riittikynttil\u00e4\u00e4n afroamerikkalaisissa perinteiss\u00e4 sytytt\u00e4minen edellytt\u00e4\u00e4 tarkoitusta ja keskittymist\u00e4. <a href=\"https:\/\/iwell-guard.com\/fi\/osta-iwell-guard-suojariipus\/\">iWell Guard<\/a> kantaa mukanaan t\u00e4m\u00e4n eri suojaperinteiden yhteensulauman k\u00e4ytett\u00e4v\u00e4n\u00e4 esineen\u00e4 ja kulkee kantajansa mukana silloinkin, kun liekki ei pala.<\/p>\t\t\t\t\t\t\t\t<\/div>\n\t\t\t\t<div class=\"elementor-element elementor-element-iwgs-schutzkerze-ccb iwg-cc-button iwg-cc-cta-2026-05-13 elementor-widget elementor-widget-jet-button\" data-id=\"iwgs-schutzkerze-ccb\" data-element_type=\"widget\" data-e-type=\"widget\" data-widget_type=\"jet-button.default\">\n\t\t\t\t<div class=\"elementor-widget-container\">\n\t\t\t\t\t<div class=\"elementor-jet-button jet-elements\"><div class=\"jet-button__container\"><a class=\"jet-button__instance jet-button__instance--icon-left hover-effect-1\" href=\"\/schutzanhaenger-iwell-guard-kaufen\/?utm_source=iwell-guard.com&amp;utm_medium=info-box&amp;utm_campaign=schutzsymbole\"><div class=\"jet-button__plane jet-button__plane-normal\"><\/div><div class=\"jet-button__plane jet-button__plane-hover\"><\/div><div class=\"jet-button__state jet-button__state-normal\"><span class=\"jet-button__label\">Lis\u00e4\u00e4 iWell Guardista<\/span><\/div><div class=\"jet-button__state jet-button__state-hover\"><span class=\"jet-button__label\">Lis\u00e4\u00e4 iWell Guardista<\/span><\/div><\/a><\/div><\/div><style>.elementor-element.elementor-element-iwgs-schutzkerze-ccb .jet-button__instance{width:320px;height:56px;}.elementor-element.elementor-element-iwgs-schutzkerze-ccb .jet-button__state-normal .jet-button__label{text-align:center;margin:0px 0px 0px 0px;color:#1a1b20;font-family:Montserrat,sans-serif;font-size:13px;font-weight:400;letter-spacing:4px;line-height:1.714em;text-transform:uppercase;}.elementor-element.elementor-element-iwgs-schutzkerze-ccb .jet-button__state-hover .jet-button__label{text-align:center;margin:0px 0px 0px 0px;color:#FECC76;font-family:Montserrat,sans-serif;font-size:13px;font-weight:400;letter-spacing:4px;line-height:1.714em;text-transform:uppercase;}.elementor-element.elementor-element-iwgs-schutzkerze-ccb .jet-button__plane-normal{background-color:#FECC76;border-style:solid;border-color:#C99540;border-width:2px 2px 2px 2px;}.elementor-element.elementor-element-iwgs-schutzkerze-ccb .jet-button__plane-hover{background-color:rgba(0,0,0,0.55);border-style:solid;border-color:#FECC76;border-width:2px 2px 2px 2px;}<\/style>\t\t\t\t<\/div>\n\t\t\t\t<\/div>\n\t\t\t\t<div class=\"elementor-element elementor-element-iwgs-schutzkerze-ccd elementor-widget elementor-widget-text-editor\" data-id=\"iwgs-schutzkerze-ccd\" data-element_type=\"widget\" data-e-type=\"widget\" data-widget_type=\"text-editor.default\">\n\t\t\t\t\t\t\t\t\t<p style=\"text-align:center;font-size:13px;opacity:0.7;margin-top:14px\" data-nosnippet=\"true\">Henkil\u00f6kohtaiset kokemukset voivat vaihdella. Ei l\u00e4\u00e4kinn\u00e4llinen laite. Ei paranemislupausta.<\/p>\t\t\t\t\t\t\t\t<\/div>\n\t\t\t\t\t<\/div>\n\t\t\t\t<\/div>\n\t\t\t\t\t<\/div>\n\t\t\t\t<\/div>\n\t\t<div class=\"elementor-element elementor-element-iwgs-schutzkerze-disc e-flex e-con-boxed e-con e-parent\" data-id=\"iwgs-schutzkerze-disc\" data-element_type=\"container\" data-e-type=\"container\">\n\t\t\t\t\t<div class=\"e-con-inner\">\n\t\t<div class=\"elementor-element elementor-element-iw-schutzkerze-disc-bw e-con-full e-flex e-con e-child\" data-id=\"iw-schutzkerze-disc-bw\" data-element_type=\"container\" data-e-type=\"container\">\n\t\t\t\t<div class=\"elementor-element elementor-element-iwgs-schutzkerze-discw elementor-widget elementor-widget-html\" data-id=\"iwgs-schutzkerze-discw\" data-element_type=\"widget\" data-e-type=\"widget\" data-widget_type=\"html.default\">\n\t\t\t\t\t<footer data-nosnippet=\"true\" class=\"iwg-disclaimer-block\"><p data-nosnippet=\"true\">iWell Guard <strong>ei ole l\u00e4\u00e4kinn\u00e4llinen laite<\/strong>, eik\u00e4 se korvaa l\u00e4\u00e4k\u00e4rin tai psykoterapeutin hoitoa. T\u00e4ss\u00e4 esitetyt sis\u00e4ll\u00f6t ovat uskontotieteellist\u00e4 ja kulttuurihistoriallista tarkastelua, eiv\u00e4t lupausta hengellisest\u00e4 vaikutuksesta.<\/p><\/footer>\t\t\t\t<\/div>\n\t\t\t\t<\/div>\n\t\t\t\t\t<\/div>\n\t\t\t\t<\/div>\n\t\t\t\t<\/div>\n\t\t","protected":false},"excerpt":{"rendered":"","protected":false},"author":3,"featured_media":4128,"parent":0,"menu_order":0,"comment_status":"closed","ping_status":"closed","template":"elementor_header_footer","meta":{"_yoast_wpseo_focuskw":"suojakynttila","_yoast_wpseo_title":"Suojakynttil\u00e4 - valo suojana","_yoast_wpseo_metadesc":"Suojakynttil\u00e4 perinteess\u00e4: kynttil\u00e4n alkuper\u00e4, vaikutusperiaate ja kulttuurienv\u00e4linen k\u00e4ytt\u00f6 rituaalisena suojakeinona.","_yoast_wpseo_meta-robots-noindex":"","_yoast_wpseo_canonical":"","_angie_page":false,"gefaehrdungsstufe":"","wesen_kultur":"","wesen_klasse":"","footnotes":""},"categories":[],"class_list":["post-144515","page","type-page","status-publish","has-post-thumbnail","hentry"],"yoast_head":"<!-- This site is optimized with the Yoast SEO Premium plugin v27.7 (Yoast SEO v28.3) - https:\/\/yoast.com\/product\/yoast-seo-premium-wordpress\/ -->\n<title>Suojakynttil\u00e4 - valo suojana<\/title>\n<meta name=\"description\" content=\"Suojakynttil\u00e4 perinteess\u00e4: kynttil\u00e4n alkuper\u00e4, vaikutusperiaate ja kulttuurienv\u00e4linen k\u00e4ytt\u00f6 rituaalisena suojakeinona.\" \/>\n<meta name=\"robots\" content=\"index, follow, max-snippet:-1, max-image-preview:large, max-video-preview:-1\" \/>\n<link rel=\"canonical\" href=\"https:\/\/iwell-guard.com\/fi\/suojakynttila\/\" \/>\n<meta property=\"og:locale\" content=\"fi_FI\" \/>\n<meta property=\"og:type\" content=\"article\" \/>\n<meta property=\"og:title\" content=\"Suojakynttil\u00e4\" \/>\n<meta property=\"og:description\" content=\"Suojakynttil\u00e4 perinteess\u00e4: kynttil\u00e4n alkuper\u00e4, vaikutusperiaate ja kulttuurienv\u00e4linen k\u00e4ytt\u00f6 rituaalisena suojakeinona.\" \/>\n<meta property=\"og:url\" content=\"https:\/\/iwell-guard.com\/fi\/suojakynttila\/\" \/>\n<meta property=\"og:site_name\" content=\"iWell Guard\" \/>\n<meta property=\"article:modified_time\" content=\"2026-09-03T13:00:42+00:00\" \/>\n<meta property=\"og:image\" content=\"https:\/\/iwell-guard.com\/wp-content\/uploads\/2026\/05\/schutzsymbol_universell_schutzkerze.png\" \/>\n\t<meta property=\"og:image:width\" content=\"1024\" \/>\n\t<meta property=\"og:image:height\" content=\"1536\" \/>\n\t<meta property=\"og:image:type\" content=\"image\/png\" \/>\n<meta name=\"twitter:card\" content=\"summary_large_image\" \/>\n<script type=\"application\/ld+json\" class=\"yoast-schema-graph\">{\"@context\":\"https:\\\/\\\/schema.org\",\"@graph\":[{\"@type\":\"WebPage\",\"@id\":\"https:\\\/\\\/iwell-guard.com\\\/fi\\\/suojakynttila\\\/\",\"url\":\"https:\\\/\\\/iwell-guard.com\\\/fi\\\/suojakynttila\\\/\",\"name\":\"Suojakynttil\u00e4 - valo suojana\",\"isPartOf\":{\"@id\":\"https:\\\/\\\/iwell-guard.com\\\/fi\\\/#website\"},\"primaryImageOfPage\":{\"@id\":\"https:\\\/\\\/iwell-guard.com\\\/fi\\\/suojakynttila\\\/#primaryimage\"},\"image\":{\"@id\":\"https:\\\/\\\/iwell-guard.com\\\/fi\\\/suojakynttila\\\/#primaryimage\"},\"thumbnailUrl\":\"https:\\\/\\\/iwell-guard.com\\\/wp-content\\\/uploads\\\/2026\\\/05\\\/schutzsymbol_universell_schutzkerze.png\",\"datePublished\":\"2026-09-03T12:36:17+00:00\",\"dateModified\":\"2026-09-03T13:00:42+00:00\",\"description\":\"Suojakynttil\u00e4 perinteess\u00e4: kynttil\u00e4n alkuper\u00e4, vaikutusperiaate ja kulttuurienv\u00e4linen k\u00e4ytt\u00f6 rituaalisena suojakeinona.\",\"breadcrumb\":{\"@id\":\"https:\\\/\\\/iwell-guard.com\\\/fi\\\/suojakynttila\\\/#breadcrumb\"},\"inLanguage\":\"fi\",\"potentialAction\":[{\"@type\":\"ReadAction\",\"target\":[\"https:\\\/\\\/iwell-guard.com\\\/fi\\\/suojakynttila\\\/\"]}]},{\"@type\":\"ImageObject\",\"inLanguage\":\"fi\",\"@id\":\"https:\\\/\\\/iwell-guard.com\\\/fi\\\/suojakynttila\\\/#primaryimage\",\"url\":\"https:\\\/\\\/iwell-guard.com\\\/wp-content\\\/uploads\\\/2026\\\/05\\\/schutzsymbol_universell_schutzkerze.png\",\"contentUrl\":\"https:\\\/\\\/iwell-guard.com\\\/wp-content\\\/uploads\\\/2026\\\/05\\\/schutzsymbol_universell_schutzkerze.png\",\"width\":1024,\"height\":1536,\"caption\":\"Suojaava kynttil\u00e4 \u2013 valoa pimeit\u00e4 vaikutuksia vastaan, historiallis-havainnollistava\"},{\"@type\":\"BreadcrumbList\",\"@id\":\"https:\\\/\\\/iwell-guard.com\\\/fi\\\/suojakynttila\\\/#breadcrumb\",\"itemListElement\":[{\"@type\":\"ListItem\",\"position\":1,\"name\":\"Start\",\"item\":\"https:\\\/\\\/iwell-guard.com\\\/fi\\\/?page_id=143815\"},{\"@type\":\"ListItem\",\"position\":2,\"name\":\"Suojakynttil\u00e4\"}]},{\"@type\":\"WebSite\",\"@id\":\"https:\\\/\\\/iwell-guard.com\\\/fi\\\/#website\",\"url\":\"https:\\\/\\\/iwell-guard.com\\\/fi\\\/\",\"name\":\"iWell Guard\",\"description\":\"Schutz vor dunklen Einfl\u00fcssen\",\"publisher\":{\"@id\":\"https:\\\/\\\/iwell-guard.com\\\/fi\\\/#organization\"},\"potentialAction\":[{\"@type\":\"SearchAction\",\"target\":{\"@type\":\"EntryPoint\",\"urlTemplate\":\"https:\\\/\\\/iwell-guard.com\\\/fi\\\/?s={search_term_string}\"},\"query-input\":{\"@type\":\"PropertyValueSpecification\",\"valueRequired\":true,\"valueName\":\"search_term_string\"}}],\"inLanguage\":\"fi\"},{\"@type\":\"Organization\",\"@id\":\"https:\\\/\\\/iwell-guard.com\\\/fi\\\/#organization\",\"name\":\"Ittermann electronic GmbH\",\"url\":\"https:\\\/\\\/iwell-guard.com\\\/fi\\\/\",\"logo\":{\"@type\":\"ImageObject\",\"inLanguage\":\"fi\",\"@id\":\"https:\\\/\\\/iwell-guard.com\\\/fi\\\/#\\\/schema\\\/logo\\\/image\\\/\",\"url\":\"https:\\\/\\\/iwell-guard.com\\\/wp-content\\\/uploads\\\/2026\\\/05\\\/Ittermann-Logo-1182x237-1.png\",\"contentUrl\":\"https:\\\/\\\/iwell-guard.com\\\/wp-content\\\/uploads\\\/2026\\\/05\\\/Ittermann-Logo-1182x237-1.png\",\"width\":1182,\"height\":237,\"caption\":\"Ittermann electronic GmbH\"},\"image\":{\"@id\":\"https:\\\/\\\/iwell-guard.com\\\/fi\\\/#\\\/schema\\\/logo\\\/image\\\/\"},\"sameAs\":[\"https:\\\/\\\/pantip.com\\\/profile\\\/9367242\",\"https:\\\/\\\/micro.blog\\\/iwellguard\",\"https:\\\/\\\/www.diggerslist.com\\\/iwellguard\\\/about\",\"https:\\\/\\\/skitterphoto.com\\\/photographers\\\/2870314\\\/iwell-guard\",\"https:\\\/\\\/iwellguard.wordpress.com\\\/2026\\\/06\\\/06\\\/iwell-guard\\\/\",\"https:\\\/\\\/hub.docker.com\\\/u\\\/iwellguard\",\"https:\\\/\\\/www.pinterest.com\\\/iwellguard\\\/\",\"https:\\\/\\\/bit.ly\\\/m\\\/iwellguard\",\"https:\\\/\\\/entre-vos-mains.alsace.eu\\\/profiles\\\/iwellguard\\\/activity\",\"https:\\\/\\\/gravatar.com\\\/reallybeded8fd34\",\"https:\\\/\\\/naijamatta.com\\\/iwellguard\",\"https:\\\/\\\/www.goodreads.com\\\/iwellguard\",\"https:\\\/\\\/profile.hatena.ne.jp\\\/iwellguard\\\/\",\"https:\\\/\\\/experiment.com\\\/users\\\/iwellguard\",\"https:\\\/\\\/wakelet.com\\\/@iWellGuard82270\",\"https:\\\/\\\/www.chordie.com\\\/forum\\\/profile.php?id=2555664\",\"https:\\\/\\\/www.instapaper.com\\\/p\\\/17757966\",\"https:\\\/\\\/www.mapleprimes.com\\\/users\\\/iwellguard\",\"https:\\\/\\\/businesslistingplus.com\\\/profile\\\/iwell-guard\\\/\",\"https:\\\/\\\/telegra.ph\\\/iWell-Guard-06-06\",\"https:\\\/\\\/pbase.com\\\/iwellguard\\\/iwellguard\",\"https:\\\/\\\/b.hatena.ne.jp\\\/iwellguard\\\/20260607#bookmark-4788405196491818882\",\"https:\\\/\\\/fliphtml5.com\\\/home\\\/iwellguard\",\"https:\\\/\\\/anyflip.com\\\/homepage\\\/cmiwl#About\",\"https:\\\/\\\/transfur.com\\\/Users\\\/iwellguard\",\"http:\\\/\\\/delphi.larsbo.org\\\/user\\\/iwellguard\",\"https:\\\/\\\/jobs.lajobsportal.org\\\/profiles\\\/8380803-iwell-guard\",\"https:\\\/\\\/md.chaosdorf.de\\\/s\\\/jfbe5SBdJD\",\"https:\\\/\\\/www.lingvolive.com\\\/en-us\\\/profile\\\/9ecaeaca-ce11-4e51-9e71-01d55e2bff36\\\/translations\",\"https:\\\/\\\/www.fitday.com\\\/fitness\\\/forums\\\/members\\\/iwellguard.html\",\"https:\\\/\\\/www.mymeetbook.com\\\/iwellguard\",\"https:\\\/\\\/pxhere.com\\\/en\\\/photographer-me\\\/5040798\",\"https:\\\/\\\/disqus.com\\\/by\\\/iwellguard\\\/about\\\/\",\"https:\\\/\\\/pastelink.net\\\/hjwciqwq\",\"https:\\\/\\\/pubhtml5.com\\\/homepage\\\/scjhn\\\/\",\"https:\\\/\\\/www.bitchute.com\\\/channel\\\/2O2eOKzNqujT\",\"https:\\\/\\\/audiomack.com\\\/iwellguard\"]}]}<\/script>\n<!-- \/ Yoast SEO Premium plugin. -->","yoast_head_json":{"title":"Suojakynttil\u00e4 - valo suojana","description":"Suojakynttil\u00e4 perinteess\u00e4: kynttil\u00e4n alkuper\u00e4, vaikutusperiaate ja kulttuurienv\u00e4linen k\u00e4ytt\u00f6 rituaalisena suojakeinona.","robots":{"index":"index","follow":"follow","max-snippet":"max-snippet:-1","max-image-preview":"max-image-preview:large","max-video-preview":"max-video-preview:-1"},"canonical":"https:\/\/iwell-guard.com\/fi\/suojakynttila\/","og_locale":"fi_FI","og_type":"article","og_title":"Suojakynttil\u00e4","og_description":"Suojakynttil\u00e4 perinteess\u00e4: kynttil\u00e4n alkuper\u00e4, vaikutusperiaate ja kulttuurienv\u00e4linen k\u00e4ytt\u00f6 rituaalisena suojakeinona.","og_url":"https:\/\/iwell-guard.com\/fi\/suojakynttila\/","og_site_name":"iWell Guard","article_modified_time":"2026-09-03T13:00:42+00:00","og_image":[{"width":1024,"height":1536,"url":"https:\/\/iwell-guard.com\/wp-content\/uploads\/2026\/05\/schutzsymbol_universell_schutzkerze.png","type":"image\/png"}],"twitter_card":"summary_large_image","schema":{"@context":"https:\/\/schema.org","@graph":[{"@type":"WebPage","@id":"https:\/\/iwell-guard.com\/fi\/suojakynttila\/","url":"https:\/\/iwell-guard.com\/fi\/suojakynttila\/","name":"Suojakynttil\u00e4 - valo suojana","isPartOf":{"@id":"https:\/\/iwell-guard.com\/fi\/#website"},"primaryImageOfPage":{"@id":"https:\/\/iwell-guard.com\/fi\/suojakynttila\/#primaryimage"},"image":{"@id":"https:\/\/iwell-guard.com\/fi\/suojakynttila\/#primaryimage"},"thumbnailUrl":"https:\/\/iwell-guard.com\/wp-content\/uploads\/2026\/05\/schutzsymbol_universell_schutzkerze.png","datePublished":"2026-09-03T12:36:17+00:00","dateModified":"2026-09-03T13:00:42+00:00","description":"Suojakynttil\u00e4 perinteess\u00e4: kynttil\u00e4n alkuper\u00e4, vaikutusperiaate ja kulttuurienv\u00e4linen k\u00e4ytt\u00f6 rituaalisena suojakeinona.","breadcrumb":{"@id":"https:\/\/iwell-guard.com\/fi\/suojakynttila\/#breadcrumb"},"inLanguage":"fi","potentialAction":[{"@type":"ReadAction","target":["https:\/\/iwell-guard.com\/fi\/suojakynttila\/"]}]},{"@type":"ImageObject","inLanguage":"fi","@id":"https:\/\/iwell-guard.com\/fi\/suojakynttila\/#primaryimage","url":"https:\/\/iwell-guard.com\/wp-content\/uploads\/2026\/05\/schutzsymbol_universell_schutzkerze.png","contentUrl":"https:\/\/iwell-guard.com\/wp-content\/uploads\/2026\/05\/schutzsymbol_universell_schutzkerze.png","width":1024,"height":1536,"caption":"Suojaava kynttil\u00e4 \u2013 valoa pimeit\u00e4 vaikutuksia vastaan, historiallis-havainnollistava"},{"@type":"BreadcrumbList","@id":"https:\/\/iwell-guard.com\/fi\/suojakynttila\/#breadcrumb","itemListElement":[{"@type":"ListItem","position":1,"name":"Start","item":"https:\/\/iwell-guard.com\/fi\/?page_id=143815"},{"@type":"ListItem","position":2,"name":"Suojakynttil\u00e4"}]},{"@type":"WebSite","@id":"https:\/\/iwell-guard.com\/fi\/#website","url":"https:\/\/iwell-guard.com\/fi\/","name":"iWell Guard","description":"Schutz vor dunklen Einfl\u00fcssen","publisher":{"@id":"https:\/\/iwell-guard.com\/fi\/#organization"},"potentialAction":[{"@type":"SearchAction","target":{"@type":"EntryPoint","urlTemplate":"https:\/\/iwell-guard.com\/fi\/?s={search_term_string}"},"query-input":{"@type":"PropertyValueSpecification","valueRequired":true,"valueName":"search_term_string"}}],"inLanguage":"fi"},{"@type":"Organization","@id":"https:\/\/iwell-guard.com\/fi\/#organization","name":"Ittermann electronic GmbH","url":"https:\/\/iwell-guard.com\/fi\/","logo":{"@type":"ImageObject","inLanguage":"fi","@id":"https:\/\/iwell-guard.com\/fi\/#\/schema\/logo\/image\/","url":"https:\/\/iwell-guard.com\/wp-content\/uploads\/2026\/05\/Ittermann-Logo-1182x237-1.png","contentUrl":"https:\/\/iwell-guard.com\/wp-content\/uploads\/2026\/05\/Ittermann-Logo-1182x237-1.png","width":1182,"height":237,"caption":"Ittermann electronic GmbH"},"image":{"@id":"https:\/\/iwell-guard.com\/fi\/#\/schema\/logo\/image\/"},"sameAs":["https:\/\/pantip.com\/profile\/9367242","https:\/\/micro.blog\/iwellguard","https:\/\/www.diggerslist.com\/iwellguard\/about","https:\/\/skitterphoto.com\/photographers\/2870314\/iwell-guard","https:\/\/iwellguard.wordpress.com\/2026\/06\/06\/iwell-guard\/","https:\/\/hub.docker.com\/u\/iwellguard","https:\/\/www.pinterest.com\/iwellguard\/","https:\/\/bit.ly\/m\/iwellguard","https:\/\/entre-vos-mains.alsace.eu\/profiles\/iwellguard\/activity","https:\/\/gravatar.com\/reallybeded8fd34","https:\/\/naijamatta.com\/iwellguard","https:\/\/www.goodreads.com\/iwellguard","https:\/\/profile.hatena.ne.jp\/iwellguard\/","https:\/\/experiment.com\/users\/iwellguard","https:\/\/wakelet.com\/@iWellGuard82270","https:\/\/www.chordie.com\/forum\/profile.php?id=2555664","https:\/\/www.instapaper.com\/p\/17757966","https:\/\/www.mapleprimes.com\/users\/iwellguard","https:\/\/businesslistingplus.com\/profile\/iwell-guard\/","https:\/\/telegra.ph\/iWell-Guard-06-06","https:\/\/pbase.com\/iwellguard\/iwellguard","https:\/\/b.hatena.ne.jp\/iwellguard\/20260607#bookmark-4788405196491818882","https:\/\/fliphtml5.com\/home\/iwellguard","https:\/\/anyflip.com\/homepage\/cmiwl#About","https:\/\/transfur.com\/Users\/iwellguard","http:\/\/delphi.larsbo.org\/user\/iwellguard","https:\/\/jobs.lajobsportal.org\/profiles\/8380803-iwell-guard","https:\/\/md.chaosdorf.de\/s\/jfbe5SBdJD","https:\/\/www.lingvolive.com\/en-us\/profile\/9ecaeaca-ce11-4e51-9e71-01d55e2bff36\/translations","https:\/\/www.fitday.com\/fitness\/forums\/members\/iwellguard.html","https:\/\/www.mymeetbook.com\/iwellguard","https:\/\/pxhere.com\/en\/photographer-me\/5040798","https:\/\/disqus.com\/by\/iwellguard\/about\/","https:\/\/pastelink.net\/hjwciqwq","https:\/\/pubhtml5.com\/homepage\/scjhn\/","https:\/\/www.bitchute.com\/channel\/2O2eOKzNqujT","https:\/\/audiomack.com\/iwellguard"]}]}},"_links":{"self":[{"href":"https:\/\/iwell-guard.com\/fi\/wp-json\/wp\/v2\/pages\/144515","targetHints":{"allow":["GET"]}}],"collection":[{"href":"https:\/\/iwell-guard.com\/fi\/wp-json\/wp\/v2\/pages"}],"about":[{"href":"https:\/\/iwell-guard.com\/fi\/wp-json\/wp\/v2\/types\/page"}],"author":[{"embeddable":true,"href":"https:\/\/iwell-guard.com\/fi\/wp-json\/wp\/v2\/users\/3"}],"replies":[{"embeddable":true,"href":"https:\/\/iwell-guard.com\/fi\/wp-json\/wp\/v2\/comments?post=144515"}],"version-history":[{"count":0,"href":"https:\/\/iwell-guard.com\/fi\/wp-json\/wp\/v2\/pages\/144515\/revisions"}],"wp:featuredmedia":[{"embeddable":true,"href":"https:\/\/iwell-guard.com\/fi\/wp-json\/wp\/v2\/media\/4128"}],"wp:attachment":[{"href":"https:\/\/iwell-guard.com\/fi\/wp-json\/wp\/v2\/media?parent=144515"}],"wp:term":[{"taxonomy":"category","embeddable":true,"href":"https:\/\/iwell-guard.com\/fi\/wp-json\/wp\/v2\/categories?post=144515"}],"curies":[{"name":"wp","href":"https:\/\/api.w.org\/{rel}","templated":true}]}}