{"id":144514,"date":"2026-09-03T12:36:16","date_gmt":"2026-09-03T12:36:16","guid":{"rendered":"https:\/\/iwell-guard.com\/?page_id=144514"},"modified":"2026-09-03T13:00:42","modified_gmt":"2026-09-03T13:00:42","slug":"suojakellot-ja-kellonaanet","status":"publish","type":"page","link":"https:\/\/iwell-guard.com\/fi\/suojakellot-ja-kellonaanet\/","title":{"rendered":"Suojakellot ja kellon\u00e4\u00e4net"},"content":{"rendered":"\t\t<div data-elementor-type=\"wp-page\" data-elementor-id=\"144514\" class=\"elementor elementor-144514 elementor-3788 elementor-bc-flex-widget\" data-elementor-post-type=\"page\">\n\t\t\t\t<div class=\"elementor-element elementor-element-iwgs-schutzglocken-hero e-flex e-con-boxed e-con e-parent\" data-id=\"iwgs-schutzglocken-hero\" data-element_type=\"container\" data-e-type=\"container\">\n\t\t\t\t\t<div class=\"e-con-inner\">\n\t\t<div class=\"elementor-element elementor-element-iw-schutzglocken-hero-left e-con-full e-flex e-con e-child\" data-id=\"iw-schutzglocken-hero-left\" data-element_type=\"container\" data-e-type=\"container\">\n\t\t\t\t<div class=\"elementor-element elementor-element-iwgs-schutzglocken-h1 elementor-widget elementor-widget-heading\" data-id=\"iwgs-schutzglocken-h1\" data-element_type=\"widget\" data-e-type=\"widget\" data-widget_type=\"heading.default\">\n\t\t\t\t\t<h1 class=\"elementor-heading-title elementor-size-default\">Suojakellot ja kellon\u00e4\u00e4net<\/h1>\t\t\t\t<\/div>\n\t\t<div class=\"elementor-element elementor-element-iw-schutzglocken-hero-bw e-con-full e-flex e-con e-child\" data-id=\"iw-schutzglocken-hero-bw\" data-element_type=\"container\" data-e-type=\"container\">\n\t\t\t\t<div class=\"elementor-element elementor-element-iwgs-schutzglocken-pills elementor-widget elementor-widget-html\" data-id=\"iwgs-schutzglocken-pills\" data-element_type=\"widget\" data-e-type=\"widget\" data-widget_type=\"html.default\">\n\t\t\t\t\t<div class=\"iwg-pill-row\"><span class=\"iwg-klasse-badge\" tabindex=\"0\" data-tooltip=\"Suojav\u00e4line tai sen laji.\">\u00c4\u00e4net ja valo<\/span><a href=\"https:\/\/iwell-guard.com\/fi\/?page_id=144503\" class=\"iwg-kultur-badge\" tabindex=\"0\" data-tooltip=\"Yleiskatsaukseen.\">\u00c4\u00e4net ja valo<\/a><\/div>\t\t\t\t<\/div>\n\t\t\t\t<div class=\"elementor-element elementor-element-iwgs-schutzglocken-lead elementor-widget elementor-widget-text-editor\" data-id=\"iwgs-schutzglocken-lead\" data-element_type=\"widget\" data-e-type=\"widget\" data-widget_type=\"text-editor.default\">\n\t\t\t\t\t\t\t\t\t<p>Kellon \u00e4\u00e4nen kaiku kantaa pidemm\u00e4lle kuin mik\u00e4\u00e4n maalattu merkki. T\u00e4m\u00e4 ominaisuus, kyky l\u00e4p\u00e4ist\u00e4 tila ja t\u00e4ytt\u00e4\u00e4 se akustisesti, on johtanut siihen, ett\u00e4 kulttuurit l\u00e4hes kaikilla mantereilla ovat antaneet kelloille, tiukuille, symbaaleille ja vastaaville soittimille suojaavan teht\u00e4v\u00e4n.<\/p><p><span class=\"iwg-fachbegriff\" data-tooltip=\"Tiedon ja kertomusten v\u00e4litt\u00e4mist\u00e4 sukupolvelta toiselle.\" tabindex=\"0\">Perim\u00e4tieto<\/span> kuvaa kellon \u00e4\u00e4nen vaikutuksen ei ensisijaisesti akustisena \u00e4rsykkeen\u00e4, vaan vaikutuksena todellisuuden ulottuvuuteen, joka on arjelle vain rajoitetusti tavoitettavissa: \u00e4\u00e4ni, joka havaitsee n\u00e4kym\u00e4tt\u00f6m\u00e4n ja pakottaa sen vet\u00e4ytym\u00e4\u00e4n.<\/p>\n<p>Kellot suojaesinein\u00e4 eroavat amuleteista ja suojaavista aineista siin\u00e4, ett\u00e4 niiden vaikutus on sidottu soimisen hetkeen. Hiljaisella kellolla on <span class=\"iwg-fachbegriff\" data-tooltip=\"Tiedon ja kertomusten v\u00e4litt\u00e4mist\u00e4 sukupolvelta toiselle.\" tabindex=\"0\">perim\u00e4tiedossa<\/span> eri asema kuin soivalla. N\u00e4in kellot kuuluvat <a href=\"https:\/\/iwell-guard.com\/fi\/?page_id=144503\">\u00e4\u00e4nen ja valon suojakeinojen<\/a> ryhm\u00e4\u00e4n: aktiivisia, ohikiit\u00e4vi\u00e4 ja k\u00e4ytt\u00f6hetkest\u00e4 riippuvaisia.<\/p>\t\t\t\t\t\t\t\t<\/div>\n\t\t\t\t<\/div>\n\t\t\t\t<\/div>\n\t\t<div class=\"elementor-element elementor-element-iw-schutzglocken-hero-img e-con-full e-flex e-con e-child\" data-id=\"iw-schutzglocken-hero-img\" data-element_type=\"container\" data-e-type=\"container\">\n\t\t\t\t<div class=\"elementor-element elementor-element-iwgs-schutzglocken-himg iwg-hero-image elementor-widget elementor-widget-image\" data-id=\"iwgs-schutzglocken-himg\" data-element_type=\"widget\" data-e-type=\"widget\" data-widget_type=\"image.default\">\n\t\t\t\t\t\t\t\t\t\t\t\t\t\t\t<img fetchpriority=\"high\" decoding=\"async\" width=\"683\" height=\"1024\" src=\"https:\/\/iwell-guard.com\/wp-content\/uploads\/2026\/05\/schutzsymbol_christentum_schutzglocken-683x1024.png\" class=\"attachment-large size-large wp-image-148435\" alt=\"Suojakellot ja kellon\u00e4\u00e4net, historiallis-kuvitteellinen esitys\" srcset=\"https:\/\/iwell-guard.com\/wp-content\/uploads\/2026\/05\/schutzsymbol_christentum_schutzglocken-683x1024.png 683w, https:\/\/iwell-guard.com\/wp-content\/uploads\/2026\/05\/schutzsymbol_christentum_schutzglocken-200x300.png 200w, https:\/\/iwell-guard.com\/wp-content\/uploads\/2026\/05\/schutzsymbol_christentum_schutzglocken-768x1152.png 768w, https:\/\/iwell-guard.com\/wp-content\/uploads\/2026\/05\/schutzsymbol_christentum_schutzglocken.png 1024w\" sizes=\"(max-width: 683px) 100vw, 683px\" \/>\t\t\t\t\t\t\t\t\t\t\t\t\t\t\t<\/div>\n\t\t\t\t<\/div>\n\t\t\t\t\t<\/div>\n\t\t\t\t<\/div>\n\t\t<div class=\"elementor-element elementor-element-iwgs-schutzglocken-s0 e-flex e-con-boxed e-con e-parent\" data-id=\"iwgs-schutzglocken-s0\" data-element_type=\"container\" data-e-type=\"container\">\n\t\t\t\t\t<div class=\"e-con-inner\">\n\t\t\t\t<div class=\"elementor-element elementor-element-iwgs-schutzglocken-s0h elementor-widget elementor-widget-heading\" data-id=\"iwgs-schutzglocken-s0h\" data-element_type=\"widget\" data-e-type=\"widget\" data-widget_type=\"heading.default\">\n\t\t\t\t\t<h2 class=\"elementor-heading-title elementor-size-default\">Pikakatsaus<\/h2>\t\t\t\t<\/div>\n\t\t<div class=\"elementor-element elementor-element-iw-schutzglocken-s0-bw e-con-full e-flex e-con e-child\" data-id=\"iw-schutzglocken-s0-bw\" data-element_type=\"container\" data-e-type=\"container\">\n\t\t\t\t<div class=\"elementor-element elementor-element-iwgs-schutzglocken-s0t elementor-widget elementor-widget-text-editor\" data-id=\"iwgs-schutzglocken-s0t\" data-element_type=\"widget\" data-e-type=\"widget\" data-widget_type=\"text-editor.default\">\n\t\t\t\t\t\t\t\t\t<p><span class=\"iwg-fachbegriff\" data-tooltip=\"Tiedon ja kertomusten v\u00e4litt\u00e4mist\u00e4 sukupolvelta toiselle.\" tabindex=\"0\">Perim\u00e4tiedon<\/span> mukaan kellon \u00e4\u00e4ni karkottaa vahingollisia henki\u00e4 ja demoneja, merkitsee pyh\u00e4t tai suojatut tilat akustisesti ja turvaa <span class=\"iwg-fachbegriff\" data-tooltip=\"Vahvistettuun uskonnolliseen toimintatapaan kuuluva.\" tabindex=\"0\">rituaalisesti<\/span> siirtym\u00e4vaiheita kuten y\u00f6t\u00e4, vuodenvaihdetta tai kuolemaa.<\/p><p>Kellon \u00e4\u00e4nen kuvataan olevan pahalle siet\u00e4m\u00e4t\u00f6n, koska se ilment\u00e4\u00e4 j\u00e4rjestyst\u00e4, yhteis\u00f6llisyytt\u00e4 ja pyhyytt\u00e4. Pienemm\u00e4ss\u00e4 mittakaavassa tiukut t\u00e4yttiv\u00e4t saman teht\u00e4v\u00e4n el\u00e4imiss\u00e4, lapsissa ja ovissa. <span class=\"iwg-fachbegriff\" data-tooltip=\"Tiedon ja kertomusten v\u00e4litt\u00e4mist\u00e4 sukupolvelta toiselle.\" tabindex=\"0\">Perim\u00e4tiedon<\/span> mukaan suojaava vaikutus syntyy soimisesta, ei kellon paikallaolosta sin\u00e4ns\u00e4.<\/p>\t\t\t\t\t\t\t\t<\/div>\n\t\t\t\t<\/div>\n\t\t\t\t\t<\/div>\n\t\t\t\t<\/div>\n\t\t<div class=\"elementor-element elementor-element-iwgs-schutzglocken-s1 e-flex e-con-boxed e-con e-parent\" data-id=\"iwgs-schutzglocken-s1\" data-element_type=\"container\" data-e-type=\"container\">\n\t\t\t\t\t<div class=\"e-con-inner\">\n\t\t\t\t<div class=\"elementor-element elementor-element-iwgs-schutzglocken-s1h elementor-widget elementor-widget-heading\" data-id=\"iwgs-schutzglocken-s1h\" data-element_type=\"widget\" data-e-type=\"widget\" data-widget_type=\"heading.default\">\n\t\t\t\t\t<h2 class=\"elementor-heading-title elementor-size-default\">Alkuper\u00e4 ja perim\u00e4tieto<\/h2>\t\t\t\t<\/div>\n\t\t<div class=\"elementor-element elementor-element-iw-schutzglocken-s1-bw e-con-full e-flex e-con e-child\" data-id=\"iw-schutzglocken-s1-bw\" data-element_type=\"container\" data-e-type=\"container\">\n\t\t\t\t<div class=\"elementor-element elementor-element-iwgs-schutzglocken-s1t elementor-widget elementor-widget-text-editor\" data-id=\"iwgs-schutzglocken-s1t\" data-element_type=\"widget\" data-e-type=\"widget\" data-widget_type=\"text-editor.default\">\n\t\t\t\t\t\t\t\t\t<p>Vanhimmat todisteet apotropaisesta, pahaa karkottavasta kellosta ovat per\u00e4isin L\u00e4hi-id\u00e4st\u00e4 ja it\u00e4isen V\u00e4limeren alueelta. Hautoista ja vaatteista on l\u00f6ydetty pieni\u00e4 pronssitiuhuja, joiden rituaalista merkityst\u00e4 kirjoitukset ja hauta-antimet viittaavat.<\/p><p>Vanhassa testamentissa kerrotaan, ett\u00e4 ylipapin vaatteen helmassa oli kultaisia kellonukkoja, jotka soivat h\u00e4nen astuessaan kaikkeinpyhimp\u00e4\u00e4n, oletettavasti pit\u00e4\u00e4kseen pahat henget loitolla ja ilmoittaakseen papin l\u00e4sn\u00e4olon.<\/p>\n<p>Keskiajan Euroopassa kehittyi laaja kellosymboliikka. Kirkonkelloja kastettiin, siunattiin, nimettiin pyhien mukaan ja varustettiin latinankielisin kirjoituksin ukkosta, myrsky\u00e4 ja paholaista vastaan. Kansanuskomus liitti kellojen soittoon kyvyn karkottaa ukkosdemoneita, saattaa sieluja tuonpuoleiseen ja est\u00e4\u00e4 noitia ty\u00f6st\u00e4\u00e4n.<\/p><p>Lause vivos voco, mortuos plango, fulgura frango, suomeksi noin &#8220;el\u00e4vi\u00e4 kutsun, kuolleita suren, salamat murran&#8221;, l\u00f6ytyy monista saksalaisista kirkonkelloista ja tiivist\u00e4\u00e4 t\u00e4m\u00e4n kolmoisteht\u00e4v\u00e4n: yhteis\u00f6n luomisen, kuolleiden saattamisen ja pahan torjunnan.<\/p>\n<p>Japanissa temppelinkelloilla, bonsh\u014d, on keskeinen rooli ep\u00e4puhtauden puhdistamisessa ja pahojen henkien torjunnassa.<\/p><p>Vuodenvaihteessa, erityisesti Sh\u014dgatsun, uudenvuodenjuhlan, aikana kelloja ly\u00f6d\u00e4\u00e4n 108 kertaa, luku, joka vastaa ihmisen 108 himoa, joiden uskotaan h\u00e4lvenev\u00e4n \u00e4\u00e4nen vaikutuksesta. Pienet tuulikellot ja tiuhut, furin, soivat kes\u00e4ll\u00e4 ja kansanuskon mukaan pit\u00e4v\u00e4t onnettomuutta tuovat henget loitolla.<\/p>\n<p>Tiibetil\u00e4isess\u00e4 buddhalaisuudessa k\u00e4sikello, drilbu, kuuluu rituaalisten esineiden perusvarustukseen. Sit\u00e4 k\u00e4ytet\u00e4\u00e4n yhdess\u00e4 vajran kanssa, ja sen katsotaan ilment\u00e4v\u00e4n viisautta ja tyhjyytt\u00e4. Sen \u00e4\u00e4nen uskotaan poistavan esteit\u00e4, karkottavan demoneja ja puhdistavan tilan meditatiivista harjoitusta varten.<\/p>\t\t\t\t\t\t\t\t<\/div>\n\t\t\t\t<\/div>\n\t\t\t\t\t<\/div>\n\t\t\t\t<\/div>\n\t\t<div class=\"elementor-element elementor-element-iwgs-schutzglocken-s2 e-flex e-con-boxed e-con e-parent\" data-id=\"iwgs-schutzglocken-s2\" data-element_type=\"container\" data-e-type=\"container\">\n\t\t\t\t\t<div class=\"e-con-inner\">\n\t\t\t\t<div class=\"elementor-element elementor-element-iwgs-schutzglocken-s2h elementor-widget elementor-widget-heading\" data-id=\"iwgs-schutzglocken-s2h\" data-element_type=\"widget\" data-e-type=\"widget\" data-widget_type=\"heading.default\">\n\t\t\t\t\t<h2 class=\"elementor-heading-title elementor-size-default\">Vaikutusperiaate perim\u00e4tiedon mukaan<\/h2>\t\t\t\t<\/div>\n\t\t<div class=\"elementor-element elementor-element-iw-schutzglocken-s2-bw e-con-full e-flex e-con e-child\" data-id=\"iw-schutzglocken-s2-bw\" data-element_type=\"container\" data-e-type=\"container\">\n\t\t\t\t<div class=\"elementor-element elementor-element-iwgs-schutzglocken-s2t elementor-widget elementor-widget-text-editor\" data-id=\"iwgs-schutzglocken-s2t\" data-element_type=\"widget\" data-e-type=\"widget\" data-widget_type=\"text-editor.default\">\n\t\t\t\t\t\t\t\t\t<p><span class=\"iwg-fachbegriff\" data-tooltip=\"Tiedon ja kertomusten v\u00e4litt\u00e4minen sukupolvelta toiselle.\" tabindex=\"0\">Perinnetieto<\/span> perustelee kellon\u00e4\u00e4nen suojaavan vaikutuksen eri tavoin, jotka muistuttavat toisiaan ydint\u00e4 my\u00f6ten. Kellon\u00e4\u00e4nen katsotaan ilment\u00e4v\u00e4n j\u00e4rjestyst\u00e4, yhteis\u00f6llisyytt\u00e4 ja pyh\u00e4\u00e4 arvovaltaa. Se, mik\u00e4 on n\u00e4ille arvoille vihamielist\u00e4, ei kest\u00e4 \u00e4\u00e4nt\u00e4.<\/p>\n<p>Kristillisesti v\u00e4rittyneiss\u00e4 l\u00e4hteiss\u00e4 kellon\u00e4\u00e4ni on siunauksen suojeluksessa ja ilment\u00e4\u00e4 Jumalan tai h\u00e4nen pyhiens\u00e4 l\u00e4sn\u00e4oloa. Demonit ja pahat henget pakenevat sit\u00e4, mik\u00e4 on niiden olemukselle vastakkaista.<\/p><p>Kaukoid\u00e4n perinteiss\u00e4 \u00e4\u00e4ni kuvataan v\u00e4r\u00e4htelyn\u00e4, joka hajottaa tai purkaa ep\u00e4harmonisia energioita. Germaanisessa ja kelttil\u00e4isess\u00e4 kansanuskossa melun katsottiin yleisesti suojaavan: hiljaisuutta ja pimeytt\u00e4 etsiv\u00e4t olennot h\u00e4iriintyv\u00e4t voimakkaasta \u00e4\u00e4nest\u00e4 ja pakenevat.<\/p>\n<p>Toinen selitys korostaa \u00e4\u00e4nen aaltoliikett\u00e4 fyysisen\u00e4 vaikutuksena hienovaraisiin tasoihin: \u00e4\u00e4nen sanotaan koskettavan muutakin kuin korvaa, vaikuttavan todellisuuden kerroksiin, jotka eiv\u00e4t ole tavallisille aisteille havaittavissa.<\/p><p>T\u00e4m\u00e4 kuvaus esiintyy shamanistisissa perinteiss\u00e4 ymp\u00e4ri maailman, joissa rumpua ja \u00e4\u00e4nimaljaa k\u00e4ytet\u00e4\u00e4n v\u00e4linein\u00e4 toisiin tietoisuuden tiloihin siirtymiseksi ja niiss\u00e4 vahingollisten olentojen puhuttelemiseksi tai karkottamiseksi.<\/p>\t\t\t\t\t\t\t\t<\/div>\n\t\t\t\t<\/div>\n\t\t\t\t\t<\/div>\n\t\t\t\t<\/div>\n\t\t<div class=\"elementor-element elementor-element-iwgs-schutzglocken-s3 e-flex e-con-boxed e-con e-parent\" data-id=\"iwgs-schutzglocken-s3\" data-element_type=\"container\" data-e-type=\"container\">\n\t\t\t\t\t<div class=\"e-con-inner\">\n\t\t\t\t<div class=\"elementor-element elementor-element-iwgs-schutzglocken-s3h elementor-widget elementor-widget-heading\" data-id=\"iwgs-schutzglocken-s3h\" data-element_type=\"widget\" data-e-type=\"widget\" data-widget_type=\"heading.default\">\n\t\t\t\t\t<h2 class=\"elementor-heading-title elementor-size-default\">Kulttuurien rajat ylitt\u00e4v\u00e4 levinneisyys<\/h2>\t\t\t\t<\/div>\n\t\t<div class=\"elementor-element elementor-element-iw-schutzglocken-s3-bw e-con-full e-flex e-con e-child\" data-id=\"iw-schutzglocken-s3-bw\" data-element_type=\"container\" data-e-type=\"container\">\n\t\t\t\t<div class=\"elementor-element elementor-element-iwgs-schutzglocken-s3t elementor-widget elementor-widget-text-editor\" data-id=\"iwgs-schutzglocken-s3t\" data-element_type=\"widget\" data-e-type=\"widget\" data-widget_type=\"text-editor.default\">\n\t\t\t\t\t\t\t\t\t<p>Eurooppa: kirkonkellot, ovikellot, karjan kaulakellot sek\u00e4 lastenvaunuihin ja kehtoihin kiinnitetyt tiukut. Alppien alueen <span class=\"iwg-fachbegriff\" data-tooltip=\"Yhteis\u00f6n perinteisten tapojen kokonaisuus.\" tabindex=\"0\">tapaperinteess\u00e4<\/span> tiukupukuihin ja naamion\u00e4yt\u00f6ksiin liitet\u00e4\u00e4n vuodenvaihteessa tarkoitus karkottaa vanhan vuoden pahat henget.<\/p>\n<p>Japani: <span class=\"iwg-fachbegriff\" data-tooltip=\"Yhden tai useamman jumaluuden palvontaan tarkoitettu rakennus.\" tabindex=\"0\">temppeli<\/span>&#8211; ja pyh\u00e4kk\u00f6kellot, furin-tuulikellot, kagura-tiukut <span class=\"iwg-fachbegriff\" data-tooltip=\"Japanin alkuper\u00e4inen uskonto, jolle on ominaista kamien palvonta.\" tabindex=\"0\">shinton<\/span> rituaaleissa. Miko-pyh\u00e4kk\u00f6papittaret k\u00e4ytt\u00e4v\u00e4t tiukuja tanssissa jumalten l\u00e4sn\u00e4olon manaamiseen ja tilan puhdistamiseen.<\/p>\n<p>Tiibet ja Nepal: rituaalit drilbulla, \u00e4\u00e4nimaljoilla ja dorjella. \u00c4\u00e4nimaljoja k\u00e4ytet\u00e4\u00e4n kansanuskossa my\u00f6s tilan puhdistamiseen ohjaamalla niiden \u00e4\u00e4nen kaikki rakennuksen kulmat.<\/p>\n<p>L\u00e4nsi-Afrikka ja afroamerikkalaiset perinteet: Eg\u00fang\u00fan-seuran rituaalivaatteisiin ja naamioihin kiinnitetyt tiukut ja kellot merkitsev\u00e4t esi-isien l\u00e4sn\u00e4oloa ja pit\u00e4v\u00e4t h\u00e4iritsev\u00e4t henget loitolla.<\/p>\n<p>Intia: temppelikelloja (ghanta) soitetaan puja-rituaalin alussa ja lopussa. <span class=\"iwg-fachbegriff\" data-tooltip=\"Tiedon ja kertomusten v\u00e4littyminen sukupolvelta toiselle.\" tabindex=\"0\">Perim\u00e4tieto<\/span> kuvaa \u00e4\u00e4nen olevan jumalille mieluisa ja demoneille vastenmielinen, koska se j\u00e4ljittelee Om-tavun v\u00e4r\u00e4htely\u00e4.<\/p>\t\t\t\t\t\t\t\t<\/div>\n\t\t\t\t<\/div>\n\t\t\t\t\t<\/div>\n\t\t\t\t<\/div>\n\t\t<div class=\"elementor-element elementor-element-iwgs-schutzglocken-s4 e-flex e-con-boxed e-con e-parent\" data-id=\"iwgs-schutzglocken-s4\" data-element_type=\"container\" data-e-type=\"container\">\n\t\t\t\t\t<div class=\"e-con-inner\">\n\t\t\t\t<div class=\"elementor-element elementor-element-iwgs-schutzglocken-s4h elementor-widget elementor-widget-heading\" data-id=\"iwgs-schutzglocken-s4h\" data-element_type=\"widget\" data-e-type=\"widget\" data-widget_type=\"heading.default\">\n\t\t\t\t\t<h2 class=\"elementor-heading-title elementor-size-default\">Mit\u00e4 vastaan sit\u00e4 k\u00e4ytet\u00e4\u00e4n<\/h2>\t\t\t\t<\/div>\n\t\t<div class=\"elementor-element elementor-element-iw-schutzglocken-s4-bw e-con-full e-flex e-con e-child\" data-id=\"iw-schutzglocken-s4-bw\" data-element_type=\"container\" data-e-type=\"container\">\n\t\t\t\t<div class=\"elementor-element elementor-element-iwgs-schutzglocken-s4t elementor-widget elementor-widget-text-editor\" data-id=\"iwgs-schutzglocken-s4t\" data-element_type=\"widget\" data-e-type=\"widget\" data-widget_type=\"text-editor.default\">\n\t\t\t\t\t\t\t\t\t<p><span class=\"iwg-fachbegriff\" data-tooltip=\"Tiedon ja kertomusten v\u00e4littyminen sukupolvelta toiselle.\" tabindex=\"0\">Perim\u00e4tiedon<\/span> mukaan kellon \u00e4\u00e4nen katsotaan tehoavan erityisesti olentoihin, jotka suosivat hiljaisuutta, pimeytt\u00e4 ja ep\u00e4j\u00e4rjestyst\u00e4. Eri perinteiden mukaan n\u00e4ihin kuuluvat:<\/p>\n<p>Vainajien henget, jotka eiv\u00e4t ole l\u00f6yt\u00e4neet paikkaansa, niin sanotut levottomat tai sitoutumattomat vainajat. Monilla Euroopan alueilla kirkonkelloja soitettiin, jotta sielut ohjautuisivat turvallisesti tuonpuoleiseen ja jotta ne eiv\u00e4t j\u00e4isi viipym\u00e4\u00e4n el\u00e4vien keskuuteen.<\/p>\n<p>Demonit ja vahingoittavat henget, jotka asustavat taloissa, teill\u00e4 tai m\u00e4\u00e4r\u00e4tyiss\u00e4 paikoissa. Erityisesti y\u00f6ll\u00e4, vuodenvaihteissa ja ukkosmyrskyjen aikana n\u00e4iden olentojen katsottiin olevan aktiivisia, ja kellon\u00e4\u00e4nen katsottiin est\u00e4v\u00e4n niiden p\u00e4\u00e4syn tilaan.<\/p>\n<p>Noidat ja vahingollista voimaa k\u00e4ytt\u00e4v\u00e4t ihmiset. Euroopan keskiaikaisessa ja uuden ajan alun kansanperinteess\u00e4 kirkonkellojen soiton katsottiin tehoavan vahinkotaikuutta vastaan, koska sen katsottiin katkaisevan vahingontekij\u00e4n vaikutuksen tai h\u00e4iritsev\u00e4n h\u00e4nen toimintaansa.<\/p>\n<p>Luonnonolennot, jotka vaikuttavat rajoilla ja kynnyksill\u00e4, kuten painajaiset (alpit), vedenneidot ja muut vastaavat hahmot, joiden kansanperinteen mukaan kuvataan olevan herkki\u00e4 \u00e4\u00e4nelle.<\/p>\n<p>Tarkemmat tiedot siit\u00e4, mitk\u00e4 lekikonin olentoluokat yhdistet\u00e4\u00e4n kellon\u00e4\u00e4neen, l\u00f6ytyv\u00e4t <a href=\"https:\/\/iwell-guard.com\/fi\/?page_id=144511\">Suoja-kompassista<\/a>.<\/p>\t\t\t\t\t\t\t\t<\/div>\n\t\t\t\t<\/div>\n\t\t\t\t\t<\/div>\n\t\t\t\t<\/div>\n\t\t<div class=\"elementor-element elementor-element-iwgs-schutzglocken-s5 e-flex e-con-boxed e-con e-parent\" data-id=\"iwgs-schutzglocken-s5\" data-element_type=\"container\" data-e-type=\"container\">\n\t\t\t\t\t<div class=\"e-con-inner\">\n\t\t\t\t<div class=\"elementor-element elementor-element-iwgs-schutzglocken-s5h elementor-widget elementor-widget-heading\" data-id=\"iwgs-schutzglocken-s5h\" data-element_type=\"widget\" data-e-type=\"widget\" data-widget_type=\"heading.default\">\n\t\t\t\t\t<h2 class=\"elementor-heading-title elementor-size-default\">K\u00e4ytt\u00f6 ja rajoitukset<\/h2>\t\t\t\t<\/div>\n\t\t<div class=\"elementor-element elementor-element-iw-schutzglocken-s5-bw e-con-full e-flex e-con e-child\" data-id=\"iw-schutzglocken-s5-bw\" data-element_type=\"container\" data-e-type=\"container\">\n\t\t\t\t<div class=\"elementor-element elementor-element-iwgs-schutzglocken-s5t elementor-widget elementor-widget-text-editor\" data-id=\"iwgs-schutzglocken-s5t\" data-element_type=\"widget\" data-e-type=\"widget\" data-widget_type=\"text-editor.default\">\n\t\t\t\t\t\t\t\t\t<p>Kellojen k\u00e4yt\u00e4nn\u00f6n k\u00e4ytt\u00f6 suojav\u00e4lineen\u00e4 seuraa <span class=\"iwg-fachbegriff\" data-tooltip=\"Tiedon ja kertomusten v\u00e4littyminen sukupolvelta toiselle.\" tabindex=\"0\">perim\u00e4tiedossa<\/span> tiettyj\u00e4 kaavoja. Kelloja k\u00e4ytet\u00e4\u00e4n rituaalien alussa ja lopussa tilan avaamiseksi ja sulkemiseksi.<\/p><p>Ne sijoitetaan kynnyksille: talon oviin, navetan sis\u00e4\u00e4nk\u00e4ynteihin, ikkunoihin. Niit\u00e4 soitetaan m\u00e4\u00e4r\u00e4ttyin\u00e4 aikoina, erityisesti pime\u00e4n tullessa, ukkosmyrskyjen aikana, vuodenvaihteissa ja yhteis\u00f6n j\u00e4senen kuoleman yhteydess\u00e4.<\/p>\n<p>Rajoituksena on, ett\u00e4 kellon \u00e4\u00e4nell\u00e4 ei rakenneta pysyv\u00e4\u00e4 estett\u00e4. Se vaikuttaa soidessaan ja rajallisen ajan sen j\u00e4lkeen. Kelloa, jota ei ole soitettu viikkoihin, ei kansanuskon mukaan katsota olevan en\u00e4\u00e4 aktiivista suojavaikutusta, vaikka sen olemassaolo itsess\u00e4\u00e4n s\u00e4ilytt\u00e4\u00e4 jonkinlaisen symbolisen l\u00e4sn\u00e4olon.<\/p>\n<p>Kaikki uhat eiv\u00e4t ole herkki\u00e4 \u00e4\u00e4nelle. Olentoja, joihin nimenomaan liitet\u00e4\u00e4n melu ja ep\u00e4j\u00e4rjestys, ei voida karkottaa \u00e4\u00e4nen avulla. Monien perinteiden mukaan vaikutus riippuu my\u00f6s soittajan aikomuksesta: mekaaninen kellon \u00e4\u00e4ni, jota ei soiteta tarkoituksen tuntien, katsotaan v\u00e4hemm\u00e4n tehokkaaksi kuin tietoinen rituaalinen soittaminen.<\/p>\t\t\t\t\t\t\t\t<\/div>\n\t\t\t\t<\/div>\n\t\t\t\t\t<\/div>\n\t\t\t\t<\/div>\n\t\t<div class=\"elementor-element elementor-element-iwgs-schutzglocken-lit e-flex e-con-boxed e-con e-parent\" data-id=\"iwgs-schutzglocken-lit\" data-element_type=\"container\" data-e-type=\"container\">\n\t\t\t\t\t<div class=\"e-con-inner\">\n\t\t\t\t<div class=\"elementor-element elementor-element-iwgs-schutzglocken-lith elementor-widget elementor-widget-heading\" data-id=\"iwgs-schutzglocken-lith\" data-element_type=\"widget\" data-e-type=\"widget\" data-widget_type=\"heading.default\">\n\t\t\t\t\t<h2 class=\"elementor-heading-title elementor-size-default\">Kirjallisuus (valikoima)<\/h2>\t\t\t\t<\/div>\n\t\t<div class=\"elementor-element elementor-element-iw-schutzglocken-lit-bw e-con-full e-flex e-con e-child\" data-id=\"iw-schutzglocken-lit-bw\" data-element_type=\"container\" data-e-type=\"container\">\n\t\t\t\t<div class=\"elementor-element elementor-element-iwgs-schutzglocken-litt elementor-widget elementor-widget-html\" data-id=\"iwgs-schutzglocken-litt\" data-element_type=\"widget\" data-e-type=\"widget\" data-widget_type=\"html.default\">\n\t\t\t\t\t<footer data-nosnippet=\"true\"><ul><li>Handw\u00f6rterbuch des deutschen Aberglaubens, hrsg. von Hanns B\u00e4chtold-St\u00e4ubli, Artikel \"Glocke\", Bd. 3, Berlin\/Leipzig 1930\/31.<\/li><li>Lurker, Manfred: W\u00f6rterbuch der Symbolik. Stuttgart 1988.<\/li><li>Eliade, Mircea: Shamanism: Archaic Techniques of Ecstasy. Princeton 1964.<\/li><li>Ono, Sokyo: Shinto: The Kami Way. Rutland\/Tokio 1962.<\/li><li>Rechenberg, Almut: Die Kirchenglocke. Geschichte und Symbolik. M\u00fcnchen 1994.<\/li><\/ul><\/footer>\t\t\t\t<\/div>\n\t\t\t\t<\/div>\n\t\t\t\t\t<\/div>\n\t\t\t\t<\/div>\n\t\t<div class=\"elementor-element elementor-element-iwgs-schutzglocken-kwd e-flex e-con-boxed e-con e-parent\" data-id=\"iwgs-schutzglocken-kwd\" data-element_type=\"container\" data-e-type=\"container\">\n\t\t\t\t\t<div class=\"e-con-inner\">\n\t\t<div class=\"elementor-element elementor-element-iw-schutzglocken-kwd-bw e-con-full e-flex e-con e-child\" data-id=\"iw-schutzglocken-kwd-bw\" data-element_type=\"container\" data-e-type=\"container\">\n\t\t\t\t<div class=\"elementor-element elementor-element-iwgs-schutzglocken-kwdt elementor-widget elementor-widget-text-editor\" data-id=\"iwgs-schutzglocken-kwdt\" data-element_type=\"widget\" data-e-type=\"widget\" data-widget_type=\"text-editor.default\">\n\t\t\t\t\t\t\t\t\t<p><em>Aiheeseen liittyvi\u00e4 avainsanoja: suojakellot kellon\u00e4\u00e4ni tiuvut \u00e4\u00e4nisuoja kirkonkello.<\/em><\/p>\t\t\t\t\t\t\t\t<\/div>\n\t\t\t\t<\/div>\n\t\t\t\t\t<\/div>\n\t\t\t\t<\/div>\n\t\t<div class=\"elementor-element elementor-element-iwgs-schutzglocken-cc e-flex e-con-boxed e-con e-parent\" data-id=\"iwgs-schutzglocken-cc\" data-element_type=\"container\" data-e-type=\"container\" id=\"iwg-cc-schutzglocken\">\n\t\t\t\t\t<div class=\"e-con-inner\">\n\t\t<div class=\"elementor-element elementor-element-iwgs-schutzglocken-ccinner e-flex e-con-boxed e-con e-parent\" data-id=\"iwgs-schutzglocken-ccinner\" data-element_type=\"container\" data-e-type=\"container\" data-settings=\"{&quot;background_background&quot;:&quot;classic&quot;}\">\n\t\t\t\t\t<div class=\"e-con-inner\">\n\t\t\t\t<div class=\"elementor-element elementor-element-iwgs-schutzglocken-cch elementor-widget elementor-widget-heading\" data-id=\"iwgs-schutzglocken-cch\" data-element_type=\"widget\" data-e-type=\"widget\" data-widget_type=\"heading.default\">\n\t\t\t\t\t<h2 class=\"elementor-heading-title elementor-size-default\">iWell Guard ja suojelutraditiot<\/h2>\t\t\t\t<\/div>\n\t\t\t\t<div class=\"elementor-element elementor-element-iwgs-schutzglocken-cct elementor-widget elementor-widget-text-editor\" data-id=\"iwgs-schutzglocken-cct\" data-element_type=\"widget\" data-e-type=\"widget\" data-widget_type=\"text-editor.default\">\n\t\t\t\t\t\t\t\t\t<p>Kellon\u00e4\u00e4ni suojaperiaatteena esiintyy kulttuureissa, joilla ei ollut tietoa toisistaan. Olipa kyseess\u00e4 tiibetil\u00e4inen drilbu, japanilainen furin tai keskieurooppalainen kirkonkello, k\u00e4sitys siit\u00e4, ett\u00e4 \u00e4\u00e4nell\u00e4 muutetaan tilaa ja h\u00e4irit\u00e4\u00e4n haitallisia vaikutuksia, on syntynyt toisistaan riippumatta.<\/p><p><a href=\"https:\/\/iwell-guard.com\/fi\/osta-iwell-guard-suojariipus\/\">iWell Guard<\/a> ammentaa n\u00e4ist\u00e4 suojaperinteen linjoista ja tiivist\u00e4\u00e4 ne kannettavaan esineeseen. Se ei soi, mutta se kantaa mukanaan muistoa n\u00e4ist\u00e4 periaatteista osana tietoisesti muodostettua suojak\u00e4yt\u00e4nt\u00f6\u00e4.<\/p>\t\t\t\t\t\t\t\t<\/div>\n\t\t\t\t<div class=\"elementor-element elementor-element-iwgs-schutzglocken-ccb iwg-cc-button iwg-cc-cta-2026-05-13 elementor-widget elementor-widget-jet-button\" data-id=\"iwgs-schutzglocken-ccb\" data-element_type=\"widget\" data-e-type=\"widget\" data-widget_type=\"jet-button.default\">\n\t\t\t\t<div class=\"elementor-widget-container\">\n\t\t\t\t\t<div class=\"elementor-jet-button jet-elements\"><div class=\"jet-button__container\"><a class=\"jet-button__instance jet-button__instance--icon-left hover-effect-1\" href=\"\/schutzanhaenger-iwell-guard-kaufen\/?utm_source=iwell-guard.com&amp;utm_medium=info-box&amp;utm_campaign=schutzsymbole\"><div class=\"jet-button__plane jet-button__plane-normal\"><\/div><div class=\"jet-button__plane jet-button__plane-hover\"><\/div><div class=\"jet-button__state jet-button__state-normal\"><span class=\"jet-button__label\">Lis\u00e4\u00e4 iWell Guardista<\/span><\/div><div class=\"jet-button__state jet-button__state-hover\"><span class=\"jet-button__label\">Lis\u00e4\u00e4 iWell Guardista<\/span><\/div><\/a><\/div><\/div><style>.elementor-element.elementor-element-iwgs-schutzglocken-ccb .jet-button__instance{width:320px;height:56px;}.elementor-element.elementor-element-iwgs-schutzglocken-ccb .jet-button__state-normal .jet-button__label{text-align:center;margin:0px 0px 0px 0px;color:#1a1b20;font-family:Montserrat,sans-serif;font-size:13px;font-weight:400;letter-spacing:4px;line-height:1.714em;text-transform:uppercase;}.elementor-element.elementor-element-iwgs-schutzglocken-ccb .jet-button__state-hover .jet-button__label{text-align:center;margin:0px 0px 0px 0px;color:#FECC76;font-family:Montserrat,sans-serif;font-size:13px;font-weight:400;letter-spacing:4px;line-height:1.714em;text-transform:uppercase;}.elementor-element.elementor-element-iwgs-schutzglocken-ccb .jet-button__plane-normal{background-color:#FECC76;border-style:solid;border-color:#C99540;border-width:2px 2px 2px 2px;}.elementor-element.elementor-element-iwgs-schutzglocken-ccb .jet-button__plane-hover{background-color:rgba(0,0,0,0.55);border-style:solid;border-color:#FECC76;border-width:2px 2px 2px 2px;}<\/style>\t\t\t\t<\/div>\n\t\t\t\t<\/div>\n\t\t\t\t<div class=\"elementor-element elementor-element-iwgs-schutzglocken-ccd elementor-widget elementor-widget-text-editor\" data-id=\"iwgs-schutzglocken-ccd\" data-element_type=\"widget\" data-e-type=\"widget\" data-widget_type=\"text-editor.default\">\n\t\t\t\t\t\t\t\t\t<p style=\"text-align:center;font-size:13px;opacity:0.7;margin-top:14px\" data-nosnippet=\"true\">Henkil\u00f6kohtaiset kokemukset voivat vaihdella. Ei l\u00e4\u00e4kinn\u00e4llinen laite. Ei paranemislupausta.<\/p>\t\t\t\t\t\t\t\t<\/div>\n\t\t\t\t\t<\/div>\n\t\t\t\t<\/div>\n\t\t\t\t\t<\/div>\n\t\t\t\t<\/div>\n\t\t<div class=\"elementor-element elementor-element-iwgs-schutzglocken-disc e-flex e-con-boxed e-con e-parent\" data-id=\"iwgs-schutzglocken-disc\" data-element_type=\"container\" data-e-type=\"container\">\n\t\t\t\t\t<div class=\"e-con-inner\">\n\t\t<div class=\"elementor-element elementor-element-iw-schutzglocken-disc-bw e-con-full e-flex e-con e-child\" data-id=\"iw-schutzglocken-disc-bw\" data-element_type=\"container\" data-e-type=\"container\">\n\t\t\t\t<div class=\"elementor-element elementor-element-iwgs-schutzglocken-discw elementor-widget elementor-widget-html\" data-id=\"iwgs-schutzglocken-discw\" data-element_type=\"widget\" data-e-type=\"widget\" data-widget_type=\"html.default\">\n\t\t\t\t\t<footer data-nosnippet=\"true\" class=\"iwg-disclaimer-block\"><p data-nosnippet=\"true\">iWell Guard <strong>ei ole l\u00e4\u00e4kinn\u00e4llinen laite<\/strong>, eik\u00e4 se korvaa l\u00e4\u00e4k\u00e4rin tai psykoterapeutin hoitoa. T\u00e4ss\u00e4 esitetyt sis\u00e4ll\u00f6t ovat uskontotieteellist\u00e4 ja kulttuurihistoriallista tarkastelua, eiv\u00e4t lupausta hengellisest\u00e4 vaikutuksesta.<\/p><\/footer>\t\t\t\t<\/div>\n\t\t\t\t<\/div>\n\t\t\t\t\t<\/div>\n\t\t\t\t<\/div>\n\t\t\t\t<\/div>\n\t\t","protected":false},"excerpt":{"rendered":"","protected":false},"author":3,"featured_media":4121,"parent":0,"menu_order":0,"comment_status":"closed","ping_status":"closed","template":"elementor_header_footer","meta":{"_yoast_wpseo_focuskw":"schutzglocken","_yoast_wpseo_title":"Suojakellot ja kellon\u00e4\u00e4net","_yoast_wpseo_metadesc":"Mit\u00e4 perinnetieto liitt\u00e4\u00e4 kelloihin ja tiuhuihin suojakeinona: alkuper\u00e4, vaikutusperiaate ja levinneisyys eri kulttuureissa.","_yoast_wpseo_meta-robots-noindex":"","_yoast_wpseo_canonical":"","_angie_page":false,"gefaehrdungsstufe":"","wesen_kultur":"","wesen_klasse":"","footnotes":""},"categories":[],"class_list":["post-144514","page","type-page","status-publish","has-post-thumbnail","hentry"],"yoast_head":"<!-- This site is optimized with the Yoast SEO Premium plugin v27.7 (Yoast SEO v28.3) - https:\/\/yoast.com\/product\/yoast-seo-premium-wordpress\/ -->\n<title>Suojakellot ja kellon\u00e4\u00e4net<\/title>\n<meta name=\"description\" content=\"Mit\u00e4 perinnetieto liitt\u00e4\u00e4 kelloihin ja tiuhuihin suojakeinona: alkuper\u00e4, vaikutusperiaate ja levinneisyys eri kulttuureissa.\" \/>\n<meta name=\"robots\" content=\"index, follow, max-snippet:-1, max-image-preview:large, max-video-preview:-1\" \/>\n<link rel=\"canonical\" href=\"https:\/\/iwell-guard.com\/fi\/suojakellot-ja-kellonaanet\/\" \/>\n<meta property=\"og:locale\" content=\"fi_FI\" \/>\n<meta property=\"og:type\" content=\"article\" \/>\n<meta property=\"og:title\" content=\"Suojakellot ja kellon\u00e4\u00e4net\" \/>\n<meta property=\"og:description\" content=\"Mit\u00e4 perinnetieto liitt\u00e4\u00e4 kelloihin ja tiuhuihin suojakeinona: alkuper\u00e4, vaikutusperiaate ja levinneisyys eri kulttuureissa.\" \/>\n<meta property=\"og:url\" content=\"https:\/\/iwell-guard.com\/fi\/suojakellot-ja-kellonaanet\/\" \/>\n<meta property=\"og:site_name\" content=\"iWell Guard\" \/>\n<meta property=\"article:modified_time\" content=\"2026-09-03T13:00:42+00:00\" \/>\n<meta property=\"og:image\" content=\"https:\/\/iwell-guard.com\/wp-content\/uploads\/2026\/05\/schutzsymbol_christentum_schutzglocken.png\" \/>\n\t<meta property=\"og:image:width\" content=\"1024\" \/>\n\t<meta property=\"og:image:height\" content=\"1536\" \/>\n\t<meta property=\"og:image:type\" content=\"image\/png\" \/>\n<meta name=\"twitter:card\" content=\"summary_large_image\" \/>\n<script type=\"application\/ld+json\" class=\"yoast-schema-graph\">{\"@context\":\"https:\\\/\\\/schema.org\",\"@graph\":[{\"@type\":\"WebPage\",\"@id\":\"https:\\\/\\\/iwell-guard.com\\\/fi\\\/suojakellot-ja-kellonaanet\\\/\",\"url\":\"https:\\\/\\\/iwell-guard.com\\\/fi\\\/suojakellot-ja-kellonaanet\\\/\",\"name\":\"Suojakellot ja kellon\u00e4\u00e4net\",\"isPartOf\":{\"@id\":\"https:\\\/\\\/iwell-guard.com\\\/fi\\\/#website\"},\"primaryImageOfPage\":{\"@id\":\"https:\\\/\\\/iwell-guard.com\\\/fi\\\/suojakellot-ja-kellonaanet\\\/#primaryimage\"},\"image\":{\"@id\":\"https:\\\/\\\/iwell-guard.com\\\/fi\\\/suojakellot-ja-kellonaanet\\\/#primaryimage\"},\"thumbnailUrl\":\"https:\\\/\\\/iwell-guard.com\\\/wp-content\\\/uploads\\\/2026\\\/05\\\/schutzsymbol_christentum_schutzglocken.png\",\"datePublished\":\"2026-09-03T12:36:16+00:00\",\"dateModified\":\"2026-09-03T13:00:42+00:00\",\"description\":\"Mit\u00e4 perinnetieto liitt\u00e4\u00e4 kelloihin ja tiuhuihin suojakeinona: alkuper\u00e4, vaikutusperiaate ja levinneisyys eri kulttuureissa.\",\"breadcrumb\":{\"@id\":\"https:\\\/\\\/iwell-guard.com\\\/fi\\\/suojakellot-ja-kellonaanet\\\/#breadcrumb\"},\"inLanguage\":\"fi\",\"potentialAction\":[{\"@type\":\"ReadAction\",\"target\":[\"https:\\\/\\\/iwell-guard.com\\\/fi\\\/suojakellot-ja-kellonaanet\\\/\"]}]},{\"@type\":\"ImageObject\",\"inLanguage\":\"fi\",\"@id\":\"https:\\\/\\\/iwell-guard.com\\\/fi\\\/suojakellot-ja-kellonaanet\\\/#primaryimage\",\"url\":\"https:\\\/\\\/iwell-guard.com\\\/wp-content\\\/uploads\\\/2026\\\/05\\\/schutzsymbol_christentum_schutzglocken.png\",\"contentUrl\":\"https:\\\/\\\/iwell-guard.com\\\/wp-content\\\/uploads\\\/2026\\\/05\\\/schutzsymbol_christentum_schutzglocken.png\",\"width\":1024,\"height\":1536,\"caption\":\"Suojakellot ja kellon\u00e4\u00e4net, historiallis-kuvitteellinen esitys\"},{\"@type\":\"BreadcrumbList\",\"@id\":\"https:\\\/\\\/iwell-guard.com\\\/fi\\\/suojakellot-ja-kellonaanet\\\/#breadcrumb\",\"itemListElement\":[{\"@type\":\"ListItem\",\"position\":1,\"name\":\"Start\",\"item\":\"https:\\\/\\\/iwell-guard.com\\\/fi\\\/?page_id=143815\"},{\"@type\":\"ListItem\",\"position\":2,\"name\":\"Suojakellot ja kellon\u00e4\u00e4net\"}]},{\"@type\":\"WebSite\",\"@id\":\"https:\\\/\\\/iwell-guard.com\\\/fi\\\/#website\",\"url\":\"https:\\\/\\\/iwell-guard.com\\\/fi\\\/\",\"name\":\"iWell Guard\",\"description\":\"Schutz vor dunklen Einfl\u00fcssen\",\"publisher\":{\"@id\":\"https:\\\/\\\/iwell-guard.com\\\/fi\\\/#organization\"},\"potentialAction\":[{\"@type\":\"SearchAction\",\"target\":{\"@type\":\"EntryPoint\",\"urlTemplate\":\"https:\\\/\\\/iwell-guard.com\\\/fi\\\/?s={search_term_string}\"},\"query-input\":{\"@type\":\"PropertyValueSpecification\",\"valueRequired\":true,\"valueName\":\"search_term_string\"}}],\"inLanguage\":\"fi\"},{\"@type\":\"Organization\",\"@id\":\"https:\\\/\\\/iwell-guard.com\\\/fi\\\/#organization\",\"name\":\"Ittermann electronic GmbH\",\"url\":\"https:\\\/\\\/iwell-guard.com\\\/fi\\\/\",\"logo\":{\"@type\":\"ImageObject\",\"inLanguage\":\"fi\",\"@id\":\"https:\\\/\\\/iwell-guard.com\\\/fi\\\/#\\\/schema\\\/logo\\\/image\\\/\",\"url\":\"https:\\\/\\\/iwell-guard.com\\\/wp-content\\\/uploads\\\/2026\\\/05\\\/Ittermann-Logo-1182x237-1.png\",\"contentUrl\":\"https:\\\/\\\/iwell-guard.com\\\/wp-content\\\/uploads\\\/2026\\\/05\\\/Ittermann-Logo-1182x237-1.png\",\"width\":1182,\"height\":237,\"caption\":\"Ittermann electronic GmbH\"},\"image\":{\"@id\":\"https:\\\/\\\/iwell-guard.com\\\/fi\\\/#\\\/schema\\\/logo\\\/image\\\/\"},\"sameAs\":[\"https:\\\/\\\/pantip.com\\\/profile\\\/9367242\",\"https:\\\/\\\/micro.blog\\\/iwellguard\",\"https:\\\/\\\/www.diggerslist.com\\\/iwellguard\\\/about\",\"https:\\\/\\\/skitterphoto.com\\\/photographers\\\/2870314\\\/iwell-guard\",\"https:\\\/\\\/iwellguard.wordpress.com\\\/2026\\\/06\\\/06\\\/iwell-guard\\\/\",\"https:\\\/\\\/hub.docker.com\\\/u\\\/iwellguard\",\"https:\\\/\\\/www.pinterest.com\\\/iwellguard\\\/\",\"https:\\\/\\\/bit.ly\\\/m\\\/iwellguard\",\"https:\\\/\\\/entre-vos-mains.alsace.eu\\\/profiles\\\/iwellguard\\\/activity\",\"https:\\\/\\\/gravatar.com\\\/reallybeded8fd34\",\"https:\\\/\\\/naijamatta.com\\\/iwellguard\",\"https:\\\/\\\/www.goodreads.com\\\/iwellguard\",\"https:\\\/\\\/profile.hatena.ne.jp\\\/iwellguard\\\/\",\"https:\\\/\\\/experiment.com\\\/users\\\/iwellguard\",\"https:\\\/\\\/wakelet.com\\\/@iWellGuard82270\",\"https:\\\/\\\/www.chordie.com\\\/forum\\\/profile.php?id=2555664\",\"https:\\\/\\\/www.instapaper.com\\\/p\\\/17757966\",\"https:\\\/\\\/www.mapleprimes.com\\\/users\\\/iwellguard\",\"https:\\\/\\\/businesslistingplus.com\\\/profile\\\/iwell-guard\\\/\",\"https:\\\/\\\/telegra.ph\\\/iWell-Guard-06-06\",\"https:\\\/\\\/pbase.com\\\/iwellguard\\\/iwellguard\",\"https:\\\/\\\/b.hatena.ne.jp\\\/iwellguard\\\/20260607#bookmark-4788405196491818882\",\"https:\\\/\\\/fliphtml5.com\\\/home\\\/iwellguard\",\"https:\\\/\\\/anyflip.com\\\/homepage\\\/cmiwl#About\",\"https:\\\/\\\/transfur.com\\\/Users\\\/iwellguard\",\"http:\\\/\\\/delphi.larsbo.org\\\/user\\\/iwellguard\",\"https:\\\/\\\/jobs.lajobsportal.org\\\/profiles\\\/8380803-iwell-guard\",\"https:\\\/\\\/md.chaosdorf.de\\\/s\\\/jfbe5SBdJD\",\"https:\\\/\\\/www.lingvolive.com\\\/en-us\\\/profile\\\/9ecaeaca-ce11-4e51-9e71-01d55e2bff36\\\/translations\",\"https:\\\/\\\/www.fitday.com\\\/fitness\\\/forums\\\/members\\\/iwellguard.html\",\"https:\\\/\\\/www.mymeetbook.com\\\/iwellguard\",\"https:\\\/\\\/pxhere.com\\\/en\\\/photographer-me\\\/5040798\",\"https:\\\/\\\/disqus.com\\\/by\\\/iwellguard\\\/about\\\/\",\"https:\\\/\\\/pastelink.net\\\/hjwciqwq\",\"https:\\\/\\\/pubhtml5.com\\\/homepage\\\/scjhn\\\/\",\"https:\\\/\\\/www.bitchute.com\\\/channel\\\/2O2eOKzNqujT\",\"https:\\\/\\\/audiomack.com\\\/iwellguard\"]}]}<\/script>\n<!-- \/ Yoast SEO Premium plugin. -->","yoast_head_json":{"title":"Suojakellot ja kellon\u00e4\u00e4net","description":"Mit\u00e4 perinnetieto liitt\u00e4\u00e4 kelloihin ja tiuhuihin suojakeinona: alkuper\u00e4, vaikutusperiaate ja levinneisyys eri kulttuureissa.","robots":{"index":"index","follow":"follow","max-snippet":"max-snippet:-1","max-image-preview":"max-image-preview:large","max-video-preview":"max-video-preview:-1"},"canonical":"https:\/\/iwell-guard.com\/fi\/suojakellot-ja-kellonaanet\/","og_locale":"fi_FI","og_type":"article","og_title":"Suojakellot ja kellon\u00e4\u00e4net","og_description":"Mit\u00e4 perinnetieto liitt\u00e4\u00e4 kelloihin ja tiuhuihin suojakeinona: alkuper\u00e4, vaikutusperiaate ja levinneisyys eri kulttuureissa.","og_url":"https:\/\/iwell-guard.com\/fi\/suojakellot-ja-kellonaanet\/","og_site_name":"iWell Guard","article_modified_time":"2026-09-03T13:00:42+00:00","og_image":[{"width":1024,"height":1536,"url":"https:\/\/iwell-guard.com\/wp-content\/uploads\/2026\/05\/schutzsymbol_christentum_schutzglocken.png","type":"image\/png"}],"twitter_card":"summary_large_image","schema":{"@context":"https:\/\/schema.org","@graph":[{"@type":"WebPage","@id":"https:\/\/iwell-guard.com\/fi\/suojakellot-ja-kellonaanet\/","url":"https:\/\/iwell-guard.com\/fi\/suojakellot-ja-kellonaanet\/","name":"Suojakellot ja kellon\u00e4\u00e4net","isPartOf":{"@id":"https:\/\/iwell-guard.com\/fi\/#website"},"primaryImageOfPage":{"@id":"https:\/\/iwell-guard.com\/fi\/suojakellot-ja-kellonaanet\/#primaryimage"},"image":{"@id":"https:\/\/iwell-guard.com\/fi\/suojakellot-ja-kellonaanet\/#primaryimage"},"thumbnailUrl":"https:\/\/iwell-guard.com\/wp-content\/uploads\/2026\/05\/schutzsymbol_christentum_schutzglocken.png","datePublished":"2026-09-03T12:36:16+00:00","dateModified":"2026-09-03T13:00:42+00:00","description":"Mit\u00e4 perinnetieto liitt\u00e4\u00e4 kelloihin ja tiuhuihin suojakeinona: alkuper\u00e4, vaikutusperiaate ja levinneisyys eri kulttuureissa.","breadcrumb":{"@id":"https:\/\/iwell-guard.com\/fi\/suojakellot-ja-kellonaanet\/#breadcrumb"},"inLanguage":"fi","potentialAction":[{"@type":"ReadAction","target":["https:\/\/iwell-guard.com\/fi\/suojakellot-ja-kellonaanet\/"]}]},{"@type":"ImageObject","inLanguage":"fi","@id":"https:\/\/iwell-guard.com\/fi\/suojakellot-ja-kellonaanet\/#primaryimage","url":"https:\/\/iwell-guard.com\/wp-content\/uploads\/2026\/05\/schutzsymbol_christentum_schutzglocken.png","contentUrl":"https:\/\/iwell-guard.com\/wp-content\/uploads\/2026\/05\/schutzsymbol_christentum_schutzglocken.png","width":1024,"height":1536,"caption":"Suojakellot ja kellon\u00e4\u00e4net, historiallis-kuvitteellinen esitys"},{"@type":"BreadcrumbList","@id":"https:\/\/iwell-guard.com\/fi\/suojakellot-ja-kellonaanet\/#breadcrumb","itemListElement":[{"@type":"ListItem","position":1,"name":"Start","item":"https:\/\/iwell-guard.com\/fi\/?page_id=143815"},{"@type":"ListItem","position":2,"name":"Suojakellot ja kellon\u00e4\u00e4net"}]},{"@type":"WebSite","@id":"https:\/\/iwell-guard.com\/fi\/#website","url":"https:\/\/iwell-guard.com\/fi\/","name":"iWell Guard","description":"Schutz vor dunklen Einfl\u00fcssen","publisher":{"@id":"https:\/\/iwell-guard.com\/fi\/#organization"},"potentialAction":[{"@type":"SearchAction","target":{"@type":"EntryPoint","urlTemplate":"https:\/\/iwell-guard.com\/fi\/?s={search_term_string}"},"query-input":{"@type":"PropertyValueSpecification","valueRequired":true,"valueName":"search_term_string"}}],"inLanguage":"fi"},{"@type":"Organization","@id":"https:\/\/iwell-guard.com\/fi\/#organization","name":"Ittermann electronic GmbH","url":"https:\/\/iwell-guard.com\/fi\/","logo":{"@type":"ImageObject","inLanguage":"fi","@id":"https:\/\/iwell-guard.com\/fi\/#\/schema\/logo\/image\/","url":"https:\/\/iwell-guard.com\/wp-content\/uploads\/2026\/05\/Ittermann-Logo-1182x237-1.png","contentUrl":"https:\/\/iwell-guard.com\/wp-content\/uploads\/2026\/05\/Ittermann-Logo-1182x237-1.png","width":1182,"height":237,"caption":"Ittermann electronic GmbH"},"image":{"@id":"https:\/\/iwell-guard.com\/fi\/#\/schema\/logo\/image\/"},"sameAs":["https:\/\/pantip.com\/profile\/9367242","https:\/\/micro.blog\/iwellguard","https:\/\/www.diggerslist.com\/iwellguard\/about","https:\/\/skitterphoto.com\/photographers\/2870314\/iwell-guard","https:\/\/iwellguard.wordpress.com\/2026\/06\/06\/iwell-guard\/","https:\/\/hub.docker.com\/u\/iwellguard","https:\/\/www.pinterest.com\/iwellguard\/","https:\/\/bit.ly\/m\/iwellguard","https:\/\/entre-vos-mains.alsace.eu\/profiles\/iwellguard\/activity","https:\/\/gravatar.com\/reallybeded8fd34","https:\/\/naijamatta.com\/iwellguard","https:\/\/www.goodreads.com\/iwellguard","https:\/\/profile.hatena.ne.jp\/iwellguard\/","https:\/\/experiment.com\/users\/iwellguard","https:\/\/wakelet.com\/@iWellGuard82270","https:\/\/www.chordie.com\/forum\/profile.php?id=2555664","https:\/\/www.instapaper.com\/p\/17757966","https:\/\/www.mapleprimes.com\/users\/iwellguard","https:\/\/businesslistingplus.com\/profile\/iwell-guard\/","https:\/\/telegra.ph\/iWell-Guard-06-06","https:\/\/pbase.com\/iwellguard\/iwellguard","https:\/\/b.hatena.ne.jp\/iwellguard\/20260607#bookmark-4788405196491818882","https:\/\/fliphtml5.com\/home\/iwellguard","https:\/\/anyflip.com\/homepage\/cmiwl#About","https:\/\/transfur.com\/Users\/iwellguard","http:\/\/delphi.larsbo.org\/user\/iwellguard","https:\/\/jobs.lajobsportal.org\/profiles\/8380803-iwell-guard","https:\/\/md.chaosdorf.de\/s\/jfbe5SBdJD","https:\/\/www.lingvolive.com\/en-us\/profile\/9ecaeaca-ce11-4e51-9e71-01d55e2bff36\/translations","https:\/\/www.fitday.com\/fitness\/forums\/members\/iwellguard.html","https:\/\/www.mymeetbook.com\/iwellguard","https:\/\/pxhere.com\/en\/photographer-me\/5040798","https:\/\/disqus.com\/by\/iwellguard\/about\/","https:\/\/pastelink.net\/hjwciqwq","https:\/\/pubhtml5.com\/homepage\/scjhn\/","https:\/\/www.bitchute.com\/channel\/2O2eOKzNqujT","https:\/\/audiomack.com\/iwellguard"]}]}},"_links":{"self":[{"href":"https:\/\/iwell-guard.com\/fi\/wp-json\/wp\/v2\/pages\/144514","targetHints":{"allow":["GET"]}}],"collection":[{"href":"https:\/\/iwell-guard.com\/fi\/wp-json\/wp\/v2\/pages"}],"about":[{"href":"https:\/\/iwell-guard.com\/fi\/wp-json\/wp\/v2\/types\/page"}],"author":[{"embeddable":true,"href":"https:\/\/iwell-guard.com\/fi\/wp-json\/wp\/v2\/users\/3"}],"replies":[{"embeddable":true,"href":"https:\/\/iwell-guard.com\/fi\/wp-json\/wp\/v2\/comments?post=144514"}],"version-history":[{"count":0,"href":"https:\/\/iwell-guard.com\/fi\/wp-json\/wp\/v2\/pages\/144514\/revisions"}],"wp:featuredmedia":[{"embeddable":true,"href":"https:\/\/iwell-guard.com\/fi\/wp-json\/wp\/v2\/media\/4121"}],"wp:attachment":[{"href":"https:\/\/iwell-guard.com\/fi\/wp-json\/wp\/v2\/media?parent=144514"}],"wp:term":[{"taxonomy":"category","embeddable":true,"href":"https:\/\/iwell-guard.com\/fi\/wp-json\/wp\/v2\/categories?post=144514"}],"curies":[{"name":"wp","href":"https:\/\/api.w.org\/{rel}","templated":true}]}}