{"id":144488,"date":"2026-09-03T12:35:59","date_gmt":"2026-09-03T12:35:59","guid":{"rendered":"https:\/\/iwell-guard.com\/?page_id=144488"},"modified":"2026-09-03T13:00:03","modified_gmt":"2026-09-03T13:00:03","slug":"suojavarit-sininen-punainen-musta","status":"publish","type":"page","link":"https:\/\/iwell-guard.com\/fi\/suojavarit-sininen-punainen-musta\/","title":{"rendered":"Suojav\u00e4rit: sininen, punainen ja musta suojana"},"content":{"rendered":"\t\t<div data-elementor-type=\"wp-page\" data-elementor-id=\"144488\" class=\"elementor elementor-144488 elementor-3745 elementor-bc-flex-widget\" data-elementor-post-type=\"page\">\n\t\t\t\t<div class=\"elementor-element elementor-element-iwgs-schutzfarben-hero e-flex e-con-boxed e-con e-parent\" data-id=\"iwgs-schutzfarben-hero\" data-element_type=\"container\" data-e-type=\"container\">\n\t\t\t\t\t<div class=\"e-con-inner\">\n\t\t<div class=\"elementor-element elementor-element-iwgs-schutzfarben-hl e-flex e-con-boxed e-con e-parent\" data-id=\"iwgs-schutzfarben-hl\" data-element_type=\"container\" data-e-type=\"container\">\n\t\t\t\t\t<div class=\"e-con-inner\">\n\t\t<div class=\"elementor-element elementor-element-iwgs-schutzfarben-hlbox e-con-full e-flex e-con e-parent\" data-id=\"iwgs-schutzfarben-hlbox\" data-element_type=\"container\" data-e-type=\"container\">\n\t\t\t\t<div class=\"elementor-element elementor-element-iwgs-schutzfarben-h1 elementor-widget elementor-widget-heading\" data-id=\"iwgs-schutzfarben-h1\" data-element_type=\"widget\" data-e-type=\"widget\" data-widget_type=\"heading.default\">\n\t\t\t\t\t<h1 class=\"elementor-heading-title elementor-size-default\">Suojav\u00e4rit: torjuvan merkityksen v\u00e4rit<\/h1>\t\t\t\t<\/div>\n\t\t\t\t<div class=\"elementor-element elementor-element-iwgs-schutzfarben-lead elementor-widget elementor-widget-text-editor\" data-id=\"iwgs-schutzfarben-lead\" data-element_type=\"widget\" data-e-type=\"widget\" data-widget_type=\"text-editor.default\">\n\t\t\t\t\t\t\t\t\t<p>Monissa kulttuureissa tietyille v\u00e4reille annetaan torjuva merkitys. Sininen, punainen ja musta esiintyv\u00e4t erityisen usein suojav\u00e4rein\u00e4, kukin omista syist\u00e4\u00e4n. T\u00e4m\u00e4 artikkeli tarkastelee suojav\u00e4rin periaatetta uskontotieteellisesti ja j\u00e4ljitt\u00e4\u00e4 sen juuria <span class=\"iwg-fachbegriff\" data-tooltip=\"Kreikkalais-roomalaisen kulttuurin aikakausi, noin 800 eaa.\u2013600 jaa.\" tabindex=\"0\">antiikista<\/span> nykyp\u00e4iv\u00e4n vastaanottoon asti. Samalla erotetaan historiallisesti dokumentoitu <span class=\"iwg-fachbegriff\" data-tooltip=\"Yhteis\u00f6n perinteisten tapojen kokonaisuus.\" tabindex=\"0\">tapaperinne<\/span> nykyaikaisesta tulkinnasta.<\/p>\t\t\t\t\t\t\t\t<\/div>\n\t\t\t\t<\/div>\n\t\t\t\t<div class=\"elementor-element elementor-element-iwgs-schutzfarben-pills elementor-widget elementor-widget-html\" data-id=\"iwgs-schutzfarben-pills\" data-element_type=\"widget\" data-e-type=\"widget\" data-widget_type=\"html.default\">\n\t\t\t\t\t<div class=\"iwg-pill-row\"><span class=\"iwg-klasse-badge\" tabindex=\"0\" data-tooltip=\"Suojasymboli, amuletti tai apotrooppinen esine.\">Suojasymboli<\/span><a href=\"https:\/\/iwell-guard.com\/fi\/suojasymbolit\/\" class=\"iwg-kultur-badge\" tabindex=\"0\" data-tooltip=\"Suojaperinne: Kulttuurienv\u00e4linen\">Kulttuurienv\u00e4linen<\/a><span class=\"iwg-tradition-badge\" tabindex=\"0\" data-tooltip=\"Yleinen vaikutusperiaate, johon suojatavat perustuvat.\">Suojaperiaate<\/span><\/div>\t\t\t\t<\/div>\n\t\t\t\t\t<\/div>\n\t\t\t\t<\/div>\n\t\t<div class=\"elementor-element elementor-element-iwgs-schutzfarben-hr e-con-full e-flex e-con e-parent\" data-id=\"iwgs-schutzfarben-hr\" data-element_type=\"container\" data-e-type=\"container\">\n\t\t\t\t<div class=\"elementor-element elementor-element-iwgs-schutzfarben-himg iwg-hero-image elementor-widget elementor-widget-image\" data-id=\"iwgs-schutzfarben-himg\" data-element_type=\"widget\" data-e-type=\"widget\" data-widget_type=\"image.default\">\n\t\t\t\t\t\t\t\t\t\t\t\t\t\t\t<img fetchpriority=\"high\" decoding=\"async\" width=\"683\" height=\"1024\" src=\"https:\/\/iwell-guard.com\/wp-content\/uploads\/2026\/05\/schutzsymbol_universell_schutzfarben-683x1024.webp\" class=\"attachment-large size-large wp-image-148456\" alt=\"Suojav\u00e4rit - suojasymboli, museaalinen kuvitus\" srcset=\"https:\/\/iwell-guard.com\/wp-content\/uploads\/2026\/05\/schutzsymbol_universell_schutzfarben-683x1024.webp 683w, https:\/\/iwell-guard.com\/wp-content\/uploads\/2026\/05\/schutzsymbol_universell_schutzfarben-200x300.webp 200w, https:\/\/iwell-guard.com\/wp-content\/uploads\/2026\/05\/schutzsymbol_universell_schutzfarben-768x1152.webp 768w, https:\/\/iwell-guard.com\/wp-content\/uploads\/2026\/05\/schutzsymbol_universell_schutzfarben.webp 1024w\" sizes=\"(max-width: 683px) 100vw, 683px\" \/>\t\t\t\t\t\t\t\t\t\t\t\t\t\t\t<\/div>\n\t\t\t\t<\/div>\n\t\t\t\t\t<\/div>\n\t\t\t\t<\/div>\n\t\t<div class=\"elementor-element elementor-element-iwgs-schutzfarben-s0 e-flex e-con-boxed e-con e-parent\" data-id=\"iwgs-schutzfarben-s0\" data-element_type=\"container\" data-e-type=\"container\">\n\t\t\t\t\t<div class=\"e-con-inner\">\n\t\t\t\t<div class=\"elementor-element elementor-element-iwgs-schutzfarben-s0h elementor-widget elementor-widget-heading\" data-id=\"iwgs-schutzfarben-s0h\" data-element_type=\"widget\" data-e-type=\"widget\" data-widget_type=\"heading.default\">\n\t\t\t\t\t<h2 class=\"elementor-heading-title elementor-size-default\">M\u00e4\u00e4rittely: mit\u00e4 suojav\u00e4ri on<\/h2>\t\t\t\t<\/div>\n\t\t<div class=\"elementor-element elementor-element-iwgs-schutzfarben-s0box e-con-full e-flex e-con e-parent\" data-id=\"iwgs-schutzfarben-s0box\" data-element_type=\"container\" data-e-type=\"container\">\n\t\t\t\t<div class=\"elementor-element elementor-element-iwgs-schutzfarben-s0t elementor-widget elementor-widget-text-editor\" data-id=\"iwgs-schutzfarben-s0t\" data-element_type=\"widget\" data-e-type=\"widget\" data-widget_type=\"text-editor.default\">\n\t\t\t\t\t\t\t\t\t<p>Suojav\u00e4ri on v\u00e4ri, jolle annetaan torjuva merkitys. Sit\u00e4 k\u00e4ytet\u00e4\u00e4n esineiss\u00e4, vaatteissa, koruissa tai rakennuksissa siin\u00e4 odotuksessa, ett\u00e4 se pit\u00e4\u00e4 loitolla haitalliset vaikutukset.<\/p><p>Suojav\u00e4rin erityispiirre on se, ett\u00e4 merkitys liittyy itse v\u00e4riin, ei mihink\u00e4\u00e4n tiettyyn <span class=\"iwg-fachbegriff\" data-tooltip=\"Taiteessa tai kertomuksessa toistuva sis\u00e4ll\u00f6llinen elementti.\" tabindex=\"0\">aiheeseen<\/span>. Sininen nauha, punainen naru tai mustiin pukeutunut henkil\u00f6 kantavat v\u00e4ri\u00e4 tulkinnan v\u00e4litt\u00e4j\u00e4n\u00e4.<\/p><p>Se, mik\u00e4 v\u00e4ri katsotaan suojaavaksi, riippuu vahvasti kulttuurista. Sininen, punainen ja musta ovat yleisimm\u00e4t suojav\u00e4rit, mutta my\u00f6s muut v\u00e4rit voivat alueellisesti saada t\u00e4m\u00e4n roolin.<\/p><p>Suojav\u00e4ri esiintyy harvoin yksin\u00e4\u00e4n. Useimmiten se on yhdistetty esineeseen, kuten helmeen, nauhaan, kiveen tai kangaspalaan. V\u00e4ri vahvistaa silloin esineelle annettua merkityst\u00e4.<\/p><p>Sis\u00e4ll\u00e4 <a href=\"https:\/\/iwell-guard.com\/fi\/suojasymbolit\/\">Suojasymbolien<\/a> joukossa suojav\u00e4ri on yksi niist\u00e4 ominaisuuksista, jotka tekev\u00e4t esineest\u00e4 suojamerkin. Se on yht\u00e4 lailla vaikuttava tekij\u00e4 kuin materiaali, muoto ja <span class=\"iwg-fachbegriff\" data-tooltip=\"Taiteessa tai kertomuksessa toistuva sis\u00e4ll\u00f6llinen elementti.\" tabindex=\"0\">aihe<\/span>.<\/p><p>Suojav\u00e4ri on siten v\u00e4hemm\u00e4n itsen\u00e4inen <span class=\"iwg-fachbegriff\" data-tooltip=\"Merkki, joka edustaa ajatusta tai merkityst\u00e4.\" tabindex=\"0\">symboli<\/span> kuin l\u00e4p\u00e4isev\u00e4 periaate. Se osoittaa, ett\u00e4 pelk\u00e4n kuvan ja aineen lis\u00e4ksi my\u00f6s v\u00e4ri voi kantaa torjuvaa tulkintaa.<\/p><p>Suojav\u00e4ri on harvoin yksiselitteinen, sill\u00e4 samaa v\u00e4ri\u00e4 voidaan tulkita eri kulttuureissa hyvin eri tavoin. Se, mik\u00e4 yhdess\u00e4 perinteess\u00e4 katsotaan suojaavaksi, voi toisessa liitty\u00e4 suruun tai vaaraan. T\u00e4m\u00e4 monimerkityksisyys kuuluu v\u00e4risymboliikan luonteeseen.<\/p>\t\t\t\t\t\t\t\t<\/div>\n\t\t\t\t<\/div>\n\t\t\t\t\t<\/div>\n\t\t\t\t<\/div>\n\t\t<div class=\"elementor-element elementor-element-iwgs-schutzfarben-s1 e-flex e-con-boxed e-con e-parent\" data-id=\"iwgs-schutzfarben-s1\" data-element_type=\"container\" data-e-type=\"container\">\n\t\t\t\t\t<div class=\"e-con-inner\">\n\t\t\t\t<div class=\"elementor-element elementor-element-iwgs-schutzfarben-s1h elementor-widget elementor-widget-heading\" data-id=\"iwgs-schutzfarben-s1h\" data-element_type=\"widget\" data-e-type=\"widget\" data-widget_type=\"heading.default\">\n\t\t\t\t\t<h2 class=\"elementor-heading-title elementor-size-default\">Suojav\u00e4rien alkuper\u00e4 ja historiallinen syvyys<\/h2>\t\t\t\t<\/div>\n\t\t<div class=\"elementor-element elementor-element-iwgs-schutzfarben-s1box e-con-full e-flex e-con e-parent\" data-id=\"iwgs-schutzfarben-s1box\" data-element_type=\"container\" data-e-type=\"container\">\n\t\t\t\t<div class=\"elementor-element elementor-element-iwgs-schutzfarben-s1t elementor-widget elementor-widget-text-editor\" data-id=\"iwgs-schutzfarben-s1t\" data-element_type=\"widget\" data-e-type=\"widget\" data-widget_type=\"text-editor.default\">\n\t\t\t\t\t\t\t\t\t<p>V\u00e4rien yhdist\u00e4minen merkityksiin on eritt\u00e4in vanhaa. Jo varhaisissa kulttuureissa v\u00e4rj\u00e4ysaineita valmistettiin ja k\u00e4ytettiin tarkoituksellisesti, esimerkiksi hautauksissa ja <span class=\"iwg-fachbegriff\" data-tooltip=\"Jumaluuteen tai pyh\u00e4\u00e4n hahmoon kohdistuvien uskonnollisten kunnioittamistoimien kokonaisuus.\" tabindex=\"0\">kultissa<\/span>. V\u00e4reihin liitettiin varhain tiettyj\u00e4 k\u00e4sityksi\u00e4.<\/p><p>V\u00e4rin merkitys liittyi usein sen valmistamisen vaikeuteen. Jotkin v\u00e4riaineet olivat harvinaisia ja kalliita, toiset helposti saatavilla. N\u00e4iden erojen vaikutus n\u00e4kyi yksitt\u00e4isten v\u00e4rien arvostuksessa.<\/p><p>Sininen oli monilla alueilla v\u00e4rin\u00e4 vaikea valmistaa. Tietyt siniset pigmentit ja siniset lasisulatteet katsottiin arvokkaiksi. T\u00e4m\u00e4 harvinaisuus on yksi syy sinisen v\u00e4rin erityisasemaan.<\/p><p>Punainen on veren ja tulen v\u00e4ri ja lukeutuu vanhimpiin k\u00e4ytettyihin v\u00e4reihin. Punainen okra tunnetaan jo esihistoriallisista yhteyksist\u00e4, mik\u00e4 osoittaa t\u00e4m\u00e4n v\u00e4rin syv\u00e4n historian.<\/p><p>Musta on y\u00f6n, pimeyden ja surun v\u00e4ri. Se yhdistettiin monissa kulttuureissa kuolemaan, mutta samalla sit\u00e4 k\u00e4ytettiin my\u00f6s suojaavissa tavoissa, mik\u00e4 osoittaa sen kaksijakoisen merkityksen.<\/p><p>Kaiken kaikkiaan v\u00e4rien torjuva tulkinta ulottuu pitkien aikojen ja monien kulttuurien yli. Se, mik\u00e4 v\u00e4ri katsottiin suojaavaksi, vaihteli alueen mukaan.<\/p><p>Keinotekoisten v\u00e4riaineiden keksimisen my\u00f6t\u00e4 yhdeks\u00e4nnell\u00e4toista vuosisadalla v\u00e4ri tuli yleisesti saataville ja menetti osan aiemmasta arvokkuudestaan. T\u00e4m\u00e4 muutos vaikutti my\u00f6s tapaan k\u00e4ytt\u00e4\u00e4 v\u00e4rej\u00e4 <span class=\"iwg-fachbegriff\" data-tooltip=\"Yhteis\u00f6n perinteisten tapojen kokonaisuus.\" tabindex=\"0\">tapaperinteess\u00e4<\/span>. Harvinaisten s\u00e4vyjen vanha arvostus on nyky\u00e4\u00e4n selvitett\u00e4viss\u00e4 ennen kaikkea vanhemmista l\u00e4hteist\u00e4.<\/p>\t\t\t\t\t\t\t\t<\/div>\n\t\t\t\t<\/div>\n\t\t\t\t\t<\/div>\n\t\t\t\t<\/div>\n\t\t<div class=\"elementor-element elementor-element-iwgs-schutzfarben-s2 e-flex e-con-boxed e-con e-parent\" data-id=\"iwgs-schutzfarben-s2\" data-element_type=\"container\" data-e-type=\"container\">\n\t\t\t\t\t<div class=\"e-con-inner\">\n\t\t\t\t<div class=\"elementor-element elementor-element-iwgs-schutzfarben-s2h elementor-widget elementor-widget-heading\" data-id=\"iwgs-schutzfarben-s2h\" data-element_type=\"widget\" data-e-type=\"widget\" data-widget_type=\"heading.default\">\n\t\t\t\t\t<h2 class=\"elementor-heading-title elementor-size-default\">Suojaavan v\u00e4rin taustalla oleva k\u00e4sitys<\/h2>\t\t\t\t<\/div>\n\t\t<div class=\"elementor-element elementor-element-iwgs-schutzfarben-s2box e-con-full e-flex e-con e-parent\" data-id=\"iwgs-schutzfarben-s2box\" data-element_type=\"container\" data-e-type=\"container\">\n\t\t\t\t<div class=\"elementor-element elementor-element-iwgs-schutzfarben-s2t elementor-widget elementor-widget-text-editor\" data-id=\"iwgs-schutzfarben-s2t\" data-element_type=\"widget\" data-e-type=\"widget\" data-widget_type=\"text-editor.default\">\n\t\t\t\t\t\t\t\t\t<p>Sinisen kohdalla t\u00e4rke\u00e4 ajatus on yhteys taivaaseen ja veteen. Sininen yhdistettiin avaruuteen, kirkkauteen ja puhtauteen. T\u00e4m\u00e4 yhteys teki v\u00e4rin useissa kulttuureissa suosituksi suojav\u00e4riksi.<\/p><p>L\u00e4hi-id\u00e4ss\u00e4 ja V\u00e4limeren alueella sininen liittyy l\u00e4heisesti haitalliseksi katsotun katseen torjumiseen. Sininen silm\u00e4helmi, <a href=\"https:\/\/iwell-guard.com\/fi\/?page_id=144360\">Nazar Boncugu<\/a>, on tunnetuin esimerkki t\u00e4st\u00e4 yhteydest\u00e4.<\/p><p>Punaisen kohdalla keskeist\u00e4 on yhteys vereen ja el\u00e4m\u00e4\u00e4n. Punainen katsottiin elinvoiman v\u00e4riksi. Joidenkin perinteiden mukaan punaista v\u00e4ri\u00e4 pidettiin keinona ohjata pois tai sitoa haitallisia vaikutuksia henkil\u00f6st\u00e4.<\/p><p>Punainen yhdistettiin my\u00f6s tuleen, jota itsess\u00e4\u00e4n pidettiin puhdistavana ja torjuvana. Punainen v\u00e4ri voitiin siksi ymm\u00e4rt\u00e4\u00e4 osana t\u00e4t\u00e4 tulen voimaa.<\/p><p>Mustan kohdalla yleinen ajatus on piiloutuminen. Mustaa v\u00e4ri\u00e4 pidet\u00e4\u00e4n huomaamattomana, ja joidenkin k\u00e4sitysten mukaan se voi suojata kantajaa haitalliseksi katsotulta katseelta.<\/p><p>T\u00e4ss\u00e4 esitetyt k\u00e4sitykset ovat kulttuurihistoriallisia selityksi\u00e4. Ne kuvaavat, miksi tiettyihin v\u00e4reihin annettiin torjuva merkitys, ja dokumentoivat uskomusta. Ne eiv\u00e4t ole todiste vaikutuksesta. Tutkimus kuvaa k\u00e4sityst\u00e4 vahvistamatta sit\u00e4.<\/p><p>Sinisen kohdalla useissa perinteiss\u00e4 on merkitt\u00e4v\u00e4 my\u00f6s k\u00e4sitys siit\u00e4, ett\u00e4 t\u00e4m\u00e4 v\u00e4ri esiintyy harvoin elollisessa luonnossa. Juuri syv\u00e4n sinisen ep\u00e4tavallisuus saattoi vaikuttaa siihen, ett\u00e4 sille annettiin erityinen merkitys. V\u00e4ri katsottiin siten samanaikaisesti huomiota her\u00e4tt\u00e4v\u00e4ksi ja merkitykselliseksi.<\/p>\t\t\t\t\t\t\t\t<\/div>\n\t\t\t\t<\/div>\n\t\t\t\t\t<\/div>\n\t\t\t\t<\/div>\n\t\t<div class=\"elementor-element elementor-element-iwgs-schutzfarben-s3 e-flex e-con-boxed e-con e-parent\" data-id=\"iwgs-schutzfarben-s3\" data-element_type=\"container\" data-e-type=\"container\">\n\t\t\t\t\t<div class=\"e-con-inner\">\n\t\t\t\t<div class=\"elementor-element elementor-element-iwgs-schutzfarben-s3h elementor-widget elementor-widget-heading\" data-id=\"iwgs-schutzfarben-s3h\" data-element_type=\"widget\" data-e-type=\"widget\" data-widget_type=\"heading.default\">\n\t\t\t\t\t<h2 class=\"elementor-heading-title elementor-size-default\">Esimerkkej\u00e4 antiikin ja L\u00e4hi-id\u00e4n ajalta<\/h2>\t\t\t\t<\/div>\n\t\t<div class=\"elementor-element elementor-element-iwgs-schutzfarben-s3box e-con-full e-flex e-con e-parent\" data-id=\"iwgs-schutzfarben-s3box\" data-element_type=\"container\" data-e-type=\"container\">\n\t\t\t\t<div class=\"elementor-element elementor-element-iwgs-schutzfarben-s3t elementor-widget elementor-widget-text-editor\" data-id=\"iwgs-schutzfarben-s3t\" data-element_type=\"widget\" data-e-type=\"widget\" data-widget_type=\"text-editor.default\">\n\t\t\t\t\t\t\t\t\t<p>Faraoiden Egyptiss\u00e4 v\u00e4rit liittyiv\u00e4t tiiviisti merkityksiin. Siniset ja vihre\u00e4t s\u00e4vyt yhdistettiin taivaaseen, veteen ja uudistumiseen, ja sinisi\u00e4 amuletteja ja helmi\u00e4 on todistettu runsaasti.<\/p><p>Egyptiss\u00e4 k\u00e4ytettiin korujen ja amulettien valmistukseen sinist\u00e4 lasimassaa ja sinist\u00e4 lapislatsuli-kive\u00e4. Molemmilla materiaaleilla oli erityinen merkitys niiden v\u00e4rin ja arvokkuuden vuoksi.<\/p><p>Mesopotamiassa k\u00e4ytettiin amuletteihin v\u00e4rillisi\u00e4 kivi\u00e4 ja lasimassaa. Kiven v\u00e4ri oli usein osa sen kantamaa merkityst\u00e4, ei vain koristetta.<\/p><p>L\u00e4hi-id\u00e4ss\u00e4 sininen silm\u00e4helmi pahalta silm\u00e4lt\u00e4 suojaamiseksi on hyvin yleinen. Sinisen v\u00e4rin ja silm\u00e4aiheen yhteys ulottuu alueella kauas menneisyyteen.<\/p><p><span class=\"iwg-fachbegriff\" data-tooltip=\"Kreikkalais-roomalaisen kulttuurin aikakausi, noin 800 eaa.\u2013600 jaa.\" tabindex=\"0\">Antiikin aikana<\/span> punaisia v\u00e4rj\u00e4ysaineita k\u00e4ytettiin vaatteisiin, koruihin ja maalauksiin. Joissakin yhteyksiss\u00e4 punaisella nauhalla tai punaisella langalla on koristeen ylitt\u00e4v\u00e4 merkitys.<\/p><p>N\u00e4ist\u00e4 esimerkeist\u00e4 k\u00e4y ilmi, ett\u00e4 v\u00e4reill\u00e4 antiikin V\u00e4limeren alueella ja L\u00e4hi-id\u00e4ss\u00e4 ei ollut vain koristeellista merkityst\u00e4. Ne kuuluivat merkitysten verkostoon, jota suojaava tulkinta hy\u00f6dynsi.<\/p><p>My\u00f6s kreikkalais-roomalaisessa maailmassa punainen liittyi l\u00e4heisesti el\u00e4m\u00e4\u00e4n ja siirtymiin. H\u00e4iss\u00e4 esiintyi punaisia liinoja ja punaisia harsoja, ja punaisia v\u00e4rj\u00e4ysaineita k\u00e4ytettiin merkityksellisiin vaatteisiin. V\u00e4rill\u00e4 oli siell\u00e4 koristetta laajempi merkitys.<\/p>\t\t\t\t\t\t\t\t<\/div>\n\t\t\t\t<\/div>\n\t\t\t\t\t<\/div>\n\t\t\t\t<\/div>\n\t\t<div class=\"elementor-element elementor-element-iwgs-schutzfarben-s4 e-flex e-con-boxed e-con e-parent\" data-id=\"iwgs-schutzfarben-s4\" data-element_type=\"container\" data-e-type=\"container\">\n\t\t\t\t\t<div class=\"e-con-inner\">\n\t\t\t\t<div class=\"elementor-element elementor-element-iwgs-schutzfarben-s4h elementor-widget elementor-widget-heading\" data-id=\"iwgs-schutzfarben-s4h\" data-element_type=\"widget\" data-e-type=\"widget\" data-widget_type=\"heading.default\">\n\t\t\t\t\t<h2 class=\"elementor-heading-title elementor-size-default\">Esimerkkej\u00e4 eurooppalaisesta kansanmagiasta<\/h2>\t\t\t\t<\/div>\n\t\t<div class=\"elementor-element elementor-element-iwgs-schutzfarben-s4box e-con-full e-flex e-con e-parent\" data-id=\"iwgs-schutzfarben-s4box\" data-element_type=\"container\" data-e-type=\"container\">\n\t\t\t\t<div class=\"elementor-element elementor-element-iwgs-schutzfarben-s4t elementor-widget elementor-widget-text-editor\" data-id=\"iwgs-schutzfarben-s4t\" data-element_type=\"widget\" data-e-type=\"widget\" data-widget_type=\"text-editor.default\">\n\t\t\t\t\t\t\t\t\t<p>Euroopan kansanomaisessa taikuudessa punaisella v\u00e4rill\u00e4 on huomattava asema. Kansatieteelliset kokoelmat kertovat punaisista nauhoista ja punaisista langoista, joita sidottiin lapsille, el\u00e4imille ja h\u00e4\u00e4pareille.<\/p><p>Punainen nauha sidottiin vastasyntyneen ranteeseen tai kiinnitettiin kehtoon. My\u00f6s karjalle laitettiin punaisia nauhoja. N\u00e4it\u00e4 tapoja on tallennettu monilta Euroopan alueilta.<\/p><p>Sininen esiintyy Euroopan kansanomaisessa taikuudessa muun muassa sinisten helmien ja sinisten lasielementtien muodossa. Niit\u00e4 kiinnitettiin vaatteisiin ja koruihin, ja niiden ajateltiin torjuvan pahaa silm\u00e4\u00e4.<\/p><p>Musta liittyy Euroopassa vahvasti suruun. Joissakin tavoissa mustaa vaatetta tai mustaa elementti\u00e4 k\u00e4ytettiin samalla suojaavassa merkityksess\u00e4, esimerkiksi hautajaisissa.<\/p><p>Kertomukset v\u00e4risidonnaisista tavoista kuvaavat k\u00e4ytt\u00e4jien odotuksia, eiv\u00e4t todistettua vaikutusta. Ne osoittavat, ett\u00e4 v\u00e4rit ymm\u00e4rrettiin turvallisuutta luovan merkityksen kantajiksi.<\/p><p>Taikauskoisten kotitapojen v\u00e4hentyess\u00e4 monet n\u00e4ist\u00e4 tavoista menettiv\u00e4t arkisen asemansa. Punainen nauha vastasyntyneille s\u00e4ilyi joillakin alueilla pidemp\u00e4\u00e4n <span class=\"iwg-fachbegriff\" data-tooltip=\"Yhteis\u00f6ss\u00e4 s\u00e4\u00e4nn\u00f6llisesti toistettu, perinteinen toimintatapa.\" tabindex=\"0\">tapana<\/span>.<\/p><p>Kansatieteelliset kokoelmat mainitsevat my\u00f6s vihreiden ja valkoisten elementtien k\u00e4yt\u00f6n yksitt\u00e4isiss\u00e4 suojaavissa tavoissa. Vihre\u00e4 yhdistettiin kasvuun ja elinvoimaan, valkoinen puhtauteen. N\u00e4m\u00e4 esimerkit osoittavat, ett\u00e4 Euroopan kansanomainen taikuus latasi merkityksi\u00e4 my\u00f6s muihin v\u00e4reihin kuin siniseen, punaiseen ja mustaan.<\/p>\t\t\t\t\t\t\t\t<\/div>\n\t\t\t\t<\/div>\n\t\t\t\t\t<\/div>\n\t\t\t\t<\/div>\n\t\t<div class=\"elementor-element elementor-element-iwgs-schutzfarben-s5 e-flex e-con-boxed e-con e-parent\" data-id=\"iwgs-schutzfarben-s5\" data-element_type=\"container\" data-e-type=\"container\">\n\t\t\t\t\t<div class=\"e-con-inner\">\n\t\t\t\t<div class=\"elementor-element elementor-element-iwgs-schutzfarben-s5h elementor-widget elementor-widget-heading\" data-id=\"iwgs-schutzfarben-s5h\" data-element_type=\"widget\" data-e-type=\"widget\" data-widget_type=\"heading.default\">\n\t\t\t\t\t<h2 class=\"elementor-heading-title elementor-size-default\">Esimerkkej\u00e4 Aasiasta ja muista kulttuureista<\/h2>\t\t\t\t<\/div>\n\t\t<div class=\"elementor-element elementor-element-iwgs-schutzfarben-s5box e-con-full e-flex e-con e-parent\" data-id=\"iwgs-schutzfarben-s5box\" data-element_type=\"container\" data-e-type=\"container\">\n\t\t\t\t<div class=\"elementor-element elementor-element-iwgs-schutzfarben-s5t elementor-widget elementor-widget-text-editor\" data-id=\"iwgs-schutzfarben-s5t\" data-element_type=\"widget\" data-e-type=\"widget\" data-widget_type=\"text-editor.default\">\n\t\t\t\t\t\t\t\t\t<p>Kiinassa punainen on t\u00e4rkein suojaava ja onnea tuova v\u00e4ri. Punaisia kirjekuoria, punaisia lankoja ja punaisia nauhoja k\u00e4ytet\u00e4\u00e4n juhlissa ja el\u00e4m\u00e4n siirtym\u00e4vaiheissa. My\u00f6s punaiset merkit ovissa kuuluvat <span class=\"iwg-fachbegriff\" data-tooltip=\"Yhteis\u00f6ss\u00e4 s\u00e4\u00e4nn\u00f6llisesti toistettu, perinteinen toimintatapa.\" tabindex=\"0\">tapaan<\/span>.<\/p><p>Etel\u00e4-Aasiassa ranteeseen sidotulle punaiselle langalle annetaan suojaava merkitys. My\u00f6s punaiset merkit otsassa ja punaiset jauheet kuuluvat rituaaliseen piiriin.<\/p><p>L\u00e4hi-id\u00e4ss\u00e4 ja Turkissa sininen silm\u00e4helmi on hyvin yleinen. Sininen v\u00e4ri liittyy siell\u00e4 l\u00e4heisesti pahan silm\u00e4n torjumiseen ja leimaa monia suojaavia esineit\u00e4.<\/p><p>Eri kulttuureissa mustalle merkille, esimerkiksi mustalle pisteelle lapsen kasvoilla, annetaan huomiota harhauttava merkitys. Sen tarkoituksena on ohjata katse pois lapsesta.<\/p><p>N\u00e4iden alueiden yli tarkasteltuna monet v\u00e4rit on monissa kulttuureissa yhdistetty suojaan. Se, mik\u00e4 v\u00e4ri saa t\u00e4m\u00e4n teht\u00e4v\u00e4n, vaihtelee perinteen mukaan.<\/p><p>Esimerkkien moninaisuus osoittaa, ett\u00e4 suojaava v\u00e4rit on ymm\u00e4rrett\u00e4v\u00e4 periaatteena. Se syntyy aina siell\u00e4, miss\u00e4 v\u00e4rille annetaan sen yhteyksien perusteella erityinen merkitys.<\/p><p>It\u00e4aasialaisessa v\u00e4rij\u00e4rjestyksess\u00e4 my\u00f6s keltaisella on korkea asema, sill\u00e4 se oli Kiinassa pitk\u00e4\u00e4n varattu hallitsijoiden piiriin. Rituaalisissa yhteyksiss\u00e4 esiintyy keltaisia papereita ja keltaisia kirjoitusnauhoja, joille annettiin suojaava tulkinta. V\u00e4rij\u00e4rjestys liittyi siten l\u00e4heisesti yhteiskunnallisiin ja kosmologisiin k\u00e4sityksiin.<\/p>\t\t\t\t\t\t\t\t<\/div>\n\t\t\t\t<\/div>\n\t\t\t\t\t<\/div>\n\t\t\t\t<\/div>\n\t\t<div class=\"elementor-element elementor-element-iwgs-schutzfarben-s6 e-flex e-con-boxed e-con e-parent\" data-id=\"iwgs-schutzfarben-s6\" data-element_type=\"container\" data-e-type=\"container\">\n\t\t\t\t\t<div class=\"e-con-inner\">\n\t\t\t\t<div class=\"elementor-element elementor-element-iwgs-schutzfarben-s6h elementor-widget elementor-widget-heading\" data-id=\"iwgs-schutzfarben-s6h\" data-element_type=\"widget\" data-e-type=\"widget\" data-widget_type=\"heading.default\">\n\t\t\t\t\t<h2 class=\"elementor-heading-title elementor-size-default\">K\u00e4ytt\u00f6 rituaaleissa ja arjessa<\/h2>\t\t\t\t<\/div>\n\t\t<div class=\"elementor-element elementor-element-iwgs-schutzfarben-s6box e-con-full e-flex e-con e-parent\" data-id=\"iwgs-schutzfarben-s6box\" data-element_type=\"container\" data-e-type=\"container\">\n\t\t\t\t<div class=\"elementor-element elementor-element-iwgs-schutzfarben-s6t elementor-widget elementor-widget-text-editor\" data-id=\"iwgs-schutzfarben-s6t\" data-element_type=\"widget\" data-e-type=\"widget\" data-widget_type=\"text-editor.default\">\n\t\t\t\t\t\t\t\t\t<p>Suojaavia v\u00e4rej\u00e4 k\u00e4ytettiin arjessa useimmiten esineiden v\u00e4lityksell\u00e4. V\u00e4rj\u00e4tty nauha, v\u00e4rillinen helmi tai v\u00e4rj\u00e4tty kangaskappale kantoi v\u00e4ri\u00e4 ja siten sille annettua merkityst\u00e4.<\/p><p>V\u00e4risidonnaiset tavat liittyiv\u00e4t usein el\u00e4m\u00e4ntapahtumiin. Syntym\u00e4n, h\u00e4iden ja lapsuuden aikana k\u00e4ytettiin v\u00e4rillisi\u00e4 nauhoja ja helmi\u00e4, koska n\u00e4it\u00e4 el\u00e4m\u00e4nvaiheita pidettiin erityisen herkkin\u00e4.<\/p><p>Suojaavaa v\u00e4ri\u00e4 kannettiin usein kehossa. Punainen nauha ranteessa tai sininen helmi kaulassa kulki kantajansa mukana eri paikkoihin ja sen oli tarkoitus suojata pysyv\u00e4sti.<\/p><p>Rakennuksissa suojaavat v\u00e4rit n\u00e4kyv\u00e4t v\u00e4rillisin\u00e4 maaleina, v\u00e4rillisin\u00e4 ovina ja v\u00e4rillisin\u00e4 ikkunaelementtein\u00e4. Joillakin alueilla sinisiksi maalatut ovet ja ikkunanpuitteet yhdistet\u00e4\u00e4n suojaavaan merkitykseen.<\/p><p>Joissakin tavoissa suojaavan v\u00e4rin k\u00e4ytt\u00f6\u00f6n liitettiin lausuttuja sanoja tai m\u00e4\u00e4r\u00e4tty ajankohta. V\u00e4ri oli silloin osa suurempaa toimitusta.<\/p><p>Yhten\u00e4ist\u00e4 rituaalij\u00e4rjestyst\u00e4 suojaaville v\u00e4reille ei ole. Se, mit\u00e4 v\u00e4ri\u00e4 k\u00e4ytettiin, milloin ja miten, riippui alueesta ja perinteest\u00e4, mink\u00e4 kansatieteellinen tutkimus on toistuvasti todentanut.<\/p><p>My\u00f6s v\u00e4rj\u00e4ysprosessiin itseens\u00e4 liittyi k\u00e4sityksi\u00e4. Joissakin perinteiss\u00e4 v\u00e4rj\u00e4yksen ajankohtaa tai v\u00e4rj\u00e4ysaineen alkuper\u00e4\u00e4 pidettiin merkityksellisen\u00e4. T\u00e4llaiset vaatimukset osoittavat, ett\u00e4 ei vain valmis v\u00e4ri, vaan my\u00f6s sen valmistus saattoi olla osa <span class=\"iwg-fachbegriff\" data-tooltip=\"Yhteis\u00f6ss\u00e4 s\u00e4\u00e4nn\u00f6llisesti toistettu, perinteinen toimintatapa.\" tabindex=\"0\">tapaa<\/span>.<\/p>\t\t\t\t\t\t\t\t<\/div>\n\t\t\t\t<\/div>\n\t\t\t\t\t<\/div>\n\t\t\t\t<\/div>\n\t\t<div class=\"elementor-element elementor-element-iwgs-schutzfarben-s7 e-flex e-con-boxed e-con e-parent\" data-id=\"iwgs-schutzfarben-s7\" data-element_type=\"container\" data-e-type=\"container\">\n\t\t\t\t\t<div class=\"e-con-inner\">\n\t\t\t\t<div class=\"elementor-element elementor-element-iwgs-schutzfarben-s7h elementor-widget elementor-widget-heading\" data-id=\"iwgs-schutzfarben-s7h\" data-element_type=\"widget\" data-e-type=\"widget\" data-widget_type=\"heading.default\">\n\t\t\t\t\t<h2 class=\"elementor-heading-title elementor-size-default\">Sukulaiset suojamuodot ja rajanveto<\/h2>\t\t\t\t<\/div>\n\t\t<div class=\"elementor-element elementor-element-iwgs-schutzfarben-s7box e-con-full e-flex e-con e-parent\" data-id=\"iwgs-schutzfarben-s7box\" data-element_type=\"container\" data-e-type=\"container\">\n\t\t\t\t<div class=\"elementor-element elementor-element-iwgs-schutzfarben-s7t elementor-widget elementor-widget-text-editor\" data-id=\"iwgs-schutzfarben-s7t\" data-element_type=\"widget\" data-e-type=\"widget\" data-widget_type=\"text-editor.default\">\n\t\t\t\t\t\t\t\t\t<p>Suojav\u00e4ri liittyy l\u00e4heisesti kuva-amuletteihin. Monissa <a href=\"https:\/\/iwell-guard.com\/fi\/?page_id=144369\">amuleteissa ja talismaaneissa<\/a> on tietty v\u00e4ri, joka kuuluu niille annettuun merkitykseen. V\u00e4ri ja <span class=\"iwg-fachbegriff\" data-tooltip=\"Ein wiederkehrendes inhaltliches Element in Kunst oder Erz\u00e4hlung.\" tabindex=\"0\">aihe<\/span> vaikuttavat silloin yhdess\u00e4.<\/p><p>Suojav\u00e4ri liittyy l\u00e4heisesti my\u00f6s siniseen silm\u00e4helmeen. Nazar Boncu\u011fun kohdalla sininen v\u00e4ri ja silm\u00e4aihe ovat erottamattomat. Helmi osoittaa, miten v\u00e4ri ja kuva voivat sulautua yhdeksi suojamerkiksi.<\/p><p>Suojav\u00e4ri eroaa apotropaisesta aineesta. Suolan ja raudan kohdalla merkitys liittyy materiaaliin. Suojav\u00e4rin kohdalla se liittyy v\u00e4riin, jota voidaan levitt\u00e4\u00e4 hyvin erilaisille materiaaleille.<\/p><p>Suojav\u00e4rin ja puhtaasti koristeellisen v\u00e4rityksen v\u00e4lill\u00e4 on raja. V\u00e4rik\u00e4s vaate tai v\u00e4rillinen maalaus ei v\u00e4ltt\u00e4m\u00e4tt\u00e4 kanna suojaavaa merkityst\u00e4. Ratkaisevaa on, annetaanko v\u00e4rille torjuva teht\u00e4v\u00e4.<\/p><p>Suojav\u00e4ri on my\u00f6s erotettava v\u00e4rin k\u00e4yt\u00f6st\u00e4 puhtaana s\u00e4\u00e4dyn tai surun merkkin\u00e4. Musta suruv\u00e4rin\u00e4 noudattaa ensisijaisesti yhteiskunnallista sopimusta, ei torjuvaa merkityst\u00e4.<\/p><p>T\u00e4m\u00e4 rajaus auttaa m\u00e4\u00e4rittelem\u00e4\u00e4n suojav\u00e4rin tarkasti. Se on ominaisuus, joka voi tehd\u00e4 esineist\u00e4 suojamerkkej\u00e4, ja se eroaa aineesta, <span class=\"iwg-fachbegriff\" data-tooltip=\"Ein wiederkehrendes inhaltliches Element in Kunst oder Erz\u00e4hlung.\" tabindex=\"0\">aiheesta<\/span> ja pelk\u00e4st\u00e4 koristelusta.<\/p><p>Suojav\u00e4rien piiriss\u00e4 on yhteys my\u00f6s siihen muotoon, jossa v\u00e4ri\u00e4 kannetaan. Nauha, naru ja helmi kantavat itsess\u00e4\u00e4n merkityst\u00e4. Suojav\u00e4rin kohdalla v\u00e4ri ja valittu muoto vaikuttavat yhdess\u00e4, eik\u00e4 niit\u00e4 aina voi selv\u00e4sti erottaa toisistaan.<\/p>\t\t\t\t\t\t\t\t<\/div>\n\t\t\t\t<\/div>\n\t\t\t\t\t<\/div>\n\t\t\t\t<\/div>\n\t\t<div class=\"elementor-element elementor-element-iwgs-schutzfarben-s8 e-flex e-con-boxed e-con e-parent\" data-id=\"iwgs-schutzfarben-s8\" data-element_type=\"container\" data-e-type=\"container\">\n\t\t\t\t\t<div class=\"e-con-inner\">\n\t\t\t\t<div class=\"elementor-element elementor-element-iwgs-schutzfarben-s8h elementor-widget elementor-widget-heading\" data-id=\"iwgs-schutzfarben-s8h\" data-element_type=\"widget\" data-e-type=\"widget\" data-widget_type=\"heading.default\">\n\t\t\t\t\t<h2 class=\"elementor-heading-title elementor-size-default\">Suojav\u00e4rien nykyinen vastaanotto<\/h2>\t\t\t\t<\/div>\n\t\t<div class=\"elementor-element elementor-element-iwgs-schutzfarben-s8box e-con-full e-flex e-con e-parent\" data-id=\"iwgs-schutzfarben-s8box\" data-element_type=\"container\" data-e-type=\"container\">\n\t\t\t\t<div class=\"elementor-element elementor-element-iwgs-schutzfarben-s8t elementor-widget elementor-widget-text-editor\" data-id=\"iwgs-schutzfarben-s8t\" data-element_type=\"widget\" data-e-type=\"widget\" data-widget_type=\"text-editor.default\">\n\t\t\t\t\t\t\t\t\t<p>Jotkin v\u00e4reihin liittyv\u00e4t tavat ovat elossa nykyp\u00e4iv\u00e4n\u00e4kin. Sininen silm\u00e4helmi on levinnyt laajalti V\u00e4limeren alueella ja sen ulkopuolella. Punaisia nauhoja sidotaan edelleen lapsille useissa kulttuureissa.<\/p><p>Nykyisess\u00e4 <span class=\"iwg-fachbegriff\" data-tooltip=\"Sammelbegriff f\u00fcr Lehren, die ein verborgenes, nur Eingeweihten zug\u00e4ngliches Wissen beanspruchen.\" tabindex=\"0\">esoteriassa<\/span> v\u00e4reihin liitet\u00e4\u00e4n usein ominaisuuksia ja vaikutuksia. On olemassa lukuisia v\u00e4rioppeja, jotka antavat yksitt\u00e4isille v\u00e4reille erityisi\u00e4 voimia. T\u00e4llaiset v\u00e4itteet eiv\u00e4t ole todistettuja.<\/p><p>N\u00e4it\u00e4 nykyisi\u00e4 v\u00e4rioppeja tulisi tarkastella kriittisesti. V\u00e4rit on ymm\u00e4rrett\u00e4v\u00e4 kulttuurisina symboleina, joilla on pitk\u00e4 merkityshistoria, ei todennettavien vaikutusten kantajina.<\/p><p>Mainonnassa ja muotoilussa hy\u00f6dynnet\u00e4\u00e4n v\u00e4rivaikutuksia, mutta havainnon ja mielialan merkityksess\u00e4. T\u00e4m\u00e4 psykologisesti kuvattu vaikutus on erotettava maagisesta suojatulkinnasta.<\/p><p><span class=\"iwg-fachbegriff\" data-tooltip=\"Die Wissenschaft, die Religionen vergleichend und ohne Glaubensbindung erforscht.\" tabindex=\"0\">Uskontotieteelle<\/span> suojav\u00e4rit ovat opettavainen esimerkki. Ne osoittavat, miten maailman n\u00e4kyv\u00e4t ominaisuudet, taivaan, veren ja y\u00f6n v\u00e4rit, saattoivat muodostaa perustan torjuville tulkinnoille.<\/p><p>Nyky\u00e4\u00e4n suojav\u00e4reihin perehtyv\u00e4 l\u00f6yt\u00e4\u00e4 niist\u00e4 ennen kaikkea kulttuurihistoriallisen aiheen. Asiallinen suhtautuminen erottaa tapojen todistetun historian nykyaikaisista vaikutuslupauksista, jotka eiv\u00e4t kest\u00e4 tarkastelua.<\/p><p>My\u00f6s kielentutkimus on k\u00e4sitellyt v\u00e4rien nimityksi\u00e4 ja osoittanut, ett\u00e4 kulttuurit j\u00e4sent\u00e4v\u00e4t v\u00e4rej\u00e4 eri tavoin. Se, mitk\u00e4 s\u00e4vyt luetaan yhdeksi v\u00e4riksi ja mik\u00e4 merkitys niille annetaan, on kulttuurisidonnaista. T\u00e4m\u00e4 havainto tukee huomiota, ett\u00e4 suojav\u00e4rin valinta vaihtelee alueittain.<\/p>\t\t\t\t\t\t\t\t<\/div>\n\t\t\t\t<\/div>\n\t\t\t\t\t<\/div>\n\t\t\t\t<\/div>\n\t\t<div class=\"elementor-element elementor-element-iwgs-schutzfarben-lit e-flex e-con-boxed e-con e-parent\" data-id=\"iwgs-schutzfarben-lit\" data-element_type=\"container\" data-e-type=\"container\">\n\t\t\t\t\t<div class=\"e-con-inner\">\n\t\t\t\t<div class=\"elementor-element elementor-element-iwgs-schutzfarben-lith elementor-widget elementor-widget-heading\" data-id=\"iwgs-schutzfarben-lith\" data-element_type=\"widget\" data-e-type=\"widget\" data-widget_type=\"heading.default\">\n\t\t\t\t\t<h2 class=\"elementor-heading-title elementor-size-default\">Kirjallisuus (valikoima)<\/h2>\t\t\t\t<\/div>\n\t\t<div class=\"elementor-element elementor-element-iwgs-schutzfarben-litbox e-con-full e-flex e-con e-parent\" data-id=\"iwgs-schutzfarben-litbox\" data-element_type=\"container\" data-e-type=\"container\">\n\t\t\t\t<div class=\"elementor-element elementor-element-iwgs-schutzfarben-litt elementor-widget elementor-widget-html\" data-id=\"iwgs-schutzfarben-litt\" data-element_type=\"widget\" data-e-type=\"widget\" data-widget_type=\"html.default\">\n\t\t\t\t\t<footer data-nosnippet=\"true\"><ul><li>Michel Pastoureau: <em>Blau. Die Geschichte einer Farbe<\/em> (2000)<\/li><li>Michel Pastoureau: <em>Schwarz. Geschichte einer Farbe<\/em> (2008)<\/li><li>Liselotte Hansmann, Lenz Kriss-Rettenbeck: <em>Amulett und Talisman. Erscheinungsform und Geschichte<\/em> (1966)<\/li><li>Hanns B\u00e4chtold-St\u00e4ubli (Hrsg.): <em>Handw\u00f6rterbuch des deutschen Aberglaubens<\/em> (1927-1942)<\/li><li>Wolfram Eberhard: <em>Lexikon chinesischer Symbole<\/em> (1983)<\/li><\/ul><\/footer>\t\t\t\t<\/div>\n\t\t\t\t<\/div>\n\t\t\t\t\t<\/div>\n\t\t\t\t<\/div>\n\t\t<div class=\"elementor-element elementor-element-iwgs-schutzfarben-kwd e-flex e-con-boxed e-con e-parent\" data-id=\"iwgs-schutzfarben-kwd\" data-element_type=\"container\" data-e-type=\"container\">\n\t\t\t\t\t<div class=\"e-con-inner\">\n\t\t\t\t<div class=\"elementor-element elementor-element-iwgs-schutzfarben-kwdt elementor-widget elementor-widget-text-editor\" data-id=\"iwgs-schutzfarben-kwdt\" data-element_type=\"widget\" data-e-type=\"widget\" data-widget_type=\"text-editor.default\">\n\t\t\t\t\t\t\t\t\t<p><em>Aiheeseen liittyvi\u00e4 avainsanoja: suojav\u00e4rit v\u00e4risymboliikka sininen punainen musta punainen nauha sininen helmi v\u00e4ri torjunta <span class=\"iwg-fachbegriff\" data-tooltip=\"Unheil abwehrend: von Zeichen und Objekten, die sch\u00e4dliche Einfl\u00fcsse fernhalten sollen.\" tabindex=\"0\">apotropainen<\/span>.<\/em><\/p>\t\t\t\t\t\t\t\t<\/div>\n\t\t\t\t\t<\/div>\n\t\t\t\t<\/div>\n\t\t<div class=\"elementor-element elementor-element-iwgs-schutzfarben-cc e-flex e-con-boxed e-con e-parent\" data-id=\"iwgs-schutzfarben-cc\" data-element_type=\"container\" data-e-type=\"container\" id=\"iwg-cc-schutzfarben\">\n\t\t\t\t\t<div class=\"e-con-inner\">\n\t\t<div class=\"elementor-element elementor-element-iwgs-schutzfarben-ccinner e-flex e-con-boxed e-con e-parent\" data-id=\"iwgs-schutzfarben-ccinner\" data-element_type=\"container\" data-e-type=\"container\" data-settings=\"{&quot;background_background&quot;:&quot;classic&quot;}\">\n\t\t\t\t\t<div class=\"e-con-inner\">\n\t\t\t\t<div class=\"elementor-element elementor-element-iwgs-schutzfarben-cch elementor-widget elementor-widget-heading\" data-id=\"iwgs-schutzfarben-cch\" data-element_type=\"widget\" data-e-type=\"widget\" data-widget_type=\"heading.default\">\n\t\t\t\t\t<h2 class=\"elementor-heading-title elementor-size-default\">iWell Guard ja suojelutraditiot<\/h2>\t\t\t\t<\/div>\n\t\t\t\t<div class=\"elementor-element elementor-element-iwgs-schutzfarben-cct elementor-widget elementor-widget-text-editor\" data-id=\"iwgs-schutzfarben-cct\" data-element_type=\"widget\" data-e-type=\"widget\" data-widget_type=\"text-editor.default\">\n\t\t\t\t\t\t\t\t\t<p>iWell Guard jatkaa kannettavien suojaesineiden kulttuurihistoriallista perinnett\u00e4, johon my\u00f6s suojav\u00e4ri kuuluu. Nykyaikainen kumppani ihmisille, jotka el\u00e4v\u00e4t suojasymbolien kanssa: valmistettu Saksassa, 41 kerrosta aitoa kultaa, platinaa ja hopeaa, 30 p\u00e4iv\u00e4n palautusoikeudella.<\/p>\t\t\t\t\t\t\t\t<\/div>\n\t\t\t\t<div class=\"elementor-element elementor-element-iwgs-schutzfarben-ccb iwg-cc-button iwg-cc-cta-2026-05-13 elementor-widget elementor-widget-jet-button\" data-id=\"iwgs-schutzfarben-ccb\" data-element_type=\"widget\" data-e-type=\"widget\" data-widget_type=\"jet-button.default\">\n\t\t\t\t<div class=\"elementor-widget-container\">\n\t\t\t\t\t<div class=\"elementor-jet-button jet-elements\"><div class=\"jet-button__container\"><a class=\"jet-button__instance jet-button__instance--icon-left hover-effect-1\" href=\"\/schutzanhaenger-iwell-guard-kaufen\/?utm_source=iwell-guard.com&amp;utm_medium=info-box&amp;utm_campaign=schutzsymbole\"><div class=\"jet-button__plane jet-button__plane-normal\"><\/div><div class=\"jet-button__plane jet-button__plane-hover\"><\/div><div class=\"jet-button__state jet-button__state-normal\"><span class=\"jet-button__label\">Lis\u00e4\u00e4 iWell Guardista<\/span><\/div><div class=\"jet-button__state jet-button__state-hover\"><span class=\"jet-button__label\">Lis\u00e4\u00e4 iWell Guardista<\/span><\/div><\/a><\/div><\/div><style>.elementor-element.elementor-element-iwgs-schutzfarben-ccb .jet-button__instance{width:320px;height:56px;}.elementor-element.elementor-element-iwgs-schutzfarben-ccb .jet-button__state-normal .jet-button__label{text-align:center;margin:0px 0px 0px 0px;color:#1a1b20;font-family:Montserrat,sans-serif;font-size:13px;font-weight:400;letter-spacing:4px;line-height:1.714em;text-transform:uppercase;}.elementor-element.elementor-element-iwgs-schutzfarben-ccb .jet-button__state-hover .jet-button__label{text-align:center;margin:0px 0px 0px 0px;color:#FECC76;font-family:Montserrat,sans-serif;font-size:13px;font-weight:400;letter-spacing:4px;line-height:1.714em;text-transform:uppercase;}.elementor-element.elementor-element-iwgs-schutzfarben-ccb .jet-button__plane-normal{background-color:#FECC76;border-style:solid;border-color:#C99540;border-width:2px 2px 2px 2px;}.elementor-element.elementor-element-iwgs-schutzfarben-ccb .jet-button__plane-hover{background-color:rgba(0,0,0,0.55);border-style:solid;border-color:#FECC76;border-width:2px 2px 2px 2px;}<\/style>\t\t\t\t<\/div>\n\t\t\t\t<\/div>\n\t\t\t\t<div class=\"elementor-element elementor-element-iwgs-schutzfarben-ccd elementor-widget elementor-widget-text-editor\" data-id=\"iwgs-schutzfarben-ccd\" data-element_type=\"widget\" data-e-type=\"widget\" data-widget_type=\"text-editor.default\">\n\t\t\t\t\t\t\t\t\t<p style=\"text-align:center;font-size:13px;opacity:0.7;margin-top:14px\" data-nosnippet=\"true\">Henkil\u00f6kohtaiset kokemukset voivat vaihdella. Ei l\u00e4\u00e4kinn\u00e4llinen laite. Ei paranemislupausta.<\/p>\t\t\t\t\t\t\t\t<\/div>\n\t\t\t\t\t<\/div>\n\t\t\t\t<\/div>\n\t\t\t\t\t<\/div>\n\t\t\t\t<\/div>\n\t\t<div class=\"elementor-element elementor-element-iwgs-schutzfarben-disc e-flex e-con-boxed e-con e-parent\" data-id=\"iwgs-schutzfarben-disc\" data-element_type=\"container\" data-e-type=\"container\">\n\t\t\t\t\t<div class=\"e-con-inner\">\n\t\t\t\t<div class=\"elementor-element elementor-element-iwgs-schutzfarben-discw elementor-widget elementor-widget-html\" data-id=\"iwgs-schutzfarben-discw\" data-element_type=\"widget\" data-e-type=\"widget\" data-widget_type=\"html.default\">\n\t\t\t\t\t<footer data-nosnippet=\"true\" class=\"iwg-disclaimer-block\"><p data-nosnippet=\"true\">iWell Guard <strong>ei ole l\u00e4\u00e4kinn\u00e4llinen laite<\/strong>, eik\u00e4 se korvaa l\u00e4\u00e4k\u00e4rin tai psykoterapeutin hoitoa. T\u00e4ss\u00e4 esitetyt sis\u00e4ll\u00f6t ovat uskontotieteellist\u00e4 ja kulttuurihistoriallista tarkastelua, eiv\u00e4t lupausta hengellisest\u00e4 vaikutuksesta.<\/p><\/footer>\t\t\t\t<\/div>\n\t\t\t\t\t<\/div>\n\t\t\t\t<\/div>\n\t\t\t\t<\/div>\n\t\t","protected":false},"excerpt":{"rendered":"","protected":false},"author":3,"featured_media":3582,"parent":0,"menu_order":0,"comment_status":"closed","ping_status":"closed","template":"elementor_header_footer","meta":{"_yoast_wpseo_focuskw":"Suojav\u00e4rit","_yoast_wpseo_title":"Suojav\u00e4rit: sininen, punainen ja musta","_yoast_wpseo_metadesc":"Torjuvia suojav\u00e4rej\u00e4: miksi sininen, punainen ja musta ovat suojav\u00e4rej\u00e4, esimerkkej\u00e4 antiikista, kansanmagiasta ja Aasiasta.","_yoast_wpseo_meta-robots-noindex":"","_yoast_wpseo_canonical":"","_angie_page":false,"gefaehrdungsstufe":"","wesen_kultur":"","wesen_klasse":"","footnotes":""},"categories":[],"class_list":["post-144488","page","type-page","status-publish","has-post-thumbnail","hentry"],"yoast_head":"<!-- This site is optimized with the Yoast SEO Premium plugin v27.7 (Yoast SEO v28.3) - https:\/\/yoast.com\/product\/yoast-seo-premium-wordpress\/ -->\n<title>Suojav\u00e4rit: sininen, punainen ja musta<\/title>\n<meta name=\"description\" content=\"Torjuvia suojav\u00e4rej\u00e4: miksi sininen, punainen ja musta ovat suojav\u00e4rej\u00e4, esimerkkej\u00e4 antiikista, kansanmagiasta ja Aasiasta.\" \/>\n<meta name=\"robots\" content=\"index, follow, max-snippet:-1, max-image-preview:large, max-video-preview:-1\" \/>\n<link rel=\"canonical\" href=\"https:\/\/iwell-guard.com\/fi\/suojavarit-sininen-punainen-musta\/\" \/>\n<meta property=\"og:locale\" content=\"fi_FI\" \/>\n<meta property=\"og:type\" content=\"article\" \/>\n<meta property=\"og:title\" content=\"Suojav\u00e4rit: sininen, punainen ja musta suojana\" \/>\n<meta property=\"og:description\" content=\"Torjuvia suojav\u00e4rej\u00e4: miksi sininen, punainen ja musta ovat suojav\u00e4rej\u00e4, esimerkkej\u00e4 antiikista, kansanmagiasta ja Aasiasta.\" \/>\n<meta property=\"og:url\" content=\"https:\/\/iwell-guard.com\/fi\/suojavarit-sininen-punainen-musta\/\" \/>\n<meta property=\"og:site_name\" content=\"iWell Guard\" \/>\n<meta property=\"article:modified_time\" content=\"2026-09-03T13:00:03+00:00\" \/>\n<meta property=\"og:image\" content=\"https:\/\/iwell-guard.com\/wp-content\/uploads\/2026\/05\/schutzsymbol_universell_schutzfarben.webp\" \/>\n\t<meta property=\"og:image:width\" content=\"1024\" \/>\n\t<meta property=\"og:image:height\" content=\"1536\" \/>\n\t<meta property=\"og:image:type\" content=\"image\/webp\" \/>\n<meta name=\"twitter:card\" content=\"summary_large_image\" \/>\n<script type=\"application\/ld+json\" class=\"yoast-schema-graph\">{\"@context\":\"https:\\\/\\\/schema.org\",\"@graph\":[{\"@type\":\"WebPage\",\"@id\":\"https:\\\/\\\/iwell-guard.com\\\/fi\\\/suojavarit-sininen-punainen-musta\\\/\",\"url\":\"https:\\\/\\\/iwell-guard.com\\\/fi\\\/suojavarit-sininen-punainen-musta\\\/\",\"name\":\"Suojav\u00e4rit: sininen, punainen ja musta\",\"isPartOf\":{\"@id\":\"https:\\\/\\\/iwell-guard.com\\\/fi\\\/#website\"},\"primaryImageOfPage\":{\"@id\":\"https:\\\/\\\/iwell-guard.com\\\/fi\\\/suojavarit-sininen-punainen-musta\\\/#primaryimage\"},\"image\":{\"@id\":\"https:\\\/\\\/iwell-guard.com\\\/fi\\\/suojavarit-sininen-punainen-musta\\\/#primaryimage\"},\"thumbnailUrl\":\"https:\\\/\\\/iwell-guard.com\\\/wp-content\\\/uploads\\\/2026\\\/05\\\/schutzsymbol_universell_schutzfarben.webp\",\"datePublished\":\"2026-09-03T12:35:59+00:00\",\"dateModified\":\"2026-09-03T13:00:03+00:00\",\"description\":\"Torjuvia suojav\u00e4rej\u00e4: miksi sininen, punainen ja musta ovat suojav\u00e4rej\u00e4, esimerkkej\u00e4 antiikista, kansanmagiasta ja Aasiasta.\",\"breadcrumb\":{\"@id\":\"https:\\\/\\\/iwell-guard.com\\\/fi\\\/suojavarit-sininen-punainen-musta\\\/#breadcrumb\"},\"inLanguage\":\"fi\",\"potentialAction\":[{\"@type\":\"ReadAction\",\"target\":[\"https:\\\/\\\/iwell-guard.com\\\/fi\\\/suojavarit-sininen-punainen-musta\\\/\"]}]},{\"@type\":\"ImageObject\",\"inLanguage\":\"fi\",\"@id\":\"https:\\\/\\\/iwell-guard.com\\\/fi\\\/suojavarit-sininen-punainen-musta\\\/#primaryimage\",\"url\":\"https:\\\/\\\/iwell-guard.com\\\/wp-content\\\/uploads\\\/2026\\\/05\\\/schutzsymbol_universell_schutzfarben.webp\",\"contentUrl\":\"https:\\\/\\\/iwell-guard.com\\\/wp-content\\\/uploads\\\/2026\\\/05\\\/schutzsymbol_universell_schutzfarben.webp\",\"width\":1024,\"height\":1536,\"caption\":\"Suojasymboli. Museaalinen asetelmakuvitus.\"},{\"@type\":\"BreadcrumbList\",\"@id\":\"https:\\\/\\\/iwell-guard.com\\\/fi\\\/suojavarit-sininen-punainen-musta\\\/#breadcrumb\",\"itemListElement\":[{\"@type\":\"ListItem\",\"position\":1,\"name\":\"Start\",\"item\":\"https:\\\/\\\/iwell-guard.com\\\/fi\\\/?page_id=143815\"},{\"@type\":\"ListItem\",\"position\":2,\"name\":\"Suojav\u00e4rit: sininen, punainen ja musta suojana\"}]},{\"@type\":\"WebSite\",\"@id\":\"https:\\\/\\\/iwell-guard.com\\\/fi\\\/#website\",\"url\":\"https:\\\/\\\/iwell-guard.com\\\/fi\\\/\",\"name\":\"iWell Guard\",\"description\":\"Schutz vor dunklen Einfl\u00fcssen\",\"publisher\":{\"@id\":\"https:\\\/\\\/iwell-guard.com\\\/fi\\\/#organization\"},\"potentialAction\":[{\"@type\":\"SearchAction\",\"target\":{\"@type\":\"EntryPoint\",\"urlTemplate\":\"https:\\\/\\\/iwell-guard.com\\\/fi\\\/?s={search_term_string}\"},\"query-input\":{\"@type\":\"PropertyValueSpecification\",\"valueRequired\":true,\"valueName\":\"search_term_string\"}}],\"inLanguage\":\"fi\"},{\"@type\":\"Organization\",\"@id\":\"https:\\\/\\\/iwell-guard.com\\\/fi\\\/#organization\",\"name\":\"Ittermann electronic GmbH\",\"url\":\"https:\\\/\\\/iwell-guard.com\\\/fi\\\/\",\"logo\":{\"@type\":\"ImageObject\",\"inLanguage\":\"fi\",\"@id\":\"https:\\\/\\\/iwell-guard.com\\\/fi\\\/#\\\/schema\\\/logo\\\/image\\\/\",\"url\":\"https:\\\/\\\/iwell-guard.com\\\/wp-content\\\/uploads\\\/2026\\\/05\\\/Ittermann-Logo-1182x237-1.png\",\"contentUrl\":\"https:\\\/\\\/iwell-guard.com\\\/wp-content\\\/uploads\\\/2026\\\/05\\\/Ittermann-Logo-1182x237-1.png\",\"width\":1182,\"height\":237,\"caption\":\"Ittermann electronic GmbH\"},\"image\":{\"@id\":\"https:\\\/\\\/iwell-guard.com\\\/fi\\\/#\\\/schema\\\/logo\\\/image\\\/\"},\"sameAs\":[\"https:\\\/\\\/pantip.com\\\/profile\\\/9367242\",\"https:\\\/\\\/micro.blog\\\/iwellguard\",\"https:\\\/\\\/www.diggerslist.com\\\/iwellguard\\\/about\",\"https:\\\/\\\/skitterphoto.com\\\/photographers\\\/2870314\\\/iwell-guard\",\"https:\\\/\\\/iwellguard.wordpress.com\\\/2026\\\/06\\\/06\\\/iwell-guard\\\/\",\"https:\\\/\\\/hub.docker.com\\\/u\\\/iwellguard\",\"https:\\\/\\\/www.pinterest.com\\\/iwellguard\\\/\",\"https:\\\/\\\/bit.ly\\\/m\\\/iwellguard\",\"https:\\\/\\\/entre-vos-mains.alsace.eu\\\/profiles\\\/iwellguard\\\/activity\",\"https:\\\/\\\/gravatar.com\\\/reallybeded8fd34\",\"https:\\\/\\\/naijamatta.com\\\/iwellguard\",\"https:\\\/\\\/www.goodreads.com\\\/iwellguard\",\"https:\\\/\\\/profile.hatena.ne.jp\\\/iwellguard\\\/\",\"https:\\\/\\\/experiment.com\\\/users\\\/iwellguard\",\"https:\\\/\\\/wakelet.com\\\/@iWellGuard82270\",\"https:\\\/\\\/www.chordie.com\\\/forum\\\/profile.php?id=2555664\",\"https:\\\/\\\/www.instapaper.com\\\/p\\\/17757966\",\"https:\\\/\\\/www.mapleprimes.com\\\/users\\\/iwellguard\",\"https:\\\/\\\/businesslistingplus.com\\\/profile\\\/iwell-guard\\\/\",\"https:\\\/\\\/telegra.ph\\\/iWell-Guard-06-06\",\"https:\\\/\\\/pbase.com\\\/iwellguard\\\/iwellguard\",\"https:\\\/\\\/b.hatena.ne.jp\\\/iwellguard\\\/20260607#bookmark-4788405196491818882\",\"https:\\\/\\\/fliphtml5.com\\\/home\\\/iwellguard\",\"https:\\\/\\\/anyflip.com\\\/homepage\\\/cmiwl#About\",\"https:\\\/\\\/transfur.com\\\/Users\\\/iwellguard\",\"http:\\\/\\\/delphi.larsbo.org\\\/user\\\/iwellguard\",\"https:\\\/\\\/jobs.lajobsportal.org\\\/profiles\\\/8380803-iwell-guard\",\"https:\\\/\\\/md.chaosdorf.de\\\/s\\\/jfbe5SBdJD\",\"https:\\\/\\\/www.lingvolive.com\\\/en-us\\\/profile\\\/9ecaeaca-ce11-4e51-9e71-01d55e2bff36\\\/translations\",\"https:\\\/\\\/www.fitday.com\\\/fitness\\\/forums\\\/members\\\/iwellguard.html\",\"https:\\\/\\\/www.mymeetbook.com\\\/iwellguard\",\"https:\\\/\\\/pxhere.com\\\/en\\\/photographer-me\\\/5040798\",\"https:\\\/\\\/disqus.com\\\/by\\\/iwellguard\\\/about\\\/\",\"https:\\\/\\\/pastelink.net\\\/hjwciqwq\",\"https:\\\/\\\/pubhtml5.com\\\/homepage\\\/scjhn\\\/\",\"https:\\\/\\\/www.bitchute.com\\\/channel\\\/2O2eOKzNqujT\",\"https:\\\/\\\/audiomack.com\\\/iwellguard\"]}]}<\/script>\n<!-- \/ Yoast SEO Premium plugin. -->","yoast_head_json":{"title":"Suojav\u00e4rit: sininen, punainen ja musta","description":"Torjuvia suojav\u00e4rej\u00e4: miksi sininen, punainen ja musta ovat suojav\u00e4rej\u00e4, esimerkkej\u00e4 antiikista, kansanmagiasta ja Aasiasta.","robots":{"index":"index","follow":"follow","max-snippet":"max-snippet:-1","max-image-preview":"max-image-preview:large","max-video-preview":"max-video-preview:-1"},"canonical":"https:\/\/iwell-guard.com\/fi\/suojavarit-sininen-punainen-musta\/","og_locale":"fi_FI","og_type":"article","og_title":"Suojav\u00e4rit: sininen, punainen ja musta suojana","og_description":"Torjuvia suojav\u00e4rej\u00e4: miksi sininen, punainen ja musta ovat suojav\u00e4rej\u00e4, esimerkkej\u00e4 antiikista, kansanmagiasta ja Aasiasta.","og_url":"https:\/\/iwell-guard.com\/fi\/suojavarit-sininen-punainen-musta\/","og_site_name":"iWell Guard","article_modified_time":"2026-09-03T13:00:03+00:00","og_image":[{"width":1024,"height":1536,"url":"https:\/\/iwell-guard.com\/wp-content\/uploads\/2026\/05\/schutzsymbol_universell_schutzfarben.webp","type":"image\/webp"}],"twitter_card":"summary_large_image","schema":{"@context":"https:\/\/schema.org","@graph":[{"@type":"WebPage","@id":"https:\/\/iwell-guard.com\/fi\/suojavarit-sininen-punainen-musta\/","url":"https:\/\/iwell-guard.com\/fi\/suojavarit-sininen-punainen-musta\/","name":"Suojav\u00e4rit: sininen, punainen ja musta","isPartOf":{"@id":"https:\/\/iwell-guard.com\/fi\/#website"},"primaryImageOfPage":{"@id":"https:\/\/iwell-guard.com\/fi\/suojavarit-sininen-punainen-musta\/#primaryimage"},"image":{"@id":"https:\/\/iwell-guard.com\/fi\/suojavarit-sininen-punainen-musta\/#primaryimage"},"thumbnailUrl":"https:\/\/iwell-guard.com\/wp-content\/uploads\/2026\/05\/schutzsymbol_universell_schutzfarben.webp","datePublished":"2026-09-03T12:35:59+00:00","dateModified":"2026-09-03T13:00:03+00:00","description":"Torjuvia suojav\u00e4rej\u00e4: miksi sininen, punainen ja musta ovat suojav\u00e4rej\u00e4, esimerkkej\u00e4 antiikista, kansanmagiasta ja Aasiasta.","breadcrumb":{"@id":"https:\/\/iwell-guard.com\/fi\/suojavarit-sininen-punainen-musta\/#breadcrumb"},"inLanguage":"fi","potentialAction":[{"@type":"ReadAction","target":["https:\/\/iwell-guard.com\/fi\/suojavarit-sininen-punainen-musta\/"]}]},{"@type":"ImageObject","inLanguage":"fi","@id":"https:\/\/iwell-guard.com\/fi\/suojavarit-sininen-punainen-musta\/#primaryimage","url":"https:\/\/iwell-guard.com\/wp-content\/uploads\/2026\/05\/schutzsymbol_universell_schutzfarben.webp","contentUrl":"https:\/\/iwell-guard.com\/wp-content\/uploads\/2026\/05\/schutzsymbol_universell_schutzfarben.webp","width":1024,"height":1536,"caption":"Suojasymboli. Museaalinen asetelmakuvitus."},{"@type":"BreadcrumbList","@id":"https:\/\/iwell-guard.com\/fi\/suojavarit-sininen-punainen-musta\/#breadcrumb","itemListElement":[{"@type":"ListItem","position":1,"name":"Start","item":"https:\/\/iwell-guard.com\/fi\/?page_id=143815"},{"@type":"ListItem","position":2,"name":"Suojav\u00e4rit: sininen, punainen ja musta suojana"}]},{"@type":"WebSite","@id":"https:\/\/iwell-guard.com\/fi\/#website","url":"https:\/\/iwell-guard.com\/fi\/","name":"iWell Guard","description":"Schutz vor dunklen Einfl\u00fcssen","publisher":{"@id":"https:\/\/iwell-guard.com\/fi\/#organization"},"potentialAction":[{"@type":"SearchAction","target":{"@type":"EntryPoint","urlTemplate":"https:\/\/iwell-guard.com\/fi\/?s={search_term_string}"},"query-input":{"@type":"PropertyValueSpecification","valueRequired":true,"valueName":"search_term_string"}}],"inLanguage":"fi"},{"@type":"Organization","@id":"https:\/\/iwell-guard.com\/fi\/#organization","name":"Ittermann electronic GmbH","url":"https:\/\/iwell-guard.com\/fi\/","logo":{"@type":"ImageObject","inLanguage":"fi","@id":"https:\/\/iwell-guard.com\/fi\/#\/schema\/logo\/image\/","url":"https:\/\/iwell-guard.com\/wp-content\/uploads\/2026\/05\/Ittermann-Logo-1182x237-1.png","contentUrl":"https:\/\/iwell-guard.com\/wp-content\/uploads\/2026\/05\/Ittermann-Logo-1182x237-1.png","width":1182,"height":237,"caption":"Ittermann electronic GmbH"},"image":{"@id":"https:\/\/iwell-guard.com\/fi\/#\/schema\/logo\/image\/"},"sameAs":["https:\/\/pantip.com\/profile\/9367242","https:\/\/micro.blog\/iwellguard","https:\/\/www.diggerslist.com\/iwellguard\/about","https:\/\/skitterphoto.com\/photographers\/2870314\/iwell-guard","https:\/\/iwellguard.wordpress.com\/2026\/06\/06\/iwell-guard\/","https:\/\/hub.docker.com\/u\/iwellguard","https:\/\/www.pinterest.com\/iwellguard\/","https:\/\/bit.ly\/m\/iwellguard","https:\/\/entre-vos-mains.alsace.eu\/profiles\/iwellguard\/activity","https:\/\/gravatar.com\/reallybeded8fd34","https:\/\/naijamatta.com\/iwellguard","https:\/\/www.goodreads.com\/iwellguard","https:\/\/profile.hatena.ne.jp\/iwellguard\/","https:\/\/experiment.com\/users\/iwellguard","https:\/\/wakelet.com\/@iWellGuard82270","https:\/\/www.chordie.com\/forum\/profile.php?id=2555664","https:\/\/www.instapaper.com\/p\/17757966","https:\/\/www.mapleprimes.com\/users\/iwellguard","https:\/\/businesslistingplus.com\/profile\/iwell-guard\/","https:\/\/telegra.ph\/iWell-Guard-06-06","https:\/\/pbase.com\/iwellguard\/iwellguard","https:\/\/b.hatena.ne.jp\/iwellguard\/20260607#bookmark-4788405196491818882","https:\/\/fliphtml5.com\/home\/iwellguard","https:\/\/anyflip.com\/homepage\/cmiwl#About","https:\/\/transfur.com\/Users\/iwellguard","http:\/\/delphi.larsbo.org\/user\/iwellguard","https:\/\/jobs.lajobsportal.org\/profiles\/8380803-iwell-guard","https:\/\/md.chaosdorf.de\/s\/jfbe5SBdJD","https:\/\/www.lingvolive.com\/en-us\/profile\/9ecaeaca-ce11-4e51-9e71-01d55e2bff36\/translations","https:\/\/www.fitday.com\/fitness\/forums\/members\/iwellguard.html","https:\/\/www.mymeetbook.com\/iwellguard","https:\/\/pxhere.com\/en\/photographer-me\/5040798","https:\/\/disqus.com\/by\/iwellguard\/about\/","https:\/\/pastelink.net\/hjwciqwq","https:\/\/pubhtml5.com\/homepage\/scjhn\/","https:\/\/www.bitchute.com\/channel\/2O2eOKzNqujT","https:\/\/audiomack.com\/iwellguard"]}]}},"_links":{"self":[{"href":"https:\/\/iwell-guard.com\/fi\/wp-json\/wp\/v2\/pages\/144488","targetHints":{"allow":["GET"]}}],"collection":[{"href":"https:\/\/iwell-guard.com\/fi\/wp-json\/wp\/v2\/pages"}],"about":[{"href":"https:\/\/iwell-guard.com\/fi\/wp-json\/wp\/v2\/types\/page"}],"author":[{"embeddable":true,"href":"https:\/\/iwell-guard.com\/fi\/wp-json\/wp\/v2\/users\/3"}],"replies":[{"embeddable":true,"href":"https:\/\/iwell-guard.com\/fi\/wp-json\/wp\/v2\/comments?post=144488"}],"version-history":[{"count":0,"href":"https:\/\/iwell-guard.com\/fi\/wp-json\/wp\/v2\/pages\/144488\/revisions"}],"wp:featuredmedia":[{"embeddable":true,"href":"https:\/\/iwell-guard.com\/fi\/wp-json\/wp\/v2\/media\/3582"}],"wp:attachment":[{"href":"https:\/\/iwell-guard.com\/fi\/wp-json\/wp\/v2\/media?parent=144488"}],"wp:term":[{"taxonomy":"category","embeddable":true,"href":"https:\/\/iwell-guard.com\/fi\/wp-json\/wp\/v2\/categories?post=144488"}],"curies":[{"name":"wp","href":"https:\/\/api.w.org\/{rel}","templated":true}]}}