{"id":144485,"date":"2026-09-03T12:35:58","date_gmt":"2026-09-03T12:35:58","guid":{"rendered":"https:\/\/iwell-guard.com\/?page_id=144485"},"modified":"2026-09-03T12:59:56","modified_gmt":"2026-09-03T12:59:56","slug":"suojapiiri-rajana-vahinkoa-vastaan","status":"publish","type":"page","link":"https:\/\/iwell-guard.com\/fi\/suojapiiri-rajana-vahinkoa-vastaan\/","title":{"rendered":"Suojapiiri rajana vahinkoa vastaan"},"content":{"rendered":"\t\t<div data-elementor-type=\"wp-page\" data-elementor-id=\"144485\" class=\"elementor elementor-144485 elementor-3741 elementor-bc-flex-widget\" data-elementor-post-type=\"page\">\n\t\t\t\t<div class=\"elementor-element elementor-element-iwgs-schutzkreis-hero e-flex e-con-boxed e-con e-parent\" data-id=\"iwgs-schutzkreis-hero\" data-element_type=\"container\" data-e-type=\"container\">\n\t\t\t\t\t<div class=\"e-con-inner\">\n\t\t<div class=\"elementor-element elementor-element-iw-schutzkreis-hero-bw e-con-full e-flex e-con e-child\" data-id=\"iw-schutzkreis-hero-bw\" data-element_type=\"container\" data-e-type=\"container\">\n\t\t<div class=\"elementor-element elementor-element-iwgs-schutzkreis-hl e-flex e-con-boxed e-con e-parent\" data-id=\"iwgs-schutzkreis-hl\" data-element_type=\"container\" data-e-type=\"container\">\n\t\t\t\t\t<div class=\"e-con-inner\">\n\t\t<div class=\"elementor-element elementor-element-iwgs-schutzkreis-hlbox e-con-full e-flex e-con e-parent\" data-id=\"iwgs-schutzkreis-hlbox\" data-element_type=\"container\" data-e-type=\"container\">\n\t\t\t\t<div class=\"elementor-element elementor-element-iwgs-schutzkreis-h1 elementor-widget elementor-widget-heading\" data-id=\"iwgs-schutzkreis-h1\" data-element_type=\"widget\" data-e-type=\"widget\" data-widget_type=\"heading.default\">\n\t\t\t\t\t<h1 class=\"elementor-heading-title elementor-size-default\">Suojapiiri: piirretty ympyr\u00e4 rajana vahingollisia vaikutuksia vastaan<\/h1>\t\t\t\t<\/div>\n\t\t\t\t<div class=\"elementor-element elementor-element-iwgs-schutzkreis-lead elementor-widget elementor-widget-text-editor\" data-id=\"iwgs-schutzkreis-lead\" data-element_type=\"widget\" data-e-type=\"widget\" data-widget_type=\"text-editor.default\">\n\t\t\t\t\t\t\t\t\t<p>Suojapiiri on yksi yksinkertaisimmista ja samalla laajimmin levinneist\u00e4 suojan muodoista. Se koostuu suljetusta viivasta, joka ymp\u00e4r\u00f6i tilaa tai henkil\u00f6\u00e4 ja vet\u00e4\u00e4 rajan turvalliseksi ja vaaralliseksi ajatellun alueen v\u00e4liin.<\/p><p>T\u00e4m\u00e4 artikkeli sijoittaa ympyr\u00e4n uskontotieteelliseen viitekehykseen ja seuraa sen j\u00e4lki\u00e4 <span class=\"iwg-fachbegriff\" data-tooltip=\"Kreikan ja Rooman kulttuurin aikakausi, noin 800 eaa. \u2013 600 jaa.\" tabindex=\"0\">antiikin<\/span> ajasta nykyp\u00e4iv\u00e4n tulkintoihin. Samalla erotellaan historiallisesti dokumentoitu <span class=\"iwg-fachbegriff\" data-tooltip=\"Yhteis\u00f6n perinteisten tapojen kokonaisuus.\" tabindex=\"0\">tapaperinne<\/span> ja nykyaikainen esoteerinen tulkinta.<\/p>\n<p class=\"iwg-kwfix\">Piirretty ympyr\u00e4 muodostaa rajan, jonka on tarkoitus pit\u00e4\u00e4 vahingolliset vaikutukset ulkopuolella.<\/p>\t\t\t\t\t\t\t\t<\/div>\n\t\t\t\t<\/div>\n\t\t\t\t<div class=\"elementor-element elementor-element-iwgs-schutzkreis-pills elementor-widget elementor-widget-html\" data-id=\"iwgs-schutzkreis-pills\" data-element_type=\"widget\" data-e-type=\"widget\" data-widget_type=\"html.default\">\n\t\t\t\t\t<div class=\"iwg-pill-row\"><span class=\"iwg-klasse-badge\" tabindex=\"0\" data-tooltip=\"Suojasymboli, amuletti tai apotropainen esine.\">Suojasymboli<\/span><a href=\"https:\/\/iwell-guard.com\/fi\/suojasymbolit\/\" class=\"iwg-kultur-badge\" tabindex=\"0\" data-tooltip=\"Suojaperinne: Kulttuurien yhteinen\">Kulttuurien yhteinen<\/a><span class=\"iwg-tradition-badge\" tabindex=\"0\" data-tooltip=\"Rituaalinen toimenpide onnettomuuden torjumiseksi.\">Torjuntarituaali<\/span><\/div>\t\t\t\t<\/div>\n\t\t\t\t\t<\/div>\n\t\t\t\t<\/div>\n\t\t<div class=\"elementor-element elementor-element-iwgs-schutzkreis-hr e-con-full e-flex e-con e-parent\" data-id=\"iwgs-schutzkreis-hr\" data-element_type=\"container\" data-e-type=\"container\">\n\t\t\t\t<div class=\"elementor-element elementor-element-iwgs-schutzkreis-himg iwg-hero-image elementor-widget elementor-widget-image\" data-id=\"iwgs-schutzkreis-himg\" data-element_type=\"widget\" data-e-type=\"widget\" data-widget_type=\"image.default\">\n\t\t\t\t\t\t\t\t\t\t\t\t\t\t\t<img fetchpriority=\"high\" decoding=\"async\" width=\"683\" height=\"1024\" src=\"https:\/\/iwell-guard.com\/wp-content\/uploads\/2026\/05\/schutzsymbol_universell_schutzkreis-683x1024.webp\" class=\"attachment-large size-large wp-image-148460\" alt=\"Suojapiiri - suojasymboli, museaalinen kuvitus\" srcset=\"https:\/\/iwell-guard.com\/wp-content\/uploads\/2026\/05\/schutzsymbol_universell_schutzkreis-683x1024.webp 683w, https:\/\/iwell-guard.com\/wp-content\/uploads\/2026\/05\/schutzsymbol_universell_schutzkreis-200x300.webp 200w, https:\/\/iwell-guard.com\/wp-content\/uploads\/2026\/05\/schutzsymbol_universell_schutzkreis-768x1152.webp 768w, https:\/\/iwell-guard.com\/wp-content\/uploads\/2026\/05\/schutzsymbol_universell_schutzkreis.webp 1024w\" sizes=\"(max-width: 683px) 100vw, 683px\" \/>\t\t\t\t\t\t\t\t\t\t\t\t\t\t\t<\/div>\n\t\t\t\t<\/div>\n\t\t\t\t<\/div>\n\t\t\t\t\t<\/div>\n\t\t\t\t<\/div>\n\t\t<div class=\"elementor-element elementor-element-iwgs-schutzkreis-s0 e-flex e-con-boxed e-con e-parent\" data-id=\"iwgs-schutzkreis-s0\" data-element_type=\"container\" data-e-type=\"container\">\n\t\t\t\t\t<div class=\"e-con-inner\">\n\t\t\t\t<div class=\"elementor-element elementor-element-iwgs-schutzkreis-s0h elementor-widget elementor-widget-heading\" data-id=\"iwgs-schutzkreis-s0h\" data-element_type=\"widget\" data-e-type=\"widget\" data-widget_type=\"heading.default\">\n\t\t\t\t\t<h2 class=\"elementor-heading-title elementor-size-default\">M\u00e4\u00e4rittely: mik\u00e4 suojapiiri on<\/h2>\t\t\t\t<\/div>\n\t\t<div class=\"elementor-element elementor-element-iw-schutzkreis-s0-bw e-con-full e-flex e-con e-child\" data-id=\"iw-schutzkreis-s0-bw\" data-element_type=\"container\" data-e-type=\"container\">\n\t\t<div class=\"elementor-element elementor-element-iwgs-schutzkreis-s0box e-con-full e-flex e-con e-parent\" data-id=\"iwgs-schutzkreis-s0box\" data-element_type=\"container\" data-e-type=\"container\">\n\t\t\t\t<div class=\"elementor-element elementor-element-iwgs-schutzkreis-s0t elementor-widget elementor-widget-text-editor\" data-id=\"iwgs-schutzkreis-s0t\" data-element_type=\"widget\" data-e-type=\"widget\" data-widget_type=\"text-editor.default\">\n\t\t\t\t\t\t\t\t\t<p>Suojapiiri on suljettu, useimmiten ympyr\u00e4nmuotoinen viiva, joka piirret\u00e4\u00e4n tietoisesti paikan, esineen tai henkil\u00f6n ymp\u00e4rille. Sen tunnusmerkki on suljettuuus. Vasta katkeamaton viiva tekee merkinn\u00e4st\u00e4 rajan, joka erottaa sis\u00e4tilan ulkotilasta.<\/p><p>Ympyr\u00e4n perusajatus on rajaaminen. Sis\u00e4puolella on alue, jonka on tarkoitus olla suojattu, ulkopuolella alue, johon liitet\u00e4\u00e4n vahingollisia vaikutuksia. Ympyr\u00e4 ei siis ole vain kuvallinen aihe, vaan sek\u00e4 toiminto ett\u00e4 viiva samanaikaisesti.<\/p><p>Ympyr\u00e4 voidaan piirt\u00e4\u00e4 eri v\u00e4linein. Tunnettuja ovat liidulla, tuhkalla, suolalla tai jauholla tehdyt viivat, tai yksinkertaisesti maahan viilletyt viivat. My\u00f6s alueen kiert\u00e4minen k\u00e4vellen tai paikan ymp\u00e4ri kulkeminen voitiin ymm\u00e4rt\u00e4\u00e4 ympyr\u00e4n piirt\u00e4misen\u00e4.<\/p><p>Fyysisesti piirretyn ympyr\u00e4n lis\u00e4ksi on olemassa ajateltu tai lausuttu ympyr\u00e4. T\u00e4ss\u00e4 tapauksessa rajaa ei merkit\u00e4 n\u00e4kyv\u00e4sti, vaan se vedet\u00e4\u00e4n sanoilla tai mielikuvituksella. Molemmat muodot noudattavat samaa rajaamisen periaatetta.<\/p><p><a href=\"https:\/\/iwell-guard.com\/fi\/suojasymbolit\/\">Suojasymbolien<\/a> joukossa ympyr\u00e4 kuuluu geometrisiin suojamuotoihin. Se ei toimi tunnistettavan kuvan avulla, vaan puhtaan muodon avulla, joka monissa kulttuureissa edustaa suljettuutta ja t\u00e4ydellisyytt\u00e4.<\/p><p>Suojapiiri esiintyy sek\u00e4 kertaluonteisena toimintona <span class=\"iwg-fachbegriff\" data-tooltip=\"S\u00e4\u00e4delty symbolisten toimintojen sarja, jolla on uskonnollinen tai kulttuurinen merkitys.\" tabindex=\"0\">rituaalissa<\/span> ett\u00e4 pysyv\u00e4n\u00e4 merkint\u00e4n\u00e4. Ensimm\u00e4isess\u00e4 tapauksessa se h\u00e4vi\u00e4\u00e4 k\u00e4yt\u00f6n j\u00e4lkeen, toisessa se s\u00e4ilyy paikalla viivana, esimerkiksi rakennuksen ymp\u00e4rille piirrettyn\u00e4 ympyr\u00e4n\u00e4.<\/p>\t\t\t\t\t\t\t\t<\/div>\n\t\t\t\t<\/div>\n\t\t\t\t<\/div>\n\t\t\t\t\t<\/div>\n\t\t\t\t<\/div>\n\t\t<div class=\"elementor-element elementor-element-iwgs-schutzkreis-s1 e-flex e-con-boxed e-con e-parent\" data-id=\"iwgs-schutzkreis-s1\" data-element_type=\"container\" data-e-type=\"container\">\n\t\t\t\t\t<div class=\"e-con-inner\">\n\t\t\t\t<div class=\"elementor-element elementor-element-iwgs-schutzkreis-s1h elementor-widget elementor-widget-heading\" data-id=\"iwgs-schutzkreis-s1h\" data-element_type=\"widget\" data-e-type=\"widget\" data-widget_type=\"heading.default\">\n\t\t\t\t\t<h2 class=\"elementor-heading-title elementor-size-default\">Suojapiirin alkuper\u00e4 ja historiallinen syvyys<\/h2>\t\t\t\t<\/div>\n\t\t<div class=\"elementor-element elementor-element-iw-schutzkreis-s1-bw e-con-full e-flex e-con e-child\" data-id=\"iw-schutzkreis-s1-bw\" data-element_type=\"container\" data-e-type=\"container\">\n\t\t<div class=\"elementor-element elementor-element-iwgs-schutzkreis-s1box e-con-full e-flex e-con e-parent\" data-id=\"iwgs-schutzkreis-s1box\" data-element_type=\"container\" data-e-type=\"container\">\n\t\t\t\t<div class=\"elementor-element elementor-element-iwgs-schutzkreis-s1t elementor-widget elementor-widget-text-editor\" data-id=\"iwgs-schutzkreis-s1t\" data-element_type=\"widget\" data-e-type=\"widget\" data-widget_type=\"text-editor.default\">\n\t\t\t\t\t\t\t\t\t<p>Ympyr\u00e4\u00e4 suojan muotona on vaikea palauttaa yhteen ainoaan alkuper\u00e4\u00e4n. K\u00e4sitys suljetusta rajaviivasta on tavattavissa hyvin monissa kulttuureissa toisistaan riippumatta, mik\u00e4 tekee yhten\u00e4isest\u00e4 alkuper\u00e4st\u00e4 ep\u00e4todenn\u00e4k\u00f6isen.<\/p><p>Muinaisesta L\u00e4hi-id\u00e4st\u00e4 tunnetaan puhdistus- ja suojaustoimenpiteit\u00e4, joissa paikka rajattiin levitt\u00e4m\u00e4ll\u00e4 jauhoa tai piirt\u00e4m\u00e4ll\u00e4 viivoja. Mesopotamialaiset loitsutekstit mainitsevat sairaan tai talon ymp\u00e4r\u00f6imisen suojaavalla merkinn\u00e4ll\u00e4.<\/p><p>Kreikan ja Rooman <span class=\"iwg-fachbegriff\" data-tooltip=\"Kreikan ja Rooman kulttuurin aikakausi, noin 800 eaa. \u2013 600 jaa.\" tabindex=\"0\">antiikin<\/span> aikana ymp\u00e4r\u00f6idyt tai rajatut alueet olivat merkityksellisi\u00e4 <span class=\"iwg-fachbegriff\" data-tooltip=\"Jumaluuden tai pyh\u00e4n hahmon palvontaan liittyvien toimintojen kokonaisuus.\" tabindex=\"0\">kultissa<\/span> ja oikeudessa. Pyh\u00e4t alueet merkittiin rajoilla, ja alueen kiert\u00e4minen k\u00e4vellen palveli sen rituaalista m\u00e4\u00e4rittely\u00e4.<\/p><p>Euroopan keskiajalla ja uuden ajan alussa piirretty ympyr\u00e4 esiintyy huomattavasti loitsu- ja taikakirjoissa. Siell\u00e4 se muuttuu taikurin paikkaympyr\u00e4ksi, jonka sis\u00e4ll\u00e4 h\u00e4nen on tarkoitus seisoa, kun ulkopuolelle ajatellaan kutsutut voimat.<\/p><p>Samanaikaisesti yksinkertainen suojapiiri jatkoi el\u00e4m\u00e4\u00e4ns\u00e4 maalaisv\u00e4est\u00f6n <span class=\"iwg-fachbegriff\" data-tooltip=\"Yhteis\u00f6ss\u00e4 s\u00e4\u00e4nn\u00f6llisesti toistettu perinteinen toiminto.\" tabindex=\"0\">tavassa<\/span>. Siell\u00e4 sit\u00e4 k\u00e4ytettiin ilman oppinutta loitsuoppia, esimerkiksi viivana talon, navetan tai karjan ymp\u00e4rill\u00e4. T\u00e4m\u00e4 kansanomainen viiva on erotettava oppineesta <span class=\"iwg-fachbegriff\" data-tooltip=\"K\u00e4yt\u00e4nn\u00f6t, joilla erityisin toiminnoin tai kaavoin pyrit\u00e4\u00e4n vaikuttamaan asioiden kulkuun.\" tabindex=\"0\">magiasta<\/span>.<\/p><p>Kaiken kaikkiaan suojapiiri osoittautuu vuosituhansien ja monien kulttuurien l\u00e4pi todennetuksi menetelm\u00e4ksi. Sen historia ei ole niink\u00e4\u00e4n vaeltavan aiheen historiaa kuin uudelleen ja uudelleen syntyneen perusmuodon historiaa.<\/p>\t\t\t\t\t\t\t\t<\/div>\n\t\t\t\t<\/div>\n\t\t\t\t<\/div>\n\t\t\t\t\t<\/div>\n\t\t\t\t<\/div>\n\t\t<div class=\"elementor-element elementor-element-iwgs-schutzkreis-s2 e-flex e-con-boxed e-con e-parent\" data-id=\"iwgs-schutzkreis-s2\" data-element_type=\"container\" data-e-type=\"container\">\n\t\t\t\t\t<div class=\"e-con-inner\">\n\t\t\t\t<div class=\"elementor-element elementor-element-iwgs-schutzkreis-s2h elementor-widget elementor-widget-heading\" data-id=\"iwgs-schutzkreis-s2h\" data-element_type=\"widget\" data-e-type=\"widget\" data-widget_type=\"heading.default\">\n\t\t\t\t\t<h2 class=\"elementor-heading-title elementor-size-default\">Suojaavan rajan taustalla oleva k\u00e4sitys<\/h2>\t\t\t\t<\/div>\n\t\t<div class=\"elementor-element elementor-element-iw-schutzkreis-s2-bw e-con-full e-flex e-con e-child\" data-id=\"iw-schutzkreis-s2-bw\" data-element_type=\"container\" data-e-type=\"container\">\n\t\t<div class=\"elementor-element elementor-element-iwgs-schutzkreis-s2box e-con-full e-flex e-con e-parent\" data-id=\"iwgs-schutzkreis-s2box\" data-element_type=\"container\" data-e-type=\"container\">\n\t\t\t\t<div class=\"elementor-element elementor-element-iwgs-schutzkreis-s2t elementor-widget elementor-widget-text-editor\" data-id=\"iwgs-schutzkreis-s2t\" data-element_type=\"widget\" data-e-type=\"widget\" data-widget_type=\"text-editor.default\">\n\t\t\t\t\t\t\t\t\t<p>Suojapiirin ajatuksellinen ydin on sis\u00e4- ja ulkopuolen erottaminen. Monet kansanuskon j\u00e4rjestelm\u00e4t olettavat, ett\u00e4 haitallisten vaikutusten on astuttava alueelle, jotta ne voisivat vaikuttaa. Vedetyn rajan tarkoitus on est\u00e4\u00e4 juuri t\u00e4m\u00e4 sis\u00e4\u00e4ntulo.<\/p><p>Piiri\u00e4 pidettiin erityisen sopivana rajamuotona, koska sill\u00e4 ei ole alkua eik\u00e4 loppua. Suljetulla viivalla ei ole kohtaa, jossa raja olisi auki. T\u00e4m\u00e4 katkeamattomuus ymm\u00e4rrettiin t\u00e4ydellisen suojan vertauskuvana.<\/p><p>Monissa perinteiss\u00e4 t\u00e4rke\u00e4\u00e4 on katkeamattomuus. Jos viiva katkeaa jossain kohdassa, piiri\u00e4 pidet\u00e4\u00e4n tehottomana, koska raja on silt\u00e4 kohdalta auki. T\u00e4m\u00e4 k\u00e4sitys osoittaa, ett\u00e4 kyse on juuri suljetusta muodosta itsest\u00e4\u00e4n.<\/p><p>Valitulla materiaalilla on omaa merkityst\u00e4. Suolaa, tuhkaa ja rautaa pidettiin monissa kulttuureissa itsess\u00e4\u00e4n torjuvina aineina. T\u00e4llaisesta materiaalista tehty piiri yhdisti rajan ajatuksen tehokkaan aineen ajatukseen.<\/p><p>My\u00f6s itse piirt\u00e4misen teolla oli painoarvo. Piiri syntyi tietoisesta liikkeest\u00e4, usein sanojen saattelemana. T\u00e4m\u00e4 liikkeen, viivan ja sanan yhdistelm\u00e4 teki piirt\u00e4misest\u00e4 <span class=\"iwg-fachbegriff\" data-tooltip=\"S\u00e4\u00e4nn\u00f6nmukainen symbolisten toimintojen sarja, jolla on uskonnollinen tai kulttuurinen merkitys.\" tabindex=\"0\">rituaalin<\/span>, ei vain merkinn\u00e4n.<\/p><p>T\u00e4ss\u00e4 kuvattu k\u00e4sitys on kulttuurihistoriallinen selitys sille, miksi piiri\u00e4 pidettiin suojaavana. Se kuvaa uskoa, ei todistettua vaikutusta. Tutkimus dokumentoi k\u00e4sityksen vahvistamatta sit\u00e4.<\/p>\t\t\t\t\t\t\t\t<\/div>\n\t\t\t\t<\/div>\n\t\t\t\t<\/div>\n\t\t\t\t\t<\/div>\n\t\t\t\t<\/div>\n\t\t<div class=\"elementor-element elementor-element-iwgs-schutzkreis-s3 e-flex e-con-boxed e-con e-parent\" data-id=\"iwgs-schutzkreis-s3\" data-element_type=\"container\" data-e-type=\"container\">\n\t\t\t\t\t<div class=\"e-con-inner\">\n\t\t\t\t<div class=\"elementor-element elementor-element-iwgs-schutzkreis-s3h elementor-widget elementor-widget-heading\" data-id=\"iwgs-schutzkreis-s3h\" data-element_type=\"widget\" data-e-type=\"widget\" data-widget_type=\"heading.default\">\n\t\t\t\t\t<h2 class=\"elementor-heading-title elementor-size-default\">Esimerkkej\u00e4 antiikin ja L\u00e4hi-id\u00e4n ajalta<\/h2>\t\t\t\t<\/div>\n\t\t<div class=\"elementor-element elementor-element-iw-schutzkreis-s3-bw e-con-full e-flex e-con e-child\" data-id=\"iw-schutzkreis-s3-bw\" data-element_type=\"container\" data-e-type=\"container\">\n\t\t<div class=\"elementor-element elementor-element-iwgs-schutzkreis-s3box e-con-full e-flex e-con e-parent\" data-id=\"iwgs-schutzkreis-s3box\" data-element_type=\"container\" data-e-type=\"container\">\n\t\t\t\t<div class=\"elementor-element elementor-element-iwgs-schutzkreis-s3t elementor-widget elementor-widget-text-editor\" data-id=\"iwgs-schutzkreis-s3t\" data-element_type=\"widget\" data-e-type=\"widget\" data-widget_type=\"text-editor.default\">\n\t\t\t\t\t\t\t\t\t<p>Mesopotamialaisissa manaustoimituksissa sairas henkil\u00f6 tai vaarassa oleva paikka ymp\u00e4r\u00f6itiin usein jauholla vedetyll\u00e4 viivalla. T\u00e4m\u00e4n viivan tarkoitus oli rajata alue, jonne haitalliset voimat eiv\u00e4t saisi tunkeutua. Tekstit kuvaavat menettelyn yksityiskohtaisesti.<\/p><p>Mesopotamialaisista l\u00e4hteist\u00e4 tunnetaan my\u00f6s hahmojen asettaminen t\u00e4llaisen rajan varrelle. Pieni\u00e4 savihahmoja haudattiin kynnysten alle ja viivojen varrelle, ja niiden oli tarkoitus turvata rajattu alue lis\u00e4ksi.<\/p><p>Kreikkalaisessa maailmassa pyh\u00e4t alueet merkittiin rajakivin ja muurein. N\u00e4ille alueille astuminen oli s\u00e4\u00e4nt\u00f6jen alaista, ja raja erotti pyhitetyn tilan tavallisesta.<\/p><p>Roomalaisessa <span class=\"iwg-fachbegriff\" data-tooltip=\"Yhteis\u00f6ss\u00e4 s\u00e4\u00e4nn\u00f6llisesti toistettu, perinteeksi muodostunut toiminta.\" tabindex=\"0\">tavassa<\/span> alueen kiert\u00e4minen oli vakiintunut osa kaupungin perustamista ja uskonnollisia toimituksia. Rajattua aluetta pidettiin m\u00e4\u00e4riteltyn\u00e4 ja ulkopuolisilta puuttumisilta suojattuna.<\/p><p>Antiikin taikuudesta tunnetaan manaustekstej\u00e4, joissa paikka rajattiin sanoin tai merkein. T\u00e4llaiset tekstit yhdist\u00e4v\u00e4t viivan lausuttuihin kaavoihin ja kirjoitettuihin merkkeihin.<\/p><p>N\u00e4ist\u00e4 esimerkeist\u00e4 ilmenee, ett\u00e4 rajattu alue oli merkitt\u00e4v\u00e4 antiikin V\u00e4limeren alueella ja L\u00e4hi-id\u00e4ss\u00e4 sek\u00e4 <span class=\"iwg-fachbegriff\" data-tooltip=\"Jumaluuden tai pyh\u00e4n hahmon kunnioittamiseksi tehtyjen uskonnollisten toimitusten kokonaisuus.\" tabindex=\"0\">kultissa<\/span>, oikeudessa ett\u00e4 <span class=\"iwg-fachbegriff\" data-tooltip=\"K\u00e4yt\u00e4nt\u00f6j\u00e4, joilla erityisin toimin tai kaavoin pyrit\u00e4\u00e4n vaikuttamaan tapahtumien kulkuun.\" tabindex=\"0\">magiassa<\/span>. Suojapiiri ei siis rajoitu yhteen ainoaan alueeseen.<\/p><p>My\u00f6s muinaisesta Egyptist\u00e4 on s\u00e4ilynyt tietoa rajatuista alueista suojan ja puhtauden yhteydess\u00e4. Temppelialueet ja haudat erotettiin ymp\u00e4r\u00f6iv\u00e4st\u00e4 tilasta muurein ja viivoin, ja rajoilla esiintyy kirjoituksia, jotka osoittavat sis\u00e4tilan <span class=\"iwg-fachbegriff\" data-tooltip=\"Uskonnollisen toimituksen kautta pyh\u00e4lle luovutettu ja siten arkisesta erotettu.\" tabindex=\"0\">pyhitetyksi<\/span>.<\/p><p>Rajattu alue palveli siell\u00e4 samanaikaisesti kultillista m\u00e4\u00e4rittely\u00e4 ja ep\u00e4puhtaiksi katsottujen vaikutusten torjumista.<\/p>\t\t\t\t\t\t\t\t<\/div>\n\t\t\t\t<\/div>\n\t\t\t\t<\/div>\n\t\t\t\t\t<\/div>\n\t\t\t\t<\/div>\n\t\t<div class=\"elementor-element elementor-element-iwgs-schutzkreis-s4 e-flex e-con-boxed e-con e-parent\" data-id=\"iwgs-schutzkreis-s4\" data-element_type=\"container\" data-e-type=\"container\">\n\t\t\t\t\t<div class=\"e-con-inner\">\n\t\t\t\t<div class=\"elementor-element elementor-element-iwgs-schutzkreis-s4h elementor-widget elementor-widget-heading\" data-id=\"iwgs-schutzkreis-s4h\" data-element_type=\"widget\" data-e-type=\"widget\" data-widget_type=\"heading.default\">\n\t\t\t\t\t<h2 class=\"elementor-heading-title elementor-size-default\">Esimerkkej\u00e4 eurooppalaisesta kansanmagiasta<\/h2>\t\t\t\t<\/div>\n\t\t<div class=\"elementor-element elementor-element-iw-schutzkreis-s4-bw e-con-full e-flex e-con e-child\" data-id=\"iw-schutzkreis-s4-bw\" data-element_type=\"container\" data-e-type=\"container\">\n\t\t<div class=\"elementor-element elementor-element-iwgs-schutzkreis-s4box e-con-full e-flex e-con e-parent\" data-id=\"iwgs-schutzkreis-s4box\" data-element_type=\"container\" data-e-type=\"container\">\n\t\t\t\t<div class=\"elementor-element elementor-element-iwgs-schutzkreis-s4t elementor-widget elementor-widget-text-editor\" data-id=\"iwgs-schutzkreis-s4t\" data-element_type=\"widget\" data-e-type=\"widget\" data-widget_type=\"text-editor.default\">\n\t\t\t\t\t\t\t\t\t<p>Euroopan kansanmagiassa suojapiiri on hyvin runsaasti todistettu. Kansatieteelliset kokoelmat kertovat piireist\u00e4, jotka piirrettiin liidulla, tuhkalla tai suolalla s\u00e4nkyjen, kehtojen, navettojen ja varastotilojen ymp\u00e4rille.<\/p><p>Piiri piirrettiin usein tietyill\u00e4 hetkill\u00e4, esimerkiksi \u00f6in\u00e4, joihin liitettiin kohonnut vaara. Saattelevat loitsut ja tietyn materiaalin valinta kuuluivat monilla alueilla <span class=\"iwg-fachbegriff\" data-tooltip=\"Yhteis\u00f6ss\u00e4 s\u00e4\u00e4nn\u00f6llisesti toistettu, perinteeksi muodostunut toiminta.\" tabindex=\"0\">tapaan<\/span>.<\/p><p>Uuden ajan alun oppineesta taikuudesta tunnetaan manauspiiri. Taikakirjat kuvaavat piirin, jonka sis\u00e4ll\u00e4 k\u00e4ytt\u00e4j\u00e4n tulee seisoa, usein kirjoitettujen nimien ja merkkien kanssa. T\u00e4m\u00e4 viiva oli tarkoitettu suojaamaan manaajaa.<\/p><p>Talonpoikaisessa <span class=\"iwg-fachbegriff\" data-tooltip=\"Yhteis\u00f6ss\u00e4 s\u00e4\u00e4nn\u00f6llisesti toistettu, perinteeksi muodostunut toiminta.\" tabindex=\"0\">tavassa<\/span> piiri\u00e4 k\u00e4ytettiin ilman t\u00e4t\u00e4 oppinutta oppia. Sen teht\u00e4v\u00e4n\u00e4 oli rajata talo, piha ja karja haitallisiksi koetuilta vaikutuksilta. T\u00e4m\u00e4 yksinkertainen viiva on erotettava oppineesta <span class=\"iwg-fachbegriff\" data-tooltip=\"Kielellinen rituaali, jolla pyrit\u00e4\u00e4n kutsumaan tai sitomaan jokin voima.\" tabindex=\"0\">manauksesta<\/span>.<\/p><p>Suojapiiri\u00e4 koskevat kertomukset dokumentoivat k\u00e4ytt\u00e4jien odotuksia, ei todistettua vaikutusta. Ne osoittavat, ett\u00e4 rajan piirt\u00e4minen ymm\u00e4rrettiin rauhoittavana ja turvallisuutta luovana toimintana.<\/p><p>Taikauskoisen kotitavan v\u00e4istyess\u00e4 suojapiiri menetti arkisen roolinsa. Se s\u00e4ilyi kansatieteellisten muistiinpanojen kohteena ja yksitt\u00e4isiss\u00e4, paikallisesti periytyneiss\u00e4 tavoissa.<\/p><p>Saksankielisen alueen kansatieteelliset l\u00e4hteet mainitsevat my\u00f6s, ett\u00e4 piiri\u00e4 ei vedetty vain paikkojen ymp\u00e4rille, vaan my\u00f6s yksitt\u00e4isten toimintojen suojaksi. Yrttipaikalle ment\u00e4ess\u00e4 tai merkitt\u00e4v\u00e4ksi pidetty\u00e4 esinett\u00e4 kaivettaessa vedettiin toisinaan ensin viiva. Handw\u00f6rterbuch des deutschen Aberglaubens kirjaa t\u00e4llaisia tapoja useilta seuduilta.<\/p>\t\t\t\t\t\t\t\t<\/div>\n\t\t\t\t<\/div>\n\t\t\t\t<\/div>\n\t\t\t\t\t<\/div>\n\t\t\t\t<\/div>\n\t\t<div class=\"elementor-element elementor-element-iwgs-schutzkreis-s5 e-flex e-con-boxed e-con e-parent\" data-id=\"iwgs-schutzkreis-s5\" data-element_type=\"container\" data-e-type=\"container\">\n\t\t\t\t\t<div class=\"e-con-inner\">\n\t\t\t\t<div class=\"elementor-element elementor-element-iwgs-schutzkreis-s5h elementor-widget elementor-widget-heading\" data-id=\"iwgs-schutzkreis-s5h\" data-element_type=\"widget\" data-e-type=\"widget\" data-widget_type=\"heading.default\">\n\t\t\t\t\t<h2 class=\"elementor-heading-title elementor-size-default\">Esimerkkej\u00e4 Aasiasta ja muista kulttuureista<\/h2>\t\t\t\t<\/div>\n\t\t<div class=\"elementor-element elementor-element-iw-schutzkreis-s5-bw e-con-full e-flex e-con e-child\" data-id=\"iw-schutzkreis-s5-bw\" data-element_type=\"container\" data-e-type=\"container\">\n\t\t<div class=\"elementor-element elementor-element-iwgs-schutzkreis-s5box e-con-full e-flex e-con e-parent\" data-id=\"iwgs-schutzkreis-s5box\" data-element_type=\"container\" data-e-type=\"container\">\n\t\t\t\t<div class=\"elementor-element elementor-element-iwgs-schutzkreis-s5t elementor-widget elementor-widget-text-editor\" data-id=\"iwgs-schutzkreis-s5t\" data-element_type=\"widget\" data-e-type=\"widget\" data-widget_type=\"text-editor.default\">\n\t\t\t\t\t\t\t\t\t<p>Etel\u00e4-Aasiassa tunnetaan kotitalouksissa rajattuja ja kuvioituja pintoja. Kynnysten eteen tehd\u00e4\u00e4n jauhosta tai v\u00e4rillisest\u00e4 jauheesta lattia- ja kynnyskuvioita, jotka merkitsev\u00e4t ja koristavat aluetta.<\/p><p>Tiibetil\u00e4is-buddhalaisessa ja hindulaisessa perinteess\u00e4 ympyr\u00e4m\u00e4isesti rakennetuilla kaavioilla on t\u00e4rke\u00e4 asema tilan j\u00e4sent\u00e4jin\u00e4 ja rajaajina. T\u00e4llaiset kaaviot kuuluvat rituaaliseen k\u00e4yt\u00e4nt\u00f6\u00f6n ja luodaan rituaalin keston ajaksi.<\/p><p>Osissa Afrikkaa tunnetaan viivojen vet\u00e4minen ja aineiden sirottelu asumusten ja sairaiden ymp\u00e4rille. Rajatun alueen on tarkoitus m\u00e4\u00e4ritt\u00e4\u00e4 tila, jota pidet\u00e4\u00e4n turvallisena.<\/p><p>It\u00e4aasialaisissa kotitalouksien tavoissa alue rajataan osin suolan sirottelulla tai merkkien asettamisella sen reunoille. My\u00f6s t\u00e4ss\u00e4 keskeinen ajatus on raja.<\/p><p>N\u00e4iden alueiden yli tarkasteltuna k\u00e4y ilmi, ett\u00e4 suljettu rajaviiva ei ole yksitt\u00e4isen kulttuurin <span class=\"iwg-fachbegriff\" data-tooltip=\"Taiteessa tai kerronnassa toistuva sis\u00e4ll\u00f6llinen aihe.\" tabindex=\"0\">motiivi<\/span>. Se ilmenee hyvin erilaisissa uskonnollisissa ymp\u00e4rist\u00f6iss\u00e4 ja yhdistyy aina paikallisiin k\u00e4sityksiin.<\/p><p>Esimerkkien moninaisuus osoittaa, ett\u00e4 suojaympyr\u00e4 on ymm\u00e4rrett\u00e4v\u00e4 perusmuotona. Se syntyy kaikkialla, miss\u00e4 ihmiset haluavat tietoisesti erottaa yhden tilan toisesta.<\/p><p>Japanilaisessa perinteess\u00e4 rakennuspaikkojen edess\u00e4 ja sis\u00e4\u00e4nk\u00e4yntien luona alue merkit\u00e4\u00e4n toisinaan j\u00e4nnitetyill\u00e4 k\u00f6ysill\u00e4 ja liuskoilla. T\u00e4m\u00e4 merkint\u00e4 osoittaa alueen puhdistetuksi ja suojatuksi. Se noudattaa samaa tietoisesti vedetyn rajan perusajatusta, joka on my\u00f6s eurooppalaisen suojaympyr\u00e4n taustalla.<\/p>\t\t\t\t\t\t\t\t<\/div>\n\t\t\t\t<\/div>\n\t\t\t\t<\/div>\n\t\t\t\t\t<\/div>\n\t\t\t\t<\/div>\n\t\t<div class=\"elementor-element elementor-element-iwgs-schutzkreis-s6 e-flex e-con-boxed e-con e-parent\" data-id=\"iwgs-schutzkreis-s6\" data-element_type=\"container\" data-e-type=\"container\">\n\t\t\t\t\t<div class=\"e-con-inner\">\n\t\t\t\t<div class=\"elementor-element elementor-element-iwgs-schutzkreis-s6h elementor-widget elementor-widget-heading\" data-id=\"iwgs-schutzkreis-s6h\" data-element_type=\"widget\" data-e-type=\"widget\" data-widget_type=\"heading.default\">\n\t\t\t\t\t<h2 class=\"elementor-heading-title elementor-size-default\">K\u00e4ytt\u00f6 rituaaleissa ja arjessa<\/h2>\t\t\t\t<\/div>\n\t\t<div class=\"elementor-element elementor-element-iw-schutzkreis-s6-bw e-con-full e-flex e-con e-child\" data-id=\"iw-schutzkreis-s6-bw\" data-element_type=\"container\" data-e-type=\"container\">\n\t\t<div class=\"elementor-element elementor-element-iwgs-schutzkreis-s6box e-con-full e-flex e-con e-parent\" data-id=\"iwgs-schutzkreis-s6box\" data-element_type=\"container\" data-e-type=\"container\">\n\t\t\t\t<div class=\"elementor-element elementor-element-iwgs-schutzkreis-s6t elementor-widget elementor-widget-text-editor\" data-id=\"iwgs-schutzkreis-s6t\" data-element_type=\"widget\" data-e-type=\"widget\" data-widget_type=\"text-editor.default\">\n\t\t\t\t\t\t\t\t\t<p>Suojaympyr\u00e4 vedet\u00e4\u00e4n k\u00e4yt\u00e4nn\u00f6ss\u00e4 usein m\u00e4\u00e4r\u00e4tyss\u00e4 j\u00e4rjestyksess\u00e4. Perinteess\u00e4 esiintyy usein vakiintunut suunta, esimerkiksi auringon kulun mukaisesti, sek\u00e4 selke\u00e4 aloitus- ja p\u00e4\u00e4t\u00f6skohta viivalle.<\/p><p>Rituaalisissa yhteyksiss\u00e4 ympyr\u00e4n vet\u00e4mist\u00e4 s\u00e4est\u00e4\u00e4 usein lausuttu teksti. Sana ja liike kuuluvat silloin yhteen, ja ympyr\u00e4 katsotaan valmiiksi vasta, kun viiva on suljettu ja loitsu p\u00e4\u00e4ttynyt.<\/p><p>Arjessa ympyr\u00e4 vedettiin ennen kaikkea vaarallisina pidetyiss\u00e4 paikoissa, esimerkiksi kehdon, sairasvuoteen tai navetan ymp\u00e4rille. Viivan tarkoitus oli rajata alue y\u00f6n tai tapahtuman ajaksi.<\/p><p>Pysyv\u00e4t ympyr\u00e4t ovat harvinaisempia, mutta tunnettuja. Rakennus voitiin kerran kiert\u00e4\u00e4 ja siten symbolisesti sulkea ympyr\u00e4\u00e4n, tai viiva j\u00e4i merkiksi paikalleen. T\u00e4llaisissa tapauksissa ympyr\u00e4 toimi pysyv\u00e4n\u00e4 rajana.<\/p><p>Ympyr\u00e4n purkaminen oli monissa perinteiss\u00e4 oma vaiheensa. Alue oli tarkoitus poistua vasta tietoisen avaamisen j\u00e4lkeen. Toisissa tavoissa ympyr\u00e4 yksinkertaisesti h\u00e4visi viivan h\u00e4m\u00e4rtyess\u00e4.<\/p><p>Yhten\u00e4ist\u00e4 rituaalij\u00e4rjestyst\u00e4 suojaympyr\u00e4lle ei ole. Tarkka muoto riippui alueesta, perinteest\u00e4 ja tilanteesta, mink\u00e4 kansanperinteen tutkimus on useasti todentanut.<\/p>\t\t\t\t\t\t\t\t<\/div>\n\t\t\t\t<\/div>\n\t\t\t\t<\/div>\n\t\t\t\t\t<\/div>\n\t\t\t\t<\/div>\n\t\t<div class=\"elementor-element elementor-element-iwgs-schutzkreis-s7 e-flex e-con-boxed e-con e-parent\" data-id=\"iwgs-schutzkreis-s7\" data-element_type=\"container\" data-e-type=\"container\">\n\t\t\t\t\t<div class=\"e-con-inner\">\n\t\t\t\t<div class=\"elementor-element elementor-element-iwgs-schutzkreis-s7h elementor-widget elementor-widget-heading\" data-id=\"iwgs-schutzkreis-s7h\" data-element_type=\"widget\" data-e-type=\"widget\" data-widget_type=\"heading.default\">\n\t\t\t\t\t<h2 class=\"elementor-heading-title elementor-size-default\">Sukulaiset suojamuodot ja rajanveto<\/h2>\t\t\t\t<\/div>\n\t\t<div class=\"elementor-element elementor-element-iw-schutzkreis-s7-bw e-con-full e-flex e-con e-child\" data-id=\"iw-schutzkreis-s7-bw\" data-element_type=\"container\" data-e-type=\"container\">\n\t\t<div class=\"elementor-element elementor-element-iwgs-schutzkreis-s7box e-con-full e-flex e-con e-parent\" data-id=\"iwgs-schutzkreis-s7box\" data-element_type=\"container\" data-e-type=\"container\">\n\t\t\t\t<div class=\"elementor-element elementor-element-iwgs-schutzkreis-s7t elementor-widget elementor-widget-text-editor\" data-id=\"iwgs-schutzkreis-s7t\" data-element_type=\"widget\" data-e-type=\"widget\" data-widget_type=\"text-editor.default\">\n\t\t\t\t\t\t\t\t\t<p>Suojaympyr\u00e4 on l\u00e4heist\u00e4 sukua kynnyssuojalle. Molemmat perustuvat rajan ajatukseen. Ympyr\u00e4 sulkee sis\u00e4\u00e4ns\u00e4 kokonaisen alueen, kun kynnyssuoja puolestaan turvaa yksitt\u00e4isen aukon, jonka kautta alueelle astutaan.<\/p><p>Yhteys on olemassa my\u00f6s suolan ja rautalastujen sirottelemiseen. N\u00e4it\u00e4 aineita levitettiin usein viivan mukaisesti, ja t\u00e4m\u00e4 yhdist\u00e4\u00e4 rajan ajatuksen apotropaattisen aineen ajatukseen.<\/p><p>Kuva-amuletista ympyr\u00e4 erottuu selv\u00e4sti. Silm\u00e4-, k\u00e4si- tai el\u00e4inaiheet vaikuttavat tunnistettavan kuvan kautta. Ympyr\u00e4 sit\u00e4 vastoin on puhdas muoto ja teko. Se kuuluu <a href=\"https:\/\/iwell-guard.com\/fi\/suojasymbolit\/\">suojasymbolien<\/a> geometriseen, ei kuvalliseen ryhm\u00e4\u00e4n.<\/p><p>Suojaympyr\u00e4 on erotettava ympyr\u00e4nmuotoisesta koriste- tai kuva-aiheesta. Maalattu tai kaiverrettu ympyr\u00e4 koristeena ei v\u00e4ltt\u00e4m\u00e4tt\u00e4 kanna suojaavaa merkityst\u00e4. Ratkaisevaa on toiminta tietoisesti vedettyn\u00e4 rajana.<\/p><p>Raja on olemassa my\u00f6s vihittyyn alueeseen uskonnollisessa oikeudessa. Pyh\u00e4t alueet on samoin rajattu, mutta niiden raja palvelee oikeudellista ja kultillista rajaamista, ei ensisijaisesti torjuntaa.<\/p><p>T\u00e4m\u00e4n sukulaisuuden hahmottaminen auttaa m\u00e4\u00e4rittelem\u00e4\u00e4n suojaympyr\u00e4n tarkasti. Se on tietoisesti vedetty, suljettu rajaviiva, jolla on torjuva teht\u00e4v\u00e4, ja se erottuu kuva-amuleteista, koriste-aiheista ja vihityist\u00e4 alueista.<\/p>\t\t\t\t\t\t\t\t<\/div>\n\t\t\t\t<\/div>\n\t\t\t\t<\/div>\n\t\t\t\t\t<\/div>\n\t\t\t\t<\/div>\n\t\t<div class=\"elementor-element elementor-element-iwgs-schutzkreis-s8 e-flex e-con-boxed e-con e-parent\" data-id=\"iwgs-schutzkreis-s8\" data-element_type=\"container\" data-e-type=\"container\">\n\t\t\t\t\t<div class=\"e-con-inner\">\n\t\t\t\t<div class=\"elementor-element elementor-element-iwgs-schutzkreis-s8h elementor-widget elementor-widget-heading\" data-id=\"iwgs-schutzkreis-s8h\" data-element_type=\"widget\" data-e-type=\"widget\" data-widget_type=\"heading.default\">\n\t\t\t\t\t<h2 class=\"elementor-heading-title elementor-size-default\">Suojaympyr\u00e4n nykyinen vastaanotto<\/h2>\t\t\t\t<\/div>\n\t\t<div class=\"elementor-element elementor-element-iw-schutzkreis-s8-bw e-con-full e-flex e-con e-child\" data-id=\"iw-schutzkreis-s8-bw\" data-element_type=\"container\" data-e-type=\"container\">\n\t\t<div class=\"elementor-element elementor-element-iwgs-schutzkreis-s8box e-con-full e-flex e-con e-parent\" data-id=\"iwgs-schutzkreis-s8box\" data-element_type=\"container\" data-e-type=\"container\">\n\t\t\t\t<div class=\"elementor-element elementor-element-iwgs-schutzkreis-s8t elementor-widget elementor-widget-text-editor\" data-id=\"iwgs-schutzkreis-s8t\" data-element_type=\"widget\" data-e-type=\"widget\" data-widget_type=\"text-editor.default\">\n\t\t\t\t\t\t\t\t\t<p>Nykyaikaisessa <span class=\"iwg-fachbegriff\" data-tooltip=\"Kokoava k\u00e4site opeille, jotka v\u00e4itt\u00e4v\u00e4t hallussaan olevan salattua, vain vihittyjen tavoitettavissa olevaa tietoa.\" tabindex=\"0\">esoteriassa<\/span> suojaympyr\u00e4 on usein k\u00e4ytetty elementti. Uuspagaanisissa ja rituaalimagiaan liittyviss\u00e4 suuntauksissa ympyr\u00e4n vet\u00e4minen ymm\u00e4rret\u00e4\u00e4n rituaalisen toiminnan aloitukseksi, ja se on toisinaan yhdistetty vakiintuneisiin kulkuihin.<\/p><p>N\u00e4m\u00e4 nykyaikaiset k\u00e4yt\u00e4nn\u00f6t vetoavat usein historiallisiin esikuviin, mutta muotoilevat niit\u00e4 uudelleen. Uskontotieteellinen tutkimus kuvaa niit\u00e4 itsen\u00e4isen\u00e4 nykyaikaisena perinteen\u00e4, joka eroaa vanhemmista kansanomaisista tavoista.<\/p><p>Nykyaikaisiin ympyr\u00e4rituaaleihin liitet\u00e4\u00e4n toisinaan vaikutuksia. T\u00e4llaisia v\u00e4itteit\u00e4 ei ole todistettu. Ympyr\u00e4 on ymm\u00e4rrett\u00e4v\u00e4 kulttuurisena <span class=\"iwg-fachbegriff\" data-tooltip=\"Merkki, joka edustaa k\u00e4sityst\u00e4 tai merkityst\u00e4.\" tabindex=\"0\">symbolina<\/span> ja rituaalisena tekona, ei tarkastettavissa olevana suojakeinona.<\/p><p>Populaarikulttuurissa suojaympyr\u00e4 esiintyy usein elokuvissa, romaaneissa ja peleiss\u00e4, tavallisesti henkil\u00f6n ymp\u00e4rille vedettyn\u00e4 ympyr\u00e4n\u00e4, joka pyrkii turvaamaan itsens\u00e4 uhkalta. N\u00e4iss\u00e4 kuvauksissa tartutaan <span class=\"iwg-fachbegriff\" data-tooltip=\"Taiteessa tai kerronnassa toistuva sis\u00e4ll\u00f6llinen aihe.\" tabindex=\"0\">motiiviin<\/span> ja liioitellaan sit\u00e4.<\/p><p><span class=\"iwg-fachbegriff\" data-tooltip=\"Uskontoja vertailevasti ja sitoutumattomasti tutkiva tiede.\" tabindex=\"0\">Uskontotieteelle<\/span> suojaympyr\u00e4 on selke\u00e4 esimerkki suojaperiaatteesta, joka perustuu tilaan ja rajaan. Se osoittaa, miten yksinkertainen geometrinen ajatus syntyi itsen\u00e4isesti monissa kulttuureissa.<\/p><p>Nyky\u00e4\u00e4n suojaympyr\u00e4\u00e4n perehtyv\u00e4 l\u00f6yt\u00e4\u00e4 siit\u00e4 ensisijaisesti kulttuurihistoriallisen aiheen. Asiallinen suhtautuminen erottaa tavan todistetun historian nykyaikaisista vaikutuslupauksista, jotka eiv\u00e4t kest\u00e4 tarkastelua.<\/p><p>Esinekulttuurin tutkimuksessa maahan piirretyt tai maalatut ympyr\u00e4viivat ovat tutkimuskohde, silt\u00e4 osin kuin ne ovat s\u00e4ilyneet. Ne kirjataan ja tulkitaan menneiden tapojen todisteina. N\u00e4in suojaympyr\u00e4 pysyy tavoitettavissa my\u00f6s silloin, kun sen taustalla oleva uskomus ei ole en\u00e4\u00e4 elossa.<\/p>\t\t\t\t\t\t\t\t<\/div>\n\t\t\t\t<\/div>\n\t\t\t\t<\/div>\n\t\t\t\t\t<\/div>\n\t\t\t\t<\/div>\n\t\t<div class=\"elementor-element elementor-element-iwgs-schutzkreis-lit e-flex e-con-boxed e-con e-parent\" data-id=\"iwgs-schutzkreis-lit\" data-element_type=\"container\" data-e-type=\"container\">\n\t\t\t\t\t<div class=\"e-con-inner\">\n\t\t\t\t<div class=\"elementor-element elementor-element-iwgs-schutzkreis-lith elementor-widget elementor-widget-heading\" data-id=\"iwgs-schutzkreis-lith\" data-element_type=\"widget\" data-e-type=\"widget\" data-widget_type=\"heading.default\">\n\t\t\t\t\t<h2 class=\"elementor-heading-title elementor-size-default\">Kirjallisuus (valikoima)<\/h2>\t\t\t\t<\/div>\n\t\t<div class=\"elementor-element elementor-element-iw-schutzkreis-lit-bw e-con-full e-flex e-con e-child\" data-id=\"iw-schutzkreis-lit-bw\" data-element_type=\"container\" data-e-type=\"container\">\n\t\t<div class=\"elementor-element elementor-element-iwgs-schutzkreis-litbox e-con-full e-flex e-con e-parent\" data-id=\"iwgs-schutzkreis-litbox\" data-element_type=\"container\" data-e-type=\"container\">\n\t\t\t\t<div class=\"elementor-element elementor-element-iwgs-schutzkreis-litt elementor-widget elementor-widget-html\" data-id=\"iwgs-schutzkreis-litt\" data-element_type=\"widget\" data-e-type=\"widget\" data-widget_type=\"html.default\">\n\t\t\t\t\t<footer data-nosnippet=\"true\"><ul><li>Liselotte Hansmann, Lenz Kriss-Rettenbeck: <em>Amulett und Talisman. Erscheinungsform und Geschichte<\/em> (1966)<\/li><li>Mircea Eliade: <em>Das Heilige und das Profane<\/em> (1957)<\/li><li>Erich-Joachim Marg, Hanns B\u00e4chtold-St\u00e4ubli (toim.): <em>Handw\u00f6rterbuch des deutschen Aberglaubens<\/em> (1927-1942)<\/li><li>Walter Burkert: <em>Griechische Religion der archaischen und klassischen Epoche<\/em> (1977)<\/li><li>Erica Reiner: <em>Astral Magic in Babylonia<\/em> (1995)<\/li><\/ul><\/footer>\t\t\t\t<\/div>\n\t\t\t\t<\/div>\n\t\t\t\t<\/div>\n\t\t\t\t\t<\/div>\n\t\t\t\t<\/div>\n\t\t<div class=\"elementor-element elementor-element-iwgs-schutzkreis-kwd e-flex e-con-boxed e-con e-parent\" data-id=\"iwgs-schutzkreis-kwd\" data-element_type=\"container\" data-e-type=\"container\">\n\t\t\t\t\t<div class=\"e-con-inner\">\n\t\t<div class=\"elementor-element elementor-element-iw-schutzkreis-kwd-bw e-con-full e-flex e-con e-child\" data-id=\"iw-schutzkreis-kwd-bw\" data-element_type=\"container\" data-e-type=\"container\">\n\t\t\t\t<div class=\"elementor-element elementor-element-iwgs-schutzkreis-kwdt elementor-widget elementor-widget-text-editor\" data-id=\"iwgs-schutzkreis-kwdt\" data-element_type=\"widget\" data-e-type=\"widget\" data-widget_type=\"text-editor.default\">\n\t\t\t\t\t\t\t\t\t<p><em>Aiheeseen liittyvi\u00e4 avaink\u00e4sitteit\u00e4: suojapiiri manapiiri manauspiiri piirretty piiri suojaraja suolapiiri liitupiiri rajaus <span class=\"iwg-fachbegriff\" data-tooltip=\"Pahaa torjuva: merkeist\u00e4 ja esineist\u00e4, joiden tarkoitus on pit\u00e4\u00e4 loitolla haitallisia vaikutuksia.\" tabindex=\"0\">apotrop\u00e4inen<\/span> suljettu viiva.<\/em><\/p>\t\t\t\t\t\t\t\t<\/div>\n\t\t\t\t<\/div>\n\t\t\t\t\t<\/div>\n\t\t\t\t<\/div>\n\t\t<div class=\"elementor-element elementor-element-iwgs-schutzkreis-cc e-flex e-con-boxed e-con e-parent\" data-id=\"iwgs-schutzkreis-cc\" data-element_type=\"container\" data-e-type=\"container\" id=\"iwg-cc-schutzkreis\">\n\t\t\t\t\t<div class=\"e-con-inner\">\n\t\t<div class=\"elementor-element elementor-element-iwgs-schutzkreis-ccinner e-flex e-con-boxed e-con e-parent\" data-id=\"iwgs-schutzkreis-ccinner\" data-element_type=\"container\" data-e-type=\"container\" data-settings=\"{&quot;background_background&quot;:&quot;classic&quot;}\">\n\t\t\t\t\t<div class=\"e-con-inner\">\n\t\t\t\t<div class=\"elementor-element elementor-element-iwgs-schutzkreis-cch elementor-widget elementor-widget-heading\" data-id=\"iwgs-schutzkreis-cch\" data-element_type=\"widget\" data-e-type=\"widget\" data-widget_type=\"heading.default\">\n\t\t\t\t\t<h2 class=\"elementor-heading-title elementor-size-default\">iWell Guard ja suojelutraditiot<\/h2>\t\t\t\t<\/div>\n\t\t\t\t<div class=\"elementor-element elementor-element-iwgs-schutzkreis-cct elementor-widget elementor-widget-text-editor\" data-id=\"iwgs-schutzkreis-cct\" data-element_type=\"widget\" data-e-type=\"widget\" data-widget_type=\"text-editor.default\">\n\t\t\t\t\t\t\t\t\t<p>iWell Guard kuuluu kannettavien suojaesineiden kulttuurihistorialliseen jatkumoon, johon my\u00f6s suojapiiri lukeutuu. Se on nykyaikainen kumppani ihmisille, jotka el\u00e4v\u00e4t suojasymbolien kanssa: valmistettu Saksassa, 41 tasoa aitoa kultaa, platinaa ja hopeaa, 30 p\u00e4iv\u00e4n palautusoikeudella.<\/p>\t\t\t\t\t\t\t\t<\/div>\n\t\t\t\t<div class=\"elementor-element elementor-element-iwgs-schutzkreis-ccb iwg-cc-button iwg-cc-cta-2026-05-13 elementor-widget elementor-widget-jet-button\" data-id=\"iwgs-schutzkreis-ccb\" data-element_type=\"widget\" data-e-type=\"widget\" data-widget_type=\"jet-button.default\">\n\t\t\t\t<div class=\"elementor-widget-container\">\n\t\t\t\t\t<div class=\"elementor-jet-button jet-elements\"><div class=\"jet-button__container\"><a class=\"jet-button__instance jet-button__instance--icon-left hover-effect-1\" href=\"\/schutzanhaenger-iwell-guard-kaufen\/?utm_source=iwell-guard.com&amp;utm_medium=info-box&amp;utm_campaign=schutzsymbole\"><div class=\"jet-button__plane jet-button__plane-normal\"><\/div><div class=\"jet-button__plane jet-button__plane-hover\"><\/div><div class=\"jet-button__state jet-button__state-normal\"><span class=\"jet-button__label\">Lis\u00e4\u00e4 iWell Guardista<\/span><\/div><div class=\"jet-button__state jet-button__state-hover\"><span class=\"jet-button__label\">Lis\u00e4\u00e4 iWell Guardista<\/span><\/div><\/a><\/div><\/div><style>.elementor-element.elementor-element-iwgs-schutzkreis-ccb .jet-button__instance{width:320px;height:56px;}.elementor-element.elementor-element-iwgs-schutzkreis-ccb .jet-button__state-normal .jet-button__label{text-align:center;margin:0px 0px 0px 0px;color:#1a1b20;font-family:Montserrat,sans-serif;font-size:13px;font-weight:400;letter-spacing:4px;line-height:1.714em;text-transform:uppercase;}.elementor-element.elementor-element-iwgs-schutzkreis-ccb .jet-button__state-hover .jet-button__label{text-align:center;margin:0px 0px 0px 0px;color:#FECC76;font-family:Montserrat,sans-serif;font-size:13px;font-weight:400;letter-spacing:4px;line-height:1.714em;text-transform:uppercase;}.elementor-element.elementor-element-iwgs-schutzkreis-ccb .jet-button__plane-normal{background-color:#FECC76;border-style:solid;border-color:#C99540;border-width:2px 2px 2px 2px;}.elementor-element.elementor-element-iwgs-schutzkreis-ccb .jet-button__plane-hover{background-color:rgba(0,0,0,0.55);border-style:solid;border-color:#FECC76;border-width:2px 2px 2px 2px;}<\/style>\t\t\t\t<\/div>\n\t\t\t\t<\/div>\n\t\t\t\t<div class=\"elementor-element elementor-element-iwgs-schutzkreis-ccd elementor-widget elementor-widget-text-editor\" data-id=\"iwgs-schutzkreis-ccd\" data-element_type=\"widget\" data-e-type=\"widget\" data-widget_type=\"text-editor.default\">\n\t\t\t\t\t\t\t\t\t<p style=\"text-align:center;font-size:13px;opacity:0.7;margin-top:14px\" data-nosnippet=\"true\">Henkil\u00f6kohtaiset kokemukset voivat vaihdella. Ei l\u00e4\u00e4kinn\u00e4llinen laite. Ei paranemislupausta.<\/p>\t\t\t\t\t\t\t\t<\/div>\n\t\t\t\t\t<\/div>\n\t\t\t\t<\/div>\n\t\t\t\t\t<\/div>\n\t\t\t\t<\/div>\n\t\t<div class=\"elementor-element elementor-element-iwgs-schutzkreis-disc e-flex e-con-boxed e-con e-parent\" data-id=\"iwgs-schutzkreis-disc\" data-element_type=\"container\" data-e-type=\"container\">\n\t\t\t\t\t<div class=\"e-con-inner\">\n\t\t<div class=\"elementor-element elementor-element-iw-schutzkreis-disc-bw e-con-full e-flex e-con e-child\" data-id=\"iw-schutzkreis-disc-bw\" data-element_type=\"container\" data-e-type=\"container\">\n\t\t\t\t<div class=\"elementor-element elementor-element-iwgs-schutzkreis-discw elementor-widget elementor-widget-html\" data-id=\"iwgs-schutzkreis-discw\" data-element_type=\"widget\" data-e-type=\"widget\" data-widget_type=\"html.default\">\n\t\t\t\t\t<footer data-nosnippet=\"true\" class=\"iwg-disclaimer-block\"><p data-nosnippet=\"true\">iWell Guard <strong>ei ole l\u00e4\u00e4kinn\u00e4llinen laite<\/strong>, eik\u00e4 se korvaa l\u00e4\u00e4k\u00e4rin tai psykoterapeutin hoitoa. T\u00e4ss\u00e4 esitetyt sis\u00e4ll\u00f6t ovat uskontotieteellist\u00e4 ja kulttuurihistoriallista tarkastelua, eiv\u00e4t lupausta hengellisest\u00e4 vaikutuksesta.<\/p><\/footer>\t\t\t\t<\/div>\n\t\t\t\t<\/div>\n\t\t\t\t\t<\/div>\n\t\t\t\t<\/div>\n\t\t\t\t<\/div>\n\t\t","protected":false},"excerpt":{"rendered":"","protected":false},"author":3,"featured_media":3578,"parent":0,"menu_order":0,"comment_status":"closed","ping_status":"closed","template":"elementor_header_footer","meta":{"_yoast_wpseo_focuskw":"Suojapiiri","_yoast_wpseo_title":"Suojapiiri rajana","_yoast_wpseo_metadesc":"Suojapiiri kulttuurien yhteisen\u00e4 suojaperiaatteena: alkuper\u00e4, k\u00e4sitys suojaavasta rajasta ja esimerkkej\u00e4 antiikin ajalta","_yoast_wpseo_meta-robots-noindex":"","_yoast_wpseo_canonical":"","_angie_page":false,"gefaehrdungsstufe":"","wesen_kultur":"","wesen_klasse":"","footnotes":""},"categories":[],"class_list":["post-144485","page","type-page","status-publish","has-post-thumbnail","hentry"],"yoast_head":"<!-- This site is optimized with the Yoast SEO Premium plugin v27.7 (Yoast SEO v28.3) - https:\/\/yoast.com\/product\/yoast-seo-premium-wordpress\/ -->\n<title>Suojapiiri rajana<\/title>\n<meta name=\"description\" content=\"Suojapiiri kulttuurien yhteisen\u00e4 suojaperiaatteena: alkuper\u00e4, k\u00e4sitys suojaavasta rajasta ja esimerkkej\u00e4 antiikin ajalta\" \/>\n<meta name=\"robots\" content=\"index, follow, max-snippet:-1, max-image-preview:large, max-video-preview:-1\" \/>\n<link rel=\"canonical\" href=\"https:\/\/iwell-guard.com\/fi\/suojapiiri-rajana-vahinkoa-vastaan\/\" \/>\n<meta property=\"og:locale\" content=\"fi_FI\" \/>\n<meta property=\"og:type\" content=\"article\" \/>\n<meta property=\"og:title\" content=\"Suojapiiri rajana vahinkoa vastaan\" \/>\n<meta property=\"og:description\" content=\"Suojapiiri kulttuurien yhteisen\u00e4 suojaperiaatteena: alkuper\u00e4, k\u00e4sitys suojaavasta rajasta ja esimerkkej\u00e4 antiikin ajalta\" \/>\n<meta property=\"og:url\" content=\"https:\/\/iwell-guard.com\/fi\/suojapiiri-rajana-vahinkoa-vastaan\/\" \/>\n<meta property=\"og:site_name\" content=\"iWell Guard\" \/>\n<meta property=\"article:modified_time\" content=\"2026-09-03T12:59:56+00:00\" \/>\n<meta property=\"og:image\" content=\"https:\/\/iwell-guard.com\/wp-content\/uploads\/2026\/05\/schutzsymbol_universell_schutzkreis.webp\" \/>\n\t<meta property=\"og:image:width\" content=\"1024\" \/>\n\t<meta property=\"og:image:height\" content=\"1536\" \/>\n\t<meta property=\"og:image:type\" content=\"image\/webp\" \/>\n<meta name=\"twitter:card\" content=\"summary_large_image\" \/>\n<script type=\"application\/ld+json\" class=\"yoast-schema-graph\">{\"@context\":\"https:\\\/\\\/schema.org\",\"@graph\":[{\"@type\":\"WebPage\",\"@id\":\"https:\\\/\\\/iwell-guard.com\\\/fi\\\/suojapiiri-rajana-vahinkoa-vastaan\\\/\",\"url\":\"https:\\\/\\\/iwell-guard.com\\\/fi\\\/suojapiiri-rajana-vahinkoa-vastaan\\\/\",\"name\":\"Suojapiiri rajana\",\"isPartOf\":{\"@id\":\"https:\\\/\\\/iwell-guard.com\\\/fi\\\/#website\"},\"primaryImageOfPage\":{\"@id\":\"https:\\\/\\\/iwell-guard.com\\\/fi\\\/suojapiiri-rajana-vahinkoa-vastaan\\\/#primaryimage\"},\"image\":{\"@id\":\"https:\\\/\\\/iwell-guard.com\\\/fi\\\/suojapiiri-rajana-vahinkoa-vastaan\\\/#primaryimage\"},\"thumbnailUrl\":\"https:\\\/\\\/iwell-guard.com\\\/wp-content\\\/uploads\\\/2026\\\/05\\\/schutzsymbol_universell_schutzkreis.webp\",\"datePublished\":\"2026-09-03T12:35:58+00:00\",\"dateModified\":\"2026-09-03T12:59:56+00:00\",\"description\":\"Suojapiiri kulttuurien yhteisen\u00e4 suojaperiaatteena: alkuper\u00e4, k\u00e4sitys suojaavasta rajasta ja esimerkkej\u00e4 antiikin ajalta\",\"breadcrumb\":{\"@id\":\"https:\\\/\\\/iwell-guard.com\\\/fi\\\/suojapiiri-rajana-vahinkoa-vastaan\\\/#breadcrumb\"},\"inLanguage\":\"fi\",\"potentialAction\":[{\"@type\":\"ReadAction\",\"target\":[\"https:\\\/\\\/iwell-guard.com\\\/fi\\\/suojapiiri-rajana-vahinkoa-vastaan\\\/\"]}]},{\"@type\":\"ImageObject\",\"inLanguage\":\"fi\",\"@id\":\"https:\\\/\\\/iwell-guard.com\\\/fi\\\/suojapiiri-rajana-vahinkoa-vastaan\\\/#primaryimage\",\"url\":\"https:\\\/\\\/iwell-guard.com\\\/wp-content\\\/uploads\\\/2026\\\/05\\\/schutzsymbol_universell_schutzkreis.webp\",\"contentUrl\":\"https:\\\/\\\/iwell-guard.com\\\/wp-content\\\/uploads\\\/2026\\\/05\\\/schutzsymbol_universell_schutzkreis.webp\",\"width\":1024,\"height\":1536,\"caption\":\"Suojasymboli. Museaalinen asetelmakuvitus.\"},{\"@type\":\"BreadcrumbList\",\"@id\":\"https:\\\/\\\/iwell-guard.com\\\/fi\\\/suojapiiri-rajana-vahinkoa-vastaan\\\/#breadcrumb\",\"itemListElement\":[{\"@type\":\"ListItem\",\"position\":1,\"name\":\"Start\",\"item\":\"https:\\\/\\\/iwell-guard.com\\\/fi\\\/?page_id=143815\"},{\"@type\":\"ListItem\",\"position\":2,\"name\":\"Suojapiiri rajana vahinkoa vastaan\"}]},{\"@type\":\"WebSite\",\"@id\":\"https:\\\/\\\/iwell-guard.com\\\/fi\\\/#website\",\"url\":\"https:\\\/\\\/iwell-guard.com\\\/fi\\\/\",\"name\":\"iWell Guard\",\"description\":\"Schutz vor dunklen Einfl\u00fcssen\",\"publisher\":{\"@id\":\"https:\\\/\\\/iwell-guard.com\\\/fi\\\/#organization\"},\"potentialAction\":[{\"@type\":\"SearchAction\",\"target\":{\"@type\":\"EntryPoint\",\"urlTemplate\":\"https:\\\/\\\/iwell-guard.com\\\/fi\\\/?s={search_term_string}\"},\"query-input\":{\"@type\":\"PropertyValueSpecification\",\"valueRequired\":true,\"valueName\":\"search_term_string\"}}],\"inLanguage\":\"fi\"},{\"@type\":\"Organization\",\"@id\":\"https:\\\/\\\/iwell-guard.com\\\/fi\\\/#organization\",\"name\":\"Ittermann electronic GmbH\",\"url\":\"https:\\\/\\\/iwell-guard.com\\\/fi\\\/\",\"logo\":{\"@type\":\"ImageObject\",\"inLanguage\":\"fi\",\"@id\":\"https:\\\/\\\/iwell-guard.com\\\/fi\\\/#\\\/schema\\\/logo\\\/image\\\/\",\"url\":\"https:\\\/\\\/iwell-guard.com\\\/wp-content\\\/uploads\\\/2026\\\/05\\\/Ittermann-Logo-1182x237-1.png\",\"contentUrl\":\"https:\\\/\\\/iwell-guard.com\\\/wp-content\\\/uploads\\\/2026\\\/05\\\/Ittermann-Logo-1182x237-1.png\",\"width\":1182,\"height\":237,\"caption\":\"Ittermann electronic GmbH\"},\"image\":{\"@id\":\"https:\\\/\\\/iwell-guard.com\\\/fi\\\/#\\\/schema\\\/logo\\\/image\\\/\"},\"sameAs\":[\"https:\\\/\\\/pantip.com\\\/profile\\\/9367242\",\"https:\\\/\\\/micro.blog\\\/iwellguard\",\"https:\\\/\\\/www.diggerslist.com\\\/iwellguard\\\/about\",\"https:\\\/\\\/skitterphoto.com\\\/photographers\\\/2870314\\\/iwell-guard\",\"https:\\\/\\\/iwellguard.wordpress.com\\\/2026\\\/06\\\/06\\\/iwell-guard\\\/\",\"https:\\\/\\\/hub.docker.com\\\/u\\\/iwellguard\",\"https:\\\/\\\/www.pinterest.com\\\/iwellguard\\\/\",\"https:\\\/\\\/bit.ly\\\/m\\\/iwellguard\",\"https:\\\/\\\/entre-vos-mains.alsace.eu\\\/profiles\\\/iwellguard\\\/activity\",\"https:\\\/\\\/gravatar.com\\\/reallybeded8fd34\",\"https:\\\/\\\/naijamatta.com\\\/iwellguard\",\"https:\\\/\\\/www.goodreads.com\\\/iwellguard\",\"https:\\\/\\\/profile.hatena.ne.jp\\\/iwellguard\\\/\",\"https:\\\/\\\/experiment.com\\\/users\\\/iwellguard\",\"https:\\\/\\\/wakelet.com\\\/@iWellGuard82270\",\"https:\\\/\\\/www.chordie.com\\\/forum\\\/profile.php?id=2555664\",\"https:\\\/\\\/www.instapaper.com\\\/p\\\/17757966\",\"https:\\\/\\\/www.mapleprimes.com\\\/users\\\/iwellguard\",\"https:\\\/\\\/businesslistingplus.com\\\/profile\\\/iwell-guard\\\/\",\"https:\\\/\\\/telegra.ph\\\/iWell-Guard-06-06\",\"https:\\\/\\\/pbase.com\\\/iwellguard\\\/iwellguard\",\"https:\\\/\\\/b.hatena.ne.jp\\\/iwellguard\\\/20260607#bookmark-4788405196491818882\",\"https:\\\/\\\/fliphtml5.com\\\/home\\\/iwellguard\",\"https:\\\/\\\/anyflip.com\\\/homepage\\\/cmiwl#About\",\"https:\\\/\\\/transfur.com\\\/Users\\\/iwellguard\",\"http:\\\/\\\/delphi.larsbo.org\\\/user\\\/iwellguard\",\"https:\\\/\\\/jobs.lajobsportal.org\\\/profiles\\\/8380803-iwell-guard\",\"https:\\\/\\\/md.chaosdorf.de\\\/s\\\/jfbe5SBdJD\",\"https:\\\/\\\/www.lingvolive.com\\\/en-us\\\/profile\\\/9ecaeaca-ce11-4e51-9e71-01d55e2bff36\\\/translations\",\"https:\\\/\\\/www.fitday.com\\\/fitness\\\/forums\\\/members\\\/iwellguard.html\",\"https:\\\/\\\/www.mymeetbook.com\\\/iwellguard\",\"https:\\\/\\\/pxhere.com\\\/en\\\/photographer-me\\\/5040798\",\"https:\\\/\\\/disqus.com\\\/by\\\/iwellguard\\\/about\\\/\",\"https:\\\/\\\/pastelink.net\\\/hjwciqwq\",\"https:\\\/\\\/pubhtml5.com\\\/homepage\\\/scjhn\\\/\",\"https:\\\/\\\/www.bitchute.com\\\/channel\\\/2O2eOKzNqujT\",\"https:\\\/\\\/audiomack.com\\\/iwellguard\"]}]}<\/script>\n<!-- \/ Yoast SEO Premium plugin. -->","yoast_head_json":{"title":"Suojapiiri rajana","description":"Suojapiiri kulttuurien yhteisen\u00e4 suojaperiaatteena: alkuper\u00e4, k\u00e4sitys suojaavasta rajasta ja esimerkkej\u00e4 antiikin ajalta","robots":{"index":"index","follow":"follow","max-snippet":"max-snippet:-1","max-image-preview":"max-image-preview:large","max-video-preview":"max-video-preview:-1"},"canonical":"https:\/\/iwell-guard.com\/fi\/suojapiiri-rajana-vahinkoa-vastaan\/","og_locale":"fi_FI","og_type":"article","og_title":"Suojapiiri rajana vahinkoa vastaan","og_description":"Suojapiiri kulttuurien yhteisen\u00e4 suojaperiaatteena: alkuper\u00e4, k\u00e4sitys suojaavasta rajasta ja esimerkkej\u00e4 antiikin ajalta","og_url":"https:\/\/iwell-guard.com\/fi\/suojapiiri-rajana-vahinkoa-vastaan\/","og_site_name":"iWell Guard","article_modified_time":"2026-09-03T12:59:56+00:00","og_image":[{"width":1024,"height":1536,"url":"https:\/\/iwell-guard.com\/wp-content\/uploads\/2026\/05\/schutzsymbol_universell_schutzkreis.webp","type":"image\/webp"}],"twitter_card":"summary_large_image","schema":{"@context":"https:\/\/schema.org","@graph":[{"@type":"WebPage","@id":"https:\/\/iwell-guard.com\/fi\/suojapiiri-rajana-vahinkoa-vastaan\/","url":"https:\/\/iwell-guard.com\/fi\/suojapiiri-rajana-vahinkoa-vastaan\/","name":"Suojapiiri rajana","isPartOf":{"@id":"https:\/\/iwell-guard.com\/fi\/#website"},"primaryImageOfPage":{"@id":"https:\/\/iwell-guard.com\/fi\/suojapiiri-rajana-vahinkoa-vastaan\/#primaryimage"},"image":{"@id":"https:\/\/iwell-guard.com\/fi\/suojapiiri-rajana-vahinkoa-vastaan\/#primaryimage"},"thumbnailUrl":"https:\/\/iwell-guard.com\/wp-content\/uploads\/2026\/05\/schutzsymbol_universell_schutzkreis.webp","datePublished":"2026-09-03T12:35:58+00:00","dateModified":"2026-09-03T12:59:56+00:00","description":"Suojapiiri kulttuurien yhteisen\u00e4 suojaperiaatteena: alkuper\u00e4, k\u00e4sitys suojaavasta rajasta ja esimerkkej\u00e4 antiikin ajalta","breadcrumb":{"@id":"https:\/\/iwell-guard.com\/fi\/suojapiiri-rajana-vahinkoa-vastaan\/#breadcrumb"},"inLanguage":"fi","potentialAction":[{"@type":"ReadAction","target":["https:\/\/iwell-guard.com\/fi\/suojapiiri-rajana-vahinkoa-vastaan\/"]}]},{"@type":"ImageObject","inLanguage":"fi","@id":"https:\/\/iwell-guard.com\/fi\/suojapiiri-rajana-vahinkoa-vastaan\/#primaryimage","url":"https:\/\/iwell-guard.com\/wp-content\/uploads\/2026\/05\/schutzsymbol_universell_schutzkreis.webp","contentUrl":"https:\/\/iwell-guard.com\/wp-content\/uploads\/2026\/05\/schutzsymbol_universell_schutzkreis.webp","width":1024,"height":1536,"caption":"Suojasymboli. Museaalinen asetelmakuvitus."},{"@type":"BreadcrumbList","@id":"https:\/\/iwell-guard.com\/fi\/suojapiiri-rajana-vahinkoa-vastaan\/#breadcrumb","itemListElement":[{"@type":"ListItem","position":1,"name":"Start","item":"https:\/\/iwell-guard.com\/fi\/?page_id=143815"},{"@type":"ListItem","position":2,"name":"Suojapiiri rajana vahinkoa vastaan"}]},{"@type":"WebSite","@id":"https:\/\/iwell-guard.com\/fi\/#website","url":"https:\/\/iwell-guard.com\/fi\/","name":"iWell Guard","description":"Schutz vor dunklen Einfl\u00fcssen","publisher":{"@id":"https:\/\/iwell-guard.com\/fi\/#organization"},"potentialAction":[{"@type":"SearchAction","target":{"@type":"EntryPoint","urlTemplate":"https:\/\/iwell-guard.com\/fi\/?s={search_term_string}"},"query-input":{"@type":"PropertyValueSpecification","valueRequired":true,"valueName":"search_term_string"}}],"inLanguage":"fi"},{"@type":"Organization","@id":"https:\/\/iwell-guard.com\/fi\/#organization","name":"Ittermann electronic GmbH","url":"https:\/\/iwell-guard.com\/fi\/","logo":{"@type":"ImageObject","inLanguage":"fi","@id":"https:\/\/iwell-guard.com\/fi\/#\/schema\/logo\/image\/","url":"https:\/\/iwell-guard.com\/wp-content\/uploads\/2026\/05\/Ittermann-Logo-1182x237-1.png","contentUrl":"https:\/\/iwell-guard.com\/wp-content\/uploads\/2026\/05\/Ittermann-Logo-1182x237-1.png","width":1182,"height":237,"caption":"Ittermann electronic GmbH"},"image":{"@id":"https:\/\/iwell-guard.com\/fi\/#\/schema\/logo\/image\/"},"sameAs":["https:\/\/pantip.com\/profile\/9367242","https:\/\/micro.blog\/iwellguard","https:\/\/www.diggerslist.com\/iwellguard\/about","https:\/\/skitterphoto.com\/photographers\/2870314\/iwell-guard","https:\/\/iwellguard.wordpress.com\/2026\/06\/06\/iwell-guard\/","https:\/\/hub.docker.com\/u\/iwellguard","https:\/\/www.pinterest.com\/iwellguard\/","https:\/\/bit.ly\/m\/iwellguard","https:\/\/entre-vos-mains.alsace.eu\/profiles\/iwellguard\/activity","https:\/\/gravatar.com\/reallybeded8fd34","https:\/\/naijamatta.com\/iwellguard","https:\/\/www.goodreads.com\/iwellguard","https:\/\/profile.hatena.ne.jp\/iwellguard\/","https:\/\/experiment.com\/users\/iwellguard","https:\/\/wakelet.com\/@iWellGuard82270","https:\/\/www.chordie.com\/forum\/profile.php?id=2555664","https:\/\/www.instapaper.com\/p\/17757966","https:\/\/www.mapleprimes.com\/users\/iwellguard","https:\/\/businesslistingplus.com\/profile\/iwell-guard\/","https:\/\/telegra.ph\/iWell-Guard-06-06","https:\/\/pbase.com\/iwellguard\/iwellguard","https:\/\/b.hatena.ne.jp\/iwellguard\/20260607#bookmark-4788405196491818882","https:\/\/fliphtml5.com\/home\/iwellguard","https:\/\/anyflip.com\/homepage\/cmiwl#About","https:\/\/transfur.com\/Users\/iwellguard","http:\/\/delphi.larsbo.org\/user\/iwellguard","https:\/\/jobs.lajobsportal.org\/profiles\/8380803-iwell-guard","https:\/\/md.chaosdorf.de\/s\/jfbe5SBdJD","https:\/\/www.lingvolive.com\/en-us\/profile\/9ecaeaca-ce11-4e51-9e71-01d55e2bff36\/translations","https:\/\/www.fitday.com\/fitness\/forums\/members\/iwellguard.html","https:\/\/www.mymeetbook.com\/iwellguard","https:\/\/pxhere.com\/en\/photographer-me\/5040798","https:\/\/disqus.com\/by\/iwellguard\/about\/","https:\/\/pastelink.net\/hjwciqwq","https:\/\/pubhtml5.com\/homepage\/scjhn\/","https:\/\/www.bitchute.com\/channel\/2O2eOKzNqujT","https:\/\/audiomack.com\/iwellguard"]}]}},"_links":{"self":[{"href":"https:\/\/iwell-guard.com\/fi\/wp-json\/wp\/v2\/pages\/144485","targetHints":{"allow":["GET"]}}],"collection":[{"href":"https:\/\/iwell-guard.com\/fi\/wp-json\/wp\/v2\/pages"}],"about":[{"href":"https:\/\/iwell-guard.com\/fi\/wp-json\/wp\/v2\/types\/page"}],"author":[{"embeddable":true,"href":"https:\/\/iwell-guard.com\/fi\/wp-json\/wp\/v2\/users\/3"}],"replies":[{"embeddable":true,"href":"https:\/\/iwell-guard.com\/fi\/wp-json\/wp\/v2\/comments?post=144485"}],"version-history":[{"count":0,"href":"https:\/\/iwell-guard.com\/fi\/wp-json\/wp\/v2\/pages\/144485\/revisions"}],"wp:featuredmedia":[{"embeddable":true,"href":"https:\/\/iwell-guard.com\/fi\/wp-json\/wp\/v2\/media\/3578"}],"wp:attachment":[{"href":"https:\/\/iwell-guard.com\/fi\/wp-json\/wp\/v2\/media?parent=144485"}],"wp:term":[{"taxonomy":"category","embeddable":true,"href":"https:\/\/iwell-guard.com\/fi\/wp-json\/wp\/v2\/categories?post=144485"}],"curies":[{"name":"wp","href":"https:\/\/api.w.org\/{rel}","templated":true}]}}