{"id":144484,"date":"2026-09-03T12:35:58","date_gmt":"2026-09-03T12:35:58","guid":{"rendered":"https:\/\/iwell-guard.com\/?page_id=144484"},"modified":"2026-09-03T12:59:58","modified_gmt":"2026-09-03T12:59:58","slug":"kynnyssuoja-ovi-ikkuna-sisaankaynti","status":"publish","type":"page","link":"https:\/\/iwell-guard.com\/fi\/kynnyssuoja-ovi-ikkuna-sisaankaynti\/","title":{"rendered":"Kynnyssuoja: ovi, ikkuna ja talon sis\u00e4\u00e4nk\u00e4ynti"},"content":{"rendered":"\t\t<div data-elementor-type=\"wp-page\" data-elementor-id=\"144484\" class=\"elementor elementor-144484 elementor-3742 elementor-bc-flex-widget\" data-elementor-post-type=\"page\">\n\t\t\t\t<div class=\"elementor-element elementor-element-iwgs-schwellensch-hero e-flex e-con-boxed e-con e-parent\" data-id=\"iwgs-schwellensch-hero\" data-element_type=\"container\" data-e-type=\"container\">\n\t\t\t\t\t<div class=\"e-con-inner\">\n\t\t<div class=\"elementor-element elementor-element-iwgs-schwellensch-hl e-flex e-con-boxed e-con e-parent\" data-id=\"iwgs-schwellensch-hl\" data-element_type=\"container\" data-e-type=\"container\">\n\t\t\t\t\t<div class=\"e-con-inner\">\n\t\t<div class=\"elementor-element elementor-element-iwgs-schwellensch-hlbox e-con-full e-flex e-con e-parent\" data-id=\"iwgs-schwellensch-hlbox\" data-element_type=\"container\" data-e-type=\"container\">\n\t\t\t\t<div class=\"elementor-element elementor-element-iwgs-schwellensch-h1 elementor-widget elementor-widget-heading\" data-id=\"iwgs-schwellensch-h1\" data-element_type=\"widget\" data-e-type=\"widget\" data-widget_type=\"heading.default\">\n\t\t\t\t\t<h1 class=\"elementor-heading-title elementor-size-default\">Kynnyssuoja: kynnyksen, ikkunan ja talon sis\u00e4\u00e4nk\u00e4ynnin suojaaminen<\/h1>\t\t\t\t<\/div>\n\t\t\t\t<div class=\"elementor-element elementor-element-iwgs-schwellensch-lead elementor-widget elementor-widget-text-editor\" data-id=\"iwgs-schwellensch-lead\" data-element_type=\"widget\" data-e-type=\"widget\" data-widget_type=\"text-editor.default\">\n\t\t\t\t\t\t\t\t\t<p>Kynnyssuoja kattaa kaikki tavat, joilla kynnyst\u00e4, ikkunaa ja talon sis\u00e4\u00e4nk\u00e4ynti\u00e4 suojattiin haitallisilta vaikutuksilta. Se perustuu ajatukseen, ett\u00e4 aukko on erityisen alttiin paikka, koska sen l\u00e4pi jokin voi p\u00e4\u00e4st\u00e4 sis\u00e4\u00e4n taloon.<\/p><p>T\u00e4m\u00e4 artikkeli tarkastelee kynnyssuojaa uskontotieteellisesti ja seuraa sen j\u00e4lki\u00e4 <span class=\"iwg-fachbegriff\" data-tooltip=\"Kreikan ja Rooman kulttuurin aikakausi, noin 800 eaa.\u2013600 jaa.\" tabindex=\"0\">antiikista<\/span> nykyaikaiseen vastaanottoon. Historiallisesti dokumentoitu <span class=\"iwg-fachbegriff\" data-tooltip=\"Yhteis\u00f6n periytyneiden tapojen kokonaisuus.\" tabindex=\"0\">tapaperinne<\/span> ja nykyaikainen tulkinta pidet\u00e4\u00e4n erill\u00e4\u00e4n toisistaan.<\/p>\t\t\t\t\t\t\t\t<\/div>\n\t\t\t\t<\/div>\n\t\t\t\t<div class=\"elementor-element elementor-element-iwgs-schwellensch-pills elementor-widget elementor-widget-html\" data-id=\"iwgs-schwellensch-pills\" data-element_type=\"widget\" data-e-type=\"widget\" data-widget_type=\"html.default\">\n\t\t\t\t\t<div class=\"iwg-pill-row\"><span class=\"iwg-klasse-badge\" tabindex=\"0\" data-tooltip=\"Suojasymboli, amuletti tai apotrooppinen esine.\">Suojasymboli<\/span><a href=\"https:\/\/iwell-guard.com\/fi\/suojasymbolit\/\" class=\"iwg-kultur-badge\" tabindex=\"0\" data-tooltip=\"Suojaperinne: Kulttuurienv\u00e4linen\">Kulttuurienv\u00e4linen<\/a><span class=\"iwg-tradition-badge\" tabindex=\"0\" data-tooltip=\"Yleinen vaikutusperiaate, johon suojatavat perustuvat.\">Suojaperiaate<\/span><\/div>\t\t\t\t<\/div>\n\t\t\t\t\t<\/div>\n\t\t\t\t<\/div>\n\t\t<div class=\"elementor-element elementor-element-iwgs-schwellensch-hr e-con-full e-flex e-con e-parent\" data-id=\"iwgs-schwellensch-hr\" data-element_type=\"container\" data-e-type=\"container\">\n\t\t\t\t<div class=\"elementor-element elementor-element-iwgs-schwellensch-himg iwg-hero-image elementor-widget elementor-widget-image\" data-id=\"iwgs-schwellensch-himg\" data-element_type=\"widget\" data-e-type=\"widget\" data-widget_type=\"image.default\">\n\t\t\t\t\t\t\t\t\t\t\t\t\t\t\t<img fetchpriority=\"high\" decoding=\"async\" width=\"683\" height=\"1024\" src=\"https:\/\/iwell-guard.com\/wp-content\/uploads\/2026\/05\/schutzsymbol_universell_schwellenschutz-683x1024.webp\" class=\"attachment-large size-large wp-image-148459\" alt=\"Kynnyssuoja - suojasymboli, museokuvitus\" srcset=\"https:\/\/iwell-guard.com\/wp-content\/uploads\/2026\/05\/schutzsymbol_universell_schwellenschutz-683x1024.webp 683w, https:\/\/iwell-guard.com\/wp-content\/uploads\/2026\/05\/schutzsymbol_universell_schwellenschutz-200x300.webp 200w, https:\/\/iwell-guard.com\/wp-content\/uploads\/2026\/05\/schutzsymbol_universell_schwellenschutz-768x1152.webp 768w, https:\/\/iwell-guard.com\/wp-content\/uploads\/2026\/05\/schutzsymbol_universell_schwellenschutz.webp 1024w\" sizes=\"(max-width: 683px) 100vw, 683px\" \/>\t\t\t\t\t\t\t\t\t\t\t\t\t\t\t<\/div>\n\t\t\t\t<\/div>\n\t\t\t\t\t<\/div>\n\t\t\t\t<\/div>\n\t\t<div class=\"elementor-element elementor-element-iwgs-schwellensch-s0 e-flex e-con-boxed e-con e-parent\" data-id=\"iwgs-schwellensch-s0\" data-element_type=\"container\" data-e-type=\"container\">\n\t\t\t\t\t<div class=\"e-con-inner\">\n\t\t\t\t<div class=\"elementor-element elementor-element-iwgs-schwellensch-s0h elementor-widget elementor-widget-heading\" data-id=\"iwgs-schwellensch-s0h\" data-element_type=\"widget\" data-e-type=\"widget\" data-widget_type=\"heading.default\">\n\t\t\t\t\t<h2 class=\"elementor-heading-title elementor-size-default\">M\u00e4\u00e4rittely: mit\u00e4 kynnyssuoja tarkoittaa<\/h2>\t\t\t\t<\/div>\n\t\t<div class=\"elementor-element elementor-element-iwgs-schwellensch-s0box e-con-full e-flex e-con e-parent\" data-id=\"iwgs-schwellensch-s0box\" data-element_type=\"container\" data-e-type=\"container\">\n\t\t\t\t<div class=\"elementor-element elementor-element-iwgs-schwellensch-s0t elementor-widget elementor-widget-text-editor\" data-id=\"iwgs-schwellensch-s0t\" data-element_type=\"widget\" data-e-type=\"widget\" data-widget_type=\"text-editor.default\">\n\t\t\t\t\t\t\t\t\t<p>Kynnyssuoja on kokoava termi tavoille, jotka kohdistuvat rakennuksen aukkoihin. Kyse on ennen kaikkea kynnyksest\u00e4, ovenkarmista, ikkunoista ja koko talon sis\u00e4\u00e4nk\u00e4ynnist\u00e4. N\u00e4it\u00e4 kohtia pidettiin monissa kulttuureissa erityisen herkkin\u00e4.<\/p><p>Perusajatus on yksinkertainen. Taloa pidet\u00e4\u00e4n suojattuna tilana, mutta t\u00e4ll\u00e4 tilalla on v\u00e4ltt\u00e4m\u00e4tt\u00f6mi\u00e4 aukkoja. Niiden kautta ihmiset kulkevat sis\u00e4\u00e4n ja ulos, ja niiden kautta yleisen k\u00e4sityksen mukaan my\u00f6s haitalliseksi ajateltu vaikutus voi p\u00e4\u00e4st\u00e4 sis\u00e4\u00e4n.<\/p><p>Kynnyssuoja kohdistuu siksi juuri n\u00e4ihin siirtym\u00e4kohtiin. Se muodostuu merkeist\u00e4, esineist\u00e4 tai teoista, jotka sijoitetaan kynnykselle tai sen yl\u00e4puolelle ja joiden tarkoitus on suojata aukkoa.<\/p><p>Keinot ovat hyvin moninaisia. Tunnettuja ovat kaiverretut merkit, ripustetut esineet, muuriin upotetut kohteet, sirotellut aineet ja maalatut kuviot. Niit\u00e4 yhdist\u00e4\u00e4 suhde aukon paikkaan.<\/p><p><a href=\"https:\/\/iwell-guard.com\/fi\/suojasymbolit\/\">Suojasymbolien<\/a> joukossa kynnyssuoja ei ole niink\u00e4\u00e4n yksitt\u00e4inen <span class=\"iwg-fachbegriff\" data-tooltip=\"Merkki, joka edustaa jotakin k\u00e4sityst\u00e4 tai merkityst\u00e4.\" tabindex=\"0\">symboli<\/span> vaan soveltamisalue. Se kokoaa yhteen sen, mit\u00e4 tietyss\u00e4 paikassa, nimitt\u00e4in sis\u00e4\u00e4nk\u00e4ynnill\u00e4, tehtiin.<\/p><p>Kynnyssuoja liittyy l\u00e4heisesti suojapiiriin. Siin\u00e4 miss\u00e4 piiri rajaa kokonaisen alueen, kynnyssuoja suojaa yksitt\u00e4ist\u00e4 aukkoa, jonka kautta t\u00e4lle alueelle astutaan.<\/p><p>Kynnyssuoja ei kohdistu ainoastaan vahingon torjumiseen suppeassa mieless\u00e4, vaan my\u00f6s talon onnen suojaamiseen. Jotkin tavat pyrkiv\u00e4t est\u00e4m\u00e4\u00e4n hyvinvoinnin karkaamista talosta, toiset pyrkiv\u00e4t houkuttelemaan sit\u00e4 sis\u00e4\u00e4n. N\u00e4in kynnyssuojalla on torjuvan puolen ohella my\u00f6s s\u00e4ilytt\u00e4v\u00e4 ja kutsuva puoli.<\/p>\t\t\t\t\t\t\t\t<\/div>\n\t\t\t\t<\/div>\n\t\t\t\t\t<\/div>\n\t\t\t\t<\/div>\n\t\t<div class=\"elementor-element elementor-element-iwgs-schwellensch-s1 e-flex e-con-boxed e-con e-parent\" data-id=\"iwgs-schwellensch-s1\" data-element_type=\"container\" data-e-type=\"container\">\n\t\t\t\t\t<div class=\"e-con-inner\">\n\t\t\t\t<div class=\"elementor-element elementor-element-iwgs-schwellensch-s1h elementor-widget elementor-widget-heading\" data-id=\"iwgs-schwellensch-s1h\" data-element_type=\"widget\" data-e-type=\"widget\" data-widget_type=\"heading.default\">\n\t\t\t\t\t<h2 class=\"elementor-heading-title elementor-size-default\">Kynnyssuojan alkuper\u00e4 ja historiallinen syvyys<\/h2>\t\t\t\t<\/div>\n\t\t<div class=\"elementor-element elementor-element-iwgs-schwellensch-s1box e-con-full e-flex e-con e-parent\" data-id=\"iwgs-schwellensch-s1box\" data-element_type=\"container\" data-e-type=\"container\">\n\t\t\t\t<div class=\"elementor-element elementor-element-iwgs-schwellensch-s1t elementor-widget elementor-widget-text-editor\" data-id=\"iwgs-schwellensch-s1t\" data-element_type=\"widget\" data-e-type=\"widget\" data-widget_type=\"text-editor.default\">\n\t\t\t\t\t\t\t\t\t<p>Ovien ja ikkunoiden suojaaminen on yht\u00e4 vanhaa kuin kiinte\u00e4 talo. Jo muinaisesta L\u00e4hi-id\u00e4st\u00e4 tunnetaan tapoja, joilla sis\u00e4\u00e4nk\u00e4yntej\u00e4 suojattiin, ja t\u00e4m\u00e4 on p\u00e4\u00e4telt\u00e4viss\u00e4 teksteist\u00e4 ja arkeologisista l\u00f6yd\u00f6ist\u00e4.<\/p><p>Mesopotamiassa pieni\u00e4 hahmoja haudattiin ovenaukkojen lattiaan. N\u00e4iden niin kutsuttujen apotropaia-esineiden tarkoitus oli suojata sis\u00e4\u00e4nk\u00e4ynti\u00e4. Niihin liittyv\u00e4t tekstit kuvaavat menettelytapaa ja siihen liittyvi\u00e4 k\u00e4sityksi\u00e4.<\/p><p>Faaraoiden Egyptiss\u00e4 ovilla ja sis\u00e4\u00e4nk\u00e4yntien yl\u00e4puolella on merkkej\u00e4 ja kirjoituksia, joilla on suojaava merkitys. My\u00f6s siell\u00e4 sis\u00e4\u00e4nk\u00e4ynti\u00e4 pidettiin paikkana, joka vaati erityist\u00e4 huomiota.<\/p><p>Kreikan ja Rooman maailmassa sis\u00e4\u00e4nk\u00e4ynti kuului tiettyjen jumaluuksien vaikutuspiiriin, ja oviin kiinnitettiin merkkej\u00e4 ja esineit\u00e4. Ovenkarmi esiintyy antiikin l\u00e4hteiss\u00e4 talon merkitt\u00e4v\u00e4n\u00e4 kohtana.<\/p><p>Euroopan keskiajalla ja uuden ajan alussa kynnyssuoja jatkui talonpoikaisissa tavoissa. Ovipalkkeihin ja sis\u00e4\u00e4nk\u00e4yntien yl\u00e4puolelle kaiverretut merkit ovat monin paikoin todistettavissa s\u00e4ilyneiss\u00e4 rakennuksissa.<\/p><p>Kaiken kaikkiaan kynnyssuoja osoittautuu k\u00e4yt\u00e4nn\u00f6ksi, joka on todistettu eritt\u00e4in pitkien aikojen ja monien kulttuurien yli. Se on v\u00e4hemm\u00e4n vaeltava <span class=\"iwg-fachbegriff\" data-tooltip=\"Toistuva sis\u00e4ll\u00f6llinen elementti taiteessa tai kerronnassa.\" tabindex=\"0\">motiivi<\/span> kuin toistuvasti uudelleen syntynyt huoli sis\u00e4\u00e4nk\u00e4ynnist\u00e4.<\/p>\t\t\t\t\t\t\t\t<\/div>\n\t\t\t\t<\/div>\n\t\t\t\t\t<\/div>\n\t\t\t\t<\/div>\n\t\t<div class=\"elementor-element elementor-element-iwgs-schwellensch-s2 e-flex e-con-boxed e-con e-parent\" data-id=\"iwgs-schwellensch-s2\" data-element_type=\"container\" data-e-type=\"container\">\n\t\t\t\t\t<div class=\"e-con-inner\">\n\t\t\t\t<div class=\"elementor-element elementor-element-iwgs-schwellensch-s2h elementor-widget elementor-widget-heading\" data-id=\"iwgs-schwellensch-s2h\" data-element_type=\"widget\" data-e-type=\"widget\" data-widget_type=\"heading.default\">\n\t\t\t\t\t<h2 class=\"elementor-heading-title elementor-size-default\">Vaarallisen siirtym\u00e4n taustalla oleva k\u00e4sitys<\/h2>\t\t\t\t<\/div>\n\t\t<div class=\"elementor-element elementor-element-iwgs-schwellensch-s2box e-con-full e-flex e-con e-parent\" data-id=\"iwgs-schwellensch-s2box\" data-element_type=\"container\" data-e-type=\"container\">\n\t\t\t\t<div class=\"elementor-element elementor-element-iwgs-schwellensch-s2t elementor-widget elementor-widget-text-editor\" data-id=\"iwgs-schwellensch-s2t\" data-element_type=\"widget\" data-e-type=\"widget\" data-widget_type=\"text-editor.default\">\n\t\t\t\t\t\t\t\t\t<p>Kynnyssuojan ajatuksellinen ydin on k\u00e4sitys vaarallisesta siirtym\u00e4st\u00e4. Kynnys on kohta, jossa sis\u00e4tila p\u00e4\u00e4ttyy ja ulkotila alkaa. Se on siis raja ja samalla aukko t\u00e4ss\u00e4 rajassa.<\/p><p>Haitalliset vaikutukset ymm\u00e4rrettiin monissa kansanuskon j\u00e4rjestelmiss\u00e4 jonakin, joka tulee ulkopuolelta ja jonka on astuttava tilaan vaikuttaakseen. Aukko on siksi kohta, jossa t\u00e4llainen sis\u00e4\u00e4np\u00e4\u00e4sy ylip\u00e4\u00e4t\u00e4\u00e4n n\u00e4ytti mahdolliselta.<\/p><p>Kynnys ymm\u00e4rrettiin t\u00e4ll\u00f6in omanlaisenaan paikkana, joka ei ole t\u00e4ysin sis\u00e4ll\u00e4 eik\u00e4 t\u00e4ysin ulkona. T\u00e4llaisia v\u00e4litiloja pidettiin monissa kulttuureissa erityisen merkityksellisin\u00e4 ja samalla erityisen herkkin\u00e4.<\/p><p>T\u00e4st\u00e4 syyst\u00e4 suoja kohdistui koko muurin sijaan nimenomaan aukkoon. Suljettua sein\u00e4\u00e4 pidettiin turvallisena, kun taas oviaukko oli kohta, jossa raja on murrettu.<\/p><p>Sis\u00e4\u00e4nk\u00e4ynnin merkkien ja esineiden tarkoitus oli ik\u00e4\u00e4n kuin sulkea takaisin rajan aukko. Ne t\u00e4ydensiv\u00e4t kiinte\u00e4\u00e4 sein\u00e4\u00e4 suojalla juuri siin\u00e4 kohdassa, jossa sein\u00e4n on v\u00e4ltt\u00e4m\u00e4tt\u00e4 oltava avoin.<\/p><p>T\u00e4ss\u00e4 kuvattu k\u00e4sitys on kulttuurihistoriallinen selitys. Se kertoo, miksi ihmiset suojasivat sis\u00e4\u00e4nk\u00e4ynnin, ja kuvaa uskomusta. Se ei ole todiste vaikutuksesta. Tutkimus kuvaa k\u00e4sityst\u00e4 vahvistamatta sit\u00e4.<\/p>\t\t\t\t\t\t\t\t<\/div>\n\t\t\t\t<\/div>\n\t\t\t\t\t<\/div>\n\t\t\t\t<\/div>\n\t\t<div class=\"elementor-element elementor-element-iwgs-schwellensch-s3 e-flex e-con-boxed e-con e-parent\" data-id=\"iwgs-schwellensch-s3\" data-element_type=\"container\" data-e-type=\"container\">\n\t\t\t\t\t<div class=\"e-con-inner\">\n\t\t\t\t<div class=\"elementor-element elementor-element-iwgs-schwellensch-s3h elementor-widget elementor-widget-heading\" data-id=\"iwgs-schwellensch-s3h\" data-element_type=\"widget\" data-e-type=\"widget\" data-widget_type=\"heading.default\">\n\t\t\t\t\t<h2 class=\"elementor-heading-title elementor-size-default\">Esimerkkej\u00e4 antiikin ja L\u00e4hi-id\u00e4n ajalta<\/h2>\t\t\t\t<\/div>\n\t\t<div class=\"elementor-element elementor-element-iwgs-schwellensch-s3box e-con-full e-flex e-con e-parent\" data-id=\"iwgs-schwellensch-s3box\" data-element_type=\"container\" data-e-type=\"container\">\n\t\t\t\t<div class=\"elementor-element elementor-element-iwgs-schwellensch-s3t elementor-widget elementor-widget-text-editor\" data-id=\"iwgs-schwellensch-s3t\" data-element_type=\"widget\" data-e-type=\"widget\" data-widget_type=\"text-editor.default\">\n\t\t\t\t\t\t\t\t\t<p>Mesopotamiassa taloja ja palatseja rakennettaessa kynnysten alle kaivettiin riveitt\u00e4in pieni\u00e4 savihahmoja. Niihin liittyv\u00e4t loitsutekstit mainitsevat hahmot nimelt\u00e4 ja kertovat, ett\u00e4 niiden teht\u00e4v\u00e4n\u00e4 oli suojata sis\u00e4\u00e4nk\u00e4ynti\u00e4.<\/p><p>Mesopotamialaiset l\u00e4hteet kertovat my\u00f6s merkkien ja kirjoitusten kiinnitt\u00e4misest\u00e4 ovenkehyksiin. N\u00e4iss\u00e4 teksteiss\u00e4 sis\u00e4\u00e4nk\u00e4ynti n\u00e4ytt\u00e4ytyy paikkana, jonka rakentamiseen ja <span class=\"iwg-fachbegriff\" data-tooltip=\"Yhteis\u00f6ss\u00e4 s\u00e4\u00e4nn\u00f6llisesti toistettu, perinteinen toimintatapa.\" tabindex=\"0\">tapaan<\/span> kiinnitettiin erityist\u00e4 huomiota.<\/p><p>Faaraoiden Egyptiss\u00e4 ovien kamanoihin ja pihtipieliin kirjoitettiin tekstej\u00e4, joilla oli muun muassa suojaava merkitys. Sis\u00e4\u00e4nk\u00e4ynneiss\u00e4 esiintyy lis\u00e4ksi merkkej\u00e4, joille annettiin torjuva teht\u00e4v\u00e4.<\/p><p>Roomalaisessa maailmassa ovialue oli omistettu tietyille jumaluuksille, ja sis\u00e4\u00e4nk\u00e4ynteihin kiinnitettiin merkkej\u00e4 ja esineit\u00e4. <span class=\"iwg-fachbegriff\" data-tooltip=\"Kreikkalais-roomalaisen kulttuurin kausi, noin 800 eaa.\u2013600 jaa.\" tabindex=\"0\">Antiikin<\/span> tekstit mainitsevat tapoja, jotka kohdistuivat kynnykseen ja ovenkehykseen.<\/p><p>Juutalaisessa perinteess\u00e4 tunnetaan kirjoitetun tekstikapselin kiinnitt\u00e4minen ovenpieleen, ja t\u00e4m\u00e4 on edelleen osa uskonnollista k\u00e4yt\u00e4nt\u00f6\u00e4. Se viittaa nimenomaisesti ovenpieleen merkityksellisen\u00e4 paikkana.<\/p><p>N\u00e4m\u00e4 esimerkit osoittavat, ett\u00e4 sis\u00e4\u00e4nk\u00e4ynti oli antiikin V\u00e4limeren alueella ja L\u00e4hi-id\u00e4ss\u00e4 omien tapojen paikka. Kynnyksen suojaaminen on siten hyvin todistettu useiden kulttuurien piiriss\u00e4.<\/p><p>Kreikkalaisesta maailmasta on tiedossa, ett\u00e4 sis\u00e4\u00e4nk\u00e4ynti kuului tiettyjen jumaluuksien alaan ja ett\u00e4 oviin kiinnitettiin oksia, nauhoja ja pieni\u00e4 merkkej\u00e4. <span class=\"iwg-fachbegriff\" data-tooltip=\"Kreikkalais-roomalaisen kulttuurin kausi, noin 800 eaa.\u2013600 jaa.\" tabindex=\"0\">Antiikin<\/span> kirjailijat mainitsevat kynnykseen liittyvi\u00e4 tapoja, esimerkiksi uuteen taloon muutettaessa. Sis\u00e4\u00e4nk\u00e4ynti n\u00e4ytt\u00e4ytyy n\u00e4iss\u00e4 teksteiss\u00e4 paikkana, jossa siirtym\u00e4 ja huoli kohtaavat.<\/p>\t\t\t\t\t\t\t\t<\/div>\n\t\t\t\t<\/div>\n\t\t\t\t\t<\/div>\n\t\t\t\t<\/div>\n\t\t<div class=\"elementor-element elementor-element-iwgs-schwellensch-s4 e-flex e-con-boxed e-con e-parent\" data-id=\"iwgs-schwellensch-s4\" data-element_type=\"container\" data-e-type=\"container\">\n\t\t\t\t\t<div class=\"e-con-inner\">\n\t\t\t\t<div class=\"elementor-element elementor-element-iwgs-schwellensch-s4h elementor-widget elementor-widget-heading\" data-id=\"iwgs-schwellensch-s4h\" data-element_type=\"widget\" data-e-type=\"widget\" data-widget_type=\"heading.default\">\n\t\t\t\t\t<h2 class=\"elementor-heading-title elementor-size-default\">Esimerkkej\u00e4 eurooppalaisesta kansanmagiasta<\/h2>\t\t\t\t<\/div>\n\t\t<div class=\"elementor-element elementor-element-iwgs-schwellensch-s4box e-con-full e-flex e-con e-parent\" data-id=\"iwgs-schwellensch-s4box\" data-element_type=\"container\" data-e-type=\"container\">\n\t\t\t\t<div class=\"elementor-element elementor-element-iwgs-schwellensch-s4t elementor-widget elementor-widget-text-editor\" data-id=\"iwgs-schwellensch-s4t\" data-element_type=\"widget\" data-e-type=\"widget\" data-widget_type=\"text-editor.default\">\n\t\t\t\t\t\t\t\t\t<p>Euroopan kansanmagiassa kynnyksen suojaaminen on runsaasti todistettu. S\u00e4ilyneiss\u00e4 maalaistaloissa on kaiverrettuja merkkej\u00e4 ovipalkeissa, sis\u00e4\u00e4nk\u00e4yntien yl\u00e4puolella ja ikkunoissa. Kansatieteelliset kokoelmat ovat tallentaneet t\u00e4llaiset merkit perusteellisesti.<\/p><p>Perinteisiin keinoihin kuuluivat oven yl\u00e4puolelle kiinnitetyt keng\u00e4nkuvat, kaiverretut t\u00e4htikuviot ja ristit, muuraukseen upotetut esineet sek\u00e4 oven luo tai sen yl\u00e4puolelle ripustetut kasvit.<\/p><p>My\u00f6s aineita, kuten suolaa, siroteltiin kynnyksille. T\u00e4m\u00e4 yhdist\u00e4\u00e4 kynnyksen suojaamisen ajatukseen suolasta ja raudasta torjuvina aineina, jota k\u00e4sitell\u00e4\u00e4n erillisess\u00e4 artikkelissa.<\/p><p>Tietyt ajankohdat katsottiin erityisen herkiksi, esimerkiksi vuoden tiettyin\u00e4 \u00f6in\u00e4. N\u00e4in\u00e4 hetkin\u00e4 oviin ja ikkunoihin tehtiin tarkoituksella merkkej\u00e4 tai ne suojattiin esineill\u00e4.<\/p><p>Kertomukset kynnyksen suojaamisesta kuvaavat k\u00e4ytt\u00e4jien odotuksia, ei todistettua vaikutusta. Ne osoittavat, ett\u00e4 sis\u00e4\u00e4nk\u00e4ynnin suojaaminen ymm\u00e4rrettiin turvallisuutta luovana tekona.<\/p><p>Maagisen kotitavan v\u00e4istyess\u00e4 kynnyksen suojaaminen menetti arkip\u00e4iv\u00e4isen merkityksens\u00e4. S\u00e4ilyneet ovat l\u00e4hinn\u00e4 vanhoihin rakennuksiin kaiverretut merkit, joita tutkitaan nyky\u00e4\u00e4n rakennushistoriassa.<\/p><p>My\u00f6s tietyn puun ja kasvin valinta sis\u00e4\u00e4nk\u00e4ynnin luo on kansatieteellisesti todistettu. Oviin ja sis\u00e4\u00e4nk\u00e4yntien yl\u00e4puolelle kiinnitettiin seljan, katajan tai pihlajan oksia, joille annettiin torjuva merkitys. T\u00e4llaiset kasviper\u00e4iset keinot t\u00e4ydensiv\u00e4t kaiverrettuja merkkej\u00e4 ja yhdistiv\u00e4t kynnyksen suojaamisen laajempaan suojakasvien alueeseen.<\/p>\t\t\t\t\t\t\t\t<\/div>\n\t\t\t\t<\/div>\n\t\t\t\t\t<\/div>\n\t\t\t\t<\/div>\n\t\t<div class=\"elementor-element elementor-element-iwgs-schwellensch-s5 e-flex e-con-boxed e-con e-parent\" data-id=\"iwgs-schwellensch-s5\" data-element_type=\"container\" data-e-type=\"container\">\n\t\t\t\t\t<div class=\"e-con-inner\">\n\t\t\t\t<div class=\"elementor-element elementor-element-iwgs-schwellensch-s5h elementor-widget elementor-widget-heading\" data-id=\"iwgs-schwellensch-s5h\" data-element_type=\"widget\" data-e-type=\"widget\" data-widget_type=\"heading.default\">\n\t\t\t\t\t<h2 class=\"elementor-heading-title elementor-size-default\">Esimerkkej\u00e4 Aasiasta ja muista kulttuureista<\/h2>\t\t\t\t<\/div>\n\t\t<div class=\"elementor-element elementor-element-iwgs-schwellensch-s5box e-con-full e-flex e-con e-parent\" data-id=\"iwgs-schwellensch-s5box\" data-element_type=\"container\" data-e-type=\"container\">\n\t\t\t\t<div class=\"elementor-element elementor-element-iwgs-schwellensch-s5t elementor-widget elementor-widget-text-editor\" data-id=\"iwgs-schwellensch-s5t\" data-element_type=\"widget\" data-e-type=\"widget\" data-widget_type=\"text-editor.default\">\n\t\t\t\t\t\t\t\t\t<p>Etel\u00e4-Aasiassa oven kynnysten eteen asetetaan lattia- ja kynnyskuvioita jauhosta, riisijauhosta tai v\u00e4rillisest\u00e4 jauheesta. N\u00e4m\u00e4 kuviot koristavat sis\u00e4\u00e4nk\u00e4ynti\u00e4 ja merkitsev\u00e4t sen samalla talon merkitykselliseksi paikaksi.<\/p><p>Kiinassa oviin kiinnitet\u00e4\u00e4n lausenauhoja, kuvia ja merkkej\u00e4, erityisesti vuodenvaihteessa. Ovilevyt ja ovenkehys ovat t\u00e4ss\u00e4 vakiintuneita kotitavan paikkoja, joissa esiintyy suojaavan merkityksen merkkej\u00e4.<\/p><p>Islamilaisessa maailmassa yleisi\u00e4 ovat sis\u00e4\u00e4nk\u00e4yntien yl\u00e4puolelle kiinnitetyt kirjoitukset, k\u00e4si- ja silm\u00e4aiheet. Sis\u00e4\u00e4nk\u00e4ynti on siell\u00e4 suosittu paikka merkeille, kuten <a href=\"https:\/\/iwell-guard.com\/fi\/?page_id=144360\">nazar boncu\u011fu<\/a>, jonka tarkoitus on torjua haitalliseksi katsottu katse.<\/p><p>Osissa Afrikkaa sis\u00e4\u00e4nk\u00e4ynteihin kiinnitet\u00e4\u00e4n esineit\u00e4, kasveja ja merkkej\u00e4, joiden on tarkoitus suojata taloa. Kyl\u00e4n tai pihapiirin sis\u00e4\u00e4nk\u00e4ynti kulkee usein merkityn alueen l\u00e4pi.<\/p><p>N\u00e4iden alueiden yli tarkasteltuna n\u00e4kyy, ett\u00e4 sis\u00e4\u00e4nk\u00e4ynti on l\u00e4hes kaikkialla omien tapojen paikka. Kynnyksen suojaaminen ei ole yksitt\u00e4isen kulttuurin <span class=\"iwg-fachbegriff\" data-tooltip=\"Taiteessa tai kertomuksessa toistuva sis\u00e4ll\u00f6llinen aihe.\" tabindex=\"0\">motiivi<\/span>, vaan laajalti levinnyt huolenaihe.<\/p><p>Esimerkkien moninaisuus osoittaa, ett\u00e4 kynnyksen suojaaminen on ymm\u00e4rrett\u00e4v\u00e4 sovellusalueena. Se syntyy kaikkialla, miss\u00e4 talo miellet\u00e4\u00e4n suojatuksi tilaksi, jossa on v\u00e4ltt\u00e4m\u00e4tt\u00f6mi\u00e4 aukkoja.<\/p><p>Muinaisessa L\u00e4hi-id\u00e4ss\u00e4 tunnetaan lis\u00e4ksi kirjoitetuilla merkinn\u00f6ill\u00e4 varustetut ovinaulat ja perustuslahjat, jotka upotettiin rakennusvaiheessa kynnyksiin ja muureihin. Ne mainitsevat rakennuttajan nimen ja samalla kutsuvat suojaa rakennukselle. N\u00e4iden l\u00f6yt\u00f6jen perusteella huoli sis\u00e4\u00e4nk\u00e4ynnist\u00e4 oli vakiintunut osa talon rakentamista jo alusta alkaen.<\/p>\t\t\t\t\t\t\t\t<\/div>\n\t\t\t\t<\/div>\n\t\t\t\t\t<\/div>\n\t\t\t\t<\/div>\n\t\t<div class=\"elementor-element elementor-element-iwgs-schwellensch-s6 e-flex e-con-boxed e-con e-parent\" data-id=\"iwgs-schwellensch-s6\" data-element_type=\"container\" data-e-type=\"container\">\n\t\t\t\t\t<div class=\"e-con-inner\">\n\t\t\t\t<div class=\"elementor-element elementor-element-iwgs-schwellensch-s6h elementor-widget elementor-widget-heading\" data-id=\"iwgs-schwellensch-s6h\" data-element_type=\"widget\" data-e-type=\"widget\" data-widget_type=\"heading.default\">\n\t\t\t\t\t<h2 class=\"elementor-heading-title elementor-size-default\">K\u00e4ytt\u00f6 rituaaleissa ja arjessa<\/h2>\t\t\t\t<\/div>\n\t\t<div class=\"elementor-element elementor-element-iwgs-schwellensch-s6box e-con-full e-flex e-con e-parent\" data-id=\"iwgs-schwellensch-s6box\" data-element_type=\"container\" data-e-type=\"container\">\n\t\t\t\t<div class=\"elementor-element elementor-element-iwgs-schwellensch-s6t elementor-widget elementor-widget-text-editor\" data-id=\"iwgs-schwellensch-s6t\" data-element_type=\"widget\" data-e-type=\"widget\" data-widget_type=\"text-editor.default\">\n\t\t\t\t\t\t\t\t\t<p>Kynnyssuoja saatiin arjessa usein alkunsa talon rakentamisen yhteydess\u00e4. Muuraukseen upotetut esineet ja kaiverretut merkit tehtiin rakennuksen valmistuessa, ja ne pysyiv\u00e4t sen j\u00e4lkeen pysyv\u00e4sti paikoillaan.<\/p><p>Muut muodot uudistettiin jatkuvasti. Levitetty suola, ripustetut kasvit ja maalatut kynnyskuviot t\u00e4ytyi uusia s\u00e4\u00e4nn\u00f6llisesti. T\u00e4m\u00e4 uudistaminen teki kynnyssuojasta toistuvan <span class=\"iwg-fachbegriff\" data-tooltip=\"Perinteinen, yhteis\u00f6ss\u00e4 s\u00e4\u00e4nn\u00f6llisesti toistettava toiminto.\" tabindex=\"0\">tavan<\/span>.<\/p><p>Tietyt tilaisuudet vahvistivat kynnyssuojaa. Herkkien \u00f6iden edell\u00e4, juhlien aikaan tai perheen el\u00e4m\u00e4n erikoistapahtumissa ovet ja ikkunat varustettiin lis\u00e4ksi merkeill\u00e4 tai esineill\u00e4.<\/p><p>My\u00f6s k\u00e4ytt\u00e4ytyminen kynnyksell\u00e4 oli s\u00e4\u00e4delty\u00e4. Monissa kulttuureissa kynnyksell\u00e4 seisomista tai viipymist\u00e4 pidet\u00e4\u00e4n sopimattomana tai onnettomuutta tuottavana. T\u00e4llaiset k\u00e4ytt\u00e4ytymiss\u00e4\u00e4nn\u00f6t kuuluvat kynnyssuojan laajempaan piiriin.<\/p><p>Kynnyssuoja liittyi usein \u00e4\u00e4neen lausuttuihin siunaussanoihin. Merkki\u00e4 kiinnitett\u00e4ess\u00e4 tai ainetta levitett\u00e4ess\u00e4 voitiin lausua loitsu, joka s\u00e4esti toimintaa.<\/p><p>Kynnyssuojalle ei ole yhten\u00e4ist\u00e4 rituaalij\u00e4rjestyst\u00e4. Tarkka muoto riippui alueesta, rakennustavasta ja perinteest\u00e4, mik\u00e4 kansatieteellinen tutkimus on useaan otteeseen todentanut.<\/p><p>My\u00f6s talosta l\u00e4htemiseen ja siihen astumiseen liittyv\u00e4t toiminnot kynnyksell\u00e4 oli s\u00e4\u00e4deltyj\u00e4. Kynnyksen ylitt\u00e4minen tietyll\u00e4 jalalla ja morsiamen kantaminen kynnyksen yli kuuluvat t\u00e4h\u00e4n piiriin. T\u00e4llaiset tavat osoittavat, ett\u00e4 kynnyst\u00e4 pidettiin sek\u00e4 merkkien paikkana ett\u00e4 s\u00e4\u00e4dellyn k\u00e4ytt\u00e4ytymisen paikkana.<\/p>\t\t\t\t\t\t\t\t<\/div>\n\t\t\t\t<\/div>\n\t\t\t\t\t<\/div>\n\t\t\t\t<\/div>\n\t\t<div class=\"elementor-element elementor-element-iwgs-schwellensch-s7 e-flex e-con-boxed e-con e-parent\" data-id=\"iwgs-schwellensch-s7\" data-element_type=\"container\" data-e-type=\"container\">\n\t\t\t\t\t<div class=\"e-con-inner\">\n\t\t\t\t<div class=\"elementor-element elementor-element-iwgs-schwellensch-s7h elementor-widget elementor-widget-heading\" data-id=\"iwgs-schwellensch-s7h\" data-element_type=\"widget\" data-e-type=\"widget\" data-widget_type=\"heading.default\">\n\t\t\t\t\t<h2 class=\"elementor-heading-title elementor-size-default\">Sukulaiset suojamuodot ja rajanveto<\/h2>\t\t\t\t<\/div>\n\t\t<div class=\"elementor-element elementor-element-iwgs-schwellensch-s7box e-con-full e-flex e-con e-parent\" data-id=\"iwgs-schwellensch-s7box\" data-element_type=\"container\" data-e-type=\"container\">\n\t\t\t\t<div class=\"elementor-element elementor-element-iwgs-schwellensch-s7t elementor-widget elementor-widget-text-editor\" data-id=\"iwgs-schwellensch-s7t\" data-element_type=\"widget\" data-e-type=\"widget\" data-widget_type=\"text-editor.default\">\n\t\t\t\t\t\t\t\t\t<p>Kynnyssuoja on l\u00e4heist\u00e4 sukua suojapiirille. Molemmat toimivat rajan ajatuksen varassa. Piiri ymp\u00e4r\u00f6i jonkin alueen, kynnyssuoja sen sijaan turvaa yksitt\u00e4isen aukon t\u00e4ss\u00e4 rajassa.<\/p><p>Kynnyssuoja liittyy l\u00e4heisesti my\u00f6s ajatukseen suolasta ja raudasta torjuvina aineina. Hevosenkenk\u00e4 oven yl\u00e4puolella ja suola kynnyksell\u00e4 yhdist\u00e4v\u00e4t sis\u00e4\u00e4nk\u00e4ynnin paikan siell\u00e4 k\u00e4ytett\u00e4v\u00e4\u00e4n aineeseen.<\/p><p>Monet sis\u00e4\u00e4nk\u00e4ynnille kiinnitetyt esineet ovat samalla <a href=\"https:\/\/iwell-guard.com\/fi\/?page_id=144369\">amuletteja ja talismaaneja<\/a>. Silm\u00e4kuvio oven yl\u00e4puolella tai ripustettu k\u00e4si ovat itsen\u00e4isi\u00e4 suojamerkkej\u00e4, joita k\u00e4ytet\u00e4\u00e4n t\u00e4ss\u00e4 nimenomaan kynnyksen paikalla.<\/p><p>Varsinaisesta <span class=\"iwg-fachbegriff\" data-tooltip=\"Kannettava esine, jolle uskotaan suojaava, onnettomuutta torjuva vaikutus.\" tabindex=\"0\">amuletista<\/span> kynnyssuoja eroaa paikkasidonnaisuutensa vuoksi. <span class=\"iwg-fachbegriff\" data-tooltip=\"Kannettava esine, jolle uskotaan suojaava, onnettomuutta torjuva vaikutus.\" tabindex=\"0\">Amulettia<\/span> voidaan kantaa mukana. Kynnyssuoja on sen sijaan sidottu rakennuksen kiinte\u00e4\u00e4n paikkaan.<\/p><p>Raja on vedett\u00e4v\u00e4 my\u00f6s tavalliseen rakennuskoristeluun. Ovien ja ikkunoiden koristeilla ei v\u00e4ltt\u00e4m\u00e4tt\u00e4 ole suojaavaa merkityst\u00e4. Ratkaisevaa on, onko sis\u00e4\u00e4nk\u00e4ynnin merkille annettu torjuva teht\u00e4v\u00e4.<\/p><p>T\u00e4m\u00e4 sijoittaminen l\u00e4hisukulaisten joukkoon auttaa m\u00e4\u00e4ritt\u00e4m\u00e4\u00e4n kynnyssuojan tarkasti. Se on paikkasidonnainen k\u00e4ytt\u00f6alue, joka kokoaa yhteen itsen\u00e4isi\u00e4 suojamerkkej\u00e4, aineita ja toimintoja sis\u00e4\u00e4nk\u00e4ynnill\u00e4.<\/p>\t\t\t\t\t\t\t\t<\/div>\n\t\t\t\t<\/div>\n\t\t\t\t\t<\/div>\n\t\t\t\t<\/div>\n\t\t<div class=\"elementor-element elementor-element-iwgs-schwellensch-s8 e-flex e-con-boxed e-con e-parent\" data-id=\"iwgs-schwellensch-s8\" data-element_type=\"container\" data-e-type=\"container\">\n\t\t\t\t\t<div class=\"e-con-inner\">\n\t\t\t\t<div class=\"elementor-element elementor-element-iwgs-schwellensch-s8h elementor-widget elementor-widget-heading\" data-id=\"iwgs-schwellensch-s8h\" data-element_type=\"widget\" data-e-type=\"widget\" data-widget_type=\"heading.default\">\n\t\t\t\t\t<h2 class=\"elementor-heading-title elementor-size-default\">Kynnyssuojan nykyvastaanotto<\/h2>\t\t\t\t<\/div>\n\t\t<div class=\"elementor-element elementor-element-iwgs-schwellensch-s8box e-con-full e-flex e-con e-parent\" data-id=\"iwgs-schwellensch-s8box\" data-element_type=\"container\" data-e-type=\"container\">\n\t\t\t\t<div class=\"elementor-element elementor-element-iwgs-schwellensch-s8t elementor-widget elementor-widget-text-editor\" data-id=\"iwgs-schwellensch-s8t\" data-element_type=\"widget\" data-e-type=\"widget\" data-widget_type=\"text-editor.default\">\n\t\t\t\t\t\t\t\t\t<p>Jotkut kynnyksensuojelun muodot ovat elossa viel\u00e4 t\u00e4n\u00e4kin p\u00e4iv\u00e4n\u00e4. Juutalainen kirjoituskotelo ovenpylk\u00e4\u00e4ss\u00e4 on osa nykyist\u00e4 uskonnollista k\u00e4yt\u00e4nt\u00f6\u00e4. My\u00f6s hevosenkenk\u00e4 oven yl\u00e4puolella kiinnitet\u00e4\u00e4n edelleen monin paikoin, useimmiten enemm\u00e4n <span class=\"iwg-fachbegriff\" data-tooltip=\"Perinteinen, yhteis\u00f6ss\u00e4 s\u00e4\u00e4nn\u00f6llisesti toistettu toiminta.\" tabindex=\"0\">tapana<\/span> kuin suojakeinona.<\/p><p>Rakennustutkimuksessa ja <span class=\"iwg-fachbegriff\" data-tooltip=\"Tiede, joka tutkii arkiel\u00e4m\u00e4n kulttuuria, tapoja ja perinteisi\u00e4 k\u00e4sityksi\u00e4.\" tabindex=\"0\">kansanperinteen tutkimuksessa<\/span> vanhoihin rakennuksiin kaivetut merkit ovat vakiintunut tutkimuskohde. Niit\u00e4 kartoitetaan, ajoitetaan ja tulkitaan menneiden talotapojen todistuskappaleina.<\/p><p>Nykyaikaisessa <span class=\"iwg-fachbegriff\" data-tooltip=\"Yleisk\u00e4site opeille, jotka v\u00e4itt\u00e4v\u00e4t hallitsevansa piilotettua, vain vihittyjen tavoitettavissa olevaa tietoa.\" tabindex=\"0\">esoteriassa<\/span> ja suosituissa oppaissa kynnyksensuojelu otetaan toisinaan esille. T\u00e4llaisiin tarjontoihin kannattaa suhtautua kriittisesti, sill\u00e4 niille v\u00e4itetyt vaikutukset ovat todistamattomia.<\/p><p>Populaarikulttuurissa kynnykset ja sis\u00e4\u00e4nk\u00e4ynnit esiintyv\u00e4t usein siirtym\u00e4n ja vaaran paikkoina. Elokuvat ja tarinat ammentavat vanhasta k\u00e4sityksest\u00e4 kynnyksest\u00e4 herkk\u00e4n\u00e4 kohtana.<\/p><p><span class=\"iwg-fachbegriff\" data-tooltip=\"Tiede, joka tutkii uskontoja vertailevasti ja sitoutumatta mihink\u00e4\u00e4n uskoon.\" tabindex=\"0\">Uskontotieteelle<\/span> kynnyksensuojelu on selke\u00e4 esimerkki suojaperiaatteesta, joka on sidottu tiettyyn paikkaan. Se osoittaa, kuinka ajatus vaarallisesta siirtym\u00e4st\u00e4 on synnytt\u00e4nyt tapoja monissa kulttuureissa.<\/p><p>Kynnyksensuojeluun t\u00e4n\u00e4\u00e4n perehtyv\u00e4 l\u00f6yt\u00e4\u00e4 siit\u00e4 ennen kaikkea kulttuurihistoriallisen aiheen. Asiallinen tarkastelu erottaa tavan dokumentoidun historian nykyaikaisista vaikutuslupauksista, jotka eiv\u00e4t kest\u00e4 tarkastelua.<\/p><p>My\u00f6s arkkitehtuurihistoria on tutkinut sis\u00e4\u00e4nk\u00e4ynti\u00e4 merkityksellisen\u00e4 kohtana. Ovenylikset, ovenkarmit ja kynnyskivet muotoiltiin usein erityisen huolellisesti ja niihin lis\u00e4ttiin kirjoituksia. T\u00e4m\u00e4 sis\u00e4\u00e4nk\u00e4ynnin rakenteellinen korostaminen vastaa k\u00e4sityst\u00e4 siit\u00e4, ett\u00e4 siirtym\u00e4 ansaitsee omanlaisensa huomion.<\/p>\t\t\t\t\t\t\t\t<\/div>\n\t\t\t\t<\/div>\n\t\t\t\t\t<\/div>\n\t\t\t\t<\/div>\n\t\t<div class=\"elementor-element elementor-element-iwgs-schwellensch-lit e-flex e-con-boxed e-con e-parent\" data-id=\"iwgs-schwellensch-lit\" data-element_type=\"container\" data-e-type=\"container\">\n\t\t\t\t\t<div class=\"e-con-inner\">\n\t\t\t\t<div class=\"elementor-element elementor-element-iwgs-schwellensch-lith elementor-widget elementor-widget-heading\" data-id=\"iwgs-schwellensch-lith\" data-element_type=\"widget\" data-e-type=\"widget\" data-widget_type=\"heading.default\">\n\t\t\t\t\t<h2 class=\"elementor-heading-title elementor-size-default\">Kirjallisuus (valikoima)<\/h2>\t\t\t\t<\/div>\n\t\t<div class=\"elementor-element elementor-element-iwgs-schwellensch-litbox e-con-full e-flex e-con e-parent\" data-id=\"iwgs-schwellensch-litbox\" data-element_type=\"container\" data-e-type=\"container\">\n\t\t\t\t<div class=\"elementor-element elementor-element-iwgs-schwellensch-litt elementor-widget elementor-widget-html\" data-id=\"iwgs-schwellensch-litt\" data-element_type=\"widget\" data-e-type=\"widget\" data-widget_type=\"html.default\">\n\t\t\t\t\t<footer data-nosnippet=\"true\"><ul><li>Hanns B\u00e4chtold-St\u00e4ubli (toim.): <em>Handw\u00f6rterbuch des deutschen Aberglaubens<\/em> (1927-1942)<\/li><li>Liselotte Hansmann, Lenz Kriss-Rettenbeck: <em>Amulett und Talisman. Erscheinungsform und Geschichte<\/em> (1966)<\/li><li>Arnold van Gennep: <em>Les rites de passage<\/em> (1909)<\/li><li>Carlo Ginzburg: <em>Die Benandanti. Feldkulte und Hexenwesen im 16. und 17. Jahrhundert<\/em> (1966)<\/li><li>Jeremy Black, Anthony Green: <em>Gods, Demons and Symbols of Ancient Mesopotamia<\/em> (1992)<\/li><\/ul><\/footer>\t\t\t\t<\/div>\n\t\t\t\t<\/div>\n\t\t\t\t\t<\/div>\n\t\t\t\t<\/div>\n\t\t<div class=\"elementor-element elementor-element-iwgs-schwellensch-kwd e-flex e-con-boxed e-con e-parent\" data-id=\"iwgs-schwellensch-kwd\" data-element_type=\"container\" data-e-type=\"container\">\n\t\t\t\t\t<div class=\"e-con-inner\">\n\t\t\t\t<div class=\"elementor-element elementor-element-iwgs-schwellensch-kwdt elementor-widget elementor-widget-text-editor\" data-id=\"iwgs-schwellensch-kwdt\" data-element_type=\"widget\" data-e-type=\"widget\" data-widget_type=\"text-editor.default\">\n\t\t\t\t\t\t\t\t\t<p><em>Aiheeseen liittyvi\u00e4 avainsanoja: kynnyssuoja, ovenkynnys, sis\u00e4\u00e4nk\u00e4ynti, ovensuoja, ikkunansuoja, hevosenkenk\u00e4, kynnyskuvio, kaiverretut merkit, sis\u00e4\u00e4nk\u00e4ynti, <span class=\"iwg-fachbegriff\" data-tooltip=\"Onnettomuutta torjuva: merkeist\u00e4 ja esineist\u00e4, joiden tarkoitus on pit\u00e4\u00e4 loitolla haitallisia vaikutuksia.\" tabindex=\"0\">apotropaaninen<\/span>.<\/em><\/p>\t\t\t\t\t\t\t\t<\/div>\n\t\t\t\t\t<\/div>\n\t\t\t\t<\/div>\n\t\t<div class=\"elementor-element elementor-element-iwgs-schwellensch-cc e-flex e-con-boxed e-con e-parent\" data-id=\"iwgs-schwellensch-cc\" data-element_type=\"container\" data-e-type=\"container\" id=\"iwg-cc-schwellenschutz\">\n\t\t\t\t\t<div class=\"e-con-inner\">\n\t\t<div class=\"elementor-element elementor-element-iwgs-schwellensch-ccinner e-flex e-con-boxed e-con e-parent\" data-id=\"iwgs-schwellensch-ccinner\" data-element_type=\"container\" data-e-type=\"container\" data-settings=\"{&quot;background_background&quot;:&quot;classic&quot;}\">\n\t\t\t\t\t<div class=\"e-con-inner\">\n\t\t\t\t<div class=\"elementor-element elementor-element-iwgs-schwellensch-cch elementor-widget elementor-widget-heading\" data-id=\"iwgs-schwellensch-cch\" data-element_type=\"widget\" data-e-type=\"widget\" data-widget_type=\"heading.default\">\n\t\t\t\t\t<h2 class=\"elementor-heading-title elementor-size-default\">iWell Guard ja suojelutraditiot<\/h2>\t\t\t\t<\/div>\n\t\t\t\t<div class=\"elementor-element elementor-element-iwgs-schwellensch-cct elementor-widget elementor-widget-text-editor\" data-id=\"iwgs-schwellensch-cct\" data-element_type=\"widget\" data-e-type=\"widget\" data-widget_type=\"text-editor.default\">\n\t\t\t\t\t\t\t\t\t<p>iWell Guard jatkaa kannettavien suojaesineiden kulttuurihistoriallista perinnett\u00e4, johon my\u00f6s kynnyssuoja kuuluu. Nykyaikainen kumppani ihmisille, jotka el\u00e4v\u00e4t suojasymbolien kanssa: valmistettu Saksassa, 41 kerrosta aitoa kultaa, platinaa ja hopeaa, 30 p\u00e4iv\u00e4n palautusoikeudella.<\/p>\t\t\t\t\t\t\t\t<\/div>\n\t\t\t\t<div class=\"elementor-element elementor-element-iwgs-schwellensch-ccb iwg-cc-button iwg-cc-cta-2026-05-13 elementor-widget elementor-widget-jet-button\" data-id=\"iwgs-schwellensch-ccb\" data-element_type=\"widget\" data-e-type=\"widget\" data-widget_type=\"jet-button.default\">\n\t\t\t\t<div class=\"elementor-widget-container\">\n\t\t\t\t\t<div class=\"elementor-jet-button jet-elements\"><div class=\"jet-button__container\"><a class=\"jet-button__instance jet-button__instance--icon-left hover-effect-1\" href=\"\/schutzanhaenger-iwell-guard-kaufen\/?utm_source=iwell-guard.com&amp;utm_medium=info-box&amp;utm_campaign=schutzsymbole\"><div class=\"jet-button__plane jet-button__plane-normal\"><\/div><div class=\"jet-button__plane jet-button__plane-hover\"><\/div><div class=\"jet-button__state jet-button__state-normal\"><span class=\"jet-button__label\">Lis\u00e4\u00e4 iWell Guardista<\/span><\/div><div class=\"jet-button__state jet-button__state-hover\"><span class=\"jet-button__label\">Lis\u00e4\u00e4 iWell Guardista<\/span><\/div><\/a><\/div><\/div><style>.elementor-element.elementor-element-iwgs-schwellensch-ccb .jet-button__instance{width:320px;height:56px;}.elementor-element.elementor-element-iwgs-schwellensch-ccb .jet-button__state-normal .jet-button__label{text-align:center;margin:0px 0px 0px 0px;color:#1a1b20;font-family:Montserrat,sans-serif;font-size:13px;font-weight:400;letter-spacing:4px;line-height:1.714em;text-transform:uppercase;}.elementor-element.elementor-element-iwgs-schwellensch-ccb .jet-button__state-hover .jet-button__label{text-align:center;margin:0px 0px 0px 0px;color:#FECC76;font-family:Montserrat,sans-serif;font-size:13px;font-weight:400;letter-spacing:4px;line-height:1.714em;text-transform:uppercase;}.elementor-element.elementor-element-iwgs-schwellensch-ccb .jet-button__plane-normal{background-color:#FECC76;border-style:solid;border-color:#C99540;border-width:2px 2px 2px 2px;}.elementor-element.elementor-element-iwgs-schwellensch-ccb .jet-button__plane-hover{background-color:rgba(0,0,0,0.55);border-style:solid;border-color:#FECC76;border-width:2px 2px 2px 2px;}<\/style>\t\t\t\t<\/div>\n\t\t\t\t<\/div>\n\t\t\t\t<div class=\"elementor-element elementor-element-iwgs-schwellensch-ccd elementor-widget elementor-widget-text-editor\" data-id=\"iwgs-schwellensch-ccd\" data-element_type=\"widget\" data-e-type=\"widget\" data-widget_type=\"text-editor.default\">\n\t\t\t\t\t\t\t\t\t<p style=\"text-align:center;font-size:13px;opacity:0.7;margin-top:14px\" data-nosnippet=\"true\">Henkil\u00f6kohtaiset kokemukset voivat vaihdella. Ei l\u00e4\u00e4kinn\u00e4llinen laite. Ei paranemislupausta.<\/p>\t\t\t\t\t\t\t\t<\/div>\n\t\t\t\t\t<\/div>\n\t\t\t\t<\/div>\n\t\t\t\t\t<\/div>\n\t\t\t\t<\/div>\n\t\t<div class=\"elementor-element elementor-element-iwgs-schwellensch-disc e-flex e-con-boxed e-con e-parent\" data-id=\"iwgs-schwellensch-disc\" data-element_type=\"container\" data-e-type=\"container\">\n\t\t\t\t\t<div class=\"e-con-inner\">\n\t\t\t\t<div class=\"elementor-element elementor-element-iwgs-schwellensch-discw elementor-widget elementor-widget-html\" data-id=\"iwgs-schwellensch-discw\" data-element_type=\"widget\" data-e-type=\"widget\" data-widget_type=\"html.default\">\n\t\t\t\t\t<footer data-nosnippet=\"true\" class=\"iwg-disclaimer-block\"><p data-nosnippet=\"true\">iWell Guard <strong>ei ole l\u00e4\u00e4kinn\u00e4llinen laite<\/strong>, eik\u00e4 se korvaa l\u00e4\u00e4k\u00e4rin tai psykoterapeutin hoitoa. T\u00e4ss\u00e4 esitetyt sis\u00e4ll\u00f6t ovat uskontotieteellist\u00e4 ja kulttuurihistoriallista tarkastelua, eiv\u00e4t lupausta hengellisest\u00e4 vaikutuksesta.<\/p><\/footer>\t\t\t\t<\/div>\n\t\t\t\t\t<\/div>\n\t\t\t\t<\/div>\n\t\t\t\t<\/div>\n\t\t","protected":false},"excerpt":{"rendered":"","protected":false},"author":3,"featured_media":3579,"parent":0,"menu_order":0,"comment_status":"closed","ping_status":"closed","template":"elementor_header_footer","meta":{"_yoast_wpseo_focuskw":"Kynnyssuoja","_yoast_wpseo_title":"Kynnyssuoja ovella ja ikkunassa","_yoast_wpseo_metadesc":"Kynnyssuoja suojaperiaatteena: miksi kynnys, ikkuna ja talon sis\u00e4\u00e4nk\u00e4ynti suojattiin, esimerkkej\u00e4 antiikista, kansanmagiasta ja Aasiasta.","_yoast_wpseo_meta-robots-noindex":"","_yoast_wpseo_canonical":"","_angie_page":false,"gefaehrdungsstufe":"","wesen_kultur":"","wesen_klasse":"","footnotes":""},"categories":[],"class_list":["post-144484","page","type-page","status-publish","has-post-thumbnail","hentry"],"yoast_head":"<!-- This site is optimized with the Yoast SEO Premium plugin v27.7 (Yoast SEO v28.3) - https:\/\/yoast.com\/product\/yoast-seo-premium-wordpress\/ -->\n<title>Kynnyssuoja ovella ja ikkunassa<\/title>\n<meta name=\"description\" content=\"Kynnyssuoja suojaperiaatteena: miksi kynnys, ikkuna ja talon sis\u00e4\u00e4nk\u00e4ynti suojattiin, esimerkkej\u00e4 antiikista, kansanmagiasta ja Aasiasta.\" \/>\n<meta name=\"robots\" content=\"index, follow, max-snippet:-1, max-image-preview:large, max-video-preview:-1\" \/>\n<link rel=\"canonical\" href=\"https:\/\/iwell-guard.com\/fi\/kynnyssuoja-ovi-ikkuna-sisaankaynti\/\" \/>\n<meta property=\"og:locale\" content=\"fi_FI\" \/>\n<meta property=\"og:type\" content=\"article\" \/>\n<meta property=\"og:title\" content=\"Kynnyssuoja: ovi, ikkuna ja talon sis\u00e4\u00e4nk\u00e4ynti\" \/>\n<meta property=\"og:description\" content=\"Kynnyssuoja suojaperiaatteena: miksi kynnys, ikkuna ja talon sis\u00e4\u00e4nk\u00e4ynti suojattiin, esimerkkej\u00e4 antiikista, kansanmagiasta ja Aasiasta.\" \/>\n<meta property=\"og:url\" content=\"https:\/\/iwell-guard.com\/fi\/kynnyssuoja-ovi-ikkuna-sisaankaynti\/\" \/>\n<meta property=\"og:site_name\" content=\"iWell Guard\" \/>\n<meta property=\"article:modified_time\" content=\"2026-09-03T12:59:58+00:00\" \/>\n<meta property=\"og:image\" content=\"https:\/\/iwell-guard.com\/wp-content\/uploads\/2026\/05\/schutzsymbol_universell_schwellenschutz.webp\" \/>\n\t<meta property=\"og:image:width\" content=\"1024\" \/>\n\t<meta property=\"og:image:height\" content=\"1536\" \/>\n\t<meta property=\"og:image:type\" content=\"image\/webp\" \/>\n<meta name=\"twitter:card\" content=\"summary_large_image\" \/>\n<script type=\"application\/ld+json\" class=\"yoast-schema-graph\">{\"@context\":\"https:\\\/\\\/schema.org\",\"@graph\":[{\"@type\":\"WebPage\",\"@id\":\"https:\\\/\\\/iwell-guard.com\\\/fi\\\/kynnyssuoja-ovi-ikkuna-sisaankaynti\\\/\",\"url\":\"https:\\\/\\\/iwell-guard.com\\\/fi\\\/kynnyssuoja-ovi-ikkuna-sisaankaynti\\\/\",\"name\":\"Kynnyssuoja ovella ja ikkunassa\",\"isPartOf\":{\"@id\":\"https:\\\/\\\/iwell-guard.com\\\/fi\\\/#website\"},\"primaryImageOfPage\":{\"@id\":\"https:\\\/\\\/iwell-guard.com\\\/fi\\\/kynnyssuoja-ovi-ikkuna-sisaankaynti\\\/#primaryimage\"},\"image\":{\"@id\":\"https:\\\/\\\/iwell-guard.com\\\/fi\\\/kynnyssuoja-ovi-ikkuna-sisaankaynti\\\/#primaryimage\"},\"thumbnailUrl\":\"https:\\\/\\\/iwell-guard.com\\\/wp-content\\\/uploads\\\/2026\\\/05\\\/schutzsymbol_universell_schwellenschutz.webp\",\"datePublished\":\"2026-09-03T12:35:58+00:00\",\"dateModified\":\"2026-09-03T12:59:58+00:00\",\"description\":\"Kynnyssuoja suojaperiaatteena: miksi kynnys, ikkuna ja talon sis\u00e4\u00e4nk\u00e4ynti suojattiin, esimerkkej\u00e4 antiikista, kansanmagiasta ja Aasiasta.\",\"breadcrumb\":{\"@id\":\"https:\\\/\\\/iwell-guard.com\\\/fi\\\/kynnyssuoja-ovi-ikkuna-sisaankaynti\\\/#breadcrumb\"},\"inLanguage\":\"fi\",\"potentialAction\":[{\"@type\":\"ReadAction\",\"target\":[\"https:\\\/\\\/iwell-guard.com\\\/fi\\\/kynnyssuoja-ovi-ikkuna-sisaankaynti\\\/\"]}]},{\"@type\":\"ImageObject\",\"inLanguage\":\"fi\",\"@id\":\"https:\\\/\\\/iwell-guard.com\\\/fi\\\/kynnyssuoja-ovi-ikkuna-sisaankaynti\\\/#primaryimage\",\"url\":\"https:\\\/\\\/iwell-guard.com\\\/wp-content\\\/uploads\\\/2026\\\/05\\\/schutzsymbol_universell_schwellenschutz.webp\",\"contentUrl\":\"https:\\\/\\\/iwell-guard.com\\\/wp-content\\\/uploads\\\/2026\\\/05\\\/schutzsymbol_universell_schwellenschutz.webp\",\"width\":1024,\"height\":1536,\"caption\":\"Suojasymboli. Museaalinen asetelmakuvitus.\"},{\"@type\":\"BreadcrumbList\",\"@id\":\"https:\\\/\\\/iwell-guard.com\\\/fi\\\/kynnyssuoja-ovi-ikkuna-sisaankaynti\\\/#breadcrumb\",\"itemListElement\":[{\"@type\":\"ListItem\",\"position\":1,\"name\":\"Start\",\"item\":\"https:\\\/\\\/iwell-guard.com\\\/fi\\\/?page_id=143815\"},{\"@type\":\"ListItem\",\"position\":2,\"name\":\"Kynnyssuoja: ovi, ikkuna ja talon sis\u00e4\u00e4nk\u00e4ynti\"}]},{\"@type\":\"WebSite\",\"@id\":\"https:\\\/\\\/iwell-guard.com\\\/fi\\\/#website\",\"url\":\"https:\\\/\\\/iwell-guard.com\\\/fi\\\/\",\"name\":\"iWell Guard\",\"description\":\"Schutz vor dunklen Einfl\u00fcssen\",\"publisher\":{\"@id\":\"https:\\\/\\\/iwell-guard.com\\\/fi\\\/#organization\"},\"potentialAction\":[{\"@type\":\"SearchAction\",\"target\":{\"@type\":\"EntryPoint\",\"urlTemplate\":\"https:\\\/\\\/iwell-guard.com\\\/fi\\\/?s={search_term_string}\"},\"query-input\":{\"@type\":\"PropertyValueSpecification\",\"valueRequired\":true,\"valueName\":\"search_term_string\"}}],\"inLanguage\":\"fi\"},{\"@type\":\"Organization\",\"@id\":\"https:\\\/\\\/iwell-guard.com\\\/fi\\\/#organization\",\"name\":\"Ittermann electronic GmbH\",\"url\":\"https:\\\/\\\/iwell-guard.com\\\/fi\\\/\",\"logo\":{\"@type\":\"ImageObject\",\"inLanguage\":\"fi\",\"@id\":\"https:\\\/\\\/iwell-guard.com\\\/fi\\\/#\\\/schema\\\/logo\\\/image\\\/\",\"url\":\"https:\\\/\\\/iwell-guard.com\\\/wp-content\\\/uploads\\\/2026\\\/05\\\/Ittermann-Logo-1182x237-1.png\",\"contentUrl\":\"https:\\\/\\\/iwell-guard.com\\\/wp-content\\\/uploads\\\/2026\\\/05\\\/Ittermann-Logo-1182x237-1.png\",\"width\":1182,\"height\":237,\"caption\":\"Ittermann electronic GmbH\"},\"image\":{\"@id\":\"https:\\\/\\\/iwell-guard.com\\\/fi\\\/#\\\/schema\\\/logo\\\/image\\\/\"},\"sameAs\":[\"https:\\\/\\\/pantip.com\\\/profile\\\/9367242\",\"https:\\\/\\\/micro.blog\\\/iwellguard\",\"https:\\\/\\\/www.diggerslist.com\\\/iwellguard\\\/about\",\"https:\\\/\\\/skitterphoto.com\\\/photographers\\\/2870314\\\/iwell-guard\",\"https:\\\/\\\/iwellguard.wordpress.com\\\/2026\\\/06\\\/06\\\/iwell-guard\\\/\",\"https:\\\/\\\/hub.docker.com\\\/u\\\/iwellguard\",\"https:\\\/\\\/www.pinterest.com\\\/iwellguard\\\/\",\"https:\\\/\\\/bit.ly\\\/m\\\/iwellguard\",\"https:\\\/\\\/entre-vos-mains.alsace.eu\\\/profiles\\\/iwellguard\\\/activity\",\"https:\\\/\\\/gravatar.com\\\/reallybeded8fd34\",\"https:\\\/\\\/naijamatta.com\\\/iwellguard\",\"https:\\\/\\\/www.goodreads.com\\\/iwellguard\",\"https:\\\/\\\/profile.hatena.ne.jp\\\/iwellguard\\\/\",\"https:\\\/\\\/experiment.com\\\/users\\\/iwellguard\",\"https:\\\/\\\/wakelet.com\\\/@iWellGuard82270\",\"https:\\\/\\\/www.chordie.com\\\/forum\\\/profile.php?id=2555664\",\"https:\\\/\\\/www.instapaper.com\\\/p\\\/17757966\",\"https:\\\/\\\/www.mapleprimes.com\\\/users\\\/iwellguard\",\"https:\\\/\\\/businesslistingplus.com\\\/profile\\\/iwell-guard\\\/\",\"https:\\\/\\\/telegra.ph\\\/iWell-Guard-06-06\",\"https:\\\/\\\/pbase.com\\\/iwellguard\\\/iwellguard\",\"https:\\\/\\\/b.hatena.ne.jp\\\/iwellguard\\\/20260607#bookmark-4788405196491818882\",\"https:\\\/\\\/fliphtml5.com\\\/home\\\/iwellguard\",\"https:\\\/\\\/anyflip.com\\\/homepage\\\/cmiwl#About\",\"https:\\\/\\\/transfur.com\\\/Users\\\/iwellguard\",\"http:\\\/\\\/delphi.larsbo.org\\\/user\\\/iwellguard\",\"https:\\\/\\\/jobs.lajobsportal.org\\\/profiles\\\/8380803-iwell-guard\",\"https:\\\/\\\/md.chaosdorf.de\\\/s\\\/jfbe5SBdJD\",\"https:\\\/\\\/www.lingvolive.com\\\/en-us\\\/profile\\\/9ecaeaca-ce11-4e51-9e71-01d55e2bff36\\\/translations\",\"https:\\\/\\\/www.fitday.com\\\/fitness\\\/forums\\\/members\\\/iwellguard.html\",\"https:\\\/\\\/www.mymeetbook.com\\\/iwellguard\",\"https:\\\/\\\/pxhere.com\\\/en\\\/photographer-me\\\/5040798\",\"https:\\\/\\\/disqus.com\\\/by\\\/iwellguard\\\/about\\\/\",\"https:\\\/\\\/pastelink.net\\\/hjwciqwq\",\"https:\\\/\\\/pubhtml5.com\\\/homepage\\\/scjhn\\\/\",\"https:\\\/\\\/www.bitchute.com\\\/channel\\\/2O2eOKzNqujT\",\"https:\\\/\\\/audiomack.com\\\/iwellguard\"]}]}<\/script>\n<!-- \/ Yoast SEO Premium plugin. -->","yoast_head_json":{"title":"Kynnyssuoja ovella ja ikkunassa","description":"Kynnyssuoja suojaperiaatteena: miksi kynnys, ikkuna ja talon sis\u00e4\u00e4nk\u00e4ynti suojattiin, esimerkkej\u00e4 antiikista, kansanmagiasta ja Aasiasta.","robots":{"index":"index","follow":"follow","max-snippet":"max-snippet:-1","max-image-preview":"max-image-preview:large","max-video-preview":"max-video-preview:-1"},"canonical":"https:\/\/iwell-guard.com\/fi\/kynnyssuoja-ovi-ikkuna-sisaankaynti\/","og_locale":"fi_FI","og_type":"article","og_title":"Kynnyssuoja: ovi, ikkuna ja talon sis\u00e4\u00e4nk\u00e4ynti","og_description":"Kynnyssuoja suojaperiaatteena: miksi kynnys, ikkuna ja talon sis\u00e4\u00e4nk\u00e4ynti suojattiin, esimerkkej\u00e4 antiikista, kansanmagiasta ja Aasiasta.","og_url":"https:\/\/iwell-guard.com\/fi\/kynnyssuoja-ovi-ikkuna-sisaankaynti\/","og_site_name":"iWell Guard","article_modified_time":"2026-09-03T12:59:58+00:00","og_image":[{"width":1024,"height":1536,"url":"https:\/\/iwell-guard.com\/wp-content\/uploads\/2026\/05\/schutzsymbol_universell_schwellenschutz.webp","type":"image\/webp"}],"twitter_card":"summary_large_image","schema":{"@context":"https:\/\/schema.org","@graph":[{"@type":"WebPage","@id":"https:\/\/iwell-guard.com\/fi\/kynnyssuoja-ovi-ikkuna-sisaankaynti\/","url":"https:\/\/iwell-guard.com\/fi\/kynnyssuoja-ovi-ikkuna-sisaankaynti\/","name":"Kynnyssuoja ovella ja ikkunassa","isPartOf":{"@id":"https:\/\/iwell-guard.com\/fi\/#website"},"primaryImageOfPage":{"@id":"https:\/\/iwell-guard.com\/fi\/kynnyssuoja-ovi-ikkuna-sisaankaynti\/#primaryimage"},"image":{"@id":"https:\/\/iwell-guard.com\/fi\/kynnyssuoja-ovi-ikkuna-sisaankaynti\/#primaryimage"},"thumbnailUrl":"https:\/\/iwell-guard.com\/wp-content\/uploads\/2026\/05\/schutzsymbol_universell_schwellenschutz.webp","datePublished":"2026-09-03T12:35:58+00:00","dateModified":"2026-09-03T12:59:58+00:00","description":"Kynnyssuoja suojaperiaatteena: miksi kynnys, ikkuna ja talon sis\u00e4\u00e4nk\u00e4ynti suojattiin, esimerkkej\u00e4 antiikista, kansanmagiasta ja Aasiasta.","breadcrumb":{"@id":"https:\/\/iwell-guard.com\/fi\/kynnyssuoja-ovi-ikkuna-sisaankaynti\/#breadcrumb"},"inLanguage":"fi","potentialAction":[{"@type":"ReadAction","target":["https:\/\/iwell-guard.com\/fi\/kynnyssuoja-ovi-ikkuna-sisaankaynti\/"]}]},{"@type":"ImageObject","inLanguage":"fi","@id":"https:\/\/iwell-guard.com\/fi\/kynnyssuoja-ovi-ikkuna-sisaankaynti\/#primaryimage","url":"https:\/\/iwell-guard.com\/wp-content\/uploads\/2026\/05\/schutzsymbol_universell_schwellenschutz.webp","contentUrl":"https:\/\/iwell-guard.com\/wp-content\/uploads\/2026\/05\/schutzsymbol_universell_schwellenschutz.webp","width":1024,"height":1536,"caption":"Suojasymboli. Museaalinen asetelmakuvitus."},{"@type":"BreadcrumbList","@id":"https:\/\/iwell-guard.com\/fi\/kynnyssuoja-ovi-ikkuna-sisaankaynti\/#breadcrumb","itemListElement":[{"@type":"ListItem","position":1,"name":"Start","item":"https:\/\/iwell-guard.com\/fi\/?page_id=143815"},{"@type":"ListItem","position":2,"name":"Kynnyssuoja: ovi, ikkuna ja talon sis\u00e4\u00e4nk\u00e4ynti"}]},{"@type":"WebSite","@id":"https:\/\/iwell-guard.com\/fi\/#website","url":"https:\/\/iwell-guard.com\/fi\/","name":"iWell Guard","description":"Schutz vor dunklen Einfl\u00fcssen","publisher":{"@id":"https:\/\/iwell-guard.com\/fi\/#organization"},"potentialAction":[{"@type":"SearchAction","target":{"@type":"EntryPoint","urlTemplate":"https:\/\/iwell-guard.com\/fi\/?s={search_term_string}"},"query-input":{"@type":"PropertyValueSpecification","valueRequired":true,"valueName":"search_term_string"}}],"inLanguage":"fi"},{"@type":"Organization","@id":"https:\/\/iwell-guard.com\/fi\/#organization","name":"Ittermann electronic GmbH","url":"https:\/\/iwell-guard.com\/fi\/","logo":{"@type":"ImageObject","inLanguage":"fi","@id":"https:\/\/iwell-guard.com\/fi\/#\/schema\/logo\/image\/","url":"https:\/\/iwell-guard.com\/wp-content\/uploads\/2026\/05\/Ittermann-Logo-1182x237-1.png","contentUrl":"https:\/\/iwell-guard.com\/wp-content\/uploads\/2026\/05\/Ittermann-Logo-1182x237-1.png","width":1182,"height":237,"caption":"Ittermann electronic GmbH"},"image":{"@id":"https:\/\/iwell-guard.com\/fi\/#\/schema\/logo\/image\/"},"sameAs":["https:\/\/pantip.com\/profile\/9367242","https:\/\/micro.blog\/iwellguard","https:\/\/www.diggerslist.com\/iwellguard\/about","https:\/\/skitterphoto.com\/photographers\/2870314\/iwell-guard","https:\/\/iwellguard.wordpress.com\/2026\/06\/06\/iwell-guard\/","https:\/\/hub.docker.com\/u\/iwellguard","https:\/\/www.pinterest.com\/iwellguard\/","https:\/\/bit.ly\/m\/iwellguard","https:\/\/entre-vos-mains.alsace.eu\/profiles\/iwellguard\/activity","https:\/\/gravatar.com\/reallybeded8fd34","https:\/\/naijamatta.com\/iwellguard","https:\/\/www.goodreads.com\/iwellguard","https:\/\/profile.hatena.ne.jp\/iwellguard\/","https:\/\/experiment.com\/users\/iwellguard","https:\/\/wakelet.com\/@iWellGuard82270","https:\/\/www.chordie.com\/forum\/profile.php?id=2555664","https:\/\/www.instapaper.com\/p\/17757966","https:\/\/www.mapleprimes.com\/users\/iwellguard","https:\/\/businesslistingplus.com\/profile\/iwell-guard\/","https:\/\/telegra.ph\/iWell-Guard-06-06","https:\/\/pbase.com\/iwellguard\/iwellguard","https:\/\/b.hatena.ne.jp\/iwellguard\/20260607#bookmark-4788405196491818882","https:\/\/fliphtml5.com\/home\/iwellguard","https:\/\/anyflip.com\/homepage\/cmiwl#About","https:\/\/transfur.com\/Users\/iwellguard","http:\/\/delphi.larsbo.org\/user\/iwellguard","https:\/\/jobs.lajobsportal.org\/profiles\/8380803-iwell-guard","https:\/\/md.chaosdorf.de\/s\/jfbe5SBdJD","https:\/\/www.lingvolive.com\/en-us\/profile\/9ecaeaca-ce11-4e51-9e71-01d55e2bff36\/translations","https:\/\/www.fitday.com\/fitness\/forums\/members\/iwellguard.html","https:\/\/www.mymeetbook.com\/iwellguard","https:\/\/pxhere.com\/en\/photographer-me\/5040798","https:\/\/disqus.com\/by\/iwellguard\/about\/","https:\/\/pastelink.net\/hjwciqwq","https:\/\/pubhtml5.com\/homepage\/scjhn\/","https:\/\/www.bitchute.com\/channel\/2O2eOKzNqujT","https:\/\/audiomack.com\/iwellguard"]}]}},"_links":{"self":[{"href":"https:\/\/iwell-guard.com\/fi\/wp-json\/wp\/v2\/pages\/144484","targetHints":{"allow":["GET"]}}],"collection":[{"href":"https:\/\/iwell-guard.com\/fi\/wp-json\/wp\/v2\/pages"}],"about":[{"href":"https:\/\/iwell-guard.com\/fi\/wp-json\/wp\/v2\/types\/page"}],"author":[{"embeddable":true,"href":"https:\/\/iwell-guard.com\/fi\/wp-json\/wp\/v2\/users\/3"}],"replies":[{"embeddable":true,"href":"https:\/\/iwell-guard.com\/fi\/wp-json\/wp\/v2\/comments?post=144484"}],"version-history":[{"count":0,"href":"https:\/\/iwell-guard.com\/fi\/wp-json\/wp\/v2\/pages\/144484\/revisions"}],"wp:featuredmedia":[{"embeddable":true,"href":"https:\/\/iwell-guard.com\/fi\/wp-json\/wp\/v2\/media\/3579"}],"wp:attachment":[{"href":"https:\/\/iwell-guard.com\/fi\/wp-json\/wp\/v2\/media?parent=144484"}],"wp:term":[{"taxonomy":"category","embeddable":true,"href":"https:\/\/iwell-guard.com\/fi\/wp-json\/wp\/v2\/categories?post=144484"}],"curies":[{"name":"wp","href":"https:\/\/api.w.org\/{rel}","templated":true}]}}