{"id":144480,"date":"2026-09-03T12:35:55","date_gmt":"2026-09-03T12:35:55","guid":{"rendered":"https:\/\/iwell-guard.com\/?page_id=144480"},"modified":"2026-09-03T12:59:51","modified_gmt":"2026-09-03T12:59:51","slug":"pihlaja-suojapuu-ja-suojapuuaines-kansanmagiassa","status":"publish","type":"page","link":"https:\/\/iwell-guard.com\/fi\/pihlaja-suojapuu-ja-suojapuuaines-kansanmagiassa\/","title":{"rendered":"Pihlaja \u2013 kansanmagian suojapuu ja suojapuuaines"},"content":{"rendered":"\t\t<div data-elementor-type=\"wp-page\" data-elementor-id=\"144480\" class=\"elementor elementor-144480 elementor-3737 elementor-bc-flex-widget\" data-elementor-post-type=\"page\">\n\t\t\t\t<div class=\"elementor-element elementor-element-iwgs-eberesche-hero e-flex e-con-boxed e-con e-parent\" data-id=\"iwgs-eberesche-hero\" data-element_type=\"container\" data-e-type=\"container\">\n\t\t\t\t\t<div class=\"e-con-inner\">\n\t\t<div class=\"elementor-element elementor-element-iw-eberesche-hero-bw e-con-full e-flex e-con e-child\" data-id=\"iw-eberesche-hero-bw\" data-element_type=\"container\" data-e-type=\"container\">\n\t\t<div class=\"elementor-element elementor-element-iwgs-eberesche-hl e-flex e-con-boxed e-con e-parent\" data-id=\"iwgs-eberesche-hl\" data-element_type=\"container\" data-e-type=\"container\">\n\t\t\t\t\t<div class=\"e-con-inner\">\n\t\t<div class=\"elementor-element elementor-element-iwgs-eberesche-hlbox e-con-full e-flex e-con e-parent\" data-id=\"iwgs-eberesche-hlbox\" data-element_type=\"container\" data-e-type=\"container\">\n\t\t\t\t<div class=\"elementor-element elementor-element-iwgs-eberesche-h1 elementor-widget elementor-widget-heading\" data-id=\"iwgs-eberesche-h1\" data-element_type=\"widget\" data-e-type=\"widget\" data-widget_type=\"heading.default\">\n\t\t\t\t\t<h1 class=\"elementor-heading-title elementor-size-default\">Pihlaja: eurooppalaisen kansanmagian suojapuu ja suojapuuaines<\/h1>\t\t\t\t<\/div>\n\t\t\t\t<div class=\"elementor-element elementor-element-iwgs-eberesche-lead elementor-widget elementor-widget-text-editor\" data-id=\"iwgs-eberesche-lead\" data-element_type=\"widget\" data-e-type=\"widget\" data-widget_type=\"text-editor.default\">\n\t\t\t\t\t\t\t\t\t<p>Pihlajaa, joka tunnetaan my\u00f6s nimell\u00e4 pihlajanpuu, pidettiin eurooppalaisessa kansanmagiassa suojapuuna. Sen puuaineksen, oksien ja kirkkaanpunaisten marjojen uskottiin torjuvan noituutta, ukkosta ja pahaa taikaa.<\/p><p>Erityisesti Keski- ja Pohjois-Euroopassa puuhun liittyi runsaasti suojaustapoja. Kansatieteellisesti pihlaja luetaan <span class=\"iwg-fachbegriff\" data-tooltip=\"Arjessa eletty uskonnollisuus, usein virallisen opin rinnalla.\" tabindex=\"0\">kansanuskon<\/span> suojakasveihin. T\u00e4m\u00e4 artikkeli esittelee suojapuun alkuper\u00e4n, <span class=\"iwg-fachbegriff\" data-tooltip=\"Perinteinen, yhteis\u00f6ss\u00e4 s\u00e4\u00e4nn\u00f6llisesti toistettu toiminta.\" tabindex=\"0\">tavan<\/span> ja tulkinnan.<\/p>\t\t\t\t\t\t\t\t<\/div>\n\t\t\t\t<\/div>\n\t\t\t\t<div class=\"elementor-element elementor-element-iwgs-eberesche-pills elementor-widget elementor-widget-html\" data-id=\"iwgs-eberesche-pills\" data-element_type=\"widget\" data-e-type=\"widget\" data-widget_type=\"html.default\">\n\t\t\t\t\t<div class=\"iwg-pill-row\"><span class=\"iwg-klasse-badge\" tabindex=\"0\" data-tooltip=\"Suojasymboli, amuletti tai apotropainen esine.\">Suojasymboli<\/span><a href=\"https:\/\/iwell-guard.com\/fi\/suojasymbolit\/\" class=\"iwg-kultur-badge\" tabindex=\"0\" data-tooltip=\"Suojaperinne: eurooppalainen kansanmagia\">Eurooppalainen kansanmagia<\/a><span class=\"iwg-tradition-badge\" tabindex=\"0\" data-tooltip=\"Puukappale, jolle uskotaan suojaavaa voimaa.\">Suojapuuaines<\/span><\/div>\t\t\t\t<\/div>\n\t\t\t\t\t<\/div>\n\t\t\t\t<\/div>\n\t\t<div class=\"elementor-element elementor-element-iwgs-eberesche-hr e-con-full e-flex e-con e-parent\" data-id=\"iwgs-eberesche-hr\" data-element_type=\"container\" data-e-type=\"container\">\n\t\t\t\t<div class=\"elementor-element elementor-element-iwgs-eberesche-himg iwg-hero-image elementor-widget elementor-widget-image\" data-id=\"iwgs-eberesche-himg\" data-element_type=\"widget\" data-e-type=\"widget\" data-widget_type=\"image.default\">\n\t\t\t\t\t\t\t\t\t\t\t\t\t\t\t<img fetchpriority=\"high\" decoding=\"async\" width=\"683\" height=\"1024\" src=\"https:\/\/iwell-guard.com\/wp-content\/uploads\/2026\/05\/schutzsymbol_volksmagie_eberesche-683x1024.webp\" class=\"attachment-large size-large wp-image-148465\" alt=\"Pihlaja - suojasymboli, museaalinen kuvitus\" srcset=\"https:\/\/iwell-guard.com\/wp-content\/uploads\/2026\/05\/schutzsymbol_volksmagie_eberesche-683x1024.webp 683w, https:\/\/iwell-guard.com\/wp-content\/uploads\/2026\/05\/schutzsymbol_volksmagie_eberesche-200x300.webp 200w, https:\/\/iwell-guard.com\/wp-content\/uploads\/2026\/05\/schutzsymbol_volksmagie_eberesche-768x1152.webp 768w, https:\/\/iwell-guard.com\/wp-content\/uploads\/2026\/05\/schutzsymbol_volksmagie_eberesche.webp 1024w\" sizes=\"(max-width: 683px) 100vw, 683px\" \/>\t\t\t\t\t\t\t\t\t\t\t\t\t\t\t<\/div>\n\t\t\t\t<\/div>\n\t\t\t\t<\/div>\n\t\t\t\t\t<\/div>\n\t\t\t\t<\/div>\n\t\t<div class=\"elementor-element elementor-element-iwgs-eberesche-s0 e-flex e-con-boxed e-con e-parent\" data-id=\"iwgs-eberesche-s0\" data-element_type=\"container\" data-e-type=\"container\">\n\t\t\t\t\t<div class=\"e-con-inner\">\n\t\t\t\t<div class=\"elementor-element elementor-element-iwgs-eberesche-s0h elementor-widget elementor-widget-heading\" data-id=\"iwgs-eberesche-s0h\" data-element_type=\"widget\" data-e-type=\"widget\" data-widget_type=\"heading.default\">\n\t\t\t\t\t<h2 class=\"elementor-heading-title elementor-size-default\">Yleiskatsaus<\/h2>\t\t\t\t<\/div>\n\t\t<div class=\"elementor-element elementor-element-iw-eberesche-s0-bw e-con-full e-flex e-con e-child\" data-id=\"iw-eberesche-s0-bw\" data-element_type=\"container\" data-e-type=\"container\">\n\t\t<div class=\"elementor-element elementor-element-iwgs-eberesche-s0box e-con-full e-flex e-con e-parent\" data-id=\"iwgs-eberesche-s0box\" data-element_type=\"container\" data-e-type=\"container\">\n\t\t\t\t<div class=\"elementor-element elementor-element-iwgs-eberesche-s0t elementor-widget elementor-widget-text-editor\" data-id=\"iwgs-eberesche-s0t\" data-element_type=\"widget\" data-e-type=\"widget\" data-widget_type=\"text-editor.default\">\n\t\t\t\t\t\t\t\t\t<p>Pihlaja, kasvitieteellisesti Sorbus aucuparia, on Euroopassa laajalti levinnyt lehtipuu. Kansanmagiassa sit\u00e4 pidettiin yhten\u00e4 t\u00e4rkeimmist\u00e4 suojapuista. Sen uskottiin pystyv\u00e4n pit\u00e4m\u00e4\u00e4n loitolla noituuden, ukkosen ja vahingolliset voimat.<\/p><p>Puulla on runsaasti kansanomaisia nimi\u00e4. Yleisi\u00e4 ovat pihlajanpuu, druudinpuu ja katajanmarjapuu. Nimi pihlajanpuu viittaa siihen, ett\u00e4 linnut sy\u00f6v\u00e4t marjoja, kun taas druudinpuu viittaa puulle annettuun suojausteht\u00e4v\u00e4\u00e4n druudeja vastaan.<\/p><p>Kansatieteellisesti pihlaja kuuluu suojakasveihin, joukkoon puita ja yrttej\u00e4, joille uskottiin torjuvaa voimaa. Se on siten samassa ryhm\u00e4ss\u00e4 seljan, katajan ja hasselp\u00e4hkin\u00e4n kanssa.<\/p><p>Toisin kuin valmistetut <a href=\"https:\/\/iwell-guard.com\/fi\/suojasymbolit\/\">suojasymbolit<\/a>, pihlaja oli el\u00e4v\u00e4 suoja. Koko puuta, yksitt\u00e4isi\u00e4 oksia, puuainesta ja marjoja voitiin k\u00e4ytt\u00e4\u00e4 <span class=\"iwg-fachbegriff\" data-tooltip=\"Perinteinen, yhteis\u00f6ss\u00e4 s\u00e4\u00e4nn\u00f6llisesti toistettu toiminta.\" tabindex=\"0\">tavan<\/span> mukaan.<\/p><p>Suojaava merkitys jakautui eri kasvinosiin. Puuainesta k\u00e4ytettiin v\u00e4lineiden ja sauvojen valmistukseen, oksia talon ja navetan koristeluun, ja punaisia marjoja korujen ja torjuntakeinojen osana.<\/p><p data-nosnippet=\"true\">On syyt\u00e4 korostaa, ett\u00e4 pihlajan suojaava vaikutus kuvaa historiallista uskomusta. Puu on kansatieteellinen todiste, ei luonnontieteellisess\u00e4 mieless\u00e4 tehokas suojakeino. Siihen ei liity parantumislupauksia.<\/p>\t\t\t\t\t\t\t\t<\/div>\n\t\t\t\t<\/div>\n\t\t\t\t<\/div>\n\t\t\t\t\t<\/div>\n\t\t\t\t<\/div>\n\t\t<div class=\"elementor-element elementor-element-iwgs-eberesche-s1 e-flex e-con-boxed e-con e-parent\" data-id=\"iwgs-eberesche-s1\" data-element_type=\"container\" data-e-type=\"container\">\n\t\t\t\t\t<div class=\"e-con-inner\">\n\t\t\t\t<div class=\"elementor-element elementor-element-iwgs-eberesche-s1h elementor-widget elementor-widget-heading\" data-id=\"iwgs-eberesche-s1h\" data-element_type=\"widget\" data-e-type=\"widget\" data-widget_type=\"heading.default\">\n\t\t\t\t\t<h2 class=\"elementor-heading-title elementor-size-default\">Alkuper\u00e4 ja historia<\/h2>\t\t\t\t<\/div>\n\t\t<div class=\"elementor-element elementor-element-iw-eberesche-s1-bw e-con-full e-flex e-con e-child\" data-id=\"iw-eberesche-s1-bw\" data-element_type=\"container\" data-e-type=\"container\">\n\t\t<div class=\"elementor-element elementor-element-iwgs-eberesche-s1box e-con-full e-flex e-con e-parent\" data-id=\"iwgs-eberesche-s1box\" data-element_type=\"container\" data-e-type=\"container\">\n\t\t\t\t<div class=\"elementor-element elementor-element-iwgs-eberesche-s1t elementor-widget elementor-widget-text-editor\" data-id=\"iwgs-eberesche-s1t\" data-element_type=\"widget\" data-e-type=\"widget\" data-widget_type=\"text-editor.default\">\n\t\t\t\t\t\t\t\t\t<p>Pihlaja kasvaa l\u00e4hes kaikkialla Euroopassa, alavilta seuduilta vuoristoon asti. Sen laaja levinneisyys ja punaisten marjojen n\u00e4kyvyys tekiv\u00e4t siit\u00e4 varhain puun, jolla oli kansanuskossa erityinen asema.<\/p><p>Puulla lienee ollut kulttiin liittyv\u00e4 merkitys jo esikristillisen\u00e4 aikana, vaikka l\u00e4hteet t\u00e4st\u00e4 ovat v\u00e4h\u00e4isi\u00e4. Pohjoismaisessa <span class=\"iwg-fachbegriff\" data-tooltip=\"Tiedon ja tarinoiden v\u00e4littyminen sukupolvelta toiselle.\" tabindex=\"0\">perinteess\u00e4<\/span> pihlaja mainitaan yhteydess\u00e4 jumala Thoriin, mik\u00e4 viittaa vanhaan arvostukseen.<\/p><p>Varmat todisteet suojaustavoista ovat keskiajalta ja uuden ajan alusta. T\u00e4n\u00e4 aikana noituususko oli laajalti levinnytt\u00e4, ja pihlajaa pidettiin koeteltuna keinona torjua vahingollisia voimia.<\/p><p>1800-luvun kansatieteelliset kokoelmat dokumentoivat pihlajaan liittyv\u00e4t tavat kattavasti. Ne osoittavat, ett\u00e4 puu yhdistettiin samankaltaisiin suojauskomuksiin Saksassa, Englannissa, Skandinaviassa ja It\u00e4meren alueella.<\/p><p>Erityisesti maaseudulla <span class=\"iwg-fachbegriff\" data-tooltip=\"Perinteinen, yhteis\u00f6ss\u00e4 s\u00e4\u00e4nn\u00f6llisesti toistettu toiminta.\" tabindex=\"0\">tapa<\/span> s\u00e4ilyi pitk\u00e4\u00e4n. Viel\u00e4 1800-luvulla ja paikoin 1900-luvulla pihlajanoksia pistettiin navettojen ja talojen suojaksi, erityisesti valpuriny\u00f6n\u00e4.<\/p><p>Pihlajan historia suojapuuna osoittaa pitk\u00e4n jatkuvuuden. Sit\u00e4 voidaan seurata oletetusta esikristillisest\u00e4 kultipuusta uuden ajan alun torjuntakeinoon ja aina 1800-luvulla dokumentoituun <span class=\"iwg-fachbegriff\" data-tooltip=\"Perinteinen, yhteis\u00f6ss\u00e4 s\u00e4\u00e4nn\u00f6llisesti toistettu toiminta.\" tabindex=\"0\">tapaan<\/span> asti.<\/p><p>Anglosaksisessa ja pohjoismaisessa <span class=\"iwg-fachbegriff\" data-tooltip=\"Tiedon ja tarinoiden v\u00e4littyminen sukupolvelta toiselle.\" tabindex=\"0\">perinteess\u00e4<\/span> pihlaja esiintyy my\u00f6s kertomuksessa, jonka mukaan puu antoi jumala Thorille tukea h\u00e4nen ylitt\u00e4ess\u00e4\u00e4n raivoisan virran.<\/p><p>T\u00e4llaiset kerrontamotiivit tunnetaan vain keskiaikaisista tallennuksista, eiv\u00e4tk\u00e4 ne mahdollista varmoja p\u00e4\u00e4telmi\u00e4 esikristillisest\u00e4 <span class=\"iwg-fachbegriff\" data-tooltip=\"Jumaluuden tai pyh\u00e4n hahmon kunnioittamiseen liittyvien palvontatoimien kokonaisuus.\" tabindex=\"0\">kultista<\/span>, mutta ne osoittavat puun vanhan yhteyden suojan ja lujuuden ajatukseen.<\/p>\t\t\t\t\t\t\t\t<\/div>\n\t\t\t\t<\/div>\n\t\t\t\t<\/div>\n\t\t\t\t\t<\/div>\n\t\t\t\t<\/div>\n\t\t<div class=\"elementor-element elementor-element-iwgs-eberesche-s2 e-flex e-con-boxed e-con e-parent\" data-id=\"iwgs-eberesche-s2\" data-element_type=\"container\" data-e-type=\"container\">\n\t\t\t\t\t<div class=\"e-con-inner\">\n\t\t\t\t<div class=\"elementor-element elementor-element-iwgs-eberesche-s2h elementor-widget elementor-widget-heading\" data-id=\"iwgs-eberesche-s2h\" data-element_type=\"widget\" data-e-type=\"widget\" data-widget_type=\"heading.default\">\n\t\t\t\t\t<h2 class=\"elementor-heading-title elementor-size-default\">Muoto, materiaali ja valmistus<\/h2>\t\t\t\t<\/div>\n\t\t<div class=\"elementor-element elementor-element-iw-eberesche-s2-bw e-con-full e-flex e-con e-child\" data-id=\"iw-eberesche-s2-bw\" data-element_type=\"container\" data-e-type=\"container\">\n\t\t<div class=\"elementor-element elementor-element-iwgs-eberesche-s2box e-con-full e-flex e-con e-parent\" data-id=\"iwgs-eberesche-s2box\" data-element_type=\"container\" data-e-type=\"container\">\n\t\t\t\t<div class=\"elementor-element elementor-element-iwgs-eberesche-s2t elementor-widget elementor-widget-text-editor\" data-id=\"iwgs-eberesche-s2t\" data-element_type=\"widget\" data-e-type=\"widget\" data-widget_type=\"text-editor.default\">\n\t\t\t\t\t\t\t\t\t<p>Pihlaja on pieni tai keskikokoinen lehtipuu, jonka lehdet ovat h\u00f6yhenm\u00e4isi\u00e4. Erityisen huomiota her\u00e4tt\u00e4vi\u00e4 ovat syksyll\u00e4 hehkuvanpunaiset marjat, jotka riippuvat tihein\u00e4 terttuina. N\u00e4ill\u00e4 punaisilla marjoilla on t\u00e4rke\u00e4 osa kansanmagiassa.<\/p><p>K\u00e4yt\u00f6ss\u00e4 olivat puun eri osat. Tuoreita lehtien ja marjojen kanssa olevia oksia k\u00e4ytettiin ripustamiseen. Ne katkaistiin m\u00e4\u00e4r\u00e4ttyin\u00e4 aikoina ja kiinnitettiin oviin, ikkunoihin ja navetan pihtipieliin.<\/p><p>Pihlajan puuaines on sitke\u00e4\u00e4 ja joustavaa. Siit\u00e4 tehtiin ty\u00f6kalun varsia, k\u00e4vely- ja paimensauvoja, piiskan varsia ja pieni\u00e4 esineit\u00e4. Pihlajapuusta valmistetuille esineille annettiin suojaava merkitys.<\/p><p>Marjoista pystyi pujottamaan ketjuja. Punaisista pihlajanmarjanauhoista tehtyj\u00e4 koruja pidettiin yll\u00e4 tai ripustettiin taloon. Voimakas punainen v\u00e4ri katsottiin merkitykselliseksi.<\/p><p>Erityist\u00e4 rituaalista valmistustapaa ei useimmiten vaadittu. Sen sijaan oksien katkaisun oikea ajankohta oli t\u00e4rke\u00e4. Joidenkin tapojen mukaan oksat oli hankittava m\u00e4\u00e4r\u00e4ttyin\u00e4 p\u00e4ivin\u00e4 tai ilman rautaisia ty\u00f6kaluja.<\/p><p>My\u00f6s puun kasvupaikalla oli merkityst\u00e4. Pihlajaa, joka kasvoi kalliolla tai toisen puun oksahaarassa, siis ei maaper\u00e4ss\u00e4 juurtuneena, pidettiin erityisen voimakkaana. T\u00e4llaisia puita kutsuttiin lentopihlajiksi.<\/p><p>Joillakin seuduilla pihlajaa pidettiin my\u00f6s s\u00e4\u00e4nennustajana, jonka marjasadosta voitiin p\u00e4\u00e4tell\u00e4 tulevan talven laatu. Runsaasti marjoja kantava puu ennusti t\u00e4m\u00e4n uskomuksen mukaan kovaa ja lumista talvea. T\u00e4ll\u00e4 s\u00e4\u00e4s\u00e4\u00e4nn\u00f6ll\u00e4 ei sin\u00e4ns\u00e4 ole yhteytt\u00e4 suojausteht\u00e4v\u00e4\u00e4n, mutta se osoittaa, kuinka tiiviisti pihlaja liittyi maalaisel\u00e4m\u00e4\u00e4n.<\/p>\t\t\t\t\t\t\t\t<\/div>\n\t\t\t\t<\/div>\n\t\t\t\t<\/div>\n\t\t\t\t\t<\/div>\n\t\t\t\t<\/div>\n\t\t<div class=\"elementor-element elementor-element-iwgs-eberesche-s3 e-flex e-con-boxed e-con e-parent\" data-id=\"iwgs-eberesche-s3\" data-element_type=\"container\" data-e-type=\"container\">\n\t\t\t\t\t<div class=\"e-con-inner\">\n\t\t\t\t<div class=\"elementor-element elementor-element-iwgs-eberesche-s3h elementor-widget elementor-widget-heading\" data-id=\"iwgs-eberesche-s3h\" data-element_type=\"widget\" data-e-type=\"widget\" data-widget_type=\"heading.default\">\n\t\t\t\t\t<h2 class=\"elementor-heading-title elementor-size-default\">Kansanperinteinen tausta ja uskomukset<\/h2>\t\t\t\t<\/div>\n\t\t<div class=\"elementor-element elementor-element-iw-eberesche-s3-bw e-con-full e-flex e-con e-child\" data-id=\"iw-eberesche-s3-bw\" data-element_type=\"container\" data-e-type=\"container\">\n\t\t<div class=\"elementor-element elementor-element-iwgs-eberesche-s3box e-con-full e-flex e-con e-parent\" data-id=\"iwgs-eberesche-s3box\" data-element_type=\"container\" data-e-type=\"container\">\n\t\t\t\t<div class=\"elementor-element elementor-element-iwgs-eberesche-s3t elementor-widget elementor-widget-text-editor\" data-id=\"iwgs-eberesche-s3t\" data-element_type=\"widget\" data-e-type=\"widget\" data-widget_type=\"text-editor.default\">\n\t\t\t\t\t\t\t\t\t<p>Pihlajan taustalla oli k\u00e4sitys, jonka mukaan tietyill\u00e4 puilla oli suojaava, noituudelle vastakkainen voima. Pihlajaa pidettiin yhten\u00e4 n\u00e4iden puiden tehokkaimmista edustajista.<\/p><p>Keskeinen merkitys oli marjojen punaisella v\u00e4rill\u00e4. Punainen katsottiin eurooppalaisessa kansanmagiassa laajalti torjuvaksi v\u00e4riksi, joka piti loitolla vahingollisia voimia ja pahaa silm\u00e4\u00e4. Pihlajan punaiset marjat ilmensiv\u00e4t t\u00e4t\u00e4 suojaavaa v\u00e4ri\u00e4 luonnossa.<\/p><p>Puuta k\u00e4ytettiin eri uhkia vastaan. Sen oli tarkoitus torjua noitia ja niiden vahinkoloitsuja, est\u00e4\u00e4 painajaisia ja suojata ihmisi\u00e4 ja karjaa pahalta silm\u00e4lt\u00e4. T\u00e4llainen teht\u00e4vien kertyminen on tyypillist\u00e4 suojakasveille.<\/p><p>Pihlajaa pidettiin suojana my\u00f6s salamaa vastaan. T\u00e4ss\u00e4 ominaisuudessa se oli sek\u00e4 kilpailija ett\u00e4 yhteydess\u00e4 muihin puihin, joille annettiin salamansuojaava merkitys. T\u00e4ss\u00e4 kuuluu my\u00f6s pohjoismainen yhteys ukkosen jumalaan Thoriin.<\/p><p>Lentopihlajan, siis maaper\u00e4\u00e4n juurtumattoman puun, erityinen arvostus selittyy kansanmagiassa yleisell\u00e4 logiikalla. Poikkeuksellisesti kasvanut ja luonnollista j\u00e4rjestyst\u00e4 vastaan olevalta n\u00e4ytt\u00e4v\u00e4 puu katsottiin erityisen voimakkaaksi.<\/p><p>Pihlaja yhdisti n\u00e4in useita k\u00e4sityksi\u00e4. Se oli noituutta torjuva puu, suoja salamaa vastaan ja merkityksellisen punaisen v\u00e4rin kantaja. T\u00e4m\u00e4 merkitysten runsaus teki siit\u00e4 yhden kansanmagian t\u00e4rkeimmist\u00e4 puista.<\/p><p>Vahingollista silm\u00e4\u00e4 vastaan oli k\u00e4sitys, jonka mukaan ihminen tai el\u00e4in, jolla oli pihlajanoksa, oli suojassa pahalta silm\u00e4lt\u00e4.<\/p><p>T\u00e4m\u00e4n logiikan mukaan oksa k\u00e4\u00e4nsi vahingollisen huomion itseens\u00e4, samalla tavoin kuin n\u00e4kyv\u00e4 <span class=\"iwg-fachbegriff\" data-tooltip=\"Kannettava esine, jolle annetaan suojaava, onnettomuutta torjuva vaikutus.\" tabindex=\"0\">amuletti<\/span>, ja suojasi n\u00e4in varsinaista kantajaa. T\u00e4m\u00e4 k\u00e4sitys yhdisti suojaavan puun laajaan pahan silm\u00e4n torjunnan kokonaisuuteen.<\/p>\t\t\t\t\t\t\t\t<\/div>\n\t\t\t\t<\/div>\n\t\t\t\t<\/div>\n\t\t\t\t\t<\/div>\n\t\t\t\t<\/div>\n\t\t<div class=\"elementor-element elementor-element-iwgs-eberesche-s4 e-flex e-con-boxed e-con e-parent\" data-id=\"iwgs-eberesche-s4\" data-element_type=\"container\" data-e-type=\"container\">\n\t\t\t\t\t<div class=\"e-con-inner\">\n\t\t\t\t<div class=\"elementor-element elementor-element-iwgs-eberesche-s4h elementor-widget elementor-widget-heading\" data-id=\"iwgs-eberesche-s4h\" data-element_type=\"widget\" data-e-type=\"widget\" data-widget_type=\"heading.default\">\n\t\t\t\t\t<h2 class=\"elementor-heading-title elementor-size-default\">K\u00e4ytt\u00f6 ja tapa<\/h2>\t\t\t\t<\/div>\n\t\t<div class=\"elementor-element elementor-element-iw-eberesche-s4-bw e-con-full e-flex e-con e-child\" data-id=\"iw-eberesche-s4-bw\" data-element_type=\"container\" data-e-type=\"container\">\n\t\t<div class=\"elementor-element elementor-element-iwgs-eberesche-s4box e-con-full e-flex e-con e-parent\" data-id=\"iwgs-eberesche-s4box\" data-element_type=\"container\" data-e-type=\"container\">\n\t\t\t\t<div class=\"elementor-element elementor-element-iwgs-eberesche-s4t elementor-widget elementor-widget-text-editor\" data-id=\"iwgs-eberesche-s4t\" data-element_type=\"widget\" data-e-type=\"widget\" data-widget_type=\"text-editor.default\">\n\t\t\t\t\t\t\t\t\t<p>Yleinen <span class=\"iwg-fachbegriff\" data-tooltip=\"Perinteinen, yhteis\u00f6ss\u00e4 s\u00e4\u00e4nn\u00f6llisesti toistuva toiminta.\" tabindex=\"0\">tapa<\/span> oli pihlajanoksien kiinnitt\u00e4minen talon ja navetan seiniin. Erityisesti valpuriny\u00f6n\u00e4, jolloin noitien uskottiin olevan erityisen aktiivisia, tuoreita oksia kiinnitettiin oviin ja navetan pihtipieliin.<\/p><p>Navetassa pihlajan teht\u00e4v\u00e4n\u00e4 oli suojata karjaa. Oksia kiinnitettiin navetan ovien yl\u00e4puolelle tai pistettiin navetan sis\u00e4lle suojaamaan hevosia ja nautoja sairaudelta, painajaisilta ja noituudelta.<\/p><p>Pihlajapuusta tehdyill\u00e4 esineill\u00e4 ja sauvoilla oli omanlainen merkityksens\u00e4. Pihlajapuisen paimensauvan tuli suojata karjaa, piiskan varren vetokarjaa. My\u00f6s t\u00e4st\u00e4 puusta tehdyt kirnuvarret ja sekoituslaitteet katsottiin edullisiksi.<\/p><p>Ovien ja kynnysten kohdalla pihlajaa k\u00e4ytettiin samaan tapaan kuin muitakin rakennuksen suojakeinoja. Kynnyksen v\u00e4liin puristetun oksan tai puukappaleen oli tarkoitus est\u00e4\u00e4 vahingollisten voimien p\u00e4\u00e4sy sis\u00e4\u00e4n.<\/p><p>Punaisista marjoista pujotettiin ketjuja, jotka ripustettiin lapsille tai el\u00e4imille. N\u00e4iss\u00e4 marjanauhoissa yhdistyi puun suoja ja punaisen v\u00e4rin torjuva vaikutus.<\/p><p><span class=\"iwg-fachbegriff\" data-tooltip=\"Perinteinen, yhteis\u00f6ss\u00e4 s\u00e4\u00e4nn\u00f6llisesti toistuva toiminta.\" tabindex=\"0\">Tapa<\/span> oli helppo toteuttaa ja ei ollut sidottu mihink\u00e4\u00e4n erityiseen henkil\u00f6\u00f6n. Kuka tahansa taloudessa saattoi katkaista ja kiinnitt\u00e4\u00e4 oksia. T\u00e4m\u00e4 helppous edisti pihlajaan liittyvien tapojen laajaa levi\u00e4mist\u00e4.<\/p><p>Yleinen oli my\u00f6s <span class=\"iwg-fachbegriff\" data-tooltip=\"Perinteinen, yhteis\u00f6ss\u00e4 s\u00e4\u00e4nn\u00f6llisesti toistuva toiminta.\" tabindex=\"0\">tapa<\/span> kirnuta tuoretta voita pihlajapuisella kirnuvarrella. Jos kirnuaminen ep\u00e4onnistui, t\u00e4m\u00e4 tulkittiin usein noidan tekem\u00e4ksi, joka oli riist\u00e4nyt maidon voiman. Suojaavasta puusta tehdyn sekoituslaitteen oli tarkoitus ehk\u00e4ist\u00e4 t\u00e4llaista vahinkoloitsua ja varmistaa ty\u00f6n onnistuminen.<\/p>\t\t\t\t\t\t\t\t<\/div>\n\t\t\t\t<\/div>\n\t\t\t\t<\/div>\n\t\t\t\t\t<\/div>\n\t\t\t\t<\/div>\n\t\t<div class=\"elementor-element elementor-element-iwgs-eberesche-s5 e-flex e-con-boxed e-con e-parent\" data-id=\"iwgs-eberesche-s5\" data-element_type=\"container\" data-e-type=\"container\">\n\t\t\t\t\t<div class=\"e-con-inner\">\n\t\t\t\t<div class=\"elementor-element elementor-element-iwgs-eberesche-s5h elementor-widget elementor-widget-heading\" data-id=\"iwgs-eberesche-s5h\" data-element_type=\"widget\" data-e-type=\"widget\" data-widget_type=\"heading.default\">\n\t\t\t\t\t<h2 class=\"elementor-heading-title elementor-size-default\">Alueelliset muunnokset ja sukulaisilmi\u00f6t<\/h2>\t\t\t\t<\/div>\n\t\t<div class=\"elementor-element elementor-element-iw-eberesche-s5-bw e-con-full e-flex e-con e-child\" data-id=\"iw-eberesche-s5-bw\" data-element_type=\"container\" data-e-type=\"container\">\n\t\t<div class=\"elementor-element elementor-element-iwgs-eberesche-s5box e-con-full e-flex e-con e-parent\" data-id=\"iwgs-eberesche-s5box\" data-element_type=\"container\" data-e-type=\"container\">\n\t\t\t\t<div class=\"elementor-element elementor-element-iwgs-eberesche-s5t elementor-widget elementor-widget-text-editor\" data-id=\"iwgs-eberesche-s5t\" data-element_type=\"widget\" data-e-type=\"widget\" data-widget_type=\"text-editor.default\">\n\t\t\t\t\t\t\t\t\t<p>Pihlajaan liittyv\u00e4t tavat vaihtelevat alueittain. Pohjois-Saksassa ja It\u00e4meren alueella painopiste oli karjan suojelemisessa oveen tai navettaan kiinnitetyill\u00e4 oksilla. Keskivuorten alueella korostui enemm\u00e4n suojautuminen noituutta ja painajaisia vastaan.<\/p><p>Skotlannissa ja Irlannissa pihlajaa, jota kutsuttiin rowaniksi, pidettiin erityisen voimakkaana suojapuuna. Kahdesta pihlajanoksasta punaisella langalla sidotut ristit olivat yleinen suojakeino.<\/p><p>Skandinaviassa pihlaja liittyi l\u00e4heisesti talon ja pihapiirin suojeluun. My\u00f6s siell\u00e4 erityisen t\u00e4rke\u00e4n\u00e4 pidettiin lentopihlajaa, toisten puiden p\u00e4\u00e4lle kasvavaa pihlajaa.<\/p><p>Pihlaja on sukua muille eurooppalaisen kansanuskon suojakasveille. Selja tunnettiin talon suojana, katajaa k\u00e4ytettiin puhdistavana suitsutuspuuna ja p\u00e4hkin\u00e4puuta pidettiin erityisen voimallisena vitsapuuna.<\/p><p>Kuten <a href=\"https:\/\/iwell-guard.com\/fi\/suojasymbolit\/\">Hagstein-kivi<\/a>, pihlaja kuuluu niihin luonnonesineisiin, joiden suojaava voima ei perustu ihmisen valmistusty\u00f6h\u00f6n, vaan kasviin itseens\u00e4. Molemmat edustavat suojamagiaa, joka nojaa luontoon.<\/p><p>Alueellisista eroista huolimatta on havaittavissa yhteinen kaava. Kaikkialla punaisia marjoja pidettiin merkityksellisin\u00e4, kaikkialla suojaus kohdistui noituutta ja painajaisia vastaan, ja kaikkialla puulla oli vakiintunut paikka talon ja karjan suojelussa.<\/p><p>Walesissa pihlajapuuta k\u00e4ytettiin taikavitsojen varsiksi ja rukin karoiksi, ja joillakin hautausmailla puu istutettiin tarkoituksella turvaamaan vainajien lepo. T\u00e4m\u00e4 kirkon l\u00e4heinen k\u00e4ytt\u00f6 osoittaa, ett\u00e4 pihlajaa, samoin kuin muita suojakasveja, k\u00e4ytettiin ilman ristiriitaa kansanmagian ja kristillisen piirin v\u00e4lill\u00e4.<\/p>\t\t\t\t\t\t\t\t<\/div>\n\t\t\t\t<\/div>\n\t\t\t\t<\/div>\n\t\t\t\t\t<\/div>\n\t\t\t\t<\/div>\n\t\t<div class=\"elementor-element elementor-element-iwgs-eberesche-s6 e-flex e-con-boxed e-con e-parent\" data-id=\"iwgs-eberesche-s6\" data-element_type=\"container\" data-e-type=\"container\">\n\t\t\t\t\t<div class=\"e-con-inner\">\n\t\t\t\t<div class=\"elementor-element elementor-element-iwgs-eberesche-s6h elementor-widget elementor-widget-heading\" data-id=\"iwgs-eberesche-s6h\" data-element_type=\"widget\" data-e-type=\"widget\" data-widget_type=\"heading.default\">\n\t\t\t\t\t<h2 class=\"elementor-heading-title elementor-size-default\">Merkitys suojav\u00e4lineen\u00e4<\/h2>\t\t\t\t<\/div>\n\t\t<div class=\"elementor-element elementor-element-iw-eberesche-s6-bw e-con-full e-flex e-con e-child\" data-id=\"iw-eberesche-s6-bw\" data-element_type=\"container\" data-e-type=\"container\">\n\t\t<div class=\"elementor-element elementor-element-iwgs-eberesche-s6box e-con-full e-flex e-con e-parent\" data-id=\"iwgs-eberesche-s6box\" data-element_type=\"container\" data-e-type=\"container\">\n\t\t\t\t<div class=\"elementor-element elementor-element-iwgs-eberesche-s6t elementor-widget elementor-widget-text-editor\" data-id=\"iwgs-eberesche-s6t\" data-element_type=\"widget\" data-e-type=\"widget\" data-widget_type=\"text-editor.default\">\n\t\t\t\t\t\t\t\t\t<p>Pihlajan suojaava merkitys perustuu useiden k\u00e4sitysten yhdistymiseen. Puun katsottiin olevan luonnostaan noituuden vastavoima, ja sen punaiset marjat kantoivat torjuvaa suojav\u00e4ri\u00e4.<\/p><p>Keskeinen rooli oli karjan suojelulla. Koska karjan sairauksien uskottiin usein johtuvan pahasta taiasta, tehokkaana pidetty suojakeino oli maatalousyhteis\u00f6lle eritt\u00e4in t\u00e4rke\u00e4. Pihlaja t\u00e4ytti t\u00e4m\u00e4n odotuksen.<\/p><p>Talon suojelu t\u00e4ydensi karjan suojelua. Oviin ja ikkunoihin kiinnitetyt oksat oli tarkoitus turvata koko taloa haitallisten voimien tunkeutumiselta, samaan tapaan kuin kaiverretut suojamerkit.<\/p><p>Pihlajalle annettu ukkosenilman suoja laajensi sen suojaavaa teht\u00e4v\u00e4\u00e4 luonnon vaaraa vastaan. Aikana ennen teknist\u00e4 ukkosen suojausta usko salamaa torjuvaan puuhun oli ihmisille eritt\u00e4in merkityksellinen.<\/p><p>Ihmisille pihlajan arvo oli sen saatavuudessa. Puu kasvoi l\u00e4hes kaikkialla, ja sen oksia voitiin leikata ilmaiseksi. Suoja oli siten kaikkien kotitalouksien ulottuvilla.<\/p><p>On todettava, ett\u00e4 t\u00e4m\u00e4 suojaava merkitys heijastaa historiallisia uskomuksia. Pihlajaan ei liity todellista suojaa sairautta, pahaa taikaa tai salamaa vastaan. Sen arvo on kulttuurihistoriallisessa merkityksess\u00e4, joka kertoo menneist\u00e4 ajattelutavoista.<\/p>\t\t\t\t\t\t\t\t<\/div>\n\t\t\t\t<\/div>\n\t\t\t\t<\/div>\n\t\t\t\t\t<\/div>\n\t\t\t\t<\/div>\n\t\t<div class=\"elementor-element elementor-element-iwgs-eberesche-s7 e-flex e-con-boxed e-con e-parent\" data-id=\"iwgs-eberesche-s7\" data-element_type=\"container\" data-e-type=\"container\">\n\t\t\t\t\t<div class=\"e-con-inner\">\n\t\t\t\t<div class=\"elementor-element elementor-element-iwgs-eberesche-s7h elementor-widget elementor-widget-heading\" data-id=\"iwgs-eberesche-s7h\" data-element_type=\"widget\" data-e-type=\"widget\" data-widget_type=\"heading.default\">\n\t\t\t\t\t<h2 class=\"elementor-heading-title elementor-size-default\">L\u00e4hdetilanne ja tutkimushistoria<\/h2>\t\t\t\t<\/div>\n\t\t<div class=\"elementor-element elementor-element-iw-eberesche-s7-bw e-con-full e-flex e-con e-child\" data-id=\"iw-eberesche-s7-bw\" data-element_type=\"container\" data-e-type=\"container\">\n\t\t<div class=\"elementor-element elementor-element-iwgs-eberesche-s7box e-con-full e-flex e-con e-parent\" data-id=\"iwgs-eberesche-s7box\" data-element_type=\"container\" data-e-type=\"container\">\n\t\t\t\t<div class=\"elementor-element elementor-element-iwgs-eberesche-s7t elementor-widget elementor-widget-text-editor\" data-id=\"iwgs-eberesche-s7t\" data-element_type=\"widget\" data-e-type=\"widget\" data-widget_type=\"text-editor.default\">\n\t\t\t\t\t\t\t\t\t<p>Pihlajan suojapuuna k\u00e4ytt\u00f6\u00e4 koskeva l\u00e4hdeaineisto on <span class=\"iwg-fachbegriff\" data-tooltip=\"Ajanjakso noin 1400-luvulta 1700-luvulle.\" tabindex=\"0\">varhaismodernille ajalle<\/span> ja 1800-luvulle tiivist\u00e4, mutta vanhemmilta ajanjaksoilta puutteellista. Suuri osa esikristillisen ajan tiedosta j\u00e4\u00e4 arvailun varaan.<\/p><p>Pohjoismaisen <span class=\"iwg-fachbegriff\" data-tooltip=\"Tiedon ja tarinoiden v\u00e4littyminen sukupolvelta toiselle.\" tabindex=\"0\">perinteen<\/span> osalta keskiaikaiset islantilaiset kirjoitukset antavat viitteit\u00e4 pihlajan merkityksest\u00e4 yhteydess\u00e4 Thor-jumalaan. N\u00e4it\u00e4 mainintoja on kuitenkin v\u00e4h\u00e4n, ja niit\u00e4 on tulkittava varovasti.<\/p><p>T\u00e4rkeimm\u00e4n perustan muodostavat 1800- ja 1900-lukujen alun kansatieteelliset kokoelmat. Tutkijat ker\u00e4siv\u00e4t haastattelujen avulla laajan aineiston tavoista, joka osoittaa pihlajaan liittyvien tapojen alueellisen moninaisuuden.<\/p><p>Handw\u00f6rterbuch des deutschen Aberglaubens tarjoaa laajan artikkelin pihlajasta. Se j\u00e4rjest\u00e4\u00e4 tavat systemaattisesti ja yhdist\u00e4\u00e4 ne noituutta, painajaisia ja suojav\u00e4ri\u00e4 koskeviin k\u00e4sityksiin.<\/p><p>Menetelm\u00e4llinen ongelma liittyy siihen, kuinka my\u00f6hemmist\u00e4 tavoista tehd\u00e4\u00e4n p\u00e4\u00e4telmi\u00e4 esikristillisest\u00e4 kulttimerkityksest\u00e4. Tutkimus kehottaa t\u00e4ss\u00e4 varovaisuuteen, sill\u00e4 my\u00f6hempi\u00e4 tapoja ei voida suoraan projisoida kaukaiseen menneisyyteen.<\/p><p>Tutkimushistoria osoittaa, ett\u00e4 pihlaja kuuluu Euroopan parhaiten dokumentoituihin suojapuihin. Kansatieteellinen ker\u00e4ysty\u00f6 on tehnyt sen moninaisen roolin kansanmagiassa laajasti n\u00e4kyv\u00e4ksi.<\/p><p>Toistuva tutkimuksen ongelma on pihlajan sekoittuminen muihin puihin vanhemmissa teksteiss\u00e4. Kansanomaiset nimet eiv\u00e4t ole yksiselitteisi\u00e4, ja termej\u00e4 kuten Quitsche tai Drudenbaum k\u00e4ytettiin alueellisesti eri tavoin. Tarkka m\u00e4\u00e4ritt\u00e4minen, mik\u00e4 puu l\u00e4hteess\u00e4 tarkoitetaan, vaatii siksi vertailua alueelliseen kielenk\u00e4ytt\u00f6\u00f6n.<\/p>\t\t\t\t\t\t\t\t<\/div>\n\t\t\t\t<\/div>\n\t\t\t\t<\/div>\n\t\t\t\t\t<\/div>\n\t\t\t\t<\/div>\n\t\t<div class=\"elementor-element elementor-element-iwgs-eberesche-s8 e-flex e-con-boxed e-con e-parent\" data-id=\"iwgs-eberesche-s8\" data-element_type=\"container\" data-e-type=\"container\">\n\t\t\t\t\t<div class=\"e-con-inner\">\n\t\t\t\t<div class=\"elementor-element elementor-element-iwgs-eberesche-s8h elementor-widget elementor-widget-heading\" data-id=\"iwgs-eberesche-s8h\" data-element_type=\"widget\" data-e-type=\"widget\" data-widget_type=\"heading.default\">\n\t\t\t\t\t<h2 class=\"elementor-heading-title elementor-size-default\">Nykyaikainen vastaanotto<\/h2>\t\t\t\t<\/div>\n\t\t<div class=\"elementor-element elementor-element-iw-eberesche-s8-bw e-con-full e-flex e-con e-child\" data-id=\"iw-eberesche-s8-bw\" data-element_type=\"container\" data-e-type=\"container\">\n\t\t<div class=\"elementor-element elementor-element-iwgs-eberesche-s8box e-con-full e-flex e-con e-parent\" data-id=\"iwgs-eberesche-s8box\" data-element_type=\"container\" data-e-type=\"container\">\n\t\t\t\t<div class=\"elementor-element elementor-element-iwgs-eberesche-s8t elementor-widget elementor-widget-text-editor\" data-id=\"iwgs-eberesche-s8t\" data-element_type=\"widget\" data-e-type=\"widget\" data-widget_type=\"text-editor.default\">\n\t\t\t\t\t\t\t\t\t<p>Pihlaja tunnetaan nykyisin ennen kaikkea koriste- ja lintuja suojaavana puuna. Sen punaiset marjat ovat t\u00e4rke\u00e4 ravinnonl\u00e4hde linnuille, mink\u00e4 ansiosta se on suosittu luonnonmukaisissa puutarhoissa.<\/p><p>Nykyaikaisessa luonnonl\u00e4\u00e4kinn\u00e4ss\u00e4 ja <span class=\"iwg-fachbegriff\" data-tooltip=\"Yleisk\u00e4site opeille, jotka v\u00e4itt\u00e4v\u00e4t hallitsevansa piilotettua, vain vihityille avautuvaa tietoa.\" tabindex=\"0\">esoteriassa<\/span> pihlaja nostetaan toisinaan esiin suojaavana puuna. Oppaissa sit\u00e4 kuvataan puuna, jolla on torjuvaa voimaa. N\u00e4iss\u00e4 esityksiss\u00e4 nojataan vanhoihin k\u00e4sityksiin, mutta ne on erotettava historiallisesta <span class=\"iwg-fachbegriff\" data-tooltip=\"Tiedon ja kertomusten v\u00e4litt\u00e4minen sukupolvelta toiselle.\" tabindex=\"0\">perim\u00e4tiedosta<\/span>.<\/p><p>Perinteen vaalimisessa ja kotiseututiedossa tieto pihlajasta suojaavana puuna el\u00e4\u00e4 edelleen. Alueellista kansankulttuuria esitelt\u00e4ess\u00e4 kerrotaan puusta ja sen vanhasta <span class=\"iwg-fachbegriff\" data-tooltip=\"Yhteis\u00f6ss\u00e4 s\u00e4\u00e4nn\u00f6llisesti toistuva, perinteinen toimintatapa.\" tabindex=\"0\">tavasta<\/span>.<\/p><p>Kelttil\u00e4isvaikutteisessa nykypakanuudessa pihlajalla, nimell\u00e4 Rowan, on omat merkityksens\u00e4. Se tulkitaan siell\u00e4 suojaavaksi puuksi, jolloin historiallinen <span class=\"iwg-fachbegriff\" data-tooltip=\"Tiedon ja kertomusten v\u00e4litt\u00e4minen sukupolvelta toiselle.\" tabindex=\"0\">perim\u00e4tieto<\/span> ja uudet tulkinnat sekoittuvat toisiinsa.<\/p><div data-nosnippet=\"true\"><p>Ne, jotka haluavat ymm\u00e4rt\u00e4\u00e4 tarkemmin pihlajan asemaa pohjoismaisessa ja kelttil\u00e4isess\u00e4 kansanuskossa, kannattaa tutustua kansatieteellisiin k\u00e4sikirjoihin ja suojasymbolien yleiskatsaukseen. Esoteeriset oppaat esitt\u00e4v\u00e4t suojaavan puun historian usein hyvin yksinkertaistetusti.<\/p><\/div><p>Nykyinen vastaanotto jakautuu n\u00e4in ollen kahteen linjaan. Pihlaja on arvostettu koristepuu, ja samalla se el\u00e4\u00e4 suojaavana puuna perinteen vaalimisessa ja nykypakanuudessa, tosin uudelleen tulkittuna.<\/p>\t\t\t\t\t\t\t\t<\/div>\n\t\t\t\t<\/div>\n\t\t\t\t<\/div>\n\t\t\t\t\t<\/div>\n\t\t\t\t<\/div>\n\t\t<div class=\"elementor-element elementor-element-iwgs-eberesche-lit e-flex e-con-boxed e-con e-parent\" data-id=\"iwgs-eberesche-lit\" data-element_type=\"container\" data-e-type=\"container\">\n\t\t\t\t\t<div class=\"e-con-inner\">\n\t\t\t\t<div class=\"elementor-element elementor-element-iwgs-eberesche-lith elementor-widget elementor-widget-heading\" data-id=\"iwgs-eberesche-lith\" data-element_type=\"widget\" data-e-type=\"widget\" data-widget_type=\"heading.default\">\n\t\t\t\t\t<h2 class=\"elementor-heading-title elementor-size-default\">Kirjallisuus (valikoima)<\/h2>\t\t\t\t<\/div>\n\t\t<div class=\"elementor-element elementor-element-iw-eberesche-lit-bw e-con-full e-flex e-con e-child\" data-id=\"iw-eberesche-lit-bw\" data-element_type=\"container\" data-e-type=\"container\">\n\t\t<div class=\"elementor-element elementor-element-iwgs-eberesche-litbox e-con-full e-flex e-con e-parent\" data-id=\"iwgs-eberesche-litbox\" data-element_type=\"container\" data-e-type=\"container\">\n\t\t\t\t<div class=\"elementor-element elementor-element-iwgs-eberesche-litt elementor-widget elementor-widget-html\" data-id=\"iwgs-eberesche-litt\" data-element_type=\"widget\" data-e-type=\"widget\" data-widget_type=\"html.default\">\n\t\t\t\t\t<footer data-nosnippet=\"true\"><ul><li>Hanns B\u00e4chtold-St\u00e4ubli (toim.): <em>Handw\u00f6rterbuch des deutschen Aberglaubens<\/em> (1927-1942)<\/li><li>Heinrich Marzell: <em>W\u00f6rterbuch der deutschen Pflanzennamen<\/em> (1943-1979)<\/li><li>Adolf Wuttke: <em>Der deutsche Volksaberglaube der Gegenwart<\/em> (1869)<\/li><li>Wolf-Dieter Storl: <em>Pflanzen der Kelten<\/em> (2000)<\/li><li>Doris Laudert: <em>Mythos Baum. Geschichte, Brauchtum, 40 Baumportr\u00e4ts<\/em> (1998)<\/li><\/ul><\/footer>\t\t\t\t<\/div>\n\t\t\t\t<\/div>\n\t\t\t\t<\/div>\n\t\t\t\t\t<\/div>\n\t\t\t\t<\/div>\n\t\t<div class=\"elementor-element elementor-element-iwgs-eberesche-kwd e-flex e-con-boxed e-con e-parent\" data-id=\"iwgs-eberesche-kwd\" data-element_type=\"container\" data-e-type=\"container\">\n\t\t\t\t\t<div class=\"e-con-inner\">\n\t\t<div class=\"elementor-element elementor-element-iw-eberesche-kwd-bw e-con-full e-flex e-con e-child\" data-id=\"iw-eberesche-kwd-bw\" data-element_type=\"container\" data-e-type=\"container\">\n\t\t\t\t<div class=\"elementor-element elementor-element-iwgs-eberesche-kwdt elementor-widget elementor-widget-text-editor\" data-id=\"iwgs-eberesche-kwdt\" data-element_type=\"widget\" data-e-type=\"widget\" data-widget_type=\"text-editor.default\">\n\t\t\t\t\t\t\t\t\t<p><em>L\u00e4heiset avaink\u00e4sitteet: Pihlaja Sorbus aucuparia Suojapuu Druidipuu Rowan Valpuriny\u00f6 Noituudentorjunta Lentopihlaja Suojapuuaines Karjansuoja Ukkosensuoja.<\/em><\/p>\t\t\t\t\t\t\t\t<\/div>\n\t\t\t\t<\/div>\n\t\t\t\t\t<\/div>\n\t\t\t\t<\/div>\n\t\t<div class=\"elementor-element elementor-element-iwgs-eberesche-cc e-flex e-con-boxed e-con e-parent\" data-id=\"iwgs-eberesche-cc\" data-element_type=\"container\" data-e-type=\"container\" id=\"iwg-cc-eberesche\">\n\t\t\t\t\t<div class=\"e-con-inner\">\n\t\t<div class=\"elementor-element elementor-element-iwgs-eberesche-ccinner e-flex e-con-boxed e-con e-parent\" data-id=\"iwgs-eberesche-ccinner\" data-element_type=\"container\" data-e-type=\"container\" data-settings=\"{&quot;background_background&quot;:&quot;classic&quot;}\">\n\t\t\t\t\t<div class=\"e-con-inner\">\n\t\t\t\t<div class=\"elementor-element elementor-element-iwgs-eberesche-cch elementor-widget elementor-widget-heading\" data-id=\"iwgs-eberesche-cch\" data-element_type=\"widget\" data-e-type=\"widget\" data-widget_type=\"heading.default\">\n\t\t\t\t\t<h2 class=\"elementor-heading-title elementor-size-default\">iWell Guard ja suojelutraditiot<\/h2>\t\t\t\t<\/div>\n\t\t\t\t<div class=\"elementor-element elementor-element-iwgs-eberesche-cct elementor-widget elementor-widget-text-editor\" data-id=\"iwgs-eberesche-cct\" data-element_type=\"widget\" data-e-type=\"widget\" data-widget_type=\"text-editor.default\">\n\t\t\t\t\t\t\t\t\t<p>iWell Guard jatkaa kulttuurihistoriallista kannettavien suojaesineiden perinnett\u00e4, johon my\u00f6s pihlaja kuuluu. Moderni kumppani ihmisille, jotka el\u00e4v\u00e4t suojasymbolien kanssa: valmistettu Saksassa, 41 kerrosta aitoa kultaa, platinaa ja hopeaa, 30 p\u00e4iv\u00e4n palautusoikeudella.<\/p>\t\t\t\t\t\t\t\t<\/div>\n\t\t\t\t<div class=\"elementor-element elementor-element-iwgs-eberesche-ccb iwg-cc-button iwg-cc-cta-2026-05-13 elementor-widget elementor-widget-jet-button\" data-id=\"iwgs-eberesche-ccb\" data-element_type=\"widget\" data-e-type=\"widget\" data-widget_type=\"jet-button.default\">\n\t\t\t\t<div class=\"elementor-widget-container\">\n\t\t\t\t\t<div class=\"elementor-jet-button jet-elements\"><div class=\"jet-button__container\"><a class=\"jet-button__instance jet-button__instance--icon-left hover-effect-1\" href=\"\/schutzanhaenger-iwell-guard-kaufen\/?utm_source=iwell-guard.com&amp;utm_medium=info-box&amp;utm_campaign=schutzsymbole\"><div class=\"jet-button__plane jet-button__plane-normal\"><\/div><div class=\"jet-button__plane jet-button__plane-hover\"><\/div><div class=\"jet-button__state jet-button__state-normal\"><span class=\"jet-button__label\">Lis\u00e4\u00e4 iWell Guardista<\/span><\/div><div class=\"jet-button__state jet-button__state-hover\"><span class=\"jet-button__label\">Lis\u00e4\u00e4 iWell Guardista<\/span><\/div><\/a><\/div><\/div><style>.elementor-element.elementor-element-iwgs-eberesche-ccb .jet-button__instance{width:320px;height:56px;}.elementor-element.elementor-element-iwgs-eberesche-ccb .jet-button__state-normal .jet-button__label{text-align:center;margin:0px 0px 0px 0px;color:#1a1b20;font-family:Montserrat,sans-serif;font-size:13px;font-weight:400;letter-spacing:4px;line-height:1.714em;text-transform:uppercase;}.elementor-element.elementor-element-iwgs-eberesche-ccb .jet-button__state-hover .jet-button__label{text-align:center;margin:0px 0px 0px 0px;color:#FECC76;font-family:Montserrat,sans-serif;font-size:13px;font-weight:400;letter-spacing:4px;line-height:1.714em;text-transform:uppercase;}.elementor-element.elementor-element-iwgs-eberesche-ccb .jet-button__plane-normal{background-color:#FECC76;border-style:solid;border-color:#C99540;border-width:2px 2px 2px 2px;}.elementor-element.elementor-element-iwgs-eberesche-ccb .jet-button__plane-hover{background-color:rgba(0,0,0,0.55);border-style:solid;border-color:#FECC76;border-width:2px 2px 2px 2px;}<\/style>\t\t\t\t<\/div>\n\t\t\t\t<\/div>\n\t\t\t\t<div class=\"elementor-element elementor-element-iwgs-eberesche-ccd elementor-widget elementor-widget-text-editor\" data-id=\"iwgs-eberesche-ccd\" data-element_type=\"widget\" data-e-type=\"widget\" data-widget_type=\"text-editor.default\">\n\t\t\t\t\t\t\t\t\t<p style=\"text-align:center;font-size:13px;opacity:0.7;margin-top:14px\" data-nosnippet=\"true\">Henkil\u00f6kohtaiset kokemukset voivat vaihdella. Ei l\u00e4\u00e4kinn\u00e4llinen laite. Ei paranemislupausta.<\/p>\t\t\t\t\t\t\t\t<\/div>\n\t\t\t\t\t<\/div>\n\t\t\t\t<\/div>\n\t\t\t\t\t<\/div>\n\t\t\t\t<\/div>\n\t\t<div class=\"elementor-element elementor-element-iwgs-eberesche-disc e-flex e-con-boxed e-con e-parent\" data-id=\"iwgs-eberesche-disc\" data-element_type=\"container\" data-e-type=\"container\">\n\t\t\t\t\t<div class=\"e-con-inner\">\n\t\t<div class=\"elementor-element elementor-element-iw-eberesche-disc-bw e-con-full e-flex e-con e-child\" data-id=\"iw-eberesche-disc-bw\" data-element_type=\"container\" data-e-type=\"container\">\n\t\t\t\t<div class=\"elementor-element elementor-element-iwgs-eberesche-discw elementor-widget elementor-widget-html\" data-id=\"iwgs-eberesche-discw\" data-element_type=\"widget\" data-e-type=\"widget\" data-widget_type=\"html.default\">\n\t\t\t\t\t<footer data-nosnippet=\"true\" class=\"iwg-disclaimer-block\"><p data-nosnippet=\"true\">iWell Guard <strong>ei ole l\u00e4\u00e4kinn\u00e4llinen laite<\/strong>, eik\u00e4 se korvaa l\u00e4\u00e4k\u00e4rin tai psykoterapeutin hoitoa. T\u00e4ss\u00e4 esitetyt sis\u00e4ll\u00f6t ovat uskontotieteellist\u00e4 ja kulttuurihistoriallista tarkastelua, eiv\u00e4t lupausta hengellisest\u00e4 vaikutuksesta.<\/p><\/footer>\t\t\t\t<\/div>\n\t\t\t\t<\/div>\n\t\t\t\t\t<\/div>\n\t\t\t\t<\/div>\n\t\t\t\t<\/div>\n\t\t","protected":false},"excerpt":{"rendered":"","protected":false},"author":3,"featured_media":3573,"parent":0,"menu_order":0,"comment_status":"closed","ping_status":"closed","template":"elementor_header_footer","meta":{"_yoast_wpseo_focuskw":"Pihlaja","_yoast_wpseo_title":"Pihlaja: eurooppalaisen kansanmagian suojapuu","_yoast_wpseo_metadesc":"Pihlajaa pidettiin suojapuuna ja suojapuuaineksena noituutta ja ukkosta vastaan. Suojapuun alkuper\u00e4, tavat ja kansatieteellinen tulkinta.","_yoast_wpseo_meta-robots-noindex":"","_yoast_wpseo_canonical":"","_angie_page":false,"gefaehrdungsstufe":"","wesen_kultur":"","wesen_klasse":"","footnotes":""},"categories":[],"class_list":["post-144480","page","type-page","status-publish","has-post-thumbnail","hentry"],"yoast_head":"<!-- This site is optimized with the Yoast SEO Premium plugin v27.7 (Yoast SEO v28.3) - https:\/\/yoast.com\/product\/yoast-seo-premium-wordpress\/ -->\n<title>Pihlaja: eurooppalaisen kansanmagian suojapuu<\/title>\n<meta name=\"description\" content=\"Pihlajaa pidettiin suojapuuna ja suojapuuaineksena noituutta ja ukkosta vastaan. Suojapuun alkuper\u00e4, tavat ja kansatieteellinen tulkinta.\" \/>\n<meta name=\"robots\" content=\"index, follow, max-snippet:-1, max-image-preview:large, max-video-preview:-1\" \/>\n<link rel=\"canonical\" href=\"https:\/\/iwell-guard.com\/fi\/pihlaja-suojapuu-ja-suojapuuaines-kansanmagiassa\/\" \/>\n<meta property=\"og:locale\" content=\"fi_FI\" \/>\n<meta property=\"og:type\" content=\"article\" \/>\n<meta property=\"og:title\" content=\"Pihlaja \u2013 kansanmagian suojapuu ja suojapuuaines\" \/>\n<meta property=\"og:description\" content=\"Pihlajaa pidettiin suojapuuna ja suojapuuaineksena noituutta ja ukkosta vastaan. Suojapuun alkuper\u00e4, tavat ja kansatieteellinen tulkinta.\" \/>\n<meta property=\"og:url\" content=\"https:\/\/iwell-guard.com\/fi\/pihlaja-suojapuu-ja-suojapuuaines-kansanmagiassa\/\" \/>\n<meta property=\"og:site_name\" content=\"iWell Guard\" \/>\n<meta property=\"article:modified_time\" content=\"2026-09-03T12:59:51+00:00\" \/>\n<meta property=\"og:image\" content=\"https:\/\/iwell-guard.com\/wp-content\/uploads\/2026\/05\/schutzsymbol_volksmagie_eberesche.webp\" \/>\n\t<meta property=\"og:image:width\" content=\"1024\" \/>\n\t<meta property=\"og:image:height\" content=\"1536\" \/>\n\t<meta property=\"og:image:type\" content=\"image\/webp\" \/>\n<meta name=\"twitter:card\" content=\"summary_large_image\" \/>\n<script type=\"application\/ld+json\" class=\"yoast-schema-graph\">{\"@context\":\"https:\\\/\\\/schema.org\",\"@graph\":[{\"@type\":\"WebPage\",\"@id\":\"https:\\\/\\\/iwell-guard.com\\\/fi\\\/pihlaja-suojapuu-ja-suojapuuaines-kansanmagiassa\\\/\",\"url\":\"https:\\\/\\\/iwell-guard.com\\\/fi\\\/pihlaja-suojapuu-ja-suojapuuaines-kansanmagiassa\\\/\",\"name\":\"Pihlaja: eurooppalaisen kansanmagian suojapuu\",\"isPartOf\":{\"@id\":\"https:\\\/\\\/iwell-guard.com\\\/fi\\\/#website\"},\"primaryImageOfPage\":{\"@id\":\"https:\\\/\\\/iwell-guard.com\\\/fi\\\/pihlaja-suojapuu-ja-suojapuuaines-kansanmagiassa\\\/#primaryimage\"},\"image\":{\"@id\":\"https:\\\/\\\/iwell-guard.com\\\/fi\\\/pihlaja-suojapuu-ja-suojapuuaines-kansanmagiassa\\\/#primaryimage\"},\"thumbnailUrl\":\"https:\\\/\\\/iwell-guard.com\\\/wp-content\\\/uploads\\\/2026\\\/05\\\/schutzsymbol_volksmagie_eberesche.webp\",\"datePublished\":\"2026-09-03T12:35:55+00:00\",\"dateModified\":\"2026-09-03T12:59:51+00:00\",\"description\":\"Pihlajaa pidettiin suojapuuna ja suojapuuaineksena noituutta ja ukkosta vastaan. Suojapuun alkuper\u00e4, tavat ja kansatieteellinen tulkinta.\",\"breadcrumb\":{\"@id\":\"https:\\\/\\\/iwell-guard.com\\\/fi\\\/pihlaja-suojapuu-ja-suojapuuaines-kansanmagiassa\\\/#breadcrumb\"},\"inLanguage\":\"fi\",\"potentialAction\":[{\"@type\":\"ReadAction\",\"target\":[\"https:\\\/\\\/iwell-guard.com\\\/fi\\\/pihlaja-suojapuu-ja-suojapuuaines-kansanmagiassa\\\/\"]}]},{\"@type\":\"ImageObject\",\"inLanguage\":\"fi\",\"@id\":\"https:\\\/\\\/iwell-guard.com\\\/fi\\\/pihlaja-suojapuu-ja-suojapuuaines-kansanmagiassa\\\/#primaryimage\",\"url\":\"https:\\\/\\\/iwell-guard.com\\\/wp-content\\\/uploads\\\/2026\\\/05\\\/schutzsymbol_volksmagie_eberesche.webp\",\"contentUrl\":\"https:\\\/\\\/iwell-guard.com\\\/wp-content\\\/uploads\\\/2026\\\/05\\\/schutzsymbol_volksmagie_eberesche.webp\",\"width\":1024,\"height\":1536,\"caption\":\"Suojasymboli. Museaalinen asetelmakuvitus.\"},{\"@type\":\"BreadcrumbList\",\"@id\":\"https:\\\/\\\/iwell-guard.com\\\/fi\\\/pihlaja-suojapuu-ja-suojapuuaines-kansanmagiassa\\\/#breadcrumb\",\"itemListElement\":[{\"@type\":\"ListItem\",\"position\":1,\"name\":\"Start\",\"item\":\"https:\\\/\\\/iwell-guard.com\\\/fi\\\/?page_id=143815\"},{\"@type\":\"ListItem\",\"position\":2,\"name\":\"Pihlaja \u2013 kansanmagian suojapuu ja suojapuuaines\"}]},{\"@type\":\"WebSite\",\"@id\":\"https:\\\/\\\/iwell-guard.com\\\/fi\\\/#website\",\"url\":\"https:\\\/\\\/iwell-guard.com\\\/fi\\\/\",\"name\":\"iWell Guard\",\"description\":\"Schutz vor dunklen Einfl\u00fcssen\",\"publisher\":{\"@id\":\"https:\\\/\\\/iwell-guard.com\\\/fi\\\/#organization\"},\"potentialAction\":[{\"@type\":\"SearchAction\",\"target\":{\"@type\":\"EntryPoint\",\"urlTemplate\":\"https:\\\/\\\/iwell-guard.com\\\/fi\\\/?s={search_term_string}\"},\"query-input\":{\"@type\":\"PropertyValueSpecification\",\"valueRequired\":true,\"valueName\":\"search_term_string\"}}],\"inLanguage\":\"fi\"},{\"@type\":\"Organization\",\"@id\":\"https:\\\/\\\/iwell-guard.com\\\/fi\\\/#organization\",\"name\":\"Ittermann electronic GmbH\",\"url\":\"https:\\\/\\\/iwell-guard.com\\\/fi\\\/\",\"logo\":{\"@type\":\"ImageObject\",\"inLanguage\":\"fi\",\"@id\":\"https:\\\/\\\/iwell-guard.com\\\/fi\\\/#\\\/schema\\\/logo\\\/image\\\/\",\"url\":\"https:\\\/\\\/iwell-guard.com\\\/wp-content\\\/uploads\\\/2026\\\/05\\\/Ittermann-Logo-1182x237-1.png\",\"contentUrl\":\"https:\\\/\\\/iwell-guard.com\\\/wp-content\\\/uploads\\\/2026\\\/05\\\/Ittermann-Logo-1182x237-1.png\",\"width\":1182,\"height\":237,\"caption\":\"Ittermann electronic GmbH\"},\"image\":{\"@id\":\"https:\\\/\\\/iwell-guard.com\\\/fi\\\/#\\\/schema\\\/logo\\\/image\\\/\"},\"sameAs\":[\"https:\\\/\\\/pantip.com\\\/profile\\\/9367242\",\"https:\\\/\\\/micro.blog\\\/iwellguard\",\"https:\\\/\\\/www.diggerslist.com\\\/iwellguard\\\/about\",\"https:\\\/\\\/skitterphoto.com\\\/photographers\\\/2870314\\\/iwell-guard\",\"https:\\\/\\\/iwellguard.wordpress.com\\\/2026\\\/06\\\/06\\\/iwell-guard\\\/\",\"https:\\\/\\\/hub.docker.com\\\/u\\\/iwellguard\",\"https:\\\/\\\/www.pinterest.com\\\/iwellguard\\\/\",\"https:\\\/\\\/bit.ly\\\/m\\\/iwellguard\",\"https:\\\/\\\/entre-vos-mains.alsace.eu\\\/profiles\\\/iwellguard\\\/activity\",\"https:\\\/\\\/gravatar.com\\\/reallybeded8fd34\",\"https:\\\/\\\/naijamatta.com\\\/iwellguard\",\"https:\\\/\\\/www.goodreads.com\\\/iwellguard\",\"https:\\\/\\\/profile.hatena.ne.jp\\\/iwellguard\\\/\",\"https:\\\/\\\/experiment.com\\\/users\\\/iwellguard\",\"https:\\\/\\\/wakelet.com\\\/@iWellGuard82270\",\"https:\\\/\\\/www.chordie.com\\\/forum\\\/profile.php?id=2555664\",\"https:\\\/\\\/www.instapaper.com\\\/p\\\/17757966\",\"https:\\\/\\\/www.mapleprimes.com\\\/users\\\/iwellguard\",\"https:\\\/\\\/businesslistingplus.com\\\/profile\\\/iwell-guard\\\/\",\"https:\\\/\\\/telegra.ph\\\/iWell-Guard-06-06\",\"https:\\\/\\\/pbase.com\\\/iwellguard\\\/iwellguard\",\"https:\\\/\\\/b.hatena.ne.jp\\\/iwellguard\\\/20260607#bookmark-4788405196491818882\",\"https:\\\/\\\/fliphtml5.com\\\/home\\\/iwellguard\",\"https:\\\/\\\/anyflip.com\\\/homepage\\\/cmiwl#About\",\"https:\\\/\\\/transfur.com\\\/Users\\\/iwellguard\",\"http:\\\/\\\/delphi.larsbo.org\\\/user\\\/iwellguard\",\"https:\\\/\\\/jobs.lajobsportal.org\\\/profiles\\\/8380803-iwell-guard\",\"https:\\\/\\\/md.chaosdorf.de\\\/s\\\/jfbe5SBdJD\",\"https:\\\/\\\/www.lingvolive.com\\\/en-us\\\/profile\\\/9ecaeaca-ce11-4e51-9e71-01d55e2bff36\\\/translations\",\"https:\\\/\\\/www.fitday.com\\\/fitness\\\/forums\\\/members\\\/iwellguard.html\",\"https:\\\/\\\/www.mymeetbook.com\\\/iwellguard\",\"https:\\\/\\\/pxhere.com\\\/en\\\/photographer-me\\\/5040798\",\"https:\\\/\\\/disqus.com\\\/by\\\/iwellguard\\\/about\\\/\",\"https:\\\/\\\/pastelink.net\\\/hjwciqwq\",\"https:\\\/\\\/pubhtml5.com\\\/homepage\\\/scjhn\\\/\",\"https:\\\/\\\/www.bitchute.com\\\/channel\\\/2O2eOKzNqujT\",\"https:\\\/\\\/audiomack.com\\\/iwellguard\"]}]}<\/script>\n<!-- \/ Yoast SEO Premium plugin. -->","yoast_head_json":{"title":"Pihlaja: eurooppalaisen kansanmagian suojapuu","description":"Pihlajaa pidettiin suojapuuna ja suojapuuaineksena noituutta ja ukkosta vastaan. Suojapuun alkuper\u00e4, tavat ja kansatieteellinen tulkinta.","robots":{"index":"index","follow":"follow","max-snippet":"max-snippet:-1","max-image-preview":"max-image-preview:large","max-video-preview":"max-video-preview:-1"},"canonical":"https:\/\/iwell-guard.com\/fi\/pihlaja-suojapuu-ja-suojapuuaines-kansanmagiassa\/","og_locale":"fi_FI","og_type":"article","og_title":"Pihlaja \u2013 kansanmagian suojapuu ja suojapuuaines","og_description":"Pihlajaa pidettiin suojapuuna ja suojapuuaineksena noituutta ja ukkosta vastaan. Suojapuun alkuper\u00e4, tavat ja kansatieteellinen tulkinta.","og_url":"https:\/\/iwell-guard.com\/fi\/pihlaja-suojapuu-ja-suojapuuaines-kansanmagiassa\/","og_site_name":"iWell Guard","article_modified_time":"2026-09-03T12:59:51+00:00","og_image":[{"width":1024,"height":1536,"url":"https:\/\/iwell-guard.com\/wp-content\/uploads\/2026\/05\/schutzsymbol_volksmagie_eberesche.webp","type":"image\/webp"}],"twitter_card":"summary_large_image","schema":{"@context":"https:\/\/schema.org","@graph":[{"@type":"WebPage","@id":"https:\/\/iwell-guard.com\/fi\/pihlaja-suojapuu-ja-suojapuuaines-kansanmagiassa\/","url":"https:\/\/iwell-guard.com\/fi\/pihlaja-suojapuu-ja-suojapuuaines-kansanmagiassa\/","name":"Pihlaja: eurooppalaisen kansanmagian suojapuu","isPartOf":{"@id":"https:\/\/iwell-guard.com\/fi\/#website"},"primaryImageOfPage":{"@id":"https:\/\/iwell-guard.com\/fi\/pihlaja-suojapuu-ja-suojapuuaines-kansanmagiassa\/#primaryimage"},"image":{"@id":"https:\/\/iwell-guard.com\/fi\/pihlaja-suojapuu-ja-suojapuuaines-kansanmagiassa\/#primaryimage"},"thumbnailUrl":"https:\/\/iwell-guard.com\/wp-content\/uploads\/2026\/05\/schutzsymbol_volksmagie_eberesche.webp","datePublished":"2026-09-03T12:35:55+00:00","dateModified":"2026-09-03T12:59:51+00:00","description":"Pihlajaa pidettiin suojapuuna ja suojapuuaineksena noituutta ja ukkosta vastaan. Suojapuun alkuper\u00e4, tavat ja kansatieteellinen tulkinta.","breadcrumb":{"@id":"https:\/\/iwell-guard.com\/fi\/pihlaja-suojapuu-ja-suojapuuaines-kansanmagiassa\/#breadcrumb"},"inLanguage":"fi","potentialAction":[{"@type":"ReadAction","target":["https:\/\/iwell-guard.com\/fi\/pihlaja-suojapuu-ja-suojapuuaines-kansanmagiassa\/"]}]},{"@type":"ImageObject","inLanguage":"fi","@id":"https:\/\/iwell-guard.com\/fi\/pihlaja-suojapuu-ja-suojapuuaines-kansanmagiassa\/#primaryimage","url":"https:\/\/iwell-guard.com\/wp-content\/uploads\/2026\/05\/schutzsymbol_volksmagie_eberesche.webp","contentUrl":"https:\/\/iwell-guard.com\/wp-content\/uploads\/2026\/05\/schutzsymbol_volksmagie_eberesche.webp","width":1024,"height":1536,"caption":"Suojasymboli. Museaalinen asetelmakuvitus."},{"@type":"BreadcrumbList","@id":"https:\/\/iwell-guard.com\/fi\/pihlaja-suojapuu-ja-suojapuuaines-kansanmagiassa\/#breadcrumb","itemListElement":[{"@type":"ListItem","position":1,"name":"Start","item":"https:\/\/iwell-guard.com\/fi\/?page_id=143815"},{"@type":"ListItem","position":2,"name":"Pihlaja \u2013 kansanmagian suojapuu ja suojapuuaines"}]},{"@type":"WebSite","@id":"https:\/\/iwell-guard.com\/fi\/#website","url":"https:\/\/iwell-guard.com\/fi\/","name":"iWell Guard","description":"Schutz vor dunklen Einfl\u00fcssen","publisher":{"@id":"https:\/\/iwell-guard.com\/fi\/#organization"},"potentialAction":[{"@type":"SearchAction","target":{"@type":"EntryPoint","urlTemplate":"https:\/\/iwell-guard.com\/fi\/?s={search_term_string}"},"query-input":{"@type":"PropertyValueSpecification","valueRequired":true,"valueName":"search_term_string"}}],"inLanguage":"fi"},{"@type":"Organization","@id":"https:\/\/iwell-guard.com\/fi\/#organization","name":"Ittermann electronic GmbH","url":"https:\/\/iwell-guard.com\/fi\/","logo":{"@type":"ImageObject","inLanguage":"fi","@id":"https:\/\/iwell-guard.com\/fi\/#\/schema\/logo\/image\/","url":"https:\/\/iwell-guard.com\/wp-content\/uploads\/2026\/05\/Ittermann-Logo-1182x237-1.png","contentUrl":"https:\/\/iwell-guard.com\/wp-content\/uploads\/2026\/05\/Ittermann-Logo-1182x237-1.png","width":1182,"height":237,"caption":"Ittermann electronic GmbH"},"image":{"@id":"https:\/\/iwell-guard.com\/fi\/#\/schema\/logo\/image\/"},"sameAs":["https:\/\/pantip.com\/profile\/9367242","https:\/\/micro.blog\/iwellguard","https:\/\/www.diggerslist.com\/iwellguard\/about","https:\/\/skitterphoto.com\/photographers\/2870314\/iwell-guard","https:\/\/iwellguard.wordpress.com\/2026\/06\/06\/iwell-guard\/","https:\/\/hub.docker.com\/u\/iwellguard","https:\/\/www.pinterest.com\/iwellguard\/","https:\/\/bit.ly\/m\/iwellguard","https:\/\/entre-vos-mains.alsace.eu\/profiles\/iwellguard\/activity","https:\/\/gravatar.com\/reallybeded8fd34","https:\/\/naijamatta.com\/iwellguard","https:\/\/www.goodreads.com\/iwellguard","https:\/\/profile.hatena.ne.jp\/iwellguard\/","https:\/\/experiment.com\/users\/iwellguard","https:\/\/wakelet.com\/@iWellGuard82270","https:\/\/www.chordie.com\/forum\/profile.php?id=2555664","https:\/\/www.instapaper.com\/p\/17757966","https:\/\/www.mapleprimes.com\/users\/iwellguard","https:\/\/businesslistingplus.com\/profile\/iwell-guard\/","https:\/\/telegra.ph\/iWell-Guard-06-06","https:\/\/pbase.com\/iwellguard\/iwellguard","https:\/\/b.hatena.ne.jp\/iwellguard\/20260607#bookmark-4788405196491818882","https:\/\/fliphtml5.com\/home\/iwellguard","https:\/\/anyflip.com\/homepage\/cmiwl#About","https:\/\/transfur.com\/Users\/iwellguard","http:\/\/delphi.larsbo.org\/user\/iwellguard","https:\/\/jobs.lajobsportal.org\/profiles\/8380803-iwell-guard","https:\/\/md.chaosdorf.de\/s\/jfbe5SBdJD","https:\/\/www.lingvolive.com\/en-us\/profile\/9ecaeaca-ce11-4e51-9e71-01d55e2bff36\/translations","https:\/\/www.fitday.com\/fitness\/forums\/members\/iwellguard.html","https:\/\/www.mymeetbook.com\/iwellguard","https:\/\/pxhere.com\/en\/photographer-me\/5040798","https:\/\/disqus.com\/by\/iwellguard\/about\/","https:\/\/pastelink.net\/hjwciqwq","https:\/\/pubhtml5.com\/homepage\/scjhn\/","https:\/\/www.bitchute.com\/channel\/2O2eOKzNqujT","https:\/\/audiomack.com\/iwellguard"]}]}},"_links":{"self":[{"href":"https:\/\/iwell-guard.com\/fi\/wp-json\/wp\/v2\/pages\/144480","targetHints":{"allow":["GET"]}}],"collection":[{"href":"https:\/\/iwell-guard.com\/fi\/wp-json\/wp\/v2\/pages"}],"about":[{"href":"https:\/\/iwell-guard.com\/fi\/wp-json\/wp\/v2\/types\/page"}],"author":[{"embeddable":true,"href":"https:\/\/iwell-guard.com\/fi\/wp-json\/wp\/v2\/users\/3"}],"replies":[{"embeddable":true,"href":"https:\/\/iwell-guard.com\/fi\/wp-json\/wp\/v2\/comments?post=144480"}],"version-history":[{"count":0,"href":"https:\/\/iwell-guard.com\/fi\/wp-json\/wp\/v2\/pages\/144480\/revisions"}],"wp:featuredmedia":[{"embeddable":true,"href":"https:\/\/iwell-guard.com\/fi\/wp-json\/wp\/v2\/media\/3573"}],"wp:attachment":[{"href":"https:\/\/iwell-guard.com\/fi\/wp-json\/wp\/v2\/media?parent=144480"}],"wp:term":[{"taxonomy":"category","embeddable":true,"href":"https:\/\/iwell-guard.com\/fi\/wp-json\/wp\/v2\/categories?post=144480"}],"curies":[{"name":"wp","href":"https:\/\/api.w.org\/{rel}","templated":true}]}}