{"id":144425,"date":"2026-09-03T12:35:21","date_gmt":"2026-09-03T12:35:21","guid":{"rendered":"https:\/\/iwell-guard.com\/?page_id=144425"},"modified":"2026-09-03T12:58:45","modified_gmt":"2026-09-03T12:58:45","slug":"musta-lanka-suojanauha-pahaa-silmaa-vastaan","status":"publish","type":"page","link":"https:\/\/iwell-guard.com\/fi\/musta-lanka-suojanauha-pahaa-silmaa-vastaan\/","title":{"rendered":"Musta lanka \u2013 suojanauha pahaa silm\u00e4\u00e4 vastaan"},"content":{"rendered":"\t\t<div data-elementor-type=\"wp-page\" data-elementor-id=\"144425\" class=\"elementor elementor-144425 elementor-3681 elementor-bc-flex-widget\" data-elementor-post-type=\"page\">\n\t\t\t\t<div class=\"elementor-element elementor-element-iwgs-schwarzerfad-hero e-flex e-con-boxed e-con e-parent\" data-id=\"iwgs-schwarzerfad-hero\" data-element_type=\"container\" data-e-type=\"container\">\n\t\t\t\t\t<div class=\"e-con-inner\">\n\t\t<div class=\"elementor-element elementor-element-iwgs-schwarzerfad-hl e-flex e-con-boxed e-con e-parent\" data-id=\"iwgs-schwarzerfad-hl\" data-element_type=\"container\" data-e-type=\"container\">\n\t\t\t\t\t<div class=\"e-con-inner\">\n\t\t<div class=\"elementor-element elementor-element-iwgs-schwarzerfad-hlbox e-con-full e-flex e-con e-parent\" data-id=\"iwgs-schwarzerfad-hlbox\" data-element_type=\"container\" data-e-type=\"container\">\n\t\t\t\t<div class=\"elementor-element elementor-element-iwgs-schwarzerfad-h1 elementor-widget elementor-widget-heading\" data-id=\"iwgs-schwarzerfad-h1\" data-element_type=\"widget\" data-e-type=\"widget\" data-widget_type=\"heading.default\">\n\t\t\t\t\t<h1 class=\"elementor-heading-title elementor-size-default\">Musta lanka \u2013 musta suojanauha pahaa silm\u00e4\u00e4 vastaan<\/h1>\t\t\t\t<\/div>\n\t\t\t\t<div class=\"elementor-element elementor-element-iwgs-schwarzerfad-lead elementor-widget elementor-widget-text-editor\" data-id=\"iwgs-schwarzerfad-lead\" data-element_type=\"widget\" data-e-type=\"widget\" data-widget_type=\"text-editor.default\">\n\t\t\t\t\t\t\t\t\t<p>Musta lanka on yksinkertainen suojanauha, joka Intiassa sidotaan monille ihmisille, erityisesti pienille lapsille, ranteeseen, lantiolle tai nilkkaan. Sen uskotaan suojaavan pahalta silm\u00e4lt\u00e4 ja onnettomuudelta, ja se on yksi arjen yleisimmist\u00e4 suojakeinoista.<\/p>\t\t\t\t\t\t\t\t<\/div>\n\t\t\t\t<\/div>\n\t\t\t\t<div class=\"elementor-element elementor-element-iwgs-schwarzerfad-pills elementor-widget elementor-widget-html\" data-id=\"iwgs-schwarzerfad-pills\" data-element_type=\"widget\" data-e-type=\"widget\" data-widget_type=\"html.default\">\n\t\t\t\t\t<div class=\"iwg-pill-row\"><span class=\"iwg-klasse-badge\" tabindex=\"0\" data-tooltip=\"Suojasymboli, amuletti tai apotrooppinen esine.\">Suojasymboli<\/span><a href=\"https:\/\/iwell-guard.com\/fi\/hindulaisuus\/\" class=\"iwg-kultur-badge\" tabindex=\"0\" data-tooltip=\"Suojaperinne: Hindulaisuus\">Hindulaisuus<\/a><span class=\"iwg-tradition-badge\" tabindex=\"0\" data-tooltip=\"Nauha, jolle on annettu suojaava vaikutus.\">Suojanauha<\/span><\/div>\t\t\t\t<\/div>\n\t\t\t\t\t<\/div>\n\t\t\t\t<\/div>\n\t\t<div class=\"elementor-element elementor-element-iwgs-schwarzerfad-hr e-con-full e-flex e-con e-parent\" data-id=\"iwgs-schwarzerfad-hr\" data-element_type=\"container\" data-e-type=\"container\">\n\t\t\t\t<div class=\"elementor-element elementor-element-iwgs-schwarzerfad-himg iwg-hero-image elementor-widget elementor-widget-image\" data-id=\"iwgs-schwarzerfad-himg\" data-element_type=\"widget\" data-e-type=\"widget\" data-widget_type=\"image.default\">\n\t\t\t\t\t\t\t\t\t\t\t\t\t\t\t<img fetchpriority=\"high\" decoding=\"async\" width=\"683\" height=\"1024\" src=\"https:\/\/iwell-guard.com\/wp-content\/uploads\/2026\/05\/schutzsymbol_hinduismus_schwarzer-faden-683x1024.webp\" class=\"attachment-large size-large wp-image-148519\" alt=\"Musta lanka - suojasymboli, museokuvitus\" srcset=\"https:\/\/iwell-guard.com\/wp-content\/uploads\/2026\/05\/schutzsymbol_hinduismus_schwarzer-faden-683x1024.webp 683w, https:\/\/iwell-guard.com\/wp-content\/uploads\/2026\/05\/schutzsymbol_hinduismus_schwarzer-faden-200x300.webp 200w, https:\/\/iwell-guard.com\/wp-content\/uploads\/2026\/05\/schutzsymbol_hinduismus_schwarzer-faden-768x1152.webp 768w, https:\/\/iwell-guard.com\/wp-content\/uploads\/2026\/05\/schutzsymbol_hinduismus_schwarzer-faden.webp 1024w\" sizes=\"(max-width: 683px) 100vw, 683px\" \/>\t\t\t\t\t\t\t\t\t\t\t\t\t\t\t<\/div>\n\t\t\t\t<\/div>\n\t\t\t\t\t<\/div>\n\t\t\t\t<\/div>\n\t\t<div class=\"elementor-element elementor-element-iwgs-schwarzerfad-s0 e-flex e-con-boxed e-con e-parent\" data-id=\"iwgs-schwarzerfad-s0\" data-element_type=\"container\" data-e-type=\"container\">\n\t\t\t\t\t<div class=\"e-con-inner\">\n\t\t\t\t<div class=\"elementor-element elementor-element-iwgs-schwarzerfad-s0h elementor-widget elementor-widget-heading\" data-id=\"iwgs-schwarzerfad-s0h\" data-element_type=\"widget\" data-e-type=\"widget\" data-widget_type=\"heading.default\">\n\t\t\t\t\t<h2 class=\"elementor-heading-title elementor-size-default\">Yleiskatsaus<\/h2>\t\t\t\t<\/div>\n\t\t<div class=\"elementor-element elementor-element-iwgs-schwarzerfad-s0box e-con-full e-flex e-con e-parent\" data-id=\"iwgs-schwarzerfad-s0box\" data-element_type=\"container\" data-e-type=\"container\">\n\t\t\t\t<div class=\"elementor-element elementor-element-iwgs-schwarzerfad-s0t elementor-widget elementor-widget-text-editor\" data-id=\"iwgs-schwarzerfad-s0t\" data-element_type=\"widget\" data-e-type=\"widget\" data-widget_type=\"text-editor.default\">\n\t\t\t\t\t\t\t\t\t<p>Musta lanka on yksinkertainen suojanauha, joka kuuluu <a href=\"https:\/\/iwell-guard.com\/fi\/hindulaisuus\/\">hindulaisuuden<\/a> ja intialaisen arjen el\u00e4m\u00e4npiiriin. Kyse on yksinkertaisesta mustasta ny\u00f6rist\u00e4, joka sidotaan kehon osan ymp\u00e4rille.<\/p><p>Mustaa lankaa k\u00e4ytet\u00e4\u00e4n ranteessa, nilkassa tai lantiolla. Erityisen usein se sidotaan pienille lapsille, joiden uskotaan olevan yleisen k\u00e4sityksen mukaan erityisen alttiita vaaroille.<\/p><p>Mustan langan teht\u00e4v\u00e4 on suojelu. Sen uskotaan suojaavan pahalta silm\u00e4lt\u00e4 ja yleisesti pit\u00e4v\u00e4n onnettomuuden ja haitalliset vaikutukset kantajasta poissa.<\/p><p>Musta lanka on l\u00e4heist\u00e4 sukua muille Intian suojanauhoille, erityisesti v\u00e4rillisille ja siunatuille langoille, jotka sidotaan rituaalisessa yhteydess\u00e4. Toisin kuin n\u00e4iss\u00e4, musta lanka on yleens\u00e4 yksinkertainen ja vaille erityist\u00e4 <span class=\"iwg-fachbegriff\" data-tooltip=\"Juhlallinen, kiinteiden s\u00e4\u00e4nt\u00f6jen mukaan etenev\u00e4 toimitus.\" tabindex=\"0\">seremoniaa<\/span>.<\/p><p>Musta lanka on levinnyt uskonnollisten rajojen yli. Sit\u00e4 k\u00e4ytt\u00e4v\u00e4t hindulaisperheet, mutta se esiintyy my\u00f6s muissa Intian v\u00e4est\u00f6ryhmiss\u00e4 yleisen\u00e4 suojakeinona.<\/p><p><span class=\"iwg-fachbegriff\" data-tooltip=\"Uskontoja vertailevasti ja uskonnollisesti sitoutumattomasti tutkiva tiede.\" tabindex=\"0\">Uskontotieteess\u00e4<\/span> musta lanka on hyv\u00e4 esimerkki yksinkertaisesta arjen suojakeinosta. Sen vaikutus perustuu v\u00e4hemm\u00e4n muodolliseen oppiin kuin laajalti jaettuun k\u00e4sitykseen suojasta, jonka nauha ja mustan v\u00e4rin merkitys tuovat.<\/p>\t\t\t\t\t\t\t\t<\/div>\n\t\t\t\t<\/div>\n\t\t\t\t\t<\/div>\n\t\t\t\t<\/div>\n\t\t<div class=\"elementor-element elementor-element-iwgs-schwarzerfad-s1 e-flex e-con-boxed e-con e-parent\" data-id=\"iwgs-schwarzerfad-s1\" data-element_type=\"container\" data-e-type=\"container\">\n\t\t\t\t\t<div class=\"e-con-inner\">\n\t\t\t\t<div class=\"elementor-element elementor-element-iwgs-schwarzerfad-s1h elementor-widget elementor-widget-heading\" data-id=\"iwgs-schwarzerfad-s1h\" data-element_type=\"widget\" data-e-type=\"widget\" data-widget_type=\"heading.default\">\n\t\t\t\t\t<h2 class=\"elementor-heading-title elementor-size-default\">Nauha suojakeinona<\/h2>\t\t\t\t<\/div>\n\t\t<div class=\"elementor-element elementor-element-iwgs-schwarzerfad-s1box e-con-full e-flex e-con e-parent\" data-id=\"iwgs-schwarzerfad-s1box\" data-element_type=\"container\" data-e-type=\"container\">\n\t\t\t\t<div class=\"elementor-element elementor-element-iwgs-schwarzerfad-s1t elementor-widget elementor-widget-text-editor\" data-id=\"iwgs-schwarzerfad-s1t\" data-element_type=\"widget\" data-e-type=\"widget\" data-widget_type=\"text-editor.default\">\n\t\t\t\t\t\t\t\t\t<p>Musta lanka kuuluu suojanauhoihin. Sidottu nauha on suojakeino, jota tavataan monissa kulttuureissa ja joka on yleinen my\u00f6s Intiassa.<\/p><p>Nauha sidotaan kehon osan ymp\u00e4rille ja solmitaan siihen. T\u00e4m\u00e4 sitominen on symbolista. Se ik\u00e4\u00e4n kuin sulkee kantajan sis\u00e4\u00e4ns\u00e4 ja muodostaa h\u00e4nen ymp\u00e4rilleen suojatun rajan.<\/p><p>Solmulla on t\u00e4ss\u00e4 omanlaisensa merkitys. Monissa k\u00e4sityksiss\u00e4 solmu toimii keinona pid\u00e4tt\u00e4\u00e4 tai torjua jotakin. Solmittu nauha on siksi enemm\u00e4n kuin vain ny\u00f6ri.<\/p><p>Nauhaa k\u00e4ytet\u00e4\u00e4n usein ranteessa, koska t\u00e4m\u00e4 kohta on n\u00e4kyv\u00e4 ja helposti saatavilla. Lapsilla nauha sidotaan my\u00f6s lantiolle tai nilkkaan, jossa se pysyy vaatteiden alla piilossa.<\/p><p>Suojanauhoja on Intiassa lukuisia. On siunattuja lankoja, jotka pappi sitoo, v\u00e4rillisi\u00e4 nauhoja tietyille juhlille ja nauhoja, jotka sidotaan pyhiinvaelluspaikoissa. Musta lanka on yksinkertaisin n\u00e4ist\u00e4 muodoista.<\/p><p>Musta lanka jakaa muiden suojanauhojen kanssa perusajatuksen. Sidottu nauha ymp\u00e4r\u00f6i kantajaa ja sen on tarkoitus suojata h\u00e4nt\u00e4 haitallisilta vaikutuksilta. Sen erityispiirre on v\u00e4riss\u00e4 ja sen yksinkertaisessa, arkisessa k\u00e4yt\u00f6ss\u00e4.<\/p>\t\t\t\t\t\t\t\t<\/div>\n\t\t\t\t<\/div>\n\t\t\t\t\t<\/div>\n\t\t\t\t<\/div>\n\t\t<div class=\"elementor-element elementor-element-iwgs-schwarzerfad-s2 e-flex e-con-boxed e-con e-parent\" data-id=\"iwgs-schwarzerfad-s2\" data-element_type=\"container\" data-e-type=\"container\">\n\t\t\t\t\t<div class=\"e-con-inner\">\n\t\t\t\t<div class=\"elementor-element elementor-element-iwgs-schwarzerfad-s2h elementor-widget elementor-widget-heading\" data-id=\"iwgs-schwarzerfad-s2h\" data-element_type=\"widget\" data-e-type=\"widget\" data-widget_type=\"heading.default\">\n\t\t\t\t\t<h2 class=\"elementor-heading-title elementor-size-default\">Mustan v\u00e4rin merkitys<\/h2>\t\t\t\t<\/div>\n\t\t<div class=\"elementor-element elementor-element-iwgs-schwarzerfad-s2box e-con-full e-flex e-con e-parent\" data-id=\"iwgs-schwarzerfad-s2box\" data-element_type=\"container\" data-e-type=\"container\">\n\t\t\t\t<div class=\"elementor-element elementor-element-iwgs-schwarzerfad-s2t elementor-widget elementor-widget-text-editor\" data-id=\"iwgs-schwarzerfad-s2t\" data-element_type=\"widget\" data-e-type=\"widget\" data-widget_type=\"text-editor.default\">\n\t\t\t\t\t\t\t\t\t<p>T\u00e4m\u00e4n suojanauhan silmiinpist\u00e4vin piirre on sen v\u00e4ri. Toisin kuin Intian punaiset tai keltaiset suojalangat, t\u00e4m\u00e4 lanka on tarkoituksella musta.<\/p><p>Mustalla v\u00e4rill\u00e4 on intialaisessa yhteydess\u00e4 erityinen merkitys pahaa silm\u00e4\u00e4 ajatellen. Mustan uskotaan olevan v\u00e4ri, joka vet\u00e4\u00e4 puoleensa ja h\u00e4iritsee haitallista katsetta.<\/p><p>Ajatuksen taustalla on suunnan muuttaminen. T\u00e4m\u00e4n k\u00e4sityksen mukaan paha silm\u00e4 kohdistuu ensin silmiinpist\u00e4v\u00e4\u00e4n mustaan merkkiin, ei suojattuun lapseen. Musta nauha ik\u00e4\u00e4n kuin sieppaa katseen.<\/p><p>Samasta syyst\u00e4 pienille lapsille Intiassa laitetaan usein my\u00f6s musta piste, tavallisimmin poskeen tai otsaan. T\u00e4m\u00e4nkin mustan pisteen tarkoitus on h\u00e4irit\u00e4 katsetta ja lievent\u00e4\u00e4 lapsen t\u00e4ydellist\u00e4 vaikutelmaa.<\/p><p>Molempien taustalla on yhteinen k\u00e4sitys. T\u00e4ysin kaunis, terve lapsi on erityisen altis vaaralle, koska h\u00e4n her\u00e4tt\u00e4\u00e4 ihailua ja kateutta. Pieni musta virhe h\u00e4iritsee katsetta ja v\u00e4hent\u00e4\u00e4 vaaraa.<\/p><p>Mustan langan musta v\u00e4ri ei siis ole valittu sattumalta. Se on osa suojan ajatusta. Nauha vaikuttaa sidottuna nauhana, mutta my\u00f6s v\u00e4rins\u00e4 ansiosta, joka h\u00e4iritsee ja siepaa katseen.<\/p>\t\t\t\t\t\t\t\t<\/div>\n\t\t\t\t<\/div>\n\t\t\t\t\t<\/div>\n\t\t\t\t<\/div>\n\t\t<div class=\"elementor-element elementor-element-iwgs-schwarzerfad-s3 e-flex e-con-boxed e-con e-parent\" data-id=\"iwgs-schwarzerfad-s3\" data-element_type=\"container\" data-e-type=\"container\">\n\t\t\t\t\t<div class=\"e-con-inner\">\n\t\t\t\t<div class=\"elementor-element elementor-element-iwgs-schwarzerfad-s3h elementor-widget elementor-widget-heading\" data-id=\"iwgs-schwarzerfad-s3h\" data-element_type=\"widget\" data-e-type=\"widget\" data-widget_type=\"heading.default\">\n\t\t\t\t\t<h2 class=\"elementor-heading-title elementor-size-default\">Musta lanka ja paha silm\u00e4<\/h2>\t\t\t\t<\/div>\n\t\t<div class=\"elementor-element elementor-element-iwgs-schwarzerfad-s3box e-con-full e-flex e-con e-parent\" data-id=\"iwgs-schwarzerfad-s3box\" data-element_type=\"container\" data-e-type=\"container\">\n\t\t\t\t<div class=\"elementor-element elementor-element-iwgs-schwarzerfad-s3t elementor-widget elementor-widget-text-editor\" data-id=\"iwgs-schwarzerfad-s3t\" data-element_type=\"widget\" data-e-type=\"widget\" data-widget_type=\"text-editor.default\">\n\t\t\t\t\t\t\t\t\t<p>Mustan langan t\u00e4rkein teht\u00e4v\u00e4 on suojata pahalta silm\u00e4lt\u00e4. T\u00e4m\u00e4 uskomus on yleinen Intiassa ja monissa muissa maailman osissa.<\/p><p>Pahan silm\u00e4n k\u00e4sityksen mukaan katse voi aiheuttaa vahinkoa. Se yhdistet\u00e4\u00e4n usein kateuteen ja pahaan tahtoon. Sen, joka katsoo jotakin loukkaavan kateellisesti, uskotaan t\u00e4m\u00e4n k\u00e4sityksen mukaan voivan vahingoittaa katsomaansa.<\/p><p>Erityisen alttiina pidet\u00e4\u00e4n lapsia. Terve, kaunis lapsi her\u00e4tt\u00e4\u00e4 ihailua, ja juuri t\u00e4m\u00e4 ihailu voi k\u00e4sityksen mukaan muuttua haitalliseksi katseeksi, vaikka ilman pahaa tarkoitusta.<\/p><p>T\u00e4h\u00e4n musta lanka puuttuu. Se sidotaan lapsille suojaksi t\u00e4t\u00e4 katsetta vastaan. Silmiinpist\u00e4v\u00e4n mustan nauhan on tarkoitus h\u00e4irit\u00e4 katsetta ja tehd\u00e4 lapsesta huomaamattomamman n\u00e4k\u00f6inen.<\/p><p>Uskomus pahaan silm\u00e4\u00e4n ja sit\u00e4 vastaan k\u00e4ytett\u00e4v\u00e4t keinot muodostavat oman, laajalti levinneen suojauskomusten alueen. Musta lanka kuuluu t\u00e4h\u00e4n alueeseen, jota k\u00e4sitell\u00e4\u00e4n tarkemmin sivulla <a href=\"https:\/\/iwell-guard.com\/fi\/paha-silma\/\">paha silm\u00e4<\/a>.<\/p><p>Musta lanka on siten yksi Intian yksinkertaisimmista ja samalla yleisimmist\u00e4 keinoista pahaa silm\u00e4\u00e4 vastaan. Se ei vaadi vaivann\u00e4k\u00f6\u00e4 eik\u00e4 <span class=\"iwg-fachbegriff\" data-tooltip=\"Juhlallinen, kiinteiden s\u00e4\u00e4nt\u00f6jen mukaan etenev\u00e4 toimitus.\" tabindex=\"0\">seremoniaa<\/span>, ja se on saatavilla kaikille perheille.<\/p>\t\t\t\t\t\t\t\t<\/div>\n\t\t\t\t<\/div>\n\t\t\t\t\t<\/div>\n\t\t\t\t<\/div>\n\t\t<div class=\"elementor-element elementor-element-iwgs-schwarzerfad-s4 e-flex e-con-boxed e-con e-parent\" data-id=\"iwgs-schwarzerfad-s4\" data-element_type=\"container\" data-e-type=\"container\">\n\t\t\t\t\t<div class=\"e-con-inner\">\n\t\t\t\t<div class=\"elementor-element elementor-element-iwgs-schwarzerfad-s4h elementor-widget elementor-widget-heading\" data-id=\"iwgs-schwarzerfad-s4h\" data-element_type=\"widget\" data-e-type=\"widget\" data-widget_type=\"heading.default\">\n\t\t\t\t\t<h2 class=\"elementor-heading-title elementor-size-default\">Musta lanka lapsilla<\/h2>\t\t\t\t<\/div>\n\t\t<div class=\"elementor-element elementor-element-iwgs-schwarzerfad-s4box e-con-full e-flex e-con e-parent\" data-id=\"iwgs-schwarzerfad-s4box\" data-element_type=\"container\" data-e-type=\"container\">\n\t\t\t\t<div class=\"elementor-element elementor-element-iwgs-schwarzerfad-s4t elementor-widget elementor-widget-text-editor\" data-id=\"iwgs-schwarzerfad-s4t\" data-element_type=\"widget\" data-e-type=\"widget\" data-widget_type=\"text-editor.default\">\n\t\t\t\t\t\t\t\t\t<p>Mustan langan yleisin k\u00e4ytt\u00e4j\u00e4 on pieni lapsi. Monille vauvoille ja pikkulapsille Intiassa sidotaan t\u00e4llainen nauha pian syntym\u00e4n j\u00e4lkeen.<\/p><p>Syyn\u00e4 on erityinen haavoittuvuus, jonka katsotaan olevan tyypillist\u00e4 pienille lapsille. Heid\u00e4n ajatellaan olevan viel\u00e4 vakiintumattomia ja siksi erityisen alttiita haitallisille vaikutuksille ja pahalle silm\u00e4lle.<\/p><p>Nauha sidotaan lapselle useimmiten ranteeseen, nilkkaan tai lantiolle. Lantiolla se pysyy vaatteiden alla piilossa ja seuraa lasta huomaamattomasti l\u00e4pi p\u00e4iv\u00e4n.<\/p><p>Musta lanka yhdistet\u00e4\u00e4n usein muihin suojatoimiin. N\u00e4ihin kuuluu mainittu musta piste lapsen poskessa tai otsassa, jonka tarkoituksena on my\u00f6s harhauttaa katsetta.<\/p><p>Nauhan sitominen on tavallisesti perheen asia, usein \u00e4idin tai iso\u00e4idin teht\u00e4v\u00e4. Pappia ei tarvita. Musta lanka kuuluu n\u00e4in kodin ja perheen suojeluk\u00e4yt\u00e4nt\u00f6\u00f6n.<\/p><p>T\u00e4ss\u00e4 k\u00e4yt\u00f6ss\u00e4 n\u00e4kyy, ett\u00e4 musta lanka on ennen kaikkea huolenpidon merkki. Se ilmaisee perheen huolta lapsen hyvinvoinnista ja antaa t\u00e4lle huolelle n\u00e4kyv\u00e4n, konkreettisen muodon.<\/p>\t\t\t\t\t\t\t\t<\/div>\n\t\t\t\t<\/div>\n\t\t\t\t\t<\/div>\n\t\t\t\t<\/div>\n\t\t<div class=\"elementor-element elementor-element-iwgs-schwarzerfad-s5 e-flex e-con-boxed e-con e-parent\" data-id=\"iwgs-schwarzerfad-s5\" data-element_type=\"container\" data-e-type=\"container\">\n\t\t\t\t\t<div class=\"e-con-inner\">\n\t\t\t\t<div class=\"elementor-element elementor-element-iwgs-schwarzerfad-s5h elementor-widget elementor-widget-heading\" data-id=\"iwgs-schwarzerfad-s5h\" data-element_type=\"widget\" data-e-type=\"widget\" data-widget_type=\"heading.default\">\n\t\t\t\t\t<h2 class=\"elementor-heading-title elementor-size-default\">Musta lanka ja punainen lanka<\/h2>\t\t\t\t<\/div>\n\t\t<div class=\"elementor-element elementor-element-iwgs-schwarzerfad-s5box e-con-full e-flex e-con e-parent\" data-id=\"iwgs-schwarzerfad-s5box\" data-element_type=\"container\" data-e-type=\"container\">\n\t\t\t\t<div class=\"elementor-element elementor-element-iwgs-schwarzerfad-s5t elementor-widget elementor-widget-text-editor\" data-id=\"iwgs-schwarzerfad-s5t\" data-element_type=\"widget\" data-e-type=\"widget\" data-widget_type=\"text-editor.default\">\n\t\t\t\t\t\t\t\t\t<p>Mustaa langaa voi hyvin ymm\u00e4rt\u00e4\u00e4 vertaamalla sit\u00e4 punaiseen lankaan. Molemmat ovat suojanauhoja, mutta ne eroavat toisistaan v\u00e4rin ja merkityksen osalta.<\/p><p>Punainen lanka on Intiassa yleinen siunattu suojanauha. Sen sitoo usein pappi, se sidotaan pyhiinvaelluspaikoilla tai jaetaan tietyiss\u00e4 juhlissa. Punaisen katsotaan olevan otollinen ja voimakas v\u00e4ri.<\/p><p>Punainen lanka edustaa siis ennemmin <span class=\"iwg-fachbegriff\" data-tooltip=\"Onnen ja suojan lupaaminen, usein vakiintuneessa kielellisess\u00e4 muodossa.\" tabindex=\"0\">siunausta<\/span> ja liittymist\u00e4 pyh\u00e4\u00e4n. Se siirt\u00e4\u00e4 kantajaansa otollista voimaa. Usein siihen liittyy <span class=\"iwg-fachbegriff\" data-tooltip=\"Juhlallinen, vakiintuneiden s\u00e4\u00e4nt\u00f6jen mukaan etenev\u00e4 toimitus.\" tabindex=\"0\">seremonia<\/span> ja lausuttu kaava.<\/p><p>Musta lanka sen sijaan on tavallisesti yksinkertainen ja vailla <span class=\"iwg-fachbegriff\" data-tooltip=\"Juhlallinen, vakiintuneiden s\u00e4\u00e4nt\u00f6jen mukaan etenev\u00e4 toimitus.\" tabindex=\"0\">seremoniaa<\/span>. Sen v\u00e4ri ei liity <span class=\"iwg-fachbegriff\" data-tooltip=\"Onnen ja suojan lupaaminen, usein vakiintuneessa kielellisess\u00e4 muodossa.\" tabindex=\"0\">siunaukseen<\/span>, vaan torjuntaan. Musta harhauttaa pahaa silm\u00e4\u00e4 ja ottaa sen osumat vastaan.<\/p><p>Molemmat langat t\u00e4ydent\u00e4v\u00e4t toisiaan. Toinen vaikuttaa otollisen <span class=\"iwg-fachbegriff\" data-tooltip=\"Onnen ja suojan lupaaminen, usein vakiintuneessa kielellisess\u00e4 muodossa.\" tabindex=\"0\">siunauksen<\/span> kautta, toinen torjuvan suojan kautta. Osa lapsista kantaa siksi molempia nauhoja, punaista ja mustaa, samanaikaisesti.<\/p><p>Vertailu osoittaa, ett\u00e4 suojanauhan v\u00e4ri vaikuttaa my\u00f6s sen merkitykseen. Punainen ja musta edustavat kahta erilaista suojan tapaa, houkuttelevaa <span class=\"iwg-fachbegriff\" data-tooltip=\"Onnen ja suojan lupaaminen, usein vakiintuneessa kielellisess\u00e4 muodossa.\" tabindex=\"0\">siunausta<\/span> ja harhauttavaa torjuntaa.<\/p>\t\t\t\t\t\t\t\t<\/div>\n\t\t\t\t<\/div>\n\t\t\t\t\t<\/div>\n\t\t\t\t<\/div>\n\t\t<div class=\"elementor-element elementor-element-iwgs-schwarzerfad-s6 e-flex e-con-boxed e-con e-parent\" data-id=\"iwgs-schwarzerfad-s6\" data-element_type=\"container\" data-e-type=\"container\">\n\t\t\t\t\t<div class=\"e-con-inner\">\n\t\t\t\t<div class=\"elementor-element elementor-element-iwgs-schwarzerfad-s6h elementor-widget elementor-widget-heading\" data-id=\"iwgs-schwarzerfad-s6h\" data-element_type=\"widget\" data-e-type=\"widget\" data-widget_type=\"heading.default\">\n\t\t\t\t\t<h2 class=\"elementor-heading-title elementor-size-default\">Mustat suojanauhat kulttuurien v\u00e4lill\u00e4<\/h2>\t\t\t\t<\/div>\n\t\t<div class=\"elementor-element elementor-element-iwgs-schwarzerfad-s6box e-con-full e-flex e-con e-parent\" data-id=\"iwgs-schwarzerfad-s6box\" data-element_type=\"container\" data-e-type=\"container\">\n\t\t\t\t<div class=\"elementor-element elementor-element-iwgs-schwarzerfad-s6t elementor-widget elementor-widget-text-editor\" data-id=\"iwgs-schwarzerfad-s6t\" data-element_type=\"widget\" data-e-type=\"widget\" data-widget_type=\"text-editor.default\">\n\t\t\t\t\t\t\t\t\t<p>Mustaa lankaa voi tarkastella laajemmassa suojanauhojen yhteydess\u00e4. Sidottu nauha on suojav\u00e4line, joka esiintyy monissa kulttuureissa.<\/p><p>Lukuisissa perinteiss\u00e4 nauha sidotaan ranteeseen tai nilkkaan kantajan suojaksi. V\u00e4rit vaihtelevat, mutta perusajatus on sukua toisilleen: suoja ymp\u00e4r\u00f6iv\u00e4n, solmitun nauhan avulla.<\/p><p>Musta v\u00e4ri keinona pahaa silm\u00e4\u00e4 vastaan ei rajoitu vain Intiaan. Eri kulttuureissa V\u00e4limeren alueella ja L\u00e4hi-id\u00e4ss\u00e4 tummia tai huomiota her\u00e4tt\u00e4vi\u00e4 merkkej\u00e4 pidet\u00e4\u00e4n keinona harhauttaa haitallista katsetta.<\/p><p>Sukua t\u00e4lle on my\u00f6s sininen silm\u00e4amuletti, joka on yleinen Turkissa ja V\u00e4limeren alueella. Se torjuu pahan silm\u00e4n ottamalla sen osuman vastaan. Sivulla <a href=\"https:\/\/iwell-guard.com\/fi\/?page_id=144360\">Nazar Boncu\u011fu<\/a> t\u00e4t\u00e4 suojaa k\u00e4sitell\u00e4\u00e4n tarkemmin.<\/p><p>Intian musta lanka ja V\u00e4limeren alueen sininen silm\u00e4 seuraavat samankaltaista ajatusta. Silmiinpist\u00e4v\u00e4 merkki vet\u00e4\u00e4 puoleensa haitallisen katseen ja harhauttaa sen suojatusta ihmisest\u00e4.<\/p><p>Musta lanka on siten intialainen ilmenemismuoto maailmanlaajuisesti levinneest\u00e4 ajatuksesta. Suojanauha ja harhauttava v\u00e4ri yhdistyv\u00e4t siin\u00e4 yksinkertaiseksi, arkeen vakiintuneeksi suojav\u00e4lineeksi.<\/p>\t\t\t\t\t\t\t\t<\/div>\n\t\t\t\t<\/div>\n\t\t\t\t\t<\/div>\n\t\t\t\t<\/div>\n\t\t<div class=\"elementor-element elementor-element-iwgs-schwarzerfad-s7 e-flex e-con-boxed e-con e-parent\" data-id=\"iwgs-schwarzerfad-s7\" data-element_type=\"container\" data-e-type=\"container\">\n\t\t\t\t\t<div class=\"e-con-inner\">\n\t\t\t\t<div class=\"elementor-element elementor-element-iwgs-schwarzerfad-s7h elementor-widget elementor-widget-heading\" data-id=\"iwgs-schwarzerfad-s7h\" data-element_type=\"widget\" data-e-type=\"widget\" data-widget_type=\"heading.default\">\n\t\t\t\t\t<h2 class=\"elementor-heading-title elementor-size-default\">Rehellinen n\u00e4kemys alkuper\u00e4st\u00e4 ja tulkinnasta<\/h2>\t\t\t\t<\/div>\n\t\t<div class=\"elementor-element elementor-element-iwgs-schwarzerfad-s7box e-con-full e-flex e-con e-parent\" data-id=\"iwgs-schwarzerfad-s7box\" data-element_type=\"container\" data-e-type=\"container\">\n\t\t\t\t<div class=\"elementor-element elementor-element-iwgs-schwarzerfad-s7t elementor-widget elementor-widget-text-editor\" data-id=\"iwgs-schwarzerfad-s7t\" data-element_type=\"widget\" data-e-type=\"widget\" data-widget_type=\"text-editor.default\">\n\t\t\t\t\t\t\t\t\t<p>T\u00e4llaisen yksinkertaisen ja arkisen suojav\u00e4lineen kuin mustan langan kohdalla rehellinen n\u00e4kemys on t\u00e4rke\u00e4. Suuri osa siihen liittyv\u00e4st\u00e4 perustuu laajalti levinneeseen k\u00e4sitykseen, ei vahvistettuun oppiin.<\/p><p>Musta lanka kuuluu kansanomaiseen suojeluk\u00e4yt\u00e4nt\u00f6\u00f6n. Sit\u00e4 ei ole kirjattu hindulaisuuden opillisiin teksteihin, vaan se v\u00e4littyy ja periytyy perheiden kautta.<\/p><p>Sen ik\u00e4\u00e4 ei voida m\u00e4\u00e4ritt\u00e4\u00e4 t\u00e4sm\u00e4llisesti. Suojanauhojen sitominen on Intiassa eritt\u00e4in vanha k\u00e4yt\u00e4nt\u00f6, mutta yksinkertaista mustaa lankaa nykyisess\u00e4 muodossaan on yksitt\u00e4isen\u00e4 <span class=\"iwg-fachbegriff\" data-tooltip=\"Perinteinen, yhteis\u00f6ss\u00e4 s\u00e4\u00e4nn\u00f6llisesti toistuva toimintatapa.\" tabindex=\"0\">tapana<\/span> vaikea ajoittaa tarkasti.<\/p><p>My\u00f6s mustan v\u00e4rin tulkinta ei ole tarkasti vahvistettu. Selitys, ett\u00e4 musta harhauttaa katsetta, on yleinen ja ymm\u00e4rrett\u00e4v\u00e4, mutta se on tulkinta tavasta, ei sen ainoa mahdollinen selitys.<\/p><p>Musta lanka ei my\u00f6sk\u00e4\u00e4n ole yksinomaan hindulainen merkki. Sit\u00e4 k\u00e4ytet\u00e4\u00e4n uskonnollisten rajojen yli, ja se kuuluu intialaisen arjen yhteiseen suojelukulttuuriin.<\/p><p>Rehellinen kuvaus nime\u00e4\u00e4 mustan langan siksi, mit\u00e4 se on: yksinkertainen, laajalti levinnyt intialaisen arjen suojanauha, jonka merkitys perustuu el\u00e4v\u00e4in k\u00e4yt\u00e4nt\u00f6\u00f6n eik\u00e4 vahvistettuun oppiin.<\/p>\t\t\t\t\t\t\t\t<\/div>\n\t\t\t\t<\/div>\n\t\t\t\t\t<\/div>\n\t\t\t\t<\/div>\n\t\t<div class=\"elementor-element elementor-element-iwgs-schwarzerfad-s8 e-flex e-con-boxed e-con e-parent\" data-id=\"iwgs-schwarzerfad-s8\" data-element_type=\"container\" data-e-type=\"container\">\n\t\t\t\t\t<div class=\"e-con-inner\">\n\t\t\t\t<div class=\"elementor-element elementor-element-iwgs-schwarzerfad-s8h elementor-widget elementor-widget-heading\" data-id=\"iwgs-schwarzerfad-s8h\" data-element_type=\"widget\" data-e-type=\"widget\" data-widget_type=\"heading.default\">\n\t\t\t\t\t<h2 class=\"elementor-heading-title elementor-size-default\">Nykyaikainen vastaanotto<\/h2>\t\t\t\t<\/div>\n\t\t<div class=\"elementor-element elementor-element-iwgs-schwarzerfad-s8box e-con-full e-flex e-con e-parent\" data-id=\"iwgs-schwarzerfad-s8box\" data-element_type=\"container\" data-e-type=\"container\">\n\t\t\t\t<div class=\"elementor-element elementor-element-iwgs-schwarzerfad-s8t elementor-widget elementor-widget-text-editor\" data-id=\"iwgs-schwarzerfad-s8t\" data-element_type=\"widget\" data-e-type=\"widget\" data-widget_type=\"text-editor.default\">\n\t\t\t\t\t\t\t\t\t<p>Musta lanka on Intiassa edelleen eritt\u00e4in yleinen. Sit\u00e4 n\u00e4kee monissa ranteissa ja monilla lapsilla yksinkertaisena mustana nauhana.<\/p><p>Juuri yksinkertaisuutensa ja edullisuutensa ansiosta musta lanka on s\u00e4ilynyt k\u00e4yt\u00f6ss\u00e4 kaikissa yhteiskuntaluokissa. Se ei vaadi suuria ponnistuksia eik\u00e4 <span class=\"iwg-fachbegriff\" data-tooltip=\"Juhlallinen, tarkkojen s\u00e4\u00e4nt\u00f6jen mukaan etenev\u00e4 toimitus.\" tabindex=\"0\">seremoniaa<\/span> ja on kaikkien perheiden ulottuvilla.<\/p><p>My\u00f6s intialaisten siirtolaisyhteis\u00f6jen ja Intian ulkopuolella asuvien intialaisten keskuudessa mustaa lankaa k\u00e4ytet\u00e4\u00e4n edelleen. Se kuuluu niihin tapoihin, jotka kulkevat perheen mukana maasta toiseen.<\/p><p>Nyky\u00e4\u00e4n musta lanka ymm\u00e4rret\u00e4\u00e4n osin tietoisena uskonnollisena suojausk\u00e4yt\u00e4nt\u00f6n\u00e4, osin itsest\u00e4\u00e4n selv\u00e4n\u00e4 <span class=\"iwg-fachbegriff\" data-tooltip=\"Yhteis\u00f6ss\u00e4 s\u00e4\u00e4nn\u00f6llisesti toistettu, perinteinen toimintatapa.\" tabindex=\"0\">tapana<\/span>, jonka tarkka merkitys j\u00e4\u00e4 taka-alalle. Molemmat n\u00e4kemykset esiintyv\u00e4t rinnakkain.<\/p><p>Asiallisesti kuvattuna musta lanka on yksinkertainen suojanauha, jonka on tarkoitus suojata pahalta silm\u00e4lt\u00e4 ja jota k\u00e4ytet\u00e4\u00e4n erityisesti lasten hyvinvoinnista huolehtimiseksi.<\/p><p>Musta lanka on siten vaikuttava esimerkki yksinkertaisesta arjen suojakeinosta. Siin\u00e4 yhdistyv\u00e4t sidotun nauhan antama suoja, mustan v\u00e4rin harhauttava merkitys ja perheen huoli lapsen hyvinvoinnista.<\/p>\t\t\t\t\t\t\t\t<\/div>\n\t\t\t\t<\/div>\n\t\t\t\t\t<\/div>\n\t\t\t\t<\/div>\n\t\t<div class=\"elementor-element elementor-element-iwgs-schwarzerfad-lit e-flex e-con-boxed e-con e-parent\" data-id=\"iwgs-schwarzerfad-lit\" data-element_type=\"container\" data-e-type=\"container\">\n\t\t\t\t\t<div class=\"e-con-inner\">\n\t\t\t\t<div class=\"elementor-element elementor-element-iwgs-schwarzerfad-lith elementor-widget elementor-widget-heading\" data-id=\"iwgs-schwarzerfad-lith\" data-element_type=\"widget\" data-e-type=\"widget\" data-widget_type=\"heading.default\">\n\t\t\t\t\t<h2 class=\"elementor-heading-title elementor-size-default\">Kirjallisuus (valikoima)<\/h2>\t\t\t\t<\/div>\n\t\t<div class=\"elementor-element elementor-element-iwgs-schwarzerfad-litbox e-con-full e-flex e-con e-parent\" data-id=\"iwgs-schwarzerfad-litbox\" data-element_type=\"container\" data-e-type=\"container\">\n\t\t\t\t<div class=\"elementor-element elementor-element-iwgs-schwarzerfad-litt elementor-widget elementor-widget-html\" data-id=\"iwgs-schwarzerfad-litt\" data-element_type=\"widget\" data-e-type=\"widget\" data-widget_type=\"html.default\">\n\t\t\t\t\t<footer data-nosnippet=\"true\"><ul><li>Axel Michaels: <em>Der Hinduismus. Geschichte und Gegenwart<\/em> (1998)<\/li><li>Alan Dundes (Hrsg.): <em>The Evil Eye. A Casebook<\/em> (1981)<\/li><li>William Crooke: <em>Religion and Folklore of Northern India<\/em> (1926)<\/li><li>Heinrich von Stietencron: <em>Der Hinduismus<\/em> (2001)<\/li><li>Lawrence A. Babb: <em>The Divine Hierarchy. Popular Hinduism in Central India<\/em> (1975)<\/li><\/ul><\/footer>\t\t\t\t<\/div>\n\t\t\t\t<\/div>\n\t\t\t\t\t<\/div>\n\t\t\t\t<\/div>\n\t\t<div class=\"elementor-element elementor-element-iwgs-schwarzerfad-kwd e-flex e-con-boxed e-con e-parent\" data-id=\"iwgs-schwarzerfad-kwd\" data-element_type=\"container\" data-e-type=\"container\">\n\t\t\t\t\t<div class=\"e-con-inner\">\n\t\t\t\t<div class=\"elementor-element elementor-element-iwgs-schwarzerfad-kwdt elementor-widget elementor-widget-text-editor\" data-id=\"iwgs-schwarzerfad-kwdt\" data-element_type=\"widget\" data-e-type=\"widget\" data-widget_type=\"text-editor.default\">\n\t\t\t\t\t\t\t\t\t<p><em>Aiheeseen liittyv\u00e4t avainsanat: musta lanka suojanauha <span class=\"iwg-fachbegriff\" data-tooltip=\"Yleinen k\u00e4sitys, jonka mukaan toisen henkil\u00f6n kadehtiva katse voi aiheuttaa vahingon.\" tabindex=\"0\">paha silm\u00e4<\/span> lapset ranne solmu musta v\u00e4ri hindulaisuus.<\/em><\/p>\t\t\t\t\t\t\t\t<\/div>\n\t\t\t\t\t<\/div>\n\t\t\t\t<\/div>\n\t\t<div class=\"elementor-element elementor-element-iwgs-schwarzerfad-cc e-flex e-con-boxed e-con e-parent\" data-id=\"iwgs-schwarzerfad-cc\" data-element_type=\"container\" data-e-type=\"container\" id=\"iwg-cc-schwarzer-faden\">\n\t\t\t\t\t<div class=\"e-con-inner\">\n\t\t<div class=\"elementor-element elementor-element-iwgs-schwarzerfad-ccinner e-flex e-con-boxed e-con e-parent\" data-id=\"iwgs-schwarzerfad-ccinner\" data-element_type=\"container\" data-e-type=\"container\" data-settings=\"{&quot;background_background&quot;:&quot;classic&quot;}\">\n\t\t\t\t\t<div class=\"e-con-inner\">\n\t\t\t\t<div class=\"elementor-element elementor-element-iwgs-schwarzerfad-cch elementor-widget elementor-widget-heading\" data-id=\"iwgs-schwarzerfad-cch\" data-element_type=\"widget\" data-e-type=\"widget\" data-widget_type=\"heading.default\">\n\t\t\t\t\t<h2 class=\"elementor-heading-title elementor-size-default\">iWell Guard ja suojelutraditiot<\/h2>\t\t\t\t<\/div>\n\t\t\t\t<div class=\"elementor-element elementor-element-iwgs-schwarzerfad-cct elementor-widget elementor-widget-text-editor\" data-id=\"iwgs-schwarzerfad-cct\" data-element_type=\"widget\" data-e-type=\"widget\" data-widget_type=\"text-editor.default\">\n\t\t\t\t\t\t\t\t\t<p>iWell Guard asettuu kulttuurihistorialliseen jatkumoon, johon kuuluvat kannettavat suojaesineet, kuten musta lanka. Moderni kulkukumppani ihmisille, jotka el\u00e4v\u00e4t suojaavien symbolien kanssa: valmistettu Saksassa, 41 kerrosta aitoa kultaa, platinaa ja hopeaa, 30 p\u00e4iv\u00e4n palautusoikeudella.<\/p>\t\t\t\t\t\t\t\t<\/div>\n\t\t\t\t<div class=\"elementor-element elementor-element-iwgs-schwarzerfad-ccb iwg-cc-button iwg-cc-cta-2026-05-13 elementor-widget elementor-widget-jet-button\" data-id=\"iwgs-schwarzerfad-ccb\" data-element_type=\"widget\" data-e-type=\"widget\" data-widget_type=\"jet-button.default\">\n\t\t\t\t<div class=\"elementor-widget-container\">\n\t\t\t\t\t<div class=\"elementor-jet-button jet-elements\"><div class=\"jet-button__container\"><a class=\"jet-button__instance jet-button__instance--icon-left hover-effect-1\" href=\"\/schutzanhaenger-iwell-guard-kaufen\/?utm_source=iwell-guard.com&amp;utm_medium=info-box&amp;utm_campaign=schutzsymbole\"><div class=\"jet-button__plane jet-button__plane-normal\"><\/div><div class=\"jet-button__plane jet-button__plane-hover\"><\/div><div class=\"jet-button__state jet-button__state-normal\"><span class=\"jet-button__label\">Lis\u00e4\u00e4 iWell Guardista<\/span><\/div><div class=\"jet-button__state jet-button__state-hover\"><span class=\"jet-button__label\">Lis\u00e4\u00e4 iWell Guardista<\/span><\/div><\/a><\/div><\/div><style>.elementor-element.elementor-element-iwgs-schwarzerfad-ccb .jet-button__instance{width:320px;height:56px;}.elementor-element.elementor-element-iwgs-schwarzerfad-ccb .jet-button__state-normal .jet-button__label{text-align:center;margin:0px 0px 0px 0px;color:#1a1b20;font-family:Montserrat,sans-serif;font-size:13px;font-weight:400;letter-spacing:4px;line-height:1.714em;text-transform:uppercase;}.elementor-element.elementor-element-iwgs-schwarzerfad-ccb .jet-button__state-hover .jet-button__label{text-align:center;margin:0px 0px 0px 0px;color:#FECC76;font-family:Montserrat,sans-serif;font-size:13px;font-weight:400;letter-spacing:4px;line-height:1.714em;text-transform:uppercase;}.elementor-element.elementor-element-iwgs-schwarzerfad-ccb .jet-button__plane-normal{background-color:#FECC76;border-style:solid;border-color:#C99540;border-width:2px 2px 2px 2px;}.elementor-element.elementor-element-iwgs-schwarzerfad-ccb .jet-button__plane-hover{background-color:rgba(0,0,0,0.55);border-style:solid;border-color:#FECC76;border-width:2px 2px 2px 2px;}<\/style>\t\t\t\t<\/div>\n\t\t\t\t<\/div>\n\t\t\t\t<div class=\"elementor-element elementor-element-iwgs-schwarzerfad-ccd elementor-widget elementor-widget-text-editor\" data-id=\"iwgs-schwarzerfad-ccd\" data-element_type=\"widget\" data-e-type=\"widget\" data-widget_type=\"text-editor.default\">\n\t\t\t\t\t\t\t\t\t<p style=\"text-align:center;font-size:13px;opacity:0.7;margin-top:14px\" data-nosnippet=\"true\">Henkil\u00f6kohtaiset kokemukset voivat vaihdella. Ei l\u00e4\u00e4kinn\u00e4llinen laite. Ei paranemislupausta.<\/p>\t\t\t\t\t\t\t\t<\/div>\n\t\t\t\t\t<\/div>\n\t\t\t\t<\/div>\n\t\t\t\t\t<\/div>\n\t\t\t\t<\/div>\n\t\t<div class=\"elementor-element elementor-element-iwgs-schwarzerfad-disc e-flex e-con-boxed e-con e-parent\" data-id=\"iwgs-schwarzerfad-disc\" data-element_type=\"container\" data-e-type=\"container\">\n\t\t\t\t\t<div class=\"e-con-inner\">\n\t\t\t\t<div class=\"elementor-element elementor-element-iwgs-schwarzerfad-discw elementor-widget elementor-widget-html\" data-id=\"iwgs-schwarzerfad-discw\" data-element_type=\"widget\" data-e-type=\"widget\" data-widget_type=\"html.default\">\n\t\t\t\t\t<footer data-nosnippet=\"true\" class=\"iwg-disclaimer-block\"><p data-nosnippet=\"true\">iWell Guard <strong>ei ole l\u00e4\u00e4kinn\u00e4llinen laite<\/strong>, eik\u00e4 se korvaa l\u00e4\u00e4k\u00e4rin tai psykoterapeutin hoitoa. T\u00e4ss\u00e4 esitetyt sis\u00e4ll\u00f6t ovat uskontotieteellist\u00e4 ja kulttuurihistoriallista tarkastelua, eiv\u00e4t lupausta hengellisest\u00e4 vaikutuksesta.<\/p><\/footer>\t\t\t\t<\/div>\n\t\t\t\t\t<\/div>\n\t\t\t\t<\/div>\n\t\t\t\t<\/div>\n\t\t","protected":false},"excerpt":{"rendered":"","protected":false},"author":3,"featured_media":3519,"parent":0,"menu_order":0,"comment_status":"closed","ping_status":"closed","template":"elementor_header_footer","meta":{"_yoast_wpseo_focuskw":"musta lanka","_yoast_wpseo_title":"Musta lanka \u2013 suojanauha hindulaisuudessa","_yoast_wpseo_metadesc":"Musta lanka on suojanauha pahaa silm\u00e4\u00e4 vastaan, usein puettu lapsille. Merkitys, alkuper\u00e4 ja k\u00e4ytt\u00f6 selke\u00e4sti selitettyn\u00e4.","_yoast_wpseo_meta-robots-noindex":"","_yoast_wpseo_canonical":"","_angie_page":false,"gefaehrdungsstufe":"","wesen_kultur":"","wesen_klasse":"","footnotes":""},"categories":[],"class_list":["post-144425","page","type-page","status-publish","has-post-thumbnail","hentry"],"yoast_head":"<!-- This site is optimized with the Yoast SEO Premium plugin v27.7 (Yoast SEO v28.3) - https:\/\/yoast.com\/product\/yoast-seo-premium-wordpress\/ -->\n<title>Musta lanka \u2013 suojanauha hindulaisuudessa<\/title>\n<meta name=\"description\" content=\"Musta lanka on suojanauha pahaa silm\u00e4\u00e4 vastaan, usein puettu lapsille. Merkitys, alkuper\u00e4 ja k\u00e4ytt\u00f6 selke\u00e4sti selitettyn\u00e4.\" \/>\n<meta name=\"robots\" content=\"index, follow, max-snippet:-1, max-image-preview:large, max-video-preview:-1\" \/>\n<link rel=\"canonical\" href=\"https:\/\/iwell-guard.com\/fi\/musta-lanka-suojanauha-pahaa-silmaa-vastaan\/\" \/>\n<meta property=\"og:locale\" content=\"fi_FI\" \/>\n<meta property=\"og:type\" content=\"article\" \/>\n<meta property=\"og:title\" content=\"Musta lanka \u2013 suojanauha pahaa silm\u00e4\u00e4 vastaan\" \/>\n<meta property=\"og:description\" content=\"Musta lanka on suojanauha pahaa silm\u00e4\u00e4 vastaan, usein puettu lapsille. Merkitys, alkuper\u00e4 ja k\u00e4ytt\u00f6 selke\u00e4sti selitettyn\u00e4.\" \/>\n<meta property=\"og:url\" content=\"https:\/\/iwell-guard.com\/fi\/musta-lanka-suojanauha-pahaa-silmaa-vastaan\/\" \/>\n<meta property=\"og:site_name\" content=\"iWell Guard\" \/>\n<meta property=\"article:modified_time\" content=\"2026-09-03T12:58:45+00:00\" \/>\n<meta property=\"og:image\" content=\"https:\/\/iwell-guard.com\/wp-content\/uploads\/2026\/05\/schutzsymbol_hinduismus_schwarzer-faden.webp\" \/>\n\t<meta property=\"og:image:width\" content=\"1024\" \/>\n\t<meta property=\"og:image:height\" content=\"1536\" \/>\n\t<meta property=\"og:image:type\" content=\"image\/webp\" \/>\n<meta name=\"twitter:card\" content=\"summary_large_image\" \/>\n<script type=\"application\/ld+json\" class=\"yoast-schema-graph\">{\"@context\":\"https:\\\/\\\/schema.org\",\"@graph\":[{\"@type\":\"WebPage\",\"@id\":\"https:\\\/\\\/iwell-guard.com\\\/fi\\\/musta-lanka-suojanauha-pahaa-silmaa-vastaan\\\/\",\"url\":\"https:\\\/\\\/iwell-guard.com\\\/fi\\\/musta-lanka-suojanauha-pahaa-silmaa-vastaan\\\/\",\"name\":\"Musta lanka \u2013 suojanauha hindulaisuudessa\",\"isPartOf\":{\"@id\":\"https:\\\/\\\/iwell-guard.com\\\/fi\\\/#website\"},\"primaryImageOfPage\":{\"@id\":\"https:\\\/\\\/iwell-guard.com\\\/fi\\\/musta-lanka-suojanauha-pahaa-silmaa-vastaan\\\/#primaryimage\"},\"image\":{\"@id\":\"https:\\\/\\\/iwell-guard.com\\\/fi\\\/musta-lanka-suojanauha-pahaa-silmaa-vastaan\\\/#primaryimage\"},\"thumbnailUrl\":\"https:\\\/\\\/iwell-guard.com\\\/wp-content\\\/uploads\\\/2026\\\/05\\\/schutzsymbol_hinduismus_schwarzer-faden.webp\",\"datePublished\":\"2026-09-03T12:35:21+00:00\",\"dateModified\":\"2026-09-03T12:58:45+00:00\",\"description\":\"Musta lanka on suojanauha pahaa silm\u00e4\u00e4 vastaan, usein puettu lapsille. Merkitys, alkuper\u00e4 ja k\u00e4ytt\u00f6 selke\u00e4sti selitettyn\u00e4.\",\"breadcrumb\":{\"@id\":\"https:\\\/\\\/iwell-guard.com\\\/fi\\\/musta-lanka-suojanauha-pahaa-silmaa-vastaan\\\/#breadcrumb\"},\"inLanguage\":\"fi\",\"potentialAction\":[{\"@type\":\"ReadAction\",\"target\":[\"https:\\\/\\\/iwell-guard.com\\\/fi\\\/musta-lanka-suojanauha-pahaa-silmaa-vastaan\\\/\"]}]},{\"@type\":\"ImageObject\",\"inLanguage\":\"fi\",\"@id\":\"https:\\\/\\\/iwell-guard.com\\\/fi\\\/musta-lanka-suojanauha-pahaa-silmaa-vastaan\\\/#primaryimage\",\"url\":\"https:\\\/\\\/iwell-guard.com\\\/wp-content\\\/uploads\\\/2026\\\/05\\\/schutzsymbol_hinduismus_schwarzer-faden.webp\",\"contentUrl\":\"https:\\\/\\\/iwell-guard.com\\\/wp-content\\\/uploads\\\/2026\\\/05\\\/schutzsymbol_hinduismus_schwarzer-faden.webp\",\"width\":1024,\"height\":1536,\"caption\":\"Suojasymboli. Museaalinen asetelmakuvitus.\"},{\"@type\":\"BreadcrumbList\",\"@id\":\"https:\\\/\\\/iwell-guard.com\\\/fi\\\/musta-lanka-suojanauha-pahaa-silmaa-vastaan\\\/#breadcrumb\",\"itemListElement\":[{\"@type\":\"ListItem\",\"position\":1,\"name\":\"Start\",\"item\":\"https:\\\/\\\/iwell-guard.com\\\/fi\\\/?page_id=143815\"},{\"@type\":\"ListItem\",\"position\":2,\"name\":\"Musta lanka \u2013 suojanauha pahaa silm\u00e4\u00e4 vastaan\"}]},{\"@type\":\"WebSite\",\"@id\":\"https:\\\/\\\/iwell-guard.com\\\/fi\\\/#website\",\"url\":\"https:\\\/\\\/iwell-guard.com\\\/fi\\\/\",\"name\":\"iWell Guard\",\"description\":\"Schutz vor dunklen Einfl\u00fcssen\",\"publisher\":{\"@id\":\"https:\\\/\\\/iwell-guard.com\\\/fi\\\/#organization\"},\"potentialAction\":[{\"@type\":\"SearchAction\",\"target\":{\"@type\":\"EntryPoint\",\"urlTemplate\":\"https:\\\/\\\/iwell-guard.com\\\/fi\\\/?s={search_term_string}\"},\"query-input\":{\"@type\":\"PropertyValueSpecification\",\"valueRequired\":true,\"valueName\":\"search_term_string\"}}],\"inLanguage\":\"fi\"},{\"@type\":\"Organization\",\"@id\":\"https:\\\/\\\/iwell-guard.com\\\/fi\\\/#organization\",\"name\":\"Ittermann electronic GmbH\",\"url\":\"https:\\\/\\\/iwell-guard.com\\\/fi\\\/\",\"logo\":{\"@type\":\"ImageObject\",\"inLanguage\":\"fi\",\"@id\":\"https:\\\/\\\/iwell-guard.com\\\/fi\\\/#\\\/schema\\\/logo\\\/image\\\/\",\"url\":\"https:\\\/\\\/iwell-guard.com\\\/wp-content\\\/uploads\\\/2026\\\/05\\\/Ittermann-Logo-1182x237-1.png\",\"contentUrl\":\"https:\\\/\\\/iwell-guard.com\\\/wp-content\\\/uploads\\\/2026\\\/05\\\/Ittermann-Logo-1182x237-1.png\",\"width\":1182,\"height\":237,\"caption\":\"Ittermann electronic GmbH\"},\"image\":{\"@id\":\"https:\\\/\\\/iwell-guard.com\\\/fi\\\/#\\\/schema\\\/logo\\\/image\\\/\"},\"sameAs\":[\"https:\\\/\\\/pantip.com\\\/profile\\\/9367242\",\"https:\\\/\\\/micro.blog\\\/iwellguard\",\"https:\\\/\\\/www.diggerslist.com\\\/iwellguard\\\/about\",\"https:\\\/\\\/skitterphoto.com\\\/photographers\\\/2870314\\\/iwell-guard\",\"https:\\\/\\\/iwellguard.wordpress.com\\\/2026\\\/06\\\/06\\\/iwell-guard\\\/\",\"https:\\\/\\\/hub.docker.com\\\/u\\\/iwellguard\",\"https:\\\/\\\/www.pinterest.com\\\/iwellguard\\\/\",\"https:\\\/\\\/bit.ly\\\/m\\\/iwellguard\",\"https:\\\/\\\/entre-vos-mains.alsace.eu\\\/profiles\\\/iwellguard\\\/activity\",\"https:\\\/\\\/gravatar.com\\\/reallybeded8fd34\",\"https:\\\/\\\/naijamatta.com\\\/iwellguard\",\"https:\\\/\\\/www.goodreads.com\\\/iwellguard\",\"https:\\\/\\\/profile.hatena.ne.jp\\\/iwellguard\\\/\",\"https:\\\/\\\/experiment.com\\\/users\\\/iwellguard\",\"https:\\\/\\\/wakelet.com\\\/@iWellGuard82270\",\"https:\\\/\\\/www.chordie.com\\\/forum\\\/profile.php?id=2555664\",\"https:\\\/\\\/www.instapaper.com\\\/p\\\/17757966\",\"https:\\\/\\\/www.mapleprimes.com\\\/users\\\/iwellguard\",\"https:\\\/\\\/businesslistingplus.com\\\/profile\\\/iwell-guard\\\/\",\"https:\\\/\\\/telegra.ph\\\/iWell-Guard-06-06\",\"https:\\\/\\\/pbase.com\\\/iwellguard\\\/iwellguard\",\"https:\\\/\\\/b.hatena.ne.jp\\\/iwellguard\\\/20260607#bookmark-4788405196491818882\",\"https:\\\/\\\/fliphtml5.com\\\/home\\\/iwellguard\",\"https:\\\/\\\/anyflip.com\\\/homepage\\\/cmiwl#About\",\"https:\\\/\\\/transfur.com\\\/Users\\\/iwellguard\",\"http:\\\/\\\/delphi.larsbo.org\\\/user\\\/iwellguard\",\"https:\\\/\\\/jobs.lajobsportal.org\\\/profiles\\\/8380803-iwell-guard\",\"https:\\\/\\\/md.chaosdorf.de\\\/s\\\/jfbe5SBdJD\",\"https:\\\/\\\/www.lingvolive.com\\\/en-us\\\/profile\\\/9ecaeaca-ce11-4e51-9e71-01d55e2bff36\\\/translations\",\"https:\\\/\\\/www.fitday.com\\\/fitness\\\/forums\\\/members\\\/iwellguard.html\",\"https:\\\/\\\/www.mymeetbook.com\\\/iwellguard\",\"https:\\\/\\\/pxhere.com\\\/en\\\/photographer-me\\\/5040798\",\"https:\\\/\\\/disqus.com\\\/by\\\/iwellguard\\\/about\\\/\",\"https:\\\/\\\/pastelink.net\\\/hjwciqwq\",\"https:\\\/\\\/pubhtml5.com\\\/homepage\\\/scjhn\\\/\",\"https:\\\/\\\/www.bitchute.com\\\/channel\\\/2O2eOKzNqujT\",\"https:\\\/\\\/audiomack.com\\\/iwellguard\"]}]}<\/script>\n<!-- \/ Yoast SEO Premium plugin. -->","yoast_head_json":{"title":"Musta lanka \u2013 suojanauha hindulaisuudessa","description":"Musta lanka on suojanauha pahaa silm\u00e4\u00e4 vastaan, usein puettu lapsille. Merkitys, alkuper\u00e4 ja k\u00e4ytt\u00f6 selke\u00e4sti selitettyn\u00e4.","robots":{"index":"index","follow":"follow","max-snippet":"max-snippet:-1","max-image-preview":"max-image-preview:large","max-video-preview":"max-video-preview:-1"},"canonical":"https:\/\/iwell-guard.com\/fi\/musta-lanka-suojanauha-pahaa-silmaa-vastaan\/","og_locale":"fi_FI","og_type":"article","og_title":"Musta lanka \u2013 suojanauha pahaa silm\u00e4\u00e4 vastaan","og_description":"Musta lanka on suojanauha pahaa silm\u00e4\u00e4 vastaan, usein puettu lapsille. Merkitys, alkuper\u00e4 ja k\u00e4ytt\u00f6 selke\u00e4sti selitettyn\u00e4.","og_url":"https:\/\/iwell-guard.com\/fi\/musta-lanka-suojanauha-pahaa-silmaa-vastaan\/","og_site_name":"iWell Guard","article_modified_time":"2026-09-03T12:58:45+00:00","og_image":[{"width":1024,"height":1536,"url":"https:\/\/iwell-guard.com\/wp-content\/uploads\/2026\/05\/schutzsymbol_hinduismus_schwarzer-faden.webp","type":"image\/webp"}],"twitter_card":"summary_large_image","schema":{"@context":"https:\/\/schema.org","@graph":[{"@type":"WebPage","@id":"https:\/\/iwell-guard.com\/fi\/musta-lanka-suojanauha-pahaa-silmaa-vastaan\/","url":"https:\/\/iwell-guard.com\/fi\/musta-lanka-suojanauha-pahaa-silmaa-vastaan\/","name":"Musta lanka \u2013 suojanauha hindulaisuudessa","isPartOf":{"@id":"https:\/\/iwell-guard.com\/fi\/#website"},"primaryImageOfPage":{"@id":"https:\/\/iwell-guard.com\/fi\/musta-lanka-suojanauha-pahaa-silmaa-vastaan\/#primaryimage"},"image":{"@id":"https:\/\/iwell-guard.com\/fi\/musta-lanka-suojanauha-pahaa-silmaa-vastaan\/#primaryimage"},"thumbnailUrl":"https:\/\/iwell-guard.com\/wp-content\/uploads\/2026\/05\/schutzsymbol_hinduismus_schwarzer-faden.webp","datePublished":"2026-09-03T12:35:21+00:00","dateModified":"2026-09-03T12:58:45+00:00","description":"Musta lanka on suojanauha pahaa silm\u00e4\u00e4 vastaan, usein puettu lapsille. Merkitys, alkuper\u00e4 ja k\u00e4ytt\u00f6 selke\u00e4sti selitettyn\u00e4.","breadcrumb":{"@id":"https:\/\/iwell-guard.com\/fi\/musta-lanka-suojanauha-pahaa-silmaa-vastaan\/#breadcrumb"},"inLanguage":"fi","potentialAction":[{"@type":"ReadAction","target":["https:\/\/iwell-guard.com\/fi\/musta-lanka-suojanauha-pahaa-silmaa-vastaan\/"]}]},{"@type":"ImageObject","inLanguage":"fi","@id":"https:\/\/iwell-guard.com\/fi\/musta-lanka-suojanauha-pahaa-silmaa-vastaan\/#primaryimage","url":"https:\/\/iwell-guard.com\/wp-content\/uploads\/2026\/05\/schutzsymbol_hinduismus_schwarzer-faden.webp","contentUrl":"https:\/\/iwell-guard.com\/wp-content\/uploads\/2026\/05\/schutzsymbol_hinduismus_schwarzer-faden.webp","width":1024,"height":1536,"caption":"Suojasymboli. Museaalinen asetelmakuvitus."},{"@type":"BreadcrumbList","@id":"https:\/\/iwell-guard.com\/fi\/musta-lanka-suojanauha-pahaa-silmaa-vastaan\/#breadcrumb","itemListElement":[{"@type":"ListItem","position":1,"name":"Start","item":"https:\/\/iwell-guard.com\/fi\/?page_id=143815"},{"@type":"ListItem","position":2,"name":"Musta lanka \u2013 suojanauha pahaa silm\u00e4\u00e4 vastaan"}]},{"@type":"WebSite","@id":"https:\/\/iwell-guard.com\/fi\/#website","url":"https:\/\/iwell-guard.com\/fi\/","name":"iWell Guard","description":"Schutz vor dunklen Einfl\u00fcssen","publisher":{"@id":"https:\/\/iwell-guard.com\/fi\/#organization"},"potentialAction":[{"@type":"SearchAction","target":{"@type":"EntryPoint","urlTemplate":"https:\/\/iwell-guard.com\/fi\/?s={search_term_string}"},"query-input":{"@type":"PropertyValueSpecification","valueRequired":true,"valueName":"search_term_string"}}],"inLanguage":"fi"},{"@type":"Organization","@id":"https:\/\/iwell-guard.com\/fi\/#organization","name":"Ittermann electronic GmbH","url":"https:\/\/iwell-guard.com\/fi\/","logo":{"@type":"ImageObject","inLanguage":"fi","@id":"https:\/\/iwell-guard.com\/fi\/#\/schema\/logo\/image\/","url":"https:\/\/iwell-guard.com\/wp-content\/uploads\/2026\/05\/Ittermann-Logo-1182x237-1.png","contentUrl":"https:\/\/iwell-guard.com\/wp-content\/uploads\/2026\/05\/Ittermann-Logo-1182x237-1.png","width":1182,"height":237,"caption":"Ittermann electronic GmbH"},"image":{"@id":"https:\/\/iwell-guard.com\/fi\/#\/schema\/logo\/image\/"},"sameAs":["https:\/\/pantip.com\/profile\/9367242","https:\/\/micro.blog\/iwellguard","https:\/\/www.diggerslist.com\/iwellguard\/about","https:\/\/skitterphoto.com\/photographers\/2870314\/iwell-guard","https:\/\/iwellguard.wordpress.com\/2026\/06\/06\/iwell-guard\/","https:\/\/hub.docker.com\/u\/iwellguard","https:\/\/www.pinterest.com\/iwellguard\/","https:\/\/bit.ly\/m\/iwellguard","https:\/\/entre-vos-mains.alsace.eu\/profiles\/iwellguard\/activity","https:\/\/gravatar.com\/reallybeded8fd34","https:\/\/naijamatta.com\/iwellguard","https:\/\/www.goodreads.com\/iwellguard","https:\/\/profile.hatena.ne.jp\/iwellguard\/","https:\/\/experiment.com\/users\/iwellguard","https:\/\/wakelet.com\/@iWellGuard82270","https:\/\/www.chordie.com\/forum\/profile.php?id=2555664","https:\/\/www.instapaper.com\/p\/17757966","https:\/\/www.mapleprimes.com\/users\/iwellguard","https:\/\/businesslistingplus.com\/profile\/iwell-guard\/","https:\/\/telegra.ph\/iWell-Guard-06-06","https:\/\/pbase.com\/iwellguard\/iwellguard","https:\/\/b.hatena.ne.jp\/iwellguard\/20260607#bookmark-4788405196491818882","https:\/\/fliphtml5.com\/home\/iwellguard","https:\/\/anyflip.com\/homepage\/cmiwl#About","https:\/\/transfur.com\/Users\/iwellguard","http:\/\/delphi.larsbo.org\/user\/iwellguard","https:\/\/jobs.lajobsportal.org\/profiles\/8380803-iwell-guard","https:\/\/md.chaosdorf.de\/s\/jfbe5SBdJD","https:\/\/www.lingvolive.com\/en-us\/profile\/9ecaeaca-ce11-4e51-9e71-01d55e2bff36\/translations","https:\/\/www.fitday.com\/fitness\/forums\/members\/iwellguard.html","https:\/\/www.mymeetbook.com\/iwellguard","https:\/\/pxhere.com\/en\/photographer-me\/5040798","https:\/\/disqus.com\/by\/iwellguard\/about\/","https:\/\/pastelink.net\/hjwciqwq","https:\/\/pubhtml5.com\/homepage\/scjhn\/","https:\/\/www.bitchute.com\/channel\/2O2eOKzNqujT","https:\/\/audiomack.com\/iwellguard"]}]}},"_links":{"self":[{"href":"https:\/\/iwell-guard.com\/fi\/wp-json\/wp\/v2\/pages\/144425","targetHints":{"allow":["GET"]}}],"collection":[{"href":"https:\/\/iwell-guard.com\/fi\/wp-json\/wp\/v2\/pages"}],"about":[{"href":"https:\/\/iwell-guard.com\/fi\/wp-json\/wp\/v2\/types\/page"}],"author":[{"embeddable":true,"href":"https:\/\/iwell-guard.com\/fi\/wp-json\/wp\/v2\/users\/3"}],"replies":[{"embeddable":true,"href":"https:\/\/iwell-guard.com\/fi\/wp-json\/wp\/v2\/comments?post=144425"}],"version-history":[{"count":0,"href":"https:\/\/iwell-guard.com\/fi\/wp-json\/wp\/v2\/pages\/144425\/revisions"}],"wp:featuredmedia":[{"embeddable":true,"href":"https:\/\/iwell-guard.com\/fi\/wp-json\/wp\/v2\/media\/3519"}],"wp:attachment":[{"href":"https:\/\/iwell-guard.com\/fi\/wp-json\/wp\/v2\/media?parent=144425"}],"wp:term":[{"taxonomy":"category","embeddable":true,"href":"https:\/\/iwell-guard.com\/fi\/wp-json\/wp\/v2\/categories?post=144425"}],"curies":[{"name":"wp","href":"https:\/\/api.w.org\/{rel}","templated":true}]}}