{"id":144421,"date":"2026-09-03T12:35:19","date_gmt":"2026-09-03T12:35:19","guid":{"rendered":"https:\/\/iwell-guard.com\/?page_id=144421"},"modified":"2026-09-03T12:58:38","modified_gmt":"2026-09-03T12:58:38","slug":"zulfiqar-alin-miekka-suojamerkkina","status":"publish","type":"page","link":"https:\/\/iwell-guard.com\/fi\/zulfiqar-alin-miekka-suojamerkkina\/","title":{"rendered":"Zulfiqar \u2013 Alin miekka suojamerkkin\u00e4"},"content":{"rendered":"\t\t<div data-elementor-type=\"wp-page\" data-elementor-id=\"144421\" class=\"elementor elementor-144421 elementor-3676 elementor-bc-flex-widget\" data-elementor-post-type=\"page\">\n\t\t\t\t<div class=\"elementor-element elementor-element-iwgs-zulfiqar-hero e-flex e-con-boxed e-con e-parent\" data-id=\"iwgs-zulfiqar-hero\" data-element_type=\"container\" data-e-type=\"container\">\n\t\t\t\t\t<div class=\"e-con-inner\">\n\t\t<div class=\"elementor-element elementor-element-iwgs-zulfiqar-hl e-flex e-con-boxed e-con e-parent\" data-id=\"iwgs-zulfiqar-hl\" data-element_type=\"container\" data-e-type=\"container\">\n\t\t\t\t\t<div class=\"e-con-inner\">\n\t\t<div class=\"elementor-element elementor-element-iwgs-zulfiqar-hlbox e-con-full e-flex e-con e-parent\" data-id=\"iwgs-zulfiqar-hlbox\" data-element_type=\"container\" data-e-type=\"container\">\n\t\t\t\t<div class=\"elementor-element elementor-element-iwgs-zulfiqar-h1 elementor-widget elementor-widget-heading\" data-id=\"iwgs-zulfiqar-h1\" data-element_type=\"widget\" data-e-type=\"widget\" data-widget_type=\"heading.default\">\n\t\t\t\t\t<h1 class=\"elementor-heading-title elementor-size-default\">Zulfiqar \u2013 Alin miekka merkkin\u00e4 ja suojana<\/h1>\t\t\t\t<\/div>\n\t\t\t\t<div class=\"elementor-element elementor-element-iwgs-zulfiqar-lead elementor-widget elementor-widget-text-editor\" data-id=\"iwgs-zulfiqar-lead\" data-element_type=\"widget\" data-e-type=\"widget\" data-widget_type=\"text-editor.default\">\n\t\t\t\t\t\t\t\t\t<p>Zulfiqar on Alin, profeetan serkun ja v\u00e4vyn, legendaarinen miekka. Tunnusomaisen haarautuneen ter\u00e4n ansiosta se on merkitt\u00e4v\u00e4 tunnusmerkki, erityisesti \u0161iialaisessa islamissa.<\/p>\t\t\t\t\t\t\t\t<\/div>\n\t\t\t\t<\/div>\n\t\t\t\t<div class=\"elementor-element elementor-element-iwgs-zulfiqar-pills elementor-widget elementor-widget-html\" data-id=\"iwgs-zulfiqar-pills\" data-element_type=\"widget\" data-e-type=\"widget\" data-widget_type=\"html.default\">\n\t\t\t\t\t<div class=\"iwg-pill-row\"><span class=\"iwg-klasse-badge\" tabindex=\"0\" data-tooltip=\"Suojasymboli, amuletti tai apotrooppinen esine.\">Suojasymboli<\/span><a href=\"https:\/\/iwell-guard.com\/fi\/islam\/\" class=\"iwg-kultur-badge\" tabindex=\"0\" data-tooltip=\"Suojaustraditio: Islam\">Islam<\/a><span class=\"iwg-tradition-badge\" tabindex=\"0\" data-tooltip=\"Vertauskuva, jolla on suojaava tai merkityksellinen teht\u00e4v\u00e4.\">Merkki<\/span><\/div>\t\t\t\t<\/div>\n\t\t\t\t\t<\/div>\n\t\t\t\t<\/div>\n\t\t<div class=\"elementor-element elementor-element-iwgs-zulfiqar-hr e-con-full e-flex e-con e-parent\" data-id=\"iwgs-zulfiqar-hr\" data-element_type=\"container\" data-e-type=\"container\">\n\t\t\t\t<div class=\"elementor-element elementor-element-iwgs-zulfiqar-himg iwg-hero-image elementor-widget elementor-widget-image\" data-id=\"iwgs-zulfiqar-himg\" data-element_type=\"widget\" data-e-type=\"widget\" data-widget_type=\"image.default\">\n\t\t\t\t\t\t\t\t\t\t\t\t\t\t\t<img fetchpriority=\"high\" decoding=\"async\" width=\"683\" height=\"1024\" src=\"https:\/\/iwell-guard.com\/wp-content\/uploads\/2026\/05\/schutzsymbol_islam_zulfiqar-683x1024.webp\" class=\"attachment-large size-large wp-image-148521\" alt=\"Zulfiqar - suojasymboli, museaalinen kuvitus\" srcset=\"https:\/\/iwell-guard.com\/wp-content\/uploads\/2026\/05\/schutzsymbol_islam_zulfiqar-683x1024.webp 683w, https:\/\/iwell-guard.com\/wp-content\/uploads\/2026\/05\/schutzsymbol_islam_zulfiqar-200x300.webp 200w, https:\/\/iwell-guard.com\/wp-content\/uploads\/2026\/05\/schutzsymbol_islam_zulfiqar-768x1152.webp 768w, https:\/\/iwell-guard.com\/wp-content\/uploads\/2026\/05\/schutzsymbol_islam_zulfiqar.webp 1024w\" sizes=\"(max-width: 683px) 100vw, 683px\" \/>\t\t\t\t\t\t\t\t\t\t\t\t\t\t\t<\/div>\n\t\t\t\t<\/div>\n\t\t\t\t\t<\/div>\n\t\t\t\t<\/div>\n\t\t<div class=\"elementor-element elementor-element-iwgs-zulfiqar-s0 e-flex e-con-boxed e-con e-parent\" data-id=\"iwgs-zulfiqar-s0\" data-element_type=\"container\" data-e-type=\"container\">\n\t\t\t\t\t<div class=\"e-con-inner\">\n\t\t\t\t<div class=\"elementor-element elementor-element-iwgs-zulfiqar-s0h elementor-widget elementor-widget-heading\" data-id=\"iwgs-zulfiqar-s0h\" data-element_type=\"widget\" data-e-type=\"widget\" data-widget_type=\"heading.default\">\n\t\t\t\t\t<h2 class=\"elementor-heading-title elementor-size-default\">Yleiskatsaus<\/h2>\t\t\t\t<\/div>\n\t\t<div class=\"elementor-element elementor-element-iwgs-zulfiqar-s0box e-con-full e-flex e-con e-parent\" data-id=\"iwgs-zulfiqar-s0box\" data-element_type=\"container\" data-e-type=\"container\">\n\t\t\t\t<div class=\"elementor-element elementor-element-iwgs-zulfiqar-s0t elementor-widget elementor-widget-text-editor\" data-id=\"iwgs-zulfiqar-s0t\" data-element_type=\"widget\" data-e-type=\"widget\" data-widget_type=\"text-editor.default\">\n\t\t\t\t\t\t\t\t\t<p>Zulfiqar on miekan nimi. Se on Alin legendaarinen miekka, joka on yksi <a href=\"https:\/\/iwell-guard.com\/fi\/islam\/\">islamin<\/a> varhaishistorian t\u00e4rkeimmist\u00e4 hahmoista.<\/p><p>Merkkin\u00e4 Zulfiqar kuvataan miekan muotoisena, jonka ter\u00e4 on k\u00e4rjest\u00e4 haarautunut. T\u00e4m\u00e4 haarautunut, kaksikielinen ter\u00e4 on Zulfiqarin selv\u00e4sti tunnistettava piirre.<\/p><p>Zulfiqar on ensisijaisesti kunnioituksen ja identiteetin merkki. Se edustaa Alia, h\u00e4nen rohkeuttaan ja niit\u00e4 arvoja, joita h\u00e4nen kanssaan yhdistet\u00e4\u00e4n.<\/p><p>Erityisesti \u0161iialaisessa islamissa ja siihen liittyviss\u00e4 suuntauksissa Zulfiqarilla on korkea asema. Se on siell\u00e4 merkitt\u00e4v\u00e4 uskonnollinen ja yhteis\u00f6llinen tunnusmerkki.<\/p><p>Identiteettimerkin merkityksen lis\u00e4ksi Zulfiqarissa on suojaava piirre. Alin ja h\u00e4nen jumalallisen voimansa merkkin\u00e4 sit\u00e4 k\u00e4ytet\u00e4\u00e4n amuleteissa ja lipuissa.<\/p><p><span class=\"iwg-fachbegriff\" data-tooltip=\"Tiede, joka tutkii uskontoja vertailevasti ja uskontositoumuksesta riippumatta.\" tabindex=\"0\">Uskontotieteess\u00e4<\/span> Zulfiqar on hyv\u00e4 esimerkki merkist\u00e4, joka syntyy legendaarisesta esineest\u00e4 ja yhdist\u00e4\u00e4 kunnioituksen, identiteetin ja suojan.<\/p>\t\t\t\t\t\t\t\t<\/div>\n\t\t\t\t<\/div>\n\t\t\t\t\t<\/div>\n\t\t\t\t<\/div>\n\t\t<div class=\"elementor-element elementor-element-iwgs-zulfiqar-s1 e-flex e-con-boxed e-con e-parent\" data-id=\"iwgs-zulfiqar-s1\" data-element_type=\"container\" data-e-type=\"container\">\n\t\t\t\t\t<div class=\"e-con-inner\">\n\t\t\t\t<div class=\"elementor-element elementor-element-iwgs-zulfiqar-s1h elementor-widget elementor-widget-heading\" data-id=\"iwgs-zulfiqar-s1h\" data-element_type=\"widget\" data-e-type=\"widget\" data-widget_type=\"heading.default\">\n\t\t\t\t\t<h2 class=\"elementor-heading-title elementor-size-default\">Ali, miekan kantaja<\/h2>\t\t\t\t<\/div>\n\t\t<div class=\"elementor-element elementor-element-iwgs-zulfiqar-s1box e-con-full e-flex e-con e-parent\" data-id=\"iwgs-zulfiqar-s1box\" data-element_type=\"container\" data-e-type=\"container\">\n\t\t\t\t<div class=\"elementor-element elementor-element-iwgs-zulfiqar-s1t elementor-widget elementor-widget-text-editor\" data-id=\"iwgs-zulfiqar-s1t\" data-element_type=\"widget\" data-e-type=\"widget\" data-widget_type=\"text-editor.default\">\n\t\t\t\t\t\t\t\t\t<p>Zulfiqar liittyy erottamattomasti Aliin. Ali ibn Abi Talib oli profeetta Muhammadin serkku ja samalla h\u00e4nen v\u00e4vyns\u00e4, sill\u00e4 h\u00e4n oli naimisissa profeetan tytt\u00e4ren kanssa.<\/p><p>Ali on yksi islamin varhaishistorian keskeisist\u00e4 hahmoista. H\u00e4n oli yksi ensimm\u00e4isist\u00e4, jotka liittyiv\u00e4t islamiin, ja h\u00e4n oli erityisen l\u00e4heinen profeetalle.<\/p><p>Profeetan kuoleman j\u00e4lkeen Alista tuli my\u00f6hemmin nelj\u00e4s kalifi, eli yksi islamilaisen yhteis\u00f6n johdon seuraajista.<\/p><p>\u0160iialaisessa islamissa Alilla on erityinen merkitys. \u0160iiat pit\u00e4v\u00e4t h\u00e4nt\u00e4 ja h\u00e4nen j\u00e4lkel\u00e4isi\u00e4\u00e4n islamilaisen yhteis\u00f6n oikeutettuina johtajina.<\/p><p>Ali on rohkeuden, oikeudenmukaisuuden ja <span class=\"iwg-fachbegriff\" data-tooltip=\"Ihmisen eletty uskonnollinen asenne ja k\u00e4yt\u00e4nt\u00f6.\" tabindex=\"0\">hartauden<\/span> esikuva. Monet kertomukset ylist\u00e4v\u00e4t h\u00e4nen rohkeuttaan ja rehellisyytt\u00e4\u00e4n.<\/p><p>Miekka Zulfiqar kuuluu t\u00e4h\u00e4n Alin kuvaan. Se on h\u00e4nen miekkansa, ja se on siten merkki h\u00e4nen rohkeudestaan ja roolistaan islamin varhaishistoriassa.<\/p>\t\t\t\t\t\t\t\t<\/div>\n\t\t\t\t<\/div>\n\t\t\t\t\t<\/div>\n\t\t\t\t<\/div>\n\t\t<div class=\"elementor-element elementor-element-iwgs-zulfiqar-s2 e-flex e-con-boxed e-con e-parent\" data-id=\"iwgs-zulfiqar-s2\" data-element_type=\"container\" data-e-type=\"container\">\n\t\t\t\t\t<div class=\"e-con-inner\">\n\t\t\t\t<div class=\"elementor-element elementor-element-iwgs-zulfiqar-s2h elementor-widget elementor-widget-heading\" data-id=\"iwgs-zulfiqar-s2h\" data-element_type=\"widget\" data-e-type=\"widget\" data-widget_type=\"heading.default\">\n\t\t\t\t\t<h2 class=\"elementor-heading-title elementor-size-default\">Miekan legenda<\/h2>\t\t\t\t<\/div>\n\t\t<div class=\"elementor-element elementor-element-iwgs-zulfiqar-s2box e-con-full e-flex e-con e-parent\" data-id=\"iwgs-zulfiqar-s2box\" data-element_type=\"container\" data-e-type=\"container\">\n\t\t\t\t<div class=\"elementor-element elementor-element-iwgs-zulfiqar-s2t elementor-widget elementor-widget-text-editor\" data-id=\"iwgs-zulfiqar-s2t\" data-element_type=\"widget\" data-e-type=\"widget\" data-widget_type=\"text-editor.default\">\n\t\t\t\t\t\t\t\t\t<p>Miekka Zulfiqarin ymp\u00e4rille on kudottu kertomuksia. Ne kertovat, miten miekka tuli Alin omistukseen ja mik\u00e4 merkitys sille annettiin.<\/p><p><span class=\"iwg-fachbegriff\" data-tooltip=\"Tiedon ja kertomusten v\u00e4litt\u00e4minen sukupolvelta toiselle.\" tabindex=\"0\">Perim\u00e4tiedon<\/span> mukaan Ali saikin miekan islamin alkuaikoina. Yleinen kertomus yhdist\u00e4\u00e4 sen johonkin varhaisista taisteluista, joissa nuoren islamilaisen yhteis\u00f6n oli puolustauduttava.<\/p><p>Miekka kuvataan kertomuksissa poikkeuksellisena. Sit\u00e4 pidettiin erityisen voimakkaana, ja sen nimest\u00e4 tuli ylivertaisen miekan vertauskuva.<\/p><p>Tunnettu on lausahdus, joka ylist\u00e4\u00e4 yhdess\u00e4 miekkaa ja sen kantajaa. Se toteaa suunnilleen, ettei ole sankaria niin kuin Ali eik\u00e4 miekkaa niin kuin Zulfiqar.<\/p><p>T\u00e4m\u00e4 lausahdus yhdist\u00e4\u00e4 miekan erottamattomasti Aliin. Zulfiqar ei ole mik\u00e4 tahansa miekka, vaan juuri t\u00e4m\u00e4n yhden sankarin miekka.<\/p><p><span class=\"iwg-fachbegriff\" data-tooltip=\"Rakentava kertomus, useimmiten pyhien el\u00e4m\u00e4st\u00e4.\" tabindex=\"0\">Legenda<\/span> antaa merkille sen merkityksen. Zulfiqar on esikuvallisen sankarin miekka, joka yhdistet\u00e4\u00e4n jumalalliseen apuun. T\u00e4ss\u00e4 yhteydess\u00e4 piilee sen voima merkkin\u00e4.<\/p>\t\t\t\t\t\t\t\t<\/div>\n\t\t\t\t<\/div>\n\t\t\t\t\t<\/div>\n\t\t\t\t<\/div>\n\t\t<div class=\"elementor-element elementor-element-iwgs-zulfiqar-s3 e-flex e-con-boxed e-con e-parent\" data-id=\"iwgs-zulfiqar-s3\" data-element_type=\"container\" data-e-type=\"container\">\n\t\t\t\t\t<div class=\"e-con-inner\">\n\t\t\t\t<div class=\"elementor-element elementor-element-iwgs-zulfiqar-s3h elementor-widget elementor-widget-heading\" data-id=\"iwgs-zulfiqar-s3h\" data-element_type=\"widget\" data-e-type=\"widget\" data-widget_type=\"heading.default\">\n\t\t\t\t\t<h2 class=\"elementor-heading-title elementor-size-default\">Muoto: haarautunut ter\u00e4<\/h2>\t\t\t\t<\/div>\n\t\t<div class=\"elementor-element elementor-element-iwgs-zulfiqar-s3box e-con-full e-flex e-con e-parent\" data-id=\"iwgs-zulfiqar-s3box\" data-element_type=\"container\" data-e-type=\"container\">\n\t\t\t\t<div class=\"elementor-element elementor-element-iwgs-zulfiqar-s3t elementor-widget elementor-widget-text-editor\" data-id=\"iwgs-zulfiqar-s3t\" data-element_type=\"widget\" data-e-type=\"widget\" data-widget_type=\"text-editor.default\">\n\t\t\t\t\t\t\t\t\t<p>Merkki Zulfiqar kuvataan miekan muotoisena. Sen tunnusomainen piirre on ter\u00e4, joka on k\u00e4rjest\u00e4 haarautunut.<\/p><p>Yhden k\u00e4rjen sijaan Zulfiqarin ter\u00e4 p\u00e4\u00e4ttyy kahteen k\u00e4rkeen. Se on ik\u00e4\u00e4n kuin kaksikielinen. T\u00e4m\u00e4 haarautunut ter\u00e4 erottaa Zulfiqarin kaikista tavallisista miekoista.<\/p><p>T\u00e4m\u00e4n ep\u00e4tavallisen muodon alkuper\u00e4st\u00e4 on esitetty erilaisia n\u00e4kemyksi\u00e4. Miekan nimi on yhdistetty sanaan, joka viittaa uriin tai lovi\u00admerkkeihin.<\/p><p>Kuvallisessa esityksess\u00e4 t\u00e4st\u00e4 piirteest\u00e4 muodostui selv\u00e4sti haarautunut, kaksikielinen ter\u00e4. Se on muoto, jonka ansiosta Zulfiqar on v\u00e4litt\u00f6m\u00e4sti tunnistettavissa taiteessa ja merkeiss\u00e4.<\/p><p>Haarautunut ter\u00e4 antaa Zulfiqarille vaikuttavan, ainutlaatuisen muodon. Se erottaa miekan tavallisten aseiden joukosta ja merkitsee sen Alin erikoiseksi miekaksi.<\/p><p>Kuvissa Zulfiqar esiintyy usein yksin, joskus mukanaan ylist\u00e4v\u00e4 lausahdus Alista ja h\u00e4nen miekastaan. Haarautunut ter\u00e4 pysyy siin\u00e4 aina ratkaisevana tunnusmerkkin\u00e4.<\/p>\t\t\t\t\t\t\t\t<\/div>\n\t\t\t\t<\/div>\n\t\t\t\t\t<\/div>\n\t\t\t\t<\/div>\n\t\t<div class=\"elementor-element elementor-element-iwgs-zulfiqar-s4 e-flex e-con-boxed e-con e-parent\" data-id=\"iwgs-zulfiqar-s4\" data-element_type=\"container\" data-e-type=\"container\">\n\t\t\t\t\t<div class=\"e-con-inner\">\n\t\t\t\t<div class=\"elementor-element elementor-element-iwgs-zulfiqar-s4h elementor-widget elementor-widget-heading\" data-id=\"iwgs-zulfiqar-s4h\" data-element_type=\"widget\" data-e-type=\"widget\" data-widget_type=\"heading.default\">\n\t\t\t\t\t<h2 class=\"elementor-heading-title elementor-size-default\">Zulfiqar \u0161iialaisessa islamissa<\/h2>\t\t\t\t<\/div>\n\t\t<div class=\"elementor-element elementor-element-iwgs-zulfiqar-s4box e-con-full e-flex e-con e-parent\" data-id=\"iwgs-zulfiqar-s4box\" data-element_type=\"container\" data-e-type=\"container\">\n\t\t\t\t<div class=\"elementor-element elementor-element-iwgs-zulfiqar-s4t elementor-widget elementor-widget-text-editor\" data-id=\"iwgs-zulfiqar-s4t\" data-element_type=\"widget\" data-e-type=\"widget\" data-widget_type=\"text-editor.default\">\n\t\t\t\t\t\t\t\t\t<p>Zulfiqarilla on erityinen merkitys \u0161iiailaisessa islamissa. Koska Ali on \u0161iialaisille keskeinen hahmo, my\u00f6s h\u00e4nen miekkansa on merkitt\u00e4v\u00e4 tunnus.<\/p><p>\u0160iiavaltaisilla alueilla Zulfiqar esiintyy lipuissa, kuvissa ja <span class=\"iwg-fachbegriff\" data-tooltip=\"Ihmisen eletty\u00e4 uskonnollista asennetta ja k\u00e4yt\u00e4nt\u00f6\u00e4.\" tabindex=\"0\">hartauden<\/span> esineiss\u00e4. Se on n\u00e4kyv\u00e4 merkki Alin kunnioittamisesta.<\/p><p>My\u00f6s l\u00e4heisiss\u00e4 suuntauksissa, kuten aleviiteilla ja bekta\u0161i-perinteess\u00e4, Zulfiqarilla on korkea asema. N\u00e4iss\u00e4 yhteis\u00f6iss\u00e4 Alin kunnioitus on erityisen voimakasta.<\/p><p>N\u00e4iss\u00e4 yhteyksiss\u00e4 Zulfiqar on identiteetin merkki. Se, joka n\u00e4ytt\u00e4\u00e4 tai kantaa sit\u00e4, tunnustautuu Alin kunnioittamiseen ja siihen yhteis\u00f6\u00f6n, joka n\u00e4kee h\u00e4ness\u00e4 esikuvansa.<\/p><p>Merkki yhdist\u00e4\u00e4 siten henkil\u00f6n kunnioittamisen yhteis\u00f6\u00f6n kuulumiseen. Se on samanaikaisesti kunnioituksen merkki ja yhteis\u00f6n tunnus.<\/p><p>T\u00e4ss\u00e4 asemassa Zulfiqar muistuttaa uskontojen muita identiteettimerkkej\u00e4. Kuten risti tai Daavidin t\u00e4hti, se tekee kuulumisen n\u00e4kyv\u00e4ksi, t\u00e4ss\u00e4 tapauksessa kuulumisen Alin kunnioittajien joukkoon.<\/p>\t\t\t\t\t\t\t\t<\/div>\n\t\t\t\t<\/div>\n\t\t\t\t\t<\/div>\n\t\t\t\t<\/div>\n\t\t<div class=\"elementor-element elementor-element-iwgs-zulfiqar-s5 e-flex e-con-boxed e-con e-parent\" data-id=\"iwgs-zulfiqar-s5\" data-element_type=\"container\" data-e-type=\"container\">\n\t\t\t\t\t<div class=\"e-con-inner\">\n\t\t\t\t<div class=\"elementor-element elementor-element-iwgs-zulfiqar-s5h elementor-widget elementor-widget-heading\" data-id=\"iwgs-zulfiqar-s5h\" data-element_type=\"widget\" data-e-type=\"widget\" data-widget_type=\"heading.default\">\n\t\t\t\t\t<h2 class=\"elementor-heading-title elementor-size-default\">Zulfiqar suojamerkkin\u00e4<\/h2>\t\t\t\t<\/div>\n\t\t<div class=\"elementor-element elementor-element-iwgs-zulfiqar-s5box e-con-full e-flex e-con e-parent\" data-id=\"iwgs-zulfiqar-s5box\" data-element_type=\"container\" data-e-type=\"container\">\n\t\t\t\t<div class=\"elementor-element elementor-element-iwgs-zulfiqar-s5t elementor-widget elementor-widget-text-editor\" data-id=\"iwgs-zulfiqar-s5t\" data-element_type=\"widget\" data-e-type=\"widget\" data-widget_type=\"text-editor.default\">\n\t\t\t\t\t\t\t\t\t<p>Identiteettimerkin merkityksen lis\u00e4ksi Zulfiqarilla on suojaava piirre. Sit\u00e4 k\u00e4ytet\u00e4\u00e4n amuleteissa ja suojaesineiss\u00e4.<\/p><p>Suojaava merkitys johtuu siit\u00e4, mit\u00e4 miekka edustaa. Zulfiqar on esikuvallisen sankarin miekka, joka yhdistet\u00e4\u00e4n rohkeuteen, oikeudenmukaisuuteen ja jumalalliseen apuun.<\/p><p>Se, joka kantaa Zulfiqar-merkki\u00e4, asettuu t\u00e4m\u00e4n esikuvan suojiin. Merkin on tarkoitus antaa rohkeutta, lujuutta ja apua, jotka liitet\u00e4\u00e4n Aliin ja h\u00e4nen miekkaansa.<\/p><p>Miekka on lis\u00e4ksi ase, puolustuksen v\u00e4lin\u00e4. Merkkin\u00e4 miekka voi edustaa suojaa ja torjuntaa, vaikka sit\u00e4 ei ymm\u00e4rrett\u00e4isi todellisena aseena.<\/p><p>Zulfiqar kuuluu siten niihin merkkeihin, jotka suojaavat yhteyden kautta kunnioitettuun hahmoon. Sen suoja on k\u00e4\u00e4ntyminen Alin puoleen ja siihen voimaan, joka h\u00e4nelle annetaan.<\/p><p>N\u00e4in ollen Zulfiqar on v\u00e4hemm\u00e4n torjuva <span class=\"iwg-fachbegriff\" data-tooltip=\"Kannettava esine, jolle annetaan suojaava, onnettomuuksia torjuva vaikutus.\" tabindex=\"0\">amuletti<\/span> kuin merkki, joka vaikuttaa kunnioituksen ja esikuvan kautta. Se suojaa yhdist\u00e4m\u00e4ll\u00e4 kantajansa Alin rohkeuteen ja apuun.<\/p>\t\t\t\t\t\t\t\t<\/div>\n\t\t\t\t<\/div>\n\t\t\t\t\t<\/div>\n\t\t\t\t<\/div>\n\t\t<div class=\"elementor-element elementor-element-iwgs-zulfiqar-s6 e-flex e-con-boxed e-con e-parent\" data-id=\"iwgs-zulfiqar-s6\" data-element_type=\"container\" data-e-type=\"container\">\n\t\t\t\t\t<div class=\"e-con-inner\">\n\t\t\t\t<div class=\"elementor-element elementor-element-iwgs-zulfiqar-s6h elementor-widget elementor-widget-heading\" data-id=\"iwgs-zulfiqar-s6h\" data-element_type=\"widget\" data-e-type=\"widget\" data-widget_type=\"heading.default\">\n\t\t\t\t\t<h2 class=\"elementor-heading-title elementor-size-default\">Miekka merkkin\u00e4 eri kulttuureissa<\/h2>\t\t\t\t<\/div>\n\t\t<div class=\"elementor-element elementor-element-iwgs-zulfiqar-s6box e-con-full e-flex e-con e-parent\" data-id=\"iwgs-zulfiqar-s6box\" data-element_type=\"container\" data-e-type=\"container\">\n\t\t\t\t<div class=\"elementor-element elementor-element-iwgs-zulfiqar-s6t elementor-widget elementor-widget-text-editor\" data-id=\"iwgs-zulfiqar-s6t\" data-element_type=\"widget\" data-e-type=\"widget\" data-widget_type=\"text-editor.default\">\n\t\t\t\t\t\t\t\t\t<p>Zulfiqaria voidaan tarkastella laajemmassa miekkamerkkien yhteydess\u00e4. Miekka merkkin\u00e4 on merkitt\u00e4v\u00e4 monissa kulttuureissa.<\/p><p>Lukuisissa perinteiss\u00e4 miekka edustaa voimaa, oikeudenmukaisuutta ja j\u00e4rjestyksen puolustamista. Se on puolustuskykyisen, suojaavan vallan merkki.<\/p><p>Usein miekka liitet\u00e4\u00e4n tiettyyn hahmoon, sankariin, pyhimykseen tai jumalaan. Miekasta tulee t\u00e4ll\u00f6in t\u00e4m\u00e4n hahmon ja h\u00e4nen edustamiensa arvojen merkki.<\/p><p>Zulfiqar kuuluu t\u00e4h\u00e4n ryhm\u00e4\u00e4n. Se on Alin miekka, ja sellaisena rohkeuden, oikeudenmukaisuuden ja jumalallisen avun merkki.<\/p><p>Zulfiqarin erikoisuus on sen kaksijakoinen ter\u00e4. Se tekee miekasta tunnistettavan ja erottaa sen tavallisten miekkamerkkien joukosta.<\/p><p>Zulfiqar on siten islamilainen, erityisesti \u0161iialainen ilmentym\u00e4 miekkamerkist\u00e4. Se yhdist\u00e4\u00e4 yleisen kuvan miekasta puolustuskykyisen hyveen merkkin\u00e4 tietyn kunnioitetun hahmon palvontaan.<\/p>\t\t\t\t\t\t\t\t<\/div>\n\t\t\t\t<\/div>\n\t\t\t\t\t<\/div>\n\t\t\t\t<\/div>\n\t\t<div class=\"elementor-element elementor-element-iwgs-zulfiqar-s7 e-flex e-con-boxed e-con e-parent\" data-id=\"iwgs-zulfiqar-s7\" data-element_type=\"container\" data-e-type=\"container\">\n\t\t\t\t\t<div class=\"e-con-inner\">\n\t\t\t\t<div class=\"elementor-element elementor-element-iwgs-zulfiqar-s7h elementor-widget elementor-widget-heading\" data-id=\"iwgs-zulfiqar-s7h\" data-element_type=\"widget\" data-e-type=\"widget\" data-widget_type=\"heading.default\">\n\t\t\t\t\t<h2 class=\"elementor-heading-title elementor-size-default\">Kunnioitus, identiteetti ja suoja<\/h2>\t\t\t\t<\/div>\n\t\t<div class=\"elementor-element elementor-element-iwgs-zulfiqar-s7box e-con-full e-flex e-con e-parent\" data-id=\"iwgs-zulfiqar-s7box\" data-element_type=\"container\" data-e-type=\"container\">\n\t\t\t\t<div class=\"elementor-element elementor-element-iwgs-zulfiqar-s7t elementor-widget elementor-widget-text-editor\" data-id=\"iwgs-zulfiqar-s7t\" data-element_type=\"widget\" data-e-type=\"widget\" data-widget_type=\"text-editor.default\">\n\t\t\t\t\t\t\t\t\t<p>Zulfiqar yhdist\u00e4\u00e4 kolme l\u00e4heisesti toisiinsa liittyv\u00e4\u00e4 merkityst\u00e4: kunnioituksen, identiteetin ja suojan.<\/p><p>Kunnioitus kohdistuu Aliin. Zulfiqar on h\u00e4nen miekkansa, ja sen n\u00e4ytt\u00e4minen merkitsee Alin ja h\u00e4nen rohkeutensa kunnioittamista.<\/p><p>Identiteetti koskee yhteis\u00f6\u00e4. Zulfiqar on \u0161iialaisten ja l\u00e4heisten yhteis\u00f6jen merkki. Sen kantaminen merkitsee tunnustautumista t\u00e4h\u00e4n yhteis\u00f6\u00f6n.<\/p><p>Suoja syntyy n\u00e4ist\u00e4 molemmista. Se, joka asettuu Alin merkin suojiin, hakee siihen liitetty\u00e4 apua ja voimaa.<\/p><p>N\u00e4it\u00e4 kolmea merkityst\u00e4 ei voida erottaa tarkasti toisistaan. Ne kuuluvat yhteen ja muodostavat yhdess\u00e4 merkin sis\u00e4ll\u00f6n.<\/p><p>Zulfiqar on siten monitasoinen merkki. Se on samanaikaisesti kunnioituksen, identiteetin ja suojan merkki, ja kaikki kolme puolta johtuvat yhteydest\u00e4 Aliin ja h\u00e4nen miekkaansa.<\/p>\t\t\t\t\t\t\t\t<\/div>\n\t\t\t\t<\/div>\n\t\t\t\t\t<\/div>\n\t\t\t\t<\/div>\n\t\t<div class=\"elementor-element elementor-element-iwgs-zulfiqar-s8 e-flex e-con-boxed e-con e-parent\" data-id=\"iwgs-zulfiqar-s8\" data-element_type=\"container\" data-e-type=\"container\">\n\t\t\t\t\t<div class=\"e-con-inner\">\n\t\t\t\t<div class=\"elementor-element elementor-element-iwgs-zulfiqar-s8h elementor-widget elementor-widget-heading\" data-id=\"iwgs-zulfiqar-s8h\" data-element_type=\"widget\" data-e-type=\"widget\" data-widget_type=\"heading.default\">\n\t\t\t\t\t<h2 class=\"elementor-heading-title elementor-size-default\">Nykyaikainen vastaanotto<\/h2>\t\t\t\t<\/div>\n\t\t<div class=\"elementor-element elementor-element-iwgs-zulfiqar-s8box e-con-full e-flex e-con e-parent\" data-id=\"iwgs-zulfiqar-s8box\" data-element_type=\"container\" data-e-type=\"container\">\n\t\t\t\t<div class=\"elementor-element elementor-element-iwgs-zulfiqar-s8t elementor-widget elementor-widget-text-editor\" data-id=\"iwgs-zulfiqar-s8t\" data-element_type=\"widget\" data-e-type=\"widget\" data-widget_type=\"text-editor.default\">\n\t\t\t\t\t\t\t\t\t<p>Zulfiqar on islamilaisessa maailmassa, erityisesti \u0161iiavaltaisilla alueilla, edelleen ajankohtainen merkki. Se esiintyy lipuissa, kuvissa ja <span class=\"iwg-fachbegriff\" data-tooltip=\"Ihmisen eletty\u00e4 uskonnollista asennetta ja k\u00e4yt\u00e4nt\u00f6\u00e4.\" tabindex=\"0\">hartauden<\/span> esineiss\u00e4.<\/p><p>Riipuksena ja korurun\u00e4 Zulfiqaria k\u00e4ytt\u00e4v\u00e4t monet ihmiset. T\u00e4ss\u00e4 muodossa se on tunnustus Alin kunnioittamiseen ja merkki halutusta suojasta.<\/p><p>Zulfiqar on l\u00e4sn\u00e4 my\u00f6s taiteessa ja muotoilussa. Sen tunnistettava kaksijakoinen ter\u00e4 tekee siit\u00e4 helposti tunnistettavan <span class=\"iwg-fachbegriff\" data-tooltip=\"Toistuva sis\u00e4ll\u00f6llinen elementti taiteessa tai kerronnassa.\" tabindex=\"0\">aiheen<\/span>.<\/p><p>Islamin tutkimukselle Zulfiqar on valaiseva merkki. Se osoittaa, kuinka l\u00e4heisesti hahmon kunnioitus, yhteis\u00f6n identiteetti ja suojan kaipuu voivat liitty\u00e4 toisiinsa.<\/p><p>Zulfiqar pysyy n\u00e4in vaikuttavana esimerkkin\u00e4 merkist\u00e4, joka syntyi legendaarisesta esineest\u00e4. Kunnioitetun sankarin miekasta tuli merkki, joka ilmaisee samanaikaisesti kunnioitusta, kuulumista ja suojaa.<\/p><p>Siin\u00e4 yhdistyv\u00e4t muisto Alista, kaksijakoisen ter\u00e4n tunnistettava muoto ja toivo osallistua rohkeuteen ja apuun, joka liitet\u00e4\u00e4n Zulfiqar-miekkaan.<\/p>\t\t\t\t\t\t\t\t<\/div>\n\t\t\t\t<\/div>\n\t\t\t\t\t<\/div>\n\t\t\t\t<\/div>\n\t\t<div class=\"elementor-element elementor-element-iwgs-zulfiqar-lit e-flex e-con-boxed e-con e-parent\" data-id=\"iwgs-zulfiqar-lit\" data-element_type=\"container\" data-e-type=\"container\">\n\t\t\t\t\t<div class=\"e-con-inner\">\n\t\t\t\t<div class=\"elementor-element elementor-element-iwgs-zulfiqar-lith elementor-widget elementor-widget-heading\" data-id=\"iwgs-zulfiqar-lith\" data-element_type=\"widget\" data-e-type=\"widget\" data-widget_type=\"heading.default\">\n\t\t\t\t\t<h2 class=\"elementor-heading-title elementor-size-default\">Kirjallisuus (valikoima)<\/h2>\t\t\t\t<\/div>\n\t\t<div class=\"elementor-element elementor-element-iwgs-zulfiqar-litbox e-con-full e-flex e-con e-parent\" data-id=\"iwgs-zulfiqar-litbox\" data-element_type=\"container\" data-e-type=\"container\">\n\t\t\t\t<div class=\"elementor-element elementor-element-iwgs-zulfiqar-litt elementor-widget elementor-widget-html\" data-id=\"iwgs-zulfiqar-litt\" data-element_type=\"widget\" data-e-type=\"widget\" data-widget_type=\"html.default\">\n\t\t\t\t\t<footer data-nosnippet=\"true\"><ul><li>Annemarie Schimmel: <em>Die Religion des Islam. Eine Einf\u00fchrung<\/em> (1990)<\/li><li>Heinz Halm: <em>Die Schia<\/em> (1988)<\/li><li>Heinz Halm: <em>Der schiitische Islam<\/em> (1994)<\/li><li>Annemarie Schimmel: <em>Die Zeichen Gottes<\/em> (1995)<\/li><li>Maria Vittoria Fontana: Studien zur islamischen Ikonographie<\/li><\/ul><\/footer>\t\t\t\t<\/div>\n\t\t\t\t<\/div>\n\t\t\t\t\t<\/div>\n\t\t\t\t<\/div>\n\t\t<div class=\"elementor-element elementor-element-iwgs-zulfiqar-kwd e-flex e-con-boxed e-con e-parent\" data-id=\"iwgs-zulfiqar-kwd\" data-element_type=\"container\" data-e-type=\"container\">\n\t\t\t\t\t<div class=\"e-con-inner\">\n\t\t\t\t<div class=\"elementor-element elementor-element-iwgs-zulfiqar-kwdt elementor-widget elementor-widget-text-editor\" data-id=\"iwgs-zulfiqar-kwdt\" data-element_type=\"widget\" data-e-type=\"widget\" data-widget_type=\"text-editor.default\">\n\t\t\t\t\t\t\t\t\t<p><em>Aiheeseen liittyv\u00e4t avainsanat: Zulfiqar Ali miekka \u0161iiailainen islam kaksijakoinen ter\u00e4 kunnioitus identiteettimerkki.<\/em><\/p>\t\t\t\t\t\t\t\t<\/div>\n\t\t\t\t\t<\/div>\n\t\t\t\t<\/div>\n\t\t<div class=\"elementor-element elementor-element-iwgs-zulfiqar-cc e-flex e-con-boxed e-con e-parent\" data-id=\"iwgs-zulfiqar-cc\" data-element_type=\"container\" data-e-type=\"container\" id=\"iwg-cc-zulfiqar\">\n\t\t\t\t\t<div class=\"e-con-inner\">\n\t\t<div class=\"elementor-element elementor-element-iwgs-zulfiqar-ccinner e-flex e-con-boxed e-con e-parent\" data-id=\"iwgs-zulfiqar-ccinner\" data-element_type=\"container\" data-e-type=\"container\" data-settings=\"{&quot;background_background&quot;:&quot;classic&quot;}\">\n\t\t\t\t\t<div class=\"e-con-inner\">\n\t\t\t\t<div class=\"elementor-element elementor-element-iwgs-zulfiqar-cch elementor-widget elementor-widget-heading\" data-id=\"iwgs-zulfiqar-cch\" data-element_type=\"widget\" data-e-type=\"widget\" data-widget_type=\"heading.default\">\n\t\t\t\t\t<h2 class=\"elementor-heading-title elementor-size-default\">iWell Guard ja suojelutraditiot<\/h2>\t\t\t\t<\/div>\n\t\t\t\t<div class=\"elementor-element elementor-element-iwgs-zulfiqar-cct elementor-widget elementor-widget-text-editor\" data-id=\"iwgs-zulfiqar-cct\" data-element_type=\"widget\" data-e-type=\"widget\" data-widget_type=\"text-editor.default\">\n\t\t\t\t\t\t\t\t\t<p>iWell Guard sijoittuu kannettavien suojaesineiden kulttuurihistorialliseen jatkumoon, johon my\u00f6s Zulfiqar kuuluu. Nykyaikainen kumppani ihmisille, jotka el\u00e4v\u00e4t suojasymbolien kanssa: valmistettu Saksassa, 41 kerrosta oikeaa kultaa, platinaa ja hopeaa, sek\u00e4 30 p\u00e4iv\u00e4n palautusoikeus.<\/p>\t\t\t\t\t\t\t\t<\/div>\n\t\t\t\t<div class=\"elementor-element elementor-element-iwgs-zulfiqar-ccb iwg-cc-button iwg-cc-cta-2026-05-13 elementor-widget elementor-widget-jet-button\" data-id=\"iwgs-zulfiqar-ccb\" data-element_type=\"widget\" data-e-type=\"widget\" data-widget_type=\"jet-button.default\">\n\t\t\t\t<div class=\"elementor-widget-container\">\n\t\t\t\t\t<div class=\"elementor-jet-button jet-elements\"><div class=\"jet-button__container\"><a class=\"jet-button__instance jet-button__instance--icon-left hover-effect-1\" href=\"\/schutzanhaenger-iwell-guard-kaufen\/?utm_source=iwell-guard.com&amp;utm_medium=info-box&amp;utm_campaign=schutzsymbole\"><div class=\"jet-button__plane jet-button__plane-normal\"><\/div><div class=\"jet-button__plane jet-button__plane-hover\"><\/div><div class=\"jet-button__state jet-button__state-normal\"><span class=\"jet-button__label\">Lis\u00e4\u00e4 iWell Guardista<\/span><\/div><div class=\"jet-button__state jet-button__state-hover\"><span class=\"jet-button__label\">Lis\u00e4\u00e4 iWell Guardista<\/span><\/div><\/a><\/div><\/div><style>.elementor-element.elementor-element-iwgs-zulfiqar-ccb .jet-button__instance{width:320px;height:56px;}.elementor-element.elementor-element-iwgs-zulfiqar-ccb .jet-button__state-normal .jet-button__label{text-align:center;margin:0px 0px 0px 0px;color:#1a1b20;font-family:Montserrat,sans-serif;font-size:13px;font-weight:400;letter-spacing:4px;line-height:1.714em;text-transform:uppercase;}.elementor-element.elementor-element-iwgs-zulfiqar-ccb .jet-button__state-hover .jet-button__label{text-align:center;margin:0px 0px 0px 0px;color:#FECC76;font-family:Montserrat,sans-serif;font-size:13px;font-weight:400;letter-spacing:4px;line-height:1.714em;text-transform:uppercase;}.elementor-element.elementor-element-iwgs-zulfiqar-ccb .jet-button__plane-normal{background-color:#FECC76;border-style:solid;border-color:#C99540;border-width:2px 2px 2px 2px;}.elementor-element.elementor-element-iwgs-zulfiqar-ccb .jet-button__plane-hover{background-color:rgba(0,0,0,0.55);border-style:solid;border-color:#FECC76;border-width:2px 2px 2px 2px;}<\/style>\t\t\t\t<\/div>\n\t\t\t\t<\/div>\n\t\t\t\t<div class=\"elementor-element elementor-element-iwgs-zulfiqar-ccd elementor-widget elementor-widget-text-editor\" data-id=\"iwgs-zulfiqar-ccd\" data-element_type=\"widget\" data-e-type=\"widget\" data-widget_type=\"text-editor.default\">\n\t\t\t\t\t\t\t\t\t<p style=\"text-align:center;font-size:13px;opacity:0.7;margin-top:14px\" data-nosnippet=\"true\">Henkil\u00f6kohtaiset kokemukset voivat vaihdella. Ei l\u00e4\u00e4kinn\u00e4llinen laite. Ei paranemislupausta.<\/p>\t\t\t\t\t\t\t\t<\/div>\n\t\t\t\t\t<\/div>\n\t\t\t\t<\/div>\n\t\t\t\t\t<\/div>\n\t\t\t\t<\/div>\n\t\t<div class=\"elementor-element elementor-element-iwgs-zulfiqar-disc e-flex e-con-boxed e-con e-parent\" data-id=\"iwgs-zulfiqar-disc\" data-element_type=\"container\" data-e-type=\"container\">\n\t\t\t\t\t<div class=\"e-con-inner\">\n\t\t\t\t<div class=\"elementor-element elementor-element-iwgs-zulfiqar-discw elementor-widget elementor-widget-html\" data-id=\"iwgs-zulfiqar-discw\" data-element_type=\"widget\" data-e-type=\"widget\" data-widget_type=\"html.default\">\n\t\t\t\t\t<footer data-nosnippet=\"true\" class=\"iwg-disclaimer-block\"><p data-nosnippet=\"true\">iWell Guard <strong>ei ole l\u00e4\u00e4kinn\u00e4llinen laite<\/strong>, eik\u00e4 se korvaa l\u00e4\u00e4k\u00e4rin tai psykoterapeutin hoitoa. T\u00e4ss\u00e4 esitetyt sis\u00e4ll\u00f6t ovat uskontotieteellist\u00e4 ja kulttuurihistoriallista tarkastelua, eiv\u00e4t lupausta hengellisest\u00e4 vaikutuksesta.<\/p><\/footer>\t\t\t\t<\/div>\n\t\t\t\t\t<\/div>\n\t\t\t\t<\/div>\n\t\t\t\t<\/div>\n\t\t","protected":false},"excerpt":{"rendered":"","protected":false},"author":3,"featured_media":3517,"parent":0,"menu_order":0,"comment_status":"closed","ping_status":"closed","template":"elementor_header_footer","meta":{"_yoast_wpseo_focuskw":"Zulfiqar","_yoast_wpseo_title":"Zulfiqar \u2013 Alin miekka suojamerkkin\u00e4","_yoast_wpseo_metadesc":"Zulfiqar on Alin legendaarinen miekka ja merkitt\u00e4v\u00e4 tunnusmerkki, erityisesti \u0161iialaisessa islamissa. Alkuper\u00e4 ja merkitys selitettyn\u00e4.","_yoast_wpseo_meta-robots-noindex":"","_yoast_wpseo_canonical":"","_angie_page":false,"gefaehrdungsstufe":"","wesen_kultur":"","wesen_klasse":"","footnotes":""},"categories":[],"class_list":["post-144421","page","type-page","status-publish","has-post-thumbnail","hentry"],"yoast_head":"<!-- This site is optimized with the Yoast SEO Premium plugin v27.7 (Yoast SEO v28.3) - https:\/\/yoast.com\/product\/yoast-seo-premium-wordpress\/ -->\n<title>Zulfiqar \u2013 Alin miekka suojamerkkin\u00e4<\/title>\n<meta name=\"description\" content=\"Zulfiqar on Alin legendaarinen miekka ja merkitt\u00e4v\u00e4 tunnusmerkki, erityisesti \u0161iialaisessa islamissa. Alkuper\u00e4 ja merkitys selitettyn\u00e4.\" \/>\n<meta name=\"robots\" content=\"index, follow, max-snippet:-1, max-image-preview:large, max-video-preview:-1\" \/>\n<link rel=\"canonical\" href=\"https:\/\/iwell-guard.com\/fi\/zulfiqar-alin-miekka-suojamerkkina\/\" \/>\n<meta property=\"og:locale\" content=\"fi_FI\" \/>\n<meta property=\"og:type\" content=\"article\" \/>\n<meta property=\"og:title\" content=\"Zulfiqar \u2013 Alin miekka suojamerkkin\u00e4\" \/>\n<meta property=\"og:description\" content=\"Zulfiqar on Alin legendaarinen miekka ja merkitt\u00e4v\u00e4 tunnusmerkki, erityisesti \u0161iialaisessa islamissa. Alkuper\u00e4 ja merkitys selitettyn\u00e4.\" \/>\n<meta property=\"og:url\" content=\"https:\/\/iwell-guard.com\/fi\/zulfiqar-alin-miekka-suojamerkkina\/\" \/>\n<meta property=\"og:site_name\" content=\"iWell Guard\" \/>\n<meta property=\"article:modified_time\" content=\"2026-09-03T12:58:38+00:00\" \/>\n<meta property=\"og:image\" content=\"https:\/\/iwell-guard.com\/wp-content\/uploads\/2026\/05\/schutzsymbol_islam_zulfiqar.webp\" \/>\n\t<meta property=\"og:image:width\" content=\"1024\" \/>\n\t<meta property=\"og:image:height\" content=\"1536\" \/>\n\t<meta property=\"og:image:type\" content=\"image\/webp\" \/>\n<meta name=\"twitter:card\" content=\"summary_large_image\" \/>\n<script type=\"application\/ld+json\" class=\"yoast-schema-graph\">{\"@context\":\"https:\\\/\\\/schema.org\",\"@graph\":[{\"@type\":\"WebPage\",\"@id\":\"https:\\\/\\\/iwell-guard.com\\\/fi\\\/zulfiqar-alin-miekka-suojamerkkina\\\/\",\"url\":\"https:\\\/\\\/iwell-guard.com\\\/fi\\\/zulfiqar-alin-miekka-suojamerkkina\\\/\",\"name\":\"Zulfiqar \u2013 Alin miekka suojamerkkin\u00e4\",\"isPartOf\":{\"@id\":\"https:\\\/\\\/iwell-guard.com\\\/fi\\\/#website\"},\"primaryImageOfPage\":{\"@id\":\"https:\\\/\\\/iwell-guard.com\\\/fi\\\/zulfiqar-alin-miekka-suojamerkkina\\\/#primaryimage\"},\"image\":{\"@id\":\"https:\\\/\\\/iwell-guard.com\\\/fi\\\/zulfiqar-alin-miekka-suojamerkkina\\\/#primaryimage\"},\"thumbnailUrl\":\"https:\\\/\\\/iwell-guard.com\\\/wp-content\\\/uploads\\\/2026\\\/05\\\/schutzsymbol_islam_zulfiqar.webp\",\"datePublished\":\"2026-09-03T12:35:19+00:00\",\"dateModified\":\"2026-09-03T12:58:38+00:00\",\"description\":\"Zulfiqar on Alin legendaarinen miekka ja merkitt\u00e4v\u00e4 tunnusmerkki, erityisesti \u0161iialaisessa islamissa. Alkuper\u00e4 ja merkitys selitettyn\u00e4.\",\"breadcrumb\":{\"@id\":\"https:\\\/\\\/iwell-guard.com\\\/fi\\\/zulfiqar-alin-miekka-suojamerkkina\\\/#breadcrumb\"},\"inLanguage\":\"fi\",\"potentialAction\":[{\"@type\":\"ReadAction\",\"target\":[\"https:\\\/\\\/iwell-guard.com\\\/fi\\\/zulfiqar-alin-miekka-suojamerkkina\\\/\"]}]},{\"@type\":\"ImageObject\",\"inLanguage\":\"fi\",\"@id\":\"https:\\\/\\\/iwell-guard.com\\\/fi\\\/zulfiqar-alin-miekka-suojamerkkina\\\/#primaryimage\",\"url\":\"https:\\\/\\\/iwell-guard.com\\\/wp-content\\\/uploads\\\/2026\\\/05\\\/schutzsymbol_islam_zulfiqar.webp\",\"contentUrl\":\"https:\\\/\\\/iwell-guard.com\\\/wp-content\\\/uploads\\\/2026\\\/05\\\/schutzsymbol_islam_zulfiqar.webp\",\"width\":1024,\"height\":1536,\"caption\":\"Suojasymboli. Museaalinen asetelmakuvitus.\"},{\"@type\":\"BreadcrumbList\",\"@id\":\"https:\\\/\\\/iwell-guard.com\\\/fi\\\/zulfiqar-alin-miekka-suojamerkkina\\\/#breadcrumb\",\"itemListElement\":[{\"@type\":\"ListItem\",\"position\":1,\"name\":\"Start\",\"item\":\"https:\\\/\\\/iwell-guard.com\\\/fi\\\/?page_id=143815\"},{\"@type\":\"ListItem\",\"position\":2,\"name\":\"Zulfiqar \u2013 Alin miekka suojamerkkin\u00e4\"}]},{\"@type\":\"WebSite\",\"@id\":\"https:\\\/\\\/iwell-guard.com\\\/fi\\\/#website\",\"url\":\"https:\\\/\\\/iwell-guard.com\\\/fi\\\/\",\"name\":\"iWell Guard\",\"description\":\"Schutz vor dunklen Einfl\u00fcssen\",\"publisher\":{\"@id\":\"https:\\\/\\\/iwell-guard.com\\\/fi\\\/#organization\"},\"potentialAction\":[{\"@type\":\"SearchAction\",\"target\":{\"@type\":\"EntryPoint\",\"urlTemplate\":\"https:\\\/\\\/iwell-guard.com\\\/fi\\\/?s={search_term_string}\"},\"query-input\":{\"@type\":\"PropertyValueSpecification\",\"valueRequired\":true,\"valueName\":\"search_term_string\"}}],\"inLanguage\":\"fi\"},{\"@type\":\"Organization\",\"@id\":\"https:\\\/\\\/iwell-guard.com\\\/fi\\\/#organization\",\"name\":\"Ittermann electronic GmbH\",\"url\":\"https:\\\/\\\/iwell-guard.com\\\/fi\\\/\",\"logo\":{\"@type\":\"ImageObject\",\"inLanguage\":\"fi\",\"@id\":\"https:\\\/\\\/iwell-guard.com\\\/fi\\\/#\\\/schema\\\/logo\\\/image\\\/\",\"url\":\"https:\\\/\\\/iwell-guard.com\\\/wp-content\\\/uploads\\\/2026\\\/05\\\/Ittermann-Logo-1182x237-1.png\",\"contentUrl\":\"https:\\\/\\\/iwell-guard.com\\\/wp-content\\\/uploads\\\/2026\\\/05\\\/Ittermann-Logo-1182x237-1.png\",\"width\":1182,\"height\":237,\"caption\":\"Ittermann electronic GmbH\"},\"image\":{\"@id\":\"https:\\\/\\\/iwell-guard.com\\\/fi\\\/#\\\/schema\\\/logo\\\/image\\\/\"},\"sameAs\":[\"https:\\\/\\\/pantip.com\\\/profile\\\/9367242\",\"https:\\\/\\\/micro.blog\\\/iwellguard\",\"https:\\\/\\\/www.diggerslist.com\\\/iwellguard\\\/about\",\"https:\\\/\\\/skitterphoto.com\\\/photographers\\\/2870314\\\/iwell-guard\",\"https:\\\/\\\/iwellguard.wordpress.com\\\/2026\\\/06\\\/06\\\/iwell-guard\\\/\",\"https:\\\/\\\/hub.docker.com\\\/u\\\/iwellguard\",\"https:\\\/\\\/www.pinterest.com\\\/iwellguard\\\/\",\"https:\\\/\\\/bit.ly\\\/m\\\/iwellguard\",\"https:\\\/\\\/entre-vos-mains.alsace.eu\\\/profiles\\\/iwellguard\\\/activity\",\"https:\\\/\\\/gravatar.com\\\/reallybeded8fd34\",\"https:\\\/\\\/naijamatta.com\\\/iwellguard\",\"https:\\\/\\\/www.goodreads.com\\\/iwellguard\",\"https:\\\/\\\/profile.hatena.ne.jp\\\/iwellguard\\\/\",\"https:\\\/\\\/experiment.com\\\/users\\\/iwellguard\",\"https:\\\/\\\/wakelet.com\\\/@iWellGuard82270\",\"https:\\\/\\\/www.chordie.com\\\/forum\\\/profile.php?id=2555664\",\"https:\\\/\\\/www.instapaper.com\\\/p\\\/17757966\",\"https:\\\/\\\/www.mapleprimes.com\\\/users\\\/iwellguard\",\"https:\\\/\\\/businesslistingplus.com\\\/profile\\\/iwell-guard\\\/\",\"https:\\\/\\\/telegra.ph\\\/iWell-Guard-06-06\",\"https:\\\/\\\/pbase.com\\\/iwellguard\\\/iwellguard\",\"https:\\\/\\\/b.hatena.ne.jp\\\/iwellguard\\\/20260607#bookmark-4788405196491818882\",\"https:\\\/\\\/fliphtml5.com\\\/home\\\/iwellguard\",\"https:\\\/\\\/anyflip.com\\\/homepage\\\/cmiwl#About\",\"https:\\\/\\\/transfur.com\\\/Users\\\/iwellguard\",\"http:\\\/\\\/delphi.larsbo.org\\\/user\\\/iwellguard\",\"https:\\\/\\\/jobs.lajobsportal.org\\\/profiles\\\/8380803-iwell-guard\",\"https:\\\/\\\/md.chaosdorf.de\\\/s\\\/jfbe5SBdJD\",\"https:\\\/\\\/www.lingvolive.com\\\/en-us\\\/profile\\\/9ecaeaca-ce11-4e51-9e71-01d55e2bff36\\\/translations\",\"https:\\\/\\\/www.fitday.com\\\/fitness\\\/forums\\\/members\\\/iwellguard.html\",\"https:\\\/\\\/www.mymeetbook.com\\\/iwellguard\",\"https:\\\/\\\/pxhere.com\\\/en\\\/photographer-me\\\/5040798\",\"https:\\\/\\\/disqus.com\\\/by\\\/iwellguard\\\/about\\\/\",\"https:\\\/\\\/pastelink.net\\\/hjwciqwq\",\"https:\\\/\\\/pubhtml5.com\\\/homepage\\\/scjhn\\\/\",\"https:\\\/\\\/www.bitchute.com\\\/channel\\\/2O2eOKzNqujT\",\"https:\\\/\\\/audiomack.com\\\/iwellguard\"]}]}<\/script>\n<!-- \/ Yoast SEO Premium plugin. -->","yoast_head_json":{"title":"Zulfiqar \u2013 Alin miekka suojamerkkin\u00e4","description":"Zulfiqar on Alin legendaarinen miekka ja merkitt\u00e4v\u00e4 tunnusmerkki, erityisesti \u0161iialaisessa islamissa. Alkuper\u00e4 ja merkitys selitettyn\u00e4.","robots":{"index":"index","follow":"follow","max-snippet":"max-snippet:-1","max-image-preview":"max-image-preview:large","max-video-preview":"max-video-preview:-1"},"canonical":"https:\/\/iwell-guard.com\/fi\/zulfiqar-alin-miekka-suojamerkkina\/","og_locale":"fi_FI","og_type":"article","og_title":"Zulfiqar \u2013 Alin miekka suojamerkkin\u00e4","og_description":"Zulfiqar on Alin legendaarinen miekka ja merkitt\u00e4v\u00e4 tunnusmerkki, erityisesti \u0161iialaisessa islamissa. Alkuper\u00e4 ja merkitys selitettyn\u00e4.","og_url":"https:\/\/iwell-guard.com\/fi\/zulfiqar-alin-miekka-suojamerkkina\/","og_site_name":"iWell Guard","article_modified_time":"2026-09-03T12:58:38+00:00","og_image":[{"width":1024,"height":1536,"url":"https:\/\/iwell-guard.com\/wp-content\/uploads\/2026\/05\/schutzsymbol_islam_zulfiqar.webp","type":"image\/webp"}],"twitter_card":"summary_large_image","schema":{"@context":"https:\/\/schema.org","@graph":[{"@type":"WebPage","@id":"https:\/\/iwell-guard.com\/fi\/zulfiqar-alin-miekka-suojamerkkina\/","url":"https:\/\/iwell-guard.com\/fi\/zulfiqar-alin-miekka-suojamerkkina\/","name":"Zulfiqar \u2013 Alin miekka suojamerkkin\u00e4","isPartOf":{"@id":"https:\/\/iwell-guard.com\/fi\/#website"},"primaryImageOfPage":{"@id":"https:\/\/iwell-guard.com\/fi\/zulfiqar-alin-miekka-suojamerkkina\/#primaryimage"},"image":{"@id":"https:\/\/iwell-guard.com\/fi\/zulfiqar-alin-miekka-suojamerkkina\/#primaryimage"},"thumbnailUrl":"https:\/\/iwell-guard.com\/wp-content\/uploads\/2026\/05\/schutzsymbol_islam_zulfiqar.webp","datePublished":"2026-09-03T12:35:19+00:00","dateModified":"2026-09-03T12:58:38+00:00","description":"Zulfiqar on Alin legendaarinen miekka ja merkitt\u00e4v\u00e4 tunnusmerkki, erityisesti \u0161iialaisessa islamissa. Alkuper\u00e4 ja merkitys selitettyn\u00e4.","breadcrumb":{"@id":"https:\/\/iwell-guard.com\/fi\/zulfiqar-alin-miekka-suojamerkkina\/#breadcrumb"},"inLanguage":"fi","potentialAction":[{"@type":"ReadAction","target":["https:\/\/iwell-guard.com\/fi\/zulfiqar-alin-miekka-suojamerkkina\/"]}]},{"@type":"ImageObject","inLanguage":"fi","@id":"https:\/\/iwell-guard.com\/fi\/zulfiqar-alin-miekka-suojamerkkina\/#primaryimage","url":"https:\/\/iwell-guard.com\/wp-content\/uploads\/2026\/05\/schutzsymbol_islam_zulfiqar.webp","contentUrl":"https:\/\/iwell-guard.com\/wp-content\/uploads\/2026\/05\/schutzsymbol_islam_zulfiqar.webp","width":1024,"height":1536,"caption":"Suojasymboli. Museaalinen asetelmakuvitus."},{"@type":"BreadcrumbList","@id":"https:\/\/iwell-guard.com\/fi\/zulfiqar-alin-miekka-suojamerkkina\/#breadcrumb","itemListElement":[{"@type":"ListItem","position":1,"name":"Start","item":"https:\/\/iwell-guard.com\/fi\/?page_id=143815"},{"@type":"ListItem","position":2,"name":"Zulfiqar \u2013 Alin miekka suojamerkkin\u00e4"}]},{"@type":"WebSite","@id":"https:\/\/iwell-guard.com\/fi\/#website","url":"https:\/\/iwell-guard.com\/fi\/","name":"iWell Guard","description":"Schutz vor dunklen Einfl\u00fcssen","publisher":{"@id":"https:\/\/iwell-guard.com\/fi\/#organization"},"potentialAction":[{"@type":"SearchAction","target":{"@type":"EntryPoint","urlTemplate":"https:\/\/iwell-guard.com\/fi\/?s={search_term_string}"},"query-input":{"@type":"PropertyValueSpecification","valueRequired":true,"valueName":"search_term_string"}}],"inLanguage":"fi"},{"@type":"Organization","@id":"https:\/\/iwell-guard.com\/fi\/#organization","name":"Ittermann electronic GmbH","url":"https:\/\/iwell-guard.com\/fi\/","logo":{"@type":"ImageObject","inLanguage":"fi","@id":"https:\/\/iwell-guard.com\/fi\/#\/schema\/logo\/image\/","url":"https:\/\/iwell-guard.com\/wp-content\/uploads\/2026\/05\/Ittermann-Logo-1182x237-1.png","contentUrl":"https:\/\/iwell-guard.com\/wp-content\/uploads\/2026\/05\/Ittermann-Logo-1182x237-1.png","width":1182,"height":237,"caption":"Ittermann electronic GmbH"},"image":{"@id":"https:\/\/iwell-guard.com\/fi\/#\/schema\/logo\/image\/"},"sameAs":["https:\/\/pantip.com\/profile\/9367242","https:\/\/micro.blog\/iwellguard","https:\/\/www.diggerslist.com\/iwellguard\/about","https:\/\/skitterphoto.com\/photographers\/2870314\/iwell-guard","https:\/\/iwellguard.wordpress.com\/2026\/06\/06\/iwell-guard\/","https:\/\/hub.docker.com\/u\/iwellguard","https:\/\/www.pinterest.com\/iwellguard\/","https:\/\/bit.ly\/m\/iwellguard","https:\/\/entre-vos-mains.alsace.eu\/profiles\/iwellguard\/activity","https:\/\/gravatar.com\/reallybeded8fd34","https:\/\/naijamatta.com\/iwellguard","https:\/\/www.goodreads.com\/iwellguard","https:\/\/profile.hatena.ne.jp\/iwellguard\/","https:\/\/experiment.com\/users\/iwellguard","https:\/\/wakelet.com\/@iWellGuard82270","https:\/\/www.chordie.com\/forum\/profile.php?id=2555664","https:\/\/www.instapaper.com\/p\/17757966","https:\/\/www.mapleprimes.com\/users\/iwellguard","https:\/\/businesslistingplus.com\/profile\/iwell-guard\/","https:\/\/telegra.ph\/iWell-Guard-06-06","https:\/\/pbase.com\/iwellguard\/iwellguard","https:\/\/b.hatena.ne.jp\/iwellguard\/20260607#bookmark-4788405196491818882","https:\/\/fliphtml5.com\/home\/iwellguard","https:\/\/anyflip.com\/homepage\/cmiwl#About","https:\/\/transfur.com\/Users\/iwellguard","http:\/\/delphi.larsbo.org\/user\/iwellguard","https:\/\/jobs.lajobsportal.org\/profiles\/8380803-iwell-guard","https:\/\/md.chaosdorf.de\/s\/jfbe5SBdJD","https:\/\/www.lingvolive.com\/en-us\/profile\/9ecaeaca-ce11-4e51-9e71-01d55e2bff36\/translations","https:\/\/www.fitday.com\/fitness\/forums\/members\/iwellguard.html","https:\/\/www.mymeetbook.com\/iwellguard","https:\/\/pxhere.com\/en\/photographer-me\/5040798","https:\/\/disqus.com\/by\/iwellguard\/about\/","https:\/\/pastelink.net\/hjwciqwq","https:\/\/pubhtml5.com\/homepage\/scjhn\/","https:\/\/www.bitchute.com\/channel\/2O2eOKzNqujT","https:\/\/audiomack.com\/iwellguard"]}]}},"_links":{"self":[{"href":"https:\/\/iwell-guard.com\/fi\/wp-json\/wp\/v2\/pages\/144421","targetHints":{"allow":["GET"]}}],"collection":[{"href":"https:\/\/iwell-guard.com\/fi\/wp-json\/wp\/v2\/pages"}],"about":[{"href":"https:\/\/iwell-guard.com\/fi\/wp-json\/wp\/v2\/types\/page"}],"author":[{"embeddable":true,"href":"https:\/\/iwell-guard.com\/fi\/wp-json\/wp\/v2\/users\/3"}],"replies":[{"embeddable":true,"href":"https:\/\/iwell-guard.com\/fi\/wp-json\/wp\/v2\/comments?post=144421"}],"version-history":[{"count":0,"href":"https:\/\/iwell-guard.com\/fi\/wp-json\/wp\/v2\/pages\/144421\/revisions"}],"wp:featuredmedia":[{"embeddable":true,"href":"https:\/\/iwell-guard.com\/fi\/wp-json\/wp\/v2\/media\/3517"}],"wp:attachment":[{"href":"https:\/\/iwell-guard.com\/fi\/wp-json\/wp\/v2\/media?parent=144421"}],"wp:term":[{"taxonomy":"category","embeddable":true,"href":"https:\/\/iwell-guard.com\/fi\/wp-json\/wp\/v2\/categories?post=144421"}],"curies":[{"name":"wp","href":"https:\/\/api.w.org\/{rel}","templated":true}]}}