{"id":144395,"date":"2026-09-03T12:35:01","date_gmt":"2026-09-03T12:35:01","guid":{"rendered":"https:\/\/iwell-guard.com\/?page_id=144395"},"modified":"2026-09-03T12:58:09","modified_gmt":"2026-09-03T12:58:09","slug":"chakana-andien-risti","status":"publish","type":"page","link":"https:\/\/iwell-guard.com\/fi\/chakana-andien-risti\/","title":{"rendered":"Chakana \u2013 Andien risti"},"content":{"rendered":"\t\t<div data-elementor-type=\"wp-page\" data-elementor-id=\"144395\" class=\"elementor elementor-144395 elementor-3650 elementor-bc-flex-widget\" data-elementor-post-type=\"page\">\n\t\t\t\t<div class=\"elementor-element elementor-element-iwgs-chakana-hero e-flex e-con-boxed e-con e-parent\" data-id=\"iwgs-chakana-hero\" data-element_type=\"container\" data-e-type=\"container\">\n\t\t\t\t\t<div class=\"e-con-inner\">\n\t\t<div class=\"elementor-element elementor-element-iwgs-chakana-hl e-flex e-con-boxed e-con e-parent\" data-id=\"iwgs-chakana-hl\" data-element_type=\"container\" data-e-type=\"container\">\n\t\t\t\t\t<div class=\"e-con-inner\">\n\t\t<div class=\"elementor-element elementor-element-iwgs-chakana-hlbox e-con-full e-flex e-con e-parent\" data-id=\"iwgs-chakana-hlbox\" data-element_type=\"container\" data-e-type=\"container\">\n\t\t\t\t<div class=\"elementor-element elementor-element-iwgs-chakana-h1 elementor-widget elementor-widget-heading\" data-id=\"iwgs-chakana-h1\" data-element_type=\"widget\" data-e-type=\"widget\" data-widget_type=\"heading.default\">\n\t\t\t\t\t<h1 class=\"elementor-heading-title elementor-size-default\">Chakana \u2013 portainen risti<\/h1>\t\t\t\t<\/div>\n\t\t\t\t<div class=\"elementor-element elementor-element-iwgs-chakana-lead elementor-widget elementor-widget-text-editor\" data-id=\"iwgs-chakana-lead\" data-element_type=\"widget\" data-e-type=\"widget\" data-widget_type=\"text-editor.default\">\n\t\t\t\t\t\t\t\t\t<p>Chakana on portainen risti, merkki Andien kulttuurialueelta. Porrasristill\u00e4 on vanhat juuret Andien taiteessa, mutta sen nykyinen, laajennettu tulkinta on suurelta osin nuorempaa perua.<\/p>\t\t\t\t\t\t\t\t<\/div>\n\t\t\t\t<\/div>\n\t\t\t\t<div class=\"elementor-element elementor-element-iwgs-chakana-pills elementor-widget elementor-widget-html\" data-id=\"iwgs-chakana-pills\" data-element_type=\"widget\" data-e-type=\"widget\" data-widget_type=\"html.default\">\n\t\t\t\t\t<div class=\"iwg-pill-row\"><span class=\"iwg-klasse-badge\" tabindex=\"0\" data-tooltip=\"Suojasymboli, amuletti tai apotropainen esine.\">Suojasymboli<\/span><a href=\"https:\/\/iwell-guard.com\/fi\/andien-kulttuurit-ja-inkat\/\" class=\"iwg-kultur-badge\" tabindex=\"0\" data-tooltip=\"Suojaperinne: Andit\">Andit<\/a><span class=\"iwg-tradition-badge\" tabindex=\"0\" data-tooltip=\"Risti, jonka jalka lep\u00e4\u00e4 portaittain kohoavalla jalustalla.\">Porrasristi<\/span><\/div>\t\t\t\t<\/div>\n\t\t\t\t\t<\/div>\n\t\t\t\t<\/div>\n\t\t<div class=\"elementor-element elementor-element-iwgs-chakana-hr e-con-full e-flex e-con e-parent\" data-id=\"iwgs-chakana-hr\" data-element_type=\"container\" data-e-type=\"container\">\n\t\t\t\t<div class=\"elementor-element elementor-element-iwgs-chakana-himg iwg-hero-image elementor-widget elementor-widget-image\" data-id=\"iwgs-chakana-himg\" data-element_type=\"widget\" data-e-type=\"widget\" data-widget_type=\"image.default\">\n\t\t\t\t\t\t\t\t\t\t\t\t\t\t\t<img fetchpriority=\"high\" decoding=\"async\" width=\"683\" height=\"1024\" src=\"https:\/\/iwell-guard.com\/wp-content\/uploads\/2026\/05\/schutzsymbol_anden_chakana-683x1024.webp\" class=\"attachment-large size-large wp-image-148480\" alt=\"Chakana - suojasymboli, museaalinen kuvitus\" srcset=\"https:\/\/iwell-guard.com\/wp-content\/uploads\/2026\/05\/schutzsymbol_anden_chakana-683x1024.webp 683w, https:\/\/iwell-guard.com\/wp-content\/uploads\/2026\/05\/schutzsymbol_anden_chakana-200x300.webp 200w, https:\/\/iwell-guard.com\/wp-content\/uploads\/2026\/05\/schutzsymbol_anden_chakana-768x1152.webp 768w, https:\/\/iwell-guard.com\/wp-content\/uploads\/2026\/05\/schutzsymbol_anden_chakana.webp 1024w\" sizes=\"(max-width: 683px) 100vw, 683px\" \/>\t\t\t\t\t\t\t\t\t\t\t\t\t\t\t<\/div>\n\t\t\t\t<\/div>\n\t\t\t\t\t<\/div>\n\t\t\t\t<\/div>\n\t\t<div class=\"elementor-element elementor-element-iwgs-chakana-s0 e-flex e-con-boxed e-con e-parent\" data-id=\"iwgs-chakana-s0\" data-element_type=\"container\" data-e-type=\"container\">\n\t\t\t\t\t<div class=\"e-con-inner\">\n\t\t\t\t<div class=\"elementor-element elementor-element-iwgs-chakana-s0h elementor-widget elementor-widget-heading\" data-id=\"iwgs-chakana-s0h\" data-element_type=\"widget\" data-e-type=\"widget\" data-widget_type=\"heading.default\">\n\t\t\t\t\t<h2 class=\"elementor-heading-title elementor-size-default\">Yleiskatsaus<\/h2>\t\t\t\t<\/div>\n\t\t<div class=\"elementor-element elementor-element-iwgs-chakana-s0box e-con-full e-flex e-con e-parent\" data-id=\"iwgs-chakana-s0box\" data-element_type=\"container\" data-e-type=\"container\">\n\t\t\t\t<div class=\"elementor-element elementor-element-iwgs-chakana-s0t elementor-widget elementor-widget-text-editor\" data-id=\"iwgs-chakana-s0t\" data-element_type=\"widget\" data-e-type=\"widget\" data-widget_type=\"text-editor.default\">\n\t\t\t\t\t\t\t\t\t<p>Chakana on merkki <a href=\"https:\/\/iwell-guard.com\/fi\/andien-kulttuurit-ja-inkat\/\">Andien<\/a> kulttuurialueelta. Sit\u00e4 kutsutaan usein Andien ristiksi tai inkaristiksi. Sen muoto on portainen, monikulmainen risti.<\/p><p>Porrasristi on vanha <span class=\"iwg-fachbegriff\" data-tooltip=\"Taiteessa tai kerronnassa toistuva sis\u00e4ll\u00f6llinen elementti.\" tabindex=\"0\">motiivi<\/span> Andien taiteessa. Se esiintyy Andien kulttuurien arkkitehtuurissa, kudonnaisissa ja keramiikassa pitk\u00e4n ajanjakson kuluessa. T\u00e4ss\u00e4 mieless\u00e4 chakanalla on aidot, vanhat juuret.<\/p><p>Samalla nykyiseen chakanaan liittyy laaja, monikerroksinen tulkinta. T\u00e4m\u00e4 tulkinta yhdist\u00e4\u00e4 merkin Andien maailmankuvaan, kolmeen maailmaan ja nelj\u00e4\u00e4n suuntaan.<\/p><p>Tutkimuksessa chakana on tapaus, joka vaatii tarkkaa erottelua. Portainen risti kuvamotiivina on vanha. Sen sijaan systemaattinen tulkinta, joka nyky\u00e4\u00e4n yhdistet\u00e4\u00e4n nimeen chakana, on suurelta osin moderni laajennus.<\/p><p>Rehellinen esitys pit\u00e4\u00e4 n\u00e4m\u00e4 kaksi puolta erill\u00e4\u00e4n. Se antaa arvon Andien taiteen vanhalle porrasristille ja mainitsee samalla, ett\u00e4 laajennettu chakana-tulkinta on olennaisesti 1900-luvun tuotosta.<\/p><p>N\u00e4in chakana on opettavainen esimerkki. Se osoittaa, miten vanhaan kuvamotiiviin voidaan nykyaikana liitt\u00e4\u00e4 rikas merkitys, ja kuinka t\u00e4rke\u00e4\u00e4 on erottaa vanha <span class=\"iwg-fachbegriff\" data-tooltip=\"Taiteessa tai kerronnassa toistuva sis\u00e4ll\u00f6llinen elementti.\" tabindex=\"0\">motiivi<\/span> uudesta tulkinnasta.<\/p>\t\t\t\t\t\t\t\t<\/div>\n\t\t\t\t<\/div>\n\t\t\t\t\t<\/div>\n\t\t\t\t<\/div>\n\t\t<div class=\"elementor-element elementor-element-iwgs-chakana-s1 e-flex e-con-boxed e-con e-parent\" data-id=\"iwgs-chakana-s1\" data-element_type=\"container\" data-e-type=\"container\">\n\t\t\t\t\t<div class=\"e-con-inner\">\n\t\t\t\t<div class=\"elementor-element elementor-element-iwgs-chakana-s1h elementor-widget elementor-widget-heading\" data-id=\"iwgs-chakana-s1h\" data-element_type=\"widget\" data-e-type=\"widget\" data-widget_type=\"heading.default\">\n\t\t\t\t\t<h2 class=\"elementor-heading-title elementor-size-default\">Portainen ristimuoto<\/h2>\t\t\t\t<\/div>\n\t\t<div class=\"elementor-element elementor-element-iwgs-chakana-s1box e-con-full e-flex e-con e-parent\" data-id=\"iwgs-chakana-s1box\" data-element_type=\"container\" data-e-type=\"container\">\n\t\t\t\t<div class=\"elementor-element elementor-element-iwgs-chakana-s1t elementor-widget elementor-widget-text-editor\" data-id=\"iwgs-chakana-s1t\" data-element_type=\"widget\" data-e-type=\"widget\" data-widget_type=\"text-editor.default\">\n\t\t\t\t\t\t\t\t\t<p>Chakanalla on tunnistettava muoto. Se on risti, jonka varret eiv\u00e4t p\u00e4\u00e4ty suoraan, vaan j\u00e4sentyv\u00e4t portaittain. Jokainen varsi p\u00e4\u00e4ttyy portaittaiseen asteikkoon.<\/p><p>Kaiken kaikkiaan t\u00e4st\u00e4 syntyy monikulmainen, geometrisesti tarkka hahmo. Chakana on rakenteeltaan symmetrinen, sill\u00e4 kaikki nelj\u00e4 vartta on muodostettu samalla tavalla. Merkin keskell\u00e4 on usein aukko tai ympyr\u00e4.<\/p><p>Portaikkomotiivi on chakanan varsinainen tunnusmerkki. Se on muoto, joka oli laajalti levinnyt Andien taiteessa. Porras on andilaisen muotokielen perusmotiivi.<\/p><p>Chakanan tarkka, selke\u00e4 geometria tekee siit\u00e4 helposti tunnistettavan. Se soveltuu hyvin kiveen, kudontaan ja metalliin. T\u00e4m\u00e4 muodollinen selkeys on vaikuttanut sen nykyiseen suosioon.<\/p><p>Portainen muoto kutsuu tulkintoihin. Portaat voidaan ymm\u00e4rt\u00e4\u00e4 nousuna ja laskuna, eri tasojen yhdist\u00e4j\u00e4n\u00e4. T\u00e4llaisiin ajatuksiin nykyinen chakanan tulkinta perustuu.<\/p><p>Muodon selkeydest\u00e4 huolimatta on syyt\u00e4 muistaa, ett\u00e4 muoto itsess\u00e4\u00e4n ei viel\u00e4 m\u00e4\u00e4rittele mit\u00e4\u00e4n tietty\u00e4 merkityst\u00e4. Sit\u00e4, mit\u00e4 porrasristi vanhassa Andien taiteessa merkitsi, ei voida p\u00e4\u00e4tell\u00e4 yksin sen muodosta.<\/p>\t\t\t\t\t\t\t\t<\/div>\n\t\t\t\t<\/div>\n\t\t\t\t\t<\/div>\n\t\t\t\t<\/div>\n\t\t<div class=\"elementor-element elementor-element-iwgs-chakana-s2 e-flex e-con-boxed e-con e-parent\" data-id=\"iwgs-chakana-s2\" data-element_type=\"container\" data-e-type=\"container\">\n\t\t\t\t\t<div class=\"e-con-inner\">\n\t\t\t\t<div class=\"elementor-element elementor-element-iwgs-chakana-s2h elementor-widget elementor-widget-heading\" data-id=\"iwgs-chakana-s2h\" data-element_type=\"widget\" data-e-type=\"widget\" data-widget_type=\"heading.default\">\n\t\t\t\t\t<h2 class=\"elementor-heading-title elementor-size-default\">Porrasristi vanhassa Andien taiteessa<\/h2>\t\t\t\t<\/div>\n\t\t<div class=\"elementor-element elementor-element-iwgs-chakana-s2box e-con-full e-flex e-con e-parent\" data-id=\"iwgs-chakana-s2box\" data-element_type=\"container\" data-e-type=\"container\">\n\t\t\t\t<div class=\"elementor-element elementor-element-iwgs-chakana-s2t elementor-widget elementor-widget-text-editor\" data-id=\"iwgs-chakana-s2t\" data-element_type=\"widget\" data-e-type=\"widget\" data-widget_type=\"text-editor.default\">\n\t\t\t\t\t\t\t\t\t<p>Portaisella <span class=\"iwg-fachbegriff\" data-tooltip=\"Taiteessa tai kerronnassa toistuva sis\u00e4ll\u00f6llinen elementti.\" tabindex=\"0\">motiivilla<\/span> on Andien taiteessa pitk\u00e4 historia. Se on todennettavissa monien vuosisatojen ja eri Andien alueen kulttuurien ajalta.<\/p><p>Erityisen tunnettu portaikkomotiivi on Tiwanakun kulttuurista, merkitt\u00e4v\u00e4st\u00e4 keskuksesta Titicaca-j\u00e4rven yl\u00e4ng\u00f6ll\u00e4. Tiwanakun kivitaiteessa portainen <span class=\"iwg-fachbegriff\" data-tooltip=\"Taiteessa tai kerronnassa toistuva sis\u00e4ll\u00f6llinen elementti.\" tabindex=\"0\">motiivi<\/span> esiintyy usein.<\/p><p>Porras esiintyy my\u00f6s inkojen rakennustaidossa. Inkojen kuuluisat kivimuurit ja terassoidut rakenteet osoittavat portaikkomotiivin. Se kuuluu andilaisen muotokielen perusvarantoon.<\/p><p>Andien kulttuurien kudonnaisissa, jotka ovat maailman taidokkaimpia, portainen <span class=\"iwg-fachbegriff\" data-tooltip=\"Taiteessa tai kerronnassa toistuva sis\u00e4ll\u00f6llinen elementti.\" tabindex=\"0\">motiivi<\/span> on samoin yleinen. Andien alueen kutojat k\u00e4yttiv\u00e4t geometrisia kuvioita, joiden joukossa oli portaikkomotiivi.<\/p><p>Porrasristi on siten kuvamotiivina hyvin todistettu vanhassa Andien taiteessa. Se ei ole moderni keksint\u00f6, vaan aito osa andilaista muotoperint\u00f6\u00e4.<\/p><p>Se, mit\u00e4 n\u00e4m\u00e4 vanhat porrasristit merkitsiv\u00e4t sen ajan ihmisille, ei ole yht\u00e4 varmasti tiedossa. Andien kulttuureilla ei ollut kirjoitusta tavanomaisessa merkityksess\u00e4, ja siksi puuttuvat tekstit, jotka selitt\u00e4isiv\u00e4t <span class=\"iwg-fachbegriff\" data-tooltip=\"Taiteessa tai kerronnassa toistuva sis\u00e4ll\u00f6llinen elementti.\" tabindex=\"0\">motiivin<\/span>.<\/p>\t\t\t\t\t\t\t\t<\/div>\n\t\t\t\t<\/div>\n\t\t\t\t\t<\/div>\n\t\t\t\t<\/div>\n\t\t<div class=\"elementor-element elementor-element-iwgs-chakana-s3 e-flex e-con-boxed e-con e-parent\" data-id=\"iwgs-chakana-s3\" data-element_type=\"container\" data-e-type=\"container\">\n\t\t\t\t\t<div class=\"e-con-inner\">\n\t\t\t\t<div class=\"elementor-element elementor-element-iwgs-chakana-s3h elementor-widget elementor-widget-heading\" data-id=\"iwgs-chakana-s3h\" data-element_type=\"widget\" data-e-type=\"widget\" data-widget_type=\"heading.default\">\n\t\t\t\t\t<h2 class=\"elementor-heading-title elementor-size-default\">Kolme maailmaa<\/h2>\t\t\t\t<\/div>\n\t\t<div class=\"elementor-element elementor-element-iwgs-chakana-s3box e-con-full e-flex e-con e-parent\" data-id=\"iwgs-chakana-s3box\" data-element_type=\"container\" data-e-type=\"container\">\n\t\t\t\t<div class=\"elementor-element elementor-element-iwgs-chakana-s3t elementor-widget elementor-widget-text-editor\" data-id=\"iwgs-chakana-s3t\" data-element_type=\"widget\" data-e-type=\"widget\" data-widget_type=\"text-editor.default\">\n\t\t\t\t\t\t\t\t\t<p>Chakanan nykyinen tulkinta yhdist\u00e4\u00e4 merkin Andien maailmankuvaan. T\u00e4rke\u00e4 osa t\u00e4t\u00e4 maailmankuvaa on k\u00e4sitys kolmesta maailmasta tai kolmesta olemisen alueesta.<\/p><p>N\u00e4m\u00e4 kolme aluetta nimet\u00e4\u00e4n ket\u0161uan kielell\u00e4. On olemassa ylempi maailma, joka liittyy taivaaseen. On olemassa keskimm\u00e4inen maailma, jossa ihmiset el\u00e4v\u00e4t. Ja on olemassa alempi maailma, joka liittyy maan sisukseen.<\/p><p>T\u00e4m\u00e4 kosmoksen kolmijako on todennettu andilaisessa ajattelussa. K\u00e4sitys ylemm\u00e4st\u00e4, keskimm\u00e4isest\u00e4 ja alemmasta maailmasta kuuluu Andien kulttuurien periytyneeseen maailmankuvaan.<\/p><p>Chakanan nykyaikaisessa tulkinnassa ristin portaat yhdistet\u00e4\u00e4n n\u00e4ihin kolmeen maailmaan. Portainen risti n\u00e4ytt\u00e4ytyy silloin kuvana kolmijakoisesta kosmoksesta ja sen tasojen v\u00e4lisest\u00e4 yhteydest\u00e4.<\/p><p>T\u00e4m\u00e4 porrasristin ja kolmen maailman opin yhdist\u00e4minen on mielek\u00e4s ja sis\u00e4isesti johdonmukainen. Portaat voidaan hyvin lukea nousuna ja laskuna maailmojen v\u00e4lill\u00e4.<\/p><p>On kuitenkin t\u00e4rke\u00e4 tiet\u00e4\u00e4, ett\u00e4 t\u00e4m\u00e4 yhdist\u00e4minen on tulkinta. Sit\u00e4, ett\u00e4 vanhat Andien kulttuurit itse ymm\u00e4rsiv\u00e4t porrasristin t\u00e4sm\u00e4lleen t\u00e4ll\u00e4 tavalla, ei ole todistettu vanhoilla l\u00e4hteill\u00e4, vaan se on p\u00e4\u00e4telty.<\/p>\t\t\t\t\t\t\t\t<\/div>\n\t\t\t\t<\/div>\n\t\t\t\t\t<\/div>\n\t\t\t\t<\/div>\n\t\t<div class=\"elementor-element elementor-element-iwgs-chakana-s4 e-flex e-con-boxed e-con e-parent\" data-id=\"iwgs-chakana-s4\" data-element_type=\"container\" data-e-type=\"container\">\n\t\t\t\t\t<div class=\"e-con-inner\">\n\t\t\t\t<div class=\"elementor-element elementor-element-iwgs-chakana-s4h elementor-widget elementor-widget-heading\" data-id=\"iwgs-chakana-s4h\" data-element_type=\"widget\" data-e-type=\"widget\" data-widget_type=\"heading.default\">\n\t\t\t\t\t<h2 class=\"elementor-heading-title elementor-size-default\">Nelj\u00e4 suuntaa ja Etel\u00e4n risti<\/h2>\t\t\t\t<\/div>\n\t\t<div class=\"elementor-element elementor-element-iwgs-chakana-s4box e-con-full e-flex e-con e-parent\" data-id=\"iwgs-chakana-s4box\" data-element_type=\"container\" data-e-type=\"container\">\n\t\t\t\t<div class=\"elementor-element elementor-element-iwgs-chakana-s4t elementor-widget elementor-widget-text-editor\" data-id=\"iwgs-chakana-s4t\" data-element_type=\"widget\" data-e-type=\"widget\" data-widget_type=\"text-editor.default\">\n\t\t\t\t\t\t\t\t\t<p>Kolmen maailman ohella nykyinen tulkinta yhdist\u00e4\u00e4 chakanan my\u00f6s nelj\u00e4\u00e4n ilmansuuntaan. Risti, jonka nelj\u00e4 varsia ovat yht\u00e4 pitk\u00e4t, on helppo lukea nelj\u00e4n suunnan merkkin\u00e4.<\/p><p>T\u00e4m\u00e4 tulkinta sopii inkojen valtakunnan perusluonteeseen. Inkojen valtakunta jakautui nelj\u00e4\u00e4n suureen osaan, ja sen nimi ilmaisi t\u00e4m\u00e4n neliosaisuuden. Nelilukuisuudella oli t\u00e4rke\u00e4 asema andilaisessa ajattelussa.<\/p><p>Toinen tulkintalinja yhdist\u00e4\u00e4 chakanan t\u00e4htikuvioon, Etel\u00e4iseen Ristiin. T\u00e4m\u00e4 t\u00e4htikuvio n\u00e4kyy hyvin etel\u00e4isen pallonpuoliskon taivaalla, ja sill\u00e4 oli merkityst\u00e4 Andien kulttuureille.<\/p><p>Nimi chakana yhdistet\u00e4\u00e4n quechua-sanaan, joka liittyy ylitt\u00e4miseen, yhdist\u00e4miseen ja siltaan. T\u00e4ss\u00e4 tulkinnassa chakana on yhteyden merkki, silta alueiden v\u00e4lill\u00e4.<\/p><p>N\u00e4m\u00e4 tulkinnat, nelj\u00e4 suuntaa, t\u00e4htikuvio ja siltaa koskeva ajatus, muodostavat yhdess\u00e4 rikkaan kuvan. Chakana n\u00e4ytt\u00e4ytyy silloin merkkin\u00e4, joka k\u00e4sitt\u00e4\u00e4 kosmoksen, sen suunnat ja sen tasot.<\/p><p>My\u00f6s t\u00e4ss\u00e4 on syyt\u00e4 varovaisuuteen. N\u00e4m\u00e4 tulkinnat ovat harkittuja ja sis\u00e4isesti johdonmukaisia, mutta suurelta osin ne ovat nykyaikaisia tarkennuksia. On yksityiskohtiin asti vaikea sanoa, kuinka paljon niist\u00e4 perustuu vanhaan andilaiseen tietoon.<\/p>\t\t\t\t\t\t\t\t<\/div>\n\t\t\t\t<\/div>\n\t\t\t\t\t<\/div>\n\t\t\t\t<\/div>\n\t\t<div class=\"elementor-element elementor-element-iwgs-chakana-s5 e-flex e-con-boxed e-con e-parent\" data-id=\"iwgs-chakana-s5\" data-element_type=\"container\" data-e-type=\"container\">\n\t\t\t\t\t<div class=\"e-con-inner\">\n\t\t\t\t<div class=\"elementor-element elementor-element-iwgs-chakana-s5h elementor-widget elementor-widget-heading\" data-id=\"iwgs-chakana-s5h\" data-element_type=\"widget\" data-e-type=\"widget\" data-widget_type=\"heading.default\">\n\t\t\t\t\t<h2 class=\"elementor-heading-title elementor-size-default\">Nimi ja sen merkitys<\/h2>\t\t\t\t<\/div>\n\t\t<div class=\"elementor-element elementor-element-iwgs-chakana-s5box e-con-full e-flex e-con e-parent\" data-id=\"iwgs-chakana-s5box\" data-element_type=\"container\" data-e-type=\"container\">\n\t\t\t\t<div class=\"elementor-element elementor-element-iwgs-chakana-s5t elementor-widget elementor-widget-text-editor\" data-id=\"iwgs-chakana-s5t\" data-element_type=\"widget\" data-e-type=\"widget\" data-widget_type=\"text-editor.default\">\n\t\t\t\t\t\t\t\t\t<p>Nimi chakana on per\u00e4isin quechuasta, kielest\u00e4, joka oli levinnyt inkojen valtakunnassa ja jota puhutaan Andien alueella t\u00e4h\u00e4n p\u00e4iv\u00e4\u00e4n asti. Nimi yhdistet\u00e4\u00e4n sanavartaloon, joka merkitsee ylitt\u00e4mist\u00e4 ja yhdist\u00e4mist\u00e4.<\/p><p>T\u00e4st\u00e4 kielellisest\u00e4 yhteydest\u00e4 syntyy tulkinta chakanasta siltana tai yhdist\u00e4v\u00e4n\u00e4 merkkin\u00e4. Chakana olisi silloin se, mik\u00e4 yhdist\u00e4\u00e4 alueita toisiinsa, esimerkiksi andilaisen kosmoksen kolme maailmaa.<\/p><p>T\u00e4m\u00e4 tulkinta on vetoava ja sopii hyvin porrasmuotoiseen muotoon, joka voidaan lukea nousuna ja laskuna. Se on t\u00e4rke\u00e4 osa chakanan nykyist\u00e4 merkityst\u00e4.<\/p><p>Ei kuitenkaan ole varmaa, ett\u00e4 Andien taiteen vanha porrasristi kantoi jo t\u00e4t\u00e4 nime\u00e4 tai ymm\u00e4rrettiin t\u00e4sm\u00e4lleen t\u00e4ll\u00e4 tavoin siltana. Nimi ja tulkinta on saatettu yhdist\u00e4\u00e4 toisiinsa vasta my\u00f6hemmin.<\/p><p>T\u00e4m\u00e4 ep\u00e4varmuus on chakanalle ominaista. Muoto, nimi ja tulkinta voidaan nyky\u00e4\u00e4n yhdist\u00e4\u00e4 ehe\u00e4ksi kuvaksi, mutta on avoin kysymys, onko t\u00e4m\u00e4 kuva t\u00e4ss\u00e4 eheydess\u00e4\u00e4n vanha.<\/p><p>Rehellinen esitys tuo t\u00e4m\u00e4n avoimuuden esiin. Se esitt\u00e4\u00e4 tulkinnan, mutta merkitsee sen tulkinnaksi, ei varmaksi vanhaksi tiedoksi.<\/p>\t\t\t\t\t\t\t\t<\/div>\n\t\t\t\t<\/div>\n\t\t\t\t\t<\/div>\n\t\t\t\t<\/div>\n\t\t<div class=\"elementor-element elementor-element-iwgs-chakana-s6 e-flex e-con-boxed e-con e-parent\" data-id=\"iwgs-chakana-s6\" data-element_type=\"container\" data-e-type=\"container\">\n\t\t\t\t\t<div class=\"e-con-inner\">\n\t\t\t\t<div class=\"elementor-element elementor-element-iwgs-chakana-s6h elementor-widget elementor-widget-heading\" data-id=\"iwgs-chakana-s6h\" data-element_type=\"widget\" data-e-type=\"widget\" data-widget_type=\"heading.default\">\n\t\t\t\t\t<h2 class=\"elementor-heading-title elementor-size-default\">Kysymys i\u00e4st\u00e4<\/h2>\t\t\t\t<\/div>\n\t\t<div class=\"elementor-element elementor-element-iwgs-chakana-s6box e-con-full e-flex e-con e-parent\" data-id=\"iwgs-chakana-s6box\" data-element_type=\"container\" data-e-type=\"container\">\n\t\t\t\t<div class=\"elementor-element elementor-element-iwgs-chakana-s6t elementor-widget elementor-widget-text-editor\" data-id=\"iwgs-chakana-s6t\" data-element_type=\"widget\" data-e-type=\"widget\" data-widget_type=\"text-editor.default\">\n\t\t\t\t\t\t\t\t\t<p>Chakanan kohdalla i\u00e4n kysymys on erityisen t\u00e4rke\u00e4. Nykyisess\u00e4 kuvassa chakanaa pidet\u00e4\u00e4n usein muinaisena, inkojen tai heid\u00e4n edelt\u00e4jiens\u00e4 t\u00e4ysin kehitt\u00e4m\u00e4n\u00e4 <span class=\"iwg-fachbegriff\" data-tooltip=\"Ein Zeichen, das stellvertretend f\u00fcr eine Vorstellung oder Bedeutung steht.\" tabindex=\"0\">symbolina<\/span>. T\u00e4m\u00e4 k\u00e4sitys vaatii tarkkaa tarkastelua.<\/p><p>Totta on, ett\u00e4 porrastettu ristiaihe on Andien taiteessa vanha ja hyvin todistettu. Porras ja porrasristi kuuluvat Andien kulttuurien aitoon vanhaan muotoperint\u00f6\u00f6n.<\/p><p>Chakanan kehittynyt tulkinta, joka yhdist\u00e4\u00e4 merkin kolmeen maailmaan, nelj\u00e4\u00e4n suuntaan, t\u00e4htikuvioon ja siltaa koskevaan ajatukseen, on kuitenkin suurelta osin 1900-luvun saavutus.<\/p><p>Uudemman ajan tutkijat ja kirjoittajat ovat tarttuneet vanhaan porrasaiheeseen ja antaneet sille j\u00e4rjestelm\u00e4llisen, ehe\u00e4n merkityksen. He tukeutuivat t\u00e4ss\u00e4 perinteiseen andilaiseen maailmankuvaan, havaintoihin ja omiin pohdintoihinsa.<\/p><p>Nykyinen chakana on siis yhteisvaikutuksen tulos. Aito vanha kuva-aihe on yhdistetty nykyaikaiseen, harkittuun tulkintaan. Molemmat kuuluvat chakanaan sellaisena kuin se nyky\u00e4\u00e4n ymm\u00e4rret\u00e4\u00e4n.<\/p><p>T\u00e4m\u00e4 toteamus ei v\u00e4henn\u00e4 chakanan arvoa. Se ainoastaan sijoittaa sen oikein. Chakana on merkki, jolla on vanhat juuret ja nykyaikainen tulkinta, ja tarkka esitys tuo molemmat puolet selv\u00e4sti esiin.<\/p>\t\t\t\t\t\t\t\t<\/div>\n\t\t\t\t<\/div>\n\t\t\t\t\t<\/div>\n\t\t\t\t<\/div>\n\t\t<div class=\"elementor-element elementor-element-iwgs-chakana-s7 e-flex e-con-boxed e-con e-parent\" data-id=\"iwgs-chakana-s7\" data-element_type=\"container\" data-e-type=\"container\">\n\t\t\t\t\t<div class=\"e-con-inner\">\n\t\t\t\t<div class=\"elementor-element elementor-element-iwgs-chakana-s7h elementor-widget elementor-widget-heading\" data-id=\"iwgs-chakana-s7h\" data-element_type=\"widget\" data-e-type=\"widget\" data-widget_type=\"heading.default\">\n\t\t\t\t\t<h2 class=\"elementor-heading-title elementor-size-default\">Suoja ja j\u00e4rjestys<\/h2>\t\t\t\t<\/div>\n\t\t<div class=\"elementor-element elementor-element-iwgs-chakana-s7box e-con-full e-flex e-con e-parent\" data-id=\"iwgs-chakana-s7box\" data-element_type=\"container\" data-e-type=\"container\">\n\t\t\t\t<div class=\"elementor-element elementor-element-iwgs-chakana-s7t elementor-widget elementor-widget-text-editor\" data-id=\"iwgs-chakana-s7t\" data-element_type=\"widget\" data-e-type=\"widget\" data-widget_type=\"text-editor.default\">\n\t\t\t\t\t\t\t\t\t<p>Suojamerkkin\u00e4 chakana kuuluu niihin merkkeihin, jotka vaikuttavat esitt\u00e4m\u00e4ll\u00e4 j\u00e4rjestyst\u00e4. Se ei torju pahaa pelottavalla kuvalla eik\u00e4 vangitse katsetta. Se n\u00e4ytt\u00e4\u00e4 sen sijaan kuvan j\u00e4rjestyneest\u00e4 maailmasta.<\/p><p>Nykyisess\u00e4 tulkinnassa chakana on kuva kosmoksesta. Se n\u00e4ytt\u00e4\u00e4 kolme maailmaa, nelj\u00e4 suuntaa ja tasojen v\u00e4lisen yhteyden. Se esitt\u00e4\u00e4 siten olemassaolon kokonaisvaltaisen j\u00e4rjestyksen.<\/p><p>Merkki, joka n\u00e4ytt\u00e4\u00e4 kokonaisvaltaisen j\u00e4rjestyksen, voi antaa tukea ja turvallisuuden tunteen. Se, joka katsoo tai kantaa chakanaa, n\u00e4kee kuvan maailmasta, jossa kaikella on paikkansa ja jossa tasot ovat yhteydess\u00e4 toisiinsa.<\/p><p>T\u00e4ss\u00e4 mieless\u00e4 chakana toimii suojamerkkin\u00e4. Sen suoja ei ole yksitt\u00e4isen vaaran torjumisessa, vaan mielekk\u00e4\u00e4n, j\u00e4rjestyneen maailman esitt\u00e4misess\u00e4.<\/p><p>N\u00e4in chakana kuuluu niihin merkkeihin, jotka vaikuttavat maailmankuva-<span class=\"iwg-fachbegriff\" data-tooltip=\"Ein Zeichen, das stellvertretend f\u00fcr eine Vorstellung oder Bedeutung steht.\" tabindex=\"0\">symbolin<\/span> tavoin. Se antaa kantajalleen suuntaa ja asettaa h\u00e4net osaksi suurempaa, j\u00e4rjestynytt\u00e4 kokonaisuutta.<\/p><p>T\u00e4m\u00e4 vaikutustapa on nykyisen, kehittyneen chakanan vaikutustapa. Se perustuu merkin nykyaikaiseen tulkintaan. T\u00e4ll\u00e4 varauksella chakana voidaan mielekk\u00e4\u00e4sti sijoittaa suojamerkkien joukkoon.<\/p>\t\t\t\t\t\t\t\t<\/div>\n\t\t\t\t<\/div>\n\t\t\t\t\t<\/div>\n\t\t\t\t<\/div>\n\t\t<div class=\"elementor-element elementor-element-iwgs-chakana-s8 e-flex e-con-boxed e-con e-parent\" data-id=\"iwgs-chakana-s8\" data-element_type=\"container\" data-e-type=\"container\">\n\t\t\t\t\t<div class=\"e-con-inner\">\n\t\t\t\t<div class=\"elementor-element elementor-element-iwgs-chakana-s8h elementor-widget elementor-widget-heading\" data-id=\"iwgs-chakana-s8h\" data-element_type=\"widget\" data-e-type=\"widget\" data-widget_type=\"heading.default\">\n\t\t\t\t\t<h2 class=\"elementor-heading-title elementor-size-default\">Nykyaikainen vastaanotto<\/h2>\t\t\t\t<\/div>\n\t\t<div class=\"elementor-element elementor-element-iwgs-chakana-s8box e-con-full e-flex e-con e-parent\" data-id=\"iwgs-chakana-s8box\" data-element_type=\"container\" data-e-type=\"container\">\n\t\t\t\t<div class=\"elementor-element elementor-element-iwgs-chakana-s8t elementor-widget elementor-widget-text-editor\" data-id=\"iwgs-chakana-s8t\" data-element_type=\"widget\" data-e-type=\"widget\" data-widget_type=\"text-editor.default\">\n\t\t\t\t\t\t\t\t\t<p>Chakana on nyky\u00e4\u00e4n laajalti levinnyt Andien alueella. Perussa, Boliviassa ja niiden l\u00e4hialueilla se esiintyy koruissa, kankaissa, muotoilussa ja kulttuurisen identiteetin merkkin\u00e4.<\/p><p>Monille Andien alueen asukkaille chakana on merkki yhteydest\u00e4 omaan alkuper\u00e4\u00e4n ja Andien kulttuurien perint\u00f6\u00f6n. Se edustaa andilaista maailmankuvaa ja juuria, jotka ulottuvat aikaan ennen siirtomaavaltaa.<\/p><p>Andien alueen ulkopuolella chakana on tullut tunnetuksi Andien kulttuureihin ja henkisiin suuntauksiin kohdistuvan kiinnostuksen my\u00f6t\u00e4. Sit\u00e4 pidet\u00e4\u00e4n korussa ja k\u00e4ytet\u00e4\u00e4n <span class=\"iwg-fachbegriff\" data-tooltip=\"Toistuva sis\u00e4ll\u00f6llinen elementi taiteessa tai kertomuksessa.\" tabindex=\"0\">motiivina<\/span>.<\/p><p>T\u00e4m\u00e4n levinneisyyden my\u00f6t\u00e4 chakanaa tulkitaan usein suurella varmuudella, ik\u00e4\u00e4n kuin sen yksityiskohtainen merkitys olisi vanhaa, varmistettua tietoa. Asiallinen tarkastelu asettaa t\u00e4t\u00e4 vastaan avoimen l\u00e4hdetilanteen.<\/p><p>Chakana on siten kaksinkertaisesti kiinnostava merkki. Se perustuu Andien taiteen aitoon, vanhaan <span class=\"iwg-fachbegriff\" data-tooltip=\"Toistuva sis\u00e4ll\u00f6llinen elementi taiteessa tai kertomuksessa.\" tabindex=\"0\">motiiviin<\/span>, portaittaiseen ristiin. Samalla se on esimerkki siit\u00e4, miten nykyaikana vanhalle <span class=\"iwg-fachbegriff\" data-tooltip=\"Toistuva sis\u00e4ll\u00f6llinen elementi taiteessa tai kertomuksessa.\" tabindex=\"0\">motiiville<\/span> annetaan runsas tulkinta.<\/p><p>Kattava esitys ottaa huomioon molemmat puolet. Se esitt\u00e4\u00e4 chakanan merkkin\u00e4, joka yhdist\u00e4\u00e4 vanhat andilaiset juuret moderniin, huolellisesti harkittuun tulkintaan, ja tekee selv\u00e4n erottelun n\u00e4iden kahden v\u00e4lill\u00e4.<\/p>\t\t\t\t\t\t\t\t<\/div>\n\t\t\t\t<\/div>\n\t\t\t\t\t<\/div>\n\t\t\t\t<\/div>\n\t\t<div class=\"elementor-element elementor-element-iwgs-chakana-lit e-flex e-con-boxed e-con e-parent\" data-id=\"iwgs-chakana-lit\" data-element_type=\"container\" data-e-type=\"container\">\n\t\t\t\t\t<div class=\"e-con-inner\">\n\t\t\t\t<div class=\"elementor-element elementor-element-iwgs-chakana-lith elementor-widget elementor-widget-heading\" data-id=\"iwgs-chakana-lith\" data-element_type=\"widget\" data-e-type=\"widget\" data-widget_type=\"heading.default\">\n\t\t\t\t\t<h2 class=\"elementor-heading-title elementor-size-default\">Kirjallisuus (valikoima)<\/h2>\t\t\t\t<\/div>\n\t\t<div class=\"elementor-element elementor-element-iwgs-chakana-litbox e-con-full e-flex e-con e-parent\" data-id=\"iwgs-chakana-litbox\" data-element_type=\"container\" data-e-type=\"container\">\n\t\t\t\t<div class=\"elementor-element elementor-element-iwgs-chakana-litt elementor-widget elementor-widget-html\" data-id=\"iwgs-chakana-litt\" data-element_type=\"widget\" data-e-type=\"widget\" data-widget_type=\"html.default\">\n\t\t\t\t\t<footer data-nosnippet=\"true\"><ul><li>Mary Strong: <em>Art, Nature, and Religion in the Central Andes<\/em> (2012)<\/li><li>Gary Urton: <em>At the Crossroads of the Earth and the Sky. An Andean Cosmology<\/em> (1981)<\/li><li>Catherine Allen: <em>The Hold Life Has. Coca and Cultural Identity in an Andean Community<\/em> (1988)<\/li><li>Henrique Urbano: Tutkimuksia andilaisesta mytologiasta ja maailmankuvasta<\/li><li>Tom Zuidema: <em>The Ceque System of Cuzco<\/em> (1964)<\/li><\/ul><\/footer>\t\t\t\t<\/div>\n\t\t\t\t<\/div>\n\t\t\t\t\t<\/div>\n\t\t\t\t<\/div>\n\t\t<div class=\"elementor-element elementor-element-iwgs-chakana-kwd e-flex e-con-boxed e-con e-parent\" data-id=\"iwgs-chakana-kwd\" data-element_type=\"container\" data-e-type=\"container\">\n\t\t\t\t\t<div class=\"e-con-inner\">\n\t\t\t\t<div class=\"elementor-element elementor-element-iwgs-chakana-kwdt elementor-widget elementor-widget-text-editor\" data-id=\"iwgs-chakana-kwdt\" data-element_type=\"widget\" data-e-type=\"widget\" data-widget_type=\"text-editor.default\">\n\t\t\t\t\t\t\t\t\t<p><em>Aiheeseen liittyv\u00e4t avainsanat: Chakana, Andien risti, Inka, porrasristi, kolme maailmaa, Quechua, Tiwanaku, Andit.<\/em><\/p>\t\t\t\t\t\t\t\t<\/div>\n\t\t\t\t\t<\/div>\n\t\t\t\t<\/div>\n\t\t<div class=\"elementor-element elementor-element-iwgs-chakana-cc e-flex e-con-boxed e-con e-parent\" data-id=\"iwgs-chakana-cc\" data-element_type=\"container\" data-e-type=\"container\" id=\"iwg-cc-chakana\">\n\t\t\t\t\t<div class=\"e-con-inner\">\n\t\t<div class=\"elementor-element elementor-element-iwgs-chakana-ccinner e-flex e-con-boxed e-con e-parent\" data-id=\"iwgs-chakana-ccinner\" data-element_type=\"container\" data-e-type=\"container\" data-settings=\"{&quot;background_background&quot;:&quot;classic&quot;}\">\n\t\t\t\t\t<div class=\"e-con-inner\">\n\t\t\t\t<div class=\"elementor-element elementor-element-iwgs-chakana-cch elementor-widget elementor-widget-heading\" data-id=\"iwgs-chakana-cch\" data-element_type=\"widget\" data-e-type=\"widget\" data-widget_type=\"heading.default\">\n\t\t\t\t\t<h2 class=\"elementor-heading-title elementor-size-default\">iWell Guard ja suojelutraditiot<\/h2>\t\t\t\t<\/div>\n\t\t\t\t<div class=\"elementor-element elementor-element-iwgs-chakana-cct elementor-widget elementor-widget-text-editor\" data-id=\"iwgs-chakana-cct\" data-element_type=\"widget\" data-e-type=\"widget\" data-widget_type=\"text-editor.default\">\n\t\t\t\t\t\t\t\t\t<p>iWell Guard kuuluu kannettavien suojaesineiden kulttuurihistorialliseen jatkumoon, johon my\u00f6s chakana lukeutuu. Se on moderni kumppani ihmisille, jotka el\u00e4v\u00e4t suojasymbolien kanssa: valmistettu Saksassa, 41 kerrosta aitoa kultaa, platinaa ja hopeaa, ja mukana 30 p\u00e4iv\u00e4n palautusoikeus.<\/p>\t\t\t\t\t\t\t\t<\/div>\n\t\t\t\t<div class=\"elementor-element elementor-element-iwgs-chakana-ccb iwg-cc-button iwg-cc-cta-2026-05-13 elementor-widget elementor-widget-jet-button\" data-id=\"iwgs-chakana-ccb\" data-element_type=\"widget\" data-e-type=\"widget\" data-widget_type=\"jet-button.default\">\n\t\t\t\t<div class=\"elementor-widget-container\">\n\t\t\t\t\t<div class=\"elementor-jet-button jet-elements\"><div class=\"jet-button__container\"><a class=\"jet-button__instance jet-button__instance--icon-left hover-effect-1\" href=\"\/schutzanhaenger-iwell-guard-kaufen\/?utm_source=iwell-guard.com&amp;utm_medium=info-box&amp;utm_campaign=schutzsymbole\"><div class=\"jet-button__plane jet-button__plane-normal\"><\/div><div class=\"jet-button__plane jet-button__plane-hover\"><\/div><div class=\"jet-button__state jet-button__state-normal\"><span class=\"jet-button__label\">Lis\u00e4\u00e4 iWell Guardista<\/span><\/div><div class=\"jet-button__state jet-button__state-hover\"><span class=\"jet-button__label\">Lis\u00e4\u00e4 iWell Guardista<\/span><\/div><\/a><\/div><\/div><style>.elementor-element.elementor-element-iwgs-chakana-ccb .jet-button__instance{width:320px;height:56px;}.elementor-element.elementor-element-iwgs-chakana-ccb .jet-button__state-normal .jet-button__label{text-align:center;margin:0px 0px 0px 0px;color:#1a1b20;font-family:Montserrat,sans-serif;font-size:13px;font-weight:400;letter-spacing:4px;line-height:1.714em;text-transform:uppercase;}.elementor-element.elementor-element-iwgs-chakana-ccb .jet-button__state-hover .jet-button__label{text-align:center;margin:0px 0px 0px 0px;color:#FECC76;font-family:Montserrat,sans-serif;font-size:13px;font-weight:400;letter-spacing:4px;line-height:1.714em;text-transform:uppercase;}.elementor-element.elementor-element-iwgs-chakana-ccb .jet-button__plane-normal{background-color:#FECC76;border-style:solid;border-color:#C99540;border-width:2px 2px 2px 2px;}.elementor-element.elementor-element-iwgs-chakana-ccb .jet-button__plane-hover{background-color:rgba(0,0,0,0.55);border-style:solid;border-color:#FECC76;border-width:2px 2px 2px 2px;}<\/style>\t\t\t\t<\/div>\n\t\t\t\t<\/div>\n\t\t\t\t<div class=\"elementor-element elementor-element-iwgs-chakana-ccd elementor-widget elementor-widget-text-editor\" data-id=\"iwgs-chakana-ccd\" data-element_type=\"widget\" data-e-type=\"widget\" data-widget_type=\"text-editor.default\">\n\t\t\t\t\t\t\t\t\t<p style=\"text-align:center;font-size:13px;opacity:0.7;margin-top:14px\" data-nosnippet=\"true\">Henkil\u00f6kohtaiset kokemukset voivat vaihdella. Ei l\u00e4\u00e4kinn\u00e4llinen laite. Ei paranemislupausta.<\/p>\t\t\t\t\t\t\t\t<\/div>\n\t\t\t\t\t<\/div>\n\t\t\t\t<\/div>\n\t\t\t\t\t<\/div>\n\t\t\t\t<\/div>\n\t\t<div class=\"elementor-element elementor-element-iwgs-chakana-disc e-flex e-con-boxed e-con e-parent\" data-id=\"iwgs-chakana-disc\" data-element_type=\"container\" data-e-type=\"container\">\n\t\t\t\t\t<div class=\"e-con-inner\">\n\t\t\t\t<div class=\"elementor-element elementor-element-iwgs-chakana-discw elementor-widget elementor-widget-html\" data-id=\"iwgs-chakana-discw\" data-element_type=\"widget\" data-e-type=\"widget\" data-widget_type=\"html.default\">\n\t\t\t\t\t<footer data-nosnippet=\"true\" class=\"iwg-disclaimer-block\"><p data-nosnippet=\"true\">iWell Guard <strong>ei ole l\u00e4\u00e4kinn\u00e4llinen laite<\/strong>, eik\u00e4 se korvaa l\u00e4\u00e4k\u00e4rin tai psykoterapeutin hoitoa. T\u00e4ss\u00e4 esitetyt sis\u00e4ll\u00f6t ovat uskontotieteellist\u00e4 ja kulttuurihistoriallista tarkastelua, eiv\u00e4t lupausta hengellisest\u00e4 vaikutuksesta.<\/p><\/footer>\t\t\t\t<\/div>\n\t\t\t\t\t<\/div>\n\t\t\t\t<\/div>\n\t\t\t\t<\/div>\n\t\t","protected":false},"excerpt":{"rendered":"","protected":false},"author":3,"featured_media":3558,"parent":0,"menu_order":0,"comment_status":"closed","ping_status":"closed","template":"elementor_header_footer","meta":{"_yoast_wpseo_focuskw":"Chakana","_yoast_wpseo_title":"Chakana \u2013 Andien risti","_yoast_wpseo_metadesc":"Chakana on portainen Andien risti. Muoto, vanhat juuret ja sen tulkintaan liittyv\u00e4t kysymykset selitettyn\u00e4 ymm\u00e4rrett\u00e4v\u00e4sti.","_yoast_wpseo_meta-robots-noindex":"","_yoast_wpseo_canonical":"","_angie_page":false,"gefaehrdungsstufe":"","wesen_kultur":"","wesen_klasse":"","footnotes":""},"categories":[],"class_list":["post-144395","page","type-page","status-publish","has-post-thumbnail","hentry"],"yoast_head":"<!-- This site is optimized with the Yoast SEO Premium plugin v27.7 (Yoast SEO v28.3) - https:\/\/yoast.com\/product\/yoast-seo-premium-wordpress\/ -->\n<title>Chakana \u2013 Andien risti<\/title>\n<meta name=\"description\" content=\"Chakana on portainen Andien risti. Muoto, vanhat juuret ja sen tulkintaan liittyv\u00e4t kysymykset selitettyn\u00e4 ymm\u00e4rrett\u00e4v\u00e4sti.\" \/>\n<meta name=\"robots\" content=\"index, follow, max-snippet:-1, max-image-preview:large, max-video-preview:-1\" \/>\n<link rel=\"canonical\" href=\"https:\/\/iwell-guard.com\/fi\/chakana-andien-risti\/\" \/>\n<meta property=\"og:locale\" content=\"fi_FI\" \/>\n<meta property=\"og:type\" content=\"article\" \/>\n<meta property=\"og:title\" content=\"Chakana \u2013 Andien risti\" \/>\n<meta property=\"og:description\" content=\"Chakana on portainen Andien risti. Muoto, vanhat juuret ja sen tulkintaan liittyv\u00e4t kysymykset selitettyn\u00e4 ymm\u00e4rrett\u00e4v\u00e4sti.\" \/>\n<meta property=\"og:url\" content=\"https:\/\/iwell-guard.com\/fi\/chakana-andien-risti\/\" \/>\n<meta property=\"og:site_name\" content=\"iWell Guard\" \/>\n<meta property=\"article:modified_time\" content=\"2026-09-03T12:58:09+00:00\" \/>\n<meta property=\"og:image\" content=\"https:\/\/iwell-guard.com\/wp-content\/uploads\/2026\/05\/schutzsymbol_anden_chakana.webp\" \/>\n\t<meta property=\"og:image:width\" content=\"1024\" \/>\n\t<meta property=\"og:image:height\" content=\"1536\" \/>\n\t<meta property=\"og:image:type\" content=\"image\/webp\" \/>\n<meta name=\"twitter:card\" content=\"summary_large_image\" \/>\n<script type=\"application\/ld+json\" class=\"yoast-schema-graph\">{\"@context\":\"https:\\\/\\\/schema.org\",\"@graph\":[{\"@type\":\"WebPage\",\"@id\":\"https:\\\/\\\/iwell-guard.com\\\/fi\\\/chakana-andien-risti\\\/\",\"url\":\"https:\\\/\\\/iwell-guard.com\\\/fi\\\/chakana-andien-risti\\\/\",\"name\":\"Chakana \u2013 Andien risti\",\"isPartOf\":{\"@id\":\"https:\\\/\\\/iwell-guard.com\\\/fi\\\/#website\"},\"primaryImageOfPage\":{\"@id\":\"https:\\\/\\\/iwell-guard.com\\\/fi\\\/chakana-andien-risti\\\/#primaryimage\"},\"image\":{\"@id\":\"https:\\\/\\\/iwell-guard.com\\\/fi\\\/chakana-andien-risti\\\/#primaryimage\"},\"thumbnailUrl\":\"https:\\\/\\\/iwell-guard.com\\\/wp-content\\\/uploads\\\/2026\\\/05\\\/schutzsymbol_anden_chakana.webp\",\"datePublished\":\"2026-09-03T12:35:01+00:00\",\"dateModified\":\"2026-09-03T12:58:09+00:00\",\"description\":\"Chakana on portainen Andien risti. Muoto, vanhat juuret ja sen tulkintaan liittyv\u00e4t kysymykset selitettyn\u00e4 ymm\u00e4rrett\u00e4v\u00e4sti.\",\"breadcrumb\":{\"@id\":\"https:\\\/\\\/iwell-guard.com\\\/fi\\\/chakana-andien-risti\\\/#breadcrumb\"},\"inLanguage\":\"fi\",\"potentialAction\":[{\"@type\":\"ReadAction\",\"target\":[\"https:\\\/\\\/iwell-guard.com\\\/fi\\\/chakana-andien-risti\\\/\"]}]},{\"@type\":\"ImageObject\",\"inLanguage\":\"fi\",\"@id\":\"https:\\\/\\\/iwell-guard.com\\\/fi\\\/chakana-andien-risti\\\/#primaryimage\",\"url\":\"https:\\\/\\\/iwell-guard.com\\\/wp-content\\\/uploads\\\/2026\\\/05\\\/schutzsymbol_anden_chakana.webp\",\"contentUrl\":\"https:\\\/\\\/iwell-guard.com\\\/wp-content\\\/uploads\\\/2026\\\/05\\\/schutzsymbol_anden_chakana.webp\",\"width\":1024,\"height\":1536,\"caption\":\"Suojasymboli. Museaalinen asetelmakuvitus.\"},{\"@type\":\"BreadcrumbList\",\"@id\":\"https:\\\/\\\/iwell-guard.com\\\/fi\\\/chakana-andien-risti\\\/#breadcrumb\",\"itemListElement\":[{\"@type\":\"ListItem\",\"position\":1,\"name\":\"Start\",\"item\":\"https:\\\/\\\/iwell-guard.com\\\/fi\\\/?page_id=143815\"},{\"@type\":\"ListItem\",\"position\":2,\"name\":\"Chakana \u2013 Andien risti\"}]},{\"@type\":\"WebSite\",\"@id\":\"https:\\\/\\\/iwell-guard.com\\\/fi\\\/#website\",\"url\":\"https:\\\/\\\/iwell-guard.com\\\/fi\\\/\",\"name\":\"iWell Guard\",\"description\":\"Schutz vor dunklen Einfl\u00fcssen\",\"publisher\":{\"@id\":\"https:\\\/\\\/iwell-guard.com\\\/fi\\\/#organization\"},\"potentialAction\":[{\"@type\":\"SearchAction\",\"target\":{\"@type\":\"EntryPoint\",\"urlTemplate\":\"https:\\\/\\\/iwell-guard.com\\\/fi\\\/?s={search_term_string}\"},\"query-input\":{\"@type\":\"PropertyValueSpecification\",\"valueRequired\":true,\"valueName\":\"search_term_string\"}}],\"inLanguage\":\"fi\"},{\"@type\":\"Organization\",\"@id\":\"https:\\\/\\\/iwell-guard.com\\\/fi\\\/#organization\",\"name\":\"Ittermann electronic GmbH\",\"url\":\"https:\\\/\\\/iwell-guard.com\\\/fi\\\/\",\"logo\":{\"@type\":\"ImageObject\",\"inLanguage\":\"fi\",\"@id\":\"https:\\\/\\\/iwell-guard.com\\\/fi\\\/#\\\/schema\\\/logo\\\/image\\\/\",\"url\":\"https:\\\/\\\/iwell-guard.com\\\/wp-content\\\/uploads\\\/2026\\\/05\\\/Ittermann-Logo-1182x237-1.png\",\"contentUrl\":\"https:\\\/\\\/iwell-guard.com\\\/wp-content\\\/uploads\\\/2026\\\/05\\\/Ittermann-Logo-1182x237-1.png\",\"width\":1182,\"height\":237,\"caption\":\"Ittermann electronic GmbH\"},\"image\":{\"@id\":\"https:\\\/\\\/iwell-guard.com\\\/fi\\\/#\\\/schema\\\/logo\\\/image\\\/\"},\"sameAs\":[\"https:\\\/\\\/pantip.com\\\/profile\\\/9367242\",\"https:\\\/\\\/micro.blog\\\/iwellguard\",\"https:\\\/\\\/www.diggerslist.com\\\/iwellguard\\\/about\",\"https:\\\/\\\/skitterphoto.com\\\/photographers\\\/2870314\\\/iwell-guard\",\"https:\\\/\\\/iwellguard.wordpress.com\\\/2026\\\/06\\\/06\\\/iwell-guard\\\/\",\"https:\\\/\\\/hub.docker.com\\\/u\\\/iwellguard\",\"https:\\\/\\\/www.pinterest.com\\\/iwellguard\\\/\",\"https:\\\/\\\/bit.ly\\\/m\\\/iwellguard\",\"https:\\\/\\\/entre-vos-mains.alsace.eu\\\/profiles\\\/iwellguard\\\/activity\",\"https:\\\/\\\/gravatar.com\\\/reallybeded8fd34\",\"https:\\\/\\\/naijamatta.com\\\/iwellguard\",\"https:\\\/\\\/www.goodreads.com\\\/iwellguard\",\"https:\\\/\\\/profile.hatena.ne.jp\\\/iwellguard\\\/\",\"https:\\\/\\\/experiment.com\\\/users\\\/iwellguard\",\"https:\\\/\\\/wakelet.com\\\/@iWellGuard82270\",\"https:\\\/\\\/www.chordie.com\\\/forum\\\/profile.php?id=2555664\",\"https:\\\/\\\/www.instapaper.com\\\/p\\\/17757966\",\"https:\\\/\\\/www.mapleprimes.com\\\/users\\\/iwellguard\",\"https:\\\/\\\/businesslistingplus.com\\\/profile\\\/iwell-guard\\\/\",\"https:\\\/\\\/telegra.ph\\\/iWell-Guard-06-06\",\"https:\\\/\\\/pbase.com\\\/iwellguard\\\/iwellguard\",\"https:\\\/\\\/b.hatena.ne.jp\\\/iwellguard\\\/20260607#bookmark-4788405196491818882\",\"https:\\\/\\\/fliphtml5.com\\\/home\\\/iwellguard\",\"https:\\\/\\\/anyflip.com\\\/homepage\\\/cmiwl#About\",\"https:\\\/\\\/transfur.com\\\/Users\\\/iwellguard\",\"http:\\\/\\\/delphi.larsbo.org\\\/user\\\/iwellguard\",\"https:\\\/\\\/jobs.lajobsportal.org\\\/profiles\\\/8380803-iwell-guard\",\"https:\\\/\\\/md.chaosdorf.de\\\/s\\\/jfbe5SBdJD\",\"https:\\\/\\\/www.lingvolive.com\\\/en-us\\\/profile\\\/9ecaeaca-ce11-4e51-9e71-01d55e2bff36\\\/translations\",\"https:\\\/\\\/www.fitday.com\\\/fitness\\\/forums\\\/members\\\/iwellguard.html\",\"https:\\\/\\\/www.mymeetbook.com\\\/iwellguard\",\"https:\\\/\\\/pxhere.com\\\/en\\\/photographer-me\\\/5040798\",\"https:\\\/\\\/disqus.com\\\/by\\\/iwellguard\\\/about\\\/\",\"https:\\\/\\\/pastelink.net\\\/hjwciqwq\",\"https:\\\/\\\/pubhtml5.com\\\/homepage\\\/scjhn\\\/\",\"https:\\\/\\\/www.bitchute.com\\\/channel\\\/2O2eOKzNqujT\",\"https:\\\/\\\/audiomack.com\\\/iwellguard\"]}]}<\/script>\n<!-- \/ Yoast SEO Premium plugin. -->","yoast_head_json":{"title":"Chakana \u2013 Andien risti","description":"Chakana on portainen Andien risti. Muoto, vanhat juuret ja sen tulkintaan liittyv\u00e4t kysymykset selitettyn\u00e4 ymm\u00e4rrett\u00e4v\u00e4sti.","robots":{"index":"index","follow":"follow","max-snippet":"max-snippet:-1","max-image-preview":"max-image-preview:large","max-video-preview":"max-video-preview:-1"},"canonical":"https:\/\/iwell-guard.com\/fi\/chakana-andien-risti\/","og_locale":"fi_FI","og_type":"article","og_title":"Chakana \u2013 Andien risti","og_description":"Chakana on portainen Andien risti. Muoto, vanhat juuret ja sen tulkintaan liittyv\u00e4t kysymykset selitettyn\u00e4 ymm\u00e4rrett\u00e4v\u00e4sti.","og_url":"https:\/\/iwell-guard.com\/fi\/chakana-andien-risti\/","og_site_name":"iWell Guard","article_modified_time":"2026-09-03T12:58:09+00:00","og_image":[{"width":1024,"height":1536,"url":"https:\/\/iwell-guard.com\/wp-content\/uploads\/2026\/05\/schutzsymbol_anden_chakana.webp","type":"image\/webp"}],"twitter_card":"summary_large_image","schema":{"@context":"https:\/\/schema.org","@graph":[{"@type":"WebPage","@id":"https:\/\/iwell-guard.com\/fi\/chakana-andien-risti\/","url":"https:\/\/iwell-guard.com\/fi\/chakana-andien-risti\/","name":"Chakana \u2013 Andien risti","isPartOf":{"@id":"https:\/\/iwell-guard.com\/fi\/#website"},"primaryImageOfPage":{"@id":"https:\/\/iwell-guard.com\/fi\/chakana-andien-risti\/#primaryimage"},"image":{"@id":"https:\/\/iwell-guard.com\/fi\/chakana-andien-risti\/#primaryimage"},"thumbnailUrl":"https:\/\/iwell-guard.com\/wp-content\/uploads\/2026\/05\/schutzsymbol_anden_chakana.webp","datePublished":"2026-09-03T12:35:01+00:00","dateModified":"2026-09-03T12:58:09+00:00","description":"Chakana on portainen Andien risti. Muoto, vanhat juuret ja sen tulkintaan liittyv\u00e4t kysymykset selitettyn\u00e4 ymm\u00e4rrett\u00e4v\u00e4sti.","breadcrumb":{"@id":"https:\/\/iwell-guard.com\/fi\/chakana-andien-risti\/#breadcrumb"},"inLanguage":"fi","potentialAction":[{"@type":"ReadAction","target":["https:\/\/iwell-guard.com\/fi\/chakana-andien-risti\/"]}]},{"@type":"ImageObject","inLanguage":"fi","@id":"https:\/\/iwell-guard.com\/fi\/chakana-andien-risti\/#primaryimage","url":"https:\/\/iwell-guard.com\/wp-content\/uploads\/2026\/05\/schutzsymbol_anden_chakana.webp","contentUrl":"https:\/\/iwell-guard.com\/wp-content\/uploads\/2026\/05\/schutzsymbol_anden_chakana.webp","width":1024,"height":1536,"caption":"Suojasymboli. Museaalinen asetelmakuvitus."},{"@type":"BreadcrumbList","@id":"https:\/\/iwell-guard.com\/fi\/chakana-andien-risti\/#breadcrumb","itemListElement":[{"@type":"ListItem","position":1,"name":"Start","item":"https:\/\/iwell-guard.com\/fi\/?page_id=143815"},{"@type":"ListItem","position":2,"name":"Chakana \u2013 Andien risti"}]},{"@type":"WebSite","@id":"https:\/\/iwell-guard.com\/fi\/#website","url":"https:\/\/iwell-guard.com\/fi\/","name":"iWell Guard","description":"Schutz vor dunklen Einfl\u00fcssen","publisher":{"@id":"https:\/\/iwell-guard.com\/fi\/#organization"},"potentialAction":[{"@type":"SearchAction","target":{"@type":"EntryPoint","urlTemplate":"https:\/\/iwell-guard.com\/fi\/?s={search_term_string}"},"query-input":{"@type":"PropertyValueSpecification","valueRequired":true,"valueName":"search_term_string"}}],"inLanguage":"fi"},{"@type":"Organization","@id":"https:\/\/iwell-guard.com\/fi\/#organization","name":"Ittermann electronic GmbH","url":"https:\/\/iwell-guard.com\/fi\/","logo":{"@type":"ImageObject","inLanguage":"fi","@id":"https:\/\/iwell-guard.com\/fi\/#\/schema\/logo\/image\/","url":"https:\/\/iwell-guard.com\/wp-content\/uploads\/2026\/05\/Ittermann-Logo-1182x237-1.png","contentUrl":"https:\/\/iwell-guard.com\/wp-content\/uploads\/2026\/05\/Ittermann-Logo-1182x237-1.png","width":1182,"height":237,"caption":"Ittermann electronic GmbH"},"image":{"@id":"https:\/\/iwell-guard.com\/fi\/#\/schema\/logo\/image\/"},"sameAs":["https:\/\/pantip.com\/profile\/9367242","https:\/\/micro.blog\/iwellguard","https:\/\/www.diggerslist.com\/iwellguard\/about","https:\/\/skitterphoto.com\/photographers\/2870314\/iwell-guard","https:\/\/iwellguard.wordpress.com\/2026\/06\/06\/iwell-guard\/","https:\/\/hub.docker.com\/u\/iwellguard","https:\/\/www.pinterest.com\/iwellguard\/","https:\/\/bit.ly\/m\/iwellguard","https:\/\/entre-vos-mains.alsace.eu\/profiles\/iwellguard\/activity","https:\/\/gravatar.com\/reallybeded8fd34","https:\/\/naijamatta.com\/iwellguard","https:\/\/www.goodreads.com\/iwellguard","https:\/\/profile.hatena.ne.jp\/iwellguard\/","https:\/\/experiment.com\/users\/iwellguard","https:\/\/wakelet.com\/@iWellGuard82270","https:\/\/www.chordie.com\/forum\/profile.php?id=2555664","https:\/\/www.instapaper.com\/p\/17757966","https:\/\/www.mapleprimes.com\/users\/iwellguard","https:\/\/businesslistingplus.com\/profile\/iwell-guard\/","https:\/\/telegra.ph\/iWell-Guard-06-06","https:\/\/pbase.com\/iwellguard\/iwellguard","https:\/\/b.hatena.ne.jp\/iwellguard\/20260607#bookmark-4788405196491818882","https:\/\/fliphtml5.com\/home\/iwellguard","https:\/\/anyflip.com\/homepage\/cmiwl#About","https:\/\/transfur.com\/Users\/iwellguard","http:\/\/delphi.larsbo.org\/user\/iwellguard","https:\/\/jobs.lajobsportal.org\/profiles\/8380803-iwell-guard","https:\/\/md.chaosdorf.de\/s\/jfbe5SBdJD","https:\/\/www.lingvolive.com\/en-us\/profile\/9ecaeaca-ce11-4e51-9e71-01d55e2bff36\/translations","https:\/\/www.fitday.com\/fitness\/forums\/members\/iwellguard.html","https:\/\/www.mymeetbook.com\/iwellguard","https:\/\/pxhere.com\/en\/photographer-me\/5040798","https:\/\/disqus.com\/by\/iwellguard\/about\/","https:\/\/pastelink.net\/hjwciqwq","https:\/\/pubhtml5.com\/homepage\/scjhn\/","https:\/\/www.bitchute.com\/channel\/2O2eOKzNqujT","https:\/\/audiomack.com\/iwellguard"]}]}},"_links":{"self":[{"href":"https:\/\/iwell-guard.com\/fi\/wp-json\/wp\/v2\/pages\/144395","targetHints":{"allow":["GET"]}}],"collection":[{"href":"https:\/\/iwell-guard.com\/fi\/wp-json\/wp\/v2\/pages"}],"about":[{"href":"https:\/\/iwell-guard.com\/fi\/wp-json\/wp\/v2\/types\/page"}],"author":[{"embeddable":true,"href":"https:\/\/iwell-guard.com\/fi\/wp-json\/wp\/v2\/users\/3"}],"replies":[{"embeddable":true,"href":"https:\/\/iwell-guard.com\/fi\/wp-json\/wp\/v2\/comments?post=144395"}],"version-history":[{"count":0,"href":"https:\/\/iwell-guard.com\/fi\/wp-json\/wp\/v2\/pages\/144395\/revisions"}],"wp:featuredmedia":[{"embeddable":true,"href":"https:\/\/iwell-guard.com\/fi\/wp-json\/wp\/v2\/media\/3558"}],"wp:attachment":[{"href":"https:\/\/iwell-guard.com\/fi\/wp-json\/wp\/v2\/media?parent=144395"}],"wp:term":[{"taxonomy":"category","embeddable":true,"href":"https:\/\/iwell-guard.com\/fi\/wp-json\/wp\/v2\/categories?post=144395"}],"curies":[{"name":"wp","href":"https:\/\/api.w.org\/{rel}","templated":true}]}}