{"id":144374,"date":"2026-09-03T12:34:48","date_gmt":"2026-09-03T12:34:48","guid":{"rendered":"https:\/\/iwell-guard.com\/?page_id=144374"},"modified":"2026-09-03T12:57:43","modified_gmt":"2026-09-03T12:57:43","slug":"vegvisir-islantilainen-suojamerkki","status":"publish","type":"page","link":"https:\/\/iwell-guard.com\/fi\/vegvisir-islantilainen-suojamerkki\/","title":{"rendered":"Vegv\u00edsir \u2013 islantilainen tienviitta suojamerkkin\u00e4"},"content":{"rendered":"\t\t<div data-elementor-type=\"wp-page\" data-elementor-id=\"144374\" class=\"elementor elementor-144374 elementor-3617 elementor-bc-flex-widget\" data-elementor-post-type=\"page\">\n\t\t\t\t<div class=\"elementor-element elementor-element-iwgs-vegvisir-hero e-flex e-con-boxed e-con e-parent\" data-id=\"iwgs-vegvisir-hero\" data-element_type=\"container\" data-e-type=\"container\">\n\t\t\t\t\t<div class=\"e-con-inner\">\n\t\t<div class=\"elementor-element elementor-element-iwgs-vegvisir-hl e-flex e-con-boxed e-con e-parent\" data-id=\"iwgs-vegvisir-hl\" data-element_type=\"container\" data-e-type=\"container\">\n\t\t\t\t\t<div class=\"e-con-inner\">\n\t\t<div class=\"elementor-element elementor-element-iwgs-vegvisir-hlbox e-con-full e-flex e-con e-parent\" data-id=\"iwgs-vegvisir-hlbox\" data-element_type=\"container\" data-e-type=\"container\">\n\t\t\t\t<div class=\"elementor-element elementor-element-iwgs-vegvisir-h1 elementor-widget elementor-widget-heading\" data-id=\"iwgs-vegvisir-h1\" data-element_type=\"widget\" data-e-type=\"widget\" data-widget_type=\"heading.default\">\n\t\t\t\t\t<h1 class=\"elementor-heading-title elementor-size-default\">Vegv\u00edsir \u2013 islantilainen suojamerkki eksymist\u00e4 vastaan<\/h1>\t\t\t\t<\/div>\n\t\t\t\t<div class=\"elementor-element elementor-element-iwgs-vegvisir-lead elementor-widget elementor-widget-text-editor\" data-id=\"iwgs-vegvisir-lead\" data-element_type=\"widget\" data-e-type=\"widget\" data-widget_type=\"text-editor.default\">\n\t\t\t\t\t\t\t\t\t<p>Vegv\u00edsir on islantilainen taikamerkki, jonka nimi tarkoittaa suunnilleen sit\u00e4, joka n\u00e4ytt\u00e4\u00e4 tien. Sen mukanaan kantavan uskottiin olevan eksym\u00e4tt\u00e4 my\u00f6s huonolla s\u00e4\u00e4ll\u00e4 ja tuntemattomilla teill\u00e4. Sen alkuper\u00e4 ei kuitenkaan ole viikinkiajalta.<\/p>\t\t\t\t\t\t\t\t<\/div>\n\t\t\t\t<\/div>\n\t\t\t\t<div class=\"elementor-element elementor-element-iwgs-vegvisir-pills elementor-widget elementor-widget-html\" data-id=\"iwgs-vegvisir-pills\" data-element_type=\"widget\" data-e-type=\"widget\" data-widget_type=\"html.default\">\n\t\t\t\t\t<div class=\"iwg-pill-row\"><span class=\"iwg-klasse-badge\" tabindex=\"0\" data-tooltip=\"Suojasymboli, amuletti tai apotropeeninen esine.\">Suojasymboli<\/span><a href=\"https:\/\/iwell-guard.com\/fi\/germaaninen\/\" class=\"iwg-kultur-badge\" tabindex=\"0\" data-tooltip=\"Suojaperinne: germaaninen\">Germaaninen<\/a><span class=\"iwg-tradition-badge\" tabindex=\"0\" data-tooltip=\"Merkki, jolle on annettu maaginen vaikutus.\">Taikamerkki<\/span><\/div>\t\t\t\t<\/div>\n\t\t\t\t\t<\/div>\n\t\t\t\t<\/div>\n\t\t<div class=\"elementor-element elementor-element-iwgs-vegvisir-hr e-con-full e-flex e-con e-parent\" data-id=\"iwgs-vegvisir-hr\" data-element_type=\"container\" data-e-type=\"container\">\n\t\t\t\t<div class=\"elementor-element elementor-element-iwgs-vegvisir-himg iwg-hero-image elementor-widget elementor-widget-image\" data-id=\"iwgs-vegvisir-himg\" data-element_type=\"widget\" data-e-type=\"widget\" data-widget_type=\"image.default\">\n\t\t\t\t\t\t\t\t\t\t\t\t\t\t\t<img fetchpriority=\"high\" decoding=\"async\" width=\"683\" height=\"1024\" src=\"https:\/\/iwell-guard.com\/wp-content\/uploads\/2026\/05\/schutzsymbol_germanisch_vegvisir-683x1024.webp\" class=\"attachment-large size-large wp-image-148555\" alt=\"Vegvisir - suojasymboli, museaalinen kuvitus\" srcset=\"https:\/\/iwell-guard.com\/wp-content\/uploads\/2026\/05\/schutzsymbol_germanisch_vegvisir-683x1024.webp 683w, https:\/\/iwell-guard.com\/wp-content\/uploads\/2026\/05\/schutzsymbol_germanisch_vegvisir-200x300.webp 200w, https:\/\/iwell-guard.com\/wp-content\/uploads\/2026\/05\/schutzsymbol_germanisch_vegvisir-768x1152.webp 768w, https:\/\/iwell-guard.com\/wp-content\/uploads\/2026\/05\/schutzsymbol_germanisch_vegvisir.webp 1024w\" sizes=\"(max-width: 683px) 100vw, 683px\" \/>\t\t\t\t\t\t\t\t\t\t\t\t\t\t\t<\/div>\n\t\t\t\t<\/div>\n\t\t\t\t\t<\/div>\n\t\t\t\t<\/div>\n\t\t<div class=\"elementor-element elementor-element-iwgs-vegvisir-s0 e-flex e-con-boxed e-con e-parent\" data-id=\"iwgs-vegvisir-s0\" data-element_type=\"container\" data-e-type=\"container\">\n\t\t\t\t\t<div class=\"e-con-inner\">\n\t\t\t\t<div class=\"elementor-element elementor-element-iwgs-vegvisir-s0h elementor-widget elementor-widget-heading\" data-id=\"iwgs-vegvisir-s0h\" data-element_type=\"widget\" data-e-type=\"widget\" data-widget_type=\"heading.default\">\n\t\t\t\t\t<h2 class=\"elementor-heading-title elementor-size-default\">Yleiskatsaus<\/h2>\t\t\t\t<\/div>\n\t\t<div class=\"elementor-element elementor-element-iwgs-vegvisir-s0box e-con-full e-flex e-con e-parent\" data-id=\"iwgs-vegvisir-s0box\" data-element_type=\"container\" data-e-type=\"container\">\n\t\t\t\t<div class=\"elementor-element elementor-element-iwgs-vegvisir-s0t elementor-widget elementor-widget-text-editor\" data-id=\"iwgs-vegvisir-s0t\" data-element_type=\"widget\" data-e-type=\"widget\" data-widget_type=\"text-editor.default\">\n\t\t\t\t\t\t\t\t\t<p>Vegv\u00edsir on merkki islantilaisesta taikasauvojen perinteest\u00e4. Se koostuu kahdeksasta sauvamaisesta haarasta, jotka l\u00e4htev\u00e4t yhteisest\u00e4 keskipisteest\u00e4.<\/p><p>Kukin n\u00e4ist\u00e4 haaroista on muodoltaan erilainen ja siin\u00e4 on pieni\u00e4 haarautumia tai poikkiviivoja. T\u00e4m\u00e4 tarkka, t\u00e4htim\u00e4inen rakenne tekee Vegv\u00edsirist\u00e4 helposti tunnistettavan. Se on yksi tunnetuimmista merkeist\u00e4, jotka yhdistet\u00e4\u00e4n <a href=\"https:\/\/iwell-guard.com\/fi\/germaaninen\/\">germaanis-pohjoismaiseen<\/a> maailmaan.<\/p><p>Sen teht\u00e4v\u00e4 on selke\u00e4sti m\u00e4\u00e4ritelty. Vegv\u00edsirin uskottiin suojaavan kantajaansa eksymiselt\u00e4. Merkki\u00e4 mukanaan pit\u00e4v\u00e4n uskottiin l\u00f6yt\u00e4v\u00e4n oikean tien my\u00f6s myrskyss\u00e4 ja huonolla s\u00e4\u00e4ll\u00e4, vaikka tie olisi h\u00e4nelle tuntematon.<\/p><p>T\u00e4m\u00e4 merkitys on nimenomaisesti kirjattu vanhaan l\u00e4hteeseen. Vegv\u00edsir on siten suojamerkki hyvin konkreettiseen el\u00e4m\u00e4ntilanteeseen.<\/p><p>In der <span class=\"iwg-fachbegriff\" data-tooltip=\"Tiede, joka tutkii uskontoja vertailevasti ja sitoutumatta mihink\u00e4\u00e4n uskoon.\" tabindex=\"0\">Uskontotieteess\u00e4<\/span> ja kansanmagian tutkimuksessa Vegv\u00edsir sijoitetaan huolellisesti oikeaan yhteyteen. Se ei kuulu viikinkiaikaan, vaikka sit\u00e4 nykyisin usein kuvataan sellaisena. Sen todistettavissa oleva historia alkaa huomattavasti my\u00f6hemmin. T\u00e4m\u00e4 ajallinen sijoittaminen on ratkaisevan t\u00e4rke\u00e4\u00e4 merkin oikean ymm\u00e4rt\u00e4misen kannalta.<\/p><p>Vegv\u00edsir on siten opettavainen esimerkki. Se osoittaa, kuinka merkki voi olla per\u00e4isin tarkasti ajoitettavasta <span class=\"iwg-fachbegriff\" data-tooltip=\"Tiedon ja kertomusten v\u00e4littyminen sukupolvelta toiselle.\" tabindex=\"0\">perim\u00e4tiedosta<\/span> ja tulla siit\u00e4 huolimatta yleisess\u00e4 mielikuvassa liitetyksi aivan toiseen aikakauteen. Asiallinen esitys erottaa todistetun tiedon suositusta mielikuvasta. Juuri Vegv\u00edsirin kohdalla t\u00e4m\u00e4 erottelu on erityisen t\u00e4rke\u00e4.<\/p>\t\t\t\t\t\t\t\t<\/div>\n\t\t\t\t<\/div>\n\t\t\t\t\t<\/div>\n\t\t\t\t<\/div>\n\t\t<div class=\"elementor-element elementor-element-iwgs-vegvisir-s1 e-flex e-con-boxed e-con e-parent\" data-id=\"iwgs-vegvisir-s1\" data-element_type=\"container\" data-e-type=\"container\">\n\t\t\t\t\t<div class=\"e-con-inner\">\n\t\t\t\t<div class=\"elementor-element elementor-element-iwgs-vegvisir-s1h elementor-widget elementor-widget-heading\" data-id=\"iwgs-vegvisir-s1h\" data-element_type=\"widget\" data-e-type=\"widget\" data-widget_type=\"heading.default\">\n\t\t\t\t\t<h2 class=\"elementor-heading-title elementor-size-default\">Nimi: se, joka n\u00e4ytt\u00e4\u00e4 tien<\/h2>\t\t\t\t<\/div>\n\t\t<div class=\"elementor-element elementor-element-iwgs-vegvisir-s1box e-con-full e-flex e-con e-parent\" data-id=\"iwgs-vegvisir-s1box\" data-element_type=\"container\" data-e-type=\"container\">\n\t\t\t\t<div class=\"elementor-element elementor-element-iwgs-vegvisir-s1t elementor-widget elementor-widget-text-editor\" data-id=\"iwgs-vegvisir-s1t\" data-element_type=\"widget\" data-e-type=\"widget\" data-widget_type=\"text-editor.default\">\n\t\t\t\t\t\t\t\t\t<p>Nimi Vegv\u00edsir on per\u00e4isin islannin kielest\u00e4 ja on helposti ymm\u00e4rrett\u00e4v\u00e4. Se koostuu tiet\u00e4 tarkoittavasta sanasta ja osasta, joka merkitsee n\u00e4ytt\u00e4mist\u00e4 tai osoittamista. Sananmukaisesti Vegv\u00edsir tarkoittaa siis sit\u00e4, joka n\u00e4ytt\u00e4\u00e4 tien. Nimi kertoo siten suoraan merkin teht\u00e4v\u00e4n.<\/p><p>Nimen selkeys on huomionarvoista. Monien vanhojen suojamerkkien alkuper\u00e4inen nimi on tuntematon tai ep\u00e4varma. Vegv\u00edsirin kohdalla nimi on kuitenkin s\u00e4ilynyt siin\u00e4 l\u00e4hteess\u00e4, joka kuvaa merkin. Nimi ja merkitys kuuluvat t\u00e4ss\u00e4 yhteen alusta alkaen.<\/p><p>Nykykielenk\u00e4yt\u00f6ss\u00e4 Vegv\u00edsiri\u00e4 kutsutaan usein viikingikompassiksi. T\u00e4m\u00e4 nimitys on kuitenkin harhaanjohtava. Se yhdist\u00e4\u00e4 merkin viikinkiaikaan ja kompassilaitteeseen. Kumpikaan ei pid\u00e4 paikkaansa, sill\u00e4 Vegv\u00edsir ei ole per\u00e4isin viikinkiajalta eik\u00e4 ole kompassi teknisess\u00e4 mieless\u00e4.<\/p><p>Osuvampi on nimen sananmukainen k\u00e4\u00e4nn\u00f6s. Vegv\u00edsir ei n\u00e4yt\u00e4 tiet\u00e4 neulan ja ilmansuunnan avulla, vaan taikamerkkin\u00e4, joka suojaa kantajaansa. Nimen vakavasti ottava ymm\u00e4rt\u00e4\u00e4 merkin oikein. Vegv\u00edsir on eksym\u00e4tt\u00f6myyden merkki, ei mittalaite.<\/p>\t\t\t\t\t\t\t\t<\/div>\n\t\t\t\t<\/div>\n\t\t\t\t\t<\/div>\n\t\t\t\t<\/div>\n\t\t<div class=\"elementor-element elementor-element-iwgs-vegvisir-s2 e-flex e-con-boxed e-con e-parent\" data-id=\"iwgs-vegvisir-s2\" data-element_type=\"container\" data-e-type=\"container\">\n\t\t\t\t\t<div class=\"e-con-inner\">\n\t\t\t\t<div class=\"elementor-element elementor-element-iwgs-vegvisir-s2h elementor-widget elementor-widget-heading\" data-id=\"iwgs-vegvisir-s2h\" data-element_type=\"widget\" data-e-type=\"widget\" data-widget_type=\"heading.default\">\n\t\t\t\t\t<h2 class=\"elementor-heading-title elementor-size-default\">Islantilaiset taikasauvat<\/h2>\t\t\t\t<\/div>\n\t\t<div class=\"elementor-element elementor-element-iwgs-vegvisir-s2box e-con-full e-flex e-con e-parent\" data-id=\"iwgs-vegvisir-s2box\" data-element_type=\"container\" data-e-type=\"container\">\n\t\t\t\t<div class=\"elementor-element elementor-element-iwgs-vegvisir-s2t elementor-widget elementor-widget-text-editor\" data-id=\"iwgs-vegvisir-s2t\" data-element_type=\"widget\" data-e-type=\"widget\" data-widget_type=\"text-editor.default\">\n\t\t\t\t\t\t\t\t\t<p>Vegv\u00edsir kuuluu omaan merkkiryhm\u00e4\u00e4ns\u00e4, islantilaisiin taikasauvoihin. Islannin kieless\u00e4 niit\u00e4 kutsutaan nimell\u00e4 galdrastafir. Kyseess\u00e4 ovat geometriset merkit, jotka koostuvat sauvoista, viivoista ja pienist\u00e4 haarautumista. Kullekin n\u00e4ist\u00e4 merkeist\u00e4 on annettu tietty vaikutus.<\/p><p>N\u00e4it\u00e4 taikasauvoja k\u00e4ytettiin islantilaisessa kansanmagiassa keskiajan j\u00e4lkeisen\u00e4 aikana. Ne on s\u00e4ilynyt k\u00e4sinkirjoitetuissa kokoelmissa, joihin tallennettiin maagista tietoa. N\u00e4iss\u00e4 kokoelmissa merkit esiintyv\u00e4t loitsujen, reseptien ja ohjeiden rinnalla. Ne muodostavat yhten\u00e4isen k\u00e4yt\u00e4nn\u00f6n <span class=\"iwg-fachbegriff\" data-tooltip=\"K\u00e4yt\u00e4nt\u00f6j\u00e4, joilla pyrit\u00e4\u00e4n vaikuttamaan tapahtumien kulkuun erityisten toimintojen tai kaavojen avulla.\" tabindex=\"0\">magian<\/span> alan.<\/p><p>Islantilaiset taikasauvat eiv\u00e4t ole suoraa jatkumoa muinaispohjoismaiselle uskonnolle. Niihin sulautui useita vaikutteita, kuten kristillisi\u00e4 k\u00e4sityksi\u00e4 ja mannereurooppalaista oppinutta maagista perinnett\u00e4. Galdrastafir on siten itsen\u00e4inen, my\u00f6hempi ilmi\u00f6. Ne yhdist\u00e4v\u00e4t useita perinteit\u00e4 uudeksi kokonaisuudeksi.<\/p><p>Vegv\u00edsir on t\u00e4m\u00e4n ryhm\u00e4n sis\u00e4ll\u00e4 yksitt\u00e4inen merkki, jolla on oma teht\u00e4v\u00e4ns\u00e4. Muiden taikasauvojen uskottiin auttavan varkauksia vastaan, rakkauden voittamisessa tai riidoissa. Vegv\u00edsir vastasi matkalla tapahtuvasta suojauksesta. Sill\u00e4 oli siten vakiintunut paikkansa koko merkkij\u00e4rjestelm\u00e4ss\u00e4.<\/p>\t\t\t\t\t\t\t\t<\/div>\n\t\t\t\t<\/div>\n\t\t\t\t\t<\/div>\n\t\t\t\t<\/div>\n\t\t<div class=\"elementor-element elementor-element-iwgs-vegvisir-s3 e-flex e-con-boxed e-con e-parent\" data-id=\"iwgs-vegvisir-s3\" data-element_type=\"container\" data-e-type=\"container\">\n\t\t\t\t\t<div class=\"e-con-inner\">\n\t\t\t\t<div class=\"elementor-element elementor-element-iwgs-vegvisir-s3h elementor-widget elementor-widget-heading\" data-id=\"iwgs-vegvisir-s3h\" data-element_type=\"widget\" data-e-type=\"widget\" data-widget_type=\"heading.default\">\n\t\t\t\t\t<h2 class=\"elementor-heading-title elementor-size-default\">K\u00e4sikirjoitukset<\/h2>\t\t\t\t<\/div>\n\t\t<div class=\"elementor-element elementor-element-iwgs-vegvisir-s3box e-con-full e-flex e-con e-parent\" data-id=\"iwgs-vegvisir-s3box\" data-element_type=\"container\" data-e-type=\"container\">\n\t\t\t\t<div class=\"elementor-element elementor-element-iwgs-vegvisir-s3t elementor-widget elementor-widget-text-editor\" data-id=\"iwgs-vegvisir-s3t\" data-element_type=\"widget\" data-e-type=\"widget\" data-widget_type=\"text-editor.default\">\n\t\t\t\t\t\t\t\t\t<p>Vegv\u00edsirin tunteminen perustuu pieneen m\u00e4\u00e4r\u00e4\u00e4n islantilaisia k\u00e4sikirjoituksia. T\u00e4rkein niist\u00e4 on 1800-luvulla kokoon koottu maagisten merkkien kokoelma. T\u00e4m\u00e4 k\u00e4sikirjoitus sis\u00e4lt\u00e4\u00e4 merkin ja sen lyhyen selityksen. Se on Vegv\u00edsirin keskeisin l\u00e4hde.<\/p><p>K\u00e4sikirjoituksen selitys on lyhyt mutta selke\u00e4. Sen mukaan merkki\u00e4 mukanaan kantava ei eksy, ei myrskyss\u00e4 eik\u00e4 huonolla s\u00e4\u00e4ll\u00e4, ei silloinkaan, kun tie on h\u00e4nelle tuntematon. N\u00e4iden muutamien lauseiden varaan Vegv\u00edsirin merkitys rakentuu.<\/p><p>Itse k\u00e4sikirjoitus on per\u00e4isin 1800-luvulta. Sen laati islantilainen ker\u00e4\u00e4j\u00e4, joka kokosi vanhaa maagista tietoa. Sit\u00e4, kuinka pitk\u00e4lle yksitt\u00e4iset merkit ulottuvat ajassa taaksep\u00e4in ennen t\u00e4t\u00e4 kokoelmaa, ei aina voida tarkasti sanoa. Vegv\u00edsirin kohdalla t\u00e4m\u00e4 kokoelma on joka tapauksessa vanhin varma todiste.<\/p><p>T\u00e4st\u00e4 seuraa t\u00e4rke\u00e4 havainto. Vegv\u00edsir on t\u00e4ss\u00e4 merkityksess\u00e4 varmuudella todennettavissa vasta 1800-luvulta l\u00e4htien. Aiempia todisteita ei ole. T\u00e4m\u00e4 l\u00e4hdetilanne on otettava huomioon aina, kun merkki\u00e4 esitell\u00e4\u00e4n, sill\u00e4 se m\u00e4\u00e4ritt\u00e4\u00e4, mit\u00e4 Vegv\u00edsirin i\u00e4st\u00e4 voidaan sanoa.<\/p>\t\t\t\t\t\t\t\t<\/div>\n\t\t\t\t<\/div>\n\t\t\t\t\t<\/div>\n\t\t\t\t<\/div>\n\t\t<div class=\"elementor-element elementor-element-iwgs-vegvisir-s4 e-flex e-con-boxed e-con e-parent\" data-id=\"iwgs-vegvisir-s4\" data-element_type=\"container\" data-e-type=\"container\">\n\t\t\t\t\t<div class=\"e-con-inner\">\n\t\t\t\t<div class=\"elementor-element elementor-element-iwgs-vegvisir-s4h elementor-widget elementor-widget-heading\" data-id=\"iwgs-vegvisir-s4h\" data-element_type=\"widget\" data-e-type=\"widget\" data-widget_type=\"heading.default\">\n\t\t\t\t\t<h2 class=\"elementor-heading-title elementor-size-default\">Muoto: kahdeksan sauvaa keskipisteen ymp\u00e4rill\u00e4<\/h2>\t\t\t\t<\/div>\n\t\t<div class=\"elementor-element elementor-element-iwgs-vegvisir-s4box e-con-full e-flex e-con e-parent\" data-id=\"iwgs-vegvisir-s4box\" data-element_type=\"container\" data-e-type=\"container\">\n\t\t\t\t<div class=\"elementor-element elementor-element-iwgs-vegvisir-s4t elementor-widget elementor-widget-text-editor\" data-id=\"iwgs-vegvisir-s4t\" data-element_type=\"widget\" data-e-type=\"widget\" data-widget_type=\"text-editor.default\">\n\t\t\t\t\t\t\t\t\t<p>Vegv\u00edsirin muoto on tarkoin j\u00e4sennelty. Keskipisteest\u00e4 l\u00e4htee kahdeksan haaraa, jotka osoittavat tasaisesti kaikkiin suuntiin. T\u00e4m\u00e4 kahdeksanjako muistuttaa horisontin jakamista kahdeksaan suuntaan. Se antaa merkille t\u00e4htim\u00e4isen, tasapainoisen ulkoasun.<\/p><p>Toisin kuin s\u00e4\u00e4nn\u00f6llisess\u00e4 t\u00e4hdess\u00e4, kahdeksan haaraa eiv\u00e4t kuitenkaan ole kesken\u00e4\u00e4n samanlaisia. Jokaisella haaralla on oma k\u00e4rkens\u00e4, omat poikkiviivansa tai pienet haaransa. Yksik\u00e4\u00e4n haara ei muistuta t\u00e4ysin toista. T\u00e4m\u00e4 haarojen erilaisuus on Vegv\u00edsirin tunnusmerkki.<\/p><p>Sauvamaisista viivoista koostuva rakenne yhdist\u00e4\u00e4 Vegv\u00edsirin muihin galdrastafiriin. Nekin muodostuvat t\u00e4llaisista haarautuvista sauvoista. Sana sauva termiss\u00e4 taikasauva viittaa juuri t\u00e4h\u00e4n rakennustapaan. Vegv\u00edsir on ik\u00e4\u00e4n kuin koottu kahdeksasta yksitt\u00e4isest\u00e4 taikasauvasta yhteisen keskipisteen ymp\u00e4rille.<\/p><p>Muodon geometrinen selkeys on osaltaan lis\u00e4nnyt merkin suosiota. Vegv\u00edsir on helppo piirt\u00e4\u00e4, kaivertaa ja tatuoida. Sen tasapainoinen t\u00e4htimuoto vaikuttaa j\u00e4sentyneelt\u00e4 ja miellytt\u00e4v\u00e4lt\u00e4. T\u00e4m\u00e4 muodollinen vahvuus on yksi syy sen laajaan nykyaikaiseen levinneisyyteen.<\/p>\t\t\t\t\t\t\t\t<\/div>\n\t\t\t\t<\/div>\n\t\t\t\t\t<\/div>\n\t\t\t\t<\/div>\n\t\t<div class=\"elementor-element elementor-element-iwgs-vegvisir-s5 e-flex e-con-boxed e-con e-parent\" data-id=\"iwgs-vegvisir-s5\" data-element_type=\"container\" data-e-type=\"container\">\n\t\t\t\t\t<div class=\"e-con-inner\">\n\t\t\t\t<div class=\"elementor-element elementor-element-iwgs-vegvisir-s5h elementor-widget elementor-widget-heading\" data-id=\"iwgs-vegvisir-s5h\" data-element_type=\"widget\" data-e-type=\"widget\" data-widget_type=\"heading.default\">\n\t\t\t\t\t<h2 class=\"elementor-heading-title elementor-size-default\">Suojaava teht\u00e4v\u00e4: suoja eksymiselt\u00e4<\/h2>\t\t\t\t<\/div>\n\t\t<div class=\"elementor-element elementor-element-iwgs-vegvisir-s5box e-con-full e-flex e-con e-parent\" data-id=\"iwgs-vegvisir-s5box\" data-element_type=\"container\" data-e-type=\"container\">\n\t\t\t\t<div class=\"elementor-element elementor-element-iwgs-vegvisir-s5t elementor-widget elementor-widget-text-editor\" data-id=\"iwgs-vegvisir-s5t\" data-element_type=\"widget\" data-e-type=\"widget\" data-widget_type=\"text-editor.default\">\n\t\t\t\t\t\t\t\t\t<p>Vegv\u00edsirin suojaava teht\u00e4v\u00e4 on tarkasti ja rajatusti m\u00e4\u00e4ritelty. Sen tarkoitus on suojata eksymiselt\u00e4. Merkki kohdistuu siis hyvin konkreettiseen vaaraan: tien menett\u00e4miseen ja harhailemiseen.<\/p><p>Islannin elinymp\u00e4rist\u00f6ss\u00e4 t\u00e4m\u00e4 vaara ei ollut v\u00e4h\u00e4inen. Maa on t\u00e4ynn\u00e4 vuoria, laavakentti\u00e4 ja laajoja, vaikeakulkuisia alueita. \u00c4killiset s\u00e4\u00e4nmuutokset, sumu ja lumimyrskyt saattoivat nopeasti vied\u00e4 matkalaiselta suunnistuskyvyn. Eksyminen t\u00e4llaisissa oloissa merkitsi vakavaa hengenvaaraa.<\/p><p>T\u00e4t\u00e4 taustaa vasten Vegv\u00edsirin merkitys tulee ymm\u00e4rrett\u00e4v\u00e4ksi. Se oli merkki ihmisille, jotka l\u00e4htiv\u00e4t matkaan ja toivoivat p\u00e4\u00e4sev\u00e4ns\u00e4 turvallisesti perille. Sen lupaama suoja liittyi siis suoraan arkiel\u00e4m\u00e4\u00e4n. Se vastasi todelliseen huoleen.<\/p><p>Vegv\u00edsir kuuluu n\u00e4in laajaan ryhm\u00e4\u00e4n matkantekoon liittyvi\u00e4 suojamerkkej\u00e4. My\u00f6s muissa kulttuureissa tunnetaan merkkej\u00e4 ja esineit\u00e4, joiden on tarkoitus suojata matkalaisia. Vegv\u00edsir on t\u00e4m\u00e4n yleisen huolen islantilainen ilmenemismuoto. Se ei suojaa taloa eik\u00e4 lasta, vaan matkalla olevaa ihmist\u00e4.<\/p>\t\t\t\t\t\t\t\t<\/div>\n\t\t\t\t<\/div>\n\t\t\t\t\t<\/div>\n\t\t\t\t<\/div>\n\t\t<div class=\"elementor-element elementor-element-iwgs-vegvisir-s6 e-flex e-con-boxed e-con e-parent\" data-id=\"iwgs-vegvisir-s6\" data-element_type=\"container\" data-e-type=\"container\">\n\t\t\t\t\t<div class=\"e-con-inner\">\n\t\t\t\t<div class=\"elementor-element elementor-element-iwgs-vegvisir-s6h elementor-widget elementor-widget-heading\" data-id=\"iwgs-vegvisir-s6h\" data-element_type=\"widget\" data-e-type=\"widget\" data-widget_type=\"heading.default\">\n\t\t\t\t\t<h2 class=\"elementor-heading-title elementor-size-default\">Kysymys i\u00e4st\u00e4<\/h2>\t\t\t\t<\/div>\n\t\t<div class=\"elementor-element elementor-element-iwgs-vegvisir-s6box e-con-full e-flex e-con e-parent\" data-id=\"iwgs-vegvisir-s6box\" data-element_type=\"container\" data-e-type=\"container\">\n\t\t\t\t<div class=\"elementor-element elementor-element-iwgs-vegvisir-s6t elementor-widget elementor-widget-text-editor\" data-id=\"iwgs-vegvisir-s6t\" data-element_type=\"widget\" data-e-type=\"widget\" data-widget_type=\"text-editor.default\">\n\t\t\t\t\t\t\t\t\t<p>Vegv\u00edsirin kohdalla kysymys i\u00e4st\u00e4 on erityisen t\u00e4rke\u00e4. Nykyisess\u00e4 mielikuvassa merkki miellet\u00e4\u00e4n usein viikinkiaikaiseksi. Se yhdistet\u00e4\u00e4n pohjoisen merenkulkijoihin, lohik\u00e4\u00e4rmelaivoihin ja muinaisskandinaavisten jumalten maailmaan. T\u00e4t\u00e4 yhteytt\u00e4 ei kuitenkaan voida osoittaa l\u00e4hteill\u00e4.<\/p><p>Vegv\u00edsirin todistettava historia alkaa vasta 1800-luvulla. Viikinkiajalta, siis vuoden 1000 tienoilta, ei ole l\u00f6yd\u00f6ksi\u00e4 eik\u00e4 l\u00e4hteit\u00e4, joissa merkki esiintyisi. Viikinkiajan ja ensimm\u00e4isen s\u00e4ilyneen kuvauksen v\u00e4lill\u00e4 on monta vuosisataa, joilta todisteita ei ole.<\/p><p>Vegv\u00edsir kuuluu sen sijaan keskiajan j\u00e4lkeiseen islantilaiseen kansanmagiaan. T\u00e4m\u00e4 perinne on itsess\u00e4\u00e4n vanha ja arvokas, mutta sit\u00e4 ei voi rinnastaa viikinkiajan uskontoon. Galdrastafirit syntyiv\u00e4t kristillisen\u00e4 aikana ja sulattivat itseens\u00e4 erilaisia vaikutteita. Vegv\u00edsir on t\u00e4m\u00e4n my\u00f6hemm\u00e4n aikakauden lapsi.<\/p><p>T\u00e4m\u00e4 t\u00e4smennys ei v\u00e4henn\u00e4 merkin kiehtovuutta. Vegv\u00edsir on edelleen vaikuttava suojamerkki, jolla on selke\u00e4, kaunis muoto ja koskettava merkitys. Se ei vain ole viikinkiaikainen merkki. Rehellinen esitys tuo t\u00e4m\u00e4n eron esiin sen sijaan, ett\u00e4 se toistaisi yleisen mutta virheellisen k\u00e4sityksen.<\/p>\t\t\t\t\t\t\t\t<\/div>\n\t\t\t\t<\/div>\n\t\t\t\t\t<\/div>\n\t\t\t\t<\/div>\n\t\t<div class=\"elementor-element elementor-element-iwgs-vegvisir-s7 e-flex e-con-boxed e-con e-parent\" data-id=\"iwgs-vegvisir-s7\" data-element_type=\"container\" data-e-type=\"container\">\n\t\t\t\t\t<div class=\"e-con-inner\">\n\t\t\t\t<div class=\"elementor-element elementor-element-iwgs-vegvisir-s7h elementor-widget elementor-widget-heading\" data-id=\"iwgs-vegvisir-s7h\" data-element_type=\"widget\" data-e-type=\"widget\" data-widget_type=\"heading.default\">\n\t\t\t\t\t<h2 class=\"elementor-heading-title elementor-size-default\">Vegv\u00edsir ja sukua olevat taikamerkit<\/h2>\t\t\t\t<\/div>\n\t\t<div class=\"elementor-element elementor-element-iwgs-vegvisir-s7box e-con-full e-flex e-con e-parent\" data-id=\"iwgs-vegvisir-s7box\" data-element_type=\"container\" data-e-type=\"container\">\n\t\t\t\t<div class=\"elementor-element elementor-element-iwgs-vegvisir-s7t elementor-widget elementor-widget-text-editor\" data-id=\"iwgs-vegvisir-s7t\" data-element_type=\"widget\" data-e-type=\"widget\" data-widget_type=\"text-editor.default\">\n\t\t\t\t\t\t\t\t\t<p>Vegv\u00edsir ei ole galdrastafirien joukossa yksin\u00e4inen. L\u00e4heist\u00e4 sukua sille on \u00c6gishj\u00e1lmur, jota kutsutaan usein kauhun kyp\u00e4r\u00e4ksi. Sekin on t\u00e4htim\u00e4inen merkki, joka koostuu keskipisteest\u00e4 l\u00e4htevist\u00e4 sauvamaisista haaroista. Vegv\u00edsir ja \u00c6gishj\u00e1lmur mainitaan nykyisin usein yhdess\u00e4.<\/p><p>Ulkoisesta samankaltaisuudesta huolimatta n\u00e4iden kahden merkin teht\u00e4v\u00e4t eroavat toisistaan. \u00c6gishj\u00e1lmurin oli tarkoitus antaa kantajalleen suojaa ja ylivoimaa, erityisesti ahdingossa ja yhteenotoissa. Vegv\u00edsir sen sijaan on suunnattu suojaamaan eksymiselt\u00e4. Kummallakin merkill\u00e4 on oma tarkoituksensa.<\/p><p>Molemmat kuuluvat samaan islantilaisten taikasauvojen maailmaan ja jakavat sen ominaispiirteet. Ne on rakennettu sauvoista, ne ovat s\u00e4ilyneet k\u00e4sikirjoituksissa, ja ne ovat per\u00e4isin keskiajan j\u00e4lkeisest\u00e4 kansanmagiasta. Vegv\u00edsirin ymm\u00e4rt\u00e4miseksi sit\u00e4 kannattaakin tarkastella osana t\u00e4t\u00e4 koko ryhm\u00e4\u00e4.<\/p><p>Galdrastafirit k\u00e4sitt\u00e4v\u00e4t monta muutakin merkki\u00e4 erilaisiin tarpeisiin. Vegv\u00edsir ja \u00c6gishj\u00e1lmur ovat niist\u00e4 ainoastaan tunnetuimmat kaksi. T\u00e4m\u00e4 asemointi osoittaa, ettei Vegv\u00edsir ole yksitt\u00e4inen, irrallinen merkki. Se on osa rikasta islantilaista <span class=\"iwg-fachbegriff\" data-tooltip=\"Tiedon ja kertomusten v\u00e4littymist\u00e4 sukupolvelta toiselle.\" tabindex=\"0\">perinnett\u00e4<\/span>, joka koskee k\u00e4yt\u00e4nn\u00f6n suojamagiaa.<\/p>\t\t\t\t\t\t\t\t<\/div>\n\t\t\t\t<\/div>\n\t\t\t\t\t<\/div>\n\t\t\t\t<\/div>\n\t\t<div class=\"elementor-element elementor-element-iwgs-vegvisir-s8 e-flex e-con-boxed e-con e-parent\" data-id=\"iwgs-vegvisir-s8\" data-element_type=\"container\" data-e-type=\"container\">\n\t\t\t\t\t<div class=\"e-con-inner\">\n\t\t\t\t<div class=\"elementor-element elementor-element-iwgs-vegvisir-s8h elementor-widget elementor-widget-heading\" data-id=\"iwgs-vegvisir-s8h\" data-element_type=\"widget\" data-e-type=\"widget\" data-widget_type=\"heading.default\">\n\t\t\t\t\t<h2 class=\"elementor-heading-title elementor-size-default\">Nykyaikainen vastaanotto<\/h2>\t\t\t\t<\/div>\n\t\t<div class=\"elementor-element elementor-element-iwgs-vegvisir-s8box e-con-full e-flex e-con e-parent\" data-id=\"iwgs-vegvisir-s8box\" data-element_type=\"container\" data-e-type=\"container\">\n\t\t\t\t<div class=\"elementor-element elementor-element-iwgs-vegvisir-s8t elementor-widget elementor-widget-text-editor\" data-id=\"iwgs-vegvisir-s8t\" data-element_type=\"widget\" data-e-type=\"widget\" data-widget_type=\"text-editor.default\">\n\t\t\t\t\t\t\t\t\t<p>Vegv\u00edsir on nyky\u00e4\u00e4n eritt\u00e4in suosittu. Se on yksi suosituimmista aiheista, kun kyse on pohjoismaisen maailman merkeist\u00e4. Erityisesti tatuointina se on kysytty, mutta se esiintyy my\u00f6s koruissa, vaatteissa ja muussa muotoilussa.<\/p><p>T\u00e4m\u00e4n suosion Vegv\u00edsir on saanut selke\u00e4n, vieh\u00e4tt\u00e4v\u00e4n muotonsa ja koskettavan merkityksens\u00e4 ansiosta. Ajatus kantaa merkki\u00e4, joka suojaa eksymiselt\u00e4, puhuttelee monia ihmisi\u00e4. Sen voi ymm\u00e4rt\u00e4\u00e4 my\u00f6s vertauskuvallisesti, merkkin\u00e4 siit\u00e4, ett\u00e4 el\u00e4m\u00e4ss\u00e4 l\u00f6yt\u00e4\u00e4 oman tiens\u00e4.<\/p><p>Suosion mukana kulkee kuitenkin edell\u00e4 mainittu virheellinen ajoitus. Vegv\u00edsir esitet\u00e4\u00e4n usein vanhana viikinkiaikaisena merkkin\u00e4. T\u00e4m\u00e4 k\u00e4sitys on ymm\u00e4rrett\u00e4v\u00e4, koska se yhdist\u00e4\u00e4 merkin kiehtovaan aikakauteen, mutta se ei pid\u00e4 asiallisesti paikkaansa. Tarkan esityksen tulisi oikaista t\u00e4m\u00e4 huolellisesti.<\/p><p>Vegv\u00edsir on siten kahdella tavalla kiinnostava merkki. Se on aito islantilaisesta kansanmagiasta per\u00e4isin oleva suojamerkki, jonka merkitys on hyvin dokumentoitu. Ja se on esimerkki siit\u00e4, miten merkit ajautuvat nykyisess\u00e4 historiakuvassa helposti v\u00e4\u00e4rille aikakausille. Molemmat puolet kuuluvat Vegv\u00edsirin t\u00e4ydelliseen esittelyyn.<\/p>\t\t\t\t\t\t\t\t<\/div>\n\t\t\t\t<\/div>\n\t\t\t\t\t<\/div>\n\t\t\t\t<\/div>\n\t\t<div class=\"elementor-element elementor-element-iwgs-vegvisir-lit e-flex e-con-boxed e-con e-parent\" data-id=\"iwgs-vegvisir-lit\" data-element_type=\"container\" data-e-type=\"container\">\n\t\t\t\t\t<div class=\"e-con-inner\">\n\t\t\t\t<div class=\"elementor-element elementor-element-iwgs-vegvisir-lith elementor-widget elementor-widget-heading\" data-id=\"iwgs-vegvisir-lith\" data-element_type=\"widget\" data-e-type=\"widget\" data-widget_type=\"heading.default\">\n\t\t\t\t\t<h2 class=\"elementor-heading-title elementor-size-default\">Kirjallisuus (valikoima)<\/h2>\t\t\t\t<\/div>\n\t\t<div class=\"elementor-element elementor-element-iwgs-vegvisir-litbox e-con-full e-flex e-con e-parent\" data-id=\"iwgs-vegvisir-litbox\" data-element_type=\"container\" data-e-type=\"container\">\n\t\t\t\t<div class=\"elementor-element elementor-element-iwgs-vegvisir-litt elementor-widget elementor-widget-html\" data-id=\"iwgs-vegvisir-litt\" data-element_type=\"widget\" data-e-type=\"widget\" data-widget_type=\"html.default\">\n\t\t\t\t\t<footer data-nosnippet=\"true\"><ul><li>Magn\u00fas Rafnsson: <em>Two Icelandic Books of Magic<\/em> (2008)<\/li><li>Matth\u00edas Vi\u00f0ar S\u00e6mundsson: <em>Galdrar \u00e1 \u00cdslandi<\/em> (1992)<\/li><li>Stephen Flowers: <em>Icelandic Magic<\/em> (2016)<\/li><li>\u00d3l\u00edna \u00deorvar\u00f0ard\u00f3ttir: <em>Studien zur isl\u00e4ndischen Volksmagie<\/em><\/li><li>Rudolf Simek: <em>Lexikon der germanischen Mythologie<\/em> (2006)<\/li><\/ul><\/footer>\t\t\t\t<\/div>\n\t\t\t\t<\/div>\n\t\t\t\t\t<\/div>\n\t\t\t\t<\/div>\n\t\t<div class=\"elementor-element elementor-element-iwgs-vegvisir-kwd e-flex e-con-boxed e-con e-parent\" data-id=\"iwgs-vegvisir-kwd\" data-element_type=\"container\" data-e-type=\"container\">\n\t\t\t\t\t<div class=\"e-con-inner\">\n\t\t\t\t<div class=\"elementor-element elementor-element-iwgs-vegvisir-kwdt elementor-widget elementor-widget-text-editor\" data-id=\"iwgs-vegvisir-kwdt\" data-element_type=\"widget\" data-e-type=\"widget\" data-widget_type=\"text-editor.default\">\n\t\t\t\t\t\t\t\t\t<p><em>Aiheeseen liittyv\u00e4t avainsanat: Vegv\u00edsir Galdrastafir taikasauva Islanti tienviitta \u00c6gishj\u00e1lmur kansanmagia Huld suojamerkki.<\/em><\/p>\t\t\t\t\t\t\t\t<\/div>\n\t\t\t\t\t<\/div>\n\t\t\t\t<\/div>\n\t\t<div class=\"elementor-element elementor-element-iwgs-vegvisir-cc e-flex e-con-boxed e-con e-parent\" data-id=\"iwgs-vegvisir-cc\" data-element_type=\"container\" data-e-type=\"container\" id=\"iwg-cc-vegvisir\">\n\t\t\t\t\t<div class=\"e-con-inner\">\n\t\t<div class=\"elementor-element elementor-element-iwgs-vegvisir-ccinner e-flex e-con-boxed e-con e-parent\" data-id=\"iwgs-vegvisir-ccinner\" data-element_type=\"container\" data-e-type=\"container\" data-settings=\"{&quot;background_background&quot;:&quot;classic&quot;}\">\n\t\t\t\t\t<div class=\"e-con-inner\">\n\t\t\t\t<div class=\"elementor-element elementor-element-iwgs-vegvisir-cch elementor-widget elementor-widget-heading\" data-id=\"iwgs-vegvisir-cch\" data-element_type=\"widget\" data-e-type=\"widget\" data-widget_type=\"heading.default\">\n\t\t\t\t\t<h2 class=\"elementor-heading-title elementor-size-default\">iWell Guard ja suojelutraditiot<\/h2>\t\t\t\t<\/div>\n\t\t\t\t<div class=\"elementor-element elementor-element-iwgs-vegvisir-cct elementor-widget elementor-widget-text-editor\" data-id=\"iwgs-vegvisir-cct\" data-element_type=\"widget\" data-e-type=\"widget\" data-widget_type=\"text-editor.default\">\n\t\t\t\t\t\t\t\t\t<p>iWell Guard jatkaa kulttuurihistoriallista perinnett\u00e4 kannettavista suojaesineist\u00e4, joihin my\u00f6s Vegv\u00edsir kuuluu. Moderni kulkukumppani ihmisille, jotka el\u00e4v\u00e4t suojasymbolien kanssa: valmistettu Saksassa, 41 kerrosta aitoa kultaa, platinaa ja hopeaa, 30 p\u00e4iv\u00e4n palautusoikeudella.<\/p>\t\t\t\t\t\t\t\t<\/div>\n\t\t\t\t<div class=\"elementor-element elementor-element-iwgs-vegvisir-ccb iwg-cc-button iwg-cc-cta-2026-05-13 elementor-widget elementor-widget-jet-button\" data-id=\"iwgs-vegvisir-ccb\" data-element_type=\"widget\" data-e-type=\"widget\" data-widget_type=\"jet-button.default\">\n\t\t\t\t<div class=\"elementor-widget-container\">\n\t\t\t\t\t<div class=\"elementor-jet-button jet-elements\"><div class=\"jet-button__container\"><a class=\"jet-button__instance jet-button__instance--icon-left hover-effect-1\" href=\"\/schutzanhaenger-iwell-guard-kaufen\/?utm_source=iwell-guard.com&amp;utm_medium=info-box&amp;utm_campaign=schutzsymbole\"><div class=\"jet-button__plane jet-button__plane-normal\"><\/div><div class=\"jet-button__plane jet-button__plane-hover\"><\/div><div class=\"jet-button__state jet-button__state-normal\"><span class=\"jet-button__label\">Lis\u00e4\u00e4 iWell Guardista<\/span><\/div><div class=\"jet-button__state jet-button__state-hover\"><span class=\"jet-button__label\">Lis\u00e4\u00e4 iWell Guardista<\/span><\/div><\/a><\/div><\/div><style>.elementor-element.elementor-element-iwgs-vegvisir-ccb .jet-button__instance{width:320px;height:56px;}.elementor-element.elementor-element-iwgs-vegvisir-ccb .jet-button__state-normal .jet-button__label{text-align:center;margin:0px 0px 0px 0px;color:#1a1b20;font-family:Montserrat,sans-serif;font-size:13px;font-weight:400;letter-spacing:4px;line-height:1.714em;text-transform:uppercase;}.elementor-element.elementor-element-iwgs-vegvisir-ccb .jet-button__state-hover .jet-button__label{text-align:center;margin:0px 0px 0px 0px;color:#FECC76;font-family:Montserrat,sans-serif;font-size:13px;font-weight:400;letter-spacing:4px;line-height:1.714em;text-transform:uppercase;}.elementor-element.elementor-element-iwgs-vegvisir-ccb .jet-button__plane-normal{background-color:#FECC76;border-style:solid;border-color:#C99540;border-width:2px 2px 2px 2px;}.elementor-element.elementor-element-iwgs-vegvisir-ccb .jet-button__plane-hover{background-color:rgba(0,0,0,0.55);border-style:solid;border-color:#FECC76;border-width:2px 2px 2px 2px;}<\/style>\t\t\t\t<\/div>\n\t\t\t\t<\/div>\n\t\t\t\t<div class=\"elementor-element elementor-element-iwgs-vegvisir-ccd elementor-widget elementor-widget-text-editor\" data-id=\"iwgs-vegvisir-ccd\" data-element_type=\"widget\" data-e-type=\"widget\" data-widget_type=\"text-editor.default\">\n\t\t\t\t\t\t\t\t\t<p style=\"text-align:center;font-size:13px;opacity:0.7;margin-top:14px\" data-nosnippet=\"true\">Henkil\u00f6kohtaiset kokemukset voivat vaihdella. Ei l\u00e4\u00e4kinn\u00e4llinen laite. Ei paranemislupausta.<\/p>\t\t\t\t\t\t\t\t<\/div>\n\t\t\t\t\t<\/div>\n\t\t\t\t<\/div>\n\t\t\t\t\t<\/div>\n\t\t\t\t<\/div>\n\t\t<div class=\"elementor-element elementor-element-iwgs-vegvisir-disc e-flex e-con-boxed e-con e-parent\" data-id=\"iwgs-vegvisir-disc\" data-element_type=\"container\" data-e-type=\"container\">\n\t\t\t\t\t<div class=\"e-con-inner\">\n\t\t\t\t<div class=\"elementor-element elementor-element-iwgs-vegvisir-discw elementor-widget elementor-widget-html\" data-id=\"iwgs-vegvisir-discw\" data-element_type=\"widget\" data-e-type=\"widget\" data-widget_type=\"html.default\">\n\t\t\t\t\t<footer data-nosnippet=\"true\" class=\"iwg-disclaimer-block\"><p data-nosnippet=\"true\">iWell Guard <strong>ei ole l\u00e4\u00e4kinn\u00e4llinen laite<\/strong>, eik\u00e4 se korvaa l\u00e4\u00e4k\u00e4rin tai psykoterapeutin hoitoa. T\u00e4ss\u00e4 esitetyt sis\u00e4ll\u00f6t ovat uskontotieteellist\u00e4 ja kulttuurihistoriallista tarkastelua, eiv\u00e4t lupausta hengellisest\u00e4 vaikutuksesta.<\/p><\/footer>\t\t\t\t<\/div>\n\t\t\t\t\t<\/div>\n\t\t\t\t<\/div>\n\t\t\t\t<\/div>\n\t\t","protected":false},"excerpt":{"rendered":"","protected":false},"author":3,"featured_media":3483,"parent":0,"menu_order":0,"comment_status":"closed","ping_status":"closed","template":"elementor_header_footer","meta":{"_yoast_wpseo_focuskw":"Vegv\u00edsir","_yoast_wpseo_title":"Vegv\u00edsir \u2013 islantilainen suojamerkki","_yoast_wpseo_metadesc":"Vegv\u00edsir on islantilainen taikamerkki, jonka uskottiin suojaavan eksymiselt\u00e4. Alkuper\u00e4, k\u00e4sikirjoitukset ja merkitys selitettyn\u00e4.","_yoast_wpseo_meta-robots-noindex":"","_yoast_wpseo_canonical":"","_angie_page":false,"gefaehrdungsstufe":"","wesen_kultur":"","wesen_klasse":"","footnotes":""},"categories":[],"class_list":["post-144374","page","type-page","status-publish","has-post-thumbnail","hentry"],"yoast_head":"<!-- This site is optimized with the Yoast SEO Premium plugin v27.7 (Yoast SEO v28.3) - https:\/\/yoast.com\/product\/yoast-seo-premium-wordpress\/ -->\n<title>Vegv\u00edsir \u2013 islantilainen suojamerkki<\/title>\n<meta name=\"description\" content=\"Vegv\u00edsir on islantilainen taikamerkki, jonka uskottiin suojaavan eksymiselt\u00e4. Alkuper\u00e4, k\u00e4sikirjoitukset ja merkitys selitettyn\u00e4.\" \/>\n<meta name=\"robots\" content=\"index, follow, max-snippet:-1, max-image-preview:large, max-video-preview:-1\" \/>\n<link rel=\"canonical\" href=\"https:\/\/iwell-guard.com\/fi\/vegvisir-islantilainen-suojamerkki\/\" \/>\n<meta property=\"og:locale\" content=\"fi_FI\" \/>\n<meta property=\"og:type\" content=\"article\" \/>\n<meta property=\"og:title\" content=\"Vegv\u00edsir \u2013 islantilainen tienviitta suojamerkkin\u00e4\" \/>\n<meta property=\"og:description\" content=\"Vegv\u00edsir on islantilainen taikamerkki, jonka uskottiin suojaavan eksymiselt\u00e4. Alkuper\u00e4, k\u00e4sikirjoitukset ja merkitys selitettyn\u00e4.\" \/>\n<meta property=\"og:url\" content=\"https:\/\/iwell-guard.com\/fi\/vegvisir-islantilainen-suojamerkki\/\" \/>\n<meta property=\"og:site_name\" content=\"iWell Guard\" \/>\n<meta property=\"article:modified_time\" content=\"2026-09-03T12:57:43+00:00\" \/>\n<meta property=\"og:image\" content=\"https:\/\/iwell-guard.com\/wp-content\/uploads\/2026\/05\/schutzsymbol_germanisch_vegvisir.webp\" \/>\n\t<meta property=\"og:image:width\" content=\"1024\" \/>\n\t<meta property=\"og:image:height\" content=\"1536\" \/>\n\t<meta property=\"og:image:type\" content=\"image\/webp\" \/>\n<meta name=\"twitter:card\" content=\"summary_large_image\" \/>\n<script type=\"application\/ld+json\" class=\"yoast-schema-graph\">{\"@context\":\"https:\\\/\\\/schema.org\",\"@graph\":[{\"@type\":\"WebPage\",\"@id\":\"https:\\\/\\\/iwell-guard.com\\\/fi\\\/vegvisir-islantilainen-suojamerkki\\\/\",\"url\":\"https:\\\/\\\/iwell-guard.com\\\/fi\\\/vegvisir-islantilainen-suojamerkki\\\/\",\"name\":\"Vegv\u00edsir \u2013 islantilainen suojamerkki\",\"isPartOf\":{\"@id\":\"https:\\\/\\\/iwell-guard.com\\\/fi\\\/#website\"},\"primaryImageOfPage\":{\"@id\":\"https:\\\/\\\/iwell-guard.com\\\/fi\\\/vegvisir-islantilainen-suojamerkki\\\/#primaryimage\"},\"image\":{\"@id\":\"https:\\\/\\\/iwell-guard.com\\\/fi\\\/vegvisir-islantilainen-suojamerkki\\\/#primaryimage\"},\"thumbnailUrl\":\"https:\\\/\\\/iwell-guard.com\\\/wp-content\\\/uploads\\\/2026\\\/05\\\/schutzsymbol_germanisch_vegvisir.webp\",\"datePublished\":\"2026-09-03T12:34:48+00:00\",\"dateModified\":\"2026-09-03T12:57:43+00:00\",\"description\":\"Vegv\u00edsir on islantilainen taikamerkki, jonka uskottiin suojaavan eksymiselt\u00e4. Alkuper\u00e4, k\u00e4sikirjoitukset ja merkitys selitettyn\u00e4.\",\"breadcrumb\":{\"@id\":\"https:\\\/\\\/iwell-guard.com\\\/fi\\\/vegvisir-islantilainen-suojamerkki\\\/#breadcrumb\"},\"inLanguage\":\"fi\",\"potentialAction\":[{\"@type\":\"ReadAction\",\"target\":[\"https:\\\/\\\/iwell-guard.com\\\/fi\\\/vegvisir-islantilainen-suojamerkki\\\/\"]}]},{\"@type\":\"ImageObject\",\"inLanguage\":\"fi\",\"@id\":\"https:\\\/\\\/iwell-guard.com\\\/fi\\\/vegvisir-islantilainen-suojamerkki\\\/#primaryimage\",\"url\":\"https:\\\/\\\/iwell-guard.com\\\/wp-content\\\/uploads\\\/2026\\\/05\\\/schutzsymbol_germanisch_vegvisir.webp\",\"contentUrl\":\"https:\\\/\\\/iwell-guard.com\\\/wp-content\\\/uploads\\\/2026\\\/05\\\/schutzsymbol_germanisch_vegvisir.webp\",\"width\":1024,\"height\":1536,\"caption\":\"Suojasymboli. Museaalinen asetelmakuvitus.\"},{\"@type\":\"BreadcrumbList\",\"@id\":\"https:\\\/\\\/iwell-guard.com\\\/fi\\\/vegvisir-islantilainen-suojamerkki\\\/#breadcrumb\",\"itemListElement\":[{\"@type\":\"ListItem\",\"position\":1,\"name\":\"Start\",\"item\":\"https:\\\/\\\/iwell-guard.com\\\/fi\\\/?page_id=143815\"},{\"@type\":\"ListItem\",\"position\":2,\"name\":\"Vegv\u00edsir \u2013 islantilainen tienviitta suojamerkkin\u00e4\"}]},{\"@type\":\"WebSite\",\"@id\":\"https:\\\/\\\/iwell-guard.com\\\/fi\\\/#website\",\"url\":\"https:\\\/\\\/iwell-guard.com\\\/fi\\\/\",\"name\":\"iWell Guard\",\"description\":\"Schutz vor dunklen Einfl\u00fcssen\",\"publisher\":{\"@id\":\"https:\\\/\\\/iwell-guard.com\\\/fi\\\/#organization\"},\"potentialAction\":[{\"@type\":\"SearchAction\",\"target\":{\"@type\":\"EntryPoint\",\"urlTemplate\":\"https:\\\/\\\/iwell-guard.com\\\/fi\\\/?s={search_term_string}\"},\"query-input\":{\"@type\":\"PropertyValueSpecification\",\"valueRequired\":true,\"valueName\":\"search_term_string\"}}],\"inLanguage\":\"fi\"},{\"@type\":\"Organization\",\"@id\":\"https:\\\/\\\/iwell-guard.com\\\/fi\\\/#organization\",\"name\":\"Ittermann electronic GmbH\",\"url\":\"https:\\\/\\\/iwell-guard.com\\\/fi\\\/\",\"logo\":{\"@type\":\"ImageObject\",\"inLanguage\":\"fi\",\"@id\":\"https:\\\/\\\/iwell-guard.com\\\/fi\\\/#\\\/schema\\\/logo\\\/image\\\/\",\"url\":\"https:\\\/\\\/iwell-guard.com\\\/wp-content\\\/uploads\\\/2026\\\/05\\\/Ittermann-Logo-1182x237-1.png\",\"contentUrl\":\"https:\\\/\\\/iwell-guard.com\\\/wp-content\\\/uploads\\\/2026\\\/05\\\/Ittermann-Logo-1182x237-1.png\",\"width\":1182,\"height\":237,\"caption\":\"Ittermann electronic GmbH\"},\"image\":{\"@id\":\"https:\\\/\\\/iwell-guard.com\\\/fi\\\/#\\\/schema\\\/logo\\\/image\\\/\"},\"sameAs\":[\"https:\\\/\\\/pantip.com\\\/profile\\\/9367242\",\"https:\\\/\\\/micro.blog\\\/iwellguard\",\"https:\\\/\\\/www.diggerslist.com\\\/iwellguard\\\/about\",\"https:\\\/\\\/skitterphoto.com\\\/photographers\\\/2870314\\\/iwell-guard\",\"https:\\\/\\\/iwellguard.wordpress.com\\\/2026\\\/06\\\/06\\\/iwell-guard\\\/\",\"https:\\\/\\\/hub.docker.com\\\/u\\\/iwellguard\",\"https:\\\/\\\/www.pinterest.com\\\/iwellguard\\\/\",\"https:\\\/\\\/bit.ly\\\/m\\\/iwellguard\",\"https:\\\/\\\/entre-vos-mains.alsace.eu\\\/profiles\\\/iwellguard\\\/activity\",\"https:\\\/\\\/gravatar.com\\\/reallybeded8fd34\",\"https:\\\/\\\/naijamatta.com\\\/iwellguard\",\"https:\\\/\\\/www.goodreads.com\\\/iwellguard\",\"https:\\\/\\\/profile.hatena.ne.jp\\\/iwellguard\\\/\",\"https:\\\/\\\/experiment.com\\\/users\\\/iwellguard\",\"https:\\\/\\\/wakelet.com\\\/@iWellGuard82270\",\"https:\\\/\\\/www.chordie.com\\\/forum\\\/profile.php?id=2555664\",\"https:\\\/\\\/www.instapaper.com\\\/p\\\/17757966\",\"https:\\\/\\\/www.mapleprimes.com\\\/users\\\/iwellguard\",\"https:\\\/\\\/businesslistingplus.com\\\/profile\\\/iwell-guard\\\/\",\"https:\\\/\\\/telegra.ph\\\/iWell-Guard-06-06\",\"https:\\\/\\\/pbase.com\\\/iwellguard\\\/iwellguard\",\"https:\\\/\\\/b.hatena.ne.jp\\\/iwellguard\\\/20260607#bookmark-4788405196491818882\",\"https:\\\/\\\/fliphtml5.com\\\/home\\\/iwellguard\",\"https:\\\/\\\/anyflip.com\\\/homepage\\\/cmiwl#About\",\"https:\\\/\\\/transfur.com\\\/Users\\\/iwellguard\",\"http:\\\/\\\/delphi.larsbo.org\\\/user\\\/iwellguard\",\"https:\\\/\\\/jobs.lajobsportal.org\\\/profiles\\\/8380803-iwell-guard\",\"https:\\\/\\\/md.chaosdorf.de\\\/s\\\/jfbe5SBdJD\",\"https:\\\/\\\/www.lingvolive.com\\\/en-us\\\/profile\\\/9ecaeaca-ce11-4e51-9e71-01d55e2bff36\\\/translations\",\"https:\\\/\\\/www.fitday.com\\\/fitness\\\/forums\\\/members\\\/iwellguard.html\",\"https:\\\/\\\/www.mymeetbook.com\\\/iwellguard\",\"https:\\\/\\\/pxhere.com\\\/en\\\/photographer-me\\\/5040798\",\"https:\\\/\\\/disqus.com\\\/by\\\/iwellguard\\\/about\\\/\",\"https:\\\/\\\/pastelink.net\\\/hjwciqwq\",\"https:\\\/\\\/pubhtml5.com\\\/homepage\\\/scjhn\\\/\",\"https:\\\/\\\/www.bitchute.com\\\/channel\\\/2O2eOKzNqujT\",\"https:\\\/\\\/audiomack.com\\\/iwellguard\"]}]}<\/script>\n<!-- \/ Yoast SEO Premium plugin. -->","yoast_head_json":{"title":"Vegv\u00edsir \u2013 islantilainen suojamerkki","description":"Vegv\u00edsir on islantilainen taikamerkki, jonka uskottiin suojaavan eksymiselt\u00e4. Alkuper\u00e4, k\u00e4sikirjoitukset ja merkitys selitettyn\u00e4.","robots":{"index":"index","follow":"follow","max-snippet":"max-snippet:-1","max-image-preview":"max-image-preview:large","max-video-preview":"max-video-preview:-1"},"canonical":"https:\/\/iwell-guard.com\/fi\/vegvisir-islantilainen-suojamerkki\/","og_locale":"fi_FI","og_type":"article","og_title":"Vegv\u00edsir \u2013 islantilainen tienviitta suojamerkkin\u00e4","og_description":"Vegv\u00edsir on islantilainen taikamerkki, jonka uskottiin suojaavan eksymiselt\u00e4. Alkuper\u00e4, k\u00e4sikirjoitukset ja merkitys selitettyn\u00e4.","og_url":"https:\/\/iwell-guard.com\/fi\/vegvisir-islantilainen-suojamerkki\/","og_site_name":"iWell Guard","article_modified_time":"2026-09-03T12:57:43+00:00","og_image":[{"width":1024,"height":1536,"url":"https:\/\/iwell-guard.com\/wp-content\/uploads\/2026\/05\/schutzsymbol_germanisch_vegvisir.webp","type":"image\/webp"}],"twitter_card":"summary_large_image","schema":{"@context":"https:\/\/schema.org","@graph":[{"@type":"WebPage","@id":"https:\/\/iwell-guard.com\/fi\/vegvisir-islantilainen-suojamerkki\/","url":"https:\/\/iwell-guard.com\/fi\/vegvisir-islantilainen-suojamerkki\/","name":"Vegv\u00edsir \u2013 islantilainen suojamerkki","isPartOf":{"@id":"https:\/\/iwell-guard.com\/fi\/#website"},"primaryImageOfPage":{"@id":"https:\/\/iwell-guard.com\/fi\/vegvisir-islantilainen-suojamerkki\/#primaryimage"},"image":{"@id":"https:\/\/iwell-guard.com\/fi\/vegvisir-islantilainen-suojamerkki\/#primaryimage"},"thumbnailUrl":"https:\/\/iwell-guard.com\/wp-content\/uploads\/2026\/05\/schutzsymbol_germanisch_vegvisir.webp","datePublished":"2026-09-03T12:34:48+00:00","dateModified":"2026-09-03T12:57:43+00:00","description":"Vegv\u00edsir on islantilainen taikamerkki, jonka uskottiin suojaavan eksymiselt\u00e4. Alkuper\u00e4, k\u00e4sikirjoitukset ja merkitys selitettyn\u00e4.","breadcrumb":{"@id":"https:\/\/iwell-guard.com\/fi\/vegvisir-islantilainen-suojamerkki\/#breadcrumb"},"inLanguage":"fi","potentialAction":[{"@type":"ReadAction","target":["https:\/\/iwell-guard.com\/fi\/vegvisir-islantilainen-suojamerkki\/"]}]},{"@type":"ImageObject","inLanguage":"fi","@id":"https:\/\/iwell-guard.com\/fi\/vegvisir-islantilainen-suojamerkki\/#primaryimage","url":"https:\/\/iwell-guard.com\/wp-content\/uploads\/2026\/05\/schutzsymbol_germanisch_vegvisir.webp","contentUrl":"https:\/\/iwell-guard.com\/wp-content\/uploads\/2026\/05\/schutzsymbol_germanisch_vegvisir.webp","width":1024,"height":1536,"caption":"Suojasymboli. Museaalinen asetelmakuvitus."},{"@type":"BreadcrumbList","@id":"https:\/\/iwell-guard.com\/fi\/vegvisir-islantilainen-suojamerkki\/#breadcrumb","itemListElement":[{"@type":"ListItem","position":1,"name":"Start","item":"https:\/\/iwell-guard.com\/fi\/?page_id=143815"},{"@type":"ListItem","position":2,"name":"Vegv\u00edsir \u2013 islantilainen tienviitta suojamerkkin\u00e4"}]},{"@type":"WebSite","@id":"https:\/\/iwell-guard.com\/fi\/#website","url":"https:\/\/iwell-guard.com\/fi\/","name":"iWell Guard","description":"Schutz vor dunklen Einfl\u00fcssen","publisher":{"@id":"https:\/\/iwell-guard.com\/fi\/#organization"},"potentialAction":[{"@type":"SearchAction","target":{"@type":"EntryPoint","urlTemplate":"https:\/\/iwell-guard.com\/fi\/?s={search_term_string}"},"query-input":{"@type":"PropertyValueSpecification","valueRequired":true,"valueName":"search_term_string"}}],"inLanguage":"fi"},{"@type":"Organization","@id":"https:\/\/iwell-guard.com\/fi\/#organization","name":"Ittermann electronic GmbH","url":"https:\/\/iwell-guard.com\/fi\/","logo":{"@type":"ImageObject","inLanguage":"fi","@id":"https:\/\/iwell-guard.com\/fi\/#\/schema\/logo\/image\/","url":"https:\/\/iwell-guard.com\/wp-content\/uploads\/2026\/05\/Ittermann-Logo-1182x237-1.png","contentUrl":"https:\/\/iwell-guard.com\/wp-content\/uploads\/2026\/05\/Ittermann-Logo-1182x237-1.png","width":1182,"height":237,"caption":"Ittermann electronic GmbH"},"image":{"@id":"https:\/\/iwell-guard.com\/fi\/#\/schema\/logo\/image\/"},"sameAs":["https:\/\/pantip.com\/profile\/9367242","https:\/\/micro.blog\/iwellguard","https:\/\/www.diggerslist.com\/iwellguard\/about","https:\/\/skitterphoto.com\/photographers\/2870314\/iwell-guard","https:\/\/iwellguard.wordpress.com\/2026\/06\/06\/iwell-guard\/","https:\/\/hub.docker.com\/u\/iwellguard","https:\/\/www.pinterest.com\/iwellguard\/","https:\/\/bit.ly\/m\/iwellguard","https:\/\/entre-vos-mains.alsace.eu\/profiles\/iwellguard\/activity","https:\/\/gravatar.com\/reallybeded8fd34","https:\/\/naijamatta.com\/iwellguard","https:\/\/www.goodreads.com\/iwellguard","https:\/\/profile.hatena.ne.jp\/iwellguard\/","https:\/\/experiment.com\/users\/iwellguard","https:\/\/wakelet.com\/@iWellGuard82270","https:\/\/www.chordie.com\/forum\/profile.php?id=2555664","https:\/\/www.instapaper.com\/p\/17757966","https:\/\/www.mapleprimes.com\/users\/iwellguard","https:\/\/businesslistingplus.com\/profile\/iwell-guard\/","https:\/\/telegra.ph\/iWell-Guard-06-06","https:\/\/pbase.com\/iwellguard\/iwellguard","https:\/\/b.hatena.ne.jp\/iwellguard\/20260607#bookmark-4788405196491818882","https:\/\/fliphtml5.com\/home\/iwellguard","https:\/\/anyflip.com\/homepage\/cmiwl#About","https:\/\/transfur.com\/Users\/iwellguard","http:\/\/delphi.larsbo.org\/user\/iwellguard","https:\/\/jobs.lajobsportal.org\/profiles\/8380803-iwell-guard","https:\/\/md.chaosdorf.de\/s\/jfbe5SBdJD","https:\/\/www.lingvolive.com\/en-us\/profile\/9ecaeaca-ce11-4e51-9e71-01d55e2bff36\/translations","https:\/\/www.fitday.com\/fitness\/forums\/members\/iwellguard.html","https:\/\/www.mymeetbook.com\/iwellguard","https:\/\/pxhere.com\/en\/photographer-me\/5040798","https:\/\/disqus.com\/by\/iwellguard\/about\/","https:\/\/pastelink.net\/hjwciqwq","https:\/\/pubhtml5.com\/homepage\/scjhn\/","https:\/\/www.bitchute.com\/channel\/2O2eOKzNqujT","https:\/\/audiomack.com\/iwellguard"]}]}},"_links":{"self":[{"href":"https:\/\/iwell-guard.com\/fi\/wp-json\/wp\/v2\/pages\/144374","targetHints":{"allow":["GET"]}}],"collection":[{"href":"https:\/\/iwell-guard.com\/fi\/wp-json\/wp\/v2\/pages"}],"about":[{"href":"https:\/\/iwell-guard.com\/fi\/wp-json\/wp\/v2\/types\/page"}],"author":[{"embeddable":true,"href":"https:\/\/iwell-guard.com\/fi\/wp-json\/wp\/v2\/users\/3"}],"replies":[{"embeddable":true,"href":"https:\/\/iwell-guard.com\/fi\/wp-json\/wp\/v2\/comments?post=144374"}],"version-history":[{"count":0,"href":"https:\/\/iwell-guard.com\/fi\/wp-json\/wp\/v2\/pages\/144374\/revisions"}],"wp:featuredmedia":[{"embeddable":true,"href":"https:\/\/iwell-guard.com\/fi\/wp-json\/wp\/v2\/media\/3483"}],"wp:attachment":[{"href":"https:\/\/iwell-guard.com\/fi\/wp-json\/wp\/v2\/media?parent=144374"}],"wp:term":[{"taxonomy":"category","embeddable":true,"href":"https:\/\/iwell-guard.com\/fi\/wp-json\/wp\/v2\/categories?post=144374"}],"curies":[{"name":"wp","href":"https:\/\/api.w.org\/{rel}","templated":true}]}}