{"id":144347,"date":"2026-09-03T12:34:31","date_gmt":"2026-09-03T12:34:31","guid":{"rendered":"https:\/\/iwell-guard.com\/?page_id=144347"},"modified":"2026-09-03T12:57:05","modified_gmt":"2026-09-03T12:57:05","slug":"sansin","status":"publish","type":"page","link":"https:\/\/iwell-guard.com\/fi\/sansin\/","title":{"rendered":"Sansin"},"content":{"rendered":"\t\t<div data-elementor-type=\"wp-page\" data-elementor-id=\"144347\" class=\"elementor elementor-144347 elementor-3055 elementor-bc-flex-widget\" data-elementor-post-type=\"page\">\n\t\t\t\t<div class=\"elementor-element elementor-element-0fa5432 e-flex e-con-boxed e-con e-parent\" data-id=\"0fa5432\" data-element_type=\"container\" data-e-type=\"container\" data-settings=\"{&quot;background_background&quot;:&quot;classic&quot;}\">\n\t\t\t\t\t<div class=\"e-con-inner\">\n\t\t<div class=\"elementor-element elementor-element-e71104a e-flex e-con-boxed e-con e-child\" data-id=\"e71104a\" data-element_type=\"container\" data-e-type=\"container\">\n\t\t\t\t\t<div class=\"e-con-inner\">\n\t\t<div class=\"elementor-element elementor-element-23a6631 e-con-full e-flex e-con e-child\" data-id=\"23a6631\" data-element_type=\"container\" data-e-type=\"container\">\n\t\t\t\t<div class=\"elementor-element elementor-element-be1262b elementor-widget elementor-widget-heading\" data-id=\"be1262b\" data-element_type=\"widget\" data-e-type=\"widget\" data-widget_type=\"heading.default\">\n\t\t\t\t\t<h1 class=\"elementor-heading-title elementor-size-default\">Sansin, korealainen vuorijumala<\/h1>\t\t\t\t<\/div>\n\t\t\t\t<div class=\"elementor-element elementor-element-4439582 elementor-widget elementor-widget-text-editor\" data-id=\"4439582\" data-element_type=\"widget\" data-e-type=\"widget\" data-widget_type=\"text-editor.default\">\n\t\t\t\t\t\t\t\t\t<p>Sansin on korealainen vuorijumala, jonka pyh\u00e4k\u00f6t sijaitsevat pyhill\u00e4 vuorilla ja joka valvoo alueensa maata, mets\u00e4\u00e4 ja riistaa. Sansin (korealaisittain \uc0b0\uc2e0, \u5c71\u795e) on korealainen vuorijumala ja h\u00e4nt\u00e4 pidet\u00e4\u00e4n korealaisen kansanuskonnon t\u00e4rkeimp\u00e4n\u00e4 paikallisena suojelusjumaluutena.<\/p><p>Toisin kuin kaukainen taivaan herra Hananim tai buddhalaisuuden transsendentit bodhisattvat, Sansin on paikkaan sidottu, konkreettisesti puhuteltavissa oleva <span class=\"iwg-fachbegriff\" data-tooltip=\"Uskonnon sis\u00e4ll\u00e4 jumalallisena palvottu olento.\" tabindex=\"0\">jumaluus<\/span>, jonka pyh\u00e4k\u00f6t l\u00f6ytyv\u00e4t Korean vuorilta. Vuoripalvonta on yksi Korean niemimaan vanhimmista uskonnollisista k\u00e4yt\u00e4nn\u00f6ist\u00e4 ja se on s\u00e4ilynyt buddhalaisten, konfutselaisten ja shamanististen perinteiden rinnalla nykyp\u00e4iv\u00e4\u00e4n asti.<\/p>\t\t\t\t\t\t\t\t<\/div>\n\t\t\t\t<\/div>\n\t\t<div class=\"elementor-element elementor-element-2a5263a e-con-full e-flex e-con e-parent\" data-id=\"2a5263a\" data-element_type=\"container\" data-e-type=\"container\">\n\t\t\t\t<div class=\"elementor-element elementor-element-392eea8 elementor-widget elementor-widget-html\" data-id=\"392eea8\" data-element_type=\"widget\" data-e-type=\"widget\" data-widget_type=\"html.default\">\n\t\t\t\t\t<div class=\"iwg-pill-row\"><span class=\"iwg-klasse-badge\" tabindex=\"0\" data-tooltip=\"Jumala \/ jumalatar: Kulttuurin panteonin personoitu korkein voima, jolla on selke\u00e4t vastuualueet \u2014 luonnonvoimat, kohtalo, sota, hedelm\u00e4llisyys. Palvottu kulttien, uhrien ja temppeli-instituutioiden kautta.\">Jumala<\/span><a href=\"https:\/\/iwell-guard.com\/fi\/korea\/\" class=\"iwg-kultur-badge\" tabindex=\"0\" data-tooltip=\"Korealainen jumalten, samaanien ja kansanhenkien maailma.\">Korea<\/a><\/div>\t\t\t\t<\/div>\n\t\t\t\t<\/div>\n\t\t<div class=\"elementor-element elementor-element-7363c79 e-con-full e-flex e-con e-child\" data-id=\"7363c79\" data-element_type=\"container\" data-e-type=\"container\">\n\t\t\t\t<div class=\"elementor-element elementor-element-4ebd61f elementor-toc--minimized-on-tablet elementor-widget elementor-widget-table-of-contents\" data-id=\"4ebd61f\" data-element_type=\"widget\" data-e-type=\"widget\" data-settings=\"{&quot;exclude_headings_by_selector&quot;:[],&quot;no_headings_message&quot;:&quot;T\\u00e4lt\\u00e4 sivulta ei l\\u00f6ytynyt otsikoita.&quot;,&quot;headings_by_tags&quot;:[&quot;h2&quot;,&quot;h3&quot;],&quot;marker_view&quot;:&quot;bullets&quot;,&quot;icon&quot;:{&quot;value&quot;:&quot;fas fa-circle&quot;,&quot;library&quot;:&quot;fa-solid&quot;,&quot;rendered_tag&quot;:&quot;&lt;svg class=\\&quot;e-font-icon-svg e-fas-circle\\&quot; viewBox=\\&quot;0 0 512 512\\&quot; xmlns=\\&quot;http:\\\/\\\/www.w3.org\\\/2000\\\/svg\\&quot;&gt;&lt;path d=\\&quot;M256 8C119 8 8 119 8 256s111 248 248 248 248-111 248-248S393 8 256 8z\\&quot;&gt;&lt;\\\/path&gt;&lt;\\\/svg&gt;&quot;},&quot;minimize_box&quot;:&quot;yes&quot;,&quot;minimized_on&quot;:&quot;tablet&quot;,&quot;hierarchical_view&quot;:&quot;yes&quot;,&quot;min_height&quot;:{&quot;unit&quot;:&quot;px&quot;,&quot;size&quot;:&quot;&quot;,&quot;sizes&quot;:[]},&quot;min_height_tablet&quot;:{&quot;unit&quot;:&quot;px&quot;,&quot;size&quot;:&quot;&quot;,&quot;sizes&quot;:[]},&quot;min_height_mobile&quot;:{&quot;unit&quot;:&quot;px&quot;,&quot;size&quot;:&quot;&quot;,&quot;sizes&quot;:[]}}\" data-widget_type=\"table-of-contents.default\">\n\t\t\t\t\t\t\t\t\t<div class=\"elementor-toc__header\">\n\t\t\t\t\t\t<h2 class=\"elementor-toc__header-title\">\n\t\t\t\tSis\u00e4llysluettelo\t\t\t<\/h2>\n\t\t\t\t\t\t\t\t\t\t<div class=\"elementor-toc__toggle-button elementor-toc__toggle-button--expand\" role=\"button\" tabindex=\"0\" aria-controls=\"elementor-toc__4ebd61f\" aria-expanded=\"true\" aria-label=\"Open table of contents\"><svg aria-hidden=\"true\" class=\"e-font-icon-svg e-fas-chevron-down\" viewBox=\"0 0 448 512\" xmlns=\"http:\/\/www.w3.org\/2000\/svg\"><path d=\"M207.029 381.476L12.686 187.132c-9.373-9.373-9.373-24.569 0-33.941l22.667-22.667c9.357-9.357 24.522-9.375 33.901-.04L224 284.505l154.745-154.021c9.379-9.335 24.544-9.317 33.901.04l22.667 22.667c9.373 9.373 9.373 24.569 0 33.941L240.971 381.476c-9.373 9.372-24.569 9.372-33.942 0z\"><\/path><\/svg><\/div>\n\t\t\t\t<div class=\"elementor-toc__toggle-button elementor-toc__toggle-button--collapse\" role=\"button\" tabindex=\"0\" aria-controls=\"elementor-toc__4ebd61f\" aria-expanded=\"true\" aria-label=\"Close table of contents\"><svg aria-hidden=\"true\" class=\"e-font-icon-svg e-fas-chevron-up\" viewBox=\"0 0 448 512\" xmlns=\"http:\/\/www.w3.org\/2000\/svg\"><path d=\"M240.971 130.524l194.343 194.343c9.373 9.373 9.373 24.569 0 33.941l-22.667 22.667c-9.357 9.357-24.522 9.375-33.901.04L224 227.495 69.255 381.516c-9.379 9.335-24.544 9.317-33.901-.04l-22.667-22.667c-9.373-9.373-9.373-24.569 0-33.941L207.03 130.525c9.372-9.373 24.568-9.373 33.941-.001z\"><\/path><\/svg><\/div>\n\t\t\t\t\t<\/div>\n\t\t\t\t<div id=\"elementor-toc__4ebd61f\" class=\"elementor-toc__body\">\n\t\t\t<div class=\"elementor-toc__spinner-container\">\n\t\t\t\t<svg class=\"elementor-toc__spinner eicon-animation-spin e-font-icon-svg e-eicon-loading\" aria-hidden=\"true\" viewBox=\"0 0 1000 1000\" xmlns=\"http:\/\/www.w3.org\/2000\/svg\"><path d=\"M500 975V858C696 858 858 696 858 500S696 142 500 142 142 304 142 500H25C25 237 238 25 500 25S975 237 975 500 763 975 500 975Z\"><\/path><\/svg>\t\t\t<\/div>\n\t\t<\/div>\n\t\t\t\t\t\t<\/div>\n\t\t\t\t<\/div>\n\t\t\t\t\t<\/div>\n\t\t\t\t<\/div>\n\t\t<div class=\"elementor-element elementor-element-2e2429f e-con-full e-flex e-con e-child\" data-id=\"2e2429f\" data-element_type=\"container\" data-e-type=\"container\">\n\t\t\t\t<div class=\"elementor-element elementor-element-dee3458 iwg-hero-image elementor-widget elementor-widget-image\" data-id=\"dee3458\" data-element_type=\"widget\" data-e-type=\"widget\" data-widget_type=\"image.default\">\n\t\t\t\t\t\t\t\t\t\t\t\t\t\t\t<img fetchpriority=\"high\" decoding=\"async\" width=\"683\" height=\"1024\" src=\"https:\/\/iwell-guard.com\/wp-content\/uploads\/2026\/05\/goetter_korea_sansin-1-683x1024.webp\" class=\"attachment-large size-large wp-image-148693\" alt=\"Sansin - jumalia korealaisesta perinteest\u00e4, historiallis-kuvitteellinen esitystapa\" srcset=\"https:\/\/iwell-guard.com\/wp-content\/uploads\/2026\/05\/goetter_korea_sansin-1-683x1024.webp 683w, https:\/\/iwell-guard.com\/wp-content\/uploads\/2026\/05\/goetter_korea_sansin-1-200x300.webp 200w, https:\/\/iwell-guard.com\/wp-content\/uploads\/2026\/05\/goetter_korea_sansin-1-768x1152.webp 768w, https:\/\/iwell-guard.com\/wp-content\/uploads\/2026\/05\/goetter_korea_sansin-1.webp 1024w\" sizes=\"(max-width: 683px) 100vw, 683px\" \/>\t\t\t\t\t\t\t\t\t\t\t\t\t\t\t<\/div>\n\t\t\t\t<\/div>\n\t\t\t\t\t<\/div>\n\t\t\t\t<\/div>\n\t\t<div class=\"elementor-element elementor-element-38d3269 e-con-boxed e-flex e-con e-parent\" data-id=\"38d3269\" data-element_type=\"container\" data-e-type=\"container\">\n\t\t\t\t\t<div class=\"e-con-inner\">\n\t\t<div class=\"elementor-element elementor-element-03c9e37 e-con-full e-flex e-con e-child\" data-id=\"03c9e37\" data-element_type=\"container\" data-e-type=\"container\">\n\t\t\t\t<div class=\"elementor-element elementor-element-a42e5ab elementor-widget elementor-widget-heading\" data-id=\"a42e5ab\" data-element_type=\"widget\" data-e-type=\"widget\" data-widget_type=\"heading.default\">\n\t\t\t\t\t<h2 class=\"elementor-heading-title elementor-size-default\">L\u00e4hdetilanne<\/h2>\t\t\t\t<\/div>\n\t\t\t\t<div class=\"elementor-element elementor-element-073e3ab elementor-widget elementor-widget-text-editor\" data-id=\"073e3ab\" data-element_type=\"widget\" data-e-type=\"widget\" data-widget_type=\"text-editor.default\">\n\t\t\t\t\t\t\t\t\t<p>Kirjalliset todisteet Sansinin palvonnasta ulottuvat aina Kolmen kuningaskunnan aikaan (1.\u20137. vuosisata) asti. Teokset \u00abSamguk Sagi\u00bb ja \u00abSamguk Yusa\u00bb kertovat vuoririiteist\u00e4 pyhill\u00e4 huipuilla, joita pidettiin paikallisten jumaluuksien asuinsijoina.<\/p><p>My\u00f6s maantieteellinen teos \u00abDongguk Yeoji Seungnam\u00bb (\u00abKorean maantiedon laajennettu katsaus\u00bb, 1481) luettelee lukuisia vuoripyh\u00e4k\u00f6it\u00e4 paikallisine Sansineineen. Korean buddhalainen perinne integroi vuoripalvonnan luostariarkkitehtuuriinsa 4. vuosisadalta alkaen; jokaisella suuremmalla <span class=\"iwg-fachbegriff\" data-tooltip=\"Rakennus, joka on tarkoitettu yhden tai useamman jumaluuden palvontaan.\" tabindex=\"0\">temppelill\u00e4<\/span> on pieni sali Sansinia varten, joka on usein rakennettu p\u00e4\u00e4buddhasalin taakse.<\/p>\n\n<p>James Grayson ja Don Baker ovat koonneet l\u00e4hdetilanteen uskontohistoriallisissa yleiskatsauksissaan. Boudewijn Walraven on erikoistutkimuksissaan korealaisesta shamaanik\u00e4yt\u00e4nn\u00f6st\u00e4 osoittanut, ett\u00e4 Sansinia kutsutaan avuksi my\u00f6s shamanistisissa riiteiss\u00e4 (\u00abgut\u00bb), erityisesti parannus- ja suojeluriiteiss\u00e4. Antonetta Bruno on systemaattisesti kartoittanut vuoripyh\u00e4k\u00f6iden kirjoitukset ja ikonografiset esitykset.<\/p>\t\t\t\t\t\t\t\t<\/div>\n\t\t\t\t<\/div>\n\t\t<div class=\"elementor-element elementor-element-2eafe57 e-con-full e-flex e-con e-child\" data-id=\"2eafe57\" data-element_type=\"container\" data-e-type=\"container\">\n\t\t\t\t<div class=\"elementor-element elementor-element-56460ff elementor-widget elementor-widget-heading\" data-id=\"56460ff\" data-element_type=\"widget\" data-e-type=\"widget\" data-widget_type=\"heading.default\">\n\t\t\t\t\t<h2 class=\"elementor-heading-title elementor-size-default\">Ikonografia ja kuvaustapa<\/h2>\t\t\t\t<\/div>\n\t\t\t\t<div class=\"elementor-element elementor-element-12abafe elementor-widget elementor-widget-text-editor\" data-id=\"12abafe\" data-element_type=\"widget\" data-e-type=\"widget\" data-widget_type=\"text-editor.default\">\n\t\t\t\t\t\t\t\t\t<p>Kuvaperinteess\u00e4 Sansin esitet\u00e4\u00e4n useimmiten vanhana, valkopartaisena miehen\u00e4, joka istuu m\u00e4nnyn alla, k\u00e4ytt\u00e4\u00e4 perinteist\u00e4 korealaista viittaa ja pitelee viuhkaa tai sauvaa. H\u00e4nen seurassaan kulkee tiikeri, joka toimii ratsuna tai sanansaattajana.<\/p><p>T\u00e4m\u00e4 kuvakoostumus on vakiintunut ikonografisesti 1600-luvulta l\u00e4htien. Joillakin alueilla, erityisesti Gangwonin maakunnassa, Sansin esitet\u00e4\u00e4n my\u00f6s vanhana naisena, mik\u00e4 muistuttaa tutkimuksessa k\u00e4sitellyist\u00e4 matriarkaalisista vuorikulteista.<\/p>\n\n<p>Tiikeri on Sansinin t\u00e4rkein seuralainen ja sill\u00e4 on korealaisessa <span class=\"iwg-fachbegriff\" data-tooltip=\"Tiede, joka tutkii arkikulttuuria, tapoja ja perinn\u00e4istietoa.\" tabindex=\"0\">kansanperinteess\u00e4<\/span> laaja symbolinen merkitys. Sit\u00e4 pidet\u00e4\u00e4n vuorten vartijana, Sansinin rangaistuksen toimeenpanijana ja hurskaiden suojelijana.<\/p><p>Joissakin paikallisissa perinteiss\u00e4 tiikeri sulautuu itse vuorijumalaan, mik\u00e4 vaikuttaa aina korealaiseen kirjoitusj\u00e4rjestelm\u00e4\u00e4n asti: kiinalainen merkki \u00abvuorijumala\u00bb (\u5c71\u795e) korvataan toisinaan \u00abtiikerimerkill\u00e4\u00bb.<\/p>\t\t\t\t\t\t\t\t<\/div>\n\t\t\t\t<\/div>\n\t\t<div class=\"elementor-element elementor-element-48ccbd1 e-con-full e-flex e-con e-child\" data-id=\"48ccbd1\" data-element_type=\"container\" data-e-type=\"container\">\n\t\t\t\t<div class=\"elementor-element elementor-element-3966636 elementor-widget elementor-widget-heading\" data-id=\"3966636\" data-element_type=\"widget\" data-e-type=\"widget\" data-widget_type=\"heading.default\">\n\t\t\t\t\t<h2 class=\"elementor-heading-title elementor-size-default\">Pyh\u00e4k\u00f6t ja vuorikultit<\/h2>\t\t\t\t<\/div>\n\t\t\t\t<div class=\"elementor-element elementor-element-a5d7e67 elementor-widget elementor-widget-text-editor\" data-id=\"a5d7e67\" data-element_type=\"widget\" data-e-type=\"widget\" data-widget_type=\"text-editor.default\">\n\t\t\t\t\t\t\t\t\t<p>Sansinin t\u00e4rkeimm\u00e4t pyh\u00e4k\u00f6t ovat \u00absansin-gak\u00bb, pienet pyh\u00e4k\u00f6t, jotka on rakennettu vuoriluostarien l\u00e4heisyyteen tai erityisille huipuille.<\/p><p>Pyh\u00e4kk\u00f6ryhm\u00e4 koostuu tavallisesti keskeisest\u00e4 p\u00e4\u00e4salista, jossa on Sansinin ja h\u00e4nen tiikerins\u00e4 kuva, usein t\u00e4ydennettyn\u00e4 suitsutusalustoilla ja uhrilautasilla. Luostariymp\u00e4rist\u00f6ss\u00e4 pyh\u00e4k\u00f6it\u00e4 hoitavat buddhalaismonkit, kyl\u00e4ymp\u00e4rist\u00f6ss\u00e4 paikalliset vanhimmat tai shamaanit.<\/p>\n\n<p>Kuuluisia vuoripyh\u00e4k\u00f6it\u00e4 l\u00f6ytyy Baekdulta (pohjoisessa, jota pidet\u00e4\u00e4n samalla Hwanung-Hwaninin vuorena), Jirisanilta, Hallasanilta Jejulla, Seoraksanilta ja Bukhanilta Seoulin l\u00e4heisyydess\u00e4.<\/p><p>Kullakin n\u00e4ist\u00e4 pyh\u00e4k\u00f6ist\u00e4 on omat paikallisperinteens\u00e4, omat juhlap\u00e4iv\u00e4ns\u00e4 ja omat myyttiset kertomuksensa. Boudewijn Walraven on kentt\u00e4tutkimuksissaan dokumentoinut n\u00e4iden paikalliskulttien monimuotoisuutta ja osoittanut, ett\u00e4 vuoripalvonnalla on n\u00e4enn\u00e4isest\u00e4 yhten\u00e4isyydest\u00e4\u00e4n huolimatta voimakkaasti alueellinen luonne.<\/p>\t\t\t\t\t\t\t\t<\/div>\n\t\t\t\t<\/div>\n\t\t<div class=\"elementor-element elementor-element-39611fd e-con-full e-flex e-con e-child\" data-id=\"39611fd\" data-element_type=\"container\" data-e-type=\"container\">\n\t\t\t\t<div class=\"elementor-element elementor-element-fceafa5 elementor-widget elementor-widget-heading\" data-id=\"fceafa5\" data-element_type=\"widget\" data-e-type=\"widget\" data-widget_type=\"heading.default\">\n\t\t\t\t\t<h2 class=\"elementor-heading-title elementor-size-default\">Suhde buddhalaisuuteen<\/h2>\t\t\t\t<\/div>\n\t\t\t\t<div class=\"elementor-element elementor-element-196563c elementor-widget elementor-widget-text-editor\" data-id=\"196563c\" data-element_type=\"widget\" data-e-type=\"widget\" data-widget_type=\"text-editor.default\">\n\t\t\t\t\t\t\t\t\t<p>Sansinin integrointi buddhalaiseen luostariarkkitehtuuriin on merkitt\u00e4v\u00e4 tapahtuma. 4. ja 5. vuosisadalla, kun buddhalaisuus saapui Kiinasta Koreaan, se kohtasi vuoret jo <span class=\"iwg-fachbegriff\" data-tooltip=\"Jumalalliseen kuuluva ja siten arkik\u00e4yt\u00f6st\u00e4 pois suljettu.\" tabindex=\"0\">pyhin\u00e4<\/span>.<\/p><p>Vuoripalvonnan vastustamisen sijaan munkit integroivat sen luostarikompleksiensa osaksi ja antoivat paikallisille vuorijumaluuksille vakiintuneen paikan luostarissa, tosin alisteisen suojelushahmon asemassa. Don Baker on kuvannut t\u00e4t\u00e4 k\u00e4yt\u00e4nt\u00f6\u00e4 tyypillisen\u00e4 esimerkkin\u00e4 \u00abhierarkkisesta integraatiosta\u00bb.<\/p>\n\n<p>N\u00e4in ollen nyky\u00e4\u00e4n jokaisesta korealaisesta buddhalaisesta <span class=\"iwg-fachbegriff\" data-tooltip=\"Rakennus, joka on tarkoitettu yhden tai useamman jumaluuden palvontaan.\" tabindex=\"0\">temppelist\u00e4<\/span> l\u00f6ytyy \u00abSansin-gak\u00bb-nimelt\u00e4 kutsuttu sali, jossa on vuorijumalan kuva tiikerins\u00e4 kanssa.<\/p><p>T\u00e4m\u00e4n kuvan edess\u00e4 suoritetaan omia suitsutuksia ja rukouksia, erityisesti maallikoiden toimesta, jotka pyyt\u00e4v\u00e4t suojaa perheelleen, menestyst\u00e4 liikeasioissa tai parannusta sairauksiin. T\u00e4m\u00e4 k\u00e4yt\u00e4nt\u00f6 on nyky\u00e4\u00e4n itsest\u00e4\u00e4n selv\u00e4 osa korealaista temppelivierailua.<\/p>\t\t\t\t\t\t\t\t<\/div>\n\t\t\t\t<\/div>\n\t\t<div class=\"elementor-element elementor-element-c6c70df e-con-full e-flex e-con e-child\" data-id=\"c6c70df\" data-element_type=\"container\" data-e-type=\"container\">\n\t\t\t\t<div class=\"elementor-element elementor-element-2e116e6 elementor-widget elementor-widget-heading\" data-id=\"2e116e6\" data-element_type=\"widget\" data-e-type=\"widget\" data-widget_type=\"heading.default\">\n\t\t\t\t\t<h2 class=\"elementor-heading-title elementor-size-default\">Konfutselainen ja shamanistinen omaksuminen<\/h2>\t\t\t\t<\/div>\n\t\t\t\t<div class=\"elementor-element elementor-element-52106e3 elementor-widget elementor-widget-text-editor\" data-id=\"52106e3\" data-element_type=\"widget\" data-e-type=\"widget\" data-widget_type=\"text-editor.default\">\n\t\t\t\t\t\t\t\t\t<p>Joseon-kauden (1392\u20131910) konfutselainen perinnek\u00e4\u00e4n ei syrj\u00e4ytt\u00e4nyt vuorenpalvontaa kokonaan. Kuninkaalliset vuoririitit olivat osa virallista valtionkulttia; kuningas uhrasi useilla vuorilla, joita pidettiin valtakunnan suojaavina vuorina.<\/p><p>Seoulin l\u00e4hell\u00e4 sijaitseva Bukhansan oli yksi n\u00e4ist\u00e4 \u00abnelj\u00e4st\u00e4 suojaavasta vuoresta\u00bb. N\u00e4iden virallisten riittien rituaalinen muoto poikkesi kansanuskonnollisesta k\u00e4yt\u00e4nn\u00f6st\u00e4, mutta niiden taustalla oli sama k\u00e4sitys vuoren pyhyydest\u00e4.<\/p>\n\n<p>Shamanistisessa kontekstissa Sansinia kutsutaan yhten\u00e4 t\u00e4rkeimmist\u00e4 hengist\u00e4, jotka ilmestyv\u00e4t \u00abgut\u00bb-riiteiss\u00e4. Naisshamaani tai <span class=\"iwg-fachbegriff\" data-tooltip=\"Uskonnollinen erityisasiantuntija, jonka katsotaan v\u00e4litt\u00e4v\u00e4n ihmisten ja henkimaailman v\u00e4lill\u00e4.\" tabindex=\"0\">shamaani<\/span> ilment\u00e4\u00e4 h\u00e4nt\u00e4 tilap\u00e4isesti ja v\u00e4litt\u00e4\u00e4 h\u00e4nen viestins\u00e4 l\u00e4sn\u00e4olijoille.<\/p><p>T\u00e4m\u00e4 v\u00e4litt\u00e4j\u00e4n teht\u00e4v\u00e4 on korealaisen shamanismin keskeinen piirre. Boudewijn Walraven on Songdon ja Soulin shamaanik\u00e4yt\u00e4nt\u00f6\u00e4 k\u00e4sitteleviss\u00e4 tutkimuksissaan osoittanut, ett\u00e4 Sansin on shamaanihierarkiassa korkea-arvoinen, vaikkei toimi yksinomaisena p\u00e4\u00e4henken\u00e4.<\/p>\t\t\t\t\t\t\t\t<\/div>\n\t\t\t\t<\/div>\n\t\t<div class=\"elementor-element elementor-element-1346c7f e-con-full e-flex e-con e-child\" data-id=\"1346c7f\" data-element_type=\"container\" data-e-type=\"container\">\n\t\t\t\t<div class=\"elementor-element elementor-element-2ac0ad8 elementor-widget elementor-widget-heading\" data-id=\"2ac0ad8\" data-element_type=\"widget\" data-e-type=\"widget\" data-widget_type=\"heading.default\">\n\t\t\t\t\t<h2 class=\"elementor-heading-title elementor-size-default\">Sansin ja Dangun<\/h2>\t\t\t\t<\/div>\n\t\t\t\t<div class=\"elementor-element elementor-element-eff8cb0 elementor-widget elementor-widget-text-editor\" data-id=\"eff8cb0\" data-element_type=\"widget\" data-e-type=\"widget\" data-widget_type=\"text-editor.default\">\n\t\t\t\t\t\t\t\t\t<p>Sansinin ja Dangunin, Korean myyttisen kansakunnan is\u00e4n, v\u00e4lill\u00e4 on merkitt\u00e4v\u00e4 yhteys. Joidenkin Dangun-<span class=\"iwg-fachbegriff\" data-tooltip=\"Perinteinen kertomus jumalista, alkuper\u00e4st\u00e4 ja maailman j\u00e4rjestyksest\u00e4.\" tabindex=\"0\">myytin<\/span> versioiden mukaan Dangun vet\u00e4ytyi el\u00e4m\u00e4ns\u00e4 lopulla Asadal-vuorelle ja muuttui siell\u00e4 Sansiniksi.<\/p><p>T\u00e4m\u00e4 identifikaatio yhdist\u00e4\u00e4 kansallisen perustamismyytin kansanuskonnolliseen vuorenpalvontaan ja antaa Sansinille l\u00e4hes kansallisuskonnollisen luonteen. James Grayson on huomauttanut, ett\u00e4 t\u00e4m\u00e4 yhteys kehitettiin teologisesti pidemm\u00e4lle 1900-luvun Daejonggyo-liikkeess\u00e4.<\/p>\n\n<p>Joissakin vuoripyh\u00e4k\u00f6iss\u00e4, erityisesti pohjoisessa, Sansin samastetaan siksi Danguniin tai h\u00e4nt\u00e4 palvotaan h\u00e4nen perillisen\u00e4\u00e4n. T\u00e4m\u00e4 kaksoisidentiteetti luo sillan puhtaasti paikallisen <span class=\"iwg-fachbegriff\" data-tooltip=\"Kaikki uskonnolliset palvontatoimet, jotka kohdistuvat jumaluuteen tai pyh\u00e4\u00e4n hahmoon.\" tabindex=\"0\">kultin<\/span> ja kansallisen <span class=\"iwg-fachbegriff\" data-tooltip=\"Perinteinen kertomus jumalista, alkuper\u00e4st\u00e4 ja maailman j\u00e4rjestyksest\u00e4.\" tabindex=\"0\">myytin<\/span> v\u00e4lille. Se on esimerkki korealaisen uskonnollisuuden joustavuudesta, joka kykenee yhdist\u00e4m\u00e4\u00e4n hyvin erilaisia uskonnollisia kerrostumia yhdeksi hahmoksi.<\/p>\t\t\t\t\t\t\t\t<\/div>\n\t\t\t\t<\/div>\n\t\t<div class=\"elementor-element elementor-element-6a60d21 e-con-full e-flex e-con e-child\" data-id=\"6a60d21\" data-element_type=\"container\" data-e-type=\"container\">\n\t\t\t\t<div class=\"elementor-element elementor-element-60f580f elementor-widget elementor-widget-heading\" data-id=\"60f580f\" data-element_type=\"widget\" data-e-type=\"widget\" data-widget_type=\"heading.default\">\n\t\t\t\t\t<h2 class=\"elementor-heading-title elementor-size-default\">Tutkimustilanne ja nykyaika<\/h2>\t\t\t\t<\/div>\n\t\t\t\t<div class=\"elementor-element elementor-element-669cfb6 elementor-widget elementor-widget-text-editor\" data-id=\"669cfb6\" data-element_type=\"widget\" data-e-type=\"widget\" data-widget_type=\"text-editor.default\">\n\t\t\t\t\t\t\t\t\t<p>Sansin-tutkimusta harjoittavat ensisijaisesti korealaiset uskontotieteilij\u00e4t. Kansainv\u00e4lisesti t\u00e4rkeimm\u00e4t tutkimukset ovat esitt\u00e4neet Boudewijn Walraven, James Grayson, Don Baker, Hong-Key Yoon ja Antonetta Bruno. Hong-Key Yoon on kulttuurimaantieteen n\u00e4k\u00f6kulmasta osoittanut, miten vuoripyh\u00e4k\u00f6t muotoavat korealaisen maiseman tilallista havaitsemista ja miten vuorenpalvonta liittyy pungsuun (geomantiaan).<\/p>\n\n<p>Modernissa korealaisessa uskonnossa Sansin on l\u00e4sn\u00e4 kaupungistumisesta ja modernisaatiosta huolimatta. Kansallispuistojen vaeltajat k\u00e4yv\u00e4t sansin-gakissa polttamassa suitsukkeita, shamaanit matkustavat pyhille vuorille erityisi\u00e4 riittej\u00e4 varten, ja suurissa luostareissa sansin-hallin k\u00e4ynti kuuluu monen uskovan vakio-ohjelmaan.<\/p><p>Vuorenjumala edustaa siten uskonnollista kerrostumaa, joka jatkaa vaikuttamistaan vaihtuvien valtauskontojen alla ja muovaa korealaista uskonnollisuutta yh\u00e4 t\u00e4n\u00e4kin p\u00e4iv\u00e4n\u00e4.<\/p>\t\t\t\t\t\t\t\t<\/div>\n\t\t\t\t<\/div>\n\t\t<div class=\"elementor-element elementor-element-be9a0c1 e-con-full e-flex e-con e-child\" data-id=\"be9a0c1\" data-element_type=\"container\" data-e-type=\"container\">\n\t\t\t\t<div class=\"elementor-element elementor-element-04f0a57 elementor-widget elementor-widget-heading\" data-id=\"04f0a57\" data-element_type=\"widget\" data-e-type=\"widget\" data-widget_type=\"heading.default\">\n\t\t\t\t\t<h2 class=\"elementor-heading-title elementor-size-default\">Sansin kansantaiteessa<\/h2>\t\t\t\t<\/div>\n\t\t\t\t<div class=\"elementor-element elementor-element-9de710a elementor-widget elementor-widget-text-editor\" data-id=\"9de710a\" data-element_type=\"widget\" data-e-type=\"widget\" data-widget_type=\"text-editor.default\">\n\t\t\t\t\t\t\t\t\t<p>Korean kansantaide on tallentanut Sansinin lukuisiin kuvatauluihin, puupiirroksiin ja kirjontat\u00f6ihin. Joseon-kauden loppupuolella syntyi \u00absansin-do\u00bb-tyyppinen kuva, vuorenjumalan taulu, joka esitt\u00e4\u00e4 voimakkaasti tyylitellyss\u00e4 muodossa Sansinin tiikerin, m\u00e4nnyn, k\u00e4pyjen ja toisinaan persikan kanssa.<\/p><p>N\u00e4it\u00e4 kuvatauluja palvottiin luostareissa, ja niit\u00e4 on usein esill\u00e4 kansantaiteen museoissa. Tyylillisesti ne yhdist\u00e4v\u00e4t buddhalaisia kuvakonventioita kansanomaiseen naiiviuteen.<\/p>\n\n<p>My\u00f6s Joseon-kauden kirjallinen perinne on k\u00e4sitellyt Sansinia. Lukuisissa kansansaduissa (\u00abminhwa\u00bb) h\u00e4n esiintyy koettelijana, auttajana tai ihmisten rikkomusten rankaisijana. N\u00e4iss\u00e4 kertomuksissa h\u00e4net kuvataan moraalisena auktoriteettina, jolla on selke\u00e4 j\u00e4rjestyst\u00e4 yll\u00e4pit\u00e4v\u00e4 teht\u00e4v\u00e4, mik\u00e4 erottaa h\u00e4net kaoottisemmista vuoridemoneista.<\/p><p>Antonetta Bruno on korealaista kansankerrontaa k\u00e4sitteleviss\u00e4 t\u00f6iss\u00e4\u00e4n osoittanut, kuinka t\u00e4m\u00e4 moraalinen teht\u00e4v\u00e4 nostaa Sansinin l\u00e4hes konfutselaisen hyveauktoriteetin asemaan, vaikkei h\u00e4n kuulu viralliseen konfutselaiseen jumalustoon.<\/p>\t\t\t\t\t\t\t\t<\/div>\n\t\t\t\t<\/div>\n\t\t<div class=\"elementor-element elementor-element-eedaa40 e-con-full e-flex e-con e-child\" data-id=\"eedaa40\" data-element_type=\"container\" data-e-type=\"container\">\n\t\t\t\t<div class=\"elementor-element elementor-element-4a64f96 elementor-widget elementor-widget-heading\" data-id=\"4a64f96\" data-element_type=\"widget\" data-e-type=\"widget\" data-widget_type=\"heading.default\">\n\t\t\t\t\t<h2 class=\"elementor-heading-title elementor-size-default\">David A. Mason ja etnografinen tutkimus<\/h2>\t\t\t\t<\/div>\n\t\t\t\t<div class=\"elementor-element elementor-element-e6f43d5 elementor-widget elementor-widget-text-editor\" data-id=\"e6f43d5\" data-element_type=\"widget\" data-e-type=\"widget\" data-widget_type=\"text-editor.default\">\n\t\t\t\t\t\t\t\t\t<p>Laajimman etnografisen kuvauksen Sansin-kultista on esitt\u00e4nyt amerikkalainen Korea-asiantuntija David A. Mason.<\/p><p><span data-nosnippet>H\u00e4nen teoksensa \u00abSpirit of the Mountains: Korea&#8217;s San-shin and Traditions of Mountain-Worship\u00bb (Seoul 1999) kuvaa yli kaksisataa Sansin-pyh\u00e4kk\u00f6\u00e4 korealaisissa luostareissa ja kyliss\u00e4 ja esitt\u00e4\u00e4 <span class=\"iwg-fachbegriff\" data-tooltip=\"Oppi kuva-aiheista ja niiden merkityksest\u00e4.\" tabindex=\"0\">ikonografian<\/span> alueelliset vaihtelut.<\/span><\/p><p>Mason osoittaa, ett\u00e4 n\u00e4enn\u00e4isesti yhten\u00e4inen kuvaperinne koostuu kolmesta osatekij\u00e4st\u00e4, joita yhdistell\u00e4\u00e4n alueellisesti eri tavoin: keskisten maakuntien patriarkaalinen valkopartainen Sansin, Jejun ja osan Jeollaa naispuolinen Sansin, sek\u00e4 pohjoisen Danguniin samastettu Sansin.<\/p>\n<p>Masonin kartoituksesta k\u00e4y ilmi, ett\u00e4 korealaisen luostarin sansin-halli sijaitsee tavallisesti it\u00e4- tai koillispuolella p\u00e4\u00e4buddhahallista ja on sijoitettu pungsu-kriteerien (korealaisen geomantian) mukaisesti niin, ett\u00e4 se peilaa luostarin \u00abtakavuorta\u00bb (\u00abjinsan\u00bb).<\/p><p><span data-nosnippet>T\u00e4m\u00e4 arkkitehtoninen k\u00e4yt\u00e4nt\u00f6 sitoo vuorenjumalan palvonnan tilallisesti buddhalaiseen luostarij\u00e4rjestykseen. Hong-Key Yoon on kuvannut t\u00e4t\u00e4 geomanttista logiikkaa systemaattisesti teoksessaan \u00abThe Culture of <span class=\"iwg-fachbegriff\" data-tooltip=\"Kiinalainen oppi rakennusten ja tilojen harmonisesta j\u00e4rjest\u00e4misest\u00e4.\" tabindex=\"0\">Fengshui<\/span> in Korea\u00bb (2006) ja osoittanut, miten vuori itse muodostuu pungsu-tulkinnan kautta henkiseksi suureeksi.<\/span><\/p>\t\t\t\t\t\t\t\t<\/div>\n\t\t\t\t<\/div>\n\t\t<div class=\"elementor-element elementor-element-ad745d7 e-con-full e-flex e-con e-child\" data-id=\"ad745d7\" data-element_type=\"container\" data-e-type=\"container\">\n\t\t\t\t<div class=\"elementor-element elementor-element-7916a8e elementor-widget elementor-widget-heading\" data-id=\"7916a8e\" data-element_type=\"widget\" data-e-type=\"widget\" data-widget_type=\"heading.default\">\n\t\t\t\t\t<h2 class=\"elementor-heading-title elementor-size-default\">Jejun saari ja naispuolinen Sansin-perinne<\/h2>\t\t\t\t<\/div>\n\t\t\t\t<div class=\"elementor-element elementor-element-ff39712 elementor-widget elementor-widget-text-editor\" data-id=\"ff39712\" data-element_type=\"widget\" data-e-type=\"widget\" data-widget_type=\"text-editor.default\">\n\t\t\t\t\t\t\t\t\t<p>Jejun saarella on s\u00e4ilynyt itsen\u00e4inen vuorenjumala-perinne, jonka keski\u00f6ss\u00e4 on vuorijumalatar Seolmundae Halmang (\u00abIso\u00e4iti Seolmundae\u00bb). Halmang on j\u00e4ttil\u00e4ism\u00e4inen luojatar, joka Jejun <span class=\"iwg-fachbegriff\" data-tooltip=\"Kulttuurin perim\u00e4tietona s\u00e4ilyneiden jumalkertomusten kokonaisuus.\" tabindex=\"0\">mytologian<\/span> mukaan muovasi saaren ja sen keskeisen tulivuoren, Hallasanin.<\/p><p>H\u00e4nen katsotaan olevan 500 pojan \u00e4iti, ja h\u00e4nt\u00e4 palvotaan useissa paikallisissa pyh\u00e4k\u00f6iss\u00e4. Myyttiperinne on tallennettu teoksiin \u00abCheonjiwang-bonpuri\u00bb ja \u00abSeolmundae-bonpuri\u00bb, suullisiin shamaanilauluihin, jotka kore\u00e1laiset kansanperinteentutkijat tallensivat 1900-luvulla.<\/p>\n<p><span data-nosnippet>Laurel Kendall on teoksessaan \u00abShamans, Nostalgias and the IMF\u00bb (2009) tutkinut Halmang-perinteen merkityst\u00e4 Jejun kulttuurisen itsem\u00e4\u00e4rittelyn kannalta. UNESCO otti vuonna 2009 Jejun shamaanijuhlan \u00abChilmeoridang Yeongdeunggut\u00bb aineettoman kulttuuriperinn\u00f6n luetteloon, mink\u00e4 my\u00f6t\u00e4 Halmangin palvonta siirtyi institutionalisoituun suojelun piiriin.<\/span><\/p><p>Jejun naispuolinen vuorenjumala-perinne on vertailevassa <span class=\"iwg-fachbegriff\" data-tooltip=\"Tiede, joka tutkii uskontoja vertailevasti ja sitoutumattomasti.\" tabindex=\"0\">uskontotieteess\u00e4<\/span> t\u00e4rke\u00e4 todiste ajatuksesta matriarkaalisesta kerroksesta varhaisessa korealaisessa uskonnollisuudessa, vaikkakaan t\u00e4t\u00e4 v\u00e4itett\u00e4 ei voida arkeologisesti todistaa yksiselitteisesti.<\/p>\t\t\t\t\t\t\t\t<\/div>\n\t\t\t\t<\/div>\n\t\t<div class=\"elementor-element elementor-element-ff26c9d e-con-full e-flex e-con e-child\" data-id=\"ff26c9d\" data-element_type=\"container\" data-e-type=\"container\">\n\t\t\t\t<div class=\"elementor-element elementor-element-b609f0c elementor-widget elementor-widget-heading\" data-id=\"b609f0c\" data-element_type=\"widget\" data-e-type=\"widget\" data-widget_type=\"heading.default\">\n\t\t\t\t\t<h2 class=\"elementor-heading-title elementor-size-default\">Joseon-kauden valtiollinen vuorikultti<\/h2>\t\t\t\t<\/div>\n\t\t\t\t<div class=\"elementor-element elementor-element-17287e8 elementor-widget elementor-widget-text-editor\" data-id=\"17287e8\" data-element_type=\"widget\" data-e-type=\"widget\" data-widget_type=\"text-editor.default\">\n\t\t\t\t\t\t\t\t\t<p><span data-nosnippet>Joseon-dynastia (1392\u20131910) teki vuori<span class=\"iwg-fachbegriff\" data-tooltip=\"Jumaluuden tai pyh\u00e4n hahmon kunnioittamiseen liittyvien uskonnollisten toimien kokonaisuus.\" tabindex=\"0\">kultista<\/span> osan virallista valtiokulttia. Nelj\u00e4 \u00absuurta vuorta\u00bb (\u00absa-ak\u00bb) muodostivat valtakunnan geomanttis-rituaalisen kehyksen: Baekdusan pohjoisessa, Jirisan etel\u00e4ss\u00e4, Geumgangsan id\u00e4ss\u00e4 ja Myohyangsan l\u00e4nness\u00e4.<\/span><\/p><p>N\u00e4iden lis\u00e4ksi olivat \u00abviisi vartiovuorta\u00bb (\u00abo-jin\u00bb) ja \u00abnelj\u00e4 saarivuorta\u00bb. T\u00e4m\u00e4 vuorij\u00e4rjestelm\u00e4 on kuvattu yksityiskohtaisesti teoksissa \u00abJoseon Wangjo Sillok\u00bb (\u00abJoseon-dynastian annaalit\u00bb) ja \u00abKukcho oryeui\u00bb (\u00abValtion viisi riitti\u00e4\u00bb, 1474).<\/p>\n<p>Kuninkaalliset vuorirituaalit erosivat kansanuskonnollisesta k\u00e4yt\u00e4nn\u00f6st\u00e4 konfutselaisen rituaalimuodon vuoksi: kuvallisen Sansinin sijaan k\u00e4ytettiin muistotauluja, joissa oli konfutselainen <span class=\"iwg-fachbegriff\" data-tooltip=\"Kiinte\u00e4\u00e4n alustaan kaiverrettu tai hakattu teksti.\" tabindex=\"0\">kirjoitus<\/span>, riitit noudattivat \u00abjerye\u00bb-kaavaa, ja niit\u00e4 suorittivat korkea-arvoiset virkamiehet tai kuningas itse.<\/p><p>Kuitenkin my\u00f6s konfutselaiset eliitit tunnustivat paikallisten vuorijumalten olemassaolon, mik\u00e4 osoittaa Joseon-hallinnon uskontopoliittisen suvaitsevaisuuden huolimatta sen virallisesta konfutselaisesta suuntautumisesta. Boudewijn Walraven on teoksessaan \u00abSongs of the Shaman\u00bb (1994) ja useissa artikkeleissa osoittanut, kuinka t\u00e4m\u00e4 kaksoisrakenne, virallinen konfutselaistuminen ja tosiasiallinen vuorenpalvonnan s\u00e4ilyminen, muotoutui Joseon-kauden uskonnolliseksi k\u00e4yt\u00e4nn\u00f6ksi.<\/p>\t\t\t\t\t\t\t\t<\/div>\n\t\t\t\t<\/div>\n\t\t<div class=\"elementor-element elementor-element-97f8599 e-con-full e-flex e-con e-child\" data-id=\"97f8599\" data-element_type=\"container\" data-e-type=\"container\">\n\t\t\t\t<div class=\"elementor-element elementor-element-d6cd5ed elementor-widget elementor-widget-heading\" data-id=\"d6cd5ed\" data-element_type=\"widget\" data-e-type=\"widget\" data-widget_type=\"heading.default\">\n\t\t\t\t\t<h2 class=\"elementor-heading-title elementor-size-default\">L\u00e4hteet ja kirjallisuus<\/h2>\t\t\t\t<\/div>\n\t\t\t\t<div class=\"elementor-element elementor-element-58c1a0d elementor-widget elementor-widget-text-editor\" data-id=\"58c1a0d\" data-element_type=\"widget\" data-e-type=\"widget\" data-widget_type=\"text-editor.default\">\n\t\t\t\t\t\t\t\t\t<footer class=\"iwg-literatur\"><p><span data-nosnippet>Alkuper\u00e4isl\u00e4hteet: Iryeon, \u00abSamguk Yusa\u00bb (1281); \u00abSamguk Sagi\u00bb (1145); \u00abDongguk Yeoji Seungnam\u00bb (1481); \u00abJoseon Wangjo Sillok\u00bb (Joseon-dynastian annaalit); \u00abKukcho oryeui\u00bb (1474). Shamaaniset tekstit Jejulta: \u00abCheonjiwang-bonpuri\u00bb ja \u00abSeolmundae-bonpuri\u00bb Hyun Yong-junin kokoelmassa \u00abJeju-do musok charyo sajeon\u00bb (Seoul 1980).<\/span><\/p><p>Toissijainen kirjallisuus:<\/p><ul><li><span data-nosnippet>David A. Mason, \u00abSpirit of the Mountains: Korea&#8217;s San-shin and Traditions of Mountain-Worship\u00bb (Seoul 1999).<\/span><\/li><li><span data-nosnippet>James H. Grayson, \u00abKorea: A Religious History\u00bb (Oxford 1989, 2002) ja \u00abMyths and Legends from Korea\u00bb (Richmond 2001).<\/span><\/li><li><span data-nosnippet>Don Baker, \u00abKorean Spirituality\u00bb (Honolulu 2008).<\/span><\/li><li><span data-nosnippet>Hong-Key Yoon, \u00abThe Culture of <span class=\"iwg-fachbegriff\" data-tooltip=\"Kiinalainen oppi rakennusten ja tilojen sopusuhtaisesta j\u00e4rjest\u00e4misest\u00e4.\" tabindex=\"0\">Fengshui<\/span> in Korea\u00bb (Lanham 2006).<\/span><\/li><li><span data-nosnippet>Laurel Kendall, \u00abShamans, Housewives, and Other Restless Spirits\u00bb (Honolulu 1985) ja \u00abShamans, Nostalgias and the IMF\u00bb (Honolulu 2009).<\/span><\/li><li><span data-nosnippet>Boudewijn Walraven, \u00abSongs of the Shaman\u00bb (London 1994).<\/span><\/li><li><span data-nosnippet>Antonetta Bruno, \u00abThe Gate of Words\u00bb (Leiden 2002).<\/span><\/li><li><span data-nosnippet>Hyun-key Kim Hogarth, \u00abKorean Shamanism and Cultural Nationalism\u00bb (Seoul 1999).<\/span><\/li><li><span data-nosnippet>Daniel Kister, \u00abKorean Shamanist <span class=\"iwg-fachbegriff\" data-tooltip=\"S\u00e4\u00e4detty symbolisten toimien sarja, jolla on uskonnollinen tai kulttuurinen merkitys.\" tabindex=\"0\">Ritual<\/span>: Symbols and Dramas of Transformation\u00bb (Budapest 1997).<\/span><\/li><\/ul><\/footer>\t\t\t\t\t\t\t\t<\/div>\n\t\t\t\t<\/div>\n\t\t\t\t\t<\/div>\n\t\t\t\t<\/div>\n\t\t\t\t<\/div>\n\t\t","protected":false},"excerpt":{"rendered":"","protected":false},"author":3,"featured_media":3246,"parent":0,"menu_order":0,"comment_status":"closed","ping_status":"closed","template":"elementor_header_footer","meta":{"_yoast_wpseo_focuskw":"Sansin","_yoast_wpseo_title":"Sansin \u2013 korealainen vuorijumala | iWell Guard","_yoast_wpseo_metadesc":"Sansin on korealainen vuorijumala: pyhien vuorten suojelija, tiikerin suojelusjumaluus, palvottu my\u00f6s Korean buddhalaisluostareissa.","_yoast_wpseo_meta-robots-noindex":"","_yoast_wpseo_canonical":"","_angie_page":false,"gefaehrdungsstufe":"1","wesen_kultur":"korea","wesen_klasse":"goetter","footnotes":""},"categories":[],"class_list":["post-144347","page","type-page","status-publish","has-post-thumbnail","hentry"],"yoast_head":"<!-- This site is optimized with the Yoast SEO Premium plugin v27.7 (Yoast SEO v28.3) - https:\/\/yoast.com\/product\/yoast-seo-premium-wordpress\/ -->\n<title>Sansin \u2013 korealainen vuorijumala | iWell Guard<\/title>\n<meta name=\"description\" content=\"Sansin on korealainen vuorijumala: pyhien vuorten suojelija, tiikerin suojelusjumaluus, palvottu my\u00f6s Korean buddhalaisluostareissa.\" \/>\n<meta name=\"robots\" content=\"index, follow, max-snippet:-1, max-image-preview:large, max-video-preview:-1\" \/>\n<link rel=\"canonical\" href=\"https:\/\/iwell-guard.com\/fi\/sansin\/\" \/>\n<meta property=\"og:locale\" content=\"fi_FI\" \/>\n<meta property=\"og:type\" content=\"article\" \/>\n<meta property=\"og:title\" content=\"Sansin\" \/>\n<meta property=\"og:description\" content=\"Sansin on korealainen vuorijumala: pyhien vuorten suojelija, tiikerin suojelusjumaluus, palvottu my\u00f6s Korean buddhalaisluostareissa.\" \/>\n<meta property=\"og:url\" content=\"https:\/\/iwell-guard.com\/fi\/sansin\/\" \/>\n<meta property=\"og:site_name\" content=\"iWell Guard\" \/>\n<meta property=\"article:modified_time\" content=\"2026-09-03T12:57:05+00:00\" \/>\n<meta property=\"og:image\" content=\"https:\/\/iwell-guard.com\/wp-content\/uploads\/2026\/05\/goetter_korea_sansin-1.webp\" \/>\n\t<meta property=\"og:image:width\" content=\"1024\" \/>\n\t<meta property=\"og:image:height\" content=\"1536\" \/>\n\t<meta property=\"og:image:type\" content=\"image\/webp\" \/>\n<meta name=\"twitter:card\" content=\"summary_large_image\" \/>\n<script type=\"application\/ld+json\" class=\"yoast-schema-graph\">{\"@context\":\"https:\\\/\\\/schema.org\",\"@graph\":[{\"@type\":\"WebPage\",\"@id\":\"https:\\\/\\\/iwell-guard.com\\\/fi\\\/sansin\\\/\",\"url\":\"https:\\\/\\\/iwell-guard.com\\\/fi\\\/sansin\\\/\",\"name\":\"Sansin \u2013 korealainen vuorijumala | iWell Guard\",\"isPartOf\":{\"@id\":\"https:\\\/\\\/iwell-guard.com\\\/fi\\\/#website\"},\"primaryImageOfPage\":{\"@id\":\"https:\\\/\\\/iwell-guard.com\\\/fi\\\/sansin\\\/#primaryimage\"},\"image\":{\"@id\":\"https:\\\/\\\/iwell-guard.com\\\/fi\\\/sansin\\\/#primaryimage\"},\"thumbnailUrl\":\"https:\\\/\\\/iwell-guard.com\\\/wp-content\\\/uploads\\\/2026\\\/05\\\/goetter_korea_sansin-1.webp\",\"datePublished\":\"2026-09-03T12:34:31+00:00\",\"dateModified\":\"2026-09-03T12:57:05+00:00\",\"description\":\"Sansin on korealainen vuorijumala: pyhien vuorten suojelija, tiikerin suojelusjumaluus, palvottu my\u00f6s Korean buddhalaisluostareissa.\",\"breadcrumb\":{\"@id\":\"https:\\\/\\\/iwell-guard.com\\\/fi\\\/sansin\\\/#breadcrumb\"},\"inLanguage\":\"fi\",\"potentialAction\":[{\"@type\":\"ReadAction\",\"target\":[\"https:\\\/\\\/iwell-guard.com\\\/fi\\\/sansin\\\/\"]}]},{\"@type\":\"ImageObject\",\"inLanguage\":\"fi\",\"@id\":\"https:\\\/\\\/iwell-guard.com\\\/fi\\\/sansin\\\/#primaryimage\",\"url\":\"https:\\\/\\\/iwell-guard.com\\\/wp-content\\\/uploads\\\/2026\\\/05\\\/goetter_korea_sansin-1.webp\",\"contentUrl\":\"https:\\\/\\\/iwell-guard.com\\\/wp-content\\\/uploads\\\/2026\\\/05\\\/goetter_korea_sansin-1.webp\",\"width\":1024,\"height\":1536,\"caption\":\"Korean perinteen jumalia.\"},{\"@type\":\"BreadcrumbList\",\"@id\":\"https:\\\/\\\/iwell-guard.com\\\/fi\\\/sansin\\\/#breadcrumb\",\"itemListElement\":[{\"@type\":\"ListItem\",\"position\":1,\"name\":\"Start\",\"item\":\"https:\\\/\\\/iwell-guard.com\\\/fi\\\/?page_id=143815\"},{\"@type\":\"ListItem\",\"position\":2,\"name\":\"Sansin\"}]},{\"@type\":\"WebSite\",\"@id\":\"https:\\\/\\\/iwell-guard.com\\\/fi\\\/#website\",\"url\":\"https:\\\/\\\/iwell-guard.com\\\/fi\\\/\",\"name\":\"iWell Guard\",\"description\":\"Schutz vor dunklen Einfl\u00fcssen\",\"publisher\":{\"@id\":\"https:\\\/\\\/iwell-guard.com\\\/fi\\\/#organization\"},\"potentialAction\":[{\"@type\":\"SearchAction\",\"target\":{\"@type\":\"EntryPoint\",\"urlTemplate\":\"https:\\\/\\\/iwell-guard.com\\\/fi\\\/?s={search_term_string}\"},\"query-input\":{\"@type\":\"PropertyValueSpecification\",\"valueRequired\":true,\"valueName\":\"search_term_string\"}}],\"inLanguage\":\"fi\"},{\"@type\":\"Organization\",\"@id\":\"https:\\\/\\\/iwell-guard.com\\\/fi\\\/#organization\",\"name\":\"Ittermann electronic GmbH\",\"url\":\"https:\\\/\\\/iwell-guard.com\\\/fi\\\/\",\"logo\":{\"@type\":\"ImageObject\",\"inLanguage\":\"fi\",\"@id\":\"https:\\\/\\\/iwell-guard.com\\\/fi\\\/#\\\/schema\\\/logo\\\/image\\\/\",\"url\":\"https:\\\/\\\/iwell-guard.com\\\/wp-content\\\/uploads\\\/2026\\\/05\\\/Ittermann-Logo-1182x237-1.png\",\"contentUrl\":\"https:\\\/\\\/iwell-guard.com\\\/wp-content\\\/uploads\\\/2026\\\/05\\\/Ittermann-Logo-1182x237-1.png\",\"width\":1182,\"height\":237,\"caption\":\"Ittermann electronic GmbH\"},\"image\":{\"@id\":\"https:\\\/\\\/iwell-guard.com\\\/fi\\\/#\\\/schema\\\/logo\\\/image\\\/\"},\"sameAs\":[\"https:\\\/\\\/pantip.com\\\/profile\\\/9367242\",\"https:\\\/\\\/micro.blog\\\/iwellguard\",\"https:\\\/\\\/www.diggerslist.com\\\/iwellguard\\\/about\",\"https:\\\/\\\/skitterphoto.com\\\/photographers\\\/2870314\\\/iwell-guard\",\"https:\\\/\\\/iwellguard.wordpress.com\\\/2026\\\/06\\\/06\\\/iwell-guard\\\/\",\"https:\\\/\\\/hub.docker.com\\\/u\\\/iwellguard\",\"https:\\\/\\\/www.pinterest.com\\\/iwellguard\\\/\",\"https:\\\/\\\/bit.ly\\\/m\\\/iwellguard\",\"https:\\\/\\\/entre-vos-mains.alsace.eu\\\/profiles\\\/iwellguard\\\/activity\",\"https:\\\/\\\/gravatar.com\\\/reallybeded8fd34\",\"https:\\\/\\\/naijamatta.com\\\/iwellguard\",\"https:\\\/\\\/www.goodreads.com\\\/iwellguard\",\"https:\\\/\\\/profile.hatena.ne.jp\\\/iwellguard\\\/\",\"https:\\\/\\\/experiment.com\\\/users\\\/iwellguard\",\"https:\\\/\\\/wakelet.com\\\/@iWellGuard82270\",\"https:\\\/\\\/www.chordie.com\\\/forum\\\/profile.php?id=2555664\",\"https:\\\/\\\/www.instapaper.com\\\/p\\\/17757966\",\"https:\\\/\\\/www.mapleprimes.com\\\/users\\\/iwellguard\",\"https:\\\/\\\/businesslistingplus.com\\\/profile\\\/iwell-guard\\\/\",\"https:\\\/\\\/telegra.ph\\\/iWell-Guard-06-06\",\"https:\\\/\\\/pbase.com\\\/iwellguard\\\/iwellguard\",\"https:\\\/\\\/b.hatena.ne.jp\\\/iwellguard\\\/20260607#bookmark-4788405196491818882\",\"https:\\\/\\\/fliphtml5.com\\\/home\\\/iwellguard\",\"https:\\\/\\\/anyflip.com\\\/homepage\\\/cmiwl#About\",\"https:\\\/\\\/transfur.com\\\/Users\\\/iwellguard\",\"http:\\\/\\\/delphi.larsbo.org\\\/user\\\/iwellguard\",\"https:\\\/\\\/jobs.lajobsportal.org\\\/profiles\\\/8380803-iwell-guard\",\"https:\\\/\\\/md.chaosdorf.de\\\/s\\\/jfbe5SBdJD\",\"https:\\\/\\\/www.lingvolive.com\\\/en-us\\\/profile\\\/9ecaeaca-ce11-4e51-9e71-01d55e2bff36\\\/translations\",\"https:\\\/\\\/www.fitday.com\\\/fitness\\\/forums\\\/members\\\/iwellguard.html\",\"https:\\\/\\\/www.mymeetbook.com\\\/iwellguard\",\"https:\\\/\\\/pxhere.com\\\/en\\\/photographer-me\\\/5040798\",\"https:\\\/\\\/disqus.com\\\/by\\\/iwellguard\\\/about\\\/\",\"https:\\\/\\\/pastelink.net\\\/hjwciqwq\",\"https:\\\/\\\/pubhtml5.com\\\/homepage\\\/scjhn\\\/\",\"https:\\\/\\\/www.bitchute.com\\\/channel\\\/2O2eOKzNqujT\",\"https:\\\/\\\/audiomack.com\\\/iwellguard\"]},{\"@type\":\"Article\",\"@id\":\"https:\\\/\\\/iwell-guard.com\\\/fi\\\/sansin\\\/#article\",\"isPartOf\":{\"@id\":\"https:\\\/\\\/iwell-guard.com\\\/fi\\\/sansin\\\/\"},\"author\":{\"name\":\"Ralf Ittermann\",\"@id\":\"https:\\\/\\\/iwell-guard.com\\\/fi\\\/#\\\/schema\\\/person\\\/ee2a27f1cac3406c7c6fb5820cb7349f\"},\"headline\":\"Sansin\",\"datePublished\":\"2026-09-03T12:34:31+00:00\",\"dateModified\":\"2026-09-03T12:57:05+00:00\",\"mainEntityOfPage\":{\"@id\":\"https:\\\/\\\/iwell-guard.com\\\/fi\\\/sansin\\\/\"},\"publisher\":{\"@id\":\"https:\\\/\\\/iwell-guard.com\\\/fi\\\/#organization\"},\"image\":{\"@id\":\"https:\\\/\\\/iwell-guard.com\\\/fi\\\/sansin\\\/#primaryimage\"},\"thumbnailUrl\":\"https:\\\/\\\/iwell-guard.com\\\/wp-content\\\/uploads\\\/2026\\\/05\\\/goetter_korea_sansin-1.webp\",\"inLanguage\":\"fi\",\"description\":\"Sansin on korealainen vuorijumala: pyhien vuorten suojelija, tiikerin suojelusjumaluus, palvottu my\u00f6s Korean buddhalaisluostareissa.\"}]}<\/script>\n<!-- \/ Yoast SEO Premium plugin. -->","yoast_head_json":{"title":"Sansin \u2013 korealainen vuorijumala | iWell Guard","description":"Sansin on korealainen vuorijumala: pyhien vuorten suojelija, tiikerin suojelusjumaluus, palvottu my\u00f6s Korean buddhalaisluostareissa.","robots":{"index":"index","follow":"follow","max-snippet":"max-snippet:-1","max-image-preview":"max-image-preview:large","max-video-preview":"max-video-preview:-1"},"canonical":"https:\/\/iwell-guard.com\/fi\/sansin\/","og_locale":"fi_FI","og_type":"article","og_title":"Sansin","og_description":"Sansin on korealainen vuorijumala: pyhien vuorten suojelija, tiikerin suojelusjumaluus, palvottu my\u00f6s Korean buddhalaisluostareissa.","og_url":"https:\/\/iwell-guard.com\/fi\/sansin\/","og_site_name":"iWell Guard","article_modified_time":"2026-09-03T12:57:05+00:00","og_image":[{"width":1024,"height":1536,"url":"https:\/\/iwell-guard.com\/wp-content\/uploads\/2026\/05\/goetter_korea_sansin-1.webp","type":"image\/webp"}],"twitter_card":"summary_large_image","schema":{"@context":"https:\/\/schema.org","@graph":[{"@type":"Article","@id":"https:\/\/iwell-guard.com\/fi\/sansin\/#article","isPartOf":{"@id":"https:\/\/iwell-guard.com\/fi\/sansin\/"},"author":{"name":"Ralf Ittermann","@id":"https:\/\/iwell-guard.com\/fi\/#\/schema\/person\/ee2a27f1cac3406c7c6fb5820cb7349f"},"headline":"Sansin","datePublished":"2026-09-03T12:34:31+00:00","dateModified":"2026-09-03T12:57:05+00:00","mainEntityOfPage":{"@id":"https:\/\/iwell-guard.com\/fi\/sansin\/"},"publisher":{"@id":"https:\/\/iwell-guard.com\/fi\/#organization"},"image":{"@id":"https:\/\/iwell-guard.com\/fi\/sansin\/#primaryimage"},"thumbnailUrl":"https:\/\/iwell-guard.com\/wp-content\/uploads\/2026\/05\/goetter_korea_sansin-1.webp","inLanguage":"fi","description":"Sansin on korealainen vuorijumala: pyhien vuorten suojelija, tiikerin suojelusjumaluus, palvottu my\u00f6s Korean buddhalaisluostareissa."},{"@type":"WebPage","@id":"https:\/\/iwell-guard.com\/fi\/sansin\/","url":"https:\/\/iwell-guard.com\/fi\/sansin\/","name":"Sansin \u2013 korealainen vuorijumala | iWell Guard","isPartOf":{"@id":"https:\/\/iwell-guard.com\/fi\/#website"},"primaryImageOfPage":{"@id":"https:\/\/iwell-guard.com\/fi\/sansin\/#primaryimage"},"image":{"@id":"https:\/\/iwell-guard.com\/fi\/sansin\/#primaryimage"},"thumbnailUrl":"https:\/\/iwell-guard.com\/wp-content\/uploads\/2026\/05\/goetter_korea_sansin-1.webp","datePublished":"2026-09-03T12:34:31+00:00","dateModified":"2026-09-03T12:57:05+00:00","description":"Sansin on korealainen vuorijumala: pyhien vuorten suojelija, tiikerin suojelusjumaluus, palvottu my\u00f6s Korean buddhalaisluostareissa.","breadcrumb":{"@id":"https:\/\/iwell-guard.com\/fi\/sansin\/#breadcrumb"},"inLanguage":"fi","potentialAction":[{"@type":"ReadAction","target":["https:\/\/iwell-guard.com\/fi\/sansin\/"]}]},{"@type":"ImageObject","inLanguage":"fi","@id":"https:\/\/iwell-guard.com\/fi\/sansin\/#primaryimage","url":"https:\/\/iwell-guard.com\/wp-content\/uploads\/2026\/05\/goetter_korea_sansin-1.webp","contentUrl":"https:\/\/iwell-guard.com\/wp-content\/uploads\/2026\/05\/goetter_korea_sansin-1.webp","width":1024,"height":1536,"caption":"Korean perinteen jumalia."},{"@type":"BreadcrumbList","@id":"https:\/\/iwell-guard.com\/fi\/sansin\/#breadcrumb","itemListElement":[{"@type":"ListItem","position":1,"name":"Start","item":"https:\/\/iwell-guard.com\/fi\/?page_id=143815"},{"@type":"ListItem","position":2,"name":"Sansin"}]},{"@type":"WebSite","@id":"https:\/\/iwell-guard.com\/fi\/#website","url":"https:\/\/iwell-guard.com\/fi\/","name":"iWell Guard","description":"Schutz vor dunklen Einfl\u00fcssen","publisher":{"@id":"https:\/\/iwell-guard.com\/fi\/#organization"},"potentialAction":[{"@type":"SearchAction","target":{"@type":"EntryPoint","urlTemplate":"https:\/\/iwell-guard.com\/fi\/?s={search_term_string}"},"query-input":{"@type":"PropertyValueSpecification","valueRequired":true,"valueName":"search_term_string"}}],"inLanguage":"fi"},{"@type":"Organization","@id":"https:\/\/iwell-guard.com\/fi\/#organization","name":"Ittermann electronic GmbH","url":"https:\/\/iwell-guard.com\/fi\/","logo":{"@type":"ImageObject","inLanguage":"fi","@id":"https:\/\/iwell-guard.com\/fi\/#\/schema\/logo\/image\/","url":"https:\/\/iwell-guard.com\/wp-content\/uploads\/2026\/05\/Ittermann-Logo-1182x237-1.png","contentUrl":"https:\/\/iwell-guard.com\/wp-content\/uploads\/2026\/05\/Ittermann-Logo-1182x237-1.png","width":1182,"height":237,"caption":"Ittermann electronic GmbH"},"image":{"@id":"https:\/\/iwell-guard.com\/fi\/#\/schema\/logo\/image\/"},"sameAs":["https:\/\/pantip.com\/profile\/9367242","https:\/\/micro.blog\/iwellguard","https:\/\/www.diggerslist.com\/iwellguard\/about","https:\/\/skitterphoto.com\/photographers\/2870314\/iwell-guard","https:\/\/iwellguard.wordpress.com\/2026\/06\/06\/iwell-guard\/","https:\/\/hub.docker.com\/u\/iwellguard","https:\/\/www.pinterest.com\/iwellguard\/","https:\/\/bit.ly\/m\/iwellguard","https:\/\/entre-vos-mains.alsace.eu\/profiles\/iwellguard\/activity","https:\/\/gravatar.com\/reallybeded8fd34","https:\/\/naijamatta.com\/iwellguard","https:\/\/www.goodreads.com\/iwellguard","https:\/\/profile.hatena.ne.jp\/iwellguard\/","https:\/\/experiment.com\/users\/iwellguard","https:\/\/wakelet.com\/@iWellGuard82270","https:\/\/www.chordie.com\/forum\/profile.php?id=2555664","https:\/\/www.instapaper.com\/p\/17757966","https:\/\/www.mapleprimes.com\/users\/iwellguard","https:\/\/businesslistingplus.com\/profile\/iwell-guard\/","https:\/\/telegra.ph\/iWell-Guard-06-06","https:\/\/pbase.com\/iwellguard\/iwellguard","https:\/\/b.hatena.ne.jp\/iwellguard\/20260607#bookmark-4788405196491818882","https:\/\/fliphtml5.com\/home\/iwellguard","https:\/\/anyflip.com\/homepage\/cmiwl#About","https:\/\/transfur.com\/Users\/iwellguard","http:\/\/delphi.larsbo.org\/user\/iwellguard","https:\/\/jobs.lajobsportal.org\/profiles\/8380803-iwell-guard","https:\/\/md.chaosdorf.de\/s\/jfbe5SBdJD","https:\/\/www.lingvolive.com\/en-us\/profile\/9ecaeaca-ce11-4e51-9e71-01d55e2bff36\/translations","https:\/\/www.fitday.com\/fitness\/forums\/members\/iwellguard.html","https:\/\/www.mymeetbook.com\/iwellguard","https:\/\/pxhere.com\/en\/photographer-me\/5040798","https:\/\/disqus.com\/by\/iwellguard\/about\/","https:\/\/pastelink.net\/hjwciqwq","https:\/\/pubhtml5.com\/homepage\/scjhn\/","https:\/\/www.bitchute.com\/channel\/2O2eOKzNqujT","https:\/\/audiomack.com\/iwellguard"]},{"@type":"Person","@id":"https:\/\/iwell-guard.com\/fi\/#\/schema\/person\/ee2a27f1cac3406c7c6fb5820cb7349f","name":"Ralf Ittermann","image":{"@type":"ImageObject","inLanguage":"fi","@id":"https:\/\/secure.gravatar.com\/avatar\/073c0153e350a5005b68eb752b445fea71f6b24a26da9449ad7e155e6b446c9d?s=96&d=mm&r=g","url":"https:\/\/secure.gravatar.com\/avatar\/073c0153e350a5005b68eb752b445fea71f6b24a26da9449ad7e155e6b446c9d?s=96&d=mm&r=g","contentUrl":"https:\/\/secure.gravatar.com\/avatar\/073c0153e350a5005b68eb752b445fea71f6b24a26da9449ad7e155e6b446c9d?s=96&d=mm&r=g","caption":"Ralf Ittermann"},"givenName":"Ralf","familyName":"Ittermann","jobTitle":"Gesch\u00e4ftsf\u00fchrer und redaktioneller Verantwortlicher","url":"https:\/\/iwell-guard.com\/fi\/author\/claude\/","description":"Ralf Ittermann ist Gesch\u00e4ftsf\u00fchrer der Ittermann electronic GmbH und redaktioneller Verantwortlicher des iWell-Guard-Lexikons. Er verbindet langj\u00e4hrige Erfahrung in der Pr\u00e4zisionsfertigung mit medialer Praxis und religionsgeschichtlicher Quellenarbeit.","worksFor":{"@type":"Organization","name":"Ittermann electronic GmbH","url":"https:\/\/ittermann.de\/","address":{"@type":"PostalAddress","streetAddress":"K\u00f6hlergasse 16-18","postalCode":"99842","addressLocality":"Ruhla","addressCountry":"DE"}},"knowsAbout":["Religionsgeschichte","Mythologie","Mediale Praxis","Energetische Diagnostik","Schutzpraxis","Volksglauben","Westliche Esoterik"]},{"@type":"Article","@id":"https:\/\/iwell-guard.com\/fi\/sansin\/#article","isPartOf":{"@id":"https:\/\/iwell-guard.com\/fi\/sansin\/"},"author":{"name":"Ralf Ittermann","@id":"https:\/\/iwell-guard.com\/fi\/#\/schema\/person\/ee2a27f1cac3406c7c6fb5820cb7349f"},"headline":"Sansin","datePublished":"2026-09-03T12:34:31+00:00","dateModified":"2026-09-03T12:57:05+00:00","mainEntityOfPage":{"@id":"https:\/\/iwell-guard.com\/fi\/sansin\/"},"publisher":{"@id":"https:\/\/iwell-guard.com\/fi\/#organization"},"image":{"@id":"https:\/\/iwell-guard.com\/fi\/sansin\/#primaryimage"},"thumbnailUrl":"https:\/\/iwell-guard.com\/wp-content\/uploads\/2026\/05\/goetter_korea_sansin-1.webp","inLanguage":"fi","description":"Sansin on korealainen vuorijumala: pyhien vuorten suojelija, tiikerin suojelusjumaluus, palvottu my\u00f6s Korean buddhalaisluostareissa."}]}},"_links":{"self":[{"href":"https:\/\/iwell-guard.com\/fi\/wp-json\/wp\/v2\/pages\/144347","targetHints":{"allow":["GET"]}}],"collection":[{"href":"https:\/\/iwell-guard.com\/fi\/wp-json\/wp\/v2\/pages"}],"about":[{"href":"https:\/\/iwell-guard.com\/fi\/wp-json\/wp\/v2\/types\/page"}],"author":[{"embeddable":true,"href":"https:\/\/iwell-guard.com\/fi\/wp-json\/wp\/v2\/users\/3"}],"replies":[{"embeddable":true,"href":"https:\/\/iwell-guard.com\/fi\/wp-json\/wp\/v2\/comments?post=144347"}],"version-history":[{"count":0,"href":"https:\/\/iwell-guard.com\/fi\/wp-json\/wp\/v2\/pages\/144347\/revisions"}],"wp:featuredmedia":[{"embeddable":true,"href":"https:\/\/iwell-guard.com\/fi\/wp-json\/wp\/v2\/media\/3246"}],"wp:attachment":[{"href":"https:\/\/iwell-guard.com\/fi\/wp-json\/wp\/v2\/media?parent=144347"}],"wp:term":[{"taxonomy":"category","embeddable":true,"href":"https:\/\/iwell-guard.com\/fi\/wp-json\/wp\/v2\/categories?post=144347"}],"curies":[{"name":"wp","href":"https:\/\/api.w.org\/{rel}","templated":true}]}}