{"id":144342,"date":"2026-09-03T12:34:28","date_gmt":"2026-09-03T12:34:28","guid":{"rendered":"https:\/\/iwell-guard.com\/?page_id=144342"},"modified":"2026-09-03T12:56:55","modified_gmt":"2026-09-03T12:56:55","slug":"ceridwen","status":"publish","type":"page","link":"https:\/\/iwell-guard.com\/fi\/ceridwen\/","title":{"rendered":"Ceridwen"},"content":{"rendered":"\t\t<div data-elementor-type=\"wp-page\" data-elementor-id=\"144342\" class=\"elementor elementor-144342 elementor-3050 elementor-bc-flex-widget\" data-elementor-post-type=\"page\">\n\t\t\t\t<div class=\"elementor-element elementor-element-4574f70 e-flex e-con-boxed e-con e-parent\" data-id=\"4574f70\" data-element_type=\"container\" data-e-type=\"container\" data-settings=\"{&quot;background_background&quot;:&quot;classic&quot;}\">\n\t\t\t\t\t<div class=\"e-con-inner\">\n\t\t<div class=\"elementor-element elementor-element-e92efab e-flex e-con-boxed e-con e-child\" data-id=\"e92efab\" data-element_type=\"container\" data-e-type=\"container\">\n\t\t\t\t\t<div class=\"e-con-inner\">\n\t\t<div class=\"elementor-element elementor-element-7241c66 e-con-full e-flex e-con e-child\" data-id=\"7241c66\" data-element_type=\"container\" data-e-type=\"container\">\n\t\t\t\t<div class=\"elementor-element elementor-element-f71b140 elementor-widget elementor-widget-heading\" data-id=\"f71b140\" data-element_type=\"widget\" data-e-type=\"widget\" data-widget_type=\"heading.default\">\n\t\t\t\t\t<h1 class=\"elementor-heading-title elementor-size-default\">Ceridwen, walesilainen inspiraation jumalatar<\/h1>\t\t\t\t<\/div>\n\t\t\t\t<div class=\"elementor-element elementor-element-e0cb8c4 elementor-widget elementor-widget-text-editor\" data-id=\"e0cb8c4\" data-element_type=\"widget\" data-e-type=\"widget\" data-widget_type=\"text-editor.default\">\n\t\t\t\t\t\t\t\t\t<p>Ceridwen, my\u00f6s Cerridwen, on keskeinen hahmo walesilaisessa <span class=\"iwg-fachbegriff\" data-tooltip=\"Kulttuurin perinteisten jumaltarinoiden kokonaisuus.\" tabindex=\"0\">mytologiassa<\/span>, ja h\u00e4nt\u00e4 kuvataan keskiaikaisessa perinteess\u00e4 inspiraation kattilan haltijattarena.<\/p><p>H\u00e4nen tarinansa on keskeisess\u00e4 asemassa teoksessa \u00abHanes Taliesin\u00bb, legendaarisen walesilaisen runoilijan Taliesinin el\u00e4m\u00e4ntarinassa, jonka vanhimmat sirpaleiset todisteet ulottuvat 9. vuosisadalle, mutta jonka t\u00e4ydellinen muoto on s\u00e4ilynyt vasta my\u00f6h\u00e4iskeskiaikaisissa k\u00e4sikirjoituksissa.<\/p>\t\t\t\t\t\t\t\t<\/div>\n\t\t\t\t<\/div>\n\t\t<div class=\"elementor-element elementor-element-9182ee4 e-con-full e-flex e-con e-parent\" data-id=\"9182ee4\" data-element_type=\"container\" data-e-type=\"container\">\n\t\t\t\t<div class=\"elementor-element elementor-element-b9737c5 elementor-widget elementor-widget-html\" data-id=\"b9737c5\" data-element_type=\"widget\" data-e-type=\"widget\" data-widget_type=\"html.default\">\n\t\t\t\t\t<div class=\"iwg-pill-row\"><span class=\"iwg-klasse-badge\" tabindex=\"0\" data-tooltip=\"Jumala \/ jumalatar: kulttuurin panteonin persoonallistettu korkein voima, selkeill\u00e4 vastuualueilla \u2014 luonnonvoimat, kohtalo, sota, hedelm\u00e4llisyys. Palvottu kulttien, uhrien ja temppeli-instituutioiden kautta.\">Jumala<\/span><a href=\"https:\/\/iwell-guard.com\/fi\/keltit\/\" class=\"iwg-kultur-badge\" tabindex=\"0\" data-tooltip=\"L\u00e4nsi-Euroopan ja Brittein saarten kelttil\u00e4inen uskonto, joka on v\u00e4littynyt mytologisesti irlantilais-walesilaisten tekstien kautta.\">Kelttil\u00e4inen<\/a><\/div>\t\t\t\t<\/div>\n\t\t\t\t<\/div>\n\t\t<div class=\"elementor-element elementor-element-d0b42c6 e-con-full e-flex e-con e-child\" data-id=\"d0b42c6\" data-element_type=\"container\" data-e-type=\"container\">\n\t\t\t\t<div class=\"elementor-element elementor-element-1a79296 elementor-toc--minimized-on-tablet elementor-widget elementor-widget-table-of-contents\" data-id=\"1a79296\" data-element_type=\"widget\" data-e-type=\"widget\" data-settings=\"{&quot;exclude_headings_by_selector&quot;:[],&quot;no_headings_message&quot;:&quot;T\\u00e4lt\\u00e4 sivulta ei l\\u00f6ytynyt otsikoita.&quot;,&quot;headings_by_tags&quot;:[&quot;h2&quot;,&quot;h3&quot;],&quot;marker_view&quot;:&quot;bullets&quot;,&quot;icon&quot;:{&quot;value&quot;:&quot;fas fa-circle&quot;,&quot;library&quot;:&quot;fa-solid&quot;,&quot;rendered_tag&quot;:&quot;&lt;svg class=\\&quot;e-font-icon-svg e-fas-circle\\&quot; viewBox=\\&quot;0 0 512 512\\&quot; xmlns=\\&quot;http:\\\/\\\/www.w3.org\\\/2000\\\/svg\\&quot;&gt;&lt;path d=\\&quot;M256 8C119 8 8 119 8 256s111 248 248 248 248-111 248-248S393 8 256 8z\\&quot;&gt;&lt;\\\/path&gt;&lt;\\\/svg&gt;&quot;},&quot;minimize_box&quot;:&quot;yes&quot;,&quot;minimized_on&quot;:&quot;tablet&quot;,&quot;hierarchical_view&quot;:&quot;yes&quot;,&quot;min_height&quot;:{&quot;unit&quot;:&quot;px&quot;,&quot;size&quot;:&quot;&quot;,&quot;sizes&quot;:[]},&quot;min_height_tablet&quot;:{&quot;unit&quot;:&quot;px&quot;,&quot;size&quot;:&quot;&quot;,&quot;sizes&quot;:[]},&quot;min_height_mobile&quot;:{&quot;unit&quot;:&quot;px&quot;,&quot;size&quot;:&quot;&quot;,&quot;sizes&quot;:[]}}\" data-widget_type=\"table-of-contents.default\">\n\t\t\t\t\t\t\t\t\t<div class=\"elementor-toc__header\">\n\t\t\t\t\t\t<h2 class=\"elementor-toc__header-title\">\n\t\t\t\tSis\u00e4llysluettelo\t\t\t<\/h2>\n\t\t\t\t\t\t\t\t\t\t<div class=\"elementor-toc__toggle-button elementor-toc__toggle-button--expand\" role=\"button\" tabindex=\"0\" aria-controls=\"elementor-toc__1a79296\" aria-expanded=\"true\" aria-label=\"Open table of contents\"><svg aria-hidden=\"true\" class=\"e-font-icon-svg e-fas-chevron-down\" viewBox=\"0 0 448 512\" xmlns=\"http:\/\/www.w3.org\/2000\/svg\"><path d=\"M207.029 381.476L12.686 187.132c-9.373-9.373-9.373-24.569 0-33.941l22.667-22.667c9.357-9.357 24.522-9.375 33.901-.04L224 284.505l154.745-154.021c9.379-9.335 24.544-9.317 33.901.04l22.667 22.667c9.373 9.373 9.373 24.569 0 33.941L240.971 381.476c-9.373 9.372-24.569 9.372-33.942 0z\"><\/path><\/svg><\/div>\n\t\t\t\t<div class=\"elementor-toc__toggle-button elementor-toc__toggle-button--collapse\" role=\"button\" tabindex=\"0\" aria-controls=\"elementor-toc__1a79296\" aria-expanded=\"true\" aria-label=\"Close table of contents\"><svg aria-hidden=\"true\" class=\"e-font-icon-svg e-fas-chevron-up\" viewBox=\"0 0 448 512\" xmlns=\"http:\/\/www.w3.org\/2000\/svg\"><path d=\"M240.971 130.524l194.343 194.343c9.373 9.373 9.373 24.569 0 33.941l-22.667 22.667c-9.357 9.357-24.522 9.375-33.901.04L224 227.495 69.255 381.516c-9.379 9.335-24.544 9.317-33.901-.04l-22.667-22.667c-9.373-9.373-9.373-24.569 0-33.941L207.03 130.525c9.372-9.373 24.568-9.373 33.941-.001z\"><\/path><\/svg><\/div>\n\t\t\t\t\t<\/div>\n\t\t\t\t<div id=\"elementor-toc__1a79296\" class=\"elementor-toc__body\">\n\t\t\t<div class=\"elementor-toc__spinner-container\">\n\t\t\t\t<svg class=\"elementor-toc__spinner eicon-animation-spin e-font-icon-svg e-eicon-loading\" aria-hidden=\"true\" viewBox=\"0 0 1000 1000\" xmlns=\"http:\/\/www.w3.org\/2000\/svg\"><path d=\"M500 975V858C696 858 858 696 858 500S696 142 500 142 142 304 142 500H25C25 237 238 25 500 25S975 237 975 500 763 975 500 975Z\"><\/path><\/svg>\t\t\t<\/div>\n\t\t<\/div>\n\t\t\t\t\t\t<\/div>\n\t\t\t\t<\/div>\n\t\t\t\t\t<\/div>\n\t\t\t\t<\/div>\n\t\t<div class=\"elementor-element elementor-element-3e12ecb e-con-full e-flex e-con e-child\" data-id=\"3e12ecb\" data-element_type=\"container\" data-e-type=\"container\">\n\t\t\t\t<div class=\"elementor-element elementor-element-8e63264 iwg-hero-image elementor-widget elementor-widget-image\" data-id=\"8e63264\" data-element_type=\"widget\" data-e-type=\"widget\" data-widget_type=\"image.default\">\n\t\t\t\t\t\t\t\t\t\t\t\t\t\t\t<img fetchpriority=\"high\" decoding=\"async\" width=\"683\" height=\"1024\" src=\"https:\/\/iwell-guard.com\/wp-content\/uploads\/2026\/05\/goetter_keltisch_ceridwen-683x1024.webp\" class=\"attachment-large size-large wp-image-148698\" alt=\"Ceridwen \u2013 kelttil\u00e4isen perinteen jumalattaria, historiallis-kuvitteellinen esitys\" srcset=\"https:\/\/iwell-guard.com\/wp-content\/uploads\/2026\/05\/goetter_keltisch_ceridwen-683x1024.webp 683w, https:\/\/iwell-guard.com\/wp-content\/uploads\/2026\/05\/goetter_keltisch_ceridwen-200x300.webp 200w, https:\/\/iwell-guard.com\/wp-content\/uploads\/2026\/05\/goetter_keltisch_ceridwen-768x1152.webp 768w, https:\/\/iwell-guard.com\/wp-content\/uploads\/2026\/05\/goetter_keltisch_ceridwen.webp 1024w\" sizes=\"(max-width: 683px) 100vw, 683px\" \/>\t\t\t\t\t\t\t\t\t\t\t\t\t\t\t<\/div>\n\t\t\t\t<\/div>\n\t\t\t\t\t<\/div>\n\t\t\t\t<\/div>\n\t\t<div class=\"elementor-element elementor-element-166156e e-con-boxed e-flex e-con e-parent\" data-id=\"166156e\" data-element_type=\"container\" data-e-type=\"container\">\n\t\t\t\t\t<div class=\"e-con-inner\">\n\t\t<div class=\"elementor-element elementor-element-02670c8 e-con-full e-flex e-con e-child\" data-id=\"02670c8\" data-element_type=\"container\" data-e-type=\"container\">\n\t\t\t\t<div class=\"elementor-element elementor-element-bad60e7 elementor-widget elementor-widget-heading\" data-id=\"bad60e7\" data-element_type=\"widget\" data-e-type=\"widget\" data-widget_type=\"heading.default\">\n\t\t\t\t\t<h2 class=\"elementor-heading-title elementor-size-default\">L\u00e4hdetilanne ja kirjallinen perinne<\/h2>\t\t\t\t<\/div>\n\t\t\t\t<div class=\"elementor-element elementor-element-247b67c elementor-widget elementor-widget-text-editor\" data-id=\"247b67c\" data-element_type=\"widget\" data-e-type=\"widget\" data-widget_type=\"text-editor.default\">\n\t\t\t\t\t\t\t\t\t<p>Ceridwenin t\u00e4rkein l\u00e4hde on \u00abHanes Taliesin\u00bb, jonka t\u00e4ydellinen muoto on s\u00e4ilynyt Elis Gruffyddin versiona 16. vuosisadalta ja John Jonesin \u00abLlanstephan-k\u00e4sikirjoituksissa\u00bb. Selv\u00e4sti vanhempaan perinteeseen viittaavia sirpaleita l\u00f6ytyy teoksista \u00abBuch von Taliesin\u00bb ja \u00abBuch des Aneirin\u00bb, jotka molemmat ovat 13. vuosisadalta.<\/p><p>Patrick K. Ford on teoksessaan \u00abThe Mabinogi and Other Medieval Welsh Tales\u00bb (1977) k\u00e4sitellyt Ceridwen-perinteen tekstihistoriallista monimutkaisuutta ja osoittanut, ett\u00e4 kattilanmuodonmuutoksen keskeinen kertomus esiintyy useissa walesilaisissa ja bretonilaisissa muunnelmissa.<\/p>\n\n<p>Marged Haycock on \u00abBuch von Taliesin\u00bb -teosta k\u00e4sitteleviss\u00e4 tutkimuksissaan huomauttanut, ett\u00e4 monet Taliesinille luetut runot syntyiv\u00e4t vasta 9.\u201312. vuosisadalla, kun taas Ceridwenin ymp\u00e4rille rakentuva kertomus sis\u00e4lt\u00e4\u00e4 kirjallisesti vanhempia kerrostumia. Tutkimus kohtaa siten tyypillisen ongelman: mahdollisesti vanhaa myyttist\u00e4 ainesta on rekonstruoitava my\u00f6h\u00e4iskeskiaikaisesta tekstimuodosta.<\/p>\t\t\t\t\t\t\t\t<\/div>\n\t\t\t\t<\/div>\n\t\t<div class=\"elementor-element elementor-element-35cf2c8 e-con-full e-flex e-con e-child\" data-id=\"35cf2c8\" data-element_type=\"container\" data-e-type=\"container\">\n\t\t\t\t<div class=\"elementor-element elementor-element-20f5c6c elementor-widget elementor-widget-heading\" data-id=\"20f5c6c\" data-element_type=\"widget\" data-e-type=\"widget\" data-widget_type=\"heading.default\">\n\t\t\t\t\t<h2 class=\"elementor-heading-title elementor-size-default\">Kertomus kattilasta<\/h2>\t\t\t\t<\/div>\n\t\t\t\t<div class=\"elementor-element elementor-element-2172be2 elementor-widget elementor-widget-text-editor\" data-id=\"2172be2\" data-element_type=\"widget\" data-e-type=\"widget\" data-widget_type=\"text-editor.default\">\n\t\t\t\t\t\t\t\t\t<p>Keskeinen kertomus kuuluu seuraavasti: Ceridwen asuu miehens\u00e4 Tegid Foelin kanssa Llyn Tegid -j\u00e4rven rannalla (nykyinen Bala Lake Gwyneddiss\u00e4) ja h\u00e4nell\u00e4 on kaksi lasta, kaunis Creirwy ja rumaksi kuvattu Morfran (my\u00f6s Afagddu).<\/p><p>Varustaakseen Morfranin viisaudella ja inspiraatiolla ep\u00e4miellytt\u00e4v\u00e4st\u00e4 ulkon\u00e4\u00f6st\u00e4\u00e4n huolimatta Ceridwen keitt\u00e4\u00e4 inspiraatiokattilassa (\u00abpair awen\u00bb) erityisen juoman. Juoman on kiehuttava vuosi ja p\u00e4iv\u00e4, ja vain kolme ensimm\u00e4ist\u00e4 pisaraa sis\u00e4lt\u00e4v\u00e4t taianomaisen voiman; loput ovat tappavaa myrkky\u00e4.<\/p>\n\n<p>Kattilaa vartioi poika nimelt\u00e4 Gwion Bach. Sekoittaessaan seosta kolme pisaraa roiskuu h\u00e4nen peukaloonsa, jonka h\u00e4n vaistomaisesti vie suuhunsa. H\u00e4n saa v\u00e4litt\u00f6m\u00e4sti haltuunsa kaiken tiedon, joka oli tarkoitettu Morfranille. Pel\u00e4styneen\u00e4 h\u00e4n pakenee, ja kattila s\u00e4rkyy.<\/p><p>Ceridwen ajaa h\u00e4nt\u00e4 takaa sarjassa muodonmuutoksia: Gwionista tulee j\u00e4nis, h\u00e4nest\u00e4 narttu, h\u00e4nest\u00e4 kala, h\u00e4nest\u00e4 saukko, h\u00e4nest\u00e4 lintu, h\u00e4nest\u00e4 haukka, h\u00e4nest\u00e4 vilja, h\u00e4nest\u00e4 kana, joka nielee viljan. Yhdeks\u00e4n kuukautta my\u00f6hemmin h\u00e4n synnytt\u00e4\u00e4 lapsen, Taliesinin, jonka h\u00e4n heitt\u00e4\u00e4 nahkapussissa mereen, miss\u00e4 nuori prinssi Elphin l\u00f6yt\u00e4\u00e4 h\u00e4net ja kasvattaa h\u00e4net.<\/p>\t\t\t\t\t\t\t\t<\/div>\n\t\t\t\t<\/div>\n\t\t<div class=\"elementor-element elementor-element-1953bdc e-con-full e-flex e-con e-child\" data-id=\"1953bdc\" data-element_type=\"container\" data-e-type=\"container\">\n\t\t\t\t<div class=\"elementor-element elementor-element-0dce562 elementor-widget elementor-widget-heading\" data-id=\"0dce562\" data-element_type=\"widget\" data-e-type=\"widget\" data-widget_type=\"heading.default\">\n\t\t\t\t\t<h2 class=\"elementor-heading-title elementor-size-default\">Kattilan symboliikka<\/h2>\t\t\t\t<\/div>\n\t\t\t\t<div class=\"elementor-element elementor-element-ce22367 elementor-widget elementor-widget-text-editor\" data-id=\"ce22367\" data-element_type=\"widget\" data-e-type=\"widget\" data-widget_type=\"text-editor.default\">\n\t\t\t\t\t\t\t\t\t<p>Ceridwenin kattila on yksi walesilaisen perinteen merkitt\u00e4vimmist\u00e4 symboleista. Se rinnastuu muihin ihmeit\u00e4 tekeviin kattiloihin, kuten Branin kattilaan \u00abMabinogi\u00bb-teoksessa, joka her\u00e4tt\u00e4\u00e4 kuolleet, tai Dagdan kattilaan irlantilaisessa perinteess\u00e4, joka jakaa ehtym\u00e4tt\u00f6m\u00e4n ruokavarannon.<\/p><p>Helmut Birkhan on teoksessaan \u00abKelten\u00bb (1997) tunnistanut kattilan kelttil\u00e4isen uskonnon keskeiseksi pyh\u00e4ksi esineeksi, joka n\u00e4kyy konkreettisesti arkeologisissa l\u00f6yd\u00f6iss\u00e4, kuten Gundestrupin kattilassa sek\u00e4 Br\u00e5n ja Rynkebyn kattiloissa.<\/p>\n\n<p>Miranda Aldhouse-Green on teoksessaan \u00abThe Quest for the Shaman\u00bb (2005) pohtinut mahdollisuutta, ett\u00e4 kattilan symboliikka juontuu shamanistisista inspiraatio- ja initiaatioriiteist\u00e4, joissa nestem\u00e4isess\u00e4 muodossa oleva aine yhdistettiin poikkeuksellisen tiedon saavuttamiseen. T\u00e4m\u00e4 hypoteesi on edelleen spekulatiivinen, mutta sit\u00e4 tukee kattilamotiivin toistuvuus kelttil\u00e4isess\u00e4 kuvataiteessa ja kerronnassa.<\/p>\t\t\t\t\t\t\t\t<\/div>\n\t\t\t\t<\/div>\n\t\t<div class=\"elementor-element elementor-element-f058627 e-con-full e-flex e-con e-child\" data-id=\"f058627\" data-element_type=\"container\" data-e-type=\"container\">\n\t\t\t\t<div class=\"elementor-element elementor-element-36a825d elementor-widget elementor-widget-heading\" data-id=\"36a825d\" data-element_type=\"widget\" data-e-type=\"widget\" data-widget_type=\"heading.default\">\n\t\t\t\t\t<h2 class=\"elementor-heading-title elementor-size-default\">Ceridwen jumalattarena?<\/h2>\t\t\t\t<\/div>\n\t\t\t\t<div class=\"elementor-element elementor-element-19b670d elementor-widget elementor-widget-text-editor\" data-id=\"19b670d\" data-element_type=\"widget\" data-e-type=\"widget\" data-widget_type=\"text-editor.default\">\n\t\t\t\t\t\t\t\t\t<p>Se, oliko Ceridwen alun perin jumalatar, on tutkimuksessa kiistanalaista. \u00abHanes Taliesin\u00bb esitt\u00e4\u00e4 h\u00e4net mahtavana noitana kutsumatta h\u00e4nt\u00e4 nimenomaisesti jumalattareksi.<\/p><p>Bernhard Maier luokittelee h\u00e4net teoksessaan \u00abDie Religion der Kelten\u00bb (2001) enemm\u00e4nkin kirjallisesti muodostuneeksi hahmoksi, joka yhdist\u00e4\u00e4 itsess\u00e4\u00e4n vanhempien inspiraatio- ja muodonmuutosjumaluuksien piirteit\u00e4. John T. Koch on sit\u00e4 vastoin useissa artikkeleissa puoltanut samaistamista vanhaan walesilaiseen runouden ja muodonmuutoksen jumalattareen.<\/p>\n\n<p>Nimelt\u00e4 todistettua gallo-roomalaista inspiraatiojumalatarta ei tunneta, mutta Sironan, Belisaman ja Brigantian kirjoitukset osoittavat naispuolisten paikallisjumaluuksien olemassaolon, joilla oli inspiraatioon ja parantamiseen liittyvi\u00e4 ominaisuuksia. Rakenteellisen l\u00e4heisyyden irlantilaiseen Brigidiin, joka hallitsee muun muassa runoutta, on jo aikaisin osoittanut Marie-Louise Sjoestedt.<\/p><p>Suoran samaistamisen h\u00e4n kuitenkin torjuu. Nykyinen valtavirtak\u00e4sitys pit\u00e4\u00e4 Ceridwenia kirjallisesti muodostettuna myyttihahmona, jossa vanhempi myyttinen aines kaikuu edelleen, vaikkei mit\u00e4\u00e4n yhten\u00e4ist\u00e4 \u00abCeridwenin uskontoa\u00bb voida rekonstruoida.<\/p>\t\t\t\t\t\t\t\t<\/div>\n\t\t\t\t<\/div>\n\t\t<div class=\"elementor-element elementor-element-f2120e1 e-con-full e-flex e-con e-child\" data-id=\"f2120e1\" data-element_type=\"container\" data-e-type=\"container\">\n\t\t\t\t<div class=\"elementor-element elementor-element-499463a elementor-widget elementor-widget-heading\" data-id=\"499463a\" data-element_type=\"widget\" data-e-type=\"widget\" data-widget_type=\"heading.default\">\n\t\t\t\t\t<h2 class=\"elementor-heading-title elementor-size-default\">Ceridwen ja Taliesin<\/h2>\t\t\t\t<\/div>\n\t\t\t\t<div class=\"elementor-element elementor-element-2ce9478 elementor-widget elementor-widget-text-editor\" data-id=\"2ce9478\" data-element_type=\"widget\" data-e-type=\"widget\" data-widget_type=\"text-editor.default\">\n\t\t\t\t\t\t\t\t\t<p>Gwion Bachin uudelleensyntyminen Taliesiniksi yhdist\u00e4\u00e4 Ceridwen-perinteen historiallisesti tunnettuun Taliesiniin, walesilaiseen hovirunoilijaan 6. vuosisadalta, jolle \u00abBuch von Taliesin\u00bb lukee osan runoistaan.<\/p><p>My\u00f6hemmiss\u00e4 kertomuksissa Taliesinista tulee inspiroituneen runoilijan arkkityyppinen hahmo, joka tuntee kaikki aikakaudet ja muodonmuutokset. H\u00e4nen kuuluisat omael\u00e4m\u00e4kerralliset runonsa (\u00abOlin l\u00e4sn\u00e4 maailman luomisessa\u00bb; \u00abOlin sininen lohi\u00bb) edellytt\u00e4v\u00e4t Ceridwenin myyttisen takaa-ajon kokemuksia.<\/p>\n\n<p>Ceridwenilla on siten kaksoisteht\u00e4v\u00e4: h\u00e4n on samanaikaisesti runoilijan takaa-ajaja ja synnytt\u00e4j\u00e4. Marged Haycock on tulkinnut t\u00e4t\u00e4 piirrett\u00e4 initiatorisen \u00e4itihahmon mallina, joka nimenomaan takaa-ajollaan synnytt\u00e4\u00e4 vihityn my\u00f6hemm\u00e4n kyvykkyyden.<\/p><p>N\u00e4in Ceridwen kuuluu opettajattarien ja vastustajien tyypilliseen sarjaan, kuten irlantilainen Sc\u00e1thach, joka kouluttaa C\u00fachulainnin, tai pohjoismainen Gunnl\u00f6d, joka vartioi runouden mett\u00e4.<\/p>\t\t\t\t\t\t\t\t<\/div>\n\t\t\t\t<\/div>\n\t\t<div class=\"elementor-element elementor-element-9d40b4c e-con-full e-flex e-con e-child\" data-id=\"9d40b4c\" data-element_type=\"container\" data-e-type=\"container\">\n\t\t\t\t<div class=\"elementor-element elementor-element-657e109 elementor-widget elementor-widget-heading\" data-id=\"657e109\" data-element_type=\"widget\" data-e-type=\"widget\" data-widget_type=\"heading.default\">\n\t\t\t\t\t<h2 class=\"elementor-heading-title elementor-size-default\">Llyn Tegid ja maisemayhteys<\/h2>\t\t\t\t<\/div>\n\t\t\t\t<div class=\"elementor-element elementor-element-07226c8 elementor-widget elementor-widget-text-editor\" data-id=\"07226c8\" data-element_type=\"widget\" data-e-type=\"widget\" data-widget_type=\"text-editor.default\">\n\t\t\t\t\t\t\t\t\t<p>Llyn Tegid -j\u00e4rvi (Bala Lake) Wales&#8217;in luoteisosassa on Ceridwen-kertomuksen p\u00e4\u00e4tapahtumapaikka. Se on 6 kilometrin pituudeltaan Walesin suurin luonnollinen j\u00e4rvi ja siihen on liitetty lukuisia taruja <span class=\"iwg-fachbegriff\" data-tooltip=\"Kreikkalais-roomalaisen kulttuurin aikakausi, noin 800 eaa.\u2013600 jaa.\" tabindex=\"0\">antiikin<\/span> ajoista l\u00e4htien.<\/p><p>Keskiaikaiset tekstit esitt\u00e4v\u00e4t sen Tegid Foelin asuinpaikkana. H\u00e4nen nimens\u00e4 tarkoittaa \u00abkalju Tegid\u00bb ja voi viitata vanhempaan j\u00e4rvijumaluuteen. Ceridwenin yhdist\u00e4minen j\u00e4rveen sijoittaa h\u00e4net kelttil\u00e4iselle <span class=\"iwg-fachbegriff\" data-tooltip=\"Kulttuurin perinteisten jumaltarinoiden kokonaisuus.\" tabindex=\"0\">mytologialle<\/span> tyypilliseen naishahmojen ja seisovan veden yhdist\u00e4misen perinteeseen.<\/p>\n\n<p>Brynley Roberts on walesilaista paikannimist\u00f6\u00e4 k\u00e4sitteleviss\u00e4 tutkimuksissaan viitannut mahdollisuuteen, ett\u00e4 j\u00e4rvi toimi alun perin <span class=\"iwg-fachbegriff\" data-tooltip=\"Jumaluuden palvonnalle omistettu pyh\u00e4 paikka.\" tabindex=\"0\">pyh\u00e4kk\u00f6n\u00e4<\/span>, jossa harjoitettiin inspiraatio- ja initiaatioriittej\u00e4. Arkeologisia todisteita ei ole, mutta Llyn Tegidiin liittyvien tarujen runsaus tukee oletusta vanhasta sakraalista merkityksest\u00e4.<\/p>\t\t\t\t\t\t\t\t<\/div>\n\t\t\t\t<\/div>\n\t\t<div class=\"elementor-element elementor-element-c283f72 e-con-full e-flex e-con e-child\" data-id=\"c283f72\" data-element_type=\"container\" data-e-type=\"container\">\n\t\t\t\t<div class=\"elementor-element elementor-element-6b2f780 elementor-widget elementor-widget-heading\" data-id=\"6b2f780\" data-element_type=\"widget\" data-e-type=\"widget\" data-widget_type=\"heading.default\">\n\t\t\t\t\t<h2 class=\"elementor-heading-title elementor-size-default\">Vastaanotto ja nykyaikainen uudelleenmuotoilu<\/h2>\t\t\t\t<\/div>\n\t\t\t\t<div class=\"elementor-element elementor-element-e7c3738 elementor-widget elementor-widget-text-editor\" data-id=\"e7c3738\" data-element_type=\"widget\" data-e-type=\"widget\" data-widget_type=\"text-editor.default\">\n\t\t\t\t\t\t\t\t\t<p>1700- ja 1800-lukujen walesilaisessa romantiikassa Ceridwen koki kirjallisen renessanssin, ennen kaikkea Iolo Morganwgin (Edward Williamsin) ansiosta. H\u00e4n keksi suuren osan nykyisest\u00e4 \u00abkelttil\u00e4isest\u00e4\u00bb bardiperinteest\u00e4 ja esitti Ceridwenin walesilaisten druidien korkeimpana jumalattarena.<\/p><p>T\u00e4m\u00e4 rekonstruktio tunnetaan nyky\u00e4\u00e4n 1800-luvun keksinn\u00f6ksi, mutta se on muovannut pysyv\u00e4sti Ceridwenist\u00e4 muodostunutta julkista mielikuvaa. Ronald Hutton on teoksessaan \u00abBlood and Mistletoe\u00bb (2009) k\u00e4sitellyt t\u00e4t\u00e4 vastaanottohistoriaa eriteltyihin osiin.<\/p>\n\n<p>Nykyaikaisessa uuspaganistisessa perinteess\u00e4, ennen kaikkea walesilaisvaikutteisessa druidiliikkeess\u00e4 ja wicca-liikkeess\u00e4, Ceridwen on inspiraation ja noituustaidon keskeinen jumalatar. H\u00e4nen kattilaansa pidet\u00e4\u00e4n <span class=\"iwg-fachbegriff\" data-tooltip=\"Merkki, joka edustaa ajatusta tai merkityst\u00e4.\" tabindex=\"0\">symbolina<\/span> muodonmuutokselle, luovalle tiedolle ja naisvoimalle.<\/p><p>T\u00e4m\u00e4 nykyaikainen vastaanotto tukeutuu v\u00e4hemm\u00e4n keskiaikaisiin teksteihin kuin Iolo Morganwgin ja h\u00e4nen seuraajiensa luomaan druidikuvaan. Suoraa yhteytt\u00e4 esikristilliseen walesilaiseen uskontoon ei ole todistettu, mit\u00e4 Bernhard Maier ja Ronald Hutton ovat toistuvasti korostaneet.<\/p>\t\t\t\t\t\t\t\t<\/div>\n\t\t\t\t<\/div>\n\t\t<div class=\"elementor-element elementor-element-f42b448 e-con-full e-flex e-con e-child\" data-id=\"f42b448\" data-element_type=\"container\" data-e-type=\"container\">\n\t\t\t\t<div class=\"elementor-element elementor-element-d155c5e elementor-widget elementor-widget-heading\" data-id=\"d155c5e\" data-element_type=\"widget\" data-e-type=\"widget\" data-widget_type=\"heading.default\">\n\t\t\t\t\t<h2 class=\"elementor-heading-title elementor-size-default\">Awen keskeisen\u00e4 k\u00e4sitteen\u00e4<\/h2>\t\t\t\t<\/div>\n\t\t\t\t<div class=\"elementor-element elementor-element-a91c6ee elementor-widget elementor-widget-text-editor\" data-id=\"a91c6ee\" data-element_type=\"widget\" data-e-type=\"widget\" data-widget_type=\"text-editor.default\">\n\t\t\t\t\t\t\t\t\t<p>Ceridweniin liittyy l\u00e4heisesti k\u00e4site awen, joka walesilaisessa perinteess\u00e4 tarkoittaa \u00abjumalallista inspiraatiota\u00bb, joka tekee runoilijasta t\u00e4ydellisen bardd:in. K\u00e4site esiintyy jo varhaisissa Taliesin-runoissa, ja keskiaikainen bardikoulu k\u00e4sitteli sit\u00e4 runouden v\u00e4ltt\u00e4m\u00e4tt\u00f6m\u00e4n\u00e4 ominaisuutena.<\/p><p>Kolme pisaraa Ceridwenin kattilasta ymm\u00e4rret\u00e4\u00e4n teksteiss\u00e4 awenin aineelliseksi ilmentym\u00e4ksi, joka esiintyy t\u00e4ss\u00e4 yhteydess\u00e4 ei abstraktina ominaisuutena vaan fyysisesti siirrett\u00e4v\u00e4n\u00e4 aineena.<\/p>\n\n<p>Patrick Sims-Williams on teoksessaan \u00abReligion and Literature in Western England, 600-800\u00bb (1990) osoittanut, ett\u00e4 awen-k\u00e4sitys oli syv\u00e4sti juurtunut kelttil\u00e4is-kristillisiin siirtym\u00e4muotoihin sek\u00e4 walesilaisessa ett\u00e4 irlantilaisessa perinteess\u00e4.<\/p><p>Ceridwen-kertomusta pidet\u00e4\u00e4n sen t\u00e4rkeimp\u00e4n\u00e4 myyttisen\u00e4 tiivistym\u00e4n\u00e4 walesilaisella alueella. My\u00f6hempi walesilainen bardikoulu, erityisesti Eisteddfod-perinteen piiriss\u00e4, on s\u00e4ilytt\u00e4nyt awenin perustavana k\u00e4sitteen\u00e4, tosin ilman v\u00e4lit\u00f6nt\u00e4 myyttist\u00e4 sidosta Ceridweniin.<\/p>\t\t\t\t\t\t\t\t<\/div>\n\t\t\t\t<\/div>\n\t\t<div class=\"elementor-element elementor-element-9033a31 e-con-full e-flex e-con e-child\" data-id=\"9033a31\" data-element_type=\"container\" data-e-type=\"container\">\n\t\t\t\t<div class=\"elementor-element elementor-element-b392acd elementor-widget elementor-widget-heading\" data-id=\"b392acd\" data-element_type=\"widget\" data-e-type=\"widget\" data-widget_type=\"heading.default\">\n\t\t\t\t\t<h2 class=\"elementor-heading-title elementor-size-default\">Hanes Taliesinin k\u00e4sikirjoitusperinne<\/h2>\t\t\t\t<\/div>\n\t\t\t\t<div class=\"elementor-element elementor-element-e07c572 elementor-widget elementor-widget-text-editor\" data-id=\"e07c572\" data-element_type=\"widget\" data-e-type=\"widget\" data-widget_type=\"text-editor.default\">\n\t\t\t\t\t\t\t\t\t<p>T\u00e4rkein l\u00e4hde Ceridwenille on \u00abYstoria Taliesin\u00bb, toiselta nimelt\u00e4\u00e4n \u00abHanes Taliesin\u00bb.<\/p><p>Sit\u00e4 ei sis\u00e4lly vanhimpiin walesilaisiin kokoomak\u00e4sikirjoituksiin, \u00abLlyfr Aneirin\u00bbiin ja \u00abLlyfr Taliesin\u00bbiin, jotka ovat 1200- ja 1300-luvulta, vaan se on s\u00e4ilynyt vasta proosamuotoisena kertomuksena, jonka vanhin t\u00e4ydellinen tekstitodistaja on k\u00e4sikirjoitus \u00abNLW MS 5276D\u00bb (my\u00f6s \u00abElis Gruffydd -kronikka\u00bb, 1500-luvun puoliv\u00e4li).<\/p><p>Patrick Ford on teoksessaan \u00abYstoria Taliesin\u00bb (Cardiff 1992) rekonstruoinut editiohistorian ja osoittanut, ett\u00e4 kertomus on suullisessa perinteess\u00e4 huomattavasti vanhempi, mutta sen kirjallisessa muodossa on n\u00e4ht\u00e4viss\u00e4 uuden ajan alun kerrostumia.<\/p><p>Editio englanninkielisen k\u00e4\u00e4nn\u00f6ksen kanssa ilmestyi ensin Lady Charlotte Guestin \u00abMabinogion\u00bb-osissa (1838\u20131849), joissa teksti otettiin mukaan liitteen\u00e4 Mabinogi-<span class=\"iwg-fachbegriff\" data-tooltip=\"Uskonnon pyhien kirjoitusten sitovaksi tunnustettu kokoelma.\" tabindex=\"0\">kaanoniin<\/span>.<\/p>\n<p>Marged Haycock on teoksessaan \u00abLegendary Poems from the Book of Taliesin\u00bb (Aberystwyth 2007, toinen painos 2015) filologisesti selvitt\u00e4nyt vanhimmissa Taliesin-k\u00e4sikirjoituksissa esiintyv\u00e4t niin kutsutut \u00abtarunhohtoiset\u00bb runot ja osoittaa, ett\u00e4 Ceridwenin hahmo mainitaan niiss\u00e4 useaan otteeseen muodossa \u00abpeiryanvic ceridwen\u00bb, \u00abtaisteleva Ceridwen\u00bb, tai kattilan haltijana (\u00abpeir ceridwen\u00bb), kuitenkaan kehitt\u00e4m\u00e4tt\u00e4 varsinaista kertovaa jaksoa.<\/p><p>N\u00e4m\u00e4 lyhyet viittaukset ovat vanhimpia s\u00e4ilyneit\u00e4 tekstitodistajia t\u00e4lle hahmolle ja ajoittuvat todenn\u00e4k\u00f6isesti 800- ja 1000-luvun v\u00e4lille. Ne osoittavat, ett\u00e4 kattilakompleksi on huomattavasti vanhempi kuin uuden ajan alun proosassa kehitetty t\u00e4ysimittainen kertomus.<\/p>\t\t\t\t\t\t\t\t<\/div>\n\t\t\t\t<\/div>\n\t\t<div class=\"elementor-element elementor-element-947832b e-con-full e-flex e-con e-child\" data-id=\"947832b\" data-element_type=\"container\" data-e-type=\"container\">\n\t\t\t\t<div class=\"elementor-element elementor-element-6e1b492 elementor-widget elementor-widget-heading\" data-id=\"6e1b492\" data-element_type=\"widget\" data-e-type=\"widget\" data-widget_type=\"heading.default\">\n\t\t\t\t\t<h2 class=\"elementor-heading-title elementor-size-default\">Awen, inspiraatio ja bardikulttuuri<\/h2>\t\t\t\t<\/div>\n\t\t\t\t<div class=\"elementor-element elementor-element-e0a1d98 elementor-widget elementor-widget-text-editor\" data-id=\"e0a1d98\" data-element_type=\"widget\" data-e-type=\"widget\" data-widget_type=\"text-editor.default\">\n\t\t\t\t\t\t\t\t\t<p>Ceridwen-kertomuksen keskeinen aine, inspiraatiokattilasta per\u00e4isin olevat kolme pisaraa, tunnetaan walesilaisessa alkutekstiss\u00e4 nimell\u00e4 \u00abawen\u00bb. Termi voidaan kielihistoriallisesti johtaa juureen *au- \u00abpuhaltaa, hengitt\u00e4\u00e4\u00bb, ja se merkitsee kirjaimellisesti \u00abinnoitusta\u00bb tai \u00abjumalallista henk\u00e4yst\u00e4\u00bb.<\/p><p>Teoksessa \u00abCyfraith Hywel Dda\u00bb (\u00abHywel Ddan lait\u00bb, k\u00e4sikirjoituksia 1100-luvulta l\u00e4htien) \u00abawen\u00bb esiintyy jo hovirunoilijoiden (pencerdd) ammattitermist\u00f6ss\u00e4.<\/p><p>Walesilainen runoilija Iolo Goch (1300-luku), joka toimi Owain Glynd\u0175rin hovirunoilijana, viittaa useissa runoissaan \u00abawen Ceridwen\u00bb -k\u00e4sitteeseen runollisen voimansa l\u00e4hteen\u00e4.<\/p><p>Iolo Morganwg (Edward Williams, 1747\u20131826) siirsi t\u00e4m\u00e4n perinnelinjan 1700- ja 1800-lukujen taitteessa uusdruidilaiseen kontekstiin ja yhdisti teoksessaan \u00abBarddas\u00bb awen-symboliikan kolmesta s\u00e4teest\u00e4 muodostuvaan graafiseen merkkiin, joka el\u00e4\u00e4 edelleen nykyisess\u00e4 eisteddfod-perinteess\u00e4.<\/p>\n<p>John T. Koch on teoksessaan \u00abCeltic Culture. A Historical Encyclopedia\u00bb (Santa Barbara 2006) ja walesilaista bardikulttuuria k\u00e4sitteleviss\u00e4 artikkeleissaan korostanut awen-k\u00e4sitteen teknist\u00e4 funktiota. T\u00e4m\u00e4 teht\u00e4v\u00e4 toteutui sek\u00e4 keskiaikaisessa bardikoulutuksessa ett\u00e4 my\u00f6hemmiss\u00e4 eisteddfod-s\u00e4\u00e4nn\u00f6iss\u00e4. Se toimi ammattirunoilijoiden itselegitimaationa, jonka avulla he voivat esitt\u00e4\u00e4 taitonsa jumalallisesti annettuna, ei vain opittuna.<\/p><p>Ceridwen-kertomus, jossa vuoron per\u00e4\u00e4n esiintyy vuoden kest\u00e4v\u00e4 vaivalloinen valmistelu ja kolmen pisaran tuoma \u00e4killinen innoitus, kodifioi t\u00e4m\u00e4n bardintaidon kaksijakoisuuden kirjallisesti.<\/p>\t\t\t\t\t\t\t\t<\/div>\n\t\t\t\t<\/div>\n\t\t<div class=\"elementor-element elementor-element-345679a e-con-full e-flex e-con e-child\" data-id=\"345679a\" data-element_type=\"container\" data-e-type=\"container\">\n\t\t\t\t<div class=\"elementor-element elementor-element-dd21ba4 elementor-widget elementor-widget-heading\" data-id=\"dd21ba4\" data-element_type=\"widget\" data-e-type=\"widget\" data-widget_type=\"heading.default\">\n\t\t\t\t\t<h2 class=\"elementor-heading-title elementor-size-default\">Muodonmuutosmotiivi vertailevassa n\u00e4k\u00f6kulmassa<\/h2>\t\t\t\t<\/div>\n\t\t\t\t<div class=\"elementor-element elementor-element-bc4739c elementor-widget elementor-widget-text-editor\" data-id=\"bc4739c\" data-element_type=\"widget\" data-e-type=\"widget\" data-widget_type=\"text-editor.default\">\n\t\t\t\t\t\t\t\t\t<p>Ceridwenin ja Gwionin v\u00e4linen takaa-ajo kuuluu laajalti levinneeseen kerronnalliseen <span class=\"iwg-fachbegriff\" data-tooltip=\"Toistuva sis\u00e4ll\u00f6llinen elementti taiteessa tai kerronnassa.\" tabindex=\"0\">motiiviin<\/span>, jota kutsutaan \u00abmuodonmuutoskilpailuksi\u00bb.<\/p><p>Vastaavia jaksoja l\u00f6ytyy kreikkalaisesta perinteest\u00e4 (Zeuksen takaa-ajama Nemesis, Apollon ja Daphne), kelttil\u00e4isest\u00e4 perinteest\u00e4 (\u00c9ta\u00ednin takaa-ajo teoksessa \u00abTochmarc \u00c9ta\u00edne\u00bb), pohjoismaisesta Eddasta (Loki ja Heimdallr) sek\u00e4 skotlantilaisesta kansanperinteest\u00e4. Stith Thompson on luetteloinut t\u00e4m\u00e4n <span class=\"iwg-fachbegriff\" data-tooltip=\"Toistuva sis\u00e4ll\u00f6llinen elementti taiteessa tai kerronnassa.\" tabindex=\"0\">motiivin<\/span> teoksessaan \u00abMotif-Index of Folk-Literature\u00bb tunnuksella D610 universaalina kerrontamallina.<\/p>\n\n<p>Kelttil\u00e4isen perinteen sis\u00e4ll\u00e4 jakso on erityisen kehittynyt, koska se sis\u00e4lt\u00e4\u00e4 takaa-ajodramatiikan lis\u00e4ksi opettaja-oppilas-suhteen ja synnytt\u00e4j\u00e4-lapsi-suhteen.<\/p><p>John Carey on tulkinnut t\u00e4m\u00e4n monikerroksisuuden viitteeksi arkaaisesta initiaatiorakenteesta, jossa initioitava symbolisesti nielaistaan opettajattaren toimesta ja synnytet\u00e4\u00e4n uudelleen. Suoraa rituaalista todistetta t\u00e4st\u00e4 k\u00e4yt\u00e4nn\u00f6st\u00e4 puuttuu, mutta <span class=\"iwg-fachbegriff\" data-tooltip=\"Toistuva sis\u00e4ll\u00f6llinen elementti taiteessa tai kerronnassa.\" tabindex=\"0\">motiivi<\/span> on teht\u00e4viss\u00e4 uskottavaksi lukuisten vertailevien uskontotieteellisten esimerkkien avulla.<\/p>\t\t\t\t\t\t\t\t<\/div>\n\t\t\t\t<\/div>\n\t\t\t\t\t<\/div>\n\t\t\t\t<\/div>\n\t\t\t\t<\/div>\n\t\t","protected":false},"excerpt":{"rendered":"","protected":false},"author":3,"featured_media":3240,"parent":0,"menu_order":0,"comment_status":"closed","ping_status":"closed","template":"elementor_header_footer","meta":{"_yoast_wpseo_focuskw":"Ceridwen","_yoast_wpseo_title":"Ceridwen \u2013 walesilainen inspiraation jumalatar | iWell Guard","_yoast_wpseo_metadesc":"Ceridwen on walesilainen noitajumalatar ja Awen-inspiraatiokattilan vartija. Taliesinin \u00e4iti. Myytti, druidiperinne ja bardiperinne.","_yoast_wpseo_meta-robots-noindex":"","_yoast_wpseo_canonical":"","_angie_page":false,"gefaehrdungsstufe":"3","wesen_kultur":"keltisch","wesen_klasse":"goetter","footnotes":""},"categories":[],"class_list":["post-144342","page","type-page","status-publish","has-post-thumbnail","hentry"],"yoast_head":"<!-- This site is optimized with the Yoast SEO Premium plugin v27.7 (Yoast SEO v28.3) - https:\/\/yoast.com\/product\/yoast-seo-premium-wordpress\/ -->\n<title>Ceridwen \u2013 walesilainen inspiraation jumalatar | iWell Guard<\/title>\n<meta name=\"description\" content=\"Ceridwen on walesilainen noitajumalatar ja Awen-inspiraatiokattilan vartija. Taliesinin \u00e4iti. Myytti, druidiperinne ja bardiperinne.\" \/>\n<meta name=\"robots\" content=\"index, follow, max-snippet:-1, max-image-preview:large, max-video-preview:-1\" \/>\n<link rel=\"canonical\" href=\"https:\/\/iwell-guard.com\/fi\/ceridwen\/\" \/>\n<meta property=\"og:locale\" content=\"fi_FI\" \/>\n<meta property=\"og:type\" content=\"article\" \/>\n<meta property=\"og:title\" content=\"Ceridwen\" \/>\n<meta property=\"og:description\" content=\"Ceridwen on walesilainen noitajumalatar ja Awen-inspiraatiokattilan vartija. Taliesinin \u00e4iti. Myytti, druidiperinne ja bardiperinne.\" \/>\n<meta property=\"og:url\" content=\"https:\/\/iwell-guard.com\/fi\/ceridwen\/\" \/>\n<meta property=\"og:site_name\" content=\"iWell Guard\" \/>\n<meta property=\"article:modified_time\" content=\"2026-09-03T12:56:55+00:00\" \/>\n<meta property=\"og:image\" content=\"https:\/\/iwell-guard.com\/wp-content\/uploads\/2026\/05\/goetter_keltisch_ceridwen.webp\" \/>\n\t<meta property=\"og:image:width\" content=\"1024\" \/>\n\t<meta property=\"og:image:height\" content=\"1536\" \/>\n\t<meta property=\"og:image:type\" content=\"image\/webp\" \/>\n<meta name=\"twitter:card\" content=\"summary_large_image\" \/>\n<script type=\"application\/ld+json\" class=\"yoast-schema-graph\">{\"@context\":\"https:\\\/\\\/schema.org\",\"@graph\":[{\"@type\":\"WebPage\",\"@id\":\"https:\\\/\\\/iwell-guard.com\\\/fi\\\/ceridwen\\\/\",\"url\":\"https:\\\/\\\/iwell-guard.com\\\/fi\\\/ceridwen\\\/\",\"name\":\"Ceridwen \u2013 walesilainen inspiraation jumalatar | iWell Guard\",\"isPartOf\":{\"@id\":\"https:\\\/\\\/iwell-guard.com\\\/fi\\\/#website\"},\"primaryImageOfPage\":{\"@id\":\"https:\\\/\\\/iwell-guard.com\\\/fi\\\/ceridwen\\\/#primaryimage\"},\"image\":{\"@id\":\"https:\\\/\\\/iwell-guard.com\\\/fi\\\/ceridwen\\\/#primaryimage\"},\"thumbnailUrl\":\"https:\\\/\\\/iwell-guard.com\\\/wp-content\\\/uploads\\\/2026\\\/05\\\/goetter_keltisch_ceridwen.webp\",\"datePublished\":\"2026-09-03T12:34:28+00:00\",\"dateModified\":\"2026-09-03T12:56:55+00:00\",\"description\":\"Ceridwen on walesilainen noitajumalatar ja Awen-inspiraatiokattilan vartija. Taliesinin \u00e4iti. Myytti, druidiperinne ja bardiperinne.\",\"breadcrumb\":{\"@id\":\"https:\\\/\\\/iwell-guard.com\\\/fi\\\/ceridwen\\\/#breadcrumb\"},\"inLanguage\":\"fi\",\"potentialAction\":[{\"@type\":\"ReadAction\",\"target\":[\"https:\\\/\\\/iwell-guard.com\\\/fi\\\/ceridwen\\\/\"]}]},{\"@type\":\"ImageObject\",\"inLanguage\":\"fi\",\"@id\":\"https:\\\/\\\/iwell-guard.com\\\/fi\\\/ceridwen\\\/#primaryimage\",\"url\":\"https:\\\/\\\/iwell-guard.com\\\/wp-content\\\/uploads\\\/2026\\\/05\\\/goetter_keltisch_ceridwen.webp\",\"contentUrl\":\"https:\\\/\\\/iwell-guard.com\\\/wp-content\\\/uploads\\\/2026\\\/05\\\/goetter_keltisch_ceridwen.webp\",\"width\":1024,\"height\":1536,\"caption\":\"Kelttil\u00e4isen perinteen jumalia.\"},{\"@type\":\"BreadcrumbList\",\"@id\":\"https:\\\/\\\/iwell-guard.com\\\/fi\\\/ceridwen\\\/#breadcrumb\",\"itemListElement\":[{\"@type\":\"ListItem\",\"position\":1,\"name\":\"Start\",\"item\":\"https:\\\/\\\/iwell-guard.com\\\/fi\\\/?page_id=143815\"},{\"@type\":\"ListItem\",\"position\":2,\"name\":\"Ceridwen\"}]},{\"@type\":\"WebSite\",\"@id\":\"https:\\\/\\\/iwell-guard.com\\\/fi\\\/#website\",\"url\":\"https:\\\/\\\/iwell-guard.com\\\/fi\\\/\",\"name\":\"iWell Guard\",\"description\":\"Schutz vor dunklen Einfl\u00fcssen\",\"publisher\":{\"@id\":\"https:\\\/\\\/iwell-guard.com\\\/fi\\\/#organization\"},\"potentialAction\":[{\"@type\":\"SearchAction\",\"target\":{\"@type\":\"EntryPoint\",\"urlTemplate\":\"https:\\\/\\\/iwell-guard.com\\\/fi\\\/?s={search_term_string}\"},\"query-input\":{\"@type\":\"PropertyValueSpecification\",\"valueRequired\":true,\"valueName\":\"search_term_string\"}}],\"inLanguage\":\"fi\"},{\"@type\":\"Organization\",\"@id\":\"https:\\\/\\\/iwell-guard.com\\\/fi\\\/#organization\",\"name\":\"Ittermann electronic GmbH\",\"url\":\"https:\\\/\\\/iwell-guard.com\\\/fi\\\/\",\"logo\":{\"@type\":\"ImageObject\",\"inLanguage\":\"fi\",\"@id\":\"https:\\\/\\\/iwell-guard.com\\\/fi\\\/#\\\/schema\\\/logo\\\/image\\\/\",\"url\":\"https:\\\/\\\/iwell-guard.com\\\/wp-content\\\/uploads\\\/2026\\\/05\\\/Ittermann-Logo-1182x237-1.png\",\"contentUrl\":\"https:\\\/\\\/iwell-guard.com\\\/wp-content\\\/uploads\\\/2026\\\/05\\\/Ittermann-Logo-1182x237-1.png\",\"width\":1182,\"height\":237,\"caption\":\"Ittermann electronic GmbH\"},\"image\":{\"@id\":\"https:\\\/\\\/iwell-guard.com\\\/fi\\\/#\\\/schema\\\/logo\\\/image\\\/\"},\"sameAs\":[\"https:\\\/\\\/pantip.com\\\/profile\\\/9367242\",\"https:\\\/\\\/micro.blog\\\/iwellguard\",\"https:\\\/\\\/www.diggerslist.com\\\/iwellguard\\\/about\",\"https:\\\/\\\/skitterphoto.com\\\/photographers\\\/2870314\\\/iwell-guard\",\"https:\\\/\\\/iwellguard.wordpress.com\\\/2026\\\/06\\\/06\\\/iwell-guard\\\/\",\"https:\\\/\\\/hub.docker.com\\\/u\\\/iwellguard\",\"https:\\\/\\\/www.pinterest.com\\\/iwellguard\\\/\",\"https:\\\/\\\/bit.ly\\\/m\\\/iwellguard\",\"https:\\\/\\\/entre-vos-mains.alsace.eu\\\/profiles\\\/iwellguard\\\/activity\",\"https:\\\/\\\/gravatar.com\\\/reallybeded8fd34\",\"https:\\\/\\\/naijamatta.com\\\/iwellguard\",\"https:\\\/\\\/www.goodreads.com\\\/iwellguard\",\"https:\\\/\\\/profile.hatena.ne.jp\\\/iwellguard\\\/\",\"https:\\\/\\\/experiment.com\\\/users\\\/iwellguard\",\"https:\\\/\\\/wakelet.com\\\/@iWellGuard82270\",\"https:\\\/\\\/www.chordie.com\\\/forum\\\/profile.php?id=2555664\",\"https:\\\/\\\/www.instapaper.com\\\/p\\\/17757966\",\"https:\\\/\\\/www.mapleprimes.com\\\/users\\\/iwellguard\",\"https:\\\/\\\/businesslistingplus.com\\\/profile\\\/iwell-guard\\\/\",\"https:\\\/\\\/telegra.ph\\\/iWell-Guard-06-06\",\"https:\\\/\\\/pbase.com\\\/iwellguard\\\/iwellguard\",\"https:\\\/\\\/b.hatena.ne.jp\\\/iwellguard\\\/20260607#bookmark-4788405196491818882\",\"https:\\\/\\\/fliphtml5.com\\\/home\\\/iwellguard\",\"https:\\\/\\\/anyflip.com\\\/homepage\\\/cmiwl#About\",\"https:\\\/\\\/transfur.com\\\/Users\\\/iwellguard\",\"http:\\\/\\\/delphi.larsbo.org\\\/user\\\/iwellguard\",\"https:\\\/\\\/jobs.lajobsportal.org\\\/profiles\\\/8380803-iwell-guard\",\"https:\\\/\\\/md.chaosdorf.de\\\/s\\\/jfbe5SBdJD\",\"https:\\\/\\\/www.lingvolive.com\\\/en-us\\\/profile\\\/9ecaeaca-ce11-4e51-9e71-01d55e2bff36\\\/translations\",\"https:\\\/\\\/www.fitday.com\\\/fitness\\\/forums\\\/members\\\/iwellguard.html\",\"https:\\\/\\\/www.mymeetbook.com\\\/iwellguard\",\"https:\\\/\\\/pxhere.com\\\/en\\\/photographer-me\\\/5040798\",\"https:\\\/\\\/disqus.com\\\/by\\\/iwellguard\\\/about\\\/\",\"https:\\\/\\\/pastelink.net\\\/hjwciqwq\",\"https:\\\/\\\/pubhtml5.com\\\/homepage\\\/scjhn\\\/\",\"https:\\\/\\\/www.bitchute.com\\\/channel\\\/2O2eOKzNqujT\",\"https:\\\/\\\/audiomack.com\\\/iwellguard\"]},{\"@type\":\"Article\",\"@id\":\"https:\\\/\\\/iwell-guard.com\\\/fi\\\/ceridwen\\\/#article\",\"isPartOf\":{\"@id\":\"https:\\\/\\\/iwell-guard.com\\\/fi\\\/ceridwen\\\/\"},\"author\":{\"name\":\"Ralf Ittermann\",\"@id\":\"https:\\\/\\\/iwell-guard.com\\\/fi\\\/#\\\/schema\\\/person\\\/ee2a27f1cac3406c7c6fb5820cb7349f\"},\"headline\":\"Ceridwen\",\"datePublished\":\"2026-09-03T12:34:28+00:00\",\"dateModified\":\"2026-09-03T12:56:55+00:00\",\"mainEntityOfPage\":{\"@id\":\"https:\\\/\\\/iwell-guard.com\\\/fi\\\/ceridwen\\\/\"},\"publisher\":{\"@id\":\"https:\\\/\\\/iwell-guard.com\\\/fi\\\/#organization\"},\"image\":{\"@id\":\"https:\\\/\\\/iwell-guard.com\\\/fi\\\/ceridwen\\\/#primaryimage\"},\"thumbnailUrl\":\"https:\\\/\\\/iwell-guard.com\\\/wp-content\\\/uploads\\\/2026\\\/05\\\/goetter_keltisch_ceridwen.webp\",\"inLanguage\":\"fi\",\"description\":\"Ceridwen on walesilainen noitajumalatar ja Awen-inspiraatiokattilan vartija. Taliesinin \u00e4iti. Myytti, druidiperinne ja bardiperinne.\"}]}<\/script>\n<!-- \/ Yoast SEO Premium plugin. -->","yoast_head_json":{"title":"Ceridwen \u2013 walesilainen inspiraation jumalatar | iWell Guard","description":"Ceridwen on walesilainen noitajumalatar ja Awen-inspiraatiokattilan vartija. Taliesinin \u00e4iti. Myytti, druidiperinne ja bardiperinne.","robots":{"index":"index","follow":"follow","max-snippet":"max-snippet:-1","max-image-preview":"max-image-preview:large","max-video-preview":"max-video-preview:-1"},"canonical":"https:\/\/iwell-guard.com\/fi\/ceridwen\/","og_locale":"fi_FI","og_type":"article","og_title":"Ceridwen","og_description":"Ceridwen on walesilainen noitajumalatar ja Awen-inspiraatiokattilan vartija. Taliesinin \u00e4iti. Myytti, druidiperinne ja bardiperinne.","og_url":"https:\/\/iwell-guard.com\/fi\/ceridwen\/","og_site_name":"iWell Guard","article_modified_time":"2026-09-03T12:56:55+00:00","og_image":[{"width":1024,"height":1536,"url":"https:\/\/iwell-guard.com\/wp-content\/uploads\/2026\/05\/goetter_keltisch_ceridwen.webp","type":"image\/webp"}],"twitter_card":"summary_large_image","schema":{"@context":"https:\/\/schema.org","@graph":[{"@type":"Article","@id":"https:\/\/iwell-guard.com\/fi\/ceridwen\/#article","isPartOf":{"@id":"https:\/\/iwell-guard.com\/fi\/ceridwen\/"},"author":{"name":"Ralf Ittermann","@id":"https:\/\/iwell-guard.com\/fi\/#\/schema\/person\/ee2a27f1cac3406c7c6fb5820cb7349f"},"headline":"Ceridwen","datePublished":"2026-09-03T12:34:28+00:00","dateModified":"2026-09-03T12:56:55+00:00","mainEntityOfPage":{"@id":"https:\/\/iwell-guard.com\/fi\/ceridwen\/"},"publisher":{"@id":"https:\/\/iwell-guard.com\/fi\/#organization"},"image":{"@id":"https:\/\/iwell-guard.com\/fi\/ceridwen\/#primaryimage"},"thumbnailUrl":"https:\/\/iwell-guard.com\/wp-content\/uploads\/2026\/05\/goetter_keltisch_ceridwen.webp","inLanguage":"fi","description":"Ceridwen on walesilainen noitajumalatar ja Awen-inspiraatiokattilan vartija. Taliesinin \u00e4iti. Myytti, druidiperinne ja bardiperinne."},{"@type":"WebPage","@id":"https:\/\/iwell-guard.com\/fi\/ceridwen\/","url":"https:\/\/iwell-guard.com\/fi\/ceridwen\/","name":"Ceridwen \u2013 walesilainen inspiraation jumalatar | iWell Guard","isPartOf":{"@id":"https:\/\/iwell-guard.com\/fi\/#website"},"primaryImageOfPage":{"@id":"https:\/\/iwell-guard.com\/fi\/ceridwen\/#primaryimage"},"image":{"@id":"https:\/\/iwell-guard.com\/fi\/ceridwen\/#primaryimage"},"thumbnailUrl":"https:\/\/iwell-guard.com\/wp-content\/uploads\/2026\/05\/goetter_keltisch_ceridwen.webp","datePublished":"2026-09-03T12:34:28+00:00","dateModified":"2026-09-03T12:56:55+00:00","description":"Ceridwen on walesilainen noitajumalatar ja Awen-inspiraatiokattilan vartija. Taliesinin \u00e4iti. Myytti, druidiperinne ja bardiperinne.","breadcrumb":{"@id":"https:\/\/iwell-guard.com\/fi\/ceridwen\/#breadcrumb"},"inLanguage":"fi","potentialAction":[{"@type":"ReadAction","target":["https:\/\/iwell-guard.com\/fi\/ceridwen\/"]}]},{"@type":"ImageObject","inLanguage":"fi","@id":"https:\/\/iwell-guard.com\/fi\/ceridwen\/#primaryimage","url":"https:\/\/iwell-guard.com\/wp-content\/uploads\/2026\/05\/goetter_keltisch_ceridwen.webp","contentUrl":"https:\/\/iwell-guard.com\/wp-content\/uploads\/2026\/05\/goetter_keltisch_ceridwen.webp","width":1024,"height":1536,"caption":"Kelttil\u00e4isen perinteen jumalia."},{"@type":"BreadcrumbList","@id":"https:\/\/iwell-guard.com\/fi\/ceridwen\/#breadcrumb","itemListElement":[{"@type":"ListItem","position":1,"name":"Start","item":"https:\/\/iwell-guard.com\/fi\/?page_id=143815"},{"@type":"ListItem","position":2,"name":"Ceridwen"}]},{"@type":"WebSite","@id":"https:\/\/iwell-guard.com\/fi\/#website","url":"https:\/\/iwell-guard.com\/fi\/","name":"iWell Guard","description":"Schutz vor dunklen Einfl\u00fcssen","publisher":{"@id":"https:\/\/iwell-guard.com\/fi\/#organization"},"potentialAction":[{"@type":"SearchAction","target":{"@type":"EntryPoint","urlTemplate":"https:\/\/iwell-guard.com\/fi\/?s={search_term_string}"},"query-input":{"@type":"PropertyValueSpecification","valueRequired":true,"valueName":"search_term_string"}}],"inLanguage":"fi"},{"@type":"Organization","@id":"https:\/\/iwell-guard.com\/fi\/#organization","name":"Ittermann electronic GmbH","url":"https:\/\/iwell-guard.com\/fi\/","logo":{"@type":"ImageObject","inLanguage":"fi","@id":"https:\/\/iwell-guard.com\/fi\/#\/schema\/logo\/image\/","url":"https:\/\/iwell-guard.com\/wp-content\/uploads\/2026\/05\/Ittermann-Logo-1182x237-1.png","contentUrl":"https:\/\/iwell-guard.com\/wp-content\/uploads\/2026\/05\/Ittermann-Logo-1182x237-1.png","width":1182,"height":237,"caption":"Ittermann electronic GmbH"},"image":{"@id":"https:\/\/iwell-guard.com\/fi\/#\/schema\/logo\/image\/"},"sameAs":["https:\/\/pantip.com\/profile\/9367242","https:\/\/micro.blog\/iwellguard","https:\/\/www.diggerslist.com\/iwellguard\/about","https:\/\/skitterphoto.com\/photographers\/2870314\/iwell-guard","https:\/\/iwellguard.wordpress.com\/2026\/06\/06\/iwell-guard\/","https:\/\/hub.docker.com\/u\/iwellguard","https:\/\/www.pinterest.com\/iwellguard\/","https:\/\/bit.ly\/m\/iwellguard","https:\/\/entre-vos-mains.alsace.eu\/profiles\/iwellguard\/activity","https:\/\/gravatar.com\/reallybeded8fd34","https:\/\/naijamatta.com\/iwellguard","https:\/\/www.goodreads.com\/iwellguard","https:\/\/profile.hatena.ne.jp\/iwellguard\/","https:\/\/experiment.com\/users\/iwellguard","https:\/\/wakelet.com\/@iWellGuard82270","https:\/\/www.chordie.com\/forum\/profile.php?id=2555664","https:\/\/www.instapaper.com\/p\/17757966","https:\/\/www.mapleprimes.com\/users\/iwellguard","https:\/\/businesslistingplus.com\/profile\/iwell-guard\/","https:\/\/telegra.ph\/iWell-Guard-06-06","https:\/\/pbase.com\/iwellguard\/iwellguard","https:\/\/b.hatena.ne.jp\/iwellguard\/20260607#bookmark-4788405196491818882","https:\/\/fliphtml5.com\/home\/iwellguard","https:\/\/anyflip.com\/homepage\/cmiwl#About","https:\/\/transfur.com\/Users\/iwellguard","http:\/\/delphi.larsbo.org\/user\/iwellguard","https:\/\/jobs.lajobsportal.org\/profiles\/8380803-iwell-guard","https:\/\/md.chaosdorf.de\/s\/jfbe5SBdJD","https:\/\/www.lingvolive.com\/en-us\/profile\/9ecaeaca-ce11-4e51-9e71-01d55e2bff36\/translations","https:\/\/www.fitday.com\/fitness\/forums\/members\/iwellguard.html","https:\/\/www.mymeetbook.com\/iwellguard","https:\/\/pxhere.com\/en\/photographer-me\/5040798","https:\/\/disqus.com\/by\/iwellguard\/about\/","https:\/\/pastelink.net\/hjwciqwq","https:\/\/pubhtml5.com\/homepage\/scjhn\/","https:\/\/www.bitchute.com\/channel\/2O2eOKzNqujT","https:\/\/audiomack.com\/iwellguard"]},{"@type":"Person","@id":"https:\/\/iwell-guard.com\/fi\/#\/schema\/person\/ee2a27f1cac3406c7c6fb5820cb7349f","name":"Ralf Ittermann","image":{"@type":"ImageObject","inLanguage":"fi","@id":"https:\/\/secure.gravatar.com\/avatar\/073c0153e350a5005b68eb752b445fea71f6b24a26da9449ad7e155e6b446c9d?s=96&d=mm&r=g","url":"https:\/\/secure.gravatar.com\/avatar\/073c0153e350a5005b68eb752b445fea71f6b24a26da9449ad7e155e6b446c9d?s=96&d=mm&r=g","contentUrl":"https:\/\/secure.gravatar.com\/avatar\/073c0153e350a5005b68eb752b445fea71f6b24a26da9449ad7e155e6b446c9d?s=96&d=mm&r=g","caption":"Ralf Ittermann"},"givenName":"Ralf","familyName":"Ittermann","jobTitle":"Gesch\u00e4ftsf\u00fchrer und redaktioneller Verantwortlicher","url":"https:\/\/iwell-guard.com\/fi\/author\/claude\/","description":"Ralf Ittermann ist Gesch\u00e4ftsf\u00fchrer der Ittermann electronic GmbH und redaktioneller Verantwortlicher des iWell-Guard-Lexikons. Er verbindet langj\u00e4hrige Erfahrung in der Pr\u00e4zisionsfertigung mit medialer Praxis und religionsgeschichtlicher Quellenarbeit.","worksFor":{"@type":"Organization","name":"Ittermann electronic GmbH","url":"https:\/\/ittermann.de\/","address":{"@type":"PostalAddress","streetAddress":"K\u00f6hlergasse 16-18","postalCode":"99842","addressLocality":"Ruhla","addressCountry":"DE"}},"knowsAbout":["Religionsgeschichte","Mythologie","Mediale Praxis","Energetische Diagnostik","Schutzpraxis","Volksglauben","Westliche Esoterik"]},{"@type":"Article","@id":"https:\/\/iwell-guard.com\/fi\/ceridwen\/#article","isPartOf":{"@id":"https:\/\/iwell-guard.com\/fi\/ceridwen\/"},"author":{"name":"Ralf Ittermann","@id":"https:\/\/iwell-guard.com\/fi\/#\/schema\/person\/ee2a27f1cac3406c7c6fb5820cb7349f"},"headline":"Ceridwen","datePublished":"2026-09-03T12:34:28+00:00","dateModified":"2026-09-03T12:56:55+00:00","mainEntityOfPage":{"@id":"https:\/\/iwell-guard.com\/fi\/ceridwen\/"},"publisher":{"@id":"https:\/\/iwell-guard.com\/fi\/#organization"},"image":{"@id":"https:\/\/iwell-guard.com\/fi\/ceridwen\/#primaryimage"},"thumbnailUrl":"https:\/\/iwell-guard.com\/wp-content\/uploads\/2026\/05\/goetter_keltisch_ceridwen.webp","inLanguage":"fi","description":"Ceridwen on walesilainen noitajumalatar ja Awen-inspiraatiokattilan vartija. Taliesinin \u00e4iti. Myytti, druidiperinne ja bardiperinne."}]}},"_links":{"self":[{"href":"https:\/\/iwell-guard.com\/fi\/wp-json\/wp\/v2\/pages\/144342","targetHints":{"allow":["GET"]}}],"collection":[{"href":"https:\/\/iwell-guard.com\/fi\/wp-json\/wp\/v2\/pages"}],"about":[{"href":"https:\/\/iwell-guard.com\/fi\/wp-json\/wp\/v2\/types\/page"}],"author":[{"embeddable":true,"href":"https:\/\/iwell-guard.com\/fi\/wp-json\/wp\/v2\/users\/3"}],"replies":[{"embeddable":true,"href":"https:\/\/iwell-guard.com\/fi\/wp-json\/wp\/v2\/comments?post=144342"}],"version-history":[{"count":0,"href":"https:\/\/iwell-guard.com\/fi\/wp-json\/wp\/v2\/pages\/144342\/revisions"}],"wp:featuredmedia":[{"embeddable":true,"href":"https:\/\/iwell-guard.com\/fi\/wp-json\/wp\/v2\/media\/3240"}],"wp:attachment":[{"href":"https:\/\/iwell-guard.com\/fi\/wp-json\/wp\/v2\/media?parent=144342"}],"wp:term":[{"taxonomy":"category","embeddable":true,"href":"https:\/\/iwell-guard.com\/fi\/wp-json\/wp\/v2\/categories?post=144342"}],"curies":[{"name":"wp","href":"https:\/\/api.w.org\/{rel}","templated":true}]}}