{"id":144309,"date":"2026-09-03T12:34:08","date_gmt":"2026-09-03T12:34:08","guid":{"rendered":"https:\/\/iwell-guard.com\/?page_id=144309"},"modified":"2026-09-03T12:55:53","modified_gmt":"2026-09-03T12:55:53","slug":"vesta","status":"publish","type":"page","link":"https:\/\/iwell-guard.com\/fi\/vesta\/","title":{"rendered":"Vesta"},"content":{"rendered":"\t\t<div data-elementor-type=\"wp-page\" data-elementor-id=\"144309\" class=\"elementor elementor-144309 elementor-3014 elementor-bc-flex-widget\" data-elementor-post-type=\"page\">\n\t\t\t\t<div class=\"elementor-element elementor-element-71afdde e-flex e-con-boxed e-con e-parent\" data-id=\"71afdde\" data-element_type=\"container\" data-e-type=\"container\" data-settings=\"{&quot;background_background&quot;:&quot;classic&quot;}\">\n\t\t\t\t\t<div class=\"e-con-inner\">\n\t\t<div class=\"elementor-element elementor-element-0aac197 e-flex e-con-boxed e-con e-child\" data-id=\"0aac197\" data-element_type=\"container\" data-e-type=\"container\">\n\t\t\t\t\t<div class=\"e-con-inner\">\n\t\t<div class=\"elementor-element elementor-element-f18f2e5 e-con-full e-flex e-con e-child\" data-id=\"f18f2e5\" data-element_type=\"container\" data-e-type=\"container\">\n\t\t\t\t<div class=\"elementor-element elementor-element-ec8ab80 elementor-widget elementor-widget-heading\" data-id=\"ec8ab80\" data-element_type=\"widget\" data-e-type=\"widget\" data-widget_type=\"heading.default\">\n\t\t\t\t\t<h1 class=\"elementor-heading-title elementor-size-default\">Vesta, roomalainen kotilieden jumalatar<\/h1>\t\t\t\t<\/div>\n\t\t\t\t<div class=\"elementor-element elementor-element-60c7f8f elementor-widget elementor-widget-text-editor\" data-id=\"60c7f8f\" data-element_type=\"widget\" data-e-type=\"widget\" data-widget_type=\"text-editor.default\">\n\t\t\t\t\t\t\t\t\t<p>Vesta on roomalainen kotilieden ja valtiollisen kultin jumalatar. H\u00e4nen <span class=\"iwg-fachbegriff\" data-tooltip=\"Jumaluuden palvonnalle omistettu pyh\u00e4 paikka.\" tabindex=\"0\">pyh\u00e4kk\u00f6ns\u00e4<\/span> Roomalaisella forumilla oli yksi Rooman vanhimmista ja poliittisesti t\u00e4rkeimmist\u00e4. H\u00e4nen <span class=\"iwg-fachbegriff\" data-tooltip=\"Rakennus, joka on omistettu yhden tai useamman jumaluuden palvontaan.\" tabindex=\"0\">temppeliss\u00e4\u00e4n<\/span> jatkuvasti palava tuli oli takeena kaupungin hyvinvoinnista.<\/p><p><span class=\"iwg-fachbegriff\" data-tooltip=\"Jumaluuden tai pyh\u00e4n hahmon palvontaan liittyvien uskonnollisten toimien kokonaisuus.\" tabindex=\"0\">Kulttia<\/span> hoiti vestaalityt\u00f6t, vihitty papittarien kollegio, jolla oli korkein rituaalinen asema. Heid\u00e4n historiansa ulottuu italialaisen uskonnon alkuvaiheisiin ja p\u00e4\u00e4ttyy vasta kultin muodolliseen lakkauttamiseen vuonna 391 Theodosiuksen aikana.<\/p>\t\t\t\t\t\t\t\t<\/div>\n\t\t\t\t<\/div>\n\t\t<div class=\"elementor-element elementor-element-c3542be e-con-full e-flex e-con e-parent\" data-id=\"c3542be\" data-element_type=\"container\" data-e-type=\"container\">\n\t\t\t\t<div class=\"elementor-element elementor-element-9981897 elementor-widget elementor-widget-html\" data-id=\"9981897\" data-element_type=\"widget\" data-e-type=\"widget\" data-widget_type=\"html.default\">\n\t\t\t\t\t<div class=\"iwg-pill-row\"><span class=\"iwg-klasse-badge\" tabindex=\"0\" data-tooltip=\"Jumala \/ jumalatar: kulttuurin pantheonin personoitu korkein valta, jolla on selke\u00e4t vastuualueet: luonnonvoimat, kohtalo, sota, hedelm\u00e4llisyys. Palvottu kulttien, uhrien ja temppeli-instituutioiden kautta.\">Jumala<\/span><a href=\"https:\/\/iwell-guard.com\/fi\/rooma\/\" class=\"iwg-kultur-badge\" tabindex=\"0\" data-tooltip=\"Roomalainen uskonto kuningaskaudesta my\u00f6h\u00e4isantiikkiin, synkretistinen kreikkalaisten ja etruskilaisten kerrostumien kanssa.\">Rooma<\/a><\/div>\t\t\t\t<\/div>\n\t\t\t\t<\/div>\n\t\t<div class=\"elementor-element elementor-element-3ac9319 e-con-full e-flex e-con e-child\" data-id=\"3ac9319\" data-element_type=\"container\" data-e-type=\"container\">\n\t\t\t\t<div class=\"elementor-element elementor-element-63ca525 elementor-toc--minimized-on-tablet elementor-widget elementor-widget-table-of-contents\" data-id=\"63ca525\" data-element_type=\"widget\" data-e-type=\"widget\" data-settings=\"{&quot;exclude_headings_by_selector&quot;:[],&quot;no_headings_message&quot;:&quot;T\\u00e4lt\\u00e4 sivulta ei l\\u00f6ytynyt otsikoita.&quot;,&quot;headings_by_tags&quot;:[&quot;h2&quot;,&quot;h3&quot;],&quot;marker_view&quot;:&quot;bullets&quot;,&quot;icon&quot;:{&quot;value&quot;:&quot;fas fa-circle&quot;,&quot;library&quot;:&quot;fa-solid&quot;,&quot;rendered_tag&quot;:&quot;&lt;svg class=\\&quot;e-font-icon-svg e-fas-circle\\&quot; viewBox=\\&quot;0 0 512 512\\&quot; xmlns=\\&quot;http:\\\/\\\/www.w3.org\\\/2000\\\/svg\\&quot;&gt;&lt;path d=\\&quot;M256 8C119 8 8 119 8 256s111 248 248 248 248-111 248-248S393 8 256 8z\\&quot;&gt;&lt;\\\/path&gt;&lt;\\\/svg&gt;&quot;},&quot;minimize_box&quot;:&quot;yes&quot;,&quot;minimized_on&quot;:&quot;tablet&quot;,&quot;hierarchical_view&quot;:&quot;yes&quot;,&quot;min_height&quot;:{&quot;unit&quot;:&quot;px&quot;,&quot;size&quot;:&quot;&quot;,&quot;sizes&quot;:[]},&quot;min_height_tablet&quot;:{&quot;unit&quot;:&quot;px&quot;,&quot;size&quot;:&quot;&quot;,&quot;sizes&quot;:[]},&quot;min_height_mobile&quot;:{&quot;unit&quot;:&quot;px&quot;,&quot;size&quot;:&quot;&quot;,&quot;sizes&quot;:[]}}\" data-widget_type=\"table-of-contents.default\">\n\t\t\t\t\t\t\t\t\t<div class=\"elementor-toc__header\">\n\t\t\t\t\t\t<h2 class=\"elementor-toc__header-title\">\n\t\t\t\tSis\u00e4llysluettelo\t\t\t<\/h2>\n\t\t\t\t\t\t\t\t\t\t<div class=\"elementor-toc__toggle-button elementor-toc__toggle-button--expand\" role=\"button\" tabindex=\"0\" aria-controls=\"elementor-toc__63ca525\" aria-expanded=\"true\" aria-label=\"Open table of contents\"><svg aria-hidden=\"true\" class=\"e-font-icon-svg e-fas-chevron-down\" viewBox=\"0 0 448 512\" xmlns=\"http:\/\/www.w3.org\/2000\/svg\"><path d=\"M207.029 381.476L12.686 187.132c-9.373-9.373-9.373-24.569 0-33.941l22.667-22.667c9.357-9.357 24.522-9.375 33.901-.04L224 284.505l154.745-154.021c9.379-9.335 24.544-9.317 33.901.04l22.667 22.667c9.373 9.373 9.373 24.569 0 33.941L240.971 381.476c-9.373 9.372-24.569 9.372-33.942 0z\"><\/path><\/svg><\/div>\n\t\t\t\t<div class=\"elementor-toc__toggle-button elementor-toc__toggle-button--collapse\" role=\"button\" tabindex=\"0\" aria-controls=\"elementor-toc__63ca525\" aria-expanded=\"true\" aria-label=\"Close table of contents\"><svg aria-hidden=\"true\" class=\"e-font-icon-svg e-fas-chevron-up\" viewBox=\"0 0 448 512\" xmlns=\"http:\/\/www.w3.org\/2000\/svg\"><path d=\"M240.971 130.524l194.343 194.343c9.373 9.373 9.373 24.569 0 33.941l-22.667 22.667c-9.357 9.357-24.522 9.375-33.901.04L224 227.495 69.255 381.516c-9.379 9.335-24.544 9.317-33.901-.04l-22.667-22.667c-9.373-9.373-9.373-24.569 0-33.941L207.03 130.525c9.372-9.373 24.568-9.373 33.941-.001z\"><\/path><\/svg><\/div>\n\t\t\t\t\t<\/div>\n\t\t\t\t<div id=\"elementor-toc__63ca525\" class=\"elementor-toc__body\">\n\t\t\t<div class=\"elementor-toc__spinner-container\">\n\t\t\t\t<svg class=\"elementor-toc__spinner eicon-animation-spin e-font-icon-svg e-eicon-loading\" aria-hidden=\"true\" viewBox=\"0 0 1000 1000\" xmlns=\"http:\/\/www.w3.org\/2000\/svg\"><path d=\"M500 975V858C696 858 858 696 858 500S696 142 500 142 142 304 142 500H25C25 237 238 25 500 25S975 237 975 500 763 975 500 975Z\"><\/path><\/svg>\t\t\t<\/div>\n\t\t<\/div>\n\t\t\t\t\t\t<\/div>\n\t\t\t\t<\/div>\n\t\t\t\t\t<\/div>\n\t\t\t\t<\/div>\n\t\t<div class=\"elementor-element elementor-element-b2cea55 e-con-full e-flex e-con e-child\" data-id=\"b2cea55\" data-element_type=\"container\" data-e-type=\"container\">\n\t\t\t\t<div class=\"elementor-element elementor-element-227b75e iwg-hero-image elementor-widget elementor-widget-image\" data-id=\"227b75e\" data-element_type=\"widget\" data-e-type=\"widget\" data-widget_type=\"image.default\">\n\t\t\t\t\t\t\t\t\t\t\t\t\t\t\t<img fetchpriority=\"high\" decoding=\"async\" width=\"683\" height=\"1024\" src=\"https:\/\/iwell-guard.com\/wp-content\/uploads\/2026\/05\/goetter_rom_vesta-683x1024.webp\" class=\"attachment-large size-large wp-image-148680\" alt=\"Vesta \u2013 jumaltar Roomalaisen perinteen jumalista, historiallis-kuvitteellinen esitys\" srcset=\"https:\/\/iwell-guard.com\/wp-content\/uploads\/2026\/05\/goetter_rom_vesta-683x1024.webp 683w, https:\/\/iwell-guard.com\/wp-content\/uploads\/2026\/05\/goetter_rom_vesta-200x300.webp 200w, https:\/\/iwell-guard.com\/wp-content\/uploads\/2026\/05\/goetter_rom_vesta-768x1152.webp 768w, https:\/\/iwell-guard.com\/wp-content\/uploads\/2026\/05\/goetter_rom_vesta.webp 1024w\" sizes=\"(max-width: 683px) 100vw, 683px\" \/>\t\t\t\t\t\t\t\t\t\t\t\t\t\t\t<\/div>\n\t\t\t\t<\/div>\n\t\t\t\t\t<\/div>\n\t\t\t\t<\/div>\n\t\t<div class=\"elementor-element elementor-element-db85b49 e-con-boxed e-flex e-con e-parent\" data-id=\"db85b49\" data-element_type=\"container\" data-e-type=\"container\">\n\t\t\t\t\t<div class=\"e-con-inner\">\n\t\t<div class=\"elementor-element elementor-element-72e7923 e-con-full e-flex e-con e-child\" data-id=\"72e7923\" data-element_type=\"container\" data-e-type=\"container\">\n\t\t\t\t<div class=\"elementor-element elementor-element-83c732e elementor-widget elementor-widget-heading\" data-id=\"83c732e\" data-element_type=\"widget\" data-e-type=\"widget\" data-widget_type=\"heading.default\">\n\t\t\t\t\t<h2 class=\"elementor-heading-title elementor-size-default\">Myytti ja alkuper\u00e4<\/h2>\t\t\t\t<\/div>\n\t\t\t\t<div class=\"elementor-element elementor-element-8370d14 elementor-widget elementor-widget-text-editor\" data-id=\"8370d14\" data-element_type=\"widget\" data-e-type=\"widget\" data-widget_type=\"text-editor.default\">\n\t\t\t\t\t\t\t\t\t<p>Vesta kuuluu italialaisen uskonnon vanhimpaan kerrostumaan ja on kielihistoriallisesti sukua kreikkalaiselle Hestialle. Molemmat nimet voidaan johtaa indoeurooppalaiseen juureen, joka merkitsee palamista tai hehkumista.<\/p><p>Toisin kuin kreikkalainen Hestia, Vesta kehittyi Roomassa vahvasti valtiollis-poliittiseen suuntaan. Livius kertoo, ett\u00e4 jo Numa Pompilius j\u00e4rjesti Vesta-<span class=\"iwg-fachbegriff\" data-tooltip=\"Jumaluuden tai pyh\u00e4n hahmon palvontaan liittyvien uskonnollisten toimien kokonaisuus.\" tabindex=\"0\">kultin<\/span> ja perusti vestaalityt\u00f6iden kollegion. Plutarkhos kertoo samankaltaisesti \u00abNuma\u00bb-el\u00e4m\u00e4kerrassaan ja korostaa taruston kuninkaan uskonnollista j\u00e4rjestysvoimaa.<\/p>\n<p>Vestaa koskeva <span class=\"iwg-fachbegriff\" data-tooltip=\"Perinteinen kertomus jumalista, alkuper\u00e4st\u00e4 ja maailman j\u00e4rjestyksest\u00e4.\" tabindex=\"0\">myytti<\/span> on itsess\u00e4\u00e4n kertomuksiltaan v\u00e4h\u00e4inen. H\u00e4n esiintyy kirjallisessa perinteess\u00e4 harvoin toimivana jumalattarena, vaan ilmenee kotilieden allegorisena ilmentym\u00e4n\u00e4. Ovidius omistaa h\u00e4nelle \u00abFasti\u00bb-teoksessaan laajan osan Vestalia-juhlasta 9. kes\u00e4kuuta ja korostaa vaikeutta kuvitella jumalatarta kuvallisesti.<\/p><p>H\u00e4nell\u00e4 ei kerrotaan olevan \u00abmuuta kuin el\u00e4v\u00e4 tuli\u00bb, ja h\u00e4nt\u00e4 palvotaan patsaiden sijaan itse liekiss\u00e4. T\u00e4m\u00e4 keskittyminen puhtaaseen elementtiin antaa Vestalle roomalaisessa uskonnossa teologisen erityisas\u0435man.<\/p>\n<p>Vestan l\u00e4heinen yhteys penaatteihin, talon suojelusjumaliin, ja Palladiumiin, Troijasta pelastettuun Minervan <span class=\"iwg-fachbegriff\" data-tooltip=\"Kuvallinen esitys jumaluudesta, jota palvotaan temppeliss\u00e4 tai pyh\u00e4k\u00f6ss\u00e4.\" tabindex=\"0\">kulttikuvaan<\/span>, teki h\u00e4nest\u00e4 roomalaisen valtiollisen myytin kiintopisteen.<\/p><p>Vergilius antaa Aeneaan \u00abAeneis\u00bb-teoksessaan paeta Troijasta penaatit ja Vesta-tuli mukanaan. T\u00e4m\u00e4 trojalaisen alkuper\u00e4n, valtiollisen kotilieden ja suojelusjumalien yhteenliittym\u00e4 muodosti augustuslaisen Rooman uskonnollisen itsetulkinnan.<\/p>\n<p>Italialaisessa esihistoriassa kotilieden vaalimine oli talon naimattomien tyt\u00e4rten keskeinen teht\u00e4v\u00e4. Vestaalityt\u00f6t ovat uskontohistoriallisesti t\u00e4m\u00e4n k\u00e4yt\u00e4nn\u00f6n kuva, korotettuna valtiolliseksi kultiksi. Italialaisen maalaistalon arkaainen malli, jossa keskeinen liesi huolsi koko taloa, on s\u00e4ilytetty arkkitektonisesti Vestan py\u00f6re\u00e4ss\u00e4 <span class=\"iwg-fachbegriff\" data-tooltip=\"Rakennus, joka on omistettu yhden tai useamman jumaluuden palvontaan.\" tabindex=\"0\">temppeliss\u00e4<\/span>.<\/p>\t\t\t\t\t\t\t\t<\/div>\n\t\t\t\t<\/div>\n\t\t<div class=\"elementor-element elementor-element-17c3c2b e-con-full e-flex e-con e-child\" data-id=\"17c3c2b\" data-element_type=\"container\" data-e-type=\"container\">\n\t\t\t\t<div class=\"elementor-element elementor-element-71f5ee9 elementor-widget elementor-widget-heading\" data-id=\"71f5ee9\" data-element_type=\"widget\" data-e-type=\"widget\" data-widget_type=\"heading.default\">\n\t\t\t\t\t<h2 class=\"elementor-heading-title elementor-size-default\">Symbolit ja attribuutit<\/h2>\t\t\t\t<\/div>\n\t\t\t\t<div class=\"elementor-element elementor-element-5337f4e elementor-widget elementor-widget-text-editor\" data-id=\"5337f4e\" data-element_type=\"widget\" data-e-type=\"widget\" data-widget_type=\"text-editor.default\">\n\t\t\t\t\t\t\t\t\t<p>Vestan t\u00e4rkein <span class=\"iwg-fachbegriff\" data-tooltip=\"Merkki, joka edustaa ajatusta tai merkityst\u00e4.\" tabindex=\"0\">symboli<\/span> on liekki. H\u00e4nen <span class=\"iwg-fachbegriff\" data-tooltip=\"Rakennus, joka on omistettu yhden tai useamman jumaluuden palvontaan.\" tabindex=\"0\">temppeliss\u00e4\u00e4n<\/span> palava ikuinen tuli ei ollut kuva, vaan jumalattaren todellinen l\u00e4sn\u00e4olo. Sit\u00e4 ruokittiin puulla pyh\u00e4st\u00e4 <span class=\"iwg-fachbegriff\" data-tooltip=\"Pyh\u00e4 puusto, joka toimi kultti-paikkana.\" tabindex=\"0\">lehdosta<\/span> Velialla, ja se ei saanut miss\u00e4\u00e4n olosuhteissa sammua.<\/p><p>Jos se kuitenkin sammui, mink\u00e4 Cicero ja Livius kuvaavat vaarallisena enteen\u00e4, se t\u00e4ytyi sytytt\u00e4\u00e4 uudelleen hankaamalla kahta puutikkua tai auringonvalon ja polttolasin avulla, ei koskaan ep\u00e4pyh\u00e4st\u00e4 l\u00e4hteest\u00e4. T\u00e4m\u00e4 puhtausvaatimus osoittaa kultin teologisen tarkkuuden.<\/p>\n<p>Sen ohella vedell\u00e4 on t\u00e4rke\u00e4 rooli. Vestaalityt\u00f6t ammensivat p\u00e4ivitt\u00e4in vett\u00e4 Egerian l\u00e4hteest\u00e4 tai Camenae-l\u00e4hteest\u00e4, eiv\u00e4tk\u00e4 saaneet laskea sit\u00e4 maahan.<\/p><p>T\u00e4t\u00e4 vett\u00e4 k\u00e4ytettiin temppelin rituaaliseen puhdistukseen. Tulen ja veden yhdistelm\u00e4, molemmat puhtaassa muodossaan, teki Vestasta ihmisel\u00e4m\u00e4n perustavanlaatuisten olemassaolon edellytysten jumalattaren.<\/p>\n<p>Vestan pyh\u00e4 <span class=\"iwg-fachbegriff\" data-tooltip=\"Pyh\u00e4 puusto, joka toimi kultti-paikkana.\" tabindex=\"0\">lehto<\/span> Laviniumin luona oli mola salsan l\u00e4hde, pyhitetyn suolajauhon, jonka vestaalityt\u00f6t valmistivat spelttivehn\u00e4st\u00e4 ja suolasta.<\/p><p>Mola salsaa siroteltiin julkisissa uhrimenoissa el\u00e4imen ja <span class=\"iwg-fachbegriff\" data-tooltip=\"Korotettu paikka tai p\u00f6yt\u00e4 uhrauksia ja uskonnollisia toimituksia varten.\" tabindex=\"0\">alttarin<\/span> p\u00e4\u00e4lle, ja siit\u00e4 on per\u00e4isin sana \u00abimmolare\u00bb, eli \u00abuhrata\u00bb. N\u00e4in melkein joka julkinen <span class=\"iwg-fachbegriff\" data-tooltip=\"Lahja jumaluudelle kiitoksen, pyynn\u00f6n tai palvonnan ilmaisemiseksi.\" tabindex=\"0\">uhri<\/span> pyhitettiin osaltaan vestaalisella tuotteella.<\/p>\n<p>Kuvataiteessa Vesta esiintyy harvoin persoonallistettuna hahmona, useimmiten verhottuna matronana kulhon ja soihdun kanssa. Yleisemmin h\u00e4nen ikoninen tunnusmerkkins\u00e4, liekki <span class=\"iwg-fachbegriff\" data-tooltip=\"Korotettu paikka tai p\u00f6yt\u00e4 uhrauksia ja uskonnollisia toimituksia varten.\" tabindex=\"0\">alttarilla<\/span>, on reliefien, kolikoiden ja sein\u00e4maalausten keskipisteen\u00e4.<\/p><p>Monissa keisariaikaisissa kolikoissa Vesta on kuvattu istuimella Pateran ja valtikan kanssa, usein kirjoituksella Vesta Mater tai Vesta Sancta. T\u00e4m\u00e4 ikonografinen pid\u00e4ttyv\u00e4isyys korostaa h\u00e4nen palvontansa abstraktia luonnetta.<\/p>\t\t\t\t\t\t\t\t<\/div>\n\t\t\t\t<\/div>\n\t\t<div class=\"elementor-element elementor-element-35ac3ab e-con-full e-flex e-con e-child\" data-id=\"35ac3ab\" data-element_type=\"container\" data-e-type=\"container\">\n\t\t\t\t<div class=\"elementor-element elementor-element-0f58371 elementor-widget elementor-widget-heading\" data-id=\"0f58371\" data-element_type=\"widget\" data-e-type=\"widget\" data-widget_type=\"heading.default\">\n\t\t\t\t\t<h2 class=\"elementor-heading-title elementor-size-default\">Kultti ja palvonta<\/h2>\t\t\t\t<\/div>\n\t\t\t\t<div class=\"elementor-element elementor-element-5b9f4f6 elementor-widget elementor-widget-text-editor\" data-id=\"5b9f4f6\" data-element_type=\"widget\" data-e-type=\"widget\" data-widget_type=\"text-editor.default\">\n\t\t\t\t\t\t\t\t\t<p>Vestan foorumilla sijainnut <span class=\"iwg-fachbegriff\" data-tooltip=\"Jumaluuden palvonnalle omistettu pyh\u00e4 paikka.\" tabindex=\"0\">pyh\u00e4kk\u00f6<\/span>, Aedes Vestae, oli py\u00f6rein rakennus Regian, pontifex maximuksen vanhan virkatalon, l\u00e4heisyydess\u00e4. Sen vieress\u00e4 sijaitsi Atrium Vestae, kuuden vestaalin asuintalo.<\/p><p>Temppelin py\u00f6re\u00e4 muoto lienee j\u00e4ljitellyt Latiumin arkaaista talomuotoa ja symboloi n\u00e4in ikiaikaista italialaista asumusta, jonka keskell\u00e4 paloi liesituli. Arkeologiset kaivaukset ovat tunnistaneet useita rakennusvaiheita aikaisesta puurakenteesta Iulia Domnan 3. vuosisadalla jaa. teett\u00e4m\u00e4\u00e4n marmoriseen uudisrakennukseen.<\/p>\n<p>Vestaalit valittiin kuuden ja kymmenen vuoden i\u00e4ss\u00e4 roomalaisten perheiden listalta, ja pontifex maximus <span class=\"iwg-fachbegriff\" data-tooltip=\"Uskonnollisen toimituksen kautta pyh\u00e4lle luovutettu ja siten arkiel\u00e4m\u00e4st\u00e4 erotettu.\" tabindex=\"0\">vihki<\/span> heid\u00e4t virkaan. Heid\u00e4n palvelusaikansa kesti kolmekymment\u00e4 vuotta. He eiv\u00e4t olleet is\u00e4ns\u00e4 patria potestaksen alaisia, saivat laatia testamentteja ja istua teatterissa erityisill\u00e4 paikoilla.<\/p><p>T\u00e4m\u00e4 oikeudellinen erityisasema oli ainutlaatuinen roomalaisessa yhteiskunnassa. Vastineeksi heid\u00e4n siveytens\u00e4 oli loukkaamaton. Rikkomukset rangaistiin hautaamalla el\u00e4v\u00e4lt\u00e4 Porta Collinan l\u00e4heisyydess\u00e4. T\u00e4llaisia tapauksia on todistettu useissa l\u00e4hteiss\u00e4, esimerkiksi Cornelia Domitianuksen aikana ja Postumia tasavallan aikana.<\/p>\n<p>P\u00e4\u00e4tapahtuma oli Vestalia, 7.\u201315. kes\u00e4kuuta. T\u00e4n\u00e4 aikana <span class=\"iwg-fachbegriff\" data-tooltip=\"Rakennus, joka palvelee yhden tai useamman jumaluuden palvontaa.\" tabindex=\"0\">temppeli<\/span> avattiin poikkeuksellisesti my\u00f6s roomalaisille kotirouville, jotka tuottivat <span class=\"iwg-fachbegriff\" data-tooltip=\"Jumaluudelle annettava lahja kiitoksen, pyynn\u00f6n tai kunnioituksen osoittamiseksi.\" tabindex=\"0\">uhreja<\/span> paljain jaloin. Viimeisen\u00e4 p\u00e4iv\u00e4n\u00e4 <span class=\"iwg-fachbegriff\" data-tooltip=\"Rakennus, joka palvelee yhden tai useamman jumaluuden palvontaa.\" tabindex=\"0\">temppeli<\/span> puhdistettiin <span class=\"iwg-fachbegriff\" data-tooltip=\"M\u00e4\u00e4r\u00e4tylle uskonnolliselle toimitukselle kuuluva.\" tabindex=\"0\">rituaalisesti<\/span>, ja lakaistut j\u00e4tteet vietiin Tiber-virtaan.<\/p><p>Kyseinen p\u00e4iv\u00e4, 15. kes\u00e4kuuta, katsottiin t\u00e4m\u00e4n j\u00e4lkeen arkiseksi p\u00e4iv\u00e4ksi, jolloin liiketoimia sai hoitaa. My\u00f6s 9. kes\u00e4kuuta oli erityisen merkityksellinen, sill\u00e4 aasit seppel\u00f6itiin leiv\u00e4ll\u00e4 muistoksi aasista, jonka kerrotaan pelastaneen Vestan Priapoksen hy\u00f6kk\u00e4ykselt\u00e4.<\/p>\n<p>Augustuksen uskonnollisen uudistuksen my\u00f6t\u00e4 Vesta-<span class=\"iwg-fachbegriff\" data-tooltip=\"Jumaluuden tai pyh\u00e4n hahmon palvontaan liittyvien toimintojen kokonaisuus.\" tabindex=\"0\">kultti<\/span> sidottiin tiiviisti keisarihuoneeseen. Augustus otti pontifikaatin haltuunsa ja rakennutti Palatinuksella sijaitsevaan residenssiins\u00e4 uuden Vesta-<span class=\"iwg-fachbegriff\" data-tooltip=\"Jumaluuden palvonnalle omistettu pyh\u00e4 paikka.\" tabindex=\"0\">pyh\u00e4k\u00f6n<\/span>, jotta valtio, pontifikaatti ja keisarihuone kietoutuivat symbolisesti yhteen.<\/p><p>Vestan l\u00e4sn\u00e4olo palatsissa korosti, ett\u00e4 princeps takasi henkil\u00f6kohtaisesti valtion ikuisen tulen. Severusten dynastian aikana <span class=\"iwg-fachbegriff\" data-tooltip=\"Jumaluuden tai pyh\u00e4n hahmon palvontaan liittyvien toimintojen kokonaisuus.\" tabindex=\"0\">kulttia<\/span> kohotettiin edelleen Iulia Domnan toimesta.<\/p>\n<p><span class=\"iwg-fachbegriff\" data-tooltip=\"Jumaluuden tai pyh\u00e4n hahmon palvontaan liittyvien toimintojen kokonaisuus.\" tabindex=\"0\">Kultti<\/span> lopetettiin virallisesti vuonna 391 jaa. keisari Theodosiuksen aikana. Ikuinen tuli sammutettiin, Atrium Vestae suljettiin, ja viimeiset vestaalit menettiv\u00e4t etunsa. Symeon Stylites ja muut kristityt askeetit tulkittiin <span class=\"iwg-fachbegriff\" data-tooltip=\"Antiikin ja keskiajan v\u00e4linen siirtym\u00e4kausi, noin 3.\u20137. vuosisata.\" tabindex=\"0\">my\u00f6h\u00e4isantiikin<\/span> aikana osin vestaalisten ihanteiden hengellisen\u00e4 kaikuna, mik\u00e4 korostaa instituution pitk\u00e4aikaista vaikutusvoimaa.<\/p>\t\t\t\t\t\t\t\t<\/div>\n\t\t\t\t<\/div>\n\t\t<div class=\"elementor-element elementor-element-7a4855b e-con-full e-flex e-con e-child\" data-id=\"7a4855b\" data-element_type=\"container\" data-e-type=\"container\">\n\t\t\t\t<div class=\"elementor-element elementor-element-3a56f95 elementor-widget elementor-widget-heading\" data-id=\"3a56f95\" data-element_type=\"widget\" data-e-type=\"widget\" data-widget_type=\"heading.default\">\n\t\t\t\t\t<h2 class=\"elementor-heading-title elementor-size-default\">T\u00e4rke\u00e4t myytit<\/h2>\t\t\t\t<\/div>\n\t\t\t\t<div class=\"elementor-element elementor-element-82e7b4b elementor-widget elementor-widget-text-editor\" data-id=\"82e7b4b\" data-element_type=\"widget\" data-e-type=\"widget\" data-widget_type=\"text-editor.default\">\n\t\t\t\t\t\t\t\t\t<p>Kertomus Rhea Silviasta ja kaksosista Romuluksesta ja Remuksesta on t\u00e4rkein myyttinen sidos Vestan ja Rooman v\u00e4lill\u00e4. Liviuksen mukaan Rhea Silvia, kaksosten \u00e4iti, oli vestaali Alba Longassa. Sotajumala Marsin raskauttamana h\u00e4n synnytti Rooman perustajat ja tuomittiin vestaaleja koskevan ankaran lain mukaisesti kuolemaan.<\/p><p>Kertomus yhdist\u00e4\u00e4 ankarimman vestaalisen kurin Rooman syntym\u00e4\u00e4n ja tekee jumalattaresta n\u00e4in kaupungin perustamisen hiljaisen seuralaisen. Kuvaannollisesti t\u00e4st\u00e4 l\u00e4htien on katsottu, ett\u00e4 Rooman historia itsess\u00e4\u00e4n kumpuaa pyhitetyst\u00e4, sitten loukatusta puhtaudesta.<\/p>\n<p>Toinen kertomus kertoo vestaali Tucciasta, jota ep\u00e4iltiin siveett\u00f6myydest\u00e4. Todistaakseen syytt\u00f6myytens\u00e4 h\u00e4n ammensi vett\u00e4 Tiberist\u00e4 seulalla ja kuljetti sen <span class=\"iwg-fachbegriff\" data-tooltip=\"Rakennus, joka palvelee yhden tai useamman jumaluuden palvontaa.\" tabindex=\"0\">temppeliin<\/span> menett\u00e4m\u00e4tt\u00e4 tippaakaan. Vanhempi Plinius ja Augustinus kertovat t\u00e4st\u00e4 ihmekertomuksesta, joka keskiajalla muuttui siveellisen lujuuden vertauskuvaksi.<\/p><p>Andrea Mantegnan teoksessa \u00abHyveiden voitto\u00bb ja Vermeerin teoksessa \u00abMaalaustaidon allegoria\u00bb on viittauksia t\u00e4h\u00e4n tapahtumaan.<\/p>\n<p>Kolmas kertomus kuvaa palladiumin ja pyh\u00e4n tulen pelastamista L. Caecilius Metelluksen toimesta vuonna 241 eaa. Kun Vestan <span class=\"iwg-fachbegriff\" data-tooltip=\"Rakennus, joka palvelee yhden tai useamman jumaluuden palvontaa.\" tabindex=\"0\">temppeli<\/span> paloi, Metellus tunkeutui <span class=\"iwg-fachbegriff\" data-tooltip=\"Jumaluuden palvonnalle omistettu pyh\u00e4 paikka.\" tabindex=\"0\">pyh\u00e4kk\u00f6\u00f6n<\/span> ja pelasti pyh\u00e4t panttiesineet.<\/p><p>H\u00e4n menetti t\u00e4ll\u00f6in n\u00e4k\u00f6ns\u00e4 ja tuli sen j\u00e4lkeen tunnetuksi valtionkultin sankarina. Senaatti my\u00f6nsi h\u00e4nelle poikkeuksellisen oikeuden ajaa vaunuilla kokouksiin. Tapahtuma osoittaa, kuinka voimakkaasti valtion olemassaolo riippui Vestan pyh\u00e4k\u00f6n turvallisuudesta.<\/p>\n<p>Nelj\u00e4s kertomus kertoo vestaali Aemiliasta, joka pystyi hyvitt\u00e4m\u00e4\u00e4n syyllisyytens\u00e4 sammuneeseen tuleen ihmeen avulla. H\u00e4n heitti huntunsa sammuneen <span class=\"iwg-fachbegriff\" data-tooltip=\"Korotettu paikka tai p\u00f6yt\u00e4 uhrauksia ja uskonnollisia toimituksia varten.\" tabindex=\"0\">alttarin<\/span> ylle, jolloin liekki syttyi uudelleen itsest\u00e4\u00e4n. Dionysios Halikarnassolainen kertoo t\u00e4st\u00e4 tapahtumasta, joka havainnollistaa luottamusta jumalalliseen v\u00e4liintuloon puhtaiden papittarien hyv\u00e4ksi.<\/p>\t\t\t\t\t\t\t\t<\/div>\n\t\t\t\t<\/div>\n\t\t<div class=\"elementor-element elementor-element-25f756b e-con-full e-flex e-con e-child\" data-id=\"25f756b\" data-element_type=\"container\" data-e-type=\"container\">\n\t\t\t\t<div class=\"elementor-element elementor-element-cc7d506 elementor-widget elementor-widget-heading\" data-id=\"cc7d506\" data-element_type=\"widget\" data-e-type=\"widget\" data-widget_type=\"heading.default\">\n\t\t\t\t\t<h2 class=\"elementor-heading-title elementor-size-default\">Suhteet pantheonissa<\/h2>\t\t\t\t<\/div>\n\t\t\t\t<div class=\"elementor-element elementor-element-1565b58 elementor-widget elementor-widget-text-editor\" data-id=\"1565b58\" data-element_type=\"widget\" data-e-type=\"widget\" data-widget_type=\"text-editor.default\">\n\t\t\t\t\t\t\t\t\t<p>Vesta liittyy l\u00e4heisesti Penates Publici -jumaliin, Rooman julkisiin suojelusjumaliin. Molemmat muodostavat yhdess\u00e4 valtion jumaluuksien sisimm\u00e4n piirin.<\/p><p>H\u00e4n on my\u00f6s l\u00e4heisesti kytk\u00f6ksiss\u00e4 Iuppiteriin, sill\u00e4 Vestan tulen tulkittiin olevan korkeimman jumalan tulta, ja Pontifex Maximus toimi samalla Vestan kultin valvojana. T\u00e4m\u00e4 henkil\u00f6unioni teki Vestasta valtioteologisesti Rooman t\u00e4rkeimm\u00e4n jumalattaren.<\/p>\n<p>Iunon kanssa Vesta jakaa huolen naisista, perheest\u00e4 ja synnytyksest\u00e4, mutta t\u00e4ysin toisenlaisesta n\u00e4k\u00f6kulmasta. Siin\u00e4 miss\u00e4 Iuno suojelee avioliittoa, Vesta edustaa vihitty\u00e4 neitsyytt\u00e4. Minervan kanssa h\u00e4net yhdist\u00e4\u00e4 Palladium, jota s\u00e4ilytettiin Vestan-<span class=\"iwg-fachbegriff\" data-tooltip=\"Rakennus, joka on tarkoitettu yhden tai useamman jumaluuden palvontaan.\" tabindex=\"0\">temppeliss\u00e4<\/span>, sek\u00e4 valtion vaaliman tiedon ulottuvuus.<\/p>\n<p>Hellenistisess\u00e4 <span class=\"iwg-fachbegriff\" data-tooltip=\"Eri uskonnollisista perinteist\u00e4 per\u00e4isin olevien k\u00e4sitysten tai jumaluuksien sulautuminen.\" tabindex=\"0\">synkretismiss\u00e4<\/span> Vesta samaistettiin Hestiaan, mutta s\u00e4ilytti oman itsen\u00e4isen asemansa vahvan valtiollisen teht\u00e4v\u00e4ns\u00e4 ansiosta.<\/p><p>Rinnastusta vanhaoriientaalisiin tulijumalattariin, kuten skyyttalaisen uskonnon Tabitiin tai indoiranilaiseen Ataria, on uskontohistoriassa usein pohdittu, mutta se ei ole genealogisesti suoraan osoitettavissa. Tutkimus n\u00e4kee t\u00e4ss\u00e4 l\u00e4hinn\u00e4 typologista sukulaisuutta, joka perustuu indoeurooppalaiseen taipumukseen tulen palvontaan.<\/p>\n<p>Vesta ja Iuppiter Pistor esiintyv\u00e4t juhlakalenterissa yhdess\u00e4 leipomisuhrin yhteydess\u00e4, joka takasi uhrileiv\u00e4n jauhon puhtauden. T\u00e4m\u00e4 harvinainen yhteys osoittaa, ett\u00e4 jauhoa pidettiin pyh\u00e4n\u00e4 v\u00e4lineen\u00e4 lieden ja <span class=\"iwg-fachbegriff\" data-tooltip=\"Korotettu paikka tai p\u00f6yt\u00e4 uhrauksia ja uskonnollisia toimituksia varten.\" tabindex=\"0\">alttarin<\/span> v\u00e4lill\u00e4. Robert Schilling on tutkimuksessaan tulkinnut t\u00e4m\u00e4n yhdistelm\u00e4n todisteeksi arkaaisesta tulen, jauhon ja varastotalouden kokonaisuudesta.<\/p>\n<p>Harvinainen sulautuma n\u00e4kyy hellenistisen Hestian kanssa, jonka <span class=\"iwg-fachbegriff\" data-tooltip=\"Perinteinen kertomus jumalista, alkuperist\u00e4 ja maailman j\u00e4rjestyksest\u00e4.\" tabindex=\"0\">myytti<\/span> vaiettiin roomalaisissa teksteiss\u00e4 p\u00e4\u00e4osin huolellisesti, sill\u00e4 is\u00e4n ja tytt\u00e4ren vainoamisen motiivi olisi ollut ristiriidassa arkaaisen roomalaisen Vestan arvokkuuden kanssa. Ovidius k\u00e4ytt\u00e4\u00e4 t\u00e4t\u00e4 j\u00e4nnitett\u00e4 tietoisesti \u00abFasti\u00bb-teoksessaan sis\u00e4llytt\u00e4en kreikkalaisia kertomuksia, mutta lievent\u00e4\u00e4 niit\u00e4 aina roomalaisella k\u00e4\u00e4nteell\u00e4.<\/p>\t\t\t\t\t\t\t\t<\/div>\n\t\t\t\t<\/div>\n\t\t<div class=\"elementor-element elementor-element-380eea3 e-con-full e-flex e-con e-child\" data-id=\"380eea3\" data-element_type=\"container\" data-e-type=\"container\">\n\t\t\t\t<div class=\"elementor-element elementor-element-4c9c507 elementor-widget elementor-widget-heading\" data-id=\"4c9c507\" data-element_type=\"widget\" data-e-type=\"widget\" data-widget_type=\"heading.default\">\n\t\t\t\t\t<h2 class=\"elementor-heading-title elementor-size-default\">Vastaanotto ja vaikutus<\/h2>\t\t\t\t<\/div>\n\t\t\t\t<div class=\"elementor-element elementor-element-99dc7c3 elementor-widget elementor-widget-text-editor\" data-id=\"99dc7c3\" data-element_type=\"widget\" data-e-type=\"widget\" data-widget_type=\"text-editor.default\">\n\t\t\t\t\t\t\t\t\t<p>Vesta s\u00e4ilyi <span class=\"iwg-fachbegriff\" data-tooltip=\"Antiikin ja keskiajan v\u00e4linen siirtym\u00e4kausi, noin 3.\u20137. vuosisata.\" tabindex=\"0\">my\u00f6h\u00e4isantiikin<\/span> ja renessanssin kuvataiteessa puhtauden ja hiljaisen vallan <span class=\"iwg-fachbegriff\" data-tooltip=\"Merkki, joka edustaa ajatusta tai merkityst\u00e4.\" tabindex=\"0\">symbolina<\/span>. Siveyden, uskollisuuden ja lujuuden allegorioita muotoiltiin 1500- ja 1600-luvuilla usein dianis-vestalisessa s\u00e4vyss\u00e4. Tuccian hahmosta seulan kanssa tuli suosittu <span class=\"iwg-fachbegriff\" data-tooltip=\"Toistuva sis\u00e4ll\u00f6llinen elementti taiteessa tai kertomuksessa.\" tabindex=\"0\">aihe<\/span> emblemakirjoissa ja voitonvaunuissa.<\/p>\n<p>Klassismissa vestaalin kuva nousee etualalle. Antonio Canova loi useita veistoksia, jotka kuvaavat puhtaan, vakavan papittaren ihannetta.<\/p><p>My\u00f6s Jacques-Louis Davidin teoksissa ja Ranskan vallankumouksen allegoriassa vestaalista tehtiin tasavaltalaisen hyveen suojelijatar. Maria Antonia von Habsburg-Lothringen halusi vuonna 1769 ikuistaa itsens\u00e4 vestaalisessa kuvaohjelmassa, joka viittasi augustolaiseen hyve-<span class=\"iwg-fachbegriff\" data-tooltip=\"Tieteellinen oppi Jumalasta ja uskonnon uskosta.\" tabindex=\"0\">teologiaan<\/span>.<\/p>\n<p>Nykyaikana sanasta \u00abvestaali\u00bb tuli sananmukainen metafora sive\u00e4lle velvollisuudent\u00e4ytt\u00e4miselle. T\u00e4htitiede nimesi vuonna 1807 nelj\u00e4nnen l\u00f6ydetyn asteroidin Vestaksi, mik\u00e4 jatkoi symbolisesti jumalattaren asemaa s\u00e4ilytt\u00e4v\u00e4n\u00e4, j\u00e4rjestyst\u00e4 luovana voimana.<\/p><p>Astrologia tulkitsee vartioivan tulen merkityksen nyky\u00e4\u00e4n keskittyneen omistautumisen <span class=\"iwg-fachbegriff\" data-tooltip=\"Merkki, joka edustaa ajatusta tai merkityst\u00e4.\" tabindex=\"0\">symboliksi<\/span>. NASA:n Dawn-luotain toimitti vuonna 2011 ensimm\u00e4iset yksityiskohtaiset kuvat t\u00e4st\u00e4 asteroidista.<\/p>\n<p>Keskiajalla Vesta s\u00e4ilyi edelleen l\u00e4sn\u00e4 allegoriana. Dante mainitsee h\u00e4net teoksessaan Convivio II jatkuvuuden ja kotiuskollisuuden <span class=\"iwg-fachbegriff\" data-tooltip=\"Havainnollinen kuva, joka edustaa abstraktia ajatusta.\" tabindex=\"0\">vertauskuvana<\/span>. Renessanssissa h\u00e4n esiintyi lukuisissa h\u00e4\u00e4arkuissa pyh\u00e4n tulen vartijana, usein yhdess\u00e4 Dianan kanssa naisellisen hyveen allegorisena parina.<\/p><p>Barokin aikana Vestan temppelin tyyppi\u00e4 k\u00e4ytettiin arkkitehtuurilainauksissa, esimerkiksi Andrea Palladion Tempietto-suunnitelmassa ja Donato Bramanten San Pietro in Montorion Tempiettossa.<\/p>\n<p>Nykyaikaisessa t\u00e4htitieteess\u00e4 Vesta on yksi nelj\u00e4st\u00e4 ensimm\u00e4iseksi l\u00f6ydetyst\u00e4 asteroidista. Heinrich Olbers nimesi vuonna 1807 l\u00f6ydetyn pienoisplaneetan Carl Friedrich Gaussin ehdotuksen mukaan.<\/p><p>NASA:n Dawn-luotain kiersi Vestaa vuosina 2011\u20132012 ja kartoitti sen kraatterien peitt\u00e4m\u00e4n pinnan. My\u00f6s useat tuotemerkit ja yritysten nimet, italialaisesta Vespa-skootterimerkist\u00e4 skandinaavisiin tulitikkuvalmistajiin, johtavat nimens\u00e4 Vesta-yhteydest\u00e4.<\/p>\t\t\t\t\t\t\t\t<\/div>\n\t\t\t\t<\/div>\n\t\t<div class=\"elementor-element elementor-element-b508720 e-con-full e-flex e-con e-child\" data-id=\"b508720\" data-element_type=\"container\" data-e-type=\"container\">\n\t\t\t\t<div class=\"elementor-element elementor-element-1fc41cb elementor-widget elementor-widget-heading\" data-id=\"1fc41cb\" data-element_type=\"widget\" data-e-type=\"widget\" data-widget_type=\"heading.default\">\n\t\t\t\t\t<h2 class=\"elementor-heading-title elementor-size-default\">Uskontotieteellinen tarkastelu<\/h2>\t\t\t\t<\/div>\n\t\t\t\t<div class=\"elementor-element elementor-element-a8f1f09 elementor-widget elementor-widget-text-editor\" data-id=\"a8f1f09\" data-element_type=\"widget\" data-e-type=\"widget\" data-widget_type=\"text-editor.default\">\n\t\t\t\t\t\t\t\t\t<p>Robert Schilling ja Kurt Latte sijoittavat Vestan Latiumin kotitalouksien suojelijattarien joukkoon, joiden teht\u00e4v\u00e4 laajennettiin Roomassa julkiseksi <span class=\"iwg-fachbegriff\" data-tooltip=\"Kaikki jumaluuteen tai pyh\u00e4\u00e4n hahmoon kohdistuvat uskonnolliset palvontatoimet.\" tabindex=\"0\">kultiksi<\/span>. T\u00e4st\u00e4 n\u00e4k\u00f6kulmasta Aedes Vestae on maalaistalon liett\u00e4 muistuttavan tulisijahuoneen kultillinen laajennus valtion tasolle.<\/p>\n<p>Georges Dum\u00e9zil n\u00e4kee Vestassa kolmen indoeurooppalaisen funktion ensimm\u00e4isen ilmentym\u00e4n, siis pappis-oikeudellisen suvereniteetin, ja vertaa h\u00e4nt\u00e4 typologisesti veedalaiseen Aramatiin.<\/p><p>Mary Beard on vaikutusvaltaisissa tutkimuksissaan analysoinut vestaalien yhteiskunnallista asemaa ja osoittanut, ett\u00e4 heid\u00e4n oikeudellinen erityisasemansa oli tietoinen rakennelma, joka merkitsi eroa \u00abtavallisen\u00bb naisellisuuden ja uskonnollisen teht\u00e4v\u00e4n v\u00e4lill\u00e4.<\/p>\n<p>John Scheid korostaa Vesta-<span class=\"iwg-fachbegriff\" data-tooltip=\"Kaikki jumaluuteen tai pyh\u00e4\u00e4n hahmoon kohdistuvat uskonnolliset palvontatoimet.\" tabindex=\"0\">kultin<\/span> ja pontifikaatin l\u00e4heist\u00e4 yhteytt\u00e4, joka teki Vestan <span class=\"iwg-fachbegriff\" data-tooltip=\"Jumaluuden palvonnalle omistettu pyh\u00e4 paikka.\" tabindex=\"0\">pyh\u00e4k\u00f6st\u00e4<\/span> yhden harvoista paikoista, joissa valtio ja uskonto yhdistyiv\u00e4t suoraan samassa henkil\u00f6ss\u00e4.<\/p><p>J\u00f6rg R\u00fcpke tulkitsee Augustuksen ajan uudistuksen uskonnollisen suvereniteettin\u00e4k\u00f6kulman siirtym\u00e4ksi, koska keisarihuone astui tasavallan tilalle. Robin Lorsch Wildfang on vuonna 2006 julkaistussa monografiassaan rekonstruoinut vestaalien historian kattavasti ja tarkastellut arkeologista aineistoa uudelleen.<\/p>\t\t\t\t\t\t\t\t<\/div>\n\t\t\t\t<\/div>\n\t\t<div class=\"elementor-element elementor-element-61270dc e-con-full e-flex e-con e-child\" data-id=\"61270dc\" data-element_type=\"container\" data-e-type=\"container\">\n\t\t\t\t<div class=\"elementor-element elementor-element-1f3fb6d elementor-widget elementor-widget-heading\" data-id=\"1f3fb6d\" data-element_type=\"widget\" data-e-type=\"widget\" data-widget_type=\"heading.default\">\n\t\t\t\t\t<h2 class=\"elementor-heading-title elementor-size-default\">Atrium Vestae ja pyh\u00e4kk\u00f6<\/h2>\t\t\t\t<\/div>\n\t\t\t\t<div class=\"elementor-element elementor-element-63e7a71 elementor-widget elementor-widget-text-editor\" data-id=\"63e7a71\" data-element_type=\"widget\" data-e-type=\"widget\" data-widget_type=\"text-editor.default\">\n\t\t\t\t\t\t\t\t\t<p>Vestan <span class=\"iwg-fachbegriff\" data-tooltip=\"Rakennus, joka palvelee yhden tai useamman jumaluuden palvontaa.\" tabindex=\"0\">temppeli<\/span> Forum Romanumilla oli py\u00f6re\u00e4, kahdenkymmenen pylv\u00e4\u00e4n ymp\u00e4r\u00f6im\u00e4 rakennus, jossa oli kartiomainen katto ja huipussa aukko, josta pyh\u00e4n tulen savu p\u00e4\u00e4si pois.<\/p><p>Py\u00f6re\u00e4 muoto oli ainutlaatuinen roomalaisessa temppeliarkkitehtuurissa, ja antiikin kirjoittajat, kuten Plutarkhos ja Festus, tulkitsivat sen viittaukseksi jumalattaren arkaaiseen paimentolaisalkuper\u00e4\u00e4n. Ovidius kertoo teoksessaan \u00abFasti\u00bb VI, ett\u00e4 alkuper\u00e4inen <span class=\"iwg-fachbegriff\" data-tooltip=\"Jumaluuden palvonnalle omistettu pyh\u00e4 paikka.\" tabindex=\"0\">pyh\u00e4kk\u00f6<\/span> oli yksinkertainen olkimaja, jonka Romulus itse pystytti kaupungin perustamisen yhteydess\u00e4. My\u00f6hempi kivi- ja marmoriversio s\u00e4ilytti t\u00e4m\u00e4n arkaaisen perusmuodon.<\/p>\n<p>Viereinen Atrium Vestae toimi kuuden vestaalin asuinpaikkana. Se oli kolmikerroksinen kokonaisuus, jossa oli sis\u00e4piha, kaivo ja patsasgalleria. Suuri m\u00e4\u00e4r\u00e4 ylipapittarien, Virgines Maximaen, kuvapatsaita on kaivettu esiin 1800-luvulla, ja ne todistavat t\u00e4m\u00e4n viran korkeasta yhteiskunnallisesta asemasta.<\/p><p>Rakennus oli yksi harvoista naisille varatuista tiloista Rooman julkisessa keskustassa, ja se oli suoraan Pontifex Maximuksen suojeluksessa. Antiikin k\u00e4sityksen mukaan kellareissa s\u00e4ilytettiin kaupungin penaatteja sek\u00e4 Palladiumia, pyh\u00e4\u00e4 Athena-kuvaa, jonka v\u00e4itettiin olevan per\u00e4isin Troijasta.<\/p>\n<p>Temppelin sis\u00e4ll\u00e4 paloi ignis perpetuus keskeisell\u00e4 liedell\u00e4. Sen sammuminen katsottiin prodigiumiksi, pahimman onnettomuuden enteeksi, joka voitiin korjata vain sovitusuhrilla ja sytytt\u00e4m\u00e4ll\u00e4 tuli uudelleen kohtalokkaan puun puuaineksesta valmistetuilla kitkapuilla.<\/p><p>Rakennuksen muurien rakennuskirjoitukset, erityisesti <span class=\"iwg-fachbegriff\" data-tooltip=\"Kiinte\u00e4\u00e4n alustaan kaiverrettu tai hakattu teksti.\" tabindex=\"0\">kirjoitus<\/span> CIL VI 32421, jossa luetellaan senaatin kunnioittamat vestaalit, antavat yksityiskohtaisen kuvan virasta.<\/p>\t\t\t\t\t\t\t\t<\/div>\n\t\t\t\t<\/div>\n\t\t<div class=\"elementor-element elementor-element-8a7f535 e-con-full e-flex e-con e-child\" data-id=\"8a7f535\" data-element_type=\"container\" data-e-type=\"container\">\n\t\t\t\t<div class=\"elementor-element elementor-element-b5c5151 elementor-widget elementor-widget-heading\" data-id=\"b5c5151\" data-element_type=\"widget\" data-e-type=\"widget\" data-widget_type=\"heading.default\">\n\t\t\t\t\t<h2 class=\"elementor-heading-title elementor-size-default\">Vestaalit, virka ja rikosoikeus<\/h2>\t\t\t\t<\/div>\n\t\t\t\t<div class=\"elementor-element elementor-element-22a84d1 elementor-widget elementor-widget-text-editor\" data-id=\"22a84d1\" data-element_type=\"widget\" data-e-type=\"widget\" data-widget_type=\"text-editor.default\">\n\t\t\t\t\t\t\t\t\t<p>Kuusi vestaalia valittiin kuudennen ja kymmenennen ik\u00e4vuoden v\u00e4lill\u00e4 patriisiperheist\u00e4, my\u00f6hemmin my\u00f6s plebeijiperheist\u00e4. He vannoivat kolmenkymmenen vuoden siveysvalan, jonka Pontifex Maximus vahvisti juhlallisessa captio-<span class=\"iwg-fachbegriff\" data-tooltip=\"Juhlallinen, kiinteiden s\u00e4\u00e4nt\u00f6jen mukaan etenev\u00e4 toimitus.\" tabindex=\"0\">seremoniassa<\/span>.<\/p><p>M\u00e4\u00e4r\u00e4ajan p\u00e4\u00e4tytty\u00e4 he saattoivat menn\u00e4 naimisiin tai j\u00e4\u00e4d\u00e4 asumaan Atrium Vestaeen. Vestaalit nauttivat oikeudellista koskemattomuutta, saivat laatia testamentteja itsen\u00e4isesti, heill\u00e4 oli lictor-arvoisia etuoikeuksia kulkiessaan kaduilla, ja jos he sattumalta kohtasivat tuomitun rikoksentekij\u00e4n, t\u00e4m\u00e4 armahdettiin.<\/p>\n<p>Siveysvalan rikkomista pidettiin valtionpetoksena, koska pyh\u00e4 tuli oli yhteydess\u00e4 vestaalien puhtauteen.<\/p><p>Rangaistuksena oli el\u00e4v\u00e4lt\u00e4 hautaaminen Campus Sceleratuksella Porta Collinan l\u00e4hell\u00e4, kuten Livius kuvaa useaan otteeseen, esimerkiksi Minucian tapauksessa vuonna 337 eaa. tai Cornelian tapauksessa Domitianuksen aikana vuonna 91 jaa.<\/p><p>T\u00e4t\u00e4 rangaistusta ei toimeenpantu teloittajan k\u00e4sin, koska vestaalin verta ei saanut vuodattaa. Sen sijaan tuomitut suljettiin maanalaiseen kammioon, jossa oli leip\u00e4\u00e4, vett\u00e4 ja lamppu, ja jossa heid\u00e4n tuli kuolla n\u00e4\u00e4ntymykseen.<\/p><p>Mary Beard on Vesta-uskontoa k\u00e4sittelev\u00e4ss\u00e4 tutkimuksessaan tulkinnut t\u00e4m\u00e4n menettelyn valtavan rituaalisen ankaruuden ilmaukseksi paradoksaalisesta kaksoisasemasta, jossa vestaalit olivat samalla kansan rakastamia ja jatkuvassa \u00e4\u00e4rimm\u00e4isess\u00e4 rituaalisessa vaarassa.<\/p>\n<p>Tulen vartioinnin ohella vestaalit valmistivat mola salsaa, pyhitetty\u00e4 jauho-suolaseosta, jota siroteltiin uhriel\u00e4imen otsalle julkisissa uhritoimituksissa.<\/p><p>He s\u00e4ilyttiv\u00e4t penaatteja ja Palladiumia, ker\u00e4siv\u00e4t vett\u00e4 Egerian l\u00e4hteest\u00e4 Camenae-jumalattarien <span class=\"iwg-fachbegriff\" data-tooltip=\"Jumaluuden palvonnalle omistettu pyh\u00e4 paikka.\" tabindex=\"0\">pyh\u00e4k\u00f6st\u00e4<\/span> ja huolehtivat Fordicidiasta, huhtikuussa vietetyst\u00e4 hedelm\u00e4llisyysriitist\u00e4. N\u00e4iden monipuolisten teht\u00e4vien my\u00f6t\u00e4 heid\u00e4n palveluksensa liittyi kolmeen keskeiseen teemaan: tuleen, puhtauteen ja hedelm\u00e4llisyyteen.<\/p>\t\t\t\t\t\t\t\t<\/div>\n\t\t\t\t<\/div>\n\t\t<div class=\"elementor-element elementor-element-d843f38 e-con-full e-flex e-con e-child\" data-id=\"d843f38\" data-element_type=\"container\" data-e-type=\"container\">\n\t\t\t\t<div class=\"elementor-element elementor-element-384bba4 elementor-widget elementor-widget-heading\" data-id=\"384bba4\" data-element_type=\"widget\" data-e-type=\"widget\" data-widget_type=\"heading.default\">\n\t\t\t\t\t<h2 class=\"elementor-heading-title elementor-size-default\">Vestalia ja juhlakalenteri<\/h2>\t\t\t\t<\/div>\n\t\t\t\t<div class=\"elementor-element elementor-element-9012021 elementor-widget elementor-widget-text-editor\" data-id=\"9012021\" data-element_type=\"widget\" data-e-type=\"widget\" data-widget_type=\"text-editor.default\">\n\t\t\t\t\t\t\t\t\t<p>Kes\u00e4kuun 7. ja 15. p\u00e4iv\u00e4n v\u00e4lill\u00e4 vietetyt Vestalia-juhlat olivat jumalattaren p\u00e4\u00e4tapahtuma. Ensimm\u00e4isen\u00e4 p\u00e4iv\u00e4n\u00e4 avautui Penus Vestae, tavallisesti suljettu sis\u00e4pyh\u00e4kk\u00f6, Rooman matroonoille, jotka astuivat sis\u00e4\u00e4n paljain jaloin ja uhrasivat leip\u00e4kakkuja.<\/p><p>Ovidius kertoo teoksessaan \u00abFasti\u00bb VI, 311 alkaen juhlap\u00e4ivien mytologisoinnista kertomalla jaksosta, jossa Silenus varoitti Vestaa tunkeilevalta Priapukselta.<\/p><p>Viimeisen\u00e4 p\u00e4iv\u00e4n\u00e4 Vestan temppeli puhdistettiin juhlallisesti, ja kertynyt roska kuljetettiin Cloaca Maximan kautta Tiberiin. T\u00e4t\u00e4 puhdistusp\u00e4iv\u00e4\u00e4, nimelt\u00e4\u00e4n Q. St. D. F. (quando stercus delatum fas), pidettiin liiketoimille lainmukaisena vasta lakaisun j\u00e4lkeen.<\/p>\n<p>Kes\u00e4kuun 9. p\u00e4iv\u00e4 tunnettiin aasin p\u00e4iv\u00e4n\u00e4, sill\u00e4 aasi n\u00e4ytteli osaa Vestaa auttavana hahmona <span class=\"iwg-fachbegriff\" data-tooltip=\"Kulttuurin perinteisten jumaltarinoiden kokonaisuus.\" tabindex=\"0\">mytologiassa<\/span>. Aasit, jotka Roomassa py\u00f6rittiv\u00e4t leipomoiden jauhomyllyj\u00e4, saivat t\u00e4n\u00e4 p\u00e4iv\u00e4n\u00e4 leip\u00e4seppeleet kaulaansa ja saivat vapautuksen ty\u00f6st\u00e4.<\/p><p>T\u00e4m\u00e4 eleen esimerkki kuvastaa arkaaista yhteytt\u00e4 jumalattaren, kotitalouden ja el\u00e4inten v\u00e4lill\u00e4. Juhla oli samalla pistoresin, leipurien, suojelusp\u00e4iv\u00e4, ja heid\u00e4n ammattikuntansa piti Roomassa omat vaalinsa Vestan juhlap\u00e4iv\u00e4n\u00e4.<\/p>\n<p>Vuosikierrossa Vesta esiintyy monissa muissakin juhlissa, vaikka h\u00e4nen nime\u00e4\u00e4n ei suoraan mainita juhlakalentereissa. N\u00e4in on esimerkiksi uuden pontifex maximuksen virkaanastujaisrituaalissa, tulen uudistamisessa maaliskuun 1. p\u00e4iv\u00e4n\u00e4, vanhassa roomalaisessa uudenvuodenp\u00e4iv\u00e4ss\u00e4, sek\u00e4 Vestalia-juhlissa.<\/p><p>Maaliskuun idus-p\u00e4iv\u00e4\u00e4 pidettiin p\u00e4iv\u00e4n\u00e4, jolloin Vestan tuli uudistettiin, usein sotaisin merkityksin. T\u00e4m\u00e4 p\u00e4\u00e4llekk\u00e4isyys Marsin kalenterin kanssa todistaa vanhasta yhteydest\u00e4 lieden tulen ja kaupungin kohtalon v\u00e4lill\u00e4.<\/p>\t\t\t\t\t\t\t\t<\/div>\n\t\t\t\t<\/div>\n\t\t<div class=\"elementor-element elementor-element-a1b6cbd e-con-full e-flex e-con e-child\" data-id=\"a1b6cbd\" data-element_type=\"container\" data-e-type=\"container\">\n\t\t\t\t<div class=\"elementor-element elementor-element-5ef5247 elementor-widget elementor-widget-heading\" data-id=\"5ef5247\" data-element_type=\"widget\" data-e-type=\"widget\" data-widget_type=\"heading.default\">\n\t\t\t\t\t<h2 class=\"elementor-heading-title elementor-size-default\">Symbolit, vala ja oikeus<\/h2>\t\t\t\t<\/div>\n\t\t\t\t<div class=\"elementor-element elementor-element-99f466d elementor-widget elementor-widget-text-editor\" data-id=\"99f466d\" data-element_type=\"widget\" data-e-type=\"widget\" data-widget_type=\"text-editor.default\">\n\t\t\t\t\t\t\t\t\t<p>Valan asioissa Vesta oli korkein auktoriteetti, erityisesti valtion sis\u00e4ist\u00e4 uskollisuutta koskevissa valoissa. Cicero vannoo puheissaan useasti \u00abper Vestam\u00bb, kaavan, jota pidettiin sitovampana kuin muita jumalanvetoomuksia.<\/p><p>Maanpetosoikeudenk\u00e4ynneiss\u00e4 Vesta-vala oli korkein valamuoto, mik\u00e4 osoittaa jumalattaren, valtion ja oikeuden tiiviin kytk\u00f6ksen. Sopimuksia tehtiin my\u00f6s Vestan temppelin edess\u00e4 tai viittaamalla symbolisesti ignis perpetuukseen.<\/p>\n<p>Vala oli taustalla my\u00f6s adoptio-oikeudessa, sill\u00e4 Vestan penaatit takasivat perheen suvun geneologisen suojan. Cicero ja Plinius mainitsevat, ett\u00e4 jokainen vasta naimisiin mennyt mies asetti pienen Vesta-maljan avioliiton atriumiin. T\u00e4t\u00e4 ylempien yhteiskuntaluokkien k\u00e4yt\u00e4nn\u00f6nl\u00e4heist\u00e4 hartautta todistavat lukuisat kotialttarit Vesta-kirjoituksin, erityisesti Pompeijissa ja Herculaneumissa.<\/p>\t\t\t\t\t\t\t\t<\/div>\n\t\t\t\t<\/div>\n\t\t<div class=\"elementor-element elementor-element-36f8cae e-con-full e-flex e-con e-child\" data-id=\"36f8cae\" data-element_type=\"container\" data-e-type=\"container\">\n\t\t\t\t<div class=\"elementor-element elementor-element-bcc6a03 elementor-widget elementor-widget-heading\" data-id=\"bcc6a03\" data-element_type=\"widget\" data-e-type=\"widget\" data-widget_type=\"heading.default\">\n\t\t\t\t\t<h2 class=\"elementor-heading-title elementor-size-default\">L\u00e4hteet ja lis\u00e4kirjallisuus<\/h2>\t\t\t\t<\/div>\n\t\t\t\t<div class=\"elementor-element elementor-element-1e556ca elementor-widget elementor-widget-text-editor\" data-id=\"1e556ca\" data-element_type=\"widget\" data-e-type=\"widget\" data-widget_type=\"text-editor.default\">\n\t\t\t\t\t\t\t\t\t<div data-nosnippet=\"true\"><p><span class=\"iwg-fachbegriff\" data-tooltip=\"Kreikkalaisen ja roomalaisen kulttuurin aikakausi, noin 800 eaa.\u2013600 jaa.\" tabindex=\"0\">Antiikin<\/span> l\u00e4hteet: Vergilius \u00abAeneis\u00bb, Ovidius \u00abFasti\u00bb, Livius \u00abAb urbe condita\u00bb, Cicero \u00abDe natura deorum\u00bb ja \u00abDe legibus\u00bb, Plutarkhos \u00abNuma\u00bb, Plinius \u00abNaturalis historia\u00bb, Augustinus \u00abDe civitate Dei\u00bb, Dionysios Halikarnassoslainen \u00abRooman muinaishistoria\u00bb.<\/p>\n<p>Tutkimuskirjallisuus: Robert Schilling, \u00abRites, cultes, dieux de Rome\u00bb, Paris 1979. Kurt Latte, \u00abR\u00f6mische Religionsgeschichte\u00bb, M\u00fcnchen 1960. Georges Dum\u00e9zil, \u00abLa religion romaine archa\u00efque\u00bb, Paris 1966. Mary Beard, \u00abThe Sexual Status of Vestal Virgins\u00bb, JRS 1980. Robin Lorsch Wildfang, \u00abRome&#8217;s Vestal Virgins\u00bb, London 2006. John Scheid, \u00abAn Introduction to Roman Religion\u00bb, Edinburgh 2003. J\u00f6rg R\u00fcpke, \u00abDie Religion der R\u00f6mer\u00bb, M\u00fcnchen 2001.<\/p><\/div>\t\t\t\t\t\t\t\t<\/div>\n\t\t\t\t<\/div>\n\t\t\t\t\t<\/div>\n\t\t\t\t<\/div>\n\t\t\t\t<\/div>\n\t\t","protected":false},"excerpt":{"rendered":"","protected":false},"author":3,"featured_media":3260,"parent":0,"menu_order":0,"comment_status":"closed","ping_status":"closed","template":"elementor_header_footer","meta":{"_yoast_wpseo_focuskw":"Vesta","_yoast_wpseo_title":"Vesta \u2013 Roomalainen kotilieden jumalatar | iWell Guard","_yoast_wpseo_metadesc":"Vesta on roomalainen kotilieden, kodin ja kaupungin jumalatar. Vestaalityt\u00f6t, ikuinen tuli forumilla, Vestalia-juhla. Myytti.","_yoast_wpseo_meta-robots-noindex":"","_yoast_wpseo_canonical":"","_angie_page":false,"gefaehrdungsstufe":"","wesen_kultur":"","wesen_klasse":"","footnotes":""},"categories":[],"class_list":["post-144309","page","type-page","status-publish","has-post-thumbnail","hentry"],"yoast_head":"<!-- This site is optimized with the Yoast SEO Premium plugin v27.7 (Yoast SEO v28.3) - https:\/\/yoast.com\/product\/yoast-seo-premium-wordpress\/ -->\n<title>Vesta \u2013 Roomalainen kotilieden jumalatar | iWell Guard<\/title>\n<meta name=\"description\" content=\"Vesta on roomalainen kotilieden, kodin ja kaupungin jumalatar. Vestaalityt\u00f6t, ikuinen tuli forumilla, Vestalia-juhla. Myytti.\" \/>\n<meta name=\"robots\" content=\"index, follow, max-snippet:-1, max-image-preview:large, max-video-preview:-1\" \/>\n<link rel=\"canonical\" href=\"https:\/\/iwell-guard.com\/fi\/vesta\/\" \/>\n<meta property=\"og:locale\" content=\"fi_FI\" \/>\n<meta property=\"og:type\" content=\"article\" \/>\n<meta property=\"og:title\" content=\"Vesta\" \/>\n<meta property=\"og:description\" content=\"Vesta on roomalainen kotilieden, kodin ja kaupungin jumalatar. Vestaalityt\u00f6t, ikuinen tuli forumilla, Vestalia-juhla. Myytti.\" \/>\n<meta property=\"og:url\" content=\"https:\/\/iwell-guard.com\/fi\/vesta\/\" \/>\n<meta property=\"og:site_name\" content=\"iWell Guard\" \/>\n<meta property=\"article:modified_time\" content=\"2026-09-03T12:55:53+00:00\" \/>\n<meta property=\"og:image\" content=\"https:\/\/iwell-guard.com\/wp-content\/uploads\/2026\/05\/goetter_rom_vesta.webp\" \/>\n\t<meta property=\"og:image:width\" content=\"1024\" \/>\n\t<meta property=\"og:image:height\" content=\"1536\" \/>\n\t<meta property=\"og:image:type\" content=\"image\/webp\" \/>\n<meta name=\"twitter:card\" content=\"summary_large_image\" \/>\n<script type=\"application\/ld+json\" class=\"yoast-schema-graph\">{\"@context\":\"https:\\\/\\\/schema.org\",\"@graph\":[{\"@type\":\"WebPage\",\"@id\":\"https:\\\/\\\/iwell-guard.com\\\/fi\\\/vesta\\\/\",\"url\":\"https:\\\/\\\/iwell-guard.com\\\/fi\\\/vesta\\\/\",\"name\":\"Vesta \u2013 Roomalainen kotilieden jumalatar | iWell Guard\",\"isPartOf\":{\"@id\":\"https:\\\/\\\/iwell-guard.com\\\/fi\\\/#website\"},\"primaryImageOfPage\":{\"@id\":\"https:\\\/\\\/iwell-guard.com\\\/fi\\\/vesta\\\/#primaryimage\"},\"image\":{\"@id\":\"https:\\\/\\\/iwell-guard.com\\\/fi\\\/vesta\\\/#primaryimage\"},\"thumbnailUrl\":\"https:\\\/\\\/iwell-guard.com\\\/wp-content\\\/uploads\\\/2026\\\/05\\\/goetter_rom_vesta.webp\",\"datePublished\":\"2026-09-03T12:34:08+00:00\",\"dateModified\":\"2026-09-03T12:55:53+00:00\",\"description\":\"Vesta on roomalainen kotilieden, kodin ja kaupungin jumalatar. Vestaalityt\u00f6t, ikuinen tuli forumilla, Vestalia-juhla. Myytti.\",\"breadcrumb\":{\"@id\":\"https:\\\/\\\/iwell-guard.com\\\/fi\\\/vesta\\\/#breadcrumb\"},\"inLanguage\":\"fi\",\"potentialAction\":[{\"@type\":\"ReadAction\",\"target\":[\"https:\\\/\\\/iwell-guard.com\\\/fi\\\/vesta\\\/\"]}]},{\"@type\":\"ImageObject\",\"inLanguage\":\"fi\",\"@id\":\"https:\\\/\\\/iwell-guard.com\\\/fi\\\/vesta\\\/#primaryimage\",\"url\":\"https:\\\/\\\/iwell-guard.com\\\/wp-content\\\/uploads\\\/2026\\\/05\\\/goetter_rom_vesta.webp\",\"contentUrl\":\"https:\\\/\\\/iwell-guard.com\\\/wp-content\\\/uploads\\\/2026\\\/05\\\/goetter_rom_vesta.webp\",\"width\":1024,\"height\":1536,\"caption\":\"Jumalia Rooman perinteest\u00e4.\"},{\"@type\":\"BreadcrumbList\",\"@id\":\"https:\\\/\\\/iwell-guard.com\\\/fi\\\/vesta\\\/#breadcrumb\",\"itemListElement\":[{\"@type\":\"ListItem\",\"position\":1,\"name\":\"Start\",\"item\":\"https:\\\/\\\/iwell-guard.com\\\/fi\\\/?page_id=143815\"},{\"@type\":\"ListItem\",\"position\":2,\"name\":\"Vesta\"}]},{\"@type\":\"WebSite\",\"@id\":\"https:\\\/\\\/iwell-guard.com\\\/fi\\\/#website\",\"url\":\"https:\\\/\\\/iwell-guard.com\\\/fi\\\/\",\"name\":\"iWell Guard\",\"description\":\"Schutz vor dunklen Einfl\u00fcssen\",\"publisher\":{\"@id\":\"https:\\\/\\\/iwell-guard.com\\\/fi\\\/#organization\"},\"potentialAction\":[{\"@type\":\"SearchAction\",\"target\":{\"@type\":\"EntryPoint\",\"urlTemplate\":\"https:\\\/\\\/iwell-guard.com\\\/fi\\\/?s={search_term_string}\"},\"query-input\":{\"@type\":\"PropertyValueSpecification\",\"valueRequired\":true,\"valueName\":\"search_term_string\"}}],\"inLanguage\":\"fi\"},{\"@type\":\"Organization\",\"@id\":\"https:\\\/\\\/iwell-guard.com\\\/fi\\\/#organization\",\"name\":\"Ittermann electronic GmbH\",\"url\":\"https:\\\/\\\/iwell-guard.com\\\/fi\\\/\",\"logo\":{\"@type\":\"ImageObject\",\"inLanguage\":\"fi\",\"@id\":\"https:\\\/\\\/iwell-guard.com\\\/fi\\\/#\\\/schema\\\/logo\\\/image\\\/\",\"url\":\"https:\\\/\\\/iwell-guard.com\\\/wp-content\\\/uploads\\\/2026\\\/05\\\/Ittermann-Logo-1182x237-1.png\",\"contentUrl\":\"https:\\\/\\\/iwell-guard.com\\\/wp-content\\\/uploads\\\/2026\\\/05\\\/Ittermann-Logo-1182x237-1.png\",\"width\":1182,\"height\":237,\"caption\":\"Ittermann electronic GmbH\"},\"image\":{\"@id\":\"https:\\\/\\\/iwell-guard.com\\\/fi\\\/#\\\/schema\\\/logo\\\/image\\\/\"},\"sameAs\":[\"https:\\\/\\\/pantip.com\\\/profile\\\/9367242\",\"https:\\\/\\\/micro.blog\\\/iwellguard\",\"https:\\\/\\\/www.diggerslist.com\\\/iwellguard\\\/about\",\"https:\\\/\\\/skitterphoto.com\\\/photographers\\\/2870314\\\/iwell-guard\",\"https:\\\/\\\/iwellguard.wordpress.com\\\/2026\\\/06\\\/06\\\/iwell-guard\\\/\",\"https:\\\/\\\/hub.docker.com\\\/u\\\/iwellguard\",\"https:\\\/\\\/www.pinterest.com\\\/iwellguard\\\/\",\"https:\\\/\\\/bit.ly\\\/m\\\/iwellguard\",\"https:\\\/\\\/entre-vos-mains.alsace.eu\\\/profiles\\\/iwellguard\\\/activity\",\"https:\\\/\\\/gravatar.com\\\/reallybeded8fd34\",\"https:\\\/\\\/naijamatta.com\\\/iwellguard\",\"https:\\\/\\\/www.goodreads.com\\\/iwellguard\",\"https:\\\/\\\/profile.hatena.ne.jp\\\/iwellguard\\\/\",\"https:\\\/\\\/experiment.com\\\/users\\\/iwellguard\",\"https:\\\/\\\/wakelet.com\\\/@iWellGuard82270\",\"https:\\\/\\\/www.chordie.com\\\/forum\\\/profile.php?id=2555664\",\"https:\\\/\\\/www.instapaper.com\\\/p\\\/17757966\",\"https:\\\/\\\/www.mapleprimes.com\\\/users\\\/iwellguard\",\"https:\\\/\\\/businesslistingplus.com\\\/profile\\\/iwell-guard\\\/\",\"https:\\\/\\\/telegra.ph\\\/iWell-Guard-06-06\",\"https:\\\/\\\/pbase.com\\\/iwellguard\\\/iwellguard\",\"https:\\\/\\\/b.hatena.ne.jp\\\/iwellguard\\\/20260607#bookmark-4788405196491818882\",\"https:\\\/\\\/fliphtml5.com\\\/home\\\/iwellguard\",\"https:\\\/\\\/anyflip.com\\\/homepage\\\/cmiwl#About\",\"https:\\\/\\\/transfur.com\\\/Users\\\/iwellguard\",\"http:\\\/\\\/delphi.larsbo.org\\\/user\\\/iwellguard\",\"https:\\\/\\\/jobs.lajobsportal.org\\\/profiles\\\/8380803-iwell-guard\",\"https:\\\/\\\/md.chaosdorf.de\\\/s\\\/jfbe5SBdJD\",\"https:\\\/\\\/www.lingvolive.com\\\/en-us\\\/profile\\\/9ecaeaca-ce11-4e51-9e71-01d55e2bff36\\\/translations\",\"https:\\\/\\\/www.fitday.com\\\/fitness\\\/forums\\\/members\\\/iwellguard.html\",\"https:\\\/\\\/www.mymeetbook.com\\\/iwellguard\",\"https:\\\/\\\/pxhere.com\\\/en\\\/photographer-me\\\/5040798\",\"https:\\\/\\\/disqus.com\\\/by\\\/iwellguard\\\/about\\\/\",\"https:\\\/\\\/pastelink.net\\\/hjwciqwq\",\"https:\\\/\\\/pubhtml5.com\\\/homepage\\\/scjhn\\\/\",\"https:\\\/\\\/www.bitchute.com\\\/channel\\\/2O2eOKzNqujT\",\"https:\\\/\\\/audiomack.com\\\/iwellguard\"]}]}<\/script>\n<!-- \/ Yoast SEO Premium plugin. -->","yoast_head_json":{"title":"Vesta \u2013 Roomalainen kotilieden jumalatar | iWell Guard","description":"Vesta on roomalainen kotilieden, kodin ja kaupungin jumalatar. Vestaalityt\u00f6t, ikuinen tuli forumilla, Vestalia-juhla. Myytti.","robots":{"index":"index","follow":"follow","max-snippet":"max-snippet:-1","max-image-preview":"max-image-preview:large","max-video-preview":"max-video-preview:-1"},"canonical":"https:\/\/iwell-guard.com\/fi\/vesta\/","og_locale":"fi_FI","og_type":"article","og_title":"Vesta","og_description":"Vesta on roomalainen kotilieden, kodin ja kaupungin jumalatar. Vestaalityt\u00f6t, ikuinen tuli forumilla, Vestalia-juhla. Myytti.","og_url":"https:\/\/iwell-guard.com\/fi\/vesta\/","og_site_name":"iWell Guard","article_modified_time":"2026-09-03T12:55:53+00:00","og_image":[{"width":1024,"height":1536,"url":"https:\/\/iwell-guard.com\/wp-content\/uploads\/2026\/05\/goetter_rom_vesta.webp","type":"image\/webp"}],"twitter_card":"summary_large_image","schema":{"@context":"https:\/\/schema.org","@graph":[{"@type":"WebPage","@id":"https:\/\/iwell-guard.com\/fi\/vesta\/","url":"https:\/\/iwell-guard.com\/fi\/vesta\/","name":"Vesta \u2013 Roomalainen kotilieden jumalatar | iWell Guard","isPartOf":{"@id":"https:\/\/iwell-guard.com\/fi\/#website"},"primaryImageOfPage":{"@id":"https:\/\/iwell-guard.com\/fi\/vesta\/#primaryimage"},"image":{"@id":"https:\/\/iwell-guard.com\/fi\/vesta\/#primaryimage"},"thumbnailUrl":"https:\/\/iwell-guard.com\/wp-content\/uploads\/2026\/05\/goetter_rom_vesta.webp","datePublished":"2026-09-03T12:34:08+00:00","dateModified":"2026-09-03T12:55:53+00:00","description":"Vesta on roomalainen kotilieden, kodin ja kaupungin jumalatar. Vestaalityt\u00f6t, ikuinen tuli forumilla, Vestalia-juhla. Myytti.","breadcrumb":{"@id":"https:\/\/iwell-guard.com\/fi\/vesta\/#breadcrumb"},"inLanguage":"fi","potentialAction":[{"@type":"ReadAction","target":["https:\/\/iwell-guard.com\/fi\/vesta\/"]}]},{"@type":"ImageObject","inLanguage":"fi","@id":"https:\/\/iwell-guard.com\/fi\/vesta\/#primaryimage","url":"https:\/\/iwell-guard.com\/wp-content\/uploads\/2026\/05\/goetter_rom_vesta.webp","contentUrl":"https:\/\/iwell-guard.com\/wp-content\/uploads\/2026\/05\/goetter_rom_vesta.webp","width":1024,"height":1536,"caption":"Jumalia Rooman perinteest\u00e4."},{"@type":"BreadcrumbList","@id":"https:\/\/iwell-guard.com\/fi\/vesta\/#breadcrumb","itemListElement":[{"@type":"ListItem","position":1,"name":"Start","item":"https:\/\/iwell-guard.com\/fi\/?page_id=143815"},{"@type":"ListItem","position":2,"name":"Vesta"}]},{"@type":"WebSite","@id":"https:\/\/iwell-guard.com\/fi\/#website","url":"https:\/\/iwell-guard.com\/fi\/","name":"iWell Guard","description":"Schutz vor dunklen Einfl\u00fcssen","publisher":{"@id":"https:\/\/iwell-guard.com\/fi\/#organization"},"potentialAction":[{"@type":"SearchAction","target":{"@type":"EntryPoint","urlTemplate":"https:\/\/iwell-guard.com\/fi\/?s={search_term_string}"},"query-input":{"@type":"PropertyValueSpecification","valueRequired":true,"valueName":"search_term_string"}}],"inLanguage":"fi"},{"@type":"Organization","@id":"https:\/\/iwell-guard.com\/fi\/#organization","name":"Ittermann electronic GmbH","url":"https:\/\/iwell-guard.com\/fi\/","logo":{"@type":"ImageObject","inLanguage":"fi","@id":"https:\/\/iwell-guard.com\/fi\/#\/schema\/logo\/image\/","url":"https:\/\/iwell-guard.com\/wp-content\/uploads\/2026\/05\/Ittermann-Logo-1182x237-1.png","contentUrl":"https:\/\/iwell-guard.com\/wp-content\/uploads\/2026\/05\/Ittermann-Logo-1182x237-1.png","width":1182,"height":237,"caption":"Ittermann electronic GmbH"},"image":{"@id":"https:\/\/iwell-guard.com\/fi\/#\/schema\/logo\/image\/"},"sameAs":["https:\/\/pantip.com\/profile\/9367242","https:\/\/micro.blog\/iwellguard","https:\/\/www.diggerslist.com\/iwellguard\/about","https:\/\/skitterphoto.com\/photographers\/2870314\/iwell-guard","https:\/\/iwellguard.wordpress.com\/2026\/06\/06\/iwell-guard\/","https:\/\/hub.docker.com\/u\/iwellguard","https:\/\/www.pinterest.com\/iwellguard\/","https:\/\/bit.ly\/m\/iwellguard","https:\/\/entre-vos-mains.alsace.eu\/profiles\/iwellguard\/activity","https:\/\/gravatar.com\/reallybeded8fd34","https:\/\/naijamatta.com\/iwellguard","https:\/\/www.goodreads.com\/iwellguard","https:\/\/profile.hatena.ne.jp\/iwellguard\/","https:\/\/experiment.com\/users\/iwellguard","https:\/\/wakelet.com\/@iWellGuard82270","https:\/\/www.chordie.com\/forum\/profile.php?id=2555664","https:\/\/www.instapaper.com\/p\/17757966","https:\/\/www.mapleprimes.com\/users\/iwellguard","https:\/\/businesslistingplus.com\/profile\/iwell-guard\/","https:\/\/telegra.ph\/iWell-Guard-06-06","https:\/\/pbase.com\/iwellguard\/iwellguard","https:\/\/b.hatena.ne.jp\/iwellguard\/20260607#bookmark-4788405196491818882","https:\/\/fliphtml5.com\/home\/iwellguard","https:\/\/anyflip.com\/homepage\/cmiwl#About","https:\/\/transfur.com\/Users\/iwellguard","http:\/\/delphi.larsbo.org\/user\/iwellguard","https:\/\/jobs.lajobsportal.org\/profiles\/8380803-iwell-guard","https:\/\/md.chaosdorf.de\/s\/jfbe5SBdJD","https:\/\/www.lingvolive.com\/en-us\/profile\/9ecaeaca-ce11-4e51-9e71-01d55e2bff36\/translations","https:\/\/www.fitday.com\/fitness\/forums\/members\/iwellguard.html","https:\/\/www.mymeetbook.com\/iwellguard","https:\/\/pxhere.com\/en\/photographer-me\/5040798","https:\/\/disqus.com\/by\/iwellguard\/about\/","https:\/\/pastelink.net\/hjwciqwq","https:\/\/pubhtml5.com\/homepage\/scjhn\/","https:\/\/www.bitchute.com\/channel\/2O2eOKzNqujT","https:\/\/audiomack.com\/iwellguard"]}]}},"_links":{"self":[{"href":"https:\/\/iwell-guard.com\/fi\/wp-json\/wp\/v2\/pages\/144309","targetHints":{"allow":["GET"]}}],"collection":[{"href":"https:\/\/iwell-guard.com\/fi\/wp-json\/wp\/v2\/pages"}],"about":[{"href":"https:\/\/iwell-guard.com\/fi\/wp-json\/wp\/v2\/types\/page"}],"author":[{"embeddable":true,"href":"https:\/\/iwell-guard.com\/fi\/wp-json\/wp\/v2\/users\/3"}],"replies":[{"embeddable":true,"href":"https:\/\/iwell-guard.com\/fi\/wp-json\/wp\/v2\/comments?post=144309"}],"version-history":[{"count":0,"href":"https:\/\/iwell-guard.com\/fi\/wp-json\/wp\/v2\/pages\/144309\/revisions"}],"wp:featuredmedia":[{"embeddable":true,"href":"https:\/\/iwell-guard.com\/fi\/wp-json\/wp\/v2\/media\/3260"}],"wp:attachment":[{"href":"https:\/\/iwell-guard.com\/fi\/wp-json\/wp\/v2\/media?parent=144309"}],"wp:term":[{"taxonomy":"category","embeddable":true,"href":"https:\/\/iwell-guard.com\/fi\/wp-json\/wp\/v2\/categories?post=144309"}],"curies":[{"name":"wp","href":"https:\/\/api.w.org\/{rel}","templated":true}]}}