{"id":144263,"date":"2026-09-03T12:33:40","date_gmt":"2026-09-03T12:33:40","guid":{"rendered":"https:\/\/iwell-guard.com\/?page_id=144263"},"modified":"2026-09-03T12:54:42","modified_gmt":"2026-09-03T12:54:42","slug":"ceres-roomalainen-viljan-ja-maanviljelyksen-jumalatar","status":"publish","type":"page","link":"https:\/\/iwell-guard.com\/fi\/ceres-roomalainen-viljan-ja-maanviljelyksen-jumalatar\/","title":{"rendered":"Ceres \u2013 Roomalainen viljan ja maanviljelyksen jumalatar"},"content":{"rendered":"\t\t<div data-elementor-type=\"wp-page\" data-elementor-id=\"144263\" class=\"elementor elementor-144263 elementor-2914 elementor-bc-flex-widget\" data-elementor-post-type=\"page\">\n\t\t\t\t<div class=\"elementor-element elementor-element-hero4a1e70c e-flex e-con-boxed e-con e-parent\" data-id=\"hero4a1e70c\" data-element_type=\"container\" data-e-type=\"container\">\n\t\t\t\t\t<div class=\"e-con-inner\">\n\t\t\t\t<div class=\"elementor-element elementor-element-heroimg61869a4 iwg-hero-image elementor-widget elementor-widget-image\" data-id=\"heroimg61869a4\" data-element_type=\"widget\" data-e-type=\"widget\" data-widget_type=\"image.default\">\n\t\t\t\t\t\t\t\t\t\t\t\t\t\t\t<img fetchpriority=\"high\" decoding=\"async\" width=\"683\" height=\"1024\" src=\"https:\/\/iwell-guard.com\/wp-content\/uploads\/2026\/05\/goetter_rom_ceres-683x1024.webp\" class=\"attachment-large size-large wp-image-148634\" alt=\"Ceres - Rooman perinteen jumalia, historiallis-havainnollistava kuva\" srcset=\"https:\/\/iwell-guard.com\/wp-content\/uploads\/2026\/05\/goetter_rom_ceres-683x1024.webp 683w, https:\/\/iwell-guard.com\/wp-content\/uploads\/2026\/05\/goetter_rom_ceres-200x300.webp 200w, https:\/\/iwell-guard.com\/wp-content\/uploads\/2026\/05\/goetter_rom_ceres-768x1152.webp 768w, https:\/\/iwell-guard.com\/wp-content\/uploads\/2026\/05\/goetter_rom_ceres.webp 1024w\" sizes=\"(max-width: 683px) 100vw, 683px\" \/>\t\t\t\t\t\t\t\t\t\t\t\t\t\t\t<\/div>\n\t\t\t\t\t<\/div>\n\t\t\t\t<\/div>\n\t\t<div class=\"elementor-element elementor-element-iwgw-ceres-hero e-flex e-con-boxed e-con e-parent\" data-id=\"iwgw-ceres-hero\" data-element_type=\"container\" data-e-type=\"container\">\n\t\t\t\t\t<div class=\"e-con-inner\">\n\t\t\t\t<div class=\"elementor-element elementor-element-iwgw-ceres-h1 elementor-widget elementor-widget-heading\" data-id=\"iwgw-ceres-h1\" data-element_type=\"widget\" data-e-type=\"widget\" data-widget_type=\"heading.default\">\n\t\t\t\t\t<h1 class=\"elementor-heading-title elementor-size-default\">Ceres \u2013 viljan, maanviljelyksen ja plebeijien jumalatar<\/h1>\t\t\t\t<\/div>\n\t\t\t\t<div class=\"elementor-element elementor-element-iwgw-ceres-pills elementor-widget elementor-widget-html\" data-id=\"iwgw-ceres-pills\" data-element_type=\"widget\" data-e-type=\"widget\" data-widget_type=\"html.default\">\n\t\t\t\t\t<div class=\"iwg-pill-row\"><span class=\"iwg-klasse-badge\" tabindex=\"0\" data-tooltip=\"Rooman perinteen jumalatar.\">Jumalatar<\/span><a href=\"https:\/\/iwell-guard.com\/fi\/rooma\/\" class=\"iwg-kultur-badge\" tabindex=\"0\" data-tooltip=\"Rooman perinteen mytologia.\">Rooma<\/a><span class=\"iwg-tradition-badge\" tabindex=\"0\" data-tooltip=\"Hedelm\u00e4llisyyden jumaluus.\">Hedelm\u00e4llisyyden jumaluus<\/span><\/div>\t\t\t\t<\/div>\n\t\t\t\t<div class=\"elementor-element elementor-element-iwgw-ceres-lead elementor-widget elementor-widget-text-editor\" data-id=\"iwgw-ceres-lead\" data-element_type=\"widget\" data-e-type=\"widget\" data-widget_type=\"text-editor.default\">\n\t\t\t\t\t\t\t\t\t<p>Ceres oli roomalaisille viljan, maanviljelyksen ja kasvun jumalatar. H\u00e4nen <span class=\"iwg-fachbegriff\" data-tooltip=\"Kaikki jumaluudelle tai pyh\u00e4lle hahmolle osoitetut uskonnolliset kunnioituksen toimet.\" tabindex=\"0\">kulttinsa<\/span> liittyi l\u00e4heisesti kaupungin ruokahuoltoon ja plebeijien poliittiseen asemaan.<\/p>\t\t\t\t\t\t\t\t<\/div>\n\t\t\t\t\t<\/div>\n\t\t\t\t<\/div>\n\t\t<div class=\"elementor-element elementor-element-iwgw-ceres-s0 e-flex e-con-boxed e-con e-parent\" data-id=\"iwgw-ceres-s0\" data-element_type=\"container\" data-e-type=\"container\">\n\t\t\t\t\t<div class=\"e-con-inner\">\n\t\t\t\t<div class=\"elementor-element elementor-element-iwgw-ceres-s0h elementor-widget elementor-widget-heading\" data-id=\"iwgw-ceres-s0h\" data-element_type=\"widget\" data-e-type=\"widget\" data-widget_type=\"heading.default\">\n\t\t\t\t\t<h2 class=\"elementor-heading-title elementor-size-default\">Yleiskatsaus<\/h2>\t\t\t\t<\/div>\n\t\t\t\t<div class=\"elementor-element elementor-element-iwgw-ceres-s0t elementor-widget elementor-widget-text-editor\" data-id=\"iwgw-ceres-s0t\" data-element_type=\"widget\" data-e-type=\"widget\" data-widget_type=\"text-editor.default\">\n\t\t\t\t\t\t\t\t\t<p>Ceres kuuluu roomalaisen uskonnon vanhimpiin ja t\u00e4rkeimpiin jumaluuksiin. H\u00e4n oli viljan, maanviljelyksen ja yleisesti peltokasvien kasvun jumalatar. N\u00e4in h\u00e4nen vastuualueensa kosketti roomalaisen el\u00e4m\u00e4n perustaa, sill\u00e4 kaupungin viljahuolto oli valtion ja yhteiskunnan jatkuva huolenaihe.<\/p><p>Uskontohistoriallisesti Ceres on merkitt\u00e4v\u00e4 useasta syyst\u00e4. H\u00e4n oli vanharomainen, oletettavasti jo italialaisessa varhaisajassa palvottu <span class=\"iwg-fachbegriff\" data-tooltip=\"Uskonnon sis\u00e4ll\u00e4 jumalallisena palvottu olento.\" tabindex=\"0\">jumaluus<\/span>, jonka nimi juontuu kasvamisen k\u00e4sitteest\u00e4.<\/p><p>Samalla h\u00e4neen vaikutti varhain kreikkalainen vaikutus, ja h\u00e4net rinnastettiin laajalti kreikkalaiseen Demeteriin. H\u00e4nen <span class=\"iwg-fachbegriff\" data-tooltip=\"Kaikki jumaluudelle tai pyh\u00e4lle hahmolle osoitetut uskonnolliset kunnioituksen toimet.\" tabindex=\"0\">kulttinsa<\/span> Aventinuksella yhdisti h\u00e4net my\u00f6s l\u00e4heisesti plebeijeihin, roomalaisen kansalaiskunnan ei-aatelisiin, ja antoi h\u00e4nelle selv\u00e4sti poliittisen ulottuvuuden.<\/p><p>Ceres on siten esimerkillinen ilmentym\u00e4 <a href=\"https:\/\/iwell-guard.com\/fi\/rooma\/\">roomalaisen<\/a> uskonnon monikerroksisuudesta. H\u00e4ness\u00e4 yhdistyv\u00e4t ikivanha maanviljelyskultti, kreikkalaisten k\u00e4sitysten ja myyttien omaksuminen sek\u00e4 konkreettinen yhteiskunnallinen ja poliittinen teht\u00e4v\u00e4 kaupungin sis\u00e4ll\u00e4. H\u00e4n oli samalla pellon jumalatar ja jumalatar, jolla oli vakiintunut asema roomalaisen yhteiskunnan rakenteessa.<\/p><p>Cereksen valtiollinen merkitys n\u00e4kyy p\u00e4\u00e4kaupungin viljahuollossa, joka v\u00e4est\u00f6n kasvaessa muodostui jatkuvaksi poliittiseksi teht\u00e4v\u00e4ksi.<\/p><p>Plebeijiedileill\u00e4, jotka olivat sidoksissa aventinolaiseen <span class=\"iwg-fachbegriff\" data-tooltip=\"Jumaluuden palvonnalle omistettu pyh\u00e4 paikka.\" tabindex=\"0\">pyh\u00e4kk\u00f6\u00f6n<\/span>, oli muun muassa viljamarkkinoiden valvonta. N\u00e4in Ceres edusti sek\u00e4 viljan kasvua pellolla ett\u00e4 sen j\u00e4rjest\u00e4ytynytt\u00e4 jakelua kaupungissa.<\/p>\t\t\t\t\t\t\t\t<\/div>\n\t\t\t\t\t<\/div>\n\t\t\t\t<\/div>\n\t\t<div class=\"elementor-element elementor-element-iwgw-ceres-s1 e-flex e-con-boxed e-con e-parent\" data-id=\"iwgw-ceres-s1\" data-element_type=\"container\" data-e-type=\"container\">\n\t\t\t\t\t<div class=\"e-con-inner\">\n\t\t\t\t<div class=\"elementor-element elementor-element-iwgw-ceres-s1h elementor-widget elementor-widget-heading\" data-id=\"iwgw-ceres-s1h\" data-element_type=\"widget\" data-e-type=\"widget\" data-widget_type=\"heading.default\">\n\t\t\t\t\t<h2 class=\"elementor-heading-title elementor-size-default\">Nimi ja etymologia<\/h2>\t\t\t\t<\/div>\n\t\t\t\t<div class=\"elementor-element elementor-element-iwgw-ceres-s1t elementor-widget elementor-widget-text-editor\" data-id=\"iwgw-ceres-s1t\" data-element_type=\"widget\" data-e-type=\"widget\" data-widget_type=\"text-editor.default\">\n\t\t\t\t\t\t\t\t\t<p>Nimi <em>Ceres<\/em> johdetaan kielellisesti indoeurooppalaisesta juuresta, joka tarkoittaa kasvamista, tuottamista ja ravitsemista. Sama juuri esiintyy latinan sanoissa <em>crescere<\/em>, kasvaa, ja <em>creare<\/em>, luoda tai tuottaa. Nimi merkitsee siis suoraan Ceresta voimana, joka saa kasvit ja erityisesti viljan kasvamaan.<\/p><p>T\u00e4m\u00e4 l\u00e4pin\u00e4kyv\u00e4 etymologia on uskontohistoriallisesti valaiseva. Se osoittaa, ett\u00e4 Ceres oli olemukseltaan funktiojumaluus, jonka nimi kuvasi h\u00e4nen teht\u00e4v\u00e4\u00e4ns\u00e4. T\u00e4llaiset kuvaavat jumalten nimet ovat yleisi\u00e4 vanharomaisessa uskonnossa ja viittaavat siihen, ett\u00e4 monet jumaluudet olivat alun perin tiukasti sidoksissa tiettyyn vaikutusalueeseen.<\/p><p>Nimest\u00e4 <em>Ceres<\/em> johdettu adjektiivi esiintyy juhlan nimess\u00e4 <em>Cerialia<\/em>, samoin sana <em>cerealis<\/em>, josta juontuvat nyky\u00e4\u00e4nkin viljatuotteiden nimitykset.<\/p><p>T\u00e4m\u00e4 kielellinen j\u00e4lkiel\u00e4m\u00e4 osoittaa, kuinka lujasti Ceres pysyi yhteydess\u00e4 viljan k\u00e4sitteeseen. Vaikka jumalatarta rikastettiin ajan mittaan kreikkalaisilla myyteill\u00e4, h\u00e4nen ytimens\u00e4 pysyi viljan ja peltokasvien alueella.<\/p>\t\t\t\t\t\t\t\t<\/div>\n\t\t\t\t\t<\/div>\n\t\t\t\t<\/div>\n\t\t<div class=\"elementor-element elementor-element-iwgw-ceres-s2 e-flex e-con-boxed e-con e-parent\" data-id=\"iwgw-ceres-s2\" data-element_type=\"container\" data-e-type=\"container\">\n\t\t\t\t\t<div class=\"e-con-inner\">\n\t\t\t\t<div class=\"elementor-element elementor-element-iwgw-ceres-s2h elementor-widget elementor-widget-heading\" data-id=\"iwgw-ceres-s2h\" data-element_type=\"widget\" data-e-type=\"widget\" data-widget_type=\"heading.default\">\n\t\t\t\t\t<h2 class=\"elementor-heading-title elementor-size-default\">Kuvaus ja ikonografia<\/h2>\t\t\t\t<\/div>\n\t\t\t\t<div class=\"elementor-element elementor-element-iwgw-ceres-s2t elementor-widget elementor-widget-text-editor\" data-id=\"iwgw-ceres-s2t\" data-element_type=\"widget\" data-e-type=\"widget\" data-widget_type=\"text-editor.default\">\n\t\t\t\t\t\t\t\t\t<p>Kuvallisessa <span class=\"iwg-fachbegriff\" data-tooltip=\"Tiedon ja kertomusten v\u00e4littyminen sukupolvien yli.\" tabindex=\"0\">perinteess\u00e4<\/span> Ceres esiintyy arvokkaana, kyps\u00e4ksi kuvattuna naisena, usein istuen tai seisten, pitk\u00e4ss\u00e4 puvussa. H\u00e4nen t\u00e4rkein tunnuksensa on viljant\u00e4hk\u00e4t, joita h\u00e4n pit\u00e4\u00e4 k\u00e4dess\u00e4\u00e4n tai jotka koristavat h\u00e4nen p\u00e4\u00e4t\u00e4\u00e4n seppeleen\u00e4. Lis\u00e4ksi esiintyy unikonkota, sarvenmuotoinen runsaudensarvi, hedelm\u00e4kori ja toisinaan soihtu.<\/p><p>Soihtu viittaa kreikkalaisesta Demeter-perinteest\u00e4 omaksuttuun myyttiin, jossa jumalatar etsii soihtujen avulla ry\u00f6stetty\u00e4 tyt\u00e4rt\u00e4\u00e4n.<\/p><p>Runsaudensarvi ja hedelm\u00e4kori edustavat runsautta ja satoa, unikko peltoja, joilla vilja ja unikko kasvoivat rinnakkain. Toisinaan Cerest\u00e4 seuraa k\u00e4\u00e4rmeiden vet\u00e4m\u00e4 vaunu, mik\u00e4 on my\u00f6s kreikkalaisesta perinteest\u00e4 omaksuttu <span class=\"iwg-fachbegriff\" data-tooltip=\"Taiteessa tai kerronnassa toistuva sis\u00e4ll\u00f6llinen elementti.\" tabindex=\"0\">aihe<\/span>.<\/p><p>Ikonografia korostaa l\u00e4pi linjan kypsyytt\u00e4, runsautta ja \u00e4idillist\u00e4 arvokkuutta. Ceres ei ole nuorekas, vaan aikuinen, antava hahmo. T\u00e4m\u00e4 kuvasto vastasi h\u00e4nen teht\u00e4v\u00e4\u00e4ns\u00e4 ravinnon perustan jumalattarena.<\/p><p>Tasavallan ja keisariaikaisilla rahoilla h\u00e4n esiintyy usein, monesti valtiollisen viljahuollon yhteydess\u00e4, mik\u00e4 osoittaa, kuinka l\u00e4heisesti h\u00e4nen kuvansa liittyi huolenpidon ja hyvinvoinnin ajatukseen.<\/p>\t\t\t\t\t\t\t\t<\/div>\n\t\t\t\t\t<\/div>\n\t\t\t\t<\/div>\n\t\t<div class=\"elementor-element elementor-element-iwgw-ceres-s3 e-flex e-con-boxed e-con e-parent\" data-id=\"iwgw-ceres-s3\" data-element_type=\"container\" data-e-type=\"container\">\n\t\t\t\t\t<div class=\"e-con-inner\">\n\t\t\t\t<div class=\"elementor-element elementor-element-iwgw-ceres-s3h elementor-widget elementor-widget-heading\" data-id=\"iwgw-ceres-s3h\" data-element_type=\"widget\" data-e-type=\"widget\" data-widget_type=\"heading.default\">\n\t\t\t\t\t<h2 class=\"elementor-heading-title elementor-size-default\">Mytologiset kertomukset ja perim\u00e4tieto<\/h2>\t\t\t\t<\/div>\n\t\t\t\t<div class=\"elementor-element elementor-element-iwgw-ceres-s3t elementor-widget elementor-widget-text-editor\" data-id=\"iwgw-ceres-s3t\" data-element_type=\"widget\" data-e-type=\"widget\" data-widget_type=\"text-editor.default\">\n\t\t\t\t\t\t\t\t\t<p>Ceresin tunnetuin <span class=\"iwg-fachbegriff\" data-tooltip=\"Perinteinen kertomus jumalista, alkuper\u00e4st\u00e4 ja maailman j\u00e4rjestyksest\u00e4.\" tabindex=\"0\">myytti<\/span> on kertomus h\u00e4nen tytt\u00e4rens\u00e4 Proserpinan ry\u00f6st\u00e4misest\u00e4. Se on s\u00e4ilynyt roomalaisessa kirjallisuudessa ennen kaikkea Ovidiuksen v\u00e4lityksell\u00e4, joka kertoo tarinan sek\u00e4 teoksessa <em>Metamorphoses<\/em> ett\u00e4 teoksessa <em>Fasti<\/em>, sek\u00e4 Claudianuksen my\u00f6hemm\u00e4n eepoksen kautta.<\/p><p><span class=\"iwg-fachbegriff\" data-tooltip=\"Perinteinen kertomus jumalista, alkuper\u00e4st\u00e4 ja maailman j\u00e4rjestyksest\u00e4.\" tabindex=\"0\">Myytti<\/span> on suurelta osin omaksuttu kreikkalaisesta Demeter-Persefone-tarinasta, mutta se on sovitettu roomalaiseen kieleen ja roomalaiseen asiayhteyteen.<\/p><p>Kertomuksen mukaan alisen maailman jumala ry\u00f6st\u00e4\u00e4 Proserpinan. Ceres etsii h\u00e4nt\u00e4 ep\u00e4toivoisesti soihtujen valossa ja laiminly\u00f6 sen t\u00e4hden teht\u00e4v\u00e4ns\u00e4, jolloin maa k\u00e4y hedelm\u00e4tt\u00f6m\u00e4ksi ja n\u00e4l\u00e4nh\u00e4d\u00e4n uhka kasvaa.<\/p><p>Lopulta solmitaan sopimus, jonka mukaan Proserpina viett\u00e4\u00e4 osan vuodesta alisessa maailmassa ja osan \u00e4itins\u00e4 luona. N\u00e4in selitet\u00e4\u00e4n myyttisesti vuodenaikojen vaihtelu, erityisesti kasvavan ja lep\u00e4\u00e4v\u00e4n kasvillisuuden vuorottelu.<\/p><p>Roomalainen perinne tuntee lis\u00e4ksi kertomuksia, jotka yhdist\u00e4v\u00e4t Ceresin itse Rooman kaupunkiin. H\u00e4nen <span class=\"iwg-fachbegriff\" data-tooltip=\"Rakennus, joka on tarkoitettu yhden tai useamman jumaluuden palvontaan.\" tabindex=\"0\">temppelins\u00e4<\/span> Aventinus-kukkulalla kerrotaan perustetun tasavallan alkuaikoina, ja siihen liittyi muisto kultin yhteiskunnallisesta merkityksest\u00e4.<\/p><p>Ceresiin liittyv\u00e4 myyttinen <span class=\"iwg-fachbegriff\" data-tooltip=\"Tiedon ja kertomusten v\u00e4littyminen sukupolvelta toiselle.\" tabindex=\"0\">perim\u00e4tieto<\/span> on siis kaksijakoista: siihen kuuluu suuri kreikkalaisvaikutteinen \u00e4idin ja tytt\u00e4ren myyttikokonaisuus sek\u00e4 erityisesti roomalainen yhteys jumalattaren, plebeijien historian ja viljanhuollon v\u00e4lill\u00e4.<\/p><p>Roomalaisessa perinteess\u00e4 tunnettiin lis\u00e4ksi oma kertomus Ceres-kultin k\u00e4ytt\u00f6\u00f6notosta yhteydess\u00e4 varhaisen tasavallan ajan vaikeaan n\u00e4l\u00e4nh\u00e4t\u00e4\u00e4n.<\/p><p>Sibyllan kirjojen ennustuksen mukaan Aventinuksen <span class=\"iwg-fachbegriff\" data-tooltip=\"Rakennus, joka on tarkoitettu yhden tai useamman jumaluuden palvontaan.\" tabindex=\"0\">temppeli<\/span> perustettiin sovittamaan jumalatar ja turvaamaan viljanhuolto. T\u00e4m\u00e4 <span class=\"iwg-fachbegriff\" data-tooltip=\"Tiedon ja kertomusten v\u00e4littyminen sukupolvelta toiselle.\" tabindex=\"0\">perim\u00e4tieto<\/span> yhdisti Ceresin suoraan jokap\u00e4iv\u00e4isen leiv\u00e4n huoleen ja kriisien hallintaan.<\/p>\t\t\t\t\t\t\t\t<\/div>\n\t\t\t\t\t<\/div>\n\t\t\t\t<\/div>\n\t\t<div class=\"elementor-element elementor-element-iwgw-ceres-s4 e-flex e-con-boxed e-con e-parent\" data-id=\"iwgw-ceres-s4\" data-element_type=\"container\" data-e-type=\"container\">\n\t\t\t\t\t<div class=\"e-con-inner\">\n\t\t\t\t<div class=\"elementor-element elementor-element-iwgw-ceres-s4h elementor-widget elementor-widget-heading\" data-id=\"iwgw-ceres-s4h\" data-element_type=\"widget\" data-e-type=\"widget\" data-widget_type=\"heading.default\">\n\t\t\t\t\t<h2 class=\"elementor-heading-title elementor-size-default\">Kultti ja palvonta<\/h2>\t\t\t\t<\/div>\n\t\t\t\t<div class=\"elementor-element elementor-element-iwgw-ceres-s4t elementor-widget elementor-widget-text-editor\" data-id=\"iwgw-ceres-s4t\" data-element_type=\"widget\" data-e-type=\"widget\" data-widget_type=\"text-editor.default\">\n\t\t\t\t\t\t\t\t\t<p>Cereksen <span class=\"iwg-fachbegriff\" data-tooltip=\"Jumaluuden tai pyh\u00e4n hahmon palvontaan liittyvien uskonnollisten toimien kokonaisuus.\" tabindex=\"0\">kultilla<\/span> oli Roomassa useita kerrostumia. Vanha, maaseudulla harjoitettu palvonta piti h\u00e4nt\u00e4 kylv\u00f6n ja sadon suojelijana.<\/p><p>Peltot\u00f6iden, kylv\u00f6n ja viljan korjuun yhteydess\u00e4 Cerekselle annetut <span class=\"iwg-fachbegriff\" data-tooltip=\"Jumaluudelle annettava lahja, jolla ilmaistaan kiitosta, pyynt\u00f6\u00e4 tai kunnioitusta.\" tabindex=\"0\">uhrit<\/span> kuuluivat itsest\u00e4\u00e4n selviin toimiin. H\u00e4nell\u00e4 oli merkityst\u00e4 my\u00f6s kotitalouden ja perheen yhteydess\u00e4, esimerkiksi kuolemaan ja puhtauteen liittyviss\u00e4 riiteiss\u00e4.<\/p><p>T\u00e4rkein kaupungin <span class=\"iwg-fachbegriff\" data-tooltip=\"Jumaluuden palvontaan omistettu pyh\u00e4 paikka.\" tabindex=\"0\">pyh\u00e4kk\u00f6<\/span> oli Ceresin, Liberin ja Liberan <span class=\"iwg-fachbegriff\" data-tooltip=\"Rakennus, joka on omistettu yhden tai useamman jumaluuden palvontaan.\" tabindex=\"0\">temppeli<\/span> Aventinus-kukkulalla. T\u00e4m\u00e4 kolmikko rinnastettiin kreikkalaiseen Demeterin, Dionysoksen ja Persefonen triadiin. Aventinuksen <span class=\"iwg-fachbegriff\" data-tooltip=\"Rakennus, joka on omistettu yhden tai useamman jumaluuden palvontaan.\" tabindex=\"0\">temppeli<\/span> oli l\u00e4heisesti sidoksissa plebeijeihin.<\/p><p>Sinne s\u00e4ilytettiin plebeijien p\u00e4\u00e4t\u00f6ksi\u00e4, ja plebeijivirkamiehill\u00e4, edileill\u00e4, oli erityinen suhde t\u00e4h\u00e4n <span class=\"iwg-fachbegriff\" data-tooltip=\"Jumaluuden tai pyh\u00e4n hahmon palvontaan liittyvien uskonnollisten toimien kokonaisuus.\" tabindex=\"0\">kulttiin<\/span>. Cereksen kultti oli siten aatelittoman kansalaisyhteis\u00f6n uskonnollinen kiintopiste.<\/p><p>Keskeinen juhla olivat huhtikuun <em>Cerialia<\/em>-juhlat, joihin liittyi kilpailuja Circuksessa. Perim\u00e4tieto kertoo omalaatuisesta <span class=\"iwg-fachbegriff\" data-tooltip=\"Yhteis\u00f6ss\u00e4 perinteisesti ja s\u00e4\u00e4nn\u00f6llisesti toistettu toimintatapa.\" tabindex=\"0\">tavasta<\/span>, jossa ketut ajettiin palavien soihtujen kanssa Circuksen l\u00e4pi, jonka tarkkaa merkityst\u00e4 ei en\u00e4\u00e4 <span class=\"iwg-fachbegriff\" data-tooltip=\"Kreikkalais-roomalaisen kulttuurin aikakausi, noin 800 eaa.\u2013600 jaa.\" tabindex=\"0\">antiikin aikanakaan<\/span> osattu varmasti selitt\u00e4\u00e4.<\/p><p>N\u00e4iden lis\u00e4ksi vietettiin kreikkalaisvaikutteista naisten juhlaa Cereksen kunniaksi, jota naiset viettiv\u00e4t useiden p\u00e4ivien pid\u00e4ttyv\u00e4isyydell\u00e4. Cereksen kultti yhdisti n\u00e4in maaseudun maanviljelysuskonnollisuuden, kaupungin politiikan ja omaksutut kreikkalaiset juhlamuodot.<\/p><p>Ceresin, Liberin ja Liberan <span class=\"iwg-fachbegriff\" data-tooltip=\"Rakennus, joka on omistettu yhden tai useamman jumaluuden palvontaan.\" tabindex=\"0\">temppeli<\/span> Aventinuksella <span class=\"iwg-fachbegriff\" data-tooltip=\"Perinteess\u00e4 sukupolvelta toiselle v\u00e4littynyt tieto ja kertomukset.\" tabindex=\"0\">perim\u00e4tiedon<\/span> mukaan <span class=\"iwg-fachbegriff\" data-tooltip=\"Uskonnollisella toimituksella pyh\u00e4lle luovutettu ja siten arjesta erotettu.\" tabindex=\"0\">vihittiin<\/span> k\u00e4ytt\u00f6\u00f6n vuonna 493 ennen ajanlaskumme alkua, ja sit\u00e4 pidet\u00e4\u00e4n yhten\u00e4 Rooman vanhimmista voimakkaasti kreikkalaisvaikutteisista <span class=\"iwg-fachbegriff\" data-tooltip=\"Rakennus, joka on omistettu yhden tai useamman jumaluuden palvontaan.\" tabindex=\"0\">temppeleist\u00e4<\/span>.<\/p><p>Se oli koristeltu runsain kreikkalaisten taiteilijoiden teoksin, ja sen sijainti vanhan kaupunkikeskuksen ulkopuolella, plebeijiv\u00e4est\u00f6n alueella, vahvisti sen yhteiskunnallista asemaa.<\/p><p>Sinne talletettiin plebeijien p\u00e4\u00e4t\u00f6ksi\u00e4, ja <span class=\"iwg-fachbegriff\" data-tooltip=\"Jumaluuden palvontaan omistettu pyh\u00e4 paikka.\" tabindex=\"0\">pyh\u00e4kk\u00f6<\/span> toimi edilien arkistona.<\/p><p>Cerialia-juhlat kestiv\u00e4t useita p\u00e4ivi\u00e4 huhtikuussa ja p\u00e4\u00e4ttyiv\u00e4t kilpailuihin Circuksessa. Ovidius kuvaa Fasti-teoksessaan omalaatuisen <span class=\"iwg-fachbegriff\" data-tooltip=\"Yhteis\u00f6ss\u00e4 perinteisesti ja s\u00e4\u00e4nn\u00f6llisesti toistettu toimintatapa.\" tabindex=\"0\">tavan<\/span>, jossa palavia soihtuja sidottiin kettujen h\u00e4ntiin ja el\u00e4imet ajettiin kilparadan l\u00e4pi, ja toteaa samalla, ett\u00e4 jo h\u00e4nen aikanaan kukaan ei varmuudella tiennyt tavan alkuper\u00e4ist\u00e4 merkityst\u00e4.<\/p><p>Cerialia-juhlien lis\u00e4ksi vietettiin kreikkalaisesta Demeter-juhlasta johdettua naisten juhlaa, jota naimisissa olevat naiset viettiv\u00e4t keskikes\u00e4ll\u00e4 useiden p\u00e4ivien pid\u00e4ttyv\u00e4isyydell\u00e4 ja jossa miehill\u00e4 ei ollut osaa.<\/p>\t\t\t\t\t\t\t\t<\/div>\n\t\t\t\t\t<\/div>\n\t\t\t\t<\/div>\n\t\t<div class=\"elementor-element elementor-element-iwgw-ceres-s5 e-flex e-con-boxed e-con e-parent\" data-id=\"iwgw-ceres-s5\" data-element_type=\"container\" data-e-type=\"container\">\n\t\t\t\t\t<div class=\"e-con-inner\">\n\t\t\t\t<div class=\"elementor-element elementor-element-iwgw-ceres-s5h elementor-widget elementor-widget-heading\" data-id=\"iwgw-ceres-s5h\" data-element_type=\"widget\" data-e-type=\"widget\" data-widget_type=\"heading.default\">\n\t\t\t\t\t<h2 class=\"elementor-heading-title elementor-size-default\">Suojeluk\u00e4yt\u00e4nt\u00f6 ja apotropaiset piirteet<\/h2>\t\t\t\t<\/div>\n\t\t\t\t<div class=\"elementor-element elementor-element-iwgw-ceres-s5t elementor-widget elementor-widget-text-editor\" data-id=\"iwgw-ceres-s5t\" data-element_type=\"widget\" data-e-type=\"widget\" data-widget_type=\"text-editor.default\">\n\t\t\t\t\t\t\t\t\t<p>Ceres oli ensisijaisesti edist\u00e4v\u00e4 ja ravitseva <span class=\"iwg-fachbegriff\" data-tooltip=\"Uskonnon sis\u00e4ll\u00e4 jumalallisena palvottu olento.\" tabindex=\"0\">jumaluus<\/span>, ei torjuva. H\u00e4nelle osoitettu palvonta pyrki ennen kaikkea turvaamaan viljakasvien kasvun ja menestymisen ja siten takaamaan yhteis\u00f6n ravinnonsaannin. <span class=\"iwg-fachbegriff\" data-tooltip=\"Jumaluudelle annettu lahja kiitoksen, pyynn\u00f6n tai kunnioituksen osoittamiseksi.\" tabindex=\"0\">Uhrit<\/span> ja rukoukset Cerekselle seurasivat maatalousvuoden kulkua.<\/p><p>Silti oli alueita, joilla h\u00e4nen <span class=\"iwg-fachbegriff\" data-tooltip=\"Kaikki jumaluudelle tai pyh\u00e4lle hahmolle osoitetut uskonnolliset palvontatoimet.\" tabindex=\"0\">kultillaan<\/span> oli j\u00e4rjestyst\u00e4 luova ja suojeleva teht\u00e4v\u00e4. Ceres liittyi n\u00e4in oikeuden ja yhteiskunnallisen j\u00e4rjestyksen k\u00e4sityksiin.<\/p><p>Jos joku syyllistyi tiettyihin vakaviin rikkomuksiin, esimerkiksi plebeijien j\u00e4rjestyst\u00e4 vastaan, h\u00e4n saattoi joutua jumalattaren omaisuudeksi, eli h\u00e4nen henkil\u00f6ns\u00e4 ja omaisuutensa katsottiin olevan h\u00e4nelle <span class=\"iwg-fachbegriff\" data-tooltip=\"Uskonnollisen toimituksen kautta pyh\u00e4lle luovutettu ja siten arjesta erotettu.\" tabindex=\"0\">pyhitettyj\u00e4<\/span>. T\u00e4m\u00e4 yhteys osoittaa, ett\u00e4 Cereksen kultilla oli my\u00f6s yhteiskunnallista j\u00e4rjestyst\u00e4 vakauttava teht\u00e4v\u00e4.<\/p><p>Kodin ja perheen piiriss\u00e4 Ceres esiintyy kuolemaan ja puhdistautumiseen liittyviss\u00e4 riiteiss\u00e4. Perheess\u00e4 sattuneen kuolemantapauksen j\u00e4lkeen oli s\u00e4\u00e4d\u00f6ksi\u00e4, joiden mukaan Cerekselle annettu <span class=\"iwg-fachbegriff\" data-tooltip=\"Jumaluudelle annettu lahja kiitoksen, pyynn\u00f6n tai kunnioituksen osoittamiseksi.\" tabindex=\"0\">uhri<\/span> palautti perheen j\u00e4lleen j\u00e4rjest\u00e4ytyneeseen uskonnolliseen tilaan.<\/p><p>T\u00e4ss\u00e4kin teht\u00e4v\u00e4n\u00e4 on ennemmin j\u00e4rjestyksen palauttaminen kuin torjunta. Kaiken kaikkiaan Cereksen tarjoama suoja oli el\u00e4m\u00e4n perustan sek\u00e4 yhteiskunnallisen ja rituaalisen j\u00e4rjestyksen suojaa, ei yksitt\u00e4isten pahojen voimien torjuntaa. T\u00e4ss\u00e4 h\u00e4n erottuu selv\u00e4sti varsinaisista suoja- ja torjuntajumaluuksista.<\/p><p>Cereksell\u00e4 oli j\u00e4rjestyst\u00e4 luova teht\u00e4v\u00e4 my\u00f6s avioliitto-oikeudessa ja puhtauden alueella. Tietyiss\u00e4 avioliiton j\u00e4rjestyst\u00e4 vastaan tehdyiss\u00e4 rikkomuksissa Cerekselle oli s\u00e4\u00e4detty <span class=\"iwg-fachbegriff\" data-tooltip=\"Jumaluudelle annettu lahja kiitoksen, pyynn\u00f6n tai kunnioituksen osoittamiseksi.\" tabindex=\"0\">uhreja<\/span>, ja h\u00e4nen <span class=\"iwg-fachbegriff\" data-tooltip=\"Kaikki jumaluudelle tai pyh\u00e4lle hahmolle osoitetut uskonnolliset palvontatoimet.\" tabindex=\"0\">kultinsa<\/span> liittyi avioliittouskollisuuden ja siveellisen j\u00e4rjestyksen k\u00e4sityksiin. Niin ulottui h\u00e4nen vaikutuspiirins\u00e4 pellon kylv\u00f6st\u00e4 perheen j\u00e4rjestykseen.<\/p>\t\t\t\t\t\t\t\t<\/div>\n\t\t\t\t\t<\/div>\n\t\t\t\t<\/div>\n\t\t<div class=\"elementor-element elementor-element-iwgw-ceres-s6 e-flex e-con-boxed e-con e-parent\" data-id=\"iwgw-ceres-s6\" data-element_type=\"container\" data-e-type=\"container\">\n\t\t\t\t\t<div class=\"e-con-inner\">\n\t\t\t\t<div class=\"elementor-element elementor-element-iwgw-ceres-s6h elementor-widget elementor-widget-heading\" data-id=\"iwgw-ceres-s6h\" data-element_type=\"widget\" data-e-type=\"widget\" data-widget_type=\"heading.default\">\n\t\t\t\t\t<h2 class=\"elementor-heading-title elementor-size-default\">Rinnakkaisilmi\u00f6t muissa kulttuureissa<\/h2>\t\t\t\t<\/div>\n\t\t\t\t<div class=\"elementor-element elementor-element-iwgw-ceres-s6t elementor-widget elementor-widget-text-editor\" data-id=\"iwgw-ceres-s6t\" data-element_type=\"widget\" data-e-type=\"widget\" data-widget_type=\"text-editor.default\">\n\t\t\t\t\t\t\t\t\t<p>Silmiinpist\u00e4vin rinnastus Cerekseen on kreikkalainen jumalatar Demeter. Ceres yhdistettiin h\u00e4neen jo varhain, ja koko tarustollinen kertomus \u00e4idist\u00e4 ja ry\u00f6stetyst\u00e4 tytt\u00e4rest\u00e4 omaksuttiin kreikkalaisesta perinteest\u00e4.<\/p><p>My\u00f6s Aventinus-kukkulan <span class=\"iwg-fachbegriff\" data-tooltip=\"Rakennus, joka on tarkoitettu yhden tai useamman jumaluuden palvontaan.\" tabindex=\"0\">temppeli<\/span> kolmikkoineen noudatti kreikkalaisia esikuvia. Siit\u00e4 huolimatta Ceres pysyi itsen\u00e4isen\u00e4 roomalaisena <span class=\"iwg-fachbegriff\" data-tooltip=\"Uskonnon sis\u00e4ll\u00e4 jumalallisena palvottu olento.\" tabindex=\"0\">jumaluutena<\/span>, jonka nimi, vanhin <span class=\"iwg-fachbegriff\" data-tooltip=\"Kaikki jumaluudelle tai pyh\u00e4lle hahmolle osoitetut uskonnolliset palvontatoimet.\" tabindex=\"0\">kultti<\/span> ja yhteys plebeijeihin ovat nimenomaan roomalaisia piirteit\u00e4.<\/p><p>Kreikkalaisen alueen ulkopuolella Ceres kuuluu laajalle levinneeseen vilja- ja maajumalattarien tyyppiin, joita tavataan monissa maanviljelyskulttuureissa.<\/p><p>T\u00e4llaiset jumaluudet ilment\u00e4v\u00e4t viljellyn maan hedelm\u00e4llisyytt\u00e4 ja liittyv\u00e4t usein myyteihin vuodenaikojen vaihtelusta sek\u00e4 kasvillisuuden kuolemasta ja paluusta. <span class=\"iwg-fachbegriff\" data-tooltip=\"Perinteinen kertomus jumalista, alkuper\u00e4st\u00e4 ja maailman j\u00e4rjestyksest\u00e4.\" tabindex=\"0\">Myytti<\/span> tytt\u00e4ren v\u00e4liaikaisesta katoamisesta manalaan on tunnettu esimerkki t\u00e4st\u00e4 laajalti levinneest\u00e4 kertomuskaavasta.<\/p><p>Tieteellisesti Ceres on hyv\u00e4 esimerkki siit\u00e4, miten uskonto yhdist\u00e4\u00e4 vanhan kotoper\u00e4isen teht\u00e4v\u00e4jumaluuden vieraisiin myytteihin ja juhlamuotoihin menett\u00e4m\u00e4tt\u00e4 alkuper\u00e4ist\u00e4 ydint\u00e4\u00e4n. Roomalainen Ceres ei ole puhdas Demeter eik\u00e4 puhdas vanhaitalialainen kylv\u00f6jumalatar, vaan hahmo, jossa molemmat kerrostumat vaikuttavat yhdess\u00e4.<\/p>\t\t\t\t\t\t\t\t<\/div>\n\t\t\t\t\t<\/div>\n\t\t\t\t<\/div>\n\t\t<div class=\"elementor-element elementor-element-iwgw-ceres-s7 e-flex e-con-boxed e-con e-parent\" data-id=\"iwgw-ceres-s7\" data-element_type=\"container\" data-e-type=\"container\">\n\t\t\t\t\t<div class=\"e-con-inner\">\n\t\t\t\t<div class=\"elementor-element elementor-element-iwgw-ceres-s7h elementor-widget elementor-widget-heading\" data-id=\"iwgw-ceres-s7h\" data-element_type=\"widget\" data-e-type=\"widget\" data-widget_type=\"heading.default\">\n\t\t\t\t\t<h2 class=\"elementor-heading-title elementor-size-default\">Nykyinen tulkinta ja tutkimus<\/h2>\t\t\t\t<\/div>\n\t\t\t\t<div class=\"elementor-element elementor-element-iwgw-ceres-s7t elementor-widget elementor-widget-text-editor\" data-id=\"iwgw-ceres-s7t\" data-element_type=\"widget\" data-e-type=\"widget\" data-widget_type=\"text-editor.default\">\n\t\t\t\t\t\t\t\t\t<p>Roomalaisen uskonnon tutkimuksessa Ceres on paljon k\u00e4sitelty aihe, koska h\u00e4ness\u00e4 kietoutuu yhteen useita suuria kysymyksi\u00e4: kotoper\u00e4isen ja kreikkalaisen uskonnon suhde, <span class=\"iwg-fachbegriff\" data-tooltip=\"Jumaluuden tai pyh\u00e4n hahmon palvontaan liittyvien uskonnollisten toimien kokonaisuus.\" tabindex=\"0\">kultin<\/span> ja politiikan yhteys sek\u00e4 maanviljelyskultin rooli.<\/p><p>Georg Wissowa ja Kurt Latte sijoittivat Ceresin vanhan Rooman jumalmaailmaan, Georges Dum\u00e9zil ja muut ovat keskustelleet h\u00e4nen asemastaan funktioiden j\u00e4rjestelm\u00e4ss\u00e4, ja uudemmat tutkimukset korostavat erityisesti Aventinuksen kultin sosiaalista ulottuvuutta.<\/p><p>Ceresin yhteytt\u00e4 plebeijeihin on tutkittu erityisen intensiivisesti. Aventinuksen <span class=\"iwg-fachbegriff\" data-tooltip=\"Rakennus, joka on omistettu yhden tai useamman jumaluuden palvontaan.\" tabindex=\"0\">temppeli<\/span> plebeijip\u00e4\u00e4t\u00f6sten paikkana ja edilien rooli tekev\u00e4t Ceres-kultista avainaseman varhaisen roomalaisen sosiaalihistorian ymm\u00e4rt\u00e4miselle. My\u00f6s Cerialia ja kreikkalaisvaikutteinen naisten juhla ovat uskontohistoriallisten tutkimusten kohteena.<\/p><p>Nykyisess\u00e4 yleiskulttuurissa Ceres on l\u00e4sn\u00e4 ennen kaikkea kielen kautta. Viljatuotteita kuvaavat k\u00e4sitteet johdetaan h\u00e4nen nimest\u00e4\u00e4n, ja jumalatar esiintyy taiteessa, kirjallisuudessa ja allegoriassa s\u00e4\u00e4nn\u00f6llisesti sadon ja hedelm\u00e4llisyyden ruumiillistumana.<\/p><p><span class=\"iwg-fachbegriff\" data-tooltip=\"Tiede, joka tutkii uskontoja vertailevasti ja sitoutumatta uskoon.\" tabindex=\"0\">Uskontotieteelle<\/span> Ceres on edelleen t\u00e4rke\u00e4 esimerkki roomalaisen uskonnon kerroksellisuudesta sek\u00e4 <span class=\"iwg-fachbegriff\" data-tooltip=\"Jumaluuden tai pyh\u00e4n hahmon palvontaan liittyvien uskonnollisten toimien kokonaisuus.\" tabindex=\"0\">kultin<\/span>, talouden ja yhteiskunnan tiiviist\u00e4 kytk\u00f6ksest\u00e4.<\/p><p>Tutkimuksessa korostetaan my\u00f6s Ceresin yhteytt\u00e4 kriisien hallintaan. Turvautuminen Sibyllan kirjoihin ja Aventinuksen temppelin perustaminen ovat varhainen esimerkki siit\u00e4, miten Rooma vastasi taloudelliseen h\u00e4t\u00e4\u00e4n uuden kultin k\u00e4ytt\u00f6\u00f6notolla.<\/p><p>Muinaisitalialaisen kylv\u00f6kultin, kreikkalaisen uudelleenmuotoilun ja poliittisen funktion kerroksellisuus tekee Ceresist\u00e4 uskontohistorian mallitapauksen.<\/p><p>N\u00e4in h\u00e4n on my\u00f6s nykytieteess\u00e4 monin tavoin kysytty esimerkki.<\/p>\t\t\t\t\t\t\t\t<\/div>\n\t\t\t\t\t<\/div>\n\t\t\t\t<\/div>\n\t\t<div class=\"elementor-element elementor-element-iwgw-ceres-lit e-flex e-con-boxed e-con e-parent\" data-id=\"iwgw-ceres-lit\" data-element_type=\"container\" data-e-type=\"container\">\n\t\t\t\t\t<div class=\"e-con-inner\">\n\t\t\t\t<div class=\"elementor-element elementor-element-iwgw-ceres-lith elementor-widget elementor-widget-heading\" data-id=\"iwgw-ceres-lith\" data-element_type=\"widget\" data-e-type=\"widget\" data-widget_type=\"heading.default\">\n\t\t\t\t\t<h2 class=\"elementor-heading-title elementor-size-default\">Kirjallisuus (valikoima)<\/h2>\t\t\t\t<\/div>\n\t\t\t\t<div class=\"elementor-element elementor-element-iwgw-ceres-litt elementor-widget elementor-widget-text-editor\" data-id=\"iwgw-ceres-litt\" data-element_type=\"widget\" data-e-type=\"widget\" data-widget_type=\"text-editor.default\">\n\t\t\t\t\t\t\t\t\t<div data-nosnippet=\"true\"><ul><li>Georg Wissowa: <em>Religion und Kultus der R\u00f6mer<\/em> (1912)<\/li><li>Kurt Latte: <em>R\u00f6mische Religionsgeschichte<\/em> (1960)<\/li><li>Georges Dum\u00e9zil: <em>La religion romaine archa\u00efque<\/em> (1966)<\/li><li><span data-nosnippet>Mary Beard, John North, Simon Price: <em>Religions of Rome<\/em> (1998)<\/span><\/li><li>J\u00f6rg R\u00fcpke: <em>Die Religion der R\u00f6mer<\/em> (2001)<\/li><\/ul><\/div>\t\t\t\t\t\t\t\t<\/div>\n\t\t\t\t\t<\/div>\n\t\t\t\t<\/div>\n\t\t<div class=\"elementor-element elementor-element-iwgw-ceres-kwd e-flex e-con-boxed e-con e-parent\" data-id=\"iwgw-ceres-kwd\" data-element_type=\"container\" data-e-type=\"container\">\n\t\t\t\t\t<div class=\"e-con-inner\">\n\t\t\t\t<div class=\"elementor-element elementor-element-iwgw-ceres-kwdt elementor-widget elementor-widget-text-editor\" data-id=\"iwgw-ceres-kwdt\" data-element_type=\"widget\" data-e-type=\"widget\" data-widget_type=\"text-editor.default\">\n\t\t\t\t\t\t\t\t\t<p><em>Aiheeseen liittyv\u00e4t avaink\u00e4sitteet: Ceres Cerialia Liber Libera Aventinus Plebs Vilja Demeter Maanviljelys.<\/em><\/p>\t\t\t\t\t\t\t\t<\/div>\n\t\t\t\t\t<\/div>\n\t\t\t\t<\/div>\n\t\t<div class=\"elementor-element elementor-element-iwgw-ceres-cc e-flex e-con-boxed e-con e-parent\" data-id=\"iwgw-ceres-cc\" data-element_type=\"container\" data-e-type=\"container\" id=\"iwg-cc-ceres\">\n\t\t\t\t\t<div class=\"e-con-inner\">\n\t\t<div class=\"elementor-element elementor-element-iwgw-ceres-ccinner e-flex e-con-boxed e-con e-parent\" data-id=\"iwgw-ceres-ccinner\" data-element_type=\"container\" data-e-type=\"container\" data-settings=\"{&quot;background_background&quot;:&quot;classic&quot;}\">\n\t\t\t\t\t<div class=\"e-con-inner\">\n\t\t\t\t<div class=\"elementor-element elementor-element-iwgw-ceres-cch elementor-widget elementor-widget-heading\" data-id=\"iwgw-ceres-cch\" data-element_type=\"widget\" data-e-type=\"widget\" data-widget_type=\"heading.default\">\n\t\t\t\t\t<h2 class=\"elementor-heading-title elementor-size-default\">iWell Guard ja suojelutraditiot<\/h2>\t\t\t\t<\/div>\n\t\t\t\t<div class=\"elementor-element elementor-element-iwgw-ceres-cct elementor-widget elementor-widget-text-editor\" data-id=\"iwgw-ceres-cct\" data-element_type=\"widget\" data-e-type=\"widget\" data-widget_type=\"text-editor.default\">\n\t\t\t\t\t\t\t\t\t<div data-nosnippet=\"true\"><p>iWell Guard jatkaa kannettavien suojaesineiden kulttuurihistoriallista perinnett\u00e4, <a href=\"https:\/\/iwell-guard.com\/fi\/rooma\/\">Rooman<\/a> ja monien muiden maailman kulttuurien perinteen mukaisesti. 41 kerrosta, aitoa kultaa, platinaa, hopeaa, valmistettu Saksassa. 30 p\u00e4iv\u00e4n palautusoikeus.<\/p><\/div>\t\t\t\t\t\t\t\t<\/div>\n\t\t\t\t<div class=\"elementor-element elementor-element-iwgw-ceres-ccb iwg-cc-button iwg-cc-cta-2026-05-13 elementor-widget elementor-widget-jet-button\" data-id=\"iwgw-ceres-ccb\" data-element_type=\"widget\" data-e-type=\"widget\" data-widget_type=\"jet-button.default\">\n\t\t\t\t<div class=\"elementor-widget-container\">\n\t\t\t\t\t<div class=\"elementor-jet-button jet-elements\"><div class=\"jet-button__container\"><a class=\"jet-button__instance jet-button__instance--icon-left hover-effect-1\" href=\"\/ueber-iwell-guard\/?utm_source=iwell-guard.com&amp;utm_medium=info-box&amp;utm_campaign=wesen-tradition\"><div class=\"jet-button__plane jet-button__plane-normal\"><\/div><div class=\"jet-button__plane jet-button__plane-hover\"><\/div><div class=\"jet-button__state jet-button__state-normal\"><span class=\"jet-button__label\">Lis\u00e4\u00e4 iWell Guardista<\/span><\/div><div class=\"jet-button__state jet-button__state-hover\"><span class=\"jet-button__label\">Lis\u00e4\u00e4 iWell Guardista<\/span><\/div><\/a><\/div><\/div><style>.elementor-element.elementor-element-iwgw-ceres-ccb .jet-button__instance{width:320px;height:56px;}.elementor-element.elementor-element-iwgw-ceres-ccb .jet-button__state-normal .jet-button__label{text-align:center;margin:0px 0px 0px 0px;color:#1a1b20;font-family:Montserrat,sans-serif;font-size:13px;font-weight:400;letter-spacing:4px;line-height:1.714em;text-transform:uppercase;}.elementor-element.elementor-element-iwgw-ceres-ccb .jet-button__state-hover .jet-button__label{text-align:center;margin:0px 0px 0px 0px;color:#FECC76;font-family:Montserrat,sans-serif;font-size:13px;font-weight:400;letter-spacing:4px;line-height:1.714em;text-transform:uppercase;}.elementor-element.elementor-element-iwgw-ceres-ccb .jet-button__plane-normal{background-color:#FECC76;border-style:solid;border-color:#C99540;border-width:2px 2px 2px 2px;}.elementor-element.elementor-element-iwgw-ceres-ccb .jet-button__plane-hover{background-color:rgba(0,0,0,0.55);border-style:solid;border-color:#FECC76;border-width:2px 2px 2px 2px;}<\/style>\t\t\t\t<\/div>\n\t\t\t\t<\/div>\n\t\t\t\t<div class=\"elementor-element elementor-element-iwgw-ceres-ccd elementor-widget elementor-widget-text-editor\" data-id=\"iwgw-ceres-ccd\" data-element_type=\"widget\" data-e-type=\"widget\" data-widget_type=\"text-editor.default\">\n\t\t\t\t\t\t\t\t\t<div data-nosnippet=\"true\"><p style=\"text-align:center;font-size:13px;opacity:0.7;margin-top:14px\" data-nosnippet=\"true\">Henkil\u00f6kohtaiset kokemukset voivat vaihdella. Ei l\u00e4\u00e4kinn\u00e4llinen laite. Ei paranemislupausta.<\/p><\/div>\t\t\t\t\t\t\t\t<\/div>\n\t\t\t\t\t<\/div>\n\t\t\t\t<\/div>\n\t\t\t\t\t<\/div>\n\t\t\t\t<\/div>\n\t\t<div class=\"elementor-element elementor-element-iwgw-ceres-disc e-flex e-con-boxed e-con e-parent\" data-id=\"iwgw-ceres-disc\" data-element_type=\"container\" data-e-type=\"container\">\n\t\t\t\t\t<div class=\"e-con-inner\">\n\t\t\t\t<div class=\"elementor-element elementor-element-iwgw-ceres-discw elementor-widget elementor-widget-html\" data-id=\"iwgw-ceres-discw\" data-element_type=\"widget\" data-e-type=\"widget\" data-widget_type=\"html.default\">\n\t\t\t\t\t<footer data-nosnippet=\"true\" class=\"iwg-disclaimer-block\"><p data-nosnippet=\"true\">iWell Guard <strong>ei ole l\u00e4\u00e4kinn\u00e4llinen laite<\/strong>, eik\u00e4 se korvaa l\u00e4\u00e4k\u00e4rin tai psykoterapeutin hoitoa. Uskontotieteelliset sis\u00e4ll\u00f6t ovat kulttuurihistoriallista tarkastelua, ei suositus hengelliseen k\u00e4yt\u00e4nt\u00f6\u00f6n.<\/p><\/footer>\t\t\t\t<\/div>\n\t\t\t\t\t<\/div>\n\t\t\t\t<\/div>\n\t\t\t\t<\/div>\n\t\t","protected":false},"excerpt":{"rendered":"","protected":false},"author":3,"featured_media":3389,"parent":0,"menu_order":0,"comment_status":"closed","ping_status":"closed","template":"elementor_header_footer","meta":{"_yoast_wpseo_focuskw":"Ceres, roomalainen jumalatar","_yoast_wpseo_title":"Ceres \u2013 Roomalainen viljan jumalatar","_yoast_wpseo_metadesc":"Ceres on roomalainen viljan ja maanviljelyksen jumalatar. Uskontotieteellinen tarkastelu Cerialia-juhlasta, plebeijikultista ja l\u00e4hteist\u00e4.","_yoast_wpseo_meta-robots-noindex":"","_yoast_wpseo_canonical":"","_angie_page":false,"gefaehrdungsstufe":"","wesen_kultur":"","wesen_klasse":"","footnotes":""},"categories":[],"class_list":["post-144263","page","type-page","status-publish","has-post-thumbnail","hentry"],"yoast_head":"<!-- This site is optimized with the Yoast SEO Premium plugin v27.7 (Yoast SEO v28.3) - https:\/\/yoast.com\/product\/yoast-seo-premium-wordpress\/ -->\n<title>Ceres \u2013 Roomalainen viljan jumalatar<\/title>\n<meta name=\"description\" content=\"Ceres on roomalainen viljan ja maanviljelyksen jumalatar. Uskontotieteellinen tarkastelu Cerialia-juhlasta, plebeijikultista ja l\u00e4hteist\u00e4.\" \/>\n<meta name=\"robots\" content=\"index, follow, max-snippet:-1, max-image-preview:large, max-video-preview:-1\" \/>\n<link rel=\"canonical\" href=\"https:\/\/iwell-guard.com\/fi\/ceres-roomalainen-viljan-ja-maanviljelyksen-jumalatar\/\" \/>\n<meta property=\"og:locale\" content=\"fi_FI\" \/>\n<meta property=\"og:type\" content=\"article\" \/>\n<meta property=\"og:title\" content=\"Ceres \u2013 Roomalainen viljan ja maanviljelyksen jumalatar\" \/>\n<meta property=\"og:description\" content=\"Ceres on roomalainen viljan ja maanviljelyksen jumalatar. Uskontotieteellinen tarkastelu Cerialia-juhlasta, plebeijikultista ja l\u00e4hteist\u00e4.\" \/>\n<meta property=\"og:url\" content=\"https:\/\/iwell-guard.com\/fi\/ceres-roomalainen-viljan-ja-maanviljelyksen-jumalatar\/\" \/>\n<meta property=\"og:site_name\" content=\"iWell Guard\" \/>\n<meta property=\"article:modified_time\" content=\"2026-09-03T12:54:42+00:00\" \/>\n<meta property=\"og:image\" content=\"https:\/\/iwell-guard.com\/wp-content\/uploads\/2026\/05\/goetter_rom_ceres.webp\" \/>\n\t<meta property=\"og:image:width\" content=\"1024\" \/>\n\t<meta property=\"og:image:height\" content=\"1536\" \/>\n\t<meta property=\"og:image:type\" content=\"image\/webp\" \/>\n<meta name=\"twitter:card\" content=\"summary_large_image\" \/>\n<script type=\"application\/ld+json\" class=\"yoast-schema-graph\">{\"@context\":\"https:\\\/\\\/schema.org\",\"@graph\":[{\"@type\":\"WebPage\",\"@id\":\"https:\\\/\\\/iwell-guard.com\\\/fi\\\/ceres-roomalainen-viljan-ja-maanviljelyksen-jumalatar\\\/\",\"url\":\"https:\\\/\\\/iwell-guard.com\\\/fi\\\/ceres-roomalainen-viljan-ja-maanviljelyksen-jumalatar\\\/\",\"name\":\"Ceres \u2013 Roomalainen viljan jumalatar\",\"isPartOf\":{\"@id\":\"https:\\\/\\\/iwell-guard.com\\\/fi\\\/#website\"},\"primaryImageOfPage\":{\"@id\":\"https:\\\/\\\/iwell-guard.com\\\/fi\\\/ceres-roomalainen-viljan-ja-maanviljelyksen-jumalatar\\\/#primaryimage\"},\"image\":{\"@id\":\"https:\\\/\\\/iwell-guard.com\\\/fi\\\/ceres-roomalainen-viljan-ja-maanviljelyksen-jumalatar\\\/#primaryimage\"},\"thumbnailUrl\":\"https:\\\/\\\/iwell-guard.com\\\/wp-content\\\/uploads\\\/2026\\\/05\\\/goetter_rom_ceres.webp\",\"datePublished\":\"2026-09-03T12:33:40+00:00\",\"dateModified\":\"2026-09-03T12:54:42+00:00\",\"description\":\"Ceres on roomalainen viljan ja maanviljelyksen jumalatar. Uskontotieteellinen tarkastelu Cerialia-juhlasta, plebeijikultista ja l\u00e4hteist\u00e4.\",\"breadcrumb\":{\"@id\":\"https:\\\/\\\/iwell-guard.com\\\/fi\\\/ceres-roomalainen-viljan-ja-maanviljelyksen-jumalatar\\\/#breadcrumb\"},\"inLanguage\":\"fi\",\"potentialAction\":[{\"@type\":\"ReadAction\",\"target\":[\"https:\\\/\\\/iwell-guard.com\\\/fi\\\/ceres-roomalainen-viljan-ja-maanviljelyksen-jumalatar\\\/\"]}]},{\"@type\":\"ImageObject\",\"inLanguage\":\"fi\",\"@id\":\"https:\\\/\\\/iwell-guard.com\\\/fi\\\/ceres-roomalainen-viljan-ja-maanviljelyksen-jumalatar\\\/#primaryimage\",\"url\":\"https:\\\/\\\/iwell-guard.com\\\/wp-content\\\/uploads\\\/2026\\\/05\\\/goetter_rom_ceres.webp\",\"contentUrl\":\"https:\\\/\\\/iwell-guard.com\\\/wp-content\\\/uploads\\\/2026\\\/05\\\/goetter_rom_ceres.webp\",\"width\":1024,\"height\":1536,\"caption\":\"Jumalia Rooman perinteest\u00e4.\"},{\"@type\":\"BreadcrumbList\",\"@id\":\"https:\\\/\\\/iwell-guard.com\\\/fi\\\/ceres-roomalainen-viljan-ja-maanviljelyksen-jumalatar\\\/#breadcrumb\",\"itemListElement\":[{\"@type\":\"ListItem\",\"position\":1,\"name\":\"Start\",\"item\":\"https:\\\/\\\/iwell-guard.com\\\/fi\\\/?page_id=143815\"},{\"@type\":\"ListItem\",\"position\":2,\"name\":\"Ceres \u2013 Roomalainen viljan ja maanviljelyksen jumalatar\"}]},{\"@type\":\"WebSite\",\"@id\":\"https:\\\/\\\/iwell-guard.com\\\/fi\\\/#website\",\"url\":\"https:\\\/\\\/iwell-guard.com\\\/fi\\\/\",\"name\":\"iWell Guard\",\"description\":\"Schutz vor dunklen Einfl\u00fcssen\",\"publisher\":{\"@id\":\"https:\\\/\\\/iwell-guard.com\\\/fi\\\/#organization\"},\"potentialAction\":[{\"@type\":\"SearchAction\",\"target\":{\"@type\":\"EntryPoint\",\"urlTemplate\":\"https:\\\/\\\/iwell-guard.com\\\/fi\\\/?s={search_term_string}\"},\"query-input\":{\"@type\":\"PropertyValueSpecification\",\"valueRequired\":true,\"valueName\":\"search_term_string\"}}],\"inLanguage\":\"fi\"},{\"@type\":\"Organization\",\"@id\":\"https:\\\/\\\/iwell-guard.com\\\/fi\\\/#organization\",\"name\":\"Ittermann electronic GmbH\",\"url\":\"https:\\\/\\\/iwell-guard.com\\\/fi\\\/\",\"logo\":{\"@type\":\"ImageObject\",\"inLanguage\":\"fi\",\"@id\":\"https:\\\/\\\/iwell-guard.com\\\/fi\\\/#\\\/schema\\\/logo\\\/image\\\/\",\"url\":\"https:\\\/\\\/iwell-guard.com\\\/wp-content\\\/uploads\\\/2026\\\/05\\\/Ittermann-Logo-1182x237-1.png\",\"contentUrl\":\"https:\\\/\\\/iwell-guard.com\\\/wp-content\\\/uploads\\\/2026\\\/05\\\/Ittermann-Logo-1182x237-1.png\",\"width\":1182,\"height\":237,\"caption\":\"Ittermann electronic GmbH\"},\"image\":{\"@id\":\"https:\\\/\\\/iwell-guard.com\\\/fi\\\/#\\\/schema\\\/logo\\\/image\\\/\"},\"sameAs\":[\"https:\\\/\\\/pantip.com\\\/profile\\\/9367242\",\"https:\\\/\\\/micro.blog\\\/iwellguard\",\"https:\\\/\\\/www.diggerslist.com\\\/iwellguard\\\/about\",\"https:\\\/\\\/skitterphoto.com\\\/photographers\\\/2870314\\\/iwell-guard\",\"https:\\\/\\\/iwellguard.wordpress.com\\\/2026\\\/06\\\/06\\\/iwell-guard\\\/\",\"https:\\\/\\\/hub.docker.com\\\/u\\\/iwellguard\",\"https:\\\/\\\/www.pinterest.com\\\/iwellguard\\\/\",\"https:\\\/\\\/bit.ly\\\/m\\\/iwellguard\",\"https:\\\/\\\/entre-vos-mains.alsace.eu\\\/profiles\\\/iwellguard\\\/activity\",\"https:\\\/\\\/gravatar.com\\\/reallybeded8fd34\",\"https:\\\/\\\/naijamatta.com\\\/iwellguard\",\"https:\\\/\\\/www.goodreads.com\\\/iwellguard\",\"https:\\\/\\\/profile.hatena.ne.jp\\\/iwellguard\\\/\",\"https:\\\/\\\/experiment.com\\\/users\\\/iwellguard\",\"https:\\\/\\\/wakelet.com\\\/@iWellGuard82270\",\"https:\\\/\\\/www.chordie.com\\\/forum\\\/profile.php?id=2555664\",\"https:\\\/\\\/www.instapaper.com\\\/p\\\/17757966\",\"https:\\\/\\\/www.mapleprimes.com\\\/users\\\/iwellguard\",\"https:\\\/\\\/businesslistingplus.com\\\/profile\\\/iwell-guard\\\/\",\"https:\\\/\\\/telegra.ph\\\/iWell-Guard-06-06\",\"https:\\\/\\\/pbase.com\\\/iwellguard\\\/iwellguard\",\"https:\\\/\\\/b.hatena.ne.jp\\\/iwellguard\\\/20260607#bookmark-4788405196491818882\",\"https:\\\/\\\/fliphtml5.com\\\/home\\\/iwellguard\",\"https:\\\/\\\/anyflip.com\\\/homepage\\\/cmiwl#About\",\"https:\\\/\\\/transfur.com\\\/Users\\\/iwellguard\",\"http:\\\/\\\/delphi.larsbo.org\\\/user\\\/iwellguard\",\"https:\\\/\\\/jobs.lajobsportal.org\\\/profiles\\\/8380803-iwell-guard\",\"https:\\\/\\\/md.chaosdorf.de\\\/s\\\/jfbe5SBdJD\",\"https:\\\/\\\/www.lingvolive.com\\\/en-us\\\/profile\\\/9ecaeaca-ce11-4e51-9e71-01d55e2bff36\\\/translations\",\"https:\\\/\\\/www.fitday.com\\\/fitness\\\/forums\\\/members\\\/iwellguard.html\",\"https:\\\/\\\/www.mymeetbook.com\\\/iwellguard\",\"https:\\\/\\\/pxhere.com\\\/en\\\/photographer-me\\\/5040798\",\"https:\\\/\\\/disqus.com\\\/by\\\/iwellguard\\\/about\\\/\",\"https:\\\/\\\/pastelink.net\\\/hjwciqwq\",\"https:\\\/\\\/pubhtml5.com\\\/homepage\\\/scjhn\\\/\",\"https:\\\/\\\/www.bitchute.com\\\/channel\\\/2O2eOKzNqujT\",\"https:\\\/\\\/audiomack.com\\\/iwellguard\"]}]}<\/script>\n<!-- \/ Yoast SEO Premium plugin. -->","yoast_head_json":{"title":"Ceres \u2013 Roomalainen viljan jumalatar","description":"Ceres on roomalainen viljan ja maanviljelyksen jumalatar. Uskontotieteellinen tarkastelu Cerialia-juhlasta, plebeijikultista ja l\u00e4hteist\u00e4.","robots":{"index":"index","follow":"follow","max-snippet":"max-snippet:-1","max-image-preview":"max-image-preview:large","max-video-preview":"max-video-preview:-1"},"canonical":"https:\/\/iwell-guard.com\/fi\/ceres-roomalainen-viljan-ja-maanviljelyksen-jumalatar\/","og_locale":"fi_FI","og_type":"article","og_title":"Ceres \u2013 Roomalainen viljan ja maanviljelyksen jumalatar","og_description":"Ceres on roomalainen viljan ja maanviljelyksen jumalatar. Uskontotieteellinen tarkastelu Cerialia-juhlasta, plebeijikultista ja l\u00e4hteist\u00e4.","og_url":"https:\/\/iwell-guard.com\/fi\/ceres-roomalainen-viljan-ja-maanviljelyksen-jumalatar\/","og_site_name":"iWell Guard","article_modified_time":"2026-09-03T12:54:42+00:00","og_image":[{"width":1024,"height":1536,"url":"https:\/\/iwell-guard.com\/wp-content\/uploads\/2026\/05\/goetter_rom_ceres.webp","type":"image\/webp"}],"twitter_card":"summary_large_image","schema":{"@context":"https:\/\/schema.org","@graph":[{"@type":"WebPage","@id":"https:\/\/iwell-guard.com\/fi\/ceres-roomalainen-viljan-ja-maanviljelyksen-jumalatar\/","url":"https:\/\/iwell-guard.com\/fi\/ceres-roomalainen-viljan-ja-maanviljelyksen-jumalatar\/","name":"Ceres \u2013 Roomalainen viljan jumalatar","isPartOf":{"@id":"https:\/\/iwell-guard.com\/fi\/#website"},"primaryImageOfPage":{"@id":"https:\/\/iwell-guard.com\/fi\/ceres-roomalainen-viljan-ja-maanviljelyksen-jumalatar\/#primaryimage"},"image":{"@id":"https:\/\/iwell-guard.com\/fi\/ceres-roomalainen-viljan-ja-maanviljelyksen-jumalatar\/#primaryimage"},"thumbnailUrl":"https:\/\/iwell-guard.com\/wp-content\/uploads\/2026\/05\/goetter_rom_ceres.webp","datePublished":"2026-09-03T12:33:40+00:00","dateModified":"2026-09-03T12:54:42+00:00","description":"Ceres on roomalainen viljan ja maanviljelyksen jumalatar. Uskontotieteellinen tarkastelu Cerialia-juhlasta, plebeijikultista ja l\u00e4hteist\u00e4.","breadcrumb":{"@id":"https:\/\/iwell-guard.com\/fi\/ceres-roomalainen-viljan-ja-maanviljelyksen-jumalatar\/#breadcrumb"},"inLanguage":"fi","potentialAction":[{"@type":"ReadAction","target":["https:\/\/iwell-guard.com\/fi\/ceres-roomalainen-viljan-ja-maanviljelyksen-jumalatar\/"]}]},{"@type":"ImageObject","inLanguage":"fi","@id":"https:\/\/iwell-guard.com\/fi\/ceres-roomalainen-viljan-ja-maanviljelyksen-jumalatar\/#primaryimage","url":"https:\/\/iwell-guard.com\/wp-content\/uploads\/2026\/05\/goetter_rom_ceres.webp","contentUrl":"https:\/\/iwell-guard.com\/wp-content\/uploads\/2026\/05\/goetter_rom_ceres.webp","width":1024,"height":1536,"caption":"Jumalia Rooman perinteest\u00e4."},{"@type":"BreadcrumbList","@id":"https:\/\/iwell-guard.com\/fi\/ceres-roomalainen-viljan-ja-maanviljelyksen-jumalatar\/#breadcrumb","itemListElement":[{"@type":"ListItem","position":1,"name":"Start","item":"https:\/\/iwell-guard.com\/fi\/?page_id=143815"},{"@type":"ListItem","position":2,"name":"Ceres \u2013 Roomalainen viljan ja maanviljelyksen jumalatar"}]},{"@type":"WebSite","@id":"https:\/\/iwell-guard.com\/fi\/#website","url":"https:\/\/iwell-guard.com\/fi\/","name":"iWell Guard","description":"Schutz vor dunklen Einfl\u00fcssen","publisher":{"@id":"https:\/\/iwell-guard.com\/fi\/#organization"},"potentialAction":[{"@type":"SearchAction","target":{"@type":"EntryPoint","urlTemplate":"https:\/\/iwell-guard.com\/fi\/?s={search_term_string}"},"query-input":{"@type":"PropertyValueSpecification","valueRequired":true,"valueName":"search_term_string"}}],"inLanguage":"fi"},{"@type":"Organization","@id":"https:\/\/iwell-guard.com\/fi\/#organization","name":"Ittermann electronic GmbH","url":"https:\/\/iwell-guard.com\/fi\/","logo":{"@type":"ImageObject","inLanguage":"fi","@id":"https:\/\/iwell-guard.com\/fi\/#\/schema\/logo\/image\/","url":"https:\/\/iwell-guard.com\/wp-content\/uploads\/2026\/05\/Ittermann-Logo-1182x237-1.png","contentUrl":"https:\/\/iwell-guard.com\/wp-content\/uploads\/2026\/05\/Ittermann-Logo-1182x237-1.png","width":1182,"height":237,"caption":"Ittermann electronic GmbH"},"image":{"@id":"https:\/\/iwell-guard.com\/fi\/#\/schema\/logo\/image\/"},"sameAs":["https:\/\/pantip.com\/profile\/9367242","https:\/\/micro.blog\/iwellguard","https:\/\/www.diggerslist.com\/iwellguard\/about","https:\/\/skitterphoto.com\/photographers\/2870314\/iwell-guard","https:\/\/iwellguard.wordpress.com\/2026\/06\/06\/iwell-guard\/","https:\/\/hub.docker.com\/u\/iwellguard","https:\/\/www.pinterest.com\/iwellguard\/","https:\/\/bit.ly\/m\/iwellguard","https:\/\/entre-vos-mains.alsace.eu\/profiles\/iwellguard\/activity","https:\/\/gravatar.com\/reallybeded8fd34","https:\/\/naijamatta.com\/iwellguard","https:\/\/www.goodreads.com\/iwellguard","https:\/\/profile.hatena.ne.jp\/iwellguard\/","https:\/\/experiment.com\/users\/iwellguard","https:\/\/wakelet.com\/@iWellGuard82270","https:\/\/www.chordie.com\/forum\/profile.php?id=2555664","https:\/\/www.instapaper.com\/p\/17757966","https:\/\/www.mapleprimes.com\/users\/iwellguard","https:\/\/businesslistingplus.com\/profile\/iwell-guard\/","https:\/\/telegra.ph\/iWell-Guard-06-06","https:\/\/pbase.com\/iwellguard\/iwellguard","https:\/\/b.hatena.ne.jp\/iwellguard\/20260607#bookmark-4788405196491818882","https:\/\/fliphtml5.com\/home\/iwellguard","https:\/\/anyflip.com\/homepage\/cmiwl#About","https:\/\/transfur.com\/Users\/iwellguard","http:\/\/delphi.larsbo.org\/user\/iwellguard","https:\/\/jobs.lajobsportal.org\/profiles\/8380803-iwell-guard","https:\/\/md.chaosdorf.de\/s\/jfbe5SBdJD","https:\/\/www.lingvolive.com\/en-us\/profile\/9ecaeaca-ce11-4e51-9e71-01d55e2bff36\/translations","https:\/\/www.fitday.com\/fitness\/forums\/members\/iwellguard.html","https:\/\/www.mymeetbook.com\/iwellguard","https:\/\/pxhere.com\/en\/photographer-me\/5040798","https:\/\/disqus.com\/by\/iwellguard\/about\/","https:\/\/pastelink.net\/hjwciqwq","https:\/\/pubhtml5.com\/homepage\/scjhn\/","https:\/\/www.bitchute.com\/channel\/2O2eOKzNqujT","https:\/\/audiomack.com\/iwellguard"]}]}},"_links":{"self":[{"href":"https:\/\/iwell-guard.com\/fi\/wp-json\/wp\/v2\/pages\/144263","targetHints":{"allow":["GET"]}}],"collection":[{"href":"https:\/\/iwell-guard.com\/fi\/wp-json\/wp\/v2\/pages"}],"about":[{"href":"https:\/\/iwell-guard.com\/fi\/wp-json\/wp\/v2\/types\/page"}],"author":[{"embeddable":true,"href":"https:\/\/iwell-guard.com\/fi\/wp-json\/wp\/v2\/users\/3"}],"replies":[{"embeddable":true,"href":"https:\/\/iwell-guard.com\/fi\/wp-json\/wp\/v2\/comments?post=144263"}],"version-history":[{"count":0,"href":"https:\/\/iwell-guard.com\/fi\/wp-json\/wp\/v2\/pages\/144263\/revisions"}],"wp:featuredmedia":[{"embeddable":true,"href":"https:\/\/iwell-guard.com\/fi\/wp-json\/wp\/v2\/media\/3389"}],"wp:attachment":[{"href":"https:\/\/iwell-guard.com\/fi\/wp-json\/wp\/v2\/media?parent=144263"}],"wp:term":[{"taxonomy":"category","embeddable":true,"href":"https:\/\/iwell-guard.com\/fi\/wp-json\/wp\/v2\/categories?post=144263"}],"curies":[{"name":"wp","href":"https:\/\/api.w.org\/{rel}","templated":true}]}}