{"id":144253,"date":"2026-09-03T12:33:33","date_gmt":"2026-09-03T12:33:33","guid":{"rendered":"https:\/\/iwell-guard.com\/?page_id=144253"},"modified":"2026-09-03T12:54:31","modified_gmt":"2026-09-03T12:54:31","slug":"saivo-saamelaisten-pyha-vuoristo-ja-jarvimaailma","status":"publish","type":"page","link":"https:\/\/iwell-guard.com\/fi\/saivo-saamelaisten-pyha-vuoristo-ja-jarvimaailma\/","title":{"rendered":"Saivo &#8211; saamelaisten pyh\u00e4 vuoristo- ja j\u00e4rvimaailma"},"content":{"rendered":"\t\t<div data-elementor-type=\"wp-page\" data-elementor-id=\"144253\" class=\"elementor elementor-144253 elementor-2673 elementor-bc-flex-widget\" data-elementor-post-type=\"page\">\n\t\t\t\t<div class=\"elementor-element elementor-element-iwgw-saivo-hero e-flex e-con-boxed e-con e-parent\" data-id=\"iwgw-saivo-hero\" data-element_type=\"container\" data-e-type=\"container\" data-settings=\"{&quot;background_background&quot;:&quot;classic&quot;}\">\n\t\t\t\t\t<div class=\"e-con-inner\">\n\t\t<div class=\"elementor-element elementor-element-iwgw-saivo-hl e-flex e-con-boxed e-con e-child\" data-id=\"iwgw-saivo-hl\" data-element_type=\"container\" data-e-type=\"container\">\n\t\t\t\t\t<div class=\"e-con-inner\">\n\t\t<div class=\"elementor-element elementor-element-iwgw-saivo-htxt e-con-full e-flex e-con e-child\" data-id=\"iwgw-saivo-htxt\" data-element_type=\"container\" data-e-type=\"container\">\n\t\t\t\t<div class=\"elementor-element elementor-element-iwgw-saivo-h1 elementor-widget elementor-widget-heading\" data-id=\"iwgw-saivo-h1\" data-element_type=\"widget\" data-e-type=\"widget\" data-widget_type=\"heading.default\">\n\t\t\t\t\t<h1 class=\"elementor-heading-title elementor-size-default\">Saivo - saamelaisten pyh\u00e4 vuoristo- ja j\u00e4rvimaailma ja \u0161amaanien apuhenkien asuinsija<\/h1>\t\t\t\t<\/div>\n\t\t\t\t<div class=\"elementor-element elementor-element-iwgw-saivo-lead elementor-widget elementor-widget-text-editor\" data-id=\"iwgw-saivo-lead\" data-element_type=\"widget\" data-e-type=\"widget\" data-widget_type=\"text-editor.default\">\n\t\t\t\t\t\t\t\t\t<p>Saivo, kirjoitettuna my\u00f6s S\u00e1jvva tai Saaivo, on esikristillisess\u00e4 <a href=\"https:\/\/iwell-guard.com\/fi\/saamelaiset-noaidi-rumpu\/\">saamelaisessa<\/a> uskonnossa erityinen henkimaailma, joka sijoitetaan tiettyihin vuoriin ja j\u00e4rvien alle. T\u00e4\u00e4ll\u00e4 asuvat saivo-henget, jotka toimivat \u0161amaanien henkil\u00f6kohtaisina apuhenkin\u00e4. Uskontotieteellisesti Saivo lukeutuu saamelaisen <span class=\"iwg-fachbegriff\" data-tooltip=\"Uskontotieteen ala, joka tutkii k\u00e4sityksi\u00e4 jumaluudesta ja uskosta.\" tabindex=\"0\">teologian<\/span> omalaatuisimpiin konfiguraatioihin.<\/p>\t\t\t\t\t\t\t\t<\/div>\n\t\t\t\t<\/div>\n\t\t<div class=\"elementor-element elementor-element-iwgw-saivo-pillc e-con-full e-flex e-con e-child\" data-id=\"iwgw-saivo-pillc\" data-element_type=\"container\" data-e-type=\"container\">\n\t\t\t\t<div class=\"elementor-element elementor-element-iwgw-saivo-pills elementor-widget elementor-widget-html\" data-id=\"iwgw-saivo-pills\" data-element_type=\"widget\" data-e-type=\"widget\" data-widget_type=\"html.default\">\n\t\t\t\t\t<div class=\"iwg-pill-row\"><span class=\"iwg-klasse-badge\" tabindex=\"0\" data-tooltip=\"Saamelaisen tradition henki.\">Henki<\/span><a href=\"https:\/\/iwell-guard.com\/fi\/saamelaiset-noaidi-rumpu\/\" class=\"iwg-kultur-badge\" tabindex=\"0\" data-tooltip=\"Saamelaisen tradition mytologia.\">Sami<\/a><span class=\"iwg-tradition-badge\" tabindex=\"0\" data-tooltip=\"Pyh\u00e4 maailma ja henkien asuinsija.\">Pyh\u00e4 maailma ja henkien asuinsija<\/span><\/div>\t\t\t\t<\/div>\n\t\t\t\t<\/div>\n\t\t<div class=\"elementor-element elementor-element-iwgw-saivo-tocc e-con-full e-flex e-con e-child\" data-id=\"iwgw-saivo-tocc\" data-element_type=\"container\" data-e-type=\"container\">\n\t\t\t\t<div class=\"elementor-element elementor-element-iwgw-saivo-toc elementor-toc--minimized-on-tablet elementor-widget elementor-widget-table-of-contents\" data-id=\"iwgw-saivo-toc\" data-element_type=\"widget\" data-e-type=\"widget\" data-settings=\"{&quot;headings_by_tags&quot;:[&quot;h2&quot;,&quot;h3&quot;],&quot;minimize_box&quot;:&quot;yes&quot;,&quot;marker_view&quot;:&quot;bullets&quot;,&quot;no_headings_message&quot;:&quot;T\\u00e4lt\\u00e4 sivulta ei l\\u00f6ytynyt otsikoita.&quot;,&quot;exclude_headings_by_selector&quot;:[],&quot;icon&quot;:{&quot;value&quot;:&quot;fas fa-circle&quot;,&quot;library&quot;:&quot;fa-solid&quot;,&quot;rendered_tag&quot;:&quot;&lt;svg class=\\&quot;e-font-icon-svg e-fas-circle\\&quot; viewBox=\\&quot;0 0 512 512\\&quot; xmlns=\\&quot;http:\\\/\\\/www.w3.org\\\/2000\\\/svg\\&quot;&gt;&lt;path d=\\&quot;M256 8C119 8 8 119 8 256s111 248 248 248 248-111 248-248S393 8 256 8z\\&quot;&gt;&lt;\\\/path&gt;&lt;\\\/svg&gt;&quot;},&quot;minimized_on&quot;:&quot;tablet&quot;,&quot;hierarchical_view&quot;:&quot;yes&quot;,&quot;min_height&quot;:{&quot;unit&quot;:&quot;px&quot;,&quot;size&quot;:&quot;&quot;,&quot;sizes&quot;:[]},&quot;min_height_tablet&quot;:{&quot;unit&quot;:&quot;px&quot;,&quot;size&quot;:&quot;&quot;,&quot;sizes&quot;:[]},&quot;min_height_mobile&quot;:{&quot;unit&quot;:&quot;px&quot;,&quot;size&quot;:&quot;&quot;,&quot;sizes&quot;:[]}}\" data-widget_type=\"table-of-contents.default\">\n\t\t\t\t\t\t\t\t\t<div class=\"elementor-toc__header\">\n\t\t\t\t\t\t<h2 class=\"elementor-toc__header-title\">\n\t\t\t\tSis\u00e4llysluettelo\t\t\t<\/h2>\n\t\t\t\t\t\t\t\t\t\t<div class=\"elementor-toc__toggle-button elementor-toc__toggle-button--expand\" role=\"button\" tabindex=\"0\" aria-controls=\"elementor-toc__iwgw-saivo-toc\" aria-expanded=\"true\" aria-label=\"Open table of contents\"><svg aria-hidden=\"true\" class=\"e-font-icon-svg e-fas-chevron-down\" viewBox=\"0 0 448 512\" xmlns=\"http:\/\/www.w3.org\/2000\/svg\"><path d=\"M207.029 381.476L12.686 187.132c-9.373-9.373-9.373-24.569 0-33.941l22.667-22.667c9.357-9.357 24.522-9.375 33.901-.04L224 284.505l154.745-154.021c9.379-9.335 24.544-9.317 33.901.04l22.667 22.667c9.373 9.373 9.373 24.569 0 33.941L240.971 381.476c-9.373 9.372-24.569 9.372-33.942 0z\"><\/path><\/svg><\/div>\n\t\t\t\t<div class=\"elementor-toc__toggle-button elementor-toc__toggle-button--collapse\" role=\"button\" tabindex=\"0\" aria-controls=\"elementor-toc__iwgw-saivo-toc\" aria-expanded=\"true\" aria-label=\"Close table of contents\"><svg aria-hidden=\"true\" class=\"e-font-icon-svg e-fas-chevron-up\" viewBox=\"0 0 448 512\" xmlns=\"http:\/\/www.w3.org\/2000\/svg\"><path d=\"M240.971 130.524l194.343 194.343c9.373 9.373 9.373 24.569 0 33.941l-22.667 22.667c-9.357 9.357-24.522 9.375-33.901.04L224 227.495 69.255 381.516c-9.379 9.335-24.544 9.317-33.901-.04l-22.667-22.667c-9.373-9.373-9.373-24.569 0-33.941L207.03 130.525c9.372-9.373 24.568-9.373 33.941-.001z\"><\/path><\/svg><\/div>\n\t\t\t\t\t<\/div>\n\t\t\t\t<div id=\"elementor-toc__iwgw-saivo-toc\" class=\"elementor-toc__body\">\n\t\t\t<div class=\"elementor-toc__spinner-container\">\n\t\t\t\t<svg class=\"elementor-toc__spinner eicon-animation-spin e-font-icon-svg e-eicon-loading\" aria-hidden=\"true\" viewBox=\"0 0 1000 1000\" xmlns=\"http:\/\/www.w3.org\/2000\/svg\"><path d=\"M500 975V858C696 858 858 696 858 500S696 142 500 142 142 304 142 500H25C25 237 238 25 500 25S975 237 975 500 763 975 500 975Z\"><\/path><\/svg>\t\t\t<\/div>\n\t\t<\/div>\n\t\t\t\t\t\t<\/div>\n\t\t\t\t<\/div>\n\t\t\t\t\t<\/div>\n\t\t\t\t<\/div>\n\t\t<div class=\"elementor-element elementor-element-iwgw-saivo-hr e-con-full e-flex e-con e-child\" data-id=\"iwgw-saivo-hr\" data-element_type=\"container\" data-e-type=\"container\">\n\t\t\t\t<div class=\"elementor-element elementor-element-iwgw-saivo-heroimg iwg-hero-image elementor-widget elementor-widget-image\" data-id=\"iwgw-saivo-heroimg\" data-element_type=\"widget\" data-e-type=\"widget\" data-widget_type=\"image.default\">\n\t\t\t\t\t\t\t\t\t\t\t\t\t\t\t<img fetchpriority=\"high\" decoding=\"async\" width=\"683\" height=\"1024\" src=\"https:\/\/iwell-guard.com\/wp-content\/uploads\/2026\/05\/geister_sami_saivo-683x1024.webp\" class=\"attachment-large size-large wp-image-148754\" alt=\"Saivo - saamelaisen perinteen henki\u00e4, historiallis-kuvitteellinen esitys\" srcset=\"https:\/\/iwell-guard.com\/wp-content\/uploads\/2026\/05\/geister_sami_saivo-683x1024.webp 683w, https:\/\/iwell-guard.com\/wp-content\/uploads\/2026\/05\/geister_sami_saivo-200x300.webp 200w, https:\/\/iwell-guard.com\/wp-content\/uploads\/2026\/05\/geister_sami_saivo-768x1152.webp 768w, https:\/\/iwell-guard.com\/wp-content\/uploads\/2026\/05\/geister_sami_saivo.webp 1024w\" sizes=\"(max-width: 683px) 100vw, 683px\" \/>\t\t\t\t\t\t\t\t\t\t\t\t\t\t\t<\/div>\n\t\t\t\t<\/div>\n\t\t\t\t\t<\/div>\n\t\t\t\t<\/div>\n\t\t\t\t<section class=\"elementor-section elementor-top-section elementor-element elementor-element-sec-iwgcomp2-saivo elementor-section-boxed elementor-section-height-default elementor-section-height-default\" data-id=\"sec-iwgcomp2-saivo\" data-element_type=\"section\" data-e-type=\"section\">\n\t\t\t\t\t\t<div class=\"elementor-container elementor-column-gap-default\">\n\t\t\t\t\t<div class=\"elementor-column elementor-col-100 elementor-top-column elementor-element elementor-element-col-iwgcomp2-saivo\" data-id=\"col-iwgcomp2-saivo\" data-element_type=\"column\" data-e-type=\"column\">\n\t\t\t<div class=\"elementor-widget-wrap elementor-element-populated\">\n\t\t\t\t\t\t<div class=\"elementor-element elementor-element-iwgcomp2-saivo elementor-widget elementor-widget-text-editor\" data-id=\"iwgcomp2-saivo\" data-element_type=\"widget\" data-e-type=\"widget\" data-widget_type=\"text-editor.default\">\n\t\t\t\t\t\t\t\t\t<p>Saivo on saamelaisessa uskossa <strong>\u0161amaanien apuhenkien<\/strong> asuinsija pyhiss\u00e4 vuorissa ja j\u00e4rviss\u00e4.<\/p>\t\t\t\t\t\t\t\t<\/div>\n\t\t\t\t\t<\/div>\n\t\t<\/div>\n\t\t\t\t\t<\/div>\n\t\t<\/section>\n\t\t<div class=\"elementor-element elementor-element-iwgw-saivo-s0 e-flex e-con-boxed e-con e-parent\" data-id=\"iwgw-saivo-s0\" data-element_type=\"container\" data-e-type=\"container\">\n\t\t\t\t\t<div class=\"e-con-inner\">\n\t\t\t\t<div class=\"elementor-element elementor-element-iwgw-saivo-s0h elementor-widget elementor-widget-heading\" data-id=\"iwgw-saivo-s0h\" data-element_type=\"widget\" data-e-type=\"widget\" data-widget_type=\"heading.default\">\n\t\t\t\t\t<h2 class=\"elementor-heading-title elementor-size-default\">Tarkastelu ja lyhyt profiili<\/h2>\t\t\t\t<\/div>\n\t\t<div class=\"elementor-element elementor-element-iwgw-saivo-s0c e-con-full e-flex e-con e-child\" data-id=\"iwgw-saivo-s0c\" data-element_type=\"container\" data-e-type=\"container\">\n\t\t\t\t<div class=\"elementor-element elementor-element-iwgw-saivo-s0t elementor-widget elementor-widget-text-editor\" data-id=\"iwgw-saivo-s0t\" data-element_type=\"widget\" data-e-type=\"widget\" data-widget_type=\"text-editor.default\">\n\t\t\t\t\t\t\t\t\t<p>Saivo on samanaikaisesti topografinen ja uskonnollinen kaksoism\u00e4\u00e4ritys: se on pyh\u00e4 paikka maisemassa (pyh\u00e4t vuoret, pyh\u00e4t j\u00e4rvet) ja samalla henkien maailma, jossa n\u00e4m\u00e4 henget asuvat n\u00e4iss\u00e4 paikoissa. T\u00e4m\u00e4 kaksoism\u00e4\u00e4ritys on uskontofenomenologisesti omalaatuinen ja erottaa Saivon puhtaasti topografisista tai puhtaasti teologisista k\u00e4sitteist\u00e4.<\/p><p>Saivo-henget ovat saamelaisten \u0161amaanien (noaidien) t\u00e4rkeimpi\u00e4 henkil\u00f6kohtaisia apuhenki\u00e4. Kullakin <span class=\"iwg-fachbegriff\" data-tooltip=\"Uskonnollinen erityisasiantuntija, jonka katsotaan v\u00e4litt\u00e4v\u00e4n ihmisten ja henkimaailman v\u00e4lill\u00e4.\" tabindex=\"0\">\u0161amaanilla<\/span> oli yksi tai useampi saivo-apuhenki, joka avusti h\u00e4nt\u00e4 transsissa. N\u00e4ill\u00e4 apuhengill\u00e4 oli useita mahdollisia hahmoja: el\u00e4in, ihminen, <span class=\"iwg-fachbegriff\" data-tooltip=\"Olento, joka yhdist\u00e4\u00e4 itsess\u00e4\u00e4n eri el\u00e4vien olentojen piirteit\u00e4.\" tabindex=\"0\">sekamuotoinen olento<\/span>.<\/p><p>Uskontotieteellisesti Saivo on itsen\u00e4inen konfiguraatio, joka muistuttaa rakenteellisesti <a href=\"https:\/\/iwell-guard.com\/fi\/inuit-ja-arktis-sedna-tornit\/\">inuiittien<\/a> Tornarssuk-k\u00e4sityst\u00e4, mutta eroaa siit\u00e4 topografisen sidoksensa osalta. T\u00e4m\u00e4 sidos on uskontofenomenologisesti omanlaisensa ilmi\u00f6 ja tekee Saivosta erityisen kiinnostavan tutkimuskohteen.<\/p><p>Saivon pyh\u00e4\u00e4 vuoristo- ja j\u00e4rvimaailmaa on viimeaikaisessa tutkimuksessa k\u00e4sitelty laajennetuin l\u00e4hestymistavoin, joissa yhdistyv\u00e4t etnografinen tarkkuus, kielellinen l\u00e4hdekritiikki ja vertaileva n\u00e4k\u00f6kulma. Saamelaiset tutkijat osallistuvat nyky\u00e4\u00e4n itse t\u00e4h\u00e4n ty\u00f6h\u00f6n ja korjaavat vanhempia l\u00e4nsimaisia tulkintoja, joissa oli osin kolonialistisia piirteit\u00e4.<\/p><p>Kaksiluonteisuudellaan pyh\u00e4n\u00e4 paikkana ja henkimaailmana Saivo sopii osaksi sirkumpolaarista uskonnollista topografiaa, joka toistuu laajoilla alueilla. Se, ett\u00e4 t\u00e4m\u00e4 rakenne pysyy vakaana tuhansien kilometrien matkalla, on vertailevan <span class=\"iwg-fachbegriff\" data-tooltip=\"Tiede, joka tutkii uskontoja vertailevasti ja sitoutumattomasti.\" tabindex=\"0\">uskontotieteen<\/span> mielest\u00e4 yksi sen huomattavimmista havainnoista ja on edelleen k\u00e4ynniss\u00e4 olevan keskustelun kohteena.<\/p>\t\t\t\t\t\t\t\t<\/div>\n\t\t\t\t<\/div>\n\t\t\t\t\t<\/div>\n\t\t\t\t<\/div>\n\t\t<div class=\"elementor-element elementor-element-iwgw-saivo-s1 e-flex e-con-boxed e-con e-parent\" data-id=\"iwgw-saivo-s1\" data-element_type=\"container\" data-e-type=\"container\">\n\t\t\t\t\t<div class=\"e-con-inner\">\n\t\t\t\t<div class=\"elementor-element elementor-element-iwgw-saivo-s1h elementor-widget elementor-widget-heading\" data-id=\"iwgw-saivo-s1h\" data-element_type=\"widget\" data-e-type=\"widget\" data-widget_type=\"heading.default\">\n\t\t\t\t\t<h2 class=\"elementor-heading-title elementor-size-default\">Nimi ja etymologia<\/h2>\t\t\t\t<\/div>\n\t\t<div class=\"elementor-element elementor-element-iwgw-saivo-s1c e-con-full e-flex e-con e-child\" data-id=\"iwgw-saivo-s1c\" data-element_type=\"container\" data-e-type=\"container\">\n\t\t\t\t<div class=\"elementor-element elementor-element-iwgw-saivo-s1t elementor-widget elementor-widget-text-editor\" data-id=\"iwgw-saivo-s1t\" data-element_type=\"widget\" data-e-type=\"widget\" data-widget_type=\"text-editor.default\">\n\t\t\t\t\t\t\t\t\t<p>Nimen Saivo kielellinen alkuper\u00e4 ei ole lopullisesti selvitetty. Yhden hypoteesin mukaan se liittyy muinaisnorjan sanaan <em>s\u00e6<\/em>, joka tarkoittaa merta tai j\u00e4rve\u00e4, mik\u00e4 sopisi yhteen vesisymboliikan kanssa. Toisen hypoteesin mukaan kyseess\u00e4 on itsen\u00e4inen uralilainen juuri, joka tarkoittaa <span class=\"iwg-fachbegriff\" data-tooltip=\"Jumalalliseen kuuluva ja siten tavanomaisesta k\u00e4yt\u00f6st\u00e4 eristetty.\" tabindex=\"0\">pyh\u00e4\u00e4<\/span> tai piilossa olevaa.<\/p><p>Etymologisesti on keskusteltu sukulaisuudesta suomen kielen sanan <em>s\u00e4iv\u00f6<\/em> kanssa, joka viittaa samankaltaisiin pyhiin paikkoihin. T\u00e4m\u00e4 yhteys on uskontofenomenologisesti hedelm\u00e4llinen ja viittaa vanhaan suomalais-ugrilaiseen kerrostumaan.<\/p><p>Murteellisia muunnoksia ovat etel\u00e4saamen Saivve, uumajansaamen S\u00e1jvva ja pohjoissaamen S\u00e1ivvu. T\u00e4m\u00e4 moninaisuus vastaa saamen kielen yleist\u00e4 murteellista jakautumista.<\/p><p>Uskontososiologisesti on kysytt\u00e4v\u00e4, mit\u00e4 teht\u00e4v\u00e4\u00e4 Saivo t\u00e4ytti perinteisen saamelaisyhteis\u00f6n sosiaalisessa j\u00e4rjestyksess\u00e4. Koska saivo-henget noaidien henkil\u00f6kohtaisina apuhenkin\u00e4 kannattelivat rituaalista k\u00e4yt\u00e4nt\u00f6\u00e4, uskonnollinen rakenne oli tiiviisti kietoutunut yhteiskunnalliseen el\u00e4m\u00e4\u00e4n.<\/p><p>T\u00e4m\u00e4 yhteys muodostaa omanlaisensa uskontoantropologisen tutkimuskent\u00e4n, jota erityisesti H\u00e5kan Rydving ja Konsta Kaikkonen ovat tutkineet j\u00e4rjestelm\u00e4llisesti.<\/p><p>Lis\u00e4ksi Saivolla on nyky\u00e4\u00e4n merkityst\u00e4 saamelaiselle identiteettipolitiikalle. Saamelaisten itsehallinnon ja alkuper\u00e4iskansojen oikeuksien kansainv\u00e4lisen tunnustamisen my\u00f6t\u00e4 pyh\u00e4t paikat ja niiden henkimaailma saavat uudelleen n\u00e4kyvyytt\u00e4. Uskontotutkimuksen ja poliittisen tunnustamisen vuorovaikutus on t\u00e4ss\u00e4 omanlaisensa tutkimusala, jota on viime vuosina k\u00e4sitelty entist\u00e4 tarkemmin.<\/p>\t\t\t\t\t\t\t\t<\/div>\n\t\t\t\t<\/div>\n\t\t\t\t\t<\/div>\n\t\t\t\t<\/div>\n\t\t<div class=\"elementor-element elementor-element-iwgw-saivo-s2 e-flex e-con-boxed e-con e-parent\" data-id=\"iwgw-saivo-s2\" data-element_type=\"container\" data-e-type=\"container\">\n\t\t\t\t\t<div class=\"e-con-inner\">\n\t\t\t\t<div class=\"elementor-element elementor-element-iwgw-saivo-s2h elementor-widget elementor-widget-heading\" data-id=\"iwgw-saivo-s2h\" data-element_type=\"widget\" data-e-type=\"widget\" data-widget_type=\"heading.default\">\n\t\t\t\t\t<h2 class=\"elementor-heading-title elementor-size-default\">Saivo-paikkojen topografia<\/h2>\t\t\t\t<\/div>\n\t\t<div class=\"elementor-element elementor-element-iwgw-saivo-s2c e-con-full e-flex e-con e-child\" data-id=\"iwgw-saivo-s2c\" data-element_type=\"container\" data-e-type=\"container\">\n\t\t\t\t<div class=\"elementor-element elementor-element-iwgw-saivo-s2t elementor-widget elementor-widget-text-editor\" data-id=\"iwgw-saivo-s2t\" data-element_type=\"widget\" data-e-type=\"widget\" data-widget_type=\"text-editor.default\">\n\t\t\t\t\t\t\t\t\t<p>Saivo-paikat sijoittuvat konkreettisesti saamelaiseen maisemaan. Tietyt vuoret, tietyt j\u00e4rvet ja tietyt kallionmuodostumat tunnistetaan saivoiksi. N\u00e4ihin paikkoihin osoitetaan uhrilahjoja ja rukouksia.<\/p><p>Ominaista on k\u00e4sitys k\u00e4\u00e4nteisest\u00e4 maailmasta saivo-vuoren tai saivo-j\u00e4rven alla. Kun saamelaiset asuvat pinnalla, saivo-henget asuvat sen alla peilautuneessa maailmassa. T\u00e4m\u00e4 peilikuva-k\u00e4sitys on uskontofenomenologisesti omanlaisensa ilmi\u00f6.<\/p><p>Konkreettiset saivo-paikat on dokumentoitu etnografisesti. Ne sijaitsevat perinteisill\u00e4 saamelaisten asuinalueilla ja niill\u00e4 on usein erityisi\u00e4 visuaalisia piirteit\u00e4, kuten silmiinpist\u00e4vi\u00e4 kallionmuodostumia, ep\u00e4tavallisia j\u00e4rvi\u00e4 tai erikoisen muotoisia vuoria.<\/p>\t\t\t\t\t\t\t\t<\/div>\n\t\t\t\t<\/div>\n\t\t\t\t\t<\/div>\n\t\t\t\t<\/div>\n\t\t<div class=\"elementor-element elementor-element-iwgw-saivo-s3 e-flex e-con-boxed e-con e-parent\" data-id=\"iwgw-saivo-s3\" data-element_type=\"container\" data-e-type=\"container\">\n\t\t\t\t\t<div class=\"e-con-inner\">\n\t\t\t\t<div class=\"elementor-element elementor-element-iwgw-saivo-s3h elementor-widget elementor-widget-heading\" data-id=\"iwgw-saivo-s3h\" data-element_type=\"widget\" data-e-type=\"widget\" data-widget_type=\"heading.default\">\n\t\t\t\t\t<h2 class=\"elementor-heading-title elementor-size-default\">Saivo-henget apuhenkin\u00e4<\/h2>\t\t\t\t<\/div>\n\t\t<div class=\"elementor-element elementor-element-iwgw-saivo-s3c e-con-full e-flex e-con e-child\" data-id=\"iwgw-saivo-s3c\" data-element_type=\"container\" data-e-type=\"container\">\n\t\t\t\t<div class=\"elementor-element elementor-element-iwgw-saivo-s3t elementor-widget elementor-widget-text-editor\" data-id=\"iwgw-saivo-s3t\" data-element_type=\"widget\" data-e-type=\"widget\" data-widget_type=\"text-editor.default\">\n\t\t\t\t\t\t\t\t\t<p>Saivo-henget ovat shamaanien henkil\u00f6kohtaisia apuhenki\u00e4. Ne voivat ilmesty\u00e4 eri muodoissa: Saivo-Lodde lintu-<span class=\"iwg-fachbegriff\" data-tooltip=\"Ruumiiton olento, jolle katsotaan olevan vaikutusta maailmassa.\" tabindex=\"0\">henken\u00e4<\/span>, Saivo-Guelie kala-<span class=\"iwg-fachbegriff\" data-tooltip=\"Ruumiiton olento, jolle katsotaan olevan vaikutusta maailmassa.\" tabindex=\"0\">henken\u00e4<\/span>, Saivo-Sarvva poro-<span class=\"iwg-fachbegriff\" data-tooltip=\"Ruumiiton olento, jolle katsotaan olevan vaikutusta maailmassa.\" tabindex=\"0\">henken\u00e4<\/span>, Saivo-Olmm\u00e1i ihmis-<span class=\"iwg-fachbegriff\" data-tooltip=\"Ruumiiton olento, jolle katsotaan olevan vaikutusta maailmassa.\" tabindex=\"0\">henken\u00e4<\/span>.<\/p><p>Jokaisella <span class=\"iwg-fachbegriff\" data-tooltip=\"Uskonnollinen erityisosaaja, jolle katsotaan kuuluvan ihmisten ja henkimaailman v\u00e4litt\u00e4minen.\" tabindex=\"0\">shamaanilla<\/span> oli yksi tai useampia henkil\u00f6kohtaisia Saivo-henki\u00e4, jotka olivat langenneet h\u00e4nen osakseen shamanistisen kutsumuksensa alkaessa. N\u00e4m\u00e4 apuhenget olivat sidoksissa shamaaniin koko h\u00e4nen el\u00e4m\u00e4ns\u00e4 ajan, ja ne voitiin siirt\u00e4\u00e4 seuraavalle sukupolvelle.<\/p><p>Tieteellisesti tarkasteltuna t\u00e4m\u00e4 apuhenkikonstellaatio on rakenteellisesti sukua <a href=\"https:\/\/iwell-guard.com\/fi\/inuit-ja-arktis-sedna-tornit\/\">inuiittien<\/a> tornait-k\u00e4sitykselle (ks. <a href=\"https:\/\/iwell-guard.com\/fi\/?page_id=144236\">Tornarssuk<\/a>). Rakenteellinen yht\u00e4l\u00e4isyys on uskontofenomenologisesti oma erillinen havainto, ja se viittaa sirkumpolaarisiin shamanistisiin universaaleihin.<\/p>\t\t\t\t\t\t\t\t<\/div>\n\t\t\t\t<\/div>\n\t\t\t\t\t<\/div>\n\t\t\t\t<\/div>\n\t\t<div class=\"elementor-element elementor-element-iwgw-saivo-s4 e-flex e-con-boxed e-con e-parent\" data-id=\"iwgw-saivo-s4\" data-element_type=\"container\" data-e-type=\"container\">\n\t\t\t\t\t<div class=\"e-con-inner\">\n\t\t\t\t<div class=\"elementor-element elementor-element-iwgw-saivo-s4h elementor-widget elementor-widget-heading\" data-id=\"iwgw-saivo-s4h\" data-element_type=\"widget\" data-e-type=\"widget\" data-widget_type=\"heading.default\">\n\t\t\t\t\t<h2 class=\"elementor-heading-title elementor-size-default\">Shamanistinen k\u00e4yt\u00e4nt\u00f6 Saivon kanssa<\/h2>\t\t\t\t<\/div>\n\t\t<div class=\"elementor-element elementor-element-iwgw-saivo-s4c e-con-full e-flex e-con e-child\" data-id=\"iwgw-saivo-s4c\" data-element_type=\"container\" data-e-type=\"container\">\n\t\t\t\t<div class=\"elementor-element elementor-element-iwgw-saivo-s4t elementor-widget elementor-widget-text-editor\" data-id=\"iwgw-saivo-s4t\" data-element_type=\"widget\" data-e-type=\"widget\" data-widget_type=\"text-editor.default\">\n\t\t\t\t\t\t\t\t\t<p>Noaidi-k\u00e4yt\u00e4nt\u00f6 oli l\u00e4heisesti sidoksissa Saivoon. Jokaisella transsimatkalla <span class=\"iwg-fachbegriff\" data-tooltip=\"Uskonnollinen erityisosaaja, jolle katsotaan kuuluvan ihmisten ja henkimaailman v\u00e4litt\u00e4minen.\" tabindex=\"0\">shamaani<\/span> kutsui avukseen Saivo-auttajansa, jotka n\u00e4yttiv\u00e4t h\u00e4nelle tien toiseen maailmaan. Transsi saatiin aikaan rummun ja joikun avulla.<\/p><p>Saivo-auttajat voivat avustaa shamaania monissa teht\u00e4viss\u00e4: sairauksien parantamisessa, s\u00e4\u00e4nennustuksessa, kadonneiden el\u00e4inten etsimisess\u00e4 ja yhteydenpidossa vainajiin <a href=\"https:\/\/iwell-guard.com\/fi\/?page_id=144252\">Jabmiidaibmussa<\/a>. T\u00e4m\u00e4 toimintojen moninaisuus on uskontofenomenologisesti tyypillist\u00e4.<\/p><p>Konkreettisia kertomuksia shamanistisista matkoista on yksityiskohtaisesti kuvattu Schefferuksen, Leemin ja L\u00e6stadiuksen l\u00e4hteiss\u00e4. N\u00e4ill\u00e4 kertomuksilla on keskeinen uskontoetnologinen merkitys saamelaisen shamanistisen k\u00e4yt\u00e4nn\u00f6n ymm\u00e4rt\u00e4misess\u00e4.<\/p>\t\t\t\t\t\t\t\t<\/div>\n\t\t\t\t<\/div>\n\t\t\t\t\t<\/div>\n\t\t\t\t<\/div>\n\t\t<div class=\"elementor-element elementor-element-iwgw-saivo-s5 e-flex e-con-boxed e-con e-parent\" data-id=\"iwgw-saivo-s5\" data-element_type=\"container\" data-e-type=\"container\">\n\t\t\t\t\t<div class=\"e-con-inner\">\n\t\t\t\t<div class=\"elementor-element elementor-element-iwgw-saivo-s5h elementor-widget elementor-widget-heading\" data-id=\"iwgw-saivo-s5h\" data-element_type=\"widget\" data-e-type=\"widget\" data-widget_type=\"heading.default\">\n\t\t\t\t\t<h2 class=\"elementor-heading-title elementor-size-default\">Saivo ja vainajat<\/h2>\t\t\t\t<\/div>\n\t\t<div class=\"elementor-element elementor-element-iwgw-saivo-s5c e-con-full e-flex e-con e-child\" data-id=\"iwgw-saivo-s5c\" data-element_type=\"container\" data-e-type=\"container\">\n\t\t\t\t<div class=\"elementor-element elementor-element-iwgw-saivo-s5t elementor-widget elementor-widget-text-editor\" data-id=\"iwgw-saivo-s5t\" data-element_type=\"widget\" data-e-type=\"widget\" data-widget_type=\"text-editor.default\">\n\t\t\t\t\t\t\t\t\t<p>Joissakin l\u00e4hteiss\u00e4 Saivo kuvataan paitsi henkimaailmana my\u00f6s er\u00e4iden vainajien asuinpaikkana. Shamaanien esi-is\u00e4t, siis aiemmat noaidit, asuvat Saivossa ja tulevat seuraajiensa apuhengiksi.<\/p><p>T\u00e4m\u00e4 k\u00e4sitys yhdist\u00e4\u00e4 Saivon <a href=\"https:\/\/iwell-guard.com\/fi\/?page_id=144252\">Jabmiidaibmuun<\/a> kuolleiden maailmojen kaksinaisuudessa. Jabmiidaibmu on tarkoitettu tavallisille vainajille, kun Saivo on erityinen paikka uskonnollisesti lahjakkaiden esi-isille.<\/p><p>Tieteellisesti tarkasteltuna t\u00e4m\u00e4 kuolleiden maailmojen kaksinaisuus on itsen\u00e4inen rakenne. Se erottaa saamelaisen perinteen perinteist\u00e4, joissa on vain yksi tuonpuoleinen, ja on uskontofenomenologisesti kehittynyt.<\/p>\t\t\t\t\t\t\t\t<\/div>\n\t\t\t\t<\/div>\n\t\t\t\t\t<\/div>\n\t\t\t\t<\/div>\n\t\t<div class=\"elementor-element elementor-element-iwgw-saivo-s6 e-flex e-con-boxed e-con e-parent\" data-id=\"iwgw-saivo-s6\" data-element_type=\"container\" data-e-type=\"container\">\n\t\t\t\t\t<div class=\"e-con-inner\">\n\t\t\t\t<div class=\"elementor-element elementor-element-iwgw-saivo-s6h elementor-widget elementor-widget-heading\" data-id=\"iwgw-saivo-s6h\" data-element_type=\"widget\" data-e-type=\"widget\" data-widget_type=\"heading.default\">\n\t\t\t\t\t<h2 class=\"elementor-heading-title elementor-size-default\">Saivo-tabut ja uhrik\u00e4yt\u00e4nt\u00f6<\/h2>\t\t\t\t<\/div>\n\t\t<div class=\"elementor-element elementor-element-iwgw-saivo-s6c e-con-full e-flex e-con e-child\" data-id=\"iwgw-saivo-s6c\" data-element_type=\"container\" data-e-type=\"container\">\n\t\t\t\t<div class=\"elementor-element elementor-element-iwgw-saivo-s6t elementor-widget elementor-widget-text-editor\" data-id=\"iwgw-saivo-s6t\" data-element_type=\"widget\" data-e-type=\"widget\" data-widget_type=\"text-editor.default\">\n\t\t\t\t\t\t\t\t\t<p>Saivo-paikkoja ymp\u00e4r\u00f6i lukuisia tabuja. Saivo-vuorella vierailevan t\u00e4ytyi olla <span class=\"iwg-fachbegriff\" data-tooltip=\"Vakiintuneeseen uskonnolliseen toimitukseen kuuluva.\" tabindex=\"0\">rituaalisesti<\/span> puhdas, h\u00e4n ei saanut lausua tietyj\u00e4 sanoja ja h\u00e4nen t\u00e4ytyi tuoda mukanaan uhrilahjoja. Saivo-tabujen rikkominen saattoi aiheuttaa sairautta, ep\u00e4onnea mets\u00e4styksess\u00e4 tai kuoleman.<\/p><p>Saivo-paikoissa annetut uhrilahjat koostuivat useimmiten poronsarvista, luista, kangaspaloista tai pienist\u00e4 veistetyist\u00e4 hahmoista. T\u00e4m\u00e4 k\u00e4yt\u00e4nt\u00f6 on osittain arkeologisesti todistettavissa, sill\u00e4 joistakin Saivo-paikoista on l\u00f6ydetty uhrij\u00e4\u00e4nteit\u00e4.<\/p><p>T\u00e4m\u00e4n uhrik\u00e4yt\u00e4nn\u00f6n s\u00e4ilyminen on tieteellisesti valaisevaa. Se mahdollistaa etnografisten muistiinpanojen arkeologisen todentamisen ja tekee Saivo-uskonnosta erityisen hyvin todistettavan tutkimuskohteen.<\/p>\t\t\t\t\t\t\t\t<\/div>\n\t\t\t\t<\/div>\n\t\t\t\t\t<\/div>\n\t\t\t\t<\/div>\n\t\t<div class=\"elementor-element elementor-element-iwgw-saivo-s7 e-flex e-con-boxed e-con e-parent\" data-id=\"iwgw-saivo-s7\" data-element_type=\"container\" data-e-type=\"container\">\n\t\t\t\t\t<div class=\"e-con-inner\">\n\t\t\t\t<div class=\"elementor-element elementor-element-iwgw-saivo-s7h elementor-widget elementor-widget-heading\" data-id=\"iwgw-saivo-s7h\" data-element_type=\"widget\" data-e-type=\"widget\" data-widget_type=\"heading.default\">\n\t\t\t\t\t<h2 class=\"elementor-heading-title elementor-size-default\">Vertailu muihin henkimaailmoihin<\/h2>\t\t\t\t<\/div>\n\t\t<div class=\"elementor-element elementor-element-iwgw-saivo-s7c e-con-full e-flex e-con e-child\" data-id=\"iwgw-saivo-s7c\" data-element_type=\"container\" data-e-type=\"container\">\n\t\t\t\t<div class=\"elementor-element elementor-element-iwgw-saivo-s7t elementor-widget elementor-widget-text-editor\" data-id=\"iwgw-saivo-s7t\" data-element_type=\"widget\" data-e-type=\"widget\" data-widget_type=\"text-editor.default\">\n\t\t\t\t\t\t\t\t\t<p>Saivo kuuluu topografisesti ankkuroituneiden henkimaailmojen luokkaan, joita esiintyy monissa alkuper\u00e4iskansojen uskonnoissa. Rakenteellisesti verrattavia ovat suomalainen Tuonela topografisine sijainteineen, nenetsien pyh\u00e4t vuoret sek\u00e4 Pohjois-Amerikan manido-kotimaat.<\/p><p>Saivon erityispiirre on kaksoism\u00e4\u00e4ritys topografisena paikkana ja henkil\u00f6kohtaisten auttajahenkien asuinsijana. T\u00e4m\u00e4 kaksoism\u00e4\u00e4ritys on uskontofenomenologisesti omintakeinen ja erottaa Saivon puhtaasti topografisista tai puhtaasti teologisista rakenteista.<\/p><p>Suomalais-ugrilaisen perinteen sis\u00e4ll\u00e4 Saivo on sukua suomalaiselle <em>s\u00e4iv\u00f6<\/em>-k\u00e4sitykselle. Rakenteellinen sukulaisuus viittaa vanhaan yhteiseen kerrostumaan. T\u00e4m\u00e4 kerrostuma on uskontohistoriallisesti hyvin dokumentoitu.<\/p>\t\t\t\t\t\t\t\t<\/div>\n\t\t\t\t<\/div>\n\t\t\t\t\t<\/div>\n\t\t\t\t<\/div>\n\t\t<div class=\"elementor-element elementor-element-iwgw-saivo-s8 e-flex e-con-boxed e-con e-parent\" data-id=\"iwgw-saivo-s8\" data-element_type=\"container\" data-e-type=\"container\">\n\t\t\t\t\t<div class=\"e-con-inner\">\n\t\t\t\t<div class=\"elementor-element elementor-element-iwgw-saivo-s8h elementor-widget elementor-widget-heading\" data-id=\"iwgw-saivo-s8h\" data-element_type=\"widget\" data-e-type=\"widget\" data-widget_type=\"heading.default\">\n\t\t\t\t\t<h2 class=\"elementor-heading-title elementor-size-default\">Tutkimus ja nykytila<\/h2>\t\t\t\t<\/div>\n\t\t<div class=\"elementor-element elementor-element-iwgw-saivo-s8c e-con-full e-flex e-con e-child\" data-id=\"iwgw-saivo-s8c\" data-element_type=\"container\" data-e-type=\"container\">\n\t\t\t\t<div class=\"elementor-element elementor-element-iwgw-saivo-s8t elementor-widget elementor-widget-text-editor\" data-id=\"iwgw-saivo-s8t\" data-element_type=\"widget\" data-e-type=\"widget\" data-widget_type=\"text-editor.default\">\n\t\t\t\t\t\t\t\t\t<p>Saivo-tutkimus on laaja-alaista. H\u00e5kan Rydving, Juha Pentik\u00e4inen, Anna Lia Berthelsen ja Konsta Kaikkonen ovat tutkineet j\u00e4rjestelm\u00e4llisesti Saivo-<span class=\"iwg-fachbegriff\" data-tooltip=\"Uskonnon jumalaa ja uskoa k\u00e4sittelev\u00e4 tieteellinen oppi.\" tabindex=\"0\">teologiaa<\/span>. Arkeologiset tutkimukset Saivo-paikoilla t\u00e4ydent\u00e4v\u00e4t etnografista l\u00e4hdeaineistoa.<\/p><p>Nykyaikaisessa saamelaisessa kulttuurin elvytt\u00e4misess\u00e4 Saivo on merkitt\u00e4v\u00e4 hahmo. Pyh\u00e4t vuoret ja j\u00e4rvet suojellaan nyky\u00e4\u00e4n osana saamelaista kulttuuriperint\u00f6\u00e4, mik\u00e4 on uskontopoliittisesti t\u00e4rke\u00e4 saavutus.<\/p><p>Tieteellisesti Saivon tutkimus on tuottava tutkimusalue. Konkreettisia tutkimustarpeita ovat uusien Saivo-paikkojen arkeologinen kartoittaminen ja Saivo-henkien tarkempi uskontofenomenologinen erittely.<\/p>\t\t\t\t\t\t\t\t<\/div>\n\t\t\t\t<\/div>\n\t\t\t\t\t<\/div>\n\t\t\t\t<\/div>\n\t\t<div class=\"elementor-element elementor-element-iwgw-saivo-s9 e-flex e-con-boxed e-con e-parent\" data-id=\"iwgw-saivo-s9\" data-element_type=\"container\" data-e-type=\"container\">\n\t\t\t\t\t<div class=\"e-con-inner\">\n\t\t\t\t<div class=\"elementor-element elementor-element-iwgw-saivo-s9h elementor-widget elementor-widget-heading\" data-id=\"iwgw-saivo-s9h\" data-element_type=\"widget\" data-e-type=\"widget\" data-widget_type=\"heading.default\">\n\t\t\t\t\t<h2 class=\"elementor-heading-title elementor-size-default\">Sanakirjan ristiviittaukset<\/h2>\t\t\t\t<\/div>\n\t\t<div class=\"elementor-element elementor-element-iwgw-saivo-s9c e-con-full e-flex e-con e-child\" data-id=\"iwgw-saivo-s9c\" data-element_type=\"container\" data-e-type=\"container\">\n\t\t\t\t<div class=\"elementor-element elementor-element-iwgw-saivo-s9t elementor-widget elementor-widget-text-editor\" data-id=\"iwgw-saivo-s9t\" data-element_type=\"widget\" data-e-type=\"widget\" data-widget_type=\"text-editor.default\">\n\t\t\t\t\t\t\t\t\t<p>Saivo liittyy <a href=\"https:\/\/iwell-guard.com\/fi\/?page_id=144252\">Jabmiidaibmuun<\/a>, <a href=\"https:\/\/iwell-guard.com\/fi\/?page_id=144244\">Beaiviin<\/a>, <a href=\"https:\/\/iwell-guard.com\/fi\/?page_id=144245\">M\u00e1nnuun<\/a>, <a href=\"https:\/\/iwell-guard.com\/fi\/?page_id=144246\">R\u00e1hkaan<\/a>, <a href=\"https:\/\/iwell-guard.com\/fi\/?page_id=144247\">Stalloon<\/a>, <a href=\"https:\/\/iwell-guard.com\/fi\/?page_id=144248\">Sara-Akkaan<\/a>, <a href=\"https:\/\/iwell-guard.com\/fi\/?page_id=144249\">Uksakkaan<\/a>, <a href=\"https:\/\/iwell-guard.com\/fi\/?page_id=144250\">Juksakkaan<\/a> ja <a href=\"https:\/\/iwell-guard.com\/fi\/?page_id=144251\">Madderakkaan<\/a>. Kulttuurikeskus <a href=\"https:\/\/iwell-guard.com\/fi\/saamelaiset-noaidi-rumpu\/\">saamelainen perinne<\/a> asettaa kehykset pyhille vuorimaailmoille. Rakenteellisesti samankaltaisia apuhenkien asuinpaikkoja l\u00f6ytyy <a href=\"https:\/\/iwell-guard.com\/fi\/inuit-ja-arktis-sedna-tornit\/\">inuiittien<\/a> hakusanasarjasta kohdassa <em>Tornarssuk<\/em>.<\/p>\t\t\t\t\t\t\t\t<\/div>\n\t\t\t\t<\/div>\n\t\t\t\t\t<\/div>\n\t\t\t\t<\/div>\n\t\t<div class=\"elementor-element elementor-element-cp2fc47813 e-flex e-con-boxed e-con e-parent\" data-id=\"cp2fc47813\" data-element_type=\"container\" data-e-type=\"container\">\n\t\t\t\t\t<div class=\"e-con-inner\">\n\t\t\t\t<div class=\"elementor-element elementor-element-cp2a94fa09 elementor-widget elementor-widget-heading\" data-id=\"cp2a94fa09\" data-element_type=\"widget\" data-e-type=\"widget\" data-widget_type=\"heading.default\">\n\t\t\t\t\t<h2 class=\"elementor-heading-title elementor-size-default\">Saivo paikkana ja olentojen alueena: k\u00e4sitteen merkityksest\u00e4<\/h2>\t\t\t\t<\/div>\n\t\t<div class=\"elementor-element elementor-element-cp2ffcc7ba e-flex e-con-boxed e-con e-child\" data-id=\"cp2ffcc7ba\" data-element_type=\"container\" data-e-type=\"container\">\n\t\t\t\t\t<div class=\"e-con-inner\">\n\t\t\t\t<div class=\"elementor-element elementor-element-cp2493c457 elementor-widget elementor-widget-text-editor\" data-id=\"cp2493c457\" data-element_type=\"widget\" data-e-type=\"widget\" data-widget_type=\"text-editor.default\">\n\t\t\t\t\t\t\t\t\t<p>Saamelainen k\u00e4site <em>saivo<\/em> (alueellisina muunnelmina my\u00f6s <em>saiva<\/em>, <em>s\u00e1iva<\/em>) ei tarkoita niink\u00e4\u00e4n yksitt\u00e4ist\u00e4 olentoa kuin kokonaista tuonpuoleisen maailman aluetta. L\u00e4hteiss\u00e4 saivo esiintyy sf\u00e4\u00e4rin\u00e4, joka liittyi tiettyihin pyhiin j\u00e4rviin, vuoriin ja maiseman paikkoihin.<\/p><p>K\u00e4sitykselle on ominaista ajatus j\u00e4rvist\u00e4, joilla on kaksi pohjaa: n\u00e4kyv\u00e4n vesist\u00f6n alla on toinen, jossa on olemassa oma maailma omine kaloineen ja olentoineen.<\/p><p>Saivoon liittyi k\u00e4sitys, ett\u00e4 siell\u00e4 eliv\u00e4t <em>saivo<\/em>-olennot, joihin luettiin my\u00f6s <em>noaidin<\/em>, saamelaisten rituaalisten erikoisosaajien, auttajahenget. N\u00e4m\u00e4 henget saattoivat ottaa el\u00e4inhahmon, esimerkiksi <em>saivo<\/em>-kalan, <em>saivo<\/em>-linnun tai <em>saivo<\/em>-poron muodon, ja ne auttoivat noaidia h\u00e4nen matkoillaan tuonpuoleisiin alueisiin.<\/p><p>Samalla saivoa pidettiin joissakin perim\u00e4tiedoissa vainajien tai tiettyjen esi-isien olinpaikkana, jolloin k\u00e4site tarkoittaa tilaa, jossa henkimaailma ja vainajien maailma kohtaavat.<\/p><p>Saivon t\u00e4sm\u00e4llinen rajaaminen suhteessa saamelaisen <span class=\"iwg-fachbegriff\" data-tooltip=\"K\u00e4sitys kulttuurin sis\u00e4isest\u00e4 maailman rakenteesta ja j\u00e4rjestyksest\u00e4.\" tabindex=\"0\">kosmologian<\/span> muihin tuonpuoleisiin alueisiin ei ole l\u00e4hteiss\u00e4 yhten\u00e4inen. Saivon rinnalla mainitaan my\u00f6s maan alla sijaitseva alamaailma ja taivaalliset sf\u00e4\u00e4rit, ja kertomukset ovat osin ristiriitaisia.<\/p><p>T\u00e4m\u00e4 johtuu toisaalta saamelaisen uskonnon alueellisesta moninaisuudesta valtavalla asuinalueella, toisaalta kristillisten tarkkailijoiden suodattamasta ja hajanaisesta <span class=\"iwg-fachbegriff\" data-tooltip=\"Tiedon ja kertomusten v\u00e4littyminen sukupolvelta toiselle.\" tabindex=\"0\">perim\u00e4tiedosta<\/span>. Voidaan todeta, ett\u00e4 saivo oli keskeinen mutta k\u00e4sitteellisesti ep\u00e4m\u00e4\u00e4r\u00e4inen osa saamelaista k\u00e4sityst\u00e4 monikerroksisesta maailmasta. Vastaavia pyhien paikkojen k\u00e4sitteit\u00e4 tunnetaan my\u00f6s muissa <a href=\"https:\/\/iwell-guard.com\/fi\/saamelaiset-noaidi-rumpu\/\">Pohjois-Euraasian kulttuureissa<\/a>.<\/p>\t\t\t\t\t\t\t\t<\/div>\n\t\t\t\t\t<\/div>\n\t\t\t\t<\/div>\n\t\t\t\t\t<\/div>\n\t\t\t\t<\/div>\n\t\t<div class=\"elementor-element elementor-element-cp2a7ae17a e-flex e-con-boxed e-con e-parent\" data-id=\"cp2a7ae17a\" data-element_type=\"container\" data-e-type=\"container\">\n\t\t\t\t\t<div class=\"e-con-inner\">\n\t\t\t\t<div class=\"elementor-element elementor-element-cp2b8c42db elementor-widget elementor-widget-heading\" data-id=\"cp2b8c42db\" data-element_type=\"widget\" data-e-type=\"widget\" data-widget_type=\"heading.default\">\n\t\t\t\t\t<h2 class=\"elementor-heading-title elementor-size-default\">Saivo-henget ja shamanistinen k\u00e4yt\u00e4nt\u00f6: l\u00e4hetysty\u00f6n v\u00e4\u00e4rist\u00e4m\u00e4 perim\u00e4tieto<\/h2>\t\t\t\t<\/div>\n\t\t<div class=\"elementor-element elementor-element-cp2ac09e8f e-flex e-con-boxed e-con e-child\" data-id=\"cp2ac09e8f\" data-element_type=\"container\" data-e-type=\"container\">\n\t\t\t\t\t<div class=\"e-con-inner\">\n\t\t\t\t<div class=\"elementor-element elementor-element-cp21d51adc elementor-widget elementor-widget-text-editor\" data-id=\"cp21d51adc\" data-element_type=\"widget\" data-e-type=\"widget\" data-widget_type=\"text-editor.default\">\n\t\t\t\t\t\t\t\t\t<p>Saivon yhteys noaidin k\u00e4yt\u00e4nt\u00f6\u00f6n tekee k\u00e4sitteest\u00e4 t\u00e4rke\u00e4n uskontotieteelle, mutta samalla erityisen arkaluontoisen l\u00e4hdekriittisesti.<\/p><p>Melkein kaikki, mit\u00e4 saivo-auttajahengist\u00e4 tiedet\u00e4\u00e4n, on per\u00e4isin 1600- ja 1700-luvun kristillisten l\u00e4hetyssaarnaajien kirjoituksista, jotka pitiv\u00e4t noaidia ja h\u00e4nen rumpuaan Paholaisen v\u00e4likappaleina. Kertomukset saivo-hengist\u00e4 syntyiv\u00e4t siis alkuper\u00e4isuskonnon aktiivisen torjumisen yhteydess\u00e4.<\/p><p>T\u00e4m\u00e4 syntytilanne on muotoillut <span class=\"iwg-fachbegriff\" data-tooltip=\"Tiedon ja kertomusten v\u00e4littyminen sukupolvelta toiselle.\" tabindex=\"0\">perim\u00e4tietoa<\/span> monella tavalla. Ensinn\u00e4kin tarkkailijat demonisoivat saivo-henget ja pakottivat ne kristilliseen liiton ja riivauksen kaavaan.<\/p><p>Toiseksi kirjaajat olivat kiinnostuneita ensisijaisesti spektaakkelimaisista asioista, kuten noaidin transsista, kun taas saivon arkiset yhteydet maisemaan ja mets\u00e4stykseen saivat v\u00e4hemm\u00e4n huomiota. Kolmanneksi monet tiedot ovat per\u00e4isin kuulustelutilanteista, esimerkiksi saamelaisia rituaalisia erikoisosaajia vastaan k\u00e4ydyist\u00e4 oikeudenk\u00e4ynneist\u00e4, mik\u00e4 heikent\u00e4\u00e4 luotettavuutta entisest\u00e4\u00e4n.<\/p><p>Uudempi tutkimus, muun muassa H\u00e5kan Rydvingin ja muiden skandinavistien ja uskontotieteilij\u00f6iden ty\u00f6t, korostaa siksi, ettei perinteist\u00e4 saivo-henkien kuvaa saa lukea suoraan saamelaisten k\u00e4sitysten kuvastimena. Osa yksityiskohdista lienee l\u00e4hetysty\u00f6n luomuksia, toiset saattavat kuitenkin osua alkuper\u00e4isen perinteen ytimeen.<\/p><p>Suhteellisen hyvin varmistuneena pidet\u00e4\u00e4n perusajatusta saivosta henkien asuttamana tuonpuoleisena alueena, joka liittyi konkreettisiin pyhiin paikkoihin maisemassa. Saivo-henkien yksityiskohdat ja niiden rooli noaidin k\u00e4yt\u00e4nn\u00f6ss\u00e4 sen sijaan sis\u00e4lt\u00e4v\u00e4t huomattavaa ep\u00e4varmuutta.<\/p>\t\t\t\t\t\t\t\t<\/div>\n\t\t\t\t\t<\/div>\n\t\t\t\t<\/div>\n\t\t\t\t\t<\/div>\n\t\t\t\t<\/div>\n\t\t<div class=\"elementor-element elementor-element-iwgw-saivo-lit e-flex e-con-boxed e-con e-parent\" data-id=\"iwgw-saivo-lit\" data-element_type=\"container\" data-e-type=\"container\">\n\t\t\t\t\t<div class=\"e-con-inner\">\n\t\t\t\t<div class=\"elementor-element elementor-element-iwgw-saivo-lith elementor-widget elementor-widget-heading\" data-id=\"iwgw-saivo-lith\" data-element_type=\"widget\" data-e-type=\"widget\" data-widget_type=\"heading.default\">\n\t\t\t\t\t<h2 class=\"elementor-heading-title elementor-size-default\">Kirjallisuus (valikoima)<\/h2>\t\t\t\t<\/div>\n\t\t<div class=\"elementor-element elementor-element-iwgw-saivo-litc e-con-full e-flex e-con e-child\" data-id=\"iwgw-saivo-litc\" data-element_type=\"container\" data-e-type=\"container\">\n\t\t\t\t<div class=\"elementor-element elementor-element-iwgw-saivo-litt elementor-widget elementor-widget-text-editor\" data-id=\"iwgw-saivo-litt\" data-element_type=\"widget\" data-e-type=\"widget\" data-widget_type=\"text-editor.default\">\n\t\t\t\t\t\t\t\t\t<div data-nosnippet=\"true\"><ul><li>Johannes Schefferus: <em>Lapponia<\/em> (Frankfurt 1673)<\/li><li>Knud Leem: <em>Beskrivelse over Finmarkens Lapper<\/em> (Kopenhagen 1767)<\/li><li>Lars Levi L\u00e6stadius: <em>Fragmenter i lappska mythologien<\/em> (Manuskript ca. 1840)<\/li><li>H\u00e5kan Rydving: <em>The End of Drum-Time<\/em> (Uppsala 1993)<\/li><li>Juha Pentik\u00e4inen: <em>Saamelaiset<\/em> (Helsinki 1995)<\/li><li>Konsta Kaikkonen: <em>Sami Pre-Christian Religion<\/em> (Helsinki 2020)<\/li><\/ul><\/div>\t\t\t\t\t\t\t\t<\/div>\n\t\t\t\t<\/div>\n\t\t\t\t\t<\/div>\n\t\t\t\t<\/div>\n\t\t<div class=\"elementor-element elementor-element-iwgkw2-add-saivo e-flex e-con-boxed e-con e-parent\" data-id=\"iwgkw2-add-saivo\" data-element_type=\"container\" data-e-type=\"container\">\n\t\t\t\t\t<div class=\"e-con-inner\">\n\t\t\t\t<div class=\"elementor-element elementor-element-iwgkw2-add-saivo-t elementor-widget elementor-widget-text-editor\" data-id=\"iwgkw2-add-saivo-t\" data-element_type=\"widget\" data-e-type=\"widget\" data-widget_type=\"text-editor.default\">\n\t\t\t\t\t\t\t\t\t<p>Saivoa pidet\u00e4\u00e4n vanhemmassa saamelaisessa <span class=\"iwg-fachbegriff\" data-tooltip=\"Tiedon ja kertomusten v\u00e4littyminen sukupolvelta toiselle.\" tabindex=\"0\">perim\u00e4tiedossa<\/span> pyh\u00e4n\u00e4 <em>henkien kotina<\/em> vuorten ja j\u00e4rvien sis\u00e4ll\u00e4, jossa esi-is\u00e4t ja shamanistiset auttajael\u00e4imet asuvat ja jonne noaidi matkustaa rumpumatkoillaan.<\/p>\t\t\t\t\t\t\t\t<\/div>\n\t\t\t\t\t<\/div>\n\t\t\t\t<\/div>\n\t\t<div class=\"elementor-element elementor-element-iwgw-saivo-kwd e-flex e-con-boxed e-con e-parent\" data-id=\"iwgw-saivo-kwd\" data-element_type=\"container\" data-e-type=\"container\">\n\t\t\t\t\t<div class=\"e-con-inner\">\n\t\t<div class=\"elementor-element elementor-element-iwgw-saivo-kwdc e-con-full e-flex e-con e-child\" data-id=\"iwgw-saivo-kwdc\" data-element_type=\"container\" data-e-type=\"container\">\n\t\t\t\t<div class=\"elementor-element elementor-element-iwgw-saivo-kwdt elementor-widget elementor-widget-text-editor\" data-id=\"iwgw-saivo-kwdt\" data-element_type=\"widget\" data-e-type=\"widget\" data-widget_type=\"text-editor.default\">\n\t\t\t\t\t\t\t\t\t<p><em>Aiheeseen liittyv\u00e4t avaink\u00e4sitteet: Saivo S\u00e1jvva Saaivo saamelainen pyh\u00e4 maailma henkien asuinpaikka noaidi auttajahenget.<\/em><\/p>\t\t\t\t\t\t\t\t<\/div>\n\t\t\t\t<\/div>\n\t\t\t\t\t<\/div>\n\t\t\t\t<\/div>\n\t\t<div class=\"elementor-element elementor-element-iwgw-saivo-cc e-flex e-con-boxed e-con e-parent\" data-id=\"iwgw-saivo-cc\" data-element_type=\"container\" data-e-type=\"container\" id=\"iwg-cc-saivo\">\n\t\t\t\t\t<div class=\"e-con-inner\">\n\t\t<div class=\"elementor-element elementor-element-iwgw-saivo-ccinner e-flex e-con-boxed e-con e-parent\" data-id=\"iwgw-saivo-ccinner\" data-element_type=\"container\" data-e-type=\"container\" data-settings=\"{&quot;background_background&quot;:&quot;classic&quot;}\">\n\t\t\t\t\t<div class=\"e-con-inner\">\n\t\t\t\t<div class=\"elementor-element elementor-element-iwgw-saivo-cch elementor-widget elementor-widget-heading\" data-id=\"iwgw-saivo-cch\" data-element_type=\"widget\" data-e-type=\"widget\" data-widget_type=\"heading.default\">\n\t\t\t\t\t<h2 class=\"elementor-heading-title elementor-size-default\">iWell Guard ja suojelutraditiot<\/h2>\t\t\t\t<\/div>\n\t\t\t\t<div class=\"elementor-element elementor-element-iwgw-saivo-cct elementor-widget elementor-widget-text-editor\" data-id=\"iwgw-saivo-cct\" data-element_type=\"widget\" data-e-type=\"widget\" data-widget_type=\"text-editor.default\">\n\t\t\t\t\t\t\t\t\t<div data-nosnippet=\"true\"><p>iWell Guard jatkaa kannettavien suojaesineiden kulttuurihistoriallista perinnett\u00e4, samaa perinnett\u00e4, jota edustavat <a href=\"https:\/\/iwell-guard.com\/fi\/saamelaiset-noaidi-rumpu\/\">saamelaiset<\/a> ja monet muut kulttuurit ymp\u00e4ri maailmaa. 41 kerrosta, aitoa kultaa, platinaa, hopeaa, valmistettu Saksassa. 30 p\u00e4iv\u00e4n palautusoikeus.<\/p><\/div>\t\t\t\t\t\t\t\t<\/div>\n\t\t\t\t<div class=\"elementor-element elementor-element-iwgw-saivo-ccb iwg-cc-button iwg-cc-cta-2026-05-13 elementor-widget elementor-widget-jet-button\" data-id=\"iwgw-saivo-ccb\" data-element_type=\"widget\" data-e-type=\"widget\" data-widget_type=\"jet-button.default\">\n\t\t\t\t<div class=\"elementor-widget-container\">\n\t\t\t\t\t<div class=\"elementor-jet-button jet-elements\"><div class=\"jet-button__container\"><a class=\"jet-button__instance jet-button__instance--icon-left hover-effect-1\" href=\"\/ueber-iwell-guard\/?utm_source=iwell-guard.com&amp;utm_medium=info-box&amp;utm_campaign=wesen-tradition\"><div class=\"jet-button__plane jet-button__plane-normal\"><\/div><div class=\"jet-button__plane jet-button__plane-hover\"><\/div><div class=\"jet-button__state jet-button__state-normal\"><span class=\"jet-button__label\">Lis\u00e4\u00e4 iWell Guardista<\/span><\/div><div class=\"jet-button__state jet-button__state-hover\"><span class=\"jet-button__label\">Lis\u00e4\u00e4 iWell Guardista<\/span><\/div><\/a><\/div><\/div><style>.elementor-element.elementor-element-iwgw-saivo-ccb .jet-button__instance{width:320px;height:56px;}.elementor-element.elementor-element-iwgw-saivo-ccb .jet-button__state-normal .jet-button__label{text-align:center;margin:0px 0px 0px 0px;color:#1a1b20;font-family:Montserrat,sans-serif;font-size:13px;font-weight:400;letter-spacing:4px;line-height:1.714em;text-transform:uppercase;}.elementor-element.elementor-element-iwgw-saivo-ccb .jet-button__state-hover .jet-button__label{text-align:center;margin:0px 0px 0px 0px;color:#FECC76;font-family:Montserrat,sans-serif;font-size:13px;font-weight:400;letter-spacing:4px;line-height:1.714em;text-transform:uppercase;}.elementor-element.elementor-element-iwgw-saivo-ccb .jet-button__plane-normal{background-color:#FECC76;border-style:solid;border-color:#C99540;border-width:2px 2px 2px 2px;}.elementor-element.elementor-element-iwgw-saivo-ccb .jet-button__plane-hover{background-color:rgba(0,0,0,0.55);border-style:solid;border-color:#FECC76;border-width:2px 2px 2px 2px;}<\/style>\t\t\t\t<\/div>\n\t\t\t\t<\/div>\n\t\t\t\t<div class=\"elementor-element elementor-element-iwgw-saivo-ccd elementor-widget elementor-widget-text-editor\" data-id=\"iwgw-saivo-ccd\" data-element_type=\"widget\" data-e-type=\"widget\" data-widget_type=\"text-editor.default\">\n\t\t\t\t\t\t\t\t\t<div data-nosnippet=\"true\"><p style=\"text-align:center;font-size:13px;opacity:0.7;margin-top:14px\" data-nosnippet=\"true\">Henkil\u00f6kohtaiset kokemukset voivat vaihdella. Ei l\u00e4\u00e4kinn\u00e4llinen laite. Ei paranemislupausta.<\/p><\/div>\t\t\t\t\t\t\t\t<\/div>\n\t\t\t\t\t<\/div>\n\t\t\t\t<\/div>\n\t\t\t\t\t<\/div>\n\t\t\t\t<\/div>\n\t\t<div class=\"elementor-element elementor-element-iwgw-saivo-disc e-flex e-con-boxed e-con e-parent\" data-id=\"iwgw-saivo-disc\" data-element_type=\"container\" data-e-type=\"container\">\n\t\t\t\t\t<div class=\"e-con-inner\">\n\t\t\t\t<div class=\"elementor-element elementor-element-iwgw-saivo-discw elementor-widget elementor-widget-html\" data-id=\"iwgw-saivo-discw\" data-element_type=\"widget\" data-e-type=\"widget\" data-widget_type=\"html.default\">\n\t\t\t\t\t<footer data-nosnippet=\"true\" class=\"iwg-disclaimer-block\"><p data-nosnippet=\"true\">iWell Guard <strong>ei ole l\u00e4\u00e4kinn\u00e4llinen laite<\/strong>, eik\u00e4 se korvaa l\u00e4\u00e4k\u00e4rin tai psykoterapeutin hoitoa. Uskontotieteelliset sis\u00e4ll\u00f6t ovat kulttuurihistoriallista tarkastelua, ei suositus hengelliseen k\u00e4yt\u00e4nt\u00f6\u00f6n.<\/p><\/footer>\t\t\t\t<\/div>\n\t\t\t\t\t<\/div>\n\t\t\t\t<\/div>\n\t\t\t\t<\/div>\n\t\t","protected":false},"excerpt":{"rendered":"","protected":false},"author":3,"featured_media":2889,"parent":0,"menu_order":0,"comment_status":"closed","ping_status":"closed","template":"elementor_header_footer","meta":{"_yoast_wpseo_focuskw":"Saivo saamelaisten pyh\u00e4 maailma","_yoast_wpseo_title":"Saivo - saamelaisten pyh\u00e4 maailma ja henkien kotisija","_yoast_wpseo_metadesc":"Saivo on saamelaisen uskonnon pyh\u00e4 vuoristo- ja j\u00e4rvimaailma, \u0161amaanien apuhenkien asuinsija. Uskontotieteellinen tarkastelu.","_yoast_wpseo_meta-robots-noindex":"","_yoast_wpseo_canonical":"","_angie_page":false,"gefaehrdungsstufe":"1","wesen_kultur":"sami","wesen_klasse":"geister","footnotes":""},"categories":[],"class_list":["post-144253","page","type-page","status-publish","has-post-thumbnail","hentry"],"yoast_head":"<!-- This site is optimized with the Yoast SEO Premium plugin v27.7 (Yoast SEO v28.3) - https:\/\/yoast.com\/product\/yoast-seo-premium-wordpress\/ -->\n<title>Saivo - saamelaisten pyh\u00e4 maailma ja henkien kotisija<\/title>\n<meta name=\"description\" content=\"Saivo on saamelaisen uskonnon pyh\u00e4 vuoristo- ja j\u00e4rvimaailma, \u0161amaanien apuhenkien asuinsija. Uskontotieteellinen tarkastelu.\" \/>\n<meta name=\"robots\" content=\"index, follow, max-snippet:-1, max-image-preview:large, max-video-preview:-1\" \/>\n<link rel=\"canonical\" href=\"https:\/\/iwell-guard.com\/fi\/saivo-saamelaisten-pyha-vuoristo-ja-jarvimaailma\/\" \/>\n<meta property=\"og:locale\" content=\"fi_FI\" \/>\n<meta property=\"og:type\" content=\"article\" \/>\n<meta property=\"og:title\" content=\"Saivo - saamelaisten pyh\u00e4 vuoristo- ja j\u00e4rvimaailma\" \/>\n<meta property=\"og:description\" content=\"Saivo on saamelaisen uskonnon pyh\u00e4 vuoristo- ja j\u00e4rvimaailma, \u0161amaanien apuhenkien asuinsija. Uskontotieteellinen tarkastelu.\" \/>\n<meta property=\"og:url\" content=\"https:\/\/iwell-guard.com\/fi\/saivo-saamelaisten-pyha-vuoristo-ja-jarvimaailma\/\" \/>\n<meta property=\"og:site_name\" content=\"iWell Guard\" \/>\n<meta property=\"article:modified_time\" content=\"2026-09-03T12:54:31+00:00\" \/>\n<meta property=\"og:image\" content=\"https:\/\/iwell-guard.com\/wp-content\/uploads\/2026\/05\/geister_sami_saivo.webp\" \/>\n\t<meta property=\"og:image:width\" content=\"1024\" \/>\n\t<meta property=\"og:image:height\" content=\"1536\" \/>\n\t<meta property=\"og:image:type\" content=\"image\/webp\" \/>\n<meta name=\"twitter:card\" content=\"summary_large_image\" \/>\n<script type=\"application\/ld+json\" class=\"yoast-schema-graph\">{\"@context\":\"https:\\\/\\\/schema.org\",\"@graph\":[{\"@type\":\"WebPage\",\"@id\":\"https:\\\/\\\/iwell-guard.com\\\/fi\\\/saivo-saamelaisten-pyha-vuoristo-ja-jarvimaailma\\\/\",\"url\":\"https:\\\/\\\/iwell-guard.com\\\/fi\\\/saivo-saamelaisten-pyha-vuoristo-ja-jarvimaailma\\\/\",\"name\":\"Saivo - saamelaisten pyh\u00e4 maailma ja henkien kotisija\",\"isPartOf\":{\"@id\":\"https:\\\/\\\/iwell-guard.com\\\/fi\\\/#website\"},\"primaryImageOfPage\":{\"@id\":\"https:\\\/\\\/iwell-guard.com\\\/fi\\\/saivo-saamelaisten-pyha-vuoristo-ja-jarvimaailma\\\/#primaryimage\"},\"image\":{\"@id\":\"https:\\\/\\\/iwell-guard.com\\\/fi\\\/saivo-saamelaisten-pyha-vuoristo-ja-jarvimaailma\\\/#primaryimage\"},\"thumbnailUrl\":\"https:\\\/\\\/iwell-guard.com\\\/wp-content\\\/uploads\\\/2026\\\/05\\\/geister_sami_saivo.webp\",\"datePublished\":\"2026-09-03T12:33:33+00:00\",\"dateModified\":\"2026-09-03T12:54:31+00:00\",\"description\":\"Saivo on saamelaisen uskonnon pyh\u00e4 vuoristo- ja j\u00e4rvimaailma, \u0161amaanien apuhenkien asuinsija. Uskontotieteellinen tarkastelu.\",\"breadcrumb\":{\"@id\":\"https:\\\/\\\/iwell-guard.com\\\/fi\\\/saivo-saamelaisten-pyha-vuoristo-ja-jarvimaailma\\\/#breadcrumb\"},\"inLanguage\":\"fi\",\"potentialAction\":[{\"@type\":\"ReadAction\",\"target\":[\"https:\\\/\\\/iwell-guard.com\\\/fi\\\/saivo-saamelaisten-pyha-vuoristo-ja-jarvimaailma\\\/\"]}]},{\"@type\":\"ImageObject\",\"inLanguage\":\"fi\",\"@id\":\"https:\\\/\\\/iwell-guard.com\\\/fi\\\/saivo-saamelaisten-pyha-vuoristo-ja-jarvimaailma\\\/#primaryimage\",\"url\":\"https:\\\/\\\/iwell-guard.com\\\/wp-content\\\/uploads\\\/2026\\\/05\\\/geister_sami_saivo.webp\",\"contentUrl\":\"https:\\\/\\\/iwell-guard.com\\\/wp-content\\\/uploads\\\/2026\\\/05\\\/geister_sami_saivo.webp\",\"width\":1024,\"height\":1536,\"caption\":\"Saamelaisen perinteen henki\u00e4.\"},{\"@type\":\"BreadcrumbList\",\"@id\":\"https:\\\/\\\/iwell-guard.com\\\/fi\\\/saivo-saamelaisten-pyha-vuoristo-ja-jarvimaailma\\\/#breadcrumb\",\"itemListElement\":[{\"@type\":\"ListItem\",\"position\":1,\"name\":\"Start\",\"item\":\"https:\\\/\\\/iwell-guard.com\\\/fi\\\/?page_id=143815\"},{\"@type\":\"ListItem\",\"position\":2,\"name\":\"Saivo &#8211; saamelaisten pyh\u00e4 vuoristo- ja j\u00e4rvimaailma\"}]},{\"@type\":\"WebSite\",\"@id\":\"https:\\\/\\\/iwell-guard.com\\\/fi\\\/#website\",\"url\":\"https:\\\/\\\/iwell-guard.com\\\/fi\\\/\",\"name\":\"iWell Guard\",\"description\":\"Schutz vor dunklen Einfl\u00fcssen\",\"publisher\":{\"@id\":\"https:\\\/\\\/iwell-guard.com\\\/fi\\\/#organization\"},\"potentialAction\":[{\"@type\":\"SearchAction\",\"target\":{\"@type\":\"EntryPoint\",\"urlTemplate\":\"https:\\\/\\\/iwell-guard.com\\\/fi\\\/?s={search_term_string}\"},\"query-input\":{\"@type\":\"PropertyValueSpecification\",\"valueRequired\":true,\"valueName\":\"search_term_string\"}}],\"inLanguage\":\"fi\"},{\"@type\":\"Organization\",\"@id\":\"https:\\\/\\\/iwell-guard.com\\\/fi\\\/#organization\",\"name\":\"Ittermann electronic GmbH\",\"url\":\"https:\\\/\\\/iwell-guard.com\\\/fi\\\/\",\"logo\":{\"@type\":\"ImageObject\",\"inLanguage\":\"fi\",\"@id\":\"https:\\\/\\\/iwell-guard.com\\\/fi\\\/#\\\/schema\\\/logo\\\/image\\\/\",\"url\":\"https:\\\/\\\/iwell-guard.com\\\/wp-content\\\/uploads\\\/2026\\\/05\\\/Ittermann-Logo-1182x237-1.png\",\"contentUrl\":\"https:\\\/\\\/iwell-guard.com\\\/wp-content\\\/uploads\\\/2026\\\/05\\\/Ittermann-Logo-1182x237-1.png\",\"width\":1182,\"height\":237,\"caption\":\"Ittermann electronic GmbH\"},\"image\":{\"@id\":\"https:\\\/\\\/iwell-guard.com\\\/fi\\\/#\\\/schema\\\/logo\\\/image\\\/\"},\"sameAs\":[\"https:\\\/\\\/pantip.com\\\/profile\\\/9367242\",\"https:\\\/\\\/micro.blog\\\/iwellguard\",\"https:\\\/\\\/www.diggerslist.com\\\/iwellguard\\\/about\",\"https:\\\/\\\/skitterphoto.com\\\/photographers\\\/2870314\\\/iwell-guard\",\"https:\\\/\\\/iwellguard.wordpress.com\\\/2026\\\/06\\\/06\\\/iwell-guard\\\/\",\"https:\\\/\\\/hub.docker.com\\\/u\\\/iwellguard\",\"https:\\\/\\\/www.pinterest.com\\\/iwellguard\\\/\",\"https:\\\/\\\/bit.ly\\\/m\\\/iwellguard\",\"https:\\\/\\\/entre-vos-mains.alsace.eu\\\/profiles\\\/iwellguard\\\/activity\",\"https:\\\/\\\/gravatar.com\\\/reallybeded8fd34\",\"https:\\\/\\\/naijamatta.com\\\/iwellguard\",\"https:\\\/\\\/www.goodreads.com\\\/iwellguard\",\"https:\\\/\\\/profile.hatena.ne.jp\\\/iwellguard\\\/\",\"https:\\\/\\\/experiment.com\\\/users\\\/iwellguard\",\"https:\\\/\\\/wakelet.com\\\/@iWellGuard82270\",\"https:\\\/\\\/www.chordie.com\\\/forum\\\/profile.php?id=2555664\",\"https:\\\/\\\/www.instapaper.com\\\/p\\\/17757966\",\"https:\\\/\\\/www.mapleprimes.com\\\/users\\\/iwellguard\",\"https:\\\/\\\/businesslistingplus.com\\\/profile\\\/iwell-guard\\\/\",\"https:\\\/\\\/telegra.ph\\\/iWell-Guard-06-06\",\"https:\\\/\\\/pbase.com\\\/iwellguard\\\/iwellguard\",\"https:\\\/\\\/b.hatena.ne.jp\\\/iwellguard\\\/20260607#bookmark-4788405196491818882\",\"https:\\\/\\\/fliphtml5.com\\\/home\\\/iwellguard\",\"https:\\\/\\\/anyflip.com\\\/homepage\\\/cmiwl#About\",\"https:\\\/\\\/transfur.com\\\/Users\\\/iwellguard\",\"http:\\\/\\\/delphi.larsbo.org\\\/user\\\/iwellguard\",\"https:\\\/\\\/jobs.lajobsportal.org\\\/profiles\\\/8380803-iwell-guard\",\"https:\\\/\\\/md.chaosdorf.de\\\/s\\\/jfbe5SBdJD\",\"https:\\\/\\\/www.lingvolive.com\\\/en-us\\\/profile\\\/9ecaeaca-ce11-4e51-9e71-01d55e2bff36\\\/translations\",\"https:\\\/\\\/www.fitday.com\\\/fitness\\\/forums\\\/members\\\/iwellguard.html\",\"https:\\\/\\\/www.mymeetbook.com\\\/iwellguard\",\"https:\\\/\\\/pxhere.com\\\/en\\\/photographer-me\\\/5040798\",\"https:\\\/\\\/disqus.com\\\/by\\\/iwellguard\\\/about\\\/\",\"https:\\\/\\\/pastelink.net\\\/hjwciqwq\",\"https:\\\/\\\/pubhtml5.com\\\/homepage\\\/scjhn\\\/\",\"https:\\\/\\\/www.bitchute.com\\\/channel\\\/2O2eOKzNqujT\",\"https:\\\/\\\/audiomack.com\\\/iwellguard\"]},{\"@type\":\"Article\",\"@id\":\"https:\\\/\\\/iwell-guard.com\\\/fi\\\/saivo-saamelaisten-pyha-vuoristo-ja-jarvimaailma\\\/#article\",\"isPartOf\":{\"@id\":\"https:\\\/\\\/iwell-guard.com\\\/fi\\\/saivo-saamelaisten-pyha-vuoristo-ja-jarvimaailma\\\/\"},\"author\":{\"name\":\"Ralf Ittermann\",\"@id\":\"https:\\\/\\\/iwell-guard.com\\\/fi\\\/#\\\/schema\\\/person\\\/ee2a27f1cac3406c7c6fb5820cb7349f\"},\"headline\":\"Saivo &#8211; saamelaisten pyh\u00e4 vuoristo- ja j\u00e4rvimaailma\",\"datePublished\":\"2026-09-03T12:33:33+00:00\",\"dateModified\":\"2026-09-03T12:54:31+00:00\",\"mainEntityOfPage\":{\"@id\":\"https:\\\/\\\/iwell-guard.com\\\/fi\\\/saivo-saamelaisten-pyha-vuoristo-ja-jarvimaailma\\\/\"},\"publisher\":{\"@id\":\"https:\\\/\\\/iwell-guard.com\\\/fi\\\/#organization\"},\"image\":{\"@id\":\"https:\\\/\\\/iwell-guard.com\\\/fi\\\/saivo-saamelaisten-pyha-vuoristo-ja-jarvimaailma\\\/#primaryimage\"},\"thumbnailUrl\":\"https:\\\/\\\/iwell-guard.com\\\/wp-content\\\/uploads\\\/2026\\\/05\\\/geister_sami_saivo.webp\",\"inLanguage\":\"fi\",\"description\":\"Saivo on saamelaisen uskonnon pyh\u00e4 vuoristo- ja j\u00e4rvimaailma, \u0161amaanien apuhenkien asuinsija. Uskontotieteellinen tarkastelu.\"}]}<\/script>\n<!-- \/ Yoast SEO Premium plugin. -->","yoast_head_json":{"title":"Saivo - saamelaisten pyh\u00e4 maailma ja henkien kotisija","description":"Saivo on saamelaisen uskonnon pyh\u00e4 vuoristo- ja j\u00e4rvimaailma, \u0161amaanien apuhenkien asuinsija. Uskontotieteellinen tarkastelu.","robots":{"index":"index","follow":"follow","max-snippet":"max-snippet:-1","max-image-preview":"max-image-preview:large","max-video-preview":"max-video-preview:-1"},"canonical":"https:\/\/iwell-guard.com\/fi\/saivo-saamelaisten-pyha-vuoristo-ja-jarvimaailma\/","og_locale":"fi_FI","og_type":"article","og_title":"Saivo - saamelaisten pyh\u00e4 vuoristo- ja j\u00e4rvimaailma","og_description":"Saivo on saamelaisen uskonnon pyh\u00e4 vuoristo- ja j\u00e4rvimaailma, \u0161amaanien apuhenkien asuinsija. Uskontotieteellinen tarkastelu.","og_url":"https:\/\/iwell-guard.com\/fi\/saivo-saamelaisten-pyha-vuoristo-ja-jarvimaailma\/","og_site_name":"iWell Guard","article_modified_time":"2026-09-03T12:54:31+00:00","og_image":[{"width":1024,"height":1536,"url":"https:\/\/iwell-guard.com\/wp-content\/uploads\/2026\/05\/geister_sami_saivo.webp","type":"image\/webp"}],"twitter_card":"summary_large_image","schema":{"@context":"https:\/\/schema.org","@graph":[{"@type":"Article","@id":"https:\/\/iwell-guard.com\/fi\/saivo-saamelaisten-pyha-vuoristo-ja-jarvimaailma\/#article","isPartOf":{"@id":"https:\/\/iwell-guard.com\/fi\/saivo-saamelaisten-pyha-vuoristo-ja-jarvimaailma\/"},"author":{"name":"Ralf Ittermann","@id":"https:\/\/iwell-guard.com\/fi\/#\/schema\/person\/ee2a27f1cac3406c7c6fb5820cb7349f"},"headline":"Saivo &#8211; saamelaisten pyh\u00e4 vuoristo- ja j\u00e4rvimaailma","datePublished":"2026-09-03T12:33:33+00:00","dateModified":"2026-09-03T12:54:31+00:00","mainEntityOfPage":{"@id":"https:\/\/iwell-guard.com\/fi\/saivo-saamelaisten-pyha-vuoristo-ja-jarvimaailma\/"},"publisher":{"@id":"https:\/\/iwell-guard.com\/fi\/#organization"},"image":{"@id":"https:\/\/iwell-guard.com\/fi\/saivo-saamelaisten-pyha-vuoristo-ja-jarvimaailma\/#primaryimage"},"thumbnailUrl":"https:\/\/iwell-guard.com\/wp-content\/uploads\/2026\/05\/geister_sami_saivo.webp","inLanguage":"fi","description":"Saivo on saamelaisen uskonnon pyh\u00e4 vuoristo- ja j\u00e4rvimaailma, \u0161amaanien apuhenkien asuinsija. Uskontotieteellinen tarkastelu."},{"@type":"WebPage","@id":"https:\/\/iwell-guard.com\/fi\/saivo-saamelaisten-pyha-vuoristo-ja-jarvimaailma\/","url":"https:\/\/iwell-guard.com\/fi\/saivo-saamelaisten-pyha-vuoristo-ja-jarvimaailma\/","name":"Saivo - saamelaisten pyh\u00e4 maailma ja henkien kotisija","isPartOf":{"@id":"https:\/\/iwell-guard.com\/fi\/#website"},"primaryImageOfPage":{"@id":"https:\/\/iwell-guard.com\/fi\/saivo-saamelaisten-pyha-vuoristo-ja-jarvimaailma\/#primaryimage"},"image":{"@id":"https:\/\/iwell-guard.com\/fi\/saivo-saamelaisten-pyha-vuoristo-ja-jarvimaailma\/#primaryimage"},"thumbnailUrl":"https:\/\/iwell-guard.com\/wp-content\/uploads\/2026\/05\/geister_sami_saivo.webp","datePublished":"2026-09-03T12:33:33+00:00","dateModified":"2026-09-03T12:54:31+00:00","description":"Saivo on saamelaisen uskonnon pyh\u00e4 vuoristo- ja j\u00e4rvimaailma, \u0161amaanien apuhenkien asuinsija. Uskontotieteellinen tarkastelu.","breadcrumb":{"@id":"https:\/\/iwell-guard.com\/fi\/saivo-saamelaisten-pyha-vuoristo-ja-jarvimaailma\/#breadcrumb"},"inLanguage":"fi","potentialAction":[{"@type":"ReadAction","target":["https:\/\/iwell-guard.com\/fi\/saivo-saamelaisten-pyha-vuoristo-ja-jarvimaailma\/"]}]},{"@type":"ImageObject","inLanguage":"fi","@id":"https:\/\/iwell-guard.com\/fi\/saivo-saamelaisten-pyha-vuoristo-ja-jarvimaailma\/#primaryimage","url":"https:\/\/iwell-guard.com\/wp-content\/uploads\/2026\/05\/geister_sami_saivo.webp","contentUrl":"https:\/\/iwell-guard.com\/wp-content\/uploads\/2026\/05\/geister_sami_saivo.webp","width":1024,"height":1536,"caption":"Saamelaisen perinteen henki\u00e4."},{"@type":"BreadcrumbList","@id":"https:\/\/iwell-guard.com\/fi\/saivo-saamelaisten-pyha-vuoristo-ja-jarvimaailma\/#breadcrumb","itemListElement":[{"@type":"ListItem","position":1,"name":"Start","item":"https:\/\/iwell-guard.com\/fi\/?page_id=143815"},{"@type":"ListItem","position":2,"name":"Saivo &#8211; saamelaisten pyh\u00e4 vuoristo- ja j\u00e4rvimaailma"}]},{"@type":"WebSite","@id":"https:\/\/iwell-guard.com\/fi\/#website","url":"https:\/\/iwell-guard.com\/fi\/","name":"iWell Guard","description":"Schutz vor dunklen Einfl\u00fcssen","publisher":{"@id":"https:\/\/iwell-guard.com\/fi\/#organization"},"potentialAction":[{"@type":"SearchAction","target":{"@type":"EntryPoint","urlTemplate":"https:\/\/iwell-guard.com\/fi\/?s={search_term_string}"},"query-input":{"@type":"PropertyValueSpecification","valueRequired":true,"valueName":"search_term_string"}}],"inLanguage":"fi"},{"@type":"Organization","@id":"https:\/\/iwell-guard.com\/fi\/#organization","name":"Ittermann electronic GmbH","url":"https:\/\/iwell-guard.com\/fi\/","logo":{"@type":"ImageObject","inLanguage":"fi","@id":"https:\/\/iwell-guard.com\/fi\/#\/schema\/logo\/image\/","url":"https:\/\/iwell-guard.com\/wp-content\/uploads\/2026\/05\/Ittermann-Logo-1182x237-1.png","contentUrl":"https:\/\/iwell-guard.com\/wp-content\/uploads\/2026\/05\/Ittermann-Logo-1182x237-1.png","width":1182,"height":237,"caption":"Ittermann electronic GmbH"},"image":{"@id":"https:\/\/iwell-guard.com\/fi\/#\/schema\/logo\/image\/"},"sameAs":["https:\/\/pantip.com\/profile\/9367242","https:\/\/micro.blog\/iwellguard","https:\/\/www.diggerslist.com\/iwellguard\/about","https:\/\/skitterphoto.com\/photographers\/2870314\/iwell-guard","https:\/\/iwellguard.wordpress.com\/2026\/06\/06\/iwell-guard\/","https:\/\/hub.docker.com\/u\/iwellguard","https:\/\/www.pinterest.com\/iwellguard\/","https:\/\/bit.ly\/m\/iwellguard","https:\/\/entre-vos-mains.alsace.eu\/profiles\/iwellguard\/activity","https:\/\/gravatar.com\/reallybeded8fd34","https:\/\/naijamatta.com\/iwellguard","https:\/\/www.goodreads.com\/iwellguard","https:\/\/profile.hatena.ne.jp\/iwellguard\/","https:\/\/experiment.com\/users\/iwellguard","https:\/\/wakelet.com\/@iWellGuard82270","https:\/\/www.chordie.com\/forum\/profile.php?id=2555664","https:\/\/www.instapaper.com\/p\/17757966","https:\/\/www.mapleprimes.com\/users\/iwellguard","https:\/\/businesslistingplus.com\/profile\/iwell-guard\/","https:\/\/telegra.ph\/iWell-Guard-06-06","https:\/\/pbase.com\/iwellguard\/iwellguard","https:\/\/b.hatena.ne.jp\/iwellguard\/20260607#bookmark-4788405196491818882","https:\/\/fliphtml5.com\/home\/iwellguard","https:\/\/anyflip.com\/homepage\/cmiwl#About","https:\/\/transfur.com\/Users\/iwellguard","http:\/\/delphi.larsbo.org\/user\/iwellguard","https:\/\/jobs.lajobsportal.org\/profiles\/8380803-iwell-guard","https:\/\/md.chaosdorf.de\/s\/jfbe5SBdJD","https:\/\/www.lingvolive.com\/en-us\/profile\/9ecaeaca-ce11-4e51-9e71-01d55e2bff36\/translations","https:\/\/www.fitday.com\/fitness\/forums\/members\/iwellguard.html","https:\/\/www.mymeetbook.com\/iwellguard","https:\/\/pxhere.com\/en\/photographer-me\/5040798","https:\/\/disqus.com\/by\/iwellguard\/about\/","https:\/\/pastelink.net\/hjwciqwq","https:\/\/pubhtml5.com\/homepage\/scjhn\/","https:\/\/www.bitchute.com\/channel\/2O2eOKzNqujT","https:\/\/audiomack.com\/iwellguard"]},{"@type":"Person","@id":"https:\/\/iwell-guard.com\/fi\/#\/schema\/person\/ee2a27f1cac3406c7c6fb5820cb7349f","name":"Ralf Ittermann","image":{"@type":"ImageObject","inLanguage":"fi","@id":"https:\/\/secure.gravatar.com\/avatar\/073c0153e350a5005b68eb752b445fea71f6b24a26da9449ad7e155e6b446c9d?s=96&d=mm&r=g","url":"https:\/\/secure.gravatar.com\/avatar\/073c0153e350a5005b68eb752b445fea71f6b24a26da9449ad7e155e6b446c9d?s=96&d=mm&r=g","contentUrl":"https:\/\/secure.gravatar.com\/avatar\/073c0153e350a5005b68eb752b445fea71f6b24a26da9449ad7e155e6b446c9d?s=96&d=mm&r=g","caption":"Ralf Ittermann"},"givenName":"Ralf","familyName":"Ittermann","jobTitle":"Gesch\u00e4ftsf\u00fchrer und redaktioneller Verantwortlicher","url":"https:\/\/iwell-guard.com\/fi\/author\/claude\/","description":"Ralf Ittermann ist Gesch\u00e4ftsf\u00fchrer der Ittermann electronic GmbH und redaktioneller Verantwortlicher des iWell-Guard-Lexikons. Er verbindet langj\u00e4hrige Erfahrung in der Pr\u00e4zisionsfertigung mit medialer Praxis und religionsgeschichtlicher Quellenarbeit.","worksFor":{"@type":"Organization","name":"Ittermann electronic GmbH","url":"https:\/\/ittermann.de\/","address":{"@type":"PostalAddress","streetAddress":"K\u00f6hlergasse 16-18","postalCode":"99842","addressLocality":"Ruhla","addressCountry":"DE"}},"knowsAbout":["Religionsgeschichte","Mythologie","Mediale Praxis","Energetische Diagnostik","Schutzpraxis","Volksglauben","Westliche Esoterik"]},{"@type":"Article","@id":"https:\/\/iwell-guard.com\/fi\/saivo-saamelaisten-pyha-vuoristo-ja-jarvimaailma\/#article","isPartOf":{"@id":"https:\/\/iwell-guard.com\/fi\/saivo-saamelaisten-pyha-vuoristo-ja-jarvimaailma\/"},"author":{"name":"Ralf Ittermann","@id":"https:\/\/iwell-guard.com\/fi\/#\/schema\/person\/ee2a27f1cac3406c7c6fb5820cb7349f"},"headline":"Saivo &#8211; saamelaisten pyh\u00e4 vuoristo- ja j\u00e4rvimaailma","datePublished":"2026-09-03T12:33:33+00:00","dateModified":"2026-09-03T12:54:31+00:00","mainEntityOfPage":{"@id":"https:\/\/iwell-guard.com\/fi\/saivo-saamelaisten-pyha-vuoristo-ja-jarvimaailma\/"},"publisher":{"@id":"https:\/\/iwell-guard.com\/fi\/#organization"},"image":{"@id":"https:\/\/iwell-guard.com\/fi\/saivo-saamelaisten-pyha-vuoristo-ja-jarvimaailma\/#primaryimage"},"thumbnailUrl":"https:\/\/iwell-guard.com\/wp-content\/uploads\/2026\/05\/geister_sami_saivo.webp","inLanguage":"fi","description":"Saivo on saamelaisen uskonnon pyh\u00e4 vuoristo- ja j\u00e4rvimaailma, \u0161amaanien apuhenkien asuinsija. Uskontotieteellinen tarkastelu."}]}},"_links":{"self":[{"href":"https:\/\/iwell-guard.com\/fi\/wp-json\/wp\/v2\/pages\/144253","targetHints":{"allow":["GET"]}}],"collection":[{"href":"https:\/\/iwell-guard.com\/fi\/wp-json\/wp\/v2\/pages"}],"about":[{"href":"https:\/\/iwell-guard.com\/fi\/wp-json\/wp\/v2\/types\/page"}],"author":[{"embeddable":true,"href":"https:\/\/iwell-guard.com\/fi\/wp-json\/wp\/v2\/users\/3"}],"replies":[{"embeddable":true,"href":"https:\/\/iwell-guard.com\/fi\/wp-json\/wp\/v2\/comments?post=144253"}],"version-history":[{"count":0,"href":"https:\/\/iwell-guard.com\/fi\/wp-json\/wp\/v2\/pages\/144253\/revisions"}],"wp:featuredmedia":[{"embeddable":true,"href":"https:\/\/iwell-guard.com\/fi\/wp-json\/wp\/v2\/media\/2889"}],"wp:attachment":[{"href":"https:\/\/iwell-guard.com\/fi\/wp-json\/wp\/v2\/media?parent=144253"}],"wp:term":[{"taxonomy":"category","embeddable":true,"href":"https:\/\/iwell-guard.com\/fi\/wp-json\/wp\/v2\/categories?post=144253"}],"curies":[{"name":"wp","href":"https:\/\/api.w.org\/{rel}","templated":true}]}}