{"id":144246,"date":"2026-09-03T12:33:29","date_gmt":"2026-09-03T12:33:29","guid":{"rendered":"https:\/\/iwell-guard.com\/?page_id=144246"},"modified":"2026-09-03T12:54:23","modified_gmt":"2026-09-03T12:54:23","slug":"rahka-saamelaisen-uskonnon-isajumala","status":"publish","type":"page","link":"https:\/\/iwell-guard.com\/fi\/rahka-saamelaisen-uskonnon-isajumala\/","title":{"rendered":"R\u00e1hka \u2013 saamelaisen uskonnon is\u00e4jumala"},"content":{"rendered":"\t\t<div data-elementor-type=\"wp-page\" data-elementor-id=\"144246\" class=\"elementor elementor-144246 elementor-2666 elementor-bc-flex-widget\" data-elementor-post-type=\"page\">\n\t\t\t\t<div class=\"elementor-element elementor-element-iwgw-raehka-hero e-flex e-con-boxed e-con e-parent\" data-id=\"iwgw-raehka-hero\" data-element_type=\"container\" data-e-type=\"container\" data-settings=\"{&quot;background_background&quot;:&quot;classic&quot;}\">\n\t\t\t\t\t<div class=\"e-con-inner\">\n\t\t<div class=\"elementor-element elementor-element-iwgw-raehka-hl e-flex e-con-boxed e-con e-child\" data-id=\"iwgw-raehka-hl\" data-element_type=\"container\" data-e-type=\"container\">\n\t\t\t\t\t<div class=\"e-con-inner\">\n\t\t<div class=\"elementor-element elementor-element-iwgw-raehka-htxt e-con-full e-flex e-con e-child\" data-id=\"iwgw-raehka-htxt\" data-element_type=\"container\" data-e-type=\"container\">\n\t\t\t\t<div class=\"elementor-element elementor-element-iwgw-raehka-h1 elementor-widget elementor-widget-heading\" data-id=\"iwgw-raehka-h1\" data-element_type=\"widget\" data-e-type=\"widget\" data-widget_type=\"heading.default\">\n\t\t\t\t\t<h1 class=\"elementor-heading-title elementor-size-default\">R\u00e1hka \u2013 saamelaisen uskonnon luojajumala ja is\u00e4prinsiippi<\/h1>\t\t\t\t<\/div>\n\t\t\t\t<div class=\"elementor-element elementor-element-iwgw-raehka-lead elementor-widget elementor-widget-text-editor\" data-id=\"iwgw-raehka-lead\" data-element_type=\"widget\" data-e-type=\"widget\" data-widget_type=\"text-editor.default\">\n\t\t\t\t\t\t\t\t\t<p>R\u00e1hka eli Radien-\u00c1h\u010d\u010di on saamelaisessa uskonnossa ylin is\u00e4jumala ja luoja. H\u00e4n on jumalpanteonin k\u00e4rjess\u00e4 ja antaa muille jumaluuksille voiman ja j\u00e4rjestyksen. Uskontotieteellisesti h\u00e4n kuuluu vet\u00e4ytyneiden korkeajumalten luokkaan (deus otiosus), joiden konkreettinen palvonta on v\u00e4h\u00e4isemp\u00e4\u00e4 kuin heid\u00e4n teologinen merkityksens\u00e4.<\/p>\t\t\t\t\t\t\t\t<\/div>\n\t\t\t\t<\/div>\n\t\t<div class=\"elementor-element elementor-element-iwgw-raehka-pillc e-con-full e-flex e-con e-child\" data-id=\"iwgw-raehka-pillc\" data-element_type=\"container\" data-e-type=\"container\">\n\t\t\t\t<div class=\"elementor-element elementor-element-iwgw-raehka-pills elementor-widget elementor-widget-html\" data-id=\"iwgw-raehka-pills\" data-element_type=\"widget\" data-e-type=\"widget\" data-widget_type=\"html.default\">\n\t\t\t\t\t<div class=\"iwg-pill-row\"><span class=\"iwg-klasse-badge\" tabindex=\"0\" data-tooltip=\"Saamelaisen perinteen jumala.\">Jumala<\/span><a href=\"https:\/\/iwell-guard.com\/fi\/saamelaiset-noaidi-rumpu\/\" class=\"iwg-kultur-badge\" tabindex=\"0\" data-tooltip=\"Saamelaisen perinteen mytologia.\">Saamelainen<\/a><span class=\"iwg-tradition-badge\" tabindex=\"0\" data-tooltip=\"Luoja ja is\u00e4jumala.\">Luoja ja is\u00e4jumala<\/span><\/div>\t\t\t\t<\/div>\n\t\t\t\t<\/div>\n\t\t<div class=\"elementor-element elementor-element-iwgw-raehka-tocc e-con-full e-flex e-con e-child\" data-id=\"iwgw-raehka-tocc\" data-element_type=\"container\" data-e-type=\"container\">\n\t\t\t\t<div class=\"elementor-element elementor-element-iwgw-raehka-toc elementor-toc--minimized-on-tablet elementor-widget elementor-widget-table-of-contents\" data-id=\"iwgw-raehka-toc\" data-element_type=\"widget\" data-e-type=\"widget\" data-settings=\"{&quot;headings_by_tags&quot;:[&quot;h2&quot;,&quot;h3&quot;],&quot;minimize_box&quot;:&quot;yes&quot;,&quot;marker_view&quot;:&quot;bullets&quot;,&quot;no_headings_message&quot;:&quot;T\\u00e4lt\\u00e4 sivulta ei l\\u00f6ytynyt otsikoita.&quot;,&quot;exclude_headings_by_selector&quot;:[],&quot;icon&quot;:{&quot;value&quot;:&quot;fas fa-circle&quot;,&quot;library&quot;:&quot;fa-solid&quot;,&quot;rendered_tag&quot;:&quot;&lt;svg class=\\&quot;e-font-icon-svg e-fas-circle\\&quot; viewBox=\\&quot;0 0 512 512\\&quot; xmlns=\\&quot;http:\\\/\\\/www.w3.org\\\/2000\\\/svg\\&quot;&gt;&lt;path d=\\&quot;M256 8C119 8 8 119 8 256s111 248 248 248 248-111 248-248S393 8 256 8z\\&quot;&gt;&lt;\\\/path&gt;&lt;\\\/svg&gt;&quot;},&quot;minimized_on&quot;:&quot;tablet&quot;,&quot;hierarchical_view&quot;:&quot;yes&quot;,&quot;min_height&quot;:{&quot;unit&quot;:&quot;px&quot;,&quot;size&quot;:&quot;&quot;,&quot;sizes&quot;:[]},&quot;min_height_tablet&quot;:{&quot;unit&quot;:&quot;px&quot;,&quot;size&quot;:&quot;&quot;,&quot;sizes&quot;:[]},&quot;min_height_mobile&quot;:{&quot;unit&quot;:&quot;px&quot;,&quot;size&quot;:&quot;&quot;,&quot;sizes&quot;:[]}}\" data-widget_type=\"table-of-contents.default\">\n\t\t\t\t\t\t\t\t\t<div class=\"elementor-toc__header\">\n\t\t\t\t\t\t<h2 class=\"elementor-toc__header-title\">\n\t\t\t\tSis\u00e4llysluettelo\t\t\t<\/h2>\n\t\t\t\t\t\t\t\t\t\t<div class=\"elementor-toc__toggle-button elementor-toc__toggle-button--expand\" role=\"button\" tabindex=\"0\" aria-controls=\"elementor-toc__iwgw-raehka-toc\" aria-expanded=\"true\" aria-label=\"Open table of contents\"><svg aria-hidden=\"true\" class=\"e-font-icon-svg e-fas-chevron-down\" viewBox=\"0 0 448 512\" xmlns=\"http:\/\/www.w3.org\/2000\/svg\"><path d=\"M207.029 381.476L12.686 187.132c-9.373-9.373-9.373-24.569 0-33.941l22.667-22.667c9.357-9.357 24.522-9.375 33.901-.04L224 284.505l154.745-154.021c9.379-9.335 24.544-9.317 33.901.04l22.667 22.667c9.373 9.373 9.373 24.569 0 33.941L240.971 381.476c-9.373 9.372-24.569 9.372-33.942 0z\"><\/path><\/svg><\/div>\n\t\t\t\t<div class=\"elementor-toc__toggle-button elementor-toc__toggle-button--collapse\" role=\"button\" tabindex=\"0\" aria-controls=\"elementor-toc__iwgw-raehka-toc\" aria-expanded=\"true\" aria-label=\"Close table of contents\"><svg aria-hidden=\"true\" class=\"e-font-icon-svg e-fas-chevron-up\" viewBox=\"0 0 448 512\" xmlns=\"http:\/\/www.w3.org\/2000\/svg\"><path d=\"M240.971 130.524l194.343 194.343c9.373 9.373 9.373 24.569 0 33.941l-22.667 22.667c-9.357 9.357-24.522 9.375-33.901.04L224 227.495 69.255 381.516c-9.379 9.335-24.544 9.317-33.901-.04l-22.667-22.667c-9.373-9.373-9.373-24.569 0-33.941L207.03 130.525c9.372-9.373 24.568-9.373 33.941-.001z\"><\/path><\/svg><\/div>\n\t\t\t\t\t<\/div>\n\t\t\t\t<div id=\"elementor-toc__iwgw-raehka-toc\" class=\"elementor-toc__body\">\n\t\t\t<div class=\"elementor-toc__spinner-container\">\n\t\t\t\t<svg class=\"elementor-toc__spinner eicon-animation-spin e-font-icon-svg e-eicon-loading\" aria-hidden=\"true\" viewBox=\"0 0 1000 1000\" xmlns=\"http:\/\/www.w3.org\/2000\/svg\"><path d=\"M500 975V858C696 858 858 696 858 500S696 142 500 142 142 304 142 500H25C25 237 238 25 500 25S975 237 975 500 763 975 500 975Z\"><\/path><\/svg>\t\t\t<\/div>\n\t\t<\/div>\n\t\t\t\t\t\t<\/div>\n\t\t\t\t<\/div>\n\t\t\t\t\t<\/div>\n\t\t\t\t<\/div>\n\t\t<div class=\"elementor-element elementor-element-iwgw-raehka-hr e-con-full e-flex e-con e-child\" data-id=\"iwgw-raehka-hr\" data-element_type=\"container\" data-e-type=\"container\">\n\t\t\t\t<div class=\"elementor-element elementor-element-iwgw-raehka-heroimg iwg-hero-image elementor-widget elementor-widget-image\" data-id=\"iwgw-raehka-heroimg\" data-element_type=\"widget\" data-e-type=\"widget\" data-widget_type=\"image.default\">\n\t\t\t\t\t\t\t\t\t\t\t\t\t\t\t<img fetchpriority=\"high\" decoding=\"async\" width=\"683\" height=\"1024\" src=\"https:\/\/iwell-guard.com\/wp-content\/uploads\/2026\/05\/goetter_sami_raehka-683x1024.webp\" class=\"attachment-large size-large wp-image-148749\" alt=\"Raehka - jumalat saamelaisesta perinteest\u00e4, historiallis-havainnollistava\" srcset=\"https:\/\/iwell-guard.com\/wp-content\/uploads\/2026\/05\/goetter_sami_raehka-683x1024.webp 683w, https:\/\/iwell-guard.com\/wp-content\/uploads\/2026\/05\/goetter_sami_raehka-200x300.webp 200w, https:\/\/iwell-guard.com\/wp-content\/uploads\/2026\/05\/goetter_sami_raehka-768x1152.webp 768w, https:\/\/iwell-guard.com\/wp-content\/uploads\/2026\/05\/goetter_sami_raehka.webp 1024w\" sizes=\"(max-width: 683px) 100vw, 683px\" \/>\t\t\t\t\t\t\t\t\t\t\t\t\t\t\t<\/div>\n\t\t\t\t<\/div>\n\t\t\t\t\t<\/div>\n\t\t\t\t<\/div>\n\t\t\t\t<section class=\"elementor-section elementor-top-section elementor-element elementor-element-sec-iwgcomp2-raehka elementor-section-boxed elementor-section-height-default elementor-section-height-default\" data-id=\"sec-iwgcomp2-raehka\" data-element_type=\"section\" data-e-type=\"section\">\n\t\t\t\t\t\t<div class=\"elementor-container elementor-column-gap-default\">\n\t\t\t\t\t<div class=\"elementor-column elementor-col-100 elementor-top-column elementor-element elementor-element-col-iwgcomp2-raehka\" data-id=\"col-iwgcomp2-raehka\" data-element_type=\"column\" data-e-type=\"column\">\n\t\t\t<div class=\"elementor-widget-wrap elementor-element-populated\">\n\t\t\t\t\t\t<div class=\"elementor-element elementor-element-iwgcomp2-raehka elementor-widget elementor-widget-text-editor\" data-id=\"iwgcomp2-raehka\" data-element_type=\"widget\" data-e-type=\"widget\" data-widget_type=\"text-editor.default\">\n\t\t\t\t\t\t\t\t\t<p>R\u00e1hkaa pidet\u00e4\u00e4n saamelaisen uskonnon <strong>luojajumalana<\/strong> ja is\u00e4prinsiippin\u00e4.<\/p>\t\t\t\t\t\t\t\t<\/div>\n\t\t\t\t\t<\/div>\n\t\t<\/div>\n\t\t\t\t\t<\/div>\n\t\t<\/section>\n\t\t\t\t<section class=\"elementor-section elementor-top-section elementor-element elementor-element-sec-iwgcomp-raehka elementor-section-boxed elementor-section-height-default elementor-section-height-default\" data-id=\"sec-iwgcomp-raehka\" data-element_type=\"section\" data-e-type=\"section\">\n\t\t\t\t\t\t<div class=\"elementor-container elementor-column-gap-default\">\n\t\t\t\t\t<div class=\"elementor-column elementor-col-100 elementor-top-column elementor-element elementor-element-col-iwgcomp-raehka\" data-id=\"col-iwgcomp-raehka\" data-element_type=\"column\" data-e-type=\"column\">\n\t\t\t<div class=\"elementor-widget-wrap elementor-element-populated\">\n\t\t\t\t\t\t<div class=\"elementor-element elementor-element-iwgcomp-raehka elementor-widget elementor-widget-text-editor\" data-id=\"iwgcomp-raehka\" data-element_type=\"widget\" data-e-type=\"widget\" data-widget_type=\"text-editor.default\">\n\t\t\t\t\t\t\t\t\t<p>R\u00e1hkaa pidet\u00e4\u00e4n saamelaisen uskonnon <strong>is\u00e4jumalana<\/strong> ja luojana, joka t\u00e4ydent\u00e4\u00e4 \u00e4idillist\u00e4 <span class=\"iwg-fachbegriff\" data-tooltip=\"Uskonnon tai kulttuurin jumalten kokonaisuus.\" tabindex=\"0\">panteonia<\/span> Maderakkan ja h\u00e4nen tytt\u00e4riens\u00e4 rinnalla.<\/p>\t\t\t\t\t\t\t\t<\/div>\n\t\t\t\t\t<\/div>\n\t\t<\/div>\n\t\t\t\t\t<\/div>\n\t\t<\/section>\n\t\t<div class=\"elementor-element elementor-element-iwgw-raehka-s0 e-flex e-con-boxed e-con e-parent\" data-id=\"iwgw-raehka-s0\" data-element_type=\"container\" data-e-type=\"container\">\n\t\t\t\t\t<div class=\"e-con-inner\">\n\t\t\t\t<div class=\"elementor-element elementor-element-iwgw-raehka-s0h elementor-widget elementor-widget-heading\" data-id=\"iwgw-raehka-s0h\" data-element_type=\"widget\" data-e-type=\"widget\" data-widget_type=\"heading.default\">\n\t\t\t\t\t<h2 class=\"elementor-heading-title elementor-size-default\">Tarkastelu ja lyhyt profiili<\/h2>\t\t\t\t<\/div>\n\t\t<div class=\"elementor-element elementor-element-iwgw-raehka-s0c e-con-full e-flex e-con e-child\" data-id=\"iwgw-raehka-s0c\" data-element_type=\"container\" data-e-type=\"container\">\n\t\t\t\t<div class=\"elementor-element elementor-element-iwgw-raehka-s0t elementor-widget elementor-widget-text-editor\" data-id=\"iwgw-raehka-s0t\" data-element_type=\"widget\" data-e-type=\"widget\" data-widget_type=\"text-editor.default\">\n\t\t\t\t\t\t\t\t\t<p>R\u00e1hka, jota l\u00e4hteiss\u00e4 kutsutaan my\u00f6s nimill\u00e4 Radien-\u00c1h\u010d\u010di, Radien-Attje tai Veralden-Olmm\u00e1i, on esikristillisen <a href=\"https:\/\/iwell-guard.com\/fi\/saamelaiset-noaidi-rumpu\/\">saamelaisen<\/a> uskonnon ylin miespuolinen hahmo. H\u00e4nen nimens\u00e4 tarkoittaa kirjaimellisesti hallitseva is\u00e4 tai maailman mies.<\/p><p>Uskontotieteellisesti R\u00e1hka kuuluu vet\u00e4ytyneiden korkeajumalten luokkaan: he ovat panteonin k\u00e4rjess\u00e4, mutta konkreettisessa <span class=\"iwg-fachbegriff\" data-tooltip=\"Jumaluuden tai pyh\u00e4n hahmon kunnioittamiseen liittyvien uskonnollisten toimien kokonaisuus.\" tabindex=\"0\">kultissa<\/span> v\u00e4hemm\u00e4n l\u00e4sn\u00e4 kuin heid\u00e4n poikansa, tytt\u00e4rens\u00e4 tai toiminnallisesti erikoistuneet alajumalat. T\u00e4m\u00e4 asetelma on uskontofenomenologisesti todistettu monissa uskonnoissa maailmanlaajuisesti.<\/p><p>H\u00e4nen poikansa Radien-Pardne kuvataan joissakin l\u00e4hteiss\u00e4 is\u00e4n toimeenpanevana voimana. T\u00e4m\u00e4 is\u00e4-poika-asetelma aiheutti h\u00e4mmennyst\u00e4 kristillisess\u00e4 l\u00e4hetysty\u00f6ss\u00e4, koska se muistutti kristillisi\u00e4 kolminaisuusluokkia ja tulkittiin osin niiden mukaisesti uudelleen. T\u00e4t\u00e4 uudelleentulkintaa on tieteellisesti syyt\u00e4 tarkastella kriittisesti.<\/p><p>R\u00e1hkan kohdalla k\u00e4y erityisen selv\u00e4sti ilmi, kuinka paljon hienovaraista metodologista otetta tarvitaan: etnografinen t\u00e4sm\u00e4llisyys, kielellinen l\u00e4hdekritiikki ja vertaileva n\u00e4k\u00f6kulma on yhdistett\u00e4v\u00e4, jotta t\u00e4m\u00e4 monin nimin kutsuttu korkeajumalhahmo voidaan hahmottaa t\u00e4sm\u00e4llisesti. Saamelaiset tutkijat itse osallistuvat nyky\u00e4\u00e4n t\u00e4h\u00e4n ty\u00f6h\u00f6n ja korjaavat vanhempia l\u00e4nsimaisia tulkintoja, joissa oli toisinaan kolonialistisia piirteit\u00e4.<\/p><p>Vet\u00e4ytyneen\u00e4 korkeajumalana R\u00e1hka asettuu osaksi sirkumpolaarista uskonnollista topografiaa, joka toistaa samaa rakennetta laajalla alueella. T\u00e4m\u00e4 rakenteellinen pysyvyys tuhansien kilometrien matkalla on yksi vertailevan <span class=\"iwg-fachbegriff\" data-tooltip=\"Tiede, joka tutkii uskontoja vertailevasti ja tunnustuksettomasti.\" tabindex=\"0\">uskontotieteen<\/span> huomattavimmista havainnoista, ja se on edelleen k\u00e4ynniss\u00e4 olevan keskustelun kohteena.<\/p>\t\t\t\t\t\t\t\t<\/div>\n\t\t\t\t<\/div>\n\t\t\t\t\t<\/div>\n\t\t\t\t<\/div>\n\t\t<div class=\"elementor-element elementor-element-iwgw-raehka-s1 e-flex e-con-boxed e-con e-parent\" data-id=\"iwgw-raehka-s1\" data-element_type=\"container\" data-e-type=\"container\">\n\t\t\t\t\t<div class=\"e-con-inner\">\n\t\t\t\t<div class=\"elementor-element elementor-element-iwgw-raehka-s1h elementor-widget elementor-widget-heading\" data-id=\"iwgw-raehka-s1h\" data-element_type=\"widget\" data-e-type=\"widget\" data-widget_type=\"heading.default\">\n\t\t\t\t\t<h2 class=\"elementor-heading-title elementor-size-default\">Nimi ja etymologia<\/h2>\t\t\t\t<\/div>\n\t\t<div class=\"elementor-element elementor-element-iwgw-raehka-s1c e-con-full e-flex e-con e-child\" data-id=\"iwgw-raehka-s1c\" data-element_type=\"container\" data-e-type=\"container\">\n\t\t\t\t<div class=\"elementor-element elementor-element-iwgw-raehka-s1t elementor-widget elementor-widget-text-editor\" data-id=\"iwgw-raehka-s1t\" data-element_type=\"widget\" data-e-type=\"widget\" data-widget_type=\"text-editor.default\">\n\t\t\t\t\t\t\t\t\t<p>Nimi R\u00e1hka juontuu vanhasaamelaisesta juuresta, jonka merkitys on hallita tai vallita. Muoto Radien liittyy muinaisnorjan sanaan <em>r\u00e1\u00f0<\/em>, joka tarkoittaa neuvoa tai valtaa. T\u00e4m\u00e4 kaksinimisyys viittaa mahdolliseen skandinaavis-saamelaiseen kielikontaktiin.<\/p><p>Nimitys Veralden-Olmm\u00e1i tarkoittaa kirjaimellisesti maailman mies ja korostaa h\u00e4nen kosmologista merkityst\u00e4\u00e4n maailmanj\u00e4rjestyksen vartijana. T\u00e4m\u00e4 kaksois- ja kolmoisnime\u00e4minen on uskontofenomenologisesti ominaista saamelaiselle perinteelle ja tekee hahmon t\u00e4sm\u00e4llisest\u00e4 tunnistamisesta l\u00e4hteiss\u00e4 vaativan teht\u00e4v\u00e4n.<\/p><p>Etymologisesti juuri <em>radien<\/em> on sukua muinaisskandinaavisille k\u00e4sitteille, mik\u00e4 viittaa vanhaan kontaktivy\u00f6hykkeeseen. Uskontohistoriallinen keskustelu skandinaavisen vaikutuksen asteesta saamelaisiin k\u00e4sityksiin on vanha ja edelleen ratkaisematta.<\/p><p>Uskonnonsosiologisesti her\u00e4\u00e4 kysymys, mit\u00e4 teht\u00e4v\u00e4\u00e4 korkeajumala kuten R\u00e1hka t\u00e4ytti perinteisen saamelaisyhteis\u00f6n sosiaalisessa j\u00e4rjestyksess\u00e4, vaikka h\u00e4n konkreettisessa <span class=\"iwg-fachbegriff\" data-tooltip=\"Jumaluuden tai pyh\u00e4n hahmon kunnioittamiseen liittyvien uskonnollisten toimien kokonaisuus.\" tabindex=\"0\">kultissa<\/span> j\u00e4i taka-alalle.<\/p><p>My\u00f6s t\u00e4ss\u00e4 uskonnollinen rakenne pysyi tiiviisti yhteydess\u00e4 yhteiskunnalliseen k\u00e4yt\u00e4nt\u00f6\u00f6n. T\u00e4m\u00e4 yhteys muodostaa omanlaisensa uskontoantropologisen tutkimusalan, jota erityisesti H\u00e5kan Rydving ja Konsta Kaikkonen ovat systemaattisesti tutkineet.<\/p><p>Toinen ulottuvuus on R\u00e1hkan merkitys nykyisess\u00e4 saamelaisessa identiteettipolitiikassa. Saamelaisten itsehallinnon ja alkuper\u00e4iskansojen oikeuksien kansainv\u00e4lisoikeudellisen tunnustamisen my\u00f6t\u00e4 perinteiset jumaluudet, kuten is\u00e4prinsiippi R\u00e1hka, nousevat uudelleen vahvemmin tietoisuuteen. Se, miten poliittinen tunnustaminen ja uskontotutkimus liittyv\u00e4t toisiinsa, on omanlaisensa tutkimusala, jolle tiede on viime vuosina antanut enemm\u00e4n painoarvoa.<\/p>\t\t\t\t\t\t\t\t<\/div>\n\t\t\t\t<\/div>\n\t\t\t\t\t<\/div>\n\t\t\t\t<\/div>\n\t\t<div class=\"elementor-element elementor-element-iwgw-raehka-s2 e-flex e-con-boxed e-con e-parent\" data-id=\"iwgw-raehka-s2\" data-element_type=\"container\" data-e-type=\"container\">\n\t\t\t\t\t<div class=\"e-con-inner\">\n\t\t\t\t<div class=\"elementor-element elementor-element-iwgw-raehka-s2h elementor-widget elementor-widget-heading\" data-id=\"iwgw-raehka-s2h\" data-element_type=\"widget\" data-e-type=\"widget\" data-widget_type=\"heading.default\">\n\t\t\t\t\t<h2 class=\"elementor-heading-title elementor-size-default\">Kuvaus ja ikonografia<\/h2>\t\t\t\t<\/div>\n\t\t<div class=\"elementor-element elementor-element-iwgw-raehka-s2c e-con-full e-flex e-con e-child\" data-id=\"iwgw-raehka-s2c\" data-element_type=\"container\" data-e-type=\"container\">\n\t\t\t\t<div class=\"elementor-element elementor-element-iwgw-raehka-s2t elementor-widget elementor-widget-text-editor\" data-id=\"iwgw-raehka-s2t\" data-element_type=\"widget\" data-e-type=\"widget\" data-widget_type=\"text-editor.default\">\n\t\t\t\t\t\t\t\t\t<p>Etnografisissa l\u00e4hteiss\u00e4 R\u00e1hka kuvataan vanhana, viisaana ja voimakkaana miehen\u00e4, joka valvoo taivasta ja maata. H\u00e4n puuttuu harvoin suoraan tapahtumiin, vaan antaa alajumaliensa ja apuhenkiens\u00e4 toimia.<\/p><p>Saamelaisissa noitarummuissa R\u00e1hka on tavallisesti kuvattu rummun yl\u00e4osassa, usein istuvana tai seisovana miehen\u00e4, joskus kruunulla, joskus sauvalla. Ernst Manker on rumputustkimuksissaan dokumentoinut t\u00e4m\u00e4n ikonografian systemaattisesti.<\/p><p>Ikonografinen sijainti rummun yl\u00e4kent\u00e4ss\u00e4 vastaa teologista hierarkiaa. Tieteellisesti rummun ikonografia on yksi t\u00e4rkeimmist\u00e4 alkuper\u00e4isist\u00e4 l\u00e4hteist\u00e4 saamelaiseen uskontoon, ja se t\u00e4ydent\u00e4\u00e4 l\u00e4hetyssaarnaajien kirjallisia kertomuksia, jotka ovat usein halventavia ja tarkoitushakuisia.<\/p>\t\t\t\t\t\t\t\t<\/div>\n\t\t\t\t<\/div>\n\t\t\t\t\t<\/div>\n\t\t\t\t<\/div>\n\t\t<div class=\"elementor-element elementor-element-iwgw-raehka-s3 e-flex e-con-boxed e-con e-parent\" data-id=\"iwgw-raehka-s3\" data-element_type=\"container\" data-e-type=\"container\">\n\t\t\t\t\t<div class=\"e-con-inner\">\n\t\t\t\t<div class=\"elementor-element elementor-element-iwgw-raehka-s3h elementor-widget elementor-widget-heading\" data-id=\"iwgw-raehka-s3h\" data-element_type=\"widget\" data-e-type=\"widget\" data-widget_type=\"heading.default\">\n\t\t\t\t\t<h2 class=\"elementor-heading-title elementor-size-default\">Luominen ja maailmanj\u00e4rjestys<\/h2>\t\t\t\t<\/div>\n\t\t<div class=\"elementor-element elementor-element-iwgw-raehka-s3c e-con-full e-flex e-con e-child\" data-id=\"iwgw-raehka-s3c\" data-element_type=\"container\" data-e-type=\"container\">\n\t\t\t\t<div class=\"elementor-element elementor-element-iwgw-raehka-s3t elementor-widget elementor-widget-text-editor\" data-id=\"iwgw-raehka-s3t\" data-element_type=\"widget\" data-e-type=\"widget\" data-widget_type=\"text-editor.default\">\n\t\t\t\t\t\t\t\t\t<p>Joissakin saamelaisissa luomiskertomuksissa R\u00e1hka on maailman alkusyy. H\u00e4n loi taivaan, maan, el\u00e4imet ja ihmiset. N\u00e4iden luomisk\u00e4sitysten yksityiskohdat vaihtelevat alueellisesti, ja l\u00e4hteiss\u00e4 niit\u00e4 ei ole dokumentoitu systemaattisesti.<\/p><p>Tieteellisesti tarkasteltuna saamelaisten luomisk\u00e4sitys ei ole yht\u00e4 pitk\u00e4lle kehitelty kosmogonia kuin esimerkiksi muinaispohjoismainen Edda, vaan se on enemm\u00e4nkin hajanainen taustakertomus, joka vaihtelee asiayhteydest\u00e4 riippuen. T\u00e4m\u00e4 hajanaisuus on uskontofenomenologisesti tyypillist\u00e4 suullisesti v\u00e4littyville uskonnoille, joilla ei ole kodifioitua <span class=\"iwg-fachbegriff\" data-tooltip=\"Uskonnon jumaluutta ja uskoa koskeva tieteellinen oppi.\" tabindex=\"0\">teologiaa<\/span>.<\/p><p>R\u00e1hka yll\u00e4pit\u00e4\u00e4 maailmanj\u00e4rjestyst\u00e4, mutta puuttuu siihen harvoin suoraan. Kun j\u00e4rjestyst\u00e4 rikotaan esimerkiksi tabujen rikkomisella, v\u00e4liin astuvat useimmiten alajumalat, ei R\u00e1hka itse. T\u00e4m\u00e4 toiminnan siirt\u00e4minen muille on uskontofenomenologisesti tyypillist\u00e4 vet\u00e4ytyneille korkeimmille jumalille.<\/p>\t\t\t\t\t\t\t\t<\/div>\n\t\t\t\t<\/div>\n\t\t\t\t\t<\/div>\n\t\t\t\t<\/div>\n\t\t<div class=\"elementor-element elementor-element-iwgw-raehka-s4 e-flex e-con-boxed e-con e-parent\" data-id=\"iwgw-raehka-s4\" data-element_type=\"container\" data-e-type=\"container\">\n\t\t\t\t\t<div class=\"e-con-inner\">\n\t\t\t\t<div class=\"elementor-element elementor-element-iwgw-raehka-s4h elementor-widget elementor-widget-heading\" data-id=\"iwgw-raehka-s4h\" data-element_type=\"widget\" data-e-type=\"widget\" data-widget_type=\"heading.default\">\n\t\t\t\t\t<h2 class=\"elementor-heading-title elementor-size-default\">Kultti ja palvonta<\/h2>\t\t\t\t<\/div>\n\t\t<div class=\"elementor-element elementor-element-iwgw-raehka-s4c e-con-full e-flex e-con e-child\" data-id=\"iwgw-raehka-s4c\" data-element_type=\"container\" data-e-type=\"container\">\n\t\t\t\t<div class=\"elementor-element elementor-element-iwgw-raehka-s4t elementor-widget elementor-widget-text-editor\" data-id=\"iwgw-raehka-s4t\" data-element_type=\"widget\" data-e-type=\"widget\" data-widget_type=\"text-editor.default\">\n\t\t\t\t\t\t\t\t\t<p>R\u00e1hkan suora palvonta oli v\u00e4h\u00e4isemp\u00e4\u00e4 kuin Beaivin tai Akkojen palvonta. \u0160amaanit vetosivat h\u00e4neen erityisen t\u00e4rkeiss\u00e4 tilanteissa, kuten suurissa el\u00e4m\u00e4nk\u00e4\u00e4nteiss\u00e4 tai yhteis\u00f6n vaikeissa kriiseiss\u00e4. Arjessa h\u00e4nen roolinsa oli pienempi.<\/p><p>Sieidi-kivill\u00e4, pyhill\u00e4 uhrauspaikoilla, R\u00e1hka oli toisinaan uhrilahjojen kohde, mutta useammin lahjat osoitettiin <a href=\"https:\/\/iwell-guard.com\/fi\/?page_id=144244\">Beaiville<\/a>, Akoille ja erikoistuneille toimintajumalille. T\u00e4m\u00e4 ep\u00e4suhta kulttik\u00e4yt\u00e4nn\u00f6ss\u00e4 on uskontofenomenologisesti tyypillist\u00e4 t\u00e4m\u00e4n tyyppisille korkeimmille jumalille.<\/p><p>Tieteellisesti teologisen merkityksen ja konkreettisen kulttik\u00e4yt\u00e4nn\u00f6n v\u00e4linen ep\u00e4suhta on omalaatuinen ilmi\u00f6, jonka Mircea Eliade on kuvannut deus otiosuksen tyypillisen\u00e4 piirteen\u00e4. R\u00e1hka on t\u00e4m\u00e4n asetelman esimerkillinen tapaus napapiirin uskontohistoriassa.<\/p>\t\t\t\t\t\t\t\t<\/div>\n\t\t\t\t<\/div>\n\t\t\t\t\t<\/div>\n\t\t\t\t<\/div>\n\t\t<div class=\"elementor-element elementor-element-iwgw-raehka-s5 e-flex e-con-boxed e-con e-parent\" data-id=\"iwgw-raehka-s5\" data-element_type=\"container\" data-e-type=\"container\">\n\t\t\t\t\t<div class=\"e-con-inner\">\n\t\t\t\t<div class=\"elementor-element elementor-element-iwgw-raehka-s5h elementor-widget elementor-widget-heading\" data-id=\"iwgw-raehka-s5h\" data-element_type=\"widget\" data-e-type=\"widget\" data-widget_type=\"heading.default\">\n\t\t\t\t\t<h2 class=\"elementor-heading-title elementor-size-default\">R\u00e1hka ja h\u00e4nen poikansa Radien-Pardne<\/h2>\t\t\t\t<\/div>\n\t\t<div class=\"elementor-element elementor-element-iwgw-raehka-s5c e-con-full e-flex e-con e-child\" data-id=\"iwgw-raehka-s5c\" data-element_type=\"container\" data-e-type=\"container\">\n\t\t\t\t<div class=\"elementor-element elementor-element-iwgw-raehka-s5t elementor-widget elementor-widget-text-editor\" data-id=\"iwgw-raehka-s5t\" data-element_type=\"widget\" data-e-type=\"widget\" data-widget_type=\"text-editor.default\">\n\t\t\t\t\t\t\t\t\t<p>Joissakin l\u00e4hteiss\u00e4 R\u00e1hka yhdistet\u00e4\u00e4n l\u00e4heisesti poikaansa Radien-Pardneen, joka toimii is\u00e4ns\u00e4 toimeenpanevana voimana. Siin\u00e4 miss\u00e4 R\u00e1hka edustaa vet\u00e4ytynytt\u00e4 j\u00e4rjestyst\u00e4, Radien-Pardne puuttuu aktiivisesti maailman tapahtumiin.<\/p><p>T\u00e4m\u00e4 is\u00e4-poika-asetelma on l\u00e4hetysty\u00f6n kirjallisuudessa osittain johtanut kristillisen is\u00e4-poika-<span class=\"iwg-fachbegriff\" data-tooltip=\"Uskonnon jumaluutta ja uskoa koskeva tieteellinen oppi.\" tabindex=\"0\">teologian<\/span> siirt\u00e4miseen t\u00e4h\u00e4n yhteyteen. Tieteellisesti t\u00e4t\u00e4 uudelleentulkintaa on tarkasteltava kriittisesti, koska se peitt\u00e4\u00e4 alkuper\u00e4isen alkuper\u00e4iskansan asetelman ja v\u00e4\u00e4rist\u00e4\u00e4 alkuper\u00e4ist\u00e4 merkityst\u00e4.<\/p><p>H\u00e5kan Rydving on tutkimuksissaan osoittanut, ett\u00e4 is\u00e4-poika-asetelmalla oli esikristillisess\u00e4 saamelaisuskonnossa oma logiikkansa, jota ei voi tavoittaa kristillisen kolminaisuusopin k\u00e4sitteill\u00e4. T\u00e4m\u00e4 metodologinen selvennys on keskeinen tieteelliselle k\u00e4sittelylle.<\/p>\t\t\t\t\t\t\t\t<\/div>\n\t\t\t\t<\/div>\n\t\t\t\t\t<\/div>\n\t\t\t\t<\/div>\n\t\t<div class=\"elementor-element elementor-element-iwgw-raehka-s6 e-flex e-con-boxed e-con e-parent\" data-id=\"iwgw-raehka-s6\" data-element_type=\"container\" data-e-type=\"container\">\n\t\t\t\t\t<div class=\"e-con-inner\">\n\t\t\t\t<div class=\"elementor-element elementor-element-iwgw-raehka-s6h elementor-widget elementor-widget-heading\" data-id=\"iwgw-raehka-s6h\" data-element_type=\"widget\" data-e-type=\"widget\" data-widget_type=\"heading.default\">\n\t\t\t\t\t<h2 class=\"elementor-heading-title elementor-size-default\">Vertailu muihin korkeimpiin jumaliin<\/h2>\t\t\t\t<\/div>\n\t\t<div class=\"elementor-element elementor-element-iwgw-raehka-s6c e-con-full e-flex e-con e-child\" data-id=\"iwgw-raehka-s6c\" data-element_type=\"container\" data-e-type=\"container\">\n\t\t\t\t<div class=\"elementor-element elementor-element-iwgw-raehka-s6t elementor-widget elementor-widget-text-editor\" data-id=\"iwgw-raehka-s6t\" data-element_type=\"widget\" data-e-type=\"widget\" data-widget_type=\"text-editor.default\">\n\t\t\t\t\t\t\t\t\t<p>R\u00e1hka kuuluu vet\u00e4ytyneiden korkeimpien jumalien luokkaan, joita esiintyy monissa Euraasian ja Pohjois-Amerikan alkuper\u00e4iskansojen uskonnoissa. Rakenteellisesti verrattavissa ovat suomalainen Ukko (korkeimman jumalan muodossaan), nenetsien Num, t\u0161ukt\u0161ien Tener tai er\u00e4iden algonkin-heimojen pohjoisamerikkalainen Master of Life.<\/p><p>Deus otiosuksen asetelma on uskontofenomenologisesti omanlaisensa rakennemalli, jonka Mircea Eliade on kuvannut systemaattisesti vertailevassa <span class=\"iwg-fachbegriff\" data-tooltip=\"Tiede, joka tutkii uskontoja vertailevasti ja sitoutumatta itse uskoon.\" tabindex=\"0\">uskontotieteess\u00e4<\/span>. Eliaden k\u00e4site on kiistanalainen, mutta sill\u00e4 on heuristista arvoa R\u00e1hkan analyysissa.<\/p><p>Toisin kuin V\u00e4limeren alueen korkeimmat jumalat Zeus tai Jupiter, R\u00e1hka ei riitele, ei ole eroottinen eik\u00e4 toimi dramaattisissa myyteiss\u00e4. H\u00e4n on rauhallinen, vakaa taustavoima, joka turvaa j\u00e4rjestyksen puuttumatta siihen jatkuvasti. T\u00e4m\u00e4 rauhallinen korkein jumaluus on uskontofenomenologisesti omanlaisensa ilmi\u00f6.<\/p>\t\t\t\t\t\t\t\t<\/div>\n\t\t\t\t<\/div>\n\t\t\t\t\t<\/div>\n\t\t\t\t<\/div>\n\t\t<div class=\"elementor-element elementor-element-iwgw-raehka-s7 e-flex e-con-boxed e-con e-parent\" data-id=\"iwgw-raehka-s7\" data-element_type=\"container\" data-e-type=\"container\">\n\t\t\t\t\t<div class=\"e-con-inner\">\n\t\t\t\t<div class=\"elementor-element elementor-element-iwgw-raehka-s7h elementor-widget elementor-widget-heading\" data-id=\"iwgw-raehka-s7h\" data-element_type=\"widget\" data-e-type=\"widget\" data-widget_type=\"heading.default\">\n\t\t\t\t\t<h2 class=\"elementor-heading-title elementor-size-default\">L\u00e4hetysty\u00f6 ja syrj\u00e4ytyminen<\/h2>\t\t\t\t<\/div>\n\t\t<div class=\"elementor-element elementor-element-iwgw-raehka-s7c e-con-full e-flex e-con e-child\" data-id=\"iwgw-raehka-s7c\" data-element_type=\"container\" data-e-type=\"container\">\n\t\t\t\t<div class=\"elementor-element elementor-element-iwgw-raehka-s7t elementor-widget elementor-widget-text-editor\" data-id=\"iwgw-raehka-s7t\" data-element_type=\"widget\" data-e-type=\"widget\" data-widget_type=\"text-editor.default\">\n\t\t\t\t\t\t\t\t\t<p>Kristillinen l\u00e4hetysty\u00f6 rinnasti R\u00e1hkan osittain Is\u00e4 Jumalaan, mik\u00e4 helpotti kristinuskoon k\u00e4\u00e4nnettyjen saamelaisten siirtym\u00e4teologiaa, mutta h\u00e4m\u00e4rsi R\u00e1hkan erityisen saamelaisen merkityksen. T\u00e4m\u00e4 rinnastaminen ei ole tieteellisesti yksinkertaista <span class=\"iwg-fachbegriff\" data-tooltip=\"Eri uskonnollisista perinteist\u00e4 per\u00e4isin olevien k\u00e4sitysten tai jumaluuksien sulautuminen.\" tabindex=\"0\">synkretismi\u00e4<\/span>, vaan tietoinen l\u00e4hetysstrateginen valinta.<\/p><p>1600- ja 1700-lukujen luterilaisissa saarnoissa R\u00e1hka esitettiin toisinaan puutteellisena pakanallisena aavistuksena todellisesta kristillisest\u00e4 is\u00e4jumalasta. T\u00e4m\u00e4 uudelleentulkinta oli tehokas l\u00e4hetysstrategia, joka vaimensi alkuper\u00e4iskansan uskontoa poistamatta sit\u00e4 kokonaan.<\/p><p>Tieteellisesti t\u00e4m\u00e4 l\u00e4hetysty\u00f6n historia on omanlaisensa tutkimusalue, joka on leimannut saamelaisuskonnon j\u00e4lkikoloniaalista k\u00e4sittely\u00e4 viime vuosikymmenin\u00e4. R\u00e1hkan uudelleenl\u00f6yt\u00e4minen itsen\u00e4isen\u00e4 saamelaisena korkeimpana jumalana on osa t\u00e4t\u00e4 k\u00e4sittely\u00e4.<\/p>\t\t\t\t\t\t\t\t<\/div>\n\t\t\t\t<\/div>\n\t\t\t\t\t<\/div>\n\t\t\t\t<\/div>\n\t\t<div class=\"elementor-element elementor-element-iwgw-raehka-s8 e-flex e-con-boxed e-con e-parent\" data-id=\"iwgw-raehka-s8\" data-element_type=\"container\" data-e-type=\"container\">\n\t\t\t\t\t<div class=\"e-con-inner\">\n\t\t\t\t<div class=\"elementor-element elementor-element-iwgw-raehka-s8h elementor-widget elementor-widget-heading\" data-id=\"iwgw-raehka-s8h\" data-element_type=\"widget\" data-e-type=\"widget\" data-widget_type=\"heading.default\">\n\t\t\t\t\t<h2 class=\"elementor-heading-title elementor-size-default\">Tutkimus ja nykytila<\/h2>\t\t\t\t<\/div>\n\t\t<div class=\"elementor-element elementor-element-iwgw-raehka-s8c e-con-full e-flex e-con e-child\" data-id=\"iwgw-raehka-s8c\" data-element_type=\"container\" data-e-type=\"container\">\n\t\t\t\t<div class=\"elementor-element elementor-element-iwgw-raehka-s8t elementor-widget elementor-widget-text-editor\" data-id=\"iwgw-raehka-s8t\" data-element_type=\"widget\" data-e-type=\"widget\" data-widget_type=\"text-editor.default\">\n\t\t\t\t\t\t\t\t\t<p>R\u00e1hkaa koskeva tutkimus on nyky\u00e4\u00e4n laaja-alaista. H\u00e5kan Rydving, Juha Pentik\u00e4inen, Anna Lia Berthelsen ja Konsta Kaikkonen ovat tutkineet korkeinta jumalaa systemaattisesti ja tuoneet esiin h\u00e4nen erityisen saamelaisen <span class=\"iwg-fachbegriff\" data-tooltip=\"Uskonnon jumaluutta ja uskoa koskeva tieteellinen oppi.\" tabindex=\"0\">teologiansa<\/span>.<\/p><p>Nykyisess\u00e4 saamelaiskulttuurissa R\u00e1hka on l\u00e4sn\u00e4 v\u00e4hemm\u00e4n kuin Beaivi tai Akat, mutta h\u00e4n esiintyy saamelaisessa kirjallisuudessa ja kuvataiteessa. Joikuteksteiss\u00e4 h\u00e4net mainitaan toisinaan, vaikka h\u00e4nt\u00e4 ei nosteta keski\u00f6\u00f6n.<\/p><p>R\u00e1hkaa koskeva tieteellinen k\u00e4sittely on k\u00e4ynniss\u00e4. Konkreettisia tutkimustarpeita on alueellisen erottelun t\u00e4sment\u00e4misess\u00e4 ja suhteessa muihin saamelaisiin miespuolisiin jumaluuksiin, kuten Horagallesiin tai Tiermesiin. N\u00e4ihin puutteisiin tulisi vastata jatkotutkimuksessa.<\/p>\t\t\t\t\t\t\t\t<\/div>\n\t\t\t\t<\/div>\n\t\t\t\t\t<\/div>\n\t\t\t\t<\/div>\n\t\t<div class=\"elementor-element elementor-element-iwgw-raehka-s9 e-flex e-con-boxed e-con e-parent\" data-id=\"iwgw-raehka-s9\" data-element_type=\"container\" data-e-type=\"container\">\n\t\t\t\t\t<div class=\"e-con-inner\">\n\t\t\t\t<div class=\"elementor-element elementor-element-iwgw-raehka-s9h elementor-widget elementor-widget-heading\" data-id=\"iwgw-raehka-s9h\" data-element_type=\"widget\" data-e-type=\"widget\" data-widget_type=\"heading.default\">\n\t\t\t\t\t<h2 class=\"elementor-heading-title elementor-size-default\">Sanakirjan ristiviittaukset<\/h2>\t\t\t\t<\/div>\n\t\t<div class=\"elementor-element elementor-element-iwgw-raehka-s9c e-con-full e-flex e-con e-child\" data-id=\"iwgw-raehka-s9c\" data-element_type=\"container\" data-e-type=\"container\">\n\t\t\t\t<div class=\"elementor-element elementor-element-iwgw-raehka-s9t elementor-widget elementor-widget-text-editor\" data-id=\"iwgw-raehka-s9t\" data-element_type=\"widget\" data-e-type=\"widget\" data-widget_type=\"text-editor.default\">\n\t\t\t\t\t\t\t\t\t<p>R\u00e1hka liittyy <a href=\"https:\/\/iwell-guard.com\/fi\/?page_id=144244\">Beaiviin<\/a>, <a href=\"https:\/\/iwell-guard.com\/fi\/?page_id=144245\">M\u00e1nnuun<\/a>, <a href=\"https:\/\/iwell-guard.com\/fi\/?page_id=144247\">Stalloon<\/a>, <a href=\"https:\/\/iwell-guard.com\/fi\/?page_id=144248\">Sara-Akkaan<\/a>, <a href=\"https:\/\/iwell-guard.com\/fi\/?page_id=144249\">Uksakkaan<\/a>, <a href=\"https:\/\/iwell-guard.com\/fi\/?page_id=144250\">Juksakkaan<\/a>, <a href=\"https:\/\/iwell-guard.com\/fi\/?page_id=144251\">Madderakkaan<\/a>, <a href=\"https:\/\/iwell-guard.com\/fi\/?page_id=144252\">Jabmiidaibmuun<\/a> ja <a href=\"https:\/\/iwell-guard.com\/fi\/?page_id=144253\">Saivoon<\/a>. Kulttuurikeskus <a href=\"https:\/\/iwell-guard.com\/fi\/saamelaiset-noaidi-rumpu\/\">Saamelainen perinne<\/a> luo kehyksen uskontohistorialle. Rakenteellisesti samankaltaisia vet\u00e4ytyneit\u00e4 korkeimpia jumalia esiintyy lukuisissa Euraasian ja Pohjois-Amerikan alkuper\u00e4iskansojen uskonnoissa, ja uskontofenomenologiassa niit\u00e4 kutsutaan nimell\u00e4 deus otiosus.<\/p>\t\t\t\t\t\t\t\t<\/div>\n\t\t\t\t<\/div>\n\t\t\t\t\t<\/div>\n\t\t\t\t<\/div>\n\t\t<div class=\"elementor-element elementor-element-cp27454cbb e-flex e-con-boxed e-con e-parent\" data-id=\"cp27454cbb\" data-element_type=\"container\" data-e-type=\"container\">\n\t\t\t\t\t<div class=\"e-con-inner\">\n\t\t\t\t<div class=\"elementor-element elementor-element-cp2de9464a elementor-widget elementor-widget-heading\" data-id=\"cp2de9464a\" data-element_type=\"widget\" data-e-type=\"widget\" data-widget_type=\"heading.default\">\n\t\t\t\t\t<h2 class=\"elementor-heading-title elementor-size-default\">L\u00e4hdetilanne ja tallentamisen ongelma<\/h2>\t\t\t\t<\/div>\n\t\t<div class=\"elementor-element elementor-element-cp2d7058cc e-flex e-con-boxed e-con e-child\" data-id=\"cp2d7058cc\" data-element_type=\"container\" data-e-type=\"container\">\n\t\t\t\t\t<div class=\"e-con-inner\">\n\t\t\t\t<div class=\"elementor-element elementor-element-cp22ea370e elementor-widget elementor-widget-text-editor\" data-id=\"cp22ea370e\" data-element_type=\"widget\" data-e-type=\"widget\" data-widget_type=\"text-editor.default\">\n\t\t\t\t\t\t\t\t\t<p>Saamelaisten uskonnollisista k\u00e4sityksist\u00e4 tiedet\u00e4\u00e4n vain hyvin hajanaisesti ja voimakkaasti katkonaisen <span class=\"iwg-fachbegriff\" data-tooltip=\"Tiedon ja kertomusten v\u00e4litt\u00e4minen sukupolvien yli.\" tabindex=\"0\">perim\u00e4tiedon<\/span> v\u00e4lityksell\u00e4. Saamen kielet kirjoitettiin muistiin vasta uudella ajalla, ja uskonnollinen perinne oli suullista.<\/p><p>Se, mit\u00e4 yksitt\u00e4isist\u00e4 hahmoista kuten Raehkasta t\u00e4n\u00e4 p\u00e4iv\u00e4n\u00e4 tunnetaan, on per\u00e4isin l\u00e4hinn\u00e4 1600- ja 1700-lukujen l\u00e4hetyssaarnaajien, kirkkoherrojen ja matkailijoiden muistiinpanoista, joita syntyi Pohjois-Skandinavian usein v\u00e4kivaltaisen kristillist\u00e4misen yhteydess\u00e4.<\/p><p>Keskeisi\u00e4 t\u00e4m\u00e4nkaltaisia l\u00e4hteit\u00e4 ovat norjalaisten ja ruotsalaisten l\u00e4hetyssaarnaajien, kuten Thomas von Westenin ja h\u00e4nen ty\u00f6toveriensa, kertomukset sek\u00e4 k\u00e4sikirjoitukset, kuten niin sanottu N\u00e6r\u00f8yn k\u00e4sikirjoitus.<\/p><p>N\u00e4iden tekstien nimenomainen tarkoitus oli kuvata saamelaista uskontoa sit\u00e4 vastustaakseen. Niiden k\u00e4sitteet ovat siksi v\u00e4\u00e4ristyneit\u00e4: jumaluuksia osittain demonisoidaan, osittain niit\u00e4 k\u00e4sitell\u00e4\u00e4n kristillisin k\u00e4sittein, ja eri saamelaisryhmien v\u00e4liset alueelliset erot h\u00e4ivytet\u00e4\u00e4n.<\/p><p>Lis\u00e4ksi sama tai samankaltainen hahmo esiintyy eri alueilla eri nimill\u00e4, ja kirjoitustavat vaihtelevat huomattavasti, koska muistiinpanojen tekij\u00e4t toistivat saamen kielten \u00e4\u00e4nteit\u00e4 vain likim\u00e4\u00e4r\u00e4isesti. Yksiselitteinen, alueiden yli p\u00e4tev\u00e4 v\u00e4ite Raehkasta ei sen t\u00e4hden ole mahdollinen.<\/p><p>Uskontotieteilij\u00e4t, kuten H\u00e5kan Rydving, ovat huomauttaneet, ett\u00e4 jo ajatus yhten\u00e4isest\u00e4 saamelaisesta jumaltarustosta voi olla l\u00e4hteiden luoma konstruktio. Kaikessa Raehkaa koskevassa tarkastelussa on tuotava esiin t\u00e4m\u00e4 kaksinkertainen ep\u00e4varmuus: l\u00e4hteiden puutteellisuus ja niiden syntyminen sortoyhteydess\u00e4.<\/p>\t\t\t\t\t\t\t\t<\/div>\n\t\t\t\t\t<\/div>\n\t\t\t\t<\/div>\n\t\t\t\t\t<\/div>\n\t\t\t\t<\/div>\n\t\t<div class=\"elementor-element elementor-element-cp20882ba7 e-flex e-con-boxed e-con e-parent\" data-id=\"cp20882ba7\" data-element_type=\"container\" data-e-type=\"container\">\n\t\t\t\t\t<div class=\"e-con-inner\">\n\t\t\t\t<div class=\"elementor-element elementor-element-cp2af949a8 elementor-widget elementor-widget-heading\" data-id=\"cp2af949a8\" data-element_type=\"widget\" data-e-type=\"widget\" data-widget_type=\"heading.default\">\n\t\t\t\t\t<h2 class=\"elementor-heading-title elementor-size-default\">Rummunkuvat ja kuvamerkkien tulkinta<\/h2>\t\t\t\t<\/div>\n\t\t<div class=\"elementor-element elementor-element-cp2bdb8657 e-flex e-con-boxed e-con e-child\" data-id=\"cp2bdb8657\" data-element_type=\"container\" data-e-type=\"container\">\n\t\t\t\t\t<div class=\"e-con-inner\">\n\t\t\t\t<div class=\"elementor-element elementor-element-cp25437e13 elementor-widget elementor-widget-text-editor\" data-id=\"cp25437e13\" data-element_type=\"widget\" data-e-type=\"widget\" data-widget_type=\"text-editor.default\">\n\t\t\t\t\t\t\t\t\t<p>Omanlaisensa l\u00e4hdelajin saamelaisille uskonnollisille k\u00e4sityksille muodostavat noitarummut, saameksi kielest\u00e4 riippuen <em>goavddis<\/em> tai <em>meavrresg\u00e1rri<\/em>. Niiden kalvolle maalattiin okrav\u00e4rill\u00e4 hahmoja, joilla kuvattiin kosmologisia alueita, jumaluuksia, el\u00e4imi\u00e4 ja maisemaelementtej\u00e4. Rituaalisessa k\u00e4yt\u00f6ss\u00e4 osoitin kulki n\u00e4iden kenttien yli, ja sen liikett\u00e4 tulkittiin.<\/p><p>Useita kymmeni\u00e4 t\u00e4llaisia rumpuja on s\u00e4ilynyt, ja monet niist\u00e4 viranomaiset ja l\u00e4hetyssaarnaajat takavarikoivat 1600- ja 1700-luvuilla ja veiv\u00e4t eurooppalaisiin kokoelmiin. Ernst Manker luetteloi niit\u00e4 1930- ja 1950-luvuilla ja pyrki j\u00e4rjestelm\u00e4llist\u00e4m\u00e4\u00e4n kuvamerkit.<\/p><p>T\u00e4ss\u00e4 yhteydess\u00e4 ilmeni perustavanlaatuinen ongelma: yksitt\u00e4isten hahmojen tulkinnat ovat l\u00e4hes aina per\u00e4isin ulkopuolisilta muistiinpanijoilta, ei rumpujen omistajilta itselt\u00e4\u00e4n, ja ne ovat usein kesken\u00e4\u00e4n ristiriitaisia.<\/p><p>Sit\u00e4, voidaanko jokin rummun hahmo tunnistaa Raehkaksi, ei siksi yleens\u00e4 voida varmasti ratkaista. Aikalaismerkinn\u00e4t liitt\u00e4v\u00e4t saman hahmotyypin eri rummuissa eri hahmoihin, ja alueelliset maalausperinteet poikkeavat toisistaan huomattavasti.<\/p><p>Rummut todistavat sen, ett\u00e4 saamelaisella uskonnolla oli rikas kuvaj\u00e4rjestelm\u00e4, mutta ne eiv\u00e4t tarjoa suoraa p\u00e4\u00e4sy\u00e4 yksitt\u00e4iseen hahmoon.<\/p><p>Raehkan kohdalla t\u00e4m\u00e4 merkitsee, ett\u00e4 rumpuperinne on mainittava mahdollisena taustana, vaikka konkreettisia kuvatodisteita ei voida sitovasti liitt\u00e4\u00e4 siihen. Nykyinen saamelaistutkimus tekee t\u00e4ss\u00e4 yh\u00e4 enemm\u00e4n yhteisty\u00f6t\u00e4 perinteisten yhteis\u00f6jen j\u00e4lkel\u00e4isten kanssa sen sijaan, ett\u00e4 se vain jatkaisi vanhojen luetteloiden perinnett\u00e4.<\/p>\t\t\t\t\t\t\t\t<\/div>\n\t\t\t\t\t<\/div>\n\t\t\t\t<\/div>\n\t\t\t\t\t<\/div>\n\t\t\t\t<\/div>\n\t\t<div class=\"elementor-element elementor-element-iwgw-raehka-lit e-flex e-con-boxed e-con e-parent\" data-id=\"iwgw-raehka-lit\" data-element_type=\"container\" data-e-type=\"container\">\n\t\t\t\t\t<div class=\"e-con-inner\">\n\t\t\t\t<div class=\"elementor-element elementor-element-iwgw-raehka-lith elementor-widget elementor-widget-heading\" data-id=\"iwgw-raehka-lith\" data-element_type=\"widget\" data-e-type=\"widget\" data-widget_type=\"heading.default\">\n\t\t\t\t\t<h2 class=\"elementor-heading-title elementor-size-default\">Kirjallisuus (valikoima)<\/h2>\t\t\t\t<\/div>\n\t\t<div class=\"elementor-element elementor-element-iwgw-raehka-litc e-con-full e-flex e-con e-child\" data-id=\"iwgw-raehka-litc\" data-element_type=\"container\" data-e-type=\"container\">\n\t\t\t\t<div class=\"elementor-element elementor-element-iwgw-raehka-litt elementor-widget elementor-widget-text-editor\" data-id=\"iwgw-raehka-litt\" data-element_type=\"widget\" data-e-type=\"widget\" data-widget_type=\"text-editor.default\">\n\t\t\t\t\t\t\t\t\t<ul><li>H\u00e5kan Rydving: <em>The End of Drum-Time<\/em> (Uppsala 1993)<\/li><li>Juha Pentik\u00e4inen: <em>Saamelaiset. Pohjoisen kansan mytologia<\/em> (Helsinki 1995)<\/li><li>Ernst Manker: <em>Die Lappische Zaubertrommel<\/em> (Stockholm 1938-1950)<\/li><li>Johannes Schefferus: <em>Lapponia<\/em> (Frankfurt 1673)<\/li><li>Konsta Kaikkonen: <em>Sami Pre-Christian Religion<\/em> (Helsinki 2020)<\/li><li>Mircea Eliade: <em><span class=\"iwg-fachbegriff\" data-tooltip=\"Uskonnollinen j\u00e4rjestelm\u00e4, jossa erityisosaajat ovat yhteydess\u00e4 henkimaailmaan.\" tabindex=\"0\">\u0160amanismi<\/span> ja arkaainen ekstaasitekniikka<\/em> (Stuttgart 1957)<\/li><\/ul>\t\t\t\t\t\t\t\t<\/div>\n\t\t\t\t<\/div>\n\t\t\t\t\t<\/div>\n\t\t\t\t<\/div>\n\t\t<div class=\"elementor-element elementor-element-iwgw-raehka-kwd e-flex e-con-boxed e-con e-parent\" data-id=\"iwgw-raehka-kwd\" data-element_type=\"container\" data-e-type=\"container\">\n\t\t\t\t\t<div class=\"e-con-inner\">\n\t\t<div class=\"elementor-element elementor-element-iwgw-raehka-kwdc e-con-full e-flex e-con e-child\" data-id=\"iwgw-raehka-kwdc\" data-element_type=\"container\" data-e-type=\"container\">\n\t\t\t\t<div class=\"elementor-element elementor-element-iwgw-raehka-kwdt elementor-widget elementor-widget-text-editor\" data-id=\"iwgw-raehka-kwdt\" data-element_type=\"widget\" data-e-type=\"widget\" data-widget_type=\"text-editor.default\">\n\t\t\t\t\t\t\t\t\t<p><em>L\u00e4heiset avaink\u00e4sitteet: R\u00e1hka Radien-\u00c1h\u010d\u010di Radien-Attje Veralden-Olmm\u00e1i saamelaiset is\u00e4jumala luoja Deus otiosus.<\/em><\/p>\t\t\t\t\t\t\t\t<\/div>\n\t\t\t\t<\/div>\n\t\t\t\t\t<\/div>\n\t\t\t\t<\/div>\n\t\t<div class=\"elementor-element elementor-element-iwgw-raehka-cc e-flex e-con-boxed e-con e-parent\" data-id=\"iwgw-raehka-cc\" data-element_type=\"container\" data-e-type=\"container\" id=\"iwg-cc-raehka\">\n\t\t\t\t\t<div class=\"e-con-inner\">\n\t\t<div class=\"elementor-element elementor-element-iwgw-raehka-ccinner e-flex e-con-boxed e-con e-parent\" data-id=\"iwgw-raehka-ccinner\" data-element_type=\"container\" data-e-type=\"container\" data-settings=\"{&quot;background_background&quot;:&quot;classic&quot;}\">\n\t\t\t\t\t<div class=\"e-con-inner\">\n\t\t\t\t<div class=\"elementor-element elementor-element-iwgw-raehka-cch elementor-widget elementor-widget-heading\" data-id=\"iwgw-raehka-cch\" data-element_type=\"widget\" data-e-type=\"widget\" data-widget_type=\"heading.default\">\n\t\t\t\t\t<h2 class=\"elementor-heading-title elementor-size-default\">iWell Guard ja suojelutraditiot<\/h2>\t\t\t\t<\/div>\n\t\t\t\t<div class=\"elementor-element elementor-element-iwgw-raehka-cct elementor-widget elementor-widget-text-editor\" data-id=\"iwgw-raehka-cct\" data-element_type=\"widget\" data-e-type=\"widget\" data-widget_type=\"text-editor.default\">\n\t\t\t\t\t\t\t\t\t<div data-nosnippet=\"true\"><p>iWell Guard jatkaa kannettavien suojaesineiden kulttuurihistoriallista perinnett\u00e4, samaa perinnett\u00e4, jota edustavat <a href=\"https:\/\/iwell-guard.com\/fi\/saamelaiset-noaidi-rumpu\/\">saamelaiset<\/a> ja monet muut kulttuurit ymp\u00e4ri maailmaa. 41 kerrosta, aitoa kultaa, platinaa, hopeaa, valmistettu Saksassa. 30 p\u00e4iv\u00e4n palautusoikeus.<\/p><\/div>\t\t\t\t\t\t\t\t<\/div>\n\t\t\t\t<div class=\"elementor-element elementor-element-iwgw-raehka-ccb iwg-cc-button iwg-cc-cta-2026-05-13 elementor-widget elementor-widget-jet-button\" data-id=\"iwgw-raehka-ccb\" data-element_type=\"widget\" data-e-type=\"widget\" data-widget_type=\"jet-button.default\">\n\t\t\t\t<div class=\"elementor-widget-container\">\n\t\t\t\t\t<div class=\"elementor-jet-button jet-elements\"><div class=\"jet-button__container\"><a class=\"jet-button__instance jet-button__instance--icon-left hover-effect-1\" href=\"\/ueber-iwell-guard\/?utm_source=iwell-guard.com&amp;utm_medium=info-box&amp;utm_campaign=wesen-tradition\"><div class=\"jet-button__plane jet-button__plane-normal\"><\/div><div class=\"jet-button__plane jet-button__plane-hover\"><\/div><div class=\"jet-button__state jet-button__state-normal\"><span class=\"jet-button__label\">Lis\u00e4\u00e4 iWell Guardista<\/span><\/div><div class=\"jet-button__state jet-button__state-hover\"><span class=\"jet-button__label\">Lis\u00e4\u00e4 iWell Guardista<\/span><\/div><\/a><\/div><\/div><style>.elementor-element.elementor-element-iwgw-raehka-ccb .jet-button__instance{width:320px;height:56px;}.elementor-element.elementor-element-iwgw-raehka-ccb .jet-button__state-normal .jet-button__label{text-align:center;margin:0px 0px 0px 0px;color:#1a1b20;font-family:Montserrat,sans-serif;font-size:13px;font-weight:400;letter-spacing:4px;line-height:1.714em;text-transform:uppercase;}.elementor-element.elementor-element-iwgw-raehka-ccb .jet-button__state-hover .jet-button__label{text-align:center;margin:0px 0px 0px 0px;color:#FECC76;font-family:Montserrat,sans-serif;font-size:13px;font-weight:400;letter-spacing:4px;line-height:1.714em;text-transform:uppercase;}.elementor-element.elementor-element-iwgw-raehka-ccb .jet-button__plane-normal{background-color:#FECC76;border-style:solid;border-color:#C99540;border-width:2px 2px 2px 2px;}.elementor-element.elementor-element-iwgw-raehka-ccb .jet-button__plane-hover{background-color:rgba(0,0,0,0.55);border-style:solid;border-color:#FECC76;border-width:2px 2px 2px 2px;}<\/style>\t\t\t\t<\/div>\n\t\t\t\t<\/div>\n\t\t\t\t<div class=\"elementor-element elementor-element-iwgw-raehka-ccd elementor-widget elementor-widget-text-editor\" data-id=\"iwgw-raehka-ccd\" data-element_type=\"widget\" data-e-type=\"widget\" data-widget_type=\"text-editor.default\">\n\t\t\t\t\t\t\t\t\t<div data-nosnippet=\"true\"><p style=\"text-align:center;font-size:13px;opacity:0.7;margin-top:14px\" data-nosnippet=\"true\">Henkil\u00f6kohtaiset kokemukset voivat vaihdella. Ei l\u00e4\u00e4kinn\u00e4llinen laite. Ei paranemislupausta.<\/p><\/div>\t\t\t\t\t\t\t\t<\/div>\n\t\t\t\t\t<\/div>\n\t\t\t\t<\/div>\n\t\t\t\t\t<\/div>\n\t\t\t\t<\/div>\n\t\t<div class=\"elementor-element elementor-element-iwgw-raehka-disc e-flex e-con-boxed e-con e-parent\" data-id=\"iwgw-raehka-disc\" data-element_type=\"container\" data-e-type=\"container\">\n\t\t\t\t\t<div class=\"e-con-inner\">\n\t\t\t\t<div class=\"elementor-element elementor-element-iwgw-raehka-discw elementor-widget elementor-widget-html\" data-id=\"iwgw-raehka-discw\" data-element_type=\"widget\" data-e-type=\"widget\" data-widget_type=\"html.default\">\n\t\t\t\t\t<footer data-nosnippet=\"true\" class=\"iwg-disclaimer-block\"><p data-nosnippet=\"true\">iWell Guard <strong>ei ole l\u00e4\u00e4kinn\u00e4llinen laite<\/strong>, eik\u00e4 se korvaa l\u00e4\u00e4k\u00e4rin tai psykoterapeutin hoitoa. Uskontotieteelliset sis\u00e4ll\u00f6t ovat kulttuurihistoriallista tarkastelua, ei suositus hengelliseen k\u00e4yt\u00e4nt\u00f6\u00f6n.<\/p><\/footer>\t\t\t\t<\/div>\n\t\t\t\t\t<\/div>\n\t\t\t\t<\/div>\n\t\t\t\t<\/div>\n\t\t","protected":false},"excerpt":{"rendered":"","protected":false},"author":3,"featured_media":2894,"parent":0,"menu_order":0,"comment_status":"closed","ping_status":"closed","template":"elementor_header_footer","meta":{"_yoast_wpseo_focuskw":"R\u00e1hka saamelainen is\u00e4jumala","_yoast_wpseo_title":"R\u00e1hka \u2013 saamelaisten is\u00e4jumala ja luoja","_yoast_wpseo_metadesc":"R\u00e1hka, Radien-\u00c1h\u010d\u010di, on saamelaisen uskonnon is\u00e4jumala ja luoja. Uskontotieteellinen tarkastelu myytist\u00e4, kultista ja l\u00e4hteist\u00e4.","_yoast_wpseo_meta-robots-noindex":"","_yoast_wpseo_canonical":"","_angie_page":false,"gefaehrdungsstufe":"","wesen_kultur":"","wesen_klasse":"","footnotes":""},"categories":[],"class_list":["post-144246","page","type-page","status-publish","has-post-thumbnail","hentry"],"yoast_head":"<!-- This site is optimized with the Yoast SEO Premium plugin v27.7 (Yoast SEO v28.3) - https:\/\/yoast.com\/product\/yoast-seo-premium-wordpress\/ -->\n<title>R\u00e1hka \u2013 saamelaisten is\u00e4jumala ja luoja<\/title>\n<meta name=\"description\" content=\"R\u00e1hka, Radien-\u00c1h\u010d\u010di, on saamelaisen uskonnon is\u00e4jumala ja luoja. Uskontotieteellinen tarkastelu myytist\u00e4, kultista ja l\u00e4hteist\u00e4.\" \/>\n<meta name=\"robots\" content=\"index, follow, max-snippet:-1, max-image-preview:large, max-video-preview:-1\" \/>\n<link rel=\"canonical\" href=\"https:\/\/iwell-guard.com\/fi\/rahka-saamelaisen-uskonnon-isajumala\/\" \/>\n<meta property=\"og:locale\" content=\"fi_FI\" \/>\n<meta property=\"og:type\" content=\"article\" \/>\n<meta property=\"og:title\" content=\"R\u00e1hka \u2013 saamelaisen uskonnon is\u00e4jumala\" \/>\n<meta property=\"og:description\" content=\"R\u00e1hka, Radien-\u00c1h\u010d\u010di, on saamelaisen uskonnon is\u00e4jumala ja luoja. Uskontotieteellinen tarkastelu myytist\u00e4, kultista ja l\u00e4hteist\u00e4.\" \/>\n<meta property=\"og:url\" content=\"https:\/\/iwell-guard.com\/fi\/rahka-saamelaisen-uskonnon-isajumala\/\" \/>\n<meta property=\"og:site_name\" content=\"iWell Guard\" \/>\n<meta property=\"article:modified_time\" content=\"2026-09-03T12:54:23+00:00\" \/>\n<meta property=\"og:image\" content=\"https:\/\/iwell-guard.com\/wp-content\/uploads\/2026\/05\/goetter_sami_raehka.webp\" \/>\n\t<meta property=\"og:image:width\" content=\"1024\" \/>\n\t<meta property=\"og:image:height\" content=\"1536\" \/>\n\t<meta property=\"og:image:type\" content=\"image\/webp\" \/>\n<meta name=\"twitter:card\" content=\"summary_large_image\" \/>\n<script type=\"application\/ld+json\" class=\"yoast-schema-graph\">{\"@context\":\"https:\\\/\\\/schema.org\",\"@graph\":[{\"@type\":\"WebPage\",\"@id\":\"https:\\\/\\\/iwell-guard.com\\\/fi\\\/rahka-saamelaisen-uskonnon-isajumala\\\/\",\"url\":\"https:\\\/\\\/iwell-guard.com\\\/fi\\\/rahka-saamelaisen-uskonnon-isajumala\\\/\",\"name\":\"R\u00e1hka \u2013 saamelaisten is\u00e4jumala ja luoja\",\"isPartOf\":{\"@id\":\"https:\\\/\\\/iwell-guard.com\\\/fi\\\/#website\"},\"primaryImageOfPage\":{\"@id\":\"https:\\\/\\\/iwell-guard.com\\\/fi\\\/rahka-saamelaisen-uskonnon-isajumala\\\/#primaryimage\"},\"image\":{\"@id\":\"https:\\\/\\\/iwell-guard.com\\\/fi\\\/rahka-saamelaisen-uskonnon-isajumala\\\/#primaryimage\"},\"thumbnailUrl\":\"https:\\\/\\\/iwell-guard.com\\\/wp-content\\\/uploads\\\/2026\\\/05\\\/goetter_sami_raehka.webp\",\"datePublished\":\"2026-09-03T12:33:29+00:00\",\"dateModified\":\"2026-09-03T12:54:23+00:00\",\"description\":\"R\u00e1hka, Radien-\u00c1h\u010d\u010di, on saamelaisen uskonnon is\u00e4jumala ja luoja. Uskontotieteellinen tarkastelu myytist\u00e4, kultista ja l\u00e4hteist\u00e4.\",\"breadcrumb\":{\"@id\":\"https:\\\/\\\/iwell-guard.com\\\/fi\\\/rahka-saamelaisen-uskonnon-isajumala\\\/#breadcrumb\"},\"inLanguage\":\"fi\",\"potentialAction\":[{\"@type\":\"ReadAction\",\"target\":[\"https:\\\/\\\/iwell-guard.com\\\/fi\\\/rahka-saamelaisen-uskonnon-isajumala\\\/\"]}]},{\"@type\":\"ImageObject\",\"inLanguage\":\"fi\",\"@id\":\"https:\\\/\\\/iwell-guard.com\\\/fi\\\/rahka-saamelaisen-uskonnon-isajumala\\\/#primaryimage\",\"url\":\"https:\\\/\\\/iwell-guard.com\\\/wp-content\\\/uploads\\\/2026\\\/05\\\/goetter_sami_raehka.webp\",\"contentUrl\":\"https:\\\/\\\/iwell-guard.com\\\/wp-content\\\/uploads\\\/2026\\\/05\\\/goetter_sami_raehka.webp\",\"width\":1024,\"height\":1536,\"caption\":\"Jumalia saamelaisesta perinteest\u00e4.\"},{\"@type\":\"BreadcrumbList\",\"@id\":\"https:\\\/\\\/iwell-guard.com\\\/fi\\\/rahka-saamelaisen-uskonnon-isajumala\\\/#breadcrumb\",\"itemListElement\":[{\"@type\":\"ListItem\",\"position\":1,\"name\":\"Start\",\"item\":\"https:\\\/\\\/iwell-guard.com\\\/fi\\\/?page_id=143815\"},{\"@type\":\"ListItem\",\"position\":2,\"name\":\"R\u00e1hka \u2013 saamelaisen uskonnon is\u00e4jumala\"}]},{\"@type\":\"WebSite\",\"@id\":\"https:\\\/\\\/iwell-guard.com\\\/fi\\\/#website\",\"url\":\"https:\\\/\\\/iwell-guard.com\\\/fi\\\/\",\"name\":\"iWell Guard\",\"description\":\"Schutz vor dunklen Einfl\u00fcssen\",\"publisher\":{\"@id\":\"https:\\\/\\\/iwell-guard.com\\\/fi\\\/#organization\"},\"potentialAction\":[{\"@type\":\"SearchAction\",\"target\":{\"@type\":\"EntryPoint\",\"urlTemplate\":\"https:\\\/\\\/iwell-guard.com\\\/fi\\\/?s={search_term_string}\"},\"query-input\":{\"@type\":\"PropertyValueSpecification\",\"valueRequired\":true,\"valueName\":\"search_term_string\"}}],\"inLanguage\":\"fi\"},{\"@type\":\"Organization\",\"@id\":\"https:\\\/\\\/iwell-guard.com\\\/fi\\\/#organization\",\"name\":\"Ittermann electronic GmbH\",\"url\":\"https:\\\/\\\/iwell-guard.com\\\/fi\\\/\",\"logo\":{\"@type\":\"ImageObject\",\"inLanguage\":\"fi\",\"@id\":\"https:\\\/\\\/iwell-guard.com\\\/fi\\\/#\\\/schema\\\/logo\\\/image\\\/\",\"url\":\"https:\\\/\\\/iwell-guard.com\\\/wp-content\\\/uploads\\\/2026\\\/05\\\/Ittermann-Logo-1182x237-1.png\",\"contentUrl\":\"https:\\\/\\\/iwell-guard.com\\\/wp-content\\\/uploads\\\/2026\\\/05\\\/Ittermann-Logo-1182x237-1.png\",\"width\":1182,\"height\":237,\"caption\":\"Ittermann electronic GmbH\"},\"image\":{\"@id\":\"https:\\\/\\\/iwell-guard.com\\\/fi\\\/#\\\/schema\\\/logo\\\/image\\\/\"},\"sameAs\":[\"https:\\\/\\\/pantip.com\\\/profile\\\/9367242\",\"https:\\\/\\\/micro.blog\\\/iwellguard\",\"https:\\\/\\\/www.diggerslist.com\\\/iwellguard\\\/about\",\"https:\\\/\\\/skitterphoto.com\\\/photographers\\\/2870314\\\/iwell-guard\",\"https:\\\/\\\/iwellguard.wordpress.com\\\/2026\\\/06\\\/06\\\/iwell-guard\\\/\",\"https:\\\/\\\/hub.docker.com\\\/u\\\/iwellguard\",\"https:\\\/\\\/www.pinterest.com\\\/iwellguard\\\/\",\"https:\\\/\\\/bit.ly\\\/m\\\/iwellguard\",\"https:\\\/\\\/entre-vos-mains.alsace.eu\\\/profiles\\\/iwellguard\\\/activity\",\"https:\\\/\\\/gravatar.com\\\/reallybeded8fd34\",\"https:\\\/\\\/naijamatta.com\\\/iwellguard\",\"https:\\\/\\\/www.goodreads.com\\\/iwellguard\",\"https:\\\/\\\/profile.hatena.ne.jp\\\/iwellguard\\\/\",\"https:\\\/\\\/experiment.com\\\/users\\\/iwellguard\",\"https:\\\/\\\/wakelet.com\\\/@iWellGuard82270\",\"https:\\\/\\\/www.chordie.com\\\/forum\\\/profile.php?id=2555664\",\"https:\\\/\\\/www.instapaper.com\\\/p\\\/17757966\",\"https:\\\/\\\/www.mapleprimes.com\\\/users\\\/iwellguard\",\"https:\\\/\\\/businesslistingplus.com\\\/profile\\\/iwell-guard\\\/\",\"https:\\\/\\\/telegra.ph\\\/iWell-Guard-06-06\",\"https:\\\/\\\/pbase.com\\\/iwellguard\\\/iwellguard\",\"https:\\\/\\\/b.hatena.ne.jp\\\/iwellguard\\\/20260607#bookmark-4788405196491818882\",\"https:\\\/\\\/fliphtml5.com\\\/home\\\/iwellguard\",\"https:\\\/\\\/anyflip.com\\\/homepage\\\/cmiwl#About\",\"https:\\\/\\\/transfur.com\\\/Users\\\/iwellguard\",\"http:\\\/\\\/delphi.larsbo.org\\\/user\\\/iwellguard\",\"https:\\\/\\\/jobs.lajobsportal.org\\\/profiles\\\/8380803-iwell-guard\",\"https:\\\/\\\/md.chaosdorf.de\\\/s\\\/jfbe5SBdJD\",\"https:\\\/\\\/www.lingvolive.com\\\/en-us\\\/profile\\\/9ecaeaca-ce11-4e51-9e71-01d55e2bff36\\\/translations\",\"https:\\\/\\\/www.fitday.com\\\/fitness\\\/forums\\\/members\\\/iwellguard.html\",\"https:\\\/\\\/www.mymeetbook.com\\\/iwellguard\",\"https:\\\/\\\/pxhere.com\\\/en\\\/photographer-me\\\/5040798\",\"https:\\\/\\\/disqus.com\\\/by\\\/iwellguard\\\/about\\\/\",\"https:\\\/\\\/pastelink.net\\\/hjwciqwq\",\"https:\\\/\\\/pubhtml5.com\\\/homepage\\\/scjhn\\\/\",\"https:\\\/\\\/www.bitchute.com\\\/channel\\\/2O2eOKzNqujT\",\"https:\\\/\\\/audiomack.com\\\/iwellguard\"]}]}<\/script>\n<!-- \/ Yoast SEO Premium plugin. -->","yoast_head_json":{"title":"R\u00e1hka \u2013 saamelaisten is\u00e4jumala ja luoja","description":"R\u00e1hka, Radien-\u00c1h\u010d\u010di, on saamelaisen uskonnon is\u00e4jumala ja luoja. Uskontotieteellinen tarkastelu myytist\u00e4, kultista ja l\u00e4hteist\u00e4.","robots":{"index":"index","follow":"follow","max-snippet":"max-snippet:-1","max-image-preview":"max-image-preview:large","max-video-preview":"max-video-preview:-1"},"canonical":"https:\/\/iwell-guard.com\/fi\/rahka-saamelaisen-uskonnon-isajumala\/","og_locale":"fi_FI","og_type":"article","og_title":"R\u00e1hka \u2013 saamelaisen uskonnon is\u00e4jumala","og_description":"R\u00e1hka, Radien-\u00c1h\u010d\u010di, on saamelaisen uskonnon is\u00e4jumala ja luoja. Uskontotieteellinen tarkastelu myytist\u00e4, kultista ja l\u00e4hteist\u00e4.","og_url":"https:\/\/iwell-guard.com\/fi\/rahka-saamelaisen-uskonnon-isajumala\/","og_site_name":"iWell Guard","article_modified_time":"2026-09-03T12:54:23+00:00","og_image":[{"width":1024,"height":1536,"url":"https:\/\/iwell-guard.com\/wp-content\/uploads\/2026\/05\/goetter_sami_raehka.webp","type":"image\/webp"}],"twitter_card":"summary_large_image","schema":{"@context":"https:\/\/schema.org","@graph":[{"@type":"WebPage","@id":"https:\/\/iwell-guard.com\/fi\/rahka-saamelaisen-uskonnon-isajumala\/","url":"https:\/\/iwell-guard.com\/fi\/rahka-saamelaisen-uskonnon-isajumala\/","name":"R\u00e1hka \u2013 saamelaisten is\u00e4jumala ja luoja","isPartOf":{"@id":"https:\/\/iwell-guard.com\/fi\/#website"},"primaryImageOfPage":{"@id":"https:\/\/iwell-guard.com\/fi\/rahka-saamelaisen-uskonnon-isajumala\/#primaryimage"},"image":{"@id":"https:\/\/iwell-guard.com\/fi\/rahka-saamelaisen-uskonnon-isajumala\/#primaryimage"},"thumbnailUrl":"https:\/\/iwell-guard.com\/wp-content\/uploads\/2026\/05\/goetter_sami_raehka.webp","datePublished":"2026-09-03T12:33:29+00:00","dateModified":"2026-09-03T12:54:23+00:00","description":"R\u00e1hka, Radien-\u00c1h\u010d\u010di, on saamelaisen uskonnon is\u00e4jumala ja luoja. Uskontotieteellinen tarkastelu myytist\u00e4, kultista ja l\u00e4hteist\u00e4.","breadcrumb":{"@id":"https:\/\/iwell-guard.com\/fi\/rahka-saamelaisen-uskonnon-isajumala\/#breadcrumb"},"inLanguage":"fi","potentialAction":[{"@type":"ReadAction","target":["https:\/\/iwell-guard.com\/fi\/rahka-saamelaisen-uskonnon-isajumala\/"]}]},{"@type":"ImageObject","inLanguage":"fi","@id":"https:\/\/iwell-guard.com\/fi\/rahka-saamelaisen-uskonnon-isajumala\/#primaryimage","url":"https:\/\/iwell-guard.com\/wp-content\/uploads\/2026\/05\/goetter_sami_raehka.webp","contentUrl":"https:\/\/iwell-guard.com\/wp-content\/uploads\/2026\/05\/goetter_sami_raehka.webp","width":1024,"height":1536,"caption":"Jumalia saamelaisesta perinteest\u00e4."},{"@type":"BreadcrumbList","@id":"https:\/\/iwell-guard.com\/fi\/rahka-saamelaisen-uskonnon-isajumala\/#breadcrumb","itemListElement":[{"@type":"ListItem","position":1,"name":"Start","item":"https:\/\/iwell-guard.com\/fi\/?page_id=143815"},{"@type":"ListItem","position":2,"name":"R\u00e1hka \u2013 saamelaisen uskonnon is\u00e4jumala"}]},{"@type":"WebSite","@id":"https:\/\/iwell-guard.com\/fi\/#website","url":"https:\/\/iwell-guard.com\/fi\/","name":"iWell Guard","description":"Schutz vor dunklen Einfl\u00fcssen","publisher":{"@id":"https:\/\/iwell-guard.com\/fi\/#organization"},"potentialAction":[{"@type":"SearchAction","target":{"@type":"EntryPoint","urlTemplate":"https:\/\/iwell-guard.com\/fi\/?s={search_term_string}"},"query-input":{"@type":"PropertyValueSpecification","valueRequired":true,"valueName":"search_term_string"}}],"inLanguage":"fi"},{"@type":"Organization","@id":"https:\/\/iwell-guard.com\/fi\/#organization","name":"Ittermann electronic GmbH","url":"https:\/\/iwell-guard.com\/fi\/","logo":{"@type":"ImageObject","inLanguage":"fi","@id":"https:\/\/iwell-guard.com\/fi\/#\/schema\/logo\/image\/","url":"https:\/\/iwell-guard.com\/wp-content\/uploads\/2026\/05\/Ittermann-Logo-1182x237-1.png","contentUrl":"https:\/\/iwell-guard.com\/wp-content\/uploads\/2026\/05\/Ittermann-Logo-1182x237-1.png","width":1182,"height":237,"caption":"Ittermann electronic GmbH"},"image":{"@id":"https:\/\/iwell-guard.com\/fi\/#\/schema\/logo\/image\/"},"sameAs":["https:\/\/pantip.com\/profile\/9367242","https:\/\/micro.blog\/iwellguard","https:\/\/www.diggerslist.com\/iwellguard\/about","https:\/\/skitterphoto.com\/photographers\/2870314\/iwell-guard","https:\/\/iwellguard.wordpress.com\/2026\/06\/06\/iwell-guard\/","https:\/\/hub.docker.com\/u\/iwellguard","https:\/\/www.pinterest.com\/iwellguard\/","https:\/\/bit.ly\/m\/iwellguard","https:\/\/entre-vos-mains.alsace.eu\/profiles\/iwellguard\/activity","https:\/\/gravatar.com\/reallybeded8fd34","https:\/\/naijamatta.com\/iwellguard","https:\/\/www.goodreads.com\/iwellguard","https:\/\/profile.hatena.ne.jp\/iwellguard\/","https:\/\/experiment.com\/users\/iwellguard","https:\/\/wakelet.com\/@iWellGuard82270","https:\/\/www.chordie.com\/forum\/profile.php?id=2555664","https:\/\/www.instapaper.com\/p\/17757966","https:\/\/www.mapleprimes.com\/users\/iwellguard","https:\/\/businesslistingplus.com\/profile\/iwell-guard\/","https:\/\/telegra.ph\/iWell-Guard-06-06","https:\/\/pbase.com\/iwellguard\/iwellguard","https:\/\/b.hatena.ne.jp\/iwellguard\/20260607#bookmark-4788405196491818882","https:\/\/fliphtml5.com\/home\/iwellguard","https:\/\/anyflip.com\/homepage\/cmiwl#About","https:\/\/transfur.com\/Users\/iwellguard","http:\/\/delphi.larsbo.org\/user\/iwellguard","https:\/\/jobs.lajobsportal.org\/profiles\/8380803-iwell-guard","https:\/\/md.chaosdorf.de\/s\/jfbe5SBdJD","https:\/\/www.lingvolive.com\/en-us\/profile\/9ecaeaca-ce11-4e51-9e71-01d55e2bff36\/translations","https:\/\/www.fitday.com\/fitness\/forums\/members\/iwellguard.html","https:\/\/www.mymeetbook.com\/iwellguard","https:\/\/pxhere.com\/en\/photographer-me\/5040798","https:\/\/disqus.com\/by\/iwellguard\/about\/","https:\/\/pastelink.net\/hjwciqwq","https:\/\/pubhtml5.com\/homepage\/scjhn\/","https:\/\/www.bitchute.com\/channel\/2O2eOKzNqujT","https:\/\/audiomack.com\/iwellguard"]}]}},"_links":{"self":[{"href":"https:\/\/iwell-guard.com\/fi\/wp-json\/wp\/v2\/pages\/144246","targetHints":{"allow":["GET"]}}],"collection":[{"href":"https:\/\/iwell-guard.com\/fi\/wp-json\/wp\/v2\/pages"}],"about":[{"href":"https:\/\/iwell-guard.com\/fi\/wp-json\/wp\/v2\/types\/page"}],"author":[{"embeddable":true,"href":"https:\/\/iwell-guard.com\/fi\/wp-json\/wp\/v2\/users\/3"}],"replies":[{"embeddable":true,"href":"https:\/\/iwell-guard.com\/fi\/wp-json\/wp\/v2\/comments?post=144246"}],"version-history":[{"count":0,"href":"https:\/\/iwell-guard.com\/fi\/wp-json\/wp\/v2\/pages\/144246\/revisions"}],"wp:featuredmedia":[{"embeddable":true,"href":"https:\/\/iwell-guard.com\/fi\/wp-json\/wp\/v2\/media\/2894"}],"wp:attachment":[{"href":"https:\/\/iwell-guard.com\/fi\/wp-json\/wp\/v2\/media?parent=144246"}],"wp:term":[{"taxonomy":"category","embeddable":true,"href":"https:\/\/iwell-guard.com\/fi\/wp-json\/wp\/v2\/categories?post=144246"}],"curies":[{"name":"wp","href":"https:\/\/api.w.org\/{rel}","templated":true}]}}