{"id":144245,"date":"2026-09-03T12:33:29","date_gmt":"2026-09-03T12:33:29","guid":{"rendered":"https:\/\/iwell-guard.com\/?page_id=144245"},"modified":"2026-09-03T12:54:21","modified_gmt":"2026-09-03T12:54:21","slug":"mannu-saamelaisten-kuunjumala","status":"publish","type":"page","link":"https:\/\/iwell-guard.com\/fi\/mannu-saamelaisten-kuunjumala\/","title":{"rendered":"M\u00e1nnu &#8211; saamelaisten kuunjumala"},"content":{"rendered":"\t\t<div data-elementor-type=\"wp-page\" data-elementor-id=\"144245\" class=\"elementor elementor-144245 elementor-2665 elementor-bc-flex-widget\" data-elementor-post-type=\"page\">\n\t\t\t\t<div class=\"elementor-element elementor-element-iwgw-maennusami-hero e-flex e-con-boxed e-con e-parent\" data-id=\"iwgw-maennusami-hero\" data-element_type=\"container\" data-e-type=\"container\" data-settings=\"{&quot;background_background&quot;:&quot;classic&quot;}\">\n\t\t\t\t\t<div class=\"e-con-inner\">\n\t\t<div class=\"elementor-element elementor-element-iwgw-maennusami-hl e-flex e-con-boxed e-con e-child\" data-id=\"iwgw-maennusami-hl\" data-element_type=\"container\" data-e-type=\"container\">\n\t\t\t\t\t<div class=\"e-con-inner\">\n\t\t<div class=\"elementor-element elementor-element-iwgw-maennusami-htxt e-con-full e-flex e-con e-child\" data-id=\"iwgw-maennusami-htxt\" data-element_type=\"container\" data-e-type=\"container\">\n\t\t\t\t<div class=\"elementor-element elementor-element-iwgw-maennusami-h1 elementor-widget elementor-widget-heading\" data-id=\"iwgw-maennusami-h1\" data-element_type=\"widget\" data-e-type=\"widget\" data-widget_type=\"heading.default\">\n\t\t\t\t\t<h1 class=\"elementor-heading-title elementor-size-default\">M\u00e1nnu - kuunjumala ja y\u00f6ajan kumppani saamelaisessa uskonnossa<\/h1>\t\t\t\t<\/div>\n\t\t\t\t<div class=\"elementor-element elementor-element-iwgw-maennusami-lead elementor-widget elementor-widget-text-editor\" data-id=\"iwgw-maennusami-lead\" data-element_type=\"widget\" data-e-type=\"widget\" data-widget_type=\"text-editor.default\">\n\t\t\t\t\t\t\t\t\t<p>M\u00e1nnu, joissakin murteissa my\u00f6s Aski tai Manno, on kuun personifioitu hahmo saamelaisessa uskonnossa. T\u00e4ydent\u00e4v\u00e4ss\u00e4 suhteessa aurinkojumalatar <a href=\"https:\/\/iwell-guard.com\/fi\/?page_id=144244\">Beaiviin<\/a> h\u00e4n j\u00e4sent\u00e4\u00e4 y\u00f6llisen ajan kierron ja saamelaisten kuukalenterin. Uskontotieteellisesti h\u00e4n kuuluu laajaan sirkumpolaaristen kuunjumalien luokkaan, jolla on omat alueelliset erityispiirteens\u00e4.<\/p>\t\t\t\t\t\t\t\t<\/div>\n\t\t\t\t<\/div>\n\t\t<div class=\"elementor-element elementor-element-iwgw-maennusami-pillc e-con-full e-flex e-con e-child\" data-id=\"iwgw-maennusami-pillc\" data-element_type=\"container\" data-e-type=\"container\">\n\t\t\t\t<div class=\"elementor-element elementor-element-iwgw-maennusami-pills elementor-widget elementor-widget-html\" data-id=\"iwgw-maennusami-pills\" data-element_type=\"widget\" data-e-type=\"widget\" data-widget_type=\"html.default\">\n\t\t\t\t\t<div class=\"iwg-pill-row\"><span class=\"iwg-klasse-badge\" tabindex=\"0\" data-tooltip=\"Saamelaisen perinteen kuunjumala.\">Kuunjumala<\/span><a href=\"https:\/\/iwell-guard.com\/fi\/saamelaiset-noaidi-rumpu\/\" class=\"iwg-kultur-badge\" tabindex=\"0\" data-tooltip=\"Saamelaisen perinteen mytologia.\">Saamelaiset<\/a><span class=\"iwg-tradition-badge\" tabindex=\"0\" data-tooltip=\"Kuunjumaluus.\">Kuunjumaluus<\/span><\/div>\t\t\t\t<\/div>\n\t\t\t\t<\/div>\n\t\t<div class=\"elementor-element elementor-element-iwgw-maennusami-tocc e-con-full e-flex e-con e-child\" data-id=\"iwgw-maennusami-tocc\" data-element_type=\"container\" data-e-type=\"container\">\n\t\t\t\t<div class=\"elementor-element elementor-element-iwgw-maennusami-toc elementor-toc--minimized-on-tablet elementor-widget elementor-widget-table-of-contents\" data-id=\"iwgw-maennusami-toc\" data-element_type=\"widget\" data-e-type=\"widget\" data-settings=\"{&quot;headings_by_tags&quot;:[&quot;h2&quot;,&quot;h3&quot;],&quot;minimize_box&quot;:&quot;yes&quot;,&quot;marker_view&quot;:&quot;bullets&quot;,&quot;no_headings_message&quot;:&quot;T\\u00e4lt\\u00e4 sivulta ei l\\u00f6ytynyt otsikoita.&quot;,&quot;exclude_headings_by_selector&quot;:[],&quot;icon&quot;:{&quot;value&quot;:&quot;fas fa-circle&quot;,&quot;library&quot;:&quot;fa-solid&quot;,&quot;rendered_tag&quot;:&quot;&lt;svg class=\\&quot;e-font-icon-svg e-fas-circle\\&quot; viewBox=\\&quot;0 0 512 512\\&quot; xmlns=\\&quot;http:\\\/\\\/www.w3.org\\\/2000\\\/svg\\&quot;&gt;&lt;path d=\\&quot;M256 8C119 8 8 119 8 256s111 248 248 248 248-111 248-248S393 8 256 8z\\&quot;&gt;&lt;\\\/path&gt;&lt;\\\/svg&gt;&quot;},&quot;minimized_on&quot;:&quot;tablet&quot;,&quot;hierarchical_view&quot;:&quot;yes&quot;,&quot;min_height&quot;:{&quot;unit&quot;:&quot;px&quot;,&quot;size&quot;:&quot;&quot;,&quot;sizes&quot;:[]},&quot;min_height_tablet&quot;:{&quot;unit&quot;:&quot;px&quot;,&quot;size&quot;:&quot;&quot;,&quot;sizes&quot;:[]},&quot;min_height_mobile&quot;:{&quot;unit&quot;:&quot;px&quot;,&quot;size&quot;:&quot;&quot;,&quot;sizes&quot;:[]}}\" data-widget_type=\"table-of-contents.default\">\n\t\t\t\t\t\t\t\t\t<div class=\"elementor-toc__header\">\n\t\t\t\t\t\t<h2 class=\"elementor-toc__header-title\">\n\t\t\t\tSis\u00e4llysluettelo\t\t\t<\/h2>\n\t\t\t\t\t\t\t\t\t\t<div class=\"elementor-toc__toggle-button elementor-toc__toggle-button--expand\" role=\"button\" tabindex=\"0\" aria-controls=\"elementor-toc__iwgw-maennusami-toc\" aria-expanded=\"true\" aria-label=\"Open table of contents\"><svg aria-hidden=\"true\" class=\"e-font-icon-svg e-fas-chevron-down\" viewBox=\"0 0 448 512\" xmlns=\"http:\/\/www.w3.org\/2000\/svg\"><path d=\"M207.029 381.476L12.686 187.132c-9.373-9.373-9.373-24.569 0-33.941l22.667-22.667c9.357-9.357 24.522-9.375 33.901-.04L224 284.505l154.745-154.021c9.379-9.335 24.544-9.317 33.901.04l22.667 22.667c9.373 9.373 9.373 24.569 0 33.941L240.971 381.476c-9.373 9.372-24.569 9.372-33.942 0z\"><\/path><\/svg><\/div>\n\t\t\t\t<div class=\"elementor-toc__toggle-button elementor-toc__toggle-button--collapse\" role=\"button\" tabindex=\"0\" aria-controls=\"elementor-toc__iwgw-maennusami-toc\" aria-expanded=\"true\" aria-label=\"Close table of contents\"><svg aria-hidden=\"true\" class=\"e-font-icon-svg e-fas-chevron-up\" viewBox=\"0 0 448 512\" xmlns=\"http:\/\/www.w3.org\/2000\/svg\"><path d=\"M240.971 130.524l194.343 194.343c9.373 9.373 9.373 24.569 0 33.941l-22.667 22.667c-9.357 9.357-24.522 9.375-33.901.04L224 227.495 69.255 381.516c-9.379 9.335-24.544 9.317-33.901-.04l-22.667-22.667c-9.373-9.373-9.373-24.569 0-33.941L207.03 130.525c9.372-9.373 24.568-9.373 33.941-.001z\"><\/path><\/svg><\/div>\n\t\t\t\t\t<\/div>\n\t\t\t\t<div id=\"elementor-toc__iwgw-maennusami-toc\" class=\"elementor-toc__body\">\n\t\t\t<div class=\"elementor-toc__spinner-container\">\n\t\t\t\t<svg class=\"elementor-toc__spinner eicon-animation-spin e-font-icon-svg e-eicon-loading\" aria-hidden=\"true\" viewBox=\"0 0 1000 1000\" xmlns=\"http:\/\/www.w3.org\/2000\/svg\"><path d=\"M500 975V858C696 858 858 696 858 500S696 142 500 142 142 304 142 500H25C25 237 238 25 500 25S975 237 975 500 763 975 500 975Z\"><\/path><\/svg>\t\t\t<\/div>\n\t\t<\/div>\n\t\t\t\t\t\t<\/div>\n\t\t\t\t<\/div>\n\t\t\t\t\t<\/div>\n\t\t\t\t<\/div>\n\t\t<div class=\"elementor-element elementor-element-iwgw-maennusami-hr e-con-full e-flex e-con e-child\" data-id=\"iwgw-maennusami-hr\" data-element_type=\"container\" data-e-type=\"container\">\n\t\t\t\t<div class=\"elementor-element elementor-element-iwgw-maennusami-heroimg iwg-hero-image elementor-widget elementor-widget-image\" data-id=\"iwgw-maennusami-heroimg\" data-element_type=\"widget\" data-e-type=\"widget\" data-widget_type=\"image.default\">\n\t\t\t\t\t\t\t\t\t\t\t\t\t\t\t<img fetchpriority=\"high\" decoding=\"async\" width=\"683\" height=\"1024\" src=\"https:\/\/iwell-guard.com\/wp-content\/uploads\/2026\/05\/goetter_sami_maennu-sami-683x1024.webp\" class=\"attachment-large size-large wp-image-148750\" alt=\"Maennu, saame - jumalia saamelaisesta perinteest\u00e4, historiallis-havainnollinen\" srcset=\"https:\/\/iwell-guard.com\/wp-content\/uploads\/2026\/05\/goetter_sami_maennu-sami-683x1024.webp 683w, https:\/\/iwell-guard.com\/wp-content\/uploads\/2026\/05\/goetter_sami_maennu-sami-200x300.webp 200w, https:\/\/iwell-guard.com\/wp-content\/uploads\/2026\/05\/goetter_sami_maennu-sami-768x1152.webp 768w, https:\/\/iwell-guard.com\/wp-content\/uploads\/2026\/05\/goetter_sami_maennu-sami.webp 1024w\" sizes=\"(max-width: 683px) 100vw, 683px\" \/>\t\t\t\t\t\t\t\t\t\t\t\t\t\t\t<\/div>\n\t\t\t\t<\/div>\n\t\t\t\t\t<\/div>\n\t\t\t\t<\/div>\n\t\t\t\t<section class=\"elementor-section elementor-top-section elementor-element elementor-element-sec-iwgcomp-maennu-sami elementor-section-boxed elementor-section-height-default elementor-section-height-default\" data-id=\"sec-iwgcomp-maennu-sami\" data-element_type=\"section\" data-e-type=\"section\">\n\t\t\t\t\t\t<div class=\"elementor-container elementor-column-gap-default\">\n\t\t\t\t\t<div class=\"elementor-column elementor-col-100 elementor-top-column elementor-element elementor-element-col-iwgcomp-maennu-sami\" data-id=\"col-iwgcomp-maennu-sami\" data-element_type=\"column\" data-e-type=\"column\">\n\t\t\t<div class=\"elementor-widget-wrap elementor-element-populated\">\n\t\t\t\t\t\t<div class=\"elementor-element elementor-element-iwgcomp-maennu-sami elementor-widget elementor-widget-text-editor\" data-id=\"iwgcomp-maennu-sami\" data-element_type=\"widget\" data-e-type=\"widget\" data-widget_type=\"text-editor.default\">\n\t\t\t\t\t\t\t\t\t<p>M\u00e1nnu, saamelaisten kuunjumala, toimii <strong>y\u00f6n vartijana<\/strong> unen, unien ja y\u00f6llisen suojeluk\u00e4yt\u00e4nn\u00f6n suhteen.<\/p>\t\t\t\t\t\t\t\t<\/div>\n\t\t\t\t\t<\/div>\n\t\t<\/div>\n\t\t\t\t\t<\/div>\n\t\t<\/section>\n\t\t<div class=\"elementor-element elementor-element-iwgw-maennusami-s0 e-flex e-con-boxed e-con e-parent\" data-id=\"iwgw-maennusami-s0\" data-element_type=\"container\" data-e-type=\"container\">\n\t\t\t\t\t<div class=\"e-con-inner\">\n\t\t\t\t<div class=\"elementor-element elementor-element-iwgw-maennusami-s0h elementor-widget elementor-widget-heading\" data-id=\"iwgw-maennusami-s0h\" data-element_type=\"widget\" data-e-type=\"widget\" data-widget_type=\"heading.default\">\n\t\t\t\t\t<h2 class=\"elementor-heading-title elementor-size-default\">Tarkastelu ja lyhyt profiili<\/h2>\t\t\t\t<\/div>\n\t\t<div class=\"elementor-element elementor-element-iwgw-maennusami-s0c e-con-full e-flex e-con e-child\" data-id=\"iwgw-maennusami-s0c\" data-element_type=\"container\" data-e-type=\"container\">\n\t\t\t\t<div class=\"elementor-element elementor-element-iwgw-maennusami-s0t elementor-widget elementor-widget-text-editor\" data-id=\"iwgw-maennusami-s0t\" data-element_type=\"widget\" data-e-type=\"widget\" data-widget_type=\"text-editor.default\">\n\t\t\t\t\t\t\t\t\t<p>M\u00e1nnu on kuu personifioituna miehisess\u00e4 hahmossa, mik\u00e4 vastaa naisellista aurinkoa <a href=\"https:\/\/iwell-guard.com\/fi\/?page_id=144244\">Beaivia<\/a>. T\u00e4m\u00e4 sukupuolijako on uskontotieteellisesti valaisevaa, sill\u00e4 se noudattaa sirkumpolaarista ja pohjoiseurooppalaista mallia, jossa aurinko on tyypillisesti naisellinen ja kuu miehinen.<\/p><p>Saamelaisten uskonnollisessa hierarkiassa M\u00e1nnu on hieman Beaivin alapuolella, mutta h\u00e4nell\u00e4 on omat teht\u00e4v\u00e4ns\u00e4, joita Beaivi ei kata. Siin\u00e4 miss\u00e4 Beaivi hallitsee kes\u00e4p\u00e4iv\u00e4\u00e4 ja poronhoidon kes\u00e4aikaa, M\u00e1nnu liittyy y\u00f6h\u00f6n, talveen, naisten fysiologiaan ja kuukalenteriin.<\/p><p>M\u00e1nnua koskevat l\u00e4hteet ovat v\u00e4h\u00e4isemm\u00e4t kuin Beaivia koskevat. Rummun ikonografiassa h\u00e4net kuvataan usein Beaivia pienemp\u00e4n\u00e4 kiekkona, ja l\u00e4hetyssaarnaajien kertomukset mainitsevat h\u00e4net suppeammin kuin aurinkojumalattaren. T\u00e4m\u00e4 l\u00e4hdeaineiston ep\u00e4symmetria on uskontofenomenologisesti tyypillist\u00e4 arktisille ja subarktisille uskonnoille, joissa aurinko el\u00e4m\u00e4n antajana on ensisijainen.<\/p><p>My\u00f6s kuunjumala M\u00e1nnua on viime vuosikymmenin\u00e4 tutkittu laajentuneen menetelm\u00e4llisen v\u00e4lineist\u00f6n avulla, joka yhdist\u00e4\u00e4 etnografisen tarkkuuden, kielellisen <span class=\"iwg-fachbegriff\" data-tooltip=\"Tiedon ja kertomusten siirtyminen sukupolvelta toiselle.\" tabindex=\"0\">perim\u00e4tiedon<\/span> l\u00e4hdekritiikin ja vertailevan luokittelun. Saamelainen tietoyhteis\u00f6 on nyky\u00e4\u00e4n mukana t\u00e4ss\u00e4 tutkimuksessa ja tarkistaa aiempia l\u00e4nsimaisia tulkintoja, joihin oli osin sis\u00e4\u00e4nrakennettuna kolonialistisia n\u00e4k\u00f6kulmia.<\/p><p>Miehisen\u00e4 kuuna naisellisen auringon rinnalla M\u00e1nnu asettuu osaksi sirkumpolaarisen uskonnollisen topografian toistuvaa kaavaa. Sit\u00e4, ett\u00e4 t\u00e4m\u00e4 kaava s\u00e4ilytt\u00e4\u00e4 perusrakenteensa tuhansien kilometrien matkalla, pidet\u00e4\u00e4n vertailevan <span class=\"iwg-fachbegriff\" data-tooltip=\"Tiede, joka tutkii uskontoja vertailevasti ja sitoutumatta mihink\u00e4\u00e4n uskoon.\" tabindex=\"0\">uskontotieteen<\/span> merkitt\u00e4vimp\u00e4n\u00e4 havaintona, jonka tulkinta on edelleen avoimen keskustelun kohteena.<\/p>\t\t\t\t\t\t\t\t<\/div>\n\t\t\t\t<\/div>\n\t\t\t\t\t<\/div>\n\t\t\t\t<\/div>\n\t\t<div class=\"elementor-element elementor-element-iwgw-maennusami-s1 e-flex e-con-boxed e-con e-parent\" data-id=\"iwgw-maennusami-s1\" data-element_type=\"container\" data-e-type=\"container\">\n\t\t\t\t\t<div class=\"e-con-inner\">\n\t\t\t\t<div class=\"elementor-element elementor-element-iwgw-maennusami-s1h elementor-widget elementor-widget-heading\" data-id=\"iwgw-maennusami-s1h\" data-element_type=\"widget\" data-e-type=\"widget\" data-widget_type=\"heading.default\">\n\t\t\t\t\t<h2 class=\"elementor-heading-title elementor-size-default\">Nimi ja etymologia<\/h2>\t\t\t\t<\/div>\n\t\t<div class=\"elementor-element elementor-element-iwgw-maennusami-s1c e-con-full e-flex e-con e-child\" data-id=\"iwgw-maennusami-s1c\" data-element_type=\"container\" data-e-type=\"container\">\n\t\t\t\t<div class=\"elementor-element elementor-element-iwgw-maennusami-s1t elementor-widget elementor-widget-text-editor\" data-id=\"iwgw-maennusami-s1t\" data-element_type=\"widget\" data-e-type=\"widget\" data-widget_type=\"text-editor.default\">\n\t\t\t\t\t\t\t\t\t<p>Nimi M\u00e1nnu kuuluu uralilaiseen kuun perussanastoon, joka k\u00e4sitt\u00e4\u00e4 my\u00f6s suomen kielen sanan <em>kuu<\/em>, viron <em>kuu<\/em>-sanan ja unkarin <em>hold<\/em>-sanan. Aski-muoto esiintyy etel\u00e4saamelaisella alueella ja n\u00e4ytt\u00e4\u00e4 edustavan omaa kielellist\u00e4 kerrostumaa. Manno on inarinsaamen kieless\u00e4 k\u00e4ytetty taipunut muoto.<\/p><p>Etymologisesti uralilainen juuri viittaa eritt\u00e4in vanhaan uskonnollisen k\u00e4sitteenmuodostuksen kerrostumaan. Kuu ajanm\u00e4\u00e4ritt\u00e4j\u00e4n\u00e4 on personifioitu uralilaisessa kulttuuripiiriss\u00e4 jo vuosituhansien ajan. T\u00e4m\u00e4 kielihistoriallinen syvyys on tieteellisesti valaisevaa.<\/p><p>Uskonnollisessa kielenk\u00e4yt\u00f6ss\u00e4 esiintyy usein kunnianimi <em>M\u00e1nnu-\u00c1h\u010d\u010di<\/em>, kirjaimellisesti kuu-is\u00e4, joka vahvistaa kielellisesti sukupuolen m\u00e4\u00e4rittelyn. Is\u00e4-nimitys on uskontofenomenologisesti oma ilmi\u00f6ns\u00e4 ja erottaa M\u00e1nnun Beaivin \u00e4iti-konnotaatiosta.<\/p><p>Uskontososiologisesti on kysytt\u00e4v\u00e4, mik\u00e4 teht\u00e4v\u00e4 M\u00e1nnulla oli perinteisen saamelaisyhteis\u00f6n j\u00e4rjestyksess\u00e4. Koska kuu ajanm\u00e4\u00e4ritt\u00e4j\u00e4n\u00e4 j\u00e4sensi talvea, y\u00f6t\u00e4 ja kuukalenteria, h\u00e4nen uskonnollinen merkityksens\u00e4 liittyi suoraan eletyn arjen k\u00e4yt\u00e4nt\u00f6ihin.<\/p><p>T\u00e4m\u00e4 uskon ja sosiaalisen el\u00e4m\u00e4n kietoutuminen toisiinsa muodostaa omanlaisensa uskontoantropologisen tutkimusalan, jota erityisesti H\u00e5kan Rydving ja Konsta Kaikkonen ovat systemaattisesti kartoittaneet.<\/p><p>Toinen taso koskee kuunjumalan nykyist\u00e4 roolia saamelaisessa identiteettipolitiikassa. Saamelaisten itsehallinnon ja alkuper\u00e4iskansojen oikeuksien kansainv\u00e4lisoikeudellisen tunnustamisen my\u00f6t\u00e4 perinteiset hahmot kuten M\u00e1nnu saavat uudelleen n\u00e4kyvyytt\u00e4. Uskontotutkimuksen ja poliittisen tunnustamisen vuorovaikutus muodostaa omanlaisensa tutkimusalueen, jota on viime aikoina k\u00e4sitelty entist\u00e4 enemm\u00e4n.<\/p>\t\t\t\t\t\t\t\t<\/div>\n\t\t\t\t<\/div>\n\t\t\t\t\t<\/div>\n\t\t\t\t<\/div>\n\t\t<div class=\"elementor-element elementor-element-iwgw-maennusami-s2 e-flex e-con-boxed e-con e-parent\" data-id=\"iwgw-maennusami-s2\" data-element_type=\"container\" data-e-type=\"container\">\n\t\t\t\t\t<div class=\"e-con-inner\">\n\t\t\t\t<div class=\"elementor-element elementor-element-iwgw-maennusami-s2h elementor-widget elementor-widget-heading\" data-id=\"iwgw-maennusami-s2h\" data-element_type=\"widget\" data-e-type=\"widget\" data-widget_type=\"heading.default\">\n\t\t\t\t\t<h2 class=\"elementor-heading-title elementor-size-default\">Kuvaus ja ikonografia<\/h2>\t\t\t\t<\/div>\n\t\t<div class=\"elementor-element elementor-element-iwgw-maennusami-s2c e-con-full e-flex e-con e-child\" data-id=\"iwgw-maennusami-s2c\" data-element_type=\"container\" data-e-type=\"container\">\n\t\t\t\t<div class=\"elementor-element elementor-element-iwgw-maennusami-s2t elementor-widget elementor-widget-text-editor\" data-id=\"iwgw-maennusami-s2t\" data-element_type=\"widget\" data-e-type=\"widget\" data-widget_type=\"text-editor.default\">\n\t\t\t\t\t\t\t\t\t<p>L\u00e4hteiss\u00e4 M\u00e1nnu kuvataan vakaana ja rauhallisena kuuna, joka hallitsee y\u00f6t\u00e4 ja talvikuukausia. Toisin kuin s\u00e4ihkyv\u00e4 Beaivi, M\u00e1nnu on viile\u00e4mpi ja hiljaisempi voima, joka kastaa maan arktisten talvi\u00f6iden kuunvaloiseen puolih\u00e4m\u00e4r\u00e4\u00e4n.<\/p><p>\u0160amaanirummuissa (<em>goavddis<\/em>) M\u00e1nnu esitet\u00e4\u00e4n useimmiten sirppin\u00e4 tai Beaivia pienemp\u00e4n\u00e4 kiekkona t\u00e4m\u00e4n vierell\u00e4. Ernst Manker on rumpukuvia koskevissa tutkimuksissaan osoittanut, ett\u00e4 M\u00e1nnu esiintyy nimenomaisesti noin kolmasosassa s\u00e4ilyneist\u00e4 rummuista, usein tilallisesti l\u00e4hell\u00e4 Beaivia.<\/p><p>Esikristillisen perinteen visuaaliset esitykset ovat harvinaisia. Nykyaikaisessa saamelaisessa taiteessa M\u00e1nnu on l\u00e4sn\u00e4, usein yhdess\u00e4 Beaivin kanssa toisiaan t\u00e4ydent\u00e4v\u00e4n\u00e4 parina. T\u00e4m\u00e4 diptyykkim\u00e4inen esitystapa on uskontofenomenologisesti oma ilmi\u00f6ns\u00e4 ja viittaa saamelaisen taivasmytologian parimuotoiseen rakenteeseen.<\/p>\t\t\t\t\t\t\t\t<\/div>\n\t\t\t\t<\/div>\n\t\t\t\t\t<\/div>\n\t\t\t\t<\/div>\n\t\t<div class=\"elementor-element elementor-element-iwgw-maennusami-s3 e-flex e-con-boxed e-con e-parent\" data-id=\"iwgw-maennusami-s3\" data-element_type=\"container\" data-e-type=\"container\">\n\t\t\t\t\t<div class=\"e-con-inner\">\n\t\t\t\t<div class=\"elementor-element elementor-element-iwgw-maennusami-s3h elementor-widget elementor-widget-heading\" data-id=\"iwgw-maennusami-s3h\" data-element_type=\"widget\" data-e-type=\"widget\" data-widget_type=\"heading.default\">\n\t\t\t\t\t<h2 class=\"elementor-heading-title elementor-size-default\">Kuun kierto ja kalenteri<\/h2>\t\t\t\t<\/div>\n\t\t<div class=\"elementor-element elementor-element-iwgw-maennusami-s3c e-con-full e-flex e-con e-child\" data-id=\"iwgw-maennusami-s3c\" data-element_type=\"container\" data-e-type=\"container\">\n\t\t\t\t<div class=\"elementor-element elementor-element-iwgw-maennusami-s3t elementor-widget elementor-widget-text-editor\" data-id=\"iwgw-maennusami-s3t\" data-element_type=\"widget\" data-e-type=\"widget\" data-widget_type=\"text-editor.default\">\n\t\t\t\t\t\t\t\t\t<p>M\u00e1nnu on saamelaisen kuukalenterin t\u00e4rkein ajanm\u00e4\u00e4ritt\u00e4j\u00e4. Kuukausilla oli omat nimens\u00e4, jotka viittasivat useimmiten mets\u00e4stykseen, ilmastoon tai paimentolaisuuteen liittyviin ilmi\u00f6ihin: poron vasomiskuukausi, sulamiskuukausi, hyttyskuukausi, karibukuukausi. N\u00e4it\u00e4 nimityksi\u00e4 on hyvin dokumentoitu ruotsalaisissa ja norjalaisissa etnografisissa merkinn\u00f6iss\u00e4.<\/p><p>Kuun kierto j\u00e4sensi my\u00f6s naisten el\u00e4m\u00e4\u00e4. Kuukautiset yhdistettiin uskonnollisesti kuun kiertoon, ilman ett\u00e4 esitettiin suoraa mekaanista syy-yhteytt\u00e4. Uskontofenomenologisesti t\u00e4m\u00e4 yhteys on omanlaisensa asetelma, joka on todettu monissa maailman uskonnoissa.<\/p><p>Porotaloudelle kuukalenteri oli v\u00e4hemm\u00e4n t\u00e4rke\u00e4 kuin aurinkokalenteri, koska porojen liikkeet m\u00e4\u00e4r\u00e4ytyiv\u00e4t ensisijaisesti auringon asemasta ja kasvillisuuden vaiheista. T\u00e4m\u00e4 kalentereiden hierarkia on uskontotaloudellisesti oma ilmi\u00f6ns\u00e4.<\/p>\t\t\t\t\t\t\t\t<\/div>\n\t\t\t\t<\/div>\n\t\t\t\t\t<\/div>\n\t\t\t\t<\/div>\n\t\t<div class=\"elementor-element elementor-element-iwgw-maennusami-s4 e-flex e-con-boxed e-con e-parent\" data-id=\"iwgw-maennusami-s4\" data-element_type=\"container\" data-e-type=\"container\">\n\t\t\t\t\t<div class=\"e-con-inner\">\n\t\t\t\t<div class=\"elementor-element elementor-element-iwgw-maennusami-s4h elementor-widget elementor-widget-heading\" data-id=\"iwgw-maennusami-s4h\" data-element_type=\"widget\" data-e-type=\"widget\" data-widget_type=\"heading.default\">\n\t\t\t\t\t<h2 class=\"elementor-heading-title elementor-size-default\">M\u00e1nnu naisten k\u00e4yt\u00e4nn\u00f6iss\u00e4<\/h2>\t\t\t\t<\/div>\n\t\t<div class=\"elementor-element elementor-element-iwgw-maennusami-s4c e-con-full e-flex e-con e-child\" data-id=\"iwgw-maennusami-s4c\" data-element_type=\"container\" data-e-type=\"container\">\n\t\t\t\t<div class=\"elementor-element elementor-element-iwgw-maennusami-s4t elementor-widget elementor-widget-text-editor\" data-id=\"iwgw-maennusami-s4t\" data-element_type=\"widget\" data-e-type=\"widget\" data-widget_type=\"text-editor.default\">\n\t\t\t\t\t\t\t\t\t<p>Nuorilla naisilla ja raskaana olevilla naisilla oli erityinen suhde M\u00e1nnuun. Joillakin alueilla varoitettiin katsomasta kuuta liian pitk\u00e4\u00e4n, koska sen ajateltiin voivan h\u00e4irit\u00e4 kohdussa olevaa lasta. T\u00e4m\u00e4 k\u00e4sitys on uskontofenomenologisesti tyypillinen hedelm\u00e4llisyyteen liittyville kuujumalille.<\/p><p>Apotropaiset k\u00e4yt\u00e4nn\u00f6t ep\u00e4suotuisia kuun vaikutuksia vastaan sis\u00e4lsiv\u00e4t tiettyjen amulettien kantamisen, kuu-tabujen noudattamisen raskauden aikana ja rituaalisten sanojen lausumisen uuden kuunsirpin ensi n\u00e4kemisen yhteydess\u00e4. N\u00e4it\u00e4 k\u00e4yt\u00e4nt\u00f6j\u00e4 on etnografisesti hyvin dokumentoitu.<\/p><p>Tieteellisesti kuun, naisen ruumiin ja hedelm\u00e4llisyyden yhteenkietoutuminen on vertailevasti antoisa ilmi\u00f6. Se esiintyy lukuisissa uskonnoissa eik\u00e4 ole erityisesti saamelainen. Saamelainen erityispiirre on M\u00e1nnun personifioiminen mieheksi, toisin kuin monien muiden perinteiden naispuoliset kuujumalattaret.<\/p>\t\t\t\t\t\t\t\t<\/div>\n\t\t\t\t<\/div>\n\t\t\t\t\t<\/div>\n\t\t\t\t<\/div>\n\t\t<div class=\"elementor-element elementor-element-iwgw-maennusami-s5 e-flex e-con-boxed e-con e-parent\" data-id=\"iwgw-maennusami-s5\" data-element_type=\"container\" data-e-type=\"container\">\n\t\t\t\t\t<div class=\"e-con-inner\">\n\t\t\t\t<div class=\"elementor-element elementor-element-iwgw-maennusami-s5h elementor-widget elementor-widget-heading\" data-id=\"iwgw-maennusami-s5h\" data-element_type=\"widget\" data-e-type=\"widget\" data-widget_type=\"heading.default\">\n\t\t\t\t\t<h2 class=\"elementor-heading-title elementor-size-default\">\u0160amaaninen k\u00e4yt\u00e4nt\u00f6 ja M\u00e1nnu<\/h2>\t\t\t\t<\/div>\n\t\t<div class=\"elementor-element elementor-element-iwgw-maennusami-s5c e-con-full e-flex e-con e-child\" data-id=\"iwgw-maennusami-s5c\" data-element_type=\"container\" data-e-type=\"container\">\n\t\t\t\t<div class=\"elementor-element elementor-element-iwgw-maennusami-s5t elementor-widget elementor-widget-text-editor\" data-id=\"iwgw-maennusami-s5t\" data-element_type=\"widget\" data-e-type=\"widget\" data-widget_type=\"text-editor.default\">\n\t\t\t\t\t\t\t\t\t<p><em>Noaidit<\/em>, saamelaiset \u0161amaanit, pitiv\u00e4t M\u00e1nnua yhten\u00e4 useista puheenkohteistaan. S\u00e4\u00e4n ennustamisessa, napay\u00f6n aikaisilla matkoilla ja tietyiss\u00e4 parannusrituaaleissa M\u00e1nnua saatettiin rukoilla. Transsik\u00e4yt\u00e4nt\u00f6 liittyi rumpuun, jonka kuvat visualisoivat rukouksen reitit.<\/p><p>Konkreettiset rukousk\u00e4yt\u00e4nn\u00f6t on dokumentoitu Schefferuksen ja my\u00f6hempien l\u00e4hetyssaarnaajien kertomuksissa. Noaidi ly\u00f6tti rumpua, lauloi joiku-<span class=\"iwg-fachbegriff\" data-tooltip=\"Jumaluuden tai voiman rukoileva tai loitsiva puhutteleminen.\" tabindex=\"0\">rukouksen<\/span> ja antoi transsissa sielunsa matkata kuuhun. N\u00e4m\u00e4 \u0161amaaniset matkat olivat v\u00e4hemm\u00e4n dramaattisia kuin matkat manalan voimien luo, mutta uskontofenomenologisesti omanlaisiaan.<\/p><p>Verrattuna <a href=\"https:\/\/iwell-guard.com\/fi\/inuit-ja-arktis-sedna-tornit\/\">inuiittien<\/a> perinteeseen, jossa \u0161amaanin kuumatka on hyvin dokumentoitu (ks. <a href=\"https:\/\/iwell-guard.com\/fi\/?page_id=144241\">Igaluk<\/a>), saamelainen kuumatka on kuvattu v\u00e4hemm\u00e4n yksityiskohtaisesti. T\u00e4t\u00e4 <span class=\"iwg-fachbegriff\" data-tooltip=\"Tiedon ja kertomusten siirtyminen sukupolvelta toiselle.\" tabindex=\"0\">perim\u00e4tiedon<\/span> ep\u00e4symmetriaa on syyt\u00e4 tarkastella menetelm\u00e4llisesti.<\/p>\t\t\t\t\t\t\t\t<\/div>\n\t\t\t\t<\/div>\n\t\t\t\t\t<\/div>\n\t\t\t\t<\/div>\n\t\t<div class=\"elementor-element elementor-element-iwgw-maennusami-s6 e-flex e-con-boxed e-con e-parent\" data-id=\"iwgw-maennusami-s6\" data-element_type=\"container\" data-e-type=\"container\">\n\t\t\t\t\t<div class=\"e-con-inner\">\n\t\t\t\t<div class=\"elementor-element elementor-element-iwgw-maennusami-s6h elementor-widget elementor-widget-heading\" data-id=\"iwgw-maennusami-s6h\" data-element_type=\"widget\" data-e-type=\"widget\" data-widget_type=\"heading.default\">\n\t\t\t\t\t<h2 class=\"elementor-heading-title elementor-size-default\">M\u00e1nnu ja y\u00f6<\/h2>\t\t\t\t<\/div>\n\t\t<div class=\"elementor-element elementor-element-iwgw-maennusami-s6c e-con-full e-flex e-con e-child\" data-id=\"iwgw-maennusami-s6c\" data-element_type=\"container\" data-e-type=\"container\">\n\t\t\t\t<div class=\"elementor-element elementor-element-iwgw-maennusami-s6t elementor-widget elementor-widget-text-editor\" data-id=\"iwgw-maennusami-s6t\" data-element_type=\"widget\" data-e-type=\"widget\" data-widget_type=\"text-editor.default\">\n\t\t\t\t\t\t\t\t\t<p>M\u00e1nnu ei ole vain kuu, vaan my\u00f6s y\u00f6n personifioitu hallitsija. Arktisessa maailmassa y\u00f6 ei ole merkitykset\u00f6n aika, vaan omanlaisensa uskonnollinen ulottuvuus, jossa tietyt henget aktivoituvat ja jossa vallitsee oma tabuj\u00e4rjestelm\u00e4ns\u00e4.<\/p><p>Y\u00f6ll\u00e4 olivat kiellettyj\u00e4 tietyt toiminnat, kuten kova puhuminen, ter\u00e4vien ty\u00f6kalujen veist\u00e4minen tai joidenkin joikujen laulaminen. N\u00e4iden tabujen katsottiin liittyv\u00e4n M\u00e1nnuun, ja niiden tarkoituksena oli olla h\u00e4iritsem\u00e4tt\u00e4 tai loukkaamatta h\u00e4nt\u00e4.<\/p><p>Napatalvella, jolloin y\u00f6 kest\u00e4\u00e4 viikkoja, M\u00e1nnu oli jatkuva l\u00e4sn\u00e4olo. Uskontofenomenologisesti t\u00e4m\u00e4 y\u00f6n eksistentiaalinen syvyys arktisessa uskonnossa on omanlaisensa ilmi\u00f6, ja se tekee M\u00e1nnusta merkitt\u00e4v\u00e4mm\u00e4n hahmon kuin leudommissa uskonnoissa.<\/p>\t\t\t\t\t\t\t\t<\/div>\n\t\t\t\t<\/div>\n\t\t\t\t\t<\/div>\n\t\t\t\t<\/div>\n\t\t<div class=\"elementor-element elementor-element-iwgw-maennusami-s7 e-flex e-con-boxed e-con e-parent\" data-id=\"iwgw-maennusami-s7\" data-element_type=\"container\" data-e-type=\"container\">\n\t\t\t\t\t<div class=\"e-con-inner\">\n\t\t\t\t<div class=\"elementor-element elementor-element-iwgw-maennusami-s7h elementor-widget elementor-widget-heading\" data-id=\"iwgw-maennusami-s7h\" data-element_type=\"widget\" data-e-type=\"widget\" data-widget_type=\"heading.default\">\n\t\t\t\t\t<h2 class=\"elementor-heading-title elementor-size-default\">Vertailu muihin kuujumaliin<\/h2>\t\t\t\t<\/div>\n\t\t<div class=\"elementor-element elementor-element-iwgw-maennusami-s7c e-con-full e-flex e-con e-child\" data-id=\"iwgw-maennusami-s7c\" data-element_type=\"container\" data-e-type=\"container\">\n\t\t\t\t<div class=\"elementor-element elementor-element-iwgw-maennusami-s7t elementor-widget elementor-widget-text-editor\" data-id=\"iwgw-maennusami-s7t\" data-element_type=\"widget\" data-e-type=\"widget\" data-widget_type=\"text-editor.default\">\n\t\t\t\t\t\t\t\t\t<p>M\u00e1nnu kuuluu miespuolisten kuujumalien luokkaan, joita esiintyy pohjoiseurooppalaisessa, baltialaisessa ja uralilaisessa perinteess\u00e4. Rakenteellisesti vertailukelpoisia ovat germaaninen M\u00e1ni, baltialainen Meness, suomalainen Kuu-Ukko ja <a href=\"https:\/\/iwell-guard.com\/fi\/inuit-ja-arktis-sedna-tornit\/\">inuiittien<\/a> kuujumala <a href=\"https:\/\/iwell-guard.com\/fi\/?page_id=144241\">Igaluk<\/a>.<\/p><p>T\u00e4m\u00e4 sukupuolijako, mies-kuu \/ nais-aurinko, ei ole sattumaa, vaan muodostaa omanlaisensa uskontofenomenologisen alueen. Uskontohistoriallinen keskustelu t\u00e4m\u00e4n kerrostuman synnyst\u00e4 on vanha ja edelleen ratkaisematta.<\/p><p>Toisin kuin inuiittien Igaluk, jolla on insestinen <span class=\"iwg-fachbegriff\" data-tooltip=\"Perinteinen kertomus jumalista, alkuper\u00e4st\u00e4 ja maailman j\u00e4rjestyksest\u00e4.\" tabindex=\"0\">myytti<\/span> aurinko-siskonsa kanssa, saamelaisessa M\u00e1nnu-Beaivi-asetelmassa ei ole vastaavan dramaattista <span class=\"iwg-fachbegriff\" data-tooltip=\"Perinteinen kertomus jumalista, alkuper\u00e4st\u00e4 ja maailman j\u00e4rjestyksest\u00e4.\" tabindex=\"0\">myytti\u00e4<\/span>. T\u00e4m\u00e4 ero on uskontofenomenologisesti valaiseva.<\/p>\t\t\t\t\t\t\t\t<\/div>\n\t\t\t\t<\/div>\n\t\t\t\t\t<\/div>\n\t\t\t\t<\/div>\n\t\t<div class=\"elementor-element elementor-element-iwgw-maennusami-s8 e-flex e-con-boxed e-con e-parent\" data-id=\"iwgw-maennusami-s8\" data-element_type=\"container\" data-e-type=\"container\">\n\t\t\t\t\t<div class=\"e-con-inner\">\n\t\t\t\t<div class=\"elementor-element elementor-element-iwgw-maennusami-s8h elementor-widget elementor-widget-heading\" data-id=\"iwgw-maennusami-s8h\" data-element_type=\"widget\" data-e-type=\"widget\" data-widget_type=\"heading.default\">\n\t\t\t\t\t<h2 class=\"elementor-heading-title elementor-size-default\">L\u00e4hetysty\u00f6 ja syrj\u00e4ytyminen<\/h2>\t\t\t\t<\/div>\n\t\t<div class=\"elementor-element elementor-element-iwgw-maennusami-s8c e-con-full e-flex e-con e-child\" data-id=\"iwgw-maennusami-s8c\" data-element_type=\"container\" data-e-type=\"container\">\n\t\t\t\t<div class=\"elementor-element elementor-element-iwgw-maennusami-s8t elementor-widget elementor-widget-text-editor\" data-id=\"iwgw-maennusami-s8t\" data-element_type=\"widget\" data-e-type=\"widget\" data-widget_type=\"text-editor.default\">\n\t\t\t\t\t\t\t\t\t<p>Kristillinen l\u00e4hetysty\u00f6 hy\u00f6kk\u00e4si M\u00e1nnua vastaan v\u00e4hemm\u00e4n kuin Beaivia vastaan, koska h\u00e4nen teht\u00e4v\u00e4ns\u00e4 kuun ajanm\u00e4\u00e4ritt\u00e4j\u00e4n\u00e4 ei ollut suoraan ristiriidassa kristillisten oppien kanssa. Siit\u00e4 huolimatta l\u00e4hetysty\u00f6 esti M\u00e1nnun rituaalisen <span class=\"iwg-fachbegriff\" data-tooltip=\"Jumaluuden tai voiman rukoileva tai loitsiva puhutteleminen.\" tabindex=\"0\">rukoilemisen<\/span>.<\/p><p>Nykyisess\u00e4 saamelaisessa kulttuurin elvytt\u00e4misess\u00e4 M\u00e1nnu on n\u00e4kyvill\u00e4 v\u00e4hemm\u00e4n kuin Beaivi, mutta h\u00e4n esiintyy joikuteksteiss\u00e4, saamelaisessa kirjallisuudessa ja kuvataiteessa. M\u00e1nnun tieteellinen tutkimus on k\u00e4ynniss\u00e4.<\/p><p>Konkreettisia tutkimusaukkoja on M\u00e1nnun tarkassa alueellisessa erottelussa ja h\u00e4nen suhteessaan muihin saamelaisen perinteen miespuolisiin jumaluuksiin. N\u00e4ihin aukkoihin olisi puututtava jatkotutkimuksessa.<\/p>\t\t\t\t\t\t\t\t<\/div>\n\t\t\t\t<\/div>\n\t\t\t\t\t<\/div>\n\t\t\t\t<\/div>\n\t\t<div class=\"elementor-element elementor-element-iwgw-maennusami-s9 e-flex e-con-boxed e-con e-parent\" data-id=\"iwgw-maennusami-s9\" data-element_type=\"container\" data-e-type=\"container\">\n\t\t\t\t\t<div class=\"e-con-inner\">\n\t\t\t\t<div class=\"elementor-element elementor-element-iwgw-maennusami-s9h elementor-widget elementor-widget-heading\" data-id=\"iwgw-maennusami-s9h\" data-element_type=\"widget\" data-e-type=\"widget\" data-widget_type=\"heading.default\">\n\t\t\t\t\t<h2 class=\"elementor-heading-title elementor-size-default\">Sanakirjan ristiviittaukset<\/h2>\t\t\t\t<\/div>\n\t\t<div class=\"elementor-element elementor-element-iwgw-maennusami-s9c e-con-full e-flex e-con e-child\" data-id=\"iwgw-maennusami-s9c\" data-element_type=\"container\" data-e-type=\"container\">\n\t\t\t\t<div class=\"elementor-element elementor-element-iwgw-maennusami-s9t elementor-widget elementor-widget-text-editor\" data-id=\"iwgw-maennusami-s9t\" data-element_type=\"widget\" data-e-type=\"widget\" data-widget_type=\"text-editor.default\">\n\t\t\t\t\t\t\t\t\t<p>M\u00e1nnu liittyy <a href=\"https:\/\/iwell-guard.com\/fi\/?page_id=144244\">Beaiviin<\/a>, <a href=\"https:\/\/iwell-guard.com\/fi\/?page_id=144246\">R\u00e1hkaan<\/a>, <a href=\"https:\/\/iwell-guard.com\/fi\/?page_id=144247\">Stalloon<\/a>, <a href=\"https:\/\/iwell-guard.com\/fi\/?page_id=144248\">Sara-Akkaan<\/a>, <a href=\"https:\/\/iwell-guard.com\/fi\/?page_id=144249\">Uksakkaan<\/a>, <a href=\"https:\/\/iwell-guard.com\/fi\/?page_id=144250\">Juksakkaan<\/a>, <a href=\"https:\/\/iwell-guard.com\/fi\/?page_id=144251\">Madderakkaan<\/a>, <a href=\"https:\/\/iwell-guard.com\/fi\/?page_id=144252\">Jabmiidaibmuun<\/a> ja <a href=\"https:\/\/iwell-guard.com\/fi\/?page_id=144253\">Saivoon<\/a>. Kulttuurikeskus <a href=\"https:\/\/iwell-guard.com\/fi\/saamelaiset-noaidi-rumpu\/\">Saamelainen perinne<\/a> asettaa kuu-<span class=\"iwg-fachbegriff\" data-tooltip=\"Tieteellinen oppi jumalasta ja uskonnon uskosta.\" tabindex=\"0\">teologian<\/span> kehyksiins\u00e4. Vastaavia kuujumalia l\u00f6ytyy <a href=\"https:\/\/iwell-guard.com\/fi\/inuit-ja-arktis-sedna-tornit\/\">inuiittien<\/a> hakusana-sarjasta kohdasta <em>Igaluk<\/em>.<\/p>\t\t\t\t\t\t\t\t<\/div>\n\t\t\t\t<\/div>\n\t\t\t\t\t<\/div>\n\t\t\t\t<\/div>\n\t\t<div class=\"elementor-element elementor-element-cp2cd340d2 e-flex e-con-boxed e-con e-parent\" data-id=\"cp2cd340d2\" data-element_type=\"container\" data-e-type=\"container\">\n\t\t\t\t\t<div class=\"e-con-inner\">\n\t\t\t\t<div class=\"elementor-element elementor-element-cp28f9a953 elementor-widget elementor-widget-heading\" data-id=\"cp28f9a953\" data-element_type=\"widget\" data-e-type=\"widget\" data-widget_type=\"heading.default\">\n\t\t\t\t\t<h2 class=\"elementor-heading-title elementor-size-default\">Kuu ja ajanlasku saamelaisessa vuodenkierrossa<\/h2>\t\t\t\t<\/div>\n\t\t<div class=\"elementor-element elementor-element-cp262aa8d5 e-flex e-con-boxed e-con e-child\" data-id=\"cp262aa8d5\" data-element_type=\"container\" data-e-type=\"container\">\n\t\t\t\t\t<div class=\"e-con-inner\">\n\t\t\t\t<div class=\"elementor-element elementor-element-cp2c466645 elementor-widget elementor-widget-text-editor\" data-id=\"cp2c466645\" data-element_type=\"widget\" data-e-type=\"widget\" data-widget_type=\"text-editor.default\">\n\t\t\t\t\t\t\t\t\t<p>M\u00e4nnu tarkoittaa saamen kieless\u00e4 kuuta, ja siihen liittyv\u00e4t k\u00e4sitykset voidaan ymm\u00e4rt\u00e4\u00e4 vain saamelaisen ajanlaskun yhteydess\u00e4.<\/p><p>Toisin kuin maanviljelyskulttuureissa, poronhoitoa ja pyynti\u00e4 harjoittaneiden saamelaisryhmien vuosi noudatti el\u00e4inten vaellusta, valon vaihtelua ja kuun vaiheita. Pohjoisen pitk\u00e4ss\u00e4, aurinkok\u00f6yh\u00e4ss\u00e4 kaamosajassa kuu tarjosi yhden harvoista luotettavista aikamerkeist\u00e4.<\/p><p>Saamelaiset kuukausien nimet, sellaisina kuin ne tunnetaan my\u00f6hemmist\u00e4 muistiinmerkinn\u00f6ist\u00e4, viittaavat luontoon ja poronhoitoon liittyviin konkreettisiin tapahtumiin, kuten vasojen syntym\u00e4\u00e4n, kiima-aikaan tai lumiolosuhteisiin.<\/p><p>Kuun kierto j\u00e4sensi siten k\u00e4yt\u00e4nn\u00f6n toimintojen kulkua, ei abstraktia kalenterij\u00e4rjestyst\u00e4. Tutkijat ovat huomauttaneet, ettei kuun personifikaatiota M\u00e4nnuna voi erottaa t\u00e4st\u00e4 teht\u00e4v\u00e4st\u00e4: taivaallinen hahmo, joka ilment\u00e4\u00e4 valon vaihtelua, on samalla arjen j\u00e4rjestysperiaate.<\/p><p>Miss\u00e4 m\u00e4\u00e4rin M\u00e4nnua pidettiin itsen\u00e4isen\u00e4 palvottuna hahmona ja miss\u00e4 m\u00e4\u00e4rin k\u00e4site tarkoitti vain taivaankappaletta, on l\u00e4hteiden perusteella vaikea erottaa. 1600- ja 1700-luvun tallentajilla oli taipumus tulkita jokainen taivaanilmi\u00f6 v\u00e4litt\u00f6m\u00e4sti <span class=\"iwg-fachbegriff\" data-tooltip=\"Uskonnossa jumalallisena palvottu olento.\" tabindex=\"0\">jumaluudeksi<\/span>, koska he odottivat l\u00f6yt\u00e4v\u00e4ns\u00e4 t\u00e4ydellisen <span class=\"iwg-fachbegriff\" data-tooltip=\"Uskonnon tai kulttuurin jumalien kokonaisuus.\" tabindex=\"0\">pantheonin<\/span>.<\/p><p>Varmaa on vain, ett\u00e4 kuulla oli saamelaisessa maailmankuvassa korostunut asema. Se, uhrattiinko sille erikseen <span class=\"iwg-fachbegriff\" data-tooltip=\"Jumaluudelle annettu lahja kiitoksen, pyynn\u00f6n tai kunnioituksen osoittamiseksi.\" tabindex=\"0\">uhreja<\/span>, vaihtelee alueittain ja ei ole yhten\u00e4isesti todistettu. Kuun sidos ajanlaskuun on <span class=\"iwg-fachbegriff\" data-tooltip=\"Tiedon ja kertomusten v\u00e4litt\u00e4minen sukupolvelta toiselle.\" tabindex=\"0\">perim\u00e4tiedon<\/span> parhaiten varmennettu piirre.<\/p>\t\t\t\t\t\t\t\t<\/div>\n\t\t\t\t\t<\/div>\n\t\t\t\t<\/div>\n\t\t\t\t\t<\/div>\n\t\t\t\t<\/div>\n\t\t<div class=\"elementor-element elementor-element-cp22cab687 e-flex e-con-boxed e-con e-parent\" data-id=\"cp22cab687\" data-element_type=\"container\" data-e-type=\"container\">\n\t\t\t\t\t<div class=\"e-con-inner\">\n\t\t\t\t<div class=\"elementor-element elementor-element-cp2d78d8ab elementor-widget elementor-widget-heading\" data-id=\"cp2d78d8ab\" data-element_type=\"widget\" data-e-type=\"widget\" data-widget_type=\"heading.default\">\n\t\t\t\t\t<h2 class=\"elementor-heading-title elementor-size-default\">Aurinko ja kuu vastinparina rummun kosmologiassa<\/h2>\t\t\t\t<\/div>\n\t\t<div class=\"elementor-element elementor-element-cp275af7ae e-flex e-con-boxed e-con e-child\" data-id=\"cp275af7ae\" data-element_type=\"container\" data-e-type=\"container\">\n\t\t\t\t\t<div class=\"e-con-inner\">\n\t\t\t\t<div class=\"elementor-element elementor-element-cp2509efdb elementor-widget elementor-widget-text-editor\" data-id=\"cp2509efdb\" data-element_type=\"widget\" data-e-type=\"widget\" data-widget_type=\"text-editor.default\">\n\t\t\t\t\t\t\t\t\t<p>Monissa saamelaisissa noitarummuissa aurinko ja kuu esiintyv\u00e4t yhdess\u00e4, usein kalvon keski- tai yl\u00e4osassa. Aurinko, saameksi <em>beaivi<\/em> tai sen sukuiset muodot, kuvataan usein vinoneli\u00f6nmuotoisena hahmona, jonka l\u00e4htev\u00e4t s\u00e4teet tai k\u00e4sivarret ymp\u00e4r\u00f6iv\u00e4t ja jonka kentiss\u00e4 on muita merkkej\u00e4.<\/p><p>Kuu esiintyy tavallisesti omana, pienemp\u00e4n\u00e4 hahmonaan sen vierell\u00e4. T\u00e4m\u00e4 parittaminen viittaa siihen, ett\u00e4 molemmat taivaankappaleet ajateltiin saamelaisessa <span class=\"iwg-fachbegriff\" data-tooltip=\"K\u00e4sitys maailman rakenteesta ja j\u00e4rjestyksest\u00e4 jossakin kulttuurissa.\" tabindex=\"0\">kosmologiassa<\/span> toisiinsa kuuluvana parina.<\/p><p>T\u00e4m\u00e4n parin tarkkaa merkityst\u00e4 ei voi lukea rummuista sin\u00e4ns\u00e4. Tallentajien aikalaismerkinn\u00e4t ovat, kuten koko rumpuperinteess\u00e4, ulkoap\u00e4in tuotuja ja ep\u00e4yhten\u00e4isi\u00e4.<\/p><p>Osa tulkitsijoista antoi auringolle ensisijaisen, el\u00e4m\u00e4\u00e4 yll\u00e4pit\u00e4v\u00e4n roolin ja piti kuuta y\u00f6n ja pime\u00e4n ajan alisteisena suureena. Vastasiko t\u00e4m\u00e4 hierarkia todella saamelaista k\u00e4sityst\u00e4 vai onko kyse eurooppalaisten j\u00e4rjestysajattelun heijastumasta, j\u00e4\u00e4 avoimeksi.<\/p><p>Varmaa on, ett\u00e4 saamelainen uskonto liittyi vahvasti taivaan tarkkailuun ja ett\u00e4 aurinko ja kuu kuuluvat harvoihin hahmoihin, jotka toistuvat eri alueiden rummuissa. M\u00e4nnun kannalta t\u00e4m\u00e4 merkitsee <span class=\"iwg-fachbegriff\" data-tooltip=\"Tiedon ja kertomusten v\u00e4litt\u00e4minen sukupolvelta toiselle.\" tabindex=\"0\">perim\u00e4tiedon<\/span> suhteellista vakautta verrattuna paikallisempiin hahmoihin.<\/p><p>Silti t\u00e4ss\u00e4kin p\u00e4tee, ett\u00e4 kuvamateriaali ei anna suoraa p\u00e4\u00e4sy\u00e4 myytteihin tai riitteihin. Se osoittaa paikan kosmologisessa rakenteessa, ei kerrottua el\u00e4m\u00e4ntarinaa. Nykytutkimus k\u00e4sittelee rumpuhahmoja siksi rakenteellisina todisteina, ei kuvitettuna <span class=\"iwg-fachbegriff\" data-tooltip=\"Jonkin kulttuurin perinn\u00e4isten jumalallisten kertomusten kokonaisuus.\" tabindex=\"0\">mytologiana<\/span>.<\/p>\t\t\t\t\t\t\t\t<\/div>\n\t\t\t\t\t<\/div>\n\t\t\t\t<\/div>\n\t\t\t\t\t<\/div>\n\t\t\t\t<\/div>\n\t\t<div class=\"elementor-element elementor-element-iwgw-maennusami-lit e-flex e-con-boxed e-con e-parent\" data-id=\"iwgw-maennusami-lit\" data-element_type=\"container\" data-e-type=\"container\">\n\t\t\t\t\t<div class=\"e-con-inner\">\n\t\t\t\t<div class=\"elementor-element elementor-element-iwgw-maennusami-lith elementor-widget elementor-widget-heading\" data-id=\"iwgw-maennusami-lith\" data-element_type=\"widget\" data-e-type=\"widget\" data-widget_type=\"heading.default\">\n\t\t\t\t\t<h2 class=\"elementor-heading-title elementor-size-default\">Kirjallisuus (valikoima)<\/h2>\t\t\t\t<\/div>\n\t\t<div class=\"elementor-element elementor-element-iwgw-maennusami-litc e-con-full e-flex e-con e-child\" data-id=\"iwgw-maennusami-litc\" data-element_type=\"container\" data-e-type=\"container\">\n\t\t\t\t<div class=\"elementor-element elementor-element-iwgw-maennusami-litt elementor-widget elementor-widget-text-editor\" data-id=\"iwgw-maennusami-litt\" data-element_type=\"widget\" data-e-type=\"widget\" data-widget_type=\"text-editor.default\">\n\t\t\t\t\t\t\t\t\t<ul><li>H\u00e5kan Rydving: <em>The End of Drum-Time<\/em> (Uppsala 1993)<\/li><li>Juha Pentik\u00e4inen: <em>Saamelaiset. Pohjoisen kansan mytologia<\/em> (Helsinki 1995)<\/li><li>Ernst Manker: <em>Die Lappische Zaubertrommel<\/em> (Stockholm 1938-1950)<\/li><li>Johannes Schefferus: <em>Lapponia<\/em> (Frankfurt 1673)<\/li><li>Knud Leem: <em>Beskrivelse over Finmarkens Lapper<\/em> (Kopenhagen 1767)<\/li><li>Anna Lia Berthelsen: <em>The Sami People<\/em> (Fairbanks 2002)<\/li><\/ul>\t\t\t\t\t\t\t\t<\/div>\n\t\t\t\t<\/div>\n\t\t\t\t\t<\/div>\n\t\t\t\t<\/div>\n\t\t<div class=\"elementor-element elementor-element-iwgkw-add-maennusami e-flex e-con-boxed e-con e-parent\" data-id=\"iwgkw-add-maennusami\" data-element_type=\"container\" data-e-type=\"container\">\n\t\t\t\t\t<div class=\"e-con-inner\">\n\t\t\t\t<div class=\"elementor-element elementor-element-iwgkw-add-maennusami-t elementor-widget elementor-widget-text-editor\" data-id=\"iwgkw-add-maennusami-t\" data-element_type=\"widget\" data-e-type=\"widget\" data-widget_type=\"text-editor.default\">\n\t\t\t\t\t\t\t\t\t<p>M\u00e1nnu esiintyy saamelaisessa uskonnossa kuunjumalana ja y\u00f6n ajan <em>seuralaisena<\/em>, joka k\u00e4sitettiin samalla pitk\u00e4n kaamosajan vaeltajien, paimenten ja matkalaisten <em>suojelijaksi<\/em>. 1600- ja 1700-luvun kertomukset yhdist\u00e4v\u00e4t h\u00e4net raskauteen, hedelm\u00e4llisyyteen ja ajanlaskuun. \u0160amaanirummuissa h\u00e4net kuvataan ajoittain kuulevyn\u00e4 aurinkosymboli Beaivin vierell\u00e4.<\/p>\t\t\t\t\t\t\t\t<\/div>\n\t\t\t\t\t<\/div>\n\t\t\t\t<\/div>\n\t\t<div class=\"elementor-element elementor-element-iwgw-maennusami-kwd e-flex e-con-boxed e-con e-parent\" data-id=\"iwgw-maennusami-kwd\" data-element_type=\"container\" data-e-type=\"container\">\n\t\t\t\t\t<div class=\"e-con-inner\">\n\t\t<div class=\"elementor-element elementor-element-iwgw-maennusami-kwdc e-con-full e-flex e-con e-child\" data-id=\"iwgw-maennusami-kwdc\" data-element_type=\"container\" data-e-type=\"container\">\n\t\t\t\t<div class=\"elementor-element elementor-element-iwgw-maennusami-kwdt elementor-widget elementor-widget-text-editor\" data-id=\"iwgw-maennusami-kwdt\" data-element_type=\"widget\" data-e-type=\"widget\" data-widget_type=\"text-editor.default\">\n\t\t\t\t\t\t\t\t\t<p><em>Aiheeseen liittyvi\u00e4 avainsanoja: M\u00e1nnu Aski Manno Sami Mondgott Mondzyklus Trommel Goavddis Noaidi.<\/em><\/p>\t\t\t\t\t\t\t\t<\/div>\n\t\t\t\t<\/div>\n\t\t\t\t\t<\/div>\n\t\t\t\t<\/div>\n\t\t<div class=\"elementor-element elementor-element-iwgw-maennusami-cc e-flex e-con-boxed e-con e-parent\" data-id=\"iwgw-maennusami-cc\" data-element_type=\"container\" data-e-type=\"container\" id=\"iwg-cc-maennu-sami\">\n\t\t\t\t\t<div class=\"e-con-inner\">\n\t\t<div class=\"elementor-element elementor-element-iwgw-maennusami-ccinner e-flex e-con-boxed e-con e-parent\" data-id=\"iwgw-maennusami-ccinner\" data-element_type=\"container\" data-e-type=\"container\" data-settings=\"{&quot;background_background&quot;:&quot;classic&quot;}\">\n\t\t\t\t\t<div class=\"e-con-inner\">\n\t\t\t\t<div class=\"elementor-element elementor-element-iwgw-maennusami-cch elementor-widget elementor-widget-heading\" data-id=\"iwgw-maennusami-cch\" data-element_type=\"widget\" data-e-type=\"widget\" data-widget_type=\"heading.default\">\n\t\t\t\t\t<h2 class=\"elementor-heading-title elementor-size-default\">iWell Guard ja suojelutraditiot<\/h2>\t\t\t\t<\/div>\n\t\t\t\t<div class=\"elementor-element elementor-element-iwgw-maennusami-cct elementor-widget elementor-widget-text-editor\" data-id=\"iwgw-maennusami-cct\" data-element_type=\"widget\" data-e-type=\"widget\" data-widget_type=\"text-editor.default\">\n\t\t\t\t\t\t\t\t\t<div data-nosnippet=\"true\"><p>iWell Guard jatkaa kannettavien suojaesineiden kulttuurihistoriallista perinnett\u00e4, samaa perinnett\u00e4, jota edustavat <a href=\"https:\/\/iwell-guard.com\/fi\/saamelaiset-noaidi-rumpu\/\">saamelaiset<\/a> ja monet muut kulttuurit ymp\u00e4ri maailmaa. 41 kerrosta, aitoa kultaa, platinaa, hopeaa, valmistettu Saksassa. 30 p\u00e4iv\u00e4n palautusoikeus.<\/p><\/div>\t\t\t\t\t\t\t\t<\/div>\n\t\t\t\t<div class=\"elementor-element elementor-element-iwgw-maennusami-ccb iwg-cc-button iwg-cc-cta-2026-05-13 elementor-widget elementor-widget-jet-button\" data-id=\"iwgw-maennusami-ccb\" data-element_type=\"widget\" data-e-type=\"widget\" data-widget_type=\"jet-button.default\">\n\t\t\t\t<div class=\"elementor-widget-container\">\n\t\t\t\t\t<div class=\"elementor-jet-button jet-elements\"><div class=\"jet-button__container\"><a class=\"jet-button__instance jet-button__instance--icon-left hover-effect-1\" href=\"\/ueber-iwell-guard\/?utm_source=iwell-guard.com&amp;utm_medium=info-box&amp;utm_campaign=wesen-tradition\"><div class=\"jet-button__plane jet-button__plane-normal\"><\/div><div class=\"jet-button__plane jet-button__plane-hover\"><\/div><div class=\"jet-button__state jet-button__state-normal\"><span class=\"jet-button__label\">Lis\u00e4\u00e4 iWell Guardista<\/span><\/div><div class=\"jet-button__state jet-button__state-hover\"><span class=\"jet-button__label\">Lis\u00e4\u00e4 iWell Guardista<\/span><\/div><\/a><\/div><\/div><style>.elementor-element.elementor-element-iwgw-maennusami-ccb .jet-button__instance{width:320px;height:56px;}.elementor-element.elementor-element-iwgw-maennusami-ccb .jet-button__state-normal .jet-button__label{text-align:center;margin:0px 0px 0px 0px;color:#1a1b20;font-family:Montserrat,sans-serif;font-size:13px;font-weight:400;letter-spacing:4px;line-height:1.714em;text-transform:uppercase;}.elementor-element.elementor-element-iwgw-maennusami-ccb .jet-button__state-hover .jet-button__label{text-align:center;margin:0px 0px 0px 0px;color:#FECC76;font-family:Montserrat,sans-serif;font-size:13px;font-weight:400;letter-spacing:4px;line-height:1.714em;text-transform:uppercase;}.elementor-element.elementor-element-iwgw-maennusami-ccb .jet-button__plane-normal{background-color:#FECC76;border-style:solid;border-color:#C99540;border-width:2px 2px 2px 2px;}.elementor-element.elementor-element-iwgw-maennusami-ccb .jet-button__plane-hover{background-color:rgba(0,0,0,0.55);border-style:solid;border-color:#FECC76;border-width:2px 2px 2px 2px;}<\/style>\t\t\t\t<\/div>\n\t\t\t\t<\/div>\n\t\t\t\t<div class=\"elementor-element elementor-element-iwgw-maennusami-ccd elementor-widget elementor-widget-text-editor\" data-id=\"iwgw-maennusami-ccd\" data-element_type=\"widget\" data-e-type=\"widget\" data-widget_type=\"text-editor.default\">\n\t\t\t\t\t\t\t\t\t<div data-nosnippet=\"true\"><p style=\"text-align:center;font-size:13px;opacity:0.7;margin-top:14px\" data-nosnippet=\"true\">Henkil\u00f6kohtaiset kokemukset voivat vaihdella. Ei l\u00e4\u00e4kinn\u00e4llinen laite. Ei paranemislupausta.<\/p><\/div>\t\t\t\t\t\t\t\t<\/div>\n\t\t\t\t\t<\/div>\n\t\t\t\t<\/div>\n\t\t\t\t\t<\/div>\n\t\t\t\t<\/div>\n\t\t<div class=\"elementor-element elementor-element-iwgw-maennusami-disc e-flex e-con-boxed e-con e-parent\" data-id=\"iwgw-maennusami-disc\" data-element_type=\"container\" data-e-type=\"container\">\n\t\t\t\t\t<div class=\"e-con-inner\">\n\t\t\t\t<div class=\"elementor-element elementor-element-iwgw-maennusami-discw elementor-widget elementor-widget-html\" data-id=\"iwgw-maennusami-discw\" data-element_type=\"widget\" data-e-type=\"widget\" data-widget_type=\"html.default\">\n\t\t\t\t\t<footer data-nosnippet=\"true\" class=\"iwg-disclaimer-block\"><p data-nosnippet=\"true\">iWell Guard <strong>ei ole l\u00e4\u00e4kinn\u00e4llinen laite<\/strong>, eik\u00e4 se korvaa l\u00e4\u00e4k\u00e4rin tai psykoterapeutin hoitoa. Uskontotieteelliset sis\u00e4ll\u00f6t ovat kulttuurihistoriallista tarkastelua, ei suositus hengelliseen k\u00e4yt\u00e4nt\u00f6\u00f6n.<\/p><\/footer>\t\t\t\t<\/div>\n\t\t\t\t\t<\/div>\n\t\t\t\t<\/div>\n\t\t\t\t<\/div>\n\t\t","protected":false},"excerpt":{"rendered":"","protected":false},"author":3,"featured_media":2893,"parent":0,"menu_order":0,"comment_status":"closed","ping_status":"closed","template":"elementor_header_footer","meta":{"_yoast_wpseo_focuskw":"M\u00e1nnu saamelainen kuunjumala","_yoast_wpseo_title":"M\u00e1nnu - saamelaisten kuunjumala ja y\u00f6n vartija","_yoast_wpseo_metadesc":"M\u00e1nnu on saamelaisten kuunjumala, y\u00f6n kumppani ja merkitt\u00e4v\u00e4 hahmo esikristillisess\u00e4 saamelaisessa perinteess\u00e4.","_yoast_wpseo_meta-robots-noindex":"","_yoast_wpseo_canonical":"","_angie_page":false,"gefaehrdungsstufe":"","wesen_kultur":"","wesen_klasse":"","footnotes":""},"categories":[],"class_list":["post-144245","page","type-page","status-publish","has-post-thumbnail","hentry"],"yoast_head":"<!-- This site is optimized with the Yoast SEO Premium plugin v27.7 (Yoast SEO v28.3) - https:\/\/yoast.com\/product\/yoast-seo-premium-wordpress\/ -->\n<title>M\u00e1nnu - saamelaisten kuunjumala ja y\u00f6n vartija<\/title>\n<meta name=\"description\" content=\"M\u00e1nnu on saamelaisten kuunjumala, y\u00f6n kumppani ja merkitt\u00e4v\u00e4 hahmo esikristillisess\u00e4 saamelaisessa perinteess\u00e4.\" \/>\n<meta name=\"robots\" content=\"index, follow, max-snippet:-1, max-image-preview:large, max-video-preview:-1\" \/>\n<link rel=\"canonical\" href=\"https:\/\/iwell-guard.com\/fi\/mannu-saamelaisten-kuunjumala\/\" \/>\n<meta property=\"og:locale\" content=\"fi_FI\" \/>\n<meta property=\"og:type\" content=\"article\" \/>\n<meta property=\"og:title\" content=\"M\u00e1nnu - saamelaisten kuunjumala\" \/>\n<meta property=\"og:description\" content=\"M\u00e1nnu on saamelaisten kuunjumala, y\u00f6n kumppani ja merkitt\u00e4v\u00e4 hahmo esikristillisess\u00e4 saamelaisessa perinteess\u00e4.\" \/>\n<meta property=\"og:url\" content=\"https:\/\/iwell-guard.com\/fi\/mannu-saamelaisten-kuunjumala\/\" \/>\n<meta property=\"og:site_name\" content=\"iWell Guard\" \/>\n<meta property=\"article:modified_time\" content=\"2026-09-03T12:54:21+00:00\" \/>\n<meta property=\"og:image\" content=\"https:\/\/iwell-guard.com\/wp-content\/uploads\/2026\/05\/goetter_sami_maennu-sami.webp\" \/>\n\t<meta property=\"og:image:width\" content=\"1024\" \/>\n\t<meta property=\"og:image:height\" content=\"1536\" \/>\n\t<meta property=\"og:image:type\" content=\"image\/webp\" \/>\n<meta name=\"twitter:card\" content=\"summary_large_image\" \/>\n<script type=\"application\/ld+json\" class=\"yoast-schema-graph\">{\"@context\":\"https:\\\/\\\/schema.org\",\"@graph\":[{\"@type\":\"WebPage\",\"@id\":\"https:\\\/\\\/iwell-guard.com\\\/fi\\\/mannu-saamelaisten-kuunjumala\\\/\",\"url\":\"https:\\\/\\\/iwell-guard.com\\\/fi\\\/mannu-saamelaisten-kuunjumala\\\/\",\"name\":\"M\u00e1nnu - saamelaisten kuunjumala ja y\u00f6n vartija\",\"isPartOf\":{\"@id\":\"https:\\\/\\\/iwell-guard.com\\\/fi\\\/#website\"},\"primaryImageOfPage\":{\"@id\":\"https:\\\/\\\/iwell-guard.com\\\/fi\\\/mannu-saamelaisten-kuunjumala\\\/#primaryimage\"},\"image\":{\"@id\":\"https:\\\/\\\/iwell-guard.com\\\/fi\\\/mannu-saamelaisten-kuunjumala\\\/#primaryimage\"},\"thumbnailUrl\":\"https:\\\/\\\/iwell-guard.com\\\/wp-content\\\/uploads\\\/2026\\\/05\\\/goetter_sami_maennu-sami.webp\",\"datePublished\":\"2026-09-03T12:33:29+00:00\",\"dateModified\":\"2026-09-03T12:54:21+00:00\",\"description\":\"M\u00e1nnu on saamelaisten kuunjumala, y\u00f6n kumppani ja merkitt\u00e4v\u00e4 hahmo esikristillisess\u00e4 saamelaisessa perinteess\u00e4.\",\"breadcrumb\":{\"@id\":\"https:\\\/\\\/iwell-guard.com\\\/fi\\\/mannu-saamelaisten-kuunjumala\\\/#breadcrumb\"},\"inLanguage\":\"fi\",\"potentialAction\":[{\"@type\":\"ReadAction\",\"target\":[\"https:\\\/\\\/iwell-guard.com\\\/fi\\\/mannu-saamelaisten-kuunjumala\\\/\"]}]},{\"@type\":\"ImageObject\",\"inLanguage\":\"fi\",\"@id\":\"https:\\\/\\\/iwell-guard.com\\\/fi\\\/mannu-saamelaisten-kuunjumala\\\/#primaryimage\",\"url\":\"https:\\\/\\\/iwell-guard.com\\\/wp-content\\\/uploads\\\/2026\\\/05\\\/goetter_sami_maennu-sami.webp\",\"contentUrl\":\"https:\\\/\\\/iwell-guard.com\\\/wp-content\\\/uploads\\\/2026\\\/05\\\/goetter_sami_maennu-sami.webp\",\"width\":1024,\"height\":1536,\"caption\":\"Jumalia saamelaisesta perinteest\u00e4.\"},{\"@type\":\"BreadcrumbList\",\"@id\":\"https:\\\/\\\/iwell-guard.com\\\/fi\\\/mannu-saamelaisten-kuunjumala\\\/#breadcrumb\",\"itemListElement\":[{\"@type\":\"ListItem\",\"position\":1,\"name\":\"Start\",\"item\":\"https:\\\/\\\/iwell-guard.com\\\/fi\\\/?page_id=143815\"},{\"@type\":\"ListItem\",\"position\":2,\"name\":\"M\u00e1nnu &#8211; saamelaisten kuunjumala\"}]},{\"@type\":\"WebSite\",\"@id\":\"https:\\\/\\\/iwell-guard.com\\\/fi\\\/#website\",\"url\":\"https:\\\/\\\/iwell-guard.com\\\/fi\\\/\",\"name\":\"iWell Guard\",\"description\":\"Schutz vor dunklen Einfl\u00fcssen\",\"publisher\":{\"@id\":\"https:\\\/\\\/iwell-guard.com\\\/fi\\\/#organization\"},\"potentialAction\":[{\"@type\":\"SearchAction\",\"target\":{\"@type\":\"EntryPoint\",\"urlTemplate\":\"https:\\\/\\\/iwell-guard.com\\\/fi\\\/?s={search_term_string}\"},\"query-input\":{\"@type\":\"PropertyValueSpecification\",\"valueRequired\":true,\"valueName\":\"search_term_string\"}}],\"inLanguage\":\"fi\"},{\"@type\":\"Organization\",\"@id\":\"https:\\\/\\\/iwell-guard.com\\\/fi\\\/#organization\",\"name\":\"Ittermann electronic GmbH\",\"url\":\"https:\\\/\\\/iwell-guard.com\\\/fi\\\/\",\"logo\":{\"@type\":\"ImageObject\",\"inLanguage\":\"fi\",\"@id\":\"https:\\\/\\\/iwell-guard.com\\\/fi\\\/#\\\/schema\\\/logo\\\/image\\\/\",\"url\":\"https:\\\/\\\/iwell-guard.com\\\/wp-content\\\/uploads\\\/2026\\\/05\\\/Ittermann-Logo-1182x237-1.png\",\"contentUrl\":\"https:\\\/\\\/iwell-guard.com\\\/wp-content\\\/uploads\\\/2026\\\/05\\\/Ittermann-Logo-1182x237-1.png\",\"width\":1182,\"height\":237,\"caption\":\"Ittermann electronic GmbH\"},\"image\":{\"@id\":\"https:\\\/\\\/iwell-guard.com\\\/fi\\\/#\\\/schema\\\/logo\\\/image\\\/\"},\"sameAs\":[\"https:\\\/\\\/pantip.com\\\/profile\\\/9367242\",\"https:\\\/\\\/micro.blog\\\/iwellguard\",\"https:\\\/\\\/www.diggerslist.com\\\/iwellguard\\\/about\",\"https:\\\/\\\/skitterphoto.com\\\/photographers\\\/2870314\\\/iwell-guard\",\"https:\\\/\\\/iwellguard.wordpress.com\\\/2026\\\/06\\\/06\\\/iwell-guard\\\/\",\"https:\\\/\\\/hub.docker.com\\\/u\\\/iwellguard\",\"https:\\\/\\\/www.pinterest.com\\\/iwellguard\\\/\",\"https:\\\/\\\/bit.ly\\\/m\\\/iwellguard\",\"https:\\\/\\\/entre-vos-mains.alsace.eu\\\/profiles\\\/iwellguard\\\/activity\",\"https:\\\/\\\/gravatar.com\\\/reallybeded8fd34\",\"https:\\\/\\\/naijamatta.com\\\/iwellguard\",\"https:\\\/\\\/www.goodreads.com\\\/iwellguard\",\"https:\\\/\\\/profile.hatena.ne.jp\\\/iwellguard\\\/\",\"https:\\\/\\\/experiment.com\\\/users\\\/iwellguard\",\"https:\\\/\\\/wakelet.com\\\/@iWellGuard82270\",\"https:\\\/\\\/www.chordie.com\\\/forum\\\/profile.php?id=2555664\",\"https:\\\/\\\/www.instapaper.com\\\/p\\\/17757966\",\"https:\\\/\\\/www.mapleprimes.com\\\/users\\\/iwellguard\",\"https:\\\/\\\/businesslistingplus.com\\\/profile\\\/iwell-guard\\\/\",\"https:\\\/\\\/telegra.ph\\\/iWell-Guard-06-06\",\"https:\\\/\\\/pbase.com\\\/iwellguard\\\/iwellguard\",\"https:\\\/\\\/b.hatena.ne.jp\\\/iwellguard\\\/20260607#bookmark-4788405196491818882\",\"https:\\\/\\\/fliphtml5.com\\\/home\\\/iwellguard\",\"https:\\\/\\\/anyflip.com\\\/homepage\\\/cmiwl#About\",\"https:\\\/\\\/transfur.com\\\/Users\\\/iwellguard\",\"http:\\\/\\\/delphi.larsbo.org\\\/user\\\/iwellguard\",\"https:\\\/\\\/jobs.lajobsportal.org\\\/profiles\\\/8380803-iwell-guard\",\"https:\\\/\\\/md.chaosdorf.de\\\/s\\\/jfbe5SBdJD\",\"https:\\\/\\\/www.lingvolive.com\\\/en-us\\\/profile\\\/9ecaeaca-ce11-4e51-9e71-01d55e2bff36\\\/translations\",\"https:\\\/\\\/www.fitday.com\\\/fitness\\\/forums\\\/members\\\/iwellguard.html\",\"https:\\\/\\\/www.mymeetbook.com\\\/iwellguard\",\"https:\\\/\\\/pxhere.com\\\/en\\\/photographer-me\\\/5040798\",\"https:\\\/\\\/disqus.com\\\/by\\\/iwellguard\\\/about\\\/\",\"https:\\\/\\\/pastelink.net\\\/hjwciqwq\",\"https:\\\/\\\/pubhtml5.com\\\/homepage\\\/scjhn\\\/\",\"https:\\\/\\\/www.bitchute.com\\\/channel\\\/2O2eOKzNqujT\",\"https:\\\/\\\/audiomack.com\\\/iwellguard\"]}]}<\/script>\n<!-- \/ Yoast SEO Premium plugin. -->","yoast_head_json":{"title":"M\u00e1nnu - saamelaisten kuunjumala ja y\u00f6n vartija","description":"M\u00e1nnu on saamelaisten kuunjumala, y\u00f6n kumppani ja merkitt\u00e4v\u00e4 hahmo esikristillisess\u00e4 saamelaisessa perinteess\u00e4.","robots":{"index":"index","follow":"follow","max-snippet":"max-snippet:-1","max-image-preview":"max-image-preview:large","max-video-preview":"max-video-preview:-1"},"canonical":"https:\/\/iwell-guard.com\/fi\/mannu-saamelaisten-kuunjumala\/","og_locale":"fi_FI","og_type":"article","og_title":"M\u00e1nnu - saamelaisten kuunjumala","og_description":"M\u00e1nnu on saamelaisten kuunjumala, y\u00f6n kumppani ja merkitt\u00e4v\u00e4 hahmo esikristillisess\u00e4 saamelaisessa perinteess\u00e4.","og_url":"https:\/\/iwell-guard.com\/fi\/mannu-saamelaisten-kuunjumala\/","og_site_name":"iWell Guard","article_modified_time":"2026-09-03T12:54:21+00:00","og_image":[{"width":1024,"height":1536,"url":"https:\/\/iwell-guard.com\/wp-content\/uploads\/2026\/05\/goetter_sami_maennu-sami.webp","type":"image\/webp"}],"twitter_card":"summary_large_image","schema":{"@context":"https:\/\/schema.org","@graph":[{"@type":"WebPage","@id":"https:\/\/iwell-guard.com\/fi\/mannu-saamelaisten-kuunjumala\/","url":"https:\/\/iwell-guard.com\/fi\/mannu-saamelaisten-kuunjumala\/","name":"M\u00e1nnu - saamelaisten kuunjumala ja y\u00f6n vartija","isPartOf":{"@id":"https:\/\/iwell-guard.com\/fi\/#website"},"primaryImageOfPage":{"@id":"https:\/\/iwell-guard.com\/fi\/mannu-saamelaisten-kuunjumala\/#primaryimage"},"image":{"@id":"https:\/\/iwell-guard.com\/fi\/mannu-saamelaisten-kuunjumala\/#primaryimage"},"thumbnailUrl":"https:\/\/iwell-guard.com\/wp-content\/uploads\/2026\/05\/goetter_sami_maennu-sami.webp","datePublished":"2026-09-03T12:33:29+00:00","dateModified":"2026-09-03T12:54:21+00:00","description":"M\u00e1nnu on saamelaisten kuunjumala, y\u00f6n kumppani ja merkitt\u00e4v\u00e4 hahmo esikristillisess\u00e4 saamelaisessa perinteess\u00e4.","breadcrumb":{"@id":"https:\/\/iwell-guard.com\/fi\/mannu-saamelaisten-kuunjumala\/#breadcrumb"},"inLanguage":"fi","potentialAction":[{"@type":"ReadAction","target":["https:\/\/iwell-guard.com\/fi\/mannu-saamelaisten-kuunjumala\/"]}]},{"@type":"ImageObject","inLanguage":"fi","@id":"https:\/\/iwell-guard.com\/fi\/mannu-saamelaisten-kuunjumala\/#primaryimage","url":"https:\/\/iwell-guard.com\/wp-content\/uploads\/2026\/05\/goetter_sami_maennu-sami.webp","contentUrl":"https:\/\/iwell-guard.com\/wp-content\/uploads\/2026\/05\/goetter_sami_maennu-sami.webp","width":1024,"height":1536,"caption":"Jumalia saamelaisesta perinteest\u00e4."},{"@type":"BreadcrumbList","@id":"https:\/\/iwell-guard.com\/fi\/mannu-saamelaisten-kuunjumala\/#breadcrumb","itemListElement":[{"@type":"ListItem","position":1,"name":"Start","item":"https:\/\/iwell-guard.com\/fi\/?page_id=143815"},{"@type":"ListItem","position":2,"name":"M\u00e1nnu &#8211; saamelaisten kuunjumala"}]},{"@type":"WebSite","@id":"https:\/\/iwell-guard.com\/fi\/#website","url":"https:\/\/iwell-guard.com\/fi\/","name":"iWell Guard","description":"Schutz vor dunklen Einfl\u00fcssen","publisher":{"@id":"https:\/\/iwell-guard.com\/fi\/#organization"},"potentialAction":[{"@type":"SearchAction","target":{"@type":"EntryPoint","urlTemplate":"https:\/\/iwell-guard.com\/fi\/?s={search_term_string}"},"query-input":{"@type":"PropertyValueSpecification","valueRequired":true,"valueName":"search_term_string"}}],"inLanguage":"fi"},{"@type":"Organization","@id":"https:\/\/iwell-guard.com\/fi\/#organization","name":"Ittermann electronic GmbH","url":"https:\/\/iwell-guard.com\/fi\/","logo":{"@type":"ImageObject","inLanguage":"fi","@id":"https:\/\/iwell-guard.com\/fi\/#\/schema\/logo\/image\/","url":"https:\/\/iwell-guard.com\/wp-content\/uploads\/2026\/05\/Ittermann-Logo-1182x237-1.png","contentUrl":"https:\/\/iwell-guard.com\/wp-content\/uploads\/2026\/05\/Ittermann-Logo-1182x237-1.png","width":1182,"height":237,"caption":"Ittermann electronic GmbH"},"image":{"@id":"https:\/\/iwell-guard.com\/fi\/#\/schema\/logo\/image\/"},"sameAs":["https:\/\/pantip.com\/profile\/9367242","https:\/\/micro.blog\/iwellguard","https:\/\/www.diggerslist.com\/iwellguard\/about","https:\/\/skitterphoto.com\/photographers\/2870314\/iwell-guard","https:\/\/iwellguard.wordpress.com\/2026\/06\/06\/iwell-guard\/","https:\/\/hub.docker.com\/u\/iwellguard","https:\/\/www.pinterest.com\/iwellguard\/","https:\/\/bit.ly\/m\/iwellguard","https:\/\/entre-vos-mains.alsace.eu\/profiles\/iwellguard\/activity","https:\/\/gravatar.com\/reallybeded8fd34","https:\/\/naijamatta.com\/iwellguard","https:\/\/www.goodreads.com\/iwellguard","https:\/\/profile.hatena.ne.jp\/iwellguard\/","https:\/\/experiment.com\/users\/iwellguard","https:\/\/wakelet.com\/@iWellGuard82270","https:\/\/www.chordie.com\/forum\/profile.php?id=2555664","https:\/\/www.instapaper.com\/p\/17757966","https:\/\/www.mapleprimes.com\/users\/iwellguard","https:\/\/businesslistingplus.com\/profile\/iwell-guard\/","https:\/\/telegra.ph\/iWell-Guard-06-06","https:\/\/pbase.com\/iwellguard\/iwellguard","https:\/\/b.hatena.ne.jp\/iwellguard\/20260607#bookmark-4788405196491818882","https:\/\/fliphtml5.com\/home\/iwellguard","https:\/\/anyflip.com\/homepage\/cmiwl#About","https:\/\/transfur.com\/Users\/iwellguard","http:\/\/delphi.larsbo.org\/user\/iwellguard","https:\/\/jobs.lajobsportal.org\/profiles\/8380803-iwell-guard","https:\/\/md.chaosdorf.de\/s\/jfbe5SBdJD","https:\/\/www.lingvolive.com\/en-us\/profile\/9ecaeaca-ce11-4e51-9e71-01d55e2bff36\/translations","https:\/\/www.fitday.com\/fitness\/forums\/members\/iwellguard.html","https:\/\/www.mymeetbook.com\/iwellguard","https:\/\/pxhere.com\/en\/photographer-me\/5040798","https:\/\/disqus.com\/by\/iwellguard\/about\/","https:\/\/pastelink.net\/hjwciqwq","https:\/\/pubhtml5.com\/homepage\/scjhn\/","https:\/\/www.bitchute.com\/channel\/2O2eOKzNqujT","https:\/\/audiomack.com\/iwellguard"]}]}},"_links":{"self":[{"href":"https:\/\/iwell-guard.com\/fi\/wp-json\/wp\/v2\/pages\/144245","targetHints":{"allow":["GET"]}}],"collection":[{"href":"https:\/\/iwell-guard.com\/fi\/wp-json\/wp\/v2\/pages"}],"about":[{"href":"https:\/\/iwell-guard.com\/fi\/wp-json\/wp\/v2\/types\/page"}],"author":[{"embeddable":true,"href":"https:\/\/iwell-guard.com\/fi\/wp-json\/wp\/v2\/users\/3"}],"replies":[{"embeddable":true,"href":"https:\/\/iwell-guard.com\/fi\/wp-json\/wp\/v2\/comments?post=144245"}],"version-history":[{"count":0,"href":"https:\/\/iwell-guard.com\/fi\/wp-json\/wp\/v2\/pages\/144245\/revisions"}],"wp:featuredmedia":[{"embeddable":true,"href":"https:\/\/iwell-guard.com\/fi\/wp-json\/wp\/v2\/media\/2893"}],"wp:attachment":[{"href":"https:\/\/iwell-guard.com\/fi\/wp-json\/wp\/v2\/media?parent=144245"}],"wp:term":[{"taxonomy":"category","embeddable":true,"href":"https:\/\/iwell-guard.com\/fi\/wp-json\/wp\/v2\/categories?post=144245"}],"curies":[{"name":"wp","href":"https:\/\/api.w.org\/{rel}","templated":true}]}}