{"id":144244,"date":"2026-09-03T12:33:28","date_gmt":"2026-09-03T12:33:28","guid":{"rendered":"https:\/\/iwell-guard.com\/?page_id=144244"},"modified":"2026-09-03T12:54:20","modified_gmt":"2026-09-03T12:54:20","slug":"beaivi-saamelaisten-aurinkojumalatar","status":"publish","type":"page","link":"https:\/\/iwell-guard.com\/fi\/beaivi-saamelaisten-aurinkojumalatar\/","title":{"rendered":"Beaivi \u2013 saamelaisten aurinkojumalatar"},"content":{"rendered":"\t\t<div data-elementor-type=\"wp-page\" data-elementor-id=\"144244\" class=\"elementor elementor-144244 elementor-2664 elementor-bc-flex-widget\" data-elementor-post-type=\"page\">\n\t\t\t\t<div class=\"elementor-element elementor-element-iwgw-beaivi-hero e-flex e-con-boxed e-con e-parent\" data-id=\"iwgw-beaivi-hero\" data-element_type=\"container\" data-e-type=\"container\" data-settings=\"{&quot;background_background&quot;:&quot;classic&quot;}\">\n\t\t\t\t\t<div class=\"e-con-inner\">\n\t\t<div class=\"elementor-element elementor-element-iwgw-beaivi-hl e-flex e-con-boxed e-con e-child\" data-id=\"iwgw-beaivi-hl\" data-element_type=\"container\" data-e-type=\"container\">\n\t\t\t\t\t<div class=\"e-con-inner\">\n\t\t<div class=\"elementor-element elementor-element-iwgw-beaivi-htxt e-con-full e-flex e-con e-child\" data-id=\"iwgw-beaivi-htxt\" data-element_type=\"container\" data-e-type=\"container\">\n\t\t\t\t<div class=\"elementor-element elementor-element-iwgw-beaivi-h1 elementor-widget elementor-widget-heading\" data-id=\"iwgw-beaivi-h1\" data-element_type=\"widget\" data-e-type=\"widget\" data-widget_type=\"heading.default\">\n\t\t\t\t\t<h1 class=\"elementor-heading-title elementor-size-default\">Beaivi \u2013 saamelaisen uskonnon aurinkojumalatar ja el\u00e4m\u00e4n antaja<\/h1>\t\t\t\t<\/div>\n\t\t\t\t<div class=\"elementor-element elementor-element-iwgw-beaivi-lead elementor-widget elementor-widget-text-editor\" data-id=\"iwgw-beaivi-lead\" data-element_type=\"widget\" data-e-type=\"widget\" data-widget_type=\"text-editor.default\">\n\t\t\t\t\t\t\t\t\t<p>Beaivi, kirjoitetaan my\u00f6s Beaivvi tai pohjoissaamen vakiomuodossa Beaivi, on aurinko personoituna <span class=\"iwg-fachbegriff\" data-tooltip=\"Uskonnon sis\u00e4ll\u00e4 jumalallisena palvottu olento.\" tabindex=\"0\">jumaluutena<\/span> saamelaisessa perinteess\u00e4. H\u00e4nt\u00e4 pidettiin el\u00e4m\u00e4n antajana, poroel\u00e4m\u00e4n \u00e4itin\u00e4 ja uskonnollisena keskushahmona, jonka palvontaa H\u00e5kan Rydving ja Juha Pentik\u00e4inen ovat perusteellisesti rekonstruoineet.<\/p>\t\t\t\t\t\t\t\t<\/div>\n\t\t\t\t<\/div>\n\t\t<div class=\"elementor-element elementor-element-iwgw-beaivi-pillc e-con-full e-flex e-con e-child\" data-id=\"iwgw-beaivi-pillc\" data-element_type=\"container\" data-e-type=\"container\">\n\t\t\t\t<div class=\"elementor-element elementor-element-iwgw-beaivi-pills elementor-widget elementor-widget-html\" data-id=\"iwgw-beaivi-pills\" data-element_type=\"widget\" data-e-type=\"widget\" data-widget_type=\"html.default\">\n\t\t\t\t\t<div class=\"iwg-pill-row\"><span class=\"iwg-klasse-badge\" tabindex=\"0\" data-tooltip=\"Saamelaisen perinteen jumalatar.\">Jumalatar<\/span><a href=\"https:\/\/iwell-guard.com\/fi\/saamelaiset-noaidi-rumpu\/\" class=\"iwg-kultur-badge\" tabindex=\"0\" data-tooltip=\"Saamelaisen perinteen mytologia.\">Saamelaiset<\/a><span class=\"iwg-tradition-badge\" tabindex=\"0\" data-tooltip=\"Aurinko- ja el\u00e4m\u00e4njumalatar.\">Aurinko- ja el\u00e4m\u00e4njumalatar<\/span><\/div>\t\t\t\t<\/div>\n\t\t\t\t<\/div>\n\t\t<div class=\"elementor-element elementor-element-iwgw-beaivi-tocc e-con-full e-flex e-con e-child\" data-id=\"iwgw-beaivi-tocc\" data-element_type=\"container\" data-e-type=\"container\">\n\t\t\t\t<div class=\"elementor-element elementor-element-iwgw-beaivi-toc elementor-toc--minimized-on-tablet elementor-widget elementor-widget-table-of-contents\" data-id=\"iwgw-beaivi-toc\" data-element_type=\"widget\" data-e-type=\"widget\" data-settings=\"{&quot;headings_by_tags&quot;:[&quot;h2&quot;,&quot;h3&quot;],&quot;minimize_box&quot;:&quot;yes&quot;,&quot;marker_view&quot;:&quot;bullets&quot;,&quot;no_headings_message&quot;:&quot;T\\u00e4lt\\u00e4 sivulta ei l\\u00f6ytynyt otsikoita.&quot;,&quot;exclude_headings_by_selector&quot;:[],&quot;icon&quot;:{&quot;value&quot;:&quot;fas fa-circle&quot;,&quot;library&quot;:&quot;fa-solid&quot;,&quot;rendered_tag&quot;:&quot;&lt;svg class=\\&quot;e-font-icon-svg e-fas-circle\\&quot; viewBox=\\&quot;0 0 512 512\\&quot; xmlns=\\&quot;http:\\\/\\\/www.w3.org\\\/2000\\\/svg\\&quot;&gt;&lt;path d=\\&quot;M256 8C119 8 8 119 8 256s111 248 248 248 248-111 248-248S393 8 256 8z\\&quot;&gt;&lt;\\\/path&gt;&lt;\\\/svg&gt;&quot;},&quot;minimized_on&quot;:&quot;tablet&quot;,&quot;hierarchical_view&quot;:&quot;yes&quot;,&quot;min_height&quot;:{&quot;unit&quot;:&quot;px&quot;,&quot;size&quot;:&quot;&quot;,&quot;sizes&quot;:[]},&quot;min_height_tablet&quot;:{&quot;unit&quot;:&quot;px&quot;,&quot;size&quot;:&quot;&quot;,&quot;sizes&quot;:[]},&quot;min_height_mobile&quot;:{&quot;unit&quot;:&quot;px&quot;,&quot;size&quot;:&quot;&quot;,&quot;sizes&quot;:[]}}\" data-widget_type=\"table-of-contents.default\">\n\t\t\t\t\t\t\t\t\t<div class=\"elementor-toc__header\">\n\t\t\t\t\t\t<h2 class=\"elementor-toc__header-title\">\n\t\t\t\tSis\u00e4llysluettelo\t\t\t<\/h2>\n\t\t\t\t\t\t\t\t\t\t<div class=\"elementor-toc__toggle-button elementor-toc__toggle-button--expand\" role=\"button\" tabindex=\"0\" aria-controls=\"elementor-toc__iwgw-beaivi-toc\" aria-expanded=\"true\" aria-label=\"Open table of contents\"><svg aria-hidden=\"true\" class=\"e-font-icon-svg e-fas-chevron-down\" viewBox=\"0 0 448 512\" xmlns=\"http:\/\/www.w3.org\/2000\/svg\"><path d=\"M207.029 381.476L12.686 187.132c-9.373-9.373-9.373-24.569 0-33.941l22.667-22.667c9.357-9.357 24.522-9.375 33.901-.04L224 284.505l154.745-154.021c9.379-9.335 24.544-9.317 33.901.04l22.667 22.667c9.373 9.373 9.373 24.569 0 33.941L240.971 381.476c-9.373 9.372-24.569 9.372-33.942 0z\"><\/path><\/svg><\/div>\n\t\t\t\t<div class=\"elementor-toc__toggle-button elementor-toc__toggle-button--collapse\" role=\"button\" tabindex=\"0\" aria-controls=\"elementor-toc__iwgw-beaivi-toc\" aria-expanded=\"true\" aria-label=\"Close table of contents\"><svg aria-hidden=\"true\" class=\"e-font-icon-svg e-fas-chevron-up\" viewBox=\"0 0 448 512\" xmlns=\"http:\/\/www.w3.org\/2000\/svg\"><path d=\"M240.971 130.524l194.343 194.343c9.373 9.373 9.373 24.569 0 33.941l-22.667 22.667c-9.357 9.357-24.522 9.375-33.901.04L224 227.495 69.255 381.516c-9.379 9.335-24.544 9.317-33.901-.04l-22.667-22.667c-9.373-9.373-9.373-24.569 0-33.941L207.03 130.525c9.372-9.373 24.568-9.373 33.941-.001z\"><\/path><\/svg><\/div>\n\t\t\t\t\t<\/div>\n\t\t\t\t<div id=\"elementor-toc__iwgw-beaivi-toc\" class=\"elementor-toc__body\">\n\t\t\t<div class=\"elementor-toc__spinner-container\">\n\t\t\t\t<svg class=\"elementor-toc__spinner eicon-animation-spin e-font-icon-svg e-eicon-loading\" aria-hidden=\"true\" viewBox=\"0 0 1000 1000\" xmlns=\"http:\/\/www.w3.org\/2000\/svg\"><path d=\"M500 975V858C696 858 858 696 858 500S696 142 500 142 142 304 142 500H25C25 237 238 25 500 25S975 237 975 500 763 975 500 975Z\"><\/path><\/svg>\t\t\t<\/div>\n\t\t<\/div>\n\t\t\t\t\t\t<\/div>\n\t\t\t\t<\/div>\n\t\t\t\t\t<\/div>\n\t\t\t\t<\/div>\n\t\t<div class=\"elementor-element elementor-element-iwgw-beaivi-hr e-con-full e-flex e-con e-child\" data-id=\"iwgw-beaivi-hr\" data-element_type=\"container\" data-e-type=\"container\">\n\t\t\t\t<div class=\"elementor-element elementor-element-iwgw-beaivi-heroimg iwg-hero-image elementor-widget elementor-widget-image\" data-id=\"iwgw-beaivi-heroimg\" data-element_type=\"widget\" data-e-type=\"widget\" data-widget_type=\"image.default\">\n\t\t\t\t\t\t\t\t\t\t\t\t\t\t\t<img fetchpriority=\"high\" decoding=\"async\" width=\"683\" height=\"1024\" src=\"https:\/\/iwell-guard.com\/wp-content\/uploads\/2026\/05\/goetter_sami_beaivi-683x1024.webp\" class=\"attachment-large size-large wp-image-148753\" alt=\"Beaivi \u2013 jumalia saamelaisesta perinteest\u00e4, historiallis-havainnollinen kuva\" srcset=\"https:\/\/iwell-guard.com\/wp-content\/uploads\/2026\/05\/goetter_sami_beaivi-683x1024.webp 683w, https:\/\/iwell-guard.com\/wp-content\/uploads\/2026\/05\/goetter_sami_beaivi-200x300.webp 200w, https:\/\/iwell-guard.com\/wp-content\/uploads\/2026\/05\/goetter_sami_beaivi-768x1152.webp 768w, https:\/\/iwell-guard.com\/wp-content\/uploads\/2026\/05\/goetter_sami_beaivi.webp 1024w\" sizes=\"(max-width: 683px) 100vw, 683px\" \/>\t\t\t\t\t\t\t\t\t\t\t\t\t\t\t<\/div>\n\t\t\t\t<\/div>\n\t\t\t\t\t<\/div>\n\t\t\t\t<\/div>\n\t\t<div class=\"elementor-element elementor-element-iwgw-beaivi-s0 e-flex e-con-boxed e-con e-parent\" data-id=\"iwgw-beaivi-s0\" data-element_type=\"container\" data-e-type=\"container\">\n\t\t\t\t\t<div class=\"e-con-inner\">\n\t\t\t\t<div class=\"elementor-element elementor-element-iwgw-beaivi-s0h elementor-widget elementor-widget-heading\" data-id=\"iwgw-beaivi-s0h\" data-element_type=\"widget\" data-e-type=\"widget\" data-widget_type=\"heading.default\">\n\t\t\t\t\t<h2 class=\"elementor-heading-title elementor-size-default\">Tarkastelu ja lyhyt profiili<\/h2>\t\t\t\t<\/div>\n\t\t<div class=\"elementor-element elementor-element-iwgw-beaivi-s0c e-con-full e-flex e-con e-child\" data-id=\"iwgw-beaivi-s0c\" data-element_type=\"container\" data-e-type=\"container\">\n\t\t\t\t<div class=\"elementor-element elementor-element-iwgw-beaivi-s0t elementor-widget elementor-widget-text-editor\" data-id=\"iwgw-beaivi-s0t\" data-element_type=\"widget\" data-e-type=\"widget\" data-widget_type=\"text-editor.default\">\n\t\t\t\t\t\t\t\t\t<p>Beaivi on saamelaisessa uskonnollisessa maailmankuvassa keskeinen valon jumaluus ja kuuluu esikristillisen <a href=\"https:\/\/iwell-guard.com\/fi\/saamelaiset-noaidi-rumpu\/\">saamelaisen<\/a> uskonnon parhaiten dokumentoituihin hahmoihin.<\/p><p>Toisin kuin monissa V\u00e4limeren alueen aurinkokulteissa, Beaivi on naispuolinen, mik\u00e4 sijoittaa h\u00e4net laajempaan sirkumpolaariseen ja pohjoiseurooppalaiseen naispuolisten aurinkojumaluuksien perinteeseen. Uskontotieteellisesti h\u00e4n kuuluu samaan sukupuolikategoriaan kuin germaaninen S\u00f3l, balttilainen Saul\u0117 ja japanilainen Amaterasu.<\/p><p>Beaivista on s\u00e4ilynyt l\u00e4hdeaineistoa runsaammin kuin monista muista saamelaisista jumaluuksista. N\u00e4ihin kuuluvat 1600- ja 1700-luvun shamaanirumpujen maalaukset, luterilaisten l\u00e4hetyssaarnaajien kuten Johannes Schefferuksen, Knud Leemin ja Jens Kildalin raportit sek\u00e4 Lars Levi L\u00e6stadiuksen 1800-luvun etnografiset merkinn\u00e4t. T\u00e4m\u00e4 l\u00e4hteiden monipuolisuus tekee Beaivista uskontotieteellisesti hyvin tutkittavan.<\/p><p>Tieteellisesti tarkasteltuna Beaivi ei ole vain t\u00e4htitieteellinen ilmi\u00f6, vaan kokonaisvaltainen el\u00e4m\u00e4n jumaluus. H\u00e4n edustaa hedelm\u00e4llisyytt\u00e4, porom\u00e4\u00e4r\u00e4\u00e4, terveytt\u00e4 ja kosmologista j\u00e4rjestyst\u00e4. T\u00e4m\u00e4 toiminnallinen laajuus on uskontofenomenologisesti tyypillist\u00e4 arktisille aurinkojumalattarille, joiden merkitys liittyy elint\u00e4rke\u00e4\u00e4n kaamos-kaamosy\u00f6n vastakohtaisuuteen.<\/p><p>Juuri aurinkojumalatar Beaivi osoittaa, miten paljon uudempi tutkimus on ter\u00e4v\u00f6itt\u00e4nyt menetelmi\u00e4\u00e4n: etnografinen tarkkuus, kielellisen <span class=\"iwg-fachbegriff\" data-tooltip=\"Tiedon ja kertomusten siirtyminen sukupolvien yli.\" tabindex=\"0\">perim\u00e4tiedon<\/span> kriittinen tarkastelu ja vertaileva n\u00e4k\u00f6kulma kietoutuvat nyky\u00e4\u00e4n yhteen. Merkitt\u00e4v\u00e4ss\u00e4 roolissa ovat saamelaiset tutkijat itse, jotka tarkastelevat vanhempia l\u00e4nsimaisia Beaivi-tulkintoja ja korjaavat niit\u00e4, jotka olivat v\u00e4rittyneet kolonialistisista ajattelutavoista.<\/p><p>Beaivi naispuolisena aurinkojumaluutena asettuu osaksi sirkumpolaarista uskonnollista topografiaa, joka pysyy yll\u00e4tt\u00e4v\u00e4n samankaltaisena l\u00e4pi arktisen alueen. Se, ett\u00e4 t\u00e4llaiset rakenteet ovat pysyneet vakaina tuhansien kilometrien matkalla, on yksi vertailevan <span class=\"iwg-fachbegriff\" data-tooltip=\"Tiede, joka tutkii uskontoja vertailevasti ja sitoutumattomasti.\" tabindex=\"0\">uskontotieteen<\/span> silmiinpist\u00e4vimmist\u00e4 havainnoista, ja siit\u00e4 keskustellaan edelleen t\u00e4n\u00e4 p\u00e4iv\u00e4n\u00e4.<\/p>\t\t\t\t\t\t\t\t<\/div>\n\t\t\t\t<\/div>\n\t\t\t\t\t<\/div>\n\t\t\t\t<\/div>\n\t\t<div class=\"elementor-element elementor-element-iwgw-beaivi-s1 e-flex e-con-boxed e-con e-parent\" data-id=\"iwgw-beaivi-s1\" data-element_type=\"container\" data-e-type=\"container\">\n\t\t\t\t\t<div class=\"e-con-inner\">\n\t\t\t\t<div class=\"elementor-element elementor-element-iwgw-beaivi-s1h elementor-widget elementor-widget-heading\" data-id=\"iwgw-beaivi-s1h\" data-element_type=\"widget\" data-e-type=\"widget\" data-widget_type=\"heading.default\">\n\t\t\t\t\t<h2 class=\"elementor-heading-title elementor-size-default\">Nimi ja etymologia<\/h2>\t\t\t\t<\/div>\n\t\t<div class=\"elementor-element elementor-element-iwgw-beaivi-s1c e-con-full e-flex e-con e-child\" data-id=\"iwgw-beaivi-s1c\" data-element_type=\"container\" data-e-type=\"container\">\n\t\t\t\t<div class=\"elementor-element elementor-element-iwgw-beaivi-s1t elementor-widget elementor-widget-text-editor\" data-id=\"iwgw-beaivi-s1t\" data-element_type=\"widget\" data-e-type=\"widget\" data-widget_type=\"text-editor.default\">\n\t\t\t\t\t\t\t\t\t<p>Nimi Beaivi kuuluu saamen kielen perussanastoon ja tarkoittaa samanaikaisesti aurinkoa taivaankappaleena ja <span class=\"iwg-fachbegriff\" data-tooltip=\"Uskonnon sis\u00e4ll\u00e4 jumalallisena palvottu olento.\" tabindex=\"0\">jumaluutena<\/span>. Murrevariantteja ovat P\u00e4ivi etel\u00e4saamen alueella, Peivve inarinsaamessa ja Paeivvi koltansaamessa. T\u00e4m\u00e4 moninaisuus vastaa saamen kielen murteellista jakautuneisuutta, joka koostuu useista kesken\u00e4\u00e4n vain osittain ymm\u00e4rrett\u00e4vist\u00e4 kielimuodoista.<\/p><p>Etymologisesti Beaivi kuuluu uraliseen aurinkoa merkitsev\u00e4\u00e4n juureen, joka esiintyy my\u00f6s suomen kielen sanassa <em>p\u00e4iv\u00e4<\/em>, viron kielen sanassa <em>p\u00e4ev<\/em> ja t\u00e4m\u00e4n uralilaisen kieliperheen kaukaisemmissa sukulaiskieliss\u00e4. Tieteellisesti t\u00e4m\u00e4 kielihistoriallinen syvyys on huomionarvoinen, koska se viittaa eritt\u00e4in vanhaan uskonnollisen k\u00e4sitteenmuodostuksen kerrostumaan, joka ulottuu ainakin protouraliseen aikaan.<\/p><p>Uskonnollisessa kielenk\u00e4yt\u00f6ss\u00e4 esiintyy usein kunnianime\u00e4 <em>Beaivvi-\u00c1h\u010d\u010di<\/em> tai <em>Beaivvi-Eadni<\/em>, kirjaimellisesti Aurinko-Is\u00e4 tai Aurinko-\u00c4iti, alueellisesta sukupuolim\u00e4\u00e4rittelyst\u00e4 riippuen. Molempien muotojen esiintyminen rinnakkain eri alueilla on tieteellisesti valaisevaa ja viittaa auringon joustavaan sukupuolim\u00e4\u00e4rittelyyn.<\/p><p>Uskontososiologisesti voidaan kysy\u00e4, mik\u00e4 rooli Beaivilla oli perinteisen saamelaisyhteis\u00f6n rakenteessa. Koska aurinkokultti liittyi porom\u00e4\u00e4r\u00e4\u00e4n, terveyteen ja kaamoksen ja kaamosy\u00f6n rytmiin, uskonnollinen ei t\u00e4ss\u00e4 yhteydess\u00e4 koskaan erottunut arkiel\u00e4m\u00e4n k\u00e4yt\u00e4nn\u00f6ist\u00e4.<\/p><p>T\u00e4m\u00e4 tiivis kytk\u00f6s muodostaa omanlaisensa uskontoantropologisen tutkimusalan, jota erityisesti H\u00e5kan Rydving ja Konsta Kaikkonen ovat systemaattisesti tutkineet.<\/p><p>Lis\u00e4ksi Beaivilla on nykyaikaista merkityst\u00e4 saamelaisten identiteettipolitiikassa. Saamelaisten itsehallinnon laajentuessa ja alkuper\u00e4iskansojen oikeuksien kansainv\u00e4lisoikeudellisen tunnustamisen my\u00f6t\u00e4 hahmot kuten aurinkojumalatar nousevat uudelleen vahvemmin julkiseen tietoisuuteen. Se, miten uskontotutkimus ja poliittinen itsem\u00e4\u00e4rittely t\u00e4ss\u00e4 vaikuttavat toisiinsa, on omanlaisensa tutkimusala, jolle tiede on viime aikoina antanut selv\u00e4sti enemm\u00e4n huomiota.<\/p>\t\t\t\t\t\t\t\t<\/div>\n\t\t\t\t<\/div>\n\t\t\t\t\t<\/div>\n\t\t\t\t<\/div>\n\t\t<div class=\"elementor-element elementor-element-iwgw-beaivi-s2 e-flex e-con-boxed e-con e-parent\" data-id=\"iwgw-beaivi-s2\" data-element_type=\"container\" data-e-type=\"container\">\n\t\t\t\t\t<div class=\"e-con-inner\">\n\t\t\t\t<div class=\"elementor-element elementor-element-iwgw-beaivi-s2h elementor-widget elementor-widget-heading\" data-id=\"iwgw-beaivi-s2h\" data-element_type=\"widget\" data-e-type=\"widget\" data-widget_type=\"heading.default\">\n\t\t\t\t\t<h2 class=\"elementor-heading-title elementor-size-default\">Kuvaus ja ikonografia<\/h2>\t\t\t\t<\/div>\n\t\t<div class=\"elementor-element elementor-element-iwgw-beaivi-s2c e-con-full e-flex e-con e-child\" data-id=\"iwgw-beaivi-s2c\" data-element_type=\"container\" data-e-type=\"container\">\n\t\t\t\t<div class=\"elementor-element elementor-element-iwgw-beaivi-s2t elementor-widget elementor-widget-text-editor\" data-id=\"iwgw-beaivi-s2t\" data-element_type=\"widget\" data-e-type=\"widget\" data-widget_type=\"text-editor.default\">\n\t\t\t\t\t\t\t\t\t<p>Etnografisissa l\u00e4hteiss\u00e4 Beaivi kuvataan lempe\u00e4ksi, el\u00e4m\u00e4n antavaksi \u00e4idiksi, jonka s\u00e4teet l\u00e4mmitt\u00e4v\u00e4t maan ja saavat porot voimaan hyvin. H\u00e4nt\u00e4 ei tavallisesti kuvata ihmishahmoisena, vaan aurinkona itsen\u00e4\u00e4n, joka l\u00e4hett\u00e4\u00e4 s\u00e4teit\u00e4\u00e4n kuin k\u00e4sivarsia tai jalkoja kaikkiin suuntiin.<\/p><p>Kuvastollisesti Beaivi esitet\u00e4\u00e4n saamelaisilla shamaanirummuilla, <em>goavddis<\/em>&#8211; tai <em>gievrie<\/em>-rummuilla, usein rummun yl\u00e4puoliskossa keskeisen\u00e4 py\u00f6r\u00e4n\u00e4 tai ristin\u00e4.<\/p><p>Ernst Mankerin 1900-luvulla tekem\u00e4t kuuluisat rumpukuvien tutkimukset ovat osoittaneet, ett\u00e4 Beaivi esiintyy l\u00e4hes joka s\u00e4ilyneess\u00e4 rummussa ja sijoittuu tavallisesti ylemm\u00e4n todellisuustason keskelle tai ylimp\u00e4\u00e4n osaan.<\/p><p>T\u00e4m\u00e4 kuvastollinen keskeisyys vastaa h\u00e4nen teologista merkityst\u00e4\u00e4n. Tieteellisesti rumpuikonografia on yksi t\u00e4rkeimmist\u00e4 saamelaisen uskonnon l\u00e4hteist\u00e4, koska se on per\u00e4isin itse esikristillisest\u00e4 perinteest\u00e4 eik\u00e4 ole l\u00e4hetysty\u00f6n suodattama. Se t\u00e4ydent\u00e4\u00e4 kirjallisia raportteja alkuper\u00e4iskansan omalla visuaalisella l\u00e4hteell\u00e4, mik\u00e4 on uskontotieteellisen menetelm\u00e4n kannalta erityisen arvokasta.<\/p>\t\t\t\t\t\t\t\t<\/div>\n\t\t\t\t<\/div>\n\t\t\t\t\t<\/div>\n\t\t\t\t<\/div>\n\t\t<div class=\"elementor-element elementor-element-iwgw-beaivi-s3 e-flex e-con-boxed e-con e-parent\" data-id=\"iwgw-beaivi-s3\" data-element_type=\"container\" data-e-type=\"container\">\n\t\t\t\t\t<div class=\"e-con-inner\">\n\t\t\t\t<div class=\"elementor-element elementor-element-iwgw-beaivi-s3h elementor-widget elementor-widget-heading\" data-id=\"iwgw-beaivi-s3h\" data-element_type=\"widget\" data-e-type=\"widget\" data-widget_type=\"heading.default\">\n\t\t\t\t\t<h2 class=\"elementor-heading-title elementor-size-default\">Beaivi ja poronhoito<\/h2>\t\t\t\t<\/div>\n\t\t<div class=\"elementor-element elementor-element-iwgw-beaivi-s3c e-con-full e-flex e-con e-child\" data-id=\"iwgw-beaivi-s3c\" data-element_type=\"container\" data-e-type=\"container\">\n\t\t\t\t<div class=\"elementor-element elementor-element-iwgw-beaivi-s3t elementor-widget elementor-widget-text-editor\" data-id=\"iwgw-beaivi-s3t\" data-element_type=\"widget\" data-e-type=\"widget\" data-widget_type=\"text-editor.default\">\n\t\t\t\t\t\t\t\t\t<p>Beaivin keskeinen taloudellinen merkitys liittyi h\u00e4nen suhteeseensa poronhoitoon. Beaivi varmisti kes\u00e4laitumet, joilla porotokat laidunsivat, ja h\u00e4nen s\u00e4teens\u00e4 saivat j\u00e4k\u00e4l\u00e4n kasvamaan, jota porot tarvitsivat. Vastavuoroisuus Beaivin ja saamelaisten poronhoitajien v\u00e4lill\u00e4 oli uskontotaloudellisesti perustavanlaatuista.<\/p><p>Suuri kes\u00e4juhla, joka monilla alueilla liittyi keskikes\u00e4n y\u00f6h\u00f6n tai talven p\u00e4iv\u00e4nseisaukseen, kunnioitti Beaivia uhrilahjoin. Joillakin alueilla uhrattiin valkoisia tai vaaleita poroja, toisilla maitotuotteita ja voita. N\u00e4it\u00e4 uhrik\u00e4yt\u00e4nt\u00f6j\u00e4 on kuvattu yksityiskohtaisesti luterilaisten l\u00e4hetyssaarnaajien raporteissa, tosin usein halventavaan s\u00e4vyyn.<\/p><p>Tieteellisesti auringon ja poronhoidon kietoutuminen toisiinsa on esimerkkitapaus ekologisesti juurtuneesta <span class=\"iwg-fachbegriff\" data-tooltip=\"Uskonnon jumalaa ja uskoa koskeva tieteellinen oppi.\" tabindex=\"0\">teologiasta<\/span>, verrattavissa Sednan ja meriel\u00e4inten yhteyteen <a href=\"https:\/\/iwell-guard.com\/fi\/inuit-ja-arktis-sedna-tornit\/\">inuiiteilla<\/a>. Uskonto ei ollut abstrakti uskomusj\u00e4rjestelm\u00e4, vaan toimeentulok\u00e4yt\u00e4nt\u00f6jen suora s\u00e4\u00e4tely pyh\u00e4n vastavuoroisuuden avulla.<\/p>\t\t\t\t\t\t\t\t<\/div>\n\t\t\t\t<\/div>\n\t\t\t\t\t<\/div>\n\t\t\t\t<\/div>\n\t\t<div class=\"elementor-element elementor-element-iwgw-beaivi-s4 e-flex e-con-boxed e-con e-parent\" data-id=\"iwgw-beaivi-s4\" data-element_type=\"container\" data-e-type=\"container\">\n\t\t\t\t\t<div class=\"e-con-inner\">\n\t\t\t\t<div class=\"elementor-element elementor-element-iwgw-beaivi-s4h elementor-widget elementor-widget-heading\" data-id=\"iwgw-beaivi-s4h\" data-element_type=\"widget\" data-e-type=\"widget\" data-widget_type=\"heading.default\">\n\t\t\t\t\t<h2 class=\"elementor-heading-title elementor-size-default\">Aurinkojuhla ja keskikes\u00e4<\/h2>\t\t\t\t<\/div>\n\t\t<div class=\"elementor-element elementor-element-iwgw-beaivi-s4c e-con-full e-flex e-con e-child\" data-id=\"iwgw-beaivi-s4c\" data-element_type=\"container\" data-e-type=\"container\">\n\t\t\t\t<div class=\"elementor-element elementor-element-iwgw-beaivi-s4t elementor-widget elementor-widget-text-editor\" data-id=\"iwgw-beaivi-s4t\" data-element_type=\"widget\" data-e-type=\"widget\" data-widget_type=\"text-editor.default\">\n\t\t\t\t\t\t\t\t\t<p>Beaivin p\u00e4j\u00e4juhla oli sidottu p\u00e4iv\u00e4nseisaukseen. Keskikes\u00e4n y\u00f6n\u00e4, jolloin aurinko ei laske pohjoisilla saamelaisalueilla, Beaivia kunnioitettiin erityisesti. My\u00f6s talven p\u00e4iv\u00e4nseisaus, jolloin aurinko palaa pitk\u00e4n kaamosajan j\u00e4lkeen, oli uskonnollisesti latautunut hetki.<\/p><p>\u0160amaanit, joita saamelaiset kutsuivat <em>noaidiksi<\/em>, kykeniv\u00e4t transsissa kutsumaan aurinkoa ja pyyt\u00e4m\u00e4\u00e4n l\u00e4mp\u00f6\u00e4. Kulttik\u00e4yt\u00e4nt\u00f6 tapahtui pyhill\u00e4 kivill\u00e4, <em>sieidill\u00e4<\/em>, joilla annettiin <span class=\"iwg-fachbegriff\" data-tooltip=\"Lahja jumaluudelle kiitoksen, pyynn\u00f6n tai kunnioituksen osoittamiseksi.\" tabindex=\"0\">uhrilahjoja<\/span>. T\u00e4m\u00e4 sieidi-k\u00e4yt\u00e4nt\u00f6 on uskontotieteellisesti hyvin dokumentoitu ja yksi esikristillisen saamelaisen uskonnon t\u00e4rkeimmist\u00e4 osista.<\/p><p>L\u00e4hetyssaarnaajat havaitsivat kilpailun kristillisen juhlasemantiikan kanssa, ja se johti aurinkojuhlien kohdennettuihin kieltoihin. Tieteellisesti t\u00e4m\u00e4 konfliktin historia on omansis\u00e4lt\u00f6inen tutkimuskentt\u00e4 ja esimerkki pohjoiseurooppalaisen l\u00e4hetysty\u00f6n uskontopoliittisista kiistoista.<\/p>\t\t\t\t\t\t\t\t<\/div>\n\t\t\t\t<\/div>\n\t\t\t\t\t<\/div>\n\t\t\t\t<\/div>\n\t\t<div class=\"elementor-element elementor-element-iwgw-beaivi-s5 e-flex e-con-boxed e-con e-parent\" data-id=\"iwgw-beaivi-s5\" data-element_type=\"container\" data-e-type=\"container\">\n\t\t\t\t\t<div class=\"e-con-inner\">\n\t\t\t\t<div class=\"elementor-element elementor-element-iwgw-beaivi-s5h elementor-widget elementor-widget-heading\" data-id=\"iwgw-beaivi-s5h\" data-element_type=\"widget\" data-e-type=\"widget\" data-widget_type=\"heading.default\">\n\t\t\t\t\t<h2 class=\"elementor-heading-title elementor-size-default\">Beaivi ja h\u00e4nen tytt\u00e4rens\u00e4 Sara-Akka<\/h2>\t\t\t\t<\/div>\n\t\t<div class=\"elementor-element elementor-element-iwgw-beaivi-s5c e-con-full e-flex e-con e-child\" data-id=\"iwgw-beaivi-s5c\" data-element_type=\"container\" data-e-type=\"container\">\n\t\t\t\t<div class=\"elementor-element elementor-element-iwgw-beaivi-s5t elementor-widget elementor-widget-text-editor\" data-id=\"iwgw-beaivi-s5t\" data-element_type=\"widget\" data-e-type=\"widget\" data-widget_type=\"text-editor.default\">\n\t\t\t\t\t\t\t\t\t<p>Esikristillisess\u00e4 saamelaisessa <span class=\"iwg-fachbegriff\" data-tooltip=\"Uskonnon jumalaa ja uskoa koskeva tieteellinen oppi.\" tabindex=\"0\">teologiassa<\/span> Beaivi on l\u00e4heisesti yhteydess\u00e4 Akka-jumalattarien perheeseen. Erityisesti synnytysjumalatar <a href=\"https:\/\/iwell-guard.com\/fi\/?page_id=144248\">Sara-Akka<\/a> kuvataan joissakin l\u00e4hteiss\u00e4 h\u00e4nen tytt\u00e4rekseen tai apuolentokseen. Aurinko ja syntym\u00e4 ovat saamelaisessa perinteess\u00e4 teologisesti l\u00e4heisesti kytk\u00f6ksiss\u00e4 toisiinsa, koska vastasyntynyt lapsi saapuu valoon ja luovutetaan valon periaatteelle.<\/p><p>Tieteellisesti t\u00e4m\u00e4 auringon ja syntym\u00e4n kietoutuminen on omanlaisensa ilmi\u00f6, joka on todettu useaan kertaan sirkumpolaarisessa uskonnossa. <a href=\"https:\/\/iwell-guard.com\/fi\/inuit-ja-arktis-sedna-tornit\/\">Inuiittien<\/a> aurinkojumalatar Malinalla on samankaltaisia teht\u00e4vi\u00e4 naisten k\u00e4yt\u00e4nt\u00f6jen alueella. N\u00e4m\u00e4 rakenteelliset yht\u00e4l\u00e4isyydet ovat uskontofenomenologisesti valaisevia.<\/p><p>Beaivin ja Akkojen v\u00e4linen suhde painottuu alueellisesti eri tavoin. Joillakin alueilla Beaivi on kaikkien Akkojen \u00e4iti, toisilla itsen\u00e4inen suuruus, joka on Akkojen kanssa yhteisty\u00f6suhteessa mutta ei sukupolvisuhteessa. T\u00e4t\u00e4 vaihtelua ei tieteellisesti tarvitse ratkaista, vaan se on kunnioitettava alueellisena erityispiirteen\u00e4.<\/p>\t\t\t\t\t\t\t\t<\/div>\n\t\t\t\t<\/div>\n\t\t\t\t\t<\/div>\n\t\t\t\t<\/div>\n\t\t<div class=\"elementor-element elementor-element-iwgw-beaivi-s6 e-flex e-con-boxed e-con e-parent\" data-id=\"iwgw-beaivi-s6\" data-element_type=\"container\" data-e-type=\"container\">\n\t\t\t\t\t<div class=\"e-con-inner\">\n\t\t\t\t<div class=\"elementor-element elementor-element-iwgw-beaivi-s6h elementor-widget elementor-widget-heading\" data-id=\"iwgw-beaivi-s6h\" data-element_type=\"widget\" data-e-type=\"widget\" data-widget_type=\"heading.default\">\n\t\t\t\t\t<h2 class=\"elementor-heading-title elementor-size-default\">Beaivi sirkumpolaarisessa vertailussa<\/h2>\t\t\t\t<\/div>\n\t\t<div class=\"elementor-element elementor-element-iwgw-beaivi-s6c e-con-full e-flex e-con e-child\" data-id=\"iwgw-beaivi-s6c\" data-element_type=\"container\" data-e-type=\"container\">\n\t\t\t\t<div class=\"elementor-element elementor-element-iwgw-beaivi-s6t elementor-widget elementor-widget-text-editor\" data-id=\"iwgw-beaivi-s6t\" data-element_type=\"widget\" data-e-type=\"widget\" data-widget_type=\"text-editor.default\">\n\t\t\t\t\t\t\t\t\t<p>Beaivi kuuluu laajaan naispuolisten aurinkojumaluuksien luokkaan sirkumpolaarisella ja pohjoiseurooppalaisella alueella. Rakenteellisesti verrattavissa ovat germaaninen S\u00f3l, balttilainen Saul\u0117, suomalais-ugrilainen P\u00e4iv\u00e4t\u00e4r, japanilainen Amaterasu, nenetsien <em>Khaer<\/em> ja <a href=\"https:\/\/iwell-guard.com\/fi\/inuit-ja-arktis-sedna-tornit\/\">inuiittien<\/a> aurinkojumalatar Malina. T\u00e4m\u00e4 auringon sukupuolittuminen muodostaa oman uskontofenomenologisen alueensa.<\/p><p>Toisin kuin kreikkalainen Helios-Sol-perinne, pohjoinen naispuolinen aurinko korostaa v\u00e4hemm\u00e4n astronomis-kosmologista puolta ja enemm\u00e4n el\u00e4m\u00e4\u00e4 antavaa, hedelm\u00e4llisyyteen liittyv\u00e4\u00e4 teht\u00e4v\u00e4\u00e4. Uskontofenomenologisesti t\u00e4m\u00e4 vastaa \u00e4iti-<span class=\"iwg-fachbegriff\" data-tooltip=\"Uskonnon jumalaa ja uskoa koskeva tieteellinen oppi.\" tabindex=\"0\">teologiaa<\/span>, joka on laajalti levinnyt pohjoiseurooppalaisessa perinteess\u00e4 ja poikkeaa V\u00e4limeren alueen is\u00e4-aurinko-k\u00e4sityksist\u00e4.<\/p><p>Uskontohistoriallinen keskustelu t\u00e4m\u00e4n kerroksen synnyst\u00e4 on vanha ja ei lopullisesti ratkaistu. Marija Gimbutas esitti panEurasialaista \u00e4itijumalatarkerrosta, mutta nykyinen tutkimus on varovaisempi ja viittaa rakenteellisiin yht\u00e4l\u00e4isyyksiin ilman v\u00e4ltt\u00e4m\u00e4t\u00f6nt\u00e4 historiallista v\u00e4littymist\u00e4.<\/p>\t\t\t\t\t\t\t\t<\/div>\n\t\t\t\t<\/div>\n\t\t\t\t\t<\/div>\n\t\t\t\t<\/div>\n\t\t<div class=\"elementor-element elementor-element-iwgw-beaivi-s7 e-flex e-con-boxed e-con e-parent\" data-id=\"iwgw-beaivi-s7\" data-element_type=\"container\" data-e-type=\"container\">\n\t\t\t\t\t<div class=\"e-con-inner\">\n\t\t\t\t<div class=\"elementor-element elementor-element-iwgw-beaivi-s7h elementor-widget elementor-widget-heading\" data-id=\"iwgw-beaivi-s7h\" data-element_type=\"widget\" data-e-type=\"widget\" data-widget_type=\"heading.default\">\n\t\t\t\t\t<h2 class=\"elementor-heading-title elementor-size-default\">Kristillinen l\u00e4hetysty\u00f6 ja syrj\u00e4yt\u00e4minen<\/h2>\t\t\t\t<\/div>\n\t\t<div class=\"elementor-element elementor-element-iwgw-beaivi-s7c e-con-full e-flex e-con e-child\" data-id=\"iwgw-beaivi-s7c\" data-element_type=\"container\" data-e-type=\"container\">\n\t\t\t\t<div class=\"elementor-element elementor-element-iwgw-beaivi-s7t elementor-widget elementor-widget-text-editor\" data-id=\"iwgw-beaivi-s7t\" data-element_type=\"widget\" data-e-type=\"widget\" data-widget_type=\"text-editor.default\">\n\t\t\t\t\t\t\t\t\t<p>Kristillinen l\u00e4hetysty\u00f6 saamelaisten keskuudessa alkoi keskiajalla, mutta voimistui 1600- ja 1700-luvuilla Ruotsin, Norjan ja Suomen kruunun alaisuudessa. Luterilaiset l\u00e4hetyssaarnaajat, kuten Thomas von Westen, Knud Leem ja erityisesti Lars Levi L\u00e6stadius 1800-luvulla, harjoittivat ankaraa linjaa esikristillist\u00e4 saamelaista uskontoa vastaan.<\/p><p>Beaivi tulkittiin osin kristillisesti uudelleen Mariana valon \u00e4itin\u00e4, osin h\u00e4nt\u00e4 vainottiin pakanallisena <span class=\"iwg-fachbegriff\" data-tooltip=\"Halventava nimitys v\u00e4\u00e4rin\u00e4 pidetylle palvonnankohteelle.\" tabindex=\"0\">ep\u00e4jumalana<\/span>. \u0160amaanirummut poltettiin julkisesti, sieidi-kivet tuhottiin, \u0161amaaniset k\u00e4yt\u00e4nn\u00f6t kriminalisoitiin. T\u00e4m\u00e4 sortotoimien historia on suurelta osin syrj\u00e4ytt\u00e4nyt esikristillisen uskonnon julkisesta tilasta, tosin t\u00e4ysin sit\u00e4 poistamatta.<\/p><p>Tieteellisesti t\u00e4m\u00e4 l\u00e4hetysty\u00f6n historia on omansis\u00e4lt\u00f6inen tutkimuskentt\u00e4, jota on viime vuosikymmenin\u00e4 k\u00e4sitelty uudelleen postkoloniaalisesta n\u00e4k\u00f6kulmasta. Nykyinen saamelainen kulttuurinelvytys vedotaan osittain Beaiviin ja muihin esikristillisiin hahmoihin ilman katkeamattoman jatkuvuuden v\u00e4itt\u00e4mist\u00e4.<\/p>\t\t\t\t\t\t\t\t<\/div>\n\t\t\t\t<\/div>\n\t\t\t\t\t<\/div>\n\t\t\t\t<\/div>\n\t\t<div class=\"elementor-element elementor-element-iwgw-beaivi-s8 e-flex e-con-boxed e-con e-parent\" data-id=\"iwgw-beaivi-s8\" data-element_type=\"container\" data-e-type=\"container\">\n\t\t\t\t\t<div class=\"e-con-inner\">\n\t\t\t\t<div class=\"elementor-element elementor-element-iwgw-beaivi-s8h elementor-widget elementor-widget-heading\" data-id=\"iwgw-beaivi-s8h\" data-element_type=\"widget\" data-e-type=\"widget\" data-widget_type=\"heading.default\">\n\t\t\t\t\t<h2 class=\"elementor-heading-title elementor-size-default\">Nykyinen tulkinta ja tutkimus<\/h2>\t\t\t\t<\/div>\n\t\t<div class=\"elementor-element elementor-element-iwgw-beaivi-s8c e-con-full e-flex e-con e-child\" data-id=\"iwgw-beaivi-s8c\" data-element_type=\"container\" data-e-type=\"container\">\n\t\t\t\t<div class=\"elementor-element elementor-element-iwgw-beaivi-s8t elementor-widget elementor-widget-text-editor\" data-id=\"iwgw-beaivi-s8t\" data-element_type=\"widget\" data-e-type=\"widget\" data-widget_type=\"text-editor.default\">\n\t\t\t\t\t\t\t\t\t<p>Beaivi-tutkimus on nyky\u00e4\u00e4n laaja-alaista. H\u00e5kan Rydvingin <em>The End of Drum-Time<\/em> (1993) ja h\u00e4nen my\u00f6hemm\u00e4t ty\u00f6ns\u00e4 ovat asettaneet saamelaisen uskonnon uudelle metodologiselle perustalle. Juha Pentik\u00e4inen, Anna Lia Berthelsen ja Konsta Kaikkonen ovat tutkineet muita n\u00e4k\u00f6kulmia.<\/p><p>Nykyaikaisessa saamelaiskulttuurissa Beaivi n\u00e4kyy taiteessa, kirjallisuudessa ja musiikissa. Joikulaulut ottavat h\u00e4net aiheekseen, ja taiteilijat kuten Britta Marakatt-Labba ovat kuvanneet h\u00e4nt\u00e4. T\u00e4m\u00e4 kulttuurinen renessanssi on uskontofenomenologisesti merkitt\u00e4v\u00e4 panos perinteen n\u00e4kyv\u00e4ksi tekemisess\u00e4.<\/p><p>Saamelaisen uskonnon institutionaalinen tunnustaminen on nyky\u00e4\u00e4n laajalti toteutunut. Beaivia opetetaan saamelaisissa kouluissa, ja h\u00e4n on osa akateemisia opetussuunnitelmia Tromssassa, Uumajassa ja Helsingiss\u00e4. Tieteellisesti Beaivi-tutkimus on tuottavan uudelleenarvioinnin vaiheessa.<\/p>\t\t\t\t\t\t\t\t<\/div>\n\t\t\t\t<\/div>\n\t\t\t\t\t<\/div>\n\t\t\t\t<\/div>\n\t\t<div class=\"elementor-element elementor-element-iwgw-beaivi-s9 e-flex e-con-boxed e-con e-parent\" data-id=\"iwgw-beaivi-s9\" data-element_type=\"container\" data-e-type=\"container\">\n\t\t\t\t\t<div class=\"e-con-inner\">\n\t\t\t\t<div class=\"elementor-element elementor-element-iwgw-beaivi-s9h elementor-widget elementor-widget-heading\" data-id=\"iwgw-beaivi-s9h\" data-element_type=\"widget\" data-e-type=\"widget\" data-widget_type=\"heading.default\">\n\t\t\t\t\t<h2 class=\"elementor-heading-title elementor-size-default\">Sanakirjan ristiviittaukset<\/h2>\t\t\t\t<\/div>\n\t\t<div class=\"elementor-element elementor-element-iwgw-beaivi-s9c e-con-full e-flex e-con e-child\" data-id=\"iwgw-beaivi-s9c\" data-element_type=\"container\" data-e-type=\"container\">\n\t\t\t\t<div class=\"elementor-element elementor-element-iwgw-beaivi-s9t elementor-widget elementor-widget-text-editor\" data-id=\"iwgw-beaivi-s9t\" data-element_type=\"widget\" data-e-type=\"widget\" data-widget_type=\"text-editor.default\">\n\t\t\t\t\t\t\t\t\t<p>Beaivi liittyy <a href=\"https:\/\/iwell-guard.com\/fi\/?page_id=144245\">M\u00e1nnuun<\/a>, <a href=\"https:\/\/iwell-guard.com\/fi\/?page_id=144246\">R\u00e1hkaan<\/a>, <a href=\"https:\/\/iwell-guard.com\/fi\/?page_id=144247\">Malloon<\/a>, <a href=\"https:\/\/iwell-guard.com\/fi\/?page_id=144248\">Sara-Akkaan<\/a>, <a href=\"https:\/\/iwell-guard.com\/fi\/?page_id=144249\">Uksakkaan<\/a>, <a href=\"https:\/\/iwell-guard.com\/fi\/?page_id=144250\">Juksakkaan<\/a>, <a href=\"https:\/\/iwell-guard.com\/fi\/?page_id=144251\">Madderakkaan<\/a>, <a href=\"https:\/\/iwell-guard.com\/fi\/?page_id=144252\">Jabmiidaibmuun<\/a> ja <a href=\"https:\/\/iwell-guard.com\/fi\/?page_id=144253\">Saivoon<\/a>. Kulttuurikeskus <a href=\"https:\/\/iwell-guard.com\/fi\/saamelaiset-noaidi-rumpu\/\">Saamelainen perinne<\/a> asettaa aurinko-<span class=\"iwg-fachbegriff\" data-tooltip=\"Uskonnon opista ja uskosta muodostuva tieteellinen oppi.\" tabindex=\"0\">teologian<\/span> kehykseen. Vastaavia aurinkojumalattaria l\u00f6ytyy <a href=\"https:\/\/iwell-guard.com\/fi\/inuit-ja-arktis-sedna-tornit\/\">inuiittien<\/a> lemma-sarjasta, kuten <em>Malina<\/em>.<\/p>\t\t\t\t\t\t\t\t<\/div>\n\t\t\t\t<\/div>\n\t\t\t\t\t<\/div>\n\t\t\t\t<\/div>\n\t\t<div class=\"elementor-element elementor-element-cp2407d132 e-flex e-con-boxed e-con e-parent\" data-id=\"cp2407d132\" data-element_type=\"container\" data-e-type=\"container\">\n\t\t\t\t\t<div class=\"e-con-inner\">\n\t\t\t\t<div class=\"elementor-element elementor-element-cp21669eb1 elementor-widget elementor-widget-heading\" data-id=\"cp21669eb1\" data-element_type=\"widget\" data-e-type=\"widget\" data-widget_type=\"heading.default\">\n\t\t\t\t\t<h2 class=\"elementor-heading-title elementor-size-default\">Beaivi saamelaisessa vuodenkierrossa ja talvip\u00e4iv\u00e4nseisauksen uhri<\/h2>\t\t\t\t<\/div>\n\t\t<div class=\"elementor-element elementor-element-cp23ff3f04 e-flex e-con-boxed e-con e-child\" data-id=\"cp23ff3f04\" data-element_type=\"container\" data-e-type=\"container\">\n\t\t\t\t\t<div class=\"e-con-inner\">\n\t\t\t\t<div class=\"elementor-element elementor-element-cp23f2b794 elementor-widget elementor-widget-text-editor\" data-id=\"cp23f2b794\" data-element_type=\"widget\" data-e-type=\"widget\" data-widget_type=\"text-editor.default\">\n\t\t\t\t\t\t\t\t\t<p>Beaivilla, auringolla, oli esikristillisess\u00e4 saamelaisessa uskonnossa korostunut asema, jonka voi selitt\u00e4\u00e4 pohjoisen ankarilla elinolosuhteilla. Talvikuukausina aurinko katoaa suurella osalla saamelaisten asuinaluetta kokonaan tai nousee vain h\u00e4din tuskin horisontin yl\u00e4puolelle. Sen paluu kev\u00e4\u00e4ll\u00e4 ei siis ollut itsest\u00e4\u00e4nselv\u00e4 tapahtuma, vaan olemassaolon kannalta merkitt\u00e4v\u00e4 hetki.<\/p><p>Uuden ajan alun l\u00e4hteet, erityisesti 1600- ja 1700-luvun l\u00e4hetyssaarnaajien ja virkamiesten raportit, kertovat, ett\u00e4 saamelaiset toivat talvip\u00e4iv\u00e4nseisauksen aikaan <span class=\"iwg-fachbegriff\" data-tooltip=\"Jumaluudelle annettava lahja kiitoksen, pyynn\u00f6n tai kunnioituksen osoittamiseksi.\" tabindex=\"0\">uhrin<\/span> Beaiville.<\/p><p>Mainittu on muun muassa naarasel\u00e4inten uhraaminen sek\u00e4 <span class=\"iwg-fachbegriff\" data-tooltip=\"Yhteis\u00f6ss\u00e4 s\u00e4\u00e4nn\u00f6llisesti toistettu, perinteinen toimintatapa.\" tabindex=\"0\">tapa<\/span>, jossa oksista punotuilla renkailla oli oma osansa; niiden yhdistettiin palaavaan aurinkoon. N\u00e4it\u00e4 raportteja on syyt\u00e4 lukea varauksin, sill\u00e4 niiden kirjoittajat kuvasivat saamelaista uskontoa ulkopuolisin silmin ja usein k\u00e4\u00e4nnytystarkoituksessa.<\/p><p>Beaivin katsottiin lahjoittavan valoa, l\u00e4mp\u00f6\u00e4 ja siten hedelm\u00e4llisyytt\u00e4, niin poroherdoille kuin niille kasveille, joita porot ravinnokseen k\u00e4yttiv\u00e4t. Aurinkoon liitettiin my\u00f6s k\u00e4sitys henkisest\u00e4 terveydest\u00e4; joissakin perinteiss\u00e4 h\u00e4nt\u00e4 kutsuttiin avuksi j\u00e4rjen s\u00e4ilytt\u00e4miseksi.<\/p><p><span data-nosnippet>T\u00e4rkeimm\u00e4t varhaiset l\u00e4hteet, kuten Johannes Schefferuksen kirjoitukset teoksessa <em>Lapponia<\/em>, joka ilmestyi 1673, sek\u00e4 my\u00f6hemm\u00e4t l\u00e4hetysty\u00f6n muistiinpanot, on tutkimuksessa k\u00e4yty perusteellisesti l\u00e4pi. Ne osoittavat Beaivin keskeisen\u00e4 hahmona uskonnossa, joka oli tiiviisti sidoksissa napa-alueen \u00e4\u00e4rimm\u00e4iseen vuodenkiertoon.<\/span><\/p>\t\t\t\t\t\t\t\t<\/div>\n\t\t\t\t\t<\/div>\n\t\t\t\t<\/div>\n\t\t\t\t\t<\/div>\n\t\t\t\t<\/div>\n\t\t<div class=\"elementor-element elementor-element-cp2a9998cb e-flex e-con-boxed e-con e-parent\" data-id=\"cp2a9998cb\" data-element_type=\"container\" data-e-type=\"container\">\n\t\t\t\t\t<div class=\"e-con-inner\">\n\t\t\t\t<div class=\"elementor-element elementor-element-cp279aeee7 elementor-widget elementor-widget-heading\" data-id=\"cp279aeee7\" data-element_type=\"widget\" data-e-type=\"widget\" data-widget_type=\"heading.default\">\n\t\t\t\t\t<h2 class=\"elementor-heading-title elementor-size-default\">Aurinko saamelaisilla noitarummuilla<\/h2>\t\t\t\t<\/div>\n\t\t<div class=\"elementor-element elementor-element-cp2a24edbe e-flex e-con-boxed e-con e-child\" data-id=\"cp2a24edbe\" data-element_type=\"container\" data-e-type=\"container\">\n\t\t\t\t\t<div class=\"e-con-inner\">\n\t\t\t\t<div class=\"elementor-element elementor-element-cp2b688a68 elementor-widget elementor-widget-text-editor\" data-id=\"cp2b688a68\" data-element_type=\"widget\" data-e-type=\"widget\" data-widget_type=\"text-editor.default\">\n\t\t\t\t\t\t\t\t\t<p>T\u00e4rkeimm\u00e4t s\u00e4ilyneet kuval\u00e4hteet esikristillisest\u00e4 saamelaisesta uskonnosta ovat noitarummut, saamen kielell\u00e4 <em>goavddis<\/em> tai sukulaistermein nimitetyt.<\/p><p>N\u00e4it\u00e4 rumpuja k\u00e4ytti uskonnollinen erikoisosaaja, noaidi, p\u00e4\u00e4st\u00e4kseen transsiin tai tulkitakseen ennusmerkkej\u00e4 osoittimen liikkuessa maalatulla rummunkalvolla. Monien rumpujen kalvolla aurinko on kuvattuna, usein keskeisen\u00e4 <span class=\"iwg-fachbegriff\" data-tooltip=\"Taiteessa tai kertomuksessa toistuva sis\u00e4ll\u00f6llinen elementti.\" tabindex=\"0\">aiheena<\/span>.<\/p><p>Aurinkomerkki esiintyy tyypillisesti vinoneli\u00f6n\u00e4 tai neli\u00f6n\u00e4, jossa on nelj\u00e4 s\u00e4teily\u00e4 ilmansuuntiin osoittavaa s\u00e4dett\u00e4. Usein aurinko on sijoitettu rummun keskelle, ja muut hahmot, jumaluudet, el\u00e4imet, maisemat, on j\u00e4rjestetty sen ymp\u00e4rille tai s\u00e4teiden suuntaisesti.<\/p><p>T\u00e4t\u00e4 keskeist\u00e4 asemaa on tutkimuksessa tulkittu ilmauksena Beaivin merkityksest\u00e4 koko maailmankuvalle, jossa aurinko j\u00e4sent\u00e4\u00e4 ja j\u00e4rjest\u00e4\u00e4 tilaa.<\/p><p>Suurin osa s\u00e4ilyneist\u00e4 rummuista takavarikoitiin 1600- ja 1700-luvuilla l\u00e4hetyssaarnaajien ja viranomaisten toimesta ja p\u00e4\u00e4tyi eurooppalaisiin kokoelmiin; monia tuhottiin my\u00f6s. Niiden tutkimus liittyy erityisesti Ernst Mankerin nimeen, joka 1900-luvun puoliv\u00e4liss\u00e4 dokumentoi laajan tunnettujen rumpujen korpuksen ja kartoitti j\u00e4rjestelm\u00e4llisesti niiden kuva-aiheet.<\/p><p>Yksitt\u00e4isten hahmojen tulkinta on edelleen vaikeaa, koska tarkka tieto niiden merkityksest\u00e4 katosi suurelta osin viimeisten noaidien mukana, ja kirjalliset selitykset ovat usein kirkollisten ulkopuolisten laatimia.<\/p><p>Rummut ovat siit\u00e4 huolimatta korvaamattomia, sill\u00e4 ne ovat ainoat laajat kuvalliset itsetodistukset vanhasta saamelaisesta uskonnosta, ja Beaivilla on niiss\u00e4 n\u00e4kyv\u00e4sti keskeinen asema.<\/p>\t\t\t\t\t\t\t\t<\/div>\n\t\t\t\t\t<\/div>\n\t\t\t\t<\/div>\n\t\t\t\t\t<\/div>\n\t\t\t\t<\/div>\n\t\t<div class=\"elementor-element elementor-element-cp2e73dfba e-flex e-con-boxed e-con e-parent\" data-id=\"cp2e73dfba\" data-element_type=\"container\" data-e-type=\"container\">\n\t\t\t\t\t<div class=\"e-con-inner\">\n\t\t\t\t<div class=\"elementor-element elementor-element-cp29f09c35 elementor-widget elementor-widget-heading\" data-id=\"cp29f09c35\" data-element_type=\"widget\" data-e-type=\"widget\" data-widget_type=\"heading.default\">\n\t\t\t\t\t<h2 class=\"elementor-heading-title elementor-size-default\">L\u00e4hdekritiikki\u00e4 saamelaiseen aurinkouskontoon<\/h2>\t\t\t\t<\/div>\n\t\t<div class=\"elementor-element elementor-element-cp2fe5f0bd e-flex e-con-boxed e-con e-child\" data-id=\"cp2fe5f0bd\" data-element_type=\"container\" data-e-type=\"container\">\n\t\t\t\t\t<div class=\"e-con-inner\">\n\t\t\t\t<div class=\"elementor-element elementor-element-cp254f97b5 elementor-widget elementor-widget-text-editor\" data-id=\"cp254f97b5\" data-element_type=\"widget\" data-e-type=\"widget\" data-widget_type=\"text-editor.default\">\n\t\t\t\t\t\t\t\t\t<p>Beaivin tarkastelu kohtaa perustavanlaatuisen menetelm\u00e4llisen ongelman: esikristillisest\u00e4 saamelaisesta uskonnosta ei ole olemassa kirjallisia omakielisi\u00e4 l\u00e4hteit\u00e4.<\/p><p>Saamelaisilla ei pitk\u00e4\u00e4n aikaan ollut omaa kirjoitusperinnett\u00e4, ja heid\u00e4n uskontoaan kuvattiin l\u00e4hes yksinomaan ulkopuolelta, kristittyjen l\u00e4hetyssaarnaajien, pappien ja valtion virkamiesten silmin. N\u00e4ill\u00e4 kirjoittajilla oli omat l\u00e4ht\u00f6kohtansa ja tavoitteensa, usein sen torjuminen, mit\u00e4 he pitiv\u00e4t pakanuutena.<\/p><p>T\u00e4m\u00e4 vaikuttaa suoraan k\u00e4sitykseen Beaivista. Varhaiset kertomukset j\u00e4rjestiv\u00e4t saamelaisten jumaluudet usein kreikkalais-roomalaisen <span class=\"iwg-fachbegriff\" data-tooltip=\"Kulttuurin perinteisten jumalkertomusten kokonaisuus.\" tabindex=\"0\">mytologian<\/span> mallin mukaan tai kristillisten kategorioiden pohjalta, ja loivat siten mahdollisesti j\u00e4rjestelm\u00e4llisemm\u00e4n <span class=\"iwg-fachbegriff\" data-tooltip=\"Uskonnon tai kulttuurin jumalien kokonaisuus.\" tabindex=\"0\">panteonin<\/span> kuin eletyss\u00e4 uskonnossa todellisuudessa oli.<\/p><p>My\u00f6s jumaluuksien nimet ja vastuualueet vaihtelevat huomattavasti l\u00e4hteiden ja eri saamelaisalueiden v\u00e4lill\u00e4. Saamelainen kulttuuri ei ole koskaan ollut yhten\u00e4inen; se k\u00e4sitti useita kieli\u00e4 ja erilaisia el\u00e4m\u00e4ntapoja rannikon kalastuksesta poronomadismiin.<\/p><p>Uudempi tutkimus, esimerkiksi H\u00e5kan Rydvingin ja muiden ty\u00f6t, korostaa siksi tarkan l\u00e4hdekritiikin tarvetta. Rydving on tutkimuksissaan saamelaisten uskonnollisesta muutoksesta osoittanut, miten voimakkaasti s\u00e4ilyneet kertomukset ovat l\u00e4hetysty\u00f6n n\u00e4k\u00f6kulman v\u00e4ritt\u00e4mi\u00e4.<\/p><p>Beaivin kohdalla t\u00e4m\u00e4 tarkoittaa, ett\u00e4 auringon keskeinen asema saamelaisessa uskossa on hyvin todistettu, rumpujen, yht\u00e4pit\u00e4vien kertomusten ja napa-alueen vuodenkierron ymm\u00e4rrett\u00e4v\u00e4n logiikan perusteella, mutta monet kultin ja k\u00e4sitysten yksityiskohdat pysyv\u00e4t ep\u00e4varmoina. Beaivista kirjoittavan on tuotava avoimesti esiin n\u00e4iden tiedon rajat.<\/p>\t\t\t\t\t\t\t\t<\/div>\n\t\t\t\t\t<\/div>\n\t\t\t\t<\/div>\n\t\t\t\t\t<\/div>\n\t\t\t\t<\/div>\n\t\t<div class=\"elementor-element elementor-element-iwgw-beaivi-lit e-flex e-con-boxed e-con e-parent\" data-id=\"iwgw-beaivi-lit\" data-element_type=\"container\" data-e-type=\"container\">\n\t\t\t\t\t<div class=\"e-con-inner\">\n\t\t\t\t<div class=\"elementor-element elementor-element-iwgw-beaivi-lith elementor-widget elementor-widget-heading\" data-id=\"iwgw-beaivi-lith\" data-element_type=\"widget\" data-e-type=\"widget\" data-widget_type=\"heading.default\">\n\t\t\t\t\t<h2 class=\"elementor-heading-title elementor-size-default\">Kirjallisuus (valikoima)<\/h2>\t\t\t\t<\/div>\n\t\t<div class=\"elementor-element elementor-element-iwgw-beaivi-litc e-con-full e-flex e-con e-child\" data-id=\"iwgw-beaivi-litc\" data-element_type=\"container\" data-e-type=\"container\">\n\t\t\t\t<div class=\"elementor-element elementor-element-iwgw-beaivi-litt elementor-widget elementor-widget-text-editor\" data-id=\"iwgw-beaivi-litt\" data-element_type=\"widget\" data-e-type=\"widget\" data-widget_type=\"text-editor.default\">\n\t\t\t\t\t\t\t\t\t<ul><li><span data-nosnippet>H\u00e5kan Rydving: <em>The End of Drum-Time. Religious Change Among the Lule Saami, 1670s-1740s<\/em> (Uppsala 1993)<\/span><\/li><li>Juha Pentik\u00e4inen: <em>Saamelaiset. Pohjoisen kansan mytologia<\/em> (Helsinki 1995)<\/li><li>Ernst Manker: <em>Die Lappische Zaubertrommel<\/em> (Stockholm 1938-1950)<\/li><li>Johannes Schefferus: <em>Lapponia<\/em> (Frankfurt 1673)<\/li><li>Lars Levi L\u00e6stadius: <em>Fragmenter i lappska mythologien<\/em> (Manuskript ca. 1840)<\/li><li>Anna Lia Berthelsen: <em>The Sami People. Traditions in Transition<\/em> (Fairbanks 2002)<\/li><\/ul>\t\t\t\t\t\t\t\t<\/div>\n\t\t\t\t<\/div>\n\t\t\t\t\t<\/div>\n\t\t\t\t<\/div>\n\t\t<div class=\"elementor-element elementor-element-iwgw-beaivi-kwd e-flex e-con-boxed e-con e-parent\" data-id=\"iwgw-beaivi-kwd\" data-element_type=\"container\" data-e-type=\"container\">\n\t\t\t\t\t<div class=\"e-con-inner\">\n\t\t<div class=\"elementor-element elementor-element-iwgw-beaivi-kwdc e-con-full e-flex e-con e-child\" data-id=\"iwgw-beaivi-kwdc\" data-element_type=\"container\" data-e-type=\"container\">\n\t\t\t\t<div class=\"elementor-element elementor-element-iwgw-beaivi-kwdt elementor-widget elementor-widget-text-editor\" data-id=\"iwgw-beaivi-kwdt\" data-element_type=\"widget\" data-e-type=\"widget\" data-widget_type=\"text-editor.default\">\n\t\t\t\t\t\t\t\t\t<p><em>Aiheeseen liittyv\u00e4t avainsanat: Beaivi P\u00e4ivi Peivve saamelaiset aurinkojumalatar Goavddis Sieidi Noaidi keskikes\u00e4.<\/em><\/p>\t\t\t\t\t\t\t\t<\/div>\n\t\t\t\t<\/div>\n\t\t\t\t\t<\/div>\n\t\t\t\t<\/div>\n\t\t<div class=\"elementor-element elementor-element-iwgw-beaivi-cc e-flex e-con-boxed e-con e-parent\" data-id=\"iwgw-beaivi-cc\" data-element_type=\"container\" data-e-type=\"container\" id=\"iwg-cc-beaivi\">\n\t\t\t\t\t<div class=\"e-con-inner\">\n\t\t<div class=\"elementor-element elementor-element-iwgw-beaivi-ccinner e-flex e-con-boxed e-con e-parent\" data-id=\"iwgw-beaivi-ccinner\" data-element_type=\"container\" data-e-type=\"container\" data-settings=\"{&quot;background_background&quot;:&quot;classic&quot;}\">\n\t\t\t\t\t<div class=\"e-con-inner\">\n\t\t\t\t<div class=\"elementor-element elementor-element-iwgw-beaivi-cch elementor-widget elementor-widget-heading\" data-id=\"iwgw-beaivi-cch\" data-element_type=\"widget\" data-e-type=\"widget\" data-widget_type=\"heading.default\">\n\t\t\t\t\t<h2 class=\"elementor-heading-title elementor-size-default\">iWell Guard ja suojelutraditiot<\/h2>\t\t\t\t<\/div>\n\t\t\t\t<div class=\"elementor-element elementor-element-iwgw-beaivi-cct elementor-widget elementor-widget-text-editor\" data-id=\"iwgw-beaivi-cct\" data-element_type=\"widget\" data-e-type=\"widget\" data-widget_type=\"text-editor.default\">\n\t\t\t\t\t\t\t\t\t<div data-nosnippet=\"true\"><p>iWell Guard jatkaa kannettavien suojaesineiden kulttuurihistoriallista perinnett\u00e4, samaa perinnett\u00e4, jota edustavat <a href=\"https:\/\/iwell-guard.com\/fi\/saamelaiset-noaidi-rumpu\/\">saamelaiset<\/a> ja monet muut kulttuurit ymp\u00e4ri maailmaa. 41 kerrosta, aitoa kultaa, platinaa, hopeaa, valmistettu Saksassa. 30 p\u00e4iv\u00e4n palautusoikeus.<\/p><\/div>\t\t\t\t\t\t\t\t<\/div>\n\t\t\t\t<div class=\"elementor-element elementor-element-iwgw-beaivi-ccb iwg-cc-button iwg-cc-cta-2026-05-13 elementor-widget elementor-widget-jet-button\" data-id=\"iwgw-beaivi-ccb\" data-element_type=\"widget\" data-e-type=\"widget\" data-widget_type=\"jet-button.default\">\n\t\t\t\t<div class=\"elementor-widget-container\">\n\t\t\t\t\t<div class=\"elementor-jet-button jet-elements\"><div class=\"jet-button__container\"><a class=\"jet-button__instance jet-button__instance--icon-left hover-effect-1\" href=\"\/ueber-iwell-guard\/?utm_source=iwell-guard.com&amp;utm_medium=info-box&amp;utm_campaign=wesen-tradition\"><div class=\"jet-button__plane jet-button__plane-normal\"><\/div><div class=\"jet-button__plane jet-button__plane-hover\"><\/div><div class=\"jet-button__state jet-button__state-normal\"><span class=\"jet-button__label\">Lis\u00e4\u00e4 iWell Guardista<\/span><\/div><div class=\"jet-button__state jet-button__state-hover\"><span class=\"jet-button__label\">Lis\u00e4\u00e4 iWell Guardista<\/span><\/div><\/a><\/div><\/div><style>.elementor-element.elementor-element-iwgw-beaivi-ccb .jet-button__instance{width:320px;height:56px;}.elementor-element.elementor-element-iwgw-beaivi-ccb .jet-button__state-normal .jet-button__label{text-align:center;margin:0px 0px 0px 0px;color:#1a1b20;font-family:Montserrat,sans-serif;font-size:13px;font-weight:400;letter-spacing:4px;line-height:1.714em;text-transform:uppercase;}.elementor-element.elementor-element-iwgw-beaivi-ccb .jet-button__state-hover .jet-button__label{text-align:center;margin:0px 0px 0px 0px;color:#FECC76;font-family:Montserrat,sans-serif;font-size:13px;font-weight:400;letter-spacing:4px;line-height:1.714em;text-transform:uppercase;}.elementor-element.elementor-element-iwgw-beaivi-ccb .jet-button__plane-normal{background-color:#FECC76;border-style:solid;border-color:#C99540;border-width:2px 2px 2px 2px;}.elementor-element.elementor-element-iwgw-beaivi-ccb .jet-button__plane-hover{background-color:rgba(0,0,0,0.55);border-style:solid;border-color:#FECC76;border-width:2px 2px 2px 2px;}<\/style>\t\t\t\t<\/div>\n\t\t\t\t<\/div>\n\t\t\t\t<div class=\"elementor-element elementor-element-iwgw-beaivi-ccd elementor-widget elementor-widget-text-editor\" data-id=\"iwgw-beaivi-ccd\" data-element_type=\"widget\" data-e-type=\"widget\" data-widget_type=\"text-editor.default\">\n\t\t\t\t\t\t\t\t\t<div data-nosnippet=\"true\"><p style=\"text-align:center;font-size:13px;opacity:0.7;margin-top:14px\" data-nosnippet=\"true\">Henkil\u00f6kohtaiset kokemukset voivat vaihdella. Ei l\u00e4\u00e4kinn\u00e4llinen laite. Ei paranemislupausta.<\/p><\/div>\t\t\t\t\t\t\t\t<\/div>\n\t\t\t\t\t<\/div>\n\t\t\t\t<\/div>\n\t\t\t\t\t<\/div>\n\t\t\t\t<\/div>\n\t\t<div class=\"elementor-element elementor-element-iwgw-beaivi-disc e-flex e-con-boxed e-con e-parent\" data-id=\"iwgw-beaivi-disc\" data-element_type=\"container\" data-e-type=\"container\">\n\t\t\t\t\t<div class=\"e-con-inner\">\n\t\t\t\t<div class=\"elementor-element elementor-element-iwgw-beaivi-discw elementor-widget elementor-widget-html\" data-id=\"iwgw-beaivi-discw\" data-element_type=\"widget\" data-e-type=\"widget\" data-widget_type=\"html.default\">\n\t\t\t\t\t<footer data-nosnippet=\"true\" class=\"iwg-disclaimer-block\"><p data-nosnippet=\"true\">iWell Guard <strong>ei ole l\u00e4\u00e4kinn\u00e4llinen laite<\/strong>, eik\u00e4 se korvaa l\u00e4\u00e4k\u00e4rin tai psykoterapeutin hoitoa. Uskontotieteelliset sis\u00e4ll\u00f6t ovat kulttuurihistoriallista tarkastelua, ei suositus hengelliseen k\u00e4yt\u00e4nt\u00f6\u00f6n.<\/p><\/footer>\t\t\t\t<\/div>\n\t\t\t\t\t<\/div>\n\t\t\t\t<\/div>\n\t\t\t\t<\/div>\n\t\t","protected":false},"excerpt":{"rendered":"","protected":false},"author":3,"featured_media":2890,"parent":0,"menu_order":0,"comment_status":"closed","ping_status":"closed","template":"elementor_header_footer","meta":{"_yoast_wpseo_focuskw":"Beaivi saamelainen aurinkojumalatar","_yoast_wpseo_title":"Beaivi \u2013 saamelaisten aurinkojumalatar ja el\u00e4m\u00e4n antaja","_yoast_wpseo_metadesc":"Beaivi on saamelaisten aurinkojumalatar ja el\u00e4m\u00e4n \u00e4iti. Uskontotieteellinen tarkastelu esikristillisest\u00e4 saamelaisesta uskonnosta.","_yoast_wpseo_meta-robots-noindex":"","_yoast_wpseo_canonical":"","_angie_page":false,"gefaehrdungsstufe":"","wesen_kultur":"","wesen_klasse":"","footnotes":""},"categories":[],"class_list":["post-144244","page","type-page","status-publish","has-post-thumbnail","hentry"],"yoast_head":"<!-- This site is optimized with the Yoast SEO Premium plugin v27.7 (Yoast SEO v28.3) - https:\/\/yoast.com\/product\/yoast-seo-premium-wordpress\/ -->\n<title>Beaivi \u2013 saamelaisten aurinkojumalatar ja el\u00e4m\u00e4n antaja<\/title>\n<meta name=\"description\" content=\"Beaivi on saamelaisten aurinkojumalatar ja el\u00e4m\u00e4n \u00e4iti. Uskontotieteellinen tarkastelu esikristillisest\u00e4 saamelaisesta uskonnosta.\" \/>\n<meta name=\"robots\" content=\"index, follow, max-snippet:-1, max-image-preview:large, max-video-preview:-1\" \/>\n<link rel=\"canonical\" href=\"https:\/\/iwell-guard.com\/fi\/beaivi-saamelaisten-aurinkojumalatar\/\" \/>\n<meta property=\"og:locale\" content=\"fi_FI\" \/>\n<meta property=\"og:type\" content=\"article\" \/>\n<meta property=\"og:title\" content=\"Beaivi \u2013 saamelaisten aurinkojumalatar\" \/>\n<meta property=\"og:description\" content=\"Beaivi on saamelaisten aurinkojumalatar ja el\u00e4m\u00e4n \u00e4iti. Uskontotieteellinen tarkastelu esikristillisest\u00e4 saamelaisesta uskonnosta.\" \/>\n<meta property=\"og:url\" content=\"https:\/\/iwell-guard.com\/fi\/beaivi-saamelaisten-aurinkojumalatar\/\" \/>\n<meta property=\"og:site_name\" content=\"iWell Guard\" \/>\n<meta property=\"article:modified_time\" content=\"2026-09-03T12:54:20+00:00\" \/>\n<meta property=\"og:image\" content=\"https:\/\/iwell-guard.com\/wp-content\/uploads\/2026\/05\/goetter_sami_beaivi.webp\" \/>\n\t<meta property=\"og:image:width\" content=\"1024\" \/>\n\t<meta property=\"og:image:height\" content=\"1536\" \/>\n\t<meta property=\"og:image:type\" content=\"image\/webp\" \/>\n<meta name=\"twitter:card\" content=\"summary_large_image\" \/>\n<script type=\"application\/ld+json\" class=\"yoast-schema-graph\">{\"@context\":\"https:\\\/\\\/schema.org\",\"@graph\":[{\"@type\":\"WebPage\",\"@id\":\"https:\\\/\\\/iwell-guard.com\\\/fi\\\/beaivi-saamelaisten-aurinkojumalatar\\\/\",\"url\":\"https:\\\/\\\/iwell-guard.com\\\/fi\\\/beaivi-saamelaisten-aurinkojumalatar\\\/\",\"name\":\"Beaivi \u2013 saamelaisten aurinkojumalatar ja el\u00e4m\u00e4n antaja\",\"isPartOf\":{\"@id\":\"https:\\\/\\\/iwell-guard.com\\\/fi\\\/#website\"},\"primaryImageOfPage\":{\"@id\":\"https:\\\/\\\/iwell-guard.com\\\/fi\\\/beaivi-saamelaisten-aurinkojumalatar\\\/#primaryimage\"},\"image\":{\"@id\":\"https:\\\/\\\/iwell-guard.com\\\/fi\\\/beaivi-saamelaisten-aurinkojumalatar\\\/#primaryimage\"},\"thumbnailUrl\":\"https:\\\/\\\/iwell-guard.com\\\/wp-content\\\/uploads\\\/2026\\\/05\\\/goetter_sami_beaivi.webp\",\"datePublished\":\"2026-09-03T12:33:28+00:00\",\"dateModified\":\"2026-09-03T12:54:20+00:00\",\"description\":\"Beaivi on saamelaisten aurinkojumalatar ja el\u00e4m\u00e4n \u00e4iti. Uskontotieteellinen tarkastelu esikristillisest\u00e4 saamelaisesta uskonnosta.\",\"breadcrumb\":{\"@id\":\"https:\\\/\\\/iwell-guard.com\\\/fi\\\/beaivi-saamelaisten-aurinkojumalatar\\\/#breadcrumb\"},\"inLanguage\":\"fi\",\"potentialAction\":[{\"@type\":\"ReadAction\",\"target\":[\"https:\\\/\\\/iwell-guard.com\\\/fi\\\/beaivi-saamelaisten-aurinkojumalatar\\\/\"]}]},{\"@type\":\"ImageObject\",\"inLanguage\":\"fi\",\"@id\":\"https:\\\/\\\/iwell-guard.com\\\/fi\\\/beaivi-saamelaisten-aurinkojumalatar\\\/#primaryimage\",\"url\":\"https:\\\/\\\/iwell-guard.com\\\/wp-content\\\/uploads\\\/2026\\\/05\\\/goetter_sami_beaivi.webp\",\"contentUrl\":\"https:\\\/\\\/iwell-guard.com\\\/wp-content\\\/uploads\\\/2026\\\/05\\\/goetter_sami_beaivi.webp\",\"width\":1024,\"height\":1536,\"caption\":\"Jumalia saamelaisesta perinteest\u00e4.\"},{\"@type\":\"BreadcrumbList\",\"@id\":\"https:\\\/\\\/iwell-guard.com\\\/fi\\\/beaivi-saamelaisten-aurinkojumalatar\\\/#breadcrumb\",\"itemListElement\":[{\"@type\":\"ListItem\",\"position\":1,\"name\":\"Start\",\"item\":\"https:\\\/\\\/iwell-guard.com\\\/fi\\\/?page_id=143815\"},{\"@type\":\"ListItem\",\"position\":2,\"name\":\"Beaivi \u2013 saamelaisten aurinkojumalatar\"}]},{\"@type\":\"WebSite\",\"@id\":\"https:\\\/\\\/iwell-guard.com\\\/fi\\\/#website\",\"url\":\"https:\\\/\\\/iwell-guard.com\\\/fi\\\/\",\"name\":\"iWell Guard\",\"description\":\"Schutz vor dunklen Einfl\u00fcssen\",\"publisher\":{\"@id\":\"https:\\\/\\\/iwell-guard.com\\\/fi\\\/#organization\"},\"potentialAction\":[{\"@type\":\"SearchAction\",\"target\":{\"@type\":\"EntryPoint\",\"urlTemplate\":\"https:\\\/\\\/iwell-guard.com\\\/fi\\\/?s={search_term_string}\"},\"query-input\":{\"@type\":\"PropertyValueSpecification\",\"valueRequired\":true,\"valueName\":\"search_term_string\"}}],\"inLanguage\":\"fi\"},{\"@type\":\"Organization\",\"@id\":\"https:\\\/\\\/iwell-guard.com\\\/fi\\\/#organization\",\"name\":\"Ittermann electronic GmbH\",\"url\":\"https:\\\/\\\/iwell-guard.com\\\/fi\\\/\",\"logo\":{\"@type\":\"ImageObject\",\"inLanguage\":\"fi\",\"@id\":\"https:\\\/\\\/iwell-guard.com\\\/fi\\\/#\\\/schema\\\/logo\\\/image\\\/\",\"url\":\"https:\\\/\\\/iwell-guard.com\\\/wp-content\\\/uploads\\\/2026\\\/05\\\/Ittermann-Logo-1182x237-1.png\",\"contentUrl\":\"https:\\\/\\\/iwell-guard.com\\\/wp-content\\\/uploads\\\/2026\\\/05\\\/Ittermann-Logo-1182x237-1.png\",\"width\":1182,\"height\":237,\"caption\":\"Ittermann electronic GmbH\"},\"image\":{\"@id\":\"https:\\\/\\\/iwell-guard.com\\\/fi\\\/#\\\/schema\\\/logo\\\/image\\\/\"},\"sameAs\":[\"https:\\\/\\\/pantip.com\\\/profile\\\/9367242\",\"https:\\\/\\\/micro.blog\\\/iwellguard\",\"https:\\\/\\\/www.diggerslist.com\\\/iwellguard\\\/about\",\"https:\\\/\\\/skitterphoto.com\\\/photographers\\\/2870314\\\/iwell-guard\",\"https:\\\/\\\/iwellguard.wordpress.com\\\/2026\\\/06\\\/06\\\/iwell-guard\\\/\",\"https:\\\/\\\/hub.docker.com\\\/u\\\/iwellguard\",\"https:\\\/\\\/www.pinterest.com\\\/iwellguard\\\/\",\"https:\\\/\\\/bit.ly\\\/m\\\/iwellguard\",\"https:\\\/\\\/entre-vos-mains.alsace.eu\\\/profiles\\\/iwellguard\\\/activity\",\"https:\\\/\\\/gravatar.com\\\/reallybeded8fd34\",\"https:\\\/\\\/naijamatta.com\\\/iwellguard\",\"https:\\\/\\\/www.goodreads.com\\\/iwellguard\",\"https:\\\/\\\/profile.hatena.ne.jp\\\/iwellguard\\\/\",\"https:\\\/\\\/experiment.com\\\/users\\\/iwellguard\",\"https:\\\/\\\/wakelet.com\\\/@iWellGuard82270\",\"https:\\\/\\\/www.chordie.com\\\/forum\\\/profile.php?id=2555664\",\"https:\\\/\\\/www.instapaper.com\\\/p\\\/17757966\",\"https:\\\/\\\/www.mapleprimes.com\\\/users\\\/iwellguard\",\"https:\\\/\\\/businesslistingplus.com\\\/profile\\\/iwell-guard\\\/\",\"https:\\\/\\\/telegra.ph\\\/iWell-Guard-06-06\",\"https:\\\/\\\/pbase.com\\\/iwellguard\\\/iwellguard\",\"https:\\\/\\\/b.hatena.ne.jp\\\/iwellguard\\\/20260607#bookmark-4788405196491818882\",\"https:\\\/\\\/fliphtml5.com\\\/home\\\/iwellguard\",\"https:\\\/\\\/anyflip.com\\\/homepage\\\/cmiwl#About\",\"https:\\\/\\\/transfur.com\\\/Users\\\/iwellguard\",\"http:\\\/\\\/delphi.larsbo.org\\\/user\\\/iwellguard\",\"https:\\\/\\\/jobs.lajobsportal.org\\\/profiles\\\/8380803-iwell-guard\",\"https:\\\/\\\/md.chaosdorf.de\\\/s\\\/jfbe5SBdJD\",\"https:\\\/\\\/www.lingvolive.com\\\/en-us\\\/profile\\\/9ecaeaca-ce11-4e51-9e71-01d55e2bff36\\\/translations\",\"https:\\\/\\\/www.fitday.com\\\/fitness\\\/forums\\\/members\\\/iwellguard.html\",\"https:\\\/\\\/www.mymeetbook.com\\\/iwellguard\",\"https:\\\/\\\/pxhere.com\\\/en\\\/photographer-me\\\/5040798\",\"https:\\\/\\\/disqus.com\\\/by\\\/iwellguard\\\/about\\\/\",\"https:\\\/\\\/pastelink.net\\\/hjwciqwq\",\"https:\\\/\\\/pubhtml5.com\\\/homepage\\\/scjhn\\\/\",\"https:\\\/\\\/www.bitchute.com\\\/channel\\\/2O2eOKzNqujT\",\"https:\\\/\\\/audiomack.com\\\/iwellguard\"]}]}<\/script>\n<!-- \/ Yoast SEO Premium plugin. -->","yoast_head_json":{"title":"Beaivi \u2013 saamelaisten aurinkojumalatar ja el\u00e4m\u00e4n antaja","description":"Beaivi on saamelaisten aurinkojumalatar ja el\u00e4m\u00e4n \u00e4iti. Uskontotieteellinen tarkastelu esikristillisest\u00e4 saamelaisesta uskonnosta.","robots":{"index":"index","follow":"follow","max-snippet":"max-snippet:-1","max-image-preview":"max-image-preview:large","max-video-preview":"max-video-preview:-1"},"canonical":"https:\/\/iwell-guard.com\/fi\/beaivi-saamelaisten-aurinkojumalatar\/","og_locale":"fi_FI","og_type":"article","og_title":"Beaivi \u2013 saamelaisten aurinkojumalatar","og_description":"Beaivi on saamelaisten aurinkojumalatar ja el\u00e4m\u00e4n \u00e4iti. Uskontotieteellinen tarkastelu esikristillisest\u00e4 saamelaisesta uskonnosta.","og_url":"https:\/\/iwell-guard.com\/fi\/beaivi-saamelaisten-aurinkojumalatar\/","og_site_name":"iWell Guard","article_modified_time":"2026-09-03T12:54:20+00:00","og_image":[{"width":1024,"height":1536,"url":"https:\/\/iwell-guard.com\/wp-content\/uploads\/2026\/05\/goetter_sami_beaivi.webp","type":"image\/webp"}],"twitter_card":"summary_large_image","schema":{"@context":"https:\/\/schema.org","@graph":[{"@type":"WebPage","@id":"https:\/\/iwell-guard.com\/fi\/beaivi-saamelaisten-aurinkojumalatar\/","url":"https:\/\/iwell-guard.com\/fi\/beaivi-saamelaisten-aurinkojumalatar\/","name":"Beaivi \u2013 saamelaisten aurinkojumalatar ja el\u00e4m\u00e4n antaja","isPartOf":{"@id":"https:\/\/iwell-guard.com\/fi\/#website"},"primaryImageOfPage":{"@id":"https:\/\/iwell-guard.com\/fi\/beaivi-saamelaisten-aurinkojumalatar\/#primaryimage"},"image":{"@id":"https:\/\/iwell-guard.com\/fi\/beaivi-saamelaisten-aurinkojumalatar\/#primaryimage"},"thumbnailUrl":"https:\/\/iwell-guard.com\/wp-content\/uploads\/2026\/05\/goetter_sami_beaivi.webp","datePublished":"2026-09-03T12:33:28+00:00","dateModified":"2026-09-03T12:54:20+00:00","description":"Beaivi on saamelaisten aurinkojumalatar ja el\u00e4m\u00e4n \u00e4iti. Uskontotieteellinen tarkastelu esikristillisest\u00e4 saamelaisesta uskonnosta.","breadcrumb":{"@id":"https:\/\/iwell-guard.com\/fi\/beaivi-saamelaisten-aurinkojumalatar\/#breadcrumb"},"inLanguage":"fi","potentialAction":[{"@type":"ReadAction","target":["https:\/\/iwell-guard.com\/fi\/beaivi-saamelaisten-aurinkojumalatar\/"]}]},{"@type":"ImageObject","inLanguage":"fi","@id":"https:\/\/iwell-guard.com\/fi\/beaivi-saamelaisten-aurinkojumalatar\/#primaryimage","url":"https:\/\/iwell-guard.com\/wp-content\/uploads\/2026\/05\/goetter_sami_beaivi.webp","contentUrl":"https:\/\/iwell-guard.com\/wp-content\/uploads\/2026\/05\/goetter_sami_beaivi.webp","width":1024,"height":1536,"caption":"Jumalia saamelaisesta perinteest\u00e4."},{"@type":"BreadcrumbList","@id":"https:\/\/iwell-guard.com\/fi\/beaivi-saamelaisten-aurinkojumalatar\/#breadcrumb","itemListElement":[{"@type":"ListItem","position":1,"name":"Start","item":"https:\/\/iwell-guard.com\/fi\/?page_id=143815"},{"@type":"ListItem","position":2,"name":"Beaivi \u2013 saamelaisten aurinkojumalatar"}]},{"@type":"WebSite","@id":"https:\/\/iwell-guard.com\/fi\/#website","url":"https:\/\/iwell-guard.com\/fi\/","name":"iWell Guard","description":"Schutz vor dunklen Einfl\u00fcssen","publisher":{"@id":"https:\/\/iwell-guard.com\/fi\/#organization"},"potentialAction":[{"@type":"SearchAction","target":{"@type":"EntryPoint","urlTemplate":"https:\/\/iwell-guard.com\/fi\/?s={search_term_string}"},"query-input":{"@type":"PropertyValueSpecification","valueRequired":true,"valueName":"search_term_string"}}],"inLanguage":"fi"},{"@type":"Organization","@id":"https:\/\/iwell-guard.com\/fi\/#organization","name":"Ittermann electronic GmbH","url":"https:\/\/iwell-guard.com\/fi\/","logo":{"@type":"ImageObject","inLanguage":"fi","@id":"https:\/\/iwell-guard.com\/fi\/#\/schema\/logo\/image\/","url":"https:\/\/iwell-guard.com\/wp-content\/uploads\/2026\/05\/Ittermann-Logo-1182x237-1.png","contentUrl":"https:\/\/iwell-guard.com\/wp-content\/uploads\/2026\/05\/Ittermann-Logo-1182x237-1.png","width":1182,"height":237,"caption":"Ittermann electronic GmbH"},"image":{"@id":"https:\/\/iwell-guard.com\/fi\/#\/schema\/logo\/image\/"},"sameAs":["https:\/\/pantip.com\/profile\/9367242","https:\/\/micro.blog\/iwellguard","https:\/\/www.diggerslist.com\/iwellguard\/about","https:\/\/skitterphoto.com\/photographers\/2870314\/iwell-guard","https:\/\/iwellguard.wordpress.com\/2026\/06\/06\/iwell-guard\/","https:\/\/hub.docker.com\/u\/iwellguard","https:\/\/www.pinterest.com\/iwellguard\/","https:\/\/bit.ly\/m\/iwellguard","https:\/\/entre-vos-mains.alsace.eu\/profiles\/iwellguard\/activity","https:\/\/gravatar.com\/reallybeded8fd34","https:\/\/naijamatta.com\/iwellguard","https:\/\/www.goodreads.com\/iwellguard","https:\/\/profile.hatena.ne.jp\/iwellguard\/","https:\/\/experiment.com\/users\/iwellguard","https:\/\/wakelet.com\/@iWellGuard82270","https:\/\/www.chordie.com\/forum\/profile.php?id=2555664","https:\/\/www.instapaper.com\/p\/17757966","https:\/\/www.mapleprimes.com\/users\/iwellguard","https:\/\/businesslistingplus.com\/profile\/iwell-guard\/","https:\/\/telegra.ph\/iWell-Guard-06-06","https:\/\/pbase.com\/iwellguard\/iwellguard","https:\/\/b.hatena.ne.jp\/iwellguard\/20260607#bookmark-4788405196491818882","https:\/\/fliphtml5.com\/home\/iwellguard","https:\/\/anyflip.com\/homepage\/cmiwl#About","https:\/\/transfur.com\/Users\/iwellguard","http:\/\/delphi.larsbo.org\/user\/iwellguard","https:\/\/jobs.lajobsportal.org\/profiles\/8380803-iwell-guard","https:\/\/md.chaosdorf.de\/s\/jfbe5SBdJD","https:\/\/www.lingvolive.com\/en-us\/profile\/9ecaeaca-ce11-4e51-9e71-01d55e2bff36\/translations","https:\/\/www.fitday.com\/fitness\/forums\/members\/iwellguard.html","https:\/\/www.mymeetbook.com\/iwellguard","https:\/\/pxhere.com\/en\/photographer-me\/5040798","https:\/\/disqus.com\/by\/iwellguard\/about\/","https:\/\/pastelink.net\/hjwciqwq","https:\/\/pubhtml5.com\/homepage\/scjhn\/","https:\/\/www.bitchute.com\/channel\/2O2eOKzNqujT","https:\/\/audiomack.com\/iwellguard"]}]}},"_links":{"self":[{"href":"https:\/\/iwell-guard.com\/fi\/wp-json\/wp\/v2\/pages\/144244","targetHints":{"allow":["GET"]}}],"collection":[{"href":"https:\/\/iwell-guard.com\/fi\/wp-json\/wp\/v2\/pages"}],"about":[{"href":"https:\/\/iwell-guard.com\/fi\/wp-json\/wp\/v2\/types\/page"}],"author":[{"embeddable":true,"href":"https:\/\/iwell-guard.com\/fi\/wp-json\/wp\/v2\/users\/3"}],"replies":[{"embeddable":true,"href":"https:\/\/iwell-guard.com\/fi\/wp-json\/wp\/v2\/comments?post=144244"}],"version-history":[{"count":0,"href":"https:\/\/iwell-guard.com\/fi\/wp-json\/wp\/v2\/pages\/144244\/revisions"}],"wp:featuredmedia":[{"embeddable":true,"href":"https:\/\/iwell-guard.com\/fi\/wp-json\/wp\/v2\/media\/2890"}],"wp:attachment":[{"href":"https:\/\/iwell-guard.com\/fi\/wp-json\/wp\/v2\/media?parent=144244"}],"wp:term":[{"taxonomy":"category","embeddable":true,"href":"https:\/\/iwell-guard.com\/fi\/wp-json\/wp\/v2\/categories?post=144244"}],"curies":[{"name":"wp","href":"https:\/\/api.w.org\/{rel}","templated":true}]}}