{"id":144238,"date":"2026-09-03T12:33:24","date_gmt":"2026-09-03T12:33:24","guid":{"rendered":"https:\/\/iwell-guard.com\/?page_id=144238"},"modified":"2026-09-03T12:54:10","modified_gmt":"2026-09-03T12:54:10","slug":"anguta-sednan-isa-ja-manalan-vartija","status":"publish","type":"page","link":"https:\/\/iwell-guard.com\/fi\/anguta-sednan-isa-ja-manalan-vartija\/","title":{"rendered":"Anguta \u2013 Sednan is\u00e4 ja manalan vartija"},"content":{"rendered":"\t\t<div data-elementor-type=\"wp-page\" data-elementor-id=\"144238\" class=\"elementor elementor-144238 elementor-2658 elementor-bc-flex-widget\" data-elementor-post-type=\"page\">\n\t\t\t\t<div class=\"elementor-element elementor-element-iwgw-anguta-hero e-flex e-con-boxed e-con e-parent\" data-id=\"iwgw-anguta-hero\" data-element_type=\"container\" data-e-type=\"container\" data-settings=\"{&quot;background_background&quot;:&quot;classic&quot;}\">\n\t\t\t\t\t<div class=\"e-con-inner\">\n\t\t<div class=\"elementor-element elementor-element-iwgw-anguta-hl e-flex e-con-boxed e-con e-child\" data-id=\"iwgw-anguta-hl\" data-element_type=\"container\" data-e-type=\"container\">\n\t\t\t\t\t<div class=\"e-con-inner\">\n\t\t<div class=\"elementor-element elementor-element-iwgw-anguta-htxt e-con-full e-flex e-con e-child\" data-id=\"iwgw-anguta-htxt\" data-element_type=\"container\" data-e-type=\"container\">\n\t\t\t\t<div class=\"elementor-element elementor-element-iwgw-anguta-h1 elementor-widget elementor-widget-heading\" data-id=\"iwgw-anguta-h1\" data-element_type=\"widget\" data-e-type=\"widget\" data-widget_type=\"heading.default\">\n\t\t\t\t\t<h1 class=\"elementor-heading-title elementor-size-default\">Anguta \u2013 merenherrattaren is\u00e4 ja vainajien vartija inuiittien mytologiassa<\/h1>\t\t\t\t<\/div>\n\t\t\t\t<div class=\"elementor-element elementor-element-iwgw-anguta-lead elementor-widget elementor-widget-text-editor\" data-id=\"iwgw-anguta-lead\" data-element_type=\"widget\" data-e-type=\"widget\" data-widget_type=\"text-editor.default\">\n\t\t\t\t\t\t\t\t\t<p>Anguta tunnetaan keskisen arktisen alueen inuiittiperinteess\u00e4 merenherratar <a href=\"https:\/\/iwell-guard.com\/fi\/?page_id=144234\">Sednan<\/a> is\u00e4n\u00e4 ja vainajien vartijana Adlivunin manalassa. H\u00e4nen hahmonsa on kietoutunut tiiviisti Sedna-<span class=\"iwg-fachbegriff\" data-tooltip=\"Perinteinen kertomus jumalista, alkuper\u00e4st\u00e4 ja maailman j\u00e4rjestyksest\u00e4.\" tabindex=\"0\">myyttiin<\/span>, mutta h\u00e4nell\u00e4 on omat uskonnolliset teht\u00e4v\u00e4ns\u00e4 vainajien maailmassa, joita on syyt\u00e4 tarkastella uskontotieteellisesti itsen\u00e4isesti.<\/p>\t\t\t\t\t\t\t\t<\/div>\n\t\t\t\t<\/div>\n\t\t<div class=\"elementor-element elementor-element-iwgw-anguta-pillc e-con-full e-flex e-con e-child\" data-id=\"iwgw-anguta-pillc\" data-element_type=\"container\" data-e-type=\"container\">\n\t\t\t\t<div class=\"elementor-element elementor-element-iwgw-anguta-pills elementor-widget elementor-widget-html\" data-id=\"iwgw-anguta-pills\" data-element_type=\"widget\" data-e-type=\"widget\" data-widget_type=\"html.default\">\n\t\t\t\t\t<div class=\"iwg-pill-row\"><span class=\"iwg-klasse-badge\" tabindex=\"0\" data-tooltip=\"Inuiittiperinteen vainajahenget.\">Vainajahenget<\/span><a href=\"https:\/\/iwell-guard.com\/fi\/inuit-ja-arktis-sedna-tornit\/\" class=\"iwg-kultur-badge\" tabindex=\"0\" data-tooltip=\"Inuiittiperinteen mytologiaa.\">Inuiitit<\/a><span class=\"iwg-tradition-badge\" tabindex=\"0\" data-tooltip=\"Vainajien vartija.\">Vainajien vartija<\/span><\/div>\t\t\t\t<\/div>\n\t\t\t\t<\/div>\n\t\t<div class=\"elementor-element elementor-element-iwgw-anguta-tocc e-con-full e-flex e-con e-child\" data-id=\"iwgw-anguta-tocc\" data-element_type=\"container\" data-e-type=\"container\">\n\t\t\t\t<div class=\"elementor-element elementor-element-iwgw-anguta-toc elementor-toc--minimized-on-tablet elementor-widget elementor-widget-table-of-contents\" data-id=\"iwgw-anguta-toc\" data-element_type=\"widget\" data-e-type=\"widget\" data-settings=\"{&quot;headings_by_tags&quot;:[&quot;h2&quot;,&quot;h3&quot;],&quot;minimize_box&quot;:&quot;yes&quot;,&quot;marker_view&quot;:&quot;bullets&quot;,&quot;no_headings_message&quot;:&quot;T\\u00e4lt\\u00e4 sivulta ei l\\u00f6ytynyt otsikoita.&quot;,&quot;exclude_headings_by_selector&quot;:[],&quot;icon&quot;:{&quot;value&quot;:&quot;fas fa-circle&quot;,&quot;library&quot;:&quot;fa-solid&quot;,&quot;rendered_tag&quot;:&quot;&lt;svg class=\\&quot;e-font-icon-svg e-fas-circle\\&quot; viewBox=\\&quot;0 0 512 512\\&quot; xmlns=\\&quot;http:\\\/\\\/www.w3.org\\\/2000\\\/svg\\&quot;&gt;&lt;path d=\\&quot;M256 8C119 8 8 119 8 256s111 248 248 248 248-111 248-248S393 8 256 8z\\&quot;&gt;&lt;\\\/path&gt;&lt;\\\/svg&gt;&quot;},&quot;minimized_on&quot;:&quot;tablet&quot;,&quot;hierarchical_view&quot;:&quot;yes&quot;,&quot;min_height&quot;:{&quot;unit&quot;:&quot;px&quot;,&quot;size&quot;:&quot;&quot;,&quot;sizes&quot;:[]},&quot;min_height_tablet&quot;:{&quot;unit&quot;:&quot;px&quot;,&quot;size&quot;:&quot;&quot;,&quot;sizes&quot;:[]},&quot;min_height_mobile&quot;:{&quot;unit&quot;:&quot;px&quot;,&quot;size&quot;:&quot;&quot;,&quot;sizes&quot;:[]}}\" data-widget_type=\"table-of-contents.default\">\n\t\t\t\t\t\t\t\t\t<div class=\"elementor-toc__header\">\n\t\t\t\t\t\t<h2 class=\"elementor-toc__header-title\">\n\t\t\t\tSis\u00e4llysluettelo\t\t\t<\/h2>\n\t\t\t\t\t\t\t\t\t\t<div class=\"elementor-toc__toggle-button elementor-toc__toggle-button--expand\" role=\"button\" tabindex=\"0\" aria-controls=\"elementor-toc__iwgw-anguta-toc\" aria-expanded=\"true\" aria-label=\"Open table of contents\"><svg aria-hidden=\"true\" class=\"e-font-icon-svg e-fas-chevron-down\" viewBox=\"0 0 448 512\" xmlns=\"http:\/\/www.w3.org\/2000\/svg\"><path d=\"M207.029 381.476L12.686 187.132c-9.373-9.373-9.373-24.569 0-33.941l22.667-22.667c9.357-9.357 24.522-9.375 33.901-.04L224 284.505l154.745-154.021c9.379-9.335 24.544-9.317 33.901.04l22.667 22.667c9.373 9.373 9.373 24.569 0 33.941L240.971 381.476c-9.373 9.372-24.569 9.372-33.942 0z\"><\/path><\/svg><\/div>\n\t\t\t\t<div class=\"elementor-toc__toggle-button elementor-toc__toggle-button--collapse\" role=\"button\" tabindex=\"0\" aria-controls=\"elementor-toc__iwgw-anguta-toc\" aria-expanded=\"true\" aria-label=\"Close table of contents\"><svg aria-hidden=\"true\" class=\"e-font-icon-svg e-fas-chevron-up\" viewBox=\"0 0 448 512\" xmlns=\"http:\/\/www.w3.org\/2000\/svg\"><path d=\"M240.971 130.524l194.343 194.343c9.373 9.373 9.373 24.569 0 33.941l-22.667 22.667c-9.357 9.357-24.522 9.375-33.901.04L224 227.495 69.255 381.516c-9.379 9.335-24.544 9.317-33.901-.04l-22.667-22.667c-9.373-9.373-9.373-24.569 0-33.941L207.03 130.525c9.372-9.373 24.568-9.373 33.941-.001z\"><\/path><\/svg><\/div>\n\t\t\t\t\t<\/div>\n\t\t\t\t<div id=\"elementor-toc__iwgw-anguta-toc\" class=\"elementor-toc__body\">\n\t\t\t<div class=\"elementor-toc__spinner-container\">\n\t\t\t\t<svg class=\"elementor-toc__spinner eicon-animation-spin e-font-icon-svg e-eicon-loading\" aria-hidden=\"true\" viewBox=\"0 0 1000 1000\" xmlns=\"http:\/\/www.w3.org\/2000\/svg\"><path d=\"M500 975V858C696 858 858 696 858 500S696 142 500 142 142 304 142 500H25C25 237 238 25 500 25S975 237 975 500 763 975 500 975Z\"><\/path><\/svg>\t\t\t<\/div>\n\t\t<\/div>\n\t\t\t\t\t\t<\/div>\n\t\t\t\t<\/div>\n\t\t\t\t\t<\/div>\n\t\t\t\t<\/div>\n\t\t<div class=\"elementor-element elementor-element-iwgw-anguta-hr e-con-full e-flex e-con e-child\" data-id=\"iwgw-anguta-hr\" data-element_type=\"container\" data-e-type=\"container\">\n\t\t\t\t<div class=\"elementor-element elementor-element-iwgw-anguta-heroimg iwg-hero-image elementor-widget elementor-widget-image\" data-id=\"iwgw-anguta-heroimg\" data-element_type=\"widget\" data-e-type=\"widget\" data-widget_type=\"image.default\">\n\t\t\t\t\t\t\t\t\t\t\t\t\t\t\t<img fetchpriority=\"high\" decoding=\"async\" width=\"683\" height=\"1024\" src=\"https:\/\/iwell-guard.com\/wp-content\/uploads\/2026\/05\/geister_inuit_anguta-683x1024.webp\" class=\"attachment-large size-large wp-image-148766\" alt=\"Anguta - henkiolentoja inuiittiperinteest\u00e4, historiallis-havainnollistava\" srcset=\"https:\/\/iwell-guard.com\/wp-content\/uploads\/2026\/05\/geister_inuit_anguta-683x1024.webp 683w, https:\/\/iwell-guard.com\/wp-content\/uploads\/2026\/05\/geister_inuit_anguta-200x300.webp 200w, https:\/\/iwell-guard.com\/wp-content\/uploads\/2026\/05\/geister_inuit_anguta-768x1152.webp 768w, https:\/\/iwell-guard.com\/wp-content\/uploads\/2026\/05\/geister_inuit_anguta.webp 1024w\" sizes=\"(max-width: 683px) 100vw, 683px\" \/>\t\t\t\t\t\t\t\t\t\t\t\t\t\t\t<\/div>\n\t\t\t\t<\/div>\n\t\t\t\t\t<\/div>\n\t\t\t\t<\/div>\n\t\t<div class=\"elementor-element elementor-element-iwgw-anguta-s0 e-flex e-con-boxed e-con e-parent\" data-id=\"iwgw-anguta-s0\" data-element_type=\"container\" data-e-type=\"container\">\n\t\t\t\t\t<div class=\"e-con-inner\">\n\t\t\t\t<div class=\"elementor-element elementor-element-iwgw-anguta-s0h elementor-widget elementor-widget-heading\" data-id=\"iwgw-anguta-s0h\" data-element_type=\"widget\" data-e-type=\"widget\" data-widget_type=\"heading.default\">\n\t\t\t\t\t<h2 class=\"elementor-heading-title elementor-size-default\">Tarkastelu ja lyhyt profiili<\/h2>\t\t\t\t<\/div>\n\t\t<div class=\"elementor-element elementor-element-iwgw-anguta-s0c e-con-full e-flex e-con e-child\" data-id=\"iwgw-anguta-s0c\" data-element_type=\"container\" data-e-type=\"container\">\n\t\t\t\t<div class=\"elementor-element elementor-element-iwgw-anguta-s0t elementor-widget elementor-widget-text-editor\" data-id=\"iwgw-anguta-s0t\" data-element_type=\"widget\" data-e-type=\"widget\" data-widget_type=\"text-editor.default\">\n\t\t\t\t\t\t\t\t\t<p>Anguta on Sednan miespuolinen vastinpari. H\u00e4nen nimens\u00e4 tarkoittaa inuktitutin kieless\u00e4 kirjaimellisesti is\u00e4 tai h\u00e4nen is\u00e4ns\u00e4, ja l\u00e4hteiss\u00e4 h\u00e4net mainitaan harvoin erill\u00e4\u00e4n Sednasta.<\/p><p>Uskontotieteellisesti t\u00e4m\u00e4 kietoutuminen on tyypillist\u00e4: Anguta esiintyy t\u00e4ydent\u00e4v\u00e4n\u00e4 hahmona, joka viimeistelee Sednan silpomisen draaman ja vie sen vainajien maailman puolelle. T\u00e4m\u00e4 toiminnallinen sidos Sednaan on kielellisesti ja kerronnallisesti vakiintunut.<\/p><p>Siin\u00e4 miss\u00e4 Sedna hallitsee meriel\u00e4imi\u00e4, Anguta vastaa Franz Boasin ja Knud Rasmussenin muistiinmerkint\u00f6jen mukaan vainajista.<\/p><p>H\u00e4n vastaanottaa kuolleet Adlivunissa, kylm\u00e4ss\u00e4 alueessa meren alla, ja p\u00e4\u00e4tt\u00e4\u00e4, ketk\u00e4 heist\u00e4 p\u00e4\u00e4sev\u00e4t nousemaan ylemm\u00e4s, p\u00e4iv\u00e4n ilojen maahan, ja ketk\u00e4 joutuvat j\u00e4\u00e4m\u00e4\u00e4n alas. T\u00e4m\u00e4 siirtym\u00e4n valvojan asema tekee h\u00e4nest\u00e4 uskontohistoriallisesti omanlaisensa tuonpuoleisen tuomarihahmon.<\/p><p>Hahmoa painotetaan eri alueilla eri tavoin. Joissakin l\u00e4hteiss\u00e4 Anguta on l\u00e4hes samastettu kuun jumalaan <a href=\"https:\/\/iwell-guard.com\/fi\/?page_id=144241\">Igalukiin<\/a>, toisissa h\u00e4net erotetaan t\u00e4st\u00e4 selv\u00e4sti. T\u00e4m\u00e4 vaihtelu kuvastaa inuiittiperinteen ep\u00e4j\u00e4rjestelm\u00e4llist\u00e4 <span class=\"iwg-fachbegriff\" data-tooltip=\"Tieteellinen oppi Jumalasta ja uskonnon uskonk\u00e4sityksist\u00e4.\" tabindex=\"0\">teologiaa<\/span>, eik\u00e4 sit\u00e4 pid\u00e4 pyrki\u00e4 ratkaisemaan tieteellisesti, vaan arvostaa ei-dogmaattisen uskonnollisen k\u00e4yt\u00e4nn\u00f6n ominaispiirteen\u00e4. Ristiriitojen siet\u00e4minen on osa uskonnollista tyyli\u00e4.<\/p><p>My\u00f6s Angutaa, joka esiintyy Sednan is\u00e4n\u00e4 ja vainajien vartijana l\u00e4hes aina vain merenherrattareen liittyv\u00e4n\u00e4 hahmona, tutkitaan nykytutkimuksessa laajennetuin menetelmin, jotka yhdist\u00e4v\u00e4t etnografista tarkkuutta, kielikriittist\u00e4 l\u00e4hteiden arviointia ja vertailevaa tarkastelua.<\/p><p>Nykyisin t\u00e4h\u00e4n tutkimukseen osallistuvat my\u00f6s inuiittiyhteis\u00f6n omat tutkijat, jotka tarkistavat aiempia, osin kolonialistisesti v\u00e4rittyneit\u00e4 l\u00e4nsimaisia tulkintoja.<\/p>\t\t\t\t\t\t\t\t<\/div>\n\t\t\t\t<\/div>\n\t\t\t\t\t<\/div>\n\t\t\t\t<\/div>\n\t\t<div class=\"elementor-element elementor-element-iwgw-anguta-s1 e-flex e-con-boxed e-con e-parent\" data-id=\"iwgw-anguta-s1\" data-element_type=\"container\" data-e-type=\"container\">\n\t\t\t\t\t<div class=\"e-con-inner\">\n\t\t\t\t<div class=\"elementor-element elementor-element-iwgw-anguta-s1h elementor-widget elementor-widget-heading\" data-id=\"iwgw-anguta-s1h\" data-element_type=\"widget\" data-e-type=\"widget\" data-widget_type=\"heading.default\">\n\t\t\t\t\t<h2 class=\"elementor-heading-title elementor-size-default\">Nimi ja etymologia<\/h2>\t\t\t\t<\/div>\n\t\t<div class=\"elementor-element elementor-element-iwgw-anguta-s1c e-con-full e-flex e-con e-child\" data-id=\"iwgw-anguta-s1c\" data-element_type=\"container\" data-e-type=\"container\">\n\t\t\t\t<div class=\"elementor-element elementor-element-iwgw-anguta-s1t elementor-widget elementor-widget-text-editor\" data-id=\"iwgw-anguta-s1t\" data-element_type=\"widget\" data-e-type=\"widget\" data-widget_type=\"text-editor.default\">\n\t\t\t\t\t\t\t\t\t<p>Nimi Anguta on elliptinen muodostuma sanoista <em>angun<\/em> tai <em>ataata<\/em>, jotka tarkoittavat is\u00e4\u00e4 tai miespuolista vanhempaa. Anguta tarkoittaa siis kirjaimellisesti h\u00e4nen is\u00e4ns\u00e4 viitaten Sednaan, ei erisnime\u00e4 is\u00e4-sanan merkityksess\u00e4.<\/p><p>Kieli s\u00e4ilytt\u00e4\u00e4 nimen relationaalisessa muodossa, mik\u00e4 on tieteellisesti huomionarvoista, sill\u00e4 Angutaa ei kielellisesti voi erottaa h\u00e4nen is\u00e4n roolistaan.<\/p><p>Muita hahmolle todistettuja nimi\u00e4 ovat <em>Ataagujuk<\/em> ja <em>Atak<\/em>. L\u00e4nsi-Gr\u00f6nlannissa esiintyy osin muoto <em>Anguta<\/em>, Iglulikissa vastaavaa teht\u00e4v\u00e4\u00e4 kutsutaan nimell\u00e4 <em>Tutik<\/em>.<\/p><p>Alueellinen vaihtelu on huomattavaa ja kehottaa varovaisuuteen kaikessa yhten\u00e4ist\u00e4v\u00e4ss\u00e4 esityksess\u00e4. Tieteellinen teht\u00e4v\u00e4 on tehd\u00e4 vaihtelut n\u00e4kyviksi sortumatta keinotekoiseen yhten\u00e4isyyteen.<\/p><p>Elliptinen kielimuoto sopii <span class=\"iwg-fachbegriff\" data-tooltip=\"Tieteellinen oppi Jumalasta ja uskonnon uskonk\u00e4sityksist\u00e4.\" tabindex=\"0\">teologiaan<\/span>, joka hahmottaa hahmot solmuina suhdeverkostoissa eik\u00e4 itsen\u00e4isin\u00e4 henkil\u00f6in\u00e4. Anguta on aina Sednan is\u00e4, ei koskaan Anguta yksin\u00e4\u00e4n.<\/p><p>T\u00e4m\u00e4 relationaalisuus on avain inuiittien jumalmaailman ymm\u00e4rt\u00e4miseen ja erottaa sen selv\u00e4sti indoeurooppalaisten jumalmaailmojen itsen\u00e4isist\u00e4 henkil\u00f6k\u00e4sityksist\u00e4, joissa erisnimet muodostavat omaa identiteetti\u00e4.<\/p><p>Toinen n\u00e4k\u00f6kulma avautuu uskontososiologisesta kysymyksest\u00e4 Angutan yhteiskunnallisesta teht\u00e4v\u00e4st\u00e4. Siirtym\u00e4n Adlivunin vainajien valtakuntaan valvojana h\u00e4n havainnollisesti kuvastaa sit\u00e4, ett\u00e4 inuiittien uskonnollinen j\u00e4rjestys oli tiiviisti kietoutunut yhteiskunnalliseen k\u00e4yt\u00e4nt\u00f6\u00f6n eik\u00e4 miss\u00e4\u00e4n tapauksessa irrallaan siit\u00e4.<\/p><p>T\u00e4m\u00e4 kietoutuminen on omanlaisensa uskontoantropologinen tutkimuskentt\u00e4, jota erityisesti Fr\u00e9d\u00e9ric Laugrand ja Jarich Oosten ovat j\u00e4rjestelm\u00e4llisesti k\u00e4sitelleet.<\/p>\t\t\t\t\t\t\t\t<\/div>\n\t\t\t\t<\/div>\n\t\t\t\t\t<\/div>\n\t\t\t\t<\/div>\n\t\t<div class=\"elementor-element elementor-element-iwgw-anguta-s2 e-flex e-con-boxed e-con e-parent\" data-id=\"iwgw-anguta-s2\" data-element_type=\"container\" data-e-type=\"container\">\n\t\t\t\t\t<div class=\"e-con-inner\">\n\t\t\t\t<div class=\"elementor-element elementor-element-iwgw-anguta-s2h elementor-widget elementor-widget-heading\" data-id=\"iwgw-anguta-s2h\" data-element_type=\"widget\" data-e-type=\"widget\" data-widget_type=\"heading.default\">\n\t\t\t\t\t<h2 class=\"elementor-heading-title elementor-size-default\">Kuvaus ja ikonografia<\/h2>\t\t\t\t<\/div>\n\t\t<div class=\"elementor-element elementor-element-iwgw-anguta-s2c e-con-full e-flex e-con e-child\" data-id=\"iwgw-anguta-s2c\" data-element_type=\"container\" data-e-type=\"container\">\n\t\t\t\t<div class=\"elementor-element elementor-element-iwgw-anguta-s2t elementor-widget elementor-widget-text-editor\" data-id=\"iwgw-anguta-s2t\" data-element_type=\"widget\" data-e-type=\"widget\" data-widget_type=\"text-editor.default\">\n\t\t\t\t\t\t\t\t\t<p>Perinteisiss\u00e4 kertomuksissa Angutaa kuvataan vanhana, yksik\u00e4tisen\u00e4 miehen\u00e4. H\u00e4nen vammansa on peilikuva h\u00e4nen aiheuttamastaan Sednan silpomisesta: my\u00f6s h\u00e4n on menett\u00e4nyt k\u00e4den, mik\u00e4 vahvistaa kertomuksen etiologista luonnetta.<\/p><p>Joissakin versioissa h\u00e4n menetti k\u00e4tens\u00e4 Sednan rangaistuksena, kun t\u00e4m\u00e4 veti h\u00e4net teon j\u00e4lkeen veneeseen ja aiheutti h\u00e4nellekin vammautumisen.<\/p><p>Kuvalliset esitykset ovat harvinaisia ja per\u00e4isin l\u00e4hes yksinomaan nykyaikaisesta inuiittitaiteesta 1960-luvulta alkaen. Kenojuak Ashevak ja muut Cape Dorsetin taiteilijat ovat kuvanneet Angutaa satunnaisesti, useimmiten ihmisen ja <span class=\"iwg-fachbegriff\" data-tooltip=\"Ruumiiton olento, jolle katsotaan olevan vaikutusta maailmassa.\" tabindex=\"0\">hengen<\/span> v\u00e4liseen v\u00e4litilaan sijoittuvana. T\u00e4m\u00e4 kuvallinen pid\u00e4ttyv\u00e4isyys vastaa uskontofenomenologista havaintoa siit\u00e4, ett\u00e4 Angutan asema uskonnollisessa k\u00e4yt\u00e4nn\u00f6ss\u00e4 oli v\u00e4hemm\u00e4n keskeinen kuin kerronnallisissa l\u00e4hteiss\u00e4.<\/p><p>Symbolisesti Anguta liitet\u00e4\u00e4n veneeseen, meloihin ja hakkaamisen eleeseen. T\u00e4m\u00e4 symboliikka viittaa keskeiseen myyttiin ja h\u00e4nen teht\u00e4v\u00e4\u00e4ns\u00e4 rajapinnan muodostajana t\u00e4m\u00e4n ja tuonpuoleisen, veneen ja merenpohjan v\u00e4lill\u00e4. Uskontofenomenologisesti t\u00e4m\u00e4 maailmojen v\u00e4lisen v\u00e4litt\u00e4j\u00e4n asema on tyypillinen piirre tuonpuoleisen tuomarihahmoille monissa maailman uskonnoissa.<\/p><p>Vertailtaessa Anguta asettuu osaksi sirkumpolaarista uskonnollista topografiaa, jonka peruspiirteet ovat s\u00e4ilyneet tuhansien kilometrien matkalla huomattavan yhten\u00e4isin\u00e4. T\u00e4m\u00e4 laaja-alainen pysyvyys kuuluu tieteenalan huomattavimpiin uskontofenomenologisiin havaintoihin ja on edelleen k\u00e4ynniss\u00e4 olevan tutkimuskeskustelun aiheena.<\/p>\t\t\t\t\t\t\t\t<\/div>\n\t\t\t\t<\/div>\n\t\t\t\t\t<\/div>\n\t\t\t\t<\/div>\n\t\t<div class=\"elementor-element elementor-element-iwgw-anguta-s3 e-flex e-con-boxed e-con e-parent\" data-id=\"iwgw-anguta-s3\" data-element_type=\"container\" data-e-type=\"container\">\n\t\t\t\t\t<div class=\"e-con-inner\">\n\t\t\t\t<div class=\"elementor-element elementor-element-iwgw-anguta-s3h elementor-widget elementor-widget-heading\" data-id=\"iwgw-anguta-s3h\" data-element_type=\"widget\" data-e-type=\"widget\" data-widget_type=\"heading.default\">\n\t\t\t\t\t<h2 class=\"elementor-heading-title elementor-size-default\">Is\u00e4nmurhamyytti ja sen variaatio<\/h2>\t\t\t\t<\/div>\n\t\t<div class=\"elementor-element elementor-element-iwgw-anguta-s3c e-con-full e-flex e-con e-child\" data-id=\"iwgw-anguta-s3c\" data-element_type=\"container\" data-e-type=\"container\">\n\t\t\t\t<div class=\"elementor-element elementor-element-iwgw-anguta-s3t elementor-widget elementor-widget-text-editor\" data-id=\"iwgw-anguta-s3t\" data-element_type=\"widget\" data-e-type=\"widget\" data-widget_type=\"text-editor.default\">\n\t\t\t\t\t\t\t\t\t<p>Sedna-kertomuksen ydinmyytiss\u00e4 Anguta on is\u00e4, joka heitt\u00e4\u00e4 tytt\u00e4rens\u00e4 mereen ja hakkaa poikki h\u00e4nen sormensa nivelet. T\u00e4m\u00e4 teko esitet\u00e4\u00e4n l\u00e4hteiss\u00e4 v\u00e4ltt\u00e4m\u00e4tt\u00f6myyten\u00e4, eik\u00e4 siihen liity moraalista tuomitsemista: ellei Anguta tekisi n\u00e4in, vene uppoaisi kaikkine kyydiss\u00e4 olevine.<\/p><p>Sednan silpominen on kollektiivinen el\u00e4m\u00e4n pelastaminen yksil\u00f6llisen k\u00e4rsimyksen hinnalla. T\u00e4m\u00e4 tulkinta erottaa kertomuksen puhtaasti uhrikeskeisist\u00e4 myyteist\u00e4 muissa uskonnoissa.<\/p><p>Joissakin versioissa Sedna vet\u00e4\u00e4 sen j\u00e4lkeen is\u00e4ns\u00e4 per\u00e4ss\u00e4\u00e4n mereen. Angutasta tulee t\u00e4ll\u00f6in alisen maailman asukas ja kuolleiden vartija.<\/p><p>T\u00e4m\u00e4 syyllisyyden ja tuonpuoleiseen siirtymisen per\u00e4kk\u00e4isyys on itsen\u00e4inen tieteellinen kaava, jonka Mircea Eliade on kuvannut tyypillisen\u00e4 arktisena syyllisyyden muuntumisen topografiana ja joka on saanut laajaa vastakaikua vertailevassa myyttitutkimuksessa.<\/p><p>Daniel Merkur tulkitsee kaavan sek\u00e4 psykoanalyyttisesti ett\u00e4 historiallisesti: Anguta on ambivalentti is\u00e4, jonka syyllinen teko avaa ensin mahdollisuuden resurssien maailman syntymiselle. T\u00e4m\u00e4 tulkinta on kiistanalainen, mutta heuristisesti hedelm\u00e4llinen, ja se on synnytt\u00e4nyt uskontopsykologisessa tutkimuksessa oman keskustelulinjansa, joka yhdist\u00e4\u00e4 myytit nykyaikaisiin k\u00e4sityksiin ambivalenteista vanhempihahmoista.<\/p>\t\t\t\t\t\t\t\t<\/div>\n\t\t\t\t<\/div>\n\t\t\t\t\t<\/div>\n\t\t\t\t<\/div>\n\t\t<div class=\"elementor-element elementor-element-iwgw-anguta-s4 e-flex e-con-boxed e-con e-parent\" data-id=\"iwgw-anguta-s4\" data-element_type=\"container\" data-e-type=\"container\">\n\t\t\t\t\t<div class=\"e-con-inner\">\n\t\t\t\t<div class=\"elementor-element elementor-element-iwgw-anguta-s4h elementor-widget elementor-widget-heading\" data-id=\"iwgw-anguta-s4h\" data-element_type=\"widget\" data-e-type=\"widget\" data-widget_type=\"heading.default\">\n\t\t\t\t\t<h2 class=\"elementor-heading-title elementor-size-default\">Adlivun, meren alla sijaitseva tuonpuoleinen<\/h2>\t\t\t\t<\/div>\n\t\t<div class=\"elementor-element elementor-element-iwgw-anguta-s4c e-con-full e-flex e-con e-child\" data-id=\"iwgw-anguta-s4c\" data-element_type=\"container\" data-e-type=\"container\">\n\t\t\t\t<div class=\"elementor-element elementor-element-iwgw-anguta-s4t elementor-widget elementor-widget-text-editor\" data-id=\"iwgw-anguta-s4t\" data-element_type=\"widget\" data-e-type=\"widget\" data-widget_type=\"text-editor.default\">\n\t\t\t\t\t\t\t\t\t<p>Adlivun tarkoittaa kirjaimellisesti alapuolellamme olevaa. Iglulik-<span class=\"iwg-fachbegriff\" data-tooltip=\"Tieteellinen oppi jumalasta ja uskonnon uskosta.\" tabindex=\"0\">teologiassa<\/span> Adlivun on kylm\u00e4, meren alla sijaitseva alue, jossa vainajat viett\u00e4v\u00e4t ensimm\u00e4isen vaiheensa. Anguta ottaa heid\u00e4t vastaan ja p\u00e4\u00e4tt\u00e4\u00e4, ketk\u00e4 heist\u00e4 saavat tietyn puhdistautumisajan j\u00e4lkeen nousta ylemp\u00e4\u00e4n tuonelaan, Quivitoqiin, ja ketk\u00e4 j\u00e4\u00e4v\u00e4t alas.<\/p><p>Tieteellisesti tarkasteltuna Adlivun ei ole moraalinen tuomioistuin kristillisess\u00e4 mieless\u00e4. Puhdistuminen on ennemminkin siirtym\u00e4riitti, verrattavissa karanteeniin, jonka aikana henkil\u00f6 riisuu inhimilliset j\u00e4\u00e4nteens\u00e4 ennen siirtymist\u00e4\u00e4n toisenlaiseen olemassaoloon.<\/p><p>Se, joka on el\u00e4m\u00e4ns\u00e4 aikana rikkonut erityisen paljon tabuja, viipyy Adlivunissa pidemp\u00e4\u00e4n, joskus pysyv\u00e4sti. T\u00e4m\u00e4 etiikasta vapaa k\u00e4sitys erottaa sen selv\u00e4sti kristillisist\u00e4 tai buddhalaisista tuonelan tuomioistuimista.<\/p><p>Adlivunin tarkka topografia ja asukkaisto vaihtelevat huomattavasti alueittain. Iglulikissa Adlivun kuvataan vainajien asuttamana, Netsilikiss\u00e4 l\u00e4hinn\u00e4 kylm\u00e4n\u00e4 siirtym\u00e4paikkana, L\u00e4nsi-Gr\u00f6nlannissa osin omana v\u00e4est\u00f6ulottuvuutenaan. Anguta pysyy l\u00e4p\u00e4isev\u00e4sti keskeisen\u00e4 hahmona. Uskontofenomenologisesti tuonpuoleisen maantieteen alueellinen vaihtelu on tyypillist\u00e4 suullisesti v\u00e4littyville uskonnoille, joilla ei ole kodifioitua <span class=\"iwg-fachbegriff\" data-tooltip=\"Tieteellinen oppi jumalasta ja uskonnon uskosta.\" tabindex=\"0\">teologiaa<\/span>.<\/p>\t\t\t\t\t\t\t\t<\/div>\n\t\t\t\t<\/div>\n\t\t\t\t\t<\/div>\n\t\t\t\t<\/div>\n\t\t<div class=\"elementor-element elementor-element-iwgw-anguta-s5 e-flex e-con-boxed e-con e-parent\" data-id=\"iwgw-anguta-s5\" data-element_type=\"container\" data-e-type=\"container\">\n\t\t\t\t\t<div class=\"e-con-inner\">\n\t\t\t\t<div class=\"elementor-element elementor-element-iwgw-anguta-s5h elementor-widget elementor-widget-heading\" data-id=\"iwgw-anguta-s5h\" data-element_type=\"widget\" data-e-type=\"widget\" data-widget_type=\"heading.default\">\n\t\t\t\t\t<h2 class=\"elementor-heading-title elementor-size-default\">Anguta ja kuu Igaluk<\/h2>\t\t\t\t<\/div>\n\t\t<div class=\"elementor-element elementor-element-iwgw-anguta-s5c e-con-full e-flex e-con e-child\" data-id=\"iwgw-anguta-s5c\" data-element_type=\"container\" data-e-type=\"container\">\n\t\t\t\t<div class=\"elementor-element elementor-element-iwgw-anguta-s5t elementor-widget elementor-widget-text-editor\" data-id=\"iwgw-anguta-s5t\" data-element_type=\"widget\" data-e-type=\"widget\" data-widget_type=\"text-editor.default\">\n\t\t\t\t\t\t\t\t\t<p>Joissakin alueellisissa perinteiss\u00e4 Anguta sulautuu kuuhun <a href=\"https:\/\/iwell-guard.com\/fi\/?page_id=144241\">Igalukiin<\/a>, joka on samoin ambivalentti, ajoittain aggressiivinen miehinen hahmo. T\u00e4m\u00e4 sulautuminen ei noudata mit\u00e4\u00e4n j\u00e4rjestelm\u00e4llisyytt\u00e4, vaan vaihtelee l\u00e4hteen ja alueen mukaan.<\/p><p>Knud Rasmussen on huomauttanut, ett\u00e4 yksitt\u00e4isten miespuolisten jumaluuksien v\u00e4liset rajat ovat inuiittiperinteess\u00e4 usein liukuvia. T\u00e4m\u00e4 liukuvuus on uskontofenomenologisesti inuiittien jumalmaailman omintakeinen piirre.<\/p><p>Tieteellisesti t\u00e4st\u00e4 syntyy kysymys, tunteeko inuiittiperinne ylip\u00e4\u00e4t\u00e4\u00e4n selv\u00e4rajaisia jumalia tai enemm\u00e4nkin funktiokimppuja, joita personifioidaan eri tavoin tilanteen mukaan. Fr\u00e9d\u00e9ric Laugrand ja Jarich Oosten taipuvat j\u00e4lkimm\u00e4iseen tulkintaan, joka selitt\u00e4\u00e4 vaihtelun ja korostaa tieteellisen kuvauksen menetelm\u00e4llist\u00e4 haastetta.<\/p><p>K\u00e4yt\u00e4nn\u00f6ss\u00e4 t\u00e4m\u00e4 tarkoitti, ett\u00e4 <span class=\"iwg-fachbegriff\" data-tooltip=\"Uskonnollinen erityisosaaja, jonka katsotaan v\u00e4litt\u00e4v\u00e4n ihmisten ja henkimaailman v\u00e4lill\u00e4.\" tabindex=\"0\">\u0161amaani<\/span> voi tilanteen mukaan kutsua avukseen joko Angutan h\u00e4nen tuonelan vartijan roolissaan tai Igalukin h\u00e4nen kuu-roolissaan, eik\u00e4 vastaanottajia ymm\u00e4rretty t\u00e4ysin erillisin\u00e4.<\/p><p>Funktio m\u00e4\u00e4r\u00e4\u00e4 nimen, ei toisin p\u00e4in. T\u00e4m\u00e4 funktionaalinen <span class=\"iwg-fachbegriff\" data-tooltip=\"Tieteellinen oppi jumalasta ja uskonnon uskosta.\" tabindex=\"0\">teologia<\/span> on uskontofenomenologisesti omalaatuinen malli ja haastaa l\u00e4nsimaisen k\u00e4sityksen jumalista selkeine identiteetteineen.<\/p>\t\t\t\t\t\t\t\t<\/div>\n\t\t\t\t<\/div>\n\t\t\t\t\t<\/div>\n\t\t\t\t<\/div>\n\t\t<div class=\"elementor-element elementor-element-iwgw-anguta-s6 e-flex e-con-boxed e-con e-parent\" data-id=\"iwgw-anguta-s6\" data-element_type=\"container\" data-e-type=\"container\">\n\t\t\t\t\t<div class=\"e-con-inner\">\n\t\t\t\t<div class=\"elementor-element elementor-element-iwgw-anguta-s6h elementor-widget elementor-widget-heading\" data-id=\"iwgw-anguta-s6h\" data-element_type=\"widget\" data-e-type=\"widget\" data-widget_type=\"heading.default\">\n\t\t\t\t\t<h2 class=\"elementor-heading-title elementor-size-default\">\u0160amanistinen k\u00e4yt\u00e4nt\u00f6 kuolleiden rajalla<\/h2>\t\t\t\t<\/div>\n\t\t<div class=\"elementor-element elementor-element-iwgw-anguta-s6c e-con-full e-flex e-con e-child\" data-id=\"iwgw-anguta-s6c\" data-element_type=\"container\" data-e-type=\"container\">\n\t\t\t\t<div class=\"elementor-element elementor-element-iwgw-anguta-s6t elementor-widget elementor-widget-text-editor\" data-id=\"iwgw-anguta-s6t\" data-element_type=\"widget\" data-e-type=\"widget\" data-widget_type=\"text-editor.default\">\n\t\t\t\t\t\t\t\t\t<p>\u0160amaanit, joiden teht\u00e4v\u00e4n\u00e4 oli saattaa vainajia tai kuulustella kuolleita, matkasivat inuiittien k\u00e4sityksen mukaan Adlivuniin ja astuivat Angutan eteen. Matka oli vaarallisempi ja harvinaisempi kuin matka <a href=\"https:\/\/iwell-guard.com\/fi\/?page_id=144234\">Sednan<\/a> luo, sill\u00e4 Angutan katsottiin olevan huonosti taipuvainen neuvotteluihin. Se, joka n\u00e4ki h\u00e4net eik\u00e4 k\u00e4ytt\u00e4ytynyt riitt\u00e4v\u00e4n kunnioittavasti, saattoi itse j\u00e4\u00e4d\u00e4 tuonelaan.<\/p><p>Daniel Merkur kuvaa iglulik-kertomuksen, jossa angakkuq matkaa Adlivuniin noutaakseen \u00e4skett\u00e4in kuolleen sielun j\u00e4lkeenj\u00e4\u00e4neille tai ainakin saadakseen tietoa h\u00e4nen tilastaan.<\/p><p>Matka kulkee pimeiden, kylmien alueiden l\u00e4pi, joissa vainajat liikkuvat haamumaisina, kunnes <span class=\"iwg-fachbegriff\" data-tooltip=\"Uskonnollinen erityisosaaja, jonka katsotaan v\u00e4litt\u00e4v\u00e4n ihmisten ja henkimaailman v\u00e4lill\u00e4.\" tabindex=\"0\">\u0161amaani<\/span> lopulta astuu Angutan eteen. N\u00e4ill\u00e4 kuvauksilla on tieteellist\u00e4 arvoa, sill\u00e4 ne dokumentoivat \u0161amanistisen trance-tilan konkreettista kokemusrakennetta.<\/p><p><span class=\"iwg-fachbegriff\" data-tooltip=\"Pahaa torjuva: merkeist\u00e4 ja esineist\u00e4, joiden on tarkoitus pit\u00e4\u00e4 loitolla haitallisia vaikutuksia.\" tabindex=\"0\">Apotropaisesti<\/span> inuiitit harjoittivat surunrituaaleja, joiden tarkoitus oli saada Anguta suopeaksi. Ruumiin oikeaoppinen k\u00e4sittely, surukauden noudattaminen sek\u00e4 vainajan nimen lausuminen tai lausumatta j\u00e4tt\u00e4minen olivat uskonnollisia k\u00e4yt\u00e4nt\u00f6j\u00e4, jotka rekister\u00f6ityiv\u00e4t Adlivunissa ja siten Angutan tietoon.<\/p><p>N\u00e4it\u00e4 k\u00e4yt\u00e4nt\u00f6j\u00e4 on dokumentoitu hyvin uskontoetnologiassa, ja ne korostavat surunrituaalien keskeist\u00e4 merkityst\u00e4 inuiittien <span class=\"iwg-fachbegriff\" data-tooltip=\"Tieteellinen oppi jumalasta ja uskonnon uskosta.\" tabindex=\"0\">teologiassa<\/span>.<\/p>\t\t\t\t\t\t\t\t<\/div>\n\t\t\t\t<\/div>\n\t\t\t\t\t<\/div>\n\t\t\t\t<\/div>\n\t\t<div class=\"elementor-element elementor-element-iwgw-anguta-s7 e-flex e-con-boxed e-con e-parent\" data-id=\"iwgw-anguta-s7\" data-element_type=\"container\" data-e-type=\"container\">\n\t\t\t\t\t<div class=\"e-con-inner\">\n\t\t\t\t<div class=\"elementor-element elementor-element-iwgw-anguta-s7h elementor-widget elementor-widget-heading\" data-id=\"iwgw-anguta-s7h\" data-element_type=\"widget\" data-e-type=\"widget\" data-widget_type=\"heading.default\">\n\t\t\t\t\t<h2 class=\"elementor-heading-title elementor-size-default\">Vertailu muihin tuonelan tuomarihahmoihin<\/h2>\t\t\t\t<\/div>\n\t\t<div class=\"elementor-element elementor-element-iwgw-anguta-s7c e-con-full e-flex e-con e-child\" data-id=\"iwgw-anguta-s7c\" data-element_type=\"container\" data-e-type=\"container\">\n\t\t\t\t<div class=\"elementor-element elementor-element-iwgw-anguta-s7t elementor-widget elementor-widget-text-editor\" data-id=\"iwgw-anguta-s7t\" data-element_type=\"widget\" data-e-type=\"widget\" data-widget_type=\"text-editor.default\">\n\t\t\t\t\t\t\t\t\t<p>Tieteellisesti Anguta kuuluu laajaan kuolleiden vartijoiden ja tuomareiden luokkaan, joka esiintyy useimmissa uskonnoissa.<\/p><p>Vertailukelpoisia ovat egyptil\u00e4inen Osiris, kreikkalainen Hades, hindulainen Yama ja japanilainen Enma-O. Napapiirin alueella l\u00f6ytyy rinnastuksia <a href=\"https:\/\/iwell-guard.com\/fi\/saamelaiset-noaidi-rumpu\/\">saamelaisiin<\/a> <em>Jabmiidaibmu<\/em>-k\u00e4sityksiin, joissa my\u00f6s maan alla sijaitsevaa tuonelaa vartioi vartija.<\/p><p>Angutan erityispiirre on h\u00e4nen relationaalisessa identiteetiss\u00e4\u00e4n. Siin\u00e4 miss\u00e4 Osiris, Hades ja Yama ovat itsen\u00e4isi\u00e4 jumalia omine mytologisine piireineen, Anguta pysyy kielellisesti ja kerronnallisesti sidoksissa Sednaan. T\u00e4m\u00e4 ep\u00e4symmetria on tieteellisesti kiinnostavaa, koska se osoittaa, ett\u00e4 kuolleiden tuomarin hahmo voi esiinty\u00e4 my\u00f6s relationaalisena funktiona ja ei suinkaan tarvitse olla itsen\u00e4isesti k\u00e4sitteellistetty.<\/p><p>Rakenteellisesti Anguta muistuttaa l\u00e4hinn\u00e4 Oseanian mytologioiden kuolleiden is\u00e4hahmoja, joissa vastaavia relationaalisia asetelmia esiintyy useammin. T\u00e4ss\u00e4 voisi kuultaa l\u00e4pi tyynenmeren ja napapiirin yhteinen perinnekerros, mik\u00e4 j\u00e4\u00e4 kuitenkin spekulatiiviseksi ja tulee kielihistoriallisten todisteiden puuttuessa k\u00e4sitell\u00e4 heuristisena hypoteesina. Uskontohistoriallinen tutkimus on t\u00e4ss\u00e4 riippuvainen rakenteellisista vertailuista, jotka pysyv\u00e4t metodologisesti ongelmallisina.<\/p>\t\t\t\t\t\t\t\t<\/div>\n\t\t\t\t<\/div>\n\t\t\t\t\t<\/div>\n\t\t\t\t<\/div>\n\t\t<div class=\"elementor-element elementor-element-iwgw-anguta-s8 e-flex e-con-boxed e-con e-parent\" data-id=\"iwgw-anguta-s8\" data-element_type=\"container\" data-e-type=\"container\">\n\t\t\t\t\t<div class=\"e-con-inner\">\n\t\t\t\t<div class=\"elementor-element elementor-element-iwgw-anguta-s8h elementor-widget elementor-widget-heading\" data-id=\"iwgw-anguta-s8h\" data-element_type=\"widget\" data-e-type=\"widget\" data-widget_type=\"heading.default\">\n\t\t\t\t\t<h2 class=\"elementor-heading-title elementor-size-default\">Tutkimus ja nykyinen vastaanotto<\/h2>\t\t\t\t<\/div>\n\t\t<div class=\"elementor-element elementor-element-iwgw-anguta-s8c e-con-full e-flex e-con e-child\" data-id=\"iwgw-anguta-s8c\" data-element_type=\"container\" data-e-type=\"container\">\n\t\t\t\t<div class=\"elementor-element elementor-element-iwgw-anguta-s8t elementor-widget elementor-widget-text-editor\" data-id=\"iwgw-anguta-s8t\" data-element_type=\"widget\" data-e-type=\"widget\" data-widget_type=\"text-editor.default\">\n\t\t\t\t\t\t\t\t\t<p>Angutaa koskeva tutkimus on kasvanut Sedna-tutkimuksen varjossa.<\/p><p>Varhaiset merkinn\u00e4t Boasilla, Rinkill\u00e4 ja Rasmussenilla k\u00e4sittelev\u00e4t h\u00e4nt\u00e4 ensisijaisesti sivuhahmona Sedna-<span class=\"iwg-fachbegriff\" data-tooltip=\"Ylisukupolvinen kertomus jumalista, alkuper\u00e4st\u00e4 ja maailman j\u00e4rjestyksest\u00e4.\" tabindex=\"0\">myytiss\u00e4<\/span>. Varsinaista itsen\u00e4ist\u00e4 Anguta-tutkimusta ei suppeassa mieless\u00e4 ole, mutta Daniel Merkur, Fr\u00e9d\u00e9ric Laugrand ja Birgitte Sonne ovat selvitt\u00e4neet h\u00e4nen merkityst\u00e4\u00e4n kuolleiden vartijana ja tehneet h\u00e4nest\u00e4 n\u00e4kyv\u00e4mm\u00e4n itsen\u00e4isen hahmon.<\/p><p>Nykyaikaisessa inuiittitaiteessa ja -kirjallisuudessa Anguta esiintyy toisinaan, usein ristiriitaisena is\u00e4hahmona tai tuntemattoman siirtym\u00e4n vartijana. Muussa kuin alkuper\u00e4isv\u00e4est\u00f6n vastaanotossa h\u00e4n on suhteellisen tuntematon, mik\u00e4 heijastaa tutkimushuomion ep\u00e4symmetriaa Sednaan verrattuna ja merkitsee samalla tutkimusk\u00e4yt\u00e4nn\u00f6n aukkoa.<\/p><p>Tieteellisesti olisi toivottavaa saada Angutasta tarkempi kuva, koska se auttaisi hahmottamaan keskiarktisten inuiittien kuolleiden teologiaa selke\u00e4mmin. Ensimm\u00e4isi\u00e4 avauksia t\u00e4h\u00e4n l\u00f6ytyy Fr\u00e9d\u00e9ric Laugrandin ty\u00f6st\u00e4 inuiittien eskatologiasta, joka tutkii systemaattisesti tabun rikkomisen ja kuolemanj\u00e4lkeisen olemassaolon suhdetta ja laajentaa siten tutkimuksen tilaa huomattavasti.<\/p>\t\t\t\t\t\t\t\t<\/div>\n\t\t\t\t<\/div>\n\t\t\t\t\t<\/div>\n\t\t\t\t<\/div>\n\t\t<div class=\"elementor-element elementor-element-iwgw-anguta-s9 e-flex e-con-boxed e-con e-parent\" data-id=\"iwgw-anguta-s9\" data-element_type=\"container\" data-e-type=\"container\">\n\t\t\t\t\t<div class=\"e-con-inner\">\n\t\t\t\t<div class=\"elementor-element elementor-element-iwgw-anguta-s9h elementor-widget elementor-widget-heading\" data-id=\"iwgw-anguta-s9h\" data-element_type=\"widget\" data-e-type=\"widget\" data-widget_type=\"heading.default\">\n\t\t\t\t\t<h2 class=\"elementor-heading-title elementor-size-default\">Sanakirjan ristiviittaukset<\/h2>\t\t\t\t<\/div>\n\t\t<div class=\"elementor-element elementor-element-iwgw-anguta-s9c e-con-full e-flex e-con e-child\" data-id=\"iwgw-anguta-s9c\" data-element_type=\"container\" data-e-type=\"container\">\n\t\t\t\t<div class=\"elementor-element elementor-element-iwgw-anguta-s9t elementor-widget elementor-widget-text-editor\" data-id=\"iwgw-anguta-s9t\" data-element_type=\"widget\" data-e-type=\"widget\" data-widget_type=\"text-editor.default\">\n\t\t\t\t\t\t\t\t\t<p>Anguta liittyy <a href=\"https:\/\/iwell-guard.com\/fi\/?page_id=144234\">Sednaan<\/a>, <a href=\"https:\/\/iwell-guard.com\/fi\/?page_id=144241\">Igalukiin<\/a>, <a href=\"https:\/\/iwell-guard.com\/fi\/?page_id=144235\">Silaan<\/a>, <a href=\"https:\/\/iwell-guard.com\/fi\/?page_id=144236\">Tornarssukiin<\/a>, <a href=\"https:\/\/iwell-guard.com\/fi\/?page_id=144239\">Pingaan<\/a>, <a href=\"https:\/\/iwell-guard.com\/fi\/?page_id=144240\">Nanookiin<\/a>, <a href=\"https:\/\/iwell-guard.com\/fi\/?page_id=144237\">Tupilakiin<\/a>, <a href=\"https:\/\/iwell-guard.com\/fi\/?page_id=144242\">Malinaan<\/a> ja <a href=\"https:\/\/iwell-guard.com\/fi\/?page_id=144243\">Qailertetangiin<\/a>. Kulttuurikeskus <a href=\"https:\/\/iwell-guard.com\/fi\/inuit-ja-arktis-sedna-tornit\/\">Inuiittiperinne<\/a> sijoittaa h\u00e4net uskontohistoriaan. Rinnastuksia kuolleiden vartijahahmoihin l\u00f6ytyy <a href=\"https:\/\/iwell-guard.com\/fi\/saamelaiset-noaidi-rumpu\/\">saamelaisesta<\/a> lemmasarjasta, erityisesti kohdassa <em>Jabmiidaibmu<\/em>, joka tarkoittaa vastaavaa maan alla sijaitsevan tuonelan funktiota.<\/p>\t\t\t\t\t\t\t\t<\/div>\n\t\t\t\t<\/div>\n\t\t\t\t\t<\/div>\n\t\t\t\t<\/div>\n\t\t<div class=\"elementor-element elementor-element-cp2f4d9f2e e-flex e-con-boxed e-con e-parent\" data-id=\"cp2f4d9f2e\" data-element_type=\"container\" data-e-type=\"container\">\n\t\t\t\t\t<div class=\"e-con-inner\">\n\t\t\t\t<div class=\"elementor-element elementor-element-cp2bdf58d6 elementor-widget elementor-widget-heading\" data-id=\"cp2bdf58d6\" data-element_type=\"widget\" data-e-type=\"widget\" data-widget_type=\"heading.default\">\n\t\t\t\t\t<h2 class=\"elementor-heading-title elementor-size-default\">L\u00e4hdetilanne Knud Rasmussenin ja nimikysymyksen v\u00e4lill\u00e4<\/h2>\t\t\t\t<\/div>\n\t\t<div class=\"elementor-element elementor-element-cp2fd8528a e-flex e-con-boxed e-con e-child\" data-id=\"cp2fd8528a\" data-element_type=\"container\" data-e-type=\"container\">\n\t\t\t\t\t<div class=\"e-con-inner\">\n\t\t\t\t<div class=\"elementor-element elementor-element-cp2bfe5ecd elementor-widget elementor-widget-text-editor\" data-id=\"cp2bfe5ecd\" data-element_type=\"widget\" data-e-type=\"widget\" data-widget_type=\"text-editor.default\">\n\t\t\t\t\t\t\t\t\t<p>Hahmo, joka on p\u00e4\u00e4tynyt l\u00e4nsimaisiin hakuteoksiin nimell\u00e4 <em>Anguta<\/em>, perustuu kapeaan ja vaikeasti tarkistettavaan <span class=\"iwg-fachbegriff\" data-tooltip=\"Tiedon ja kertomusten v\u00e4litt\u00e4minen sukupolvelta toiselle.\" tabindex=\"0\">perinteeseen<\/span>. Nimi esiintyy n\u00e4kyv\u00e4sti Hinrich Rinkill\u00e4, 1800-luvulla toimineella tanskalaisella hallintomiehell\u00e4 ja gr\u00f6nlantilaisten kertomusten ker\u00e4\u00e4j\u00e4ll\u00e4.<\/p><p>Rink kirjasi <em>Angutan<\/em> merenherruksen is\u00e4ksi, jota Gr\u00f6nlannissa kutsutaan yleens\u00e4 nimell\u00e4 <em>Sedna<\/em> tai paikallisilla nimill\u00e4 kuten <em>Sassuma Arnaa<\/em>. My\u00f6hemm\u00e4t kirjoittajat omaksuivat nimen usein tarkistamatta ja rakensivat siit\u00e4 itsen\u00e4isen tuonelahahmon.<\/p><p>Kielellisesti <em>anguti<\/em> tai <em>angut<\/em> tarkoittaa gr\u00f6nlannin kieless\u00e4 yksinkertaisesti miest\u00e4, ja <em>anguta<\/em> voidaan ymm\u00e4rt\u00e4\u00e4 possessiivimuotona h\u00e4nen miehens\u00e4 tai h\u00e4nen is\u00e4ns\u00e4. Useat inuiittitutkijat ovat t\u00e4st\u00e4 syyst\u00e4 esitt\u00e4neet ep\u00e4ilyksen, ett\u00e4 Rink saattoi t\u00e4ss\u00e4 tallentaa appellatiivisen sanan erisnimen\u00e4.<\/p><p>T\u00e4m\u00e4 ep\u00e4varmuus ei ole toisarvoinen seikka, sill\u00e4 se koskee kysymyst\u00e4, oliko Anguta ylip\u00e4\u00e4t\u00e4\u00e4n selke\u00e4sti rajattu <span class=\"iwg-fachbegriff\" data-tooltip=\"Uskonnon sis\u00e4ll\u00e4 jumalallisena palvottu olento.\" tabindex=\"0\">jumaluus<\/span> inuiittiperinteess\u00e4 vai kokoava piste, jonka ymp\u00e4rille hahmo alkoi vasta kirjallistamisen yhteydess\u00e4 muotoutua.<\/p><p>Knud Rasmussen, joka viidennen Thule-retkikunnan aikana vuosina 1921\u20131924 tallensi kertomuksia Kanadasta Alaskaan, antaa merenherruksen is\u00e4lle alueesta riippuen eri nimi\u00e4 tai j\u00e4tt\u00e4\u00e4 h\u00e4net nimett\u00f6m\u00e4ksi. T\u00e4m\u00e4 puhuu pan-inuiittista, kiinte\u00e4n Anguta-nimen omaavaa hahmoa vastaan ja voimakkaan alueellisen hajonnan puolesta.<\/p><p>Se, mik\u00e4 pysyy kertomuksissa vakaana, on rooli: vanha mies, joka el\u00e4\u00e4 tytt\u00e4rens\u00e4 kanssa syvyyksiss\u00e4, joka vastaanottaa tai s\u00e4ilytt\u00e4\u00e4 kuolleet ja joka liittyy tytt\u00e4ren k\u00e4sien myyttiseen silpomiseen.<\/p><p>Vakavasti otettavan esityksen kannalta t\u00e4st\u00e4 seuraa, ett\u00e4 Angutaa on k\u00e4sitelt\u00e4v\u00e4 v\u00e4hemm\u00e4n vakiintuneena yksitt\u00e4isjumaluutena kuin perinnehistoriallisena ongelmana.<\/p><p>Siirtomaa-aikaiset ker\u00e4ilij\u00e4t ty\u00f6skenteliv\u00e4t tulkkien avulla, omien uskonnollisten ennakko-oletustensa kanssa ja toivoen saavansa siistin <span class=\"iwg-fachbegriff\" data-tooltip=\"Uskonnon tai kulttuurin jumalien kokonaisuus.\" tabindex=\"0\">pantheonin<\/span>. Suuri osa siit\u00e4, mik\u00e4 nyky\u00e4\u00e4n n\u00e4ytt\u00e4ytyy merenherruksen ja h\u00e4nen is\u00e4ns\u00e4 vakiintuneena sukupuuna, on t\u00e4m\u00e4n tallennustilanteen tuotetta. Viittaus <a href=\"https:\/\/iwell-guard.com\/fi\/?page_id=144234\">Sednaan<\/a> pysyy siksi mielekk\u00e4\u00e4n\u00e4, mutta siihen tulisi aina liitt\u00e4\u00e4 huomautus ep\u00e4yhten\u00e4isest\u00e4 nimenperinteest\u00e4.<\/p>\t\t\t\t\t\t\t\t<\/div>\n\t\t\t\t\t<\/div>\n\t\t\t\t<\/div>\n\t\t\t\t\t<\/div>\n\t\t\t\t<\/div>\n\t\t<div class=\"elementor-element elementor-element-iwgw-anguta-lit e-flex e-con-boxed e-con e-parent\" data-id=\"iwgw-anguta-lit\" data-element_type=\"container\" data-e-type=\"container\">\n\t\t\t\t\t<div class=\"e-con-inner\">\n\t\t\t\t<div class=\"elementor-element elementor-element-iwgw-anguta-lith elementor-widget elementor-widget-heading\" data-id=\"iwgw-anguta-lith\" data-element_type=\"widget\" data-e-type=\"widget\" data-widget_type=\"heading.default\">\n\t\t\t\t\t<h2 class=\"elementor-heading-title elementor-size-default\">Kirjallisuus (valikoima)<\/h2>\t\t\t\t<\/div>\n\t\t<div class=\"elementor-element elementor-element-iwgw-anguta-litc e-con-full e-flex e-con e-child\" data-id=\"iwgw-anguta-litc\" data-element_type=\"container\" data-e-type=\"container\">\n\t\t\t\t<div class=\"elementor-element elementor-element-iwgw-anguta-litt elementor-widget elementor-widget-text-editor\" data-id=\"iwgw-anguta-litt\" data-element_type=\"widget\" data-e-type=\"widget\" data-widget_type=\"text-editor.default\">\n\t\t\t\t\t\t\t\t\t<ul><li>Franz Boas: <em>The Central Eskimo<\/em> (Washington 1888)<\/li><li>Knud Rasmussen: <em>The Netsilik Eskimos<\/em> (Kopenhagen 1931)<\/li><li>Daniel Merkur: <em>Powers Which We Do Not Know<\/em> (Moscow ID 1991)<\/li><li>Fr\u00e9d\u00e9ric Laugrand ja Jarich Oosten: <em>Inuit Shamanism and Christianity<\/em> (Montreal 2010)<\/li><li>Birgitte Sonne: <em>Heaven Negotiated. Hell Imagined<\/em> (Kopenhagen 2017)<\/li><li>Henrik Rink: <em>Tales and Traditions of the Eskimo<\/em> (Edinburgh 1875)<\/li><\/ul>\t\t\t\t\t\t\t\t<\/div>\n\t\t\t\t<\/div>\n\t\t\t\t\t<\/div>\n\t\t\t\t<\/div>\n\t\t<div class=\"elementor-element elementor-element-iwgkw2-add-anguta e-flex e-con-boxed e-con e-parent\" data-id=\"iwgkw2-add-anguta\" data-element_type=\"container\" data-e-type=\"container\">\n\t\t\t\t\t<div class=\"e-con-inner\">\n\t\t\t\t<div class=\"elementor-element elementor-element-iwgkw2-add-anguta-t elementor-widget elementor-widget-text-editor\" data-id=\"iwgkw2-add-anguta-t\" data-element_type=\"widget\" data-e-type=\"widget\" data-widget_type=\"text-editor.default\">\n\t\t\t\t\t\t\t\t\t<p>Inuiittien <span class=\"iwg-fachbegriff\" data-tooltip=\"Kulttuurin perinteisten jumaltarustojen kokonaisuus.\" tabindex=\"0\">mytologiassa<\/span> Anguta esiintyy merenherruksen Sednan is\u00e4n\u00e4 ja kuolleiden vartijana, joka johdattaa vainajat vedenalaiseen varjomaailmaan.<\/p>\t\t\t\t\t\t\t\t<\/div>\n\t\t\t\t\t<\/div>\n\t\t\t\t<\/div>\n\t\t<div class=\"elementor-element elementor-element-iwgw-anguta-kwd e-flex e-con-boxed e-con e-parent\" data-id=\"iwgw-anguta-kwd\" data-element_type=\"container\" data-e-type=\"container\">\n\t\t\t\t\t<div class=\"e-con-inner\">\n\t\t<div class=\"elementor-element elementor-element-iwgw-anguta-kwdc e-con-full e-flex e-con e-child\" data-id=\"iwgw-anguta-kwdc\" data-element_type=\"container\" data-e-type=\"container\">\n\t\t\t\t<div class=\"elementor-element elementor-element-iwgw-anguta-kwdt elementor-widget elementor-widget-text-editor\" data-id=\"iwgw-anguta-kwdt\" data-element_type=\"widget\" data-e-type=\"widget\" data-widget_type=\"text-editor.default\">\n\t\t\t\t\t\t\t\t\t<p><em>Liittyv\u00e4t avaink\u00e4sitteet: Anguta Adlivun Kuolleiden vartija Sednan is\u00e4 Iglulik Quivitoq Inuiittien eskatologia.<\/em><\/p>\t\t\t\t\t\t\t\t<\/div>\n\t\t\t\t<\/div>\n\t\t\t\t\t<\/div>\n\t\t\t\t<\/div>\n\t\t<div class=\"elementor-element elementor-element-iwgw-anguta-cc e-flex e-con-boxed e-con e-parent\" data-id=\"iwgw-anguta-cc\" data-element_type=\"container\" data-e-type=\"container\" id=\"iwg-cc-anguta\">\n\t\t\t\t\t<div class=\"e-con-inner\">\n\t\t<div class=\"elementor-element elementor-element-iwgw-anguta-ccinner e-flex e-con-boxed e-con e-parent\" data-id=\"iwgw-anguta-ccinner\" data-element_type=\"container\" data-e-type=\"container\" data-settings=\"{&quot;background_background&quot;:&quot;classic&quot;}\">\n\t\t\t\t\t<div class=\"e-con-inner\">\n\t\t\t\t<div class=\"elementor-element elementor-element-iwgw-anguta-cch elementor-widget elementor-widget-heading\" data-id=\"iwgw-anguta-cch\" data-element_type=\"widget\" data-e-type=\"widget\" data-widget_type=\"heading.default\">\n\t\t\t\t\t<h2 class=\"elementor-heading-title elementor-size-default\">iWell Guard ja suojelutraditiot<\/h2>\t\t\t\t<\/div>\n\t\t\t\t<div class=\"elementor-element elementor-element-iwgw-anguta-cct elementor-widget elementor-widget-text-editor\" data-id=\"iwgw-anguta-cct\" data-element_type=\"widget\" data-e-type=\"widget\" data-widget_type=\"text-editor.default\">\n\t\t\t\t\t\t\t\t\t<div data-nosnippet=\"true\"><p>iWell Guard jatkaa kannettavien suojaesineiden kulttuurihistoriallista perinnett\u00e4, <a href=\"https:\/\/iwell-guard.com\/fi\/inuit-ja-arktis-sedna-tornit\/\">inuiittien<\/a> ja monien muiden kulttuurien perinteiden hengess\u00e4 ymp\u00e4ri maailmaa. 41 tasoa, aitoa kultaa, platinaa, hopeaa, valmistettu Saksassa. 30 p\u00e4iv\u00e4n palautusoikeus.<\/p><\/div>\t\t\t\t\t\t\t\t<\/div>\n\t\t\t\t<div class=\"elementor-element elementor-element-iwgw-anguta-ccb iwg-cc-button iwg-cc-cta-2026-05-13 elementor-widget elementor-widget-jet-button\" data-id=\"iwgw-anguta-ccb\" data-element_type=\"widget\" data-e-type=\"widget\" data-widget_type=\"jet-button.default\">\n\t\t\t\t<div class=\"elementor-widget-container\">\n\t\t\t\t\t<div class=\"elementor-jet-button jet-elements\"><div class=\"jet-button__container\"><a class=\"jet-button__instance jet-button__instance--icon-left hover-effect-1\" href=\"\/ueber-iwell-guard\/?utm_source=iwell-guard.com&amp;utm_medium=info-box&amp;utm_campaign=wesen-tradition\"><div class=\"jet-button__plane jet-button__plane-normal\"><\/div><div class=\"jet-button__plane jet-button__plane-hover\"><\/div><div class=\"jet-button__state jet-button__state-normal\"><span class=\"jet-button__label\">Lis\u00e4\u00e4 iWell Guardista<\/span><\/div><div class=\"jet-button__state jet-button__state-hover\"><span class=\"jet-button__label\">Lis\u00e4\u00e4 iWell Guardista<\/span><\/div><\/a><\/div><\/div><style>.elementor-element.elementor-element-iwgw-anguta-ccb .jet-button__instance{width:320px;height:56px;}.elementor-element.elementor-element-iwgw-anguta-ccb .jet-button__state-normal .jet-button__label{text-align:center;margin:0px 0px 0px 0px;color:#1a1b20;font-family:Montserrat,sans-serif;font-size:13px;font-weight:400;letter-spacing:4px;line-height:1.714em;text-transform:uppercase;}.elementor-element.elementor-element-iwgw-anguta-ccb .jet-button__state-hover .jet-button__label{text-align:center;margin:0px 0px 0px 0px;color:#FECC76;font-family:Montserrat,sans-serif;font-size:13px;font-weight:400;letter-spacing:4px;line-height:1.714em;text-transform:uppercase;}.elementor-element.elementor-element-iwgw-anguta-ccb .jet-button__plane-normal{background-color:#FECC76;border-style:solid;border-color:#C99540;border-width:2px 2px 2px 2px;}.elementor-element.elementor-element-iwgw-anguta-ccb .jet-button__plane-hover{background-color:rgba(0,0,0,0.55);border-style:solid;border-color:#FECC76;border-width:2px 2px 2px 2px;}<\/style>\t\t\t\t<\/div>\n\t\t\t\t<\/div>\n\t\t\t\t<div class=\"elementor-element elementor-element-iwgw-anguta-ccd elementor-widget elementor-widget-text-editor\" data-id=\"iwgw-anguta-ccd\" data-element_type=\"widget\" data-e-type=\"widget\" data-widget_type=\"text-editor.default\">\n\t\t\t\t\t\t\t\t\t<div data-nosnippet=\"true\"><p style=\"text-align:center;font-size:13px;opacity:0.7;margin-top:14px\" data-nosnippet=\"true\">Henkil\u00f6kohtaiset kokemukset voivat vaihdella. Ei l\u00e4\u00e4kinn\u00e4llinen laite. Ei paranemislupausta.<\/p><\/div>\t\t\t\t\t\t\t\t<\/div>\n\t\t\t\t\t<\/div>\n\t\t\t\t<\/div>\n\t\t\t\t\t<\/div>\n\t\t\t\t<\/div>\n\t\t<div class=\"elementor-element elementor-element-iwgw-anguta-disc e-flex e-con-boxed e-con e-parent\" data-id=\"iwgw-anguta-disc\" data-element_type=\"container\" data-e-type=\"container\">\n\t\t\t\t\t<div class=\"e-con-inner\">\n\t\t\t\t<div class=\"elementor-element elementor-element-iwgw-anguta-discw elementor-widget elementor-widget-html\" data-id=\"iwgw-anguta-discw\" data-element_type=\"widget\" data-e-type=\"widget\" data-widget_type=\"html.default\">\n\t\t\t\t\t<footer data-nosnippet=\"true\" class=\"iwg-disclaimer-block\"><p data-nosnippet=\"true\">iWell Guard <strong>ei ole l\u00e4\u00e4kinn\u00e4llinen laite<\/strong>, eik\u00e4 se korvaa l\u00e4\u00e4k\u00e4rin tai psykoterapeutin hoitoa. Uskontotieteelliset sis\u00e4ll\u00f6t ovat kulttuurihistoriallista tarkastelua, ei suositus hengelliseen k\u00e4yt\u00e4nt\u00f6\u00f6n.<\/p><\/footer>\t\t\t\t<\/div>\n\t\t\t\t\t<\/div>\n\t\t\t\t<\/div>\n\t\t\t\t<\/div>\n\t\t","protected":false},"excerpt":{"rendered":"","protected":false},"author":3,"featured_media":2875,"parent":0,"menu_order":0,"comment_status":"closed","ping_status":"closed","template":"elementor_header_footer","meta":{"_yoast_wpseo_focuskw":"Anguta inuiittien vainajien vartija","_yoast_wpseo_title":"Anguta \u2013 Sednan is\u00e4 ja inuiittien vainajien vartija","_yoast_wpseo_metadesc":"Anguta on Sednan is\u00e4 ja inuiittiuskomuksissa vainajien vartija Adlivunin manalassa. Uskontotieteellinen tarkastelu ja l\u00e4hteet.","_yoast_wpseo_meta-robots-noindex":"","_yoast_wpseo_canonical":"","_angie_page":false,"gefaehrdungsstufe":"2","wesen_kultur":"inuit","wesen_klasse":"geister","footnotes":""},"categories":[],"class_list":["post-144238","page","type-page","status-publish","has-post-thumbnail","hentry"],"yoast_head":"<!-- This site is optimized with the Yoast SEO Premium plugin v27.7 (Yoast SEO v28.3) - https:\/\/yoast.com\/product\/yoast-seo-premium-wordpress\/ -->\n<title>Anguta \u2013 Sednan is\u00e4 ja inuiittien vainajien vartija<\/title>\n<meta name=\"description\" content=\"Anguta on Sednan is\u00e4 ja inuiittiuskomuksissa vainajien vartija Adlivunin manalassa. Uskontotieteellinen tarkastelu ja l\u00e4hteet.\" \/>\n<meta name=\"robots\" content=\"index, follow, max-snippet:-1, max-image-preview:large, max-video-preview:-1\" \/>\n<link rel=\"canonical\" href=\"https:\/\/iwell-guard.com\/fi\/anguta-sednan-isa-ja-manalan-vartija\/\" \/>\n<meta property=\"og:locale\" content=\"fi_FI\" \/>\n<meta property=\"og:type\" content=\"article\" \/>\n<meta property=\"og:title\" content=\"Anguta \u2013 Sednan is\u00e4 ja manalan vartija\" \/>\n<meta property=\"og:description\" content=\"Anguta on Sednan is\u00e4 ja inuiittiuskomuksissa vainajien vartija Adlivunin manalassa. Uskontotieteellinen tarkastelu ja l\u00e4hteet.\" \/>\n<meta property=\"og:url\" content=\"https:\/\/iwell-guard.com\/fi\/anguta-sednan-isa-ja-manalan-vartija\/\" \/>\n<meta property=\"og:site_name\" content=\"iWell Guard\" \/>\n<meta property=\"article:modified_time\" content=\"2026-09-03T12:54:10+00:00\" \/>\n<meta property=\"og:image\" content=\"https:\/\/iwell-guard.com\/wp-content\/uploads\/2026\/05\/geister_inuit_anguta.webp\" \/>\n\t<meta property=\"og:image:width\" content=\"1024\" \/>\n\t<meta property=\"og:image:height\" content=\"1536\" \/>\n\t<meta property=\"og:image:type\" content=\"image\/webp\" \/>\n<meta name=\"twitter:card\" content=\"summary_large_image\" \/>\n<script type=\"application\/ld+json\" class=\"yoast-schema-graph\">{\"@context\":\"https:\\\/\\\/schema.org\",\"@graph\":[{\"@type\":\"WebPage\",\"@id\":\"https:\\\/\\\/iwell-guard.com\\\/fi\\\/anguta-sednan-isa-ja-manalan-vartija\\\/\",\"url\":\"https:\\\/\\\/iwell-guard.com\\\/fi\\\/anguta-sednan-isa-ja-manalan-vartija\\\/\",\"name\":\"Anguta \u2013 Sednan is\u00e4 ja inuiittien vainajien vartija\",\"isPartOf\":{\"@id\":\"https:\\\/\\\/iwell-guard.com\\\/fi\\\/#website\"},\"primaryImageOfPage\":{\"@id\":\"https:\\\/\\\/iwell-guard.com\\\/fi\\\/anguta-sednan-isa-ja-manalan-vartija\\\/#primaryimage\"},\"image\":{\"@id\":\"https:\\\/\\\/iwell-guard.com\\\/fi\\\/anguta-sednan-isa-ja-manalan-vartija\\\/#primaryimage\"},\"thumbnailUrl\":\"https:\\\/\\\/iwell-guard.com\\\/wp-content\\\/uploads\\\/2026\\\/05\\\/geister_inuit_anguta.webp\",\"datePublished\":\"2026-09-03T12:33:24+00:00\",\"dateModified\":\"2026-09-03T12:54:10+00:00\",\"description\":\"Anguta on Sednan is\u00e4 ja inuiittiuskomuksissa vainajien vartija Adlivunin manalassa. Uskontotieteellinen tarkastelu ja l\u00e4hteet.\",\"breadcrumb\":{\"@id\":\"https:\\\/\\\/iwell-guard.com\\\/fi\\\/anguta-sednan-isa-ja-manalan-vartija\\\/#breadcrumb\"},\"inLanguage\":\"fi\",\"potentialAction\":[{\"@type\":\"ReadAction\",\"target\":[\"https:\\\/\\\/iwell-guard.com\\\/fi\\\/anguta-sednan-isa-ja-manalan-vartija\\\/\"]}]},{\"@type\":\"ImageObject\",\"inLanguage\":\"fi\",\"@id\":\"https:\\\/\\\/iwell-guard.com\\\/fi\\\/anguta-sednan-isa-ja-manalan-vartija\\\/#primaryimage\",\"url\":\"https:\\\/\\\/iwell-guard.com\\\/wp-content\\\/uploads\\\/2026\\\/05\\\/geister_inuit_anguta.webp\",\"contentUrl\":\"https:\\\/\\\/iwell-guard.com\\\/wp-content\\\/uploads\\\/2026\\\/05\\\/geister_inuit_anguta.webp\",\"width\":1024,\"height\":1536,\"caption\":\"Henki\u00e4 inuiittiperinteest\u00e4.\"},{\"@type\":\"BreadcrumbList\",\"@id\":\"https:\\\/\\\/iwell-guard.com\\\/fi\\\/anguta-sednan-isa-ja-manalan-vartija\\\/#breadcrumb\",\"itemListElement\":[{\"@type\":\"ListItem\",\"position\":1,\"name\":\"Start\",\"item\":\"https:\\\/\\\/iwell-guard.com\\\/fi\\\/?page_id=143815\"},{\"@type\":\"ListItem\",\"position\":2,\"name\":\"Anguta \u2013 Sednan is\u00e4 ja manalan vartija\"}]},{\"@type\":\"WebSite\",\"@id\":\"https:\\\/\\\/iwell-guard.com\\\/fi\\\/#website\",\"url\":\"https:\\\/\\\/iwell-guard.com\\\/fi\\\/\",\"name\":\"iWell Guard\",\"description\":\"Schutz vor dunklen Einfl\u00fcssen\",\"publisher\":{\"@id\":\"https:\\\/\\\/iwell-guard.com\\\/fi\\\/#organization\"},\"potentialAction\":[{\"@type\":\"SearchAction\",\"target\":{\"@type\":\"EntryPoint\",\"urlTemplate\":\"https:\\\/\\\/iwell-guard.com\\\/fi\\\/?s={search_term_string}\"},\"query-input\":{\"@type\":\"PropertyValueSpecification\",\"valueRequired\":true,\"valueName\":\"search_term_string\"}}],\"inLanguage\":\"fi\"},{\"@type\":\"Organization\",\"@id\":\"https:\\\/\\\/iwell-guard.com\\\/fi\\\/#organization\",\"name\":\"Ittermann electronic GmbH\",\"url\":\"https:\\\/\\\/iwell-guard.com\\\/fi\\\/\",\"logo\":{\"@type\":\"ImageObject\",\"inLanguage\":\"fi\",\"@id\":\"https:\\\/\\\/iwell-guard.com\\\/fi\\\/#\\\/schema\\\/logo\\\/image\\\/\",\"url\":\"https:\\\/\\\/iwell-guard.com\\\/wp-content\\\/uploads\\\/2026\\\/05\\\/Ittermann-Logo-1182x237-1.png\",\"contentUrl\":\"https:\\\/\\\/iwell-guard.com\\\/wp-content\\\/uploads\\\/2026\\\/05\\\/Ittermann-Logo-1182x237-1.png\",\"width\":1182,\"height\":237,\"caption\":\"Ittermann electronic GmbH\"},\"image\":{\"@id\":\"https:\\\/\\\/iwell-guard.com\\\/fi\\\/#\\\/schema\\\/logo\\\/image\\\/\"},\"sameAs\":[\"https:\\\/\\\/pantip.com\\\/profile\\\/9367242\",\"https:\\\/\\\/micro.blog\\\/iwellguard\",\"https:\\\/\\\/www.diggerslist.com\\\/iwellguard\\\/about\",\"https:\\\/\\\/skitterphoto.com\\\/photographers\\\/2870314\\\/iwell-guard\",\"https:\\\/\\\/iwellguard.wordpress.com\\\/2026\\\/06\\\/06\\\/iwell-guard\\\/\",\"https:\\\/\\\/hub.docker.com\\\/u\\\/iwellguard\",\"https:\\\/\\\/www.pinterest.com\\\/iwellguard\\\/\",\"https:\\\/\\\/bit.ly\\\/m\\\/iwellguard\",\"https:\\\/\\\/entre-vos-mains.alsace.eu\\\/profiles\\\/iwellguard\\\/activity\",\"https:\\\/\\\/gravatar.com\\\/reallybeded8fd34\",\"https:\\\/\\\/naijamatta.com\\\/iwellguard\",\"https:\\\/\\\/www.goodreads.com\\\/iwellguard\",\"https:\\\/\\\/profile.hatena.ne.jp\\\/iwellguard\\\/\",\"https:\\\/\\\/experiment.com\\\/users\\\/iwellguard\",\"https:\\\/\\\/wakelet.com\\\/@iWellGuard82270\",\"https:\\\/\\\/www.chordie.com\\\/forum\\\/profile.php?id=2555664\",\"https:\\\/\\\/www.instapaper.com\\\/p\\\/17757966\",\"https:\\\/\\\/www.mapleprimes.com\\\/users\\\/iwellguard\",\"https:\\\/\\\/businesslistingplus.com\\\/profile\\\/iwell-guard\\\/\",\"https:\\\/\\\/telegra.ph\\\/iWell-Guard-06-06\",\"https:\\\/\\\/pbase.com\\\/iwellguard\\\/iwellguard\",\"https:\\\/\\\/b.hatena.ne.jp\\\/iwellguard\\\/20260607#bookmark-4788405196491818882\",\"https:\\\/\\\/fliphtml5.com\\\/home\\\/iwellguard\",\"https:\\\/\\\/anyflip.com\\\/homepage\\\/cmiwl#About\",\"https:\\\/\\\/transfur.com\\\/Users\\\/iwellguard\",\"http:\\\/\\\/delphi.larsbo.org\\\/user\\\/iwellguard\",\"https:\\\/\\\/jobs.lajobsportal.org\\\/profiles\\\/8380803-iwell-guard\",\"https:\\\/\\\/md.chaosdorf.de\\\/s\\\/jfbe5SBdJD\",\"https:\\\/\\\/www.lingvolive.com\\\/en-us\\\/profile\\\/9ecaeaca-ce11-4e51-9e71-01d55e2bff36\\\/translations\",\"https:\\\/\\\/www.fitday.com\\\/fitness\\\/forums\\\/members\\\/iwellguard.html\",\"https:\\\/\\\/www.mymeetbook.com\\\/iwellguard\",\"https:\\\/\\\/pxhere.com\\\/en\\\/photographer-me\\\/5040798\",\"https:\\\/\\\/disqus.com\\\/by\\\/iwellguard\\\/about\\\/\",\"https:\\\/\\\/pastelink.net\\\/hjwciqwq\",\"https:\\\/\\\/pubhtml5.com\\\/homepage\\\/scjhn\\\/\",\"https:\\\/\\\/www.bitchute.com\\\/channel\\\/2O2eOKzNqujT\",\"https:\\\/\\\/audiomack.com\\\/iwellguard\"]},{\"@type\":\"Article\",\"@id\":\"https:\\\/\\\/iwell-guard.com\\\/fi\\\/anguta-sednan-isa-ja-manalan-vartija\\\/#article\",\"isPartOf\":{\"@id\":\"https:\\\/\\\/iwell-guard.com\\\/fi\\\/anguta-sednan-isa-ja-manalan-vartija\\\/\"},\"author\":{\"name\":\"Ralf Ittermann\",\"@id\":\"https:\\\/\\\/iwell-guard.com\\\/fi\\\/#\\\/schema\\\/person\\\/ee2a27f1cac3406c7c6fb5820cb7349f\"},\"headline\":\"Anguta \u2013 Sednan is\u00e4 ja manalan vartija\",\"datePublished\":\"2026-09-03T12:33:24+00:00\",\"dateModified\":\"2026-09-03T12:54:10+00:00\",\"mainEntityOfPage\":{\"@id\":\"https:\\\/\\\/iwell-guard.com\\\/fi\\\/anguta-sednan-isa-ja-manalan-vartija\\\/\"},\"publisher\":{\"@id\":\"https:\\\/\\\/iwell-guard.com\\\/fi\\\/#organization\"},\"image\":{\"@id\":\"https:\\\/\\\/iwell-guard.com\\\/fi\\\/anguta-sednan-isa-ja-manalan-vartija\\\/#primaryimage\"},\"thumbnailUrl\":\"https:\\\/\\\/iwell-guard.com\\\/wp-content\\\/uploads\\\/2026\\\/05\\\/geister_inuit_anguta.webp\",\"inLanguage\":\"fi\",\"description\":\"Anguta on Sednan is\u00e4 ja inuiittiuskomuksissa vainajien vartija Adlivunin manalassa. Uskontotieteellinen tarkastelu ja l\u00e4hteet.\"}]}<\/script>\n<!-- \/ Yoast SEO Premium plugin. -->","yoast_head_json":{"title":"Anguta \u2013 Sednan is\u00e4 ja inuiittien vainajien vartija","description":"Anguta on Sednan is\u00e4 ja inuiittiuskomuksissa vainajien vartija Adlivunin manalassa. Uskontotieteellinen tarkastelu ja l\u00e4hteet.","robots":{"index":"index","follow":"follow","max-snippet":"max-snippet:-1","max-image-preview":"max-image-preview:large","max-video-preview":"max-video-preview:-1"},"canonical":"https:\/\/iwell-guard.com\/fi\/anguta-sednan-isa-ja-manalan-vartija\/","og_locale":"fi_FI","og_type":"article","og_title":"Anguta \u2013 Sednan is\u00e4 ja manalan vartija","og_description":"Anguta on Sednan is\u00e4 ja inuiittiuskomuksissa vainajien vartija Adlivunin manalassa. Uskontotieteellinen tarkastelu ja l\u00e4hteet.","og_url":"https:\/\/iwell-guard.com\/fi\/anguta-sednan-isa-ja-manalan-vartija\/","og_site_name":"iWell Guard","article_modified_time":"2026-09-03T12:54:10+00:00","og_image":[{"width":1024,"height":1536,"url":"https:\/\/iwell-guard.com\/wp-content\/uploads\/2026\/05\/geister_inuit_anguta.webp","type":"image\/webp"}],"twitter_card":"summary_large_image","schema":{"@context":"https:\/\/schema.org","@graph":[{"@type":"Article","@id":"https:\/\/iwell-guard.com\/fi\/anguta-sednan-isa-ja-manalan-vartija\/#article","isPartOf":{"@id":"https:\/\/iwell-guard.com\/fi\/anguta-sednan-isa-ja-manalan-vartija\/"},"author":{"name":"Ralf Ittermann","@id":"https:\/\/iwell-guard.com\/fi\/#\/schema\/person\/ee2a27f1cac3406c7c6fb5820cb7349f"},"headline":"Anguta \u2013 Sednan is\u00e4 ja manalan vartija","datePublished":"2026-09-03T12:33:24+00:00","dateModified":"2026-09-03T12:54:10+00:00","mainEntityOfPage":{"@id":"https:\/\/iwell-guard.com\/fi\/anguta-sednan-isa-ja-manalan-vartija\/"},"publisher":{"@id":"https:\/\/iwell-guard.com\/fi\/#organization"},"image":{"@id":"https:\/\/iwell-guard.com\/fi\/anguta-sednan-isa-ja-manalan-vartija\/#primaryimage"},"thumbnailUrl":"https:\/\/iwell-guard.com\/wp-content\/uploads\/2026\/05\/geister_inuit_anguta.webp","inLanguage":"fi","description":"Anguta on Sednan is\u00e4 ja inuiittiuskomuksissa vainajien vartija Adlivunin manalassa. Uskontotieteellinen tarkastelu ja l\u00e4hteet."},{"@type":"WebPage","@id":"https:\/\/iwell-guard.com\/fi\/anguta-sednan-isa-ja-manalan-vartija\/","url":"https:\/\/iwell-guard.com\/fi\/anguta-sednan-isa-ja-manalan-vartija\/","name":"Anguta \u2013 Sednan is\u00e4 ja inuiittien vainajien vartija","isPartOf":{"@id":"https:\/\/iwell-guard.com\/fi\/#website"},"primaryImageOfPage":{"@id":"https:\/\/iwell-guard.com\/fi\/anguta-sednan-isa-ja-manalan-vartija\/#primaryimage"},"image":{"@id":"https:\/\/iwell-guard.com\/fi\/anguta-sednan-isa-ja-manalan-vartija\/#primaryimage"},"thumbnailUrl":"https:\/\/iwell-guard.com\/wp-content\/uploads\/2026\/05\/geister_inuit_anguta.webp","datePublished":"2026-09-03T12:33:24+00:00","dateModified":"2026-09-03T12:54:10+00:00","description":"Anguta on Sednan is\u00e4 ja inuiittiuskomuksissa vainajien vartija Adlivunin manalassa. Uskontotieteellinen tarkastelu ja l\u00e4hteet.","breadcrumb":{"@id":"https:\/\/iwell-guard.com\/fi\/anguta-sednan-isa-ja-manalan-vartija\/#breadcrumb"},"inLanguage":"fi","potentialAction":[{"@type":"ReadAction","target":["https:\/\/iwell-guard.com\/fi\/anguta-sednan-isa-ja-manalan-vartija\/"]}]},{"@type":"ImageObject","inLanguage":"fi","@id":"https:\/\/iwell-guard.com\/fi\/anguta-sednan-isa-ja-manalan-vartija\/#primaryimage","url":"https:\/\/iwell-guard.com\/wp-content\/uploads\/2026\/05\/geister_inuit_anguta.webp","contentUrl":"https:\/\/iwell-guard.com\/wp-content\/uploads\/2026\/05\/geister_inuit_anguta.webp","width":1024,"height":1536,"caption":"Henki\u00e4 inuiittiperinteest\u00e4."},{"@type":"BreadcrumbList","@id":"https:\/\/iwell-guard.com\/fi\/anguta-sednan-isa-ja-manalan-vartija\/#breadcrumb","itemListElement":[{"@type":"ListItem","position":1,"name":"Start","item":"https:\/\/iwell-guard.com\/fi\/?page_id=143815"},{"@type":"ListItem","position":2,"name":"Anguta \u2013 Sednan is\u00e4 ja manalan vartija"}]},{"@type":"WebSite","@id":"https:\/\/iwell-guard.com\/fi\/#website","url":"https:\/\/iwell-guard.com\/fi\/","name":"iWell Guard","description":"Schutz vor dunklen Einfl\u00fcssen","publisher":{"@id":"https:\/\/iwell-guard.com\/fi\/#organization"},"potentialAction":[{"@type":"SearchAction","target":{"@type":"EntryPoint","urlTemplate":"https:\/\/iwell-guard.com\/fi\/?s={search_term_string}"},"query-input":{"@type":"PropertyValueSpecification","valueRequired":true,"valueName":"search_term_string"}}],"inLanguage":"fi"},{"@type":"Organization","@id":"https:\/\/iwell-guard.com\/fi\/#organization","name":"Ittermann electronic GmbH","url":"https:\/\/iwell-guard.com\/fi\/","logo":{"@type":"ImageObject","inLanguage":"fi","@id":"https:\/\/iwell-guard.com\/fi\/#\/schema\/logo\/image\/","url":"https:\/\/iwell-guard.com\/wp-content\/uploads\/2026\/05\/Ittermann-Logo-1182x237-1.png","contentUrl":"https:\/\/iwell-guard.com\/wp-content\/uploads\/2026\/05\/Ittermann-Logo-1182x237-1.png","width":1182,"height":237,"caption":"Ittermann electronic GmbH"},"image":{"@id":"https:\/\/iwell-guard.com\/fi\/#\/schema\/logo\/image\/"},"sameAs":["https:\/\/pantip.com\/profile\/9367242","https:\/\/micro.blog\/iwellguard","https:\/\/www.diggerslist.com\/iwellguard\/about","https:\/\/skitterphoto.com\/photographers\/2870314\/iwell-guard","https:\/\/iwellguard.wordpress.com\/2026\/06\/06\/iwell-guard\/","https:\/\/hub.docker.com\/u\/iwellguard","https:\/\/www.pinterest.com\/iwellguard\/","https:\/\/bit.ly\/m\/iwellguard","https:\/\/entre-vos-mains.alsace.eu\/profiles\/iwellguard\/activity","https:\/\/gravatar.com\/reallybeded8fd34","https:\/\/naijamatta.com\/iwellguard","https:\/\/www.goodreads.com\/iwellguard","https:\/\/profile.hatena.ne.jp\/iwellguard\/","https:\/\/experiment.com\/users\/iwellguard","https:\/\/wakelet.com\/@iWellGuard82270","https:\/\/www.chordie.com\/forum\/profile.php?id=2555664","https:\/\/www.instapaper.com\/p\/17757966","https:\/\/www.mapleprimes.com\/users\/iwellguard","https:\/\/businesslistingplus.com\/profile\/iwell-guard\/","https:\/\/telegra.ph\/iWell-Guard-06-06","https:\/\/pbase.com\/iwellguard\/iwellguard","https:\/\/b.hatena.ne.jp\/iwellguard\/20260607#bookmark-4788405196491818882","https:\/\/fliphtml5.com\/home\/iwellguard","https:\/\/anyflip.com\/homepage\/cmiwl#About","https:\/\/transfur.com\/Users\/iwellguard","http:\/\/delphi.larsbo.org\/user\/iwellguard","https:\/\/jobs.lajobsportal.org\/profiles\/8380803-iwell-guard","https:\/\/md.chaosdorf.de\/s\/jfbe5SBdJD","https:\/\/www.lingvolive.com\/en-us\/profile\/9ecaeaca-ce11-4e51-9e71-01d55e2bff36\/translations","https:\/\/www.fitday.com\/fitness\/forums\/members\/iwellguard.html","https:\/\/www.mymeetbook.com\/iwellguard","https:\/\/pxhere.com\/en\/photographer-me\/5040798","https:\/\/disqus.com\/by\/iwellguard\/about\/","https:\/\/pastelink.net\/hjwciqwq","https:\/\/pubhtml5.com\/homepage\/scjhn\/","https:\/\/www.bitchute.com\/channel\/2O2eOKzNqujT","https:\/\/audiomack.com\/iwellguard"]},{"@type":"Person","@id":"https:\/\/iwell-guard.com\/fi\/#\/schema\/person\/ee2a27f1cac3406c7c6fb5820cb7349f","name":"Ralf Ittermann","image":{"@type":"ImageObject","inLanguage":"fi","@id":"https:\/\/secure.gravatar.com\/avatar\/073c0153e350a5005b68eb752b445fea71f6b24a26da9449ad7e155e6b446c9d?s=96&d=mm&r=g","url":"https:\/\/secure.gravatar.com\/avatar\/073c0153e350a5005b68eb752b445fea71f6b24a26da9449ad7e155e6b446c9d?s=96&d=mm&r=g","contentUrl":"https:\/\/secure.gravatar.com\/avatar\/073c0153e350a5005b68eb752b445fea71f6b24a26da9449ad7e155e6b446c9d?s=96&d=mm&r=g","caption":"Ralf Ittermann"},"givenName":"Ralf","familyName":"Ittermann","jobTitle":"Gesch\u00e4ftsf\u00fchrer und redaktioneller Verantwortlicher","url":"https:\/\/iwell-guard.com\/fi\/author\/claude\/","description":"Ralf Ittermann ist Gesch\u00e4ftsf\u00fchrer der Ittermann electronic GmbH und redaktioneller Verantwortlicher des iWell-Guard-Lexikons. Er verbindet langj\u00e4hrige Erfahrung in der Pr\u00e4zisionsfertigung mit medialer Praxis und religionsgeschichtlicher Quellenarbeit.","worksFor":{"@type":"Organization","name":"Ittermann electronic GmbH","url":"https:\/\/ittermann.de\/","address":{"@type":"PostalAddress","streetAddress":"K\u00f6hlergasse 16-18","postalCode":"99842","addressLocality":"Ruhla","addressCountry":"DE"}},"knowsAbout":["Religionsgeschichte","Mythologie","Mediale Praxis","Energetische Diagnostik","Schutzpraxis","Volksglauben","Westliche Esoterik"]},{"@type":"Article","@id":"https:\/\/iwell-guard.com\/fi\/anguta-sednan-isa-ja-manalan-vartija\/#article","isPartOf":{"@id":"https:\/\/iwell-guard.com\/fi\/anguta-sednan-isa-ja-manalan-vartija\/"},"author":{"name":"Ralf Ittermann","@id":"https:\/\/iwell-guard.com\/fi\/#\/schema\/person\/ee2a27f1cac3406c7c6fb5820cb7349f"},"headline":"Anguta \u2013 Sednan is\u00e4 ja manalan vartija","datePublished":"2026-09-03T12:33:24+00:00","dateModified":"2026-09-03T12:54:10+00:00","mainEntityOfPage":{"@id":"https:\/\/iwell-guard.com\/fi\/anguta-sednan-isa-ja-manalan-vartija\/"},"publisher":{"@id":"https:\/\/iwell-guard.com\/fi\/#organization"},"image":{"@id":"https:\/\/iwell-guard.com\/fi\/anguta-sednan-isa-ja-manalan-vartija\/#primaryimage"},"thumbnailUrl":"https:\/\/iwell-guard.com\/wp-content\/uploads\/2026\/05\/geister_inuit_anguta.webp","inLanguage":"fi","description":"Anguta on Sednan is\u00e4 ja inuiittiuskomuksissa vainajien vartija Adlivunin manalassa. Uskontotieteellinen tarkastelu ja l\u00e4hteet."}]}},"_links":{"self":[{"href":"https:\/\/iwell-guard.com\/fi\/wp-json\/wp\/v2\/pages\/144238","targetHints":{"allow":["GET"]}}],"collection":[{"href":"https:\/\/iwell-guard.com\/fi\/wp-json\/wp\/v2\/pages"}],"about":[{"href":"https:\/\/iwell-guard.com\/fi\/wp-json\/wp\/v2\/types\/page"}],"author":[{"embeddable":true,"href":"https:\/\/iwell-guard.com\/fi\/wp-json\/wp\/v2\/users\/3"}],"replies":[{"embeddable":true,"href":"https:\/\/iwell-guard.com\/fi\/wp-json\/wp\/v2\/comments?post=144238"}],"version-history":[{"count":0,"href":"https:\/\/iwell-guard.com\/fi\/wp-json\/wp\/v2\/pages\/144238\/revisions"}],"wp:featuredmedia":[{"embeddable":true,"href":"https:\/\/iwell-guard.com\/fi\/wp-json\/wp\/v2\/media\/2875"}],"wp:attachment":[{"href":"https:\/\/iwell-guard.com\/fi\/wp-json\/wp\/v2\/media?parent=144238"}],"wp:term":[{"taxonomy":"category","embeddable":true,"href":"https:\/\/iwell-guard.com\/fi\/wp-json\/wp\/v2\/categories?post=144238"}],"curies":[{"name":"wp","href":"https:\/\/api.w.org\/{rel}","templated":true}]}}