{"id":144235,"date":"2026-09-03T12:33:22","date_gmt":"2026-09-03T12:33:22","guid":{"rendered":"https:\/\/iwell-guard.com\/?page_id=144235"},"modified":"2026-09-03T12:54:03","modified_gmt":"2026-09-03T12:54:03","slug":"sila-maailmanhenki-ja-saanherra","status":"publish","type":"page","link":"https:\/\/iwell-guard.com\/fi\/sila-maailmanhenki-ja-saanherra\/","title":{"rendered":"Sila \u2013 inuiittien maailmanhenki ja s\u00e4\u00e4nherra"},"content":{"rendered":"\t\t<div data-elementor-type=\"wp-page\" data-elementor-id=\"144235\" class=\"elementor elementor-144235 elementor-2655 elementor-bc-flex-widget\" data-elementor-post-type=\"page\">\n\t\t\t\t<div class=\"elementor-element elementor-element-iwgw-sila-hero e-flex e-con-boxed e-con e-parent\" data-id=\"iwgw-sila-hero\" data-element_type=\"container\" data-e-type=\"container\" data-settings=\"{&quot;background_background&quot;:&quot;classic&quot;}\">\n\t\t\t\t\t<div class=\"e-con-inner\">\n\t\t<div class=\"elementor-element elementor-element-iwgw-sila-hl e-flex e-con-boxed e-con e-child\" data-id=\"iwgw-sila-hl\" data-element_type=\"container\" data-e-type=\"container\">\n\t\t\t\t\t<div class=\"e-con-inner\">\n\t\t<div class=\"elementor-element elementor-element-iwgw-sila-htxt e-con-full e-flex e-con e-child\" data-id=\"iwgw-sila-htxt\" data-element_type=\"container\" data-e-type=\"container\">\n\t\t\t\t<div class=\"elementor-element elementor-element-iwgw-sila-h1 elementor-widget elementor-widget-heading\" data-id=\"iwgw-sila-h1\" data-element_type=\"widget\" data-e-type=\"widget\" data-widget_type=\"heading.default\">\n\t\t\t\t\t<h1 class=\"elementor-heading-title elementor-size-default\">Sila \u2013 s\u00e4\u00e4, henki ja tietoisuus inuiittiajattelussa<\/h1>\t\t\t\t<\/div>\n\t\t\t\t<div class=\"elementor-element elementor-element-iwgw-sila-lead elementor-widget elementor-widget-text-editor\" data-id=\"iwgw-sila-lead\" data-element_type=\"widget\" data-e-type=\"widget\" data-widget_type=\"text-editor.default\">\n\t\t\t\t\t\t\t\t\t<p>Sila ei ole keskiarktisten <a href=\"https:\/\/iwell-guard.com\/fi\/inuit-ja-arktis-sedna-tornit\/\">inuiittien<\/a> k\u00e4sityksess\u00e4 varsinaisesti henkil\u00f6hahmoinen jumala, vaan ilman, s\u00e4\u00e4n, hengityksen ja j\u00e4rjen j\u00e4rjest\u00e4v\u00e4 periaate.<\/p><p>Se, joka tuntee Silan, tuntee s\u00e4\u00e4n\u00e4, ajattelun ja maailman j\u00e4rjestyksen yht\u00e4 aikaa, sill\u00e4 inuiittikieli tiivist\u00e4\u00e4 n\u00e4m\u00e4 alueet yhteen ainoaan k\u00e4sitteeseen. Uskontotieteellisesti Sila on yksi koko sirkumpolaarisen uskontohistorian k\u00e4sitteellisesti syvimmist\u00e4 k\u00e4sitteist\u00e4.<\/p>\t\t\t\t\t\t\t\t<\/div>\n\t\t\t\t<\/div>\n\t\t<div class=\"elementor-element elementor-element-iwgw-sila-pillc e-con-full e-flex e-con e-child\" data-id=\"iwgw-sila-pillc\" data-element_type=\"container\" data-e-type=\"container\">\n\t\t\t\t<div class=\"elementor-element elementor-element-iwgw-sila-pills elementor-widget elementor-widget-html\" data-id=\"iwgw-sila-pills\" data-element_type=\"widget\" data-e-type=\"widget\" data-widget_type=\"html.default\">\n\t\t\t\t\t<div class=\"iwg-pill-row\"><span class=\"iwg-klasse-badge\" tabindex=\"0\" data-tooltip=\"Inuiittiperinteen s\u00e4\u00e4henki.\">S\u00e4\u00e4henki<\/span><a href=\"https:\/\/iwell-guard.com\/fi\/inuit-ja-arktis-sedna-tornit\/\" class=\"iwg-kultur-badge\" tabindex=\"0\" data-tooltip=\"Inuiittiperinteen mytologia.\">Inuiitit<\/a><span class=\"iwg-tradition-badge\" tabindex=\"0\" data-tooltip=\"Maailman- ja s\u00e4\u00e4periaate.\">Maailman- ja s\u00e4\u00e4periaate<\/span><\/div>\t\t\t\t<\/div>\n\t\t\t\t<\/div>\n\t\t<div class=\"elementor-element elementor-element-iwgw-sila-tocc e-con-full e-flex e-con e-child\" data-id=\"iwgw-sila-tocc\" data-element_type=\"container\" data-e-type=\"container\">\n\t\t\t\t<div class=\"elementor-element elementor-element-iwgw-sila-toc elementor-toc--minimized-on-tablet elementor-widget elementor-widget-table-of-contents\" data-id=\"iwgw-sila-toc\" data-element_type=\"widget\" data-e-type=\"widget\" data-settings=\"{&quot;headings_by_tags&quot;:[&quot;h2&quot;,&quot;h3&quot;],&quot;minimize_box&quot;:&quot;yes&quot;,&quot;marker_view&quot;:&quot;bullets&quot;,&quot;no_headings_message&quot;:&quot;T\\u00e4lt\\u00e4 sivulta ei l\\u00f6ytynyt otsikoita.&quot;,&quot;exclude_headings_by_selector&quot;:[],&quot;icon&quot;:{&quot;value&quot;:&quot;fas fa-circle&quot;,&quot;library&quot;:&quot;fa-solid&quot;,&quot;rendered_tag&quot;:&quot;&lt;svg class=\\&quot;e-font-icon-svg e-fas-circle\\&quot; viewBox=\\&quot;0 0 512 512\\&quot; xmlns=\\&quot;http:\\\/\\\/www.w3.org\\\/2000\\\/svg\\&quot;&gt;&lt;path d=\\&quot;M256 8C119 8 8 119 8 256s111 248 248 248 248-111 248-248S393 8 256 8z\\&quot;&gt;&lt;\\\/path&gt;&lt;\\\/svg&gt;&quot;},&quot;minimized_on&quot;:&quot;tablet&quot;,&quot;hierarchical_view&quot;:&quot;yes&quot;,&quot;min_height&quot;:{&quot;unit&quot;:&quot;px&quot;,&quot;size&quot;:&quot;&quot;,&quot;sizes&quot;:[]},&quot;min_height_tablet&quot;:{&quot;unit&quot;:&quot;px&quot;,&quot;size&quot;:&quot;&quot;,&quot;sizes&quot;:[]},&quot;min_height_mobile&quot;:{&quot;unit&quot;:&quot;px&quot;,&quot;size&quot;:&quot;&quot;,&quot;sizes&quot;:[]}}\" data-widget_type=\"table-of-contents.default\">\n\t\t\t\t\t\t\t\t\t<div class=\"elementor-toc__header\">\n\t\t\t\t\t\t<h2 class=\"elementor-toc__header-title\">\n\t\t\t\tSis\u00e4llysluettelo\t\t\t<\/h2>\n\t\t\t\t\t\t\t\t\t\t<div class=\"elementor-toc__toggle-button elementor-toc__toggle-button--expand\" role=\"button\" tabindex=\"0\" aria-controls=\"elementor-toc__iwgw-sila-toc\" aria-expanded=\"true\" aria-label=\"Open table of contents\"><svg aria-hidden=\"true\" class=\"e-font-icon-svg e-fas-chevron-down\" viewBox=\"0 0 448 512\" xmlns=\"http:\/\/www.w3.org\/2000\/svg\"><path d=\"M207.029 381.476L12.686 187.132c-9.373-9.373-9.373-24.569 0-33.941l22.667-22.667c9.357-9.357 24.522-9.375 33.901-.04L224 284.505l154.745-154.021c9.379-9.335 24.544-9.317 33.901.04l22.667 22.667c9.373 9.373 9.373 24.569 0 33.941L240.971 381.476c-9.373 9.372-24.569 9.372-33.942 0z\"><\/path><\/svg><\/div>\n\t\t\t\t<div class=\"elementor-toc__toggle-button elementor-toc__toggle-button--collapse\" role=\"button\" tabindex=\"0\" aria-controls=\"elementor-toc__iwgw-sila-toc\" aria-expanded=\"true\" aria-label=\"Close table of contents\"><svg aria-hidden=\"true\" class=\"e-font-icon-svg e-fas-chevron-up\" viewBox=\"0 0 448 512\" xmlns=\"http:\/\/www.w3.org\/2000\/svg\"><path d=\"M240.971 130.524l194.343 194.343c9.373 9.373 9.373 24.569 0 33.941l-22.667 22.667c-9.357 9.357-24.522 9.375-33.901.04L224 227.495 69.255 381.516c-9.379 9.335-24.544 9.317-33.901-.04l-22.667-22.667c-9.373-9.373-9.373-24.569 0-33.941L207.03 130.525c9.372-9.373 24.568-9.373 33.941-.001z\"><\/path><\/svg><\/div>\n\t\t\t\t\t<\/div>\n\t\t\t\t<div id=\"elementor-toc__iwgw-sila-toc\" class=\"elementor-toc__body\">\n\t\t\t<div class=\"elementor-toc__spinner-container\">\n\t\t\t\t<svg class=\"elementor-toc__spinner eicon-animation-spin e-font-icon-svg e-eicon-loading\" aria-hidden=\"true\" viewBox=\"0 0 1000 1000\" xmlns=\"http:\/\/www.w3.org\/2000\/svg\"><path d=\"M500 975V858C696 858 858 696 858 500S696 142 500 142 142 304 142 500H25C25 237 238 25 500 25S975 237 975 500 763 975 500 975Z\"><\/path><\/svg>\t\t\t<\/div>\n\t\t<\/div>\n\t\t\t\t\t\t<\/div>\n\t\t\t\t<\/div>\n\t\t\t\t\t<\/div>\n\t\t\t\t<\/div>\n\t\t<div class=\"elementor-element elementor-element-iwgw-sila-hr e-con-full e-flex e-con e-child\" data-id=\"iwgw-sila-hr\" data-element_type=\"container\" data-e-type=\"container\">\n\t\t\t\t<div class=\"elementor-element elementor-element-iwgw-sila-heroimg iwg-hero-image elementor-widget elementor-widget-image\" data-id=\"iwgw-sila-heroimg\" data-element_type=\"widget\" data-e-type=\"widget\" data-widget_type=\"image.default\">\n\t\t\t\t\t\t\t\t\t\t\t\t\t\t\t<img fetchpriority=\"high\" decoding=\"async\" width=\"683\" height=\"1024\" src=\"https:\/\/iwell-guard.com\/wp-content\/uploads\/2026\/05\/geister_inuit_sila-683x1024.webp\" class=\"attachment-large size-large wp-image-148762\" alt=\"Sila \u2013 henki\u00e4 inuittiperinteest\u00e4, historiallis-kuvitteellinen esitys\" srcset=\"https:\/\/iwell-guard.com\/wp-content\/uploads\/2026\/05\/geister_inuit_sila-683x1024.webp 683w, https:\/\/iwell-guard.com\/wp-content\/uploads\/2026\/05\/geister_inuit_sila-200x300.webp 200w, https:\/\/iwell-guard.com\/wp-content\/uploads\/2026\/05\/geister_inuit_sila-768x1152.webp 768w, https:\/\/iwell-guard.com\/wp-content\/uploads\/2026\/05\/geister_inuit_sila.webp 1024w\" sizes=\"(max-width: 683px) 100vw, 683px\" \/>\t\t\t\t\t\t\t\t\t\t\t\t\t\t\t<\/div>\n\t\t\t\t<\/div>\n\t\t\t\t\t<\/div>\n\t\t\t\t<\/div>\n\t\t<div class=\"elementor-element elementor-element-iwgw-sila-s0 e-flex e-con-boxed e-con e-parent\" data-id=\"iwgw-sila-s0\" data-element_type=\"container\" data-e-type=\"container\">\n\t\t\t\t\t<div class=\"e-con-inner\">\n\t\t\t\t<div class=\"elementor-element elementor-element-iwgw-sila-s0h elementor-widget elementor-widget-heading\" data-id=\"iwgw-sila-s0h\" data-element_type=\"widget\" data-e-type=\"widget\" data-widget_type=\"heading.default\">\n\t\t\t\t\t<h2 class=\"elementor-heading-title elementor-size-default\">Tarkastelu ja lyhyt profiili<\/h2>\t\t\t\t<\/div>\n\t\t<div class=\"elementor-element elementor-element-iwgw-sila-s0c e-con-full e-flex e-con e-child\" data-id=\"iwgw-sila-s0c\" data-element_type=\"container\" data-e-type=\"container\">\n\t\t\t\t<div class=\"elementor-element elementor-element-iwgw-sila-s0t elementor-widget elementor-widget-text-editor\" data-id=\"iwgw-sila-s0t\" data-element_type=\"widget\" data-e-type=\"widget\" data-widget_type=\"text-editor.default\">\n\t\t\t\t\t\t\t\t\t<p>Sila kuuluu uskontotieteellisess\u00e4 luokituksessa niihin harvoihin k\u00e4sitteisiin, jotka tarkoittavat yht\u00e4 aikaa kosmologista, meteorologista ja epistemist\u00e4 periaatetta. Knud Rasmussen, joka avasi k\u00e4sitteen 5. Thule-tutkimusmatkan muistiinpanoissaan keskiarktisten inuiittien uskonnon avaink\u00e4sitteen\u00e4, k\u00e4\u00e4nsi sen maailmanj\u00e4rjeksi, kun taas muut kirjoittajat, kuten Daniel Merkur ja Fr\u00e9d\u00e9ric Laugrand, puhuvat maailmanhengest\u00e4.<\/p><p>T\u00e4m\u00e4 k\u00e4\u00e4nn\u00f6sten kirjo ei kerro ep\u00e4tarkkuudesta, vaan vastaa itse sanan semanttista syvyytt\u00e4, jolla ei ole l\u00e4nsimaisessa sanastossa suoraa vastinetta.<\/p><p>Toisin kuin <a href=\"https:\/\/iwell-guard.com\/fi\/?page_id=144234\">Sedna<\/a>, Sila ei ole kerronnallisen el\u00e4m\u00e4kerran kehyksess\u00e4. Silalla ei ole sormia, venett\u00e4, is\u00e4\u00e4 eik\u00e4 kihlattua. Sila on n\u00e4kym\u00e4t\u00f6n, kaikki l\u00e4p\u00e4isev\u00e4 ehto, jossa el\u00e4imet ja ihmiset liikkuvat.<\/p><p>Juuri t\u00e4st\u00e4 syyst\u00e4 s\u00e4\u00e4 n\u00e4ytt\u00e4ytyy inuiiteille harkitsevana, tarkkailevana ja toisinaan rankaisevana voimana. Ihmisen ja maailman v\u00e4linen v\u00e4litys tapahtuu maailman oman hengityksen kautta, eik\u00e4 siihen tarvita jumalan edustamaa hahmoa.<\/p><p>T\u00e4m\u00e4 kaksinaisuus s\u00e4\u00e4n\u00e4 ja j\u00e4rken\u00e4 tekee Silasta siltana luonnonhavainnon ja uskonnollisen pohdinnan v\u00e4lill\u00e4. Nykyinen ilmastokeskustelu on omaksunut k\u00e4sitteen: kun inuiittivanhimmat sanovat Silan muuttuneen, tarkoitetaan sill\u00e4 huomattavasti enemm\u00e4n kuin s\u00e4\u00e4t\u00e4, nimitt\u00e4in maailmanj\u00e4rjestyksen kriisi\u00e4.<\/p><p>T\u00e4m\u00e4 ajankohtaisuus tekee Silasta kenties el\u00e4vimm\u00e4n k\u00e4sitteen inuiittien uskontohistoriassa ja erottaa sen muiden uskontojen puhtaasti historiallisista k\u00e4sitteist\u00e4.<\/p>\t\t\t\t\t\t\t\t<\/div>\n\t\t\t\t<\/div>\n\t\t\t\t\t<\/div>\n\t\t\t\t<\/div>\n\t\t<div class=\"elementor-element elementor-element-iwgw-sila-s1 e-flex e-con-boxed e-con e-parent\" data-id=\"iwgw-sila-s1\" data-element_type=\"container\" data-e-type=\"container\">\n\t\t\t\t\t<div class=\"e-con-inner\">\n\t\t\t\t<div class=\"elementor-element elementor-element-iwgw-sila-s1h elementor-widget elementor-widget-heading\" data-id=\"iwgw-sila-s1h\" data-element_type=\"widget\" data-e-type=\"widget\" data-widget_type=\"heading.default\">\n\t\t\t\t\t<h2 class=\"elementor-heading-title elementor-size-default\">Etymologia ja kielellinen monikerroksisuus<\/h2>\t\t\t\t<\/div>\n\t\t<div class=\"elementor-element elementor-element-iwgw-sila-s1c e-con-full e-flex e-con e-child\" data-id=\"iwgw-sila-s1c\" data-element_type=\"container\" data-e-type=\"container\">\n\t\t\t\t<div class=\"elementor-element elementor-element-iwgw-sila-s1t elementor-widget elementor-widget-text-editor\" data-id=\"iwgw-sila-s1t\" data-element_type=\"widget\" data-e-type=\"widget\" data-widget_type=\"text-editor.default\">\n\t\t\t\t\t\t\t\t\t<p>Sana <em>sila<\/em> on todistettu koko inuiittikielialueella T\u0161ukotkasta Gr\u00f6nlantiin l\u00e4hes samassa muodossa, mik\u00e4 viittaa k\u00e4sitteen suureen syvyyteen. Merkityksiin kuuluvat: ulkona vallitseva s\u00e4\u00e4, ulkomaailma, taivas, j\u00e4rki, viisaus, kyky arvioida tilanne oikein.<\/p><p>T\u00e4st\u00e4 johdettu <em>silatujuq<\/em> tarkoittaa \u00e4lyk\u00e4st\u00e4, viisasta ihmist\u00e4, kirjaimellisesti Silan omistavaa. T\u00e4m\u00e4 sananmuodostus on uskontofenomenologisesti keskeinen, sill\u00e4 se osoittaa, ett\u00e4 viisaus ymm\u00e4rret\u00e4\u00e4n t\u00e4ss\u00e4 ensisijaisesti Silan omistamisena, ei niink\u00e4\u00e4n kognitiivisena suorituksena.<\/p><p>Se, ett\u00e4 sama juuri kantaa niin meteorologista kuin \u00e4lyllist\u00e4 merkityst\u00e4, ei ole kielihistoriallisesti sattumaa. Tieteellisesti t\u00e4ss\u00e4 n\u00e4hd\u00e4\u00e4n alkuper\u00e4iskansan tietoteoria, jossa ymp\u00e4rist\u00f6n oikea arviointi ja oikea ajattelu muodostavat yhten\u00e4isyyden.<\/p><p>Se, joka ei osaa lukea s\u00e4\u00e4t\u00e4, ei ole viisas, ja k\u00e4\u00e4nt\u00e4en: se, joka ei ole viisas, ei huomaa s\u00e4\u00e4n merkkej\u00e4. T\u00e4m\u00e4 liittym\u00e4 on uskontofenomenologisesti itsen\u00e4inen ilmi\u00f6, jolla ei ole suoraa vastinetta eurooppalaisissa kieliss\u00e4.<\/p><p>Uskonnollisessa kielenk\u00e4yt\u00f6ss\u00e4 esiintyy lis\u00e4ksi yhdyssana <em>sila inua<\/em>, kirjaimellisesti Silan henkil\u00f6 tai s\u00e4\u00e4n mies. T\u00e4m\u00e4 tarkoittaa l\u00e4hes henkil\u00f6llist\u00e4 olemusta, jota voidaan puhutella samaanisessa diskurssissa, vaikkei siit\u00e4 synny t\u00e4ysin kehittynytt\u00e4 jumalhahmoa.<\/p><p>T\u00e4m\u00e4 periaatteen ja persoonan v\u00e4linen h\u00e4ilyvyys on tieteellisesti erityisen valaiseva ja vastaa jonkinlaista modaalista <span class=\"iwg-fachbegriff\" data-tooltip=\"Uskonnon jumalaa ja uskoa koskeva tieteellinen oppi.\" tabindex=\"0\">teologiaa<\/span>: Silaa puhutellaan asiayhteydest\u00e4 riippuen enemm\u00e4n tai v\u00e4hemm\u00e4n henkil\u00f6llisen\u00e4.<\/p>\t\t\t\t\t\t\t\t<\/div>\n\t\t\t\t<\/div>\n\t\t\t\t\t<\/div>\n\t\t\t\t<\/div>\n\t\t<div class=\"elementor-element elementor-element-iwgw-sila-s2 e-flex e-con-boxed e-con e-parent\" data-id=\"iwgw-sila-s2\" data-element_type=\"container\" data-e-type=\"container\">\n\t\t\t\t\t<div class=\"e-con-inner\">\n\t\t\t\t<div class=\"elementor-element elementor-element-iwgw-sila-s2h elementor-widget elementor-widget-heading\" data-id=\"iwgw-sila-s2h\" data-element_type=\"widget\" data-e-type=\"widget\" data-widget_type=\"heading.default\">\n\t\t\t\t\t<h2 class=\"elementor-heading-title elementor-size-default\">Kuvaus etnografisissa l\u00e4hteiss\u00e4<\/h2>\t\t\t\t<\/div>\n\t\t<div class=\"elementor-element elementor-element-iwgw-sila-s2c e-con-full e-flex e-con e-child\" data-id=\"iwgw-sila-s2c\" data-element_type=\"container\" data-e-type=\"container\">\n\t\t\t\t<div class=\"elementor-element elementor-element-iwgw-sila-s2t elementor-widget elementor-widget-text-editor\" data-id=\"iwgw-sila-s2t\" data-element_type=\"widget\" data-e-type=\"widget\" data-widget_type=\"text-editor.default\">\n\t\t\t\t\t\t\t\t\t<p>Vanhimmat ja tiheimm\u00e4t kuvaukset Silasta ovat per\u00e4isin Rasmussenin keskusteluista iglulik-samaanien Auan, Ivaluardjukin ja Kibkarjukin kanssa 1920-luvulla.<\/p><p>Aua kertoi Rasmussenille, ett\u00e4 Sila on voima, jonka \u00e4\u00e4nen kuulevat vain lapset, koska se on niin hiljainen, ja joka ilmoittaa itsens\u00e4 muuttumalla myrskyksi, lumipyryksi ja n\u00e4l\u00e4nh\u00e4d\u00e4ksi. T\u00e4st\u00e4 lausunnosta on tullut arktisen uskonnon tutkimuksen vakiokohta.<\/p><p>Sila oli n\u00e4in ollen kaikissa suhteissa yht\u00e4 aikaa ymp\u00e4r\u00f6iv\u00e4 s\u00e4\u00e4 ja valvova voima, joka rekister\u00f6i ihmisten k\u00e4ytt\u00e4ytymisen. Toinen iglulik-<span class=\"iwg-fachbegriff\" data-tooltip=\"Uskonnollinen erikoisasiantuntija, jonka katsotaan v\u00e4litt\u00e4v\u00e4n ihmisten ja henkimaailman v\u00e4lill\u00e4.\" tabindex=\"0\">samaani<\/span> sanoi: Kuolleet, aurinko ja kuu kuuluvat kaikki Silaan, sill\u00e4 kaikki tapahtunut on Silaa.<\/p><p>T\u00e4st\u00e4 Merkur p\u00e4\u00e4ttelee, ett\u00e4 Sila on iglulik-<span class=\"iwg-fachbegriff\" data-tooltip=\"Uskonnon jumalaa ja uskoa koskeva tieteellinen oppi.\" tabindex=\"0\">teologiassa<\/span> jonkinlainen monistinen taustaperiaate, joka k\u00e4sitt\u00e4\u00e4 persoonalliset jumaluudet niit\u00e4 absorboimatta. T\u00e4m\u00e4 tulkinta on tieteellisesti kiistanalainen, mutta se on saanut my\u00f6hemm\u00e4ss\u00e4 tutkimuksessa huomattavaa vaikutusta.<\/p><p>Gr\u00f6nlannissa Hinrich Rink v\u00e4litt\u00e4\u00e4 k\u00e4sitteen muodossa <em>silap inua<\/em>, keskikanadalaisella tundralla muodossa <em>sila<\/em>, Mackenzie-inuiiteilla osin muodossa <em>hila<\/em>. Murrevaihtelusta huolimatta uskonnollinen teht\u00e4v\u00e4 pysyy johdonmukaisena.<\/p><p>K\u00e4sitteen pysyvyys tuhansien kilometrien matkalla on tieteellisesti huomionarvoista ja viittaa eritt\u00e4in vanhaan k\u00e4sitteelliseen kerrostumaan, joka juontaa todenn\u00e4k\u00f6isesti proto-eskimo-aleuttikielen tasolle ja voi siten olla useita tuhansia vuosia vanha.<\/p>\t\t\t\t\t\t\t\t<\/div>\n\t\t\t\t<\/div>\n\t\t\t\t\t<\/div>\n\t\t\t\t<\/div>\n\t\t<div class=\"elementor-element elementor-element-iwgw-sila-s3 e-flex e-con-boxed e-con e-parent\" data-id=\"iwgw-sila-s3\" data-element_type=\"container\" data-e-type=\"container\">\n\t\t\t\t\t<div class=\"e-con-inner\">\n\t\t\t\t<div class=\"elementor-element elementor-element-iwgw-sila-s3h elementor-widget elementor-widget-heading\" data-id=\"iwgw-sila-s3h\" data-element_type=\"widget\" data-e-type=\"widget\" data-widget_type=\"heading.default\">\n\t\t\t\t\t<h2 class=\"elementor-heading-title elementor-size-default\">Sila s\u00e4\u00e4n\u00e4 ja kosmologisena periaatteena<\/h2>\t\t\t\t<\/div>\n\t\t<div class=\"elementor-element elementor-element-iwgw-sila-s3c e-con-full e-flex e-con e-child\" data-id=\"iwgw-sila-s3c\" data-element_type=\"container\" data-e-type=\"container\">\n\t\t\t\t<div class=\"elementor-element elementor-element-iwgw-sila-s3t elementor-widget elementor-widget-text-editor\" data-id=\"iwgw-sila-s3t\" data-element_type=\"widget\" data-e-type=\"widget\" data-widget_type=\"text-editor.default\">\n\t\t\t\t\t\t\t\t\t<p>Arktisessa arjessa Sila ratkaisee s\u00e4\u00e4n\u00e4 el\u00e4m\u00e4n ja kuoleman. \u00c4killinen valkopy\u00f6rre, myrskyt ja merij\u00e4\u00e4n murtuminen n\u00e4hd\u00e4\u00e4n ihmisen k\u00e4yt\u00f6kseen reagoivan voiman ilmauksina, ei suinkaan sattumanvaraisina luonnonilmi\u00f6in\u00e4.<\/p><p>Tieteellisesti t\u00e4m\u00e4 ei ole klassista <span class=\"iwg-fachbegriff\" data-tooltip=\"K\u00e4sitys, jonka mukaan my\u00f6s el\u00e4imill\u00e4, kasveilla ja esineill\u00e4 on sielu.\" tabindex=\"0\">animismia<\/span>, vaan ekologista <span class=\"iwg-fachbegriff\" data-tooltip=\"Tieteellinen oppi jumalasta ja uskonnon uskosta.\" tabindex=\"0\">teologiaa<\/span>, jossa s\u00e4\u00e4 miellet\u00e4\u00e4n persoonana puhuteltavaksi suureksi. T\u00e4m\u00e4 ero vanhempien tutkimusm\u00e4\u00e4ritelmien <span class=\"iwg-fachbegriff\" data-tooltip=\"K\u00e4sitys, jonka mukaan my\u00f6s el\u00e4imill\u00e4, kasveilla ja esineill\u00e4 on sielu.\" tabindex=\"0\">animismiin<\/span> on analyyttisesti t\u00e4rke\u00e4.<\/p><p>Kosmologisesti Sila kuvataan joissakin iglulikilaisissa kertomuksissa entisen\u00e4 j\u00e4ttil\u00e4isen\u00e4, joka kuolemansa j\u00e4lkeen levitt\u00e4ytyi maailman ylle ja jonka hengitys nyt liikuttaa tuulta.<\/p><p>Toiset kertomukset tuntevat Silan vain ymp\u00e4r\u00f6iv\u00e4n\u00e4 elementtin\u00e4, vailla polveutumistarinaa. T\u00e4m\u00e4 vaihtelu ei ole tieteellisesti ristiriita, vaan heijastaa sit\u00e4, ett\u00e4 inuiittien uskonto ei ole dogmaattinen j\u00e4rjestelm\u00e4, vaan el\u00e4\u00e4 suullisessa perinteess\u00e4 ja muotoutuu tilanteen mukaan.<\/p><p>T\u00e4rke\u00e4\u00e4 on kytk\u00f6s muihin voimiin. Sila esiintyy rinnakkain <a href=\"https:\/\/iwell-guard.com\/fi\/?page_id=144234\">Sednan<\/a> kanssa meriel\u00e4inten haltijana, <a href=\"https:\/\/iwell-guard.com\/fi\/?page_id=144241\">Igalukin<\/a> kanssa kuun haltijana ja <a href=\"https:\/\/iwell-guard.com\/fi\/?page_id=144239\">Pingan<\/a> kanssa, joka vartioi maael\u00e4imi\u00e4.<\/p><p>Valta on jakautunut, ja Sila muodostaa kaiken kattavan kehyksen. T\u00e4m\u00e4 jakautuminen on uskontofenomenologisesti omanlaisensa malli ja tekee inuiittien uskonnosta suhdeteologian eik\u00e4 hierarkian. Jumalten maailma on j\u00e4rjestynyt verkostomaisesti, pyramidimaisesta j\u00e4rjestyksest\u00e4 ei voida puhua.<\/p>\t\t\t\t\t\t\t\t<\/div>\n\t\t\t\t<\/div>\n\t\t\t\t\t<\/div>\n\t\t\t\t<\/div>\n\t\t<div class=\"elementor-element elementor-element-iwgw-sila-s4 e-flex e-con-boxed e-con e-parent\" data-id=\"iwgw-sila-s4\" data-element_type=\"container\" data-e-type=\"container\">\n\t\t\t\t\t<div class=\"e-con-inner\">\n\t\t\t\t<div class=\"elementor-element elementor-element-iwgw-sila-s4h elementor-widget elementor-widget-heading\" data-id=\"iwgw-sila-s4h\" data-element_type=\"widget\" data-e-type=\"widget\" data-widget_type=\"heading.default\">\n\t\t\t\t\t<h2 class=\"elementor-heading-title elementor-size-default\">Sila j\u00e4rken\u00e4 ja eettisen\u00e4 voimana<\/h2>\t\t\t\t<\/div>\n\t\t<div class=\"elementor-element elementor-element-iwgw-sila-s4c e-con-full e-flex e-con e-child\" data-id=\"iwgw-sila-s4c\" data-element_type=\"container\" data-e-type=\"container\">\n\t\t\t\t<div class=\"elementor-element elementor-element-iwgw-sila-s4t elementor-widget elementor-widget-text-editor\" data-id=\"iwgw-sila-s4t\" data-element_type=\"widget\" data-e-type=\"widget\" data-widget_type=\"text-editor.default\">\n\t\t\t\t\t\t\t\t\t<p>Semanttinen kaksoismerkitys tekee Silasta eettisen suureen. Se, joka rikkoo <em>pittailiniqia<\/em>, tabuja vastaan, menett\u00e4\u00e4 el\u00e4imet ja sen lis\u00e4ksi my\u00f6s oman silansa, eli muuttuu tyhm\u00e4ksi, arvioi s\u00e4\u00e4n v\u00e4\u00e4rin, eksyy ja paleltuu.<\/p><p>J\u00e4rjenvirheet ja s\u00e4\u00e4nmy\u00f6t\u00e4iset onnettomuudet ovat siten kahdenlaisia ilmentymi\u00e4 samasta maailmanj\u00e4rjestyksen rikkomisesta. T\u00e4m\u00e4 kytk\u00f6s on tieteellisesti merkitt\u00e4v\u00e4, koska se osoittaa, ett\u00e4 inuiittien etiikka toimii viisauskategorioiden pohjalta syyllisyyskategorioiden sijaan.<\/p><p>Iglulikilaisilta Rasmussen kertoo k\u00e4sitteest\u00e4, jota h\u00e4n kuvaa inuiittiseksi stoalaisuudeksi: oikea asenne myrskyss\u00e4 on k\u00e4rsiv\u00e4llinen, selke\u00e4, silan mukainen kest\u00e4minen, ei ep\u00e4toivoinen vastustaminen.<\/p><p>Se, joka kulkee s\u00e4\u00e4n l\u00e4pi menett\u00e4m\u00e4tt\u00e4 silaansa, ei palellu. Kurinalaisuus hallita tunteita on uskonnollisesti antautumisen muoto Silalle. T\u00e4m\u00e4 tunteiden hallinta on saanut runsaasti tilaa etnopsykologisessa tutkimuksessa.<\/p><p>T\u00e4m\u00e4 yhteys s\u00e4\u00e4n, j\u00e4rjen ja eettisen itsehallinnan v\u00e4lill\u00e4 on saanut huomattavaa huomiota 1900-luvun j\u00e4lkipuoliskon uskonnonfilosofiassa, esimerkiksi Merkurin t\u00f6iss\u00e4 ja Tim Ingoldin arktista <span class=\"iwg-fachbegriff\" data-tooltip=\"Ruumiiton olento, jolle katsotaan olevan vaikutusta maailmassa.\" tabindex=\"0\">henki<\/span>-ekologiaa k\u00e4sittelev\u00e4ss\u00e4 keskustelussa.<\/p><p>Rakenteellinen l\u00e4heisyys antiikin stoalaiseen etiikkaan on huomiota her\u00e4tt\u00e4v\u00e4, mutta se ei saisi johtaa h\u00e4tik\u00f6ityyn samastamiseen, sill\u00e4 kulttuurihistorialliset kontekstit ovat erilaiset ja inuiittien etiikka on syntynyt eri historiallisesta tilanteesta.<\/p>\t\t\t\t\t\t\t\t<\/div>\n\t\t\t\t<\/div>\n\t\t\t\t\t<\/div>\n\t\t\t\t<\/div>\n\t\t<div class=\"elementor-element elementor-element-iwgw-sila-s5 e-flex e-con-boxed e-con e-parent\" data-id=\"iwgw-sila-s5\" data-element_type=\"container\" data-e-type=\"container\">\n\t\t\t\t\t<div class=\"e-con-inner\">\n\t\t\t\t<div class=\"elementor-element elementor-element-iwgw-sila-s5h elementor-widget elementor-widget-heading\" data-id=\"iwgw-sila-s5h\" data-element_type=\"widget\" data-e-type=\"widget\" data-widget_type=\"heading.default\">\n\t\t\t\t\t<h2 class=\"elementor-heading-title elementor-size-default\">Shamanistinen k\u00e4yt\u00e4nt\u00f6 ja s\u00e4\u00e4rituaali<\/h2>\t\t\t\t<\/div>\n\t\t<div class=\"elementor-element elementor-element-iwgw-sila-s5c e-con-full e-flex e-con e-child\" data-id=\"iwgw-sila-s5c\" data-element_type=\"container\" data-e-type=\"container\">\n\t\t\t\t<div class=\"elementor-element elementor-element-iwgw-sila-s5t elementor-widget elementor-widget-text-editor\" data-id=\"iwgw-sila-s5t\" data-element_type=\"widget\" data-e-type=\"widget\" data-widget_type=\"text-editor.default\">\n\t\t\t\t\t\t\t\t\t<p>Angakkuiteilla, shamaaneilla, oli Sednan luo tehdyn matkan ohella toinenkin, v\u00e4hemm\u00e4n dramaattinen mutta arkisempi teht\u00e4v\u00e4: s\u00e4\u00e4n rauhoittaminen tai muuttaminen. T\u00e4m\u00e4 k\u00e4yt\u00e4nt\u00f6 oli osoitettu Silalle.<\/p><p>Myrskyn uhatessa <span class=\"iwg-fachbegriff\" data-tooltip=\"Uskonnollinen erikoisosaaja, jolle katsotaan v\u00e4litt\u00e4j\u00e4n teht\u00e4v\u00e4 ihmisten ja henkimaailman v\u00e4lill\u00e4.\" tabindex=\"0\">shamaani<\/span> saattoi vaipua transsiin ja kutsua Silaa, joskus pid\u00e4tt\u00e4m\u00e4ll\u00e4 hengityst\u00e4\u00e4n, joskus ly\u00f6m\u00e4ll\u00e4 ilmaan hyljennahasta tehdyll\u00e4 ruoskalla. N\u00e4it\u00e4 k\u00e4yt\u00e4nt\u00f6j\u00e4 on dokumentoitu v\u00e4hemm\u00e4n dramaattisesti kuin Sedna-matkoja, mutta ne olivat uskonnollisen arjen k\u00e4yt\u00e4nn\u00f6ss\u00e4 yht\u00e4 merkitt\u00e4vi\u00e4.<\/p><p>Muihin k\u00e4yt\u00e4nt\u00f6ihin kuuluivat pienten kuvien piirt\u00e4minen tai vanhojen sanojen lausuminen, joita pidettiin silan muotoina. T\u00e4rke\u00e4\u00e4 oli asenne: Silaa ei pyydetty, vaan asetuttiin oikein Silaan n\u00e4hden.<\/p><p>Ero maagis-v\u00e4lineelliseen <span class=\"iwg-fachbegriff\" data-tooltip=\"Kielellinen rituaali, jonka tarkoitus on kutsua paikalle tai sitoa voima.\" tabindex=\"0\">manaukseen<\/span> on tieteellisesti ratkaiseva ja erottaa inuiittien k\u00e4yt\u00e4nn\u00f6n sukulaisista siperialaisista perinteist\u00e4, joissa s\u00e4\u00e4manaus oli usein konkreettisempaa ja manipuloivampaa.<\/p><p>Inuiitit ty\u00f6skenteliv\u00e4t lis\u00e4ksi <span class=\"iwg-fachbegriff\" data-tooltip=\"Pahaa torjuva: merkeist\u00e4 ja esineist\u00e4, joiden on tarkoitus pit\u00e4\u00e4 loitolla haitalliset vaikutukset.\" tabindex=\"0\">apotropaisesti<\/span> kielen avulla. Tietyt sanat Silaa kohtaan olivat tabuja, toiset piti sanoa. Se, joka moitti lasta, ei puhunut h\u00e4nelle liian ankarasti, koska Sila saattoi rekister\u00f6id\u00e4 t\u00e4m\u00e4n ja k\u00e4\u00e4nt\u00e4\u00e4 s\u00e4\u00e4n moittijaa vastaan.<\/p><p>T\u00e4m\u00e4 hieno asetelma osoittaa, kuinka uskonnollinen j\u00e4rjestys, kasvatus ja s\u00e4\u00e4n s\u00e4\u00e4tely olivat kietoutuneet toisiinsa. Tieteellisesti t\u00e4m\u00e4 on esimerkillinen tapaus kaikkialle ulottuvasta uskonnollisuudesta, joka ei rajoitu rituaalisiin saariin.<\/p>\t\t\t\t\t\t\t\t<\/div>\n\t\t\t\t<\/div>\n\t\t\t\t\t<\/div>\n\t\t\t\t<\/div>\n\t\t<div class=\"elementor-element elementor-element-iwgw-sila-s6 e-flex e-con-boxed e-con e-parent\" data-id=\"iwgw-sila-s6\" data-element_type=\"container\" data-e-type=\"container\">\n\t\t\t\t\t<div class=\"e-con-inner\">\n\t\t\t\t<div class=\"elementor-element elementor-element-iwgw-sila-s6h elementor-widget elementor-widget-heading\" data-id=\"iwgw-sila-s6h\" data-element_type=\"widget\" data-e-type=\"widget\" data-widget_type=\"heading.default\">\n\t\t\t\t\t<h2 class=\"elementor-heading-title elementor-size-default\">Sila muihin s\u00e4\u00e4k\u00e4sityksiin verrattuna<\/h2>\t\t\t\t<\/div>\n\t\t<div class=\"elementor-element elementor-element-iwgw-sila-s6c e-con-full e-flex e-con e-child\" data-id=\"iwgw-sila-s6c\" data-element_type=\"container\" data-e-type=\"container\">\n\t\t\t\t<div class=\"elementor-element elementor-element-iwgw-sila-s6t elementor-widget elementor-widget-text-editor\" data-id=\"iwgw-sila-s6t\" data-element_type=\"widget\" data-e-type=\"widget\" data-widget_type=\"text-editor.default\">\n\t\t\t\t\t\t\t\t\t<p>Tieteellisesti Sila on erityinen siksi, ettei se ole verrattavissa V\u00e4limeren Zeus-tyyppiin eik\u00e4 indoeurooppalaiseen ukkosjumala-malliin. Se on l\u00e4heisemp\u00e4\u00e4 sukua kiinalaiselle <em><span class=\"iwg-fachbegriff\" data-tooltip=\"Kiinalaisessa k\u00e4sityksess\u00e4 kaiken l\u00e4p\u00e4isev\u00e4 vaikuttava el\u00e4m\u00e4nvoima.\" tabindex=\"0\">qi<\/span><\/em>-k\u00e4sitteelle, stoalaiselle <em>pneuma<\/em>lle ja polynesialaiselle <em>mana<\/em>lle, vaikka se on erityisesti arktisesti ankkuroitu mets\u00e4st\u00e4j\u00e4yhteis\u00f6n s\u00e4\u00e4nalaisuuteen. T\u00e4m\u00e4 vertailukelpoisuus on uskontofenomenologisesti hedelm\u00e4llinen, mutta se ei saa johtaa h\u00e4tik\u00f6ityihin universalismikonstruktioihin.<\/p><p>Sirkumpolaarisen alueen sis\u00e4ll\u00e4 l\u00e4hin vastaavuus l\u00f6ytyy saamelaisesta <em>Ilmaris<\/em>-k\u00e4sitteest\u00e4 tai nenetsien <em>Num<\/em>ista, jotka sis\u00e4lt\u00e4v\u00e4t my\u00f6s s\u00e4\u00e4n ja taivaan monistisena periaatteena.<\/p><p>T\u00e4ss\u00e4kin personifikaatio on heikko, mutta k\u00e4sitteen ulottuvuus laaja. T\u00e4m\u00e4 yht\u00e4l\u00e4isyys viittaa vanhaan sirkumpolaariseen kerrostumaan uskonnollisessa k\u00e4sitteenmuodostuksessa, jonka t\u00e4sm\u00e4llist\u00e4 historiaa ei ole viel\u00e4 selvitetty.<\/p><p>Silta eurooppalaiseen luonnonfilosofiaan on vedetty useamman kerran. Hugh Brody ja Tim Ingold ovat esitt\u00e4neet, ett\u00e4 Sila voidaan lukea alkuper\u00e4iskansojen versiona laajasta atmosf\u00e4\u00e4risyyden k\u00e4sitteest\u00e4, joka esiintyy l\u00e4nsimaisessa fenomenologiassa esimerkiksi Hermann Schmitzin tai Gernot B\u00f6hmen ajattelussa.<\/p><p>Silan uskonnollinen syvyys ulottuu kuitenkin pidemm\u00e4lle kuin mik\u00e4\u00e4n l\u00e4nsimainen atmosf\u00e4\u00e4rifilosofia, koska se on kuvailevaa ulottuvuutta pidemm\u00e4lle toiminnallisesti merkityksellinen.<\/p>\t\t\t\t\t\t\t\t<\/div>\n\t\t\t\t<\/div>\n\t\t\t\t\t<\/div>\n\t\t\t\t<\/div>\n\t\t<div class=\"elementor-element elementor-element-iwgw-sila-s7 e-flex e-con-boxed e-con e-parent\" data-id=\"iwgw-sila-s7\" data-element_type=\"container\" data-e-type=\"container\">\n\t\t\t\t\t<div class=\"e-con-inner\">\n\t\t\t\t<div class=\"elementor-element elementor-element-iwgw-sila-s7h elementor-widget elementor-widget-heading\" data-id=\"iwgw-sila-s7h\" data-element_type=\"widget\" data-e-type=\"widget\" data-widget_type=\"heading.default\">\n\t\t\t\t\t<h2 class=\"elementor-heading-title elementor-size-default\">Sila ja ilmastonmuutos<\/h2>\t\t\t\t<\/div>\n\t\t<div class=\"elementor-element elementor-element-iwgw-sila-s7c e-con-full e-flex e-con e-child\" data-id=\"iwgw-sila-s7c\" data-element_type=\"container\" data-e-type=\"container\">\n\t\t\t\t<div class=\"elementor-element elementor-element-iwgw-sila-s7t elementor-widget elementor-widget-text-editor\" data-id=\"iwgw-sila-s7t\" data-element_type=\"widget\" data-e-type=\"widget\" data-widget_type=\"text-editor.default\">\n\t\t\t\t\t\t\t\t\t<p>1990-luvulta l\u00e4htien Silasta on tullut inuittien ilmastodiskurssin keskeinen k\u00e4site. Inuiittien vanhimmat, esimerkiksi Inuit Tapiriit Kanatamin ja Inuit Circumpolar Councilin raporteissa, kuvaavat ilmastonmuutosta ensisijaisesti Silan ennustettavuuden menett\u00e4misen\u00e4, ei niink\u00e4\u00e4n l\u00e4mp\u00f6tilan nousuna. S\u00e4\u00e4n sanotaan tulleen arvaamattomaksi, mik\u00e4 tarkoittaa samalla, ettei se en\u00e4\u00e4 vastaa perinn\u00e4ist\u00e4 j\u00e4rke\u00e4.<\/p><p>Tieteellisesti t\u00e4m\u00e4 on huomionarvoista, koska perinteinen uskonnollinen k\u00e4site muuttuu ekologisen kriisin kieleksi ajautumatta fundamentalistiseen restituutioon. Tutkija Sheila Watt-Cloutier on teoksessaan <em>The Right to Be Cold<\/em> k\u00e4ytt\u00e4nyt Silaa k\u00e4\u00e4nn\u00f6sk\u00e4sitteen\u00e4 kansainv\u00e4lisoikeudellisessa ilmastokeskustelussa ja osoittanut siten, miten alkuper\u00e4iskansojen uskonnolliset k\u00e4sitteet voivat vaikuttaa globaalisti poliittisesti.<\/p><p>T\u00e4m\u00e4 ajankohtaisuus osoittaa, ettei Sila ole mennyt uskonnollinen ilmi\u00f6 vaan el\u00e4v\u00e4, muuttuva k\u00e4site. Inuittien s\u00e4\u00e4etiikan oppi kohtaa t\u00e4ss\u00e4 globaalit tieteelliset ja poliittiset diskurssit menett\u00e4m\u00e4tt\u00e4 omaa syvyytt\u00e4\u00e4n.<\/p><p>Tieteellisesti t\u00e4m\u00e4 on esimerkillinen tapaus siit\u00e4, miten perinteisi\u00e4 k\u00e4sitteit\u00e4 aktivoidaan nykyisiss\u00e4 globaaleissa diskursseissa, ja sill\u00e4 on metodologista merkityst\u00e4 laajasti inuittiperinteen ulkopuolellakin.<\/p>\t\t\t\t\t\t\t\t<\/div>\n\t\t\t\t<\/div>\n\t\t\t\t\t<\/div>\n\t\t\t\t<\/div>\n\t\t<div class=\"elementor-element elementor-element-iwgw-sila-s8 e-flex e-con-boxed e-con e-parent\" data-id=\"iwgw-sila-s8\" data-element_type=\"container\" data-e-type=\"container\">\n\t\t\t\t\t<div class=\"e-con-inner\">\n\t\t\t\t<div class=\"elementor-element elementor-element-iwgw-sila-s8h elementor-widget elementor-widget-heading\" data-id=\"iwgw-sila-s8h\" data-element_type=\"widget\" data-e-type=\"widget\" data-widget_type=\"heading.default\">\n\t\t\t\t\t<h2 class=\"elementor-heading-title elementor-size-default\">Tutkimushistoria ja reseptio<\/h2>\t\t\t\t<\/div>\n\t\t<div class=\"elementor-element elementor-element-iwgw-sila-s8c e-con-full e-flex e-con e-child\" data-id=\"iwgw-sila-s8c\" data-element_type=\"container\" data-e-type=\"container\">\n\t\t\t\t<div class=\"elementor-element elementor-element-iwgw-sila-s8t elementor-widget elementor-widget-text-editor\" data-id=\"iwgw-sila-s8t\" data-element_type=\"widget\" data-e-type=\"widget\" data-widget_type=\"text-editor.default\">\n\t\t\t\t\t\t\t\t\t<p>Silan tutkimus etenee kolmessa vaiheessa. Ensin 1800-luvun lopun ja 1900-luvun alun napatutkijat dokumentoivat k\u00e4sitett\u00e4 fragmentaarisesti (Boas, Rink, Birket-Smith). Rasmussen loi vuonna 1929 perustan, joka pysyi vuosikymmeni\u00e4 kyseenalaistamattomana. Daniel Merkur ja Mircea Eliade rakensivat siit\u00e4 tieteellisen synteesin, joka oli <span class=\"iwg-fachbegriff\" data-tooltip=\"Uskonnon sitovasti tunnustettuun kirjalliseen perinteeseen kuuluva.\" tabindex=\"0\">kanoninen<\/span> 1900-luvun j\u00e4lkipuoliskolla.<\/p><p>1990-luvulta l\u00e4htien Fr\u00e9d\u00e9ric Laugrand ja Jarich Oosten ovat keskittyneet Sila-k\u00e4sitteen tarkempaan alueelliseen erittelyyn. He osoittavat, ett\u00e4 Iglulikissa, Netsilikiss\u00e4, Baffinilla ja Gr\u00f6nlannissa k\u00e4sitteeseen liittyy hieman erilaisia s\u00e4vyj\u00e4, vaikka perusrakenne pysyy samana.<\/p><p>Nelj\u00e4s vaihe merkitsee ekologista ja poliittista ajankohtaistamista 2000-luvulta l\u00e4htien, jolloin inuiittikirjoittajat itse julkaisevat Silasta ja muuttavat siten tutkimustilannetta merkitt\u00e4v\u00e4sti.<\/p><p>Inuittikulttuurin sis\u00e4ll\u00e4 Sila on l\u00f6yt\u00e4nyt tiens\u00e4 koulu- ja korkeakouluopetukseen. K\u00e4sitteen v\u00e4litt\u00e4minen nuoremmalle sukupolvelle on nyky\u00e4\u00e4n osa tietoista kielen- ja tiedons\u00e4ilytyst\u00e4, jota tiede seuraa, mutta ei korvaa.<\/p><p>T\u00e4m\u00e4 kaksinaisuus alkuper\u00e4iskansan tietoyhteis\u00f6n ja akateemisen tutkimuksen v\u00e4lill\u00e4 on uskontofenomenologisesti oma erityispiirteens\u00e4 ja esimerkki <span class=\"iwg-fachbegriff\" data-tooltip=\"Tiede, joka tutkii uskontoja vertailevasti ja ilman uskonnollista sidonnaisuutta.\" tabindex=\"0\">uskontotieteen<\/span> postkoloniaalisesta uudelleenmuotoutumisesta.<\/p>\t\t\t\t\t\t\t\t<\/div>\n\t\t\t\t<\/div>\n\t\t\t\t\t<\/div>\n\t\t\t\t<\/div>\n\t\t<div class=\"elementor-element elementor-element-iwgw-sila-s9 e-flex e-con-boxed e-con e-parent\" data-id=\"iwgw-sila-s9\" data-element_type=\"container\" data-e-type=\"container\">\n\t\t\t\t\t<div class=\"e-con-inner\">\n\t\t\t\t<div class=\"elementor-element elementor-element-iwgw-sila-s9h elementor-widget elementor-widget-heading\" data-id=\"iwgw-sila-s9h\" data-element_type=\"widget\" data-e-type=\"widget\" data-widget_type=\"heading.default\">\n\t\t\t\t\t<h2 class=\"elementor-heading-title elementor-size-default\">Viittaukset inuiittileksikossa<\/h2>\t\t\t\t<\/div>\n\t\t<div class=\"elementor-element elementor-element-iwgw-sila-s9c e-con-full e-flex e-con e-child\" data-id=\"iwgw-sila-s9c\" data-element_type=\"container\" data-e-type=\"container\">\n\t\t\t\t<div class=\"elementor-element elementor-element-iwgw-sila-s9t elementor-widget elementor-widget-text-editor\" data-id=\"iwgw-sila-s9t\" data-element_type=\"widget\" data-e-type=\"widget\" data-widget_type=\"text-editor.default\">\n\t\t\t\t\t\t\t\t\t<p>Sille, joka haluaa syventy\u00e4 Silan kytk\u00f6ksiin muihin olentoihin, leksikosta l\u00f6ytyv\u00e4t hakusanat <a href=\"https:\/\/iwell-guard.com\/fi\/?page_id=144234\">Sedna<\/a>, <a href=\"https:\/\/iwell-guard.com\/fi\/?page_id=144241\">Igaluk<\/a>, <a href=\"https:\/\/iwell-guard.com\/fi\/?page_id=144239\">Pinga<\/a>, <a href=\"https:\/\/iwell-guard.com\/fi\/?page_id=144236\">Tornarssuk<\/a>, <a href=\"https:\/\/iwell-guard.com\/fi\/?page_id=144240\">Nanook<\/a>, <a href=\"https:\/\/iwell-guard.com\/fi\/?page_id=144237\">Tupilak<\/a>, <a href=\"https:\/\/iwell-guard.com\/fi\/?page_id=144238\">Anguta<\/a>, <a href=\"https:\/\/iwell-guard.com\/fi\/?page_id=144242\">Malina<\/a> ja <a href=\"https:\/\/iwell-guard.com\/fi\/?page_id=144243\">Qailertetang<\/a>. Ylemm\u00e4ll\u00e4 tasolla kulttuurihubi <a href=\"https:\/\/iwell-guard.com\/fi\/inuit-ja-arktis-sedna-tornit\/\">Inuittiperinne<\/a> kehyst\u00e4\u00e4 keskisen arktisen alueen uskonnollisen topografian.<\/p><p>Silaa laajemmassa sirkumpolaarisessa vertailussa ymm\u00e4rt\u00e4\u00e4 parhaiten <a href=\"https:\/\/iwell-guard.com\/fi\/saamelaiset-noaidi-rumpu\/\">saamelaisten<\/a> s\u00e4\u00e4- ja atmosf\u00e4\u00e4ri\u00adk\u00e4sitteiden avulla, joista l\u00f6ytyy t\u00e4rkeit\u00e4 yht\u00e4l\u00e4isyyksi\u00e4 erityisesti Beaivi-Sara-konstellaatiossa.<\/p>\t\t\t\t\t\t\t\t<\/div>\n\t\t\t\t<\/div>\n\t\t\t\t\t<\/div>\n\t\t\t\t<\/div>\n\t\t<div class=\"elementor-element elementor-element-cp2cd38ede e-flex e-con-boxed e-con e-parent\" data-id=\"cp2cd38ede\" data-element_type=\"container\" data-e-type=\"container\">\n\t\t\t\t\t<div class=\"e-con-inner\">\n\t\t\t\t<div class=\"elementor-element elementor-element-cp20442d65 elementor-widget elementor-widget-heading\" data-id=\"cp20442d65\" data-element_type=\"widget\" data-e-type=\"widget\" data-widget_type=\"heading.default\">\n\t\t\t\t\t<h2 class=\"elementor-heading-title elementor-size-default\">Ilma, j\u00e4rki ja s\u00e4\u00e4: Silan k\u00e4\u00e4nt\u00e4misen vaikeus<\/h2>\t\t\t\t<\/div>\n\t\t<div class=\"elementor-element elementor-element-cp2b5f2985 e-flex e-con-boxed e-con e-child\" data-id=\"cp2b5f2985\" data-element_type=\"container\" data-e-type=\"container\">\n\t\t\t\t\t<div class=\"e-con-inner\">\n\t\t\t\t<div class=\"elementor-element elementor-element-cp266dd50f elementor-widget elementor-widget-text-editor\" data-id=\"cp266dd50f\" data-element_type=\"widget\" data-e-type=\"widget\" data-widget_type=\"text-editor.default\">\n\t\t\t\t\t\t\t\t\t<p>K\u00e4site <em>Sila<\/em>, joka esiintyy eri kirjoitusasuissa kuten <em>Silap Inua<\/em> tai <em>Sila Inua<\/em>, kuuluu inuiittiperinteiden k\u00e4sityksiin, jotka pakenevat erityisen sitke\u00e4sti l\u00e4nsimaisia k\u00e4\u00e4nn\u00f6sluokkia. Sana kattaa merkityskent\u00e4n, joka suomen kieless\u00e4 jakautuu useisiin erillisiin k\u00e4sitteisiin.<\/p><p><em>Sila<\/em> voi tarkoittaa ulkomaailmaa s\u00e4\u00e4n ja ilmaston mieless\u00e4, se voi tarkoittaa ilmaa ja taivasta, ja se voi samalla merkit\u00e4 j\u00e4rke\u00e4, ymm\u00e4rryst\u00e4 tai tietoisuutta. Lasta, joka alkaa kehitt\u00e4\u00e4 j\u00e4rke\u00e4, voidaan kuvata ilmauksella, joka sis\u00e4lt\u00e4\u00e4 sanan Sila.<\/p><p>T\u00e4m\u00e4 merkityksen laajuus ei ole kielen puute, vaan ilmaisu erilaisesta maailman j\u00e4sent\u00e4misest\u00e4. Sila yhdist\u00e4\u00e4 ulkopuolella olevan kaikenkattavuuden sis\u00e4puolella tapahtuvaan ymm\u00e4rt\u00e4miseen. K\u00e4sitys <em>Silap Inuasta<\/em>, Silan inuasta eli haltijasta, hahmottaa t\u00e4m\u00e4n yhteyden persoonallisena voimana.<\/p><p>Inua, jota usein k\u00e4\u00e4nnet\u00e4\u00e4n omistajaksi tai asukkaaksi, tarkoittaa inuiittiperinteiss\u00e4 paikan, el\u00e4imen tai ilmi\u00f6n sis\u00e4ist\u00e4 persoonaa. Silap Inua on siis koko ymp\u00e4r\u00f6iv\u00e4n j\u00e4rjestyksen persoonallinen sis\u00e4puoli, ei eurooppalaisessa mieless\u00e4 ymm\u00e4rretty s\u00e4\u00e4njumala.<\/p><p>Knud Rasmussen, joka tallensi keskusteluja shamaanien kanssa Viidennen Thule-retkikunnan aikana, kirjasi yl\u00f6s lausumia, joissa Sila ilmenee suurena, tavoittamattomana voimana, jota ei voida puhutella tavallisin sanoin ja joka ilmenee s\u00e4\u00e4ss\u00e4, myrskyss\u00e4 ja el\u00e4inten k\u00e4ytt\u00e4ytymisess\u00e4.<\/p><p>Rasmussenin kuvaukset ovat arvokkaita, mutta ne ovat k\u00e4\u00e4nn\u00f6ksi\u00e4 k\u00e4\u00e4nn\u00f6ksist\u00e4, tulkkien v\u00e4litt\u00e4mi\u00e4 ja muotoutuneita h\u00e4nen omasta pyrkimyksest\u00e4\u00e4n l\u00f6yt\u00e4\u00e4 k\u00e4sitett\u00e4v\u00e4 <span class=\"iwg-fachbegriff\" data-tooltip=\"Uskonnon jumalaa ja uskoa koskeva tieteellinen oppi.\" tabindex=\"0\">teologia<\/span>. Jotkin tutkijat ep\u00e4ilev\u00e4t, ett\u00e4 se johdonmukaisuus, jolla Sila esiintyy osassa sekund\u00e4\u00e4rikirjallisuutta korkeimpana jumaluutena, on osittain seurausta t\u00e4st\u00e4 tallennustilanteesta.<\/p><p>Tarkasta esityksest\u00e4 seuraa kaksi asiaa. Ensinn\u00e4kin Silaa ei pit\u00e4isi liian nopeasti supistaa s\u00e4\u00e4njumalaksi, koska siten menetett\u00e4isiin yhteys j\u00e4rkeen ja el\u00e4m\u00e4nj\u00e4rjestykseen, joka on olennainen inuiittik\u00e4sitykselle.<\/p><p>Toiseksi Silaa koskevissa lausumissa on aina otettava huomioon kolonialistinen v\u00e4littyminen. L\u00e4hteet ovat suppeat, yksikielisin\u00e4 vaikeasti tarkastettavissa ja v\u00e4rittyneet ker\u00e4ilij\u00f6iden kiinnostuksesta j\u00e4rjestelm\u00e4lliseen uskonnolliseen kokonaisuuteen.<\/p>\t\t\t\t\t\t\t\t<\/div>\n\t\t\t\t\t<\/div>\n\t\t\t\t<\/div>\n\t\t\t\t\t<\/div>\n\t\t\t\t<\/div>\n\t\t<div class=\"elementor-element elementor-element-iwgw-sila-lit e-flex e-con-boxed e-con e-parent\" data-id=\"iwgw-sila-lit\" data-element_type=\"container\" data-e-type=\"container\">\n\t\t\t\t\t<div class=\"e-con-inner\">\n\t\t\t\t<div class=\"elementor-element elementor-element-iwgw-sila-lith elementor-widget elementor-widget-heading\" data-id=\"iwgw-sila-lith\" data-element_type=\"widget\" data-e-type=\"widget\" data-widget_type=\"heading.default\">\n\t\t\t\t\t<h2 class=\"elementor-heading-title elementor-size-default\">Kirjallisuus (valikoima)<\/h2>\t\t\t\t<\/div>\n\t\t<div class=\"elementor-element elementor-element-iwgw-sila-litc e-con-full e-flex e-con e-child\" data-id=\"iwgw-sila-litc\" data-element_type=\"container\" data-e-type=\"container\">\n\t\t\t\t<div class=\"elementor-element elementor-element-iwgw-sila-litt elementor-widget elementor-widget-text-editor\" data-id=\"iwgw-sila-litt\" data-element_type=\"widget\" data-e-type=\"widget\" data-widget_type=\"text-editor.default\">\n\t\t\t\t\t\t\t\t\t<ul><li>Knud Rasmussen: <em>Intellectual Culture of the Iglulik Eskimos<\/em> (Kopenhagen 1929)<\/li><li>Daniel Merkur: <em>Powers Which We Do Not Know<\/em> (Moscow ID 1991)<\/li><li>Fr\u00e9d\u00e9ric Laugrand ja Jarich Oosten: <em>Inuit Shamanism and Christianity<\/em> (Montreal 2010)<\/li><li>Hinrich Rink: <em>Tales and Traditions of the Eskimo<\/em> (Edinburgh 1875)<\/li><li>Sheila Watt-Cloutier: <em>The Right to Be Cold<\/em> (Toronto 2015)<\/li><li>Tim Ingold: <em>The Perception of the Environment<\/em> (London 2000)<\/li><\/ul>\t\t\t\t\t\t\t\t<\/div>\n\t\t\t\t<\/div>\n\t\t\t\t\t<\/div>\n\t\t\t\t<\/div>\n\t\t<div class=\"elementor-element elementor-element-iwgw-sila-kwd e-flex e-con-boxed e-con e-parent\" data-id=\"iwgw-sila-kwd\" data-element_type=\"container\" data-e-type=\"container\">\n\t\t\t\t\t<div class=\"e-con-inner\">\n\t\t<div class=\"elementor-element elementor-element-iwgw-sila-kwdc e-con-full e-flex e-con e-child\" data-id=\"iwgw-sila-kwdc\" data-element_type=\"container\" data-e-type=\"container\">\n\t\t\t\t<div class=\"elementor-element elementor-element-iwgw-sila-kwdt elementor-widget elementor-widget-text-editor\" data-id=\"iwgw-sila-kwdt\" data-element_type=\"widget\" data-e-type=\"widget\" data-widget_type=\"text-editor.default\">\n\t\t\t\t\t\t\t\t\t<p><em>Liittyv\u00e4t avaink\u00e4sitteet: Sila Silap Inua Maailmanhenki S\u00e4\u00e4n periaate Inuiittinen j\u00e4rki Pittailiniq Iglulik.<\/em><\/p>\t\t\t\t\t\t\t\t<\/div>\n\t\t\t\t<\/div>\n\t\t\t\t\t<\/div>\n\t\t\t\t<\/div>\n\t\t<div class=\"elementor-element elementor-element-iwgw-sila-cc e-flex e-con-boxed e-con e-parent\" data-id=\"iwgw-sila-cc\" data-element_type=\"container\" data-e-type=\"container\" id=\"iwg-cc-sila\">\n\t\t\t\t\t<div class=\"e-con-inner\">\n\t\t<div class=\"elementor-element elementor-element-iwgw-sila-ccinner e-flex e-con-boxed e-con e-parent\" data-id=\"iwgw-sila-ccinner\" data-element_type=\"container\" data-e-type=\"container\" data-settings=\"{&quot;background_background&quot;:&quot;classic&quot;}\">\n\t\t\t\t\t<div class=\"e-con-inner\">\n\t\t\t\t<div class=\"elementor-element elementor-element-iwgw-sila-cch elementor-widget elementor-widget-heading\" data-id=\"iwgw-sila-cch\" data-element_type=\"widget\" data-e-type=\"widget\" data-widget_type=\"heading.default\">\n\t\t\t\t\t<h2 class=\"elementor-heading-title elementor-size-default\">iWell Guard ja suojelutraditiot<\/h2>\t\t\t\t<\/div>\n\t\t\t\t<div class=\"elementor-element elementor-element-iwgw-sila-cct elementor-widget elementor-widget-text-editor\" data-id=\"iwgw-sila-cct\" data-element_type=\"widget\" data-e-type=\"widget\" data-widget_type=\"text-editor.default\">\n\t\t\t\t\t\t\t\t\t<div data-nosnippet=\"true\"><p>iWell Guard jatkaa kannettavien suojaesineiden kulttuurihistoriallista perinnett\u00e4, <a href=\"https:\/\/iwell-guard.com\/fi\/inuit-ja-arktis-sedna-tornit\/\">inuiittien<\/a> ja monien muiden kulttuurien perinteiden hengess\u00e4 ymp\u00e4ri maailmaa. 41 tasoa, aitoa kultaa, platinaa, hopeaa, valmistettu Saksassa. 30 p\u00e4iv\u00e4n palautusoikeus.<\/p><\/div>\t\t\t\t\t\t\t\t<\/div>\n\t\t\t\t<div class=\"elementor-element elementor-element-iwgw-sila-ccb iwg-cc-button iwg-cc-cta-2026-05-13 elementor-widget elementor-widget-jet-button\" data-id=\"iwgw-sila-ccb\" data-element_type=\"widget\" data-e-type=\"widget\" data-widget_type=\"jet-button.default\">\n\t\t\t\t<div class=\"elementor-widget-container\">\n\t\t\t\t\t<div class=\"elementor-jet-button jet-elements\"><div class=\"jet-button__container\"><a class=\"jet-button__instance jet-button__instance--icon-left hover-effect-1\" href=\"\/ueber-iwell-guard\/?utm_source=iwell-guard.com&amp;utm_medium=info-box&amp;utm_campaign=wesen-tradition\"><div class=\"jet-button__plane jet-button__plane-normal\"><\/div><div class=\"jet-button__plane jet-button__plane-hover\"><\/div><div class=\"jet-button__state jet-button__state-normal\"><span class=\"jet-button__label\">Lis\u00e4\u00e4 iWell Guardista<\/span><\/div><div class=\"jet-button__state jet-button__state-hover\"><span class=\"jet-button__label\">Lis\u00e4\u00e4 iWell Guardista<\/span><\/div><\/a><\/div><\/div><style>.elementor-element.elementor-element-iwgw-sila-ccb .jet-button__instance{width:320px;height:56px;}.elementor-element.elementor-element-iwgw-sila-ccb .jet-button__state-normal .jet-button__label{text-align:center;margin:0px 0px 0px 0px;color:#1a1b20;font-family:Montserrat,sans-serif;font-size:13px;font-weight:400;letter-spacing:4px;line-height:1.714em;text-transform:uppercase;}.elementor-element.elementor-element-iwgw-sila-ccb .jet-button__state-hover .jet-button__label{text-align:center;margin:0px 0px 0px 0px;color:#FECC76;font-family:Montserrat,sans-serif;font-size:13px;font-weight:400;letter-spacing:4px;line-height:1.714em;text-transform:uppercase;}.elementor-element.elementor-element-iwgw-sila-ccb .jet-button__plane-normal{background-color:#FECC76;border-style:solid;border-color:#C99540;border-width:2px 2px 2px 2px;}.elementor-element.elementor-element-iwgw-sila-ccb .jet-button__plane-hover{background-color:rgba(0,0,0,0.55);border-style:solid;border-color:#FECC76;border-width:2px 2px 2px 2px;}<\/style>\t\t\t\t<\/div>\n\t\t\t\t<\/div>\n\t\t\t\t<div class=\"elementor-element elementor-element-iwgw-sila-ccd elementor-widget elementor-widget-text-editor\" data-id=\"iwgw-sila-ccd\" data-element_type=\"widget\" data-e-type=\"widget\" data-widget_type=\"text-editor.default\">\n\t\t\t\t\t\t\t\t\t<div data-nosnippet=\"true\"><p style=\"text-align:center;font-size:13px;opacity:0.7;margin-top:14px\" data-nosnippet=\"true\">Henkil\u00f6kohtaiset kokemukset voivat vaihdella. Ei l\u00e4\u00e4kinn\u00e4llinen laite. Ei paranemislupausta.<\/p><\/div>\t\t\t\t\t\t\t\t<\/div>\n\t\t\t\t\t<\/div>\n\t\t\t\t<\/div>\n\t\t\t\t\t<\/div>\n\t\t\t\t<\/div>\n\t\t<div class=\"elementor-element elementor-element-iwgw-sila-disc e-flex e-con-boxed e-con e-parent\" data-id=\"iwgw-sila-disc\" data-element_type=\"container\" data-e-type=\"container\">\n\t\t\t\t\t<div class=\"e-con-inner\">\n\t\t\t\t<div class=\"elementor-element elementor-element-iwgw-sila-discw elementor-widget elementor-widget-html\" data-id=\"iwgw-sila-discw\" data-element_type=\"widget\" data-e-type=\"widget\" data-widget_type=\"html.default\">\n\t\t\t\t\t<footer data-nosnippet=\"true\" class=\"iwg-disclaimer-block\"><p data-nosnippet=\"true\">iWell Guard <strong>ei ole l\u00e4\u00e4kinn\u00e4llinen laite<\/strong>, eik\u00e4 se korvaa l\u00e4\u00e4k\u00e4rin tai psykoterapeutin hoitoa. Uskontotieteelliset sis\u00e4ll\u00f6t ovat kulttuurihistoriallista tarkastelua, ei suositus hengelliseen k\u00e4yt\u00e4nt\u00f6\u00f6n.<\/p><\/footer>\t\t\t\t<\/div>\n\t\t\t\t\t<\/div>\n\t\t\t\t<\/div>\n\t\t\t\t<\/div>\n\t\t","protected":false},"excerpt":{"rendered":"","protected":false},"author":3,"featured_media":2879,"parent":0,"menu_order":0,"comment_status":"closed","ping_status":"closed","template":"elementor_header_footer","meta":{"_yoast_wpseo_focuskw":"Sila inuiittien maailmanhenki","_yoast_wpseo_title":"Sila \u2013 inuiittien maailmanhenki, s\u00e4\u00e4 ja j\u00e4rki","_yoast_wpseo_metadesc":"Sila on arktinen maailmanperiaate, joka yhdist\u00e4\u00e4 s\u00e4\u00e4n, ilman ja j\u00e4rjen. Uskontotieteellinen katsaus myyttiin, samaanik\u00e4yt\u00e4nt\u00f6ihin, l\u00e4hteisiin ja tabuihin.","_yoast_wpseo_meta-robots-noindex":"","_yoast_wpseo_canonical":"","_angie_page":false,"gefaehrdungsstufe":"2","wesen_kultur":"inuit","wesen_klasse":"geister","footnotes":""},"categories":[],"class_list":["post-144235","page","type-page","status-publish","has-post-thumbnail","hentry"],"yoast_head":"<!-- This site is optimized with the Yoast SEO Premium plugin v27.7 (Yoast SEO v28.3) - https:\/\/yoast.com\/product\/yoast-seo-premium-wordpress\/ -->\n<title>Sila \u2013 inuiittien maailmanhenki, s\u00e4\u00e4 ja j\u00e4rki<\/title>\n<meta name=\"description\" content=\"Sila on arktinen maailmanperiaate, joka yhdist\u00e4\u00e4 s\u00e4\u00e4n, ilman ja j\u00e4rjen. Uskontotieteellinen katsaus myyttiin, samaanik\u00e4yt\u00e4nt\u00f6ihin, l\u00e4hteisiin ja tabuihin.\" \/>\n<meta name=\"robots\" content=\"index, follow, max-snippet:-1, max-image-preview:large, max-video-preview:-1\" \/>\n<link rel=\"canonical\" href=\"https:\/\/iwell-guard.com\/fi\/sila-maailmanhenki-ja-saanherra\/\" \/>\n<meta property=\"og:locale\" content=\"fi_FI\" \/>\n<meta property=\"og:type\" content=\"article\" \/>\n<meta property=\"og:title\" content=\"Sila \u2013 inuiittien maailmanhenki ja s\u00e4\u00e4nherra\" \/>\n<meta property=\"og:description\" content=\"Sila on arktinen maailmanperiaate, joka yhdist\u00e4\u00e4 s\u00e4\u00e4n, ilman ja j\u00e4rjen. Uskontotieteellinen katsaus myyttiin, samaanik\u00e4yt\u00e4nt\u00f6ihin, l\u00e4hteisiin ja tabuihin.\" \/>\n<meta property=\"og:url\" content=\"https:\/\/iwell-guard.com\/fi\/sila-maailmanhenki-ja-saanherra\/\" \/>\n<meta property=\"og:site_name\" content=\"iWell Guard\" \/>\n<meta property=\"article:modified_time\" content=\"2026-09-03T12:54:03+00:00\" \/>\n<meta property=\"og:image\" content=\"https:\/\/iwell-guard.com\/wp-content\/uploads\/2026\/05\/geister_inuit_sila.webp\" \/>\n\t<meta property=\"og:image:width\" content=\"1024\" \/>\n\t<meta property=\"og:image:height\" content=\"1536\" \/>\n\t<meta property=\"og:image:type\" content=\"image\/webp\" \/>\n<meta name=\"twitter:card\" content=\"summary_large_image\" \/>\n<script type=\"application\/ld+json\" class=\"yoast-schema-graph\">{\"@context\":\"https:\\\/\\\/schema.org\",\"@graph\":[{\"@type\":\"WebPage\",\"@id\":\"https:\\\/\\\/iwell-guard.com\\\/fi\\\/sila-maailmanhenki-ja-saanherra\\\/\",\"url\":\"https:\\\/\\\/iwell-guard.com\\\/fi\\\/sila-maailmanhenki-ja-saanherra\\\/\",\"name\":\"Sila \u2013 inuiittien maailmanhenki, s\u00e4\u00e4 ja j\u00e4rki\",\"isPartOf\":{\"@id\":\"https:\\\/\\\/iwell-guard.com\\\/fi\\\/#website\"},\"primaryImageOfPage\":{\"@id\":\"https:\\\/\\\/iwell-guard.com\\\/fi\\\/sila-maailmanhenki-ja-saanherra\\\/#primaryimage\"},\"image\":{\"@id\":\"https:\\\/\\\/iwell-guard.com\\\/fi\\\/sila-maailmanhenki-ja-saanherra\\\/#primaryimage\"},\"thumbnailUrl\":\"https:\\\/\\\/iwell-guard.com\\\/wp-content\\\/uploads\\\/2026\\\/05\\\/geister_inuit_sila.webp\",\"datePublished\":\"2026-09-03T12:33:22+00:00\",\"dateModified\":\"2026-09-03T12:54:03+00:00\",\"description\":\"Sila on arktinen maailmanperiaate, joka yhdist\u00e4\u00e4 s\u00e4\u00e4n, ilman ja j\u00e4rjen. Uskontotieteellinen katsaus myyttiin, samaanik\u00e4yt\u00e4nt\u00f6ihin, l\u00e4hteisiin ja tabuihin.\",\"breadcrumb\":{\"@id\":\"https:\\\/\\\/iwell-guard.com\\\/fi\\\/sila-maailmanhenki-ja-saanherra\\\/#breadcrumb\"},\"inLanguage\":\"fi\",\"potentialAction\":[{\"@type\":\"ReadAction\",\"target\":[\"https:\\\/\\\/iwell-guard.com\\\/fi\\\/sila-maailmanhenki-ja-saanherra\\\/\"]}]},{\"@type\":\"ImageObject\",\"inLanguage\":\"fi\",\"@id\":\"https:\\\/\\\/iwell-guard.com\\\/fi\\\/sila-maailmanhenki-ja-saanherra\\\/#primaryimage\",\"url\":\"https:\\\/\\\/iwell-guard.com\\\/wp-content\\\/uploads\\\/2026\\\/05\\\/geister_inuit_sila.webp\",\"contentUrl\":\"https:\\\/\\\/iwell-guard.com\\\/wp-content\\\/uploads\\\/2026\\\/05\\\/geister_inuit_sila.webp\",\"width\":1024,\"height\":1536,\"caption\":\"Henki\u00e4 inuiittiperinteest\u00e4.\"},{\"@type\":\"BreadcrumbList\",\"@id\":\"https:\\\/\\\/iwell-guard.com\\\/fi\\\/sila-maailmanhenki-ja-saanherra\\\/#breadcrumb\",\"itemListElement\":[{\"@type\":\"ListItem\",\"position\":1,\"name\":\"Start\",\"item\":\"https:\\\/\\\/iwell-guard.com\\\/fi\\\/?page_id=143815\"},{\"@type\":\"ListItem\",\"position\":2,\"name\":\"Sila \u2013 inuiittien maailmanhenki ja s\u00e4\u00e4nherra\"}]},{\"@type\":\"WebSite\",\"@id\":\"https:\\\/\\\/iwell-guard.com\\\/fi\\\/#website\",\"url\":\"https:\\\/\\\/iwell-guard.com\\\/fi\\\/\",\"name\":\"iWell Guard\",\"description\":\"Schutz vor dunklen Einfl\u00fcssen\",\"publisher\":{\"@id\":\"https:\\\/\\\/iwell-guard.com\\\/fi\\\/#organization\"},\"potentialAction\":[{\"@type\":\"SearchAction\",\"target\":{\"@type\":\"EntryPoint\",\"urlTemplate\":\"https:\\\/\\\/iwell-guard.com\\\/fi\\\/?s={search_term_string}\"},\"query-input\":{\"@type\":\"PropertyValueSpecification\",\"valueRequired\":true,\"valueName\":\"search_term_string\"}}],\"inLanguage\":\"fi\"},{\"@type\":\"Organization\",\"@id\":\"https:\\\/\\\/iwell-guard.com\\\/fi\\\/#organization\",\"name\":\"Ittermann electronic GmbH\",\"url\":\"https:\\\/\\\/iwell-guard.com\\\/fi\\\/\",\"logo\":{\"@type\":\"ImageObject\",\"inLanguage\":\"fi\",\"@id\":\"https:\\\/\\\/iwell-guard.com\\\/fi\\\/#\\\/schema\\\/logo\\\/image\\\/\",\"url\":\"https:\\\/\\\/iwell-guard.com\\\/wp-content\\\/uploads\\\/2026\\\/05\\\/Ittermann-Logo-1182x237-1.png\",\"contentUrl\":\"https:\\\/\\\/iwell-guard.com\\\/wp-content\\\/uploads\\\/2026\\\/05\\\/Ittermann-Logo-1182x237-1.png\",\"width\":1182,\"height\":237,\"caption\":\"Ittermann electronic GmbH\"},\"image\":{\"@id\":\"https:\\\/\\\/iwell-guard.com\\\/fi\\\/#\\\/schema\\\/logo\\\/image\\\/\"},\"sameAs\":[\"https:\\\/\\\/pantip.com\\\/profile\\\/9367242\",\"https:\\\/\\\/micro.blog\\\/iwellguard\",\"https:\\\/\\\/www.diggerslist.com\\\/iwellguard\\\/about\",\"https:\\\/\\\/skitterphoto.com\\\/photographers\\\/2870314\\\/iwell-guard\",\"https:\\\/\\\/iwellguard.wordpress.com\\\/2026\\\/06\\\/06\\\/iwell-guard\\\/\",\"https:\\\/\\\/hub.docker.com\\\/u\\\/iwellguard\",\"https:\\\/\\\/www.pinterest.com\\\/iwellguard\\\/\",\"https:\\\/\\\/bit.ly\\\/m\\\/iwellguard\",\"https:\\\/\\\/entre-vos-mains.alsace.eu\\\/profiles\\\/iwellguard\\\/activity\",\"https:\\\/\\\/gravatar.com\\\/reallybeded8fd34\",\"https:\\\/\\\/naijamatta.com\\\/iwellguard\",\"https:\\\/\\\/www.goodreads.com\\\/iwellguard\",\"https:\\\/\\\/profile.hatena.ne.jp\\\/iwellguard\\\/\",\"https:\\\/\\\/experiment.com\\\/users\\\/iwellguard\",\"https:\\\/\\\/wakelet.com\\\/@iWellGuard82270\",\"https:\\\/\\\/www.chordie.com\\\/forum\\\/profile.php?id=2555664\",\"https:\\\/\\\/www.instapaper.com\\\/p\\\/17757966\",\"https:\\\/\\\/www.mapleprimes.com\\\/users\\\/iwellguard\",\"https:\\\/\\\/businesslistingplus.com\\\/profile\\\/iwell-guard\\\/\",\"https:\\\/\\\/telegra.ph\\\/iWell-Guard-06-06\",\"https:\\\/\\\/pbase.com\\\/iwellguard\\\/iwellguard\",\"https:\\\/\\\/b.hatena.ne.jp\\\/iwellguard\\\/20260607#bookmark-4788405196491818882\",\"https:\\\/\\\/fliphtml5.com\\\/home\\\/iwellguard\",\"https:\\\/\\\/anyflip.com\\\/homepage\\\/cmiwl#About\",\"https:\\\/\\\/transfur.com\\\/Users\\\/iwellguard\",\"http:\\\/\\\/delphi.larsbo.org\\\/user\\\/iwellguard\",\"https:\\\/\\\/jobs.lajobsportal.org\\\/profiles\\\/8380803-iwell-guard\",\"https:\\\/\\\/md.chaosdorf.de\\\/s\\\/jfbe5SBdJD\",\"https:\\\/\\\/www.lingvolive.com\\\/en-us\\\/profile\\\/9ecaeaca-ce11-4e51-9e71-01d55e2bff36\\\/translations\",\"https:\\\/\\\/www.fitday.com\\\/fitness\\\/forums\\\/members\\\/iwellguard.html\",\"https:\\\/\\\/www.mymeetbook.com\\\/iwellguard\",\"https:\\\/\\\/pxhere.com\\\/en\\\/photographer-me\\\/5040798\",\"https:\\\/\\\/disqus.com\\\/by\\\/iwellguard\\\/about\\\/\",\"https:\\\/\\\/pastelink.net\\\/hjwciqwq\",\"https:\\\/\\\/pubhtml5.com\\\/homepage\\\/scjhn\\\/\",\"https:\\\/\\\/www.bitchute.com\\\/channel\\\/2O2eOKzNqujT\",\"https:\\\/\\\/audiomack.com\\\/iwellguard\"]},{\"@type\":\"Article\",\"@id\":\"https:\\\/\\\/iwell-guard.com\\\/fi\\\/sila-maailmanhenki-ja-saanherra\\\/#article\",\"isPartOf\":{\"@id\":\"https:\\\/\\\/iwell-guard.com\\\/fi\\\/sila-maailmanhenki-ja-saanherra\\\/\"},\"author\":{\"name\":\"Ralf Ittermann\",\"@id\":\"https:\\\/\\\/iwell-guard.com\\\/fi\\\/#\\\/schema\\\/person\\\/ee2a27f1cac3406c7c6fb5820cb7349f\"},\"headline\":\"Sila \u2013 inuiittien maailmanhenki ja s\u00e4\u00e4nherra\",\"datePublished\":\"2026-09-03T12:33:22+00:00\",\"dateModified\":\"2026-09-03T12:54:03+00:00\",\"mainEntityOfPage\":{\"@id\":\"https:\\\/\\\/iwell-guard.com\\\/fi\\\/sila-maailmanhenki-ja-saanherra\\\/\"},\"publisher\":{\"@id\":\"https:\\\/\\\/iwell-guard.com\\\/fi\\\/#organization\"},\"image\":{\"@id\":\"https:\\\/\\\/iwell-guard.com\\\/fi\\\/sila-maailmanhenki-ja-saanherra\\\/#primaryimage\"},\"thumbnailUrl\":\"https:\\\/\\\/iwell-guard.com\\\/wp-content\\\/uploads\\\/2026\\\/05\\\/geister_inuit_sila.webp\",\"inLanguage\":\"fi\",\"description\":\"Sila on arktinen maailmanperiaate, joka yhdist\u00e4\u00e4 s\u00e4\u00e4n, ilman ja j\u00e4rjen. Uskontotieteellinen katsaus myyttiin, samaanik\u00e4yt\u00e4nt\u00f6ihin, l\u00e4hteisiin ja tabuihin.\"}]}<\/script>\n<!-- \/ Yoast SEO Premium plugin. -->","yoast_head_json":{"title":"Sila \u2013 inuiittien maailmanhenki, s\u00e4\u00e4 ja j\u00e4rki","description":"Sila on arktinen maailmanperiaate, joka yhdist\u00e4\u00e4 s\u00e4\u00e4n, ilman ja j\u00e4rjen. Uskontotieteellinen katsaus myyttiin, samaanik\u00e4yt\u00e4nt\u00f6ihin, l\u00e4hteisiin ja tabuihin.","robots":{"index":"index","follow":"follow","max-snippet":"max-snippet:-1","max-image-preview":"max-image-preview:large","max-video-preview":"max-video-preview:-1"},"canonical":"https:\/\/iwell-guard.com\/fi\/sila-maailmanhenki-ja-saanherra\/","og_locale":"fi_FI","og_type":"article","og_title":"Sila \u2013 inuiittien maailmanhenki ja s\u00e4\u00e4nherra","og_description":"Sila on arktinen maailmanperiaate, joka yhdist\u00e4\u00e4 s\u00e4\u00e4n, ilman ja j\u00e4rjen. Uskontotieteellinen katsaus myyttiin, samaanik\u00e4yt\u00e4nt\u00f6ihin, l\u00e4hteisiin ja tabuihin.","og_url":"https:\/\/iwell-guard.com\/fi\/sila-maailmanhenki-ja-saanherra\/","og_site_name":"iWell Guard","article_modified_time":"2026-09-03T12:54:03+00:00","og_image":[{"width":1024,"height":1536,"url":"https:\/\/iwell-guard.com\/wp-content\/uploads\/2026\/05\/geister_inuit_sila.webp","type":"image\/webp"}],"twitter_card":"summary_large_image","schema":{"@context":"https:\/\/schema.org","@graph":[{"@type":"Article","@id":"https:\/\/iwell-guard.com\/fi\/sila-maailmanhenki-ja-saanherra\/#article","isPartOf":{"@id":"https:\/\/iwell-guard.com\/fi\/sila-maailmanhenki-ja-saanherra\/"},"author":{"name":"Ralf Ittermann","@id":"https:\/\/iwell-guard.com\/fi\/#\/schema\/person\/ee2a27f1cac3406c7c6fb5820cb7349f"},"headline":"Sila \u2013 inuiittien maailmanhenki ja s\u00e4\u00e4nherra","datePublished":"2026-09-03T12:33:22+00:00","dateModified":"2026-09-03T12:54:03+00:00","mainEntityOfPage":{"@id":"https:\/\/iwell-guard.com\/fi\/sila-maailmanhenki-ja-saanherra\/"},"publisher":{"@id":"https:\/\/iwell-guard.com\/fi\/#organization"},"image":{"@id":"https:\/\/iwell-guard.com\/fi\/sila-maailmanhenki-ja-saanherra\/#primaryimage"},"thumbnailUrl":"https:\/\/iwell-guard.com\/wp-content\/uploads\/2026\/05\/geister_inuit_sila.webp","inLanguage":"fi","description":"Sila on arktinen maailmanperiaate, joka yhdist\u00e4\u00e4 s\u00e4\u00e4n, ilman ja j\u00e4rjen. Uskontotieteellinen katsaus myyttiin, samaanik\u00e4yt\u00e4nt\u00f6ihin, l\u00e4hteisiin ja tabuihin."},{"@type":"WebPage","@id":"https:\/\/iwell-guard.com\/fi\/sila-maailmanhenki-ja-saanherra\/","url":"https:\/\/iwell-guard.com\/fi\/sila-maailmanhenki-ja-saanherra\/","name":"Sila \u2013 inuiittien maailmanhenki, s\u00e4\u00e4 ja j\u00e4rki","isPartOf":{"@id":"https:\/\/iwell-guard.com\/fi\/#website"},"primaryImageOfPage":{"@id":"https:\/\/iwell-guard.com\/fi\/sila-maailmanhenki-ja-saanherra\/#primaryimage"},"image":{"@id":"https:\/\/iwell-guard.com\/fi\/sila-maailmanhenki-ja-saanherra\/#primaryimage"},"thumbnailUrl":"https:\/\/iwell-guard.com\/wp-content\/uploads\/2026\/05\/geister_inuit_sila.webp","datePublished":"2026-09-03T12:33:22+00:00","dateModified":"2026-09-03T12:54:03+00:00","description":"Sila on arktinen maailmanperiaate, joka yhdist\u00e4\u00e4 s\u00e4\u00e4n, ilman ja j\u00e4rjen. Uskontotieteellinen katsaus myyttiin, samaanik\u00e4yt\u00e4nt\u00f6ihin, l\u00e4hteisiin ja tabuihin.","breadcrumb":{"@id":"https:\/\/iwell-guard.com\/fi\/sila-maailmanhenki-ja-saanherra\/#breadcrumb"},"inLanguage":"fi","potentialAction":[{"@type":"ReadAction","target":["https:\/\/iwell-guard.com\/fi\/sila-maailmanhenki-ja-saanherra\/"]}]},{"@type":"ImageObject","inLanguage":"fi","@id":"https:\/\/iwell-guard.com\/fi\/sila-maailmanhenki-ja-saanherra\/#primaryimage","url":"https:\/\/iwell-guard.com\/wp-content\/uploads\/2026\/05\/geister_inuit_sila.webp","contentUrl":"https:\/\/iwell-guard.com\/wp-content\/uploads\/2026\/05\/geister_inuit_sila.webp","width":1024,"height":1536,"caption":"Henki\u00e4 inuiittiperinteest\u00e4."},{"@type":"BreadcrumbList","@id":"https:\/\/iwell-guard.com\/fi\/sila-maailmanhenki-ja-saanherra\/#breadcrumb","itemListElement":[{"@type":"ListItem","position":1,"name":"Start","item":"https:\/\/iwell-guard.com\/fi\/?page_id=143815"},{"@type":"ListItem","position":2,"name":"Sila \u2013 inuiittien maailmanhenki ja s\u00e4\u00e4nherra"}]},{"@type":"WebSite","@id":"https:\/\/iwell-guard.com\/fi\/#website","url":"https:\/\/iwell-guard.com\/fi\/","name":"iWell Guard","description":"Schutz vor dunklen Einfl\u00fcssen","publisher":{"@id":"https:\/\/iwell-guard.com\/fi\/#organization"},"potentialAction":[{"@type":"SearchAction","target":{"@type":"EntryPoint","urlTemplate":"https:\/\/iwell-guard.com\/fi\/?s={search_term_string}"},"query-input":{"@type":"PropertyValueSpecification","valueRequired":true,"valueName":"search_term_string"}}],"inLanguage":"fi"},{"@type":"Organization","@id":"https:\/\/iwell-guard.com\/fi\/#organization","name":"Ittermann electronic GmbH","url":"https:\/\/iwell-guard.com\/fi\/","logo":{"@type":"ImageObject","inLanguage":"fi","@id":"https:\/\/iwell-guard.com\/fi\/#\/schema\/logo\/image\/","url":"https:\/\/iwell-guard.com\/wp-content\/uploads\/2026\/05\/Ittermann-Logo-1182x237-1.png","contentUrl":"https:\/\/iwell-guard.com\/wp-content\/uploads\/2026\/05\/Ittermann-Logo-1182x237-1.png","width":1182,"height":237,"caption":"Ittermann electronic GmbH"},"image":{"@id":"https:\/\/iwell-guard.com\/fi\/#\/schema\/logo\/image\/"},"sameAs":["https:\/\/pantip.com\/profile\/9367242","https:\/\/micro.blog\/iwellguard","https:\/\/www.diggerslist.com\/iwellguard\/about","https:\/\/skitterphoto.com\/photographers\/2870314\/iwell-guard","https:\/\/iwellguard.wordpress.com\/2026\/06\/06\/iwell-guard\/","https:\/\/hub.docker.com\/u\/iwellguard","https:\/\/www.pinterest.com\/iwellguard\/","https:\/\/bit.ly\/m\/iwellguard","https:\/\/entre-vos-mains.alsace.eu\/profiles\/iwellguard\/activity","https:\/\/gravatar.com\/reallybeded8fd34","https:\/\/naijamatta.com\/iwellguard","https:\/\/www.goodreads.com\/iwellguard","https:\/\/profile.hatena.ne.jp\/iwellguard\/","https:\/\/experiment.com\/users\/iwellguard","https:\/\/wakelet.com\/@iWellGuard82270","https:\/\/www.chordie.com\/forum\/profile.php?id=2555664","https:\/\/www.instapaper.com\/p\/17757966","https:\/\/www.mapleprimes.com\/users\/iwellguard","https:\/\/businesslistingplus.com\/profile\/iwell-guard\/","https:\/\/telegra.ph\/iWell-Guard-06-06","https:\/\/pbase.com\/iwellguard\/iwellguard","https:\/\/b.hatena.ne.jp\/iwellguard\/20260607#bookmark-4788405196491818882","https:\/\/fliphtml5.com\/home\/iwellguard","https:\/\/anyflip.com\/homepage\/cmiwl#About","https:\/\/transfur.com\/Users\/iwellguard","http:\/\/delphi.larsbo.org\/user\/iwellguard","https:\/\/jobs.lajobsportal.org\/profiles\/8380803-iwell-guard","https:\/\/md.chaosdorf.de\/s\/jfbe5SBdJD","https:\/\/www.lingvolive.com\/en-us\/profile\/9ecaeaca-ce11-4e51-9e71-01d55e2bff36\/translations","https:\/\/www.fitday.com\/fitness\/forums\/members\/iwellguard.html","https:\/\/www.mymeetbook.com\/iwellguard","https:\/\/pxhere.com\/en\/photographer-me\/5040798","https:\/\/disqus.com\/by\/iwellguard\/about\/","https:\/\/pastelink.net\/hjwciqwq","https:\/\/pubhtml5.com\/homepage\/scjhn\/","https:\/\/www.bitchute.com\/channel\/2O2eOKzNqujT","https:\/\/audiomack.com\/iwellguard"]},{"@type":"Person","@id":"https:\/\/iwell-guard.com\/fi\/#\/schema\/person\/ee2a27f1cac3406c7c6fb5820cb7349f","name":"Ralf Ittermann","image":{"@type":"ImageObject","inLanguage":"fi","@id":"https:\/\/secure.gravatar.com\/avatar\/073c0153e350a5005b68eb752b445fea71f6b24a26da9449ad7e155e6b446c9d?s=96&d=mm&r=g","url":"https:\/\/secure.gravatar.com\/avatar\/073c0153e350a5005b68eb752b445fea71f6b24a26da9449ad7e155e6b446c9d?s=96&d=mm&r=g","contentUrl":"https:\/\/secure.gravatar.com\/avatar\/073c0153e350a5005b68eb752b445fea71f6b24a26da9449ad7e155e6b446c9d?s=96&d=mm&r=g","caption":"Ralf Ittermann"},"givenName":"Ralf","familyName":"Ittermann","jobTitle":"Gesch\u00e4ftsf\u00fchrer und redaktioneller Verantwortlicher","url":"https:\/\/iwell-guard.com\/fi\/author\/claude\/","description":"Ralf Ittermann ist Gesch\u00e4ftsf\u00fchrer der Ittermann electronic GmbH und redaktioneller Verantwortlicher des iWell-Guard-Lexikons. Er verbindet langj\u00e4hrige Erfahrung in der Pr\u00e4zisionsfertigung mit medialer Praxis und religionsgeschichtlicher Quellenarbeit.","worksFor":{"@type":"Organization","name":"Ittermann electronic GmbH","url":"https:\/\/ittermann.de\/","address":{"@type":"PostalAddress","streetAddress":"K\u00f6hlergasse 16-18","postalCode":"99842","addressLocality":"Ruhla","addressCountry":"DE"}},"knowsAbout":["Religionsgeschichte","Mythologie","Mediale Praxis","Energetische Diagnostik","Schutzpraxis","Volksglauben","Westliche Esoterik"]},{"@type":"Article","@id":"https:\/\/iwell-guard.com\/fi\/sila-maailmanhenki-ja-saanherra\/#article","isPartOf":{"@id":"https:\/\/iwell-guard.com\/fi\/sila-maailmanhenki-ja-saanherra\/"},"author":{"name":"Ralf Ittermann","@id":"https:\/\/iwell-guard.com\/fi\/#\/schema\/person\/ee2a27f1cac3406c7c6fb5820cb7349f"},"headline":"Sila \u2013 inuiittien maailmanhenki ja s\u00e4\u00e4nherra","datePublished":"2026-09-03T12:33:22+00:00","dateModified":"2026-09-03T12:54:03+00:00","mainEntityOfPage":{"@id":"https:\/\/iwell-guard.com\/fi\/sila-maailmanhenki-ja-saanherra\/"},"publisher":{"@id":"https:\/\/iwell-guard.com\/fi\/#organization"},"image":{"@id":"https:\/\/iwell-guard.com\/fi\/sila-maailmanhenki-ja-saanherra\/#primaryimage"},"thumbnailUrl":"https:\/\/iwell-guard.com\/wp-content\/uploads\/2026\/05\/geister_inuit_sila.webp","inLanguage":"fi","description":"Sila on arktinen maailmanperiaate, joka yhdist\u00e4\u00e4 s\u00e4\u00e4n, ilman ja j\u00e4rjen. Uskontotieteellinen katsaus myyttiin, samaanik\u00e4yt\u00e4nt\u00f6ihin, l\u00e4hteisiin ja tabuihin."}]}},"_links":{"self":[{"href":"https:\/\/iwell-guard.com\/fi\/wp-json\/wp\/v2\/pages\/144235","targetHints":{"allow":["GET"]}}],"collection":[{"href":"https:\/\/iwell-guard.com\/fi\/wp-json\/wp\/v2\/pages"}],"about":[{"href":"https:\/\/iwell-guard.com\/fi\/wp-json\/wp\/v2\/types\/page"}],"author":[{"embeddable":true,"href":"https:\/\/iwell-guard.com\/fi\/wp-json\/wp\/v2\/users\/3"}],"replies":[{"embeddable":true,"href":"https:\/\/iwell-guard.com\/fi\/wp-json\/wp\/v2\/comments?post=144235"}],"version-history":[{"count":0,"href":"https:\/\/iwell-guard.com\/fi\/wp-json\/wp\/v2\/pages\/144235\/revisions"}],"wp:featuredmedia":[{"embeddable":true,"href":"https:\/\/iwell-guard.com\/fi\/wp-json\/wp\/v2\/media\/2879"}],"wp:attachment":[{"href":"https:\/\/iwell-guard.com\/fi\/wp-json\/wp\/v2\/media?parent=144235"}],"wp:term":[{"taxonomy":"category","embeddable":true,"href":"https:\/\/iwell-guard.com\/fi\/wp-json\/wp\/v2\/categories?post=144235"}],"curies":[{"name":"wp","href":"https:\/\/api.w.org\/{rel}","templated":true}]}}