{"id":144234,"date":"2026-09-03T12:33:22","date_gmt":"2026-09-03T12:33:22","guid":{"rendered":"https:\/\/iwell-guard.com\/?page_id=144234"},"modified":"2026-09-03T12:54:03","modified_gmt":"2026-09-03T12:54:03","slug":"sedna-inuiittien-merten-valtiatar","status":"publish","type":"page","link":"https:\/\/iwell-guard.com\/fi\/sedna-inuiittien-merten-valtiatar\/","title":{"rendered":"Sedna &#8211; Inuiittien merten valtiatar"},"content":{"rendered":"\t\t<div data-elementor-type=\"wp-page\" data-elementor-id=\"144234\" class=\"elementor elementor-144234 elementor-2654 elementor-bc-flex-widget\" data-elementor-post-type=\"page\">\n\t\t\t\t<div class=\"elementor-element elementor-element-iwgw-sedna-hero e-flex e-con-boxed e-con e-parent\" data-id=\"iwgw-sedna-hero\" data-element_type=\"container\" data-e-type=\"container\" data-settings=\"{&quot;background_background&quot;:&quot;classic&quot;}\">\n\t\t\t\t\t<div class=\"e-con-inner\">\n\t\t<div class=\"elementor-element elementor-element-iwgw-sedna-hl e-flex e-con-boxed e-con e-child\" data-id=\"iwgw-sedna-hl\" data-element_type=\"container\" data-e-type=\"container\">\n\t\t\t\t\t<div class=\"e-con-inner\">\n\t\t<div class=\"elementor-element elementor-element-iwgw-sedna-htxt e-con-full e-flex e-con e-child\" data-id=\"iwgw-sedna-htxt\" data-element_type=\"container\" data-e-type=\"container\">\n\t\t\t\t<div class=\"elementor-element elementor-element-iwgw-sedna-h1 elementor-widget elementor-widget-heading\" data-id=\"iwgw-sedna-h1\" data-element_type=\"widget\" data-e-type=\"widget\" data-widget_type=\"heading.default\">\n\t\t\t\t\t<h1 class=\"elementor-heading-title elementor-size-default\">Sedna - Inuiittien pantheonin merten valtiatar ja el\u00e4inten suojelija<\/h1>\t\t\t\t<\/div>\n\t\t\t\t<div class=\"elementor-element elementor-element-iwgw-sedna-lead elementor-widget elementor-widget-text-editor\" data-id=\"iwgw-sedna-lead\" data-element_type=\"widget\" data-e-type=\"widget\" data-widget_type=\"text-editor.default\">\n\t\t\t\t\t\t\t\t\t<p>Sedna, joka tunnetaan polaarisessa inuiittiperinteess\u00e4 useilla nimill\u00e4, kuten Nuliajuk, Takannakapsaluk tai Arnakuagsak, on meriel\u00e4inten valtiatar ja yksi sirkumpolaarisen uskontohistorian parhaiten dokumentoiduista hahmoista. Knud Rasmussenin viidennen Thule-retkikunnan muistiinpanot tekiv\u00e4t h\u00e4nen hahmostaan avainasemassa olevan kohteen kaikessa arktisten toimeentulokulttuurien vakavasti otettavassa uskontotieteellisess\u00e4 tarkastelussa.<\/p>\t\t\t\t\t\t\t\t<\/div>\n\t\t\t\t<\/div>\n\t\t<div class=\"elementor-element elementor-element-iwgw-sedna-pillc e-con-full e-flex e-con e-child\" data-id=\"iwgw-sedna-pillc\" data-element_type=\"container\" data-e-type=\"container\">\n\t\t\t\t<div class=\"elementor-element elementor-element-iwgw-sedna-pills elementor-widget elementor-widget-html\" data-id=\"iwgw-sedna-pills\" data-element_type=\"widget\" data-e-type=\"widget\" data-widget_type=\"html.default\">\n\t\t\t\t\t<div class=\"iwg-pill-row\"><span class=\"iwg-klasse-badge\" tabindex=\"0\" data-tooltip=\"Meriolento inuiittiperinteess\u00e4.\">Meriolento<\/span><a href=\"https:\/\/iwell-guard.com\/fi\/inuit-ja-arktis-sedna-tornit\/\" class=\"iwg-kultur-badge\" tabindex=\"0\" data-tooltip=\"Inuiittiperinteen mytologia.\">Inuiitit<\/a><span class=\"iwg-tradition-badge\" tabindex=\"0\" data-tooltip=\"El\u00e4inten valtiatar.\">El\u00e4inten valtiatar<\/span><\/div>\t\t\t\t<\/div>\n\t\t\t\t<\/div>\n\t\t<div class=\"elementor-element elementor-element-iwgw-sedna-tocc e-con-full e-flex e-con e-child\" data-id=\"iwgw-sedna-tocc\" data-element_type=\"container\" data-e-type=\"container\">\n\t\t\t\t<div class=\"elementor-element elementor-element-iwgw-sedna-toc elementor-toc--minimized-on-tablet elementor-widget elementor-widget-table-of-contents\" data-id=\"iwgw-sedna-toc\" data-element_type=\"widget\" data-e-type=\"widget\" data-settings=\"{&quot;headings_by_tags&quot;:[&quot;h2&quot;,&quot;h3&quot;],&quot;minimize_box&quot;:&quot;yes&quot;,&quot;marker_view&quot;:&quot;bullets&quot;,&quot;no_headings_message&quot;:&quot;T\\u00e4lt\\u00e4 sivulta ei l\\u00f6ytynyt otsikoita.&quot;,&quot;exclude_headings_by_selector&quot;:[],&quot;icon&quot;:{&quot;value&quot;:&quot;fas fa-circle&quot;,&quot;library&quot;:&quot;fa-solid&quot;,&quot;rendered_tag&quot;:&quot;&lt;svg class=\\&quot;e-font-icon-svg e-fas-circle\\&quot; viewBox=\\&quot;0 0 512 512\\&quot; xmlns=\\&quot;http:\\\/\\\/www.w3.org\\\/2000\\\/svg\\&quot;&gt;&lt;path d=\\&quot;M256 8C119 8 8 119 8 256s111 248 248 248 248-111 248-248S393 8 256 8z\\&quot;&gt;&lt;\\\/path&gt;&lt;\\\/svg&gt;&quot;},&quot;minimized_on&quot;:&quot;tablet&quot;,&quot;hierarchical_view&quot;:&quot;yes&quot;,&quot;min_height&quot;:{&quot;unit&quot;:&quot;px&quot;,&quot;size&quot;:&quot;&quot;,&quot;sizes&quot;:[]},&quot;min_height_tablet&quot;:{&quot;unit&quot;:&quot;px&quot;,&quot;size&quot;:&quot;&quot;,&quot;sizes&quot;:[]},&quot;min_height_mobile&quot;:{&quot;unit&quot;:&quot;px&quot;,&quot;size&quot;:&quot;&quot;,&quot;sizes&quot;:[]}}\" data-widget_type=\"table-of-contents.default\">\n\t\t\t\t\t\t\t\t\t<div class=\"elementor-toc__header\">\n\t\t\t\t\t\t<h2 class=\"elementor-toc__header-title\">\n\t\t\t\tSis\u00e4llysluettelo\t\t\t<\/h2>\n\t\t\t\t\t\t\t\t\t\t<div class=\"elementor-toc__toggle-button elementor-toc__toggle-button--expand\" role=\"button\" tabindex=\"0\" aria-controls=\"elementor-toc__iwgw-sedna-toc\" aria-expanded=\"true\" aria-label=\"Open table of contents\"><svg aria-hidden=\"true\" class=\"e-font-icon-svg e-fas-chevron-down\" viewBox=\"0 0 448 512\" xmlns=\"http:\/\/www.w3.org\/2000\/svg\"><path d=\"M207.029 381.476L12.686 187.132c-9.373-9.373-9.373-24.569 0-33.941l22.667-22.667c9.357-9.357 24.522-9.375 33.901-.04L224 284.505l154.745-154.021c9.379-9.335 24.544-9.317 33.901.04l22.667 22.667c9.373 9.373 9.373 24.569 0 33.941L240.971 381.476c-9.373 9.372-24.569 9.372-33.942 0z\"><\/path><\/svg><\/div>\n\t\t\t\t<div class=\"elementor-toc__toggle-button elementor-toc__toggle-button--collapse\" role=\"button\" tabindex=\"0\" aria-controls=\"elementor-toc__iwgw-sedna-toc\" aria-expanded=\"true\" aria-label=\"Close table of contents\"><svg aria-hidden=\"true\" class=\"e-font-icon-svg e-fas-chevron-up\" viewBox=\"0 0 448 512\" xmlns=\"http:\/\/www.w3.org\/2000\/svg\"><path d=\"M240.971 130.524l194.343 194.343c9.373 9.373 9.373 24.569 0 33.941l-22.667 22.667c-9.357 9.357-24.522 9.375-33.901.04L224 227.495 69.255 381.516c-9.379 9.335-24.544 9.317-33.901-.04l-22.667-22.667c-9.373-9.373-9.373-24.569 0-33.941L207.03 130.525c9.372-9.373 24.568-9.373 33.941-.001z\"><\/path><\/svg><\/div>\n\t\t\t\t\t<\/div>\n\t\t\t\t<div id=\"elementor-toc__iwgw-sedna-toc\" class=\"elementor-toc__body\">\n\t\t\t<div class=\"elementor-toc__spinner-container\">\n\t\t\t\t<svg class=\"elementor-toc__spinner eicon-animation-spin e-font-icon-svg e-eicon-loading\" aria-hidden=\"true\" viewBox=\"0 0 1000 1000\" xmlns=\"http:\/\/www.w3.org\/2000\/svg\"><path d=\"M500 975V858C696 858 858 696 858 500S696 142 500 142 142 304 142 500H25C25 237 238 25 500 25S975 237 975 500 763 975 500 975Z\"><\/path><\/svg>\t\t\t<\/div>\n\t\t<\/div>\n\t\t\t\t\t\t<\/div>\n\t\t\t\t<\/div>\n\t\t\t\t\t<\/div>\n\t\t\t\t<\/div>\n\t\t<div class=\"elementor-element elementor-element-iwgw-sedna-hr e-con-full e-flex e-con e-child\" data-id=\"iwgw-sedna-hr\" data-element_type=\"container\" data-e-type=\"container\">\n\t\t\t\t<div class=\"elementor-element elementor-element-iwgw-sedna-heroimg iwg-hero-image elementor-widget elementor-widget-image\" data-id=\"iwgw-sedna-heroimg\" data-element_type=\"widget\" data-e-type=\"widget\" data-widget_type=\"image.default\">\n\t\t\t\t\t\t\t\t\t\t\t\t\t\t\t<img fetchpriority=\"high\" decoding=\"async\" width=\"683\" height=\"1024\" src=\"https:\/\/iwell-guard.com\/wp-content\/uploads\/2026\/05\/goetter_inuit_sedna-1-683x1024.webp\" class=\"attachment-large size-large wp-image-148756\" alt=\"Sedna - jumalia inuiittiperinteest\u00e4, historiallis-kuvitteellinen esitys\" srcset=\"https:\/\/iwell-guard.com\/wp-content\/uploads\/2026\/05\/goetter_inuit_sedna-1-683x1024.webp 683w, https:\/\/iwell-guard.com\/wp-content\/uploads\/2026\/05\/goetter_inuit_sedna-1-200x300.webp 200w, https:\/\/iwell-guard.com\/wp-content\/uploads\/2026\/05\/goetter_inuit_sedna-1-768x1152.webp 768w, https:\/\/iwell-guard.com\/wp-content\/uploads\/2026\/05\/goetter_inuit_sedna-1.webp 1024w\" sizes=\"(max-width: 683px) 100vw, 683px\" \/>\t\t\t\t\t\t\t\t\t\t\t\t\t\t\t<\/div>\n\t\t\t\t<\/div>\n\t\t\t\t\t<\/div>\n\t\t\t\t<\/div>\n\t\t\t\t<section class=\"elementor-section elementor-top-section elementor-element elementor-element-sec-iwgcomp-sedna elementor-section-boxed elementor-section-height-default elementor-section-height-default\" data-id=\"sec-iwgcomp-sedna\" data-element_type=\"section\" data-e-type=\"section\">\n\t\t\t\t\t\t<div class=\"elementor-container elementor-column-gap-default\">\n\t\t\t\t\t<div class=\"elementor-column elementor-col-100 elementor-top-column elementor-element elementor-element-col-iwgcomp-sedna\" data-id=\"col-iwgcomp-sedna\" data-element_type=\"column\" data-e-type=\"column\">\n\t\t\t<div class=\"elementor-widget-wrap elementor-element-populated\">\n\t\t\t\t\t\t<div class=\"elementor-element elementor-element-iwgcomp-sedna elementor-widget elementor-widget-text-editor\" data-id=\"iwgcomp-sedna\" data-element_type=\"widget\" data-e-type=\"widget\" data-widget_type=\"text-editor.default\">\n\t\t\t\t\t\t\t\t\t<p>Inuiittien merten valtiattaren Sednan <strong><span class=\"iwg-fachbegriff\" data-tooltip=\"Jumaluudelle tai pyh\u00e4lle hahmolle osoitettujen uskonnollisten kunnioittamistoimien kokonaisuus.\" tabindex=\"0\">kultti<\/span><\/strong> muovaa arktisen alueen mets\u00e4stys- ja suojelurituaaleja t\u00e4h\u00e4n p\u00e4iv\u00e4\u00e4n asti.<\/p>\t\t\t\t\t\t\t\t<\/div>\n\t\t\t\t\t<\/div>\n\t\t<\/div>\n\t\t\t\t\t<\/div>\n\t\t<\/section>\n\t\t<div class=\"elementor-element elementor-element-iwgw-sedna-s0 e-flex e-con-boxed e-con e-parent\" data-id=\"iwgw-sedna-s0\" data-element_type=\"container\" data-e-type=\"container\">\n\t\t\t\t\t<div class=\"e-con-inner\">\n\t\t\t\t<div class=\"elementor-element elementor-element-iwgw-sedna-s0h elementor-widget elementor-widget-heading\" data-id=\"iwgw-sedna-s0h\" data-element_type=\"widget\" data-e-type=\"widget\" data-widget_type=\"heading.default\">\n\t\t\t\t\t<h2 class=\"elementor-heading-title elementor-size-default\">Tarkastelu ja lyhyt profiili<\/h2>\t\t\t\t<\/div>\n\t\t<div class=\"elementor-element elementor-element-iwgw-sedna-s0c e-con-full e-flex e-con e-child\" data-id=\"iwgw-sedna-s0c\" data-element_type=\"container\" data-e-type=\"container\">\n\t\t\t\t<div class=\"elementor-element elementor-element-iwgw-sedna-s0t elementor-widget elementor-widget-text-editor\" data-id=\"iwgw-sedna-s0t\" data-element_type=\"widget\" data-e-type=\"widget\" data-widget_type=\"text-editor.default\">\n\t\t\t\t\t\t\t\t\t<p>Sedna on keskiarktisen <a href=\"https:\/\/iwell-guard.com\/fi\/inuit-ja-arktis-sedna-tornit\/\">inuiitti<\/a>perinteen tunnetuin numinoosinen hahmo. Perim\u00e4tiedon mukaan h\u00e4n asuu meren pohjassa ja hallitsee hylkeiden, valaiden ja mursujen kantoja, joista toimeentulo on riippuvainen.<\/p><p>Toisin kuin monilla panarktisilla jumaluuksilla, Sednalla on yhten\u00e4inen kerronnallinen el\u00e4m\u00e4kerta, joka osoittaa h\u00e4net entiseksi ihmisnaiseksi, jonka silpominen ja upottaminen mereen johti h\u00e4nen asemaansa el\u00e4inten valtiattarena. T\u00e4m\u00e4 kerronnallinen syvyys tekee h\u00e4nest\u00e4 uskontotieteellisesti erityisen hyvin tutkittavan tapauksen.<\/p><p>Tieteellisesti Sedna luokitellaan Siperiassa ja Pohjois-Amerikassa laajalti tunnetun el\u00e4inten valtiattaren tyypin ilmentym\u00e4ksi. Knud Rasmussen, Ann Fienup-Riordan ja Daniel Merkur ovat yht\u00e4pit\u00e4v\u00e4sti osoittaneet, ett\u00e4 h\u00e4nen valvontateht\u00e4v\u00e4ns\u00e4 riistael\u00e4inten suhteen muodostaa perinteisen inuiittiyhteiskunnan keskeisen taloudellis-uskonnollisen solmukohdan. Inuiittiopin mukaan h\u00e4nt\u00e4 koskevien tabujen rikkominen sulkee mets\u00e4stysmaat.<\/p><p>Sednan valta ei ole l\u00e4nsimaisessa mieless\u00e4 moraalisesti tuomitsevaa, vaan vastavuoroisesti s\u00e4\u00e4delty\u00e4. H\u00e4n pid\u00e4tt\u00e4\u00e4 el\u00e4imens\u00e4 tai vapauttaa ne sen mukaan, noudattavatko ihmiset h\u00e4nen tabuj\u00e4rjestelm\u00e4\u00e4ns\u00e4 el\u00e4m\u00e4ntavassaan.<\/p><p>T\u00e4t\u00e4 mekanismia k\u00e4sitell\u00e4\u00e4n tutkimuksessa uskonnollisena resurssitaloutena, joka yhdist\u00e4\u00e4 sosiaalisen koheesion ja mets\u00e4styksen s\u00e4\u00e4telyn. H\u00e4n on siten samanaikaisesti teologinen ja yhteiskuntapoliittinen auktoriteetti, mik\u00e4 erottaa h\u00e4net monista muista jumalhahmoista.<\/p><p>Koska Sednalla on poikkeuksellisen ehe\u00e4 kerronnallinen el\u00e4m\u00e4kerta, uudempi tieteellinen tutkimus on juuri h\u00e4nen kohdallaan kokeillut menetelm\u00e4llisesti laajennettuja l\u00e4hestymistapoja: se yhdist\u00e4\u00e4 etnografista tarkkuutta, kielellist\u00e4 l\u00e4hdekritiikki\u00e4 ja vertailevaa n\u00e4k\u00f6kulmaa. Nyky\u00e4\u00e4n keskeisess\u00e4 roolissa ovat inuiittiyhteis\u00f6n omat tutkijat, jotka tarkistavat ja oikaisevat vanhempia, osin kolonialistisesti v\u00e4rittyneit\u00e4 tulkintoja merten valtiattaresta.<\/p>\t\t\t\t\t\t\t\t<\/div>\n\t\t\t\t<\/div>\n\t\t\t\t\t<\/div>\n\t\t\t\t<\/div>\n\t\t<div class=\"elementor-element elementor-element-iwgw-sedna-s1 e-flex e-con-boxed e-con e-parent\" data-id=\"iwgw-sedna-s1\" data-element_type=\"container\" data-e-type=\"container\">\n\t\t\t\t\t<div class=\"e-con-inner\">\n\t\t\t\t<div class=\"elementor-element elementor-element-iwgw-sedna-s1h elementor-widget elementor-widget-heading\" data-id=\"iwgw-sedna-s1h\" data-element_type=\"widget\" data-e-type=\"widget\" data-widget_type=\"heading.default\">\n\t\t\t\t\t<h2 class=\"elementor-heading-title elementor-size-default\">Nimi, etymologia ja alueelliset muunnokset<\/h2>\t\t\t\t<\/div>\n\t\t<div class=\"elementor-element elementor-element-iwgw-sedna-s1c e-con-full e-flex e-con e-child\" data-id=\"iwgw-sedna-s1c\" data-element_type=\"container\" data-e-type=\"container\">\n\t\t\t\t<div class=\"elementor-element elementor-element-iwgw-sedna-s1t elementor-widget elementor-widget-text-editor\" data-id=\"iwgw-sedna-s1t\" data-element_type=\"widget\" data-e-type=\"widget\" data-widget_type=\"text-editor.default\">\n\t\t\t\t\t\t\t\t\t<p>Nykyisin yleisesti k\u00e4ytetty nimi Sedna on per\u00e4isin Baffininmaan inuktitut-kielest\u00e4, ja se vakiintui <span class=\"iwg-fachbegriff\" data-tooltip=\"Uskonnon sitovasti hyv\u00e4ksyttyyn pyhien tekstien kokonaisuuteen kuuluva.\" tabindex=\"0\">kanoniseksi<\/span> Franz Boasin 1800-luvun lopun muistiinpanojen my\u00f6t\u00e4. Sednan varsinaista, <span class=\"iwg-fachbegriff\" data-tooltip=\"Onnettomuutta torjuva: merkeist\u00e4 ja esineist\u00e4, joiden tarkoitus on pit\u00e4\u00e4 haitalliset vaikutukset loitolla.\" tabindex=\"0\">apotropaattisesti<\/span> tabuoitua nime\u00e4 v\u00e4ltet\u00e4\u00e4n usein kerrontatilanteissa. Sen sijaan k\u00e4yt\u00f6ss\u00e4 on kunnianimi\u00e4, kuten Nuliajuk, joka merkitsee kirjaimellisesti aina kosittua ja on vallitseva nimi netsilik- ja iglulik-alueella.<\/p><p>Aivilingmiut- ja Iglulingmiut-yhteis\u00f6iss\u00e4 k\u00e4ytet\u00e4\u00e4n yleisesti muotoa Takannakapsaluk, Gr\u00f6nlannissa nimi\u00e4 Arnakuagsak tai Arnarquassaaq. Alueellinen vaihtelu ei rajoitu kielellisiin eroihin, vaan jokaiseen nimeen liittyy hieman toisistaan poikkeavia myyttilinjoja.<\/p><p>Iglulik-versio korostaa vahvemmin adoptio- ja avioliittolinjoja, kun taas Baffin-versiossa keskeisell\u00e4 sijalla ovat is\u00e4 Anguta ja veneess\u00e4 tapahtuva draama. Alaskassa esiintyy sukua olevia k\u00e4sitteit\u00e4, jotka poikkeavat funktionaalisesti osittain keskiarktisesta Sednasta.<\/p><p>Etymologisesti Daniel Merkur tulkitsee nimen Nuliajuk merkitsev\u00e4n naista, jota henget kosivat jatkuvasti, ja n\u00e4kee siin\u00e4 shamaanisen matkan heijastuman: <span class=\"iwg-fachbegriff\" data-tooltip=\"Uskonnollinen erikoisosaaja, jonka teht\u00e4v\u00e4ksi katsotaan ihmisten ja henkimaailman v\u00e4litt\u00e4minen.\" tabindex=\"0\">shamaanin<\/span> on etsitt\u00e4v\u00e4 h\u00e4net k\u00e4siins\u00e4 kuin kosija, joka pyrkii voittamaan h\u00e4nen suosionsa.<\/p><p>Muut nimimuodot heijastavat teht\u00e4v\u00e4\u00e4: <em>Arnaq<\/em> tarkoittaa yksinkertaisesti naista, <em>nuna<\/em> maata tai maailmaa, joten liikanimet kuten Meren alla oleva nainen pysyv\u00e4t merkitykselt\u00e4\u00e4n l\u00e4pin\u00e4kyvin\u00e4. Nimien moninaisuus vastaa uskontofenomenologista havaintoa, jonka mukaan voimakkaita numinoosisia hahmoja puhutellaan usein vain kiertoilmauksin.<\/p>\t\t\t\t\t\t\t\t<\/div>\n\t\t\t\t<\/div>\n\t\t\t\t\t<\/div>\n\t\t\t\t<\/div>\n\t\t<div class=\"elementor-element elementor-element-iwgw-sedna-s2 e-flex e-con-boxed e-con e-parent\" data-id=\"iwgw-sedna-s2\" data-element_type=\"container\" data-e-type=\"container\">\n\t\t\t\t\t<div class=\"e-con-inner\">\n\t\t\t\t<div class=\"elementor-element elementor-element-iwgw-sedna-s2h elementor-widget elementor-widget-heading\" data-id=\"iwgw-sedna-s2h\" data-element_type=\"widget\" data-e-type=\"widget\" data-widget_type=\"heading.default\">\n\t\t\t\t\t<h2 class=\"elementor-heading-title elementor-size-default\">Kuvaus ja ikonografia<\/h2>\t\t\t\t<\/div>\n\t\t<div class=\"elementor-element elementor-element-iwgw-sedna-s2c e-con-full e-flex e-con e-child\" data-id=\"iwgw-sedna-s2c\" data-element_type=\"container\" data-e-type=\"container\">\n\t\t\t\t<div class=\"elementor-element elementor-element-iwgw-sedna-s2t elementor-widget elementor-widget-text-editor\" data-id=\"iwgw-sedna-s2t\" data-element_type=\"widget\" data-e-type=\"widget\" data-widget_type=\"text-editor.default\">\n\t\t\t\t\t\t\t\t\t<p>Perinteisiss\u00e4 kertomuksissa Sedna kuvataan mahtavana naisena meren pohjalla, jonka k\u00e4det ovat joko kokonaan kadonneet tai muuttuneet hylkeen r\u00e4pyl\u00f6iksi.<\/p><p>H\u00e4nen hiuksensa ovat pitk\u00e4t, painavat ja pysyv\u00e4sti takkuiset, sill\u00e4 h\u00e4n ei sormien puuttuessa kykene en\u00e4\u00e4 kampaamaan niit\u00e4 itse. Useiden kertomusten mukaan n\u00e4ist\u00e4 takkuisista hiuksista syntyv\u00e4t sairaudet ja riistael\u00e4inten puute. T\u00e4m\u00e4 ruumiillinen haavoittuvuus muodostaa uskontofenomenologisesti oman <span class=\"iwg-fachbegriff\" data-tooltip=\"Toistuva sis\u00e4ll\u00f6llinen elementti taiteessa tai kertomuksessa.\" tabindex=\"0\">motiivinsa<\/span>.<\/p><p>Kuvalliset esitykset olivat perinteisess\u00e4 inuiittikulttuurissa harvinaisia, sill\u00e4 merenhaltijattaren figuratiivinen kuvaaminen oli itsess\u00e4\u00e4n tabun alaista. Vasta 1950-luvulta alkaen kehittynyt nykyinuiittitaide, esimerkiksi Cape Dorsetissa (Kinngait) ja Pangnirtungissa, on tehnyt Sednasta ikonografisesti hahmotettavan <span class=\"iwg-fachbegriff\" data-tooltip=\"Toistuva sis\u00e4ll\u00f6llinen elementti taiteessa tai kertomuksessa.\" tabindex=\"0\">motiivin<\/span>.<\/p><p>Ningiukulu Teeveen, Kenojuak Ashevakin ja Pitseolak Ashoonan kaltaisten taiteilijoiden kivipainokset esitt\u00e4v\u00e4t h\u00e4net usein olentona, jolla on ihmisen yl\u00e4vartalo ja pyrst\u00f6ev\u00e4.<\/p><p>Nykyaikainen kuvaperinne on tieteellisesti erotettava esikristillisest\u00e4 perinteest\u00e4. Rasmussenin muistiinpanoissa shamaanit kertovat, ett\u00e4 he pystyiv\u00e4t n\u00e4kem\u00e4\u00e4n Sednan vain erityisiss\u00e4 transsitiloissa ja ett\u00e4 kaikkea ennakoivaa kuvaamista pidettiin ylimielisen\u00e4. Nykyinen kuvaperinne on siis v\u00e4hemm\u00e4n historiallisen ikonografian toistoa kuin oma moderni tulkintansa hahmosta.<\/p><p>Symbolisesti h\u00e4neen liitet\u00e4\u00e4n itse vesiel\u00e4imet: kirjohylkeet, partahylkeet, mursut, valkovalaat ja narvalit. H\u00e4nen synnyst\u00e4\u00e4n kertovissa tarinoissa n\u00e4m\u00e4 el\u00e4imet ovat syntyneet katkaistuista sormennivelist\u00e4, mik\u00e4 on \u00e4tiologinen <span class=\"iwg-fachbegriff\" data-tooltip=\"Toistuva sis\u00e4ll\u00f6llinen elementti taiteessa tai kertomuksessa.\" tabindex=\"0\">motiivi<\/span>, joka tekee taloudellisen riippuvuuden n\u00e4kyv\u00e4ksi <span class=\"iwg-fachbegriff\" data-tooltip=\"S\u00e4\u00e4delty symbolisten toimintojen sarja, jolla on uskonnollinen tai kulttuurinen merkitys.\" tabindex=\"0\">rituaalina<\/span>.<\/p><p>Se, joka kaataa hylkeen, saa uskonnollismyyttisess\u00e4 mieless\u00e4 palan Sednan omaa ruumista, mik\u00e4 perustelee velvollisuuden kohdella saalista kunnioittavasti.<\/p>\t\t\t\t\t\t\t\t<\/div>\n\t\t\t\t<\/div>\n\t\t\t\t\t<\/div>\n\t\t\t\t<\/div>\n\t\t<div class=\"elementor-element elementor-element-iwgw-sedna-s3 e-flex e-con-boxed e-con e-parent\" data-id=\"iwgw-sedna-s3\" data-element_type=\"container\" data-e-type=\"container\">\n\t\t\t\t\t<div class=\"e-con-inner\">\n\t\t\t\t<div class=\"elementor-element elementor-element-iwgw-sedna-s3h elementor-widget elementor-widget-heading\" data-id=\"iwgw-sedna-s3h\" data-element_type=\"widget\" data-e-type=\"widget\" data-widget_type=\"heading.default\">\n\t\t\t\t\t<h2 class=\"elementor-heading-title elementor-size-default\">Silpomisen keskeinen myytti<\/h2>\t\t\t\t<\/div>\n\t\t<div class=\"elementor-element elementor-element-iwgw-sedna-s3c e-con-full e-flex e-con e-child\" data-id=\"iwgw-sedna-s3c\" data-element_type=\"container\" data-e-type=\"container\">\n\t\t\t\t<div class=\"elementor-element elementor-element-iwgw-sedna-s3t elementor-widget elementor-widget-text-editor\" data-id=\"iwgw-sedna-s3t\" data-element_type=\"widget\" data-e-type=\"widget\" data-widget_type=\"text-editor.default\">\n\t\t\t\t\t\t\t\t\t<p>Ydinkertomus noudattaa l\u00e4hes kaikissa versioissa vakiintunutta perusrakennetta, kuten Franz Boas, Knud Rasmussen ja my\u00f6hemmin Daniel Merkur ovat dokumentoineet. Sedna on miehen <a href=\"https:\/\/iwell-guard.com\/fi\/?page_id=144238\">Angutan<\/a> tyt\u00e4r. H\u00e4n kielt\u00e4ytyy naimasta ihmismiest\u00e4.<\/p><p>Lopulta h\u00e4n suostuu kosijaan, joka paljastuu myrskylinnuksi, koiraksi tai tuntemattomaksi muukalaiseksi. Avioliiton j\u00e4lkeen h\u00e4n tajuaa miehens\u00e4 todellisen luonnon ja huutaa is\u00e4\u00e4ns\u00e4 avuksi.<\/p><p>Anguta hakee h\u00e4net umiakilla, naisten veneell\u00e4. Paon aikana myrskylintu-mies nostattaa myrskyn. Pelastaakseen veneen uppoamiselta Anguta heitt\u00e4\u00e4 tytt\u00e4rens\u00e4 mereen.<\/p><p>Kun t\u00e4m\u00e4 tarrautuu veneen laitaan, is\u00e4 hakkaa h\u00e4nen sormensa nivelitt\u00e4in poikki. Ensimm\u00e4isest\u00e4 nivelest\u00e4 syntyv\u00e4t pienet hylkeet, toisesta partahylkeet, kolmannesta mursut ja valaat. T\u00e4m\u00e4 meriel\u00e4inten per\u00e4kk\u00e4inen synty on tyypillinen <span class=\"iwg-fachbegriff\" data-tooltip=\"Toistuva sis\u00e4ll\u00f6llinen elementti taiteessa tai kertomuksessa.\" tabindex=\"0\">motiivi<\/span> aitiologisessa kertomakirjallisuudessa.<\/p><p>Silvottu Sedna vaipuu meren pohjaan ja tulee siell\u00e4 el\u00e4inten valtiattareksi. H\u00e4n pysyy ristiriitaisessa suhteessa is\u00e4\u00e4ns\u00e4, joka petti h\u00e4net, ihmisiin, joiden tabujen rikkomukset takertuvat h\u00e4nen hiuksiinsa, ja shamaaneihin, jotka laskeutuvat h\u00e4nen luokseen transsissa.<\/p><p>T\u00e4m\u00e4 <span class=\"iwg-fachbegriff\" data-tooltip=\"Perinteinen kertomus jumalista, alkuperist\u00e4 ja maailman j\u00e4rjestyksest\u00e4.\" tabindex=\"0\">myytti<\/span> on ensisijaisesti aitiologinen malli mets\u00e4stystalouden synnylle, ei rangaistusmyytti. Tieteellisesti se on paradigmaattinen esimerkki luomismytologiasta, jossa maailma syntyy vahingoittumisesta, ei j\u00e4rjestyksest\u00e4.<\/p>\t\t\t\t\t\t\t\t<\/div>\n\t\t\t\t<\/div>\n\t\t\t\t\t<\/div>\n\t\t\t\t<\/div>\n\t\t<div class=\"elementor-element elementor-element-iwgw-sedna-s4 e-flex e-con-boxed e-con e-parent\" data-id=\"iwgw-sedna-s4\" data-element_type=\"container\" data-e-type=\"container\">\n\t\t\t\t\t<div class=\"e-con-inner\">\n\t\t\t\t<div class=\"elementor-element elementor-element-iwgw-sedna-s4h elementor-widget elementor-widget-heading\" data-id=\"iwgw-sedna-s4h\" data-element_type=\"widget\" data-e-type=\"widget\" data-widget_type=\"heading.default\">\n\t\t\t\t\t<h2 class=\"elementor-heading-title elementor-size-default\">Shamaanin matka alas<\/h2>\t\t\t\t<\/div>\n\t\t<div class=\"elementor-element elementor-element-iwgw-sedna-s4c e-con-full e-flex e-con e-child\" data-id=\"iwgw-sedna-s4c\" data-element_type=\"container\" data-e-type=\"container\">\n\t\t\t\t<div class=\"elementor-element elementor-element-iwgw-sedna-s4t elementor-widget elementor-widget-text-editor\" data-id=\"iwgw-sedna-s4t\" data-element_type=\"widget\" data-e-type=\"widget\" data-widget_type=\"text-editor.default\">\n\t\t\t\t\t\t\t\t\t<p>Kun mets\u00e4stysonni oli poissa pitk\u00e4\u00e4n, inuiittien k\u00e4sityksen mukaan angakkuqin, shamaanin, keskeisen\u00e4 teht\u00e4v\u00e4n\u00e4 oli laskeutua Sednan luo. Rasmussen esitti teoksessaan <em>Intellectual Culture of the Iglulik Eskimos<\/em> yhden tiiviimmist\u00e4 kuvauksista t\u00e4st\u00e4 matkasta, ja siit\u00e4 on tullut tieteellisess\u00e4 keskustelussa sirkumpolaarisen shamanismintutkimuksen vakiokohta.<\/p><p><span class=\"iwg-fachbegriff\" data-tooltip=\"Uskonnollinen erikoisosaaja, jonka teht\u00e4v\u00e4ksi katsotaan v\u00e4litt\u00e4minen ihmisten ja henkimaailman v\u00e4lill\u00e4.\" tabindex=\"0\">Shamaani<\/span> vaipuu transsiin rummutuksen, laulujen ja hengitystekniikoiden avulla. H\u00e4nen kaksoisolentonsa tai sielunsa j\u00e4tt\u00e4\u00e4 ruumiin, ylitt\u00e4\u00e4 j\u00e4isen tundratasangon, voittaa py\u00f6riv\u00e4n j\u00e4\u00e4vuorisolan, veitsenter\u00e4vist\u00e4 j\u00e4\u00e4lautoista muodostuvan raivoisan virran ja lopulta koiran, joka vartioi Sednan talon sis\u00e4\u00e4nk\u00e4ynti\u00e4.<\/p><p>Taloon saavuttuaan h\u00e4n tapaa Sednan, jonka takkuisiin hiuksiin el\u00e4imet ovat kietoutuneet.<\/p><p>Shamaanin teht\u00e4v\u00e4n\u00e4 on kammata ja puhdistaa h\u00e4nen hiuksensa ja k\u00e4ytt\u00e4yty\u00e4 sovittelevasti. T\u00e4m\u00e4n toimituksen aikana iglussa oleva ihmisyhteis\u00f6 tunnustaa apushamaanin johdolla tabun rikkomuksensa.<\/p><p>Vasta kun rikkomukset on lausuttu \u00e4\u00e4neen, Sedna p\u00e4\u00e4st\u00e4\u00e4 el\u00e4imet vapaaksi. Mircea Eliade k\u00e4sitteli t\u00e4t\u00e4 k\u00e4yt\u00e4nt\u00f6\u00e4 teoksessaan <em><span class=\"iwg-fachbegriff\" data-tooltip=\"Uskonnollinen j\u00e4rjestelm\u00e4, jossa erikoisosaajat ovat yhteydess\u00e4 henkimaailmaan.\" tabindex=\"0\">Schamanismus<\/span> und archaische Ekstasetechnik<\/em> shamaanisen v\u00e4litt\u00e4j\u00e4toiminnan esimerkkitapauksena.<\/p><p>Daniel Merkur korostaa, ett\u00e4 matka on ymm\u00e4rrett\u00e4v\u00e4 kollektiivisena kriisirituaalina, jossa taloudellinen kriisi symboloidaan uskonnollisesti ja ratkaistaan yhteis\u00f6llisesti. Yksil\u00f6llisen\u00e4 parantamisk\u00e4yt\u00e4nt\u00f6n\u00e4 sit\u00e4 tulkittaisiin v\u00e4\u00e4rin. Sosiaalinen funktio on v\u00e4hint\u00e4\u00e4n yht\u00e4 t\u00e4rke\u00e4 kuin teologinen, ja k\u00e4yt\u00e4nn\u00f6ss\u00e4 n\u00e4it\u00e4 kahta ei voi erottaa toisistaan.<\/p>\t\t\t\t\t\t\t\t<\/div>\n\t\t\t\t<\/div>\n\t\t\t\t\t<\/div>\n\t\t\t\t<\/div>\n\t\t<div class=\"elementor-element elementor-element-iwgw-sedna-s5 e-flex e-con-boxed e-con e-parent\" data-id=\"iwgw-sedna-s5\" data-element_type=\"container\" data-e-type=\"container\">\n\t\t\t\t\t<div class=\"e-con-inner\">\n\t\t\t\t<div class=\"elementor-element elementor-element-iwgw-sedna-s5h elementor-widget elementor-widget-heading\" data-id=\"iwgw-sedna-s5h\" data-element_type=\"widget\" data-e-type=\"widget\" data-widget_type=\"heading.default\">\n\t\t\t\t\t<h2 class=\"elementor-heading-title elementor-size-default\">Tabu, pittailiniq ja apotropainen k\u00e4yt\u00e4nt\u00f6<\/h2>\t\t\t\t<\/div>\n\t\t<div class=\"elementor-element elementor-element-iwgw-sedna-s5c e-con-full e-flex e-con e-child\" data-id=\"iwgw-sedna-s5c\" data-element_type=\"container\" data-e-type=\"container\">\n\t\t\t\t<div class=\"elementor-element elementor-element-iwgw-sedna-s5t elementor-widget elementor-widget-text-editor\" data-id=\"iwgw-sedna-s5t\" data-element_type=\"widget\" data-e-type=\"widget\" data-widget_type=\"text-editor.default\">\n\t\t\t\t\t\t\t\t\t<p>Sednan ymp\u00e4rille rakentuva tabuj\u00e4rjestelm\u00e4 tunnetaan inuittikieless\u00e4 nimell\u00e4 <em>pittailiniq<\/em>, joka tarkoittaa kirjaimellisesti sit\u00e4, mit\u00e4 on v\u00e4ltett\u00e4v\u00e4. N\u00e4ill\u00e4 kielloilla on mets\u00e4stykseen ja toimeentuloon perustuva pohja, eik\u00e4 niill\u00e4 ole kristillisess\u00e4 mieless\u00e4 moraalista merkityst\u00e4.<\/p><p>Se, joka sekoittaa maa- ja meriel\u00e4inten lihaa samassa aterialla, joka k\u00e4sittelee hylkeenlihaa v\u00e4\u00e4rin, joka kuukautisten aikana paloittelee hylkeit\u00e4 tai joka salaa kuolemantapauksen, likaa uskomuksen mukaan Sednan hiukset.<\/p><p><span class=\"iwg-fachbegriff\" data-tooltip=\"Onnettomuutta torjuva: merkeist\u00e4 ja esineist\u00e4, joiden on tarkoitus pit\u00e4\u00e4 haitalliset vaikutukset loitolla.\" tabindex=\"0\">Apotrooppisia<\/span> vaikutuksia ovat erityisesti synnytyksen ja kuoleman j\u00e4lkeiset puhdistusvelvollisuudet, hylje- ja kaributy\u00f6kalujen erill\u00e4\u00e4n pit\u00e4minen, ensimm\u00e4isen saadun el\u00e4imen k\u00e4sittelytapa sek\u00e4 veden takaisin kaataminen tapetun hylkeen kitaan kunnioituksen osoituksena.<\/p><p>Viimeksi mainittua eleit\u00e4 kutsutaan tutkimuksessa hylkeen hautajaisiksi, ja sit\u00e4 pidet\u00e4\u00e4n keskeisen\u00e4 lohdutuslahjana el\u00e4imen sielulle ja v\u00e4lillisesti Sednalle.<\/p><p>My\u00f6s suojaavia amuletteja, joita kutsutaan nimell\u00e4 <em>aarnguaq<\/em>, on todistettu. Ne voivat koostua tapettujen el\u00e4inten luista, kynsist\u00e4 tai nokan j\u00e4\u00e4nteist\u00e4, ja niit\u00e4 ripustetaan lapsille tai mets\u00e4st\u00e4jille.<\/p><p>Sen sijaan, ett\u00e4 ne toimisivat maagisesti mekaanisen vaikutuksen mieless\u00e4, ne osoittavat hoidettua suhdetta niihin ei-inhimillisiin persooniin, joista selviytyminen riippuu. T\u00e4m\u00e4 suhde-etiikka erottaa inuittiuskonnon selv\u00e4sti maagis-instrumentaalisista perinteist\u00e4.<\/p>\t\t\t\t\t\t\t\t<\/div>\n\t\t\t\t<\/div>\n\t\t\t\t\t<\/div>\n\t\t\t\t<\/div>\n\t\t<div class=\"elementor-element elementor-element-iwgw-sedna-s6 e-flex e-con-boxed e-con e-parent\" data-id=\"iwgw-sedna-s6\" data-element_type=\"container\" data-e-type=\"container\">\n\t\t\t\t\t<div class=\"e-con-inner\">\n\t\t\t\t<div class=\"elementor-element elementor-element-iwgw-sedna-s6h elementor-widget elementor-widget-heading\" data-id=\"iwgw-sedna-s6h\" data-element_type=\"widget\" data-e-type=\"widget\" data-widget_type=\"heading.default\">\n\t\t\t\t\t<h2 class=\"elementor-heading-title elementor-size-default\">Sedna sirkumpolaarisen uskonnon kontekstissa<\/h2>\t\t\t\t<\/div>\n\t\t<div class=\"elementor-element elementor-element-iwgw-sedna-s6c e-con-full e-flex e-con e-child\" data-id=\"iwgw-sedna-s6c\" data-element_type=\"container\" data-e-type=\"container\">\n\t\t\t\t<div class=\"elementor-element elementor-element-iwgw-sedna-s6t elementor-widget elementor-widget-text-editor\" data-id=\"iwgw-sedna-s6t\" data-element_type=\"widget\" data-e-type=\"widget\" data-widget_type=\"text-editor.default\">\n\t\t\t\t\t\t\t\t\t<p>Uskontofenomenologisesti Sedna kuuluu el\u00e4inten em\u00e4ntien laajaan perheeseen, jonka Adolf Friedrich ja my\u00f6hemmin Otto Zerries kuvasivat systemaattisesti pohjoisen Euraasian ja Pohjois-Amerikan osalta. Rinnastuksia l\u00f6ytyy t\u0161ukt\u0161ien <em>kelet<\/em>-k\u00e4sitteest\u00e4, korjakkien ja itelmeenien merenem\u00e4ntist\u00e4 sek\u00e4 yupikkien <a href=\"https:\/\/iwell-guard.com\/fi\/?page_id=144243\">Qailertetangista<\/a>, joka joissakin kertomuksissa esiintyy Sednan seuralaisena.<\/p><p>Laajemmassa sirkumpolaarisessa vertailussa h\u00e4n liittyy l\u00e4heisesti suomalais-ugrilaiseen <em>Mehts\u00e4-Em\u00e4\u00e4n<\/em> eli mets\u00e4n \u00e4itiin ja saamelaisiin el\u00e4inten em\u00e4ntiin, kuten <em>Leibolmm\u00e1ihin<\/em>, ks. <a href=\"https:\/\/iwell-guard.com\/fi\/saamelaiset-noaidi-rumpu\/\">saamelainen<\/a> perinne. Rakenteellinen yht\u00e4l\u00e4isyys l\u00f6ytyy vastavuoroisuuden logiikasta: saalis n\u00e4hd\u00e4\u00e4n numinoosin persoonan lahjana, ei koskaan pelkk\u00e4n\u00e4 resurssina.<\/p><p>Subarktis-sirkumpolaarisessa keskustelussa Ann Fienup-Riordan on osoittanut <em>yupik<\/em>-perinteess\u00e4, ett\u00e4 rakenteellisesti samankaltaiset hahmot esiintyv\u00e4t alueella suhteiden ja tabujen kimppuina. Yhten\u00e4inen persoonoituminen puuttuu.<\/p><p>Keskiarktisen inuittiperinteen taipumus on kuitenkin vahvempi persoonoitumiseen yhdeksi suureksi hahmoksi, Sednaksi. T\u00e4m\u00e4 ero sirkumpolaarisen alueen sis\u00e4ll\u00e4 on tieteellisesti valaiseva, sill\u00e4 se osoittaa, ettei uskonnollinen muoto seuraa v\u00e4ist\u00e4m\u00e4tt\u00e4 ekologisesta rakenteesta.<\/p>\t\t\t\t\t\t\t\t<\/div>\n\t\t\t\t<\/div>\n\t\t\t\t\t<\/div>\n\t\t\t\t<\/div>\n\t\t<div class=\"elementor-element elementor-element-iwgw-sedna-s7 e-flex e-con-boxed e-con e-parent\" data-id=\"iwgw-sedna-s7\" data-element_type=\"container\" data-e-type=\"container\">\n\t\t\t\t\t<div class=\"e-con-inner\">\n\t\t\t\t<div class=\"elementor-element elementor-element-iwgw-sedna-s7h elementor-widget elementor-widget-heading\" data-id=\"iwgw-sedna-s7h\" data-element_type=\"widget\" data-e-type=\"widget\" data-widget_type=\"heading.default\">\n\t\t\t\t\t<h2 class=\"elementor-heading-title elementor-size-default\">Siirtomaahistoria ja kristillinen kerrostuma<\/h2>\t\t\t\t<\/div>\n\t\t<div class=\"elementor-element elementor-element-iwgw-sedna-s7c e-con-full e-flex e-con e-child\" data-id=\"iwgw-sedna-s7c\" data-element_type=\"container\" data-e-type=\"container\">\n\t\t\t\t<div class=\"elementor-element elementor-element-iwgw-sedna-s7t elementor-widget elementor-widget-text-editor\" data-id=\"iwgw-sedna-s7t\" data-element_type=\"widget\" data-e-type=\"widget\" data-widget_type=\"text-editor.default\">\n\t\t\t\t\t\t\t\t\t<p>Kun moravialaiset ja anglikaaniset l\u00e4hetyssaarnaajat alkoivat k\u00e4\u00e4nnytt\u00e4\u00e4 inuiitteja 1700-luvulta l\u00e4htien, ja Kanadassa k\u00e4\u00e4nnytys k\u00e4rjistyi 1800-luvulla ja 1900-luvun alussa, Sedna-<span class=\"iwg-fachbegriff\" data-tooltip=\"Kaikki uskonnolliset kunnioitusmenot, jotka kohdistuvat jumaluuteen tai pyh\u00e4\u00e4n hahmoon.\" tabindex=\"0\">kultti<\/span> joutui merkitt\u00e4v\u00e4n paineen alle.<\/p><p>\u0160amaanit leimattiin monin paikoin noidiksi, ja heid\u00e4n rumpunsa poltettiin julkisesti. Angakkuq-k\u00e4yt\u00e4nt\u00f6 lakkasi virallisesti monilla alueilla, mik\u00e4 ei kuitenkaan tarkoita, ett\u00e4 Sedna-kertomukset olisivat kadonneet.<\/p><p>Tieteellisesti hyvin dokumentoitu on muutos kertomakirjallisuuden ja my\u00f6hemmin nykytaiteen suuntaan. Sednasta tuli kirjallis-taiteellinen identiteettisymboli siirtomaavallan alle joutuneelle kulttuurille. Nunavutin territorion perustamisen j\u00e4lkeen 1999 h\u00e4n on tullut osaksi koulujen opetussuunnitelmia ja museopedagogiikkaa.<\/p><p>Alkuper\u00e4iskansojen uskontojen palautusliike on 2000-luvulta l\u00e4htien johtanut \u0161amanistisiin k\u00e4yt\u00e4nt\u00f6ihin liittyv\u00e4n uudelleenl\u00f6yt\u00e4misen, tunnustuksettomassa muodossa. Tieteellinen havainto on t\u00e4ss\u00e4 kuvaileva: kyse on muistik\u00e4yt\u00e4nn\u00f6n, identiteetin rakentamisen ja osittaisen rituaalien elpymisen sekamuodosta, ei katkeamattomasta jatkuvuudesta. T\u00e4m\u00e4 postkoloniaalinen konfiguraatio on omanlainen tieteellinen tutkimusalueensa.<\/p>\t\t\t\t\t\t\t\t<\/div>\n\t\t\t\t<\/div>\n\t\t\t\t\t<\/div>\n\t\t\t\t<\/div>\n\t\t<div class=\"elementor-element elementor-element-iwgw-sedna-s8 e-flex e-con-boxed e-con e-parent\" data-id=\"iwgw-sedna-s8\" data-element_type=\"container\" data-e-type=\"container\">\n\t\t\t\t\t<div class=\"e-con-inner\">\n\t\t\t\t<div class=\"elementor-element elementor-element-iwgw-sedna-s8h elementor-widget elementor-widget-heading\" data-id=\"iwgw-sedna-s8h\" data-element_type=\"widget\" data-e-type=\"widget\" data-widget_type=\"heading.default\">\n\t\t\t\t\t<h2 class=\"elementor-heading-title elementor-size-default\">Nykyinen vastaanotto, tutkimus ja taide<\/h2>\t\t\t\t<\/div>\n\t\t<div class=\"elementor-element elementor-element-iwgw-sedna-s8c e-con-full e-flex e-con e-child\" data-id=\"iwgw-sedna-s8c\" data-element_type=\"container\" data-e-type=\"container\">\n\t\t\t\t<div class=\"elementor-element elementor-element-iwgw-sedna-s8t elementor-widget elementor-widget-text-editor\" data-id=\"iwgw-sedna-s8t\" data-element_type=\"widget\" data-e-type=\"widget\" data-widget_type=\"text-editor.default\">\n\t\t\t\t\t\t\t\t\t<p>Muualla kuin alkuper\u00e4iskansojen keskuudessa Sednasta on tullut arktisen uskonnon n\u00e4kyvin hahmo. T\u00e4htitieteess\u00e4 vuonna 2003 l\u00f6ydetty transneptuninen kappale kantaa nime\u00e4 90377 Sedna, mik\u00e4 todistaa hahmon vaikutuksen ulottuvan varsinaisen tieteellisen kent\u00e4n ulkopuolelle.<\/p><p>Populaarikulttuurissa h\u00e4n esiintyy romaaneissa, elokuvissa, sarjakuvissa ja peleiss\u00e4, usein vahvasti yksinkertaistetussa, joskus ongelmallisen romantisoidussa muodossa.<\/p><p>Inuittiyhteis\u00f6jen sis\u00e4ll\u00e4 suhtautuminen t\u00e4h\u00e4n ulkopuoliseen vastaanottoon on kaksijakoinen. Vaikka n\u00e4kyvyytt\u00e4 tervehdit\u00e4\u00e4n kulttuurisena tunnustuksena, \u00e4\u00e4net kuten inuittikuraattori Heather Igloliorten tai kirjailija Rachel Qitsualikin kritisoivat sit\u00e4, ett\u00e4 ulkopuoliset k\u00e4ytt\u00f6tavat usein sivuuttavat uskonnolliset viittaukset ja pelkist\u00e4v\u00e4t hahmon esteettiseksi merenneidoksi.<\/p><p>Viimeisten kahdenkymmenen vuoden tieteellinen tutkimus, esimerkiksi Fr\u00e9d\u00e9ric Laugrandin, Jarich Oostenin ja Anna Lia Berthelsenin ty\u00f6ss\u00e4, korostaa tarvetta lukea Sedna ihmisten, el\u00e4inten ja maan v\u00e4lisen suhdeverkoston solmukohtana, sen sijaan ett\u00e4 h\u00e4nt\u00e4 tarkasteltaisiin eristettyn\u00e4 jumalankuvana.<\/p><p>T\u00e4ss\u00e4 tulkinnassa h\u00e4nest\u00e4 tulee arktisen ekologisen uskontoantropologian avainhahmo. T\u00e4ll\u00e4 teoreettisella siirtym\u00e4ll\u00e4 on huomattavia vaikutuksia siihen, miten koko arktinen uskontohistoria hahmotetaan.<\/p>\t\t\t\t\t\t\t\t<\/div>\n\t\t\t\t<\/div>\n\t\t\t\t\t<\/div>\n\t\t\t\t<\/div>\n\t\t<div class=\"elementor-element elementor-element-iwgw-sedna-s9 e-flex e-con-boxed e-con e-parent\" data-id=\"iwgw-sedna-s9\" data-element_type=\"container\" data-e-type=\"container\">\n\t\t\t\t\t<div class=\"e-con-inner\">\n\t\t\t\t<div class=\"elementor-element elementor-element-iwgw-sedna-s9h elementor-widget elementor-widget-heading\" data-id=\"iwgw-sedna-s9h\" data-element_type=\"widget\" data-e-type=\"widget\" data-widget_type=\"heading.default\">\n\t\t\t\t\t<h2 class=\"elementor-heading-title elementor-size-default\">Sedna inuittiperinteen leksikossa<\/h2>\t\t\t\t<\/div>\n\t\t<div class=\"elementor-element elementor-element-iwgw-sedna-s9c e-con-full e-flex e-con e-child\" data-id=\"iwgw-sedna-s9c\" data-element_type=\"container\" data-e-type=\"container\">\n\t\t\t\t<div class=\"elementor-element elementor-element-iwgw-sedna-s9t elementor-widget elementor-widget-text-editor\" data-id=\"iwgw-sedna-s9t\" data-element_type=\"widget\" data-e-type=\"widget\" data-widget_type=\"text-editor.default\">\n\t\t\t\t\t\t\t\t\t<p>Syvemm\u00e4n kuvan inuittien ajatusmaailmasta antavat hakusanat <a href=\"https:\/\/iwell-guard.com\/fi\/?page_id=144235\">Sila<\/a>, maailman hengitystila, <a href=\"https:\/\/iwell-guard.com\/fi\/?page_id=144238\">Anguta<\/a>, h\u00e4nen is\u00e4ns\u00e4, <a href=\"https:\/\/iwell-guard.com\/fi\/?page_id=144236\">Tornarssuk<\/a>, \u0161amaanien avustava henki, <a href=\"https:\/\/iwell-guard.com\/fi\/?page_id=144240\">Nanook<\/a>, j\u00e4\u00e4karhuhenki, ja <a href=\"https:\/\/iwell-guard.com\/fi\/?page_id=144243\">Qailertetang<\/a>, s\u00e4\u00e4t\u00e4 tuova seuralainen.<\/p><p>Laajemman uskontohistoriallisen kehyksen tarjoaa kulttuurikeskus <a href=\"https:\/\/iwell-guard.com\/fi\/inuit-ja-arktis-sedna-tornit\/\">Inuittiperinne<\/a>. Se, joka etsii yhteytt\u00e4 muiden kulttuurien el\u00e4inten em\u00e4ntiin, l\u00f6yt\u00e4\u00e4 <a href=\"https:\/\/iwell-guard.com\/fi\/saamelaiset-noaidi-rumpu\/\">saamelaisista<\/a> hakusanoista rakenteellisesti samankaltaisia konfiguraatioita, kuten <em>Madderakka<\/em>.<\/p>\t\t\t\t\t\t\t\t<\/div>\n\t\t\t\t<\/div>\n\t\t\t\t\t<\/div>\n\t\t\t\t<\/div>\n\t\t<div class=\"elementor-element elementor-element-cp29452ded e-flex e-con-boxed e-con e-parent\" data-id=\"cp29452ded\" data-element_type=\"container\" data-e-type=\"container\">\n\t\t\t\t\t<div class=\"e-con-inner\">\n\t\t\t\t<div class=\"elementor-element elementor-element-cp24dd8067 elementor-widget elementor-widget-heading\" data-id=\"cp24dd8067\" data-element_type=\"widget\" data-e-type=\"widget\" data-widget_type=\"heading.default\">\n\t\t\t\t\t<h2 class=\"elementor-heading-title elementor-size-default\">Kertomuksen ja sen nimien alueellinen moninaisuus<\/h2>\t\t\t\t<\/div>\n\t\t<div class=\"elementor-element elementor-element-cp24eec498 e-flex e-con-boxed e-con e-child\" data-id=\"cp24eec498\" data-element_type=\"container\" data-e-type=\"container\">\n\t\t\t\t\t<div class=\"e-con-inner\">\n\t\t\t\t<div class=\"elementor-element elementor-element-cp27817669 elementor-widget elementor-widget-text-editor\" data-id=\"cp27817669\" data-element_type=\"widget\" data-e-type=\"widget\" data-widget_type=\"text-editor.default\">\n\t\t\t\t\t\t\t\t\t<p>Sedna ei ole yhten\u00e4inen nimi jollekin koko arktista aluetta koskevalle <span class=\"iwg-fachbegriff\" data-tooltip=\"Uskonnon sis\u00e4ll\u00e4 jumalallisena palvottu olento.\" tabindex=\"0\">jumaluudelle<\/span>, vaan tutkimuskirjallisuudessa yleinen nimitys hahmolle, joka esiintyy eri inuiitti- ja yupik-alueilla monin eri nimin.<\/p><p>Hudsoninlahden ja it\u00e4isen arktisen alueen inuiiteilla h\u00e4net tunnetaan nimill\u00e4 Nuliajuk tai Takannaaluk, l\u00e4nsialueilla esiintyy muotoja kuten Arnakuagsak, ja nimi Sedna itsess\u00e4\u00e4n on per\u00e4isin Franz Boasin 1800-luvun lopulla Baffininsaarelta tekemist\u00e4 muistiinpanoista.<\/p><p>T\u00e4m\u00e4 moninaisuus ei ole v\u00e4h\u00e4p\u00e4t\u00f6inen seikka, vaan kertoo yksitt\u00e4isten yhteis\u00f6jen alueellisesta itsen\u00e4isyydest\u00e4. My\u00f6s kertomus itsess\u00e4\u00e4n vaihtelee. Joissakin versioissa my\u00f6hempi meren herratar on nainen, joka menee naimisiin koiran tai linnun hahmoisen olennon kanssa, toisissa tytt\u00f6, joka kielt\u00e4ytyy avioitumasta.<\/p><p>Monille versioille on yhteist\u00e4, ett\u00e4 is\u00e4 ottaa h\u00e4net mukaan kajakkiin, myrskyn aikana h\u00e4net heitet\u00e4\u00e4n laidan yli, ja h\u00e4n tarrautuu kajakin laitaan, kunnes h\u00e4nen sormensa katkaistaan. Katkaistuista sormista syntyv\u00e4t merinis\u00e4kk\u00e4\u00e4t.<\/p><p>Sednan p\u00e4\u00e4l\u00e4hteet ovat Franz Boasin muistiinpanot sek\u00e4 Knud Rasmussenin johtaman viidennen Thule-tutkimusmatkan laaja aineisto 1920-luvulta.<\/p><p>Molemmat l\u00e4hdekokonaisuudet ovat arvokkaita, mutta kielen, valikoinnin ja tallentajien kiinnostuksenkohteiden suodattamia. Koko arktista aluetta koskeva yhten\u00e4inen Sedna on ulkopuolisen katsantokannan rakennelma. Kunkin v\u00e4itteen tulisi siksi mainita kyseinen alue ja siell\u00e4 k\u00e4yt\u00f6ss\u00e4 oleva nimi.<\/p>\t\t\t\t\t\t\t\t<\/div>\n\t\t\t\t\t<\/div>\n\t\t\t\t<\/div>\n\t\t\t\t\t<\/div>\n\t\t\t\t<\/div>\n\t\t<div class=\"elementor-element elementor-element-cp22aea445 e-flex e-con-boxed e-con e-parent\" data-id=\"cp22aea445\" data-element_type=\"container\" data-e-type=\"container\">\n\t\t\t\t\t<div class=\"e-con-inner\">\n\t\t\t\t<div class=\"elementor-element elementor-element-cp292b3d5a elementor-widget elementor-widget-heading\" data-id=\"cp292b3d5a\" data-element_type=\"widget\" data-e-type=\"widget\" data-widget_type=\"heading.default\">\n\t\t\t\t\t<h2 class=\"elementor-heading-title elementor-size-default\">\u0160amaanin laskeutuminen meren herrattaren luo<\/h2>\t\t\t\t<\/div>\n\t\t<div class=\"elementor-element elementor-element-cp2e8a031f e-flex e-con-boxed e-con e-child\" data-id=\"cp2e8a031f\" data-element_type=\"container\" data-e-type=\"container\">\n\t\t\t\t\t<div class=\"e-con-inner\">\n\t\t\t\t<div class=\"elementor-element elementor-element-cp26b91245 elementor-widget elementor-widget-text-editor\" data-id=\"cp26b91245\" data-element_type=\"widget\" data-e-type=\"widget\" data-widget_type=\"text-editor.default\">\n\t\t\t\t\t\t\t\t\t<p>Omanlaisensa rituaaliperinne liittyy k\u00e4sitykseen, jonka mukaan meren herratar hallitsee p\u00e4\u00e4sy\u00e4 merinis\u00e4kk\u00e4isiin. Kun hylkeet, mursut ja valaat j\u00e4iv\u00e4t saamatta ja yhteis\u00f6\u00e4 uhkasi n\u00e4l\u00e4nh\u00e4t\u00e4, t\u00e4t\u00e4 pidettiin merkkin\u00e4 siit\u00e4, ett\u00e4 herratar oli vihastunut.<\/p><p>Syyksi mainittiin tabujen rikkomukset, esimerkiksi virheet syntym\u00e4n, kuoleman tai saalisel\u00e4inten k\u00e4sittelyn yhteydess\u00e4. K\u00e4sityksen mukaan ihmisten rikkomukset kertyiv\u00e4t likana tai takkuina herrattaren hiuksiin.<\/p><p>T\u00e4llaisessa tilanteessa toimintaan ryhtyi <em>angakkuq<\/em>, <span class=\"iwg-fachbegriff\" data-tooltip=\"Uskonnollinen erikoisasiantuntija, jonka katsotaan v\u00e4litt\u00e4v\u00e4n ihmisten ja henkimaailman v\u00e4lill\u00e4.\" tabindex=\"0\">\u0161amaani<\/span>. Knud Rasmussen on tallentanut Hudsoninlahden alueelta yksityiskohtaisen kertomuksen t\u00e4llaisesta <span class=\"iwg-fachbegriff\" data-tooltip=\"Vakiintunut, toistuva uskonnollinen toimitus.\" tabindex=\"0\">riitist\u00e4<\/span>.<\/p><p><span class=\"iwg-fachbegriff\" data-tooltip=\"Uskonnollinen erikoisasiantuntija, jonka katsotaan v\u00e4litt\u00e4v\u00e4n ihmisten ja henkimaailman v\u00e4lill\u00e4.\" tabindex=\"0\">\u0160amaani<\/span> vaipuu transsiin ja l\u00e4htee henkimatkalle merenpohjaan, jolla h\u00e4nen on ohitettava esteit\u00e4, kuten kuilu, py\u00f6riv\u00e4 j\u00e4\u00e4lohkare tai sis\u00e4\u00e4nk\u00e4ynti\u00e4 vartioiva koira.<\/p><p>P\u00e4\u00e4sty\u00e4\u00e4n herrattaren asuinsijalle h\u00e4n kampaa ja j\u00e4rjest\u00e4\u00e4 t\u00e4m\u00e4n hiukset, koska herratar ei puuttuvien sormiensa takia kykene tekem\u00e4\u00e4n sit\u00e4 itse. N\u00e4in h\u00e4n poistaa kertyneen lian ja rikkomukset.<\/p><p>Vastapalvelukseksi herrattaren on p\u00e4\u00e4stett\u00e4v\u00e4 merinis\u00e4kk\u00e4\u00e4t vapaaksi. Palattuaan transsista <span class=\"iwg-fachbegriff\" data-tooltip=\"Uskonnollinen erikoisasiantuntija, jonka katsotaan v\u00e4litt\u00e4v\u00e4n ihmisten ja henkimaailman v\u00e4lill\u00e4.\" tabindex=\"0\">\u0161amaani<\/span> kehotti usein kokoontuneita tunnustamaan avoimesti taburikkomuksensa.<\/p><p>Tieteellisesti tarkasteltuna t\u00e4m\u00e4 <span class=\"iwg-fachbegriff\" data-tooltip=\"Vakiintunut, toistuva uskonnollinen toimitus.\" tabindex=\"0\">riitti<\/span> yhdist\u00e4\u00e4 mets\u00e4stysonnen kosmologisen selityksen sosiaaliseen teht\u00e4v\u00e4\u00e4n: se tuo salatun v\u00e4\u00e4rink\u00e4yt\u00f6ksen julki ja palauttaa j\u00e4rjestyksen ihmisten, el\u00e4inten ja meren herrattaren v\u00e4lille.<\/p>\t\t\t\t\t\t\t\t<\/div>\n\t\t\t\t\t<\/div>\n\t\t\t\t<\/div>\n\t\t\t\t\t<\/div>\n\t\t\t\t<\/div>\n\t\t<div class=\"elementor-element elementor-element-iwgw-sedna-lit e-flex e-con-boxed e-con e-parent\" data-id=\"iwgw-sedna-lit\" data-element_type=\"container\" data-e-type=\"container\">\n\t\t\t\t\t<div class=\"e-con-inner\">\n\t\t\t\t<div class=\"elementor-element elementor-element-iwgw-sedna-lith elementor-widget elementor-widget-heading\" data-id=\"iwgw-sedna-lith\" data-element_type=\"widget\" data-e-type=\"widget\" data-widget_type=\"heading.default\">\n\t\t\t\t\t<h2 class=\"elementor-heading-title elementor-size-default\">Kirjallisuus (valikoima)<\/h2>\t\t\t\t<\/div>\n\t\t<div class=\"elementor-element elementor-element-iwgw-sedna-litc e-con-full e-flex e-con e-child\" data-id=\"iwgw-sedna-litc\" data-element_type=\"container\" data-e-type=\"container\">\n\t\t\t\t<div class=\"elementor-element elementor-element-iwgw-sedna-litt elementor-widget elementor-widget-text-editor\" data-id=\"iwgw-sedna-litt\" data-element_type=\"widget\" data-e-type=\"widget\" data-widget_type=\"text-editor.default\">\n\t\t\t\t\t\t\t\t\t<ul><li><span data-nosnippet>Knud Rasmussen: <em>Intellectual Culture of the Iglulik Eskimos<\/em> (Report of the Fifth Thule Expedition, Bd. VII.1, Kopenhagen 1929)<\/span><\/li><li>Franz Boas: <em>The Central Eskimo<\/em> (Washington 1888)<\/li><li><span data-nosnippet>Daniel Merkur: <em>Becoming Half Hidden: Shamanism and <span class=\"iwg-fachbegriff\" data-tooltip=\"Rituaalinen siirtym\u00e4, jonka kautta joku otetaan mukaan uuteen asemaan tai yhteis\u00f6\u00f6n.\" tabindex=\"0\">initiaatio<\/span> among the Inuit<\/em> (Stockholm 1985)<\/span><\/li><li><span data-nosnippet>Ann Fienup-Riordan: <em>Boundaries and Passages: Rule and <span class=\"iwg-fachbegriff\" data-tooltip=\"S\u00e4\u00e4delty symbolisten toimitusten sarja, jolla on uskonnollinen tai kulttuurinen merkitys.\" tabindex=\"0\">rituaali<\/span> in Yup&#8217;ik Eskimo Oral Tradition<\/em> (Norman 1994)<\/span><\/li><li>Fr\u00e9d\u00e9ric Laugrand ja Jarich Oosten: <em>Inuit Shamanism and Christianity<\/em> (Montreal 2010)<\/li><li>Mircea Eliade: <em><span class=\"iwg-fachbegriff\" data-tooltip=\"Uskonnollinen j\u00e4rjestelm\u00e4, jossa erikoisasiantuntijat ovat yhteydess\u00e4 henkimaailmaan.\" tabindex=\"0\">\u0161amanismi<\/span> und archaische Ekstasetechnik<\/em> (Stuttgart 1957)<\/li><\/ul>\t\t\t\t\t\t\t\t<\/div>\n\t\t\t\t<\/div>\n\t\t\t\t\t<\/div>\n\t\t\t\t<\/div>\n\t\t<div class=\"elementor-element elementor-element-iwgkw-add-sedna e-flex e-con-boxed e-con e-parent\" data-id=\"iwgkw-add-sedna\" data-element_type=\"container\" data-e-type=\"container\">\n\t\t\t\t\t<div class=\"e-con-inner\">\n\t\t\t\t<div class=\"elementor-element elementor-element-iwgkw-add-sedna-t elementor-widget elementor-widget-text-editor\" data-id=\"iwgkw-add-sedna-t\" data-element_type=\"widget\" data-e-type=\"widget\" data-widget_type=\"text-editor.default\">\n\t\t\t\t\t\t\t\t\t<p>Inuiittien <span class=\"iwg-fachbegriff\" data-tooltip=\"Uskonnon tai kulttuurin jumalten kokonaisuus.\" tabindex=\"0\">jumalkunnassa<\/span> Sednaa pidet\u00e4\u00e4n meriel\u00e4inten <em>vartijana<\/em>: hylkeiden, valaiden ja kalojen katsotaan perinteisen k\u00e4sityksen mukaan syntyneen h\u00e4nen ruumiistaan ja olevan h\u00e4nen hallinnassaan.<\/p><p>Jos yhteis\u00f6 rikkoo mets\u00e4stys- ja puhtauss\u00e4\u00e4nt\u00f6j\u00e4, vartija pid\u00e4tt\u00e4\u00e4 el\u00e4imet, ja <em>angakkoq<\/em>:n on laskeuduttava transsissa h\u00e4nen luokseen kampaamaan h\u00e4nen hiuksensa, jotta mets\u00e4stysalueet avautuvat uudelleen.<\/p>\t\t\t\t\t\t\t\t<\/div>\n\t\t\t\t\t<\/div>\n\t\t\t\t<\/div>\n\t\t<div class=\"elementor-element elementor-element-iwgw-sedna-kwd e-flex e-con-boxed e-con e-parent\" data-id=\"iwgw-sedna-kwd\" data-element_type=\"container\" data-e-type=\"container\">\n\t\t\t\t\t<div class=\"e-con-inner\">\n\t\t<div class=\"elementor-element elementor-element-iwgw-sedna-kwdc e-con-full e-flex e-con e-child\" data-id=\"iwgw-sedna-kwdc\" data-element_type=\"container\" data-e-type=\"container\">\n\t\t\t\t<div class=\"elementor-element elementor-element-iwgw-sedna-kwdt elementor-widget elementor-widget-text-editor\" data-id=\"iwgw-sedna-kwdt\" data-element_type=\"widget\" data-e-type=\"widget\" data-widget_type=\"text-editor.default\">\n\t\t\t\t\t\t\t\t\t<p><em>Aiheeseen liittyv\u00e4t avainsanat: Sedna Nuliajuk Takannakapsaluk Angakkuq Iglulik meren herratar hylkeiden herratar Pittailiniq.<\/em><\/p>\t\t\t\t\t\t\t\t<\/div>\n\t\t\t\t<\/div>\n\t\t\t\t\t<\/div>\n\t\t\t\t<\/div>\n\t\t<div class=\"elementor-element elementor-element-iwgw-sedna-cc e-flex e-con-boxed e-con e-parent\" data-id=\"iwgw-sedna-cc\" data-element_type=\"container\" data-e-type=\"container\" id=\"iwg-cc-sedna\">\n\t\t\t\t\t<div class=\"e-con-inner\">\n\t\t<div class=\"elementor-element elementor-element-iwgw-sedna-ccinner e-flex e-con-boxed e-con e-parent\" data-id=\"iwgw-sedna-ccinner\" data-element_type=\"container\" data-e-type=\"container\" data-settings=\"{&quot;background_background&quot;:&quot;classic&quot;}\">\n\t\t\t\t\t<div class=\"e-con-inner\">\n\t\t\t\t<div class=\"elementor-element elementor-element-iwgw-sedna-cch elementor-widget elementor-widget-heading\" data-id=\"iwgw-sedna-cch\" data-element_type=\"widget\" data-e-type=\"widget\" data-widget_type=\"heading.default\">\n\t\t\t\t\t<h2 class=\"elementor-heading-title elementor-size-default\">iWell Guard ja suojelutraditiot<\/h2>\t\t\t\t<\/div>\n\t\t\t\t<div class=\"elementor-element elementor-element-iwgw-sedna-cct elementor-widget elementor-widget-text-editor\" data-id=\"iwgw-sedna-cct\" data-element_type=\"widget\" data-e-type=\"widget\" data-widget_type=\"text-editor.default\">\n\t\t\t\t\t\t\t\t\t<div data-nosnippet=\"true\"><p>iWell Guard jatkaa kannettavien suojaesineiden kulttuurihistoriallista perinnett\u00e4, <a href=\"https:\/\/iwell-guard.com\/fi\/inuit-ja-arktis-sedna-tornit\/\">inuiittien<\/a> ja monien muiden kulttuurien perinteiden hengess\u00e4 ymp\u00e4ri maailmaa. 41 tasoa, aitoa kultaa, platinaa, hopeaa, valmistettu Saksassa. 30 p\u00e4iv\u00e4n palautusoikeus.<\/p><\/div>\t\t\t\t\t\t\t\t<\/div>\n\t\t\t\t<div class=\"elementor-element elementor-element-iwgw-sedna-ccb iwg-cc-button iwg-cc-cta-2026-05-13 elementor-widget elementor-widget-jet-button\" data-id=\"iwgw-sedna-ccb\" data-element_type=\"widget\" data-e-type=\"widget\" data-widget_type=\"jet-button.default\">\n\t\t\t\t<div class=\"elementor-widget-container\">\n\t\t\t\t\t<div class=\"elementor-jet-button jet-elements\"><div class=\"jet-button__container\"><a class=\"jet-button__instance jet-button__instance--icon-left hover-effect-1\" href=\"\/ueber-iwell-guard\/?utm_source=iwell-guard.com&amp;utm_medium=info-box&amp;utm_campaign=wesen-tradition\"><div class=\"jet-button__plane jet-button__plane-normal\"><\/div><div class=\"jet-button__plane jet-button__plane-hover\"><\/div><div class=\"jet-button__state jet-button__state-normal\"><span class=\"jet-button__label\">Lis\u00e4\u00e4 iWell Guardista<\/span><\/div><div class=\"jet-button__state jet-button__state-hover\"><span class=\"jet-button__label\">Lis\u00e4\u00e4 iWell Guardista<\/span><\/div><\/a><\/div><\/div><style>.elementor-element.elementor-element-iwgw-sedna-ccb .jet-button__instance{width:320px;height:56px;}.elementor-element.elementor-element-iwgw-sedna-ccb .jet-button__state-normal .jet-button__label{text-align:center;margin:0px 0px 0px 0px;color:#1a1b20;font-family:Montserrat,sans-serif;font-size:13px;font-weight:400;letter-spacing:4px;line-height:1.714em;text-transform:uppercase;}.elementor-element.elementor-element-iwgw-sedna-ccb .jet-button__state-hover .jet-button__label{text-align:center;margin:0px 0px 0px 0px;color:#FECC76;font-family:Montserrat,sans-serif;font-size:13px;font-weight:400;letter-spacing:4px;line-height:1.714em;text-transform:uppercase;}.elementor-element.elementor-element-iwgw-sedna-ccb .jet-button__plane-normal{background-color:#FECC76;border-style:solid;border-color:#C99540;border-width:2px 2px 2px 2px;}.elementor-element.elementor-element-iwgw-sedna-ccb .jet-button__plane-hover{background-color:rgba(0,0,0,0.55);border-style:solid;border-color:#FECC76;border-width:2px 2px 2px 2px;}<\/style>\t\t\t\t<\/div>\n\t\t\t\t<\/div>\n\t\t\t\t<div class=\"elementor-element elementor-element-iwgw-sedna-ccd elementor-widget elementor-widget-text-editor\" data-id=\"iwgw-sedna-ccd\" data-element_type=\"widget\" data-e-type=\"widget\" data-widget_type=\"text-editor.default\">\n\t\t\t\t\t\t\t\t\t<div data-nosnippet=\"true\"><p style=\"text-align:center;font-size:13px;opacity:0.7;margin-top:14px\" data-nosnippet=\"true\">Henkil\u00f6kohtaiset kokemukset voivat vaihdella. Ei l\u00e4\u00e4kinn\u00e4llinen laite. Ei paranemislupausta.<\/p><\/div>\t\t\t\t\t\t\t\t<\/div>\n\t\t\t\t\t<\/div>\n\t\t\t\t<\/div>\n\t\t\t\t\t<\/div>\n\t\t\t\t<\/div>\n\t\t<div class=\"elementor-element elementor-element-iwgw-sedna-disc e-flex e-con-boxed e-con e-parent\" data-id=\"iwgw-sedna-disc\" data-element_type=\"container\" data-e-type=\"container\">\n\t\t\t\t\t<div class=\"e-con-inner\">\n\t\t\t\t<div class=\"elementor-element elementor-element-iwgw-sedna-discw elementor-widget elementor-widget-html\" data-id=\"iwgw-sedna-discw\" data-element_type=\"widget\" data-e-type=\"widget\" data-widget_type=\"html.default\">\n\t\t\t\t\t<footer data-nosnippet=\"true\" class=\"iwg-disclaimer-block\"><p data-nosnippet=\"true\">iWell Guard <strong>ei ole l\u00e4\u00e4kinn\u00e4llinen laite<\/strong>, eik\u00e4 se korvaa l\u00e4\u00e4k\u00e4rin tai psykoterapeutin hoitoa. Uskontotieteelliset sis\u00e4ll\u00f6t ovat kulttuurihistoriallista tarkastelua, ei suositus hengelliseen k\u00e4yt\u00e4nt\u00f6\u00f6n.<\/p><\/footer>\t\t\t\t<\/div>\n\t\t\t\t\t<\/div>\n\t\t\t\t<\/div>\n\t\t\t\t<\/div>\n\t\t","protected":false},"excerpt":{"rendered":"","protected":false},"author":3,"featured_media":2885,"parent":0,"menu_order":0,"comment_status":"closed","ping_status":"closed","template":"elementor_header_footer","meta":{"_yoast_wpseo_focuskw":"Sedna inuiittien merijumalatar","_yoast_wpseo_title":"Sedna - Inuiittien merten valtiatar, myytti ja kultti","_yoast_wpseo_metadesc":"Sedna on inuiittien pantheonin meriel\u00e4inten valtiatar. Uskontotieteellinen tarkastelu: myytti, shamaanik\u00e4yt\u00e4nn\u00f6t, l\u00e4hteet.","_yoast_wpseo_meta-robots-noindex":"","_yoast_wpseo_canonical":"","_angie_page":false,"gefaehrdungsstufe":"3","wesen_kultur":"inuit","wesen_klasse":"geister","footnotes":""},"categories":[],"class_list":["post-144234","page","type-page","status-publish","has-post-thumbnail","hentry"],"yoast_head":"<!-- This site is optimized with the Yoast SEO Premium plugin v27.7 (Yoast SEO v28.3) - https:\/\/yoast.com\/product\/yoast-seo-premium-wordpress\/ -->\n<title>Sedna - Inuiittien merten valtiatar, myytti ja kultti<\/title>\n<meta name=\"description\" content=\"Sedna on inuiittien pantheonin meriel\u00e4inten valtiatar. Uskontotieteellinen tarkastelu: myytti, shamaanik\u00e4yt\u00e4nn\u00f6t, l\u00e4hteet.\" \/>\n<meta name=\"robots\" content=\"index, follow, max-snippet:-1, max-image-preview:large, max-video-preview:-1\" \/>\n<link rel=\"canonical\" href=\"https:\/\/iwell-guard.com\/fi\/sedna-inuiittien-merten-valtiatar\/\" \/>\n<meta property=\"og:locale\" content=\"fi_FI\" \/>\n<meta property=\"og:type\" content=\"article\" \/>\n<meta property=\"og:title\" content=\"Sedna - Inuiittien merten valtiatar\" \/>\n<meta property=\"og:description\" content=\"Sedna on inuiittien pantheonin meriel\u00e4inten valtiatar. Uskontotieteellinen tarkastelu: myytti, shamaanik\u00e4yt\u00e4nn\u00f6t, l\u00e4hteet.\" \/>\n<meta property=\"og:url\" content=\"https:\/\/iwell-guard.com\/fi\/sedna-inuiittien-merten-valtiatar\/\" \/>\n<meta property=\"og:site_name\" content=\"iWell Guard\" \/>\n<meta property=\"article:modified_time\" content=\"2026-09-03T12:54:03+00:00\" \/>\n<meta property=\"og:image\" content=\"https:\/\/iwell-guard.com\/wp-content\/uploads\/2026\/05\/goetter_inuit_sedna-1.webp\" \/>\n\t<meta property=\"og:image:width\" content=\"1024\" \/>\n\t<meta property=\"og:image:height\" content=\"1536\" \/>\n\t<meta property=\"og:image:type\" content=\"image\/webp\" \/>\n<meta name=\"twitter:card\" content=\"summary_large_image\" \/>\n<script type=\"application\/ld+json\" class=\"yoast-schema-graph\">{\"@context\":\"https:\\\/\\\/schema.org\",\"@graph\":[{\"@type\":\"WebPage\",\"@id\":\"https:\\\/\\\/iwell-guard.com\\\/fi\\\/sedna-inuiittien-merten-valtiatar\\\/\",\"url\":\"https:\\\/\\\/iwell-guard.com\\\/fi\\\/sedna-inuiittien-merten-valtiatar\\\/\",\"name\":\"Sedna - Inuiittien merten valtiatar, myytti ja kultti\",\"isPartOf\":{\"@id\":\"https:\\\/\\\/iwell-guard.com\\\/fi\\\/#website\"},\"primaryImageOfPage\":{\"@id\":\"https:\\\/\\\/iwell-guard.com\\\/fi\\\/sedna-inuiittien-merten-valtiatar\\\/#primaryimage\"},\"image\":{\"@id\":\"https:\\\/\\\/iwell-guard.com\\\/fi\\\/sedna-inuiittien-merten-valtiatar\\\/#primaryimage\"},\"thumbnailUrl\":\"https:\\\/\\\/iwell-guard.com\\\/wp-content\\\/uploads\\\/2026\\\/05\\\/goetter_inuit_sedna-1.webp\",\"datePublished\":\"2026-09-03T12:33:22+00:00\",\"dateModified\":\"2026-09-03T12:54:03+00:00\",\"description\":\"Sedna on inuiittien pantheonin meriel\u00e4inten valtiatar. Uskontotieteellinen tarkastelu: myytti, shamaanik\u00e4yt\u00e4nn\u00f6t, l\u00e4hteet.\",\"breadcrumb\":{\"@id\":\"https:\\\/\\\/iwell-guard.com\\\/fi\\\/sedna-inuiittien-merten-valtiatar\\\/#breadcrumb\"},\"inLanguage\":\"fi\",\"potentialAction\":[{\"@type\":\"ReadAction\",\"target\":[\"https:\\\/\\\/iwell-guard.com\\\/fi\\\/sedna-inuiittien-merten-valtiatar\\\/\"]}]},{\"@type\":\"ImageObject\",\"inLanguage\":\"fi\",\"@id\":\"https:\\\/\\\/iwell-guard.com\\\/fi\\\/sedna-inuiittien-merten-valtiatar\\\/#primaryimage\",\"url\":\"https:\\\/\\\/iwell-guard.com\\\/wp-content\\\/uploads\\\/2026\\\/05\\\/goetter_inuit_sedna-1.webp\",\"contentUrl\":\"https:\\\/\\\/iwell-guard.com\\\/wp-content\\\/uploads\\\/2026\\\/05\\\/goetter_inuit_sedna-1.webp\",\"width\":1024,\"height\":1536,\"caption\":\"Jumalia inuiittiperinteest\u00e4.\"},{\"@type\":\"BreadcrumbList\",\"@id\":\"https:\\\/\\\/iwell-guard.com\\\/fi\\\/sedna-inuiittien-merten-valtiatar\\\/#breadcrumb\",\"itemListElement\":[{\"@type\":\"ListItem\",\"position\":1,\"name\":\"Start\",\"item\":\"https:\\\/\\\/iwell-guard.com\\\/fi\\\/?page_id=143815\"},{\"@type\":\"ListItem\",\"position\":2,\"name\":\"Sedna &#8211; Inuiittien merten valtiatar\"}]},{\"@type\":\"WebSite\",\"@id\":\"https:\\\/\\\/iwell-guard.com\\\/fi\\\/#website\",\"url\":\"https:\\\/\\\/iwell-guard.com\\\/fi\\\/\",\"name\":\"iWell Guard\",\"description\":\"Schutz vor dunklen Einfl\u00fcssen\",\"publisher\":{\"@id\":\"https:\\\/\\\/iwell-guard.com\\\/fi\\\/#organization\"},\"potentialAction\":[{\"@type\":\"SearchAction\",\"target\":{\"@type\":\"EntryPoint\",\"urlTemplate\":\"https:\\\/\\\/iwell-guard.com\\\/fi\\\/?s={search_term_string}\"},\"query-input\":{\"@type\":\"PropertyValueSpecification\",\"valueRequired\":true,\"valueName\":\"search_term_string\"}}],\"inLanguage\":\"fi\"},{\"@type\":\"Organization\",\"@id\":\"https:\\\/\\\/iwell-guard.com\\\/fi\\\/#organization\",\"name\":\"Ittermann electronic GmbH\",\"url\":\"https:\\\/\\\/iwell-guard.com\\\/fi\\\/\",\"logo\":{\"@type\":\"ImageObject\",\"inLanguage\":\"fi\",\"@id\":\"https:\\\/\\\/iwell-guard.com\\\/fi\\\/#\\\/schema\\\/logo\\\/image\\\/\",\"url\":\"https:\\\/\\\/iwell-guard.com\\\/wp-content\\\/uploads\\\/2026\\\/05\\\/Ittermann-Logo-1182x237-1.png\",\"contentUrl\":\"https:\\\/\\\/iwell-guard.com\\\/wp-content\\\/uploads\\\/2026\\\/05\\\/Ittermann-Logo-1182x237-1.png\",\"width\":1182,\"height\":237,\"caption\":\"Ittermann electronic GmbH\"},\"image\":{\"@id\":\"https:\\\/\\\/iwell-guard.com\\\/fi\\\/#\\\/schema\\\/logo\\\/image\\\/\"},\"sameAs\":[\"https:\\\/\\\/pantip.com\\\/profile\\\/9367242\",\"https:\\\/\\\/micro.blog\\\/iwellguard\",\"https:\\\/\\\/www.diggerslist.com\\\/iwellguard\\\/about\",\"https:\\\/\\\/skitterphoto.com\\\/photographers\\\/2870314\\\/iwell-guard\",\"https:\\\/\\\/iwellguard.wordpress.com\\\/2026\\\/06\\\/06\\\/iwell-guard\\\/\",\"https:\\\/\\\/hub.docker.com\\\/u\\\/iwellguard\",\"https:\\\/\\\/www.pinterest.com\\\/iwellguard\\\/\",\"https:\\\/\\\/bit.ly\\\/m\\\/iwellguard\",\"https:\\\/\\\/entre-vos-mains.alsace.eu\\\/profiles\\\/iwellguard\\\/activity\",\"https:\\\/\\\/gravatar.com\\\/reallybeded8fd34\",\"https:\\\/\\\/naijamatta.com\\\/iwellguard\",\"https:\\\/\\\/www.goodreads.com\\\/iwellguard\",\"https:\\\/\\\/profile.hatena.ne.jp\\\/iwellguard\\\/\",\"https:\\\/\\\/experiment.com\\\/users\\\/iwellguard\",\"https:\\\/\\\/wakelet.com\\\/@iWellGuard82270\",\"https:\\\/\\\/www.chordie.com\\\/forum\\\/profile.php?id=2555664\",\"https:\\\/\\\/www.instapaper.com\\\/p\\\/17757966\",\"https:\\\/\\\/www.mapleprimes.com\\\/users\\\/iwellguard\",\"https:\\\/\\\/businesslistingplus.com\\\/profile\\\/iwell-guard\\\/\",\"https:\\\/\\\/telegra.ph\\\/iWell-Guard-06-06\",\"https:\\\/\\\/pbase.com\\\/iwellguard\\\/iwellguard\",\"https:\\\/\\\/b.hatena.ne.jp\\\/iwellguard\\\/20260607#bookmark-4788405196491818882\",\"https:\\\/\\\/fliphtml5.com\\\/home\\\/iwellguard\",\"https:\\\/\\\/anyflip.com\\\/homepage\\\/cmiwl#About\",\"https:\\\/\\\/transfur.com\\\/Users\\\/iwellguard\",\"http:\\\/\\\/delphi.larsbo.org\\\/user\\\/iwellguard\",\"https:\\\/\\\/jobs.lajobsportal.org\\\/profiles\\\/8380803-iwell-guard\",\"https:\\\/\\\/md.chaosdorf.de\\\/s\\\/jfbe5SBdJD\",\"https:\\\/\\\/www.lingvolive.com\\\/en-us\\\/profile\\\/9ecaeaca-ce11-4e51-9e71-01d55e2bff36\\\/translations\",\"https:\\\/\\\/www.fitday.com\\\/fitness\\\/forums\\\/members\\\/iwellguard.html\",\"https:\\\/\\\/www.mymeetbook.com\\\/iwellguard\",\"https:\\\/\\\/pxhere.com\\\/en\\\/photographer-me\\\/5040798\",\"https:\\\/\\\/disqus.com\\\/by\\\/iwellguard\\\/about\\\/\",\"https:\\\/\\\/pastelink.net\\\/hjwciqwq\",\"https:\\\/\\\/pubhtml5.com\\\/homepage\\\/scjhn\\\/\",\"https:\\\/\\\/www.bitchute.com\\\/channel\\\/2O2eOKzNqujT\",\"https:\\\/\\\/audiomack.com\\\/iwellguard\"]},{\"@type\":\"Article\",\"@id\":\"https:\\\/\\\/iwell-guard.com\\\/fi\\\/sedna-inuiittien-merten-valtiatar\\\/#article\",\"isPartOf\":{\"@id\":\"https:\\\/\\\/iwell-guard.com\\\/fi\\\/sedna-inuiittien-merten-valtiatar\\\/\"},\"author\":{\"name\":\"Ralf Ittermann\",\"@id\":\"https:\\\/\\\/iwell-guard.com\\\/fi\\\/#\\\/schema\\\/person\\\/ee2a27f1cac3406c7c6fb5820cb7349f\"},\"headline\":\"Sedna &#8211; Inuiittien merten valtiatar\",\"datePublished\":\"2026-09-03T12:33:22+00:00\",\"dateModified\":\"2026-09-03T12:54:03+00:00\",\"mainEntityOfPage\":{\"@id\":\"https:\\\/\\\/iwell-guard.com\\\/fi\\\/sedna-inuiittien-merten-valtiatar\\\/\"},\"publisher\":{\"@id\":\"https:\\\/\\\/iwell-guard.com\\\/fi\\\/#organization\"},\"image\":{\"@id\":\"https:\\\/\\\/iwell-guard.com\\\/fi\\\/sedna-inuiittien-merten-valtiatar\\\/#primaryimage\"},\"thumbnailUrl\":\"https:\\\/\\\/iwell-guard.com\\\/wp-content\\\/uploads\\\/2026\\\/05\\\/goetter_inuit_sedna-1.webp\",\"inLanguage\":\"fi\",\"description\":\"Sedna on inuiittien pantheonin meriel\u00e4inten valtiatar. Uskontotieteellinen tarkastelu: myytti, shamaanik\u00e4yt\u00e4nn\u00f6t, l\u00e4hteet.\"}]}<\/script>\n<!-- \/ Yoast SEO Premium plugin. -->","yoast_head_json":{"title":"Sedna - Inuiittien merten valtiatar, myytti ja kultti","description":"Sedna on inuiittien pantheonin meriel\u00e4inten valtiatar. Uskontotieteellinen tarkastelu: myytti, shamaanik\u00e4yt\u00e4nn\u00f6t, l\u00e4hteet.","robots":{"index":"index","follow":"follow","max-snippet":"max-snippet:-1","max-image-preview":"max-image-preview:large","max-video-preview":"max-video-preview:-1"},"canonical":"https:\/\/iwell-guard.com\/fi\/sedna-inuiittien-merten-valtiatar\/","og_locale":"fi_FI","og_type":"article","og_title":"Sedna - Inuiittien merten valtiatar","og_description":"Sedna on inuiittien pantheonin meriel\u00e4inten valtiatar. Uskontotieteellinen tarkastelu: myytti, shamaanik\u00e4yt\u00e4nn\u00f6t, l\u00e4hteet.","og_url":"https:\/\/iwell-guard.com\/fi\/sedna-inuiittien-merten-valtiatar\/","og_site_name":"iWell Guard","article_modified_time":"2026-09-03T12:54:03+00:00","og_image":[{"width":1024,"height":1536,"url":"https:\/\/iwell-guard.com\/wp-content\/uploads\/2026\/05\/goetter_inuit_sedna-1.webp","type":"image\/webp"}],"twitter_card":"summary_large_image","schema":{"@context":"https:\/\/schema.org","@graph":[{"@type":"Article","@id":"https:\/\/iwell-guard.com\/fi\/sedna-inuiittien-merten-valtiatar\/#article","isPartOf":{"@id":"https:\/\/iwell-guard.com\/fi\/sedna-inuiittien-merten-valtiatar\/"},"author":{"name":"Ralf Ittermann","@id":"https:\/\/iwell-guard.com\/fi\/#\/schema\/person\/ee2a27f1cac3406c7c6fb5820cb7349f"},"headline":"Sedna &#8211; Inuiittien merten valtiatar","datePublished":"2026-09-03T12:33:22+00:00","dateModified":"2026-09-03T12:54:03+00:00","mainEntityOfPage":{"@id":"https:\/\/iwell-guard.com\/fi\/sedna-inuiittien-merten-valtiatar\/"},"publisher":{"@id":"https:\/\/iwell-guard.com\/fi\/#organization"},"image":{"@id":"https:\/\/iwell-guard.com\/fi\/sedna-inuiittien-merten-valtiatar\/#primaryimage"},"thumbnailUrl":"https:\/\/iwell-guard.com\/wp-content\/uploads\/2026\/05\/goetter_inuit_sedna-1.webp","inLanguage":"fi","description":"Sedna on inuiittien pantheonin meriel\u00e4inten valtiatar. Uskontotieteellinen tarkastelu: myytti, shamaanik\u00e4yt\u00e4nn\u00f6t, l\u00e4hteet."},{"@type":"WebPage","@id":"https:\/\/iwell-guard.com\/fi\/sedna-inuiittien-merten-valtiatar\/","url":"https:\/\/iwell-guard.com\/fi\/sedna-inuiittien-merten-valtiatar\/","name":"Sedna - Inuiittien merten valtiatar, myytti ja kultti","isPartOf":{"@id":"https:\/\/iwell-guard.com\/fi\/#website"},"primaryImageOfPage":{"@id":"https:\/\/iwell-guard.com\/fi\/sedna-inuiittien-merten-valtiatar\/#primaryimage"},"image":{"@id":"https:\/\/iwell-guard.com\/fi\/sedna-inuiittien-merten-valtiatar\/#primaryimage"},"thumbnailUrl":"https:\/\/iwell-guard.com\/wp-content\/uploads\/2026\/05\/goetter_inuit_sedna-1.webp","datePublished":"2026-09-03T12:33:22+00:00","dateModified":"2026-09-03T12:54:03+00:00","description":"Sedna on inuiittien pantheonin meriel\u00e4inten valtiatar. Uskontotieteellinen tarkastelu: myytti, shamaanik\u00e4yt\u00e4nn\u00f6t, l\u00e4hteet.","breadcrumb":{"@id":"https:\/\/iwell-guard.com\/fi\/sedna-inuiittien-merten-valtiatar\/#breadcrumb"},"inLanguage":"fi","potentialAction":[{"@type":"ReadAction","target":["https:\/\/iwell-guard.com\/fi\/sedna-inuiittien-merten-valtiatar\/"]}]},{"@type":"ImageObject","inLanguage":"fi","@id":"https:\/\/iwell-guard.com\/fi\/sedna-inuiittien-merten-valtiatar\/#primaryimage","url":"https:\/\/iwell-guard.com\/wp-content\/uploads\/2026\/05\/goetter_inuit_sedna-1.webp","contentUrl":"https:\/\/iwell-guard.com\/wp-content\/uploads\/2026\/05\/goetter_inuit_sedna-1.webp","width":1024,"height":1536,"caption":"Jumalia inuiittiperinteest\u00e4."},{"@type":"BreadcrumbList","@id":"https:\/\/iwell-guard.com\/fi\/sedna-inuiittien-merten-valtiatar\/#breadcrumb","itemListElement":[{"@type":"ListItem","position":1,"name":"Start","item":"https:\/\/iwell-guard.com\/fi\/?page_id=143815"},{"@type":"ListItem","position":2,"name":"Sedna &#8211; Inuiittien merten valtiatar"}]},{"@type":"WebSite","@id":"https:\/\/iwell-guard.com\/fi\/#website","url":"https:\/\/iwell-guard.com\/fi\/","name":"iWell Guard","description":"Schutz vor dunklen Einfl\u00fcssen","publisher":{"@id":"https:\/\/iwell-guard.com\/fi\/#organization"},"potentialAction":[{"@type":"SearchAction","target":{"@type":"EntryPoint","urlTemplate":"https:\/\/iwell-guard.com\/fi\/?s={search_term_string}"},"query-input":{"@type":"PropertyValueSpecification","valueRequired":true,"valueName":"search_term_string"}}],"inLanguage":"fi"},{"@type":"Organization","@id":"https:\/\/iwell-guard.com\/fi\/#organization","name":"Ittermann electronic GmbH","url":"https:\/\/iwell-guard.com\/fi\/","logo":{"@type":"ImageObject","inLanguage":"fi","@id":"https:\/\/iwell-guard.com\/fi\/#\/schema\/logo\/image\/","url":"https:\/\/iwell-guard.com\/wp-content\/uploads\/2026\/05\/Ittermann-Logo-1182x237-1.png","contentUrl":"https:\/\/iwell-guard.com\/wp-content\/uploads\/2026\/05\/Ittermann-Logo-1182x237-1.png","width":1182,"height":237,"caption":"Ittermann electronic GmbH"},"image":{"@id":"https:\/\/iwell-guard.com\/fi\/#\/schema\/logo\/image\/"},"sameAs":["https:\/\/pantip.com\/profile\/9367242","https:\/\/micro.blog\/iwellguard","https:\/\/www.diggerslist.com\/iwellguard\/about","https:\/\/skitterphoto.com\/photographers\/2870314\/iwell-guard","https:\/\/iwellguard.wordpress.com\/2026\/06\/06\/iwell-guard\/","https:\/\/hub.docker.com\/u\/iwellguard","https:\/\/www.pinterest.com\/iwellguard\/","https:\/\/bit.ly\/m\/iwellguard","https:\/\/entre-vos-mains.alsace.eu\/profiles\/iwellguard\/activity","https:\/\/gravatar.com\/reallybeded8fd34","https:\/\/naijamatta.com\/iwellguard","https:\/\/www.goodreads.com\/iwellguard","https:\/\/profile.hatena.ne.jp\/iwellguard\/","https:\/\/experiment.com\/users\/iwellguard","https:\/\/wakelet.com\/@iWellGuard82270","https:\/\/www.chordie.com\/forum\/profile.php?id=2555664","https:\/\/www.instapaper.com\/p\/17757966","https:\/\/www.mapleprimes.com\/users\/iwellguard","https:\/\/businesslistingplus.com\/profile\/iwell-guard\/","https:\/\/telegra.ph\/iWell-Guard-06-06","https:\/\/pbase.com\/iwellguard\/iwellguard","https:\/\/b.hatena.ne.jp\/iwellguard\/20260607#bookmark-4788405196491818882","https:\/\/fliphtml5.com\/home\/iwellguard","https:\/\/anyflip.com\/homepage\/cmiwl#About","https:\/\/transfur.com\/Users\/iwellguard","http:\/\/delphi.larsbo.org\/user\/iwellguard","https:\/\/jobs.lajobsportal.org\/profiles\/8380803-iwell-guard","https:\/\/md.chaosdorf.de\/s\/jfbe5SBdJD","https:\/\/www.lingvolive.com\/en-us\/profile\/9ecaeaca-ce11-4e51-9e71-01d55e2bff36\/translations","https:\/\/www.fitday.com\/fitness\/forums\/members\/iwellguard.html","https:\/\/www.mymeetbook.com\/iwellguard","https:\/\/pxhere.com\/en\/photographer-me\/5040798","https:\/\/disqus.com\/by\/iwellguard\/about\/","https:\/\/pastelink.net\/hjwciqwq","https:\/\/pubhtml5.com\/homepage\/scjhn\/","https:\/\/www.bitchute.com\/channel\/2O2eOKzNqujT","https:\/\/audiomack.com\/iwellguard"]},{"@type":"Person","@id":"https:\/\/iwell-guard.com\/fi\/#\/schema\/person\/ee2a27f1cac3406c7c6fb5820cb7349f","name":"Ralf Ittermann","image":{"@type":"ImageObject","inLanguage":"fi","@id":"https:\/\/secure.gravatar.com\/avatar\/073c0153e350a5005b68eb752b445fea71f6b24a26da9449ad7e155e6b446c9d?s=96&d=mm&r=g","url":"https:\/\/secure.gravatar.com\/avatar\/073c0153e350a5005b68eb752b445fea71f6b24a26da9449ad7e155e6b446c9d?s=96&d=mm&r=g","contentUrl":"https:\/\/secure.gravatar.com\/avatar\/073c0153e350a5005b68eb752b445fea71f6b24a26da9449ad7e155e6b446c9d?s=96&d=mm&r=g","caption":"Ralf Ittermann"},"givenName":"Ralf","familyName":"Ittermann","jobTitle":"Gesch\u00e4ftsf\u00fchrer und redaktioneller Verantwortlicher","url":"https:\/\/iwell-guard.com\/fi\/author\/claude\/","description":"Ralf Ittermann ist Gesch\u00e4ftsf\u00fchrer der Ittermann electronic GmbH und redaktioneller Verantwortlicher des iWell-Guard-Lexikons. Er verbindet langj\u00e4hrige Erfahrung in der Pr\u00e4zisionsfertigung mit medialer Praxis und religionsgeschichtlicher Quellenarbeit.","worksFor":{"@type":"Organization","name":"Ittermann electronic GmbH","url":"https:\/\/ittermann.de\/","address":{"@type":"PostalAddress","streetAddress":"K\u00f6hlergasse 16-18","postalCode":"99842","addressLocality":"Ruhla","addressCountry":"DE"}},"knowsAbout":["Religionsgeschichte","Mythologie","Mediale Praxis","Energetische Diagnostik","Schutzpraxis","Volksglauben","Westliche Esoterik"]},{"@type":"Article","@id":"https:\/\/iwell-guard.com\/fi\/sedna-inuiittien-merten-valtiatar\/#article","isPartOf":{"@id":"https:\/\/iwell-guard.com\/fi\/sedna-inuiittien-merten-valtiatar\/"},"author":{"name":"Ralf Ittermann","@id":"https:\/\/iwell-guard.com\/fi\/#\/schema\/person\/ee2a27f1cac3406c7c6fb5820cb7349f"},"headline":"Sedna &#8211; Inuiittien merten valtiatar","datePublished":"2026-09-03T12:33:22+00:00","dateModified":"2026-09-03T12:54:03+00:00","mainEntityOfPage":{"@id":"https:\/\/iwell-guard.com\/fi\/sedna-inuiittien-merten-valtiatar\/"},"publisher":{"@id":"https:\/\/iwell-guard.com\/fi\/#organization"},"image":{"@id":"https:\/\/iwell-guard.com\/fi\/sedna-inuiittien-merten-valtiatar\/#primaryimage"},"thumbnailUrl":"https:\/\/iwell-guard.com\/wp-content\/uploads\/2026\/05\/goetter_inuit_sedna-1.webp","inLanguage":"fi","description":"Sedna on inuiittien pantheonin meriel\u00e4inten valtiatar. Uskontotieteellinen tarkastelu: myytti, shamaanik\u00e4yt\u00e4nn\u00f6t, l\u00e4hteet."}]}},"_links":{"self":[{"href":"https:\/\/iwell-guard.com\/fi\/wp-json\/wp\/v2\/pages\/144234","targetHints":{"allow":["GET"]}}],"collection":[{"href":"https:\/\/iwell-guard.com\/fi\/wp-json\/wp\/v2\/pages"}],"about":[{"href":"https:\/\/iwell-guard.com\/fi\/wp-json\/wp\/v2\/types\/page"}],"author":[{"embeddable":true,"href":"https:\/\/iwell-guard.com\/fi\/wp-json\/wp\/v2\/users\/3"}],"replies":[{"embeddable":true,"href":"https:\/\/iwell-guard.com\/fi\/wp-json\/wp\/v2\/comments?post=144234"}],"version-history":[{"count":0,"href":"https:\/\/iwell-guard.com\/fi\/wp-json\/wp\/v2\/pages\/144234\/revisions"}],"wp:featuredmedia":[{"embeddable":true,"href":"https:\/\/iwell-guard.com\/fi\/wp-json\/wp\/v2\/media\/2885"}],"wp:attachment":[{"href":"https:\/\/iwell-guard.com\/fi\/wp-json\/wp\/v2\/media?parent=144234"}],"wp:term":[{"taxonomy":"category","embeddable":true,"href":"https:\/\/iwell-guard.com\/fi\/wp-json\/wp\/v2\/categories?post=144234"}],"curies":[{"name":"wp","href":"https:\/\/api.w.org\/{rel}","templated":true}]}}