{"id":144233,"date":"2026-09-03T12:33:22","date_gmt":"2026-09-03T12:33:22","guid":{"rendered":"https:\/\/iwell-guard.com\/?page_id=144233"},"modified":"2026-09-03T12:54:00","modified_gmt":"2026-09-03T12:54:00","slug":"namarrkon-kunwinjkujen-salamamies","status":"publish","type":"page","link":"https:\/\/iwell-guard.com\/fi\/namarrkon-kunwinjkujen-salamamies\/","title":{"rendered":"Namarrkon \u2013 kunwinjkujen salamamies"},"content":{"rendered":"\t\t<div data-elementor-type=\"wp-page\" data-elementor-id=\"144233\" class=\"elementor elementor-144233 elementor-2653 elementor-bc-flex-widget\" data-elementor-post-type=\"page\">\n\t\t\t\t<div class=\"elementor-element elementor-element-iwgw-namarrkon-hero e-flex e-con-boxed e-con e-parent\" data-id=\"iwgw-namarrkon-hero\" data-element_type=\"container\" data-e-type=\"container\" data-settings=\"{&quot;background_background&quot;:&quot;classic&quot;}\">\n\t\t\t\t\t<div class=\"e-con-inner\">\n\t\t<div class=\"elementor-element elementor-element-iwgw-namarrkon-hl e-flex e-con-boxed e-con e-child\" data-id=\"iwgw-namarrkon-hl\" data-element_type=\"container\" data-e-type=\"container\">\n\t\t\t\t\t<div class=\"e-con-inner\">\n\t\t<div class=\"elementor-element elementor-element-iwgw-namarrkon-htxt e-con-full e-flex e-con e-child\" data-id=\"iwgw-namarrkon-htxt\" data-element_type=\"container\" data-e-type=\"container\">\n\t\t\t\t<div class=\"elementor-element elementor-element-iwgw-namarrkon-h1 elementor-widget elementor-widget-heading\" data-id=\"iwgw-namarrkon-h1\" data-element_type=\"widget\" data-e-type=\"widget\" data-widget_type=\"heading.default\">\n\t\t\t\t\t<h1 class=\"elementor-heading-title elementor-size-default\">Namarrkon, L\u00e4nsi-Arnhemin maan aboriginaaliperinteen salaman ja ukkosen luoja<\/h1>\t\t\t\t<\/div>\n\t\t\t\t<div class=\"elementor-element elementor-element-iwgw-namarrkon-lead elementor-widget elementor-widget-text-editor\" data-id=\"iwgw-namarrkon-lead\" data-element_type=\"widget\" data-e-type=\"widget\" data-widget_type=\"text-editor.default\">\n\t\t\t\t\t\t\t\t\t<p>Namarrkon on Pohjois-Australian L\u00e4nsi-Arnhemin maan kunwinjkujen ja l\u00e4hialueiden aboriginaaliryhmien \u201dsalamamies\u201d. H\u00e4n tuo mukanaan sadekauden monsuuniukkosmyrskyt, iskee kivikirveill\u00e4\u00e4n puita ja on alueen keskeinen luomisolento.<\/p>\t\t\t\t\t\t\t\t<\/div>\n\t\t\t\t<\/div>\n\t\t<div class=\"elementor-element elementor-element-iwgw-namarrkon-pillc e-con-full e-flex e-con e-child\" data-id=\"iwgw-namarrkon-pillc\" data-element_type=\"container\" data-e-type=\"container\">\n\t\t\t\t<div class=\"elementor-element elementor-element-iwgw-namarrkon-pills elementor-widget elementor-widget-html\" data-id=\"iwgw-namarrkon-pills\" data-element_type=\"widget\" data-e-type=\"widget\" data-widget_type=\"html.default\">\n\t\t\t\t\t<div class=\"iwg-pill-row\"><span class=\"iwg-klasse-badge\" tabindex=\"0\" data-tooltip=\"Aboriginaaliperinteen luoja.\">Luoja<\/span><a href=\"https:\/\/iwell-guard.com\/fi\/australian-aboriginaalit-dreamtime-tjukurpa\/\" class=\"iwg-kultur-badge\" tabindex=\"0\" data-tooltip=\"Aboriginaaliperinteen mytologia.\">Aboriginaali<\/a><span class=\"iwg-tradition-badge\" tabindex=\"0\" data-tooltip=\"Salaman ja ukkosen olento.\">Salaman ja ukkosen olento<\/span><\/div>\t\t\t\t<\/div>\n\t\t\t\t<\/div>\n\t\t<div class=\"elementor-element elementor-element-iwgw-namarrkon-tocc e-con-full e-flex e-con e-child\" data-id=\"iwgw-namarrkon-tocc\" data-element_type=\"container\" data-e-type=\"container\">\n\t\t\t\t<div class=\"elementor-element elementor-element-iwgw-namarrkon-toc elementor-toc--minimized-on-tablet elementor-widget elementor-widget-table-of-contents\" data-id=\"iwgw-namarrkon-toc\" data-element_type=\"widget\" data-e-type=\"widget\" data-settings=\"{&quot;headings_by_tags&quot;:[&quot;h2&quot;,&quot;h3&quot;],&quot;minimize_box&quot;:&quot;yes&quot;,&quot;marker_view&quot;:&quot;bullets&quot;,&quot;no_headings_message&quot;:&quot;T\\u00e4lt\\u00e4 sivulta ei l\\u00f6ytynyt otsikoita.&quot;,&quot;exclude_headings_by_selector&quot;:[],&quot;icon&quot;:{&quot;value&quot;:&quot;fas fa-circle&quot;,&quot;library&quot;:&quot;fa-solid&quot;,&quot;rendered_tag&quot;:&quot;&lt;svg class=\\&quot;e-font-icon-svg e-fas-circle\\&quot; viewBox=\\&quot;0 0 512 512\\&quot; xmlns=\\&quot;http:\\\/\\\/www.w3.org\\\/2000\\\/svg\\&quot;&gt;&lt;path d=\\&quot;M256 8C119 8 8 119 8 256s111 248 248 248 248-111 248-248S393 8 256 8z\\&quot;&gt;&lt;\\\/path&gt;&lt;\\\/svg&gt;&quot;},&quot;minimized_on&quot;:&quot;tablet&quot;,&quot;hierarchical_view&quot;:&quot;yes&quot;,&quot;min_height&quot;:{&quot;unit&quot;:&quot;px&quot;,&quot;size&quot;:&quot;&quot;,&quot;sizes&quot;:[]},&quot;min_height_tablet&quot;:{&quot;unit&quot;:&quot;px&quot;,&quot;size&quot;:&quot;&quot;,&quot;sizes&quot;:[]},&quot;min_height_mobile&quot;:{&quot;unit&quot;:&quot;px&quot;,&quot;size&quot;:&quot;&quot;,&quot;sizes&quot;:[]}}\" data-widget_type=\"table-of-contents.default\">\n\t\t\t\t\t\t\t\t\t<div class=\"elementor-toc__header\">\n\t\t\t\t\t\t<h2 class=\"elementor-toc__header-title\">\n\t\t\t\tSis\u00e4llysluettelo\t\t\t<\/h2>\n\t\t\t\t\t\t\t\t\t\t<div class=\"elementor-toc__toggle-button elementor-toc__toggle-button--expand\" role=\"button\" tabindex=\"0\" aria-controls=\"elementor-toc__iwgw-namarrkon-toc\" aria-expanded=\"true\" aria-label=\"Open table of contents\"><svg aria-hidden=\"true\" class=\"e-font-icon-svg e-fas-chevron-down\" viewBox=\"0 0 448 512\" xmlns=\"http:\/\/www.w3.org\/2000\/svg\"><path d=\"M207.029 381.476L12.686 187.132c-9.373-9.373-9.373-24.569 0-33.941l22.667-22.667c9.357-9.357 24.522-9.375 33.901-.04L224 284.505l154.745-154.021c9.379-9.335 24.544-9.317 33.901.04l22.667 22.667c9.373 9.373 9.373 24.569 0 33.941L240.971 381.476c-9.373 9.372-24.569 9.372-33.942 0z\"><\/path><\/svg><\/div>\n\t\t\t\t<div class=\"elementor-toc__toggle-button elementor-toc__toggle-button--collapse\" role=\"button\" tabindex=\"0\" aria-controls=\"elementor-toc__iwgw-namarrkon-toc\" aria-expanded=\"true\" aria-label=\"Close table of contents\"><svg aria-hidden=\"true\" class=\"e-font-icon-svg e-fas-chevron-up\" viewBox=\"0 0 448 512\" xmlns=\"http:\/\/www.w3.org\/2000\/svg\"><path d=\"M240.971 130.524l194.343 194.343c9.373 9.373 9.373 24.569 0 33.941l-22.667 22.667c-9.357 9.357-24.522 9.375-33.901.04L224 227.495 69.255 381.516c-9.379 9.335-24.544 9.317-33.901-.04l-22.667-22.667c-9.373-9.373-9.373-24.569 0-33.941L207.03 130.525c9.372-9.373 24.568-9.373 33.941-.001z\"><\/path><\/svg><\/div>\n\t\t\t\t\t<\/div>\n\t\t\t\t<div id=\"elementor-toc__iwgw-namarrkon-toc\" class=\"elementor-toc__body\">\n\t\t\t<div class=\"elementor-toc__spinner-container\">\n\t\t\t\t<svg class=\"elementor-toc__spinner eicon-animation-spin e-font-icon-svg e-eicon-loading\" aria-hidden=\"true\" viewBox=\"0 0 1000 1000\" xmlns=\"http:\/\/www.w3.org\/2000\/svg\"><path d=\"M500 975V858C696 858 858 696 858 500S696 142 500 142 142 304 142 500H25C25 237 238 25 500 25S975 237 975 500 763 975 500 975Z\"><\/path><\/svg>\t\t\t<\/div>\n\t\t<\/div>\n\t\t\t\t\t\t<\/div>\n\t\t\t\t<\/div>\n\t\t\t\t\t<\/div>\n\t\t\t\t<\/div>\n\t\t<div class=\"elementor-element elementor-element-iwgw-namarrkon-hr e-con-full e-flex e-con e-child\" data-id=\"iwgw-namarrkon-hr\" data-element_type=\"container\" data-e-type=\"container\">\n\t\t\t\t<div class=\"elementor-element elementor-element-iwgw-namarrkon-heroimg iwg-hero-image elementor-widget elementor-widget-image\" data-id=\"iwgw-namarrkon-heroimg\" data-element_type=\"widget\" data-e-type=\"widget\" data-widget_type=\"image.default\">\n\t\t\t\t\t\t\t\t\t\t\t\t\t\t\t<img fetchpriority=\"high\" decoding=\"async\" width=\"683\" height=\"1024\" src=\"https:\/\/iwell-guard.com\/wp-content\/uploads\/2026\/05\/goetter_aboriginal_namarrkon-683x1024.webp\" class=\"attachment-large size-large wp-image-148767\" alt=\"Namarrkon \u2013 jumalia aboriginaaliperinteest\u00e4, historiallis-havainnollistava\" srcset=\"https:\/\/iwell-guard.com\/wp-content\/uploads\/2026\/05\/goetter_aboriginal_namarrkon-683x1024.webp 683w, https:\/\/iwell-guard.com\/wp-content\/uploads\/2026\/05\/goetter_aboriginal_namarrkon-200x300.webp 200w, https:\/\/iwell-guard.com\/wp-content\/uploads\/2026\/05\/goetter_aboriginal_namarrkon-768x1152.webp 768w, https:\/\/iwell-guard.com\/wp-content\/uploads\/2026\/05\/goetter_aboriginal_namarrkon.webp 1024w\" sizes=\"(max-width: 683px) 100vw, 683px\" \/>\t\t\t\t\t\t\t\t\t\t\t\t\t\t\t<\/div>\n\t\t\t\t<\/div>\n\t\t\t\t\t<\/div>\n\t\t\t\t<\/div>\n\t\t\t\t<section class=\"elementor-section elementor-top-section elementor-element elementor-element-sec-iwgcomp2-namarrkon elementor-section-boxed elementor-section-height-default elementor-section-height-default\" data-id=\"sec-iwgcomp2-namarrkon\" data-element_type=\"section\" data-e-type=\"section\">\n\t\t\t\t\t\t<div class=\"elementor-container elementor-column-gap-default\">\n\t\t\t\t\t<div class=\"elementor-column elementor-col-100 elementor-top-column elementor-element elementor-element-col-iwgcomp2-namarrkon\" data-id=\"col-iwgcomp2-namarrkon\" data-element_type=\"column\" data-e-type=\"column\">\n\t\t\t<div class=\"elementor-widget-wrap elementor-element-populated\">\n\t\t\t\t\t\t<div class=\"elementor-element elementor-element-iwgcomp2-namarrkon elementor-widget elementor-widget-text-editor\" data-id=\"iwgcomp2-namarrkon\" data-element_type=\"widget\" data-e-type=\"widget\" data-widget_type=\"text-editor.default\">\n\t\t\t\t\t\t\t\t\t<p>Namarrkon, L\u00e4nsi-Arnhemin maan aboriginaaliperinteen <strong>ukkosen luoja<\/strong>, iskee kivikirveill\u00e4\u00e4n ukkosen.<\/p>\t\t\t\t\t\t\t\t<\/div>\n\t\t\t\t\t<\/div>\n\t\t<\/div>\n\t\t\t\t\t<\/div>\n\t\t<\/section>\n\t\t<div class=\"elementor-element elementor-element-iwgw-namarrkon-s0 e-flex e-con-boxed e-con e-parent\" data-id=\"iwgw-namarrkon-s0\" data-element_type=\"container\" data-e-type=\"container\">\n\t\t\t\t\t<div class=\"e-con-inner\">\n\t\t\t\t<div class=\"elementor-element elementor-element-iwgw-namarrkon-s0h elementor-widget elementor-widget-heading\" data-id=\"iwgw-namarrkon-s0h\" data-element_type=\"widget\" data-e-type=\"widget\" data-widget_type=\"heading.default\">\n\t\t\t\t\t<h2 class=\"elementor-heading-title elementor-size-default\">Tarkastelu ja lyhyt profiili<\/h2>\t\t\t\t<\/div>\n\t\t<div class=\"elementor-element elementor-element-iwgw-namarrkon-s0c e-con-full e-flex e-con e-child\" data-id=\"iwgw-namarrkon-s0c\" data-element_type=\"container\" data-e-type=\"container\">\n\t\t\t\t<div class=\"elementor-element elementor-element-iwgw-namarrkon-s0t elementor-widget elementor-widget-text-editor\" data-id=\"iwgw-namarrkon-s0t\" data-element_type=\"widget\" data-e-type=\"widget\" data-widget_type=\"text-editor.default\">\n\t\t\t\t\t\t\t\t\t<p>Namarrkon (my\u00f6s <em>Namarrgon<\/em>, <em>Namarrgun<\/em>) on L\u00e4nsi-Arnhemin maan (Northern Territory) kunwinjkujen ja l\u00e4hialueiden aboriginaalisten kieliryhmien \u201dsalamamies\u201d. H\u00e4n on yksi kunwinjkujen <span class=\"iwg-fachbegriff\" data-tooltip=\"Kulttuurin perinteisten jumalatarinoiden kokonaisuus.\" tabindex=\"0\">mytologian<\/span> p\u00e4\u00e4hahmoista ja samalla yksi Kakadun kansallispuiston kalliomaalausten yleisimmist\u00e4 aiheista.<\/p><p><a href=\"https:\/\/iwell-guard.com\/fi\/australian-aboriginaalit-dreamtime-tjukurpa\/\">Aboriginaaliperinteen<\/a> sis\u00e4ll\u00e4 Namarrkon on sadekauden monsuunimyrskyjen luomishahmo; h\u00e4n tuo mukanaan ukkosmyrskyt, jotka luonnehtivat Pohjois-Australian trooppis-monsuunista ilmastoa. H\u00e4nen suhteensa <a href=\"https:\/\/iwell-guard.com\/fi\/?page_id=144224\">Sateenkaarik\u00e4\u00e4rmeeseen (Rainbow Serpent)<\/a> on l\u00e4heinen, mutta toiminnallisesti erilainen: siin\u00e4 miss\u00e4 Sateenkaarik\u00e4\u00e4rme liittyy yleisesti veteen, Namarrkon on erikoistunut salamaan ja ukkoseen.<\/p><p>Uskontofenomenologisesti Namarrkon kuuluu \u201dukkosjumalien\u201d luokkaan, laajalti uskonnoissa esiintyv\u00e4\u00e4n jumalperheeseen, johon lukeutuvat Indra (vedalainen), Thor (germaaninen), Zeus (ukkosfunktiossaan, kreikkalainen), Shango (yoruba) ja Tlaloc (mesoamerikkalainen).<\/p>\t\t\t\t\t\t\t\t<\/div>\n\t\t\t\t<\/div>\n\t\t\t\t\t<\/div>\n\t\t\t\t<\/div>\n\t\t<div class=\"elementor-element elementor-element-iwgw-namarrkon-s1 e-flex e-con-boxed e-con e-parent\" data-id=\"iwgw-namarrkon-s1\" data-element_type=\"container\" data-e-type=\"container\">\n\t\t\t\t\t<div class=\"e-con-inner\">\n\t\t\t\t<div class=\"elementor-element elementor-element-iwgw-namarrkon-s1h elementor-widget elementor-widget-heading\" data-id=\"iwgw-namarrkon-s1h\" data-element_type=\"widget\" data-e-type=\"widget\" data-widget_type=\"heading.default\">\n\t\t\t\t\t<h2 class=\"elementor-heading-title elementor-size-default\">Nimi ja etymologia<\/h2>\t\t\t\t<\/div>\n\t\t<div class=\"elementor-element elementor-element-iwgw-namarrkon-s1c e-con-full e-flex e-con e-child\" data-id=\"iwgw-namarrkon-s1c\" data-element_type=\"container\" data-e-type=\"container\">\n\t\t\t\t<div class=\"elementor-element elementor-element-iwgw-namarrkon-s1t elementor-widget elementor-widget-text-editor\" data-id=\"iwgw-namarrkon-s1t\" data-element_type=\"widget\" data-e-type=\"widget\" data-widget_type=\"text-editor.default\">\n\t\t\t\t\t\t\t\t\t<p>Nimi <em>Namarrkon<\/em> on kunwinjkun kieless\u00e4 yhdyssana: <em>namarr-<\/em> on etuliitteinen vartalo, joka viittaa \u201dvalonv\u00e4l\u00e4hdykseen\u201d tai \u201ds\u00e4hk\u00f6purkaukseen\u201d, ja siihen liittyy henkil\u00f6suffiksi <em>-kon<\/em>. Sananmukaisesti nimi tarkoittaa siis jotain kuten \u201dsalamamies\u201d tai \u201dsalamoiden tuoja\u201d.<\/p><p>L\u00e4hialueiden kieliss\u00e4 nimi kuuluu hieman toisin: <em>Namarrgun<\/em> kunwinjkun vakiomuodossa, <em>Wagilag-Namarrkon<\/em> joissakin yolngu-perinteisiin liittyviss\u00e4 perinteiss\u00e4, <em>Walarringgu<\/em> rembarrnga-perinteess\u00e4. T\u00e4m\u00e4 moninaisuus osoittaa aboriginaaliuskonnon paikkasidonnaisen eriytymisen.<\/p><p>Howard Morphy on kuvannut teoksessaan <em>Aboriginal Art<\/em> (1998) systemaattisesti Namarrkon-kokonaisuuden alueellisia vaihteluita. H\u00e4nen kieli- ja kuvaperinteens\u00e4 on yksi parhaista esimerkeist\u00e4 kielitieteen ja uskontoetnologian l\u00e4heisest\u00e4 yhteydest\u00e4.<\/p>\t\t\t\t\t\t\t\t<\/div>\n\t\t\t\t<\/div>\n\t\t\t\t\t<\/div>\n\t\t\t\t<\/div>\n\t\t<div class=\"elementor-element elementor-element-iwgw-namarrkon-s2 e-flex e-con-boxed e-con e-parent\" data-id=\"iwgw-namarrkon-s2\" data-element_type=\"container\" data-e-type=\"container\">\n\t\t\t\t\t<div class=\"e-con-inner\">\n\t\t\t\t<div class=\"elementor-element elementor-element-iwgw-namarrkon-s2h elementor-widget elementor-widget-heading\" data-id=\"iwgw-namarrkon-s2h\" data-element_type=\"widget\" data-e-type=\"widget\" data-widget_type=\"heading.default\">\n\t\t\t\t\t<h2 class=\"elementor-heading-title elementor-size-default\">Kuvaus ja ikonografia<\/h2>\t\t\t\t<\/div>\n\t\t<div class=\"elementor-element elementor-element-iwgw-namarrkon-s2c e-con-full e-flex e-con e-child\" data-id=\"iwgw-namarrkon-s2c\" data-element_type=\"container\" data-e-type=\"container\">\n\t\t\t\t<div class=\"elementor-element elementor-element-iwgw-namarrkon-s2t elementor-widget elementor-widget-text-editor\" data-id=\"iwgw-namarrkon-s2t\" data-element_type=\"widget\" data-e-type=\"widget\" data-widget_type=\"text-editor.default\">\n\t\t\t\t\t\t\t\t\t<p>Kunwinjku-perinteess\u00e4 Namarrkon kuvataan voimakkaana miehen\u00e4, jota ymp\u00e4r\u00f6iv\u00e4t salamat. Kalliomaalauksissa h\u00e4net esitet\u00e4\u00e4n tyypillisesti \u201dr\u00f6ntgentyyliss\u00e4\u201d (X-ray style): sis\u00e4elimet n\u00e4kyviss\u00e4, salamakaarien ymp\u00e4r\u00f6im\u00e4n\u00e4, kivikirveet polvissa, kyyn\u00e4rp\u00e4iss\u00e4 ja nilkoissa. N\u00e4m\u00e4 kivikirveet synnytt\u00e4v\u00e4t ukkosen.<\/p><p>\u201dR\u00f6ntgentyyli\u201d on ominainen kunwinjkujen kalliomaalausperinteelle ja sit\u00e4 pidet\u00e4\u00e4n yhten\u00e4 my\u00f6h\u00e4isimmist\u00e4 tyylimuodoista, joka on kehittynyt oletettavasti viimeisten 2000\u20134000 vuoden aikana. Charles P. Mountford kuvasi sen ensimm\u00e4isen\u00e4 j\u00e4rjestelm\u00e4llisesti teoksessaan <em>Records of the American-Australian Scientific Expedition<\/em> (1956).<\/p><p>Maningridan ja Gunbalanyan alueen nykyaikaisessa tuohimaalausperinteess\u00e4 (bark painting) Namarrkon esitet\u00e4\u00e4n edelleen \u201dr\u00f6ntgentyyliss\u00e4\u201d. Taiteilijat kuten Bardayal \u201dLofty\u201d Nadjamerrek, Spider Namirrkki ja John Mawurndjul ovat luoneet ikonisia Namarrkon-teoksia, joita on n\u00e4ht\u00e4vill\u00e4 monissa museoissa ymp\u00e4ri maailmaa.<\/p>\t\t\t\t\t\t\t\t<\/div>\n\t\t\t\t<\/div>\n\t\t\t\t\t<\/div>\n\t\t\t\t<\/div>\n\t\t<div class=\"elementor-element elementor-element-iwgw-namarrkon-s3 e-flex e-con-boxed e-con e-parent\" data-id=\"iwgw-namarrkon-s3\" data-element_type=\"container\" data-e-type=\"container\">\n\t\t\t\t\t<div class=\"e-con-inner\">\n\t\t\t\t<div class=\"elementor-element elementor-element-iwgw-namarrkon-s3h elementor-widget elementor-widget-heading\" data-id=\"iwgw-namarrkon-s3h\" data-element_type=\"widget\" data-e-type=\"widget\" data-widget_type=\"heading.default\">\n\t\t\t\t\t<h2 class=\"elementor-heading-title elementor-size-default\">Myyttiset kertomukset<\/h2>\t\t\t\t<\/div>\n\t\t<div class=\"elementor-element elementor-element-iwgw-namarrkon-s3c e-con-full e-flex e-con e-child\" data-id=\"iwgw-namarrkon-s3c\" data-element_type=\"container\" data-e-type=\"container\">\n\t\t\t\t<div class=\"elementor-element elementor-element-iwgw-namarrkon-s3t elementor-widget elementor-widget-text-editor\" data-id=\"iwgw-namarrkon-s3t\" data-element_type=\"widget\" data-e-type=\"widget\" data-widget_type=\"text-editor.default\">\n\t\t\t\t\t\t\t\t\t<p>Namarrkonin keskeinen kertomus kuvaa h\u00e4nen rooliaan sadekaudella: kuivana aikana Namarrkon lep\u00e4\u00e4 pyh\u00e4ss\u00e4 vesikuopassa Lightning Dreaming Country -alueella (Gunbalanyasta it\u00e4\u00e4n).<\/p><p>Sadekauden alkaessa h\u00e4n her\u00e4\u00e4, kohoaa taivaalle ja tuo mukanaan monsuuniukkoset. Salamat ovat h\u00e4nen kivikirveidens\u00e4 iskuja; ukkonen on niiden jyrin\u00e4\u00e4.<\/p><p>Toinen kertomus kuvaa, kuinka Namarrkon loi ensimm\u00e4iset kivikirveet ja kiinnitti ne kehoonsa. T\u00e4m\u00e4 luomiskertomus yhdist\u00e4\u00e4 h\u00e4nen teht\u00e4v\u00e4ns\u00e4 (salamoiden tuojana) kunwinjkujen kivikirvestekniikkaan, joka ulottuu arkeologisesti kauas esihistoriaan.<\/p><p>Kolmas kertomus kuvaa Namarrkonin ja sadetta est\u00e4v\u00e4n haittahahmon v\u00e4lisen ristiriidan. Namarrkon voittaa heitt\u00e4m\u00e4ll\u00e4 kivikirveit\u00e4\u00e4n: kyseess\u00e4 on <span class=\"iwg-fachbegriff\" data-tooltip=\"Perinteinen kertomus jumalista, alkuper\u00e4st\u00e4 ja maailman j\u00e4rjestyksest\u00e4.\" tabindex=\"0\">myytti<\/span>, joka selitt\u00e4\u00e4 sadekauden vuosittaisen paluun.<\/p>\t\t\t\t\t\t\t\t<\/div>\n\t\t\t\t<\/div>\n\t\t\t\t\t<\/div>\n\t\t\t\t<\/div>\n\t\t<div class=\"elementor-element elementor-element-iwgw-namarrkon-s4 e-flex e-con-boxed e-con e-parent\" data-id=\"iwgw-namarrkon-s4\" data-element_type=\"container\" data-e-type=\"container\">\n\t\t\t\t\t<div class=\"e-con-inner\">\n\t\t\t\t<div class=\"elementor-element elementor-element-iwgw-namarrkon-s4h elementor-widget elementor-widget-heading\" data-id=\"iwgw-namarrkon-s4h\" data-element_type=\"widget\" data-e-type=\"widget\" data-widget_type=\"heading.default\">\n\t\t\t\t\t<h2 class=\"elementor-heading-title elementor-size-default\">Kultti ja palvonta<\/h2>\t\t\t\t<\/div>\n\t\t<div class=\"elementor-element elementor-element-iwgw-namarrkon-s4c e-con-full e-flex e-con e-child\" data-id=\"iwgw-namarrkon-s4c\" data-element_type=\"container\" data-e-type=\"container\">\n\t\t\t\t<div class=\"elementor-element elementor-element-iwgw-namarrkon-s4t elementor-widget elementor-widget-text-editor\" data-id=\"iwgw-namarrkon-s4t\" data-element_type=\"widget\" data-e-type=\"widget\" data-widget_type=\"text-editor.default\">\n\t\t\t\t\t\t\t\t\t<p>Kunwinjku-perinteess\u00e4 Namarrkonilla ei ole omaa itsen\u00e4ist\u00e4 <span class=\"iwg-fachbegriff\" data-tooltip=\"Jumaluuden tai pyh\u00e4n hahmon palvontaan liittyvien uskonnollisten toimien kokonaisuus.\" tabindex=\"0\">kulttia<\/span>, mutta h\u00e4n on osa useita initiaatio- ja vuodenaikarituaaleja. Ennen sadekauden alkua heimon vanhimmat \u201dkutsuvat\u201d h\u00e4net paikalle; tiettyj\u00e4 h\u00e4nen alueensa pyhi\u00e4 vesikuoppia k\u00e4yd\u00e4\u00e4n ja hoidetaan <span class=\"iwg-fachbegriff\" data-tooltip=\"Vahvistettuun uskonnolliseen toimintaan kuuluva.\" tabindex=\"0\">rituaalisesti<\/span>.<\/p><p>Sadekauden aikana noudatetaan tiettyj\u00e4 tabuja: kova \u00e4\u00e4nekkyys, vihelt\u00e4minen ja tiettyjen puiden koskettaminen voivat \u201dh\u00e4irit\u00e4 Namarrkonia\u201d. N\u00e4ill\u00e4 s\u00e4\u00e4nn\u00f6ill\u00e4 on selke\u00e4 ekologinen tausta: varovaisuus salamaniskuja vastaan ukkosmyrskyjen aikana.<\/p><p>Nykyaikaisessa kunwinjkujen k\u00e4yt\u00e4nn\u00f6ss\u00e4 Namarrkon el\u00e4\u00e4 etenkin tuohimaalausperinteen (bark painting) kautta. Vuosittaiset \u201dManingrida Festivals\u201d ja muut aboriginaalitaiteen tapahtumat tuovat Namarrkon-kuvia kansainv\u00e4liseen tietoisuuteen.<\/p>\t\t\t\t\t\t\t\t<\/div>\n\t\t\t\t<\/div>\n\t\t\t\t\t<\/div>\n\t\t\t\t<\/div>\n\t\t<div class=\"elementor-element elementor-element-iwgw-namarrkon-s5 e-flex e-con-boxed e-con e-parent\" data-id=\"iwgw-namarrkon-s5\" data-element_type=\"container\" data-e-type=\"container\">\n\t\t\t\t\t<div class=\"e-con-inner\">\n\t\t\t\t<div class=\"elementor-element elementor-element-iwgw-namarrkon-s5h elementor-widget elementor-widget-heading\" data-id=\"iwgw-namarrkon-s5h\" data-element_type=\"widget\" data-e-type=\"widget\" data-widget_type=\"heading.default\">\n\t\t\t\t\t<h2 class=\"elementor-heading-title elementor-size-default\">Suojeluk\u00e4yt\u00e4nt\u00f6 ja apotropaiset piirteet<\/h2>\t\t\t\t<\/div>\n\t\t<div class=\"elementor-element elementor-element-iwgw-namarrkon-s5c e-con-full e-flex e-con e-child\" data-id=\"iwgw-namarrkon-s5c\" data-element_type=\"container\" data-e-type=\"container\">\n\t\t\t\t<div class=\"elementor-element elementor-element-iwgw-namarrkon-s5t elementor-widget elementor-widget-text-editor\" data-id=\"iwgw-namarrkon-s5t\" data-element_type=\"widget\" data-e-type=\"widget\" data-widget_type=\"text-editor.default\">\n\t\t\t\t\t\t\t\t\t<p>Uskontotieteellisesti kuvattuna Namarrkon-kompleksin apotropaiset k\u00e4yt\u00e4nn\u00f6t t\u00e4ht\u00e4\u00e4v\u00e4t ukkosvahinkojen v\u00e4ltt\u00e4miseen sadekauden aikana. Kielletty\u00e4 on: kova\u00e4\u00e4ninen puhuminen ukkosen aikana, yksin\u00e4isten puiden alla seisominen ja uiminen avoimissa vesiss\u00e4 ukkosmyrskyn aikana.<\/p><p>Erityinen suojeluk\u00e4yt\u00e4nt\u00f6 on tiettyjen kalliomaalauspaikkojen v\u00e4ltt\u00e4minen sadekautena; Namarrkonin kalliomaalausten luo ei menn\u00e4, kun h\u00e4n on \u201eaktiivinen\u201d. T\u00e4m\u00e4 s\u00e4\u00e4nt\u00f6 on osa laajempaa alkuper\u00e4iskansojen k\u00e4yt\u00e4nt\u00f6\u00e4, jossa pyhi\u00e4 paikkoja k\u00e4sitell\u00e4\u00e4n vuodenaikojen mukaan eri tavoin.<\/p><p>Etnografisesta ulkopuolisesta n\u00e4k\u00f6kulmasta n\u00e4m\u00e4 k\u00e4yt\u00e4nn\u00f6t ovat arkea j\u00e4sent\u00e4vi\u00e4 s\u00e4\u00e4nt\u00f6j\u00e4, jotka yhdist\u00e4v\u00e4t ekologisen varovaisuuden (ukkossuojan) uskonnolliseen k\u00e4yt\u00e4nt\u00f6\u00f6n. Uskontofenomenologisesti t\u00e4m\u00e4 on klassinen esimerkki perinteisten tabujen \u201eekologisesta teht\u00e4v\u00e4st\u00e4\u201d.<\/p>\t\t\t\t\t\t\t\t<\/div>\n\t\t\t\t<\/div>\n\t\t\t\t\t<\/div>\n\t\t\t\t<\/div>\n\t\t<div class=\"elementor-element elementor-element-iwgw-namarrkon-s6 e-flex e-con-boxed e-con e-parent\" data-id=\"iwgw-namarrkon-s6\" data-element_type=\"container\" data-e-type=\"container\">\n\t\t\t\t\t<div class=\"e-con-inner\">\n\t\t\t\t<div class=\"elementor-element elementor-element-iwgw-namarrkon-s6h elementor-widget elementor-widget-heading\" data-id=\"iwgw-namarrkon-s6h\" data-element_type=\"widget\" data-e-type=\"widget\" data-widget_type=\"heading.default\">\n\t\t\t\t\t<h2 class=\"elementor-heading-title elementor-size-default\">Rinnakkaisilmi\u00f6t muissa kulttuureissa<\/h2>\t\t\t\t<\/div>\n\t\t<div class=\"elementor-element elementor-element-iwgw-namarrkon-s6c e-con-full e-flex e-con e-child\" data-id=\"iwgw-namarrkon-s6c\" data-element_type=\"container\" data-e-type=\"container\">\n\t\t\t\t<div class=\"elementor-element elementor-element-iwgw-namarrkon-s6t elementor-widget elementor-widget-text-editor\" data-id=\"iwgw-namarrkon-s6t\" data-element_type=\"widget\" data-e-type=\"widget\" data-widget_type=\"text-editor.default\">\n\t\t\t\t\t\t\t\t\t<p>Ukkosenjumalat ovat uskontofenomenologisesti todistettavissa ymp\u00e4ri maailmaa. Rakenteellisesti verrattavia ovat: Indra (vedalainen), Thor (germaaninen), Zeus ukkosen jumalan teht\u00e4v\u00e4ss\u00e4\u00e4n (kreikkalainen), Jupiter Tonans (roomalainen), Shango (yoruba), Tlaloc (mesoamerikkalainen), Raijin (japanilainen). Siperiassa <a href=\"https:\/\/iwell-guard.com\/fi\/?page_id=144219\">Khormusta<\/a> on vajra-teht\u00e4v\u00e4ss\u00e4\u00e4n typologisesti sukua t\u00e4lle joukolle.<\/p><p>Ukkosenjumalien uskontofenomenologinen ydinajatus on niiden kaksoisfunktio: he tuovat el\u00e4m\u00e4\u00e4 yll\u00e4pit\u00e4v\u00e4n sateen ja samalla tappavan salaman. Namarrkon on t\u00e4st\u00e4 klassinen esimerkki; kunwinjku-perinne heijastaa t\u00e4t\u00e4 kaksinaisluontoa nimenomaisesti.<\/p><p>Namarrkonin yhteys monsuunikauden sadekauteen on uskonnonhistoriallisesti erityislaatuinen: se tekee h\u00e4nest\u00e4 Pohjois-Australian trooppisen ilmastonkierron ruumiillistuman. Etel\u00e4isemmiss\u00e4 Australian alkuper\u00e4iskansojen perinteiss\u00e4 t\u00e4t\u00e4 erikoistumista ei esiinny; ukkosenjumalat ovat niiss\u00e4 v\u00e4hemm\u00e4n merkitt\u00e4vi\u00e4.<\/p>\t\t\t\t\t\t\t\t<\/div>\n\t\t\t\t<\/div>\n\t\t\t\t\t<\/div>\n\t\t\t\t<\/div>\n\t\t<div class=\"elementor-element elementor-element-iwgw-namarrkon-s7 e-flex e-con-boxed e-con e-parent\" data-id=\"iwgw-namarrkon-s7\" data-element_type=\"container\" data-e-type=\"container\">\n\t\t\t\t\t<div class=\"e-con-inner\">\n\t\t\t\t<div class=\"elementor-element elementor-element-iwgw-namarrkon-s7h elementor-widget elementor-widget-heading\" data-id=\"iwgw-namarrkon-s7h\" data-element_type=\"widget\" data-e-type=\"widget\" data-widget_type=\"heading.default\">\n\t\t\t\t\t<h2 class=\"elementor-heading-title elementor-size-default\">Nykyinen tulkinta ja tutkimus<\/h2>\t\t\t\t<\/div>\n\t\t<div class=\"elementor-element elementor-element-iwgw-namarrkon-s7c e-con-full e-flex e-con e-child\" data-id=\"iwgw-namarrkon-s7c\" data-element_type=\"container\" data-e-type=\"container\">\n\t\t\t\t<div class=\"elementor-element elementor-element-iwgw-namarrkon-s7t elementor-widget elementor-widget-text-editor\" data-id=\"iwgw-namarrkon-s7t\" data-element_type=\"widget\" data-e-type=\"widget\" data-widget_type=\"text-editor.default\">\n\t\t\t\t\t\t\t\t\t<p><span data-nosnippet>T\u00e4rkein varhainen l\u00e4hde on Charles P. Mountfordin <em>Records of the American-Australian Scientific Expedition to Arnhem Land<\/em> (1956), osa 1 (Art, Myth and Symbolism). T\u00e4m\u00e4 laaja dokumentaatio sis\u00e4lt\u00e4\u00e4 paljon Namarrkoniin liittyv\u00e4\u00e4 aineistoa.<\/span><\/p><p>Howard Morphyn <em>Aboriginal Art<\/em> (Phaidon 1998) ja Luke Taylorin <em>Seeing the Inside<\/em> (1996) ovat t\u00e4rkeimm\u00e4t nykyaikaiset taidehistorialliset tutkimukset Namarrkon-perinteest\u00e4. Molemmat teokset yhdist\u00e4v\u00e4t kalliomaalausaineiston nykyaikaiseen tuohimaalausperinteeseen.<\/p><p>George Chaloupkan <em>Journey in Time<\/em> (1993) on t\u00e4rkein tutkimus Kakadun kalliomaalauksista, joissa Namarrkon esiintyy n\u00e4kyv\u00e4sti. Chaloupkan kalliomaalaustyylien kronologia on nyky\u00e4\u00e4n vakiintunut standardi.<\/p>\t\t\t\t\t\t\t\t<\/div>\n\t\t\t\t<\/div>\n\t\t\t\t\t<\/div>\n\t\t\t\t<\/div>\n\t\t<div class=\"elementor-element elementor-element-iwgw-namarrkon-s8 e-flex e-con-boxed e-con e-parent\" data-id=\"iwgw-namarrkon-s8\" data-element_type=\"container\" data-e-type=\"container\">\n\t\t\t\t\t<div class=\"e-con-inner\">\n\t\t\t\t<div class=\"elementor-element elementor-element-iwgw-namarrkon-s8h elementor-widget elementor-widget-heading\" data-id=\"iwgw-namarrkon-s8h\" data-element_type=\"widget\" data-e-type=\"widget\" data-widget_type=\"heading.default\">\n\t\t\t\t\t<h2 class=\"elementor-heading-title elementor-size-default\">Tutkimuskeskustelut ja avoimet kysymykset<\/h2>\t\t\t\t<\/div>\n\t\t<div class=\"elementor-element elementor-element-iwgw-namarrkon-s8c e-con-full e-flex e-con e-child\" data-id=\"iwgw-namarrkon-s8c\" data-element_type=\"container\" data-e-type=\"container\">\n\t\t\t\t<div class=\"elementor-element elementor-element-iwgw-namarrkon-s8t elementor-widget elementor-widget-text-editor\" data-id=\"iwgw-namarrkon-s8t\" data-element_type=\"widget\" data-e-type=\"widget\" data-widget_type=\"text-editor.default\">\n\t\t\t\t\t\t\t\t\t<p><span data-nosnippet>Namarrkonia koskevat useat tutkimuskeskustelut. Ensinn\u00e4kin: kuinka vanha Namarrkon-k\u00e4sitys on? \u201eR\u00f6ntgentyylin\u201d kalliomaalaukset ovat suhteellisen nuoria (mahdollisesti 2000\u20134000 vuotta vanhoja); vanhemmissa kalliomaalaustyyleiss\u00e4 esiintyy salamamaisia olentoja, jotka ovat typologisesti sukua, mutta eiv\u00e4t v\u00e4ltt\u00e4m\u00e4tt\u00e4 samoja.<\/span><\/p><p>Toiseksi: millainen on Namarrkonin suhde Sateenkaarik\u00e4\u00e4rmeeseen? Joissakin kertomuksissa ne liittyv\u00e4t toisiinsa (Namarrkon \u201esalamak\u00e4\u00e4rmeen\u00e4\u201d); toisissa ne ovat selv\u00e4sti erillisi\u00e4 olentoja. Suhde vaihtelee alueellisesti.<\/p><p>Kolmanneksi: miten Namarrkon-perinne muuttuu ilmastonmuutoksen my\u00f6t\u00e4? Pohjois-Australian monsuunikauden sadekausi kokee yh\u00e4 enemm\u00e4n poikkeamia, mik\u00e4 vaikuttaa Namarrkonin uskonnolliseen merkitykseen. Alkuper\u00e4iskansojen ilmastokritiikki ottaa t\u00e4m\u00e4n n\u00e4k\u00f6kulman yh\u00e4 enemm\u00e4n huomioon.<\/p>\t\t\t\t\t\t\t\t<\/div>\n\t\t\t\t<\/div>\n\t\t\t\t\t<\/div>\n\t\t\t\t<\/div>\n\t\t<div class=\"elementor-element elementor-element-iwgw-namarrkon-s9 e-flex e-con-boxed e-con e-parent\" data-id=\"iwgw-namarrkon-s9\" data-element_type=\"container\" data-e-type=\"container\">\n\t\t\t\t\t<div class=\"e-con-inner\">\n\t\t\t\t<div class=\"elementor-element elementor-element-iwgw-namarrkon-s9h elementor-widget elementor-widget-heading\" data-id=\"iwgw-namarrkon-s9h\" data-element_type=\"widget\" data-e-type=\"widget\" data-widget_type=\"heading.default\">\n\t\t\t\t\t<h2 class=\"elementor-heading-title elementor-size-default\">Namarrkon ja Kakadun kalliomaalauskompleksi<\/h2>\t\t\t\t<\/div>\n\t\t<div class=\"elementor-element elementor-element-iwgw-namarrkon-s9c e-con-full e-flex e-con e-child\" data-id=\"iwgw-namarrkon-s9c\" data-element_type=\"container\" data-e-type=\"container\">\n\t\t\t\t<div class=\"elementor-element elementor-element-iwgw-namarrkon-s9t elementor-widget elementor-widget-text-editor\" data-id=\"iwgw-namarrkon-s9t\" data-element_type=\"widget\" data-e-type=\"widget\" data-widget_type=\"text-editor.default\">\n\t\t\t\t\t\t\t\t\t<p><span data-nosnippet>Syvemp\u00e4\u00e4 tarkastelua ansaitsee Namarrkonin asema Kakadun kalliomaalauskompleksissa. Kakadun kansallispuisto, joka on ollut UNESCOn maailmanperint\u00f6kohde vuodesta 1981, sis\u00e4lt\u00e4\u00e4 tuhansia kalliomaalauksia, joista useat sadat kuvaavat Namarrkonia. T\u00e4m\u00e4 keskittym\u00e4 tekee Kakadusta Namarrkon-perinteen t\u00e4rkeimm\u00e4n visuaalisen arkiston.<\/span><\/p><p>George Chaloupka on esitt\u00e4nyt teoksessaan <em>Journey in Time<\/em> (1993) kattavan tutkimuksen Kakadun kalliomaalausperinteest\u00e4. H\u00e4nen perusteoksensa on nyky\u00e4\u00e4n t\u00e4rkein viiteteos; se sis\u00e4lt\u00e4\u00e4 yksityiskohtaisia kuvauksia ja ajoituksia Namarrkon-kuvista useiden vuosituhansien ajalta.<\/p><p>Tieteellisesti erityisen mielenkiintoista on, ett\u00e4 perinteiset omistajat (nykyiset kunwinjku-yhteis\u00f6t) huoltavat kalliomaalauksia edelleen; joitakin niist\u00e4 <span class=\"iwg-fachbegriff\" data-tooltip=\"Kuuluu vakiintuneeseen uskonnolliseen toimintaj\u00e4rjestykseen.\" tabindex=\"0\">rituaalisesti<\/span> \u201euudistetaan\u201d (maalataan uudelleen). T\u00e4m\u00e4 hoito on osa Namarrkon-perinteen el\u00e4v\u00e4\u00e4 jatkuvuutta, ei vain arkeologista s\u00e4ilytt\u00e4mist\u00e4.<\/p>\t\t\t\t\t\t\t\t<\/div>\n\t\t\t\t<\/div>\n\t\t\t\t\t<\/div>\n\t\t\t\t<\/div>\n\t\t<div class=\"elementor-element elementor-element-iwgw-namarrkon-s10 e-flex e-con-boxed e-con e-parent\" data-id=\"iwgw-namarrkon-s10\" data-element_type=\"container\" data-e-type=\"container\">\n\t\t\t\t\t<div class=\"e-con-inner\">\n\t\t\t\t<div class=\"elementor-element elementor-element-iwgw-namarrkon-s10h elementor-widget elementor-widget-heading\" data-id=\"iwgw-namarrkon-s10h\" data-element_type=\"widget\" data-e-type=\"widget\" data-widget_type=\"heading.default\">\n\t\t\t\t\t<h2 class=\"elementor-heading-title elementor-size-default\">Namarrkon nykyaikaisessa tuohimaalauksessa<\/h2>\t\t\t\t<\/div>\n\t\t<div class=\"elementor-element elementor-element-iwgw-namarrkon-s10c e-con-full e-flex e-con e-child\" data-id=\"iwgw-namarrkon-s10c\" data-element_type=\"container\" data-e-type=\"container\">\n\t\t\t\t<div class=\"elementor-element elementor-element-iwgw-namarrkon-s10t elementor-widget elementor-widget-text-editor\" data-id=\"iwgw-namarrkon-s10t\" data-element_type=\"widget\" data-e-type=\"widget\" data-widget_type=\"text-editor.default\">\n\t\t\t\t\t\t\t\t\t<p><span data-nosnippet>Kunwinjku-alueen tuohimaalausperinne on saanut kansainv\u00e4list\u00e4 huomiota 1950-luvulta l\u00e4htien. Namarrkon on yksi t\u00e4m\u00e4n perinteen yleisimmist\u00e4 aiheista. Tunnetut taiteilijat, kuten Bardayal \u201eLofty\u201d Nadjamerrek (1926\u20132009), Spider Namirrkki ja John Mawurndjul, ovat luoneet ikonisia Namarrkon-teoksia.<\/span><\/p><p>Howard Morphy on useissa esseiss\u00e4\u00e4n osoittanut, kuinka siirtyminen rituaalisesta kalliomaalauksesta markkinakelpoiseen tuohimaalaukseen on muuttanut uskonnollista teht\u00e4v\u00e4\u00e4 v\u00e4\u00e4rist\u00e4m\u00e4tt\u00e4 perinnett\u00e4. Teoksia esitell\u00e4\u00e4n nyky\u00e4\u00e4n monissa suurissa museoissa: Mus\u00e9e du Quai Branly Pariisissa, British Museum Lontoossa, National Gallery of Australia Canberrassa.<\/p><p>Uskontososiologisesti t\u00e4m\u00e4 kehitys on oppikirjaesimerkki: alkuper\u00e4iskansojen uskontoa vaalitaan edelleen taidetalouden kautta menett\u00e4m\u00e4tt\u00e4 sen uskonnollista luonnetta. Alkuper\u00e4iskansojen yhteis\u00f6t ovat kehitt\u00e4neet keinoja t\u00e4m\u00e4n kaksoisteht\u00e4v\u00e4n hallitsemiseksi.<\/p>\t\t\t\t\t\t\t\t<\/div>\n\t\t\t\t<\/div>\n\t\t\t\t\t<\/div>\n\t\t\t\t<\/div>\n\t\t<div class=\"elementor-element elementor-element-iwgw-namarrkon-s11 e-flex e-con-boxed e-con e-parent\" data-id=\"iwgw-namarrkon-s11\" data-element_type=\"container\" data-e-type=\"container\">\n\t\t\t\t\t<div class=\"e-con-inner\">\n\t\t\t\t<div class=\"elementor-element elementor-element-iwgw-namarrkon-s11h elementor-widget elementor-widget-heading\" data-id=\"iwgw-namarrkon-s11h\" data-element_type=\"widget\" data-e-type=\"widget\" data-widget_type=\"heading.default\">\n\t\t\t\t\t<h2 class=\"elementor-heading-title elementor-size-default\">Metodologinen pohdinta ja l\u00e4hteet<\/h2>\t\t\t\t<\/div>\n\t\t<div class=\"elementor-element elementor-element-iwgw-namarrkon-s11c e-con-full e-flex e-con e-child\" data-id=\"iwgw-namarrkon-s11c\" data-element_type=\"container\" data-e-type=\"container\">\n\t\t\t\t<div class=\"elementor-element elementor-element-iwgw-namarrkon-s11t elementor-widget elementor-widget-text-editor\" data-id=\"iwgw-namarrkon-s11t\" data-element_type=\"widget\" data-e-type=\"widget\" data-widget_type=\"text-editor.default\">\n\t\t\t\t\t\t\t\t\t<p>Namarrkon-tutkimuksessa ilmenee useita menetelm\u00e4llisi\u00e4 ongelmia. Ensinn\u00e4kin: \u201er\u00f6ntgentyylin\u201d arkeologinen ajoitus on kiistanalainen; eri menetelm\u00e4t antavat erilaisia tuloksia. Yksimielinen kronologia puuttuu edelleen.<\/p><p>Toiseksi: suuri osa Namarrkon-tiet\u00e4myksest\u00e4 ei ole \u201erajoitettua\u201d suppeimmassa mieless\u00e4, mutta se on syv\u00e4sti sidoksissa paikalliseen k\u00e4yt\u00e4nt\u00f6\u00f6n. Tarvitaan kunnioittavaa l\u00e4hdety\u00f6t\u00e4, joka on sovittu perinteisten omistajien kanssa.<\/p><p>Kolmanneksi: taidehistoriallisen ja uskontoantropologisen n\u00e4k\u00f6kulman tulisi tehd\u00e4 yhteisty\u00f6t\u00e4 Namarrkonin tutkimisessa. Molemmilla tieteenaloilla on vahvuutensa; erillinen k\u00e4sittely ei tavoita Namarrkon-perinteen syvyytt\u00e4.<\/p><p>Ne, jotka haluavat tutustua Namarrkon-kompleksiin laajemmin, l\u00f6yt\u00e4v\u00e4t yleiskatsaussivulta <a href=\"https:\/\/iwell-guard.com\/fi\/australian-aboriginaalit-dreamtime-tjukurpa\/\">Alkuper\u00e4iskansojen perinne<\/a> t\u00e4rkeimm\u00e4t viittaukset sukulaishahmoihin, kuten <a href=\"https:\/\/iwell-guard.com\/fi\/?page_id=144224\">Sateenkaarik\u00e4\u00e4rme<\/a>, <a href=\"https:\/\/iwell-guard.com\/fi\/?page_id=144230\">mimi-henget<\/a> ja <a href=\"https:\/\/iwell-guard.com\/fi\/?page_id=144225\">Wandjina<\/a>.<\/p>\t\t\t\t\t\t\t\t<\/div>\n\t\t\t\t<\/div>\n\t\t\t\t\t<\/div>\n\t\t\t\t<\/div>\n\t\t<div class=\"elementor-element elementor-element-iwgw-namarrkon-s12 e-flex e-con-boxed e-con e-parent\" data-id=\"iwgw-namarrkon-s12\" data-element_type=\"container\" data-e-type=\"container\">\n\t\t\t\t\t<div class=\"e-con-inner\">\n\t\t\t\t<div class=\"elementor-element elementor-element-iwgw-namarrkon-s12h elementor-widget elementor-widget-heading\" data-id=\"iwgw-namarrkon-s12h\" data-element_type=\"widget\" data-e-type=\"widget\" data-widget_type=\"heading.default\">\n\t\t\t\t\t<h2 class=\"elementor-heading-title elementor-size-default\">Namarrkon ja Kakadun UNESCO-asema<\/h2>\t\t\t\t<\/div>\n\t\t<div class=\"elementor-element elementor-element-iwgw-namarrkon-s12c e-con-full e-flex e-con e-child\" data-id=\"iwgw-namarrkon-s12c\" data-element_type=\"container\" data-e-type=\"container\">\n\t\t\t\t<div class=\"elementor-element elementor-element-iwgw-namarrkon-s12t elementor-widget elementor-widget-text-editor\" data-id=\"iwgw-namarrkon-s12t\" data-element_type=\"widget\" data-e-type=\"widget\" data-widget_type=\"text-editor.default\">\n\t\t\t\t\t\t\t\t\t<p><span data-nosnippet>Kakadu-kansallispuisto on ollut UNESCOn maailmanperint\u00f6kohde vuodesta 1981 l\u00e4htien, sek\u00e4 luonnollisen rikkautensa ett\u00e4 kulttuurisen syvyytens\u00e4 ansiosta. Kalliomaalaukset, joissa Namarrkon esiintyy n\u00e4kyv\u00e4sti, ovat keskeinen osa UNESCO-tunnustusta.<\/span><\/p><p>T\u00e4ll\u00e4 kansainv\u00e4lisell\u00e4 tunnustuksella on kaksijakoisia seurauksia. Toisaalta se turvaa kalliomaalauspaikkojen s\u00e4ilymisen, toisaalta se muuttaa ne &#8220;maailmanperint\u00f6kohteiksi&#8221;, mik\u00e4 muuttaa itse uskonnollista k\u00e4yt\u00e4nt\u00f6\u00e4. Perinteiset omistajat (bininj\/mungguy) hallinnoivat puistoa nyky\u00e4\u00e4n yhdess\u00e4 Australian hallituksen kanssa.<\/p><p>Uskontososiologisesti Kakadu on oppikirjaesimerkki alkuper\u00e4iskansojen uskonnon, luonnonsuojelun, matkailun ja kansainv\u00e4lisen kulttuuriperinn\u00f6n suojelun nykyaikaisesta kietoutumisesta toisiinsa. T\u00e4m\u00e4 kietoutuneisuus tulee kasvattamaan merkityst\u00e4\u00e4n tulevina vuosikymmenin\u00e4.<\/p>\t\t\t\t\t\t\t\t<\/div>\n\t\t\t\t<\/div>\n\t\t\t\t\t<\/div>\n\t\t\t\t<\/div>\n\t\t<div class=\"elementor-element elementor-element-iwgw-namarrkon-s13 e-flex e-con-boxed e-con e-parent\" data-id=\"iwgw-namarrkon-s13\" data-element_type=\"container\" data-e-type=\"container\">\n\t\t\t\t\t<div class=\"e-con-inner\">\n\t\t\t\t<div class=\"elementor-element elementor-element-iwgw-namarrkon-s13h elementor-widget elementor-widget-heading\" data-id=\"iwgw-namarrkon-s13h\" data-element_type=\"widget\" data-e-type=\"widget\" data-widget_type=\"heading.default\">\n\t\t\t\t\t<h2 class=\"elementor-heading-title elementor-size-default\">Namarrkon ja ilmastonmuutos Top Endiss\u00e4<\/h2>\t\t\t\t<\/div>\n\t\t<div class=\"elementor-element elementor-element-iwgw-namarrkon-s13c e-con-full e-flex e-con e-child\" data-id=\"iwgw-namarrkon-s13c\" data-element_type=\"container\" data-e-type=\"container\">\n\t\t\t\t<div class=\"elementor-element elementor-element-iwgw-namarrkon-s13t elementor-widget elementor-widget-text-editor\" data-id=\"iwgw-namarrkon-s13t\" data-element_type=\"widget\" data-e-type=\"widget\" data-widget_type=\"text-editor.default\">\n\t\t\t\t\t\t\t\t\t<p>Ajankohtainen tutkimusn\u00e4k\u00f6kulma yhdist\u00e4\u00e4 Namarrkon-perinteen ilmastonmuutoksen vaikutuksiin Top Endin aboriginaaliyhteis\u00f6iss\u00e4. Monsuunikautinen sadekauden sykli, joka on alueelle keskeinen taloudellisesti, ekologisesti ja uskonnollisesti, kohtaa yh\u00e4 enemm\u00e4n poikkeamia.<\/p><p>Muuttuneet sadem\u00e4\u00e4r\u00e4t, merenpinnan nousu (joka uhkaa rannikonl\u00e4heisi\u00e4 kalliomaalauspaikkoja) ja yleistyv\u00e4t \u00e4\u00e4ri-ilmi\u00f6t: kaikki t\u00e4m\u00e4 koskee suoraan Namarrkon-perinnett\u00e4. Alkuper\u00e4iskansojen ilmastokritiikki ottaa n\u00e4it\u00e4 n\u00e4k\u00f6kohtia yh\u00e4 enemm\u00e4n huomioon.<\/p><p>Uskontoantropologisesti t\u00e4m\u00e4 k\u00e4\u00e4nne on kiinnostava. Uskonnollinen perinne, joka on vuosituhansia ollut kietoutunut monsuunikautiseen sykliin, joutuu ihmisen aiheuttaman ilmastonmuutoksen my\u00f6t\u00e4 uudenlaiseen j\u00e4nnitteeseen. Tutkijat kuten Tyson Yunkaporta ja Marcia Langton ovat k\u00e4sitteellist\u00e4neet t\u00e4m\u00e4n j\u00e4nnitteen &#8220;alkuper\u00e4iskansojen ilmasto-<span class=\"iwg-fachbegriff\" data-tooltip=\"Tieteellinen oppi jumalasta ja uskonnon uskosta.\" tabindex=\"0\">teologiaksi<\/span>&#8220;.<\/p>\t\t\t\t\t\t\t\t<\/div>\n\t\t\t\t<\/div>\n\t\t\t\t\t<\/div>\n\t\t\t\t<\/div>\n\t\t<div class=\"elementor-element elementor-element-iwgw-namarrkon-s14 e-flex e-con-boxed e-con e-parent\" data-id=\"iwgw-namarrkon-s14\" data-element_type=\"container\" data-e-type=\"container\">\n\t\t\t\t\t<div class=\"e-con-inner\">\n\t\t\t\t<div class=\"elementor-element elementor-element-iwgw-namarrkon-s14h elementor-widget elementor-widget-heading\" data-id=\"iwgw-namarrkon-s14h\" data-element_type=\"widget\" data-e-type=\"widget\" data-widget_type=\"heading.default\">\n\t\t\t\t\t<h2 class=\"elementor-heading-title elementor-size-default\">Namarrkon ja aboriginaaliastronomia<\/h2>\t\t\t\t<\/div>\n\t\t<div class=\"elementor-element elementor-element-iwgw-namarrkon-s14c e-con-full e-flex e-con e-child\" data-id=\"iwgw-namarrkon-s14c\" data-element_type=\"container\" data-e-type=\"container\">\n\t\t\t\t<div class=\"elementor-element elementor-element-iwgw-namarrkon-s14t elementor-widget elementor-widget-text-editor\" data-id=\"iwgw-namarrkon-s14t\" data-element_type=\"widget\" data-e-type=\"widget\" data-widget_type=\"text-editor.default\">\n\t\t\t\t\t\t\t\t\t<p>Astronominen syventyminen ansaitsee tarkastelun siit\u00e4, miten Namarrkon on juurtunut aboriginaalien t\u00e4htitaivaaseen. Kunwinjku-perinteiss\u00e4 Namarrkon yhdistet\u00e4\u00e4n tiettyihin t\u00e4htiin tai t\u00e4htikuvioihin, jotka nousevat taivaalle sadekauden alkaessa.<\/p><p>Top End -ryhmien aboriginaaliastronomia on viimeisten vuosikymmenten aikana muodostunut omaksi tutkimusalakseen. Duane Hamacher ja muut ovat osoittaneet, ett\u00e4 perinteiset t\u00e4htitieteelliset havainnot ovat yll\u00e4tt\u00e4v\u00e4n tarkkoja ja vastaavat nykyaikaisia tieteellisi\u00e4 havaintoja.<\/p><p>Uskonnonfenomenologisesti t\u00e4m\u00e4 astronominen juurtuminen on t\u00e4rke\u00e4. Namarrkon ei ole vain uskonnollinen olento, vaan kosmologinen vakio. H\u00e4n &#8220;ilmoittaa tulostaan&#8221; tiettyjen t\u00e4htikuvioiden kautta; rituaaliset k\u00e4yt\u00e4nn\u00f6t seuraavat t\u00e4t\u00e4 astronomista kalenteria.<\/p>\t\t\t\t\t\t\t\t<\/div>\n\t\t\t\t<\/div>\n\t\t\t\t\t<\/div>\n\t\t\t\t<\/div>\n\t\t<div class=\"elementor-element elementor-element-iwgw-namarrkon-s15 e-flex e-con-boxed e-con e-parent\" data-id=\"iwgw-namarrkon-s15\" data-element_type=\"container\" data-e-type=\"container\">\n\t\t\t\t\t<div class=\"e-con-inner\">\n\t\t\t\t<div class=\"elementor-element elementor-element-iwgw-namarrkon-s15h elementor-widget elementor-widget-heading\" data-id=\"iwgw-namarrkon-s15h\" data-element_type=\"widget\" data-e-type=\"widget\" data-widget_type=\"heading.default\">\n\t\t\t\t\t<h2 class=\"elementor-heading-title elementor-size-default\">Namarrkon ja Kakadun yhteishallintasuunnitelma<\/h2>\t\t\t\t<\/div>\n\t\t<div class=\"elementor-element elementor-element-iwgw-namarrkon-s15c e-con-full e-flex e-con e-child\" data-id=\"iwgw-namarrkon-s15c\" data-element_type=\"container\" data-e-type=\"container\">\n\t\t\t\t<div class=\"elementor-element elementor-element-iwgw-namarrkon-s15t elementor-widget elementor-widget-text-editor\" data-id=\"iwgw-namarrkon-s15t\" data-element_type=\"widget\" data-e-type=\"widget\" data-widget_type=\"text-editor.default\">\n\t\t\t\t\t\t\t\t\t<p>Kakadu-kansallispuistoa on hallinnoitu vuodesta 1976 l\u00e4htien yhteishallintasuunnitelmalla, jossa perinteiset omistajat (bininj\/mungguy) ja Australian hallitus toimivat yhdess\u00e4. T\u00e4m\u00e4 hallintorakenne on ensimm\u00e4isi\u00e4 laatuaan maailmassa; siit\u00e4 on tullut malli vastaaville rakenteille muualla.<\/p><p>Suunnitelma kattaa kalliomaalauspaikkojen, my\u00f6s Namarrkon-kuvien, hoidon perinteisten s\u00e4\u00e4nt\u00f6jen mukaisesti. Uudelleenmaalaus tehd\u00e4\u00e4n perinteisten omistajien valvonnassa; matkailureitit suunnitellaan niin, ett\u00e4 herk\u00e4t kohteet on suojattu.<\/p><p>Uskontososiologisesti Kakadu on oppikirjaesimerkki alkuper\u00e4iskansojen uskonnon integroimisesta nykyaikaisiin hallintorakenteisiin. Namarrkon on t\u00e4ss\u00e4 yht\u00e4 aikaa uskonnollinen hahmo ja hallinnollinen viitekohta. T\u00e4m\u00e4 kaksoisrooli muuttaa itse uskontoa, ilmi\u00f6, jota on syyt\u00e4 analysoida huolellisesti uskontoantropologisesti.<\/p>\t\t\t\t\t\t\t\t<\/div>\n\t\t\t\t<\/div>\n\t\t\t\t\t<\/div>\n\t\t\t\t<\/div>\n\t\t<div class=\"elementor-element elementor-element-iwgw-namarrkon-s16 e-flex e-con-boxed e-con e-parent\" data-id=\"iwgw-namarrkon-s16\" data-element_type=\"container\" data-e-type=\"container\">\n\t\t\t\t\t<div class=\"e-con-inner\">\n\t\t\t\t<div class=\"elementor-element elementor-element-iwgw-namarrkon-s16h elementor-widget elementor-widget-heading\" data-id=\"iwgw-namarrkon-s16h\" data-element_type=\"widget\" data-e-type=\"widget\" data-widget_type=\"heading.default\">\n\t\t\t\t\t<h2 class=\"elementor-heading-title elementor-size-default\">Namarrkon ja aboriginaalien s\u00e4\u00e4tieto<\/h2>\t\t\t\t<\/div>\n\t\t<div class=\"elementor-element elementor-element-iwgw-namarrkon-s16c e-con-full e-flex e-con e-child\" data-id=\"iwgw-namarrkon-s16c\" data-element_type=\"container\" data-e-type=\"container\">\n\t\t\t\t<div class=\"elementor-element elementor-element-iwgw-namarrkon-s16t elementor-widget elementor-widget-text-editor\" data-id=\"iwgw-namarrkon-s16t\" data-element_type=\"widget\" data-e-type=\"widget\" data-widget_type=\"text-editor.default\">\n\t\t\t\t\t\t\t\t\t<p>Etnologisesti kiinnostava syventyminen ansaitsee Namarrkonin ja aboriginaalien s\u00e4\u00e4tiedon v\u00e4lisen yhteyden. Top Endin aboriginaalit tuntevat kuusiosaisen kausikalenterin, joka on huomattavasti eriytyneempi kuin l\u00e4nsimainen nelj\u00e4n vuodenajan kalenteri.<\/p><p>Kunwinjkuilla erotetaan: <em>Gunumeleng<\/em> (monsuunia edelt\u00e4v\u00e4 kausi), <em>Gudjewg<\/em> (monsuunikausi), <em>Banggerreng<\/em> (myrskyjen loppuvaihe), <em>Yegge<\/em> (viile\u00e4 siirtym\u00e4kausi), <em>Wurrgeng<\/em> (kylm\u00e4 kuivakausi), <em>Gurrung<\/em> (kuuma kuivakausi). Namarrkon liittyy Gunumelengiin ja Gudjewgiin.<\/p><p>T\u00e4m\u00e4 hienojakoinen s\u00e4\u00e4n luokittelu on erinomainen esimerkki alkuper\u00e4iskansan ekologisesta tiet\u00e4myksest\u00e4. Se yhdist\u00e4\u00e4 havainnoinnin, uskonnon ja k\u00e4yt\u00e4nn\u00f6n el\u00e4m\u00e4nj\u00e4rjest\u00e4misen yhten\u00e4iseksi kokonaisuudeksi. My\u00f6s t\u00e4ss\u00e4 Namarrkon ylitt\u00e4\u00e4 selv\u00e4sti &#8220;vain&#8221; uskonnollisen hahmon roolin: h\u00e4n on osa laajaa tietoekologiaa.<\/p>\t\t\t\t\t\t\t\t<\/div>\n\t\t\t\t<\/div>\n\t\t\t\t\t<\/div>\n\t\t\t\t<\/div>\n\t\t<div class=\"elementor-element elementor-element-iwgw-namarrkon-s17 e-flex e-con-boxed e-con e-parent\" data-id=\"iwgw-namarrkon-s17\" data-element_type=\"container\" data-e-type=\"container\">\n\t\t\t\t\t<div class=\"e-con-inner\">\n\t\t\t\t<div class=\"elementor-element elementor-element-iwgw-namarrkon-s17h elementor-widget elementor-widget-heading\" data-id=\"iwgw-namarrkon-s17h\" data-element_type=\"widget\" data-e-type=\"widget\" data-widget_type=\"heading.default\">\n\t\t\t\t\t<h2 class=\"elementor-heading-title elementor-size-default\">Namarrkon ja Maningridan taiteilijayhdistys<\/h2>\t\t\t\t<\/div>\n\t\t<div class=\"elementor-element elementor-element-iwgw-namarrkon-s17c e-con-full e-flex e-con e-child\" data-id=\"iwgw-namarrkon-s17c\" data-element_type=\"container\" data-e-type=\"container\">\n\t\t\t\t<div class=\"elementor-element elementor-element-iwgw-namarrkon-s17t elementor-widget elementor-widget-text-editor\" data-id=\"iwgw-namarrkon-s17t\" data-element_type=\"widget\" data-e-type=\"widget\" data-widget_type=\"text-editor.default\">\n\t\t\t\t\t\t\t\t\t<p>Maningridan taiteilijayhdistys (Maningrida Arts and Culture) on yksi Pohjois-Australian t\u00e4rkeimmist\u00e4 nykyaikaisen aboriginaalitaiteen keskuksista. Se edustaa useita satoja taiteilijoita alueen eri kieliryhmist\u00e4. Namarrkon-aiheet kuuluvat n\u00e4iden taiteilijoiden vakiintuneeseen ohjelmistoon.<\/p><p>Yhdistys on uskontososiologisesti kiinnostava, koska se yhdist\u00e4\u00e4 perinteisen k\u00e4yt\u00e4nn\u00f6n ja nykyaikaisen markkinoinnin. Taiteilijat saavat reilun hinnan teoksistaan; yhdistys turvaa kulttuurisen jatkuvuuden ja taloudellisen kest\u00e4vyyden. T\u00e4st\u00e4 kaksoisroolista on tullut malli vastaaville aloitteille muualla.<\/p><p>Uskontoantropologisesti t\u00e4ss\u00e4 n\u00e4kyy alkuper\u00e4iskansojen uskonnon nykyaikainen muoto: se selvi\u00e4\u00e4 perinteen kautta ja yht\u00e4 lailla innovaation kautta. Namarrkon ei kuulu suljetulle menneisyydelle, vaan h\u00e4n on jatkuvasti uudelleen tulkittu uskonnollinen todellisuus Maningridan alueella.<\/p>\t\t\t\t\t\t\t\t<\/div>\n\t\t\t\t<\/div>\n\t\t\t\t\t<\/div>\n\t\t\t\t<\/div>\n\t\t<div class=\"elementor-element elementor-element-cp20809a4c e-flex e-con-boxed e-con e-parent\" data-id=\"cp20809a4c\" data-element_type=\"container\" data-e-type=\"container\">\n\t\t\t\t\t<div class=\"e-con-inner\">\n\t\t\t\t<div class=\"elementor-element elementor-element-cp210b3415 elementor-widget elementor-widget-heading\" data-id=\"cp210b3415\" data-element_type=\"widget\" data-e-type=\"widget\" data-widget_type=\"heading.default\">\n\t\t\t\t\t<h2 class=\"elementor-heading-title elementor-size-default\">Sirkka, joka ennustaa ukkosen: Namarrkon Arnhem Landin vuodenkierrossa<\/h2>\t\t\t\t<\/div>\n\t\t<div class=\"elementor-element elementor-element-cp21efe7cf e-flex e-con-boxed e-con e-child\" data-id=\"cp21efe7cf\" data-element_type=\"container\" data-e-type=\"container\">\n\t\t\t\t\t<div class=\"e-con-inner\">\n\t\t\t\t<div class=\"elementor-element elementor-element-cp2e05b38b elementor-widget elementor-widget-text-editor\" data-id=\"cp2e05b38b\" data-element_type=\"widget\" data-e-type=\"widget\" data-widget_type=\"text-editor.default\">\n\t\t\t\t\t\t\t\t\t<p>Salamamies <em>Namarrkon<\/em>, kirjoitetaan my\u00f6s <em>Namarrgon<\/em>, liittyy L\u00e4nsi-Arnhemin maan <span class=\"iwg-fachbegriff\" data-tooltip=\"Tiedon ja kertomusten v\u00e4litt\u00e4minen sukupolvien yli.\" tabindex=\"0\">perim\u00e4tiedossa<\/span> tiiviisti tarkasti havaittuun luonnon kulkuun. Toisin kuin abstrakti s\u00e4\u00e4njumala, Namarrkon on yhdistetty konkreettiseen kausiluonteiseen tapahtumaan, jonka kunwinjkun ja l\u00e4hisukukielten puhujat j\u00e4sent\u00e4v\u00e4t hienojakoisessa vuodenaikakalenterissa.<\/p><p>T\u00e4m\u00e4 kalenteri tuntee jopa kuusi vuodenaikaa kahden tai nelj\u00e4n sijaan. Ne m\u00e4\u00e4r\u00e4ytyv\u00e4t tuulen, kosteuden, kukinta-aikojen ja el\u00e4inten k\u00e4ytt\u00e4ytymisen mukaan.<\/p><p>T\u00e4h\u00e4n j\u00e4rjestelm\u00e4\u00e4n kuuluu Namarrkonin ja tietyn kaskaan v\u00e4linen yhteys. Kaskasta kutsutaan alueella nimell\u00e4 <em>Leichhardtin hein\u00e4sirkkakaskas<\/em>, ja paikallisilla kielill\u00e4 sill\u00e4 on omat nimens\u00e4. T\u00e4m\u00e4 kirkkaanv\u00e4rinen hy\u00f6nteinen ilmestyy kuivakauden loppupuolella juuri ennen tulevan sadekauden ensimm\u00e4isi\u00e4 ankaria ukkosmyrskyj\u00e4.<\/p><p><span class=\"iwg-fachbegriff\" data-tooltip=\"Tiedon ja kertomusten v\u00e4litt\u00e4minen sukupolvien yli.\" tabindex=\"0\">Perim\u00e4tiedossa<\/span> kaskasta pidet\u00e4\u00e4n salamamiehen lapsena tai sanansaattajana. Sen ilmestyminen kertoo, ett\u00e4 Namarrkon on kohta j\u00e4lleen aktiivinen, ett\u00e4 ukkonen ja salama palaavat ja ett\u00e4 valmistautuminen sadekauteen on aloitettava. N\u00e4in hahmo selitt\u00e4\u00e4 ukkosmyrskyn ja on samalla osa k\u00e4yt\u00e4nn\u00f6llist\u00e4 tietovarantoa, joka j\u00e4sent\u00e4\u00e4 vuoden kulkua.<\/p><p>Kertomuksissa ja kalliotaiteessa Namarrkon kuvataan kivikirveiden kanssa, jotka sijaitsevat h\u00e4nen kyyn\u00e4rp\u00e4iss\u00e4\u00e4n ja polvissaan ja joilla h\u00e4n saa pilvet jyrisem\u00e4\u00e4n ja maan t\u00e4r\u00e4htelem\u00e4\u00e4n.<\/p><p>H\u00e4nt\u00e4 ymp\u00e4r\u00f6iv\u00e4 hohtava vy\u00f6 tulkitaan salamaksi. Tunnettu maalattu kuvaus t\u00e4st\u00e4 hahmosta l\u00f6ytyy kalliopinnalta nykyisess\u00e4 Kakadun kansallispuistossa, joka on yksi Australian suosituimmista kalliotaidekohteista, mik\u00e4 nostaa esiin omia kysymyksi\u00e4 suojelusta ja asianmukaisesta kohtelusta.<\/p><p>Tarkan esityksen kannalta on t\u00e4rke\u00e4\u00e4, ett\u00e4 kaskaan, ukkoskauden alun ja salamamiehen yhteys on osa perinteisten omistajien suullista <span class=\"iwg-fachbegriff\" data-tooltip=\"Tiedon ja kertomusten v\u00e4litt\u00e4minen sukupolvien yli.\" tabindex=\"0\">perim\u00e4tietoa<\/span>, ei ulkopuolelta tuotu tulkinta, ja se on vahvistettu Arnhemin maan luonnontuntemusta k\u00e4sitteleviss\u00e4 etnografisissa tutkimuksissa.<\/p><p>Se osoittaa, ett\u00e4 Namarrkonin hahmo on tarkan luonnonhavainnoinnin uskonnollinen muoto eik\u00e4 miss\u00e4\u00e4n tapauksessa ristiriidassa sen kanssa. Kausiluonteinen ennustaminen ja myyttinen kertomus ovat t\u00e4ss\u00e4 perinteess\u00e4 saman tiedon kaksi puolta.<\/p>\t\t\t\t\t\t\t\t<\/div>\n\t\t\t\t\t<\/div>\n\t\t\t\t<\/div>\n\t\t\t\t\t<\/div>\n\t\t\t\t<\/div>\n\t\t<div class=\"elementor-element elementor-element-iwgw-namarrkon-lit e-flex e-con-boxed e-con e-parent\" data-id=\"iwgw-namarrkon-lit\" data-element_type=\"container\" data-e-type=\"container\">\n\t\t\t\t\t<div class=\"e-con-inner\">\n\t\t\t\t<div class=\"elementor-element elementor-element-iwgw-namarrkon-lith elementor-widget elementor-widget-heading\" data-id=\"iwgw-namarrkon-lith\" data-element_type=\"widget\" data-e-type=\"widget\" data-widget_type=\"heading.default\">\n\t\t\t\t\t<h2 class=\"elementor-heading-title elementor-size-default\">Kirjallisuus (valikoima)<\/h2>\t\t\t\t<\/div>\n\t\t<div class=\"elementor-element elementor-element-iwgw-namarrkon-litc e-con-full e-flex e-con e-child\" data-id=\"iwgw-namarrkon-litc\" data-element_type=\"container\" data-e-type=\"container\">\n\t\t\t\t<div class=\"elementor-element elementor-element-iwgw-namarrkon-litt elementor-widget elementor-widget-text-editor\" data-id=\"iwgw-namarrkon-litt\" data-element_type=\"widget\" data-e-type=\"widget\" data-widget_type=\"text-editor.default\">\n\t\t\t\t\t\t\t\t\t<ul><li>Howard Morphy: <em>Aboriginal Art<\/em> (Phaidon 1998)<\/li><li>Luke Taylor: <em>Seeing the Inside<\/em> (1996)<\/li><li>Charles P. Mountford: <em>Records of the American-Australian Scientific Expedition<\/em> (1956)<\/li><li><span data-nosnippet>Ronald M. Berndt &#038; Catherine H. Berndt: <em>Man, Land and Myth<\/em> (1970)<\/span><\/li><li>George Chaloupka: <em>Journey in Time<\/em> (1993)<\/li><li>Tony Swain: <em>A Place for Strangers<\/em> (1993)<\/li><li>Lynne Hume: <em>Ancestral Power<\/em> (2002)<\/li><\/ul>\t\t\t\t\t\t\t\t<\/div>\n\t\t\t\t<\/div>\n\t\t\t\t\t<\/div>\n\t\t\t\t<\/div>\n\t\t<div class=\"elementor-element elementor-element-iwgkw-add-namarrkon e-flex e-con-boxed e-con e-parent\" data-id=\"iwgkw-add-namarrkon\" data-element_type=\"container\" data-e-type=\"container\">\n\t\t\t\t\t<div class=\"e-con-inner\">\n\t\t\t\t<div class=\"elementor-element elementor-element-iwgkw-add-namarrkon-t elementor-widget elementor-widget-text-editor\" data-id=\"iwgkw-add-namarrkon-t\" data-element_type=\"widget\" data-e-type=\"widget\" data-widget_type=\"text-editor.default\">\n\t\t\t\t\t\t\t\t\t<p>Namarrkon on Pohjois-Australian L\u00e4nsi-Arnhemin maan alkuper\u00e4iskansaperinteen salaman ja ukkosen luoja. Kakadun alueen kalliomaalausten kuvakieless\u00e4 h\u00e4n ilmenee ihmisenkaltaisena hahmona, jonka kyyn\u00e4rp\u00e4iss\u00e4 ja polvissa on kivikirveet, joilla h\u00e4n murskaa pilvi\u00e4. H\u00e4nen toimintansa liittyy tiiviisti loka- ja maaliskuun v\u00e4liseen kosteaan monsuunikauteen.<\/p>\t\t\t\t\t\t\t\t<\/div>\n\t\t\t\t\t<\/div>\n\t\t\t\t<\/div>\n\t\t<div class=\"elementor-element elementor-element-iwgkw2-add-namarrkon e-flex e-con-boxed e-con e-parent\" data-id=\"iwgkw2-add-namarrkon\" data-element_type=\"container\" data-e-type=\"container\">\n\t\t\t\t\t<div class=\"e-con-inner\">\n\t\t\t\t<div class=\"elementor-element elementor-element-iwgkw2-add-namarrkon-t elementor-widget elementor-widget-text-editor\" data-id=\"iwgkw2-add-namarrkon-t\" data-element_type=\"widget\" data-e-type=\"widget\" data-widget_type=\"text-editor.default\">\n\t\t\t\t\t\t\t\t\t<p>L\u00e4nsi-Arnhemin maan <em>salamahenken\u00e4<\/em> Namarrkon ly\u00f6 pilvi\u00e4 kivisill\u00e4 kirveill\u00e4 polvissaan ja kyyn\u00e4rp\u00e4iss\u00e4\u00e4n; kunwinjkun suulliset <em>l\u00e4hteet<\/em> yhdist\u00e4v\u00e4t h\u00e4net monsuunikauteen ja Kakadun alueen kalliomaalauksiin.<\/p>\t\t\t\t\t\t\t\t<\/div>\n\t\t\t\t\t<\/div>\n\t\t\t\t<\/div>\n\t\t<div class=\"elementor-element elementor-element-iwgw-namarrkon-kwd e-flex e-con-boxed e-con e-parent\" data-id=\"iwgw-namarrkon-kwd\" data-element_type=\"container\" data-e-type=\"container\">\n\t\t\t\t\t<div class=\"e-con-inner\">\n\t\t<div class=\"elementor-element elementor-element-iwgw-namarrkon-kwdc e-con-full e-flex e-con e-child\" data-id=\"iwgw-namarrkon-kwdc\" data-element_type=\"container\" data-e-type=\"container\">\n\t\t\t\t<div class=\"elementor-element elementor-element-iwgw-namarrkon-kwdt elementor-widget elementor-widget-text-editor\" data-id=\"iwgw-namarrkon-kwdt\" data-element_type=\"widget\" data-e-type=\"widget\" data-widget_type=\"text-editor.default\">\n\t\t\t\t\t\t\t\t\t<p><em>Aiheeseen liittyv\u00e4t avainsanat: Namarrkon Kunwinjku Arnhem Land salama Wet Season kalliomaalaukset.<\/em><\/p>\t\t\t\t\t\t\t\t<\/div>\n\t\t\t\t<\/div>\n\t\t\t\t\t<\/div>\n\t\t\t\t<\/div>\n\t\t<div class=\"elementor-element elementor-element-iwgw-namarrkon-cc e-flex e-con-boxed e-con e-parent\" data-id=\"iwgw-namarrkon-cc\" data-element_type=\"container\" data-e-type=\"container\" id=\"iwg-cc-namarrkon\">\n\t\t\t\t\t<div class=\"e-con-inner\">\n\t\t<div class=\"elementor-element elementor-element-iwgw-namarrkon-ccinner e-flex e-con-boxed e-con e-parent\" data-id=\"iwgw-namarrkon-ccinner\" data-element_type=\"container\" data-e-type=\"container\" data-settings=\"{&quot;background_background&quot;:&quot;classic&quot;}\">\n\t\t\t\t\t<div class=\"e-con-inner\">\n\t\t\t\t<div class=\"elementor-element elementor-element-iwgw-namarrkon-cch elementor-widget elementor-widget-heading\" data-id=\"iwgw-namarrkon-cch\" data-element_type=\"widget\" data-e-type=\"widget\" data-widget_type=\"heading.default\">\n\t\t\t\t\t<h2 class=\"elementor-heading-title elementor-size-default\">iWell Guard ja suojelutraditiot<\/h2>\t\t\t\t<\/div>\n\t\t\t\t<div class=\"elementor-element elementor-element-iwgw-namarrkon-cct elementor-widget elementor-widget-text-editor\" data-id=\"iwgw-namarrkon-cct\" data-element_type=\"widget\" data-e-type=\"widget\" data-widget_type=\"text-editor.default\">\n\t\t\t\t\t\t\t\t\t<div data-nosnippet=\"true\"><p>iWell Guard jatkaa kannettavien suojaesineiden kulttuurihistoriallista perinnett\u00e4, <a href=\"https:\/\/iwell-guard.com\/fi\/australian-aboriginaalit-dreamtime-tjukurpa\/\">aboriginaali<\/a>&#8211; ja monien muiden kulttuurien perinteen j\u00e4ljill\u00e4 ymp\u00e4ri maailman. 41 tasoa, aitoa kultaa, platinaa, hopeaa, valmistettu Saksassa. 30 p\u00e4iv\u00e4n palautusoikeus.<\/p><\/div>\t\t\t\t\t\t\t\t<\/div>\n\t\t\t\t<div class=\"elementor-element elementor-element-iwgw-namarrkon-ccb iwg-cc-button iwg-cc-cta-2026-05-13 elementor-widget elementor-widget-jet-button\" data-id=\"iwgw-namarrkon-ccb\" data-element_type=\"widget\" data-e-type=\"widget\" data-widget_type=\"jet-button.default\">\n\t\t\t\t<div class=\"elementor-widget-container\">\n\t\t\t\t\t<div class=\"elementor-jet-button jet-elements\"><div class=\"jet-button__container\"><a class=\"jet-button__instance jet-button__instance--icon-left hover-effect-1\" href=\"\/ueber-iwell-guard\/?utm_source=iwell-guard.com&amp;utm_medium=info-box&amp;utm_campaign=wesen-tradition\"><div class=\"jet-button__plane jet-button__plane-normal\"><\/div><div class=\"jet-button__plane jet-button__plane-hover\"><\/div><div class=\"jet-button__state jet-button__state-normal\"><span class=\"jet-button__label\">Lis\u00e4\u00e4 iWell Guardista<\/span><\/div><div class=\"jet-button__state jet-button__state-hover\"><span class=\"jet-button__label\">Lis\u00e4\u00e4 iWell Guardista<\/span><\/div><\/a><\/div><\/div><style>.elementor-element.elementor-element-iwgw-namarrkon-ccb .jet-button__instance{width:320px;height:56px;}.elementor-element.elementor-element-iwgw-namarrkon-ccb .jet-button__state-normal .jet-button__label{text-align:center;margin:0px 0px 0px 0px;color:#1a1b20;font-family:Montserrat,sans-serif;font-size:13px;font-weight:400;letter-spacing:4px;line-height:1.714em;text-transform:uppercase;}.elementor-element.elementor-element-iwgw-namarrkon-ccb .jet-button__state-hover .jet-button__label{text-align:center;margin:0px 0px 0px 0px;color:#FECC76;font-family:Montserrat,sans-serif;font-size:13px;font-weight:400;letter-spacing:4px;line-height:1.714em;text-transform:uppercase;}.elementor-element.elementor-element-iwgw-namarrkon-ccb .jet-button__plane-normal{background-color:#FECC76;border-style:solid;border-color:#C99540;border-width:2px 2px 2px 2px;}.elementor-element.elementor-element-iwgw-namarrkon-ccb .jet-button__plane-hover{background-color:rgba(0,0,0,0.55);border-style:solid;border-color:#FECC76;border-width:2px 2px 2px 2px;}<\/style>\t\t\t\t<\/div>\n\t\t\t\t<\/div>\n\t\t\t\t<div class=\"elementor-element elementor-element-iwgw-namarrkon-ccd elementor-widget elementor-widget-text-editor\" data-id=\"iwgw-namarrkon-ccd\" data-element_type=\"widget\" data-e-type=\"widget\" data-widget_type=\"text-editor.default\">\n\t\t\t\t\t\t\t\t\t<div data-nosnippet=\"true\"><p style=\"text-align:center;font-size:13px;opacity:0.7;margin-top:14px\" data-nosnippet=\"true\">Henkil\u00f6kohtaiset kokemukset voivat vaihdella. Ei l\u00e4\u00e4kinn\u00e4llinen laite. Ei paranemislupausta.<\/p><\/div>\t\t\t\t\t\t\t\t<\/div>\n\t\t\t\t\t<\/div>\n\t\t\t\t<\/div>\n\t\t\t\t\t<\/div>\n\t\t\t\t<\/div>\n\t\t<div class=\"elementor-element elementor-element-iwgw-namarrkon-disc e-flex e-con-boxed e-con e-parent\" data-id=\"iwgw-namarrkon-disc\" data-element_type=\"container\" data-e-type=\"container\">\n\t\t\t\t\t<div class=\"e-con-inner\">\n\t\t\t\t<div class=\"elementor-element elementor-element-iwgw-namarrkon-discw elementor-widget elementor-widget-html\" data-id=\"iwgw-namarrkon-discw\" data-element_type=\"widget\" data-e-type=\"widget\" data-widget_type=\"html.default\">\n\t\t\t\t\t<footer data-nosnippet=\"true\" class=\"iwg-disclaimer-block\"><p data-nosnippet=\"true\">iWell Guard <strong>ei ole l\u00e4\u00e4kinn\u00e4llinen laite<\/strong>, eik\u00e4 se korvaa l\u00e4\u00e4k\u00e4rin tai psykoterapeutin hoitoa. Uskontotieteelliset sis\u00e4ll\u00f6t ovat kulttuurihistoriallista tarkastelua, ei suositus hengelliseen k\u00e4yt\u00e4nt\u00f6\u00f6n.<\/p><\/footer>\t\t\t\t<\/div>\n\t\t\t\t\t<\/div>\n\t\t\t\t<\/div>\n\t\t\t\t<\/div>\n\t\t","protected":false},"excerpt":{"rendered":"","protected":false},"author":3,"featured_media":2874,"parent":0,"menu_order":0,"comment_status":"closed","ping_status":"closed","template":"elementor_header_footer","meta":{"_yoast_wpseo_focuskw":"Namarrkon aboriginaalinen salama","_yoast_wpseo_title":"Namarrkon \u2013 aboriginaalinen salamahenki, myytti ja l\u00e4hteet","_yoast_wpseo_metadesc":"Namarrkon on L\u00e4nsi-Arnhemin maan kunwinjku-aboriginaalien salamamies. Uskontotieteellinen tarkastelu myytin ja l\u00e4hteiden kanssa.","_yoast_wpseo_meta-robots-noindex":"","_yoast_wpseo_canonical":"","_angie_page":false,"gefaehrdungsstufe":"3","wesen_kultur":"aboriginal","wesen_klasse":"goetter","footnotes":""},"categories":[],"class_list":["post-144233","page","type-page","status-publish","has-post-thumbnail","hentry"],"yoast_head":"<!-- This site is optimized with the Yoast SEO Premium plugin v27.7 (Yoast SEO v28.3) - https:\/\/yoast.com\/product\/yoast-seo-premium-wordpress\/ -->\n<title>Namarrkon \u2013 aboriginaalinen salamahenki, myytti ja l\u00e4hteet<\/title>\n<meta name=\"description\" content=\"Namarrkon on L\u00e4nsi-Arnhemin maan kunwinjku-aboriginaalien salamamies. Uskontotieteellinen tarkastelu myytin ja l\u00e4hteiden kanssa.\" \/>\n<meta name=\"robots\" content=\"index, follow, max-snippet:-1, max-image-preview:large, max-video-preview:-1\" \/>\n<link rel=\"canonical\" href=\"https:\/\/iwell-guard.com\/fi\/namarrkon-kunwinjkujen-salamamies\/\" \/>\n<meta property=\"og:locale\" content=\"fi_FI\" \/>\n<meta property=\"og:type\" content=\"article\" \/>\n<meta property=\"og:title\" content=\"Namarrkon \u2013 kunwinjkujen salamamies\" \/>\n<meta property=\"og:description\" content=\"Namarrkon on L\u00e4nsi-Arnhemin maan kunwinjku-aboriginaalien salamamies. Uskontotieteellinen tarkastelu myytin ja l\u00e4hteiden kanssa.\" \/>\n<meta property=\"og:url\" content=\"https:\/\/iwell-guard.com\/fi\/namarrkon-kunwinjkujen-salamamies\/\" \/>\n<meta property=\"og:site_name\" content=\"iWell Guard\" \/>\n<meta property=\"article:modified_time\" content=\"2026-09-03T12:54:00+00:00\" \/>\n<meta property=\"og:image\" content=\"https:\/\/iwell-guard.com\/wp-content\/uploads\/2026\/05\/goetter_aboriginal_namarrkon.webp\" \/>\n\t<meta property=\"og:image:width\" content=\"1024\" \/>\n\t<meta property=\"og:image:height\" content=\"1536\" \/>\n\t<meta property=\"og:image:type\" content=\"image\/webp\" \/>\n<meta name=\"twitter:card\" content=\"summary_large_image\" \/>\n<script type=\"application\/ld+json\" class=\"yoast-schema-graph\">{\"@context\":\"https:\\\/\\\/schema.org\",\"@graph\":[{\"@type\":\"WebPage\",\"@id\":\"https:\\\/\\\/iwell-guard.com\\\/fi\\\/namarrkon-kunwinjkujen-salamamies\\\/\",\"url\":\"https:\\\/\\\/iwell-guard.com\\\/fi\\\/namarrkon-kunwinjkujen-salamamies\\\/\",\"name\":\"Namarrkon \u2013 aboriginaalinen salamahenki, myytti ja l\u00e4hteet\",\"isPartOf\":{\"@id\":\"https:\\\/\\\/iwell-guard.com\\\/fi\\\/#website\"},\"primaryImageOfPage\":{\"@id\":\"https:\\\/\\\/iwell-guard.com\\\/fi\\\/namarrkon-kunwinjkujen-salamamies\\\/#primaryimage\"},\"image\":{\"@id\":\"https:\\\/\\\/iwell-guard.com\\\/fi\\\/namarrkon-kunwinjkujen-salamamies\\\/#primaryimage\"},\"thumbnailUrl\":\"https:\\\/\\\/iwell-guard.com\\\/wp-content\\\/uploads\\\/2026\\\/05\\\/goetter_aboriginal_namarrkon.webp\",\"datePublished\":\"2026-09-03T12:33:22+00:00\",\"dateModified\":\"2026-09-03T12:54:00+00:00\",\"description\":\"Namarrkon on L\u00e4nsi-Arnhemin maan kunwinjku-aboriginaalien salamamies. Uskontotieteellinen tarkastelu myytin ja l\u00e4hteiden kanssa.\",\"breadcrumb\":{\"@id\":\"https:\\\/\\\/iwell-guard.com\\\/fi\\\/namarrkon-kunwinjkujen-salamamies\\\/#breadcrumb\"},\"inLanguage\":\"fi\",\"potentialAction\":[{\"@type\":\"ReadAction\",\"target\":[\"https:\\\/\\\/iwell-guard.com\\\/fi\\\/namarrkon-kunwinjkujen-salamamies\\\/\"]}]},{\"@type\":\"ImageObject\",\"inLanguage\":\"fi\",\"@id\":\"https:\\\/\\\/iwell-guard.com\\\/fi\\\/namarrkon-kunwinjkujen-salamamies\\\/#primaryimage\",\"url\":\"https:\\\/\\\/iwell-guard.com\\\/wp-content\\\/uploads\\\/2026\\\/05\\\/goetter_aboriginal_namarrkon.webp\",\"contentUrl\":\"https:\\\/\\\/iwell-guard.com\\\/wp-content\\\/uploads\\\/2026\\\/05\\\/goetter_aboriginal_namarrkon.webp\",\"width\":1024,\"height\":1536,\"caption\":\"Jumalia aboriginaaliperinteest\u00e4.\"},{\"@type\":\"BreadcrumbList\",\"@id\":\"https:\\\/\\\/iwell-guard.com\\\/fi\\\/namarrkon-kunwinjkujen-salamamies\\\/#breadcrumb\",\"itemListElement\":[{\"@type\":\"ListItem\",\"position\":1,\"name\":\"Start\",\"item\":\"https:\\\/\\\/iwell-guard.com\\\/fi\\\/?page_id=143815\"},{\"@type\":\"ListItem\",\"position\":2,\"name\":\"Namarrkon \u2013 kunwinjkujen salamamies\"}]},{\"@type\":\"WebSite\",\"@id\":\"https:\\\/\\\/iwell-guard.com\\\/fi\\\/#website\",\"url\":\"https:\\\/\\\/iwell-guard.com\\\/fi\\\/\",\"name\":\"iWell Guard\",\"description\":\"Schutz vor dunklen Einfl\u00fcssen\",\"publisher\":{\"@id\":\"https:\\\/\\\/iwell-guard.com\\\/fi\\\/#organization\"},\"potentialAction\":[{\"@type\":\"SearchAction\",\"target\":{\"@type\":\"EntryPoint\",\"urlTemplate\":\"https:\\\/\\\/iwell-guard.com\\\/fi\\\/?s={search_term_string}\"},\"query-input\":{\"@type\":\"PropertyValueSpecification\",\"valueRequired\":true,\"valueName\":\"search_term_string\"}}],\"inLanguage\":\"fi\"},{\"@type\":\"Organization\",\"@id\":\"https:\\\/\\\/iwell-guard.com\\\/fi\\\/#organization\",\"name\":\"Ittermann electronic GmbH\",\"url\":\"https:\\\/\\\/iwell-guard.com\\\/fi\\\/\",\"logo\":{\"@type\":\"ImageObject\",\"inLanguage\":\"fi\",\"@id\":\"https:\\\/\\\/iwell-guard.com\\\/fi\\\/#\\\/schema\\\/logo\\\/image\\\/\",\"url\":\"https:\\\/\\\/iwell-guard.com\\\/wp-content\\\/uploads\\\/2026\\\/05\\\/Ittermann-Logo-1182x237-1.png\",\"contentUrl\":\"https:\\\/\\\/iwell-guard.com\\\/wp-content\\\/uploads\\\/2026\\\/05\\\/Ittermann-Logo-1182x237-1.png\",\"width\":1182,\"height\":237,\"caption\":\"Ittermann electronic GmbH\"},\"image\":{\"@id\":\"https:\\\/\\\/iwell-guard.com\\\/fi\\\/#\\\/schema\\\/logo\\\/image\\\/\"},\"sameAs\":[\"https:\\\/\\\/pantip.com\\\/profile\\\/9367242\",\"https:\\\/\\\/micro.blog\\\/iwellguard\",\"https:\\\/\\\/www.diggerslist.com\\\/iwellguard\\\/about\",\"https:\\\/\\\/skitterphoto.com\\\/photographers\\\/2870314\\\/iwell-guard\",\"https:\\\/\\\/iwellguard.wordpress.com\\\/2026\\\/06\\\/06\\\/iwell-guard\\\/\",\"https:\\\/\\\/hub.docker.com\\\/u\\\/iwellguard\",\"https:\\\/\\\/www.pinterest.com\\\/iwellguard\\\/\",\"https:\\\/\\\/bit.ly\\\/m\\\/iwellguard\",\"https:\\\/\\\/entre-vos-mains.alsace.eu\\\/profiles\\\/iwellguard\\\/activity\",\"https:\\\/\\\/gravatar.com\\\/reallybeded8fd34\",\"https:\\\/\\\/naijamatta.com\\\/iwellguard\",\"https:\\\/\\\/www.goodreads.com\\\/iwellguard\",\"https:\\\/\\\/profile.hatena.ne.jp\\\/iwellguard\\\/\",\"https:\\\/\\\/experiment.com\\\/users\\\/iwellguard\",\"https:\\\/\\\/wakelet.com\\\/@iWellGuard82270\",\"https:\\\/\\\/www.chordie.com\\\/forum\\\/profile.php?id=2555664\",\"https:\\\/\\\/www.instapaper.com\\\/p\\\/17757966\",\"https:\\\/\\\/www.mapleprimes.com\\\/users\\\/iwellguard\",\"https:\\\/\\\/businesslistingplus.com\\\/profile\\\/iwell-guard\\\/\",\"https:\\\/\\\/telegra.ph\\\/iWell-Guard-06-06\",\"https:\\\/\\\/pbase.com\\\/iwellguard\\\/iwellguard\",\"https:\\\/\\\/b.hatena.ne.jp\\\/iwellguard\\\/20260607#bookmark-4788405196491818882\",\"https:\\\/\\\/fliphtml5.com\\\/home\\\/iwellguard\",\"https:\\\/\\\/anyflip.com\\\/homepage\\\/cmiwl#About\",\"https:\\\/\\\/transfur.com\\\/Users\\\/iwellguard\",\"http:\\\/\\\/delphi.larsbo.org\\\/user\\\/iwellguard\",\"https:\\\/\\\/jobs.lajobsportal.org\\\/profiles\\\/8380803-iwell-guard\",\"https:\\\/\\\/md.chaosdorf.de\\\/s\\\/jfbe5SBdJD\",\"https:\\\/\\\/www.lingvolive.com\\\/en-us\\\/profile\\\/9ecaeaca-ce11-4e51-9e71-01d55e2bff36\\\/translations\",\"https:\\\/\\\/www.fitday.com\\\/fitness\\\/forums\\\/members\\\/iwellguard.html\",\"https:\\\/\\\/www.mymeetbook.com\\\/iwellguard\",\"https:\\\/\\\/pxhere.com\\\/en\\\/photographer-me\\\/5040798\",\"https:\\\/\\\/disqus.com\\\/by\\\/iwellguard\\\/about\\\/\",\"https:\\\/\\\/pastelink.net\\\/hjwciqwq\",\"https:\\\/\\\/pubhtml5.com\\\/homepage\\\/scjhn\\\/\",\"https:\\\/\\\/www.bitchute.com\\\/channel\\\/2O2eOKzNqujT\",\"https:\\\/\\\/audiomack.com\\\/iwellguard\"]},{\"@type\":\"Article\",\"@id\":\"https:\\\/\\\/iwell-guard.com\\\/fi\\\/namarrkon-kunwinjkujen-salamamies\\\/#article\",\"isPartOf\":{\"@id\":\"https:\\\/\\\/iwell-guard.com\\\/fi\\\/namarrkon-kunwinjkujen-salamamies\\\/\"},\"author\":{\"name\":\"Ralf Ittermann\",\"@id\":\"https:\\\/\\\/iwell-guard.com\\\/fi\\\/#\\\/schema\\\/person\\\/ee2a27f1cac3406c7c6fb5820cb7349f\"},\"headline\":\"Namarrkon \u2013 kunwinjkujen salamamies\",\"datePublished\":\"2026-09-03T12:33:22+00:00\",\"dateModified\":\"2026-09-03T12:54:00+00:00\",\"mainEntityOfPage\":{\"@id\":\"https:\\\/\\\/iwell-guard.com\\\/fi\\\/namarrkon-kunwinjkujen-salamamies\\\/\"},\"publisher\":{\"@id\":\"https:\\\/\\\/iwell-guard.com\\\/fi\\\/#organization\"},\"image\":{\"@id\":\"https:\\\/\\\/iwell-guard.com\\\/fi\\\/namarrkon-kunwinjkujen-salamamies\\\/#primaryimage\"},\"thumbnailUrl\":\"https:\\\/\\\/iwell-guard.com\\\/wp-content\\\/uploads\\\/2026\\\/05\\\/goetter_aboriginal_namarrkon.webp\",\"inLanguage\":\"fi\",\"description\":\"Namarrkon on L\u00e4nsi-Arnhemin maan kunwinjku-aboriginaalien salamamies. Uskontotieteellinen tarkastelu myytin ja l\u00e4hteiden kanssa.\"}]}<\/script>\n<!-- \/ Yoast SEO Premium plugin. -->","yoast_head_json":{"title":"Namarrkon \u2013 aboriginaalinen salamahenki, myytti ja l\u00e4hteet","description":"Namarrkon on L\u00e4nsi-Arnhemin maan kunwinjku-aboriginaalien salamamies. Uskontotieteellinen tarkastelu myytin ja l\u00e4hteiden kanssa.","robots":{"index":"index","follow":"follow","max-snippet":"max-snippet:-1","max-image-preview":"max-image-preview:large","max-video-preview":"max-video-preview:-1"},"canonical":"https:\/\/iwell-guard.com\/fi\/namarrkon-kunwinjkujen-salamamies\/","og_locale":"fi_FI","og_type":"article","og_title":"Namarrkon \u2013 kunwinjkujen salamamies","og_description":"Namarrkon on L\u00e4nsi-Arnhemin maan kunwinjku-aboriginaalien salamamies. Uskontotieteellinen tarkastelu myytin ja l\u00e4hteiden kanssa.","og_url":"https:\/\/iwell-guard.com\/fi\/namarrkon-kunwinjkujen-salamamies\/","og_site_name":"iWell Guard","article_modified_time":"2026-09-03T12:54:00+00:00","og_image":[{"width":1024,"height":1536,"url":"https:\/\/iwell-guard.com\/wp-content\/uploads\/2026\/05\/goetter_aboriginal_namarrkon.webp","type":"image\/webp"}],"twitter_card":"summary_large_image","schema":{"@context":"https:\/\/schema.org","@graph":[{"@type":"Article","@id":"https:\/\/iwell-guard.com\/fi\/namarrkon-kunwinjkujen-salamamies\/#article","isPartOf":{"@id":"https:\/\/iwell-guard.com\/fi\/namarrkon-kunwinjkujen-salamamies\/"},"author":{"name":"Ralf Ittermann","@id":"https:\/\/iwell-guard.com\/fi\/#\/schema\/person\/ee2a27f1cac3406c7c6fb5820cb7349f"},"headline":"Namarrkon \u2013 kunwinjkujen salamamies","datePublished":"2026-09-03T12:33:22+00:00","dateModified":"2026-09-03T12:54:00+00:00","mainEntityOfPage":{"@id":"https:\/\/iwell-guard.com\/fi\/namarrkon-kunwinjkujen-salamamies\/"},"publisher":{"@id":"https:\/\/iwell-guard.com\/fi\/#organization"},"image":{"@id":"https:\/\/iwell-guard.com\/fi\/namarrkon-kunwinjkujen-salamamies\/#primaryimage"},"thumbnailUrl":"https:\/\/iwell-guard.com\/wp-content\/uploads\/2026\/05\/goetter_aboriginal_namarrkon.webp","inLanguage":"fi","description":"Namarrkon on L\u00e4nsi-Arnhemin maan kunwinjku-aboriginaalien salamamies. Uskontotieteellinen tarkastelu myytin ja l\u00e4hteiden kanssa."},{"@type":"WebPage","@id":"https:\/\/iwell-guard.com\/fi\/namarrkon-kunwinjkujen-salamamies\/","url":"https:\/\/iwell-guard.com\/fi\/namarrkon-kunwinjkujen-salamamies\/","name":"Namarrkon \u2013 aboriginaalinen salamahenki, myytti ja l\u00e4hteet","isPartOf":{"@id":"https:\/\/iwell-guard.com\/fi\/#website"},"primaryImageOfPage":{"@id":"https:\/\/iwell-guard.com\/fi\/namarrkon-kunwinjkujen-salamamies\/#primaryimage"},"image":{"@id":"https:\/\/iwell-guard.com\/fi\/namarrkon-kunwinjkujen-salamamies\/#primaryimage"},"thumbnailUrl":"https:\/\/iwell-guard.com\/wp-content\/uploads\/2026\/05\/goetter_aboriginal_namarrkon.webp","datePublished":"2026-09-03T12:33:22+00:00","dateModified":"2026-09-03T12:54:00+00:00","description":"Namarrkon on L\u00e4nsi-Arnhemin maan kunwinjku-aboriginaalien salamamies. Uskontotieteellinen tarkastelu myytin ja l\u00e4hteiden kanssa.","breadcrumb":{"@id":"https:\/\/iwell-guard.com\/fi\/namarrkon-kunwinjkujen-salamamies\/#breadcrumb"},"inLanguage":"fi","potentialAction":[{"@type":"ReadAction","target":["https:\/\/iwell-guard.com\/fi\/namarrkon-kunwinjkujen-salamamies\/"]}]},{"@type":"ImageObject","inLanguage":"fi","@id":"https:\/\/iwell-guard.com\/fi\/namarrkon-kunwinjkujen-salamamies\/#primaryimage","url":"https:\/\/iwell-guard.com\/wp-content\/uploads\/2026\/05\/goetter_aboriginal_namarrkon.webp","contentUrl":"https:\/\/iwell-guard.com\/wp-content\/uploads\/2026\/05\/goetter_aboriginal_namarrkon.webp","width":1024,"height":1536,"caption":"Jumalia aboriginaaliperinteest\u00e4."},{"@type":"BreadcrumbList","@id":"https:\/\/iwell-guard.com\/fi\/namarrkon-kunwinjkujen-salamamies\/#breadcrumb","itemListElement":[{"@type":"ListItem","position":1,"name":"Start","item":"https:\/\/iwell-guard.com\/fi\/?page_id=143815"},{"@type":"ListItem","position":2,"name":"Namarrkon \u2013 kunwinjkujen salamamies"}]},{"@type":"WebSite","@id":"https:\/\/iwell-guard.com\/fi\/#website","url":"https:\/\/iwell-guard.com\/fi\/","name":"iWell Guard","description":"Schutz vor dunklen Einfl\u00fcssen","publisher":{"@id":"https:\/\/iwell-guard.com\/fi\/#organization"},"potentialAction":[{"@type":"SearchAction","target":{"@type":"EntryPoint","urlTemplate":"https:\/\/iwell-guard.com\/fi\/?s={search_term_string}"},"query-input":{"@type":"PropertyValueSpecification","valueRequired":true,"valueName":"search_term_string"}}],"inLanguage":"fi"},{"@type":"Organization","@id":"https:\/\/iwell-guard.com\/fi\/#organization","name":"Ittermann electronic GmbH","url":"https:\/\/iwell-guard.com\/fi\/","logo":{"@type":"ImageObject","inLanguage":"fi","@id":"https:\/\/iwell-guard.com\/fi\/#\/schema\/logo\/image\/","url":"https:\/\/iwell-guard.com\/wp-content\/uploads\/2026\/05\/Ittermann-Logo-1182x237-1.png","contentUrl":"https:\/\/iwell-guard.com\/wp-content\/uploads\/2026\/05\/Ittermann-Logo-1182x237-1.png","width":1182,"height":237,"caption":"Ittermann electronic GmbH"},"image":{"@id":"https:\/\/iwell-guard.com\/fi\/#\/schema\/logo\/image\/"},"sameAs":["https:\/\/pantip.com\/profile\/9367242","https:\/\/micro.blog\/iwellguard","https:\/\/www.diggerslist.com\/iwellguard\/about","https:\/\/skitterphoto.com\/photographers\/2870314\/iwell-guard","https:\/\/iwellguard.wordpress.com\/2026\/06\/06\/iwell-guard\/","https:\/\/hub.docker.com\/u\/iwellguard","https:\/\/www.pinterest.com\/iwellguard\/","https:\/\/bit.ly\/m\/iwellguard","https:\/\/entre-vos-mains.alsace.eu\/profiles\/iwellguard\/activity","https:\/\/gravatar.com\/reallybeded8fd34","https:\/\/naijamatta.com\/iwellguard","https:\/\/www.goodreads.com\/iwellguard","https:\/\/profile.hatena.ne.jp\/iwellguard\/","https:\/\/experiment.com\/users\/iwellguard","https:\/\/wakelet.com\/@iWellGuard82270","https:\/\/www.chordie.com\/forum\/profile.php?id=2555664","https:\/\/www.instapaper.com\/p\/17757966","https:\/\/www.mapleprimes.com\/users\/iwellguard","https:\/\/businesslistingplus.com\/profile\/iwell-guard\/","https:\/\/telegra.ph\/iWell-Guard-06-06","https:\/\/pbase.com\/iwellguard\/iwellguard","https:\/\/b.hatena.ne.jp\/iwellguard\/20260607#bookmark-4788405196491818882","https:\/\/fliphtml5.com\/home\/iwellguard","https:\/\/anyflip.com\/homepage\/cmiwl#About","https:\/\/transfur.com\/Users\/iwellguard","http:\/\/delphi.larsbo.org\/user\/iwellguard","https:\/\/jobs.lajobsportal.org\/profiles\/8380803-iwell-guard","https:\/\/md.chaosdorf.de\/s\/jfbe5SBdJD","https:\/\/www.lingvolive.com\/en-us\/profile\/9ecaeaca-ce11-4e51-9e71-01d55e2bff36\/translations","https:\/\/www.fitday.com\/fitness\/forums\/members\/iwellguard.html","https:\/\/www.mymeetbook.com\/iwellguard","https:\/\/pxhere.com\/en\/photographer-me\/5040798","https:\/\/disqus.com\/by\/iwellguard\/about\/","https:\/\/pastelink.net\/hjwciqwq","https:\/\/pubhtml5.com\/homepage\/scjhn\/","https:\/\/www.bitchute.com\/channel\/2O2eOKzNqujT","https:\/\/audiomack.com\/iwellguard"]},{"@type":"Person","@id":"https:\/\/iwell-guard.com\/fi\/#\/schema\/person\/ee2a27f1cac3406c7c6fb5820cb7349f","name":"Ralf Ittermann","image":{"@type":"ImageObject","inLanguage":"fi","@id":"https:\/\/secure.gravatar.com\/avatar\/073c0153e350a5005b68eb752b445fea71f6b24a26da9449ad7e155e6b446c9d?s=96&d=mm&r=g","url":"https:\/\/secure.gravatar.com\/avatar\/073c0153e350a5005b68eb752b445fea71f6b24a26da9449ad7e155e6b446c9d?s=96&d=mm&r=g","contentUrl":"https:\/\/secure.gravatar.com\/avatar\/073c0153e350a5005b68eb752b445fea71f6b24a26da9449ad7e155e6b446c9d?s=96&d=mm&r=g","caption":"Ralf Ittermann"},"givenName":"Ralf","familyName":"Ittermann","jobTitle":"Gesch\u00e4ftsf\u00fchrer und redaktioneller Verantwortlicher","url":"https:\/\/iwell-guard.com\/fi\/author\/claude\/","description":"Ralf Ittermann ist Gesch\u00e4ftsf\u00fchrer der Ittermann electronic GmbH und redaktioneller Verantwortlicher des iWell-Guard-Lexikons. Er verbindet langj\u00e4hrige Erfahrung in der Pr\u00e4zisionsfertigung mit medialer Praxis und religionsgeschichtlicher Quellenarbeit.","worksFor":{"@type":"Organization","name":"Ittermann electronic GmbH","url":"https:\/\/ittermann.de\/","address":{"@type":"PostalAddress","streetAddress":"K\u00f6hlergasse 16-18","postalCode":"99842","addressLocality":"Ruhla","addressCountry":"DE"}},"knowsAbout":["Religionsgeschichte","Mythologie","Mediale Praxis","Energetische Diagnostik","Schutzpraxis","Volksglauben","Westliche Esoterik"]},{"@type":"Article","@id":"https:\/\/iwell-guard.com\/fi\/namarrkon-kunwinjkujen-salamamies\/#article","isPartOf":{"@id":"https:\/\/iwell-guard.com\/fi\/namarrkon-kunwinjkujen-salamamies\/"},"author":{"name":"Ralf Ittermann","@id":"https:\/\/iwell-guard.com\/fi\/#\/schema\/person\/ee2a27f1cac3406c7c6fb5820cb7349f"},"headline":"Namarrkon \u2013 kunwinjkujen salamamies","datePublished":"2026-09-03T12:33:22+00:00","dateModified":"2026-09-03T12:54:00+00:00","mainEntityOfPage":{"@id":"https:\/\/iwell-guard.com\/fi\/namarrkon-kunwinjkujen-salamamies\/"},"publisher":{"@id":"https:\/\/iwell-guard.com\/fi\/#organization"},"image":{"@id":"https:\/\/iwell-guard.com\/fi\/namarrkon-kunwinjkujen-salamamies\/#primaryimage"},"thumbnailUrl":"https:\/\/iwell-guard.com\/wp-content\/uploads\/2026\/05\/goetter_aboriginal_namarrkon.webp","inLanguage":"fi","description":"Namarrkon on L\u00e4nsi-Arnhemin maan kunwinjku-aboriginaalien salamamies. Uskontotieteellinen tarkastelu myytin ja l\u00e4hteiden kanssa."}]}},"_links":{"self":[{"href":"https:\/\/iwell-guard.com\/fi\/wp-json\/wp\/v2\/pages\/144233","targetHints":{"allow":["GET"]}}],"collection":[{"href":"https:\/\/iwell-guard.com\/fi\/wp-json\/wp\/v2\/pages"}],"about":[{"href":"https:\/\/iwell-guard.com\/fi\/wp-json\/wp\/v2\/types\/page"}],"author":[{"embeddable":true,"href":"https:\/\/iwell-guard.com\/fi\/wp-json\/wp\/v2\/users\/3"}],"replies":[{"embeddable":true,"href":"https:\/\/iwell-guard.com\/fi\/wp-json\/wp\/v2\/comments?post=144233"}],"version-history":[{"count":0,"href":"https:\/\/iwell-guard.com\/fi\/wp-json\/wp\/v2\/pages\/144233\/revisions"}],"wp:featuredmedia":[{"embeddable":true,"href":"https:\/\/iwell-guard.com\/fi\/wp-json\/wp\/v2\/media\/2874"}],"wp:attachment":[{"href":"https:\/\/iwell-guard.com\/fi\/wp-json\/wp\/v2\/media?parent=144233"}],"wp:term":[{"taxonomy":"category","embeddable":true,"href":"https:\/\/iwell-guard.com\/fi\/wp-json\/wp\/v2\/categories?post=144233"}],"curies":[{"name":"wp","href":"https:\/\/api.w.org\/{rel}","templated":true}]}}