{"id":144225,"date":"2026-09-03T12:33:16","date_gmt":"2026-09-03T12:33:16","guid":{"rendered":"https:\/\/iwell-guard.com\/?page_id=144225"},"modified":"2026-09-03T12:53:49","modified_gmt":"2026-09-03T12:53:49","slug":"wandjina-kimberleyn-pilvi-ja-sadeolennot","status":"publish","type":"page","link":"https:\/\/iwell-guard.com\/fi\/wandjina-kimberleyn-pilvi-ja-sadeolennot\/","title":{"rendered":"Wandjina \u2013 Kimberleyn pilvi- ja sadeolennot"},"content":{"rendered":"\t\t<div data-elementor-type=\"wp-page\" data-elementor-id=\"144225\" class=\"elementor elementor-144225 elementor-2645 elementor-bc-flex-widget\" data-elementor-post-type=\"page\">\n\t\t\t\t<div class=\"elementor-element elementor-element-iwgw-wandjina-hero e-flex e-con-boxed e-con e-parent\" data-id=\"iwgw-wandjina-hero\" data-element_type=\"container\" data-e-type=\"container\" data-settings=\"{&quot;background_background&quot;:&quot;classic&quot;}\">\n\t\t\t\t\t<div class=\"e-con-inner\">\n\t\t<div class=\"elementor-element elementor-element-iwgw-wandjina-hl e-flex e-con-boxed e-con e-child\" data-id=\"iwgw-wandjina-hl\" data-element_type=\"container\" data-e-type=\"container\">\n\t\t\t\t\t<div class=\"e-con-inner\">\n\t\t<div class=\"elementor-element elementor-element-iwgw-wandjina-htxt e-con-full e-flex e-con e-child\" data-id=\"iwgw-wandjina-htxt\" data-element_type=\"container\" data-e-type=\"container\">\n\t\t\t\t<div class=\"elementor-element elementor-element-iwgw-wandjina-h1 elementor-widget elementor-widget-heading\" data-id=\"iwgw-wandjina-h1\" data-element_type=\"widget\" data-e-type=\"widget\" data-widget_type=\"heading.default\">\n\t\t\t\t\t<h1 class=\"elementor-heading-title elementor-size-default\">Wandjina, Worora-, Ngarinyin- ja Wunambal-kansojen pilviolennot Kimberleyn alueella<\/h1>\t\t\t\t<\/div>\n\t\t\t\t<div class=\"elementor-element elementor-element-iwgw-wandjina-lead elementor-widget elementor-widget-text-editor\" data-id=\"iwgw-wandjina-lead\" data-element_type=\"widget\" data-e-type=\"widget\" data-widget_type=\"text-editor.default\">\n\t\t\t\t\t\t\t\t\t<p>Wandjina ovat Worora-, Ngarinyin- ja Wunambal-aboriginaalien t\u00e4rkeimm\u00e4t luomisolennot Kimberleyn alueella Luoteis-Australiassa. Ne ovat pilvi- ja sadeolentoja, jotka muodostivat maiseman ja antoivat nykyiset heimolait.<\/p>\t\t\t\t\t\t\t\t<\/div>\n\t\t\t\t<\/div>\n\t\t<div class=\"elementor-element elementor-element-iwgw-wandjina-pillc e-con-full e-flex e-con e-child\" data-id=\"iwgw-wandjina-pillc\" data-element_type=\"container\" data-e-type=\"container\">\n\t\t\t\t<div class=\"elementor-element elementor-element-iwgw-wandjina-pills elementor-widget elementor-widget-html\" data-id=\"iwgw-wandjina-pills\" data-element_type=\"widget\" data-e-type=\"widget\" data-widget_type=\"html.default\">\n\t\t\t\t\t<div class=\"iwg-pill-row\"><span class=\"iwg-klasse-badge\" tabindex=\"0\" data-tooltip=\"Aboriginaalisen perinteen luoja.\">Luoja<\/span><a href=\"https:\/\/iwell-guard.com\/fi\/australian-aboriginaalit-dreamtime-tjukurpa\/\" class=\"iwg-kultur-badge\" tabindex=\"0\" data-tooltip=\"Aboriginaalisen perinteen mytologia.\">Aboriginaalinen<\/a><span class=\"iwg-tradition-badge\" tabindex=\"0\" data-tooltip=\"Pilvi- ja sadeolennot.\">Pilvi- ja sadeolennot<\/span><\/div>\t\t\t\t<\/div>\n\t\t\t\t<\/div>\n\t\t<div class=\"elementor-element elementor-element-iwgw-wandjina-tocc e-con-full e-flex e-con e-child\" data-id=\"iwgw-wandjina-tocc\" data-element_type=\"container\" data-e-type=\"container\">\n\t\t\t\t<div class=\"elementor-element elementor-element-iwgw-wandjina-toc elementor-toc--minimized-on-tablet elementor-widget elementor-widget-table-of-contents\" data-id=\"iwgw-wandjina-toc\" data-element_type=\"widget\" data-e-type=\"widget\" data-settings=\"{&quot;headings_by_tags&quot;:[&quot;h2&quot;,&quot;h3&quot;],&quot;minimize_box&quot;:&quot;yes&quot;,&quot;marker_view&quot;:&quot;bullets&quot;,&quot;no_headings_message&quot;:&quot;T\\u00e4lt\\u00e4 sivulta ei l\\u00f6ytynyt otsikoita.&quot;,&quot;exclude_headings_by_selector&quot;:[],&quot;icon&quot;:{&quot;value&quot;:&quot;fas fa-circle&quot;,&quot;library&quot;:&quot;fa-solid&quot;,&quot;rendered_tag&quot;:&quot;&lt;svg class=\\&quot;e-font-icon-svg e-fas-circle\\&quot; viewBox=\\&quot;0 0 512 512\\&quot; xmlns=\\&quot;http:\\\/\\\/www.w3.org\\\/2000\\\/svg\\&quot;&gt;&lt;path d=\\&quot;M256 8C119 8 8 119 8 256s111 248 248 248 248-111 248-248S393 8 256 8z\\&quot;&gt;&lt;\\\/path&gt;&lt;\\\/svg&gt;&quot;},&quot;minimized_on&quot;:&quot;tablet&quot;,&quot;hierarchical_view&quot;:&quot;yes&quot;,&quot;min_height&quot;:{&quot;unit&quot;:&quot;px&quot;,&quot;size&quot;:&quot;&quot;,&quot;sizes&quot;:[]},&quot;min_height_tablet&quot;:{&quot;unit&quot;:&quot;px&quot;,&quot;size&quot;:&quot;&quot;,&quot;sizes&quot;:[]},&quot;min_height_mobile&quot;:{&quot;unit&quot;:&quot;px&quot;,&quot;size&quot;:&quot;&quot;,&quot;sizes&quot;:[]}}\" data-widget_type=\"table-of-contents.default\">\n\t\t\t\t\t\t\t\t\t<div class=\"elementor-toc__header\">\n\t\t\t\t\t\t<h2 class=\"elementor-toc__header-title\">\n\t\t\t\tSis\u00e4llysluettelo\t\t\t<\/h2>\n\t\t\t\t\t\t\t\t\t\t<div class=\"elementor-toc__toggle-button elementor-toc__toggle-button--expand\" role=\"button\" tabindex=\"0\" aria-controls=\"elementor-toc__iwgw-wandjina-toc\" aria-expanded=\"true\" aria-label=\"Open table of contents\"><svg aria-hidden=\"true\" class=\"e-font-icon-svg e-fas-chevron-down\" viewBox=\"0 0 448 512\" xmlns=\"http:\/\/www.w3.org\/2000\/svg\"><path d=\"M207.029 381.476L12.686 187.132c-9.373-9.373-9.373-24.569 0-33.941l22.667-22.667c9.357-9.357 24.522-9.375 33.901-.04L224 284.505l154.745-154.021c9.379-9.335 24.544-9.317 33.901.04l22.667 22.667c9.373 9.373 9.373 24.569 0 33.941L240.971 381.476c-9.373 9.372-24.569 9.372-33.942 0z\"><\/path><\/svg><\/div>\n\t\t\t\t<div class=\"elementor-toc__toggle-button elementor-toc__toggle-button--collapse\" role=\"button\" tabindex=\"0\" aria-controls=\"elementor-toc__iwgw-wandjina-toc\" aria-expanded=\"true\" aria-label=\"Close table of contents\"><svg aria-hidden=\"true\" class=\"e-font-icon-svg e-fas-chevron-up\" viewBox=\"0 0 448 512\" xmlns=\"http:\/\/www.w3.org\/2000\/svg\"><path d=\"M240.971 130.524l194.343 194.343c9.373 9.373 9.373 24.569 0 33.941l-22.667 22.667c-9.357 9.357-24.522 9.375-33.901.04L224 227.495 69.255 381.516c-9.379 9.335-24.544 9.317-33.901-.04l-22.667-22.667c-9.373-9.373-9.373-24.569 0-33.941L207.03 130.525c9.372-9.373 24.568-9.373 33.941-.001z\"><\/path><\/svg><\/div>\n\t\t\t\t\t<\/div>\n\t\t\t\t<div id=\"elementor-toc__iwgw-wandjina-toc\" class=\"elementor-toc__body\">\n\t\t\t<div class=\"elementor-toc__spinner-container\">\n\t\t\t\t<svg class=\"elementor-toc__spinner eicon-animation-spin e-font-icon-svg e-eicon-loading\" aria-hidden=\"true\" viewBox=\"0 0 1000 1000\" xmlns=\"http:\/\/www.w3.org\/2000\/svg\"><path d=\"M500 975V858C696 858 858 696 858 500S696 142 500 142 142 304 142 500H25C25 237 238 25 500 25S975 237 975 500 763 975 500 975Z\"><\/path><\/svg>\t\t\t<\/div>\n\t\t<\/div>\n\t\t\t\t\t\t<\/div>\n\t\t\t\t<\/div>\n\t\t\t\t\t<\/div>\n\t\t\t\t<\/div>\n\t\t<div class=\"elementor-element elementor-element-iwgw-wandjina-hr e-con-full e-flex e-con e-child\" data-id=\"iwgw-wandjina-hr\" data-element_type=\"container\" data-e-type=\"container\">\n\t\t\t\t<div class=\"elementor-element elementor-element-iwgw-wandjina-heroimg iwg-hero-image elementor-widget elementor-widget-image\" data-id=\"iwgw-wandjina-heroimg\" data-element_type=\"widget\" data-e-type=\"widget\" data-widget_type=\"image.default\">\n\t\t\t\t\t\t\t\t\t\t\t\t\t\t\t<img fetchpriority=\"high\" decoding=\"async\" width=\"683\" height=\"1024\" src=\"https:\/\/iwell-guard.com\/wp-content\/uploads\/2026\/05\/goetter_aboriginal_wandjina-683x1024.webp\" class=\"attachment-large size-large wp-image-148769\" alt=\"Wandjina \u2013 jumalia aboriginaaliperinteest\u00e4, historiallis-kuvitteellinen esitys\" srcset=\"https:\/\/iwell-guard.com\/wp-content\/uploads\/2026\/05\/goetter_aboriginal_wandjina-683x1024.webp 683w, https:\/\/iwell-guard.com\/wp-content\/uploads\/2026\/05\/goetter_aboriginal_wandjina-200x300.webp 200w, https:\/\/iwell-guard.com\/wp-content\/uploads\/2026\/05\/goetter_aboriginal_wandjina-768x1152.webp 768w, https:\/\/iwell-guard.com\/wp-content\/uploads\/2026\/05\/goetter_aboriginal_wandjina.webp 1024w\" sizes=\"(max-width: 683px) 100vw, 683px\" \/>\t\t\t\t\t\t\t\t\t\t\t\t\t\t\t<\/div>\n\t\t\t\t<\/div>\n\t\t\t\t\t<\/div>\n\t\t\t\t<\/div>\n\t\t<div class=\"elementor-element elementor-element-iwgw-wandjina-s0 e-flex e-con-boxed e-con e-parent\" data-id=\"iwgw-wandjina-s0\" data-element_type=\"container\" data-e-type=\"container\">\n\t\t\t\t\t<div class=\"e-con-inner\">\n\t\t\t\t<div class=\"elementor-element elementor-element-iwgw-wandjina-s0h elementor-widget elementor-widget-heading\" data-id=\"iwgw-wandjina-s0h\" data-element_type=\"widget\" data-e-type=\"widget\" data-widget_type=\"heading.default\">\n\t\t\t\t\t<h2 class=\"elementor-heading-title elementor-size-default\">Tarkastelu ja lyhyt profiili<\/h2>\t\t\t\t<\/div>\n\t\t<div class=\"elementor-element elementor-element-iwgw-wandjina-s0c e-con-full e-flex e-con e-child\" data-id=\"iwgw-wandjina-s0c\" data-element_type=\"container\" data-e-type=\"container\">\n\t\t\t\t<div class=\"elementor-element elementor-element-iwgw-wandjina-s0t elementor-widget elementor-widget-text-editor\" data-id=\"iwgw-wandjina-s0t\" data-element_type=\"widget\" data-e-type=\"widget\" data-widget_type=\"text-editor.default\">\n\t\t\t\t\t\t\t\t\t<p>Wandjina (my\u00f6s <em>Wanjina<\/em>, <em>Wondjina<\/em>) ovat aboriginaalien uskontojen yhteisi\u00e4 luomisolentoja Kimberleyn alueella Luoteis-Australiassa. Kolme kieliryhm\u00e4\u00e4, Worora, Ngarinyin ja Wunambal, jakavat Wandjina-kokonaisuuden; yhdess\u00e4 ne omistavat kalliomaalaukset, joita on s\u00e4ilynyt tuhansittain Kimberleyn rotkoissa.<\/p><p>Wandjina ovat pilvi- ja sadeolentoja, jotka vaelsivat maan halki ja muodostivat sen myyttisen\u00e4 <em>Lalai<\/em>-aikana (Kimberleyn alueen versio <em>Dreaming<\/em>-k\u00e4sitteest\u00e4). Toisin kuin <a href=\"https:\/\/iwell-guard.com\/fi\/?page_id=144224\">Rainbow Serpent<\/a>, joka esiintyy yksitt\u00e4isen\u00e4 hahmona, Wandjina on joukko olentoja, joilla on omat nimens\u00e4 ja heimosidonnaisuutensa.<\/p><p><a href=\"https:\/\/iwell-guard.com\/fi\/australian-aboriginaalit-dreamtime-tjukurpa\/\">Aboriginaaliperinteen<\/a> sis\u00e4ll\u00e4 Wandjina tunnetaan erityisesti kuvastonsa erikoislaatuisuudesta: niit\u00e4 kuvataan suurin silmin, vailla suuta, ja pyhimyksen s\u00e4dekeh\u00e4\u00e4 muistuttavalla p\u00e4\u00e4hineell\u00e4. T\u00e4m\u00e4 kuvastomuoto on ainutlaatuinen aboriginaalitaiteessa.<\/p>\t\t\t\t\t\t\t\t<\/div>\n\t\t\t\t<\/div>\n\t\t\t\t\t<\/div>\n\t\t\t\t<\/div>\n\t\t<div class=\"elementor-element elementor-element-iwgw-wandjina-s1 e-flex e-con-boxed e-con e-parent\" data-id=\"iwgw-wandjina-s1\" data-element_type=\"container\" data-e-type=\"container\">\n\t\t\t\t\t<div class=\"e-con-inner\">\n\t\t\t\t<div class=\"elementor-element elementor-element-iwgw-wandjina-s1h elementor-widget elementor-widget-heading\" data-id=\"iwgw-wandjina-s1h\" data-element_type=\"widget\" data-e-type=\"widget\" data-widget_type=\"heading.default\">\n\t\t\t\t\t<h2 class=\"elementor-heading-title elementor-size-default\">Nimi ja etymologia<\/h2>\t\t\t\t<\/div>\n\t\t<div class=\"elementor-element elementor-element-iwgw-wandjina-s1c e-con-full e-flex e-con e-child\" data-id=\"iwgw-wandjina-s1c\" data-element_type=\"container\" data-e-type=\"container\">\n\t\t\t\t<div class=\"elementor-element elementor-element-iwgw-wandjina-s1t elementor-widget elementor-widget-text-editor\" data-id=\"iwgw-wandjina-s1t\" data-element_type=\"widget\" data-e-type=\"widget\" data-widget_type=\"text-editor.default\">\n\t\t\t\t\t\t\t\t\t<p>Nimi <em>Wandjina<\/em> on s\u00e4ilynyt kaikissa kolmessa Kimberleyn kieless\u00e4 pienin \u00e4\u00e4nteellisin eroin. Yhten\u00e4inen etymologinen johdannaisuus on kiistanalainen; Ian Crawford esitti vuonna 1968 yhteyden verbiin, joka merkitsee \u201dilmesty\u00e4, n\u00e4ytt\u00e4yty\u00e4\u201d, mik\u00e4 sopii Wandjinan myyttiin aineelliseksi muuttuvina olentoina.<\/p><p>Muut tutkijat (Andreas Lommel, Helmut Petri) ovat yhdist\u00e4neet nimen k\u00e4sitteeseen \u201dyll\u00e4 valvova\u201d. Molemmat etymologiat ovat kielihistoriallisesti perusteltuja ja saattavat historiallisesti vaikuttaa yhdess\u00e4.<\/p><p>Vanhimmissa eurooppalaisissa l\u00e4hteiss\u00e4 (George Grey 1838, ensimm\u00e4inen eurooppalainen, joka dokumentoi Wandjina-kalliomaalauksia) nimi on virheellisesti kirjoitettu muotoon \u201dWonjina\u201d. T\u00e4m\u00e4 kirjoitusasu on s\u00e4ilynyt joissakin viktoriaanisen aikakauden teksteiss\u00e4, mutta on nyky\u00e4\u00e4n hyl\u00e4tty.<\/p>\t\t\t\t\t\t\t\t<\/div>\n\t\t\t\t<\/div>\n\t\t\t\t\t<\/div>\n\t\t\t\t<\/div>\n\t\t<div class=\"elementor-element elementor-element-iwgw-wandjina-s2 e-flex e-con-boxed e-con e-parent\" data-id=\"iwgw-wandjina-s2\" data-element_type=\"container\" data-e-type=\"container\">\n\t\t\t\t\t<div class=\"e-con-inner\">\n\t\t\t\t<div class=\"elementor-element elementor-element-iwgw-wandjina-s2h elementor-widget elementor-widget-heading\" data-id=\"iwgw-wandjina-s2h\" data-element_type=\"widget\" data-e-type=\"widget\" data-widget_type=\"heading.default\">\n\t\t\t\t\t<h2 class=\"elementor-heading-title elementor-size-default\">Kuvaus ja ikonografia<\/h2>\t\t\t\t<\/div>\n\t\t<div class=\"elementor-element elementor-element-iwgw-wandjina-s2c e-con-full e-flex e-con e-child\" data-id=\"iwgw-wandjina-s2c\" data-element_type=\"container\" data-e-type=\"container\">\n\t\t\t\t<div class=\"elementor-element elementor-element-iwgw-wandjina-s2t elementor-widget elementor-widget-text-editor\" data-id=\"iwgw-wandjina-s2t\" data-element_type=\"widget\" data-e-type=\"widget\" data-widget_type=\"text-editor.default\">\n\t\t\t\t\t\t\t\t\t<p>Wandjina-kuvasto on yksi aboriginaalitaiteen erottuvimmista. Sille on tunnusomaista: suuret, tummat silm\u00e4t vailla pupilleja; leve\u00e4 nen\u00e4; suun puuttuminen (selityksen\u00e4 on, ett\u00e4 Wandjinan suu hukuttaisi maailman tulvaan); pyhimyksen s\u00e4dekeh\u00e4\u00e4 muistuttava p\u00e4\u00e4hine, joka kuvaa sadepilvi\u00e4 ja salamoita; usein laaja punaisen, keltaisen ja valkoisen v\u00e4rin maalaus koko vartaloon.<\/p><p>T\u00e4m\u00e4 kuvasto on todistettu Kimberleyn kalliomaalauksissa v\u00e4hint\u00e4\u00e4n 4000 vuoden ajalta; se syntyi ajallisesti vanhempien, \u201dGwion-Gwion\u201d-nimisten ohuiden hahmojen j\u00e4lkeen. Ian Crawford k\u00e4sitteli kuvaston kronologiaa j\u00e4rjestelm\u00e4llisesti teoksessaan <em>The Art of the Wandjina<\/em> (Oxford 1968).<\/p><p>Nykyisess\u00e4 aboriginaalitaiteessa kolme mainittua heimoryhm\u00e4\u00e4 jatkavat Wandjinan maalaamista akryylill\u00e4, kaarnalle ja paperille. Mowanjumin taiteilijayhdistys Derbyss\u00e4 (perustettu 1973) on yksi t\u00e4m\u00e4n perinteen t\u00e4rkeimmist\u00e4 keskuksista.<\/p>\t\t\t\t\t\t\t\t<\/div>\n\t\t\t\t<\/div>\n\t\t\t\t\t<\/div>\n\t\t\t\t<\/div>\n\t\t<div class=\"elementor-element elementor-element-iwgw-wandjina-s3 e-flex e-con-boxed e-con e-parent\" data-id=\"iwgw-wandjina-s3\" data-element_type=\"container\" data-e-type=\"container\">\n\t\t\t\t\t<div class=\"e-con-inner\">\n\t\t\t\t<div class=\"elementor-element elementor-element-iwgw-wandjina-s3h elementor-widget elementor-widget-heading\" data-id=\"iwgw-wandjina-s3h\" data-element_type=\"widget\" data-e-type=\"widget\" data-widget_type=\"heading.default\">\n\t\t\t\t\t<h2 class=\"elementor-heading-title elementor-size-default\">Myyttiset kertomukset<\/h2>\t\t\t\t<\/div>\n\t\t<div class=\"elementor-element elementor-element-iwgw-wandjina-s3c e-con-full e-flex e-con e-child\" data-id=\"iwgw-wandjina-s3c\" data-element_type=\"container\" data-e-type=\"container\">\n\t\t\t\t<div class=\"elementor-element elementor-element-iwgw-wandjina-s3t elementor-widget elementor-widget-text-editor\" data-id=\"iwgw-wandjina-s3t\" data-element_type=\"widget\" data-e-type=\"widget\" data-widget_type=\"text-editor.default\">\n\t\t\t\t\t\t\t\t\t<p>T\u00e4rkein Wandjina-kertomus kertoo \u201dsuuresta tulvasta\u201d (<em>Galagari<\/em>) <em>Lalai<\/em>-aikana: Wandjinat saapuivat, maailma oli kaoottinen, ja ne j\u00e4rjestiv\u00e4t sen tulvillaan, muodostivat nykyisen topografian ja antoivat ihmisille heimolait.<\/p><p>Ty\u00f6n tehty\u00e4\u00e4n ne \u201dmaalasivat itsens\u00e4 kallioihin\u201d, eli muuttuivat nykyisiksi kalliomaalauksiksi.<\/p><p>Toinen kertomus kuvaa eri Wandjina-ryhmien v\u00e4list\u00e4 konfliktia, joka p\u00e4\u00e4ttyy kuivan kauden alkamiseen. T\u00e4m\u00e4 etiologinen <span class=\"iwg-fachbegriff\" data-tooltip=\"Perinteinen kertomus jumalista, alkuper\u00e4st\u00e4 ja maailman j\u00e4rjestyksest\u00e4.\" tabindex=\"0\">myytti<\/span> selitt\u00e4\u00e4 Kimberleyn ilmastoa: sateisen \u201dWet Season\u201d -kauden ja kuivan \u201dDry Season\u201d -kauden kosmisena vaihteluna.<\/p><p>Anthony Redmond esitti teoksessaan <em>Places that Move<\/em> (2005) erityisen tarkan tallennuksen useista Ngarinyin-perinteen Wandjina-kertomuksista. N\u00e4m\u00e4 tallennukset ovat menetelm\u00e4llinen esikuva nykyaikaisen aboriginaalitutkimuksen yhteisty\u00f6h\u00f6n perustuvalle etnografialle.<\/p>\t\t\t\t\t\t\t\t<\/div>\n\t\t\t\t<\/div>\n\t\t\t\t\t<\/div>\n\t\t\t\t<\/div>\n\t\t<div class=\"elementor-element elementor-element-iwgw-wandjina-s4 e-flex e-con-boxed e-con e-parent\" data-id=\"iwgw-wandjina-s4\" data-element_type=\"container\" data-e-type=\"container\">\n\t\t\t\t\t<div class=\"e-con-inner\">\n\t\t\t\t<div class=\"elementor-element elementor-element-iwgw-wandjina-s4h elementor-widget elementor-widget-heading\" data-id=\"iwgw-wandjina-s4h\" data-element_type=\"widget\" data-e-type=\"widget\" data-widget_type=\"heading.default\">\n\t\t\t\t\t<h2 class=\"elementor-heading-title elementor-size-default\">Kultti ja palvonta<\/h2>\t\t\t\t<\/div>\n\t\t<div class=\"elementor-element elementor-element-iwgw-wandjina-s4c e-con-full e-flex e-con e-child\" data-id=\"iwgw-wandjina-s4c\" data-element_type=\"container\" data-e-type=\"container\">\n\t\t\t\t<div class=\"elementor-element elementor-element-iwgw-wandjina-s4t elementor-widget elementor-widget-text-editor\" data-id=\"iwgw-wandjina-s4t\" data-element_type=\"widget\" data-e-type=\"widget\" data-widget_type=\"text-editor.default\">\n\t\t\t\t\t\t\t\t\t<p>Keskeinen rituaalinen k\u00e4yt\u00e4nt\u00f6 on Wandjina-kalliomaalausten vuosittainen uudistaminen (<em>repainting<\/em>). Ennen sadekautta Worora-, Ngarinyin- ja Wunambal-heimojen vanhimmat k\u00e4yv\u00e4t kalliomaalauspaikoilla ja maalaavat Wandjinat uudelleen uusin v\u00e4rein. T\u00e4m\u00e4 <span class=\"iwg-fachbegriff\" data-tooltip=\"S\u00e4\u00e4delty symbolisten toimintojen sarja, jolla on uskonnollinen tai kulttuurinen merkitys.\" tabindex=\"0\">rituaali<\/span> ei ole vain s\u00e4ilytt\u00e4mist\u00e4, vaan aktiivista uskonnollista uudistumista: Wandjinat pysyv\u00e4t uudelleenmaalauksen ansiosta \u201dvalveilla\u201d.<\/p><p>Rituaalinen vastuu tietyst\u00e4 Wandjina-kuvasta on perinn\u00f6llinen ja noudattaa monimutkaisia sukulaisuuss\u00e4\u00e4nt\u00f6j\u00e4. Se, joka kantaa vastuun, on my\u00f6s vastuussa alueesta, jossa t\u00e4m\u00e4 Wandjina-kuva sijaitsee, mik\u00e4 yhdist\u00e4\u00e4 suoraan rituaalioikeuden ja maaoikeuden.<\/p><p>1990-luvulla syntyi konflikti, kun ei-alkuper\u00e4iskansaan kuuluva taiteilija Vesna Tenodi asetti julkisesti n\u00e4ytteille Wandjinan kaltaisia hahmoja; Mowanjumin taiteilijat protestoivat, ja kiista p\u00e4\u00e4ttyi Australian oikeusistuimissa, opettavainen esimerkki alkuper\u00e4iskansojen kuvaoikeuksia koskevasta oikeudellisesta kiistasta.<\/p>\t\t\t\t\t\t\t\t<\/div>\n\t\t\t\t<\/div>\n\t\t\t\t\t<\/div>\n\t\t\t\t<\/div>\n\t\t<div class=\"elementor-element elementor-element-iwgw-wandjina-s5 e-flex e-con-boxed e-con e-parent\" data-id=\"iwgw-wandjina-s5\" data-element_type=\"container\" data-e-type=\"container\">\n\t\t\t\t\t<div class=\"e-con-inner\">\n\t\t\t\t<div class=\"elementor-element elementor-element-iwgw-wandjina-s5h elementor-widget elementor-widget-heading\" data-id=\"iwgw-wandjina-s5h\" data-element_type=\"widget\" data-e-type=\"widget\" data-widget_type=\"heading.default\">\n\t\t\t\t\t<h2 class=\"elementor-heading-title elementor-size-default\">Suojeluk\u00e4yt\u00e4nt\u00f6 ja apotropaiset piirteet<\/h2>\t\t\t\t<\/div>\n\t\t<div class=\"elementor-element elementor-element-iwgw-wandjina-s5c e-con-full e-flex e-con e-child\" data-id=\"iwgw-wandjina-s5c\" data-element_type=\"container\" data-e-type=\"container\">\n\t\t\t\t<div class=\"elementor-element elementor-element-iwgw-wandjina-s5t elementor-widget elementor-widget-text-editor\" data-id=\"iwgw-wandjina-s5t\" data-element_type=\"widget\" data-e-type=\"widget\" data-widget_type=\"text-editor.default\">\n\t\t\t\t\t\t\t\t\t<p>Uskontotieteellisesti kuvattuna Wandjina-kompleksin suojeluk\u00e4yt\u00e4nt\u00f6 t\u00e4ht\u00e4\u00e4 kalliokuva-alueiden s\u00e4ilytt\u00e4miseen ja niihin liittyvien k\u00e4ytt\u00e4ytymiss\u00e4\u00e4nt\u00f6jen noudattamiseen. Ulkopuoliset henkil\u00f6t eiv\u00e4t saa astua n\u00e4ille paikoille, kuvata niit\u00e4 eiv\u00e4tk\u00e4 koskea niihin. N\u00e4iden tabujen rikkomisen katsotaan perinteen sis\u00e4ll\u00e4 aiheuttavan myrskyj\u00e4, sairauksia ja sosiaalisia konflikteja.<\/p><p>Erityinen apotropaainen k\u00e4yt\u00e4nt\u00f6 on Wandjinan puoleen k\u00e4\u00e4ntyminen ennen sadekauden alkua: vanhimmat vierailevat paikoilla, puhuvat Wandjinoille ja &#8220;pyyt\u00e4v\u00e4t&#8221; niit\u00e4 l\u00e4hett\u00e4m\u00e4\u00e4n j\u00e4rjestynytt\u00e4 sadetta. T\u00e4m\u00e4 <span class=\"iwg-fachbegriff\" data-tooltip=\"Vakiintunut, toistuva uskonnollinen toimitus.\" tabindex=\"0\">riitti<\/span> on uskontotieteellisesti kuvattavissa k\u00e4yt\u00e4nt\u00f6n\u00e4, ilman ett\u00e4 sille annetaan vaikutuslupauksia.<\/p><p>Etnografisesta ulkopuolisesta n\u00e4k\u00f6kulmasta n\u00e4it\u00e4 k\u00e4yt\u00e4nt\u00f6j\u00e4 voidaan pit\u00e4\u00e4 arkea j\u00e4sent\u00e4vin\u00e4 s\u00e4\u00e4nt\u00f6in\u00e4, joissa ilmenee yhteis\u00f6llinen vastuu Country-k\u00e4sitteest\u00e4 (Deborah Bird Rosen merkityksess\u00e4).<\/p>\t\t\t\t\t\t\t\t<\/div>\n\t\t\t\t<\/div>\n\t\t\t\t\t<\/div>\n\t\t\t\t<\/div>\n\t\t<div class=\"elementor-element elementor-element-iwgw-wandjina-s6 e-flex e-con-boxed e-con e-parent\" data-id=\"iwgw-wandjina-s6\" data-element_type=\"container\" data-e-type=\"container\">\n\t\t\t\t\t<div class=\"e-con-inner\">\n\t\t\t\t<div class=\"elementor-element elementor-element-iwgw-wandjina-s6h elementor-widget elementor-widget-heading\" data-id=\"iwgw-wandjina-s6h\" data-element_type=\"widget\" data-e-type=\"widget\" data-widget_type=\"heading.default\">\n\t\t\t\t\t<h2 class=\"elementor-heading-title elementor-size-default\">Rinnakkaisilmi\u00f6t muissa kulttuureissa<\/h2>\t\t\t\t<\/div>\n\t\t<div class=\"elementor-element elementor-element-iwgw-wandjina-s6c e-con-full e-flex e-con e-child\" data-id=\"iwgw-wandjina-s6c\" data-element_type=\"container\" data-e-type=\"container\">\n\t\t\t\t<div class=\"elementor-element elementor-element-iwgw-wandjina-s6t elementor-widget elementor-widget-text-editor\" data-id=\"iwgw-wandjina-s6t\" data-element_type=\"widget\" data-e-type=\"widget\" data-widget_type=\"text-editor.default\">\n\t\t\t\t\t\t\t\t\t<p>Pilviin ja sateeseen liittyv\u00e4t luomisolennot ovat uskontofenomenologisesti laajasti todistettuja. Rakenteellisesti verrattavia ovat Tlaloc ja Chac Mesoamerikassa, Indra sadefunktiossaan Intiassa, Baal muinaissyyrialaisessa uskonnossa, T\u0101whirim\u0101tea Polynesiassa sek\u00e4 useat s\u00e4\u00e4nhallintaan liittyv\u00e4t Apu-henget Andeilla.<\/p><p>N\u00e4ist\u00e4 rinnastuksista huolimatta Wandjinat ovat uskontohistoriallisesti ainutlaatuisia kollektiivisen moninaisuutensa, ikonografisen omaper\u00e4isyytens\u00e4 (suun puuttuminen) ja t\u00e4ydellisen integraationsa erityiseen topografiseen k\u00e4yt\u00e4nt\u00f6\u00f6n ansiosta. Ne eiv\u00e4t ole &#8220;sadejumalia&#8221;, vaan pilviolentoja, jotka ovat samalla maa-alue ja s\u00e4\u00e4.<\/p><p>Uskontofenomenologisesti kiinnostava havainto on se, ett\u00e4 Wandjinan suunpuutteisuudella on selke\u00e4 mytologinen perustelu: suullinen Wandjina aiheuttaisi tulvan. T\u00e4llainen itseens\u00e4 viittaava kuva-<span class=\"iwg-fachbegriff\" data-tooltip=\"Tieteellinen oppi jumalasta ja uskonnon uskomuksista.\" tabindex=\"0\">teologia<\/span> on historiallisesti harvinaista.<\/p>\t\t\t\t\t\t\t\t<\/div>\n\t\t\t\t<\/div>\n\t\t\t\t\t<\/div>\n\t\t\t\t<\/div>\n\t\t<div class=\"elementor-element elementor-element-iwgw-wandjina-s7 e-flex e-con-boxed e-con e-parent\" data-id=\"iwgw-wandjina-s7\" data-element_type=\"container\" data-e-type=\"container\">\n\t\t\t\t\t<div class=\"e-con-inner\">\n\t\t\t\t<div class=\"elementor-element elementor-element-iwgw-wandjina-s7h elementor-widget elementor-widget-heading\" data-id=\"iwgw-wandjina-s7h\" data-element_type=\"widget\" data-e-type=\"widget\" data-widget_type=\"heading.default\">\n\t\t\t\t\t<h2 class=\"elementor-heading-title elementor-size-default\">Nykyinen tulkinta ja tutkimus<\/h2>\t\t\t\t<\/div>\n\t\t<div class=\"elementor-element elementor-element-iwgw-wandjina-s7c e-con-full e-flex e-con e-child\" data-id=\"iwgw-wandjina-s7c\" data-element_type=\"container\" data-e-type=\"container\">\n\t\t\t\t<div class=\"elementor-element elementor-element-iwgw-wandjina-s7t elementor-widget elementor-widget-text-editor\" data-id=\"iwgw-wandjina-s7t\" data-element_type=\"widget\" data-e-type=\"widget\" data-widget_type=\"text-editor.default\">\n\t\t\t\t\t\t\t\t\t<p>T\u00e4rkeimm\u00e4t varhaiset teokset ovat George Greyn matkakertomus (1841), Andreas Lommelin <em>Die Unambal<\/em> (1952), Helmut Petrin <em>Sterbende Welt in Nordwest-Australien<\/em> (1954) ja Ian Crawfordin <em>The Art of the Wandjina<\/em> (Oxford 1968). Anthony Redmondin nykyaikaiset ty\u00f6t t\u00e4ydent\u00e4v\u00e4t t\u00e4t\u00e4 vanhempaa perinnett\u00e4.<\/p><p>Wandjinat ovat nyky\u00e4\u00e4n kansainv\u00e4lisesti tunnettuja Mowanjum-taiteilijayhdistyksen ja Derbyss\u00e4 j\u00e4rjestett\u00e4v\u00e4n vuosittaisen Mowanjum-festivaalin ansiosta, joka tuo yhteen kolme heimoryhm\u00e4\u00e4. Tieteellisesti t\u00e4m\u00e4 yhdistys on kiinnostava, koska se yhdist\u00e4\u00e4 perinteisen k\u00e4yt\u00e4nn\u00f6n ja nykyaikaisen markkinoinnin menett\u00e4m\u00e4tt\u00e4 uskonnollista sis\u00e4lt\u00f6\u00e4.<\/p><p>T\u00e4rke\u00e4 nykyaikainen tutkimuslinja yhdist\u00e4\u00e4 Wandjina-perinteen maaoikeusprosesseihin Mabo-tuomion vuodesta 1992 alkaen. Wandjina-kalliokuvien uskonnollinen merkitys on t\u00e4ss\u00e4 muuttunut oikeudelliseksi argumentaatiohahmoksi.<\/p>\t\t\t\t\t\t\t\t<\/div>\n\t\t\t\t<\/div>\n\t\t\t\t\t<\/div>\n\t\t\t\t<\/div>\n\t\t<div class=\"elementor-element elementor-element-iwgw-wandjina-s8 e-flex e-con-boxed e-con e-parent\" data-id=\"iwgw-wandjina-s8\" data-element_type=\"container\" data-e-type=\"container\">\n\t\t\t\t\t<div class=\"e-con-inner\">\n\t\t\t\t<div class=\"elementor-element elementor-element-iwgw-wandjina-s8h elementor-widget elementor-widget-heading\" data-id=\"iwgw-wandjina-s8h\" data-element_type=\"widget\" data-e-type=\"widget\" data-widget_type=\"heading.default\">\n\t\t\t\t\t<h2 class=\"elementor-heading-title elementor-size-default\">Tutkimuskeskustelut ja avoimet kysymykset<\/h2>\t\t\t\t<\/div>\n\t\t<div class=\"elementor-element elementor-element-iwgw-wandjina-s8c e-con-full e-flex e-con e-child\" data-id=\"iwgw-wandjina-s8c\" data-element_type=\"container\" data-e-type=\"container\">\n\t\t\t\t<div class=\"elementor-element elementor-element-iwgw-wandjina-s8t elementor-widget elementor-widget-text-editor\" data-id=\"iwgw-wandjina-s8t\" data-element_type=\"widget\" data-e-type=\"widget\" data-widget_type=\"text-editor.default\">\n\t\t\t\t\t\t\t\t\t<p>Useat tutkimuskeskustelut kiertyv\u00e4t Wandjinojen ymp\u00e4rille. Ensinn\u00e4kin: millainen on Wandjinojen suhde vanhempiin Gwion-Gwion-kalliokuviin? Vanhempi teoria (Lommel) n\u00e4ki Gwion-Gwion-kuvissa edelt\u00e4j\u00e4perinteen; uudempi tutkimus (Crawford, Crocombe) on t\u00e4ss\u00e4 varovaisempaa.<\/p><p>Toiseksi: millaisia suhteita on Wandjinojen ja pan-aboriginaalisen Rainbow Serpent -perinteen v\u00e4lill\u00e4? Anthony Redmond ehdottaa osittaista integraatiota; Tony Swain varoittaa yleist\u00e4vist\u00e4 pan-aboriginaalisista hypoteeseista.<\/p><p>Kolmanneksi: miten Wandjina-perinne muuttuu globaalien taidemarkkinoiden vaikutuksesta? Howard Morphyn k\u00e4site &#8220;Becoming Art&#8221; on t\u00e4ss\u00e4 keskeinen teoreettinen viitepiste.<\/p>\t\t\t\t\t\t\t\t<\/div>\n\t\t\t\t<\/div>\n\t\t\t\t\t<\/div>\n\t\t\t\t<\/div>\n\t\t<div class=\"elementor-element elementor-element-iwgw-wandjina-s9 e-flex e-con-boxed e-con e-parent\" data-id=\"iwgw-wandjina-s9\" data-element_type=\"container\" data-e-type=\"container\">\n\t\t\t\t\t<div class=\"e-con-inner\">\n\t\t\t\t<div class=\"elementor-element elementor-element-iwgw-wandjina-s9h elementor-widget elementor-widget-heading\" data-id=\"iwgw-wandjina-s9h\" data-element_type=\"widget\" data-e-type=\"widget\" data-widget_type=\"heading.default\">\n\t\t\t\t\t<h2 class=\"elementor-heading-title elementor-size-default\">Uudelleenmaalaus ja uskonnollinen uudistuminen<\/h2>\t\t\t\t<\/div>\n\t\t<div class=\"elementor-element elementor-element-iwgw-wandjina-s9c e-con-full e-flex e-con e-child\" data-id=\"iwgw-wandjina-s9c\" data-element_type=\"container\" data-e-type=\"container\">\n\t\t\t\t<div class=\"elementor-element elementor-element-iwgw-wandjina-s9t elementor-widget elementor-widget-text-editor\" data-id=\"iwgw-wandjina-s9t\" data-element_type=\"widget\" data-e-type=\"widget\" data-widget_type=\"text-editor.default\">\n\t\t\t\t\t\t\t\t\t<p>Erityisen syvennyksen ansaitsee uudelleenmaalaus-<span class=\"iwg-fachbegriff\" data-tooltip=\"S\u00e4\u00e4delty symbolisten toimintojen sarja, jolla on uskonnollinen tai kulttuurinen merkitys.\" tabindex=\"0\">rituaali<\/span> uskonnollisena k\u00e4yt\u00e4nt\u00f6n\u00e4. Kalliokuvien rituaalisella uudistamisella on kaksinainen teht\u00e4v\u00e4: fyysisesti se pit\u00e4\u00e4 kuvat n\u00e4kyvin\u00e4 vuosituhansien ajan, uskonnollisesti se pit\u00e4\u00e4 Wandjinat &#8220;hereill\u00e4&#8221; ja suhteessa el\u00e4v\u00e4\u00e4n yhteis\u00f6\u00f6n.<\/p><p>Tutkimus on pitk\u00e4\u00e4n ymm\u00e4rt\u00e4nyt uudelleenmaalauksen vain s\u00e4ilytystoimenpiteen\u00e4; vasta 1990-luvulta l\u00e4htien, erityisesti Anthony Redmondin t\u00f6iden ansiosta, se on tunnustettu erottamattomaksi uskonnolliseksi k\u00e4yt\u00e4nn\u00f6ksi. T\u00e4ll\u00e4 tunnustuksella on seurauksia sille, miten l\u00e4nsimaiset konservaattorit kohtelevat kalliokuvia: jos uudelleenmaalaus estet\u00e4\u00e4n, Wandjina &#8220;kuolee&#8221; perinteisess\u00e4 merkityksess\u00e4.<\/p><p>Uskontofenomenologisesti uudelleenmaalaus on esimerkki &#8220;el\u00e4v\u00e4st\u00e4 uskonnollisesta materiaalisuudesta&#8221;: uskonnolliset esineet eiv\u00e4t ole vain merkityksen kantajia, vaan aktiivisia toimijoita, jotka pidet\u00e4\u00e4n elossa rituaalisen toiminnan avulla.<\/p>\t\t\t\t\t\t\t\t<\/div>\n\t\t\t\t<\/div>\n\t\t\t\t\t<\/div>\n\t\t\t\t<\/div>\n\t\t<div class=\"elementor-element elementor-element-iwgw-wandjina-s10 e-flex e-con-boxed e-con e-parent\" data-id=\"iwgw-wandjina-s10\" data-element_type=\"container\" data-e-type=\"container\">\n\t\t\t\t\t<div class=\"e-con-inner\">\n\t\t\t\t<div class=\"elementor-element elementor-element-iwgw-wandjina-s10h elementor-widget elementor-widget-heading\" data-id=\"iwgw-wandjina-s10h\" data-element_type=\"widget\" data-e-type=\"widget\" data-widget_type=\"heading.default\">\n\t\t\t\t\t<h2 class=\"elementor-heading-title elementor-size-default\">Wandjinat ja Aboriginaalien maaoikeudet<\/h2>\t\t\t\t<\/div>\n\t\t<div class=\"elementor-element elementor-element-iwgw-wandjina-s10c e-con-full e-flex e-con e-child\" data-id=\"iwgw-wandjina-s10c\" data-element_type=\"container\" data-e-type=\"container\">\n\t\t\t\t<div class=\"elementor-element elementor-element-iwgw-wandjina-s10t elementor-widget elementor-widget-text-editor\" data-id=\"iwgw-wandjina-s10t\" data-element_type=\"widget\" data-e-type=\"widget\" data-widget_type=\"text-editor.default\">\n\t\t\t\t\t\t\t\t\t<p>Ajankohtainen tutkimusn\u00e4k\u00f6kulma yhdist\u00e4\u00e4 Wandjinat Australian maaoikeusprosesseihin. Mabo-tuomiosta vuonna 1992 ja sit\u00e4 seuranneesta Native Title Act -lains\u00e4\u00e4d\u00e4nn\u00f6st\u00e4 1993 l\u00e4htien aboriginaaliryhm\u00e4t voivat esitt\u00e4\u00e4 maavaatimuksia perinteisten yhteyksien perusteella. Wandjina-kalliokuvista on tullut t\u00e4ss\u00e4 oikeudellinen argumentaatiohahmo.<\/p><p>Useita Wandjinoihin liittyvi\u00e4 maaoikeusprosesseja on saatettu onnistuneesti p\u00e4\u00e4t\u00f6kseen; Worora-, Ngarinyin- ja Wunambal-ryhmill\u00e4 on nyky\u00e4\u00e4n merkitt\u00e4vi\u00e4 maaoikeuksia Kimberleyn alueella. Anthony Redmond on useissa kirjoituksissaan kuvannut n\u00e4iden prosessien uskonnollista ja oikeudellista merkityst\u00e4.<\/p><p>Uskontososiologisesti t\u00e4m\u00e4 yhteys on oppikirjaesimerkki: uskonnosta tulee oikeudellisesti vaikuttava kategoria menett\u00e4m\u00e4tt\u00e4 uskonnollista luonnettaan. T\u00e4m\u00e4 kytk\u00f6s on keskeinen nykyaikaiselle aboriginaalitutkimukselle.<\/p>\t\t\t\t\t\t\t\t<\/div>\n\t\t\t\t<\/div>\n\t\t\t\t\t<\/div>\n\t\t\t\t<\/div>\n\t\t<div class=\"elementor-element elementor-element-iwgw-wandjina-s11 e-flex e-con-boxed e-con e-parent\" data-id=\"iwgw-wandjina-s11\" data-element_type=\"container\" data-e-type=\"container\">\n\t\t\t\t\t<div class=\"e-con-inner\">\n\t\t\t\t<div class=\"elementor-element elementor-element-iwgw-wandjina-s11h elementor-widget elementor-widget-heading\" data-id=\"iwgw-wandjina-s11h\" data-element_type=\"widget\" data-e-type=\"widget\" data-widget_type=\"heading.default\">\n\t\t\t\t\t<h2 class=\"elementor-heading-title elementor-size-default\">Metodologinen pohdinta ja l\u00e4hteet<\/h2>\t\t\t\t<\/div>\n\t\t<div class=\"elementor-element elementor-element-iwgw-wandjina-s11c e-con-full e-flex e-con e-child\" data-id=\"iwgw-wandjina-s11c\" data-element_type=\"container\" data-e-type=\"container\">\n\t\t\t\t<div class=\"elementor-element elementor-element-iwgw-wandjina-s11t elementor-widget elementor-widget-text-editor\" data-id=\"iwgw-wandjina-s11t\" data-element_type=\"widget\" data-e-type=\"widget\" data-widget_type=\"text-editor.default\">\n\t\t\t\t\t\t\t\t\t<p>Wandjina-tutkimuksessa on useita menetelm\u00e4llisi\u00e4 ongelmia. Ensinn\u00e4kin t\u00e4rkeimm\u00e4t varhaiset l\u00e4hteet (George Grey, Andreas Lommel) ovat kolonialististen ennakkoluulojen v\u00e4ritt\u00e4mi\u00e4, ja niiden v\u00e4itteit\u00e4 on luettava kriittisesti. Ian Crawfordin teos <em>The Art of the Wandjina<\/em> (1968) on t\u00e4ss\u00e4 suhteessa menetelm\u00e4llinen k\u00e4\u00e4nnekohta.<\/p><p>Toiseksi suuri osa wandjina-tiet\u00e4myksest\u00e4 on \u201drestricted\u201d, eik\u00e4 sit\u00e4 saa tehd\u00e4 julkisesti saataville. Nykytutkimus noudattaa \u201dinformed consent\u201d -eettist\u00e4 k\u00e4yt\u00e4nt\u00f6\u00e4: julkaistava tieto sovitaan perinteisten omistajien kanssa. T\u00e4m\u00e4 k\u00e4yt\u00e4nt\u00f6 on ollut vakiintunut standardi 1990-luvulta l\u00e4htien.<\/p><p>Kolmanneksi alkuper\u00e4iskansojen tutkijoiden, taiteilijoiden ja aktivistien wandjina-itserepresentaatio muodostaa oman l\u00e4hdetasonsa. Donny Woolagoodja, Mark Crocombe ja muut Mowanjum-yhdistyksen nykyajan \u00e4\u00e4net t\u00e4ydent\u00e4v\u00e4t akateemista ulkopuolista n\u00e4k\u00f6kulmaa.<\/p><p>Laajemman tieteellisen j\u00e4sennyksen wandjinasta luoteis-australialaisen aboriginien uskonnon kokonaisuudessa tarjoaa keskus <a href=\"https:\/\/iwell-guard.com\/fi\/australian-aboriginaalit-dreamtime-tjukurpa\/\">aboriginien perinne<\/a>. Sielt\u00e4 l\u00f6ytyy ristiviittauksia l\u00e4heisesti sukua oleviin hahmopiireihin: k\u00e4\u00e4rmem\u00e4iseen <a href=\"https:\/\/iwell-guard.com\/fi\/?page_id=144224\">Rainbow Serpentiin<\/a>, salaman personifikaatioon <a href=\"https:\/\/iwell-guard.com\/fi\/?page_id=144233\">Namarrkoniin<\/a> sek\u00e4 mimi-henkien ohutviivaisiin varjo-olentoihin <a href=\"https:\/\/iwell-guard.com\/fi\/?page_id=144230\">mimi-henget<\/a>.<\/p>\t\t\t\t\t\t\t\t<\/div>\n\t\t\t\t<\/div>\n\t\t\t\t\t<\/div>\n\t\t\t\t<\/div>\n\t\t<div class=\"elementor-element elementor-element-iwgw-wandjina-s12 e-flex e-con-boxed e-con e-parent\" data-id=\"iwgw-wandjina-s12\" data-element_type=\"container\" data-e-type=\"container\">\n\t\t\t\t\t<div class=\"e-con-inner\">\n\t\t\t\t<div class=\"elementor-element elementor-element-iwgw-wandjina-s12h elementor-widget elementor-widget-heading\" data-id=\"iwgw-wandjina-s12h\" data-element_type=\"widget\" data-e-type=\"widget\" data-widget_type=\"heading.default\">\n\t\t\t\t\t<h2 class=\"elementor-heading-title elementor-size-default\">Wandjina ja Mowanjum-kompleksi<\/h2>\t\t\t\t<\/div>\n\t\t<div class=\"elementor-element elementor-element-iwgw-wandjina-s12c e-con-full e-flex e-con e-child\" data-id=\"iwgw-wandjina-s12c\" data-element_type=\"container\" data-e-type=\"container\">\n\t\t\t\t<div class=\"elementor-element elementor-element-iwgw-wandjina-s12t elementor-widget elementor-widget-text-editor\" data-id=\"iwgw-wandjina-s12t\" data-element_type=\"widget\" data-e-type=\"widget\" data-widget_type=\"text-editor.default\">\n\t\t\t\t\t\t\t\t\t<p>Erityisen tarkastelun ansaitsee Mowanjumin taiteilijayhteis\u00f6 Derbyss\u00e4, L\u00e4nsi-Australiassa. Mowanjum (perustettu 1973) on worora-, ngarinyin- ja wunambal-yhteis\u00f6jen yhdistys. Se yll\u00e4pit\u00e4\u00e4 wandjina-perinnett\u00e4 taiteen, koulutuksen ja juhlakulttuurin avulla.<\/p><p>Vuosittainen Mowanjum-festivaali, jota on j\u00e4rjestetty vuodesta 1997 l\u00e4htien, on yksi Australian t\u00e4rkeimmist\u00e4 aboriginien juhlakulttuuritapahtumista. Se yhdist\u00e4\u00e4 kolme heimoryhm\u00e4\u00e4 yhteisiss\u00e4 tansseissa, lauluissa ja wandjina-kutsuissa.<\/p><p>Uskontososiologisesti Mowanjum on oppikirjaesimerkki nykyaikaisesta aboriginien itseorganisoitumisesta. Uskonnollinen perinne, taloudellinen kest\u00e4vyys ja poliittinen edustus yhdistyv\u00e4t siin\u00e4 yhten\u00e4iseksi rakenteeksi.<\/p>\t\t\t\t\t\t\t\t<\/div>\n\t\t\t\t<\/div>\n\t\t\t\t\t<\/div>\n\t\t\t\t<\/div>\n\t\t<div class=\"elementor-element elementor-element-iwgw-wandjina-s13 e-flex e-con-boxed e-con e-parent\" data-id=\"iwgw-wandjina-s13\" data-element_type=\"container\" data-e-type=\"container\">\n\t\t\t\t\t<div class=\"e-con-inner\">\n\t\t\t\t<div class=\"elementor-element elementor-element-iwgw-wandjina-s13h elementor-widget elementor-widget-heading\" data-id=\"iwgw-wandjina-s13h\" data-element_type=\"widget\" data-e-type=\"widget\" data-widget_type=\"heading.default\">\n\t\t\t\t\t<h2 class=\"elementor-heading-title elementor-size-default\">Wandjina ja globaalit taidemarkkinat<\/h2>\t\t\t\t<\/div>\n\t\t<div class=\"elementor-element elementor-element-iwgw-wandjina-s13c e-con-full e-flex e-con e-child\" data-id=\"iwgw-wandjina-s13c\" data-element_type=\"container\" data-e-type=\"container\">\n\t\t\t\t<div class=\"elementor-element elementor-element-iwgw-wandjina-s13t elementor-widget elementor-widget-text-editor\" data-id=\"iwgw-wandjina-s13t\" data-element_type=\"widget\" data-e-type=\"widget\" data-widget_type=\"text-editor.default\">\n\t\t\t\t\t\t\t\t\t<p>Oma tutkimushaaransa k\u00e4sittelee wandjina-taiteen asemaa globaaleilla taidemarkkinoilla. 1980-luvulta l\u00e4htien wandjinaan liittyvi\u00e4 teoksia on esitelty ja myyty kansainv\u00e4lisesti, ja osa niist\u00e4 on saavuttanut korkeita hintoja.<\/p><p>T\u00e4m\u00e4 kommersiaalinen hy\u00f6dynt\u00e4minen on uskontososiologisesti kahtalainen. Toisaalta se turvaa aboriginiyhteis\u00f6jen taloudellista selviytymist\u00e4, toisaalta se muuttaa salaista uskonnollista sis\u00e4lt\u00f6\u00e4 markkinakelpoisiksi esineiksi. Mowanjum-yhdistys on kehitt\u00e4nyt keinoja t\u00e4m\u00e4n j\u00e4nnitteen hallitsemiseksi, esimerkiksi sertifioiduilla \u201dWandjinan maa\u201d -merkinn\u00f6ill\u00e4.<\/p><p>Anthony Redmond on useissa esseiss\u00e4 k\u00e4sitellyt t\u00e4m\u00e4n taiteen kaupallistamisen eettisi\u00e4 ulottuvuuksia. H\u00e4nen ty\u00f6ns\u00e4 ovat menetelm\u00e4llisesti tienraivaavia nykyaikaisen aboriginitaide-etnologian alalla.<\/p>\t\t\t\t\t\t\t\t<\/div>\n\t\t\t\t<\/div>\n\t\t\t\t\t<\/div>\n\t\t\t\t<\/div>\n\t\t<div class=\"elementor-element elementor-element-iwgw-wandjina-s14 e-flex e-con-boxed e-con e-parent\" data-id=\"iwgw-wandjina-s14\" data-element_type=\"container\" data-e-type=\"container\">\n\t\t\t\t\t<div class=\"e-con-inner\">\n\t\t\t\t<div class=\"elementor-element elementor-element-iwgw-wandjina-s14h elementor-widget elementor-widget-heading\" data-id=\"iwgw-wandjina-s14h\" data-element_type=\"widget\" data-e-type=\"widget\" data-widget_type=\"heading.default\">\n\t\t\t\t\t<h2 class=\"elementor-heading-title elementor-size-default\">Wandjina-kalliomaalaukset native title -menettelyiss\u00e4<\/h2>\t\t\t\t<\/div>\n\t\t<div class=\"elementor-element elementor-element-iwgw-wandjina-s14c e-con-full e-flex e-con e-child\" data-id=\"iwgw-wandjina-s14c\" data-element_type=\"container\" data-e-type=\"container\">\n\t\t\t\t<div class=\"elementor-element elementor-element-iwgw-wandjina-s14t elementor-widget elementor-widget-text-editor\" data-id=\"iwgw-wandjina-s14t\" data-element_type=\"widget\" data-e-type=\"widget\" data-widget_type=\"text-editor.default\">\n\t\t\t\t\t\t\t\t\t<p>Australian High Courtin vuoden 1992 Mabo-p\u00e4\u00e4t\u00f6ksen j\u00e4lkeen aboriginiryhm\u00e4t voivat esitt\u00e4\u00e4 maaoikeusvaateita perinteisten yhteyksien perusteella. Wandjina-kalliomaalauksista on tullut t\u00e4ss\u00e4 yhteydess\u00e4 oikeudellinen argumentaatiohahmo, ne toimivat visuaalisena todisteena jatkuvasta yhteydest\u00e4 maahan.<\/p><p>Useita wandjinaan liittyvi\u00e4 maaoikeusmenettelyj\u00e4 on sittemmin saatettu onnistuneesti p\u00e4\u00e4t\u00f6kseen; worora-, ngarinyin- ja wunambal-yhteis\u00f6ille on my\u00f6nnetty laajoja maaoikeuksia Kimberleyn alueella. Anthony Redmond on kuvannut yksityiskohtaisesti n\u00e4iden prosessien uskonnollisia ja oikeudellisia ulottuvuuksia.<\/p><p>Uskontososiologisesti t\u00e4m\u00e4 tapaus osoittaa esimerkillisesti, miten uskonnosta voi tulla oikeudellisesti kest\u00e4v\u00e4 kategoria menett\u00e4m\u00e4tt\u00e4 uskonnollista sis\u00e4lt\u00f6\u00e4\u00e4n. Nykyaikaiselle australialaiselle oikeusk\u00e4yt\u00e4nn\u00f6lle t\u00e4m\u00e4 on innovaatio, jonka vaikutukset ulottuvat kauas wandjina-alueen ulkopuolelle.<\/p>\t\t\t\t\t\t\t\t<\/div>\n\t\t\t\t<\/div>\n\t\t\t\t\t<\/div>\n\t\t\t\t<\/div>\n\t\t<div class=\"elementor-element elementor-element-iwgw-wandjina-s15 e-flex e-con-boxed e-con e-parent\" data-id=\"iwgw-wandjina-s15\" data-element_type=\"container\" data-e-type=\"container\">\n\t\t\t\t\t<div class=\"e-con-inner\">\n\t\t\t\t<div class=\"elementor-element elementor-element-iwgw-wandjina-s15h elementor-widget elementor-widget-heading\" data-id=\"iwgw-wandjina-s15h\" data-element_type=\"widget\" data-e-type=\"widget\" data-widget_type=\"heading.default\">\n\t\t\t\t\t<h2 class=\"elementor-heading-title elementor-size-default\">Menetelm\u00e4llinen pohdinta ja tutkimusetiikka<\/h2>\t\t\t\t<\/div>\n\t\t<div class=\"elementor-element elementor-element-iwgw-wandjina-s15c e-con-full e-flex e-con e-child\" data-id=\"iwgw-wandjina-s15c\" data-element_type=\"container\" data-e-type=\"container\">\n\t\t\t\t<div class=\"elementor-element elementor-element-iwgw-wandjina-s15t elementor-widget elementor-widget-text-editor\" data-id=\"iwgw-wandjina-s15t\" data-element_type=\"widget\" data-e-type=\"widget\" data-widget_type=\"text-editor.default\">\n\t\t\t\t\t\t\t\t\t<p>Nykyaikainen wandjina-tutkimus noudattaa tiukkaa tutkimusetiikkaa. \u201dInformed consent\u201d -k\u00e4yt\u00e4nt\u00f6 on ollut standardi 1990-luvulta l\u00e4htien: tieteelliset ty\u00f6t sovitetaan yhteen perinteisten omistajien kanssa, arkaluonteista sis\u00e4lt\u00f6\u00e4 ei julkaista, ja alkuper\u00e4iskansojen tekijyys tunnustetaan.<\/p><p>Anthony Redmond on t\u00e4ss\u00e4 menetelm\u00e4llisesti erityisen tienraivaava. H\u00e4nen ty\u00f6ns\u00e4 ovat malliesimerkki yhteistoiminnallisesta etnografiasta, jossa tieteelliset standardit yhdistyv\u00e4t kulttuuriseen herkkyyteen. Muut tutkijat (Howard Morphy, Mark Crocombe) noudattavat samankaltaisia standardeja.<\/p><p>T\u00e4m\u00e4 etiikka suojaa sek\u00e4 uskonnollista sis\u00e4lt\u00f6\u00e4 ett\u00e4 tieteellisen tutkimuksen laatua. Se v\u00e4ltt\u00e4\u00e4 vanhemmassa kolonialistisessa etnografiassa yleiset v\u00e4\u00e4ristym\u00e4t ja mahdollistaa wandjina-perinteen aiempaa yksityiskohtaisemman kuvaamisen.<\/p>\t\t\t\t\t\t\t\t<\/div>\n\t\t\t\t<\/div>\n\t\t\t\t\t<\/div>\n\t\t\t\t<\/div>\n\t\t<div class=\"elementor-element elementor-element-iwgw-wandjina-s16 e-flex e-con-boxed e-con e-parent\" data-id=\"iwgw-wandjina-s16\" data-element_type=\"container\" data-e-type=\"container\">\n\t\t\t\t\t<div class=\"e-con-inner\">\n\t\t\t\t<div class=\"elementor-element elementor-element-iwgw-wandjina-s16h elementor-widget elementor-widget-heading\" data-id=\"iwgw-wandjina-s16h\" data-element_type=\"widget\" data-e-type=\"widget\" data-widget_type=\"heading.default\">\n\t\t\t\t\t<h2 class=\"elementor-heading-title elementor-size-default\">Wandjina-uudelleenmaalaus ja konservointikeskustelut<\/h2>\t\t\t\t<\/div>\n\t\t<div class=\"elementor-element elementor-element-iwgw-wandjina-s16c e-con-full e-flex e-con e-child\" data-id=\"iwgw-wandjina-s16c\" data-element_type=\"container\" data-e-type=\"container\">\n\t\t\t\t<div class=\"elementor-element elementor-element-iwgw-wandjina-s16t elementor-widget elementor-widget-text-editor\" data-id=\"iwgw-wandjina-s16t\" data-element_type=\"widget\" data-e-type=\"widget\" data-widget_type=\"text-editor.default\">\n\t\t\t\t\t\t\t\t\t<p>Erityinen keskustelu koskee wandjina-kalliomaalausten uudelleenmaalausta. L\u00e4nsimaiset konservoijat ovat pitk\u00e4\u00e4n pit\u00e4neet perinteisten kuvien ylimaalaamista \u201dvahingoittamisena\u201d, kun taas alkuper\u00e4iskansojen n\u00e4k\u00f6kulmasta uudelleenmaalaus on osa uskonnollista k\u00e4yt\u00e4nt\u00f6\u00e4.<\/p><p>1990-luvulla t\u00e4m\u00e4 j\u00e4nnite tuli esimerkillisesti n\u00e4kyv\u00e4ksi \u201dMunjan\u201d wandjina-paikkaan liittyv\u00e4ss\u00e4 kiistassa: perinteiset omistajat torjuivat l\u00e4nsimaisen entis\u00f6intialoitteen ja toteuttivat sen sijaan perinteisen uudelleenmaalauksen. T\u00e4m\u00e4 ratkaisu tunnustettiin my\u00f6hemmin menetelm\u00e4llisesti tienraivaavaksi.<\/p><p>Nyky\u00e4\u00e4n wandjina-paikkojen konservointi noudattaa perinteisi\u00e4 s\u00e4\u00e4nt\u00f6j\u00e4. L\u00e4nsimaiset tutkijat tekev\u00e4t yhteisty\u00f6t\u00e4 perinteisten omistajien kanssa, ja uudelleenmaalausta kunnioitetaan uskonnollisena k\u00e4yt\u00e4nt\u00f6n\u00e4. T\u00e4m\u00e4 yhteisty\u00f6 on malli vastaavanlaisille tilanteille maailmanlaajuisesti.<\/p>\t\t\t\t\t\t\t\t<\/div>\n\t\t\t\t<\/div>\n\t\t\t\t\t<\/div>\n\t\t\t\t<\/div>\n\t\t<div class=\"elementor-element elementor-element-cp2a9ffe6e e-flex e-con-boxed e-con e-parent\" data-id=\"cp2a9ffe6e\" data-element_type=\"container\" data-e-type=\"container\">\n\t\t\t\t\t<div class=\"e-con-inner\">\n\t\t\t\t<div class=\"elementor-element elementor-element-cp2550abe5 elementor-widget elementor-widget-heading\" data-id=\"cp2550abe5\" data-element_type=\"widget\" data-e-type=\"widget\" data-widget_type=\"heading.default\">\n\t\t\t\t\t<h2 class=\"elementor-heading-title elementor-size-default\">Kimberleyn kalliomaalaukset ja ylimaalaamisen oikeus<\/h2>\t\t\t\t<\/div>\n\t\t<div class=\"elementor-element elementor-element-cp241f3b16 e-flex e-con-boxed e-con e-child\" data-id=\"cp241f3b16\" data-element_type=\"container\" data-e-type=\"container\">\n\t\t\t\t\t<div class=\"e-con-inner\">\n\t\t\t\t<div class=\"elementor-element elementor-element-cp2e512e9d elementor-widget elementor-widget-text-editor\" data-id=\"cp2e512e9d\" data-element_type=\"widget\" data-e-type=\"widget\" data-widget_type=\"text-editor.default\">\n\t\t\t\t\t\t\t\t\t<p>Wandjina-hahmot eiv\u00e4t ole vain kertomusten hahmoja, vaan ennen kaikkea konkreettinen kuvakokonaisuus Kimberleyn alueen kalliosein\u00e4mill\u00e4 Australian luoteisosassa.<\/p><p>Maalauksissa n\u00e4kyy tyypillisesti suuria kasvoja, joissa on ammottavan avoimet silm\u00e4t ja nen\u00e4, mutta ei kuvattua suuta, ja niit\u00e4 ymp\u00e4r\u00f6i s\u00e4teitt\u00e4inen p\u00e4\u00e4koriste, joka tutkimuksessa yhdistet\u00e4\u00e4n useimmiten pilviin ja ukkoseen.<\/p><p>N\u00e4it\u00e4 kuvia l\u00f6ytyy kalliosuojista ja luolista Worrorra-, Ngarinyin- ja Wunambal-heimojen alueilla, jotka nykyisin tunnetaan osin yhteisnimell\u00e4 Wandjina-Wunggurr-yhteis\u00f6t.<\/p><p>Ymm\u00e4rt\u00e4misen kannalta keskeinen <span class=\"iwg-fachbegriff\" data-tooltip=\"Perinteinen, yhteis\u00f6ss\u00e4 s\u00e4\u00e4nn\u00f6llisesti toistettava toiminta.\" tabindex=\"0\">tapa<\/span> on maalausten rituaalinen uudistaminen. Toisin kuin eurooppalaisessa k\u00e4sityksess\u00e4 muuttumattomasta taideteoksesta, Kimberleyn perinteess\u00e4 Wandjina-kuvien ylimaalaaminen ja p\u00e4ivitt\u00e4minen on uskonnollinen velvollisuus.<\/p><p>Henkil\u00f6t, joilla on oikea suhde tiettyyn paikkaan ja sen Wandjinaan, uudistavat v\u00e4rit, jotta kuva ja siten Wandjinan vaikutus pysyv\u00e4t el\u00e4vin\u00e4. Kuluva, huoltamatta j\u00e4\u00e4nyt kuva tulkittiin merkiksi h\u00e4iriintyneest\u00e4 j\u00e4rjestyksest\u00e4. Kysymys siit\u00e4, kenell\u00e4 on oikeus maalata kuva uudelleen, on tarkoin s\u00e4\u00e4delty ja sidottu sukulaisuuteen, paikkaan liittyv\u00e4\u00e4n yhteyteen ja tiedon siirtymiseen.<\/p><p>Juuri t\u00e4m\u00e4 <span class=\"iwg-fachbegriff\" data-tooltip=\"Perinteinen, yhteis\u00f6ss\u00e4 s\u00e4\u00e4nn\u00f6llisesti toistettava toiminta.\" tabindex=\"0\">tapa<\/span> johti vakaviin konflikteihin 1900-luvun j\u00e4lkipuoliskolla. 1980-luvulla kalliomaalauksia uudistettiin ty\u00f6llisyysohjelmien puitteissa henkil\u00f6iden toimesta, joilla perinteisten omistajien n\u00e4kemyksen mukaan ei ollut siihen oikeutta.<\/p><p>T\u00e4st\u00e4 syntynyt kiista, joka tuli Australiassa tunnetuksi nimell\u00e4 Wandjina-repainting, osoitti selv\u00e4sti, ett\u00e4 suojelu, matkailu ja alkuper\u00e4iskansojen uskonnonharjoitus voivat helposti joutua ristiriitaan. Se osoitti my\u00f6s, ett\u00e4 kuvat eiv\u00e4t ole arkeologista materiaalia, jota voitaisiin k\u00e4sitell\u00e4 vapaasti, vaan osa el\u00e4v\u00e4\u00e4 uskonnollista k\u00e4yt\u00e4nt\u00f6\u00e4, jolla on selke\u00e4t vastuutahot.<\/p><p>Vakavasti otettavan esityksen on t\u00e4st\u00e4 syyst\u00e4 kohdeltava Wandjina-kalliomaalauksia enemm\u00e4n kuin vain esihistoriallisena taiteena. Niiden ajoitus on kiistanalainen, ja monet n\u00e4kyv\u00e4t kerrostumat ovat toistuvan uudistamisen ansiosta nuoria, mik\u00e4 ei kuitenkaan aseta itse perinteen korkeaa ik\u00e4\u00e4 kyseenalaiseksi.<\/p><p>Wandjinasta kirjoittavan on syyt\u00e4 nimenomaisesti mainita perinteisten omistajien jatkuva oikeus kuvaan, paikkaan ja tarinaan.<\/p>\t\t\t\t\t\t\t\t<\/div>\n\t\t\t\t\t<\/div>\n\t\t\t\t<\/div>\n\t\t\t\t\t<\/div>\n\t\t\t\t<\/div>\n\t\t<div class=\"elementor-element elementor-element-iwgw-wandjina-lit e-flex e-con-boxed e-con e-parent\" data-id=\"iwgw-wandjina-lit\" data-element_type=\"container\" data-e-type=\"container\">\n\t\t\t\t\t<div class=\"e-con-inner\">\n\t\t\t\t<div class=\"elementor-element elementor-element-iwgw-wandjina-lith elementor-widget elementor-widget-heading\" data-id=\"iwgw-wandjina-lith\" data-element_type=\"widget\" data-e-type=\"widget\" data-widget_type=\"heading.default\">\n\t\t\t\t\t<h2 class=\"elementor-heading-title elementor-size-default\">Kirjallisuus (valikoima)<\/h2>\t\t\t\t<\/div>\n\t\t<div class=\"elementor-element elementor-element-iwgw-wandjina-litc e-con-full e-flex e-con e-child\" data-id=\"iwgw-wandjina-litc\" data-element_type=\"container\" data-e-type=\"container\">\n\t\t\t\t<div class=\"elementor-element elementor-element-iwgw-wandjina-litt elementor-widget elementor-widget-text-editor\" data-id=\"iwgw-wandjina-litt\" data-element_type=\"widget\" data-e-type=\"widget\" data-widget_type=\"text-editor.default\">\n\t\t\t\t\t\t\t\t\t<ul><li>Ian Crawford: <em>The Art of the Wandjina<\/em> (Oxford 1968)<\/li><li>Andreas Lommel: <em>Die Unambal<\/em> (1952)<\/li><li>Helmut Petri: <em>Sterbende Welt in Nordwest-Australien<\/em> (1954)<\/li><li>Tony Swain: <em>A Place for Strangers<\/em> (Cambridge 1993)<\/li><li>Anthony Redmond: <em>Places that Move<\/em> (2005)<\/li><li>Kim Akerman: <em>Aboriginal artifacts<\/em> (2015)<\/li><li>Mark Crocombe: <em>Rock Art of the Kimberley<\/em> (2017)<\/li><\/ul>\t\t\t\t\t\t\t\t<\/div>\n\t\t\t\t<\/div>\n\t\t\t\t\t<\/div>\n\t\t\t\t<\/div>\n\t\t<div class=\"elementor-element elementor-element-iwgkw2-add-wandjina e-flex e-con-boxed e-con e-parent\" data-id=\"iwgkw2-add-wandjina\" data-element_type=\"container\" data-e-type=\"container\">\n\t\t\t\t\t<div class=\"e-con-inner\">\n\t\t\t\t<div class=\"elementor-element elementor-element-iwgkw2-add-wandjina-t elementor-widget elementor-widget-text-editor\" data-id=\"iwgkw2-add-wandjina-t\" data-element_type=\"widget\" data-e-type=\"widget\" data-widget_type=\"text-editor.default\">\n\t\t\t\t\t\t\t\t\t<p>Wandjina-hahmot ovat Worora-, Ngarinyin- ja Wunambal-kansojen <em>pilvihahmoja<\/em> L\u00e4nsi-Australian Kimberleyn alueella; niiden suuttomat kalliokuvat liittyv\u00e4t sateeseen, monsuuniin ja elinolojen uudistumiseen.<\/p>\t\t\t\t\t\t\t\t<\/div>\n\t\t\t\t\t<\/div>\n\t\t\t\t<\/div>\n\t\t<div class=\"elementor-element elementor-element-iwgw-wandjina-kwd e-flex e-con-boxed e-con e-parent\" data-id=\"iwgw-wandjina-kwd\" data-element_type=\"container\" data-e-type=\"container\">\n\t\t\t\t\t<div class=\"e-con-inner\">\n\t\t<div class=\"elementor-element elementor-element-iwgw-wandjina-kwdc e-con-full e-flex e-con e-child\" data-id=\"iwgw-wandjina-kwdc\" data-element_type=\"container\" data-e-type=\"container\">\n\t\t\t\t<div class=\"elementor-element elementor-element-iwgw-wandjina-kwdt elementor-widget elementor-widget-text-editor\" data-id=\"iwgw-wandjina-kwdt\" data-element_type=\"widget\" data-e-type=\"widget\" data-widget_type=\"text-editor.default\">\n\t\t\t\t\t\t\t\t\t<p><em>Aiheeseen liittyv\u00e4t avainsanat: Wandjina Kimberley Worora Ngarinyin Wunambal kalliomaalaukset Mowanjum.<\/em><\/p>\t\t\t\t\t\t\t\t<\/div>\n\t\t\t\t<\/div>\n\t\t\t\t\t<\/div>\n\t\t\t\t<\/div>\n\t\t<div class=\"elementor-element elementor-element-iwgw-wandjina-cc e-flex e-con-boxed e-con e-parent\" data-id=\"iwgw-wandjina-cc\" data-element_type=\"container\" data-e-type=\"container\" id=\"iwg-cc-wandjina\">\n\t\t\t\t\t<div class=\"e-con-inner\">\n\t\t<div class=\"elementor-element elementor-element-iwgw-wandjina-ccinner e-flex e-con-boxed e-con e-parent\" data-id=\"iwgw-wandjina-ccinner\" data-element_type=\"container\" data-e-type=\"container\" data-settings=\"{&quot;background_background&quot;:&quot;classic&quot;}\">\n\t\t\t\t\t<div class=\"e-con-inner\">\n\t\t\t\t<div class=\"elementor-element elementor-element-iwgw-wandjina-cch elementor-widget elementor-widget-heading\" data-id=\"iwgw-wandjina-cch\" data-element_type=\"widget\" data-e-type=\"widget\" data-widget_type=\"heading.default\">\n\t\t\t\t\t<h2 class=\"elementor-heading-title elementor-size-default\">iWell Guard ja suojelutraditiot<\/h2>\t\t\t\t<\/div>\n\t\t\t\t<div class=\"elementor-element elementor-element-iwgw-wandjina-cct elementor-widget elementor-widget-text-editor\" data-id=\"iwgw-wandjina-cct\" data-element_type=\"widget\" data-e-type=\"widget\" data-widget_type=\"text-editor.default\">\n\t\t\t\t\t\t\t\t\t<div data-nosnippet=\"true\"><p>iWell Guard jatkaa kannettavien suojaesineiden kulttuurihistoriallista perinnett\u00e4, <a href=\"https:\/\/iwell-guard.com\/fi\/australian-aboriginaalit-dreamtime-tjukurpa\/\">aboriginaali<\/a>&#8211; ja monien muiden kulttuurien perinteen j\u00e4ljill\u00e4 ymp\u00e4ri maailman. 41 tasoa, aitoa kultaa, platinaa, hopeaa, valmistettu Saksassa. 30 p\u00e4iv\u00e4n palautusoikeus.<\/p><\/div>\t\t\t\t\t\t\t\t<\/div>\n\t\t\t\t<div class=\"elementor-element elementor-element-iwgw-wandjina-ccb iwg-cc-button iwg-cc-cta-2026-05-13 elementor-widget elementor-widget-jet-button\" data-id=\"iwgw-wandjina-ccb\" data-element_type=\"widget\" data-e-type=\"widget\" data-widget_type=\"jet-button.default\">\n\t\t\t\t<div class=\"elementor-widget-container\">\n\t\t\t\t\t<div class=\"elementor-jet-button jet-elements\"><div class=\"jet-button__container\"><a class=\"jet-button__instance jet-button__instance--icon-left hover-effect-1\" href=\"\/ueber-iwell-guard\/?utm_source=iwell-guard.com&amp;utm_medium=info-box&amp;utm_campaign=wesen-tradition\"><div class=\"jet-button__plane jet-button__plane-normal\"><\/div><div class=\"jet-button__plane jet-button__plane-hover\"><\/div><div class=\"jet-button__state jet-button__state-normal\"><span class=\"jet-button__label\">Lis\u00e4\u00e4 iWell Guardista<\/span><\/div><div class=\"jet-button__state jet-button__state-hover\"><span class=\"jet-button__label\">Lis\u00e4\u00e4 iWell Guardista<\/span><\/div><\/a><\/div><\/div><style>.elementor-element.elementor-element-iwgw-wandjina-ccb .jet-button__instance{width:320px;height:56px;}.elementor-element.elementor-element-iwgw-wandjina-ccb .jet-button__state-normal .jet-button__label{text-align:center;margin:0px 0px 0px 0px;color:#1a1b20;font-family:Montserrat,sans-serif;font-size:13px;font-weight:400;letter-spacing:4px;line-height:1.714em;text-transform:uppercase;}.elementor-element.elementor-element-iwgw-wandjina-ccb .jet-button__state-hover .jet-button__label{text-align:center;margin:0px 0px 0px 0px;color:#FECC76;font-family:Montserrat,sans-serif;font-size:13px;font-weight:400;letter-spacing:4px;line-height:1.714em;text-transform:uppercase;}.elementor-element.elementor-element-iwgw-wandjina-ccb .jet-button__plane-normal{background-color:#FECC76;border-style:solid;border-color:#C99540;border-width:2px 2px 2px 2px;}.elementor-element.elementor-element-iwgw-wandjina-ccb .jet-button__plane-hover{background-color:rgba(0,0,0,0.55);border-style:solid;border-color:#FECC76;border-width:2px 2px 2px 2px;}<\/style>\t\t\t\t<\/div>\n\t\t\t\t<\/div>\n\t\t\t\t<div class=\"elementor-element elementor-element-iwgw-wandjina-ccd elementor-widget elementor-widget-text-editor\" data-id=\"iwgw-wandjina-ccd\" data-element_type=\"widget\" data-e-type=\"widget\" data-widget_type=\"text-editor.default\">\n\t\t\t\t\t\t\t\t\t<div data-nosnippet=\"true\"><p style=\"text-align:center;font-size:13px;opacity:0.7;margin-top:14px\" data-nosnippet=\"true\">Henkil\u00f6kohtaiset kokemukset voivat vaihdella. Ei l\u00e4\u00e4kinn\u00e4llinen laite. Ei paranemislupausta.<\/p><\/div>\t\t\t\t\t\t\t\t<\/div>\n\t\t\t\t\t<\/div>\n\t\t\t\t<\/div>\n\t\t\t\t\t<\/div>\n\t\t\t\t<\/div>\n\t\t<div class=\"elementor-element elementor-element-iwgw-wandjina-disc e-flex e-con-boxed e-con e-parent\" data-id=\"iwgw-wandjina-disc\" data-element_type=\"container\" data-e-type=\"container\">\n\t\t\t\t\t<div class=\"e-con-inner\">\n\t\t\t\t<div class=\"elementor-element elementor-element-iwgw-wandjina-discw elementor-widget elementor-widget-html\" data-id=\"iwgw-wandjina-discw\" data-element_type=\"widget\" data-e-type=\"widget\" data-widget_type=\"html.default\">\n\t\t\t\t\t<footer data-nosnippet=\"true\" class=\"iwg-disclaimer-block\"><p data-nosnippet=\"true\">iWell Guard <strong>ei ole l\u00e4\u00e4kinn\u00e4llinen laite<\/strong>, eik\u00e4 se korvaa l\u00e4\u00e4k\u00e4rin tai psykoterapeutin hoitoa. Uskontotieteelliset sis\u00e4ll\u00f6t ovat kulttuurihistoriallista tarkastelua, ei suositus hengelliseen k\u00e4yt\u00e4nt\u00f6\u00f6n.<\/p><\/footer>\t\t\t\t<\/div>\n\t\t\t\t\t<\/div>\n\t\t\t\t<\/div>\n\t\t\t\t<\/div>\n\t\t","protected":false},"excerpt":{"rendered":"","protected":false},"author":3,"featured_media":2872,"parent":0,"menu_order":0,"comment_status":"closed","ping_status":"closed","template":"elementor_header_footer","meta":{"_yoast_wpseo_focuskw":"Wandjina Kimberley Aboriginaali","_yoast_wpseo_title":"Wandjina \u2013 aboriginaalien sadeolento, myytti ja l\u00e4hteet","_yoast_wpseo_metadesc":"Wandjina ovat Kimberleyn aboriginaalien voimakkaita pilvi- ja sadeolentoja Luoteis-Australiassa. Uskontotieteellinen tarkastelu ja l\u00e4hteet.","_yoast_wpseo_meta-robots-noindex":"","_yoast_wpseo_canonical":"","_angie_page":false,"gefaehrdungsstufe":"3","wesen_kultur":"aboriginal","wesen_klasse":"goetter","footnotes":""},"categories":[],"class_list":["post-144225","page","type-page","status-publish","has-post-thumbnail","hentry"],"yoast_head":"<!-- This site is optimized with the Yoast SEO Premium plugin v27.7 (Yoast SEO v28.3) - https:\/\/yoast.com\/product\/yoast-seo-premium-wordpress\/ -->\n<title>Wandjina \u2013 aboriginaalien sadeolento, myytti ja l\u00e4hteet<\/title>\n<meta name=\"description\" content=\"Wandjina ovat Kimberleyn aboriginaalien voimakkaita pilvi- ja sadeolentoja Luoteis-Australiassa. Uskontotieteellinen tarkastelu ja l\u00e4hteet.\" \/>\n<meta name=\"robots\" content=\"index, follow, max-snippet:-1, max-image-preview:large, max-video-preview:-1\" \/>\n<link rel=\"canonical\" href=\"https:\/\/iwell-guard.com\/fi\/wandjina-kimberleyn-pilvi-ja-sadeolennot\/\" \/>\n<meta property=\"og:locale\" content=\"fi_FI\" \/>\n<meta property=\"og:type\" content=\"article\" \/>\n<meta property=\"og:title\" content=\"Wandjina \u2013 Kimberleyn pilvi- ja sadeolennot\" \/>\n<meta property=\"og:description\" content=\"Wandjina ovat Kimberleyn aboriginaalien voimakkaita pilvi- ja sadeolentoja Luoteis-Australiassa. Uskontotieteellinen tarkastelu ja l\u00e4hteet.\" \/>\n<meta property=\"og:url\" content=\"https:\/\/iwell-guard.com\/fi\/wandjina-kimberleyn-pilvi-ja-sadeolennot\/\" \/>\n<meta property=\"og:site_name\" content=\"iWell Guard\" \/>\n<meta property=\"article:modified_time\" content=\"2026-09-03T12:53:49+00:00\" \/>\n<meta property=\"og:image\" content=\"https:\/\/iwell-guard.com\/wp-content\/uploads\/2026\/05\/goetter_aboriginal_wandjina.webp\" \/>\n\t<meta property=\"og:image:width\" content=\"1024\" \/>\n\t<meta property=\"og:image:height\" content=\"1536\" \/>\n\t<meta property=\"og:image:type\" content=\"image\/webp\" \/>\n<meta name=\"twitter:card\" content=\"summary_large_image\" \/>\n<script type=\"application\/ld+json\" class=\"yoast-schema-graph\">{\"@context\":\"https:\\\/\\\/schema.org\",\"@graph\":[{\"@type\":\"WebPage\",\"@id\":\"https:\\\/\\\/iwell-guard.com\\\/fi\\\/wandjina-kimberleyn-pilvi-ja-sadeolennot\\\/\",\"url\":\"https:\\\/\\\/iwell-guard.com\\\/fi\\\/wandjina-kimberleyn-pilvi-ja-sadeolennot\\\/\",\"name\":\"Wandjina \u2013 aboriginaalien sadeolento, myytti ja l\u00e4hteet\",\"isPartOf\":{\"@id\":\"https:\\\/\\\/iwell-guard.com\\\/fi\\\/#website\"},\"primaryImageOfPage\":{\"@id\":\"https:\\\/\\\/iwell-guard.com\\\/fi\\\/wandjina-kimberleyn-pilvi-ja-sadeolennot\\\/#primaryimage\"},\"image\":{\"@id\":\"https:\\\/\\\/iwell-guard.com\\\/fi\\\/wandjina-kimberleyn-pilvi-ja-sadeolennot\\\/#primaryimage\"},\"thumbnailUrl\":\"https:\\\/\\\/iwell-guard.com\\\/wp-content\\\/uploads\\\/2026\\\/05\\\/goetter_aboriginal_wandjina.webp\",\"datePublished\":\"2026-09-03T12:33:16+00:00\",\"dateModified\":\"2026-09-03T12:53:49+00:00\",\"description\":\"Wandjina ovat Kimberleyn aboriginaalien voimakkaita pilvi- ja sadeolentoja Luoteis-Australiassa. Uskontotieteellinen tarkastelu ja l\u00e4hteet.\",\"breadcrumb\":{\"@id\":\"https:\\\/\\\/iwell-guard.com\\\/fi\\\/wandjina-kimberleyn-pilvi-ja-sadeolennot\\\/#breadcrumb\"},\"inLanguage\":\"fi\",\"potentialAction\":[{\"@type\":\"ReadAction\",\"target\":[\"https:\\\/\\\/iwell-guard.com\\\/fi\\\/wandjina-kimberleyn-pilvi-ja-sadeolennot\\\/\"]}]},{\"@type\":\"ImageObject\",\"inLanguage\":\"fi\",\"@id\":\"https:\\\/\\\/iwell-guard.com\\\/fi\\\/wandjina-kimberleyn-pilvi-ja-sadeolennot\\\/#primaryimage\",\"url\":\"https:\\\/\\\/iwell-guard.com\\\/wp-content\\\/uploads\\\/2026\\\/05\\\/goetter_aboriginal_wandjina.webp\",\"contentUrl\":\"https:\\\/\\\/iwell-guard.com\\\/wp-content\\\/uploads\\\/2026\\\/05\\\/goetter_aboriginal_wandjina.webp\",\"width\":1024,\"height\":1536,\"caption\":\"Jumalia aboriginaaliperinteest\u00e4.\"},{\"@type\":\"BreadcrumbList\",\"@id\":\"https:\\\/\\\/iwell-guard.com\\\/fi\\\/wandjina-kimberleyn-pilvi-ja-sadeolennot\\\/#breadcrumb\",\"itemListElement\":[{\"@type\":\"ListItem\",\"position\":1,\"name\":\"Start\",\"item\":\"https:\\\/\\\/iwell-guard.com\\\/fi\\\/?page_id=143815\"},{\"@type\":\"ListItem\",\"position\":2,\"name\":\"Wandjina \u2013 Kimberleyn pilvi- ja sadeolennot\"}]},{\"@type\":\"WebSite\",\"@id\":\"https:\\\/\\\/iwell-guard.com\\\/fi\\\/#website\",\"url\":\"https:\\\/\\\/iwell-guard.com\\\/fi\\\/\",\"name\":\"iWell Guard\",\"description\":\"Schutz vor dunklen Einfl\u00fcssen\",\"publisher\":{\"@id\":\"https:\\\/\\\/iwell-guard.com\\\/fi\\\/#organization\"},\"potentialAction\":[{\"@type\":\"SearchAction\",\"target\":{\"@type\":\"EntryPoint\",\"urlTemplate\":\"https:\\\/\\\/iwell-guard.com\\\/fi\\\/?s={search_term_string}\"},\"query-input\":{\"@type\":\"PropertyValueSpecification\",\"valueRequired\":true,\"valueName\":\"search_term_string\"}}],\"inLanguage\":\"fi\"},{\"@type\":\"Organization\",\"@id\":\"https:\\\/\\\/iwell-guard.com\\\/fi\\\/#organization\",\"name\":\"Ittermann electronic GmbH\",\"url\":\"https:\\\/\\\/iwell-guard.com\\\/fi\\\/\",\"logo\":{\"@type\":\"ImageObject\",\"inLanguage\":\"fi\",\"@id\":\"https:\\\/\\\/iwell-guard.com\\\/fi\\\/#\\\/schema\\\/logo\\\/image\\\/\",\"url\":\"https:\\\/\\\/iwell-guard.com\\\/wp-content\\\/uploads\\\/2026\\\/05\\\/Ittermann-Logo-1182x237-1.png\",\"contentUrl\":\"https:\\\/\\\/iwell-guard.com\\\/wp-content\\\/uploads\\\/2026\\\/05\\\/Ittermann-Logo-1182x237-1.png\",\"width\":1182,\"height\":237,\"caption\":\"Ittermann electronic GmbH\"},\"image\":{\"@id\":\"https:\\\/\\\/iwell-guard.com\\\/fi\\\/#\\\/schema\\\/logo\\\/image\\\/\"},\"sameAs\":[\"https:\\\/\\\/pantip.com\\\/profile\\\/9367242\",\"https:\\\/\\\/micro.blog\\\/iwellguard\",\"https:\\\/\\\/www.diggerslist.com\\\/iwellguard\\\/about\",\"https:\\\/\\\/skitterphoto.com\\\/photographers\\\/2870314\\\/iwell-guard\",\"https:\\\/\\\/iwellguard.wordpress.com\\\/2026\\\/06\\\/06\\\/iwell-guard\\\/\",\"https:\\\/\\\/hub.docker.com\\\/u\\\/iwellguard\",\"https:\\\/\\\/www.pinterest.com\\\/iwellguard\\\/\",\"https:\\\/\\\/bit.ly\\\/m\\\/iwellguard\",\"https:\\\/\\\/entre-vos-mains.alsace.eu\\\/profiles\\\/iwellguard\\\/activity\",\"https:\\\/\\\/gravatar.com\\\/reallybeded8fd34\",\"https:\\\/\\\/naijamatta.com\\\/iwellguard\",\"https:\\\/\\\/www.goodreads.com\\\/iwellguard\",\"https:\\\/\\\/profile.hatena.ne.jp\\\/iwellguard\\\/\",\"https:\\\/\\\/experiment.com\\\/users\\\/iwellguard\",\"https:\\\/\\\/wakelet.com\\\/@iWellGuard82270\",\"https:\\\/\\\/www.chordie.com\\\/forum\\\/profile.php?id=2555664\",\"https:\\\/\\\/www.instapaper.com\\\/p\\\/17757966\",\"https:\\\/\\\/www.mapleprimes.com\\\/users\\\/iwellguard\",\"https:\\\/\\\/businesslistingplus.com\\\/profile\\\/iwell-guard\\\/\",\"https:\\\/\\\/telegra.ph\\\/iWell-Guard-06-06\",\"https:\\\/\\\/pbase.com\\\/iwellguard\\\/iwellguard\",\"https:\\\/\\\/b.hatena.ne.jp\\\/iwellguard\\\/20260607#bookmark-4788405196491818882\",\"https:\\\/\\\/fliphtml5.com\\\/home\\\/iwellguard\",\"https:\\\/\\\/anyflip.com\\\/homepage\\\/cmiwl#About\",\"https:\\\/\\\/transfur.com\\\/Users\\\/iwellguard\",\"http:\\\/\\\/delphi.larsbo.org\\\/user\\\/iwellguard\",\"https:\\\/\\\/jobs.lajobsportal.org\\\/profiles\\\/8380803-iwell-guard\",\"https:\\\/\\\/md.chaosdorf.de\\\/s\\\/jfbe5SBdJD\",\"https:\\\/\\\/www.lingvolive.com\\\/en-us\\\/profile\\\/9ecaeaca-ce11-4e51-9e71-01d55e2bff36\\\/translations\",\"https:\\\/\\\/www.fitday.com\\\/fitness\\\/forums\\\/members\\\/iwellguard.html\",\"https:\\\/\\\/www.mymeetbook.com\\\/iwellguard\",\"https:\\\/\\\/pxhere.com\\\/en\\\/photographer-me\\\/5040798\",\"https:\\\/\\\/disqus.com\\\/by\\\/iwellguard\\\/about\\\/\",\"https:\\\/\\\/pastelink.net\\\/hjwciqwq\",\"https:\\\/\\\/pubhtml5.com\\\/homepage\\\/scjhn\\\/\",\"https:\\\/\\\/www.bitchute.com\\\/channel\\\/2O2eOKzNqujT\",\"https:\\\/\\\/audiomack.com\\\/iwellguard\"]},{\"@type\":\"Article\",\"@id\":\"https:\\\/\\\/iwell-guard.com\\\/fi\\\/wandjina-kimberleyn-pilvi-ja-sadeolennot\\\/#article\",\"isPartOf\":{\"@id\":\"https:\\\/\\\/iwell-guard.com\\\/fi\\\/wandjina-kimberleyn-pilvi-ja-sadeolennot\\\/\"},\"author\":{\"name\":\"Ralf Ittermann\",\"@id\":\"https:\\\/\\\/iwell-guard.com\\\/fi\\\/#\\\/schema\\\/person\\\/ee2a27f1cac3406c7c6fb5820cb7349f\"},\"headline\":\"Wandjina \u2013 Kimberleyn pilvi- ja sadeolennot\",\"datePublished\":\"2026-09-03T12:33:16+00:00\",\"dateModified\":\"2026-09-03T12:53:49+00:00\",\"mainEntityOfPage\":{\"@id\":\"https:\\\/\\\/iwell-guard.com\\\/fi\\\/wandjina-kimberleyn-pilvi-ja-sadeolennot\\\/\"},\"publisher\":{\"@id\":\"https:\\\/\\\/iwell-guard.com\\\/fi\\\/#organization\"},\"image\":{\"@id\":\"https:\\\/\\\/iwell-guard.com\\\/fi\\\/wandjina-kimberleyn-pilvi-ja-sadeolennot\\\/#primaryimage\"},\"thumbnailUrl\":\"https:\\\/\\\/iwell-guard.com\\\/wp-content\\\/uploads\\\/2026\\\/05\\\/goetter_aboriginal_wandjina.webp\",\"inLanguage\":\"fi\",\"description\":\"Wandjina ovat Kimberleyn aboriginaalien voimakkaita pilvi- ja sadeolentoja Luoteis-Australiassa. Uskontotieteellinen tarkastelu ja l\u00e4hteet.\"}]}<\/script>\n<!-- \/ Yoast SEO Premium plugin. -->","yoast_head_json":{"title":"Wandjina \u2013 aboriginaalien sadeolento, myytti ja l\u00e4hteet","description":"Wandjina ovat Kimberleyn aboriginaalien voimakkaita pilvi- ja sadeolentoja Luoteis-Australiassa. Uskontotieteellinen tarkastelu ja l\u00e4hteet.","robots":{"index":"index","follow":"follow","max-snippet":"max-snippet:-1","max-image-preview":"max-image-preview:large","max-video-preview":"max-video-preview:-1"},"canonical":"https:\/\/iwell-guard.com\/fi\/wandjina-kimberleyn-pilvi-ja-sadeolennot\/","og_locale":"fi_FI","og_type":"article","og_title":"Wandjina \u2013 Kimberleyn pilvi- ja sadeolennot","og_description":"Wandjina ovat Kimberleyn aboriginaalien voimakkaita pilvi- ja sadeolentoja Luoteis-Australiassa. Uskontotieteellinen tarkastelu ja l\u00e4hteet.","og_url":"https:\/\/iwell-guard.com\/fi\/wandjina-kimberleyn-pilvi-ja-sadeolennot\/","og_site_name":"iWell Guard","article_modified_time":"2026-09-03T12:53:49+00:00","og_image":[{"width":1024,"height":1536,"url":"https:\/\/iwell-guard.com\/wp-content\/uploads\/2026\/05\/goetter_aboriginal_wandjina.webp","type":"image\/webp"}],"twitter_card":"summary_large_image","schema":{"@context":"https:\/\/schema.org","@graph":[{"@type":"Article","@id":"https:\/\/iwell-guard.com\/fi\/wandjina-kimberleyn-pilvi-ja-sadeolennot\/#article","isPartOf":{"@id":"https:\/\/iwell-guard.com\/fi\/wandjina-kimberleyn-pilvi-ja-sadeolennot\/"},"author":{"name":"Ralf Ittermann","@id":"https:\/\/iwell-guard.com\/fi\/#\/schema\/person\/ee2a27f1cac3406c7c6fb5820cb7349f"},"headline":"Wandjina \u2013 Kimberleyn pilvi- ja sadeolennot","datePublished":"2026-09-03T12:33:16+00:00","dateModified":"2026-09-03T12:53:49+00:00","mainEntityOfPage":{"@id":"https:\/\/iwell-guard.com\/fi\/wandjina-kimberleyn-pilvi-ja-sadeolennot\/"},"publisher":{"@id":"https:\/\/iwell-guard.com\/fi\/#organization"},"image":{"@id":"https:\/\/iwell-guard.com\/fi\/wandjina-kimberleyn-pilvi-ja-sadeolennot\/#primaryimage"},"thumbnailUrl":"https:\/\/iwell-guard.com\/wp-content\/uploads\/2026\/05\/goetter_aboriginal_wandjina.webp","inLanguage":"fi","description":"Wandjina ovat Kimberleyn aboriginaalien voimakkaita pilvi- ja sadeolentoja Luoteis-Australiassa. Uskontotieteellinen tarkastelu ja l\u00e4hteet."},{"@type":"WebPage","@id":"https:\/\/iwell-guard.com\/fi\/wandjina-kimberleyn-pilvi-ja-sadeolennot\/","url":"https:\/\/iwell-guard.com\/fi\/wandjina-kimberleyn-pilvi-ja-sadeolennot\/","name":"Wandjina \u2013 aboriginaalien sadeolento, myytti ja l\u00e4hteet","isPartOf":{"@id":"https:\/\/iwell-guard.com\/fi\/#website"},"primaryImageOfPage":{"@id":"https:\/\/iwell-guard.com\/fi\/wandjina-kimberleyn-pilvi-ja-sadeolennot\/#primaryimage"},"image":{"@id":"https:\/\/iwell-guard.com\/fi\/wandjina-kimberleyn-pilvi-ja-sadeolennot\/#primaryimage"},"thumbnailUrl":"https:\/\/iwell-guard.com\/wp-content\/uploads\/2026\/05\/goetter_aboriginal_wandjina.webp","datePublished":"2026-09-03T12:33:16+00:00","dateModified":"2026-09-03T12:53:49+00:00","description":"Wandjina ovat Kimberleyn aboriginaalien voimakkaita pilvi- ja sadeolentoja Luoteis-Australiassa. Uskontotieteellinen tarkastelu ja l\u00e4hteet.","breadcrumb":{"@id":"https:\/\/iwell-guard.com\/fi\/wandjina-kimberleyn-pilvi-ja-sadeolennot\/#breadcrumb"},"inLanguage":"fi","potentialAction":[{"@type":"ReadAction","target":["https:\/\/iwell-guard.com\/fi\/wandjina-kimberleyn-pilvi-ja-sadeolennot\/"]}]},{"@type":"ImageObject","inLanguage":"fi","@id":"https:\/\/iwell-guard.com\/fi\/wandjina-kimberleyn-pilvi-ja-sadeolennot\/#primaryimage","url":"https:\/\/iwell-guard.com\/wp-content\/uploads\/2026\/05\/goetter_aboriginal_wandjina.webp","contentUrl":"https:\/\/iwell-guard.com\/wp-content\/uploads\/2026\/05\/goetter_aboriginal_wandjina.webp","width":1024,"height":1536,"caption":"Jumalia aboriginaaliperinteest\u00e4."},{"@type":"BreadcrumbList","@id":"https:\/\/iwell-guard.com\/fi\/wandjina-kimberleyn-pilvi-ja-sadeolennot\/#breadcrumb","itemListElement":[{"@type":"ListItem","position":1,"name":"Start","item":"https:\/\/iwell-guard.com\/fi\/?page_id=143815"},{"@type":"ListItem","position":2,"name":"Wandjina \u2013 Kimberleyn pilvi- ja sadeolennot"}]},{"@type":"WebSite","@id":"https:\/\/iwell-guard.com\/fi\/#website","url":"https:\/\/iwell-guard.com\/fi\/","name":"iWell Guard","description":"Schutz vor dunklen Einfl\u00fcssen","publisher":{"@id":"https:\/\/iwell-guard.com\/fi\/#organization"},"potentialAction":[{"@type":"SearchAction","target":{"@type":"EntryPoint","urlTemplate":"https:\/\/iwell-guard.com\/fi\/?s={search_term_string}"},"query-input":{"@type":"PropertyValueSpecification","valueRequired":true,"valueName":"search_term_string"}}],"inLanguage":"fi"},{"@type":"Organization","@id":"https:\/\/iwell-guard.com\/fi\/#organization","name":"Ittermann electronic GmbH","url":"https:\/\/iwell-guard.com\/fi\/","logo":{"@type":"ImageObject","inLanguage":"fi","@id":"https:\/\/iwell-guard.com\/fi\/#\/schema\/logo\/image\/","url":"https:\/\/iwell-guard.com\/wp-content\/uploads\/2026\/05\/Ittermann-Logo-1182x237-1.png","contentUrl":"https:\/\/iwell-guard.com\/wp-content\/uploads\/2026\/05\/Ittermann-Logo-1182x237-1.png","width":1182,"height":237,"caption":"Ittermann electronic GmbH"},"image":{"@id":"https:\/\/iwell-guard.com\/fi\/#\/schema\/logo\/image\/"},"sameAs":["https:\/\/pantip.com\/profile\/9367242","https:\/\/micro.blog\/iwellguard","https:\/\/www.diggerslist.com\/iwellguard\/about","https:\/\/skitterphoto.com\/photographers\/2870314\/iwell-guard","https:\/\/iwellguard.wordpress.com\/2026\/06\/06\/iwell-guard\/","https:\/\/hub.docker.com\/u\/iwellguard","https:\/\/www.pinterest.com\/iwellguard\/","https:\/\/bit.ly\/m\/iwellguard","https:\/\/entre-vos-mains.alsace.eu\/profiles\/iwellguard\/activity","https:\/\/gravatar.com\/reallybeded8fd34","https:\/\/naijamatta.com\/iwellguard","https:\/\/www.goodreads.com\/iwellguard","https:\/\/profile.hatena.ne.jp\/iwellguard\/","https:\/\/experiment.com\/users\/iwellguard","https:\/\/wakelet.com\/@iWellGuard82270","https:\/\/www.chordie.com\/forum\/profile.php?id=2555664","https:\/\/www.instapaper.com\/p\/17757966","https:\/\/www.mapleprimes.com\/users\/iwellguard","https:\/\/businesslistingplus.com\/profile\/iwell-guard\/","https:\/\/telegra.ph\/iWell-Guard-06-06","https:\/\/pbase.com\/iwellguard\/iwellguard","https:\/\/b.hatena.ne.jp\/iwellguard\/20260607#bookmark-4788405196491818882","https:\/\/fliphtml5.com\/home\/iwellguard","https:\/\/anyflip.com\/homepage\/cmiwl#About","https:\/\/transfur.com\/Users\/iwellguard","http:\/\/delphi.larsbo.org\/user\/iwellguard","https:\/\/jobs.lajobsportal.org\/profiles\/8380803-iwell-guard","https:\/\/md.chaosdorf.de\/s\/jfbe5SBdJD","https:\/\/www.lingvolive.com\/en-us\/profile\/9ecaeaca-ce11-4e51-9e71-01d55e2bff36\/translations","https:\/\/www.fitday.com\/fitness\/forums\/members\/iwellguard.html","https:\/\/www.mymeetbook.com\/iwellguard","https:\/\/pxhere.com\/en\/photographer-me\/5040798","https:\/\/disqus.com\/by\/iwellguard\/about\/","https:\/\/pastelink.net\/hjwciqwq","https:\/\/pubhtml5.com\/homepage\/scjhn\/","https:\/\/www.bitchute.com\/channel\/2O2eOKzNqujT","https:\/\/audiomack.com\/iwellguard"]},{"@type":"Person","@id":"https:\/\/iwell-guard.com\/fi\/#\/schema\/person\/ee2a27f1cac3406c7c6fb5820cb7349f","name":"Ralf Ittermann","image":{"@type":"ImageObject","inLanguage":"fi","@id":"https:\/\/secure.gravatar.com\/avatar\/073c0153e350a5005b68eb752b445fea71f6b24a26da9449ad7e155e6b446c9d?s=96&d=mm&r=g","url":"https:\/\/secure.gravatar.com\/avatar\/073c0153e350a5005b68eb752b445fea71f6b24a26da9449ad7e155e6b446c9d?s=96&d=mm&r=g","contentUrl":"https:\/\/secure.gravatar.com\/avatar\/073c0153e350a5005b68eb752b445fea71f6b24a26da9449ad7e155e6b446c9d?s=96&d=mm&r=g","caption":"Ralf Ittermann"},"givenName":"Ralf","familyName":"Ittermann","jobTitle":"Gesch\u00e4ftsf\u00fchrer und redaktioneller Verantwortlicher","url":"https:\/\/iwell-guard.com\/fi\/author\/claude\/","description":"Ralf Ittermann ist Gesch\u00e4ftsf\u00fchrer der Ittermann electronic GmbH und redaktioneller Verantwortlicher des iWell-Guard-Lexikons. Er verbindet langj\u00e4hrige Erfahrung in der Pr\u00e4zisionsfertigung mit medialer Praxis und religionsgeschichtlicher Quellenarbeit.","worksFor":{"@type":"Organization","name":"Ittermann electronic GmbH","url":"https:\/\/ittermann.de\/","address":{"@type":"PostalAddress","streetAddress":"K\u00f6hlergasse 16-18","postalCode":"99842","addressLocality":"Ruhla","addressCountry":"DE"}},"knowsAbout":["Religionsgeschichte","Mythologie","Mediale Praxis","Energetische Diagnostik","Schutzpraxis","Volksglauben","Westliche Esoterik"]},{"@type":"Article","@id":"https:\/\/iwell-guard.com\/fi\/wandjina-kimberleyn-pilvi-ja-sadeolennot\/#article","isPartOf":{"@id":"https:\/\/iwell-guard.com\/fi\/wandjina-kimberleyn-pilvi-ja-sadeolennot\/"},"author":{"name":"Ralf Ittermann","@id":"https:\/\/iwell-guard.com\/fi\/#\/schema\/person\/ee2a27f1cac3406c7c6fb5820cb7349f"},"headline":"Wandjina \u2013 Kimberleyn pilvi- ja sadeolennot","datePublished":"2026-09-03T12:33:16+00:00","dateModified":"2026-09-03T12:53:49+00:00","mainEntityOfPage":{"@id":"https:\/\/iwell-guard.com\/fi\/wandjina-kimberleyn-pilvi-ja-sadeolennot\/"},"publisher":{"@id":"https:\/\/iwell-guard.com\/fi\/#organization"},"image":{"@id":"https:\/\/iwell-guard.com\/fi\/wandjina-kimberleyn-pilvi-ja-sadeolennot\/#primaryimage"},"thumbnailUrl":"https:\/\/iwell-guard.com\/wp-content\/uploads\/2026\/05\/goetter_aboriginal_wandjina.webp","inLanguage":"fi","description":"Wandjina ovat Kimberleyn aboriginaalien voimakkaita pilvi- ja sadeolentoja Luoteis-Australiassa. Uskontotieteellinen tarkastelu ja l\u00e4hteet."}]}},"_links":{"self":[{"href":"https:\/\/iwell-guard.com\/fi\/wp-json\/wp\/v2\/pages\/144225","targetHints":{"allow":["GET"]}}],"collection":[{"href":"https:\/\/iwell-guard.com\/fi\/wp-json\/wp\/v2\/pages"}],"about":[{"href":"https:\/\/iwell-guard.com\/fi\/wp-json\/wp\/v2\/types\/page"}],"author":[{"embeddable":true,"href":"https:\/\/iwell-guard.com\/fi\/wp-json\/wp\/v2\/users\/3"}],"replies":[{"embeddable":true,"href":"https:\/\/iwell-guard.com\/fi\/wp-json\/wp\/v2\/comments?post=144225"}],"version-history":[{"count":0,"href":"https:\/\/iwell-guard.com\/fi\/wp-json\/wp\/v2\/pages\/144225\/revisions"}],"wp:featuredmedia":[{"embeddable":true,"href":"https:\/\/iwell-guard.com\/fi\/wp-json\/wp\/v2\/media\/2872"}],"wp:attachment":[{"href":"https:\/\/iwell-guard.com\/fi\/wp-json\/wp\/v2\/media?parent=144225"}],"wp:term":[{"taxonomy":"category","embeddable":true,"href":"https:\/\/iwell-guard.com\/fi\/wp-json\/wp\/v2\/categories?post=144225"}],"curies":[{"name":"wp","href":"https:\/\/api.w.org\/{rel}","templated":true}]}}