{"id":144218,"date":"2026-09-03T12:33:12","date_gmt":"2026-09-03T12:33:12","guid":{"rendered":"https:\/\/iwell-guard.com\/?page_id=144218"},"modified":"2026-09-03T12:53:42","modified_gmt":"2026-09-03T12:53:42","slug":"yer-sub-maan-ja-vedenhenki","status":"publish","type":"page","link":"https:\/\/iwell-guard.com\/fi\/yer-sub-maan-ja-vedenhenki\/","title":{"rendered":"Yer-Sub \u2013 turkkilaisten maan- ja vedenhenki"},"content":{"rendered":"\t\t<div data-elementor-type=\"wp-page\" data-elementor-id=\"144218\" class=\"elementor elementor-144218 elementor-2638 elementor-bc-flex-widget\" data-elementor-post-type=\"page\">\n\t\t\t\t<div class=\"elementor-element elementor-element-iwgw-yersub-hero e-flex e-con-boxed e-con e-parent\" data-id=\"iwgw-yersub-hero\" data-element_type=\"container\" data-e-type=\"container\" data-settings=\"{&quot;background_background&quot;:&quot;classic&quot;}\">\n\t\t\t\t\t<div class=\"e-con-inner\">\n\t\t<div class=\"elementor-element elementor-element-iwgw-yersub-hl e-flex e-con-boxed e-con e-child\" data-id=\"iwgw-yersub-hl\" data-element_type=\"container\" data-e-type=\"container\">\n\t\t\t\t\t<div class=\"e-con-inner\">\n\t\t<div class=\"elementor-element elementor-element-iwgw-yersub-htxt e-con-full e-flex e-con e-child\" data-id=\"iwgw-yersub-htxt\" data-element_type=\"container\" data-e-type=\"container\">\n\t\t\t\t<div class=\"elementor-element elementor-element-iwgw-yersub-h1 elementor-widget elementor-widget-heading\" data-id=\"iwgw-yersub-h1\" data-element_type=\"widget\" data-e-type=\"widget\" data-widget_type=\"heading.default\">\n\t\t\t\t\t<h1 class=\"elementor-heading-title elementor-size-default\">Yer-Sub, muinaisturkkilainen pyh\u00e4n maaper\u00e4n maan- ja vedenvoima<\/h1>\t\t\t\t<\/div>\n\t\t\t\t<div class=\"elementor-element elementor-element-iwgw-yersub-lead elementor-widget elementor-widget-text-editor\" data-id=\"iwgw-yersub-lead\" data-element_type=\"widget\" data-e-type=\"widget\" data-widget_type=\"text-editor.default\">\n\t\t\t\t\t\t\t\t\t<p>Yer-Sub (muinaisturkiksi <em>Yer-Sub<\/em>, \u201dmaa-vesi\u201d) on muinaisturkkilaisessa ja siperialais-tengristisess\u00e4 uskontoj\u00e4rjestelm\u00e4ss\u00e4 pyh\u00e4n maaper\u00e4n ja pyhien vesien yhteenkoottu numinoottinen voima. Se t\u00e4ydent\u00e4\u00e4 ylh\u00e4\u00e4ll\u00e4 olevaa Tengri\u00e4 ja v\u00e4liss\u00e4 olevaa Umaita kosmologiseksi kolminaisuudeksi. Turkkilaiset ja siperialais-tengristiset l\u00e4hteet kuvaavat Yer-Subia pyh\u00e4n maaper\u00e4n maan- ja vedenvoimana.<\/p>\t\t\t\t\t\t\t\t<\/div>\n\t\t\t\t<\/div>\n\t\t<div class=\"elementor-element elementor-element-iwgw-yersub-pillc e-con-full e-flex e-con e-child\" data-id=\"iwgw-yersub-pillc\" data-element_type=\"container\" data-e-type=\"container\">\n\t\t\t\t<div class=\"elementor-element elementor-element-iwgw-yersub-pills elementor-widget elementor-widget-html\" data-id=\"iwgw-yersub-pills\" data-element_type=\"widget\" data-e-type=\"widget\" data-widget_type=\"html.default\">\n\t\t\t\t\t<div class=\"iwg-pill-row\"><span class=\"iwg-klasse-badge\" tabindex=\"0\" data-tooltip=\"Luonnonhenki perinteest\u00e4 Siperia \/ tengrismi.\">Luonnonhenki<\/span><a href=\"https:\/\/iwell-guard.com\/fi\/siperialainen-samanismi-ja-tengrismi\/\" class=\"iwg-kultur-badge\" tabindex=\"0\" data-tooltip=\"Siperia \/ tengrismi -perinteen mytologia.\">Siperia \/ tengrismi<\/a><span class=\"iwg-tradition-badge\" tabindex=\"0\" data-tooltip=\"Maan- ja vedenvoima.\">Maan- ja vedenvoima<\/span><\/div>\t\t\t\t<\/div>\n\t\t\t\t<\/div>\n\t\t<div class=\"elementor-element elementor-element-iwgw-yersub-tocc e-con-full e-flex e-con e-child\" data-id=\"iwgw-yersub-tocc\" data-element_type=\"container\" data-e-type=\"container\">\n\t\t\t\t<div class=\"elementor-element elementor-element-iwgw-yersub-toc elementor-toc--minimized-on-tablet elementor-widget elementor-widget-table-of-contents\" data-id=\"iwgw-yersub-toc\" data-element_type=\"widget\" data-e-type=\"widget\" data-settings=\"{&quot;headings_by_tags&quot;:[&quot;h2&quot;,&quot;h3&quot;],&quot;minimize_box&quot;:&quot;yes&quot;,&quot;marker_view&quot;:&quot;bullets&quot;,&quot;no_headings_message&quot;:&quot;T\\u00e4lt\\u00e4 sivulta ei l\\u00f6ytynyt otsikoita.&quot;,&quot;exclude_headings_by_selector&quot;:[],&quot;icon&quot;:{&quot;value&quot;:&quot;fas fa-circle&quot;,&quot;library&quot;:&quot;fa-solid&quot;,&quot;rendered_tag&quot;:&quot;&lt;svg class=\\&quot;e-font-icon-svg e-fas-circle\\&quot; viewBox=\\&quot;0 0 512 512\\&quot; xmlns=\\&quot;http:\\\/\\\/www.w3.org\\\/2000\\\/svg\\&quot;&gt;&lt;path d=\\&quot;M256 8C119 8 8 119 8 256s111 248 248 248 248-111 248-248S393 8 256 8z\\&quot;&gt;&lt;\\\/path&gt;&lt;\\\/svg&gt;&quot;},&quot;minimized_on&quot;:&quot;tablet&quot;,&quot;hierarchical_view&quot;:&quot;yes&quot;,&quot;min_height&quot;:{&quot;unit&quot;:&quot;px&quot;,&quot;size&quot;:&quot;&quot;,&quot;sizes&quot;:[]},&quot;min_height_tablet&quot;:{&quot;unit&quot;:&quot;px&quot;,&quot;size&quot;:&quot;&quot;,&quot;sizes&quot;:[]},&quot;min_height_mobile&quot;:{&quot;unit&quot;:&quot;px&quot;,&quot;size&quot;:&quot;&quot;,&quot;sizes&quot;:[]}}\" data-widget_type=\"table-of-contents.default\">\n\t\t\t\t\t\t\t\t\t<div class=\"elementor-toc__header\">\n\t\t\t\t\t\t<h2 class=\"elementor-toc__header-title\">\n\t\t\t\tSis\u00e4llysluettelo\t\t\t<\/h2>\n\t\t\t\t\t\t\t\t\t\t<div class=\"elementor-toc__toggle-button elementor-toc__toggle-button--expand\" role=\"button\" tabindex=\"0\" aria-controls=\"elementor-toc__iwgw-yersub-toc\" aria-expanded=\"true\" aria-label=\"Open table of contents\"><svg aria-hidden=\"true\" class=\"e-font-icon-svg e-fas-chevron-down\" viewBox=\"0 0 448 512\" xmlns=\"http:\/\/www.w3.org\/2000\/svg\"><path d=\"M207.029 381.476L12.686 187.132c-9.373-9.373-9.373-24.569 0-33.941l22.667-22.667c9.357-9.357 24.522-9.375 33.901-.04L224 284.505l154.745-154.021c9.379-9.335 24.544-9.317 33.901.04l22.667 22.667c9.373 9.373 9.373 24.569 0 33.941L240.971 381.476c-9.373 9.372-24.569 9.372-33.942 0z\"><\/path><\/svg><\/div>\n\t\t\t\t<div class=\"elementor-toc__toggle-button elementor-toc__toggle-button--collapse\" role=\"button\" tabindex=\"0\" aria-controls=\"elementor-toc__iwgw-yersub-toc\" aria-expanded=\"true\" aria-label=\"Close table of contents\"><svg aria-hidden=\"true\" class=\"e-font-icon-svg e-fas-chevron-up\" viewBox=\"0 0 448 512\" xmlns=\"http:\/\/www.w3.org\/2000\/svg\"><path d=\"M240.971 130.524l194.343 194.343c9.373 9.373 9.373 24.569 0 33.941l-22.667 22.667c-9.357 9.357-24.522 9.375-33.901.04L224 227.495 69.255 381.516c-9.379 9.335-24.544 9.317-33.901-.04l-22.667-22.667c-9.373-9.373-9.373-24.569 0-33.941L207.03 130.525c9.372-9.373 24.568-9.373 33.941-.001z\"><\/path><\/svg><\/div>\n\t\t\t\t\t<\/div>\n\t\t\t\t<div id=\"elementor-toc__iwgw-yersub-toc\" class=\"elementor-toc__body\">\n\t\t\t<div class=\"elementor-toc__spinner-container\">\n\t\t\t\t<svg class=\"elementor-toc__spinner eicon-animation-spin e-font-icon-svg e-eicon-loading\" aria-hidden=\"true\" viewBox=\"0 0 1000 1000\" xmlns=\"http:\/\/www.w3.org\/2000\/svg\"><path d=\"M500 975V858C696 858 858 696 858 500S696 142 500 142 142 304 142 500H25C25 237 238 25 500 25S975 237 975 500 763 975 500 975Z\"><\/path><\/svg>\t\t\t<\/div>\n\t\t<\/div>\n\t\t\t\t\t\t<\/div>\n\t\t\t\t<\/div>\n\t\t\t\t\t<\/div>\n\t\t\t\t<\/div>\n\t\t<div class=\"elementor-element elementor-element-iwgw-yersub-hr e-con-full e-flex e-con e-child\" data-id=\"iwgw-yersub-hr\" data-element_type=\"container\" data-e-type=\"container\">\n\t\t\t\t<div class=\"elementor-element elementor-element-iwgw-yersub-heroimg iwg-hero-image elementor-widget elementor-widget-image\" data-id=\"iwgw-yersub-heroimg\" data-element_type=\"widget\" data-e-type=\"widget\" data-widget_type=\"image.default\">\n\t\t\t\t\t\t\t\t\t\t\t\t\t\t\t<img fetchpriority=\"high\" decoding=\"async\" width=\"683\" height=\"1024\" src=\"https:\/\/iwell-guard.com\/wp-content\/uploads\/2026\/05\/geister_sibirisch-tengrismus_yer-sub-683x1024.webp\" class=\"attachment-large size-large wp-image-148785\" alt=\"Yer Sub - henki\u00e4 siperialais-tengrismin perinteest\u00e4, historiallis-kuvitteellinen esitys\" srcset=\"https:\/\/iwell-guard.com\/wp-content\/uploads\/2026\/05\/geister_sibirisch-tengrismus_yer-sub-683x1024.webp 683w, https:\/\/iwell-guard.com\/wp-content\/uploads\/2026\/05\/geister_sibirisch-tengrismus_yer-sub-200x300.webp 200w, https:\/\/iwell-guard.com\/wp-content\/uploads\/2026\/05\/geister_sibirisch-tengrismus_yer-sub-768x1152.webp 768w, https:\/\/iwell-guard.com\/wp-content\/uploads\/2026\/05\/geister_sibirisch-tengrismus_yer-sub.webp 1024w\" sizes=\"(max-width: 683px) 100vw, 683px\" \/>\t\t\t\t\t\t\t\t\t\t\t\t\t\t\t<\/div>\n\t\t\t\t<\/div>\n\t\t\t\t\t<\/div>\n\t\t\t\t<\/div>\n\t\t\t\t<section class=\"elementor-section elementor-top-section elementor-element elementor-element-sec-iwgcomp-yer-sub elementor-section-boxed elementor-section-height-default elementor-section-height-default\" data-id=\"sec-iwgcomp-yer-sub\" data-element_type=\"section\" data-e-type=\"section\">\n\t\t\t\t\t\t<div class=\"elementor-container elementor-column-gap-default\">\n\t\t\t\t\t<div class=\"elementor-column elementor-col-100 elementor-top-column elementor-element elementor-element-col-iwgcomp-yer-sub\" data-id=\"col-iwgcomp-yer-sub\" data-element_type=\"column\" data-e-type=\"column\">\n\t\t\t<div class=\"elementor-widget-wrap elementor-element-populated\">\n\t\t\t\t\t\t<div class=\"elementor-element elementor-element-iwgcomp-yer-sub elementor-widget elementor-widget-text-editor\" data-id=\"iwgcomp-yer-sub\" data-element_type=\"widget\" data-e-type=\"widget\" data-widget_type=\"text-editor.default\">\n\t\t\t\t\t\t\t\t\t<p>Yer-Sub, <strong>maan ja veden voima<\/strong>, ilment\u00e4\u00e4 muinaisturkkilaisessa perinteess\u00e4 samanaikaisesti pyh\u00e4\u00e4 maaper\u00e4\u00e4 ja virtaavaa vesielementti\u00e4.<\/p>\t\t\t\t\t\t\t\t<\/div>\n\t\t\t\t\t<\/div>\n\t\t<\/div>\n\t\t\t\t\t<\/div>\n\t\t<\/section>\n\t\t<div class=\"elementor-element elementor-element-iwgw-yersub-s0 e-flex e-con-boxed e-con e-parent\" data-id=\"iwgw-yersub-s0\" data-element_type=\"container\" data-e-type=\"container\">\n\t\t\t\t\t<div class=\"e-con-inner\">\n\t\t\t\t<div class=\"elementor-element elementor-element-iwgw-yersub-s0h elementor-widget elementor-widget-heading\" data-id=\"iwgw-yersub-s0h\" data-element_type=\"widget\" data-e-type=\"widget\" data-widget_type=\"heading.default\">\n\t\t\t\t\t<h2 class=\"elementor-heading-title elementor-size-default\">Tarkastelu ja lyhyt profiili<\/h2>\t\t\t\t<\/div>\n\t\t<div class=\"elementor-element elementor-element-iwgw-yersub-s0c e-con-full e-flex e-con e-child\" data-id=\"iwgw-yersub-s0c\" data-element_type=\"container\" data-e-type=\"container\">\n\t\t\t\t<div class=\"elementor-element elementor-element-iwgw-yersub-s0t elementor-widget elementor-widget-text-editor\" data-id=\"iwgw-yersub-s0t\" data-element_type=\"widget\" data-e-type=\"widget\" data-widget_type=\"text-editor.default\">\n\t\t\t\t\t\t\t\t\t<p>Toisin kuin persoonalliset jumalat <a href=\"https:\/\/iwell-guard.com\/fi\/?page_id=144214\">Tengri<\/a>, <a href=\"https:\/\/iwell-guard.com\/fi\/?page_id=144215\">Umai<\/a> tai <a href=\"https:\/\/iwell-guard.com\/fi\/?page_id=144217\">\u00dclgen<\/a>, Yer-Sub ei ole yksil\u00f6, vaan yhteis\u00f6llinen, paikkaan sidottu voima.<\/p><p>800-luvun Orhon-kirjoituksissa (K\u00fcl-Tigin, Bilge Kagan, Tonyukuk) Yer-Sub esiintyy s\u00e4\u00e4nn\u00f6llisesti kolmiosaisessa kaavassa: \u201dTengri (taivas), Umai (\u00e4iti) ja Yer-Sub (maa-vesi) ovat antaneet meille voiton.\u201d T\u00e4m\u00e4 kaava on yksi t\u00e4rkeimmist\u00e4 todisteista muinaisturkkilaisen tengrismin kosmologisesta rakenteesta.<\/p><p><a href=\"https:\/\/iwell-guard.com\/fi\/siperialainen-samanismi-ja-tengrismi\/\">Siperialais-tengristisen perinteen<\/a> sis\u00e4ll\u00e4 nuoremmat erikoishahmot, vuorten herrat, l\u00e4hteiden henget, jokien henget, ottivat haltuunsa konkreettiset teht\u00e4v\u00e4t, jotka alun perin oli yhteis\u00f6llisesti liitetty Yer-Subiin. N\u00e4in Yer-Sub tiivistyy my\u00f6hemm\u00e4ss\u00e4 uskontohistoriassa nimettyjen yksitt\u00e4isten henkien kirjoksi katoamatta k\u00e4sitteen\u00e4.<\/p><p>Uskontofenomenologisesti Yer-Sub on esimerkki \u201dpaikallisesta numinositeetista\u201d: toisin kuin universaalit korkeajumaluudet, t\u00e4m\u00e4 voima on tilaan sidottu ja kokoontuu tiettyihin paikkoihin, vuoristosolat, l\u00e4hteet, jokisuistot, kalliot. Se on siten linjassa roomalaisten <em>genii loci<\/em> -henkien ja japanilaisten <em>jinushigami<\/em>-henkien kanssa.<\/p>\t\t\t\t\t\t\t\t<\/div>\n\t\t\t\t<\/div>\n\t\t\t\t\t<\/div>\n\t\t\t\t<\/div>\n\t\t<div class=\"elementor-element elementor-element-iwgw-yersub-s1 e-flex e-con-boxed e-con e-parent\" data-id=\"iwgw-yersub-s1\" data-element_type=\"container\" data-e-type=\"container\">\n\t\t\t\t\t<div class=\"e-con-inner\">\n\t\t\t\t<div class=\"elementor-element elementor-element-iwgw-yersub-s1h elementor-widget elementor-widget-heading\" data-id=\"iwgw-yersub-s1h\" data-element_type=\"widget\" data-e-type=\"widget\" data-widget_type=\"heading.default\">\n\t\t\t\t\t<h2 class=\"elementor-heading-title elementor-size-default\">Nimi ja etymologia<\/h2>\t\t\t\t<\/div>\n\t\t<div class=\"elementor-element elementor-element-iwgw-yersub-s1c e-con-full e-flex e-con e-child\" data-id=\"iwgw-yersub-s1c\" data-element_type=\"container\" data-e-type=\"container\">\n\t\t\t\t<div class=\"elementor-element elementor-element-iwgw-yersub-s1t elementor-widget elementor-widget-text-editor\" data-id=\"iwgw-yersub-s1t\" data-element_type=\"widget\" data-e-type=\"widget\" data-widget_type=\"text-editor.default\">\n\t\t\t\t\t\t\t\t\t<p>Nimi on klassinen muinaisturkkilainen dvandva-yhdyssana: <em>yer<\/em> (\u201dmaa, alue, paikka\u201d) ja <em>sub<\/em> (\u201dvesi, l\u00e4hde, joki\u201d). Vastaavia muodosteita esiintyy monissa indoeurooppalaisissa ja altailaisissa kieliss\u00e4; ne ilmaisevat, ett\u00e4 maa ja vesi k\u00e4sitet\u00e4\u00e4n t\u00e4ss\u00e4 yhteydess\u00e4 ei kahtena erillisen\u00e4 asiana, vaan yhteen kuuluvana el\u00e4m\u00e4n perustan parina.<\/p><p>Mongolialaisessa maailmassa k\u00e4sitett\u00e4 vastaa osittain <em>gazar usu<\/em> (\u201dmaa-vesi\u201d) tai <em>Et\u00fcgen Eke<\/em> (\u201d\u00e4iti maa\u201d). Siperiassa itsess\u00e4\u00e4n burjaatit tuntevat <em>lus<\/em>-henget (l\u00e4hteiden henget) ja jakuutit tuntevat <em>Aar Tojonin<\/em> maanpalvelijan <em>Aan Alakhchynin<\/em>.<\/p><p>Talat Tekin (1968) on selvitt\u00e4nyt <em>yer sub<\/em> -ilmauksen kieliopillisen aseman yhdyssanana: kyse ei ole kahdesta per\u00e4kk\u00e4in mainitusta jumalasta, vaan yhdest\u00e4 voimasta, jolla on kaksiosainen nimi. T\u00e4ll\u00e4 kielitieteellisell\u00e4 havainnolla on uskontotieteellisi\u00e4 seurauksia, koska se viittaa yhten\u00e4iseen k\u00e4sitykseen maan ja veden voimasta.<\/p>\t\t\t\t\t\t\t\t<\/div>\n\t\t\t\t<\/div>\n\t\t\t\t\t<\/div>\n\t\t\t\t<\/div>\n\t\t<div class=\"elementor-element elementor-element-iwgw-yersub-s2 e-flex e-con-boxed e-con e-parent\" data-id=\"iwgw-yersub-s2\" data-element_type=\"container\" data-e-type=\"container\">\n\t\t\t\t\t<div class=\"e-con-inner\">\n\t\t\t\t<div class=\"elementor-element elementor-element-iwgw-yersub-s2h elementor-widget elementor-widget-heading\" data-id=\"iwgw-yersub-s2h\" data-element_type=\"widget\" data-e-type=\"widget\" data-widget_type=\"heading.default\">\n\t\t\t\t\t<h2 class=\"elementor-heading-title elementor-size-default\">Kuvaus ja ikonografia<\/h2>\t\t\t\t<\/div>\n\t\t<div class=\"elementor-element elementor-element-iwgw-yersub-s2c e-con-full e-flex e-con e-child\" data-id=\"iwgw-yersub-s2c\" data-element_type=\"container\" data-e-type=\"container\">\n\t\t\t\t<div class=\"elementor-element elementor-element-iwgw-yersub-s2t elementor-widget elementor-widget-text-editor\" data-id=\"iwgw-yersub-s2t\" data-element_type=\"widget\" data-e-type=\"widget\" data-widget_type=\"text-editor.default\">\n\t\t\t\t\t\t\t\t\t<p>Yer-Subilla ei ole omaa ikonografiaa. Kun paikkaan sidotut erikoishenget kuvataan, se tapahtuu kivikasojen (<em>obo<\/em>), kirjoitettujen puupaalujen (<em>serge<\/em>), lehtikuusiin sidottujen kangasnauhojen (<em>kyira<\/em>) ja l\u00e4hteen reunalla olevien pienten puufiguurien avulla. Yer-Sub kokonaisuudessaan pysyy n\u00e4kym\u00e4tt\u00f6m\u00e4n\u00e4; itse aine on sen ruumis.<\/p><p>T\u00e4m\u00e4 kuvattomuus yhdist\u00e4\u00e4 Yer-Subin kaukaiseen <a href=\"https:\/\/iwell-guard.com\/fi\/?page_id=144214\">Tengriin<\/a>, toisin kuin persoonallis-antropomorfiset <a href=\"https:\/\/iwell-guard.com\/fi\/?page_id=144217\">\u00dclgen<\/a>, <a href=\"https:\/\/iwell-guard.com\/fi\/?page_id=144215\">Umai<\/a> tai <a href=\"https:\/\/iwell-guard.com\/fi\/?page_id=144216\">Erlik Khan<\/a>. Uskontofenomenologisesti se merkitsee eroa yhteis\u00f6llis-numinoottisten ja yksil\u00f6llis-personoitujen voimien v\u00e4lill\u00e4 <span class=\"iwg-fachbegriff\" data-tooltip=\"Uskonnon tai kulttuurin jumalien kokonaisuus.\" tabindex=\"0\">panteonissa<\/span>.<\/p><p>Nykyisess\u00e4 mongolialaisessa k\u00e4yt\u00e4nn\u00f6ss\u00e4 Yer-Sub ilmenee osittain ovoo-kivikasoina; suurempien juhlien aikana ovoojen ymp\u00e4rille pingotetaan pitki\u00e4 sinisi\u00e4 <em>khadag<\/em>-huiveja, joiden sininen v\u00e4ri viittaa tarkoituksellisesti <em>M\u00f6ngke K\u00f6ke Tengriin<\/em>, kun kivet itse edustavat Yer-Subia.<\/p>\t\t\t\t\t\t\t\t<\/div>\n\t\t\t\t<\/div>\n\t\t\t\t\t<\/div>\n\t\t\t\t<\/div>\n\t\t<div class=\"elementor-element elementor-element-iwgw-yersub-s3 e-flex e-con-boxed e-con e-parent\" data-id=\"iwgw-yersub-s3\" data-element_type=\"container\" data-e-type=\"container\">\n\t\t\t\t\t<div class=\"e-con-inner\">\n\t\t\t\t<div class=\"elementor-element elementor-element-iwgw-yersub-s3h elementor-widget elementor-widget-heading\" data-id=\"iwgw-yersub-s3h\" data-element_type=\"widget\" data-e-type=\"widget\" data-widget_type=\"heading.default\">\n\t\t\t\t\t<h2 class=\"elementor-heading-title elementor-size-default\">Myyttiset kertomukset<\/h2>\t\t\t\t<\/div>\n\t\t<div class=\"elementor-element elementor-element-iwgw-yersub-s3c e-con-full e-flex e-con e-child\" data-id=\"iwgw-yersub-s3c\" data-element_type=\"container\" data-e-type=\"container\">\n\t\t\t\t<div class=\"elementor-element elementor-element-iwgw-yersub-s3t elementor-widget elementor-widget-text-editor\" data-id=\"iwgw-yersub-s3t\" data-element_type=\"widget\" data-e-type=\"widget\" data-widget_type=\"text-editor.default\">\n\t\t\t\t\t\t\t\t\t<p>K\u00f6kt\u00fcrkkien kirjoitukset eiv\u00e4t sis\u00e4ll\u00e4 kertomuksia Yer-Subista, vaan kutsuhuutoja. Vasta 1800-luvun etnografisissa muistiinpanoissa (Radloff, Anokhin, Verbickij) ilmestyy kertomuksia yksitt\u00e4isist\u00e4 vuorten- ja jokienherroista, jotka yhdess\u00e4 t\u00e4ytt\u00e4v\u00e4t Yer-Sub-kirjon.<\/p><p>Burjaateilla esimerkiksi Baikal-j\u00e4rve\u00e4 puhutellaan \u201dis\u00e4n\u00e4\u201d ja ymp\u00e4r\u00f6ivi\u00e4 vuoria \u201dveljin\u00e4\u201d; t\u00e4m\u00e4 sukulaisuuskaava purkaa Yer-Sub-voiman sukulaisuusmetaforiksi.<\/p><p>Erityinen altailainen kertomus kertoo, kuinka vuoret syntyiv\u00e4t, kun Yer-Sub kapinoi Erlikin yrityst\u00e4 vastaan ottaa maa omaan k\u00e4ytt\u00f6\u00f6ns\u00e4: vuoret ovat kosmisen taistelun j\u00e4\u00e4tyneit\u00e4 aaltoja. T\u00e4m\u00e4 kertomus asettuu luomismyyttien ja etiologisten myyttien v\u00e4limaastoon.<\/p><p>Jakuuttien olonkho-epiikassa maanjumalatar <em>Aan Alakhchyn Khotun<\/em> ilment\u00e4\u00e4 yht\u00e4 Yer-Sub-funktion piirrett\u00e4. H\u00e4n asuu pyh\u00e4ss\u00e4 puussa maailman keskipisteess\u00e4 ja antaa kaikille el\u00e4ville olennoille osan el\u00e4m\u00e4nvedest\u00e4\u00e4n, <span class=\"iwg-fachbegriff\" data-tooltip=\"Taiteessa tai kertomuksessa toistuva sis\u00e4ll\u00f6llinen elementti.\" tabindex=\"0\">motiivi<\/span>, joka muotoilee integroidun maa-vesi-k\u00e4sitteen eeppiseksi kokonaisuudeksi.<\/p>\t\t\t\t\t\t\t\t<\/div>\n\t\t\t\t<\/div>\n\t\t\t\t\t<\/div>\n\t\t\t\t<\/div>\n\t\t<div class=\"elementor-element elementor-element-iwgw-yersub-s4 e-flex e-con-boxed e-con e-parent\" data-id=\"iwgw-yersub-s4\" data-element_type=\"container\" data-e-type=\"container\">\n\t\t\t\t\t<div class=\"e-con-inner\">\n\t\t\t\t<div class=\"elementor-element elementor-element-iwgw-yersub-s4h elementor-widget elementor-widget-heading\" data-id=\"iwgw-yersub-s4h\" data-element_type=\"widget\" data-e-type=\"widget\" data-widget_type=\"heading.default\">\n\t\t\t\t\t<h2 class=\"elementor-heading-title elementor-size-default\">Kultti ja palvonta<\/h2>\t\t\t\t<\/div>\n\t\t<div class=\"elementor-element elementor-element-iwgw-yersub-s4c e-con-full e-flex e-con e-child\" data-id=\"iwgw-yersub-s4c\" data-element_type=\"container\" data-e-type=\"container\">\n\t\t\t\t<div class=\"elementor-element elementor-element-iwgw-yersub-s4t elementor-widget elementor-widget-text-editor\" data-id=\"iwgw-yersub-s4t\" data-element_type=\"widget\" data-e-type=\"widget\" data-widget_type=\"text-editor.default\">\n\t\t\t\t\t\t\t\t\t<p>T\u00e4rkein kulttimuoto on <em>ovoo<\/em>&#8211;<span class=\"iwg-fachbegriff\" data-tooltip=\"S\u00e4\u00e4delty sarja symbolisia toimintoja, joilla on uskonnollinen tai kulttuurinen merkitys.\" tabindex=\"0\">rituaali<\/span>: vuoristosolalle tai n\u00e4kyv\u00e4n l\u00e4hteen luo kootaan kivikeko, koristellaan kangaskaistaleilla ja kunnioitetaan kiert\u00e4m\u00e4ll\u00e4 sit\u00e4 kolmesti my\u00f6t\u00e4p\u00e4iv\u00e4\u00e4n. Matkustajat lis\u00e4\u00e4v\u00e4t kekoon kiven; paimenet kaatavat maahan hieman maitoa tai kumissia.<\/p><p>Valtiollisella tasolla Yer-Sub oli osa khaanien valaa: se, joka petti khaania, &#8220;loukkasi Yer-Subia&#8221; ja putosi j\u00e4rjestyksen ulkopuolelle. T\u00e4m\u00e4 poliittinen teht\u00e4v\u00e4 on v\u00e4lillisesti tallennettu jopa Theophylaktos Simokattesin (700-luvun alku) bysanttilaisessa kertomuksessa, jossa h\u00e4n kuvaa turkkilaisia valak\u00e4yt\u00e4nt\u00f6j\u00e4.<\/p><p>Nykyisess\u00e4 Mongoliassa ovoo-<span class=\"iwg-fachbegriff\" data-tooltip=\"S\u00e4\u00e4delty sarja symbolisia toimintoja, joilla on uskonnollinen tai kulttuurinen merkitys.\" tabindex=\"0\">rituaali<\/span> on kokenut huomattavan renessanssin; vuoden 1990 j\u00e4lkeen on syntynyt tai kunnostettu tuhansia uusia ovoita. Caroline Humphrey on dokumentoinut t\u00e4m\u00e4n renessanssin perusteellisesti teoksissaan <em>The Marxist Anthropology of Mongolia<\/em> ja <em>Inside and Outside the Mongol Tent<\/em> (2002).<\/p>\t\t\t\t\t\t\t\t<\/div>\n\t\t\t\t<\/div>\n\t\t\t\t\t<\/div>\n\t\t\t\t<\/div>\n\t\t<div class=\"elementor-element elementor-element-iwgw-yersub-s5 e-flex e-con-boxed e-con e-parent\" data-id=\"iwgw-yersub-s5\" data-element_type=\"container\" data-e-type=\"container\">\n\t\t\t\t\t<div class=\"e-con-inner\">\n\t\t\t\t<div class=\"elementor-element elementor-element-iwgw-yersub-s5h elementor-widget elementor-widget-heading\" data-id=\"iwgw-yersub-s5h\" data-element_type=\"widget\" data-e-type=\"widget\" data-widget_type=\"heading.default\">\n\t\t\t\t\t<h2 class=\"elementor-heading-title elementor-size-default\">Suojeluk\u00e4yt\u00e4nt\u00f6 ja apotropaiset piirteet<\/h2>\t\t\t\t<\/div>\n\t\t<div class=\"elementor-element elementor-element-iwgw-yersub-s5c e-con-full e-flex e-con e-child\" data-id=\"iwgw-yersub-s5c\" data-element_type=\"container\" data-e-type=\"container\">\n\t\t\t\t<div class=\"elementor-element elementor-element-iwgw-yersub-s5t elementor-widget elementor-widget-text-editor\" data-id=\"iwgw-yersub-s5t\" data-element_type=\"widget\" data-e-type=\"widget\" data-widget_type=\"text-editor.default\">\n\t\t\t\t\t\t\t\t\t<p>Uskontotieteellisesti kuvattuna Yer-Sub-kokonaisuuden suojelevat k\u00e4yt\u00e4nn\u00f6t t\u00e4ht\u00e4\u00e4v\u00e4t v\u00e4hemm\u00e4n vahingon torjumiseen kuin paikan puhtauden s\u00e4ilytt\u00e4miseen.<\/p><p>Kielletty\u00e4 oli esimerkiksi sylkeminen l\u00e4hteeseen, pyhien puiden katkominen ja tarpeille meneminen <em>obolla<\/em>. N\u00e4iden tabujen rikkomista pidettiin &#8220;Yer-Subin loukkaamisena&#8221;, ja siihen saattoi perinteen mukaan vastata ep\u00e4onnistuminen mets\u00e4styksess\u00e4 tai sairaus.<\/p><p>Suppeammassa mieless\u00e4 <span class=\"iwg-fachbegriff\" data-tooltip=\"Monikko sanasta apotropaikoni: esineet ja merkit, joiden tarkoitus on torjua onnettomuutta.\" tabindex=\"0\">apotropaiat<\/span> olivat pienten pyh\u00e4lt\u00e4 vuorelta tuotujen kivien kantaminen, suojakaavojen kaivertaminen l\u00e4hteen paaluihin ja hevosenjouhitupsujen kiinnitt\u00e4minen kynnyksiin. N\u00e4it\u00e4 k\u00e4yt\u00e4nt\u00f6j\u00e4 harjoitetaan Mongoliassa ja Tuvassa viel\u00e4 t\u00e4n\u00e4kin p\u00e4iv\u00e4n\u00e4.<\/p><p>Mielenkiintoinen yksityiskohta jakutialaisesta perinteest\u00e4: ennen pyh\u00e4lt\u00e4 paikalta poistumista silt\u00e4 &#8220;pyydet\u00e4\u00e4n&#8221; muodollisesti lupaa, usein sanoin &#8220;<em>Bahyy bolokhtuun<\/em>&#8221; (&#8220;ole armollinen, p\u00e4\u00e4st\u00e4 minut&#8221;). T\u00e4m\u00e4 maisemalle osoitettu kohteliaisuuden muoto on uskonnonfenomenologisesti klassinen esimerkki animistisesta etiketist\u00e4.<\/p>\t\t\t\t\t\t\t\t<\/div>\n\t\t\t\t<\/div>\n\t\t\t\t\t<\/div>\n\t\t\t\t<\/div>\n\t\t<div class=\"elementor-element elementor-element-iwgw-yersub-s6 e-flex e-con-boxed e-con e-parent\" data-id=\"iwgw-yersub-s6\" data-element_type=\"container\" data-e-type=\"container\">\n\t\t\t\t\t<div class=\"e-con-inner\">\n\t\t\t\t<div class=\"elementor-element elementor-element-iwgw-yersub-s6h elementor-widget elementor-widget-heading\" data-id=\"iwgw-yersub-s6h\" data-element_type=\"widget\" data-e-type=\"widget\" data-widget_type=\"heading.default\">\n\t\t\t\t\t<h2 class=\"elementor-heading-title elementor-size-default\">Rinnakkaisilmi\u00f6t muissa kulttuureissa<\/h2>\t\t\t\t<\/div>\n\t\t<div class=\"elementor-element elementor-element-iwgw-yersub-s6c e-con-full e-flex e-con e-child\" data-id=\"iwgw-yersub-s6c\" data-element_type=\"container\" data-e-type=\"container\">\n\t\t\t\t<div class=\"elementor-element elementor-element-iwgw-yersub-s6t elementor-widget elementor-widget-text-editor\" data-id=\"iwgw-yersub-s6t\" data-element_type=\"widget\" data-e-type=\"widget\" data-widget_type=\"text-editor.default\">\n\t\t\t\t\t\t\t\t\t<p>Rakenteellisesti verrattavissa roomalaisiin <em>genius loci<\/em> -henkiin, germaanisiin maanhaltioihin, kelttil\u00e4isiin <em>s\u00eddh<\/em>-asukkaisiin, Japanissa <span class=\"iwg-fachbegriff\" data-tooltip=\"Japanin alkuper\u00e4isuskonto, jolle on ominaista kamien palvonta.\" tabindex=\"0\">shinton<\/span> perinteen <em>jinushigami<\/em>-henkiin ja Latinalaisessa Amerikassa andilaisiin <em>apu<\/em>&#8211; ja <em>huaca<\/em>-olentoihin. Kaikissa n\u00e4iss\u00e4 tapauksissa on kyse paikkaan sidotusta, yhteis\u00f6llisest\u00e4 voimasta, jota kunnioitetaan puhtaustabujen kautta henkil\u00f6kohtaisten myyttien sijaan.<\/p><p>Erityisen l\u00e4heinen on tyypillinen sukulaisuus kiinalaiseen <em>tudi gong<\/em> -j\u00e4rjestelm\u00e4\u00e4n paikallisista maajumalista ja tiibetil\u00e4iseen <em>sa-bdag<\/em>-k\u00e4sitteeseen (&#8220;maan herrat&#8221;). T\u00e4ss\u00e4 n\u00e4kyy kulttuurisia yhtym\u00e4kohtia Sis\u00e4-Aasian alueella, vaikka suoraa historiallista johtoa ei voida osoittaa varmuudella.<\/p><p>Uskonnonfenomenologisesti Yer-Sub edustaa sit\u00e4, mit\u00e4 Mircea Eliade kutsui teoksessaan <em>Le sacr\u00e9 et le profane<\/em> (1957) &#8220;paikan hierofaniaksi&#8221;: tietyt paikat muuttuvat rituaalisen merkitsemisens\u00e4 my\u00f6t\u00e4 pyh\u00e4ksi keskukseksi, vaikkei niiss\u00e4 asuisi henkil\u00f6kohtainen jumala.<\/p>\t\t\t\t\t\t\t\t<\/div>\n\t\t\t\t<\/div>\n\t\t\t\t\t<\/div>\n\t\t\t\t<\/div>\n\t\t<div class=\"elementor-element elementor-element-iwgw-yersub-s7 e-flex e-con-boxed e-con e-parent\" data-id=\"iwgw-yersub-s7\" data-element_type=\"container\" data-e-type=\"container\">\n\t\t\t\t\t<div class=\"e-con-inner\">\n\t\t\t\t<div class=\"elementor-element elementor-element-iwgw-yersub-s7h elementor-widget elementor-widget-heading\" data-id=\"iwgw-yersub-s7h\" data-element_type=\"widget\" data-e-type=\"widget\" data-widget_type=\"heading.default\">\n\t\t\t\t\t<h2 class=\"elementor-heading-title elementor-size-default\">Nykyinen tulkinta ja tutkimus<\/h2>\t\t\t\t<\/div>\n\t\t<div class=\"elementor-element elementor-element-iwgw-yersub-s7c e-con-full e-flex e-con e-child\" data-id=\"iwgw-yersub-s7c\" data-element_type=\"container\" data-e-type=\"container\">\n\t\t\t\t<div class=\"elementor-element elementor-element-iwgw-yersub-s7t elementor-widget elementor-widget-text-editor\" data-id=\"iwgw-yersub-s7t\" data-element_type=\"widget\" data-e-type=\"widget\" data-widget_type=\"text-editor.default\">\n\t\t\t\t\t\t\t\t\t<p>Nykyp\u00e4iv\u00e4n Mongoliassa ja Tuvassa Yer-Sub (nimill\u00e4 <em>gazar usu<\/em> tai <em>cher-sug<\/em>) on tullut ymp\u00e4rist\u00f6etiikan keskeiseksi k\u00e4sitteeksi. Useat ekologisesti suuntautuneet kansalaisj\u00e4rjest\u00f6t vetoavat perinteiseen ovoo-kokonaisuuteen perustelunaan. Keskeisi\u00e4 akateemisia teoksia: Caroline Humphrey (<em>The Marxist Anthropology of Mongolia<\/em>, 1983; <em>Inside and Outside the Mongol Tent<\/em>, 2002), Roberte Hamayon, Sergei Neklyudov.<\/p><p>Oma tutkimushaaransa yhdist\u00e4\u00e4 Yer-Sub-k\u00e4yt\u00e4nn\u00f6n nykyisiin kaivos- ja vesioikeuskiistoihin Mongoliassa: alkuper\u00e4iskansojen ryhm\u00e4t vetoavat Yer-Sub-paikkojen uskonnolliseen koskemattomuuteen suurhankkeiden est\u00e4miseksi. T\u00e4ll\u00e4 poliittisella ulottuvuudella on tieteellisi\u00e4 seurauksia, joita Caroline Humphrey k\u00e4sittelee perusteellisesti.<\/p><p>Tuvassa on vuodesta 1990 l\u00e4htien muodostunut <em>D\u00fcng\u00fcr<\/em>-yhdistys, joka kokoaa samaanik\u00e4yt\u00e4nn\u00f6n harjoittajia ja kodifioi Yer-Sub-rituaaleja julkisesti. Tieteelliselt\u00e4 kannalta t\u00e4m\u00e4 kodifiointi on mielenkiintoinen tapaus siit\u00e4, kuinka moderni yhdistystoiminta &#8220;luetteloi&#8221; alun perin hajanaisen k\u00e4yt\u00e4nn\u00f6n.<\/p>\t\t\t\t\t\t\t\t<\/div>\n\t\t\t\t<\/div>\n\t\t\t\t\t<\/div>\n\t\t\t\t<\/div>\n\t\t<div class=\"elementor-element elementor-element-iwgw-yersub-s8 e-flex e-con-boxed e-con e-parent\" data-id=\"iwgw-yersub-s8\" data-element_type=\"container\" data-e-type=\"container\">\n\t\t\t\t\t<div class=\"e-con-inner\">\n\t\t\t\t<div class=\"elementor-element elementor-element-iwgw-yersub-s8h elementor-widget elementor-widget-heading\" data-id=\"iwgw-yersub-s8h\" data-element_type=\"widget\" data-e-type=\"widget\" data-widget_type=\"heading.default\">\n\t\t\t\t\t<h2 class=\"elementor-heading-title elementor-size-default\">Tutkimuskeskustelut ja avoimet kysymykset<\/h2>\t\t\t\t<\/div>\n\t\t<div class=\"elementor-element elementor-element-iwgw-yersub-s8c e-con-full e-flex e-con e-child\" data-id=\"iwgw-yersub-s8c\" data-element_type=\"container\" data-e-type=\"container\">\n\t\t\t\t<div class=\"elementor-element elementor-element-iwgw-yersub-s8t elementor-widget elementor-widget-text-editor\" data-id=\"iwgw-yersub-s8t\" data-element_type=\"widget\" data-e-type=\"widget\" data-widget_type=\"text-editor.default\">\n\t\t\t\t\t\t\t\t\t<p>Keskeinen keskustelunaihe koskee sit\u00e4, onko Yer-Sub <em>yksitt\u00e4inen<\/em> k\u00e4site vai <em>kokoava<\/em> k\u00e4site. Talat Tekin ja Sergei Neklyudov puolsivat yhten\u00e4ist\u00e4 tulkintaa; uudempi tutkimus (esimerkiksi B. Kellner-Heinkele) taipuu olettamaan alueellisesti erilaisia personifikaatioita.<\/p><p>Toinen avoin kysymys koskee Yer-Subin ja buddhalaisen paikallisen <span class=\"iwg-fachbegriff\" data-tooltip=\"Ruumiiton olento, jolle katsotaan vaikutusvaltaa maailmassa.\" tabindex=\"0\">henki<\/span>k\u00e4sityksen suhdetta Mongoliassa: kuinka paljon nykyisest\u00e4 ovoo-k\u00e4yt\u00e4nn\u00f6st\u00e4 on esibuddhalaista ja kuinka paljon buddhalaisittain uudelleen muotoiltua? Walther Heissig on ehdottanut t\u00e4h\u00e4n kerrosteoriaa, jota uudempi tutkimus tarkastelee kriittisesti.<\/p><p>Ja lopuksi, t\u00e4rkein k\u00e4yt\u00e4nn\u00f6n kysymys: miten nyky\u00e4\u00e4n el\u00e4v\u00e4 Yer-Sub-kokonaisuus suhtautuu ekologisiin liikkeisiin joutumatta niiden v\u00e4likappaleeksi? Sis\u00e4-Mongolian kansalaisaloite <em>Onggi River Movement<\/em> ottaa itse kantaa t\u00e4h\u00e4n kysymykseen ja tarjoaa tutkimuskent\u00e4n 2020-luvun uskontoetnologialle.<\/p>\t\t\t\t\t\t\t\t<\/div>\n\t\t\t\t<\/div>\n\t\t\t\t\t<\/div>\n\t\t\t\t<\/div>\n\t\t<div class=\"elementor-element elementor-element-iwgw-yersub-s9 e-flex e-con-boxed e-con e-parent\" data-id=\"iwgw-yersub-s9\" data-element_type=\"container\" data-e-type=\"container\">\n\t\t\t\t\t<div class=\"e-con-inner\">\n\t\t\t\t<div class=\"elementor-element elementor-element-iwgw-yersub-s9h elementor-widget elementor-widget-heading\" data-id=\"iwgw-yersub-s9h\" data-element_type=\"widget\" data-e-type=\"widget\" data-widget_type=\"heading.default\">\n\t\t\t\t\t<h2 class=\"elementor-heading-title elementor-size-default\">Yer-Sub nykyisess\u00e4 ymp\u00e4rist\u00f6keskustelussa<\/h2>\t\t\t\t<\/div>\n\t\t<div class=\"elementor-element elementor-element-iwgw-yersub-s9c e-con-full e-flex e-con e-child\" data-id=\"iwgw-yersub-s9c\" data-element_type=\"container\" data-e-type=\"container\">\n\t\t\t\t<div class=\"elementor-element elementor-element-iwgw-yersub-s9t elementor-widget elementor-widget-text-editor\" data-id=\"iwgw-yersub-s9t\" data-element_type=\"widget\" data-e-type=\"widget\" data-widget_type=\"text-editor.default\">\n\t\t\t\t\t\t\t\t\t<p>Yksi tuoreimman tengrismi-tutkimuksen h\u00e4mm\u00e4stytt\u00e4vimmist\u00e4 k\u00e4\u00e4nteist\u00e4 on Yer-Subin uudelleenl\u00f6yt\u00e4minen nykyaikaisten ymp\u00e4rist\u00f6liikkeiden viitepisteen\u00e4. Mongolialainen kansalaisaloite <em>Onggi River Movement<\/em> (perustettu 2001) vastustaa kultakaivoksia, jotka tuhoavat pyhi\u00e4 l\u00e4hteit\u00e4 ja jokien uomia, ja vetoaa t\u00e4ss\u00e4 nimenomaisesti perinteiseen Yer-Sub-kunnioitukseen. Caroline Humphrey on dokumentoinut t\u00e4t\u00e4 liikett\u00e4 useissa artikkeleissa.<\/p><p>Tieteellisesti t\u00e4m\u00e4 k\u00e4\u00e4nne on kaksijakoinen. Toisaalta se osoittaa oletetun \u201darkaaisen\u201d uskonnollisen k\u00e4sitteen jatkuvan elinvoiman; toisaalta siihen liittyy vaara, ett\u00e4 uskonnollista sis\u00e4lt\u00f6\u00e4 k\u00e4ytet\u00e4\u00e4n valikoivasti poliittisiin tarkoituksiin. Molemmat n\u00e4k\u00f6kohdat olisi otettava huomioon eriytyneess\u00e4 analyysissa.<\/p><p>Tuvassa ja Sahan tasavallassa on havaittavissa samankaltaisia liikkeit\u00e4; ne luovat uuden kosketuspinnan uskontoetnologian ja poliittisen ekologian v\u00e4lille. Uskonnonfenomenologit, kuten Bron Taylor (<em>Dark Green Religion<\/em>, 2010), ovat analysoineet t\u00e4t\u00e4 asetelmaa \u201dvihre\u00e4n\u00e4 uskontona\u201d ja nostaneet Yer-Subin esimerkiksi siit\u00e4.<\/p>\t\t\t\t\t\t\t\t<\/div>\n\t\t\t\t<\/div>\n\t\t\t\t\t<\/div>\n\t\t\t\t<\/div>\n\t\t<div class=\"elementor-element elementor-element-iwgw-yersub-s10 e-flex e-con-boxed e-con e-parent\" data-id=\"iwgw-yersub-s10\" data-element_type=\"container\" data-e-type=\"container\">\n\t\t\t\t\t<div class=\"e-con-inner\">\n\t\t\t\t<div class=\"elementor-element elementor-element-iwgw-yersub-s10h elementor-widget elementor-widget-heading\" data-id=\"iwgw-yersub-s10h\" data-element_type=\"widget\" data-e-type=\"widget\" data-widget_type=\"heading.default\">\n\t\t\t\t\t<h2 class=\"elementor-heading-title elementor-size-default\">L\u00e4hteet ja yhteys kulttuurikeskukseen<\/h2>\t\t\t\t<\/div>\n\t\t<div class=\"elementor-element elementor-element-iwgw-yersub-s10c e-con-full e-flex e-con e-child\" data-id=\"iwgw-yersub-s10c\" data-element_type=\"container\" data-e-type=\"container\">\n\t\t\t\t<div class=\"elementor-element elementor-element-iwgw-yersub-s10t elementor-widget elementor-widget-text-editor\" data-id=\"iwgw-yersub-s10t\" data-element_type=\"widget\" data-e-type=\"widget\" data-widget_type=\"text-editor.default\">\n\t\t\t\t\t\t\t\t\t<p>Se, joka haluaa tutkia Yer-Sub-kompleksia laajasti, l\u00f6yt\u00e4\u00e4 yleiskatsaussivulta <a href=\"https:\/\/iwell-guard.com\/fi\/siperialainen-samanismi-ja-tengrismi\/\">Siperialais-tengristinen perinne<\/a> t\u00e4rkeimm\u00e4t ristiviittaukset sukulaishahmoihin, kuten <a href=\"https:\/\/iwell-guard.com\/fi\/?page_id=144214\">Tengri<\/a>, <a href=\"https:\/\/iwell-guard.com\/fi\/?page_id=144215\">Umai<\/a> (Tonyukukin kolmiyhteydess\u00e4) ja paikkaan sidottuihin henkimaailmoihin.<\/p><p>Talat Tekinin <em>A Grammar of Orkhon Turkic<\/em> (1968) on edelleen t\u00e4rkein filologinen perusta muinaisturkkilaiselle kerrostumalle. Caroline Humphreyn <em>Inside and Outside the Mongol Tent<\/em> (2002) ja <em>Marx Went Away, But Karl Stayed Behind<\/em> (Frank Pieken kanssa, 1998) tarjoavat nykyaikaisen etnografisen syvyyden.<\/p><p>Sergei Neklyudovin <em>Mify narodov mira<\/em>, osa 2 (Moskau 1992), sis\u00e4lt\u00e4\u00e4 kompaktimman ven\u00e4l\u00e4isen standarditeoksen Yer-Sub-kompleksista, ja sen pit\u00e4isi n\u00e4ky\u00e4 jokaisessa vakavasti otettavassa bibliografiassa.<\/p>\t\t\t\t\t\t\t\t<\/div>\n\t\t\t\t<\/div>\n\t\t\t\t\t<\/div>\n\t\t\t\t<\/div>\n\t\t<div class=\"elementor-element elementor-element-iwgw-yersub-s11 e-flex e-con-boxed e-con e-parent\" data-id=\"iwgw-yersub-s11\" data-element_type=\"container\" data-e-type=\"container\">\n\t\t\t\t\t<div class=\"e-con-inner\">\n\t\t\t\t<div class=\"elementor-element elementor-element-iwgw-yersub-s11h elementor-widget elementor-widget-heading\" data-id=\"iwgw-yersub-s11h\" data-element_type=\"widget\" data-e-type=\"widget\" data-widget_type=\"heading.default\">\n\t\t\t\t\t<h2 class=\"elementor-heading-title elementor-size-default\">Paikkasidonnaisuuden uskonnonfenomenologia<\/h2>\t\t\t\t<\/div>\n\t\t<div class=\"elementor-element elementor-element-iwgw-yersub-s11c e-con-full e-flex e-con e-child\" data-id=\"iwgw-yersub-s11c\" data-element_type=\"container\" data-e-type=\"container\">\n\t\t\t\t<div class=\"elementor-element elementor-element-iwgw-yersub-s11t elementor-widget elementor-widget-text-editor\" data-id=\"iwgw-yersub-s11t\" data-element_type=\"widget\" data-e-type=\"widget\" data-widget_type=\"text-editor.default\">\n\t\t\t\t\t\t\t\t\t<p>Yer-Sub havainnollistaa uskonnonfenomenologisesti \u201dpaikkaan sidotun numinositeetin\u201d kategoriaa, jonka Mircea Eliade kehitteli teoksessaan <em>Le sacr\u00e9 et le profane<\/em> (1957) k\u00e4sitteen\u00e4 \u201dpaikan hierofania\u201d. Toisin kuin universaalit korkeat jumaluudet, t\u00e4m\u00e4 numinositeetin muoto on tilaan sidottu ja konkreettinen.<\/p><p>Paikan rituaalinen merkitseminen (kivikummuilla, kangasnauhoilla, puupaaluilla) on klassinen esimerkki siit\u00e4, mit\u00e4 van Gennep kutsui \u201dmaiseman pyhitt\u00e4miseksi\u201d. Yer-Sub ei t\u00e4ss\u00e4 ole paikassa asuva persoona, vaan itse paikaksi muuttuva voima itsess\u00e4\u00e4n, ja t\u00e4m\u00e4 erottelu on uskonnonfenomenologisesti t\u00e4rke\u00e4.<\/p><p>Vertailu japanilaisen <em><span class=\"iwg-fachbegriff\" data-tooltip=\"Japanilaisessa shintolaisuudessa kunnioitetut henkiolennot ja jumalalliset voimat.\" tabindex=\"0\">kami<\/span><\/em>-k\u00e4sitteen ja roomalaisen <em>genius locin<\/em> kanssa osoittaa, ett\u00e4 paikkaan sidottu numinositeetti on maailmanlaajuisesti levinnyt k\u00e4site, jota kuitenkin muotoillaan omalla tavallaan joka perinteess\u00e4. Yer-Sub on erityisen tiivis ja hyvin dokumentoitu muunnos.<\/p>\t\t\t\t\t\t\t\t<\/div>\n\t\t\t\t<\/div>\n\t\t\t\t\t<\/div>\n\t\t\t\t<\/div>\n\t\t<div class=\"elementor-element elementor-element-iwgw-yersub-s12 e-flex e-con-boxed e-con e-parent\" data-id=\"iwgw-yersub-s12\" data-element_type=\"container\" data-e-type=\"container\">\n\t\t\t\t\t<div class=\"e-con-inner\">\n\t\t\t\t<div class=\"elementor-element elementor-element-iwgw-yersub-s12h elementor-widget elementor-widget-heading\" data-id=\"iwgw-yersub-s12h\" data-element_type=\"widget\" data-e-type=\"widget\" data-widget_type=\"heading.default\">\n\t\t\t\t\t<h2 class=\"elementor-heading-title elementor-size-default\">Menetelm\u00e4llinen pohdinta<\/h2>\t\t\t\t<\/div>\n\t\t<div class=\"elementor-element elementor-element-iwgw-yersub-s12c e-con-full e-flex e-con e-child\" data-id=\"iwgw-yersub-s12c\" data-element_type=\"container\" data-e-type=\"container\">\n\t\t\t\t<div class=\"elementor-element elementor-element-iwgw-yersub-s12t elementor-widget elementor-widget-text-editor\" data-id=\"iwgw-yersub-s12t\" data-element_type=\"widget\" data-e-type=\"widget\" data-widget_type=\"text-editor.default\">\n\t\t\t\t\t\t\t\t\t<p>Yer-Sub-tutkimuksessa nousee esiin useita menetelm\u00e4llisi\u00e4 ongelmia. Ensinn\u00e4kin: sana itsess\u00e4\u00e4n on yhdyssana, jonka tarkka kielioppik\u00e4sittely muinaisturkissa on kiistanalainen. Talat Tekinin m\u00e4\u00e4rittely \u201dyksitt\u00e4iseksi voimaksi, jolla on kaksiosainen nimi\u201d on yleisesti hyv\u00e4ksytty, mutta ei kiistaton.<\/p><p>Toiseksi: Tonyukuk-<span class=\"iwg-fachbegriff\" data-tooltip=\"Kiinte\u00e4\u00e4n alustaan kaiverrettu tai hakattu teksti.\" tabindex=\"0\">kirjoituksen<\/span> Yer-Subin tunnistaminen etnografisesti todistetun 1800-\/1900-luvun vuori- ja l\u00e4hde-<span class=\"iwg-fachbegriff\" data-tooltip=\"Ruumiiton olento, jolle katsotaan olevan vaikutusta maailmassa.\" tabindex=\"0\">henki<\/span>-maailman kanssa on hypoteesi; tutkimus on t\u00e4ss\u00e4 suhteessa muuttunut varovaisemmaksi.<\/p><p>Kolmanneksi: Yer-Subin nykyaikainen mobilisointi ekologisiin liikkeisiin on tieteellisesti vaativaa. Caroline Humphrey ja Bron Taylor ovat antaneet t\u00e4ss\u00e4 t\u00e4rkeit\u00e4 panoksia saattamatta keskustelua p\u00e4\u00e4t\u00f6kseen.<\/p>\t\t\t\t\t\t\t\t<\/div>\n\t\t\t\t<\/div>\n\t\t\t\t\t<\/div>\n\t\t\t\t<\/div>\n\t\t<div class=\"elementor-element elementor-element-iwgw-yersub-s13 e-flex e-con-boxed e-con e-parent\" data-id=\"iwgw-yersub-s13\" data-element_type=\"container\" data-e-type=\"container\">\n\t\t\t\t\t<div class=\"e-con-inner\">\n\t\t\t\t<div class=\"elementor-element elementor-element-iwgw-yersub-s13h elementor-widget elementor-widget-heading\" data-id=\"iwgw-yersub-s13h\" data-element_type=\"widget\" data-e-type=\"widget\" data-widget_type=\"heading.default\">\n\t\t\t\t\t<h2 class=\"elementor-heading-title elementor-size-default\">Yer-Sub ja mongolialainen Naadam<\/h2>\t\t\t\t<\/div>\n\t\t<div class=\"elementor-element elementor-element-iwgw-yersub-s13c e-con-full e-flex e-con e-child\" data-id=\"iwgw-yersub-s13c\" data-element_type=\"container\" data-e-type=\"container\">\n\t\t\t\t<div class=\"elementor-element elementor-element-iwgw-yersub-s13t elementor-widget elementor-widget-text-editor\" data-id=\"iwgw-yersub-s13t\" data-element_type=\"widget\" data-e-type=\"widget\" data-widget_type=\"text-editor.default\">\n\t\t\t\t\t\t\t\t\t<p>Yer-Subin ja mongolialaisen kes\u00e4juhlan <em>Naadamin<\/em> v\u00e4linen suhde ansaitsee syv\u00e4llisemm\u00e4n tarkastelun. Naadam, jota juhlitaan vuosittain hein\u00e4kuussa, on saanut alkunsa vuoren- ja l\u00e4hteenjumaluuksien kutsurukouksista ja on siten historiallisesti sidoksissa Yer-Sub-kompleksiin.<\/p><p>Naadamin kolme klassista \u201dmiehist\u00e4 leikki\u00e4\u201d, hevoskilpailu, jousiammunta ja paini, ovat alun perin rituaalisia osoituksia heimon voimasta vuorenpatroonin ja Yer-Subin edess\u00e4. Christopher Atwood on kuvannut t\u00e4t\u00e4 rituaalista juurtumista yksityiskohtaisesti Encyclopediassaan (2004).<\/p><p>Nykyp\u00e4iv\u00e4n Mongoliassa Naadam on kansallinen suurjuhla, joka on samanaikaisesti valtiollis-sekulaari ja uskonnollis-perinteinen. Ovoo-rituaalit juhlan alussa tekev\u00e4t Yer-Sub-kerrostuman edelleen n\u00e4kyv\u00e4ksi.<\/p>\t\t\t\t\t\t\t\t<\/div>\n\t\t\t\t<\/div>\n\t\t\t\t\t<\/div>\n\t\t\t\t<\/div>\n\t\t<div class=\"elementor-element elementor-element-iwgw-yersub-s14 e-flex e-con-boxed e-con e-parent\" data-id=\"iwgw-yersub-s14\" data-element_type=\"container\" data-e-type=\"container\">\n\t\t\t\t\t<div class=\"e-con-inner\">\n\t\t\t\t<div class=\"elementor-element elementor-element-iwgw-yersub-s14h elementor-widget elementor-widget-heading\" data-id=\"iwgw-yersub-s14h\" data-element_type=\"widget\" data-e-type=\"widget\" data-widget_type=\"heading.default\">\n\t\t\t\t\t<h2 class=\"elementor-heading-title elementor-size-default\">Yer-Sub ja arkeologinen l\u00f6yt\u00f6aineisto<\/h2>\t\t\t\t<\/div>\n\t\t<div class=\"elementor-element elementor-element-iwgw-yersub-s14c e-con-full e-flex e-con e-child\" data-id=\"iwgw-yersub-s14c\" data-element_type=\"container\" data-e-type=\"container\">\n\t\t\t\t<div class=\"elementor-element elementor-element-iwgw-yersub-s14t elementor-widget elementor-widget-text-editor\" data-id=\"iwgw-yersub-s14t\" data-element_type=\"widget\" data-e-type=\"widget\" data-widget_type=\"text-editor.default\">\n\t\t\t\t\t\t\t\t\t<p>Arkeologinen l\u00f6yt\u00f6aineisto Yer-Subista on rajallinen, mutta valaiseva. Etel\u00e4-Siperian yl\u00e4tasangoilla (Tuva, Altai) on s\u00e4ilynyt skyytti- ja hunniajalta per\u00e4isin olevia <em>kurgaani<\/em>-kumpuja ja pystyss\u00e4 olevia kivipaaluja, joita tulkitaan \u201dpyhien paikkojen\u201d rituaalisiksi merkinn\u00f6iksi. Se, ovatko n\u00e4m\u00e4 merkinn\u00e4t identtisi\u00e4 my\u00f6hemm\u00e4n Yer-Sub-k\u00e4sitteen kanssa, ei ole varmuudella todettu.<\/p><p>Erityisen t\u00e4rke\u00e4 arkeologinen aineisto ovat k\u00f6kt\u00fcrkkien aikakauden <em>balbal<\/em>-kivipaalut, jotka pystytettiin riveihin kuninkaanhautojen luo. Sergei Klyashtorny on k\u00e4sitellyt n\u00e4iden paalujen uskonnollista sis\u00e4lt\u00f6\u00e4 teoksessaan <em>Drevnetjurkskie pis&#8217;mennye pamjatniki<\/em> (1964).<\/p><p>Yhdist\u00e4v\u00e4 teesi liitt\u00e4\u00e4 arkeologiset kivipaalut etnografisesti todistettuihin sahalaisten <em>serge<\/em>-paaluihin: molemmat voisivat olla heijastumaa yhten\u00e4isest\u00e4 Yer-Sub-merkitsemisest\u00e4 paikoissa, ja niiss\u00e4 on pitki\u00e4 jatkuvuuksia ja muodonmuutoksia kahden vuosituhannen ajalta.<\/p>\t\t\t\t\t\t\t\t<\/div>\n\t\t\t\t<\/div>\n\t\t\t\t\t<\/div>\n\t\t\t\t<\/div>\n\t\t<div class=\"elementor-element elementor-element-cp21aa3e2d e-flex e-con-boxed e-con e-parent\" data-id=\"cp21aa3e2d\" data-element_type=\"container\" data-e-type=\"container\">\n\t\t\t\t\t<div class=\"e-con-inner\">\n\t\t\t\t<div class=\"elementor-element elementor-element-cp2524783c elementor-widget elementor-widget-heading\" data-id=\"cp2524783c\" data-element_type=\"widget\" data-e-type=\"widget\" data-widget_type=\"heading.default\">\n\t\t\t\t\t<h2 class=\"elementor-heading-title elementor-size-default\">Yer-Sub kaksoisk\u00e4sitteen\u00e4: maa ja vesi tengrismiss\u00e4<\/h2>\t\t\t\t<\/div>\n\t\t<div class=\"elementor-element elementor-element-cp274b5427 e-flex e-con-boxed e-con e-child\" data-id=\"cp274b5427\" data-element_type=\"container\" data-e-type=\"container\">\n\t\t\t\t\t<div class=\"e-con-inner\">\n\t\t\t\t<div class=\"elementor-element elementor-element-cp2c867c66 elementor-widget elementor-widget-text-editor\" data-id=\"cp2c867c66\" data-element_type=\"widget\" data-e-type=\"widget\" data-widget_type=\"text-editor.default\">\n\t\t\t\t\t\t\t\t\t<p>Nimi <em>Yer-Sub<\/em>, joka turkkilaisissa kieliss\u00e4 tarkoittaa kirjaimellisesti maa-vesi, ei viittaa yhteen selke\u00e4sti rajattuun <span class=\"iwg-fachbegriff\" data-tooltip=\"Uskonnon sis\u00e4ll\u00e4 jumalallisena palvottu olento.\" tabindex=\"0\">jumaluuteen<\/span>, vaan kokoavaan k\u00e4sitteeseen: keskimm\u00e4isen maailman kokonaisuuteen vuorineen, jokineen, l\u00e4hteineen ja metsineen, ajateltuna sielullisena ja kunnioitusta ansaitsevana voimana.<\/p><p>Jo 700-luvun Orhonin laakson vanhaturkkilaiset kirjoitukset, vanhimmat yhten\u00e4iset tekstit turkkilaisella kielell\u00e4, mainitsevat <em>yer subin<\/em> taivaanjumala <em>Tengrin<\/em> rinnalla voimana, joka valvoo kansan kohtaloa.<\/p><p>T\u00e4m\u00e4 varhainen todiste on t\u00e4rke\u00e4, sill\u00e4 se osoittaa kyseess\u00e4 olevan vanha, kirjallisesti vahvistettu k\u00e4sitys, ei my\u00f6hempi etnografian keksint\u00f6. Orhonin kirjoituksissa <em>yer sub<\/em> esiintyy samassa yhteydess\u00e4 <em>Tengrin<\/em> kanssa voimina, jotka puuttuvat asioihin, kun kansa on ahdingossa.<\/p><p>T\u00e4sm\u00e4llinen teologinen asema j\u00e4\u00e4 kuitenkin avoimeksi: sit\u00e4, ajateltiinko <em>Yer-Subia<\/em> yhten\u00e4 olentona, useiden paikallishenkien joukkona vai molempina yht\u00e4 aikaa, ei voida yksiselitteisesti ratkaista lyhyiden kirjoitustekstien perusteella.<\/p><p>My\u00f6hemmiss\u00e4, etnografisesti dokumentoiduissa Etel\u00e4-Siberian turkkilaiskansojen perinteiss\u00e4, kuten altaiilaisilla ja hakassilaisilla, <em>Yer-Sub<\/em> esiintyy usein monikossa lukuisina tiettyjen vuorten, jokien ja solien herroina, joille matkustajat toivat pieni\u00e4 uhrilahjoja.<\/p><p>T\u00e4ss\u00e4 n\u00e4kyy sama vaihtelu yhten\u00e4isyyden ja moninaisuuden v\u00e4lill\u00e4 kuin monissa muissakin tengril\u00e4isiss\u00e4 k\u00e4sitteiss\u00e4. Tutkimus, esimerkiksi altailaisesta uskonnosta, tulkitsee t\u00e4m\u00e4n ilment\u00e4v\u00e4n uskonnollisuutta, joka ei erota jyrk\u00e4sti paikallista ja yleist\u00e4. Sukua olevia k\u00e4sityksi\u00e4 k\u00e4sitell\u00e4\u00e4n artikkelissa <a href=\"https:\/\/iwell-guard.com\/fi\/?page_id=144222\">Buga<\/a>.<\/p>\t\t\t\t\t\t\t\t<\/div>\n\t\t\t\t\t<\/div>\n\t\t\t\t<\/div>\n\t\t\t\t\t<\/div>\n\t\t\t\t<\/div>\n\t\t<div class=\"elementor-element elementor-element-iwgw-yersub-lit e-flex e-con-boxed e-con e-parent\" data-id=\"iwgw-yersub-lit\" data-element_type=\"container\" data-e-type=\"container\">\n\t\t\t\t\t<div class=\"e-con-inner\">\n\t\t\t\t<div class=\"elementor-element elementor-element-iwgw-yersub-lith elementor-widget elementor-widget-heading\" data-id=\"iwgw-yersub-lith\" data-element_type=\"widget\" data-e-type=\"widget\" data-widget_type=\"heading.default\">\n\t\t\t\t\t<h2 class=\"elementor-heading-title elementor-size-default\">Kirjallisuus (valikoima)<\/h2>\t\t\t\t<\/div>\n\t\t<div class=\"elementor-element elementor-element-iwgw-yersub-litc e-con-full e-flex e-con e-child\" data-id=\"iwgw-yersub-litc\" data-element_type=\"container\" data-e-type=\"container\">\n\t\t\t\t<div class=\"elementor-element elementor-element-iwgw-yersub-litt elementor-widget elementor-widget-text-editor\" data-id=\"iwgw-yersub-litt\" data-element_type=\"widget\" data-e-type=\"widget\" data-widget_type=\"text-editor.default\">\n\t\t\t\t\t\t\t\t\t<ul><li>Talat Tekin: <em>A Grammar of Orkhon Turkic<\/em> (1968)<\/li><li>Caroline Humphrey: <em>Inside and Outside the Mongol Tent<\/em> (2002)<\/li><li>Jean-Paul Roux: <em>La religion des Turcs et des Mongols<\/em> (1984)<\/li><li>Wilhelm Radloff: <em>Aus Sibirien<\/em> (1893)<\/li><li>Roberte Hamayon: <em>La chasse \u00e0 l&#8217;\u00e2me<\/em> (1990)<\/li><li>Sergei Neklyudov: <em>Mify narodov mira<\/em>, osa 2 (Moskova 1992)<\/li><li>Vladimir Basilov: <em>Shamanism in Siberia<\/em> (1984)<\/li><\/ul>\t\t\t\t\t\t\t\t<\/div>\n\t\t\t\t<\/div>\n\t\t\t\t\t<\/div>\n\t\t\t\t<\/div>\n\t\t<div class=\"elementor-element elementor-element-iwgkw2-add-yersub e-flex e-con-boxed e-con e-parent\" data-id=\"iwgkw2-add-yersub\" data-element_type=\"container\" data-e-type=\"container\">\n\t\t\t\t\t<div class=\"e-con-inner\">\n\t\t\t\t<div class=\"elementor-element elementor-element-iwgkw2-add-yersub-t elementor-widget elementor-widget-text-editor\" data-id=\"iwgkw2-add-yersub-t\" data-element_type=\"widget\" data-e-type=\"widget\" data-widget_type=\"text-editor.default\">\n\t\t\t\t\t\t\t\t\t<p>Vanha<em>turkkilainen<\/em> <em><span class=\"iwg-fachbegriff\" data-tooltip=\"Perinteinen kertomus jumalista, alkuperist\u00e4 ja maailman j\u00e4rjestyksest\u00e4.\" tabindex=\"0\">myytti<\/span><\/em> Orkhon-kirjoituksista kahdeksannelta vuosisadalta mainitsee Yer-Subin pyh\u00e4n\u00e4 maan ja veden kaksoisvoimana, joka takasi taivaanjumala Tengrin rinnalla hallitsijan ja kansan hyvinvoinnin.<\/p>\t\t\t\t\t\t\t\t<\/div>\n\t\t\t\t\t<\/div>\n\t\t\t\t<\/div>\n\t\t<div class=\"elementor-element elementor-element-iwgw-yersub-kwd e-flex e-con-boxed e-con e-parent\" data-id=\"iwgw-yersub-kwd\" data-element_type=\"container\" data-e-type=\"container\">\n\t\t\t\t\t<div class=\"e-con-inner\">\n\t\t<div class=\"elementor-element elementor-element-iwgw-yersub-kwdc e-con-full e-flex e-con e-child\" data-id=\"iwgw-yersub-kwdc\" data-element_type=\"container\" data-e-type=\"container\">\n\t\t\t\t<div class=\"elementor-element elementor-element-iwgw-yersub-kwdt elementor-widget elementor-widget-text-editor\" data-id=\"iwgw-yersub-kwdt\" data-element_type=\"widget\" data-e-type=\"widget\" data-widget_type=\"text-editor.default\">\n\t\t\t\t\t\t\t\t\t<p><em>Aiheeseen liittyv\u00e4t avainsanat: Yer-Sub Orchon Bilge Kagan obo ovoo gazar usu Et\u00fcgen Eke.<\/em><\/p>\t\t\t\t\t\t\t\t<\/div>\n\t\t\t\t<\/div>\n\t\t\t\t\t<\/div>\n\t\t\t\t<\/div>\n\t\t<div class=\"elementor-element elementor-element-iwgw-yersub-cc e-flex e-con-boxed e-con e-parent\" data-id=\"iwgw-yersub-cc\" data-element_type=\"container\" data-e-type=\"container\" id=\"iwg-cc-yer-sub\">\n\t\t\t\t\t<div class=\"e-con-inner\">\n\t\t<div class=\"elementor-element elementor-element-iwgw-yersub-ccinner e-flex e-con-boxed e-con e-parent\" data-id=\"iwgw-yersub-ccinner\" data-element_type=\"container\" data-e-type=\"container\" data-settings=\"{&quot;background_background&quot;:&quot;classic&quot;}\">\n\t\t\t\t\t<div class=\"e-con-inner\">\n\t\t\t\t<div class=\"elementor-element elementor-element-iwgw-yersub-cch elementor-widget elementor-widget-heading\" data-id=\"iwgw-yersub-cch\" data-element_type=\"widget\" data-e-type=\"widget\" data-widget_type=\"heading.default\">\n\t\t\t\t\t<h2 class=\"elementor-heading-title elementor-size-default\">iWell Guard ja suojelutraditiot<\/h2>\t\t\t\t<\/div>\n\t\t\t\t<div class=\"elementor-element elementor-element-iwgw-yersub-cct elementor-widget elementor-widget-text-editor\" data-id=\"iwgw-yersub-cct\" data-element_type=\"widget\" data-e-type=\"widget\" data-widget_type=\"text-editor.default\">\n\t\t\t\t\t\t\t\t\t<div data-nosnippet=\"true\"><p>iWell Guard jatkaa kannettavien suojaesineiden kulttuurihistoriallista perinnett\u00e4, samassa traditiossa kuin <a href=\"https:\/\/iwell-guard.com\/fi\/siperialainen-samanismi-ja-tengrismi\/\">Siperia \/ tengrismi<\/a> ja monet muut kulttuurit maailmanlaajuisesti. 41 tasoa, aitoa kultaa, platinaa, hopeaa, valmistettu Saksassa. 30 p\u00e4iv\u00e4n palautusoikeus.<\/p><\/div>\t\t\t\t\t\t\t\t<\/div>\n\t\t\t\t<div class=\"elementor-element elementor-element-iwgw-yersub-ccb iwg-cc-button iwg-cc-cta-2026-05-13 elementor-widget elementor-widget-jet-button\" data-id=\"iwgw-yersub-ccb\" data-element_type=\"widget\" data-e-type=\"widget\" data-widget_type=\"jet-button.default\">\n\t\t\t\t<div class=\"elementor-widget-container\">\n\t\t\t\t\t<div class=\"elementor-jet-button jet-elements\"><div class=\"jet-button__container\"><a class=\"jet-button__instance jet-button__instance--icon-left hover-effect-1\" href=\"\/ueber-iwell-guard\/?utm_source=iwell-guard.com&amp;utm_medium=info-box&amp;utm_campaign=wesen-tradition\"><div class=\"jet-button__plane jet-button__plane-normal\"><\/div><div class=\"jet-button__plane jet-button__plane-hover\"><\/div><div class=\"jet-button__state jet-button__state-normal\"><span class=\"jet-button__label\">Lis\u00e4\u00e4 iWell Guardista<\/span><\/div><div class=\"jet-button__state jet-button__state-hover\"><span class=\"jet-button__label\">Lis\u00e4\u00e4 iWell Guardista<\/span><\/div><\/a><\/div><\/div><style>.elementor-element.elementor-element-iwgw-yersub-ccb .jet-button__instance{width:320px;height:56px;}.elementor-element.elementor-element-iwgw-yersub-ccb .jet-button__state-normal .jet-button__label{text-align:center;margin:0px 0px 0px 0px;color:#1a1b20;font-family:Montserrat,sans-serif;font-size:13px;font-weight:400;letter-spacing:4px;line-height:1.714em;text-transform:uppercase;}.elementor-element.elementor-element-iwgw-yersub-ccb .jet-button__state-hover .jet-button__label{text-align:center;margin:0px 0px 0px 0px;color:#FECC76;font-family:Montserrat,sans-serif;font-size:13px;font-weight:400;letter-spacing:4px;line-height:1.714em;text-transform:uppercase;}.elementor-element.elementor-element-iwgw-yersub-ccb .jet-button__plane-normal{background-color:#FECC76;border-style:solid;border-color:#C99540;border-width:2px 2px 2px 2px;}.elementor-element.elementor-element-iwgw-yersub-ccb .jet-button__plane-hover{background-color:rgba(0,0,0,0.55);border-style:solid;border-color:#FECC76;border-width:2px 2px 2px 2px;}<\/style>\t\t\t\t<\/div>\n\t\t\t\t<\/div>\n\t\t\t\t<div class=\"elementor-element elementor-element-iwgw-yersub-ccd elementor-widget elementor-widget-text-editor\" data-id=\"iwgw-yersub-ccd\" data-element_type=\"widget\" data-e-type=\"widget\" data-widget_type=\"text-editor.default\">\n\t\t\t\t\t\t\t\t\t<div data-nosnippet=\"true\"><p style=\"text-align:center;font-size:13px;opacity:0.7;margin-top:14px\" data-nosnippet=\"true\">Henkil\u00f6kohtaiset kokemukset voivat vaihdella. Ei l\u00e4\u00e4kinn\u00e4llinen laite. Ei paranemislupausta.<\/p><\/div>\t\t\t\t\t\t\t\t<\/div>\n\t\t\t\t\t<\/div>\n\t\t\t\t<\/div>\n\t\t\t\t\t<\/div>\n\t\t\t\t<\/div>\n\t\t<div class=\"elementor-element elementor-element-iwgw-yersub-disc e-flex e-con-boxed e-con e-parent\" data-id=\"iwgw-yersub-disc\" data-element_type=\"container\" data-e-type=\"container\">\n\t\t\t\t\t<div class=\"e-con-inner\">\n\t\t\t\t<div class=\"elementor-element elementor-element-iwgw-yersub-discw elementor-widget elementor-widget-html\" data-id=\"iwgw-yersub-discw\" data-element_type=\"widget\" data-e-type=\"widget\" data-widget_type=\"html.default\">\n\t\t\t\t\t<footer data-nosnippet=\"true\" class=\"iwg-disclaimer-block\"><p data-nosnippet=\"true\">iWell Guard <strong>ei ole l\u00e4\u00e4kinn\u00e4llinen laite<\/strong>, eik\u00e4 se korvaa l\u00e4\u00e4k\u00e4rin tai psykoterapeutin hoitoa. Uskontotieteelliset sis\u00e4ll\u00f6t ovat kulttuurihistoriallista tarkastelua, ei suositus hengelliseen k\u00e4yt\u00e4nt\u00f6\u00f6n.<\/p><\/footer>\t\t\t\t<\/div>\n\t\t\t\t\t<\/div>\n\t\t\t\t<\/div>\n\t\t\t\t<\/div>\n\t\t","protected":false},"excerpt":{"rendered":"","protected":false},"author":3,"featured_media":2856,"parent":0,"menu_order":0,"comment_status":"closed","ping_status":"closed","template":"elementor_header_footer","meta":{"_yoast_wpseo_focuskw":"Yer-Sub maa vesi tengrismi","_yoast_wpseo_title":"Yer-Sub \u2013 turkkilainen maan ja veden voima, myytti ja l\u00e4hteet","_yoast_wpseo_metadesc":"Yer-Sub tarkoittaa muinaisturkkilaisessa tengrismiss\u00e4 maan ja veden pyh\u00e4\u00e4 voimaa. Uskontotieteellinen tarkastelu l\u00e4hteineen.","_yoast_wpseo_meta-robots-noindex":"","_yoast_wpseo_canonical":"","_angie_page":false,"gefaehrdungsstufe":"2","wesen_kultur":"sibirisch-tengrismus","wesen_klasse":"geister","footnotes":""},"categories":[],"class_list":["post-144218","page","type-page","status-publish","has-post-thumbnail","hentry"],"yoast_head":"<!-- This site is optimized with the Yoast SEO Premium plugin v27.7 (Yoast SEO v28.3) - https:\/\/yoast.com\/product\/yoast-seo-premium-wordpress\/ -->\n<title>Yer-Sub \u2013 turkkilainen maan ja veden voima, myytti ja l\u00e4hteet<\/title>\n<meta name=\"description\" content=\"Yer-Sub tarkoittaa muinaisturkkilaisessa tengrismiss\u00e4 maan ja veden pyh\u00e4\u00e4 voimaa. Uskontotieteellinen tarkastelu l\u00e4hteineen.\" \/>\n<meta name=\"robots\" content=\"index, follow, max-snippet:-1, max-image-preview:large, max-video-preview:-1\" \/>\n<link rel=\"canonical\" href=\"https:\/\/iwell-guard.com\/fi\/yer-sub-maan-ja-vedenhenki\/\" \/>\n<meta property=\"og:locale\" content=\"fi_FI\" \/>\n<meta property=\"og:type\" content=\"article\" \/>\n<meta property=\"og:title\" content=\"Yer-Sub \u2013 turkkilaisten maan- ja vedenhenki\" \/>\n<meta property=\"og:description\" content=\"Yer-Sub tarkoittaa muinaisturkkilaisessa tengrismiss\u00e4 maan ja veden pyh\u00e4\u00e4 voimaa. Uskontotieteellinen tarkastelu l\u00e4hteineen.\" \/>\n<meta property=\"og:url\" content=\"https:\/\/iwell-guard.com\/fi\/yer-sub-maan-ja-vedenhenki\/\" \/>\n<meta property=\"og:site_name\" content=\"iWell Guard\" \/>\n<meta property=\"article:modified_time\" content=\"2026-09-03T12:53:42+00:00\" \/>\n<meta property=\"og:image\" content=\"https:\/\/iwell-guard.com\/wp-content\/uploads\/2026\/05\/geister_sibirisch-tengrismus_yer-sub.webp\" \/>\n\t<meta property=\"og:image:width\" content=\"1024\" \/>\n\t<meta property=\"og:image:height\" content=\"1536\" \/>\n\t<meta property=\"og:image:type\" content=\"image\/webp\" \/>\n<meta name=\"twitter:card\" content=\"summary_large_image\" \/>\n<script type=\"application\/ld+json\" class=\"yoast-schema-graph\">{\"@context\":\"https:\\\/\\\/schema.org\",\"@graph\":[{\"@type\":\"WebPage\",\"@id\":\"https:\\\/\\\/iwell-guard.com\\\/fi\\\/yer-sub-maan-ja-vedenhenki\\\/\",\"url\":\"https:\\\/\\\/iwell-guard.com\\\/fi\\\/yer-sub-maan-ja-vedenhenki\\\/\",\"name\":\"Yer-Sub \u2013 turkkilainen maan ja veden voima, myytti ja l\u00e4hteet\",\"isPartOf\":{\"@id\":\"https:\\\/\\\/iwell-guard.com\\\/fi\\\/#website\"},\"primaryImageOfPage\":{\"@id\":\"https:\\\/\\\/iwell-guard.com\\\/fi\\\/yer-sub-maan-ja-vedenhenki\\\/#primaryimage\"},\"image\":{\"@id\":\"https:\\\/\\\/iwell-guard.com\\\/fi\\\/yer-sub-maan-ja-vedenhenki\\\/#primaryimage\"},\"thumbnailUrl\":\"https:\\\/\\\/iwell-guard.com\\\/wp-content\\\/uploads\\\/2026\\\/05\\\/geister_sibirisch-tengrismus_yer-sub.webp\",\"datePublished\":\"2026-09-03T12:33:12+00:00\",\"dateModified\":\"2026-09-03T12:53:42+00:00\",\"description\":\"Yer-Sub tarkoittaa muinaisturkkilaisessa tengrismiss\u00e4 maan ja veden pyh\u00e4\u00e4 voimaa. Uskontotieteellinen tarkastelu l\u00e4hteineen.\",\"breadcrumb\":{\"@id\":\"https:\\\/\\\/iwell-guard.com\\\/fi\\\/yer-sub-maan-ja-vedenhenki\\\/#breadcrumb\"},\"inLanguage\":\"fi\",\"potentialAction\":[{\"@type\":\"ReadAction\",\"target\":[\"https:\\\/\\\/iwell-guard.com\\\/fi\\\/yer-sub-maan-ja-vedenhenki\\\/\"]}]},{\"@type\":\"ImageObject\",\"inLanguage\":\"fi\",\"@id\":\"https:\\\/\\\/iwell-guard.com\\\/fi\\\/yer-sub-maan-ja-vedenhenki\\\/#primaryimage\",\"url\":\"https:\\\/\\\/iwell-guard.com\\\/wp-content\\\/uploads\\\/2026\\\/05\\\/geister_sibirisch-tengrismus_yer-sub.webp\",\"contentUrl\":\"https:\\\/\\\/iwell-guard.com\\\/wp-content\\\/uploads\\\/2026\\\/05\\\/geister_sibirisch-tengrismus_yer-sub.webp\",\"width\":1024,\"height\":1536,\"caption\":\"Henki\u00e4 siperialais-tengril\u00e4isest\u00e4 perinteest\u00e4.\"},{\"@type\":\"BreadcrumbList\",\"@id\":\"https:\\\/\\\/iwell-guard.com\\\/fi\\\/yer-sub-maan-ja-vedenhenki\\\/#breadcrumb\",\"itemListElement\":[{\"@type\":\"ListItem\",\"position\":1,\"name\":\"Start\",\"item\":\"https:\\\/\\\/iwell-guard.com\\\/fi\\\/?page_id=143815\"},{\"@type\":\"ListItem\",\"position\":2,\"name\":\"Yer-Sub \u2013 turkkilaisten maan- ja vedenhenki\"}]},{\"@type\":\"WebSite\",\"@id\":\"https:\\\/\\\/iwell-guard.com\\\/fi\\\/#website\",\"url\":\"https:\\\/\\\/iwell-guard.com\\\/fi\\\/\",\"name\":\"iWell Guard\",\"description\":\"Schutz vor dunklen Einfl\u00fcssen\",\"publisher\":{\"@id\":\"https:\\\/\\\/iwell-guard.com\\\/fi\\\/#organization\"},\"potentialAction\":[{\"@type\":\"SearchAction\",\"target\":{\"@type\":\"EntryPoint\",\"urlTemplate\":\"https:\\\/\\\/iwell-guard.com\\\/fi\\\/?s={search_term_string}\"},\"query-input\":{\"@type\":\"PropertyValueSpecification\",\"valueRequired\":true,\"valueName\":\"search_term_string\"}}],\"inLanguage\":\"fi\"},{\"@type\":\"Organization\",\"@id\":\"https:\\\/\\\/iwell-guard.com\\\/fi\\\/#organization\",\"name\":\"Ittermann electronic GmbH\",\"url\":\"https:\\\/\\\/iwell-guard.com\\\/fi\\\/\",\"logo\":{\"@type\":\"ImageObject\",\"inLanguage\":\"fi\",\"@id\":\"https:\\\/\\\/iwell-guard.com\\\/fi\\\/#\\\/schema\\\/logo\\\/image\\\/\",\"url\":\"https:\\\/\\\/iwell-guard.com\\\/wp-content\\\/uploads\\\/2026\\\/05\\\/Ittermann-Logo-1182x237-1.png\",\"contentUrl\":\"https:\\\/\\\/iwell-guard.com\\\/wp-content\\\/uploads\\\/2026\\\/05\\\/Ittermann-Logo-1182x237-1.png\",\"width\":1182,\"height\":237,\"caption\":\"Ittermann electronic GmbH\"},\"image\":{\"@id\":\"https:\\\/\\\/iwell-guard.com\\\/fi\\\/#\\\/schema\\\/logo\\\/image\\\/\"},\"sameAs\":[\"https:\\\/\\\/pantip.com\\\/profile\\\/9367242\",\"https:\\\/\\\/micro.blog\\\/iwellguard\",\"https:\\\/\\\/www.diggerslist.com\\\/iwellguard\\\/about\",\"https:\\\/\\\/skitterphoto.com\\\/photographers\\\/2870314\\\/iwell-guard\",\"https:\\\/\\\/iwellguard.wordpress.com\\\/2026\\\/06\\\/06\\\/iwell-guard\\\/\",\"https:\\\/\\\/hub.docker.com\\\/u\\\/iwellguard\",\"https:\\\/\\\/www.pinterest.com\\\/iwellguard\\\/\",\"https:\\\/\\\/bit.ly\\\/m\\\/iwellguard\",\"https:\\\/\\\/entre-vos-mains.alsace.eu\\\/profiles\\\/iwellguard\\\/activity\",\"https:\\\/\\\/gravatar.com\\\/reallybeded8fd34\",\"https:\\\/\\\/naijamatta.com\\\/iwellguard\",\"https:\\\/\\\/www.goodreads.com\\\/iwellguard\",\"https:\\\/\\\/profile.hatena.ne.jp\\\/iwellguard\\\/\",\"https:\\\/\\\/experiment.com\\\/users\\\/iwellguard\",\"https:\\\/\\\/wakelet.com\\\/@iWellGuard82270\",\"https:\\\/\\\/www.chordie.com\\\/forum\\\/profile.php?id=2555664\",\"https:\\\/\\\/www.instapaper.com\\\/p\\\/17757966\",\"https:\\\/\\\/www.mapleprimes.com\\\/users\\\/iwellguard\",\"https:\\\/\\\/businesslistingplus.com\\\/profile\\\/iwell-guard\\\/\",\"https:\\\/\\\/telegra.ph\\\/iWell-Guard-06-06\",\"https:\\\/\\\/pbase.com\\\/iwellguard\\\/iwellguard\",\"https:\\\/\\\/b.hatena.ne.jp\\\/iwellguard\\\/20260607#bookmark-4788405196491818882\",\"https:\\\/\\\/fliphtml5.com\\\/home\\\/iwellguard\",\"https:\\\/\\\/anyflip.com\\\/homepage\\\/cmiwl#About\",\"https:\\\/\\\/transfur.com\\\/Users\\\/iwellguard\",\"http:\\\/\\\/delphi.larsbo.org\\\/user\\\/iwellguard\",\"https:\\\/\\\/jobs.lajobsportal.org\\\/profiles\\\/8380803-iwell-guard\",\"https:\\\/\\\/md.chaosdorf.de\\\/s\\\/jfbe5SBdJD\",\"https:\\\/\\\/www.lingvolive.com\\\/en-us\\\/profile\\\/9ecaeaca-ce11-4e51-9e71-01d55e2bff36\\\/translations\",\"https:\\\/\\\/www.fitday.com\\\/fitness\\\/forums\\\/members\\\/iwellguard.html\",\"https:\\\/\\\/www.mymeetbook.com\\\/iwellguard\",\"https:\\\/\\\/pxhere.com\\\/en\\\/photographer-me\\\/5040798\",\"https:\\\/\\\/disqus.com\\\/by\\\/iwellguard\\\/about\\\/\",\"https:\\\/\\\/pastelink.net\\\/hjwciqwq\",\"https:\\\/\\\/pubhtml5.com\\\/homepage\\\/scjhn\\\/\",\"https:\\\/\\\/www.bitchute.com\\\/channel\\\/2O2eOKzNqujT\",\"https:\\\/\\\/audiomack.com\\\/iwellguard\"]},{\"@type\":\"Article\",\"@id\":\"https:\\\/\\\/iwell-guard.com\\\/fi\\\/yer-sub-maan-ja-vedenhenki\\\/#article\",\"isPartOf\":{\"@id\":\"https:\\\/\\\/iwell-guard.com\\\/fi\\\/yer-sub-maan-ja-vedenhenki\\\/\"},\"author\":{\"name\":\"Ralf Ittermann\",\"@id\":\"https:\\\/\\\/iwell-guard.com\\\/fi\\\/#\\\/schema\\\/person\\\/ee2a27f1cac3406c7c6fb5820cb7349f\"},\"headline\":\"Yer-Sub \u2013 turkkilaisten maan- ja vedenhenki\",\"datePublished\":\"2026-09-03T12:33:12+00:00\",\"dateModified\":\"2026-09-03T12:53:42+00:00\",\"mainEntityOfPage\":{\"@id\":\"https:\\\/\\\/iwell-guard.com\\\/fi\\\/yer-sub-maan-ja-vedenhenki\\\/\"},\"publisher\":{\"@id\":\"https:\\\/\\\/iwell-guard.com\\\/fi\\\/#organization\"},\"image\":{\"@id\":\"https:\\\/\\\/iwell-guard.com\\\/fi\\\/yer-sub-maan-ja-vedenhenki\\\/#primaryimage\"},\"thumbnailUrl\":\"https:\\\/\\\/iwell-guard.com\\\/wp-content\\\/uploads\\\/2026\\\/05\\\/geister_sibirisch-tengrismus_yer-sub.webp\",\"inLanguage\":\"fi\",\"description\":\"Yer-Sub tarkoittaa muinaisturkkilaisessa tengrismiss\u00e4 maan ja veden pyh\u00e4\u00e4 voimaa. Uskontotieteellinen tarkastelu l\u00e4hteineen.\"}]}<\/script>\n<!-- \/ Yoast SEO Premium plugin. -->","yoast_head_json":{"title":"Yer-Sub \u2013 turkkilainen maan ja veden voima, myytti ja l\u00e4hteet","description":"Yer-Sub tarkoittaa muinaisturkkilaisessa tengrismiss\u00e4 maan ja veden pyh\u00e4\u00e4 voimaa. Uskontotieteellinen tarkastelu l\u00e4hteineen.","robots":{"index":"index","follow":"follow","max-snippet":"max-snippet:-1","max-image-preview":"max-image-preview:large","max-video-preview":"max-video-preview:-1"},"canonical":"https:\/\/iwell-guard.com\/fi\/yer-sub-maan-ja-vedenhenki\/","og_locale":"fi_FI","og_type":"article","og_title":"Yer-Sub \u2013 turkkilaisten maan- ja vedenhenki","og_description":"Yer-Sub tarkoittaa muinaisturkkilaisessa tengrismiss\u00e4 maan ja veden pyh\u00e4\u00e4 voimaa. Uskontotieteellinen tarkastelu l\u00e4hteineen.","og_url":"https:\/\/iwell-guard.com\/fi\/yer-sub-maan-ja-vedenhenki\/","og_site_name":"iWell Guard","article_modified_time":"2026-09-03T12:53:42+00:00","og_image":[{"width":1024,"height":1536,"url":"https:\/\/iwell-guard.com\/wp-content\/uploads\/2026\/05\/geister_sibirisch-tengrismus_yer-sub.webp","type":"image\/webp"}],"twitter_card":"summary_large_image","schema":{"@context":"https:\/\/schema.org","@graph":[{"@type":"Article","@id":"https:\/\/iwell-guard.com\/fi\/yer-sub-maan-ja-vedenhenki\/#article","isPartOf":{"@id":"https:\/\/iwell-guard.com\/fi\/yer-sub-maan-ja-vedenhenki\/"},"author":{"name":"Ralf Ittermann","@id":"https:\/\/iwell-guard.com\/fi\/#\/schema\/person\/ee2a27f1cac3406c7c6fb5820cb7349f"},"headline":"Yer-Sub \u2013 turkkilaisten maan- ja vedenhenki","datePublished":"2026-09-03T12:33:12+00:00","dateModified":"2026-09-03T12:53:42+00:00","mainEntityOfPage":{"@id":"https:\/\/iwell-guard.com\/fi\/yer-sub-maan-ja-vedenhenki\/"},"publisher":{"@id":"https:\/\/iwell-guard.com\/fi\/#organization"},"image":{"@id":"https:\/\/iwell-guard.com\/fi\/yer-sub-maan-ja-vedenhenki\/#primaryimage"},"thumbnailUrl":"https:\/\/iwell-guard.com\/wp-content\/uploads\/2026\/05\/geister_sibirisch-tengrismus_yer-sub.webp","inLanguage":"fi","description":"Yer-Sub tarkoittaa muinaisturkkilaisessa tengrismiss\u00e4 maan ja veden pyh\u00e4\u00e4 voimaa. Uskontotieteellinen tarkastelu l\u00e4hteineen."},{"@type":"WebPage","@id":"https:\/\/iwell-guard.com\/fi\/yer-sub-maan-ja-vedenhenki\/","url":"https:\/\/iwell-guard.com\/fi\/yer-sub-maan-ja-vedenhenki\/","name":"Yer-Sub \u2013 turkkilainen maan ja veden voima, myytti ja l\u00e4hteet","isPartOf":{"@id":"https:\/\/iwell-guard.com\/fi\/#website"},"primaryImageOfPage":{"@id":"https:\/\/iwell-guard.com\/fi\/yer-sub-maan-ja-vedenhenki\/#primaryimage"},"image":{"@id":"https:\/\/iwell-guard.com\/fi\/yer-sub-maan-ja-vedenhenki\/#primaryimage"},"thumbnailUrl":"https:\/\/iwell-guard.com\/wp-content\/uploads\/2026\/05\/geister_sibirisch-tengrismus_yer-sub.webp","datePublished":"2026-09-03T12:33:12+00:00","dateModified":"2026-09-03T12:53:42+00:00","description":"Yer-Sub tarkoittaa muinaisturkkilaisessa tengrismiss\u00e4 maan ja veden pyh\u00e4\u00e4 voimaa. Uskontotieteellinen tarkastelu l\u00e4hteineen.","breadcrumb":{"@id":"https:\/\/iwell-guard.com\/fi\/yer-sub-maan-ja-vedenhenki\/#breadcrumb"},"inLanguage":"fi","potentialAction":[{"@type":"ReadAction","target":["https:\/\/iwell-guard.com\/fi\/yer-sub-maan-ja-vedenhenki\/"]}]},{"@type":"ImageObject","inLanguage":"fi","@id":"https:\/\/iwell-guard.com\/fi\/yer-sub-maan-ja-vedenhenki\/#primaryimage","url":"https:\/\/iwell-guard.com\/wp-content\/uploads\/2026\/05\/geister_sibirisch-tengrismus_yer-sub.webp","contentUrl":"https:\/\/iwell-guard.com\/wp-content\/uploads\/2026\/05\/geister_sibirisch-tengrismus_yer-sub.webp","width":1024,"height":1536,"caption":"Henki\u00e4 siperialais-tengril\u00e4isest\u00e4 perinteest\u00e4."},{"@type":"BreadcrumbList","@id":"https:\/\/iwell-guard.com\/fi\/yer-sub-maan-ja-vedenhenki\/#breadcrumb","itemListElement":[{"@type":"ListItem","position":1,"name":"Start","item":"https:\/\/iwell-guard.com\/fi\/?page_id=143815"},{"@type":"ListItem","position":2,"name":"Yer-Sub \u2013 turkkilaisten maan- ja vedenhenki"}]},{"@type":"WebSite","@id":"https:\/\/iwell-guard.com\/fi\/#website","url":"https:\/\/iwell-guard.com\/fi\/","name":"iWell Guard","description":"Schutz vor dunklen Einfl\u00fcssen","publisher":{"@id":"https:\/\/iwell-guard.com\/fi\/#organization"},"potentialAction":[{"@type":"SearchAction","target":{"@type":"EntryPoint","urlTemplate":"https:\/\/iwell-guard.com\/fi\/?s={search_term_string}"},"query-input":{"@type":"PropertyValueSpecification","valueRequired":true,"valueName":"search_term_string"}}],"inLanguage":"fi"},{"@type":"Organization","@id":"https:\/\/iwell-guard.com\/fi\/#organization","name":"Ittermann electronic GmbH","url":"https:\/\/iwell-guard.com\/fi\/","logo":{"@type":"ImageObject","inLanguage":"fi","@id":"https:\/\/iwell-guard.com\/fi\/#\/schema\/logo\/image\/","url":"https:\/\/iwell-guard.com\/wp-content\/uploads\/2026\/05\/Ittermann-Logo-1182x237-1.png","contentUrl":"https:\/\/iwell-guard.com\/wp-content\/uploads\/2026\/05\/Ittermann-Logo-1182x237-1.png","width":1182,"height":237,"caption":"Ittermann electronic GmbH"},"image":{"@id":"https:\/\/iwell-guard.com\/fi\/#\/schema\/logo\/image\/"},"sameAs":["https:\/\/pantip.com\/profile\/9367242","https:\/\/micro.blog\/iwellguard","https:\/\/www.diggerslist.com\/iwellguard\/about","https:\/\/skitterphoto.com\/photographers\/2870314\/iwell-guard","https:\/\/iwellguard.wordpress.com\/2026\/06\/06\/iwell-guard\/","https:\/\/hub.docker.com\/u\/iwellguard","https:\/\/www.pinterest.com\/iwellguard\/","https:\/\/bit.ly\/m\/iwellguard","https:\/\/entre-vos-mains.alsace.eu\/profiles\/iwellguard\/activity","https:\/\/gravatar.com\/reallybeded8fd34","https:\/\/naijamatta.com\/iwellguard","https:\/\/www.goodreads.com\/iwellguard","https:\/\/profile.hatena.ne.jp\/iwellguard\/","https:\/\/experiment.com\/users\/iwellguard","https:\/\/wakelet.com\/@iWellGuard82270","https:\/\/www.chordie.com\/forum\/profile.php?id=2555664","https:\/\/www.instapaper.com\/p\/17757966","https:\/\/www.mapleprimes.com\/users\/iwellguard","https:\/\/businesslistingplus.com\/profile\/iwell-guard\/","https:\/\/telegra.ph\/iWell-Guard-06-06","https:\/\/pbase.com\/iwellguard\/iwellguard","https:\/\/b.hatena.ne.jp\/iwellguard\/20260607#bookmark-4788405196491818882","https:\/\/fliphtml5.com\/home\/iwellguard","https:\/\/anyflip.com\/homepage\/cmiwl#About","https:\/\/transfur.com\/Users\/iwellguard","http:\/\/delphi.larsbo.org\/user\/iwellguard","https:\/\/jobs.lajobsportal.org\/profiles\/8380803-iwell-guard","https:\/\/md.chaosdorf.de\/s\/jfbe5SBdJD","https:\/\/www.lingvolive.com\/en-us\/profile\/9ecaeaca-ce11-4e51-9e71-01d55e2bff36\/translations","https:\/\/www.fitday.com\/fitness\/forums\/members\/iwellguard.html","https:\/\/www.mymeetbook.com\/iwellguard","https:\/\/pxhere.com\/en\/photographer-me\/5040798","https:\/\/disqus.com\/by\/iwellguard\/about\/","https:\/\/pastelink.net\/hjwciqwq","https:\/\/pubhtml5.com\/homepage\/scjhn\/","https:\/\/www.bitchute.com\/channel\/2O2eOKzNqujT","https:\/\/audiomack.com\/iwellguard"]},{"@type":"Person","@id":"https:\/\/iwell-guard.com\/fi\/#\/schema\/person\/ee2a27f1cac3406c7c6fb5820cb7349f","name":"Ralf Ittermann","image":{"@type":"ImageObject","inLanguage":"fi","@id":"https:\/\/secure.gravatar.com\/avatar\/073c0153e350a5005b68eb752b445fea71f6b24a26da9449ad7e155e6b446c9d?s=96&d=mm&r=g","url":"https:\/\/secure.gravatar.com\/avatar\/073c0153e350a5005b68eb752b445fea71f6b24a26da9449ad7e155e6b446c9d?s=96&d=mm&r=g","contentUrl":"https:\/\/secure.gravatar.com\/avatar\/073c0153e350a5005b68eb752b445fea71f6b24a26da9449ad7e155e6b446c9d?s=96&d=mm&r=g","caption":"Ralf Ittermann"},"givenName":"Ralf","familyName":"Ittermann","jobTitle":"Gesch\u00e4ftsf\u00fchrer und redaktioneller Verantwortlicher","url":"https:\/\/iwell-guard.com\/fi\/author\/claude\/","description":"Ralf Ittermann ist Gesch\u00e4ftsf\u00fchrer der Ittermann electronic GmbH und redaktioneller Verantwortlicher des iWell-Guard-Lexikons. Er verbindet langj\u00e4hrige Erfahrung in der Pr\u00e4zisionsfertigung mit medialer Praxis und religionsgeschichtlicher Quellenarbeit.","worksFor":{"@type":"Organization","name":"Ittermann electronic GmbH","url":"https:\/\/ittermann.de\/","address":{"@type":"PostalAddress","streetAddress":"K\u00f6hlergasse 16-18","postalCode":"99842","addressLocality":"Ruhla","addressCountry":"DE"}},"knowsAbout":["Religionsgeschichte","Mythologie","Mediale Praxis","Energetische Diagnostik","Schutzpraxis","Volksglauben","Westliche Esoterik"]},{"@type":"Article","@id":"https:\/\/iwell-guard.com\/fi\/yer-sub-maan-ja-vedenhenki\/#article","isPartOf":{"@id":"https:\/\/iwell-guard.com\/fi\/yer-sub-maan-ja-vedenhenki\/"},"author":{"name":"Ralf Ittermann","@id":"https:\/\/iwell-guard.com\/fi\/#\/schema\/person\/ee2a27f1cac3406c7c6fb5820cb7349f"},"headline":"Yer-Sub \u2013 turkkilaisten maan- ja vedenhenki","datePublished":"2026-09-03T12:33:12+00:00","dateModified":"2026-09-03T12:53:42+00:00","mainEntityOfPage":{"@id":"https:\/\/iwell-guard.com\/fi\/yer-sub-maan-ja-vedenhenki\/"},"publisher":{"@id":"https:\/\/iwell-guard.com\/fi\/#organization"},"image":{"@id":"https:\/\/iwell-guard.com\/fi\/yer-sub-maan-ja-vedenhenki\/#primaryimage"},"thumbnailUrl":"https:\/\/iwell-guard.com\/wp-content\/uploads\/2026\/05\/geister_sibirisch-tengrismus_yer-sub.webp","inLanguage":"fi","description":"Yer-Sub tarkoittaa muinaisturkkilaisessa tengrismiss\u00e4 maan ja veden pyh\u00e4\u00e4 voimaa. Uskontotieteellinen tarkastelu l\u00e4hteineen."}]}},"_links":{"self":[{"href":"https:\/\/iwell-guard.com\/fi\/wp-json\/wp\/v2\/pages\/144218","targetHints":{"allow":["GET"]}}],"collection":[{"href":"https:\/\/iwell-guard.com\/fi\/wp-json\/wp\/v2\/pages"}],"about":[{"href":"https:\/\/iwell-guard.com\/fi\/wp-json\/wp\/v2\/types\/page"}],"author":[{"embeddable":true,"href":"https:\/\/iwell-guard.com\/fi\/wp-json\/wp\/v2\/users\/3"}],"replies":[{"embeddable":true,"href":"https:\/\/iwell-guard.com\/fi\/wp-json\/wp\/v2\/comments?post=144218"}],"version-history":[{"count":0,"href":"https:\/\/iwell-guard.com\/fi\/wp-json\/wp\/v2\/pages\/144218\/revisions"}],"wp:featuredmedia":[{"embeddable":true,"href":"https:\/\/iwell-guard.com\/fi\/wp-json\/wp\/v2\/media\/2856"}],"wp:attachment":[{"href":"https:\/\/iwell-guard.com\/fi\/wp-json\/wp\/v2\/media?parent=144218"}],"wp:term":[{"taxonomy":"category","embeddable":true,"href":"https:\/\/iwell-guard.com\/fi\/wp-json\/wp\/v2\/categories?post=144218"}],"curies":[{"name":"wp","href":"https:\/\/api.w.org\/{rel}","templated":true}]}}